{"id":948,"date":"2016-10-17T20:53:11","date_gmt":"2016-10-17T20:53:11","guid":{"rendered":"http:\/\/www.ahnenforschung-jackmuth.de\/?page_id=948"},"modified":"2016-10-20T19:09:40","modified_gmt":"2016-10-20T19:09:40","slug":"3-sitzung-30-mai-1726","status":"publish","type":"page","link":"https:\/\/www.ahnenforschung-jackmuth.de\/?page_id=948","title":{"rendered":"3. Sitzung: 30. Mai 1726"},"content":{"rendered":"<p style=\"text-align: justify;\">In der 3. Sitzung vom 30. Mai 1726 sind anwesend der Amtschulthei\u00df Johannes <i>Berndt<\/i> und alle Sch\u00f6ffen au\u00dfer Wilhelm Auster. Weitere Funktionen werden besetzt: Nikolaus <i>Qu\u00e4rni <\/i>zu Fachbach wird einstimmig zum B\u00fcrgermeister bestimmt, Christian Buchholz zu Nievern zum Kirchenmeister, Gerhard <i>Christian <\/i>[auch: <i>Christgen<\/i>] und Peter <i>Wagener <\/i>zu Sch\u00fctzen in Nievern, Johannes <i>Oppenhau\u00dfer <\/i>jun. und <i>Christophilus Derren<\/i> sen. [auch: Christoph <i>Dern<\/i>] zu Sch\u00fctzen in Fachbach und Johannes <i>Leonardt <\/i>[auch: <i>Lenert<\/i>] zum Sch\u00fctzen in Miellen und Valentin Weiskopf und Michel Schleimer zu Vorsprechern. Nach der Schulthei\u00dfenordnung des Damian von der Leyen erfolgt die Bestimmung des B\u00fcrgermeisters (Heimburgers), der Geschworenen und der Sch\u00fctzen jedes Jahr auf Christi Himmelfahrt, hier: 30.05.1726.<\/p>\n<hr \/>\n<p align=\"CENTER\"><em><b>Donerstag, den 30ten Maii 1726<\/b><\/em><\/p>\n<p style=\"text-align: justify;\"><em>Praesentibus H[er]r Ambtsschulthei\u00df Johane\u00df Berndt et omnibus scabinis excepto Wilhelmo Auster.<\/em><\/p>\n<p style=\"text-align: justify;\"><em>Ist von gantzem Gericht per unanimia vota zum B\u00fcrgermeister denominirt, elegirt und erkie\u00dfen worden Nicolaus Qu\u00e4rni zu Fachbach, der Geschwohrne Johanne\u00df Bernardt zu Niebern, <\/em>[fol. 4r*]<em> Kirchenmeister Christian Buchholtz zu Niebern, Sch\u00fctzen zu Nieberen Gerhardus Christian vndt Peter Wagener, Sch\u00fctzen zu Fachbach Johanne\u00df Oppenhau\u00dfer junior, Christophilus Derren der Alte oder senior, Sch\u00fctzen zu M\u00fcllen Johanne\u00df Leonardt, zum Vorsprecherer Valentin Weiskopf undt Michell Schleimer.<\/em><\/p>\n<p><em>Freytags, den 31ten Maii 1726 seindt die Sch\u00fctzen in judicio mit dem Sch\u00fctzenaydt belegt worden, wie dan auch der Burgermeister, Kirchenmeister (\u2026) erinnert worden.<\/em><\/p>\n<hr \/>\n<p><span style=\"font-size: small;\"><b>Letztes Update: Oktober 2016<\/b><\/span><br \/>\n<span style=\"font-size: small;\"><b>Ralph Jackmuth<\/b><\/span><\/p>\n","protected":false},"excerpt":{"rendered":"<p>In der 3. Sitzung vom 30. Mai 1726 sind anwesend der Amtschulthei\u00df Johannes Berndt und alle Sch\u00f6ffen au\u00dfer Wilhelm Auster. Weitere Funktionen werden besetzt: Nikolaus Qu\u00e4rni zu Fachbach wird einstimmig zum B\u00fcrgermeister bestimmt, Christian Buchholz zu Nievern zum Kirchenmeister, Gerhard Christian [auch: Christgen] und Peter Wagener zu Sch\u00fctzen in Nievern, Johannes Oppenhau\u00dfer jun. und Christophilus &hellip; <a href=\"https:\/\/www.ahnenforschung-jackmuth.de\/?page_id=948\" class=\"more-link\"><span class=\"screen-reader-text\">\u201e3. Sitzung: 30. Mai 1726\u201c<\/span> weiterlesen<\/a><\/p>\n","protected":false},"author":1,"featured_media":0,"parent":0,"menu_order":0,"comment_status":"closed","ping_status":"closed","template":"","meta":{"footnotes":""},"class_list":["post-948","page","type-page","status-publish","hentry"],"_links":{"self":[{"href":"https:\/\/www.ahnenforschung-jackmuth.de\/index.php?rest_route=\/wp\/v2\/pages\/948","targetHints":{"allow":["GET"]}}],"collection":[{"href":"https:\/\/www.ahnenforschung-jackmuth.de\/index.php?rest_route=\/wp\/v2\/pages"}],"about":[{"href":"https:\/\/www.ahnenforschung-jackmuth.de\/index.php?rest_route=\/wp\/v2\/types\/page"}],"author":[{"embeddable":true,"href":"https:\/\/www.ahnenforschung-jackmuth.de\/index.php?rest_route=\/wp\/v2\/users\/1"}],"replies":[{"embeddable":true,"href":"https:\/\/www.ahnenforschung-jackmuth.de\/index.php?rest_route=%2Fwp%2Fv2%2Fcomments&post=948"}],"version-history":[{"count":0,"href":"https:\/\/www.ahnenforschung-jackmuth.de\/index.php?rest_route=\/wp\/v2\/pages\/948\/revisions"}],"wp:attachment":[{"href":"https:\/\/www.ahnenforschung-jackmuth.de\/index.php?rest_route=%2Fwp%2Fv2%2Fmedia&parent=948"}],"curies":[{"name":"wp","href":"https:\/\/api.w.org\/{rel}","templated":true}]}}