{"id":9289,"date":"2021-12-14T09:57:04","date_gmt":"2021-12-14T09:57:04","guid":{"rendered":"http:\/\/www.ahnenforschung-jackmuth.de\/?page_id=9289"},"modified":"2024-06-09T08:38:45","modified_gmt":"2024-06-09T08:38:45","slug":"ofb-niederbachheim-m-z","status":"publish","type":"page","link":"https:\/\/www.ahnenforschung-jackmuth.de\/?page_id=9289","title":{"rendered":"OFB Niederbachheim M-Z"},"content":{"rendered":"<p><span style=\"font-family: times new roman, times, serif; font-size: 10pt;\"><span style=\"color: #ff0000;\"><strong><u><a id=\"martin\"><\/a>Martin<\/u>, Johannes: <\/strong><\/span>+ vor 18.04.1702<\/span><\/p>\n<p><span style=\"font-family: times new roman, times, serif; font-size: 10pt;\"><strong>oo I.<\/strong> mit <strong>Anna Katharina:<\/strong> bg. 01.04.1676 Niederbachheim, 35 Jahre alt<\/span><\/p>\n<table style=\"width: 100%; height: 140px;\">\n<tbody>\n<tr style=\"height: 28px;\">\n<td style=\"text-align: center; height: 28px;\" width=\"29\"><span style=\"font-family: times new roman, times, serif; font-size: 10pt;\"><strong>Nr.<\/strong><\/span><\/td>\n<td style=\"height: 28px;\" width=\"136\"><span style=\"font-family: times new roman, times, serif; font-size: 10pt;\"><strong>Vorname (normiert)<\/strong><\/span><\/td>\n<td style=\"text-align: center; height: 28px;\" width=\"65\"><span style=\"font-family: times new roman, times, serif; font-size: 10pt;\"><strong>geboren<\/strong><\/span><\/td>\n<td style=\"text-align: center; height: 28px;\" width=\"76\"><span style=\"font-family: times new roman, times, serif; font-size: 10pt;\"><strong>getauft<\/strong><\/span><\/td>\n<td style=\"text-align: center; height: 28px;\" width=\"69\"><span style=\"font-family: times new roman, times, serif; font-size: 10pt;\"><strong>konfirmiert<\/strong><\/span><\/td>\n<td style=\"text-align: center; height: 28px;\" width=\"67\"><span style=\"font-family: times new roman, times, serif; font-size: 10pt;\"><strong>gestorben<\/strong><\/span><\/td>\n<td style=\"text-align: center; height: 28px;\" width=\"76\"><span style=\"font-family: times new roman, times, serif; font-size: 10pt;\"><strong>begraben<\/strong><\/span><\/td>\n<td style=\"text-align: center; height: 28px;\" width=\"41\"><span style=\"font-family: times new roman, times, serif; font-size: 10pt;\"><strong>Alter<\/strong><\/span><\/td>\n<td style=\"text-align: center; height: 28px;\" width=\"47\"><span style=\"font-family: times new roman, times, serif; font-size: 10pt;\"><strong>Stand<\/strong><\/span><\/td>\n<\/tr>\n<tr style=\"height: 28px;\">\n<td style=\"text-align: center; height: 28px;\" width=\"29\"><span style=\"font-family: times new roman, times, serif; font-size: 10pt;\">1<\/span><\/td>\n<td style=\"height: 28px;\" width=\"136\"><span style=\"font-family: times new roman, times, serif; font-size: 10pt;\">Eva Margaretha<\/span><\/td>\n<td style=\"text-align: center; height: 28px;\" width=\"65\"><\/td>\n<td style=\"text-align: center; height: 28px;\" width=\"76\"><span style=\"font-family: times new roman, times, serif; font-size: 10pt;\">14.10.1666<\/span><\/td>\n<td style=\"text-align: center; height: 28px;\" width=\"69\"><\/td>\n<td style=\"text-align: center; height: 28px;\" width=\"67\"><\/td>\n<td style=\"text-align: center; height: 28px;\" width=\"76\"><\/td>\n<td style=\"text-align: center; height: 28px;\" width=\"41\"><\/td>\n<td style=\"text-align: center; height: 28px;\" width=\"47\"><\/td>\n<\/tr>\n<tr style=\"height: 28px;\">\n<td style=\"text-align: center; height: 28px;\"><span style=\"font-family: times new roman, times, serif; font-size: 10pt;\">2<\/span><\/td>\n<td style=\"height: 28px;\"><span style=\"font-family: times new roman, times, serif; font-size: 10pt;\">Elisabeth Katharina<\/span><\/td>\n<td style=\"text-align: center; height: 28px;\"><\/td>\n<td style=\"text-align: center; height: 28px;\"><span style=\"font-family: times new roman, times, serif; font-size: 10pt;\">25.10.1668<\/span><\/td>\n<td style=\"text-align: center; height: 28px;\"><\/td>\n<td style=\"text-align: center; height: 28px;\"><\/td>\n<td style=\"text-align: center; height: 28px;\"><span style=\"font-family: times new roman, times, serif; font-size: 10pt;\">15.10.1673<\/span><\/td>\n<td style=\"text-align: center; height: 28px;\"><span style=\"font-family: times new roman, times, serif; font-size: 10pt;\">4,98<\/span><\/td>\n<td style=\"text-align: center; height: 28px;\"><\/td>\n<\/tr>\n<tr style=\"height: 28px;\">\n<td style=\"text-align: center; height: 28px;\"><span style=\"font-family: times new roman, times, serif; font-size: 10pt;\">3<\/span><\/td>\n<td style=\"height: 28px;\"><span style=\"font-family: times new roman, times, serif; font-size: 10pt;\">Maria Dorothea<\/span><\/td>\n<td style=\"text-align: center; height: 28px;\"><\/td>\n<td style=\"text-align: center; height: 28px;\"><span style=\"font-family: times new roman, times, serif; font-size: 10pt;\">09.10.1670<\/span><\/td>\n<td style=\"text-align: center; height: 28px;\"><\/td>\n<td style=\"text-align: center; height: 28px;\"><\/td>\n<td style=\"text-align: center; height: 28px;\"><\/td>\n<td style=\"text-align: center; height: 28px;\"><\/td>\n<td style=\"text-align: center; height: 28px;\"><span style=\"font-family: times new roman, times, serif; font-size: 10pt;\">verh.<\/span><\/td>\n<\/tr>\n<tr style=\"height: 28px;\">\n<td style=\"text-align: center; height: 28px;\"><span style=\"font-family: times new roman, times, serif; font-size: 10pt;\">4<\/span><\/td>\n<td style=\"height: 28px;\"><span style=\"font-family: times new roman, times, serif; font-size: 10pt;\">Anna Magdalena<\/span><\/td>\n<td style=\"text-align: center; height: 28px;\"><\/td>\n<td style=\"text-align: center; height: 28px;\"><\/td>\n<td style=\"text-align: center; height: 28px;\"><\/td>\n<td style=\"text-align: center; height: 28px;\"><\/td>\n<td style=\"text-align: center; height: 28px;\"><span style=\"font-family: times new roman, times, serif; font-size: 10pt;\">13.02.1675<\/span><\/td>\n<td style=\"text-align: center; height: 28px;\"><\/td>\n<td style=\"text-align: center; height: 28px;\"><\/td>\n<\/tr>\n<\/tbody>\n<\/table>\n<p><span style=\"font-family: times new roman, times, serif; font-size: 10pt;\">Kind Nr. 3) oo 18.04.1702 Niederbachheim mit Simon, Sohn des Peter Th\u00f6nges aus Eitelborn (VG Montabaur, damals Kurtrier)<br \/>\n<\/span><span style=\"font-family: times new roman, times, serif; font-size: 10pt;\">Kind Nr. 4) T\u00f6chterlein; + an den Blattern<\/span><\/p>\n<p><span style=\"font-family: times new roman, times, serif; font-size: 10pt;\"><strong>Eintragstexte:<\/strong><\/span><\/p>\n<p style=\"text-align: justify;\"><span style=\"font-family: times new roman, times, serif; font-size: 10pt;\"><strong>zu 1)<\/strong> <em>Den 14ten [Octo]bris, Dom[inica] 18 post Trinitat[is] hat Johannes Martin[us] zu Niederbacheim eine junge Tochter tauffen la\u00dfen. Gevattern sind gewe\u00dfen: Anna Margretha, Johann Adam Schmieds zu N[ieder]bacheim hinderla\u00dfene Wittib; Eva, Conradt Leinwebers hinderla\u00dfene Tochter ibidem; A\u00dfmu\u00df, Joa[nn]es Gerharden Sohn von Kehlbach; vnd sein Bruder Dieterich Martin[us] von Singhoffen. Ihr Nahm ist Eva Margretha.<\/em><\/span><\/p>\n<p style=\"text-align: justify;\"><span style=\"font-family: times new roman, times, serif; font-size: 10pt;\"><strong>zu 2)<\/strong> <em>Den 25 [Octo]bris, Dom[inica] 23 post Trinitatis, hat Joa[nn]es Martin[us] allhier zu Niederbacheim eine junge Tochter taufen la\u00dfen. Gevattern sind gewe\u00dfen: Elisabetha, Conradt Leinwebers hinderla\u00dfene Wittib al\u00df Steinische Hoffraw in N[ieder]bacheim; Anna Catharina K\u00f6hlerin von Singhoffen; v[nd] A\u00dfmus L\u00fctzenb\u00fcrger von Eher,. Ihr Nahm ist Elisabetha Catharina.<\/em><\/span><\/p>\n<p style=\"text-align: justify;\"><span style=\"font-family: times new roman, times, serif; font-size: 10pt;\"><strong>zu 3)<\/strong> <em>Den 9ten [Octo]bris, Dom[inica] 19 post Trin[itatis], hat Jo[ann]es Martin[us] allhier eine junge Tochter tauffen la\u00dfen. Gevattern sind gewe\u00dfen: Anna Dorothea, Jo[ann]is Th\u00f6nges Gerhardt H[aus]fraw von Singhoffen; Anna Maria, Jo[ann]is Winterwerbers H[aus]fraw von Oberbacheim; vnd Gottfried Rhodt allhier. Ihr Nahm ist Maria Dorothea.<\/em><\/span><\/p>\n<p style=\"text-align: justify;\"><span style=\"font-family: times new roman, times, serif; font-size: 10pt;\"><strong>oo II.<\/strong> <strong>04.07.1676 Niederbachheim<\/strong> mit <strong><u>Zimmerschied<\/u>, Elisabeth Katharina:<\/strong> Tochter des Theis Zimmerschied aus Todenfeld (Rheinbach, Rhein-Sieg-Kreis)<\/span><\/p>\n<table>\n<tbody>\n<tr>\n<td style=\"text-align: center;\" width=\"29\"><span style=\"font-family: times new roman, times, serif; font-size: 10pt;\"><strong>Nr.<\/strong><\/span><\/td>\n<td width=\"133\"><span style=\"font-family: times new roman, times, serif; font-size: 10pt;\"><strong>Vorname (normiert)<\/strong><\/span><\/td>\n<td style=\"text-align: center;\" width=\"76\"><span style=\"font-family: times new roman, times, serif; font-size: 10pt;\"><strong>geboren<\/strong><\/span><\/td>\n<td style=\"text-align: center;\" width=\"76\"><span style=\"font-family: times new roman, times, serif; font-size: 10pt;\"><strong>getauft<\/strong><\/span><\/td>\n<td style=\"text-align: center;\" width=\"69\"><span style=\"font-family: times new roman, times, serif; font-size: 10pt;\"><strong>konfirmiert<\/strong><\/span><\/td>\n<td style=\"text-align: center;\" width=\"64\"><span style=\"font-family: times new roman, times, serif; font-size: 10pt;\"><strong>gestorben<\/strong><\/span><\/td>\n<td style=\"text-align: center;\" width=\"76\"><span style=\"font-family: times new roman, times, serif; font-size: 10pt;\"><strong>begraben<\/strong><\/span><\/td>\n<td style=\"text-align: center;\" width=\"40\"><span style=\"font-family: times new roman, times, serif; font-size: 10pt;\"><strong>Alter<\/strong><\/span><\/td>\n<td style=\"text-align: center;\" width=\"41\"><span style=\"font-family: times new roman, times, serif; font-size: 10pt;\"><strong>Stand<\/strong><\/span><\/td>\n<\/tr>\n<tr>\n<td style=\"text-align: center;\" width=\"29\"><span style=\"font-family: times new roman, times, serif; font-size: 10pt;\">1<\/span><\/td>\n<td width=\"133\"><span style=\"font-family: times new roman, times, serif; font-size: 10pt;\">Anna Merga<\/span><\/td>\n<td style=\"text-align: center;\" width=\"76\"><span style=\"font-family: times new roman, times, serif; font-size: 10pt;\">19.03.1678<\/span><\/td>\n<td style=\"text-align: center;\" width=\"76\"><span style=\"font-family: times new roman, times, serif; font-size: 10pt;\">02.04.1678<\/span><\/td>\n<td style=\"text-align: center;\" width=\"69\"><\/td>\n<td style=\"text-align: center;\" width=\"64\"><\/td>\n<td style=\"text-align: center;\" width=\"76\"><span style=\"font-family: times new roman, times, serif; font-size: 10pt;\">15.08.1678<\/span><\/td>\n<td style=\"text-align: center;\" width=\"40\"><span style=\"font-family: times new roman, times, serif; font-size: 10pt;\">0,37<\/span><\/td>\n<td style=\"text-align: center;\" width=\"41\"><\/td>\n<\/tr>\n<tr>\n<td style=\"text-align: center;\"><span style=\"font-family: times new roman, times, serif; font-size: 10pt;\">2<\/span><\/td>\n<td><span style=\"font-family: times new roman, times, serif; font-size: 10pt;\">Anna Margaretha<\/span><\/td>\n<td style=\"text-align: center;\"><span style=\"font-family: times new roman, times, serif; font-size: 10pt;\">25.06.1679<\/span><\/td>\n<td style=\"text-align: center;\"><span style=\"font-family: times new roman, times, serif; font-size: 10pt;\">29.06.1679<\/span><\/td>\n<td style=\"text-align: center;\"><\/td>\n<td style=\"text-align: center;\"><\/td>\n<td style=\"text-align: center;\"><\/td>\n<td style=\"text-align: center;\"><\/td>\n<td style=\"text-align: center;\"><\/td>\n<\/tr>\n<\/tbody>\n<\/table>\n<p><span style=\"font-family: times new roman, times, serif; font-size: 10pt;\"><strong>Eintragstexte:<\/strong><\/span><\/p>\n<p style=\"text-align: justify;\"><span style=\"font-family: times new roman, times, serif; font-size: 10pt;\"><strong>zu 1)<\/strong> <em>Den 19 Martij ist Johannes Martinj de\u00df Nachts zwischen 11 vnd 12 Vhrn allhier eine junge Tochter geboren vnd den 2 Aprilis vff Osterdienstag getauft worden. Gev. sind gewe\u00dfen: Matth\u00e6[us] Martinj, sein Bruder; Anna, damahls vff Rheinfel\u00df dienent; v[nd] Merga, Peter Leinwebers H[aus]fraw allhier im Steinischen Hoff. Ihr Nahm ist Anna Merga.<\/em><\/span><\/p>\n<p style=\"text-align: justify;\"><span style=\"font-family: times new roman, times, serif; font-size: 10pt;\"><strong>zu 2)<\/strong> <em>Johann Martinj filiola nata die 25 Junij, circa horam 9 matut[inam], &amp; baptizata die 29 ejusd. mensis, Dom[inica] 2 post Trin[itatis]. Pro qva fide jubebant Anna Apollonia, A\u00dfmu\u00df Gerhards uxor de D\u00f6rnholtzhau\u00dfen; Johann Anthoni[us], Johannis Winterwerbers, pr\u00e6toris Hassiaci, fili[us] de Oberbacheim; vnd Margretha, Anthonj Diefri\u00df, bubulci, uxor ibidem. Dicta Anna Margretha.<\/em><\/span><\/p>\n<hr \/>\n<p><span style=\"font-family: times new roman, times, serif; font-size: 10pt;\"><span style=\"color: #ff0000;\"><strong><u>May<\/u><\/strong><strong>, Johann Philipp:<\/strong><\/span>Hubensch\u00f6ffe und Almosenopfleger; * Kehlbach; gt. 27.03.1670 Niederbachheim; konf. 27.05.1683; Eltern: Johann Anton May und Anna Kunigunde geb. Sommer<\/span><\/p>\n<p style=\"text-align: justify;\"><span style=\"font-family: times new roman, times, serif; font-size: 10pt;\"><strong>oo I. 05.06.1694 Niederbachheim <\/strong>mit <strong><u>Bachumb<\/u>, Elisabeth Katharina:<\/strong> * 10.12.1671 Niederbachheim (gt. 17.12.); konf. 18.05.1684; bg. 25.05.1707; Eltern: Johann Kaspar Bachumb und Anna Margaretha<\/span><\/p>\n<table>\n<tbody>\n<tr>\n<td style=\"text-align: center;\" width=\"28\"><span style=\"font-family: times new roman, times, serif; font-size: 10pt;\"><strong>Nr.<\/strong><\/span><\/td>\n<td width=\"130\"><span style=\"font-family: times new roman, times, serif; font-size: 10pt;\"><strong>Vorname (normiert)<\/strong><\/span><\/td>\n<td style=\"text-align: center;\" width=\"75\"><span style=\"font-family: times new roman, times, serif; font-size: 10pt;\"><strong>geboren<\/strong><\/span><\/td>\n<td style=\"text-align: center;\" width=\"75\"><span style=\"font-family: times new roman, times, serif; font-size: 10pt;\"><strong>getauft<\/strong><\/span><\/td>\n<td style=\"text-align: center;\" width=\"76\"><span style=\"font-family: times new roman, times, serif; font-size: 10pt;\"><strong>konfirmiert<\/strong><\/span><\/td>\n<td style=\"text-align: center;\" width=\"61\"><span style=\"font-family: times new roman, times, serif; font-size: 10pt;\"><strong>gestorben<\/strong><\/span><\/td>\n<td style=\"text-align: center;\" width=\"75\"><span style=\"font-family: times new roman, times, serif; font-size: 10pt;\"><strong>begraben<\/strong><\/span><\/td>\n<td style=\"text-align: center;\" width=\"39\"><span style=\"font-family: times new roman, times, serif; font-size: 10pt;\"><strong>Alter<\/strong><\/span><\/td>\n<td style=\"text-align: center;\" width=\"46\"><span style=\"font-family: times new roman, times, serif; font-size: 10pt;\"><strong>Stand<\/strong><\/span><\/td>\n<\/tr>\n<tr>\n<td style=\"text-align: center;\" width=\"28\"><span style=\"font-family: times new roman, times, serif; font-size: 10pt;\">1<\/span><\/td>\n<td width=\"130\"><span style=\"font-family: times new roman, times, serif; font-size: 10pt;\">Eva Margaretha<\/span><\/td>\n<td style=\"text-align: center;\" width=\"75\"><span style=\"font-family: times new roman, times, serif; font-size: 10pt;\">07.03.1695<\/span><\/td>\n<td style=\"text-align: center;\" width=\"75\"><span style=\"font-family: times new roman, times, serif; font-size: 10pt;\">07.03.1695<\/span><\/td>\n<td style=\"text-align: center;\" width=\"76\"><\/td>\n<td style=\"text-align: center;\" width=\"61\"><\/td>\n<td style=\"text-align: center;\" width=\"75\"><span style=\"font-family: times new roman, times, serif; font-size: 10pt;\">07.02.1698<\/span><\/td>\n<td style=\"text-align: center;\" width=\"39\"><span style=\"font-family: times new roman, times, serif; font-size: 10pt;\">2,93<\/span><\/td>\n<td style=\"text-align: center;\" width=\"46\"><\/td>\n<\/tr>\n<tr>\n<td style=\"text-align: center;\"><span style=\"font-family: times new roman, times, serif; font-size: 10pt;\">2<\/span><\/td>\n<td><span style=\"font-family: times new roman, times, serif; font-size: 10pt;\">Johann Daniel<\/span><\/td>\n<td style=\"text-align: center;\"><span style=\"font-family: times new roman, times, serif; font-size: 10pt;\">07.03.1695<\/span><\/td>\n<td style=\"text-align: center;\"><span style=\"font-family: times new roman, times, serif; font-size: 10pt;\">17.03.1695<\/span><\/td>\n<td style=\"text-align: center;\"><span style=\"font-family: times new roman, times, serif; font-size: 10pt;\">24.04.1707<\/span><\/td>\n<td style=\"text-align: center;\"><\/td>\n<td style=\"text-align: center;\"><\/td>\n<td style=\"text-align: center;\"><\/td>\n<td style=\"text-align: center;\"><span style=\"font-family: times new roman, times, serif; font-size: 10pt;\">verh.<\/span><\/td>\n<\/tr>\n<tr>\n<td style=\"text-align: center;\"><span style=\"font-family: times new roman, times, serif; font-size: 10pt;\">3<\/span><\/td>\n<td><span style=\"font-family: times new roman, times, serif; font-size: 10pt;\">Anna Christina<\/span><\/td>\n<td style=\"text-align: center;\"><span style=\"font-family: times new roman, times, serif; font-size: 10pt;\">02.01.1698<\/span><\/td>\n<td style=\"text-align: center;\"><span style=\"font-family: times new roman, times, serif; font-size: 10pt;\">09.01.1698<\/span><\/td>\n<td style=\"text-align: center;\"><span style=\"font-family: times new roman, times, serif; font-size: 10pt;\">08.06.1710<\/span><\/td>\n<td style=\"text-align: center;\"><\/td>\n<td style=\"text-align: center;\"><\/td>\n<td style=\"text-align: center;\"><\/td>\n<td style=\"text-align: center;\"><span style=\"font-family: times new roman, times, serif; font-size: 10pt;\">verh.<\/span><\/td>\n<\/tr>\n<tr>\n<td style=\"text-align: center;\"><span style=\"font-family: times new roman, times, serif; font-size: 10pt;\">4<\/span><\/td>\n<td><span style=\"font-family: times new roman, times, serif; font-size: 10pt;\">Johann Gottfried<\/span><\/td>\n<td style=\"text-align: center;\"><span style=\"font-family: times new roman, times, serif; font-size: 10pt;\">11.11.1701<\/span><\/td>\n<td style=\"text-align: center;\"><span style=\"font-family: times new roman, times, serif; font-size: 10pt;\">20.11.1701<\/span><\/td>\n<td style=\"text-align: center;\"><span style=\"font-family: times new roman, times, serif; font-size: 10pt;\">21.04.1715<\/span><\/td>\n<td style=\"text-align: center;\"><\/td>\n<td style=\"text-align: center;\"><\/td>\n<td style=\"text-align: center;\"><\/td>\n<td style=\"text-align: center;\"><\/td>\n<\/tr>\n<\/tbody>\n<\/table>\n<p><span style=\"font-family: times new roman, times, serif; font-size: 10pt;\">Kind Nr. 1) + an den Pocken<br \/>\n<\/span><span style=\"font-family: times new roman, times, serif; font-size: 10pt;\">Kind Nr. 2) oo 10.01.1719 Niederbachheim mit Maria Susanna, Witwe des Adam Henrich Veldenz aus Singhofen; Fam. wohnt in Niederbachheim<br \/>\n<\/span><span style=\"font-family: times new roman, times, serif; font-size: 10pt;\">Kind Nr. 3) oo 19.01.1717 Niederbachheim mit Johann Anton Klein aus Schweighausen; Fam. wohnt in Schweighausen<\/span><\/p>\n<p><span style=\"font-family: times new roman, times, serif; font-size: 10pt;\"><strong>Eintragstexte:<\/strong><\/span><\/p>\n<p style=\"text-align: justify;\"><span style=\"font-family: times new roman, times, serif; font-size: 10pt;\"><strong>zu 1)<\/strong> <em>Donnerstag, den 7 Martij de\u00df Nachts umb 11 Vhrn sind Johann Phil. Mayen allhie vnd Elisabeth[a] Catharin[a], seiner H[aus]fraw, 2 Kinder, ein S\u00f6hn- v[nd] d[a]z T\u00f6chterlein in aller Eyl wegen Mattigk[eit] getaufft worden. Gevattern waren: ich, Johannes Junior, Pfarrrer; Eva Catharina, Thiel Sommers Hau\u00dffraw; Anna Margreth[a], Nickel Muchi H[aus]fraw; beyde allhier. Sein Nahm ist Eva Margreth[a]. Das S\u00f6hn[lein] aber ist getauft den 17 ejusd[e]m, Dom[inica] Palmar[um]. Gev. sind gewe\u00dfen: Johann Emrich Aulmann de Mihlen; Johann Daniel Sommer von Oberbacheim vnd Anna Catharina, Gottfried Han\u00dfen relicta filia von Winterwerb. Sein Nahm ist Johann Daniel.<\/em><\/span><\/p>\n<p style=\"text-align: justify;\"><span style=\"font-family: times new roman, times, serif; font-size: 10pt;\"><strong>zu 2)<\/strong> <em>Donnerstag, den 7 Martij de\u00df Nachts umb 11 Vhrn sind Johann Phil. Mayen allhie vnd Elisabeth[a] Catharin[a], seiner H[aus]fraw, 2 Kinder, ein S\u00f6hn- v[nd] d[a]z T\u00f6chterlein in aller Eyl wegen Mattigk[eit] getaufft worden. Gevattern waren: ich, Johannes Junior, Pfarrrer; Eva Catharina, Thiel Sommers Hau\u00dffraw; Anna Margreth[a], Nickel Muchi H[aus]fraw; beyde allhier. Sein Nahm ist Eva Margreth[a]. Das S\u00f6hn[lein] aber ist getauft den 17 ejusd[e]m, Dom[inica] Palmar[um]. Gev. sind gewe\u00dfen: Johann Emrich Aulmann de Mihlen; Johann Daniel Sommer von Oberbacheim vnd Anna Catharina, Gottfried Han\u00dfen relicta filia von Winterwerb. Sein Nahm ist Johann Daniel.<\/em><\/span><\/p>\n<p style=\"text-align: justify;\"><span style=\"font-family: times new roman, times, serif; font-size: 10pt;\"><strong>zu 3)<\/strong> <em>Sontag, den 2 Jan[uarii] de\u00df Abends vmb 5 Vhrn ist Joh. Phil. Mayen, bey Caspar Bachumb, seinem Schwiegervatter allhier wohnend, vnd Elisabeth. Cathar., seiner Hau\u00dffr., eine junge Tochter geboren, so den 9 ejusd[em], Dominica 1 post Epiphan[iae], getauft worden. Gevattern waren: Anna Christin., Johann Th\u00f6nges Mayen Tochter von Kehlbach; Anna Christ., Johann Peter Schmieds H[aus]fraw allhier; v[nd] Johann Th\u00f6nges, Simon Schmieds relict[us] fili[us] de Kehlbach. Ihr Nahm ist Anna Christina.<\/em><\/span><\/p>\n<p style=\"text-align: justify;\"><span style=\"font-family: times new roman, times, serif; font-size: 10pt;\"><strong>zu 4)<\/strong> <em>Freytags, den 11 [Novem]br[is] abends zwischen 7 vnd 8 Vhr ist Johann Philip\u00df Mayen allhier vndt Elis. Cathar., seiner Hau\u00dffr[au], ein junger Sohn geboren, der den 20 ejusd[em], Dom[inica] 26 post Trin[itatis] getauft worden. Gevatt. sind gewe\u00dfen: Joh. Gottfried d[e] Oberbacheim; Johann Andreas Rhod allhier; v[nd] Anna Catharina, Christoff Werners Hau\u00dffraw von Eschbach, al\u00df sein Schwester. Sein Nahm ist Johann Gottfried.<\/em><\/span><\/p>\n<p style=\"text-align: justify;\"><span style=\"font-family: times new roman, times, serif; font-size: 10pt;\"><strong>oo II. 10.06.1708 Niederbachheim<\/strong> mit <strong><u>Eistkirchen<\/u>, Anna Christina:<\/strong> Magd des Ehemanns; Tochter des verst. Reinhard Eistkirchen aus Dahlheim (Pfarrei Kestert, Name dort auch <em>Eiskirch, Ey\u00dfkirch, Euskirchen<\/em>)<\/span><\/p>\n<p style=\"text-align: justify;\"><span style=\"font-family: times new roman, times, serif; font-size: 10pt;\">Eintragstext (bei den Poenitenten): <em>Den 10 Junij, Dom[inica] 1 post Trin[itatis], finita [con]cione ist Joh. Phil. May allhie mit seiner catho[lischen] Magd Anna Christin[a], Reinhard Eistkirchen hinder[lassenen] Tochter von Dahlem vff Befehl Herrn Raths Reinhard vnd H[er]rn Inspectoris Birckenhauers zu St. Go\u00e4r \/: welche in ipso actu d[a]z h[eilige] Abendmahl empfangen v[nd] zu vnserer Religion angenommen worden :\/ nach vorhergangenem 3mahligen Proclamiren sine interdictio[n]e copulirt worden. Die\u00dfer Posten geh\u00f6rt bey die Copulirte, pag. 17. Ist verschrieben worden.<\/em><\/span><\/p>\n<table>\n<tbody>\n<tr>\n<td style=\"text-align: center;\" width=\"30\"><span style=\"font-family: times new roman, times, serif; font-size: 10pt;\"><strong>Nr.<\/strong><\/span><\/td>\n<td width=\"137\"><span style=\"font-family: times new roman, times, serif; font-size: 10pt;\"><strong>Vorname (normiert)<\/strong><\/span><\/td>\n<td style=\"text-align: center;\" width=\"76\"><span style=\"font-family: times new roman, times, serif; font-size: 10pt;\"><strong>geboren<\/strong><\/span><\/td>\n<td style=\"text-align: center;\" width=\"76\"><span style=\"font-family: times new roman, times, serif; font-size: 10pt;\"><strong>getauft<\/strong><\/span><\/td>\n<td style=\"text-align: center;\" width=\"69\"><span style=\"font-family: times new roman, times, serif; font-size: 10pt;\"><strong>konfirmiert<\/strong><\/span><\/td>\n<td style=\"text-align: center;\" width=\"69\"><span style=\"font-family: times new roman, times, serif; font-size: 10pt;\"><strong>gestorben<\/strong><\/span><\/td>\n<td style=\"text-align: center;\" width=\"67\"><span style=\"font-family: times new roman, times, serif; font-size: 10pt;\"><strong>begraben<\/strong><\/span><\/td>\n<td style=\"text-align: center;\" width=\"37\"><span style=\"font-family: times new roman, times, serif; font-size: 10pt;\"><strong>Alter<\/strong><\/span><\/td>\n<td style=\"text-align: center;\" width=\"43\"><span style=\"font-family: times new roman, times, serif; font-size: 10pt;\"><strong>Stand<\/strong><\/span><\/td>\n<\/tr>\n<tr>\n<td style=\"text-align: center;\" width=\"30\"><span style=\"font-family: times new roman, times, serif; font-size: 10pt;\">1<\/span><\/td>\n<td width=\"137\"><span style=\"font-family: times new roman, times, serif; font-size: 10pt;\">Maria Katharina<\/span><\/td>\n<td style=\"text-align: center;\" width=\"76\"><span style=\"font-family: times new roman, times, serif; font-size: 10pt;\">30.04.1709<\/span><\/td>\n<td style=\"text-align: center;\" width=\"76\"><span style=\"font-family: times new roman, times, serif; font-size: 10pt;\">04.05.1709<\/span><\/td>\n<td style=\"text-align: center;\" width=\"69\"><\/td>\n<td style=\"text-align: center;\" width=\"69\"><\/td>\n<td style=\"text-align: center;\" width=\"67\"><\/td>\n<td style=\"text-align: center;\" width=\"37\"><\/td>\n<td style=\"text-align: center;\" width=\"43\"><\/td>\n<\/tr>\n<tr>\n<td style=\"text-align: center;\"><span style=\"font-family: times new roman, times, serif; font-size: 10pt;\">2<\/span><\/td>\n<td><span style=\"font-family: times new roman, times, serif; font-size: 10pt;\">Johann Anton<\/span><\/td>\n<td style=\"text-align: center;\"><span style=\"font-family: times new roman, times, serif; font-size: 10pt;\">05.04.1711<\/span><\/td>\n<td style=\"text-align: center;\"><span style=\"font-family: times new roman, times, serif; font-size: 10pt;\">12.04.1711<\/span><\/td>\n<td style=\"text-align: center;\"><\/td>\n<td style=\"text-align: center;\"><\/td>\n<td style=\"text-align: center;\"><\/td>\n<td style=\"text-align: center;\"><\/td>\n<td style=\"text-align: center;\"><\/td>\n<\/tr>\n<\/tbody>\n<\/table>\n<p><span style=\"font-family: times new roman, times, serif; font-size: 10pt;\"><strong>Eintragstexte:<\/strong><\/span><\/p>\n<p style=\"text-align: justify;\"><span style=\"font-family: times new roman, times, serif; font-size: 10pt;\"><strong>zu 1)<\/strong> <em>Dienstag, den 30 April[is], Nachmittag umb 7 Vhr ist Joh. Phil. Mayen allhier vnd Ann\u00e6 Christin\u00e6, seiner Hau\u00dffraw 2ter Ehe, eine junge Tochter geboren, die den 4 Maij, Dom[inica] Rogate, getauft worden. Gevattern sind gewe\u00dfen: Anna Maria, Johann Philip\u00df Schmieds relicta filia allhier; Anna Catharina, Joh. David Mayen, seines Bruder\u00df Fraw d[e] Schweighau\u00dfen; v[nd] Joh. David Rhodt allhier. Ihr Nahm ist Maria Catharina.<\/em><\/span><\/p>\n<p style=\"text-align: justify;\"><span style=\"font-family: times new roman, times, serif; font-size: 10pt;\"><strong>zu 2)<\/strong> <em>Dom[inica] Pasch. um 12 Uhr ist Joh. Philippi Mayen Frau allhier Anna Christina eines jungen S\u00f6hnlein gl\u00fccklich genesen, so Dom[inica] Quasimod. getauffet worden. Gevattern sind gewesen: Joh. Anthon Sommer alhier; Anna Juliana, Joh. Christian Witzky Hau\u00dffrau auch alhier; und Johann Adam Laux, sein Schwager zu Kehlbach. Des Kindes Nahm ist Joh. Anthonius. Etiam.<\/em><\/span><\/p>\n<hr \/>\n<p style=\"text-align: justify;\"><span style=\"font-family: times new roman, times, serif; font-size: 10pt;\"><span style=\"color: #ff0000;\"><strong><u>May<\/u><\/strong><strong>, Johann Daniel:<\/strong> <\/span>* 07.03.1695 Niederbachheim (gt. 17.03.); konf. 24.04.1707; Eltern: Johann Philipp May, Hubensch\u00f6ffe und Almosenpfleger, und Elisabeth Katharina geb. Bachumb<\/span><\/p>\n<p style=\"text-align: justify;\"><span style=\"font-family: times new roman, times, serif; font-size: 10pt;\"><strong>oo 10.01.1719 Niederbachheim<\/strong> (prokl. 18.12.1718, 01.01. und 08.01.1719) mit <strong><u>Veldenz geb. N. N.<\/u>, Maria Susanna:<\/strong> Witwe des Adam Henrich Veldenz aus Singhofen<\/span><\/p>\n<table>\n<tbody>\n<tr>\n<td style=\"text-align: center;\" width=\"30\"><span style=\"font-family: times new roman, times, serif; font-size: 10pt;\"><strong>Nr.<\/strong><\/span><\/td>\n<td width=\"135\"><span style=\"font-family: times new roman, times, serif; font-size: 10pt;\"><strong>Vorname (normiert)<\/strong><\/span><\/td>\n<td style=\"text-align: center;\" width=\"76\"><span style=\"font-family: times new roman, times, serif; font-size: 10pt;\"><strong>geboren<\/strong><\/span><\/td>\n<td style=\"text-align: center;\" width=\"76\"><span style=\"font-family: times new roman, times, serif; font-size: 10pt;\"><strong>getauft<\/strong><\/span><\/td>\n<td style=\"text-align: center;\" width=\"69\"><span style=\"font-family: times new roman, times, serif; font-size: 10pt;\"><strong>konfirmiert<\/strong><\/span><\/td>\n<td style=\"text-align: center;\" width=\"69\"><span style=\"font-family: times new roman, times, serif; font-size: 10pt;\"><strong>gestorben<\/strong><\/span><\/td>\n<td style=\"text-align: center;\" width=\"67\"><span style=\"font-family: times new roman, times, serif; font-size: 10pt;\"><strong>begraben<\/strong><\/span><\/td>\n<td style=\"text-align: center;\" width=\"38\"><span style=\"font-family: times new roman, times, serif; font-size: 10pt;\"><strong>Alter<\/strong><\/span><\/td>\n<td style=\"text-align: center;\" width=\"44\"><span style=\"font-family: times new roman, times, serif; font-size: 10pt;\"><strong>Stand<\/strong><\/span><\/td>\n<\/tr>\n<tr>\n<td style=\"text-align: center;\" width=\"30\"><span style=\"font-family: times new roman, times, serif; font-size: 10pt;\">1<\/span><\/td>\n<td width=\"135\"><span style=\"font-family: times new roman, times, serif; font-size: 10pt;\">Johann Philipp<\/span><\/td>\n<td style=\"text-align: center;\" width=\"76\"><span style=\"font-family: times new roman, times, serif; font-size: 10pt;\">xx.11.1720<\/span><\/td>\n<td style=\"text-align: center;\" width=\"76\"><span style=\"font-family: times new roman, times, serif; font-size: 10pt;\">xx.11.1720<\/span><\/td>\n<td style=\"text-align: center;\" width=\"69\"><\/td>\n<td style=\"text-align: center;\" width=\"69\"><\/td>\n<td style=\"text-align: center;\" width=\"67\"><\/td>\n<td style=\"text-align: center;\" width=\"38\"><\/td>\n<td style=\"text-align: center;\" width=\"44\"><\/td>\n<\/tr>\n<\/tbody>\n<\/table>\n<p style=\"text-align: justify;\"><span style=\"font-family: times new roman, times, serif; font-size: 10pt;\">Eintragstext: <em>NB. A[nn]o 1720, den <\/em>[ ]<em> [Novem]br[is] nat[us] et <\/em>[ ]<em> ej[us]d[em] renat[us] Philipps Gottfriedt, Joh. Daniel Maj u[nd] Maria Susanna [filius]. Susc[eptores]: Joh. Philipps Bochler, Kirchensen. von O[ber]bach[heim]; Joh. Gottfried, Joh. Phil. Majen Sohn alhir; u. Elisab[etha] Catharina, Joh. Philipps Sch\u00e4ffers <\/em>[?]<em> Fr[au] von Singhoffen.<\/em><\/span><\/p>\n<hr \/>\n<p style=\"text-align: justify;\"><span style=\"font-family: times new roman, times, serif; font-size: 10pt;\"><span style=\"color: #ff0000;\"><strong><u><a id=\"meuermann\"><\/a>Meuermann<\/u>, Anna Katharina:<\/strong> <\/span>+ im Steinischen Hof in Niederbachheim; bg. 02.05.1699, 16 Jahre alt; Tochter des verst. Jakob Meuermann aus Dausenau<\/span><\/p>\n<hr \/>\n<p style=\"text-align: justify;\"><span style=\"font-family: times new roman, times, serif; font-size: 10pt;\"><span style=\"color: #ff0000;\"><strong><u><a id=\"metz\"><\/a>Metz<\/u><\/strong><strong>, Johann Georg:<\/strong> <\/span>Sohn des Hans Georg Metz aus Gemmerich; konf. 23.05.1697 Niederbachheim, 15 Jahre alt<\/span><\/p>\n<hr \/>\n<p><span style=\"font-family: times new roman, times, serif; font-size: 10pt;\"><span style=\"color: #ff0000;\"><strong><u><a id=\"muchi\"><\/a>Muchi<\/u><\/strong><strong>, Johann Nikolaus:<\/strong> <\/span>kath.; aus Oberselters (Bad Camberg)<\/span><\/p>\n<p style=\"text-align: justify;\"><span style=\"font-family: times new roman, times, serif; font-size: 10pt;\"><strong>oo xx.06.1692 Niederbachheim<\/strong> mit <strong><u>Rhod<\/u>, Anna Margaretha:<\/strong> gt. 08.03.1668 Niederbachheim; konf. 22.05.1681; Eltern; Gottfried Rhod, vierherrischer Gerichtssch\u00f6ffe zu Marienfels, Kirchensenior und Almosenpfleger in Niederbachheim, und Anna Katharina<\/span><\/p>\n<table>\n<tbody>\n<tr>\n<td style=\"text-align: center;\" width=\"30\"><span style=\"font-family: times new roman, times, serif; font-size: 10pt;\"><strong>Nr.<\/strong><\/span><\/td>\n<td width=\"135\"><span style=\"font-family: times new roman, times, serif; font-size: 10pt;\"><strong>Vorname (normiert)<\/strong><\/span><\/td>\n<td style=\"text-align: center;\" width=\"77\"><span style=\"font-family: times new roman, times, serif; font-size: 10pt;\"><strong>geboren<\/strong><\/span><\/td>\n<td style=\"text-align: center;\" width=\"77\"><span style=\"font-family: times new roman, times, serif; font-size: 10pt;\"><strong>getauft<\/strong><\/span><\/td>\n<td style=\"text-align: center;\" width=\"69\"><span style=\"font-family: times new roman, times, serif; font-size: 10pt;\"><strong>konfirmiert<\/strong><\/span><\/td>\n<td style=\"text-align: center;\" width=\"69\"><span style=\"font-family: times new roman, times, serif; font-size: 10pt;\"><strong>gestorben<\/strong><\/span><\/td>\n<td style=\"text-align: center;\" width=\"67\"><span style=\"font-family: times new roman, times, serif; font-size: 10pt;\"><strong>begraben<\/strong><\/span><\/td>\n<td style=\"text-align: center;\" width=\"37\"><span style=\"font-family: times new roman, times, serif; font-size: 10pt;\"><strong>Alter<\/strong><\/span><\/td>\n<td style=\"text-align: center;\" width=\"43\"><span style=\"font-family: times new roman, times, serif; font-size: 10pt;\"><strong>Stand<\/strong><\/span><\/td>\n<\/tr>\n<tr>\n<td style=\"text-align: center;\" width=\"30\"><span style=\"font-family: times new roman, times, serif; font-size: 10pt;\">1<\/span><\/td>\n<td width=\"135\"><span style=\"font-family: times new roman, times, serif; font-size: 10pt;\">Anna Maria<\/span><\/td>\n<td style=\"text-align: center;\" width=\"77\"><span style=\"font-family: times new roman, times, serif; font-size: 10pt;\">22.08.1693<\/span><\/td>\n<td style=\"text-align: center;\" width=\"77\"><span style=\"font-family: times new roman, times, serif; font-size: 10pt;\">27.08.1693<\/span><\/td>\n<td style=\"text-align: center;\" width=\"69\"><\/td>\n<td style=\"text-align: center;\" width=\"69\"><\/td>\n<td style=\"text-align: center;\" width=\"67\"><\/td>\n<td style=\"text-align: center;\" width=\"37\"><\/td>\n<td style=\"text-align: center;\" width=\"43\"><\/td>\n<\/tr>\n<tr>\n<td style=\"text-align: center;\"><span style=\"font-family: times new roman, times, serif; font-size: 10pt;\">2<\/span><\/td>\n<td><span style=\"font-family: times new roman, times, serif; font-size: 10pt;\">Johann David<\/span><\/td>\n<td style=\"text-align: center;\"><span style=\"font-family: times new roman, times, serif; font-size: 10pt;\">13.02.1696<\/span><\/td>\n<td style=\"text-align: center;\"><span style=\"font-family: times new roman, times, serif; font-size: 10pt;\">16.02.1696<\/span><\/td>\n<td style=\"text-align: center;\"><\/td>\n<td style=\"text-align: center;\"><\/td>\n<td style=\"text-align: center;\"><\/td>\n<td style=\"text-align: center;\"><\/td>\n<td style=\"text-align: center;\"><\/td>\n<\/tr>\n<\/tbody>\n<\/table>\n<p><span style=\"font-family: times new roman, times, serif; font-size: 10pt;\"><strong>Eintragstexte:<\/strong><\/span><\/p>\n<p style=\"text-align: justify;\"><span style=\"font-family: times new roman, times, serif; font-size: 10pt;\"><strong>zu 1)<\/strong> <em>Den 22ten Augustj Nachmittag gegen Abend vmb 6 Vhrn ist Johann Nicla\u00df Muchi allhier eine junge Tochter geboren vnd den 27 ejusd[em], Dom[inica] 11 post Trin[itatis], getauft worden. Gevattern sind gewe\u00dfen: Anna Barbara, Joh. Dan. Aulman\u00df H[aus]fraw allhier; Maria Catharina, sein Schwester von Selter\u00df, catholica; vnd Johann Andreas Rhodt, sein Schwager. Ihr Nahm ist Anna Maria.<\/em><\/span><\/p>\n<p><span style=\"font-family: times new roman, times, serif; font-size: 10pt;\"><strong>zu 2)<\/strong> <em>Donnerstag den 13 Febr[uarii] abends zwischen 8 vnd 9 Vhrn ist Nicla\u00df Muchi vnd Ann\u00e6 Margreth\u00e6, seiner Hau\u00dffrawen, ein junger Sohn geboren vnd den 16ten ejusdem, Dom[inica] Sexages[ima], getauft worden. Gev. sind gewe\u00dfen: Johann David Rhodt, sein Schwager; Johann Gottfried, Pro\u00dfmann <\/em>[Ambrosius] <em>G\u00f6llers Sohn de Nochern; vnd Maria Catharina, Conrad Rhoden Hau\u00dffr[au] de Winterwerb. Sein Nahm ist Johann Davidt.<\/em><\/span><\/p>\n<hr \/>\n<p><span style=\"font-family: times new roman, times, serif; font-size: 10pt;\"><span style=\"color: #ff0000;\"><strong><u><a id=\"mueller\"><\/a>M\u00fcller<\/u>, Lorenz:<\/strong> <\/span>ist steinisch leibeigen und nach dem Einwohnerverzeichnis 1665 41 Jahre alt<\/span><\/p>\n<p><span style=\"font-family: times new roman, times, serif; font-size: 10pt;\"><strong>oo<\/strong> mit <strong>Gertrud:<\/strong> ist nach dem Einwohnerverzeichnis 1665 35 Jahre alt<\/span><\/p>\n<table style=\"width: 100%;\">\n<tbody>\n<tr>\n<td style=\"text-align: center; width: 7.14286%;\" width=\"30\"><span style=\"font-family: times new roman, times, serif; font-size: 10pt;\"><strong>Nr.<\/strong><\/span><\/td>\n<td style=\"width: 19.6429%;\" width=\"138\"><span style=\"font-family: times new roman, times, serif; font-size: 10pt;\"><strong>Vorname (normiert)<\/strong><\/span><\/td>\n<td style=\"width: 12.2619%; text-align: center;\" width=\"76\"><span style=\"font-family: times new roman, times, serif; font-size: 10pt;\"><strong>geboren<\/strong><\/span><\/td>\n<td style=\"width: 12.2619%; text-align: center;\" width=\"76\"><span style=\"font-family: times new roman, times, serif; font-size: 10pt;\"><strong>getauft<\/strong><\/span><\/td>\n<td style=\"width: 11.3095%; text-align: center;\" width=\"69\"><span style=\"font-family: times new roman, times, serif; font-size: 10pt;\"><strong>konfirmiert<\/strong><\/span><\/td>\n<td style=\"width: 11.1905%; text-align: center;\" width=\"68\"><span style=\"font-family: times new roman, times, serif; font-size: 10pt;\"><strong>gestorben<\/strong><\/span><\/td>\n<td style=\"width: 11.0714%; text-align: center;\" width=\"67\"><span style=\"font-family: times new roman, times, serif; font-size: 10pt;\"><strong>begraben<\/strong><\/span><\/td>\n<td style=\"width: 7.02381%; text-align: center;\" width=\"37\"><span style=\"font-family: times new roman, times, serif; font-size: 10pt;\"><strong>Alter<\/strong><\/span><\/td>\n<td style=\"width: 7.85714%; text-align: center;\" width=\"43\"><span style=\"font-family: times new roman, times, serif; font-size: 10pt;\"><strong>Stand<\/strong><\/span><\/td>\n<\/tr>\n<tr>\n<td style=\"text-align: center; width: 7.14286%;\" width=\"30\"><span style=\"font-family: times new roman, times, serif; font-size: 10pt;\">1<\/span><\/td>\n<td style=\"width: 19.6429%;\" width=\"138\"><span style=\"font-family: times new roman, times, serif; font-size: 10pt;\"><em>Ann El\u00df<\/em><\/span><\/td>\n<td style=\"width: 12.2619%; text-align: center;\" width=\"76\"><span style=\"font-family: times new roman, times, serif; font-size: 10pt;\">ca. 1652<\/span><\/td>\n<td style=\"width: 12.2619%; text-align: center;\" width=\"76\"><\/td>\n<td style=\"width: 11.3095%; text-align: center;\" width=\"69\"><\/td>\n<td style=\"width: 11.1905%; text-align: center;\" width=\"68\"><\/td>\n<td style=\"width: 11.0714%; text-align: center;\" width=\"67\"><\/td>\n<td style=\"width: 7.02381%; text-align: center;\" width=\"37\"><\/td>\n<td style=\"width: 7.85714%; text-align: center;\" width=\"43\"><\/td>\n<\/tr>\n<tr>\n<td style=\"text-align: center; width: 7.14286%;\" width=\"30\"><span style=\"font-family: times new roman, times, serif; font-size: 10pt;\">2<\/span><\/td>\n<td style=\"width: 19.6429%;\" width=\"138\"><span style=\"font-family: times new roman, times, serif; font-size: 10pt;\">Johann Gottfried<\/span><\/td>\n<td style=\"width: 12.2619%; text-align: center;\" width=\"76\"><span style=\"font-family: times new roman, times, serif; font-size: 10pt;\">ca. 1654<\/span><\/td>\n<td style=\"width: 12.2619%; text-align: center;\" width=\"76\"><\/td>\n<td style=\"width: 11.3095%; text-align: center;\" width=\"69\"><\/td>\n<td style=\"width: 11.1905%; text-align: center;\" width=\"68\"><\/td>\n<td style=\"width: 11.0714%; text-align: center;\" width=\"67\"><\/td>\n<td style=\"width: 7.02381%; text-align: center;\" width=\"37\"><\/td>\n<td style=\"width: 7.85714%; text-align: center;\" width=\"43\"><\/td>\n<\/tr>\n<tr>\n<td style=\"text-align: center; width: 7.14286%;\" width=\"30\"><span style=\"font-family: times new roman, times, serif; font-size: 10pt;\">3<\/span><\/td>\n<td style=\"width: 19.6429%;\" width=\"138\"><span style=\"font-family: times new roman, times, serif; font-size: 10pt;\">Anna Barbara<\/span><\/td>\n<td style=\"width: 12.2619%; text-align: center;\" width=\"76\"><span style=\"font-family: times new roman, times, serif; font-size: 10pt;\">ca. 1656<\/span><\/td>\n<td style=\"width: 12.2619%; text-align: center;\" width=\"76\"><\/td>\n<td style=\"width: 11.3095%; text-align: center;\" width=\"69\"><\/td>\n<td style=\"width: 11.1905%; text-align: center;\" width=\"68\"><\/td>\n<td style=\"width: 11.0714%; text-align: center;\" width=\"67\"><\/td>\n<td style=\"width: 7.02381%; text-align: center;\" width=\"37\"><\/td>\n<td style=\"width: 7.85714%; text-align: center;\" width=\"43\"><\/td>\n<\/tr>\n<tr>\n<td style=\"text-align: center; width: 7.14286%;\" width=\"30\"><span style=\"font-family: times new roman, times, serif; font-size: 10pt;\">4<\/span><\/td>\n<td style=\"width: 19.6429%;\" width=\"138\"><span style=\"font-family: times new roman, times, serif; font-size: 10pt;\">Anna Christina<\/span><\/td>\n<td style=\"width: 12.2619%; text-align: center;\" width=\"76\"><span style=\"font-family: times new roman, times, serif; font-size: 10pt;\">ca. 1658<\/span><\/td>\n<td style=\"width: 12.2619%; text-align: center;\" width=\"76\"><\/td>\n<td style=\"width: 11.3095%; text-align: center;\" width=\"69\"><\/td>\n<td style=\"width: 11.1905%; text-align: center;\" width=\"68\"><\/td>\n<td style=\"width: 11.0714%; text-align: center;\" width=\"67\"><\/td>\n<td style=\"width: 7.02381%; text-align: center;\" width=\"37\"><\/td>\n<td style=\"width: 7.85714%; text-align: center;\" width=\"43\"><\/td>\n<\/tr>\n<tr>\n<td style=\"text-align: center; width: 7.14286%;\" width=\"30\"><span style=\"font-family: times new roman, times, serif; font-size: 10pt;\">5<\/span><\/td>\n<td style=\"width: 19.6429%;\" width=\"138\"><span style=\"font-family: times new roman, times, serif; font-size: 10pt;\">Friedrich<\/span><\/td>\n<td style=\"width: 12.2619%; text-align: center;\" width=\"76\"><span style=\"font-family: times new roman, times, serif; font-size: 10pt;\">ca. 1662<\/span><\/td>\n<td style=\"width: 12.2619%; text-align: center;\" width=\"76\"><\/td>\n<td style=\"width: 11.3095%; text-align: center;\" width=\"69\"><\/td>\n<td style=\"width: 11.1905%; text-align: center;\" width=\"68\"><\/td>\n<td style=\"width: 11.0714%; text-align: center;\" width=\"67\"><\/td>\n<td style=\"width: 7.02381%; text-align: center;\" width=\"37\"><\/td>\n<td style=\"width: 7.85714%; text-align: center;\" width=\"43\"><\/td>\n<\/tr>\n<\/tbody>\n<\/table>\n<p><span style=\"font-family: times new roman, times, serif; font-size: 10pt;\">Kind Nr. 1) ist nach dem Einwohnerverzeichnis 1665 13 Jahre alt<br \/>\n<\/span><span style=\"font-family: times new roman, times, serif; font-size: 10pt;\">Kind Nr. 2) ist nach dem Einwohnerverzeichnis 1665 11 Jahre alt<br \/>\n<\/span><span style=\"font-family: times new roman, times, serif; font-size: 10pt;\">Kind Nr. 3) ist nach dem Einwohnerverzeichnis 1665 9 Jahre alt<br \/>\n<\/span><span style=\"font-family: times new roman, times, serif; font-size: 10pt;\">Kind Nr. 4) ist nach dem Einwohnerverzeichnis 1665 7 Jahre alt<br \/>\n<\/span><span style=\"font-family: times new roman, times, serif; font-size: 10pt;\">Kind Nr. 5) ist nach dem Einwohnerverzeichnis 1665 3 Jahre alt<\/span><\/p>\n<hr \/>\n<p><span style=\"font-family: times new roman, times, serif; font-size: 10pt;\"><span style=\"color: #ff0000;\"><strong><u>Nemenich<\/u>, Johann Daniel:<\/strong> <\/span>wohl aus Miehlen<\/span><\/p>\n<p><span style=\"font-family: times new roman, times, serif; font-size: 10pt;\"><strong>oo<\/strong> mit <strong>Anna Christina<\/strong><\/span><\/p>\n<table>\n<tbody>\n<tr>\n<td style=\"text-align: center;\" width=\"29\"><span style=\"font-family: times new roman, times, serif; font-size: 10pt;\"><strong>Nr.<\/strong><\/span><\/td>\n<td width=\"134\"><span style=\"font-family: times new roman, times, serif; font-size: 10pt;\"><strong>Vorname (normiert)<\/strong><\/span><\/td>\n<td style=\"text-align: center;\" width=\"76\"><span style=\"font-family: times new roman, times, serif; font-size: 10pt;\"><strong>geboren<\/strong><\/span><\/td>\n<td style=\"text-align: center;\" width=\"76\"><span style=\"font-family: times new roman, times, serif; font-size: 10pt;\"><strong>getauft<\/strong><\/span><\/td>\n<td style=\"text-align: center;\" width=\"69\"><span style=\"font-family: times new roman, times, serif; font-size: 10pt;\"><strong>konfirmiert<\/strong><\/span><\/td>\n<td style=\"text-align: center;\" width=\"66\"><span style=\"font-family: times new roman, times, serif; font-size: 10pt;\"><strong>gestorben<\/strong><\/span><\/td>\n<td style=\"text-align: center;\" width=\"76\"><span style=\"font-family: times new roman, times, serif; font-size: 10pt;\"><strong>begraben<\/strong><\/span><\/td>\n<td style=\"text-align: center;\" width=\"40\"><span style=\"font-family: times new roman, times, serif; font-size: 10pt;\"><strong>Alter<\/strong><\/span><\/td>\n<td style=\"text-align: center;\" width=\"42\"><span style=\"font-family: times new roman, times, serif; font-size: 10pt;\"><strong>Stand<\/strong><\/span><\/td>\n<\/tr>\n<tr>\n<td style=\"text-align: center;\" width=\"29\"><span style=\"font-family: times new roman, times, serif; font-size: 10pt;\">1<\/span><\/td>\n<td width=\"134\"><span style=\"font-family: times new roman, times, serif; font-size: 10pt;\">Eva Elisabeth<\/span><\/td>\n<td style=\"text-align: center;\" width=\"76\"><\/td>\n<td style=\"text-align: center;\" width=\"76\"><\/td>\n<td style=\"text-align: center;\" width=\"69\"><\/td>\n<td style=\"text-align: center;\" width=\"66\"><\/td>\n<td style=\"text-align: center;\" width=\"76\"><span style=\"font-family: times new roman, times, serif; font-size: 10pt;\">11.03.1704<\/span><\/td>\n<td style=\"text-align: center;\" width=\"40\"><span style=\"font-family: times new roman, times, serif; font-size: 10pt;\">0,44<\/span><\/td>\n<td style=\"text-align: center;\" width=\"42\"><\/td>\n<\/tr>\n<tr>\n<td style=\"text-align: center;\"><span style=\"font-family: times new roman, times, serif; font-size: 10pt;\">2<\/span><\/td>\n<td><span style=\"font-family: times new roman, times, serif; font-size: 10pt;\">Johann Emmerich<\/span><\/td>\n<td style=\"text-align: center;\"><span style=\"font-family: times new roman, times, serif; font-size: 10pt;\">21.07.1705<\/span><\/td>\n<td style=\"text-align: center;\"><span style=\"font-family: times new roman, times, serif; font-size: 10pt;\">25.07.1705<\/span><\/td>\n<td style=\"text-align: center;\"><\/td>\n<td style=\"text-align: center;\"><\/td>\n<td style=\"text-align: center;\"><\/td>\n<td style=\"text-align: center;\"><\/td>\n<td style=\"text-align: center;\"><\/td>\n<\/tr>\n<tr>\n<td style=\"text-align: center;\"><span style=\"font-family: times new roman, times, serif; font-size: 10pt;\">3<\/span><\/td>\n<td><span style=\"font-family: times new roman, times, serif; font-size: 10pt;\">Anna Maria<\/span><\/td>\n<td style=\"text-align: center;\"><span style=\"font-family: times new roman, times, serif; font-size: 10pt;\">16.03.1708<\/span><\/td>\n<td style=\"text-align: center;\"><span style=\"font-family: times new roman, times, serif; font-size: 10pt;\">21.03.1708<\/span><\/td>\n<td style=\"text-align: center;\"><\/td>\n<td style=\"text-align: center;\"><\/td>\n<td style=\"text-align: center;\"><\/td>\n<td style=\"text-align: center;\"><\/td>\n<td style=\"text-align: center;\"><\/td>\n<\/tr>\n<\/tbody>\n<\/table>\n<p><span style=\"font-family: times new roman, times, serif; font-size: 10pt;\">Kind Nr. 1) 23 Wochen und 5 Tage alt<\/span><\/p>\n<p><span style=\"font-family: times new roman, times, serif; font-size: 10pt;\"><strong>Eintragstexte:<\/strong><\/span><\/p>\n<p style=\"text-align: justify;\"><span style=\"font-family: times new roman, times, serif; font-size: 10pt;\"><strong>zu 1)<\/strong> <em>Dienstag, den 21 Julij morgen\u00df umb 2 Vhr ist Daniel Nemenich vnd Ann\u00e6 Christin[ae], s[einer] Hau\u00dffr[au], ein junger Sohn allhier geboren, der den 25 ej[us]d[em] vf Jacobjtag getauft worden. Gev. sind gewe\u00dfen: Joh. Emrich, Dietrich Nemenich, seines Bruder\u00df Sohn d[e] Mihlen; Emrich Aulmann ibid[em]; vnd Anna Maria, Gottfr. Rhoden hinderla\u00dfene Tochter, bey Christ Witzky dienend. Sein Nahm ist Johann Emrich.<\/em><\/span><\/p>\n<p style=\"text-align: justify;\"><span style=\"font-family: times new roman, times, serif; font-size: 10pt;\"><strong>zu 2)<\/strong> <em>Freytag, den 16 Mertz Nachmittag umb 3 Vhrn ist J. Dan. Nemenich allhier v[nd] Annen Christinen, seiner Hau\u00dffr., eine junge Tochter geboren, welche Mitwoch, den 21ten ej[us]d[em] in der Pass[ions]predigt getauft worden. Gevatt. sind gewe\u00dfen: Anna Magdalen[a], Peter Schmied Fraw al\u00df sein Schwester; Anna Maria, Dieterich Nemenichs, seines Bruder\u00df Tochter; beyde von Mihlen; vnd Joh. Thiel, Joh. Schmieds relict[us] fili[us] allhier. Ihr Nahm ist Anna Maria.<\/em><\/span><\/p>\n<hr \/>\n<p><span style=\"font-family: times new roman, times, serif; font-size: 10pt;\"><span style=\"color: #ff0000;\"><strong><u><a id=\"niederstein\"><\/a>Niederstein<\/u>, Johannes:<\/strong> <\/span>gewesener hess. Soldat aus Hatzbach (Stadtallendorf, Lkr. Marburg-Biedenkopf)<\/span><\/p>\n<p><span style=\"font-family: times new roman, times, serif; font-size: 10pt;\"><strong>oo<\/strong> mit <strong>Elisabeth<\/strong><\/span><\/p>\n<table>\n<tbody>\n<tr>\n<td style=\"text-align: center;\" width=\"30\"><span style=\"font-family: times new roman, times, serif; font-size: 10pt;\"><strong>Nr.<\/strong><\/span><\/td>\n<td width=\"135\"><span style=\"font-family: times new roman, times, serif; font-size: 10pt;\"><strong>Vorname (normiert)<\/strong><\/span><\/td>\n<td style=\"text-align: center;\" width=\"76\"><span style=\"font-family: times new roman, times, serif; font-size: 10pt;\"><strong>geboren<\/strong><\/span><\/td>\n<td style=\"text-align: center;\" width=\"76\"><span style=\"font-family: times new roman, times, serif; font-size: 10pt;\"><strong>getauft<\/strong><\/span><\/td>\n<td style=\"text-align: center;\" width=\"69\"><span style=\"font-family: times new roman, times, serif; font-size: 10pt;\"><strong>konfirmiert<\/strong><\/span><\/td>\n<td style=\"text-align: center;\" width=\"69\"><span style=\"font-family: times new roman, times, serif; font-size: 10pt;\"><strong>gestorben<\/strong><\/span><\/td>\n<td style=\"text-align: center;\" width=\"67\"><span style=\"font-family: times new roman, times, serif; font-size: 10pt;\"><strong>begraben<\/strong><\/span><\/td>\n<td style=\"text-align: center;\" width=\"38\"><span style=\"font-family: times new roman, times, serif; font-size: 10pt;\"><strong>Alter<\/strong><\/span><\/td>\n<td style=\"text-align: center;\" width=\"44\"><span style=\"font-family: times new roman, times, serif; font-size: 10pt;\"><strong>Stand<\/strong><\/span><\/td>\n<\/tr>\n<tr>\n<td style=\"text-align: center;\" width=\"30\"><span style=\"font-family: times new roman, times, serif; font-size: 10pt;\">1<\/span><\/td>\n<td width=\"135\"><span style=\"font-family: times new roman, times, serif; font-size: 10pt;\">Maria Angela<\/span><\/td>\n<td style=\"text-align: center;\" width=\"76\"><span style=\"font-family: times new roman, times, serif; font-size: 10pt;\">24.08.1698<\/span><\/td>\n<td style=\"text-align: center;\" width=\"76\"><span style=\"font-family: times new roman, times, serif; font-size: 10pt;\">31.08.1698<\/span><\/td>\n<td style=\"text-align: center;\" width=\"69\"><\/td>\n<td style=\"text-align: center;\" width=\"69\"><\/td>\n<td style=\"text-align: center;\" width=\"67\"><\/td>\n<td style=\"text-align: center;\" width=\"38\"><\/td>\n<td style=\"text-align: center;\" width=\"44\"><\/td>\n<\/tr>\n<\/tbody>\n<\/table>\n<p style=\"text-align: justify;\"><span style=\"font-family: times new roman, times, serif; font-size: 10pt;\">Eintragstext: <em>Mittwochen, den 24 Augustj vff Bartholom\u00e6j Tag ist Joh. Niederstein, gewe\u00dfenen hess. Soldaten von Hatzbach in Hessen gelegen, sich allhier vffhaltend, vnd Elisabeth., seiner H[aus]frawen, nach Mittag zwischen 2 vnd 3 Vhrn eine junge Tochter geboren, so den 31 ej[us]d[em] getauft worden. Gev. sind gewe\u00dfen: Maria Johannet, Arnold Henrich Federhens, zeit[lichen] Schullmeist[ers] Fraw allhier; Engel, de\u00df Conrad Kuntzen Fraw hic idem; vnd Fridrich Frie\u00dfenhahn, Steinischer Hoffmann, gleichfall\u00df hier. Ihr Nahm ist Maria Angela.<\/em><\/span><\/p>\n<hr \/>\n<p><span style=\"font-family: times new roman, times, serif; font-size: 10pt;\"><span style=\"color: #ff0000;\"><strong><u><a id=\"pfeifer\"><\/a>Pfeifer<\/u><\/strong><strong>, Hans:<\/strong> <\/span>+ 14.02.1716 ohne Ortsangabe, bg. 16.02.1716 Niederbachheim<\/span><\/p>\n<hr \/>\n<p><span style=\"font-family: times new roman, times, serif; font-size: 10pt;\"><span style=\"color: #ff0000;\"><strong><u>Pfeifer<\/u>, Johann Peter:<\/strong><\/span> * 30.10.1704, gt. 06.11.1704 (lt. Konfirmationseintrag); konf. 25.04.1717 Niederbachheim (ohne weitere Angaben)<\/span><\/p>\n<hr \/>\n<p><span style=\"font-family: times new roman, times, serif; font-size: 10pt;\"><span style=\"color: #ff0000;\"><strong><u><a id=\"reiffart\"><\/a>Reiffart<\/u><\/strong><strong>, Ulrich:<\/strong> <\/span>kath.<\/span><\/p>\n<p><span style=\"font-family: times new roman, times, serif; font-size: 10pt;\"><strong>oo<\/strong> mit <strong>Anna Katharina<\/strong><\/span><\/p>\n<table>\n<tbody>\n<tr>\n<td style=\"text-align: center;\" width=\"30\"><span style=\"font-family: times new roman, times, serif; font-size: 10pt;\"><strong>Nr.<\/strong><\/span><\/td>\n<td width=\"136\"><span style=\"font-family: times new roman, times, serif; font-size: 10pt;\"><strong>Vorname (normiert)<\/strong><\/span><\/td>\n<td style=\"text-align: center;\" width=\"76\"><span style=\"font-family: times new roman, times, serif; font-size: 10pt;\"><strong>geboren<\/strong><\/span><\/td>\n<td style=\"text-align: center;\" width=\"76\"><span style=\"font-family: times new roman, times, serif; font-size: 10pt;\"><strong>getauft<\/strong><\/span><\/td>\n<td style=\"text-align: center;\" width=\"69\"><span style=\"font-family: times new roman, times, serif; font-size: 10pt;\"><strong>konfirmiert<\/strong><\/span><\/td>\n<td style=\"text-align: center;\" width=\"69\"><span style=\"font-family: times new roman, times, serif; font-size: 10pt;\"><strong>gestorben<\/strong><\/span><\/td>\n<td style=\"text-align: center;\" width=\"67\"><span style=\"font-family: times new roman, times, serif; font-size: 10pt;\"><strong>begraben<\/strong><\/span><\/td>\n<td style=\"text-align: center;\" width=\"38\"><span style=\"font-family: times new roman, times, serif; font-size: 10pt;\"><strong>Alter<\/strong><\/span><\/td>\n<td style=\"text-align: center;\" width=\"43\"><span style=\"font-family: times new roman, times, serif; font-size: 10pt;\"><strong>Stand<\/strong><\/span><\/td>\n<\/tr>\n<tr>\n<td style=\"text-align: center;\" width=\"30\"><span style=\"font-family: times new roman, times, serif; font-size: 10pt;\">1<\/span><\/td>\n<td width=\"136\"><span style=\"font-family: times new roman, times, serif; font-size: 10pt;\">Johann Jost<\/span><\/td>\n<td style=\"text-align: center;\" width=\"76\"><span style=\"font-family: times new roman, times, serif; font-size: 10pt;\">10.09.1716<\/span><\/td>\n<td style=\"text-align: center;\" width=\"76\"><span style=\"font-family: times new roman, times, serif; font-size: 10pt;\">13.09.1716<\/span><\/td>\n<td style=\"text-align: center;\" width=\"69\"><\/td>\n<td style=\"text-align: center;\" width=\"69\"><\/td>\n<td style=\"text-align: center;\" width=\"67\"><\/td>\n<td style=\"text-align: center;\" width=\"38\"><\/td>\n<td style=\"text-align: center;\" width=\"43\"><\/td>\n<\/tr>\n<tr>\n<td style=\"text-align: center;\"><span style=\"font-family: times new roman, times, serif; font-size: 10pt;\">2<\/span><\/td>\n<td><span style=\"font-family: times new roman, times, serif; font-size: 10pt;\">Johann Wilhelm Kuno<\/span><\/td>\n<td style=\"text-align: center;\"><span style=\"font-family: times new roman, times, serif; font-size: 10pt;\">29.04.1719<\/span><\/td>\n<td style=\"text-align: center;\"><span style=\"font-family: times new roman, times, serif; font-size: 10pt;\">01.05.1719<\/span><\/td>\n<td style=\"text-align: center;\"><\/td>\n<td style=\"text-align: center;\"><\/td>\n<td style=\"text-align: center;\"><\/td>\n<td style=\"text-align: center;\"><\/td>\n<td style=\"text-align: center;\"><\/td>\n<\/tr>\n<\/tbody>\n<\/table>\n<p><span style=\"font-family: times new roman, times, serif; font-size: 10pt;\"><strong>Eintragstexte:<\/strong><\/span><\/p>\n<p style=\"text-align: justify;\"><span style=\"font-family: times new roman, times, serif; font-size: 10pt;\"><strong>zu 1)<\/strong> <em>Den 10ten Sept[embris] morgens vor 1 Uhr nat[us] et 13 renat[us] Johann Jost, Ullrich Reiffarts v[nd] Ann\u00e6 Catharin\u00e6 filiol[us], \u2026 papist. relig. Susc[eptores]: Johannes Leonhard alhir; Joh. Jost Reiffart von Lohnsheim <\/em>[<em>Lohns- <\/em>?]<em> bey Altzey; v[nd] Maria, Gerhard Welschen, Hilchischen Hoffmanns Fr[au] zu Winterwerb; omnes rel. papist.<\/em><\/span><\/p>\n<p style=\"text-align: justify;\"><span style=\"font-family: times new roman, times, serif; font-size: 10pt;\"><strong>zu 2)<\/strong> <em>Den 29ten Apr[ilis] nat[us] et 1 Maji renat[us] Johann Willhelmo Chuno, Ullrich Reifferts u[nd] Ann\u00e6 Catharin\u00e6 filiol[us]. Susc[eptores]: Johann Willhelm Mino von Singhoffen; Johannes Cuno N., Schulthei\u00df zu Dahlheim; u. Fr[au] Anna Catharina, H[errn] Joh. Anthon Tr\u00fcbenbachs, Schulpr\u00e6cept[oris], uxor.<\/em><\/span><\/p>\n<hr \/>\n<p><span style=\"font-family: times new roman, times, serif; font-size: 10pt;\"><span style=\"color: #ff0000;\"><strong><u><a id=\"reit\"><\/a>Reit<\/u><\/strong><strong>, Johannes:<\/strong> <\/span>Soldat unter Kurmainz<\/span><\/p>\n<p><span style=\"font-family: times new roman, times, serif; font-size: 10pt;\"><strong>oo<\/strong> mit<strong> N. N.:<\/strong> verkauft Arzneimittel<\/span><\/p>\n<table>\n<tbody>\n<tr>\n<td style=\"text-align: center;\" width=\"30\"><span style=\"font-family: times new roman, times, serif; font-size: 10pt;\"><strong>Nr.<\/strong><\/span><\/td>\n<td width=\"135\"><span style=\"font-family: times new roman, times, serif; font-size: 10pt;\"><strong>Vorname (normiert)<\/strong><\/span><\/td>\n<td style=\"text-align: center;\" width=\"76\"><span style=\"font-family: times new roman, times, serif; font-size: 10pt;\"><strong>geboren<\/strong><\/span><\/td>\n<td style=\"text-align: center;\" width=\"76\"><span style=\"font-family: times new roman, times, serif; font-size: 10pt;\"><strong>getauft<\/strong><\/span><\/td>\n<td style=\"text-align: center;\" width=\"69\"><span style=\"font-family: times new roman, times, serif; font-size: 10pt;\"><strong>konfirmiert<\/strong><\/span><\/td>\n<td style=\"text-align: center;\" width=\"69\"><span style=\"font-family: times new roman, times, serif; font-size: 10pt;\"><strong>gestorben<\/strong><\/span><\/td>\n<td style=\"text-align: center;\" width=\"67\"><span style=\"font-family: times new roman, times, serif; font-size: 10pt;\"><strong>begraben<\/strong><\/span><\/td>\n<td style=\"text-align: center;\" width=\"38\"><span style=\"font-family: times new roman, times, serif; font-size: 10pt;\"><strong>Alter<\/strong><\/span><\/td>\n<td style=\"text-align: center;\" width=\"44\"><span style=\"font-family: times new roman, times, serif; font-size: 10pt;\"><strong>Stand<\/strong><\/span><\/td>\n<\/tr>\n<tr>\n<td style=\"text-align: center;\" width=\"30\"><span style=\"font-family: times new roman, times, serif; font-size: 10pt;\">1<\/span><\/td>\n<td width=\"135\"><span style=\"font-family: times new roman, times, serif; font-size: 10pt;\">Philipp Peter<\/span><\/td>\n<td style=\"text-align: center;\" width=\"76\"><span style=\"font-family: times new roman, times, serif; font-size: 10pt;\">12.05.1710<\/span><\/td>\n<td style=\"text-align: center;\" width=\"76\"><span style=\"font-family: times new roman, times, serif; font-size: 10pt;\">16.05.1710<\/span><\/td>\n<td style=\"text-align: center;\" width=\"69\"><\/td>\n<td style=\"text-align: center;\" width=\"69\"><\/td>\n<td style=\"text-align: center;\" width=\"67\"><\/td>\n<td style=\"text-align: center;\" width=\"38\"><\/td>\n<td style=\"text-align: center;\" width=\"44\"><\/td>\n<\/tr>\n<\/tbody>\n<\/table>\n<p style=\"text-align: justify;\"><span style=\"font-family: times new roman, times, serif; font-size: 10pt;\">Eintragstext: <em>Montag, den 12 Maij morgen\u00df umb 5 Vhrn ist Joh. Reiten, eines Soldaten, Hau\u00dffraw, vnter Chur Maintz stehende, so mit allerhand Artzeney Mitteln feil zu tragen umbgangen, allhie eines jungen Sohn\u00df gewe\u00dfen, welcher den 16 ejusd[em], am Freytag getauft worden. Gev. sind gewe\u00dfen: Phil. David G\u00e4n\u00dfmann; Johann Peter Schmied; Elisabeth[a] Magdal., meine Tochter; Anna Christina, Joh. Phil. Mayen Hau\u00dffr; alle allhier; vnd die\u00dfe hat Anna Fron[ica], Joh. Michel\u00df au\u00df dem guldenen Adler zu L[angen] Schwalbach Frawen, Stell Stelle vertretten. Sein Nahm ist Phil. Peter.<\/em><\/span><\/p>\n<hr \/>\n<p style=\"text-align: justify;\"><span style=\"font-family: times new roman, times, serif; font-size: 10pt;\"><span style=\"color: #ff0000;\"><strong><u><a id=\"rhod\"><\/a>Rhodius<\/u><\/strong><strong>, Johann Wendel:<\/strong> <\/span>Pfarrer in Niederbachheim (1637 abgebrannt und noch 1648 unbewohnt), dann in Dachsenhausen (OFB Dachsenhausen, Nr. 2075)<\/span><\/p>\n<p><span style=\"font-family: times new roman, times, serif; font-size: 10pt;\"><strong>oo<\/strong> mit <strong>Katharina: <\/strong>bg. 09.10.1672 Niederbachheim, 76 Jahre alt, Witwe<strong><br \/>\n<\/strong><\/span><\/p>\n<table>\n<tbody>\n<tr>\n<td style=\"text-align: center;\" width=\"30\"><span style=\"font-family: times new roman, times, serif; font-size: 10pt;\"><strong>Nr.<\/strong><\/span><\/td>\n<td width=\"138\"><span style=\"font-family: times new roman, times, serif; font-size: 10pt;\"><strong>Vorname (normiert)<\/strong><\/span><\/td>\n<td style=\"text-align: center;\" width=\"75\"><span style=\"font-family: times new roman, times, serif; font-size: 10pt;\"><strong>geboren<\/strong><\/span><\/td>\n<td style=\"text-align: center;\" width=\"75\"><span style=\"font-family: times new roman, times, serif; font-size: 10pt;\"><strong>getauft<\/strong><\/span><\/td>\n<td style=\"text-align: center;\" width=\"77\"><span style=\"font-family: times new roman, times, serif; font-size: 10pt;\"><strong>konfirmiert<\/strong><\/span><\/td>\n<td style=\"text-align: center;\" width=\"64\"><span style=\"font-family: times new roman, times, serif; font-size: 10pt;\"><strong>gestorben<\/strong><\/span><\/td>\n<td style=\"text-align: center;\" width=\"63\"><span style=\"font-family: times new roman, times, serif; font-size: 10pt;\"><strong>begraben<\/strong><\/span><\/td>\n<td style=\"text-align: center;\" width=\"35\"><span style=\"font-family: times new roman, times, serif; font-size: 10pt;\"><strong>Alter<\/strong><\/span><\/td>\n<td style=\"text-align: center;\" width=\"46\"><span style=\"font-family: times new roman, times, serif; font-size: 10pt;\"><strong>Stand<\/strong><\/span><\/td>\n<\/tr>\n<tr>\n<td style=\"text-align: center;\" width=\"30\"><span style=\"font-family: times new roman, times, serif; font-size: 10pt;\">1<\/span><\/td>\n<td width=\"138\"><span style=\"font-family: times new roman, times, serif; font-size: 10pt;\">Elisabeth Katharina<\/span><\/td>\n<td style=\"text-align: center;\" width=\"75\"><\/td>\n<td style=\"text-align: center;\" width=\"75\"><\/td>\n<td style=\"text-align: center;\" width=\"77\"><\/td>\n<td style=\"text-align: center;\" width=\"64\"><\/td>\n<td style=\"text-align: center;\" width=\"63\"><span style=\"font-family: times new roman, times, serif; font-size: 10pt;\">22.08.1635<\/span><\/td>\n<td style=\"text-align: center;\" width=\"35\"><\/td>\n<td style=\"text-align: center;\" width=\"46\"><\/td>\n<\/tr>\n<tr>\n<td style=\"text-align: center;\"><span style=\"font-family: times new roman, times, serif; font-size: 10pt;\">2<\/span><\/td>\n<td><span style=\"font-family: times new roman, times, serif; font-size: 10pt;\">Magdalena<\/span><\/td>\n<td style=\"text-align: center;\"><\/td>\n<td style=\"text-align: center;\"><\/td>\n<td style=\"text-align: center;\"><\/td>\n<td style=\"text-align: center;\"><\/td>\n<td style=\"text-align: center;\"><span style=\"font-family: times new roman, times, serif; font-size: 10pt;\">13.11.1635<\/span><\/td>\n<td style=\"text-align: center;\"><\/td>\n<td style=\"text-align: center;\"><\/td>\n<\/tr>\n<tr>\n<td style=\"text-align: center;\"><span style=\"font-family: times new roman, times, serif; font-size: 10pt;\">3<\/span><\/td>\n<td><span style=\"font-family: times new roman, times, serif; font-size: 10pt;\">Johann Gottfried<\/span><\/td>\n<td style=\"text-align: center;\"><\/td>\n<td style=\"text-align: center;\"><\/td>\n<td style=\"text-align: center;\"><\/td>\n<td style=\"text-align: center;\"><\/td>\n<td style=\"text-align: center;\"><span style=\"font-family: times new roman, times, serif; font-size: 10pt;\">13.11.1635<\/span><\/td>\n<td style=\"text-align: center;\"><\/td>\n<td style=\"text-align: center;\"><\/td>\n<\/tr>\n<tr>\n<td style=\"text-align: center;\"><span style=\"font-family: times new roman, times, serif; font-size: 10pt;\">4<\/span><\/td>\n<td><span style=\"font-family: times new roman, times, serif; font-size: 10pt;\">Gottfried<\/span><\/td>\n<td style=\"text-align: center;\"><\/td>\n<td style=\"text-align: center;\"><\/td>\n<td style=\"text-align: center;\"><\/td>\n<td style=\"text-align: center;\"><span style=\"font-family: times new roman, times, serif; font-size: 10pt;\">27.10.1692<\/span><\/td>\n<td style=\"text-align: center;\"><span style=\"font-family: times new roman, times, serif; font-size: 10pt;\">30.10.1692<\/span><\/td>\n<td style=\"text-align: center;\"><\/td>\n<td style=\"text-align: center;\"><span style=\"font-family: times new roman, times, serif; font-size: 10pt;\">verh.<\/span><\/td>\n<\/tr>\n<tr>\n<td style=\"text-align: center;\"><span style=\"font-family: times new roman, times, serif; font-size: 10pt;\">5<\/span><\/td>\n<td><span style=\"font-family: times new roman, times, serif; font-size: 10pt;\">Anna Katharina<\/span><\/td>\n<td style=\"text-align: center;\"><\/td>\n<td style=\"text-align: center;\"><\/td>\n<td style=\"text-align: center;\"><\/td>\n<td style=\"text-align: center;\"><span style=\"font-family: times new roman, times, serif; font-size: 10pt;\">16.09.1676<\/span><\/td>\n<td style=\"text-align: center;\"><span style=\"font-family: times new roman, times, serif; font-size: 10pt;\">18.09.1676<\/span><\/td>\n<td style=\"text-align: center;\"><\/td>\n<td style=\"text-align: center;\"><span style=\"font-family: times new roman, times, serif; font-size: 10pt;\">verh.<\/span><\/td>\n<\/tr>\n<tr>\n<td style=\"text-align: center;\"><span style=\"font-family: times new roman, times, serif; font-size: 10pt;\">6<\/span><\/td>\n<td><span style=\"font-family: times new roman, times, serif; font-size: 10pt;\">Johann Friedrich<\/span><\/td>\n<td style=\"text-align: center;\"><span style=\"font-family: times new roman, times, serif; font-size: 10pt;\">xx.xx.1649<\/span><\/td>\n<td style=\"text-align: center;\"><\/td>\n<td style=\"text-align: center;\"><\/td>\n<td style=\"text-align: center;\"><span style=\"font-family: times new roman, times, serif; font-size: 10pt;\">20.11.1724<\/span><\/td>\n<td style=\"text-align: center;\"><\/td>\n<td style=\"text-align: center;\"><\/td>\n<td style=\"text-align: center;\"><span style=\"font-family: times new roman, times, serif; font-size: 10pt;\">verh.<\/span><\/td>\n<\/tr>\n<tr>\n<td style=\"text-align: center;\"><span style=\"font-family: times new roman, times, serif; font-size: 10pt;\">7<br \/>\n<\/span><\/td>\n<td><span style=\"font-family: times new roman, times, serif; font-size: 10pt;\">C\u00e4cilie Zeitlose<br \/>\n<\/span><\/td>\n<td style=\"text-align: center;\"><span style=\"font-family: times new roman, times, serif; font-size: 10pt;\">1626<br \/>\n<\/span><\/td>\n<td style=\"text-align: center;\"><\/td>\n<td style=\"text-align: center;\"><\/td>\n<td style=\"text-align: center;\"><span style=\"font-family: times new roman, times, serif; font-size: 10pt;\">22.03.1676<br \/>\n<\/span><\/td>\n<td style=\"text-align: center;\"><\/td>\n<td style=\"text-align: center;\"><\/td>\n<td style=\"text-align: center;\"><span style=\"font-family: times new roman, times, serif; font-size: 10pt;\">verh.<br \/>\n<\/span><\/td>\n<\/tr>\n<\/tbody>\n<\/table>\n<p style=\"text-align: justify;\"><span style=\"font-family: times new roman, times, serif; font-size: 10pt;\">Kind Nr. 1), 2), 3) bg. Braubach<br \/>\n<\/span><span style=\"font-family: times new roman, times, serif; font-size: 10pt;\">Kind Nr. 4) 70 Jahre alt; oo mit Anna Katharina N. N.; Fam. wohnt in Niederbachheim<br \/>\n<\/span><span style=\"font-family: times new roman, times, serif; font-size: 10pt;\">Kind Nr. 5) 37 Jahre alt; oo mit Johannes J\u00fcnger\/Junior, Pfarrer in Niederbachheim<br \/>\n<\/span><span style=\"font-family: times new roman, times, serif; font-size: 10pt;\">Kind Nr. 6) Kind Nr. 6) 1671-1701 Pfarrer in Dachsenhausen, 1701-1724 in Cramberg; bg. 20.11.1724 Cramberg (Cramberg, KB 2, Bild 161 auf archion.de); oo mit Eleonora Katharina Grusemann (bg. 03.07.1738 Cramberg (Cramberg, KB 2, Bild 164 auf archion.de)) (OFB Dachsenhausen, Nr. 2076)<br \/>\n<\/span><span style=\"font-family: times new roman, times, serif; font-size: 10pt;\">Kind Nr. 7) wegen Hexerei enthauptet; + Idstein; oo 1649 mit Johannes Wicht, Pfarrer in Heftrich (<a href=\"https:\/\/de.wikipedia.org\/wiki\/C%C3%A4cilie_Zeitlose_Wicht\">https:\/\/de.wikipedia.org\/wiki\/C%C3%A4cilie_Zeitlose_Wicht<\/a>)<\/span><\/p>\n<hr \/>\n<p style=\"text-align: justify;\"><span style=\"font-family: times new roman, times, serif; font-size: 10pt;\"><span style=\"color: #ff0000;\"><strong><u>Rhod<\/u><\/strong><strong>, Gottfried:<\/strong>\u00a0<\/span>ist steinisch leibeigen; vierherrischer Gerichtssch\u00f6ffe zu Marienfels, Kirchensenior und Almosenpfleger in Niederbachheim; ist nach den Einwohnerverzeichnissen 1658 23 Jahre und 1665 32 Jahre alt, Schatzung: 141 fl.; + 27.10.1692 Niederbachheim, 70 Jahre alt (bg. 30.10.); Sohn des Johann Wendel Rhod, Pfarrer in Dachsenhausen (OFB Dachsenhausen, Nr. 2075)<\/span><\/p>\n<p><span style=\"font-family: times new roman, times, serif; font-size: 10pt;\"><strong>oo<\/strong> mit <strong>Anna Katharina:<\/strong> bg. 19.01.1692, 61 Jahre alt; ist nach den Einwohnerverzeichnissen 1658 30 Jahre und 1665 40 Jahre alt<\/span><\/p>\n<table style=\"width: 839px;\">\n<tbody>\n<tr>\n<td style=\"text-align: center; width: 51px;\" width=\"30\"><span style=\"font-family: times new roman, times, serif; font-size: 10pt;\"><strong>Nr.<\/strong><\/span><\/td>\n<td style=\"width: 174px;\" width=\"138\"><span style=\"font-family: times new roman, times, serif; font-size: 10pt;\"><strong>Vorname (normiert)<\/strong><\/span><\/td>\n<td style=\"text-align: center; width: 102px;\" width=\"75\"><span style=\"font-family: times new roman, times, serif; font-size: 10pt;\"><strong>geboren<\/strong><\/span><\/td>\n<td style=\"text-align: center; width: 102px;\" width=\"75\"><span style=\"font-family: times new roman, times, serif; font-size: 10pt;\"><strong>getauft<\/strong><\/span><\/td>\n<td style=\"text-align: center; width: 105px;\" width=\"77\"><span style=\"font-family: times new roman, times, serif; font-size: 10pt;\"><strong>konfirmiert<\/strong><\/span><\/td>\n<td style=\"text-align: center; width: 90px;\" width=\"64\"><span style=\"font-family: times new roman, times, serif; font-size: 10pt;\"><strong>gestorben<\/strong><\/span><\/td>\n<td style=\"text-align: center; width: 89px;\" width=\"63\"><span style=\"font-family: times new roman, times, serif; font-size: 10pt;\"><strong>begraben<\/strong><\/span><\/td>\n<td style=\"text-align: center; width: 57px;\" width=\"35\"><span style=\"font-family: times new roman, times, serif; font-size: 10pt;\"><strong>Alter<\/strong><\/span><\/td>\n<td style=\"text-align: center; width: 69px;\" width=\"46\"><span style=\"font-family: times new roman, times, serif; font-size: 10pt;\"><strong>Stand<\/strong><\/span><\/td>\n<\/tr>\n<tr>\n<td style=\"text-align: center; width: 51px;\" width=\"30\"><span style=\"font-family: times new roman, times, serif; font-size: 10pt;\">1<\/span><\/td>\n<td style=\"width: 174px;\" width=\"138\"><span style=\"font-family: times new roman, times, serif; font-size: 10pt;\">Maria C\u00e4cilia\/Zeitlose<\/span><\/td>\n<td style=\"width: 102px; text-align: center;\" width=\"75\"><span style=\"font-family: times new roman, times, serif; font-size: 10pt;\">ca. 1652<\/span><\/td>\n<td style=\"text-align: center; width: 102px;\" width=\"75\"><\/td>\n<td style=\"text-align: center; width: 105px;\" width=\"77\"><\/td>\n<td style=\"text-align: center; width: 90px;\" width=\"64\"><\/td>\n<td style=\"text-align: center; width: 89px;\" width=\"63\"><\/td>\n<td style=\"text-align: center; width: 57px;\" width=\"35\"><\/td>\n<td style=\"text-align: center; width: 69px;\" width=\"46\"><span style=\"font-family: times new roman, times, serif; font-size: 10pt;\">verh.<\/span><\/td>\n<\/tr>\n<tr>\n<td style=\"text-align: center; width: 51px;\"><span style=\"font-family: times new roman, times, serif; font-size: 10pt;\">2<\/span><\/td>\n<td style=\"width: 174px;\"><span style=\"font-family: times new roman, times, serif; font-size: 10pt;\">Elisabeth Katharina<\/span><\/td>\n<td style=\"width: 102px; text-align: center;\"><span style=\"font-family: times new roman, times, serif; font-size: 10pt;\">ca. 1656<\/span><\/td>\n<td style=\"text-align: center; width: 102px;\"><\/td>\n<td style=\"text-align: center; width: 105px;\"><span style=\"font-family: times new roman, times, serif; font-size: 10pt;\">22.05.1670<\/span><\/td>\n<td style=\"text-align: center; width: 90px;\"><\/td>\n<td style=\"text-align: center; width: 89px;\"><\/td>\n<td style=\"text-align: center; width: 57px;\"><\/td>\n<td style=\"text-align: center; width: 69px;\"><span style=\"font-family: times new roman, times, serif; font-size: 10pt;\">verh.<\/span><\/td>\n<\/tr>\n<tr>\n<td style=\"text-align: center; width: 51px;\"><span style=\"font-family: times new roman, times, serif; font-size: 10pt;\">3<\/span><\/td>\n<td style=\"width: 174px;\"><span style=\"font-family: times new roman, times, serif; font-size: 10pt;\">Maria Magdalena<\/span><\/td>\n<td style=\"width: 102px; text-align: center;\"><span style=\"font-family: times new roman, times, serif; font-size: 10pt;\">ca. 1658<\/span><\/td>\n<td style=\"text-align: center; width: 102px;\"><\/td>\n<td style=\"text-align: center; width: 105px;\"><span style=\"font-family: times new roman, times, serif; font-size: 10pt;\">22.05.1670<\/span><\/td>\n<td style=\"text-align: center; width: 90px;\"><\/td>\n<td style=\"text-align: center; width: 89px;\"><\/td>\n<td style=\"text-align: center; width: 57px;\"><\/td>\n<td style=\"text-align: center; width: 69px;\"><span style=\"font-family: times new roman, times, serif; font-size: 10pt;\">verh.<\/span><\/td>\n<\/tr>\n<tr>\n<td style=\"text-align: center; width: 51px;\"><span style=\"font-family: times new roman, times, serif; font-size: 10pt;\">4<\/span><\/td>\n<td style=\"width: 174px;\"><span style=\"font-family: times new roman, times, serif; font-size: 10pt;\">Johann Konrad<\/span><\/td>\n<td style=\"width: 102px; text-align: center;\"><span style=\"font-family: times new roman, times, serif; font-size: 10pt;\">ca. 1660<\/span><\/td>\n<td style=\"text-align: center; width: 102px;\"><\/td>\n<td style=\"text-align: center; width: 105px;\"><span style=\"font-family: times new roman, times, serif; font-size: 10pt;\">07.06.1674<\/span><\/td>\n<td style=\"text-align: center; width: 90px;\"><\/td>\n<td style=\"text-align: center; width: 89px;\"><\/td>\n<td style=\"text-align: center; width: 57px;\"><\/td>\n<td style=\"text-align: center; width: 69px;\"><span style=\"font-family: times new roman, times, serif; font-size: 10pt;\">verh.<\/span><\/td>\n<\/tr>\n<tr>\n<td style=\"text-align: center; width: 51px;\"><span style=\"font-family: times new roman, times, serif; font-size: 10pt;\">5<\/span><\/td>\n<td style=\"width: 174px;\"><span style=\"font-family: times new roman, times, serif; font-size: 10pt;\">Anna Christina<\/span><\/td>\n<td style=\"width: 102px; text-align: center;\"><span style=\"font-family: times new roman, times, serif; font-size: 10pt;\">ca. 1663<\/span><\/td>\n<td style=\"text-align: center; width: 102px;\"><\/td>\n<td style=\"text-align: center; width: 105px;\"><span style=\"font-family: times new roman, times, serif; font-size: 10pt;\">14.05.1676<\/span><\/td>\n<td style=\"text-align: center; width: 90px;\"><\/td>\n<td style=\"text-align: center; width: 89px;\"><\/td>\n<td style=\"text-align: center; width: 57px;\"><\/td>\n<td style=\"text-align: center; width: 69px;\"><span style=\"font-size: 10pt; font-family: times new roman, times, serif;\">verh.<\/span><\/td>\n<\/tr>\n<tr>\n<td style=\"text-align: center; width: 51px;\"><span style=\"font-family: times new roman, times, serif; font-size: 10pt;\">6<\/span><\/td>\n<td style=\"width: 174px;\"><span style=\"font-family: times new roman, times, serif; font-size: 10pt;\">Johann David<\/span><\/td>\n<td style=\"text-align: center; width: 102px;\"><\/td>\n<td style=\"text-align: center; width: 102px;\"><\/td>\n<td style=\"text-align: center; width: 105px;\"><span style=\"font-family: times new roman, times, serif; font-size: 10pt;\">19.05.1678<\/span><\/td>\n<td style=\"text-align: center; width: 90px;\"><\/td>\n<td style=\"text-align: center; width: 89px;\"><\/td>\n<td style=\"text-align: center; width: 57px;\"><\/td>\n<td style=\"text-align: center; width: 69px;\"><span style=\"font-family: times new roman, times, serif; font-size: 10pt;\">verh.<\/span><\/td>\n<\/tr>\n<tr>\n<td style=\"text-align: center; width: 51px;\"><span style=\"font-family: times new roman, times, serif; font-size: 10pt;\">7<\/span><\/td>\n<td style=\"width: 174px;\"><span style=\"font-family: times new roman, times, serif; font-size: 10pt;\">Anna Margaretha<\/span><\/td>\n<td style=\"text-align: center; width: 102px;\"><\/td>\n<td style=\"text-align: center; width: 102px;\"><span style=\"font-family: times new roman, times, serif; font-size: 10pt;\">08.03.1668<\/span><\/td>\n<td style=\"text-align: center; width: 105px;\"><span style=\"font-family: times new roman, times, serif; font-size: 10pt;\">22.05.1681<\/span><\/td>\n<td style=\"text-align: center; width: 90px;\"><\/td>\n<td style=\"text-align: center; width: 89px;\"><\/td>\n<td style=\"text-align: center; width: 57px;\"><\/td>\n<td style=\"text-align: center; width: 69px;\"><span style=\"font-family: times new roman, times, serif; font-size: 10pt;\">verh.<\/span><\/td>\n<\/tr>\n<tr>\n<td style=\"text-align: center; width: 51px;\"><span style=\"font-family: times new roman, times, serif; font-size: 10pt;\">8<\/span><\/td>\n<td style=\"width: 174px;\"><span style=\"font-family: times new roman, times, serif; font-size: 10pt;\">Johann Andreas<\/span><\/td>\n<td style=\"text-align: center; width: 102px;\"><\/td>\n<td style=\"text-align: center; width: 102px;\"><span style=\"font-family: times new roman, times, serif; font-size: 10pt;\">14.08.1670<\/span><\/td>\n<td style=\"text-align: center; width: 105px;\"><span style=\"font-family: times new roman, times, serif; font-size: 10pt;\">27.05.1683<\/span><\/td>\n<td style=\"text-align: center; width: 90px;\"><\/td>\n<td style=\"text-align: center; width: 89px;\"><\/td>\n<td style=\"text-align: center; width: 57px;\"><\/td>\n<td style=\"text-align: center; width: 69px;\"><span style=\"font-family: times new roman, times, serif; font-size: 10pt;\">verh.<\/span><\/td>\n<\/tr>\n<tr>\n<td style=\"text-align: center; width: 51px;\"><span style=\"font-family: times new roman, times, serif; font-size: 10pt;\">9<\/span><\/td>\n<td style=\"width: 174px;\"><span style=\"font-family: times new roman, times, serif; font-size: 10pt;\">Anna Maria<\/span><\/td>\n<td style=\"text-align: center; width: 102px;\"><span style=\"font-family: times new roman, times, serif; font-size: 10pt;\">25.02.1673<\/span><\/td>\n<td style=\"text-align: center; width: 102px;\"><span style=\"font-family: times new roman, times, serif; font-size: 10pt;\">02.03.1673<\/span><\/td>\n<td style=\"text-align: center; width: 105px;\"><span style=\"font-family: times new roman, times, serif; font-size: 10pt;\">23.05.1686<\/span><\/td>\n<td style=\"text-align: center; width: 90px;\"><\/td>\n<td style=\"text-align: center; width: 89px;\"><\/td>\n<td style=\"text-align: center; width: 57px;\"><\/td>\n<td style=\"text-align: center; width: 69px;\"><span style=\"font-family: times new roman, times, serif; font-size: 10pt;\">verh.<\/span><\/td>\n<\/tr>\n<tr>\n<td style=\"text-align: center; width: 51px;\"><span style=\"font-family: times new roman, times, serif; font-size: 10pt;\">10<\/span><\/td>\n<td style=\"width: 174px;\"><span style=\"font-family: times new roman, times, serif; font-size: 10pt;\">Anna Juliana<\/span><\/td>\n<td style=\"text-align: center; width: 102px;\"><span style=\"font-family: times new roman, times, serif; font-size: 10pt;\">15.08.1675<\/span><\/td>\n<td style=\"text-align: center; width: 102px;\"><span style=\"font-family: times new roman, times, serif; font-size: 10pt;\">22.08.1675<\/span><\/td>\n<td style=\"text-align: center; width: 105px;\"><span style=\"font-family: times new roman, times, serif; font-size: 10pt;\">03.06.1688<\/span><\/td>\n<td style=\"text-align: center; width: 90px;\"><\/td>\n<td style=\"text-align: center; width: 89px;\"><\/td>\n<td style=\"text-align: center; width: 57px;\"><\/td>\n<td style=\"text-align: center; width: 69px;\"><span style=\"font-family: times new roman, times, serif; font-size: 10pt;\">verh.<\/span><\/td>\n<\/tr>\n<\/tbody>\n<\/table>\n<p style=\"text-align: justify;\"><span style=\"font-family: times new roman, times, serif; font-size: 10pt;\">Kind Nr. 1) ist nach den Einwohnerverzeichnissen 1658 6 und 1665 14 Jahre alt; oo 01.12.1668 Niederbachheim mit Ambrosius G\u00f6ller aus Nochern; Fam. wohnt in Niederbachheim und Nochern<br \/>\n<\/span><span style=\"font-family: times new roman, times, serif; font-size: 10pt;\">Kind Nr. 2) ist nach den Einwohnerverzeichnissen 1658 2 und 1665 11 Jahre alt; oo 23.11.1680 Niederbachheim mit Laurentius Collen aus Nast\u00e4tten<br \/>\n<\/span><span style=\"font-family: times new roman, times, serif; font-size: 10pt;\">Kind Nr. 3) ist nach den Einwohnerverzeichnissen 1658 \u00bc und 1665 8 Jahre alt; oo 24.01.1682 Niederbachheim mit Johann Philipp Schmidt aus Kehlbach<br \/>\n<\/span><span style=\"font-family: times new roman, times, serif; font-size: 10pt;\">Kind Nr. 4) ist nach dem Einwohnerverzeichnis 1665 6 Jahre alt; oo 17.08.1694 Niederbachheim mit Maria Katharina Weigand aus Winterwerb; Fam. wohnt in Winterwerb<br \/>\n<\/span><span style=\"font-family: times new roman, times, serif; font-size: 10pt;\">Kind Nr. 5) ist nach dem Einwohnerverzeichnis 1665 2 Jahre alt; oo mit Johann Wilhelm Fuhr aus Endlichhofen; Fam. wohnt in Endlichhofen (Pfarrei Ruppertshofen), eine Taufe 1706 in Niederbachheim, s. u. Fuhr<br \/>\n<\/span><span style=\"font-family: times new roman, times, serif; font-size: 10pt;\">Kind Nr. 6) oo 04.05.1697 Niederbachheim mit Eva Magdalena Fuhr aus Endlichhofen; Fam. wohnt in Niederbachheim<br \/>\n<\/span><span style=\"font-family: times new roman, times, serif; font-size: 10pt;\">Kind Nr. 7) wurde lt. Traueintrag kath.; oo xx.06.1692 Niederbachheim mit Johann Nikolaus Muchi aus Oberselters; kath.; Fam. wohnt in Niederbachheim<br \/>\n<\/span><span style=\"font-family: times new roman, times, serif; font-size: 10pt;\">Kind Nr. 8) oo 23.10.1694 Niederbachheim mit Anna Barbara Aulmann geb. N. N., Witwe des Johann Daniel Aulmann in Niederbachheim (bg. 16.09.1693)<br \/>\n<\/span><span style=\"font-family: times new roman, times, serif; font-size: 10pt;\">Kind Nr. 9) oo 22.06.1706 Niederbachheim mit Johann Friedrich Witzky<br \/>\n<\/span><span style=\"font-family: times new roman, times, serif; font-size: 10pt;\">Kind Nr. 10) oo 09.02.1697 Niederbachheim mit Johann Christian Witzky, Witwer aus Niederbachheim (* Halberstadt); Fam. wohnt in Niederbachheim<\/span><\/p>\n<p><span style=\"font-family: times new roman, times, serif; font-size: 10pt;\"><strong>Eintragstexte:<\/strong><\/span><\/p>\n<p style=\"text-align: justify;\"><span style=\"font-family: times new roman, times, serif; font-size: 10pt;\"><strong>zu 7)<\/strong> <em>Den 8ten Mertz vff Judica hat Gottfried Rhodt, mein Schwager allhier zu Niederbacheim, eine junge Tochter taufen la\u00dfen. Gevattern sind gewe\u00dfen: Johann Thielmann, Johann Daniel Sommers Sohn von Oberbacheim; Anna Margretha, Caspar Bachumbs H[aus]fraw allhier zu Niederbacheim; vnd Anna Margretha, Johann Georg Bernhammers Tochter von Braubach. Ihr Nahm ist Anna Margretha; ist cathol. <\/em><\/span><\/p>\n<p style=\"text-align: justify;\"><span style=\"font-family: times new roman, times, serif; font-size: 10pt;\"><strong>zu 8)<\/strong> <em>Den 14 Augustj, Dom[inica] 11 post Trinitat[is], hat Gottfried Rhodt allhier, mein Schwager, einen jungen Sohn tauffen la\u00dfen. Gevattern sind gewe\u00dfen: Joh., der Pf[arre]r selbst; Joh. Andreas, Joh. Emrich Kohnmanns Sohn von Miehlen und Maria Margretha, Joh. Daniel Sommers Tochter von Oberbacheim. Sein Nahm ist Johann Andreas.<\/em><\/span><\/p>\n<p style=\"text-align: justify;\"><span style=\"font-family: times new roman, times, serif; font-size: 10pt;\"><strong>zu 9)<\/strong> <em>Den 25ten Febr[uarii] de\u00df Nachts zwischen 2 vnd 3 Vhrn ist Gottfr. Rhoden, mein Schwager allhie, eine junge Tochter zur Welt geboren vnd den 2ten Martij, Dom[inica] Oculi, getauft worden. Gevattern sindt gewe\u00dfen: Gertraudt, Johann Jacob Nemenichs H[aus]fraw von Mihlen; H[er]r Joh. Friedr. Rhodt, Pf[arre]r von Dach\u00dfenhau\u00dfen; vnd Anna Maria, Joh. Phil. Sommers H[aus]fraw von Oberbacheim. Ihr Nahm ist Anna Maria.<\/em><\/span><\/p>\n<p style=\"text-align: justify;\"><span style=\"font-family: times new roman, times, serif; font-size: 10pt;\"><strong>zu 10)<\/strong> <em>Den 15ten Augustj de\u00df Morgens zwischen 1 vnd 2 Vhrn ust Gottfried Rhoden, meinem Schwager allhier, eine junge Tochter geboren vnd den 22 ejusd[em] mensis, Dom[inica] 12 post Trin[itatis], getauft worden. Gev. sind gewe\u00dfen: Maria Julian[a], H[er]rn Philip\u00df Adam Werners, Stattbalbirers H[aus]fraw von Braubach; Johann Daniel, Johann Daniel Sommers Sohn von Oberbacheim; vnde Anna Rosina, H[er]rn Joh. Andre\u00e6 Rhoden, gewe\u00dfenen Pf[ar]r[er]s see[lig] zu Schweighau\u00dfen, al\u00df seines Bruders, hinderla\u00dfene Tochter. Ihr Nahm ist Anna Juliana.<\/em><\/span><\/p>\n<hr \/>\n<p><span style=\"font-family: times new roman, times, serif; font-size: 10pt;\"><span style=\"color: #ff0000;\"><strong><u>Rhod<\/u>, Hans Jakob:<\/strong> <\/span>aus Hanau; unter den zu Miehlen liegenden Grenadieren des Hauptmann Seboltzky<\/span><\/p>\n<p><span style=\"font-family: times new roman, times, serif; font-size: 10pt;\"><strong>oo<\/strong> mit <strong>N. N.<\/strong><\/span><\/p>\n<table>\n<tbody>\n<tr>\n<td style=\"text-align: center;\" width=\"30\"><span style=\"font-family: times new roman, times, serif; font-size: 10pt;\"><strong>Nr.<\/strong><\/span><\/td>\n<td width=\"137\"><span style=\"font-family: times new roman, times, serif; font-size: 10pt;\"><strong>Vorname (normiert)<\/strong><\/span><\/td>\n<td style=\"text-align: center;\" width=\"76\"><span style=\"font-family: times new roman, times, serif; font-size: 10pt;\"><strong>geboren<\/strong><\/span><\/td>\n<td style=\"text-align: center;\" width=\"76\"><span style=\"font-family: times new roman, times, serif; font-size: 10pt;\"><strong>getauft<\/strong><\/span><\/td>\n<td style=\"text-align: center;\" width=\"69\"><span style=\"font-family: times new roman, times, serif; font-size: 10pt;\"><strong>konfirmiert<\/strong><\/span><\/td>\n<td style=\"text-align: center;\" width=\"69\"><span style=\"font-family: times new roman, times, serif; font-size: 10pt;\"><strong>gestorben<\/strong><\/span><\/td>\n<td style=\"text-align: center;\" width=\"67\"><span style=\"font-family: times new roman, times, serif; font-size: 10pt;\"><strong>begraben<\/strong><\/span><\/td>\n<td style=\"text-align: center;\" width=\"37\"><span style=\"font-family: times new roman, times, serif; font-size: 10pt;\"><strong>Alter<\/strong><\/span><\/td>\n<td style=\"text-align: center;\" width=\"43\"><span style=\"font-family: times new roman, times, serif; font-size: 10pt;\"><strong>Stand<\/strong><\/span><\/td>\n<\/tr>\n<tr>\n<td style=\"text-align: center;\" width=\"30\"><span style=\"font-family: times new roman, times, serif; font-size: 10pt;\">1<\/span><\/td>\n<td width=\"137\"><span style=\"font-family: times new roman, times, serif; font-size: 10pt;\">Maria Katharina<\/span><\/td>\n<td style=\"text-align: center;\" width=\"76\"><span style=\"font-family: times new roman, times, serif; font-size: 10pt;\">08.12.1692<\/span><\/td>\n<td style=\"text-align: center;\" width=\"76\"><span style=\"font-family: times new roman, times, serif; font-size: 10pt;\">14.12.1692<\/span><\/td>\n<td style=\"text-align: center;\" width=\"69\"><\/td>\n<td style=\"text-align: center;\" width=\"69\"><\/td>\n<td style=\"text-align: center;\" width=\"67\"><\/td>\n<td style=\"text-align: center;\" width=\"37\"><\/td>\n<td style=\"text-align: center;\" width=\"43\"><\/td>\n<\/tr>\n<\/tbody>\n<\/table>\n<p style=\"text-align: justify;\"><span style=\"font-family: times new roman, times, serif; font-size: 10pt;\">Eintragstext: <em>Den 8ten [Decem]br[is] ist Han\u00df Jacob Rhoden au\u00df Hanau b\u00fcrtig, vnter Herrn Hauptmann Seboltzky zu Mihlen liegent Granatirern, eine junge Tochter geboren, welche in Abwe\u00dfenheit seiner, weil Rheinfel\u00df dazumahl von denen Frantzo\u00dfen belagert, i\u00e4mmerlich zerscho\u00dfen, aber gottlob nicht erobert vnd er daselbst sein mu\u00dfen, den 14 ejusdem getauft worden. Gevattern sind gewe\u00dfen: Maria Catharina, Merten Japhet Schmieds Tochter; Anna Maria, J. Henr. Imand, Nassau-Saarbr[\u00fcckischen] Schulthei\u00dfens, Hau\u00dffraw; vnd Thiel Pfeiffer al\u00df seiner Frawen Bruder; alle von Winterwerb. Ihr Nahm ist Maria Catharina.<\/em><\/span><\/p>\n<hr \/>\n<p style=\"text-align: justify;\"><span style=\"font-family: times new roman, times, serif; font-size: 10pt;\"><span style=\"color: #ff0000;\"><strong><u>Rhod<\/u><\/strong><strong>, Johann Andreas:<\/strong> <\/span>gt. 14.08.1670 Niederbachheim; konf. 27.05.1683; Eltern: Gottfried Rhod, vierherrischer Gerichtssch\u00f6ffe zu Marienfels, Kirchensenior und Almosenpfleger in Niederbachheim, und Anna Katharina<\/span><\/p>\n<p><span style=\"font-family: times new roman, times, serif; font-size: 10pt;\"><strong>oo 23.10.1694 Niederbachheim <\/strong>mit <strong><u>Aulmann<\/u>, Anna Barbara:<\/strong> oo I. mit Johann Daniel Aulmann (bg. 16.09.1693 Niederbachheim)<\/span><\/p>\n<table>\n<tbody>\n<tr>\n<td style=\"text-align: center;\" width=\"28\"><span style=\"font-family: times new roman, times, serif; font-size: 10pt;\"><strong>Nr.<\/strong><\/span><\/td>\n<td width=\"130\"><span style=\"font-family: times new roman, times, serif; font-size: 10pt;\"><strong>Vorname (normiert)<\/strong><\/span><\/td>\n<td style=\"text-align: center;\" width=\"75\"><span style=\"font-family: times new roman, times, serif; font-size: 10pt;\"><strong>geboren<\/strong><\/span><\/td>\n<td style=\"text-align: center;\" width=\"75\"><span style=\"font-family: times new roman, times, serif; font-size: 10pt;\"><strong>getauft<\/strong><\/span><\/td>\n<td style=\"text-align: center;\" width=\"69\"><span style=\"font-family: times new roman, times, serif; font-size: 10pt;\"><strong>konfirmiert<\/strong><\/span><\/td>\n<td style=\"text-align: center;\" width=\"77\"><span style=\"font-family: times new roman, times, serif; font-size: 10pt;\"><strong>gestorben<\/strong><\/span><\/td>\n<td style=\"text-align: center;\" width=\"75\"><span style=\"font-family: times new roman, times, serif; font-size: 10pt;\"><strong>begraben<\/strong><\/span><\/td>\n<td style=\"text-align: center;\" width=\"40\"><span style=\"font-family: times new roman, times, serif; font-size: 10pt;\"><strong>Alter<\/strong><\/span><\/td>\n<td style=\"text-align: center;\" width=\"40\"><span style=\"font-family: times new roman, times, serif; font-size: 10pt;\"><strong>Stand<\/strong><\/span><\/td>\n<\/tr>\n<tr>\n<td style=\"text-align: center;\" width=\"28\"><span style=\"font-family: times new roman, times, serif; font-size: 10pt;\">1<\/span><\/td>\n<td width=\"130\"><span style=\"font-family: times new roman, times, serif; font-size: 10pt;\">Johann Philipp<\/span><\/td>\n<td style=\"text-align: center;\" width=\"75\"><span style=\"font-family: times new roman, times, serif; font-size: 10pt;\">08.08.1695<\/span><\/td>\n<td style=\"text-align: center;\" width=\"75\"><span style=\"font-family: times new roman, times, serif; font-size: 10pt;\">15.08.1695<\/span><\/td>\n<td style=\"text-align: center;\" width=\"69\"><\/td>\n<td style=\"text-align: center;\" width=\"77\"><\/td>\n<td style=\"text-align: center;\" width=\"75\"><span style=\"font-family: times new roman, times, serif; font-size: 10pt;\">23.08.1695<\/span><\/td>\n<td style=\"text-align: center;\" width=\"40\"><span style=\"font-family: times new roman, times, serif; font-size: 10pt;\">0,02<\/span><\/td>\n<td style=\"text-align: center;\" width=\"40\"><\/td>\n<\/tr>\n<tr>\n<td style=\"text-align: center;\"><span style=\"font-family: times new roman, times, serif; font-size: 10pt;\">2<\/span><\/td>\n<td><span style=\"font-family: times new roman, times, serif; font-size: 10pt;\">Johann David<\/span><\/td>\n<td style=\"text-align: center;\"><span style=\"font-family: times new roman, times, serif; font-size: 10pt;\">28.11.1696<\/span><\/td>\n<td style=\"text-align: center;\"><span style=\"font-family: times new roman, times, serif; font-size: 10pt;\">28.11.1696<\/span><\/td>\n<td style=\"text-align: center;\"><\/td>\n<td style=\"text-align: center;\"><span style=\"font-family: times new roman, times, serif; font-size: 10pt;\">28.11.1696<\/span><\/td>\n<td style=\"text-align: center;\"><span style=\"font-family: times new roman, times, serif; font-size: 10pt;\">29.11.1696<\/span><\/td>\n<td style=\"text-align: center;\"><span style=\"font-family: times new roman, times, serif; font-size: 10pt;\">0,00<\/span><\/td>\n<td style=\"text-align: center;\"><\/td>\n<\/tr>\n<tr>\n<td style=\"text-align: center;\"><span style=\"font-family: times new roman, times, serif; font-size: 10pt;\">3<\/span><\/td>\n<td><span style=\"font-family: times new roman, times, serif; font-size: 10pt;\">Eva Maria<\/span><\/td>\n<td style=\"text-align: center;\"><span style=\"font-family: times new roman, times, serif; font-size: 10pt;\">08.06.1699<\/span><\/td>\n<td style=\"text-align: center;\"><span style=\"font-family: times new roman, times, serif; font-size: 10pt;\">11.06.1699<\/span><\/td>\n<td style=\"text-align: center;\"><\/td>\n<td style=\"text-align: center;\"><\/td>\n<td style=\"text-align: center;\"><span style=\"font-family: times new roman, times, serif; font-size: 10pt;\">12.08.1704<\/span><\/td>\n<td style=\"text-align: center;\"><span style=\"font-family: times new roman, times, serif; font-size: 10pt;\">5,17<\/span><\/td>\n<td style=\"text-align: center;\"><\/td>\n<\/tr>\n<tr>\n<td style=\"text-align: center;\"><span style=\"font-family: times new roman, times, serif; font-size: 10pt;\">4<\/span><\/td>\n<td><span style=\"font-family: times new roman, times, serif; font-size: 10pt;\">Philipp Gottfried<\/span><\/td>\n<td style=\"text-align: center;\"><span style=\"font-family: times new roman, times, serif; font-size: 10pt;\">03.04.1702<\/span><\/td>\n<td style=\"text-align: center;\"><span style=\"font-family: times new roman, times, serif; font-size: 10pt;\">03.04.1702<\/span><\/td>\n<td style=\"text-align: center;\"><\/td>\n<td style=\"text-align: center;\"><span style=\"font-family: times new roman, times, serif; font-size: 10pt;\">03.04.1702<\/span><\/td>\n<td style=\"text-align: center;\"><span style=\"font-family: times new roman, times, serif; font-size: 10pt;\">04.04.1702<\/span><\/td>\n<td style=\"text-align: center;\"><span style=\"font-family: times new roman, times, serif; font-size: 10pt;\">0,00<\/span><\/td>\n<td style=\"text-align: center;\"><\/td>\n<\/tr>\n<\/tbody>\n<\/table>\n<p><span style=\"font-family: times new roman, times, serif; font-size: 10pt;\">Kind Nr. 2) hat nur 2 Stunden gelebt<br \/>\n<\/span><span style=\"font-family: times new roman, times, serif; font-size: 10pt;\">Kind Nr. 3) + an Dysenterie<br \/>\n<\/span><span style=\"font-family: times new roman, times, serif; font-size: 10pt;\">Kind Nr. 4) + nach der Nottaufe<\/span><\/p>\n<p><span style=\"font-family: times new roman, times, serif; font-size: 10pt;\"><strong>Eintragstexte:<\/strong><\/span><\/p>\n<p style=\"text-align: justify;\"><span style=\"font-family: times new roman, times, serif; font-size: 10pt;\"><strong>zu 1)<\/strong> <em>Donnerstag, den 8ten Aug[usti] de\u00df Abendts vmb 9 Vhr ist Johann Andrea\u00df Rhoden vnd Ann\u00e6 Barbar\u00e6, seiner H[aus]fraw, ein junger Sohn allhier geboren vnd Donnerstag, den 15 ejusd[em] de\u00df Abends umb 8 Vhr wegen Vnp\u00e4\u00dflichk[eit] getauft worden. Gev. sind gewe\u00dfen: Joh. Philip\u00df Bochel de Oberbacheim; Philip\u00df Gottfried, Philip\u00df Bochel\u00df relict[us] fili[us] ibid[em]; vnd Maria Magdalena, Johannis Lehnharts H[aus]fraw allhier. Sein Nahm ist Joh. Philip\u00df.<\/em><\/span><\/p>\n<p style=\"text-align: justify;\"><span style=\"font-family: times new roman, times, serif; font-size: 10pt;\"><strong>zu 2)<\/strong> <em>Sambstag, den 28 Novembr[is], abends zwischen 5 vnd 6 Vhrn, ist Andreas Rhoden vnd Barbara, seiner H[aus]fraw allhier, ein junger Sohn geboren, so wegen Vnp\u00e4\u00dflichkeit al\u00dfbald getauft worden. Gevattern waren: Johann David Rhod, sein Bruder; Joh. Phil. May allhier; vnd Maria Catharin[a], Conrad Thoden H[aus]fraw von Winterwerb. Sein Nahm ist Johann David.<\/em><\/span><\/p>\n<p style=\"text-align: justify;\"><span style=\"font-family: times new roman, times, serif; font-size: 10pt;\"><strong>zu 3)<\/strong> <em>Donnerstag, den 8 Junij nach Mitternacht zwischen 1 vnd Vhrn ist Johann Andrea\u00df Rhoden vnd Ann\u00e6 Barbar\u00e6, s[einer] Hau\u00dffraw, eine junge Tochter geboren, welche den 11 ej[us]d[em], Dom[inica] 1 post Trin[itatis], getauft worden. Zeugen sind gewe\u00dfen: Anna Maria Rhodin, sein Schwester; Eva Magdalena, Joh. David Rhoden H[aus]fraw; alle allhier; v[nd] Johann Damiel Sommer de Oberbacheim. Ihr Nahm ist Eva Maria.<\/em><\/span><\/p>\n<p style=\"text-align: justify;\"><span style=\"font-family: times new roman, times, serif; font-size: 10pt;\"><strong>zu 4)<\/strong> <em>Montag, den 3 April[is] de\u00df Abends umb 9 Vhr ist Joh. Andrea\u00df Rhoden allhier vnd Ann\u00e6 Barbar\u00e6,seiner Hau\u00dffraw, ein junger Sohn geboren, der auch wegen Vnp\u00e4\u00dflichk[eit] al\u00dfbald getauft worden. Gev. sind gewe\u00dfen: Johann Gottfried, Pro\u00dfmann <\/em>[Ambrosius] <em>G\u00f6llers Sohn von Nochern, fur welchen, weil man ihn in der Eyl nicht haben k\u00f6nnen, seine Stell vertretten David Rhodt hic idem; Johann Phil., Thiel Sommer\u00df Sohn von Oberbacheim; vnd Elisab. Cathar., Joh. Philip\u00df Mayen Hau\u00dffr. allhier. Sein Nahm ist Phil. Gottfried. Ist al\u00dfbald nach der Tauff, weil e\u00df 9 Wochen zu zeitlich kommen, gestorben.<\/em><\/span><\/p>\n<hr \/>\n<p style=\"text-align: justify;\"><span style=\"font-family: times new roman, times, serif; font-size: 10pt;\"><span style=\"color: #ff0000;\"><strong><u>Rhod<\/u>, Johann David:<\/strong> <\/span>konf. 19.05.1678; Eltern: Gottfried Rhod, vierherrischer Gerichtssch\u00f6ffe zu Marienfels, Kirchensenior (seit 21.11.1719) und Almosenpfleger in Niederbachheim, und Anna Katharina<\/span><\/p>\n<p><span style=\"font-family: times new roman, times, serif; font-size: 10pt;\"><strong>oo 04.05.1697 Niederbachheim<\/strong> mit <strong><u>Fuhr<\/u>, Eva Magdalena:<\/strong> Tochter des Johann Jost Fuhr aus Endlichhofen<\/span><\/p>\n<table style=\"width: 100%;\">\n<tbody>\n<tr>\n<td style=\"width: 5.71429%; text-align: center;\" width=\"27\"><span style=\"font-family: times new roman, times, serif; font-size: 10pt;\"><strong>Nr.<\/strong><\/span><\/td>\n<td style=\"width: 19.1667%;\" width=\"127\"><span style=\"font-family: times new roman, times, serif; font-size: 10pt;\"><strong>Vorname (normiert)<\/strong><\/span><\/td>\n<td style=\"width: 12.0238%; text-align: center;\" width=\"74\"><span style=\"font-family: times new roman, times, serif; font-size: 10pt;\"><strong>geboren<\/strong><\/span><\/td>\n<td style=\"width: 12.0238%; text-align: center;\" width=\"74\"><span style=\"font-family: times new roman, times, serif; font-size: 10pt;\"><strong>getauft<\/strong><\/span><\/td>\n<td style=\"width: 12.2619%; text-align: center;\" width=\"76\"><span style=\"font-family: times new roman, times, serif; font-size: 10pt;\"><strong>konfirmiert<\/strong><\/span><\/td>\n<td style=\"width: 12.2619%; text-align: center;\" width=\"76\"><span style=\"font-family: times new roman, times, serif; font-size: 10pt;\"><strong>gestorben<\/strong><\/span><\/td>\n<td style=\"width: 12.0238%; text-align: center;\" width=\"74\"><span style=\"font-family: times new roman, times, serif; font-size: 10pt;\"><strong>begraben<\/strong><\/span><\/td>\n<td style=\"width: 7.26191%; text-align: center;\" width=\"39\"><span style=\"font-family: times new roman, times, serif; font-size: 10pt;\"><strong>Alter<\/strong><\/span><\/td>\n<td style=\"width: 7.14286%; text-align: center;\" width=\"38\"><span style=\"font-family: times new roman, times, serif; font-size: 10pt;\"><strong>Stand<\/strong><\/span><\/td>\n<\/tr>\n<tr>\n<td style=\"width: 5.71429%; text-align: center;\" width=\"27\"><span style=\"font-family: times new roman, times, serif; font-size: 10pt;\">1<\/span><\/td>\n<td style=\"width: 19.1667%;\" width=\"127\"><span style=\"font-family: times new roman, times, serif; font-size: 10pt;\">Johann Andreas<\/span><\/td>\n<td style=\"width: 12.0238%; text-align: center;\" width=\"74\"><span style=\"font-family: times new roman, times, serif; font-size: 10pt;\">13.10.1698<\/span><\/td>\n<td style=\"width: 12.0238%; text-align: center;\" width=\"74\"><span style=\"font-family: times new roman, times, serif; font-size: 10pt;\">23.10.1698<\/span><\/td>\n<td style=\"width: 12.2619%; text-align: center;\" width=\"76\"><\/td>\n<td style=\"width: 12.2619%; text-align: center;\" width=\"76\"><\/td>\n<td style=\"width: 12.0238%; text-align: center;\" width=\"74\"><\/td>\n<td style=\"width: 7.26191%; text-align: center;\" width=\"39\"><\/td>\n<td style=\"width: 7.14286%; text-align: center;\" width=\"38\"><\/td>\n<\/tr>\n<tr>\n<td style=\"width: 5.71429%; text-align: center;\"><span style=\"font-family: times new roman, times, serif; font-size: 10pt;\">2<\/span><\/td>\n<td style=\"width: 19.1667%;\"><span style=\"font-family: times new roman, times, serif; font-size: 10pt;\">Christina Maria<\/span><\/td>\n<td style=\"width: 12.0238%; text-align: center;\"><span style=\"font-family: times new roman, times, serif; font-size: 10pt;\">28.06.1700<\/span><\/td>\n<td style=\"width: 12.0238%; text-align: center;\"><span style=\"font-family: times new roman, times, serif; font-size: 10pt;\">04.07.1700<\/span><\/td>\n<td style=\"width: 12.2619%; text-align: center;\"><\/td>\n<td style=\"width: 12.2619%; text-align: center;\"><\/td>\n<td style=\"width: 12.0238%; text-align: center;\"><\/td>\n<td style=\"width: 7.26191%; text-align: center;\"><\/td>\n<td style=\"width: 7.14286%; text-align: center;\"><\/td>\n<\/tr>\n<tr>\n<td style=\"width: 5.71429%; text-align: center;\"><span style=\"font-family: times new roman, times, serif; font-size: 10pt;\">3<\/span><\/td>\n<td style=\"width: 19.1667%;\"><span style=\"font-family: times new roman, times, serif; font-size: 10pt;\">Maria Katharina<\/span><\/td>\n<td style=\"width: 12.0238%; text-align: center;\"><span style=\"font-family: times new roman, times, serif; font-size: 10pt;\">28.10.1702<\/span><\/td>\n<td style=\"width: 12.0238%; text-align: center;\"><span style=\"font-family: times new roman, times, serif; font-size: 10pt;\">05.11.1702<\/span><\/td>\n<td style=\"width: 12.2619%; text-align: center;\"><span style=\"font-family: times new roman, times, serif; font-size: 10pt;\">21.04.1715<\/span><\/td>\n<td style=\"width: 12.2619%; text-align: center;\"><\/td>\n<td style=\"width: 12.0238%; text-align: center;\"><\/td>\n<td style=\"width: 7.26191%; text-align: center;\"><\/td>\n<td style=\"width: 7.14286%; text-align: center;\"><\/td>\n<\/tr>\n<tr>\n<td style=\"width: 5.71429%; text-align: center;\"><span style=\"font-family: times new roman, times, serif; font-size: 10pt;\">4<\/span><\/td>\n<td style=\"width: 19.1667%;\"><span style=\"font-family: times new roman, times, serif; font-size: 10pt;\">Philipp Peter<\/span><\/td>\n<td style=\"width: 12.0238%; text-align: center;\"><span style=\"font-family: times new roman, times, serif; font-size: 10pt;\">03.12.1704<\/span><\/td>\n<td style=\"width: 12.0238%; text-align: center;\"><span style=\"font-family: times new roman, times, serif; font-size: 10pt;\">07.12.1704<\/span><\/td>\n<td style=\"width: 12.2619%; text-align: center;\"><span style=\"font-family: times new roman, times, serif; font-size: 10pt;\">25.04.1717<\/span><\/td>\n<td style=\"width: 12.2619%; text-align: center;\"><\/td>\n<td style=\"width: 12.0238%; text-align: center;\"><\/td>\n<td style=\"width: 7.26191%; text-align: center;\"><\/td>\n<td style=\"width: 7.14286%; text-align: center;\"><\/td>\n<\/tr>\n<tr>\n<td style=\"width: 5.71429%; text-align: center;\"><span style=\"font-family: times new roman, times, serif; font-size: 10pt;\">5<\/span><\/td>\n<td style=\"width: 19.1667%;\"><span style=\"font-family: times new roman, times, serif; font-size: 10pt;\">Anna Juliana<\/span><\/td>\n<td style=\"width: 12.0238%; text-align: center;\"><span style=\"font-family: times new roman, times, serif; font-size: 10pt;\">13.10.1706<\/span><\/td>\n<td style=\"width: 12.0238%; text-align: center;\"><span style=\"font-family: times new roman, times, serif; font-size: 10pt;\">17.10.1706<\/span><\/td>\n<td style=\"width: 12.2619%; text-align: center;\"><span style=\"font-family: times new roman, times, serif; font-size: 10pt;\">19.05.1720<\/span><\/td>\n<td style=\"width: 12.2619%; text-align: center;\"><\/td>\n<td style=\"width: 12.0238%; text-align: center;\"><\/td>\n<td style=\"width: 7.26191%; text-align: center;\"><\/td>\n<td style=\"width: 7.14286%; text-align: center;\"><\/td>\n<\/tr>\n<tr>\n<td style=\"width: 5.71429%; text-align: center;\"><span style=\"font-family: times new roman, times, serif; font-size: 10pt;\">6<\/span><\/td>\n<td style=\"width: 19.1667%;\"><span style=\"font-family: times new roman, times, serif; font-size: 10pt;\">Elisabeth Magdalena<\/span><\/td>\n<td style=\"width: 12.0238%; text-align: center;\"><span style=\"font-family: times new roman, times, serif; font-size: 10pt;\">20.03.1709<\/span><\/td>\n<td style=\"width: 12.0238%; text-align: center;\"><span style=\"font-family: times new roman, times, serif; font-size: 10pt;\">24.03.1709<\/span><\/td>\n<td style=\"width: 12.2619%; text-align: center;\"><\/td>\n<td style=\"width: 12.2619%; text-align: center;\"><\/td>\n<td style=\"width: 12.0238%; text-align: center;\"><\/td>\n<td style=\"width: 7.26191%; text-align: center;\"><\/td>\n<td style=\"width: 7.14286%; text-align: center;\"><\/td>\n<\/tr>\n<tr>\n<td style=\"width: 5.71429%; text-align: center;\"><span style=\"font-family: times new roman, times, serif; font-size: 10pt;\">7<\/span><\/td>\n<td style=\"width: 19.1667%;\"><span style=\"font-family: times new roman, times, serif; font-size: 10pt;\">Christina Elisabeth<\/span><\/td>\n<td style=\"width: 12.0238%; text-align: center;\"><span style=\"font-family: times new roman, times, serif; font-size: 10pt;\">05.07.1711<\/span><\/td>\n<td style=\"width: 12.0238%; text-align: center;\"><span style=\"font-family: times new roman, times, serif; font-size: 10pt;\">11.07.1711<\/span><\/td>\n<td style=\"width: 12.2619%; text-align: center;\"><\/td>\n<td style=\"width: 12.2619%; text-align: center;\"><span style=\"font-family: times new roman, times, serif; font-size: 10pt;\">18.02.1715<\/span><\/td>\n<td style=\"width: 12.0238%; text-align: center;\"><span style=\"font-family: times new roman, times, serif; font-size: 10pt;\">20.02.1715<\/span><\/td>\n<td style=\"width: 7.26191%; text-align: center;\"><span style=\"font-family: times new roman, times, serif; font-size: 10pt;\">3,62<\/span><\/td>\n<td style=\"width: 7.14286%; text-align: center;\"><\/td>\n<\/tr>\n<tr>\n<td style=\"width: 5.71429%; text-align: center;\"><span style=\"font-family: times new roman, times, serif; font-size: 10pt;\">8<\/span><\/td>\n<td style=\"width: 19.1667%;\"><span style=\"font-family: times new roman, times, serif; font-size: 10pt;\">Johann Henrich<\/span><\/td>\n<td style=\"width: 12.0238%; text-align: center;\"><span style=\"font-family: times new roman, times, serif; font-size: 10pt;\">11.10.1713<\/span><\/td>\n<td style=\"width: 12.0238%; text-align: center;\"><span style=\"font-family: times new roman, times, serif; font-size: 10pt;\">15.10.1713<\/span><\/td>\n<td style=\"width: 12.2619%; text-align: center;\"><\/td>\n<td style=\"width: 12.2619%; text-align: center;\"><\/td>\n<td style=\"width: 12.0238%; text-align: center;\"><\/td>\n<td style=\"width: 7.26191%; text-align: center;\"><\/td>\n<td style=\"width: 7.14286%; text-align: center;\"><\/td>\n<\/tr>\n<tr>\n<td style=\"width: 5.71429%; text-align: center;\"><span style=\"font-family: times new roman, times, serif; font-size: 10pt;\">9<\/span><\/td>\n<td style=\"width: 19.1667%;\"><span style=\"font-family: times new roman, times, serif; font-size: 10pt;\">Anna Maria<\/span><\/td>\n<td style=\"width: 12.0238%; text-align: center;\"><span style=\"font-family: times new roman, times, serif; font-size: 10pt;\">16.01.1716<\/span><\/td>\n<td style=\"width: 12.0238%; text-align: center;\"><span style=\"font-family: times new roman, times, serif; font-size: 10pt;\">19.01.1716<\/span><\/td>\n<td style=\"width: 12.2619%; text-align: center;\"><\/td>\n<td style=\"width: 12.2619%; text-align: center;\"><\/td>\n<td style=\"width: 12.0238%; text-align: center;\"><\/td>\n<td style=\"width: 7.26191%; text-align: center;\"><\/td>\n<td style=\"width: 7.14286%; text-align: center;\"><\/td>\n<\/tr>\n<\/tbody>\n<\/table>\n<p><span style=\"font-family: times new roman, times, serif; font-size: 10pt;\"><strong>Eintragstexte:<\/strong><\/span><\/p>\n<p style=\"text-align: justify;\"><span style=\"font-family: times new roman, times, serif; font-size: 10pt;\"><strong>zu 1)<\/strong> <em>Donnerstag, den 13 Octobr[is], Vormittag zwischen 9 v[nd] 10 Vhr ist J. Dav. Rhoden vnd seiner Hau\u00dffrau Eva Magdal. allhier ein junger Sohn geboren, so den 23 ejusd[em], Dom[inica] 18 post Trin[itatis], getauft worden. Gev. sind gewe\u00dfen: Joh. Andreas Rhodt allhier, sein Bruder; Johann Ph[ilipp] May hic idem; &amp; Anna Margretha, Marci Gro\u00dfen relicta vidua d[e] Mihlen, al\u00df seiner Fraw Gro\u00dfmutter. Sein Nahm ist Johann Andreas.<\/em><\/span><\/p>\n<p style=\"text-align: justify;\"><span style=\"font-family: times new roman, times, serif; font-size: 10pt;\"><strong>zu 2)<\/strong> <em>Montag, den 28 Junij de\u00df Abends zwischen 9 vnd 10 Vhrn ist Joh. David Rhoden allhier vnd seiner Hau\u00dffraw Ev\u00e6 Magdalen., eine junge Tochter geboren, so den 4ten Julij, Dom[inica] 4 post Trin[itatis], getauft worden. Gevattern sind gewe\u00dfen: Anna Christina, meine H[aus]fraw; Anna Maria, Gottfr. Rhoden relicta filia, al\u00df seine Schwester, bey Andreas Rhoden, ihrem Bruder allhier, dienent; vnd Johann Wilhelm, Joh. Just Fuhrn, seines Schwiegervatters Sohn von Endlichoben. Ihr Nahm ist Christina Maria.<\/em><\/span><\/p>\n<p style=\"text-align: justify;\"><span style=\"font-family: times new roman, times, serif; font-size: 10pt;\"><strong>zu 3)<\/strong> <em>Sambstag, den 28 Octobr[is] vff Simonis v[nd] Jud\u00e6 morgens vmb 4 Vhrn ist David Rhoden allhier vnd s[einer] H[aus]fr[au] Ev\u00e6 Magdalen\u00e6 eine junge Tochter geboren, welche den 5 [Novem]br[is], Dom[inica] 21 post Trin[itatis], getauft worden. Gevatt. sind gewe\u00dfen: Maria Cathar., Joh. Jost Fuhrn von Endlichoffen, al\u00df seines Schwiegerv[atters] Tochter; Maria Cath., Conr. Rhoden Hau\u00dffraw von Winterwerb; Joh. Lehnhart allhier. Ihr Nahm ist Maria Catharina.<\/em><\/span><\/p>\n<p style=\"text-align: justify;\"><span style=\"font-family: times new roman, times, serif; font-size: 10pt;\"><strong>zu 4)<\/strong> <em>Mittwoch, den 3 [Decem]br[is] morgen\u00df zwischen 2 vnd 3 Vhr ist J. David Rhoden allhier v[nd] Ev\u00e6 Magdal., seiner H[aus]fraw, ein junger Sohn geboren, so den 7 ej[us]d[em], Dom[inica] 2 Advent[us] getauft. Gevattern sind gewe\u00dfen: Joh. Peter Gro\u00df von Mihlen; Phil. David, Dan. G\u00e4n\u00dfman\u00df hinder[lassener] Sohn allhier; vnd Elis. Cathar., Joh. Peter Rhoden Hau\u00dffraw von Nast\u00e4tten al\u00df sein Schwester. Sein Nahm ist Phil. Peter.<\/em><\/span><\/p>\n<p style=\"text-align: justify;\"><span style=\"font-family: times new roman, times, serif; font-size: 10pt;\"><strong>zu 5)<\/strong> <em>Mittwoch, den 13 Oct[obris] Nachm[ittag] zwischen 3 vnd 4 Vhrn ist David Rhoden allhier v[nd] Ev\u00e6 Magdal., seiner H[aus]fraw, eine junge Tochter geboren, so ebenma\u00dfig vf mehrgemelten Sontag getauft worden. Gev. sind gewe\u00dfen: Anna Julia, Christ Witzky Hau\u00dffr[au]; Anna Christin[a], Daniel Nemenich\u00df Fraw; vndt Johann Thiel, Johannis Schmieds see[lig] hinder[lassener] Sohn; alle drey allhier. Ihr Nahm ist Anna Juliana.<\/em><\/span><\/p>\n<p style=\"text-align: justify;\"><span style=\"font-family: times new roman, times, serif; font-size: 10pt;\"><strong>zu 6)<\/strong> <em>Mittwoch, den 20 Mertz abends umb 9 Vhrn ist David Rhoden vnd Ev\u00e6 Magdalen[ae], seiner Hau\u00dffraw allhier, geboren, welche dem 24 ej[us]d[em], Dom[inica] Palmar[um] getauft worden. Gev. sind gewe\u00dfen: Anna Magdal., Joh. Th\u00f6nge\u00df Sommer\u00df Fraw allh[ier]; Maria Elisabeth, Henrich Heistrich, de\u00df L\u00f6er\u00df Fraw von Braubach; v[nd] Joh. Peter, Jost Fuhrn Sohn von Endlichoben hinder[lassener] Sohn. Ihr Nahm ist Elisab. Magdal.<\/em><\/span><\/p>\n<p style=\"text-align: justify;\"><span style=\"font-family: times new roman, times, serif; font-size: 10pt;\"><strong>zu 7)<\/strong> <em>Dom[inica] V post Tr[initatis] zwischen 12 \u2013 1 Uhr hat Eva Magdalena, Davids Rhoden Hau\u00dffrau alhier, eine Tochter gebohren, welche den 11 Jul[ii], an dem die Einwohner wegen einig[er] kayserl[icher] \u2026 V\u00f6lkcker au\u00dfweichen wollen, von mir in der Kirchen eiligst getaufft worden ist. Gevat[tern] waren: Johann Just[us] G\u00f6ller von Nochern; Anna Christina, Philips Mayen Frau alhier; und Elisabetha, Philips Grusen Tochter von Mihlen. Der Nahm ist Christina Elisabetha. A me bapt[izata].<\/em><\/span><\/p>\n<p style=\"text-align: justify;\"><span style=\"font-family: times new roman, times, serif; font-size: 10pt;\"><strong>zu 8)<\/strong> <em>Den 11 Octobr[is] nat[us] et 15 renat[us] Johann Henrich, M[ei]st[e]r David Rhoden und Ev\u00e6 Magdalen\u00e6 filius. Susc[eptores]: Joh. Peter Schmidt alhir; Joh. Henrich Cr\u00e4mer, Schumacher zu Miehlen; v[nd] Anna Maria, Joh. Daniel Winterwerbers Tochter von Oberbachheim.<\/em><\/span><\/p>\n<p style=\"text-align: justify;\"><span style=\"font-family: times new roman, times, serif; font-size: 10pt;\"><strong>zu 9)<\/strong> <em>Den 16ten Jan[uarii] fr\u00fche morgens nata et 19 ej[us]d[em] renata Anna Maria, Joh. Daniel Rhoden und Ev\u00e6 Magdalen\u00e6 T\u00f6chter[lein]. Susc[eptores] Joh. Martin Fuhr; Joh. Gottfried Schmidts Fr[au]; v[nd] Anna Catharina \u2026 \u2026 Joh. Peter Gro\u00dfen hinter[lassene] Tochter von Miehlen.<\/em><\/span><\/p>\n<hr \/>\n<p><span style=\"font-family: times new roman, times, serif; font-size: 10pt;\"><span style=\"color: #ff0000;\"><strong><u><a id=\"roerig\"><\/a>R\u00f6rig<\/u><\/strong><strong>, Hans Jost:<\/strong><\/span> ist nach dem Einwohnerverzeichnis 1665 26 Jahre alt<\/span><\/p>\n<p><span style=\"font-family: times new roman, times, serif; font-size: 10pt;\"><strong>oo<\/strong> mit<strong> Agnes:<\/strong> ist nach dem Einwohnerverzeichnis 1665 22 Jahre alt<\/span><\/p>\n<hr \/>\n<p><span style=\"font-family: times new roman, times, serif; font-size: 10pt;\"><span style=\"color: #ff0000;\"><strong><u><a id=\"ruberbach\"><\/a>Ruberbach<\/u>, Maria Katharina:<\/strong> <\/span>konf. 19.05.1720 Niederbachheim (ohne weitere Angaben)<\/span><\/p>\n<hr \/>\n<p><span style=\"font-family: times new roman, times, serif; font-size: 10pt;\"><span style=\"color: #ff0000;\"><strong><u><a id=\"ruppmann\"><\/a>Ruppmann<\/u><\/strong><strong>, Burkhard:<\/strong><\/span> Sohn des Johann Philipp Ruppmann aus Nochern; konf. 1667 Niederbachheim<\/span><\/p>\n<hr \/>\n<p><span style=\"font-family: times new roman, times, serif; font-size: 10pt;\"><span style=\"color: #ff0000;\"><strong><u><a id=\"schmidt\"><\/a>Schmidt<\/u>, Johann Gottfried:<\/strong> <\/span>ohne Ortsangabe; Schneider; bg. 26.06.1677 Niederbachheim, 23 Jahre alt<\/span><\/p>\n<hr \/>\n<p><span style=\"font-family: times new roman, times, serif; font-size: 10pt;\"><span style=\"color: #ff0000;\"><strong><u>Schmidt<\/u>, Anna Margaretha:<\/strong> <\/span>ohne Ortsangabe; Ehefrau des Johann Philipp Schmidt; bg. 19.04.1708 Niederbachheim, 83 Jahre alt<\/span><\/p>\n<hr \/>\n<p><span style=\"font-family: times new roman, times, serif; font-size: 10pt;\"><span style=\"color: #ff0000;\"><strong>Schmidt, Anna Maria:<\/strong> <\/span>Tochter des Johann <em>Schmid<\/em> von Niederbachheim, hat bei Christian Petri in Braubach gedient; konf. 17.05.1635 Braubach<\/span><\/p>\n<hr \/>\n<p style=\"text-align: justify;\"><span style=\"font-family: times new roman, times, serif; font-size: 10pt;\"><strong><span style=\"color: #ff0000;\">Schmidt, Adam:<\/span> <\/strong>+ vor 03.06.1666; ist steinisch leibeigen und nach den Einwohnerverzeichnissen 1658 25 Jahre und 1665 34 Jahre alt, Schatzung: 141 fl.; hat einen Knecht Peter aus dem Luxemburger Land [?]<br \/>\n<\/span><\/p>\n<p style=\"text-align: justify;\"><span style=\"font-family: times new roman, times, serif; font-size: 10pt;\"><strong>oo<\/strong> mit <strong>Anna Margaretha: <\/strong>ist nach den Einwohnerverzeichnissen 1658 24 Jahre und 1665 30 Jahre alt; oo II. 14.04.1668 Niederbachheim mit Johann Philipp Schmidt, Hufschmied aus Gemmerich<\/span><\/p>\n<table style=\"width: 839px;\">\n<tbody>\n<tr>\n<td style=\"text-align: center; width: 50px;\" width=\"29\"><span style=\"font-family: times new roman, times, serif; font-size: 10pt;\"><strong>Nr.<\/strong><\/span><\/td>\n<td style=\"width: 168px;\" width=\"133\"><span style=\"font-family: times new roman, times, serif; font-size: 10pt;\"><strong>Vorname (normiert)<\/strong><\/span><\/td>\n<td style=\"text-align: center; width: 89px;\" width=\"63\"><span style=\"font-family: times new roman, times, serif; font-size: 10pt;\"><strong>geboren<\/strong><\/span><\/td>\n<td style=\"text-align: center; width: 102px;\" width=\"75\"><span style=\"font-family: times new roman, times, serif; font-size: 10pt;\"><strong>getauft<\/strong><\/span><\/td>\n<td style=\"text-align: center; width: 105px;\" width=\"77\"><span style=\"font-family: times new roman, times, serif; font-size: 10pt;\"><strong>konfirmiert<\/strong><\/span><\/td>\n<td style=\"text-align: center; width: 90px;\" width=\"64\"><span style=\"font-family: times new roman, times, serif; font-size: 10pt;\"><strong>gestorben<\/strong><\/span><\/td>\n<td style=\"text-align: center; width: 102px;\" width=\"75\"><span style=\"font-family: times new roman, times, serif; font-size: 10pt;\"><strong>begraben<\/strong><\/span><\/td>\n<td style=\"text-align: center; width: 64px;\" width=\"41\"><span style=\"font-family: times new roman, times, serif; font-size: 10pt;\"><strong>Alter<\/strong><\/span><\/td>\n<td style=\"text-align: center; width: 69px;\" width=\"46\"><span style=\"font-family: times new roman, times, serif; font-size: 10pt;\"><strong>Stand<\/strong><\/span><\/td>\n<\/tr>\n<tr>\n<td style=\"text-align: center; width: 50px;\" width=\"29\"><span style=\"font-family: times new roman, times, serif; font-size: 10pt;\">1<\/span><\/td>\n<td style=\"width: 168px;\" width=\"133\"><span style=\"font-family: times new roman, times, serif; font-size: 10pt;\">Johann Gottfried<\/span><\/td>\n<td style=\"width: 89px; text-align: center;\" width=\"63\"><span style=\"font-family: times new roman, times, serif; font-size: 10pt;\">ca. 1652<\/span><\/td>\n<td style=\"text-align: center; width: 102px;\" width=\"75\"><\/td>\n<td style=\"text-align: center; width: 105px;\" width=\"77\"><span style=\"font-family: times new roman, times, serif; font-size: 10pt;\">03.06.1666<\/span><\/td>\n<td style=\"text-align: center; width: 90px;\" width=\"64\"><\/td>\n<td style=\"text-align: center; width: 102px;\" width=\"75\"><\/td>\n<td style=\"text-align: center; width: 64px;\" width=\"41\"><\/td>\n<td style=\"text-align: center; width: 69px;\" width=\"46\"><span style=\"font-family: times new roman, times, serif; font-size: 10pt;\">verh.<\/span><\/td>\n<\/tr>\n<tr>\n<td style=\"width: 50px; text-align: center;\"><span style=\"font-family: times new roman, times, serif; font-size: 10pt;\">2<\/span><\/td>\n<td style=\"width: 168px;\"><span style=\"font-family: times new roman, times, serif; font-size: 10pt;\">Anton<br \/>\n<\/span><\/td>\n<td style=\"width: 89px; text-align: center;\" width=\"63\"><span style=\"font-family: times new roman, times, serif; font-size: 10pt;\">ca. 1655<\/span><\/td>\n<td style=\"text-align: center; width: 102px;\"><\/td>\n<td style=\"text-align: center; width: 105px;\"><span style=\"font-family: times new roman, times, serif; font-size: 10pt;\">22.05.1670<br \/>\n<\/span><\/td>\n<td style=\"text-align: center; width: 90px;\"><\/td>\n<td style=\"text-align: center; width: 102px;\"><\/td>\n<td style=\"text-align: center; width: 64px;\"><\/td>\n<td style=\"text-align: center; width: 69px;\"><span style=\"font-family: times new roman, times, serif; font-size: 10pt;\">\u00a0<\/span><\/td>\n<\/tr>\n<tr>\n<td style=\"width: 50px; text-align: center;\"><span style=\"font-family: times new roman, times, serif; font-size: 10pt;\">3<br \/>\n<\/span><\/td>\n<td style=\"width: 168px;\"><span style=\"font-family: times new roman, times, serif; font-size: 10pt;\">Anna Maria<br \/>\n<\/span><\/td>\n<td style=\"width: 89px; text-align: center;\" width=\"63\"><span style=\"font-family: times new roman, times, serif; font-size: 10pt;\">ca. 1657<\/span><\/td>\n<td style=\"text-align: center; width: 102px;\"><\/td>\n<td style=\"text-align: center; width: 105px;\"><span style=\"font-family: times new roman, times, serif; font-size: 10pt;\">11.06.1671<br \/>\n<\/span><\/td>\n<td style=\"text-align: center; width: 90px;\"><\/td>\n<td style=\"text-align: center; width: 102px;\"><\/td>\n<td style=\"text-align: center; width: 64px;\"><\/td>\n<td style=\"text-align: center; width: 69px;\"><span style=\"font-family: times new roman, times, serif; font-size: 10pt;\">\u00a0<\/span><\/td>\n<\/tr>\n<tr>\n<td style=\"width: 50px; text-align: center;\"><span style=\"font-family: times new roman, times, serif; font-size: 10pt;\">4<\/span><\/td>\n<td style=\"width: 168px;\"><span style=\"font-family: times new roman, times, serif; font-size: 10pt;\">Anna Margaretha<\/span><\/td>\n<td style=\"width: 89px; text-align: center;\"><span style=\"font-family: times new roman, times, serif; font-size: 10pt;\">ca. 1660<\/span><\/td>\n<td style=\"text-align: center; width: 102px;\"><\/td>\n<td style=\"text-align: center; width: 105px;\"><span style=\"font-family: times new roman, times, serif; font-size: 10pt;\">07.06.1674<\/span><\/td>\n<td style=\"text-align: center; width: 90px;\"><\/td>\n<td style=\"text-align: center; width: 102px;\"><\/td>\n<td style=\"text-align: center; width: 64px;\"><\/td>\n<td style=\"text-align: center; width: 69px;\"><span style=\"font-family: times new roman, times, serif; font-size: 10pt;\">verh.<\/span><\/td>\n<\/tr>\n<tr>\n<td style=\"width: 50px; text-align: center;\"><span style=\"font-family: times new roman, times, serif; font-size: 10pt;\">5<\/span><\/td>\n<td style=\"width: 168px;\"><span style=\"font-family: times new roman, times, serif; font-size: 10pt;\">Johann Philipp<\/span><\/td>\n<td style=\"width: 89px; text-align: center;\"><span style=\"font-family: times new roman, times, serif; font-size: 10pt;\">ca. 1663<\/span><\/td>\n<td style=\"text-align: center; width: 102px;\"><\/td>\n<td style=\"text-align: center; width: 105px;\"><span style=\"font-family: times new roman, times, serif; font-size: 10pt;\">19.05.1678<\/span><\/td>\n<td style=\"text-align: center; width: 90px;\"><\/td>\n<td style=\"text-align: center; width: 102px;\"><span style=\"font-family: times new roman, times, serif; font-size: 10pt;\">02.12.1695<\/span><\/td>\n<td style=\"text-align: center; width: 64px;\"><span style=\"font-family: times new roman, times, serif; font-size: 10pt;\">32<\/span><\/td>\n<td style=\"text-align: center; width: 69px;\"><span style=\"font-family: times new roman, times, serif; font-size: 10pt;\">ledig<\/span><\/td>\n<\/tr>\n<tr>\n<td style=\"width: 50px; text-align: center;\"><span style=\"font-family: times new roman, times, serif; font-size: 10pt;\">6<\/span><\/td>\n<td style=\"width: 168px;\"><span style=\"font-family: times new roman, times, serif; font-size: 10pt;\">Maria Salome<\/span><\/td>\n<td style=\"text-align: center; width: 89px;\"><\/td>\n<td style=\"text-align: center; width: 102px;\"><span style=\"font-family: times new roman, times, serif; font-size: 10pt;\">22.04.1666<\/span><\/td>\n<td style=\"text-align: center; width: 105px;\"><span style=\"font-family: times new roman, times, serif; font-size: 10pt;\">22.05.1681<\/span><\/td>\n<td style=\"text-align: center; width: 90px;\"><\/td>\n<td style=\"text-align: center; width: 102px;\"><span style=\"font-family: times new roman, times, serif; font-size: 10pt;\">17.02.1700<\/span><\/td>\n<td style=\"text-align: center; width: 64px;\"><span style=\"font-family: times new roman, times, serif; font-size: 10pt;\">33,85<\/span><\/td>\n<td style=\"text-align: center; width: 69px;\"><span style=\"font-family: times new roman, times, serif; font-size: 10pt;\">verh.<\/span><\/td>\n<\/tr>\n<\/tbody>\n<\/table>\n<p style=\"text-align: justify;\"><span style=\"font-family: times new roman, times, serif; font-size: 10pt;\">Kind Nr. 1) ist nach den Einwohnerverzeichnissen 1658 6 Jahre und 1665 14 Jahre alt; oo 07.02.1682 Niederbachheim mit Maria Christina, Tochter des Johann Peter Krug<br \/>\n<\/span><span style=\"font-family: times new roman, times, serif; font-size: 10pt;\">Kind Nr. 2) ist nach den Einwohnerverzeichnissen 1658 3 Jahre und 1665 11 Jahre alt<br \/>\n<\/span><span style=\"font-family: times new roman, times, serif; font-size: 10pt;\">Kind Nr. 3) ist nach den Einwohnerverzeichnissen 1658 1 Jahre und 1665 8 Jahre alt oo 19.06.1677 Schweighausen (prokl. 20.05., 27.05., 10.06.) mit Johann Peter Hinterweller aus Schweighausen<br \/>\n<\/span><span style=\"font-family: times new roman, times, serif; font-size: 10pt;\">Kind Nr. 4) ist nach den Einwohnerverzeichnis 1665 5 Jahre alt; oo 28.10.1710 Niederbachheim \u201eals eine 50j\u00e4hrige Jungfer\u201c mit Johann Martin, Sohn des verst. Zerben Fuhr aus Miehlen<br \/>\n<\/span><span style=\"font-family: times new roman, times, serif; font-size: 10pt;\">Kind Nr. 5) ist nach den Einwohnerverzeichnis 1665 2 Jahre alt; war Messerschmied; 32 Jahre und ca. 14 Tage alt<br \/>\n<\/span><span style=\"font-family: times new roman, times, serif; font-size: 10pt;\">Kind Nr. 6) + im Kindbett; oo 27.11.1694 Niederbachheim mit Stephan, Sohn des verst. Hans Peter Friesenhahn aus Dahlheim; kath.<\/span><\/p>\n<p style=\"text-align: justify;\"><span style=\"font-family: times new roman, times, serif; font-size: 10pt;\">Eintragstext: zu 6) <em>Den 22ten Aprilis hat Anna Margretha, Adam Schmieds s. hinderlassene Wittib zu Niderbachem eine junge Tochter tauffen la\u00dfen. Gevattern sind gewe\u00dfen: Maria \u2026, Gottfried Rhoden Tochter allhier zu Niderbachem; Anna Salome, Han\u00df Georg Bernhamers H[aus]fraw von Braubach; vnd Johannes Thiel <\/em>[?]<em> von Winterwerb. Ihr Nahm ist Maria Salome.<\/em><\/span><\/p>\n<hr \/>\n<p><span style=\"font-family: times new roman, times, serif; font-size: 10pt;\"><span style=\"color: #ff0000;\"><strong>Schmidt, Johann Philipp:<\/strong> <\/span>Hufschmied; aus Gemmerich;\u00a0 bg. 21.09.1691, 42 Jahre und 10 Wochen alt<\/span><\/p>\n<p><span style=\"font-family: times new roman, times, serif; font-size: 10pt;\"><strong>oo 14.04.1668 Niederbachheim<\/strong> mit<strong> <u>Schmidt geb. N. N.<\/u>, Anna Margaretha:<\/strong> oo I. mit Adam Schmidt aus Niederbachheim<\/span><\/p>\n<table>\n<tbody>\n<tr>\n<td style=\"text-align: center;\" width=\"26\"><span style=\"font-family: times new roman, times, serif; font-size: 10pt;\"><strong>Nr.<\/strong><\/span><\/td>\n<td width=\"122\"><span style=\"font-family: times new roman, times, serif; font-size: 10pt;\"><strong>Vorname (normiert)<\/strong><\/span><\/td>\n<td style=\"text-align: center;\" width=\"74\"><span style=\"font-family: times new roman, times, serif; font-size: 10pt;\"><strong>geboren<\/strong><\/span><\/td>\n<td style=\"text-align: center;\" width=\"74\"><span style=\"font-family: times new roman, times, serif; font-size: 10pt;\"><strong>getauft<\/strong><\/span><\/td>\n<td style=\"text-align: center;\" width=\"75\"><span style=\"font-family: times new roman, times, serif; font-size: 10pt;\"><strong>konfirmiert<\/strong><\/span><\/td>\n<td style=\"text-align: center;\" width=\"75\"><span style=\"font-family: times new roman, times, serif; font-size: 10pt;\"><strong>gestorben<\/strong><\/span><\/td>\n<td style=\"text-align: center;\" width=\"74\"><span style=\"font-family: times new roman, times, serif; font-size: 10pt;\"><strong>begraben<\/strong><\/span><\/td>\n<td style=\"text-align: center;\" width=\"40\"><span style=\"font-family: times new roman, times, serif; font-size: 10pt;\"><strong>Alter<\/strong><\/span><\/td>\n<td style=\"text-align: center;\" width=\"44\"><span style=\"font-family: times new roman, times, serif; font-size: 10pt;\"><strong>Stand<\/strong><\/span><\/td>\n<\/tr>\n<tr>\n<td style=\"text-align: center;\" width=\"26\"><span style=\"font-family: times new roman, times, serif; font-size: 10pt;\">1<\/span><\/td>\n<td width=\"122\"><span style=\"font-family: times new roman, times, serif; font-size: 10pt;\">Johann Peter<\/span><\/td>\n<td style=\"text-align: center;\" width=\"74\"><\/td>\n<td style=\"text-align: center;\" width=\"74\"><span style=\"font-family: times new roman, times, serif; font-size: 10pt;\">21.03.1669<\/span><\/td>\n<td style=\"text-align: center;\" width=\"75\"><span style=\"font-family: times new roman, times, serif; font-size: 10pt;\">27.05.1683<\/span><\/td>\n<td style=\"text-align: center;\" width=\"75\"><span style=\"font-family: times new roman, times, serif; font-size: 10pt;\">01.02.1721<\/span><\/td>\n<td style=\"text-align: center;\" width=\"74\"><span style=\"font-family: times new roman, times, serif; font-size: 10pt;\">03.02.1721<\/span><\/td>\n<td style=\"text-align: center;\" width=\"40\"><span style=\"font-family: times new roman, times, serif; font-size: 10pt;\">51,91<\/span><\/td>\n<td style=\"text-align: center;\" width=\"44\"><span style=\"font-family: times new roman, times, serif; font-size: 10pt;\">verh.<\/span><\/td>\n<\/tr>\n<tr>\n<td style=\"text-align: center;\"><span style=\"font-family: times new roman, times, serif; font-size: 10pt;\">2<\/span><\/td>\n<td><span style=\"font-family: times new roman, times, serif; font-size: 10pt;\">Eva Katharina<\/span><\/td>\n<td style=\"text-align: center;\"><span style=\"font-family: times new roman, times, serif; font-size: 10pt;\">09.12.1672<\/span><\/td>\n<td style=\"text-align: center;\"><span style=\"font-family: times new roman, times, serif; font-size: 10pt;\">15.12.1672<\/span><\/td>\n<td style=\"text-align: center;\"><span style=\"font-family: times new roman, times, serif; font-size: 10pt;\">23.05.1686<\/span><\/td>\n<td style=\"text-align: center;\"><\/td>\n<td style=\"text-align: center;\"><span style=\"font-family: times new roman, times, serif; font-size: 10pt;\">23.01.1706<\/span><\/td>\n<td style=\"text-align: center;\"><span style=\"font-family: times new roman, times, serif; font-size: 10pt;\">33,13<\/span><\/td>\n<td style=\"text-align: center;\"><span style=\"font-family: times new roman, times, serif; font-size: 10pt;\">verh.<\/span><\/td>\n<\/tr>\n<tr>\n<td style=\"text-align: center;\"><span style=\"font-family: times new roman, times, serif; font-size: 10pt;\">3<\/span><\/td>\n<td><span style=\"font-family: times new roman, times, serif; font-size: 10pt;\">Maria Christina<\/span><\/td>\n<td style=\"text-align: center;\"><span style=\"font-family: times new roman, times, serif; font-size: 10pt;\">23.03.1683<\/span><\/td>\n<td style=\"text-align: center;\"><span style=\"font-family: times new roman, times, serif; font-size: 10pt;\">01.04.1683<\/span><\/td>\n<td style=\"text-align: center;\"><\/td>\n<td style=\"text-align: center;\"><span style=\"font-size: 10pt; font-family: times new roman, times, serif;\">06.08.1687<\/span><\/td>\n<td style=\"text-align: center;\"><span style=\"font-size: 10pt; font-family: times new roman, times, serif;\">07.08.1687<\/span><\/td>\n<td style=\"text-align: center;\"><span style=\"font-size: 10pt; font-family: times new roman, times, serif;\">4,35<\/span><\/td>\n<td style=\"text-align: center;\"><\/td>\n<\/tr>\n<tr>\n<td style=\"text-align: center;\"><span style=\"font-family: times new roman, times, serif; font-size: 10pt;\">4<\/span><\/td>\n<td><span style=\"font-family: times new roman, times, serif; font-size: 10pt;\">Johann Gottfried<\/span><\/td>\n<td style=\"text-align: center;\"><span style=\"font-family: times new roman, times, serif; font-size: 10pt;\">11.07.1685<\/span><\/td>\n<td style=\"text-align: center;\"><span style=\"font-family: times new roman, times, serif; font-size: 10pt;\">19.07.1685<\/span><\/td>\n<td style=\"text-align: center;\"><span style=\"font-family: times new roman, times, serif; font-size: 10pt;\">28.05.1699<\/span><\/td>\n<td style=\"text-align: center;\"><\/td>\n<td style=\"text-align: center;\"><\/td>\n<td style=\"text-align: center;\"><\/td>\n<td style=\"text-align: center;\"><span style=\"font-family: times new roman, times, serif; font-size: 10pt;\">verh.<\/span><\/td>\n<\/tr>\n<tr>\n<td style=\"text-align: center;\"><span style=\"font-family: times new roman, times, serif; font-size: 10pt;\">5<\/span><\/td>\n<td><span style=\"font-family: times new roman, times, serif; font-size: 10pt;\">Johann Tilmann<\/span><\/td>\n<td style=\"text-align: center;\"><span style=\"font-family: times new roman, times, serif; font-size: 10pt;\">17.01.1688<\/span><\/td>\n<td style=\"text-align: center;\"><span style=\"font-family: times new roman, times, serif; font-size: 10pt;\">22.01.1688<\/span><\/td>\n<td style=\"text-align: center;\"><span style=\"font-family: times new roman, times, serif; font-size: 10pt;\">16.05.1701<\/span><\/td>\n<td style=\"text-align: center;\"><\/td>\n<td style=\"text-align: center;\"><\/td>\n<td style=\"text-align: center;\"><\/td>\n<td style=\"text-align: center;\"><span style=\"font-family: times new roman, times, serif; font-size: 10pt;\">verh.<\/span><\/td>\n<\/tr>\n<tr>\n<td style=\"text-align: center;\"><span style=\"font-family: times new roman, times, serif; font-size: 10pt;\">6<\/span><\/td>\n<td><span style=\"font-family: times new roman, times, serif; font-size: 10pt;\">Anna Maria<\/span><\/td>\n<td style=\"text-align: center;\"><span style=\"font-family: times new roman, times, serif; font-size: 10pt;\">13.08.1690<\/span><\/td>\n<td style=\"text-align: center;\"><span style=\"font-family: times new roman, times, serif; font-size: 10pt;\">16.08.1690<\/span><\/td>\n<td style=\"text-align: center;\"><span style=\"font-family: times new roman, times, serif; font-size: 10pt;\">08.04.1703<\/span><\/td>\n<td style=\"text-align: center;\"><\/td>\n<td style=\"text-align: center;\"><\/td>\n<td style=\"text-align: center;\"><\/td>\n<td style=\"text-align: center;\"><\/td>\n<\/tr>\n<\/tbody>\n<\/table>\n<p style=\"text-align: justify;\"><span style=\"font-family: times new roman, times, serif; font-size: 10pt;\">Kind Nr. 1) oo 25.04.1692 Niederbachheim mit Anna Christina Sommer aus Oberbachheim; Familie wohnt in Niederbachheim<br \/>\n<\/span><span style=\"font-family: times new roman, times, serif; font-size: 10pt;\">Kind Nr. 2) oo 25.04.1692 Niederbachheim mit Johann Thiel Sommer aus Oberbachheim; Familie wohnt in Niederbachheim<br \/>\n<\/span><span style=\"font-family: times new roman, times, serif; font-size: 10pt;\">Kind Nr. 3) Sterbeeintrag: <em>Den 7ten Aug[usti], Dom[inica] 11 post Trin[itatis], ist Maria Christina, Johannis Schmied de\u00df Jungern, sonsten dem Handwerck nach der Huffschmied genant, T\u00f6chterlein, welches den vorigen Tag im Trinckbrunnen zwischen 1 vnd 2 Vhr Nachmittag ertruncken, begraben worden, seines Alters 4 Jahr, 19 Wochen vnd Tag weniger 4 Stunden.<br \/>\n<\/em><\/span><span style=\"font-family: times new roman, times, serif; font-size: 10pt;\">Kind Nr. 4) wohl irrige Bem. im Konfirmationseintrag: \u201eim Krieg unter den hess. Dragonern 1707 gestorben\u201c; oo 03.04.1709 Niederbachheim mit Anna Maria, Tochter des verst. Emmerich Aulmann aus Ehr; Familie wohnt in Niederbachheim<br \/>\n<\/span><span style=\"font-family: times new roman, times, serif; font-size: 10pt;\">Kind Nr. 5) oo 1716 Weyer (prokl. 19.01., 26.01. und 02.02.1716 Niederbachheim) mit Anna Margaretha Bettendorf aus Weyer<\/span><\/p>\n<p><span style=\"font-family: times new roman, times, serif; font-size: 10pt;\"><strong>Eintragstexte:<\/strong><\/span><\/p>\n<p style=\"text-align: justify;\"><span style=\"font-family: times new roman, times, serif; font-size: 10pt;\"><strong>zu 1)<\/strong> <em>Den 21ten Martij, Dominica L\u00e6tare, hat Johann Philips Schmied allhier einen jungen Sohn taufen la\u00dfen. Gevattern sind gewe\u00dfen: Peter, Conrad Leinwebers, Steinischen Hoffmanns see[lig] Sohn allhier; Anna Maria, Han\u00df Bachumbs Tochter von Winterwerb; vnd Joa[nn]es Becker, h[uius] t[empore] Schulmeister allhier. Sein Nahm ist Johann Peter.<\/em><\/span><\/p>\n<p style=\"text-align: justify;\"><span style=\"font-family: times new roman, times, serif; font-size: 10pt;\"><strong>zu 2)<\/strong> <em>Den 9 [Decem]bris nach Mittag zwischen 2 vnd 3 Vhrn ist Johann Phil. Schmieden allhier eine junge Tochter geboren vnd darauff den 15 ejusd[em], Dom[inica] 3 Adv[entus] getauft worden. Gevattern sind gewe\u00dfen: Anna Catharina, mein H[aus]fraw; Eva G\u00fctta, sein Schwester von Gemrich; vnd Han\u00df, Nicla\u00df Hoffman\u00df Sohn ibid[em]. Ihr Nahm ist Eva Catharina.<\/em><\/span><\/p>\n<p style=\"text-align: justify;\"><span style=\"font-family: times new roman, times, serif; font-size: 10pt;\"><strong>zu 3)<\/strong> <em>Den 23ten Martij de\u00df Morgens zwischen 8 vnd 9 Vhrn ist Johann Phil. Schmieden der J\u00fcnger allhier eine junge Tochter geboren vnd den 1ten Aprilis, Dom[inica] Palmar[um], getauft worden. Gev. sind gewe\u00dfen: Maria Catharina, Caspar Bachumbs Tochter allhier; Anna Christina, Gottfried Rhoden Tochter al\u00df seiner Fraw Schwester; v[nd] Joh. David, Lehnhart Mayen Sohn von Eberwie\u00df. Ihr Nahm ist Maria Christina. Ist im Brunnen ertruncken.<\/em><\/span><\/p>\n<p style=\"text-align: justify;\"><span style=\"font-family: times new roman, times, serif; font-size: 10pt;\"><strong>zu 4)<\/strong> <em>Den 11 Julij Nachmittag zwischen 2 vnd 3 Vhrn ist Joh. Phil. Schmieden dem J\u00fcnger allhier ein junger Sohn geb. vnd den 19 ejusd[em], Dom[inica] 5 post Trin[itatis], getauft worden. Gevattern waren Johann Gottfried, David De\u00dfigoben Sohn von Schweighau\u00dfen; Johan. David Sommer von Oberbacheim; vnd Anna Margretha, Gottfried Rhoden Tochter allhier. Sein Nahm ist Johann Gottfried.<\/em><\/span><\/p>\n<p style=\"text-align: justify;\"><span style=\"font-family: times new roman, times, serif; font-size: 10pt;\"><strong>zu 5)<\/strong> <em>Den 17 Januarij, de\u00df Morgens zwischen 7 vnd 8 Vhrn ist Johann Phil. Schmieden, dem Hufschmieden, ein junger Sohn geboren v[nd] den 22 ejusd. getauft worden. Gev. sind gewe\u00dfen: Johann Thong. May von Kehlbach; Johan Thiel, Joh. Henrich Imands Sohn von Winterwerb; vnd Anna Christina, mein H[aus]fraw. Sein Nahm ist Johann Thilmann.<\/em><\/span><\/p>\n<p style=\"text-align: justify;\"><span style=\"font-family: times new roman, times, serif; font-size: 10pt;\"><strong>zu 6)<\/strong> <em>Den 13ten Augustj mittags zwischen 11 vnd 12 Vhrn ist Johann Phil. Schmieden dem Jungern allhier eine junge Tochter geboren vnd den 16 ej[us]dem wegen der Hessen vnd L\u00fcnenbg. V\u00f6lcker, so von oben herunter vnd auff Coblentz gangen, getauft worden.Gevattern: Maria Zeitlos, Pro\u00dfmann <\/em>[Ambrosius]<em> G\u00f6llers H[aus]fraw von Nochern; Maria Margretha, Phil. Adam Henrichen H[aus]fraw von Oberbacheim; vnd Simon, Henrich Winterwerbers Sohn von Winterwerb. Ihr Nahm ist Anna Maria.<\/em><\/span><\/p>\n<hr \/>\n<p><span style=\"font-family: times new roman, times, serif; font-size: 10pt; color: #ff0000;\"><strong><u>Schmidt<\/u>, Severin<\/strong><\/span><\/p>\n<p><span style=\"font-family: times new roman, times, serif; font-size: 10pt;\"><strong>oo<\/strong> mit <strong>N. N.<\/strong><\/span><\/p>\n<table>\n<tbody>\n<tr>\n<td style=\"text-align: center;\" width=\"29\"><span style=\"font-family: times new roman, times, serif; font-size: 10pt;\"><strong>Nr.<\/strong><\/span><\/td>\n<td width=\"135\"><span style=\"font-family: times new roman, times, serif; font-size: 10pt;\"><strong>Vorname (normiert)<\/strong><\/span><\/td>\n<td style=\"text-align: center;\" width=\"76\"><span style=\"font-family: times new roman, times, serif; font-size: 10pt;\"><strong>geboren<\/strong><\/span><\/td>\n<td style=\"text-align: center;\" width=\"76\"><span style=\"font-family: times new roman, times, serif; font-size: 10pt;\"><strong>getauft<\/strong><\/span><\/td>\n<td style=\"text-align: center;\" width=\"69\"><span style=\"font-family: times new roman, times, serif; font-size: 10pt;\"><strong>konfirmiert<\/strong><\/span><\/td>\n<td style=\"text-align: center;\" width=\"66\"><span style=\"font-family: times new roman, times, serif; font-size: 10pt;\"><strong>gestorben<\/strong><\/span><\/td>\n<td style=\"text-align: center;\" width=\"76\"><span style=\"font-family: times new roman, times, serif; font-size: 10pt;\"><strong>begraben<\/strong><\/span><\/td>\n<td style=\"text-align: center;\" width=\"40\"><span style=\"font-family: times new roman, times, serif; font-size: 10pt;\"><strong>Alter<\/strong><\/span><\/td>\n<td style=\"text-align: center;\" width=\"42\"><span style=\"font-family: times new roman, times, serif; font-size: 10pt;\"><strong>Stand<\/strong><\/span><\/td>\n<\/tr>\n<tr>\n<td style=\"text-align: center;\" width=\"29\"><span style=\"font-family: times new roman, times, serif; font-size: 10pt;\">1<\/span><\/td>\n<td width=\"135\"><span style=\"font-family: times new roman, times, serif; font-size: 10pt;\">Anna Margaretha<\/span><\/td>\n<td style=\"text-align: center;\" width=\"76\"><span style=\"font-family: times new roman, times, serif; font-size: 10pt;\">xx.03.1680<\/span><\/td>\n<td style=\"text-align: center;\" width=\"76\"><span style=\"font-family: times new roman, times, serif; font-size: 10pt;\">14.03.1680<\/span><\/td>\n<td style=\"text-align: center;\" width=\"69\"><\/td>\n<td style=\"text-align: center;\" width=\"66\"><\/td>\n<td style=\"text-align: center;\" width=\"76\"><span style=\"font-family: times new roman, times, serif; font-size: 10pt;\">18.04.1680<\/span><\/td>\n<td style=\"text-align: center;\" width=\"40\"><span style=\"font-family: times new roman, times, serif; font-size: 10pt;\">0,10<\/span><\/td>\n<td style=\"text-align: center;\" width=\"42\"><\/td>\n<\/tr>\n<\/tbody>\n<\/table>\n<p><span style=\"font-family: times new roman, times, serif; font-size: 10pt;\"><strong>\u00a0<\/strong><\/span><span style=\"font-family: times new roman, times, serif; font-size: 10pt;\">Kind Nr. 1) 6 Wochen und etliche Tage alt<\/span><\/p>\n<p style=\"text-align: justify;\"><span style=\"font-family: times new roman, times, serif; font-size: 10pt;\">Eintragstext: <em>Den \u2026 Martij de\u00df Nachts vmb 11 Vhr ist Severin Schmiedes T\u00f6chterlein, allhier sich vffh\u00e4lt, geboren vnd den 14 ejusdem, Dom[inica] Oculj, getauft worden. Gev. sind gewe\u00dfen: Maria Magdalena, Gottfried Rhoden Tochter; Anna Margretha, Caspar Bachumbs Hau\u00dffraw; Johannes Thiel, Gottfied Adam Schmieds relict[us] fili[us]; Johannes Lotz, vn\u00dfer K\u00fchehirt; alle allhier; vnd Anna Sophia, beym Bonn zu Himigoben dienent. Ihr Nahm ist Anna Margaretha.<\/em><\/span><\/p>\n<hr \/>\n<p style=\"text-align: justify;\"><span style=\"font-family: times new roman, times, serif; font-size: 10pt;\"><strong><span style=\"color: #ff0000;\"><u>Schmidt<\/u>, Johann Peter:<\/span> <\/strong>nassau-saarbr\u00fcckischer Schulthei\u00df in Niederbachheim; gt. 21.03.1669 Niederbachheim; konf. 27.05.1683; + 01.02.1721 Niederbachheim, nach einem halbj\u00e4hrigen schweren Leiden (bg. 03.03.); Eltern: Johann Philipp Schmidt, Hufschmied, und Anna Margaretha Schmidt geb. N. N.<\/span><\/p>\n<p style=\"text-align: justify;\"><span style=\"font-family: times new roman, times, serif; font-size: 10pt;\"><strong>oo 25.04.1692 Niederbachheim<\/strong> mit <strong><u>Sommer<\/u>, Anna Christina:<\/strong> konf. 19.05.1678; Tochter des Johann Philipp Sommer aus Oberbachheim; wurde lt. Traueintrag 1681 von einem hess. Reiter geschw\u00e4ngert<\/span><\/p>\n<table>\n<tbody>\n<tr>\n<td style=\"text-align: center;\" width=\"28\"><span style=\"font-family: times new roman, times, serif; font-size: 10pt;\"><strong>Nr.<\/strong><\/span><\/td>\n<td width=\"128\"><span style=\"font-family: times new roman, times, serif; font-size: 10pt;\"><strong>Vorname (normiert)<\/strong><\/span><\/td>\n<td style=\"text-align: center;\" width=\"75\"><span style=\"font-family: times new roman, times, serif; font-size: 10pt;\"><strong>geboren<\/strong><\/span><\/td>\n<td style=\"text-align: center;\" width=\"75\"><span style=\"font-family: times new roman, times, serif; font-size: 10pt;\"><strong>getauft<\/strong><\/span><\/td>\n<td style=\"text-align: center;\" width=\"76\"><span style=\"font-family: times new roman, times, serif; font-size: 10pt;\"><strong>konfirmiert<\/strong><\/span><\/td>\n<td style=\"text-align: center;\" width=\"62\"><span style=\"font-family: times new roman, times, serif; font-size: 10pt;\"><strong>gestorben<\/strong><\/span><\/td>\n<td style=\"text-align: center;\" width=\"75\"><span style=\"font-family: times new roman, times, serif; font-size: 10pt;\"><strong>begraben<\/strong><\/span><\/td>\n<td style=\"text-align: center;\" width=\"41\"><span style=\"font-family: times new roman, times, serif; font-size: 10pt;\"><strong>Alter<\/strong><\/span><\/td>\n<td style=\"text-align: center;\" width=\"46\"><span style=\"font-family: times new roman, times, serif; font-size: 10pt;\"><strong>Stand<\/strong><\/span><\/td>\n<\/tr>\n<tr>\n<td style=\"text-align: center;\" width=\"28\"><span style=\"font-family: times new roman, times, serif; font-size: 10pt;\">1<\/span><\/td>\n<td width=\"128\"><span style=\"font-family: times new roman, times, serif; font-size: 10pt;\">Eva Katharina<\/span><\/td>\n<td style=\"text-align: center;\" width=\"75\"><span style=\"font-family: times new roman, times, serif; font-size: 10pt;\">10.07.1692<\/span><\/td>\n<td style=\"text-align: center;\" width=\"75\"><span style=\"font-family: times new roman, times, serif; font-size: 10pt;\">12.07.1692<\/span><\/td>\n<td style=\"text-align: center;\" width=\"76\"><\/td>\n<td style=\"text-align: center;\" width=\"62\"><\/td>\n<td style=\"text-align: center;\" width=\"75\"><span style=\"font-family: times new roman, times, serif; font-size: 10pt;\">25.11.1705<\/span><\/td>\n<td style=\"text-align: center;\" width=\"41\"><span style=\"font-family: times new roman, times, serif; font-size: 10pt;\">13,38<\/span><\/td>\n<td style=\"text-align: center;\" width=\"46\"><\/td>\n<\/tr>\n<tr>\n<td style=\"text-align: center;\"><span style=\"font-family: times new roman, times, serif; font-size: 10pt;\">2<\/span><\/td>\n<td><span style=\"font-family: times new roman, times, serif; font-size: 10pt;\">Johann Philipp<\/span><\/td>\n<td style=\"text-align: center;\"><span style=\"font-family: times new roman, times, serif; font-size: 10pt;\">25.04.1697<\/span><\/td>\n<td style=\"text-align: center;\"><span style=\"font-family: times new roman, times, serif; font-size: 10pt;\">01.05.1697<\/span><\/td>\n<td style=\"text-align: center;\"><span style=\"font-family: times new roman, times, serif; font-size: 10pt;\">08.06.1710<\/span><\/td>\n<td style=\"text-align: center;\"><\/td>\n<td style=\"text-align: center;\"><\/td>\n<td style=\"text-align: center;\"><\/td>\n<td style=\"text-align: center;\"><span style=\"font-family: times new roman, times, serif; font-size: 10pt;\">verh.<\/span><\/td>\n<\/tr>\n<tr>\n<td style=\"text-align: center;\"><span style=\"font-family: times new roman, times, serif; font-size: 10pt;\">3<\/span><\/td>\n<td><span style=\"font-family: times new roman, times, serif; font-size: 10pt;\">Anna Katharina<\/span><\/td>\n<td style=\"text-align: center;\"><span style=\"font-family: times new roman, times, serif; font-size: 10pt;\">13.01.1701<\/span><\/td>\n<td style=\"text-align: center;\"><span style=\"font-family: times new roman, times, serif; font-size: 10pt;\">23.01.1701<\/span><\/td>\n<td style=\"text-align: center;\"><\/td>\n<td style=\"text-align: center;\"><\/td>\n<td style=\"text-align: center;\"><span style=\"font-family: times new roman, times, serif; font-size: 10pt;\">03.06.1701<\/span><\/td>\n<td style=\"text-align: center;\"><span style=\"font-family: times new roman, times, serif; font-size: 10pt;\">0,36<\/span><\/td>\n<td style=\"text-align: center;\"><\/td>\n<\/tr>\n<tr>\n<td style=\"text-align: center;\"><span style=\"font-family: times new roman, times, serif; font-size: 10pt;\">4<\/span><\/td>\n<td><span style=\"font-family: times new roman, times, serif; font-size: 10pt;\">Philipp David<\/span><\/td>\n<td style=\"text-align: center;\"><span style=\"font-family: times new roman, times, serif; font-size: 10pt;\">08.04.1706<\/span><\/td>\n<td style=\"text-align: center;\"><span style=\"font-family: times new roman, times, serif; font-size: 10pt;\">11.04.1706<\/span><\/td>\n<td style=\"text-align: center;\"><span style=\"font-family: times new roman, times, serif; font-size: 10pt;\">19.05.1720<\/span><\/td>\n<td style=\"text-align: center;\"><\/td>\n<td style=\"text-align: center;\"><\/td>\n<td style=\"text-align: center;\"><\/td>\n<td style=\"text-align: center;\"><\/td>\n<\/tr>\n<tr>\n<td style=\"text-align: center;\"><span style=\"font-family: times new roman, times, serif; font-size: 10pt;\">5<\/span><\/td>\n<td><span style=\"font-family: times new roman, times, serif; font-size: 10pt;\">Regina Elisabeth<\/span><\/td>\n<td style=\"text-align: center;\"><span style=\"font-family: times new roman, times, serif; font-size: 10pt;\">06.09.1708<\/span><\/td>\n<td style=\"text-align: center;\"><span style=\"font-family: times new roman, times, serif; font-size: 10pt;\">09.09.1708<\/span><\/td>\n<td style=\"text-align: center;\"><\/td>\n<td style=\"text-align: center;\"><\/td>\n<td style=\"text-align: center;\"><span style=\"font-family: times new roman, times, serif; font-size: 10pt;\">27.08.1709<\/span><\/td>\n<td style=\"text-align: center;\"><span style=\"font-family: times new roman, times, serif; font-size: 10pt;\">0,96<\/span><\/td>\n<td style=\"text-align: center;\"><\/td>\n<\/tr>\n<\/tbody>\n<\/table>\n<p><span style=\"font-family: times new roman, times, serif; font-size: 10pt;\">Kind Nr. 1) war 5 \u00bd Jahre blind gewesen; 13 Jahre 19 Wochen alt<br \/>\n<\/span><span style=\"font-family: times new roman, times, serif; font-size: 10pt;\">Kind Nr. 2) 11.01.1718 Niederbachheim mit Anna Margaretha, Tochter des verst. Andreas K\u00f6hler, Kirchensenior in Singhofen<br \/>\n<\/span><span style=\"font-family: times new roman, times, serif; font-size: 10pt;\">Kind Nr. 3) + an den R\u00f6teln<br \/>\n<\/span><span style=\"font-family: times new roman, times, serif; font-size: 10pt;\">Kind Nr. 5) + an den Pocken<\/span><\/p>\n<p style=\"text-align: justify;\"><span style=\"font-family: times new roman, times, serif; font-size: 10pt;\">Stehen mit folgenden Eintrag im Poenitentenregister: <em>Eodem a[nn]o, den 11 [Decem]br[is], Dom[inica] 3 Advent[us], hat Peter Schmied mit Anna Christina, Phil. Sommers Tochter, Poenitentz gethan, ist in der 11 Woche ins Kindbet kommen.<\/em><strong><br \/>\n<\/strong><\/span><\/p>\n<p><span style=\"font-family: times new roman, times, serif; font-size: 10pt;\"><strong>Eintragstexte:<\/strong><\/span><\/p>\n<p style=\"text-align: justify;\"><span style=\"font-family: times new roman, times, serif; font-size: 10pt;\"><strong>zu 1)<\/strong> <em>Den 10ten Julij de\u00df Abens vmb 8 Vhrn ist Peter Schmieden in der 11 Wochen weniger 1 Tag nach gehaltenem Kirchengang in Vnehren eine junge Tochter geboren vnd den 12 ejusd[em] de\u00df Morgens vmb 5 Vhrn wegen Vnpa\u00dflichkeit [dar\u00fcber steht: fuit mendaciu[m]] getauft worden. Gev. sind gewe\u00dfen: Eva Catharina, Johannes Schmieds Tochter, al\u00df sein Schwester (: aber Thiel Sommers Fraw \ud83d\ude42 allhier; Anna Christina, Th\u00f6nges Schmieds H[aus]fraw von Winterwerb; vnd Johann Daniel Sommer der Junger von Oberbacheim. Ihr Nahm ist Eva Catharina.<\/em><\/span><\/p>\n<p style=\"text-align: justify;\"><span style=\"font-family: times new roman, times, serif; font-size: 10pt;\"><strong>zu 2)<\/strong> <em>Sontags, Dom[inica] Jubilate, den 25 April[is] de\u00df Abends zwischen 9 vnd 10 Vhr ist Johann Peter Schmieden allhier v[nd] Anna Christina, seiner H[aus]fraw, ein junger Sohn gebohren, so den 1ten Maij vff Philipp Jacobj getauft worden. Gevattern sind gewe\u00dfen: Johann Philip\u00df May allhier; Henrich Schmied d[e] Gemrich; vnd Anna Margr., Johannes Werner\u00df Weygant H[aus]fraw d[e] Himigoben. Sein Nahm ist Johann Philip\u00df.<\/em><\/span><\/p>\n<p style=\"text-align: justify;\"><span style=\"font-family: times new roman, times, serif; font-size: 10pt;\"><strong>zu 3)<\/strong> <em>Donnerstag, den 13 Jan[uarii] nachts umb 12 ist Joh. Peter Schmieden allhier v[nd] Ann\u00e6 Christin\u00e6, seiner H[aus]frawen, eine junge Tochter geboren, die den 23, Dom[inica] Septuages[ima], getauft worden. Taufzeugen sind gewe\u00dfen: Gretgen, sein Stief-Schwester; Anna Cathar., seiner Frawen Schwester, Philip\u00df Sommers Tochter von Oberbacheim; vnd Joh. Just Jacob, Werner Weygants Eydam von Himigoben. Ihr Nahm ist Anna Catharina.<\/em><\/span><\/p>\n<p style=\"text-align: justify;\"><span style=\"font-family: times new roman, times, serif; font-size: 10pt;\"><strong>zu 4)<\/strong> <em>Donnerstag, den 8 April[is] nach Mitternacht zwischen 1 v[nd] 2 Vhrn ist Joh. Petern Schmieden allhier v[nd] Ann\u00e6 Christin[ae], seiner H[aus]fraw, ein junger Sohn geboren, welcher den 11 ej[us]d[em], Dom[inica] Quasimod., getauft worden. Gev. sind gewe\u00dfen: Phil. David, Daniel G\u00e4n\u00dfman\u00df relict[us] fili[us] allhier; Joh. Phil., Michel Gro\u00dfen Sohn von Hau\u00dfen fur der H\u00f6he <\/em>[Hausen vor der H\u00f6he, Schlangenbad, Rheingau-Taunus-Kreis]<em>; v[nd] Elisab. Magdalen[a], meine Tochter. Sein Nahm ist Philip\u00df David.<\/em><\/span><\/p>\n<p style=\"text-align: justify;\"><span style=\"font-family: times new roman, times, serif; font-size: 10pt;\"><strong>zu 5)<\/strong> <em>Donnerstag, den 6 [Septem]br[is] morgens umb 5 Vhrn ist Johann Peter Schmieden allhier vnd Ann\u00e6 Christin\u00e6, seiner H[aus]fraw, eine junge Tochter geboren geboren, qu\u00e6 die 9 ej[us]d[em], Dom[inica] 14 post Trinit[atis] getauft. Compatres fuerunt: Maria Elisabetha[a], Thiel Sommer\u00df, sutoris filia, d[e] Oberb.; Anna Regina, Joh. Emrich Schmieds Fraw von Nast\u00e4tten; vnd Joh. Phil. Sommer\u00df filius legitim[us] ibid[em] d[e] Oberbacheim. Ihr Nahm ist Regina Elisabetha.<\/em><\/span><\/p>\n<hr \/>\n<p style=\"text-align: justify;\"><span style=\"font-family: times new roman, times, serif; font-size: 10pt;\"><span style=\"color: #ff0000;\"><strong><u>Schmidt<\/u>, Johann Gottfried:<\/strong> <\/span>Schneider; * 11.07.1685 (gt. 19.07.); konf. 28.05.1699; Eltern: Johann Philipp Schmidt, Hufschmied, und Anna Margaretha Schmidt geb. N. N.<\/span><\/p>\n<p><span style=\"font-family: times new roman, times, serif; font-size: 10pt;\"><strong>oo 03.04.1709 Niederbachheim<\/strong> mit <strong><u>Aulmann<\/u>, Anna Maria:<\/strong> Tochter des verst. Emmerich Aulmann aus Ehr<\/span><\/p>\n<table>\n<tbody>\n<tr>\n<td style=\"text-align: center;\" width=\"29\"><span style=\"font-family: times new roman, times, serif; font-size: 10pt;\"><strong>Nr.<\/strong><\/span><\/td>\n<td width=\"134\"><span style=\"font-family: times new roman, times, serif; font-size: 10pt;\"><strong>Vorname (normiert)<\/strong><\/span><\/td>\n<td style=\"text-align: center;\" width=\"76\"><span style=\"font-family: times new roman, times, serif; font-size: 10pt;\"><strong>geboren<\/strong><\/span><\/td>\n<td style=\"text-align: center;\" width=\"76\"><span style=\"font-family: times new roman, times, serif; font-size: 10pt;\"><strong>getauft<\/strong><\/span><\/td>\n<td style=\"text-align: center;\" width=\"69\"><span style=\"font-family: times new roman, times, serif; font-size: 10pt;\"><strong>konfirmiert<\/strong><\/span><\/td>\n<td style=\"text-align: center;\" width=\"66\"><span style=\"font-family: times new roman, times, serif; font-size: 10pt;\"><strong>gestorben<\/strong><\/span><\/td>\n<td style=\"text-align: center;\" width=\"76\"><span style=\"font-family: times new roman, times, serif; font-size: 10pt;\"><strong>begraben<\/strong><\/span><\/td>\n<td style=\"text-align: center;\" width=\"40\"><span style=\"font-family: times new roman, times, serif; font-size: 10pt;\"><strong>Alter<\/strong><\/span><\/td>\n<td style=\"text-align: center;\" width=\"42\"><span style=\"font-family: times new roman, times, serif; font-size: 10pt;\"><strong>Stand<\/strong><\/span><\/td>\n<\/tr>\n<tr>\n<td style=\"text-align: center;\" width=\"29\"><span style=\"font-family: times new roman, times, serif; font-size: 10pt;\">1<\/span><\/td>\n<td width=\"134\"><span style=\"font-family: times new roman, times, serif; font-size: 10pt;\">Johann Christian<\/span><\/td>\n<td style=\"text-align: center;\" width=\"76\"><span style=\"font-family: times new roman, times, serif; font-size: 10pt;\">16.01.1710<\/span><\/td>\n<td style=\"text-align: center;\" width=\"76\"><span style=\"font-family: times new roman, times, serif; font-size: 10pt;\">19.01.1710<\/span><\/td>\n<td style=\"text-align: center;\" width=\"69\"><\/td>\n<td style=\"text-align: center;\" width=\"66\"><\/td>\n<td style=\"text-align: center;\" width=\"76\"><span style=\"font-family: times new roman, times, serif; font-size: 10pt;\">20.03.1710<\/span><\/td>\n<td style=\"text-align: center;\" width=\"40\"><span style=\"font-family: times new roman, times, serif; font-size: 10pt;\">0,16<\/span><\/td>\n<td style=\"text-align: center;\" width=\"42\"><\/td>\n<\/tr>\n<tr>\n<td style=\"text-align: center;\"><span style=\"font-family: times new roman, times, serif; font-size: 10pt;\">2<\/span><\/td>\n<td><span style=\"font-family: times new roman, times, serif; font-size: 10pt;\">Maria Katharina<\/span><\/td>\n<td style=\"text-align: center;\"><span style=\"font-family: times new roman, times, serif; font-size: 10pt;\">01.03.1711<\/span><\/td>\n<td style=\"text-align: center;\"><span style=\"font-family: times new roman, times, serif; font-size: 10pt;\">08.03.1711<\/span><\/td>\n<td style=\"text-align: center;\"><\/td>\n<td style=\"text-align: center;\"><\/td>\n<td style=\"text-align: center;\"><\/td>\n<td style=\"text-align: center;\"><\/td>\n<td style=\"text-align: center;\"><\/td>\n<\/tr>\n<tr>\n<td style=\"text-align: center;\"><span style=\"font-family: times new roman, times, serif; font-size: 10pt;\">3<\/span><\/td>\n<td><span style=\"font-family: times new roman, times, serif; font-size: 10pt;\">Johann Anton<\/span><\/td>\n<td style=\"text-align: center;\"><span style=\"font-family: times new roman, times, serif; font-size: 10pt;\">06.12.1713<\/span><\/td>\n<td style=\"text-align: center;\"><span style=\"font-family: times new roman, times, serif; font-size: 10pt;\">10.12.1713<\/span><\/td>\n<td style=\"text-align: center;\"><\/td>\n<td style=\"text-align: center;\"><\/td>\n<td style=\"text-align: center;\"><\/td>\n<td style=\"text-align: center;\"><\/td>\n<td style=\"text-align: center;\"><\/td>\n<\/tr>\n<tr>\n<td style=\"text-align: center;\"><span style=\"font-family: times new roman, times, serif; font-size: 10pt;\">4<\/span><\/td>\n<td><span style=\"font-family: times new roman, times, serif; font-size: 10pt;\">Johann Daniel<\/span><\/td>\n<td style=\"text-align: center;\"><span style=\"font-family: times new roman, times, serif; font-size: 10pt;\">17.07.1718<\/span><\/td>\n<td style=\"text-align: center;\"><span style=\"font-family: times new roman, times, serif; font-size: 10pt;\">24.07.1718<\/span><\/td>\n<td style=\"text-align: center;\"><\/td>\n<td style=\"text-align: center;\"><\/td>\n<td style=\"text-align: center;\"><\/td>\n<td style=\"text-align: center;\"><\/td>\n<td style=\"text-align: center;\"><\/td>\n<\/tr>\n<\/tbody>\n<\/table>\n<p><span style=\"font-family: times new roman, times, serif; font-size: 10pt;\"><strong>Eintragstexte:<\/strong><\/span><\/p>\n<p style=\"text-align: justify;\"><span style=\"font-family: times new roman, times, serif; font-size: 10pt;\"><strong>zu 1)<\/strong> <em>Donnerstag, den 16 Jan[uarii], ist Joh. Gottfr. Schmied, sartorj allhier, v[nd] Ann\u00e6 Mari\u00e6, seiner Hau\u00dffraw, de\u00df morgens umb 4 Vhr ein junger Sohn geboren, der den 19 ej[us]d[em], Dom[inica] 2 post Epiphani\u00e6, getauft worden. Gev. sind gewe\u00dfen: Joh. Adam Friederich in der Eherer M\u00fchl; Christ Witzky allhier; vnd Anna Elisabeth[a], Johannet Lehnharts Tochter, gleichfall\u00df allhier. Sein Nahm ist Johann Christian.<\/em><\/span><\/p>\n<p style=\"text-align: justify;\"><span style=\"font-family: times new roman, times, serif; font-size: 10pt;\"><strong>zu 2)<\/strong> <em>Dominica Reminiscere zw[ischen] 4 und 5 des morgens hat der liebe Gott Johann Gottfried Schmitt und seiner Hau\u00dffrauen Ann\u00e6 Mari\u00e6 ein junges T\u00f6chterlein geschencket, welches Dom[inica] Oculi getaufft worden ist. Gevattern waren: Maria Catharina, Conrads Rhoden Frau zu Winterwerb; Maria Catharina, Willhelm Plois Frau in der untersten M\u00fchl; und Johann Ge\u00f6rg G\u00f6ler von Nochern. Der Nahm ist Maria Catharina. A me \u2026<\/em><\/span><\/p>\n<p style=\"text-align: justify;\"><span style=\"font-family: times new roman, times, serif; font-size: 10pt;\"><strong>zu 3)<\/strong> <em>Die 6 [Decem]bris nat[us] et 10 ej[us]d[em] renat[us] Johann Anthonius, Joh. Gottfried Schmids v[nd] Ann\u00e6 Mari\u00e6 fili[us]. Susc[eptores]: Philipp David Gen\u00dfmann; Johann Anthoni[us], Johannes Leonharden Sohn; und Anna Dorothea, Peter Lutters Frau von Marienfel\u00df.<\/em><\/span><\/p>\n<p style=\"text-align: justify;\"><span style=\"font-family: times new roman, times, serif; font-size: 10pt;\"><strong>zu 4)<\/strong> <em>Den 17ten Julij nat[us] et 24 ej[us]d[em] renat[us] Johann Daniel, Joh. Gottfried Schmidten u. Ann\u00e6 Mari\u00e6 filiol[us]. Suscept[ores]: Johann Daniel, Joh. Philipp Majen Sohn alhir; Joh. Gottfried Witzky, Christ Witzky \u2026 [hinterlassener Sohn]; v[nd] A. Margretha, Joh. Thielmann Schmidten Frau von Weyer.<\/em><\/span><\/p>\n<hr \/>\n<p><span style=\"font-family: times new roman, times, serif; font-size: 10pt;\"><span style=\"color: #ff0000;\"><strong><u>Schmidt,<\/u> Maria Margaretha: <\/strong><\/span>konf. 21.04.1715 Niederbachheim, 11 \u00bc Jahre alt (ohne weitere Angaben)<\/span><\/p>\n<hr \/>\n<p style=\"text-align: justify;\"><span style=\"font-family: times new roman, times, serif; font-size: 10pt;\"><span style=\"color: #ff0000;\"><strong><u>Schmidt<\/u>, Johann Philipp:<\/strong> <\/span>* 25.04.1697 Niederbachheim (gt. 01.05.); konf. 08.06.1710; Eltern: Johann Peter Schmidt, nassau-saarbr\u00fcckischer Schulthei\u00df zu Niederbachheim, und Anna Christina geb. Sommer<\/span><\/p>\n<p><span style=\"font-family: times new roman, times, serif; font-size: 10pt;\"><strong>oo 11.01.1718 Niederbachheim<\/strong> mit <strong><u>K\u00f6hler<\/u>, Anna Margaretha:<\/strong> Tochter des verst. Andreas K\u00f6hler, Kirchensenior in Singhofen<\/span><\/p>\n<table>\n<tbody>\n<tr>\n<td style=\"text-align: center;\" width=\"30\"><span style=\"font-family: times new roman, times, serif; font-size: 10pt;\"><strong>Nr.<\/strong><\/span><\/td>\n<td width=\"135\"><span style=\"font-family: times new roman, times, serif; font-size: 10pt;\"><strong>Vorname (normiert)<\/strong><\/span><\/td>\n<td style=\"text-align: center;\" width=\"76\"><span style=\"font-family: times new roman, times, serif; font-size: 10pt;\"><strong>geboren<\/strong><\/span><\/td>\n<td style=\"text-align: center;\" width=\"76\"><span style=\"font-family: times new roman, times, serif; font-size: 10pt;\"><strong>getauft<\/strong><\/span><\/td>\n<td style=\"text-align: center;\" width=\"69\"><span style=\"font-family: times new roman, times, serif; font-size: 10pt;\"><strong>konfirmiert<\/strong><\/span><\/td>\n<td style=\"text-align: center;\" width=\"69\"><span style=\"font-family: times new roman, times, serif; font-size: 10pt;\"><strong>gestorben<\/strong><\/span><\/td>\n<td style=\"text-align: center;\" width=\"67\"><span style=\"font-family: times new roman, times, serif; font-size: 10pt;\"><strong>begraben<\/strong><\/span><\/td>\n<td style=\"text-align: center;\" width=\"38\"><span style=\"font-family: times new roman, times, serif; font-size: 10pt;\"><strong>Alter<\/strong><\/span><\/td>\n<td style=\"text-align: center;\" width=\"44\"><span style=\"font-family: times new roman, times, serif; font-size: 10pt;\"><strong>Stand<\/strong><\/span><\/td>\n<\/tr>\n<tr>\n<td style=\"text-align: center;\" width=\"30\"><span style=\"font-family: times new roman, times, serif; font-size: 10pt;\">1<\/span><\/td>\n<td width=\"135\"><span style=\"font-family: times new roman, times, serif; font-size: 10pt;\">Georg Philipp<\/span><\/td>\n<td style=\"text-align: center;\" width=\"76\"><span style=\"font-family: times new roman, times, serif; font-size: 10pt;\">05.12.1719<\/span><\/td>\n<td style=\"text-align: center;\" width=\"76\"><span style=\"font-family: times new roman, times, serif; font-size: 10pt;\">10.12.1719<\/span><\/td>\n<td style=\"text-align: center;\" width=\"69\"><\/td>\n<td style=\"text-align: center;\" width=\"69\"><\/td>\n<td style=\"text-align: center;\" width=\"67\"><\/td>\n<td style=\"text-align: center;\" width=\"38\"><\/td>\n<td style=\"text-align: center;\" width=\"44\"><\/td>\n<\/tr>\n<\/tbody>\n<\/table>\n<p style=\"text-align: justify;\"><span style=\"font-family: times new roman, times, serif; font-size: 10pt;\">Eintragstext: <em>Den 5ten [Decem]br[is] nat[us] et 10 ej[us]d[em] renat[us] Georg Philipp, Johann Philipp Schmidten v[nd] A[nnae] Margr[ethae] fil[ius]. Susc[eptores]: Philipp Adam Z\u00f6ller von Hun\u00dfel; Georg Philipp, Japhet Hoffmanns Sohn von O[ber]bachheim; u. Maria Dorothea, Bernhard K\u00f6sters Fr[au] von Gemmerich. NB. Parentes sindt: Joh. Philipp Schmidt alhir v[nd] Anna Margretha.<\/em><\/span><\/p>\n<hr \/>\n<p><span style=\"font-family: times new roman, times, serif; font-size: 10pt;\"><span style=\"color: #ff0000;\"><strong><u>Schmidt<\/u><\/strong><strong>, Johann Philipp:<\/strong> <\/span>Kirchensenior in Niederbachheim; + 19.09.1719 Niederbachheim, 76 Jahre alt (bg. 21.09.)<\/span><\/p>\n<hr \/>\n<p><span style=\"font-family: times new roman, times, serif; font-size: 10pt;\"><span style=\"color: #ff0000;\"><strong><u><a id=\"schuessler\"><\/a>Sch\u00fcssler<\/u><\/strong><strong>, Johann Georg:<\/strong> <\/span>S\u00f6hnlein des Johannes <em>Sch\u00fc\u00dfler<\/em> von Ziegenhain; bg. 31.12.1682 Niederbachheim, 1 Jahr und 12 Wochen alt<\/span><\/p>\n<hr \/>\n<p><span style=\"font-family: times new roman, times, serif; font-size: 10pt; color: #ff0000;\"><strong><u><a id=\"sohr\"><\/a>Sohr<\/u><\/strong><strong>, Michael<\/strong><\/span><\/p>\n<p><span style=\"font-family: times new roman, times, serif; font-size: 10pt;\"><strong>oo<\/strong> mit <strong>Anna Katharina<\/strong><\/span><\/p>\n<table>\n<tbody>\n<tr>\n<td style=\"text-align: center;\" width=\"30\"><span style=\"font-family: times new roman, times, serif; font-size: 10pt;\"><strong>Nr.<\/strong><\/span><\/td>\n<td width=\"138\"><span style=\"font-family: times new roman, times, serif; font-size: 10pt;\"><strong>Vorname (normiert)<\/strong><\/span><\/td>\n<td style=\"text-align: center;\" width=\"76\"><span style=\"font-family: times new roman, times, serif; font-size: 10pt;\"><strong>geboren<\/strong><\/span><\/td>\n<td style=\"text-align: center;\" width=\"76\"><span style=\"font-family: times new roman, times, serif; font-size: 10pt;\"><strong>getauft<\/strong><\/span><\/td>\n<td style=\"text-align: center;\" width=\"69\"><span style=\"font-family: times new roman, times, serif; font-size: 10pt;\"><strong>konfirmiert<\/strong><\/span><\/td>\n<td style=\"text-align: center;\" width=\"68\"><span style=\"font-family: times new roman, times, serif; font-size: 10pt;\"><strong>gestorben<\/strong><\/span><\/td>\n<td style=\"text-align: center;\" width=\"67\"><span style=\"font-family: times new roman, times, serif; font-size: 10pt;\"><strong>begraben<\/strong><\/span><\/td>\n<td style=\"text-align: center;\" width=\"37\"><span style=\"font-family: times new roman, times, serif; font-size: 10pt;\"><strong>Alter<\/strong><\/span><\/td>\n<td style=\"text-align: center;\" width=\"43\"><span style=\"font-family: times new roman, times, serif; font-size: 10pt;\"><strong>Stand<\/strong><\/span><\/td>\n<\/tr>\n<tr>\n<td style=\"text-align: center;\" width=\"30\"><span style=\"font-family: times new roman, times, serif; font-size: 10pt;\">1<\/span><\/td>\n<td width=\"138\"><span style=\"font-family: times new roman, times, serif; font-size: 10pt;\">Christina Margaretha<\/span><\/td>\n<td style=\"text-align: center;\" width=\"76\"><span style=\"font-family: times new roman, times, serif; font-size: 10pt;\">13.02.1716<\/span><\/td>\n<td style=\"text-align: center;\" width=\"76\"><span style=\"font-family: times new roman, times, serif; font-size: 10pt;\">16.02.1716<\/span><\/td>\n<td style=\"text-align: center;\" width=\"69\"><\/td>\n<td style=\"text-align: center;\" width=\"68\"><span style=\"font-size: 10pt; font-family: times new roman, times, serif;\">20.02.1773<\/span><\/td>\n<td style=\"text-align: center;\" width=\"67\"><span style=\"font-size: 10pt; font-family: times new roman, times, serif;\">22.02.1773<\/span><\/td>\n<td style=\"text-align: center;\" width=\"37\"><span style=\"font-size: 10pt; font-family: times new roman, times, serif;\">57,06<\/span><\/td>\n<td style=\"text-align: center;\" width=\"43\"><span style=\"font-size: 10pt; font-family: times new roman, times, serif;\">verh.<\/span><\/td>\n<\/tr>\n<\/tbody>\n<\/table>\n<p style=\"text-align: justify;\"><span style=\"font-family: times new roman, times, serif; font-size: 10pt;\">Kind Nr. 1) + Becheln; oo 26.08.1755 Dachsenhausen mit Johann Philipp Hallerbach (1726 Soldat auf der Marksburg, 1735 Sauhirt in Dachsenhausen; * 02.12.1705 Dachsenhausen, + 29.11.1770 Dachsenhausen; Eltern: Johann Jakob Hallerbach und Anna Christina geb. Opel; oo I. 04.03.1732 Dachsenhausen mit Anna Elisabeth Rommersbach aus Lollschied (+ 21.12.1754 Dachsenhausen) (OFB Dachsenhausen, Nr. 2479 und 0832, 0833))<\/span><\/p>\n<p style=\"text-align: justify;\"><span style=\"font-family: times new roman, times, serif; font-size: 10pt;\"><em>Den 13ten Febr[uarii] nata et 16 ej[us]d[em] renata Christina Margaretha, Michael Soor v[nd] Ann\u00e6 Catharin\u00e6 filia. Suscept[ores]: Johannes Philipp, Joh. Philipps Bochlers Sohn alhir; Anna Margretha, Joh. Philipp Schmidt Tochter von Reitzenhahn; undt A. Christina, Joh. Philipp Majen Tochter allhir.<\/em><\/span><\/p>\n<hr \/>\n<p><span style=\"font-family: times new roman, times, serif; font-size: 10pt;\"><span style=\"color: #ff0000;\"><strong><u><a id=\"sommer\"><\/a>Sommer<\/u><\/strong><strong>, Johann Anton:<\/strong> <\/span>* 12.01.1680 Oberbachheim (gt. 18.01.); konf. 04.06.1693; Eltern: Johann Daniel Sommer und Anna Katharina geb. Gerhard<\/span><\/p>\n<p style=\"text-align: justify;\"><span style=\"font-family: times new roman, times, serif; font-size: 10pt;\"><strong>oo 25.01.1707 Niederbachheim<\/strong> mit <strong><u>Aulmann<\/u><\/strong><strong>, Anna Magdalena:<\/strong> * 26.06.1688 Niederbachheim (gt. 01.07.); konf. 16.05.1701, Eltern: Johann Daniel Aulmann, Kirchensenior und Almoseneinnehmer, und Anna Barbara<\/span><\/p>\n<table>\n<tbody>\n<tr>\n<td style=\"text-align: center;\" width=\"28\"><span style=\"font-family: times new roman, times, serif; font-size: 10pt;\"><strong>Nr.<\/strong><\/span><\/td>\n<td width=\"130\"><span style=\"font-family: times new roman, times, serif; font-size: 10pt;\"><strong>Vorname (normiert)<\/strong><\/span><\/td>\n<td style=\"text-align: center;\" width=\"75\"><span style=\"font-family: times new roman, times, serif; font-size: 10pt;\"><strong>geboren<\/strong><\/span><\/td>\n<td style=\"text-align: center;\" width=\"75\"><span style=\"font-family: times new roman, times, serif; font-size: 10pt;\"><strong>getauft<\/strong><\/span><\/td>\n<td style=\"text-align: center;\" width=\"69\"><span style=\"font-family: times new roman, times, serif; font-size: 10pt;\"><strong>konfirmiert<\/strong><\/span><\/td>\n<td style=\"text-align: center;\" width=\"77\"><span style=\"font-family: times new roman, times, serif; font-size: 10pt;\"><strong>gestorben<\/strong><\/span><\/td>\n<td style=\"text-align: center;\" width=\"75\"><span style=\"font-family: times new roman, times, serif; font-size: 10pt;\"><strong>begraben<\/strong><\/span><\/td>\n<td style=\"text-align: center;\" width=\"40\"><span style=\"font-family: times new roman, times, serif; font-size: 10pt;\"><strong>Alter<\/strong><\/span><\/td>\n<td style=\"text-align: center;\" width=\"40\"><span style=\"font-family: times new roman, times, serif; font-size: 10pt;\"><strong>Stand<\/strong><\/span><\/td>\n<\/tr>\n<tr>\n<td style=\"text-align: center;\" width=\"28\"><span style=\"font-family: times new roman, times, serif; font-size: 10pt;\">1<\/span><\/td>\n<td width=\"130\"><span style=\"font-family: times new roman, times, serif; font-size: 10pt;\">Johann Daniel<\/span><\/td>\n<td style=\"text-align: center;\" width=\"75\"><span style=\"font-family: times new roman, times, serif; font-size: 10pt;\">11.02.1708<\/span><\/td>\n<td style=\"text-align: center;\" width=\"75\"><span style=\"font-family: times new roman, times, serif; font-size: 10pt;\">19.02.1708<\/span><\/td>\n<td style=\"text-align: center;\" width=\"69\"><\/td>\n<td style=\"text-align: center;\" width=\"77\"><\/td>\n<td style=\"text-align: center;\" width=\"75\"><span style=\"font-family: times new roman, times, serif; font-size: 10pt;\">18.08.1709<\/span><\/td>\n<td style=\"text-align: center;\" width=\"40\"><span style=\"font-family: times new roman, times, serif; font-size: 10pt;\">1,50<\/span><\/td>\n<td style=\"text-align: center;\" width=\"40\"><\/td>\n<\/tr>\n<tr>\n<td style=\"text-align: center;\"><span style=\"font-family: times new roman, times, serif; font-size: 10pt;\">2<\/span><\/td>\n<td><span style=\"font-family: times new roman, times, serif; font-size: 10pt;\">Johann Philipp<\/span><\/td>\n<td style=\"text-align: center;\"><span style=\"font-family: times new roman, times, serif; font-size: 10pt;\">30.07.1709<\/span><\/td>\n<td style=\"text-align: center;\"><span style=\"font-family: times new roman, times, serif; font-size: 10pt;\">04.08.1709<\/span><\/td>\n<td style=\"text-align: center;\"><\/td>\n<td style=\"text-align: center;\"><\/td>\n<td style=\"text-align: center;\"><span style=\"font-family: times new roman, times, serif; font-size: 10pt;\">10.06.1710<\/span><\/td>\n<td style=\"text-align: center;\"><span style=\"font-family: times new roman, times, serif; font-size: 10pt;\">0,85<\/span><\/td>\n<td style=\"text-align: center;\"><\/td>\n<\/tr>\n<tr>\n<td style=\"text-align: center;\"><span style=\"font-family: times new roman, times, serif; font-size: 10pt;\">3<\/span><\/td>\n<td><span style=\"font-family: times new roman, times, serif; font-size: 10pt;\">Regina Katharina<\/span><\/td>\n<td style=\"text-align: center;\"><span style=\"font-family: times new roman, times, serif; font-size: 10pt;\">11.05.1711<\/span><\/td>\n<td style=\"text-align: center;\"><span style=\"font-family: times new roman, times, serif; font-size: 10pt;\">14.05.1711<\/span><\/td>\n<td style=\"text-align: center;\"><\/td>\n<td style=\"text-align: center;\"><span style=\"font-family: times new roman, times, serif; font-size: 10pt;\">18.01.1715<\/span><\/td>\n<td style=\"text-align: center;\"><span style=\"font-family: times new roman, times, serif; font-size: 10pt;\">19.01.1715<\/span><\/td>\n<td style=\"text-align: center;\"><span style=\"font-family: times new roman, times, serif; font-size: 10pt;\">3,69<\/span><\/td>\n<td style=\"text-align: center;\"><\/td>\n<\/tr>\n<tr>\n<td style=\"text-align: center;\"><span style=\"font-family: times new roman, times, serif; font-size: 10pt;\">4<\/span><\/td>\n<td><span style=\"font-family: times new roman, times, serif; font-size: 10pt;\">Georg Philipp<\/span><\/td>\n<td style=\"text-align: center;\"><span style=\"font-family: times new roman, times, serif; font-size: 10pt;\">01.05.1713<\/span><\/td>\n<td style=\"text-align: center;\"><span style=\"font-family: times new roman, times, serif; font-size: 10pt;\">07.05.1713<\/span><\/td>\n<td style=\"text-align: center;\"><\/td>\n<td style=\"text-align: center;\"><span style=\"font-family: times new roman, times, serif; font-size: 10pt;\">28.01.1715<\/span><\/td>\n<td style=\"text-align: center;\"><span style=\"font-family: times new roman, times, serif; font-size: 10pt;\">29.01.1715<\/span><\/td>\n<td style=\"text-align: center;\"><span style=\"font-family: times new roman, times, serif; font-size: 10pt;\">1,73<\/span><\/td>\n<td style=\"text-align: center;\"><\/td>\n<\/tr>\n<tr>\n<td style=\"text-align: center;\"><span style=\"font-family: times new roman, times, serif; font-size: 10pt;\">5<\/span><\/td>\n<td><span style=\"font-family: times new roman, times, serif; font-size: 10pt;\">Eva Maria<\/span><\/td>\n<td style=\"text-align: center;\"><span style=\"font-family: times new roman, times, serif; font-size: 10pt;\">06.05.1716<\/span><\/td>\n<td style=\"text-align: center;\"><span style=\"font-family: times new roman, times, serif; font-size: 10pt;\">10.05.1716<\/span><\/td>\n<td style=\"text-align: center;\"><\/td>\n<td style=\"text-align: center;\"><\/td>\n<td style=\"text-align: center;\"><\/td>\n<td style=\"text-align: center;\"><\/td>\n<td style=\"text-align: center;\"><\/td>\n<\/tr>\n<tr>\n<td style=\"text-align: center;\"><span style=\"font-family: times new roman, times, serif; font-size: 10pt;\">6<\/span><\/td>\n<td><span style=\"font-family: times new roman, times, serif; font-size: 10pt;\">Philipp Adam<\/span><\/td>\n<td style=\"text-align: center;\"><span style=\"font-family: times new roman, times, serif; font-size: 10pt;\">10.01.1718<\/span><\/td>\n<td style=\"text-align: center;\"><span style=\"font-family: times new roman, times, serif; font-size: 10pt;\">16.01.1718<\/span><\/td>\n<td style=\"text-align: center;\"><\/td>\n<td style=\"text-align: center;\"><\/td>\n<td style=\"text-align: center;\"><\/td>\n<td style=\"text-align: center;\"><\/td>\n<td style=\"text-align: center;\"><\/td>\n<\/tr>\n<tr>\n<td style=\"text-align: center;\"><span style=\"font-family: times new roman, times, serif; font-size: 10pt;\">7<\/span><\/td>\n<td><span style=\"font-family: times new roman, times, serif; font-size: 10pt;\">Johann Daniel<\/span><\/td>\n<td style=\"text-align: center;\"><span style=\"font-family: times new roman, times, serif; font-size: 10pt;\">23.02.1720<\/span><\/td>\n<td style=\"text-align: center;\"><span style=\"font-family: times new roman, times, serif; font-size: 10pt;\">28.02.1720<\/span><\/td>\n<td style=\"text-align: center;\"><\/td>\n<td style=\"text-align: center;\"><\/td>\n<td style=\"text-align: center;\"><\/td>\n<td style=\"text-align: center;\"><\/td>\n<td style=\"text-align: center;\"><\/td>\n<\/tr>\n<\/tbody>\n<\/table>\n<p><span style=\"font-family: times new roman, times, serif; font-size: 10pt;\">Kind Nr. 1) + an Pocken<br \/>\n<\/span><span style=\"font-family: times new roman, times, serif; font-size: 10pt;\">Kind Nr. 3), 4) + an Kinderblattern<\/span><\/p>\n<p><span style=\"font-family: times new roman, times, serif; font-size: 10pt;\"><strong>Eintragstexte:<\/strong><\/span><\/p>\n<p style=\"text-align: justify;\"><span style=\"font-family: times new roman, times, serif; font-size: 10pt;\"><strong>zu 1)<\/strong> <em>Sambstag, den 11 Febr[uarii] morgen\u00df zwischen 7 v[nd] 8 Vhrn ist Joh. Th\u00f6ng. Sommern, bey seinem Stieffschwiegervatter Joh. Andr. Rhoden allhier sich vffhaltend, vnd Ann\u00e6 Magdal., seiner Hau\u00dffr., ein junger Sohn geboren, der den 19 ej[us]d[em], Dom[inica] Estomihi getauft worden. Gevatt. sindt gewe\u00dfen: Joh. Daniel, Philip\u00df Aulmann\u00df Sohn von Mihlen; Johann Adam, Joh. Gottfr. Gerharts Sohn von Schweighau\u00dfen; vnd Anna Magdal., Joh. Aulman\u00df Hau\u00dffr[au] von Eschbach. Sein Nahm ist Johann Daniel.<\/em><\/span><\/p>\n<p style=\"text-align: justify;\"><span style=\"font-family: times new roman, times, serif; font-size: 10pt;\"><strong>zu 2)<\/strong> <em>Dienstag, den 30 Julij nachts zwischen 11 v[nd] 12 Vhrn Joh. Th\u00f6nge\u00df Sommern allhie v[nd] Ann\u00e6 Magdal., seiner Hau\u00dffraw, nat[us] est filiol[us], q[ui] die 4 Aug[usti], Dom[inica] 10 post Trin[itatis], getauft worden. Gev. sind gewe\u00dfen Johann Thiel, Jo[ann]is de\u00df Hufschmieds hinder[lassener] Sohn allhier; Johann Phil. Bochel der \u00c4lter d[e] Oberbacheim: vnd Maria Catharin[a], Stoffel Sommer\u00df Fraw von Winterwerb. Sein Nahm ist Johann Philip\u00df.<\/em><\/span><\/p>\n<p style=\"text-align: justify;\"><span style=\"font-family: times new roman, times, serif; font-size: 10pt;\"><strong>zu 3)<\/strong> <em>Montag, so war der XI Tag Maij, sind nachm[ittags] um 7 oder 8 Uhr mit einer Tochter erfre\u00fct worden Joh. Anthon Sommer und Anna Magdalena allhier und haben solche in festo Ascens[ionis] D[omi]ni nostri Jesu [Chri]sti tauffen la\u00dfen. Gevat. waren: Regina, Catharina, Joh. Philips Sommers Frau zu Oberbachheim; Maria Catharina, Joh. Wilhelm Ploisen Frau in der unteren M\u00fchl und dann Joh. Henrich Sommer, sich itzo zu De\u00dfigoffen ufhaltend. Der Nahm ist Regina Catharina. Bapt. Dn. past. Kirdorf.<\/em><\/span><\/p>\n<p style=\"text-align: justify;\"><span style=\"font-family: times new roman, times, serif; font-size: 10pt;\"><strong>zu 4)<\/strong> <em>A[nn]o 1713, den 1ten Maji nat[us] et 7 ej[us]d[em] renat[us] Georg Philipp, Joh. Anthonii Sommers v[nd] Ann\u00e6 Magdalen\u00e6 S\u00f6h[lein] allhier. Suscept[ores] sindt: Georg Philipp Emrich, nass[au]-saarbr[\u00fcckischer] Schulthei\u00df von Oberbachheim; Johann Conrad, Phi[lipps] Adam Henrichs rel. fil. zu Oberbachh.; v[nd] Anna Catharina, Johann Philipps Bochelers Fr[au] von Ob: Bachheim.<\/em><\/span><\/p>\n<p style=\"text-align: justify;\"><span style=\"font-family: times new roman, times, serif; font-size: 10pt;\"><strong>zu 5)<\/strong> <em>Den 6ten Maji nata et 10, Dom[inica] Cantat[e] renata Eva Maria, Joh. Anthonij Sommers u. Ann\u00e6 Magdalen\u00e6 fil[ia]. Suscep[tores]: Emrich Aulmann, des Gerichts v[nd] Kirchen-Senior von Miehlen; Eva Magdalena, David Rhoden Fr[au] allhir; und Anna Maria, Joh. Adam Lauxen Fr[au] von Kellbach.<\/em><\/span><\/p>\n<p style=\"text-align: justify;\"><span style=\"font-family: times new roman, times, serif; font-size: 10pt;\"><strong>zu 6)<\/strong> <em>Den 10 ej[us]d[em] abends um 6 Uhr nat[us] et 16 ej[us]d[em] renat[us] Philipp Adam, Johann Anthonij Sommers u. Ann\u00e6 Magdalen\u00e6 fil[ia]. Susc[eptores]: Philipp Gottfried Bocheler von O[ber]bachheim; Philipp Adam, Joh. Andre\u00e6 Rhoden Sihn ibid[em] u[nd] Anna Christina, Joh. Anthon Kleinen Fr[au] von Schweighausen.<\/em><\/span><\/p>\n<p><span style=\"font-family: times new roman, times, serif; font-size: 10pt;\"><strong>zu 7)<\/strong> <em>Den 23 Febr[uarii] nat[us] et 28 ej[us]d[em] renat[us] Johann Daniel, Joh. Anthon Sommers u. A. Magdalena filiol[us]. Susc[eptores]: Joh. Philipp Emrich von Dornholtzhausen; Joh. Daniel Maj alhir; u. Anna Maria, Adam Aulmanns Tochter von Eschbach.<\/em><\/span><\/p>\n<hr \/>\n<p style=\"text-align: justify;\"><span style=\"font-family: times new roman, times, serif; font-size: 10pt;\"><span style=\"color: #ff0000;\"><strong><u>Sommer<\/u>, Johann Thiel:<\/strong> <\/span>Schuhmacher; gt. 15.05.1670 Oberbachheim; konf. 27.05.1683; + 30.03.1721 Niederbachheim (bg. 31.03.); oo I. 25.04.1692 Niederbachheim mit Eva Katharina Schmidt aus Niederbachheim (bg. 23.01.1706); oo II. 18.01.1707 Niederbachheim mit Anna Margaretha, Tochter des verst. Hans Peter W\u00f6ll aus Miehlen, dient bei David Rhod in Niederbachheim; Fam. wohnt in Oberbachheim<\/span><\/p>\n<hr \/>\n<p><span style=\"font-family: times new roman, times, serif; font-size: 10pt;\"><span style=\"color: #ff0000;\"><strong><u><a id=\"sopp\"><\/a>Sopp<\/u>, Johann Jost:<\/strong> <\/span>Kuhhirt in Niederbachheim;\u00a0 aus Reitzenhain (VG Loreley, Rhein-Lahn-Kreis); bg. 10.04.1689 Niederbachheim, 65 Jahre alt<\/span><\/p>\n<hr \/>\n<p><span style=\"font-family: times new roman, times, serif; font-size: 10pt;\"><span style=\"color: #ff0000;\"><strong><u><a id=\"sorger\"><\/a>Sorger<\/u>, Henrich:<\/strong> <\/span>Sohn des verst. Johann Sorger, Schulmeister auf dem Emser Bad; konf. 1667 Niederbachheim<\/span><\/p>\n<hr \/>\n<p><span style=\"font-family: times new roman, times, serif; font-size: 10pt;\"><span style=\"color: #ff0000;\"><strong><u><a id=\"stang\"><\/a>Stang<\/u>, Bastian:<\/strong><\/span> Sohn des Gallus Stang, kath., aus Bayern (<em>au\u00dfm Bayerlandt<\/em>); bg. 30.09.1680 Niederbachheim, 13 Jahre alt<\/span><\/p>\n<hr \/>\n<p><span style=\"font-family: times new roman, times, serif; font-size: 10pt;\"><span style=\"color: #ff0000;\"><strong><u><a id=\"steinig\"><\/a>Steinig<\/u><\/strong><strong>, Arnd Henrich: <\/strong><\/span>von <em>Buckenberg<\/em>; Gefreiter in der in St. Goar liegenden Kompanie unter Major Exter, in Niederbachheim im Quartier liegend<\/span><\/p>\n<p><span style=\"font-family: times new roman, times, serif; font-size: 10pt;\"><strong>oo<\/strong> mit <strong>Anna Elisabeth<\/strong><\/span><\/p>\n<table>\n<tbody>\n<tr>\n<td style=\"text-align: center;\" width=\"30\"><span style=\"font-family: times new roman, times, serif; font-size: 10pt;\"><strong>Nr.<\/strong><\/span><\/td>\n<td width=\"135\"><span style=\"font-family: times new roman, times, serif; font-size: 10pt;\"><strong>Vorname (normiert)<\/strong><\/span><\/td>\n<td style=\"text-align: center;\" width=\"77\"><span style=\"font-family: times new roman, times, serif; font-size: 10pt;\"><strong>geboren<\/strong><\/span><\/td>\n<td style=\"text-align: center;\" width=\"77\"><span style=\"font-family: times new roman, times, serif; font-size: 10pt;\"><strong>getauft<\/strong><\/span><\/td>\n<td style=\"text-align: center;\" width=\"69\"><span style=\"font-family: times new roman, times, serif; font-size: 10pt;\"><strong>konfirmiert<\/strong><\/span><\/td>\n<td style=\"text-align: center;\" width=\"69\"><span style=\"font-family: times new roman, times, serif; font-size: 10pt;\"><strong>gestorben<\/strong><\/span><\/td>\n<td style=\"text-align: center;\" width=\"67\"><span style=\"font-family: times new roman, times, serif; font-size: 10pt;\"><strong>begraben<\/strong><\/span><\/td>\n<td style=\"text-align: center;\" width=\"37\"><span style=\"font-family: times new roman, times, serif; font-size: 10pt;\"><strong>Alter<\/strong><\/span><\/td>\n<td style=\"text-align: center;\" width=\"43\"><span style=\"font-family: times new roman, times, serif; font-size: 10pt;\"><strong>Stand<\/strong><\/span><\/td>\n<\/tr>\n<tr>\n<td style=\"text-align: center;\" width=\"30\"><span style=\"font-family: times new roman, times, serif; font-size: 10pt;\">1<\/span><\/td>\n<td width=\"135\"><span style=\"font-family: times new roman, times, serif; font-size: 10pt;\">Johann Daniel<\/span><\/td>\n<td style=\"text-align: center;\" width=\"77\"><span style=\"font-family: times new roman, times, serif; font-size: 10pt;\">14.04.1700<\/span><\/td>\n<td style=\"text-align: center;\" width=\"77\"><span style=\"font-family: times new roman, times, serif; font-size: 10pt;\">18.04.1700<\/span><\/td>\n<td style=\"text-align: center;\" width=\"69\"><\/td>\n<td style=\"text-align: center;\" width=\"69\"><\/td>\n<td style=\"text-align: center;\" width=\"67\"><\/td>\n<td style=\"text-align: center;\" width=\"37\"><\/td>\n<td style=\"text-align: center;\" width=\"43\"><\/td>\n<\/tr>\n<\/tbody>\n<\/table>\n<p style=\"text-align: justify;\"><span style=\"font-family: times new roman, times, serif; font-size: 10pt;\">Eintragstext: <em>Mittwoch, den 14 April[is] nach Mitternacht zwischen 1 vnd 2 Vhrn ist Arnd Henrich Steinig von Buckenburg, vnter H[er]r Major Exter\u00df Compagnie in St: Goar liegent, Gefreytern hier im Quartier, vnd Ann\u00e6 Elisab., seiner H[aus]fraw, ein junger Sohn gebohren, der den 18 ejusd[em], Dom[inica] Quasimodog[eniti], getauft worden. Gev. sind gewe\u00dfen: Joh. Henrich Michel, sein Schwager von Hohen Gei\u00dfmar <\/em>[Hofgeismar]<em> bey Cassel, zu Nast\u00e4tten im Quartier; Joh. Daniel Seyer bey Rintel zuhau\u00df, im Quartier zu Ruppertshoffen; Anna Barbara, Andr. Rhoden H[aus]fraw; vnd Maria Magdalen., Jo[ann]is Lehnharts H[aus]fraw; beyde allhier. Sein Nahm ist Johann Daniel.<\/em><\/span><\/p>\n<hr \/>\n<p><span style=\"font-family: times new roman, times, serif; font-size: 10pt;\"><span style=\"color: #ff0000;\"><strong><u><a id=\"stolck\"><\/a>Stolck<\/u><\/strong><strong>, Anna Barbara:<\/strong> <\/span>bg. 03.01.1636 Braubach; Tochter des Donges Stolck aus Niederbachheim<\/span><\/p>\n<hr \/>\n<p><span style=\"font-family: times new roman, times, serif; font-size: 10pt;\"><span style=\"color: #ff0000;\"><strong><u>Stolck<\/u><\/strong><strong>, Katharina:<\/strong> <\/span>bg. 26.01.1636 Braubach; Tochter des Donges Stolck aus Niederbachheim<\/span><\/p>\n<hr \/>\n<p><span style=\"font-family: times new roman, times, serif; font-size: 10pt;\"><span style=\"color: #ff0000;\"><strong><u><a id=\"theis\"><\/a>Theis<\/u>, Johann Philipp:<\/strong> <\/span>Hirte 1707 in Niederbachheim; s. OFB Kehlbach<\/span><\/p>\n<hr \/>\n<p><span style=\"font-family: times new roman, times, serif; font-size: 10pt;\"><span style=\"color: #ff0000;\"><strong><u><a id=\"thiel\"><\/a>Thiel<\/u>, Katharina:<\/strong> <\/span>Ehefrau des Johannes Thiel; bg. 10.11.1680 Niederbachheim, 80 Jahre alt<\/span><\/p>\n<hr \/>\n<p><span style=\"font-family: times new roman, times, serif; font-size: 10pt;\"><span style=\"color: #ff0000;\"><strong><u><a id=\"thoenges\"><\/a>Th\u00f6nges<\/u>, Elisabeth Katharina:<\/strong><\/span> * 11.02.1704 (lt. Konfirmationseintrag); konf. 25.04.1717 Niederbachheim (ohne weitere Angaben)<\/span><\/p>\n<hr \/>\n<p style=\"text-align: justify;\"><span style=\"font-family: times new roman, times, serif; font-size: 10pt;\"><span style=\"color: #ff0000;\"><strong><u><a id=\"truebenbach\"><\/a>Tr\u00fcbenbach<\/u><\/strong><strong>, Johann Anton:<\/strong><\/span> 1717-1731 Schulmeister in Niederbachheim; aus Hohenstein (Gensicke: Nass. Ann. Bd. 94 (1983), S. 294); + 11.02.1731 Niederbachheim, 60 Jahre und 3 Wochen alt (bg. 13.02.); Eltern: N. N. Tr\u00fcbenbach, 1674-1709 Pfarrer in Hohenstein und Holzhausen \u00fcber Aar (Rheingau-Taunus-Kreis), und Anna Elisabeth; siehe <a href=\"http:\/\/www.ahnenforschung-jackmuth.de\/?page_id=10349\">OFB Schweighausen<\/a><br \/>\n<\/span><\/p>\n<p><span style=\"font-family: times new roman, times, serif; font-size: 10pt;\"><strong>oo<\/strong> mit <strong>Anna Katharina<\/strong><\/span><\/p>\n<table>\n<tbody>\n<tr>\n<td style=\"text-align: center;\" width=\"28\"><span style=\"font-family: times new roman, times, serif; font-size: 10pt;\"><strong>Nr.<\/strong><\/span><\/td>\n<td width=\"131\"><span style=\"font-family: times new roman, times, serif; font-size: 10pt;\"><strong>Vorname (normiert)<\/strong><\/span><\/td>\n<td style=\"text-align: center;\" width=\"75\"><span style=\"font-family: times new roman, times, serif; font-size: 10pt;\"><strong>geboren<\/strong><\/span><\/td>\n<td style=\"text-align: center;\" width=\"75\"><span style=\"font-family: times new roman, times, serif; font-size: 10pt;\"><strong>getauft<\/strong><\/span><\/td>\n<td style=\"text-align: center;\" width=\"69\"><span style=\"font-family: times new roman, times, serif; font-size: 10pt;\"><strong>konfirmiert<\/strong><\/span><\/td>\n<td style=\"text-align: center;\" width=\"77\"><span style=\"font-family: times new roman, times, serif; font-size: 10pt;\"><strong>gestorben<\/strong><\/span><\/td>\n<td style=\"text-align: center;\" width=\"75\"><span style=\"font-family: times new roman, times, serif; font-size: 10pt;\"><strong>begraben<\/strong><\/span><\/td>\n<td style=\"text-align: center;\" width=\"40\"><span style=\"font-family: times new roman, times, serif; font-size: 10pt;\"><strong>Alter<\/strong><\/span><\/td>\n<td style=\"text-align: center;\" width=\"40\"><span style=\"font-family: times new roman, times, serif; font-size: 10pt;\"><strong>Stand<\/strong><\/span><\/td>\n<\/tr>\n<tr>\n<td style=\"text-align: center;\" width=\"28\"><span style=\"font-family: times new roman, times, serif; font-size: 10pt;\">1<\/span><\/td>\n<td width=\"131\"><span style=\"font-family: times new roman, times, serif; font-size: 10pt;\">Johann Philipp<\/span><\/td>\n<td style=\"text-align: center;\" width=\"75\"><span style=\"font-family: times new roman, times, serif; font-size: 10pt;\">01.05.1718<\/span><\/td>\n<td style=\"text-align: center;\" width=\"75\"><span style=\"font-family: times new roman, times, serif; font-size: 10pt;\">01.05.1718<\/span><\/td>\n<td style=\"text-align: center;\" width=\"69\"><\/td>\n<td style=\"text-align: center;\" width=\"77\"><span style=\"font-family: times new roman, times, serif; font-size: 10pt;\">30.01.1720<\/span><\/td>\n<td style=\"text-align: center;\" width=\"75\"><span style=\"font-family: times new roman, times, serif; font-size: 10pt;\">31.01.1720<\/span><\/td>\n<td style=\"text-align: center;\" width=\"40\"><span style=\"font-family: times new roman, times, serif; font-size: 10pt;\">1,75<\/span><\/td>\n<td style=\"text-align: center;\" width=\"40\"><\/td>\n<\/tr>\n<tr>\n<td style=\"text-align: center;\"><span style=\"font-family: times new roman, times, serif; font-size: 10pt;\">2<\/span><\/td>\n<td><span style=\"font-family: times new roman, times, serif; font-size: 10pt;\">Eleonora Philippina<\/span><\/td>\n<td style=\"text-align: center;\"><span style=\"font-family: times new roman, times, serif; font-size: 10pt;\">22.11.1720<\/span><\/td>\n<td style=\"text-align: center;\"><span style=\"font-family: times new roman, times, serif; font-size: 10pt;\">30.11.1720<\/span><\/td>\n<td style=\"text-align: center;\"><\/td>\n<td style=\"text-align: center;\"><span style=\"font-family: times new roman, times, serif; font-size: 10pt;\">20.02.1746<\/span><\/td>\n<td style=\"text-align: center;\"><\/td>\n<td style=\"text-align: center;\"><span style=\"font-family: times new roman, times, serif; font-size: 10pt;\">25,26<\/span><\/td>\n<td style=\"text-align: center;\"><span style=\"font-family: times new roman, times, serif; font-size: 10pt;\">verh.<\/span><\/td>\n<\/tr>\n<\/tbody>\n<\/table>\n<p style=\"text-align: justify;\"><span style=\"font-family: times new roman, times, serif; font-size: 10pt;\">Kind Nr. 1) + \u201enach vollbrachtem stetem Leiden\u201c<br \/>\n<\/span><span style=\"font-family: times new roman, times, serif; font-size: 10pt;\">Kind Nr. 2) oo 23.01.1744 Dachsenhausen mit Johann Philipp Metz (* 11.12.1714 Dachsenhausen; + 24.12.1770 Dachsenhausen; Eltern: Johann Heinrich Metz und Anna Maria geb. Wagner (OFB Dachsenhausen, Nr. 1551); war vorher Magd ihres Ehemannes<\/span><\/p>\n<p><span style=\"font-family: times new roman, times, serif; font-size: 10pt;\"><strong>Eintragstexte:<\/strong><\/span><\/p>\n<p style=\"text-align: justify;\"><span style=\"font-family: times new roman, times, serif; font-size: 10pt;\"><strong>zu 1)<\/strong> <em>Den 1ten Maji nat[us], eodem renat[us] Johann Philipp, H[errn] Joh. Anthon Tr\u00fcbenbachs, jetzigen Schuelpr\u00e6ceptoris, undt Ann\u00e6 Catharin\u00e6 filio[lus]. Suscept[ores]: H[err] Joh. Paul Kern, jetziger Schueldiener zu Marienfel\u00df;: Joh. Philipp Maj allhir; v[nd] Maria Christina, pr\u00e6toris Hass[iaci] filia <\/em>[im KB 2:<em> Phil. Simon Winterwerbers fil[ia], pr\u00e6t[oris] Hass[iaci] z[u] O[ber]bach[heim]<\/em>]<\/span><\/p>\n<p style=\"text-align: justify;\"><span style=\"font-family: times new roman, times, serif; font-size: 10pt;\"><strong>zu 2)<\/strong> <em>H[err] Joh. Peter Spie\u00df, Feldscherer unter den Pf\u00e4ltzischen, \u00fcber H[errn] Capitain Evers Comp[agnie]; Jungfr. Maria Eleonora, des wohlerw[\u00fcrdigen] gro\u00dfachtb[aren] v[nd] hochgelehrten H[errn] Joh. \u2026 Hansen, Pfarrer in Gemmerich, eh[liche] Tocht[er]; v[nd] Jungfr. A. Philippina Catharina, filia mea<\/em><\/span><\/p>\n<hr \/>\n<p><span style=\"font-family: times new roman, times, serif; font-size: 10pt;\"><span style=\"color: #ff0000;\"><strong><u><a id=\"wagner\"><\/a>Wagner,<\/u><\/strong><\/span><strong><span style=\"color: #ff0000;\"> Anna Margaretha:<\/span> <\/strong>bg. 06.01.1636 Braubach; Tochter des Cla\u00df Wagner von Niederbachheim<\/span><\/p>\n<hr \/>\n<p><span style=\"font-family: times new roman, times, serif; font-size: 10pt;\"><span style=\"color: #ff0000;\"><strong><u>Wagner<\/u><\/strong><strong>, Niklas:<\/strong> <\/span><em>von Bacheimb<\/em> (wohl Niederbachheim); bg. 17.06.1636 Braubach<\/span><\/p>\n<hr \/>\n<p><span style=\"font-family: times new roman, times, serif; font-size: 10pt;\"><span style=\"color: #ff0000;\"><strong><u>Wagner<\/u><\/strong><strong>, Margaretha:<\/strong> <\/span>Witwe des KlausWagner; + ohne Ortsangabe, bg. 27.04.1666 Niederbachheim<\/span><\/p>\n<hr \/>\n<p><span style=\"font-family: times new roman, times, serif; font-size: 10pt;\"><span style=\"color: #ff0000;\"><strong><u>Wagner<\/u><\/strong><strong>, (Johann) David:<\/strong><\/span> hat einen Bruder auf dem Giesh\u00fcbel; wohl Sohn des Johannes Wagner auf dem Giesh\u00fcbel<\/span><\/p>\n<p><span style=\"font-family: times new roman, times, serif; font-size: 10pt;\"><strong>oo<\/strong> mit <strong>N. N.<\/strong><\/span><\/p>\n<table>\n<tbody>\n<tr>\n<td style=\"text-align: center;\" width=\"29\"><span style=\"font-family: times new roman, times, serif; font-size: 10pt;\"><strong>Nr.<\/strong><\/span><\/td>\n<td width=\"135\"><span style=\"font-family: times new roman, times, serif; font-size: 10pt;\"><strong>Vorname (normiert)<\/strong><\/span><\/td>\n<td style=\"text-align: center;\" width=\"76\"><span style=\"font-family: times new roman, times, serif; font-size: 10pt;\"><strong>geboren<\/strong><\/span><\/td>\n<td style=\"text-align: center;\" width=\"76\"><span style=\"font-family: times new roman, times, serif; font-size: 10pt;\"><strong>getauft<\/strong><\/span><\/td>\n<td style=\"text-align: center;\" width=\"69\"><span style=\"font-family: times new roman, times, serif; font-size: 10pt;\"><strong>konfirmiert<\/strong><\/span><\/td>\n<td style=\"text-align: center;\" width=\"66\"><span style=\"font-family: times new roman, times, serif; font-size: 10pt;\"><strong>gestorben<\/strong><\/span><\/td>\n<td style=\"text-align: center;\" width=\"76\"><span style=\"font-family: times new roman, times, serif; font-size: 10pt;\"><strong>begraben<\/strong><\/span><\/td>\n<td style=\"text-align: center;\" width=\"40\"><span style=\"font-family: times new roman, times, serif; font-size: 10pt;\"><strong>Alter<\/strong><\/span><\/td>\n<td style=\"text-align: center;\" width=\"42\"><span style=\"font-family: times new roman, times, serif; font-size: 10pt;\"><strong>Stand<\/strong><\/span><\/td>\n<\/tr>\n<tr>\n<td style=\"text-align: center;\" width=\"29\"><span style=\"font-family: times new roman, times, serif; font-size: 10pt;\">1<\/span><\/td>\n<td width=\"135\"><span style=\"font-family: times new roman, times, serif; font-size: 10pt;\">Maria Magdalena<\/span><\/td>\n<td style=\"text-align: center;\" width=\"76\"><span style=\"font-family: times new roman, times, serif; font-size: 10pt;\">28.04.1676<\/span><\/td>\n<td style=\"text-align: center;\" width=\"76\"><span style=\"font-family: times new roman, times, serif; font-size: 10pt;\">07.05.1676<\/span><\/td>\n<td style=\"text-align: center;\" width=\"69\"><\/td>\n<td style=\"text-align: center;\" width=\"66\"><\/td>\n<td style=\"text-align: center;\" width=\"76\"><span style=\"font-family: times new roman, times, serif; font-size: 10pt;\">24.06.1676<\/span><\/td>\n<td style=\"text-align: center;\" width=\"40\"><span style=\"font-family: times new roman, times, serif; font-size: 10pt;\">0,13<\/span><\/td>\n<td style=\"text-align: center;\" width=\"42\"><\/td>\n<\/tr>\n<\/tbody>\n<\/table>\n<p style=\"text-align: justify;\"><span style=\"font-family: times new roman, times, serif; font-size: 10pt;\">Eintragstext: <em>Den 28ten April[is] ist David Wagenern de\u00df Nachts zwischen 12 vnd 1 Vhrn eine junge Tochter allhier geboren vnd den 7 May, Dom[inica] Exaudi, getauft worden. Gev. sind gewe\u00dfen: Johann Peter, seines Bruders Sohn vffm Gi\u00dfh\u00fcbel; Henrich Philip\u00df Schmieds Sohn von Gemrich; Maria Magdalena, Gottfried Rhoden Tochter allhier; vnd Anna Maria, Adam Schmieds hinderla\u00dfene Tochter, auch allhier. Ihr Nahm ist Maria Magdalena.<\/em><\/span><\/p>\n<hr \/>\n<p><span style=\"font-family: times new roman, times, serif; font-size: 10pt;\"><span style=\"color: #ff0000;\"><strong><u>Wagner<\/u><\/strong><strong>, Christian:<\/strong> <\/span>1677 Schulmeister in Niederbachheim; aus Gr\u00e4venwiesbach (Gensicke: Nass. Ann. Bd. 94 (1983), S. 294)<\/span><\/p>\n<p><span style=\"font-family: times new roman, times, serif; font-size: 10pt;\"><strong>oo<\/strong> mit <strong>N. N.<\/strong><\/span><\/p>\n<table>\n<tbody>\n<tr>\n<td style=\"text-align: center;\" width=\"30\"><span style=\"font-family: times new roman, times, serif; font-size: 10pt;\"><strong>Nr.<\/strong><\/span><\/td>\n<td width=\"136\"><span style=\"font-family: times new roman, times, serif; font-size: 10pt;\"><strong>Vorname (normiert)<\/strong><\/span><\/td>\n<td style=\"text-align: center;\" width=\"76\"><span style=\"font-family: times new roman, times, serif; font-size: 10pt;\"><strong>geboren<\/strong><\/span><\/td>\n<td style=\"text-align: center;\" width=\"76\"><span style=\"font-family: times new roman, times, serif; font-size: 10pt;\"><strong>getauft<\/strong><\/span><\/td>\n<td style=\"text-align: center;\" width=\"69\"><span style=\"font-family: times new roman, times, serif; font-size: 10pt;\"><strong>konfirmiert<\/strong><\/span><\/td>\n<td style=\"text-align: center;\" width=\"69\"><span style=\"font-family: times new roman, times, serif; font-size: 10pt;\"><strong>gestorben<\/strong><\/span><\/td>\n<td style=\"text-align: center;\" width=\"67\"><span style=\"font-family: times new roman, times, serif; font-size: 10pt;\"><strong>begraben<\/strong><\/span><\/td>\n<td style=\"text-align: center;\" width=\"38\"><span style=\"font-family: times new roman, times, serif; font-size: 10pt;\"><strong>Alter<\/strong><\/span><\/td>\n<td style=\"text-align: center;\" width=\"43\"><span style=\"font-family: times new roman, times, serif; font-size: 10pt;\"><strong>Stand<\/strong><\/span><\/td>\n<\/tr>\n<tr>\n<td style=\"text-align: center;\" width=\"30\"><span style=\"font-family: times new roman, times, serif; font-size: 10pt;\">1<\/span><\/td>\n<td width=\"136\"><span style=\"font-family: times new roman, times, serif; font-size: 10pt;\">Johann Gottfried<\/span><\/td>\n<td style=\"text-align: center;\" width=\"76\"><span style=\"font-family: times new roman, times, serif; font-size: 10pt;\">20.09.1677<\/span><\/td>\n<td style=\"text-align: center;\" width=\"76\"><span style=\"font-family: times new roman, times, serif; font-size: 10pt;\">23.09.1677<\/span><\/td>\n<td style=\"text-align: center;\" width=\"69\"><\/td>\n<td style=\"text-align: center;\" width=\"69\"><\/td>\n<td style=\"text-align: center;\" width=\"67\"><\/td>\n<td style=\"text-align: center;\" width=\"38\"><\/td>\n<td style=\"text-align: center;\" width=\"43\"><\/td>\n<\/tr>\n<\/tbody>\n<\/table>\n<p style=\"text-align: justify;\"><span style=\"font-family: times new roman, times, serif; font-size: 10pt;\">Eintragstext: <em>Den 20 [Septem]bris de\u00df Morgens zwischen 7 vnd 8 Vhrn ist Christiano Wagenern, itziger Zeit Kirchspiel\u00df Schullmeister, ein junger Sohn geboren vnd den 23 ejusd. mensis, Dom[inica] XV post Trin[itatis], getauft worden. P[ro] qvo fide jusserunt Johannes Winterwerb, Schulthei\u00df zu Oberbacheim; Anna Christina, mein Hau\u00dffraw; Gottfried Schmied, Adam Schmieds see[lig] hinderla\u00dfener Sohn allhier; vnd Anna Christina, Gottfried Rhoden Tochter, gleichfall\u00df allhier. Sein Nahm ist Johann Gottfriedt.<\/em><\/span><\/p>\n<hr \/>\n<p><span style=\"font-family: times new roman, times, serif; font-size: 10pt;\"><span style=\"color: #ff0000;\"><strong><u>Wagner<\/u><\/strong><strong>, Johann Georg:<\/strong> <\/span>oo I. 03.02.1701 Dachsenhausen mit Anna Rosina Opel (+ 18.02.1717 Dachsenhausen)<\/span><\/p>\n<p style=\"text-align: justify;\"><span style=\"font-family: times new roman, times, serif; font-size: 10pt;\"><strong>oo II. 17.01.1719 Dachsenhausen<\/strong> (prokl. 01.01., 08.01. und 15.01.1719 Niederbachheim) mit <strong><u>Hoffmann<\/u>, Elisabeth Katharina:<\/strong> Witwe des Philipp Gottfried Hoffmann, gewesener Schmied zu Gemmerich<\/span><\/p>\n<p><span style=\"font-family: times new roman, times, serif; font-size: 10pt;\">Familie wohnt in Dachsenhausen (OFB Dachsenhausen, Nr. 2679)<\/span><\/p>\n<hr \/>\n<p><span style=\"font-family: times new roman, times, serif; font-size: 10pt;\"><span style=\"color: #ff0000;\"><strong><u><a id=\"wald\"><\/a>Wald<\/u><\/strong><strong>, Johann Friedrich:<\/strong> <\/span>adelsheimischer Hofmann in Niederbachheim<\/span><\/p>\n<p><span style=\"font-family: times new roman, times, serif; font-size: 10pt;\"><strong>oo<\/strong> mit <strong>Anna Elisabeth<\/strong><\/span><\/p>\n<table>\n<tbody>\n<tr>\n<td style=\"text-align: center;\" width=\"28\"><span style=\"font-family: times new roman, times, serif; font-size: 10pt;\"><strong>Nr.<\/strong><\/span><\/td>\n<td width=\"130\"><span style=\"font-family: times new roman, times, serif; font-size: 10pt;\"><strong>Vorname (normiert)<\/strong><\/span><\/td>\n<td style=\"text-align: center;\" width=\"75\"><span style=\"font-family: times new roman, times, serif; font-size: 10pt;\"><strong>geboren<\/strong><\/span><\/td>\n<td style=\"text-align: center;\" width=\"75\"><span style=\"font-family: times new roman, times, serif; font-size: 10pt;\"><strong>getauft<\/strong><\/span><\/td>\n<td style=\"text-align: center;\" width=\"69\"><span style=\"font-family: times new roman, times, serif; font-size: 10pt;\"><strong>konfirmiert<\/strong><\/span><\/td>\n<td style=\"text-align: center;\" width=\"77\"><span style=\"font-family: times new roman, times, serif; font-size: 10pt;\"><strong>gestorben<\/strong><\/span><\/td>\n<td style=\"text-align: center;\" width=\"75\"><span style=\"font-family: times new roman, times, serif; font-size: 10pt;\"><strong>begraben<\/strong><\/span><\/td>\n<td style=\"text-align: center;\" width=\"40\"><span style=\"font-family: times new roman, times, serif; font-size: 10pt;\"><strong>Alter<\/strong><\/span><\/td>\n<td style=\"text-align: center;\" width=\"40\"><span style=\"font-family: times new roman, times, serif; font-size: 10pt;\"><strong>Stand<\/strong><\/span><\/td>\n<\/tr>\n<tr>\n<td style=\"text-align: center;\" width=\"28\"><span style=\"font-family: times new roman, times, serif; font-size: 10pt;\">1<\/span><\/td>\n<td width=\"130\"><span style=\"font-family: times new roman, times, serif; font-size: 10pt;\">Christina Maria<\/span><\/td>\n<td style=\"text-align: center;\" width=\"75\"><span style=\"font-family: times new roman, times, serif; font-size: 10pt;\">03.01.1712<\/span><\/td>\n<td style=\"text-align: center;\" width=\"75\"><span style=\"font-family: times new roman, times, serif; font-size: 10pt;\">10.01.1712<\/span><\/td>\n<td style=\"text-align: center;\" width=\"69\"><\/td>\n<td style=\"text-align: center;\" width=\"77\"><\/td>\n<td style=\"text-align: center;\" width=\"75\"><\/td>\n<td style=\"text-align: center;\" width=\"40\"><\/td>\n<td style=\"text-align: center;\" width=\"40\"><\/td>\n<\/tr>\n<tr>\n<td style=\"text-align: center;\"><span style=\"font-family: times new roman, times, serif; font-size: 10pt;\">2<\/span><\/td>\n<td><span style=\"font-family: times new roman, times, serif; font-size: 10pt;\">Johann Bernhard<\/span><\/td>\n<td style=\"text-align: center;\"><span style=\"font-family: times new roman, times, serif; font-size: 10pt;\">03.05.1713<\/span><\/td>\n<td style=\"text-align: center;\"><span style=\"font-family: times new roman, times, serif; font-size: 10pt;\">07.05.1713<\/span><\/td>\n<td style=\"text-align: center;\"><\/td>\n<td style=\"text-align: center;\"><span style=\"font-family: times new roman, times, serif; font-size: 10pt;\">14.05.1713<\/span><\/td>\n<td style=\"text-align: center;\"><span style=\"font-family: times new roman, times, serif; font-size: 10pt;\">15.05.1713<\/span><\/td>\n<td style=\"text-align: center;\"><span style=\"font-family: times new roman, times, serif; font-size: 10pt;\">0,02<\/span><\/td>\n<td style=\"text-align: center;\"><\/td>\n<\/tr>\n<\/tbody>\n<\/table>\n<p><span style=\"font-family: times new roman, times, serif; font-size: 10pt;\"><strong>Eintragstexte:<\/strong><\/span><\/p>\n<p style=\"text-align: justify;\"><span style=\"font-family: times new roman, times, serif; font-size: 10pt;\"><strong>zu 1)<\/strong> <em>Sontag nach dem Ne\u00fcen Jahr, welcher der 3 Jan[uarii] war, ist gegen Abend um 6 Uhr ins Kindbett gekommen Anna Elisabetha, Joh. Friedrichs Wald, t[um] t[empore] Adelsheimischer Hoffmanns alhier, Ehefrau, mit einer jungen Tochter, so Dom[inica] 1 Epiph[aniae] zur Tauff gebracht worden ist, von nachfolgenden Ze\u00fcgen: der P\u00e4tter ist sein Bruder Joh: Anthon Wald gewesen; die beeden Gothen aber Anna Christina, Peter Schmids Frau; und Anna Maria, Johannis Schmieds hinterlassene Tochter, gleichf[alls] alhier. Der Nahm ist Christina Maria. A me bap[tizata].<\/em><\/span><\/p>\n<p style=\"text-align: justify;\"><span style=\"font-family: times new roman, times, serif; font-size: 10pt;\"><strong>zu 2)<\/strong> <em>Den 3ten Maji nat[us] et 7 ej[us]d[em] renat[us] Johann Bernhard, Joh. Friederich Wald, Adel\u00dfh[eimer] Hoffmanns, v[nd] Ann\u00e6 Elisabeth\u00e6 Sohn[lein] allhir. Suscept[ores] sindt: Johann Bernhard Stotz von \u2026; Joh. Thiel, Joh. Schmieds rel. fil. alhir; v[nd] Anna Christina, Joh. Philipp Majen Tochter allhir.<\/em><\/span><\/p>\n<hr \/>\n<p><span style=\"font-family: times new roman, times, serif; font-size: 10pt;\"><span style=\"color: #ff0000;\"><strong><u><a id=\"weyer\"><\/a>Weyer<\/u><\/strong><strong>, Johann Friedrich:<\/strong> <\/span>Viehhirt zu Niederbachheim<\/span><\/p>\n<p><span style=\"font-family: times new roman, times, serif; font-size: 10pt;\"><strong>oo<\/strong> mit <strong>Anna Margaretha<\/strong><\/span><\/p>\n<table>\n<tbody>\n<tr>\n<td style=\"text-align: center;\" width=\"28\"><span style=\"font-family: times new roman, times, serif; font-size: 10pt;\"><strong>Nr.<\/strong><\/span><\/td>\n<td width=\"130\"><span style=\"font-family: times new roman, times, serif; font-size: 10pt;\"><strong>Vorname (normiert)<\/strong><\/span><\/td>\n<td style=\"text-align: center;\" width=\"75\"><span style=\"font-family: times new roman, times, serif; font-size: 10pt;\"><strong>geboren<\/strong><\/span><\/td>\n<td style=\"text-align: center;\" width=\"75\"><span style=\"font-family: times new roman, times, serif; font-size: 10pt;\"><strong>getauft<\/strong><\/span><\/td>\n<td style=\"text-align: center;\" width=\"69\"><span style=\"font-family: times new roman, times, serif; font-size: 10pt;\"><strong>konfirmiert<\/strong><\/span><\/td>\n<td style=\"text-align: center;\" width=\"77\"><span style=\"font-family: times new roman, times, serif; font-size: 10pt;\"><strong>gestorben<\/strong><\/span><\/td>\n<td style=\"text-align: center;\" width=\"75\"><span style=\"font-family: times new roman, times, serif; font-size: 10pt;\"><strong>begraben<\/strong><\/span><\/td>\n<td style=\"text-align: center;\" width=\"40\"><span style=\"font-family: times new roman, times, serif; font-size: 10pt;\"><strong>Alter<\/strong><\/span><\/td>\n<td style=\"text-align: center;\" width=\"40\"><span style=\"font-family: times new roman, times, serif; font-size: 10pt;\"><strong>Stand<\/strong><\/span><\/td>\n<\/tr>\n<tr>\n<td style=\"text-align: center;\" width=\"28\"><span style=\"font-family: times new roman, times, serif; font-size: 10pt;\">1<\/span><\/td>\n<td width=\"130\"><span style=\"font-family: times new roman, times, serif; font-size: 10pt;\">Johann Gottfried<\/span><\/td>\n<td style=\"text-align: center;\" width=\"75\"><span style=\"font-family: times new roman, times, serif; font-size: 10pt;\">24.03.1713<\/span><\/td>\n<td style=\"text-align: center;\" width=\"75\"><span style=\"font-family: times new roman, times, serif; font-size: 10pt;\">25.03.1713<\/span><\/td>\n<td style=\"text-align: center;\" width=\"69\"><\/td>\n<td style=\"text-align: center;\" width=\"77\"><span style=\"font-family: times new roman, times, serif; font-size: 10pt;\">31.03.1713<\/span><\/td>\n<td style=\"text-align: center;\" width=\"75\"><span style=\"font-family: times new roman, times, serif; font-size: 10pt;\">02.04.1713<\/span><\/td>\n<td style=\"text-align: center;\" width=\"40\"><span style=\"font-family: times new roman, times, serif; font-size: 10pt;\">0,02<\/span><\/td>\n<td style=\"text-align: center;\" width=\"40\"><\/td>\n<\/tr>\n<tr>\n<td style=\"text-align: center;\"><span style=\"font-family: times new roman, times, serif; font-size: 10pt;\">2<\/span><\/td>\n<td><span style=\"font-family: times new roman, times, serif; font-size: 10pt;\">Johann Philipp<\/span><\/td>\n<td style=\"text-align: center;\"><span style=\"font-family: times new roman, times, serif; font-size: 10pt;\">24.03.1713<\/span><\/td>\n<td style=\"text-align: center;\"><span style=\"font-family: times new roman, times, serif; font-size: 10pt;\">25.03.1713<\/span><\/td>\n<td style=\"text-align: center;\"><\/td>\n<td style=\"text-align: center;\"><span style=\"font-family: times new roman, times, serif; font-size: 10pt;\">31.03.1713<\/span><\/td>\n<td style=\"text-align: center;\"><span style=\"font-family: times new roman, times, serif; font-size: 10pt;\">02.04.1713<\/span><\/td>\n<td style=\"text-align: center;\"><span style=\"font-family: times new roman, times, serif; font-size: 10pt;\">0,02<\/span><\/td>\n<td style=\"text-align: center;\"><\/td>\n<\/tr>\n<tr>\n<td style=\"text-align: center;\"><span style=\"font-family: times new roman, times, serif; font-size: 10pt;\">3<\/span><\/td>\n<td><span style=\"font-family: times new roman, times, serif; font-size: 10pt;\">Johann Gottfried<\/span><\/td>\n<td style=\"text-align: center;\"><span style=\"font-family: times new roman, times, serif; font-size: 10pt;\">07.03.1714<\/span><\/td>\n<td style=\"text-align: center;\"><span style=\"font-family: times new roman, times, serif; font-size: 10pt;\">11.03.1714<\/span><\/td>\n<td style=\"text-align: center;\"><\/td>\n<td style=\"text-align: center;\"><span style=\"font-family: times new roman, times, serif; font-size: 10pt;\">23.08.1716<\/span><\/td>\n<td style=\"text-align: center;\"><span style=\"font-family: times new roman, times, serif; font-size: 10pt;\">24.08.1716<\/span><\/td>\n<td style=\"text-align: center;\"><span style=\"font-family: times new roman, times, serif; font-size: 10pt;\">2,46<\/span><\/td>\n<td style=\"text-align: center;\"><\/td>\n<\/tr>\n<tr>\n<td style=\"text-align: center;\"><span style=\"font-family: times new roman, times, serif; font-size: 10pt;\">4<\/span><\/td>\n<td><span style=\"font-family: times new roman, times, serif; font-size: 10pt;\">Johann Philipp<\/span><\/td>\n<td style=\"text-align: center;\"><span style=\"font-family: times new roman, times, serif; font-size: 10pt;\">21.09.1716<\/span><\/td>\n<td style=\"text-align: center;\"><span style=\"font-family: times new roman, times, serif; font-size: 10pt;\">27.09.1716<\/span><\/td>\n<td style=\"text-align: center;\"><\/td>\n<td style=\"text-align: center;\"><\/td>\n<td style=\"text-align: center;\"><\/td>\n<td style=\"text-align: center;\"><\/td>\n<td style=\"text-align: center;\"><\/td>\n<\/tr>\n<\/tbody>\n<\/table>\n<p><span style=\"font-family: times new roman, times, serif; font-size: 10pt;\">Kind Nr. 3) + am Husten und schweren Leiden<\/span><\/p>\n<p><span style=\"font-family: times new roman, times, serif; font-size: 10pt;\"><strong>Eintragstexte:<\/strong><\/span><\/p>\n<p style=\"text-align: justify;\"><span style=\"font-family: times new roman, times, serif; font-size: 10pt;\"><strong>zu 1), 2) <\/strong>\u00a0<em>Freytag, den 24ten M\u00e4rtz des morgens um 4 Uhr hat Anna Margaretha, Joh. Friederichs Weyers Frau, t[um] t[empore] alhier des Viehs h\u00fctende, zwey Kn\u00e4blein zur Welt gebracht. Des ersten Tauffze\u00fcgen sind gewesen: Joh: Gottfried Schmid alhier; Joh: Henrich Sch\u00e4ffer, t[um] t[empore] Sa\u00fchirt zu Mihlen; Maria Elisabetha, Joh. Phil. Bochums Frau alhier; und des 2en: Joh. Philips May, Hufschmid; Joh. Phil. Schmid, Joh. Peters Schmids Sohn; und Anna Margaretha, Joh: Martin Huhmen <\/em>[?]<em> Frau; alle 3 hier wohnende. Sind getauft worden am Tag Mari\u00e6 Verk\u00fcndigung und ist das \u00e4ltere Joh: Gottfried, das j\u00fcngere aber Joh. Philips genennet worden.<\/em><\/span><\/p>\n<p style=\"text-align: justify;\"><span style=\"font-family: times new roman, times, serif; font-size: 10pt;\"><strong>zu 3)<\/strong> <em>Freytag, den 24ten M\u00e4rtz des morgens um 4 Uhr hat Anna Margaretha, Joh. Friederichs Weyers Frau, t[um] Den 7ten Martij nat[us] et 11 ej[us]d[em] renat[us] Johann Gottfried, Johann Friederich Weyers v[nd] Ann\u00e6 Margreth\u00e6 fili[us]. Susc[eptores]: Johannes Leonhard alhir; Joh. Gottfried, Christian Witzky rel. fili[us]; Anna Angelica, Daniel Gen\u00dfmanns vidua; u. Anna Margretha, Georg N., Viehirten, Tochter.<\/em><\/span><\/p>\n<p style=\"text-align: justify;\"><span style=\"font-family: times new roman, times, serif; font-size: 10pt;\"><strong>zu 4)<\/strong> <em>Den 21ten Sept[embris] nat[us] et 27 renat[us] Johann Philipp, Joh. Friederich Weyers <\/em>[in KB2 Viehhirte]<em> v[nd] Ann\u00e6 Margareth\u00e6 filio[lus]. Susc[eptores]: Philipp David Gen\u00dfmann, Joh. Friederich Wald, Adel\u00dfheimischer Hoffmann alhir; Anna Magdalena, Joh. Th\u00f6nges Sommers; v[nd] Anna Margretha, Joh. Thiel Sommers Frau allhir.<\/em><\/span><\/p>\n<hr \/>\n<p><span style=\"font-family: times new roman, times, serif; font-size: 10pt;\"><span style=\"color: #ff0000;\"><strong><u>Weyer<\/u><\/strong><strong>, Elisabeth Katharina:<\/strong> <\/span>konf. 21.04.1715 Niederbachheim, 13 Jahre alt (ohne weitere Angaben)<\/span><\/p>\n<hr \/>\n<p><span style=\"font-family: times new roman, times, serif; font-size: 10pt;\"><span style=\"color: #ff0000;\"><strong><u><a id=\"winterwerber\"><\/a>Winterwerber<\/u>, Johann Th\u00f6nges:<\/strong> <\/span>h\u00e4lt sich 1690 bei dem Hufschmied Johann Philipp Schmidt in Niederbachheim auf; bg. 13.05.1708, 55 Jahre alt<\/span><\/p>\n<p><span style=\"font-family: times new roman, times, serif; font-size: 10pt;\"><strong>oo I.<\/strong> mit <strong>Elisabeth Margaretha:<\/strong> bg. 23.05.1703, + im Kindbett, 36 Jahre alt<\/span><\/p>\n<table>\n<tbody>\n<tr>\n<td style=\"text-align: center;\" width=\"26\"><span style=\"font-family: times new roman, times, serif; font-size: 10pt;\"><strong>Nr.<\/strong><\/span><\/td>\n<td width=\"125\"><span style=\"font-family: times new roman, times, serif; font-size: 10pt;\"><strong>Vorname (normiert)<\/strong><\/span><\/td>\n<td style=\"text-align: center;\" width=\"74\"><span style=\"font-family: times new roman, times, serif; font-size: 10pt;\"><strong>geboren<\/strong><\/span><\/td>\n<td style=\"text-align: center;\" width=\"74\"><span style=\"font-family: times new roman, times, serif; font-size: 10pt;\"><strong>getauft<\/strong><\/span><\/td>\n<td style=\"text-align: center;\" width=\"75\"><span style=\"font-family: times new roman, times, serif; font-size: 10pt;\"><strong>konfirmiert<\/strong><\/span><\/td>\n<td style=\"text-align: center;\" width=\"75\"><span style=\"font-family: times new roman, times, serif; font-size: 10pt;\"><strong>gestorben<\/strong><\/span><\/td>\n<td style=\"text-align: center;\" width=\"74\"><span style=\"font-family: times new roman, times, serif; font-size: 10pt;\"><strong>begraben<\/strong><\/span><\/td>\n<td style=\"text-align: center;\" width=\"38\"><span style=\"font-family: times new roman, times, serif; font-size: 10pt;\"><strong>Alter<\/strong><\/span><\/td>\n<td style=\"text-align: center;\" width=\"44\"><span style=\"font-family: times new roman, times, serif; font-size: 10pt;\"><strong>Stand<\/strong><\/span><\/td>\n<\/tr>\n<tr>\n<td style=\"text-align: center;\" width=\"26\"><span style=\"font-family: times new roman, times, serif; font-size: 10pt;\">1<\/span><\/td>\n<td width=\"125\"><span style=\"font-family: times new roman, times, serif; font-size: 10pt;\">Johann Georg<\/span><\/td>\n<td style=\"text-align: center;\" width=\"74\"><\/td>\n<td style=\"text-align: center;\" width=\"74\"><\/td>\n<td style=\"text-align: center;\" width=\"75\"><span style=\"font-family: times new roman, times, serif; font-size: 10pt;\">16.05.1701<\/span><\/td>\n<td style=\"text-align: center;\" width=\"75\"><\/td>\n<td style=\"text-align: center;\" width=\"74\"><\/td>\n<td style=\"text-align: center;\" width=\"38\"><\/td>\n<td style=\"text-align: center;\" width=\"44\"><\/td>\n<\/tr>\n<tr>\n<td style=\"text-align: center;\"><span style=\"font-family: times new roman, times, serif; font-size: 10pt;\">2<\/span><\/td>\n<td><span style=\"font-family: times new roman, times, serif; font-size: 10pt;\">Anna Christina<\/span><\/td>\n<td style=\"text-align: center;\"><span style=\"font-family: times new roman, times, serif; font-size: 10pt;\">24.09.1690<\/span><\/td>\n<td style=\"text-align: center;\"><span style=\"font-family: times new roman, times, serif; font-size: 10pt;\">29.09.1690<\/span><\/td>\n<td style=\"text-align: center;\"><\/td>\n<td style=\"text-align: center;\"><span style=\"font-family: times new roman, times, serif; font-size: 10pt;\">18.08.1696<\/span><\/td>\n<td style=\"text-align: center;\"><span style=\"font-family: times new roman, times, serif; font-size: 10pt;\">19.08.1696<\/span><\/td>\n<td style=\"text-align: center;\"><span style=\"font-family: times new roman, times, serif; font-size: 10pt;\">5,89<\/span><\/td>\n<td style=\"text-align: center;\"><\/td>\n<\/tr>\n<tr>\n<td style=\"text-align: center;\"><span style=\"font-family: times new roman, times, serif; font-size: 10pt;\">3<\/span><\/td>\n<td><span style=\"font-family: times new roman, times, serif; font-size: 10pt;\">Johann Nikolaus<\/span><\/td>\n<td style=\"text-align: center;\"><span style=\"font-family: times new roman, times, serif; font-size: 10pt;\">16.02.1693<\/span><\/td>\n<td style=\"text-align: center;\"><span style=\"font-family: times new roman, times, serif; font-size: 10pt;\">24.02.1693<\/span><\/td>\n<td style=\"text-align: center;\"><\/td>\n<td style=\"text-align: center;\"><\/td>\n<td style=\"text-align: center;\"><\/td>\n<td style=\"text-align: center;\"><\/td>\n<td style=\"text-align: center;\"><span style=\"font-family: times new roman, times, serif; font-size: 10pt;\">verh.<\/span><\/td>\n<\/tr>\n<tr>\n<td style=\"text-align: center;\"><span style=\"font-family: times new roman, times, serif; font-size: 10pt;\">4<\/span><\/td>\n<td><span style=\"font-family: times new roman, times, serif; font-size: 10pt;\">Johann Peter Kasimir<\/span><\/td>\n<td style=\"text-align: center;\"><span style=\"font-family: times new roman, times, serif; font-size: 10pt;\">06.03.1695<\/span><\/td>\n<td style=\"text-align: center;\"><span style=\"font-family: times new roman, times, serif; font-size: 10pt;\">13.03.1695<\/span><\/td>\n<td style=\"text-align: center;\"><\/td>\n<td style=\"text-align: center;\"><\/td>\n<td style=\"text-align: center;\"><\/td>\n<td style=\"text-align: center;\"><\/td>\n<td style=\"text-align: center;\"><\/td>\n<\/tr>\n<tr>\n<td style=\"text-align: center;\"><span style=\"font-family: times new roman, times, serif; font-size: 10pt;\">5<\/span><\/td>\n<td><span style=\"font-family: times new roman, times, serif; font-size: 10pt;\">Johann Philipp<\/span><\/td>\n<td style=\"text-align: center;\"><span style=\"font-family: times new roman, times, serif; font-size: 10pt;\">20.02.1697<\/span><\/td>\n<td style=\"text-align: center;\"><span style=\"font-family: times new roman, times, serif; font-size: 10pt;\">24.02.1697<\/span><\/td>\n<td style=\"text-align: center;\"><span style=\"font-family: times new roman, times, serif; font-size: 10pt;\">08.06.1710<\/span><\/td>\n<td style=\"text-align: center;\"><span style=\"font-family: times new roman, times, serif; font-size: 10pt;\">10.10.1762<\/span><\/td>\n<td style=\"text-align: center;\"><\/td>\n<td style=\"text-align: center;\"><span style=\"font-family: times new roman, times, serif; font-size: 10pt;\">65,68<\/span><\/td>\n<td style=\"text-align: center;\"><span style=\"font-family: times new roman, times, serif; font-size: 10pt;\">verh.<\/span><\/td>\n<\/tr>\n<tr>\n<td style=\"text-align: center;\"><span style=\"font-family: times new roman, times, serif; font-size: 10pt;\">6<\/span><\/td>\n<td><span style=\"font-family: times new roman, times, serif; font-size: 10pt;\">Anna Margaretha<\/span><\/td>\n<td style=\"text-align: center;\"><span style=\"font-family: times new roman, times, serif; font-size: 10pt;\">26.01.1700<\/span><\/td>\n<td style=\"text-align: center;\"><span style=\"font-family: times new roman, times, serif; font-size: 10pt;\">02.02.1700<\/span><\/td>\n<td style=\"text-align: center;\"><\/td>\n<td style=\"text-align: center;\"><\/td>\n<td style=\"text-align: center;\"><span style=\"font-family: times new roman, times, serif; font-size: 10pt;\">06.05.1703<\/span><\/td>\n<td style=\"text-align: center;\"><span style=\"font-family: times new roman, times, serif; font-size: 10pt;\">3,25<\/span><\/td>\n<td style=\"text-align: center;\"><\/td>\n<\/tr>\n<tr>\n<td style=\"text-align: center;\"><span style=\"font-family: times new roman, times, serif; font-size: 10pt;\">7<\/span><\/td>\n<td><span style=\"font-family: times new roman, times, serif; font-size: 10pt;\">Elisabeth Margaretha<\/span><\/td>\n<td style=\"text-align: center;\"><span style=\"font-family: times new roman, times, serif; font-size: 10pt;\">30.04.1703<\/span><\/td>\n<td style=\"text-align: center;\"><span style=\"font-family: times new roman, times, serif; font-size: 10pt;\">06.05.1703<\/span><\/td>\n<td style=\"text-align: center;\"><\/td>\n<td style=\"text-align: center;\"><\/td>\n<td style=\"text-align: center;\"><span style=\"font-family: times new roman, times, serif; font-size: 10pt;\">24.05.1703<\/span><\/td>\n<td style=\"text-align: center;\"><span style=\"font-family: times new roman, times, serif; font-size: 10pt;\">0,05<\/span><\/td>\n<td style=\"text-align: center;\"><\/td>\n<\/tr>\n<\/tbody>\n<\/table>\n<p style=\"text-align: justify;\"><span style=\"font-family: times new roman, times, serif; font-size: 10pt;\">Kind Nr. 1) war bei der Konf. 13 Jahre alt<br \/>\n<\/span><span style=\"font-family: times new roman, times, serif; font-size: 10pt;\">Kind Nr. 2) im Trinkbrunnen ertrunken<br \/>\n<\/span><span style=\"font-family: times new roman, times, serif; font-size: 10pt;\">Kind Nr. 3) oo 23.04.1715 Dachsenhausen mit Anna Margaretha Opel (* 31.01.1691 Dachsenhausen; Eltern: Johann Th\u00f6nges Opel und Anna Magdalena geb. Wagner); Vermerk im Traueintrag (KB Dachsenhausen): <em>NB. die\u00dfe Eheleut sind den 4ten Maji 1724 mit 5 Kindern, lauter S\u00f6hnen, von hier weg in Ungarn gezogen.<br \/>\n<\/em><\/span><span style=\"font-family: times new roman, times, serif; font-size: 10pt;\">Kind Nr. 5) + Schweighausen, <em>da er schon viele Jahre vorhero an Engbr\u00fcstigkeit gekrancket, wurde alt 65 Jahr, 7 Monat und 18 Tage, worin er 4 Enckel erlebet<\/em>; oo 20.06.1719 Niederbachheim mit Maria Christina Kraft (* 19.11.1697 Schweighausen; Tochter des Friedrich Kraft)<\/span><\/p>\n<p><span style=\"font-family: times new roman, times, serif; font-size: 10pt;\"><strong>Eintragstexte:<\/strong><\/span><\/p>\n<p style=\"text-align: justify;\"><span style=\"font-family: times new roman, times, serif; font-size: 10pt;\"><strong>zu 2)<\/strong> <em>Den 24ten [Septem]bris mittags zwischen 12 vnd 1 Vhrn ist Johann Th\u00f6nges Winterwerbern, bey Johann Phil. Schmieden, dem Huff Schmieden sich vffhaltend, ein junge Tochter geboren vnd den 29 ejusdem vff Michaelis Tag getauft worden. Gevatt. sind gewe\u00dfen: Anna Christina, Thiel Pfeiffers von Winterwerb H[aus]fraw; Anna Euphrosin, Joh. Conrad Fehrlingens, damahl\u00df K\u00fchehirten zu Winterwerb, Hau\u00dffraw; v[nd] Th\u00f6nge\u00df Ruppmann von Nochern. Ihr Nahm ist Anna Christina. NB. Ist den 18 Aug[usti] 1696 mittags zwischen 11 v[nd] 12 Vhrn im Trinckbrunnen ertruncken.<\/em><\/span><\/p>\n<p style=\"text-align: justify;\"><span style=\"font-family: times new roman, times, serif; font-size: 10pt;\"><strong>zu 3)<\/strong> <em>Den 16ten Febr[uarii] nach Mittag vmb 7 Vhr ist Johann Th\u00f6nges Winterwerbern, bey Daniel G\u00e4n\u00dfmann allhier sich vffhaltendt, ein junger Sohn geboren vnd den 24 ejusd[em] mensis vff Matthi\u00e6 Tag getauft worden. Patrini fuerunt: Johann Nicolau\u00df Muht allhier; Johannes Schmied hic ibidem; vnd Maria Catharina, Johannis Winterwerbers, pr\u00e6toris Hassiaci, filia de Oberbacheim. Sein Nahm ist Johann Nicolaus.<\/em><\/span><\/p>\n<p style=\"text-align: justify;\"><span style=\"font-family: times new roman, times, serif; font-size: 10pt;\"><strong>zu 4)<\/strong> <em>Mittwoch, den 6ten Martij nach Mitternacht vmb 1 Vhr ist J. Thonge\u00df Winterwerbern vnd Elisabeth[a] Margretha, seiner H[aus]fraw, ein junger Sohn geboren, welcher den 13 ejusdem in der Passion-Predigt getauft worden. Gevattern sind gewe\u00dfen: Johann Peter Schmied allhier; Matth\u00e6[us] Casimir Hartmann von Montzheim an der Bremm oder Bergstra\u00df, mein Knecht; vnd Anna Maria, Japhet Fehrlinger\u00df Hau\u00dffraw von Oberbacheim. Sein Nahm ist Johann Peter Casimir.<\/em><\/span><\/p>\n<p style=\"text-align: justify;\"><span style=\"font-family: times new roman, times, serif; font-size: 10pt;\"><strong>zu 5)<\/strong> <em>Sambstag, den 20 Febr[uarii] de\u00df Morgen\u00df vmb 7 Vhrn ist Joh. Anthon. Winterwerbern allhier vnd Elisab. Margr. ein junger Sohn geboren, welcher den 24 ejusd[em] vff Matthi\u00e6 Tag getauft worden. Gevattern sind gewe\u00dfen: Phil. Simon Winterwerb, sein Bruder von Oberbacheim; Johannes Lehnhart allhier; v[nd] Anna Margretha, Joh. Weygant Knechts Tochter d[e] Nochern. Sein Nahm ist Joh. Philip\u00df.<\/em><\/span><\/p>\n<p style=\"text-align: justify;\"><span style=\"font-family: times new roman, times, serif; font-size: 10pt;\"><strong>zu 6)<\/strong> <em>Freytag, den 26 Januarij de\u00df Abends zwischen 8 vnd 9 Vhrn ist Th\u00f6nge\u00df Winterwerbern allhier vnd Elisab. Margreth., seiner H[aus]fraw allhier, eine junge Tochter geboren, welche den 2 Febr[uarii] vff Mari\u00e6 Purifica[ti]o[n]is getauft worden. Gevattern sind gewe\u00dfen: Anna Margreth, Henrich David &gt;..&lt; H[aus]fraw d[e] Nochern; Anna Margreth, Henrich Jacob Henn\u00df Fraw von Pi\u00dfigoben; vnd Friedrich Frie\u00dfhahn, Steinischer Hoffmann allhier. Ihr Nahm ist Anna Margreth.<\/em><\/span><\/p>\n<p style=\"text-align: justify;\"><span style=\"font-family: times new roman, times, serif; font-size: 10pt;\"><strong>zu 7)<\/strong> <em>Montag, den 30 April[is] de\u00df Nachts umb 12 Vhr ist Th\u00f6nges Winterwerbern allhier vnd Elisabeth[ae] Margreth\u00e6,seiner H[aus]fraw, eine junge Tochter geboren, welche den 6 Maij, Dom[inica] Cant[ate], getauft worden. Gev. sind gewe\u00dfen: Anna Margreth[a], Adam Schmieds [Digitalisat fehlt]<\/em><\/span><\/p>\n<p style=\"text-align: justify;\"><span style=\"font-family: times new roman, times, serif; font-size: 10pt;\"><strong>oo II. 15.06.1704 Niederbachheim<\/strong> (geschehen 6 Wochen nach dem Weinkauf, deswegen Kirchenbu\u00dfe) mit <strong><u>Pfeifer<\/u>, Anna Margaretha:<\/strong> Tochter des verst. Adam Pfeifer aus Kehlbach<\/span><\/p>\n<table>\n<tbody>\n<tr>\n<td style=\"text-align: center;\" width=\"30\"><span style=\"font-family: times new roman, times, serif; font-size: 10pt;\"><strong>Nr.<\/strong><\/span><\/td>\n<td width=\"136\"><span style=\"font-family: times new roman, times, serif; font-size: 10pt;\"><strong>Vorname (normiert)<\/strong><\/span><\/td>\n<td style=\"text-align: center;\" width=\"76\"><span style=\"font-family: times new roman, times, serif; font-size: 10pt;\"><strong>geboren<\/strong><\/span><\/td>\n<td style=\"text-align: center;\" width=\"76\"><span style=\"font-family: times new roman, times, serif; font-size: 10pt;\"><strong>getauft<\/strong><\/span><\/td>\n<td style=\"text-align: center;\" width=\"69\"><span style=\"font-family: times new roman, times, serif; font-size: 10pt;\"><strong>konfirmiert<\/strong><\/span><\/td>\n<td style=\"text-align: center;\" width=\"69\"><span style=\"font-family: times new roman, times, serif; font-size: 10pt;\"><strong>gestorben<\/strong><\/span><\/td>\n<td style=\"text-align: center;\" width=\"67\"><span style=\"font-family: times new roman, times, serif; font-size: 10pt;\"><strong>begraben<\/strong><\/span><\/td>\n<td style=\"text-align: center;\" width=\"38\"><span style=\"font-family: times new roman, times, serif; font-size: 10pt;\"><strong>Alter<\/strong><\/span><\/td>\n<td style=\"text-align: center;\" width=\"44\"><span style=\"font-family: times new roman, times, serif; font-size: 10pt;\"><strong>Stand<\/strong><\/span><\/td>\n<\/tr>\n<tr>\n<td style=\"text-align: center;\" width=\"30\"><span style=\"font-family: times new roman, times, serif; font-size: 10pt;\">1<\/span><\/td>\n<td width=\"136\"><span style=\"font-family: times new roman, times, serif; font-size: 10pt;\">Anna Maria<\/span><\/td>\n<td style=\"text-align: center;\" width=\"76\"><span style=\"font-family: times new roman, times, serif; font-size: 10pt;\">12.01.1705<\/span><\/td>\n<td style=\"text-align: center;\" width=\"76\"><span style=\"font-family: times new roman, times, serif; font-size: 10pt;\">18.01.1705<\/span><\/td>\n<td style=\"text-align: center;\" width=\"69\"><\/td>\n<td style=\"text-align: center;\" width=\"69\"><\/td>\n<td style=\"text-align: center;\" width=\"67\"><\/td>\n<td style=\"text-align: center;\" width=\"38\"><\/td>\n<td style=\"text-align: center;\" width=\"44\"><\/td>\n<\/tr>\n<tr>\n<td style=\"text-align: center;\"><span style=\"font-family: times new roman, times, serif; font-size: 10pt;\">2<\/span><\/td>\n<td><span style=\"font-family: times new roman, times, serif; font-size: 10pt;\">Johann Tilmann<\/span><\/td>\n<td style=\"text-align: center;\"><span style=\"font-family: times new roman, times, serif; font-size: 10pt;\">03.08.1707<\/span><\/td>\n<td style=\"text-align: center;\"><span style=\"font-family: times new roman, times, serif; font-size: 10pt;\">07.08.1707<\/span><\/td>\n<td style=\"text-align: center;\"><\/td>\n<td style=\"text-align: center;\"><\/td>\n<td style=\"text-align: center;\"><\/td>\n<td style=\"text-align: center;\"><\/td>\n<td style=\"text-align: center;\"><\/td>\n<\/tr>\n<\/tbody>\n<\/table>\n<p><span style=\"font-family: times new roman, times, serif; font-size: 10pt;\"><strong>Eintragstexte:<\/strong><\/span><\/p>\n<p style=\"text-align: justify;\"><span style=\"font-family: times new roman, times, serif; font-size: 10pt;\"><strong>zu 1)<\/strong> <em>Montags, den 12 Jan[uarii] abends oder nachts zwischen 12 vnd 1 Vhr ist Th\u00f6nge\u00df Winterwerbern v[nd] Ann\u00e6 Margreth[ae], s[einer] Hau\u00dffraw 2ter Ehe allhier, eine in der 29 Woche nach der Copulation junge Tochter geboren, welche den 18 ej[us]d[em] getauft. Gev. waren: Anna Maria, Jo[ann]is Schmieds, Huffschmieds, relicta filia allhier; Anna Sibylla, Merten R\u00f6richs von Mihlen hinder[lassene] Tochter; vnd Ge\u00f6rg Phil., Daniel Winterwerber\u00df Sohn, damahl bey Joh. Phil. Mayen allhier dienent. Ihr Nahm ist Anna Maria.<\/em><\/span><\/p>\n<p style=\"text-align: justify;\"><span style=\"font-family: times new roman, times, serif; font-size: 10pt;\"><strong>zu 2)<\/strong> <em>Mitw., den 3 Aug[usti] nachts zwischen 12 v[nd] 1 Vhr ist Th\u00f6ng. Winterwerber vnd Ann\u00e6 Margr., seiner Hau\u00dffraw, ein junger Sohn geboren, der den 7 ej[us]d[em], Dom[inica] 7 post Trin[itatis], getauft worden. Gev. sind gewe\u00dfen: Joh. Thiel, Thiel Pfeifers relict[us] fili[us] de Winterwerb; Andrea\u00df, Daniel G\u00e4n\u00dfman\u00df relict[us] fili[us] allhier; vnd Anna Magdal., Th\u00f6nge\u00df G\u00e4n\u00dfman\u00df relicta filia von Winterwerb. Sein Nahm ist Johann Thielmann<\/em><\/span><\/p>\n<p style=\"text-align: justify;\"><span style=\"font-family: times new roman, times, serif; font-size: 10pt;\">Stehen mit folgenden Eintrag im Poenitentenregister: <em>A[nn]o [1]705, den 27 Maij, am monat[lichen] Bettag hat Th\u00f6nge\u00df Winterwerber allhie vnd Anna Margreth, sein Hau\u00dffraw, wie auch Maria Catharina, Sebastian Ernsten Fraw d[e] Oberbacheim wegen ihres fr\u00fchezeitigen Beyschlaffens nach gehaltener Predigt dimittente populo coram presbyterio die Kirchbu\u00dfe abgelegt. Seb. Ernst aber, al\u00df der reform. Religion ist, nicht, vnd sich vff den Reservaten Commissariu[m] H[er]r Reinharden, der haben wolt, da\u00df er seine Bu\u00dfe beym reformirten Pfarrer zu Kehmel, H[er]r Delphen [?] ablegen solte, bezogen; ist auch laut attestati geschehen.<\/em><\/span><\/p>\n<hr \/>\n<p><span style=\"font-family: times new roman, times, serif; font-size: 10pt;\"><span style=\"color: #ff0000;\"><strong><u><a id=\"witzky\"><\/a>Witzky<\/u><\/strong><strong>, Johann Christian:<\/strong> <\/span>aus Halberstadt; 1693 in Winterwerb, ab 1697 in Niederbachheim; + 27.03.1713 Niederbachheim (bg. 29.03.), 42 Jahre alt<\/span><\/p>\n<p style=\"text-align: justify;\"><span style=\"font-family: times new roman, times, serif; font-size: 10pt;\"><strong>oo I. 19.04.1692 Niederbachheim<\/strong> mit <strong><u>Weigand<\/u>, Anna Katharina:<\/strong> aus Winterwerb; konf. 07.06.1674; bg. 13.10.1693, + im Kindbett, 38 Jahre und 29 Wochen alt; Eltern: Johann Jakob Weigand, Kirchensenior, und Anna Elisabeth<\/span><\/p>\n<table>\n<tbody>\n<tr>\n<td style=\"text-align: center;\" width=\"29\"><span style=\"font-family: times new roman, times, serif; font-size: 10pt;\"><strong>Nr.<\/strong><\/span><\/td>\n<td width=\"133\"><span style=\"font-family: times new roman, times, serif; font-size: 10pt;\"><strong>Vorname (normiert)<\/strong><\/span><\/td>\n<td style=\"text-align: center;\" width=\"76\"><span style=\"font-family: times new roman, times, serif; font-size: 10pt;\"><strong>geboren<\/strong><\/span><\/td>\n<td style=\"text-align: center;\" width=\"76\"><span style=\"font-family: times new roman, times, serif; font-size: 10pt;\"><strong>getauft<\/strong><\/span><\/td>\n<td style=\"text-align: center;\" width=\"69\"><span style=\"font-family: times new roman, times, serif; font-size: 10pt;\"><strong>konfirmiert<\/strong><\/span><\/td>\n<td style=\"text-align: center;\" width=\"66\"><span style=\"font-family: times new roman, times, serif; font-size: 10pt;\"><strong>gestorben<\/strong><\/span><\/td>\n<td style=\"text-align: center;\" width=\"76\"><span style=\"font-family: times new roman, times, serif; font-size: 10pt;\"><strong>begraben<\/strong><\/span><\/td>\n<td style=\"text-align: center;\" width=\"41\"><span style=\"font-family: times new roman, times, serif; font-size: 10pt;\"><strong>Alter<\/strong><\/span><\/td>\n<td style=\"text-align: center;\" width=\"42\"><span style=\"font-family: times new roman, times, serif; font-size: 10pt;\"><strong>Stand<\/strong><\/span><\/td>\n<\/tr>\n<tr>\n<td style=\"text-align: center;\" width=\"29\"><span style=\"font-family: times new roman, times, serif; font-size: 10pt;\">1<\/span><\/td>\n<td width=\"133\"><span style=\"font-family: times new roman, times, serif; font-size: 10pt;\">Anna Christina<\/span><\/td>\n<td style=\"text-align: center;\" width=\"76\"><span style=\"font-family: times new roman, times, serif; font-size: 10pt;\">28.09.1693<\/span><\/td>\n<td style=\"text-align: center;\" width=\"76\"><span style=\"font-family: times new roman, times, serif; font-size: 10pt;\">05.10.1693<\/span><\/td>\n<td style=\"text-align: center;\" width=\"69\"><\/td>\n<td style=\"text-align: center;\" width=\"66\"><\/td>\n<td style=\"text-align: center;\" width=\"76\"><span style=\"font-family: times new roman, times, serif; font-size: 10pt;\">25.04.1695<\/span><\/td>\n<td style=\"text-align: center;\" width=\"41\"><span style=\"font-family: times new roman, times, serif; font-size: 10pt;\">1,55<\/span><\/td>\n<td style=\"text-align: center;\" width=\"42\"><\/td>\n<\/tr>\n<\/tbody>\n<\/table>\n<p><span style=\"font-family: times new roman, times, serif; font-size: 10pt;\">Kind Nr. 1) * und + Winterwerb<\/span><\/p>\n<p style=\"text-align: justify;\"><span style=\"font-family: times new roman, times, serif; font-size: 10pt;\">Eintragstext: <em>Donnerstag, den 28ten [Septem]br[is] Nachmittag vmb 4, ist Christian Witzki von Winterwerb eine junge Tochter geboren vnd den 5 Octob[ris] wegen Vnp\u00e4\u00dflichk[eit] daselbst getauft worden. Gevattern waren: Anna Margretha, Philip\u00df Han\u00dfen Tochter daselbst; Anna Christina, Th\u00f6nge\u00df Schmieds H[aus]fraw \u2026 ibid[em]; vnd Georg Philip\u00df Sommers Sohn de Oberbacheim. Ihr Nahm ist Anna Christina.<\/em><\/span><\/p>\n<p style=\"text-align: justify;\"><span style=\"font-family: times new roman, times, serif; font-size: 10pt;\"><strong>oo II. 09.02.1697 Niederbachheim<\/strong> mit <strong><u>Rhod<\/u>, Anna Juliana:<\/strong> * 15.08.1675 Niederbachheim (gt. 22.08.); konf. 03.06.1688; Eltern: Gottfried Rhod, vierherrischer Gerichtssch\u00f6ffe zu Marienfels, Kirchensenior und Almosenpfleger in Niederbachheim, und Anna Katharina<\/span><\/p>\n<table>\n<tbody>\n<tr>\n<td style=\"text-align: center;\" width=\"29\"><span style=\"font-family: times new roman, times, serif; font-size: 10pt;\"><strong>Nr.<\/strong><\/span><\/td>\n<td width=\"136\"><span style=\"font-family: times new roman, times, serif; font-size: 10pt;\"><strong>Vorname (normiert)<\/strong><\/span><\/td>\n<td style=\"text-align: center;\" width=\"76\"><span style=\"font-family: times new roman, times, serif; font-size: 10pt;\"><strong>geboren<\/strong><\/span><\/td>\n<td style=\"text-align: center;\" width=\"76\"><span style=\"font-family: times new roman, times, serif; font-size: 10pt;\"><strong>getauft<\/strong><\/span><\/td>\n<td style=\"text-align: center;\" width=\"78\"><span style=\"font-family: times new roman, times, serif; font-size: 10pt;\"><strong>konfirmiert<\/strong><\/span><\/td>\n<td style=\"text-align: center;\" width=\"67\"><span style=\"font-family: times new roman, times, serif; font-size: 10pt;\"><strong>gestorben<\/strong><\/span><\/td>\n<td style=\"text-align: center;\" width=\"65\"><span style=\"font-family: times new roman, times, serif; font-size: 10pt;\"><strong>begraben<\/strong><\/span><\/td>\n<td style=\"text-align: center;\" width=\"36\"><span style=\"font-family: times new roman, times, serif; font-size: 10pt;\"><strong>Alter<\/strong><\/span><\/td>\n<td style=\"text-align: center;\" width=\"42\"><span style=\"font-family: times new roman, times, serif; font-size: 10pt;\"><strong>Stand<\/strong><\/span><\/td>\n<\/tr>\n<tr>\n<td style=\"text-align: center;\" width=\"29\"><span style=\"font-family: times new roman, times, serif; font-size: 10pt;\">1<\/span><\/td>\n<td width=\"136\"><span style=\"font-family: times new roman, times, serif; font-size: 10pt;\">Eva Magdalena<\/span><\/td>\n<td style=\"text-align: center;\" width=\"76\"><span style=\"font-family: times new roman, times, serif; font-size: 10pt;\">19.05.1704<\/span><\/td>\n<td style=\"text-align: center;\" width=\"76\"><span style=\"font-family: times new roman, times, serif; font-size: 10pt;\">25.05.1704<\/span><\/td>\n<td style=\"text-align: center;\" width=\"78\"><span style=\"font-family: times new roman, times, serif; font-size: 10pt;\">25.04.1717<\/span><\/td>\n<td style=\"text-align: center;\" width=\"67\"><\/td>\n<td style=\"text-align: center;\" width=\"65\"><\/td>\n<td style=\"text-align: center;\" width=\"36\"><\/td>\n<td style=\"text-align: center;\" width=\"42\"><\/td>\n<\/tr>\n<tr>\n<td style=\"text-align: center;\"><span style=\"font-family: times new roman, times, serif; font-size: 10pt;\">2<\/span><\/td>\n<td><span style=\"font-family: times new roman, times, serif; font-size: 10pt;\">Johann Philipp<\/span><\/td>\n<td style=\"text-align: center;\"><span style=\"font-family: times new roman, times, serif; font-size: 10pt;\">18.08.1709<\/span><\/td>\n<td style=\"text-align: center;\"><span style=\"font-family: times new roman, times, serif; font-size: 10pt;\">01.09.1709<\/span><\/td>\n<td style=\"text-align: center;\"><\/td>\n<td style=\"text-align: center;\"><\/td>\n<td style=\"text-align: center;\"><\/td>\n<td style=\"text-align: center;\"><\/td>\n<td style=\"text-align: center;\"><\/td>\n<\/tr>\n<tr>\n<td style=\"text-align: center;\"><span style=\"font-family: times new roman, times, serif; font-size: 10pt;\">3<\/span><\/td>\n<td><span style=\"font-family: times new roman, times, serif; font-size: 10pt;\">Just Peter<\/span><\/td>\n<td style=\"text-align: center;\"><span style=\"font-family: times new roman, times, serif; font-size: 10pt;\">10.10.1711<\/span><\/td>\n<td style=\"text-align: center;\"><span style=\"font-family: times new roman, times, serif; font-size: 10pt;\">11.10.1711<\/span><\/td>\n<td style=\"text-align: center;\"><\/td>\n<td style=\"text-align: center;\"><\/td>\n<td style=\"text-align: center;\"><\/td>\n<td style=\"text-align: center;\"><\/td>\n<td style=\"text-align: center;\"><\/td>\n<\/tr>\n<tr>\n<td style=\"text-align: center;\"><span style=\"font-family: times new roman, times, serif; font-size: 10pt;\">4<\/span><\/td>\n<td><span style=\"font-family: times new roman, times, serif; font-size: 10pt;\">Johann Gottfried<\/span><\/td>\n<td style=\"text-align: center;\"><span style=\"font-family: times new roman, times, serif; font-size: 10pt;\">04.06.1699<\/span><\/td>\n<td style=\"text-align: center;\"><span style=\"font-family: times new roman, times, serif; font-size: 10pt;\">11.06.1699<\/span><\/td>\n<td style=\"text-align: center;\"><\/td>\n<td style=\"text-align: center;\"><\/td>\n<td style=\"text-align: center;\"><\/td>\n<td style=\"text-align: center;\"><\/td>\n<td style=\"text-align: center;\"><\/td>\n<\/tr>\n<tr>\n<td style=\"text-align: center;\"><span style=\"font-family: times new roman, times, serif; font-size: 10pt;\">5<\/span><\/td>\n<td><span style=\"font-family: times new roman, times, serif; font-size: 10pt;\">Johann David<\/span><\/td>\n<td style=\"text-align: center;\"><span style=\"font-family: times new roman, times, serif; font-size: 10pt;\">02.02.1702<\/span><\/td>\n<td style=\"text-align: center;\"><span style=\"font-family: times new roman, times, serif; font-size: 10pt;\">05.02.1702<\/span><\/td>\n<td style=\"text-align: center;\"><span style=\"font-family: times new roman, times, serif; font-size: 10pt;\">21.04.1715<\/span><\/td>\n<td style=\"text-align: center;\"><\/td>\n<td style=\"text-align: center;\"><\/td>\n<td style=\"text-align: center;\"><\/td>\n<td style=\"text-align: center;\"><\/td>\n<\/tr>\n<\/tbody>\n<\/table>\n<p><span style=\"font-family: times new roman, times, serif; font-size: 10pt;\"><strong>Eintragstexte:<\/strong><\/span><\/p>\n<p style=\"text-align: justify;\"><span style=\"font-family: times new roman, times, serif; font-size: 10pt;\"><strong>zu 1)<\/strong> <em>Montag, den 19 May abends umb 19 Vhrn ist Christ Witzky allhier vnd seiner Hau\u00dffr[au] Ann\u00e6 Julian[ae] eine junge Tochter geboren, die den 25 ej[us]d[em], Dom[inica] 1 post Trin[itatis] getauft worden. Gev. sind gewe\u00dfen: Eva Magdal., David Rhoden Fraw; Anna Magdal., Pro\u00dfman\u00df [Ambrosius] G\u00f6ller von Nochern hinder[lassene] Tochter; v[nd] Joh. Gottfried, Johan. Schmieds relict[us] fili[us] allhier. Ihr Nahm ist Eva Magdalena.<\/em><\/span><\/p>\n<p style=\"text-align: justify;\"><span style=\"font-family: times new roman, times, serif; font-size: 10pt;\"><strong>zu 2)<\/strong> <em>Sontag, den 18 Aug[usti] nachts umb 10 Vhr ist Christ. Witzky vnd Ann\u00e6 Julian\u00e6, seiner Hau\u00dffr[au] allhier, ein junger Sohn geboren, welcher den 1 [Septem]br[is], Dom[inica] 14 post Trin[itatis], getauft worden. Gev. sind gewe\u00dfen: Johann Phil., Conrad Rhoden Sohn von Winterwerb; Joh. Phil. Mayen allhier; vnd Anna Barbara, Andrea\u00df Rhoden Hau\u00dffraw alhier. Sein Nahm ist Joh. Philip\u00df.<\/em><\/span><\/p>\n<p style=\"text-align: justify;\"><span style=\"font-family: times new roman, times, serif; font-size: 10pt;\"><strong>zu 3)<\/strong> <em>Sonnabend, als den 10ten [Octo]ber morgens zwischen 4 und 5, ist Anna Juliana, Joh. Christian Witzky Hau\u00dffrau, mit einem jungen S\u00f6hnlein erfre\u00fcet worden, so gleich den Sontag darauf, Dom[inica] 19 post Trinit[atis] seine Eltern zur h. Taufe bef\u00f6rdert haben, nachfolgende Ze\u00fcgen hinzu erbentende: 1) Joh. Just G\u00f6lern von Nochern; 2) Joh. Peter May von Mihlen; und 3) Maria Elisabetha, Friedrichs Krafften Frau zu Schweighausen. Nomen fuit: Just Peter. Singhov:<\/em><\/span><\/p>\n<p style=\"text-align: justify;\"><span style=\"font-family: times new roman, times, serif; font-size: 10pt;\"><strong>zu 4)<\/strong> <em>Sonntag, den 4 Junij, Dom[inica] Trinitatis, nachts zwischen 12 vnd 1 Vhrn ist Christian Witzky allhier vnd Ann\u00e6 Julian\u00e6, seiner H[aus]fraw 2ter Ehe, ein junger Sohn geboren, so den 11 ejusd[em], Dom[inica] 1 post Trinit[atis] getauft worden. Gev. sind gewe\u00dfem: Johann Gottfr., Pro\u00dfmann [Ambrosius] G\u00f6llers Sohn von Nochern; Johann Peter Gro\u00df von Mihlen; vnd Maria Magdal., Johann Lehnharts H[aus]fraw allhier. Sein Nahm ist Johann Gottfried.<\/em><\/span><\/p>\n<p style=\"text-align: justify;\"><span style=\"font-family: times new roman, times, serif; font-size: 10pt;\"><strong>zu 5)<\/strong> <em>Donnerstag, den 2ten Febr[uarii] vff Maria Lichtme\u00df zu Mittag umb 12 Vhr ist Christ Witzky allhier und Ann\u00e6 Julian\u00e6, seiner Hau\u00dffraw, ein junger Sohn geboren, der den 5 ej[us]d[em], Dom[inica] 5 post Epiphan., getauft worden. Gevattern sind gewe\u00dfen: Joh. David, Th\u00f6ng. Mayen Sohn von Kehlbach; Thiel Sommer senior von Oberbacheim; vnd Elisab. Cathar., Laurentz Collen Haufraw von Nast\u00e4tten. Sein Nahm ist Joh. David.<\/em><\/span><\/p>\n<hr \/>\n<p><span style=\"font-family: times new roman, times, serif; font-size: 10pt; color: #ff0000;\"><strong><u>Witzky<\/u>, Johann Friedrich<\/strong><\/span><\/p>\n<p style=\"text-align: justify;\"><span style=\"font-family: times new roman, times, serif; font-size: 10pt;\"><strong>oo 22.06.1706 Niederbachheim<\/strong> mit <strong><u>Rhod<\/u>, Anna Maria:<\/strong> * 25.02.1673 Niederbachheim (gt. 02.03.); konf. 23.05.1686; Eltern: Gottfried Rhod, vierherrischer Gerichtssch\u00f6ffe zu Marienfels, Kirchensenior und Almosenpfleger in Niederbachheim, und Anna Katharina<\/span><\/p>\n<hr \/>\n<p><span style=\"font-family: times new roman, times, serif; font-size: 10pt;\"><span style=\"color: #ff0000;\"><strong><u><a id=\"zurg\"><\/a>Zurg<\/u>, Johann Dietrich:<\/strong> <\/span>Soldat<\/span><\/p>\n<p><span style=\"font-family: times new roman, times, serif; font-size: 10pt;\"><strong>o-o<\/strong> mit <strong>Eva Elisabeth<\/strong><\/span><\/p>\n<table>\n<tbody>\n<tr>\n<td style=\"text-align: center;\" width=\"30\"><span style=\"font-family: times new roman, times, serif; font-size: 10pt;\"><strong>Nr.<\/strong><\/span><\/td>\n<td width=\"138\"><span style=\"font-family: times new roman, times, serif; font-size: 10pt;\"><strong>Vorname (normiert)<\/strong><\/span><\/td>\n<td style=\"text-align: center;\" width=\"76\"><span style=\"font-family: times new roman, times, serif; font-size: 10pt;\"><strong>geboren<\/strong><\/span><\/td>\n<td style=\"text-align: center;\" width=\"76\"><span style=\"font-family: times new roman, times, serif; font-size: 10pt;\"><strong>getauft<\/strong><\/span><\/td>\n<td style=\"text-align: center;\" width=\"69\"><span style=\"font-family: times new roman, times, serif; font-size: 10pt;\"><strong>konfirmiert<\/strong><\/span><\/td>\n<td style=\"text-align: center;\" width=\"68\"><span style=\"font-family: times new roman, times, serif; font-size: 10pt;\"><strong>gestorben<\/strong><\/span><\/td>\n<td style=\"text-align: center;\" width=\"67\"><span style=\"font-family: times new roman, times, serif; font-size: 10pt;\"><strong>begraben<\/strong><\/span><\/td>\n<td style=\"text-align: center;\" width=\"37\"><span style=\"font-family: times new roman, times, serif; font-size: 10pt;\"><strong>Alter<\/strong><\/span><\/td>\n<td style=\"text-align: center;\" width=\"43\"><span style=\"font-family: times new roman, times, serif; font-size: 10pt;\"><strong>Stand<\/strong><\/span><\/td>\n<\/tr>\n<tr>\n<td style=\"text-align: center;\" width=\"30\"><span style=\"font-family: times new roman, times, serif; font-size: 10pt;\">1<\/span><\/td>\n<td width=\"138\"><span style=\"font-family: times new roman, times, serif; font-size: 10pt;\">Anna Margaretha (illeg.)<\/span><\/td>\n<td style=\"text-align: center;\" width=\"76\"><span style=\"font-family: times new roman, times, serif; font-size: 10pt;\">11.09.1713<\/span><\/td>\n<td style=\"text-align: center;\" width=\"76\"><span style=\"font-family: times new roman, times, serif; font-size: 10pt;\">13.09.1713<\/span><\/td>\n<td style=\"text-align: center;\" width=\"69\"><\/td>\n<td style=\"text-align: center;\" width=\"68\"><\/td>\n<td style=\"text-align: center;\" width=\"67\"><\/td>\n<td style=\"text-align: center;\" width=\"37\"><\/td>\n<td style=\"text-align: center;\" width=\"43\"><\/td>\n<\/tr>\n<\/tbody>\n<\/table>\n<p style=\"text-align: justify;\"><span style=\"font-family: times new roman, times, serif; font-size: 10pt;\">Eintragstext: <em>Den 11 Sept[embris] nata et 13 renata Anna Margretha, spur[ia] Joh. Dieterich Zurgen, Soldaten, v[nd] Ev\u00e6 Elisabeth Volckin von \u2026 filia. Suscept[ores]: Joh. Gottfried Schmid allhir; Joh. Peter Rhod von Dachsenhau\u00dfen; Anna Margretha Kohlerm\u00e4nnin, past[oris] uxor; v[nd] Anna Christina, Joh. Philipp Majen uxor allhir.<\/em><\/span><\/p>\n<hr \/>\n<p><strong><span style=\"font-family: times new roman, times, serif;\"><a id=\"nn\"><\/a>Name unbekannt<\/span><\/strong><\/p>\n<p><span style=\"font-family: times new roman, times, serif; font-size: 10pt;\"><span style=\"color: #ff0000;\"><strong>Martin:<\/strong> <\/span>kath.; Knecht des steinischen Hofmanns in Niederbachheim; bg. 30.01.1682 Niederbachheim, + an den Kinderpocken<\/span><\/p>\n<hr \/>\n<p><span style=\"font-family: times new roman, times, serif; font-size: 10pt;\"><strong><span style=\"color: #ff0000;\">N. N.:<\/span> verstorben<\/strong><\/span><\/p>\n<p><span style=\"font-family: times new roman, times, serif; font-size: 10pt;\"><strong>oo<\/strong> mit <strong>Maria Elisabeth:<\/strong> ein armes Weib von <em>Aschenburg<\/em> (Aschaffenburg ?), h\u00e4lt sich in der Schule in Niederbachheim auf<\/span><\/p>\n<table>\n<tbody>\n<tr>\n<td style=\"text-align: center;\" width=\"30\"><span style=\"font-family: times new roman, times, serif; font-size: 10pt;\"><strong>Nr.<\/strong><\/span><\/td>\n<td width=\"136\"><span style=\"font-family: times new roman, times, serif; font-size: 10pt;\"><strong>Vorname (normiert)<\/strong><\/span><\/td>\n<td style=\"text-align: center;\" width=\"76\"><span style=\"font-family: times new roman, times, serif; font-size: 10pt;\"><strong>geboren<\/strong><\/span><\/td>\n<td style=\"text-align: center;\" width=\"76\"><span style=\"font-family: times new roman, times, serif; font-size: 10pt;\"><strong>getauft<\/strong><\/span><\/td>\n<td style=\"text-align: center;\" width=\"69\"><span style=\"font-family: times new roman, times, serif; font-size: 10pt;\"><strong>konfirmiert<\/strong><\/span><\/td>\n<td style=\"text-align: center;\" width=\"69\"><span style=\"font-family: times new roman, times, serif; font-size: 10pt;\"><strong>gestorben<\/strong><\/span><\/td>\n<td style=\"text-align: center;\" width=\"67\"><span style=\"font-family: times new roman, times, serif; font-size: 10pt;\"><strong>begraben<\/strong><\/span><\/td>\n<td style=\"text-align: center;\" width=\"38\"><span style=\"font-family: times new roman, times, serif; font-size: 10pt;\"><strong>Alter<\/strong><\/span><\/td>\n<td style=\"text-align: center;\" width=\"43\"><span style=\"font-family: times new roman, times, serif; font-size: 10pt;\"><strong>Stand<\/strong><\/span><\/td>\n<\/tr>\n<tr>\n<td style=\"text-align: center;\" width=\"30\"><span style=\"font-family: times new roman, times, serif; font-size: 10pt;\">1<\/span><\/td>\n<td width=\"136\"><span style=\"font-family: times new roman, times, serif; font-size: 10pt;\">Johann Philipp Gottfried<\/span><\/td>\n<td style=\"text-align: center;\" width=\"76\"><span style=\"font-family: times new roman, times, serif; font-size: 10pt;\">27.11.1683<\/span><\/td>\n<td style=\"text-align: center;\" width=\"76\"><span style=\"font-family: times new roman, times, serif; font-size: 10pt;\">30.11.1683<\/span><\/td>\n<td style=\"text-align: center;\" width=\"69\"><\/td>\n<td style=\"text-align: center;\" width=\"69\"><\/td>\n<td style=\"text-align: center;\" width=\"67\"><\/td>\n<td style=\"text-align: center;\" width=\"38\"><\/td>\n<td style=\"text-align: center;\" width=\"43\"><\/td>\n<\/tr>\n<\/tbody>\n<\/table>\n<p style=\"text-align: justify;\"><span style=\"font-family: times new roman, times, serif; font-size: 10pt;\">Eintragstext: <em>Den 27ten [Novem]bris de\u00df Morgens vmb 9 Vhr hat ein armes Weib mit Nahmen Maria Elisabeth von Aschenburg (religioni n[ost]r\u00e6 addicta) der der Mann gestorben in vn\u00dfer Schull sich vffgehalten vnd einen jungen Sohn geboren, welcher in fest[o] S. Andre\u00e6 getauft worden. Gev. sind gewe\u00dfen: Joh. Philip\u00df Schmied der Junger; Caspar Bachumb; Gottfried Rhodt; Johann Philip\u00df Schmied; Anna Christina, mein Hau\u00dffraw; Johann Arnold Henrich Federhenn, Schulmeisters H[aus]fraw; Barbara, David Aulman\u00df Hau\u00dffraw; vnd Engel, Daniel G\u00e4n\u00dfman\u00df H[aus]fraw; alle allhier wohnendt. Sein Nahm ist Johann Philip\u00df Gottfried.<\/em><\/span><\/p>\n<hr \/>\n<p><span style=\"font-family: times new roman, times, serif; font-size: 10pt;\"><span style=\"color: #ff0000;\"><strong>Jakob:<\/strong> <\/span>ein Heide<\/span><\/p>\n<p><span style=\"font-family: times new roman, times, serif; font-size: 10pt;\"><strong>oo<\/strong> mit <strong>N. N.<\/strong><\/span><\/p>\n<table>\n<tbody>\n<tr>\n<td style=\"text-align: center;\" width=\"30\"><span style=\"font-family: times new roman, times, serif; font-size: 10pt;\"><strong>Nr.<\/strong><\/span><\/td>\n<td width=\"136\"><span style=\"font-family: times new roman, times, serif; font-size: 10pt;\"><strong>Vorname (normiert)<\/strong><\/span><\/td>\n<td style=\"text-align: center;\" width=\"76\"><span style=\"font-family: times new roman, times, serif; font-size: 10pt;\"><strong>geboren<\/strong><\/span><\/td>\n<td style=\"text-align: center;\" width=\"76\"><span style=\"font-family: times new roman, times, serif; font-size: 10pt;\"><strong>getauft<\/strong><\/span><\/td>\n<td style=\"text-align: center;\" width=\"69\"><span style=\"font-family: times new roman, times, serif; font-size: 10pt;\"><strong>konfirmiert<\/strong><\/span><\/td>\n<td style=\"text-align: center;\" width=\"69\"><span style=\"font-family: times new roman, times, serif; font-size: 10pt;\"><strong>gestorben<\/strong><\/span><\/td>\n<td style=\"text-align: center;\" width=\"67\"><span style=\"font-family: times new roman, times, serif; font-size: 10pt;\"><strong>begraben<\/strong><\/span><\/td>\n<td style=\"text-align: center;\" width=\"38\"><span style=\"font-family: times new roman, times, serif; font-size: 10pt;\"><strong>Alter<\/strong><\/span><\/td>\n<td style=\"text-align: center;\" width=\"43\"><span style=\"font-family: times new roman, times, serif; font-size: 10pt;\"><strong>Stand<\/strong><\/span><\/td>\n<\/tr>\n<tr>\n<td style=\"text-align: center;\" width=\"30\"><span style=\"font-family: times new roman, times, serif; font-size: 10pt;\">1<\/span><\/td>\n<td width=\"136\"><span style=\"font-family: times new roman, times, serif; font-size: 10pt;\">Johann Friedrich<\/span><\/td>\n<td style=\"text-align: center;\" width=\"76\"><span style=\"font-family: times new roman, times, serif; font-size: 10pt;\">30.01.1699<\/span><\/td>\n<td style=\"text-align: center;\" width=\"76\"><span style=\"font-family: times new roman, times, serif; font-size: 10pt;\">01.02.1699<\/span><\/td>\n<td style=\"text-align: center;\" width=\"69\"><\/td>\n<td style=\"text-align: center;\" width=\"69\"><\/td>\n<td style=\"text-align: center;\" width=\"67\"><\/td>\n<td style=\"text-align: center;\" width=\"38\"><\/td>\n<td style=\"text-align: center;\" width=\"43\"><\/td>\n<\/tr>\n<\/tbody>\n<\/table>\n<p style=\"text-align: justify;\"><span style=\"font-family: times new roman, times, serif; font-size: 10pt;\">Eintragstext: <em>Montag, den 30 Januarij nachts ist Jacob, einem Heyden, ein Kind geboren, so den 1 Febr[uarii] allhier getauft worden. Gevattern sind gewe\u00dfen: Friedr. Frie\u00dfenhahn, Steinischer Hofmann; Christ Witzky; Han\u00df Conrad Kuntz; Andreas Rhodt; Johannes Lehnhart; Elisab. Magdalena, mein Tochter; Ge\u00f6rgen Adam Schmieds relicta filia; Elis. Cathar., Joh. Phil. Mayen H[aus]fraw; Eva Magdalen[a], David Rhoden Fraw; alle allhier. Sein Nahm ist Johann Friedrich.<\/em><\/span><\/p>\n<hr \/>\n<p><span style=\"font-family: times new roman, times, serif; font-size: 10pt;\"><span style=\"color: #ff0000;\"><strong>Anna Barbara:<\/strong> <\/span>Schwiegermutter des Kuhhirten Philipp Theis; bg. 06.02.1708 Niederbachheim, 84 Jahre alt (s. OFB Kehlbach)<\/span><\/p>\n<hr \/>\n<h2><span style=\"font-family: times new roman, times, serif; font-size: 10pt;\"><strong><u><span style=\"font-size: 12pt;\"><a id=\"taufen_nachbarpfarreien\"><\/a>Taufen aus Nachbarpfarreien<\/span><\/u><\/strong><\/span><\/h2>\n<p><span style=\"font-family: times new roman, times, serif; font-size: 12pt;\"><strong>1 Pfarrei Dornholzhausen<\/strong><\/span><\/p>\n<p style=\"text-align: justify;\"><span style=\"font-family: times new roman, times, serif; font-size: 10pt;\">Aus der Pfarrei Dornholzhausen werden zwischen 1680 und 1689 vierzehn Kinder getauft, da in dieser Zeit das dortige Kirchenbuch mangelhaft gef\u00fchrt wurde.<\/span><\/p>\n<p><span style=\"font-family: times new roman, times, serif; font-size: 10pt;\"><strong>Aus Dessighofen:<\/strong><\/span><\/p>\n<p style=\"text-align: justify;\"><span style=\"font-family: times new roman, times, serif; font-size: 10pt;\"><span style=\"color: #ff0000;\"><strong><u>Emmerich<\/u>, Anna Christina:<\/strong> <\/span>* 28.10.1681 Dessigofen, gt. 06.11.1681 Niederbachheim; Eintragstext: <em>Den 28ten [Octo]bris de\u00df Morgens vmb 5 Vhr ist Gottfr. Emrich, Nassau-Saarbr[\u00fcckischen] Schulthei\u00dfen zu De\u00dfigoben, eine junge Tochter geboren vnd den 6ten [Novem]bris, Dom[inica] 23 post Trin[itatis], getauft worden. Gevattern sind gewe\u00dfen: Johann Daniel Aulmann allhier; Philip\u00df Bochel von Oberbacheim; Christina, Jo[ann]is Bechel\u00df Wittib daselbst; v[nd] Sophia Christina, Johann Th\u00f6nge\u00df Chunen Tochter von E\u00dfbach al\u00df seiner H[aus]frawen Schwester. Ihr Nahm ist Anna Christina.<\/em><\/span><\/p>\n<p style=\"text-align: justify;\"><span style=\"font-family: times new roman, times, serif; font-size: 10pt;\"><span style=\"color: #ff0000;\"><strong><u>Emmerich<\/u>, Maria Margaretha:<\/strong><\/span> * 22.07.1683 Dessigofen, gt. 29.07.1683 Niederbachheim; Eintragstext: <em>Den 22ten Julij nach Mittag vmb 6 Vhr ist Johann Gottfried Emrichen, Nassau-Saarbr[\u00fcckischen] Schulthei\u00dfen zu De\u00dfigoben, eine junge Tochter geboren v[nd] den 29 ejusd. getauft worden. Gev. sind gewe\u00dfen: Johann Gerhard, Johann Th\u00f6nge\u00df Chunen Sohn von Es\u00dfbach; Gottfried Henrich von De\u00dfigoben; Anna Margretha, Mo\u00dfes Neuses, de\u00df M\u00fcllers Fraw daselbst; vnd Maria Margretha, Phil. Adam Henrichs Hau\u00dffraw von Oberbacheim. Ihr Nahm ist Maria Margretha.<\/em><\/span><\/p>\n<p style=\"text-align: justify;\"><span style=\"font-family: times new roman, times, serif; font-size: 10pt;\"><span style=\"color: #ff0000;\"><strong><u>Emmerich<\/u>, Johann Gottfried:<\/strong> <\/span>* 01.11.1689 Dessigofen, gt. 06.11.1689 Niederbachheim; Eintragstext: <em>Den 1ten [Novem]br[is] de\u00df Nachts umb 10 Vhrn ist Johann Emrich Christen von De\u00dfigoben ein junger Sohn geboren vnd den 6 ejusd. in der monatlichen Bettagspredigt getauft worden. Gev. sind gewe\u00dfen: Johann Gottfr. Emrich, Nassau-Saarbr[\u00fcckischen] Schulthei\u00df daselbst; Martin Weber, sein Stieffbruder; Sophia Christina, Han\u00df Th\u00f6ng. Chunen Tochter d[e] Eschbach; vnd Anna Catharin[a] Christin, seine Stieffschwester. Sein Nahm ist Johann Gottfried.<\/em><\/span><\/p>\n<p style=\"text-align: justify;\"><span style=\"font-family: times new roman, times, serif; font-size: 10pt;\"><strong><span style=\"color: #ff0000;\"><u>Peter<\/u>, Anna Margaretha:<\/span> <\/strong>gt. 30.09.1683 Niederbachheim; Eintragstext: <em>Den 17 post Trin[itatis] ist Han\u00df Jacob Peter von De\u00dfigoben T\u00f6chterlein getauft worden. Gev. sind gewe\u00dfen: Anna Margreth, Gottfried Emrichs, p[rae]toris Nassovici, uxor ibid[em]; Magdalena, Daniel Webers H[aus]fraw daselbst; v[nd] Caspar, Haiman G\u00e4n\u00dfman\u00df Sohn von Schweighau\u00dfen. Sein Nahm ist Anna Margretha.<\/em><\/span><\/p>\n<p style=\"text-align: justify;\"><span style=\"font-family: times new roman, times, serif; font-size: 10pt;\"><span style=\"color: #ff0000;\"><strong><u>Weber<\/u>, Philipp Gottfried:<\/strong> <\/span>gt. 29.08.1680 Niederbachheim; Eintragstext: <em>Den 29ten Aug[usti] ist Daniel Webers zu De\u00dfigoben S\u00f6hnlein zu D\u00f6rnholtzhau\u00dfen getauft vnd der Nahm gegeben worden Philip\u00df Gottfriedt.<\/em><\/span><\/p>\n<hr \/>\n<p><span style=\"font-family: times new roman, times, serif; font-size: 10pt;\"><strong>Aus Dornholzhausen:<\/strong><\/span><\/p>\n<p style=\"text-align: justify;\"><span style=\"font-family: times new roman, times, serif; font-size: 10pt;\"><span style=\"color: #ff0000;\"><strong><u>Kr\u00e4mer<\/u>, Johann David:<\/strong><\/span> * 26.12.1689 Dornholzhausen, gt. 01.01.1690 Niederbachheim; Eintragstext: <em>Den 28ten [Decem]br[is] de\u00df Nachts vmb 9 Vhr ist Th\u00f6nge\u00df Kr\u00e4mer zu D\u00f6rnholtzhau\u00dfen ein junger Sohn geboren vnd den 1ten Januarij 1690 vff New Jahrs Tag getauft worden. Gev. sind gewe\u00dfen: Johann Jacob May; Just David, David Buderi, gewe\u00dfenen Pf[arre]rs relictus fili[us]; v[nd] Anna Eva, A\u00dfmu\u00df Gerharts Tochter; alle daselbst. Sein Nahm ist Johann Davidt.<\/em><\/span><\/p>\n<p style=\"text-align: justify;\"><span style=\"font-family: times new roman, times, serif; font-size: 10pt;\"><span style=\"color: #ff0000;\"><strong><u>L\u00f6wenstein<\/u>, Johann Adam:<\/strong><\/span> * 25.03.1682 Dornholzhausen, gt. 02.04.1682 Niederbachheim (bg. 25.03.1683 Dornholzhausen durch Pfr. J\u00fcnger); Eintragstext: <em>Den 25ten Martij circa hor[a] 2 pomerid[iana] nat[us] est filiol[us] Jo[ann]is Michaelis L\u00f6wensteins in D\u00f6rnholtzhau\u00dfen &amp; baptizatus die 2 Aprilis, Dom[inica] Judica. Testes vel compatres fuerunt: Johann Adam M\u00fcller, Philippi M\u00fcllers relict[us] fili[us] de Elsper; Jo[ann]es Kraft, pr\u00e6tor in Schweighau\u00dfen; Elisabetha Dorothea, Jo[ann]is Conradt Kr\u00e4mers von Niderwallmanach Tochter; vnd Anna Elisabetha, Th\u00f6nge\u00df Kr\u00e4mers von Holtzhau\u00dfen H[aus]fraw. Sein Nahm ist Johann Adam.<\/em><\/span><\/p>\n<p style=\"text-align: justify;\"><span style=\"font-family: times new roman, times, serif; font-size: 10pt;\"><span style=\"color: #ff0000;\"><strong><u>May<\/u>, Maria Gertrud:<\/strong><\/span> * 02.08.1682 Dornholzhausen, gt. 09.08.1682 Niederbachheim; Eintragstext: <em>Den 2ten Aug[usti] zwischen 3 v[nd] 4 Vhrn Nachmittag ist Joh. Th\u00f6nge\u00df Mayen zu D\u00f6rnholtzhau\u00dfen eine junge Tochter geboren vnd den 9 ejusdem mensis getauft worden. Gevattern sind gewe\u00dfen: Heyman G\u00e4n\u00dfm&lt;ann&gt; von Schweighau\u00dfen; Martin Kn\u00f6i\u00df von D\u00f6rnholtzhau\u00dfen; Anna Maria, Gottfried Friedrichs Tochter au\u00df der Dickenm\u00fchl; vnd Anna Gertraudt, Han\u00df Bernhart Six von Eher Tochter. Ihr Nahm ist Maria Gertraudt.<\/em><\/span><\/p>\n<hr \/>\n<p><span style=\"font-family: times new roman, times, serif; font-size: 10pt;\"><strong>Aus Geisig:<\/strong><\/span><\/p>\n<p style=\"text-align: justify;\"><span style=\"font-family: times new roman, times, serif; font-size: 10pt;\"><span style=\"color: #ff0000;\"><strong><u>Busch<\/u>, Anna Veronika:<\/strong> <\/span>* 28.12.1682 Geisig, gt. 06.01.1683 Niederbachheim; Eintragstext: <em>Den 28 [Decem]br[is] de\u00df Nachts vmb 1 Vhr ist Anthon Puschen zu Gei\u00dfig ein junge Tochter geboren vnd den 6ten Januarij 1683 in festo Epiphani\u00e6 getauft worden. Gevattern sind gewe\u00dfen: Han\u00df Peter Schmied von Becheln; Gottfried G\u00e4n\u00dfmann von D\u00f6rnholtzhau\u00dfen; Anna Phronica, Philip\u00df Puschen H[aus]fraw von Gei\u00dfig; vnd Anna Margretha, David Singhoffens Fr[au] ibid[em]. Ihr Nahm ist Anna &#8230;ronica.<\/em><\/span><\/p>\n<p style=\"text-align: justify;\"><span style=\"font-family: times new roman, times, serif; font-size: 10pt;\"><span style=\"color: #ff0000;\"><strong><u>Eifler<\/u>, Johann Philipp:<\/strong><\/span> * 09.09.1681 Geisig, gt. 15.09.1681 Niederbachheim; Eintragstext: <em>Den 9ten [Septem]bris zwischen 8 vnd 9 Vhrn de\u00df Morgens ist Johann Jacob Eiflern zu Gei\u00dfig im Kirchspiel D\u00f6rnholtzhau\u00dfen ein junger Sohn geboren vnd den 15 ejusd. mensis getauft worden, Dom[inica] 17 post Trin[itatis]. Gev. sind gewe\u00dfen: Johann Th\u00f6nges Pfeiffer; Johann Philip\u00df, Han\u00df Jacob Haxel\u00df Sohn; Johann Th\u00f6nges Buschen H[aus]fraw Anna Margretha; alle von Gei\u00dfig; vnd Anna Margretha, Emrich Henrichs Tochter von De\u00dfigoben. Sein Nahm ist Johann Philip\u00df.<\/em><\/span><\/p>\n<p style=\"text-align: justify;\"><span style=\"font-family: times new roman, times, serif; font-size: 10pt;\"><span style=\"color: #ff0000;\"><strong><u>Eifler<\/u>, Johann Hermann:<\/strong><\/span> * 27.10.1692 Geisig, gt. 03.11.1682 Niederbachheim; Eintragstext: <em>Den 27ten [Octo]bris de\u00df Nachts vmb 12 Vhr ist Johann Jacob Eifler von Gei\u00dfig ein junger Sohn geboren vndt den 3ten [Novem]bris getauft worden. Gev. sind gewe\u00dfen: Gottfried, Emrich Henrichs Sohn von De\u00dfigoben; Johann Hermann Eifler von Gei\u00dfig; Maria Margretha, Philip\u00df Adam Henrichs H[aus]fraw von Oberbacheim; vnd Anna Margretha, Johann Emrich Eiflers Hau\u00dffraw von Gei\u00dfig. Sein Nahm ist Johann Hermann.<\/em><\/span><\/p>\n<p style=\"text-align: justify;\"><span style=\"font-family: times new roman, times, serif; font-size: 10pt;\"><span style=\"color: #ff0000;\"><strong><u>Friedrich<\/u>, Maria Katharina:<\/strong> <\/span>* 20.10.1689 Geisig, gt. 25.10.1689 Niederbachheim; Eintragstext: <em>Den 20ten [Octo]br[is] zu Mittag umb 12 Vhrn ist Johann Bernhart Friedrich von Gei\u00dfig ein junge Tochter geboren vnd den 25 ejusdem getauft worden. Gevattern sind gewe\u00dfen: Anna Catharina, Philip\u00df Friedrichs Hau\u00dffraw daselbst; Han\u00df Th\u00f6nge\u00df, Nicla\u00df Nu\u00dfbaums, Armsteinischen Hoffmans, Sohn \u2026 ibidem; v[nd] Anna Maria, Johann Adam Hayman\u00df Hau\u00dffraw von Eberwie\u00df. Ihr Nahm ist Maria Catharina.<\/em><\/span><\/p>\n<p style=\"text-align: justify;\"><span style=\"font-family: times new roman, times, serif; font-size: 10pt;\"><span style=\"color: #ff0000;\"><strong><u>Haxel<\/u>, Anna Katharina:<\/strong> <\/span>* 09.11.1680 Geisig, gt. 17.11.1680 Niederbachheim; Eintragstext: <em>Den 9ten [Novem]bris de\u00df Morgens vmb 6 Vhr ist Han\u00df Jacob Haxeln zu Gei\u00dfig eine junge Tochter geboren vnd den 17 ejusd[em] mens[is] getaufft worden. Gev. sindt gewe\u00dfen: Johann Adam K\u00f6hler; Andreas Eygenbrodt; beyde von Singhoffen; Euphrosin, Joh. Just Schmieds von Berg sein H[aus]fraw; vnd Anna Catharin[a], Joh. Jacob Eiflers H[aus]fraw von Gei\u00dfig. Ihr Nahm ist Anna Catharina.<\/em><\/span><\/p>\n<p style=\"text-align: justify;\"><span style=\"font-family: times new roman, times, serif; font-size: 10pt;\"><span style=\"color: #ff0000;\"><strong><u>Singhof<\/u>, Johann Philipp:<\/strong> <\/span>* 01.09.1683 Geisig, gt. 09.09.1683 Niederbachheim; Eintragstext: <em>Den 1 [Septem]br[is] de\u00df Nachts vmb 12 Vhr ist Joh. A\u00dfmu\u00df Singhoffen zu Gei\u00dfig ein junger Sohn geboren vnd den 9 ejusd[em], Dom[inica] 14 post Trin[itatis], getauft worden. Gevattern sind gewe\u00dfen: Johann Phil., Han\u00df Jacob Haxel\u00df Sohn von Gei\u00dfig; Joh. Adam, Ge\u00f6rg Caspar Gerharts Sohn von Schweighau\u00dfen; Anna Christina, Friedrich R\u00fchls relicta filia von Schweighau\u00dfen; v[nd] Anna Sophia, Hermann Gemrichs Hau\u00dffraw von Gei\u00dfig. Sein Nahm ist Joh. Philip\u00df.<\/em><\/span><\/p>\n<hr \/>\n<p><span style=\"font-family: times new roman, times, serif; font-size: 10pt;\"><strong>Aus der Pfarrei Dornholzhausen:<\/strong><\/span><\/p>\n<p style=\"text-align: justify;\"><span style=\"font-family: times new roman, times, serif; font-size: 10pt;\"><span style=\"color: #ff0000;\"><strong><u>Recker<\/u><\/strong><strong>, Elisabeth Margaretha:<\/strong><\/span> gt. 24.05.1681 Niederbachheim; Eintragstext: <em>Feria Pentecost. baptizata est filiola Jo[ann]is Reckers. P[ro] qva fide jusserunt: Johann Th\u00f6nges May; Johan. Rosenberger; Anna Elisabetha, Han\u00df Christen H[aus]fraw; vnd Anna Margretha, Henrich Knie\u00dfen Tochter; alle im Kirchspiel D\u00f6rnholtzhau&lt;sen&gt;. Ihr Nahm ist Elisabeth Margretha.<\/em><\/span><\/p>\n<hr \/>\n<p><span style=\"font-family: times new roman, times, serif; font-size: 12pt;\"><strong>2 Weitere Nachbarorte<\/strong><\/span><\/p>\n<p style=\"text-align: justify;\"><span style=\"font-family: times new roman, times, serif; font-size: 10pt;\"><span style=\"color: #ff0000;\"><strong><u>Kaiser<\/u>, Johann Niklas:<\/strong><\/span> * 09.02.1681 Gemmerich, gt. 20.02.1681 Niederbachheim; Eintragstext: <em>Den 9ten Febr[uarii] ist Japhet Key\u00dfern zu Gemrich de\u00df Morgens vmb 5 Vhr ein junger Sohn geboren vnd den 20 ejusd[em], Dom[inica] Invocav[it], getauft worden. Gev. sindt gewe\u00dfen: Johannes Weygant von Himigoben, Johannes Nicla\u00df, Henrich Clemann Ulmans Sohn zu Gemrich; v[nd] Anna Margaretha, Henrich Schmieds H[aus]fraw ibid[em]. Sein Nahm ist Johann Nicla\u00df.<\/em><\/span><\/p>\n<p style=\"text-align: justify;\"><span style=\"font-family: times new roman, times, serif; font-size: 10pt;\"><span style=\"color: #ff0000;\"><strong><u>Rosenberger<\/u>, Johann Matth\u00e4us:<\/strong><\/span> * 01.09.1683 W\u00fcstenm\u00fchle, gt. 09.09.1683 Niederbachheim; Eintragstext: <em>Eodem die ist Johannes Ro\u00dfenberger in der Wusten M\u00fchl so genant vmb Mittag ein junger Sohn geboren vnd den 9 [Septem]bris, Dom[inica] 14 post Trin[itatis], getauft worden. Gev. sind gewe\u00dfen: Joh. Emrich, Jacob Lehnharts Sohn in der Rauschen M\u00fchl; Matth\u00e6[us], Ender\u00df Rencker\u00df Sihn von Schweighau\u00dfen; Anna Catha[rina], Matth\u00e6[us] Ro\u00dfenbergers H[aus]fr[au] in der Dach\u00dfenh\u00e4u\u00dfer Muhl; Marc[us] Suhl, Kohlbrenner, in Schweighau\u00dfen sich vffhaltent; vnd Anna Cathar[ina], Friedrich R\u00fchls relicta filia in Schweighau\u00dfen. Sein Nahm ist Johann Matth\u00e6[us].<\/em><\/span><\/p>\n<hr \/>\n<p><span style=\"font-family: times new roman, times, serif; font-size: 12pt;\"><strong><u><a id=\"tote_ehen_nachbarpfarreien\"><\/a>Tote und Ehen aus Nachbarpfarreien<\/u><\/strong><\/span><\/p>\n<p style=\"text-align: justify;\"><span style=\"font-family: times new roman, times, serif; font-size: 10pt;\"><span style=\"color: #ff0000;\"><strong><u>Eifler<\/u>, Hans Jakob:<\/strong> <\/span>aus Geisig; <\/span><span style=\"font-family: times new roman, times, serif; font-size: 10pt;\"><strong>oo 26.10.1680 Niederbachheim<\/strong> mit <strong><u>Henrich<\/u>, Anna Katharina:<\/strong> Tochter des Emmerich Henrich aus Dessighofen<\/span><\/p>\n<p style=\"text-align: justify;\"><span style=\"font-family: times new roman, times, serif; font-size: 10pt;\"><span style=\"color: #ff0000;\"><strong><u>Emmerich<\/u>, Anna Margaretha:<\/strong><\/span> Ehefrau des Johann Gottfried Emmerich aus Dessighofen, nassau-saarbr\u00fcckischer Schulthei\u00df; bg. 15.12.1679 Dornholzhausen durch Pfr. J\u00fcnger, 40 Jahre weniger 3 Wochen alt<\/span><\/p>\n<p style=\"text-align: justify;\"><span style=\"font-family: times new roman, times, serif; font-size: 10pt;\"><span style=\"color: #ff0000;\"><strong><u>Euphrat<\/u>, N. N.:<\/strong> <\/span>aus Gemmerich; Schwiegermutter des Pfr. J\u00fcnger; + 11.04.1693 Gemmerich; bg. 13.04.1693 Gemmerich, 87 Jahre alt; Eintragstext: <em>Den 11ten April[is] Nachmittag zwischen 1 vnd 2 Vhr ist meine Schwiegermutter zu Gemrich gestorben vndt den 13 ejusd[em] mensis vff Grunen Donnerstag, begraben worden, \u00e6tat[is] 87 Jahr.<\/em><\/span><\/p>\n<p style=\"text-align: justify;\"><span style=\"font-family: times new roman, times, serif; font-size: 10pt;\"><span style=\"color: #ff0000;\"><strong><u>Hahn<\/u>, Hans Jakob:<\/strong> <\/span>bg. 01.12.1693 Dachsenhausen durch Pfr. J\u00fcnger, 85 Jahre alt (OFB Dachsenhausen. Nr. 0795)<\/span><\/p>\n<p style=\"text-align: justify;\"><span style=\"font-family: times new roman, times, serif; font-size: 10pt;\"><span style=\"color: #ff0000;\"><strong><u>Hahn<\/u>, Christina:<\/strong><\/span> seit 22 Jahren Witwe des Arndt Hahn zu Schweighausen; bg. 24.03.1692 Niederbachheim, 64 Jahre alt<\/span><\/p>\n<p style=\"text-align: justify;\"><span style=\"font-family: times new roman, times, serif; font-size: 10pt;\"><span style=\"color: #ff0000;\"><strong><u>L\u00f6wenstein<\/u>, Johann Adam:<\/strong> <\/span>S\u00f6hnlein des Johann Michel L\u00f6wenstein; bg. 25.03.1683 Dornholzhausen durch Pfr. J\u00fcnger (* 25.03.1682 Dornholzhausen, gt. 02.04.1682 Niederbachheim)<\/span><\/p>\n<p style=\"text-align: justify;\"><span style=\"font-family: times new roman, times, serif; font-size: 10pt;\"><span style=\"color: #ff0000;\"><strong><em><u>S&#8230;ckeck&#8230;<\/u><\/em>, Michel:<\/strong><\/span> bg. 26.11.1679 Dornholzhausen durch Pfr. J\u00fcnger; Eintragstext: <em>Den 26ten [Novem]bris ist der alte Michel S&#8230;ckeck&#8230; genant zu Holtzhau\u00dfen begraben.<\/em><\/span><\/p>\n<p style=\"text-align: justify;\"><span style=\"font-family: times new roman, times, serif; font-size: 10pt;\"><span style=\"color: #ff0000;\"><strong><u>Singhof<\/u>, Hans Emmerich:<\/strong> <\/span>aus Geisig; bg. 16.12.1679 Dornholzhausen durch Pfr. J\u00fcnger, 61 Jahre alt<\/span><\/p>\n<p style=\"text-align: justify;\"><span style=\"font-family: times new roman, times, serif; font-size: 10pt;\"><span style=\"color: #ff0000;\"><strong><u>Schmidt<\/u>, Philipp:<\/strong><\/span> bg. 03.03.1681 Gemmerich, 74 Jahre alt<\/span><\/p>\n<p style=\"text-align: justify;\"><span style=\"font-family: times new roman, times, serif; font-size: 10pt;\"><strong><span style=\"color: #ff0000;\"><u>Schmidt, <\/u>Johann Peter: <\/span><\/strong>Sohn des Melchior <em>Schmiedt<\/em> aus Berg (Pfarrei Marienfels); <\/span><span style=\"font-family: times new roman, times, serif; font-size: 10pt;\"><strong>oo 03.12.1689 Niederbachheim<\/strong> mit <strong><u>May<\/u>, Anna Maria:<\/strong> Witwe des David May von der Dickm\u00fchle (Pfarrei Dornholzhausen)<\/span><\/p>\n<p style=\"text-align: justify;\"><span style=\"font-family: times new roman, times, serif; font-size: 10pt;\"><strong><span style=\"color: #ff0000;\"><u>Weber<\/u>, Johann Th\u00f6nges:<\/span><\/strong> Sohn des Martin Weber zu Dessighofen; bg. 16.11.1680 Dornholzhausen durch Pfr. J\u00fcnger, 11 Jahre und 14 Tage alt (* 01.11.1669 Dessighofen)<\/span><\/p>\n<hr \/>\n<p><span style=\"font-family: times new roman, times, serif;\"><strong><a id=\"eingeheiratete\"><\/a>Eingeheiratete (nicht gesondert im OFB)<\/strong><\/span><\/p>\n<table width=\"0\">\n<tbody>\n<tr>\n<td width=\"150\"><span style=\"font-family: times new roman, times, serif; font-size: 10pt;\"><strong>Ehemann<\/strong><\/span><\/td>\n<td width=\"114\"><span style=\"font-family: times new roman, times, serif; font-size: 10pt;\"><strong>Ort<\/strong><\/span><\/td>\n<td style=\"text-align: center;\" width=\"81\"><span style=\"font-family: times new roman, times, serif; font-size: 10pt;\"><strong>oo<\/strong><\/span><\/td>\n<td width=\"172\"><span style=\"font-family: times new roman, times, serif; font-size: 10pt;\"><strong>Ehefrau<\/strong><\/span><\/td>\n<td width=\"87\"><span style=\"font-family: times new roman, times, serif; font-size: 10pt;\"><strong>Ort<\/strong><\/span><\/td>\n<\/tr>\n<tr>\n<td width=\"150\"><span style=\"font-family: times new roman, times, serif; font-size: 10pt;\">Baltzer, Johann Thomas: Sohn des Nikolaus Baltzer<\/span><\/td>\n<td width=\"114\"><span style=\"font-family: times new roman, times, serif; font-size: 10pt;\">Bogel (Pfarrei Ruppertshofen)<\/span><\/td>\n<td style=\"text-align: center;\" width=\"81\"><span style=\"font-family: times new roman, times, serif; font-size: 10pt;\">18.02.1696<\/span><\/td>\n<td width=\"172\"><span style=\"font-family: times new roman, times, serif; font-size: 10pt;\">Hallerbach, Anna Margaretha: Tochter des Hans Jakob Hallerbach<\/span><\/td>\n<td width=\"87\"><span style=\"font-family: times new roman, times, serif; font-size: 10pt;\">Niederbachheim<\/span><\/td>\n<\/tr>\n<tr>\n<td width=\"150\"><span style=\"font-family: times new roman, times, serif; font-size: 10pt;\">Collen, Laurentius<\/span><\/td>\n<td width=\"114\"><span style=\"font-family: times new roman, times, serif; font-size: 10pt;\">Nast\u00e4tten<\/span><\/td>\n<td style=\"text-align: center;\" width=\"81\"><span style=\"font-family: times new roman, times, serif; font-size: 10pt;\">23.11.1680<\/span><\/td>\n<td width=\"172\"><span style=\"font-family: times new roman, times, serif; font-size: 10pt;\">Rhod, Elisabeth Katharina: Tochter des Gottfried Rhod<\/span><\/td>\n<td width=\"87\"><span style=\"font-family: times new roman, times, serif; font-size: 10pt;\">Niederbachheim<\/span><\/td>\n<\/tr>\n<tr>\n<td width=\"150\"><span style=\"font-family: times new roman, times, serif; font-size: 10pt;\">Dennsmann, Henrich Velten<\/span><\/td>\n<td width=\"114\"><\/td>\n<td style=\"text-align: center;\" width=\"81\"><span style=\"font-family: times new roman, times, serif; font-size: 10pt;\">17.11.1711<\/span><\/p>\n<p>&nbsp;<\/td>\n<td width=\"172\"><span style=\"font-family: times new roman, times, serif; font-size: 10pt;\">Gensmann, Anna Magdalena: (Tochter des Philipp Anton Gensmann)<\/span><\/td>\n<td width=\"87\"><span style=\"font-family: times new roman, times, serif; font-size: 10pt;\">Winterwerb<\/span><\/td>\n<\/tr>\n<tr>\n<td width=\"150\"><span style=\"font-family: times new roman, times, serif; font-size: 10pt;\">Dumges, Johann Jakob: Sohn des Johannes Dumges<\/span><\/td>\n<td width=\"114\"><span style=\"font-family: times new roman, times, serif; font-size: 10pt;\"><em>Nauert<\/em><\/span><\/td>\n<td style=\"text-align: center;\" width=\"81\"><span style=\"font-family: times new roman, times, serif; font-size: 10pt;\">18.02.1690<\/span><\/p>\n<p>&nbsp;<\/td>\n<td width=\"172\"><span style=\"font-family: times new roman, times, serif; font-size: 10pt;\">Winterwerber, Anna Katharina: Tochter des Johannes Winterwerber<\/span><\/td>\n<td width=\"87\"><span style=\"font-family: times new roman, times, serif; font-size: 10pt;\">Oberbachheim<\/span><\/td>\n<\/tr>\n<tr>\n<td width=\"150\"><span style=\"font-family: times new roman, times, serif; font-size: 10pt;\">Fuhr, Johann Martin: Sohn des Zerben Fuhr<\/span><\/td>\n<td width=\"114\"><span style=\"font-family: times new roman, times, serif; font-size: 10pt;\">Miehlen<\/span><\/td>\n<td style=\"text-align: center;\" width=\"81\"><span style=\"font-family: times new roman, times, serif; font-size: 10pt;\">28.10.1710<\/span><\/p>\n<p>&nbsp;<\/td>\n<td width=\"172\"><span style=\"font-family: times new roman, times, serif; font-size: 10pt;\">Schmidt, Anna Margaretha: Tochter des Adam Schmidt<\/span><\/td>\n<td width=\"87\"><span style=\"font-family: times new roman, times, serif; font-size: 10pt;\">Niederbachheim<\/span><\/td>\n<\/tr>\n<tr>\n<td width=\"150\"><span style=\"font-family: times new roman, times, serif; font-size: 10pt;\">Germann, Philipp<\/span><\/td>\n<td width=\"114\"><span style=\"font-family: times new roman, times, serif; font-size: 10pt;\"><em>D\u00f6rstdorff<\/em><\/span><\/td>\n<td style=\"text-align: center;\" width=\"81\"><span style=\"font-family: times new roman, times, serif; font-size: 10pt;\">04.05.1714<\/span><\/td>\n<td width=\"172\"><span style=\"font-family: times new roman, times, serif; font-size: 10pt;\">Pfeifer, Maria Margaretha: Tochter des Philipp Pfeifer<\/span><\/td>\n<td width=\"87\"><span style=\"font-family: times new roman, times, serif; font-size: 10pt;\">Oberbachheim<\/span><\/td>\n<\/tr>\n<tr>\n<td width=\"150\"><span style=\"font-family: times new roman, times, serif; font-size: 10pt;\">Gro\u00df, Johann Philipp:<\/span><\/td>\n<td width=\"114\"><span style=\"font-family: times new roman, times, serif; font-size: 10pt;\">Miehlen<\/span><\/td>\n<td style=\"text-align: center;\" width=\"81\"><span style=\"font-family: times new roman, times, serif; font-size: 10pt;\">08.02.1681<\/span><\/td>\n<td width=\"172\"><span style=\"font-family: times new roman, times, serif; font-size: 10pt;\">Weigand, Eva Margaretha: Tochter des Merten Jakob Weigand<\/span><\/td>\n<td width=\"87\"><span style=\"font-family: times new roman, times, serif; font-size: 10pt;\">Winterwerb<\/span><\/td>\n<\/tr>\n<tr>\n<td width=\"150\"><span style=\"font-family: times new roman, times, serif; font-size: 10pt;\">Gro\u00df, Johann<\/span><\/td>\n<td width=\"114\"><span style=\"font-family: times new roman, times, serif; font-size: 10pt;\">Storndorf (Schwalmtal, Vogelsbergkreis)<\/span><\/td>\n<td style=\"text-align: center;\" width=\"81\"><span style=\"font-family: times new roman, times, serif; font-size: 10pt;\">13.09.1692<\/span><\/td>\n<td width=\"172\"><span style=\"font-family: times new roman, times, serif; font-size: 10pt;\">Kneipp, Anna Katharina: Witwe des Mar&#8230; Kneipp<\/span><\/td>\n<td width=\"87\"><span style=\"font-family: times new roman, times, serif; font-size: 10pt;\">Kehlbach<\/span><\/td>\n<\/tr>\n<tr>\n<td width=\"150\"><span style=\"font-family: times new roman, times, serif; font-size: 10pt;\">Hoffmann, Johann Quirin<\/span><\/td>\n<td width=\"114\"><span style=\"font-family: times new roman, times, serif; font-size: 10pt;\">Gemmerich<\/span><\/td>\n<td style=\"text-align: center;\" width=\"81\"><span style=\"font-family: times new roman, times, serif; font-size: 10pt;\">12.11.1667<\/span><\/td>\n<td width=\"172\"><span style=\"font-family: times new roman, times, serif; font-size: 10pt;\">Winterwerber, Anna Magdalena: Tochter des Henrich Winterwerber<\/span><\/td>\n<td width=\"87\"><span style=\"font-family: times new roman, times, serif; font-size: 10pt;\">Winterwerb<\/span><\/td>\n<\/tr>\n<tr>\n<td width=\"150\"><span style=\"font-family: times new roman, times, serif; font-size: 10pt;\">Hoffmann, Philipp Gottfried<\/span><\/td>\n<td width=\"114\"><span style=\"font-family: times new roman, times, serif; font-size: 10pt;\">Gemmerich<\/span><\/td>\n<td style=\"text-align: center;\" width=\"81\"><span style=\"font-family: times new roman, times, serif; font-size: 10pt;\">10.02.1706<\/span><\/td>\n<td width=\"172\"><span style=\"font-family: times new roman, times, serif; font-size: 10pt;\">Hans, Elisabeth Katharina: Tochter des Philipp Hans<\/span><\/td>\n<td width=\"87\"><span style=\"font-family: times new roman, times, serif; font-size: 10pt;\">Winterwerb<\/span><\/td>\n<\/tr>\n<tr>\n<td width=\"150\"><span style=\"font-family: times new roman, times, serif; font-size: 10pt;\">Klein, Johann Anton<\/span><\/td>\n<td width=\"114\"><span style=\"font-family: times new roman, times, serif; font-size: 10pt;\">Schweighausen<\/span><\/td>\n<td style=\"text-align: center;\" width=\"81\"><span style=\"font-family: times new roman, times, serif; font-size: 10pt;\">19.01.1717<\/span><\/td>\n<td width=\"172\"><span style=\"font-family: times new roman, times, serif; font-size: 10pt;\">May, Anna Christina: Tochter des Johann Philipp May<\/span><\/td>\n<td width=\"87\"><span style=\"font-family: times new roman, times, serif; font-size: 10pt;\">Niederbachheim<\/span><\/td>\n<\/tr>\n<tr>\n<td width=\"150\"><span style=\"font-family: times new roman, times, serif; font-size: 10pt;\">Kunz, Hans Konrad: Witwer<\/span><\/td>\n<td width=\"114\"><span style=\"font-family: times new roman, times, serif; font-size: 10pt;\">M\u00fcnchenroth (VG Nast\u00e4tten)<\/span><\/td>\n<td style=\"text-align: center;\" width=\"81\"><span style=\"font-family: times new roman, times, serif; font-size: 10pt;\">12.05.1696<\/span><\/td>\n<td width=\"172\"><span style=\"font-family: times new roman, times, serif; font-size: 10pt;\">Gensmann, Engel: Witwe des Johann Daniel Gensmann<\/span><\/td>\n<td width=\"87\"><span style=\"font-family: times new roman, times, serif; font-size: 10pt;\">Niederbachheim<\/span><\/td>\n<\/tr>\n<tr>\n<td width=\"150\"><span style=\"font-family: times new roman, times, serif; font-size: 10pt;\">Ludwig, Philipp Peter: Sohn des Henrich Ludwig<\/span><\/td>\n<td width=\"114\"><span style=\"font-family: times new roman, times, serif; font-size: 10pt;\">Hunzel (Pfarrei Marienfels)<\/span><\/td>\n<td style=\"text-align: center;\" width=\"81\"><span style=\"font-family: times new roman, times, serif; font-size: 10pt;\">19.09.1699<\/span><\/td>\n<td width=\"172\"><span style=\"font-family: times new roman, times, serif; font-size: 10pt;\">Bochel, Anna Katharina: Tochter des Johann Th\u00f6nges Bochel<\/span><\/td>\n<td width=\"87\"><span style=\"font-family: times new roman, times, serif; font-size: 10pt;\">Oberbachheim<\/span><\/td>\n<\/tr>\n<tr>\n<td width=\"150\"><span style=\"font-family: times new roman, times, serif; font-size: 10pt;\">Oberl\u00e4nder: Kr\u00e4mer und Handelsmann<\/span><\/td>\n<td width=\"114\"><\/td>\n<td style=\"text-align: center;\" width=\"81\"><span style=\"font-family: times new roman, times, serif; font-size: 10pt;\">08.05.1672<\/span><\/td>\n<td width=\"172\"><span style=\"font-family: times new roman, times, serif; font-size: 10pt;\">Becker, Eulalia Elisabeth: Tochter des Johannes Becker, Schulmeister<\/span><\/td>\n<td width=\"87\"><span style=\"font-family: times new roman, times, serif; font-size: 10pt;\">Niederbachheim<\/span><\/td>\n<\/tr>\n<tr>\n<td width=\"150\"><span style=\"font-family: times new roman, times, serif; font-size: 10pt;\">Prod, Philipp Henrich<\/span><\/td>\n<td width=\"114\"><span style=\"font-family: times new roman, times, serif; font-size: 10pt;\">?<\/span><\/td>\n<td style=\"text-align: center;\" width=\"81\"><span style=\"font-family: times new roman, times, serif; font-size: 10pt;\">xx.xx.1715<\/span><\/td>\n<td width=\"172\"><span style=\"font-family: times new roman, times, serif; font-size: 10pt;\">N. N., Anna Katharina<\/span><\/td>\n<td width=\"87\"><span style=\"font-family: times new roman, times, serif; font-size: 10pt;\">?<\/span><\/td>\n<\/tr>\n<tr>\n<td width=\"150\"><span style=\"font-family: times new roman, times, serif; font-size: 10pt;\">Schunck, Johann Christoph: Witwer<\/span><\/td>\n<td width=\"114\"><span style=\"font-family: times new roman, times, serif; font-size: 10pt;\">Katzenelnbogen<\/span><\/td>\n<td style=\"text-align: center;\" width=\"81\"><span style=\"font-family: times new roman, times, serif; font-size: 10pt;\">18.02.1710<\/span><\/td>\n<td width=\"172\"><span style=\"font-family: times new roman, times, serif; font-size: 10pt;\">Kr\u00e4mer, Anna Margaretha: Tochter des David Kr\u00e4mer<\/span><\/td>\n<td width=\"87\"><span style=\"font-family: times new roman, times, serif; font-size: 10pt;\">Kehlbach<\/span><\/td>\n<\/tr>\n<tr>\n<td width=\"150\"><span style=\"font-family: times new roman, times, serif; font-size: 10pt;\">Simon, Johann Adam: Sohn des Konrad Adam Simon<\/span><\/td>\n<td width=\"114\"><span style=\"font-family: times new roman, times, serif; font-size: 10pt;\">Weyer<\/span><\/td>\n<td style=\"text-align: center;\" width=\"81\"><span style=\"font-family: times new roman, times, serif; font-size: 10pt;\">30.01.1704<\/span><\/td>\n<td width=\"172\"><span style=\"font-family: times new roman, times, serif; font-size: 10pt;\">Pfeifer, Anna Elisabeth: Tochter des Philipp Pfeifer<\/span><\/td>\n<td width=\"87\"><span style=\"font-family: times new roman, times, serif; font-size: 10pt;\">Oberbachheim<\/span><\/td>\n<\/tr>\n<tr>\n<td width=\"150\"><span style=\"font-family: times new roman, times, serif; font-size: 10pt;\">Th\u00f6nges, Simon: Sohn des Peter Th\u00f6nges<\/span><\/td>\n<td width=\"114\"><span style=\"font-family: times new roman, times, serif; font-size: 10pt;\">Eitelborn<\/span><\/td>\n<td style=\"text-align: center;\" width=\"81\"><span style=\"font-family: times new roman, times, serif; font-size: 10pt;\">18.04.1702<\/span><\/td>\n<td width=\"172\"><span style=\"font-family: times new roman, times, serif; font-size: 10pt;\">Martin, Maria Dorothea: Tochter des Joh. Martin<\/span><\/td>\n<td width=\"87\"><span style=\"font-family: times new roman, times, serif; font-size: 10pt;\">Niederbachheim<\/span><\/td>\n<\/tr>\n<tr>\n<td width=\"150\"><span style=\"font-family: times new roman, times, serif; font-size: 10pt;\">Vesper, Johann Jost: Sohn des Johann Konrad Vesper<\/span><\/td>\n<td width=\"114\"><span style=\"font-family: times new roman, times, serif; font-size: 10pt;\">Schreufa (Frankenberg (Eder))<\/span><\/td>\n<td style=\"text-align: center;\" width=\"81\"><span style=\"font-family: times new roman, times, serif; font-size: 10pt;\">21.04.1710<\/span><\/td>\n<td width=\"172\"><span style=\"font-family: times new roman, times, serif; font-size: 10pt;\">Imand, Anna Margaretha: Tochter des Johann Henrich Imand<\/span><\/td>\n<td width=\"87\"><span style=\"font-family: times new roman, times, serif; font-size: 10pt;\">Winterwerb<\/span><\/td>\n<\/tr>\n<tr>\n<td width=\"150\"><span style=\"font-family: times new roman, times, serif; font-size: 10pt;\">Weiler, Johann Albert: kath.; Sohn des Johannes Weiler<\/span><\/td>\n<td width=\"114\"><span style=\"font-family: times new roman, times, serif; font-size: 10pt;\">Wellmich<\/span><\/td>\n<td style=\"text-align: center;\" width=\"81\"><span style=\"font-family: times new roman, times, serif; font-size: 10pt;\">04.02.1710<\/span><\/td>\n<td width=\"172\"><span style=\"font-family: times new roman, times, serif; font-size: 10pt;\">Frie\u00dfd\u00f6rfer geb. N. N., Anna Elisabeth: Witwe des Peter Frie\u00dfd\u00f6rfer<\/span><\/td>\n<td width=\"87\"><span style=\"font-family: times new roman, times, serif; font-size: 10pt;\">Niederbachheimer M\u00fchle<\/span><\/td>\n<\/tr>\n<tr>\n<td width=\"150\"><span style=\"font-family: times new roman, times, serif; font-size: 10pt;\">Werner, Christoph<\/span><\/td>\n<td width=\"114\"><span style=\"font-family: times new roman, times, serif; font-size: 10pt;\">Eschbach<\/span><\/td>\n<td style=\"text-align: center;\" width=\"81\"><span style=\"font-family: times new roman, times, serif; font-size: 10pt;\">24.05.1692<\/span><\/td>\n<td width=\"172\"><span style=\"font-family: times new roman, times, serif; font-size: 10pt;\">May, Anna Katharina: Tochter des Johann Th\u00f6nges May<\/span><\/td>\n<td width=\"87\"><span style=\"font-family: times new roman, times, serif; font-size: 10pt;\">Kehlbach<\/span><\/td>\n<\/tr>\n<\/tbody>\n<\/table>\n<hr \/>\n<p><span style=\"font-size: 10pt; font-family: times new roman, times, serif;\"><b>Letztes Update: 9. Juni 2024<\/b><\/span><br \/>\n<span style=\"font-size: 10pt; font-family: times new roman, times, serif;\"><b>Ralph Jackmuth<\/b><\/span><\/p>\n","protected":false},"excerpt":{"rendered":"<p>Martin, Johannes: + vor 18.04.1702 oo I. mit Anna Katharina: bg. 01.04.1676 Niederbachheim, 35 Jahre alt Nr. Vorname (normiert) geboren getauft konfirmiert gestorben begraben Alter Stand 1 Eva Margaretha 14.10.1666 2 Elisabeth Katharina 25.10.1668 15.10.1673 4,98 3 Maria Dorothea 09.10.1670 verh. 4 Anna Magdalena 13.02.1675 Kind Nr. 3) oo 18.04.1702 Niederbachheim mit Simon, Sohn des &hellip; <a href=\"https:\/\/www.ahnenforschung-jackmuth.de\/?page_id=9289\" class=\"more-link\"><span class=\"screen-reader-text\">\u201eOFB Niederbachheim M-Z\u201c<\/span> weiterlesen<\/a><\/p>\n","protected":false},"author":1,"featured_media":0,"parent":0,"menu_order":0,"comment_status":"closed","ping_status":"closed","template":"","meta":{"footnotes":""},"class_list":["post-9289","page","type-page","status-publish","hentry"],"_links":{"self":[{"href":"https:\/\/www.ahnenforschung-jackmuth.de\/index.php?rest_route=\/wp\/v2\/pages\/9289","targetHints":{"allow":["GET"]}}],"collection":[{"href":"https:\/\/www.ahnenforschung-jackmuth.de\/index.php?rest_route=\/wp\/v2\/pages"}],"about":[{"href":"https:\/\/www.ahnenforschung-jackmuth.de\/index.php?rest_route=\/wp\/v2\/types\/page"}],"author":[{"embeddable":true,"href":"https:\/\/www.ahnenforschung-jackmuth.de\/index.php?rest_route=\/wp\/v2\/users\/1"}],"replies":[{"embeddable":true,"href":"https:\/\/www.ahnenforschung-jackmuth.de\/index.php?rest_route=%2Fwp%2Fv2%2Fcomments&post=9289"}],"version-history":[{"count":0,"href":"https:\/\/www.ahnenforschung-jackmuth.de\/index.php?rest_route=\/wp\/v2\/pages\/9289\/revisions"}],"wp:attachment":[{"href":"https:\/\/www.ahnenforschung-jackmuth.de\/index.php?rest_route=%2Fwp%2Fv2%2Fmedia&parent=9289"}],"curies":[{"name":"wp","href":"https:\/\/api.w.org\/{rel}","templated":true}]}}