{"id":9250,"date":"2021-12-06T11:15:47","date_gmt":"2021-12-06T11:15:47","guid":{"rendered":"http:\/\/www.ahnenforschung-jackmuth.de\/?page_id=9250"},"modified":"2024-02-10T12:39:43","modified_gmt":"2024-02-10T12:39:43","slug":"ofb-kehlbach-m-z","status":"publish","type":"page","link":"https:\/\/www.ahnenforschung-jackmuth.de\/?page_id=9250","title":{"rendered":"OFB Kehlbach M-Z"},"content":{"rendered":"<p><span style=\"font-family: times new roman, times, serif; font-size: 10pt; color: #ff0000;\"><strong><span style=\"text-decoration: underline;\"><a id=\"martin\"><\/a>Martin<\/span>, Johannes<\/strong><\/span><\/p>\n<p><span style=\"font-family: times new roman, times, serif; font-size: 10pt;\"><strong>oo<\/strong> mit <strong>N. N.<\/strong><\/span><\/p>\n<table>\n<tbody>\n<tr>\n<td style=\"text-align: center;\" width=\"30\"><span style=\"font-family: times new roman, times, serif; font-size: 10pt;\"><strong>Nr.<\/strong><\/span><\/td>\n<td width=\"138\"><span style=\"font-family: times new roman, times, serif; font-size: 10pt;\"><strong>Vorname (normiert)<\/strong><\/span><\/td>\n<td style=\"text-align: center;\" width=\"76\"><span style=\"font-family: times new roman, times, serif; font-size: 10pt;\"><strong>geboren<\/strong><\/span><\/td>\n<td style=\"text-align: center;\" width=\"76\"><span style=\"font-family: times new roman, times, serif; font-size: 10pt;\"><strong>getauft<\/strong><\/span><\/td>\n<td style=\"text-align: center;\" width=\"69\"><span style=\"font-family: times new roman, times, serif; font-size: 10pt;\"><strong>konfirmiert<\/strong><\/span><\/td>\n<td style=\"text-align: center;\" width=\"69\"><span style=\"font-family: times new roman, times, serif; font-size: 10pt;\"><strong>gestorben<\/strong><\/span><\/td>\n<td style=\"text-align: center;\" width=\"67\"><span style=\"font-family: times new roman, times, serif; font-size: 10pt;\"><strong>begraben<\/strong><\/span><\/td>\n<td style=\"text-align: center;\" width=\"37\"><span style=\"font-family: times new roman, times, serif; font-size: 10pt;\"><strong>Alter<\/strong><\/span><\/td>\n<td style=\"text-align: center;\" width=\"43\"><span style=\"font-family: times new roman, times, serif; font-size: 10pt;\"><strong>Stand<\/strong><\/span><\/td>\n<\/tr>\n<tr>\n<td style=\"text-align: center;\" width=\"30\"><span style=\"font-family: times new roman, times, serif; font-size: 10pt;\">1<\/span><\/td>\n<td width=\"138\"><span style=\"font-family: times new roman, times, serif; font-size: 10pt;\">Anna Magdalena<\/span><\/td>\n<td style=\"text-align: center;\" width=\"76\"><span style=\"font-family: times new roman, times, serif; font-size: 10pt;\">21.04.1673<\/span><\/td>\n<td style=\"text-align: center;\" width=\"76\"><span style=\"font-family: times new roman, times, serif; font-size: 10pt;\">27.04.1673<\/span><\/td>\n<td style=\"text-align: center;\" width=\"69\"><\/td>\n<td style=\"text-align: center;\" width=\"69\"><\/td>\n<td style=\"text-align: center;\" width=\"67\"><\/td>\n<td style=\"text-align: center;\" width=\"37\"><\/td>\n<td style=\"text-align: center;\" width=\"43\"><\/td>\n<\/tr>\n<\/tbody>\n<\/table>\n<p style=\"text-align: justify;\"><span style=\"font-family: times new roman, times, serif; font-size: 10pt;\">Eintragstext: <em>Den 21ten April[is] de\u00df Nachts zwischen 10 vnd 11 Vhrn ist Joh. Martinu\u00dfen allhier eine junge Tochter geboren vnd den 27 ejusd[em], Dom[inica] Cantate, getauft worden. Gevattern sind gewe\u00dfen: Anna Maria, J. Ph. Schmieds Stiefftochter allhier; vnd Magdalena, Th\u00f6nge\u00df Schmieds see[lig] von Kehlbach hinterla\u00dfene Tochter, damahls bey Jo[ann]es Thielen allhier dienent; vnd Daniel, Adam Pfeiffers Sohn von Kehlbach. Ihr Nahm ist Anna Magdalena.<\/em><\/span><\/p>\n<hr \/>\n<p><span style=\"font-family: times new roman, times, serif; font-size: 10pt; color: #ff0000;\"><strong><u><a id=\"may\"><\/a>May<\/u><\/strong><strong>, Johann Anton\/Th\u00f6nges<\/strong><\/span><\/p>\n<p><span style=\"font-family: times new roman, times, serif; font-size: 10pt;\"><strong>oo<\/strong> mit <strong><u>Sommer<\/u>, Anna Kunigunde:<\/strong> + 05.12.1717 Kehlbach, 73 Jahre und 1 Tag alt (bg. 07.12.); wohl aus Oberbachheim<\/span><\/p>\n<table style=\"width: 100%; height: 196px;\">\n<tbody>\n<tr style=\"height: 28px;\">\n<td style=\"text-align: center; height: 28px;\" width=\"28\"><span style=\"font-family: times new roman, times, serif; font-size: 10pt;\"><strong>Nr.<\/strong><\/span><\/td>\n<td style=\"height: 28px;\" width=\"129\"><span style=\"font-family: times new roman, times, serif; font-size: 10pt;\"><strong>Vorname (normiert)<\/strong><\/span><\/td>\n<td style=\"text-align: center; height: 28px;\" width=\"75\"><span style=\"font-family: times new roman, times, serif; font-size: 10pt;\"><strong>geboren<\/strong><\/span><\/td>\n<td style=\"text-align: center; height: 28px;\" width=\"75\"><span style=\"font-family: times new roman, times, serif; font-size: 10pt;\"><strong>getauft<\/strong><\/span><\/td>\n<td style=\"text-align: center; height: 28px;\" width=\"76\"><span style=\"font-family: times new roman, times, serif; font-size: 10pt;\"><strong>konfirmiert<\/strong><\/span><\/td>\n<td style=\"text-align: center; height: 28px;\" width=\"62\"><span style=\"font-family: times new roman, times, serif; font-size: 10pt;\"><strong>gestorben<\/strong><\/span><\/td>\n<td style=\"text-align: center; height: 28px;\" width=\"75\"><span style=\"font-family: times new roman, times, serif; font-size: 10pt;\"><strong>begraben<\/strong><\/span><\/td>\n<td style=\"text-align: center; height: 28px;\" width=\"39\"><span style=\"font-family: times new roman, times, serif; font-size: 10pt;\"><strong>Alter<\/strong><\/span><\/td>\n<td style=\"text-align: center; height: 28px;\" width=\"46\"><span style=\"font-family: times new roman, times, serif; font-size: 10pt;\"><strong>Stand<\/strong><\/span><\/td>\n<\/tr>\n<tr style=\"height: 28px;\">\n<td style=\"text-align: center; height: 28px;\" width=\"28\"><span style=\"font-family: times new roman, times, serif; font-size: 10pt;\">1<\/span><\/td>\n<td style=\"height: 28px;\" width=\"129\"><span style=\"font-family: times new roman, times, serif; font-size: 10pt;\">Johann Philipp<\/span><\/td>\n<td style=\"text-align: center; height: 28px;\" width=\"75\"><\/td>\n<td style=\"text-align: center; height: 28px;\" width=\"75\"><span style=\"font-family: times new roman, times, serif; font-size: 10pt;\">27.03.1670<\/span><\/td>\n<td style=\"text-align: center; height: 28px;\" width=\"76\"><span style=\"font-family: times new roman, times, serif; font-size: 10pt;\">27.05.1683<\/span><\/td>\n<td style=\"text-align: center; height: 28px;\" width=\"62\"><\/td>\n<td style=\"text-align: center; height: 28px;\" width=\"75\"><\/td>\n<td style=\"text-align: center; height: 28px;\" width=\"39\"><\/td>\n<td style=\"text-align: center; height: 28px;\" width=\"46\"><span style=\"font-family: times new roman, times, serif; font-size: 10pt;\">verh.<\/span><\/td>\n<\/tr>\n<tr style=\"height: 28px;\">\n<td style=\"text-align: center; height: 28px;\"><span style=\"font-family: times new roman, times, serif; font-size: 10pt;\">2<\/span><\/td>\n<td style=\"height: 28px;\"><span style=\"font-family: times new roman, times, serif; font-size: 10pt;\">Anna Katharina<\/span><\/td>\n<td style=\"text-align: center; height: 28px;\"><span style=\"font-family: times new roman, times, serif; font-size: 10pt;\">09.04.1673<\/span><\/td>\n<td style=\"text-align: center; height: 28px;\"><span style=\"font-family: times new roman, times, serif; font-size: 10pt;\">13.04.1673<\/span><\/td>\n<td style=\"text-align: center; height: 28px;\"><span style=\"font-family: times new roman, times, serif; font-size: 10pt;\">07.06.1685<\/span><\/td>\n<td style=\"text-align: center; height: 28px;\"><\/td>\n<td style=\"text-align: center; height: 28px;\"><\/td>\n<td style=\"text-align: center; height: 28px;\"><\/td>\n<td style=\"text-align: center; height: 28px;\"><span style=\"font-family: times new roman, times, serif; font-size: 10pt;\">verh.<\/span><\/td>\n<\/tr>\n<tr style=\"height: 28px;\">\n<td style=\"text-align: center; height: 28px;\"><span style=\"font-family: times new roman, times, serif; font-size: 10pt;\">3<\/span><\/td>\n<td style=\"height: 28px;\"><span style=\"font-family: times new roman, times, serif; font-size: 10pt;\">Johann Wilhelm<\/span><\/td>\n<td style=\"text-align: center; height: 28px;\"><\/td>\n<td style=\"text-align: center; height: 28px;\"><span style=\"font-family: times new roman, times, serif; font-size: 10pt;\">22.10.1676<\/span><\/td>\n<td style=\"text-align: center; height: 28px;\"><\/td>\n<td style=\"text-align: center; height: 28px;\"><\/td>\n<td style=\"text-align: center; height: 28px;\"><span style=\"font-family: times new roman, times, serif; font-size: 10pt;\">18.11.1682<\/span><\/td>\n<td style=\"text-align: center; height: 28px;\"><span style=\"font-family: times new roman, times, serif; font-size: 10pt;\">6,08<\/span><\/td>\n<td style=\"text-align: center; height: 28px;\"><\/td>\n<\/tr>\n<tr style=\"height: 28px;\">\n<td style=\"text-align: center; height: 28px;\"><span style=\"font-family: times new roman, times, serif; font-size: 10pt;\">4<\/span><\/td>\n<td style=\"height: 28px;\"><span style=\"font-family: times new roman, times, serif; font-size: 10pt;\">Johann David<\/span><\/td>\n<td style=\"text-align: center; height: 28px;\"><span style=\"font-family: times new roman, times, serif; font-size: 10pt;\">18.04.1680<\/span><\/td>\n<td style=\"text-align: center; height: 28px;\"><span style=\"font-family: times new roman, times, serif; font-size: 10pt;\">25.04.1680<\/span><\/td>\n<td style=\"text-align: center; height: 28px;\"><span style=\"font-family: times new roman, times, serif; font-size: 10pt;\">12.05.1695<\/span><\/td>\n<td style=\"text-align: center; height: 28px;\"><span style=\"font-family: times new roman, times, serif; font-size: 10pt;\">19.01.1748<\/span><\/td>\n<td style=\"text-align: center; height: 28px;\"><span style=\"font-family: times new roman, times, serif; font-size: 10pt;\">21.01.1748<\/span><\/td>\n<td style=\"text-align: center; height: 28px;\"><span style=\"font-family: times new roman, times, serif; font-size: 10pt;\">67,78<\/span><\/td>\n<td style=\"text-align: center; height: 28px;\"><span style=\"font-family: times new roman, times, serif; font-size: 10pt;\">verh.<\/span><\/td>\n<\/tr>\n<tr style=\"height: 28px;\">\n<td style=\"text-align: center; height: 28px;\"><span style=\"font-family: times new roman, times, serif; font-size: 10pt;\">5<\/span><\/td>\n<td style=\"height: 28px;\"><span style=\"font-family: times new roman, times, serif; font-size: 10pt;\">Anna Christina<\/span><\/td>\n<td style=\"text-align: center; height: 28px;\"><span style=\"font-family: times new roman, times, serif; font-size: 10pt;\">08.09.1683<\/span><\/td>\n<td style=\"text-align: center; height: 28px;\"><span style=\"font-family: times new roman, times, serif; font-size: 10pt;\">16.09.1683<\/span><\/td>\n<td style=\"text-align: center; height: 28px;\"><span style=\"font-family: times new roman, times, serif; font-size: 10pt;\">23.05.1697<\/span><\/td>\n<td style=\"text-align: center; height: 28px;\"><\/td>\n<td style=\"text-align: center; height: 28px;\"><\/td>\n<td style=\"text-align: center; height: 28px;\"><\/td>\n<td style=\"text-align: center; height: 28px;\"><\/td>\n<\/tr>\n<tr style=\"height: 28px;\">\n<td style=\"text-align: center; height: 28px;\"><span style=\"font-family: times new roman, times, serif; font-size: 10pt;\">6<\/span><\/td>\n<td style=\"height: 28px;\"><span style=\"font-family: times new roman, times, serif; font-size: 10pt;\">Anna Maria<\/span><\/td>\n<td style=\"text-align: center; height: 28px;\"><span style=\"font-family: times new roman, times, serif; font-size: 10pt;\">14.08.1686<\/span><\/td>\n<td style=\"text-align: center; height: 28px;\"><span style=\"font-family: times new roman, times, serif; font-size: 10pt;\">24.08.1686<\/span><\/td>\n<td style=\"text-align: center; height: 28px;\"><span style=\"font-family: times new roman, times, serif; font-size: 10pt;\">16.05.1701<\/span><\/td>\n<td style=\"text-align: center; height: 28px;\"><\/td>\n<td style=\"text-align: center; height: 28px;\"><\/td>\n<td style=\"text-align: center; height: 28px;\"><\/td>\n<td style=\"text-align: center; height: 28px;\"><span style=\"font-family: times new roman, times, serif; font-size: 10pt;\">verh.<\/span><\/td>\n<\/tr>\n<\/tbody>\n<\/table>\n<p style=\"text-align: justify;\"><span style=\"font-family: times new roman, times, serif; font-size: 10pt;\">Kind Nr. 1) oo I. 05.06.1694 Niederbachheim mit Elisabeth Katharina Bachumb aus Niederbachheim (bg. 25.05.1707); oo II. 10.06.1708 Niederbachheim mit Anna Christina, seiner Magd; Fam. wohnt in Niederbachheim<br \/>\n<\/span><span style=\"font-family: times new roman, times, serif; font-size: 10pt;\">Kind Nr. 2) oo 24.05.1692 mit Christoph Werner aus Eschbach<br \/>\n<\/span><span style=\"font-family: times new roman, times, serif; font-size: 10pt;\">Kind Nr. 3) * Braubach; Sterbeeintrag: <em>Den 18ten [Novem]bris ist Johann Wilhelm, Johann Th\u00f6nges Majen S\u00f6hnlein, welches 1676 t[em]pore bellj zu Braubach getauft, begraben worden, \u00e6t[atis] 6 Jahr v[nd] 3 Wochen.<br \/>\n<\/em><\/span><span style=\"font-family: times new roman, times, serif; font-size: 10pt;\">Kind Nr. 4) + Schweighausen; oo 24.05.1707 mit Anna Katharina Rinker (* 14.07.1688 Schweighausen; + 31.12.1753 Schweighausen; Eltern: Matthias Rinker und Anna Margaretha geb. Heyer); Fam. wohnt in Schweighausen<br \/>\n<\/span><span style=\"font-family: times new roman, times, serif; font-size: 10pt;\">Kind Nr. 6) oo 09.02.1706 Marienfels mit Johann Adam, Sohn des Adam Laux, Gerichtssch\u00f6ffe zu Marienfels<\/span><\/p>\n<p style=\"text-align: justify;\"><span style=\"font-family: times new roman, times, serif; font-size: 10pt;\"><strong>Eintragstexte Taufen:<\/strong><\/span><\/p>\n<p style=\"text-align: justify;\"><span style=\"font-family: times new roman, times, serif; font-size: 10pt;\"><strong>zu 1)<\/strong> <em>Den 27 Martij, Dom[inica] Palmar[um], hat Johann Anthoni[us] May von Kehlbach einen jungen Sohn taufen la\u00dfen. Compat[res]: Johann Phil&lt;ipp&gt; Sommer von Oberbacheim; Johann Jacob, Lehnhard Mays Sohn von Eberwie\u00df; vnd Maria Zeitlo\u00df, Ambrosij G\u00f6llers H[aus]fraw allhier. Sein Nahm ist Johann Philip\u00df.<br \/>\n<\/em><\/span><span style=\"font-family: times new roman, times, serif; font-size: 10pt;\"><strong>zu 2)<\/strong> <em>Den 9ten Aprilis zwischen 3 vnd 4 Vhrn nach Mittag ist Johann Th\u00f6nge\u00df Mayen zu Kehlbach ein junge Tochter geboren vnd darauff den 13 ejusd[em], Dom[inica] Misericord., getauft worden. Gev. sindt gewe\u00dfen: Thilemann[us] Sommer von Oberbacheim; Anna Catharina, Georg Lehnhart Hayman\u00df Fraw von Eberwie\u00df; vnd Anna Dorothea, Joh. Th\u00f6nge\u00df Gerhard H[aus]fraw von Kehlbach. Ihr Nahm ist Anna Catharina.<br \/>\n<\/em><\/span><span style=\"font-family: times new roman, times, serif; font-size: 10pt;\"><strong>zu 4)<\/strong> <em>Den 18 April[is] de\u00df Abendts vmb 8 Vhr ist Johann Th\u00f6nges Mayen zu Kehlbach ein junger Sohn geboren vnd den 25ten ejusd. mensis, Dom[inica] Misericord[ias] D[omi]ni, getauft worden. Gev. sind gewe\u00dfen: Davidt Pfeiffer daselbst; Johann David May, sein Bruder von Eberwie\u00df; vnd Christina, David De\u00dfigoben H[aus]fraw von Schweighau\u00dfen. Sein Nahm ist Johann Davidt.<br \/>\n<\/em><\/span><span style=\"font-family: times new roman, times, serif; font-size: 10pt;\"><strong>zu 5)<\/strong> <em>Den 8ten [Septem]bris ist Johann Th\u00f6nges Mayen zu Kehlbach de\u00df Abends vmb 9 Vhr ein junge Tochter geboren vnd den 16 ejusd[em], Dom[inica] 15 post Trin[itatis], getauft worden. Gev. sindt gewe\u00dfen: Anna Christina, Gottfried Rhoden Tochter allhier; Philip\u00df Adam Henrich von Oberbacheim; vnd Margretha, Emrich Dadners Hau\u00dffraw von Kehlbach. Ihr Nahm ist Anna Christina.<br \/>\n<\/em><\/span><span style=\"font-family: times new roman, times, serif; font-size: 10pt;\"><strong>zu 6)<\/strong> <em>Den 14ten Augustj Nachmittag vmb 5 Vhr ist Joh. Th\u00f6nge\u00df Mayen zu Kehlbach eine junge Tochter geboren vnd den 24 ejusd[em] getauft worden. Gev. sind gewe\u00dfen: Joh. Gottfried \u2026; Anna Maria, Jacob Schmieds H[aus]fraw daselbst; vnd Anna Christina, Philip\u00df Sommers Tochter von Oberbacheim. Ihr Nahm ist Anna Maria.<\/em><\/span><\/p>\n<p><span style=\"font-family: times new roman, times, serif; font-size: 10pt;\"><strong>Paten: zu 3)<\/strong> <em>Joh[ann] Wilhelm Bril u. Joh[ann] Daniel Sommer, matris frater<\/em><\/span><\/p>\n<hr \/>\n<p><span style=\"font-family: times new roman, times, serif; font-size: 10pt;\"><span style=\"color: #ff0000;\"><strong><u>May<\/u><\/strong><strong>, Johann Philipp:<\/strong><\/span> 1678 in Kehlbach, ab 1680 in Dessighofen; + 29.06.1706 Dessighofen, 49 Jahre alt<\/span><\/p>\n<p style=\"text-align: justify;\"><span style=\"font-family: times new roman, times, serif; font-size: 10pt;\"><strong>oo<\/strong> mit <strong><u>Schmidt<\/u>,<\/strong> <strong>Anna Elisabeth:<\/strong> konf. 11.06.1671; + 02.01.1728 Dessighofen, 72 Jahre alt, Witwe, Leichentext: Hebr 9, 27 (bg. 04.01.); Eintragstext: <em>Anna Elisabetha, Phil: Meyen Wittib zu De\u00dfighoffen, ist durch den entstandenen Brandt, den 31ten [Decem]br[is] morgens umb 3 Uhr so laediret, da\u00df sie den 2ten Jan[uarii] d[a]z Zeit[liche] geseegnet v. den 4 ejusdem al\u00df D[omi]nica post Circumc[isionis] [Chri]sti christ[lich] beerdiget worden; Alter 72 Jahr. Text[us] Hebr: 9 v. 27: \u201eEs ist gesetzt etc.\u201c<\/em>; Eltern: Simon Schmidt, Kirchensenior, und Anna Maria in Kehlbach<\/span><\/p>\n<table style=\"width: 100%;\">\n<tbody>\n<tr>\n<td style=\"text-align: center; width: 7.02381%;\" width=\"23\"><span style=\"font-family: times new roman, times, serif; font-size: 10pt;\"><strong>Nr.<\/strong><\/span><\/td>\n<td style=\"width: 18.3333%;\" width=\"136\"><span style=\"font-family: times new roman, times, serif; font-size: 10pt;\"><strong>Vorname (normiert)<\/strong><\/span><\/td>\n<td style=\"text-align: center; width: 12.381%;\" width=\"77\"><span style=\"font-family: times new roman, times, serif; font-size: 10pt;\"><strong>geboren<\/strong><\/span><\/td>\n<td style=\"text-align: center; width: 11.4286%;\" width=\"70\"><span style=\"font-family: times new roman, times, serif; font-size: 10pt;\"><strong>getauft<\/strong><\/span><\/td>\n<td style=\"text-align: center; width: 12.2619%;\" width=\"76\"><span style=\"font-family: times new roman, times, serif; font-size: 10pt;\"><strong>konfirmiert<\/strong><\/span><\/td>\n<td style=\"text-align: center; width: 11.5476%;\" width=\"71\"><span style=\"font-family: times new roman, times, serif; font-size: 10pt;\"><strong>gestorben<\/strong><\/span><\/td>\n<td style=\"text-align: center; width: 11.9048%;\" width=\"74\"><span style=\"font-family: times new roman, times, serif; font-size: 10pt;\"><strong>begraben<\/strong><\/span><\/td>\n<td style=\"text-align: center; width: 6.78571%;\" width=\"47\"><span style=\"font-family: times new roman, times, serif; font-size: 10pt;\"><strong>Alter<\/strong><\/span><\/td>\n<td style=\"text-align: center; width: 8.21429%;\" width=\"35\"><span style=\"font-family: times new roman, times, serif; font-size: 10pt;\"><strong>Stand<\/strong><\/span><\/td>\n<\/tr>\n<tr>\n<td style=\"text-align: center; width: 7.02381%;\" width=\"23\"><span style=\"font-family: times new roman, times, serif; font-size: 10pt;\">1<\/span><\/td>\n<td style=\"width: 18.3333%;\" width=\"136\"><span style=\"font-family: times new roman, times, serif; font-size: 10pt;\">Johann Andreas<\/span><\/td>\n<td style=\"text-align: center; width: 12.381%;\" width=\"77\"><span style=\"font-family: times new roman, times, serif; font-size: 10pt;\">30.09.1678<\/span><\/td>\n<td style=\"text-align: center; width: 11.4286%;\" width=\"70\"><span style=\"font-family: times new roman, times, serif; font-size: 10pt;\">06.10.1678<\/span><\/td>\n<td style=\"text-align: center; width: 12.2619%;\" width=\"76\"><\/td>\n<td style=\"text-align: center; width: 11.5476%;\" width=\"71\"><span style=\"font-family: times new roman, times, serif; font-size: 10pt;\">29.07.1685<\/span><\/td>\n<td style=\"text-align: center; width: 11.9048%;\" width=\"74\"><span style=\"font-family: times new roman, times, serif; font-size: 10pt;\">31.07.1685<\/span><\/td>\n<td style=\"text-align: center; width: 6.78571%;\" width=\"47\"><span style=\"font-family: times new roman, times, serif; font-size: 10pt;\">6,82<\/span><\/td>\n<td style=\"text-align: center; width: 8.21429%;\" width=\"35\"><\/td>\n<\/tr>\n<tr>\n<td style=\"text-align: center; width: 7.02381%;\"><span style=\"font-family: times new roman, times, serif; font-size: 10pt;\">2<\/span><\/td>\n<td style=\"width: 18.3333%;\"><span style=\"font-family: times new roman, times, serif; font-size: 10pt;\">Johann Jakob<\/span><\/td>\n<td style=\"text-align: center; width: 12.381%;\"><span style=\"font-family: times new roman, times, serif; font-size: 10pt;\">05.11.1680<\/span><\/td>\n<td style=\"text-align: center; width: 11.4286%;\"><span style=\"font-family: times new roman, times, serif; font-size: 10pt;\">14.11.1680<\/span><\/td>\n<td style=\"text-align: center; width: 12.2619%;\"><\/td>\n<td style=\"text-align: center; width: 11.5476%;\"><\/td>\n<td style=\"text-align: center; width: 11.9048%;\"><\/td>\n<td style=\"text-align: center; width: 6.78571%;\"><\/td>\n<td style=\"text-align: center; width: 8.21429%;\"><\/td>\n<\/tr>\n<tr>\n<td style=\"text-align: center; width: 7.02381%;\"><span style=\"font-family: times new roman, times, serif; font-size: 10pt;\">3<\/span><\/td>\n<td style=\"width: 18.3333%;\"><span style=\"font-family: times new roman, times, serif; font-size: 10pt;\">Anna Magdalena<\/span><\/td>\n<td style=\"text-align: center; width: 12.381%;\"><span style=\"font-family: times new roman, times, serif; font-size: 10pt;\">07.08.1682<\/span><\/td>\n<td style=\"text-align: center; width: 11.4286%;\"><span style=\"font-family: times new roman, times, serif; font-size: 10pt;\">13.08.1682<\/span><\/td>\n<td style=\"text-align: center; width: 12.2619%;\"><span style=\"font-family: times new roman, times, serif; font-size: 10pt;\">12.04.1696<\/span><\/td>\n<td style=\"text-align: center; width: 11.5476%;\"><\/td>\n<td style=\"text-align: center; width: 11.9048%;\"><\/td>\n<td style=\"text-align: center; width: 6.78571%;\"><\/td>\n<td style=\"text-align: center; width: 8.21429%;\"><\/td>\n<\/tr>\n<tr>\n<td style=\"text-align: center; width: 7.02381%;\"><span style=\"font-family: times new roman, times, serif; font-size: 10pt;\">4<\/span><\/td>\n<td style=\"width: 18.3333%;\"><span style=\"font-family: times new roman, times, serif; font-size: 10pt;\">Johann Philipp<\/span><\/td>\n<td style=\"text-align: center; width: 12.381%;\"><span style=\"font-family: times new roman, times, serif; font-size: 10pt;\">15.01.1685<\/span><\/td>\n<td style=\"text-align: center; width: 11.4286%;\"><span style=\"font-family: times new roman, times, serif; font-size: 10pt;\">18.01.1685<\/span><\/td>\n<td style=\"text-align: center; width: 12.2619%;\"><\/td>\n<td style=\"text-align: center; width: 11.5476%;\"><span style=\"font-family: times new roman, times, serif; font-size: 10pt;\">16.06.1686<\/span><\/td>\n<td style=\"text-align: center; width: 11.9048%;\"><span style=\"font-family: times new roman, times, serif; font-size: 10pt;\">17.06.1686<\/span><\/td>\n<td style=\"text-align: center; width: 6.78571%;\"><span style=\"font-family: times new roman, times, serif; font-size: 10pt;\">1,41<\/span><\/td>\n<td style=\"text-align: center; width: 8.21429%;\"><\/td>\n<\/tr>\n<tr>\n<td style=\"text-align: center; width: 7.02381%;\"><span style=\"font-family: times new roman, times, serif; font-size: 10pt;\">5<\/span><\/td>\n<td style=\"width: 18.3333%;\"><span style=\"font-family: times new roman, times, serif; font-size: 10pt;\">Johann Adam<\/span><\/td>\n<td style=\"text-align: center; width: 12.381%;\"><span style=\"font-family: times new roman, times, serif; font-size: 10pt;\">24.11.1687<\/span><\/td>\n<td style=\"text-align: center; width: 11.4286%;\"><span style=\"font-family: times new roman, times, serif; font-size: 10pt;\">27.11.1687<\/span><\/td>\n<td style=\"text-align: center; width: 12.2619%;\"><\/td>\n<td style=\"text-align: center; width: 11.5476%;\"><\/td>\n<td style=\"text-align: center; width: 11.9048%;\"><\/td>\n<td style=\"text-align: center; width: 6.78571%;\"><\/td>\n<td style=\"text-align: center; width: 8.21429%;\"><\/td>\n<\/tr>\n<tr>\n<td style=\"text-align: center; width: 7.02381%;\"><span style=\"font-family: times new roman, times, serif; font-size: 10pt;\">6<\/span><\/td>\n<td style=\"width: 18.3333%;\"><span style=\"font-family: times new roman, times, serif; font-size: 10pt;\">Johann Henrich<\/span><\/td>\n<td style=\"text-align: center; width: 12.381%;\"><\/td>\n<td style=\"text-align: center; width: 11.4286%;\"><span style=\"font-family: times new roman, times, serif; font-size: 10pt;\">27.08.1690<\/span><\/td>\n<td style=\"text-align: center; width: 12.2619%;\"><\/td>\n<td style=\"text-align: center; width: 11.5476%;\"><span style=\"font-family: times new roman, times, serif; font-size: 10pt;\">07.09.1690<\/span><\/td>\n<td style=\"text-align: center; width: 11.9048%;\"><span style=\"font-family: times new roman, times, serif; font-size: 10pt;\">08.09.1690<\/span><\/td>\n<td style=\"text-align: center; width: 6.78571%;\"><span style=\"font-family: times new roman, times, serif; font-size: 10pt;\">0,03<\/span><\/td>\n<td style=\"text-align: center; width: 8.21429%;\"><\/td>\n<\/tr>\n<tr>\n<td style=\"text-align: center; width: 7.02381%;\"><span style=\"font-family: times new roman, times, serif; font-size: 10pt;\">7<\/span><\/td>\n<td style=\"width: 18.3333%;\"><span style=\"font-family: times new roman, times, serif; font-size: 10pt;\">Johann Melchior<\/span><\/td>\n<td style=\"text-align: center; width: 12.381%;\"><span style=\"font-family: times new roman, times, serif; font-size: 10pt;\">13.08.1692<\/span><\/td>\n<td style=\"text-align: center; width: 11.4286%;\"><span style=\"font-family: times new roman, times, serif; font-size: 10pt;\">13.08.1692<\/span><\/td>\n<td style=\"text-align: center; width: 12.2619%;\"><\/td>\n<td style=\"text-align: center; width: 11.5476%;\"><span style=\"font-family: times new roman, times, serif; font-size: 10pt;\">19.08.1692<\/span><\/td>\n<td style=\"text-align: center; width: 11.9048%;\"><span style=\"font-family: times new roman, times, serif; font-size: 10pt;\">21.08.1692<\/span><\/td>\n<td style=\"text-align: center; width: 6.78571%;\"><span style=\"font-family: times new roman, times, serif; font-size: 10pt;\">0,02<\/span><\/td>\n<td style=\"text-align: center; width: 8.21429%;\"><\/td>\n<\/tr>\n<tr>\n<td style=\"text-align: center; width: 7.02381%;\"><span style=\"font-family: times new roman, times, serif; font-size: 10pt;\">8<\/span><\/td>\n<td style=\"width: 18.3333%;\"><span style=\"font-family: times new roman, times, serif; font-size: 10pt;\">Philipp Gottfried<\/span><\/td>\n<td style=\"text-align: center; width: 12.381%;\"><span style=\"font-family: times new roman, times, serif; font-size: 10pt;\">27.08.1696<\/span><\/td>\n<td style=\"text-align: center; width: 11.4286%;\"><span style=\"font-family: times new roman, times, serif; font-size: 10pt;\">28.08.1696<\/span><\/td>\n<td style=\"text-align: center; width: 12.2619%;\"><span style=\"font-family: times new roman, times, serif; font-size: 10pt;\">20.04.1710<\/span><\/td>\n<td style=\"text-align: center; width: 11.5476%;\"><\/td>\n<td style=\"text-align: center; width: 11.9048%;\"><\/td>\n<td style=\"text-align: center; width: 6.78571%;\"><\/td>\n<td style=\"text-align: center; width: 8.21429%;\"><\/td>\n<\/tr>\n<tr>\n<td style=\"text-align: center; width: 7.02381%;\"><span style=\"font-family: times new roman, times, serif; font-size: 10pt;\">9<\/span><\/td>\n<td style=\"width: 18.3333%;\"><span style=\"font-family: times new roman, times, serif; font-size: 10pt;\">Maria Elisabeth<\/span><\/td>\n<td style=\"text-align: center; width: 12.381%;\"><span style=\"font-family: times new roman, times, serif; font-size: 10pt;\">16.08.1700<\/span><\/td>\n<td style=\"text-align: center; width: 11.4286%;\"><span style=\"font-family: times new roman, times, serif; font-size: 10pt;\">22.08.1700<\/span><\/td>\n<td style=\"text-align: center; width: 12.2619%;\"><\/td>\n<td style=\"text-align: center; width: 11.5476%;\"><span style=\"font-family: times new roman, times, serif; font-size: 10pt;\">22.01.1705<\/span><\/td>\n<td style=\"text-align: center; width: 11.9048%;\"><span style=\"font-family: times new roman, times, serif; font-size: 10pt;\">23.01.1705<\/span><\/td>\n<td style=\"text-align: center; width: 6.78571%;\"><span style=\"font-family: times new roman, times, serif; font-size: 10pt;\">4,44<\/span><\/td>\n<td style=\"text-align: center; width: 8.21429%;\"><\/td>\n<\/tr>\n<\/tbody>\n<\/table>\n<p><span style=\"font-family: times new roman, times, serif; font-size: 10pt;\">Kind Nr. 1) * Kehlbach; + Dessighofen<br \/>\n<\/span><span style=\"font-family: times new roman, times, serif; font-size: 10pt;\">Kind Nr. 2) und 3) * Dessighofen, gt. Niederbachheim<br \/>\n<\/span><span style=\"font-family: times new roman, times, serif; font-size: 10pt;\">Kind Nr. 4) \u2013 9) * Dessighofen<br \/>\n<\/span><\/p>\n<p><span style=\"font-family: times new roman, times, serif; font-size: 10pt;\"><strong>Eintragstexte Taufen:<\/strong><\/span><\/p>\n<p style=\"text-align: justify;\"><span style=\"font-family: times new roman, times, serif; font-size: 10pt;\"><strong>zu 1)<\/strong> <em>Den 30 [Septem]bris circa horam 11 matutinam natus est filiol[us] Jo[ann]is Philippi May in Kehlbach &amp; die 6 [Octo]bris, Dom[inica] 19 post Trinit[atis] baptizatus. Fide jubentes fuerunt: frater ejus Johann Melchior Meyen de Desigoben; Johann Andreas, uxoris frater; &amp; Anna Kungunda, Joh. Th\u00f6nges Mayen Hau\u00dffraw. Sein Nahm ist Johann Andrea\u00df.<br \/>\n<\/em><\/span><span style=\"font-family: times new roman, times, serif; font-size: 10pt;\"><strong>zu 2)<\/strong> <em>Den 5ten [Novem]bris ist Johann Philip\u00df Mayen zu De\u00dfigo&lt;ben&gt; de\u00df Abends vmb 7 Vhrn ein junger Sohn geboren vnd den 14 ejusd[em] getauft worden. Gev. sind gewe\u00dfen: Johannes May, sein Bruder von Berg; Jacob, Simon Schnieds Sohn von Kehlbach, sein Schwager; Anna Christina, Han\u00df Th\u00f6nges Hoffmanns Tochter von Becheln; vnd Elisabeth Magdalena, Gottfried Emrichs, Nassau-Saarbr[\u00fcckischen] Schulthei\u00dfens Tochter von De\u00dfigoben. Sein Nahm ist Johann Jacob.<br \/>\n<\/em><\/span><span style=\"font-family: times new roman, times, serif; font-size: 10pt;\"><strong>zu 3)<\/strong> <em>Den 7ten Aug[usti] de\u00df Morgens vmb 9 Vhr ist Joh. Phil. Mayen von De\u00dfigoben eine junge Tochter geboren vnd den 13 ejusdem, Dom[inica] 9 post Trin[itatis], getauft worden. Gev. sind gewe\u00dfen: Go\u00e4r Schmied, Simon Schmieds Sohn von Kehlbach; Anna Magdalen[a], Joh. Th\u00f6nges G\u00e4n\u00dfmann Tochter von De\u00dfigoben; Anna Barbara, Jo[ann]is Zimmermann\u00df Hau\u00dffraw ibid[em]; vnd Moses Neu\u00df, der M\u00fcller daselbsten. Ihr Nahm ist Anna Magdalena.<br \/>\n<\/em><\/span><span style=\"font-family: times new roman, times, serif; font-size: 10pt;\"><strong>zu 4)<\/strong> <em>Den 15ten Januarij a[nn]o 1685, abends vmb 8 Vhr ist Philipps Meyen zu De\u00dfighoffen ein S\u00f6hnlein zur Weldt gebohren vndt den 18 ejusdem, war Dominica 2 post Epiphani\u00e6 zu De\u00dfighoffen in seinem Hau\u00dfe wegen der K\u00e4lte vndt vielem Ei\u00dfe getauffet worden, da es den Nahmen Johan Philipps empffangen hat. Die Patten seindt gewessen: 1) Johann Philipps, Johan Gottfried Emmerici zu De\u00dfighoffen Sohn; 2) Johann T\u00f6nnigs, Simon Schmidt zu Kelbach Sohn; 3) Anna Catharina, Han\u00df Jacob Eifflers zu De\u00dfighoffen Ehefraw.<br \/>\n<\/em><\/span><span style=\"font-family: times new roman, times, serif; font-size: 10pt;\"><strong>zu 5)<\/strong> <em>Den 24ten Novembris, morgens vmb 3 Uhr, war der Donnerstag anno 1687, ist Philipps Meyen zu De\u00dfighoffen ein Sohnlein zur Weldt gebohren vndt 27 ejusdem, war der erste Advent, getauffet worden, da es den Nahmen Johann Adam empffangen hat. Die Patten seindt: 1) Johann Adam Hexell zu Gei\u00dfig; 2) Johann Gottfried Heinrich zu De\u00dfighoffen; 3) Anna Catharina, Johann Martin Webers zu De\u00dfighoffen Ehfraw; 4) Anna Maria, <\/em>[ ]<em> zu Kelbach Ehefraw.<br \/>\n<\/em><\/span><span style=\"font-family: times new roman, times, serif; font-size: 10pt;\"><strong>zu 6)<\/strong> <em>Johann Henrich. Parentes: Johann Philips May, Anna Elisabeth zu &lt;Dessigho&gt;fen. [Compatres]: Johann Henrich Schmiedt von K\u00e4lbach; Johann Th\u00f6&lt;nges&gt; May zu Bechel [Becheln]; v[nd] Anna Margreth, Johann Mel&lt;chior&gt; Wagners Tochter zu De\u00dfigoffen. Getaufft 1690, &lt;den&gt; 27 Augusti.<br \/>\n<\/em><\/span><span style=\"font-family: times new roman, times, serif; font-size: 10pt;\"><strong>zu 7)<\/strong> <em>Joh: Melchior. Parentes: Philips May v[nd] Anna Elisabetha zu De\u00dfigoffen. Compatr[es]: Joh: Melchior Wagner; &lt;&#8230;&gt;, des Schuldei\u00dfen Ehefrauw zu De\u00dfigoffen. Ge&lt;boren&gt; den 13ten Augusti v[nd] eodem die getaufft v[nd] den 19 see[lig] gestorben v[nd] den 21ten ejusdem beerdiget.<br \/>\n<\/em><\/span><span style=\"font-family: times new roman, times, serif; font-size: 10pt;\"><strong>zu 8)<\/strong> <em>Phil: Gottfriedt. Parentes: Philips Mey, Anna Elisabetha zu De\u00dfigoffen. Compatres: Gottfriedt Christ; v[nd] Anna Sibylla zu De\u00dfigoffen; v[nd] der Mutter j\u00fcngster Bruder. Gebohren den 27 Augusti v[nd] den 28ten im Hau\u00df getaufft.<br \/>\n<\/em><\/span><span style=\"font-family: times new roman, times, serif; font-size: 10pt;\"><strong>zu 9)<\/strong> <em>Maria Elisabetha. Parentes: Phil: Mey u. Anna Elisabetha von De\u00dfigoffen. Compatr[es]: Gottfried Dattner, Emerich Dattners Sohn von K\u00e4lbach; Maria Elisabetha, Gerhard Kuntzen Frauw; u. Anna Maria, Emerich Christen Frauw von De\u00dfigoffen. Gebohren den 16ten August[i] u. den 22 ejusdem zu Holtzhau\u00dfen getaufft 1700.<\/em><\/span><\/p>\n<hr \/>\n<p style=\"text-align: justify;\"><span style=\"font-family: times new roman, times, serif; font-size: 10pt;\"><span style=\"color: #ff0000;\"><strong><u><a id=\"mohr\"><\/a>Mohr<\/u><\/strong><strong>, Hans Peter:<\/strong> <\/span>Wasenmeister; 1683-1686 in Dienethal, 1688 bei Bastian in Kehlbach und 1689 bei Daniel Dattner in Kehlbach sich aufhaltend; Sohn des Hans Bernhard Mohr, Wasenmeister in Dienethal; hat einen Bruder Andreas Mohr in Braubach (1674-1694)<\/span><\/p>\n<p><span style=\"font-family: times new roman, times, serif; font-size: 10pt;\"><strong>oo 23.01.1683 Dienethal<\/strong> mit <strong><u>Adams<\/u>, Anna Ursula:<\/strong> Tochter des verst. Johannes Adams aus Rhens (OFB Rhens, Nr. A\/3)<\/span><\/p>\n<table>\n<tbody>\n<tr>\n<td style=\"text-align: center;\" width=\"29\"><span style=\"font-family: times new roman, times, serif; font-size: 10pt;\"><strong>Nr.<\/strong><\/span><\/td>\n<td width=\"135\"><span style=\"font-family: times new roman, times, serif; font-size: 10pt;\"><strong>Vorname (normiert)<\/strong><\/span><\/td>\n<td style=\"text-align: center;\" width=\"76\"><span style=\"font-family: times new roman, times, serif; font-size: 10pt;\"><strong>geboren<\/strong><\/span><\/td>\n<td style=\"text-align: center;\" width=\"76\"><span style=\"font-family: times new roman, times, serif; font-size: 10pt;\"><strong>getauft<\/strong><\/span><\/td>\n<td style=\"text-align: center;\" width=\"69\"><span style=\"font-family: times new roman, times, serif; font-size: 10pt;\"><strong>konfirmiert<\/strong><\/span><\/td>\n<td style=\"text-align: center;\" width=\"66\"><span style=\"font-family: times new roman, times, serif; font-size: 10pt;\"><strong>gestorben<\/strong><\/span><\/td>\n<td style=\"text-align: center;\" width=\"76\"><span style=\"font-family: times new roman, times, serif; font-size: 10pt;\"><strong>begraben<\/strong><\/span><\/td>\n<td style=\"text-align: center;\" width=\"40\"><span style=\"font-family: times new roman, times, serif; font-size: 10pt;\"><strong>Alter<\/strong><\/span><\/td>\n<td style=\"text-align: center;\" width=\"42\"><span style=\"font-family: times new roman, times, serif; font-size: 10pt;\"><strong>Stand<\/strong><\/span><\/td>\n<\/tr>\n<tr>\n<td style=\"text-align: center;\" width=\"29\"><span style=\"font-family: times new roman, times, serif; font-size: 10pt;\">1<\/span><\/td>\n<td width=\"135\"><span style=\"font-family: times new roman, times, serif; font-size: 10pt;\">Johann Nikolaus<\/span><\/td>\n<td style=\"text-align: center;\" width=\"76\"><span style=\"font-family: times new roman, times, serif; font-size: 10pt;\">21.12.1683<\/span><\/td>\n<td style=\"text-align: center;\" width=\"76\"><span style=\"font-family: times new roman, times, serif; font-size: 10pt;\">28.12.1683<\/span><\/td>\n<td style=\"text-align: center;\" width=\"69\"><\/td>\n<td style=\"text-align: center;\" width=\"66\"><\/td>\n<td style=\"text-align: center;\" width=\"76\"><\/td>\n<td style=\"text-align: center;\" width=\"40\"><\/td>\n<td style=\"text-align: center;\" width=\"42\"><\/td>\n<\/tr>\n<tr>\n<td style=\"text-align: center;\"><span style=\"font-family: times new roman, times, serif; font-size: 10pt;\">2<\/span><\/td>\n<td><span style=\"font-family: times new roman, times, serif; font-size: 10pt;\">Maria<\/span><\/td>\n<td style=\"text-align: center;\"><\/td>\n<td style=\"text-align: center;\"><span style=\"font-family: times new roman, times, serif; font-size: 10pt;\">06.02.1686<\/span><\/td>\n<td style=\"text-align: center;\"><\/td>\n<td style=\"text-align: center;\"><\/td>\n<td style=\"text-align: center;\"><\/td>\n<td style=\"text-align: center;\"><\/td>\n<td style=\"text-align: center;\"><\/td>\n<\/tr>\n<tr>\n<td style=\"text-align: center;\"><span style=\"font-family: times new roman, times, serif; font-size: 10pt;\">3<\/span><\/td>\n<td><span style=\"font-family: times new roman, times, serif; font-size: 10pt;\">Johann Kaspar<\/span><\/td>\n<td style=\"text-align: center;\"><span style=\"font-family: times new roman, times, serif; font-size: 10pt;\">27.01.1688<\/span><\/td>\n<td style=\"text-align: center;\"><span style=\"font-family: times new roman, times, serif; font-size: 10pt;\">01.02.1688<\/span><\/td>\n<td style=\"text-align: center;\"><\/td>\n<td style=\"text-align: center;\"><\/td>\n<td style=\"text-align: center;\"><span style=\"font-family: times new roman, times, serif; font-size: 10pt;\">10.03.1688<\/span><\/td>\n<td style=\"text-align: center;\"><span style=\"font-family: times new roman, times, serif; font-size: 10pt;\">0,10<\/span><\/td>\n<td style=\"text-align: center;\"><\/td>\n<\/tr>\n<tr>\n<td style=\"text-align: center;\"><span style=\"font-family: times new roman, times, serif; font-size: 10pt;\">4<\/span><\/td>\n<td><span style=\"font-family: times new roman, times, serif; font-size: 10pt;\">Maria Margaretha<\/span><\/td>\n<td style=\"text-align: center;\"><span style=\"font-family: times new roman, times, serif; font-size: 10pt;\">24.01.1689<\/span><\/td>\n<td style=\"text-align: center;\"><span style=\"font-family: times new roman, times, serif; font-size: 10pt;\">02.02.1689<\/span><\/td>\n<td style=\"text-align: center;\"><\/td>\n<td style=\"text-align: center;\"><\/td>\n<td style=\"text-align: center;\"><\/td>\n<td style=\"text-align: center;\"><\/td>\n<td style=\"text-align: center;\"><\/td>\n<\/tr>\n<tr>\n<td style=\"text-align: center;\"><span style=\"font-family: times new roman, times, serif; font-size: 10pt;\">5<\/span><\/td>\n<td><span style=\"font-family: times new roman, times, serif; font-size: 10pt;\">Anna Magdalena<\/span><\/td>\n<td style=\"text-align: center;\"><span style=\"font-family: times new roman, times, serif; font-size: 10pt;\">13.08.1691<\/span><\/td>\n<td style=\"text-align: center;\"><span style=\"font-family: times new roman, times, serif; font-size: 10pt;\">19.08.1691<\/span><\/td>\n<td style=\"text-align: center;\"><\/td>\n<td style=\"text-align: center;\"><\/td>\n<td style=\"text-align: center;\"><\/td>\n<td style=\"text-align: center;\"><\/td>\n<td style=\"text-align: center;\"><\/td>\n<\/tr>\n<tr>\n<td style=\"text-align: center;\"><span style=\"font-family: times new roman, times, serif; font-size: 10pt;\">6<\/span><\/td>\n<td><span style=\"font-family: times new roman, times, serif; font-size: 10pt;\">N. N.<\/span><\/td>\n<td style=\"text-align: center;\"><\/td>\n<td style=\"text-align: center;\"><\/td>\n<td style=\"text-align: center;\"><\/td>\n<td style=\"text-align: center;\"><\/td>\n<td style=\"text-align: center;\"><span style=\"font-family: times new roman, times, serif; font-size: 10pt;\">05.08.1703<\/span><\/td>\n<td style=\"text-align: center;\"><span style=\"font-family: times new roman, times, serif; font-size: 10pt;\">0,50<\/span><\/td>\n<td style=\"text-align: center;\"><\/td>\n<\/tr>\n<\/tbody>\n<\/table>\n<p><span style=\"font-family: times new roman, times, serif; font-size: 10pt;\"><strong>Eintragstexte Taufen:<\/strong><\/span><\/p>\n<p style=\"text-align: justify;\"><span style=\"font-family: times new roman, times, serif; font-size: 10pt;\"><strong>zu 1)<\/strong> <em>Den 21ten Decemb[ris] morgens ward Hans Peter Mohren, des Scharfrichters Sohn zu Dienethal, v[nd] Ann\u00e6 Ursul\u00e6, seiner Hausfraw, ein S\u00f6hnlein gebohren v[nd] den 28ten ejusd[em] getaufft. Gevattern waren: Hans Merten, Scharffrichter zu Na\u00dfstetten; Niclas Wentzel, Ke\u00dfler, des Vatters Schwager; vndt Elisab[etha] Catharina, Reinhard Himmigofens Dochter zu Dienthal. Ward genandt Johannes Nicola[us].<br \/>\n<\/em><\/span><span style=\"font-family: times new roman, times, serif; font-size: 10pt;\"><strong>zu 2)<\/strong> <em>Eodem die <\/em>[Sexagesima = 06.02.1686]<em> Maria, des Hans Peter Mohren, des Schinderen zu Dienethal, T\u00f6chter[lein]. Gevatterm: \u2026, des Scharfrichter zu Nastede Hau\u00dff[rau]; Maria <\/em>[ ]<em>, des Schultheisen zu Schweighausen Hau\u00dff[rau]; v[nd] Johannes <\/em>[ ]<em>, des Scharfrichters Knecht zu Limburg<br \/>\n<\/em><\/span><span style=\"font-family: times new roman, times, serif; font-size: 10pt;\"><strong>zu 3)<\/strong> <em>Den 27ten Jan[uarii] de\u00df Morgens zwischen 3 vnd 9 Vhr ist Han\u00df Peter Mohren, Han\u00df Bernh. Mohr, Wa\u00dfenmeisters Sohn von Dienethal, damahl\u00df zu Kehlbach bey Bastian sich vffhaltent, ein junger Sohn gebohren vndt den 1ten Febr[uarii] allhier getauft worden. Gevatt. sind gewe\u00dfen: Caspar G\u00e4n\u00dfmann von Schweighau\u00dfen; Johannes, Han\u00df Martin D\u00f6ring, Scharffrichters Bruder von Nast\u00e4tten; vnd Anna Barbara, Johannes Zimmermann\u00df H[aus]fraw von De\u00dfigoben. Sein Nahm ist Johann Caspar.<br \/>\n<\/em><\/span><span style=\"font-family: times new roman, times, serif; font-size: 10pt;\"><strong>zu 4)<\/strong> <em>Den 24 Jan[uarii] ist Joh. Peter Mohrn, de\u00df Wa\u00dfenmeisters Sohn von Dienethal, damahl\u00df bey Daniel Dadnern zu Kehlbach sich vffhaltent, eine junge Tochter geboren vnd den 2 Febr[uarii] in festo Purifica[ti]o[n]is Mari\u00e6 getaufft worden. Gev. sind gewe\u00dfen: Balthasar N. von Mittelfischbach, de\u00df Scharffrichters Knecht von Nast\u00e4tten; Johann N., ein St\u00f6rger oder Thiriacks Kr\u00e4mer; Maria, Joh. Ro\u00dfenberger\u00df, M\u00fcllers in der W\u00fcsten M\u00fchl, H[aus]fraw; vnd Margretha, Daniel Dadners Tochter von Kehlbach. Ihr Nahm ist Maria Margretha.<br \/>\n<\/em><\/span><span style=\"font-family: times new roman, times, serif; font-size: 10pt;\"><strong>zu 5)<\/strong> <em>Den 13ten Augusti de\u00df Nachts zwischen 11 vnd 12 Vhr ist Han\u00df Peter Mohrn, carnifici, damahl\u00df in Kehlbach sich vffhaltendt, eine junge Tochter geboren vnd den 19 ejusdem in die Preca[ti]o[n]is <\/em>[Bettag]<em> getauft worden. Gevattern sind gewe\u00dfen: Magdal[ena], de\u00df Schulthei\u00dfen Tochter von Schweighau\u00dfen; Anna Catharin[a]. Johann Daniel N., carnificis Hau\u00dffraw von Singhoffen; Meister Han\u00df Conradt N., Wa\u00dfenmeister in Mihlen; vnd Hubert, damal\u00df Kuhehirt in Kehlbach. Ihr Nahm ist Anna Magdalena.<br \/>\n<\/em><\/span><span style=\"font-family: times new roman, times, serif; font-size: 10pt;\"><strong>zu 6) <\/strong><em>Den 10ten Martij ist Johann Caspar, Johann Peter Mohren S\u00f6hnlein, begraben worden, \u00e6tat[is] 6 Wochen v[nd] et[liche] Stundte.<\/em><\/span><\/p>\n<hr \/>\n<p style=\"text-align: justify;\"><span style=\"font-family: times new roman, times, serif; font-size: 10pt;\"><a id=\"mundrian\"><\/a>Entstanden aus Ortsname Monreal (Lkr. Mayen-Koblenz). <\/span><span style=\"font-family: times new roman, times, serif; font-size: 10pt;\">19.03.1698 <em>Mudrian<\/em>, 03.01.1703 <em>Mudrian<\/em>, 26.06.1711 <em>Montergan<\/em>, 08.02.1712 <em>Montergan<\/em>, 27.03.1712 <em>Mondergan, Montergal<\/em>, 16.12.1712 <em>Munterjan<\/em>, 17.04.1718 <em>MonteRoyal<\/em><\/span><\/p>\n<p style=\"text-align: justify;\"><span style=\"font-family: times new roman, times, serif; font-size: 10pt;\"><span style=\"color: #ff0000;\"><strong><u>Mundrian<\/u><\/strong><strong>, Johann Philipp:<\/strong> <\/span>kath.; aus <em>Ernd<\/em>; abgedankter Soldat, h\u00e4lt sich 1698 bei seinem Schwager Konrad Fehrlinger, dem Kuhhirten zu Winterwerb auf; 1703 Kuhhirte in Kehlbach, 1711\/1712 in Dessighofen, 1712 in Kehlbach, 1718 in Geisig<\/span><\/p>\n<p><span style=\"font-family: times new roman, times, serif; font-size: 10pt;\"><strong>oo<\/strong> mit <strong>Maria Apollonia<\/strong><\/span><\/p>\n<table>\n<tbody>\n<tr>\n<td style=\"text-align: center;\" width=\"27\"><span style=\"font-family: times new roman, times, serif; font-size: 10pt;\"><strong>Nr.<\/strong><\/span><\/td>\n<td width=\"125\"><span style=\"font-family: times new roman, times, serif; font-size: 10pt;\"><strong>Vorname (normiert)<\/strong><\/span><\/td>\n<td style=\"text-align: center;\" width=\"74\"><span style=\"font-family: times new roman, times, serif; font-size: 10pt;\"><strong>geboren<\/strong><\/span><\/td>\n<td style=\"text-align: center;\" width=\"74\"><span style=\"font-family: times new roman, times, serif; font-size: 10pt;\"><strong>getauft<\/strong><\/span><\/td>\n<td style=\"text-align: center;\" width=\"76\"><span style=\"font-family: times new roman, times, serif; font-size: 10pt;\"><strong>konfirmiert<\/strong><\/span><\/td>\n<td style=\"text-align: center;\" width=\"76\"><span style=\"font-family: times new roman, times, serif; font-size: 10pt;\"><strong>gestorben<\/strong><\/span><\/td>\n<td style=\"text-align: center;\" width=\"74\"><span style=\"font-family: times new roman, times, serif; font-size: 10pt;\"><strong>begraben<\/strong><\/span><\/td>\n<td style=\"text-align: center;\" width=\"39\"><span style=\"font-family: times new roman, times, serif; font-size: 10pt;\"><strong>Alter<\/strong><\/span><\/td>\n<td style=\"text-align: center;\" width=\"38\"><span style=\"font-family: times new roman, times, serif; font-size: 10pt;\"><strong>Stand<\/strong><\/span><\/td>\n<\/tr>\n<tr>\n<td style=\"text-align: center;\" width=\"27\"><span style=\"font-family: times new roman, times, serif; font-size: 10pt;\">1<\/span><\/td>\n<td width=\"125\"><span style=\"font-family: times new roman, times, serif; font-size: 10pt;\">Johann Lorenz<\/span><\/td>\n<td style=\"text-align: center;\" width=\"74\"><span style=\"font-family: times new roman, times, serif; font-size: 10pt;\">19.03.1698<\/span><\/td>\n<td style=\"text-align: center;\" width=\"74\"><span style=\"font-family: times new roman, times, serif; font-size: 10pt;\">03.04.1698<\/span><\/td>\n<td style=\"text-align: center;\" width=\"76\"><span style=\"font-family: times new roman, times, serif; font-size: 10pt;\">27.03.1712<\/span><\/td>\n<td style=\"text-align: center;\" width=\"76\"><\/td>\n<td style=\"text-align: center;\" width=\"74\"><\/td>\n<td style=\"text-align: center;\" width=\"39\"><\/td>\n<td style=\"text-align: center;\" width=\"38\"><\/td>\n<\/tr>\n<tr>\n<td style=\"text-align: center;\"><span style=\"font-family: times new roman, times, serif; font-size: 10pt;\">2<\/span><\/td>\n<td><span style=\"font-family: times new roman, times, serif; font-size: 10pt;\">N. N. (Tochter)<\/span><\/td>\n<td style=\"text-align: center;\"><\/td>\n<td style=\"text-align: center;\"><\/td>\n<td style=\"text-align: center;\"><span style=\"font-family: times new roman, times, serif; font-size: 10pt;\">27.03.1712<\/span><\/td>\n<td style=\"text-align: center;\"><\/td>\n<td style=\"text-align: center;\"><\/td>\n<td style=\"text-align: center;\"><\/td>\n<td style=\"text-align: center;\"><\/td>\n<\/tr>\n<tr>\n<td style=\"text-align: center;\"><span style=\"font-family: times new roman, times, serif; font-size: 10pt;\">3<\/span><\/td>\n<td><span style=\"font-family: times new roman, times, serif; font-size: 10pt;\">Johann David<\/span><\/td>\n<td style=\"text-align: center;\"><span style=\"font-family: times new roman, times, serif; font-size: 10pt;\">03.01.1703<\/span><\/td>\n<td style=\"text-align: center;\"><span style=\"font-family: times new roman, times, serif; font-size: 10pt;\">07.01.1703<\/span><\/td>\n<td style=\"text-align: center;\"><span style=\"font-family: times new roman, times, serif; font-size: 10pt;\">17.04.1718<\/span><\/td>\n<td style=\"text-align: center;\"><\/td>\n<td style=\"text-align: center;\"><\/td>\n<td style=\"text-align: center;\"><\/td>\n<td style=\"text-align: center;\"><\/td>\n<\/tr>\n<tr>\n<td style=\"text-align: center;\"><span style=\"font-family: times new roman, times, serif; font-size: 10pt;\">4<\/span><\/td>\n<td><span style=\"font-family: times new roman, times, serif; font-size: 10pt;\">Anna Christina<\/span><\/td>\n<td style=\"text-align: center;\"><span style=\"font-family: times new roman, times, serif; font-size: 10pt;\">26.06.1711<\/span><\/td>\n<td style=\"text-align: center;\"><span style=\"font-family: times new roman, times, serif; font-size: 10pt;\">27.06.1711<\/span><\/td>\n<td style=\"text-align: center;\"><\/td>\n<td style=\"text-align: center;\"><span style=\"font-family: times new roman, times, serif; font-size: 10pt;\">08.02.1712<\/span><\/td>\n<td style=\"text-align: center;\"><span style=\"font-family: times new roman, times, serif; font-size: 10pt;\">09.02.1712<\/span><\/td>\n<td style=\"text-align: center;\"><span style=\"font-family: times new roman, times, serif; font-size: 10pt;\">0,62<\/span><\/td>\n<td style=\"text-align: center;\"><\/td>\n<\/tr>\n<tr>\n<td style=\"text-align: center;\"><span style=\"font-family: times new roman, times, serif; font-size: 10pt;\">5<\/span><\/td>\n<td><span style=\"font-family: times new roman, times, serif; font-size: 10pt;\">Philipp Daniel<\/span><\/td>\n<td style=\"text-align: center;\"><span style=\"font-family: times new roman, times, serif; font-size: 10pt;\">16.12.1712<\/span><\/td>\n<td style=\"text-align: center;\"><span style=\"font-family: times new roman, times, serif; font-size: 10pt;\">21.12.1712<\/span><\/td>\n<td style=\"text-align: center;\"><\/td>\n<td style=\"text-align: center;\"><\/td>\n<td style=\"text-align: center;\"><\/td>\n<td style=\"text-align: center;\"><\/td>\n<td style=\"text-align: center;\"><\/td>\n<\/tr>\n<\/tbody>\n<\/table>\n<p><span style=\"font-family: times new roman, times, serif; font-size: 10pt;\">Kind Nr. 1) * Kehlbach; konf. Dornholzhausen<br \/>\n<\/span><span style=\"font-family: times new roman, times, serif; font-size: 10pt;\">Kind Nr. 2) konf. Dornholzhausen<br \/>\n<\/span><span style=\"font-family: times new roman, times, serif; font-size: 10pt;\">Kind Nr. 3) * Kehlbach; konf. Dornholzhausen<br \/>\n<\/span><span style=\"font-family: times new roman, times, serif; font-size: 10pt;\">Kind Nr. 4) * Dessighofen<br \/>\n<\/span><span style=\"font-family: times new roman, times, serif; font-size: 10pt;\">Kind Nr. 5) * Kehlbach<\/span><\/p>\n<p><span style=\"font-family: times new roman, times, serif; font-size: 10pt;\"><strong>Eintragstexte Taufen<\/strong><\/span><\/p>\n<p style=\"text-align: justify;\"><span style=\"font-family: times new roman, times, serif; font-size: 10pt;\"><strong>zu 1)<\/strong> <em>Dienstag, den 29 Mertz Mitternacht umb 2 Vhr ist Philip\u00df Mudrian &gt;von &#8230;&lt; vnd Mari\u00e6 Apolloni\u00e6, seiner Hau\u00dffraw (: abgedanckter Soldat zu Winterwerb bey Conrad Fehrlinger, seinem Schwager, dem K\u00fchehirten sich vffhaltend \ud83d\ude42 ein junger Sohn geboren vnd den 3 April[is], Dom[inica] L\u00e6tate, getauft worden. Gevattern sind gewe\u00dfen: Laurentius Borg von St. Goarshau\u00dfen, bey Conrad Rhoden zu Winterwerb dienent; Johann Japhet, Conrad Fehrlingers Sohn; v[nd] Maria Cathar., Merten Japhet Schmieds filia; beyde daselbst. Sein Nahm ist Johann Laurentius.<br \/>\n<\/em><\/span><span style=\"font-family: times new roman, times, serif; font-size: 10pt;\"><strong>zu 2)<\/strong> <em>Mittwoch, den 3 Jan[uarii] ist nachts umb 10 Vhrn Phil. Mudrian von Ernd, cathol[icus], damahl\u00df Kuhehirt zu Kehlbach, v[nd] Mari\u00e6 Apolloni\u00e6, seiner Hau\u00dffraw, ein junger Sohn geboren, der den 7 ejusd[em], Dom[inica] 1 post Epiphan., getauft worden. Gevattern sind gewe\u00dfen: Joh. David, Joh. Thong. Mayen Sohn daselbst; Joh. Th\u00f6ng. W\u00f6ll ibid[em], bey Daniel Pfeiffer, seinem Schwiegervatter; vnd Elisabeth, Johannes Buschers, de\u00df Pottaschers, Tochter, bey Emrich Dadnern sich vffhaltendt. Sein Nahm ist Joh. David.<br \/>\n<\/em><\/span><span style=\"font-family: times new roman, times, serif; font-size: 10pt;\"><strong>zu 5)<\/strong> <em>Freytag, den 16ten Dec[embris] ist Maria Apollonia, Joh. Phil. Munterjans Frau zu Kehlbach \/: t[um] t[empore] bubulci :\/ ins Kindbett kommen mit einem j\u00fcngen Sohnlein, welches uf Thomastag getaufft worden ist. Gev: sind gewesen: Daniel Datner zu Kehlbach; Philips Fehrlinger, t[um] t[empore] zu Himmighoffen dienendt; Anna Magdalena, Philips Schmids Frau; und Anna Maria, Joh. Adams Frau \u2026 auch zu Kehlbach. Der Nahm: Philips Daniel.<\/em><\/span><\/p>\n<p style=\"text-align: justify;\"><span style=\"font-family: times new roman, times, serif; font-size: 10pt;\"><strong>Paten zu 4<\/strong>) <em>Christophel Werner; Joh: Th\u00f6nge\u00df Mey; Anna Christina, Emrich Christen Tochter; u. Anna Catharina, Joh: Phil: Eiffelers Stiefftochter; alle von De\u00dfighoffen<\/em><\/span><\/p>\n<hr \/>\n<p style=\"text-align: justify;\"><span style=\"font-family: times new roman, times, serif; font-size: 10pt;\"><span style=\"color: #ff0000;\"><strong><u><a id=\"niebergall\"><\/a>Niebergall<\/u><\/strong><strong>, Anna:<\/strong> <\/span>Witwe des Hermann Niebergall; + 22.09.1718 Kehlbach am Schlagfluss, 71 Jahre und 5 Monate alt (bg. 24.09.); Tochter des Matthias Kraft, steinischer Schulthei\u00df in Schweighausen; oo 02.06.1672 Schweighausen mit Hermann Niebergall aus Marksuhl (Wartburgkreis), Schulthei\u00df in Schweighausen (Kinder 1675 in Schweighausen und 1684 in Braubach)<\/span><\/p>\n<hr \/>\n<p><span style=\"font-family: times new roman, times, serif; font-size: 10pt;\"><span style=\"color: #ff0000;\"><strong><u><a id=\"pfeifer\"><\/a>Pfeifer<\/u><\/strong><\/span><strong><span style=\"color: #ff0000;\">, Adam:<\/span> <\/strong>bg. 18.09.1688, 82 Jahre alt<\/span><\/p>\n<p><span style=\"font-family: times new roman, times, serif; font-size: 10pt;\"><strong>oo<\/strong> mit <strong>Anna Margaretha: <\/strong>bg. 10.02.1700, 75 Jahre alt<\/span><\/p>\n<table>\n<tbody>\n<tr>\n<td style=\"text-align: center;\" width=\"27\"><span style=\"font-family: times new roman, times, serif; font-size: 10pt;\"><strong>Nr.<\/strong><\/span><\/td>\n<td width=\"125\"><span style=\"font-family: times new roman, times, serif; font-size: 10pt;\"><strong>Vorname (normiert)<\/strong><\/span><\/td>\n<td style=\"text-align: center;\" width=\"74\"><span style=\"font-family: times new roman, times, serif; font-size: 10pt;\"><strong>geboren<\/strong><\/span><\/td>\n<td style=\"text-align: center;\" width=\"74\"><span style=\"font-family: times new roman, times, serif; font-size: 10pt;\"><strong>getauft<\/strong><\/span><\/td>\n<td style=\"text-align: center;\" width=\"76\"><span style=\"font-family: times new roman, times, serif; font-size: 10pt;\"><strong>konfirmiert<\/strong><\/span><\/td>\n<td style=\"text-align: center;\" width=\"76\"><span style=\"font-family: times new roman, times, serif; font-size: 10pt;\"><strong>gestorben<\/strong><\/span><\/td>\n<td style=\"text-align: center;\" width=\"74\"><span style=\"font-family: times new roman, times, serif; font-size: 10pt;\"><strong>begraben<\/strong><\/span><\/td>\n<td style=\"text-align: center;\" width=\"39\"><span style=\"font-family: times new roman, times, serif; font-size: 10pt;\"><strong>Alter<\/strong><\/span><\/td>\n<td style=\"text-align: center;\" width=\"38\"><span style=\"font-family: times new roman, times, serif; font-size: 10pt;\"><strong>Stand<\/strong><\/span><\/td>\n<\/tr>\n<tr>\n<td style=\"text-align: center;\" width=\"27\"><span style=\"font-family: times new roman, times, serif; font-size: 10pt;\">1<\/span><\/td>\n<td width=\"125\"><span style=\"font-family: times new roman, times, serif; font-size: 10pt;\">Johann Daniel<\/span><\/td>\n<td style=\"text-align: center;\" width=\"74\"><\/td>\n<td style=\"text-align: center;\" width=\"74\"><\/td>\n<td style=\"text-align: center;\" width=\"76\"><\/td>\n<td style=\"text-align: center;\" width=\"76\"><\/td>\n<td style=\"text-align: center;\" width=\"74\"><\/td>\n<td style=\"text-align: center;\" width=\"39\"><\/td>\n<td style=\"text-align: center;\" width=\"38\"><span style=\"font-family: times new roman, times, serif; font-size: 10pt;\">verh.<\/span><\/td>\n<\/tr>\n<tr>\n<td style=\"text-align: center;\" width=\"27\"><span style=\"font-family: times new roman, times, serif; font-size: 10pt;\">2<\/span><\/td>\n<td width=\"125\"><span style=\"font-family: times new roman, times, serif; font-size: 10pt;\">Johann Th\u00f6nges<\/span><\/td>\n<td style=\"text-align: center;\" width=\"74\"><\/td>\n<td style=\"text-align: center;\" width=\"74\"><\/td>\n<td style=\"text-align: center;\" width=\"76\"><span style=\"font-family: times new roman, times, serif; font-size: 10pt;\">xx.xx.1667<\/span><\/td>\n<td style=\"text-align: center;\" width=\"76\"><\/td>\n<td style=\"text-align: center;\" width=\"74\"><\/td>\n<td style=\"text-align: center;\" width=\"39\"><\/td>\n<td style=\"text-align: center;\" width=\"38\"><\/td>\n<\/tr>\n<tr>\n<td style=\"text-align: center;\" width=\"27\"><span style=\"font-family: times new roman, times, serif; font-size: 10pt;\">3<\/span><\/td>\n<td width=\"125\"><span style=\"font-family: times new roman, times, serif; font-size: 10pt;\">Anna Katharina<\/span><\/td>\n<td style=\"text-align: center;\" width=\"74\"><\/td>\n<td style=\"text-align: center;\" width=\"74\"><\/td>\n<td style=\"text-align: center;\" width=\"76\"><span style=\"font-family: times new roman, times, serif; font-size: 10pt;\">10.05.1668<\/span><\/td>\n<td style=\"text-align: center;\" width=\"76\"><\/td>\n<td style=\"text-align: center;\" width=\"74\"><\/td>\n<td style=\"text-align: center;\" width=\"39\"><\/td>\n<td style=\"text-align: center;\" width=\"38\"><span style=\"font-family: times new roman, times, serif; font-size: 10pt;\">verh.<\/span><\/td>\n<\/tr>\n<tr>\n<td style=\"text-align: center;\" width=\"27\"><span style=\"font-family: times new roman, times, serif; font-size: 10pt;\">4<\/span><\/td>\n<td width=\"125\"><span style=\"font-family: times new roman, times, serif; font-size: 10pt;\">Eva Elisabeth<\/span><\/td>\n<td style=\"text-align: center;\" width=\"74\"><\/td>\n<td style=\"text-align: center;\" width=\"74\"><\/td>\n<td style=\"text-align: center;\" width=\"76\"><span style=\"font-family: times new roman, times, serif; font-size: 10pt;\">11.06.1671<\/span><\/td>\n<td style=\"text-align: center;\" width=\"76\"><\/td>\n<td style=\"text-align: center;\" width=\"74\"><span style=\"font-family: times new roman, times, serif; font-size: 10pt;\">27.12.1701<\/span><\/td>\n<td style=\"text-align: center;\" width=\"39\"><span style=\"font-family: times new roman, times, serif; font-size: 10pt;\">45<\/span><\/td>\n<td style=\"text-align: center;\" width=\"38\"><span style=\"font-family: times new roman, times, serif; font-size: 10pt;\">verh.<\/span><\/td>\n<\/tr>\n<tr>\n<td style=\"text-align: center;\" width=\"27\"><span style=\"font-family: times new roman, times, serif; font-size: 10pt;\">5<\/span><\/td>\n<td width=\"125\"><span style=\"font-family: times new roman, times, serif; font-size: 10pt;\">Anna Apollonia<\/span><\/td>\n<td style=\"text-align: center;\" width=\"74\"><\/td>\n<td style=\"text-align: center;\" width=\"74\"><\/td>\n<td style=\"text-align: center;\" width=\"76\"><span style=\"font-family: times new roman, times, serif; font-size: 10pt;\">11.06.1671<\/span><\/td>\n<td style=\"text-align: center;\" width=\"76\"><span style=\"font-family: times new roman, times, serif; font-size: 10pt;\">26.04.1713<\/span><\/td>\n<td style=\"text-align: center;\" width=\"74\"><span style=\"font-family: times new roman, times, serif; font-size: 10pt;\">27.04.1713<\/span><\/td>\n<td style=\"text-align: center;\" width=\"39\"><span style=\"font-family: times new roman, times, serif; font-size: 10pt;\">58<\/span><\/td>\n<td style=\"text-align: center;\" width=\"38\"><span style=\"font-family: times new roman, times, serif; font-size: 10pt;\">ledig<\/span><\/td>\n<\/tr>\n<tr>\n<td style=\"text-align: center;\" width=\"27\"><span style=\"font-family: times new roman, times, serif; font-size: 10pt;\">6<\/span><\/td>\n<td width=\"125\"><span style=\"font-family: times new roman, times, serif; font-size: 10pt;\">Johann Philipp<\/span><\/td>\n<td style=\"text-align: center;\" width=\"74\"><\/td>\n<td style=\"text-align: center;\" width=\"74\"><\/td>\n<td style=\"text-align: center;\" width=\"76\"><span style=\"font-family: times new roman, times, serif; font-size: 10pt;\">07.06.1674<\/span><\/td>\n<td style=\"text-align: center;\" width=\"76\"><\/td>\n<td style=\"text-align: center;\" width=\"74\"><\/td>\n<td style=\"text-align: center;\" width=\"39\"><\/td>\n<td style=\"text-align: center;\" width=\"38\"><span style=\"font-family: times new roman, times, serif; font-size: 10pt;\">verh.<\/span><\/td>\n<\/tr>\n<tr>\n<td style=\"text-align: center;\" width=\"27\"><span style=\"font-family: times new roman, times, serif; font-size: 10pt;\">7<\/span><\/td>\n<td width=\"125\"><span style=\"font-family: times new roman, times, serif; font-size: 10pt;\">Anna Margaretha<\/span><\/td>\n<td style=\"text-align: center;\" width=\"74\"><\/td>\n<td style=\"text-align: center;\" width=\"74\"><\/td>\n<td style=\"text-align: center;\" width=\"76\"><span style=\"font-family: times new roman, times, serif; font-size: 10pt;\">19.05.1678<\/span><\/td>\n<td style=\"text-align: center;\" width=\"76\"><\/td>\n<td style=\"text-align: center;\" width=\"74\"><\/td>\n<td style=\"text-align: center;\" width=\"39\"><\/td>\n<td style=\"text-align: center;\" width=\"38\"><\/td>\n<\/tr>\n<\/tbody>\n<\/table>\n<p><span style=\"font-family: times new roman, times, serif; font-size: 10pt;\">Kind Nr. 1) oo I. 07.11.1676 Niederbachheim mit Anna Magdalena Schmidt aus Kehlbach (+ 31.12.1682 Kehlbach); oo II. mit N. N.<br \/>\n<\/span><span style=\"font-family: times new roman, times, serif; font-size: 10pt;\">Kind Nr. 3) oo 19.04.1681 Niederbachheim mit Philipp Th\u00f6nges Gensmann; Fam. wohnt in Winterwerb<br \/>\nKind Nr. 4) oo 02.12.1690 Marienfels mit Jost Laux, Witwer aus Berg; Familie wohnt in Berg<br \/>\n<\/span><span style=\"font-family: times new roman, times, serif; font-size: 10pt;\">Kind Nr. 5) hat illeg. Kind Anna Christina * 1696; im Konfirmationseintrag ihrer Tochter 1710 als \u201e2fache Hure\u201c genannt<br \/>\n<\/span><span style=\"font-family: times new roman, times, serif; font-size: 10pt;\">Kind Nr. 6) oo 06.10.1691 Niederbachheim mit Anna Magdalena Schmidt aus Geisig<br \/>\n<\/span><span style=\"font-family: times new roman, times, serif; font-size: 10pt;\">Kind Nr. 7) oo 15.05.1704 Niederbachheim mit Th\u00f6nges Winterwerber, Witwer aus Niederbachheim<\/span><\/p>\n<hr \/>\n<p><span style=\"font-family: times new roman, times, serif; font-size: 10pt;\"><span style=\"color: #ff0000;\"><strong><u>Pfeifer<\/u><\/strong><strong>, Johann Daniel:<\/strong> <\/span>Sohn des Adam Pfeifer<\/span><\/p>\n<p style=\"text-align: justify;\"><span style=\"font-family: times new roman, times, serif; font-size: 10pt;\"><strong>oo I. 07.11.1676 Niederbachheim<\/strong> mit <strong><u>Schmidt<\/u>, Anna Magdalena:<\/strong> + 31.12.1682, 31 Jahre und 4 Wochen alt; Tochter des verst. <a href=\"http:\/\/www.ahnenforschung-jackmuth.de\/?page_id=9243\">Th\u00f6nges Schmidt<\/a> aus Kehlbach<\/span><\/p>\n<table>\n<tbody>\n<tr>\n<td style=\"text-align: center;\" width=\"29\"><span style=\"font-family: times new roman, times, serif; font-size: 10pt;\"><strong>Nr.<\/strong><\/span><\/td>\n<td width=\"136\"><span style=\"font-family: times new roman, times, serif; font-size: 10pt;\"><strong>Vorname (normiert)<\/strong><\/span><\/td>\n<td style=\"text-align: center;\" width=\"76\"><span style=\"font-family: times new roman, times, serif; font-size: 10pt;\"><strong>geboren<\/strong><\/span><\/td>\n<td style=\"text-align: center;\" width=\"76\"><span style=\"font-family: times new roman, times, serif; font-size: 10pt;\"><strong>getauft<\/strong><\/span><\/td>\n<td style=\"text-align: center;\" width=\"78\"><span style=\"font-family: times new roman, times, serif; font-size: 10pt;\"><strong>konfirmiert<\/strong><\/span><\/td>\n<td style=\"text-align: center;\" width=\"67\"><span style=\"font-family: times new roman, times, serif; font-size: 10pt;\"><strong>gestorben<\/strong><\/span><\/td>\n<td style=\"text-align: center;\" width=\"65\"><span style=\"font-family: times new roman, times, serif; font-size: 10pt;\"><strong>begraben<\/strong><\/span><\/td>\n<td style=\"text-align: center;\" width=\"36\"><span style=\"font-family: times new roman, times, serif; font-size: 10pt;\"><strong>Alter<\/strong><\/span><\/td>\n<td style=\"text-align: center;\" width=\"42\"><span style=\"font-family: times new roman, times, serif; font-size: 10pt;\"><strong>Stand<\/strong><\/span><\/td>\n<\/tr>\n<tr>\n<td style=\"text-align: center;\" width=\"29\"><span style=\"font-family: times new roman, times, serif; font-size: 10pt;\">1<\/span><\/td>\n<td width=\"136\"><span style=\"font-family: times new roman, times, serif; font-size: 10pt;\">Eva Margaretha<\/span><\/td>\n<td style=\"text-align: center;\" width=\"76\"><span style=\"font-family: times new roman, times, serif; font-size: 10pt;\">03.10.1679<\/span><\/td>\n<td style=\"text-align: center;\" width=\"76\"><span style=\"font-family: times new roman, times, serif; font-size: 10pt;\">12.10.1679<\/span><\/td>\n<td style=\"text-align: center;\" width=\"78\"><span style=\"font-family: times new roman, times, serif; font-size: 10pt;\">04.06.1693<\/span><\/td>\n<td style=\"text-align: center;\" width=\"67\"><\/td>\n<td style=\"text-align: center;\" width=\"65\"><\/td>\n<td style=\"text-align: center;\" width=\"36\"><\/td>\n<td style=\"text-align: center;\" width=\"42\"><\/td>\n<\/tr>\n<\/tbody>\n<\/table>\n<p><span style=\"font-family: times new roman, times, serif; font-size: 10pt;\">Kind Nr. 1) oo 14.11.1702 Niederbachheim mit Johann Th\u00f6nges, Sohn des Johann Peter W\u00f6ll aus Miehlen; Fam. wohnt in Kehlbach<\/span><\/p>\n<p style=\"text-align: justify;\"><span style=\"font-family: times new roman, times, serif; font-size: 10pt;\">Eintragstext: <em>Den 3ten [Octo]bris de\u00df Morgens vmb 5 Vhr ist Daniel Pfeiffern zu Kehlbach eine junge Tochter geboren vnd den 12 ejusdem mensis, Dom[inica] 17 post Trin[itatis] getauft worden. Gevattern sind gewe\u00dfen: Eva Elisabetha, sein Schwester; Anna Margretha, Jacob Schmieds hinderla\u00dfene Tochter von Gei\u00dfig; vnd M&lt;&#8230;&gt; Georg Philip\u00df Friedgen von Braubach. Ihr Nahm ist Eva Margretha.<\/em><\/span><\/p>\n<p><span style=\"font-family: times new roman, times, serif; font-size: 10pt;\"><em>\u00a0<\/em><\/span><span style=\"font-family: times new roman, times, serif; font-size: 10pt;\"><strong>oo II.<\/strong> mit <strong>N. N.<\/strong><\/span><\/p>\n<table>\n<tbody>\n<tr>\n<td style=\"text-align: center;\" width=\"29\"><span style=\"font-family: times new roman, times, serif; font-size: 10pt;\"><strong>Nr.<\/strong><\/span><\/td>\n<td width=\"129\"><span style=\"font-family: times new roman, times, serif; font-size: 10pt;\"><strong>Vorname (normiert)<\/strong><\/span><\/td>\n<td style=\"text-align: center;\" width=\"75\"><span style=\"font-family: times new roman, times, serif; font-size: 10pt;\"><strong>geboren<\/strong><\/span><\/td>\n<td style=\"text-align: center;\" width=\"75\"><span style=\"font-family: times new roman, times, serif; font-size: 10pt;\"><strong>getauft<\/strong><\/span><\/td>\n<td style=\"text-align: center;\" width=\"77\"><span style=\"font-family: times new roman, times, serif; font-size: 10pt;\"><strong>konfirmiert<\/strong><\/span><\/td>\n<td style=\"text-align: center;\" width=\"64\"><span style=\"font-family: times new roman, times, serif; font-size: 10pt;\"><strong>gestorben<\/strong><\/span><\/td>\n<td style=\"text-align: center;\" width=\"75\"><span style=\"font-family: times new roman, times, serif; font-size: 10pt;\"><strong>begraben<\/strong><\/span><\/td>\n<td style=\"text-align: center;\" width=\"40\"><span style=\"font-family: times new roman, times, serif; font-size: 10pt;\"><strong>Alter<\/strong><\/span><\/td>\n<td style=\"text-align: center;\" width=\"41\"><span style=\"font-family: times new roman, times, serif; font-size: 10pt;\"><strong>Stand<\/strong><\/span><\/td>\n<\/tr>\n<tr>\n<td style=\"text-align: center;\" width=\"29\"><span style=\"font-family: times new roman, times, serif; font-size: 10pt;\">1<\/span><\/td>\n<td width=\"129\"><span style=\"font-family: times new roman, times, serif; font-size: 10pt;\">Johann Philipp<\/span><\/td>\n<td style=\"text-align: center;\" width=\"75\"><span style=\"font-family: times new roman, times, serif; font-size: 10pt;\">01.11.1686<\/span><\/td>\n<td style=\"text-align: center;\" width=\"75\"><span style=\"font-family: times new roman, times, serif; font-size: 10pt;\">07.11.1686<\/span><\/td>\n<td style=\"text-align: center;\" width=\"77\"><\/td>\n<td style=\"text-align: center;\" width=\"64\"><\/td>\n<td style=\"text-align: center;\" width=\"75\"><span style=\"font-family: times new roman, times, serif; font-size: 10pt;\">15.03.1689<\/span><\/td>\n<td style=\"text-align: center;\" width=\"40\"><span style=\"font-family: times new roman, times, serif; font-size: 10pt;\">2,35<\/span><\/td>\n<td style=\"text-align: center;\" width=\"41\"><\/td>\n<\/tr>\n<tr>\n<td style=\"text-align: center;\"><span style=\"font-family: times new roman, times, serif; font-size: 10pt;\">2<\/span><\/td>\n<td><span style=\"font-family: times new roman, times, serif; font-size: 10pt;\">Johann Anton<\/span><\/td>\n<td style=\"text-align: center;\"><span style=\"font-family: times new roman, times, serif; font-size: 10pt;\">01.09.1688<\/span><\/td>\n<td style=\"text-align: center;\"><span style=\"font-family: times new roman, times, serif; font-size: 10pt;\">09.09.1688<\/span><\/td>\n<td style=\"text-align: center;\"><span style=\"font-family: times new roman, times, serif; font-size: 10pt;\">08.04.1703<\/span><\/td>\n<td style=\"text-align: center;\"><\/td>\n<td style=\"text-align: center;\"><\/td>\n<td style=\"text-align: center;\"><\/td>\n<td style=\"text-align: center;\"><\/td>\n<\/tr>\n<tr>\n<td style=\"text-align: center;\"><span style=\"font-family: times new roman, times, serif; font-size: 10pt;\">3<\/span><\/td>\n<td><span style=\"font-family: times new roman, times, serif; font-size: 10pt;\">Adam Henrich<\/span><\/td>\n<td style=\"text-align: center;\"><span style=\"font-family: times new roman, times, serif; font-size: 10pt;\">20.06.1691<\/span><\/td>\n<td style=\"text-align: center;\"><span style=\"font-family: times new roman, times, serif; font-size: 10pt;\">28.06.1691<\/span><\/td>\n<td style=\"text-align: center;\"><span style=\"font-family: times new roman, times, serif; font-size: 10pt;\">31.05.1705<\/span><\/td>\n<td style=\"text-align: center;\"><\/td>\n<td style=\"text-align: center;\"><\/td>\n<td style=\"text-align: center;\"><\/td>\n<td style=\"text-align: center;\"><\/td>\n<\/tr>\n<\/tbody>\n<\/table>\n<p><span style=\"font-family: times new roman, times, serif; font-size: 10pt;\">Kind Nr. 1) + an den Kinderblattern<\/span><\/p>\n<p><span style=\"font-family: times new roman, times, serif; font-size: 10pt;\"><strong>Eintragstexte Taufen<\/strong><\/span><\/p>\n<p style=\"text-align: justify;\"><span style=\"font-family: times new roman, times, serif; font-size: 10pt;\"><strong>zu 1)<\/strong> <em>Den 1ten [Novem]bris Nachmittag gegen 6 Vhrn ist Daniel Pfeiffern von Kehlbach ein junger Sohn geboren vnd den 7 ejusd[em], Dom[inica] 23 post Trin[itatis], getauft worden. Gev. sind gewe\u00dfen: Johann Phil., sein Bruder; Johann Phil., Johann Th\u00f6nge\u00df Mayen Sohn daselbst; vnd Anna Sybilla, Gottfried Henrich H[aus]fraw von De\u00dfigoben. Sein Nahm ist Johann Philip\u00df.<br \/>\n<\/em><\/span><span style=\"font-family: times new roman, times, serif; font-size: 10pt;\"><strong>zu 2)<\/strong> <em>Den 1 [Septem]bris de\u00df Morgens vmb 7 Vhr ist Daniel Pfeiffern zu Kehlbach ein junger Sohn geboren vnd den 9 ejusd[em], Dom[inica] 13 post Trin[itatis], getauft worden. Gev. sind gewe\u00dfen: Han\u00df Friedrich von Gei\u00dfig; Th\u00f6nge\u00df Pfeiffer, gleichfal\u00df daselbst; vnd Anna Maria, Jacob Schmiedt H[aus]fraw zu Kehlbach. Sein Nahm ist Joh: Anthonius.<br \/>\n<\/em><\/span><span style=\"font-family: times new roman, times, serif; font-size: 10pt;\"><strong>zu 3)<\/strong> <em>Eodem die de\u00df Morgen\u00df umb 5 vhrn ist Daniel Pfeiffern von Kehlbach ein junger Sohn geboren vnd den 28 ejusdem, Dominica 3 post Trinitatis, getauft worden. Gevattern sind gewe\u00dfen: Henrich, Simon Schmieds Sohn daselbst; Johann Adam Heyman von Eberwie\u00df; vnd Anna Margretha Pfeifferin, sein Schwester. Sein Nahm ist Adam Henrich.<\/em><\/span><\/p>\n<hr \/>\n<p style=\"text-align: justify;\"><span style=\"font-family: times new roman, times, serif; font-size: 10pt;\"><span style=\"color: #ff0000;\"><strong><u>Pfeifer<\/u><\/strong><strong>, Anna Apollonia:<\/strong> <\/span>konf. 11.06.1671; + 26.04.1713 Kehlbach, 58 Jahre alt (bg. 27.04.); Tochter des Adam Pfeifer aus Kehlbach; im Konfirmationseintrag ihrer Tochter 1710 als \u201e2fache Hure\u201c genannt<\/span><\/p>\n<p><span style=\"font-family: times new roman, times, serif; font-size: 10pt;\"><strong>o-o<\/strong> mit <strong><u>Mager<\/u>, Peter: <\/strong>genannt im Poenitentenregister 02.012.1720<\/span><\/p>\n<table>\n<tbody>\n<tr>\n<td style=\"text-align: center;\" width=\"30\"><span style=\"font-family: times new roman, times, serif; font-size: 10pt;\"><strong>Nr.<\/strong><\/span><\/td>\n<td width=\"136\"><span style=\"font-family: times new roman, times, serif; font-size: 10pt;\"><strong>Vorname (normiert)<\/strong><\/span><\/td>\n<td style=\"text-align: center;\" width=\"76\"><span style=\"font-family: times new roman, times, serif; font-size: 10pt;\"><strong>geboren<\/strong><\/span><\/td>\n<td style=\"text-align: center;\" width=\"67\"><span style=\"font-family: times new roman, times, serif; font-size: 10pt;\"><strong>getauft<\/strong><\/span><\/td>\n<td style=\"text-align: center;\" width=\"78\"><span style=\"font-family: times new roman, times, serif; font-size: 10pt;\"><strong>konfirmiert<\/strong><\/span><\/td>\n<td style=\"text-align: center;\" width=\"69\"><span style=\"font-family: times new roman, times, serif; font-size: 10pt;\"><strong>gestorben<\/strong><\/span><\/td>\n<td style=\"text-align: center;\" width=\"67\"><span style=\"font-family: times new roman, times, serif; font-size: 10pt;\"><strong>begraben<\/strong><\/span><\/td>\n<td style=\"text-align: center;\" width=\"38\"><span style=\"font-family: times new roman, times, serif; font-size: 10pt;\"><strong>Alter<\/strong><\/span><\/td>\n<td style=\"text-align: center;\" width=\"43\"><span style=\"font-family: times new roman, times, serif; font-size: 10pt;\"><strong>Stand<\/strong><\/span><\/td>\n<\/tr>\n<tr>\n<td style=\"text-align: center;\" width=\"30\"><span style=\"font-family: times new roman, times, serif; font-size: 10pt;\">1<\/span><\/td>\n<td width=\"136\"><span style=\"font-family: times new roman, times, serif; font-size: 10pt;\">Anna Christina (illeg.)<\/span><\/td>\n<td style=\"text-align: center;\" width=\"76\"><span style=\"font-family: times new roman, times, serif; font-size: 10pt;\">xx.xx.1696<\/span><\/td>\n<td style=\"text-align: center;\" width=\"67\"><\/td>\n<td style=\"text-align: center;\" width=\"78\"><span style=\"font-family: times new roman, times, serif; font-size: 10pt;\">08.06.1710<\/span><\/td>\n<td style=\"text-align: center;\" width=\"69\"><\/td>\n<td style=\"text-align: center;\" width=\"67\"><\/td>\n<td style=\"text-align: center;\" width=\"38\"><\/td>\n<td style=\"text-align: center;\" width=\"43\"><\/td>\n<\/tr>\n<\/tbody>\n<\/table>\n<p style=\"text-align: justify;\"><span style=\"font-family: times new roman, times, serif; font-size: 10pt;\">Kind Nr. 1) dient 1720 auf dem Falkenborner Hof; o-o mit Philipp Henrich Schmidt, kath., Knecht auf dem Falkenborner Hof; am 02.12.1720 im Poenitentenregister: <em>A[nn]o 1720, Dom[inica] I Advent[us], war der 2te [Decem]br[is], hat Anna Christina, von Peter Mager und Anna Apolonia Pfeifferin au\u00df unehlichem Beyschlaff gezeuget u. zu Kelbach geboren, offent[lich] Kirchenbu\u00df gethan, indem sie sich in ihrem Dienst auff dem Falckenborner Hoff von dasigem Knecht Philip Henrich Schmidt, auch au\u00df uneh[lichem] Beyschlaff zu Singhoffen erzeuget, schwengern lassen. NB. Die\u00dfer Joh. Philip Schmidt ist pabst[ischer] Rel[igion] vndt ist (\u2026)<\/em><\/span><\/p>\n<p><span style=\"font-family: times new roman, times, serif; font-size: 10pt;\">Eintragstext Taufe: <em>Anna Christina vnehrlich von Adam Pfeiffers Tochter.<\/em><\/span><\/p>\n<p><span style=\"font-family: times new roman, times, serif; font-size: 10pt;\">Eintragstext Konfirmation: <em>Anna Christina, vnehrlich von Apollon[ia] Pfeifferin, 2fache Huer<\/em><\/span><\/p>\n<p style=\"text-align: justify;\"><span style=\"font-family: times new roman, times, serif; font-size: 10pt;\">Steht mit folgenden Eintrag im Poenitentenregister: <em>A[nn]o 1688, den 22ten Febr[uarii] hat Anna Apollon[ia], Adam Pfeiffers Tochter von Kehlbach, ihr Kirchenbu\u00df abgelegt, de\u00dfgleichen anno 1697, den 16ten Maij, Dom[inica] Exaudi.<\/em><\/span><\/p>\n<hr \/>\n<p><span style=\"font-family: times new roman, times, serif; font-size: 10pt;\"><span style=\"color: #ff0000;\"><strong><u>Pfeifer<\/u><\/strong><strong>, Johann Philipp:<\/strong> <\/span>konf. 07.06.1674; Sohn des Adam Pfeifer aus Kehlbach<\/span><\/p>\n<p><span style=\"font-family: times new roman, times, serif; font-size: 10pt;\"><strong>oo 06.10.1691 Niederbachheim<\/strong> mit <strong><span style=\"text-decoration: underline;\">Schmidt,<\/span> Anna Magdalena:<\/strong> Tochter des Jakob Schmidt aus Geisig (+ 08.12.1672 Geisig, 44 Jahre alt)<\/span><\/p>\n<table>\n<tbody>\n<tr>\n<td style=\"text-align: center;\" width=\"29\"><span style=\"font-family: times new roman, times, serif; font-size: 10pt;\"><strong>Nr.<\/strong><\/span><\/td>\n<td width=\"132\"><span style=\"font-family: times new roman, times, serif; font-size: 10pt;\"><strong>Vorname (normiert)<\/strong><\/span><\/td>\n<td style=\"text-align: center;\" width=\"76\"><span style=\"font-family: times new roman, times, serif; font-size: 10pt;\"><strong>geboren<\/strong><\/span><\/td>\n<td style=\"text-align: center;\" width=\"76\"><span style=\"font-family: times new roman, times, serif; font-size: 10pt;\"><strong>getauft<\/strong><\/span><\/td>\n<td style=\"text-align: center;\" width=\"69\"><span style=\"font-family: times new roman, times, serif; font-size: 10pt;\"><strong>konfirmiert<\/strong><\/span><\/td>\n<td style=\"text-align: center;\" width=\"67\"><span style=\"font-family: times new roman, times, serif; font-size: 10pt;\"><strong>gestorben<\/strong><\/span><\/td>\n<td style=\"text-align: center;\" width=\"76\"><span style=\"font-family: times new roman, times, serif; font-size: 10pt;\"><strong>begraben<\/strong><\/span><\/td>\n<td style=\"text-align: center;\" width=\"41\"><span style=\"font-family: times new roman, times, serif; font-size: 10pt;\"><strong>Alter<\/strong><\/span><\/td>\n<td style=\"text-align: center;\" width=\"42\"><span style=\"font-family: times new roman, times, serif; font-size: 10pt;\"><strong>Stand<\/strong><\/span><\/td>\n<\/tr>\n<tr>\n<td style=\"text-align: center;\" width=\"29\"><span style=\"font-family: times new roman, times, serif; font-size: 10pt;\">1<\/span><\/td>\n<td width=\"132\"><span style=\"font-family: times new roman, times, serif; font-size: 10pt;\">Adam Henrich<\/span><\/td>\n<td style=\"text-align: center;\" width=\"76\"><span style=\"font-family: times new roman, times, serif; font-size: 10pt;\">18.02.1701<\/span><\/td>\n<td style=\"text-align: center;\" width=\"76\"><span style=\"font-family: times new roman, times, serif; font-size: 10pt;\">24.02.1701<\/span><\/td>\n<td style=\"text-align: center;\" width=\"69\"><\/td>\n<td style=\"text-align: center;\" width=\"67\"><\/td>\n<td style=\"text-align: center;\" width=\"76\"><span style=\"font-family: times new roman, times, serif; font-size: 10pt;\">27.06.1701<\/span><\/td>\n<td style=\"text-align: center;\" width=\"41\"><span style=\"font-family: times new roman, times, serif; font-size: 10pt;\">0,34<\/span><\/td>\n<td style=\"text-align: center;\" width=\"42\"><\/td>\n<\/tr>\n<\/tbody>\n<\/table>\n<p style=\"text-align: justify;\"><span style=\"font-family: times new roman, times, serif; font-size: 10pt;\">Eintragstext: <em>Freytag, den 18 Febr[uarii] nachts umb 9 Vhr ist Joh. Phil. Pfeiffer von Kehlbach v[nd] Ann\u00e6 Magdal, seiner H[aus]fraw, ein junger Sohn geboren, der den 24 ej[us]d[em] in festo Matthi\u00e6 getauft worden. Gev. sindt gewe\u00dfen: Henrich Schmied; Joh. Adam, Daniel Dadner Sohn; v[nd] Eva Margretha, Daniel Pfeiffers, seines Bruders, Tochter; alle daselbst. Sein Nahm ist Adam Henrich.<\/em><\/span><\/p>\n<hr \/>\n<p><span style=\"font-family: times new roman, times, serif; font-size: 10pt;\"><span style=\"color: #ff0000;\"><strong><u><a id=\"pristum\"><\/a>Pristum<\/u><\/strong><strong>, Franz:<\/strong><\/span> Viehhirte; 1686-1688 in Kehlbach, 1690 in Schweighausen und 1692 in H\u00f6mberg<\/span><\/p>\n<p><span style=\"font-family: times new roman, times, serif; font-size: 10pt;\"><strong>oo<\/strong> mit <strong>N. N.<\/strong><\/span><\/p>\n<table>\n<tbody>\n<tr>\n<td style=\"text-align: center;\" width=\"24\"><span style=\"font-family: times new roman, times, serif; font-size: 10pt;\"><strong>Nr.<\/strong><\/span><\/td>\n<td width=\"142\"><span style=\"font-family: times new roman, times, serif; font-size: 10pt;\"><strong>Vorname (normiert)<\/strong><\/span><\/td>\n<td style=\"text-align: center;\" width=\"71\"><span style=\"font-family: times new roman, times, serif; font-size: 10pt;\"><strong>geboren<\/strong><\/span><\/td>\n<td style=\"text-align: center;\" width=\"71\"><span style=\"font-family: times new roman, times, serif; font-size: 10pt;\"><strong>getauft<\/strong><\/span><\/td>\n<td style=\"text-align: center;\" width=\"69\"><span style=\"font-family: times new roman, times, serif; font-size: 10pt;\"><strong>konfirmiert<\/strong><\/span><\/td>\n<td style=\"text-align: center;\" width=\"68\"><span style=\"font-family: times new roman, times, serif; font-size: 10pt;\"><strong>gestorben<\/strong><\/span><\/td>\n<td style=\"text-align: center;\" width=\"67\"><span style=\"font-family: times new roman, times, serif; font-size: 10pt;\"><strong>begraben<\/strong><\/span><\/td>\n<td style=\"text-align: center;\" width=\"45\"><span style=\"font-family: times new roman, times, serif; font-size: 10pt;\"><strong>Alter<\/strong><\/span><\/td>\n<td style=\"text-align: center;\" width=\"36\"><span style=\"font-family: times new roman, times, serif; font-size: 10pt;\"><strong>Stand<\/strong><\/span><\/td>\n<\/tr>\n<tr>\n<td style=\"text-align: center;\" width=\"24\"><span style=\"font-family: times new roman, times, serif; font-size: 10pt;\">1<\/span><\/td>\n<td width=\"142\"><span style=\"font-family: times new roman, times, serif; font-size: 10pt;\">Johann Henrich<\/span><\/td>\n<td style=\"text-align: center;\" width=\"71\"><span style=\"font-family: times new roman, times, serif; font-size: 10pt;\">10.12.1686<\/span><\/td>\n<td style=\"text-align: center;\" width=\"71\"><span style=\"font-family: times new roman, times, serif; font-size: 10pt;\">11.12.1686<\/span><\/td>\n<td style=\"text-align: center;\" width=\"69\"><\/td>\n<td style=\"text-align: center;\" width=\"68\"><span style=\"font-family: times new roman, times, serif; font-size: 10pt;\">12.12.1686<\/span><\/td>\n<td style=\"text-align: center;\" width=\"67\"><\/td>\n<td style=\"text-align: center;\" width=\"45\"><span style=\"font-family: times new roman, times, serif; font-size: 10pt;\">0,00<\/span><\/td>\n<td style=\"text-align: center;\" width=\"36\"><\/td>\n<\/tr>\n<tr>\n<td style=\"text-align: center;\" width=\"24\"><span style=\"font-family: times new roman, times, serif; font-size: 10pt;\">2<\/span><\/td>\n<td width=\"142\"><span style=\"font-family: times new roman, times, serif; font-size: 10pt;\">Johann Hermann<\/span><\/td>\n<td style=\"text-align: center;\" width=\"71\"><span style=\"font-family: times new roman, times, serif; font-size: 10pt;\">23.01.1688<\/span><\/td>\n<td style=\"text-align: center;\" width=\"71\"><span style=\"font-family: times new roman, times, serif; font-size: 10pt;\">29.01.1688<\/span><\/td>\n<td style=\"text-align: center;\" width=\"69\"><\/td>\n<td style=\"text-align: center;\" width=\"68\"><span style=\"font-family: times new roman, times, serif; font-size: 10pt;\">08.11.1760<\/span><\/td>\n<td style=\"text-align: center;\" width=\"67\"><span style=\"font-family: times new roman, times, serif; font-size: 10pt;\">09.11.1760<\/span><\/td>\n<td style=\"text-align: center;\" width=\"45\"><span style=\"font-family: times new roman, times, serif; font-size: 10pt;\">72,84<\/span><\/td>\n<td style=\"text-align: center;\" width=\"36\"><span style=\"font-family: times new roman, times, serif; font-size: 10pt;\">verh.<\/span><\/td>\n<\/tr>\n<tr>\n<td style=\"text-align: center;\" width=\"24\"><span style=\"font-family: times new roman, times, serif; font-size: 10pt;\">3<\/span><\/td>\n<td width=\"142\"><span style=\"font-family: times new roman, times, serif; font-size: 10pt;\">Maria Elisabeth<\/span><\/td>\n<td style=\"text-align: center;\" width=\"71\"><span style=\"font-family: times new roman, times, serif; font-size: 10pt;\">02.09.1690<\/span><\/td>\n<td style=\"text-align: center;\" width=\"71\"><span style=\"font-family: times new roman, times, serif; font-size: 10pt;\">07.09.1690<\/span><\/td>\n<td style=\"text-align: center;\" width=\"69\"><\/td>\n<td style=\"text-align: center;\" width=\"68\"><\/td>\n<td style=\"text-align: center;\" width=\"67\"><\/td>\n<td style=\"text-align: center;\" width=\"45\"><\/td>\n<td style=\"text-align: center;\" width=\"36\"><span style=\"font-family: times new roman, times, serif; font-size: 10pt;\">verh.<\/span><\/td>\n<\/tr>\n<tr>\n<td style=\"text-align: center;\" width=\"24\"><span style=\"font-family: times new roman, times, serif; font-size: 10pt;\">4<\/span><\/td>\n<td width=\"142\"><span style=\"font-family: times new roman, times, serif; font-size: 10pt;\">Johann Jost<\/span><\/td>\n<td style=\"text-align: center;\" width=\"71\"><\/td>\n<td style=\"text-align: center;\" width=\"71\"><span style=\"font-family: times new roman, times, serif; font-size: 10pt;\">20.03.1692<\/span><\/td>\n<td style=\"text-align: center;\" width=\"69\"><\/td>\n<td style=\"text-align: center;\" width=\"68\"><\/td>\n<td style=\"text-align: center;\" width=\"67\"><\/td>\n<td style=\"text-align: center;\" width=\"45\"><\/td>\n<td style=\"text-align: center;\" width=\"36\"><span style=\"font-family: times new roman, times, serif; font-size: 10pt;\">verh.<\/span><\/td>\n<\/tr>\n<\/tbody>\n<\/table>\n<p style=\"text-align: justify;\"><span style=\"font-family: times new roman, times, serif; font-size: 10pt;\">Kind Nr. 1) * Kehlbach (<em>Pristhumb<\/em>); + Kehlbach<br \/>\n<\/span><span style=\"font-family: times new roman, times, serif; font-size: 10pt;\">Kind Nr. 2) * Kehlbach (<em>Priesthumb<\/em>); + wohl Becheln \u201cbei Kunz\u201d; oo mit Maria Margaretha Patron (+ 21.06.1751 Kirchheimersborn)<br \/>\n<\/span><span style=\"font-family: times new roman, times, serif; font-size: 10pt;\">Kind Nr. 3) * Schweighausen (<em>Bri\u00dfdum<\/em>); oo 15.11.1707 Niederbachheim mit Johann Adam Geyer, Sohn des verst. Henrich Geyer, gewesener J\u00e4ger aus Wallrabenstein (H\u00fcnstetten, Rheingau-Taunus-Kreis)<br \/>\n<\/span><span style=\"font-family: times new roman, times, serif; font-size: 10pt;\">Kind Nr. 4) * H\u00f6mberg (<em>Priestom<\/em>); oo 30.04.1734 Nassau mit Maria Eva N. N. aus Singhofen<\/span><\/p>\n<p style=\"text-align: justify;\"><span style=\"font-family: times new roman, times, serif; font-size: 10pt;\"><strong>Paten:<\/strong> <strong>zu 1) <\/strong><em>ich, der Pfarrer <\/em>[Johannes J\u00fcnger oder Junior]<em>; Johann Henrich, Simon Schmieds Sohn von Kehlbach; vnd Anna Catharina, Emrich Dadnern Tochter ibidem <\/em><strong><em>\u2014<\/em><\/strong> <strong>zu 2)<\/strong> <em>Hermann Hamm von Luckershau\u00dfen, cathol.; Johann Jacob, Emrich Dadners Sohn von Kehlbach; vnd Anna Catharin[a], Johann Th\u00f6ng. Mayen Tochter daselbst <\/em><strong><em>\u2014<\/em><\/strong> <strong>zu 3) <\/strong><em>Elisabetha, Joh. Beckers see[lig] W[ittib]; Enders Jacob Metz; u. Anna Maria, Joh. <\/em><em>Crafften Fr[au], s\u00e4mbt[lich] allhier wohnhafftig <\/em><strong><em>\u2014 <\/em><\/strong><strong>zu 4) <\/strong><em>Johanne\u00df Born; it[em] Jost Kr\u00e4hner; it[em] Margreht N. von Niederlohnstein <\/em><\/span><\/p>\n<hr \/>\n<p><span style=\"font-family: times new roman, times, serif; font-size: 10pt;\"><span style=\"color: #ff0000;\"><strong><u><a id=\"prod\"><\/a>Prod<\/u><\/strong><strong>, Georg Jakob:<\/strong> <\/span>Sohn des verst. Kaspar Prod aus Bornich<\/span><\/p>\n<p style=\"text-align: justify;\"><span style=\"font-family: times new roman, times, serif; font-size: 10pt;\"><strong>oo 30.01.1705 Niederbachheim<\/strong> mit <strong><u>Kr\u00e4mer<\/u>, Anna Katharina: <\/strong>* 19.12.1679 Kehlbach (gt. 28.12.); konf. 12.05.1695; Eltern: <a href=\"http:\/\/www.ahnenforschung-jackmuth.de\/?page_id=9246#kraemer\">David Kr\u00e4mer<\/a> und Anna Elisabeth geb. Widenitz<\/span><\/p>\n<table>\n<tbody>\n<tr>\n<td style=\"text-align: center;\" width=\"29\"><span style=\"font-family: times new roman, times, serif; font-size: 10pt;\"><strong>Nr.<\/strong><\/span><\/td>\n<td width=\"135\"><span style=\"font-family: times new roman, times, serif; font-size: 10pt;\"><strong>Vorname (normiert)<\/strong><\/span><\/td>\n<td style=\"text-align: center;\" width=\"76\"><span style=\"font-family: times new roman, times, serif; font-size: 10pt;\"><strong>geboren<\/strong><\/span><\/td>\n<td style=\"text-align: center;\" width=\"76\"><span style=\"font-family: times new roman, times, serif; font-size: 10pt;\"><strong>getauft<\/strong><\/span><\/td>\n<td style=\"text-align: center;\" width=\"69\"><span style=\"font-family: times new roman, times, serif; font-size: 10pt;\"><strong>konfirmiert<\/strong><\/span><\/td>\n<td style=\"text-align: center;\" width=\"66\"><span style=\"font-family: times new roman, times, serif; font-size: 10pt;\"><strong>gestorben<\/strong><\/span><\/td>\n<td style=\"text-align: center;\" width=\"76\"><span style=\"font-family: times new roman, times, serif; font-size: 10pt;\"><strong>begraben<\/strong><\/span><\/td>\n<td style=\"text-align: center;\" width=\"40\"><span style=\"font-family: times new roman, times, serif; font-size: 10pt;\"><strong>Alter<\/strong><\/span><\/td>\n<td style=\"text-align: center;\" width=\"42\"><span style=\"font-family: times new roman, times, serif; font-size: 10pt;\"><strong>Stand<\/strong><\/span><\/td>\n<\/tr>\n<tr>\n<td style=\"text-align: center;\" width=\"29\"><span style=\"font-family: times new roman, times, serif; font-size: 10pt;\">1<\/span><\/td>\n<td width=\"135\"><span style=\"font-family: times new roman, times, serif; font-size: 10pt;\">Anna Margaretha<\/span><\/td>\n<td style=\"text-align: center;\" width=\"76\"><span style=\"font-family: times new roman, times, serif; font-size: 10pt;\">27.09.1705<\/span><\/td>\n<td style=\"text-align: center;\" width=\"76\"><span style=\"font-family: times new roman, times, serif; font-size: 10pt;\">04.10.1705<\/span><\/td>\n<td style=\"text-align: center;\" width=\"69\"><\/td>\n<td style=\"text-align: center;\" width=\"66\"><\/td>\n<td style=\"text-align: center;\" width=\"76\"><span style=\"font-family: times new roman, times, serif; font-size: 10pt;\">06.05.1710<\/span><\/td>\n<td style=\"text-align: center;\" width=\"40\"><span style=\"font-family: times new roman, times, serif; font-size: 10pt;\">4,59<\/span><\/td>\n<td style=\"text-align: center;\" width=\"42\"><\/td>\n<\/tr>\n<tr>\n<td style=\"text-align: center;\"><span style=\"font-family: times new roman, times, serif; font-size: 10pt;\">2<\/span><\/td>\n<td><span style=\"font-family: times new roman, times, serif; font-size: 10pt;\">Elisabeth Magdalena<\/span><\/td>\n<td style=\"text-align: center;\"><span style=\"font-family: times new roman, times, serif; font-size: 10pt;\">05.03.1707<\/span><\/td>\n<td style=\"text-align: center;\"><span style=\"font-family: times new roman, times, serif; font-size: 10pt;\">13.03.1707<\/span><\/td>\n<td style=\"text-align: center;\"><\/td>\n<td style=\"text-align: center;\"><\/td>\n<td style=\"text-align: center;\"><span style=\"font-family: times new roman, times, serif; font-size: 10pt;\">26.04.1707<\/span><\/td>\n<td style=\"text-align: center;\"><span style=\"font-family: times new roman, times, serif; font-size: 10pt;\">0,12<\/span><\/td>\n<td style=\"text-align: center;\"><\/td>\n<\/tr>\n<tr>\n<td style=\"text-align: center;\"><span style=\"font-family: times new roman, times, serif; font-size: 10pt;\">3<\/span><\/td>\n<td><span style=\"font-family: times new roman, times, serif; font-size: 10pt;\">Christina Katharina<\/span><\/td>\n<td style=\"text-align: center;\"><span style=\"font-family: times new roman, times, serif; font-size: 10pt;\">25.03.1708<\/span><\/td>\n<td style=\"text-align: center;\"><span style=\"font-family: times new roman, times, serif; font-size: 10pt;\">01.04.1708<\/span><\/td>\n<td style=\"text-align: center;\"><\/td>\n<td style=\"text-align: center;\"><\/td>\n<td style=\"text-align: center;\"><span style=\"font-family: times new roman, times, serif; font-size: 10pt;\">19.06.1708<\/span><\/td>\n<td style=\"text-align: center;\"><span style=\"font-family: times new roman, times, serif; font-size: 10pt;\">0,22<\/span><\/td>\n<td style=\"text-align: center;\"><\/td>\n<\/tr>\n<tr>\n<td style=\"text-align: center;\"><span style=\"font-family: times new roman, times, serif; font-size: 10pt;\">4<\/span><\/td>\n<td><span style=\"font-family: times new roman, times, serif; font-size: 10pt;\">Johann Adam<\/span><\/td>\n<td style=\"text-align: center;\"><span style=\"font-family: times new roman, times, serif; font-size: 10pt;\">01.04.1709<\/span><\/td>\n<td style=\"text-align: center;\"><span style=\"font-family: times new roman, times, serif; font-size: 10pt;\">07.04.1709<\/span><\/td>\n<td style=\"text-align: center;\"><\/td>\n<td style=\"text-align: center;\"><span style=\"font-family: times new roman, times, serif; font-size: 10pt;\">18.04.1756<\/span><\/td>\n<td style=\"text-align: center;\"><span style=\"font-family: times new roman, times, serif; font-size: 10pt;\">20.04.1756<\/span><\/td>\n<td style=\"text-align: center;\"><span style=\"font-family: times new roman, times, serif; font-size: 10pt;\">47,07<\/span><\/td>\n<td style=\"text-align: center;\"><span style=\"font-family: times new roman, times, serif; font-size: 10pt;\">verh.<\/span><\/td>\n<\/tr>\n<tr>\n<td style=\"text-align: center;\"><span style=\"font-family: times new roman, times, serif; font-size: 10pt;\">5<\/span><\/td>\n<td><span style=\"font-family: times new roman, times, serif; font-size: 10pt;\">Maria Elisabeth<\/span><\/td>\n<td style=\"text-align: center;\"><span style=\"font-family: times new roman, times, serif; font-size: 10pt;\">27.09.1712<\/span><\/td>\n<td style=\"text-align: center;\"><span style=\"font-family: times new roman, times, serif; font-size: 10pt;\">02.10.1712<\/span><\/td>\n<td style=\"text-align: center;\"><\/td>\n<td style=\"text-align: center;\"><\/td>\n<td style=\"text-align: center;\"><\/td>\n<td style=\"text-align: center;\"><\/td>\n<td style=\"text-align: center;\"><\/td>\n<\/tr>\n<\/tbody>\n<\/table>\n<p style=\"text-align: justify;\"><span style=\"font-family: times new roman, times, serif; font-size: 10pt;\">Kind Nr. 4) + Becheln, war an Gr\u00fcndonnerstag (15.04.1756) noch in der Kirche; oo 24.08.1733 Schweighausen mit Maria Elisabeth Mager (* 30.11.1714 Becheln; Eltern: Johann Peter Mager und Maria Katharina geb. Haselbach); Fam. wohnt in Becheln<br \/>\n<\/span><\/p>\n<p><span style=\"font-family: times new roman, times, serif; font-size: 10pt;\"><strong>Eintragstexte Taufen<\/strong><\/span><\/p>\n<p style=\"text-align: justify;\"><span style=\"font-family: times new roman, times, serif; font-size: 10pt;\"><strong>zu 1)<\/strong> <em>Sontag, den 27 [Septem]bris Nachmittag umb 5 Vhrn ist Ge\u00f6rg Jacob Proden von Kehlbach v[nd] Ann[ae] Catharin[ae], s[einer] Hau\u00dffraw, ein junge Tochter geboren, welche den 4 Octob[ris], Dom[inica] 17 post Trinit[atis], getauft worden. Gev. sind gewe\u00dfen: Anna Margr., Ad[am] Schmieds hinder[lassene] Tochter allhier; Anna Margr. Kr\u00e4merin, s[einer] Fraw Schwester, bey Herr Wagenmeister vigera <\/em>[?]<em> von Ruppershoffen selbsten, weil aber die\u00dfer Schimpfs wegen bey seiner Magd nicht stehen wollen, so hat er eylends meine Tochter Elis. Magdal. anstatt iener erwehlet, die das Wercken helffen verrichten; v[nd] Joh. Philip\u00df Prod, sein Bruder von Bornich. Ihr Nahm ist Anna Margreth.<br \/>\n<\/em><\/span><span style=\"font-family: times new roman, times, serif; font-size: 10pt;\"><strong>zu 2)<\/strong> <em>Sambstag, den 5 Mertz nach Mitternacht umb 1 Vhr ist Georg Jacob Proden von Kehlbach vnd Ann\u00e6 Cathar., seiner Hau\u00dffaw, eine junge Tochter geboren geboren, welche den 13 ej[us]d[em], Dom[inica] Invocavit, getauft worden. Gev. sind gewe\u00dfen: Anna Magdal., sein Schwester d[e] Bornich; Maria Elisab., Joh. Adam Proden, seines Vatters, Hau\u00dffr[au] ibid[em]; vnd Joh. Adam Laux, Joh. Th\u00f6ng. Mayen Eydam von Kehlbach. Ihr Nahm ist Elisabeth[a] Magdalen[a].<br \/>\n<\/em><\/span><span style=\"font-family: times new roman, times, serif; font-size: 10pt;\"><strong>zu 3)<\/strong> <em>Sontag, den 25 Mertz de\u00df Nachts umb 11 Vhr ist Georg Jacob Proden von Kehlbach vnd Annen Cathr., s[einer] Hau\u00dffr[au], eine junge Tochter geboren, welcher den 1 April[is], Dom[inica] Palmar[um], getauft worden. Gev. sind gewe\u00dfen: Anna Christina, meine Hau\u00dffr., Anna Cathar., Phil. Sim. Winterwerbers, p[rae]tor[is] Hass[iaci], Hau\u00dffraw von Oberbacheim; v[nd] Joh,. Adam Dadner von Kehlbach. Ihr Nahm ist Christina Catharina.<br \/>\n<\/em><\/span><span style=\"font-family: times new roman, times, serif; font-size: 10pt;\"><strong>zu 4)<\/strong> <em>Montag, den 1 April[is] abends umb 12 Vhr ist Georg Jacob Proden von Kehlbach v[nd] Ann\u00e6 Catharin\u00e6, seiner H[aus]fraw, ein junger Sohn geboren, der den 7 ej[us]d[em], Dom[inica] Quasimodog[eniti], getauft worden. Gev. sind gewe\u00dfen: Adam Henrich, Dan. Pfeiffers Sohn; Daniel Dadner; vnd Maria Elisabeth, Th\u00f6nge\u00df Schmieds Hau\u00dffraw; alle von Kehlbach; Sein Nahm ist Johann Adam.<br \/>\n<\/em><\/span><span style=\"font-family: times new roman, times, serif; font-size: 10pt;\"><strong>zu 5)<\/strong> <em>Dienstag, den 27 Sept[embris] zw[ischen] 1 \u2013 2 hat Anna Catharina, Ge\u00f6rg Jacobs Proden Frau zu Kehlbach eine Tochter bekommen, welche den 19 p[ost] Tr[initatis] getauffet und von Nachfolgenden gehoben worden ist: der Patt ist gewesen sein Bruder Philips Henrich zu Bornich; item Johann Philips <\/em>[ ]<em> daselbsten; noch von dannen die Goth Anna Florentin[a], Philips Jacobs Romers hinter[lassene] Tochter; und endlich \u2026 Magd Maria Elisab: Brentzin von Nochern. Des Kindes Nahm ist Maria Elisabeth. Dn. Frowein<\/em><\/span><\/p>\n<hr \/>\n<p><span style=\"font-family: times new roman, times, serif; font-size: 10pt;\"><span style=\"color: #ff0000;\"><strong><u>Prod<\/u><\/strong><strong>, Philipp Henrich:<\/strong> <\/span>+ 04.12.1716 Kehlbach (bg. 05.12.), 30 Jahre alt<\/span><\/p>\n<p><span style=\"font-family: times new roman, times, serif; font-size: 10pt;\"><strong>prokl. 23.06., 30.06. und 07.07.1715 Niederbachheim<\/strong> mit <strong>Anna Katharina<\/strong><\/span><\/p>\n<table>\n<tbody>\n<tr>\n<td style=\"text-align: center;\" width=\"29\"><span style=\"font-family: times new roman, times, serif; font-size: 10pt;\"><strong>Nr.<\/strong><\/span><\/td>\n<td width=\"132\"><span style=\"font-family: times new roman, times, serif; font-size: 10pt;\"><strong>Vorname (normiert)<\/strong><\/span><\/td>\n<td style=\"text-align: center;\" width=\"76\"><span style=\"font-family: times new roman, times, serif; font-size: 10pt;\"><strong>geboren<\/strong><\/span><\/td>\n<td style=\"text-align: center;\" width=\"76\"><span style=\"font-family: times new roman, times, serif; font-size: 10pt;\"><strong>getauft<\/strong><\/span><\/td>\n<td style=\"text-align: center;\" width=\"69\"><span style=\"font-family: times new roman, times, serif; font-size: 10pt;\"><strong>konfirmiert<\/strong><\/span><\/td>\n<td style=\"text-align: center;\" width=\"78\"><span style=\"font-family: times new roman, times, serif; font-size: 10pt;\"><strong>gestorben<\/strong><\/span><\/td>\n<td style=\"text-align: center;\" width=\"65\"><span style=\"font-family: times new roman, times, serif; font-size: 10pt;\"><strong>begraben<\/strong><\/span><\/td>\n<td style=\"text-align: center;\" width=\"41\"><span style=\"font-family: times new roman, times, serif; font-size: 10pt;\"><strong>Alter<\/strong><\/span><\/td>\n<td style=\"text-align: center;\" width=\"42\"><span style=\"font-family: times new roman, times, serif; font-size: 10pt;\"><strong>Stand<\/strong><\/span><\/td>\n<\/tr>\n<tr>\n<td style=\"text-align: center;\" width=\"29\"><span style=\"font-family: times new roman, times, serif; font-size: 10pt;\">1<\/span><\/td>\n<td width=\"132\"><span style=\"font-family: times new roman, times, serif; font-size: 10pt;\">Johann Adam<\/span><\/td>\n<td style=\"text-align: center;\" width=\"76\"><span style=\"font-family: times new roman, times, serif; font-size: 10pt;\">19.09.1716<\/span><\/td>\n<td style=\"text-align: center;\" width=\"76\"><span style=\"font-family: times new roman, times, serif; font-size: 10pt;\">24.09.1716<\/span><\/td>\n<td style=\"text-align: center;\" width=\"69\"><\/td>\n<td style=\"text-align: center;\" width=\"78\"><span style=\"font-family: times new roman, times, serif; font-size: 10pt;\">28.07.1718<\/span><\/td>\n<td style=\"text-align: center;\" width=\"65\"><\/td>\n<td style=\"text-align: center;\" width=\"41\"><span style=\"font-family: times new roman, times, serif; font-size: 10pt;\">1,84<\/span><\/td>\n<td style=\"text-align: center;\" width=\"42\"><\/td>\n<\/tr>\n<\/tbody>\n<\/table>\n<p style=\"text-align: justify;\"><span style=\"font-family: times new roman, times, serif; font-size: 10pt;\">Eintragstext: <em>Den 19ten Sept[embris] nat[us] et 24 ej[us]d[em] renat[us] Johann Adam, Philipp Henrich Broden v[nd] Anna Christina [filius]. Susc[eptores]: Joh. Adam Laux von Kelbach; Joh. Adam, Joh. Valentin Beckers relict[us] fil[ius]; v[nd] Elisab[etha] Magdalena, Johannes Zorbachs Fr[au] von Oberbachheim.<\/em><\/span><\/p>\n<hr \/>\n<p><span style=\"font-family: times new roman, times, serif; font-size: 10pt;\"><span style=\"color: #ff0000;\"><strong><u><a id=\"schnee\"><\/a>Schnee<\/u>, Daniel:<\/strong> <\/span>aus Kehlbach; bg. 03.04.1667<\/span><\/p>\n<p><span style=\"font-family: times new roman, times, serif; font-size: 10pt;\"><strong>oo<\/strong> mit <strong>Katharina:<\/strong> bg. 16.12.1667<\/span><\/p>\n<hr \/>\n<p><span style=\"font-family: times new roman, times, serif; font-size: 10pt;\"><span style=\"color: #ff0000;\"><strong><u><a id=\"schweitzer\"><\/a>Schweitzer<\/u>, Hans Barthel:<\/strong> <\/span>Theriakkr\u00e4mer aus Schwaben, h\u00e4lt sich bei Bastian Widenitz zu Kehlbach auf<\/span><\/p>\n<p><span style=\"font-family: times new roman, times, serif; font-size: 10pt;\"><strong>oo<\/strong> mit <strong>N. N.<\/strong><\/span><\/p>\n<table>\n<tbody>\n<tr>\n<td style=\"text-align: center;\" width=\"30\"><span style=\"font-family: times new roman, times, serif; font-size: 10pt;\"><strong>Nr.<\/strong><\/span><\/td>\n<td width=\"135\"><span style=\"font-family: times new roman, times, serif; font-size: 10pt;\"><strong>Vorname (normiert)<\/strong><\/span><\/td>\n<td style=\"text-align: center;\" width=\"76\"><span style=\"font-family: times new roman, times, serif; font-size: 10pt;\"><strong>geboren<\/strong><\/span><\/td>\n<td style=\"text-align: center;\" width=\"76\"><span style=\"font-family: times new roman, times, serif; font-size: 10pt;\"><strong>getauft<\/strong><\/span><\/td>\n<td style=\"text-align: center;\" width=\"69\"><span style=\"font-family: times new roman, times, serif; font-size: 10pt;\"><strong>konfirmiert<\/strong><\/span><\/td>\n<td style=\"text-align: center;\" width=\"69\"><span style=\"font-family: times new roman, times, serif; font-size: 10pt;\"><strong>gestorben<\/strong><\/span><\/td>\n<td style=\"text-align: center;\" width=\"67\"><span style=\"font-family: times new roman, times, serif; font-size: 10pt;\"><strong>begraben<\/strong><\/span><\/td>\n<td style=\"text-align: center;\" width=\"38\"><span style=\"font-family: times new roman, times, serif; font-size: 10pt;\"><strong>Alter<\/strong><\/span><\/td>\n<td style=\"text-align: center;\" width=\"44\"><span style=\"font-family: times new roman, times, serif; font-size: 10pt;\"><strong>Stand<\/strong><\/span><\/td>\n<\/tr>\n<tr>\n<td style=\"text-align: center;\" width=\"30\"><span style=\"font-family: times new roman, times, serif; font-size: 10pt;\">1<\/span><\/td>\n<td width=\"135\"><span style=\"font-family: times new roman, times, serif; font-size: 10pt;\">Philipp Peter<\/span><\/td>\n<td style=\"text-align: center;\" width=\"76\"><span style=\"font-family: times new roman, times, serif; font-size: 10pt;\">28.06.1673<\/span><\/td>\n<td style=\"text-align: center;\" width=\"76\"><span style=\"font-family: times new roman, times, serif; font-size: 10pt;\">06.07.1673<\/span><\/td>\n<td style=\"text-align: center;\" width=\"69\"><\/td>\n<td style=\"text-align: center;\" width=\"69\"><\/td>\n<td style=\"text-align: center;\" width=\"67\"><\/td>\n<td style=\"text-align: center;\" width=\"38\"><\/td>\n<td style=\"text-align: center;\" width=\"44\"><\/td>\n<\/tr>\n<\/tbody>\n<\/table>\n<p style=\"text-align: justify;\"><span style=\"font-family: times new roman, times, serif; font-size: 10pt;\">Eintragstext: <em>Den 28ten Junij de\u00df Nachts vmb 10 Vhrn ist Han\u00df Barthel Schweitzer au\u00dfm Schwabenland, Wohndorff genant, burtig, seiner Handthierung nach ein Theriackskr\u00e4mer, damahl\u00df bey Bastian Widenitzen zu Kehlbach sich aufhaltend, eine junge Tochter geboren vndt den 6ten Julij allhier getauft worden. Gevattern sind gewe\u00dfen: Peter R&#8230;, vom Kirchhain burtig, de\u00df Scharffrichters Kne&lt;echt&gt; von Nastetten; Philip\u00df Adam, Joann Georg St\u00f6tzers Sohn von Mihlen; Anna, Joh. Merten D\u00f6ring, Scharpffrichters H[aus]fraw von Nastetten; vnd Anna Elisabetha, Bastian Widenitzen filia von Kehlbach. Sein Nahm ist Philip\u00df Peter.<\/em><\/span><\/p>\n<hr \/>\n<p style=\"text-align: justify;\"><span style=\"font-family: times new roman, times, serif; font-size: 10pt;\"><span style=\"color: #ff0000;\"><strong><u><a id=\"sommer\"><\/a>Sommer<\/u><\/strong><strong>, Johann Henrich:<\/strong>\u00a0<\/span><\/span><span style=\"font-family: times new roman, times, serif; font-size: 10pt;\">1709-1712 in Dessighofen; * 04.07.1681 Oberbachheim (gt. 10.07.); konf. 12.05.1695; Eltern: Johann Daniel Sommer und Anna Katharina geb. Gerhard<\/span><\/p>\n<p style=\"text-align: justify;\"><span style=\"font-family: times new roman, times, serif; font-size: 10pt;\"><strong>oo 27.01.1709 Niederbachheim<\/strong> (nur im Poenitentenregister) mit <strong><u>Winterwerber<\/u>, Anna Christina:<\/strong> * 28.05.1684 Winterwerb (gt. 08.06.); konf. 28.05.1699; Eltern: Johann Daniel Winterwerber und Anna Maria geb. Wagner<\/span><\/p>\n<p style=\"text-align: justify;\"><span style=\"font-family: times new roman, times, serif; font-size: 10pt;\">Stehen im Poenitentenregister: <em>A[nn]o [1]709, den 27 Jan[uarii], Dom[inica] Septuages[ima], haben Johann Henrich, Johann Daniel Sommer\u00df Sohn von Oberbacheim, vnd Anna Christina, Joh. Dan. Winterwerber\u00df filia ibidem, ihre Kirchenbu\u00df abgelegt v[nd] sind al\u00dfbald copulirt worden.<\/em><\/span><\/p>\n<table>\n<tbody>\n<tr>\n<td style=\"text-align: center;\" width=\"28\"><span style=\"font-family: times new roman, times, serif; font-size: 10pt;\"><strong>Nr.<\/strong><\/span><\/td>\n<td width=\"131\"><span style=\"font-family: times new roman, times, serif; font-size: 10pt;\"><strong>Vorname (normiert)<\/strong><\/span><\/td>\n<td style=\"text-align: center;\" width=\"75\"><span style=\"font-family: times new roman, times, serif; font-size: 10pt;\"><strong>geboren<\/strong><\/span><\/td>\n<td style=\"text-align: center;\" width=\"75\"><span style=\"font-family: times new roman, times, serif; font-size: 10pt;\"><strong>getauft<\/strong><\/span><\/td>\n<td style=\"text-align: center;\" width=\"69\"><span style=\"font-family: times new roman, times, serif; font-size: 10pt;\"><strong>konfirmiert<\/strong><\/span><\/td>\n<td style=\"text-align: center;\" width=\"77\"><span style=\"font-family: times new roman, times, serif; font-size: 10pt;\"><strong>gestorben<\/strong><\/span><\/td>\n<td style=\"text-align: center;\" width=\"75\"><span style=\"font-family: times new roman, times, serif; font-size: 10pt;\"><strong>begraben<\/strong><\/span><\/td>\n<td style=\"text-align: center;\" width=\"40\"><span style=\"font-family: times new roman, times, serif; font-size: 10pt;\"><strong>Alter<\/strong><\/span><\/td>\n<td style=\"text-align: center;\" width=\"40\"><span style=\"font-family: times new roman, times, serif; font-size: 10pt;\"><strong>Stand<\/strong><\/span><\/td>\n<\/tr>\n<tr>\n<td style=\"text-align: center;\" width=\"28\"><span style=\"font-family: times new roman, times, serif; font-size: 10pt;\">1<\/span><\/td>\n<td width=\"131\"><span style=\"font-family: times new roman, times, serif; font-size: 10pt;\">Johann Th\u00f6nges<\/span><\/td>\n<td style=\"text-align: center;\" width=\"75\"><span style=\"font-family: times new roman, times, serif; font-size: 10pt;\">30.03.1709<\/span><\/td>\n<td style=\"text-align: center;\" width=\"75\"><span style=\"font-family: times new roman, times, serif; font-size: 10pt;\">30.03.1709<\/span><\/td>\n<td style=\"text-align: center;\" width=\"69\"><\/td>\n<td style=\"text-align: center;\" width=\"77\"><\/td>\n<td style=\"text-align: center;\" width=\"75\"><\/td>\n<td style=\"text-align: center;\" width=\"40\"><\/td>\n<td style=\"text-align: center;\" width=\"40\"><\/td>\n<\/tr>\n<tr>\n<td style=\"text-align: center;\" width=\"28\"><span style=\"font-family: times new roman, times, serif; font-size: 10pt;\">2<\/span><\/td>\n<td width=\"131\"><span style=\"font-family: times new roman, times, serif; font-size: 10pt;\">Johann Adam<\/span><\/td>\n<td style=\"text-align: center;\" width=\"75\"><span style=\"font-family: times new roman, times, serif; font-size: 10pt;\">14.01.1712<\/span><\/td>\n<td style=\"text-align: center;\" width=\"75\"><span style=\"font-family: times new roman, times, serif; font-size: 10pt;\">19.01.1712<\/span><\/td>\n<td style=\"text-align: center;\" width=\"69\"><\/td>\n<td style=\"text-align: center;\" width=\"77\"><\/td>\n<td style=\"text-align: center;\" width=\"75\"><\/td>\n<td style=\"text-align: center;\" width=\"40\"><\/td>\n<td style=\"text-align: center;\" width=\"40\"><\/td>\n<\/tr>\n<tr>\n<td style=\"text-align: center;\" width=\"28\"><span style=\"font-family: times new roman, times, serif; font-size: 10pt;\">3<\/span><\/td>\n<td width=\"131\"><span style=\"font-family: times new roman, times, serif; font-size: 10pt;\">Philipp Adam<\/span><\/td>\n<td style=\"text-align: center;\" width=\"75\"><span style=\"font-family: times new roman, times, serif; font-size: 10pt;\">19.02.1714<\/span><\/td>\n<td style=\"text-align: center;\" width=\"75\"><span style=\"font-family: times new roman, times, serif; font-size: 10pt;\">24.02.1714<\/span><\/td>\n<td style=\"text-align: center;\" width=\"69\"><\/td>\n<td style=\"text-align: center;\" width=\"77\"><span style=\"font-family: times new roman, times, serif; font-size: 10pt;\">12.05.1717<\/span><\/td>\n<td style=\"text-align: center;\" width=\"75\"><span style=\"font-family: times new roman, times, serif; font-size: 10pt;\">xx.05.1717<\/span><\/td>\n<td style=\"text-align: center;\" width=\"40\"><span style=\"font-family: times new roman, times, serif; font-size: 10pt;\">3,23<\/span><\/td>\n<td style=\"text-align: center;\" width=\"40\"><\/td>\n<\/tr>\n<tr>\n<td style=\"text-align: center;\"><span style=\"font-family: times new roman, times, serif; font-size: 10pt;\">4<\/span><\/td>\n<td><span style=\"font-family: times new roman, times, serif; font-size: 10pt;\">Anna Magdalena<\/span><\/td>\n<td style=\"text-align: center;\"><span style=\"font-family: times new roman, times, serif; font-size: 10pt;\">08.02.1717<\/span><\/td>\n<td style=\"text-align: center;\"><span style=\"font-family: times new roman, times, serif; font-size: 10pt;\">14.02.1717<\/span><\/td>\n<td style=\"text-align: center;\"><\/td>\n<td style=\"text-align: center;\"><\/td>\n<td style=\"text-align: center;\"><\/td>\n<td style=\"text-align: center;\"><\/td>\n<td style=\"text-align: center;\"><\/td>\n<\/tr>\n<tr>\n<td style=\"text-align: center;\"><span style=\"font-family: times new roman, times, serif; font-size: 10pt;\">5<\/span><\/td>\n<td><span style=\"font-family: times new roman, times, serif; font-size: 10pt;\">Johann Daniel<\/span><\/td>\n<td style=\"text-align: center;\"><span style=\"font-family: times new roman, times, serif; font-size: 10pt;\">28.10.1719<\/span><\/td>\n<td style=\"text-align: center;\"><span style=\"font-family: times new roman, times, serif; font-size: 10pt;\">03.11.1719<\/span><\/td>\n<td style=\"text-align: center;\"><\/td>\n<td style=\"text-align: center;\"><\/td>\n<td style=\"text-align: center;\"><\/td>\n<td style=\"text-align: center;\"><\/td>\n<td style=\"text-align: center;\"><\/td>\n<\/tr>\n<\/tbody>\n<\/table>\n<p><span style=\"font-family: times new roman, times, serif; font-size: 10pt;\">Kind Nr. 1) * Dessighofen; Haustaufe<br \/>\n<\/span><span style=\"font-family: times new roman, times, serif; font-size: 10pt;\">Kind Nr. 2) * Dessighofen<br \/>\n<\/span><span style=\"font-family: times new roman, times, serif; font-size: 10pt;\">Kind Nr. 3) * Kehlbach; + Kehlbach, an den Blattern<br \/>\n<\/span><span style=\"font-family: times new roman, times, serif; font-size: 10pt;\">Kind Nr. 4) und 5) * Kehlbach<\/span><\/p>\n<p style=\"text-align: justify;\"><span style=\"font-family: times new roman, times, serif; font-size: 10pt;\"><strong>Paten: zu 1) <\/strong><em>Joh: Th\u00f6nge\u00df Mey von K\u00f6lbach; u. Joh: Simon Friedrich; u. Anna Christina, Joh, Phil. Emrichs, Schulthei\u00dfen Tochter, von De\u00dfighoffen <\/em><strong>\u2014 zu 2) <\/strong><em>Joh: Adam Gerhard von Schweighau\u00dfen; Joh: Kr\u00e4mer von De\u00dfighoffen; u. Anna Maria, der Mutter Schwester; u. Anna Magdalena, Joh: Th\u00f6nge\u00df Sommers von Niederbachheim Ehefrauw<\/em><\/span><\/p>\n<p><span style=\"font-family: times new roman, times, serif; font-size: 10pt;\"><strong>Eintragstexte Taufen<\/strong><\/span><\/p>\n<p style=\"text-align: justify;\"><span style=\"font-family: times new roman, times, serif; font-size: 10pt;\"><strong>zu 1)<\/strong> <em>Den 19ten Febr[uarii] nat[us] et 24 ej[us]d[em] renatus Philipps Adam, Joh. Henrich Sommers zu Kehlbach v[nd] Ann\u00e6 Christin\u00e6 Sohn[lein]. Susc[eptores]: Georg Philipps Emrich, nass[auischer] Schulth[ei\u00df] zu Oberbachheim: Joh. Adam Laux zu Kehlbach; v[nd] Anna Catharina, Daniel Winterwerbers Tochter.<br \/>\n<\/em><\/span><span style=\"font-family: times new roman, times, serif; font-size: 10pt;\"><strong>zu 2)<\/strong> <em>Den 8ten Febr[uarii] nata et 14 renata Anna Magdalena, Joh. Henrich Sommers zu Kelbach v[nd] Ann\u00e6 Christin\u00e6 fil[ia]. Suscept[ores]: Joh. Gottfried, Joh. Daniel Winterwerbers Sohn von Winterwerb; Anna Magdalena, Peter Kleinen Frau von Schweighau\u00dfen; vnd Anna Gerdraut, Han\u00df Georg Knebels Frau von Fr\u00fccht.<br \/>\n<\/em><\/span><span style=\"font-family: times new roman, times, serif; font-size: 10pt;\"><strong>zu 3)<\/strong> <em>Den 28ten [Octo]bris natus et 3ten Novemb[ris] renat[us] Johann Daniel, Joh. Henrich Sommers v[nd] Ann\u00e6 Christin\u00e6 fil[ia]. Susc[eptores]: Joh. Philipp Schmidt zu Kelbach; Joh. Daniel Sch\u00e4ffer von O[ber]bach[heim]; u[nd] Anna Catharina, Joh. Henrich Winterwerbers, jetzo Hoffmansfr[au] auff Falckenborn.<\/em><\/span><\/p>\n<hr \/>\n<p><span style=\"font-family: times new roman, times, serif; font-size: 10pt;\"><span style=\"color: #ff0000;\"><strong><u><a id=\"speer\"><\/a>Speer<\/u><\/strong><strong>, Hans Jakob: <\/strong><\/span>Gaukler (agyrta) aus Westfalen<\/span><\/p>\n<p><span style=\"font-family: times new roman, times, serif; font-size: 10pt;\"><strong>oo<\/strong> mit <strong>Anna Ursula<\/strong><\/span><\/p>\n<table style=\"width: 100%; height: 168px;\">\n<tbody>\n<tr style=\"height: 28px;\">\n<td style=\"text-align: center; height: 28px;\" width=\"28\"><span style=\"font-family: times new roman, times, serif; font-size: 10pt;\"><strong>Nr.<\/strong><\/span><\/td>\n<td style=\"height: 28px;\" width=\"132\"><span style=\"font-family: times new roman, times, serif; font-size: 10pt;\"><strong>Vorname (normiert)<\/strong><\/span><\/td>\n<td style=\"height: 28px; text-align: center;\" width=\"75\"><span style=\"font-family: times new roman, times, serif; font-size: 10pt;\"><strong>geboren<\/strong><\/span><\/td>\n<td style=\"height: 28px; text-align: center;\" width=\"75\"><span style=\"font-family: times new roman, times, serif; font-size: 10pt;\"><strong>getauft<\/strong><\/span><\/td>\n<td style=\"height: 28px; text-align: center;\" width=\"69\"><span style=\"font-family: times new roman, times, serif; font-size: 10pt;\"><strong>konfirmiert<\/strong><\/span><\/td>\n<td style=\"height: 28px; text-align: center;\" width=\"77\"><span style=\"font-family: times new roman, times, serif; font-size: 10pt;\"><strong>gestorben<\/strong><\/span><\/td>\n<td style=\"height: 28px; text-align: center;\" width=\"75\"><span style=\"font-family: times new roman, times, serif; font-size: 10pt;\"><strong>begraben<\/strong><\/span><\/td>\n<td style=\"height: 28px; text-align: center;\" width=\"40\"><span style=\"font-family: times new roman, times, serif; font-size: 10pt;\"><strong>Alter<\/strong><\/span><\/td>\n<td style=\"height: 28px; text-align: center;\" width=\"40\"><span style=\"font-family: times new roman, times, serif; font-size: 10pt;\"><strong>Stand<\/strong><\/span><\/td>\n<\/tr>\n<tr style=\"height: 28px;\">\n<td style=\"text-align: center; height: 28px;\" width=\"28\"><span style=\"font-family: times new roman, times, serif; font-size: 10pt;\">1<\/span><\/td>\n<td style=\"height: 28px;\" width=\"132\"><span style=\"font-family: times new roman, times, serif; font-size: 10pt;\">Elisabeth Katharina<\/span><\/td>\n<td style=\"height: 28px; text-align: center;\" width=\"75\"><span style=\"font-family: times new roman, times, serif; font-size: 10pt;\">17.03.1701<\/span><\/td>\n<td style=\"height: 28px; text-align: center;\" width=\"75\"><span style=\"font-family: times new roman, times, serif; font-size: 10pt;\">20.03.1701<\/span><\/td>\n<td style=\"height: 28px; text-align: center;\" width=\"69\"><\/td>\n<td style=\"height: 28px; text-align: center;\" width=\"77\"><\/td>\n<td style=\"height: 28px; text-align: center;\" width=\"75\"><\/td>\n<td style=\"height: 28px; text-align: center;\" width=\"40\"><\/td>\n<td style=\"height: 28px; text-align: center;\" width=\"40\"><\/td>\n<\/tr>\n<tr style=\"height: 28px;\">\n<td style=\"text-align: center; height: 28px;\"><span style=\"font-family: times new roman, times, serif; font-size: 10pt;\">2<\/span><\/td>\n<td style=\"height: 28px;\"><span style=\"font-family: times new roman, times, serif; font-size: 10pt;\">Johann Gottfried<\/span><\/td>\n<td style=\"height: 28px; text-align: center;\"><span style=\"font-family: times new roman, times, serif; font-size: 10pt;\">23.10.1708<\/span><\/td>\n<td style=\"height: 28px; text-align: center;\"><span style=\"font-family: times new roman, times, serif; font-size: 10pt;\">28.10.1708<\/span><\/td>\n<td style=\"height: 28px; text-align: center;\"><\/td>\n<td style=\"height: 28px; text-align: center;\"><\/td>\n<td style=\"height: 28px; text-align: center;\"><\/td>\n<td style=\"height: 28px; text-align: center;\"><\/td>\n<td style=\"height: 28px; text-align: center;\"><\/td>\n<\/tr>\n<tr style=\"height: 28px;\">\n<td style=\"text-align: center; height: 28px;\"><span style=\"font-family: times new roman, times, serif; font-size: 10pt;\">3<\/span><\/td>\n<td style=\"height: 28px;\"><span style=\"font-family: times new roman, times, serif; font-size: 10pt;\">Johann Georg<\/span><\/td>\n<td style=\"height: 28px; text-align: center;\"><span style=\"font-family: times new roman, times, serif; font-size: 10pt;\">19.09.1713<\/span><\/td>\n<td style=\"height: 28px; text-align: center;\"><span style=\"font-family: times new roman, times, serif; font-size: 10pt;\">24.09.1713<\/span><\/td>\n<td style=\"height: 28px; text-align: center;\"><\/td>\n<td style=\"height: 28px; text-align: center;\"><\/td>\n<td style=\"height: 28px; text-align: center;\"><\/td>\n<td style=\"height: 28px; text-align: center;\"><\/td>\n<td style=\"height: 28px; text-align: center;\"><\/td>\n<\/tr>\n<tr style=\"height: 28px;\">\n<td style=\"text-align: center; height: 28px;\"><span style=\"font-family: times new roman, times, serif; font-size: 10pt;\">4<\/span><\/td>\n<td style=\"height: 28px;\"><span style=\"font-family: times new roman, times, serif; font-size: 10pt;\">Elisabeth Katharina<\/span><\/td>\n<td style=\"height: 28px; text-align: center;\"><span style=\"font-family: times new roman, times, serif; font-size: 10pt;\">13.10.1716<\/span><\/td>\n<td style=\"height: 28px; text-align: center;\"><span style=\"font-family: times new roman, times, serif; font-size: 10pt;\">18.10.1716<\/span><\/td>\n<td style=\"height: 28px; text-align: center;\"><\/td>\n<td style=\"height: 28px; text-align: center;\"><span style=\"font-family: times new roman, times, serif; font-size: 10pt;\">27.01.1720<\/span><\/td>\n<td style=\"height: 28px; text-align: center;\"><span style=\"font-family: times new roman, times, serif; font-size: 10pt;\">28.01.1720<\/span><\/td>\n<td style=\"height: 28px; text-align: center;\"><span style=\"font-family: times new roman, times, serif; font-size: 10pt;\">3,29<\/span><\/td>\n<td style=\"height: 28px; text-align: center;\"><\/td>\n<\/tr>\n<tr style=\"height: 28px;\">\n<td style=\"text-align: center; height: 28px;\"><span style=\"font-family: times new roman, times, serif; font-size: 10pt;\">5<\/span><\/td>\n<td style=\"height: 28px;\"><span style=\"font-family: times new roman, times, serif; font-size: 10pt;\">Anna Margaretha<\/span><\/td>\n<td style=\"height: 28px; text-align: center;\"><span style=\"font-family: times new roman, times, serif; font-size: 10pt;\">02.08.1720<\/span><\/td>\n<td style=\"height: 28px; text-align: center;\"><span style=\"font-family: times new roman, times, serif; font-size: 10pt;\">02.08.1720<\/span><\/td>\n<td style=\"height: 28px; text-align: center;\"><\/td>\n<td style=\"height: 28px; text-align: center;\"><span style=\"font-family: times new roman, times, serif; font-size: 10pt;\">08.08.1720<\/span><\/td>\n<td style=\"height: 28px; text-align: center;\"><span style=\"font-family: times new roman, times, serif; font-size: 10pt;\">09.08.1720<\/span><\/td>\n<td style=\"height: 28px; text-align: center;\"><span style=\"font-family: times new roman, times, serif; font-size: 10pt;\">0,02<\/span><\/td>\n<td style=\"height: 28px; text-align: center;\"><\/td>\n<\/tr>\n<\/tbody>\n<\/table>\n<p><span style=\"font-family: times new roman, times, serif; font-size: 10pt;\"><strong>Eintragstexte Taufen<\/strong><\/span><\/p>\n<p style=\"text-align: justify;\"><span style=\"font-family: times new roman, times, serif; font-size: 10pt;\"><strong>zu 1)<\/strong> <em>Donnerstag, den 17 Mertz abends umb 6 Vhr ist Han\u00df Jacob Speer au\u00df Westphalen, damahl\u00df bey Daniel Dadnern zu Kehlbach sich vffhaltendt, vnd Ursul\u00e6, seiner H[aus]frawen, eine junge Tochter gebohren, welche den 20 ejusd[em], Dom[inica] Palmar[um] getauft worden. Gev. sind gewe\u00dfen: Maria Elisab., Th\u00f6nges Schmied Fraw; Anna Catharin., David Kr\u00e4mers relicta filia; v[nd] Daniel Dadners Sohn; alle von Kehlbach. Ihr Nahm ist Elisab. Catharina.<br \/>\n<\/em><\/span><span style=\"font-family: times new roman, times, serif; font-size: 10pt;\"><strong>zu 2)<\/strong> <em>Dienstag, den 23 Octob[ris] nocte umb 11 Vhr ist Joh. Jacob Speern, agyrt\u00e6 [Gauklers] au\u00df Westphahlen, vnd Ann\u00e6 Ursul\u00e6, seiner Fraw, zu Kehlbach bey Th\u00f6ng[es] Schmieden sich vfhaltend, ein junger Sohn geboren, welcher den 28 ej[us]d[em], Dom[inica] 21 post Trin[itatis], getauft worden. Gev. sind gewe\u00dfen: Gerhard Thiel von Niedermeilingen; Joh. Gottfr. Dadner ibidem; v[nd] Anna Cathar., Adam Dadners Fraw, gleichfal\u00df daselbst. Sein Nahm ist Johann Gottfried.<br \/>\n<\/em><\/span><span style=\"font-family: times new roman, times, serif; font-size: 10pt;\"><strong>zu 3)<\/strong> <em>Den 19 Sept[embris] nat[us] et 24 renat[us] Johann Georg, Joh. Jacob Sporren et A. Ursul\u00e6 fili[us]. Susc[eptores]: M[ei]st[e]r Joh. Gottfr. Schmidt; Joh. Georg Fre\u00fcnd; v[nd] Anna Sabina, Clau\u00df L\u00fcckers Fr[au].<br \/>\n<\/em><\/span><span style=\"font-family: times new roman, times, serif; font-size: 10pt;\"><strong>zu 4)<\/strong> <em>Den 13ten [Octo]bris nata et 18 ej[us]d[em] renata Elisabeth Catharina, Joh. Jacob Speer v[nd] A. Ursul\u00e6 filia. Susc[eptores]: Joh. Daniel Sch\u00e4ffer von O[ber]bachheim; Elisabeth Catharina, Philipp Gen\u00dfmanns relicta filia von Winterw[erb]; v[nd] A. Catharina, David Singhoffen, des M\u00fcllers Fr[au] au\u00df der Rauschenm\u00fchl.<\/em><\/span><\/p>\n<p><span style=\"font-family: times new roman, times, serif; font-size: 10pt;\"><em>\u00a0<\/em><\/span><span style=\"font-family: times new roman, times, serif; font-size: 10pt;\"><strong>Paten: zu 5) <\/strong><em>Joh. Jacob Lux von Emrichenhahn; u. A. Margretha, Joh. Jacob Basten Frau von Herborn<\/em><\/span><\/p>\n<hr \/>\n<p><span style=\"font-family: times new roman, times, serif; font-size: 10pt;\"><span style=\"color: #ff0000;\"><strong><u><a id=\"theis\"><\/a>Theis<\/u><\/strong><strong>, Johann Philipp:<\/strong> <\/span>Kuhhirte 1692 in Oberbachheim, 1695-1698 in Kehlbach, 1700 in Dessighofen, 1707 in Niederbachheim<\/span><\/p>\n<p><span style=\"font-family: times new roman, times, serif; font-size: 10pt;\"><strong>oo<\/strong> mit <strong>Elisabeth Magdalena<\/strong><\/span><\/p>\n<table>\n<tbody>\n<tr>\n<td style=\"text-align: center;\" width=\"29\"><span style=\"font-family: times new roman, times, serif; font-size: 10pt;\"><strong>Nr.<\/strong><\/span><\/td>\n<td width=\"133\"><span style=\"font-family: times new roman, times, serif; font-size: 10pt;\"><strong>Vorname (normiert)<\/strong><\/span><\/td>\n<td style=\"text-align: center;\" width=\"76\"><span style=\"font-family: times new roman, times, serif; font-size: 10pt;\"><strong>geboren<\/strong><\/span><\/td>\n<td style=\"text-align: center;\" width=\"76\"><span style=\"font-family: times new roman, times, serif; font-size: 10pt;\"><strong>getauft<\/strong><\/span><\/td>\n<td style=\"text-align: center;\" width=\"69\"><span style=\"font-family: times new roman, times, serif; font-size: 10pt;\"><strong>konfirmiert<\/strong><\/span><\/td>\n<td style=\"text-align: center;\" width=\"66\"><span style=\"font-family: times new roman, times, serif; font-size: 10pt;\"><strong>gestorben<\/strong><\/span><\/td>\n<td style=\"text-align: center;\" width=\"76\"><span style=\"font-family: times new roman, times, serif; font-size: 10pt;\"><strong>begraben<\/strong><\/span><\/td>\n<td style=\"text-align: center;\" width=\"41\"><span style=\"font-family: times new roman, times, serif; font-size: 10pt;\"><strong>Alter<\/strong><\/span><\/td>\n<td style=\"text-align: center;\" width=\"42\"><span style=\"font-family: times new roman, times, serif; font-size: 10pt;\"><strong>Stand<\/strong><\/span><\/td>\n<\/tr>\n<tr>\n<td style=\"text-align: center;\" width=\"29\"><span style=\"font-family: times new roman, times, serif; font-size: 10pt;\">1<\/span><\/td>\n<td width=\"133\"><span style=\"font-family: times new roman, times, serif; font-size: 10pt;\">Anna Christina<\/span><\/td>\n<td style=\"text-align: center;\" width=\"76\"><span style=\"font-family: times new roman, times, serif; font-size: 10pt;\">02.10.1692<\/span><\/td>\n<td style=\"text-align: center;\" width=\"76\"><span style=\"font-family: times new roman, times, serif; font-size: 10pt;\">09.10.1692<\/span><\/td>\n<td style=\"text-align: center;\" width=\"69\"><span style=\"font-family: times new roman, times, serif; font-size: 10pt;\">24.04.1707<\/span><\/td>\n<td style=\"text-align: center;\" width=\"66\"><\/td>\n<td style=\"text-align: center;\" width=\"76\"><\/td>\n<td style=\"text-align: center;\" width=\"41\"><\/td>\n<td style=\"text-align: center;\" width=\"42\"><\/td>\n<\/tr>\n<tr>\n<td style=\"text-align: center;\"><span style=\"font-family: times new roman, times, serif; font-size: 10pt;\">2<\/span><\/td>\n<td><span style=\"font-family: times new roman, times, serif; font-size: 10pt;\">Johann Philipp<\/span><\/td>\n<td style=\"text-align: center;\"><span style=\"font-family: times new roman, times, serif; font-size: 10pt;\">29.08.1695<\/span><\/td>\n<td style=\"text-align: center;\"><span style=\"font-family: times new roman, times, serif; font-size: 10pt;\">08.09.1695<\/span><\/td>\n<td style=\"text-align: center;\"><\/td>\n<td style=\"text-align: center;\"><\/td>\n<td style=\"text-align: center;\"><\/td>\n<td style=\"text-align: center;\"><\/td>\n<td style=\"text-align: center;\"><\/td>\n<\/tr>\n<tr>\n<td style=\"text-align: center;\"><span style=\"font-family: times new roman, times, serif; font-size: 10pt;\">3<\/span><\/td>\n<td><span style=\"font-family: times new roman, times, serif; font-size: 10pt;\">Johann Gottfried<\/span><\/td>\n<td style=\"text-align: center;\"><span style=\"font-family: times new roman, times, serif; font-size: 10pt;\">23.01.1698<\/span><\/td>\n<td style=\"text-align: center;\"><span style=\"font-family: times new roman, times, serif; font-size: 10pt;\">30.01.1698<\/span><\/td>\n<td style=\"text-align: center;\"><\/td>\n<td style=\"text-align: center;\"><\/td>\n<td style=\"text-align: center;\"><span style=\"font-family: times new roman, times, serif; font-size: 10pt;\">27.02.1698<\/span><\/td>\n<td style=\"text-align: center;\"><span style=\"font-family: times new roman, times, serif; font-size: 10pt;\">0,08<\/span><\/td>\n<td style=\"text-align: center;\"><\/td>\n<\/tr>\n<tr>\n<td style=\"text-align: center;\"><span style=\"font-family: times new roman, times, serif; font-size: 10pt;\">4<\/span><\/td>\n<td><span style=\"font-family: times new roman, times, serif; font-size: 10pt;\">Johann Gottfried<\/span><\/td>\n<td style=\"text-align: center;\"><span style=\"font-family: times new roman, times, serif; font-size: 10pt;\">01.03.1699<\/span><\/td>\n<td style=\"text-align: center;\"><span style=\"font-family: times new roman, times, serif; font-size: 10pt;\">05.03.1699<\/span><\/td>\n<td style=\"text-align: center;\"><\/td>\n<td style=\"text-align: center;\"><\/td>\n<td style=\"text-align: center;\"><\/td>\n<td style=\"text-align: center;\"><\/td>\n<td style=\"text-align: center;\"><\/td>\n<\/tr>\n<tr>\n<td style=\"text-align: center;\"><span style=\"font-family: times new roman, times, serif; font-size: 10pt;\">5<\/span><\/td>\n<td><span style=\"font-family: times new roman, times, serif; font-size: 10pt;\">Anna Maria<\/span><\/td>\n<td style=\"text-align: center;\"><span style=\"font-family: times new roman, times, serif; font-size: 10pt;\">03.11.1700<\/span><\/td>\n<td style=\"text-align: center;\"><span style=\"font-family: times new roman, times, serif; font-size: 10pt;\">07.11.1700<\/span><\/td>\n<td style=\"text-align: center;\"><\/td>\n<td style=\"text-align: center;\"><\/td>\n<td style=\"text-align: center;\"><span style=\"font-family: times new roman, times, serif; font-size: 10pt;\">27.09.1705<\/span><\/td>\n<td style=\"text-align: center;\"><span style=\"font-family: times new roman, times, serif; font-size: 10pt;\">4,90<\/span><\/td>\n<td style=\"text-align: center;\"><\/td>\n<\/tr>\n<tr>\n<td style=\"text-align: center;\"><span style=\"font-family: times new roman, times, serif; font-size: 10pt;\">6<\/span><\/td>\n<td><span style=\"font-family: times new roman, times, serif; font-size: 10pt;\">Johann Henrich<\/span><\/td>\n<td style=\"text-align: center;\"><span style=\"font-family: times new roman, times, serif; font-size: 10pt;\">08.12.1703<\/span><\/td>\n<td style=\"text-align: center;\"><span style=\"font-family: times new roman, times, serif; font-size: 10pt;\">12.12.1703<\/span><\/td>\n<td style=\"text-align: center;\"><\/td>\n<td style=\"text-align: center;\"><\/td>\n<td style=\"text-align: center;\"><\/td>\n<td style=\"text-align: center;\"><\/td>\n<td style=\"text-align: center;\"><\/td>\n<\/tr>\n<tr>\n<td style=\"text-align: center;\"><span style=\"font-family: times new roman, times, serif; font-size: 10pt;\">7<\/span><\/td>\n<td><span style=\"font-family: times new roman, times, serif; font-size: 10pt;\">Johann Daniel<\/span><\/td>\n<td style=\"text-align: center;\"><span style=\"font-family: times new roman, times, serif; font-size: 10pt;\">19.10.1707<\/span><\/td>\n<td style=\"text-align: center;\"><span style=\"font-family: times new roman, times, serif; font-size: 10pt;\">26.10.1707<\/span><\/td>\n<td style=\"text-align: center;\"><\/td>\n<td style=\"text-align: center;\"><\/td>\n<td style=\"text-align: center;\"><\/td>\n<td style=\"text-align: center;\"><\/td>\n<td style=\"text-align: center;\"><\/td>\n<\/tr>\n<\/tbody>\n<\/table>\n<p><span style=\"font-family: times new roman, times, serif; font-size: 10pt;\">Kind Nr. 1) * Oberbachheim \u2014 Kind Nr. 2) * Kehlbach \u2014 Kind Nr. 3) * Kehlbach; + an den Pocken \u2014 Kind Nr. 4) * Kehlbach \u2014 Kind Nr. 5) * Dessighofen; + Berg \u2014 Kind Nr. 6) * Berg \u2014 Kind Nr. 7) * Niederbachheim<\/span><\/p>\n<p><span style=\"font-family: times new roman, times, serif; font-size: 10pt;\">\u00a0<\/span><span style=\"font-family: times new roman, times, serif; font-size: 10pt;\"><strong>Eintragstexte Taufen<\/strong><\/span><\/p>\n<p style=\"text-align: justify;\"><span style=\"font-family: times new roman, times, serif; font-size: 10pt;\"><strong>zu 1)<\/strong> <em>Den 2ten Octobr[is] ist Johann Philip\u00df Thei\u00dfen von Gemrich, damahl\u00df K\u00fchehirten zu Oberbacheim, de\u00df Nachts umb 8 Vhrn ein junge Tochter geboren vnd den 9 ejusdem, Dom[inica] 20 post Trin[itatis] getauft worden. Gevattern sind gewe\u00dfen: Th\u00f6nges, Simon Schmieds Sohn von Kehlbach, damal\u00df bey Philip\u00df Bochel dienent; Henrich, Johannis Winterwerbers, pr\u00e6toris Hassiac[i], fili[us] de Oberbacheim; Anna Catharina, Johann Th\u00f6ng. Bochel\u00df p[iae] m[emoriae] relicta filia ibidem; vnd Susanna Christina, sein Schwester, bey Maria Margretha, Philip\u00df Adam Henrichs Wittib daselbst dienent. Ihr Nahm ist Anna Christina.<br \/>\n<\/em><\/span><span style=\"font-family: times new roman, times, serif; font-size: 10pt;\"><strong>zu 2)<\/strong> <em>Eodem die ist Johann Phil. Thei\u00dfen vnd Elisab. Magdalenen Hau\u00dffrawen mittags umb 11 Vhrn, damahl\u00df de\u00df Viehes zu Kehlbach hutendte, ein junger Sohn geboren vnd den 8ten [Septem]br[is], Dom[inica] 16 post Trinit[atis], getauft worden. Gevatt. sind gewe\u00dfen: Erhardt Thei\u00df, sein Bruder von Gemrich; Johann Philip\u00df, Pro\u00dfmann Michel\u00df Sohn au\u00df der Nocherner M\u00fchl; vnd Anna Magdalena, Simon Schmieds relicta filia de Kehlbach. Sein Nahm ist Johann Philip\u00df.<br \/>\n<\/em><\/span><span style=\"font-family: times new roman, times, serif; font-size: 10pt;\"><strong>zu 3)<\/strong> <em>Sonntag, den 23 Januar[ii] de\u00df Abends umb 7 Vhrn ist Phil. Thei\u00dfen, damahl\u00df Kuhehirten zu Kehlbach, vnd Elisabeth. Magdalen., seiner Hau\u00dffr., ein junger Sohn geboren vnd den 30 ejusd[em] getauft worden. Gev. sind gewe\u00dfen: Henrich Clau\u00df von Dach\u00dfenhau\u00dfen; Johann Gottfried, Emrich Dadner\u00df Sohn d[e] Kehlbach; vnd Elisabeth., Ehrhart Thei\u00dfen Hau\u00dffr. vom Dach\u00dfenhau\u00dfen. Sein Nahm ist Johann Gottfried.<br \/>\n<\/em><\/span><span style=\"font-family: times new roman, times, serif; font-size: 10pt;\"><strong>zu 4)<\/strong> <em>Mittwochen, den 1 Mertz de\u00df Abend umb 7 Vhr ist Phil. Thei\u00dfen, damahl\u00df K\u00fchehirten zu Kehlbach, vnd Elisab. Magdalen[a]. seiner H[aus]fraw, ein junger Sohn geboren, so den 5 ejusdem, Dom[inica] Reminiscere, getauft worden. Gevatt. sind gewe\u00dfen: Phil. Gottfriedt Bochel; Johann Daniel Sommer d[e] Oberbacheim; v[nd] Anna Margretha, Joh. Phil. Haucken Fraw von Oberwalmenach. Sein Nahm ist Johann Gottfried.<br \/>\n<\/em><\/span><span style=\"font-family: times new roman, times, serif; font-size: 10pt;\"><strong>zu 6)<\/strong> <em>Mittwoch, den 19 Octobr[is] nach Mitternacht umb 1 Vhr ist Phil. Thei\u00dfen, K\u00fchehirten allhie, vnd Elisabeth[ae] Magdal., seiner Hau\u00dffrau, ein junger Sohn geboren, der den 26 ejusd[em], die 1 preca[ti]o[n]is, getauft worden. Gev. sind gewe\u00dfen: Johann Daniel, Joh. Phil. Mayen Sohn; Andrea\u00df, Daniel G\u00e4n\u00dfman\u00df hinder[lassener] Sohn; vndt Anna Margreth[a], Joh. Philip\u00df Schmieds Hau\u00dffraw; alle 3 allhie. Sein Nahm ist Johann Daniel.<\/em><\/span><\/p>\n<p style=\"text-align: justify;\"><span style=\"font-family: times new roman, times, serif; font-size: 10pt;\"><strong>Paten: zu 5)<\/strong> <em>Peter N:. M\u00fcller in der Bachheimer M\u00fchl; u. Anna Sybilla, Gottfr: Henrichs see[lig] Wittib von De\u00dfighoffen; u. Maria Elisabeth, Melchior Schmiedts Ehefrauw von Gei\u00dfig<\/em><\/span><\/p>\n<p><span style=\"font-family: times new roman, times, serif; font-size: 10pt;\"><span style=\"color: #ff0000;\"><strong>Anna Barbara:<\/strong> <\/span>Schwiegermutter des Kuhhirten Philipp Theis; bg. 06.02.1708 Niederbachheim, 84 Jahre alt (s. OFB Kehlbach)<\/span><\/p>\n<hr \/>\n<p style=\"text-align: justify;\"><span style=\"font-family: times new roman, times, serif; font-size: 10pt;\"><span style=\"color: #ff0000;\"><strong><u><a id=\"vincentz\"><\/a>Vincentz<\/u>, Anna Magdalena:<\/strong><\/span> Tochter des verst. Thomas Vincentz aus Himmighofen, dient bei Johann Philipp Schmidt zu Kehlbach; konf. 24.04.1707 Niederbachheim, 14 Jahre alt<\/span><\/p>\n<hr \/>\n<p style=\"text-align: justify;\"><span style=\"font-family: times new roman, times, serif; font-size: 10pt;\"><span style=\"color: #ff0000;\"><strong><u><a id=\"wagner\"><\/a>Wagner<\/u><\/strong><strong>, Johann Georg:<\/strong><\/span> Sohn des David Wagner, Kuhhirt zu Kehlbach; konf. 03.06.1688 Niederbachheim<\/span><\/p>\n<hr \/>\n<p><span style=\"font-family: times new roman, times, serif; font-size: 10pt; color: #ff0000;\"><strong><a id=\"weinand\"><\/a><span style=\"text-decoration: underline;\">Weinand<\/span>, Johannes<\/strong><\/span><\/p>\n<p><span style=\"font-family: times new roman, times, serif; font-size: 10pt;\"><strong>oo<\/strong> mit <strong>Anna Margaretha:<\/strong> bg. 19.01.1686, 35 Jahre und 16 Wochen alt<\/span><\/p>\n<table>\n<tbody>\n<tr>\n<td style=\"text-align: center;\" width=\"29\"><span style=\"font-family: times new roman, times, serif; font-size: 10pt;\"><strong>Nr.<\/strong><\/span><\/td>\n<td width=\"135\"><span style=\"font-family: times new roman, times, serif; font-size: 10pt;\"><strong>Vorname (normiert)<\/strong><\/span><\/td>\n<td style=\"text-align: center;\" width=\"76\"><span style=\"font-family: times new roman, times, serif; font-size: 10pt;\"><strong>geboren<\/strong><\/span><\/td>\n<td style=\"text-align: center;\" width=\"76\"><span style=\"font-family: times new roman, times, serif; font-size: 10pt;\"><strong>getauft<\/strong><\/span><\/td>\n<td style=\"text-align: center;\" width=\"77\"><span style=\"font-family: times new roman, times, serif; font-size: 10pt;\"><strong>konfirmiert<\/strong><\/span><\/td>\n<td style=\"text-align: center;\" width=\"66\"><span style=\"font-family: times new roman, times, serif; font-size: 10pt;\"><strong>gestorben<\/strong><\/span><\/td>\n<td style=\"text-align: center;\" width=\"64\"><span style=\"font-family: times new roman, times, serif; font-size: 10pt;\"><strong>begraben<\/strong><\/span><\/td>\n<td style=\"text-align: center;\" width=\"36\"><span style=\"font-family: times new roman, times, serif; font-size: 10pt;\"><strong>Alter<\/strong><\/span><\/td>\n<td style=\"text-align: center;\" width=\"47\"><span style=\"font-family: times new roman, times, serif; font-size: 10pt;\"><strong>Stand<\/strong><\/span><\/td>\n<\/tr>\n<tr>\n<td style=\"text-align: center;\" width=\"29\"><span style=\"font-family: times new roman, times, serif; font-size: 10pt;\">1<\/span><\/td>\n<td width=\"135\"><span style=\"font-family: times new roman, times, serif; font-size: 10pt;\">Maria Katharina<\/span><\/td>\n<td style=\"text-align: center;\" width=\"76\"><span style=\"font-family: times new roman, times, serif; font-size: 10pt;\">21.10.1672<\/span><\/td>\n<td style=\"text-align: center;\" width=\"76\"><span style=\"font-family: times new roman, times, serif; font-size: 10pt;\">27.10.1672<\/span><\/td>\n<td style=\"text-align: center;\" width=\"77\"><span style=\"font-family: times new roman, times, serif; font-size: 10pt;\">07.06.1685<\/span><\/td>\n<td style=\"text-align: center;\" width=\"66\"><\/td>\n<td style=\"text-align: center;\" width=\"64\"><\/td>\n<td style=\"text-align: center;\" width=\"36\"><\/td>\n<td style=\"text-align: center;\" width=\"47\"><\/td>\n<\/tr>\n<tr>\n<td style=\"text-align: center;\"><span style=\"font-family: times new roman, times, serif; font-size: 10pt;\">2<\/span><\/td>\n<td><span style=\"font-family: times new roman, times, serif; font-size: 10pt;\">Katharina Margaretha<\/span><\/td>\n<td style=\"text-align: center;\"><span style=\"font-family: times new roman, times, serif; font-size: 10pt;\">03.03.1679<\/span><\/td>\n<td style=\"text-align: center;\"><span style=\"font-family: times new roman, times, serif; font-size: 10pt;\">09.03.1679<\/span><\/td>\n<td style=\"text-align: center;\"><\/td>\n<td style=\"text-align: center;\"><\/td>\n<td style=\"text-align: center;\"><\/td>\n<td style=\"text-align: center;\"><\/td>\n<td style=\"text-align: center;\"><\/td>\n<\/tr>\n<tr>\n<td style=\"text-align: center;\"><span style=\"font-family: times new roman, times, serif; font-size: 10pt;\">3<\/span><\/td>\n<td><span style=\"font-family: times new roman, times, serif; font-size: 10pt;\">Johann Philipp<\/span><\/td>\n<td style=\"text-align: center;\"><span style=\"font-family: times new roman, times, serif; font-size: 10pt;\">22.04.1682<\/span><\/td>\n<td style=\"text-align: center;\"><span style=\"font-family: times new roman, times, serif; font-size: 10pt;\">30.04.1682<\/span><\/td>\n<td style=\"text-align: center;\"><\/td>\n<td style=\"text-align: center;\"><\/td>\n<td style=\"text-align: center;\"><\/td>\n<td style=\"text-align: center;\"><\/td>\n<td style=\"text-align: center;\"><span style=\"font-family: times new roman, times, serif; font-size: 10pt;\">verh.<\/span><\/td>\n<\/tr>\n<\/tbody>\n<\/table>\n<p><span style=\"font-family: times new roman, times, serif; font-size: 10pt;\">Kind Nr. 3) oo 23.09.1704 Niederbachheim mit Maria Katharina, Tochter der sogenannten Fr\u00e4ntzlin, kath.<\/span><\/p>\n<p><span style=\"font-family: times new roman, times, serif; font-size: 10pt;\"><strong>Eintragstexte Taufen<\/strong><\/span><\/p>\n<p style=\"text-align: justify;\"><span style=\"font-family: times new roman, times, serif; font-size: 10pt;\"><strong>zu 1)<\/strong> <em>Den 21 [Octo]bris de\u00df Abendts zwischen 6 vnd 7 Vhrn ist Jo[ann]es Weyganten zu Kehlbach eine junge Tochter geboren vnd darauf den 27 ejusd[em], Dom[inica] 21 post Trin[itatis], getauft worden. Gevattern sind gewe\u00dfen: Friedrich Dadner von Dach\u00dfenhau\u00dfen; Nicla\u00df, de\u00df Schulthei\u00dfen Knecht ibid[em]; Agne\u00df, de\u00df alten Schulthei\u00dfen hinderla\u00dfene Wittibe ibid[em]; vnd Cathari[na], Adam Pfeifers Tochter zu Kehlbach. Ihr Nahm ist Maria Catharina.<br \/>\n<\/em><\/span><span style=\"font-family: times new roman, times, serif; font-size: 10pt;\"><strong>zu 2)<\/strong> <em>Den 3 Martij de\u00df Nachts vmb 3 Vhr ist Johannes Weinanden zu Kehlbach ein junge Tochter geboren vnd den 9 ejusdem, Dom[inica] Invoc[avit], getauft worden. Gevattern sind gewe\u00dfen: Anna Catharina, Christ Henrich Dadners H[aus]fr[au] von Scheuern; Henrich vom Hamm, Burger zu Braubach; vnd Anna Margreth[a], Paul Langen, bubulci, filia in Kehlbach. Ihr Nahm ist Catharina Margretha.<br \/>\n<\/em><\/span><span style=\"font-family: times new roman, times, serif; font-size: 10pt;\"><strong>zu 3)<\/strong> <em>Den 22ten April de\u00df Nachts vmb 10 Vhr ist Johannes Weinarts S\u00f6hnlein zu Kehlbach in diese Welt geboren vnd den 30 ejusd. mensis, Dom[inica] Misericordias Dominj, getauft worden. Gev. sind gewe\u00dfen: Philip\u00df, Adam Pfeiffers Sohn von Kehlbach; vnd Anna Maria, Joh. Weygants relicta filia von Winterwerb; Christ Henrich, Qvirin Clau\u00dfen, gewe\u00dfenen Schulthei\u00dfen see[lig] hinderla\u00dfener Sohn von Dach\u00dfenhau\u00dfen; vnd Maria K\u00fcngunda, Jacob Oppel\u00df hinderlassene Tochter, gleichfal\u00df von Dach\u00dfenhau\u00dfen. Sein Nahm ist Johann Philip\u00df.<\/em><\/span><\/p>\n<hr \/>\n<p><span style=\"font-family: times new roman, times, serif; font-size: 10pt;\"><span style=\"color: #ff0000;\"><strong><u>Weinand<\/u><\/strong><strong>, Johann Philipp:<\/strong> <\/span>Schweinehirt zu Kehlbach; * 22.04.1682 Kehlbach (gt. 30.04.); Sohn des Johannes Weinand<\/span><\/p>\n<p><span style=\"font-family: times new roman, times, serif; font-size: 10pt;\"><strong>oo 23.09.1704 Niederbachheim<\/strong> mit <strong>Maria Katharina:<\/strong> Tochter der sogenannten Fr\u00e4ntzlin<\/span><\/p>\n<p style=\"text-align: justify;\"><span style=\"font-family: times new roman, times, serif; font-size: 10pt;\">Eintragstext Ehe: <em>Dienstag, den 23 [Septem]br[is] ist Joh. Phil., Joh. Weinants hinder[lassener] Sohn von Kehlbach, relig[ionis] n[ost]r\u00e6, mit Maria Catharin[a], der sogenanten Fr\u00e4ntzlin Tochter, catholica \/: weil ihm der cathol. Pfaff sie nicht geben wollen, er falle dann von vn\u00dferer Relig[ion] ab v[nd] trette zu ihrer, so er aber Gewissens halben nicht thun wollen\u00a0 :\/ allhier copulirt worden.<\/em><\/span><\/p>\n<table>\n<tbody>\n<tr>\n<td style=\"text-align: center;\" width=\"30\"><span style=\"font-family: times new roman, times, serif; font-size: 10pt;\"><strong>Nr.<\/strong><\/span><\/td>\n<td width=\"138\"><span style=\"font-family: times new roman, times, serif; font-size: 10pt;\"><strong>Vorname (normiert)<\/strong><\/span><\/td>\n<td style=\"text-align: center;\" width=\"76\"><span style=\"font-family: times new roman, times, serif; font-size: 10pt;\"><strong>geboren<\/strong><\/span><\/td>\n<td style=\"text-align: center;\" width=\"76\"><span style=\"font-family: times new roman, times, serif; font-size: 10pt;\"><strong>getauft<\/strong><\/span><\/td>\n<td style=\"text-align: center;\" width=\"69\"><span style=\"font-family: times new roman, times, serif; font-size: 10pt;\"><strong>konfirmiert<\/strong><\/span><\/td>\n<td style=\"text-align: center;\" width=\"68\"><span style=\"font-family: times new roman, times, serif; font-size: 10pt;\"><strong>gestorben<\/strong><\/span><\/td>\n<td style=\"text-align: center;\" width=\"67\"><span style=\"font-family: times new roman, times, serif; font-size: 10pt;\"><strong>begraben<\/strong><\/span><\/td>\n<td style=\"text-align: center;\" width=\"37\"><span style=\"font-family: times new roman, times, serif; font-size: 10pt;\"><strong>Alter<\/strong><\/span><\/td>\n<td style=\"text-align: center;\" width=\"43\"><span style=\"font-family: times new roman, times, serif; font-size: 10pt;\"><strong>Stand<\/strong><\/span><\/td>\n<\/tr>\n<tr>\n<td style=\"text-align: center;\" width=\"30\"><span style=\"font-family: times new roman, times, serif; font-size: 10pt;\">1<\/span><\/td>\n<td width=\"138\"><span style=\"font-family: times new roman, times, serif; font-size: 10pt;\">Margaretha Katharina<\/span><\/td>\n<td style=\"text-align: center;\" width=\"76\"><span style=\"font-family: times new roman, times, serif; font-size: 10pt;\">15.08.1706<\/span><\/td>\n<td style=\"text-align: center;\" width=\"76\"><span style=\"font-family: times new roman, times, serif; font-size: 10pt;\">22.08.1706<\/span><\/td>\n<td style=\"text-align: center;\" width=\"69\"><\/td>\n<td style=\"text-align: center;\" width=\"68\"><\/td>\n<td style=\"text-align: center;\" width=\"67\"><\/td>\n<td style=\"text-align: center;\" width=\"37\"><\/td>\n<td style=\"text-align: center;\" width=\"43\"><\/td>\n<\/tr>\n<tr>\n<td style=\"text-align: center;\"><span style=\"font-family: times new roman, times, serif; font-size: 10pt;\">2<\/span><\/td>\n<td><span style=\"font-family: times new roman, times, serif; font-size: 10pt;\">Christian Hubertus<\/span><\/td>\n<td style=\"text-align: center;\"><span style=\"font-family: times new roman, times, serif; font-size: 10pt;\">09.02.1709<\/span><\/td>\n<td style=\"text-align: center;\"><span style=\"font-family: times new roman, times, serif; font-size: 10pt;\">17.02.1709<\/span><\/td>\n<td style=\"text-align: center;\"><\/td>\n<td style=\"text-align: center;\"><\/td>\n<td style=\"text-align: center;\"><\/td>\n<td style=\"text-align: center;\"><\/td>\n<td style=\"text-align: center;\"><\/td>\n<\/tr>\n<\/tbody>\n<\/table>\n<p><span style=\"font-family: times new roman, times, serif; font-size: 10pt;\"><strong>Eintragstexte Taufen<\/strong><\/span><\/p>\n<p style=\"text-align: justify;\"><span style=\"font-family: times new roman, times, serif; font-size: 10pt;\"><strong>zu 1)<\/strong> <em>Sontag, den 15 Aug[usti] morgen\u00df umb 6 Vhrn ist Johann Phil. Weinant von Kehlbach, damahl\u00df Schweinhirten daselbst, v[nd] Mari\u00e6 Catharin\u00e6, seiner Hau\u00dffraw, eine junge Tochter geboren, welche Sontags den 12 post Trin[itatis], den 22 ej[us]dem getauft worden. Gev. sind gewe\u00dfen: Anna Cathar., Adam Dadner\u00df Fraw daselbst; Anna Margreth[a], Hilgerts Fraw au\u00df Buchholtz [Pfarrei Spie\u00df] v[nd] Philip\u00df Adam, Hermann Gemmer\u00df Sohn von Gei\u00dfig. Ihr Nahm ist Margretha Catharina.<br \/>\n<\/em><\/span><span style=\"font-family: times new roman, times, serif; font-size: 10pt;\"><strong>zu 2)<\/strong> <em>Sambstag, den 9 Febr[uarii], Nachmittag umb 5 Vhrn ist Johann Philip\u00df Weinant zu Kehlbach vnd Mari\u00e6 Catharin[ae], seiner Fraw, ein junger Sohn geboren, welcher den 17 ej[us]d[em], Dom[inica] Invocavit, getauft worden. Gev. sind gewe\u00dfen: Hupert[us] N.; Christ. Henrich Dagner; Vndt Schneider Wendel\u00df Fraw von Mihlen. Sein Nahm ist Christian Hupert[us].<\/em><\/span><\/p>\n<hr \/>\n<p style=\"text-align: justify;\"><span style=\"font-family: times new roman, times, serif; font-size: 10pt;\"><span style=\"color: #ff0000;\"><strong><u><a id=\"werner\"><\/a>Werner<\/u><\/strong><strong>, Johann R\u00f6rich:<\/strong><\/span><\/span><span style=\"font-family: times new roman, times, serif; font-size: 10pt;\">\u00a0h\u00e4lt sich 1691 bei seinem Stiefschwiegervater Emmerich Dattner in Kehlbach auf, ab 1700 Hofmann in Dessighofen; + 21.04.1705 Dessighofen (bg. 22.03.), 53 Jahre alt; hat einen Bruder Georg Werner in Miehlen<\/span><\/p>\n<p style=\"text-align: justify;\"><span style=\"font-family: times new roman, times, serif; font-size: 10pt;\"><strong>oo 07.04.1691 Miehlen<\/strong> (nach vorheriger \u00f6ffentlicher Kirchenbu\u00dfe) mit<strong> <u>Weigand<\/u>, Anna Margaretha: <\/strong>Tochter des verst. Johannes <em>Weygandt<\/em> zu Weyer (Miehlen, KB 2, Bild 58 auf archion.de)<\/span><\/p>\n<table>\n<tbody>\n<tr>\n<td style=\"text-align: center;\" width=\"30\"><span style=\"font-family: times new roman, times, serif; font-size: 10pt;\"><strong>Nr.<\/strong><\/span><\/td>\n<td width=\"136\"><span style=\"font-family: times new roman, times, serif; font-size: 10pt;\"><strong>Vorname (normiert)<\/strong><\/span><\/td>\n<td style=\"text-align: center;\" width=\"76\"><span style=\"font-family: times new roman, times, serif; font-size: 10pt;\"><strong>geboren<\/strong><\/span><\/td>\n<td style=\"text-align: center;\" width=\"76\"><span style=\"font-family: times new roman, times, serif; font-size: 10pt;\"><strong>getauft<\/strong><\/span><\/td>\n<td style=\"text-align: center;\" width=\"69\"><span style=\"font-family: times new roman, times, serif; font-size: 10pt;\"><strong>konfirmiert<\/strong><\/span><\/td>\n<td style=\"text-align: center;\" width=\"69\"><span style=\"font-family: times new roman, times, serif; font-size: 10pt;\"><strong>gestorben<\/strong><\/span><\/td>\n<td style=\"text-align: center;\" width=\"67\"><span style=\"font-family: times new roman, times, serif; font-size: 10pt;\"><strong>begraben<\/strong><\/span><\/td>\n<td style=\"text-align: center;\" width=\"38\"><span style=\"font-family: times new roman, times, serif; font-size: 10pt;\"><strong>Alter<\/strong><\/span><\/td>\n<td style=\"text-align: center;\" width=\"43\"><span style=\"font-family: times new roman, times, serif; font-size: 10pt;\"><strong>Stand<\/strong><\/span><\/td>\n<\/tr>\n<tr>\n<td style=\"text-align: center;\" width=\"30\"><span style=\"font-family: times new roman, times, serif; font-size: 10pt;\">1<\/span><\/td>\n<td width=\"136\"><span style=\"font-family: times new roman, times, serif; font-size: 10pt;\">Georg Philipp<\/span><\/td>\n<td style=\"text-align: center;\" width=\"76\"><span style=\"font-family: times new roman, times, serif; font-size: 10pt;\">14.09.1691<\/span><\/td>\n<td style=\"text-align: center;\" width=\"76\"><span style=\"font-family: times new roman, times, serif; font-size: 10pt;\">20.09.1691<\/span><\/td>\n<td style=\"text-align: center;\" width=\"69\"><\/td>\n<td style=\"text-align: center;\" width=\"69\"><\/td>\n<td style=\"text-align: center;\" width=\"67\"><\/td>\n<td style=\"text-align: center;\" width=\"38\"><\/td>\n<td style=\"text-align: center;\" width=\"43\"><\/td>\n<\/tr>\n<tr>\n<td style=\"text-align: center;\" width=\"30\"><span style=\"font-family: times new roman, times, serif; font-size: 10pt;\">2<\/span><\/td>\n<td width=\"136\"><span style=\"font-family: times new roman, times, serif; font-size: 10pt;\">Johann Gottfried<\/span><\/td>\n<td style=\"text-align: center;\" width=\"76\"><span style=\"font-family: times new roman, times, serif; font-size: 10pt;\">11.11.1694<\/span><\/td>\n<td style=\"text-align: center;\" width=\"76\"><span style=\"font-family: times new roman, times, serif; font-size: 10pt;\">18.11.1694<\/span><\/td>\n<td style=\"text-align: center;\" width=\"69\"><span style=\"font-family: times new roman, times, serif; font-size: 10pt;\">xx.xx.1708<\/span><\/td>\n<td style=\"text-align: center;\" width=\"69\"><\/td>\n<td style=\"text-align: center;\" width=\"67\"><\/td>\n<td style=\"text-align: center;\" width=\"38\"><\/td>\n<td style=\"text-align: center;\" width=\"43\"><\/td>\n<\/tr>\n<tr>\n<td style=\"text-align: center;\" width=\"30\"><span style=\"font-family: times new roman, times, serif; font-size: 10pt;\">3<\/span><\/td>\n<td width=\"136\"><span style=\"font-family: times new roman, times, serif; font-size: 10pt;\">Johann Henrich<\/span><\/td>\n<td style=\"text-align: center;\" width=\"76\"><span style=\"font-family: times new roman, times, serif; font-size: 10pt;\">ca. 1697<\/span><\/td>\n<td style=\"text-align: center;\" width=\"76\"><\/td>\n<td style=\"text-align: center;\" width=\"69\"><span style=\"font-family: times new roman, times, serif; font-size: 10pt;\">20.04.1710<\/span><\/td>\n<td style=\"text-align: center;\" width=\"69\"><\/td>\n<td style=\"text-align: center;\" width=\"67\"><span style=\"font-family: times new roman, times, serif; font-size: 10pt;\">06.04.1754<\/span><\/td>\n<td style=\"text-align: center;\" width=\"38\"><span style=\"font-family: times new roman, times, serif; font-size: 10pt;\">58,83<\/span><\/td>\n<td style=\"text-align: center;\" width=\"43\"><span style=\"font-family: times new roman, times, serif; font-size: 10pt;\">verh.<\/span><\/td>\n<\/tr>\n<tr>\n<td style=\"text-align: center;\" width=\"30\"><span style=\"font-family: times new roman, times, serif; font-size: 10pt;\">4<\/span><\/td>\n<td width=\"136\"><span style=\"font-family: times new roman, times, serif; font-size: 10pt;\">Anna Christina<\/span><\/td>\n<td style=\"text-align: center;\" width=\"76\"><span style=\"font-family: times new roman, times, serif; font-size: 10pt;\">20.11.1700<\/span><\/td>\n<td style=\"text-align: center;\" width=\"76\"><span style=\"font-family: times new roman, times, serif; font-size: 10pt;\">24.11.1700<\/span><\/td>\n<td style=\"text-align: center;\" width=\"69\"><span style=\"font-family: times new roman, times, serif; font-size: 10pt;\">xx.xx.1714<\/span><\/td>\n<td style=\"text-align: center;\" width=\"69\"><\/td>\n<td style=\"text-align: center;\" width=\"67\"><\/td>\n<td style=\"text-align: center;\" width=\"38\"><\/td>\n<td style=\"text-align: center;\" width=\"43\"><\/td>\n<\/tr>\n<tr>\n<td style=\"text-align: center;\" width=\"30\"><span style=\"font-family: times new roman, times, serif; font-size: 10pt;\">5<\/span><\/td>\n<td width=\"136\"><span style=\"font-family: times new roman, times, serif; font-size: 10pt;\">Johann Philipp<\/span><\/td>\n<td style=\"text-align: center;\" width=\"76\"><span style=\"font-family: times new roman, times, serif; font-size: 10pt;\">16.04.1703<\/span><\/td>\n<td style=\"text-align: center;\" width=\"76\"><span style=\"font-family: times new roman, times, serif; font-size: 10pt;\">22.04.1703<\/span><\/td>\n<td style=\"text-align: center;\" width=\"69\"><\/td>\n<td style=\"text-align: center;\" width=\"69\"><span style=\"font-family: times new roman, times, serif; font-size: 10pt;\">26.04.1703<\/span><\/td>\n<td style=\"text-align: center;\" width=\"67\"><span style=\"font-family: times new roman, times, serif; font-size: 10pt;\">27.04.1703<\/span><\/td>\n<td style=\"text-align: center;\" width=\"38\"><span style=\"font-family: times new roman, times, serif; font-size: 10pt;\">0,03<\/span><\/td>\n<td style=\"text-align: center;\" width=\"43\"><\/td>\n<\/tr>\n<\/tbody>\n<\/table>\n<p><span style=\"font-family: times new roman, times, serif; font-size: 10pt;\">Kind Nr. 1) und 2) * Kehlbach<br \/>\n<\/span><span style=\"font-family: times new roman, times, serif; font-size: 10pt;\">Kind Nr. 3) * in ?; konf. Dornholzhausen; + Braubach, war 57 Jahre, 10 Monate und 22 Tage alt; oo 25.01.1724 Braubach mit Maria Katharina Bernhammer aus Braubach<br \/>\n<\/span><span style=\"font-family: times new roman, times, serif; font-size: 10pt;\">Kind Nr. 4) * Dessighofen<br \/>\n<\/span><span style=\"font-family: times new roman, times, serif; font-size: 10pt;\">Kind Nr. 5) * Dessighofen; + Dessighofen<br \/>\n<\/span><\/p>\n<p><span style=\"font-family: times new roman, times, serif; font-size: 10pt;\"><strong>Eintragstexte Taufen KB Niederbachheim<\/strong><\/span><\/p>\n<p style=\"text-align: justify;\"><span style=\"font-family: times new roman, times, serif; font-size: 10pt;\"><em>\u00a0<\/em><\/span><span style=\"font-family: times new roman, times, serif; font-size: 10pt;\"><strong>zu 1)<\/strong> <em>Den 14ten [Septem]br[is] de\u00df Morgen\u00df vmb 4 Vhrn ist Johann R\u00f6rich Wernern zu Kehlbach, bey seinem Stieff Schwiegervatter Emrich Dadnern daselbst sich vffhaltendt, ein junger Sohn, nachdeme sie beyde ante copulationem sich fleischlich vermischt gehabt, geboren vnd den 20 ejusd[em], Dom[inica] 15 post Trin[itatis], getauft worden. Gev. sind gewe\u00dfen: Ge\u00f6rg Werner, sein Bruder zu Mihlen, bey Hermann Bruchen Wittib dienent; Georg Phil., Christ Hahn, Schulthei\u00dfen, Sohn von Dach\u00dfenhau\u00dfen; Anna Cath., Joh. Th\u00f6nge\u00df May filia de Kehlbach; vnd Sybilla, Hubert Frei\u00dfen Tochter von Mihlen. Sein Nahm ist Ge\u00f6rg Philip\u00df. Ist vnehrlich.<\/em><\/span><\/p>\n<p style=\"text-align: justify;\"><span style=\"font-family: times new roman, times, serif; font-size: 10pt;\"><strong>zu 2)<\/strong> <em>Sonntags, den 11ten [Novem]bri[is] de\u00df Morgen\u00df umb 5 Vhrn ist Johann R\u00f6rich Wernern von Kehlbach ein junger Sohn geboren vnd den 18 ejusdem, Dom[inica] 24 post Trin[itatis], getauft worden. Gev. sind gewe\u00dfen: Joh. Gottfr., Joh. Emrich Dadner\u00df Sohn von Kehlbach; Joh. Th\u00f6nge\u00df, Simon Schmied\u00df relict[us] fili[us] ibidem; Anna Maria, Daniel Weber\u00df H[aus]fraw von De\u00dfigoben; vnd Agne\u00df, Henrich N. H[aus]fraw von Holtzhau\u00dfen vff der Heide bey Nast\u00e4tten, al\u00df sein Schwester. Sein Nahm ist Johann Gottfried.<\/em><\/span><\/p>\n<p style=\"text-align: justify;\"><span style=\"font-family: times new roman, times, serif; font-size: 10pt;\"><em>\u00a0<\/em><\/span><span style=\"font-family: times new roman, times, serif; font-size: 10pt;\"><strong>Paten (KB Dornholzhausen): <\/strong><strong>zu 3) <\/strong><em>Joh: Henrich Dattner zu K\u00f6lbach; Anna Margretha, Bastian Besten Ehefrau zu \u2026; Anna [Chri]stina, Gottfr. Emrichs, nass: Schulthei\u00dfen Tochter <\/em><strong>\u2014 zu 4) <\/strong><em>Joh: Phil: Emrich u. Joh: Phil: Eiffeler; u. Anna Margretha, des H[errn] Schulthei\u00dfen Ehefrauw; alle von De\u00dfighoffen<\/em><\/span><\/p>\n<hr \/>\n<p><span style=\"font-family: times new roman, times, serif; font-size: 10pt;\"><span style=\"color: #ff0000;\"><strong><u><a id=\"widenitz\"><\/a>Wi(e)denitz<\/u><\/strong><strong>, Bastian:<\/strong> <\/span>kath.; bg. 21.07.1690 <em>wiewohl ers nicht werth gewe\u00dfen<\/em><\/span><\/p>\n<p><span style=\"font-family: times new roman, times, serif; font-size: 10pt;\"><strong>oo<\/strong> mit <strong>Apollonia:<\/strong> bg. 14.01.1687<\/span><\/p>\n<table>\n<tbody>\n<tr>\n<td style=\"text-align: center;\" width=\"30\"><span style=\"font-family: times new roman, times, serif; font-size: 10pt;\"><strong>Nr.<\/strong><\/span><\/td>\n<td width=\"136\"><span style=\"font-family: times new roman, times, serif; font-size: 10pt;\"><strong>Vorname (normiert)<\/strong><\/span><\/td>\n<td style=\"text-align: center;\" width=\"76\"><span style=\"font-family: times new roman, times, serif; font-size: 10pt;\"><strong>geboren<\/strong><\/span><\/td>\n<td style=\"text-align: center;\" width=\"76\"><span style=\"font-family: times new roman, times, serif; font-size: 10pt;\"><strong>getauft<\/strong><\/span><\/td>\n<td style=\"text-align: center;\" width=\"69\"><span style=\"font-family: times new roman, times, serif; font-size: 10pt;\"><strong>konfirmiert<\/strong><\/span><\/td>\n<td style=\"text-align: center;\" width=\"69\"><span style=\"font-family: times new roman, times, serif; font-size: 10pt;\"><strong>gestorben<\/strong><\/span><\/td>\n<td style=\"text-align: center;\" width=\"67\"><span style=\"font-family: times new roman, times, serif; font-size: 10pt;\"><strong>begraben<\/strong><\/span><\/td>\n<td style=\"text-align: center;\" width=\"38\"><span style=\"font-family: times new roman, times, serif; font-size: 10pt;\"><strong>Alter<\/strong><\/span><\/td>\n<td style=\"text-align: center;\" width=\"43\"><span style=\"font-family: times new roman, times, serif; font-size: 10pt;\"><strong>Stand<\/strong><\/span><\/td>\n<\/tr>\n<tr>\n<td style=\"text-align: center;\" width=\"30\"><span style=\"font-family: times new roman, times, serif; font-size: 10pt;\">1<\/span><\/td>\n<td width=\"136\"><span style=\"font-family: times new roman, times, serif; font-size: 10pt;\">Johann Andreas<\/span><\/td>\n<td style=\"text-align: center;\" width=\"76\"><\/td>\n<td style=\"text-align: center;\" width=\"76\"><\/td>\n<td style=\"text-align: center;\" width=\"69\"><\/td>\n<td style=\"text-align: center;\" width=\"69\"><\/td>\n<td style=\"text-align: center;\" width=\"67\"><span style=\"font-family: times new roman, times, serif; font-size: 10pt;\">15.12.1667<\/span><\/td>\n<td style=\"text-align: center;\" width=\"38\"><\/td>\n<td style=\"text-align: center;\" width=\"43\"><\/td>\n<\/tr>\n<tr>\n<td style=\"text-align: center;\"><span style=\"font-family: times new roman, times, serif; font-size: 10pt;\">2<\/span><\/td>\n<td><span style=\"font-family: times new roman, times, serif; font-size: 10pt;\">Johann Anton<\/span><\/td>\n<td style=\"text-align: center;\"><\/td>\n<td style=\"text-align: center;\"><\/td>\n<td style=\"text-align: center;\"><\/td>\n<td style=\"text-align: center;\"><\/td>\n<td style=\"text-align: center;\"><span style=\"font-family: times new roman, times, serif; font-size: 10pt;\">06.04.1674<\/span><\/td>\n<td style=\"text-align: center;\"><\/td>\n<td style=\"text-align: center;\"><\/td>\n<\/tr>\n<tr>\n<td style=\"text-align: center;\"><span style=\"font-family: times new roman, times, serif; font-size: 10pt;\">3<\/span><\/td>\n<td><span style=\"font-family: times new roman, times, serif; font-size: 10pt;\">Anna Elisabeth<\/span><\/td>\n<td style=\"text-align: center;\"><\/td>\n<td style=\"text-align: center;\"><\/td>\n<td style=\"text-align: center;\"><span style=\"font-family: times new roman, times, serif; font-size: 10pt;\">10.05.1668<\/span><\/td>\n<td style=\"text-align: center;\"><\/td>\n<td style=\"text-align: center;\"><span style=\"font-family: times new roman, times, serif; font-size: 10pt;\">14.10.1683<\/span><\/td>\n<td style=\"text-align: center;\"><span style=\"font-family: times new roman, times, serif; font-size: 10pt;\">30,48<\/span><\/td>\n<td style=\"text-align: center;\"><span style=\"font-family: times new roman, times, serif; font-size: 10pt;\">verh.<\/span><\/td>\n<\/tr>\n<tr>\n<td style=\"text-align: center;\"><span style=\"font-family: times new roman, times, serif; font-size: 10pt;\">4<\/span><\/td>\n<td><span style=\"font-family: times new roman, times, serif; font-size: 10pt;\">Anna Katharina<\/span><\/td>\n<td style=\"text-align: center;\"><\/td>\n<td style=\"text-align: center;\"><\/td>\n<td style=\"text-align: center;\"><span style=\"font-family: times new roman, times, serif; font-size: 10pt;\">11.06.1671<\/span><\/td>\n<td style=\"text-align: center;\"><\/td>\n<td style=\"text-align: center;\"><span style=\"font-family: times new roman, times, serif; font-size: 10pt;\">06.03.1712<\/span><\/td>\n<td style=\"text-align: center;\"><span style=\"font-family: times new roman, times, serif; font-size: 10pt;\">57<\/span><\/td>\n<td style=\"text-align: center;\"><\/td>\n<\/tr>\n<\/tbody>\n<\/table>\n<p><span style=\"font-family: times new roman, times, serif; font-size: 10pt;\">Kind Nr. 3) war 30 Jahre, 25 Wochen und 4 Tage alt; oo 04.03.1679 mit David Henrich aus Dornholzhausen; Fam. wohnt in Kehlbach<br \/>\nKind Nr. 4) 57 Jahre und etliche Monate alt<br \/>\n<\/span><\/p>\n<hr \/>\n<p style=\"text-align: justify;\"><span style=\"font-family: times new roman, times, serif; font-size: 10pt;\"><span style=\"color: #ff0000;\"><strong><u><a id=\"winterwerber\"><\/a>Winterwerber<\/u><\/strong><strong>, Daniel:<\/strong> <\/span>+ 16.03.1720 Kehlbach bei seinem Eidam, \u201enach einem \u00bcj\u00e4hrlich ausgestandenen Elend\u201c, 73 Jahre weniger 7 Monate alt (bg. 17.03.)<\/span><\/p>\n<hr \/>\n<p><span style=\"font-family: times new roman, times, serif; font-size: 10pt;\"><span style=\"color: #ff0000;\"><strong><u><a id=\"woell\"><\/a>W\u00f6ll<\/u><\/strong><strong>, Johann Th\u00f6nges: <\/strong><\/span>Sohn des Johann Peter W\u00f6ll aus Miehlen<\/span><\/p>\n<p style=\"text-align: justify;\"><span style=\"font-family: times new roman, times, serif; font-size: 10pt;\"><strong>oo 14.11.1702 Niederbachheim<\/strong> mit <strong><u>Pfeifer<\/u>, Eva Margaretha:<\/strong> * 03.10.1679 Kehlbach (gt. 12.10.); konf. 04.06.1693; Eltern: <a href=\"#pfeifer\">Johann Daniel Pfeifer<\/a> und Anna Magdalena geb. Schmidt<\/span><\/p>\n<table>\n<tbody>\n<tr>\n<td style=\"text-align: center;\" width=\"26\"><span style=\"font-family: times new roman, times, serif; font-size: 10pt;\"><strong>Nr.<\/strong><\/span><\/td>\n<td width=\"125\"><span style=\"font-family: times new roman, times, serif; font-size: 10pt;\"><strong>Vorname (normiert)<\/strong><\/span><\/td>\n<td style=\"text-align: center;\" width=\"74\"><span style=\"font-family: times new roman, times, serif; font-size: 10pt;\"><strong>geboren<\/strong><\/span><\/td>\n<td style=\"text-align: center;\" width=\"74\"><span style=\"font-family: times new roman, times, serif; font-size: 10pt;\"><strong>getauft<\/strong><\/span><\/td>\n<td style=\"text-align: center;\" width=\"75\"><span style=\"font-family: times new roman, times, serif; font-size: 10pt;\"><strong>konfirmiert<\/strong><\/span><\/td>\n<td style=\"text-align: center;\" width=\"75\"><span style=\"font-family: times new roman, times, serif; font-size: 10pt;\"><strong>gestorben<\/strong><\/span><\/td>\n<td style=\"text-align: center;\" width=\"74\"><span style=\"font-family: times new roman, times, serif; font-size: 10pt;\"><strong>begraben<\/strong><\/span><\/td>\n<td style=\"text-align: center;\" width=\"38\"><span style=\"font-family: times new roman, times, serif; font-size: 10pt;\"><strong>Alter<\/strong><\/span><\/td>\n<td style=\"text-align: center;\" width=\"44\"><span style=\"font-family: times new roman, times, serif; font-size: 10pt;\"><strong>Stand<\/strong><\/span><\/td>\n<\/tr>\n<tr>\n<td style=\"text-align: center;\" width=\"26\"><span style=\"font-family: times new roman, times, serif; font-size: 10pt;\">1<\/span><\/td>\n<td width=\"125\"><span style=\"font-family: times new roman, times, serif; font-size: 10pt;\">Johann Philipp<\/span><\/td>\n<td style=\"text-align: center;\" width=\"74\"><span style=\"font-family: times new roman, times, serif; font-size: 10pt;\">05.11.1703<\/span><\/td>\n<td style=\"text-align: center;\" width=\"74\"><\/td>\n<td style=\"text-align: center;\" width=\"75\"><span style=\"font-family: times new roman, times, serif; font-size: 10pt;\">25.04.1717<\/span><\/td>\n<td style=\"text-align: center;\" width=\"75\"><\/td>\n<td style=\"text-align: center;\" width=\"74\"><\/td>\n<td style=\"text-align: center;\" width=\"38\"><\/td>\n<td style=\"text-align: center;\" width=\"44\"><\/td>\n<\/tr>\n<tr>\n<td style=\"text-align: center;\"><span style=\"font-family: times new roman, times, serif; font-size: 10pt;\">2<\/span><\/td>\n<td><span style=\"font-family: times new roman, times, serif; font-size: 10pt;\">Anna Margaretha<\/span><\/td>\n<td style=\"text-align: center;\"><span style=\"font-family: times new roman, times, serif; font-size: 10pt;\">24.12.1706<\/span><\/td>\n<td style=\"text-align: center;\"><span style=\"font-family: times new roman, times, serif; font-size: 10pt;\">02.01.1707<\/span><\/td>\n<td style=\"text-align: center;\"><\/td>\n<td style=\"text-align: center;\"><\/td>\n<td style=\"text-align: center;\"><\/td>\n<td style=\"text-align: center;\"><\/td>\n<td style=\"text-align: center;\"><\/td>\n<\/tr>\n<tr>\n<td style=\"text-align: center;\"><span style=\"font-family: times new roman, times, serif; font-size: 10pt;\">3<\/span><\/td>\n<td><span style=\"font-family: times new roman, times, serif; font-size: 10pt;\">Sibylla Katharina<\/span><\/td>\n<td style=\"text-align: center;\"><span style=\"font-family: times new roman, times, serif; font-size: 10pt;\">24.01.1711<\/span><\/td>\n<td style=\"text-align: center;\"><span style=\"font-family: times new roman, times, serif; font-size: 10pt;\">01.02.1711<\/span><\/td>\n<td style=\"text-align: center;\"><\/td>\n<td style=\"text-align: center;\"><span style=\"font-family: times new roman, times, serif; font-size: 10pt;\">20.05.1717<\/span><\/td>\n<td style=\"text-align: center;\"><span style=\"font-family: times new roman, times, serif; font-size: 10pt;\">21.05.1717<\/span><\/td>\n<td style=\"text-align: center;\"><span style=\"font-family: times new roman, times, serif; font-size: 10pt;\">6,30<\/span><\/td>\n<td style=\"text-align: center;\"><\/td>\n<\/tr>\n<tr>\n<td style=\"text-align: center;\"><span style=\"font-family: times new roman, times, serif; font-size: 10pt;\">4<\/span><\/td>\n<td><span style=\"font-family: times new roman, times, serif; font-size: 10pt;\">Johann Adam<\/span><\/td>\n<td style=\"text-align: center;\"><span style=\"font-family: times new roman, times, serif; font-size: 10pt;\">12.09.1714<\/span><\/td>\n<td style=\"text-align: center;\"><span style=\"font-family: times new roman, times, serif; font-size: 10pt;\">16.09.1714<\/span><\/td>\n<td style=\"text-align: center;\"><\/td>\n<td style=\"text-align: center;\"><\/td>\n<td style=\"text-align: center;\"><\/td>\n<td style=\"text-align: center;\"><\/td>\n<td style=\"text-align: center;\"><\/td>\n<\/tr>\n<tr>\n<td style=\"text-align: center;\"><span style=\"font-family: times new roman, times, serif; font-size: 10pt;\">5<\/span><\/td>\n<td><span style=\"font-family: times new roman, times, serif; font-size: 10pt;\">Johann Andreas<\/span><\/td>\n<td style=\"text-align: center;\"><span style=\"font-family: times new roman, times, serif; font-size: 10pt;\">20.01.1718<\/span><\/td>\n<td style=\"text-align: center;\"><span style=\"font-family: times new roman, times, serif; font-size: 10pt;\">25.01.1718<\/span><\/td>\n<td style=\"text-align: center;\"><\/td>\n<td style=\"text-align: center;\"><\/td>\n<td style=\"text-align: center;\"><\/td>\n<td style=\"text-align: center;\"><\/td>\n<td style=\"text-align: center;\"><\/td>\n<\/tr>\n<tr>\n<td style=\"text-align: center;\"><span style=\"font-family: times new roman, times, serif; font-size: 10pt;\">6<\/span><\/td>\n<td><span style=\"font-family: times new roman, times, serif; font-size: 10pt;\">Maria Christina<\/span><\/td>\n<td style=\"text-align: center;\"><span style=\"font-family: times new roman, times, serif; font-size: 10pt;\">05.12.1721<\/span><\/td>\n<td style=\"text-align: center;\"><span style=\"font-family: times new roman, times, serif; font-size: 10pt;\">09.12.1721<\/span><\/td>\n<td style=\"text-align: center;\"><\/td>\n<td style=\"text-align: center;\"><\/td>\n<td style=\"text-align: center;\"><\/td>\n<td style=\"text-align: center;\"><\/td>\n<td style=\"text-align: center;\"><span style=\"font-family: times new roman, times, serif; font-size: 10pt;\">verh.<\/span><\/td>\n<\/tr>\n<\/tbody>\n<\/table>\n<p style=\"text-align: justify;\"><span style=\"font-family: times new roman, times, serif; font-size: 10pt;\">Kind Nr. 1) Geburtsdatum lt. Konfirmationseintrag<br \/>\n<\/span><span style=\"font-family: times new roman, times, serif; font-size: 10pt;\">Kind Nr. 3) + an den giftigem Blattern<br \/>\n<\/span><span style=\"font-family: times new roman, times, serif; font-size: 10pt;\">Kind Nr. 6) oo 04.03.1746 Niederbachheim mit Johann Adam Bl\u00f6\u00df, M\u00fcller in der Ankerm\u00fchle bei Dessighofen (* 19.03.1721 untere Niederbachheimer M\u00fchle (gt. 23.03.); + vor 1764 (Sterbeeintr\u00e4ge in Dornholzhausen fehlen 1748-1777))<\/span><\/p>\n<p><span style=\"font-family: times new roman, times, serif; font-size: 10pt;\"><strong>Eintragstexte Taufen<\/strong><\/span><\/p>\n<p style=\"text-align: justify;\"><span style=\"font-family: times new roman, times, serif; font-size: 10pt;\"><strong>zu 2)<\/strong> <em>Freytag, den 24 [Decem]br[is] nach Mitternacht ist Joh. Th. W\u00f6llen vnd seiner Hau\u00dffr. Ev\u00e6 Margreth[ae] von Kehlbach, bey seinem Schwiegerv[atter] Daniel Pfeiffern sich vfhaltendt, eine junge Tochter geboren, die den Sontag nach dem N[euen] Jahr [1]707, al\u00df den 2 Jan[uarii], getauft worden. Gev. sind gewe\u00dfen: Anna Margreth[a], Joh. Peter W\u00f6llen, seines Bruder\u00df Fraw von Mihlen; Apollonia, Adam Pfeiffers relicta filia de Kehlbach; vnd Joh. Marc[us] W\u00f6llen, sein Bruder von Mihlen. Ihr Nahm ist Ann[a] Margretha.<br \/>\n<\/em><\/span><span style=\"font-family: times new roman, times, serif; font-size: 10pt;\"><strong>zu 3)<\/strong> <em>Sonnabend, als den 24 Jan[uarii] hat Joh. Anthon W\u00fcllen Frau zu Kehlbach Eva Margaretha eine Tochter zur Welt gebracht, welche Dom[inica] Septuag[esima] getauffet worden ist. Gevattern waren: Sibylla Catharina, Ge\u00f6rg St\u00fcbers Fraw de M\u00fchlen; Anna Catharina, Joh. Christophels Fraw, gewesener M\u00fcller zu Esch im Idsteinischen, itzo aber sich ufhaltend zu Kehlbach; und dan Joh. Jacob Brentzhein, damahlen zu Oberbachheim dienend. Inf[antis] nomen Sibylla Catharina. Bapt. Dn. past. Frowein Junior.<br \/>\n<\/em><\/span><span style=\"font-family: times new roman, times, serif; font-size: 10pt;\"><strong>zu 4)<\/strong> <em>Den 12ten Sept[embris] natus et 16 ej[us]d[em] renat[us] Johann Adam, Joh. Th\u00f6nges W\u00fcllen v[nd] Ev\u00e6 Margrethen Sohn[lein] von Kehlbach. Suscept[ores] sindt: Johann Adam Laux ibid[em]; Johann Martin Fuhr alhier; v[nd] Anna Christina, Joh. Henrich Sommers Hau\u00dffr[au] zu Kehlbach.<br \/>\n<\/em><\/span><span style=\"font-family: times new roman, times, serif; font-size: 10pt;\"><strong>zu 5)<\/strong> <em>Den 20ten Jan[uarii] abendts nat[us] et 25 renat[us] Johann Andreas, Joh. Th\u00f6nges W\u00f6llen u[nd] Ev\u00e6 Margreth\u00e6 filiol[us]. Susc[eptores]: Joh. Anthon Haman von Eberwie\u00df; Johann Andreas Federhenn; u. Anna Maria, Joh. Philipp Schollen Tochter von Miehlen.<\/em><\/span><\/p>\n<p style=\"text-align: justify;\"><span style=\"font-family: times new roman, times, serif; font-size: 10pt;\"><strong>Paten zu 6)<\/strong> <em>Philipp<\/em> <em>Gottfried, Thiel Sommers hinter[lassener] Sohn; Anna Maria, Philipp David Gen\u00dfmann Frau; beyde von N[ieder]bach[heim]; u. A[nna] Christina, Johannis Fie\u00dfenhahns Fr[au] von O[ber]bacheim<\/em><\/span><\/p>\n<hr \/>\n<p><span style=\"font-family: times new roman, times, serif; font-size: 10pt;\"><strong><span style=\"color: #ff0000;\"><a id=\"nn\"><\/a>Jakob:<\/span> <\/strong>aus Kehlbach; bg. 10.07.1637 Braubach<\/span><\/p>\n<hr \/>\n<p><span style=\"font-family: times new roman, times, serif; font-size: 10pt;\"><span style=\"color: #ff0000;\"><strong>N. N.:<\/strong> <\/span>ein armes Weib, kath.; + Kehlbach, bg. 05.10.1695<\/span><\/p>\n<hr \/>\n<p><span style=\"font-family: times new roman, times, serif; font-size: 10pt;\"><span style=\"color: #ff0000;\"><strong>Georg Philipp:<\/strong> <\/span>fremdes illeg. Kind aus Kehlbach, 14 Jahre alt; konf. 16.05.1701 Niederbachheim<\/span><\/p>\n<hr \/>\n<p><span style=\"font-family: times new roman, times, serif; font-size: 10pt;\"><span style=\"color: #ff0000;\"><strong>N. N.:<\/strong><\/span> Emmerichs Enkel von Kehlbach; bg. 29.09.1704<\/span><\/p>\n<hr \/>\n<p><span style=\"font-family: times new roman, times, serif; font-size: 10pt;\"><span style=\"color: #ff0000;\"><strong> N. N.:<\/strong><\/span> Soldat<\/span><\/p>\n<p><span style=\"font-family: times new roman, times, serif; font-size: 10pt;\"><strong>oo<\/strong> mit <strong>N. N.:<\/strong> h\u00e4lt sich zu Kehlbach auf<\/span><\/p>\n<table>\n<tbody>\n<tr>\n<td style=\"text-align: center;\" width=\"30\"><span style=\"font-family: times new roman, times, serif; font-size: 10pt;\"><strong>Nr.<\/strong><\/span><\/td>\n<td width=\"138\"><span style=\"font-family: times new roman, times, serif; font-size: 10pt;\"><strong>Vorname (normiert)<\/strong><\/span><\/td>\n<td style=\"text-align: center;\" width=\"76\"><span style=\"font-family: times new roman, times, serif; font-size: 10pt;\"><strong>geboren<\/strong><\/span><\/td>\n<td style=\"text-align: center;\" width=\"76\"><span style=\"font-family: times new roman, times, serif; font-size: 10pt;\"><strong>getauft<\/strong><\/span><\/td>\n<td style=\"text-align: center;\" width=\"69\"><span style=\"font-family: times new roman, times, serif; font-size: 10pt;\"><strong>konfirmiert<\/strong><\/span><\/td>\n<td style=\"text-align: center;\" width=\"69\"><span style=\"font-family: times new roman, times, serif; font-size: 10pt;\"><strong>gestorben<\/strong><\/span><\/td>\n<td style=\"text-align: center;\" width=\"67\"><span style=\"font-family: times new roman, times, serif; font-size: 10pt;\"><strong>begraben<\/strong><\/span><\/td>\n<td style=\"text-align: center;\" width=\"37\"><span style=\"font-family: times new roman, times, serif; font-size: 10pt;\"><strong>Alter<\/strong><\/span><\/td>\n<td style=\"text-align: center;\" width=\"43\"><span style=\"font-family: times new roman, times, serif; font-size: 10pt;\"><strong>Stand<\/strong><\/span><\/td>\n<\/tr>\n<tr>\n<td style=\"text-align: center;\" width=\"30\"><span style=\"font-family: times new roman, times, serif; font-size: 10pt;\">1<\/span><\/td>\n<td width=\"138\"><span style=\"font-family: times new roman, times, serif; font-size: 10pt;\">Maria Magdalena<\/span><\/td>\n<td style=\"text-align: center;\" width=\"76\"><span style=\"font-family: times new roman, times, serif; font-size: 10pt;\">16.11.1710<\/span><\/td>\n<td style=\"text-align: center;\" width=\"76\"><span style=\"font-family: times new roman, times, serif; font-size: 10pt;\">23.11.1710<\/span><\/td>\n<td style=\"text-align: center;\" width=\"69\"><\/td>\n<td style=\"text-align: center;\" width=\"69\"><\/td>\n<td style=\"text-align: center;\" width=\"67\"><\/td>\n<td style=\"text-align: center;\" width=\"37\"><\/td>\n<td style=\"text-align: center;\" width=\"43\"><\/td>\n<\/tr>\n<\/tbody>\n<\/table>\n<p style=\"text-align: justify;\"><span style=\"font-family: times new roman, times, serif; font-size: 10pt;\">Eintragstext: <em>Sontag, den 16 [Novem]br[is] zu Mitternacht ist eines Soldaten Fraw, zu Kehlbach sich vfhaltend, ins Kindbet kommen vnd eine junge Tochter geboren, welche den 23 dito, Dom[inica] 23 post Trin[itatis], getauft worden. Gev. sind gewe\u00dfen: Ann[a] Magdal., bey Engeln Zim Dan. Wittib dienent; Maria, Joh. Adam Lauxen H[aus]fraw von Kehlb.; Andrea\u00df Schmied, mein Knecht; v[nd] Adam Dadner d[e] Kehlbach. Ihr Nahm ist Mar. Magdalena.<\/em><\/span><\/p>\n<hr \/>\n<p><span style=\"font-family: times new roman, times, serif; font-size: 10pt;\"><span style=\"color: #ff0000;\"><strong>N. N., Matthias:<\/strong> <\/span>Beisasse zu Kehlbach<\/span><\/p>\n<p><span style=\"font-family: times new roman, times, serif; font-size: 10pt;\"><strong>oo<\/strong> mit <strong>Anna Maria<\/strong><\/span><\/p>\n<table>\n<tbody>\n<tr>\n<td style=\"text-align: center;\" width=\"30\"><span style=\"font-family: times new roman, times, serif; font-size: 10pt;\"><strong>Nr.<\/strong><\/span><\/td>\n<td width=\"136\"><span style=\"font-family: times new roman, times, serif; font-size: 10pt;\"><strong>Vorname (normiert)<\/strong><\/span><\/td>\n<td style=\"text-align: center;\" width=\"76\"><span style=\"font-family: times new roman, times, serif; font-size: 10pt;\"><strong>geboren<\/strong><\/span><\/td>\n<td style=\"text-align: center;\" width=\"76\"><span style=\"font-family: times new roman, times, serif; font-size: 10pt;\"><strong>getauft<\/strong><\/span><\/td>\n<td style=\"text-align: center;\" width=\"69\"><span style=\"font-family: times new roman, times, serif; font-size: 10pt;\"><strong>konfirmiert<\/strong><\/span><\/td>\n<td style=\"text-align: center;\" width=\"69\"><span style=\"font-family: times new roman, times, serif; font-size: 10pt;\"><strong>gestorben<\/strong><\/span><\/td>\n<td style=\"text-align: center;\" width=\"67\"><span style=\"font-family: times new roman, times, serif; font-size: 10pt;\"><strong>begraben<\/strong><\/span><\/td>\n<td style=\"text-align: center;\" width=\"38\"><span style=\"font-family: times new roman, times, serif; font-size: 10pt;\"><strong>Alter<\/strong><\/span><\/td>\n<td style=\"text-align: center;\" width=\"43\"><span style=\"font-family: times new roman, times, serif; font-size: 10pt;\"><strong>Stand<\/strong><\/span><\/td>\n<\/tr>\n<tr>\n<td style=\"text-align: center;\" width=\"30\"><span style=\"font-family: times new roman, times, serif; font-size: 10pt;\">1<\/span><\/td>\n<td width=\"136\"><span style=\"font-family: times new roman, times, serif; font-size: 10pt;\">Johannes<\/span><\/td>\n<td style=\"text-align: center;\" width=\"76\"><span style=\"font-family: times new roman, times, serif; font-size: 10pt;\">06.07.1719<\/span><\/td>\n<td style=\"text-align: center;\" width=\"76\"><span style=\"font-family: times new roman, times, serif; font-size: 10pt;\">09.07.1719<\/span><\/td>\n<td style=\"text-align: center;\" width=\"69\"><\/td>\n<td style=\"text-align: center;\" width=\"69\"><\/td>\n<td style=\"text-align: center;\" width=\"67\"><\/td>\n<td style=\"text-align: center;\" width=\"38\"><\/td>\n<td style=\"text-align: center;\" width=\"43\"><\/td>\n<\/tr>\n<\/tbody>\n<\/table>\n<p style=\"text-align: justify;\"><span style=\"font-family: times new roman, times, serif; font-size: 10pt;\">Eintragstext: <em>Den 6ten Jul[ii] nat[us] et 9 ej[us]d[em] renat[us] Johannes, Matthias <\/em>[ ]<em> u. Ann\u00e6 Mari\u00e6, Beysassen, so sich zu Kelbach auffhalten, cathol[ici]. Suscept[ores]: Johannes Sattler, hochf\u00fcrst[licher] hessen-darmst\u00e4ttischer F\u00f6rster zu Dachsenhausen; Johannes <\/em>[ ]<em>, Hoffmann in der Pott\u00e4sch, u. Maria Elisabetha, Peter Rhoden Fr[au] von Dachsenhausen.<\/em><\/span><\/p>\n<hr \/>\n<p><span style=\"font-size: 10pt; font-family: times new roman, times, serif;\"><b>Letztes Update: 10. Februar 2024<\/b><\/span><br \/>\n<span style=\"font-size: 10pt; font-family: times new roman, times, serif;\"><b>Ralph Jackmuth<\/b><\/span><\/p>\n","protected":false},"excerpt":{"rendered":"<p>Martin, Johannes oo mit N. N. Nr. Vorname (normiert) geboren getauft konfirmiert gestorben begraben Alter Stand 1 Anna Magdalena 21.04.1673 27.04.1673 Eintragstext: Den 21ten April[is] de\u00df Nachts zwischen 10 vnd 11 Vhrn ist Joh. Martinu\u00dfen allhier eine junge Tochter geboren vnd den 27 ejusd[em], Dom[inica] Cantate, getauft worden. Gevattern sind gewe\u00dfen: Anna Maria, J. Ph. &hellip; <a href=\"https:\/\/www.ahnenforschung-jackmuth.de\/?page_id=9250\" class=\"more-link\"><span class=\"screen-reader-text\">\u201eOFB Kehlbach M-Z\u201c<\/span> weiterlesen<\/a><\/p>\n","protected":false},"author":1,"featured_media":0,"parent":0,"menu_order":0,"comment_status":"closed","ping_status":"closed","template":"","meta":{"footnotes":""},"class_list":["post-9250","page","type-page","status-publish","hentry"],"_links":{"self":[{"href":"https:\/\/www.ahnenforschung-jackmuth.de\/index.php?rest_route=\/wp\/v2\/pages\/9250","targetHints":{"allow":["GET"]}}],"collection":[{"href":"https:\/\/www.ahnenforschung-jackmuth.de\/index.php?rest_route=\/wp\/v2\/pages"}],"about":[{"href":"https:\/\/www.ahnenforschung-jackmuth.de\/index.php?rest_route=\/wp\/v2\/types\/page"}],"author":[{"embeddable":true,"href":"https:\/\/www.ahnenforschung-jackmuth.de\/index.php?rest_route=\/wp\/v2\/users\/1"}],"replies":[{"embeddable":true,"href":"https:\/\/www.ahnenforschung-jackmuth.de\/index.php?rest_route=%2Fwp%2Fv2%2Fcomments&post=9250"}],"version-history":[{"count":0,"href":"https:\/\/www.ahnenforschung-jackmuth.de\/index.php?rest_route=\/wp\/v2\/pages\/9250\/revisions"}],"wp:attachment":[{"href":"https:\/\/www.ahnenforschung-jackmuth.de\/index.php?rest_route=%2Fwp%2Fv2%2Fmedia&parent=9250"}],"curies":[{"name":"wp","href":"https:\/\/api.w.org\/{rel}","templated":true}]}}