{"id":9243,"date":"2021-12-06T10:53:35","date_gmt":"2021-12-06T10:53:35","guid":{"rendered":"http:\/\/www.ahnenforschung-jackmuth.de\/?page_id=9243"},"modified":"2024-06-09T08:41:20","modified_gmt":"2024-06-09T08:41:20","slug":"ofb-kehlbach-schmidt","status":"publish","type":"page","link":"https:\/\/www.ahnenforschung-jackmuth.de\/?page_id=9243","title":{"rendered":"OFB Kehlbach &#8211; Schmidt"},"content":{"rendered":"<p><span style=\"font-family: times new roman, times, serif; font-size: 10pt; color: #ff0000;\"><strong><u>Schmidt<\/u><\/strong><strong>, Th\u00f6nges<\/strong><\/span><\/p>\n<p><span style=\"font-family: times new roman, times, serif; font-size: 10pt;\"><strong>oo<\/strong> mit <strong>N. N.<\/strong><\/span><\/p>\n<table>\n<tbody>\n<tr>\n<td style=\"text-align: center;\" width=\"29\"><span style=\"font-family: times new roman, times, serif; font-size: 10pt;\"><strong>Nr.<\/strong><\/span><\/td>\n<td width=\"135\"><span style=\"font-family: times new roman, times, serif; font-size: 10pt;\"><strong>Vorname (normiert)<\/strong><\/span><\/td>\n<td style=\"text-align: center;\" width=\"76\"><span style=\"font-family: times new roman, times, serif; font-size: 10pt;\"><strong>geboren<\/strong><\/span><\/td>\n<td style=\"text-align: center;\" width=\"76\"><span style=\"font-family: times new roman, times, serif; font-size: 10pt;\"><strong>getauft<\/strong><\/span><\/td>\n<td style=\"text-align: center;\" width=\"69\"><span style=\"font-family: times new roman, times, serif; font-size: 10pt;\"><strong>konfirmiert<\/strong><\/span><\/td>\n<td style=\"text-align: center;\" width=\"66\"><span style=\"font-family: times new roman, times, serif; font-size: 10pt;\"><strong>gestorben<\/strong><\/span><\/td>\n<td style=\"text-align: center;\" width=\"76\"><span style=\"font-family: times new roman, times, serif; font-size: 10pt;\"><strong>begraben<\/strong><\/span><\/td>\n<td style=\"text-align: center;\" width=\"40\"><span style=\"font-family: times new roman, times, serif; font-size: 10pt;\"><strong>Alter<\/strong><\/span><\/td>\n<td style=\"text-align: center;\" width=\"42\"><span style=\"font-family: times new roman, times, serif; font-size: 10pt;\"><strong>Stand<\/strong><\/span><\/td>\n<\/tr>\n<tr>\n<td style=\"text-align: center;\" width=\"29\"><span style=\"font-family: times new roman, times, serif; font-size: 10pt;\">1<\/span><\/td>\n<td width=\"135\"><span style=\"font-family: times new roman, times, serif; font-size: 10pt;\">Anna Magdalena<\/span><\/td>\n<td style=\"text-align: center;\" width=\"76\"><\/td>\n<td style=\"text-align: center;\" width=\"76\"><\/td>\n<td style=\"text-align: center;\" width=\"69\"><span style=\"font-family: times new roman, times, serif; font-size: 10pt;\">03.06.1666<\/span><\/td>\n<td style=\"text-align: center;\" width=\"66\"><\/td>\n<td style=\"text-align: center;\" width=\"76\"><\/td>\n<td style=\"text-align: center;\" width=\"40\"><\/td>\n<td style=\"text-align: center;\" width=\"42\"><\/td>\n<\/tr>\n<tr>\n<td style=\"text-align: center;\" width=\"29\"><span style=\"font-family: times new roman, times, serif; font-size: 10pt;\">2<\/span><\/td>\n<td width=\"135\"><span style=\"font-family: times new roman, times, serif; font-size: 10pt;\">Johann Gottfried<\/span><\/td>\n<td style=\"text-align: center;\" width=\"76\"><\/td>\n<td style=\"text-align: center;\" width=\"76\"><\/td>\n<td style=\"text-align: center;\" width=\"69\"><span style=\"font-family: times new roman, times, serif; font-size: 10pt;\">xx.xx.1667<\/span><\/td>\n<td style=\"text-align: center;\" width=\"66\"><\/td>\n<td style=\"text-align: center;\" width=\"76\"><\/td>\n<td style=\"text-align: center;\" width=\"40\"><\/td>\n<td style=\"text-align: center;\" width=\"42\"><\/td>\n<\/tr>\n<\/tbody>\n<\/table>\n<hr \/>\n<p><span style=\"font-family: times new roman, times, serif; font-size: 10pt;\"><span style=\"color: #ff0000;\"><strong><u>Schmidt<\/u><\/strong><strong>, Simon:<\/strong> <\/span>Kirchensenior; bg. 20.05.1694, 64 Jahre alt, + an der Wassersucht<\/span><\/p>\n<p><span style=\"font-family: times new roman, times, serif; font-size: 10pt;\"><strong>oo<\/strong> mit <strong>Anna Maria:<\/strong> bg. 21.12.1692, 58 Jahre alt<\/span><\/p>\n<table>\n<tbody>\n<tr>\n<td style=\"text-align: center;\" width=\"26\"><span style=\"font-family: times new roman, times, serif; font-size: 10pt;\"><strong>Nr.<\/strong><\/span><\/td>\n<td width=\"124\"><span style=\"font-family: times new roman, times, serif; font-size: 10pt;\"><strong>Vorname (normiert)<\/strong><\/span><\/td>\n<td style=\"text-align: center;\" width=\"74\"><span style=\"font-family: times new roman, times, serif; font-size: 10pt;\"><strong>geboren<\/strong><\/span><\/td>\n<td style=\"text-align: center;\" width=\"74\"><span style=\"font-family: times new roman, times, serif; font-size: 10pt;\"><strong>getauft<\/strong><\/span><\/td>\n<td style=\"text-align: center;\" width=\"75\"><span style=\"font-family: times new roman, times, serif; font-size: 10pt;\"><strong>konfirmiert<\/strong><\/span><\/td>\n<td style=\"text-align: center;\" width=\"75\"><span style=\"font-family: times new roman, times, serif; font-size: 10pt;\"><strong>gestorben<\/strong><\/span><\/td>\n<td style=\"text-align: center;\" width=\"74\"><span style=\"font-family: times new roman, times, serif; font-size: 10pt;\"><strong>begraben<\/strong><\/span><\/td>\n<td style=\"text-align: center;\" width=\"40\"><span style=\"font-family: times new roman, times, serif; font-size: 10pt;\"><strong>Alter<\/strong><\/span><\/td>\n<td style=\"text-align: center;\" width=\"44\"><span style=\"font-family: times new roman, times, serif; font-size: 10pt;\"><strong>Stand<\/strong><\/span><\/td>\n<\/tr>\n<tr>\n<td style=\"text-align: center;\" width=\"26\"><span style=\"font-family: times new roman, times, serif; font-size: 10pt;\">1<\/span><\/td>\n<td width=\"124\"><span style=\"font-family: times new roman, times, serif; font-size: 10pt;\">Johann Andreas<\/span><\/td>\n<td style=\"text-align: center;\" width=\"74\"><span style=\"font-family: times new roman, times, serif; font-size: 10pt;\">ca. 1658<\/span><\/td>\n<td style=\"text-align: center;\" width=\"74\"><\/td>\n<td style=\"text-align: center;\" width=\"75\"><span style=\"font-family: times new roman, times, serif; font-size: 10pt;\">11.06.1671<\/span><\/td>\n<td style=\"text-align: center;\" width=\"75\"><span style=\"font-family: times new roman, times, serif; font-size: 10pt;\">20.06.1725<\/span><\/td>\n<td style=\"text-align: center;\" width=\"74\"><span style=\"font-family: times new roman, times, serif; font-size: 10pt;\">22.06.1725<\/span><\/td>\n<td style=\"text-align: center;\" width=\"40\"><span style=\"font-family: times new roman, times, serif; font-size: 10pt;\">67,33<\/span><\/td>\n<td style=\"text-align: center;\" width=\"44\"><span style=\"font-family: times new roman, times, serif; font-size: 10pt;\">verh.<\/span><\/td>\n<\/tr>\n<tr>\n<td style=\"text-align: center;\"><span style=\"font-family: times new roman, times, serif; font-size: 10pt;\">2<\/span><\/td>\n<td><span style=\"font-family: times new roman, times, serif; font-size: 10pt;\">Anna Elisabeth<\/span><\/td>\n<td style=\"text-align: center;\"><\/td>\n<td style=\"text-align: center;\"><\/td>\n<td style=\"text-align: center;\"><span style=\"font-family: times new roman, times, serif; font-size: 10pt;\">11.06.1671<\/span><\/td>\n<td style=\"text-align: center;\"><span style=\"font-family: times new roman, times, serif; font-size: 10pt;\">02.01.1728<\/span><\/td>\n<td style=\"text-align: center;\"><span style=\"font-family: times new roman, times, serif; font-size: 10pt;\">04.01.1728<\/span><\/td>\n<td style=\"text-align: center;\"><span style=\"font-family: times new roman, times, serif; font-size: 10pt;\">72,00<\/span><\/td>\n<td style=\"text-align: center;\"><span style=\"font-family: times new roman, times, serif; font-size: 10pt;\">verh.<\/span><\/td>\n<\/tr>\n<tr>\n<td style=\"text-align: center;\"><span style=\"font-family: times new roman, times, serif; font-size: 10pt;\">3<\/span><\/td>\n<td><span style=\"font-family: times new roman, times, serif; font-size: 10pt;\">Johann Jakob<\/span><\/td>\n<td style=\"text-align: center;\"><\/td>\n<td style=\"text-align: center;\"><\/td>\n<td style=\"text-align: center;\"><span style=\"font-family: times new roman, times, serif; font-size: 10pt;\">26.05.1672<\/span><\/td>\n<td style=\"text-align: center;\"><\/td>\n<td style=\"text-align: center;\"><span style=\"font-family: times new roman, times, serif; font-size: 10pt;\">04.10.1689<\/span><\/td>\n<td style=\"text-align: center;\"><span style=\"font-family: times new roman, times, serif; font-size: 10pt;\">29,87<\/span><\/td>\n<td style=\"text-align: center;\"><span style=\"font-family: times new roman, times, serif; font-size: 10pt;\">verh.<\/span><\/td>\n<\/tr>\n<tr>\n<td style=\"text-align: center;\"><span style=\"font-family: times new roman, times, serif; font-size: 10pt;\">4<\/span><\/td>\n<td><span style=\"font-family: times new roman, times, serif; font-size: 10pt;\">Johann Goar<\/span><\/td>\n<td style=\"text-align: center;\"><\/td>\n<td style=\"text-align: center;\"><\/td>\n<td style=\"text-align: center;\"><span style=\"font-family: times new roman, times, serif; font-size: 10pt;\">14.05.1676<\/span><\/td>\n<td style=\"text-align: center;\"><\/td>\n<td style=\"text-align: center;\"><\/td>\n<td style=\"text-align: center;\"><\/td>\n<td style=\"text-align: center;\"><\/td>\n<\/tr>\n<tr>\n<td style=\"text-align: center;\"><span style=\"font-family: times new roman, times, serif; font-size: 10pt;\">5<\/span><\/td>\n<td><span style=\"font-family: times new roman, times, serif; font-size: 10pt;\">Anna Margaretha<\/span><\/td>\n<td style=\"text-align: center;\"><\/td>\n<td style=\"text-align: center;\"><\/td>\n<td style=\"text-align: center;\"><span style=\"font-family: times new roman, times, serif; font-size: 10pt;\">19.05.1678<\/span><\/td>\n<td style=\"text-align: center;\"><\/td>\n<td style=\"text-align: center;\"><\/td>\n<td style=\"text-align: center;\"><\/td>\n<td style=\"text-align: center;\"><\/td>\n<\/tr>\n<tr>\n<td style=\"text-align: center;\"><span style=\"font-family: times new roman, times, serif; font-size: 10pt;\">6<\/span><\/td>\n<td><span style=\"font-family: times new roman, times, serif; font-size: 10pt;\">Johann Anton<\/span><\/td>\n<td style=\"text-align: center;\"><\/td>\n<td style=\"text-align: center;\"><span style=\"font-family: times new roman, times, serif; font-size: 10pt;\">02.09.1666<\/span><\/td>\n<td style=\"text-align: center;\"><span style=\"font-family: times new roman, times, serif; font-size: 10pt;\">22.05.1681<\/span><\/td>\n<td style=\"text-align: center;\"><\/td>\n<td style=\"text-align: center;\"><\/td>\n<td style=\"text-align: center;\"><\/td>\n<td style=\"text-align: center;\"><span style=\"font-family: times new roman, times, serif; font-size: 10pt;\">verh.<\/span><\/td>\n<\/tr>\n<tr>\n<td style=\"text-align: center;\"><span style=\"font-family: times new roman, times, serif; font-size: 10pt;\">7<\/span><\/td>\n<td><span style=\"font-family: times new roman, times, serif; font-size: 10pt;\">Johann Henrich<\/span><\/td>\n<td style=\"text-align: center;\"><\/td>\n<td style=\"text-align: center;\"><span style=\"font-family: times new roman, times, serif; font-size: 10pt;\">04.10.1668<\/span><\/td>\n<td style=\"text-align: center;\"><span style=\"font-family: times new roman, times, serif; font-size: 10pt;\">27.05.1683<\/span><\/td>\n<td style=\"text-align: center;\"><\/td>\n<td style=\"text-align: center;\"><\/td>\n<td style=\"text-align: center;\"><\/td>\n<td style=\"text-align: center;\"><span style=\"font-family: times new roman, times, serif; font-size: 10pt;\">verh.<\/span><\/td>\n<\/tr>\n<tr>\n<td style=\"text-align: center;\"><span style=\"font-family: times new roman, times, serif; font-size: 10pt;\">8<\/span><\/td>\n<td><span style=\"font-family: times new roman, times, serif; font-size: 10pt;\">Anna Magdalena<\/span><\/td>\n<td style=\"text-align: center;\"><\/td>\n<td style=\"text-align: center;\"><span style=\"font-family: times new roman, times, serif; font-size: 10pt;\">08.01.1671<\/span><\/td>\n<td style=\"text-align: center;\"><span style=\"font-family: times new roman, times, serif; font-size: 10pt;\">18.05.1684<\/span><\/td>\n<td style=\"text-align: center;\"><\/td>\n<td style=\"text-align: center;\"><\/td>\n<td style=\"text-align: center;\"><\/td>\n<td style=\"text-align: center;\"><\/td>\n<\/tr>\n<tr>\n<td style=\"text-align: center;\"><span style=\"font-family: times new roman, times, serif; font-size: 10pt;\">9<\/span><\/td>\n<td><span style=\"font-family: times new roman, times, serif; font-size: 10pt;\">Johann Philipp<\/span><\/td>\n<td style=\"text-align: center;\"><span style=\"font-family: times new roman, times, serif; font-size: 10pt;\">21.10.1678<\/span><\/td>\n<td style=\"text-align: center;\"><span style=\"font-family: times new roman, times, serif; font-size: 10pt;\">27.10.1678<\/span><\/td>\n<td style=\"text-align: center;\"><span style=\"font-family: times new roman, times, serif; font-size: 10pt;\">31.05.1691<\/span><\/td>\n<td style=\"text-align: center;\"><\/td>\n<td style=\"text-align: center;\"><\/td>\n<td style=\"text-align: center;\"><\/td>\n<td style=\"text-align: center;\"><span style=\"font-family: times new roman, times, serif; font-size: 10pt;\">verh.<\/span><\/td>\n<\/tr>\n<\/tbody>\n<\/table>\n<p><span style=\"font-family: times new roman, times, serif; font-size: 10pt;\">Kind Nr. 1) + Becheln, 67 Jahre und 4 Monate alt; oo 01.05.1683 Becheln mit Johanna Elisabeth Hoffmann aus Becheln; Familie wohnt in Becheln<br \/>\n<\/span><span style=\"font-family: times new roman, times, serif; font-size: 10pt;\">Kind Nr. 2) + Dessighofen, Sterbeeintrag: <em>Anna Elisabetha, Phil: Meyen Wittib zu De\u00dfighoffen, ist durch den entstandenen Brandt, den 31ten [Decem]br[is] morgens umb 3 Uhr so laediret, da\u00df sie den 2ten Jan[uarii] d[a]z Zeit[liche] geseegnet v. den 4 ejusdem al\u00df D[omi]nica post Circumc[isionis] [Chri]sti christ[lich] beerdiget worden; Alter 72 Jahr. Text[us] Hebr: 9 v. 27: \u201eEs ist gesetzt etc.\u201c<\/em>; oo mit Johann Philipp May<br \/>\n<\/span><span style=\"font-family: times new roman, times, serif; font-size: 10pt;\">Kind Nr. 3) 30 Jahre weniger 7 Wochen alt, war nur 24 Stunden krank; oo mit N. N.<br \/>\n<\/span><span style=\"font-family: times new roman, times, serif; font-size: 10pt;\">Kind Nr. 6) oo 16.11.1700 Niederbachheim mit Maria Elisabeth, Tochter des Hans Jakob Hallerbach<br \/>\n<\/span><span style=\"font-family: times new roman, times, serif; font-size: 10pt;\">Kind Nr. 7) oo I. 18.02.1697 Niederbachheim mit Anna Magdalena, Tochter des verst. Johannes May aus Berg (bg. 22.01.1703); oo II. 30.01.1704 Niederbachheim mit Anna Margaretha, Tochter des Philipp Pfeifer aus Oberbachheim<br \/>\n<\/span><span style=\"font-family: times new roman, times, serif; font-size: 10pt;\">Kind Nr. 9) oo mit Anna Magdalena Pfeifer<\/span><\/p>\n<p><span style=\"font-family: times new roman, times, serif; font-size: 10pt;\"><strong>Eintragstexte Taufen<\/strong><\/span><\/p>\n<p style=\"text-align: justify;\"><span style=\"font-family: times new roman, times, serif; font-size: 10pt;\"><strong>zu 6)<\/strong> <em>Den 2ten [Septem]bris, Dom[inica] 12 post Trinitat[is], hat Simon Schmiedt zu Kehlbach einen jungen Sohn taufen la\u00dfen. Gevattern sindt gewe\u00dfen: Merten Japhet, Philipps Schmiedt Sohn von Winterwerb; Johann Anthoni[us], Johannes Gerharts Sohn von Kehlbach; vndt Sophia, Merten Pauli H[aus]fraw von Singhoffen. Sein Nahm ist Johann Anthoni[us].<br \/>\n<\/em><\/span><span style=\"font-family: times new roman, times, serif; font-size: 10pt;\"><strong>zu 7)<\/strong> <em>Den 4ten [Octo]bris, Dom[inica] 20 post Trinitatis, hat Simon Schmied von Kehlbach einen jungen Sohn taufen la\u00dfen. Gevattern sindt gewe\u00dfen: Johann Anthoni[us], Go\u00e4r Bochels Sohn von Oberbacheim; Joh. Henrich Imandt von Kehlbach; vnd Anna Margretha, Adam Pfeiffers H[aus]fraw ibid[em]. Sein Nahm ist Johann Henrich.<br \/>\n<\/em><\/span><span style=\"font-family: times new roman, times, serif; font-size: 10pt;\"><strong>zu 8)<\/strong> <em>Den 8ten Januarij, Dom[inica] post Epiphan[iae], hat Simon Schmied von Kehlbach eine junge Tochter tauffen la\u00dfen. Gevattern sind gewe\u00dfen: Magdalena, Jost B\u00fcffen von Marienfel\u00df hinderla\u00dfene Wittib; Anna Christina, Daniel Dadners H[aus]fraw von Kehlbach; v[nd] Caspar Bachumb allhier. Ihr Nahm ist: Anna Magdalena.<br \/>\n<\/em><\/span><span style=\"font-family: times new roman, times, serif; font-size: 10pt;\"><strong>zu 9)<\/strong> <em>Den 21ten [Octo]bris de\u00df Abendts vmb 8 Vhrn filiol[us] Simon Schmieds in Kehlbach natus &amp; 27 ejusd. mensis, Dom[inica] 22 post Trin[itatis], baptizat[us]. P[ro] qvo fide jubebant: Johann Philip\u00df Bochel von Oberbacheim; Anna Christina, mein Hau\u00dffraw; vnd Johann Philip\u00df Schmied von Winterwerb. Sein Nahm ist Johann Philip\u00df.<\/em><\/span><\/p>\n<hr \/>\n<p style=\"text-align: justify;\"><span style=\"font-family: times new roman, times, serif; font-size: 10pt;\"><span style=\"color: #ff0000;\"><strong><u>Schmidt<\/u><\/strong><strong>, Johann Jakob:<\/strong> <\/span>konf. 26.05.1672; Eltern: bg. 04.10.1689, 30 Jahre weniger 7 Wochen alt, war\u00a0 nur 24 Stunden krank; Eltern: Simon Schmidt und Anna Maria<\/span><\/p>\n<p><span style=\"font-family: times new roman, times, serif; font-size: 10pt;\"><strong>oo<\/strong> mit <strong>N. N.<\/strong><\/span><\/p>\n<table>\n<tbody>\n<tr>\n<td style=\"text-align: center;\" width=\"29\"><span style=\"font-family: times new roman, times, serif; font-size: 10pt;\"><strong>Nr.<\/strong><\/span><\/td>\n<td width=\"134\"><span style=\"font-family: times new roman, times, serif; font-size: 10pt;\"><strong>Vorname (normiert)<\/strong><\/span><\/td>\n<td style=\"text-align: center;\" width=\"76\"><span style=\"font-family: times new roman, times, serif; font-size: 10pt;\"><strong>geboren<\/strong><\/span><\/td>\n<td style=\"text-align: center;\" width=\"76\"><span style=\"font-family: times new roman, times, serif; font-size: 10pt;\"><strong>getauft<\/strong><\/span><\/td>\n<td style=\"text-align: center;\" width=\"69\"><span style=\"font-family: times new roman, times, serif; font-size: 10pt;\"><strong>konfirmiert<\/strong><\/span><\/td>\n<td style=\"text-align: center;\" width=\"66\"><span style=\"font-family: times new roman, times, serif; font-size: 10pt;\"><strong>gestorben<\/strong><\/span><\/td>\n<td style=\"text-align: center;\" width=\"76\"><span style=\"font-family: times new roman, times, serif; font-size: 10pt;\"><strong>begraben<\/strong><\/span><\/td>\n<td style=\"text-align: center;\" width=\"40\"><span style=\"font-family: times new roman, times, serif; font-size: 10pt;\"><strong>Alter<\/strong><\/span><\/td>\n<td style=\"text-align: center;\" width=\"42\"><span style=\"font-family: times new roman, times, serif; font-size: 10pt;\"><strong>Stand<\/strong><\/span><\/td>\n<\/tr>\n<tr>\n<td style=\"text-align: center;\" width=\"29\"><span style=\"font-family: times new roman, times, serif; font-size: 10pt;\">1<\/span><\/td>\n<td width=\"134\"><span style=\"font-family: times new roman, times, serif; font-size: 10pt;\">Anna Katharina<\/span><\/td>\n<td style=\"text-align: center;\" width=\"76\"><span style=\"font-family: times new roman, times, serif; font-size: 10pt;\">01.08.1687<\/span><\/td>\n<td style=\"text-align: center;\" width=\"76\"><span style=\"font-family: times new roman, times, serif; font-size: 10pt;\">07.08.1687<\/span><\/td>\n<td style=\"text-align: center;\" width=\"69\"><\/td>\n<td style=\"text-align: center;\" width=\"66\"><\/td>\n<td style=\"text-align: center;\" width=\"76\"><span style=\"font-family: times new roman, times, serif; font-size: 10pt;\">06.08.1690<\/span><\/td>\n<td style=\"text-align: center;\" width=\"40\"><span style=\"font-family: times new roman, times, serif; font-size: 10pt;\">3,00<\/span><\/td>\n<td style=\"text-align: center;\" width=\"42\"><\/td>\n<\/tr>\n<\/tbody>\n<\/table>\n<p style=\"text-align: justify;\"><span style=\"font-family: times new roman, times, serif; font-size: 10pt;\">Eintragstext: <em>Den 1ten Aug[usti] zu Mittag vmb 12 Vhr ist Jacob Schmieden zu Kehlbach eine junge Tochter geboren vnd auf gem[elten] Sonntag getauft worden. Gev. sind gewe\u00dfen: Magdalena, Simon Schmieds Tochter, sein Schwester; Anna Cathar[ina], Emrich Dadners Tochter; beyde zu Kehlbach; vnd Johannes Schmied, seines Vatters Bruder von Himmigoben. Ihr Nahm ist Anna Cathari[na].<\/em><\/span><\/p>\n<hr \/>\n<p><span style=\"font-family: times new roman, times, serif; font-size: 10pt;\"><span style=\"color: #ff0000;\"><strong><u>Schmidt<\/u>, Johann Henrich:<\/strong> <\/span>gt. 04.10.1668; konf. 27.05.1683; Eltern: Simon Schmidt und Anna Maria<\/span><\/p>\n<p><span style=\"font-family: times new roman, times, serif; font-size: 10pt;\"><strong>oo I. 18.02.1697 Niederbachheim<\/strong> mit May, Anna Magdalena: bg. 22.01.1703, 31 Jahre alt; Tochter des verst. Johannes May aus Berg<\/span><\/p>\n<table>\n<tbody>\n<tr>\n<td style=\"text-align: center;\" width=\"28\"><span style=\"font-family: times new roman, times, serif; font-size: 10pt;\"><strong>Nr.<\/strong><\/span><\/td>\n<td width=\"131\"><span style=\"font-family: times new roman, times, serif; font-size: 10pt;\"><strong>Vorname (normiert)<\/strong><\/span><\/td>\n<td style=\"text-align: center;\" width=\"75\"><span style=\"font-family: times new roman, times, serif; font-size: 10pt;\"><strong>geboren<\/strong><\/span><\/td>\n<td style=\"text-align: center;\" width=\"75\"><span style=\"font-family: times new roman, times, serif; font-size: 10pt;\"><strong>getauft<\/strong><\/span><\/td>\n<td style=\"text-align: center;\" width=\"77\"><span style=\"font-family: times new roman, times, serif; font-size: 10pt;\"><strong>konfirmiert<\/strong><\/span><\/td>\n<td style=\"text-align: center;\" width=\"63\"><span style=\"font-family: times new roman, times, serif; font-size: 10pt;\"><strong>gestorben<\/strong><\/span><\/td>\n<td style=\"text-align: center;\" width=\"75\"><span style=\"font-family: times new roman, times, serif; font-size: 10pt;\"><strong>begraben<\/strong><\/span><\/td>\n<td style=\"text-align: center;\" width=\"40\"><span style=\"font-family: times new roman, times, serif; font-size: 10pt;\"><strong>Alter<\/strong><\/span><\/td>\n<td style=\"text-align: center;\" width=\"40\"><span style=\"font-family: times new roman, times, serif; font-size: 10pt;\"><strong>Stand<\/strong><\/span><\/td>\n<\/tr>\n<tr>\n<td style=\"text-align: center;\" width=\"28\"><span style=\"font-family: times new roman, times, serif; font-size: 10pt;\">1<\/span><\/td>\n<td width=\"131\"><span style=\"font-family: times new roman, times, serif; font-size: 10pt;\">Johann Gottfried<\/span><\/td>\n<td style=\"text-align: center;\" width=\"75\"><span style=\"font-family: times new roman, times, serif; font-size: 10pt;\">13.01.1698<\/span><\/td>\n<td style=\"text-align: center;\" width=\"75\"><span style=\"font-family: times new roman, times, serif; font-size: 10pt;\">16.01.1698<\/span><\/td>\n<td style=\"text-align: center;\" width=\"77\"><\/td>\n<td style=\"text-align: center;\" width=\"63\"><\/td>\n<td style=\"text-align: center;\" width=\"75\"><\/td>\n<td style=\"text-align: center;\" width=\"40\"><\/td>\n<td style=\"text-align: center;\" width=\"40\"><\/td>\n<\/tr>\n<tr>\n<td style=\"text-align: center;\"><span style=\"font-family: times new roman, times, serif; font-size: 10pt;\">2<\/span><\/td>\n<td><span style=\"font-family: times new roman, times, serif; font-size: 10pt;\">Anna Christina<\/span><\/td>\n<td style=\"text-align: center;\"><span style=\"font-family: times new roman, times, serif; font-size: 10pt;\">04.07.1700<\/span><\/td>\n<td style=\"text-align: center;\"><span style=\"font-family: times new roman, times, serif; font-size: 10pt;\">12.07.1700<\/span><\/td>\n<td style=\"text-align: center;\"><span style=\"font-family: times new roman, times, serif; font-size: 10pt;\">25.04.1717<\/span><\/td>\n<td style=\"text-align: center;\"><\/td>\n<td style=\"text-align: center;\"><\/td>\n<td style=\"text-align: center;\"><\/td>\n<td style=\"text-align: center;\"><\/td>\n<\/tr>\n<tr>\n<td style=\"text-align: center;\"><span style=\"font-family: times new roman, times, serif; font-size: 10pt;\">3<\/span><\/td>\n<td><span style=\"font-family: times new roman, times, serif; font-size: 10pt;\">Anna Magdalena<\/span><\/td>\n<td style=\"text-align: center;\"><span style=\"font-family: times new roman, times, serif; font-size: 10pt;\">04.05.1702<\/span><\/td>\n<td style=\"text-align: center;\"><span style=\"font-family: times new roman, times, serif; font-size: 10pt;\">07.05.1702<\/span><\/td>\n<td style=\"text-align: center;\"><span style=\"font-family: times new roman, times, serif; font-size: 10pt;\">25.04.1717<\/span><\/td>\n<td style=\"text-align: center;\"><\/td>\n<td style=\"text-align: center;\"><\/td>\n<td style=\"text-align: center;\"><\/td>\n<td style=\"text-align: center;\"><\/td>\n<\/tr>\n<tr>\n<td style=\"text-align: center;\"><span style=\"font-family: times new roman, times, serif; font-size: 10pt;\">4<\/span><\/td>\n<td><span style=\"font-family: times new roman, times, serif; font-size: 10pt;\">Maria Katharina<\/span><\/td>\n<td style=\"text-align: center;\"><span style=\"font-family: times new roman, times, serif; font-size: 10pt;\">30.06.1708<\/span><\/td>\n<td style=\"text-align: center;\"><span style=\"font-family: times new roman, times, serif; font-size: 10pt;\">08.07.1708<\/span><\/td>\n<td style=\"text-align: center;\"><\/td>\n<td style=\"text-align: center;\"><\/td>\n<td style=\"text-align: center;\"><span style=\"font-family: times new roman, times, serif; font-size: 10pt;\">20.08.1708<\/span><\/td>\n<td style=\"text-align: center;\"><span style=\"font-family: times new roman, times, serif; font-size: 10pt;\">0,12<\/span><\/td>\n<td style=\"text-align: center;\"><\/td>\n<\/tr>\n<\/tbody>\n<\/table>\n<p><span style=\"font-family: times new roman, times, serif; font-size: 10pt;\"><strong>Eintragstexte Taufen<\/strong><\/span><\/p>\n<p style=\"text-align: justify;\"><span style=\"font-family: times new roman, times, serif; font-size: 10pt;\"><strong>zu 1)<\/strong> <em>Donnerstag, den 13 Jan[uarii] de\u00df Morgen\u00df zwischen 9 v[nd] 10 Vhrn ist Johann Henrich Schmieden von Kehlbach vnd Ann\u00e6 Magdal., seiner H[aus]fraw, ein junger Sohn gebohren, welcher den 16 ej[us]d[em], Dom[inica] 2 post Epiphani\u00e6 getauft worden. Gevattern sind gewe\u00dfen: Philip\u00df Gottfr., Philip\u00df Daniel Bochel\u00df Sohn \/spuri[us]\/ d[e] Oberbacheim; Joh. Th\u00f6nge\u00df May vom Berg; vnd Anna Christina, Han\u00df Th\u00f6nges Bochel\u00df relict. filia d[e] Oberbacheim. Sein Nahm ist Johann Gottfried.<br \/>\n<\/em><\/span><span style=\"font-family: times new roman, times, serif; font-size: 10pt;\"><strong>zu 2)<\/strong> <em>Sonntag, den 4 Julij morgens umb 9 ist Joh. Henrich Schmieden d[e] Kehlbach vnd Ann\u00e6 Magdalen[ae], seiner H[aus]fraw, eine junge Tochter geboren, welche den 12 ejusd[em], Dom[inica] 5 post Trin[itatis], getauft worden. Gev. sindt gewe\u00dfen: Anna Christina, Joh. Th\u00f6ng. Mayen filia von Kehlbach; Anna Euphrosina, Joh. Mayen relicta filia von Berg, itzo zu Hontzel dienent, al\u00df ihr Schwester; vnd Joh. Adam, Daniel Dadner Sohn von Kehlbach, Ihr Nahm ist Anna Christin[a].<br \/>\n<\/em><\/span><span style=\"font-family: times new roman, times, serif; font-size: 10pt;\"><strong>zu 3)<\/strong> <em>Donnerstag, den 4 Maij nachts umb 10 Vhr ist Henrich Schmieden d[e] Kehlbach v[nd] Ann\u00e6 Magdal[ena], seiner Hau\u00dffraw, eine junge Tochter geboren, so gleichfal\u00df den 7 Maij, Dom[inica] Jubil[ate] getauft worden. Gevattern waren: Anna Apollonia, Daniel Pfeiffers Fraw; Anna Magdalena, Phil. Pfeiffers Fraw; alle beyde daselbst; vnd Johann Phil. Schmied, al\u00df sein Bruder, damahl\u00df bey Caspar Bachumb allhier dienend. Ihr Nahm ist Anna Magdalena.<br \/>\n<\/em><\/span><span style=\"font-family: times new roman, times, serif; font-size: 10pt;\"><strong>zu 4)<\/strong> <em>Sambstag, den 30 Junij abends vmb 9 Vhr ist Henrich Schmieden von Kehlbach vnd Ann\u00e6 Margr., seiner Hau\u00dffr. zweyter Ehe, eine junge Tochter geboren, welche den 8 Julij, Dom[inica] 5 post Trin[itatis], getauft worden. Gev. sind gewe\u00dfen Maria Margreth[a], Philip\u00df Pfeiffers relicta filia d[e] Oberbacheim; Anna Catharin[a], Phil. Bochel\u00df Fraw ibid[em]; vnd Joh. Adam, Phil. Mayen hinder[lassener] Sohn von De\u00dfigoben. Ihr Nahm ist Maria Cattarina.<\/em><\/span><\/p>\n<p style=\"text-align: justify;\"><span style=\"font-family: times new roman, times, serif; font-size: 10pt;\"><strong>oo II. 30.01.1704 Niederbachheim<\/strong> mit <strong><u>Pfeifer<\/u>, Anna Margaretha:<\/strong> * Oberbachheim; gt. 07.03.1669; konf. 27.05.1683; Eltern: Philipp Pfeifer und Anna Katharina geb. Heinz<\/span><\/p>\n<hr \/>\n<p><span style=\"font-family: times new roman, times, serif; font-size: 10pt;\"><span style=\"color: #ff0000;\"><strong><u>Schmidt<\/u>, Johann Philipp:<\/strong><\/span> * 21.10.1678 Kehlbach (gt. 27.10.); konf. 31.05.1691; Eltern: Simon Schmidt und Anna Maria<\/span><\/p>\n<p><span style=\"font-family: times new roman, times, serif; font-size: 10pt;\"><strong>oo 03.02.1704 Niederbachheim <\/strong>mit <strong><u>Pfeifer<\/u>, Anna Magdalena: <\/strong>Tochter des verst. Johannes Pfeifer von Himmighofen<\/span><\/p>\n<table>\n<tbody>\n<tr>\n<td style=\"text-align: center;\" width=\"27\"><span style=\"font-family: times new roman, times, serif; font-size: 10pt;\"><strong>Nr.<\/strong><\/span><\/td>\n<td width=\"127\"><span style=\"font-family: times new roman, times, serif; font-size: 10pt;\"><strong>Vorname (normiert)<\/strong><\/span><\/td>\n<td style=\"text-align: center;\" width=\"74\"><span style=\"font-family: times new roman, times, serif; font-size: 10pt;\"><strong>geboren<\/strong><\/span><\/td>\n<td style=\"text-align: center;\" width=\"74\"><span style=\"font-family: times new roman, times, serif; font-size: 10pt;\"><strong>getauft<\/strong><\/span><\/td>\n<td style=\"text-align: center;\" width=\"76\"><span style=\"font-family: times new roman, times, serif; font-size: 10pt;\"><strong>konfirmiert<\/strong><\/span><\/td>\n<td style=\"text-align: center;\" width=\"76\"><span style=\"font-family: times new roman, times, serif; font-size: 10pt;\"><strong>gestorben<\/strong><\/span><\/td>\n<td style=\"text-align: center;\" width=\"74\"><span style=\"font-family: times new roman, times, serif; font-size: 10pt;\"><strong>begraben<\/strong><\/span><\/td>\n<td style=\"text-align: center;\" width=\"39\"><span style=\"font-family: times new roman, times, serif; font-size: 10pt;\"><strong>Alter<\/strong><\/span><\/td>\n<td style=\"text-align: center;\" width=\"38\"><span style=\"font-family: times new roman, times, serif; font-size: 10pt;\"><strong>Stand<\/strong><\/span><\/td>\n<\/tr>\n<tr>\n<td style=\"text-align: center;\" width=\"27\"><span style=\"font-family: times new roman, times, serif; font-size: 10pt;\">1<\/span><\/td>\n<td width=\"127\"><span style=\"font-family: times new roman, times, serif; font-size: 10pt;\">Johann Stephan<\/span><\/td>\n<td style=\"text-align: center;\" width=\"74\"><span style=\"font-family: times new roman, times, serif; font-size: 10pt;\">13.06.1704<\/span><\/td>\n<td style=\"text-align: center;\" width=\"74\"><span style=\"font-family: times new roman, times, serif; font-size: 10pt;\">22.06.1704<\/span><\/td>\n<td style=\"text-align: center;\" width=\"76\"><\/td>\n<td style=\"text-align: center;\" width=\"76\"><\/td>\n<td style=\"text-align: center;\" width=\"74\"><span style=\"font-family: times new roman, times, serif; font-size: 10pt;\">29.08.1704<\/span><\/td>\n<td style=\"text-align: center;\" width=\"39\"><span style=\"font-family: times new roman, times, serif; font-size: 10pt;\">0,19<\/span><\/td>\n<td style=\"text-align: center;\" width=\"38\"><\/td>\n<\/tr>\n<tr>\n<td style=\"text-align: center;\"><span style=\"font-family: times new roman, times, serif; font-size: 10pt;\">2<\/span><\/td>\n<td><span style=\"font-family: times new roman, times, serif; font-size: 10pt;\">Maria Elisabeth<\/span><\/td>\n<td style=\"text-align: center;\"><span style=\"font-family: times new roman, times, serif; font-size: 10pt;\">20.03.1706<\/span><\/td>\n<td style=\"text-align: center;\"><span style=\"font-family: times new roman, times, serif; font-size: 10pt;\">25.03.1706<\/span><\/td>\n<td style=\"text-align: center;\"><span style=\"font-family: times new roman, times, serif; font-size: 10pt;\">05.06.1718<\/span><\/td>\n<td style=\"text-align: center;\"><\/td>\n<td style=\"text-align: center;\"><\/td>\n<td style=\"text-align: center;\"><\/td>\n<td style=\"text-align: center;\"><\/td>\n<\/tr>\n<tr>\n<td style=\"text-align: center;\"><span style=\"font-family: times new roman, times, serif; font-size: 10pt;\">3<\/span><\/td>\n<td><span style=\"font-family: times new roman, times, serif; font-size: 10pt;\">Anna Magdalena<\/span><\/td>\n<td style=\"text-align: center;\"><span style=\"font-family: times new roman, times, serif; font-size: 10pt;\">13.02.1708<\/span><\/td>\n<td style=\"text-align: center;\"><span style=\"font-family: times new roman, times, serif; font-size: 10pt;\">19.02.1708<\/span><\/td>\n<td style=\"text-align: center;\"><\/td>\n<td style=\"text-align: center;\"><\/td>\n<td style=\"text-align: center;\"><span style=\"font-family: times new roman, times, serif; font-size: 10pt;\">29.05.1712<\/span><\/td>\n<td style=\"text-align: center;\"><span style=\"font-family: times new roman, times, serif; font-size: 10pt;\">4,28<\/span><\/td>\n<td style=\"text-align: center;\"><\/td>\n<\/tr>\n<tr>\n<td style=\"text-align: center;\"><span style=\"font-family: times new roman, times, serif; font-size: 10pt;\">4<\/span><\/td>\n<td><span style=\"font-family: times new roman, times, serif; font-size: 10pt;\">Johann Philipp<\/span><\/td>\n<td style=\"text-align: center;\"><span style=\"font-family: times new roman, times, serif; font-size: 10pt;\">04.02.1711<\/span><\/td>\n<td style=\"text-align: center;\"><span style=\"font-family: times new roman, times, serif; font-size: 10pt;\">08.02.1711<\/span><\/td>\n<td style=\"text-align: center;\"><\/td>\n<td style=\"text-align: center;\"><span style=\"font-family: times new roman, times, serif; font-size: 10pt;\">25.07.1711<\/span><\/td>\n<td style=\"text-align: center;\"><span style=\"font-family: times new roman, times, serif; font-size: 10pt;\">26.07.1711<\/span><\/td>\n<td style=\"text-align: center;\"><span style=\"font-family: times new roman, times, serif; font-size: 10pt;\">0,46<\/span><\/td>\n<td style=\"text-align: center;\"><\/td>\n<\/tr>\n<tr>\n<td style=\"text-align: center;\"><span style=\"font-family: times new roman, times, serif; font-size: 10pt;\">5<\/span><\/td>\n<td><span style=\"font-family: times new roman, times, serif; font-size: 10pt;\">Johann Adam<\/span><\/td>\n<td style=\"text-align: center;\"><span style=\"font-family: times new roman, times, serif; font-size: 10pt;\">05.06.1712<\/span><\/td>\n<td style=\"text-align: center;\"><span style=\"font-family: times new roman, times, serif; font-size: 10pt;\">12.06.1712<\/span><\/td>\n<td style=\"text-align: center;\"><\/td>\n<td style=\"text-align: center;\"><\/td>\n<td style=\"text-align: center;\"><span style=\"font-family: times new roman, times, serif; font-size: 10pt;\">12.07.1712<\/span><\/td>\n<td style=\"text-align: center;\"><span style=\"font-family: times new roman, times, serif; font-size: 10pt;\">0,08<\/span><\/td>\n<td style=\"text-align: center;\"><\/td>\n<\/tr>\n<tr>\n<td style=\"text-align: center;\"><span style=\"font-family: times new roman, times, serif; font-size: 10pt;\">6<\/span><\/td>\n<td><span style=\"font-family: times new roman, times, serif; font-size: 10pt;\">Johannes<\/span><\/td>\n<td style=\"text-align: center;\"><span style=\"font-family: times new roman, times, serif; font-size: 10pt;\">29.07.1713<\/span><\/td>\n<td style=\"text-align: center;\"><span style=\"font-family: times new roman, times, serif; font-size: 10pt;\">06.08.1713<\/span><\/td>\n<td style=\"text-align: center;\"><\/td>\n<td style=\"text-align: center;\"><\/td>\n<td style=\"text-align: center;\"><\/td>\n<td style=\"text-align: center;\"><\/td>\n<td style=\"text-align: center;\"><\/td>\n<\/tr>\n<tr>\n<td style=\"text-align: center;\"><span style=\"font-family: times new roman, times, serif; font-size: 10pt;\">7<\/span><\/td>\n<td><span style=\"font-family: times new roman, times, serif; font-size: 10pt;\">Elisabeth Katharina<\/span><\/td>\n<td style=\"text-align: center;\"><span style=\"font-family: times new roman, times, serif; font-size: 10pt;\">01.03.1716<\/span><\/td>\n<td style=\"text-align: center;\"><span style=\"font-family: times new roman, times, serif; font-size: 10pt;\">04.03.1716<\/span><\/td>\n<td style=\"text-align: center;\"><\/td>\n<td style=\"text-align: center;\"><\/td>\n<td style=\"text-align: center;\"><\/td>\n<td style=\"text-align: center;\"><\/td>\n<td style=\"text-align: center;\"><\/td>\n<\/tr>\n<tr>\n<td style=\"text-align: center;\"><span style=\"font-family: times new roman, times, serif; font-size: 10pt;\">8<\/span><\/td>\n<td><span style=\"font-family: times new roman, times, serif; font-size: 10pt;\">Philipp Gottfried<\/span><\/td>\n<td style=\"text-align: center;\"><span style=\"font-family: times new roman, times, serif; font-size: 10pt;\">08.05.1718<\/span><\/td>\n<td style=\"text-align: center;\"><span style=\"font-family: times new roman, times, serif; font-size: 10pt;\">08.05.1718<\/span><\/td>\n<td style=\"text-align: center;\"><\/td>\n<td style=\"text-align: center;\"><span style=\"font-family: times new roman, times, serif; font-size: 10pt;\">15.05.1718<\/span><\/td>\n<td style=\"text-align: center;\"><span style=\"font-family: times new roman, times, serif; font-size: 10pt;\">16.05.1718<\/span><\/td>\n<td style=\"text-align: center;\"><span style=\"font-family: times new roman, times, serif; font-size: 10pt;\">0,02<\/span><\/td>\n<td style=\"text-align: center;\"><\/td>\n<\/tr>\n<tr>\n<td style=\"text-align: center;\"><span style=\"font-family: times new roman, times, serif; font-size: 10pt;\">9<\/span><\/td>\n<td><span style=\"font-family: times new roman, times, serif; font-size: 10pt;\">Johann Anton<\/span><\/td>\n<td style=\"text-align: center;\"><span style=\"font-family: times new roman, times, serif; font-size: 10pt;\">29.06.1719<\/span><\/td>\n<td style=\"text-align: center;\"><span style=\"font-family: times new roman, times, serif; font-size: 10pt;\">02.07.1719<\/span><\/td>\n<td style=\"text-align: center;\"><\/td>\n<td style=\"text-align: center;\"><\/td>\n<td style=\"text-align: center;\"><\/td>\n<td style=\"text-align: center;\"><\/td>\n<td style=\"text-align: center;\"><\/td>\n<\/tr>\n<\/tbody>\n<\/table>\n<p style=\"text-align: justify;\"><span style=\"font-family: times new roman, times, serif; font-size: 10pt;\">Stehen mit folgenden Eintrag im Poenitentenregister: <em>A[nn]o 1704, den 3 Febr[uarii], Dom[inica] Estomihi, hat Joh. Phil. Schmied, Simon Schmieds hinder[lassener] Sohn von Kehlbach, mit Anna Magdalen[a], Joh. Pfeiffers von Himigoben relicta filia, Kirchenbu\u00df gethan v[nd] copulirt worden. NB. Ist in der 19 Woche nach der Kirchenbu\u00df ins Kindbet kommen.<\/em><\/span><\/p>\n<p><span style=\"font-family: times new roman, times, serif; font-size: 10pt;\"><strong>Eintragstexte Taufen<\/strong><\/span><\/p>\n<p style=\"text-align: justify;\"><span style=\"font-family: times new roman, times, serif; font-size: 10pt;\"><strong>zu 1)<\/strong> <em>Freytag, den 13 Junij nach Mitternacht umb 1 Vhr ist Johann Phil. Schmieden von Kehlbach vnd Ann\u00e6 Magdalen[ae], seiner H[aus]fraw, in der 19 Wochen nach abge[legter] v[nd] gethaner Kirchenbu\u00df ein junger Sohn geboren, der den 22 ej[us]d[em], Dom[inica] 5 post Trin[itatis] get[auft] worden. Gev. sind dazu gewe\u00dfen: Christian Pfeiffer, der Schaff zu Scheuern h\u00fctend, al\u00df s[einer] Fraw Vetter; Stephan Frie\u00dfenhahn allhier, al\u00df sein Schwager; v[nd] Anna Elis., ihr Schwester, al\u00df Joh. Pfeiffers hinder[lassene] Tochter von Himigoben, damahl\u00df zu Pi\u00dfigoben bey Han\u00df Adam Thei\u00dfen dienend. Sein Nahm ist Johann Stephan.<br \/>\n<\/em><\/span><span style=\"font-family: times new roman, times, serif; font-size: 10pt;\"><strong>zu 2)<\/strong> <em>Sambstag, den 20 Mertz nachts umb 12 Vhrn ist Joh. Phil. Schmieden von Kehlbach v[nd] Ann\u00e6 Magdalen[ae], seiner Hau\u00dffr., ein junge Tochter geboren, welche den 25 ej[us]dem in festo Annunciat[ionis] Mari\u00e6 getauft worden. Gev. sind gewe\u00dfen: Elisab. Cathar., Joh. Phil. Mayen Hau\u00dffr. allhier; Anna Maria, Merten Japhet Schmied d[e] Winterwerb; vnd Andrea\u00df, Joh. Nickel Thei\u00dfen hinder[lassener] Sohn von Kastorff. Ihr Nahm ist Maria Elisabeth.<br \/>\n<\/em><\/span><span style=\"font-family: times new roman, times, serif; font-size: 10pt;\"><strong>zu 3)<\/strong> <em>Montag, den 13 Febr[uarii] Nachmittag umb 1 Vhr ist Joh. Phil. Schmieden von Kehlbach vnd Ann\u00e6 Magdal., seiner Hau\u00dffr., eine junge Tochter geboren, welche Dom[inica] Estomihj, den 19 Febr[uarii] getauft worden. Gevatt. sind gewe\u00dfen: Anna Dorothea, Joh. Pfeiffers relicta filia de Himigoben al\u00df s[einer] Fraw Schwester, zu Bochel dienent; Anna Magdal., Phil. Mayen hinder[lassene] Tochter v[on] De\u00dfigoben; v[nd] Joh. Daniel, Daniel Dadners relict[us] fili[us] von Kehlbach. Ihr Nahm ist Anna Magdalena.<br \/>\n<\/em><\/span><span style=\"font-family: times new roman, times, serif; font-size: 10pt;\"><strong>zu 4)<\/strong> <em>Den 4 Febr[uarii] des morgens zwischen 6 und 7 ist Anna Magdalena, Joh. Philips Schmids Frau zu Kehlbach mit einem jungen Kn\u00e4blein niederkommen, welches Dom[inica] Sexag[esima] getauft worden. Testes fuerunt: Anthonius Schmid von Becheln; Philips Pfeiffer de Kehlbach und Maria Elisabetha, Thomas Friesenhans, itziger Zeit Hoffmann zu Geissig Tochter. Des Kindes Name ist Johann Philippus. A me bapt[izatus].<br \/>\n<\/em><\/span><span style=\"font-family: times new roman, times, serif; font-size: 10pt;\"><strong>zu 5)<\/strong> <em>Dom[inica] II p[ost] Trinit[atis] nachm[ittags] zw[ischen] 9 \u2013 10 hat Anna Magdalena, Joh: Phil: Schmiden Frau zu Kehlbach ein S\u00f6hn[lein] zur Welt gebracht, welches Dom[inica] III p[ost] Trin[itatis] getauffet worden. Gevat[tern] sind gewesen: Joh. Phil: Schmid, Kirchenvorsteher zu Winterw[erb]; Joh: Adam Laux; und Anna Catharina, des Adams Datners Frau; beyde zu Kehlbach. Der Nahm ist gefallen: Joh. Adam. Ego<br \/>\n<\/em><\/span><span style=\"font-family: times new roman, times, serif; font-size: 10pt;\"><strong>zu 6)<\/strong> <em>Den 29ten Jul[ii] nat[us] et 6 Aug[usti] renat[us] Johannes, Joh. Philipp Schmids v[nd] Ann\u00e6 Magdalen\u00e6 fil[ius] zu Kehlbach. Suscept[ores] sind: Joh. Anthoni[us] Schmidt zu Kehlbach; Johannes Henrich Pfeiffer zu Gei\u00df; v[nd] Anna Christina, Joh. Henrich Sommers Fr[au] zu Kehlbach.<br \/>\n<\/em><\/span><span style=\"font-family: times new roman, times, serif; font-size: 10pt;\"><strong>zu 7)<\/strong> <em>Den 1ten Martij nata et 4 renata Elisabeth Catharina, Johann Philipp Schmidt zu Kehlbach v[nd] A. Magdalen\u00e6 filiola. Suscept[ores]: Joh. Philippus May, Philipp Majen Sohn von Dessigoben; Anna Catharina, Philipp Peter Ludwigs Fr[au] von Oberbachheim; und Elisabeth Margretha, Johan Georg Schmids Fr[au] von Winterw[erb].<br \/>\n<\/em><\/span><span style=\"font-family: times new roman, times, serif; font-size: 10pt;\"><strong>zu 8)<\/strong> <em>Den 8ten Maji nat[us] eodemq[ue] renat[us] Philipp Gottfried, Joh. Philipp Schmidten v[nd] Ann\u00e6 Magdalen\u00e6 filiol[us]. Susc[eptores]: Joh. Gottfriedt, Henrich Schmidten Sohn von Kellbach; Joh. Philipp Schmidt von Himmigoffen; Anna Catharina, Joh. Th\u00f6nges Frie\u00dfenhahns Frau zu Geissig.<br \/>\n<\/em><\/span><span style=\"font-family: times new roman, times, serif; font-size: 10pt;\"><strong>zu 9)<\/strong> <em>Den 29ten Junij nat[us] et 2 Julij renat[us] Johann Anthonius, Joh. Philipp Schmidten u. Ann\u00e6 Magdalen\u00e6 filiol[us]. Suscept[ores]: Joh. Anthoni[us] Pfeiffer von Winterwerb; Joh. Hebrich Sixt[us] von Becheln; v[nd] Christina Catharina, Joh. Philipp Bochelers Tochter alhir.<\/em><\/span><\/p>\n<hr \/>\n<p><span style=\"font-family: times new roman, times, serif; font-size: 10pt;\"><span style=\"color: #ff0000;\"><strong><u>Schmidt<\/u><\/strong><strong>, Johann Anton\/Th\u00f6nges:<\/strong> <\/span>* Kehlbach; gt. 02.09.1666; konf. 22.05.1681; Eltern: Simon Schmidt und Anna Maria<\/span><\/p>\n<p style=\"text-align: justify;\"><span style=\"font-family: times new roman, times, serif; font-size: 10pt;\"><strong>oo 16.11.1700 Niederbachheim<\/strong> mit <strong><span style=\"text-decoration: underline;\">Hallerbach<\/span>, Maria Elisabeth:<\/strong> Tochter des Hans Jakob Hallerbach, sich in Kehlbach aufhaltend (sonst zu Oberbachheim)<\/span><\/p>\n<table>\n<tbody>\n<tr>\n<td style=\"text-align: center;\" width=\"27\"><span style=\"font-family: times new roman, times, serif; font-size: 10pt;\"><strong>Nr.<\/strong><\/span><\/td>\n<td width=\"126\"><span style=\"font-family: times new roman, times, serif; font-size: 10pt;\"><strong>Vorname (normiert)<\/strong><\/span><\/td>\n<td style=\"text-align: center;\" width=\"74\"><span style=\"font-family: times new roman, times, serif; font-size: 10pt;\"><strong>geboren<\/strong><\/span><\/td>\n<td style=\"text-align: center;\" width=\"74\"><span style=\"font-family: times new roman, times, serif; font-size: 10pt;\"><strong>getauft<\/strong><\/span><\/td>\n<td style=\"text-align: center;\" width=\"76\"><span style=\"font-family: times new roman, times, serif; font-size: 10pt;\"><strong>konfirmiert<\/strong><\/span><\/td>\n<td style=\"text-align: center;\" width=\"76\"><span style=\"font-family: times new roman, times, serif; font-size: 10pt;\"><strong>gestorben<\/strong><\/span><\/td>\n<td style=\"text-align: center;\" width=\"74\"><span style=\"font-family: times new roman, times, serif; font-size: 10pt;\"><strong>begraben<\/strong><\/span><\/td>\n<td style=\"text-align: center;\" width=\"41\"><span style=\"font-family: times new roman, times, serif; font-size: 10pt;\"><strong>Alter<\/strong><\/span><\/td>\n<td style=\"text-align: center;\" width=\"37\"><span style=\"font-family: times new roman, times, serif; font-size: 10pt;\"><strong>Stand<\/strong><\/span><\/td>\n<\/tr>\n<tr>\n<td style=\"text-align: center;\" width=\"27\"><span style=\"font-family: times new roman, times, serif; font-size: 10pt;\">1<\/span><\/td>\n<td width=\"126\"><span style=\"font-family: times new roman, times, serif; font-size: 10pt;\">Johann Arnold<\/span><\/td>\n<td style=\"text-align: center;\" width=\"74\"><span style=\"font-family: times new roman, times, serif; font-size: 10pt;\">14.10.1701<\/span><\/td>\n<td style=\"text-align: center;\" width=\"74\"><span style=\"font-family: times new roman, times, serif; font-size: 10pt;\">23.10.1701<\/span><\/td>\n<td style=\"text-align: center;\" width=\"76\"><span style=\"font-family: times new roman, times, serif; font-size: 10pt;\">21.04.1715<\/span><\/td>\n<td style=\"text-align: center;\" width=\"76\"><\/td>\n<td style=\"text-align: center;\" width=\"74\"><\/td>\n<td style=\"text-align: center;\" width=\"41\"><\/td>\n<td style=\"text-align: center;\" width=\"37\"><span style=\"font-family: times new roman, times, serif; font-size: 10pt;\">verh.<\/span><\/td>\n<\/tr>\n<tr>\n<td style=\"text-align: center;\"><span style=\"font-family: times new roman, times, serif; font-size: 10pt;\">2<\/span><\/td>\n<td><span style=\"font-family: times new roman, times, serif; font-size: 10pt;\">Anna Magdalena<\/span><\/td>\n<td style=\"text-align: center;\"><span style=\"font-family: times new roman, times, serif; font-size: 10pt;\">22.11.1706<\/span><\/td>\n<td style=\"text-align: center;\"><span style=\"font-family: times new roman, times, serif; font-size: 10pt;\">28.11.1706<\/span><\/td>\n<td style=\"text-align: center;\"><\/td>\n<td style=\"text-align: center;\"><span style=\"font-family: times new roman, times, serif; font-size: 10pt;\">07.11.1718<\/span><\/td>\n<td style=\"text-align: center;\"><span style=\"font-family: times new roman, times, serif; font-size: 10pt;\">09.11.1718<\/span><\/td>\n<td style=\"text-align: center;\"><span style=\"font-family: times new roman, times, serif; font-size: 10pt;\">11,96<\/span><\/td>\n<td style=\"text-align: center;\"><\/td>\n<\/tr>\n<tr>\n<td style=\"text-align: center;\"><span style=\"font-family: times new roman, times, serif; font-size: 10pt;\">3<\/span><\/td>\n<td><span style=\"font-family: times new roman, times, serif; font-size: 10pt;\">Anna Katharina<\/span><\/td>\n<td style=\"text-align: center;\"><span style=\"font-family: times new roman, times, serif; font-size: 10pt;\">28.12.1709<\/span><\/td>\n<td style=\"text-align: center;\"><span style=\"font-family: times new roman, times, serif; font-size: 10pt;\">01.01.1710<\/span><\/td>\n<td style=\"text-align: center;\"><\/td>\n<td style=\"text-align: center;\"><\/td>\n<td style=\"text-align: center;\"><\/td>\n<td style=\"text-align: center;\"><\/td>\n<td style=\"text-align: center;\"><\/td>\n<\/tr>\n<tr>\n<td style=\"text-align: center;\"><span style=\"font-family: times new roman, times, serif; font-size: 10pt;\">4<\/span><\/td>\n<td><span style=\"font-family: times new roman, times, serif; font-size: 10pt;\">Anna Maria<\/span><\/td>\n<td style=\"text-align: center;\"><span style=\"font-family: times new roman, times, serif; font-size: 10pt;\">22.02.1713<\/span><\/td>\n<td style=\"text-align: center;\"><span style=\"font-family: times new roman, times, serif; font-size: 10pt;\">26.02.1713<\/span><\/td>\n<td style=\"text-align: center;\"><\/td>\n<td style=\"text-align: center;\"><\/td>\n<td style=\"text-align: center;\"><\/td>\n<td style=\"text-align: center;\"><\/td>\n<td style=\"text-align: center;\"><\/td>\n<\/tr>\n<tr>\n<td style=\"text-align: center;\"><span style=\"font-family: times new roman, times, serif; font-size: 10pt;\">5<\/span><\/td>\n<td><span style=\"font-family: times new roman, times, serif; font-size: 10pt;\">Johann Philipp<\/span><\/td>\n<td style=\"text-align: center;\"><span style=\"font-family: times new roman, times, serif; font-size: 10pt;\">29.12.1715<\/span><\/td>\n<td style=\"text-align: center;\"><span style=\"font-family: times new roman, times, serif; font-size: 10pt;\">01.01.1716<\/span><\/td>\n<td style=\"text-align: center;\"><\/td>\n<td style=\"text-align: center;\"><span style=\"font-family: times new roman, times, serif; font-size: 10pt;\">05.08.1716<\/span><\/td>\n<td style=\"text-align: center;\"><span style=\"font-family: times new roman, times, serif; font-size: 10pt;\">06.08.1716<\/span><\/td>\n<td style=\"text-align: center;\"><span style=\"font-family: times new roman, times, serif; font-size: 10pt;\">0,60<\/span><\/td>\n<td style=\"text-align: center;\"><\/td>\n<\/tr>\n<tr>\n<td style=\"text-align: center;\"><span style=\"font-family: times new roman, times, serif; font-size: 10pt;\">6<\/span><\/td>\n<td><span style=\"font-family: times new roman, times, serif; font-size: 10pt;\">Elisabeth Katharina<\/span><\/td>\n<td style=\"text-align: center;\"><span style=\"font-family: times new roman, times, serif; font-size: 10pt;\">14.05.1719<\/span><\/td>\n<td style=\"text-align: center;\"><span style=\"font-family: times new roman, times, serif; font-size: 10pt;\">18.05.1719<\/span><\/td>\n<td style=\"text-align: center;\"><\/td>\n<td style=\"text-align: center;\"><\/td>\n<td style=\"text-align: center;\"><\/td>\n<td style=\"text-align: center;\"><\/td>\n<td style=\"text-align: center;\"><\/td>\n<\/tr>\n<\/tbody>\n<\/table>\n<p style=\"text-align: justify;\"><span style=\"font-family: times new roman, times, serif; font-size: 10pt;\">Kind Nr. 1) oo 27.04.1734 Dornholzhausen mit Anna Sibylla Friedrich geb. Emmerich (* 15.03.1693 Dessighofen (gt. 22.03.); konf. 1707; + 14.03.1738 Dessighofen (bg. 16.03.); Philipp Gottfried Emmerich und Anna Johannetta; oo I. 15.11.1718 Dornholzhausen mit Johann Wilhelm Friedrich aus Dessighofen); Familie wohnt in Dessighofen<\/span><\/p>\n<p><span style=\"font-family: times new roman, times, serif; font-size: 10pt;\"><strong>Eintragstexte Taufen<\/strong><\/span><\/p>\n<p style=\"text-align: justify;\"><span style=\"font-family: times new roman, times, serif; font-size: 10pt;\"><strong>zu 1)<\/strong> <em>Freytags, den 14 Octobr[is] nachts umb 12 Vhr ist Th\u00f6nges Schmieden d[e] Kehlbach v[nd] Maria Elisab., seiner Hau\u00dffraw, ein junger Sohn geboren vnd den 23 ejusd[em], Dom[inica] 22 post Trin[itatis], getauft worden. Gevattern sind gewe\u00dfen: J: Henrich, Emrich Dadners Sihn ibidem de Kehlbach; Arnoldus, Peter Adlers Sohn von Mol\u00dfberg; vnd Anna Eva, Friederich Gr\u00e4ffen Tochter von Nochern. Sein Nahm ist Joh. Arnold[us].<br \/>\n<\/em><\/span><span style=\"font-family: times new roman, times, serif; font-size: 10pt;\"><strong>zu 2)<\/strong> <em>Montag, den 22 [Novem]bris, Vormittag zwischen 10 v[nd] 11 Vhrn ist Th\u00f6nge\u00df Schmieden v[nd] Marien Elis., seiner Hau\u00dffraw von Kehlbach, eine junge Tochter geboren, so den 28 ej[us]dem, Dom[inica] 1 Advent[us], getauft worden. Gev. sind gewe\u00dfen: Anna Magdal[ena], J. Phil. Schmieds Fraw daselbst; Anna Kungunda, Han\u00df Jacob Hallerbachs relicta filia; vnd Ge\u00f6rg Phil., Apollonia Pfeifern Huhrensohn von Kehlbach. Ihr Nahm ist Anna Magdalen[a].<br \/>\n<\/em><\/span><span style=\"font-family: times new roman, times, serif; font-size: 10pt;\"><strong>zu 3)<\/strong> <em>Samstag, den 28 [Decem]br[is] vmb 11 Vhr zu Mittag ist Th\u00f6ng. Schmieden zu Kehlbach vnd Mari\u00e6 Elisabeth[ae], seiner H[aus]fraw, eine junge Tochter gebohren, welche den 1 Jan[uarii] vff New Jahrs Tag getauft worden: Gevattern sind gewe\u00dfen: Anna Cathar., Adam Dadners Fraw; Emrich Tochter Cathar.; beyde daselbst; v[nd] Phil. Peter Ludwig von Oberbacheim. Ihr Nahm ist Anna Catharina.<br \/>\n<\/em><\/span><span style=\"font-family: times new roman, times, serif; font-size: 10pt;\"><strong>zu 4)<\/strong> <em>Mitwoch, den 22ten Febr[uarii] zwischen 6 \u2013 7 nachm[ittags] ist Maria Elisabetha, Anthons Schmids Frau zu Kehlbach mit einer Tochter ins Kindbett kommen, welche Dom[inica] Esto Mihi getauffet und von nachfol[genden] Ze\u00fcgen als 1) von Philips Pfeiffern zu Kehlbach; 2) von Simon Hoffmann de Becheln; 3) von Anna Apollonia, Anthons Schmids Frau de Becheln; und 4) Anna Maria Winterwerberin, alhier dienend; genennet worden Anna Maria.<br \/>\n<\/em><\/span><span style=\"font-family: times new roman, times, serif; font-size: 10pt;\"><strong>zu 5)<\/strong> <em>Den 29ten [Decem]br[is] 1715 nat[us] et 1 Jan[uarii] 1716 renat[us] Johann Philipp, Joh. Th\u00f6nges Schmidts von Kehlbach v[nd] Mari\u00e6 Elisabeth filiol[us]. Susc[eptores]: Joh. Th\u00f6nges Maj, Kirchensenior; Joh. Philipp Bocheler alhir; v[nd] Maria Elisabeth, Joh. Daniel Dadeners Fr[au] von Kellbach.<br \/>\n<\/em><\/span><span style=\"font-family: times new roman, times, serif; font-size: 10pt;\"><strong>zu 6)<\/strong> <em>Den 14ten Maji nata et 18 ej[us]d[em] renata Elisabeth Catharina, Joh. Thonges Schmidten u. Mari\u00e6 Elisabeth[ae] fil[iola]. Susceptores: Joh. Andreas Schmidt von Becheln; Elisabeth Agne\u00df, Joh. Th\u00f6nges Schmidts Fr[au] von Winterwerb; u. Anna Catharina, Henrich N. Tochter, dienendt bey Lauxen zu Kelbach.<\/em><\/span><\/p>\n<hr \/>\n<p><span style=\"font-size: 10pt; font-family: times new roman, times, serif;\"><b>Letztes Update: 9. Juni 2024<\/b><\/span><br \/>\n<span style=\"font-size: 10pt; font-family: times new roman, times, serif;\"><b>Ralph Jackmuth<\/b><\/span><\/p>\n","protected":false},"excerpt":{"rendered":"<p>Schmidt, Th\u00f6nges oo mit N. N. Nr. Vorname (normiert) geboren getauft konfirmiert gestorben begraben Alter Stand 1 Anna Magdalena 03.06.1666 2 Johann Gottfried xx.xx.1667 Schmidt, Simon: Kirchensenior; bg. 20.05.1694, 64 Jahre alt, + an der Wassersucht oo mit Anna Maria: bg. 21.12.1692, 58 Jahre alt Nr. Vorname (normiert) geboren getauft konfirmiert gestorben begraben Alter Stand &hellip; <a href=\"https:\/\/www.ahnenforschung-jackmuth.de\/?page_id=9243\" class=\"more-link\"><span class=\"screen-reader-text\">\u201eOFB Kehlbach &#8211; Schmidt\u201c<\/span> weiterlesen<\/a><\/p>\n","protected":false},"author":1,"featured_media":0,"parent":0,"menu_order":0,"comment_status":"closed","ping_status":"closed","template":"","meta":{"footnotes":""},"class_list":["post-9243","page","type-page","status-publish","hentry"],"_links":{"self":[{"href":"https:\/\/www.ahnenforschung-jackmuth.de\/index.php?rest_route=\/wp\/v2\/pages\/9243","targetHints":{"allow":["GET"]}}],"collection":[{"href":"https:\/\/www.ahnenforschung-jackmuth.de\/index.php?rest_route=\/wp\/v2\/pages"}],"about":[{"href":"https:\/\/www.ahnenforschung-jackmuth.de\/index.php?rest_route=\/wp\/v2\/types\/page"}],"author":[{"embeddable":true,"href":"https:\/\/www.ahnenforschung-jackmuth.de\/index.php?rest_route=\/wp\/v2\/users\/1"}],"replies":[{"embeddable":true,"href":"https:\/\/www.ahnenforschung-jackmuth.de\/index.php?rest_route=%2Fwp%2Fv2%2Fcomments&post=9243"}],"version-history":[{"count":0,"href":"https:\/\/www.ahnenforschung-jackmuth.de\/index.php?rest_route=\/wp\/v2\/pages\/9243\/revisions"}],"wp:attachment":[{"href":"https:\/\/www.ahnenforschung-jackmuth.de\/index.php?rest_route=%2Fwp%2Fv2%2Fmedia&parent=9243"}],"curies":[{"name":"wp","href":"https:\/\/api.w.org\/{rel}","templated":true}]}}