{"id":6149,"date":"2021-01-01T15:56:58","date_gmt":"2021-01-01T15:56:58","guid":{"rendered":"http:\/\/www.ahnenforschung-jackmuth.de\/?page_id=6149"},"modified":"2021-12-31T09:45:06","modified_gmt":"2021-12-31T09:45:06","slug":"updates-2021","status":"publish","type":"page","link":"https:\/\/www.ahnenforschung-jackmuth.de\/?page_id=6149","title":{"rendered":"Updates 2021"},"content":{"rendered":"<p>&nbsp;<\/p>\n<table style=\"border-collapse: collapse; width: 100%; height: 12534px;\">\n<tbody>\n<tr style=\"height: 28px;\">\n<td style=\"width: 10%; text-align: center; height: 10px;\"><strong><span style=\"font-family: times new roman, times, serif; font-size: 10pt;\">Datum<\/span><\/strong><\/td>\n<td style=\"width: 16.9048%; text-align: center; height: 10px;\"><strong><span style=\"font-family: times new roman, times, serif; font-size: 10pt;\">Sektion<\/span><\/strong><\/td>\n<td style=\"width: 73.0952%; height: 10px;\"><strong><span style=\"font-family: times new roman, times, serif; font-size: 10pt;\">Update<\/span><\/strong><\/td>\n<\/tr>\n<tr style=\"height: 28px;\">\n<td style=\"width: 10%; text-align: center; height: 28px;\"><span style=\"font-family: times new roman, times, serif; font-size: 10pt;\">01.01.2021<\/span><\/td>\n<td style=\"width: 16.9048%; text-align: center; height: 28px;\"><span style=\"font-family: times new roman, times, serif; font-size: 10pt;\">OFB Braubach<\/span><\/td>\n<td style=\"width: 73.0952%; height: 28px;\"><span style=\"font-family: times new roman, times, serif; font-size: 10pt;\">Name Mahlin, Mangold, M\u00fcller, M\u00fcntz hinzugef\u00fcgt<\/span><\/td>\n<\/tr>\n<tr style=\"height: 112px;\">\n<td style=\"width: 10%; text-align: center; height: 113px;\"><span style=\"font-family: times new roman, times, serif; font-size: 10pt;\">02.01.2021<\/span><\/td>\n<td style=\"width: 16.9048%; text-align: center; height: 113px;\"><span style=\"font-family: times new roman, times, serif; font-size: 10pt;\">OFB Braubach<\/span><\/td>\n<td style=\"width: 73.0952%; text-align: justify; height: 113px;\"><span style=\"font-family: times new roman, times, serif; font-size: 10pt;\">Name Neblung, Neidhard, Nemnich, Neuhaus, Niehoff, Niemann, Noll, Nordhoffen, Nottscheid hinzugef\u00fcgt; illeg. Kind der Maria Margaretha Heiler (* 30.12.1784 Braubach) hinzugef\u00fcgt; illeg. der Maria Katharina Becker (gt. 31.05.1781 Braubach) hinzugef\u00fcgt; Johann Georg Br\u00fcckmann: Kind Nr. 7), falsches Todesdatum 25.10.1760 gel\u00f6scht<br \/>\n<\/span><\/td>\n<\/tr>\n<tr style=\"height: 56px;\">\n<td style=\"width: 10%; text-align: center; height: 56px;\"><span style=\"font-family: times new roman, times, serif; font-size: 10pt;\">02.01.2021\u00a0<\/span><\/td>\n<td style=\"width: 16.9048%; text-align: center; height: 56px;\"><span style=\"font-family: times new roman, times, serif; font-size: 10pt;\">OFB Marksburg<br \/>\n<\/span><\/td>\n<td style=\"width: 73.0952%; text-align: justify; height: 56px;\"><span style=\"font-family: times new roman, times, serif; font-size: 10pt;\">Altherr verw. R\u00f6mer, Maria Elisabeth: III. Ehe erg\u00e4nzt; Johann Philipp Neuhaus: Kind Nr. 1) Begr\u00e4bnisdatum erg\u00e4nzt (bg. 07.04.1733 Braubach), Ehefrau: Begr\u00e4bnisdatum auf 27.10.1760 korrigiert<br \/>\n<\/span><\/td>\n<\/tr>\n<tr style=\"height: 28px;\">\n<td style=\"width: 10%; text-align: center; height: 28px;\"><span style=\"font-family: times new roman, times, serif; font-size: 10pt;\">03.01.2021\u00a0<\/span><\/td>\n<td style=\"width: 16.9048%; text-align: center; height: 28px;\"><span style=\"font-family: times new roman, times, serif; font-size: 10pt;\">OFB Braubach<\/span><\/td>\n<td style=\"width: 73.0952%; text-align: justify; height: 28px;\"><span style=\"font-family: times new roman, times, serif; font-size: 10pt;\">Name Oppenh\u00e4user, Oth, Ott, Otto, Paoli, Pauli, Peringer, Peterca hinzugef\u00fcgt; Name Noll erg\u00e4nzt<br \/>\n<\/span><\/td>\n<\/tr>\n<tr style=\"height: 25px;\">\n<td style=\"width: 10%; text-align: center; height: 25px;\"><span style=\"font-family: times new roman, times, serif; font-size: 10pt;\">03.01.2021\u00a0<\/span><\/td>\n<td style=\"width: 16.9048%; text-align: center; height: 25px;\"><span style=\"font-family: times new roman, times, serif; font-size: 10pt;\">OFB Marksburg<\/span><\/td>\n<td style=\"width: 73.0952%; text-align: justify; height: 25px;\"><span style=\"font-family: times new roman, times, serif; font-size: 10pt;\">Name Otto hinzugef\u00fcgt<br \/>\n<\/span><\/td>\n<\/tr>\n<tr style=\"height: 56px;\">\n<td style=\"width: 10%; text-align: center; height: 56px;\"><span style=\"font-family: times new roman, times, serif; font-size: 10pt;\">04.01.2021<br \/>\n<\/span><\/td>\n<td style=\"width: 16.9048%; text-align: center; height: 56px;\"><span style=\"font-family: times new roman, times, serif; font-size: 10pt;\">OFB Braubach<\/span><\/td>\n<td style=\"width: 73.0952%; text-align: justify; height: 56px;\"><span style=\"font-family: times new roman, times, serif; font-size: 10pt;\">Name Pfadler, Pfaff, Pfannenm\u00fcller, Pfeiffer, Pitzmann, Platzmann, Plaustrarius hinzugef\u00fcgt; Johann Jakob Blankenberg: Lebensdaten der Ehefrau erg\u00e4nzt<br \/>\n<\/span><\/td>\n<\/tr>\n<tr style=\"height: 28px;\">\n<td style=\"width: 10%; text-align: center; height: 28px;\"><span style=\"font-family: times new roman, times, serif; font-size: 10pt;\">05.01.2021<\/span><\/td>\n<td style=\"width: 16.9048%; text-align: center; height: 28px;\"><span style=\"font-family: times new roman, times, serif; font-size: 10pt;\">OFB Braubach<\/span><\/td>\n<td style=\"width: 73.0952%; text-align: justify; height: 28px;\"><span style=\"font-family: times new roman, times, serif; font-size: 10pt;\">Name Priesteroth hinzugef\u00fcgt; Johann Christian Hehn: Kind Nr. 1) Name des Ehemannes korrigiert<br \/>\n<\/span><\/td>\n<\/tr>\n<tr style=\"height: 56px;\">\n<td style=\"width: 10%; text-align: center; height: 56px;\"><span style=\"font-family: times new roman, times, serif; font-size: 10pt;\">05.01.2021<\/span><\/td>\n<td style=\"width: 16.9048%; text-align: center; height: 56px;\"><span style=\"font-family: times new roman, times, serif; font-size: 10pt;\">OFB Marksburg<\/span><\/td>\n<td style=\"width: 73.0952%; text-align: justify; height: 56px;\"><span style=\"font-family: times new roman, times, serif; font-size: 10pt;\">Familie Christian Priesteroth entfernt, jetzt OFB Braubach; Georg Konrad Kitsch: Kind Nr. 1) Lebensdaten erg\u00e4nzt<br \/>\n<\/span><\/td>\n<\/tr>\n<tr style=\"height: 28px;\">\n<td style=\"width: 10%; text-align: center; height: 28px;\"><span style=\"font-family: times new roman, times, serif; font-size: 10pt;\">05.01.2021<\/span><\/td>\n<td style=\"width: 16.9048%; text-align: center; height: 28px;\"><span style=\"font-family: times new roman, times, serif; font-size: 10pt;\">OFB Fr\u00fccht<br \/>\n<\/span><\/td>\n<td style=\"width: 73.0952%; text-align: justify; height: 28px;\"><span style=\"font-family: times new roman, times, serif; font-size: 10pt;\">Johann Valentin Ansel: Kind Nr. 4) Lebensdaten erg\u00e4nzt<br \/>\n<\/span><\/td>\n<\/tr>\n<tr style=\"height: 112px;\">\n<td style=\"width: 10%; text-align: center; height: 112px;\"><span style=\"font-family: times new roman, times, serif; font-size: 10pt;\">06.01.2021<br \/>\n<\/span><\/td>\n<td style=\"width: 16.9048%; text-align: center; height: 112px;\"><span style=\"font-family: times new roman, times, serif; font-size: 10pt;\">OFB Braubach<br \/>\n<\/span><\/td>\n<td style=\"width: 73.0952%; text-align: justify; height: 112px;\"><span style=\"font-family: times new roman, times, serif; font-size: 10pt;\">Name Probst, Rath, Rau, Rechener, Reichhard\/Reichard, Reitz, Rescher, Rettig, Rickart, Ringelstein, Ritter, Rockel, R\u00f6dbeck hinzugef\u00fcgt; Johann Georg Gottfried Kneuper: Kind Nr. 6) hinzugef\u00fcgt; Johann Philipp Gras: Trauungsdatum auf 1672 korrigiert; Georg Philipp Friedgen: Trauungsdatum (29.10.1672) und Geburtsname (Eisenberger) der Ehefrau erg\u00e4nzt<br \/>\n<\/span><\/td>\n<\/tr>\n<tr style=\"height: 56px;\">\n<td style=\"width: 10%; text-align: center; height: 56px;\"><span style=\"font-family: times new roman, times, serif; font-size: 10pt;\">06.01.2021<\/span><\/td>\n<td style=\"width: 16.9048%; text-align: center; height: 56px;\"><span style=\"font-family: times new roman, times, serif; font-size: 10pt;\">OFB Marksburg<br \/>\n<\/span><\/td>\n<td style=\"width: 73.0952%; text-align: justify; height: 56px;\"><span style=\"font-family: times new roman, times, serif; font-size: 10pt;\">Anna Elisabeth Tresser: III. Ehe erg\u00e4nzt (oo I. 1679 mit Henrich Philipp Fischbach, oo II. 1698 mit Kaspar M\u00f6bus, oo III. 1711 mit Philipp Peter Reising)<br \/>\n<\/span><\/td>\n<\/tr>\n<tr style=\"height: 28px;\">\n<td style=\"width: 10%; text-align: center; height: 28px;\"><span style=\"font-family: times new roman, times, serif; font-size: 10pt;\">07.01.2021<\/span><\/td>\n<td style=\"width: 16.9048%; text-align: center; height: 28px;\"><span style=\"font-family: times new roman, times, serif; font-size: 10pt;\">OFB Braubach<\/span><\/td>\n<td style=\"width: 73.0952%; text-align: justify; height: 28px;\"><span style=\"font-family: times new roman, times, serif; font-size: 10pt;\">Name R\u00f6hling hinzugef\u00fcgt<br \/>\n<\/span><\/td>\n<\/tr>\n<tr style=\"height: 84px;\">\n<td style=\"width: 10%; text-align: center; height: 84px;\"><span style=\"font-family: times new roman, times, serif; font-size: 10pt;\">08.01.2021<\/span><\/td>\n<td style=\"width: 16.9048%; text-align: center; height: 84px;\"><span style=\"font-family: times new roman, times, serif; font-size: 10pt;\">OFB Braubach<\/span><\/td>\n<td style=\"width: 73.0952%; text-align: justify; height: 84px;\"><span style=\"font-family: times new roman, times, serif; font-size: 10pt;\">Johannes Arzb\u00e4cher: Kind Nr. 3) Anna Margaretha, Lebensdaten erg\u00e4nzt<\/span><span style=\"font-family: times new roman, times, serif; font-size: 10pt;\">; Konrad Philipp Kneiper: Kind Nr. 6) Anna Katharina, Lebensdaten erg\u00e4nzt; Henrich Wilhelm Friedgen: Trauungsdatum (oo 31.05.1670 Braubach), Geburtsname, Vater und Herkunftort der Ehefrau erg\u00e4nzt<br \/>\n<\/span><\/td>\n<\/tr>\n<tr style=\"height: 28px;\">\n<td style=\"width: 10%; text-align: center; height: 28px;\"><span style=\"font-family: times new roman, times, serif; font-size: 10pt;\">08.01.2021<\/span><\/td>\n<td style=\"width: 16.9048%; text-align: center; height: 28px;\"><span style=\"font-family: times new roman, times, serif; font-size: 10pt;\">OFB Marksburg<br \/>\n<\/span><\/td>\n<td style=\"width: 73.0952%; text-align: justify; height: 28px;\"><span style=\"font-family: times new roman, times, serif; font-size: 10pt;\">Johannes Keller I. Ehe: Lebensdaten der Ehefrau erg\u00e4nzt<br \/>\n<\/span><\/td>\n<\/tr>\n<tr style=\"height: 84px;\">\n<td style=\"width: 10%; text-align: center; height: 84px;\"><span style=\"font-family: times new roman, times, serif; font-size: 10pt;\">09.01.2021<\/span><\/td>\n<td style=\"width: 16.9048%; text-align: center; height: 84px;\"><span style=\"font-family: times new roman, times, serif; font-size: 10pt;\">OFB Braubach<\/span><\/td>\n<td style=\"width: 73.0952%; text-align: justify; height: 84px;\"><span style=\"font-family: times new roman, times, serif; font-size: 10pt;\">Johann Peter Kr\u00e4mer: Kind Nr. 1) u. 2) Sterbedatum in Begr\u00e4bnisdatum ge\u00e4ndert; Philipp Anton Neuhaus: Kind Nr. 2) Sterbedatum korrigiert; Name R\u00f6mer, R\u00f6\u00dfger, Rohn, Rohr, Rossel, Roth, Rovier, R\u00fcckert, Rul, Ru\u00dfwurm, Saarbr\u00fcck, Salziger, Sass, Sattler hinzugef\u00fcgt<br \/>\n<\/span><\/td>\n<\/tr>\n<tr style=\"height: 28px;\">\n<td style=\"width: 10%; text-align: center; height: 28px;\"><span style=\"font-family: times new roman, times, serif; font-size: 10pt;\">09.01.2021<\/span><\/td>\n<td style=\"width: 16.9048%; text-align: center; height: 28px;\"><span style=\"font-family: times new roman, times, serif; font-size: 10pt;\">OFB Marksburg<\/span><\/td>\n<td style=\"width: 73.0952%; text-align: justify; height: 28px;\"><span style=\"font-family: times new roman, times, serif; font-size: 10pt;\">Johann Wilhelm Flick: Kind Nr. 1) Begr\u00e4bnisdatum erg\u00e4nzt<br \/>\n<\/span><\/td>\n<\/tr>\n<tr style=\"height: 28px;\">\n<td style=\"width: 10%; text-align: center; height: 28px;\"><span style=\"font-family: times new roman, times, serif; font-size: 10pt;\">10.01.2021<br \/>\n<\/span><\/td>\n<td style=\"width: 16.9048%; text-align: center; height: 28px;\"><span style=\"font-family: times new roman, times, serif; font-size: 10pt;\">OFB Braubach<br \/>\n<\/span><\/td>\n<td style=\"width: 73.0952%; text-align: justify; height: 28px;\"><span style=\"font-family: times new roman, times, serif; font-size: 10pt;\">Johann Barthel Hehn (oo 03.05.1669 Braubach): Herkunftsort lokalisiert<br \/>\n<\/span><\/td>\n<\/tr>\n<tr style=\"height: 28px;\">\n<td style=\"width: 10%; text-align: center; height: 28px;\"><span style=\"font-family: times new roman, times, serif; font-size: 10pt;\">10.01.2021<br \/>\n<\/span><\/td>\n<td style=\"width: 16.9048%; text-align: center; height: 28px;\"><span style=\"font-family: times new roman, times, serif; font-size: 10pt;\">OFB Marksburg<br \/>\n<\/span><\/td>\n<td style=\"width: 73.0952%; text-align: justify; height: 28px;\"><span style=\"font-family: times new roman, times, serif; font-size: 10pt;\">Hieronymus Eberhard Pfadler: Angaben zur Ehefrau erg\u00e4nzt<br \/>\n<\/span><\/td>\n<\/tr>\n<tr style=\"height: 84px;\">\n<td style=\"width: 10%; text-align: center; height: 84px;\"><span style=\"font-family: times new roman, times, serif; font-size: 10pt;\">11.01.2021<\/span><\/td>\n<td style=\"width: 16.9048%; text-align: center; height: 84px;\"><span style=\"font-family: times new roman, times, serif; font-size: 10pt;\">OFB Braubach<\/span><\/td>\n<td style=\"width: 73.0952%; text-align: justify; height: 84px;\"><span style=\"font-family: times new roman, times, serif; font-size: 10pt;\">Johann Wilhelm Kneiper: Kind Nr. 9) Katharina Ottilia: Geburtsort des Ehemannes korrigiert; Johann Georg Friedrich Friedgen: Beruf erg\u00e4nzt, Lebensdaten der Ehefrau erg\u00e4nzt; Name Schab, Schad, Sch\u00e4fer, Schaffenroth, Schaller, Schapper hinzugef\u00fcgt; Johann Georg Hart: Link zum Online OFB Langg\u00f6ns eingef\u00fcgt<br \/>\n<\/span><\/td>\n<\/tr>\n<tr style=\"height: 28px;\">\n<td style=\"width: 10%; text-align: center; height: 28px;\"><span style=\"font-family: times new roman, times, serif; font-size: 10pt;\">12.01.2021<\/span><\/td>\n<td style=\"width: 16.9048%; text-align: center; height: 28px;\"><span style=\"font-family: times new roman, times, serif; font-size: 10pt;\">OFB Marksburg<\/span><\/td>\n<td style=\"width: 73.0952%; text-align: justify; height: 28px;\"><span style=\"font-family: times new roman, times, serif; font-size: 10pt;\">Name Scheck, Schenck, Scheuch, Schiffer hinzugef\u00fcgt<br \/>\n<\/span><\/td>\n<\/tr>\n<tr style=\"height: 28px;\">\n<td style=\"width: 10%; text-align: center; height: 10px;\"><span style=\"font-family: times new roman, times, serif; font-size: 10pt;\">16.01.2021<\/span><\/td>\n<td style=\"width: 16.9048%; text-align: center; height: 10px;\"><span style=\"font-family: times new roman, times, serif; font-size: 10pt;\">OFB Braubach<\/span><\/td>\n<td style=\"width: 73.0952%; text-align: justify; height: 10px;\"><span style=\"font-family: times new roman, times, serif; font-size: 10pt;\">Johann Jakob Blankenberg: Kind Nr. 2) hinzugef\u00fcgt<br \/>\n<\/span><\/td>\n<\/tr>\n<tr style=\"height: 84px;\">\n<td style=\"width: 10%; text-align: center; height: 84px;\"><span style=\"font-family: times new roman, times, serif; font-size: 10pt;\">18.01.2021<\/span><\/td>\n<td style=\"width: 16.9048%; text-align: center; height: 84px;\"><span style=\"font-family: times new roman, times, serif; font-size: 10pt;\">OFB Braubach<\/span><\/td>\n<td style=\"width: 73.0952%; text-align: justify; height: 84px;\"><span style=\"font-family: times new roman, times, serif; font-size: 10pt;\">Name Schinkenberger hinzugef\u00fcgt; Georg Wilhelm Schenck oo Christiana Dorothea geb. Thomae: Lebensdaten der Eheleute erg\u00e4nzt; Maria Barbara Bindewald verw. Schenck geb. Kindinger: Lebensdaten erg\u00e4nzt; Ehefrau Johann Kaspar Gras (Anna Maria Arzb\u00e4cher): Geburtsdatum = Taufdatum<br \/>\n<\/span><\/td>\n<\/tr>\n<tr style=\"height: 84px;\">\n<td style=\"width: 10%; text-align: center; height: 84px;\"><span style=\"font-family: times new roman, times, serif; font-size: 10pt;\">19.01.2021<\/span><\/td>\n<td style=\"width: 16.9048%; text-align: center; height: 84px;\"><span style=\"font-family: times new roman, times, serif; font-size: 10pt;\">OFB Braubach<\/span><\/td>\n<td style=\"width: 73.0952%; text-align: justify; height: 84px;\"><span style=\"font-family: times new roman, times, serif; font-size: 10pt;\">Karl August Friedgen: Kind Nr. 3) Lebensdaten erg\u00e4nzt; Johann Lukas Friedgen II. Ehefrau: Lebensdaten erg\u00e4nzt; Johann Ludwig Meurer: Kind Nr. 3) Lebensdaten erg\u00e4nzt; Johann Georg Becker: Kind Nr. 2) Daten Ehemann erg\u00e4nzt; Name Schlosser, Schlumpff, Schmalkalder, Schmidt hinzugef\u00fcgt<br \/>\n<\/span><\/td>\n<\/tr>\n<tr style=\"height: 28px;\">\n<td style=\"width: 10%; text-align: center; height: 28px;\"><span style=\"font-family: times new roman, times, serif; font-size: 10pt;\">19.01.2021<\/span><\/td>\n<td style=\"width: 16.9048%; text-align: center; height: 28px;\"><span style=\"font-family: times new roman, times, serif; font-size: 10pt;\">OFB Marksburg<\/span><\/td>\n<td style=\"width: 73.0952%; text-align: justify; height: 28px;\"><span style=\"font-family: times new roman, times, serif; font-size: 10pt;\">Name Schmidt neu organisiert<br \/>\n<\/span><\/td>\n<\/tr>\n<tr style=\"height: 28px;\">\n<td style=\"width: 10%; text-align: center; height: 28px;\"><span style=\"font-family: times new roman, times, serif; font-size: 10pt;\">20.01.2021<br \/>\n<\/span><\/td>\n<td style=\"width: 16.9048%; height: 28px; text-align: center;\"><span style=\"font-family: times new roman, times, serif; font-size: 10pt;\">OFB Braubach<\/span><\/td>\n<td style=\"width: 73.0952%; text-align: justify; height: 28px;\"><span style=\"font-family: times new roman, times, serif; font-size: 10pt;\">Johann Adam Friedgen I. Ehe: Tochter erg\u00e4nzt; Johann Henrich Metz I. Ehe: Eltern der Ehefrau erg\u00e4nzt; Name Schnabel, Schneider, Schnepf, Sch\u00f6n, Schoor, Schr\u00f6er, Schu(e) hinzugef\u00fcgt<br \/>\n<\/span><\/td>\n<\/tr>\n<tr style=\"height: 28px;\">\n<td style=\"width: 10%; text-align: center; height: 28px;\"><span style=\"font-family: times new roman, times, serif; font-size: 10pt;\">20.01.2021<\/span><\/td>\n<td style=\"width: 16.9048%; height: 28px; text-align: center;\"><span style=\"font-family: times new roman, times, serif; font-size: 10pt;\">OFB Marksburg<\/span><\/td>\n<td style=\"width: 73.0952%; height: 28px;\"><span style=\"font-family: times new roman, times, serif; font-size: 10pt;\">Johann Adam Friedgen I. Ehe: Tochter erg\u00e4nzt; Name Ha\u00dflar, Nottscheid, Sch\u00f6ffer hinzugef\u00fcgt<br \/>\n<\/span><\/td>\n<\/tr>\n<tr style=\"height: 56px;\">\n<td style=\"width: 10%; text-align: center; height: 56px;\"><span style=\"font-family: times new roman, times, serif; font-size: 10pt;\">23.01.2021<\/span><\/td>\n<td style=\"width: 16.9048%; text-align: center; height: 56px;\"><span style=\"font-family: times new roman, times, serif; font-size: 10pt;\">OFB Braubach<\/span><\/td>\n<td style=\"width: 73.0952%; text-align: justify; height: 56px;\"><span style=\"font-family: times new roman, times, serif; font-size: 10pt;\">Johann Henrich Hainer\/Hehner: II. Ehe Kind Nr. 3) Lebensdaten erg\u00e4nzt; Name Schuhknecht, Schulthei\u00df, Schul(t)z, Sch\u00fctz hinzugef\u00fcgt<br \/>\n<\/span><\/td>\n<\/tr>\n<tr style=\"height: 28px;\">\n<td style=\"width: 10%; text-align: center; height: 28px;\"><span style=\"font-family: times new roman, times, serif; font-size: 10pt;\">23.01.2021<\/span><\/td>\n<td style=\"width: 16.9048%; text-align: center; height: 28px;\"><span style=\"font-family: times new roman, times, serif; font-size: 10pt;\">OFB Marksburg<\/span><\/td>\n<td style=\"width: 73.0952%; height: 28px;\"><span style=\"font-family: times new roman, times, serif; font-size: 10pt;\">Johann Peter Scheffer: Lebensdaten der Ehefrau erg\u00e4nzt<br \/>\n<\/span><\/td>\n<\/tr>\n<tr style=\"height: 56px;\">\n<td style=\"width: 10%; text-align: center; height: 56px;\"><span style=\"font-family: times new roman, times, serif; font-size: 10pt;\">24.01.2021<\/span><\/td>\n<td style=\"width: 16.9048%; text-align: center; height: 56px;\"><span style=\"font-family: times new roman, times, serif; font-size: 10pt;\">OFB Braubach<\/span><\/td>\n<td style=\"width: 73.0952%; text-align: justify; height: 56px;\"><span style=\"font-family: times new roman, times, serif; font-size: 10pt;\">Name Schwardmann, Schwartz, Schwarzhaupt hinzugef\u00fcgt; Name Schweikhard, Schweitzer, Schwenk hinzugef\u00fcgt<br \/>\n<\/span><\/td>\n<\/tr>\n<tr style=\"height: 28px;\">\n<td style=\"width: 10%; text-align: center; height: 28px;\"><span style=\"font-family: times new roman, times, serif; font-size: 10pt;\">25.01.2021<\/span><\/td>\n<td style=\"width: 16.9048%; text-align: center; height: 28px;\"><span style=\"font-family: times new roman, times, serif; font-size: 10pt;\">OFB Marksburg<\/span><\/td>\n<td style=\"width: 73.0952%; height: 28px;\"><span style=\"font-family: times new roman, times, serif; font-size: 10pt;\">Gabriel Mergel: Tochter Johannetta Maria, Lebensdaten erg\u00e4nzt<br \/>\n<\/span><\/td>\n<\/tr>\n<tr style=\"height: 56px;\">\n<td style=\"width: 10%; text-align: center; height: 56px;\"><span style=\"font-family: times new roman, times, serif; font-size: 10pt;\">25.01.2021<br \/>\n<\/span><\/td>\n<td style=\"width: 16.9048%; text-align: center; height: 56px;\"><span style=\"font-family: times new roman, times, serif; font-size: 10pt;\">OFB Braubach<br \/>\n<\/span><\/td>\n<td style=\"width: 73.0952%; text-align: justify; height: 56px;\"><span style=\"font-family: times new roman, times, serif; font-size: 10pt;\">Verlesener Name Sch\u00f6n gestrichen, daf\u00fcr Johannes Scheuch II. Ehe erg\u00e4nzt; Name Schweikhard, Schweitzer, Schwenk hinzugef\u00fcgt<br \/>\n<\/span><\/td>\n<\/tr>\n<tr style=\"height: 28px;\">\n<td style=\"width: 10%; text-align: center; height: 20px;\"><span style=\"font-family: times new roman, times, serif; font-size: 10pt;\">26.01.2021<br \/>\n<\/span><\/td>\n<td style=\"width: 16.9048%; text-align: center; height: 20px;\"><span style=\"font-family: times new roman, times, serif; font-size: 10pt;\">OFB Marksburg<br \/>\n<\/span><\/td>\n<td style=\"width: 73.0952%; text-align: justify; height: 20px;\"><span style=\"font-family: times new roman, times, serif; font-size: 10pt;\">Hermann Kempfer: Lesart Herkunftsort korrigiert; Name Sommer, Specht hinzugef\u00fcgt; Rubrik &#8222;Name unbekannt (N. N.)&#8220; und &#8222;Name nicht lesbar&#8220; hinzugef\u00fcgt<br \/>\n<\/span><\/td>\n<\/tr>\n<tr style=\"height: 84px;\">\n<td style=\"width: 10%; text-align: center; height: 84px;\"><span style=\"font-family: times new roman, times, serif; font-size: 10pt;\">26.01.2021<br \/>\n<\/span><\/td>\n<td style=\"width: 16.9048%; text-align: center; height: 84px;\"><span style=\"font-family: times new roman, times, serif; font-size: 10pt;\">OFB Braubach<br \/>\n<\/span><\/td>\n<td style=\"width: 73.0952%; text-align: justify; height: 84px;\"><span style=\"font-family: times new roman, times, serif; font-size: 10pt;\">Illeg. Kind der Anna Katharina Schneider hinzugef\u00fcgt; Georg Wilhem Schenck: Kind 2) Link eingef\u00fcgt; Name Sebastian, Seck, Se(e)ger, Seelmann, Sepler, Sieberich\/Seeberger, Si(e)n\u00df, Snell, S\u00f6hn, Spener, Spie\u00df, Stab hinzugef\u00fcgt<br \/>\n<\/span><\/td>\n<\/tr>\n<tr style=\"height: 28px;\">\n<td style=\"width: 10%; text-align: center; height: 28px;\"><span style=\"font-family: times new roman, times, serif; font-size: 10pt;\">30.01.2021<br \/>\n<\/span><\/td>\n<td style=\"width: 16.9048%; text-align: center; height: 28px;\"><span style=\"font-family: times new roman, times, serif; font-size: 10pt;\">OFB Marksburg<\/span><\/td>\n<td style=\"width: 73.0952%; text-align: justify; height: 28px;\"><span style=\"font-family: times new roman, times, serif; font-size: 10pt;\">Name Gros hinzugef\u00fcgt; Angaben zu Johann Michael Gros erg\u00e4nzt<br \/>\n<\/span><\/td>\n<\/tr>\n<tr style=\"height: 28px;\">\n<td style=\"width: 10%; text-align: center; height: 28px;\"><span style=\"font-family: times new roman, times, serif; font-size: 10pt;\">30.01.2021<\/span><\/td>\n<td style=\"width: 16.9048%; text-align: center; height: 28px;\"><span style=\"font-family: times new roman, times, serif; font-size: 10pt;\">OFB Braubach<br \/>\n<\/span><\/td>\n<td style=\"width: 73.0952%; text-align: justify; height: 28px;\"><span style=\"font-family: times new roman, times, serif; font-size: 10pt;\">Anton (D\u00f6nges) Peter Gran: Lebensdaten erg\u00e4nzt<br \/>\n<\/span><\/td>\n<\/tr>\n<tr style=\"height: 28px;\">\n<td style=\"width: 10%; text-align: center; height: 28px;\"><span style=\"font-family: times new roman, times, serif; font-size: 10pt;\">01.02.2021<br \/>\n<\/span><\/td>\n<td style=\"width: 16.9048%; text-align: center; height: 28px;\"><span style=\"font-family: times new roman, times, serif; font-size: 10pt;\">OFB Fr\u00fccht<br \/>\n<\/span><\/td>\n<td style=\"width: 73.0952%; text-align: justify; height: 28px;\"><span style=\"font-family: times new roman, times, serif; font-size: 10pt;\">Johann Jakob Scheuerer: Kind Nr. 4) Lebensdaten erg\u00e4nzt<br \/>\n<\/span><\/td>\n<\/tr>\n<tr style=\"height: 56px;\">\n<td style=\"width: 10%; text-align: center; height: 56px;\"><span style=\"font-family: times new roman, times, serif; font-size: 10pt;\">01.02.2021<\/span><\/td>\n<td style=\"width: 16.9048%; text-align: center; height: 56px;\"><span style=\"font-family: times new roman, times, serif; font-size: 10pt;\">OFB Braubach<br \/>\n<\/span><\/td>\n<td style=\"width: 73.0952%; text-align: justify; height: 56px;\"><span style=\"font-family: times new roman, times, serif; font-size: 10pt;\">Katharina Maria Gran o-o 1773 mit Johann Andreas Steinmetz: Eintragstext hinzugef\u00fcgt; Name Stein, Steinmetz hinzugef\u00fcgt<br \/>\n<\/span><\/td>\n<\/tr>\n<tr style=\"height: 84px;\">\n<td style=\"width: 10%; text-align: center; height: 84px;\"><span style=\"font-family: times new roman, times, serif; font-size: 10pt;\">02.02.2021<br \/>\n<\/span><\/td>\n<td style=\"width: 16.9048%; text-align: center; height: 84px;\"><span style=\"font-family: times new roman, times, serif; font-size: 10pt;\">OFB Braubach<\/span><\/td>\n<td style=\"width: 73.0952%; text-align: justify; height: 84px;\"><span style=\"font-family: times new roman, times, serif; font-size: 10pt;\">Johann Christian Kriegsmann: Angaben zur Ehefrau und Kind Nr. 2) erg\u00e4nzt; Georg Henrich Eimes: Angaben zur I. und II. Ehefrau erg\u00e4nzt und korrigiert; Name Steuber, Stiff, St\u00f6ckicht, Stotz, Strobel, Stroever, Struvius hinzugef\u00fcgt<br \/>\n<\/span><\/td>\n<\/tr>\n<tr style=\"height: 28px;\">\n<td style=\"width: 10%; text-align: center; height: 28px;\"><span style=\"font-family: times new roman, times, serif; font-size: 10pt;\">02.02.2021<\/span><\/td>\n<td style=\"width: 16.9048%; text-align: center; height: 28px;\"><span style=\"font-family: times new roman, times, serif; font-size: 10pt;\">OFB Marksburg<br \/>\n<\/span><\/td>\n<td style=\"width: 73.0952%; text-align: justify; height: 28px;\"><span style=\"font-family: times new roman, times, serif; font-size: 10pt;\">Name Stradial hinzugef\u00fcgt<br \/>\n<\/span><\/td>\n<\/tr>\n<tr style=\"height: 28px;\">\n<td style=\"width: 10%; text-align: center; height: 28px;\"><span style=\"font-family: times new roman, times, serif; font-size: 10pt;\">02.02.2021<\/span><\/td>\n<td style=\"width: 16.9048%; text-align: center; height: 28px;\"><span style=\"font-family: times new roman, times, serif; font-size: 10pt;\">OFB Schweighausen<br \/>\n<\/span><\/td>\n<td style=\"width: 73.0952%; text-align: justify; height: 28px;\"><span style=\"font-family: times new roman, times, serif; font-size: 10pt;\">Johann Henrich Stroever: Lebensdaten der II. Ehefrau erg\u00e4nzt<br \/>\n<\/span><\/td>\n<\/tr>\n<tr style=\"height: 56px;\">\n<td style=\"width: 10%; text-align: center; height: 56px;\"><span style=\"font-family: times new roman, times, serif; font-size: 10pt;\">03.02.2021<\/span><\/td>\n<td style=\"width: 16.9048%; text-align: center; height: 56px;\"><span style=\"font-family: times new roman, times, serif; font-size: 10pt;\">OFB Braubach<\/span><\/td>\n<td style=\"width: 73.0952%; text-align: justify; height: 56px;\"><span style=\"font-family: times new roman, times, serif; font-size: 10pt;\">Johann Henrich Becker (oo mit Eleonora Katharina): Beruf erg\u00e4nzt; Johann Georg Gras: II. Ehefrau (oo 1778) Lebensdaten erg\u00e4nzt; Name Sturm hinzugef\u00fcgt<br \/>\n<\/span><\/td>\n<\/tr>\n<tr style=\"height: 28px;\">\n<td style=\"width: 10%; text-align: center; height: 28px;\"><span style=\"font-family: times new roman, times, serif; font-size: 10pt;\">04.02.2021<\/span><\/td>\n<td style=\"width: 16.9048%; text-align: center; height: 28px;\"><span style=\"font-family: times new roman, times, serif; font-size: 10pt;\">OFB Braubach<\/span><\/td>\n<td style=\"width: 73.0952%; text-align: justify; height: 28px;\"><span style=\"font-family: times new roman, times, serif; font-size: 10pt;\">Name S\u00fcnner, Theis, Th\u00f6n hinzugef\u00fcgt<br \/>\n<\/span><\/td>\n<\/tr>\n<tr style=\"height: 28px;\">\n<td style=\"width: 10%; text-align: center; height: 28px;\"><span style=\"font-family: times new roman, times, serif; font-size: 10pt;\">04.02.2021<\/span><\/td>\n<td style=\"width: 16.9048%; text-align: center; height: 28px;\"><span style=\"font-family: times new roman, times, serif; font-size: 10pt;\">Pfarrei Braubach<br \/>\n<\/span><\/td>\n<td style=\"width: 73.0952%; text-align: justify; height: 28px;\"><span style=\"font-family: times new roman, times, serif; font-size: 10pt;\">Pesttote 1635, Nr. 224: Ortsindex erg\u00e4nzt<br \/>\n<\/span><\/td>\n<\/tr>\n<tr style=\"height: 28px;\">\n<td style=\"width: 10%; text-align: center; height: 28px;\"><span style=\"font-family: times new roman, times, serif; font-size: 10pt;\">05.02.2021<br \/>\n<\/span><\/td>\n<td style=\"width: 16.9048%; text-align: center; height: 28px;\"><span style=\"font-family: times new roman, times, serif; font-size: 10pt;\">OFB Braubach<br \/>\n<\/span><\/td>\n<td style=\"width: 73.0952%; text-align: justify; height: 28px;\"><span style=\"font-family: times new roman, times, serif; font-size: 10pt;\">Name Thorn, Th\u00fcler, Thum, Touby hinzugef\u00fcgt: Otto Wilhelm Dorscheimer: Schwester erg\u00e4nzt<br \/>\n<\/span><\/td>\n<\/tr>\n<tr style=\"height: 28px;\">\n<td style=\"width: 10%; text-align: center; height: 28px;\"><span style=\"font-family: times new roman, times, serif; font-size: 10pt;\">06.02.2021<\/span><\/td>\n<td style=\"width: 16.9048%; text-align: center; height: 28px;\"><span style=\"font-family: times new roman, times, serif; font-size: 10pt;\">OFB Braubach<\/span><\/td>\n<td style=\"width: 73.0952%; text-align: justify; height: 28px;\"><span style=\"font-family: times new roman, times, serif; font-size: 10pt;\">Pfarrei Braubach, KB 3: Notabilia 1716-1754 hinzugef\u00fcgt<br \/>\n<\/span><\/td>\n<\/tr>\n<tr style=\"height: 28px;\">\n<td style=\"width: 10%; text-align: center; height: 28px;\"><span style=\"font-family: times new roman, times, serif; font-size: 10pt;\">08.02.2021<\/span><\/td>\n<td style=\"width: 16.9048%; text-align: center; height: 28px;\"><span style=\"font-family: times new roman, times, serif; font-size: 10pt;\">OFB Braubach<\/span><\/td>\n<td style=\"width: 73.0952%; text-align: justify; height: 28px;\"><span style=\"font-family: times new roman, times, serif; font-size: 10pt;\">Name Thorn: Johann Jakob &#8222;Thurn&#8220; (oo 1702) gel\u00f6scht, Name = Trem!<br \/>\n<\/span><\/td>\n<\/tr>\n<tr style=\"height: 56px;\">\n<td style=\"width: 10%; text-align: center; height: 56px;\"><span style=\"font-family: times new roman, times, serif; font-size: 10pt;\">09.02.2021<\/span><\/td>\n<td style=\"width: 16.9048%; text-align: center; height: 56px;\"><span style=\"font-family: times new roman, times, serif; font-size: 10pt;\">OFB Braubach<\/span><\/td>\n<td style=\"width: 73.0952%; text-align: justify; height: 56px;\"><span style=\"font-family: times new roman, times, serif; font-size: 10pt;\">Georg Arzb\u00e4cher: Kind Nr. 3) Lebensdaten erg\u00e4nzt; Tochter Maria Margaretha (* vor 1630) erg\u00e4nzt; Henrich Wilhelm Kneiper: seine Lebensdaten und die seiner Ehefrau erg\u00e4nzt; Name Trapp, Trei\u00df, Trem hinzugef\u00fcgt<br \/>\n<\/span><\/td>\n<\/tr>\n<tr style=\"height: 28px;\">\n<td style=\"width: 10%; text-align: center; height: 28px;\"><span style=\"font-family: times new roman, times, serif; font-size: 10pt;\">09.02.2021<br \/>\n<\/span><\/td>\n<td style=\"width: 16.9048%; text-align: center; height: 28px;\"><span style=\"font-family: times new roman, times, serif; font-size: 10pt;\">OFB Marksburg<br \/>\n<\/span><\/td>\n<td style=\"width: 73.0952%; text-align: justify; height: 28px;\"><span style=\"font-family: times new roman, times, serif; font-size: 10pt;\">Philipp Jakob Neugebauer: Link zur Familie Trem (OFB Braubach) gesetzt<\/span><\/td>\n<\/tr>\n<tr style=\"height: 28px;\">\n<td style=\"width: 10%; text-align: center; height: 28px;\"><span style=\"font-family: times new roman, times, serif; font-size: 10pt;\">10.02.2021<br \/>\n<\/span><\/td>\n<td style=\"width: 16.9048%; text-align: center; height: 28px;\"><span style=\"font-family: times new roman, times, serif; font-size: 10pt;\">OFB Braubach<\/span><\/td>\n<td style=\"width: 73.0952%; text-align: justify; height: 28px;\"><span style=\"font-family: times new roman, times, serif; font-size: 10pt;\">Name Veit, Vietor, Virtus, Vobis, Vogel hinzugef\u00fcgt<br \/>\n<\/span><\/td>\n<\/tr>\n<tr style=\"height: 28px;\">\n<td style=\"width: 10%; text-align: center; height: 28px;\"><span style=\"font-family: times new roman, times, serif; font-size: 10pt;\">11.02.2021<br \/>\n<\/span><\/td>\n<td style=\"width: 16.9048%; text-align: center; height: 28px;\"><span style=\"font-family: times new roman, times, serif; font-size: 10pt;\">OFB Marksburg<\/span><\/td>\n<td style=\"width: 73.0952%; text-align: justify; height: 28px;\"><span style=\"font-family: times new roman, times, serif; font-size: 10pt;\">Name von Herwarth, von Lahrb&#8230; hinzugef\u00fcgt; von Langendorf: Lebensdaten der Ehefrau erg\u00e4nzt<br \/>\n<\/span><\/td>\n<\/tr>\n<tr style=\"height: 84px;\">\n<td style=\"width: 10%; text-align: center; height: 84px;\"><span style=\"font-family: times new roman, times, serif; font-size: 10pt;\">11.02.2021<\/span><\/td>\n<td style=\"width: 16.9048%; text-align: center; height: 84px;\"><span style=\"font-family: times new roman, times, serif; font-size: 10pt;\">OFB Braubach<\/span><\/td>\n<td style=\"width: 73.0952%; text-align: justify; height: 84px;\"><span style=\"font-family: times new roman, times, serif; font-size: 10pt;\">Johann Philipp Gras (oo 1672): Beruf erg\u00e4nzt; Georg Philipp Lutz (oo 1671): Berufe erg\u00e4nzt; Johann Konrad Gran (oo 1687): Angaben zur Ehe erg\u00e4nzt; Name: Priesteroth: Angaben zur Herkunft erg\u00e4nzt; Name Patrick hinzugef\u00fcgt<br \/>\n<\/span><\/td>\n<\/tr>\n<tr style=\"height: 84px;\">\n<td style=\"width: 10%; text-align: center; height: 84px;\"><span style=\"font-family: times new roman, times, serif; font-size: 10pt;\">12.02.2021<br \/>\n<\/span><\/td>\n<td style=\"width: 16.9048%; text-align: center; height: 84px;\"><span style=\"font-family: times new roman, times, serif; font-size: 10pt;\">OFB Braubach<br \/>\n<\/span><\/td>\n<td style=\"width: 73.0952%; text-align: justify; height: 84px;\"><span style=\"font-family: times new roman, times, serif; font-size: 10pt;\">Name Vogt, Volck, Vollhard, Voltz, von Bettendorf, von Bock, von der Heyden, von Drachstett, von Hamm, von Heering, von Herwarth, von Lahrb&#8230;, von Merlau, von Winckelmann hinzugef\u00fcgt; Recherche zu Vollhard in Gro\u00df-Gerau<br \/>\n<\/span><\/td>\n<\/tr>\n<tr style=\"height: 56px;\">\n<td style=\"width: 10%; text-align: center; height: 56px;\"><span style=\"font-family: times new roman, times, serif; font-size: 10pt;\">13.02.2021<\/span><\/td>\n<td style=\"width: 16.9048%; text-align: center; height: 56px;\"><span style=\"font-family: times new roman, times, serif; font-size: 10pt;\">OFB Braubach<br \/>\n<\/span><\/td>\n<td style=\"width: 73.0952%; text-align: justify; height: 56px;\"><span style=\"font-family: times new roman, times, serif; font-size: 10pt;\">Name W\u00e4chter hinzugef\u00fcgt; Johann Barthel Hehn (oo 1669): Herkunftsort erg\u00e4nzt; Henrich Arzb\u00e4cher oo 1642 mit Susanna Mies hinzugef\u00fcgt<br \/>\n<\/span><\/td>\n<\/tr>\n<tr style=\"height: 56px;\">\n<td style=\"width: 10%; text-align: center; height: 56px;\"><span style=\"font-family: times new roman, times, serif; font-size: 10pt;\">14.02.2021<\/span><\/td>\n<td style=\"width: 16.9048%; text-align: center; height: 56px;\"><span style=\"font-family: times new roman, times, serif; font-size: 10pt;\">OFB Braubach<\/span><\/td>\n<td style=\"width: 73.0952%; text-align: justify; height: 56px;\"><span style=\"font-family: times new roman, times, serif; font-size: 10pt;\">Henrich Arzb\u00e4cher oo 1642 mit Susanna Mies: Familiendaten erg\u00e4nzt; Familie Gras: Einleitungstext erweitert, Proklamationsdaten erg\u00e4nzt; Johannes Gras (oo 1738): Herkunftsort der I. Ehefrau erg\u00e4nzt<br \/>\n<\/span><\/td>\n<\/tr>\n<tr style=\"height: 28px;\">\n<td style=\"width: 10%; text-align: center; height: 28px;\"><span style=\"font-family: times new roman, times, serif; font-size: 10pt;\">17.02.2021<\/span><\/td>\n<td style=\"width: 16.9048%; text-align: center; height: 28px;\"><span style=\"font-family: times new roman, times, serif; font-size: 10pt;\">OFB Marksburg<br \/>\n<\/span><\/td>\n<td style=\"width: 73.0952%; text-align: justify; height: 28px;\"><span style=\"font-family: times new roman, times, serif; font-size: 10pt;\">Christian Walther hinzugef\u00fcgt; Name Weber hinzugef\u00fcgt<br \/>\n<\/span><\/td>\n<\/tr>\n<tr style=\"height: 56px;\">\n<td style=\"width: 10%; text-align: center; height: 56px;\"><span style=\"font-family: times new roman, times, serif; font-size: 10pt;\">17.02.2021<\/span><\/td>\n<td style=\"width: 16.9048%; text-align: center; height: 56px;\"><span style=\"font-family: times new roman, times, serif; font-size: 10pt;\">OFB Braubach<br \/>\n<\/span><\/td>\n<td style=\"width: 73.0952%; text-align: justify; height: 56px;\"><span style=\"font-family: times new roman, times, serif; font-size: 10pt;\">Johann Friedrich Baus: Angaben zur Ehefrau Elisabeth Katharina Weltert erg\u00e4nzt; Name Wagner, Waltermerx, Walther, Wei&#8230;d, Weidenholtz hinzugef\u00fcgt<br \/>\n<\/span><\/td>\n<\/tr>\n<tr style=\"height: 84px;\">\n<td style=\"width: 10%; text-align: center; height: 84px;\"><span style=\"font-family: times new roman, times, serif; font-size: 10pt;\">20.02.2021<\/span><\/td>\n<td style=\"width: 16.9048%; text-align: center; height: 84px;\"><span style=\"font-family: times new roman, times, serif; font-size: 10pt;\">OFB Braubach<\/span><\/td>\n<td style=\"width: 73.0952%; text-align: justify; height: 84px;\"><span style=\"font-family: times new roman, times, serif; font-size: 10pt;\">Johann Georg Gottfried Kneiper, Kind Nr. 6): Lebensdaten erg\u00e4nzt; Anna Juliana Bernhammer: 2. illeg. Kind (* 1730) erg\u00e4nzt; Johann Emmerich Deusner, Kind Nr. 4): Ehedatum erg\u00e4nzt; Name Weigand, Wein\u00e4hr hinzugef\u00fcgt<br \/>\n<\/span><\/td>\n<\/tr>\n<tr style=\"height: 28px;\">\n<td style=\"width: 10%; text-align: center; height: 28px;\"><span style=\"font-family: times new roman, times, serif; font-size: 10pt;\">21.02.2021<\/span><\/td>\n<td style=\"width: 16.9048%; text-align: center; height: 28px;\"><span style=\"font-family: times new roman, times, serif; font-size: 10pt;\">OFB Marksburg<\/span><\/td>\n<td style=\"width: 73.0952%; text-align: justify; height: 28px;\"><span style=\"font-family: times new roman, times, serif; font-size: 10pt;\">Name Weisel hinzugef\u00fcgt<br \/>\n<\/span><\/td>\n<\/tr>\n<tr style=\"height: 56px;\">\n<td style=\"width: 10%; text-align: center; height: 56px;\"><span style=\"font-family: times new roman, times, serif; font-size: 10pt;\">21.02.2021<br \/>\n<\/span><\/td>\n<td style=\"width: 16.9048%; text-align: center; height: 56px;\"><span style=\"font-family: times new roman, times, serif; font-size: 10pt;\">OFB Braubach<br \/>\n<\/span><\/td>\n<td style=\"width: 73.0952%; text-align: justify; height: 56px;\"><span style=\"font-family: times new roman, times, serif; font-size: 10pt;\">Johann Jakob Touby: Lebensdaten erg\u00e4nzt; Name Weiland, Weinand, Weinem, Weiprecht, Weis, Weislich, Weissenbruch, Weltert hinzugef\u00fcgt<br \/>\n<\/span><\/td>\n<\/tr>\n<tr style=\"height: 28px;\">\n<td style=\"width: 10%; text-align: center; height: 28px;\"><span style=\"font-family: times new roman, times, serif; font-size: 10pt;\">21.02.2021<\/span><\/td>\n<td style=\"width: 16.9048%; text-align: center; height: 28px;\"><span style=\"font-family: times new roman, times, serif; font-size: 10pt;\">OFB Osterspai<br \/>\n<\/span><\/td>\n<td style=\"width: 73.0952%; text-align: justify; height: 28px;\"><span style=\"font-family: times new roman, times, serif; font-size: 10pt;\">Peter Weinem, Kind Nr. 4): Lebensdaten erg\u00e4nzt<br \/>\n<\/span><\/td>\n<\/tr>\n<tr style=\"height: 28px;\">\n<td style=\"width: 10%; text-align: center; height: 28px;\"><span style=\"font-family: times new roman, times, serif; font-size: 10pt;\">22.02.2021<\/span><\/td>\n<td style=\"width: 16.9048%; text-align: center; height: 28px;\"><span style=\"font-family: times new roman, times, serif; font-size: 10pt;\">OFB Braubach<\/span><\/td>\n<td style=\"width: 73.0952%; text-align: justify; height: 28px;\"><span style=\"font-family: times new roman, times, serif; font-size: 10pt;\">Name Wentzel, Werner, Wernick, Westerburger hinzugef\u00fcgt<br \/>\n<\/span><\/td>\n<\/tr>\n<tr style=\"height: 28px;\">\n<td style=\"width: 10%; text-align: center; height: 28px;\"><span style=\"font-family: times new roman, times, serif; font-size: 10pt;\">23.02.2021<br \/>\n<\/span><\/td>\n<td style=\"width: 16.9048%; text-align: center; height: 28px;\"><span style=\"font-family: times new roman, times, serif; font-size: 10pt;\">OFB Fr\u00fccht<br \/>\n<\/span><\/td>\n<td style=\"width: 73.0952%; text-align: justify; height: 28px;\"><span style=\"font-family: times new roman, times, serif; font-size: 10pt;\">Johann Michael M\u00fcller, Kind Nr. 2): Lebensdaten erg\u00e4nzt<br \/>\n<\/span><\/td>\n<\/tr>\n<tr style=\"height: 56px;\">\n<td style=\"width: 10%; text-align: center; height: 56px;\"><span style=\"font-family: times new roman, times, serif; font-size: 10pt;\">23.02.2021<br \/>\n<\/span><\/td>\n<td style=\"width: 16.9048%; text-align: center; height: 56px;\"><span style=\"font-family: times new roman, times, serif; font-size: 10pt;\">OFB Braubach<br \/>\n<\/span><\/td>\n<td style=\"width: 73.0952%; text-align: justify; height: 56px;\"><span style=\"font-family: times new roman, times, serif; font-size: 10pt;\">Henrich Niklas Wein\u00e4hr: Lebensdaten der II. Ehefrau korrigiert; Johann Philipp Becker, Kind Nr. 2 (* 1696): Lebensdaten erg\u00e4nzt; Name Wille, Winkler, Winheller, Winter hinzugef\u00fcgt<br \/>\n<\/span><\/td>\n<\/tr>\n<tr style=\"height: 28px;\">\n<td style=\"width: 10%; text-align: center; height: 28px;\"><span style=\"font-family: times new roman, times, serif; font-size: 10pt;\">24.02.2021<\/span><\/td>\n<td style=\"width: 16.9048%; text-align: center; height: 28px;\"><span style=\"font-family: times new roman, times, serif; font-size: 10pt;\">OFB Marksburg<br \/>\n<\/span><\/td>\n<td style=\"width: 73.0952%; text-align: justify; height: 28px;\"><span style=\"font-family: times new roman, times, serif; font-size: 10pt;\">Name Wissmann hinzugef\u00fcgt; Daniel Kleibert: Beruf erg\u00e4nzt; Johann Quirin Fischbach hinzugef\u00fcgt<br \/>\n<\/span><\/td>\n<\/tr>\n<tr style=\"height: 140px;\">\n<td style=\"width: 10%; text-align: center; height: 140px;\"><span style=\"font-family: times new roman, times, serif; font-size: 10pt;\">24.02.2021<\/span><\/td>\n<td style=\"width: 16.9048%; text-align: center; height: 140px;\"><span style=\"font-family: times new roman, times, serif; font-size: 10pt;\">OFB Braubach<\/span><\/td>\n<td style=\"width: 73.0952%; text-align: justify; height: 140px;\"><span style=\"font-family: times new roman, times, serif; font-size: 10pt;\">Johann Georg Flatterich: Sterbedatum erg\u00e4nzt; Hans Martin Arzb\u00e4cher, Kind Nr. 5) bzw. Ehefrau des Johann Philipp Stotz: Sterbedatum erg\u00e4nzt; Johann Christian Vogt (oo 1766) hinzugef\u00fcgt; Johann Martin H\u00fcmmerich hinzugef\u00fcgt; Agnes Elisabeth Ferber hinzugef\u00fcgt; Henrich Kaspar und Anna Margaretha Schweikhard hinzugef\u00fcgt; Name J\u00e4rchen, Kreydel, P\u00fctsch, Ress, Winterwerber, Wolf, W\u00fcst, Zeiser, Ziegenhahn, Zimmermann, Zimmerschied hinzugef\u00fcgt<br \/>\n<\/span><\/td>\n<\/tr>\n<tr style=\"height: 28px;\">\n<td style=\"width: 10%; text-align: center; height: 28px;\"><span style=\"font-family: times new roman, times, serif; font-size: 10pt;\">24.02.2021<\/span><\/td>\n<td style=\"width: 16.9048%; text-align: center; height: 28px;\"><span style=\"font-family: times new roman, times, serif; font-size: 10pt;\">OFB Fr\u00fccht<br \/>\n<\/span><\/td>\n<td style=\"width: 73.0952%; text-align: justify; height: 28px;\"><span style=\"font-family: times new roman, times, serif; font-size: 10pt;\">Name Grollmeyer erg\u00e4nzt<br \/>\n<\/span><\/td>\n<\/tr>\n<tr style=\"height: 112px;\">\n<td style=\"width: 10%; text-align: center; height: 112px;\"><span style=\"font-family: times new roman, times, serif; font-size: 10pt;\">25.02.2021<br \/>\n<\/span><\/td>\n<td style=\"width: 16.9048%; text-align: center; height: 112px;\"><span style=\"font-family: times new roman, times, serif; font-size: 10pt;\">OFB Braubach<br \/>\n<\/span><\/td>\n<td style=\"width: 73.0952%; text-align: justify; height: 112px;\"><span style=\"font-family: times new roman, times, serif; font-size: 10pt;\">Georg Philipp Vogt: Kind Nr. 9) erg\u00e4nzt; Philipp Ludwig Hehn gel\u00f6scht (= Hahn!); Lebensdaten erg\u00e4nzt: Johann Georg und Johann Henrich Br\u00f6der (aus Dachsenhausen), Philipp Ludwig Hahn (aus Dachsenhausen), Johann Justus Blass, Johann Jakob M\u00fcller (Stadtm\u00fcller) und illeg. Kind der Ehefrau 1736, Andreas M\u00fcller (Stadtm\u00fcller); &#8222;Name nicht lesbar&#8220;, &#8222;Name unbekannt&#8220; und &#8222;Juden&#8220; hinzugef\u00fcgt<br \/>\n<\/span><\/td>\n<\/tr>\n<tr style=\"height: 56px;\">\n<td style=\"width: 10%; text-align: center; height: 56px;\"><span style=\"font-family: times new roman, times, serif; font-size: 10pt;\">26.02.2021<\/span><\/td>\n<td style=\"width: 16.9048%; text-align: center; height: 56px;\"><span style=\"font-family: times new roman, times, serif; font-size: 10pt;\">OFB Braubach<br \/>\n<\/span><\/td>\n<td style=\"width: 73.0952%; text-align: justify; height: 56px;\"><span style=\"font-family: times new roman, times, serif; font-size: 10pt;\">Name &#8222;Ceres&#8220; in &#8222;Zehres&#8220; ge\u00e4ndert; Lebensdaten Johann Peter Zehres erg\u00e4nzt; Weigand: Einleitungstext ge\u00e4ndert<br \/>\n<\/span><\/td>\n<\/tr>\n<tr style=\"height: 28px;\">\n<td style=\"width: 10%; text-align: center; height: 28px;\"><span style=\"font-family: times new roman, times, serif; font-size: 10pt;\">26.02.2021<\/span><\/td>\n<td style=\"width: 16.9048%; text-align: center; height: 28px;\"><span style=\"font-family: times new roman, times, serif; font-size: 10pt;\">OFB Fr\u00fccht<br \/>\n<\/span><\/td>\n<td style=\"width: 73.0952%; text-align: justify; height: 28px;\"><span style=\"font-family: times new roman, times, serif; font-size: 10pt;\">Johann Wilhelm Vietor: Lebensdaten erg\u00e4nzt<br \/>\n<\/span><\/td>\n<\/tr>\n<tr style=\"height: 224px;\">\n<td style=\"width: 10%; text-align: center; height: 224px;\"><span style=\"font-family: times new roman, times, serif; font-size: 10pt;\">27.02.2021<\/span><\/td>\n<td style=\"width: 16.9048%; text-align: center; height: 224px;\"><span style=\"font-family: times new roman, times, serif; font-size: 10pt;\">OFB Braubach<\/span><\/td>\n<td style=\"width: 73.0952%; text-align: justify; height: 224px;\"><span style=\"font-family: times new roman, times, serif; font-size: 10pt;\">Lebensdaten erg\u00e4nzt: 1) Philipp Ludwig Fischer, Ehefrau (geb. Zehres); 2) Johann Peter Zehres; 3) Johann Henrich Klos (oo 1655), Kind Nr. 7); 4) Henrich Wilhelm Klos (oo 1703) und Kind Nr. 1), 2) und 5); 5) Johann Philipp Klos (oo 1729); 6) Johann Georg Klos (oo 1735)<br \/>\n<\/span><span style=\"font-family: times new roman, times, serif; font-size: 10pt;\">Rubrik &#8222;Name unbekannt&#8220;: 1) angeschwemmte Leiche (+ 1773) und Wilhelm Nicolaus, Metallschmelzer (+ 1773) hinzugef\u00fcgt<br \/>\nPaten hinzugef\u00fcgt: 1) bei Philipp Ludwig Fischer (oo 1726); 2) bei Johann Philipp Klos (oo 1729)<br \/>\nEinleitungstext Klos ge\u00e4ndert<br \/>\nPesttote 1635, Nr. 185 und 187 erg\u00e4nzt<br \/>\n<\/span><\/td>\n<\/tr>\n<tr style=\"height: 28px;\">\n<td style=\"width: 10%; text-align: center; height: 28px;\"><span style=\"font-family: times new roman, times, serif; font-size: 10pt;\">27.02.2021<\/span><\/td>\n<td style=\"width: 16.9048%; text-align: center; height: 28px;\"><span style=\"font-family: times new roman, times, serif; font-size: 10pt;\">OFB Marksburg<br \/>\n<\/span><\/td>\n<td style=\"width: 73.0952%; text-align: justify; height: 28px;\"><span style=\"font-family: times new roman, times, serif; font-size: 10pt;\">Johann Philipp Becker (oo 1696) hinzugef\u00fcgt<br \/>\n<\/span><\/td>\n<\/tr>\n<tr style=\"height: 28px;\">\n<td style=\"width: 10%; text-align: center; height: 28px;\"><span style=\"font-family: times new roman, times, serif; font-size: 10pt;\">28.02.2021<br \/>\n<\/span><\/td>\n<td style=\"width: 16.9048%; text-align: center; height: 28px;\"><span style=\"font-family: times new roman, times, serif; font-size: 10pt;\">OFB Braubach<br \/>\n<\/span><\/td>\n<td style=\"width: 73.0952%; text-align: justify; height: 28px;\"><span style=\"font-family: times new roman, times, serif; font-size: 10pt;\">Georg Arzb\u00e4cher, Kind Nr. 2): Taufdatum 30.11.1632 in 30.12.1632 korrigiert<br \/>\n<\/span><\/td>\n<\/tr>\n<tr style=\"height: 84px;\">\n<td style=\"width: 10%; text-align: center; height: 84px;\"><span style=\"font-family: times new roman, times, serif; font-size: 10pt;\">01.03.2021<br \/>\n<\/span><\/td>\n<td style=\"width: 16.9048%; text-align: center; height: 84px;\"><span style=\"font-family: times new roman, times, serif; font-size: 10pt;\">OFB Braubach<br \/>\n<\/span><\/td>\n<td style=\"width: 73.0952%; text-align: justify; height: 84px;\"><span style=\"font-family: times new roman, times, serif; font-size: 10pt;\">Lebensdaten erg\u00e4nzt: 1) Ehefrau des Johann Henrich Schinkenberger (oo 1700); 2) Christoph Wentzel, II. Ehefrau (geb. Dienethal); 3) Ehefrau Johann Niklas Friedgen (geb. Dienethal), illeg. Kind (+ 1702) dieser Familie hinzugef\u00fcgt; Familie Philipp Kaspar Dienethal hinzugef\u00fcgt<br \/>\n<\/span><\/td>\n<\/tr>\n<tr style=\"height: 28px;\">\n<td style=\"width: 10%; text-align: center; height: 28px;\"><span style=\"font-family: times new roman, times, serif; font-size: 10pt;\">01.03.2021<\/span><\/td>\n<td style=\"width: 16.9048%; text-align: center; height: 28px;\"><span style=\"font-family: times new roman, times, serif; font-size: 10pt;\">OFB Marksburg<\/span><\/td>\n<td style=\"width: 73.0952%; text-align: justify; height: 28px;\"><span style=\"font-family: times new roman, times, serif; font-size: 10pt;\">Lebensdaten erg\u00e4nzt: Christoph Wentzel, II. Ehefrau (geb. Dienethal)<\/span><\/td>\n<\/tr>\n<tr style=\"height: 28px;\">\n<td style=\"width: 10%; text-align: center; height: 28px;\"><span style=\"font-family: times new roman, times, serif; font-size: 10pt;\">05.03.2021<br \/>\n<\/span><\/td>\n<td style=\"width: 16.9048%; text-align: center; height: 28px;\"><span style=\"font-family: times new roman, times, serif; font-size: 10pt;\">Familien Jackmuth<br \/>\n<\/span><\/td>\n<td style=\"width: 73.0952%; text-align: justify; height: 28px;\"><span style=\"font-family: times new roman, times, serif; font-size: 10pt;\">Familie Nr. 11a: Anton Jackmuth, I. Ehe, Kind Nr. 4): Sterbedatum und Sterbeort erg\u00e4nzt<br \/>\n<\/span><\/td>\n<\/tr>\n<tr style=\"height: 28px;\">\n<td style=\"width: 10%; text-align: center; height: 28px;\"><span style=\"font-family: times new roman, times, serif; font-size: 10pt;\">06.03.2021<br \/>\n<\/span><\/td>\n<td style=\"width: 16.9048%; text-align: center; height: 28px;\"><span style=\"font-family: times new roman, times, serif; font-size: 10pt;\">OFB Marksburg<br \/>\n<\/span><\/td>\n<td style=\"width: 73.0952%; text-align: justify; height: 28px;\"><span style=\"font-family: times new roman, times, serif; font-size: 10pt;\">Hermann Kempfer: Herkunftsort korrigiert<br \/>\n<\/span><\/td>\n<\/tr>\n<tr style=\"height: 28px;\">\n<td style=\"width: 10%; text-align: center; height: 28px;\"><span style=\"font-family: times new roman, times, serif; font-size: 10pt;\">06.03.2021<\/span><\/td>\n<td style=\"width: 16.9048%; text-align: center; height: 28px;\"><span style=\"font-family: times new roman, times, serif; font-size: 10pt;\">OFB Braubach<br \/>\n<\/span><\/td>\n<td style=\"width: 73.0952%; text-align: justify; height: 28px;\"><span style=\"font-family: times new roman, times, serif; font-size: 10pt;\">Notabilia, Nr. [109], 1. Satz: &#8222;entstand&#8220; zu &#8222;entstund&#8220; korrigiert<br \/>\n<\/span><\/td>\n<\/tr>\n<tr style=\"height: 28px;\">\n<td style=\"width: 10%; text-align: center; height: 28px;\"><span style=\"font-family: times new roman, times, serif; font-size: 10pt;\">08.03.2021<br \/>\n<\/span><\/td>\n<td style=\"width: 16.9048%; text-align: center; height: 28px;\"><span style=\"font-family: times new roman, times, serif; font-size: 10pt;\">OFB Braubach<br \/>\n<\/span><\/td>\n<td style=\"width: 73.0952%; text-align: left; height: 28px;\"><span style=\"font-family: times new roman, times, serif; font-size: 10pt;\">Konrad Philipp Kneiper, Kind Nr. 1): Begr\u00e4bnisdatum ge\u00e4ndert<br \/>\n<\/span><\/td>\n<\/tr>\n<tr style=\"height: 56px;\">\n<td style=\"width: 10%; text-align: center; height: 56px;\"><span style=\"font-family: times new roman, times, serif; font-size: 10pt;\">10.03.2021<\/span><\/td>\n<td style=\"width: 16.9048%; text-align: center; height: 56px;\"><span style=\"font-family: times new roman, times, serif; font-size: 10pt;\">OFB Braubach<\/span><\/td>\n<td style=\"width: 73.0952%; text-align: justify; height: 56px;\"><span style=\"font-family: times new roman, times, serif; font-size: 10pt;\">Konrad Philipp Kneiper, Kind Nr. 3): Taufdatum ge\u00e4ndert; Arnold Waltermerx, Ehefrau: Lebensdaten erg\u00e4nzt; Philipp Adam Werner, Ehefrau: Lebensdaten erg\u00e4nzt<br \/>\n<\/span><\/td>\n<\/tr>\n<tr style=\"height: 112px;\">\n<td style=\"width: 10%; text-align: center; height: 112px;\"><span style=\"font-family: times new roman, times, serif; font-size: 10pt;\">12.03.2021<br \/>\n<\/span><\/td>\n<td style=\"width: 16.9048%; text-align: center; height: 112px;\"><span style=\"font-family: times new roman, times, serif; font-size: 10pt;\">OFB Braubach<br \/>\n<\/span><\/td>\n<td style=\"width: 73.0952%; text-align: justify; height: 112px;\"><span style=\"font-family: times new roman, times, serif; font-size: 10pt;\">Henrich Arzb\u00e4cher (+ 1630) und Anna Elisabeth Arzb\u00e4cher (oo 1639) hinzugef\u00fcgt; Michael L\u00f6wenz\u00f6ller: Herkunftsort und 3. Prokl. hinzugef\u00fcgt; Johann Luther L\u00f6wenz\u00f6ller, I. Ehe: Taufpaten hinzugf\u00fcgt, Taufort Kind 2) und 3) hinzugef\u00fcgt, Geburtsname der Ehefrau korrigiert und Lebensdaten erg\u00e4nzt, II. Ehe: Lebensdaten der Ehefrau erg\u00e4nzt<br \/>\n<\/span><\/td>\n<\/tr>\n<tr style=\"height: 56px;\">\n<td style=\"width: 10%; text-align: center; height: 56px;\"><span style=\"font-family: times new roman, times, serif; font-size: 10pt;\">14.03.2021<br \/>\n<\/span><\/td>\n<td style=\"width: 16.9048%; text-align: center; height: 56px;\"><span style=\"font-family: times new roman, times, serif; font-size: 10pt;\">OFB Braubach<br \/>\n<\/span><\/td>\n<td style=\"width: 73.0952%; text-align: justify; height: 56px;\"><span style=\"font-family: times new roman, times, serif; font-size: 10pt;\">Michael L\u00f6wenz\u00f6ller, Kind Nr. 3): Taufdatum in 28.09.1651 korrigiert; Johannes Gras, I. Ehe (oo 1638), Kind Nr. 7): Daten erg\u00e4nzt; Johannes Gras, II. Ehefrau (oo 1656): Lebensdaten erg\u00e4nzt<br \/>\n<\/span><\/td>\n<\/tr>\n<tr style=\"height: 28px;\">\n<td style=\"width: 10%; text-align: center; height: 28px;\"><span style=\"font-family: times new roman, times, serif; font-size: 10pt;\">15.03.2021<br \/>\n<\/span><\/td>\n<td style=\"width: 16.9048%; text-align: center; height: 28px;\"><span style=\"font-family: times new roman, times, serif; font-size: 10pt;\">OFB Braubach<br \/>\n<\/span><\/td>\n<td style=\"width: 73.0952%; text-align: justify; height: 28px;\"><span style=\"font-family: times new roman, times, serif; font-size: 10pt;\">Johann Dietrich Erlenbach, I. Ehe: Datum in 20.02.1674 korrigiert<br \/>\n<\/span><\/td>\n<\/tr>\n<tr style=\"height: 56px;\">\n<td style=\"width: 10%; text-align: center; height: 56px;\"><span style=\"font-family: times new roman, times, serif; font-size: 10pt;\">16.03.2021<\/span><\/td>\n<td style=\"width: 16.9048%; text-align: center; height: 56px;\"><span style=\"font-family: times new roman, times, serif; font-size: 10pt;\">OFB Braubach<\/span><\/td>\n<td style=\"width: 73.0952%; text-align: justify; height: 56px;\"><span style=\"font-family: times new roman, times, serif; font-size: 10pt;\">Konrad Philipp Kneiper, Kind Nr. 8): Taufdatum in 16.11.1656 korrigiert; Johann Luther L\u00f6wenz\u00f6ller, III. Ehe: Lebensdaten der Ehefrau erg\u00e4nzt<br \/>\n<\/span><\/td>\n<\/tr>\n<tr style=\"height: 112px;\">\n<td style=\"width: 10%; text-align: center; height: 112px;\"><span style=\"font-family: times new roman, times, serif; font-size: 10pt;\">17.03.2021<\/span><\/td>\n<td style=\"width: 16.9048%; text-align: center; height: 112px;\"><span style=\"font-family: times new roman, times, serif; font-size: 10pt;\">OFB Braubach<\/span><\/td>\n<td style=\"width: 73.0952%; text-align: justify; height: 112px;\"><span style=\"font-family: times new roman, times, serif; font-size: 10pt;\">Johann Ludwig Fischer: Taufdatum in 01.08.1658 korrigiert; Michael L\u00f6wenz\u00f6ller: Daten erg\u00e4nzt, Kind Nr. 7) Taufpaten erg\u00e4nzt; Hans Melchior Wein\u00e4hr: Kind Nr. 1) Taufdatum in 29.04.1660 korrigiert und demenstprechend bei Johann Peter Sch\u00fctz, II. Ehefrau (oo 1680), Name des II. Ehemanns in &#8222;Scheffer&#8220; ge\u00e4ndert<br \/>\n<\/span><\/td>\n<\/tr>\n<tr style=\"height: 28px;\">\n<td style=\"width: 10%; text-align: center; height: 28px;\"><span style=\"font-family: times new roman, times, serif; font-size: 10pt;\">17.03.2021<\/span><\/td>\n<td style=\"width: 16.9048%; text-align: center; height: 28px;\"><span style=\"font-family: times new roman, times, serif; font-size: 10pt;\">OFB Marksburg<\/span><\/td>\n<td style=\"width: 73.0952%; text-align: justify; height: 28px;\"><span style=\"font-family: times new roman, times, serif; font-size: 10pt;\">Johann Peter Scheffer, II. Ehefrau: Taufdatum in 29.04.1660 korrigiert<br \/>\n<\/span><\/td>\n<\/tr>\n<tr style=\"height: 56px;\">\n<td style=\"width: 10%; text-align: center; height: 56px;\"><span style=\"font-family: times new roman, times, serif; font-size: 10pt;\">20.03.2021<br \/>\n<\/span><\/td>\n<td style=\"width: 16.9048%; text-align: center; height: 56px;\"><span style=\"font-family: times new roman, times, serif; font-size: 10pt;\">OFB Braubach<br \/>\n<\/span><\/td>\n<td style=\"width: 73.0952%; text-align: justify; height: 56px;\"><span style=\"font-family: times new roman, times, serif; font-size: 10pt;\">Johann Thomas Sturm: Kind Nr. 2) erg\u00e4nzt (gt. 23.09.1662); Konrad Philipp Kneiper, Kind 10): Name eines Paten korrigiert (1662): <em>Elisabeth Susanna, Wilhelm Kneipers Frau<\/em><br \/>\n<\/span><\/td>\n<\/tr>\n<tr style=\"height: 56px;\">\n<td style=\"width: 10%; text-align: center; height: 56px;\"><span style=\"font-family: times new roman, times, serif; font-size: 10pt;\">22.03.2021<\/span><\/td>\n<td style=\"width: 16.9048%; text-align: center; height: 56px;\"><span style=\"font-family: times new roman, times, serif; font-size: 10pt;\">OFB Braubach<\/span><\/td>\n<td style=\"width: 73.0952%; text-align: justify; height: 56px;\"><span style=\"font-family: times new roman, times, serif; font-size: 10pt;\">Niklas Kaspar Kron: Daten zu den Eltern und Lebensdaten der Ehefrau erg\u00e4nzt; Johann Michael L\u00f6wenz\u00f6ller: Lebensdaten der Ehefrau (oo 1691) erg\u00e4nzt<br \/>\n<\/span><\/td>\n<\/tr>\n<tr style=\"height: 56px;\">\n<td style=\"width: 10%; text-align: center; height: 56px;\"><span style=\"font-family: times new roman, times, serif; font-size: 10pt;\">24.03.2021<br \/>\n<\/span><\/td>\n<td style=\"width: 16.9048%; text-align: center; height: 56px;\"><span style=\"font-family: times new roman, times, serif; font-size: 10pt;\">OFB Braubach<\/span><\/td>\n<td style=\"width: 73.0952%; text-align: justify; height: 56px;\"><span style=\"font-family: times new roman, times, serif; font-size: 10pt;\">Georg Henrich Arzb\u00e4cher, Kind Nr. 4): Taufdatum in 07.11.1669 korrigiert; Hans Barthel Hehn, Kind Nr. 1): Taufdatum in 28.11.1669 korrigiert<br \/>\n<\/span><\/td>\n<\/tr>\n<tr style=\"height: 28px;\">\n<td style=\"width: 10%; text-align: center; height: 28px;\"><span style=\"font-family: times new roman, times, serif; font-size: 10pt;\">24.03.2021<br \/>\n<\/span><\/td>\n<td style=\"width: 16.9048%; text-align: center; height: 28px;\"><span style=\"font-family: times new roman, times, serif; font-size: 10pt;\">OFB Marksburg<br \/>\n<\/span><\/td>\n<td style=\"width: 73.0952%; text-align: justify; height: 28px;\"><span style=\"font-family: times new roman, times, serif; font-size: 10pt;\">Daniel Kleibert: Kind Nr. 6) erg\u00e4nzt (* 1670)<br \/>\n<\/span><\/td>\n<\/tr>\n<tr style=\"height: 56px;\">\n<td style=\"width: 10%; text-align: center; height: 56px;\"><span style=\"font-family: times new roman, times, serif; font-size: 10pt;\">25.03.2021<br \/>\n<\/span><\/td>\n<td style=\"width: 16.9048%; text-align: center; height: 56px;\"><span style=\"font-family: times new roman, times, serif; font-size: 10pt;\">OFB Braubach<\/span><\/td>\n<td style=\"width: 73.0952%; text-align: justify; height: 56px;\"><span style=\"font-family: times new roman, times, serif; font-size: 10pt;\">Johann Peter Stein: Kind Nr. 1) erg\u00e4nzt (* 1671); Niklas Noll: Kind Nr. 1) erg\u00e4nzt (* 1671); Wilhelm Henrich Friedgen: Kind Nr. 1) erg\u00e4nzt (* 1671)<br \/>\n<\/span><\/td>\n<\/tr>\n<tr style=\"height: 28px;\">\n<td style=\"width: 10%; text-align: center; height: 28px;\"><span style=\"font-family: times new roman, times, serif; font-size: 10pt;\">26.03.2021<\/span><\/td>\n<td style=\"width: 16.9048%; text-align: center; height: 28px;\"><span style=\"font-family: times new roman, times, serif; font-size: 10pt;\">OFB Braubach<\/span><\/td>\n<td style=\"width: 73.0952%; text-align: justify; height: 28px;\"><span style=\"font-family: times new roman, times, serif; font-size: 10pt;\">Philipp Kaspar Dienethal: Kind Nr. 1) hinzugef\u00fcgt (* 1669), Kind Nr. 2) Taufdatum erg\u00e4nzt (1672)<br \/>\n<\/span><\/td>\n<\/tr>\n<tr style=\"height: 112px;\">\n<td style=\"width: 10%; text-align: center; height: 112px;\"><span style=\"font-family: times new roman, times, serif; font-size: 10pt;\">27.03.2021<\/span><\/td>\n<td style=\"width: 16.9048%; text-align: center; height: 112px;\"><span style=\"font-family: times new roman, times, serif; font-size: 10pt;\">OFB Braubach<\/span><\/td>\n<td style=\"width: 73.0952%; text-align: justify; height: 112px;\"><span style=\"font-family: times new roman, times, serif; font-size: 10pt;\">Konfirmationsdaten: Johannes Gras, I. Ehe, Kind Nr. 5): in 23.05.1659 korrigiert; Konrad Philipp Kneiper, Kind Nr. 2): in 23.05.1659 korrigiert, Kind Nr. 7): in 15.05.1665 korrigiert, Kind Nr. 9): in 12.06.1671 korrigiert; Henrich Wilhelm Kneiper, Kind Nr. 1): 15.05.1665 erg\u00e4nzt, Kind Nr. 3): in 12.06.1671 korrigiert; Michael L\u00f6wenz\u00f6ller, Kind Nr. 4): in 15.05.1665 korrigiert, Kind Nr. 7): in 27.05.1672 korrigiert<br \/>\n<\/span><\/td>\n<\/tr>\n<tr style=\"height: 28px;\">\n<td style=\"width: 10%; text-align: center; height: 28px;\"><span style=\"font-family: times new roman, times, serif; font-size: 10pt;\">27.03.2021<\/span><\/td>\n<td style=\"width: 16.9048%; text-align: center; height: 28px;\"><span style=\"font-family: times new roman, times, serif; font-size: 10pt;\">OFB Marksburg<br \/>\n<\/span><\/td>\n<td style=\"width: 73.0952%; text-align: justify; height: 28px;\"><span style=\"font-family: times new roman, times, serif; font-size: 10pt;\">Daniel Kleibert, Kind Nr. 1), 2): Konfirmationsdatum 27.05.1672 erg\u00e4nzt<br \/>\n<\/span><\/td>\n<\/tr>\n<tr style=\"height: 56px;\">\n<td style=\"width: 10%; text-align: center; height: 56px;\"><span style=\"font-family: times new roman, times, serif; font-size: 10pt;\">28.03.2021<\/span><\/td>\n<td style=\"width: 16.9048%; text-align: center; height: 56px;\"><span style=\"font-family: times new roman, times, serif; font-size: 10pt;\">OFB Braubach<\/span><\/td>\n<td style=\"width: 73.0952%; text-align: justify; height: 56px;\"><span style=\"font-family: times new roman, times, serif; font-size: 10pt;\">Konfirmationsdaten erg\u00e4nzt: Anton Peter Gran, Kind Nr. 1): 24.05.1675; Hans Melchior Wein\u00e4hr, Kind Nr. 1): 19.05.1673<br \/>\n<\/span><\/td>\n<\/tr>\n<tr style=\"height: 56px;\">\n<td style=\"width: 10%; text-align: center; height: 56px;\"><span style=\"font-family: times new roman, times, serif; font-size: 10pt;\">28.03.2021<\/span><\/td>\n<td style=\"width: 16.9048%; text-align: center; height: 56px;\"><span style=\"font-family: times new roman, times, serif; font-size: 10pt;\">OFB Marksburg<\/span><\/td>\n<td style=\"width: 73.0952%; text-align: justify; height: 56px;\"><span style=\"font-family: times new roman, times, serif; font-size: 10pt;\">Konfirmationsdaten erg\u00e4nzt: Daniel Kleibert, Kind Nr. 3): 24.05.1675; Hermann Kempfer, Kind Nr. 1) 15.05.1676<br \/>\n<\/span><\/td>\n<\/tr>\n<tr style=\"height: 56px;\">\n<td style=\"width: 10%; text-align: center; height: 56px;\"><span style=\"font-family: times new roman, times, serif; font-size: 10pt;\">29.03.2021<\/span><\/td>\n<td style=\"width: 16.9048%; text-align: center; height: 56px;\"><span style=\"font-family: times new roman, times, serif; font-size: 10pt;\">OFB Braubach<\/span><\/td>\n<td style=\"width: 73.0952%; text-align: justify; height: 56px;\"><span style=\"font-family: times new roman, times, serif; font-size: 10pt;\">Konfirmationsdaten erg\u00e4nzt: Johann Martin Arzb\u00e4cher, Kind Nr. 2): 09.06.1679; Johann Henrich Hainer\/Hehner, Kind Nr. 1): 09.06.1679; Philipp Kaspar Dienethal, Kind Nr. 1): 11.06.1682 und 03.06.1683; Johann Philipp Arzb\u00e4cher, Kind Nr. 4): auch konf. 03.06.1683, Kind Nr. 5): in 25.05.1684 korrigiert; Henrich von Hamm, Kind Nr. 1): 11.06.1682 und 03.06.1683; Anton Peter Gran, Kind Nr. 4): 11.06.1682 und 03.06.1683; Johann Thomas Sturm, Kind Nr. 5): 11.06.1682 und 03.06.1683; Johann Peter Stein, Kind Nr. 1): 25.05.1684<br \/>\n<\/span><\/td>\n<\/tr>\n<tr style=\"height: 28px;\">\n<td style=\"width: 10%; text-align: center; height: 28px;\"><span style=\"font-family: times new roman, times, serif; font-size: 10pt;\">29.03.2021<\/span><\/td>\n<td style=\"width: 16.9048%; text-align: center; height: 28px;\"><span style=\"font-family: times new roman, times, serif; font-size: 10pt;\">OFB Marksburg<\/span><\/td>\n<td style=\"width: 73.0952%; text-align: justify; height: 28px;\"><span style=\"font-family: times new roman, times, serif; font-size: 10pt;\">Konfirmationsdaten erg\u00e4nzt: Hermann Kempfer, Kind Nr. 2): 09.06.1679, Kind Nr. 4): 23.05.1681; Daniel Kleibert, Kind Nr. 5): 11.06.1682 und 03.06.1683; Johannes Fleck, Kind Nr. 1): 23.06.1681, Kind Nr. 2) 11.06.1682 und 03.06.1683<br \/>\n<\/span><\/td>\n<\/tr>\n<tr style=\"height: 112px;\">\n<td style=\"width: 10%; text-align: center; height: 112px;\"><span style=\"font-family: times new roman, times, serif; font-size: 10pt;\">30.03.2021<\/span><\/td>\n<td style=\"width: 16.9048%; text-align: center; height: 112px;\"><span style=\"font-family: times new roman, times, serif; font-size: 10pt;\">OFB Braubach<\/span><\/td>\n<td style=\"width: 73.0952%; text-align: justify; height: 112px;\"><span style=\"font-family: times new roman, times, serif; font-size: 10pt;\">Lukas Neuhaus: Herkunftsort erg\u00e4nzt (Erg\u00e4nzung auch bei der Ehefrau: Konrad Philipp Kneiper, Kind Nr. 10); Johann Thomas Sturm, Kind Nr. 1): Ehedatum erg\u00e4nzt; Johann Friedrich Hammes: Lebensdaten der Ehefrau korrigiert; Johann Henrich Mentzer: Lebensdaten der Ehefrau korrigiert; Anton Peter Gran, Kind Nr. 1): Ehedatum erg\u00e4nzt<br \/>\n<\/span><\/td>\n<\/tr>\n<tr style=\"height: 28px;\">\n<td style=\"width: 10%; text-align: center; height: 28px;\"><span style=\"font-family: times new roman, times, serif; font-size: 10pt;\">30.03.2021<\/span><\/td>\n<td style=\"width: 16.9048%; text-align: center; height: 28px;\"><span style=\"font-family: times new roman, times, serif; font-size: 10pt;\">OFB Marksburg<br \/>\n<\/span><\/td>\n<td style=\"width: 73.0952%; text-align: justify; height: 28px;\"><span style=\"font-family: times new roman, times, serif; font-size: 10pt;\">Hermann Kempfer, Kind Nr. 2): Ehefrau erg\u00e4nzt<br \/>\n<\/span><\/td>\n<\/tr>\n<tr style=\"height: 28px;\">\n<td style=\"width: 10%; text-align: center; height: 28px;\"><span style=\"font-family: times new roman, times, serif; font-size: 10pt;\">31.03.2021<\/span><\/td>\n<td style=\"width: 16.9048%; text-align: center; height: 28px;\"><span style=\"font-family: times new roman, times, serif; font-size: 10pt;\">OFB Braubach<\/span><\/td>\n<td style=\"width: 73.0952%; text-align: justify; height: 28px;\"><span style=\"font-family: times new roman, times, serif; font-size: 10pt;\">Henrich Wilhelm Kneiper, Ehefrau (geb. Euphrat): Begr\u00e4bnisdaten erg\u00e4nzt<br \/>\n<\/span><\/td>\n<\/tr>\n<tr style=\"height: 28px;\">\n<td style=\"width: 10%; text-align: center; height: 28px;\"><span style=\"font-family: times new roman, times, serif; font-size: 10pt;\">31.03.2021<\/span><\/td>\n<td style=\"width: 16.9048%; text-align: center; height: 28px;\"><span style=\"font-family: times new roman, times, serif; font-size: 10pt;\">OFB Marksburg<\/span><\/td>\n<td style=\"width: 73.0952%; text-align: justify; height: 28px;\"><span style=\"font-family: times new roman, times, serif; font-size: 10pt;\">Christoph M\u00fcller, II. Ehefrau: Lebensdaten erg\u00e4nzt<br \/>\n<\/span><\/td>\n<\/tr>\n<tr style=\"height: 84px;\">\n<td style=\"width: 10%; text-align: center; height: 84px;\"><span style=\"font-family: times new roman, times, serif; font-size: 10pt;\">01.04.2021<br \/>\n<\/span><\/td>\n<td style=\"width: 16.9048%; text-align: center; height: 84px;\"><span style=\"font-family: times new roman, times, serif; font-size: 10pt;\">OFB Braubach<\/span><\/td>\n<td style=\"width: 73.0952%; text-align: justify; height: 84px;\"><span style=\"font-family: times new roman, times, serif; font-size: 10pt;\">Johann Gottfried Kneiper: Geburtsdatum der Ehefrau in 06.09.1663 korrigiert; Johann Jakob Trem, I. Ehefrau: Begr\u00e4bnisdatum und Alter erg\u00e4nzt; Johann Adam Br\u00f6der und Ehefrau: Lebensdaten erg\u00e4nzt, Begr\u00e4bnisdatum und Alter Kind Nr. 7) erg\u00e4nzt; Johann Stephan Weigand, Kind Nr. 3): Begr\u00e4bnisdatum und Alter erg\u00e4nzt<br \/>\n<\/span><\/td>\n<\/tr>\n<tr style=\"height: 28px;\">\n<td style=\"width: 10%; text-align: center; height: 28px;\"><span style=\"font-family: times new roman, times, serif; font-size: 10pt;\">01.04.2021<\/span><\/td>\n<td style=\"width: 16.9048%; text-align: center; height: 28px;\"><span style=\"font-family: times new roman, times, serif; font-size: 10pt;\">OFB Marksburg<br \/>\n<\/span><\/td>\n<td style=\"width: 73.0952%; text-align: justify; height: 28px;\"><span style=\"font-family: times new roman, times, serif; font-size: 10pt;\">Georg Wilhelm von der Heyden: alternatives Begr\u00e4bnisdatum 12.02.1695 erg\u00e4nzt<br \/>\n<\/span><\/td>\n<\/tr>\n<tr style=\"height: 28px;\">\n<td style=\"width: 10%; text-align: center; height: 28px;\"><span style=\"font-family: times new roman, times, serif; font-size: 10pt;\">02.04.2021<\/span><\/td>\n<td style=\"width: 16.9048%; text-align: center; height: 28px;\"><span style=\"font-family: times new roman, times, serif; font-size: 10pt;\">OFB Braubach<\/span><\/td>\n<td style=\"width: 73.0952%; text-align: justify; height: 28px;\"><span style=\"font-family: times new roman, times, serif; font-size: 10pt;\">Elisabeth Katharina Gran hinzugef\u00fcgt (bg. 12.07.1693 Braubach)<br \/>\n<\/span><\/td>\n<\/tr>\n<tr style=\"height: 28px;\">\n<td style=\"width: 10%; text-align: center; height: 28px;\"><span style=\"font-size: 10pt; font-family: times new roman, times, serif;\">02.04.2021<\/span><\/td>\n<td style=\"width: 16.9048%; text-align: center; height: 28px;\"><span style=\"font-size: 10pt; font-family: times new roman, times, serif;\">OFB Marksburg<\/span><\/td>\n<td style=\"width: 73.0952%; text-align: justify; height: 28px;\"><span style=\"font-family: times new roman, times, serif; font-size: 10pt;\">Konrad Philipp Fischer, Kind Nr. 1): Begr\u00e4bnisdatum und Alter erg\u00e4nzt<br \/>\n<\/span><\/td>\n<\/tr>\n<tr style=\"height: 84px;\">\n<td style=\"width: 10%; text-align: center; height: 84px;\"><span style=\"font-family: times new roman, times, serif; font-size: 10pt;\">03.04.2021<\/span><\/td>\n<td style=\"width: 16.9048%; text-align: center; height: 84px;\"><span style=\"font-family: times new roman, times, serif; font-size: 10pt;\">OFB Braubach<\/span><\/td>\n<td style=\"width: 73.0952%; text-align: justify; height: 84px;\"><span style=\"font-family: times new roman, times, serif; font-size: 10pt;\">Begr\u00e4bnisdatum und Alter erg\u00e4nzt: Henrich Wilhelm Friedgen, Kind Nr. 3); Henrich von Hamm, Kind Nr. 10); Johann Henrich Hainer\/Hehner, Kind Nr. 5); Arnold Waltermerx, Kind Nr. 3); Anton Peter Gran, Kind Nr. 8); Johann Philipp Schinkenberger, Kind Nr. 1); Henrich von Hamm, Ehefrau: Lebensdaten erg\u00e4nzt<br \/>\n<\/span><\/td>\n<\/tr>\n<tr style=\"height: 28px;\">\n<td style=\"width: 10%; text-align: center; height: 28px;\"><span style=\"font-family: times new roman, times, serif; font-size: 10pt;\">03.04.2021<br \/>\n<\/span><\/td>\n<td style=\"width: 16.9048%; text-align: center; height: 28px;\"><span style=\"font-family: times new roman, times, serif; font-size: 10pt;\">OFB Marksburg<br \/>\n<\/span><\/td>\n<td style=\"width: 73.0952%; text-align: justify; height: 28px;\"><span style=\"font-family: times new roman, times, serif; font-size: 10pt;\">Karl K\u00f6hler, Kind Nr. 3): Begr\u00e4bnisdatum und Alter erg\u00e4nzt<br \/>\n<\/span><\/td>\n<\/tr>\n<tr style=\"height: 56px;\">\n<td style=\"width: 10%; text-align: center; height: 56px;\"><span style=\"font-family: times new roman, times, serif; font-size: 10pt;\">07.04.2021<\/span><\/td>\n<td style=\"width: 16.9048%; text-align: center; height: 56px;\"><span style=\"font-family: times new roman, times, serif; font-size: 10pt;\">OFB Braubach<\/span><\/td>\n<td style=\"width: 73.0952%; text-align: justify; height: 56px;\"><span style=\"font-family: times new roman, times, serif; font-size: 10pt;\">Georg Arzb\u00e4cher, Kind Nr. 1): Begr\u00e4bnisdatum und Alter erg\u00e4nzt; Henrich Arzb\u00e4cher (Koblenz), Kind Nr. 1) bzw. Valentin Arzb\u00e4cher (oo 1673): Lebensdaten erg\u00e4nzt<br \/>\n<\/span><\/td>\n<\/tr>\n<tr style=\"height: 28px;\">\n<td style=\"width: 10%; text-align: center; height: 28px;\"><span style=\"font-family: times new roman, times, serif; font-size: 10pt;\">08.04.2021<\/span><\/td>\n<td style=\"width: 16.9048%; text-align: center; height: 28px;\"><span style=\"font-family: times new roman, times, serif; font-size: 10pt;\">OFB Braubach<\/span><\/td>\n<td style=\"width: 73.0952%; text-align: justify; height: 28px;\"><span style=\"font-family: times new roman, times, serif; font-size: 10pt;\">Henrich Arzb\u00e4cher (Koblenz), Kind Nr. 1) bzw. Valentin Arzb\u00e4cher (oo 1673): Geburtsdatum erg\u00e4nzt<\/span><\/td>\n<\/tr>\n<tr style=\"height: 28px;\">\n<td style=\"width: 10%; text-align: center; height: 28px;\"><span style=\"font-family: times new roman, times, serif; font-size: 10pt;\">08.04.2021<\/span><\/td>\n<td style=\"width: 16.9048%; text-align: center; height: 28px;\"><span style=\"font-family: times new roman, times, serif; font-size: 10pt;\">OFB Marksburg<br \/>\n<\/span><\/td>\n<td style=\"width: 73.0952%; text-align: justify; height: 28px;\"><span style=\"font-family: times new roman, times, serif; font-size: 10pt;\">Andreas Balthasar Leonhard: Heiratsdatum (1689) und Lebensdaten der Ehefrau erg\u00e4nzt<br \/>\n<\/span><\/td>\n<\/tr>\n<tr style=\"height: 28px;\">\n<td style=\"width: 10%; text-align: center; height: 28px;\"><span style=\"font-family: times new roman, times, serif; font-size: 10pt;\">08.04.2021<\/span><\/td>\n<td style=\"width: 16.9048%; text-align: center; height: 28px;\"><span style=\"font-family: times new roman, times, serif; font-size: 10pt;\">OFB Bad Ems<br \/>\n<\/span><\/td>\n<td style=\"width: 73.0952%; text-align: justify; height: 28px;\"><span style=\"font-family: times new roman, times, serif; font-size: 10pt;\">Johannes Leporinus: Proklamationsdaten erg\u00e4nzt und Eltern der Ehefrau korrigiert<br \/>\n<\/span><\/td>\n<\/tr>\n<tr style=\"height: 168px;\">\n<td style=\"width: 10%; text-align: center; height: 168px;\"><span style=\"font-family: times new roman, times, serif; font-size: 10pt;\">09.04.2021<\/span><\/td>\n<td style=\"width: 16.9048%; text-align: center; height: 168px;\"><span style=\"font-family: times new roman, times, serif; font-size: 10pt;\">OFB Braubach<\/span><\/td>\n<td style=\"width: 73.0952%; text-align: justify; height: 168px;\"><span style=\"font-family: times new roman, times, serif; font-size: 10pt;\">Proklamationsdatum und Lebensdaten der Ehefrau erg\u00e4nzt bei: Valentin Arzb\u00e4cher (oo 1673), Johann Georg Hammes (oo 1673), Johannes Winkler (oo II. 1673), Johann Peter L\u00f6wenz\u00f6ller (oo 1675), Johann Kaspar Friedgen (oo 1677), Johann Martin Friedgen (oo 1678); Christian Wein\u00e4hr (oo 1679); Johann Henrich Vietor: Proklamationsdatum erg\u00e4nzt; Johannes Gras (oo I. 1638), Kind Nr. 6): Ehedatum und Ehemann erg\u00e4nzt; Johann Kaspar Friedgen (oo 1677): Lebensdaten erg\u00e4nzt; Johann Martin Friedgen (oo 1678): Geburtsname der Mutter erg\u00e4nzt; Johann Georg Hammes (oo 1673), Kind Nr. 1): Name des Paten erg\u00e4nzt<br \/>\n<\/span><\/td>\n<\/tr>\n<tr style=\"height: 84px;\">\n<td style=\"width: 10%; text-align: center; height: 84px;\"><span style=\"font-family: times new roman, times, serif; font-size: 10pt;\">09.04.2021<\/span><\/td>\n<td style=\"width: 16.9048%; text-align: center; height: 84px;\"><span style=\"font-family: times new roman, times, serif; font-size: 10pt;\">OFB Braubach bzw. OFB Marksburg<br \/>\n<\/span><\/td>\n<td style=\"width: 73.0952%; text-align: justify; height: 84px;\"><span style=\"font-family: times new roman, times, serif; font-size: 10pt;\">Christoph Wentzel: Herkunftsort erg\u00e4nzt, Proklamationsdatum der I. Ehe und Lebensdaten der I. und II. Ehefrau erg\u00e4nzt; Johann Emmerich Deusner (oo 1679): Proklamationsdatum und Geburtsname der Ehefrau erg\u00e4nzt<br \/>\n<\/span><\/td>\n<\/tr>\n<tr style=\"height: 56px;\">\n<td style=\"width: 10%; text-align: center; height: 56px;\"><span style=\"font-family: times new roman, times, serif; font-size: 10pt;\">10.04.2021<\/span><\/td>\n<td style=\"width: 16.9048%; text-align: center; height: 56px;\"><span style=\"font-family: times new roman, times, serif; font-size: 10pt;\">OFB Braubach bzw. OFB Marksburg<\/span><\/td>\n<td style=\"width: 73.0952%; text-align: justify; height: 56px;\"><span style=\"font-family: times new roman, times, serif; font-size: 10pt;\">Johann Georg Bernhammer (oo I. 1680, oo II. 1682, III. 1689): Familie \u00fcberarbeitet<br \/>\n<\/span><\/td>\n<\/tr>\n<tr style=\"height: 56px;\">\n<td style=\"width: 10%; text-align: center; height: 56px;\"><span style=\"font-family: times new roman, times, serif; font-size: 10pt;\">10.04.2021<\/span><\/td>\n<td style=\"width: 16.9048%; text-align: center; height: 56px;\"><span style=\"font-family: times new roman, times, serif; font-size: 10pt;\">OFB Braubach<\/span><\/td>\n<td style=\"width: 73.0952%; text-align: justify; height: 56px;\"><span style=\"font-family: times new roman, times, serif; font-size: 10pt;\">Lebensdaten erg\u00e4nzt bei: Johann Philipp Bernhammer (oo 1688) und Ehefrau; Johann Thomas Sturm (oo 1660), Kind Nr. 1)<br \/>\n<\/span><\/td>\n<\/tr>\n<tr style=\"height: 28px;\">\n<td style=\"width: 10%; text-align: center; height: 28px;\"><span style=\"font-family: times new roman, times, serif; font-size: 10pt;\">11.04.2021<br \/>\n<\/span><\/td>\n<td style=\"width: 16.9048%; text-align: center; height: 28px;\"><span style=\"font-family: times new roman, times, serif; font-size: 10pt;\">OFB Braubach<\/span><\/td>\n<td style=\"width: 73.0952%; text-align: justify; height: 28px;\"><span style=\"font-family: times new roman, times, serif; font-size: 10pt;\">Familie Konrad Nickel Br\u00fcckmann (Stammvater) hinzugef\u00fcgt<br \/>\n<\/span><\/td>\n<\/tr>\n<tr style=\"height: 28px;\">\n<td style=\"width: 10%; text-align: center; height: 28px;\"><span style=\"font-family: times new roman, times, serif; font-size: 10pt;\">13.04.2021<\/span><\/td>\n<td style=\"width: 16.9048%; text-align: center; height: 28px;\"><span style=\"font-family: times new roman, times, serif; font-size: 10pt;\">OFB Braubach<\/span><\/td>\n<td style=\"width: 73.0952%; height: 28px; text-align: justify;\"><span style=\"font-family: times new roman, times, serif; font-size: 10pt;\">Henrich Philipp Matern Fischer (oo 1705): Lebensdaten erg\u00e4nzt und Paten der Kinder (9) erg\u00e4nzt; Konrad Philipp Fischer: Beruf des Vaters der Ehefrau erg\u00e4nzt<br \/>\n<\/span><\/td>\n<\/tr>\n<tr style=\"height: 28px;\">\n<td style=\"width: 10%; text-align: center; height: 28px;\"><span style=\"font-family: times new roman, times, serif; font-size: 10pt;\">13.04.2021<br \/>\n<\/span><\/td>\n<td style=\"width: 16.9048%; text-align: center; height: 28px;\"><span style=\"font-family: times new roman, times, serif; font-size: 10pt;\">OFB Ems (Dorf)<br \/>\n<\/span><\/td>\n<td style=\"width: 73.0952%; text-align: justify; height: 28px;\"><span style=\"font-family: times new roman, times, serif; font-size: 10pt;\">Johannes Leporinus: Lebensdaten des Vaters erg\u00e4nzt<br \/>\n<\/span><\/td>\n<\/tr>\n<tr style=\"height: 56px;\">\n<td style=\"width: 10%; text-align: center; height: 56px;\"><span style=\"font-family: times new roman, times, serif; font-size: 10pt;\">14.04.2021<br \/>\n<\/span><\/td>\n<td style=\"width: 16.9048%; text-align: center; height: 56px;\"><span style=\"font-family: times new roman, times, serif; font-size: 10pt;\">OFB Braubach<\/span><\/td>\n<td style=\"width: 73.0952%; text-align: justify; height: 56px;\"><span style=\"font-family: times new roman, times, serif; font-size: 10pt;\">Lebensdaten erg\u00e4nzt bei: Johann Dietrich Deusner (oo 1673) und Johann Georg Deusner (oo I. 1678); Hans Emmerich Deusner (oo 1679): Geburtsname der Ehefrau erg\u00e4nzt<br \/>\n<\/span><\/td>\n<\/tr>\n<tr style=\"height: 84px;\">\n<td style=\"width: 10%; text-align: center; height: 84px;\"><span style=\"font-family: times new roman, times, serif; font-size: 10pt;\">17.04.2021<\/span><\/td>\n<td style=\"width: 16.9048%; text-align: center; height: 84px;\"><span style=\"font-family: times new roman, times, serif; font-size: 10pt;\">OFB Braubach<\/span><\/td>\n<td style=\"width: 73.0952%; text-align: justify; height: 84px;\"><span style=\"font-family: times new roman, times, serif; font-size: 10pt;\">Familie Simon D\u00f6ser und Philipp D\u00f6ser hinzugef\u00fcgt; Pesttote 1635 und 1636: Einleitung und Grafik ge\u00e4ndert; Pesttote 1636: Eintrag vom 03.01.1636 hinzugef\u00fcgt (Nr. 6a); Entr\u00e4ge 6a, 138 und 185: Bezug zum OFB Dachsenhausen erg\u00e4nzt<br \/>\n<\/span><\/td>\n<\/tr>\n<tr style=\"height: 140px;\">\n<td style=\"width: 10%; text-align: center; height: 140px;\"><span style=\"font-family: times new roman, times, serif; font-size: 10pt;\">20.04.2021<\/span><\/td>\n<td style=\"width: 16.9048%; text-align: center; height: 140px;\"><span style=\"font-family: times new roman, times, serif; font-size: 10pt;\">OFB Braubach bzw.<br \/>\nOFF Marksburg<br \/>\n<\/span><\/td>\n<td style=\"width: 73.0952%; text-align: justify; height: 140px;\"><span style=\"font-family: times new roman, times, serif; font-size: 10pt;\">Familien Johannes Fischer (oo 1646), Georg Friedrich Fischer (oo 1677), Johann David Fischer (oo vor 1680), Johann Henrich Fischer (oo 1685) und Hans Jakob Fischer (oo vor 1693), Soldat auf der Marksburg, hinzugef\u00fcgt &#8211; Johann Ludwig Fischer (oo 1679) und Konrad Philipp Fischer (oo 1680): Geburtsname der Mutter erg\u00e4nzt &#8211; Einzelpersonen hinzugef\u00fcgt: Katharina Fischer (+ 1636); N. N. Fischer, Totgeburt (bg. 1659, Vater: Hans Fischer, Soldat)<br \/>\n<\/span><\/td>\n<\/tr>\n<tr style=\"height: 112px;\">\n<td style=\"width: 10%; text-align: center; height: 112px;\"><span style=\"font-family: times new roman, times, serif; font-size: 10pt;\">21.04.2021<\/span><\/td>\n<td style=\"width: 16.9048%; text-align: center; height: 112px;\"><span style=\"font-family: times new roman, times, serif; font-size: 10pt;\">OFB Braubach<\/span><\/td>\n<td style=\"width: 73.0952%; text-align: justify; height: 112px;\"><span style=\"font-family: times new roman, times, serif; font-size: 10pt;\">Familie Hans Jakob Frankfurter (oo 1665) und Maria Elisabeth Frankfurter (o-o 1693) hinzugef\u00fcgt; Lebensdaten des Konrad Friedrich Balthasar R\u00fcckert erg\u00e4nzt; Georg Philipp Friedgen und Ehefrau (oo 1672): Lebensdaten erg\u00e4nzt; Henrich Wilhelm Friedgen (oo 1670): Name der Mutter eg\u00e4nzt; Maria Elisabeth Friedgen (+ 1684) hinzugef\u00fcgt<br \/>\n<\/span><\/td>\n<\/tr>\n<tr style=\"height: 56px;\">\n<td style=\"width: 10%; text-align: center; height: 56px;\"><span style=\"font-family: times new roman, times, serif; font-size: 10pt;\">24.04.2021<br \/>\n<\/span><\/td>\n<td style=\"width: 16.9048%; text-align: center; height: 56px;\"><span style=\"font-family: times new roman, times, serif; font-size: 10pt;\">OFB Braubach<\/span><\/td>\n<td style=\"width: 73.0952%; text-align: justify; height: 56px;\"><span style=\"font-family: times new roman, times, serif; font-size: 10pt;\">Familie Hans Gran (oo 1629) hinzugef\u00fcgt; Weitere Belege zu Anton Peter Gran hinzugef\u00fcgt; Einleitungstext zu Gran modifiziert<br \/>\n<\/span><\/td>\n<\/tr>\n<tr style=\"height: 112px;\">\n<td style=\"width: 10%; text-align: center; height: 112px;\"><span style=\"font-family: times new roman, times, serif; font-size: 10pt;\">25.04.2021<\/span><\/td>\n<td style=\"width: 16.9048%; text-align: center; height: 112px;\"><span style=\"font-family: times new roman, times, serif; font-size: 10pt;\">OFB Braubach bzw.<br \/>\nOFF Marksburg<\/span><\/td>\n<td style=\"width: 73.0952%; text-align: justify; height: 112px;\"><span style=\"font-family: times new roman, times, serif; font-size: 10pt;\">Familie Reising vom OFB Marksburg ins OFB Braubach \u00fcbertragen; Familie des Johann Niklas Reising \u00fcberarbeitet, dementsprechend Ehefrau des Johann Georg Fuchs (oo 1723) und Philipp Burkhard Gras (oo 1737); Hans Jakob Frankfurter: Beruf erg\u00e4nzt; Johann Dietrich Frankfurter: Beruf erg\u00e4nzt und Weitere Belege hinzugef\u00fcgt; Henrich Gras oo mit Maria hinzugef\u00fcgt<br \/>\n<\/span><\/td>\n<\/tr>\n<tr style=\"height: 112px;\">\n<td style=\"width: 10%; text-align: center; height: 112px;\"><span style=\"font-family: times new roman, times, serif; font-size: 10pt;\">29.04.2021<br \/>\n<\/span><\/td>\n<td style=\"width: 16.9048%; text-align: center; height: 112px;\"><span style=\"font-family: times new roman, times, serif; font-size: 10pt;\">OFB Braubach<br \/>\n<\/span><\/td>\n<td style=\"width: 73.0952%; text-align: justify; height: 112px;\"><span style=\"font-family: times new roman, times, serif; font-size: 10pt;\">Familien Hammes in Traben hinzugef\u00fcgt; Familien Peter Hammes (oo I. 1648) hinzugef\u00fcgt, dementsprechend Lebensdaten von Johann Georg Hammes (oo I. 1673), Johann Friedrich Hammes (oo 1679) und Johann Gottfried Hammes (oo 1693) erg\u00e4nzt; Johann Philipp Hammes (+ 1679) und Sibylla Elisabeth Hammes (+ 1683) hinzugef\u00fcgt<br \/>\n<\/span><\/td>\n<\/tr>\n<tr style=\"height: 54px;\">\n<td style=\"width: 10%; text-align: center; height: 54px;\"><span style=\"font-family: times new roman, times, serif; font-size: 10pt;\">30.04.2021<\/span><\/td>\n<td style=\"width: 16.9048%; text-align: center; height: 54px;\"><span style=\"font-family: times new roman, times, serif; font-size: 10pt;\">OFB Braubach<br \/>\n<\/span><\/td>\n<td style=\"width: 73.0952%; text-align: justify; height: 54px;\"><span style=\"font-family: times new roman, times, serif; font-size: 10pt;\">Johann Henrich Hainer (oo I. 1665): Lebensdaten der Ehefrau erg\u00e4nzt\/korrigiert; Johann Henrich Hill: Kind Johann Georg (* 1698) hinzugef\u00fcgt; Name Horresius hinzugef\u00fcgt<br \/>\n<\/span><\/td>\n<\/tr>\n<tr style=\"height: 28px;\">\n<td style=\"width: 10%; text-align: center; height: 28px;\"><span style=\"font-family: times new roman, times, serif; font-size: 10pt;\">01.05.2021<br \/>\n<\/span><\/td>\n<td style=\"width: 16.9048%; text-align: center; height: 28px;\"><span style=\"font-family: times new roman, times, serif; font-size: 10pt;\">OFB Braubach<br \/>\n<\/span><\/td>\n<td style=\"width: 73.0952%; text-align: justify; height: 28px;\"><span style=\"font-family: times new roman, times, serif; font-size: 10pt;\">Johannes Fischer (oo 1646): Lebensdaten der Ehefrau erg\u00e4nzt<br \/>\n<\/span><\/td>\n<\/tr>\n<tr style=\"height: 28px;\">\n<td style=\"width: 10%; text-align: center; height: 28px;\"><span style=\"font-family: times new roman, times, serif; font-size: 10pt;\">03.05.2021<\/span><\/td>\n<td style=\"width: 16.9048%; text-align: center; height: 28px;\"><span style=\"font-family: times new roman, times, serif; font-size: 10pt;\">OFB Ems (Dorf)<br \/>\n<\/span><\/td>\n<td style=\"width: 73.0952%; text-align: justify; height: 28px;\"><span style=\"font-family: times new roman, times, serif; font-size: 10pt;\">Johannes Leporinus: Lebensdaten der Ehefrau erg\u00e4nzt<br \/>\n<\/span><\/td>\n<\/tr>\n<tr style=\"height: 84px;\">\n<td style=\"width: 10%; text-align: center; height: 84px;\"><span style=\"font-family: times new roman, times, serif; font-size: 10pt;\">03.05.2021<\/span><\/td>\n<td style=\"width: 16.9048%; text-align: center; height: 84px;\"><span style=\"font-family: times new roman, times, serif; font-size: 10pt;\">OFB Braubach<br \/>\n<\/span><\/td>\n<td style=\"width: 73.0952%; text-align: justify; height: 84px;\"><span style=\"font-family: times new roman, times, serif; font-size: 10pt;\">Name Klotz\/Clotz hinzugef\u00fcgt; Familie Johann Georg Gottfried Kneiper aktualisiert, dementsprechend Lebensdaten Ehefrau Wilhelm R\u00f6dbeck (oo 1716) und Ehefrau Philipp Wilhelm Wein\u00e4hr (oo 1725) erg\u00e4nzt; Familie Johannes Kron (oo 1654) hinzugef\u00fcgt<br \/>\n<\/span><\/td>\n<\/tr>\n<tr style=\"height: 56px;\">\n<td style=\"width: 10%; text-align: center; height: 56px;\"><span style=\"font-family: times new roman, times, serif; font-size: 10pt;\">04.05.2021<\/span><\/td>\n<td style=\"width: 16.9048%; text-align: center; height: 56px;\"><span style=\"font-family: times new roman, times, serif; font-size: 10pt;\">OFB Braubach<\/span><\/td>\n<td style=\"width: 73.0952%; text-align: justify; height: 56px;\"><span style=\"font-family: times new roman, times, serif; font-size: 10pt;\">Familie Georg Arzb\u00e4cher (+ 1672) \u00fcberarbeitet; Name Kolb hinzugef\u00fcgt; Johann Kaspar Horresius: &#8222;Weitere Belege&#8220; erg\u00e4nzt; Johann David Fischer (oo 1673) hinzugef\u00fcgt<br \/>\n<\/span><\/td>\n<\/tr>\n<tr style=\"height: 112px;\">\n<td style=\"width: 10%; text-align: center; height: 112px;\"><span style=\"font-family: times new roman, times, serif; font-size: 10pt;\">05.05.2021<\/span><\/td>\n<td style=\"width: 16.9048%; text-align: center; height: 112px;\"><span style=\"font-family: times new roman, times, serif; font-size: 10pt;\">OFB Braubach bzw. OFB Marksburg<br \/>\n<\/span><\/td>\n<td style=\"width: 73.0952%; text-align: justify; height: 112px;\"><span style=\"font-family: times new roman, times, serif; font-size: 10pt;\">Georg Philipp Lutz (oo 1671): Lebensdaten von ihm und der Ehefrau erg\u00e4nzt; Johann Adam Lutz (oo 1681, Soldat): Herkunftsort korrigiert; Johannes Lyser: Lebensdaten erg\u00e4nzt; Johannes Melcher\/Melchior (oo 1643, Soldat)\u00a0 hinzugef\u00fcgt; Johann Emmerich (oo 1673) und Johann Wilhelm Melcher\/Melcher (oo 1680): ihre Lebensdaten und die von ihren Ehefrauen erg\u00e4nzt<br \/>\n<\/span><\/td>\n<\/tr>\n<tr style=\"height: 28px;\">\n<td style=\"width: 10%; text-align: center; height: 28px;\"><span style=\"font-family: times new roman, times, serif; font-size: 10pt;\">06.05.2021<br \/>\n<\/span><\/td>\n<td style=\"width: 16.9048%; text-align: center; height: 28px;\"><span style=\"font-family: times new roman, times, serif; font-size: 10pt;\">OFB Marksburg<br \/>\n<\/span><\/td>\n<td style=\"width: 73.0952%; text-align: justify; height: 28px;\"><span style=\"font-family: times new roman, times, serif; font-size: 10pt;\">Hans Anton M\u00f6tter (+ 1714): I. Ehefrau erg\u00e4nzt<br \/>\n<\/span><\/td>\n<\/tr>\n<tr style=\"height: 28px;\">\n<td style=\"width: 10%; text-align: center; height: 28px;\"><span style=\"font-family: times new roman, times, serif; font-size: 10pt;\">10.05.2021<br \/>\n<\/span><\/td>\n<td style=\"width: 16.9048%; text-align: center; height: 28px;\"><span style=\"font-family: times new roman, times, serif; font-size: 10pt;\">OFB Braubach<br \/>\n<\/span><\/td>\n<td style=\"width: 73.0952%; text-align: justify; height: 28px;\"><span style=\"font-family: times new roman, times, serif; font-size: 10pt;\">Arnold Waltermex, Kind 2): Bergr\u00e4bnisdatum erg\u00e4nzt; Familie Hans Henrich Noll (oo II. 1654) erg\u00e4nzt<br \/>\n<\/span><\/td>\n<\/tr>\n<tr style=\"height: 28px;\">\n<td style=\"width: 10%; text-align: center; height: 28px;\"><span style=\"font-family: times new roman, times, serif; font-size: 10pt;\">11.05.2021<br \/>\n<\/span><\/td>\n<td style=\"width: 16.9048%; text-align: center; height: 28px;\"><span style=\"font-family: times new roman, times, serif; font-size: 10pt;\">OFB Braubach<\/span><\/td>\n<td style=\"width: 73.0952%; text-align: justify; height: 28px;\"><span style=\"font-family: times new roman, times, serif; font-size: 10pt;\">Familie Hans Henrich Noll: Weitere Belege hinzugef\u00fcgt <\/span><\/td>\n<\/tr>\n<tr style=\"height: 84px;\">\n<td style=\"width: 10%; text-align: center; height: 84px;\"><span style=\"font-family: times new roman, times, serif; font-size: 10pt;\">12.05.2021<\/span><\/td>\n<td style=\"width: 16.9048%; text-align: center; height: 84px;\"><span style=\"font-family: times new roman, times, serif; font-size: 10pt;\">OFB Braubach<br \/>\n<\/span><\/td>\n<td style=\"width: 73.0952%; text-align: justify; height: 84px;\"><span style=\"font-family: times new roman, times, serif; font-size: 10pt;\">Familie Johann Peter Schinkenberger (oo 1640) hinzugef\u00fcgt, dementsprechend Lebendaten bei den S\u00f6hnen erg\u00e4nzt: Johann Anton (D\u00f6nges) mit Ehefrauen (oo I. 1667, oo II. 1690), Johann Stephan und Johann Philipp mit Ehefrau (oo 1680)<br \/>\n<\/span><\/td>\n<\/tr>\n<tr style=\"height: 28px;\">\n<td style=\"width: 10%; text-align: center; height: 28px;\"><span style=\"font-family: times new roman, times, serif; font-size: 10pt;\">12.04.2021<br \/>\n<\/span><\/td>\n<td style=\"width: 16.9048%; text-align: center; height: 28px;\"><span style=\"font-family: times new roman, times, serif; font-size: 10pt;\">OFB Marksburg<br \/>\n<\/span><\/td>\n<td style=\"width: 73.0952%; text-align: justify; height: 28px;\"><span style=\"font-family: times new roman, times, serif; font-size: 10pt;\">Johann Peter Scheffer (oo 1695): Familie erg\u00e4nzt<br \/>\n<\/span><\/td>\n<\/tr>\n<tr style=\"height: 56px;\">\n<td style=\"width: 10%; text-align: center; height: 56px;\"><span style=\"font-family: times new roman, times, serif; font-size: 10pt;\">15.05.2021<br \/>\n<\/span><\/td>\n<td style=\"width: 16.9048%; text-align: center; height: 56px;\"><span style=\"font-family: times new roman, times, serif; font-size: 10pt;\">OFB Braubach<\/span><\/td>\n<td style=\"width: 73.0952%; text-align: justify; height: 56px;\"><span style=\"font-family: times new roman, times, serif; font-size: 10pt;\">Johann Gottfried Schnabel (oo 1680): Taufpaten hinzugef\u00fcgt; Familie Johannes Seelmann (oo 1648) hinzugef\u00fcgt<br \/>\n<\/span><\/td>\n<\/tr>\n<tr style=\"height: 56px;\">\n<td style=\"width: 10%; text-align: center; height: 56px;\"><span style=\"font-family: times new roman, times, serif; font-size: 10pt;\">18.05.2021<\/span><\/td>\n<td style=\"width: 16.9048%; text-align: center; height: 56px;\"><span style=\"font-family: times new roman, times, serif; font-size: 10pt;\">OFB Braubach<\/span><\/td>\n<td style=\"width: 73.0952%; text-align: justify; height: 56px;\"><span style=\"font-family: times new roman, times, serif; font-size: 10pt;\">Familien Stephan S\u00f6hn (oo vor 1631)\u00a0 und Johann Philipp S\u00f6hn (oo 1670) hinzugef\u00fcgt, Gotthard S\u00f6hn (+ 1636) und Anna Elisabeth S\u00f6hn (konf. 1638) hinzugef\u00fcgt<br \/>\n<\/span><\/td>\n<\/tr>\n<tr style=\"height: 56px;\">\n<td style=\"width: 10%; text-align: center; height: 56px;\"><span style=\"font-family: times new roman, times, serif; font-size: 10pt;\">19.05.2021<\/span><\/td>\n<td style=\"width: 16.9048%; text-align: center; height: 56px;\"><span style=\"font-family: times new roman, times, serif; font-size: 10pt;\">OFB Braubach bzw. OFB Marksburg<br \/>\n<\/span><\/td>\n<td style=\"width: 73.0952%; text-align: justify; height: 56px;\"><span style=\"font-family: times new roman, times, serif; font-size: 10pt;\">Familie Matth\u00e4us Steinmetz (oo I. 1644, oo II. 1660) hinzugef\u00fcgt, dementsprechend Philipp Peter Reising (oo 1677): Lebensdaten der Ehefrau erg\u00e4nzt; Johann Eberhard Schmidt (oo 1695): Herkunftsort erg\u00e4nzt<br \/>\n<\/span><\/td>\n<\/tr>\n<tr style=\"height: 28px;\">\n<td style=\"width: 10%; text-align: center; height: 28px;\"><span style=\"font-family: times new roman, times, serif; font-size: 10pt;\">19.05.2021<\/span><\/td>\n<td style=\"width: 16.9048%; text-align: center; height: 28px;\"><span style=\"font-family: times new roman, times, serif; font-size: 10pt;\">OFB Marksburg<\/span><\/td>\n<td style=\"width: 73.0952%; text-align: justify; height: 28px;\"><span style=\"font-family: times new roman, times, serif; font-size: 10pt;\">Johann Michael Steg: Lebensdaten erg\u00e4nzt<br \/>\n<\/span><\/td>\n<\/tr>\n<tr style=\"height: 56px;\">\n<td style=\"width: 10%; text-align: center; height: 56px;\"><span style=\"font-family: times new roman, times, serif; font-size: 10pt;\">20.05.2021<\/span><\/td>\n<td style=\"width: 16.9048%; text-align: center; height: 56px;\"><span style=\"font-family: times new roman, times, serif; font-size: 10pt;\">OFB Braubach bzw. OFB Marksburg<\/span><\/td>\n<td style=\"width: 73.0952%; text-align: justify; height: 56px;\"><span style=\"font-family: times new roman, times, serif; font-size: 10pt;\">Theobald Veit: Name der Ehefrau erg\u00e4nzt; Name von der Heyden vervollst\u00e4ndigt (alle Familien) und erg\u00e4nzt<br \/>\n<\/span><\/td>\n<\/tr>\n<tr style=\"height: 28px;\">\n<td style=\"width: 10%; text-align: center; height: 28px;\"><span style=\"font-family: times new roman, times, serif; font-size: 10pt;\">24.05.2021<\/span><\/td>\n<td style=\"width: 16.9048%; text-align: center; height: 28px;\"><span style=\"font-family: times new roman, times, serif; font-size: 10pt;\">OFB Marksburg<\/span><\/td>\n<td style=\"width: 73.0952%; text-align: justify; height: 28px;\"><span style=\"font-family: times new roman, times, serif; font-size: 10pt;\"><span style=\"font-family: times new roman, times, serif;\"><em>Anna Catharina Arnoldin<\/em> (+ 1681) unter Waltermerx hinzugef\u00fcgt<\/span><strong><br \/>\n<\/strong><\/span><\/td>\n<\/tr>\n<tr style=\"height: 28px;\">\n<td style=\"width: 10%; text-align: center; height: 28px;\"><span style=\"font-family: times new roman, times, serif; font-size: 10pt;\">25.05.2021<\/span><\/td>\n<td style=\"width: 16.9048%; text-align: center; height: 28px;\"><span style=\"font-family: times new roman, times, serif; font-size: 10pt;\">OFB Marksburg<\/span><\/td>\n<td style=\"width: 73.0952%; text-align: justify; height: 28px;\"><span style=\"font-family: times new roman, times, serif; font-size: 10pt;\"><span style=\"font-family: times new roman, times, serif;\">Familie Weiprecht hinzugef\u00fcgt und erg\u00e4nzt<em><br \/>\n<\/em><\/span><\/span><\/td>\n<\/tr>\n<tr style=\"height: 28px;\">\n<td style=\"width: 10%; text-align: center; height: 28px;\"><span style=\"font-family: times new roman, times, serif; font-size: 10pt;\">26.05.2021<\/span><\/td>\n<td style=\"width: 16.9048%; text-align: center; height: 28px;\"><span style=\"font-family: times new roman, times, serif; font-size: 10pt;\">OFB Braubach <\/span><\/td>\n<td style=\"width: 73.0952%; text-align: justify; height: 28px;\"><span style=\"font-family: times new roman, times, serif; font-size: 10pt;\"><span style=\"font-family: times new roman, times, serif;\">\u00a0Proklamationsdaten erg\u00e4nzt: Konrad Philipp Kneiper (1640); Johann Georg Arzb\u00e4cher (1646)<br \/>\n<\/span><\/span><\/td>\n<\/tr>\n<tr style=\"height: 84px;\">\n<td style=\"width: 10%; text-align: center; height: 84px;\"><span style=\"font-family: times new roman, times, serif; font-size: 10pt;\">27.05.2021<\/span><\/td>\n<td style=\"width: 16.9048%; text-align: center; height: 84px;\"><span style=\"font-family: times new roman, times, serif; font-size: 10pt;\">OFB Braubach<\/span><\/td>\n<td style=\"width: 73.0952%; text-align: justify; height: 84px;\"><span style=\"font-family: times new roman, times, serif; font-size: 10pt;\"><span style=\"font-family: times new roman, times, serif;\">Johann Thomas Sturm (oo 1660): Lebensdaten der Ehefrau erg\u00e4nzt; Familie Reising vervollst\u00e4ndigt und erg\u00e4nzt, Proklamationsdaten erg\u00e4nzt: Johann Henrich Klos (1655); Georg Henrich Arzb\u00e4cher (1660); Johann Philipp Arzb\u00e4cher (1660)<br \/>\n<\/span><\/span><\/td>\n<\/tr>\n<tr style=\"height: 280px;\">\n<td style=\"width: 10%; text-align: center; height: 280px;\"><span style=\"font-family: times new roman, times, serif; font-size: 10pt;\">28.05.2021<\/span><\/td>\n<td style=\"width: 16.9048%; text-align: center; height: 280px;\"><span style=\"font-family: times new roman, times, serif; font-size: 10pt;\">OFB Braubach bzw. OFB Marksburg<br \/>\n<\/span><\/td>\n<td style=\"width: 73.0952%; text-align: justify; height: 280px;\"><span style=\"font-family: times new roman, times, serif; font-size: 10pt;\"><span style=\"font-family: times new roman, times, serif;\">Johann Barthel Hehn (oo 1669): Lebendaten erg\u00e4nzt; Georg Matth\u00e4us Hehn (oo 1669) hinzugef\u00fcgt; Eberhard Hieronymus Pfadler und Ehefrau: Lebensdaten und Proklamationsdatum erg\u00e4nzt; Konrad Philipp Kneiper, Kind 3), 4) und 6): Lebensdaten erg\u00e4nzt; Johann Peter Stein (oo 1670): Lebensdaten erg\u00e4nzt; Maria Elisabeth S\u00f6hn (oo 1672) hinzugef\u00fcgt; Christian Priesteroth (oo 1672): Lebensdaten der Ehefrau erg\u00e4nzt<br \/>\n<\/span><\/span><span style=\"font-family: times new roman, times, serif; font-size: 10pt;\"><span style=\"font-family: times new roman, times, serif;\">Proklamationsdaten hinzugef\u00fcgt: Johann Martin Arzb\u00e4cher (oo I. 1663, oo II. 1665), Johann Ludwig Arzb\u00e4cher (oo 1666); Johann Henrich Hainer\/Hehner (oo I. 1665, oo II. 1670); Johann Anton Schinkenberger (oo 1667), Johann Stephan Schinkenberger (oo 1678), Eberhard Hieronymus Pfadler (oo 1668), Henrich von Hamm (oo 1668), Henrich Wilhelm Friedgen (oo 1670), Georg Philipp Friedgen (oo 1672), Johann Martin Friedgen (oo 1678), Johann Peter Stein (oo 1670), Georg Philipp Lutz (oo 1671), Georg Reinhard Erlenbach (oo 1671), Johann Dietrich Erlenbach (oo 1674), Johann Georg Erlenbach (oo 1675), Christian Priesteroth (oo 1672)<br \/>\n<\/span><\/span><\/td>\n<\/tr>\n<tr style=\"height: 168px;\">\n<td style=\"width: 10%; text-align: center; height: 168px;\"><span style=\"font-family: times new roman, times, serif; font-size: 10pt;\">29.05.2021<\/span><\/td>\n<td style=\"width: 16.9048%; text-align: center; height: 168px;\"><span style=\"font-family: times new roman, times, serif; font-size: 10pt;\">OFB Braubach bzw. OFB Marksburg<br \/>\n<\/span><\/td>\n<td style=\"width: 73.0952%; text-align: justify; height: 168px;\"><span style=\"font-family: times new roman, times, serif; font-size: 10pt;\"><span style=\"font-family: times new roman, times, serif;\">Matth\u00e4us Mohr (oo 1670): Lebensdaten der Ehefrau erg\u00e4nzt; Johann Christoph Wentzel (oo I. 1678): Lebensdaten der Ehefrau erg\u00e4nzt; Johann Peter Sch\u00fctz (oo 1680): Lebensdaten; Christian Weinh\u00e4hr (oo 1679) hinzugef\u00fcgt; Johannes Leporinus (oo 1681) hinzugef\u00fcgt; Johann Andreas Mangold (oo 1680) hinzugef\u00fcgt; Henrich Wilhelm Kneiper, Kind Nr. 4): Todesdatum Ehemann erg\u00e4nzt; Christian Schnabel (oo 1691) hinzugef\u00fcgt; Johann Wilhelm Kemper (oo 1693) hinzugef\u00fcgt<br \/>\nProklamationsdaten hinzugef\u00fcgt: Johann Friedrich Hammes (oo 1679), Johann Dietrich Deusner (oo 1673), Johann Georg Deusner (oo I. 1678), Karl K\u00f6hler (oo II. 1673, dabei Ehedatum korrigiert), Philipp Adam Werner (oo 1674), Andreas Winterwerber (oo 1674), Johann Kaspar Probst (oo 1674), Johann Anton Probst (oo 1674), Johann Peter Vollhard (oo 1674), Matth\u00e4us Mohr (oo 1670), Andreas Mohr (oo 1674), Johann Philipp Vogt (oo 1674), Philipp Jakob Peringer (oo 1676), Emmerich Meurer (oo 1676), Johann Georg S\u00f6hn (oo 1676, mit Vermerk), Philipp Peter Reising (oo 1677), Johann Wilhelm Kneiper (oo 1677), Johann Thomas Sturm (oo II. 1677), Christoph Ludwig Arzb\u00e4cher (oo 1677), Michael Steltz (oo 1678), Johann Christoph Wentzel (oo I. 1678), Johann Adam Br\u00f6der (oo 1679), Johann Wilhelm Meusch (oo 1679), Johannes Weis (oo 1679), Johann Ludwig Fischer (oo 1679), Johann Philipp Schinkenberger (oo 1680), Johann Peter Sch\u00fctz (oo 1680)<br \/>\nKonfirmationsdaten hinzugef\u00fcgt: Henrich Martin Arzb\u00e4cher (1629), Anna Elisabeth Arzb\u00e4cher (1633), Konrad Philipp Kneiper (1630), Henrich Wilhelm Kneiper (1633)<br \/>\n<\/span><\/span><\/td>\n<\/tr>\n<tr style=\"height: 28px;\">\n<td style=\"width: 10%; text-align: center; height: 28px;\"><span style=\"font-family: times new roman, times, serif; font-size: 10pt;\">29.05.2021<br \/>\n<\/span><\/td>\n<td style=\"width: 16.9048%; text-align: center; height: 28px;\"><span style=\"font-family: times new roman, times, serif; font-size: 10pt;\">OFB Fr\u00fccht<br \/>\n<\/span><\/td>\n<td style=\"width: 73.0952%; text-align: justify; height: 28px;\"><span style=\"font-family: times new roman, times, serif; font-size: 10pt;\"><span style=\"font-family: times new roman, times, serif;\">Johann Andreas Mangold (oo 1680) hinzugef\u00fcgt<\/span><\/span><\/td>\n<\/tr>\n<tr style=\"height: 56px;\">\n<td style=\"width: 10%; text-align: center; height: 56px;\"><span style=\"font-family: times new roman, times, serif; font-size: 10pt;\">30.05.2021<\/span><\/td>\n<td style=\"width: 16.9048%; text-align: center; height: 56px;\"><span style=\"font-family: times new roman, times, serif; font-size: 10pt;\">OFB Braubach<br \/>\n<\/span><\/td>\n<td style=\"width: 73.0952%; text-align: justify; height: 56px;\"><span style=\"font-family: times new roman, times, serif; font-size: 10pt;\"><span style=\"font-family: times new roman, times, serif;\">Hans Melchior Wein\u00e4hr: Konfirmationsdatum der Ehefrau erg\u00e4nzt; Johann Henrich Klos: Konfirmationsdatum erg\u00e4nzt<br \/>\n<\/span><\/span><\/td>\n<\/tr>\n<tr style=\"height: 196px;\">\n<td style=\"width: 10%; text-align: center; height: 196px;\"><span style=\"font-family: times new roman, times, serif; font-size: 10pt;\">31.05.2021<\/span><\/td>\n<td style=\"width: 16.9048%; text-align: center; height: 196px;\"><span style=\"font-family: times new roman, times, serif; font-size: 10pt;\">OFB Braubach bzw. OFB Marksburg<\/span><\/td>\n<td style=\"width: 73.0952%; text-align: justify; height: 196px;\"><span style=\"font-family: times new roman, times, serif; font-size: 10pt;\"><span style=\"font-family: times new roman, times, serif;\">Hinzugef\u00fcgte Personen: Johann Wilhelm Sturm (konf. 1664); Johannes Lieser (konf. 1672); Johann Peter L\u00f6wenz\u00f6ller (konf. 1677); Katharina Elisabeth W\u00fcrfel (konf. 1682)<br \/>\nKonfirmationsdaten hinzugef\u00fcgt: Johann Adam Friedgen (1676); Anna Katharina Knauf (1680); Johann Georg Meister (1681); Anna Magdalena Kleiber (1684); Anna Margaretha Hehn (1684)<br \/>\nKonfirmationsdaten korrigiert: Johann Martin Arzb\u00e4cher, II. Ehe, Kind Nr. 5); Georg Philipp Lutz, Kind Nr. 2); Johann Anton Schinkenberger, Kind Nr. 3); Johann Peter Stein, Kind Nr. 6); Johannes Flick\/Fleck, Kind Nr. 3); Johann Michael Gros, Kind Nr. 1)<br \/>\n<\/span><\/span><\/td>\n<\/tr>\n<tr style=\"height: 280px;\">\n<td style=\"width: 10%; text-align: center; height: 280px;\"><span style=\"font-family: times new roman, times, serif; font-size: 10pt;\">01.06.2021<br \/>\n<\/span><\/td>\n<td style=\"width: 16.9048%; text-align: center; height: 280px;\"><span style=\"font-family: times new roman, times, serif; font-size: 10pt;\">OFB Braubach bzw. OFB Marksburg<br \/>\n<\/span><\/td>\n<td style=\"width: 73.0952%; text-align: justify; height: 280px;\"><span style=\"font-family: times new roman, times, serif; font-size: 10pt;\"><span style=\"font-family: times new roman, times, serif;\">Lebensdaten erg\u00e4nzt: Johann Christian Kriegsmann; Albert Metz; von Merlau<br \/>\nHinzugef\u00fcgte Personen: Georg Philipp Klos (konf. 1686); Maria Elisabeth Metz (konf. 1687); Maria Elisabeth Mangold (konf. 1693); Maria Barbara Arzb\u00e4cher (konf. 1696); Johann Georg Arzb\u00e4cher (konf. 1697); Johann Kaspar Flebbe (konf. 1697); Johann Peter Hill (konf. 1698)<br \/>\n<\/span><\/span><span style=\"font-family: times new roman, times, serif; font-size: 10pt;\"><span style=\"font-family: times new roman, times, serif;\">Konfirmationsdaten hinzugef\u00fcgt: Johann Henrich D\u00fcser (1686); Johann Friedrich Friedgen (1686); Elisabeth Katharina Dienethal (1686); Elisabeth Christina Hehn (1687); Johann Hieronymus Erlenbach (1690); Ludwig Emmerich Meurer (1691); Anna Katharina Friedgen (1692); Johann Henrich Deusner (1693); Johann Kaspar Wentzel (1693); Otto Wilhelm Dorscheimer (1693); Johann Komnrad Fischer (1693); Elisabeth Ottilia Vietor (1693); Anna Gertrud Metz (1693); Elisabeth Magdalena L\u00f6wenz\u00f6ller (1693); Anna Maria K\u00f6hler (1693); Johannetta Katharina Hammes (1694)<br \/>\n<\/span><\/span><\/td>\n<\/tr>\n<tr style=\"height: 28px;\">\n<td style=\"width: 10%; text-align: center; height: 28px;\"><span style=\"font-family: times new roman, times, serif; font-size: 10pt;\">01.06.2021<\/span><\/td>\n<td style=\"width: 16.9048%; text-align: center; height: 28px;\"><span style=\"font-family: times new roman, times, serif; font-size: 10pt;\">OFB Fr\u00fccht<br \/>\n<\/span><\/td>\n<td style=\"width: 73.0952%; text-align: justify; height: 28px;\"><span style=\"font-family: times new roman, times, serif; font-size: 10pt;\"><span style=\"font-family: times new roman, times, serif;\">Maria Elisabeth Mangold (konf. 1693 Braubach) hinzugef\u00fcgt<br \/>\n<\/span><\/span><\/td>\n<\/tr>\n<tr style=\"height: 28px;\">\n<td style=\"width: 10%; text-align: center; height: 28px;\"><span style=\"font-family: times new roman, times, serif; font-size: 10pt;\">02.06.2021<br \/>\n<\/span><\/td>\n<td style=\"width: 16.9048%; text-align: center; height: 28px;\"><span style=\"font-family: times new roman, times, serif; font-size: 10pt;\">OFB Braubach<br \/>\n<\/span><\/td>\n<td style=\"width: 73.0952%; text-align: justify; height: 28px;\"><span style=\"font-family: times new roman, times, serif; font-size: 10pt;\"><span style=\"font-family: times new roman, times, serif;\">Matth\u00e4us Steinmetz (oo 1644): Herkunftsort erg\u00e4nzt<br \/>\n<\/span><\/span><\/td>\n<\/tr>\n<tr style=\"height: 56px;\">\n<td style=\"width: 10%; text-align: center; height: 56px;\"><span style=\"font-family: times new roman, times, serif; font-size: 10pt;\">04.06.2021<\/span><\/td>\n<td style=\"width: 16.9048%; text-align: center; height: 56px;\"><span style=\"font-family: times new roman, times, serif; font-size: 10pt;\">OFB Marksburg<br \/>\n<\/span><\/td>\n<td style=\"width: 73.0952%; text-align: justify; height: 56px;\"><span style=\"font-family: times new roman, times, serif; font-size: 10pt;\"><span style=\"font-family: times new roman, times, serif;\">Johannes Gr\u00fcnmeyer\/Gremeyer (oo 1751): Herkunftsort erg\u00e4nzt; Familie Christian Wein\u00e4hr (oo I. 1679, oo II. 1690) bearbeitet<br \/>\n<\/span><\/span><\/td>\n<\/tr>\n<tr style=\"height: 28px;\">\n<td style=\"width: 10%; text-align: center; height: 28px;\"><span style=\"font-family: times new roman, times, serif; font-size: 10pt;\">04.06.2021<\/span><\/td>\n<td style=\"width: 16.9048%; text-align: center; height: 28px;\"><span style=\"font-family: times new roman, times, serif; font-size: 10pt;\">OFB Braubach<br \/>\n<\/span><\/td>\n<td style=\"width: 73.0952%; text-align: justify; height: 28px;\"><span style=\"font-family: times new roman, times, serif; font-size: 10pt;\"><span style=\"font-family: times new roman, times, serif;\">Name &#8222;Th\u00fcler&#8220; in &#8222;Th\u00e4ler&#8220; korrigiert, Herkunftsort des Johann Wilhelm Th\u00e4ler erg\u00e4nzt<br \/>\n<\/span><\/span><\/td>\n<\/tr>\n<tr style=\"height: 224px;\">\n<td style=\"width: 10%; text-align: center; height: 224px;\"><span style=\"font-family: times new roman, times, serif; font-size: 10pt;\">08.06.2021<\/span><\/td>\n<td style=\"width: 16.9048%; text-align: center; height: 224px;\"><span style=\"font-family: times new roman, times, serif; font-size: 10pt;\">OFB Braubach bzw. OFB Marksburg<br \/>\n<\/span><\/td>\n<td style=\"width: 73.0952%; text-align: justify; height: 224px;\"><span style=\"font-family: times new roman, times, serif; font-size: 10pt;\"><span style=\"font-family: times new roman, times, serif;\">Hinzugef\u00fcgt: Wilhelm Bastart (konf. 1701); Johann Ludwig Kaspar Friedgen (konf. 1701); Johannes Ott (konf. 1701); Anna Elisabeth Flebbe (konf. 1701); Johann Bernhard Priesteroth (konf. 1703); Anna Katharina Deusner (konf. 1703); Abraham Bastart (konf. 1705); Jakob Eichkern (konf. 1706); Johann Jakob Dorscheimer (konf. 1706); Georg Anton K\u00f6hler (konf. 1706); Maria Magdalena Kneiper (konf. 1707); Georg Joseph Pries (konf. 1708); Johann Adolph Sch\u00fctz (konf. 1709); Anton Konrad Schwardmann (konf. 1709); Andreas Leonhard; (konf. 1709); Eleonora Barbara Flebbe (konf. 1709); Johann Philipp Klos (konf. 1710); Elisabeth Margaretha Schmidt (konf. 1710)<br \/>\nKonfirmationsdaten hinzugef\u00fcgt: Johann Ernst Fischer (1701)<br \/>\n<\/span><\/span><\/td>\n<\/tr>\n<tr style=\"height: 28px;\">\n<td style=\"width: 10%; text-align: center; height: 28px;\"><span style=\"font-family: times new roman, times, serif; font-size: 10pt;\">09.06.2021<\/span><\/td>\n<td style=\"width: 16.9048%; text-align: center; height: 28px;\"><span style=\"font-family: times new roman, times, serif; font-size: 10pt;\">OFB Braubach<br \/>\n<\/span><\/td>\n<td style=\"width: 73.0952%; text-align: justify; height: 28px;\"><span style=\"font-family: times new roman, times, serif; font-size: 10pt;\"><span style=\"font-family: times new roman, times, serif;\">Familie Jakob Becker (Fuhrmann) erg\u00e4nzt<br \/>\n<\/span><\/span><\/td>\n<\/tr>\n<tr style=\"height: 224px;\">\n<td style=\"width: 10%; text-align: center; height: 224px;\"><span style=\"font-family: times new roman, times, serif; font-size: 10pt;\">17.06.2021<\/span><\/td>\n<td style=\"width: 16.9048%; text-align: center; height: 224px;\"><span style=\"font-family: times new roman, times, serif; font-size: 10pt;\">OFB Braubach bzw. OFB Marksburg<\/span><\/td>\n<td style=\"width: 73.0952%; text-align: justify; height: 224px;\"><span style=\"font-family: times new roman, times, serif; font-size: 10pt;\"><span style=\"font-family: times new roman, times, serif;\">Hinzugef\u00fcgt: Johann Henning Leonhard (konf. 1712); Johannes Br\u00fchl (konf. 1713); Johann Jakob Kronenmann (konf. 1713); Maria Margaretha Meyer (konf. 1713); Johanna Pfeil (konf. 1715); Johann Leonhard Heil (konf. 1716); Johann Michael Herche (konf. 1716); Johann Adam Kolb (konf. 1718); Johann Niklas Br\u00fchl (konf. 1720)<br \/>\nKonfirmationsdaten hinzugef\u00fcgt: Charlotta Magdalena Albert (1713); Eva Margaretha K\u00f6hler (1713); Jakob Henrich Meyer (1715); Anna Elisabeth Schmidt (1715); Elisabeth Katharina Reichhard (1715); Anna Gertrud Friedgen (1715); Johann Erhard K\u00f6hler (1716); Magdalena Katharina Trem (1718); Maria Justina Lutz (1718); Johann Georg Vogt (1719); Maria Magdalena Meyer (1719); Maria Barbara Wein\u00e4hr (1719)<br \/>\n<\/span><\/span><\/td>\n<\/tr>\n<tr style=\"height: 28px;\">\n<td style=\"width: 10%; text-align: center; height: 28px;\"><span style=\"font-family: times new roman, times, serif; font-size: 10pt;\">23.06.2021<\/span><\/td>\n<td style=\"width: 16.9048%; text-align: center; height: 28px;\"><span style=\"font-family: times new roman, times, serif; font-size: 10pt;\">OFB Marksburg<\/span><\/td>\n<td style=\"width: 73.0952%; text-align: justify; height: 28px;\"><span style=\"font-family: times new roman, times, serif; font-size: 10pt;\"><span style=\"font-family: times new roman, times, serif;\">Johann Christian Beger: Geburtsort korrigiert<br \/>\n<\/span><\/span><\/td>\n<\/tr>\n<tr style=\"height: 56px;\">\n<td style=\"width: 10%; text-align: center; height: 56px;\"><span style=\"font-family: times new roman, times, serif; font-size: 10pt;\">26.06.2021<\/span><\/td>\n<td style=\"width: 16.9048%; text-align: center; height: 56px;\"><span style=\"font-family: times new roman, times, serif; font-size: 10pt;\">OFB Braubach<br \/>\n<\/span><\/td>\n<td style=\"width: 73.0952%; text-align: justify; height: 56px;\"><span style=\"font-family: times new roman, times, serif; font-size: 10pt;\"><span style=\"font-family: times new roman, times, serif;\">Familie Arzb\u00e4cher (17. Jh.): Namensherkunft (\u00e4lteste Vertreter); Steuerlisten (lt. Gensicke); B\u00fcrger\u00e4mter und weitere Ereignisse nach Gerichtsbuch Braubach<br \/>\n<\/span><\/span><\/td>\n<\/tr>\n<tr style=\"height: 56px;\">\n<td style=\"width: 10%; text-align: center; height: 56px;\"><span style=\"font-family: times new roman, times, serif; font-size: 10pt;\">26.06.2021<\/span><\/td>\n<td style=\"width: 16.9048%; text-align: center; height: 56px;\"><span style=\"font-family: times new roman, times, serif; font-size: 10pt;\">OFB Braubach<\/span><\/td>\n<td style=\"width: 73.0952%; text-align: justify; height: 56px;\"><span style=\"font-family: times new roman, times, serif; font-size: 10pt;\"><span style=\"font-family: times new roman, times, serif;\">Niklas Noll: Lebensdaten erg\u00e4nzt; Familie Arzb\u00e4cher (17. Jh.): Weitere Ereignisse nach Gerichtsbuch Braubach hinzugef\u00fcgt<br \/>\n<\/span><\/span><\/td>\n<\/tr>\n<tr style=\"height: 56px;\">\n<td style=\"width: 10%; text-align: center; height: 56px;\"><span style=\"font-family: times new roman, times, serif; font-size: 10pt;\">29.06.2021<br \/>\n<\/span><\/td>\n<td style=\"width: 16.9048%; text-align: center; height: 56px;\"><span style=\"font-family: times new roman, times, serif; font-size: 10pt;\">OFB Braubach<br \/>\n<\/span><\/td>\n<td style=\"width: 73.0952%; text-align: justify; height: 56px;\"><span style=\"font-family: times new roman, times, serif; font-size: 10pt;\"><span style=\"font-family: times new roman, times, serif;\">Name Lutsch hinzugef\u00fcgt; Familie Arzb\u00e4cher (17. Jh.): Weitere Ereignisse nach Gerichtsbuch Braubach hinzugef\u00fcgt<br \/>\n<\/span><\/span><\/td>\n<\/tr>\n<tr style=\"height: 56px;\">\n<td style=\"width: 10%; text-align: center; height: 56px;\"><span style=\"font-family: times new roman, times, serif; font-size: 10pt;\">03.07.2021<br \/>\n<\/span><\/td>\n<td style=\"width: 16.9048%; text-align: center; height: 56px;\"><span style=\"font-family: times new roman, times, serif; font-size: 10pt;\">OFB Braubach bzw. OFB Marksburg<br \/>\n<\/span><\/td>\n<td style=\"width: 73.0952%; text-align: justify; height: 56px;\"><span style=\"font-family: times new roman, times, serif; font-size: 10pt;\"><span style=\"font-family: times new roman, times, serif;\">Herkunft erg\u00e4nzt (nach Gensicke): Karl K\u00f6hler, Volkmar Heiler; Reformierte mit Verweis auf Gensicke: Volkmar, Heiler, Johann Peter Schue, Georg Tobias Klauer; Weitere Belege erg\u00e4nzt: Volkmar, Heiler, Johann Peter Schue<br \/>\n<\/span><\/span><\/td>\n<\/tr>\n<tr style=\"height: 28px;\">\n<td style=\"width: 10%; text-align: center; height: 28px;\"><span style=\"font-family: times new roman, times, serif; font-size: 10pt;\">05.07.2021<\/span><\/td>\n<td style=\"width: 16.9048%; text-align: center; height: 28px;\"><span style=\"font-family: times new roman, times, serif; font-size: 10pt;\">OFB Marksburg<\/span><\/td>\n<td style=\"width: 73.0952%; text-align: justify; height: 28px;\"><span style=\"font-family: times new roman, times, serif; font-size: 10pt;\"><span style=\"font-family: times new roman, times, serif;\">Familie Kaspar M\u00f6bus \u00fcberarbeitet<br \/>\n<\/span><\/span><\/td>\n<\/tr>\n<tr style=\"height: 448px;\">\n<td style=\"width: 10%; text-align: center; height: 448px;\"><span style=\"font-family: times new roman, times, serif; font-size: 10pt;\">06.07.2021<\/span><\/td>\n<td style=\"width: 16.9048%; text-align: center; height: 448px;\"><span style=\"font-family: times new roman, times, serif; font-size: 10pt;\">OFB Braubach bzw. OFB Marksburg<\/span><\/td>\n<td style=\"width: 73.0952%; text-align: justify; height: 448px;\"><span style=\"font-family: times new roman, times, serif; font-size: 10pt;\"><span style=\"font-family: times new roman, times, serif;\">Hinzugef\u00fcgte Personen: Johann Friedrich Lauer (konf. 1722); Maria Katharina Echternach (konf. 1759);\u00a0 N. N. Duncker (konf. 1722); Dorothea Charlotte G\u00f6tz (konf. 1722); Johann Ferdinand Karl Gran (konf. 1724); Johann Gottfried Kaiser (konf. 1724); Johann Niklas Johann (konf. 1724); Johann Henrich Friedgen (konf. 1724); Maria Eleonora Schad (konf. 1724); Elisabeth Barbara Vogt (konf. 1724); Maria Katharina Meyer (konf. 1724); Johann Henrich G\u00f6ltzer (konf. 1724); Johann Michael Sch\u00fctz (konf. 1725); Johann Henrich Reinhard (konf. 1725); Johann Peter Platzmann (konf. 1726); Johann Peter Hohmann (konf. 1726); Johann Wilhelm Ernst Fl\u00f6rcke (konf. 1726); Katharina Philippina Elisabeth Link (konf. 1726); Anna Elisabeth Junck (konf. 1726); Johann Henrich Wunsch (konf. 1727); Johanna Margaretha Elisabeth Wagner (konf. 1727); Anna Maria Lump (konf. 1727); Katharina Glock\/Klock (konf. 1727); Veronika Katharina Glock\/Klock (konf. 1727); Maria Christina Sch\u00e4fer (konf. 1727); Maria Susanna Sch\u00e4fer (konf. 1727)<br \/>\nJohann Georg L\u00f6wenz\u00f6ller (oo um 1718): Lebensdaten der Ehefrau erg\u00e4nzt; Familie Johann Peter Echternach hinzugef\u00fcgt; Familie Fl\u00f6rcke \u00fcberarbeitet; Johann Martin Schad: Lebensdaten erg\u00e4nzt; Andreas Wilhelm Johann und Maximilian Ferdinand Johann: Lebensdaten erg\u00e4nzt; Familie Glock\/Klock \u00fcberarbeitet; Familie Johann Jakob Sch\u00e4fer (oo 1711) \u00fcberarbeitet<br \/>\nKonfirmationsdaten hinzugef\u00fcgt: Elisabeth Katharina Probst (1722); Katharina Margaretha Kolb (1722); Christian Friedrich Fl\u00f6rcke (1724); Maximilian Ferdinand Johann (1725); Maria Magdalena Schad (1726)<br \/>\n<\/span><\/span><\/td>\n<\/tr>\n<tr style=\"height: 28px;\">\n<td style=\"width: 10%; text-align: center; height: 28px;\"><span style=\"font-family: times new roman, times, serif; font-size: 10pt;\">06.07.2021<\/span><\/td>\n<td style=\"width: 16.9048%; text-align: center; height: 28px;\"><span style=\"font-family: times new roman, times, serif; font-size: 10pt;\">OFB Fr\u00fccht<br \/>\n<\/span><\/td>\n<td style=\"width: 73.0952%; text-align: justify; height: 28px;\"><span style=\"font-family: times new roman, times, serif; font-size: 10pt;\"><span style=\"font-family: times new roman, times, serif;\">Hinzugef\u00fcgte Personen: Johann Michael Sch\u00fctz (konf. 1725)<\/span><\/span><\/td>\n<\/tr>\n<tr style=\"height: 196px;\">\n<td style=\"width: 10%; text-align: center; height: 196px;\"><span style=\"font-family: times new roman, times, serif; font-size: 10pt;\">07.07.2021<br \/>\n<\/span><\/td>\n<td style=\"width: 16.9048%; text-align: center; height: 196px;\"><span style=\"font-family: times new roman, times, serif; font-size: 10pt;\">OFB Braubach bzw. OFB Marksburg<\/span><\/td>\n<td style=\"width: 73.0952%; text-align: justify; height: 196px;\"><span style=\"font-family: times new roman, times, serif; font-size: 10pt;\"><span style=\"font-family: times new roman, times, serif;\">Hinzugef\u00fcgte Personen: Georg Anton Erlenbach (konf. 1734); Anna Margaretha Stein (konf. 1734); Barbara Christina Kr\u00e4mer (konf. 1734); Johann Daniel Nickol (konf. 1735); Maria Eleonora Roth (konf. 1735); Elisabeth Katharina Pfadler (konf. 1739); Anna Margaretha Dietz (konf. 1739); Christina Elisabeth Jungblut (konf. 1739); Anna Margaretha Schinkenberger (konf. 1739); Philipp Jakob H\u00fcbener (konf. 1740)<br \/>\nJohann Andreas Witte: Konfirmationsdatum der T\u00f6chter auf 1735 korrigiert; Johann Friedrich Roth: Lebensdaten erg\u00e4nzt; Name Drach hinzugef\u00fcgt; Familie Philipp Adam H\u00fcbinger \u00fcberarbeitet<br \/>\n<\/span><\/span><span style=\"font-family: times new roman, times, serif; font-size: 10pt;\">Konfirmationsdaten hinzugef\u00fcgt: Johann Konrad Pfadler (1734); Elisabeth Bauer (1740)<br \/>\n<\/span><\/td>\n<\/tr>\n<tr style=\"height: 140px;\">\n<td style=\"width: 10%; text-align: center; height: 140px;\"><span style=\"font-family: times new roman, times, serif; font-size: 10pt;\">08.07.2021<\/span><\/td>\n<td style=\"width: 16.9048%; text-align: center; height: 140px;\"><span style=\"font-family: times new roman, times, serif; font-size: 10pt;\">OFB Braubach bzw. OFB Marksburg<\/span><\/td>\n<td style=\"width: 73.0952%; text-align: justify; height: 140px;\"><span style=\"font-family: times new roman, times, serif; font-size: 10pt;\"><span style=\"font-family: times new roman, times, serif;\">Matern Knauf: Lebensdaten bei ihm und Kind Nr. 2) erg\u00e4nzt, dementsprechend \u00c4nderungen bei Johann Michael Steg und Johann Erich Kron (beide Marksburg); Michael L\u00f6wenz\u00f6ller: Weitere Belege hinzugef\u00fcgt; Johann Peter L\u00f6wenz\u00f6ller (oo 1675): Lebensdaten erg\u00e4nzt; Johann Luther L\u00f6wenz\u00f6ller (oo I. 1682, oo II. 1705, oo III. 1714): Lebensdaten erg\u00e4nzt und Weitere Belege hinzugef\u00fcgt; Johann Michael L\u00f6wenz\u00f6ller (oo 1691): Lebensdaten bei ihm und Kind Nr. 5) erg\u00e4nzt<br \/>\n<\/span><\/span><\/td>\n<\/tr>\n<tr style=\"height: 56px;\">\n<td style=\"width: 10%; text-align: center; height: 56px;\"><span style=\"font-family: times new roman, times, serif; font-size: 10pt;\">10.07.2021<\/span><\/td>\n<td style=\"width: 16.9048%; text-align: center; height: 56px;\"><span style=\"font-family: times new roman, times, serif; font-size: 10pt;\">OFB Braubach<\/span><\/td>\n<td style=\"width: 73.0952%; text-align: justify; height: 56px;\"><span style=\"font-family: times new roman, times, serif; font-size: 10pt;\"><span style=\"font-family: times new roman, times, serif;\">Anton Oppenh\u00e4user: Lebensdaten der Ehefrau erg\u00e4nzt; Name Hehn: diverse Erg\u00e4nzungen, v. a. bei Johann Adolph Hehn<br \/>\n<\/span><\/span><\/td>\n<\/tr>\n<tr style=\"height: 364px;\">\n<td style=\"width: 10%; text-align: center; height: 364px;\"><span style=\"font-family: times new roman, times, serif; font-size: 10pt;\">13.07.2021<\/span><\/td>\n<td style=\"width: 16.9048%; text-align: center; height: 364px;\"><span style=\"font-family: times new roman, times, serif; font-size: 10pt;\">OFB Braubach bzw. OFB Marksburg<br \/>\n<\/span><\/td>\n<td style=\"width: 73.0952%; text-align: justify; height: 364px;\"><span style=\"font-family: times new roman, times, serif; font-size: 10pt;\"><span style=\"font-family: times new roman, times, serif;\">Hinzugef\u00fcgte Personen: Johann Friedrich H\u00fcbener (konf. 1741); Johann Michael Mei\u00dfner (konf. 1742); Georg Ludwig Alexander R\u00f6der (konf. 1743); Juliana R\u00f6der (konf. 1743); Christoph Friedrich R\u00f6der (konf. 1745); Christian Philipp Friedrich R\u00f6der (konf. 1750); Maria Elisabeth R\u00f6der (konf. 1750); Katharina Margaretha Kr\u00e4mer (konf. 1743); Anna Katharina Laug (konf. 1743); Maria Gertrud Laug (konf. 1743); Johanna Margaretha Metz (konf. 1743); Maria Christina Ru\u00dfwurm (konf. 1743); Friedrich Valentin G\u00fcnter (konf. 1745); Johann Jakob D&#8230;el (konf. 1745); Elisabeth Juliana Ru\u00dfwurm (konf. 1745); Johann Henrich Ru\u00dfwurm (konf. 1746); Elisabeth Katharina Meyer (konf. 1746); Elisabeth Gertrud M\u00fcller (konf. 1747); Christina Friederika Spie\u00df (konf. 1748); Anna Katharina Link (konf. 1750)<br \/>\nKonfirmationsdaten hinzugef\u00fcgt: Maria Katharina Burkhard (1745); Katharina Dorothea Kitsch (1745); Anna Elisabeth R\u00fcckert (1747); Katharina Maria Meurer (1748); Katharina Magdalena Borck (1750)<br \/>\nGeorg Konrad Kitsch: Lebensdaten erg\u00e4nzt; Johann Christoph Theis: Familie \u00fcberarbeitet<br \/>\nDinkholdertal: Besitzfolge der M\u00fchlen nach Gensicke erg\u00e4nzt: Familie Metz, Johann Henrich Schoor\/Schorr und Johann Philipp Frankenfeld; Familie Schwentzer hinzugef\u00fcgt<br \/>\n<\/span><\/span><\/td>\n<\/tr>\n<tr style=\"height: 280px;\">\n<td style=\"width: 10%; text-align: center; height: 280px;\"><span style=\"font-family: times new roman, times, serif; font-size: 10pt;\">14.07.2021<\/span><\/td>\n<td style=\"width: 16.9048%; text-align: center; height: 280px;\"><span style=\"font-family: times new roman, times, serif; font-size: 10pt;\">OFB Braubach bzw. OFB Marksburg<\/span><\/td>\n<td style=\"width: 73.0952%; text-align: justify; height: 280px;\"><span style=\"font-family: times new roman, times, serif; font-size: 10pt;\"><span style=\"font-family: times new roman, times, serif;\">Hinzugef\u00fcgte Personen: Johann Friedrich Kauffeld (konf. 1751); Katharina Johannetta Euler (konf. 1751); Johann Christian Vogt (konf. 1752); Johann Henrich Gillner (konf. 1752); Philipp Christoph H\u00f6hler (konf. 1752); Johann Georg Link (konf. 1753); Katharina Margaretha M\u00fcller (konf. 1753); Henrich Gottfried Sch\u00fcler (konf. 1754); Katharina Elisabeth Strauwitz (konf. 1756); Maria Philippina Kitsch (konf. 1756); Johannes Becker (konf. 1758); Elisabeth Kneuper (konf. 1759); Maria Katharina Wolf (konf. 1759)<br \/>\nKonfirmationsdaten hinzugef\u00fcgt: 2 mal Johann Georg Gras (1751); Johann Friedrich Meurer (1752; Ernst Philipp Schinkenberger (1753); Katharina Philippina Gertrud Klos (1753); Eva Maria Engel (1753); Johann Georg Friedgen (1757); Johann Peter Herzog (1759); Karolina Elisabeth Hufeis(en) (1760)<br \/>\nNiklas Meister: Kind Nr. 2) Lebensdaten erg\u00e4nzt, dementsprechend \u00c4nderung bei Johann Henrich Strack und Johannes Siebold<br \/>\n<\/span><\/span><\/td>\n<\/tr>\n<tr style=\"height: 28px;\">\n<td style=\"width: 10%; text-align: center; height: 28px;\"><span style=\"font-family: times new roman, times, serif; font-size: 10pt;\">24.07.2021<\/span><\/td>\n<td style=\"width: 16.9048%; text-align: center; height: 28px;\"><span style=\"font-family: times new roman, times, serif; font-size: 10pt;\">OFB Fr\u00fccht<br \/>\n<\/span><\/td>\n<td style=\"width: 73.0952%; text-align: justify; height: 28px;\"><span style=\"font-family: times new roman, times, serif; font-size: 10pt;\"><span style=\"font-family: times new roman, times, serif;\">Johann Adam Flackus: Lebensdaten erg\u00e4nzt<br \/>\n<\/span><\/span><\/td>\n<\/tr>\n<tr style=\"height: 28px;\">\n<td style=\"width: 10%; text-align: center; height: 28px;\"><span style=\"font-family: times new roman, times, serif; font-size: 10pt;\">02.08.2021<br \/>\n<\/span><\/td>\n<td style=\"width: 16.9048%; text-align: center; height: 28px;\"><span style=\"font-family: times new roman, times, serif; font-size: 10pt;\">OFB Fr\u00fccht<\/span><\/td>\n<td style=\"width: 73.0952%; text-align: justify; height: 28px;\"><span style=\"font-family: times new roman, times, serif; font-size: 10pt;\"><span style=\"font-family: times new roman, times, serif;\">Johann Nikolaus Gilberg: Familie erg\u00e4nzt<br \/>\n<\/span><\/span><\/td>\n<\/tr>\n<tr style=\"height: 28px;\">\n<td style=\"width: 10%; text-align: center; height: 28px;\"><span style=\"font-family: times new roman, times, serif; font-size: 10pt;\">05.08.2021<br \/>\n<\/span><\/td>\n<td style=\"width: 16.9048%; text-align: center; height: 28px;\"><span style=\"font-family: times new roman, times, serif; font-size: 10pt;\">OFB Fr\u00fccht<br \/>\n<\/span><\/td>\n<td style=\"width: 73.0952%; text-align: justify; height: 28px;\"><span style=\"font-family: times new roman, times, serif; font-size: 10pt;\"><span style=\"font-family: times new roman, times, serif;\">Johann Valentin Mangold (oo 1728): Kind Nr. 2) Lebensdaten erg\u00e4nzt<br \/>\n<\/span><\/span><\/td>\n<\/tr>\n<tr style=\"height: 28px;\">\n<td style=\"width: 10%; text-align: center; height: 28px;\"><span style=\"font-family: times new roman, times, serif; font-size: 10pt;\">05.08.2021<\/span><\/td>\n<td style=\"width: 16.9048%; text-align: center; height: 28px;\"><span style=\"font-family: times new roman, times, serif; font-size: 10pt;\">OFB Ems (Dorf)<br \/>\n<\/span><\/td>\n<td style=\"width: 73.0952%; text-align: justify; height: 28px;\"><span style=\"font-family: times new roman, times, serif; font-size: 10pt;\"><span style=\"font-family: times new roman, times, serif;\">Kanut Pale und Sohn Johann Jakob: Lebensdaten erg\u00e4nzt<br \/>\n<\/span><\/span><\/td>\n<\/tr>\n<tr style=\"height: 28px;\">\n<td style=\"width: 10%; text-align: center; height: 28px;\"><span style=\"font-family: times new roman, times, serif; font-size: 10pt;\">09.08.2021<br \/>\n<\/span><\/td>\n<td style=\"width: 16.9048%; text-align: center; height: 28px;\"><span style=\"font-family: times new roman, times, serif; font-size: 10pt;\">OFB Fr\u00fccht<\/span><\/td>\n<td style=\"width: 73.0952%; text-align: justify; height: 28px;\"><span style=\"font-family: times new roman, times, serif; font-size: 10pt;\"><span style=\"font-family: times new roman, times, serif;\">Johann Markus Mangold: Kind Nr. 1) (* 1688) erg\u00e4nzt<br \/>\n<\/span><\/span><\/td>\n<\/tr>\n<tr style=\"height: 28px;\">\n<td style=\"width: 10%; text-align: center; height: 28px;\"><span style=\"font-family: times new roman, times, serif; font-size: 10pt;\">11.08.2021<\/span><\/td>\n<td style=\"width: 16.9048%; text-align: center; height: 28px;\"><span style=\"font-family: times new roman, times, serif; font-size: 10pt;\">OFB Braubach<br \/>\n<\/span><\/td>\n<td style=\"width: 73.0952%; text-align: justify; height: 28px;\"><span style=\"font-family: times new roman, times, serif; font-size: 10pt;\"><span style=\"font-family: times new roman, times, serif;\">Albert Metz (oo 1671) und Ehefrau: Lebensdaten erg\u00e4nzt und korrigiert<br \/>\n<\/span><\/span><\/td>\n<\/tr>\n<tr style=\"height: 28px;\">\n<td style=\"width: 10%; text-align: center; height: 28px;\"><span style=\"font-family: times new roman, times, serif; font-size: 10pt;\">31.08.2021<br \/>\n<\/span><\/td>\n<td style=\"width: 16.9048%; text-align: center; height: 28px;\"><span style=\"font-family: times new roman, times, serif; font-size: 10pt;\">OFB Oberwies<br \/>\n<\/span><\/td>\n<td style=\"width: 73.0952%; text-align: justify; height: 28px;\"><span style=\"font-family: times new roman, times, serif; font-size: 10pt;\"><span style=\"font-family: times new roman, times, serif;\">OFB Oberwies 1660-1817 hinzugef\u00fcgt<br \/>\n<\/span><\/span><\/td>\n<\/tr>\n<tr style=\"height: 28px;\">\n<td style=\"width: 10%; text-align: center; height: 28px;\"><span style=\"font-family: times new roman, times, serif; font-size: 10pt;\">11.09.2021<br \/>\n<\/span><\/td>\n<td style=\"width: 16.9048%; text-align: center; height: 28px;\"><span style=\"font-family: times new roman, times, serif; font-size: 10pt;\">OFB Oberwies<\/span><\/td>\n<td style=\"width: 73.0952%; text-align: justify; height: 28px;\"><span style=\"font-family: times new roman, times, serif; font-size: 10pt;\"><span style=\"font-family: times new roman, times, serif;\">Familie Pristum oder Prei\u00dfmann<br \/>\n<\/span><\/span><\/td>\n<\/tr>\n<tr style=\"height: 28px;\">\n<td style=\"width: 10%; text-align: center; height: 28px;\"><span style=\"font-size: 10pt; font-family: times new roman, times, serif;\">13.09.2021<\/span><\/td>\n<td style=\"width: 16.9048%; text-align: center; height: 28px;\"><span style=\"font-size: 10pt; font-family: times new roman, times, serif;\">OFB Oberwies<\/span><\/td>\n<td style=\"width: 73.0952%; text-align: left; height: 28px;\"><span style=\"font-size: 10pt; font-family: times new roman, times, serif;\">Familie Pristum oder Prei\u00dfmann<\/span><\/td>\n<\/tr>\n<tr style=\"height: 28px;\">\n<td style=\"width: 10%; text-align: center; height: 28px;\"><span style=\"font-size: 10pt; font-family: times new roman, times, serif;\">14.09.2021<\/span><\/td>\n<td style=\"width: 16.9048%; text-align: center; height: 28px;\"><span style=\"font-size: 10pt; font-family: times new roman, times, serif;\">OFB Spie\u00df<br \/>\n<\/span><\/td>\n<td style=\"width: 73.0952%; text-align: left; height: 28px;\"><span style=\"font-size: 10pt; font-family: times new roman, times, serif;\">Name M\u00f6seler hinzugef\u00fcgt<br \/>\n<\/span><\/td>\n<\/tr>\n<tr style=\"height: 112px;\">\n<td style=\"width: 10%; text-align: center; height: 112px;\"><span style=\"font-size: 10pt; font-family: times new roman, times, serif;\">15.09.2021<br \/>\n<\/span><\/td>\n<td style=\"width: 16.9048%; text-align: center; height: 112px;\"><span style=\"font-size: 10pt; font-family: times new roman, times, serif;\">OFB Spie\u00df<\/span><\/td>\n<td style=\"width: 73.0952%; text-align: justify; height: 112px;\"><span style=\"font-family: times new roman, times, serif; font-size: 10pt;\">Namen hinzugef\u00fcgt: Bornich, Caffay, Eisenbart, Esch, Franck, Gilberg, H\u00e4rter\/Herter, Jung (Junck); Kaesing, Kaiser, Kalter, Landsroth, Massenkeil, Matthi, M\u00fcller, Nachtsheim, Nebgen, Oppenh\u00e4user, Patron, Pink, Pristum oder Prei\u00dfmann, Sauer, Scharff\/Schorff, Schleimer, Sch\u00f6neberg, Schr\u00f6der, Stein, Toresch, Veldenz, Welsch, Werner, Zappy, Zimmermann, Zipp<\/span><\/td>\n<\/tr>\n<tr style=\"height: 56px;\">\n<td style=\"width: 10%; text-align: center; height: 56px;\"><span style=\"font-size: 10pt; font-family: times new roman, times, serif;\">20.09.2021<br \/>\n<\/span><\/td>\n<td style=\"width: 16.9048%; text-align: center; height: 56px;\"><span style=\"font-size: 10pt; font-family: times new roman, times, serif;\">OFB Spie\u00df<br \/>\nOFB Oberwies<br \/>\n<\/span><\/td>\n<td style=\"width: 73.0952%; text-align: justify; height: 56px;\"><span style=\"font-family: times new roman, times, serif; font-size: 10pt;\">Familie Pristum oder Prei\u00dfmann<br \/>\n<\/span><\/td>\n<\/tr>\n<tr style=\"height: 28px;\">\n<td style=\"width: 10%; text-align: center; height: 28px;\"><span style=\"font-size: 10pt; font-family: times new roman, times, serif;\">22.09.2021<\/span><\/td>\n<td style=\"width: 16.9048%; text-align: center; height: 28px;\"><span style=\"font-size: 10pt; font-family: times new roman, times, serif;\">OFB Spie\u00df<\/span><\/td>\n<td style=\"width: 73.0952%; text-align: justify; height: 28px;\"><span style=\"font-family: times new roman, times, serif; font-size: 10pt;\">Buchstaben A-Z vervollst\u00e4ndigt; Eisenbart, Johannes jun: Lebensdaten Kind Nr. 1) erg\u00e4nzt<br \/>\n<\/span><\/td>\n<\/tr>\n<tr style=\"height: 28px;\">\n<td style=\"width: 10%; text-align: center; height: 28px;\"><span style=\"font-family: times new roman, times, serif; font-size: 10pt;\">22.10.2021<br \/>\n<\/span><\/td>\n<td style=\"width: 16.9048%; text-align: center; height: 28px;\"><span style=\"font-size: 10pt; font-family: times new roman, times, serif;\">OFB Braubach<br \/>\n<\/span><\/td>\n<td style=\"width: 73.0952%; text-align: justify; height: 28px;\"><span style=\"font-family: times new roman, times, serif; font-size: 10pt;\">Johann Wilhelm Schweikhard (oo 1767), Kind 10) II. Ehe Ort korrigiert<br \/>\n<\/span><\/td>\n<\/tr>\n<tr style=\"height: 56px;\">\n<td style=\"width: 10%; text-align: center; height: 56px;\"><span style=\"font-family: times new roman, times, serif; font-size: 10pt;\">22.10.2021<\/span><\/td>\n<td style=\"width: 16.9048%; text-align: center; height: 56px;\"><span style=\"font-size: 10pt; font-family: times new roman, times, serif;\">OFB Spie\u00df<br \/>\nOFB Oberwies<br \/>\n<\/span><\/td>\n<td style=\"width: 73.0952%; text-align: justify; height: 56px;\"><span style=\"font-family: times new roman, times, serif; font-size: 10pt;\">Familien Patron und Pristum: Daten erg\u00e4nzt; Franz Pristum: Kind hinzugef\u00fcgt<br \/>\n<\/span><\/td>\n<\/tr>\n<tr style=\"height: 28px;\">\n<td style=\"width: 10%; text-align: center; height: 28px;\"><span style=\"font-family: times new roman, times, serif; font-size: 10pt;\">27.10.2021<\/span><\/td>\n<td style=\"width: 16.9048%; text-align: center; height: 28px;\"><span style=\"font-size: 10pt; font-family: times new roman, times, serif;\">OFB Giesh\u00fcbel<\/span><\/td>\n<td style=\"width: 73.0952%; text-align: justify; height: 28px;\"><span style=\"font-family: times new roman, times, serif; font-size: 10pt;\">OFB Giesh\u00fcbel hinzugef\u00fcgt<br \/>\n<\/span><\/td>\n<\/tr>\n<tr style=\"height: 56px;\">\n<td style=\"width: 10%; text-align: center; height: 56px;\"><span style=\"font-family: times new roman, times, serif; font-size: 10pt;\">30.10.2021<\/span><\/td>\n<td style=\"width: 16.9048%; text-align: center; height: 56px;\"><span style=\"font-family: times new roman, times, serif; font-size: 10pt;\">OFB Spie\u00df<\/span><br \/>\n<span style=\"font-family: times new roman, times, serif; font-size: 10pt;\">OFB Oberwies<\/span><\/td>\n<td style=\"width: 73.0952%; height: 56px;\"><span style=\"font-family: times new roman, times, serif; font-size: 10pt;\">Franz Pristum: Kind hinzugef\u00fcgt<\/span><\/td>\n<\/tr>\n<tr style=\"height: 28px;\">\n<td style=\"width: 10%; text-align: center; height: 28px;\"><span style=\"font-family: times new roman, times, serif; font-size: 10pt;\">30.10.2021<\/span><\/td>\n<td style=\"width: 16.9048%; text-align: center; height: 28px;\"><span style=\"font-family: times new roman, times, serif; font-size: 10pt;\">OFB Giesh\u00fcbel<\/span><\/td>\n<td style=\"width: 73.0952%; height: 28px;\"><span style=\"font-family: times new roman, times, serif; font-size: 10pt;\">Fam. Johann Daniel Klein (oo 1796), Kind Nr. 2): Ehedaten erg\u00e4nzt<br \/>\n<\/span><\/td>\n<\/tr>\n<tr style=\"height: 56px;\">\n<td style=\"width: 10%; text-align: center; height: 56px;\"><span style=\"font-family: times new roman, times, serif; font-size: 10pt;\">02.11.2021<br \/>\n<\/span><\/td>\n<td style=\"width: 16.9048%; text-align: center; height: 56px;\"><span style=\"font-family: times new roman, times, serif; font-size: 10pt;\">OFB Spie\u00df<br \/>\n<\/span><\/td>\n<td style=\"width: 73.0952%; text-align: justify; height: 56px;\"><span style=\"font-family: times new roman, times, serif; font-size: 10pt;\">Hartkopf, Johann Georg: hinzugef\u00fcgt;\u00a0 Gilberg, Nikolaus: Kind Nr. 6) hinzugef\u00fcgt; Hohl, Philipp: Familie erg\u00e4nzt; Sch\u00e4fer Georg Philipp und Philipp Heinrich hinzugef\u00fcgt; Name G\u00f6dert hinzugef\u00fcgt<br \/>\n<\/span><\/td>\n<\/tr>\n<tr style=\"height: 28px;\">\n<td style=\"width: 10%; text-align: center; height: 28px;\"><span style=\"font-family: times new roman, times, serif; font-size: 10pt;\">03.11.2021<\/span><\/td>\n<td style=\"width: 16.9048%; text-align: center; height: 28px;\"><span style=\"font-family: times new roman, times, serif; font-size: 10pt;\">OFB Spie\u00df<\/span><\/td>\n<td style=\"width: 73.0952%; text-align: justify; height: 28px;\"><span style=\"font-family: times new roman, times, serif; font-size: 10pt;\">Eisenbart, Joseph, Kind Nr. 6): Ehedaten erg\u00e4nzt<br \/>\n<\/span><\/td>\n<\/tr>\n<tr style=\"height: 56px;\">\n<td style=\"width: 10%; text-align: center; height: 56px;\"><span style=\"font-family: times new roman, times, serif; font-size: 10pt;\">09.11.2021<\/span><\/td>\n<td style=\"width: 16.9048%; text-align: center; height: 56px;\"><span style=\"font-family: times new roman, times, serif; font-size: 10pt;\">OFB Spie\u00df<br \/>\nOFB Oberwies<br \/>\n<\/span><\/td>\n<td style=\"width: 73.0952%; height: 56px;\"><span style=\"font-family: times new roman, times, serif; font-size: 10pt;\">Franz Pristum: Kind Nr. 3): Ehedaten erg\u00e4nzt<\/span><\/td>\n<\/tr>\n<tr style=\"height: 56px;\">\n<td style=\"width: 10%; text-align: center; height: 56px;\"><span style=\"font-family: times new roman, times, serif; font-size: 10pt;\">30.11.2021<\/span><\/td>\n<td style=\"width: 16.9048%; text-align: center; height: 56px;\"><span style=\"font-family: times new roman, times, serif; font-size: 10pt;\">OFB M\u00fchlen Dornholzhausen<br \/>\n<\/span><\/td>\n<td style=\"width: 73.0952%; height: 56px;\"><span style=\"font-family: times new roman, times, serif; font-size: 10pt;\">OFB M\u00fchlen in der Pfarrei Dornholzhausen hinzugef\u00fcgt; zur Geschichte der Ankerm\u00fchle<br \/>\n<\/span><\/td>\n<\/tr>\n<tr style=\"height: 10px;\">\n<td style=\"width: 10%; text-align: center; height: 10px;\"><span style=\"font-family: times new roman, times, serif; font-size: 10pt;\">30.11.2021<\/span><\/td>\n<td style=\"width: 16.9048%; text-align: center; height: 10px;\"><span style=\"font-family: times new roman, times, serif; font-size: 10pt;\">OFB Giesh\u00fcbel<br \/>\n<\/span><\/td>\n<td style=\"width: 73.0952%; height: 10px;\"><span style=\"font-size: 10pt; font-family: times new roman, times, serif;\">M\u00fcller, Johann Konrad: Kind Nr. 4) VN Ehefrau korrigiert<\/span><\/td>\n<\/tr>\n<tr style=\"height: 28px;\">\n<td style=\"width: 10%; text-align: center; height: 28px;\"><span style=\"font-family: times new roman, times, serif; font-size: 10pt;\">06.12.2021<br \/>\n<\/span><\/td>\n<td style=\"width: 16.9048%; text-align: center; height: 28px;\"><span style=\"font-family: times new roman, times, serif; font-size: 10pt;\">OFB Kehlbach<br \/>\n<\/span><\/td>\n<td style=\"width: 73.0952%; height: 28px;\"><span style=\"font-size: 10pt; font-family: times new roman, times, serif;\">OFB Kehlbach 1666-1720 hinzugef\u00fcgt; Niederbachheim KB 1 &#8211; P\u00f6nitenten und Notabilia<br \/>\n<\/span><\/td>\n<\/tr>\n<tr style=\"height: 84px;\">\n<td style=\"width: 10%; text-align: center; height: 84px;\"><span style=\"font-family: times new roman, times, serif; font-size: 10pt;\">14.12.2021<\/span><\/td>\n<td style=\"width: 16.9048%; text-align: center; height: 84px;\"><span style=\"font-family: times new roman, times, serif; font-size: 10pt;\">OFB Niederbachheim u. <\/span><span style=\"font-family: times new roman, times, serif; font-size: 10pt;\">Niederbachheimer<br \/>\nM\u00fchlen<\/span><\/td>\n<td style=\"width: 73.0952%; height: 84px;\"><span style=\"font-size: 10pt; font-family: times new roman, times, serif;\">OFB Niederbachheim u. Niederbachheimer M\u00fchlen1666-1720 hinzugef\u00fcgt <\/span><\/td>\n<\/tr>\n<tr style=\"height: 84px;\">\n<td style=\"width: 10%; text-align: center; height: 84px;\"><span style=\"font-family: times new roman, times, serif; font-size: 10pt;\">14.12.2021<\/span><\/td>\n<td style=\"width: 16.9048%; text-align: center; height: 84px;\"><span style=\"font-family: times new roman, times, serif; font-size: 10pt;\">OFB Kehlbach<br \/>\n<\/span><\/td>\n<td style=\"width: 73.0952%; text-align: justify; height: 84px;\"><span style=\"font-size: 10pt; font-family: times new roman, times, serif;\">Georg Jakob Prod: Kind Nr. 4) Ehedatum erg\u00e4nzt; Johann Georg Freund und Ehefrau: Lebensdaten erg\u00e4nzt; Johann Anton May, Kind Nr. 1): II. Ehe erg\u00e4nzt; Johann Philipp Theis: Schwiegermutter hinzugef\u00fcgt; zwei unbekannte Personen (bg. 1695 und 1704) hinzugef\u00fcgt<br \/>\n<\/span><\/td>\n<\/tr>\n<tr style=\"height: 28px;\">\n<td style=\"width: 10%; text-align: center; height: 28px;\"><span style=\"font-family: times new roman, times, serif; font-size: 10pt;\">20.12.2021<br \/>\n<\/span><\/td>\n<td style=\"width: 16.9048%; text-align: center; height: 28px;\"><span style=\"font-family: times new roman, times, serif; font-size: 10pt;\">OFB Oberbachheim<\/span><\/td>\n<td style=\"width: 73.0952%; text-align: justify; height: 28px;\"><span style=\"font-size: 10pt; font-family: times new roman, times, serif;\">OFB Oberbachheim 1666-1720 hinzugef\u00fcgt <\/span><\/td>\n<\/tr>\n<tr style=\"height: 28px;\">\n<td style=\"width: 10%; text-align: center; height: 28px;\"><span style=\"font-family: times new roman, times, serif; font-size: 10pt;\">20.12.2021<\/span><\/td>\n<td style=\"width: 16.9048%; text-align: center; height: 28px;\"><span style=\"font-family: times new roman, times, serif; font-size: 10pt;\">OFB Kehlbach<br \/>\n<\/span><\/td>\n<td style=\"width: 73.0952%; text-align: justify; height: 28px;\"><span style=\"font-size: 10pt; font-family: times new roman, times, serif;\">Dattner, Johann Emmerich (oo 1667): Ehedaten erg\u00e4nzt; Sommer, Johann Heinrich (oo 1709): Ehefrau erg\u00e4nzt<br \/>\n<\/span><\/td>\n<\/tr>\n<tr style=\"height: 56px;\">\n<td style=\"width: 10%; text-align: center; height: 56px;\"><span style=\"font-family: times new roman, times, serif; font-size: 10pt;\">20.12.2021<\/span><\/td>\n<td style=\"width: 16.9048%; text-align: center; height: 56px;\"><span style=\"font-family: times new roman, times, serif; font-size: 10pt;\">OFB Niederbachheim<br \/>\n<\/span><\/td>\n<td style=\"width: 73.0952%; text-align: justify; height: 56px;\"><span style=\"font-size: 10pt; font-family: times new roman, times, serif;\">Gensmann, Johann Daniel: Ehefrau II. Ehe erg\u00e4nzt; Anna Elisabeth Kunz (oo 1700) hinzugef\u00fcgt; Margaretha Wagner (+ 1666) hinzugef\u00fcgt<br \/>\n<\/span><\/td>\n<\/tr>\n<tr style=\"height: 28px;\">\n<td style=\"width: 10%; text-align: center; height: 28px;\"><span style=\"font-family: times new roman, times, serif; font-size: 10pt;\">30.12.2021<\/span><\/td>\n<td style=\"width: 16.9048%; text-align: center; height: 28px;\"><span style=\"font-family: times new roman, times, serif; font-size: 10pt;\">OFB Winterwerb<br \/>\n<\/span><\/td>\n<td style=\"width: 73.0952%; text-align: justify; height: 28px;\"><span style=\"font-size: 10pt; font-family: times new roman, times, serif;\">OFB Winterwerb 1666-1720 hinzugef\u00fcgt<br \/>\n<\/span><\/td>\n<\/tr>\n<tr style=\"height: 28px;\">\n<td style=\"width: 10%; text-align: center; height: 28px;\"><span style=\"font-family: times new roman, times, serif; font-size: 10pt;\">30.12.2021<\/span><\/td>\n<td style=\"width: 16.9048%; text-align: center; height: 28px;\"><span style=\"font-family: times new roman, times, serif; font-size: 10pt;\">OFB Kehlbach<\/span><\/td>\n<td style=\"width: 73.0952%; text-align: justify; height: 28px;\"><span style=\"font-size: 10pt; font-family: times new roman, times, serif;\">Erg\u00e4nzungen: Dattner, Lopp (neu), Pfeifer, Theis, Vincentz (neu), Wagner (neu), Wiedenitz, Name unbekannt<br \/>\n<\/span><\/td>\n<\/tr>\n<tr style=\"height: 28px;\">\n<td style=\"width: 10%; text-align: center; height: 28px;\"><span style=\"font-family: times new roman, times, serif; font-size: 10pt;\">30.12.2021<\/span><\/td>\n<td style=\"width: 16.9048%; text-align: center; height: 28px;\"><span style=\"font-family: times new roman, times, serif; font-size: 10pt;\">OFB Oberbachheim<br \/>\n<\/span><\/td>\n<td style=\"width: 73.0952%; text-align: justify; height: 28px;\"><span style=\"font-size: 10pt; font-family: times new roman, times, serif;\">Erg\u00e4nzungen: Bochel, Kreff (neu), Notky (neu), Pfeifer, Winterwerber, Name unbekannt<br \/>\n<\/span><\/td>\n<\/tr>\n<tr style=\"height: 56px;\">\n<td style=\"width: 10%; text-align: center; height: 56px;\"><span style=\"font-family: times new roman, times, serif; font-size: 10pt;\">30.12.2021<\/span><\/td>\n<td style=\"width: 16.9048%; text-align: center; height: 56px;\"><span style=\"font-family: times new roman, times, serif; font-size: 10pt;\">OFB Niederbach-heimer M\u00fchlen<br \/>\n<\/span><\/td>\n<td style=\"width: 73.0952%; text-align: justify; height: 56px;\"><span style=\"font-size: 10pt; font-family: times new roman, times, serif;\">Erg\u00e4nzungen: Haub (neu), Schmidt<br \/>\n<\/span><\/td>\n<\/tr>\n<tr style=\"height: 168px;\">\n<td style=\"width: 10%; text-align: center; height: 168px;\"><span style=\"font-family: times new roman, times, serif; font-size: 10pt;\">30.12.2021<\/span><\/td>\n<td style=\"width: 16.9048%; text-align: center; height: 168px;\"><span style=\"font-family: times new roman, times, serif; font-size: 10pt;\">OFB Niederbachheim<\/span><\/td>\n<td style=\"width: 73.0952%; text-align: justify; height: 168px;\"><span style=\"font-size: 10pt; font-family: times new roman, times, serif;\">Erg\u00e4nzungen: Beck (neu), Becker, Berger (neu), Burger (neu), de Consimsky (neu), Frentzele (neu), Friesenhahn, Fuhr (neu), Gall (neu), Geyer (neu), Gro\u00df (neu), Haas (neu), Hachenburg (neu), Heckel (neu), Kohlermann (neu), Kuhn (neu), Leonhard, Lorch (neu), Lucker (neu), Martin, May, Metz (neu), Pfeifer (neu), Rhod, Ruberbach (neu), Ruppmann (neu), Schmidt, Sch\u00fcssler (neu), Sorger (neu), Stang (neu), Thiel (neu), Th\u00f6nges (neu), Wagner, Weyer, Winterwerber, Zurg (neu), Taufen aus Nachbarpfarreien (neu), Tote und Ehen aus Nachbarpfarreien (neu)<br \/>\n<\/span><\/td>\n<\/tr>\n<tr style=\"height: 28px;\">\n<td style=\"width: 10%; text-align: center; height: 28px;\"><span style=\"font-family: times new roman, times, serif; font-size: 10pt;\">31.12.2021<\/span><\/td>\n<td style=\"width: 16.9048%; text-align: center; height: 28px;\"><span style=\"font-family: times new roman, times, serif; font-size: 10pt;\">OFB Oberbachheim<\/span><\/td>\n<td style=\"width: 73.0952%; text-align: justify; height: 28px;\"><span style=\"font-size: 10pt; font-family: times new roman, times, serif;\">Erg\u00e4nzungen: Thiel<br \/>\n<\/span><\/td>\n<\/tr>\n<tr style=\"height: 28px;\">\n<td style=\"width: 10%; text-align: center; height: 28px;\"><span style=\"font-family: times new roman, times, serif; font-size: 10pt;\">31.12.2021<\/span><\/td>\n<td style=\"width: 16.9048%; text-align: center; height: 28px;\"><span style=\"font-family: times new roman, times, serif; font-size: 10pt;\">OFB Niederbachheim<br \/>\n<\/span><\/td>\n<td style=\"width: 73.0952%; text-align: justify; height: 28px;\"><span style=\"font-size: 10pt; font-family: times new roman, times, serif;\">Erg\u00e4nzungen: Eingeheiratete (nicht gesondert im OFB)<br \/>\n<\/span><\/td>\n<\/tr>\n<\/tbody>\n<\/table>\n<p>&nbsp;<\/p>\n","protected":false},"excerpt":{"rendered":"<p>&nbsp; Datum Sektion Update 01.01.2021 OFB Braubach Name Mahlin, Mangold, M\u00fcller, M\u00fcntz hinzugef\u00fcgt 02.01.2021 OFB Braubach Name Neblung, Neidhard, Nemnich, Neuhaus, Niehoff, Niemann, Noll, Nordhoffen, Nottscheid hinzugef\u00fcgt; illeg. Kind der Maria Margaretha Heiler (* 30.12.1784 Braubach) hinzugef\u00fcgt; illeg. der Maria Katharina Becker (gt. 31.05.1781 Braubach) hinzugef\u00fcgt; Johann Georg Br\u00fcckmann: Kind Nr. 7), falsches Todesdatum 25.10.1760 &hellip; <a href=\"https:\/\/www.ahnenforschung-jackmuth.de\/?page_id=6149\" class=\"more-link\"><span class=\"screen-reader-text\">\u201eUpdates 2021\u201c<\/span> weiterlesen<\/a><\/p>\n","protected":false},"author":1,"featured_media":0,"parent":0,"menu_order":0,"comment_status":"closed","ping_status":"closed","template":"","meta":{"footnotes":""},"class_list":["post-6149","page","type-page","status-publish","hentry"],"_links":{"self":[{"href":"https:\/\/www.ahnenforschung-jackmuth.de\/index.php?rest_route=\/wp\/v2\/pages\/6149","targetHints":{"allow":["GET"]}}],"collection":[{"href":"https:\/\/www.ahnenforschung-jackmuth.de\/index.php?rest_route=\/wp\/v2\/pages"}],"about":[{"href":"https:\/\/www.ahnenforschung-jackmuth.de\/index.php?rest_route=\/wp\/v2\/types\/page"}],"author":[{"embeddable":true,"href":"https:\/\/www.ahnenforschung-jackmuth.de\/index.php?rest_route=\/wp\/v2\/users\/1"}],"replies":[{"embeddable":true,"href":"https:\/\/www.ahnenforschung-jackmuth.de\/index.php?rest_route=%2Fwp%2Fv2%2Fcomments&post=6149"}],"version-history":[{"count":0,"href":"https:\/\/www.ahnenforschung-jackmuth.de\/index.php?rest_route=\/wp\/v2\/pages\/6149\/revisions"}],"wp:attachment":[{"href":"https:\/\/www.ahnenforschung-jackmuth.de\/index.php?rest_route=%2Fwp%2Fv2%2Fmedia&parent=6149"}],"curies":[{"name":"wp","href":"https:\/\/api.w.org\/{rel}","templated":true}]}}