{"id":5970,"date":"2020-12-19T20:01:34","date_gmt":"2020-12-19T20:01:34","guid":{"rendered":"http:\/\/www.ahnenforschung-jackmuth.de\/?page_id=5970"},"modified":"2021-04-17T16:09:07","modified_gmt":"2021-04-17T16:09:07","slug":"pesttote-1636","status":"publish","type":"page","link":"https:\/\/www.ahnenforschung-jackmuth.de\/?page_id=5970","title":{"rendered":"Pesttote 1636"},"content":{"rendered":"<p style=\"text-align: justify;\"><span style=\"font-family: times new roman, times, serif; font-size: 10pt;\">Da ich zur Zeit an einer Erfassung der Sterbeeintr\u00e4ge des ersten Braubacher Kirchenbuchs (1628-1672) arbeite, m\u00f6chte ich Interessierten die \u00fcberaus zahlreichen Eintr\u00e4ge der Jahre 1635-1636 hiermit zur Verf\u00fcgung stellen. Die meisten Verstorbenen litten an der Pest und sind Kinder. Nach der Z\u00e4hlung des Pfarrers Johann Kaspar Horresius (+ 12.09.l672 Braubach), der seit 1627 in Braubach war, umfasst das Jahr 1635 beachtliche 223 Eintr\u00e4ge und 1636 sogar 299 Eintr\u00e4ge. Im Schnitt liegen die Eintr\u00e4ge sonst zwischen 10 und 30 pro Jahr. Nach einer ersten Analyse umfasst das Jahr 1635 229 Verstorbene, von denen 98 mit abweichendem Herkunftsort gemeldet sind (42,79 %). F\u00fcr 1636 sind 302 Verstorbene verzeichnet, von denen 213 einen abweichenden Wohnort haben (70,53 %). Eine Untersuchung zur Verteilung nach Herkunftsorten, kann erst sicher erfolgen, wenn sich die Verstorbenen in diesen Orten aufgrund von Vergleichen (auch aus anderen Quellen) genau identifizieren lassen. Probleme ergeben sich auch in den Ortsnamen, so ist z. B. bei &#8222;Bachheim&#8220; unklar, ob Ober- oder Niederbachheim gemeint ist. Bei einigen Eintr\u00e4gen ergab sich durch Vergleiche, dass der Herkunftsort nicht genannt war. Deshalb kommen nicht alle Verstorbenen, deren Herkunftsort nicht genannt wird, zwangsl\u00e4ufig aus Braubach. Nach einer ersten Auswertung kamen die meisten Verstorbenen aus Fr\u00fccht (55 Personen) und Dachsenhausen (36 Personen). Weitere Orte sind u. a.: Gemmerich (26 Pers.), Becheln (20 Pers.), Dessighofen (13 Pers.), Bachheim (13 Pers.), Oberbachheim (10 Pers.), Niederbacheim (8 Pers.), Geisig (11 Pers.). Die linke Rheinseite ist kaum vertreten. Aus Bacharach finden sich 5 Personen (1 unsicher), aus Rhens 4, aus Spay nur 1 Person.<\/span><\/p>\n<p><img loading=\"lazy\" decoding=\"async\" class=\"alignnone wp-image-7646 size-full\" src=\"http:\/\/www.ahnenforschung-jackmuth.de\/wp-content\/uploads\/2021\/04\/Tote_Braubach_1635-1636.jpg\" alt=\"\" width=\"848\" height=\"350\" srcset=\"https:\/\/www.ahnenforschung-jackmuth.de\/wp-content\/uploads\/2021\/04\/Tote_Braubach_1635-1636.jpg 848w, https:\/\/www.ahnenforschung-jackmuth.de\/wp-content\/uploads\/2021\/04\/Tote_Braubach_1635-1636-300x124.jpg 300w, https:\/\/www.ahnenforschung-jackmuth.de\/wp-content\/uploads\/2021\/04\/Tote_Braubach_1635-1636-768x317.jpg 768w\" sizes=\"auto, (max-width: 709px) 85vw, (max-width: 909px) 67vw, (max-width: 1362px) 62vw, 840px\" \/><\/p>\n<p><span style=\"font-family: times new roman, times, serif; font-size: 10pt;\">EMS = Rhein-Lahn-Kreis<\/span><\/p>\n<table style=\"width: 100%; height: 14448px;\">\n<tbody>\n<tr style=\"height: 28px;\">\n<td style=\"text-align: center; width: 6.42857%; height: 28px;\"><strong><span style=\"font-size: 10pt; font-family: times new roman, times, serif;\">Nr.<br \/>\n<\/span><\/strong><\/td>\n<td style=\"text-align: center; width: 9.76191%; height: 28px;\"><strong><span style=\"font-size: 10pt; font-family: times new roman, times, serif;\">Datum<br \/>\n<\/span><\/strong><\/td>\n<td style=\"text-align: justify; width: 52.3809%; height: 28px;\"><strong><span style=\"font-size: 10pt; font-family: times new roman, times, serif;\">Eintragstext<\/span><\/strong><\/td>\n<td style=\"width: 31.3096%; text-align: justify; height: 28px;\"><strong><span style=\"font-family: times new roman, times, serif; font-size: 10pt;\">Herkunftsort<\/span><\/strong><\/td>\n<\/tr>\n<tr style=\"height: 28px;\">\n<td style=\"text-align: center; width: 6.42857%; height: 28px;\" width=\"58\"><span style=\"font-size: 10pt; font-family: times new roman, times, serif;\">1<\/span><\/td>\n<td style=\"text-align: center; width: 9.76191%; height: 28px;\" width=\"75\"><span style=\"font-size: 10pt; font-family: times new roman, times, serif;\">01.01.1636<\/span><\/td>\n<td style=\"text-align: justify; width: 52.3809%; height: 28px;\" width=\"379\"><span style=\"font-size: 10pt; font-family: times new roman, times, serif;\"><em>1ten Januarij ward begraben Han\u00df Giessen.<\/em><\/span><\/td>\n<td style=\"width: 31.3096%; text-align: justify; height: 28px;\" width=\"311\"><\/td>\n<\/tr>\n<tr style=\"height: 28px;\">\n<td style=\"text-align: center; width: 6.42857%; height: 28px;\"><span style=\"font-size: 10pt; font-family: times new roman, times, serif;\">2<\/span><\/td>\n<td style=\"text-align: center; width: 9.76191%; height: 28px;\"><span style=\"font-size: 10pt; font-family: times new roman, times, serif;\">01.01.1636<\/span><\/td>\n<td style=\"text-align: justify; width: 52.3809%; height: 28px;\"><span style=\"font-size: 10pt; font-family: times new roman, times, serif;\"><em>Eodem Philips Caspar, Han\u00df Stollen Sohn, begraben worden.<\/em><\/span><\/td>\n<td style=\"width: 31.3096%; text-align: justify; height: 28px;\"><\/td>\n<\/tr>\n<tr style=\"height: 28px;\">\n<td style=\"text-align: center; width: 6.42857%; height: 28px;\"><span style=\"font-size: 10pt; font-family: times new roman, times, serif;\">3<\/span><\/td>\n<td style=\"text-align: center; width: 9.76191%; height: 28px;\"><span style=\"font-size: 10pt; font-family: times new roman, times, serif;\">01.01.1636<\/span><\/td>\n<td style=\"text-align: justify; width: 52.3809%; height: 28px;\"><span style=\"font-size: 10pt; font-family: times new roman, times, serif;\"><em>Eodem Maria, Han\u00df Emerichs Swickarden Magd, begraben worden; pest[e].<\/em><\/span><\/td>\n<td style=\"width: 31.3096%; text-align: justify; height: 28px;\"><\/td>\n<\/tr>\n<tr style=\"height: 56px;\">\n<td style=\"text-align: center; width: 6.42857%; height: 56px;\"><span style=\"font-size: 10pt; font-family: times new roman, times, serif;\">4<\/span><\/td>\n<td style=\"text-align: center; width: 9.76191%; height: 56px;\"><span style=\"font-size: 10pt; font-family: times new roman, times, serif;\">02.01.1636<\/span><\/td>\n<td style=\"text-align: justify; width: 52.3809%; height: 56px;\"><span style=\"font-size: 10pt; font-family: times new roman, times, serif;\"><em>2ten Januarij ward Anna Elisabeth, Philipsen, de\u00df Hinderwalder\u00df Eydams Dochterlein, begraben.<\/em><\/span><\/td>\n<td style=\"width: 31.3096%; text-align: justify; height: 56px;\"><\/td>\n<\/tr>\n<tr style=\"height: 56px;\">\n<td style=\"text-align: center; width: 6.42857%; height: 56px;\"><span style=\"font-size: 10pt; font-family: times new roman, times, serif;\">5<\/span><\/td>\n<td style=\"text-align: center; width: 9.76191%; height: 56px;\"><span style=\"font-size: 10pt; font-family: times new roman, times, serif;\">03.01.1636<\/span><\/td>\n<td style=\"text-align: justify; width: 52.3809%; height: 56px;\"><span style=\"font-size: 10pt; font-family: times new roman, times, serif;\"><em>3ten Jan[uarii] ward Anna Barbara, Donges Stolcken Dochter von Nider Bacheim. begraben.<\/em><\/span><\/td>\n<td style=\"width: 31.3096%; text-align: justify; height: 56px;\"><span style=\"font-size: 10pt; font-family: times new roman, times, serif;\">Niederbachheim (VG Nast\u00e4tten, EMS)<\/span><\/td>\n<\/tr>\n<tr style=\"height: 56px;\">\n<td style=\"text-align: center; width: 6.42857%; height: 56px;\"><span style=\"font-size: 10pt; font-family: times new roman, times, serif;\">6<\/span><\/td>\n<td style=\"text-align: center; width: 9.76191%; height: 56px;\"><span style=\"font-size: 10pt; font-family: times new roman, times, serif;\">03.01.1636<\/span><\/td>\n<td style=\"text-align: justify; width: 52.3809%; height: 56px;\"><span style=\"font-size: 10pt; font-family: times new roman, times, serif;\"><em>Eodem ward Matthias, Muller Johannis Sohn von Fr\u00fcchten begraben.<\/em><\/span><\/td>\n<td style=\"width: 31.3096%; text-align: justify; height: 56px;\"><span style=\"font-size: 10pt; font-family: times new roman, times, serif;\">Fr\u00fccht (VG Bad Ems-Nassau, EMS)<\/span><\/td>\n<\/tr>\n<tr>\n<td style=\"text-align: center; width: 6.42857%;\"><span style=\"font-size: 10pt; font-family: times new roman, times, serif;\">6a<br \/>\n<\/span><\/td>\n<td style=\"text-align: center; width: 9.76191%;\"><span style=\"font-size: 10pt; font-family: times new roman, times, serif;\">03.01.1636<br \/>\n<\/span><\/td>\n<td style=\"text-align: justify; width: 52.3809%;\"><span style=\"font-size: 10pt; font-family: times new roman, times, serif;\"><em>3ten Jan[uarii] ward Christina, Donges Dochter von Daxenhau\u00dfen, begraben.<\/em><\/span><\/td>\n<td style=\"width: 31.3096%; text-align: justify;\"><span style=\"font-size: 10pt; font-family: times new roman, times, serif;\">Dachsenhausen (VG Loreley, EMS)<br \/>\n(OFB Dachsenhausen, Nr. 0459)<br \/>\n<\/span><\/td>\n<\/tr>\n<tr style=\"height: 28px;\">\n<td style=\"text-align: center; width: 6.42857%; height: 28px;\"><span style=\"font-size: 10pt; font-family: times new roman, times, serif;\">7<\/span><\/td>\n<td style=\"text-align: center; width: 9.76191%; height: 28px;\"><span style=\"font-size: 10pt; font-family: times new roman, times, serif;\">04.01.1636<\/span><\/td>\n<td style=\"text-align: justify; width: 52.3809%; height: 28px;\"><span style=\"font-size: 10pt; font-family: times new roman, times, serif;\"><em>4ten Januarij ist Peter Bruel begraben worden.<\/em><\/span><\/td>\n<td style=\"width: 31.3096%; text-align: justify; height: 28px;\"><\/td>\n<\/tr>\n<tr style=\"height: 56px;\">\n<td style=\"text-align: center; width: 6.42857%; height: 56px;\"><span style=\"font-size: 10pt; font-family: times new roman, times, serif;\">8<\/span><\/td>\n<td style=\"text-align: center; width: 9.76191%; height: 56px;\"><span style=\"font-size: 10pt; font-family: times new roman, times, serif;\">04.01.1636<\/span><\/td>\n<td style=\"text-align: justify; width: 52.3809%; height: 56px;\"><span style=\"font-size: 10pt; font-family: times new roman, times, serif;\"><em>Eodem ward Anna Maria, Johannis Greben Dochter von Gemmerick begraben; pest[e].<\/em><\/span><\/td>\n<td style=\"width: 31.3096%; text-align: justify; height: 56px;\"><span style=\"font-size: 10pt; font-family: times new roman, times, serif;\">Gemmerich (VG Nast\u00e4tten, EMS)<\/span><\/td>\n<\/tr>\n<tr style=\"height: 28px;\">\n<td style=\"text-align: center; width: 6.42857%; height: 28px;\"><span style=\"font-size: 10pt; font-family: times new roman, times, serif;\">9<\/span><\/td>\n<td style=\"text-align: center; width: 9.76191%; height: 28px;\"><span style=\"font-size: 10pt; font-family: times new roman, times, serif;\">05.01.1636<\/span><\/td>\n<td style=\"text-align: justify; width: 52.3809%; height: 28px;\"><span style=\"font-size: 10pt; font-family: times new roman, times, serif;\"><em>5ten Jan[uarii] ist Catharina, Christ Morgens Widwe, begraben worden.<\/em><\/span><\/td>\n<td style=\"width: 31.3096%; text-align: justify; height: 28px;\"><\/td>\n<\/tr>\n<tr style=\"height: 56px;\">\n<td style=\"text-align: center; width: 6.42857%; height: 56px;\"><span style=\"font-size: 10pt; font-family: times new roman, times, serif;\">10<\/span><\/td>\n<td style=\"text-align: center; width: 9.76191%; height: 56px;\"><span style=\"font-size: 10pt; font-family: times new roman, times, serif;\">05.01.1636<\/span><\/td>\n<td style=\"text-align: justify; width: 52.3809%; height: 56px;\"><span style=\"font-size: 10pt; font-family: times new roman, times, serif;\"><em>Eodem Agnes, Adam Himmerichs Dochter von Fr\u00fccht, begraben worden; pest[e].<\/em><\/span><\/td>\n<td style=\"width: 31.3096%; text-align: justify; height: 56px;\"><span style=\"font-size: 10pt; font-family: times new roman, times, serif;\">Fr\u00fccht (VG Bad Ems-Nassau, EMS)<\/span><\/td>\n<\/tr>\n<tr style=\"height: 28px;\">\n<td style=\"text-align: center; width: 6.42857%; height: 28px;\"><span style=\"font-size: 10pt; font-family: times new roman, times, serif;\">11<\/span><\/td>\n<td style=\"text-align: center; width: 9.76191%; height: 28px;\"><span style=\"font-size: 10pt; font-family: times new roman, times, serif;\">05.01.1636<\/span><\/td>\n<td style=\"text-align: justify; width: 52.3809%; height: 28px;\"><span style=\"font-size: 10pt; font-family: times new roman, times, serif;\"><em>Eodem Johans Donges von Bacheimb begraben worden; pest[e].<\/em><\/span><\/td>\n<td style=\"width: 31.3096%; text-align: justify; height: 28px;\"><span style=\"font-size: 10pt; font-family: times new roman, times, serif;\">Bachheim (VG Nast\u00e4tten, EMS)<\/span><\/td>\n<\/tr>\n<tr style=\"height: 28px;\">\n<td style=\"text-align: center; width: 6.42857%; height: 28px;\"><span style=\"font-size: 10pt; font-family: times new roman, times, serif;\">12<\/span><\/td>\n<td style=\"text-align: center; width: 9.76191%; height: 28px;\"><span style=\"font-size: 10pt; font-family: times new roman, times, serif;\">05.01.1636<\/span><\/td>\n<td style=\"text-align: justify; width: 52.3809%; height: 28px;\"><span style=\"font-size: 10pt; font-family: times new roman, times, serif;\"><em>Thomas von ehren begraben worden; pest[e].<\/em><\/span><\/td>\n<td style=\"width: 31.3096%; text-align: justify; height: 28px;\"><span style=\"font-size: 10pt; font-family: times new roman, times, serif;\">Ehr (VG Nast\u00e4tten, EMS)<\/span><\/td>\n<\/tr>\n<tr style=\"height: 56px;\">\n<td style=\"text-align: center; width: 6.42857%; height: 56px;\"><span style=\"font-size: 10pt; font-family: times new roman, times, serif;\">13<\/span><\/td>\n<td style=\"text-align: center; width: 9.76191%; height: 56px;\"><span style=\"font-size: 10pt; font-family: times new roman, times, serif;\">06.01.1636<\/span><\/td>\n<td style=\"text-align: justify; width: 52.3809%; height: 56px;\"><span style=\"font-size: 10pt; font-family: times new roman, times, serif;\"><em>6ten Jan[uarii] ist Anna Maria, Peter Becker\u00df Dochter begraben worden; pest[e].<\/em><\/span><\/td>\n<td style=\"width: 31.3096%; text-align: justify; height: 56px;\"><\/td>\n<\/tr>\n<tr style=\"height: 56px;\">\n<td style=\"text-align: center; width: 6.42857%; height: 56px;\"><span style=\"font-size: 10pt; font-family: times new roman, times, serif;\">14<\/span><\/td>\n<td style=\"text-align: center; width: 9.76191%; height: 56px;\"><span style=\"font-size: 10pt; font-family: times new roman, times, serif;\">06.01.1636<\/span><\/td>\n<td style=\"text-align: justify; width: 52.3809%; height: 56px;\"><span style=\"font-size: 10pt; font-family: times new roman, times, serif;\"><em>Eodem ward Anna Margreth, Cla\u00df Wagner\u00df Dochter von NiderBacheimb, begraben worden.<\/em><\/span><\/td>\n<td style=\"width: 31.3096%; text-align: justify; height: 56px;\"><span style=\"font-size: 10pt; font-family: times new roman, times, serif;\">Niederbachheim (VG Nast\u00e4tten, EMS)<\/span><\/td>\n<\/tr>\n<tr style=\"height: 112px;\">\n<td style=\"text-align: center; width: 6.42857%; height: 112px;\"><span style=\"font-size: 10pt; font-family: times new roman, times, serif;\">15<\/span><\/td>\n<td style=\"text-align: center; width: 9.76191%; height: 112px;\"><span style=\"font-size: 10pt; font-family: times new roman, times, serif;\">07.01.1636<\/span><\/td>\n<td style=\"text-align: justify; width: 52.3809%; height: 112px;\"><span style=\"font-size: 10pt; font-family: times new roman, times, serif;\"><em>7ten Jan[uarii] ist Herr Christophorus Wernerus, Pfarrer von Swickhau\u00dfen, alhir in die Pfarrkirch begraben worden, wegen Kriegsgefahr mitt \u2026 hinau\u00df zu seiner Kirchen gebracht worden; obiit febrj. <\/em>[eine j\u00fcngere Hand vermerkt:<em> \u2026 vorher? = Fieber<\/em>]<\/span><\/td>\n<td style=\"width: 31.3096%; text-align: justify; height: 112px;\"><span style=\"font-size: 10pt; font-family: times new roman, times, serif;\">Schweighausen (VG Bad Ems-Nassau, EMS)<\/span><\/td>\n<\/tr>\n<tr style=\"height: 28px;\">\n<td style=\"text-align: center; width: 6.42857%; height: 28px;\"><span style=\"font-size: 10pt; font-family: times new roman, times, serif;\">16<\/span><\/td>\n<td style=\"text-align: center; width: 9.76191%; height: 28px;\"><span style=\"font-size: 10pt; font-family: times new roman, times, serif;\">08.01.1636<\/span><\/td>\n<td style=\"text-align: justify; width: 52.3809%; height: 28px;\"><span style=\"font-size: 10pt; font-family: times new roman, times, serif;\"><em>8ten Jan[uarii] ist Agnes, Peter Hardkopffs Frau, begraben worden.<\/em><\/span><\/td>\n<td style=\"width: 31.3096%; text-align: justify; height: 28px;\"><\/td>\n<\/tr>\n<tr style=\"height: 56px;\">\n<td style=\"text-align: center; width: 6.42857%; height: 56px;\"><span style=\"font-size: 10pt; font-family: times new roman, times, serif;\">17<\/span><\/td>\n<td style=\"text-align: center; width: 9.76191%; height: 56px;\"><span style=\"font-size: 10pt; font-family: times new roman, times, serif;\">09.01.1636<\/span><\/td>\n<td style=\"text-align: justify; width: 52.3809%; height: 56px;\"><span style=\"font-size: 10pt; font-family: times new roman, times, serif;\"><em>9ten Jan[uarii] ist Barbara, Dill Zimmermans Dochter von Fr\u00fccht, begraben worden; pest[e].<\/em><\/span><\/td>\n<td style=\"width: 31.3096%; text-align: justify; height: 56px;\"><span style=\"font-size: 10pt; font-family: times new roman, times, serif;\">Fr\u00fccht (VG Bad Ems-Nassau, EMS)<\/span><\/td>\n<\/tr>\n<tr style=\"height: 56px;\">\n<td style=\"text-align: center; width: 6.42857%; height: 56px;\"><span style=\"font-size: 10pt; font-family: times new roman, times, serif;\">18<\/span><\/td>\n<td style=\"text-align: center; width: 9.76191%; height: 56px;\"><span style=\"font-size: 10pt; font-family: times new roman, times, serif;\">11.01.1636<\/span><\/td>\n<td style=\"text-align: justify; width: 52.3809%; height: 56px;\"><span style=\"font-size: 10pt; font-family: times new roman, times, serif;\"><em>11ten Jan[uarii] ist Anna Margreth, Han\u00df Dongessen Dochter von Gemmerick, begraben worden; pest[e]<\/em><\/span><\/td>\n<td style=\"width: 31.3096%; text-align: justify; height: 56px;\"><span style=\"font-size: 10pt; font-family: times new roman, times, serif;\">Gemmerich (VG Nast\u00e4tten, EMS)<\/span><\/td>\n<\/tr>\n<tr style=\"height: 28px;\">\n<td style=\"text-align: center; width: 6.42857%; height: 28px;\"><span style=\"font-size: 10pt; font-family: times new roman, times, serif;\">19<\/span><\/td>\n<td style=\"text-align: center; width: 9.76191%; height: 28px;\"><span style=\"font-size: 10pt; font-family: times new roman, times, serif;\">11.01.1636<\/span><\/td>\n<td style=\"text-align: justify; width: 52.3809%; height: 28px;\"><span style=\"font-size: 10pt; font-family: times new roman, times, serif;\"><em>Eodem Wendel von Castorff begraben worden; pest[e].<\/em><\/span><\/td>\n<td style=\"width: 31.3096%; text-align: justify; height: 28px;\"><span style=\"font-size: 10pt; font-family: times new roman, times, serif;\">Kasdorf (VG Nast\u00e4tten, EMS)<\/span><\/td>\n<\/tr>\n<tr style=\"height: 56px;\">\n<td style=\"text-align: center; width: 6.42857%; height: 56px;\"><span style=\"font-size: 10pt; font-family: times new roman, times, serif;\">20<\/span><\/td>\n<td style=\"text-align: center; width: 9.76191%; height: 56px;\"><span style=\"font-size: 10pt; font-family: times new roman, times, serif;\">11.01.1636<\/span><\/td>\n<td style=\"text-align: justify; width: 52.3809%; height: 56px;\"><span style=\"font-size: 10pt; font-family: times new roman, times, serif;\"><em>Eodem ist Elisabeth Margreth, Peter Ditterds Dochters begraben von Niderbacheimb; pest[e].<\/em><\/span><\/td>\n<td style=\"width: 31.3096%; text-align: justify; height: 56px;\"><span style=\"font-size: 10pt; font-family: times new roman, times, serif;\">Niederbachheim (VG Nast\u00e4tten, EMS)<\/span><\/td>\n<\/tr>\n<tr style=\"height: 56px;\">\n<td style=\"text-align: center; width: 6.42857%; height: 56px;\"><span style=\"font-size: 10pt; font-family: times new roman, times, serif;\">21<\/span><\/td>\n<td style=\"text-align: center; width: 9.76191%; height: 56px;\"><span style=\"font-size: 10pt; font-family: times new roman, times, serif;\">12.01.1636<\/span><\/td>\n<td style=\"text-align: justify; width: 52.3809%; height: 56px;\"><span style=\"font-size: 10pt; font-family: times new roman, times, serif;\"><em>12ten Jan[uarii] ist Elisabeth Margreth, Andre\u00e6 Meurer\u00df Dochterlein, begraben worden.<\/em><\/span><\/td>\n<td style=\"width: 31.3096%; text-align: justify; height: 56px;\"><\/td>\n<\/tr>\n<tr style=\"height: 56px;\">\n<td style=\"text-align: center; width: 6.42857%; height: 56px;\"><span style=\"font-size: 10pt; font-family: times new roman, times, serif;\">22<\/span><\/td>\n<td style=\"text-align: center; width: 9.76191%; height: 56px;\"><span style=\"font-size: 10pt; font-family: times new roman, times, serif;\">13.01.1636<\/span><\/td>\n<td style=\"text-align: justify; width: 52.3809%; height: 56px;\"><span style=\"font-size: 10pt; font-family: times new roman, times, serif;\"><em>13ten Jan[uarii] ist Donges, Adam Himmerichs Sohn von Fr\u00fccht, begraben worden; pest[e].<\/em><\/span><\/td>\n<td style=\"width: 31.3096%; text-align: justify; height: 56px;\"><span style=\"font-size: 10pt; font-family: times new roman, times, serif;\">Fr\u00fccht (VG Bad Ems-Nassau, EMS)<\/span><\/td>\n<\/tr>\n<tr style=\"height: 28px;\">\n<td style=\"text-align: center; width: 6.42857%; height: 28px;\"><span style=\"font-size: 10pt; font-family: times new roman, times, serif;\">23<\/span><\/td>\n<td style=\"text-align: center; width: 9.76191%; height: 28px;\"><span style=\"font-size: 10pt; font-family: times new roman, times, serif;\">14.01.1636<\/span><\/td>\n<td style=\"text-align: justify; width: 52.3809%; height: 28px;\"><span style=\"font-size: 10pt; font-family: times new roman, times, serif;\"><em>14ten Jan[uarii] ist Gotthard S\u00f6hn begraben worden.<\/em><\/span><\/td>\n<td style=\"width: 31.3096%; text-align: justify; height: 28px;\"><\/td>\n<\/tr>\n<tr style=\"height: 56px;\">\n<td style=\"text-align: center; width: 6.42857%; height: 56px;\"><span style=\"font-size: 10pt; font-family: times new roman, times, serif;\">24<\/span><\/td>\n<td style=\"text-align: center; width: 9.76191%; height: 56px;\"><span style=\"font-size: 10pt; font-family: times new roman, times, serif;\">14.01.1636<\/span><\/td>\n<td style=\"text-align: justify; width: 52.3809%; height: 56px;\"><span style=\"font-size: 10pt; font-family: times new roman, times, serif;\"><em>Eodem ward Dorothea, Johannis Greben Dochter von Gemmerich, begraben worden; pest[e].<\/em><\/span><\/td>\n<td style=\"width: 31.3096%; text-align: justify; height: 56px;\"><span style=\"font-size: 10pt; font-family: times new roman, times, serif;\">Gemmerich (VG Nast\u00e4tten, EMS)<\/span><\/td>\n<\/tr>\n<tr style=\"height: 56px;\">\n<td style=\"text-align: center; width: 6.42857%; height: 56px;\"><span style=\"font-size: 10pt; font-family: times new roman, times, serif;\">25<\/span><\/td>\n<td style=\"text-align: center; width: 9.76191%; height: 56px;\"><span style=\"font-size: 10pt; font-family: times new roman, times, serif;\">14.01.1636<\/span><\/td>\n<td style=\"text-align: justify; width: 52.3809%; height: 56px;\"><span style=\"font-size: 10pt; font-family: times new roman, times, serif;\"><em>Eodem ward begraben Anna Felizitas, Wendel, de\u00df Hoffman\u00df, Dochter; pest[e].<\/em><\/span><\/td>\n<td style=\"width: 31.3096%; text-align: justify; height: 56px;\"><\/td>\n<\/tr>\n<tr style=\"height: 56px;\">\n<td style=\"text-align: center; width: 6.42857%; height: 56px;\"><span style=\"font-size: 10pt; font-family: times new roman, times, serif;\">26<\/span><\/td>\n<td style=\"text-align: center; width: 9.76191%; height: 56px;\"><span style=\"font-size: 10pt; font-family: times new roman, times, serif;\">14.01.1636<\/span><\/td>\n<td style=\"text-align: justify; width: 52.3809%; height: 56px;\"><span style=\"font-size: 10pt; font-family: times new roman, times, serif;\"><em>Eodem ward begraben Wilhelm, Meister Georgen, de\u00df Scharffrichters Sohn; pest[e].<\/em><\/span><\/td>\n<td style=\"width: 31.3096%; text-align: justify; height: 56px;\"><\/td>\n<\/tr>\n<tr style=\"height: 28px;\">\n<td style=\"text-align: center; width: 6.42857%; height: 28px;\"><span style=\"font-size: 10pt; font-family: times new roman, times, serif;\">27<\/span><\/td>\n<td style=\"text-align: center; width: 9.76191%; height: 28px;\"><span style=\"font-size: 10pt; font-family: times new roman, times, serif;\">15.01.1636<\/span><\/td>\n<td style=\"text-align: justify; width: 52.3809%; height: 28px;\"><span style=\"font-size: 10pt; font-family: times new roman, times, serif;\"><em>15ten Jan[uarii] ist Maria H\u00fctterin begraben worden.<\/em><\/span><\/td>\n<td style=\"width: 31.3096%; text-align: justify; height: 28px;\"><\/td>\n<\/tr>\n<tr style=\"height: 28px;\">\n<td style=\"text-align: center; width: 6.42857%; height: 28px;\"><span style=\"font-size: 10pt; font-family: times new roman, times, serif;\">28<\/span><\/td>\n<td style=\"text-align: center; width: 9.76191%; height: 28px;\"><span style=\"font-size: 10pt; font-family: times new roman, times, serif;\">15.01.1636<\/span><\/td>\n<td style=\"text-align: justify; width: 52.3809%; height: 28px;\"><span style=\"font-size: 10pt; font-family: times new roman, times, serif;\"><em>Eodem wardt begraben Peter Bernhamer; pest[e].<\/em><\/span><\/td>\n<td style=\"width: 31.3096%; text-align: justify; height: 28px;\"><\/td>\n<\/tr>\n<tr style=\"height: 28px;\">\n<td style=\"text-align: center; width: 6.42857%; height: 28px;\"><span style=\"font-size: 10pt; font-family: times new roman, times, serif;\">29<\/span><\/td>\n<td style=\"text-align: center; width: 9.76191%; height: 28px;\"><span style=\"font-size: 10pt; font-family: times new roman, times, serif;\">15.01.1636<\/span><\/td>\n<td style=\"text-align: justify; width: 52.3809%; height: 28px;\"><span style=\"font-size: 10pt; font-family: times new roman, times, serif;\"><em>Eodem ist Apollonia, Cla\u00df Sommer s[elig] Docher, begraben von Bacheimb.<\/em><\/span><\/td>\n<td style=\"width: 31.3096%; text-align: justify; height: 28px;\"><span style=\"font-size: 10pt; font-family: times new roman, times, serif;\">Bachheim (VG Nast\u00e4tten, EMS)<\/span><\/td>\n<\/tr>\n<tr style=\"height: 56px;\">\n<td style=\"text-align: center; width: 6.42857%; height: 56px;\"><span style=\"font-size: 10pt; font-family: times new roman, times, serif;\">30<\/span><\/td>\n<td style=\"text-align: center; width: 9.76191%; height: 56px;\"><span style=\"font-size: 10pt; font-family: times new roman, times, serif;\">16.01.1636<\/span><\/td>\n<td style=\"text-align: justify; width: 52.3809%; height: 56px;\"><span style=\"font-size: 10pt; font-family: times new roman, times, serif;\"><em>16ten Januarij ist Anna Catharina, Johannis Scheffer\u00df Dochter, begraben worden; pest[e].<\/em><\/span><\/td>\n<td style=\"width: 31.3096%; text-align: justify; height: 56px;\"><\/td>\n<\/tr>\n<tr style=\"height: 56px;\">\n<td style=\"text-align: center; width: 6.42857%; height: 56px;\"><span style=\"font-size: 10pt; font-family: times new roman, times, serif;\">31<\/span><\/td>\n<td style=\"text-align: center; width: 9.76191%; height: 56px;\"><span style=\"font-size: 10pt; font-family: times new roman, times, serif;\">16.01.1636<\/span><\/td>\n<td style=\"text-align: justify; width: 52.3809%; height: 56px;\"><span style=\"font-size: 10pt; font-family: times new roman, times, serif;\"><em>Eodem ward begraben Gertrauth, Han\u00df M\u00f6tter\u00df Fraw von Daxenhausen.<\/em><\/span><\/td>\n<td style=\"width: 31.3096%; text-align: justify; height: 56px;\"><span style=\"font-size: 10pt; font-family: times new roman, times, serif;\">Dachsenhausen (VG Loreley, EMS)<\/span><\/td>\n<\/tr>\n<tr style=\"height: 28px;\">\n<td style=\"text-align: center; width: 6.42857%; height: 28px;\"><span style=\"font-size: 10pt; font-family: times new roman, times, serif;\">32<\/span><\/td>\n<td style=\"text-align: center; width: 9.76191%; height: 28px;\"><span style=\"font-size: 10pt; font-family: times new roman, times, serif;\">19.01.1636<\/span><\/td>\n<td style=\"text-align: justify; width: 52.3809%; height: 28px;\"><span style=\"font-size: 10pt; font-family: times new roman, times, serif;\"><em>19ten Jan[uarii] ward Frantz Behm begraben.<\/em><\/span><\/td>\n<td style=\"width: 31.3096%; text-align: justify; height: 28px;\"><\/td>\n<\/tr>\n<tr style=\"height: 56px;\">\n<td style=\"text-align: center; width: 6.42857%; height: 56px;\"><span style=\"font-size: 10pt; font-family: times new roman, times, serif;\">33<\/span><\/td>\n<td style=\"text-align: center; width: 9.76191%; height: 56px;\"><span style=\"font-size: 10pt; font-family: times new roman, times, serif;\">20.01.1636<\/span><\/td>\n<td style=\"text-align: justify; width: 52.3809%; height: 56px;\"><span style=\"font-size: 10pt; font-family: times new roman, times, serif;\"><em>20ten Jan[uarii] ist Anna Barbara, Peter Paperts Frau von Dessioben, begraben worden; pest[e].<\/em><\/span><\/td>\n<td style=\"width: 31.3096%; text-align: justify; height: 56px;\"><span style=\"font-size: 10pt; font-family: times new roman, times, serif;\">Dessighofen (VG Bad Ems-Nassau, EMS)<\/span><\/td>\n<\/tr>\n<tr style=\"height: 56px;\">\n<td style=\"text-align: center; width: 6.42857%; height: 56px;\"><span style=\"font-size: 10pt; font-family: times new roman, times, serif;\">34<\/span><\/td>\n<td style=\"text-align: center; width: 9.76191%; height: 56px;\"><span style=\"font-size: 10pt; font-family: times new roman, times, serif;\">20.01.1636<\/span><\/td>\n<td style=\"text-align: justify; width: 52.3809%; height: 56px;\"><span style=\"font-size: 10pt; font-family: times new roman, times, serif;\"><em>Eodem ward begraben Johan Dieterich, Johannis, de\u00df Mutzen Cramer\u00df Sohnlein.<\/em><\/span><\/td>\n<td style=\"width: 31.3096%; text-align: justify; height: 56px;\"><\/td>\n<\/tr>\n<tr style=\"height: 56px;\">\n<td style=\"text-align: center; width: 6.42857%; height: 56px;\"><span style=\"font-size: 10pt; font-family: times new roman, times, serif;\">35<\/span><\/td>\n<td style=\"text-align: center; width: 9.76191%; height: 56px;\"><span style=\"font-size: 10pt; font-family: times new roman, times, serif;\">20.01.1636<\/span><\/td>\n<td style=\"text-align: justify; width: 52.3809%; height: 56px;\"><span style=\"font-size: 10pt; font-family: times new roman, times, serif;\"><em>Eodem ward begraben Anna Catharina, Weinhards Ochsen Dochter von Fr\u00fccht; pest[e].<\/em><\/span><\/td>\n<td style=\"width: 31.3096%; text-align: justify; height: 56px;\"><span style=\"font-size: 10pt; font-family: times new roman, times, serif;\">Fr\u00fccht (VG Bad Ems-Nassau, EMS)<\/span><\/td>\n<\/tr>\n<tr style=\"height: 56px;\">\n<td style=\"text-align: center; width: 6.42857%; height: 56px;\"><span style=\"font-size: 10pt; font-family: times new roman, times, serif;\">36<\/span><\/td>\n<td style=\"text-align: center; width: 9.76191%; height: 56px;\"><span style=\"font-size: 10pt; font-family: times new roman, times, serif;\">21.01.1636<\/span><\/td>\n<td style=\"text-align: justify; width: 52.3809%; height: 56px;\"><span style=\"font-size: 10pt; font-family: times new roman, times, serif;\"><em>21ten Jan[uarii] ist Anna Maria, Johannis Artzbechers Dochter, begraben worden; pest[e].<\/em><\/span><\/td>\n<td style=\"width: 31.3096%; text-align: justify; height: 56px;\"><\/td>\n<\/tr>\n<tr style=\"height: 56px;\">\n<td style=\"text-align: center; width: 6.42857%; height: 56px;\"><span style=\"font-size: 10pt; font-family: times new roman, times, serif;\">37<\/span><\/td>\n<td style=\"text-align: center; width: 9.76191%; height: 56px;\"><span style=\"font-size: 10pt; font-family: times new roman, times, serif;\">21.01.1636<\/span><\/td>\n<td style=\"text-align: justify; width: 52.3809%; height: 56px;\"><span style=\"font-size: 10pt; font-family: times new roman, times, serif;\"><em>Eodem ist begraben worden Johann Gottfrid, Philips B\u00fcffen S\u00f6hn von Nieder Bacheimb, begraben worden; pest[e].<\/em><\/span><\/td>\n<td style=\"width: 31.3096%; text-align: justify; height: 56px;\"><span style=\"font-size: 10pt; font-family: times new roman, times, serif;\">Niederbachheim (VG Nast\u00e4tten, EMS)<\/span><\/td>\n<\/tr>\n<tr style=\"height: 28px;\">\n<td style=\"text-align: center; width: 6.42857%; height: 28px;\"><span style=\"font-size: 10pt; font-family: times new roman, times, serif;\">38<\/span><\/td>\n<td style=\"text-align: center; width: 9.76191%; height: 28px;\"><span style=\"font-size: 10pt; font-family: times new roman, times, serif;\">21.01.1636<\/span><\/td>\n<td style=\"text-align: justify; width: 52.3809%; height: 28px;\"><span style=\"font-size: 10pt; font-family: times new roman, times, serif;\"><em>Eodem ward ein Betteljung begraben N.<\/em><\/span><\/td>\n<td style=\"width: 31.3096%; text-align: justify; height: 28px;\"><\/td>\n<\/tr>\n<tr style=\"height: 56px;\">\n<td style=\"text-align: center; width: 6.42857%; height: 56px;\"><span style=\"font-size: 10pt; font-family: times new roman, times, serif;\">39<\/span><\/td>\n<td style=\"text-align: center; width: 9.76191%; height: 56px;\"><span style=\"font-size: 10pt; font-family: times new roman, times, serif;\">22.01.1636<\/span><\/td>\n<td style=\"text-align: justify; width: 52.3809%; height: 56px;\"><span style=\"font-size: 10pt; font-family: times new roman, times, serif;\"><em>22ten Jan[uarii] ist Dill Zimmerman\u00df Sohn von Fr\u00fccht begraben worden, Han\u00df Donges; pest[e].<\/em><\/span><\/td>\n<td style=\"width: 31.3096%; text-align: justify; height: 56px;\"><span style=\"font-size: 10pt; font-family: times new roman, times, serif;\">Fr\u00fccht (VG Bad Ems-Nassau, EMS)<\/span><\/td>\n<\/tr>\n<tr style=\"height: 28px;\">\n<td style=\"text-align: center; width: 6.42857%; height: 28px;\"><span style=\"font-size: 10pt; font-family: times new roman, times, serif;\">40<\/span><\/td>\n<td style=\"text-align: center; width: 9.76191%; height: 28px;\"><span style=\"font-size: 10pt; font-family: times new roman, times, serif;\">22.01.1636<\/span><\/td>\n<td style=\"text-align: justify; width: 52.3809%; height: 28px;\"><span style=\"font-size: 10pt; font-family: times new roman, times, serif;\"><em>Eodem Johanet, sein Dochter, auch begraben worden; pest[e].<\/em><\/span><\/td>\n<td style=\"width: 31.3096%; text-align: justify; height: 28px;\"><\/td>\n<\/tr>\n<tr style=\"height: 56px;\">\n<td style=\"text-align: center; width: 6.42857%; height: 56px;\"><span style=\"font-size: 10pt; font-family: times new roman, times, serif;\">41<\/span><\/td>\n<td style=\"text-align: center; width: 9.76191%; height: 56px;\"><span style=\"font-size: 10pt; font-family: times new roman, times, serif;\">23.01.1636<\/span><\/td>\n<td style=\"text-align: justify; width: 52.3809%; height: 56px;\"><span style=\"font-size: 10pt; font-family: times new roman, times, serif;\"><em>23ten Jan[uarii] ist Catharina, Peter Dieterts Frau von Niderbacheimb, begraben worden; pest[e].<\/em><\/span><\/td>\n<td style=\"width: 31.3096%; text-align: justify; height: 56px;\"><span style=\"font-size: 10pt; font-family: times new roman, times, serif;\">Niederbachheim (VG Nast\u00e4tten, EMS)<\/span><\/td>\n<\/tr>\n<tr style=\"height: 28px;\">\n<td style=\"text-align: center; width: 6.42857%; height: 28px;\"><span style=\"font-size: 10pt; font-family: times new roman, times, serif;\">42<\/span><\/td>\n<td style=\"text-align: center; width: 9.76191%; height: 28px;\"><span style=\"font-size: 10pt; font-family: times new roman, times, serif;\">23.01.1636<\/span><\/td>\n<td style=\"text-align: justify; width: 52.3809%; height: 28px;\"><span style=\"font-size: 10pt; font-family: times new roman, times, serif;\"><em>Eodem ist Peter Singhoffen begraben worden.<\/em><\/span><\/td>\n<td style=\"width: 31.3096%; text-align: justify; height: 28px;\"><\/td>\n<\/tr>\n<tr style=\"height: 56px;\">\n<td style=\"text-align: center; width: 6.42857%; height: 56px;\"><span style=\"font-size: 10pt; font-family: times new roman, times, serif;\">43<\/span><\/td>\n<td style=\"text-align: center; width: 9.76191%; height: 56px;\"><span style=\"font-size: 10pt; font-family: times new roman, times, serif;\">23.01.1636<\/span><\/td>\n<td style=\"text-align: justify; width: 52.3809%; height: 56px;\"><span style=\"font-size: 10pt; font-family: times new roman, times, serif;\"><em>Eodem ist Anna Maria, Dil Zimmerman\u00df Dochter von Fr\u00fccht, begraben worden; pest[e].<\/em><\/span><\/td>\n<td style=\"width: 31.3096%; text-align: justify; height: 56px;\"><span style=\"font-size: 10pt; font-family: times new roman, times, serif;\">Fr\u00fccht (VG Bad Ems-Nassau, EMS)<\/span><\/td>\n<\/tr>\n<tr style=\"height: 56px;\">\n<td style=\"text-align: center; width: 6.42857%; height: 56px;\"><span style=\"font-size: 10pt; font-family: times new roman, times, serif;\">44<\/span><\/td>\n<td style=\"text-align: center; width: 9.76191%; height: 56px;\"><span style=\"font-size: 10pt; font-family: times new roman, times, serif;\">25.01.1636<\/span><\/td>\n<td style=\"text-align: justify; width: 52.3809%; height: 56px;\"><span style=\"font-size: 10pt; font-family: times new roman, times, serif;\"><em>25ten Jan[uarii] ist Johannes, Dil Zimmerman\u00df Sohn von Fr\u00fccht, begraben worden; pest[e].<\/em><\/span><\/td>\n<td style=\"width: 31.3096%; text-align: justify; height: 56px;\"><span style=\"font-size: 10pt; font-family: times new roman, times, serif;\">Fr\u00fccht (VG Bad Ems-Nassau, EMS)<\/span><\/td>\n<\/tr>\n<tr style=\"height: 56px;\">\n<td style=\"text-align: center; width: 6.42857%; height: 56px;\"><span style=\"font-size: 10pt; font-family: times new roman, times, serif;\">45<\/span><\/td>\n<td style=\"text-align: center; width: 9.76191%; height: 56px;\"><span style=\"font-size: 10pt; font-family: times new roman, times, serif;\">25.01.1636<\/span><\/td>\n<td style=\"text-align: justify; width: 52.3809%; height: 56px;\"><span style=\"font-size: 10pt; font-family: times new roman, times, serif;\"><em>Eodem ist Nicla\u00df Bochel von Ober Bacheimb begraben worden; pest[e].<\/em><\/span><\/td>\n<td style=\"width: 31.3096%; text-align: justify; height: 56px;\"><span style=\"font-size: 10pt; font-family: times new roman, times, serif;\">Oberbachheim (VG Nast\u00e4tten, EMS)<\/span><\/td>\n<\/tr>\n<tr style=\"height: 56px;\">\n<td style=\"text-align: center; width: 6.42857%; height: 56px;\"><span style=\"font-size: 10pt; font-family: times new roman, times, serif;\">46<\/span><\/td>\n<td style=\"text-align: center; width: 9.76191%; height: 56px;\"><span style=\"font-size: 10pt; font-family: times new roman, times, serif;\">26.01.1636<\/span><\/td>\n<td style=\"text-align: justify; width: 52.3809%; height: 56px;\"><span style=\"font-size: 10pt; font-family: times new roman, times, serif;\"><em>26ten Jan[uarii] ist Johannis, des Mutzen Cr\u00e4mer\u00df, Fraw, begraben worden, Anna Maria; pest[e].<\/em><\/span><\/td>\n<td style=\"width: 31.3096%; text-align: justify; height: 56px;\"><\/td>\n<\/tr>\n<tr style=\"height: 28px;\">\n<td style=\"text-align: center; width: 6.42857%; height: 28px;\"><span style=\"font-size: 10pt; font-family: times new roman, times, serif;\">47<\/span><\/td>\n<td style=\"text-align: center; width: 9.76191%; height: 28px;\"><span style=\"font-size: 10pt; font-family: times new roman, times, serif;\">26.01.1636<\/span><\/td>\n<td style=\"text-align: justify; width: 52.3809%; height: 28px;\"><span style=\"font-size: 10pt; font-family: times new roman, times, serif;\"><em>Eodem ward begraben Catharina, Donges Stolcken Dochter.<\/em><\/span><\/td>\n<td style=\"width: 31.3096%; text-align: justify; height: 28px;\"><\/td>\n<\/tr>\n<tr style=\"height: 56px;\">\n<td style=\"text-align: center; width: 6.42857%; height: 56px;\"><span style=\"font-size: 10pt; font-family: times new roman, times, serif;\">48<\/span><\/td>\n<td style=\"text-align: center; width: 9.76191%; height: 56px;\"><span style=\"font-size: 10pt; font-family: times new roman, times, serif;\">26.01.1636<\/span><\/td>\n<td style=\"text-align: justify; width: 52.3809%; height: 56px;\"><span style=\"font-size: 10pt; font-family: times new roman, times, serif;\"><em>Eodem ward begraben Peter, Conrad Zimmerman\u00df Sohn von Fr\u00fccht; pest[e].<\/em><\/span><\/td>\n<td style=\"width: 31.3096%; text-align: justify; height: 56px;\"><span style=\"font-size: 10pt; font-family: times new roman, times, serif;\">Fr\u00fccht (VG Bad Ems-Nassau, EMS)<\/span><\/td>\n<\/tr>\n<tr style=\"height: 56px;\">\n<td style=\"text-align: center; width: 6.42857%; height: 56px;\"><span style=\"font-size: 10pt; font-family: times new roman, times, serif;\">49<\/span><\/td>\n<td style=\"text-align: center; width: 9.76191%; height: 56px;\"><span style=\"font-size: 10pt; font-family: times new roman, times, serif;\">26.01.1636<\/span><\/td>\n<td style=\"text-align: justify; width: 52.3809%; height: 56px;\"><span style=\"font-size: 10pt; font-family: times new roman, times, serif;\"><em>Eodem Han\u00df Schneider von Emb\u00df, ein Soldat, begraben worden; pest[e].<\/em><\/span><\/td>\n<td style=\"width: 31.3096%; text-align: justify; height: 56px;\"><span style=\"font-size: 10pt; font-family: times new roman, times, serif;\">Ems (VG Bad Ems-Nassau, EMS)<\/span><\/td>\n<\/tr>\n<tr style=\"height: 56px;\">\n<td style=\"text-align: center; width: 6.42857%; height: 56px;\"><span style=\"font-size: 10pt; font-family: times new roman, times, serif;\">50<\/span><\/td>\n<td style=\"text-align: center; width: 9.76191%; height: 56px;\"><span style=\"font-size: 10pt; font-family: times new roman, times, serif;\">26.01.1636<\/span><\/td>\n<td style=\"text-align: justify; width: 52.3809%; height: 56px;\"><span style=\"font-size: 10pt; font-family: times new roman, times, serif;\"><em>Eodem ward begraben Han\u00df Henrich, Han\u00df Hessen Sohn von Emb\u00df; pest[e].<\/em><\/span><\/td>\n<td style=\"width: 31.3096%; text-align: justify; height: 56px;\"><span style=\"font-size: 10pt; font-family: times new roman, times, serif;\">Ems (VG Bad Ems-Nassau, EMS)<\/span><\/td>\n<\/tr>\n<tr style=\"height: 56px;\">\n<td style=\"text-align: center; width: 6.42857%; height: 56px;\"><span style=\"font-size: 10pt; font-family: times new roman, times, serif;\">51<\/span><\/td>\n<td style=\"text-align: center; width: 9.76191%; height: 56px;\"><span style=\"font-size: 10pt; font-family: times new roman, times, serif;\">26.01.1636<\/span><\/td>\n<td style=\"text-align: justify; width: 52.3809%; height: 56px;\"><span style=\"font-size: 10pt; font-family: times new roman, times, serif;\"><em>Eodem ward begraben Han\u00df, Donges Jacoben von Daxenhau\u00dfen Sohn, pest[e].<\/em><\/span><\/td>\n<td style=\"width: 31.3096%; text-align: justify; height: 56px;\"><span style=\"font-size: 10pt; font-family: times new roman, times, serif;\">Dachsenhausen (VG Loreley, EMS)<\/span><\/td>\n<\/tr>\n<tr style=\"height: 56px;\">\n<td style=\"text-align: center; width: 6.42857%; height: 56px;\"><span style=\"font-size: 10pt; font-family: times new roman, times, serif;\">52<\/span><\/td>\n<td style=\"text-align: center; width: 9.76191%; height: 56px;\"><span style=\"font-size: 10pt; font-family: times new roman, times, serif;\">27.01.1636<\/span><\/td>\n<td style=\"text-align: justify; width: 52.3809%; height: 56px;\"><span style=\"font-size: 10pt; font-family: times new roman, times, serif;\"><em>27ten Jan[uarii] ist Anna, Heintzen Dongessen Widwe, begraben worden von Bacheimb.<\/em><\/span><\/td>\n<td style=\"width: 31.3096%; text-align: justify; height: 56px;\"><span style=\"font-size: 10pt; font-family: times new roman, times, serif;\">Bachheim (VG Nast\u00e4tten, EMS)<\/span><\/td>\n<\/tr>\n<tr style=\"height: 56px;\">\n<td style=\"text-align: center; width: 6.42857%; height: 56px;\"><span style=\"font-size: 10pt; font-family: times new roman, times, serif;\">53<\/span><\/td>\n<td style=\"text-align: center; width: 9.76191%; height: 56px;\"><span style=\"font-size: 10pt; font-family: times new roman, times, serif;\">28.01.1636<\/span><\/td>\n<td style=\"text-align: justify; width: 52.3809%; height: 56px;\"><span style=\"font-size: 10pt; font-family: times new roman, times, serif;\"><em>28ten Jan[uarii] ist Anna Catharina, Johannis M\u00f6tters Dochter von Daxenhau\u00dfen, begraben worden; pest[e].<\/em><\/span><\/td>\n<td style=\"width: 31.3096%; text-align: justify; height: 56px;\"><span style=\"font-size: 10pt; font-family: times new roman, times, serif;\">Dachsenhausen (VG Loreley, EMS)<\/span><\/td>\n<\/tr>\n<tr style=\"height: 28px;\">\n<td style=\"text-align: center; width: 6.42857%; height: 28px;\"><span style=\"font-size: 10pt; font-family: times new roman, times, serif;\">54<\/span><\/td>\n<td style=\"text-align: center; width: 9.76191%; height: 28px;\"><span style=\"font-size: 10pt; font-family: times new roman, times, serif;\">28.01.1636<\/span><\/td>\n<td style=\"text-align: justify; width: 52.3809%; height: 28px;\"><span style=\"font-size: 10pt; font-family: times new roman, times, serif;\"><em>Eodem ward begraben Philips, Peter Beckers Sohn; pest[e].<\/em><\/span><\/td>\n<td style=\"width: 31.3096%; text-align: justify; height: 28px;\"><\/td>\n<\/tr>\n<tr style=\"height: 56px;\">\n<td style=\"text-align: center; width: 6.42857%; height: 56px;\"><span style=\"font-size: 10pt; font-family: times new roman, times, serif;\">55<\/span><\/td>\n<td style=\"text-align: center; width: 9.76191%; height: 56px;\"><span style=\"font-size: 10pt; font-family: times new roman, times, serif;\">28.01.1636<\/span><\/td>\n<td style=\"text-align: justify; width: 52.3809%; height: 56px;\"><span style=\"font-size: 10pt; font-family: times new roman, times, serif;\"><em>Eodem Anna Margreth, Jacoben Dochter von Fr\u00fccht, begraben worden; pest[e].<\/em><\/span><\/td>\n<td style=\"width: 31.3096%; text-align: justify; height: 56px;\"><span style=\"font-size: 10pt; font-family: times new roman, times, serif;\">Fr\u00fccht (VG Bad Ems-Nassau, EMS)<\/span><\/td>\n<\/tr>\n<tr style=\"height: 56px;\">\n<td style=\"text-align: center; width: 6.42857%; height: 56px;\"><span style=\"font-size: 10pt; font-family: times new roman, times, serif;\">56<\/span><\/td>\n<td style=\"text-align: center; width: 9.76191%; height: 56px;\"><span style=\"font-size: 10pt; font-family: times new roman, times, serif;\">30.01.1636<\/span><\/td>\n<td style=\"text-align: justify; width: 52.3809%; height: 56px;\"><span style=\"font-size: 10pt; font-family: times new roman, times, serif;\"><em>30ten Jan[uarii] ist Adam, Johannis Greben Sohn von Gemmerick, begraben worden; pest[e].<\/em><\/span><\/td>\n<td style=\"width: 31.3096%; text-align: justify; height: 56px;\"><span style=\"font-size: 10pt; font-family: times new roman, times, serif;\">Gemmerich (VG Nast\u00e4tten, EMS)<\/span><\/td>\n<\/tr>\n<tr style=\"height: 56px;\">\n<td style=\"text-align: center; width: 6.42857%; height: 56px;\"><span style=\"font-size: 10pt; font-family: times new roman, times, serif;\">57<\/span><\/td>\n<td style=\"text-align: center; width: 9.76191%; height: 56px;\"><span style=\"font-size: 10pt; font-family: times new roman, times, serif;\">30.01.1636<\/span><\/td>\n<td style=\"text-align: justify; width: 52.3809%; height: 56px;\"><span style=\"font-size: 10pt; font-family: times new roman, times, serif;\"><em>Eodem Donges, M\u00fcller Johannis Sohn von Fr\u00fccht, begraben worden.<\/em><\/span><\/td>\n<td style=\"width: 31.3096%; text-align: justify; height: 56px;\"><span style=\"font-size: 10pt; font-family: times new roman, times, serif;\">Fr\u00fccht (VG Bad Ems-Nassau, EMS)<\/span><\/td>\n<\/tr>\n<tr style=\"height: 56px;\">\n<td style=\"text-align: center; width: 6.42857%; height: 56px;\"><span style=\"font-size: 10pt; font-family: times new roman, times, serif;\">58<\/span><\/td>\n<td style=\"text-align: center; width: 9.76191%; height: 56px;\"><span style=\"font-size: 10pt; font-family: times new roman, times, serif;\">30.01.1636<\/span><\/td>\n<td style=\"text-align: justify; width: 52.3809%; height: 56px;\"><span style=\"font-size: 10pt; font-family: times new roman, times, serif;\"><em>Eodem Johan Adam, Johans Donges von Bacheimb Sohn, begraben worden; pest[e].<\/em><\/span><\/td>\n<td style=\"width: 31.3096%; text-align: justify; height: 56px;\"><span style=\"font-size: 10pt; font-family: times new roman, times, serif;\">Bachheim (VG Nast\u00e4tten, EMS)<\/span><\/td>\n<\/tr>\n<tr style=\"height: 56px;\">\n<td style=\"text-align: center; width: 6.42857%; height: 56px;\"><span style=\"font-size: 10pt; font-family: times new roman, times, serif;\">59<\/span><\/td>\n<td style=\"text-align: center; width: 9.76191%; height: 56px;\"><span style=\"font-size: 10pt; font-family: times new roman, times, serif;\">30.01.1636<\/span><\/td>\n<td style=\"text-align: justify; width: 52.3809%; height: 56px;\"><span style=\"font-size: 10pt; font-family: times new roman, times, serif;\"><em>Eodem Philips Melchior, Peter Lautzen Sohn von Ehr, begraben worden; pest[e].<\/em><\/span><\/td>\n<td style=\"width: 31.3096%; text-align: justify; height: 56px;\"><span style=\"font-size: 10pt; font-family: times new roman, times, serif;\">Ehr (VG Nast\u00e4tten, EMS)<\/span><\/td>\n<\/tr>\n<tr style=\"height: 56px;\">\n<td style=\"text-align: center; width: 6.42857%; height: 56px;\"><span style=\"font-size: 10pt; font-family: times new roman, times, serif;\">60<\/span><\/td>\n<td style=\"text-align: center; width: 9.76191%; height: 56px;\"><span style=\"font-size: 10pt; font-family: times new roman, times, serif;\">30.01.1636<\/span><\/td>\n<td style=\"text-align: justify; width: 52.3809%; height: 56px;\"><span style=\"font-size: 10pt; font-family: times new roman, times, serif;\"><em>Eodem Eva, Georg Wagner\u00df Dochter von Bechel, begraben worden; pest[e].<\/em><\/span><\/td>\n<td style=\"width: 31.3096%; text-align: justify; height: 56px;\"><span style=\"font-size: 10pt; font-family: times new roman, times, serif;\">Becheln (VG Bad Ems-Nassau, EMS)<\/span><\/td>\n<\/tr>\n<tr style=\"height: 56px;\">\n<td style=\"text-align: center; width: 6.42857%; height: 56px;\"><span style=\"font-size: 10pt; font-family: times new roman, times, serif;\">61<\/span><\/td>\n<td style=\"text-align: center; width: 9.76191%; height: 56px;\"><span style=\"font-size: 10pt; font-family: times new roman, times, serif;\">02.02.1636<\/span><\/td>\n<td style=\"text-align: justify; width: 52.3809%; height: 56px;\"><span style=\"font-size: 10pt; font-family: times new roman, times, serif;\"><em>2ten Feb[ruarii] ist von Fr\u00fccht begraben Johannet, Conrad Zimmerman\u00df Frau; pest[e].<\/em><\/span><\/td>\n<td style=\"width: 31.3096%; text-align: justify; height: 56px;\"><span style=\"font-size: 10pt; font-family: times new roman, times, serif;\">Fr\u00fccht (VG Bad Ems-Nassau, EMS)<\/span><\/td>\n<\/tr>\n<tr style=\"height: 28px;\">\n<td style=\"text-align: center; width: 6.42857%; height: 28px;\"><span style=\"font-size: 10pt; font-family: times new roman, times, serif;\">62<\/span><\/td>\n<td style=\"text-align: center; width: 9.76191%; height: 28px;\"><span style=\"font-size: 10pt; font-family: times new roman, times, serif;\">03.02.1636<\/span><\/td>\n<td style=\"text-align: justify; width: 52.3809%; height: 28px;\"><span style=\"font-size: 10pt; font-family: times new roman, times, serif;\"><em>3ten Feb[ruarii] ward begraben Johan Jacob, Michel Schneen Sohn; pest[e].<\/em><\/span><\/td>\n<td style=\"width: 31.3096%; text-align: justify; height: 28px;\"><\/td>\n<\/tr>\n<tr style=\"height: 56px;\">\n<td style=\"text-align: center; width: 6.42857%; height: 56px;\"><span style=\"font-size: 10pt; font-family: times new roman, times, serif;\">63<\/span><\/td>\n<td style=\"text-align: center; width: 9.76191%; height: 56px;\"><span style=\"font-size: 10pt; font-family: times new roman, times, serif;\">03.02.1636<\/span><\/td>\n<td style=\"text-align: justify; width: 52.3809%; height: 56px;\"><span style=\"font-size: 10pt; font-family: times new roman, times, serif;\"><em>Eodem Maria Elisabeth, Michel M\u00f6tter\u00df Dochter von Daxenhau\u00dfen.<\/em><\/span><\/td>\n<td style=\"width: 31.3096%; text-align: justify; height: 56px;\"><span style=\"font-size: 10pt; font-family: times new roman, times, serif;\">Dachsenhausen (VG Loreley, EMS)<\/span><\/td>\n<\/tr>\n<tr style=\"height: 28px;\">\n<td style=\"text-align: center; width: 6.42857%; height: 28px;\"><span style=\"font-size: 10pt; font-family: times new roman, times, serif;\">64<\/span><\/td>\n<td style=\"text-align: center; width: 9.76191%; height: 28px;\"><span style=\"font-size: 10pt; font-family: times new roman, times, serif;\">03.02.1636<\/span><\/td>\n<td style=\"text-align: justify; width: 52.3809%; height: 28px;\"><span style=\"font-size: 10pt; font-family: times new roman, times, serif;\"><em>Eodem Han\u00df Giessen Fraw Christina begraben worden.<\/em><\/span><\/td>\n<td style=\"width: 31.3096%; text-align: justify; height: 28px;\"><\/td>\n<\/tr>\n<tr style=\"height: 56px;\">\n<td style=\"text-align: center; width: 6.42857%; height: 56px;\"><span style=\"font-size: 10pt; font-family: times new roman, times, serif;\">65<\/span><\/td>\n<td style=\"text-align: center; width: 9.76191%; height: 56px;\"><span style=\"font-size: 10pt; font-family: times new roman, times, serif;\">05.02.1636<\/span><\/td>\n<td style=\"text-align: justify; width: 52.3809%; height: 56px;\"><span style=\"font-size: 10pt; font-family: times new roman, times, serif;\"><em>5ten Feb[ruarii] ist Michel\u00df Jacob von Fr\u00fccht begraben worden.<\/em><\/span><\/td>\n<td style=\"width: 31.3096%; text-align: justify; height: 56px;\"><span style=\"font-size: 10pt; font-family: times new roman, times, serif;\">Fr\u00fccht (VG Bad Ems-Nassau, EMS)<\/span><\/td>\n<\/tr>\n<tr style=\"height: 56px;\">\n<td style=\"text-align: center; width: 6.42857%; height: 56px;\"><span style=\"font-size: 10pt; font-family: times new roman, times, serif;\">66<\/span><\/td>\n<td style=\"text-align: center; width: 9.76191%; height: 56px;\"><span style=\"font-size: 10pt; font-family: times new roman, times, serif;\">05.02.1636<\/span><\/td>\n<td style=\"text-align: justify; width: 52.3809%; height: 56px;\"><span style=\"font-size: 10pt; font-family: times new roman, times, serif;\"><em>Eodem Peter, sein Sohn, begraben worden.<\/em><\/span><\/td>\n<td style=\"width: 31.3096%; text-align: justify; height: 56px;\"><span style=\"font-size: 10pt; font-family: times new roman, times, serif;\">Fr\u00fccht (VG Bad Ems-Nassau, EMS)<\/span><\/td>\n<\/tr>\n<tr style=\"height: 56px;\">\n<td style=\"text-align: center; width: 6.42857%; height: 56px;\"><span style=\"font-size: 10pt; font-family: times new roman, times, serif;\">67<\/span><\/td>\n<td style=\"text-align: center; width: 9.76191%; height: 56px;\"><span style=\"font-size: 10pt; font-family: times new roman, times, serif;\">06.02.1636<\/span><\/td>\n<td style=\"text-align: justify; width: 52.3809%; height: 56px;\"><span style=\"font-size: 10pt; font-family: times new roman, times, serif;\"><em>6ten Feb[ruarii] ward begraben Conrad Zimmerman von Fr\u00fcchten.<\/em><\/span><\/td>\n<td style=\"width: 31.3096%; text-align: justify; height: 56px;\"><span style=\"font-size: 10pt; font-family: times new roman, times, serif;\">Fr\u00fccht (VG Bad Ems-Nassau, EMS)<\/span><\/td>\n<\/tr>\n<tr style=\"height: 28px;\">\n<td style=\"text-align: center; width: 6.42857%; height: 28px;\"><span style=\"font-size: 10pt; font-family: times new roman, times, serif;\">68<\/span><\/td>\n<td style=\"text-align: center; width: 9.76191%; height: 28px;\"><span style=\"font-size: 10pt; font-family: times new roman, times, serif;\">06.02.1636<\/span><\/td>\n<td style=\"text-align: justify; width: 52.3809%; height: 28px;\"><span style=\"font-size: 10pt; font-family: times new roman, times, serif;\"><em>Eodem Martin Johannis Sohn begraben Johan Vale[n]tin.<\/em><\/span><\/td>\n<td style=\"width: 31.3096%; text-align: justify; height: 28px;\"><\/td>\n<\/tr>\n<tr style=\"height: 56px;\">\n<td style=\"text-align: center; width: 6.42857%; height: 56px;\"><span style=\"font-size: 10pt; font-family: times new roman, times, serif;\">69<\/span><\/td>\n<td style=\"text-align: center; width: 9.76191%; height: 56px;\"><span style=\"font-size: 10pt; font-family: times new roman, times, serif;\">08.02.1636<\/span><\/td>\n<td style=\"text-align: justify; width: 52.3809%; height: 56px;\"><span style=\"font-size: 10pt; font-family: times new roman, times, serif;\"><em>8ten Feb[ruarii] ist der Knebel von Winderwerb, Schulthei\u00df, begraben worden.<\/em><\/span><\/td>\n<td style=\"width: 31.3096%; text-align: justify; height: 56px;\"><span style=\"font-size: 10pt; font-family: times new roman, times, serif;\">Winterwerb (VG Nast\u00e4tten, EMS)<\/span><\/td>\n<\/tr>\n<tr style=\"height: 56px;\">\n<td style=\"text-align: center; width: 6.42857%; height: 56px;\"><span style=\"font-size: 10pt; font-family: times new roman, times, serif;\">70<\/span><\/td>\n<td style=\"text-align: center; width: 9.76191%; height: 56px;\"><span style=\"font-size: 10pt; font-family: times new roman, times, serif;\">08.02.1636<\/span><\/td>\n<td style=\"text-align: justify; width: 52.3809%; height: 56px;\"><span style=\"font-size: 10pt; font-family: times new roman, times, serif;\"><em>Eodem ward begraben Han\u00df Adam, Adam\u00df, de\u00df Schulthei\u00dfen Sohn von Bechel.<\/em><\/span><\/td>\n<td style=\"width: 31.3096%; text-align: justify; height: 56px;\"><span style=\"font-size: 10pt; font-family: times new roman, times, serif;\">Becheln (VG Bad Ems-Nassau, EMS)<\/span><\/td>\n<\/tr>\n<tr style=\"height: 56px;\">\n<td style=\"text-align: center; width: 6.42857%; height: 56px;\"><span style=\"font-size: 10pt; font-family: times new roman, times, serif;\">71<\/span><\/td>\n<td style=\"text-align: center; width: 9.76191%; height: 56px;\"><span style=\"font-size: 10pt; font-family: times new roman, times, serif;\">08.02.1636<\/span><\/td>\n<td style=\"text-align: justify; width: 52.3809%; height: 56px;\"><span style=\"font-size: 10pt; font-family: times new roman, times, serif;\"><em>Eodem ward begraben Matthias, Zimmer Thille Sohn von Fr\u00fccht; pest[e].<\/em><\/span><\/td>\n<td style=\"width: 31.3096%; text-align: justify; height: 56px;\"><span style=\"font-size: 10pt; font-family: times new roman, times, serif;\">Fr\u00fccht (VG Bad Ems-Nassau, EMS)<\/span><\/td>\n<\/tr>\n<tr style=\"height: 56px;\">\n<td style=\"text-align: center; width: 6.42857%; height: 56px;\"><span style=\"font-size: 10pt; font-family: times new roman, times, serif;\">72<\/span><\/td>\n<td style=\"text-align: center; width: 9.76191%; height: 56px;\"><span style=\"font-size: 10pt; font-family: times new roman, times, serif;\">09.02.1636<\/span><\/td>\n<td style=\"text-align: justify; width: 52.3809%; height: 56px;\"><span style=\"font-size: 10pt; font-family: times new roman, times, serif;\"><em>9ten Feb[ruarii] ist Han\u00df M\u00f6tter von Daxenhaussen begraben worden.<\/em><\/span><\/td>\n<td style=\"width: 31.3096%; text-align: justify; height: 56px;\"><span style=\"font-size: 10pt; font-family: times new roman, times, serif;\">Dachsenhausen (VG Loreley, EMS)<\/span><\/td>\n<\/tr>\n<tr style=\"height: 28px;\">\n<td style=\"text-align: center; width: 6.42857%; height: 28px;\"><span style=\"font-size: 10pt; font-family: times new roman, times, serif;\">73<\/span><\/td>\n<td style=\"text-align: center; width: 9.76191%; height: 28px;\"><span style=\"font-size: 10pt; font-family: times new roman, times, serif;\">10.02.1636<\/span><\/td>\n<td style=\"text-align: justify; width: 52.3809%; height: 28px;\"><span style=\"font-size: 10pt; font-family: times new roman, times, serif;\"><em>10ten Feb[ruarii] ward Anna Maria, Wendel\u00df Frau von Castorff, begraben.<\/em><\/span><\/td>\n<td style=\"width: 31.3096%; text-align: justify; height: 28px;\"><span style=\"font-size: 10pt; font-family: times new roman, times, serif;\">Kasdorf (VG Nast\u00e4tten, EMS)<\/span><\/td>\n<\/tr>\n<tr style=\"height: 56px;\">\n<td style=\"text-align: center; width: 6.42857%; height: 56px;\"><span style=\"font-size: 10pt; font-family: times new roman, times, serif;\">74<\/span><\/td>\n<td style=\"text-align: center; width: 9.76191%; height: 56px;\"><span style=\"font-size: 10pt; font-family: times new roman, times, serif;\">10.02.1636<\/span><\/td>\n<td style=\"text-align: justify; width: 52.3809%; height: 56px;\"><span style=\"font-size: 10pt; font-family: times new roman, times, serif;\"><em>Eodem ward begraben Margreth. Michel Jacobs Fraw von Fr\u00fccht; pest[e].<\/em><\/span><\/td>\n<td style=\"width: 31.3096%; text-align: justify; height: 56px;\"><span style=\"font-size: 10pt; font-family: times new roman, times, serif;\">Fr\u00fccht (VG Bad Ems-Nassau, EMS)<\/span><\/td>\n<\/tr>\n<tr style=\"height: 56px;\">\n<td style=\"text-align: center; width: 6.42857%; height: 56px;\"><span style=\"font-size: 10pt; font-family: times new roman, times, serif;\">75<\/span><\/td>\n<td style=\"text-align: center; width: 9.76191%; height: 56px;\"><span style=\"font-size: 10pt; font-family: times new roman, times, serif;\">10.02.1636<\/span><\/td>\n<td style=\"text-align: justify; width: 52.3809%; height: 56px;\"><span style=\"font-size: 10pt; font-family: times new roman, times, serif;\"><em>Eodem Johannis Hoffman\u00df Fraw von Gemmerick begraben worden, Apollonia.<\/em><\/span><\/td>\n<td style=\"width: 31.3096%; text-align: justify; height: 56px;\"><span style=\"font-size: 10pt; font-family: times new roman, times, serif;\">Gemmerich (VG Nast\u00e4tten, EMS)<\/span><\/td>\n<\/tr>\n<tr style=\"height: 56px;\">\n<td style=\"text-align: center; width: 6.42857%; height: 56px;\"><span style=\"font-size: 10pt; font-family: times new roman, times, serif;\">76<\/span><\/td>\n<td style=\"text-align: center; width: 9.76191%; height: 56px;\"><span style=\"font-size: 10pt; font-family: times new roman, times, serif;\">10.02.1636<\/span><\/td>\n<td style=\"text-align: justify; width: 52.3809%; height: 56px;\"><span style=\"font-size: 10pt; font-family: times new roman, times, serif;\"><em>Eodem Anna Barbara, Jacob M\u00f6tters Dochter von Daxenhau\u00dfen, begraben worden.<\/em><\/span><\/td>\n<td style=\"width: 31.3096%; text-align: justify; height: 56px;\"><span style=\"font-size: 10pt; font-family: times new roman, times, serif;\">Dachsenhausen (VG Loreley, EMS)<\/span><\/td>\n<\/tr>\n<tr style=\"height: 56px;\">\n<td style=\"text-align: center; width: 6.42857%; height: 56px;\"><span style=\"font-size: 10pt; font-family: times new roman, times, serif;\">77<\/span><\/td>\n<td style=\"text-align: center; width: 9.76191%; height: 56px;\"><span style=\"font-size: 10pt; font-family: times new roman, times, serif;\">10.02.1636<\/span><\/td>\n<td style=\"text-align: justify; width: 52.3809%; height: 56px;\"><span style=\"font-size: 10pt; font-family: times new roman, times, serif;\"><em>Eodem ist Marxen von Fr\u00fccht ein Kind begraben worden, Catharina.<\/em><\/span><\/td>\n<td style=\"width: 31.3096%; text-align: justify; height: 56px;\"><span style=\"font-size: 10pt; font-family: times new roman, times, serif;\">Fr\u00fccht (VG Bad Ems-Nassau, EMS)<\/span><\/td>\n<\/tr>\n<tr style=\"height: 56px;\">\n<td style=\"text-align: center; width: 6.42857%; height: 56px;\"><span style=\"font-size: 10pt; font-family: times new roman, times, serif;\">78<\/span><\/td>\n<td style=\"text-align: center; width: 9.76191%; height: 56px;\"><span style=\"font-size: 10pt; font-family: times new roman, times, serif;\">12.02.1636<\/span><\/td>\n<td style=\"text-align: justify; width: 52.3809%; height: 56px;\"><span style=\"font-size: 10pt; font-family: times new roman, times, serif;\"><em>12ten Feb[ruarii] ist Han\u00df Henrich, Han\u00df Lehman\u00df Sohn, begraben worden; pest[e].<\/em><\/span><\/td>\n<td style=\"width: 31.3096%; text-align: justify; height: 56px;\"><\/td>\n<\/tr>\n<tr style=\"height: 56px;\">\n<td style=\"text-align: center; width: 6.42857%; height: 56px;\"><span style=\"font-size: 10pt; font-family: times new roman, times, serif;\">79<\/span><\/td>\n<td style=\"text-align: center; width: 9.76191%; height: 56px;\"><span style=\"font-size: 10pt; font-family: times new roman, times, serif;\">12.02.1636<\/span><\/td>\n<td style=\"text-align: justify; width: 52.3809%; height: 56px;\"><span style=\"font-size: 10pt; font-family: times new roman, times, serif;\"><em>Eodem ward begraben Niclasen Johannes von Fr\u00fccht.<\/em><\/span><\/td>\n<td style=\"width: 31.3096%; text-align: justify; height: 56px;\"><span style=\"font-size: 10pt; font-family: times new roman, times, serif;\">Fr\u00fccht (VG Bad Ems-Nassau, EMS)<\/span><\/td>\n<\/tr>\n<tr style=\"height: 56px;\">\n<td style=\"text-align: center; width: 6.42857%; height: 56px;\"><span style=\"font-size: 10pt; font-family: times new roman, times, serif;\">80<\/span><\/td>\n<td style=\"text-align: center; width: 9.76191%; height: 56px;\"><span style=\"font-size: 10pt; font-family: times new roman, times, serif;\">13.02.1636<\/span><\/td>\n<td style=\"text-align: justify; width: 52.3809%; height: 56px;\"><span style=\"font-size: 10pt; font-family: times new roman, times, serif;\"><em>13ten Feb[ruarii] ist Johannes Basel von Bechel begraben worden.<\/em><\/span><\/td>\n<td style=\"width: 31.3096%; text-align: justify; height: 56px;\"><span style=\"font-size: 10pt; font-family: times new roman, times, serif;\">Becheln (VG Bad Ems-Nassau, EMS)<\/span><\/td>\n<\/tr>\n<tr style=\"height: 56px;\">\n<td style=\"text-align: center; width: 6.42857%; height: 56px;\"><span style=\"font-size: 10pt; font-family: times new roman, times, serif;\">81<\/span><\/td>\n<td style=\"text-align: center; width: 9.76191%; height: 56px;\"><span style=\"font-size: 10pt; font-family: times new roman, times, serif;\">13.02.1636<\/span><\/td>\n<td style=\"text-align: justify; width: 52.3809%; height: 56px;\"><span style=\"font-size: 10pt; font-family: times new roman, times, serif;\"><em>Eodem sein Frau Eulalia mit ihm begraben worden.<\/em><\/span><\/td>\n<td style=\"width: 31.3096%; text-align: justify; height: 56px;\"><span style=\"font-size: 10pt; font-family: times new roman, times, serif;\">Becheln (VG Bad Ems-Nassau, EMS)<\/span><\/td>\n<\/tr>\n<tr style=\"height: 56px;\">\n<td style=\"text-align: center; width: 6.42857%; height: 56px;\"><span style=\"font-size: 10pt; font-family: times new roman, times, serif;\">82<\/span><\/td>\n<td style=\"text-align: center; width: 9.76191%; height: 56px;\"><span style=\"font-size: 10pt; font-family: times new roman, times, serif;\">13.02.1636<\/span><\/td>\n<td style=\"text-align: justify; width: 52.3809%; height: 56px;\"><span style=\"font-size: 10pt; font-family: times new roman, times, serif;\"><em>Eodem ward begraben Apollonia Schulthei\u00dfin von Winterwerb.<\/em><\/span><\/td>\n<td style=\"width: 31.3096%; text-align: justify; height: 56px;\"><span style=\"font-size: 10pt; font-family: times new roman, times, serif;\">Winterwerb (VG Nast\u00e4tten, EMS)<\/span><\/td>\n<\/tr>\n<tr style=\"height: 56px;\">\n<td style=\"text-align: center; width: 6.42857%; height: 56px;\"><span style=\"font-size: 10pt; font-family: times new roman, times, serif;\">83<\/span><\/td>\n<td style=\"text-align: center; width: 9.76191%; height: 56px;\"><span style=\"font-size: 10pt; font-family: times new roman, times, serif;\">14.02.1636<\/span><\/td>\n<td style=\"text-align: justify; width: 52.3809%; height: 56px;\"><span style=\"font-size: 10pt; font-family: times new roman, times, serif;\"><em>14ten Feb[ruarii], war Sontag Septuages[ima], ist Han\u00df Volck begraben worden.<\/em><\/span><\/td>\n<td style=\"width: 31.3096%; text-align: justify; height: 56px;\"><\/td>\n<\/tr>\n<tr style=\"height: 56px;\">\n<td style=\"text-align: center; width: 6.42857%; height: 56px;\"><span style=\"font-size: 10pt; font-family: times new roman, times, serif;\">84<\/span><\/td>\n<td style=\"text-align: center; width: 9.76191%; height: 56px;\"><span style=\"font-size: 10pt; font-family: times new roman, times, serif;\">14.02.1636<\/span><\/td>\n<td style=\"text-align: justify; width: 52.3809%; height: 56px;\"><span style=\"font-size: 10pt; font-family: times new roman, times, serif;\"><em>Eodem Wilhelm\u00df Arnold von Fr\u00fccht begraben worden.<\/em><\/span><\/td>\n<td style=\"width: 31.3096%; text-align: justify; height: 56px;\"><span style=\"font-size: 10pt; font-family: times new roman, times, serif;\">Fr\u00fccht (VG Bad Ems-Nassau, EMS)<\/span><\/td>\n<\/tr>\n<tr style=\"height: 56px;\">\n<td style=\"text-align: center; width: 6.42857%; height: 56px;\"><span style=\"font-size: 10pt; font-family: times new roman, times, serif;\">85<\/span><\/td>\n<td style=\"text-align: center; width: 9.76191%; height: 56px;\"><span style=\"font-size: 10pt; font-family: times new roman, times, serif;\">14.02.1636<\/span><\/td>\n<td style=\"text-align: justify; width: 52.3809%; height: 56px;\"><span style=\"font-size: 10pt; font-family: times new roman, times, serif;\"><em>Eodem M\u00fcller\u00df Jacob von Fr\u00fccht begraben worden.<\/em><\/span><\/td>\n<td style=\"width: 31.3096%; text-align: justify; height: 56px;\"><span style=\"font-size: 10pt; font-family: times new roman, times, serif;\">Fr\u00fccht (VG Bad Ems-Nassau, EMS)<\/span><\/td>\n<\/tr>\n<tr style=\"height: 56px;\">\n<td style=\"text-align: center; width: 6.42857%; height: 56px;\"><span style=\"font-size: 10pt; font-family: times new roman, times, serif;\">86<\/span><\/td>\n<td style=\"text-align: center; width: 9.76191%; height: 56px;\"><span style=\"font-size: 10pt; font-family: times new roman, times, serif;\">16.02.1636<\/span><\/td>\n<td style=\"text-align: justify; width: 52.3809%; height: 56px;\"><span style=\"font-size: 10pt; font-family: times new roman, times, serif;\"><em>16ten Feb[ruarii] ist Margreth, Daniel Bacheimbs s[elig] Frau von Winterwerb, begraben worden.<\/em><\/span><\/td>\n<td style=\"width: 31.3096%; text-align: justify; height: 56px;\"><span style=\"font-size: 10pt; font-family: times new roman, times, serif;\">Winterwerb (VG Nast\u00e4tten, EMS)<\/span><\/td>\n<\/tr>\n<tr style=\"height: 56px;\">\n<td style=\"text-align: center; width: 6.42857%; height: 56px;\"><span style=\"font-size: 10pt; font-family: times new roman, times, serif;\">87<\/span><\/td>\n<td style=\"text-align: center; width: 9.76191%; height: 56px;\"><span style=\"font-size: 10pt; font-family: times new roman, times, serif;\">18.02.1636<\/span><\/td>\n<td style=\"text-align: justify; width: 52.3809%; height: 56px;\"><span style=\"font-size: 10pt; font-family: times new roman, times, serif;\"><em>18ten Feb[ruarii] ist Johan Rub von Fr\u00fccht begraben worden.<\/em><\/span><\/td>\n<td style=\"width: 31.3096%; text-align: justify; height: 56px;\"><span style=\"font-size: 10pt; font-family: times new roman, times, serif;\">Fr\u00fccht (VG Bad Ems-Nassau, EMS)<\/span><\/td>\n<\/tr>\n<tr style=\"height: 56px;\">\n<td style=\"text-align: center; width: 6.42857%; height: 56px;\"><span style=\"font-size: 10pt; font-family: times new roman, times, serif;\">88<\/span><\/td>\n<td style=\"text-align: center; width: 9.76191%; height: 56px;\"><span style=\"font-size: 10pt; font-family: times new roman, times, serif;\">18.02.1636<\/span><\/td>\n<td style=\"text-align: justify; width: 52.3809%; height: 56px;\"><span style=\"font-size: 10pt; font-family: times new roman, times, serif;\"><em>Eodem sein Frau Elisabeth mit begraben worden.<\/em><\/span><\/td>\n<td style=\"width: 31.3096%; text-align: justify; height: 56px;\"><span style=\"font-size: 10pt; font-family: times new roman, times, serif;\">Fr\u00fccht (VG Bad Ems-Nassau, EMS)<\/span><\/td>\n<\/tr>\n<tr style=\"height: 56px;\">\n<td style=\"text-align: center; width: 6.42857%; height: 56px;\"><span style=\"font-size: 10pt; font-family: times new roman, times, serif;\">89<\/span><\/td>\n<td style=\"text-align: center; width: 9.76191%; height: 56px;\"><span style=\"font-size: 10pt; font-family: times new roman, times, serif;\">18.02.1636<\/span><\/td>\n<td style=\"text-align: justify; width: 52.3809%; height: 56px;\"><span style=\"font-size: 10pt; font-family: times new roman, times, serif;\"><em>Eodem Margreth, Barbel Han\u00dfen Frau von Fr\u00fccht.<\/em><\/span><\/td>\n<td style=\"width: 31.3096%; text-align: justify; height: 56px;\"><span style=\"font-size: 10pt; font-family: times new roman, times, serif;\">Fr\u00fccht (VG Bad Ems-Nassau, EMS)<\/span><\/td>\n<\/tr>\n<tr style=\"height: 56px;\">\n<td style=\"text-align: center; width: 6.42857%; height: 56px;\"><span style=\"font-size: 10pt; font-family: times new roman, times, serif;\">90<\/span><\/td>\n<td style=\"text-align: center; width: 9.76191%; height: 56px;\"><span style=\"font-size: 10pt; font-family: times new roman, times, serif;\">18.02.1636<\/span><\/td>\n<td style=\"text-align: justify; width: 52.3809%; height: 56px;\"><span style=\"font-size: 10pt; font-family: times new roman, times, serif;\"><em>Eodem Niclas Marxen Sohn von Fr\u00fccht.<\/em><\/span><\/td>\n<td style=\"width: 31.3096%; text-align: justify; height: 56px;\"><span style=\"font-size: 10pt; font-family: times new roman, times, serif;\">Fr\u00fccht (VG Bad Ems-Nassau, EMS)<\/span><\/td>\n<\/tr>\n<tr style=\"height: 56px;\">\n<td style=\"text-align: center; width: 6.42857%; height: 56px;\"><span style=\"font-size: 10pt; font-family: times new roman, times, serif;\">91<\/span><\/td>\n<td style=\"text-align: center; width: 9.76191%; height: 56px;\"><span style=\"font-size: 10pt; font-family: times new roman, times, serif;\">18.02.1636<\/span><\/td>\n<td style=\"text-align: justify; width: 52.3809%; height: 56px;\"><span style=\"font-size: 10pt; font-family: times new roman, times, serif;\"><em>Eodem Philips Adam. Michels Johannis Sohn von Fr\u00fccht<\/em><\/span><\/td>\n<td style=\"width: 31.3096%; text-align: justify; height: 56px;\"><span style=\"font-size: 10pt; font-family: times new roman, times, serif;\">Fr\u00fccht (VG Bad Ems-Nassau, EMS)<\/span><\/td>\n<\/tr>\n<tr style=\"height: 28px;\">\n<td style=\"text-align: center; width: 6.42857%; height: 28px;\"><span style=\"font-size: 10pt; font-family: times new roman, times, serif;\">92<\/span><\/td>\n<td style=\"text-align: center; width: 9.76191%; height: 28px;\"><span style=\"font-size: 10pt; font-family: times new roman, times, serif;\">18.02.1636<\/span><\/td>\n<td style=\"text-align: justify; width: 52.3809%; height: 28px;\"><span style=\"font-size: 10pt; font-family: times new roman, times, serif;\"><em>Eodem Eva, Wendel Hattenman\u00df Frau alhier.<\/em><\/span><\/td>\n<td style=\"width: 31.3096%; text-align: justify; height: 28px;\"><\/td>\n<\/tr>\n<tr style=\"height: 28px;\">\n<td style=\"text-align: center; width: 6.42857%; height: 28px;\"><span style=\"font-size: 10pt; font-family: times new roman, times, serif;\">93<\/span><\/td>\n<td style=\"text-align: center; width: 9.76191%; height: 28px;\"><span style=\"font-size: 10pt; font-family: times new roman, times, serif;\">18.02.1636<\/span><\/td>\n<td style=\"text-align: justify; width: 52.3809%; height: 28px;\"><span style=\"font-size: 10pt; font-family: times new roman, times, serif;\"><em>Eodem Just, Catharinen, der Schneiderin, Sohn, alhier.<\/em><\/span><\/td>\n<td style=\"width: 31.3096%; text-align: justify; height: 28px;\"><\/td>\n<\/tr>\n<tr style=\"height: 28px;\">\n<td style=\"text-align: center; width: 6.42857%; height: 28px;\"><span style=\"font-size: 10pt; font-family: times new roman, times, serif;\">94<\/span><\/td>\n<td style=\"text-align: center; width: 9.76191%; height: 28px;\"><span style=\"font-size: 10pt; font-family: times new roman, times, serif;\">18.02.1636<\/span><\/td>\n<td style=\"text-align: justify; width: 52.3809%; height: 28px;\"><span style=\"font-size: 10pt; font-family: times new roman, times, serif;\"><em>Eodem Peter Becker\u00df Anna Ursula begraben worden.<\/em><\/span><\/td>\n<td style=\"width: 31.3096%; text-align: justify; height: 28px;\"><\/td>\n<\/tr>\n<tr style=\"height: 56px;\">\n<td style=\"text-align: center; width: 6.42857%; height: 56px;\"><span style=\"font-size: 10pt; font-family: times new roman, times, serif;\">95<\/span><\/td>\n<td style=\"text-align: center; width: 9.76191%; height: 56px;\"><span style=\"font-size: 10pt; font-family: times new roman, times, serif;\">19.02.1636<\/span><\/td>\n<td style=\"text-align: justify; width: 52.3809%; height: 56px;\"><span style=\"font-size: 10pt; font-family: times new roman, times, serif;\"><em>19ten Feb[ruarii] ward begraben Catharina, Christman Schmidts Frau von Bechel.<\/em><\/span><\/td>\n<td style=\"width: 31.3096%; text-align: justify; height: 56px;\"><span style=\"font-size: 10pt; font-family: times new roman, times, serif;\">Becheln (VG Bad Ems-Nassau, EMS)<\/span><\/td>\n<\/tr>\n<tr style=\"height: 28px;\">\n<td style=\"text-align: center; width: 6.42857%; height: 28px;\"><span style=\"font-size: 10pt; font-family: times new roman, times, serif;\">96<\/span><\/td>\n<td style=\"text-align: center; width: 9.76191%; height: 28px;\"><span style=\"font-size: 10pt; font-family: times new roman, times, serif;\">19.02.1636<\/span><\/td>\n<td style=\"text-align: justify; width: 52.3809%; height: 28px;\"><span style=\"font-size: 10pt; font-family: times new roman, times, serif;\"><em>Eodem Peter Hinderwaller von Bacheimb.<\/em><\/span><\/td>\n<td style=\"width: 31.3096%; text-align: justify; height: 28px;\"><span style=\"font-size: 10pt; font-family: times new roman, times, serif;\">Bachheim (VG Nast\u00e4tten, EMS)<\/span><\/td>\n<\/tr>\n<tr style=\"height: 28px;\">\n<td style=\"text-align: center; width: 6.42857%; height: 28px;\"><span style=\"font-size: 10pt; font-family: times new roman, times, serif;\">97<\/span><\/td>\n<td style=\"text-align: center; width: 9.76191%; height: 28px;\"><span style=\"font-size: 10pt; font-family: times new roman, times, serif;\">19.02.1636<\/span><\/td>\n<td style=\"text-align: justify; width: 52.3809%; height: 28px;\"><span style=\"font-size: 10pt; font-family: times new roman, times, serif;\"><em>Eodem ward bergraben Maria, Donges Lutzen Frau.<\/em><\/span><\/td>\n<td style=\"width: 31.3096%; text-align: justify; height: 28px;\"><\/td>\n<\/tr>\n<tr style=\"height: 56px;\">\n<td style=\"text-align: center; width: 6.42857%; height: 56px;\"><span style=\"font-size: 10pt; font-family: times new roman, times, serif;\">98<\/span><\/td>\n<td style=\"text-align: center; width: 9.76191%; height: 56px;\"><span style=\"font-size: 10pt; font-family: times new roman, times, serif;\">19.02.1636<\/span><\/td>\n<td style=\"text-align: justify; width: 52.3809%; height: 56px;\"><span style=\"font-size: 10pt; font-family: times new roman, times, serif;\"><em>Eodem Anna, Niclau\u00df Habeln Frau von Bechel.<\/em><\/span><\/td>\n<td style=\"width: 31.3096%; text-align: justify; height: 56px;\"><span style=\"font-size: 10pt; font-family: times new roman, times, serif;\">Becheln (VG Bad Ems-Nassau, EMS)<\/span><\/td>\n<\/tr>\n<tr style=\"height: 56px;\">\n<td style=\"text-align: center; width: 6.42857%; height: 56px;\"><span style=\"font-size: 10pt; font-family: times new roman, times, serif;\">99<\/span><\/td>\n<td style=\"text-align: center; width: 9.76191%; height: 56px;\"><span style=\"font-size: 10pt; font-family: times new roman, times, serif;\">19.02.1636<\/span><\/td>\n<td style=\"text-align: justify; width: 52.3809%; height: 56px;\"><span style=\"font-size: 10pt; font-family: times new roman, times, serif;\"><em>Eodem hat Donges M\u00f6tter von Daxenhau\u00dfen ein Kind begraben lassen, Elisabetha.<\/em><\/span><\/td>\n<td style=\"width: 31.3096%; text-align: justify; height: 56px;\"><span style=\"font-size: 10pt; font-family: times new roman, times, serif;\">Dachsenhausen (VG Loreley, EMS)<\/span><\/td>\n<\/tr>\n<tr style=\"height: 56px;\">\n<td style=\"text-align: center; width: 6.42857%; height: 56px;\"><span style=\"font-size: 10pt; font-family: times new roman, times, serif;\">100<\/span><\/td>\n<td style=\"text-align: center; width: 9.76191%; height: 56px;\"><span style=\"font-size: 10pt; font-family: times new roman, times, serif;\">20.02.1636<\/span><\/td>\n<td style=\"text-align: justify; width: 52.3809%; height: 56px;\"><span style=\"font-size: 10pt; font-family: times new roman, times, serif;\"><em>20ten Feb[ruarii] ist Apollonia, eine Frau von Dessioben, begraben worden.<\/em><\/span><\/td>\n<td style=\"width: 31.3096%; text-align: justify; height: 56px;\"><span style=\"font-size: 10pt; font-family: times new roman, times, serif;\">Dessighofen (VG Bad Ems-Nassau, EMS)<\/span><\/td>\n<\/tr>\n<tr style=\"height: 56px;\">\n<td style=\"text-align: center; width: 6.42857%; height: 56px;\"><span style=\"font-size: 10pt; font-family: times new roman, times, serif;\">101<\/span><\/td>\n<td style=\"text-align: center; width: 9.76191%; height: 56px;\"><span style=\"font-size: 10pt; font-family: times new roman, times, serif;\">20.02.1636<\/span><\/td>\n<td style=\"text-align: justify; width: 52.3809%; height: 56px;\"><span style=\"font-size: 10pt; font-family: times new roman, times, serif;\"><em>Eodem (\u2026) von Daxenhau\u00dfen.<\/em><\/span><\/td>\n<td style=\"width: 31.3096%; text-align: justify; height: 56px;\"><span style=\"font-size: 10pt; font-family: times new roman, times, serif;\">Dachsenhausen (VG Loreley, EMS)<\/span><\/td>\n<\/tr>\n<tr style=\"height: 56px;\">\n<td style=\"text-align: center; width: 6.42857%; height: 56px;\"><span style=\"font-size: 10pt; font-family: times new roman, times, serif;\">102<\/span><\/td>\n<td style=\"text-align: center; width: 9.76191%; height: 56px;\"><span style=\"font-size: 10pt; font-family: times new roman, times, serif;\">21.02.1636<\/span><\/td>\n<td style=\"text-align: justify; width: 52.3809%; height: 56px;\"><span style=\"font-size: 10pt; font-family: times new roman, times, serif;\"><em>21ten Feb[ruarii], auf Sontag Sexag[esima], ward Emrichs Jungen Dochter von Marienfels begraben, Anna Catharina.<\/em><\/span><\/td>\n<td style=\"width: 31.3096%; text-align: justify; height: 56px;\"><span style=\"font-size: 10pt; font-family: times new roman, times, serif;\">Marienfels (VG Nast\u00e4tten, EMS)<\/span><\/td>\n<\/tr>\n<tr style=\"height: 28px;\">\n<td style=\"text-align: center; width: 6.42857%; height: 28px;\"><span style=\"font-size: 10pt; font-family: times new roman, times, serif;\">103<\/span><\/td>\n<td style=\"text-align: center; width: 9.76191%; height: 28px;\"><span style=\"font-size: 10pt; font-family: times new roman, times, serif;\">21.02.1636<\/span><\/td>\n<td style=\"text-align: justify; width: 52.3809%; height: 28px;\"><span style=\"font-size: 10pt; font-family: times new roman, times, serif;\"><em>Eodem ward Elisabeth, Alexanders Dochter, begraben.<\/em><\/span><\/td>\n<td style=\"width: 31.3096%; text-align: justify; height: 28px;\"><\/td>\n<\/tr>\n<tr style=\"height: 56px;\">\n<td style=\"text-align: center; width: 6.42857%; height: 56px;\"><span style=\"font-size: 10pt; font-family: times new roman, times, serif;\">104<\/span><\/td>\n<td style=\"text-align: center; width: 9.76191%; height: 56px;\"><span style=\"font-size: 10pt; font-family: times new roman, times, serif;\">22.02.1636<\/span><\/td>\n<td style=\"text-align: justify; width: 52.3809%; height: 56px;\"><span style=\"font-size: 10pt; font-family: times new roman, times, serif;\"><em>22ten Feb[ruarii] ist Anna Elisabeth, Emerich Dinenthals Fraw begraben worden.<\/em><\/span><\/td>\n<td style=\"width: 31.3096%; text-align: justify; height: 56px;\"><\/td>\n<\/tr>\n<tr style=\"height: 28px;\">\n<td style=\"text-align: center; width: 6.42857%; height: 28px;\"><span style=\"font-size: 10pt; font-family: times new roman, times, serif;\">105<\/span><\/td>\n<td style=\"text-align: center; width: 9.76191%; height: 28px;\"><span style=\"font-size: 10pt; font-family: times new roman, times, serif;\">22.02.1636<\/span><\/td>\n<td style=\"text-align: justify; width: 52.3809%; height: 28px;\"><span style=\"font-size: 10pt; font-family: times new roman, times, serif;\"><em>Eodem ward Han\u00df, Just Schneiers Bub, begraben.<\/em><\/span><\/td>\n<td style=\"width: 31.3096%; text-align: justify; height: 28px;\"><\/td>\n<\/tr>\n<tr style=\"height: 56px;\">\n<td style=\"text-align: center; width: 6.42857%; height: 56px;\"><span style=\"font-size: 10pt; font-family: times new roman, times, serif;\">106<\/span><\/td>\n<td style=\"text-align: center; width: 9.76191%; height: 56px;\"><span style=\"font-size: 10pt; font-family: times new roman, times, serif;\">22.02.1636<\/span><\/td>\n<td style=\"text-align: justify; width: 52.3809%; height: 56px;\"><span style=\"font-size: 10pt; font-family: times new roman, times, serif;\"><em>Eodem Niclas Sommer von Ober Bacheimb begraben worden.<\/em><\/span><\/td>\n<td style=\"width: 31.3096%; text-align: justify; height: 56px;\"><span style=\"font-size: 10pt; font-family: times new roman, times, serif;\">Oberbachheim (VG Nast\u00e4tten, EMS)<\/span><\/td>\n<\/tr>\n<tr style=\"height: 56px;\">\n<td style=\"text-align: center; width: 6.42857%; height: 56px;\"><span style=\"font-size: 10pt; font-family: times new roman, times, serif;\">107<\/span><\/td>\n<td style=\"text-align: center; width: 9.76191%; height: 56px;\"><span style=\"font-size: 10pt; font-family: times new roman, times, serif;\">22.02.1636<\/span><\/td>\n<td style=\"text-align: justify; width: 52.3809%; height: 56px;\"><span style=\"font-size: 10pt; font-family: times new roman, times, serif;\"><em>Eodem Johan Peter, Jacob Lauers Sohn [von] Spey, begraben worden<\/em><\/span><\/td>\n<td style=\"width: 31.3096%; text-align: justify; height: 56px;\"><span style=\"font-size: 10pt; font-family: times new roman, times, serif;\">Spay (VG Rhein-Mosel, Lkr. Mayen-Koblenz)<\/span><\/td>\n<\/tr>\n<tr style=\"height: 56px;\">\n<td style=\"text-align: center; width: 6.42857%; height: 56px;\"><span style=\"font-size: 10pt; font-family: times new roman, times, serif;\">108<\/span><\/td>\n<td style=\"text-align: center; width: 9.76191%; height: 56px;\"><span style=\"font-size: 10pt; font-family: times new roman, times, serif;\">22.02.1636<\/span><\/td>\n<td style=\"text-align: justify; width: 52.3809%; height: 56px;\"><span style=\"font-size: 10pt; font-family: times new roman, times, serif;\"><em>Eodem ein Kind von Nider Bacheimb, Anna Eva, Philips Buffen Dochter.<\/em><\/span><\/td>\n<td style=\"width: 31.3096%; text-align: justify; height: 56px;\"><span style=\"font-size: 10pt; font-family: times new roman, times, serif;\">Niederbachheim (VG Nast\u00e4tten, EMS)<\/span><\/td>\n<\/tr>\n<tr style=\"height: 28px;\">\n<td style=\"text-align: center; width: 6.42857%; height: 28px;\"><span style=\"font-size: 10pt; font-family: times new roman, times, serif;\">109<\/span><\/td>\n<td style=\"text-align: center; width: 9.76191%; height: 28px;\"><span style=\"font-size: 10pt; font-family: times new roman, times, serif;\">23.02.1636<\/span><\/td>\n<td style=\"text-align: justify; width: 52.3809%; height: 28px;\"><span style=\"font-size: 10pt; font-family: times new roman, times, serif;\"><em>23ten Feb[ruarii] ist Han\u00df Donges, Han\u00df M\u00f6tters Sohn, begraben worden.<\/em><\/span><\/td>\n<td style=\"width: 31.3096%; text-align: justify; height: 28px;\"><\/td>\n<\/tr>\n<tr style=\"height: 56px;\">\n<td style=\"text-align: center; width: 6.42857%; height: 56px;\"><span style=\"font-size: 10pt; font-family: times new roman, times, serif;\">110<\/span><\/td>\n<td style=\"text-align: center; width: 9.76191%; height: 56px;\"><span style=\"font-size: 10pt; font-family: times new roman, times, serif;\">23.02.1636<\/span><\/td>\n<td style=\"text-align: justify; width: 52.3809%; height: 56px;\"><span style=\"font-size: 10pt; font-family: times new roman, times, serif;\"><em>Eodem Catharina, Marxen Dochter von Fr\u00fccht, begraben worden.<\/em><\/span><\/td>\n<td style=\"width: 31.3096%; text-align: justify; height: 56px;\"><span style=\"font-size: 10pt; font-family: times new roman, times, serif;\">Fr\u00fccht (VG Bad Ems-Nassau, EMS)<\/span><\/td>\n<\/tr>\n<tr style=\"height: 56px;\">\n<td style=\"text-align: center; width: 6.42857%; height: 56px;\"><span style=\"font-size: 10pt; font-family: times new roman, times, serif;\">111<\/span><\/td>\n<td style=\"text-align: center; width: 9.76191%; height: 56px;\"><span style=\"font-size: 10pt; font-family: times new roman, times, serif;\">23.02.1636<\/span><\/td>\n<td style=\"text-align: justify; width: 52.3809%; height: 56px;\"><span style=\"font-size: 10pt; font-family: times new roman, times, serif;\"><em>Eodem Arnold, sein Enckel, begraben worden.<\/em><\/span><\/td>\n<td style=\"width: 31.3096%; text-align: justify; height: 56px;\"><span style=\"font-size: 10pt; font-family: times new roman, times, serif;\">Fr\u00fccht (VG Bad Ems-Nassau, EMS)<\/span><\/td>\n<\/tr>\n<tr style=\"height: 56px;\">\n<td style=\"text-align: center; width: 6.42857%; height: 56px;\"><span style=\"font-size: 10pt; font-family: times new roman, times, serif;\">112<\/span><\/td>\n<td style=\"text-align: center; width: 9.76191%; height: 56px;\"><span style=\"font-size: 10pt; font-family: times new roman, times, serif;\">24.02.1636<\/span><\/td>\n<td style=\"text-align: justify; width: 52.3809%; height: 56px;\"><span style=\"font-size: 10pt; font-family: times new roman, times, serif;\"><em>24ten Feb[ruarii] ist Herr Johan Jacob Werner[us], Pfarrer von Emb\u00df begraben vnd alhier in die Pfarrkirch geleget.<\/em><\/span><\/td>\n<td style=\"width: 31.3096%; text-align: justify; height: 56px;\"><span style=\"font-size: 10pt; font-family: times new roman, times, serif;\">Ems (VG Bad Ems-Nassau, EMS)<\/span><\/td>\n<\/tr>\n<tr style=\"height: 56px;\">\n<td style=\"text-align: center; width: 6.42857%; height: 56px;\"><span style=\"font-size: 10pt; font-family: times new roman, times, serif;\">113<\/span><\/td>\n<td style=\"text-align: center; width: 9.76191%; height: 56px;\"><span style=\"font-size: 10pt; font-family: times new roman, times, serif;\">24.02.1636<\/span><\/td>\n<td style=\"text-align: justify; width: 52.3809%; height: 56px;\"><span style=\"font-size: 10pt; font-family: times new roman, times, serif;\"><em>Eodem Philips M\u00f6tter von Daxenhau\u00dfen begraben worden.<\/em><\/span><\/td>\n<td style=\"width: 31.3096%; text-align: justify; height: 56px;\"><span style=\"font-size: 10pt; font-family: times new roman, times, serif;\">Dachsenhausen (VG Loreley, EMS)<\/span><\/td>\n<\/tr>\n<tr style=\"height: 28px;\">\n<td style=\"text-align: center; width: 6.42857%; height: 28px;\"><span style=\"font-size: 10pt; font-family: times new roman, times, serif;\">114<\/span><\/td>\n<td style=\"text-align: center; width: 9.76191%; height: 28px;\"><span style=\"font-size: 10pt; font-family: times new roman, times, serif;\">25.02.1636<\/span><\/td>\n<td style=\"text-align: justify; width: 52.3809%; height: 28px;\"><span style=\"font-size: 10pt; font-family: times new roman, times, serif;\"><em>25ten Feb[ruarii] ist Agnes, Johannis Schuls Frau begraben worden.<\/em><\/span><\/td>\n<td style=\"width: 31.3096%; text-align: justify; height: 28px;\"><\/td>\n<\/tr>\n<tr style=\"height: 28px;\">\n<td style=\"text-align: center; width: 6.42857%; height: 28px;\"><span style=\"font-size: 10pt; font-family: times new roman, times, serif;\">115<\/span><\/td>\n<td style=\"text-align: center; width: 9.76191%; height: 28px;\"><span style=\"font-size: 10pt; font-family: times new roman, times, serif;\">26.02.1636<\/span><\/td>\n<td style=\"text-align: justify; width: 52.3809%; height: 28px;\"><span style=\"font-size: 10pt; font-family: times new roman, times, serif;\"><em>26ten Feb[ruarii] ward Ursula, Henrich Weiganden Frau, begraben.<\/em><\/span><\/td>\n<td style=\"width: 31.3096%; text-align: justify; height: 28px;\"><\/td>\n<\/tr>\n<tr style=\"height: 28px;\">\n<td style=\"text-align: center; width: 6.42857%; height: 28px;\"><span style=\"font-size: 10pt; font-family: times new roman, times, serif;\">116<\/span><\/td>\n<td style=\"text-align: center; width: 9.76191%; height: 28px;\"><span style=\"font-size: 10pt; font-family: times new roman, times, serif;\">26.02.1636<\/span><\/td>\n<td style=\"text-align: justify; width: 52.3809%; height: 28px;\"><span style=\"font-size: 10pt; font-family: times new roman, times, serif;\"><em>Eodem Reiffard Hoffman\u00df Frau von Mihlem Anna.<\/em><\/span><\/td>\n<td style=\"width: 31.3096%; text-align: justify; height: 28px;\"><span style=\"font-size: 10pt; font-family: times new roman, times, serif;\">Miehlen (VG Nast\u00e4tten, EMS)<\/span><\/td>\n<\/tr>\n<tr style=\"height: 28px;\">\n<td style=\"text-align: center; width: 6.42857%; height: 28px;\"><span style=\"font-size: 10pt; font-family: times new roman, times, serif;\">117<\/span><\/td>\n<td style=\"text-align: center; width: 9.76191%; height: 28px;\"><span style=\"font-size: 10pt; font-family: times new roman, times, serif;\">26.02.1636<\/span><\/td>\n<td style=\"text-align: justify; width: 52.3809%; height: 28px;\"><span style=\"font-size: 10pt; font-family: times new roman, times, serif;\"><em>Eodem Agnes, ir Dochterlein.<\/em><\/span><\/td>\n<td style=\"width: 31.3096%; text-align: justify; height: 28px;\"><span style=\"font-size: 10pt; font-family: times new roman, times, serif;\">Miehlen (VG Nast\u00e4tten, EMS)<\/span><\/td>\n<\/tr>\n<tr style=\"height: 56px;\">\n<td style=\"text-align: center; width: 6.42857%; height: 56px;\"><span style=\"font-size: 10pt; font-family: times new roman, times, serif;\">118<\/span><\/td>\n<td style=\"text-align: center; width: 9.76191%; height: 56px;\"><span style=\"font-size: 10pt; font-family: times new roman, times, serif;\">26.02.1636<\/span><\/td>\n<td style=\"text-align: justify; width: 52.3809%; height: 56px;\"><span style=\"font-size: 10pt; font-family: times new roman, times, serif;\"><em>Eodem ein Kind von Fr\u00fccht, Anna, Emerich Diln Dochter.<\/em><\/span><\/td>\n<td style=\"width: 31.3096%; text-align: justify; height: 56px;\"><span style=\"font-size: 10pt; font-family: times new roman, times, serif;\">Fr\u00fccht (VG Bad Ems-Nassau, EMS)<\/span><\/td>\n<\/tr>\n<tr style=\"height: 56px;\">\n<td style=\"text-align: center; width: 6.42857%; height: 56px;\"><span style=\"font-size: 10pt; font-family: times new roman, times, serif;\">119<\/span><\/td>\n<td style=\"text-align: center; width: 9.76191%; height: 56px;\"><span style=\"font-size: 10pt; font-family: times new roman, times, serif;\">28.02.1636<\/span><\/td>\n<td style=\"text-align: justify; width: 52.3809%; height: 56px;\"><span style=\"font-size: 10pt; font-family: times new roman, times, serif;\"><em>28ten Feb[ruarii] Gutha von Geissig, Peter Hoffmans Frau, begraben worden.<\/em><\/span><\/td>\n<td style=\"width: 31.3096%; text-align: justify; height: 56px;\"><span style=\"font-size: 10pt; font-family: times new roman, times, serif;\">Geisig (VG Bad Ems-Nassau, EMS)<\/span><\/td>\n<\/tr>\n<tr style=\"height: 56px;\">\n<td style=\"text-align: center; width: 6.42857%; height: 56px;\"><span style=\"font-size: 10pt; font-family: times new roman, times, serif;\">120<\/span><\/td>\n<td style=\"text-align: center; width: 9.76191%; height: 56px;\"><span style=\"font-size: 10pt; font-family: times new roman, times, serif;\">28.02.1636<\/span><\/td>\n<td style=\"text-align: justify; width: 52.3809%; height: 56px;\"><span style=\"font-size: 10pt; font-family: times new roman, times, serif;\"><em>Eodem Johannet, Emerich Schneen Dochter von Daxenhau\u00dfen.<\/em><\/span><\/td>\n<td style=\"width: 31.3096%; text-align: justify; height: 56px;\"><span style=\"font-size: 10pt; font-family: times new roman, times, serif;\">Dachsenhausen (VG Loreley, EMS)<\/span><\/td>\n<\/tr>\n<tr style=\"height: 28px;\">\n<td style=\"text-align: center; width: 6.42857%; height: 28px;\"><span style=\"font-size: 10pt; font-family: times new roman, times, serif;\">121<\/span><\/td>\n<td style=\"text-align: center; width: 9.76191%; height: 28px;\"><span style=\"font-size: 10pt; font-family: times new roman, times, serif;\">28.02.1636<\/span><\/td>\n<td style=\"text-align: justify; width: 52.3809%; height: 28px;\"><span style=\"font-size: 10pt; font-family: times new roman, times, serif;\"><em>Eodem Margreth, Emerich Jungen Widwe von Holtzhau\u00dfen.<\/em><\/span><\/td>\n<td style=\"width: 31.3096%; text-align: justify; height: 28px;\"><span style=\"font-size: 10pt; font-family: times new roman, times, serif;\">Holzhausen (welches ?)<\/span><\/td>\n<\/tr>\n<tr style=\"height: 56px;\">\n<td style=\"text-align: center; width: 6.42857%; height: 56px;\"><span style=\"font-size: 10pt; font-family: times new roman, times, serif;\">122<\/span><\/td>\n<td style=\"text-align: center; width: 9.76191%; height: 56px;\"><span style=\"font-size: 10pt; font-family: times new roman, times, serif;\">28.02.1636<\/span><\/td>\n<td style=\"text-align: justify; width: 52.3809%; height: 56px;\"><span style=\"font-size: 10pt; font-family: times new roman, times, serif;\"><em>Eodem Jacob, Philips Soller\u00df Sohn von Gemmerick.<\/em><\/span><\/td>\n<td style=\"width: 31.3096%; text-align: justify; height: 56px;\"><span style=\"font-size: 10pt; font-family: times new roman, times, serif;\">Gemmerich (VG Nast\u00e4tten, EMS)<\/span><\/td>\n<\/tr>\n<tr style=\"height: 28px;\">\n<td style=\"text-align: center; width: 6.42857%; height: 28px;\"><span style=\"font-size: 10pt; font-family: times new roman, times, serif;\">123<\/span><\/td>\n<td style=\"text-align: center; width: 9.76191%; height: 28px;\"><span style=\"font-size: 10pt; font-family: times new roman, times, serif;\">28.02.1636<\/span><\/td>\n<td style=\"text-align: justify; width: 52.3809%; height: 28px;\"><span style=\"font-size: 10pt; font-family: times new roman, times, serif;\"><em>Eodem ist Catharina, Hans Giessen Dochter begraben worden.<\/em><\/span><\/td>\n<td style=\"width: 31.3096%; text-align: justify; height: 28px;\"><\/td>\n<\/tr>\n<tr style=\"height: 28px;\">\n<td style=\"text-align: center; width: 6.42857%; height: 28px;\"><span style=\"font-size: 10pt; font-family: times new roman, times, serif;\">124<\/span><\/td>\n<td style=\"text-align: center; width: 9.76191%; height: 28px;\"><span style=\"font-size: 10pt; font-family: times new roman, times, serif;\">28.02.1636<\/span><\/td>\n<td style=\"text-align: justify; width: 52.3809%; height: 28px;\"><span style=\"font-size: 10pt; font-family: times new roman, times, serif;\"><em>Eodem ward Johannet, Emerich Jungen Dochter, begraben.<\/em><\/span><\/td>\n<td style=\"width: 31.3096%; text-align: justify; height: 28px;\"><\/td>\n<\/tr>\n<tr style=\"height: 56px;\">\n<td style=\"text-align: center; width: 6.42857%; height: 56px;\"><span style=\"font-size: 10pt; font-family: times new roman, times, serif;\">125<\/span><\/td>\n<td style=\"text-align: center; width: 9.76191%; height: 56px;\"><span style=\"font-size: 10pt; font-family: times new roman, times, serif;\">29.02.1636<\/span><\/td>\n<td style=\"text-align: justify; width: 52.3809%; height: 56px;\"><span style=\"font-size: 10pt; font-family: times new roman, times, serif;\"><em>29ten Feb[ruarii] ward Maria, Marxen Frau von Fr\u00fccht, begraben.<\/em><\/span><\/td>\n<td style=\"width: 31.3096%; text-align: justify; height: 56px;\"><span style=\"font-size: 10pt; font-family: times new roman, times, serif;\">Fr\u00fccht (VG Bad Ems-Nassau, EMS)<\/span><\/td>\n<\/tr>\n<tr style=\"height: 28px;\">\n<td style=\"text-align: center; width: 6.42857%; height: 28px;\"><span style=\"font-size: 10pt; font-family: times new roman, times, serif;\">126<\/span><\/td>\n<td style=\"text-align: center; width: 9.76191%; height: 28px;\"><span style=\"font-size: 10pt; font-family: times new roman, times, serif;\">29.02.1636<\/span><\/td>\n<td style=\"text-align: justify; width: 52.3809%; height: 28px;\"><span style=\"font-size: 10pt; font-family: times new roman, times, serif;\"><em>Eodem ward Reiffard, Emerich Jungen Sohn, begraben.<\/em><\/span><\/td>\n<td style=\"width: 31.3096%; text-align: justify; height: 28px;\"><\/td>\n<\/tr>\n<tr style=\"height: 28px;\">\n<td style=\"text-align: center; width: 6.42857%; height: 28px;\"><span style=\"font-size: 10pt; font-family: times new roman, times, serif;\">127<\/span><\/td>\n<td style=\"text-align: center; width: 9.76191%; height: 28px;\"><span style=\"font-size: 10pt; font-family: times new roman, times, serif;\">29.02.1636<\/span><\/td>\n<td style=\"text-align: justify; width: 52.3809%; height: 28px;\"><span style=\"font-size: 10pt; font-family: times new roman, times, serif;\"><em>Eodem ward Han\u00df Conrad, Johannis Leydecker\u00df Sohn alhier.<\/em><\/span><\/td>\n<td style=\"width: 31.3096%; text-align: justify; height: 28px;\"><\/td>\n<\/tr>\n<tr style=\"height: 28px;\">\n<td style=\"text-align: center; width: 6.42857%; height: 28px;\"><span style=\"font-size: 10pt; font-family: times new roman, times, serif;\">128<\/span><\/td>\n<td style=\"text-align: center; width: 9.76191%; height: 28px;\"><span style=\"font-size: 10pt; font-family: times new roman, times, serif;\">02.03.1636<\/span><\/td>\n<td style=\"text-align: justify; width: 52.3809%; height: 28px;\"><span style=\"font-size: 10pt; font-family: times new roman, times, serif;\"><em>2ten Martij ward Catharina, Han\u00df Crebsen Widwe, begraben.<\/em><\/span><\/td>\n<td style=\"width: 31.3096%; text-align: justify; height: 28px;\"><\/td>\n<\/tr>\n<tr style=\"height: 28px;\">\n<td style=\"text-align: center; width: 6.42857%; height: 28px;\"><span style=\"font-size: 10pt; font-family: times new roman, times, serif;\">129<\/span><\/td>\n<td style=\"text-align: center; width: 9.76191%; height: 28px;\"><span style=\"font-size: 10pt; font-family: times new roman, times, serif;\">02.03.1636<\/span><\/td>\n<td style=\"text-align: justify; width: 52.3809%; height: 28px;\"><span style=\"font-size: 10pt; font-family: times new roman, times, serif;\"><em>Eodem Maria Lie\u00df, Martin Haucken Dochter<\/em><\/span><\/td>\n<td style=\"width: 31.3096%; text-align: justify; height: 28px;\"><\/td>\n<\/tr>\n<tr style=\"height: 28px;\">\n<td style=\"text-align: center; width: 6.42857%; height: 28px;\"><span style=\"font-size: 10pt; font-family: times new roman, times, serif;\">130<\/span><\/td>\n<td style=\"text-align: center; width: 9.76191%; height: 28px;\"><span style=\"font-size: 10pt; font-family: times new roman, times, serif;\">02.03.1636<\/span><\/td>\n<td style=\"text-align: justify; width: 52.3809%; height: 28px;\"><span style=\"font-size: 10pt; font-family: times new roman, times, serif;\"><em>Eodem Anna Maria, Jacob M\u00f6tter\u00df Dochter von Daxenhaussen.<\/em><\/span><\/td>\n<td style=\"width: 31.3096%; text-align: justify; height: 28px;\"><\/td>\n<\/tr>\n<tr style=\"height: 28px;\">\n<td style=\"text-align: center; width: 6.42857%; height: 28px;\"><span style=\"font-size: 10pt; font-family: times new roman, times, serif;\">131<\/span><\/td>\n<td style=\"text-align: center; width: 9.76191%; height: 28px;\"><span style=\"font-size: 10pt; font-family: times new roman, times, serif;\">02.03.1636<\/span><\/td>\n<td style=\"text-align: justify; width: 52.3809%; height: 28px;\"><span style=\"font-size: 10pt; font-family: times new roman, times, serif;\"><em>Eodem ward Johannes Ludwigs Sohn von Mihlem begraben.<\/em><\/span><\/td>\n<td style=\"width: 31.3096%; text-align: justify; height: 28px;\"><span style=\"font-size: 10pt; font-family: times new roman, times, serif;\">Miehlen (VG Nast\u00e4tten, EMS)<\/span><\/td>\n<\/tr>\n<tr style=\"height: 56px;\">\n<td style=\"text-align: center; width: 6.42857%; height: 56px;\"><span style=\"font-size: 10pt; font-family: times new roman, times, serif;\">132<\/span><\/td>\n<td style=\"text-align: center; width: 9.76191%; height: 56px;\"><span style=\"font-size: 10pt; font-family: times new roman, times, serif;\">03.03.1636<\/span><\/td>\n<td style=\"text-align: justify; width: 52.3809%; height: 56px;\"><span style=\"font-size: 10pt; font-family: times new roman, times, serif;\"><em>3ten Martij ist Johannes, Daniel Bacheimbs Sohn von Winterwerb, begraben worden.<\/em><\/span><\/td>\n<td style=\"width: 31.3096%; text-align: justify; height: 56px;\"><span style=\"font-size: 10pt; font-family: times new roman, times, serif;\">Winterwerb (VG Nast\u00e4tten, EMS)<\/span><\/td>\n<\/tr>\n<tr style=\"height: 56px;\">\n<td style=\"text-align: center; width: 6.42857%; height: 56px;\"><span style=\"font-size: 10pt; font-family: times new roman, times, serif;\">133<\/span><\/td>\n<td style=\"text-align: center; width: 9.76191%; height: 56px;\"><span style=\"font-size: 10pt; font-family: times new roman, times, serif;\">04.03.1636<\/span><\/td>\n<td style=\"text-align: justify; width: 52.3809%; height: 56px;\"><span style=\"font-size: 10pt; font-family: times new roman, times, serif;\"><em>4ten Martij Johannes, Niclas Wehrman\u00df Sohn von Daxenhau\u00dfen.<\/em><\/span><\/td>\n<td style=\"width: 31.3096%; text-align: justify; height: 56px;\"><span style=\"font-size: 10pt; font-family: times new roman, times, serif;\">Dachsenhausen (VG Loreley, EMS)<\/span><\/td>\n<\/tr>\n<tr style=\"height: 28px;\">\n<td style=\"text-align: center; width: 6.42857%; height: 28px;\"><span style=\"font-size: 10pt; font-family: times new roman, times, serif;\">134<\/span><\/td>\n<td style=\"text-align: center; width: 9.76191%; height: 28px;\"><span style=\"font-size: 10pt; font-family: times new roman, times, serif;\">04.03.1636<\/span><\/td>\n<td style=\"text-align: justify; width: 52.3809%; height: 28px;\"><span style=\"font-size: 10pt; font-family: times new roman, times, serif;\"><em>Eodem Elisabeth, Bernhard Leydecker\u00df Dochter, begraben.<\/em><\/span><\/td>\n<td style=\"width: 31.3096%; text-align: justify; height: 28px;\"><\/td>\n<\/tr>\n<tr style=\"height: 56px;\">\n<td style=\"text-align: center; width: 6.42857%; height: 56px;\"><span style=\"font-size: 10pt; font-family: times new roman, times, serif;\">135<\/span><\/td>\n<td style=\"text-align: center; width: 9.76191%; height: 56px;\"><span style=\"font-size: 10pt; font-family: times new roman, times, serif;\">04.03.1636<\/span><\/td>\n<td style=\"text-align: justify; width: 52.3809%; height: 56px;\"><span style=\"font-size: 10pt; font-family: times new roman, times, serif;\"><em>Eodem Christina, ein Frau von Soltzbach, so hiebevor alhir in der gemeine M\u00fcll gewesen.<\/em><\/span><\/td>\n<td style=\"width: 31.3096%; text-align: justify; height: 56px;\"><span style=\"font-size: 10pt; font-family: times new roman, times, serif;\">Sulzbach (VG Bad Ems-Nassau, EMS)<\/span><\/td>\n<\/tr>\n<tr style=\"height: 56px;\">\n<td style=\"text-align: center; width: 6.42857%; height: 56px;\"><span style=\"font-size: 10pt; font-family: times new roman, times, serif;\">136<\/span><\/td>\n<td style=\"text-align: center; width: 9.76191%; height: 56px;\"><span style=\"font-size: 10pt; font-family: times new roman, times, serif;\">04.03.1636<\/span><\/td>\n<td style=\"text-align: justify; width: 52.3809%; height: 56px;\"><span style=\"font-size: 10pt; font-family: times new roman, times, serif;\"><em>Eodem Thomas Himmerich von Fr\u00fccht begraben worden.<\/em><\/span><\/td>\n<td style=\"width: 31.3096%; text-align: justify; height: 56px;\"><span style=\"font-size: 10pt; font-family: times new roman, times, serif;\">Fr\u00fccht (VG Bad Ems-Nassau, EMS)<\/span><\/td>\n<\/tr>\n<tr style=\"height: 28px;\">\n<td style=\"text-align: center; width: 6.42857%; height: 28px;\"><span style=\"font-size: 10pt; font-family: times new roman, times, serif;\">137<\/span><\/td>\n<td style=\"text-align: center; width: 9.76191%; height: 28px;\"><span style=\"font-size: 10pt; font-family: times new roman, times, serif;\">05.03.1636<\/span><\/td>\n<td style=\"text-align: justify; width: 52.3809%; height: 28px;\"><span style=\"font-size: 10pt; font-family: times new roman, times, serif;\"><em>5ten Martij ist Agnes, die Wechterin von Marcsburg, begraben.<\/em><\/span><\/td>\n<td style=\"width: 31.3096%; text-align: justify; height: 28px;\"><\/td>\n<\/tr>\n<tr style=\"height: 56px;\">\n<td style=\"text-align: center; width: 6.42857%; height: 56px;\"><span style=\"font-size: 10pt; font-family: times new roman, times, serif;\">138<\/span><\/td>\n<td style=\"text-align: center; width: 9.76191%; height: 56px;\"><span style=\"font-size: 10pt; font-family: times new roman, times, serif;\">05.03.1636<\/span><\/td>\n<td style=\"text-align: justify; width: 52.3809%; height: 56px;\"><span style=\"font-size: 10pt; font-family: times new roman, times, serif;\"><em>Eodem ward Niclas Donges von Daxenhau\u00dfen begraben.<\/em><\/span><\/td>\n<td style=\"width: 31.3096%; text-align: justify; height: 56px;\"><span style=\"font-size: 10pt; font-family: times new roman, times, serif;\">Dachsenhausen (VG Loreley, EMS)<br \/>\n(OFB Dachsenhausen, Nr. 0458)<br \/>\n<\/span><\/td>\n<\/tr>\n<tr style=\"height: 56px;\">\n<td style=\"text-align: center; width: 6.42857%; height: 56px;\"><span style=\"font-size: 10pt; font-family: times new roman, times, serif;\">139<\/span><\/td>\n<td style=\"text-align: center; width: 9.76191%; height: 56px;\"><span style=\"font-size: 10pt; font-family: times new roman, times, serif;\">05.03.1636<\/span><\/td>\n<td style=\"text-align: justify; width: 52.3809%; height: 56px;\"><span style=\"font-size: 10pt; font-family: times new roman, times, serif;\"><em>Eodem Jacob M\u00f6tter von Daxenhau\u00dfen begraben worden.<\/em><\/span><\/td>\n<td style=\"width: 31.3096%; text-align: justify; height: 56px;\"><span style=\"font-size: 10pt; font-family: times new roman, times, serif;\">Dachsenhausen (VG Loreley, EMS)<\/span><\/td>\n<\/tr>\n<tr style=\"height: 56px;\">\n<td style=\"text-align: center; width: 6.42857%; height: 56px;\"><span style=\"font-size: 10pt; font-family: times new roman, times, serif;\">140<\/span><\/td>\n<td style=\"text-align: center; width: 9.76191%; height: 56px;\"><span style=\"font-size: 10pt; font-family: times new roman, times, serif;\">05.03.1636<\/span><\/td>\n<td style=\"text-align: justify; width: 52.3809%; height: 56px;\"><span style=\"font-size: 10pt; font-family: times new roman, times, serif;\"><em>Eodem Anna Margreth, Michel Opel\u00df Dochter von Daxenhau\u00dfen.<\/em><\/span><\/td>\n<td style=\"width: 31.3096%; text-align: justify; height: 56px;\"><span style=\"font-size: 10pt; font-family: times new roman, times, serif;\">Dachsenhausen (VG Loreley, EMS)<\/span><\/td>\n<\/tr>\n<tr style=\"height: 56px;\">\n<td style=\"text-align: center; width: 6.42857%; height: 56px;\"><span style=\"font-size: 10pt; font-family: times new roman, times, serif;\">141<\/span><\/td>\n<td style=\"text-align: center; width: 9.76191%; height: 56px;\"><span style=\"font-size: 10pt; font-family: times new roman, times, serif;\">06.03.1636<\/span><\/td>\n<td style=\"text-align: justify; width: 52.3809%; height: 56px;\"><span style=\"font-size: 10pt; font-family: times new roman, times, serif;\"><em>6ten Martij ward Donges Niclas von Bechel begraben.<\/em><\/span><\/td>\n<td style=\"width: 31.3096%; text-align: justify; height: 56px;\"><span style=\"font-size: 10pt; font-family: times new roman, times, serif;\">Becheln (VG Bad Ems-Nassau, EMS)<\/span><\/td>\n<\/tr>\n<tr style=\"height: 28px;\">\n<td style=\"text-align: center; width: 6.42857%; height: 28px;\"><span style=\"font-size: 10pt; font-family: times new roman, times, serif;\">142<\/span><\/td>\n<td style=\"text-align: center; width: 9.76191%; height: 28px;\"><span style=\"font-size: 10pt; font-family: times new roman, times, serif;\">07.03.1636<\/span><\/td>\n<td style=\"text-align: justify; width: 52.3809%; height: 28px;\"><span style=\"font-size: 10pt; font-family: times new roman, times, serif;\"><em>7ten Martij ist Peter Becker, organista noster, begraben worden.<\/em><\/span><\/td>\n<td style=\"width: 31.3096%; text-align: justify; height: 28px;\"><\/td>\n<\/tr>\n<tr style=\"height: 56px;\">\n<td style=\"text-align: center; width: 6.42857%; height: 56px;\"><span style=\"font-size: 10pt; font-family: times new roman, times, serif;\">143<\/span><\/td>\n<td style=\"text-align: center; width: 9.76191%; height: 56px;\"><span style=\"font-size: 10pt; font-family: times new roman, times, serif;\">07.03.1636<\/span><\/td>\n<td style=\"text-align: justify; width: 52.3809%; height: 56px;\"><span style=\"font-size: 10pt; font-family: times new roman, times, serif;\"><em>Eodem Barteln Han\u00df von Fr\u00fccht begraben worden.<\/em><\/span><\/td>\n<td style=\"width: 31.3096%; text-align: justify; height: 56px;\"><span style=\"font-size: 10pt; font-family: times new roman, times, serif;\">Fr\u00fccht (VG Bad Ems-Nassau, EMS)<\/span><\/td>\n<\/tr>\n<tr style=\"height: 56px;\">\n<td style=\"text-align: center; width: 6.42857%; height: 56px;\"><span style=\"font-size: 10pt; font-family: times new roman, times, serif;\">144<\/span><\/td>\n<td style=\"text-align: center; width: 9.76191%; height: 56px;\"><span style=\"font-size: 10pt; font-family: times new roman, times, serif;\">07.03.1636<\/span><\/td>\n<td style=\"text-align: justify; width: 52.3809%; height: 56px;\"><span style=\"font-size: 10pt; font-family: times new roman, times, serif;\"><em>Eodem Catharin, de\u00df Hoffman\u00df Dochter von L\u00fccker\u00dfhau\u00dfen.<\/em><\/span><\/td>\n<td style=\"width: 31.3096%; text-align: justify; height: 56px;\"><span style=\"font-size: 10pt; font-family: times new roman, times, serif;\">Lykershausen (VG Loreley, EMS)<\/span><\/td>\n<\/tr>\n<tr style=\"height: 28px;\">\n<td style=\"text-align: center; width: 6.42857%; height: 28px;\"><span style=\"font-size: 10pt; font-family: times new roman, times, serif;\">145<\/span><\/td>\n<td style=\"text-align: center; width: 9.76191%; height: 28px;\"><span style=\"font-size: 10pt; font-family: times new roman, times, serif;\">08.03.1636<\/span><\/td>\n<td style=\"text-align: justify; width: 52.3809%; height: 28px;\"><span style=\"font-size: 10pt; font-family: times new roman, times, serif;\"><em>8ten Martij ward begraben Henrich Stengel, ein Soldat.<\/em><\/span><\/td>\n<td style=\"width: 31.3096%; text-align: justify; height: 28px;\"><\/td>\n<\/tr>\n<tr style=\"height: 56px;\">\n<td style=\"text-align: center; width: 6.42857%; height: 56px;\"><span style=\"font-size: 10pt; font-family: times new roman, times, serif;\">146<\/span><\/td>\n<td style=\"text-align: center; width: 9.76191%; height: 56px;\"><span style=\"font-size: 10pt; font-family: times new roman, times, serif;\">08.03.1636<\/span><\/td>\n<td style=\"text-align: justify; width: 52.3809%; height: 56px;\"><span style=\"font-size: 10pt; font-family: times new roman, times, serif;\"><em>Eodem Elisabeth, Johan Scheffer\u00df Widwe von Winterwerb.<\/em><\/span><\/td>\n<td style=\"width: 31.3096%; text-align: justify; height: 56px;\"><span style=\"font-size: 10pt; font-family: times new roman, times, serif;\">Winterwerb (VG Nast\u00e4tten, EMS)<\/span><\/td>\n<\/tr>\n<tr style=\"height: 28px;\">\n<td style=\"text-align: center; width: 6.42857%; height: 28px;\"><span style=\"font-size: 10pt; font-family: times new roman, times, serif;\">147<\/span><\/td>\n<td style=\"text-align: center; width: 9.76191%; height: 28px;\"><span style=\"font-size: 10pt; font-family: times new roman, times, serif;\">08.03.1636<\/span><\/td>\n<td style=\"text-align: justify; width: 52.3809%; height: 28px;\"><span style=\"font-size: 10pt; font-family: times new roman, times, serif;\"><em>Eodem Catharina, Gerhard Tongesen Dochter von Kelbach.<\/em><\/span><\/td>\n<td style=\"width: 31.3096%; text-align: justify; height: 28px;\"><span style=\"font-size: 10pt; font-family: times new roman, times, serif;\">Kehlbach (VG Nast\u00e4tten, EMS)<\/span><\/td>\n<\/tr>\n<tr style=\"height: 56px;\">\n<td style=\"text-align: center; width: 6.42857%; height: 56px;\"><span style=\"font-size: 10pt; font-family: times new roman, times, serif;\">148<\/span><\/td>\n<td style=\"text-align: center; width: 9.76191%; height: 56px;\"><span style=\"font-size: 10pt; font-family: times new roman, times, serif;\">09.03.1636<\/span><\/td>\n<td style=\"text-align: justify; width: 52.3809%; height: 56px;\"><span style=\"font-size: 10pt; font-family: times new roman, times, serif;\"><em>9ten Martij ist Donges Hardfus von Soltzbach begraben worden.<\/em><\/span><\/td>\n<td style=\"width: 31.3096%; text-align: justify; height: 56px;\"><span style=\"font-size: 10pt; font-family: times new roman, times, serif;\">Sulzbach (VG Bad Ems-Nassau, EMS)<\/span><\/td>\n<\/tr>\n<tr style=\"height: 56px;\">\n<td style=\"text-align: center; width: 6.42857%; height: 56px;\"><span style=\"font-size: 10pt; font-family: times new roman, times, serif;\">149<\/span><\/td>\n<td style=\"text-align: center; width: 9.76191%; height: 56px;\"><span style=\"font-size: 10pt; font-family: times new roman, times, serif;\">09.03.1636<\/span><\/td>\n<td style=\"text-align: justify; width: 52.3809%; height: 56px;\"><span style=\"font-size: 10pt; font-family: times new roman, times, serif;\"><em>Eodem Emerich, Christophorus, beide Andreas Nicla\u00dfen Kinder von Winterwerb.<\/em><\/span><\/td>\n<td style=\"width: 31.3096%; text-align: justify; height: 56px;\"><span style=\"font-size: 10pt; font-family: times new roman, times, serif;\">Winterwerb (VG Nast\u00e4tten, EMS)<\/span><\/td>\n<\/tr>\n<tr style=\"height: 56px;\">\n<td style=\"text-align: center; width: 6.42857%; height: 56px;\"><span style=\"font-size: 10pt; font-family: times new roman, times, serif;\">150<\/span><\/td>\n<td style=\"text-align: center; width: 9.76191%; height: 56px;\"><span style=\"font-size: 10pt; font-family: times new roman, times, serif;\">09.03.1636<\/span><\/td>\n<td style=\"text-align: justify; width: 52.3809%; height: 56px;\"><span style=\"font-size: 10pt; font-family: times new roman, times, serif;\"><em>Eodem Emerich, Christophorus, beide Andreas Nicla\u00dfen Kinder von Winterwerb.<\/em><\/span><\/td>\n<td style=\"width: 31.3096%; text-align: justify; height: 56px;\"><span style=\"font-size: 10pt; font-family: times new roman, times, serif;\">Winterwerb (VG Nast\u00e4tten, EMS)<\/span><\/td>\n<\/tr>\n<tr style=\"height: 56px;\">\n<td style=\"text-align: center; width: 6.42857%; height: 56px;\"><span style=\"font-size: 10pt; font-family: times new roman, times, serif;\">151<\/span><\/td>\n<td style=\"text-align: center; width: 9.76191%; height: 56px;\"><span style=\"font-size: 10pt; font-family: times new roman, times, serif;\">09.03.1636<\/span><\/td>\n<td style=\"text-align: justify; width: 52.3809%; height: 56px;\"><span style=\"font-size: 10pt; font-family: times new roman, times, serif;\"><em>Eodem Elisabeth, Johannis Metzen Kind von Fr\u00fccht.<\/em><\/span><\/td>\n<td style=\"width: 31.3096%; text-align: justify; height: 56px;\"><span style=\"font-size: 10pt; font-family: times new roman, times, serif;\">Fr\u00fccht (VG Bad Ems-Nassau, EMS)<\/span><\/td>\n<\/tr>\n<tr style=\"height: 28px;\">\n<td style=\"text-align: center; width: 6.42857%; height: 28px;\"><span style=\"font-size: 10pt; font-family: times new roman, times, serif;\">152<\/span><\/td>\n<td style=\"text-align: center; width: 9.76191%; height: 28px;\"><span style=\"font-size: 10pt; font-family: times new roman, times, serif;\">10.03.1636<\/span><\/td>\n<td style=\"text-align: justify; width: 52.3809%; height: 28px;\"><span style=\"font-size: 10pt; font-family: times new roman, times, serif;\"><em>10ten Martij ward begraben Donges Wendels Sohn alhir.<\/em><\/span><\/td>\n<td style=\"width: 31.3096%; text-align: justify; height: 28px;\"><\/td>\n<\/tr>\n<tr style=\"height: 28px;\">\n<td style=\"text-align: center; width: 6.42857%; height: 28px;\"><span style=\"font-size: 10pt; font-family: times new roman, times, serif;\">153<\/span><\/td>\n<td style=\"text-align: center; width: 9.76191%; height: 28px;\"><span style=\"font-size: 10pt; font-family: times new roman, times, serif;\">10.03.1636<\/span><\/td>\n<td style=\"text-align: justify; width: 52.3809%; height: 28px;\"><span style=\"font-size: 10pt; font-family: times new roman, times, serif;\"><em>Eodem Margreth, Balthes Bruel\u00df Dochter.<\/em><\/span><\/td>\n<td style=\"width: 31.3096%; text-align: justify; height: 28px;\"><\/td>\n<\/tr>\n<tr style=\"height: 56px;\">\n<td style=\"text-align: center; width: 6.42857%; height: 56px;\"><span style=\"font-size: 10pt; font-family: times new roman, times, serif;\">154<\/span><\/td>\n<td style=\"text-align: center; width: 9.76191%; height: 56px;\"><span style=\"font-size: 10pt; font-family: times new roman, times, serif;\">10.03.1636<\/span><\/td>\n<td style=\"text-align: justify; width: 52.3809%; height: 56px;\"><span style=\"font-size: 10pt; font-family: times new roman, times, serif;\"><em>Eodem Anna Margreth, Adam Fronen Dochter von Fr\u00fccht.<\/em><\/span><\/td>\n<td style=\"width: 31.3096%; text-align: justify; height: 56px;\"><span style=\"font-size: 10pt; font-family: times new roman, times, serif;\">Fr\u00fccht (VG Bad Ems-Nassau, EMS)<\/span><\/td>\n<\/tr>\n<tr style=\"height: 28px;\">\n<td style=\"text-align: center; width: 6.42857%; height: 28px;\"><span style=\"font-size: 10pt; font-family: times new roman, times, serif;\">155<\/span><\/td>\n<td style=\"text-align: center; width: 9.76191%; height: 28px;\"><span style=\"font-size: 10pt; font-family: times new roman, times, serif;\">11.03.1636<\/span><\/td>\n<td style=\"text-align: justify; width: 52.3809%; height: 28px;\"><span style=\"font-size: 10pt; font-family: times new roman, times, serif;\"><em>11ten Martij ist Maria, Stoffel Schmidts Frau begraben worden.<\/em><\/span><\/td>\n<td style=\"width: 31.3096%; text-align: justify; height: 28px;\"><\/td>\n<\/tr>\n<tr style=\"height: 28px;\">\n<td style=\"text-align: center; width: 6.42857%; height: 28px;\"><span style=\"font-size: 10pt; font-family: times new roman, times, serif;\">156<\/span><\/td>\n<td style=\"text-align: center; width: 9.76191%; height: 28px;\"><span style=\"font-size: 10pt; font-family: times new roman, times, serif;\">11.03.1636<\/span><\/td>\n<td style=\"text-align: justify; width: 52.3809%; height: 28px;\"><span style=\"font-size: 10pt; font-family: times new roman, times, serif;\"><em>Eodem Catharina, Peter Hinderwalder\u00df Frau.<\/em><\/span><\/td>\n<td style=\"width: 31.3096%; text-align: justify; height: 28px;\"><\/td>\n<\/tr>\n<tr style=\"height: 56px;\">\n<td style=\"text-align: center; width: 6.42857%; height: 56px;\"><span style=\"font-size: 10pt; font-family: times new roman, times, serif;\">157<\/span><\/td>\n<td style=\"text-align: center; width: 9.76191%; height: 56px;\"><span style=\"font-size: 10pt; font-family: times new roman, times, serif;\">11.03.1636<\/span><\/td>\n<td style=\"text-align: justify; width: 52.3809%; height: 56px;\"><span style=\"font-size: 10pt; font-family: times new roman, times, serif;\"><em>Eodem Agnes [dahinter unterstichen: Dionysia], Herrn Anthonij, Pfarrers von Fr\u00fccht, Dochter.<\/em><\/span><\/td>\n<td style=\"width: 31.3096%; text-align: justify; height: 56px;\"><span style=\"font-size: 10pt; font-family: times new roman, times, serif;\">Fr\u00fccht (VG Bad Ems-Nassau, EMS)<\/span><\/td>\n<\/tr>\n<tr style=\"height: 56px;\">\n<td style=\"text-align: center; width: 6.42857%; height: 56px;\"><span style=\"font-size: 10pt; font-family: times new roman, times, serif;\">158<\/span><\/td>\n<td style=\"text-align: center; width: 9.76191%; height: 56px;\"><span style=\"font-size: 10pt; font-family: times new roman, times, serif;\">11.03.1636<\/span><\/td>\n<td style=\"text-align: justify; width: 52.3809%; height: 56px;\"><span style=\"font-size: 10pt; font-family: times new roman, times, serif;\"><em>Eodem Leonhardt, Daniel Weber\u00df Sohn von Swickausen<\/em><\/span><\/td>\n<td style=\"width: 31.3096%; text-align: justify; height: 56px;\"><span style=\"font-size: 10pt; font-family: times new roman, times, serif;\">Schweighausen (VG Bad Ems-Nassau, EMS)<\/span><\/td>\n<\/tr>\n<tr style=\"height: 56px;\">\n<td style=\"text-align: center; width: 6.42857%; height: 56px;\"><span style=\"font-size: 10pt; font-family: times new roman, times, serif;\">159<\/span><\/td>\n<td style=\"text-align: center; width: 9.76191%; height: 56px;\"><span style=\"font-size: 10pt; font-family: times new roman, times, serif;\">11.03.1636<\/span><\/td>\n<td style=\"text-align: justify; width: 52.3809%; height: 56px;\"><span style=\"font-size: 10pt; font-family: times new roman, times, serif;\"><em>Eodem Dorothea, Barteln Hansen Dochter von Geissig.<\/em><\/span><\/td>\n<td style=\"width: 31.3096%; text-align: justify; height: 56px;\"><span style=\"font-size: 10pt; font-family: times new roman, times, serif;\">Geisig (VG Bad Ems-Nassau, EMS)<\/span><\/td>\n<\/tr>\n<tr style=\"height: 56px;\">\n<td style=\"text-align: center; width: 6.42857%; height: 56px;\"><span style=\"font-size: 10pt; font-family: times new roman, times, serif;\">160<\/span><\/td>\n<td style=\"text-align: center; width: 9.76191%; height: 56px;\"><span style=\"font-size: 10pt; font-family: times new roman, times, serif;\">13.03.1636<\/span><\/td>\n<td style=\"text-align: justify; width: 52.3809%; height: 56px;\"><span style=\"font-size: 10pt; font-family: times new roman, times, serif;\"><em>Reminiscere Sontag; 13ten Martij ward Catharina, Matthi\u00e6 Friedgen Frau begraben.<\/em><\/span><\/td>\n<td style=\"width: 31.3096%; text-align: justify; height: 56px;\"><\/td>\n<\/tr>\n<tr style=\"height: 56px;\">\n<td style=\"text-align: center; width: 6.42857%; height: 56px;\"><span style=\"font-size: 10pt; font-family: times new roman, times, serif;\">161<\/span><\/td>\n<td style=\"text-align: center; width: 9.76191%; height: 56px;\"><span style=\"font-size: 10pt; font-family: times new roman, times, serif;\">13.03.1636<\/span><\/td>\n<td style=\"text-align: justify; width: 52.3809%; height: 56px;\"><span style=\"font-size: 10pt; font-family: times new roman, times, serif;\"><em>Eodem Donges Klein von Dessioben.<\/em><\/span><\/td>\n<td style=\"width: 31.3096%; text-align: justify; height: 56px;\"><span style=\"font-size: 10pt; font-family: times new roman, times, serif;\">Dessighofen (VG Bad Ems-Nassau, EMS)<\/span><\/td>\n<\/tr>\n<tr style=\"height: 56px;\">\n<td style=\"text-align: center; width: 6.42857%; height: 56px;\"><span style=\"font-size: 10pt; font-family: times new roman, times, serif;\">162<\/span><\/td>\n<td style=\"text-align: center; width: 9.76191%; height: 56px;\"><span style=\"font-size: 10pt; font-family: times new roman, times, serif;\">13.03.1636<\/span><\/td>\n<td style=\"text-align: justify; width: 52.3809%; height: 56px;\"><span style=\"font-size: 10pt; font-family: times new roman, times, serif;\"><em>Eodem Apollonia, Bernhards Dochter von Bechel.<\/em><\/span><\/td>\n<td style=\"width: 31.3096%; text-align: justify; height: 56px;\"><span style=\"font-size: 10pt; font-family: times new roman, times, serif;\">Becheln (VG Bad Ems-Nassau, EMS)<\/span><\/td>\n<\/tr>\n<tr style=\"height: 28px;\">\n<td style=\"text-align: center; width: 6.42857%; height: 28px;\"><span style=\"font-size: 10pt; font-family: times new roman, times, serif;\">163<\/span><\/td>\n<td style=\"text-align: center; width: 9.76191%; height: 28px;\"><span style=\"font-size: 10pt; font-family: times new roman, times, serif;\">13.03.1636<\/span><\/td>\n<td style=\"text-align: justify; width: 52.3809%; height: 28px;\"><span style=\"font-size: 10pt; font-family: times new roman, times, serif;\"><em>Eodem Donges, Philips Weigands Sohn alhir.<\/em><\/span><\/td>\n<td style=\"width: 31.3096%; text-align: justify; height: 28px;\"><\/td>\n<\/tr>\n<tr style=\"height: 56px;\">\n<td style=\"text-align: center; width: 6.42857%; height: 56px;\"><span style=\"font-size: 10pt; font-family: times new roman, times, serif;\">164<\/span><\/td>\n<td style=\"text-align: center; width: 9.76191%; height: 56px;\"><span style=\"font-size: 10pt; font-family: times new roman, times, serif;\">13.03.1636<\/span><\/td>\n<td style=\"text-align: justify; width: 52.3809%; height: 56px;\"><span style=\"font-size: 10pt; font-family: times new roman, times, serif;\"><em>Eodem Han\u00df Jacob, Han\u00df Schmidts Sohn von Daxenhau\u00dfen.<\/em><\/span><\/td>\n<td style=\"width: 31.3096%; text-align: justify; height: 56px;\"><span style=\"font-size: 10pt; font-family: times new roman, times, serif;\">Dachsenhausen (VG Loreley, EMS)<\/span><\/td>\n<\/tr>\n<tr style=\"height: 56px;\">\n<td style=\"text-align: center; width: 6.42857%; height: 56px;\"><span style=\"font-size: 10pt; font-family: times new roman, times, serif;\">165<\/span><\/td>\n<td style=\"text-align: center; width: 9.76191%; height: 56px;\"><span style=\"font-size: 10pt; font-family: times new roman, times, serif;\">15.03.1636<\/span><\/td>\n<td style=\"text-align: justify; width: 52.3809%; height: 56px;\"><span style=\"font-size: 10pt; font-family: times new roman, times, serif;\"><em>15ten Martij Barbara, Peter Schmidts Frau von Bechel.<\/em><\/span><\/td>\n<td style=\"width: 31.3096%; text-align: justify; height: 56px;\"><span style=\"font-size: 10pt; font-family: times new roman, times, serif;\">Becheln (VG Bad Ems-Nassau, EMS)<\/span><\/td>\n<\/tr>\n<tr style=\"height: 56px;\">\n<td style=\"text-align: center; width: 6.42857%; height: 56px;\"><span style=\"font-size: 10pt; font-family: times new roman, times, serif;\">166<\/span><\/td>\n<td style=\"text-align: center; width: 9.76191%; height: 56px;\"><span style=\"font-size: 10pt; font-family: times new roman, times, serif;\">15.03.1636<\/span><\/td>\n<td style=\"text-align: justify; width: 52.3809%; height: 56px;\"><span style=\"font-size: 10pt; font-family: times new roman, times, serif;\"><em>Eodem Christman Himmerich von Bechel.<\/em><\/span><\/td>\n<td style=\"width: 31.3096%; text-align: justify; height: 56px;\"><span style=\"font-size: 10pt; font-family: times new roman, times, serif;\">Becheln (VG Bad Ems-Nassau, EMS)<\/span><\/td>\n<\/tr>\n<tr style=\"height: 56px;\">\n<td style=\"text-align: center; width: 6.42857%; height: 56px;\"><span style=\"font-size: 10pt; font-family: times new roman, times, serif;\">167<\/span><\/td>\n<td style=\"text-align: center; width: 9.76191%; height: 56px;\"><span style=\"font-size: 10pt; font-family: times new roman, times, serif;\">15.03.1636<\/span><\/td>\n<td style=\"text-align: justify; width: 52.3809%; height: 56px;\"><span style=\"font-size: 10pt; font-family: times new roman, times, serif;\"><em>Eodem Philips von Nebern.<\/em><\/span><\/td>\n<td style=\"width: 31.3096%; text-align: justify; height: 56px;\"><span style=\"font-size: 10pt; font-family: times new roman, times, serif;\">Nievern (VG Bad Ems-Nassau, EMS)<\/span><\/td>\n<\/tr>\n<tr style=\"height: 56px;\">\n<td style=\"text-align: center; width: 6.42857%; height: 56px;\"><span style=\"font-size: 10pt; font-family: times new roman, times, serif;\">168<\/span><\/td>\n<td style=\"text-align: center; width: 9.76191%; height: 56px;\"><span style=\"font-size: 10pt; font-family: times new roman, times, serif;\">15.03.1636<\/span><\/td>\n<td style=\"text-align: justify; width: 52.3809%; height: 56px;\"><span style=\"font-size: 10pt; font-family: times new roman, times, serif;\"><em>Eodem Andreas von Eberwie\u00df.<\/em><\/span><\/td>\n<td style=\"width: 31.3096%; text-align: justify; height: 56px;\"><span style=\"font-size: 10pt; font-family: times new roman, times, serif;\">Oberwies (VG Bad Ems-Nassau, EMS)<\/span><\/td>\n<\/tr>\n<tr style=\"height: 56px;\">\n<td style=\"text-align: center; width: 6.42857%; height: 56px;\"><span style=\"font-size: 10pt; font-family: times new roman, times, serif;\">169<\/span><\/td>\n<td style=\"text-align: center; width: 9.76191%; height: 56px;\"><span style=\"font-size: 10pt; font-family: times new roman, times, serif;\">15.03.1636<\/span><\/td>\n<td style=\"text-align: justify; width: 52.3809%; height: 56px;\"><span style=\"font-size: 10pt; font-family: times new roman, times, serif;\"><em>Eodem Iohannes Holtzheuser von Fr\u00fccht.<\/em><\/span><\/td>\n<td style=\"width: 31.3096%; text-align: justify; height: 56px;\"><span style=\"font-size: 10pt; font-family: times new roman, times, serif;\">Fr\u00fccht (VG Bad Ems-Nassau, EMS)<\/span><\/td>\n<\/tr>\n<tr style=\"height: 84px;\">\n<td style=\"text-align: center; width: 6.42857%; height: 84px;\"><span style=\"font-size: 10pt; font-family: times new roman, times, serif;\">170<\/span><\/td>\n<td style=\"text-align: center; width: 9.76191%; height: 84px;\"><span style=\"font-size: 10pt; font-family: times new roman, times, serif;\">16.03.1636<\/span><\/td>\n<td style=\"text-align: justify; width: 52.3809%; height: 84px;\"><span style=\"font-size: 10pt; font-family: times new roman, times, serif;\"><em>16ten Martij ward Iohannes Laurentius, de\u00df Hern schwedischen Ampt-Keller\u00df Titi Petri Keller\u00df Stieffsohnlein von Lanstein, begraben, ist in die Martin\u00df Kirch geleget worden.<\/em><\/span><\/td>\n<td style=\"width: 31.3096%; text-align: justify; height: 84px;\"><span style=\"font-size: 10pt; font-family: times new roman, times, serif;\">Lahnstein (EMS)<\/span><\/td>\n<\/tr>\n<tr style=\"height: 56px;\">\n<td style=\"text-align: center; width: 6.42857%; height: 56px;\"><span style=\"font-size: 10pt; font-family: times new roman, times, serif;\">171<\/span><\/td>\n<td style=\"text-align: center; width: 9.76191%; height: 56px;\"><span style=\"font-size: 10pt; font-family: times new roman, times, serif;\">17.03.1636<\/span><\/td>\n<td style=\"text-align: justify; width: 52.3809%; height: 56px;\"><span style=\"font-size: 10pt; font-family: times new roman, times, serif;\"><em>17ten Martij Mauritius \u2026, der Beuligin alhir Dochterman von Welmisch.<\/em><\/span><\/td>\n<td style=\"width: 31.3096%; text-align: justify; height: 56px;\"><span style=\"font-size: 10pt; font-family: times new roman, times, serif;\">St. Goarshausen-Wellmich (VG Loreley, EMS)<\/span><\/td>\n<\/tr>\n<tr style=\"height: 56px;\">\n<td style=\"text-align: center; width: 6.42857%; height: 56px;\"><span style=\"font-size: 10pt; font-family: times new roman, times, serif;\">172<\/span><\/td>\n<td style=\"text-align: center; width: 9.76191%; height: 56px;\"><span style=\"font-size: 10pt; font-family: times new roman, times, serif;\">17.03.1636<\/span><\/td>\n<td style=\"text-align: justify; width: 52.3809%; height: 56px;\"><span style=\"font-size: 10pt; font-family: times new roman, times, serif;\"><em>Eodem Anna, Michel Opels Frau von Daxenhau\u00dfen.<\/em><\/span><\/td>\n<td style=\"width: 31.3096%; text-align: justify; height: 56px;\"><span style=\"font-size: 10pt; font-family: times new roman, times, serif;\">Dachsenhausen (VG Loreley, EMS)<\/span><\/td>\n<\/tr>\n<tr style=\"height: 56px;\">\n<td style=\"text-align: center; width: 6.42857%; height: 56px;\"><span style=\"font-size: 10pt; font-family: times new roman, times, serif;\">173<\/span><\/td>\n<td style=\"text-align: center; width: 9.76191%; height: 56px;\"><span style=\"font-size: 10pt; font-family: times new roman, times, serif;\">17.03.1636<\/span><\/td>\n<td style=\"text-align: justify; width: 52.3809%; height: 56px;\"><span style=\"font-size: 10pt; font-family: times new roman, times, serif;\"><em>Eodem Elisabeth, Peter Toller\u00df Frau von Bechel.<\/em><\/span><\/td>\n<td style=\"width: 31.3096%; text-align: justify; height: 56px;\"><span style=\"font-size: 10pt; font-family: times new roman, times, serif;\">Becheln (VG Bad Ems-Nassau, EMS)<\/span><\/td>\n<\/tr>\n<tr style=\"height: 56px;\">\n<td style=\"text-align: center; width: 6.42857%; height: 56px;\"><span style=\"font-size: 10pt; font-family: times new roman, times, serif;\">174<\/span><\/td>\n<td style=\"text-align: center; width: 9.76191%; height: 56px;\"><span style=\"font-size: 10pt; font-family: times new roman, times, serif;\">17.03.1636<\/span><\/td>\n<td style=\"text-align: justify; width: 52.3809%; height: 56px;\"><span style=\"font-size: 10pt; font-family: times new roman, times, serif;\"><em>Eodem An Elisabeth, Han\u00df Friderichs [Schmidt] Dochter au\u00df der Geissiger M\u00fcll.<\/em><\/span><\/td>\n<td style=\"width: 31.3096%; text-align: justify; height: 56px;\"><span style=\"font-size: 10pt; font-family: times new roman, times, serif;\">Geisig (VG Bad Ems-Nassau, EMS)<\/span><\/td>\n<\/tr>\n<tr style=\"height: 56px;\">\n<td style=\"text-align: center; width: 6.42857%; height: 56px;\"><span style=\"font-size: 10pt; font-family: times new roman, times, serif;\">175<\/span><\/td>\n<td style=\"text-align: center; width: 9.76191%; height: 56px;\"><span style=\"font-size: 10pt; font-family: times new roman, times, serif;\">17.03.1636<\/span><\/td>\n<td style=\"text-align: justify; width: 52.3809%; height: 56px;\"><span style=\"font-size: 10pt; font-family: times new roman, times, serif;\"><em>Eodem Nicla\u00df Lahr, Johannis Lahr\u00df Sohn von Rhen\u00df.<\/em><\/span><\/td>\n<td style=\"width: 31.3096%; text-align: justify; height: 56px;\"><span style=\"font-size: 10pt; font-family: times new roman, times, serif;\">Rhens (VG Rhein-Mosel, Lkr. Mayen-Koblenz)<\/span><\/td>\n<\/tr>\n<tr style=\"height: 56px;\">\n<td style=\"text-align: center; width: 6.42857%; height: 56px;\"><span style=\"font-size: 10pt; font-family: times new roman, times, serif;\">176<\/span><\/td>\n<td style=\"text-align: center; width: 9.76191%; height: 56px;\"><span style=\"font-size: 10pt; font-family: times new roman, times, serif;\">17.03.1636<\/span><\/td>\n<td style=\"text-align: justify; width: 52.3809%; height: 56px;\"><span style=\"font-size: 10pt; font-family: times new roman, times, serif;\"><em>Eodem Han\u00df Friderich Schmidt au\u00df der Geissiger M\u00fcll.<\/em><\/span><\/td>\n<td style=\"width: 31.3096%; text-align: justify; height: 56px;\"><span style=\"font-size: 10pt; font-family: times new roman, times, serif;\">Geisig (VG Bad Ems-Nassau, EMS)<\/span><\/td>\n<\/tr>\n<tr style=\"height: 56px;\">\n<td style=\"text-align: center; width: 6.42857%; height: 56px;\"><span style=\"font-size: 10pt; font-family: times new roman, times, serif;\">177<\/span><\/td>\n<td style=\"text-align: center; width: 9.76191%; height: 56px;\"><span style=\"font-size: 10pt; font-family: times new roman, times, serif;\">17.03.1636<\/span><\/td>\n<td style=\"text-align: justify; width: 52.3809%; height: 56px;\"><span style=\"font-size: 10pt; font-family: times new roman, times, serif;\"><em>Eodem Maria, Andre\u00e6 Rencker Frau von Fr\u00fccht.<\/em><\/span><\/td>\n<td style=\"width: 31.3096%; text-align: justify; height: 56px;\"><span style=\"font-size: 10pt; font-family: times new roman, times, serif;\">Fr\u00fccht (VG Bad Ems-Nassau, EMS)<\/span><\/td>\n<\/tr>\n<tr style=\"height: 56px;\">\n<td style=\"text-align: center; width: 6.42857%; height: 56px;\"><span style=\"font-size: 10pt; font-family: times new roman, times, serif;\">178<\/span><\/td>\n<td style=\"text-align: center; width: 9.76191%; height: 56px;\"><span style=\"font-size: 10pt; font-family: times new roman, times, serif;\">18.03.1636<\/span><\/td>\n<td style=\"text-align: justify; width: 52.3809%; height: 56px;\"><span style=\"font-size: 10pt; font-family: times new roman, times, serif;\"><em>18ten Martij Margreth, Thomas Frau von Fr\u00fccht.<\/em><\/span><\/td>\n<td style=\"width: 31.3096%; text-align: justify; height: 56px;\"><span style=\"font-size: 10pt; font-family: times new roman, times, serif;\">Fr\u00fccht (VG Bad Ems-Nassau, EMS)<\/span><\/td>\n<\/tr>\n<tr style=\"height: 56px;\">\n<td style=\"text-align: center; width: 6.42857%; height: 56px;\"><span style=\"font-size: 10pt; font-family: times new roman, times, serif;\">179<\/span><\/td>\n<td style=\"text-align: center; width: 9.76191%; height: 56px;\"><span style=\"font-size: 10pt; font-family: times new roman, times, serif;\">18.03.1636<\/span><\/td>\n<td style=\"text-align: justify; width: 52.3809%; height: 56px;\"><span style=\"font-size: 10pt; font-family: times new roman, times, serif;\"><em>Eodem Hans Peter von Dessioben.<\/em><\/span><\/td>\n<td style=\"width: 31.3096%; text-align: justify; height: 56px;\"><span style=\"font-size: 10pt; font-family: times new roman, times, serif;\">Dessighofen (VG Bad Ems-Nassau, EMS)<\/span><\/td>\n<\/tr>\n<tr style=\"height: 28px;\">\n<td style=\"text-align: center; width: 6.42857%; height: 28px;\"><span style=\"font-size: 10pt; font-family: times new roman, times, serif;\">180<\/span><\/td>\n<td style=\"text-align: center; width: 9.76191%; height: 28px;\"><span style=\"font-size: 10pt; font-family: times new roman, times, serif;\">18.03.1636<\/span><\/td>\n<td style=\"text-align: justify; width: 52.3809%; height: 28px;\"><span style=\"font-size: 10pt; font-family: times new roman, times, serif;\"><em>Eodem Anna Maria, de\u00df Schulmeisters Dochter von Milen.<\/em><\/span><\/td>\n<td style=\"width: 31.3096%; text-align: justify; height: 28px;\"><span style=\"font-size: 10pt; font-family: times new roman, times, serif;\">Miehlen (VG Nast\u00e4tten, EMS)<\/span><\/td>\n<\/tr>\n<tr style=\"height: 56px;\">\n<td style=\"text-align: center; width: 6.42857%; height: 56px;\"><span style=\"font-size: 10pt; font-family: times new roman, times, serif;\">181<\/span><\/td>\n<td style=\"text-align: center; width: 9.76191%; height: 56px;\"><span style=\"font-size: 10pt; font-family: times new roman, times, serif;\">20.03.1636<\/span><\/td>\n<td style=\"text-align: justify; width: 52.3809%; height: 56px;\"><span style=\"font-size: 10pt; font-family: times new roman, times, serif;\"><em>20ten Martij ist Barbara, Han\u00df Peter\u00df von Dessioben Frau, begraben worden.<\/em><\/span><\/td>\n<td style=\"width: 31.3096%; text-align: justify; height: 56px;\"><span style=\"font-size: 10pt; font-family: times new roman, times, serif;\">Dessighofen (VG Bad Ems-Nassau, EMS)<\/span><\/td>\n<\/tr>\n<tr style=\"height: 56px;\">\n<td style=\"text-align: center; width: 6.42857%; height: 56px;\"><span style=\"font-size: 10pt; font-family: times new roman, times, serif;\">182<\/span><\/td>\n<td style=\"text-align: center; width: 9.76191%; height: 56px;\"><span style=\"font-size: 10pt; font-family: times new roman, times, serif;\">20.03.1636<\/span><\/td>\n<td style=\"text-align: justify; width: 52.3809%; height: 56px;\"><span style=\"font-size: 10pt; font-family: times new roman, times, serif;\"><em>Eodem Barbara au\u00df Fr\u00fccht.<\/em><\/span><\/td>\n<td style=\"width: 31.3096%; text-align: justify; height: 56px;\"><span style=\"font-size: 10pt; font-family: times new roman, times, serif;\">Fr\u00fccht (VG Bad Ems-Nassau, EMS)<\/span><\/td>\n<\/tr>\n<tr style=\"height: 28px;\">\n<td style=\"text-align: center; width: 6.42857%; height: 28px;\"><span style=\"font-size: 10pt; font-family: times new roman, times, serif;\">183<\/span><\/td>\n<td style=\"text-align: center; width: 9.76191%; height: 28px;\"><span style=\"font-size: 10pt; font-family: times new roman, times, serif;\">21.03.1636<\/span><\/td>\n<td style=\"text-align: justify; width: 52.3809%; height: 28px;\"><span style=\"font-size: 10pt; font-family: times new roman, times, serif;\"><em>21ten Martij ist Georg Giessen begraben worden.<\/em><\/span><\/td>\n<td style=\"width: 31.3096%; text-align: justify; height: 28px;\"><\/td>\n<\/tr>\n<tr style=\"height: 56px;\">\n<td style=\"text-align: center; width: 6.42857%; height: 56px;\"><span style=\"font-size: 10pt; font-family: times new roman, times, serif;\">184<\/span><\/td>\n<td style=\"text-align: center; width: 9.76191%; height: 56px;\"><span style=\"font-size: 10pt; font-family: times new roman, times, serif;\">22.03.1636<\/span><\/td>\n<td style=\"text-align: justify; width: 52.3809%; height: 56px;\"><span style=\"font-size: 10pt; font-family: times new roman, times, serif;\"><em>22ten Martij ist Philips, Daniel Weber\u00df Sohn von Swickau\u00dfen [begraben worden].<\/em><\/span><\/td>\n<td style=\"width: 31.3096%; text-align: justify; height: 56px;\"><span style=\"font-size: 10pt; font-family: times new roman, times, serif;\">Schweighausen (VG Bad Ems-Nassau, EMS)<\/span><\/td>\n<\/tr>\n<tr style=\"height: 56px;\">\n<td style=\"text-align: center; width: 6.42857%; height: 56px;\"><span style=\"font-size: 10pt; font-family: times new roman, times, serif;\">185<\/span><\/td>\n<td style=\"text-align: center; width: 9.76191%; height: 56px;\"><span style=\"font-size: 10pt; font-family: times new roman, times, serif;\">22.03.1636<\/span><\/td>\n<td style=\"text-align: justify; width: 52.3809%; height: 56px;\"><span style=\"font-size: 10pt; font-family: times new roman, times, serif;\"><em>Eodem Eulalia, Adam\u00df Donges Dochter von Daxenhau\u00dfen.<\/em><\/span><\/td>\n<td style=\"width: 31.3096%; text-align: justify; height: 56px;\"><span style=\"font-size: 10pt; font-family: times new roman, times, serif;\">Dachsenhausen (VG Loreley, EMS)<br \/>\n(OFB Dachsenhausen, Nr. 0460)<br \/>\n<\/span><\/td>\n<\/tr>\n<tr style=\"height: 56px;\">\n<td style=\"text-align: center; width: 6.42857%; height: 56px;\"><span style=\"font-size: 10pt; font-family: times new roman, times, serif;\">186<\/span><\/td>\n<td style=\"text-align: center; width: 9.76191%; height: 56px;\"><span style=\"font-size: 10pt; font-family: times new roman, times, serif;\">22.03.1636<\/span><\/td>\n<td style=\"text-align: justify; width: 52.3809%; height: 56px;\"><span style=\"font-size: 10pt; font-family: times new roman, times, serif;\"><em>Eodem Peter Waltman von Singhoffen.<\/em><\/span><\/td>\n<td style=\"width: 31.3096%; text-align: justify; height: 56px;\"><span style=\"font-size: 10pt; font-family: times new roman, times, serif;\">Singhofen (VG Bad Ems-Nassau, EMS)<\/span><\/td>\n<\/tr>\n<tr style=\"height: 28px;\">\n<td style=\"text-align: center; width: 6.42857%; height: 28px;\"><span style=\"font-size: 10pt; font-family: times new roman, times, serif;\">187<\/span><\/td>\n<td style=\"text-align: center; width: 9.76191%; height: 28px;\"><span style=\"font-size: 10pt; font-family: times new roman, times, serif;\">23.03.1636<\/span><\/td>\n<td style=\"text-align: justify; width: 52.3809%; height: 28px;\"><span style=\"font-size: 10pt; font-family: times new roman, times, serif;\"><em>23ten Martij ist Henrich Gras, S\u00fcnd- und Gerichtsscheff, begraben worden.<\/em><\/span><\/td>\n<td style=\"width: 31.3096%; text-align: justify; height: 28px;\"><\/td>\n<\/tr>\n<tr style=\"height: 56px;\">\n<td style=\"text-align: center; width: 6.42857%; height: 56px;\"><span style=\"font-size: 10pt; font-family: times new roman, times, serif;\">188<\/span><\/td>\n<td style=\"text-align: center; width: 9.76191%; height: 56px;\"><span style=\"font-size: 10pt; font-family: times new roman, times, serif;\">24.03.1636<\/span><\/td>\n<td style=\"text-align: justify; width: 52.3809%; height: 56px;\"><span style=\"font-size: 10pt; font-family: times new roman, times, serif;\"><em>24ten Martii ist Han\u00df Enders Debes von Scheuern Sohnlein begraben worden.<\/em><\/span><\/td>\n<td style=\"width: 31.3096%; text-align: justify; height: 56px;\"><span style=\"font-size: 10pt; font-family: times new roman, times, serif;\">Scheuern (VG Bad Ems-Nassau, EMS)<\/span><\/td>\n<\/tr>\n<tr style=\"height: 84px;\">\n<td style=\"text-align: center; width: 6.42857%; height: 84px;\"><span style=\"font-size: 10pt; font-family: times new roman, times, serif;\">189<\/span><\/td>\n<td style=\"text-align: center; width: 9.76191%; height: 84px;\"><span style=\"font-size: 10pt; font-family: times new roman, times, serif;\">25.03.1636<\/span><\/td>\n<td style=\"text-align: justify; width: 52.3809%; height: 84px;\"><span style=\"font-size: 10pt; font-family: times new roman, times, serif;\"><em>25ten Marti ist Zeidelosa, weilandt Ehrn Christophori Werneri hinderla\u00dfene Wittibe von Schwighausen begraben worden, der Gott ein frohlich Auffersteheung verleyhe. Amen.<\/em><\/span><\/td>\n<td style=\"width: 31.3096%; text-align: justify; height: 84px;\"><span style=\"font-size: 10pt; font-family: times new roman, times, serif;\">Schweighausen (VG Bad Ems-Nassau, EMS)<\/span><\/td>\n<\/tr>\n<tr style=\"height: 56px;\">\n<td style=\"text-align: center; width: 6.42857%; height: 56px;\"><span style=\"font-size: 10pt; font-family: times new roman, times, serif;\">190<\/span><\/td>\n<td style=\"text-align: center; width: 9.76191%; height: 56px;\"><span style=\"font-size: 10pt; font-family: times new roman, times, serif;\">25.03.1636<\/span><\/td>\n<td style=\"text-align: justify; width: 52.3809%; height: 56px;\"><span style=\"font-size: 10pt; font-family: times new roman, times, serif;\"><em>25ten Martij ist Augustus, Anthonij Kratzen von Fr\u00fccht hinderla\u00dfenes Sohnlein, begraben worden.<\/em><\/span><\/td>\n<td style=\"width: 31.3096%; text-align: justify; height: 56px;\"><span style=\"font-size: 10pt; font-family: times new roman, times, serif;\">Fr\u00fccht (VG Bad Ems-Nassau, EMS)<\/span><\/td>\n<\/tr>\n<tr style=\"height: 56px;\">\n<td style=\"text-align: center; width: 6.42857%; height: 56px;\"><span style=\"font-size: 10pt; font-family: times new roman, times, serif;\">191<\/span><\/td>\n<td style=\"text-align: center; width: 9.76191%; height: 56px;\"><span style=\"font-size: 10pt; font-family: times new roman, times, serif;\">26.03.1636<\/span><\/td>\n<td style=\"text-align: justify; width: 52.3809%; height: 56px;\"><span style=\"font-size: 10pt; font-family: times new roman, times, serif;\"><em>26ten Martii ist Anthonius Schumacher von Dinenthal begraben worden.<\/em><\/span><\/td>\n<td style=\"width: 31.3096%; text-align: justify; height: 56px;\"><span style=\"font-size: 10pt; font-family: times new roman, times, serif;\">Dienethal (VG Bad Ems-Nassau, EMS)<\/span><\/td>\n<\/tr>\n<tr style=\"height: 56px;\">\n<td style=\"text-align: center; width: 6.42857%; height: 56px;\"><span style=\"font-size: 10pt; font-family: times new roman, times, serif;\">192<\/span><\/td>\n<td style=\"text-align: center; width: 9.76191%; height: 56px;\"><span style=\"font-size: 10pt; font-family: times new roman, times, serif;\">26.03.1636<\/span><\/td>\n<td style=\"text-align: justify; width: 52.3809%; height: 56px;\"><span style=\"font-size: 10pt; font-family: times new roman, times, serif;\"><em>Eodem ist Just von Eberwie\u00df begraben worden.<\/em><\/span><\/td>\n<td style=\"width: 31.3096%; text-align: justify; height: 56px;\"><span style=\"font-size: 10pt; font-family: times new roman, times, serif;\">Oberwies (VG Bad Ems-Nassau (EMS)<\/span><\/td>\n<\/tr>\n<tr style=\"height: 56px;\">\n<td style=\"text-align: center; width: 6.42857%; height: 56px;\"><span style=\"font-size: 10pt; font-family: times new roman, times, serif;\">193<\/span><\/td>\n<td style=\"text-align: center; width: 9.76191%; height: 56px;\"><span style=\"font-size: 10pt; font-family: times new roman, times, serif;\">27.03.1636<\/span><\/td>\n<td style=\"text-align: justify; width: 52.3809%; height: 56px;\"><span style=\"font-size: 10pt; font-family: times new roman, times, serif;\"><em>27ten Martii ist Anthonius M\u00f6tter von Da\u00dfenhausen begraben worden.<\/em><\/span><\/td>\n<td style=\"width: 31.3096%; text-align: justify; height: 56px;\"><span style=\"font-size: 10pt; font-family: times new roman, times, serif;\">Dachsenhausen (VG Loreley, EMS)<\/span><\/td>\n<\/tr>\n<tr style=\"height: 56px;\">\n<td style=\"text-align: center; width: 6.42857%; height: 56px;\"><span style=\"font-size: 10pt; font-family: times new roman, times, serif;\">194<\/span><\/td>\n<td style=\"text-align: center; width: 9.76191%; height: 56px;\"><span style=\"font-size: 10pt; font-family: times new roman, times, serif;\">27.03.1636<\/span><\/td>\n<td style=\"text-align: justify; width: 52.3809%; height: 56px;\"><span style=\"font-size: 10pt; font-family: times new roman, times, serif;\"><em>Eodem ist Johannes Na\u00dfer von Frucht begraben worden.<\/em><\/span><\/td>\n<td style=\"width: 31.3096%; text-align: justify; height: 56px;\"><span style=\"font-size: 10pt; font-family: times new roman, times, serif;\">Fr\u00fccht (VG Bad Ems-Nassau, EMS)<\/span><\/td>\n<\/tr>\n<tr style=\"height: 56px;\">\n<td style=\"text-align: center; width: 6.42857%; height: 56px;\"><span style=\"font-size: 10pt; font-family: times new roman, times, serif;\">195<\/span><\/td>\n<td style=\"text-align: center; width: 9.76191%; height: 56px;\"><span style=\"font-size: 10pt; font-family: times new roman, times, serif;\">27.03.1636<\/span><\/td>\n<td style=\"text-align: justify; width: 52.3809%; height: 56px;\"><span style=\"font-size: 10pt; font-family: times new roman, times, serif;\"><em>Eodem ist Magdalena, Claus Sommers hinterla\u00dfene Hau\u00dffrauw von Oberbachheimb, begraben worden.<\/em><\/span><\/td>\n<td style=\"width: 31.3096%; text-align: justify; height: 56px;\"><span style=\"font-size: 10pt; font-family: times new roman, times, serif;\">Oberbachheim (VG Nast\u00e4tten, EMS)<\/span><\/td>\n<\/tr>\n<tr style=\"height: 28px;\">\n<td style=\"text-align: center; width: 6.42857%; height: 28px;\"><span style=\"font-size: 10pt; font-family: times new roman, times, serif;\">196<\/span><\/td>\n<td style=\"text-align: center; width: 9.76191%; height: 28px;\"><span style=\"font-size: 10pt; font-family: times new roman, times, serif;\">28.03.1636<\/span><\/td>\n<td style=\"text-align: justify; width: 52.3809%; height: 28px;\"><span style=\"font-size: 10pt; font-family: times new roman, times, serif;\"><em>28ten Martij ist Anna, Mertten Mullers Hausfrauw, begraben worden.<\/em><\/span><\/td>\n<td style=\"width: 31.3096%; text-align: justify; height: 28px;\"><\/td>\n<\/tr>\n<tr style=\"height: 56px;\">\n<td style=\"text-align: center; width: 6.42857%; height: 56px;\"><span style=\"font-size: 10pt; font-family: times new roman, times, serif;\">197<\/span><\/td>\n<td style=\"text-align: center; width: 9.76191%; height: 56px;\"><span style=\"font-size: 10pt; font-family: times new roman, times, serif;\">28.03.1636<\/span><\/td>\n<td style=\"text-align: justify; width: 52.3809%; height: 56px;\"><span style=\"font-size: 10pt; font-family: times new roman, times, serif;\"><em>Eodem ist Johan Conradt, Ehrn Joannis E&#8230;, Pfarhers see[lig] zue Marienfels, [Sohn], begraben worden.<\/em><\/span><\/td>\n<td style=\"width: 31.3096%; text-align: justify; height: 56px;\"><span style=\"font-size: 10pt; font-family: times new roman, times, serif;\">Marienfels (VG Nast\u00e4tten, EMS)<\/span><\/td>\n<\/tr>\n<tr style=\"height: 28px;\">\n<td style=\"text-align: center; width: 6.42857%; height: 28px;\"><span style=\"font-size: 10pt; font-family: times new roman, times, serif;\">198<\/span><\/td>\n<td style=\"text-align: center; width: 9.76191%; height: 28px;\"><span style=\"font-size: 10pt; font-family: times new roman, times, serif;\">28.03.1636<\/span><\/td>\n<td style=\"text-align: justify; width: 52.3809%; height: 28px;\"><span style=\"font-size: 10pt; font-family: times new roman, times, serif;\"><em>Eodem ist Catharina, Weltte Kohlers hinderla\u00dfene Wittibe, begraben worden.<\/em><\/span><\/td>\n<td style=\"width: 31.3096%; text-align: justify; height: 28px;\"><\/td>\n<\/tr>\n<tr style=\"height: 56px;\">\n<td style=\"text-align: center; width: 6.42857%; height: 56px;\"><span style=\"font-size: 10pt; font-family: times new roman, times, serif;\">199<\/span><\/td>\n<td style=\"text-align: center; width: 9.76191%; height: 56px;\"><span style=\"font-size: 10pt; font-family: times new roman, times, serif;\">29.03.1636<\/span><\/td>\n<td style=\"text-align: justify; width: 52.3809%; height: 56px;\"><span style=\"font-size: 10pt; font-family: times new roman, times, serif;\"><em>29ten Martii ist Adam Koch von Scheuern begraben worden.<\/em><\/span><\/td>\n<td style=\"width: 31.3096%; text-align: justify; height: 56px;\"><span style=\"font-size: 10pt; font-family: times new roman, times, serif;\">Scheuern (VG Bad Ems-Nassau, EMS)<\/span><\/td>\n<\/tr>\n<tr style=\"height: 56px;\">\n<td style=\"text-align: center; width: 6.42857%; height: 56px;\"><span style=\"font-size: 10pt; font-family: times new roman, times, serif;\">200<\/span><\/td>\n<td style=\"text-align: center; width: 9.76191%; height: 56px;\"><span style=\"font-size: 10pt; font-family: times new roman, times, serif;\">30.03.1636<\/span><\/td>\n<td style=\"text-align: justify; width: 52.3809%; height: 56px;\"><span style=\"font-size: 10pt; font-family: times new roman, times, serif;\"><em>30ten Martii ist Catharina, Moritz Wageners von Welmich hinderla\u00dfene Wittbe, begraben worden.<\/em><\/span><\/td>\n<td style=\"width: 31.3096%; text-align: justify; height: 56px;\"><span style=\"font-size: 10pt; font-family: times new roman, times, serif;\">St. Goarshausen-Wellmich (VG Loreley, EMS)<\/span><\/td>\n<\/tr>\n<tr style=\"height: 56px;\">\n<td style=\"text-align: center; width: 6.42857%; height: 56px;\"><span style=\"font-size: 10pt; font-family: times new roman, times, serif;\">201<\/span><\/td>\n<td style=\"text-align: center; width: 9.76191%; height: 56px;\"><span style=\"font-size: 10pt; font-family: times new roman, times, serif;\">30.03.1636<\/span><\/td>\n<td style=\"text-align: justify; width: 52.3809%; height: 56px;\"><span style=\"font-size: 10pt; font-family: times new roman, times, serif;\"><em>Eodem ist Merga, Peter von De\u00dfioben Hausf[rau], begraben worden.<\/em><\/span><\/td>\n<td style=\"width: 31.3096%; text-align: justify; height: 56px;\"><span style=\"font-size: 10pt; font-family: times new roman, times, serif;\">Dessighofen (VG Bad Ems-Nassau, EMS)<\/span><\/td>\n<\/tr>\n<tr style=\"height: 112px;\">\n<td style=\"text-align: center; width: 6.42857%; height: 112px;\"><span style=\"font-size: 10pt; font-family: times new roman, times, serif;\">202<\/span><\/td>\n<td style=\"text-align: center; width: 9.76191%; height: 112px;\"><span style=\"font-size: 10pt; font-family: times new roman, times, serif;\">01.04.1636<\/span><\/td>\n<td style=\"text-align: justify; width: 52.3809%; height: 112px;\"><span style=\"font-size: 10pt; font-family: times new roman, times, serif;\"><em>1ten Aprilis ist Herr Davidt Wiederholtt ihn die Kirch zue Braubach begraben worden, deme Gott ein friedlich Aufferstehung verleye. Amen. <\/em>[am linken Rand steht:<em> alte Pfarrer alhir, so Pfarrer alhir gewesen bey dem Calvinismo, aber dem Calvinismum abgetreten<\/em>]<\/span><\/td>\n<td style=\"width: 31.3096%; text-align: justify; height: 112px;\"><\/td>\n<\/tr>\n<tr style=\"height: 56px;\">\n<td style=\"text-align: center; width: 6.42857%; height: 56px;\"><span style=\"font-size: 10pt; font-family: times new roman, times, serif;\">203<\/span><\/td>\n<td style=\"text-align: center; width: 9.76191%; height: 56px;\"><span style=\"font-size: 10pt; font-family: times new roman, times, serif;\">02.04.1636<\/span><\/td>\n<td style=\"text-align: justify; width: 52.3809%; height: 56px;\"><span style=\"font-size: 10pt; font-family: times new roman, times, serif;\"><em>2 Aprilis ist Peters Philips von De\u00dfioben begraben worden.<\/em><\/span><\/td>\n<td style=\"width: 31.3096%; text-align: justify; height: 56px;\"><span style=\"font-size: 10pt; font-family: times new roman, times, serif;\">Dessighofen (VG Bad Ems-Nassau, EMS)<\/span><\/td>\n<\/tr>\n<tr style=\"height: 56px;\">\n<td style=\"text-align: center; width: 6.42857%; height: 56px;\"><span style=\"font-size: 10pt; font-family: times new roman, times, serif;\">204<\/span><\/td>\n<td style=\"text-align: center; width: 9.76191%; height: 56px;\"><span style=\"font-size: 10pt; font-family: times new roman, times, serif;\">04.04.1636<\/span><\/td>\n<td style=\"text-align: justify; width: 52.3809%; height: 56px;\"><span style=\"font-size: 10pt; font-family: times new roman, times, serif;\"><em>4ten Aprilis ist Merttes Johannes von Frucht begraben worden.<\/em><\/span><\/td>\n<td style=\"width: 31.3096%; text-align: justify; height: 56px;\"><span style=\"font-size: 10pt; font-family: times new roman, times, serif;\">Fr\u00fccht (VG Bad Ems-Nassau, EMS)<\/span><\/td>\n<\/tr>\n<tr style=\"height: 56px;\">\n<td style=\"text-align: center; width: 6.42857%; height: 56px;\"><span style=\"font-size: 10pt; font-family: times new roman, times, serif;\">205<\/span><\/td>\n<td style=\"text-align: center; width: 9.76191%; height: 56px;\"><span style=\"font-size: 10pt; font-family: times new roman, times, serif;\">04.04.1636<\/span><\/td>\n<td style=\"text-align: justify; width: 52.3809%; height: 56px;\"><span style=\"font-size: 10pt; font-family: times new roman, times, serif;\"><em>Eodem ist Johannes Henrich, Thonges Cratzen Sohnlein, begraben.<\/em><\/span><\/td>\n<td style=\"width: 31.3096%; text-align: justify; height: 56px;\"><span style=\"font-size: 10pt; font-family: times new roman, times, serif;\">Fr\u00fccht (VG Bad Ems-Nassau, EMS)<\/span><\/td>\n<\/tr>\n<tr style=\"height: 56px;\">\n<td style=\"text-align: center; width: 6.42857%; height: 56px;\"><span style=\"font-size: 10pt; font-family: times new roman, times, serif;\">206<\/span><\/td>\n<td style=\"text-align: center; width: 9.76191%; height: 56px;\"><span style=\"font-size: 10pt; font-family: times new roman, times, serif;\">07.04.1636<\/span><\/td>\n<td style=\"text-align: justify; width: 52.3809%; height: 56px;\"><span style=\"font-size: 10pt; font-family: times new roman, times, serif;\"><em>7ten Aprilis ist Margretha, Mertens Johannesen Hau\u00dffraw seeligen begraben worden.<\/em><\/span><\/td>\n<td style=\"width: 31.3096%; text-align: justify; height: 56px;\"><span style=\"font-size: 10pt; font-family: times new roman, times, serif;\">Fr\u00fccht (VG Bad Ems-Nassau, EMS)<\/span><\/td>\n<\/tr>\n<tr style=\"height: 28px;\">\n<td style=\"text-align: center; width: 6.42857%; height: 28px;\"><span style=\"font-size: 10pt; font-family: times new roman, times, serif;\">207<\/span><\/td>\n<td style=\"text-align: center; width: 9.76191%; height: 28px;\"><span style=\"font-size: 10pt; font-family: times new roman, times, serif;\">08.04.1636<\/span><\/td>\n<td style=\"text-align: justify; width: 52.3809%; height: 28px;\"><span style=\"font-size: 10pt; font-family: times new roman, times, serif;\"><em>8ten Aprilis ist Johannes Schmidt von Lohnstein begraben worden.<\/em><\/span><\/td>\n<td style=\"width: 31.3096%; text-align: justify; height: 28px;\"><span style=\"font-size: 10pt; font-family: times new roman, times, serif;\">Lahnstein (EMS)<\/span><\/td>\n<\/tr>\n<tr style=\"height: 56px;\">\n<td style=\"text-align: center; width: 6.42857%; height: 56px;\"><span style=\"font-size: 10pt; font-family: times new roman, times, serif;\">208<\/span><\/td>\n<td style=\"text-align: center; width: 9.76191%; height: 56px;\"><span style=\"font-size: 10pt; font-family: times new roman, times, serif;\">08.04.1636<\/span><\/td>\n<td style=\"text-align: justify; width: 52.3809%; height: 56px;\"><span style=\"font-size: 10pt; font-family: times new roman, times, serif;\"><em>Eodem ist Hans Jorg B&#8230; begraben worden, von Ren\u00df b\u00fcrdig gewesen.<\/em><\/span><\/td>\n<td style=\"width: 31.3096%; text-align: justify; height: 56px;\"><span style=\"font-size: 10pt; font-family: times new roman, times, serif;\">Rhens (VG Rhein-Mosel, Lkr. Mayen-Koblenz)<\/span><\/td>\n<\/tr>\n<tr style=\"height: 56px;\">\n<td style=\"text-align: center; width: 6.42857%; height: 56px;\"><span style=\"font-size: 10pt; font-family: times new roman, times, serif;\">209<\/span><\/td>\n<td style=\"text-align: center; width: 9.76191%; height: 56px;\"><span style=\"font-size: 10pt; font-family: times new roman, times, serif;\">10.04.1636<\/span><\/td>\n<td style=\"text-align: justify; width: 52.3809%; height: 56px;\"><span style=\"font-size: 10pt; font-family: times new roman, times, serif;\"><em>10ten Aprilis ist Christian[us], Johannes Ansels Sohnlein, begraben worden.<\/em><\/span><\/td>\n<td style=\"width: 31.3096%; text-align: justify; height: 56px;\"><span style=\"font-size: 10pt; font-family: times new roman, times, serif;\">Fr\u00fccht (VG Bad Ems-Nassau, EMS)<\/span><\/td>\n<\/tr>\n<tr style=\"height: 56px;\">\n<td style=\"text-align: center; width: 6.42857%; height: 56px;\"><span style=\"font-size: 10pt; font-family: times new roman, times, serif;\">210<\/span><\/td>\n<td style=\"text-align: center; width: 9.76191%; height: 56px;\"><span style=\"font-size: 10pt; font-family: times new roman, times, serif;\">10.04.1636<\/span><\/td>\n<td style=\"text-align: justify; width: 52.3809%; height: 56px;\"><span style=\"font-size: 10pt; font-family: times new roman, times, serif;\"><em>Eodem ist Adam Humrich von Frucht begraben worden.<\/em><\/span><\/td>\n<td style=\"width: 31.3096%; text-align: justify; height: 56px;\"><span style=\"font-size: 10pt; font-family: times new roman, times, serif;\">Fr\u00fccht (VG Bad Ems-Nassau, EMS)<\/span><\/td>\n<\/tr>\n<tr style=\"height: 56px;\">\n<td style=\"text-align: center; width: 6.42857%; height: 56px;\"><span style=\"font-size: 10pt; font-family: times new roman, times, serif;\">211<\/span><\/td>\n<td style=\"text-align: center; width: 9.76191%; height: 56px;\"><span style=\"font-size: 10pt; font-family: times new roman, times, serif;\">10.04.1636<\/span><\/td>\n<td style=\"text-align: justify; width: 52.3809%; height: 56px;\"><span style=\"font-size: 10pt; font-family: times new roman, times, serif;\"><em>Eodem ist Emrich Arnoldt, Merttes Johannen hinderla\u00dfenes Sohnlein, begraben worden.<\/em><\/span><\/td>\n<td style=\"width: 31.3096%; text-align: justify; height: 56px;\"><span style=\"font-size: 10pt; font-family: times new roman, times, serif;\">Fr\u00fccht (VG Bad Ems-Nassau, EMS)<\/span><\/td>\n<\/tr>\n<tr style=\"height: 28px;\">\n<td style=\"text-align: center; width: 6.42857%; height: 28px;\"><span style=\"font-size: 10pt; font-family: times new roman, times, serif;\">212<\/span><\/td>\n<td style=\"text-align: center; width: 9.76191%; height: 28px;\"><span style=\"font-size: 10pt; font-family: times new roman, times, serif;\">10.04.1636<\/span><\/td>\n<td style=\"text-align: justify; width: 52.3809%; height: 28px;\"><span style=\"font-size: 10pt; font-family: times new roman, times, serif;\"><em>Eodem ist Gerdraudt, Philips Buffen hinterla\u00dfene Wittbe, begraben worden.<\/em><\/span><\/td>\n<td style=\"width: 31.3096%; text-align: justify; height: 28px;\"><\/td>\n<\/tr>\n<tr style=\"height: 28px;\">\n<td style=\"text-align: center; width: 6.42857%; height: 28px;\"><span style=\"font-size: 10pt; font-family: times new roman, times, serif;\">213<\/span><\/td>\n<td style=\"text-align: center; width: 9.76191%; height: 28px;\"><span style=\"font-size: 10pt; font-family: times new roman, times, serif;\">10.04.1636<\/span><\/td>\n<td style=\"text-align: justify; width: 52.3809%; height: 28px;\"><span style=\"font-size: 10pt; font-family: times new roman, times, serif;\"><em>Eodem ist Johannes Reh, ein Solthatt, begraben worden.<\/em><\/span><\/td>\n<td style=\"width: 31.3096%; text-align: justify; height: 28px;\"><\/td>\n<\/tr>\n<tr style=\"height: 28px;\">\n<td style=\"text-align: center; width: 6.42857%; height: 28px;\"><span style=\"font-size: 10pt; font-family: times new roman, times, serif;\">214<\/span><\/td>\n<td style=\"text-align: center; width: 9.76191%; height: 28px;\"><span style=\"font-size: 10pt; font-family: times new roman, times, serif;\">10.04.1636<\/span><\/td>\n<td style=\"text-align: justify; width: 52.3809%; height: 28px;\"><span style=\"font-size: 10pt; font-family: times new roman, times, serif;\"><em>Eodem ist Jacob, Theisen Philipsen Sohnlein, begraben worden.<\/em><\/span><\/td>\n<td style=\"width: 31.3096%; text-align: justify; height: 28px;\"><\/td>\n<\/tr>\n<tr style=\"height: 28px;\">\n<td style=\"text-align: center; width: 6.42857%; height: 28px;\"><span style=\"font-size: 10pt; font-family: times new roman, times, serif;\">215<\/span><\/td>\n<td style=\"text-align: center; width: 9.76191%; height: 28px;\"><span style=\"font-size: 10pt; font-family: times new roman, times, serif;\">11.04.1636<\/span><\/td>\n<td style=\"text-align: justify; width: 52.3809%; height: 28px;\"><span style=\"font-size: 10pt; font-family: times new roman, times, serif;\"><em>11ten Aprilis ist Matthias Friedtge, Burger zue Braubach, begraben worden.<\/em><\/span><\/td>\n<td style=\"width: 31.3096%; text-align: justify; height: 28px;\"><\/td>\n<\/tr>\n<tr style=\"height: 56px;\">\n<td style=\"text-align: center; width: 6.42857%; height: 56px;\"><span style=\"font-size: 10pt; font-family: times new roman, times, serif;\">216<\/span><\/td>\n<td style=\"text-align: center; width: 9.76191%; height: 56px;\"><span style=\"font-size: 10pt; font-family: times new roman, times, serif;\">11.04.1636<\/span><\/td>\n<td style=\"text-align: justify; width: 52.3809%; height: 56px;\"><span style=\"font-size: 10pt; font-family: times new roman, times, serif;\"><em>Eodem ist Marx Meuschet von Frucht begraben worden.<\/em><\/span><\/td>\n<td style=\"width: 31.3096%; text-align: justify; height: 56px;\"><span style=\"font-size: 10pt; font-family: times new roman, times, serif;\">Fr\u00fccht (VG Bad Ems-Nassau, EMS)<\/span><\/td>\n<\/tr>\n<tr style=\"height: 56px;\">\n<td style=\"text-align: center; width: 6.42857%; height: 56px;\"><span style=\"font-size: 10pt; font-family: times new roman, times, serif;\">217<\/span><\/td>\n<td style=\"text-align: center; width: 9.76191%; height: 56px;\"><span style=\"font-size: 10pt; font-family: times new roman, times, serif;\">11.04.1636<\/span><\/td>\n<td style=\"text-align: justify; width: 52.3809%; height: 56px;\"><span style=\"font-size: 10pt; font-family: times new roman, times, serif;\"><em>Eodem ist Johann Daniel, Philips Petern hinderla\u00dfenes Sohnlein, begraben worden.<\/em><\/span><\/td>\n<td style=\"width: 31.3096%; text-align: justify; height: 56px;\"><span style=\"font-size: 10pt; font-family: times new roman, times, serif;\">Dessighofen (VG Bad Ems-Nassau, EMS)<\/span><\/td>\n<\/tr>\n<tr style=\"height: 56px;\">\n<td style=\"text-align: center; width: 6.42857%; height: 56px;\"><span style=\"font-size: 10pt; font-family: times new roman, times, serif;\">218<\/span><\/td>\n<td style=\"text-align: center; width: 9.76191%; height: 56px;\"><span style=\"font-size: 10pt; font-family: times new roman, times, serif;\">12.04.1636<\/span><\/td>\n<td style=\"text-align: justify; width: 52.3809%; height: 56px;\"><span style=\"font-size: 10pt; font-family: times new roman, times, serif;\"><em>12ten Apilis ist Daniel, Johannis Motters hinderla\u00dfener Sohn von Datzenhausen, begraben worden.<\/em><\/span><\/td>\n<td style=\"width: 31.3096%; text-align: justify; height: 56px;\"><span style=\"font-size: 10pt; font-family: times new roman, times, serif;\">Dachsenhausen (VG Loreley, EMS)<\/span><\/td>\n<\/tr>\n<tr style=\"height: 28px;\">\n<td style=\"text-align: center; width: 6.42857%; height: 28px;\"><span style=\"font-size: 10pt; font-family: times new roman, times, serif;\">219<\/span><\/td>\n<td style=\"text-align: center; width: 9.76191%; height: 28px;\"><span style=\"font-size: 10pt; font-family: times new roman, times, serif;\">14.04.1636<\/span><\/td>\n<td style=\"text-align: justify; width: 52.3809%; height: 28px;\"><span style=\"font-size: 10pt; font-family: times new roman, times, serif;\"><em>14ten April[is] Adam Haiman von Nider Bacheimb begraben worden.<\/em><\/span><\/td>\n<td style=\"width: 31.3096%; text-align: justify; height: 28px;\"><\/td>\n<\/tr>\n<tr style=\"height: 56px;\">\n<td style=\"text-align: center; width: 6.42857%; height: 56px;\"><span style=\"font-size: 10pt; font-family: times new roman, times, serif;\">220<\/span><\/td>\n<td style=\"text-align: center; width: 9.76191%; height: 56px;\"><span style=\"font-size: 10pt; font-family: times new roman, times, serif;\">14.04.1636<\/span><\/td>\n<td style=\"text-align: justify; width: 52.3809%; height: 56px;\"><span style=\"font-size: 10pt; font-family: times new roman, times, serif;\"><em>Eodem Han\u00df Emerich, Han\u00df M\u00f6tter\u00df Sohn von Daxenhau\u00dfen.<\/em><\/span><\/td>\n<td style=\"width: 31.3096%; text-align: justify; height: 56px;\"><span style=\"font-size: 10pt; font-family: times new roman, times, serif;\">Dachsenhausen (VG Loreley, EMS)<\/span><\/td>\n<\/tr>\n<tr style=\"height: 56px;\">\n<td style=\"text-align: center; width: 6.42857%; height: 56px;\"><span style=\"font-size: 10pt; font-family: times new roman, times, serif;\">221<\/span><\/td>\n<td style=\"text-align: center; width: 9.76191%; height: 56px;\"><span style=\"font-size: 10pt; font-family: times new roman, times, serif;\">14.04.1636<\/span><\/td>\n<td style=\"text-align: justify; width: 52.3809%; height: 56px;\"><span style=\"font-size: 10pt; font-family: times new roman, times, serif;\"><em>Eodem Han\u00df Philips, Peter\u00df Philipsen Sohn von Dessioben.<\/em><\/span><\/td>\n<td style=\"width: 31.3096%; text-align: justify; height: 56px;\"><span style=\"font-size: 10pt; font-family: times new roman, times, serif;\">Dessighofen (VG Bad Ems-Nassau, EMS)<\/span><\/td>\n<\/tr>\n<tr style=\"height: 28px;\">\n<td style=\"text-align: center; width: 6.42857%; height: 28px;\"><span style=\"font-size: 10pt; font-family: times new roman, times, serif;\">222<\/span><\/td>\n<td style=\"text-align: center; width: 9.76191%; height: 28px;\"><span style=\"font-size: 10pt; font-family: times new roman, times, serif;\">15.04.1636<\/span><\/td>\n<td style=\"text-align: justify; width: 52.3809%; height: 28px;\"><span style=\"font-size: 10pt; font-family: times new roman, times, serif;\"><em>15ten April[is] Lucas Bausman begraben worden, Burger alhier.<\/em><\/span><\/td>\n<td style=\"width: 31.3096%; text-align: justify; height: 28px;\"><\/td>\n<\/tr>\n<tr style=\"height: 56px;\">\n<td style=\"text-align: center; width: 6.42857%; height: 56px;\"><span style=\"font-size: 10pt; font-family: times new roman, times, serif;\">223<\/span><\/td>\n<td style=\"text-align: center; width: 9.76191%; height: 56px;\"><span style=\"font-size: 10pt; font-family: times new roman, times, serif;\">15.04.1636<\/span><\/td>\n<td style=\"text-align: justify; width: 52.3809%; height: 56px;\"><span style=\"font-size: 10pt; font-family: times new roman, times, serif;\"><em>Eodem Eva, Adam Haiman\u00df nachgelassne Widwe von NiderBacheimb.<\/em><\/span><\/td>\n<td style=\"width: 31.3096%; text-align: justify; height: 56px;\"><span style=\"font-size: 10pt; font-family: times new roman, times, serif;\">Niederbachheim (VG Nast\u00e4tten, EMS)<\/span><\/td>\n<\/tr>\n<tr style=\"height: 56px;\">\n<td style=\"text-align: center; width: 6.42857%; height: 56px;\"><span style=\"font-size: 10pt; font-family: times new roman, times, serif;\">224<\/span><\/td>\n<td style=\"text-align: center; width: 9.76191%; height: 56px;\"><span style=\"font-size: 10pt; font-family: times new roman, times, serif;\">15.04.1636<\/span><\/td>\n<td style=\"text-align: justify; width: 52.3809%; height: 56px;\"><span style=\"font-size: 10pt; font-family: times new roman, times, serif;\"><em>Eodem Maria, Johannis Bengels Dochter von Rhen\u00df.<\/em><\/span><\/td>\n<td style=\"width: 31.3096%; text-align: justify; height: 56px;\"><span style=\"font-size: 10pt; font-family: times new roman, times, serif;\">Rhens (VG Rhein-Mosel, Lkr. Mayen-Koblenz)<\/span><\/td>\n<\/tr>\n<tr style=\"height: 28px;\">\n<td style=\"text-align: center; width: 6.42857%; height: 28px;\"><span style=\"font-size: 10pt; font-family: times new roman, times, serif;\">225<\/span><\/td>\n<td style=\"text-align: center; width: 9.76191%; height: 28px;\"><span style=\"font-size: 10pt; font-family: times new roman, times, serif;\">15.04.1636<\/span><\/td>\n<td style=\"text-align: justify; width: 52.3809%; height: 28px;\"><span style=\"font-size: 10pt; font-family: times new roman, times, serif;\"><em>Eodem Philippus, der W\u00fcllenweber von Marienfel\u00df.<\/em><\/span><\/td>\n<td style=\"width: 31.3096%; text-align: justify; height: 28px;\"><span style=\"font-size: 10pt; font-family: times new roman, times, serif;\">Marienfels (VG Nast\u00e4tten, EMS)<\/span><\/td>\n<\/tr>\n<tr style=\"height: 56px;\">\n<td style=\"text-align: center; width: 6.42857%; height: 56px;\"><span style=\"font-size: 10pt; font-family: times new roman, times, serif;\">226<\/span><\/td>\n<td style=\"text-align: center; width: 9.76191%; height: 56px;\"><span style=\"font-size: 10pt; font-family: times new roman, times, serif;\">16.04.1636<\/span><\/td>\n<td style=\"text-align: justify; width: 52.3809%; height: 56px;\"><span style=\"font-size: 10pt; font-family: times new roman, times, serif;\"><em>16ten April[is], war pridie Paschatos, ist Elisabeth, Han\u00df Emerich Reu\u00dfners Frau, begraben worden.<\/em><\/span><\/td>\n<td style=\"width: 31.3096%; text-align: justify; height: 56px;\"><\/td>\n<\/tr>\n<tr style=\"height: 56px;\">\n<td style=\"text-align: center; width: 6.42857%; height: 56px;\"><span style=\"font-size: 10pt; font-family: times new roman, times, serif;\">227<\/span><\/td>\n<td style=\"text-align: center; width: 9.76191%; height: 56px;\"><span style=\"font-size: 10pt; font-family: times new roman, times, serif;\">18.04.1636<\/span><\/td>\n<td style=\"text-align: justify; width: 52.3809%; height: 56px;\"><span style=\"font-size: 10pt; font-family: times new roman, times, serif;\"><em>18ten April[is] ist Elisabeth, Martin Schumachers Frau von Dessioben, begraben worden.<\/em><\/span><\/td>\n<td style=\"width: 31.3096%; text-align: justify; height: 56px;\"><span style=\"font-size: 10pt; font-family: times new roman, times, serif;\">Dessighofen (VG Bad Ems-Nassau, EMS)<\/span><\/td>\n<\/tr>\n<tr style=\"height: 28px;\">\n<td style=\"text-align: center; width: 6.42857%; height: 28px;\"><span style=\"font-size: 10pt; font-family: times new roman, times, serif;\">228<\/span><\/td>\n<td style=\"text-align: center; width: 9.76191%; height: 28px;\"><span style=\"font-size: 10pt; font-family: times new roman, times, serif;\">19.04.1636<\/span><\/td>\n<td style=\"text-align: justify; width: 52.3809%; height: 28px;\"><span style=\"font-size: 10pt; font-family: times new roman, times, serif;\"><em>19ten April[is] ist Johannes G\u00f6tz,ein Soldat, begraben worden.<\/em><\/span><\/td>\n<td style=\"width: 31.3096%; text-align: justify; height: 28px;\"><\/td>\n<\/tr>\n<tr style=\"height: 56px;\">\n<td style=\"text-align: center; width: 6.42857%; height: 56px;\"><span style=\"font-size: 10pt; font-family: times new roman, times, serif;\">229<\/span><\/td>\n<td style=\"text-align: center; width: 9.76191%; height: 56px;\"><span style=\"font-size: 10pt; font-family: times new roman, times, serif;\">19.04.1636<\/span><\/td>\n<td style=\"text-align: justify; width: 52.3809%; height: 56px;\"><span style=\"font-size: 10pt; font-family: times new roman, times, serif;\"><em>Eodem Johannes Friderich von Geissig.<\/em><\/span><\/td>\n<td style=\"width: 31.3096%; text-align: justify; height: 56px;\"><span style=\"font-size: 10pt; font-family: times new roman, times, serif;\">Geisig (VG Bad Ems-Nassau, EMS)<\/span><\/td>\n<\/tr>\n<tr style=\"height: 28px;\">\n<td style=\"text-align: center; width: 6.42857%; height: 28px;\"><span style=\"font-size: 10pt; font-family: times new roman, times, serif;\">230<\/span><\/td>\n<td style=\"text-align: center; width: 9.76191%; height: 28px;\"><span style=\"font-size: 10pt; font-family: times new roman, times, serif;\">19.04.1636<\/span><\/td>\n<td style=\"text-align: justify; width: 52.3809%; height: 28px;\"><span style=\"font-size: 10pt; font-family: times new roman, times, serif;\"><em>Eodem Maria Agnes, Philips Ferber\u00df Dochterlein.<\/em><\/span><\/td>\n<td style=\"width: 31.3096%; text-align: justify; height: 28px;\"><\/td>\n<\/tr>\n<tr style=\"height: 28px;\">\n<td style=\"text-align: center; width: 6.42857%; height: 28px;\"><span style=\"font-size: 10pt; font-family: times new roman, times, serif;\">231<\/span><\/td>\n<td style=\"text-align: center; width: 9.76191%; height: 28px;\"><span style=\"font-size: 10pt; font-family: times new roman, times, serif;\">19.04.1636<\/span><\/td>\n<td style=\"text-align: justify; width: 52.3809%; height: 28px;\"><span style=\"font-size: 10pt; font-family: times new roman, times, serif;\"><em>Eodem ein Bettelmegdlein, so bey Auspurg her gewesen.<\/em><\/span><\/td>\n<td style=\"width: 31.3096%; text-align: justify; height: 28px;\"><span style=\"font-size: 10pt; font-family: times new roman, times, serif;\">Augsburger Gegend<\/span><\/td>\n<\/tr>\n<tr style=\"height: 56px;\">\n<td style=\"text-align: center; width: 6.42857%; height: 56px;\"><span style=\"font-size: 10pt; font-family: times new roman, times, serif;\">232<\/span><\/td>\n<td style=\"text-align: center; width: 9.76191%; height: 56px;\"><span style=\"font-size: 10pt; font-family: times new roman, times, serif;\">20.04.1636<\/span><\/td>\n<td style=\"text-align: justify; width: 52.3809%; height: 56px;\"><span style=\"font-size: 10pt; font-family: times new roman, times, serif;\"><em>20ten April[is] ist Elisabeth, Johannis M\u00fcllers Frau von Fr\u00fccht, begraben worden.<\/em><\/span><\/td>\n<td style=\"width: 31.3096%; text-align: justify; height: 56px;\"><span style=\"font-size: 10pt; font-family: times new roman, times, serif;\">Fr\u00fccht (VG Bad Ems-Nassau, EMS)<\/span><\/td>\n<\/tr>\n<tr style=\"height: 28px;\">\n<td style=\"text-align: center; width: 6.42857%; height: 28px;\"><span style=\"font-size: 10pt; font-family: times new roman, times, serif;\">233<\/span><\/td>\n<td style=\"text-align: center; width: 9.76191%; height: 28px;\"><span style=\"font-size: 10pt; font-family: times new roman, times, serif;\">20.04.1636<\/span><\/td>\n<td style=\"text-align: justify; width: 52.3809%; height: 28px;\"><span style=\"font-size: 10pt; font-family: times new roman, times, serif;\"><em>Eodem Barbara Ludwigs Dochter von Milen.<\/em><\/span><\/td>\n<td style=\"width: 31.3096%; text-align: justify; height: 28px;\"><span style=\"font-size: 10pt; font-family: times new roman, times, serif;\">Miehlen (VG Nast\u00e4tten, EMS)<\/span><\/td>\n<\/tr>\n<tr style=\"height: 56px;\">\n<td style=\"text-align: center; width: 6.42857%; height: 56px;\"><span style=\"font-size: 10pt; font-family: times new roman, times, serif;\">234<\/span><\/td>\n<td style=\"text-align: center; width: 9.76191%; height: 56px;\"><span style=\"font-size: 10pt; font-family: times new roman, times, serif;\">22.04.1636<\/span><\/td>\n<td style=\"text-align: justify; width: 52.3809%; height: 56px;\"><span style=\"font-size: 10pt; font-family: times new roman, times, serif;\"><em>22ten April[is] Maria, de\u00df Holtzheusers Dochter von Fr\u00fccht.<\/em><\/span><\/td>\n<td style=\"width: 31.3096%; text-align: justify; height: 56px;\"><span style=\"font-size: 10pt; font-family: times new roman, times, serif;\">Fr\u00fccht (VG Bad Ems-Nassau, EMS)<\/span><\/td>\n<\/tr>\n<tr style=\"height: 56px;\">\n<td style=\"text-align: center; width: 6.42857%; height: 56px;\"><span style=\"font-size: 10pt; font-family: times new roman, times, serif;\">235<\/span><\/td>\n<td style=\"text-align: center; width: 9.76191%; height: 56px;\"><span style=\"font-size: 10pt; font-family: times new roman, times, serif;\">22.04.1636<\/span><\/td>\n<td style=\"text-align: justify; width: 52.3809%; height: 56px;\"><span style=\"font-size: 10pt; font-family: times new roman, times, serif;\"><em>Eodem Anna Barbara, des Schulthei\u00dfen Dochter von Bechel.<\/em><\/span><\/td>\n<td style=\"width: 31.3096%; text-align: justify; height: 56px;\"><span style=\"font-size: 10pt; font-family: times new roman, times, serif;\">Becheln (VG Bad Ems-Nassau (EMS)<\/span><\/td>\n<\/tr>\n<tr style=\"height: 28px;\">\n<td style=\"text-align: center; width: 6.42857%; height: 28px;\"><span style=\"font-size: 10pt; font-family: times new roman, times, serif;\">236<\/span><\/td>\n<td style=\"text-align: center; width: 9.76191%; height: 28px;\"><span style=\"font-size: 10pt; font-family: times new roman, times, serif;\">24.04.1636<\/span><\/td>\n<td style=\"text-align: justify; width: 52.3809%; height: 28px;\"><span style=\"font-size: 10pt; font-family: times new roman, times, serif;\"><em>24ten April[is] Henrich Rumorsdorff au\u00df Braubach.<\/em><\/span><\/td>\n<td style=\"width: 31.3096%; text-align: justify; height: 28px;\"><\/td>\n<\/tr>\n<tr style=\"height: 56px;\">\n<td style=\"text-align: center; width: 6.42857%; height: 56px;\"><span style=\"font-size: 10pt; font-family: times new roman, times, serif;\">237<\/span><\/td>\n<td style=\"text-align: center; width: 9.76191%; height: 56px;\"><span style=\"font-size: 10pt; font-family: times new roman, times, serif;\">24.04.1636<\/span><\/td>\n<td style=\"text-align: justify; width: 52.3809%; height: 56px;\"><span style=\"font-size: 10pt; font-family: times new roman, times, serif;\"><em>Eodem Thomas von Soltzbach.<\/em><\/span><\/td>\n<td style=\"width: 31.3096%; text-align: justify; height: 56px;\"><span style=\"font-size: 10pt; font-family: times new roman, times, serif;\">Sulzbach (VG Bad Ems-Nassau, EMS)<\/span><\/td>\n<\/tr>\n<tr style=\"height: 56px;\">\n<td style=\"text-align: center; width: 6.42857%; height: 56px;\"><span style=\"font-size: 10pt; font-family: times new roman, times, serif;\">238<\/span><\/td>\n<td style=\"text-align: center; width: 9.76191%; height: 56px;\"><span style=\"font-size: 10pt; font-family: times new roman, times, serif;\">24.04.1636<\/span><\/td>\n<td style=\"text-align: justify; width: 52.3809%; height: 56px;\"><span style=\"font-size: 10pt; font-family: times new roman, times, serif;\"><em>Eodem Georg Melchior, Philips S\u00f6ller\u00df Sohn von Gemmerick.<\/em><\/span><\/td>\n<td style=\"width: 31.3096%; text-align: justify; height: 56px;\"><span style=\"font-size: 10pt; font-family: times new roman, times, serif;\">Gemmerich (VG Nast\u00e4tten, EMS)<\/span><\/td>\n<\/tr>\n<tr style=\"height: 56px;\">\n<td style=\"text-align: center; width: 6.42857%; height: 56px;\"><span style=\"font-size: 10pt; font-family: times new roman, times, serif;\">239<\/span><\/td>\n<td style=\"text-align: center; width: 9.76191%; height: 56px;\"><span style=\"font-size: 10pt; font-family: times new roman, times, serif;\">24.04.1636<\/span><\/td>\n<td style=\"text-align: justify; width: 52.3809%; height: 56px;\"><span style=\"font-size: 10pt; font-family: times new roman, times, serif;\"><em>Eodem Margreth, Martin M\u00fcller\u00df Dochter von Bechel.<\/em><\/span><\/td>\n<td style=\"width: 31.3096%; text-align: justify; height: 56px;\"><span style=\"font-size: 10pt; font-family: times new roman, times, serif;\">Becheln (VG Bad Ems-Nassau, EMS)<\/span><\/td>\n<\/tr>\n<tr style=\"height: 28px;\">\n<td style=\"text-align: center; width: 6.42857%; height: 28px;\"><span style=\"font-size: 10pt; font-family: times new roman, times, serif;\">240<\/span><\/td>\n<td style=\"text-align: center; width: 9.76191%; height: 28px;\"><span style=\"font-size: 10pt; font-family: times new roman, times, serif;\">25.04.1636<\/span><\/td>\n<td style=\"text-align: justify; width: 52.3809%; height: 28px;\"><span style=\"font-size: 10pt; font-family: times new roman, times, serif;\"><em>25ten April[is] Appollonia, ein Frau von Berg[en], Appollonia.<\/em><\/span><\/td>\n<td style=\"width: 31.3096%; text-align: justify; height: 28px;\"><span style=\"font-size: 10pt; font-family: times new roman, times, serif;\">Berg (VG Nast\u00e4tten, EMS)<\/span><\/td>\n<\/tr>\n<tr style=\"height: 56px;\">\n<td style=\"text-align: center; width: 6.42857%; height: 56px;\"><span style=\"font-size: 10pt; font-family: times new roman, times, serif;\">241<\/span><\/td>\n<td style=\"text-align: center; width: 9.76191%; height: 56px;\"><span style=\"font-size: 10pt; font-family: times new roman, times, serif;\">29.04.1636<\/span><\/td>\n<td style=\"text-align: justify; width: 52.3809%; height: 56px;\"><span style=\"font-size: 10pt; font-family: times new roman, times, serif;\"><em>29ten April[is] Pincken Maria von Rhen\u00df.<\/em><\/span><\/td>\n<td style=\"width: 31.3096%; text-align: justify; height: 56px;\"><span style=\"font-size: 10pt; font-family: times new roman, times, serif;\">Rhens (VG Rhein-Mosel, Lkr. Mayen-Koblenz)<\/span><\/td>\n<\/tr>\n<tr style=\"height: 56px;\">\n<td style=\"text-align: center; width: 6.42857%; height: 56px;\"><span style=\"font-size: 10pt; font-family: times new roman, times, serif;\">242<\/span><\/td>\n<td style=\"text-align: center; width: 9.76191%; height: 56px;\"><span style=\"font-size: 10pt; font-family: times new roman, times, serif;\">04.05.1636<\/span><\/td>\n<td style=\"text-align: justify; width: 52.3809%; height: 56px;\"><span style=\"font-size: 10pt; font-family: times new roman, times, serif;\"><em>4ten Maji Valentin Rheissig, ein Man von Zorn.<\/em><\/span><\/td>\n<td style=\"width: 31.3096%; text-align: justify; height: 56px;\"><span style=\"font-size: 10pt; font-family: times new roman, times, serif;\">Zorn (VG Heidenrod, Rheingau-Taunus-Kreis)<\/span><\/td>\n<\/tr>\n<tr style=\"height: 28px;\">\n<td style=\"text-align: center; width: 6.42857%; height: 28px;\"><span style=\"font-size: 10pt; font-family: times new roman, times, serif;\">243<\/span><\/td>\n<td style=\"text-align: center; width: 9.76191%; height: 28px;\"><span style=\"font-size: 10pt; font-family: times new roman, times, serif;\">05.05.1636<\/span><\/td>\n<td style=\"text-align: justify; width: 52.3809%; height: 28px;\"><span style=\"font-size: 10pt; font-family: times new roman, times, serif;\"><em>5ten Maji Henrich Becker, der Fenrich alhier.<\/em><\/span><\/td>\n<td style=\"width: 31.3096%; text-align: justify; height: 28px;\"><\/td>\n<\/tr>\n<tr style=\"height: 28px;\">\n<td style=\"text-align: center; width: 6.42857%; height: 28px;\"><span style=\"font-size: 10pt; font-family: times new roman, times, serif;\">244<\/span><\/td>\n<td style=\"text-align: center; width: 9.76191%; height: 28px;\"><span style=\"font-size: 10pt; font-family: times new roman, times, serif;\">05.05.1636<\/span><\/td>\n<td style=\"text-align: justify; width: 52.3809%; height: 28px;\"><span style=\"font-size: 10pt; font-family: times new roman, times, serif;\"><em>Eodem Maria, Johannis Riesen Frauw.<\/em><\/span><\/td>\n<td style=\"width: 31.3096%; text-align: justify; height: 28px;\"><\/td>\n<\/tr>\n<tr style=\"height: 28px;\">\n<td style=\"text-align: center; width: 6.42857%; height: 28px;\"><span style=\"font-size: 10pt; font-family: times new roman, times, serif;\">245<\/span><\/td>\n<td style=\"text-align: center; width: 9.76191%; height: 28px;\"><span style=\"font-size: 10pt; font-family: times new roman, times, serif;\">05.05.1636<\/span><\/td>\n<td style=\"text-align: justify; width: 52.3809%; height: 28px;\"><span style=\"font-size: 10pt; font-family: times new roman, times, serif;\"><em>Eodem Johannes, Stephan S\u00f6hn\u00df Sohnlein.<\/em><\/span><\/td>\n<td style=\"width: 31.3096%; text-align: justify; height: 28px;\"><\/td>\n<\/tr>\n<tr style=\"height: 28px;\">\n<td style=\"text-align: center; width: 6.42857%; height: 28px;\"><span style=\"font-size: 10pt; font-family: times new roman, times, serif;\">246<\/span><\/td>\n<td style=\"text-align: center; width: 9.76191%; height: 28px;\"><span style=\"font-size: 10pt; font-family: times new roman, times, serif;\">07.05.1636<\/span><\/td>\n<td style=\"text-align: justify; width: 52.3809%; height: 28px;\"><span style=\"font-size: 10pt; font-family: times new roman, times, serif;\"><em>7ten Maji Daniel, Emerich, de\u00df Hofmans Sohn vom Hinderwalt.<\/em><\/span><\/td>\n<td style=\"width: 31.3096%; text-align: justify; height: 28px;\"><span style=\"font-size: 10pt; font-family: times new roman, times, serif;\">Braubach-Hinterwald<\/span><\/td>\n<\/tr>\n<tr style=\"height: 56px;\">\n<td style=\"text-align: center; width: 6.42857%; height: 56px;\"><span style=\"font-size: 10pt; font-family: times new roman, times, serif;\">247<\/span><\/td>\n<td style=\"text-align: center; width: 9.76191%; height: 56px;\"><span style=\"font-size: 10pt; font-family: times new roman, times, serif;\">09.05.1636<\/span><\/td>\n<td style=\"text-align: justify; width: 52.3809%; height: 56px;\"><span style=\"font-size: 10pt; font-family: times new roman, times, serif;\"><em>9ten Maji Gertrauth, Adams Tochter, de\u00df Schulthei\u00dfen von Swickau\u00dfen.<\/em><\/span><\/td>\n<td style=\"width: 31.3096%; text-align: justify; height: 56px;\"><span style=\"font-size: 10pt; font-family: times new roman, times, serif;\">Schweighausen (VG Bad Ems-Nassau, EMS)<\/span><\/td>\n<\/tr>\n<tr style=\"height: 56px;\">\n<td style=\"text-align: center; width: 6.42857%; height: 56px;\"><span style=\"font-size: 10pt; font-family: times new roman, times, serif;\">248<\/span><\/td>\n<td style=\"text-align: center; width: 9.76191%; height: 56px;\"><span style=\"font-size: 10pt; font-family: times new roman, times, serif;\">13.05.1636<\/span><\/td>\n<td style=\"text-align: justify; width: 52.3809%; height: 56px;\"><span style=\"font-size: 10pt; font-family: times new roman, times, serif;\"><em>13ten Maji Philips Dreyfelder von Geissig; pest[e].<\/em><\/span><\/td>\n<td style=\"width: 31.3096%; text-align: justify; height: 56px;\"><span style=\"font-size: 10pt; font-family: times new roman, times, serif;\">Geisig (VG Bad Ems-Nassau, EMS)<\/span><\/td>\n<\/tr>\n<tr style=\"height: 56px;\">\n<td style=\"text-align: center; width: 6.42857%; height: 56px;\"><span style=\"font-size: 10pt; font-family: times new roman, times, serif;\">249<\/span><\/td>\n<td style=\"text-align: center; width: 9.76191%; height: 56px;\"><span style=\"font-size: 10pt; font-family: times new roman, times, serif;\">13.05.1636<\/span><\/td>\n<td style=\"text-align: justify; width: 52.3809%; height: 56px;\"><span style=\"font-size: 10pt; font-family: times new roman, times, serif;\"><em>Eodem Johan Philips, sein Sohnlein.<\/em><\/span><\/td>\n<td style=\"width: 31.3096%; text-align: justify; height: 56px;\"><span style=\"font-size: 10pt; font-family: times new roman, times, serif;\">Geisig (VG Bad Ems-Nassau, EMS)<\/span><\/td>\n<\/tr>\n<tr style=\"height: 28px;\">\n<td style=\"text-align: center; width: 6.42857%; height: 28px;\"><span style=\"font-size: 10pt; font-family: times new roman, times, serif;\">250<\/span><\/td>\n<td style=\"text-align: center; width: 9.76191%; height: 28px;\"><span style=\"font-size: 10pt; font-family: times new roman, times, serif;\">15.05.1636<\/span><\/td>\n<td style=\"text-align: justify; width: 52.3809%; height: 28px;\"><span style=\"font-size: 10pt; font-family: times new roman, times, serif;\"><em>15ten Maji Barbara, Schuncken Frau von Nastetten.<\/em><\/span><\/td>\n<td style=\"width: 31.3096%; text-align: justify; height: 28px;\"><span style=\"font-size: 10pt; font-family: times new roman, times, serif;\">Nast\u00e4tten (EMS)<\/span><\/td>\n<\/tr>\n<tr style=\"height: 56px;\">\n<td style=\"text-align: center; width: 6.42857%; height: 56px;\"><span style=\"font-size: 10pt; font-family: times new roman, times, serif;\">251<\/span><\/td>\n<td style=\"text-align: center; width: 9.76191%; height: 56px;\"><span style=\"font-size: 10pt; font-family: times new roman, times, serif;\">16.05.1636<\/span><\/td>\n<td style=\"text-align: justify; width: 52.3809%; height: 56px;\"><span style=\"font-size: 10pt; font-family: times new roman, times, serif;\"><em>16ten Maji Catharina, Johnannis Himerich\u00df Frau von Dessioben.<\/em><\/span><\/td>\n<td style=\"width: 31.3096%; text-align: justify; height: 56px;\"><span style=\"font-size: 10pt; font-family: times new roman, times, serif;\">Dessighofen (VG Bad Ems-Nassau, EMS)<\/span><\/td>\n<\/tr>\n<tr style=\"height: 56px;\">\n<td style=\"text-align: center; width: 6.42857%; height: 56px;\"><span style=\"font-size: 10pt; font-family: times new roman, times, serif;\">252<\/span><\/td>\n<td style=\"text-align: center; width: 9.76191%; height: 56px;\"><span style=\"font-size: 10pt; font-family: times new roman, times, serif;\">20.05.1636<\/span><\/td>\n<td style=\"text-align: justify; width: 52.3809%; height: 56px;\"><span style=\"font-size: 10pt; font-family: times new roman, times, serif;\"><em>20ten Maji Georg, ein Man von Bechel.<\/em><\/span><\/td>\n<td style=\"width: 31.3096%; text-align: justify; height: 56px;\"><span style=\"font-size: 10pt; font-family: times new roman, times, serif;\">Becheln (VG Bad Ems-Nassau, EMS)<\/span><\/td>\n<\/tr>\n<tr style=\"height: 56px;\">\n<td style=\"text-align: center; width: 6.42857%; height: 56px;\"><span style=\"font-size: 10pt; font-family: times new roman, times, serif;\">253<\/span><\/td>\n<td style=\"text-align: center; width: 9.76191%; height: 56px;\"><span style=\"font-size: 10pt; font-family: times new roman, times, serif;\">21.05.1636<\/span><\/td>\n<td style=\"text-align: justify; width: 52.3809%; height: 56px;\"><span style=\"font-size: 10pt; font-family: times new roman, times, serif;\"><em>21ten Maji Catharina, Donges Deu\u00dfner\u00df Frau, eines R&lt;aths&gt;verwandten die\u00dfes Ortts.<\/em><\/span><\/td>\n<td style=\"width: 31.3096%; text-align: justify; height: 56px;\"><\/td>\n<\/tr>\n<tr style=\"height: 56px;\">\n<td style=\"text-align: center; width: 6.42857%; height: 56px;\"><span style=\"font-size: 10pt; font-family: times new roman, times, serif;\">254<\/span><\/td>\n<td style=\"text-align: center; width: 9.76191%; height: 56px;\"><span style=\"font-size: 10pt; font-family: times new roman, times, serif;\">22.05.1636<\/span><\/td>\n<td style=\"text-align: justify; width: 52.3809%; height: 56px;\"><span style=\"font-size: 10pt; font-family: times new roman, times, serif;\"><em>22ten Maji Johannes, Stoffels Melchior\u00df Sohn von Gemmerick<\/em><\/span><\/td>\n<td style=\"width: 31.3096%; text-align: justify; height: 56px;\"><span style=\"font-size: 10pt; font-family: times new roman, times, serif;\">Gemmerich (VG Nast\u00e4tten, EMS)<\/span><\/td>\n<\/tr>\n<tr style=\"height: 28px;\">\n<td style=\"text-align: center; width: 6.42857%; height: 28px;\"><span style=\"font-size: 10pt; font-family: times new roman, times, serif;\">255<\/span><\/td>\n<td style=\"text-align: center; width: 9.76191%; height: 28px;\"><span style=\"font-size: 10pt; font-family: times new roman, times, serif;\">22.05.1636<\/span><\/td>\n<td style=\"text-align: justify; width: 52.3809%; height: 28px;\"><span style=\"font-size: 10pt; font-family: times new roman, times, serif;\"><em>Eodem Henrich, de\u00df Amptskellers Knecht von Lanstein.<\/em><\/span><\/td>\n<td style=\"width: 31.3096%; text-align: justify; height: 28px;\"><span style=\"font-size: 10pt; font-family: times new roman, times, serif;\">Lahnstein (EMS)<\/span><\/td>\n<\/tr>\n<tr style=\"height: 56px;\">\n<td style=\"text-align: center; width: 6.42857%; height: 56px;\"><span style=\"font-size: 10pt; font-family: times new roman, times, serif;\">256<\/span><\/td>\n<td style=\"text-align: center; width: 9.76191%; height: 56px;\"><span style=\"font-size: 10pt; font-family: times new roman, times, serif;\">22.05.1636<\/span><\/td>\n<td style=\"text-align: justify; width: 52.3809%; height: 56px;\"><span style=\"font-size: 10pt; font-family: times new roman, times, serif;\"><em>Eodem Reiffards Schnur [Schwiegertochter] von Scheuer.<\/em><\/span><\/td>\n<td style=\"width: 31.3096%; text-align: justify; height: 56px;\"><span style=\"font-size: 10pt; font-family: times new roman, times, serif;\">Scheuern (VG Bad Ems-Nassau, EMS)<\/span><\/td>\n<\/tr>\n<tr style=\"height: 28px;\">\n<td style=\"text-align: center; width: 6.42857%; height: 28px;\"><span style=\"font-size: 10pt; font-family: times new roman, times, serif;\">257<\/span><\/td>\n<td style=\"text-align: center; width: 9.76191%; height: 28px;\"><span style=\"font-size: 10pt; font-family: times new roman, times, serif;\">23.05.1636<\/span><\/td>\n<td style=\"text-align: justify; width: 52.3809%; height: 28px;\"><span style=\"font-size: 10pt; font-family: times new roman, times, serif;\"><em>23ten Maji David Weigandt, Burger alhir.<\/em><\/span><\/td>\n<td style=\"width: 31.3096%; text-align: justify; height: 28px;\"><\/td>\n<\/tr>\n<tr style=\"height: 28px;\">\n<td style=\"text-align: center; width: 6.42857%; height: 28px;\"><span style=\"font-size: 10pt; font-family: times new roman, times, serif;\">258<\/span><\/td>\n<td style=\"text-align: center; width: 9.76191%; height: 28px;\"><span style=\"font-size: 10pt; font-family: times new roman, times, serif;\">25.05.1636<\/span><\/td>\n<td style=\"text-align: justify; width: 52.3809%; height: 28px;\"><span style=\"font-size: 10pt; font-family: times new roman, times, serif;\"><em>25ten Maji Han\u00df Peter, Philips Weigands s[elig] posthumus.<\/em><\/span><\/td>\n<td style=\"width: 31.3096%; text-align: justify; height: 28px;\"><\/td>\n<\/tr>\n<tr style=\"height: 56px;\">\n<td style=\"text-align: center; width: 6.42857%; height: 56px;\"><span style=\"font-size: 10pt; font-family: times new roman, times, serif;\">259<\/span><\/td>\n<td style=\"text-align: center; width: 9.76191%; height: 56px;\"><span style=\"font-size: 10pt; font-family: times new roman, times, serif;\">27.05.1636<\/span><\/td>\n<td style=\"text-align: justify; width: 52.3809%; height: 56px;\"><span style=\"font-size: 10pt; font-family: times new roman, times, serif;\"><em>27ten Maji Catharina, Johannis von Geissig Dochter.<\/em><\/span><\/td>\n<td style=\"width: 31.3096%; text-align: justify; height: 56px;\"><span style=\"font-size: 10pt; font-family: times new roman, times, serif;\">Geisig (VG Bad Ems-Nassau, EMS)<\/span><\/td>\n<\/tr>\n<tr style=\"height: 56px;\">\n<td style=\"text-align: center; width: 6.42857%; height: 56px;\"><span style=\"font-size: 10pt; font-family: times new roman, times, serif;\">260<\/span><\/td>\n<td style=\"text-align: center; width: 9.76191%; height: 56px;\"><span style=\"font-size: 10pt; font-family: times new roman, times, serif;\">31.05.1636<\/span><\/td>\n<td style=\"text-align: justify; width: 52.3809%; height: 56px;\"><span style=\"font-size: 10pt; font-family: times new roman, times, serif;\"><em>31ten Maji Johannes, Philips M\u00f6tter\u00df Sohn von Daxenhausen.<\/em><\/span><\/td>\n<td style=\"width: 31.3096%; text-align: justify; height: 56px;\"><span style=\"font-size: 10pt; font-family: times new roman, times, serif;\">Dachsenhausen (VG Loreley, EMS)<\/span><\/td>\n<\/tr>\n<tr style=\"height: 56px;\">\n<td style=\"text-align: center; width: 6.42857%; height: 56px;\"><span style=\"font-size: 10pt; font-family: times new roman, times, serif;\">261<\/span><\/td>\n<td style=\"text-align: center; width: 9.76191%; height: 56px;\"><span style=\"font-size: 10pt; font-family: times new roman, times, serif;\">31.05.1636<\/span><\/td>\n<td style=\"text-align: justify; width: 52.3809%; height: 56px;\"><span style=\"font-size: 10pt; font-family: times new roman, times, serif;\"><em>Eodem Han\u00df Martin Johannis Sohn von Dessioben.<\/em><\/span><\/td>\n<td style=\"width: 31.3096%; text-align: justify; height: 56px;\"><span style=\"font-size: 10pt; font-family: times new roman, times, serif;\">Dessighofen (VG Bad Ems-Nassau, EMS)<\/span><\/td>\n<\/tr>\n<tr style=\"height: 56px;\">\n<td style=\"text-align: center; width: 6.42857%; height: 56px;\"><span style=\"font-size: 10pt; font-family: times new roman, times, serif;\">262<\/span><\/td>\n<td style=\"text-align: center; width: 9.76191%; height: 56px;\"><span style=\"font-size: 10pt; font-family: times new roman, times, serif;\">06.06.1636<\/span><\/td>\n<td style=\"text-align: justify; width: 52.3809%; height: 56px;\"><span style=\"font-size: 10pt; font-family: times new roman, times, serif;\"><em>6ten Junij, war Pfingstmontag, ward begraben Johan Dieterich, Han\u00df Georg Dietzen Sohnlein.<\/em><\/span><\/td>\n<td style=\"width: 31.3096%; text-align: justify; height: 56px;\"><\/td>\n<\/tr>\n<tr style=\"height: 56px;\">\n<td style=\"text-align: center; width: 6.42857%; height: 56px;\"><span style=\"font-size: 10pt; font-family: times new roman, times, serif;\">263<\/span><\/td>\n<td style=\"text-align: center; width: 9.76191%; height: 56px;\"><span style=\"font-size: 10pt; font-family: times new roman, times, serif;\">14.06.1636<\/span><\/td>\n<td style=\"text-align: justify; width: 52.3809%; height: 56px;\"><span style=\"font-size: 10pt; font-family: times new roman, times, serif;\"><em>14ten Junij ein Fraw von Emb\u00df, Catharina, Philips Fischer\u00df Frau<\/em><\/span><\/td>\n<td style=\"width: 31.3096%; text-align: justify; height: 56px;\"><span style=\"font-size: 10pt; font-family: times new roman, times, serif;\">Ems (VG Bad Ems-Nassau, EMS)<\/span><\/td>\n<\/tr>\n<tr style=\"height: 28px;\">\n<td style=\"text-align: center; width: 6.42857%; height: 28px;\"><span style=\"font-size: 10pt; font-family: times new roman, times, serif;\">264<\/span><\/td>\n<td style=\"text-align: center; width: 9.76191%; height: 28px;\"><span style=\"font-size: 10pt; font-family: times new roman, times, serif;\">17.06.1636<\/span><\/td>\n<td style=\"text-align: justify; width: 52.3809%; height: 28px;\"><span style=\"font-size: 10pt; font-family: times new roman, times, serif;\"><em>17ten Junij ist Nicla\u00df Wagner von Bacheimb begraben worden.<\/em><\/span><\/td>\n<td style=\"width: 31.3096%; text-align: justify; height: 28px;\"><span style=\"font-size: 10pt; font-family: times new roman, times, serif;\">Bachheim (VG Nast\u00e4tten, EMS)<\/span><\/td>\n<\/tr>\n<tr style=\"height: 56px;\">\n<td style=\"text-align: center; width: 6.42857%; height: 56px;\"><span style=\"font-size: 10pt; font-family: times new roman, times, serif;\">265<\/span><\/td>\n<td style=\"text-align: center; width: 9.76191%; height: 56px;\"><span style=\"font-size: 10pt; font-family: times new roman, times, serif;\">22.06.1636<\/span><\/td>\n<td style=\"text-align: justify; width: 52.3809%; height: 56px;\"><span style=\"font-size: 10pt; font-family: times new roman, times, serif;\"><em>22ten Junij ward begraben Philips S\u00f6ller von Gemmerick.<\/em><\/span><\/td>\n<td style=\"width: 31.3096%; text-align: justify; height: 56px;\"><span style=\"font-size: 10pt; font-family: times new roman, times, serif;\">Gemmerich (VG Nast\u00e4tten, EMS)<\/span><\/td>\n<\/tr>\n<tr style=\"height: 56px;\">\n<td style=\"text-align: center; width: 6.42857%; height: 56px;\"><span style=\"font-size: 10pt; font-family: times new roman, times, serif;\">266<\/span><\/td>\n<td style=\"text-align: center; width: 9.76191%; height: 56px;\"><span style=\"font-size: 10pt; font-family: times new roman, times, serif;\">01.07.1636<\/span><\/td>\n<td style=\"text-align: justify; width: 52.3809%; height: 56px;\"><span style=\"font-size: 10pt; font-family: times new roman, times, serif;\"><em>1 Julij Anna, Andre\u00e6 Hofman\u00df Wittib von Winterwerb.<\/em><\/span><\/td>\n<td style=\"width: 31.3096%; text-align: justify; height: 56px;\"><span style=\"font-size: 10pt; font-family: times new roman, times, serif;\">Winterwerb (VG Nast\u00e4tten, EMS)<\/span><\/td>\n<\/tr>\n<tr style=\"height: 56px;\">\n<td style=\"text-align: center; width: 6.42857%; height: 56px;\"><span style=\"font-size: 10pt; font-family: times new roman, times, serif;\">267<\/span><\/td>\n<td style=\"text-align: center; width: 9.76191%; height: 56px;\"><span style=\"font-size: 10pt; font-family: times new roman, times, serif;\">01.07.1636<\/span><\/td>\n<td style=\"text-align: justify; width: 52.3809%; height: 56px;\"><span style=\"font-size: 10pt; font-family: times new roman, times, serif;\"><em>Eodem Philipp[us], Johan Bacheimbs Sohn von Swickhau\u00dfen.<\/em><\/span><\/td>\n<td style=\"width: 31.3096%; text-align: justify; height: 56px;\"><span style=\"font-size: 10pt; font-family: times new roman, times, serif;\">Schweighausen (VG Bad Ems-Nassau, EMS)<\/span><\/td>\n<\/tr>\n<tr style=\"height: 56px;\">\n<td style=\"text-align: center; width: 6.42857%; height: 56px;\"><span style=\"font-size: 10pt; font-family: times new roman, times, serif;\">268<\/span><\/td>\n<td style=\"text-align: center; width: 9.76191%; height: 56px;\"><span style=\"font-size: 10pt; font-family: times new roman, times, serif;\">04.07.1636<\/span><\/td>\n<td style=\"text-align: justify; width: 52.3809%; height: 56px;\"><span style=\"font-size: 10pt; font-family: times new roman, times, serif;\"><em>4ten Julij Anna Elisabeth, Goar&#8230; Dochter von Ober Bacheimb.<\/em><\/span><\/td>\n<td style=\"width: 31.3096%; text-align: justify; height: 56px;\"><span style=\"font-size: 10pt; font-family: times new roman, times, serif;\">Oberbachheim (VG Nast\u00e4tten, EMS)<\/span><\/td>\n<\/tr>\n<tr style=\"height: 28px;\">\n<td style=\"text-align: center; width: 6.42857%; height: 28px;\"><span style=\"font-size: 10pt; font-family: times new roman, times, serif;\">269<\/span><\/td>\n<td style=\"text-align: center; width: 9.76191%; height: 28px;\"><span style=\"font-size: 10pt; font-family: times new roman, times, serif;\">16.07.1636<\/span><\/td>\n<td style=\"text-align: justify; width: 52.3809%; height: 28px;\"><span style=\"font-size: 10pt; font-family: times new roman, times, serif;\"><em>16ten Julij Han\u00df Henrich, Peter Bruel\u00df Sohn alhier.<\/em><\/span><\/td>\n<td style=\"width: 31.3096%; text-align: justify; height: 28px;\"><\/td>\n<\/tr>\n<tr style=\"height: 28px;\">\n<td style=\"text-align: center; width: 6.42857%; height: 28px;\"><span style=\"font-size: 10pt; font-family: times new roman, times, serif;\">270<\/span><\/td>\n<td style=\"text-align: center; width: 9.76191%; height: 28px;\"><span style=\"font-size: 10pt; font-family: times new roman, times, serif;\">17.07.1636<\/span><\/td>\n<td style=\"text-align: justify; width: 52.3809%; height: 28px;\"><span style=\"font-size: 10pt; font-family: times new roman, times, serif;\"><em>17ten Julij Johann Christoffel, Henrich Becker\u00df Sohn, begraben worden.<\/em><\/span><\/td>\n<td style=\"width: 31.3096%; text-align: justify; height: 28px;\"><\/td>\n<\/tr>\n<tr style=\"height: 56px;\">\n<td style=\"text-align: center; width: 6.42857%; height: 56px;\"><span style=\"font-size: 10pt; font-family: times new roman, times, serif;\">271<\/span><\/td>\n<td style=\"text-align: center; width: 9.76191%; height: 56px;\"><span style=\"font-size: 10pt; font-family: times new roman, times, serif;\">19.07.1636<\/span><\/td>\n<td style=\"text-align: justify; width: 52.3809%; height: 56px;\"><span style=\"font-size: 10pt; font-family: times new roman, times, serif;\"><em>19ten Julij Elisabetha, Anthonij Clauschman Frau von Swickau\u00dfen.<\/em><\/span><\/td>\n<td style=\"width: 31.3096%; text-align: justify; height: 56px;\"><span style=\"font-size: 10pt; font-family: times new roman, times, serif;\">Schweighausen (VG Bad Ems-Nassau, EMS)<\/span><\/td>\n<\/tr>\n<tr style=\"height: 56px;\">\n<td style=\"text-align: center; width: 6.42857%; height: 56px;\"><span style=\"font-size: 10pt; font-family: times new roman, times, serif;\">272<\/span><\/td>\n<td style=\"text-align: center; width: 9.76191%; height: 56px;\"><span style=\"font-size: 10pt; font-family: times new roman, times, serif;\">23.07.1636<\/span><\/td>\n<td style=\"text-align: justify; width: 52.3809%; height: 56px;\"><span style=\"font-size: 10pt; font-family: times new roman, times, serif;\"><em>23ten Julij Johan H\u00f6mberg von Fr\u00fccht begraben worden.<\/em><\/span><\/td>\n<td style=\"width: 31.3096%; text-align: justify; height: 56px;\"><span style=\"font-size: 10pt; font-family: times new roman, times, serif;\">Fr\u00fccht (VG Bad Ems-Nassau, EMS)<\/span><\/td>\n<\/tr>\n<tr style=\"height: 56px;\">\n<td style=\"text-align: center; width: 6.42857%; height: 56px;\"><span style=\"font-size: 10pt; font-family: times new roman, times, serif;\">273<\/span><\/td>\n<td style=\"text-align: center; width: 9.76191%; height: 56px;\"><span style=\"font-size: 10pt; font-family: times new roman, times, serif;\">24.07.1636<\/span><\/td>\n<td style=\"text-align: justify; width: 52.3809%; height: 56px;\"><span style=\"font-size: 10pt; font-family: times new roman, times, serif;\"><em>24ten Julij Adam Hemer\u00df Frau Catharina von Becheln<\/em><\/span><\/td>\n<td style=\"width: 31.3096%; text-align: justify; height: 56px;\"><span style=\"font-size: 10pt; font-family: times new roman, times, serif;\">Becheln (VG Bad Ems-Nassau, EMS)<\/span><\/td>\n<\/tr>\n<tr style=\"height: 56px;\">\n<td style=\"text-align: center; width: 6.42857%; height: 56px;\"><span style=\"font-size: 10pt; font-family: times new roman, times, serif;\">274<\/span><\/td>\n<td style=\"text-align: center; width: 9.76191%; height: 56px;\"><span style=\"font-size: 10pt; font-family: times new roman, times, serif;\">27.07.1636<\/span><\/td>\n<td style=\"text-align: justify; width: 52.3809%; height: 56px;\"><span style=\"font-size: 10pt; font-family: times new roman, times, serif;\"><em>27 Julij Ludwigs Eydam von Emb\u00df.<\/em><\/span><\/td>\n<td style=\"width: 31.3096%; text-align: justify; height: 56px;\"><span style=\"font-size: 10pt; font-family: times new roman, times, serif;\">Ems (VG Bad Ems-Nassau, EMS)<\/span><\/td>\n<\/tr>\n<tr style=\"height: 56px;\">\n<td style=\"text-align: center; width: 6.42857%; height: 56px;\"><span style=\"font-size: 10pt; font-family: times new roman, times, serif;\">275<\/span><\/td>\n<td style=\"text-align: center; width: 9.76191%; height: 56px;\"><span style=\"font-size: 10pt; font-family: times new roman, times, serif;\">28.07.1636<\/span><\/td>\n<td style=\"text-align: justify; width: 52.3809%; height: 56px;\"><span style=\"font-size: 10pt; font-family: times new roman, times, serif;\"><em>28ten Julij Lorentz Schmidt von Becheln.<\/em><\/span><\/td>\n<td style=\"width: 31.3096%; text-align: justify; height: 56px;\"><span style=\"font-size: 10pt; font-family: times new roman, times, serif;\">Becheln (VG Bad Ems-Nassau, EMS)<\/span><\/td>\n<\/tr>\n<tr style=\"height: 56px;\">\n<td style=\"text-align: center; width: 6.42857%; height: 56px;\"><span style=\"font-size: 10pt; font-family: times new roman, times, serif;\">276<\/span><\/td>\n<td style=\"text-align: center; width: 9.76191%; height: 56px;\"><span style=\"font-size: 10pt; font-family: times new roman, times, serif;\">28.07.1636<\/span><\/td>\n<td style=\"text-align: justify; width: 52.3809%; height: 56px;\"><span style=\"font-size: 10pt; font-family: times new roman, times, serif;\"><em>Eodem Johannes Schuch von Gemmerich<\/em><\/span><\/td>\n<td style=\"width: 31.3096%; text-align: justify; height: 56px;\"><span style=\"font-size: 10pt; font-family: times new roman, times, serif;\">Gemmerich (VG Nast\u00e4tten, EMS)<\/span><\/td>\n<\/tr>\n<tr style=\"height: 56px;\">\n<td style=\"text-align: center; width: 6.42857%; height: 56px;\"><span style=\"font-size: 10pt; font-family: times new roman, times, serif;\">277<\/span><\/td>\n<td style=\"text-align: center; width: 9.76191%; height: 56px;\"><span style=\"font-size: 10pt; font-family: times new roman, times, serif;\">29.07.1636<\/span><\/td>\n<td style=\"text-align: justify; width: 52.3809%; height: 56px;\"><span style=\"font-size: 10pt; font-family: times new roman, times, serif;\"><em>29ten Julij Anna Catharina, Donges Dochterlein beym Born zu Becheln.<\/em><\/span><\/td>\n<td style=\"width: 31.3096%; text-align: justify; height: 56px;\"><span style=\"font-size: 10pt; font-family: times new roman, times, serif;\">Becheln (VG Bad Ems-Nassau, EMS)<\/span><\/td>\n<\/tr>\n<tr style=\"height: 28px;\">\n<td style=\"text-align: center; width: 6.42857%; height: 28px;\"><span style=\"font-size: 10pt; font-family: times new roman, times, serif;\">278<\/span><\/td>\n<td style=\"text-align: center; width: 9.76191%; height: 28px;\"><span style=\"font-size: 10pt; font-family: times new roman, times, serif;\">30.07.1636<\/span><\/td>\n<td style=\"text-align: justify; width: 52.3809%; height: 28px;\"><span style=\"font-size: 10pt; font-family: times new roman, times, serif;\"><em>30ten Julij Emerich Frau von Hinderwald Elisabeth.<\/em><\/span><\/td>\n<td style=\"width: 31.3096%; text-align: justify; height: 28px;\"><span style=\"font-size: 10pt; font-family: times new roman, times, serif;\">Braubach-Hinterwald<\/span><\/td>\n<\/tr>\n<tr style=\"height: 56px;\">\n<td style=\"text-align: center; width: 6.42857%; height: 56px;\"><span style=\"font-size: 10pt; font-family: times new roman, times, serif;\">279<\/span><\/td>\n<td style=\"text-align: center; width: 9.76191%; height: 56px;\"><span style=\"font-size: 10pt; font-family: times new roman, times, serif;\">04.08.1636<\/span><\/td>\n<td style=\"text-align: justify; width: 52.3809%; height: 56px;\"><span style=\"font-size: 10pt; font-family: times new roman, times, serif;\"><em>4ten Aug[usti] Han\u00df Herman, Sebastian Peter\u00df Sohn von Emb\u00df.<\/em><\/span><\/td>\n<td style=\"width: 31.3096%; text-align: justify; height: 56px;\"><span style=\"font-size: 10pt; font-family: times new roman, times, serif;\">Ems (VG Bad Ems-Nassau, EMS)<\/span><\/td>\n<\/tr>\n<tr style=\"height: 56px;\">\n<td style=\"text-align: center; width: 6.42857%; height: 56px;\"><span style=\"font-size: 10pt; font-family: times new roman, times, serif;\">280<\/span><\/td>\n<td style=\"text-align: center; width: 9.76191%; height: 56px;\"><span style=\"font-size: 10pt; font-family: times new roman, times, serif;\">08.08.1636<\/span><\/td>\n<td style=\"text-align: justify; width: 52.3809%; height: 56px;\"><span style=\"font-size: 10pt; font-family: times new roman, times, serif;\"><em>8ten Aug[usti] Adam Born von Bechel begraben worden.<\/em><\/span><\/td>\n<td style=\"width: 31.3096%; text-align: justify; height: 56px;\"><span style=\"font-size: 10pt; font-family: times new roman, times, serif;\">Becheln (VG Bad Ems-Nassau, EMS)<\/span><\/td>\n<\/tr>\n<tr style=\"height: 56px;\">\n<td style=\"text-align: center; width: 6.42857%; height: 56px;\"><span style=\"font-size: 10pt; font-family: times new roman, times, serif;\">281<\/span><\/td>\n<td style=\"text-align: center; width: 9.76191%; height: 56px;\"><span style=\"font-size: 10pt; font-family: times new roman, times, serif;\">08.08.1636<\/span><\/td>\n<td style=\"text-align: justify; width: 52.3809%; height: 56px;\"><span style=\"font-size: 10pt; font-family: times new roman, times, serif;\"><em>Eodem Han\u00df Donges Melchior\u00df Sohnlein von Swickau\u00dfen.<\/em><\/span><\/td>\n<td style=\"width: 31.3096%; text-align: justify; height: 56px;\"><span style=\"font-size: 10pt; font-family: times new roman, times, serif;\">Schweighausen (VG Bad Ems-Nassau, EMS)<\/span><\/td>\n<\/tr>\n<tr style=\"height: 56px;\">\n<td style=\"text-align: center; width: 6.42857%; height: 56px;\"><span style=\"font-size: 10pt; font-family: times new roman, times, serif;\">282<\/span><\/td>\n<td style=\"text-align: center; width: 9.76191%; height: 56px;\"><span style=\"font-size: 10pt; font-family: times new roman, times, serif;\">20.08.1636<\/span><\/td>\n<td style=\"text-align: justify; width: 52.3809%; height: 56px;\"><span style=\"font-size: 10pt; font-family: times new roman, times, serif;\"><em>20ten Aug[usti] ward Judith, Christman\u00df Zimmerman\u00df Frau von Dausenaw, begraben.<\/em><\/span><\/td>\n<td style=\"width: 31.3096%; text-align: justify; height: 56px;\"><span style=\"font-size: 10pt; font-family: times new roman, times, serif;\">Dausenau (VG Bad Ems-Nassau, EMS)<\/span><\/td>\n<\/tr>\n<tr style=\"height: 56px;\">\n<td style=\"text-align: center; width: 6.42857%; height: 56px;\"><span style=\"font-size: 10pt; font-family: times new roman, times, serif;\">283<\/span><\/td>\n<td style=\"text-align: center; width: 9.76191%; height: 56px;\"><span style=\"font-size: 10pt; font-family: times new roman, times, serif;\">24.08.1636<\/span><\/td>\n<td style=\"text-align: justify; width: 52.3809%; height: 56px;\"><span style=\"font-size: 10pt; font-family: times new roman, times, serif;\"><em>24ten Aug[usti] Donges Hort von Dausenaw begraben worden.<\/em><\/span><\/td>\n<td style=\"width: 31.3096%; text-align: justify; height: 56px;\"><span style=\"font-size: 10pt; font-family: times new roman, times, serif;\">Dausenau (VG Bad Ems-Nassau, EMS)<\/span><\/td>\n<\/tr>\n<tr style=\"height: 56px;\">\n<td style=\"text-align: center; width: 6.42857%; height: 56px;\"><span style=\"font-size: 10pt; font-family: times new roman, times, serif;\">284<\/span><\/td>\n<td style=\"text-align: center; width: 9.76191%; height: 56px;\"><span style=\"font-size: 10pt; font-family: times new roman, times, serif;\">03.09.1636<\/span><\/td>\n<td style=\"text-align: justify; width: 52.3809%; height: 56px;\"><span style=\"font-size: 10pt; font-family: times new roman, times, serif;\"><em>3ten [Septem]bris ist Martin[us] Schumacher von De\u00dfioben, Martin, begraben worden.<\/em><\/span><\/td>\n<td style=\"width: 31.3096%; text-align: justify; height: 56px;\"><span style=\"font-size: 10pt; font-family: times new roman, times, serif;\">Dessighofen (VG Bad Ems-Nassau, EMS)<\/span><\/td>\n<\/tr>\n<tr style=\"height: 56px;\">\n<td style=\"text-align: center; width: 6.42857%; height: 56px;\"><span style=\"font-size: 10pt; font-family: times new roman, times, serif;\">285<\/span><\/td>\n<td style=\"text-align: center; width: 9.76191%; height: 56px;\"><span style=\"font-size: 10pt; font-family: times new roman, times, serif;\">03.09.1636<\/span><\/td>\n<td style=\"text-align: justify; width: 52.3809%; height: 56px;\"><span style=\"font-size: 10pt; font-family: times new roman, times, serif;\"><em>Eodem ist Anna, Peter Zemelmans hinderla\u00dfene Wittibe, alhier begraben worden.<\/em><\/span><\/td>\n<td style=\"width: 31.3096%; text-align: justify; height: 56px;\"><\/td>\n<\/tr>\n<tr style=\"height: 56px;\">\n<td style=\"text-align: center; width: 6.42857%; height: 56px;\"><span style=\"font-size: 10pt; font-family: times new roman, times, serif;\">286<\/span><\/td>\n<td style=\"text-align: center; width: 9.76191%; height: 56px;\"><span style=\"font-size: 10pt; font-family: times new roman, times, serif;\">12.09.1636<\/span><\/td>\n<td style=\"text-align: justify; width: 52.3809%; height: 56px;\"><span style=\"font-size: 10pt; font-family: times new roman, times, serif;\"><em>12ten Sept[embris] ist Martin[us], Herman &#8230;der\u00df Sohn von Ober Lanstein begraben worden.<\/em><\/span><\/td>\n<td style=\"width: 31.3096%; text-align: justify; height: 56px;\"><span style=\"font-size: 10pt; font-family: times new roman, times, serif;\">Oberlahnstein (EMS)<\/span><\/td>\n<\/tr>\n<tr style=\"height: 28px;\">\n<td style=\"text-align: center; width: 6.42857%; height: 28px;\"><span style=\"font-size: 10pt; font-family: times new roman, times, serif;\">287<\/span><\/td>\n<td style=\"text-align: center; width: 9.76191%; height: 28px;\"><span style=\"font-size: 10pt; font-family: times new roman, times, serif;\">12.09.1636<\/span><\/td>\n<td style=\"text-align: justify; width: 52.3809%; height: 28px;\"><span style=\"font-size: 10pt; font-family: times new roman, times, serif;\"><em>Eodem Donges Leydercker\u00df Dochterlein Anna Elisabeth.<\/em><\/span><\/td>\n<td style=\"width: 31.3096%; text-align: justify; height: 28px;\"><\/td>\n<\/tr>\n<tr style=\"height: 56px;\">\n<td style=\"text-align: center; width: 6.42857%; height: 56px;\"><span style=\"font-size: 10pt; font-family: times new roman, times, serif;\">288<\/span><\/td>\n<td style=\"text-align: center; width: 9.76191%; height: 56px;\"><span style=\"font-size: 10pt; font-family: times new roman, times, serif;\">17.09.1636<\/span><\/td>\n<td style=\"text-align: justify; width: 52.3809%; height: 56px;\"><span style=\"font-size: 10pt; font-family: times new roman, times, serif;\"><em>17ten Sept[embris] eion stummer Jung von Emb\u00df.<\/em><\/span><\/td>\n<td style=\"width: 31.3096%; text-align: justify; height: 56px;\"><span style=\"font-size: 10pt; font-family: times new roman, times, serif;\">Ems (VG Bad Ems-Nassau, EMS)<\/span><\/td>\n<\/tr>\n<tr style=\"height: 28px;\">\n<td style=\"text-align: center; width: 6.42857%; height: 28px;\"><span style=\"font-size: 10pt; font-family: times new roman, times, serif;\">289<\/span><\/td>\n<td style=\"text-align: center; width: 9.76191%; height: 28px;\"><span style=\"font-size: 10pt; font-family: times new roman, times, serif;\">18.09.1636<\/span><\/td>\n<td style=\"text-align: justify; width: 52.3809%; height: 28px;\"><span style=\"font-size: 10pt; font-family: times new roman, times, serif;\"><em>18ten Sept[embris] Friederich Hunger alhir.<\/em><\/span><\/td>\n<td style=\"width: 31.3096%; text-align: justify; height: 28px;\"><\/td>\n<\/tr>\n<tr style=\"height: 56px;\">\n<td style=\"text-align: center; width: 6.42857%; height: 56px;\"><span style=\"font-size: 10pt; font-family: times new roman, times, serif;\">290<\/span><\/td>\n<td style=\"text-align: center; width: 9.76191%; height: 56px;\"><span style=\"font-size: 10pt; font-family: times new roman, times, serif;\">19.09.1636<\/span><\/td>\n<td style=\"text-align: justify; width: 52.3809%; height: 56px;\"><span style=\"font-size: 10pt; font-family: times new roman, times, serif;\"><em>19ten Sept[embris] ein Man von Emb\u00df.<\/em><\/span><\/td>\n<td style=\"width: 31.3096%; text-align: justify; height: 56px;\"><span style=\"font-size: 10pt; font-family: times new roman, times, serif;\">Ems (VG Bad Ems-Nassau, EMS)<\/span><\/td>\n<\/tr>\n<tr style=\"height: 28px;\">\n<td style=\"text-align: center; width: 6.42857%; height: 28px;\"><span style=\"font-size: 10pt; font-family: times new roman, times, serif;\">291<\/span><\/td>\n<td style=\"text-align: center; width: 9.76191%; height: 28px;\"><span style=\"font-size: 10pt; font-family: times new roman, times, serif;\">29.09.1636<\/span><\/td>\n<td style=\"text-align: justify; width: 52.3809%; height: 28px;\"><span style=\"font-size: 10pt; font-family: times new roman, times, serif;\"><em>29ten Sept[embris] Anna Catharina, Han\u00df Eberhard Deu\u00dfner\u00df Frau.<\/em><\/span><\/td>\n<td style=\"width: 31.3096%; text-align: justify; height: 28px;\"><\/td>\n<\/tr>\n<tr style=\"height: 56px;\">\n<td style=\"text-align: center; width: 6.42857%; height: 56px;\"><span style=\"font-size: 10pt; font-family: times new roman, times, serif;\">292<\/span><\/td>\n<td style=\"text-align: center; width: 9.76191%; height: 56px;\"><span style=\"font-size: 10pt; font-family: times new roman, times, serif;\">05.10.1636<\/span><\/td>\n<td style=\"text-align: justify; width: 52.3809%; height: 56px;\"><span style=\"font-size: 10pt; font-family: times new roman, times, serif;\"><em>5ten Octob[ris] ist Maria Elisabeth, Han\u00df Eberhard Deu\u00dfner\u00df Dochterlein zu Erden christlich bestattet worden.<\/em><\/span><\/td>\n<td style=\"width: 31.3096%; text-align: justify; height: 56px;\"><\/td>\n<\/tr>\n<tr style=\"height: 28px;\">\n<td style=\"text-align: center; width: 6.42857%; height: 28px;\"><span style=\"font-size: 10pt; font-family: times new roman, times, serif;\">293<\/span><\/td>\n<td style=\"text-align: center; width: 9.76191%; height: 28px;\"><span style=\"font-size: 10pt; font-family: times new roman, times, serif;\">08.10.1636<\/span><\/td>\n<td style=\"text-align: justify; width: 52.3809%; height: 28px;\"><span style=\"font-size: 10pt; font-family: times new roman, times, serif;\"><em>8ten Octob[ris] Han\u00df Eberhards Deu\u00dfner\u00df Dochterlein Christina.<\/em><\/span><\/td>\n<td style=\"width: 31.3096%; text-align: justify; height: 28px;\"><\/td>\n<\/tr>\n<tr style=\"height: 56px;\">\n<td style=\"text-align: center; width: 6.42857%; height: 56px;\"><span style=\"font-size: 10pt; font-family: times new roman, times, serif;\">294<\/span><\/td>\n<td style=\"text-align: center; width: 9.76191%; height: 56px;\"><span style=\"font-size: 10pt; font-family: times new roman, times, serif;\">07.11.1636<\/span><\/td>\n<td style=\"text-align: justify; width: 52.3809%; height: 56px;\"><span style=\"font-size: 10pt; font-family: times new roman, times, serif;\"><em>7ten Novemb[ris] Anna Elisabeth, Andreas Schmidts Dochter von Bechell.<\/em><\/span><\/td>\n<td style=\"width: 31.3096%; text-align: justify; height: 56px;\"><span style=\"font-size: 10pt; font-family: times new roman, times, serif;\">Becheln (VG Bad Ems-Nassau, EMS)<\/span><\/td>\n<\/tr>\n<tr style=\"height: 28px;\">\n<td style=\"text-align: center; width: 6.42857%; height: 28px;\"><span style=\"font-size: 10pt; font-family: times new roman, times, serif;\">295<\/span><\/td>\n<td style=\"text-align: center; width: 9.76191%; height: 28px;\"><span style=\"font-size: 10pt; font-family: times new roman, times, serif;\">14.11.1636<\/span><\/td>\n<td style=\"text-align: justify; width: 52.3809%; height: 28px;\"><span style=\"font-size: 10pt; font-family: times new roman, times, serif;\"><em>14ten Novemb[ris] Anna Maria, Henrich Dietzen Dochter alhir.<\/em><\/span><\/td>\n<td style=\"width: 31.3096%; text-align: justify; height: 28px;\"><\/td>\n<\/tr>\n<tr style=\"height: 56px;\">\n<td style=\"text-align: center; width: 6.42857%; height: 56px;\"><span style=\"font-size: 10pt; font-family: times new roman, times, serif;\">296<\/span><\/td>\n<td style=\"text-align: center; width: 9.76191%; height: 56px;\"><span style=\"font-size: 10pt; font-family: times new roman, times, serif;\">18.11.1636<\/span><\/td>\n<td style=\"text-align: justify; width: 52.3809%; height: 56px;\"><span style=\"font-size: 10pt; font-family: times new roman, times, serif;\"><em>18ten Novembr[is] Emerich von Daxenhau\u00dfen, de\u00df alten Schulthei\u00dfen Sohn.<\/em><\/span><\/td>\n<td style=\"width: 31.3096%; text-align: justify; height: 56px;\"><span style=\"font-size: 10pt; font-family: times new roman, times, serif;\">Dachsenhausen (VG Loreley, EMS)<\/span><\/td>\n<\/tr>\n<tr style=\"height: 56px;\">\n<td style=\"text-align: center; width: 6.42857%; height: 56px;\"><span style=\"font-size: 10pt; font-family: times new roman, times, serif;\">297<\/span><\/td>\n<td style=\"text-align: center; width: 9.76191%; height: 56px;\"><span style=\"font-size: 10pt; font-family: times new roman, times, serif;\">19.11.1636<\/span><\/td>\n<td style=\"text-align: justify; width: 52.3809%; height: 56px;\"><span style=\"font-size: 10pt; font-family: times new roman, times, serif;\"><em>19ten Novembr[is] Rudolph Gackenbach von Emb\u00df.<\/em><\/span><\/td>\n<td style=\"width: 31.3096%; text-align: justify; height: 56px;\"><span style=\"font-size: 10pt; font-family: times new roman, times, serif;\">Ems (VG Bad Ems-Nassau, EMS)<\/span><\/td>\n<\/tr>\n<tr style=\"height: 28px;\">\n<td style=\"text-align: center; width: 6.42857%; height: 28px;\"><span style=\"font-size: 10pt; font-family: times new roman, times, serif;\">298<\/span><\/td>\n<td style=\"text-align: center; width: 9.76191%; height: 28px;\"><span style=\"font-size: 10pt; font-family: times new roman, times, serif;\">19.11.1636<\/span><\/td>\n<td style=\"text-align: justify; width: 52.3809%; height: 28px;\"><span style=\"font-size: 10pt; font-family: times new roman, times, serif;\"><em>Eodem noch eine fremdte Bettelfrau.<\/em><\/span><\/td>\n<td style=\"width: 31.3096%; text-align: justify; height: 28px;\"><\/td>\n<\/tr>\n<tr style=\"height: 28px;\">\n<td style=\"text-align: center; width: 6.42857%; height: 28px;\"><span style=\"font-size: 10pt; font-family: times new roman, times, serif;\">299<\/span><\/td>\n<td style=\"text-align: center; width: 9.76191%; height: 28px;\"><span style=\"font-size: 10pt; font-family: times new roman, times, serif;\">26.11.1636<\/span><\/td>\n<td style=\"text-align: justify; width: 52.3809%; height: 28px;\"><span style=\"font-size: 10pt; font-family: times new roman, times, serif;\"><em>26 Novembr[is] Gertraud, Johannis, des Leydeckers, Fraue<\/em><\/span><\/td>\n<td style=\"width: 31.3096%; text-align: justify; height: 28px;\"><\/td>\n<\/tr>\n<tr style=\"height: 28px;\">\n<td style=\"text-align: center; width: 6.42857%; height: 28px;\"><span style=\"font-size: 10pt; font-family: times new roman, times, serif;\">300<\/span><\/td>\n<td style=\"text-align: center; width: 9.76191%; height: 28px;\"><span style=\"font-size: 10pt; font-family: times new roman, times, serif;\">17.12.1636<\/span><\/td>\n<td style=\"text-align: justify; width: 52.3809%; height: 28px;\"><span style=\"font-size: 10pt; font-family: times new roman, times, serif;\"><em>17ten Decemb[ris] Zeydenlosen Sohn von Marienfel\u00df.<\/em><\/span><\/td>\n<td style=\"width: 31.3096%; text-align: justify; height: 28px;\"><span style=\"font-size: 10pt; font-family: times new roman, times, serif;\">Marienfels (VG Nast\u00e4tten, EMS)<\/span><\/td>\n<\/tr>\n<tr style=\"height: 56px;\">\n<td style=\"text-align: center; width: 6.42857%; height: 56px;\"><span style=\"font-size: 10pt; font-family: times new roman, times, serif;\">301<\/span><\/td>\n<td style=\"text-align: center; width: 9.76191%; height: 56px;\"><span style=\"font-size: 10pt; font-family: times new roman, times, serif;\">26.12.1636<\/span><\/td>\n<td style=\"text-align: justify; width: 52.3809%; height: 56px;\"><span style=\"font-size: 10pt; font-family: times new roman, times, serif;\"><em>26ten Decemb[ris] Anthoni[us], Andreas Rincker\u00df Sohn von Fr\u00fccht.<\/em><\/span><\/td>\n<td style=\"width: 31.3096%; text-align: justify; height: 56px;\"><span style=\"font-size: 10pt; font-family: times new roman, times, serif;\">Fr\u00fccht (VG Bad Ems-Nassau, EMS)<\/span><\/td>\n<\/tr>\n<\/tbody>\n<\/table>\n<hr \/>\n<p><span style=\"font-size: 10pt; font-family: times new roman, times, serif;\"><b>Letztes Update: 17. April 2021<\/b><\/span><br \/>\n<span style=\"font-size: 10pt; font-family: times new roman, times, serif;\"><b>Ralph Jackmuth<\/b><\/span><\/p>\n","protected":false},"excerpt":{"rendered":"<p>Da ich zur Zeit an einer Erfassung der Sterbeeintr\u00e4ge des ersten Braubacher Kirchenbuchs (1628-1672) arbeite, m\u00f6chte ich Interessierten die \u00fcberaus zahlreichen Eintr\u00e4ge der Jahre 1635-1636 hiermit zur Verf\u00fcgung stellen. Die meisten Verstorbenen litten an der Pest und sind Kinder. Nach der Z\u00e4hlung des Pfarrers Johann Kaspar Horresius (+ 12.09.l672 Braubach), der seit 1627 in Braubach &hellip; <a href=\"https:\/\/www.ahnenforschung-jackmuth.de\/?page_id=5970\" class=\"more-link\"><span class=\"screen-reader-text\">\u201ePesttote 1636\u201c<\/span> weiterlesen<\/a><\/p>\n","protected":false},"author":1,"featured_media":0,"parent":0,"menu_order":0,"comment_status":"closed","ping_status":"closed","template":"","meta":{"footnotes":""},"class_list":["post-5970","page","type-page","status-publish","hentry"],"_links":{"self":[{"href":"https:\/\/www.ahnenforschung-jackmuth.de\/index.php?rest_route=\/wp\/v2\/pages\/5970","targetHints":{"allow":["GET"]}}],"collection":[{"href":"https:\/\/www.ahnenforschung-jackmuth.de\/index.php?rest_route=\/wp\/v2\/pages"}],"about":[{"href":"https:\/\/www.ahnenforschung-jackmuth.de\/index.php?rest_route=\/wp\/v2\/types\/page"}],"author":[{"embeddable":true,"href":"https:\/\/www.ahnenforschung-jackmuth.de\/index.php?rest_route=\/wp\/v2\/users\/1"}],"replies":[{"embeddable":true,"href":"https:\/\/www.ahnenforschung-jackmuth.de\/index.php?rest_route=%2Fwp%2Fv2%2Fcomments&post=5970"}],"version-history":[{"count":0,"href":"https:\/\/www.ahnenforschung-jackmuth.de\/index.php?rest_route=\/wp\/v2\/pages\/5970\/revisions"}],"wp:attachment":[{"href":"https:\/\/www.ahnenforschung-jackmuth.de\/index.php?rest_route=%2Fwp%2Fv2%2Fmedia&parent=5970"}],"curies":[{"name":"wp","href":"https:\/\/api.w.org\/{rel}","templated":true}]}}