{"id":5963,"date":"2020-12-19T19:40:01","date_gmt":"2020-12-19T19:40:01","guid":{"rendered":"http:\/\/www.ahnenforschung-jackmuth.de\/?page_id=5963"},"modified":"2021-04-17T16:06:44","modified_gmt":"2021-04-17T16:06:44","slug":"5963-2","status":"publish","type":"page","link":"https:\/\/www.ahnenforschung-jackmuth.de\/?page_id=5963","title":{"rendered":"Pesttote 1635"},"content":{"rendered":"<p style=\"text-align: justify;\"><span style=\"font-family: times new roman, times, serif; font-size: 10pt;\">Da ich zur Zeit an einer Erfassung der Sterbeeintr\u00e4ge des ersten Braubacher Kirchenbuchs (1628-1672) arbeite, m\u00f6chte ich Interessierten die \u00fcberaus zahlreichen Eintr\u00e4ge der Jahre 1635-1636 hiermit zur Verf\u00fcgung stellen. Die meisten Verstorbenen litten an der Pest und sind Kinder. Nach der Z\u00e4hlung des Pfarrers Johann Kaspar Horresius (+ 12.09.l672 Braubach), der seit 1627 in Braubach war, umfasst das Jahr 1635 beachtliche 223 Eintr\u00e4ge und 1636 sogar 299 Eintr\u00e4ge. Im Schnitt liegen die Eintr\u00e4ge sonst zwischen 10 und 30 pro Jahr. Nach einer ersten Analyse umfasst das Jahr 1635 229 Verstorbene, von denen 98 mit abweichendem Herkunftsort gemeldet sind (42,79 %). F\u00fcr 1636 sind 302 Verstorbene verzeichnet, von denen 213 einen abweichenden Wohnort haben (70,53 %). Eine Untersuchung zur Verteilung nach Herkunftsorten, kann erst sicher erfolgen, wenn sich die Verstorbenen in diesen Orten aufgrund von Vergleichen (auch aus anderen Quellen) genau identifizieren lassen. Probleme ergeben sich auch in den Ortsnamen, so ist z. B. bei &#8222;Bachheim&#8220; unklar, ob Ober- oder Niederbachheim gemeint ist. Bei einigen Eintr\u00e4gen ergab sich durch Vergleiche, dass der Herkunftsort nicht genannt war. Deshalb kommen nicht alle Verstorbenen, deren Herkunftsort nicht genannt wird, zwangsl\u00e4ufig aus Braubach. Nach einer ersten Auswertung kamen die meisten Verstorbenen aus Fr\u00fccht (55 Personen) und Dachsenhausen (36 Personen). Weitere Orte sind u. a.: Gemmerich (26 Pers.), Becheln (20 Pers.), Dessighofen (13 Pers.), Bachheim (13 Pers.), Oberbachheim (10 Pers.), Niederbacheim (8 Pers.), Geisig (11 Pers.). Die linke Rheinseite ist kaum vertreten. Aus Bacharach finden sich 5 Personen (1 unsicher), aus Rhens 4, aus Spay nur 1 Person.<\/span><\/p>\n<p><img loading=\"lazy\" decoding=\"async\" class=\"alignnone wp-image-7646 size-full\" src=\"http:\/\/www.ahnenforschung-jackmuth.de\/wp-content\/uploads\/2021\/04\/Tote_Braubach_1635-1636.jpg\" alt=\"\" width=\"848\" height=\"350\" srcset=\"https:\/\/www.ahnenforschung-jackmuth.de\/wp-content\/uploads\/2021\/04\/Tote_Braubach_1635-1636.jpg 848w, https:\/\/www.ahnenforschung-jackmuth.de\/wp-content\/uploads\/2021\/04\/Tote_Braubach_1635-1636-300x124.jpg 300w, https:\/\/www.ahnenforschung-jackmuth.de\/wp-content\/uploads\/2021\/04\/Tote_Braubach_1635-1636-768x317.jpg 768w\" sizes=\"auto, (max-width: 709px) 85vw, (max-width: 909px) 67vw, (max-width: 1362px) 62vw, 840px\" \/><\/p>\n<p><span style=\"font-family: times new roman, times, serif; font-size: 10pt;\">EMS = Rhein-Lahn-Kreis<\/span><\/p>\n<table style=\"width: 100%; height: 10084px;\">\n<tbody>\n<tr style=\"height: 28px;\">\n<td style=\"text-align: center; width: 4.52381%; height: 28px;\"><strong><span style=\"font-family: times new roman, times, serif; font-size: 10pt;\">Nr.<br \/>\n<\/span><\/strong><\/td>\n<td style=\"text-align: center; width: 9.16668%; height: 28px;\"><strong><span style=\"font-family: times new roman, times, serif; font-size: 10pt;\">Datum<br \/>\n<\/span><\/strong><\/td>\n<td style=\"text-align: justify; width: 59.6429%; height: 28px;\"><strong><span style=\"font-family: times new roman, times, serif; font-size: 10pt;\">Eintragstext<em><br \/>\n<\/em><\/span><\/strong><\/td>\n<td style=\"width: 26.5476%; height: 28px; text-align: justify;\"><strong><span style=\"font-family: times new roman, times, serif; font-size: 10pt;\">Herkunftsort<\/span><\/strong><\/td>\n<\/tr>\n<tr style=\"height: 28px;\">\n<td style=\"text-align: center; width: 4.52381%; height: 28px;\" width=\"75\"><span style=\"font-family: times new roman, times, serif; font-size: 10pt;\">1<\/span><\/td>\n<td style=\"text-align: center; width: 9.16668%; height: 28px;\" width=\"75\"><span style=\"font-family: times new roman, times, serif; font-size: 10pt;\">04.01.1635<\/span><\/td>\n<td style=\"text-align: justify; width: 59.6429%; height: 28px;\" width=\"695\"><span style=\"font-family: times new roman, times, serif; font-size: 10pt;\"><em>4 Jan[uarii] ist Elisabeth Weigandin begraben; war Sontag nach dem neuen Jar.<\/em><\/span><\/td>\n<td style=\"width: 26.5476%; height: 28px; text-align: justify;\" width=\"393\"><\/td>\n<\/tr>\n<tr style=\"height: 28px;\">\n<td style=\"text-align: center; width: 4.52381%; height: 28px;\"><span style=\"font-family: times new roman, times, serif; font-size: 10pt;\">2<\/span><\/td>\n<td style=\"text-align: center; width: 9.16668%; height: 28px;\"><span style=\"font-family: times new roman, times, serif; font-size: 10pt;\">13.01.1635<\/span><\/td>\n<td style=\"text-align: justify; width: 59.6429%; height: 28px;\"><span style=\"font-family: times new roman, times, serif; font-size: 10pt;\"><em>13ten Jan[uarii] ist Elisabeth, Catharinen Margrethen, der Schneiderin, Dochterlein begraben.<\/em><\/span><\/td>\n<td style=\"width: 26.5476%; height: 28px; text-align: justify;\"><\/td>\n<\/tr>\n<tr style=\"height: 56px;\">\n<td style=\"text-align: center; width: 4.52381%; height: 56px;\"><span style=\"font-family: times new roman, times, serif; font-size: 10pt;\">3<\/span><\/td>\n<td style=\"text-align: center; width: 9.16668%; height: 56px;\"><span style=\"font-family: times new roman, times, serif; font-size: 10pt;\">23.01.1635<\/span><\/td>\n<td style=\"text-align: justify; width: 59.6429%; height: 56px;\"><span style=\"font-family: times new roman, times, serif; font-size: 10pt;\"><em>23ten Jan[uarii] hatt Han\u00df Georg Friedgen Maria v[nd] Gertrud begraben lassen, seine Dochterlein.<\/em><\/span><\/td>\n<td style=\"width: 26.5476%; height: 56px; text-align: justify;\"><\/td>\n<\/tr>\n<tr style=\"height: 56px;\">\n<td style=\"text-align: center; width: 4.52381%; height: 56px;\"><span style=\"font-family: times new roman, times, serif; font-size: 10pt;\">4<\/span><\/td>\n<td style=\"text-align: center; width: 9.16668%; height: 56px;\"><span style=\"font-family: times new roman, times, serif; font-size: 10pt;\">23.01.1635<\/span><\/td>\n<td style=\"text-align: justify; width: 59.6429%; height: 56px;\"><span style=\"font-family: times new roman, times, serif; font-size: 10pt;\"><em>23ten Jan[uarii] hatt Han\u00df Georg Friedgen Maria v[nd] Gertrud begraben lassen, seine Dochterlein.<\/em><\/span><\/td>\n<td style=\"width: 26.5476%; height: 56px; text-align: justify;\"><\/td>\n<\/tr>\n<tr style=\"height: 56px;\">\n<td style=\"text-align: center; width: 4.52381%; height: 56px;\"><span style=\"font-family: times new roman, times, serif; font-size: 10pt;\">5<\/span><\/td>\n<td style=\"text-align: center; width: 9.16668%; height: 56px;\"><span style=\"font-family: times new roman, times, serif; font-size: 10pt;\">26.03.1635<\/span><\/td>\n<td style=\"text-align: justify; width: 59.6429%; height: 56px;\"><span style=\"font-family: times new roman, times, serif; font-size: 10pt;\"><em>26ten Martij ist Johannes Becker, ein Burger von Nassau, begraben, hat in Donges Reu\u00dfner\u00df Hau\u00df geherberget.<\/em><\/span><\/td>\n<td style=\"width: 26.5476%; height: 56px; text-align: justify;\"><span style=\"font-family: times new roman, times, serif; font-size: 10pt;\">Nassau (VG Bad Ems-Nassau, EMS)<\/span><\/td>\n<\/tr>\n<tr style=\"height: 56px;\">\n<td style=\"text-align: center; width: 4.52381%; height: 56px;\"><span style=\"font-family: times new roman, times, serif; font-size: 10pt;\">6<\/span><\/td>\n<td style=\"text-align: center; width: 9.16668%; height: 56px;\"><span style=\"font-family: times new roman, times, serif; font-size: 10pt;\">27.03.1635<\/span><\/td>\n<td style=\"text-align: justify; width: 59.6429%; height: 56px;\"><span style=\"font-family: times new roman, times, serif; font-size: 10pt;\"><em>27ten Martij ward Melchior Reifferd, ein Jung von D\u00f6rrholtzhau\u00dfen begraben, herberget in Niclau\u00df Reissings Hau\u00df, dess M\u00fcller\u00df.<\/em><\/span><\/td>\n<td style=\"width: 26.5476%; height: 56px; text-align: justify;\"><span style=\"font-family: times new roman, times, serif; font-size: 10pt;\">Dornholzhausen<\/span><\/td>\n<\/tr>\n<tr style=\"height: 56px;\">\n<td style=\"text-align: center; width: 4.52381%; height: 56px;\"><span style=\"font-family: times new roman, times, serif; font-size: 10pt;\">7<\/span><\/td>\n<td style=\"text-align: center; width: 9.16668%; height: 56px;\"><span style=\"font-family: times new roman, times, serif; font-size: 10pt;\">04.04.1635<\/span><\/td>\n<td style=\"text-align: justify; width: 59.6429%; height: 56px;\"><span style=\"font-family: times new roman, times, serif; font-size: 10pt;\"><em>4ten April[is] ist Maria, ein junges Kind, de\u00df Burggraffen <\/em>[dar\u00fcber von j\u00fcngerer Hand:<em> Kemp<\/em>]<em> Dochter auff der Marcsburg, begraben worden.<\/em><\/span><\/td>\n<td style=\"width: 26.5476%; height: 56px; text-align: justify;\"><\/td>\n<\/tr>\n<tr style=\"height: 56px;\">\n<td style=\"text-align: center; width: 4.52381%; height: 56px;\"><span style=\"font-family: times new roman, times, serif; font-size: 10pt;\">8<\/span><\/td>\n<td style=\"text-align: center; width: 9.16668%; height: 56px;\"><span style=\"font-family: times new roman, times, serif; font-size: 10pt;\">10.04.1635<\/span><\/td>\n<td style=\"text-align: justify; width: 59.6429%; height: 56px;\"><span style=\"font-family: times new roman, times, serif; font-size: 10pt;\"><em>10ten April[is] hatt Johannes \u2026, der Cramer, sein Dochterlein Annam Christinam christlich zur Erden bestatten lassen.<\/em><\/span><\/td>\n<td style=\"width: 26.5476%; height: 56px; text-align: justify;\"><\/td>\n<\/tr>\n<tr style=\"height: 56px;\">\n<td style=\"text-align: center; width: 4.52381%; height: 56px;\"><span style=\"font-family: times new roman, times, serif; font-size: 10pt;\">9<\/span><\/td>\n<td style=\"text-align: center; width: 9.16668%; height: 56px;\"><span style=\"font-family: times new roman, times, serif; font-size: 10pt;\">25.04.1635<\/span><\/td>\n<td style=\"text-align: justify; width: 59.6429%; height: 56px;\"><span style=\"font-family: times new roman, times, serif; font-size: 10pt;\"><em>25ten April[is] ist Conrad, ein Man von Nidererlenbach, ein Soldat vnder Herrn Obrist Wachtmeisters Busseck alhier zur Erden bestattet worden; starb in David Weygands Hau\u00df.<\/em><\/span><\/td>\n<td style=\"width: 26.5476%; height: 56px; text-align: justify;\"><span style=\"font-family: times new roman, times, serif; font-size: 10pt;\">Nieder Erlenbach (Frankfurt-Nieder-Erlenbach ?)<\/span><\/td>\n<\/tr>\n<tr style=\"height: 196px;\">\n<td style=\"text-align: center; width: 4.52381%; height: 196px;\"><span style=\"font-family: times new roman, times, serif; font-size: 10pt;\">10<\/span><\/td>\n<td style=\"text-align: center; width: 9.16668%; height: 196px;\"><span style=\"font-family: times new roman, times, serif; font-size: 10pt;\">21.05.1635<\/span><\/td>\n<td style=\"text-align: justify; width: 59.6429%; height: 196px;\"><span style=\"font-family: times new roman, times, serif; font-size: 10pt;\"><em>21 Maji seind begraben worden Christoffel Hoffman, ein Corporal b\u00fcrtig von Hirschberg au\u00df dem Slesien [Nachtrag am li. Rand von gleicher Hand: Christophori Hoffmann Frau hie\u00df Anna Hildnerin von der Neu\u00df in Slesien], vnnd Adam Wirschenser von Flammer\u00dffeldt bey Altenkirchen, beyde vnder dem Obristen Dillem von Hanaw vnd der Leib Compagni, so drunden auf dem Wasen von den Lansteiner Soldaten geschossen worden vnnd hie in Meister Stephan Ferber\u00df Hau\u00df gestorben, mitt einer christ[lichen] Leichtpredig auf Begeren, text[us] fuit Rom. 8, v[ersus] 18.<\/em><\/span><\/td>\n<td style=\"width: 26.5476%; height: 196px; text-align: justify;\"><span style=\"font-family: times new roman, times, serif; font-size: 10pt;\">Hirschberg in Schlesien (heute Jelenia G\u00f3ra in Polen)<\/span><\/td>\n<\/tr>\n<tr style=\"height: 196px;\">\n<td style=\"text-align: center; width: 4.52381%; height: 196px;\"><span style=\"font-family: times new roman, times, serif; font-size: 10pt;\">11<\/span><\/td>\n<td style=\"text-align: center; width: 9.16668%; height: 196px;\"><span style=\"font-family: times new roman, times, serif; font-size: 10pt;\">21.05.1635<\/span><\/td>\n<td style=\"text-align: justify; width: 59.6429%; height: 196px;\"><span style=\"font-family: times new roman, times, serif; font-size: 10pt;\"><em>21 Maji seind begraben worden Christoffel Hoffman, ein Corporal b\u00fcrtig von Hirschberg au\u00df dem Slesien [Nachtrag am li. Rand von gleicher Hand: Christophori Hoffmann Frau hie\u00df Anna Hildnerin von der Neu\u00df in Slesien], vnnd Adam Wirschenser von Flammer\u00dffeldt bey Altenkirchen, beyde vnder dem Obristen Dillem von Hanaw vnd der Leib Compagni, so drunden auf dem Wasen von den Lansteiner Soldaten geschossen worden vnnd hie in Meister Stephan Ferber\u00df Hau\u00df gestorben, mitt einer christ[lichen] Leichtpredig auf Begeren, text[us] fuit Rom. 8, v[ersus] 18.<\/em><\/span><\/td>\n<td style=\"width: 26.5476%; height: 196px; text-align: justify;\"><span style=\"font-family: times new roman, times, serif; font-size: 10pt;\">Altenkirchen-Flammersfeld (Lkr. Altenkirchen)<\/span><\/td>\n<\/tr>\n<tr style=\"height: 28px;\">\n<td style=\"text-align: center; width: 4.52381%; height: 28px;\"><span style=\"font-family: times new roman, times, serif; font-size: 10pt;\">12<\/span><\/td>\n<td style=\"text-align: center; width: 9.16668%; height: 28px;\"><span style=\"font-family: times new roman, times, serif; font-size: 10pt;\">30.05.1635<\/span><\/td>\n<td style=\"text-align: justify; width: 59.6429%; height: 28px;\"><span style=\"font-family: times new roman, times, serif; font-size: 10pt;\"><em>30 Maji hatt Stoffel Jox sein S\u00f6hnlein Christian begraben lassen.<\/em><\/span><\/td>\n<td style=\"width: 26.5476%; height: 28px; text-align: justify;\"><\/td>\n<\/tr>\n<tr style=\"height: 28px;\">\n<td style=\"text-align: center; width: 4.52381%; height: 28px;\"><span style=\"font-family: times new roman, times, serif; font-size: 10pt;\">13<\/span><\/td>\n<td style=\"text-align: center; width: 9.16668%; height: 28px;\"><span style=\"font-family: times new roman, times, serif; font-size: 10pt;\">04.06.1635<\/span><\/td>\n<td style=\"text-align: justify; width: 59.6429%; height: 28px;\"><span style=\"font-family: times new roman, times, serif; font-size: 10pt;\"><em>4 Junij ist Anna Dorothea, Balthes Dicken, eines Soldaten alhier Dochterlein, begraben.<\/em><\/span><\/td>\n<td style=\"width: 26.5476%; height: 28px; text-align: justify;\"><\/td>\n<\/tr>\n<tr style=\"height: 56px;\">\n<td style=\"text-align: center; width: 4.52381%; height: 56px;\"><span style=\"font-family: times new roman, times, serif; font-size: 10pt;\">14<\/span><\/td>\n<td style=\"text-align: center; width: 9.16668%; height: 56px;\"><span style=\"font-family: times new roman, times, serif; font-size: 10pt;\">10.06.1635<\/span><\/td>\n<td style=\"text-align: justify; width: 59.6429%; height: 56px;\"><span style=\"font-family: times new roman, times, serif; font-size: 10pt;\"><em>10 Junij ist Anna Catharina, Michel Opel\u00df Dochterlein von Daxenhau\u00dfen begraben alhier worden.<\/em><\/span><\/td>\n<td style=\"width: 26.5476%; height: 56px; text-align: justify;\"><span style=\"font-family: times new roman, times, serif; font-size: 10pt;\">Dachsenhausen (VG Loreley, EMS)<\/span><\/td>\n<\/tr>\n<tr style=\"height: 56px;\">\n<td style=\"text-align: center; width: 4.52381%; height: 56px;\"><span style=\"font-family: times new roman, times, serif; font-size: 10pt;\">15<\/span><\/td>\n<td style=\"text-align: center; width: 9.16668%; height: 56px;\"><span style=\"font-family: times new roman, times, serif; font-size: 10pt;\">16.06.1635<\/span><\/td>\n<td style=\"text-align: justify; width: 59.6429%; height: 56px;\"><span style=\"font-family: times new roman, times, serif; font-size: 10pt;\"><em>16ten Junij ist Maria, Philips Schmidts Dochterlein von Gemmerich, begraben worden alhier<\/em><\/span><\/td>\n<td style=\"width: 26.5476%; height: 56px; text-align: justify;\"><span style=\"font-family: times new roman, times, serif; font-size: 10pt;\">Gemmerich (VG Nast\u00e4tten, EMS)<\/span><\/td>\n<\/tr>\n<tr style=\"height: 28px;\">\n<td style=\"text-align: center; width: 4.52381%; height: 28px;\"><span style=\"font-family: times new roman, times, serif; font-size: 10pt;\">16<\/span><\/td>\n<td style=\"text-align: center; width: 9.16668%; height: 28px;\"><span style=\"font-family: times new roman, times, serif; font-size: 10pt;\">17.06.1635<\/span><\/td>\n<td style=\"text-align: justify; width: 59.6429%; height: 28px;\"><span style=\"font-family: times new roman, times, serif; font-size: 10pt;\"><em>17ten Junij ist Henrich Schunck begraben worden.<\/em><\/span><\/td>\n<td style=\"width: 26.5476%; height: 28px; text-align: justify;\"><\/td>\n<\/tr>\n<tr style=\"height: 28px;\">\n<td style=\"text-align: center; width: 4.52381%; height: 28px;\"><span style=\"font-family: times new roman, times, serif; font-size: 10pt;\">17<\/span><\/td>\n<td style=\"text-align: center; width: 9.16668%; height: 28px;\"><span style=\"font-family: times new roman, times, serif; font-size: 10pt;\">01.07.1635<\/span><\/td>\n<td style=\"text-align: justify; width: 59.6429%; height: 28px;\"><span style=\"font-family: times new roman, times, serif; font-size: 10pt;\"><em>1ten Julij ist Donges Reu\u00dfner begraben worden.<\/em><\/span><\/td>\n<td style=\"width: 26.5476%; height: 28px; text-align: justify;\"><\/td>\n<\/tr>\n<tr style=\"height: 56px;\">\n<td style=\"text-align: center; width: 4.52381%; height: 56px;\"><span style=\"font-family: times new roman, times, serif; font-size: 10pt;\">18<\/span><\/td>\n<td style=\"text-align: center; width: 9.16668%; height: 56px;\"><span style=\"font-family: times new roman, times, serif; font-size: 10pt;\">05.07.1635<\/span><\/td>\n<td style=\"text-align: justify; width: 59.6429%; height: 56px;\"><span style=\"font-family: times new roman, times, serif; font-size: 10pt;\"><em>5ten Julij, war Dom[inica] 6 post Trin[itatis], hat Gerhard Meltzbach sein S\u00f6nlein Donges Peter begraben lassen.<\/em><\/span><\/td>\n<td style=\"width: 26.5476%; height: 56px; text-align: justify;\"><\/td>\n<\/tr>\n<tr style=\"height: 56px;\">\n<td style=\"text-align: center; width: 4.52381%; height: 56px;\"><span style=\"font-family: times new roman, times, serif; font-size: 10pt;\">19<\/span><\/td>\n<td style=\"text-align: center; width: 9.16668%; height: 56px;\"><span style=\"font-family: times new roman, times, serif; font-size: 10pt;\">06.07.1635<\/span><\/td>\n<td style=\"text-align: justify; width: 59.6429%; height: 56px;\"><span style=\"font-family: times new roman, times, serif; font-size: 10pt;\"><em>6ten Julij ist Lucey, Donges Gei\u00df, Burger\u00df von Filsen, Dochterlein alhier begraben worden.<\/em><\/span><\/td>\n<td style=\"width: 26.5476%; height: 56px; text-align: justify;\"><span style=\"font-family: times new roman, times, serif; font-size: 10pt;\">Filsen (VG Loreley, EMS, ehemalig Pfarrei Boppard)<\/span><\/td>\n<\/tr>\n<tr style=\"height: 28px;\">\n<td style=\"text-align: center; width: 4.52381%; height: 28px;\"><span style=\"font-family: times new roman, times, serif; font-size: 10pt;\">20<\/span><\/td>\n<td style=\"text-align: center; width: 9.16668%; height: 28px;\"><span style=\"font-family: times new roman, times, serif; font-size: 10pt;\">10.07.1635<\/span><\/td>\n<td style=\"text-align: justify; width: 59.6429%; height: 28px;\"><span style=\"font-family: times new roman, times, serif; font-size: 10pt;\"><em>10ten Julij ist Henrich, Philips Weiganden Sohnlein, begraben<\/em><\/span><\/td>\n<td style=\"width: 26.5476%; height: 28px; text-align: justify;\"><\/td>\n<\/tr>\n<tr style=\"height: 28px;\">\n<td style=\"text-align: center; width: 4.52381%; height: 28px;\"><span style=\"font-family: times new roman, times, serif; font-size: 10pt;\">21<\/span><\/td>\n<td style=\"text-align: center; width: 9.16668%; height: 28px;\"><span style=\"font-family: times new roman, times, serif; font-size: 10pt;\">15.07.1635<\/span><\/td>\n<td style=\"text-align: justify; width: 59.6429%; height: 28px;\"><span style=\"font-family: times new roman, times, serif; font-size: 10pt;\"><em>15ten Julij ist Maria, Andre\u00e6 Kuhlen Hau\u00dffraw, de\u00df Corporalen alhier, begraben<\/em><\/span><\/td>\n<td style=\"width: 26.5476%; height: 28px; text-align: justify;\"><\/td>\n<\/tr>\n<tr style=\"height: 28px;\">\n<td style=\"text-align: center; width: 4.52381%; height: 28px;\"><span style=\"font-family: times new roman, times, serif; font-size: 10pt;\">22<\/span><\/td>\n<td style=\"text-align: center; width: 9.16668%; height: 28px;\"><span style=\"font-family: times new roman, times, serif; font-size: 10pt;\">15.07.1635<\/span><\/td>\n<td style=\"text-align: justify; width: 59.6429%; height: 28px;\"><span style=\"font-family: times new roman, times, serif; font-size: 10pt;\"><em>Eodem Johan Hartman, Johan Waltzer Hausens Sohnlein, eines Soldaten, begraben.<\/em><\/span><\/td>\n<td style=\"width: 26.5476%; height: 28px; text-align: justify;\"><\/td>\n<\/tr>\n<tr style=\"height: 56px;\">\n<td style=\"text-align: center; width: 4.52381%; height: 56px;\"><span style=\"font-family: times new roman, times, serif; font-size: 10pt;\">23<\/span><\/td>\n<td style=\"text-align: center; width: 9.16668%; height: 56px;\"><span style=\"font-family: times new roman, times, serif; font-size: 10pt;\">17.07.1635<\/span><\/td>\n<td style=\"text-align: justify; width: 59.6429%; height: 56px;\"><span style=\"font-family: times new roman, times, serif; font-size: 10pt;\"><em>17ten Julij ist Johan Emerich, Johannis Flarri von Mihlen Sonlein begraben.<\/em><\/span><\/td>\n<td style=\"width: 26.5476%; height: 56px; text-align: justify;\"><span style=\"font-family: times new roman, times, serif; font-size: 10pt;\">Miehlen (VG Nast\u00e4tten, EMS)<\/span><\/td>\n<\/tr>\n<tr style=\"height: 56px;\">\n<td style=\"text-align: center; width: 4.52381%; height: 56px;\"><span style=\"font-family: times new roman, times, serif; font-size: 10pt;\">24<\/span><\/td>\n<td style=\"text-align: center; width: 9.16668%; height: 56px;\"><span style=\"font-family: times new roman, times, serif; font-size: 10pt;\">30.07.1635<\/span><\/td>\n<td style=\"text-align: justify; width: 59.6429%; height: 56px;\"><span style=\"font-family: times new roman, times, serif; font-size: 10pt;\"><em>30 Julij ist Henrich Breidenau begraben worden, fuit hic diligentissim[us] auditor verbi in ecc[les]ia n[ost]ra.<\/em><\/span><\/td>\n<td style=\"width: 26.5476%; height: 56px; text-align: justify;\"><\/td>\n<\/tr>\n<tr style=\"height: 56px;\">\n<td style=\"text-align: center; width: 4.52381%; height: 56px;\"><span style=\"font-family: times new roman, times, serif; font-size: 10pt;\">25<\/span><\/td>\n<td style=\"text-align: center; width: 9.16668%; height: 56px;\"><span style=\"font-family: times new roman, times, serif; font-size: 10pt;\">31.07.1635<\/span><\/td>\n<td style=\"text-align: justify; width: 59.6429%; height: 56px;\"><span style=\"font-family: times new roman, times, serif; font-size: 10pt;\"><em>31 Julij ist Zacharias, Han\u00df Wilhelm Melich\u00df Sohn von Winningen begraben worden.<\/em><\/span><\/td>\n<td style=\"width: 26.5476%; height: 56px; text-align: justify;\"><span style=\"font-family: times new roman, times, serif; font-size: 10pt;\">Winningen (Lkr. Mayen-Koblenz)<\/span><\/td>\n<\/tr>\n<tr style=\"height: 56px;\">\n<td style=\"text-align: center; width: 4.52381%; height: 56px;\"><span style=\"font-family: times new roman, times, serif; font-size: 10pt;\">26<\/span><\/td>\n<td style=\"text-align: center; width: 9.16668%; height: 56px;\"><span style=\"font-family: times new roman, times, serif; font-size: 10pt;\">31.07.1635<\/span><\/td>\n<td style=\"text-align: justify; width: 59.6429%; height: 56px;\"><span style=\"font-family: times new roman, times, serif; font-size: 10pt;\"><em>Eodem zu Nacht Anna Christina, David Schuncken Dochter, begraben worden; obiit peste, ut ferunt.<\/em><\/span><\/td>\n<td style=\"width: 26.5476%; height: 56px; text-align: justify;\"><\/td>\n<\/tr>\n<tr style=\"height: 28px;\">\n<td style=\"text-align: center; width: 4.52381%; height: 28px;\"><span style=\"font-family: times new roman, times, serif; font-size: 10pt;\">27<\/span><\/td>\n<td style=\"text-align: center; width: 9.16668%; height: 28px;\"><span style=\"font-family: times new roman, times, serif; font-size: 10pt;\">04.08.1635<\/span><\/td>\n<td style=\"text-align: justify; width: 59.6429%; height: 28px;\"><span style=\"font-family: times new roman, times, serif; font-size: 10pt;\"><em>4ten Aug[usti] ist Anna Margretha, Marx Schumpen s[elig] Dochter begraben worden<\/em><\/span><\/td>\n<td style=\"width: 26.5476%; height: 28px; text-align: justify;\"><\/td>\n<\/tr>\n<tr style=\"height: 56px;\">\n<td style=\"text-align: center; width: 4.52381%; height: 56px;\"><span style=\"font-family: times new roman, times, serif; font-size: 10pt;\">28<\/span><\/td>\n<td style=\"text-align: center; width: 9.16668%; height: 56px;\"><span style=\"font-family: times new roman, times, serif; font-size: 10pt;\">07.08.1635<\/span><\/td>\n<td style=\"text-align: justify; width: 59.6429%; height: 56px;\"><span style=\"font-family: times new roman, times, serif; font-size: 10pt;\"><em>7ten Aug[usti] ist Ehrland Henrich Becker\u00df, de\u00df Fenrichs alhier Mutter begraben worden vnd ehrlich zur Erden bestattet.<\/em><\/span><\/td>\n<td style=\"width: 26.5476%; height: 56px; text-align: justify;\"><\/td>\n<\/tr>\n<tr style=\"height: 56px;\">\n<td style=\"text-align: center; width: 4.52381%; height: 56px;\"><span style=\"font-family: times new roman, times, serif; font-size: 10pt;\">29<\/span><\/td>\n<td style=\"text-align: center; width: 9.16668%; height: 56px;\"><span style=\"font-family: times new roman, times, serif; font-size: 10pt;\">08.08.1635<\/span><\/td>\n<td style=\"text-align: justify; width: 59.6429%; height: 56px;\"><span style=\"font-family: times new roman, times, serif; font-size: 10pt;\"><em>8ten Aug[usti] hat Petr[us] Hamer, ein Soldat alhier, sein Sohn Ioh[annem] Philippu[m] begraben lassen.<\/em><\/span><\/td>\n<td style=\"width: 26.5476%; height: 56px; text-align: justify;\"><\/td>\n<\/tr>\n<tr style=\"height: 56px;\">\n<td style=\"text-align: center; width: 4.52381%; height: 56px;\"><span style=\"font-family: times new roman, times, serif; font-size: 10pt;\">30<\/span><\/td>\n<td style=\"text-align: center; width: 9.16668%; height: 56px;\"><span style=\"font-family: times new roman, times, serif; font-size: 10pt;\">09.08.1635<\/span><\/td>\n<td style=\"text-align: justify; width: 59.6429%; height: 56px;\"><span style=\"font-family: times new roman, times, serif; font-size: 10pt;\"><em>9ten Aug[usti] ist die Fraw Landschreiberin von Creutzenach, Herrn Johan Adam Hundingern Hau\u00dffrau, f\u00fcrst[lich] pfaltz-simmerischen Landschreiber\u00df, begraben.<\/em><\/span><\/td>\n<td style=\"width: 26.5476%; height: 56px; text-align: justify;\"><span style=\"font-family: times new roman, times, serif; font-size: 10pt;\">Bad Kreuznach<\/span><\/td>\n<\/tr>\n<tr style=\"height: 84px;\">\n<td style=\"text-align: center; width: 4.52381%; height: 84px;\"><span style=\"font-family: times new roman, times, serif; font-size: 10pt;\">31<\/span><\/td>\n<td style=\"text-align: center; width: 9.16668%; height: 84px;\"><span style=\"font-family: times new roman, times, serif; font-size: 10pt;\">09.08.1635<\/span><\/td>\n<td style=\"text-align: justify; width: 59.6429%; height: 84px;\"><span style=\"font-family: times new roman, times, serif; font-size: 10pt;\"><em>Eodem hat Chun Weingarten von Fil\u00dfen, ein Soldat allhier, vnder Capitainschafft Hern Amptman\u00df Wildkins zu Reinfel\u00df, Christinam, sein Dochter, \u2026 begraben lassen.<\/em><\/span><\/td>\n<td style=\"width: 26.5476%; height: 84px; text-align: justify;\"><span style=\"font-family: times new roman, times, serif; font-size: 10pt;\">Filsen (VG Loreley, EMS, ehemalig Pfarrei Boppard); siehe OFB Boppard Nr. W\/103<\/span><\/td>\n<\/tr>\n<tr style=\"height: 28px;\">\n<td style=\"text-align: center; width: 4.52381%; height: 28px;\"><span style=\"font-family: times new roman, times, serif; font-size: 10pt;\">32<\/span><\/td>\n<td style=\"text-align: center; width: 9.16668%; height: 28px;\"><span style=\"font-family: times new roman, times, serif; font-size: 10pt;\">10.08.1635<\/span><\/td>\n<td style=\"text-align: justify; width: 59.6429%; height: 28px;\"><span style=\"font-family: times new roman, times, serif; font-size: 10pt;\"><em>10ten Aug[usti] ist Elisabeth, Peter Becker\u00df, de\u00df \u2026 Dochterlein, begraben worden.<\/em><\/span><\/td>\n<td style=\"width: 26.5476%; height: 28px; text-align: justify;\"><\/td>\n<\/tr>\n<tr style=\"height: 28px;\">\n<td style=\"text-align: center; width: 4.52381%; height: 28px;\"><span style=\"font-family: times new roman, times, serif; font-size: 10pt;\">33<\/span><\/td>\n<td style=\"text-align: center; width: 9.16668%; height: 28px;\"><span style=\"font-family: times new roman, times, serif; font-size: 10pt;\">12.08.1635<\/span><\/td>\n<td style=\"text-align: justify; width: 59.6429%; height: 28px;\"><span style=\"font-family: times new roman, times, serif; font-size: 10pt;\"><em>12ten Aug[usti] ist Maria Engel, Han\u00df Cran, de\u00df Wei\u00df&lt;bin&gt;der\u00df Dochter, begraben worden.<\/em><\/span><\/td>\n<td style=\"width: 26.5476%; height: 28px; text-align: justify;\"><\/td>\n<\/tr>\n<tr style=\"height: 28px;\">\n<td style=\"text-align: center; width: 4.52381%; height: 28px;\"><span style=\"font-family: times new roman, times, serif; font-size: 10pt;\">34<\/span><\/td>\n<td style=\"text-align: center; width: 9.16668%; height: 28px;\"><span style=\"font-family: times new roman, times, serif; font-size: 10pt;\">13.08.1635<\/span><\/td>\n<td style=\"text-align: justify; width: 59.6429%; height: 28px;\"><span style=\"font-family: times new roman, times, serif; font-size: 10pt;\"><em>13ten Aug[usti] hat Johannes Purr sein Tochterlein Annam Margretham begraben lassen.<\/em><\/span><\/td>\n<td style=\"width: 26.5476%; height: 28px; text-align: justify;\"><\/td>\n<\/tr>\n<tr style=\"height: 56px;\">\n<td style=\"text-align: center; width: 4.52381%; height: 56px;\"><span style=\"font-family: times new roman, times, serif; font-size: 10pt;\">35<\/span><\/td>\n<td style=\"text-align: center; width: 9.16668%; height: 56px;\"><span style=\"font-family: times new roman, times, serif; font-size: 10pt;\">13.08.1635<\/span><\/td>\n<td style=\"text-align: justify; width: 59.6429%; height: 56px;\"><span style=\"font-family: times new roman, times, serif; font-size: 10pt;\"><em>Eodem Peter Welcker von Caub, ein Soldat alhier, Han\u00df Velten, sein Sohnlein, begraben lassen.<\/em><\/span><\/td>\n<td style=\"width: 26.5476%; height: 56px; text-align: justify;\"><span style=\"font-family: times new roman, times, serif; font-size: 10pt;\">Kaub (VG Loreley, EMS)<\/span><\/td>\n<\/tr>\n<tr style=\"height: 84px;\">\n<td style=\"text-align: center; width: 4.52381%; height: 84px;\"><span style=\"font-family: times new roman, times, serif; font-size: 10pt;\">36<\/span><\/td>\n<td style=\"text-align: center; width: 9.16668%; height: 84px;\"><span style=\"font-family: times new roman, times, serif; font-size: 10pt;\">14.08.1635<\/span><\/td>\n<td style=\"text-align: justify; width: 59.6429%; height: 84px;\"><span style=\"font-family: times new roman, times, serif; font-size: 10pt;\"><em>14ten Aug[usti] ist Johannes, Chun Weingarten S\u00f6hnlein von Fil\u00dfen, eines Soldaten alhir, begraben worden<\/em><\/span><\/td>\n<td style=\"width: 26.5476%; height: 84px; text-align: justify;\"><span style=\"font-family: times new roman, times, serif; font-size: 10pt;\">Filsen (VG Loreley, EMS, ehemalig Pfarrei Boppard); siehe OFB Boppard Nr. W\/103<\/span><\/td>\n<\/tr>\n<tr style=\"height: 28px;\">\n<td style=\"text-align: center; width: 4.52381%; height: 28px;\"><span style=\"font-family: times new roman, times, serif; font-size: 10pt;\">37<\/span><\/td>\n<td style=\"text-align: center; width: 9.16668%; height: 28px;\"><span style=\"font-family: times new roman, times, serif; font-size: 10pt;\">15.08.1635<\/span><\/td>\n<td style=\"text-align: justify; width: 59.6429%; height: 28px;\"><span style=\"font-family: times new roman, times, serif; font-size: 10pt;\"><em>15 Aug[usti] ward Margretha Bernhamerin begraben.<\/em><\/span><\/td>\n<td style=\"width: 26.5476%; height: 28px; text-align: justify;\"><\/td>\n<\/tr>\n<tr style=\"height: 28px;\">\n<td style=\"text-align: center; width: 4.52381%; height: 28px;\"><span style=\"font-family: times new roman, times, serif; font-size: 10pt;\">38<\/span><\/td>\n<td style=\"text-align: center; width: 9.16668%; height: 28px;\"><span style=\"font-family: times new roman, times, serif; font-size: 10pt;\">15.08.1635<\/span><\/td>\n<td style=\"text-align: justify; width: 59.6429%; height: 28px;\"><span style=\"font-family: times new roman, times, serif; font-size: 10pt;\"><em>Eodem Christoffel P\u00fcrr, Johannis P\u00fcrren, de\u00df Schmidts Sohn, begraben worden.<\/em><\/span><\/td>\n<td style=\"width: 26.5476%; height: 28px; text-align: justify;\"><\/td>\n<\/tr>\n<tr style=\"height: 56px;\">\n<td style=\"text-align: center; width: 4.52381%; height: 56px;\"><span style=\"font-family: times new roman, times, serif; font-size: 10pt;\">39<\/span><\/td>\n<td style=\"text-align: center; width: 9.16668%; height: 56px;\"><span style=\"font-family: times new roman, times, serif; font-size: 10pt;\">16.08.1635<\/span><\/td>\n<td style=\"text-align: justify; width: 59.6429%; height: 56px;\"><span style=\"font-family: times new roman, times, serif; font-size: 10pt;\"><em>16ten Aug[usti] ist Johannes Christophorus Hundiger, Herrn Landschreiber\u00df Sohn von Creutzenach, begraben worden.<\/em><\/span><\/td>\n<td style=\"width: 26.5476%; height: 56px; text-align: justify;\"><span style=\"font-family: times new roman, times, serif; font-size: 10pt;\">Bad Kreuznach<\/span><\/td>\n<\/tr>\n<tr style=\"height: 56px;\">\n<td style=\"text-align: center; width: 4.52381%; height: 56px;\"><span style=\"font-family: times new roman, times, serif; font-size: 10pt;\">40<\/span><\/td>\n<td style=\"text-align: center; width: 9.16668%; height: 56px;\"><span style=\"font-family: times new roman, times, serif; font-size: 10pt;\">18.08.1635<\/span><\/td>\n<td style=\"text-align: justify; width: 59.6429%; height: 56px;\"><span style=\"font-family: times new roman, times, serif; font-size: 10pt;\"><em>18ten Aug[usti] ist Han\u00df Velten, Velten Scheurer\u00df Sohn von Bacharach, begraben worden, der Vatter hat damalig gedienet al\u00df ein Soldat vnder Hern Leutenant \u2026<\/em><\/span><\/td>\n<td style=\"width: 26.5476%; height: 56px; text-align: justify;\"><span style=\"font-family: times new roman, times, serif; font-size: 10pt;\">Bacharach (Lkr. Mainz-Bingen)<\/span><\/td>\n<\/tr>\n<tr style=\"height: 28px;\">\n<td style=\"text-align: center; width: 4.52381%; height: 28px;\"><span style=\"font-family: times new roman, times, serif; font-size: 10pt;\">41<\/span><\/td>\n<td style=\"text-align: center; width: 9.16668%; height: 28px;\"><span style=\"font-family: times new roman, times, serif; font-size: 10pt;\">19.08.1635<\/span><\/td>\n<td style=\"text-align: justify; width: 59.6429%; height: 28px;\"><span style=\"font-family: times new roman, times, serif; font-size: 10pt;\"><em>19 Aug[usti] ist Maria Agnes, Gerhard Meltzbachs Dochterlein begraben worden.<\/em><\/span><\/td>\n<td style=\"width: 26.5476%; height: 28px; text-align: justify;\"><\/td>\n<\/tr>\n<tr style=\"height: 56px;\">\n<td style=\"text-align: center; width: 4.52381%; height: 56px;\"><span style=\"font-family: times new roman, times, serif; font-size: 10pt;\">42<\/span><\/td>\n<td style=\"text-align: center; width: 9.16668%; height: 56px;\"><span style=\"font-family: times new roman, times, serif; font-size: 10pt;\">20.08.1635<\/span><\/td>\n<td style=\"text-align: justify; width: 59.6429%; height: 56px;\"><span style=\"font-family: times new roman, times, serif; font-size: 10pt;\"><em>20ten Aug[usti] seind begraben worden zwey Kinder, Han\u00df Eberd Deu\u00dfner\u00df, Anna Elisabeth vnnd Maria Margretha<\/em><\/span><\/td>\n<td style=\"width: 26.5476%; height: 56px; text-align: justify;\"><\/td>\n<\/tr>\n<tr style=\"height: 56px;\">\n<td style=\"text-align: center; width: 4.52381%; height: 60px;\"><span style=\"font-family: times new roman, times, serif; font-size: 10pt;\">43<\/span><\/td>\n<td style=\"text-align: center; width: 9.16668%; height: 60px;\"><span style=\"font-family: times new roman, times, serif; font-size: 10pt;\">20.08.1635<\/span><\/td>\n<td style=\"text-align: justify; width: 59.6429%; height: 60px;\"><span style=\"font-family: times new roman, times, serif; font-size: 10pt;\"><em>20ten Aug[usti] seind begraben worden zwey Kinder, Han\u00df Eberd Deu\u00dfner\u00df, Anna Elisabeth vnnd Maria Margretha<\/em><\/span><\/td>\n<td style=\"width: 26.5476%; height: 60px; text-align: justify;\"><\/td>\n<\/tr>\n<tr style=\"height: 28px;\">\n<td style=\"text-align: center; width: 4.52381%; height: 28px;\"><span style=\"font-family: times new roman, times, serif; font-size: 10pt;\">44<\/span><\/td>\n<td style=\"text-align: center; width: 9.16668%; height: 28px;\"><span style=\"font-family: times new roman, times, serif; font-size: 10pt;\">21.08.1635<\/span><\/td>\n<td style=\"text-align: justify; width: 59.6429%; height: 28px;\"><span style=\"font-family: times new roman, times, serif; font-size: 10pt;\"><em>21ten Aug[usti] ist Johan Dieterich, Han\u00df Giessen Sohnlein, begraben worden.<\/em><\/span><\/td>\n<td style=\"width: 26.5476%; height: 28px; text-align: justify;\"><\/td>\n<\/tr>\n<tr style=\"height: 28px;\">\n<td style=\"text-align: center; width: 4.52381%; height: 28px;\"><span style=\"font-family: times new roman, times, serif; font-size: 10pt;\">45<\/span><\/td>\n<td style=\"text-align: center; width: 9.16668%; height: 28px;\"><span style=\"font-family: times new roman, times, serif; font-size: 10pt;\">21.08.1635<\/span><\/td>\n<td style=\"text-align: justify; width: 59.6429%; height: 28px;\"><span style=\"font-family: times new roman, times, serif; font-size: 10pt;\"><em>Eodem Anna Margretha, Johannis de\u00df Leydecker\u00df Tochterlein begraben.<\/em><\/span><\/td>\n<td style=\"width: 26.5476%; height: 28px; text-align: justify;\"><\/td>\n<\/tr>\n<tr style=\"height: 56px;\">\n<td style=\"text-align: center; width: 4.52381%; height: 56px;\"><span style=\"font-family: times new roman, times, serif; font-size: 10pt;\">46<\/span><\/td>\n<td style=\"text-align: center; width: 9.16668%; height: 56px;\"><span style=\"font-family: times new roman, times, serif; font-size: 10pt;\">22.08.1635<\/span><\/td>\n<td style=\"text-align: justify; width: 59.6429%; height: 56px;\"><span style=\"font-family: times new roman, times, serif; font-size: 10pt;\"><em>22ten Aug[usti] ist Johan Melchior, Arnoldt \u2026 Sohn von Muhlem [= Miehlen ?], begraben worden.<\/em><\/span><\/td>\n<td style=\"width: 26.5476%; height: 56px; text-align: justify;\"><span style=\"font-family: times new roman, times, serif; font-size: 10pt;\">Miehlen ? (EMS)<\/span><\/td>\n<\/tr>\n<tr style=\"height: 56px;\">\n<td style=\"text-align: center; width: 4.52381%; height: 56px;\"><span style=\"font-family: times new roman, times, serif; font-size: 10pt;\">47<\/span><\/td>\n<td style=\"text-align: center; width: 9.16668%; height: 56px;\"><span style=\"font-family: times new roman, times, serif; font-size: 10pt;\">22.08.1635<\/span><\/td>\n<td style=\"text-align: justify; width: 59.6429%; height: 56px;\"><span style=\"font-family: times new roman, times, serif; font-size: 10pt;\"><em>Eodem Elisabetha Catharina, Herrn Johann Wendel\u00df Rhodij, Pfarre\u00df zu Niderbacheimb, Dochterlein, begraben worden.<\/em><\/span><\/td>\n<td style=\"width: 26.5476%; height: 56px; text-align: justify;\"><span style=\"font-family: times new roman, times, serif; font-size: 10pt;\">Niederbachheim (VG Nast\u00e4tten, EMS)<\/span><\/td>\n<\/tr>\n<tr style=\"height: 28px;\">\n<td style=\"text-align: center; width: 4.52381%; height: 28px;\"><span style=\"font-family: times new roman, times, serif; font-size: 10pt;\">48<\/span><\/td>\n<td style=\"text-align: center; width: 9.16668%; height: 28px;\"><span style=\"font-family: times new roman, times, serif; font-size: 10pt;\">22.08.1635<\/span><\/td>\n<td style=\"text-align: justify; width: 59.6429%; height: 28px;\"><span style=\"font-family: times new roman, times, serif; font-size: 10pt;\"><em>Eodem Anna Barbara, Stephan S\u00f6hn\u00df Dochterlein, begraben worden.<\/em><\/span><\/td>\n<td style=\"width: 26.5476%; height: 28px; text-align: justify;\"><\/td>\n<\/tr>\n<tr style=\"height: 28px;\">\n<td style=\"text-align: center; width: 4.52381%; height: 28px;\"><span style=\"font-family: times new roman, times, serif; font-size: 10pt;\">49<\/span><\/td>\n<td style=\"text-align: center; width: 9.16668%; height: 28px;\"><span style=\"font-family: times new roman, times, serif; font-size: 10pt;\">22.08.1635<\/span><\/td>\n<td style=\"text-align: justify; width: 59.6429%; height: 28px;\"><span style=\"font-family: times new roman, times, serif; font-size: 10pt;\"><em>Eodem Anna Elisabeth, Han\u00df Giessen Dochter, begraben worden.<\/em><\/span><\/td>\n<td style=\"width: 26.5476%; height: 28px; text-align: justify;\"><\/td>\n<\/tr>\n<tr style=\"height: 56px;\">\n<td style=\"text-align: center; width: 4.52381%; height: 56px;\"><span style=\"font-family: times new roman, times, serif; font-size: 10pt;\">50<\/span><\/td>\n<td style=\"text-align: center; width: 9.16668%; height: 56px;\"><span style=\"font-family: times new roman, times, serif; font-size: 10pt;\">24.08.1635<\/span><\/td>\n<td style=\"text-align: justify; width: 59.6429%; height: 56px;\"><span style=\"font-family: times new roman, times, serif; font-size: 10pt;\"><em>24 Aug[usti], war Bartholom\u00e6j Tag, ist Christ, Donges Christ Bau\u00dfman\u00df Sohnlein begraben worden.<\/em><\/span><\/td>\n<td style=\"width: 26.5476%; height: 56px; text-align: justify;\"><\/td>\n<\/tr>\n<tr style=\"height: 28px;\">\n<td style=\"text-align: center; width: 4.52381%; height: 28px;\"><span style=\"font-family: times new roman, times, serif; font-size: 10pt;\">51<\/span><\/td>\n<td style=\"text-align: center; width: 9.16668%; height: 28px;\"><span style=\"font-family: times new roman, times, serif; font-size: 10pt;\">24.08.1635<\/span><\/td>\n<td style=\"text-align: justify; width: 59.6429%; height: 28px;\"><span style=\"font-family: times new roman, times, serif; font-size: 10pt;\"><em>Eodem Georg Caspar, Peter Hartings Sohn, begraben worden.<\/em><\/span><\/td>\n<td style=\"width: 26.5476%; height: 28px; text-align: justify;\"><\/td>\n<\/tr>\n<tr style=\"height: 28px;\">\n<td style=\"text-align: center; width: 4.52381%; height: 28px;\"><span style=\"font-family: times new roman, times, serif; font-size: 10pt;\">52<\/span><\/td>\n<td style=\"text-align: center; width: 9.16668%; height: 28px;\"><span style=\"font-family: times new roman, times, serif; font-size: 10pt;\">24.08.1635<\/span><\/td>\n<td style=\"text-align: justify; width: 59.6429%; height: 28px;\"><span style=\"font-family: times new roman, times, serif; font-size: 10pt;\"><em>Eodem Johan Wilhelm, auch Peter Hartings S\u00f6hnlein begraben.<\/em><\/span><\/td>\n<td style=\"width: 26.5476%; height: 28px; text-align: justify;\"><\/td>\n<\/tr>\n<tr style=\"height: 28px;\">\n<td style=\"text-align: center; width: 4.52381%; height: 28px;\"><span style=\"font-family: times new roman, times, serif; font-size: 10pt;\">53<\/span><\/td>\n<td style=\"text-align: center; width: 9.16668%; height: 28px;\"><span style=\"font-family: times new roman, times, serif; font-size: 10pt;\">24.08.1635<\/span><\/td>\n<td style=\"text-align: justify; width: 59.6429%; height: 28px;\"><span style=\"font-family: times new roman, times, serif; font-size: 10pt;\"><em>Eodem Stephan, Philips Ferber\u00df S\u00f6hnlein, begraben worden.<\/em><\/span><\/td>\n<td style=\"width: 26.5476%; height: 28px; text-align: justify;\"><\/td>\n<\/tr>\n<tr style=\"height: 56px;\">\n<td style=\"text-align: center; width: 4.52381%; height: 56px;\"><span style=\"font-family: times new roman, times, serif; font-size: 10pt;\">54<\/span><\/td>\n<td style=\"text-align: center; width: 9.16668%; height: 56px;\"><span style=\"font-family: times new roman, times, serif; font-size: 10pt;\">26.08.1635<\/span><\/td>\n<td style=\"text-align: justify; width: 59.6429%; height: 56px;\"><span style=\"font-family: times new roman, times, serif; font-size: 10pt;\"><em>26 Aug[usti] ist Iohann Christophorus, Melchior Bochels Sohn au\u00dfm Polerhoff begraben worden.<\/em><\/span><\/td>\n<td style=\"width: 26.5476%; height: 56px; text-align: justify;\"><\/td>\n<\/tr>\n<tr style=\"height: 28px;\">\n<td style=\"text-align: center; width: 4.52381%; height: 28px;\"><span style=\"font-family: times new roman, times, serif; font-size: 10pt;\">55<\/span><\/td>\n<td style=\"text-align: center; width: 9.16668%; height: 28px;\"><span style=\"font-family: times new roman, times, serif; font-size: 10pt;\">26.08.1635<\/span><\/td>\n<td style=\"text-align: justify; width: 59.6429%; height: 28px;\"><span style=\"font-family: times new roman, times, serif; font-size: 10pt;\"><em>Eodem Johann, Conrad Ludwigen, eines Soldaten Kind, begraben.<\/em><\/span><\/td>\n<td style=\"width: 26.5476%; height: 28px; text-align: justify;\"><\/td>\n<\/tr>\n<tr style=\"height: 28px;\">\n<td style=\"text-align: center; width: 4.52381%; height: 28px;\"><span style=\"font-family: times new roman, times, serif; font-size: 10pt;\">56<\/span><\/td>\n<td style=\"text-align: center; width: 9.16668%; height: 28px;\"><span style=\"font-family: times new roman, times, serif; font-size: 10pt;\">27.08.1635<\/span><\/td>\n<td style=\"text-align: justify; width: 59.6429%; height: 28px;\"><span style=\"font-family: times new roman, times, serif; font-size: 10pt;\"><em>27ten Aug[usti] ist Maria Catharina, Han\u00df Thorn Enckel, begraben worden.<\/em><\/span><\/td>\n<td style=\"width: 26.5476%; height: 28px; text-align: justify;\"><\/td>\n<\/tr>\n<tr style=\"height: 28px;\">\n<td style=\"text-align: center; width: 4.52381%; height: 28px;\"><span style=\"font-family: times new roman, times, serif; font-size: 10pt;\">57<\/span><\/td>\n<td style=\"text-align: center; width: 9.16668%; height: 28px;\"><span style=\"font-family: times new roman, times, serif; font-size: 10pt;\">27.08.1635<\/span><\/td>\n<td style=\"text-align: justify; width: 59.6429%; height: 28px;\"><span style=\"font-family: times new roman, times, serif; font-size: 10pt;\"><em>Eodem Fridericus Anthonius, Pottenpeter\u00df <\/em>[?]<em>, eines Soldaten, Kind, begraben worden.<\/em><\/span><\/td>\n<td style=\"width: 26.5476%; height: 28px; text-align: justify;\"><\/td>\n<\/tr>\n<tr style=\"height: 28px;\">\n<td style=\"text-align: center; width: 4.52381%; height: 28px;\"><span style=\"font-family: times new roman, times, serif; font-size: 10pt;\">58<\/span><\/td>\n<td style=\"text-align: center; width: 9.16668%; height: 28px;\"><span style=\"font-family: times new roman, times, serif; font-size: 10pt;\">28.08.1635<\/span><\/td>\n<td style=\"text-align: justify; width: 59.6429%; height: 28px;\"><span style=\"font-family: times new roman, times, serif; font-size: 10pt;\"><em>28ten Aug[usti] ist Anna Margretha Hunckels begraben, Stephan Hunckel\u00df s[elig] Enckel.<\/em><\/span><\/td>\n<td style=\"width: 26.5476%; height: 28px; text-align: justify;\"><\/td>\n<\/tr>\n<tr style=\"height: 56px;\">\n<td style=\"text-align: center; width: 4.52381%; height: 56px;\"><span style=\"font-family: times new roman, times, serif; font-size: 10pt;\">59<\/span><\/td>\n<td style=\"text-align: center; width: 9.16668%; height: 56px;\"><span style=\"font-family: times new roman, times, serif; font-size: 10pt;\">28.08.1635<\/span><\/td>\n<td style=\"text-align: justify; width: 59.6429%; height: 56px;\"><span style=\"font-family: times new roman, times, serif; font-size: 10pt;\"><em>Eodem ist Henrich Zei\u00dfen Sohnlein Burckardus von Winningen begraben worden.<\/em><\/span><\/td>\n<td style=\"width: 26.5476%; height: 56px; text-align: justify;\"><span style=\"font-family: times new roman, times, serif; font-size: 10pt;\">Winningen (Lkr. Mayen-Koblenz)<\/span><\/td>\n<\/tr>\n<tr style=\"height: 28px;\">\n<td style=\"text-align: center; width: 4.52381%; height: 28px;\"><span style=\"font-family: times new roman, times, serif; font-size: 10pt;\">60<\/span><\/td>\n<td style=\"text-align: center; width: 9.16668%; height: 28px;\"><span style=\"font-family: times new roman, times, serif; font-size: 10pt;\">28.08.1635<\/span><\/td>\n<td style=\"text-align: justify; width: 59.6429%; height: 28px;\"><span style=\"font-family: times new roman, times, serif; font-size: 10pt;\"><em>Eodem Anna, Arnolds Reu\u00dfner\u00df Frau von Winningen begraben.<\/em><\/span><\/td>\n<td style=\"width: 26.5476%; height: 28px; text-align: justify;\"><\/td>\n<\/tr>\n<tr style=\"height: 56px;\">\n<td style=\"text-align: center; width: 4.52381%; height: 56px;\"><span style=\"font-family: times new roman, times, serif; font-size: 10pt;\">61<\/span><\/td>\n<td style=\"text-align: center; width: 9.16668%; height: 56px;\"><span style=\"font-family: times new roman, times, serif; font-size: 10pt;\">28.08.1635<\/span><\/td>\n<td style=\"text-align: justify; width: 59.6429%; height: 56px;\"><span style=\"font-family: times new roman, times, serif; font-size: 10pt;\"><em>Eodem Han\u00df Adam, Arnold Schunks Sohnlein von Millen begraben worden.<\/em><\/span><\/td>\n<td style=\"width: 26.5476%; height: 56px; text-align: justify;\"><span style=\"font-family: times new roman, times, serif; font-size: 10pt;\">Miehlen (VG Nast\u00e4tten, EMS)<\/span><\/td>\n<\/tr>\n<tr style=\"height: 56px;\">\n<td style=\"text-align: center; width: 4.52381%; height: 56px;\"><span style=\"font-family: times new roman, times, serif; font-size: 10pt;\">62<\/span><\/td>\n<td style=\"text-align: center; width: 9.16668%; height: 56px;\"><span style=\"font-family: times new roman, times, serif; font-size: 10pt;\">29.08.1635<\/span><\/td>\n<td style=\"text-align: justify; width: 59.6429%; height: 56px;\"><span style=\"font-family: times new roman, times, serif; font-size: 10pt;\"><em>29ten Aug[usti] ward begraben Philips, Herrn Johan Pistoris, Pfarrers zue Daxenhau\u00dfen, Sohnlein.<\/em><\/span><\/td>\n<td style=\"width: 26.5476%; height: 56px; text-align: justify;\"><span style=\"font-family: times new roman, times, serif; font-size: 10pt;\">Dachsenhausen (VG Loreley, EMS)<\/span><\/td>\n<\/tr>\n<tr style=\"height: 28px;\">\n<td style=\"text-align: center; width: 4.52381%; height: 28px;\"><span style=\"font-family: times new roman, times, serif; font-size: 10pt;\">63<\/span><\/td>\n<td style=\"text-align: center; width: 9.16668%; height: 28px;\"><span style=\"font-family: times new roman, times, serif; font-size: 10pt;\">29.08.1635<\/span><\/td>\n<td style=\"text-align: justify; width: 59.6429%; height: 28px;\"><span style=\"font-family: times new roman, times, serif; font-size: 10pt;\"><em>Eodem Ann Eyd <\/em>[?]<em>, Johannis Purren Dochterlein, begraben.<\/em><\/span><\/td>\n<td style=\"width: 26.5476%; height: 28px; text-align: justify;\"><\/td>\n<\/tr>\n<tr style=\"height: 56px;\">\n<td style=\"text-align: center; width: 4.52381%; height: 56px;\"><span style=\"font-family: times new roman, times, serif; font-size: 10pt;\">64<\/span><\/td>\n<td style=\"text-align: center; width: 9.16668%; height: 56px;\"><span style=\"font-family: times new roman, times, serif; font-size: 10pt;\">30.08.1635<\/span><\/td>\n<td style=\"text-align: justify; width: 59.6429%; height: 56px;\"><span style=\"font-family: times new roman, times, serif; font-size: 10pt;\"><em>30 Aug[usti] ist Han\u00df Peter, Philips Krechler\u00df Sohn, eines Soldaten alhier, begraben, sonst Burger von Bacharach <\/em>[?]<\/span><\/td>\n<td style=\"width: 26.5476%; height: 56px; text-align: justify;\"><span style=\"font-family: times new roman, times, serif; font-size: 10pt;\">Bacharach [?] (Lkr. Mainz-Bingen)<\/span><\/td>\n<\/tr>\n<tr style=\"height: 28px;\">\n<td style=\"text-align: center; width: 4.52381%; height: 28px;\"><span style=\"font-family: times new roman, times, serif; font-size: 10pt;\">65<\/span><\/td>\n<td style=\"text-align: center; width: 9.16668%; height: 28px;\"><span style=\"font-family: times new roman, times, serif; font-size: 10pt;\">30.08.1635<\/span><\/td>\n<td style=\"text-align: justify; width: 59.6429%; height: 28px;\"><span style=\"font-family: times new roman, times, serif; font-size: 10pt;\"><em>Eodem Johannes, Johannis Hainer\u00df Sohnlein, begraben.<\/em><\/span><\/td>\n<td style=\"width: 26.5476%; height: 28px; text-align: justify;\"><\/td>\n<\/tr>\n<tr style=\"height: 28px;\">\n<td style=\"text-align: center; width: 4.52381%; height: 28px;\"><span style=\"font-family: times new roman, times, serif; font-size: 10pt;\">66<\/span><\/td>\n<td style=\"text-align: center; width: 9.16668%; height: 28px;\"><span style=\"font-family: times new roman, times, serif; font-size: 10pt;\">30.08.1635<\/span><\/td>\n<td style=\"text-align: justify; width: 59.6429%; height: 28px;\"><span style=\"font-family: times new roman, times, serif; font-size: 10pt;\"><em>Maria, Han\u00df Leppen s[elig] Widwe, begraben.<\/em><\/span><\/td>\n<td style=\"width: 26.5476%; height: 28px; text-align: justify;\"><\/td>\n<\/tr>\n<tr style=\"height: 28px;\">\n<td style=\"text-align: center; width: 4.52381%; height: 28px;\"><span style=\"font-family: times new roman, times, serif; font-size: 10pt;\">67<\/span><\/td>\n<td style=\"text-align: center; width: 9.16668%; height: 28px;\"><span style=\"font-family: times new roman, times, serif; font-size: 10pt;\">30.08.1635<\/span><\/td>\n<td style=\"text-align: justify; width: 59.6429%; height: 28px;\"><span style=\"font-family: times new roman, times, serif; font-size: 10pt;\"><em>Eodem Johannes Saffenberg begraben worden.<\/em><\/span><\/td>\n<td style=\"width: 26.5476%; height: 28px; text-align: justify;\"><\/td>\n<\/tr>\n<tr style=\"height: 56px;\">\n<td style=\"text-align: center; width: 4.52381%; height: 56px;\"><span style=\"font-family: times new roman, times, serif; font-size: 10pt;\">68<\/span><\/td>\n<td style=\"text-align: center; width: 9.16668%; height: 56px;\"><span style=\"font-family: times new roman, times, serif; font-size: 10pt;\">01.09.1635<\/span><\/td>\n<td style=\"text-align: justify; width: 59.6429%; height: 56px;\"><span style=\"font-family: times new roman, times, serif; font-size: 10pt;\"><em>1ten Sept[embris] ist Sebastian Philips, Sebastian Philipsen, eines Soldaten Sohn alhier, sonsten Burger\u00df von Bacharach, begraben worden.<\/em><\/span><\/td>\n<td style=\"width: 26.5476%; height: 56px; text-align: justify;\"><span style=\"font-family: times new roman, times, serif; font-size: 10pt;\">Bacharach (Lkr. Mainz-Bingen)<\/span><\/td>\n<\/tr>\n<tr style=\"height: 56px;\">\n<td style=\"text-align: center; width: 4.52381%; height: 56px;\"><span style=\"font-family: times new roman, times, serif; font-size: 10pt;\">69<\/span><\/td>\n<td style=\"text-align: center; width: 9.16668%; height: 56px;\"><span style=\"font-family: times new roman, times, serif; font-size: 10pt;\">02.09.1635<\/span><\/td>\n<td style=\"text-align: justify; width: 59.6429%; height: 56px;\"><span style=\"font-family: times new roman, times, serif; font-size: 10pt;\"><em>2ten Sept[embris] hat Philips S\u00f6ller von Gemerick ein Kind begraben lassen, so tod auff die Welt kommen.<\/em><\/span><\/td>\n<td style=\"width: 26.5476%; height: 56px; text-align: justify;\"><span style=\"font-family: times new roman, times, serif; font-size: 10pt;\">Gemmerich (VG Nast\u00e4tten, EMS)<\/span><\/td>\n<\/tr>\n<tr style=\"height: 56px;\">\n<td style=\"text-align: center; width: 4.52381%; height: 56px;\"><span style=\"font-family: times new roman, times, serif; font-size: 10pt;\">70<\/span><\/td>\n<td style=\"text-align: center; width: 9.16668%; height: 56px;\"><span style=\"font-family: times new roman, times, serif; font-size: 10pt;\">02.09.1635<\/span><\/td>\n<td style=\"text-align: justify; width: 59.6429%; height: 56px;\"><span style=\"font-family: times new roman, times, serif; font-size: 10pt;\"><em>Eodem Anna Maria begraben worden, ein Magdlein von Naste&lt;tten&gt;, Hunckel\u00df s[elig] Enckel, so Han\u00df Lehman erzog.<\/em><\/span><\/td>\n<td style=\"width: 26.5476%; height: 56px; text-align: justify;\"><span style=\"font-family: times new roman, times, serif; font-size: 10pt;\">Nast\u00e4tten (EMS)<\/span><\/td>\n<\/tr>\n<tr style=\"height: 28px;\">\n<td style=\"text-align: center; width: 4.52381%; height: 28px;\"><span style=\"font-family: times new roman, times, serif; font-size: 10pt;\">71<\/span><\/td>\n<td style=\"text-align: center; width: 9.16668%; height: 28px;\"><span style=\"font-family: times new roman, times, serif; font-size: 10pt;\">02.09.1635<\/span><\/td>\n<td style=\"text-align: justify; width: 59.6429%; height: 28px;\"><span style=\"font-family: times new roman, times, serif; font-size: 10pt;\"><em>Eodem Johan Henrich, Johannis P\u00fcrren S\u00f6hnlein, begraben worden.<\/em><\/span><\/td>\n<td style=\"width: 26.5476%; height: 28px; text-align: justify;\"><\/td>\n<\/tr>\n<tr style=\"height: 28px;\">\n<td style=\"text-align: center; width: 4.52381%; height: 28px;\"><span style=\"font-family: times new roman, times, serif; font-size: 10pt;\">72<\/span><\/td>\n<td style=\"text-align: center; width: 9.16668%; height: 28px;\"><span style=\"font-family: times new roman, times, serif; font-size: 10pt;\">02.09.1635<\/span><\/td>\n<td style=\"text-align: justify; width: 59.6429%; height: 28px;\"><span style=\"font-family: times new roman, times, serif; font-size: 10pt;\"><em>Eodem Jacob Schmidtt, ein Man von Bodenheim, bey Oppenheimb gelegen, begraben worden.<\/em><\/span><\/td>\n<td style=\"width: 26.5476%; height: 28px; text-align: justify;\"><span style=\"font-family: times new roman, times, serif; font-size: 10pt;\">Bodenheim (Lkr. Mainz-Bingen)<\/span><\/td>\n<\/tr>\n<tr style=\"height: 28px;\">\n<td style=\"text-align: center; width: 4.52381%; height: 28px;\"><span style=\"font-family: times new roman, times, serif; font-size: 10pt;\">73<\/span><\/td>\n<td style=\"text-align: center; width: 9.16668%; height: 28px;\"><span style=\"font-family: times new roman, times, serif; font-size: 10pt;\">03.09.1635<\/span><\/td>\n<td style=\"text-align: justify; width: 59.6429%; height: 28px;\"><span style=\"font-family: times new roman, times, serif; font-size: 10pt;\"><em>3ten Sept[embris] ist Johannes, Velten Selters Sohn, begraben worden.<\/em><\/span><\/td>\n<td style=\"width: 26.5476%; height: 28px; text-align: justify;\"><\/td>\n<\/tr>\n<tr style=\"height: 28px;\">\n<td style=\"text-align: center; width: 4.52381%; height: 28px;\"><span style=\"font-family: times new roman, times, serif; font-size: 10pt;\">74<\/span><\/td>\n<td style=\"text-align: center; width: 9.16668%; height: 28px;\"><span style=\"font-family: times new roman, times, serif; font-size: 10pt;\">03.09.1635<\/span><\/td>\n<td style=\"text-align: justify; width: 59.6429%; height: 28px;\"><span style=\"font-family: times new roman, times, serif; font-size: 10pt;\"><em>Eodem Han\u00df, Jacob M\u00f6tters Sohn von Daxenhau\u00dfen begraben worden.<\/em><\/span><\/td>\n<td style=\"width: 26.5476%; height: 28px; text-align: justify;\"><\/td>\n<\/tr>\n<tr style=\"height: 28px;\">\n<td style=\"text-align: center; width: 4.52381%; height: 28px;\"><span style=\"font-family: times new roman, times, serif; font-size: 10pt;\">75<\/span><\/td>\n<td style=\"text-align: center; width: 9.16668%; height: 28px;\"><span style=\"font-family: times new roman, times, serif; font-size: 10pt;\">04.09.1635<\/span><\/td>\n<td style=\"text-align: justify; width: 59.6429%; height: 28px;\"><span style=\"font-family: times new roman, times, serif; font-size: 10pt;\"><em>4ten Sept[embris] ist Adam, Jacob M\u00f6tter\u00df Sohn von Daxenhau\u00dfen begraben worden.<\/em><\/span><\/td>\n<td style=\"width: 26.5476%; height: 28px; text-align: justify;\"><\/td>\n<\/tr>\n<tr style=\"height: 56px;\">\n<td style=\"text-align: center; width: 4.52381%; height: 56px;\"><span style=\"font-family: times new roman, times, serif; font-size: 10pt;\">76<\/span><\/td>\n<td style=\"text-align: center; width: 9.16668%; height: 56px;\"><span style=\"font-family: times new roman, times, serif; font-size: 10pt;\">06.09.1635<\/span><\/td>\n<td style=\"text-align: justify; width: 59.6429%; height: 56px;\"><span style=\"font-family: times new roman, times, serif; font-size: 10pt;\"><em>6ten Sept[embris] ist Anna, Philips Stielen Dochter, begraben Nederburg, ist ein trierisch Dorff vnd der Man ein Soldat alhier gewesen vnder Hern Leutnant Fausten.<\/em><\/span><\/td>\n<td style=\"width: 26.5476%; height: 56px; text-align: justify;\"><span style=\"font-family: times new roman, times, serif; font-size: 10pt;\"><em>Nederburg, ein trierisches Dorf<\/em><\/span><\/td>\n<\/tr>\n<tr style=\"height: 56px;\">\n<td style=\"text-align: center; width: 4.52381%; height: 56px;\"><span style=\"font-family: times new roman, times, serif; font-size: 10pt;\">77<\/span><\/td>\n<td style=\"text-align: center; width: 9.16668%; height: 56px;\"><span style=\"font-family: times new roman, times, serif; font-size: 10pt;\">06.09.1635<\/span><\/td>\n<td style=\"text-align: justify; width: 59.6429%; height: 56px;\"><span style=\"font-family: times new roman, times, serif; font-size: 10pt;\"><em>Eodem Anna Margretha, Han\u00df Schmidts Dochterlein von Daxenhau\u00dfen begraben worden.<\/em><\/span><\/td>\n<td style=\"width: 26.5476%; height: 56px; text-align: justify;\"><span style=\"font-family: times new roman, times, serif; font-size: 10pt;\">Dachsenhausen (VG Loreley, EMS)<\/span><\/td>\n<\/tr>\n<tr style=\"height: 28px;\">\n<td style=\"text-align: center; width: 4.52381%; height: 28px;\"><span style=\"font-family: times new roman, times, serif; font-size: 10pt;\">78<\/span><\/td>\n<td style=\"text-align: center; width: 9.16668%; height: 28px;\"><span style=\"font-family: times new roman, times, serif; font-size: 10pt;\">07.09.1635<\/span><\/td>\n<td style=\"text-align: justify; width: 59.6429%; height: 28px;\"><span style=\"font-family: times new roman, times, serif; font-size: 10pt;\"><em>7ten Sept[embris] ist Catharina, Henrich Friedgen Frau, begraben.<\/em><\/span><\/td>\n<td style=\"width: 26.5476%; height: 28px; text-align: justify;\"><\/td>\n<\/tr>\n<tr style=\"height: 84px;\">\n<td style=\"text-align: center; width: 4.52381%; height: 84px;\"><span style=\"font-family: times new roman, times, serif; font-size: 10pt;\">79<\/span><\/td>\n<td style=\"text-align: center; width: 9.16668%; height: 84px;\"><span style=\"font-family: times new roman, times, serif; font-size: 10pt;\">08.09.1635<\/span><\/td>\n<td style=\"text-align: justify; width: 59.6429%; height: 84px;\"><span style=\"font-family: times new roman, times, serif; font-size: 10pt;\"><em>8ten Sept[embris] ist dem Feldwebel ein Kind begraben, hab mir Namen nit weissen konnen; ist gestorben in meinem Abwesen; ist mir der Name noch zukommen: der Vatter hei\u00dfet Peter Greff, Burger sonsten von Bacharach: der Verstorbene hat geheissen Jacob Wilhelm.<\/em><\/span><\/td>\n<td style=\"width: 26.5476%; height: 84px; text-align: justify;\"><span style=\"font-family: times new roman, times, serif; font-size: 10pt;\">Bacharach (Lkr. Mainz-Bingen)<\/span><\/td>\n<\/tr>\n<tr style=\"height: 28px;\">\n<td style=\"text-align: center; width: 4.52381%; height: 28px;\"><span style=\"font-family: times new roman, times, serif; font-size: 10pt;\">80<\/span><\/td>\n<td style=\"text-align: center; width: 9.16668%; height: 28px;\"><span style=\"font-family: times new roman, times, serif; font-size: 10pt;\">08.09.1635<\/span><\/td>\n<td style=\"text-align: justify; width: 59.6429%; height: 28px;\"><span style=\"font-family: times new roman, times, serif; font-size: 10pt;\"><em>Eodem Han\u00df Schmids Dochter Anna Elisabeth begraben worden.<\/em><\/span><\/td>\n<td style=\"width: 26.5476%; height: 28px; text-align: justify;\"><\/td>\n<\/tr>\n<tr style=\"height: 56px;\">\n<td style=\"text-align: center; width: 4.52381%; height: 56px;\"><span style=\"font-family: times new roman, times, serif; font-size: 10pt;\">81<\/span><\/td>\n<td style=\"text-align: center; width: 9.16668%; height: 56px;\"><span style=\"font-family: times new roman, times, serif; font-size: 10pt;\">09.09.1635<\/span><\/td>\n<td style=\"text-align: justify; width: 59.6429%; height: 56px;\"><span style=\"font-family: times new roman, times, serif; font-size: 10pt;\"><em>9ten Sept[embris] ist Anna Judith, Philipsen Winterwerben von Gemerick Dochter, begraben worden.<\/em><\/span><\/td>\n<td style=\"width: 26.5476%; height: 56px; text-align: justify;\"><span style=\"font-family: times new roman, times, serif; font-size: 10pt;\">Gemmerich (VG Nast\u00e4tten, EMS)<\/span><\/td>\n<\/tr>\n<tr style=\"height: 28px;\">\n<td style=\"text-align: center; width: 4.52381%; height: 28px;\"><span style=\"font-family: times new roman, times, serif; font-size: 10pt;\">82<\/span><\/td>\n<td style=\"text-align: center; width: 9.16668%; height: 28px;\"><span style=\"font-family: times new roman, times, serif; font-size: 10pt;\">09.09.1635<\/span><\/td>\n<td style=\"text-align: justify; width: 59.6429%; height: 28px;\"><span style=\"font-family: times new roman, times, serif; font-size: 10pt;\"><em>Eodem Johannet Elisabeth, Peter Langschieds Tochterlein, begraben worden.<\/em><\/span><\/td>\n<td style=\"width: 26.5476%; height: 28px; text-align: justify;\"><\/td>\n<\/tr>\n<tr style=\"height: 28px;\">\n<td style=\"text-align: center; width: 4.52381%; height: 28px;\"><span style=\"font-family: times new roman, times, serif; font-size: 10pt;\">83<\/span><\/td>\n<td style=\"text-align: center; width: 9.16668%; height: 28px;\"><span style=\"font-family: times new roman, times, serif; font-size: 10pt;\">09.09.1635<\/span><\/td>\n<td style=\"text-align: justify; width: 59.6429%; height: 28px;\"><span style=\"font-family: times new roman, times, serif; font-size: 10pt;\"><em>Eodem Johan Eberdt, Johannis Saffenberger\u00df s[elig] Sohn, begraben worden.<\/em><\/span><\/td>\n<td style=\"width: 26.5476%; height: 28px; text-align: justify;\"><\/td>\n<\/tr>\n<tr style=\"height: 28px;\">\n<td style=\"text-align: center; width: 4.52381%; height: 28px;\"><span style=\"font-family: times new roman, times, serif; font-size: 10pt;\">84<\/span><\/td>\n<td style=\"text-align: center; width: 9.16668%; height: 28px;\"><span style=\"font-family: times new roman, times, serif; font-size: 10pt;\">09.09.1635<\/span><\/td>\n<td style=\"text-align: justify; width: 59.6429%; height: 28px;\"><span style=\"font-family: times new roman, times, serif; font-size: 10pt;\"><em>Eodem Anna Catharina, Andre\u00e6 Meurer\u00df Dochterlein begraben.<\/em><\/span><\/td>\n<td style=\"width: 26.5476%; height: 28px; text-align: justify;\"><\/td>\n<\/tr>\n<tr style=\"height: 56px;\">\n<td style=\"text-align: center; width: 4.52381%; height: 56px;\"><span style=\"font-family: times new roman, times, serif; font-size: 10pt;\">85<\/span><\/td>\n<td style=\"text-align: center; width: 9.16668%; height: 56px;\"><span style=\"font-family: times new roman, times, serif; font-size: 10pt;\">10.09.1635<\/span><\/td>\n<td style=\"text-align: justify; width: 59.6429%; height: 56px;\"><span style=\"font-family: times new roman, times, serif; font-size: 10pt;\"><em>10ten Sept[embris] Sebastian Philips, ein Soldat vnder Herrn Leutenant Fausten, sonsten Burger von Bacharach, begraben.<\/em><\/span><\/td>\n<td style=\"width: 26.5476%; height: 56px; text-align: justify;\"><span style=\"font-family: times new roman, times, serif; font-size: 10pt;\">Bacharach (Lkr. Mainz-Bingen)<\/span><\/td>\n<\/tr>\n<tr style=\"height: 56px;\">\n<td style=\"text-align: center; width: 4.52381%; height: 56px;\"><span style=\"font-family: times new roman, times, serif; font-size: 10pt;\">86<\/span><\/td>\n<td style=\"text-align: center; width: 9.16668%; height: 56px;\"><span style=\"font-family: times new roman, times, serif; font-size: 10pt;\">10.09.1635<\/span><\/td>\n<td style=\"text-align: justify; width: 59.6429%; height: 56px;\"><span style=\"font-family: times new roman, times, serif; font-size: 10pt;\"><em>Eodem Lenhard Monav, de\u00df Welschen Dochterlein von Bacheimb, Maria genand, begraben worden.<\/em><\/span><\/td>\n<td style=\"width: 26.5476%; height: 56px; text-align: justify;\"><span style=\"font-family: times new roman, times, serif; font-size: 10pt;\">Bachheim (VG Nast\u00e4tten, EMS)<\/span><\/td>\n<\/tr>\n<tr style=\"height: 56px;\">\n<td style=\"text-align: center; width: 4.52381%; height: 56px;\"><span style=\"font-family: times new roman, times, serif; font-size: 10pt;\">87<\/span><\/td>\n<td style=\"text-align: center; width: 9.16668%; height: 56px;\"><span style=\"font-family: times new roman, times, serif; font-size: 10pt;\">11.09.1635<\/span><\/td>\n<td style=\"text-align: justify; width: 59.6429%; height: 56px;\"><span style=\"font-family: times new roman, times, serif; font-size: 10pt;\"><em>11ten Sept[embris] ist Peter, Theissen Philipsen Sohn von Gemmerick, begraben worden.<\/em><\/span><\/td>\n<td style=\"width: 26.5476%; height: 56px; text-align: justify;\"><span style=\"font-family: times new roman, times, serif; font-size: 10pt;\">Gemmerich (VG Nast\u00e4tten, EMS)<\/span><\/td>\n<\/tr>\n<tr style=\"height: 56px;\">\n<td style=\"text-align: center; width: 4.52381%; height: 56px;\"><span style=\"font-family: times new roman, times, serif; font-size: 10pt;\">88<\/span><\/td>\n<td style=\"text-align: center; width: 9.16668%; height: 56px;\"><span style=\"font-family: times new roman, times, serif; font-size: 10pt;\">11.09.1635<\/span><\/td>\n<td style=\"text-align: justify; width: 59.6429%; height: 56px;\"><span style=\"font-family: times new roman, times, serif; font-size: 10pt;\"><em>Eodem Anna Margretha, Han\u00df Conrad Siegpards Dochter von Winningen, Gerichtschreiber\u00df, begraben.<\/em><\/span><\/td>\n<td style=\"width: 26.5476%; height: 56px; text-align: justify;\"><span style=\"font-family: times new roman, times, serif; font-size: 10pt;\">Winningen (Lkr. Mayen-Koblenz)<\/span><\/td>\n<\/tr>\n<tr style=\"height: 56px;\">\n<td style=\"text-align: center; width: 4.52381%; height: 56px;\"><span style=\"font-family: times new roman, times, serif; font-size: 10pt;\">89<\/span><\/td>\n<td style=\"text-align: center; width: 9.16668%; height: 56px;\"><span style=\"font-family: times new roman, times, serif; font-size: 10pt;\">12.09.1635<\/span><\/td>\n<td style=\"text-align: justify; width: 59.6429%; height: 56px;\"><span style=\"font-family: times new roman, times, serif; font-size: 10pt;\"><em>12ten Sept[embris] ist Martha Catharina, Christoffel Ludwigen Lutzen Dochterlein, begraben worden.<\/em><\/span><\/td>\n<td style=\"width: 26.5476%; height: 56px; text-align: justify;\"><\/td>\n<\/tr>\n<tr style=\"height: 28px;\">\n<td style=\"text-align: center; width: 4.52381%; height: 28px;\"><span style=\"font-family: times new roman, times, serif; font-size: 10pt;\">90<\/span><\/td>\n<td style=\"text-align: center; width: 9.16668%; height: 28px;\"><span style=\"font-family: times new roman, times, serif; font-size: 10pt;\">13.09.1635<\/span><\/td>\n<td style=\"text-align: justify; width: 59.6429%; height: 28px;\"><span style=\"font-family: times new roman, times, serif; font-size: 10pt;\"><em>13ten Sept[embris] ist Gertraut Siegpardin, die alte Vogtin von Winningen, begraben worden.<\/em><\/span><\/td>\n<td style=\"width: 26.5476%; height: 28px; text-align: justify;\"><\/td>\n<\/tr>\n<tr style=\"height: 28px;\">\n<td style=\"text-align: center; width: 4.52381%; height: 28px;\"><span style=\"font-family: times new roman, times, serif; font-size: 10pt;\">91<\/span><\/td>\n<td style=\"text-align: center; width: 9.16668%; height: 28px;\"><span style=\"font-family: times new roman, times, serif; font-size: 10pt;\">14.09.1635<\/span><\/td>\n<td style=\"text-align: justify; width: 59.6429%; height: 28px;\"><span style=\"font-family: times new roman, times, serif; font-size: 10pt;\"><em>14ten Sept[embris] ist Anna Maria, Peter Hartings Dochterlein, begraben worden.<\/em><\/span><\/td>\n<td style=\"width: 26.5476%; height: 28px; text-align: justify;\"><\/td>\n<\/tr>\n<tr style=\"height: 28px;\">\n<td style=\"text-align: center; width: 4.52381%; height: 28px;\"><span style=\"font-family: times new roman, times, serif; font-size: 10pt;\">92<\/span><\/td>\n<td style=\"text-align: center; width: 9.16668%; height: 28px;\"><span style=\"font-family: times new roman, times, serif; font-size: 10pt;\">16.09.1635<\/span><\/td>\n<td style=\"text-align: justify; width: 59.6429%; height: 28px;\"><span style=\"font-family: times new roman, times, serif; font-size: 10pt;\"><em>16ten Sept[embris] Anna Margretha, Johannis Hain\u00df Dochter, begraben worden.<\/em><\/span><\/td>\n<td style=\"width: 26.5476%; height: 28px; text-align: justify;\"><\/td>\n<\/tr>\n<tr style=\"height: 28px;\">\n<td style=\"text-align: center; width: 4.52381%; height: 28px;\"><span style=\"font-family: times new roman, times, serif; font-size: 10pt;\">93<\/span><\/td>\n<td style=\"text-align: center; width: 9.16668%; height: 28px;\"><span style=\"font-family: times new roman, times, serif; font-size: 10pt;\">16.09.1635<\/span><\/td>\n<td style=\"text-align: justify; width: 59.6429%; height: 28px;\"><span style=\"font-family: times new roman, times, serif; font-size: 10pt;\"><em>Eodem ist Han\u00df Donges, dem Kuehirten, ein Dochter begraben worden, Catharina.<\/em><\/span><\/td>\n<td style=\"width: 26.5476%; height: 28px; text-align: justify;\"><\/td>\n<\/tr>\n<tr style=\"height: 28px;\">\n<td style=\"text-align: center; width: 4.52381%; height: 28px;\"><span style=\"font-family: times new roman, times, serif; font-size: 10pt;\">94<\/span><\/td>\n<td style=\"text-align: center; width: 9.16668%; height: 28px;\"><span style=\"font-family: times new roman, times, serif; font-size: 10pt;\">16.09.1635<\/span><\/td>\n<td style=\"text-align: justify; width: 59.6429%; height: 28px;\"><span style=\"font-family: times new roman, times, serif; font-size: 10pt;\"><em>Eodem Han\u00df Henrich, Henrich Weigand s[elig] Sohn, begraben worden.<\/em><\/span><\/td>\n<td style=\"width: 26.5476%; height: 28px; text-align: justify;\"><\/td>\n<\/tr>\n<tr style=\"height: 28px;\">\n<td style=\"text-align: center; width: 4.52381%; height: 28px;\"><span style=\"font-family: times new roman, times, serif; font-size: 10pt;\">95<\/span><\/td>\n<td style=\"text-align: center; width: 9.16668%; height: 28px;\"><span style=\"font-family: times new roman, times, serif; font-size: 10pt;\">18.09.1635<\/span><\/td>\n<td style=\"text-align: justify; width: 59.6429%; height: 28px;\"><span style=\"font-family: times new roman, times, serif; font-size: 10pt;\"><em>18ten Sept[embris] ward Henrich, Johannis Hainer\u00df Sohn, begraben; obiit peste.<\/em><\/span><\/td>\n<td style=\"width: 26.5476%; height: 28px; text-align: justify;\"><\/td>\n<\/tr>\n<tr style=\"height: 56px;\">\n<td style=\"text-align: center; width: 4.52381%; height: 56px;\"><span style=\"font-family: times new roman, times, serif; font-size: 10pt;\">96<\/span><\/td>\n<td style=\"text-align: center; width: 9.16668%; height: 56px;\"><span style=\"font-family: times new roman, times, serif; font-size: 10pt;\">18.09.1635<\/span><\/td>\n<td style=\"text-align: justify; width: 59.6429%; height: 56px;\"><span style=\"font-family: times new roman, times, serif; font-size: 10pt;\"><em>Eodem ist Catharina, Adam Schmidts Tochter von Oberbacheimb, begraben worden.<\/em><\/span><\/td>\n<td style=\"width: 26.5476%; height: 56px; text-align: justify;\"><span style=\"font-family: times new roman, times, serif; font-size: 10pt;\">Oberbachheim (VG Nast\u00e4tten, EMS)<\/span><\/td>\n<\/tr>\n<tr style=\"height: 28px;\">\n<td style=\"text-align: center; width: 4.52381%; height: 28px;\"><span style=\"font-family: times new roman, times, serif; font-size: 10pt;\">97<\/span><\/td>\n<td style=\"text-align: center; width: 9.16668%; height: 28px;\"><span style=\"font-family: times new roman, times, serif; font-size: 10pt;\">21.09.1635<\/span><\/td>\n<td style=\"text-align: justify; width: 59.6429%; height: 28px;\"><span style=\"font-family: times new roman, times, serif; font-size: 10pt;\"><em>21ten Sept[embris] ist Philips Beulig begraben worden; obiit peste.<\/em><\/span><\/td>\n<td style=\"width: 26.5476%; height: 28px; text-align: justify;\"><\/td>\n<\/tr>\n<tr style=\"height: 56px;\">\n<td style=\"text-align: center; width: 4.52381%; height: 56px;\"><span style=\"font-family: times new roman, times, serif; font-size: 10pt;\">98<\/span><\/td>\n<td style=\"text-align: center; width: 9.16668%; height: 56px;\"><span style=\"font-family: times new roman, times, serif; font-size: 10pt;\">21.09.1635<\/span><\/td>\n<td style=\"text-align: justify; width: 59.6429%; height: 56px;\"><span style=\"font-family: times new roman, times, serif; font-size: 10pt;\"><em>Eodem ist Margreth, Johannis Hainer\u00df Magd begraben worden, ist von Dausenaw gewesen; obiit peste.<\/em><\/span><\/td>\n<td style=\"width: 26.5476%; height: 56px; text-align: justify;\"><span style=\"font-family: times new roman, times, serif; font-size: 10pt;\">Dausenau (VG Bad Ems-Nassau, EMS)<\/span><\/td>\n<\/tr>\n<tr style=\"height: 56px;\">\n<td style=\"text-align: center; width: 4.52381%; height: 56px;\"><span style=\"font-family: times new roman, times, serif; font-size: 10pt;\">99<\/span><\/td>\n<td style=\"text-align: center; width: 9.16668%; height: 56px;\"><span style=\"font-family: times new roman, times, serif; font-size: 10pt;\">22.09.1635<\/span><\/td>\n<td style=\"text-align: justify; width: 59.6429%; height: 56px;\"><span style=\"font-family: times new roman, times, serif; font-size: 10pt;\"><em>22ten Sept[embris] ist Gerhards Donges Catharina von Kelbach<\/em> [?]<em> begraben worden.<\/em><\/span><\/td>\n<td style=\"width: 26.5476%; height: 56px; text-align: justify;\"><span style=\"font-family: times new roman, times, serif; font-size: 10pt;\">Kehlbach ? (VG Nast\u00e4tten, EMS)<\/span><\/td>\n<\/tr>\n<tr style=\"height: 28px;\">\n<td style=\"text-align: center; width: 4.52381%; height: 28px;\"><span style=\"font-family: times new roman, times, serif; font-size: 10pt;\">100<\/span><\/td>\n<td style=\"text-align: center; width: 9.16668%; height: 28px;\"><span style=\"font-family: times new roman, times, serif; font-size: 10pt;\">23.09.1635<\/span><\/td>\n<td style=\"text-align: justify; width: 59.6429%; height: 28px;\"><span style=\"font-family: times new roman, times, serif; font-size: 10pt;\"><em>23ten Sept[embris] Georg Bernhamer begraben worden; peste.<\/em><\/span><\/td>\n<td style=\"width: 26.5476%; height: 28px; text-align: justify;\"><\/td>\n<\/tr>\n<tr style=\"height: 28px;\">\n<td style=\"text-align: center; width: 4.52381%; height: 28px;\"><span style=\"font-family: times new roman, times, serif; font-size: 10pt;\">101<\/span><\/td>\n<td style=\"text-align: center; width: 9.16668%; height: 28px;\"><span style=\"font-family: times new roman, times, serif; font-size: 10pt;\">23.09.1635<\/span><\/td>\n<td style=\"text-align: justify; width: 59.6429%; height: 28px;\"><span style=\"font-family: times new roman, times, serif; font-size: 10pt;\"><em>Eodem Han\u00df Emerich Bernhamer begraben worden; peste.<\/em><\/span><\/td>\n<td style=\"width: 26.5476%; height: 28px; text-align: justify;\"><\/td>\n<\/tr>\n<tr style=\"height: 56px;\">\n<td style=\"text-align: center; width: 4.52381%; height: 56px;\"><span style=\"font-family: times new roman, times, serif; font-size: 10pt;\">102<\/span><\/td>\n<td style=\"text-align: center; width: 9.16668%; height: 56px;\"><span style=\"font-family: times new roman, times, serif; font-size: 10pt;\">23.09.1635<\/span><\/td>\n<td style=\"text-align: justify; width: 59.6429%; height: 56px;\"><span style=\"font-family: times new roman, times, serif; font-size: 10pt;\"><em>Eodem Han\u00df Peter, ein Soldat von Weiter\u00dfhau\u00df begraben worden; peste.<\/em><\/span><\/td>\n<td style=\"width: 26.5476%; height: 56px; text-align: justify;\"><span style=\"font-family: times new roman, times, serif; font-size: 10pt;\">Weitershausen (Gladenbach, Lkr. Marburg-Biedenkopf)<\/span><\/td>\n<\/tr>\n<tr style=\"height: 28px;\">\n<td style=\"text-align: center; width: 4.52381%; height: 28px;\"><span style=\"font-family: times new roman, times, serif; font-size: 10pt;\">103<\/span><\/td>\n<td style=\"text-align: center; width: 9.16668%; height: 28px;\"><span style=\"font-family: times new roman, times, serif; font-size: 10pt;\">23.09.1635<\/span><\/td>\n<td style=\"text-align: justify; width: 59.6429%; height: 28px;\"><span style=\"font-family: times new roman, times, serif; font-size: 10pt;\"><em>Eodem ward begraben Han\u00df Georg, Peter Langschieds Sohnlein.<\/em><\/span><\/td>\n<td style=\"width: 26.5476%; height: 28px; text-align: justify;\"><\/td>\n<\/tr>\n<tr style=\"height: 28px;\">\n<td style=\"text-align: center; width: 4.52381%; height: 28px;\"><span style=\"font-family: times new roman, times, serif; font-size: 10pt;\">104<\/span><\/td>\n<td style=\"text-align: center; width: 9.16668%; height: 28px;\"><span style=\"font-family: times new roman, times, serif; font-size: 10pt;\">23.09.1635<\/span><\/td>\n<td style=\"text-align: justify; width: 59.6429%; height: 28px;\"><span style=\"font-family: times new roman, times, serif; font-size: 10pt;\"><em>Eodem ward Eulalia Elisabetha, Lucas Bau\u00dfman Dochter.<\/em><\/span><\/td>\n<td style=\"width: 26.5476%; height: 28px; text-align: justify;\"><\/td>\n<\/tr>\n<tr style=\"height: 28px;\">\n<td style=\"text-align: center; width: 4.52381%; height: 28px;\"><span style=\"font-family: times new roman, times, serif; font-size: 10pt;\">105<\/span><\/td>\n<td style=\"text-align: center; width: 9.16668%; height: 28px;\"><span style=\"font-family: times new roman, times, serif; font-size: 10pt;\">26.09.1635<\/span><\/td>\n<td style=\"text-align: justify; width: 59.6429%; height: 28px;\"><span style=\"font-family: times new roman, times, serif; font-size: 10pt;\"><em>26ten Sept[embris] ist Juliana, die Schunckin, begraben worden.<\/em><\/span><\/td>\n<td style=\"width: 26.5476%; height: 28px; text-align: justify;\"><\/td>\n<\/tr>\n<tr style=\"height: 28px;\">\n<td style=\"text-align: center; width: 4.52381%; height: 28px;\"><span style=\"font-family: times new roman, times, serif; font-size: 10pt;\">106<\/span><\/td>\n<td style=\"text-align: center; width: 9.16668%; height: 28px;\"><span style=\"font-family: times new roman, times, serif; font-size: 10pt;\">27.09.1635<\/span><\/td>\n<td style=\"text-align: justify; width: 59.6429%; height: 28px;\"><span style=\"font-family: times new roman, times, serif; font-size: 10pt;\"><em>27ten Sept[embris] ist Margreth, David Weiganden Frau, begraben worden; peste.<\/em><\/span><\/td>\n<td style=\"width: 26.5476%; height: 28px; text-align: justify;\"><\/td>\n<\/tr>\n<tr style=\"height: 28px;\">\n<td style=\"text-align: center; width: 4.52381%; height: 28px;\"><span style=\"font-family: times new roman, times, serif; font-size: 10pt;\">107<\/span><\/td>\n<td style=\"text-align: center; width: 9.16668%; height: 28px;\"><span style=\"font-family: times new roman, times, serif; font-size: 10pt;\">29.09.1635<\/span><\/td>\n<td style=\"text-align: justify; width: 59.6429%; height: 28px;\"><span style=\"font-family: times new roman, times, serif; font-size: 10pt;\"><em>29ten Septembris ist Henrich Peter, Han\u00df Stollen Sohnlein, begraben worden.<\/em><\/span><\/td>\n<td style=\"width: 26.5476%; height: 28px; text-align: justify;\"><\/td>\n<\/tr>\n<tr style=\"height: 28px;\">\n<td style=\"text-align: center; width: 4.52381%; height: 28px;\"><span style=\"font-family: times new roman, times, serif; font-size: 10pt;\">108<\/span><\/td>\n<td style=\"text-align: center; width: 9.16668%; height: 28px;\"><span style=\"font-family: times new roman, times, serif; font-size: 10pt;\">29.09.1635<\/span><\/td>\n<td style=\"text-align: justify; width: 59.6429%; height: 28px;\"><span style=\"font-family: times new roman, times, serif; font-size: 10pt;\"><em>Eodem Anna Margreth, Philips Weiganden Dochterlein, begraben worden; peste.<\/em><\/span><\/td>\n<td style=\"width: 26.5476%; height: 28px; text-align: justify;\"><\/td>\n<\/tr>\n<tr style=\"height: 28px;\">\n<td style=\"text-align: center; width: 4.52381%; height: 28px;\"><span style=\"font-family: times new roman, times, serif; font-size: 10pt;\">109<\/span><\/td>\n<td style=\"text-align: center; width: 9.16668%; height: 28px;\"><span style=\"font-family: times new roman, times, serif; font-size: 10pt;\">30.09.1635<\/span><\/td>\n<td style=\"text-align: justify; width: 59.6429%; height: 28px;\"><span style=\"font-family: times new roman, times, serif; font-size: 10pt;\"><em>30ten Sept[embris] ward Johannes Michel, de\u00df M\u00fcller\u00df Sohn, begraben.<\/em><\/span><\/td>\n<td style=\"width: 26.5476%; height: 28px; text-align: justify;\"><\/td>\n<\/tr>\n<tr style=\"height: 28px;\">\n<td style=\"text-align: center; width: 4.52381%; height: 28px;\"><span style=\"font-family: times new roman, times, serif; font-size: 10pt;\">110<\/span><\/td>\n<td style=\"text-align: center; width: 9.16668%; height: 28px;\"><span style=\"font-family: times new roman, times, serif; font-size: 10pt;\">02.10.1635<\/span><\/td>\n<td style=\"text-align: justify; width: 59.6429%; height: 28px;\"><span style=\"font-family: times new roman, times, serif; font-size: 10pt;\"><em>2ten Octob[ris] ist Johan Peter, Peter Hartings Sohnlein, christlich zur Erden bestattet worden.<\/em><\/span><\/td>\n<td style=\"width: 26.5476%; height: 28px; text-align: justify;\"><\/td>\n<\/tr>\n<tr style=\"height: 28px;\">\n<td style=\"text-align: center; width: 4.52381%; height: 28px;\"><span style=\"font-family: times new roman, times, serif; font-size: 10pt;\">111<\/span><\/td>\n<td style=\"text-align: center; width: 9.16668%; height: 28px;\"><span style=\"font-family: times new roman, times, serif; font-size: 10pt;\">04.10.1635<\/span><\/td>\n<td style=\"text-align: justify; width: 59.6429%; height: 28px;\"><span style=\"font-family: times new roman, times, serif; font-size: 10pt;\"><em>4ten Octob[ris] ist Velten Selters begraben worden.<\/em><\/span><\/td>\n<td style=\"width: 26.5476%; height: 28px; text-align: justify;\"><\/td>\n<\/tr>\n<tr style=\"height: 28px;\">\n<td style=\"text-align: center; width: 4.52381%; height: 28px;\"><span style=\"font-family: times new roman, times, serif; font-size: 10pt;\">112<\/span><\/td>\n<td style=\"text-align: center; width: 9.16668%; height: 28px;\"><span style=\"font-family: times new roman, times, serif; font-size: 10pt;\">04.10.1635<\/span><\/td>\n<td style=\"text-align: justify; width: 59.6429%; height: 28px;\"><span style=\"font-family: times new roman, times, serif; font-size: 10pt;\"><em>Eodem Catharina, Peter Becker\u00df Frau begraben worden; peste.<\/em><\/span><\/td>\n<td style=\"width: 26.5476%; height: 28px; text-align: justify;\"><\/td>\n<\/tr>\n<tr style=\"height: 28px;\">\n<td style=\"text-align: center; width: 4.52381%; height: 28px;\"><span style=\"font-family: times new roman, times, serif; font-size: 10pt;\">113<\/span><\/td>\n<td style=\"text-align: center; width: 9.16668%; height: 28px;\"><span style=\"font-family: times new roman, times, serif; font-size: 10pt;\">04.10.1635<\/span><\/td>\n<td style=\"text-align: justify; width: 59.6429%; height: 28px;\"><span style=\"font-family: times new roman, times, serif; font-size: 10pt;\"><em>Eodem ward begraben Stoffel Giessen, Han\u00df Giessen Sohn.<\/em><\/span><\/td>\n<td style=\"width: 26.5476%; height: 28px; text-align: justify;\"><\/td>\n<\/tr>\n<tr style=\"height: 28px;\">\n<td style=\"text-align: center; width: 4.52381%; height: 28px;\"><span style=\"font-family: times new roman, times, serif; font-size: 10pt;\">114<\/span><\/td>\n<td style=\"text-align: center; width: 9.16668%; height: 28px;\"><span style=\"font-family: times new roman, times, serif; font-size: 10pt;\">04.10.1635<\/span><\/td>\n<td style=\"text-align: justify; width: 59.6429%; height: 28px;\"><span style=\"font-family: times new roman, times, serif; font-size: 10pt;\"><em>Eodem Johannes Probst sein Tochterlein Catharinam Martham begraben lassen.<\/em><\/span><\/td>\n<td style=\"width: 26.5476%; height: 28px; text-align: justify;\"><\/td>\n<\/tr>\n<tr style=\"height: 56px;\">\n<td style=\"text-align: center; width: 4.52381%; height: 56px;\"><span style=\"font-family: times new roman, times, serif; font-size: 10pt;\">115<\/span><\/td>\n<td style=\"text-align: center; width: 9.16668%; height: 56px;\"><span style=\"font-family: times new roman, times, serif; font-size: 10pt;\">06.10.1635<\/span><\/td>\n<td style=\"text-align: justify; width: 59.6429%; height: 56px;\"><span style=\"font-family: times new roman, times, serif; font-size: 10pt;\"><em>6ten Octob[ris] ist Anna Gertrauth, Philips S\u00f6ller\u00df Dochterlein von Gemmerick, begraben worden.<\/em><\/span><\/td>\n<td style=\"width: 26.5476%; height: 56px; text-align: justify;\"><span style=\"font-family: times new roman, times, serif; font-size: 10pt;\">Gemmerich (VG Nast\u00e4tten, EMS)<\/span><\/td>\n<\/tr>\n<tr style=\"height: 28px;\">\n<td style=\"text-align: center; width: 4.52381%; height: 28px;\"><span style=\"font-family: times new roman, times, serif; font-size: 10pt;\">116<\/span><\/td>\n<td style=\"text-align: center; width: 9.16668%; height: 28px;\"><span style=\"font-family: times new roman, times, serif; font-size: 10pt;\">06.10.1635<\/span><\/td>\n<td style=\"text-align: justify; width: 59.6429%; height: 28px;\"><span style=\"font-family: times new roman, times, serif; font-size: 10pt;\"><em>Eodem Anna Christina, Han\u00df Emerich Bernhamer\u00df Dochterlein, begraben worden; obiit peste.<\/em><\/span><\/td>\n<td style=\"width: 26.5476%; height: 28px; text-align: justify;\"><\/td>\n<\/tr>\n<tr style=\"height: 56px;\">\n<td style=\"text-align: center; width: 4.52381%; height: 56px;\"><span style=\"font-family: times new roman, times, serif; font-size: 10pt;\">117<\/span><\/td>\n<td style=\"text-align: center; width: 9.16668%; height: 56px;\"><span style=\"font-family: times new roman, times, serif; font-size: 10pt;\">08.10.1635<\/span><\/td>\n<td style=\"text-align: justify; width: 59.6429%; height: 56px;\"><span style=\"font-family: times new roman, times, serif; font-size: 10pt;\"><em>8ten Octob[ris] ist Maria begraben worden, Justen Listats Dochter von List &gt;von Gemerick&lt;; obiit peste.<\/em><\/span><\/td>\n<td style=\"width: 26.5476%; height: 56px; text-align: justify;\"><span style=\"font-family: times new roman, times, serif; font-size: 10pt;\">Gemmerich (VG Nast\u00e4tten, EMS)<\/span><\/td>\n<\/tr>\n<tr style=\"height: 56px;\">\n<td style=\"text-align: center; width: 4.52381%; height: 56px;\"><span style=\"font-family: times new roman, times, serif; font-size: 10pt;\">118<\/span><\/td>\n<td style=\"text-align: center; width: 9.16668%; height: 56px;\"><span style=\"font-family: times new roman, times, serif; font-size: 10pt;\">08.10.1635<\/span><\/td>\n<td style=\"text-align: justify; width: 59.6429%; height: 56px;\"><span style=\"font-family: times new roman, times, serif; font-size: 10pt;\"><em>Eodem ward begraben Arnold Hartman, Elias Schreiber\u00df S\u00f6hnlein von Langenschalbach; obiit peste.<\/em><\/span><\/td>\n<td style=\"width: 26.5476%; height: 56px; text-align: justify;\"><span style=\"font-family: times new roman, times, serif; font-size: 10pt;\">Bad Schwalbach (Rheingau-Taunus-Kreis)<\/span><\/td>\n<\/tr>\n<tr style=\"height: 56px;\">\n<td style=\"text-align: center; width: 4.52381%; height: 56px;\"><span style=\"font-family: times new roman, times, serif; font-size: 10pt;\">119<\/span><\/td>\n<td style=\"text-align: center; width: 9.16668%; height: 56px;\"><span style=\"font-family: times new roman, times, serif; font-size: 10pt;\">09.10.1635<\/span><\/td>\n<td style=\"text-align: justify; width: 59.6429%; height: 56px;\"><span style=\"font-family: times new roman, times, serif; font-size: 10pt;\"><em>9ten Octob[ris] ist Catharina, Johannis Zimmerman\u00df Dochterlein, christlich zur Erden bestattet worden.<\/em><\/span><\/td>\n<td style=\"width: 26.5476%; height: 56px; text-align: justify;\"><\/td>\n<\/tr>\n<tr style=\"height: 28px;\">\n<td style=\"text-align: center; width: 4.52381%; height: 28px;\"><span style=\"font-family: times new roman, times, serif; font-size: 10pt;\">120<\/span><\/td>\n<td style=\"text-align: center; width: 9.16668%; height: 28px;\"><span style=\"font-family: times new roman, times, serif; font-size: 10pt;\">11.10.1635<\/span><\/td>\n<td style=\"text-align: justify; width: 59.6429%; height: 28px;\"><span style=\"font-family: times new roman, times, serif; font-size: 10pt;\"><em>11ten Octob[ris] ist Sophia, Zerben Sinziegs Dochterlein, begraben worden; obiit peste.<\/em><\/span><\/td>\n<td style=\"width: 26.5476%; height: 28px; text-align: justify;\"><\/td>\n<\/tr>\n<tr style=\"height: 28px;\">\n<td style=\"text-align: center; width: 4.52381%; height: 28px;\"><span style=\"font-family: times new roman, times, serif; font-size: 10pt;\">121<\/span><\/td>\n<td style=\"text-align: center; width: 9.16668%; height: 28px;\"><span style=\"font-family: times new roman, times, serif; font-size: 10pt;\">11.10.1635<\/span><\/td>\n<td style=\"text-align: justify; width: 59.6429%; height: 28px;\"><span style=\"font-family: times new roman, times, serif; font-size: 10pt;\"><em>Eodem, Han\u00df Georg Langen Sohnlein begraben worden; ist der Vatter ein Soldat gewesen.<\/em><\/span><\/td>\n<td style=\"width: 26.5476%; height: 28px; text-align: justify;\"><\/td>\n<\/tr>\n<tr style=\"height: 56px;\">\n<td style=\"text-align: center; width: 4.52381%; height: 56px;\"><span style=\"font-family: times new roman, times, serif; font-size: 10pt;\">122<\/span><\/td>\n<td style=\"text-align: center; width: 9.16668%; height: 56px;\"><span style=\"font-family: times new roman, times, serif; font-size: 10pt;\">13.10.1635<\/span><\/td>\n<td style=\"text-align: justify; width: 59.6429%; height: 56px;\"><span style=\"font-family: times new roman, times, serif; font-size: 10pt;\"><em>13ten Octob[ris] ist Margreth, Donges Dadener\u00df Frau von Kelbach, begraben worden; obiit peste.<\/em><\/span><\/td>\n<td style=\"width: 26.5476%; height: 56px; text-align: justify;\"><span style=\"font-family: times new roman, times, serif; font-size: 10pt;\">Kehlbach (VG Nast\u00e4tten, EMS)<\/span><\/td>\n<\/tr>\n<tr style=\"height: 28px;\">\n<td style=\"text-align: center; width: 4.52381%; height: 28px;\"><span style=\"font-family: times new roman, times, serif; font-size: 10pt;\">123<\/span><\/td>\n<td style=\"text-align: center; width: 9.16668%; height: 28px;\"><span style=\"font-family: times new roman, times, serif; font-size: 10pt;\">14.10.1635<\/span><\/td>\n<td style=\"text-align: justify; width: 59.6429%; height: 28px;\"><span style=\"font-family: times new roman, times, serif; font-size: 10pt;\"><em>14ten Octob[ris] ist Johan Henrich, Simon D\u00f6ser\u00df S\u00f6hnlein, begraben worden.<\/em><\/span><\/td>\n<td style=\"width: 26.5476%; height: 28px; text-align: justify;\"><\/td>\n<\/tr>\n<tr style=\"height: 28px;\">\n<td style=\"text-align: center; width: 4.52381%; height: 28px;\"><span style=\"font-family: times new roman, times, serif; font-size: 10pt;\">124<\/span><\/td>\n<td style=\"text-align: center; width: 9.16668%; height: 28px;\"><span style=\"font-family: times new roman, times, serif; font-size: 10pt;\">15.10.1635<\/span><\/td>\n<td style=\"text-align: justify; width: 59.6429%; height: 28px;\"><span style=\"font-family: times new roman, times, serif; font-size: 10pt;\"><em>15ten Octob[ris] zwen Soldaten begraben worden (\u2026) vnd Han\u00df (\u2026) cognomen; peste.<\/em><\/span><\/td>\n<td style=\"width: 26.5476%; height: 28px; text-align: justify;\"><\/td>\n<\/tr>\n<tr style=\"height: 28px;\">\n<td style=\"text-align: center; width: 4.52381%; height: 28px;\"><span style=\"font-family: times new roman, times, serif; font-size: 10pt;\">125<\/span><\/td>\n<td style=\"text-align: center; width: 9.16668%; height: 28px;\"><span style=\"font-family: times new roman, times, serif; font-size: 10pt;\">15.10.1635<\/span><\/td>\n<td style=\"text-align: justify; width: 59.6429%; height: 28px;\"><span style=\"font-family: times new roman, times, serif; font-size: 10pt;\"><em>15ten Octob[ris] zwen Soldaten begraben worden (\u2026) vnd Han\u00df (\u2026) cognomen; peste.<\/em><\/span><\/td>\n<td style=\"width: 26.5476%; height: 28px; text-align: justify;\"><\/td>\n<\/tr>\n<tr style=\"height: 28px;\">\n<td style=\"text-align: center; width: 4.52381%; height: 28px;\"><span style=\"font-family: times new roman, times, serif; font-size: 10pt;\">126<\/span><\/td>\n<td style=\"text-align: center; width: 9.16668%; height: 28px;\"><span style=\"font-family: times new roman, times, serif; font-size: 10pt;\">16.10.1635<\/span><\/td>\n<td style=\"text-align: justify; width: 59.6429%; height: 28px;\"><span style=\"font-family: times new roman, times, serif; font-size: 10pt;\"><em>16ten Octob[ris] ist Maria Salome, Hans Georg Friedgen Frauw begraben; pest[e].<\/em><\/span><\/td>\n<td style=\"width: 26.5476%; height: 28px; text-align: justify;\"><\/td>\n<\/tr>\n<tr style=\"height: 28px;\">\n<td style=\"text-align: center; width: 4.52381%; height: 28px;\"><span style=\"font-family: times new roman, times, serif; font-size: 10pt;\">127<\/span><\/td>\n<td style=\"text-align: center; width: 9.16668%; height: 28px;\"><span style=\"font-family: times new roman, times, serif; font-size: 10pt;\">16.10.1635<\/span><\/td>\n<td style=\"text-align: justify; width: 59.6429%; height: 28px;\"><span style=\"font-family: times new roman, times, serif; font-size: 10pt;\"><em>Eodem ward Anna Elisabeth sein Dochterlein begraben; peste.<\/em><\/span><\/td>\n<td style=\"width: 26.5476%; height: 28px; text-align: justify;\"><\/td>\n<\/tr>\n<tr style=\"height: 56px;\">\n<td style=\"text-align: center; width: 4.52381%; height: 56px;\"><span style=\"font-family: times new roman, times, serif; font-size: 10pt;\">128<\/span><\/td>\n<td style=\"text-align: center; width: 9.16668%; height: 56px;\"><span style=\"font-family: times new roman, times, serif; font-size: 10pt;\">16.10.1635<\/span><\/td>\n<td style=\"text-align: justify; width: 59.6429%; height: 56px;\"><span style=\"font-family: times new roman, times, serif; font-size: 10pt;\"><em>Eodem Catharina, Velten Reissings Dochter von Zorn begraben.<\/em><\/span><\/td>\n<td style=\"width: 26.5476%; height: 56px; text-align: justify;\"><span style=\"font-family: times new roman, times, serif; font-size: 10pt;\">Zorn (Heidenrod, Rheingau-Taunus-Kreis)<\/span><\/td>\n<\/tr>\n<tr style=\"height: 28px;\">\n<td style=\"text-align: center; width: 4.52381%; height: 28px;\"><span style=\"font-family: times new roman, times, serif; font-size: 10pt;\">129<\/span><\/td>\n<td style=\"text-align: center; width: 9.16668%; height: 28px;\"><span style=\"font-family: times new roman, times, serif; font-size: 10pt;\">16.10.1635<\/span><\/td>\n<td style=\"text-align: justify; width: 59.6429%; height: 28px;\"><span style=\"font-family: times new roman, times, serif; font-size: 10pt;\"><em>Eodem Anna Judith, Henrich Dietzen Dochterlein, begraben.<\/em><\/span><\/td>\n<td style=\"width: 26.5476%; height: 28px; text-align: justify;\"><\/td>\n<\/tr>\n<tr style=\"height: 28px;\">\n<td style=\"text-align: center; width: 4.52381%; height: 28px;\"><span style=\"font-family: times new roman, times, serif; font-size: 10pt;\">130<\/span><\/td>\n<td style=\"text-align: center; width: 9.16668%; height: 28px;\"><span style=\"font-family: times new roman, times, serif; font-size: 10pt;\">17.10.1635<\/span><\/td>\n<td style=\"text-align: justify; width: 59.6429%; height: 28px;\"><span style=\"font-family: times new roman, times, serif; font-size: 10pt;\"><em>17ten Octob[ris] ist An El\u00df, Philips Weigands Dochter, begraben worden; pest[e].<\/em><\/span><\/td>\n<td style=\"width: 26.5476%; height: 28px; text-align: justify;\"><\/td>\n<\/tr>\n<tr style=\"height: 28px;\">\n<td style=\"text-align: center; width: 4.52381%; height: 28px;\"><span style=\"font-family: times new roman, times, serif; font-size: 10pt;\">131<\/span><\/td>\n<td style=\"text-align: center; width: 9.16668%; height: 28px;\"><span style=\"font-family: times new roman, times, serif; font-size: 10pt;\">17.10.1635<\/span><\/td>\n<td style=\"text-align: justify; width: 59.6429%; height: 28px;\"><span style=\"font-family: times new roman, times, serif; font-size: 10pt;\"><em>Eodem Philips Weigand selbsten noch begraben worden; peste.<\/em><\/span><\/td>\n<td style=\"width: 26.5476%; height: 28px; text-align: justify;\"><\/td>\n<\/tr>\n<tr style=\"height: 56px;\">\n<td style=\"text-align: center; width: 4.52381%; height: 56px;\"><span style=\"font-family: times new roman, times, serif; font-size: 10pt;\">132<\/span><\/td>\n<td style=\"text-align: center; width: 9.16668%; height: 56px;\"><span style=\"font-family: times new roman, times, serif; font-size: 10pt;\">18.10.1635<\/span><\/td>\n<td style=\"text-align: justify; width: 59.6429%; height: 56px;\"><span style=\"font-family: times new roman, times, serif; font-size: 10pt;\"><em>18ten Octob[ris] ist Elisabeth, Johannis Zimmerman\u00df Frau, begraben worden; pest[e]; war auf Dom[inica] 21 post Trin[itatis].<\/em><\/span><\/td>\n<td style=\"width: 26.5476%; height: 56px; text-align: justify;\"><\/td>\n<\/tr>\n<tr style=\"height: 28px;\">\n<td style=\"text-align: center; width: 4.52381%; height: 28px;\"><span style=\"font-family: times new roman, times, serif; font-size: 10pt;\">133<\/span><\/td>\n<td style=\"text-align: center; width: 9.16668%; height: 28px;\"><span style=\"font-family: times new roman, times, serif; font-size: 10pt;\">18.10.1635<\/span><\/td>\n<td style=\"text-align: justify; width: 59.6429%; height: 28px;\"><span style=\"font-family: times new roman, times, serif; font-size: 10pt;\"><em>Eodem Han\u00df Martin Kie\u00dfner, Silesi[us], ein Soldat, begraben; pest[e].<\/em><\/span><\/td>\n<td style=\"width: 26.5476%; height: 28px; text-align: justify;\"><span style=\"font-family: times new roman, times, serif; font-size: 10pt;\">Schlesien<\/span><\/td>\n<\/tr>\n<tr style=\"height: 28px;\">\n<td style=\"text-align: center; width: 4.52381%; height: 28px;\"><span style=\"font-family: times new roman, times, serif; font-size: 10pt;\">134<\/span><\/td>\n<td style=\"text-align: center; width: 9.16668%; height: 28px;\"><span style=\"font-family: times new roman, times, serif; font-size: 10pt;\">18.10.1635<\/span><\/td>\n<td style=\"text-align: justify; width: 59.6429%; height: 28px;\"><span style=\"font-family: times new roman, times, serif; font-size: 10pt;\"><em>Eodem Philips Butzbach von Nastedten, ein Soldat, begraben.<\/em><\/span><\/td>\n<td style=\"width: 26.5476%; height: 28px; text-align: justify;\"><span style=\"font-family: times new roman, times, serif; font-size: 10pt;\">Nast\u00e4tten (EMS)<\/span><\/td>\n<\/tr>\n<tr style=\"height: 28px;\">\n<td style=\"text-align: center; width: 4.52381%; height: 28px;\"><span style=\"font-family: times new roman, times, serif; font-size: 10pt;\">135<\/span><\/td>\n<td style=\"text-align: center; width: 9.16668%; height: 28px;\"><span style=\"font-family: times new roman, times, serif; font-size: 10pt;\">19.10.1635<\/span><\/td>\n<td style=\"text-align: justify; width: 59.6429%; height: 28px;\"><span style=\"font-family: times new roman, times, serif; font-size: 10pt;\"><em>19ten Octob[ris] ist Han\u00df Conrad, der Hafener, ein Soldat von Giessen, begraben worden.<\/em><\/span><\/td>\n<td style=\"width: 26.5476%; height: 28px; text-align: justify;\"><span style=\"font-family: times new roman, times, serif; font-size: 10pt;\">Gie\u00dfen<\/span><\/td>\n<\/tr>\n<tr style=\"height: 56px;\">\n<td style=\"text-align: center; width: 4.52381%; height: 56px;\"><span style=\"font-family: times new roman, times, serif; font-size: 10pt;\">136<\/span><\/td>\n<td style=\"text-align: center; width: 9.16668%; height: 56px;\"><span style=\"font-family: times new roman, times, serif; font-size: 10pt;\">21.10.1635<\/span><\/td>\n<td style=\"text-align: justify; width: 59.6429%; height: 56px;\"><span style=\"font-family: times new roman, times, serif; font-size: 10pt;\"><em>21ten Octob[ris] ist Anna Margretha, Dei\u00dfen des Hoffmans, D&lt;ochter&gt; von Falckenborn, begraben worden.<\/em><\/span><\/td>\n<td style=\"width: 26.5476%; height: 56px; text-align: justify;\"><span style=\"font-family: times new roman, times, serif; font-size: 10pt;\">Hof Falkenborn (Dachsenhausen, VG Loreley, EMS)<\/span><\/td>\n<\/tr>\n<tr style=\"height: 28px;\">\n<td style=\"text-align: center; width: 4.52381%; height: 28px;\"><span style=\"font-family: times new roman, times, serif; font-size: 10pt;\">137<\/span><\/td>\n<td style=\"text-align: center; width: 9.16668%; height: 28px;\"><span style=\"font-family: times new roman, times, serif; font-size: 10pt;\">21.10.1635<\/span><\/td>\n<td style=\"text-align: justify; width: 59.6429%; height: 28px;\"><span style=\"font-family: times new roman, times, serif; font-size: 10pt;\"><em>Eodem Christ Henrich, Hans Georg Friedgen Sohn, begraben worden; obiit peste.<\/em><\/span><\/td>\n<td style=\"width: 26.5476%; height: 28px; text-align: justify;\"><\/td>\n<\/tr>\n<tr style=\"height: 28px;\">\n<td style=\"text-align: center; width: 4.52381%; height: 28px;\"><span style=\"font-family: times new roman, times, serif; font-size: 10pt;\">138<\/span><\/td>\n<td style=\"text-align: center; width: 9.16668%; height: 28px;\"><span style=\"font-family: times new roman, times, serif; font-size: 10pt;\">21.10.1635<\/span><\/td>\n<td style=\"text-align: justify; width: 59.6429%; height: 28px;\"><span style=\"font-family: times new roman, times, serif; font-size: 10pt;\"><em>Eodem Anna Barbara, Lorentz Bley Dochter, begraben worden; pest[e].<\/em><\/span><\/td>\n<td style=\"width: 26.5476%; height: 28px; text-align: justify;\"><\/td>\n<\/tr>\n<tr style=\"height: 56px;\">\n<td style=\"text-align: center; width: 4.52381%; height: 56px;\"><span style=\"font-family: times new roman, times, serif; font-size: 10pt;\">139<\/span><\/td>\n<td style=\"text-align: center; width: 9.16668%; height: 56px;\"><span style=\"font-family: times new roman, times, serif; font-size: 10pt;\">22.10.1635<\/span><\/td>\n<td style=\"text-align: justify; width: 59.6429%; height: 56px;\"><span style=\"font-family: times new roman, times, serif; font-size: 10pt;\"><em>22ten Octob[ris] ist Balthasar Haubt, ein Soldat v[nseres] g[n\u00e4digen] F[\u00fcrsten] vnd H[errn], alhier begraben, so vorm \u2026 von Lanstein geblieben.<\/em><\/span><\/td>\n<td style=\"width: 26.5476%; height: 56px; text-align: justify;\"><\/td>\n<\/tr>\n<tr style=\"height: 28px;\">\n<td style=\"text-align: center; width: 4.52381%; height: 28px;\"><span style=\"font-family: times new roman, times, serif; font-size: 10pt;\">140<\/span><\/td>\n<td style=\"text-align: center; width: 9.16668%; height: 28px;\"><span style=\"font-family: times new roman, times, serif; font-size: 10pt;\">22.10.1635<\/span><\/td>\n<td style=\"text-align: justify; width: 59.6429%; height: 28px;\"><span style=\"font-family: times new roman, times, serif; font-size: 10pt;\"><em>Eodem Johannes Becker, Maternus Becker\u00df Sohn, begraben worden; pest[e].<\/em><\/span><\/td>\n<td style=\"width: 26.5476%; height: 28px; text-align: justify;\"><\/td>\n<\/tr>\n<tr style=\"height: 28px;\">\n<td style=\"text-align: center; width: 4.52381%; height: 28px;\"><span style=\"font-family: times new roman, times, serif; font-size: 10pt;\">141<\/span><\/td>\n<td style=\"text-align: center; width: 9.16668%; height: 28px;\"><span style=\"font-family: times new roman, times, serif; font-size: 10pt;\">23.10.1635<\/span><\/td>\n<td style=\"text-align: justify; width: 59.6429%; height: 28px;\"><span style=\"font-family: times new roman, times, serif; font-size: 10pt;\"><em>23ten Octob[ris] ist begraben worden Margreth, Henrich Fuchsen Mutter.<\/em><\/span><\/td>\n<td style=\"width: 26.5476%; height: 28px; text-align: justify;\"><\/td>\n<\/tr>\n<tr style=\"height: 28px;\">\n<td style=\"text-align: center; width: 4.52381%; height: 28px;\"><span style=\"font-family: times new roman, times, serif; font-size: 10pt;\">142<\/span><\/td>\n<td style=\"text-align: center; width: 9.16668%; height: 28px;\"><span style=\"font-family: times new roman, times, serif; font-size: 10pt;\">23.10.1635<\/span><\/td>\n<td style=\"text-align: justify; width: 59.6429%; height: 28px;\"><span style=\"font-family: times new roman, times, serif; font-size: 10pt;\"><em>Eodem ward begraben Philips Weigandt; pest[e].<\/em><\/span><\/td>\n<td style=\"width: 26.5476%; height: 28px; text-align: justify;\"><\/td>\n<\/tr>\n<tr style=\"height: 28px;\">\n<td style=\"text-align: center; width: 4.52381%; height: 28px;\"><span style=\"font-family: times new roman, times, serif; font-size: 10pt;\">143<\/span><\/td>\n<td style=\"text-align: center; width: 9.16668%; height: 28px;\"><span style=\"font-family: times new roman, times, serif; font-size: 10pt;\">23.10.1635<\/span><\/td>\n<td style=\"text-align: justify; width: 59.6429%; height: 28px;\"><span style=\"font-family: times new roman, times, serif; font-size: 10pt;\"><em>Eodem Andreas Meurer begraben worden; pest[e].<\/em><\/span><\/td>\n<td style=\"width: 26.5476%; height: 28px; text-align: justify;\"><\/td>\n<\/tr>\n<tr style=\"height: 56px;\">\n<td style=\"text-align: center; width: 4.52381%; height: 56px;\"><span style=\"font-family: times new roman, times, serif; font-size: 10pt;\">144<\/span><\/td>\n<td style=\"text-align: center; width: 9.16668%; height: 56px;\"><span style=\"font-family: times new roman, times, serif; font-size: 10pt;\">23.10.1635<\/span><\/td>\n<td style=\"text-align: justify; width: 59.6429%; height: 56px;\"><span style=\"font-family: times new roman, times, serif; font-size: 10pt;\"><em>Eodem Stoffel Listat von Gemerick begraben, pest[e].<\/em><\/span><\/td>\n<td style=\"width: 26.5476%; height: 56px; text-align: justify;\"><span style=\"font-family: times new roman, times, serif; font-size: 10pt;\">Gemmerich (VG Nast\u00e4tten, EMS)<\/span><\/td>\n<\/tr>\n<tr style=\"height: 56px;\">\n<td style=\"text-align: center; width: 4.52381%; height: 56px;\"><span style=\"font-family: times new roman, times, serif; font-size: 10pt;\">145<\/span><\/td>\n<td style=\"text-align: center; width: 9.16668%; height: 56px;\"><span style=\"font-family: times new roman, times, serif; font-size: 10pt;\">23.10.1635<\/span><\/td>\n<td style=\"text-align: justify; width: 59.6429%; height: 56px;\"><span style=\"font-family: times new roman, times, serif; font-size: 10pt;\"><em>Eodem Anna Christin, sein Dochter, begraben worden; pest[e].<\/em><\/span><\/td>\n<td style=\"width: 26.5476%; height: 56px; text-align: justify;\"><span style=\"font-family: times new roman, times, serif; font-size: 10pt;\">Gemmerich (VG Nast\u00e4tten, EMS)<\/span><\/td>\n<\/tr>\n<tr style=\"height: 56px;\">\n<td style=\"text-align: center; width: 4.52381%; height: 56px;\"><span style=\"font-family: times new roman, times, serif; font-size: 10pt;\">146<\/span><\/td>\n<td style=\"text-align: center; width: 9.16668%; height: 56px;\"><span style=\"font-family: times new roman, times, serif; font-size: 10pt;\">23.10.1635<\/span><\/td>\n<td style=\"text-align: justify; width: 59.6429%; height: 56px;\"><span style=\"font-family: times new roman, times, serif; font-size: 10pt;\"><em>Eodem Velten Jonas von Neustad an der Eisch, ein Soldat vnder Capitain Wisman, begraben.<\/em><\/span><\/td>\n<td style=\"width: 26.5476%; height: 56px; text-align: justify;\"><span style=\"font-family: times new roman, times, serif; font-size: 10pt;\">Neustadt an der Aisch (Mittelfranken, Bayern)<\/span><\/td>\n<\/tr>\n<tr style=\"height: 28px;\">\n<td style=\"text-align: center; width: 4.52381%; height: 28px;\"><span style=\"font-family: times new roman, times, serif; font-size: 10pt;\">147<\/span><\/td>\n<td style=\"text-align: center; width: 9.16668%; height: 28px;\"><span style=\"font-family: times new roman, times, serif; font-size: 10pt;\">23.10.1635<\/span><\/td>\n<td style=\"text-align: justify; width: 59.6429%; height: 28px;\"><span style=\"font-family: times new roman, times, serif; font-size: 10pt;\"><em>Eodem Christo[ph] Bernhard begraben, ein Soldat von Lanstein, so \u2026 \u2026.<\/em><\/span><\/td>\n<td style=\"width: 26.5476%; height: 28px; text-align: justify;\"><span style=\"font-family: times new roman, times, serif; font-size: 10pt;\">Lahnstein (EMS)<\/span><\/td>\n<\/tr>\n<tr style=\"height: 56px;\">\n<td style=\"text-align: center; width: 4.52381%; height: 56px;\"><span style=\"font-family: times new roman, times, serif; font-size: 10pt;\">148<\/span><\/td>\n<td style=\"text-align: center; width: 9.16668%; height: 56px;\"><span style=\"font-family: times new roman, times, serif; font-size: 10pt;\">24.10.1635<\/span><\/td>\n<td style=\"text-align: justify; width: 59.6429%; height: 56px;\"><span style=\"font-family: times new roman, times, serif; font-size: 10pt;\"><em>24ten Octob[ris] ist Anna, Melchior R\u00f6ller\u00df Fraw, de\u00df alten Schultheissen von Gemerick, begraben<\/em><\/span><\/td>\n<td style=\"width: 26.5476%; height: 56px; text-align: justify;\"><span style=\"font-family: times new roman, times, serif; font-size: 10pt;\">Gemmerich (VG Nast\u00e4tten, EMS)<\/span><\/td>\n<\/tr>\n<tr style=\"height: 28px;\">\n<td style=\"text-align: center; width: 4.52381%; height: 28px;\"><span style=\"font-family: times new roman, times, serif; font-size: 10pt;\">149<\/span><\/td>\n<td style=\"text-align: center; width: 9.16668%; height: 28px;\"><span style=\"font-family: times new roman, times, serif; font-size: 10pt;\">24.10.1635<\/span><\/td>\n<td style=\"text-align: justify; width: 59.6429%; height: 28px;\"><span style=\"font-family: times new roman, times, serif; font-size: 10pt;\"><em>Eodem Anna, Justen Listats nachgelassene Wittib, begraben worden; pest[e]<\/em><\/span><\/td>\n<td style=\"width: 26.5476%; height: 28px; text-align: justify;\"><\/td>\n<\/tr>\n<tr style=\"height: 28px;\">\n<td style=\"text-align: center; width: 4.52381%; height: 28px;\"><span style=\"font-family: times new roman, times, serif; font-size: 10pt;\">150<\/span><\/td>\n<td style=\"text-align: center; width: 9.16668%; height: 28px;\"><span style=\"font-family: times new roman, times, serif; font-size: 10pt;\">24.10.1635<\/span><\/td>\n<td style=\"text-align: justify; width: 59.6429%; height: 28px;\"><span style=\"font-family: times new roman, times, serif; font-size: 10pt;\"><em>Eodem ward begraben Han\u00df Conrad, Johan Conrads Sohn von Wetzlar; pest[e].<\/em><\/span><\/td>\n<td style=\"width: 26.5476%; height: 28px; text-align: justify;\"><span style=\"font-family: times new roman, times, serif; font-size: 10pt;\">Wetzlar<\/span><\/td>\n<\/tr>\n<tr style=\"height: 28px;\">\n<td style=\"text-align: center; width: 4.52381%; height: 28px;\"><span style=\"font-family: times new roman, times, serif; font-size: 10pt;\">151<\/span><\/td>\n<td style=\"text-align: center; width: 9.16668%; height: 28px;\"><span style=\"font-family: times new roman, times, serif; font-size: 10pt;\">24.10.1635<\/span><\/td>\n<td style=\"text-align: justify; width: 59.6429%; height: 28px;\"><span style=\"font-family: times new roman, times, serif; font-size: 10pt;\"><em>Eodem ward begraben Maria Elisabeth, Henrick Beckers Dochter Sibylla; pest[e].<\/em><\/span><\/td>\n<td style=\"width: 26.5476%; height: 28px; text-align: justify;\"><\/td>\n<\/tr>\n<tr style=\"height: 56px;\">\n<td style=\"text-align: center; width: 4.52381%; height: 56px;\"><span style=\"font-family: times new roman, times, serif; font-size: 10pt;\">152<\/span><\/td>\n<td style=\"text-align: center; width: 9.16668%; height: 56px;\"><span style=\"font-family: times new roman, times, serif; font-size: 10pt;\">25.10.1635<\/span><\/td>\n<td style=\"text-align: justify; width: 59.6429%; height: 56px;\"><span style=\"font-family: times new roman, times, serif; font-size: 10pt;\"><em>25ten Octob[ris] ist Freypp Sibyll\u00e6, der Frauen vor der Pforten, Dochter, begraben worden; pest[e].<\/em><\/span><\/td>\n<td style=\"width: 26.5476%; height: 56px; text-align: justify;\"><\/td>\n<\/tr>\n<tr style=\"height: 56px;\">\n<td style=\"text-align: center; width: 4.52381%; height: 56px;\"><span style=\"font-family: times new roman, times, serif; font-size: 10pt;\">153<\/span><\/td>\n<td style=\"text-align: center; width: 9.16668%; height: 56px;\"><span style=\"font-family: times new roman, times, serif; font-size: 10pt;\">27.10.1635<\/span><\/td>\n<td style=\"text-align: justify; width: 59.6429%; height: 56px;\"><span style=\"font-family: times new roman, times, serif; font-size: 10pt;\"><em>27ten Octobr[is] ist Johan Emerich, Dieterich Bernhamer\u00df Sohnlein, zur Erden bestattet worden.<\/em><\/span><\/td>\n<td style=\"width: 26.5476%; height: 56px; text-align: justify;\"><\/td>\n<\/tr>\n<tr style=\"height: 84px;\">\n<td style=\"text-align: center; width: 4.52381%; height: 84px;\"><span style=\"font-family: times new roman, times, serif; font-size: 10pt;\">154<\/span><\/td>\n<td style=\"text-align: center; width: 9.16668%; height: 84px;\"><span style=\"font-family: times new roman, times, serif; font-size: 10pt;\">28.10.1635<\/span><\/td>\n<td style=\"text-align: justify; width: 59.6429%; height: 84px;\"><span style=\"font-family: times new roman, times, serif; font-size: 10pt;\"><em>28ten Octob[ris] auf Simonis vnd Jud\u00e6 Tag ist Anna Maria, Jacob Rassels Dochter, begraben worden, sein nachgelassene Wittib, vnd von welcher di\u00df Kind vnehelich gezeuget ist, Anna Elisabeth Arbeylerin; pest[e].<\/em><\/span><\/td>\n<td style=\"width: 26.5476%; height: 84px; text-align: justify;\"><\/td>\n<\/tr>\n<tr style=\"height: 84px;\">\n<td style=\"text-align: center; width: 4.52381%; height: 84px;\"><span style=\"font-family: times new roman, times, serif; font-size: 10pt;\">155<\/span><\/td>\n<td style=\"text-align: center; width: 9.16668%; height: 84px;\"><span style=\"font-family: times new roman, times, serif; font-size: 10pt;\">28.10.1635<\/span><\/td>\n<td style=\"text-align: justify; width: 59.6429%; height: 84px;\"><span style=\"font-family: times new roman, times, serif; font-size: 10pt;\"><em>28ten Octob[ris] auf Simonis vnd Jud\u00e6 Tag ist Anna Maria, Jacob Rassels Dochter, begraben worden, sein nachgelassene Wittib, vnd von welcher di\u00df Kind vnehelich gezeuget ist, Anna Elisabeth Arbeylerin; pest[e].<\/em><\/span><\/td>\n<td style=\"width: 26.5476%; height: 84px; text-align: justify;\"><\/td>\n<\/tr>\n<tr style=\"height: 56px;\">\n<td style=\"text-align: center; width: 4.52381%; height: 56px;\"><span style=\"font-family: times new roman, times, serif; font-size: 10pt;\">156<\/span><\/td>\n<td style=\"text-align: center; width: 9.16668%; height: 56px;\"><span style=\"font-family: times new roman, times, serif; font-size: 10pt;\">28.10.1635<\/span><\/td>\n<td style=\"text-align: justify; width: 59.6429%; height: 56px;\"><span style=\"font-family: times new roman, times, serif; font-size: 10pt;\"><em>Eodem Anna Margreth, de\u00df Pfarrers von Bacheimb Magdt, d&#8230; Iohannis Wendelini Rhodij; obiit peste.<\/em><\/span><\/td>\n<td style=\"width: 26.5476%; height: 56px; text-align: justify;\"><span style=\"font-family: times new roman, times, serif; font-size: 10pt;\">Bachheim (VG Nast\u00e4tten, EMS)<\/span><\/td>\n<\/tr>\n<tr style=\"height: 56px;\">\n<td style=\"text-align: center; width: 4.52381%; height: 56px;\"><span style=\"font-family: times new roman, times, serif; font-size: 10pt;\">157<\/span><\/td>\n<td style=\"text-align: center; width: 9.16668%; height: 56px;\"><span style=\"font-family: times new roman, times, serif; font-size: 10pt;\">01.11.1635<\/span><\/td>\n<td style=\"text-align: justify; width: 59.6429%; height: 56px;\"><span style=\"font-family: times new roman, times, serif; font-size: 10pt;\"><em>1ten Novemb[ris] ist Susanna Christina, Hern Johannis Pistorij, Pfarrer\u00df von Daxenhau\u00dfen Dochterlein, begraben; pest[e].<\/em><\/span><\/td>\n<td style=\"width: 26.5476%; height: 56px; text-align: justify;\"><span style=\"font-family: times new roman, times, serif; font-size: 10pt;\">Dachsenhausen (VG Loreley, EMS)<\/span><\/td>\n<\/tr>\n<tr style=\"height: 56px;\">\n<td style=\"text-align: center; width: 4.52381%; height: 56px;\"><span style=\"font-family: times new roman, times, serif; font-size: 10pt;\">158<\/span><\/td>\n<td style=\"text-align: center; width: 9.16668%; height: 56px;\"><span style=\"font-family: times new roman, times, serif; font-size: 10pt;\">01.11.1635<\/span><\/td>\n<td style=\"text-align: justify; width: 59.6429%; height: 56px;\"><span style=\"font-family: times new roman, times, serif; font-size: 10pt;\"><em>Eodem Johannet, Leonhards Monav, de\u00df Welschen, Dochterlein von Bacheimb<\/em><\/span><\/td>\n<td style=\"width: 26.5476%; height: 56px; text-align: justify;\"><span style=\"font-family: times new roman, times, serif; font-size: 10pt;\">Bachheim (VG Nast\u00e4tten, EMS)<\/span><\/td>\n<\/tr>\n<tr style=\"height: 28px;\">\n<td style=\"text-align: center; width: 4.52381%; height: 28px;\"><span style=\"font-family: times new roman, times, serif; font-size: 10pt;\">159<\/span><\/td>\n<td style=\"text-align: center; width: 9.16668%; height: 28px;\"><span style=\"font-family: times new roman, times, serif; font-size: 10pt;\">01.11.1635<\/span><\/td>\n<td style=\"text-align: justify; width: 59.6429%; height: 28px;\"><span style=\"font-family: times new roman, times, serif; font-size: 10pt;\"><em>Eodem Anna Maria, Zerben Sinziegs Dochterlein, begraben worden; pest[e].<\/em><\/span><\/td>\n<td style=\"width: 26.5476%; height: 28px; text-align: justify;\"><\/td>\n<\/tr>\n<tr style=\"height: 28px;\">\n<td style=\"text-align: center; width: 4.52381%; height: 28px;\"><span style=\"font-family: times new roman, times, serif; font-size: 10pt;\">160<\/span><\/td>\n<td style=\"text-align: center; width: 9.16668%; height: 28px;\"><span style=\"font-family: times new roman, times, serif; font-size: 10pt;\">02.11.1635<\/span><\/td>\n<td style=\"text-align: justify; width: 59.6429%; height: 28px;\"><span style=\"font-family: times new roman, times, serif; font-size: 10pt;\"><em>2ten Novemb[ris] ist Margreth, Philips Weiganden s[elig] Dochter; begraben worden; pest[e].<\/em><\/span><\/td>\n<td style=\"width: 26.5476%; height: 28px; text-align: justify;\"><\/td>\n<\/tr>\n<tr style=\"height: 28px;\">\n<td style=\"text-align: center; width: 4.52381%; height: 28px;\"><span style=\"font-family: times new roman, times, serif; font-size: 10pt;\">161<\/span><\/td>\n<td style=\"text-align: center; width: 9.16668%; height: 28px;\"><span style=\"font-family: times new roman, times, serif; font-size: 10pt;\">02.11.1635<\/span><\/td>\n<td style=\"text-align: justify; width: 59.6429%; height: 28px;\"><span style=\"font-family: times new roman, times, serif; font-size: 10pt;\"><em>Eodem Susanna, Philips Weiganden Dochter, begraben worden; pest[e].<\/em><\/span><\/td>\n<td style=\"width: 26.5476%; height: 28px; text-align: justify;\"><\/td>\n<\/tr>\n<tr style=\"height: 28px;\">\n<td style=\"text-align: center; width: 4.52381%; height: 28px;\"><span style=\"font-family: times new roman, times, serif; font-size: 10pt;\">162<\/span><\/td>\n<td style=\"text-align: center; width: 9.16668%; height: 28px;\"><span style=\"font-family: times new roman, times, serif; font-size: 10pt;\">04.11.1635<\/span><\/td>\n<td style=\"text-align: justify; width: 59.6429%; height: 28px;\"><span style=\"font-family: times new roman, times, serif; font-size: 10pt;\"><em>4ten Novemb[ris] ist Anna, Barthel Kuffeners von Bausem <\/em><em>Dochterlein, begraben.<\/em><\/span><\/td>\n<td style=\"width: 26.5476%; height: 28px; text-align: justify;\"><span style=\"font-family: times new roman, times, serif; font-size: 10pt;\"><em>Bausem<\/em> [= R\u00fcsselsheim-Bauschheim ? (Lkr. Gro\u00df-Gerau)]<br \/>\n<\/span><\/td>\n<\/tr>\n<tr style=\"height: 28px;\">\n<td style=\"text-align: center; width: 4.52381%; height: 28px;\"><span style=\"font-family: times new roman, times, serif; font-size: 10pt;\">163<\/span><\/td>\n<td style=\"text-align: center; width: 9.16668%; height: 28px;\"><span style=\"font-family: times new roman, times, serif; font-size: 10pt;\">05.11.1635<\/span><\/td>\n<td style=\"text-align: justify; width: 59.6429%; height: 28px;\"><span style=\"font-family: times new roman, times, serif; font-size: 10pt;\"><em>5ten Novemb[ris] ward Peter Noth, ein Soldat, begraben, war von Speyer.<\/em><\/span><\/td>\n<td style=\"width: 26.5476%; height: 28px; text-align: justify;\"><span style=\"font-family: times new roman, times, serif; font-size: 10pt;\">Speyer<\/span><\/td>\n<\/tr>\n<tr style=\"height: 56px;\">\n<td style=\"text-align: center; width: 4.52381%; height: 56px;\"><span style=\"font-family: times new roman, times, serif; font-size: 10pt;\">164<\/span><\/td>\n<td style=\"text-align: center; width: 9.16668%; height: 56px;\"><span style=\"font-family: times new roman, times, serif; font-size: 10pt;\">05.11.1635<\/span><\/td>\n<td style=\"text-align: justify; width: 59.6429%; height: 56px;\"><span style=\"font-family: times new roman, times, serif; font-size: 10pt;\"><em>Eodem Anna Walpurgis, Philips Dreifellers Dochter von Gai\u00df.<\/em><\/span><\/td>\n<td style=\"width: 26.5476%; height: 56px; text-align: justify;\"><span style=\"font-family: times new roman, times, serif; font-size: 10pt;\">Geisig (VG Bad Ems-Nassau, EMS)<\/span><\/td>\n<\/tr>\n<tr style=\"height: 28px;\">\n<td style=\"text-align: center; width: 4.52381%; height: 28px;\"><span style=\"font-family: times new roman, times, serif; font-size: 10pt;\">165<\/span><\/td>\n<td style=\"text-align: center; width: 9.16668%; height: 28px;\"><span style=\"font-family: times new roman, times, serif; font-size: 10pt;\">05.11.1635<\/span><\/td>\n<td style=\"text-align: justify; width: 59.6429%; height: 28px;\"><span style=\"font-family: times new roman, times, serif; font-size: 10pt;\"><em>Eodem Margreth, Velten Reissings Dochter, begraben; pest[e].<\/em><\/span><\/td>\n<td style=\"width: 26.5476%; height: 28px; text-align: justify;\"><\/td>\n<\/tr>\n<tr style=\"height: 28px;\">\n<td style=\"text-align: center; width: 4.52381%; height: 28px;\"><span style=\"font-family: times new roman, times, serif; font-size: 10pt;\">166<\/span><\/td>\n<td style=\"text-align: center; width: 9.16668%; height: 28px;\"><span style=\"font-family: times new roman, times, serif; font-size: 10pt;\">06.11.1635<\/span><\/td>\n<td style=\"text-align: justify; width: 59.6429%; height: 28px;\"><span style=\"font-family: times new roman, times, serif; font-size: 10pt;\"><em>6ten Novemb[ris] ist Han\u00df Georg, Andre\u00e6 Meurer\u00df Sohnlein, begraben worden.<\/em><\/span><\/td>\n<td style=\"width: 26.5476%; height: 28px; text-align: justify;\"><\/td>\n<\/tr>\n<tr style=\"height: 56px;\">\n<td style=\"text-align: center; width: 4.52381%; height: 56px;\"><span style=\"font-family: times new roman, times, serif; font-size: 10pt;\">167<\/span><\/td>\n<td style=\"text-align: center; width: 9.16668%; height: 56px;\"><span style=\"font-family: times new roman, times, serif; font-size: 10pt;\">06.11.1635<\/span><\/td>\n<td style=\"text-align: justify; width: 59.6429%; height: 56px;\"><span style=\"font-family: times new roman, times, serif; font-size: 10pt;\"><em>Eodem Anna Barbara Friderichs von Bechel begraben.<\/em><\/span><\/td>\n<td style=\"width: 26.5476%; height: 56px; text-align: justify;\"><span style=\"font-family: times new roman, times, serif; font-size: 10pt;\">Becheln (VG Bad Ems-Nassau, EMS)<\/span><\/td>\n<\/tr>\n<tr style=\"height: 56px;\">\n<td style=\"text-align: center; width: 4.52381%; height: 56px;\"><span style=\"font-family: times new roman, times, serif; font-size: 10pt;\">168<\/span><\/td>\n<td style=\"text-align: center; width: 9.16668%; height: 56px;\"><span style=\"font-family: times new roman, times, serif; font-size: 10pt;\">08.11.1635<\/span><\/td>\n<td style=\"text-align: justify; width: 59.6429%; height: 56px;\"><span style=\"font-family: times new roman, times, serif; font-size: 10pt;\"><em>8ten Novembr[is] ist Johannes Iaphet, Philips Sollers Sohnlein von Gemerick, begraben worden.<\/em><\/span><\/td>\n<td style=\"width: 26.5476%; height: 56px; text-align: justify;\"><span style=\"font-family: times new roman, times, serif; font-size: 10pt;\">Gemmerich (VG Nast\u00e4tten, EMS)<\/span><\/td>\n<\/tr>\n<tr style=\"height: 56px;\">\n<td style=\"text-align: center; width: 4.52381%; height: 56px;\"><span style=\"font-family: times new roman, times, serif; font-size: 10pt;\">169<\/span><\/td>\n<td style=\"text-align: center; width: 9.16668%; height: 56px;\"><span style=\"font-family: times new roman, times, serif; font-size: 10pt;\">08.11.1635<\/span><\/td>\n<td style=\"text-align: justify; width: 59.6429%; height: 56px;\"><span style=\"font-family: times new roman, times, serif; font-size: 10pt;\"><em>Eodem Anna Maria, Goarn Hau\u00dfen von Gemerick dochter, begraben worden.<\/em><\/span><\/td>\n<td style=\"width: 26.5476%; height: 56px; text-align: justify;\"><span style=\"font-family: times new roman, times, serif; font-size: 10pt;\">Gemmerich (VG Nast\u00e4tten, EMS)<\/span><\/td>\n<\/tr>\n<tr style=\"height: 56px;\">\n<td style=\"text-align: center; width: 4.52381%; height: 56px;\"><span style=\"font-family: times new roman, times, serif; font-size: 10pt;\">170<\/span><\/td>\n<td style=\"text-align: center; width: 9.16668%; height: 56px;\"><span style=\"font-family: times new roman, times, serif; font-size: 10pt;\">08.11.1635<\/span><\/td>\n<td style=\"text-align: justify; width: 59.6429%; height: 56px;\"><span style=\"font-family: times new roman, times, serif; font-size: 10pt;\"><em>Eodem Appel, ein Weibsp[er]son au\u00df Francken, begraben worden, so in David Schuncken Haus sich aufgehalten; pest[e].<\/em><\/span><\/td>\n<td style=\"width: 26.5476%; height: 56px; text-align: justify;\"><span style=\"font-family: times new roman, times, serif; font-size: 10pt;\">Franken<\/span><\/td>\n<\/tr>\n<tr style=\"height: 28px;\">\n<td style=\"text-align: center; width: 4.52381%; height: 28px;\"><span style=\"font-family: times new roman, times, serif; font-size: 10pt;\">171<\/span><\/td>\n<td style=\"text-align: center; width: 9.16668%; height: 28px;\"><span style=\"font-family: times new roman, times, serif; font-size: 10pt;\">09.11.1635<\/span><\/td>\n<td style=\"text-align: justify; width: 59.6429%; height: 28px;\"><span style=\"font-family: times new roman, times, serif; font-size: 10pt;\"><em>9ten Novemb[ris] ist Alexander Hain, Johannis Hain\u00df Sohn, begraben worden; pest[e].<\/em><\/span><\/td>\n<td style=\"width: 26.5476%; height: 28px; text-align: justify;\"><\/td>\n<\/tr>\n<tr style=\"height: 28px;\">\n<td style=\"text-align: center; width: 4.52381%; height: 28px;\"><span style=\"font-family: times new roman, times, serif; font-size: 10pt;\">172<\/span><\/td>\n<td style=\"text-align: center; width: 9.16668%; height: 28px;\"><span style=\"font-family: times new roman, times, serif; font-size: 10pt;\">09.11.1635<\/span><\/td>\n<td style=\"text-align: justify; width: 59.6429%; height: 28px;\"><span style=\"font-family: times new roman, times, serif; font-size: 10pt;\"><em>Eodem ward begraben Catharina, Philips Weigandt Dochter; pest[e].<\/em><\/span><\/td>\n<td style=\"width: 26.5476%; height: 28px; text-align: justify;\"><\/td>\n<\/tr>\n<tr style=\"height: 28px;\">\n<td style=\"text-align: center; width: 4.52381%; height: 28px;\"><span style=\"font-family: times new roman, times, serif; font-size: 10pt;\">173<\/span><\/td>\n<td style=\"text-align: center; width: 9.16668%; height: 28px;\"><span style=\"font-family: times new roman, times, serif; font-size: 10pt;\">10.11.1635<\/span><\/td>\n<td style=\"text-align: justify; width: 59.6429%; height: 28px;\"><span style=\"font-family: times new roman, times, serif; font-size: 10pt;\"><em>10ten Novemb[ris] ist Hans Henrich, Henrich Becker\u00df Sohn, begraben; pest[e].<\/em><\/span><\/td>\n<td style=\"width: 26.5476%; height: 28px; text-align: justify;\"><\/td>\n<\/tr>\n<tr style=\"height: 56px;\">\n<td style=\"text-align: center; width: 4.52381%; height: 56px;\"><span style=\"font-family: times new roman, times, serif; font-size: 10pt;\">174<\/span><\/td>\n<td style=\"text-align: center; width: 9.16668%; height: 56px;\"><span style=\"font-family: times new roman, times, serif; font-size: 10pt;\">11.11.1635<\/span><\/td>\n<td style=\"text-align: justify; width: 59.6429%; height: 56px;\"><span style=\"font-family: times new roman, times, serif; font-size: 10pt;\"><em>11ten Novemb[ris], ist Martinitag, ist Gud von Gei\u00df begraben: pest[e].<\/em><\/span><\/td>\n<td style=\"width: 26.5476%; height: 56px; text-align: justify;\"><span style=\"font-family: times new roman, times, serif; font-size: 10pt;\">Geisig (VG Bad Ems-Nassau, EMS)<\/span><\/td>\n<\/tr>\n<tr style=\"height: 56px;\">\n<td style=\"text-align: center; width: 4.52381%; height: 56px;\"><span style=\"font-family: times new roman, times, serif; font-size: 10pt;\">175<\/span><\/td>\n<td style=\"text-align: center; width: 9.16668%; height: 56px;\"><span style=\"font-family: times new roman, times, serif; font-size: 10pt;\">13.11.1635<\/span><\/td>\n<td style=\"text-align: justify; width: 59.6429%; height: 56px;\"><span style=\"font-family: times new roman, times, serif; font-size: 10pt;\"><em>13ten Novemb[ris] ist Madalena, Hern Johan Wendelini Rhodij, Pfarrers von Bacheimb, Dochter, begraben; pest[e].<\/em><\/span><\/td>\n<td style=\"width: 26.5476%; height: 56px; text-align: justify;\"><span style=\"font-family: times new roman, times, serif; font-size: 10pt;\">Bachheim (VG Nast\u00e4tten, EMS)<\/span><\/td>\n<\/tr>\n<tr style=\"height: 56px;\">\n<td style=\"text-align: center; width: 4.52381%; height: 56px;\"><span style=\"font-family: times new roman, times, serif; font-size: 10pt;\">176<\/span><\/td>\n<td style=\"text-align: center; width: 9.16668%; height: 56px;\"><span style=\"font-family: times new roman, times, serif; font-size: 10pt;\">13.11.1635<\/span><\/td>\n<td style=\"text-align: justify; width: 59.6429%; height: 56px;\"><span style=\"font-family: times new roman, times, serif; font-size: 10pt;\"><em>Eodem Johan Gottfried, filiol[us] ejusdem, begraben worden; pest[e].<\/em><\/span><\/td>\n<td style=\"width: 26.5476%; height: 56px; text-align: justify;\"><span style=\"font-family: times new roman, times, serif; font-size: 10pt;\">Bachheim (VG Nast\u00e4tten, EMS)<\/span><\/td>\n<\/tr>\n<tr style=\"height: 56px;\">\n<td style=\"text-align: center; width: 4.52381%; height: 56px;\"><span style=\"font-family: times new roman, times, serif; font-size: 10pt;\">177<\/span><\/td>\n<td style=\"text-align: center; width: 9.16668%; height: 56px;\"><span style=\"font-family: times new roman, times, serif; font-size: 10pt;\">14.11.1635<\/span><\/td>\n<td style=\"text-align: justify; width: 59.6429%; height: 56px;\"><span style=\"font-family: times new roman, times, serif; font-size: 10pt;\"><em>14ten Novembr[is] ist Anna Margreth, Peter Hinderw\u00e4ller\u00df Dochter, von Bacheimb, begraben worden; pest[e].<\/em><\/span><\/td>\n<td style=\"width: 26.5476%; height: 56px; text-align: justify;\"><\/td>\n<\/tr>\n<tr style=\"height: 28px;\">\n<td style=\"text-align: center; width: 4.52381%; height: 28px;\"><span style=\"font-family: times new roman, times, serif; font-size: 10pt;\">178<\/span><\/td>\n<td style=\"text-align: center; width: 9.16668%; height: 28px;\"><span style=\"font-family: times new roman, times, serif; font-size: 10pt;\">14.11.1635<\/span><\/td>\n<td style=\"text-align: justify; width: 59.6429%; height: 28px;\"><span style=\"font-family: times new roman, times, serif; font-size: 10pt;\"><em>Eodem Werner Fuch\u00df, ein Soldat, begraben worden; pest[e].<\/em><\/span><\/td>\n<td style=\"width: 26.5476%; height: 28px; text-align: justify;\"><\/td>\n<\/tr>\n<tr style=\"height: 28px;\">\n<td style=\"text-align: center; width: 4.52381%; height: 28px;\"><span style=\"font-family: times new roman, times, serif; font-size: 10pt;\">179<\/span><\/td>\n<td style=\"text-align: center; width: 9.16668%; height: 28px;\"><span style=\"font-family: times new roman, times, serif; font-size: 10pt;\">14.11.1635<\/span><\/td>\n<td style=\"text-align: justify; width: 59.6429%; height: 28px;\"><span style=\"font-family: times new roman, times, serif; font-size: 10pt;\"><em>Eodem Johan, ein Jung au\u00df der gemeinen Muhl, bey dem M\u00fcller Johannes Stotzen seiner (\u2026)<\/em><\/span><\/td>\n<td style=\"width: 26.5476%; height: 28px; text-align: justify;\"><\/td>\n<\/tr>\n<tr style=\"height: 28px;\">\n<td style=\"text-align: center; width: 4.52381%; height: 28px;\"><span style=\"font-family: times new roman, times, serif; font-size: 10pt;\">180<\/span><\/td>\n<td style=\"text-align: center; width: 9.16668%; height: 28px;\"><span style=\"font-family: times new roman, times, serif; font-size: 10pt;\">15.11.1635<\/span><\/td>\n<td style=\"text-align: justify; width: 59.6429%; height: 28px;\"><span style=\"font-family: times new roman, times, serif; font-size: 10pt;\"><em>15ten Novemb[ris] Henrich Friedgen ein Sohn begraben, Jeremias genandt; pest[e].<\/em><\/span><\/td>\n<td style=\"width: 26.5476%; height: 28px; text-align: justify;\"><\/td>\n<\/tr>\n<tr style=\"height: 56px;\">\n<td style=\"text-align: center; width: 4.52381%; height: 56px;\"><span style=\"font-family: times new roman, times, serif; font-size: 10pt;\">181<\/span><\/td>\n<td style=\"text-align: center; width: 9.16668%; height: 56px;\"><span style=\"font-family: times new roman, times, serif; font-size: 10pt;\">15.11.1635<\/span><\/td>\n<td style=\"text-align: justify; width: 59.6429%; height: 56px;\"><span style=\"font-family: times new roman, times, serif; font-size: 10pt;\"><em>Eodem Henrichs Jacoben von Ober Bacheimb ein Dochter begraben; Apollonia genandt.<\/em><\/span><\/td>\n<td style=\"width: 26.5476%; height: 56px; text-align: justify;\"><span style=\"font-family: times new roman, times, serif; font-size: 10pt;\">Oberbachheim (VG Nast\u00e4tten, EMS)<\/span><\/td>\n<\/tr>\n<tr style=\"height: 56px;\">\n<td style=\"text-align: center; width: 4.52381%; height: 56px;\"><span style=\"font-family: times new roman, times, serif; font-size: 10pt;\">182<\/span><\/td>\n<td style=\"text-align: center; width: 9.16668%; height: 56px;\"><span style=\"font-family: times new roman, times, serif; font-size: 10pt;\">16.11.1635<\/span><\/td>\n<td style=\"text-align: justify; width: 59.6429%; height: 56px;\"><span style=\"font-family: times new roman, times, serif; font-size: 10pt;\"><em>16ten Novemb[ris], Montag nach dem 25 Sontag Trin[itatis], ist Maria Elisabetha, de\u00df Pfarrer\u00df Horresii Dochter begraben; pest[e]. Gott verleih ir ein frolich Aufferstehung.<\/em><\/span><\/td>\n<td style=\"width: 26.5476%; height: 56px; text-align: justify;\"><\/td>\n<\/tr>\n<tr style=\"height: 56px;\">\n<td style=\"text-align: center; width: 4.52381%; height: 56px;\"><span style=\"font-family: times new roman, times, serif; font-size: 10pt;\">183<\/span><\/td>\n<td style=\"text-align: center; width: 9.16668%; height: 56px;\"><span style=\"font-family: times new roman, times, serif; font-size: 10pt;\">17.11.1635<\/span><\/td>\n<td style=\"text-align: justify; width: 59.6429%; height: 56px;\"><span style=\"font-family: times new roman, times, serif; font-size: 10pt;\"><em>17ten Novemb[ris] ist Herr Johannes Eisemius, Pfarrer von Marienfels, begraben worden; pest[e].<\/em><\/span><\/td>\n<td style=\"width: 26.5476%; height: 56px; text-align: justify;\"><span style=\"font-family: times new roman, times, serif; font-size: 10pt;\">Marienfels (VG Nast\u00e4tten, EMS)<\/span><\/td>\n<\/tr>\n<tr style=\"height: 28px;\">\n<td style=\"text-align: center; width: 4.52381%; height: 28px;\"><span style=\"font-family: times new roman, times, serif; font-size: 10pt;\">184<\/span><\/td>\n<td style=\"text-align: center; width: 9.16668%; height: 28px;\"><span style=\"font-family: times new roman, times, serif; font-size: 10pt;\">18.11.1635<\/span><\/td>\n<td style=\"text-align: justify; width: 59.6429%; height: 28px;\"><span style=\"font-family: times new roman, times, serif; font-size: 10pt;\"><em>18ten Novemb[ris] ist Wendel Hattenman begraben worden.<\/em><\/span><\/td>\n<td style=\"width: 26.5476%; height: 28px; text-align: justify;\"><\/td>\n<\/tr>\n<tr style=\"height: 56px;\">\n<td style=\"text-align: center; width: 4.52381%; height: 56px;\"><span style=\"font-family: times new roman, times, serif; font-size: 10pt;\">185<\/span><\/td>\n<td style=\"text-align: center; width: 9.16668%; height: 56px;\"><span style=\"font-family: times new roman, times, serif; font-size: 10pt;\">18.11.1635<\/span><\/td>\n<td style=\"text-align: justify; width: 59.6429%; height: 56px;\"><span style=\"font-family: times new roman, times, serif; font-size: 10pt;\"><em>Eodem Donges, Cyrein Clau\u00dfen <\/em><em>von Daxenhau\u00dfen Sohn, begraben worden.<\/em><\/span><\/td>\n<td style=\"width: 26.5476%; height: 56px; text-align: justify;\"><span style=\"font-family: times new roman, times, serif; font-size: 10pt;\">Dachsenhausen (VG Loreley, EMS)<br \/>\nOFB Dachsenhausen Nr. 0345 (Clos)<br \/>\n<\/span><\/td>\n<\/tr>\n<tr style=\"height: 56px;\">\n<td style=\"text-align: center; width: 4.52381%; height: 56px;\"><span style=\"font-family: times new roman, times, serif; font-size: 10pt;\">186<\/span><\/td>\n<td style=\"text-align: center; width: 9.16668%; height: 56px;\"><span style=\"font-family: times new roman, times, serif; font-size: 10pt;\">19.11.1635<\/span><\/td>\n<td style=\"text-align: justify; width: 59.6429%; height: 56px;\"><span style=\"font-family: times new roman, times, serif; font-size: 10pt;\"><em>19ten Novemb[ris] ist Johan Gottfried, Johannis Hoffman\u00df Sohn von Daxenhaussen, begraben worden; pest[e].<\/em><\/span><\/td>\n<td style=\"width: 26.5476%; height: 56px; text-align: justify;\"><span style=\"font-family: times new roman, times, serif; font-size: 10pt;\">Dachsenhausen (VG Loreley, EMS)<\/span><\/td>\n<\/tr>\n<tr style=\"height: 56px;\">\n<td style=\"text-align: center; width: 4.52381%; height: 56px;\"><span style=\"font-family: times new roman, times, serif; font-size: 10pt;\">187<\/span><\/td>\n<td style=\"text-align: center; width: 9.16668%; height: 56px;\"><span style=\"font-family: times new roman, times, serif; font-size: 10pt;\">20.11.1635<\/span><\/td>\n<td style=\"text-align: justify; width: 59.6429%; height: 56px;\"><span style=\"font-family: times new roman, times, serif; font-size: 10pt;\"><em>20ten Novemb[ris] ist Johannes Clau\u00df, der Schulthei\u00df von Daxenhaussen, begraben worden; pest[e].<\/em><\/span><\/td>\n<td style=\"width: 26.5476%; height: 56px; text-align: justify;\"><span style=\"font-family: times new roman, times, serif; font-size: 10pt;\">Dachsenhausen (VG Loreley, EMS)<br \/>\nOFB Dachsenhausen Nr. 0346 (Clos)<br \/>\n<\/span><\/td>\n<\/tr>\n<tr style=\"height: 56px;\">\n<td style=\"text-align: center; width: 4.52381%; height: 56px;\"><span style=\"font-family: times new roman, times, serif; font-size: 10pt;\">188<\/span><\/td>\n<td style=\"text-align: center; width: 9.16668%; height: 56px;\"><span style=\"font-family: times new roman, times, serif; font-size: 10pt;\">20.11.1635<\/span><\/td>\n<td style=\"text-align: justify; width: 59.6429%; height: 56px;\"><span style=\"font-family: times new roman, times, serif; font-size: 10pt;\"><em>Eodem Adam, Jacoben Bochels Sohn von Bacheim, begraben worden; pest[e].<\/em><\/span><\/td>\n<td style=\"width: 26.5476%; height: 56px; text-align: justify;\"><span style=\"font-family: times new roman, times, serif; font-size: 10pt;\">Bachheim (VG Nast\u00e4tten, EMS)<\/span><\/td>\n<\/tr>\n<tr style=\"height: 28px;\">\n<td style=\"text-align: center; width: 4.52381%; height: 28px;\"><span style=\"font-family: times new roman, times, serif; font-size: 10pt;\">189<\/span><\/td>\n<td style=\"text-align: center; width: 9.16668%; height: 28px;\"><span style=\"font-family: times new roman, times, serif; font-size: 10pt;\">20.11.1635<\/span><\/td>\n<td style=\"text-align: justify; width: 59.6429%; height: 28px;\"><span style=\"font-family: times new roman, times, serif; font-size: 10pt;\"><em>Eodem Susanna, Henrich Becker\u00df, de\u00df Fenrichs, Dochter, begraben worden; pest[e].<\/em><\/span><\/td>\n<td style=\"width: 26.5476%; height: 28px; text-align: justify;\"><\/td>\n<\/tr>\n<tr style=\"height: 56px;\">\n<td style=\"text-align: center; width: 4.52381%; height: 56px;\"><span style=\"font-family: times new roman, times, serif; font-size: 10pt;\">190<\/span><\/td>\n<td style=\"text-align: center; width: 9.16668%; height: 56px;\"><span style=\"font-family: times new roman, times, serif; font-size: 10pt;\">20.11.1635<\/span><\/td>\n<td style=\"text-align: justify; width: 59.6429%; height: 56px;\"><span style=\"font-family: times new roman, times, serif; font-size: 10pt;\"><em>Eodem Margreth, Barthel Kieffer\u00df von Bau\u00dfheimb, eines Soldaten, Dochter, begraben worden; pest[e].<\/em><\/span><\/td>\n<td style=\"width: 26.5476%; height: 56px; text-align: justify;\"><span style=\"font-family: times new roman, times, serif; font-size: 10pt;\"><em>Bau\u00dfheimb <\/em>[= R\u00fcsselsheim-Bauschheim ? (Lkr. Gro\u00df-Gerau)]<em><br \/>\n<\/em><\/span><\/td>\n<\/tr>\n<tr style=\"height: 56px;\">\n<td style=\"text-align: center; width: 4.52381%; height: 56px;\"><span style=\"font-family: times new roman, times, serif; font-size: 10pt;\">191<\/span><\/td>\n<td style=\"text-align: center; width: 9.16668%; height: 56px;\"><span style=\"font-family: times new roman, times, serif; font-size: 10pt;\">22.11.1635<\/span><\/td>\n<td style=\"text-align: justify; width: 59.6429%; height: 56px;\"><span style=\"font-family: times new roman, times, serif; font-size: 10pt;\"><em>22ten Novemb[ris] ist Herr Johannes Pistorius, Pfarrer von Daxenhaussen, begraben vnd in die Pfarrkirch geleget worden; pest[e].<\/em><\/span><\/td>\n<td style=\"width: 26.5476%; height: 56px; text-align: justify;\"><span style=\"font-family: times new roman, times, serif; font-size: 10pt;\">Dachsenhausen (VG Loreley, EMS)<\/span><\/td>\n<\/tr>\n<tr style=\"height: 28px;\">\n<td style=\"text-align: center; width: 4.52381%; height: 28px;\"><span style=\"font-family: times new roman, times, serif; font-size: 10pt;\">192<\/span><\/td>\n<td style=\"text-align: center; width: 9.16668%; height: 28px;\"><span style=\"font-family: times new roman, times, serif; font-size: 10pt;\">23.11.1635<\/span><\/td>\n<td style=\"text-align: justify; width: 59.6429%; height: 28px;\"><span style=\"font-family: times new roman, times, serif; font-size: 10pt;\"><em>23ten Nov[embris] ist Magdalena, Nicla\u00df Reissings Dochter, begraben worden; pest[e].<\/em><\/span><\/td>\n<td style=\"width: 26.5476%; height: 28px; text-align: justify;\"><\/td>\n<\/tr>\n<tr style=\"height: 28px;\">\n<td style=\"text-align: center; width: 4.52381%; height: 28px;\"><span style=\"font-family: times new roman, times, serif; font-size: 10pt;\">193<\/span><\/td>\n<td style=\"text-align: center; width: 9.16668%; height: 28px;\"><span style=\"font-family: times new roman, times, serif; font-size: 10pt;\">25.11.1635<\/span><\/td>\n<td style=\"text-align: justify; width: 59.6429%; height: 28px;\"><span style=\"font-family: times new roman, times, serif; font-size: 10pt;\"><em>25ten Novemb[ris] ist Anna Margreth, Simon Dienenthal\u00df Dochter, begraben worden.<\/em><\/span><\/td>\n<td style=\"width: 26.5476%; height: 28px; text-align: justify;\"><\/td>\n<\/tr>\n<tr style=\"height: 28px;\">\n<td style=\"text-align: center; width: 4.52381%; height: 28px;\"><span style=\"font-family: times new roman, times, serif; font-size: 10pt;\">194<\/span><\/td>\n<td style=\"text-align: center; width: 9.16668%; height: 28px;\"><span style=\"font-family: times new roman, times, serif; font-size: 10pt;\">25.11.1635<\/span><\/td>\n<td style=\"text-align: justify; width: 59.6429%; height: 28px;\"><span style=\"font-family: times new roman, times, serif; font-size: 10pt;\"><em>Eodem werden begraben Philips Caspar vnd Catharina, Han\u00df Stollen Kinder.<\/em><\/span><\/td>\n<td style=\"width: 26.5476%; height: 28px; text-align: justify;\"><\/td>\n<\/tr>\n<tr style=\"height: 28px;\">\n<td style=\"text-align: center; width: 4.52381%; height: 28px;\"><span style=\"font-family: times new roman, times, serif; font-size: 10pt;\">195<\/span><\/td>\n<td style=\"text-align: center; width: 9.16668%; height: 28px;\"><span style=\"font-family: times new roman, times, serif; font-size: 10pt;\">25.11.1635<\/span><\/td>\n<td style=\"text-align: justify; width: 59.6429%; height: 28px;\"><span style=\"font-family: times new roman, times, serif; font-size: 10pt;\"><em>Eodem werden begraben Philips Caspar vnd Catharina, Han\u00df Stollen Kinder.<\/em><\/span><\/td>\n<td style=\"width: 26.5476%; height: 28px; text-align: justify;\"><\/td>\n<\/tr>\n<tr style=\"height: 56px;\">\n<td style=\"text-align: center; width: 4.52381%; height: 56px;\"><span style=\"font-family: times new roman, times, serif; font-size: 10pt;\">196<\/span><\/td>\n<td style=\"text-align: center; width: 9.16668%; height: 56px;\"><span style=\"font-family: times new roman, times, serif; font-size: 10pt;\">26.11.1635<\/span><\/td>\n<td style=\"text-align: justify; width: 59.6429%; height: 56px;\"><span style=\"font-family: times new roman, times, serif; font-size: 10pt;\"><em>26ten Novemb[ris] ist Anna Catharina, Lorentz Bornigen Dochter, eines Soldaten, begraben; pest[e].<\/em><\/span><\/td>\n<td style=\"width: 26.5476%; height: 56px; text-align: justify;\"><\/td>\n<\/tr>\n<tr style=\"height: 28px;\">\n<td style=\"text-align: center; width: 4.52381%; height: 28px;\"><span style=\"font-family: times new roman, times, serif; font-size: 10pt;\">197<\/span><\/td>\n<td style=\"text-align: center; width: 9.16668%; height: 28px;\"><span style=\"font-family: times new roman, times, serif; font-size: 10pt;\">26.11.1635<\/span><\/td>\n<td style=\"text-align: justify; width: 59.6429%; height: 28px;\"><span style=\"font-family: times new roman, times, serif; font-size: 10pt;\"><em>Eodem ward begraben Caspar, der Trommenschleger alhier, von Beuern b\u00fcrtig.<\/em><\/span><\/td>\n<td style=\"width: 26.5476%; height: 28px; text-align: justify;\"><span style=\"font-family: times new roman, times, serif; font-size: 10pt;\"><em>Beuern<\/em><\/span><\/td>\n<\/tr>\n<tr style=\"height: 28px;\">\n<td style=\"text-align: center; width: 4.52381%; height: 28px;\"><span style=\"font-family: times new roman, times, serif; font-size: 10pt;\">198<\/span><\/td>\n<td style=\"text-align: center; width: 9.16668%; height: 28px;\"><span style=\"font-family: times new roman, times, serif; font-size: 10pt;\">30.11.1635<\/span><\/td>\n<td style=\"text-align: justify; width: 59.6429%; height: 28px;\"><span style=\"font-family: times new roman, times, serif; font-size: 10pt;\"><em>30 Novemb[ris] auff Andre\u00e6 Tag ward Anna Margreth, Hans Stollen Frau begraben; pest[e].<\/em><\/span><\/td>\n<td style=\"width: 26.5476%; height: 28px; text-align: justify;\"><\/td>\n<\/tr>\n<tr style=\"height: 56px;\">\n<td style=\"text-align: center; width: 4.52381%; height: 56px;\"><span style=\"font-family: times new roman, times, serif; font-size: 10pt;\">199<\/span><\/td>\n<td style=\"text-align: center; width: 9.16668%; height: 56px;\"><span style=\"font-family: times new roman, times, serif; font-size: 10pt;\">30.11.1635<\/span><\/td>\n<td style=\"text-align: justify; width: 59.6429%; height: 56px;\"><span style=\"font-family: times new roman, times, serif; font-size: 10pt;\"><em>Eodem Anna Barbara, Peter Motters Dochter von Daxenhau\u00dfen; pest[e].<\/em><\/span><\/td>\n<td style=\"width: 26.5476%; height: 56px; text-align: justify;\"><span style=\"font-family: times new roman, times, serif; font-size: 10pt;\">Dachsenhausen (VG Loreley, EMS)<\/span><\/td>\n<\/tr>\n<tr style=\"height: 56px;\">\n<td style=\"text-align: center; width: 4.52381%; height: 56px;\"><span style=\"font-family: times new roman, times, serif; font-size: 10pt;\">200<\/span><\/td>\n<td style=\"text-align: center; width: 9.16668%; height: 56px;\"><span style=\"font-family: times new roman, times, serif; font-size: 10pt;\">30.11.1635<\/span><\/td>\n<td style=\"text-align: justify; width: 59.6429%; height: 56px;\"><span style=\"font-family: times new roman, times, serif; font-size: 10pt;\"><em>Eodem Han\u00df Melchior, Philips Dreyfeller\u00df Sohn von Gei\u00df; pest[e].<\/em><\/span><\/td>\n<td style=\"width: 26.5476%; height: 56px; text-align: justify;\"><span style=\"font-family: times new roman, times, serif; font-size: 10pt;\">Geisig (VG Bad Ems-Nassau, EMS)<\/span><\/td>\n<\/tr>\n<tr style=\"height: 84px;\">\n<td style=\"text-align: center; width: 4.52381%; height: 84px;\"><span style=\"font-family: times new roman, times, serif; font-size: 10pt;\">201<\/span><\/td>\n<td style=\"text-align: center; width: 9.16668%; height: 84px;\"><span style=\"font-family: times new roman, times, serif; font-size: 10pt;\">04.12.1635<\/span><\/td>\n<td style=\"text-align: justify; width: 59.6429%; height: 84px;\"><span style=\"font-family: times new roman, times, serif; font-size: 10pt;\"><em>4ten Decemb[ris] ist Peter, Gerhard Gaisen Sohn von Filsen, begraben worden; pest[e].<\/em><\/span><\/td>\n<td style=\"width: 26.5476%; height: 84px; text-align: justify;\"><span style=\"font-family: times new roman, times, serif; font-size: 10pt;\">Filsen (VG Loreley, EMS, ehemalig Pfarrei Boppard); siehe OFB Boppard Nr. G\/025<\/span><\/td>\n<\/tr>\n<tr style=\"height: 56px;\">\n<td style=\"text-align: center; width: 4.52381%; height: 56px;\"><span style=\"font-family: times new roman, times, serif; font-size: 10pt;\">202<\/span><\/td>\n<td style=\"text-align: center; width: 9.16668%; height: 56px;\"><span style=\"font-family: times new roman, times, serif; font-size: 10pt;\">08.12.1635<\/span><\/td>\n<td style=\"text-align: justify; width: 59.6429%; height: 56px;\"><span style=\"font-family: times new roman, times, serif; font-size: 10pt;\"><em>8ten Decemb[ris] ist Anna Maria, Herrn Johan Wendel Rhodij, Pfarrers von Bacheimb, Magd, begraben worden; obiit pest[e]; sonsten Andre\u00e6 &#8230;ner\u00df Dochter von Ober Bacheimb.<\/em><\/span><\/td>\n<td style=\"width: 26.5476%; height: 56px; text-align: justify;\"><span style=\"font-family: times new roman, times, serif; font-size: 10pt;\">Oberbachheim (VG Nast\u00e4tten, EMS)<\/span><\/td>\n<\/tr>\n<tr style=\"height: 28px;\">\n<td style=\"text-align: center; width: 4.52381%; height: 28px;\"><span style=\"font-family: times new roman, times, serif; font-size: 10pt;\">203<\/span><\/td>\n<td style=\"text-align: center; width: 9.16668%; height: 28px;\"><span style=\"font-family: times new roman, times, serif; font-size: 10pt;\">08.12.1635<\/span><\/td>\n<td style=\"text-align: justify; width: 59.6429%; height: 28px;\"><span style=\"font-family: times new roman, times, serif; font-size: 10pt;\"><em>Eodem Catharina, Han\u00df Scheffers Dochter von Dornholtzhau\u00dfen, begraben worden; pest[e].<\/em><\/span><\/td>\n<td style=\"width: 26.5476%; height: 28px; text-align: justify;\"><\/td>\n<\/tr>\n<tr style=\"height: 56px;\">\n<td style=\"text-align: center; width: 4.52381%; height: 56px;\"><span style=\"font-family: times new roman, times, serif; font-size: 10pt;\">204<\/span><\/td>\n<td style=\"text-align: center; width: 9.16668%; height: 56px;\"><span style=\"font-family: times new roman, times, serif; font-size: 10pt;\">08.12.1635<\/span><\/td>\n<td style=\"text-align: justify; width: 59.6429%; height: 56px;\"><span style=\"font-family: times new roman, times, serif; font-size: 10pt;\"><em>Eodem Appollonia, Jacob Bochels Dochter von Ober Bacheimb, begraben worden; pest[e].<\/em><\/span><\/td>\n<td style=\"width: 26.5476%; height: 56px; text-align: justify;\"><span style=\"font-family: times new roman, times, serif; font-size: 10pt;\">Oberbachheim (VG Nast\u00e4tten, EMS)<\/span><\/td>\n<\/tr>\n<tr style=\"height: 56px;\">\n<td style=\"text-align: center; width: 4.52381%; height: 56px;\"><span style=\"font-family: times new roman, times, serif; font-size: 10pt;\">205<\/span><\/td>\n<td style=\"text-align: center; width: 9.16668%; height: 56px;\"><span style=\"font-family: times new roman, times, serif; font-size: 10pt;\">10.12.1635<\/span><\/td>\n<td style=\"text-align: justify; width: 59.6429%; height: 56px;\"><span style=\"font-family: times new roman, times, serif; font-size: 10pt;\"><em>10ten Decemb[ris] ist Peter Adam, Peter M\u00f6tter\u00df Sohn von Daxenhau\u00dfen, begraben worden; pest[e].<\/em><\/span><\/td>\n<td style=\"width: 26.5476%; height: 56px; text-align: justify;\"><span style=\"font-family: times new roman, times, serif; font-size: 10pt;\">Dachsenhausen (VG Loreley, EMS)<\/span><\/td>\n<\/tr>\n<tr style=\"height: 56px;\">\n<td style=\"text-align: center; width: 4.52381%; height: 56px;\"><span style=\"font-family: times new roman, times, serif; font-size: 10pt;\">206<\/span><\/td>\n<td style=\"text-align: center; width: 9.16668%; height: 56px;\"><span style=\"font-family: times new roman, times, serif; font-size: 10pt;\">10.12.1635<\/span><\/td>\n<td style=\"text-align: justify; width: 59.6429%; height: 56px;\"><span style=\"font-family: times new roman, times, serif; font-size: 10pt;\"><em>Eodem ward begraben Peter Conrad, de\u00df verstorbenen Soldaten vnder Bussecken, nachgelassenes Sohnlein von Nider Erlenbach; pest[e].<\/em><\/span><\/td>\n<td style=\"width: 26.5476%; height: 56px; text-align: justify;\"><span style=\"font-family: times new roman, times, serif; font-size: 10pt;\">Nieder Erlenbach (Frankfurt-Nieder-Erlenbach ?)<\/span><\/td>\n<\/tr>\n<tr style=\"height: 56px;\">\n<td style=\"text-align: center; width: 4.52381%; height: 56px;\"><span style=\"font-family: times new roman, times, serif; font-size: 10pt;\">207<\/span><\/td>\n<td style=\"text-align: center; width: 9.16668%; height: 56px;\"><span style=\"font-family: times new roman, times, serif; font-size: 10pt;\">11.12.1635<\/span><\/td>\n<td style=\"text-align: justify; width: 59.6429%; height: 56px;\"><span style=\"font-family: times new roman, times, serif; font-size: 10pt;\"><em>11ten Decemb[ris] Donges Jacob, Henrich Jacobs Sohn von Ober Bacheimb, begraben worden.<\/em><\/span><\/td>\n<td style=\"width: 26.5476%; height: 56px; text-align: justify;\"><span style=\"font-family: times new roman, times, serif; font-size: 10pt;\">Oberbachheim (VG Nast\u00e4tten, EMS)<\/span><\/td>\n<\/tr>\n<tr style=\"height: 56px;\">\n<td style=\"text-align: center; width: 4.52381%; height: 56px;\"><span style=\"font-family: times new roman, times, serif; font-size: 10pt;\">208<\/span><\/td>\n<td style=\"text-align: center; width: 9.16668%; height: 56px;\"><span style=\"font-family: times new roman, times, serif; font-size: 10pt;\">13.12.1635<\/span><\/td>\n<td style=\"text-align: justify; width: 59.6429%; height: 56px;\"><span style=\"font-family: times new roman, times, serif; font-size: 10pt;\"><em>13ten Decemb[ris] ist Jacob Muller von Daxenhau\u00dfen begraben.<\/em><\/span><\/td>\n<td style=\"width: 26.5476%; height: 56px; text-align: justify;\"><span style=\"font-family: times new roman, times, serif; font-size: 10pt;\">Dachsenhausen (VG Loreley, EMS)<\/span><\/td>\n<\/tr>\n<tr style=\"height: 56px;\">\n<td style=\"text-align: center; width: 4.52381%; height: 56px;\"><span style=\"font-family: times new roman, times, serif; font-size: 10pt;\">209<\/span><\/td>\n<td style=\"text-align: center; width: 9.16668%; height: 56px;\"><span style=\"font-family: times new roman, times, serif; font-size: 10pt;\">13.12.1635<\/span><\/td>\n<td style=\"text-align: justify; width: 59.6429%; height: 56px;\"><span style=\"font-family: times new roman, times, serif; font-size: 10pt;\"><em>Eodem ward Anna Margreth, Johannis Hards Dochter von Hohensteden begraben.<\/em><\/span><\/td>\n<td style=\"width: 26.5476%; height: 56px; text-align: justify;\"><span style=\"font-family: times new roman, times, serif; font-size: 10pt;\">Hahnst\u00e4tten (VG Aar-Einrich, EMS)<\/span><\/td>\n<\/tr>\n<tr style=\"height: 56px;\">\n<td style=\"text-align: center; width: 4.52381%; height: 56px;\"><span style=\"font-family: times new roman, times, serif; font-size: 10pt;\">210<\/span><\/td>\n<td style=\"text-align: center; width: 9.16668%; height: 56px;\"><span style=\"font-family: times new roman, times, serif; font-size: 10pt;\">15.12.1635<\/span><\/td>\n<td style=\"text-align: justify; width: 59.6429%; height: 56px;\"><span style=\"font-family: times new roman, times, serif; font-size: 10pt;\"><em>15ten Decemb[ris] ist Johannes, Johannis Hoffmans Sohn von Gemmerick begraben worden; pest[e].<\/em><\/span><\/td>\n<td style=\"width: 26.5476%; height: 56px; text-align: justify;\"><span style=\"font-family: times new roman, times, serif; font-size: 10pt;\">Gemmerich (VG Nast\u00e4tten, EMS)<\/span><\/td>\n<\/tr>\n<tr style=\"height: 56px;\">\n<td style=\"text-align: center; width: 4.52381%; height: 56px;\"><span style=\"font-family: times new roman, times, serif; font-size: 10pt;\">211<\/span><\/td>\n<td style=\"text-align: center; width: 9.16668%; height: 56px;\"><span style=\"font-family: times new roman, times, serif; font-size: 10pt;\">15.12.1635<\/span><\/td>\n<td style=\"text-align: justify; width: 59.6429%; height: 56px;\"><span style=\"font-family: times new roman, times, serif; font-size: 10pt;\"><em>Eodem ward begraben Anna Catharina, Jacob Motter\u00df Dochter von Dachenhausen, pest[e].<\/em><\/span><\/td>\n<td style=\"width: 26.5476%; height: 56px; text-align: justify;\"><span style=\"font-family: times new roman, times, serif; font-size: 10pt;\">Dachsenhausen (VG Loreley, EMS)<\/span><\/td>\n<\/tr>\n<tr style=\"height: 56px;\">\n<td style=\"text-align: center; width: 4.52381%; height: 56px;\"><span style=\"font-family: times new roman, times, serif; font-size: 10pt;\">212<\/span><\/td>\n<td style=\"text-align: center; width: 9.16668%; height: 56px;\"><span style=\"font-family: times new roman, times, serif; font-size: 10pt;\">16.12.1635<\/span><\/td>\n<td style=\"text-align: justify; width: 59.6429%; height: 56px;\"><span style=\"font-family: times new roman, times, serif; font-size: 10pt;\"><em>16ten Decemb[ris] ist Elisabeth, Henrichs Hau\u00dfen Wittib von Gemmerick, begraben worden; pest[e].<\/em><\/span><\/td>\n<td style=\"width: 26.5476%; height: 56px; text-align: justify;\"><span style=\"font-family: times new roman, times, serif; font-size: 10pt;\">Gemmerich (VG Nast\u00e4tten, EMS)<\/span><\/td>\n<\/tr>\n<tr style=\"height: 56px;\">\n<td style=\"text-align: center; width: 4.52381%; height: 56px;\"><span style=\"font-family: times new roman, times, serif; font-size: 10pt;\">213<\/span><\/td>\n<td style=\"text-align: center; width: 9.16668%; height: 56px;\"><span style=\"font-family: times new roman, times, serif; font-size: 10pt;\">16.12.1635<\/span><\/td>\n<td style=\"text-align: justify; width: 59.6429%; height: 56px;\"><span style=\"font-family: times new roman, times, serif; font-size: 10pt;\"><em>Eodem ward begraben Martin, Han\u00df Donges von Ober Bacheimb Sohn; pest[e].<\/em><\/span><\/td>\n<td style=\"width: 26.5476%; height: 56px; text-align: justify;\"><span style=\"font-family: times new roman, times, serif; font-size: 10pt;\">Oberbachheim (VG Nast\u00e4tten, EMS)<\/span><\/td>\n<\/tr>\n<tr style=\"height: 56px;\">\n<td style=\"text-align: center; width: 4.52381%; height: 56px;\"><span style=\"font-family: times new roman, times, serif; font-size: 10pt;\">214<\/span><\/td>\n<td style=\"text-align: center; width: 9.16668%; height: 56px;\"><span style=\"font-family: times new roman, times, serif; font-size: 10pt;\">18.12.1635<\/span><\/td>\n<td style=\"text-align: justify; width: 59.6429%; height: 56px;\"><span style=\"font-family: times new roman, times, serif; font-size: 10pt;\"><em>18ten Decemb[ris] Gertrauth, Peter Heymans Dochter begraben worden von Swiekaussen; pest[e].<\/em><\/span><\/td>\n<td style=\"width: 26.5476%; height: 56px; text-align: justify;\"><span style=\"font-family: times new roman, times, serif; font-size: 10pt;\">Schweighausen (VG Bad Ems-Nassau, EMS)<\/span><\/td>\n<\/tr>\n<tr style=\"height: 56px;\">\n<td style=\"text-align: center; width: 4.52381%; height: 56px;\"><span style=\"font-family: times new roman, times, serif; font-size: 10pt;\">215<\/span><\/td>\n<td style=\"text-align: center; width: 9.16668%; height: 56px;\"><span style=\"font-family: times new roman, times, serif; font-size: 10pt;\">20.12.1635<\/span><\/td>\n<td style=\"text-align: justify; width: 59.6429%; height: 56px;\"><span style=\"font-family: times new roman, times, serif; font-size: 10pt;\"><em>20ten Decemb[ris], war Dom[inica] 4 Advent[us], ward Susanna, die Schumacherin von Fr\u00fccht, begraben, Johannis Stotzen, de\u00df gemeinen M\u00fcllers Schwester; pest[e].<\/em><\/span><\/td>\n<td style=\"width: 26.5476%; height: 56px; text-align: justify;\"><span style=\"font-family: times new roman, times, serif; font-size: 10pt;\">Fr\u00fccht (VG Bad-Ems Nassau, EMS)<\/span><\/td>\n<\/tr>\n<tr style=\"height: 28px;\">\n<td style=\"text-align: center; width: 4.52381%; height: 28px;\"><span style=\"font-family: times new roman, times, serif; font-size: 10pt;\">216<\/span><\/td>\n<td style=\"text-align: center; width: 9.16668%; height: 28px;\"><span style=\"font-family: times new roman, times, serif; font-size: 10pt;\">20.12.1635<\/span><\/td>\n<td style=\"text-align: justify; width: 59.6429%; height: 28px;\"><span style=\"font-family: times new roman, times, serif; font-size: 10pt;\"><em>Eodem begraben Margreth, Bernhard Leyendecker\u00df s[elig] nachgelassene Widwe.<\/em><\/span><\/td>\n<td style=\"width: 26.5476%; height: 28px; text-align: justify;\"><\/td>\n<\/tr>\n<tr style=\"height: 28px;\">\n<td style=\"text-align: center; width: 4.52381%; height: 28px;\"><span style=\"font-family: times new roman, times, serif; font-size: 10pt;\">217<\/span><\/td>\n<td style=\"text-align: center; width: 9.16668%; height: 28px;\"><span style=\"font-family: times new roman, times, serif; font-size: 10pt;\">20.12.1635<\/span><\/td>\n<td style=\"text-align: justify; width: 59.6429%; height: 28px;\"><span style=\"font-family: times new roman, times, serif; font-size: 10pt;\"><em>Eodem ward begraben Johannes, Johannis Scheffer\u00df S\u00f6hnlein; pest[e].<\/em><\/span><\/td>\n<td style=\"width: 26.5476%; height: 28px; text-align: justify;\"><\/td>\n<\/tr>\n<tr style=\"height: 56px;\">\n<td style=\"text-align: center; width: 4.52381%; height: 56px;\"><span style=\"font-family: times new roman, times, serif; font-size: 10pt;\">218<\/span><\/td>\n<td style=\"text-align: center; width: 9.16668%; height: 56px;\"><span style=\"font-family: times new roman, times, serif; font-size: 10pt;\">21.12.1635<\/span><\/td>\n<td style=\"text-align: justify; width: 59.6429%; height: 56px;\"><span style=\"font-family: times new roman, times, serif; font-size: 10pt;\"><em>21ten Decemb[ris] ist Catharina, Stoffel Schmits Fraw von Gemerick, begraben worden; pest[e].<\/em><\/span><\/td>\n<td style=\"width: 26.5476%; height: 56px; text-align: justify;\"><span style=\"font-family: times new roman, times, serif; font-size: 10pt;\">Gemmerich (VG Nast\u00e4tten, EMS)<\/span><\/td>\n<\/tr>\n<tr style=\"height: 56px;\">\n<td style=\"text-align: center; width: 4.52381%; height: 56px;\"><span style=\"font-family: times new roman, times, serif; font-size: 10pt;\">219<\/span><\/td>\n<td style=\"text-align: center; width: 9.16668%; height: 56px;\"><span style=\"font-family: times new roman, times, serif; font-size: 10pt;\">21.12.1635<\/span><\/td>\n<td style=\"text-align: justify; width: 59.6429%; height: 56px;\"><span style=\"font-family: times new roman, times, serif; font-size: 10pt;\"><em>Eodem Michel\u00df Sohn von Fr\u00fccht Han\u00df Donges begraben worden; pest[e].<\/em><\/span><\/td>\n<td style=\"width: 26.5476%; height: 56px; text-align: justify;\"><span style=\"font-family: times new roman, times, serif; font-size: 10pt;\">Fr\u00fccht (VG Bad-Ems Nassau, EMS)<\/span><\/td>\n<\/tr>\n<tr style=\"height: 56px;\">\n<td style=\"text-align: center; width: 4.52381%; height: 56px;\"><span style=\"font-family: times new roman, times, serif; font-size: 10pt;\">220<\/span><\/td>\n<td style=\"text-align: center; width: 9.16668%; height: 56px;\"><span style=\"font-family: times new roman, times, serif; font-size: 10pt;\">22.12.1635<\/span><\/td>\n<td style=\"text-align: justify; width: 59.6429%; height: 56px;\"><span style=\"font-family: times new roman, times, serif; font-size: 10pt;\"><em>22ten Decemb[ris] ist Peter Paul[us], Philips M\u00f6tter\u00df Sohn von Daxenhaussen, begraben worden.<\/em><\/span><\/td>\n<td style=\"width: 26.5476%; height: 56px; text-align: justify;\"><span style=\"font-family: times new roman, times, serif; font-size: 10pt;\">Dachsenhausen (VG Loreley, EMS)<\/span><\/td>\n<\/tr>\n<tr style=\"height: 56px;\">\n<td style=\"text-align: center; width: 4.52381%; height: 56px;\"><span style=\"font-family: times new roman, times, serif; font-size: 10pt;\">221<\/span><\/td>\n<td style=\"text-align: center; width: 9.16668%; height: 56px;\"><span style=\"font-family: times new roman, times, serif; font-size: 10pt;\">26.12.1635<\/span><\/td>\n<td style=\"text-align: justify; width: 59.6429%; height: 56px;\"><span style=\"font-family: times new roman, times, serif; font-size: 10pt;\"><em>26ten Decemb[ris], auff Stephanitag, ist Georg, Johannis Hoffman\u00df Sohn von Gemmerick, begraben worden; pest[e].<\/em><\/span><\/td>\n<td style=\"width: 26.5476%; height: 56px; text-align: justify;\"><span style=\"font-family: times new roman, times, serif; font-size: 10pt;\">Gemmerich (VG Nast\u00e4tten, EMS)<\/span><\/td>\n<\/tr>\n<tr style=\"height: 28px;\">\n<td style=\"text-align: center; width: 4.52381%; height: 28px;\"><span style=\"font-family: times new roman, times, serif; font-size: 10pt;\">222<\/span><\/td>\n<td style=\"text-align: center; width: 9.16668%; height: 28px;\"><span style=\"font-family: times new roman, times, serif; font-size: 10pt;\">26.12.1635<\/span><\/td>\n<td style=\"text-align: justify; width: 59.6429%; height: 28px;\"><span style=\"font-family: times new roman, times, serif; font-size: 10pt;\"><em>Eodem ward Philips M\u00f6tter\u00df Kind begraben, so tod auf die Welt kommen.<\/em><\/span><\/td>\n<td style=\"width: 26.5476%; height: 28px; text-align: justify;\"><\/td>\n<\/tr>\n<tr style=\"height: 56px;\">\n<td style=\"text-align: center; width: 4.52381%; height: 56px;\"><span style=\"font-family: times new roman, times, serif; font-size: 10pt;\">223<\/span><\/td>\n<td style=\"text-align: center; width: 9.16668%; height: 56px;\"><span style=\"font-family: times new roman, times, serif; font-size: 10pt;\">26.12.1635<\/span><\/td>\n<td style=\"text-align: justify; width: 59.6429%; height: 56px;\"><span style=\"font-family: times new roman, times, serif; font-size: 10pt;\"><em>Eodem ward Nicla\u00df, Johannis Holtzhau\u00dfers Sohn von Fr\u00fccht, begraben; pest[e].<\/em><\/span><\/td>\n<td style=\"width: 26.5476%; height: 56px; text-align: justify;\"><span style=\"font-family: times new roman, times, serif; font-size: 10pt;\">Fr\u00fccht (VG Bad-Ems Nassau, EMS)<\/span><\/td>\n<\/tr>\n<tr style=\"height: 56px;\">\n<td style=\"text-align: center; width: 4.52381%; height: 56px;\"><span style=\"font-family: times new roman, times, serif; font-size: 10pt;\">224<\/span><\/td>\n<td style=\"text-align: center; width: 9.16668%; height: 56px;\"><span style=\"font-family: times new roman, times, serif; font-size: 10pt;\">27.12.1635<\/span><\/td>\n<td style=\"text-align: justify; width: 59.6429%; height: 56px;\"><span style=\"font-family: times new roman, times, serif; font-size: 10pt;\"><em>27ten Decemb[ris], auf Johannis Tag, ist Catharina, Philips M\u00f6tter\u00df Fraw von Daxenhau\u00dfen, begraben worden; pest[e].<\/em><\/span><\/td>\n<td style=\"width: 26.5476%; height: 56px; text-align: justify;\"><span style=\"font-family: times new roman, times, serif; font-size: 10pt;\">Dachsenhausen (VG Loreley, EMS)<\/span><\/td>\n<\/tr>\n<tr style=\"height: 28px;\">\n<td style=\"text-align: center; width: 4.52381%; height: 28px;\"><span style=\"font-family: times new roman, times, serif; font-size: 10pt;\">225<\/span><\/td>\n<td style=\"text-align: center; width: 9.16668%; height: 28px;\"><span style=\"font-family: times new roman, times, serif; font-size: 10pt;\">27.12.1635<\/span><\/td>\n<td style=\"text-align: justify; width: 59.6429%; height: 28px;\"><span style=\"font-family: times new roman, times, serif; font-size: 10pt;\"><em>Eodem ward Johannes, Peter Beckers, dess Organisten, Sohn, begraben; pest[e].<\/em><\/span><\/td>\n<td style=\"width: 26.5476%; height: 28px; text-align: justify;\"><\/td>\n<\/tr>\n<tr style=\"height: 56px;\">\n<td style=\"text-align: center; width: 4.52381%; height: 56px;\"><span style=\"font-family: times new roman, times, serif; font-size: 10pt;\">226<\/span><\/td>\n<td style=\"text-align: center; width: 9.16668%; height: 56px;\"><span style=\"font-family: times new roman, times, serif; font-size: 10pt;\">28.12.1635<\/span><\/td>\n<td style=\"text-align: justify; width: 59.6429%; height: 56px;\"><span style=\"font-family: times new roman, times, serif; font-size: 10pt;\"><em>28ten Decemb[ris] ist Johan Philips, Johannis Greben Sohn von Gemmerick, begraben worden; pest[e].<\/em><\/span><\/td>\n<td style=\"width: 26.5476%; height: 56px; text-align: justify;\"><span style=\"font-family: times new roman, times, serif; font-size: 10pt;\">Gemmerich (VG Nast\u00e4tten, EMS)<\/span><\/td>\n<\/tr>\n<tr style=\"height: 28px;\">\n<td style=\"text-align: center; width: 4.52381%; height: 28px;\"><span style=\"font-family: times new roman, times, serif; font-size: 10pt;\">227<\/span><\/td>\n<td style=\"text-align: center; width: 9.16668%; height: 28px;\"><span style=\"font-family: times new roman, times, serif; font-size: 10pt;\">28.12.1635<\/span><\/td>\n<td style=\"text-align: justify; width: 59.6429%; height: 28px;\"><span style=\"font-family: times new roman, times, serif; font-size: 10pt;\"><em>Eodem Johan Ludwig, Donges Nadeler\u00df Sohnlein, begraben worden.<\/em><\/span><\/td>\n<td style=\"width: 26.5476%; height: 28px; text-align: justify;\"><\/td>\n<\/tr>\n<tr style=\"height: 56px;\">\n<td style=\"text-align: center; width: 4.52381%; height: 56px;\"><span style=\"font-family: times new roman, times, serif; font-size: 10pt;\">228<\/span><\/td>\n<td style=\"text-align: center; width: 9.16668%; height: 56px;\"><span style=\"font-family: times new roman, times, serif; font-size: 10pt;\">30.12.1635<\/span><\/td>\n<td style=\"text-align: justify; width: 59.6429%; height: 56px;\"><span style=\"font-family: times new roman, times, serif; font-size: 10pt;\"><em>30ten Devemb[ris] hat Johan\u00df Donges von Bacheimb sein Sohn Johan Jacob begraben lassen; pest[e].<\/em><\/span><\/td>\n<td style=\"width: 26.5476%; height: 56px; text-align: justify;\"><span style=\"font-family: times new roman, times, serif; font-size: 10pt;\">Bachheim (VG Nast\u00e4tten, EMS)<\/span><\/td>\n<\/tr>\n<tr style=\"height: 28px;\">\n<td style=\"text-align: center; width: 4.52381%; height: 28px;\"><span style=\"font-family: times new roman, times, serif; font-size: 10pt;\">229<\/span><\/td>\n<td style=\"text-align: center; width: 9.16668%; height: 28px;\"><span style=\"font-family: times new roman, times, serif; font-size: 10pt;\">30.12.1635<\/span><\/td>\n<td style=\"text-align: justify; width: 59.6429%; height: 28px;\"><span style=\"font-family: times new roman, times, serif; font-size: 10pt;\"><em>Eodem ward begraben Anna Felizitas, de\u00df Scharffrichters Dochter alhier; pest[e].<\/em><\/span><\/td>\n<td style=\"width: 26.5476%; height: 28px; text-align: justify;\"><\/td>\n<\/tr>\n<\/tbody>\n<\/table>\n<hr \/>\n<p><span style=\"font-size: 10pt; font-family: times new roman, times, serif;\"><b>Letztes Update: 17. April 2021<\/b><\/span><br \/>\n<span style=\"font-size: 10pt; font-family: times new roman, times, serif;\"><b>Ralph Jackmuth<\/b><\/span><\/p>\n","protected":false},"excerpt":{"rendered":"<p>Da ich zur Zeit an einer Erfassung der Sterbeeintr\u00e4ge des ersten Braubacher Kirchenbuchs (1628-1672) arbeite, m\u00f6chte ich Interessierten die \u00fcberaus zahlreichen Eintr\u00e4ge der Jahre 1635-1636 hiermit zur Verf\u00fcgung stellen. Die meisten Verstorbenen litten an der Pest und sind Kinder. Nach der Z\u00e4hlung des Pfarrers Johann Kaspar Horresius (+ 12.09.l672 Braubach), der seit 1627 in Braubach &hellip; <a href=\"https:\/\/www.ahnenforschung-jackmuth.de\/?page_id=5963\" class=\"more-link\"><span class=\"screen-reader-text\">\u201ePesttote 1635\u201c<\/span> weiterlesen<\/a><\/p>\n","protected":false},"author":1,"featured_media":0,"parent":0,"menu_order":0,"comment_status":"closed","ping_status":"closed","template":"","meta":{"footnotes":""},"class_list":["post-5963","page","type-page","status-publish","hentry"],"_links":{"self":[{"href":"https:\/\/www.ahnenforschung-jackmuth.de\/index.php?rest_route=\/wp\/v2\/pages\/5963","targetHints":{"allow":["GET"]}}],"collection":[{"href":"https:\/\/www.ahnenforschung-jackmuth.de\/index.php?rest_route=\/wp\/v2\/pages"}],"about":[{"href":"https:\/\/www.ahnenforschung-jackmuth.de\/index.php?rest_route=\/wp\/v2\/types\/page"}],"author":[{"embeddable":true,"href":"https:\/\/www.ahnenforschung-jackmuth.de\/index.php?rest_route=\/wp\/v2\/users\/1"}],"replies":[{"embeddable":true,"href":"https:\/\/www.ahnenforschung-jackmuth.de\/index.php?rest_route=%2Fwp%2Fv2%2Fcomments&post=5963"}],"version-history":[{"count":0,"href":"https:\/\/www.ahnenforschung-jackmuth.de\/index.php?rest_route=\/wp\/v2\/pages\/5963\/revisions"}],"wp:attachment":[{"href":"https:\/\/www.ahnenforschung-jackmuth.de\/index.php?rest_route=%2Fwp%2Fv2%2Fmedia&parent=5963"}],"curies":[{"name":"wp","href":"https:\/\/api.w.org\/{rel}","templated":true}]}}