{"id":3988,"date":"2019-04-28T14:06:17","date_gmt":"2019-04-28T14:06:17","guid":{"rendered":"http:\/\/www.ahnenforschung-jackmuth.de\/?page_id=3988"},"modified":"2019-04-28T14:06:17","modified_gmt":"2019-04-28T14:06:17","slug":"ems-einleitung","status":"publish","type":"page","link":"https:\/\/www.ahnenforschung-jackmuth.de\/?page_id=3988","title":{"rendered":"Ems &#8211; Einleitung"},"content":{"rendered":"<p style=\"text-align: justify;\">Die vorliegende Untersuchung umfasst das erste erhaltene Kirchenbuch der ev. Pfarrei Bad Ems mit dem Dorf Ems, dem Bad und Kemmenau. Das Buch wurde von Pfarrer Johann Daniel Rauch nach dem Brand vom 28. Juli 1683, bei dem 17 Wohnh\u00e4user mit Scheuern und St\u00e4llen ein Raub der Flammen wurden, neu angelegt, da bei diesem Brand auch \u00e4ltere Kirchenb\u00fccher vernichtet wurden. Am 30. November 1687 wird diese Pfarrei von Johannes Leporinus \u00fcbernommen, der vorher fast 10 Jahre lang Schulmeister und Diakon in Braubach war. Leporinus hatte die Pfarrei bis zu seinem Tod am 20. Januar 1725 als gemeinschaftlicher Pfarrer f\u00fcr die beiden Landesherren Hessen-Darmstadt und Nassau-Diez inne, was nach Blick auf die Aktenlage nicht immer ohne Streit ablief. Auffallend ist jedoch seine \u00e4u\u00dferst exakte Kirchenbuchf\u00fchrung, wonach sich die Familien und Einwohner in Ems, Bad und Kemmenau m\u00fchelos rekonstruieren und zuweisen lie\u00dfen. Leider bricht die kontinuierliche Aufzeichnung der Taufen nach 733 Eintr\u00e4gen im April 1712 pl\u00f6tzlich ab. Im gleichen Jahr wird Ems von den Franzosen niedergebrannt und Pfarrer Leporinus f\u00fcr mehrere Monate nach Luxemburg verschleppt. F\u00fcr diese Zeit soll aushilfsweise ein Vikar bestellt werden (HHStAW, Abt. 355, Nr. 125). Die Todesf\u00e4lle brechen schon am 19.10.1710 ab (579 Eintr\u00e4ge), Ehen werden bis zum 04.01.1712 gef\u00fchrt (146 Eintr\u00e4ge), Proklamationen bis zum 19.03.1713 (129 Eintr\u00e4ge) und Konfirmationen bis zu Pfingsten 1713 (265 Eintr\u00e4ge). Prof. Dr. Maxeiner, der im August 1938 ein kommentiertes Inhaltsverzeichnis f\u00fcr das Kirchenbuch erstellt hat, vermutet die Anlage eines zweiten, aber verlorenen, Bandes. Nur Taufen werden noch, bis Johann Georg Joseph Wei\u00dfenbruch (sp\u00e4ter Pfarrer in Braubach) am 27.10.1726 die Pfarrei Ems \u00fcbernimmt und in einem neu angelegten (zweiten) Band wieder eine kontinuierliche Aufzeichnung beginnt, von mehreren H\u00e4nden f\u00fcr die Jahre 1712-1726 sporadisch eingetragen (92 Eintr\u00e4ge). Maxeiner weist sie Pfarrer Wei\u00dfenbruch, Lantz, Schetky und einigen Laien zu. Die Rekonstruktion der Familien und Einwohner umfasst alle diese genannten Eintr\u00e4ge zuz\u00fcglich der restlichen Tauf- Ehe- und Sterbeeintr\u00e4ge von Ende 1726 aus dem zweiten Band, um das Jahr 1726 vollst\u00e4ndig darzustellen. Pfarrer Leporinus f\u00fchrt auch ein P\u00f6nitentenregister \u00fcber die zur Kirchenbu\u00dfe herangezogenen Personen (fast alles wegen illeg. Geburten oder wenn die Zeit der Eheschlie\u00dfung verd\u00e4chtig nahe am Geburtstermin lag). Unter \u201eNotabilia\u201c vermerkt er die von Hessen-Darmstadt und Nassau-Diez angeordneten \u201eBu\u00df-, Fast-, Bet und Danktage\u201c (oft auch mit Angabe des politischen Ereignisses), die Einhaltung von Trauerzeiten bei Tod eines Landesherren, Konversionen und weitere Ereignisse in der Pfarrei. Diese besonderen Eintr\u00e4ge sind vollst\u00e4ndig \u00fcbertragen und teilweise bei den betreffenden Personen vermerkt (Konversionen, P\u00f6nitenzen).<\/p>\n<p>Fulda, im April 2019<br \/>\nRalph Jackmuth<\/p>\n","protected":false},"excerpt":{"rendered":"<p>Die vorliegende Untersuchung umfasst das erste erhaltene Kirchenbuch der ev. Pfarrei Bad Ems mit dem Dorf Ems, dem Bad und Kemmenau. Das Buch wurde von Pfarrer Johann Daniel Rauch nach dem Brand vom 28. Juli 1683, bei dem 17 Wohnh\u00e4user mit Scheuern und St\u00e4llen ein Raub der Flammen wurden, neu angelegt, da bei diesem Brand &hellip; <a href=\"https:\/\/www.ahnenforschung-jackmuth.de\/?page_id=3988\" class=\"more-link\"><span class=\"screen-reader-text\">\u201eEms &#8211; Einleitung\u201c<\/span> weiterlesen<\/a><\/p>\n","protected":false},"author":1,"featured_media":0,"parent":0,"menu_order":0,"comment_status":"closed","ping_status":"closed","template":"","meta":{"footnotes":""},"class_list":["post-3988","page","type-page","status-publish","hentry"],"_links":{"self":[{"href":"https:\/\/www.ahnenforschung-jackmuth.de\/index.php?rest_route=\/wp\/v2\/pages\/3988","targetHints":{"allow":["GET"]}}],"collection":[{"href":"https:\/\/www.ahnenforschung-jackmuth.de\/index.php?rest_route=\/wp\/v2\/pages"}],"about":[{"href":"https:\/\/www.ahnenforschung-jackmuth.de\/index.php?rest_route=\/wp\/v2\/types\/page"}],"author":[{"embeddable":true,"href":"https:\/\/www.ahnenforschung-jackmuth.de\/index.php?rest_route=\/wp\/v2\/users\/1"}],"replies":[{"embeddable":true,"href":"https:\/\/www.ahnenforschung-jackmuth.de\/index.php?rest_route=%2Fwp%2Fv2%2Fcomments&post=3988"}],"version-history":[{"count":0,"href":"https:\/\/www.ahnenforschung-jackmuth.de\/index.php?rest_route=\/wp\/v2\/pages\/3988\/revisions"}],"wp:attachment":[{"href":"https:\/\/www.ahnenforschung-jackmuth.de\/index.php?rest_route=%2Fwp%2Fv2%2Fmedia&parent=3988"}],"curies":[{"name":"wp","href":"https:\/\/api.w.org\/{rel}","templated":true}]}}