{"id":3951,"date":"2019-04-28T13:25:08","date_gmt":"2019-04-28T13:25:08","guid":{"rendered":"http:\/\/www.ahnenforschung-jackmuth.de\/?page_id=3951"},"modified":"2019-04-28T13:44:07","modified_gmt":"2019-04-28T13:44:07","slug":"ems-kb-1-notabilia-3","status":"publish","type":"page","link":"https:\/\/www.ahnenforschung-jackmuth.de\/?page_id=3951","title":{"rendered":"Ems KB 1 &#8211; Notabilia 3"},"content":{"rendered":"<p align=\"LEFT\"><span style=\"color: #000000;\"><b>Johannes Leporinus ab 30. November 1687 neuer Pfarrer in Ems<\/b><\/span><\/p>\n<p align=\"JUSTIFY\"><span style=\"color: #000000;\"><span style=\"font-size: medium;\">[pag. 775] <\/span><span style=\"font-size: medium;\"><i>Anno Christi 1687, am Tage St. Andre\u00e6 bin ich, Johannes Leporinus, zuvor 10 Jahr minus 4 Monat gewesener Diaconus vnd Schuldiener zu Braubach, nach vorher beschehener ordent[licher] Vocation vnd Examination<\/i><\/span> <span style=\"font-size: medium;\"><i>in Darmbstatt vnd Nassau, auff christ[liche] Verordnung vnd gn\u00e4digsten Befehl dero hochf\u00fcrst[lichen] Sambt-Herschafft von H[errn] M. Johann Henrich Vietore, Pfarrern in Braubach, vnd H[errn] Joh[ann] Jacob R\u00fcckern, reform[irten] Predigern vnd Inspectore zu Nassau, in Gegenw\u00e4rtigkeit Herrn Joh[ann] Burckhardt Plaustrarij, f\u00fcrst[lich] hessen-d[a]r[m]bst\u00e4ttischen Ambts-Kellers zu Br[au]bach, vndt Herrn Conrads von Bentheimb, f\u00fcrst[lich] nassau-dietzischen Ambtmanns zu Nassau, allhier in der gemeinschafft[lichen] Kirchen <\/i><\/span><span style=\"font-size: medium;\"><i>Embs vor einen Pfarrer vnd hiesigen christ[lichen] Gemeinde Nachfolger pr\u00e6sentiret vnd investiret<\/i><\/span> <span style=\"font-size: medium;\"><i>worden. Der gn[\u00e4dige] vnd barmhertzige Gott wolle bey dieser schweren Function mir, als seinem vnw\u00fcrdigsten Diener, die Gnade des h[eiligen] Geistes kr\u00e4fftiglichen verleihen, da\u00df ich da\u00df Werck eines evangelischen <\/i><\/span><span style=\"font-size: medium;\">[pag. 776]<\/span><span style=\"font-size: medium;\"><i> Predigers thun vnd mein Ampt redlich au\u00dfrichten, auff da\u00df ich dardurch nicht allein mich selbst, sondern auch die mich h\u00f6ren, selig machen m\u00f6ge. Amen.<\/i><\/span><\/span><\/p>\n<p><span style=\"color: #000000;\"><span style=\"font-size: medium;\"><i>2. Tim[otheus] 4 v[ersus] 5<br \/>\n1 Tim[otheus] 4 v[ersus] 16<br \/>\nJerem[ia] 28 v[ersus] 6<\/i><\/span><\/span><\/p>\n<hr \/>\n<p><strong>Gehaltene Predigten von Pfarrer Leporinus<\/strong><\/p>\n<p style=\"text-align: justify;\"><em>Anno reparat\u00e6 salutis 1688 \/: wozu der vorige Monat Decemb[ris] des 1687ten Jahres gezehlet ist :\/ sind von mir Joh[ann]es Leporino, p[ro] t[empore]<\/em> <em>pastore loci ordinario, durch g\u00f6tt[liche] Gnad vnd des h[eiligen] Geistes Beystand im Nahmen des gro\u00dfen Gottes 168 sacri sermones vnd Predigten gehalten vnd abgeleget worden. Hoffe vnd glaube gewi\u00df, Gott werde bey Haltung der Predigten seine herr[lichen] Verhei\u00dfung wahr machen, so geschrieben stehet Isai\u00e6 <\/em><em>55 cap[itulum], v[ersus] 10, 11.<\/em><\/p>\n<table style=\"height: 840px; width: 554px;\" width=\"479\">\n<tbody>\n<tr style=\"height: 28px;\">\n<td style=\"height: 28px; width: 448.017px;\"><em>Anno Christi 1689<\/em><\/td>\n<td style=\"text-align: right; height: 28px; width: 74.9833px;\"><em>154<\/em><\/td>\n<\/tr>\n<tr style=\"height: 28px;\">\n<td style=\"height: 28px; width: 448.017px;\"><em>A[nn]o Redemtionis Human\u00e6 1690<\/em><\/td>\n<td style=\"text-align: right; height: 28px; width: 74.9833px;\"><em>150<\/em><\/td>\n<\/tr>\n<tr style=\"height: 28px;\">\n<td style=\"height: 28px; width: 448.017px;\"><em>A[nn]o Natali Jesu Christi 1691<\/em><\/td>\n<td style=\"text-align: right; height: 28px; width: 74.9833px;\"><em>176<\/em><\/td>\n<\/tr>\n<tr style=\"height: 28px;\">\n<td style=\"height: 28px; width: 448.017px; text-align: right;\">[Summe 1687-1691]<\/td>\n<td style=\"text-align: right; height: 28px; width: 74.9833px;\"><em>648<\/em><\/td>\n<\/tr>\n<tr style=\"height: 28px;\">\n<td style=\"height: 28px; width: 448.017px;\">[pag. 777]<em> A[nn]o Natali Jesu Christi 1692<\/em><\/td>\n<td style=\"text-align: right; height: 28px; width: 74.9833px;\"><em>168<\/em><\/td>\n<\/tr>\n<tr style=\"height: 28px;\">\n<td style=\"height: 28px; width: 448.017px;\"><em>Anno Christi 1693<\/em><\/td>\n<td style=\"text-align: right; height: 28px; width: 74.9833px;\"><em>157<\/em><\/td>\n<\/tr>\n<tr style=\"height: 28px;\">\n<td style=\"height: 28px; width: 448.017px;\"><em>Anno \u00e6r\u00e6 Christian\u00e6 1694<\/em><\/td>\n<td style=\"text-align: right; height: 28px; width: 74.9833px;\"><em>158<\/em><\/td>\n<\/tr>\n<tr style=\"height: 28px;\">\n<td style=\"height: 28px; width: 448.017px;\"><em>Anno salutis nostr\u00e6 1695<\/em><\/td>\n<td style=\"text-align: right; height: 28px; width: 74.9833px;\"><em>158<\/em><\/td>\n<\/tr>\n<tr style=\"height: 28px;\">\n<td style=\"height: 28px; width: 448.017px;\"><em>Anno a Partu Virgineo 1696<\/em><\/td>\n<td style=\"text-align: right; height: 28px; width: 74.9833px;\"><em>156<\/em><\/td>\n<\/tr>\n<tr style=\"height: 28px;\">\n<td style=\"height: 28px; width: 448.017px;\"><em>Anno Epoches Christian\u00e6 1697<\/em><\/td>\n<td style=\"text-align: right; height: 28px; width: 74.9833px;\"><em>157<\/em><\/td>\n<\/tr>\n<tr style=\"height: 28px;\">\n<td style=\"height: 28px; width: 448.017px;\"><em>Anno a Salvatore Mundi nato<\/em><\/td>\n<td style=\"text-align: right; height: 28px; width: 74.9833px;\"><em>167<\/em><\/td>\n<\/tr>\n<tr style=\"height: 28px;\">\n<td style=\"height: 28px; width: 448.017px;\"><em>Anno Domini 1699<\/em><\/td>\n<td style=\"text-align: right; height: 28px; width: 74.9833px;\"><em>147<\/em><\/td>\n<\/tr>\n<tr style=\"height: 28px;\">\n<td style=\"height: 28px; width: 448.017px;\"><em>Anno Epoch\u00e6 Christianorum 1700<\/em><\/td>\n<td style=\"text-align: right; height: 28px; width: 74.9833px;\"><em>168<\/em><\/td>\n<\/tr>\n<tr style=\"height: 28px;\">\n<td style=\"height: 28px; width: 448.017px;\"><em>Anno recuperat\u00e6 per Christu[m] grati\u00e6 1701<\/em><\/td>\n<td style=\"text-align: right; height: 28px; width: 74.9833px;\"><em>160<\/em><\/td>\n<\/tr>\n<tr style=\"height: 28px;\">\n<td style=\"height: 28px; width: 448.017px;\"><em>Anno instaurat\u00e6 salutis 1702<\/em><\/td>\n<td style=\"text-align: right; height: 28px; width: 74.9833px;\"><em>151<\/em><\/td>\n<\/tr>\n<tr style=\"height: 28px;\">\n<td style=\"height: 28px; width: 448.017px;\"><em>Anno Incarnationis Dominic\u00e6 1703<\/em><\/td>\n<td style=\"text-align: right; height: 28px; width: 74.9833px;\"><em>160<\/em><\/td>\n<\/tr>\n<tr style=\"height: 28px;\">\n<td style=\"height: 28px; width: 448.017px;\"><em>Anno a Christi Nativitate 1704<\/em><\/td>\n<td style=\"text-align: right; height: 28px; width: 74.9833px;\"><em>168<\/em><\/td>\n<\/tr>\n<tr style=\"height: 28px;\">\n<td style=\"height: 28px; width: 448.017px;\"><em>Anno salutifer\u00e6 incarnationis 1705<\/em><\/td>\n<td style=\"text-align: right; height: 28px; width: 74.9833px;\"><em>174<\/em><\/td>\n<\/tr>\n<tr style=\"height: 28px;\">\n<td style=\"height: 28px; width: 448.017px;\"><em>verte 17 folia &amp; vid[e] ooo \u2026 \u2026<\/em><\/td>\n<td style=\"text-align: right; height: 28px; width: 74.9833px;\"><em>2249<\/em><\/td>\n<\/tr>\n<tr style=\"height: 28px;\">\n<td style=\"height: 28px; width: 448.017px;\">[pag. 811]<em> Anno a nato Christo, Dei &amp; Virginis filio 1706<\/em><\/td>\n<td style=\"text-align: right; height: 28px; width: 74.9833px;\"><em>141<\/em><\/td>\n<\/tr>\n<tr style=\"height: 28px;\">\n<td style=\"height: 28px; width: 448.017px;\"><em>Anno 1707 post Nativitatem Salutiferam Servatoris Mundi<\/em><\/td>\n<td style=\"text-align: right; height: 28px; width: 74.9833px;\"><em>161<\/em><\/td>\n<\/tr>\n<tr style=\"height: 28px;\">\n<td style=\"height: 28px; width: 448.017px;\"><em>Anno a nato Jesu Christo Domino &amp; Servatore nostro unico 1708<\/em><\/td>\n<td style=\"text-align: right; height: 28px; width: 74.9833px;\"><em>172<\/em><\/td>\n<\/tr>\n<tr style=\"height: 28px;\">\n<td style=\"height: 28px; width: 448.017px;\"><em>Anno Christi Nativitatis<\/em><\/td>\n<td style=\"text-align: right; height: 28px; width: 74.9833px;\"><em>162<\/em><\/td>\n<\/tr>\n<tr style=\"height: 56px;\">\n<td style=\"height: 56px; width: 448.017px;\"><em>Anno salutis restitut\u00e6 per filium Dei Dominum ac liberatorem \u00e6ternum Jesum Christum 1710<\/em><\/td>\n<td style=\"text-align: right; height: 56px; width: 74.9833px;\"><em>172<\/em><\/td>\n<\/tr>\n<tr style=\"height: 28px;\">\n<td style=\"height: 28px; width: 448.017px;\"><em>Anno partus virginei &amp; salutiferi 1711<\/em><\/td>\n<td style=\"text-align: right; height: 28px; width: 74.9833px;\"><em>165<\/em><\/td>\n<\/tr>\n<tr style=\"height: 28px;\">\n<td style=\"text-align: right; height: 28px; width: 448.017px;\">[Summe 1706-1711]<\/td>\n<td style=\"text-align: right; height: 28px; width: 74.9833px;\"><em>973<\/em><\/td>\n<\/tr>\n<tr style=\"height: 28px;\">\n<td style=\"text-align: right; height: 28px; width: 448.017px;\">[Summe 1692-1705]<\/td>\n<td style=\"text-align: right; height: 28px; width: 74.9833px;\"><em>2249<\/em><\/td>\n<\/tr>\n<tr style=\"height: 28px;\">\n<td style=\"text-align: right; height: 28px; width: 448.017px;\">[Summe 1687-1691]<\/td>\n<td style=\"text-align: right; height: 28px; width: 74.9833px;\"><em>648<\/em><\/td>\n<\/tr>\n<tr style=\"height: 28px;\">\n<td style=\"text-align: right; height: 28px; width: 448.017px;\">[Summe 1687-1711]<\/td>\n<td style=\"text-align: right; height: 28px; width: 74.9833px;\"><em>3870<\/em><\/td>\n<\/tr>\n<\/tbody>\n<\/table>\n<hr \/>\n<p style=\"text-align: justify;\"><strong><span style=\"font-size: 10pt;\">Letzte \u00c4nderung: 27. April 2019<\/span><\/strong><br \/>\n<strong><span style=\"font-size: 10pt;\">Ralph Jackmuth<\/span><\/strong><\/p>\n","protected":false},"excerpt":{"rendered":"<p>Johannes Leporinus ab 30. November 1687 neuer Pfarrer in Ems [pag. 775] Anno Christi 1687, am Tage St. Andre\u00e6 bin ich, Johannes Leporinus, zuvor 10 Jahr minus 4 Monat gewesener Diaconus vnd Schuldiener zu Braubach, nach vorher beschehener ordent[licher] Vocation vnd Examination in Darmbstatt vnd Nassau, auff christ[liche] Verordnung vnd gn\u00e4digsten Befehl dero hochf\u00fcrst[lichen] Sambt-Herschafft &hellip; <a href=\"https:\/\/www.ahnenforschung-jackmuth.de\/?page_id=3951\" class=\"more-link\"><span class=\"screen-reader-text\">\u201eEms KB 1 &#8211; Notabilia 3\u201c<\/span> weiterlesen<\/a><\/p>\n","protected":false},"author":1,"featured_media":0,"parent":0,"menu_order":0,"comment_status":"closed","ping_status":"closed","template":"","meta":{"footnotes":""},"class_list":["post-3951","page","type-page","status-publish","hentry"],"_links":{"self":[{"href":"https:\/\/www.ahnenforschung-jackmuth.de\/index.php?rest_route=\/wp\/v2\/pages\/3951","targetHints":{"allow":["GET"]}}],"collection":[{"href":"https:\/\/www.ahnenforschung-jackmuth.de\/index.php?rest_route=\/wp\/v2\/pages"}],"about":[{"href":"https:\/\/www.ahnenforschung-jackmuth.de\/index.php?rest_route=\/wp\/v2\/types\/page"}],"author":[{"embeddable":true,"href":"https:\/\/www.ahnenforschung-jackmuth.de\/index.php?rest_route=\/wp\/v2\/users\/1"}],"replies":[{"embeddable":true,"href":"https:\/\/www.ahnenforschung-jackmuth.de\/index.php?rest_route=%2Fwp%2Fv2%2Fcomments&post=3951"}],"version-history":[{"count":0,"href":"https:\/\/www.ahnenforschung-jackmuth.de\/index.php?rest_route=\/wp\/v2\/pages\/3951\/revisions"}],"wp:attachment":[{"href":"https:\/\/www.ahnenforschung-jackmuth.de\/index.php?rest_route=%2Fwp%2Fv2%2Fmedia&parent=3951"}],"curies":[{"name":"wp","href":"https:\/\/api.w.org\/{rel}","templated":true}]}}