{"id":3869,"date":"2019-04-28T11:05:27","date_gmt":"2019-04-28T11:05:27","guid":{"rendered":"http:\/\/www.ahnenforschung-jackmuth.de\/?page_id=3869"},"modified":"2019-04-28T11:18:50","modified_gmt":"2019-04-28T11:18:50","slug":"kemmenau-1683-1726","status":"publish","type":"page","link":"https:\/\/www.ahnenforschung-jackmuth.de\/?page_id=3869","title":{"rendered":"Kemmenau 1683-1726"},"content":{"rendered":"<p><strong>Die Familien und Einwohner von Kemmenau Bad 1683-1726 <\/strong>(nach dem 1. KB)<strong><br \/>\n<\/strong><\/p>\n<hr \/>\n<p><strong>Familiennamen<\/strong><\/p>\n<p><a href=\"http:\/\/www.ahnenforschung-jackmuth.de\/?page_id=3771\">Bay<\/a><br \/>\n<a href=\"http:\/\/www.ahnenforschung-jackmuth.de\/?page_id=3773\">Dollfu\u00df<\/a><br \/>\n<a href=\"http:\/\/www.ahnenforschung-jackmuth.de\/?page_id=3777\">Edelborn<\/a><br \/>\n<a href=\"http:\/\/www.ahnenforschung-jackmuth.de\/?page_id=3779\">Ellmingender<\/a><br \/>\n<a href=\"http:\/\/www.ahnenforschung-jackmuth.de\/?page_id=3782\">Eigenbrod<\/a><br \/>\n<a href=\"http:\/\/www.ahnenforschung-jackmuth.de\/?page_id=3784\">Frie\u00df<\/a><br \/>\n<a href=\"http:\/\/www.ahnenforschung-jackmuth.de\/?page_id=3786\">Hainer<\/a><br \/>\n<a href=\"http:\/\/www.ahnenforschung-jackmuth.de\/?page_id=3791\">Herppel<\/a><br \/>\n<a href=\"http:\/\/www.ahnenforschung-jackmuth.de\/?page_id=3794\">Hoffmann<\/a><br \/>\n<a href=\"http:\/\/www.ahnenforschung-jackmuth.de\/?page_id=3797\">Ho(h)rbach<\/a><br \/>\n<a href=\"http:\/\/www.ahnenforschung-jackmuth.de\/?page_id=3801\">Honders<\/a><br \/>\n<a href=\"http:\/\/www.ahnenforschung-jackmuth.de\/?page_id=3804\">Mennich<\/a><br \/>\n<a href=\"http:\/\/www.ahnenforschung-jackmuth.de\/?page_id=3807\">Mertz<\/a><br \/>\n<a href=\"http:\/\/www.ahnenforschung-jackmuth.de\/?page_id=3812\">M\u00fcller<\/a><br \/>\n<a href=\"http:\/\/www.ahnenforschung-jackmuth.de\/?page_id=3816\">Reichard\/Reichert<\/a><br \/>\n<a href=\"http:\/\/www.ahnenforschung-jackmuth.de\/?page_id=3819\">Schaab<\/a><br \/>\n<a href=\"http:\/\/www.ahnenforschung-jackmuth.de\/?page_id=3823\">Scheurer<\/a><br \/>\n<a href=\"http:\/\/www.ahnenforschung-jackmuth.de\/?page_id=3825\">Schmitt<\/a><br \/>\n<a href=\"http:\/\/www.ahnenforschung-jackmuth.de\/?page_id=3828\">Schneider<\/a><br \/>\n<a href=\"http:\/\/www.ahnenforschung-jackmuth.de\/?page_id=3831\">Schuck<\/a><br \/>\n<a href=\"http:\/\/www.ahnenforschung-jackmuth.de\/?page_id=3833\">Schweikhard<\/a><br \/>\n<a href=\"http:\/\/www.ahnenforschung-jackmuth.de\/?page_id=3836\">Strupmann<\/a><br \/>\n<a href=\"http:\/\/www.ahnenforschung-jackmuth.de\/?page_id=3839\">Thomas<\/a><br \/>\n<a href=\"http:\/\/www.ahnenforschung-jackmuth.de\/?page_id=3842\">V\u00f6llbach<\/a><br \/>\n<a href=\"http:\/\/www.ahnenforschung-jackmuth.de\/?page_id=3848\">Walther<\/a><br \/>\n<a href=\"http:\/\/www.ahnenforschung-jackmuth.de\/?page_id=3850\">Weber<\/a><br \/>\n<a href=\"http:\/\/www.ahnenforschung-jackmuth.de\/?page_id=3853\">Zimmerschied<\/a><br \/>\n<a href=\"http:\/\/www.ahnenforschung-jackmuth.de\/?page_id=3857\">Familienname unbekannt<\/a><\/p>\n<hr \/>\n<p><strong>Abk\u00fcrzungen<\/strong><\/p>\n<p>gt. \u2013 getauft<br \/>\nbg. \u2013 begraben<br \/>\nkonf. \u2013 konfirmiert<br \/>\nprokl. \u2013 proklamiert<br \/>\nilleg. \u2013 illegitim (unehelich)<br \/>\nDom. \u2013 Dominica (Sonntag)<br \/>\npost Epiph. \u2013 nach Epiphanias (06.01.)<br \/>\npost Trin. \u2013 nach Trinitatis (Sonntag nach Pfingsten)<br \/>\nPfr. \u2013 Pfarrer<br \/>\nLkr. \u2013 Landkreis<br \/>\nVG \u2013 Verbandsgemeinde<br \/>\nGem. \u2013 Gemeinde<br \/>\nKB \u2013 Kirchenbuch<\/p>\n<hr \/>\n<p><span style=\"font-size: 10pt;\"><strong>Letzte \u00c4nderung: 28. April 2019<\/strong><\/span><br \/>\n<span style=\"font-size: 10pt;\"><strong>Ralph Jackmuth<\/strong><\/span><\/p>\n","protected":false},"excerpt":{"rendered":"<p>Die Familien und Einwohner von Kemmenau Bad 1683-1726 (nach dem 1. KB) Familiennamen Bay Dollfu\u00df Edelborn Ellmingender Eigenbrod Frie\u00df Hainer Herppel Hoffmann Ho(h)rbach Honders Mennich Mertz M\u00fcller Reichard\/Reichert Schaab Scheurer Schmitt Schneider Schuck Schweikhard Strupmann Thomas V\u00f6llbach Walther Weber Zimmerschied Familienname unbekannt Abk\u00fcrzungen gt. \u2013 getauft bg. \u2013 begraben konf. \u2013 konfirmiert prokl. \u2013 proklamiert &hellip; <a href=\"https:\/\/www.ahnenforschung-jackmuth.de\/?page_id=3869\" class=\"more-link\"><span class=\"screen-reader-text\">\u201eKemmenau 1683-1726\u201c<\/span> weiterlesen<\/a><\/p>\n","protected":false},"author":1,"featured_media":0,"parent":0,"menu_order":0,"comment_status":"closed","ping_status":"closed","template":"","meta":{"footnotes":""},"class_list":["post-3869","page","type-page","status-publish","hentry"],"_links":{"self":[{"href":"https:\/\/www.ahnenforschung-jackmuth.de\/index.php?rest_route=\/wp\/v2\/pages\/3869","targetHints":{"allow":["GET"]}}],"collection":[{"href":"https:\/\/www.ahnenforschung-jackmuth.de\/index.php?rest_route=\/wp\/v2\/pages"}],"about":[{"href":"https:\/\/www.ahnenforschung-jackmuth.de\/index.php?rest_route=\/wp\/v2\/types\/page"}],"author":[{"embeddable":true,"href":"https:\/\/www.ahnenforschung-jackmuth.de\/index.php?rest_route=\/wp\/v2\/users\/1"}],"replies":[{"embeddable":true,"href":"https:\/\/www.ahnenforschung-jackmuth.de\/index.php?rest_route=%2Fwp%2Fv2%2Fcomments&post=3869"}],"version-history":[{"count":0,"href":"https:\/\/www.ahnenforschung-jackmuth.de\/index.php?rest_route=\/wp\/v2\/pages\/3869\/revisions"}],"wp:attachment":[{"href":"https:\/\/www.ahnenforschung-jackmuth.de\/index.php?rest_route=%2Fwp%2Fv2%2Fmedia&parent=3869"}],"curies":[{"name":"wp","href":"https:\/\/api.w.org\/{rel}","templated":true}]}}