{"id":3807,"date":"2019-04-28T10:20:51","date_gmt":"2019-04-28T10:20:51","guid":{"rendered":"http:\/\/www.ahnenforschung-jackmuth.de\/?page_id=3807"},"modified":"2019-04-28T11:01:46","modified_gmt":"2019-04-28T11:01:46","slug":"kemmenau-mertz","status":"publish","type":"page","link":"https:\/\/www.ahnenforschung-jackmuth.de\/?page_id=3807","title":{"rendered":"Kemmenau &#8211; Mertz"},"content":{"rendered":"<p><span style=\"color: #ff0000;\"><strong><u>Mertz<\/u><\/strong><strong>, Karl: <\/strong><\/span>war bei der Geburt seines Kindes 1704 lt. Vermerk bereits 70 Jahre alt<\/p>\n<p>oo I. mit <strong>Anna Christina:<\/strong> bg. 19.05.1701 Ems, 61 Jahre 3 Monate und 22 Tage alt<\/p>\n<table width=\"605\">\n<tbody>\n<tr>\n<td width=\"151\">1) Johann Nikolaus<\/td>\n<td width=\"189\"><\/td>\n<td style=\"text-align: justify;\" width=\"265\">oo 29.01.1684 Ems mit (Anna) Elisabeth Best aus Kadenbach<\/td>\n<\/tr>\n<tr>\n<td width=\"151\">2) Johann Hermann<\/td>\n<td width=\"189\"><\/td>\n<td style=\"text-align: justify;\" width=\"265\">oo 14.05.1695 Ems mit Eulalia Maria V\u00f6llbach aus Kemmenau<\/td>\n<\/tr>\n<tr>\n<td width=\"151\">3) Anna Maria<\/td>\n<td width=\"189\">* 1668<\/td>\n<td style=\"text-align: justify;\" width=\"265\">bg. 17.02.1698 Ems<br \/>\n30 Jahre 3 Wochen und 15 Tage alt<br \/>\noo 14.07.1691 Ems mit Johann Nikolaus V\u00f6llbach aus Kemmenau<\/td>\n<\/tr>\n<tr>\n<td width=\"151\">4) Johann Barthol<\/td>\n<td width=\"189\">* 1679<br \/>\nkonf. 04.06.1693 (Pfingsten)<\/td>\n<td width=\"265\">bg. 14.01.1701 Ems<br \/>\n21 Jahre 7 Monate und 3 Wochen alt<\/td>\n<\/tr>\n<tr>\n<td width=\"151\">5) Maria Elisabeth<\/td>\n<td width=\"189\">* 1682<br \/>\nkonf. 12.05.1695 (Pfingsten)<\/td>\n<td width=\"265\">bg. 20.05.1698 Ems<br \/>\n16 Jahre 3 Tage alt<\/td>\n<\/tr>\n<\/tbody>\n<\/table>\n<p><strong>oo II. 26.06.1703 Ems<\/strong> (3. Prokl. 17.06.)<\/p>\n<p style=\"text-align: justify;\">mit <strong><u>Muth<\/u>, Maria:<\/strong> gt. 06.08.1665 Osterspai, Tochter von <a href=\"http:\/\/www.ahnenforschung-jackmuth.de\/?page_id=1406\">Johannes Muth<\/a> oo 16.11.1664 Osterspai mit Katharina Rausch aus Brey <em>(Maria, weiland Johannes Muthen zu Osterspey, in einem ohnfern Braubach gelegenen Rheindorff, hinterlassene, anitzo auch zu Kemmenau sich auffhaltende Tochter<\/em>)<\/p>\n<table width=\"605\">\n<tbody>\n<tr>\n<td width=\"151\">Johann Nikolaus<\/td>\n<td width=\"151\">gt. 22.06.1704 Ems<\/td>\n<td width=\"302\"><\/td>\n<\/tr>\n<\/tbody>\n<\/table>\n<p style=\"text-align: justify;\"><strong>Paten:<\/strong> T<em>auffpathen sind: Joh[ann] Nicolaus V\u00f6llbach zu Kemmenau vnd Johannes Muth zu Niederlohnstein \/: weil dieser der p\u00e4pstischen Religion, so hat f\u00fcr ihn gestanden: Joh[ann] Wilhelm M\u00fcller :\/ Die God ist: Elisabetha, Joh[ann] Nicolaus Mertzen zu Kemmenau Ehefrau \/: dieweilen auch diese der r\u00f6nisch-catholischen Religion, so hat ihre Stelle vertretten: Anna Magdalena, Joh[ann] Carl Ahlers am Baad Hau\u00dffrau :\/<\/em><\/p>\n<hr \/>\n<p><span style=\"color: #ff0000;\"><strong><u>Mertz<\/u><\/strong><strong>, Johann Nikolaus: <\/strong><\/span>Sohn des Karl Mertz zu Kemmenau<\/p>\n<p><strong>oo 29.01.1684 Ems<\/strong><\/p>\n<p>mit <strong><u>Best<\/u>, (Anna) Elisabeth:<\/strong> Tochter des Simon Best aus Kadenbach<\/p>\n<table width=\"605\">\n<tbody>\n<tr>\n<td width=\"180\">1) Anna Magdalena<\/td>\n<td width=\"189\">gt. 09.11.1684 Ems<\/td>\n<td width=\"236\">bg. 24.01.1685 Ems<\/td>\n<\/tr>\n<tr>\n<td width=\"180\">2) Anna Margaretha<\/td>\n<td width=\"189\">gt. 17.01.1686 Ems<\/td>\n<td width=\"236\">bg. 11.02.1686 Ems<\/td>\n<\/tr>\n<tr>\n<td width=\"180\">3) Katharina Margaretha<\/td>\n<td width=\"189\">gt. 25.01.1687 Ems<\/td>\n<td width=\"236\">bg. 00.00.1687 Ems<\/td>\n<\/tr>\n<tr>\n<td width=\"180\">4) Johann Adam<\/td>\n<td width=\"189\">gt. 22.01.1688 Ems<\/td>\n<td width=\"236\">bg. 07.04.1698 Ems<\/td>\n<\/tr>\n<tr>\n<td width=\"180\">5) Johann Hermann<\/td>\n<td width=\"189\">gt. 03.08.1690 Ems<br \/>\nkonf. 11.05.1704 (Pfingsten)<\/td>\n<td width=\"236\">\n<p style=\"text-align: justify;\">bg. xx.07.1771 Ems<br \/>\noo 13.11.1708 Ems mit Elisabeth Magd. Dommermuth aus Ems<\/p>\n<\/td>\n<\/tr>\n<\/tbody>\n<\/table>\n<p style=\"text-align: justify;\"><strong>Paten: zu 1) <\/strong><em>Gevattern waren: 1) Anna Maria, Caroli Mertzen Dochter zu Kemmenau; 2) Johann Nicolaus Honders, Ma\u00fcrer zu Kemmenau; 3) Anna Magdalena, Caspars N. von Pohl Dochter <\/em>\u2014 <strong>zu 2) <\/strong><em>Gevattern waren: 1) Anna Magdalena, Caroli Ahlers vom Baad Hausfrau; 2) Johann Jacob, Claus Zimmerschiedt Sohn zu Kemmenau; 3) Margreth, Jacob Horbachs zu Kemmenau Hausfrau <\/em>\u2014 <strong>zu 3) <\/strong><em>Gevattern waren: 1) Anna Catharina, Nicolai Honders, Ma\u00fcrers zu Kemmenau, Hausfrau; 2) Johann Georg B&#8230;; 3) Elisabeth Margreth, Cunrad M\u00fcllers nachgelassene Wittib <\/em>\u2014 <strong>zu 4) <\/strong><em>Gevattern\u00a0 sind gestanden: Johann Adam Jost vnd Anna Eva, weiland Philips Raasbachs, gewesenen B\u00fcrgers allhier, hinterlassene Tochter <\/em>\u2014 <strong>zu 5) <\/strong><em>Tauffpathen waren: Joh[ann] Carl Ahler, Becker auff dem Baad, vnd Johann Hermann Mertz, mariti frater vff Kemmenau. Die God aber: Anna Magdalena M\u00fcllerin auff Kemmenau<\/em><\/p>\n<hr \/>\n<p style=\"text-align: justify;\"><span style=\"color: #ff0000;\"><strong><u>Mertz<\/u><\/strong><strong>, Anna Elisabeth:<\/strong><\/span> Stieftochter des Klaus Mertz aus Kemmenau; oo 24.11.1711 Ems mit Stephan Schuck, Sohn von Johann Konrad Schuck, gewesener Ackersmann in Winden (VG Bad Ems-Nassau)<\/p>\n<hr \/>\n<p><span style=\"color: #ff0000;\"><strong><u>Mertz<\/u><\/strong><strong>, Johann Hermann: <\/strong><\/span>Sohn des Karl Mertz aus Kemmenau<\/p>\n<p><strong>oo 14.05.1695 Ems<\/strong> (3. Prokl. 13.05.)<\/p>\n<p style=\"text-align: justify;\">mit <strong><u>V\u00f6llbach<\/u>, Eulalia Maria:<\/strong> Tochter des verst. <a href=\"http:\/\/www.ahnenforschung-jackmuth.de\/?page_id=3842\">Hans Jakob V\u00f6llbach<\/a> aus Kemmenau; ist 21.07.1709 Patin bei Johann Jakob Schweikhard in Kemmenau<\/p>\n<table width=\"605\">\n<tbody>\n<tr>\n<td width=\"180\">Johann Adam<\/td>\n<td width=\"151\">gt. 10.10.1697 Ems<\/td>\n<td width=\"274\">bg. 21.12.1697 Ems<\/td>\n<\/tr>\n<\/tbody>\n<\/table>\n<p style=\"text-align: justify;\"><strong>Paten:<\/strong> <em>Tauffpathen sind: Johann Adam, Johannis Nicolai Mertzen Sohn, bey welchem, weilen &lt;&#8230;&gt; noch nicht confirmirt war, der Vatter gestanden, vnd Johann Hermann M\u00fcller. Die God ist: Anna Margretha, weiland Hans Jacob V\u00f6llbachs hinterlassene Tochter \/: diese alle sind Kemmenauer Personen :\/<\/em><\/p>\n<hr \/>\n<p><span style=\"color: #ff0000;\"><strong><u>Mertz<\/u><\/strong><strong>, Johann Nikolaus:<\/strong><\/span> zur Zeit Kuhhirt in Kemmenau; Sohn des Karl Mertz zu Kemmenau<\/p>\n<p><strong>oo 25.02.1696 Ems<\/strong> (3. Prokl. 23.02.)<\/p>\n<p style=\"text-align: justify;\">mit <strong><u>Kr\u00e4mer<\/u>, Margaretha:<\/strong> Tochter des verst. Johannes Kr\u00e4mer aus Mechernich-Firmenich (<em>F\u00f6rmerich<\/em>), geboren zu Kettig (<em>Kethig<\/em>)<\/p>\n<table width=\"605\">\n<tbody>\n<tr>\n<td width=\"180\">Johann Nikolaus<\/td>\n<td width=\"151\">gt. 14.03.1697 Ems<\/td>\n<td width=\"274\"><\/td>\n<\/tr>\n<\/tbody>\n<\/table>\n<p style=\"text-align: justify;\"><strong>Paten:<\/strong> <em>Tauffpathen sind: Johann Barthol Mertz vnd Johann Nicolaus Hohrbach. Die God aber ist: Anna Catharina, Meister Nicolai Honders, des M\u00e4urers zu Kemmenau, Hau\u00dffrau<\/em><\/p>\n<hr \/>\n<p style=\"text-align: justify;\"><span style=\"color: #ff0000;\"><strong><u>Mertz<\/u><\/strong><strong>, Johann Hermann:<\/strong><\/span> Sohn des Johann Nikolaus Mertz in Kemmenau; gt. 03.08.1690 Ems;<br \/>\nbg. xx.07.1771 Ems<\/p>\n<p><strong>oo 13.11.1708 Ems <\/strong>(3. Prokl. 28.10.)<\/p>\n<p>mit <strong><u>Dommermuth<\/u>, Elisabeth Magdalena:<\/strong> Tochter des <a href=\"http:\/\/www.ahnenforschung-jackmuth.de\/?page_id=3179\">Jost Dommermuth<\/a> aus Ems; gt. 16.04.1688 Ems<\/p>\n<table width=\"605\">\n<tbody>\n<tr>\n<td width=\"180\">1) Johann Jost Wilhelm<\/td>\n<td width=\"151\">gt. 19.10.1710 Ems<\/td>\n<td width=\"274\"><\/td>\n<\/tr>\n<tr>\n<td width=\"180\">2) Johann Sebastian<\/td>\n<td width=\"151\">gt. 11.09.1712 Ems<\/td>\n<td width=\"274\">bg. 29.01.1790 Ems<\/td>\n<\/tr>\n<\/tbody>\n<\/table>\n<p><strong>Paten: zu 1) <\/strong><em>Tauffpathen sind: der h[uius] t[empore] am Baad Embs sich auffhaltende Kramer Go\u00dfwin Bon\u00dffeld, vnd Johann Peter Caphne, eine Gemeins-Mann allhier. Die God ist: Hedwig Christina, Joh[ann] Carl Ahlers, eines gemeinen Vorstehers vnd Beckers zu Baad Embs Tochter <\/em>\u2014 <strong>zu 2) <\/strong><em>Patrini: Hermann Mertz \u00e4lter; Sebastian Schoor; Anna Margaretha Lotzin<\/em><\/p>\n<hr \/>\n<p style=\"text-align: justify;\"><strong><span style=\"font-size: 10pt;\">Letzte \u00c4nderung: 28. April 2019<\/span><\/strong><br \/>\n<strong><span style=\"font-size: 10pt;\">Ralph Jackmuth<\/span><\/strong><\/p>\n","protected":false},"excerpt":{"rendered":"<p>Mertz, Karl: war bei der Geburt seines Kindes 1704 lt. Vermerk bereits 70 Jahre alt oo I. mit Anna Christina: bg. 19.05.1701 Ems, 61 Jahre 3 Monate und 22 Tage alt 1) Johann Nikolaus oo 29.01.1684 Ems mit (Anna) Elisabeth Best aus Kadenbach 2) Johann Hermann oo 14.05.1695 Ems mit Eulalia Maria V\u00f6llbach aus Kemmenau &hellip; <a href=\"https:\/\/www.ahnenforschung-jackmuth.de\/?page_id=3807\" class=\"more-link\"><span class=\"screen-reader-text\">\u201eKemmenau &#8211; Mertz\u201c<\/span> weiterlesen<\/a><\/p>\n","protected":false},"author":1,"featured_media":0,"parent":0,"menu_order":0,"comment_status":"closed","ping_status":"closed","template":"","meta":{"footnotes":""},"class_list":["post-3807","page","type-page","status-publish","hentry"],"_links":{"self":[{"href":"https:\/\/www.ahnenforschung-jackmuth.de\/index.php?rest_route=\/wp\/v2\/pages\/3807","targetHints":{"allow":["GET"]}}],"collection":[{"href":"https:\/\/www.ahnenforschung-jackmuth.de\/index.php?rest_route=\/wp\/v2\/pages"}],"about":[{"href":"https:\/\/www.ahnenforschung-jackmuth.de\/index.php?rest_route=\/wp\/v2\/types\/page"}],"author":[{"embeddable":true,"href":"https:\/\/www.ahnenforschung-jackmuth.de\/index.php?rest_route=\/wp\/v2\/users\/1"}],"replies":[{"embeddable":true,"href":"https:\/\/www.ahnenforschung-jackmuth.de\/index.php?rest_route=%2Fwp%2Fv2%2Fcomments&post=3807"}],"version-history":[{"count":0,"href":"https:\/\/www.ahnenforschung-jackmuth.de\/index.php?rest_route=\/wp\/v2\/pages\/3807\/revisions"}],"wp:attachment":[{"href":"https:\/\/www.ahnenforschung-jackmuth.de\/index.php?rest_route=%2Fwp%2Fv2%2Fmedia&parent=3807"}],"curies":[{"name":"wp","href":"https:\/\/api.w.org\/{rel}","templated":true}]}}