{"id":3779,"date":"2019-04-28T09:36:40","date_gmt":"2019-04-28T09:36:40","guid":{"rendered":"http:\/\/www.ahnenforschung-jackmuth.de\/?page_id=3779"},"modified":"2019-04-28T10:56:44","modified_gmt":"2019-04-28T10:56:44","slug":"kemmenau-ellmingender","status":"publish","type":"page","link":"https:\/\/www.ahnenforschung-jackmuth.de\/?page_id=3779","title":{"rendered":"Kemmenau &#8211; Ellmingender"},"content":{"rendered":"<p style=\"text-align: justify;\"><span style=\"color: #ff0000;\"><strong><em><u>Ellmingender<\/u><\/em><\/strong><strong>, (Hans) Jakob: <\/strong><\/span>aus H\u00f6hr (H\u00f6hr-Grenzhausen); Pate 30.11.1693 bei Johann Jakob M\u00fcller in Kemmenau (<em>Jacob Ellimingender, <\/em><em>geb\u00fcrtig zu H\u00f6hr, der Wittib V\u00f6llbachin zu Kemmenau Knecht, weilen er aber p\u00e4pstischer Religion zugethan, so hat vor ihn gestanden Joh[ann] Hermann M\u00fcller<\/em>)<\/p>\n<p><strong>oo 30.01.1694 Ems<\/strong> (3. Prokl. 31.01.)<\/p>\n<p style=\"text-align: justify;\">mit <strong><u>V\u00f6llbach<\/u>, Maria Elisabeth:<\/strong> Witwe des <a href=\"http:\/\/www.ahnenforschung-jackmuth.de\/?page_id=3842\">Hans Jakob V\u00f6llbach<\/a> aus Kemmenau; bg. 29.09.1710 Ems, 64 Jahre alt; Patin 14.04.1695 bei Johannes Zimmerschied in Kemmenau, 13.06.1697 bei Friedrich Schaab in Kemmenau und 26.12.1706 bei Johann Jakob Schweikhard in Kemmenau<\/p>\n<hr \/>\n<p><span style=\"color: #ff0000;\"><strong><em><u>Ellmingender<\/u><\/em><\/strong><strong>, Henrich:<\/strong><\/span> geboren zu H\u00f6hr (H\u00f6hr-Grenzhausen), + zu Kemmenau im &lt;&#8230;&gt; Jahr seines Alters; bg. 23.10.1695 Ems<\/p>\n<hr \/>\n<p style=\"text-align: justify;\"><strong><span style=\"font-size: 10pt;\">Letzte \u00c4nderung: 28. April 2019<\/span><\/strong><br \/>\n<strong><span style=\"font-size: 10pt;\">Ralph Jackmuth<\/span><\/strong><\/p>\n","protected":false},"excerpt":{"rendered":"<p>Ellmingender, (Hans) Jakob: aus H\u00f6hr (H\u00f6hr-Grenzhausen); Pate 30.11.1693 bei Johann Jakob M\u00fcller in Kemmenau (Jacob Ellimingender, geb\u00fcrtig zu H\u00f6hr, der Wittib V\u00f6llbachin zu Kemmenau Knecht, weilen er aber p\u00e4pstischer Religion zugethan, so hat vor ihn gestanden Joh[ann] Hermann M\u00fcller) oo 30.01.1694 Ems (3. Prokl. 31.01.) mit V\u00f6llbach, Maria Elisabeth: Witwe des Hans Jakob V\u00f6llbach aus &hellip; <a href=\"https:\/\/www.ahnenforschung-jackmuth.de\/?page_id=3779\" class=\"more-link\"><span class=\"screen-reader-text\">\u201eKemmenau &#8211; Ellmingender\u201c<\/span> weiterlesen<\/a><\/p>\n","protected":false},"author":1,"featured_media":0,"parent":0,"menu_order":0,"comment_status":"closed","ping_status":"closed","template":"","meta":{"footnotes":""},"class_list":["post-3779","page","type-page","status-publish","hentry"],"_links":{"self":[{"href":"https:\/\/www.ahnenforschung-jackmuth.de\/index.php?rest_route=\/wp\/v2\/pages\/3779","targetHints":{"allow":["GET"]}}],"collection":[{"href":"https:\/\/www.ahnenforschung-jackmuth.de\/index.php?rest_route=\/wp\/v2\/pages"}],"about":[{"href":"https:\/\/www.ahnenforschung-jackmuth.de\/index.php?rest_route=\/wp\/v2\/types\/page"}],"author":[{"embeddable":true,"href":"https:\/\/www.ahnenforschung-jackmuth.de\/index.php?rest_route=\/wp\/v2\/users\/1"}],"replies":[{"embeddable":true,"href":"https:\/\/www.ahnenforschung-jackmuth.de\/index.php?rest_route=%2Fwp%2Fv2%2Fcomments&post=3779"}],"version-history":[{"count":0,"href":"https:\/\/www.ahnenforschung-jackmuth.de\/index.php?rest_route=\/wp\/v2\/pages\/3779\/revisions"}],"wp:attachment":[{"href":"https:\/\/www.ahnenforschung-jackmuth.de\/index.php?rest_route=%2Fwp%2Fv2%2Fmedia&parent=3779"}],"curies":[{"name":"wp","href":"https:\/\/api.w.org\/{rel}","templated":true}]}}