{"id":3746,"date":"2019-04-27T20:37:13","date_gmt":"2019-04-27T20:37:13","guid":{"rendered":"http:\/\/www.ahnenforschung-jackmuth.de\/?page_id=3746"},"modified":"2019-04-27T20:52:20","modified_gmt":"2019-04-27T20:52:20","slug":"ems-bad-auswaertige","status":"publish","type":"page","link":"https:\/\/www.ahnenforschung-jackmuth.de\/?page_id=3746","title":{"rendered":"Ems (Bad) &#8211; Ausw\u00e4rtige"},"content":{"rendered":"<p style=\"text-align: justify;\"><span style=\"color: #ff0000;\"><strong><em><u>Bodd\u00fc<\/u><\/em><\/strong><strong><em>, Reimond<\/em><\/strong><strong>:<\/strong><\/span> ein \u201eSprachmeister oder professor linguarum exoticarum\u201c aus Gie\u00dfen, geb\u00fcrtig aus <em>Wilfra\u00df<\/em> bei Lyon; bg. 23.09.1696 Ems, 42 Jahre alt<\/p>\n<hr \/>\n<p style=\"text-align: justify;\"><span style=\"color: #ff0000;\"><strong><em><u>Dahm<\/u><\/em><\/strong><strong>, Johann Andreas:<\/strong> <\/span>Felderscherer in der hessen-kasselischen Kompanie unter Hauptmann von Winsingeroda; geb\u00fcrtig im Stift Magedeburg; am Bad gestorben; bg. 29.05.1706 Ems<\/p>\n<hr \/>\n<p style=\"text-align: justify;\"><span style=\"color: #ff0000;\"><strong><em><u>Ditmann<\/u><\/em><\/strong><strong>, Hans:<\/strong><\/span> aus Niedereisenhausen (Gem. Steffenberg, Lkr. Marburg-Biedenkopf), auf dem Bad gestorben; bg. 21.06.1707 Ems, 36 Jahre alt<\/p>\n<hr \/>\n<p style=\"text-align: justify;\"><span style=\"color: #ff0000;\"><strong><em><u>Flitsch<\/u><\/em><\/strong><strong>, Peter:<\/strong><\/span> aus Wiehl (Oberbergischer Kreis), gestorben im Armenbad an der Wassersucht;<br \/>\nbg. 25.01.1699 Ems, \u201eetliche 20 Jahre alt\u201c<\/p>\n<hr \/>\n<p style=\"text-align: justify;\"><span style=\"color: #ff0000;\"><strong><u>Follenius<\/u><\/strong><strong>, Johannes:<\/strong> <\/span>Sohn des Johannes Follenius [* 05.11.1643 Lauterbach, + 21.04.1734 Fleckenb\u00fchl], <em>scholleyischer<\/em> Verwalter [zu Fleckenb\u00fchl] und Mitgerichtshalter des Gerichts <em>S\u00f6hnstatt<\/em>, hatte sich der Trompeterkunst \u201ebeflissen\u201c und ist am 18. Juli 1705 am Bad gestorben; bg. 19.07.1705 Ems, 16 Jahre und etliche Monate alt (s. hess. Biografie (Lagis) Datensatz Nr. 7034 <a href=\"https:\/\/www.lagis-hessen.de\/en\/subjects\/idrec\/sn\/bio\/id\/7034\">https:\/\/www.lagis-hessen.de\/en\/subjects\/idrec\/sn\/bio\/id\/7034<\/a>)<\/p>\n<hr \/>\n<p style=\"text-align: justify;\"><span style=\"color: #ff0000;\"><strong><em><u>Fritschin<\/u><\/em><\/strong><strong>, Elisabeth:<\/strong><\/span> Tochter des Rudolph <em>Fritsche<\/em>, B\u00fcrger und Maurer in Frankfurt; \u201estarb in hiesigem Bad\u201c; bg. 19.08.1685 Ems<\/p>\n<hr \/>\n<p style=\"text-align: justify;\"><span style=\"color: #ff0000;\"><strong><em><u>Fu&lt;&#8230;&gt;<\/u><\/em><\/strong><strong>, Katharina:<\/strong><\/span> Tochter des Peter <em>Fu&lt;&#8230;&gt;<\/em> aus N\u00fcmbrecht-Niederstaffelbach (Oberbergischer Kreis); auf dem diezischen Bad an der Wassersucht verstorben; bg. 10.10.1690 Ems, 20 Jahre alt<\/p>\n<hr \/>\n<p style=\"text-align: justify;\"><span style=\"color: #ff0000;\"><strong><em><u>Gimperl<\/u><\/em><\/strong><strong>, Andreas:<\/strong><\/span> aus Breidenbach (Lkr. Marburg-Biedenkopf), gestorben im Armenbad; bg. 26.05.1699 Ems, 33 Jahre 6 Wochen und 5 Tage alt<\/p>\n<hr \/>\n<p style=\"text-align: justify;\"><span style=\"color: #ff0000;\"><strong><em><u>H\u00e4n\u00dfges<\/u><\/em><\/strong><strong>, Sara:<\/strong><\/span> arme Witwe eines gewesenen kurpf\u00e4lzisch-neuburgischen Dragoners zu Mannheim, auf dem diezischen Bad gestorben; bg. 13.08.1694 Ems, 40 Jahre alt<\/p>\n<hr \/>\n<p style=\"text-align: justify;\"><span style=\"color: #ff0000;\"><strong><em><u>Helmmund<\/u><\/em><\/strong><\/span><strong><span style=\"color: #ff0000;\">, Friedrich<\/span>:<\/strong> Lakai der F\u00fcrstin von Hessen Kassel; aus Trendelburg-Gottsb\u00fcren (Lkr. Kassel); gestorben, als die F\u00fcrstin auf dem Bad war; bg. 26.09.1689 Ems, 34 Jahre alt<\/p>\n<hr \/>\n<p style=\"text-align: justify;\"><span style=\"color: #ff0000;\"><strong><em><u>Henrici<\/u><\/em><\/strong><strong>, Johannes:<\/strong><\/span> ein Tuchkr\u00e4mer aus Brabant; auf dem Bad gestorben; bg. 08.10.1687 Ems<\/p>\n<hr \/>\n<p style=\"text-align: justify;\"><span style=\"color: #ff0000;\"><strong><em><u>Hinckellang<\/u><\/em><\/strong><strong>, Johannes:<\/strong> <\/span>aus Haslach (Gem. Oy-Mittelberg, Lkr. Oberallg\u00e4u); hatte unter Kurtrier 372 [?] Monate als Soldat gedient und war auf dem Armenbad gestorben bg. 15.06.1701 Ems, \u00fcber 60 Jahre alt<\/p>\n<hr \/>\n<p style=\"text-align: justify;\"><span style=\"color: #ff0000;\"><strong><u>Kaufmann<\/u><\/strong><strong>, Johann Georg:<\/strong><\/span> \u00e4lterer B\u00fcrgermeister von Speyer; auf dem Bad gestorben; bg. 07.05.1687 Ems<\/p>\n<hr \/>\n<p style=\"text-align: justify;\"><span style=\"color: #ff0000;\"><strong><em><u>Kayser<\/u><\/em><\/strong><strong>, Johann Philipp:<\/strong><\/span> ein Kauf-Handelsmann zu Trarbach an der Mosel (VG Traben-Trarbach), gestorben im Bad; bg. 27.09.1705 Ems, ca. 36 Jahre alt<\/p>\n<hr \/>\n<p style=\"text-align: justify;\"><span style=\"color: #ff0000;\"><strong><u>Lang<\/u><\/strong><strong>, N.: <\/strong><\/span>gewesener Sekret\u00e4r am Haus Wittgenstein, lag 9 Wochen krank auf dem Bad; bg. 06.11.1702 Ems, ca. 50 Jahre alt<\/p>\n<hr \/>\n<p style=\"text-align: justify;\"><span style=\"color: #ff0000;\"><strong><em><u>Lattes<\/u><\/em><\/strong><strong>, Konrad:<\/strong><\/span> ein armer Soldat der kaiserl. neuburgischen Kompanie unter Hauptmann <em>Sallmuth<\/em> in Koblenz, \u201eso auf dem Bad gelegen und allda gestorben\u201c; bg. 15.07.1695 Ems, 29 Jahre alt<\/p>\n<hr \/>\n<p style=\"text-align: justify;\"><span style=\"color: #ff0000;\"><strong><u>Limpurg-Gaildorf<\/u><\/strong><strong> [Schenken von Limpurg], Sophia Elisabeth:<\/strong><\/span> Gr\u00e4fin und Semper-Freiin, gestorben 25.05.1705 um 03:15 im Haus des Vogts Hermann am Bad, 16 Jahre 9 Monate alt, ledig; in der Nacht vom 04.\/05.06.1705 abgeholt und nach Gaildorf (Lkr. Schw\u00e4bisch-Hall) \u00fcberf\u00fchrt (<em>Den 25ten May, war Montag, ist die hochgeborne Gr\u00e4ffin vnd Fr\u00e4ulein, Fr\u00e4ulein Sophia Elisabetha, Gr\u00e4ffin vnd Semper-Freyin zu Limpurg-Geilndorff in des H[errn] Vogt Hermans Behau\u00dfung am Baad morgens 1 v[iertel] nach 3 Vhr, \u00e6tatis 16 Jahr vnd 9 Monat \/: erat nympha :\/ in Christo selig vnd sanfft eingeschlaffen, des Abends vmb 10 Vhr in eine Grufft hiesiger Kirch ad interim hingestelt, folgends in der Nacht zwischen dem 4 vnd 5ten Junij mit Vorwissen vnd gn\u00e4digster Verwilligung beyder hohen Landes-Herrschafften, in aller Stille ohne einige Leich-Ceremoni abgeholet, nach Geilndorff gef\u00fchret, vnd daselbsten in das hochgr\u00e4ff[lich] limpurgische Erb-Begr\u00e4bnis beygesetzet worden.<\/em>)<\/p>\n<hr \/>\n<p style=\"text-align: justify;\"><span style=\"color: #ff0000;\"><strong><em><u>Mex<\/u><\/em><\/strong><strong>, Margaretha:<\/strong> <\/span>Witwe des Hans Adam <em>Mex<\/em>, gewesener Bender zu &#8230; Hanau; auf dem Armenbad gestorben; bg. 24.06.1694 Ems, 55 Jahre alt<\/p>\n<hr \/>\n<p style=\"text-align: justify;\"><span style=\"color: #ff0000;\"><strong><em><u>Neutzerin<\/u><\/em><\/strong><strong>, Anna Katharina:<\/strong> <\/span>Ehefrau des Herbert Hoffmann aus Urbach (VG Puderbach, Lkr. Neuwied), auf dem Bad gestorben; bg. 17.05.1693 Ems, 50 Jahre alt<\/p>\n<hr \/>\n<p style=\"text-align: justify;\"><span style=\"color: #ff0000;\"><strong><em><u>Ohrt<\/u><\/em><\/strong><strong>, Georg Wilhelm:<\/strong><\/span> d\u00e4nischer Resident von Frankfurt, <em>so den &lt;&#8230;&gt; Augusti im nassauischen Baad alhier gestorben<\/em>; bg. 01.09.1687 Ems<\/p>\n<hr \/>\n<p style=\"text-align: justify;\"><span style=\"color: #ff0000;\"><strong><em><u>Quint<\/u><\/em><\/strong><strong>, Jakob:<\/strong> <\/span>ein fremder Mann und Wagner, gest. auf dem Armenbad; bg. 28.04.1705 Ems, 29 Jahre alt<\/p>\n<hr \/>\n<p style=\"text-align: justify;\"><span style=\"color: #ff0000;\"><strong><em><u>Schmen<\/u><\/em><\/strong><strong>, Kunigunde:<\/strong> <\/span>arme und vorigen Tags auf dem B\u00e4derweg verstorbene Tochter des Hermann <em>Schmen<\/em>, gewesener Einwohner und Schmied zu Willingen (VG Rennerod); bg. 03.06.1708 Ems, 22 Jahre alt<\/p>\n<hr \/>\n<p style=\"text-align: justify;\"><span style=\"color: #ff0000;\"><strong><u>Schmitt<\/u><\/strong><strong>, Katharina Elisabeth:<\/strong><\/span> Tochter des Adam Schmitt, gewesener Viehhirte aus Bergen (VG Herrstein, Lkr. Birkenfeld), gestorben im Armenbad; bg. 10.06.1701 Ems, 17 Jahre minus 14 Wochen alt<\/p>\n<hr \/>\n<p style=\"text-align: justify;\"><span style=\"color: #ff0000;\"><strong><u>Schreiber<\/u><\/strong><strong>, Margaretha Elisabeth:<\/strong><\/span> Ehefrau des preuss. Regierungsrats Theophilus Schreiber zu Minden, gestorben am Bad im \u201eAdler\u201c und beerdigt in der Emser Kirche; bg. 18.06.1703 Ems (<em>Den 18ten Junij hat der k\u00f6nig[lich] preu\u00dfische Regierungs-Rath Herr Theophilus Schreiber seine droben am Baad im A&lt;dler&gt; seelig verstorbene Eheliebste Frau Margaretham Elisabetham von Be\u00f6nti&#8230; in die, in hiesiger Kirch ihm angewiesene Grabstell, so obwohlgedachter Herr Regierungs-Rath Schreiber zu Minden auff seine Kosten au\u00dfmauren lassen vnd de\u00dfen der Kirchen \/: in dem diese Begr\u00e4bnis ein solch&lt;es&gt; Revier, dahin man sonsten zwey Haupt-Leichen hette legen k\u00f6nnen, darinnen einge&lt;nom&gt;men :\/ 20 R[eichtsthaler] erleget, einsencken lassen. Beata h\u00e6c marita est die 2 Febr[uarii] 1663 nata, die 12 Junij 1703 denata &amp; die 15 Ma&lt;&#8230;&gt; 1705 in solum natale ad tumulum maritalem transportata.<\/em>)<\/p>\n<hr \/>\n<p style=\"text-align: justify;\"><span style=\"color: #ff0000;\"><strong><u>Schwender<\/u><\/strong><strong>, Martin:<\/strong> <\/span>ein am Bad verstorbener &lt;&#8230;&gt;rer aus Tirol; bg. 21.06.1709 Ems, ca, 30 Jahre alt<\/p>\n<hr \/>\n<p style=\"text-align: justify;\"><span style=\"color: #ff0000;\"><strong><u>Stier<\/u><\/strong><strong>, Johann Henrich: <\/strong><\/span>Geselle in der f\u00fcrstl. hessen-darmst\u00e4dt. Hofapotheke; Sohn eines verstorbenen Pfarrers zu Walldorf in der Herrschaft Eppstein; auf dem Bad gestorben; bg. 07.07.1691 Ems, 24 Jahre alt<\/p>\n<hr \/>\n<p style=\"text-align: justify;\"><span style=\"color: #ff0000;\"><strong><em><u>Volckmarin<\/u><\/em><\/strong><strong>, Margaretha Elisabeth: <\/strong><\/span>war verlobt mit dem \u00e4ltesten Sohn des Generalsuperintendenten Dr. H\u00e4ndel; bg. 22.08.1691 Ems, 21 Jahre alt (<em>Den 22ten Aug[usti] ist Margretha Elisabetha Volckmarin, eine 4 Wochen zuvor mit H[errn] D[octor] H\u00e4ndels, General-Superintendentis zu Onoltzbach <\/em>[wohl Gottfried H\u00e4ndel, + 14.09.1698 in Wittenberg]<em>, \u00e4ltistem Herrn Sohn zu Wittenberg ehelichen verlobt vnd bey der Frau von Mantelslau 7 Monat gewesene Cammerjungfer \/: deren Vatter se[lig] zu Stettin in Pommern Closter-Secretari[us] gewesen vnd ihr einiger Bruder auch p[ro] t[empore] ein Secretari[us] bey dem F\u00fcrsten zu Gottorffholstein :\/ als sie zuvor 10 Tage kranck gelegen vnd auff dem f\u00fcrst[lich] hessen-d[a]r[m]bst\u00e4ttischen Baad vorigen nachmittags vmb 1 Vhr im 21 Jahr ihres Alters in ihrem Erl\u00f6ser Chr[ist]o Jesu se[lig] verschieden, mit einer christ[lichen] Leichpredigt ehr[lich] allhier zu Erden bestattet worden<\/em>.)<\/p>\n<hr \/>\n<p style=\"text-align: justify;\"><span style=\"color: #ff0000;\"><strong><u>Wagner<\/u><\/strong><strong>, &lt;&#8230;&gt; Peter:<\/strong><\/span> ein armer, elend gewesener Mensch; aus Pferdsfeld (welches ?); bei seiner Ankunft am 22.06. im Armenbadehaus gestorben; bg. 24.06.1708 Ems<\/p>\n<hr \/>\n<p style=\"text-align: justify;\"><span style=\"color: #ff0000;\"><strong><u>Weber<\/u><\/strong><strong>, Hans Adam:<\/strong><\/span> geb\u00fcrtig aus <em>Hannaba<\/em>&lt;&#8230;&gt;, 1 Stunde vom Schloss Olbr\u00fcck (VG Brohltal), gestorben im Armenbad; bg. 02.07.1700 Ems, 22 Jahre alt<\/p>\n<hr \/>\n<p style=\"text-align: justify;\"><span style=\"color: #ff0000;\"><strong><em><u>Wittmann<\/u><\/em><\/strong><strong>, Balthasar:<\/strong><\/span> aus der Herrschaft Palsterkamp; gewesener K\u00fcchenscheiber des k\u00f6niglich-preuss. Generals der Infanterie Graf Lottum [= Philipp Karl Graf von Wylich und Lottum (* 27.08.1650 Diersfordt; + 14.02.1719 Wesel)]; gestorben auf dem Bad; bg. 28.09.1705 Ems, 50 Jahre alt<\/p>\n<hr \/>\n<p style=\"text-align: justify;\"><span style=\"color: #ff0000;\"><strong><u>Johann Georg N.:<\/u><\/strong> <\/span>ein armer fremder auf dem Bad verstorbener Schreiner aus Sachsen; bg. 03.05.1693 Ems<\/p>\n<hr \/>\n<p style=\"text-align: justify;\"><strong><span style=\"color: #ff0000;\">Magdalena N.:<\/span> <\/strong><em>eine arme geb&lt;&#8230;&gt; Frau, au\u00df dem D\u00f6rfflein &lt;&#8230;&gt; Eisenburg gelegen<\/em>; auf dem Armenbad gestorben; bg. 30.04.1694 Ems, 27 Jahre alt<\/p>\n<hr \/>\n<p style=\"text-align: justify;\"><span style=\"color: #ff0000;\"><strong>Anna Barbara N.:<\/strong><\/span> <em>eine &lt;&#8230;&gt; vertrieben Wittib au\u00df Heidelberg, so auff dem Ober&lt;&#8230;&gt; <\/em>[Oberbad?]<em> gestorben<\/em>;<br \/>\nbg. 04.07.1696 Ems, \u00fcber 50 Jahre alt<\/p>\n<hr \/>\n<p style=\"text-align: justify;\"><span style=\"color: #ff0000;\"><strong>N. N.:<\/strong><\/span> ein Schuster, gestorben im Armenbad, \u201eein armer Kerl\u201c; bg. 28.06.1686 Ems<\/p>\n<hr \/>\n<p style=\"text-align: justify;\"><span style=\"color: #ff0000;\"><strong>N. N.:<\/strong><\/span> ein armer Mann aus &lt;&#8230;&gt;, auf dem Bad gestorben; bg. 17.11.1701 Ems, 47 Jahre alt<\/p>\n<hr \/>\n<p style=\"text-align: justify;\"><span style=\"color: #ff0000;\"><strong>N. N.:<\/strong><\/span> ein \u201ep\u00e4pstischer Kerl\u201c, aus Siebenb\u00fcrgen stammend und Bergknappe, gestorben im Armenbad;<br \/>\nbg. 11.06.1705 Ems<\/p>\n<hr \/>\n<p style=\"text-align: justify;\"><span style=\"color: #ff0000;\"><strong>N. N.: <\/strong><\/span>eine fremde, unbekannte, arme p\u00e4pstische Frau, auf dem Bad gestorben; bg. 17.06.1707 Ems<\/p>\n<hr \/>\n<p style=\"text-align: justify;\"><strong><span style=\"font-size: 10pt;\">Letzte \u00c4nderung: 27. April 2019<\/span><\/strong><br \/>\n<strong><span style=\"font-size: 10pt;\">Ralph Jackmuth<\/span><\/strong><\/p>\n","protected":false},"excerpt":{"rendered":"<p>Bodd\u00fc, Reimond: ein \u201eSprachmeister oder professor linguarum exoticarum\u201c aus Gie\u00dfen, geb\u00fcrtig aus Wilfra\u00df bei Lyon; bg. 23.09.1696 Ems, 42 Jahre alt Dahm, Johann Andreas: Felderscherer in der hessen-kasselischen Kompanie unter Hauptmann von Winsingeroda; geb\u00fcrtig im Stift Magedeburg; am Bad gestorben; bg. 29.05.1706 Ems Ditmann, Hans: aus Niedereisenhausen (Gem. Steffenberg, Lkr. Marburg-Biedenkopf), auf dem Bad gestorben; &hellip; <a href=\"https:\/\/www.ahnenforschung-jackmuth.de\/?page_id=3746\" class=\"more-link\"><span class=\"screen-reader-text\">\u201eEms (Bad) &#8211; Ausw\u00e4rtige\u201c<\/span> weiterlesen<\/a><\/p>\n","protected":false},"author":1,"featured_media":0,"parent":0,"menu_order":0,"comment_status":"closed","ping_status":"closed","template":"","meta":{"footnotes":""},"class_list":["post-3746","page","type-page","status-publish","hentry"],"_links":{"self":[{"href":"https:\/\/www.ahnenforschung-jackmuth.de\/index.php?rest_route=\/wp\/v2\/pages\/3746","targetHints":{"allow":["GET"]}}],"collection":[{"href":"https:\/\/www.ahnenforschung-jackmuth.de\/index.php?rest_route=\/wp\/v2\/pages"}],"about":[{"href":"https:\/\/www.ahnenforschung-jackmuth.de\/index.php?rest_route=\/wp\/v2\/types\/page"}],"author":[{"embeddable":true,"href":"https:\/\/www.ahnenforschung-jackmuth.de\/index.php?rest_route=\/wp\/v2\/users\/1"}],"replies":[{"embeddable":true,"href":"https:\/\/www.ahnenforschung-jackmuth.de\/index.php?rest_route=%2Fwp%2Fv2%2Fcomments&post=3746"}],"version-history":[{"count":0,"href":"https:\/\/www.ahnenforschung-jackmuth.de\/index.php?rest_route=\/wp\/v2\/pages\/3746\/revisions"}],"wp:attachment":[{"href":"https:\/\/www.ahnenforschung-jackmuth.de\/index.php?rest_route=%2Fwp%2Fv2%2Fmedia&parent=3746"}],"curies":[{"name":"wp","href":"https:\/\/api.w.org\/{rel}","templated":true}]}}