{"id":3725,"date":"2019-04-27T20:26:23","date_gmt":"2019-04-27T20:26:23","guid":{"rendered":"http:\/\/www.ahnenforschung-jackmuth.de\/?page_id=3725"},"modified":"2019-04-28T13:15:07","modified_gmt":"2019-04-28T13:15:07","slug":"ems-bad-werner","status":"publish","type":"page","link":"https:\/\/www.ahnenforschung-jackmuth.de\/?page_id=3725","title":{"rendered":"Ems (Bad) &#8211; Werner"},"content":{"rendered":"<p style=\"text-align: justify;\"><span style=\"color: #ff0000;\"><strong><u>Werner<\/u><\/strong><strong>, Johann David:<\/strong><\/span> ein B\u00e4cker auf dem Weg\/an der Allee am Bad (1692-1697 noch in Ems); Sohn des <a href=\"http:\/\/www.ahnenforschung-jackmuth.de\/?page_id=3497\">Otto Chistoph Werner<\/a>, Gerichtssch\u00f6ffe in Ems; am 17.10.1700 zum Kirchenvorsteher bestellt (KB 1, pag. 792)<\/p>\n<p>oo (3. Prokl. 13.04.1691 Ems)<\/p>\n<p style=\"text-align: justify;\">mit <strong><u>Apfel<\/u>, Anna Elisabeth:<\/strong> Tochter des Elias Apfel, M\u00fcller in der M\u00f6nchbruch-M\u00fchle bei R\u00fcsselsheim<\/p>\n<table width=\"586\">\n<tbody>\n<tr>\n<td width=\"198\">1) Johann Ludwig<\/p>\n<p>&nbsp;<\/td>\n<td width=\"189\">gt. 29.11.1692 im Haus<br \/>\n<span style=\"font-size: 10pt;\">wegen Schwachheit<\/span><br \/>\nkonf. 23.05.1706 (Pfingsten)<\/td>\n<td width=\"198\"><\/td>\n<\/tr>\n<tr>\n<td width=\"198\">2) Anna Elisabeth Katharina<\/td>\n<td width=\"189\">gt. 03.02.1695 Ems<br \/>\nkonf. 23.05.1706 (Pfingsten)<\/td>\n<td width=\"198\"><\/td>\n<\/tr>\n<tr>\n<td width=\"198\">3) Christina Maragretha<\/td>\n<td width=\"189\">gt. 28.10.1697 Ems<br \/>\nkonf. 24.05.1711 (Pfingsten)<\/td>\n<td width=\"198\"><\/td>\n<\/tr>\n<tr>\n<td width=\"198\">4) Johann Henrich<\/td>\n<td width=\"189\">gt. 03.03.1700 im Haus<br \/>\n<span style=\"font-size: 10pt;\">in casu nescessitatis<\/span><\/td>\n<td width=\"198\">bg. 05.03.1700 Ems<\/td>\n<\/tr>\n<tr>\n<td width=\"198\">5) Johann Daniel<\/td>\n<td width=\"189\">gt. 08.07.1701 Ems<\/td>\n<td width=\"198\">bg. 29.09.1701 Ems<\/td>\n<\/tr>\n<tr>\n<td width=\"198\">6) Maria Magdalena<\/td>\n<td width=\"189\">gt. 18.11.1703 Ems<\/td>\n<td width=\"198\">bg. 08.07.1707 Ems<\/td>\n<\/tr>\n<tr>\n<td width=\"198\">7) Katharina Margaretha<\/td>\n<td width=\"189\">gt. 01.11.1705 Ems<\/td>\n<td width=\"198\"><\/td>\n<\/tr>\n<tr>\n<td width=\"198\">8) Sohn (Name fehlt)<\/td>\n<td width=\"189\">gt. 04.01.1709 im Haus<br \/>\n<span style=\"font-size: 10pt;\">wegen Schwachheit<\/span><\/td>\n<td width=\"198\"><\/td>\n<\/tr>\n<\/tbody>\n<\/table>\n<p style=\"text-align: justify;\"><strong>Paten: zu 1) <\/strong><em>Tauffpathen sind: Georg Ludwig Werner vnd Johann Michael Apffel auff M\u00fcnchbruch ohnfern R\u00fcsselsheim. Die God ist: Anna Sophia, Otto Christoph Werners Hau\u00dffr[au] <\/em>\u2014 <strong>zu 2) <\/strong><em>Tauff-Goden sind: Elisabetha Catharina, Matth\u00e6i Reiffers, p[ro] t[empore] gemeinen Beckers allhier, Eheweib, vnd Anna Catharina, Meister Eli\u00e6 Apffels, M\u00fcllers auff M\u00fcnchbruch, Hau\u00dffrau. Der Path ist: Hans Jacob Eichholtz <\/em>\u2014 <strong>zu 3) <\/strong><em>Tauff-Goden sind: J[ung]f[e]r Christiana Elisabetha Archenholtzin vnd Justina Margretha, Otto Christoph Werners Tochter. Der Path ist: Johann Peter Reusch <\/em>\u2014 <strong>zu 4) <\/strong><em>Tauffpath vnd God sind: Johann Henrich Appell zu M\u00fcnchsbruch vnd Anna Margretha Gerhardin, die verwittibte Schmittin <\/em>\u2014 <strong>zu 5) <\/strong><em>Tauffpathen sind: Johann Daniel, Otto Christoph Werners Sohn, vnd Johann Nicolaus Zimmerschied, ein b\u00fcrger[liche]r Einwohner allhier. Die God ist: Esther, Johann Adam [ ] zu Dietzenbach Hau\u00dffrau <\/em>\u2014 <strong>zu 6) <\/strong><em>Tauff-Goden sind: Maria Elisabetha, Johann Peter W\u00fc&lt;tzen&gt;, hiesigen gemeinen Beckers, Hau\u00dffrau &lt;und&gt; Anna Magdalena, Johann Carl Trauten, eines Leinenwebers allhier, Eheweib. Der Path ist: Johann Anthoni[us] Rosenbach, p[ro] t[empore] Kirchenmeister dahier <\/em>\u2014 <strong>zu 7) <\/strong><em>Tauff-Goden sind: J[ung]f[e]r Sabina Margretha Blumin au\u00df Darmbstatt vnd Anna Catharina, Anthonij de Crom, eines Tuchh\u00e4ndlers auffm &lt;&#8230;&gt; am Baad, Eheweib. Der Path ist: Johannes A&lt;ppel&gt;, des M\u00fcllers Elias Appels auff M\u00fcnchs-Bruch in das Ambt R\u00fcsselsheim geh\u00f6rig Sohn <\/em>[M\u00f6nchbruch-M\u00fchle bei R\u00fcsselsheim] \u2014 <strong>zu 8) <\/strong><em>Tauffpathen sind: Herr Johann Gabriel D\u00f6rbeck, Chirurgus vnd gemeinschafftlicher Schulthei\u00df dahier zu Embs, vnd Johann Jacob Werner, ein Einwohner vnd Kramer allhier. Die God ist: [ ]<\/em><\/p>\n<hr \/>\n<p style=\"text-align: justify;\"><strong><span style=\"font-size: 10pt;\">Letzte \u00c4nderung: 27. April 2019<\/span><\/strong><br \/>\n<strong><span style=\"font-size: 10pt;\">Ralph Jackmuth<\/span><\/strong><\/p>\n","protected":false},"excerpt":{"rendered":"<p>Werner, Johann David: ein B\u00e4cker auf dem Weg\/an der Allee am Bad (1692-1697 noch in Ems); Sohn des Otto Chistoph Werner, Gerichtssch\u00f6ffe in Ems; am 17.10.1700 zum Kirchenvorsteher bestellt (KB 1, pag. 792) oo (3. Prokl. 13.04.1691 Ems) mit Apfel, Anna Elisabeth: Tochter des Elias Apfel, M\u00fcller in der M\u00f6nchbruch-M\u00fchle bei R\u00fcsselsheim 1) Johann Ludwig &hellip; <a href=\"https:\/\/www.ahnenforschung-jackmuth.de\/?page_id=3725\" class=\"more-link\"><span class=\"screen-reader-text\">\u201eEms (Bad) &#8211; Werner\u201c<\/span> weiterlesen<\/a><\/p>\n","protected":false},"author":1,"featured_media":0,"parent":0,"menu_order":0,"comment_status":"closed","ping_status":"closed","template":"","meta":{"footnotes":""},"class_list":["post-3725","page","type-page","status-publish","hentry"],"_links":{"self":[{"href":"https:\/\/www.ahnenforschung-jackmuth.de\/index.php?rest_route=\/wp\/v2\/pages\/3725","targetHints":{"allow":["GET"]}}],"collection":[{"href":"https:\/\/www.ahnenforschung-jackmuth.de\/index.php?rest_route=\/wp\/v2\/pages"}],"about":[{"href":"https:\/\/www.ahnenforschung-jackmuth.de\/index.php?rest_route=\/wp\/v2\/types\/page"}],"author":[{"embeddable":true,"href":"https:\/\/www.ahnenforschung-jackmuth.de\/index.php?rest_route=\/wp\/v2\/users\/1"}],"replies":[{"embeddable":true,"href":"https:\/\/www.ahnenforschung-jackmuth.de\/index.php?rest_route=%2Fwp%2Fv2%2Fcomments&post=3725"}],"version-history":[{"count":0,"href":"https:\/\/www.ahnenforschung-jackmuth.de\/index.php?rest_route=\/wp\/v2\/pages\/3725\/revisions"}],"wp:attachment":[{"href":"https:\/\/www.ahnenforschung-jackmuth.de\/index.php?rest_route=%2Fwp%2Fv2%2Fmedia&parent=3725"}],"curies":[{"name":"wp","href":"https:\/\/api.w.org\/{rel}","templated":true}]}}