{"id":3525,"date":"2019-04-27T17:05:11","date_gmt":"2019-04-27T17:05:11","guid":{"rendered":"http:\/\/www.ahnenforschung-jackmuth.de\/?page_id=3525"},"modified":"2019-09-09T18:43:39","modified_gmt":"2019-09-09T18:43:39","slug":"ems-zimmerschied","status":"publish","type":"page","link":"https:\/\/www.ahnenforschung-jackmuth.de\/?page_id=3525","title":{"rendered":"Ems &#8211; Zimmerschied"},"content":{"rendered":"<p><span style=\"color: #ff0000;\"><strong><u>Zimmerschied<\/u><\/strong><strong>, Hans Karl: <\/strong><\/span>Schiffmann in Ems; bg. 15.01.1704 Ems, 62 Jahre alt<\/p>\n<p>oo mit <strong>Anna Christina:<\/strong> bg. 26.12.1685 Ems<\/p>\n<table width=\"614\">\n<tbody>\n<tr>\n<td width=\"180\">1) Johann Georg<\/td>\n<td width=\"123\"><\/td>\n<td style=\"text-align: justify;\" width=\"312\">oo 13.01.1691 Ems mit Maria Magdalena M\u00fcller aus Kemmenau<\/td>\n<\/tr>\n<tr>\n<td width=\"180\">2) Johann Nikolaus<\/td>\n<td width=\"123\">konf. 03.06.1688 (Pfingsten)<\/td>\n<td style=\"text-align: justify;\" width=\"312\">oo 17.02.1702 Ems mit Elisabeth Katharina Traut aus Ems<\/td>\n<\/tr>\n<tr>\n<td width=\"180\">3) Anna Katharina<\/td>\n<td width=\"123\"><\/td>\n<td style=\"text-align: justify;\" width=\"312\">hat um 1688 illeg. Kind<\/td>\n<\/tr>\n<tr>\n<td width=\"180\">4) Elisabeth Katharina<\/td>\n<td width=\"123\"><\/td>\n<td style=\"text-align: justify;\" width=\"312\">hat 1700 und 1701 illeg. Kind<br \/>\noo 01.06.1706 Ems mit Johann Peter <em>Neu\u00df<\/em><\/td>\n<\/tr>\n<tr>\n<td width=\"180\">5) Maria Elisabeth<\/td>\n<td width=\"123\"><\/td>\n<td style=\"text-align: justify;\" width=\"312\">hat 1696 illeg. Kind<\/td>\n<\/tr>\n<tr>\n<td width=\"180\">6) Elisabeth Margaretha<\/td>\n<td width=\"123\"><\/td>\n<td style=\"text-align: justify;\" width=\"312\">oo 25.11.1685 Ems mit Johannes Kuntz aus Oberelbert<\/td>\n<\/tr>\n<tr>\n<td width=\"180\">7) Anna Rosina<\/td>\n<td width=\"123\"><\/td>\n<td style=\"text-align: justify;\" width=\"312\">bg. 20.05.1687 Ems (T\u00f6chterlein)<\/td>\n<\/tr>\n<\/tbody>\n<\/table>\n<hr \/>\n<p><span style=\"color: #ff0000;\"><strong><u>Zimmerschied<\/u><\/strong><strong>, Anna Katharina: <\/strong><\/span>Tochter des Hans Karl Zimmerschied<\/p>\n<p style=\"text-align: justify;\">oo 1688 Holler (kath.)<\/p>\n<p style=\"text-align: justify;\">mit <strong><u>Mohr<\/u>, Karl:<\/strong> kath.; ein Holzschnitter aus Holler (VG Montabaur); Soldat auf der Festung Ehrenbreitstein<\/p>\n<table width=\"605\">\n<tbody>\n<tr>\n<td width=\"198\">Elisabeth Margaretha (illeg.)<\/td>\n<td width=\"189\">gt. 01.05.1688 Ems<br \/>\nkonf. 15.05.1701 (Pfingsten)<\/td>\n<td width=\"217\">bg. xx.08.1755 Ems<\/td>\n<\/tr>\n<\/tbody>\n<\/table>\n<p><strong>Paten:<\/strong> <em>Goden waren: 1) Elisabetha Catharina, Hans Carl Zimmerschieds Tochter; 2) Anna Margretha, Johannis Wittmars Hau\u00dffr[au], vnd 3) war der Path: Simon W\u00f6lffling, B\u00fcrger vnd Einwohner allhier<\/em><\/p>\n<p style=\"text-align: justify;\">Im P\u00f6nitentenregister wegen illeg. Kind (KB 1, pag. 825): <em>Anna Keth, Hans Carl Zim[m]erschieds, vulgo Stilge\u00dfen Tochter, ist 1688, den 23ten [Decem]br[is], war Dom[inica] 4 post Adv[entum], in der Kirchen, nachdem sie sich von Johannes Mohren, einem p\u00e4pstischen Holtzschnitter, impr\u00e6gniren, zu Holler ohnfern Montebaur, deren Orten der vnz\u00fcchtige Mensch zu Hau\u00df, von Jacob, dem p\u00e4pstischen Pastore daselbsten copuliren vnd ohngefehr 9 Wochen p[ost] copulatione[m] das Kind allhier tauffen lassen, nicht allein vom Gebrauch des h[eiligen] Abendmahls abgehalten, sonderen nachgehends auff Angeben v[nd] Approbation derer Oberherrn, geist[lichen] vnd H[erren] Beampten \/: weilen der Kerl Johannes Mohr von hinnen gieng vnd ein Soldat vff der Vestung Ehrenbreitstein wurde :\/ vor den Pfarrer, Vogt, Schulmeister, Kirchen-Senioren, <\/em>[pag. 826]<em> etliche Gerichts-Sch\u00f6pffen vnd Kirchenmeister in Beyseyn ihres Vatters gestelt vnd mit ihr secundum legem &amp; testimoniu[m], wie in actu einer offent[lichen] Kirchen-Poenitentz, eine Stunde lang ernst[lich] vnd christ[lich] verfahren worden.<\/em><\/p>\n<hr \/>\n<p><span style=\"color: #ff0000;\"><strong><u>Zimmerschied<\/u><\/strong><strong>, Elisabeth Katharina:<\/strong><\/span> Tochter des Hans Karl Zimmerschied, Schiffmann in Ems<\/p>\n<p>o-o mit <strong><em><u>Ferg<\/u><\/em>, Hans Peter:<\/strong> aus Frankfurt-H\u00f6chst<\/p>\n<table width=\"614\">\n<tbody>\n<tr>\n<td width=\"180\">Johann Georg (illeg.)<\/td>\n<td width=\"142\">gt. 22.01.1699 Ems<\/td>\n<td width=\"293\">bg. 23.01.1700 Ems<\/td>\n<\/tr>\n<\/tbody>\n<\/table>\n<p style=\"text-align: justify;\"><strong>Paten: <\/strong><em>Ta&lt;uff&gt;pathen sind: Johann Georg Zimmerschied, &lt;&#8230;&gt; Johann Jacob Scheffer. Die God ist: Dorothea, vorerwehnten H[ans] P[eter] Fergs Schwester zu Mayntz, vor welche, weylen sie p\u00e4pstisch vnd abwesend, gestanden: Anna Margretha, Gottfried Reinhards, eines Schusters dahier in Embs, Eheweib<\/em><\/p>\n<p>o-o mit <strong><u>Engelhard<\/u>, Melchior:<\/strong> ein darmst\u00e4dt. Musketier, <em>wel&lt;chen&gt; Kerls Eltern im Brauhau\u00df zu Hanau &lt;&#8230;&gt; Schlo\u00df wohnende<\/em><\/p>\n<table width=\"614\">\n<tbody>\n<tr>\n<td width=\"180\">Johann Henrich (illeg.)<\/td>\n<td width=\"142\">gt. 25.05.1701 Ems<\/td>\n<td width=\"293\">bg. 09.01.1702 Ems<\/td>\n<\/tr>\n<\/tbody>\n<\/table>\n<p style=\"text-align: justify;\"><strong>Paten: <\/strong><em>Tauffpathen sind: Johann Henrich Eich&lt;holtz&gt; vnd Gottfried Reinhard. Die God &lt;&#8230;&gt; Anna Christina Eulerin<\/em><\/p>\n<p style=\"text-align: justify;\">Im P\u00f6nitentenregister wegen illeg. Kind (KB 1, pag. 833): \u00a0<em>Anno 1702, den 19ten Febr[uarii], war Dom[inica] Sexagesima, hat Elisabetha Catharina, Hans Carl Zim[m]erschieds dahier zu Embs Tochter, nach dem sie in verschiedenen Jahren zwey Kinder in Vnehren zur Welt gebohren, sich mit Gott vnd der ge\u00e4rgeten christ[lichen] Gemeinde vermittelst offentlicher Kirchenbu\u00df gutwillig vers\u00f6hnet.<\/em><\/p>\n<hr \/>\n<p><span style=\"color: #ff0000;\"><strong><u>Zimmerschied<\/u><\/strong><strong>, Maria Elisabeth:<\/strong><\/span> Tochter des Hans Karl Zimmerschied, Schiffmann in Ems<\/p>\n<p>o-o mit <strong>Stephan:<\/strong> ein Knecht von der Mosel, geb\u00fcrtig auf dem Hof Distelberg, 1 1\/2 Stunden oberhalb Winningen gelegen<\/p>\n<table width=\"614\">\n<tbody>\n<tr>\n<td width=\"170\">Maria Katharina (illeg.)<\/td>\n<td width=\"189\">gt. 18.03.1696 Ems<br \/>\nkonf. 08.06.1710 (Pfingsten)<\/td>\n<td width=\"255\">hat Gegenvermerk: + 1746<\/td>\n<\/tr>\n<\/tbody>\n<\/table>\n<p style=\"text-align: justify;\"><strong>Paten:<\/strong> <em>Tauffzeugen sind: Maria Magdalena, Joh[ann] Georg Zimmerschieds Hau\u00dffrau, vnd Anna Catharina, Johannis Mohren Weib. Der Path ist: Johannes Ambrosius, der Olenschl\u00e4ger allhier<\/em><\/p>\n<p style=\"text-align: justify;\">Im P\u00f6nitentenregister wegen illeg. Kind (KB 1, pag. 828): <em>Anno 1696, den 9ten Aprilis, war Gr\u00fcn-Donnerstag, hat Maria Elisabetha, Hans Carl Zim[m]erschieds Tochter, wegen ver\u00fcbter Vnzucht vnd Hurerey, in dem sie sich zur Vngeb\u00fchr mit Stephan, einem frembden Knecht von der Mossel, geb\u00fcrtig auff dem Hoff Disselberg, 1 \u00bd Stund oberhalb von <\/em>[pag. 829] <em>Winningen gelegen, fleischlichen vermischet vnd nachgehends ein Kind zur Welt gebohren, ihre Kirchen-Poenitentz offent[lich] abgestattet.<\/em><\/p>\n<hr \/>\n<p><span style=\"color: #ff0000;\"><strong><u>Zimmerschied<\/u><\/strong><strong>, Hans Martin:<\/strong><\/span> Wagner und Gerichtsch\u00f6ffe in Ems<\/p>\n<p>oo mit <strong>Anna Maria<\/strong><\/p>\n<table width=\"614\">\n<tbody>\n<tr>\n<td style=\"width: 188.483px;\">1) Hans Barthel<\/td>\n<td style=\"width: 272.683px;\"><\/td>\n<td style=\"text-align: justify; width: 332.833px;\">oo I. 22.11.1687 Ems mit Anna Gertrud Rosenbach aus Ems<br \/>\noo II. 23.05.1702 Ems mit Maria Louise <em>Klaiper<\/em> aus Braubach<\/td>\n<\/tr>\n<tr>\n<td style=\"width: 188.483px;\">2) Johann Nikolaus<\/td>\n<td style=\"width: 272.683px;\"><\/td>\n<td style=\"text-align: justify; width: 332.833px;\">oo 19.05.1691 Ems mit Anna Katharina Kaffine aus Ems<\/td>\n<\/tr>\n<tr>\n<td style=\"width: 188.483px;\">3) Johann Peter<\/td>\n<td style=\"width: 272.683px;\"><\/td>\n<td style=\"text-align: justify; width: 332.833px;\">hat 1693 illeg. Kind<br \/>\noo I. 07.02.1702 Ems mit Juliana Margaretha Werner aus Ems<br \/>\noo II. 17.02.1705 Ems mit Maria Gertrud Schepp aus Ems<br \/>\noo III. 14.04.1711 Ems mit Elisabeth Gertrud <em>Thielen<\/em><\/td>\n<\/tr>\n<tr>\n<td style=\"width: 188.483px;\">4) Sophia Elisabeth<\/td>\n<td style=\"width: 272.683px;\">konf. 27.05.1694 (Pfingsten)<\/td>\n<td style=\"width: 332.833px;\"><\/td>\n<\/tr>\n<tr>\n<td style=\"width: 188.483px;\">5) Johannes<\/td>\n<td style=\"width: 272.683px;\">konf. 18.05.1689 (Pfingstsamstag)<\/td>\n<td style=\"width: 332.833px;\"><\/td>\n<\/tr>\n<tr>\n<td style=\"width: 188.483px;\">6) Johann Jakob<\/td>\n<td style=\"width: 272.683px;\">konf. 31.05.1691 (Pfingsten)<\/td>\n<td style=\"width: 332.833px;\"><\/td>\n<\/tr>\n<tr>\n<td style=\"width: 188.483px;\">7) Anna Eva<\/td>\n<td style=\"width: 272.683px;\">konf. 31.05.1696 (Pfingsten)<\/td>\n<td style=\"width: 332.833px;\"><\/td>\n<\/tr>\n<tr>\n<td style=\"width: 188.483px;\">8) Johann Anton<\/td>\n<td style=\"width: 272.683px;\">gt. 06.07.1684 Ems<br \/>\nkonf. 12.06.1698 (Pfingsten)<\/td>\n<td style=\"width: 332.833px;\">bg. 29.05.1744 Ems<\/td>\n<\/tr>\n<tr>\n<td style=\"width: 188.483px;\">9) Johann Christian<\/td>\n<td style=\"width: 272.683px;\">gt. 28.11.1686 Ems<br \/>\nkonf. 04.06.1702 (Pfingsten)<\/td>\n<td style=\"width: 332.833px;\">bg. 10.03.1762 Ems<\/td>\n<\/tr>\n<tr>\n<td style=\"width: 188.483px;\">10) Johannes<\/td>\n<td style=\"width: 272.683px;\">gt. 31.10.1688 Ems<br \/>\nkonf. 27.05.1703 (Pfingsten)<\/td>\n<td style=\"width: 332.833px;\">bg. 20.04.1777 Ems<\/td>\n<\/tr>\n<tr>\n<td style=\"width: 188.483px;\">11) Christina Marg.<\/td>\n<td style=\"width: 272.683px;\">gt. 08.11.1691 Ems<\/td>\n<td style=\"width: 332.833px;\">bg. 21.06.1693 Ems<\/td>\n<\/tr>\n<\/tbody>\n<\/table>\n<p style=\"text-align: justify;\"><strong>Paten: zu 8) <\/strong><em>Gevattern waren: 1) Anthoni[us] Rosebach; 2) Anna Gertraud, Han\u00df Jacob Schuppen Hausfrau; 3) Bartholom\u00e6us Kaphne <\/em>\u2014 <strong>zu 9) <\/strong><em>Gevattern waren: 1) Johann Jacob Zimmerschied von Kemmenau; 2) Anna Catharina, Hans Jacob Br\u00fccken Hausfrau; 3) Meister Christian Dre\u00df, Bierbrauer au\u00df der Augst <\/em>\u2014 <strong>zu 10) <\/strong><em>Tauffpathen waren: H[err] Johannes Leporinus, p[ro] t[empore] pastor loci ordinari[us], vnd H[err] Johann Blassenberg au\u00df Westphalen, ein vnter dem H[errn] Major D&#8230;, wolbestellter Qvartiermeister. Die God aber ist: Gerdraut Catharina, Joh[ann] Georg Lemlers, des Schuhmachers allhier, Haus\u00dffrau <\/em>\u2014 <strong>zu 11) <\/strong><em>Tauff-Goden sind: Jungfer Anna Christina Clotzin, der zeit[lichen] Pfarrerin Schwester, vnd Margretha Catharina, Hans Peter Kaphne Hausfrau. Der Path: Hans Henrich Rosenbach, Wildsch\u00fctz vnd Gerichts-Sch\u00f6pff allhier<\/em><\/p>\n<hr \/>\n<p><span style=\"color: #ff0000;\"><strong><u>Zimmerschied<\/u><\/strong><strong>, Hans Barthel:<\/strong><\/span> Sohn des Hans Martin Zimmerschied aus Ems<\/p>\n<p><strong>oo I. 22.11.1687 Ems<\/strong><\/p>\n<p>mit <strong><u>Rosenbach<\/u>, Anna Gertrud:<\/strong> Tochter des verst. <a href=\"http:\/\/www.ahnenforschung-jackmuth.de\/?page_id=3405\">Philipp Rosenbach<\/a> aus Ems; bg. 10.12.1696 Ems, 30 Jahre und 5 Monate alt<\/p>\n<table width=\"614\">\n<tbody>\n<tr>\n<td style=\"width: 181.233px;\">1) Anna Katharina<\/td>\n<td style=\"width: 244.317px;\">gt. 30.06.1689 Ems<br \/>\nkonf. 27.05.1703 (Pfingsten)<\/td>\n<td style=\"width: 368.45px;\"><\/td>\n<\/tr>\n<tr>\n<td style=\"width: 181.233px;\">2) Anna Elisabeth<\/td>\n<td style=\"width: 244.317px;\">gt. 09.08.1691 Ems<br \/>\nkonf. 31.05.1705 (Pfingsten)<\/td>\n<td style=\"width: 368.45px;\"><\/td>\n<\/tr>\n<tr>\n<td style=\"width: 181.233px;\">3) Anna Maria<\/td>\n<td style=\"width: 244.317px;\">gt. 04.03.1694 Ems<\/td>\n<td style=\"width: 368.45px;\">bg. 23.07.1704 Ems<\/td>\n<\/tr>\n<\/tbody>\n<\/table>\n<p><strong>oo II. 23.05.1702 Ems<\/strong> (3. Prokl. 21.05.)<\/p>\n<p style=\"text-align: justify;\">mit <strong><em><u>Klaiper<\/u><\/em>, Maria Louise:<\/strong> Tochter des verst. Johann Daniel <em>Klaiper<\/em>, Schuhmacher und Gefreiter zu Braubach und auf der Marksburg<\/p>\n<table style=\"height: 112px;\" width=\"614\">\n<tbody>\n<tr style=\"height: 28px;\">\n<td style=\"height: 28px; width: 233.267px;\">1) Johann Henrich<\/td>\n<td style=\"height: 28px; width: 196.333px;\">gt. 01.07.1703 Ems<\/td>\n<td style=\"height: 28px; width: 364.4px;\"><\/td>\n<\/tr>\n<tr style=\"height: 28px;\">\n<td style=\"height: 28px; width: 233.267px;\">2) Anna Gertrud<\/td>\n<td style=\"height: 28px; width: 196.333px;\">gt. 11.01.1705 Ems<\/td>\n<td style=\"height: 28px; width: 364.4px;\">bg. xx.03.1780 Ems<\/td>\n<\/tr>\n<tr style=\"height: 28px;\">\n<td style=\"height: 28px; width: 233.267px;\">3) Johann Bartholom\u00e4us<\/td>\n<td style=\"height: 28px; width: 196.333px;\">gt. 17.05.1708 Ems<\/td>\n<td style=\"height: 28px; width: 364.4px;\">bg. 07.12.1709 Ems<\/td>\n<\/tr>\n<tr style=\"height: 28px;\">\n<td style=\"height: 28px; width: 233.267px;\">4) Johann Jakob<\/td>\n<td style=\"height: 28px; width: 196.333px;\">gt. 28.09.1710 Ems<\/td>\n<td style=\"height: 28px; width: 364.4px;\">bg. 29.06.1777 Ems<\/td>\n<\/tr>\n<\/tbody>\n<\/table>\n<hr \/>\n<p><span style=\"color: #ff0000;\"><strong><u>Zimmerschied<\/u><\/strong><strong>, Johann Georg:<\/strong> <\/span>ein Schiffmann in Ems; Sohn des Hans Karl Zimmerschied, Schiffmann in Ems; bg. 06.01.1710 Ems, 42 Jahre alt<\/p>\n<p><strong>oo 13.01.1691 Ems<\/strong> (3. Prokl. 11.01.)<\/p>\n<p>oo mit <strong><u>M\u00fcller<\/u>, Maria Magdalena:<\/strong> Tochter des verst. <a href=\"http:\/\/www.ahnenforschung-jackmuth.de\/?page_id=3812\">Konrad M\u00fcller<\/a> aus Kemmenau<\/p>\n<table width=\"614\">\n<tbody>\n<tr>\n<td width=\"161\">1) Johann Jakob<\/td>\n<td width=\"189\">gt. 06.01.1692 Ems<\/td>\n<td width=\"265\">bg. 09.09.1693 Ems<\/td>\n<\/tr>\n<tr>\n<td width=\"161\">2) Johann Nikolaus<\/td>\n<td width=\"189\">gt. 17.12.1693 Ems<br \/>\nkonf. 12.06.1707 (Pfingsten)<\/td>\n<td width=\"265\">bg. 03.04.1755 Ems<\/td>\n<\/tr>\n<tr>\n<td width=\"161\">3) Johann Gottfried<\/td>\n<td width=\"189\">gt. 15.12.1695 Ems<br \/>\nkonf. 08.06.1710 (Pfingsten)<\/td>\n<td width=\"265\">bg. 30.03.1755 Ems<\/td>\n<\/tr>\n<tr>\n<td width=\"161\">4) Johann Jakob<\/td>\n<td width=\"189\">gt. 24.08.1698 Ems<br \/>\nkonf. 04.06.1713 (Pfingsten)<\/td>\n<td width=\"265\"><\/td>\n<\/tr>\n<tr>\n<td width=\"161\">5) Johann Karl<\/td>\n<td width=\"189\">gt. 11.02.1701 Ems<\/td>\n<td width=\"265\"><\/td>\n<\/tr>\n<tr>\n<td width=\"161\">6) Maria Elisabeth<\/td>\n<td width=\"189\">gt. 31.01.1703 Ems<\/td>\n<td width=\"265\"><\/td>\n<\/tr>\n<tr>\n<td width=\"161\">7) Johann Peter<\/td>\n<td width=\"189\">gt. 18.10.1705 Ems<\/td>\n<td width=\"265\">bg. 26.06.1707 Ems<\/td>\n<\/tr>\n<tr>\n<td width=\"161\">8) Johann Peter<\/td>\n<td width=\"189\">gt. 29.01.1709 Ems<\/td>\n<td width=\"265\">bg. 30.01.1709 Ems<\/td>\n<\/tr>\n<tr>\n<td width=\"161\">9) Jakobina &#8230;<\/td>\n<td width=\"189\">gt. 27.04.1710 Ems<\/td>\n<td width=\"265\"><\/td>\n<\/tr>\n<\/tbody>\n<\/table>\n<hr \/>\n<p style=\"text-align: justify;\"><span style=\"color: #ff0000;\"><strong><u>Zimmerschied<\/u><\/strong><strong>, Johann Nikolaus:<\/strong>\u00a0<\/span>Kirchenmeister (1698) in Ems, am 17.10.1700 zum Kirchenvorsteher bestellt (KB 1, pag. 792); Sohn des Hans Martin Zimmerschied, Wagner und Gerichtssch\u00f6ffe in Ems<\/p>\n<p><strong>oo 19.05.1691 Ems<\/strong> (3. Prokl. 17.05.)<\/p>\n<p>mit <strong><u>Kaffine<\/u>, Anna Katharina:<\/strong> Tochter des <a href=\"http:\/\/www.ahnenforschung-jackmuth.de\/?page_id=3286\">Bartholom\u00e4us Kaffine<\/a>, Bierbrauer in Ems<\/p>\n<table style=\"height: 280px;\" width=\"605\">\n<tbody>\n<tr style=\"height: 56px;\">\n<td style=\"height: 56px; width: 236.7px;\">1) Johann Bartholom\u00e4us<\/td>\n<td style=\"height: 56px; width: 248.317px;\">gt. 24.08.1692 Ems<br \/>\nkonf. 31.05.1705 (Pfingsten)<\/td>\n<td style=\"height: 56px; width: 308.983px;\"><\/td>\n<\/tr>\n<tr style=\"height: 28px;\">\n<td style=\"height: 28px; width: 236.7px;\">2) Johann Peter<\/td>\n<td style=\"height: 28px; width: 248.317px;\">gt. 21.07.1695 Ems<\/td>\n<td style=\"height: 28px; width: 308.983px;\">bg. 26.02.1697 Ems<\/td>\n<\/tr>\n<tr style=\"height: 28px;\">\n<td style=\"height: 28px; width: 236.7px;\">3) Johann Nikolaus<\/td>\n<td style=\"height: 28px; width: 248.317px;\">gt. 30.01.1698 Ems<\/td>\n<td style=\"height: 28px; width: 308.983px;\">bg. 29.06.1698 Ems<\/td>\n<\/tr>\n<tr style=\"height: 56px;\">\n<td style=\"height: 56px; width: 236.7px;\">4) Johann Jakob<\/td>\n<td style=\"height: 56px; width: 248.317px;\">gt. 18.05.1699 Ems<br \/>\nkonf. 24.05.1711 (Pfingsten)<\/td>\n<td style=\"height: 56px; width: 308.983px;\"><\/td>\n<\/tr>\n<tr style=\"height: 28px;\">\n<td style=\"height: 28px; width: 236.7px;\">5) Henrich David<\/td>\n<td style=\"height: 28px; width: 248.317px;\">gt. 30.07.1702 Ems<\/td>\n<td style=\"height: 28px; width: 308.983px;\">bg. 28.01.1705 Ems<\/td>\n<\/tr>\n<tr style=\"height: 28px;\">\n<td style=\"height: 28px; width: 236.7px;\">6) Maria Philippina<\/td>\n<td style=\"height: 28px; width: 248.317px;\">gt. 28.06.1705 Ems<\/td>\n<td style=\"height: 28px; width: 308.983px;\"><\/td>\n<\/tr>\n<tr style=\"height: 28px;\">\n<td style=\"height: 28px; width: 236.7px;\">7) Johannes<\/td>\n<td style=\"height: 28px; width: 248.317px;\">gt. 09.09.1708 Ems<\/td>\n<td style=\"height: 28px; width: 308.983px;\">bg. 10.04.1709 Ems<\/td>\n<\/tr>\n<tr style=\"height: 28px;\">\n<td style=\"height: 28px; width: 236.7px;\">8) Johann Nikolaus<\/td>\n<td style=\"height: 28px; width: 248.317px;\">gt. 09.09.1708 Ems<\/td>\n<td style=\"height: 28px; width: 308.983px;\">bg. 21.04.1709 Ems<\/td>\n<\/tr>\n<\/tbody>\n<\/table>\n<hr \/>\n<p><span style=\"color: #ff0000;\"><strong><u>Zimmerschied<\/u><\/strong><strong>, Johann Peter:<\/strong><\/span> Sohn des Hans Martin Zimmerschied, Wagner und Gerichtssch\u00f6ffe in Ems<\/p>\n<p>o-o mit <strong><u>Jost<\/u>, Anna Philippina:<\/strong> Tochter des <a href=\"http:\/\/www.ahnenforschung-jackmuth.de\/?page_id=3272\">Bartholom\u00e4us Jost<\/a>, gemeiner Vorsteher in Ems<\/p>\n<table width=\"605\">\n<tbody>\n<tr>\n<td width=\"151\">Johann Georg (illeg.)<\/td>\n<td width=\"151\">gt. 26.03.1693 Ems<\/td>\n<td width=\"302\">bg. 07.09.1693 Ems<\/td>\n<\/tr>\n<\/tbody>\n<\/table>\n<p><strong>Paten: <\/strong><em>Tauffzeugen sind: Johann Georg Lemler, ein Schuhmacher alhier, vnd A[nna][ Lie\u00df, Bartholom\u00e6i Caphne sen[ioris] Tochter<\/em><\/p>\n<p style=\"text-align: justify;\">Im P\u00f6nitentenregister wegen illeg. Kind (KB 1, pag. 828): <em>Den 30ten Septembris, war Dom[inica] 17 p[ost] Trin[itatis] 1694, haben Johann Peter, Hans Martin Zim[m]erschieds Sohn, vnd Anna Philippina, Bartholom\u00e6i Justen Tochter wegen ver\u00fcbter Vnzucht vnd Hurerey, in dem sie sich zur Vngeb\u00fchr fleischlichen vermischet, da\u00df ein Kind zur Welt gebohren worden, ihre offent[liche] Kirchen-Poenitentz gethan vnd abgelegt.<\/em><\/p>\n<p><strong>oo I. 07.02.1702 Ems<\/strong> (3. Prokl. 05.02.)<\/p>\n<p style=\"text-align: justify;\">mit <strong><u>Werner<\/u>, Juliana Margaretha:<\/strong> Tochter des <a href=\"http:\/\/www.ahnenforschung-jackmuth.de\/?page_id=3497\">Otto Christoph Werner<\/a>, Gerichtssch\u00f6ffe in Ems; bg. 06.06.1704 Ems, 29 Jahre 4 Monate und 14 Tage alt<\/p>\n<table width=\"605\">\n<tbody>\n<tr>\n<td width=\"180\">Johann Gottfried<\/td>\n<td width=\"151\">gt. 27.04.1704 Ems<\/td>\n<td width=\"274\">bg. xx.10.1756 Ems<\/td>\n<\/tr>\n<\/tbody>\n<\/table>\n<p><strong>oo II. 17.02.1705 Ems<\/strong> (3. Prokl. 15.02.)<\/p>\n<p style=\"text-align: justify;\">mit <strong><u>Schepp<\/u>, Maria Gertrud:<\/strong> Tochter des <a href=\"http:\/\/www.ahnenforschung-jackmuth.de\/?page_id=3417\">Hans Daniel Schepp<\/a>, Schiffmann in Ems; bg. 24.04.1710 Ems, 28 Jahre und 8 Monate alt<\/p>\n<table width=\"605\">\n<tbody>\n<tr>\n<td width=\"180\">1) Johann Jakob<\/td>\n<td width=\"151\">gt. 06.12.1705 Ems<\/td>\n<td width=\"274\">bg. 02.03.1706 Ems<\/td>\n<\/tr>\n<tr>\n<td width=\"180\">2) Anna Sophia<\/td>\n<td width=\"151\">gt. 03.03.1709 Ems<\/td>\n<td width=\"274\"><\/td>\n<\/tr>\n<\/tbody>\n<\/table>\n<p><strong>\u00a0<\/strong><strong>oo III. 14.04.1711 Ems<\/strong> (3. Prokl. 06.04.)<\/p>\n<p style=\"text-align: justify;\">mit <strong><em><u>Thielen<\/u><\/em>, Elisabeth Gertrud:<\/strong> Tochter des verst. Friedrich <em>Thielen<\/em> aus \u201eBallenberg im Kirchspiel <em>Eckenhein<\/em> im Kurpf\u00e4lzischen\u201c<\/p>\n<table width=\"605\">\n<tbody>\n<tr>\n<td width=\"180\">Johann Anton<\/td>\n<td width=\"151\">gt. 03.03.1715 Ems<\/td>\n<td width=\"274\">bg. 01.11.1791 Ems<\/td>\n<\/tr>\n<\/tbody>\n<\/table>\n<p style=\"text-align: justify;\"><strong>Paten:<\/strong><em> Johann Anthon, Han\u00df Martin Zimmerschieds, Gerichts-Sch\u00f6pffen dahier, eh[licher] Sohn; Johann Carl Draut, ein Leinweber allhier; Anna Catharina, Henrich Peter Caphne, Beckers u[nd] Gerichts-Sch\u00f6pffen dahier, Ehfrau<\/em><\/p>\n<hr \/>\n<p><span style=\"color: #ff0000;\"><strong><u>Zimmerschied<\/u><\/strong><strong>, Johann Nikolaus:<\/strong><\/span> Sohn des Hans Karl Zimmerschied, Schiffmann in Ems<\/p>\n<p><strong>oo 17.02.1702 Ems<\/strong><\/p>\n<p>mit <strong><u>Traut<\/u>, Elisabeth Katharina:<\/strong> Tochter des <a href=\"http:\/\/www.ahnenforschung-jackmuth.de\/?page_id=3474\">Hans Peter Traut<\/a> aus Ems<\/p>\n<table width=\"605\">\n<tbody>\n<tr>\n<td width=\"151\">Johann Georg (illeg.)<\/td>\n<td width=\"189\">gt. 28.04.1701 Ems<br \/>\nkonf. 04.06.1713 (Pfingsten)<\/td>\n<td width=\"265\"><\/td>\n<\/tr>\n<\/tbody>\n<\/table>\n<p style=\"text-align: justify;\">Im P\u00f6nitentenregister wegen illeg. Kind (KB 1, pag. 833): <em>Anno 1702, den 17ten Febr[uarii], haben in damaliger Wochen-Predigt \/: so ex gratia concetirt vnd befohlen worden :\/ Johann Nicolaus Zim[m]erschied vnd Elisabetha Catharina, Hans Peter Trauten allhier Tochter, weilen fleischliche Vermischung von ihnen zur Vngeb\u00fchr beschehen vnd ein Kind zur Welt gebohren war, gew\u00f6hn[liche]r Kirchenbu\u00df gethan<\/em><\/p>\n<hr \/>\n<p><span style=\"color: #ff0000;\"><strong><u>Zimmerschied<\/u><\/strong><strong>, Johann Christian:<\/strong><\/span> ein Rotgerber in Ems<\/p>\n<p>oo mit <strong>Regina Magdalena<\/strong><\/p>\n<table width=\"605\">\n<tbody>\n<tr>\n<td width=\"142\">1) Eva Maria<\/td>\n<td width=\"208\">* 18.12.1721 Ems (gt. 21.12.)<\/td>\n<td width=\"255\">bg. 25.05.1794 Ems<\/td>\n<\/tr>\n<tr>\n<td width=\"142\">2) Maria Elisabeth<\/td>\n<td width=\"208\">gt. 23.09.1724 Ems<\/td>\n<td width=\"255\"><\/td>\n<\/tr>\n<\/tbody>\n<\/table>\n<p style=\"text-align: justify;\"><strong>Paten: zu 1) <\/strong><em>Gevattern sind gewesen: 1) Maria Catharina, Meister Henrich Tuther Vogten, Schlo\u00dfers und Uhrmachers zu Braubach, ehe[liche] Hau\u00dffrau; 2) An[n]a Eva Philipps Peter Meuschens, Schuhmachers dahier, Hau\u00dffrau; 3) Johann Philipps Vogt, ein Burger zu Braubach <\/em><em>\u00a0<\/em>\u2014 <strong>zu 2) <\/strong><em>Gevattern sind gewesen: 1) Anna Maria, Philipps Wilhelm Keisen Frau; 2) Elisabetha Catharina, Johann Georg Weigands zu Braubach Hau\u00dffrau; 3) Georg Philppps Weigand, Burger und Schiffmann zu Braubach<\/em><\/p>\n<hr \/>\n<p style=\"text-align: justify;\"><strong><span style=\"font-size: 10pt;\">Letzte \u00c4nderung: 9. September 2019<\/span><\/strong><br \/>\n<strong><span style=\"font-size: 10pt;\">Ralph Jackmuth<\/span><\/strong><\/p>\n","protected":false},"excerpt":{"rendered":"<p>Zimmerschied, Hans Karl: Schiffmann in Ems; bg. 15.01.1704 Ems, 62 Jahre alt oo mit Anna Christina: bg. 26.12.1685 Ems 1) Johann Georg oo 13.01.1691 Ems mit Maria Magdalena M\u00fcller aus Kemmenau 2) Johann Nikolaus konf. 03.06.1688 (Pfingsten) oo 17.02.1702 Ems mit Elisabeth Katharina Traut aus Ems 3) Anna Katharina hat um 1688 illeg. Kind 4) &hellip; <a href=\"https:\/\/www.ahnenforschung-jackmuth.de\/?page_id=3525\" class=\"more-link\"><span class=\"screen-reader-text\">\u201eEms &#8211; Zimmerschied\u201c<\/span> weiterlesen<\/a><\/p>\n","protected":false},"author":1,"featured_media":0,"parent":0,"menu_order":0,"comment_status":"closed","ping_status":"closed","template":"","meta":{"footnotes":""},"class_list":["post-3525","page","type-page","status-publish","hentry"],"_links":{"self":[{"href":"https:\/\/www.ahnenforschung-jackmuth.de\/index.php?rest_route=\/wp\/v2\/pages\/3525","targetHints":{"allow":["GET"]}}],"collection":[{"href":"https:\/\/www.ahnenforschung-jackmuth.de\/index.php?rest_route=\/wp\/v2\/pages"}],"about":[{"href":"https:\/\/www.ahnenforschung-jackmuth.de\/index.php?rest_route=\/wp\/v2\/types\/page"}],"author":[{"embeddable":true,"href":"https:\/\/www.ahnenforschung-jackmuth.de\/index.php?rest_route=\/wp\/v2\/users\/1"}],"replies":[{"embeddable":true,"href":"https:\/\/www.ahnenforschung-jackmuth.de\/index.php?rest_route=%2Fwp%2Fv2%2Fcomments&post=3525"}],"version-history":[{"count":0,"href":"https:\/\/www.ahnenforschung-jackmuth.de\/index.php?rest_route=\/wp\/v2\/pages\/3525\/revisions"}],"wp:attachment":[{"href":"https:\/\/www.ahnenforschung-jackmuth.de\/index.php?rest_route=%2Fwp%2Fv2%2Fmedia&parent=3525"}],"curies":[{"name":"wp","href":"https:\/\/api.w.org\/{rel}","templated":true}]}}