{"id":3520,"date":"2019-04-27T16:53:26","date_gmt":"2019-04-27T16:53:26","guid":{"rendered":"http:\/\/www.ahnenforschung-jackmuth.de\/?page_id=3520"},"modified":"2019-04-27T18:46:29","modified_gmt":"2019-04-27T18:46:29","slug":"ems-w-diverse","status":"publish","type":"page","link":"https:\/\/www.ahnenforschung-jackmuth.de\/?page_id=3520","title":{"rendered":"Ems &#8211; W (Diverse)"},"content":{"rendered":"<p><span style=\"color: #ff0000;\"><strong><em><u>Wasser<\/u><\/em><\/strong><strong>, Martin:<\/strong><\/span> Soldat unter dem kurtrierischen Obristleutnant <em>Cortt<\/em> auf der Festung Ehrenbreitstein<\/p>\n<p style=\"text-align: justify;\"><strong>oo 22.01.1693<\/strong> <strong>Ems<\/strong> mit <strong><em><u>Ande\u00df<\/u><\/em>, Anna:<\/strong> Witwe und Tochter des Johannes <em>Ande\u00df<\/em>, Kannegie\u00dfer im Tal (Ehrenbreitstein)<\/p>\n<hr \/>\n<p style=\"text-align: justify;\"><span style=\"color: #ff0000;\"><strong><u>Weigand<\/u><\/strong><strong>, Maria Christiana:<\/strong><\/span> Tochter des Christoph Gabriel Weigand, Kellner der \u00c4mter Merenberg und L\u00f6hnberg; bg. 11.05.1703 Ems, 18 Jahre 5 Monate und 1 \u00bd Tage alt<\/p>\n<hr \/>\n<p><span style=\"color: #ff0000;\"><strong><u>Weinand<\/u><\/strong><strong>, Johannes:<\/strong><\/span> ein Kuhhirte in Ems<\/p>\n<p>oo mit <strong>Katharina<\/strong><\/p>\n<table width=\"624\">\n<tbody>\n<tr>\n<td width=\"208\">Anna Christina<\/td>\n<td width=\"151\">gt. 25.11.1688 Ems<\/td>\n<td width=\"265\">bg. 05.07.1689 Ems<\/td>\n<\/tr>\n<\/tbody>\n<\/table>\n<hr \/>\n<p style=\"text-align: justify;\"><span style=\"color: #ff0000;\"><strong><u>Weinsch\u00fctz<\/u><\/strong><strong>, Johann Adam:<\/strong><\/span> geb. und getauft im Dorf <em>Hochstetten, 2 Stund von Creutzenach<\/em> (= Hochst\u00e4tten (VG Bad Kreuznach)); Sohn des verst. Johann Christoph Weinsch\u00fctz, M\u00fcller in der &lt;&#8230;&gt;-M\u00fchle<\/p>\n<hr \/>\n<p style=\"text-align: justify;\"><span style=\"color: #ff0000;\"><strong><em><u>Weybel<\/u><\/em><\/strong><strong>, Johann Christian:<\/strong><\/span> Kind des Hans Jakob <em>Weybel<\/em>, ein armer gebrechlicher Tagel\u00f6hner aus Altenbolanden (Donnersbergkreis); bg. 21.05.1709 Ems, 15 Wochen alt<\/p>\n<hr \/>\n<p style=\"text-align: justify;\"><span style=\"color: #ff0000;\"><strong><u>Weyer<\/u><\/strong><strong>, Konrad:<\/strong> <\/span>ein Sch\u00e4fer zu Dausenau, \u201eh\u00fctet jetzt die Schafe zu Wein\u00e4hr\u201c; ist 1712 Vater eines illeg. Kindes; s. u. <a href=\"http:\/\/www.ahnenforschung-jackmuth.de\/?page_id=3325\">Lehmler, Maria Elisabeth<\/a><\/p>\n<hr \/>\n<p style=\"text-align: justify;\"><span style=\"color: #ff0000;\"><strong><em><u>Wiebcke<\/u><\/em><\/strong><strong>, Konrad:<\/strong><\/span> gewesener St\u00fcck-Korporal von der f\u00fcrstl. hess.-kasselischen Artillerie; bg. 11.02.1694 Ems, 50 Jahre alt<\/p>\n<hr \/>\n<p><span style=\"color: #ff0000;\"><strong><u>Wilhelm<\/u><\/strong><strong>, Ludwig:<\/strong><\/span> zur Zeit Kuhhirte in Ems; Pate 22.06.1708 bei Wilhelm Hahn, Schafhirte in Ems<\/p>\n<p>oo mit <strong>Katharina<\/strong><\/p>\n<table width=\"614\">\n<tbody>\n<tr>\n<td width=\"170\">Johann Andreas<\/td>\n<td width=\"142\">gt. 04.10.1709 Ems<\/td>\n<td width=\"302\"><\/td>\n<\/tr>\n<\/tbody>\n<\/table>\n<p style=\"text-align: justify;\"><strong>Paten: <\/strong><em>Tauffpathen sind: Johann Philips, Hans Velten M\u00fcllers, eines Hoff- vnd Ackermanns auff dem freyherr[lich] steinischen Hoff G\u00fc\u00dfh\u00fcbel<\/em> [Giesh\u00fcbel (Oberwies, Bad Ems-Nassau] <em>Sohn, vnd Johann Andreas Zimmermann, ein Bierbrauer vnd Brandenweinbrenner in Fr\u00fccht. Die God ist: Anna Elisabetha, Johann Henrich Zimmermanns, eines M\u00fcllers zu Sultzbach, Tochter<\/em><\/p>\n<hr \/>\n<p><span style=\"color: #ff0000;\"><strong><em><u>Winck<\/u><\/em><\/strong><strong>, Nikolaus:<\/strong><\/span> zur Zeit Schafhirte in Ems<\/p>\n<p>oo mit <strong>Anna Katharina<\/strong><\/p>\n<table width=\"614\">\n<tbody>\n<tr>\n<td width=\"170\">Johann Nikolaus<\/td>\n<td width=\"142\">gt. 29.11.1705 Ems<\/td>\n<td width=\"302\"><\/td>\n<\/tr>\n<\/tbody>\n<\/table>\n<p style=\"text-align: justify;\"><strong>Paten:<\/strong><em> Tauffpathen sind: Johann Nicolaus, Hans Schuppen Sohn, vnd Johann Henrich, Johann Philips Eichholtzen Sohn. Die God ist: Anna Maria, wei[land] Hans Peter Caphne hinterlassene Tochter<\/em><\/p>\n<hr \/>\n<p><span style=\"color: #ff0000;\"><strong><em><u>Wirge\u00df<\/u><\/em><\/strong><strong>, Johann Nikolaus:<\/strong> <\/span>Sohn des verst. Kaspar <em>Wirge\u00df<\/em>; bg. 29.10.1683 Ems<\/p>\n<hr \/>\n<p style=\"text-align: justify;\"><strong><span style=\"font-size: 10pt;\">Letzte \u00c4nderung: 27. April 2019<\/span><\/strong><br \/>\n<strong><span style=\"font-size: 10pt;\">Ralph Jackmuth<\/span><\/strong><\/p>\n","protected":false},"excerpt":{"rendered":"<p>Wasser, Martin: Soldat unter dem kurtrierischen Obristleutnant Cortt auf der Festung Ehrenbreitstein oo 22.01.1693 Ems mit Ande\u00df, Anna: Witwe und Tochter des Johannes Ande\u00df, Kannegie\u00dfer im Tal (Ehrenbreitstein) Weigand, Maria Christiana: Tochter des Christoph Gabriel Weigand, Kellner der \u00c4mter Merenberg und L\u00f6hnberg; bg. 11.05.1703 Ems, 18 Jahre 5 Monate und 1 \u00bd Tage alt Weinand, &hellip; <a href=\"https:\/\/www.ahnenforschung-jackmuth.de\/?page_id=3520\" class=\"more-link\"><span class=\"screen-reader-text\">\u201eEms &#8211; W (Diverse)\u201c<\/span> weiterlesen<\/a><\/p>\n","protected":false},"author":1,"featured_media":0,"parent":0,"menu_order":0,"comment_status":"closed","ping_status":"closed","template":"","meta":{"footnotes":""},"class_list":["post-3520","page","type-page","status-publish","hentry"],"_links":{"self":[{"href":"https:\/\/www.ahnenforschung-jackmuth.de\/index.php?rest_route=\/wp\/v2\/pages\/3520","targetHints":{"allow":["GET"]}}],"collection":[{"href":"https:\/\/www.ahnenforschung-jackmuth.de\/index.php?rest_route=\/wp\/v2\/pages"}],"about":[{"href":"https:\/\/www.ahnenforschung-jackmuth.de\/index.php?rest_route=\/wp\/v2\/types\/page"}],"author":[{"embeddable":true,"href":"https:\/\/www.ahnenforschung-jackmuth.de\/index.php?rest_route=\/wp\/v2\/users\/1"}],"replies":[{"embeddable":true,"href":"https:\/\/www.ahnenforschung-jackmuth.de\/index.php?rest_route=%2Fwp%2Fv2%2Fcomments&post=3520"}],"version-history":[{"count":0,"href":"https:\/\/www.ahnenforschung-jackmuth.de\/index.php?rest_route=\/wp\/v2\/pages\/3520\/revisions"}],"wp:attachment":[{"href":"https:\/\/www.ahnenforschung-jackmuth.de\/index.php?rest_route=%2Fwp%2Fv2%2Fmedia&parent=3520"}],"curies":[{"name":"wp","href":"https:\/\/api.w.org\/{rel}","templated":true}]}}