{"id":3497,"date":"2019-04-27T16:35:29","date_gmt":"2019-04-27T16:35:29","guid":{"rendered":"http:\/\/www.ahnenforschung-jackmuth.de\/?page_id=3497"},"modified":"2019-04-28T12:44:44","modified_gmt":"2019-04-28T12:44:44","slug":"ems-werner","status":"publish","type":"page","link":"https:\/\/www.ahnenforschung-jackmuth.de\/?page_id=3497","title":{"rendered":"Ems &#8211; Werner"},"content":{"rendered":"<p><span style=\"color: #ff0000;\"><strong><u>Werner<\/u><\/strong><strong>, Otto Christoph:<\/strong> <\/span>Bierbrauer und Gerichtssch\u00f6ffe in Ems; bg. 28.07.1709 Ems, 78 Jahre alt<\/p>\n<p>oo mit<strong> Anna Sophia: <\/strong>bg. 31.08.1704 Ems, 62 \u00bd Jahre alt<\/p>\n<table style=\"width: 839px; height: 616px;\">\n<tbody>\n<tr style=\"height: 84px;\">\n<td style=\"width: 190.25px; height: 84px;\">1) Georg Ludwig<\/td>\n<td style=\"width: 163.217px; height: 84px;\"><\/td>\n<td style=\"width: 439.533px; text-align: justify; height: 84px;\">oo I. 24.11.1685 Ems mit Anna Sophia Rausch aus Ems<br \/>\noo II. (3. Prokl. 02.02.1698 Ems) mit Anna Amalia Vollhard aus Darmstadt<\/td>\n<\/tr>\n<tr style=\"height: 112px;\">\n<td style=\"width: 190.25px; height: 112px;\">2) Johann Jakob<\/p>\n<p>&nbsp;<\/td>\n<td style=\"width: 163.217px; height: 112px;\"><\/td>\n<td style=\"width: 439.533px; text-align: justify; height: 112px;\">oo I. 05.08.1690 Ems mit Anna Philippina Dorothea Rausch aus Ems<br \/>\noo II. (3. Prokl. 23.04.1702 Ems) mit Barbara Phildius aus Okriftel<\/td>\n<\/tr>\n<tr style=\"height: 140px;\">\n<td style=\"width: 190.25px; height: 140px;\">3) Johann Daniel<\/p>\n<p>&nbsp;<\/td>\n<td style=\"width: 163.217px; height: 140px;\">konf. 27.05.1694 (Pfingsten)<\/p>\n<p>&nbsp;<\/td>\n<td style=\"width: 439.533px; text-align: justify; height: 140px;\">oo I. (3. Prokl. 23.11.1704 Ems) mit Anna Elisabeth Mock aus Okriftel<br \/>\noo II. 04.03.1710 Ems mit Anna Katharina Thorn aus Mittelfischbach<\/td>\n<\/tr>\n<tr style=\"height: 56px;\">\n<td style=\"width: 190.25px; height: 56px;\">4) Johann David<\/td>\n<td style=\"width: 163.217px; height: 56px;\"><\/td>\n<td style=\"width: 439.533px; text-align: justify; height: 56px;\">oo (3. Prokl. 13.04.1691 Ems) mit Anna Elisabeth Apfel, wohnen am Bad<\/td>\n<\/tr>\n<tr style=\"height: 112px;\">\n<td style=\"width: 190.25px; height: 112px;\">5) Juliana Margaretha<\/td>\n<td style=\"width: 163.217px; height: 112px;\">* 1675<\/td>\n<td style=\"width: 439.533px; text-align: justify; height: 112px;\">bg. 06.06.1704 Ems, 29 Jahre 4 Monate und 14 Tage alt<br \/>\noo 07.02.1702 Ems mit Johann Peter Zimmerschied aus Ems<\/td>\n<\/tr>\n<tr style=\"height: 56px;\">\n<td style=\"width: 190.25px; height: 56px;\">6) Anna Magdalena<\/td>\n<td style=\"width: 163.217px; height: 56px;\">konf. 08.06.1690 (Pfingsten)<\/td>\n<td style=\"width: 439.533px; height: 56px;\"><\/td>\n<\/tr>\n<tr style=\"height: 56px;\">\n<td style=\"width: 190.25px; height: 56px;\">7) Otto Christoph<\/td>\n<td style=\"width: 163.217px; height: 56px;\">gt. 28.03.1687 Ems<br \/>\n(Feria 2 Paschatos)<\/td>\n<td style=\"width: 439.533px; height: 56px;\">bg. 08.01.1688 Ems<\/td>\n<\/tr>\n<\/tbody>\n<\/table>\n<hr \/>\n<p><span style=\"color: #ff0000;\"><strong><u>Werner<\/u><\/strong><strong>, Georg Ludwig:<\/strong> <\/span>ein B\u00e4cker in Ems; Sohn des Gerichtssch\u00f6ffen Otto Christoph Werner in Ems<\/p>\n<p><strong>oo I. 24.11.1685 Ems <\/strong><\/p>\n<p style=\"text-align: justify;\">mit <strong><u>Rausch<\/u>, Anna Sophia:<\/strong> Tochter des <a href=\"http:\/\/www.ahnenforschung-jackmuth.de\/?page_id=3387\">Matth\u00e4us Rausch<\/a> aus Ems; bg. 18.09.1697 Ems, 32 Jahre und 6 Wochen alt<\/p>\n<table width=\"614\">\n<tbody>\n<tr>\n<td width=\"151\">1) Anna Magdalena<\/td>\n<td width=\"198\">gt. 02.10.1687 Ems<\/td>\n<td width=\"265\">bg. 09.11.1687 Ems<\/td>\n<\/tr>\n<tr>\n<td width=\"151\">2) Johann David<\/td>\n<td width=\"198\">gt. 01.04.1689 Ems<br \/>\nkonf. 30.05.1700 (Pfingsten)<\/td>\n<td width=\"265\">wohl oo um 1716 mit Susanna Kath.<\/td>\n<\/tr>\n<tr>\n<td width=\"151\">3) Anna Christina<\/td>\n<td width=\"198\">gt. 11.10.1691 Ems<\/td>\n<td width=\"265\">bg. 20.11.1695 Ems<\/td>\n<\/tr>\n<tr>\n<td width=\"151\">4) Johann Wilhelm<\/td>\n<td width=\"198\">gt. 16.10.1693 Ems<\/td>\n<td width=\"265\">bg. 10.12.1695 Ems<\/td>\n<\/tr>\n<tr>\n<td width=\"151\">5) Johann Jakob<\/td>\n<td width=\"198\">gt. 26.01.1696 Ems<\/td>\n<td width=\"265\">bg. 16.07.1704 Ems<\/td>\n<\/tr>\n<\/tbody>\n<\/table>\n<p>oo II. (3. Prokl. 02.02.1698 Ems)<\/p>\n<p>mit <strong><u>Vollhard<\/u>, Anna Amalia:<\/strong> Tochter des Johann Wilhelm Vollhard, gewesener Sattler in Darmstadt<\/p>\n<table width=\"616\">\n<tbody>\n<tr>\n<td width=\"189\">1) Joh. Adam Christoffel<\/td>\n<td width=\"198\">gt. 23.10.1698 Ems<br \/>\nkonf. 04.06.1713 (Pfingsten)<\/td>\n<td width=\"228\">bg. 16.05.1763 Ems<\/td>\n<\/tr>\n<tr>\n<td width=\"189\">2) Johann Daniel<\/td>\n<td width=\"198\">gt. 07.01.1702 Ems<\/td>\n<td width=\"228\">bg. 10.01.1702 Ems<\/td>\n<\/tr>\n<tr>\n<td width=\"189\">3) Johann Daniel<\/td>\n<td width=\"198\">gt. 10.02.1704 Ems<\/td>\n<td width=\"228\">bg. 04.02.1705 Ems<\/td>\n<\/tr>\n<\/tbody>\n<\/table>\n<hr \/>\n<p><span style=\"color: #ff0000;\"><strong><u>Werner<\/u><\/strong><\/span><strong><span style=\"color: #ff0000;\">, Johann Jakob:<\/span> <\/strong>ein Kr\u00e4mer in Ems; Sohn des Gerichtssch\u00f6ffen Otto Christoph Werner in Ems<\/p>\n<p><strong>oo I. 05.08.1690 Ems<\/strong> (3. Prokl. 27.07.)<\/p>\n<p style=\"text-align: justify;\">mit <strong><u>Rausch<\/u>, Anna Philippina Dorothea:<\/strong> Tochter des <a href=\"http:\/\/www.ahnenforschung-jackmuth.de\/?page_id=3387\">Matth\u00e4us Rausch<\/a>, Kr\u00e4mer in Ems;\u00a0 bg. 13.02.1695 Ems, 26 Jahre 2 Monate und 16 Tage alt<\/p>\n<table width=\"614\">\n<tbody>\n<tr>\n<td width=\"142\">1) Georg David<\/td>\n<td width=\"198\">gt. 13.09.1691 Ems<br \/>\nkonf. 23.05.1706 (Pfingsten)<\/td>\n<td width=\"274\">bg. xx.02.1771 Ems<br \/>\nwohl oo um 1722 mit Maria Elisabeth<\/td>\n<\/tr>\n<tr>\n<td width=\"142\">2) Johann Jakob<\/td>\n<td width=\"198\">gt. 23.09.1694 Ems<\/td>\n<td width=\"274\">bg. 26.09.1694 Ems<\/td>\n<\/tr>\n<\/tbody>\n<\/table>\n<p>o-o mit <strong><u>Jost<\/u>, Anna Philippina:<\/strong> Tochter des <a href=\"http:\/\/www.ahnenforschung-jackmuth.de\/?page_id=3272\">Bartholom\u00e4us Jost<\/a>, gemeiner Vorsteher in Ems<\/p>\n<table width=\"605\">\n<tbody>\n<tr>\n<td width=\"151\">Johann Jakob (illeg.)<\/td>\n<td width=\"151\">gt. 12.02.1697 Ems<\/td>\n<td width=\"302\">bg. 28.11.1703 Ems<\/td>\n<\/tr>\n<\/tbody>\n<\/table>\n<p style=\"text-align: justify;\"><strong>Paten:<\/strong> <em>Tauffpathen sind: Johann Jacob, Nicolai Schuppen, eines hiesigen Kirchen-Senioris Sohn, vnd Johann Jacob, Hans Martin Zimmerschieds, eines hiesigen Gerichts-Sch\u00f6pffen Sohn. Die God: Anna Rosina Raa\u00dfbachin<\/em><\/p>\n<p>oo II. (3. Prokl. 23.04.1702 Ems)<\/p>\n<p style=\"text-align: justify;\">mit <strong><u>Phildius<\/u>, Barbara:<\/strong> Tochter des \u201eehrw\u00fcrdigen und wohlgelehrten\u201c Valentinus Phildius (* 13.01.1654 Frankfurt\/Main-Preungesheim, + 13.04.1706 Okriftel oo mit Katharina Sandrat), wohlbestellter reformierter Prediger in Okriftel (Hattersheim am Main); * 12.02.1682 R\u00fcsselsheim-K\u00f6nigst\u00e4dten; siehe <a href=\"https:\/\/gedbas.genealogy.net\/person\/show\/1126035728\">https:\/\/gedbas.genealogy.net\/person\/show\/1126035728<\/a> (Familie Phildius)<\/p>\n<table width=\"614\">\n<tbody>\n<tr>\n<td width=\"170\">1) Johann Jakob<\/td>\n<td width=\"142\">gt. 31.12.1702 Ems<\/td>\n<td width=\"302\">bg. 29.03.1759 Ems<\/td>\n<\/tr>\n<tr>\n<td width=\"170\">2) Johann Christoph<\/td>\n<td width=\"142\">gt. 05.10.1704 Ems<\/td>\n<td width=\"302\"><\/td>\n<\/tr>\n<tr>\n<td width=\"170\">3) Johann Gabriel<\/td>\n<td width=\"142\">gt. 13.03.1707 Ems<\/td>\n<td width=\"302\">bg. 04.05.1771 Ems<\/td>\n<\/tr>\n<tr>\n<td width=\"170\">4) Johann Karl<\/td>\n<td width=\"142\">gt. 14.04.1709 Ems<\/td>\n<td width=\"302\">bg. 03.11.1781 Ems<\/td>\n<\/tr>\n<tr>\n<td width=\"170\">5) Johann Peter<\/td>\n<td width=\"142\">gt. 24.01.1712 Ems<\/td>\n<td width=\"302\"><\/td>\n<\/tr>\n<\/tbody>\n<\/table>\n<hr \/>\n<p><span style=\"color: #ff0000;\"><strong><u>Werner<\/u><\/strong><strong>, Johann Daniel:<\/strong> <\/span>Sohn des Gerichtssch\u00f6ffen Otto Christoph Werner in Ems<\/p>\n<p><strong>oo I.<\/strong> (3. Prokl. 23.11.1704 Ems)<\/p>\n<p style=\"text-align: justify;\">mit <strong><u>Mock<\/u>, Anna Elisabeth:<\/strong> Tochter des Gerichtsverwandten Nikolaus Mock in Okriftel (Hattersheim am Main); bg. 07.04.1709 Ems; 23 Jahre alt<\/p>\n<table width=\"614\">\n<tbody>\n<tr>\n<td width=\"170\">1) Maria Barbara<\/td>\n<td width=\"142\">gt. 30.11.1705 Ems<\/td>\n<td width=\"302\"><\/td>\n<\/tr>\n<tr>\n<td width=\"170\">2) Anna Margaretha<\/td>\n<td width=\"142\">gt. 26.12.1707 Ems<\/td>\n<td width=\"302\">bg. 18.01.1709 Ems<\/td>\n<\/tr>\n<\/tbody>\n<\/table>\n<p><strong>oo II. 04.03.1710 Ems<\/strong> (3. Prokl. 02.03.)<\/p>\n<p>mit <strong><u>Thorn<\/u>, Anna Katharina:<\/strong> Tochter des Barthol Thorn aus Mittelfischbach (VG Katzenelnbogen)<\/p>\n<table width=\"614\">\n<tbody>\n<tr>\n<td width=\"170\">1) Johann David<\/td>\n<td width=\"142\">gt. 01.02.1711 Ems<\/td>\n<td width=\"302\"><\/td>\n<\/tr>\n<tr>\n<td width=\"170\">2) Maria Katharina<\/td>\n<td width=\"142\">gt. 04.01.1722 Ems<\/td>\n<td width=\"302\"><\/td>\n<\/tr>\n<\/tbody>\n<\/table>\n<p style=\"text-align: justify;\"><strong>Paten: zu 2) <\/strong><em>Gevattern sind gewesen: 1) Anna Catharina, Carle Eberhans eheliche Hau\u00dffrau; 2) &#8230; Dorothea, Friedrich Hermanns, Schumachers alhier, ehliche Hau\u00dffrau; 3) Gerhard Thorn von Sch\u00f6nborn<\/em><\/p>\n<hr \/>\n<p><span style=\"color: #ff0000;\"><strong><u>Werner<\/u><\/strong><\/span><strong><span style=\"color: #ff0000;\">, Johann David jun.:<\/span> <\/strong>wohl Sohn von Georg Ludwig Werner; gt. 01.04.1689 Ems<\/p>\n<p>oo mit <strong>Susanna Katharina<\/strong><\/p>\n<table width=\"614\">\n<tbody>\n<tr>\n<td width=\"217\">1) Johann Ludwig<\/td>\n<td width=\"142\">* 04.04.1716 Ems<\/td>\n<td width=\"255\"><\/td>\n<\/tr>\n<tr>\n<td width=\"217\">2) Georg Andreas<\/td>\n<td width=\"142\">* 16.03.1718 Ems<\/td>\n<td width=\"255\"><\/td>\n<\/tr>\n<tr>\n<td width=\"217\">3) Anna Veronika Margaretha<\/td>\n<td width=\"142\">* 08.10.1726 Ems<\/td>\n<td width=\"255\"><\/td>\n<\/tr>\n<\/tbody>\n<\/table>\n<p style=\"text-align: justify;\"><strong>Paten: zu 1) <\/strong><em>Georg Ludwig Werner; Andreas Ahler; Elisabetha Wernerin <\/em>\u2014 <strong>zu 2) <\/strong><em>H[err] Georg Ludwig Mezler, Schulthei\u00df; H[err] Pfarrer Andreas Fuchs zu Bechtheim <\/em>[<em>Becht- <\/em>?]<em>; Anna Amalia Wernerin, des Vatters Stieffmutter <\/em>\u2014 <strong>zu 3) <\/strong><em>Anna Margrehta, Conrad H&#8230; Hau\u00dffrau; Anna Veronica, Stophel Werners Ehfrau; Georg Ludwig Ahler<\/em><\/p>\n<hr \/>\n<p><span style=\"color: #ff0000;\"><strong><u>Werner<\/u><\/strong><\/span><strong><span style=\"color: #ff0000;\">, Georg David:<\/span> <\/strong>wohl Sohn von Johann Jakob Werner; gt. 13.09.1691 Ems; bg. xx.02.1771 Ems<\/p>\n<p>oo mit <strong>Maria Elisabeth<\/strong><\/p>\n<table width=\"614\">\n<tbody>\n<tr>\n<td width=\"180\">Elisabeth Katharina<\/td>\n<td width=\"198\">gt. 14.03.1722 Ems<\/td>\n<td width=\"236\"><\/td>\n<\/tr>\n<\/tbody>\n<\/table>\n<p style=\"text-align: justify;\"><strong>Paten:<\/strong><em> Gevattern sind gewesen: 1) Anna Elisabetha, Meister Michael Boasro <\/em>[?]<em> ehe[liche] Hausfrau; 2) Johann Jacob, Hans Jacob Werner, Burgers und Einwohners dahier, ehe[licher] Sohn<\/em><\/p>\n<hr \/>\n<p style=\"text-align: justify;\"><strong><span style=\"font-size: 10pt;\">Letzte \u00c4nderung: 27. April 2019<\/span><\/strong><br \/>\n<strong><span style=\"font-size: 10pt;\">Ralph Jackmuth<\/span><\/strong><\/p>\n","protected":false},"excerpt":{"rendered":"<p>Werner, Otto Christoph: Bierbrauer und Gerichtssch\u00f6ffe in Ems; bg. 28.07.1709 Ems, 78 Jahre alt oo mit Anna Sophia: bg. 31.08.1704 Ems, 62 \u00bd Jahre alt 1) Georg Ludwig oo I. 24.11.1685 Ems mit Anna Sophia Rausch aus Ems oo II. (3. Prokl. 02.02.1698 Ems) mit Anna Amalia Vollhard aus Darmstadt 2) Johann Jakob &nbsp; oo &hellip; <a href=\"https:\/\/www.ahnenforschung-jackmuth.de\/?page_id=3497\" class=\"more-link\"><span class=\"screen-reader-text\">\u201eEms &#8211; Werner\u201c<\/span> weiterlesen<\/a><\/p>\n","protected":false},"author":1,"featured_media":0,"parent":0,"menu_order":0,"comment_status":"closed","ping_status":"closed","template":"","meta":{"footnotes":""},"class_list":["post-3497","page","type-page","status-publish","hentry"],"_links":{"self":[{"href":"https:\/\/www.ahnenforschung-jackmuth.de\/index.php?rest_route=\/wp\/v2\/pages\/3497","targetHints":{"allow":["GET"]}}],"collection":[{"href":"https:\/\/www.ahnenforschung-jackmuth.de\/index.php?rest_route=\/wp\/v2\/pages"}],"about":[{"href":"https:\/\/www.ahnenforschung-jackmuth.de\/index.php?rest_route=\/wp\/v2\/types\/page"}],"author":[{"embeddable":true,"href":"https:\/\/www.ahnenforschung-jackmuth.de\/index.php?rest_route=\/wp\/v2\/users\/1"}],"replies":[{"embeddable":true,"href":"https:\/\/www.ahnenforschung-jackmuth.de\/index.php?rest_route=%2Fwp%2Fv2%2Fcomments&post=3497"}],"version-history":[{"count":0,"href":"https:\/\/www.ahnenforschung-jackmuth.de\/index.php?rest_route=\/wp\/v2\/pages\/3497\/revisions"}],"wp:attachment":[{"href":"https:\/\/www.ahnenforschung-jackmuth.de\/index.php?rest_route=%2Fwp%2Fv2%2Fmedia&parent=3497"}],"curies":[{"name":"wp","href":"https:\/\/api.w.org\/{rel}","templated":true}]}}