{"id":3488,"date":"2019-04-27T16:23:22","date_gmt":"2019-04-27T16:23:22","guid":{"rendered":"http:\/\/www.ahnenforschung-jackmuth.de\/?page_id=3488"},"modified":"2019-04-27T18:33:57","modified_gmt":"2019-04-27T18:33:57","slug":"ems-u-diverse","status":"publish","type":"page","link":"https:\/\/www.ahnenforschung-jackmuth.de\/?page_id=3488","title":{"rendered":"Ems &#8211; U (Diverse)"},"content":{"rendered":"<p style=\"text-align: justify;\"><span style=\"color: #ff0000;\"><strong><u>Uhl<\/u><\/strong><strong>, Hans Georg:<\/strong><\/span> ein Soldat unter den Kaiserlichen, der bisher in Koblenz gelegen sein soll; ist 1698 Vater eines illeg. Kindes, <a href=\"http:\/\/www.ahnenforschung-jackmuth.de\/?page_id=3536\">s. bei den Ausw\u00e4rtigen Unehelichen<\/a><\/p>\n<hr \/>\n<p><span style=\"color: #ff0000;\"><strong><u>Ulrich<\/u><\/strong><strong>, Hans Henrich:<\/strong><\/span> Soldat auf der Festung Ehrenbreitstein unter Obristleutnant Klein<\/p>\n<p><strong>oo 12.01.1692 Ems<\/strong> (3. Prokl. 10.01.)<\/p>\n<p style=\"text-align: justify;\">mit <strong><u>Bicker<\/u>, Maria Sibylla:<\/strong> Tochter des verst. Philipp Bicker, gewesener B\u00e4cker in Am\u00f6neburg (Lkr. Marburg-Biedenkopf) (<em>in dem churmayntzischen ohnfern Marpurg gelegenen St\u00e4ttlein Amali\u00e6- ,vulgo Ommel-Burg<\/em>); wohl 1688 zum ev.-luth. Glauben konvertiert (KB 1, pag. 778)<\/p>\n<hr \/>\n<p><span style=\"color: #ff0000;\"><strong><u>\u00dctz<\/u><\/strong><strong>, Georg:<\/strong><\/span> Soldat unter dem hess. Hauptmann <em>Guck<\/em>; bg. 29.05.1692 Ems, 38 Jahre alt<\/p>\n<hr \/>\n<p style=\"text-align: justify;\"><strong><span style=\"font-size: 10pt;\">Letzte \u00c4nderung: 27. April 2019<\/span><\/strong><br \/>\n<strong><span style=\"font-size: 10pt;\">Ralph Jackmuth<\/span><\/strong><\/p>\n","protected":false},"excerpt":{"rendered":"<p>Uhl, Hans Georg: ein Soldat unter den Kaiserlichen, der bisher in Koblenz gelegen sein soll; ist 1698 Vater eines illeg. Kindes, s. bei den Ausw\u00e4rtigen Unehelichen Ulrich, Hans Henrich: Soldat auf der Festung Ehrenbreitstein unter Obristleutnant Klein oo 12.01.1692 Ems (3. Prokl. 10.01.) mit Bicker, Maria Sibylla: Tochter des verst. Philipp Bicker, gewesener B\u00e4cker in &hellip; <a href=\"https:\/\/www.ahnenforschung-jackmuth.de\/?page_id=3488\" class=\"more-link\"><span class=\"screen-reader-text\">\u201eEms &#8211; U (Diverse)\u201c<\/span> weiterlesen<\/a><\/p>\n","protected":false},"author":1,"featured_media":0,"parent":0,"menu_order":0,"comment_status":"closed","ping_status":"closed","template":"","meta":{"footnotes":""},"class_list":["post-3488","page","type-page","status-publish","hentry"],"_links":{"self":[{"href":"https:\/\/www.ahnenforschung-jackmuth.de\/index.php?rest_route=\/wp\/v2\/pages\/3488","targetHints":{"allow":["GET"]}}],"collection":[{"href":"https:\/\/www.ahnenforschung-jackmuth.de\/index.php?rest_route=\/wp\/v2\/pages"}],"about":[{"href":"https:\/\/www.ahnenforschung-jackmuth.de\/index.php?rest_route=\/wp\/v2\/types\/page"}],"author":[{"embeddable":true,"href":"https:\/\/www.ahnenforschung-jackmuth.de\/index.php?rest_route=\/wp\/v2\/users\/1"}],"replies":[{"embeddable":true,"href":"https:\/\/www.ahnenforschung-jackmuth.de\/index.php?rest_route=%2Fwp%2Fv2%2Fcomments&post=3488"}],"version-history":[{"count":0,"href":"https:\/\/www.ahnenforschung-jackmuth.de\/index.php?rest_route=\/wp\/v2\/pages\/3488\/revisions"}],"wp:attachment":[{"href":"https:\/\/www.ahnenforschung-jackmuth.de\/index.php?rest_route=%2Fwp%2Fv2%2Fmedia&parent=3488"}],"curies":[{"name":"wp","href":"https:\/\/api.w.org\/{rel}","templated":true}]}}