{"id":3466,"date":"2019-04-27T15:31:49","date_gmt":"2019-04-27T15:31:49","guid":{"rendered":"http:\/\/www.ahnenforschung-jackmuth.de\/?page_id=3466"},"modified":"2019-04-27T15:34:55","modified_gmt":"2019-04-27T15:34:55","slug":"ems-s-diverse","status":"publish","type":"page","link":"https:\/\/www.ahnenforschung-jackmuth.de\/?page_id=3466","title":{"rendered":"Ems &#8211; S (Diverse)"},"content":{"rendered":"<p style=\"text-align: justify;\"><span style=\"color: #ff0000;\"><strong><em><u>Sauuaig<\/u><\/em><\/strong><strong>, Balthasar:<\/strong><\/span> damaliger H\u00fcttenschreiber auf des Herrn <em>Mariotts<\/em> der Augst zu gelegenen Schmelzh\u00fctte<\/p>\n<p style=\"text-align: justify;\">oo mit <strong>Elisabeth<\/strong><\/p>\n<table width=\"605\">\n<tbody>\n<tr>\n<td width=\"180\">Balthasar<\/td>\n<td width=\"151\">gt. 10.11.1688 Ems<\/td>\n<td width=\"274\"><\/td>\n<\/tr>\n<\/tbody>\n<\/table>\n<p style=\"text-align: justify;\"><strong>Paten:<\/strong> <em>Tauffpathen: H[err] Johann Nicolaus Hermann, hessen-d[a]r[m]bst\u00e4ttischer Vogt auff dem Baad, vnd die God: Eva de Braaz zu Mo&#8230;baur<\/em> [Montabaur]<\/p>\n<hr \/>\n<p style=\"text-align: justify;\"><span style=\"color: #ff0000;\"><strong><u>Sch&lt;&#8230;&gt;<\/u><\/strong><strong>, Johann Ludwig:<\/strong><\/span> Gefreiter der hochf\u00fcrstl. hess.-darmst\u00e4dt. Kompanie unter Hauptmann von Dachenr\u00f6den<\/p>\n<p style=\"text-align: justify;\"><strong>oo 09.05.1693 Ems <\/strong>mit <strong><u>Len&lt;&#8230;&gt;<\/u>, Anna Elisabeth:<\/strong> aus Boppard<\/p>\n<hr \/>\n<p style=\"text-align: justify;\"><span style=\"color: #ff0000;\"><strong><em><u>Sch\u00e4f<\/u><\/em><\/strong><strong>, Christoph:<\/strong> <\/span>ein Kuhhirte, geb\u00fcrtig <em>zu Buerfeldt au\u00df dem Kirchspiel Rheinsdorff im Wittischen Land<\/em><\/p>\n<p style=\"text-align: justify;\">oo mit <strong>Margaretha<\/strong><\/p>\n<table width=\"605\">\n<tbody>\n<tr>\n<td width=\"180\">Johann Paul<\/td>\n<td width=\"151\">gt. 29.03.1689 Ems<\/td>\n<td width=\"274\"><\/td>\n<\/tr>\n<\/tbody>\n<\/table>\n<p style=\"text-align: justify;\"><strong>Paten:<\/strong> <em>Tauffpathen waren: Paulus Br\u00fcck vnd Johann Martin Klaiber, M\u00e4urer vnd Einwohner allhier. Die God aber ist: Anna Maria, Meister Moritzen, des hiesigen M\u00fcllers, Hau\u00dffrau<\/em><\/p>\n<hr \/>\n<p style=\"text-align: justify;\"><span style=\"color: #ff0000;\"><strong><u>Schaffner<\/u><\/strong><\/span><strong><span style=\"color: #ff0000;\">, N.:<\/span> <\/strong>illeg. Kind der Anna Margaretha, Tochter des Johannes Schaffner, B\u00fcrger zu Montabaur;<br \/>\nbg. 14.11.1689 Ems, 9 Wochen alt, \u201eohne christgew\u00f6hnliche Zeremonien\u201c<\/p>\n<hr \/>\n<p style=\"text-align: justify;\"><span style=\"color: #ff0000;\"><strong><u>Schick<\/u><\/strong><strong>, Andreas:<\/strong> <\/span>ein sich in Ems aufhaltender Zimmermann; Sohn des verst. Jakob Schick, gewesener Leinweber in Langenau-H\u00f6rvelsingen (Alb-Donau-Kreis) (<em>im Flecken H\u00f6rfelsingen, welcher Flecken bey der Statt Ulm liegt vnd auch dahin geh\u00f6rig ist<\/em>)<\/p>\n<p style=\"text-align: justify;\"><strong>oo 20.10.1695 Ems<\/strong> (3. Prokl. 20.10.)<\/p>\n<p style=\"text-align: justify;\">mit <strong><em><u>Werman<\/u><\/em>, Anna Gertrud:<\/strong> <em>eine junge Weibspersohn, so sich gleichfals eine Zeit lang hier in Embs auffgehalten, vnd sich mit Str\u00fcmpffstricken vnd anderer Arbeit ehr[lich] ernehret<\/em>; Tochter des verst. Otto Johann <em>Werman<\/em> aus <em>B\u00e4ck, gewesenen Gefreytens vnter denen churc\u00f6llnischen Fu\u00dfv\u00f6lckern, so in Kempen gelegen<\/em><\/p>\n<hr \/>\n<p style=\"text-align: justify;\"><span style=\"color: #ff0000;\"><strong><u>Schnurr<\/u><\/strong><strong>, Hans Georg:<\/strong><\/span> Sohn des Martin Schnurr, reformierter Einwohner zu Essenheim (VG Nieder-Olm, Lkr. Mainz-Bingen) (<em>Esenem 2 St&lt;und&gt; von Mayntz \u00fcber Rhein gelegenem Dorff<\/em>); konf. 31.05.1696 (Pfingsten)<\/p>\n<hr \/>\n<p style=\"text-align: justify;\"><span style=\"color: #ff0000;\"><strong><u>Sch\u00f6nwetterin<\/u><\/strong><strong>, Katharina:<\/strong><\/span> Tochter des verst. Johannes Sch\u00f6nwetter, B\u00fcrgermeister in Bacharach;<br \/>\nbg. 01.04.1684 Ems<\/p>\n<hr \/>\n<p style=\"text-align: justify;\"><span style=\"color: #ff0000;\"><strong><u>Sch\u00fcller<\/u><\/strong><strong>, Hans Martin<\/strong><\/span><\/p>\n<p style=\"text-align: justify;\">oo mit <strong>Anna Apollonia<\/strong><\/p>\n<table width=\"605\">\n<tbody>\n<tr>\n<td width=\"189\">Johann Peter<\/td>\n<td width=\"161\">gt. 27.09.1691 Ems<\/td>\n<td width=\"255\"><\/td>\n<\/tr>\n<\/tbody>\n<\/table>\n<p style=\"text-align: justify;\"><strong>Paten:<\/strong> <em>Tauffpathen sind: Joh[ann] Peter Kaphne, gemeiner Becker vnd Vorsteher allhier, vnd Hans Henrich Ahler zu Nassau. Die God: Anna Rosina Magdalena, Johannis Ambrosij Hau\u00dffrau<\/em><\/p>\n<hr \/>\n<p style=\"text-align: justify;\"><span style=\"color: #ff0000;\"><strong><u>Sch\u00fctz<\/u><\/strong><strong>, Hans Velten:<\/strong> <\/span>aus Fr\u00fccht (VG Bad Ems-Nassau)<\/p>\n<p style=\"text-align: justify;\">oo mit <strong>Louisa<\/strong><\/p>\n<table width=\"605\">\n<tbody>\n<tr>\n<td style=\"width: 165.433px;\">Johann Gottfried<\/td>\n<td style=\"width: 330.817px;\">gt. 06.04.1684 Ems (Quasimodogeniti)<\/td>\n<td style=\"width: 297.75px;\"><\/td>\n<\/tr>\n<\/tbody>\n<\/table>\n<p style=\"text-align: justify;\"><strong>Paten:<\/strong> <em>Gevattern waren: 1) Johann Henrich, H[errn] Archenholtz s[elig] nachgelassener Sohn; 2) H[errn] M. Schucken, Pfarrers von Schweighau\u00dfen \u00e4lteste Dochter; 3) H[err] Gottfried Gartzhau\u00dfen, freyherr[lich] steinischer Kell&lt;er&gt; zu Nassau<\/em><\/p>\n<hr \/>\n<p style=\"text-align: justify;\"><span style=\"color: #ff0000;\"><strong><u>Schwabauer<\/u><\/strong><strong>, Matthias Tobias:<\/strong><\/span> Sohn des verst. Hans Konrad Schwabauer, gewesener M\u00fchlarzt zu Frankfurt am Main; konf. 25.12.1698 (Weihnachten) Ems<\/p>\n<hr \/>\n<p style=\"text-align: justify;\"><span style=\"color: #ff0000;\"><strong><u>Seck<\/u><\/strong><\/span><strong><span style=\"color: #ff0000;\">, Johann Jakob:<\/span> <\/strong>ein Maurer in Ems<\/p>\n<p style=\"text-align: justify;\">oo mit <strong><u>Lehmler<\/u>, Maria Gertrud<\/strong><\/p>\n<table width=\"605\">\n<tbody>\n<tr>\n<td width=\"161\">Anna Philippina<\/td>\n<td width=\"142\">* xx.03.1720<\/td>\n<td width=\"302\"><\/td>\n<\/tr>\n<\/tbody>\n<\/table>\n<p style=\"text-align: justify;\"><strong>Paten:<\/strong> <em>Tauffzeugen sind gewesen: 1) Anna Elisabetha Seckin von &#8230;, 2) Maria Philippina, wey[land] Peter W\u00fcrtz, Beckermeisters, auch Burgers und Einwohners dahier, ehe[liche] Hausfrau; 3) Gottfried Eichholtz, Burger u[nd] Einwohner dahier<\/em><\/p>\n<hr \/>\n<p style=\"text-align: justify;\"><span style=\"color: #ff0000;\"><strong><em><u>Siebold<\/u><\/em><\/strong><strong>, Johannetta Dorothea:<\/strong><\/span> Kind des Johann Peter <em>Siebold<\/em>, f\u00fcrstl. Mundkoch zu Darmstadt;<br \/>\nbg. 26.05.1709 Ems, 15 Wochen alt<\/p>\n<hr \/>\n<p style=\"text-align: justify;\"><span style=\"color: #ff0000;\"><strong><em><u>Soiger<\/u><\/em><\/strong><strong>, Andreas:<\/strong> <\/span>ein Maurer aus Trais-Karden (<em>von Trei\u00df, 2 Stund vnter Kochheim auff der Mosell<\/em>)<\/p>\n<p style=\"text-align: justify;\">oo mit <strong>Anna Maria<\/strong><\/p>\n<table width=\"614\">\n<tbody>\n<tr>\n<td width=\"170\">Andreas Jakob<\/td>\n<td width=\"161\">gt. 21.05.1696 Ems<\/td>\n<td width=\"283\"><\/td>\n<\/tr>\n<\/tbody>\n<\/table>\n<p style=\"text-align: justify;\"><strong>Paten:<\/strong> <em>Tauffpathen sind: Andreas Schick, ein Zimmermann von H\u00e4rfelsingen <\/em>[H\u00f6rvelsingen]<em> vnd Johannes Ambrosi[us], ein Olem\u00fcller allhier \/: welcher vor Meister Jacob, Mauermeister im Thal, gestanden :\/ Die God ist: Anna Catharina, Andreas Fischers, eines p[ro] t[empore] hier sich auffhaltenden Sattlers, Tochter<\/em><\/p>\n<hr \/>\n<p style=\"text-align: justify;\"><span style=\"color: #ff0000;\"><strong><u>Specht<\/u><\/strong><strong>, Johann Andreas:<\/strong> <\/span>ein Handelsmann aus Gr\u00fcnstadt-Asselheim (Lkr. Bad D\u00fcrkheim) (<em>von Asselheim, 1 v[iertel] Stund von Gr\u00fcnstatt vnd 3 Stund von Wormbs, in der Graffschafft Leiningen Westerburg gelegen<\/em>)<\/p>\n<p style=\"text-align: justify;\">oo mit <strong>Katharina<\/strong><\/p>\n<table width=\"614\">\n<tbody>\n<tr>\n<td width=\"170\">Johann Gerhard<\/td>\n<td width=\"161\">gt. 17.08.1706 Ems<\/td>\n<td width=\"283\"><\/td>\n<\/tr>\n<\/tbody>\n<\/table>\n<p style=\"text-align: justify;\"><strong>Paten:<\/strong> <em>Erbetene Tauffzeugen sind: Gerhard Schorckel, ein Leinentuchkr\u00e4mer au\u00df dem Dorff Lex-Ke\u00dfel in Hertzogthumb Busch in Braband, vnd Gerdraut, Peter &lt;&#8230;&gt;, eines Kr\u00e4mers im Dorff Remschied im Bergischen Land, 8 Stund von C\u00f6llen, Eheweib. Weilen &lt;aber&gt; diese beyde ermelte Path vnd God damals nicht gegenwertig seyn k\u00f6nten, so haben bey dem &lt;Tauff&gt;stein deren Stelle in der Kirch vertretten: Joh&lt;ann&gt; Hermann Caphne, ein hiesiger Becker, Elisabetha Catharina, Matth\u00e6i Reiffers, des Beckers, H[aus]frau, vnd Barthol Schepp, ein Schieffmann \u00fcber Lohn &lt;gegen&gt; dem Baad \u00fcber<\/em><\/p>\n<hr \/>\n<p style=\"text-align: justify;\"><span style=\"color: #ff0000;\"><strong><u>Steinebach<\/u><\/strong><strong>, Matth\u00e4us:<\/strong><\/span> ein Haus- und Feldknecht bei den Deutschherrn zu Koblenz<\/p>\n<p style=\"text-align: justify;\">oo mit <strong>Johannetta<\/strong><\/p>\n<table width=\"605\">\n<tbody>\n<tr>\n<td width=\"170\">Maria Katharina<\/td>\n<td width=\"161\">gt. 08.07.1691 Ems<\/td>\n<td width=\"274\"><\/td>\n<\/tr>\n<\/tbody>\n<\/table>\n<p style=\"text-align: justify;\"><strong>Paten:<\/strong> <em>Tauff-Goden waren: Maria Keth, Velten D\u00f6rnheffers alhir Hau\u00dffrau, vnd Anna Maria Rosebachin. Der Path: Hans Henrich Rosenbach<\/em><\/p>\n<hr \/>\n<p style=\"text-align: justify;\"><span style=\"color: #ff0000;\"><strong><em><u>Steltz<\/u><\/em><\/strong><strong>, Margaretha:<\/strong> <\/span>Witwe des Michael <em>Steltz<\/em>, gewesener Soldat auf der Marksburg; bg. 21.06.1693 Ems, 75 Jahre alt, eine alte arme Witwe; am 25.01.1693 (<em>in festo Conversionis Pauli<\/em>) zum ev.-luth. Glauben konvertiert, wird in der Behausung des Friedrich Traut, wo sie \u00fcber 2 Monate schwach und zur\u00fcckgezogen (<em>contract<\/em>) gelegen hatte, im neuen Glauben unterrichtet und empf\u00e4ngt das hl. Abendmahl (KB 1, pag. 783)<\/p>\n<hr \/>\n<p style=\"text-align: justify;\"><span style=\"color: #ff0000;\"><strong><u>Stephan<\/u><\/strong><strong>, Johannes:<\/strong> <\/span>ein Gefreiter in der Kompanie unter dem hessen-darmst\u00e4dt. Hauptmann Johann <em>Zinck<\/em><\/p>\n<p style=\"text-align: justify;\">oo mit <strong>Anna Elisabetha<\/strong><\/p>\n<table width=\"605\">\n<tbody>\n<tr>\n<td width=\"170\">Johann Ludwig Hartig<\/td>\n<td width=\"161\">gt. 28.09.1695 Ems<\/td>\n<td width=\"274\"><\/td>\n<\/tr>\n<\/tbody>\n<\/table>\n<p style=\"text-align: justify;\"><strong>Paten:<\/strong> <em>Tauffzeugen sind: wolermelter H[err] Johann Zinck, f\u00fcrst[lich] hessen-d[a]r[m]bst\u00e4ttischer Hauptmann, vnd H[er]r Reinhard Hartig von Wartenburg, damaliger Sergant vnter obged[achter] Compagnie. Die God aber ist: Fr[au] Louyse Promissa Archenholtz auff dem f\u00fcrst[lich] hessen-d[a]r[m]bst[\u00e4ttischen] Baad<\/em><\/p>\n<hr \/>\n<p style=\"text-align: justify;\"><span style=\"color: #ff0000;\"><strong><u>Stockheim<\/u><\/strong><strong>, Johann Peter:<\/strong> <\/span>\u201eunweiser\u201c Sohn des Henrich Stockheim aus Nassau-Dienethal; bg. 28.10.1697 Ems, 20 Jahre und 4 Monate alt<\/p>\n<hr \/>\n<p style=\"text-align: justify;\"><strong><span style=\"font-size: 10pt;\">Letzte \u00c4nderung: 27. April 2019<\/span><\/strong><br \/>\n<strong><span style=\"font-size: 10pt;\">Ralph Jackmuth<\/span><\/strong><\/p>\n","protected":false},"excerpt":{"rendered":"<p>Sauuaig, Balthasar: damaliger H\u00fcttenschreiber auf des Herrn Mariotts der Augst zu gelegenen Schmelzh\u00fctte oo mit Elisabeth Balthasar gt. 10.11.1688 Ems Paten: Tauffpathen: H[err] Johann Nicolaus Hermann, hessen-d[a]r[m]bst\u00e4ttischer Vogt auff dem Baad, vnd die God: Eva de Braaz zu Mo&#8230;baur [Montabaur] Sch&lt;&#8230;&gt;, Johann Ludwig: Gefreiter der hochf\u00fcrstl. hess.-darmst\u00e4dt. Kompanie unter Hauptmann von Dachenr\u00f6den oo 09.05.1693 Ems &hellip; <a href=\"https:\/\/www.ahnenforschung-jackmuth.de\/?page_id=3466\" class=\"more-link\"><span class=\"screen-reader-text\">\u201eEms &#8211; S (Diverse)\u201c<\/span> weiterlesen<\/a><\/p>\n","protected":false},"author":1,"featured_media":0,"parent":0,"menu_order":0,"comment_status":"closed","ping_status":"closed","template":"","meta":{"footnotes":""},"class_list":["post-3466","page","type-page","status-publish","hentry"],"_links":{"self":[{"href":"https:\/\/www.ahnenforschung-jackmuth.de\/index.php?rest_route=\/wp\/v2\/pages\/3466","targetHints":{"allow":["GET"]}}],"collection":[{"href":"https:\/\/www.ahnenforschung-jackmuth.de\/index.php?rest_route=\/wp\/v2\/pages"}],"about":[{"href":"https:\/\/www.ahnenforschung-jackmuth.de\/index.php?rest_route=\/wp\/v2\/types\/page"}],"author":[{"embeddable":true,"href":"https:\/\/www.ahnenforschung-jackmuth.de\/index.php?rest_route=\/wp\/v2\/users\/1"}],"replies":[{"embeddable":true,"href":"https:\/\/www.ahnenforschung-jackmuth.de\/index.php?rest_route=%2Fwp%2Fv2%2Fcomments&post=3466"}],"version-history":[{"count":0,"href":"https:\/\/www.ahnenforschung-jackmuth.de\/index.php?rest_route=\/wp\/v2\/pages\/3466\/revisions"}],"wp:attachment":[{"href":"https:\/\/www.ahnenforschung-jackmuth.de\/index.php?rest_route=%2Fwp%2Fv2%2Fmedia&parent=3466"}],"curies":[{"name":"wp","href":"https:\/\/api.w.org\/{rel}","templated":true}]}}