{"id":3370,"date":"2019-04-27T13:43:54","date_gmt":"2019-04-27T13:43:54","guid":{"rendered":"http:\/\/www.ahnenforschung-jackmuth.de\/?page_id=3370"},"modified":"2021-08-05T13:20:28","modified_gmt":"2021-08-05T13:20:28","slug":"ems-pahle","status":"publish","type":"page","link":"https:\/\/www.ahnenforschung-jackmuth.de\/?page_id=3370","title":{"rendered":"Ems &#8211; Pa(h)le"},"content":{"rendered":"<p style=\"text-align: justify;\"><span style=\"color: #ff0000;\"><strong><em><u>Pauly<\/u><\/em><\/strong><span style=\"color: #000000;\"> (im KB auch <\/span><strong><em><u>Pahle<\/u><\/em><\/strong><span style=\"color: #000000;\"> oder <\/span><strong><em><u>Pal(l)e<\/u><\/em><\/strong><span style=\"color: #000000;\">)<\/span><span style=\"color: #000000;\">,<\/span><strong> Kanut <\/strong><\/span>(= Knut, lat. Canutus): Best\u00e4nder und G\u00e4rtner der \u201eTh\u00fcngschen Karlsburg\u201c, dort auch wohnhaft; + 03.08.1739 Nassau (bg. 04.08.), 81 Jahre alt (Nassau, Tote 1737-1817: <em>Den 3 Augustus starb Canutus Palle, ein alter G\u00e4rtner, der sich sich von Embs zu seinem hier wohnende Sohn, so ein Barbier, begeben, war 81 Jahr alt, ward den 4 begraben.<\/em>)<\/p>\n<p>oo mit <strong>N. N.<\/strong><\/p>\n<table style=\"width: 100%; height: 168px;\" width=\"595\">\n<tbody>\n<tr style=\"height: 56px;\">\n<td style=\"width: 163.217px; height: 56px;\">1) Friedrich Ernst<\/td>\n<td style=\"width: 243.3px; height: 56px;\">konf. 27.05.1708 (Pfingsten)<\/td>\n<td style=\"width: 387.483px; height: 56px;\">Pate 17.06.1708 bei Johann Philipp Rehemann in Ems<\/td>\n<\/tr>\n<tr style=\"height: 56px;\">\n<td style=\"width: 163.217px; height: 56px;\">2) Johann Jakob<\/td>\n<td style=\"width: 243.3px; height: 56px;\">konf. 27.05.1708 (Pfingsten)<\/td>\n<td style=\"width: 387.483px; height: 56px;\">Pate 20.08.1702 bei Matthias Buting in Ems<br \/>\nwohl oo um 1721 mit Anna Margaretha<\/td>\n<\/tr>\n<tr style=\"height: 28px;\">\n<td style=\"width: 163.217px; height: 28px;\">3) Philipp Anton<\/td>\n<td style=\"width: 243.3px; height: 28px;\">konf. 15.05.1712 (Pfingsten)<\/td>\n<td style=\"width: 387.483px; height: 28px;\"><\/td>\n<\/tr>\n<tr style=\"height: 28px;\">\n<td style=\"width: 163.217px; height: 28px;\">4) Johann Philipp<\/td>\n<td style=\"width: 243.3px; height: 28px;\"><\/td>\n<td style=\"width: 387.483px; height: 28px;\">Pate 21.02.1712 bei Georg Adam Reichhold<\/td>\n<\/tr>\n<\/tbody>\n<\/table>\n<p style=\"text-align: justify;\"><span style=\"font-size: 10pt;\">Mit der Th\u00fcngschen Karlsburg ist das sogenannte\u201eVier-T\u00fcrme-Haus\u201c in Bad Ems gemeint, das 1696 von dem kaiserlichen Generalfeldmarschall Johann Karl von Th\u00fcngen (1648-1709) als Residenz f\u00fcr seine Kuraufenthalte begonnen wurde<\/span><\/p>\n<p><span style=\"font-size: 10pt;\">Zur Karlsburg siehe <a href=\"http:\/\/www.welt-der-wappen.de\/Heraldik\/aktuell\/galerien3\/galerie2158.htm\">http:\/\/www.welt-der-wappen.de\/Heraldik\/aktuell\/galerien3\/galerie2158.htm<\/a><\/span><\/p>\n<p><span style=\"font-size: 10pt;\">Zur Johann Karl von Th\u00fcngen siehe <a href=\"https:\/\/de.wikipedia.org\/wiki\/Johann_Karl_von_Th%C3%BCngen\">https:\/\/de.wikipedia.org\/wiki\/Johann_Karl_von_Th%C3%BCngen<\/a><\/span><\/p>\n<p><strong><span style=\"font-size: 10pt;\">Weitere Belege:<br \/>\n<\/span><\/strong><span style=\"font-size: 10pt;\">In der Emser B\u00fcrgermeistereirechnung<\/span><\/p>\n<ul>\n<li style=\"text-align: justify;\"><span style=\"font-size: 10pt;\">1708, pag. 3 (Weidezinsen): <em>Von H[errn] Pauly, G\u00e4rthner im Th\u00fcngischen Hau\u00df, welcher von der Zeit, er hie gewohnet, vor Wayd- und Brenngeh\u00f6ltz bi\u00df auff den k\u00fcnfftigen Burgermeister hat gegeben <\/em>1 Rtl.<\/span><\/li>\n<li style=\"text-align: justify;\"><span style=\"font-size: 10pt;\">1709, pag. 3 (Weidezinsen): <\/span><em><span style=\"font-size: 10pt;\">Von H[errn] P<\/span>auly,<span style=\"font-size: 10pt;\"> G\u00e4rthner jm Th\u00fcngischen Hau\u00df, welchem j\u00e4hrlich veraccordiert vor Wayd und Brenngeh\u00f6ltz <\/span><\/em><span style=\"font-size: 10pt;\">2 Rtl.<\/span><\/li>\n<\/ul>\n<hr \/>\n<p><span style=\"color: #ff0000;\"><strong><em><u>Pale<\/u><\/em><\/strong><strong>, (Johann) Jakob: <\/strong><\/span>Barbier in Ems, ab 1731 Barbier und Chirurg in Nassau; Sohn von Kanut P.<\/p>\n<p>oo mit <strong>Anna Margaretha<\/strong><\/p>\n<table style=\"width: 100%;\" width=\"595\">\n<tbody>\n<tr>\n<td style=\"width: 25.9524%;\" width=\"180\">1) Johann Michael<\/td>\n<td style=\"width: 22.6191%;\" width=\"180\">* 27.04.1721 Ems<br \/>\n(gt. 01.05.)<\/td>\n<td style=\"width: 51.3095%;\" width=\"236\"><\/td>\n<\/tr>\n<tr>\n<td style=\"width: 25.9524%;\" width=\"180\">2) Goswin David<\/td>\n<td style=\"width: 22.6191%;\" width=\"180\">gt. 01.05.1723 Ems<\/td>\n<td style=\"width: 51.3095%;\" width=\"236\"><\/td>\n<\/tr>\n<tr>\n<td style=\"width: 25.9524%;\" width=\"180\">3) Katharina Louisa<\/td>\n<td style=\"width: 22.6191%;\" width=\"180\">* 20.06.1731 Nassau<br \/>\n(gt. 24.06.)<\/td>\n<td style=\"width: 51.3095%;\" width=\"236\">Nassau, KB 1 (1660-1737), Bild 172 auf archion.de<\/td>\n<\/tr>\n<tr>\n<td style=\"width: 25.9524%;\" width=\"180\">4) Elisabeth Margaretha Sabina<\/td>\n<td style=\"width: 22.6191%;\" width=\"180\">* 28.02.1734 Nassau<br \/>\n(gt. 03.03.)<\/td>\n<td style=\"width: 51.3095%;\" width=\"236\">Nassau, KB 1 (1660-1737), Bild 179 auf archion.de<\/td>\n<\/tr>\n<tr>\n<td style=\"width: 25.9524%;\" width=\"180\">5) Georg Anton<\/td>\n<td style=\"width: 22.6191%;\" width=\"180\">* 19.04.1736 Nassau<br \/>\n(gt. 25.04.)<\/td>\n<td style=\"width: 51.3095%;\" width=\"236\">Nassau, KB 1 (1660-1737), Bild 186 auf archion.de<\/td>\n<\/tr>\n<tr>\n<td style=\"width: 25.9524%;\" width=\"180\">6) Susanna<\/td>\n<td style=\"width: 22.6191%;\" width=\"180\">bg. 08.06.1733 Nassau<\/td>\n<td style=\"width: 51.3095%;\" width=\"236\">Nassau, KB 1 (1660-1737), Bild 246 auf archion.de<\/td>\n<\/tr>\n<\/tbody>\n<\/table>\n<p style=\"text-align: justify;\"><strong>Paten: zu 1) <\/strong><em>Goswin Bonsfeld, Handelsmann dahier; David Werner sen[ior]; Eisab[etha] Ferdinanda D\u00f6rbeckin <\/em>\u2014 <strong>zu 2) <\/strong><em>Michael Kraus, Hoffzim[m]erma[n] zu S. Goar; Johannes Hinz, Burger u[nd] Schneider in Franckfurt; Beata Elisabetha Palin <\/em>\u2014 <strong>zu 3) <\/strong><em>Johann Henrich Lorentz, B\u00fcrger; item Anna Cath[arina] Hoffm\u00e4nnin; item Frau Cath[arina] Louisa Siegelin <\/em>\u2014 <strong>zu 4) <\/strong><em>M[eiste]r Joh[ann] Phil[ipp] Minor uffm Berg; item J[ung]f[e]r Elis[abetha] Christ[ina] Der&#8230;; item Anna Margretha Emmelin <\/em>\u2014 <strong>zu 5) <\/strong><em>M[eiste]r Anthon Lanio alhier; item Joh[ann] Georg Fritz, auch alhier; item Elis[abetha] Clara Planckin, auch von hier<\/em><\/p>\n<hr \/>\n<p style=\"text-align: justify;\"><strong><span style=\"font-size: 10pt;\">Letzte \u00c4nderung: 5. August 2021<\/span><\/strong><br \/>\n<strong><span style=\"font-size: 10pt;\">Ralph Jackmuth<\/span><\/strong><\/p>\n","protected":false},"excerpt":{"rendered":"<p>Pauly (im KB auch Pahle oder Pal(l)e), Kanut (= Knut, lat. Canutus): Best\u00e4nder und G\u00e4rtner der \u201eTh\u00fcngschen Karlsburg\u201c, dort auch wohnhaft; + 03.08.1739 Nassau (bg. 04.08.), 81 Jahre alt (Nassau, Tote 1737-1817: Den 3 Augustus starb Canutus Palle, ein alter G\u00e4rtner, der sich sich von Embs zu seinem hier wohnende Sohn, so ein Barbier, begeben, &hellip; <a href=\"https:\/\/www.ahnenforschung-jackmuth.de\/?page_id=3370\" class=\"more-link\"><span class=\"screen-reader-text\">\u201eEms &#8211; Pa(h)le\u201c<\/span> weiterlesen<\/a><\/p>\n","protected":false},"author":1,"featured_media":0,"parent":0,"menu_order":0,"comment_status":"closed","ping_status":"closed","template":"","meta":{"footnotes":""},"class_list":["post-3370","page","type-page","status-publish","hentry"],"_links":{"self":[{"href":"https:\/\/www.ahnenforschung-jackmuth.de\/index.php?rest_route=\/wp\/v2\/pages\/3370","targetHints":{"allow":["GET"]}}],"collection":[{"href":"https:\/\/www.ahnenforschung-jackmuth.de\/index.php?rest_route=\/wp\/v2\/pages"}],"about":[{"href":"https:\/\/www.ahnenforschung-jackmuth.de\/index.php?rest_route=\/wp\/v2\/types\/page"}],"author":[{"embeddable":true,"href":"https:\/\/www.ahnenforschung-jackmuth.de\/index.php?rest_route=\/wp\/v2\/users\/1"}],"replies":[{"embeddable":true,"href":"https:\/\/www.ahnenforschung-jackmuth.de\/index.php?rest_route=%2Fwp%2Fv2%2Fcomments&post=3370"}],"version-history":[{"count":0,"href":"https:\/\/www.ahnenforschung-jackmuth.de\/index.php?rest_route=\/wp\/v2\/pages\/3370\/revisions"}],"wp:attachment":[{"href":"https:\/\/www.ahnenforschung-jackmuth.de\/index.php?rest_route=%2Fwp%2Fv2%2Fmedia&parent=3370"}],"curies":[{"name":"wp","href":"https:\/\/api.w.org\/{rel}","templated":true}]}}