{"id":3348,"date":"2019-04-27T13:14:54","date_gmt":"2019-04-27T13:14:54","guid":{"rendered":"http:\/\/www.ahnenforschung-jackmuth.de\/?page_id=3348"},"modified":"2019-04-28T12:06:19","modified_gmt":"2019-04-28T12:06:19","slug":"ems-metzler","status":"publish","type":"page","link":"https:\/\/www.ahnenforschung-jackmuth.de\/?page_id=3348","title":{"rendered":"Ems &#8211; Metzler"},"content":{"rendered":"<p style=\"text-align: justify;\"><span style=\"color: #ff0000;\"><strong><u>Metzler<\/u><\/strong><strong>, Georg Ludwig:<\/strong><\/span> Kauf- und Handelsmann in Ems (1710), gemeinschaftl. Schulthei\u00df (1713-1717); Sohn des verst. Johann Peter Metzler, gewesener Pfarrer zu Alterk\u00fclz (VG Kastellaun)<\/p>\n<p><strong>oo 12.11.1709 Ems<\/strong> (3. Prokl. 10.11.)<\/p>\n<p style=\"text-align: justify;\">mit <strong><u>D\u00f6rbeck<\/u>, Maria Charlotta Josepha:<\/strong> Tochter des <a href=\"http:\/\/www.ahnenforschung-jackmuth.de\/?page_id=3182\">Johann Gabriel D\u00f6rbeck<\/a>, \u201edes kunsterfahrenen Chirurgi, Gasthalters und in der allhiesig hochf\u00fcrstlichen Gemeinschaft Ems wohlbestellten Schulthei\u00dfen\u201c; gt. 03.06.1694 Ems<\/p>\n<table width=\"605\">\n<tbody>\n<tr>\n<td width=\"170\">1) Johann Gabriel<\/td>\n<td width=\"208\">gt. 21.12.1710 Ems<\/td>\n<td width=\"227\"><\/td>\n<\/tr>\n<tr>\n<td width=\"170\">2) Jakobina Catharina<\/td>\n<td width=\"208\">* 26.04.1713 Ems (gt. 30.04.)<\/td>\n<td width=\"227\"><\/td>\n<\/tr>\n<tr>\n<td width=\"170\">3) Christiana Elisabeth<\/td>\n<td width=\"208\">* 20.11.1715 Ems<\/td>\n<td width=\"227\">bg. 24.05.1778 Ems<\/td>\n<\/tr>\n<tr>\n<td width=\"170\">4) Johann Elias<\/td>\n<td width=\"208\">gt. 07.08.1717 Ems<\/td>\n<td width=\"227\"><\/td>\n<\/tr>\n<\/tbody>\n<\/table>\n<p style=\"text-align: justify;\"><strong>Paten: zu 1) <\/strong><em>Tauffzeugen sind: Herr Johann Gabriel D\u00f6rbeck, Gasthalter, Chirurgus vnd gemeinschafftlicher Schulthei\u00df dahier zu Embs, vnd Frau Catharina Margretha, wei[land] Herrn Johann Peter Metzlers, wohlverordnet gewesenen Pfarrers zu Alter-K\u00f6ltz, nachgelassene Wittib <\/em>\u2014 <strong>zu 2) <\/strong><em>Patr[ini]: J[ung]f[e]r Jacobins Ohlimacherin; Fr[au] Ottilia Catharina Hoffbauerin von Winningen; Joh[ann] Peter Mezler, Chirurgus\u00a0 <\/em>\u2014 <strong>zu 3) <\/strong><em>Fr[au] Anna Elisabetha D\u00f6rbeckin; J[ung]f[e]r Christina Wernerin; Goswin Bonsfeld, Handelsman dahier\u00a0 <\/em>\u2014 <strong>zu 4) <\/strong><em>H[err] Joh[ann] Elias Langer, Kauftmann in Trarbach; Fr[au] Anna Catharina Platzm\u00e4nnin von Braubach<\/em><\/p>\n<hr \/>\n<p style=\"text-align: justify;\"><strong><span style=\"font-size: 10pt;\">Letzte \u00c4nderung: 27. April 2019<\/span><\/strong><br \/>\n<strong><span style=\"font-size: 10pt;\">Ralph Jackmuth<\/span><\/strong><\/p>\n","protected":false},"excerpt":{"rendered":"<p>Metzler, Georg Ludwig: Kauf- und Handelsmann in Ems (1710), gemeinschaftl. Schulthei\u00df (1713-1717); Sohn des verst. Johann Peter Metzler, gewesener Pfarrer zu Alterk\u00fclz (VG Kastellaun) oo 12.11.1709 Ems (3. Prokl. 10.11.) mit D\u00f6rbeck, Maria Charlotta Josepha: Tochter des Johann Gabriel D\u00f6rbeck, \u201edes kunsterfahrenen Chirurgi, Gasthalters und in der allhiesig hochf\u00fcrstlichen Gemeinschaft Ems wohlbestellten Schulthei\u00dfen\u201c; gt. 03.06.1694 &hellip; <a href=\"https:\/\/www.ahnenforschung-jackmuth.de\/?page_id=3348\" class=\"more-link\"><span class=\"screen-reader-text\">\u201eEms &#8211; Metzler\u201c<\/span> weiterlesen<\/a><\/p>\n","protected":false},"author":1,"featured_media":0,"parent":0,"menu_order":0,"comment_status":"closed","ping_status":"closed","template":"","meta":{"footnotes":""},"class_list":["post-3348","page","type-page","status-publish","hentry"],"_links":{"self":[{"href":"https:\/\/www.ahnenforschung-jackmuth.de\/index.php?rest_route=\/wp\/v2\/pages\/3348","targetHints":{"allow":["GET"]}}],"collection":[{"href":"https:\/\/www.ahnenforschung-jackmuth.de\/index.php?rest_route=\/wp\/v2\/pages"}],"about":[{"href":"https:\/\/www.ahnenforschung-jackmuth.de\/index.php?rest_route=\/wp\/v2\/types\/page"}],"author":[{"embeddable":true,"href":"https:\/\/www.ahnenforschung-jackmuth.de\/index.php?rest_route=\/wp\/v2\/users\/1"}],"replies":[{"embeddable":true,"href":"https:\/\/www.ahnenforschung-jackmuth.de\/index.php?rest_route=%2Fwp%2Fv2%2Fcomments&post=3348"}],"version-history":[{"count":0,"href":"https:\/\/www.ahnenforschung-jackmuth.de\/index.php?rest_route=\/wp\/v2\/pages\/3348\/revisions"}],"wp:attachment":[{"href":"https:\/\/www.ahnenforschung-jackmuth.de\/index.php?rest_route=%2Fwp%2Fv2%2Fmedia&parent=3348"}],"curies":[{"name":"wp","href":"https:\/\/api.w.org\/{rel}","templated":true}]}}