{"id":3322,"date":"2019-04-27T12:01:15","date_gmt":"2019-04-27T12:01:15","guid":{"rendered":"http:\/\/www.ahnenforschung-jackmuth.de\/?page_id=3322"},"modified":"2019-04-28T12:00:25","modified_gmt":"2019-04-28T12:00:25","slug":"ems-k-diverse","status":"publish","type":"page","link":"https:\/\/www.ahnenforschung-jackmuth.de\/?page_id=3322","title":{"rendered":"Ems &#8211; K (Diverse)"},"content":{"rendered":"<p><span style=\"color: #ff0000;\"><strong><em><u>Cadusch<\/u><\/em><\/strong><strong>, Johann Konrad:<\/strong><\/span> Sohn des Konrad <em>Cadusch<\/em>, Maurer im Tal (Ehrenbreitstein)<\/p>\n<p><strong>oo 15.10.1699 Ems<\/strong> (3. Prokl. 10.09.)<\/p>\n<p style=\"text-align: justify;\">mit <strong><em><u>Hertzog<\/u><\/em>, Maria Katharina:<\/strong> Tochter des verst. Hilgert <em>Hertzog<\/em>, gewesener Steinhauer zu Koblenz-Neuendorf<\/p>\n<hr \/>\n<p><span style=\"color: #ff0000;\"><strong><u>Kajan<\/u><\/strong><strong> (<em>Cajan<\/em>), Philipp Christian:<\/strong> <\/span>ein Schneider in Ems<\/p>\n<p>oo mit <strong>Juliana Margaretha<\/strong><\/p>\n<table width=\"614\">\n<tbody>\n<tr>\n<td width=\"142\">1) Johann Anton<\/td>\n<td width=\"170\">* 05.04.1722 Ems<\/td>\n<td width=\"302\"><\/td>\n<\/tr>\n<tr>\n<td width=\"142\">2) Johann Philipp<\/td>\n<td width=\"170\">* 09.07.1724 Ems<\/td>\n<td width=\"302\"><\/td>\n<\/tr>\n<\/tbody>\n<\/table>\n<p style=\"text-align: justify;\"><strong>Paten:<\/strong> <strong>zu 1)<\/strong> <em>Joh[ann]Jacob W\u00f6lffling; Gottfr[ied] Drees; A[nn]a Magdalena Ewaldin <\/em><em>\u00a0<\/em>\u2014 <strong>zu 2) <\/strong><em>Joh[ann] Philipp Schupp; Joh[ann] Jacob Sch&#8230;; A[nn]a Magdalena Schweizerin<\/em><\/p>\n<hr \/>\n<p style=\"text-align: justify;\"><span style=\"color: #ff0000;\"><strong><u>K\u00e4lter<\/u><\/strong><strong>, Hans Georg:<\/strong><\/span> Musketier der Kompanie unter Hauptmann von und zu <em>M<\/em>&lt;&#8230;&gt; auf der Festung Marksburg; geb\u00fcrtig aus Bad Arolsen-Mengeringhausen<\/p>\n<p style=\"text-align: justify;\"><strong>oo 22.10.1693 Ems<\/strong> mit <strong><u>Baumgarten<\/u>, Magdalena Hedwig:<\/strong> Tochter des verst. Emmanuel Baumgarten, gewesener Korporal aus Hessen Kassel; Magd des Hauptmanns von und zu &#8230;<\/p>\n<hr \/>\n<p><span style=\"color: #ff0000;\"><strong><em><u>Kapp<\/u><\/em><\/strong><strong>, Johann Daniel: <\/strong><\/span>ein sich zur Zeit in Ems aufhaltender Schneider<\/p>\n<p>oo <strong>Maria Katharina<\/strong><\/p>\n<table width=\"614\">\n<tbody>\n<tr>\n<td width=\"265\">Ernst Emil Karl (<em>Ernestus \u00c6milius Carolus<\/em>)<\/td>\n<td width=\"180\">gt. 09.06.1709 Ems<\/td>\n<td width=\"170\"><\/td>\n<\/tr>\n<\/tbody>\n<\/table>\n<hr \/>\n<p style=\"text-align: justify;\"><span style=\"color: #ff0000;\"><strong><em><u>Claus<\/u><\/em><\/strong><strong>, Peter:<\/strong><\/span> Knecht zu Mainz, aus Lutzerath-Driesch (VG Ulmen, Lkr. Cochem-Zell); bg. 29.01.1692 Ems, ca. 40 Jahre alt<\/p>\n<hr \/>\n<p><span style=\"color: #ff0000;\"><strong><u>Klee<\/u><\/strong><strong>, Johannes:<\/strong> <\/span>ein sich eine Zeit lang in Ems aufhaltender Schneider<\/p>\n<p>oo mit <strong>Maria Elisabeth<\/strong><\/p>\n<table width=\"595\">\n<tbody>\n<tr>\n<td width=\"180\">Charlotta Gertrud<\/td>\n<td width=\"142\">gt. 22.05.1701 Ems<\/td>\n<td width=\"274\"><\/td>\n<\/tr>\n<\/tbody>\n<\/table>\n<p style=\"text-align: justify;\"><strong>Paten:<\/strong> <em>Tauff-Goden sind: Jungfer Charlotta Christina, pastoris Johannis Leporini filia, vnd Anna Gerdraut, Hans Jacob Br\u00fccks Tochter. Der Path ist: Zacharias Schauf, s[eines] Handwercks ein Leinenweber v[nd] Oleschl\u00e4ger zu Vallender<\/em><\/p>\n<hr \/>\n<p><span style=\"color: #ff0000;\"><strong><em><u>Kneidgen\/Kn\u00f6tges<\/u><\/em><\/strong><strong>, Hermann:<\/strong> <\/span>Zehntheber im Kastorhof zu Ems; bg. 11.02.1695 Ems, 53 Jahre alt; wohnt in Kemmenau als Pate 12.08.1683 bei Barthel Schepp am Bad<\/p>\n<p>oo mit <strong>Maria Katharina: <\/strong>oo II. 22.10.1695 Ems mit <a href=\"http:\/\/www.ahnenforschung-jackmuth.de\/?page_id=3773\">Johann Sebastian Dollfu\u00df<\/a>, wohnen in Kemmenau<\/p>\n<table width=\"595\">\n<tbody>\n<tr>\n<td width=\"180\">Johann Bartholom\u00e4us<\/td>\n<td width=\"142\">gt. 06.06.1693 Ems<\/td>\n<td width=\"274\">bg. 29.04.1695 Ems<\/td>\n<\/tr>\n<\/tbody>\n<\/table>\n<p style=\"text-align: justify;\"><strong>Paten: <\/strong><em>Tauffzeugen sind: Bartholom\u00e6us Caphne senior vnd Hans Martin Zimmerschied, Gerichtssch\u00f6pff allhier. Die God ist: Anna Elisabetha, Simon W\u00f6lfflings uxor<\/em><\/p>\n<hr \/>\n<p style=\"text-align: justify;\"><span style=\"color: #ff0000;\"><strong><em><u>K\u00f6tting<\/u><\/em><\/strong><strong>, Johannetta Katharina Elisabeth:<\/strong> <\/span>Tochter des des Johann Henrich <em>K\u00f6tting<\/em>, ein hessen-darmst\u00e4dt. Musketier, geb\u00fcrtig zu <em>Bingenheim<\/em> [?]; bg. 13.06.1709 Ems, 3 \u00bd Jahre minus 13 Tage alt<\/p>\n<hr \/>\n<p style=\"text-align: justify;\"><span style=\"color: #ff0000;\"><strong><u>Kr\u00e4mer<\/u><\/strong><strong>, Hans Michael:<\/strong> <\/span>ein l\u00fcneburgischer Soldat, geb\u00fcrtig aus Th\u00fcringen; bg. 05.01.1705 Ems, ca. 30 Jahre alt<\/p>\n<hr \/>\n<p style=\"text-align: justify;\"><span style=\"color: #ff0000;\"><strong><em><u>Kr\u00e4u\u00dfer<\/u><\/em><\/strong><strong>, Anna Margaretha:<\/strong> <\/span>Ehefrau des Wilhelm <em>Kr\u00e4u\u00dfer<\/em> aus Kettig (Lkr. Mayen-Koblenz), 8 Jahre lang gewesener Kuhhirte zu Karbach (VG Emmelshausen, Rhein-Hunsr\u00fcck-Kreis); bg. 27.08.1690 Ems, ca. 60 Jahre alt<\/p>\n<hr \/>\n<p><span style=\"color: #ff0000;\"><strong><u>Kreckel<\/u><\/strong><strong>, Johann Jakob:<\/strong> <\/span>Witwer und M\u00fcller zu Arzbach<\/p>\n<p><strong>oo 20.11.1703 Ems <\/strong>(3. Prokl. 18.11.)<\/p>\n<p style=\"text-align: justify;\">mit <strong><u>Schnell<\/u>, Anna Katharina:<\/strong> Tochter des verst. Hans Georg Schnell, gewesener Fuhrmann zu Fischbach (VG Herrstein, Lkr. Birkenfeld)<\/p>\n<table width=\"595\">\n<tbody>\n<tr>\n<td width=\"180\">Georg Philipp<\/td>\n<td width=\"151\">gt. 26.10.1704 Ems<\/td>\n<td width=\"265\"><\/td>\n<\/tr>\n<\/tbody>\n<\/table>\n<p style=\"text-align: justify;\"><strong>Paten:<\/strong> <em>Tauffpathen sind: Meister Georg Henrich Schnell, ein &lt;B\u00fcr&gt;ger vnd Schuhmacher zu Daussenau, vnd Philips Schupp dahier zu Embs; Die God &lt;ist&gt;: Catharina, Hans Peter Bretzen Eheweib<\/em><\/p>\n<hr \/>\n<p style=\"text-align: justify;\"><span style=\"color: #ff0000;\"><strong><u>Kr\u00fcger<\/u><\/strong><\/span><strong><span style=\"color: #ff0000;\">, Kaspar:<\/span> <\/strong>Schuster und Soldat auf der Festung Ehrenbreitstein; bg. 28.09.1683 Ems, da ihm auf der Festung das Begr\u00e4bnis versagt wurde<\/p>\n<hr \/>\n<p><span style=\"color: #ff0000;\"><strong><u>K\u00fcchler<\/u><\/strong><strong>, Johannes:<\/strong> <\/span>Sohn des Adam K\u00fcchler aus Arzbach<\/p>\n<p>oo (3. Prokl. 04.03.1708 Ems)<\/p>\n<p>mit <strong><u>Heimbach<\/u>, Anna Barbara:<\/strong> Witwe des <a href=\"http:\/\/www.ahnenforschung-jackmuth.de\/?page_id=3240\">Johannes Heimbach<\/a>, gewesener M\u00fcller in Ems<\/p>\n<hr \/>\n<p style=\"text-align: justify;\"><span style=\"color: #ff0000;\"><strong><u>K\u00fcchler<\/u><\/strong><\/span><strong><span style=\"color: #ff0000;\">, Maria Katharina:<\/span> <\/strong>Tochter des verst. Andreas K\u00fcchler, gewesener Bierbrauer zu R\u00fcsselsheim; konf. 12.05.1695 Ems<\/p>\n<hr \/>\n<p style=\"text-align: justify;\"><strong><span style=\"font-size: 10pt;\">Letzte \u00c4nderung: 27. April 2019<\/span><\/strong><br \/>\n<strong><span style=\"font-size: 10pt;\">Ralph Jackmuth<\/span><\/strong><\/p>\n","protected":false},"excerpt":{"rendered":"<p>Cadusch, Johann Konrad: Sohn des Konrad Cadusch, Maurer im Tal (Ehrenbreitstein) oo 15.10.1699 Ems (3. Prokl. 10.09.) mit Hertzog, Maria Katharina: Tochter des verst. Hilgert Hertzog, gewesener Steinhauer zu Koblenz-Neuendorf Kajan (Cajan), Philipp Christian: ein Schneider in Ems oo mit Juliana Margaretha 1) Johann Anton * 05.04.1722 Ems 2) Johann Philipp * 09.07.1724 Ems Paten: &hellip; <a href=\"https:\/\/www.ahnenforschung-jackmuth.de\/?page_id=3322\" class=\"more-link\"><span class=\"screen-reader-text\">\u201eEms &#8211; K (Diverse)\u201c<\/span> weiterlesen<\/a><\/p>\n","protected":false},"author":1,"featured_media":0,"parent":0,"menu_order":0,"comment_status":"closed","ping_status":"closed","template":"","meta":{"footnotes":""},"class_list":["post-3322","page","type-page","status-publish","hentry"],"_links":{"self":[{"href":"https:\/\/www.ahnenforschung-jackmuth.de\/index.php?rest_route=\/wp\/v2\/pages\/3322","targetHints":{"allow":["GET"]}}],"collection":[{"href":"https:\/\/www.ahnenforschung-jackmuth.de\/index.php?rest_route=\/wp\/v2\/pages"}],"about":[{"href":"https:\/\/www.ahnenforschung-jackmuth.de\/index.php?rest_route=\/wp\/v2\/types\/page"}],"author":[{"embeddable":true,"href":"https:\/\/www.ahnenforschung-jackmuth.de\/index.php?rest_route=\/wp\/v2\/users\/1"}],"replies":[{"embeddable":true,"href":"https:\/\/www.ahnenforschung-jackmuth.de\/index.php?rest_route=%2Fwp%2Fv2%2Fcomments&post=3322"}],"version-history":[{"count":0,"href":"https:\/\/www.ahnenforschung-jackmuth.de\/index.php?rest_route=\/wp\/v2\/pages\/3322\/revisions"}],"wp:attachment":[{"href":"https:\/\/www.ahnenforschung-jackmuth.de\/index.php?rest_route=%2Fwp%2Fv2%2Fmedia&parent=3322"}],"curies":[{"name":"wp","href":"https:\/\/api.w.org\/{rel}","templated":true}]}}