{"id":3286,"date":"2019-04-27T11:16:32","date_gmt":"2019-04-27T11:16:32","guid":{"rendered":"http:\/\/www.ahnenforschung-jackmuth.de\/?page_id=3286"},"modified":"2019-09-09T18:31:11","modified_gmt":"2019-09-09T18:31:11","slug":"ems-kaphene","status":"publish","type":"page","link":"https:\/\/www.ahnenforschung-jackmuth.de\/?page_id=3286","title":{"rendered":"Ems &#8211; Kaffine"},"content":{"rendered":"<p>(<em>Kaph(e)ne, Caphne, Kaffene<\/em>)<\/p>\n<hr \/>\n<p>Zu diesem Familiennamen siehe <a href=\"http:\/\/wiki-de.genealogy.net\/Kaphene_(Familienname)\">http:\/\/wiki-de.genealogy.net\/Kaphene_(Familienname)<\/a><\/p>\n<hr \/>\n<p><span style=\"color: #ff0000;\"><strong><u>Kaffine<\/u><\/strong><strong>, Georg Adam:<\/strong><\/span> bg. 16.04.1685 Ems; in der Lahn bei Nassau ertrunken<\/p>\n<hr \/>\n<p><span style=\"color: #ff0000;\"><strong><u>Kaffine<\/u>, Anna Maria:<\/strong><\/span> Witwe; bg. 25.10.1694 Ems, 60 Jahre alt<\/p>\n<hr \/>\n<p style=\"text-align: justify;\"><span style=\"color: #ff0000;\"><strong><u>Kaffine<\/u><\/strong><strong>, Johann (Hans) Karl:<\/strong><\/span> B\u00e4cker und gemeiner Vorsteher in Ems; bg. 04.06.1686 Ems; durch seine Unachtsamkeit entstand nach Aussage folgenden Eintrags der Brand 1683: <em>Den 28ten Julij anno 1683 ist durch Verwahrlosung des Beckers Han\u00df Caroli Kaphne, ein gewaltiger Brand alhier entstanden, darinn innerhalb wenig Stunden 17 Wohnh\u00e4user benebens vielen Scheuern und St\u00e4llen erb\u00e4rmlich einge\u00e4schert worden. In dem Pfarrhau\u00df sind auch die vorigen Kirchenb\u00fccher verbrant, warumb dieses hatt m\u00fcssen aufgerichtet werden.<\/em><\/p>\n<p>oo mit <strong>Anna: <\/strong>oo II. 18.12.1687 Ems mit Christian Schorr aus Tal (Ehrenbreitstein)<\/p>\n<table>\n<tbody>\n<tr>\n<td style=\"width: 179.233px;\">1) Anna Katharina<\/td>\n<td style=\"width: 235.3px;\"><\/td>\n<td style=\"width: 379.467px;\">oo 06.04.1697 Ems mit Adam Dommermuth aus Ems<\/td>\n<\/tr>\n<tr>\n<td style=\"width: 179.233px;\">2) Maria Elisabeth<\/td>\n<td style=\"width: 235.3px;\">konf. 31.05.1691 (Pfingsten)<\/td>\n<td style=\"width: 379.467px;\">oo 01.11.1701 Ems mit Joh. Peter W\u00fcrtz aus Ems<\/td>\n<\/tr>\n<tr>\n<td style=\"width: 179.233px;\">3) Johann Henrich<\/td>\n<td style=\"width: 235.3px;\">konf. 31.05.1691 (Pfingsten)<\/td>\n<td style=\"width: 379.467px;\"><\/td>\n<\/tr>\n<tr>\n<td style=\"width: 179.233px;\">4) Anna Katharina<\/td>\n<td style=\"width: 235.3px;\">* 1682<\/td>\n<td style=\"width: 379.467px;\">bg. 27.01.1689 Ems, 6 Jahre 4 Monate 13 Tage alt<\/td>\n<\/tr>\n<\/tbody>\n<\/table>\n<hr \/>\n<p><span style=\"color: #ff0000;\"><strong><u>Kaffine<\/u><\/strong><\/span><strong><span style=\"color: #ff0000;\">, Bartholm\u00e4us d. \u00c4.:<\/span> <\/strong>Bierbrauer in Ems; bg. 27.04.1700 Ems, 53 Jahre, 5 Monate und 16 Tage alt<\/p>\n<p>oo mit <strong>Katharina<\/strong><\/p>\n<table width=\"614\">\n<tbody>\n<tr>\n<td width=\"142\">1) Johann Peter<\/td>\n<td width=\"189\">konf. 08.06.1690 (Pfingsten)<\/td>\n<td style=\"text-align: justify;\" width=\"283\">oo 08.11.1701 Ems mit Maria Katharina Dommermuth aus Ems<\/td>\n<\/tr>\n<tr>\n<td width=\"142\">2) Bartholom\u00e4us<\/td>\n<td width=\"189\">konf. 31.05.1696 (Pfingsten)<\/td>\n<td style=\"text-align: justify;\" width=\"283\"><\/td>\n<\/tr>\n<tr>\n<td width=\"142\">3) Anna Elisabeth<\/td>\n<td width=\"189\"><\/td>\n<td style=\"text-align: justify;\" width=\"283\">oo 13.11.1694 Ems mit Johann Philipp Jost aus Ems<\/td>\n<\/tr>\n<tr>\n<td width=\"142\">4) Anna Katharina<\/td>\n<td width=\"189\"><\/td>\n<td style=\"text-align: justify;\" width=\"283\">oo 19.05.1691 Ems mit Johann Nikolaus Zimmerschied aus Ems<\/td>\n<\/tr>\n<tr>\n<td width=\"142\">5) Anna Maria<\/td>\n<td width=\"189\">gt. 13.06.1686 Ems<\/td>\n<td style=\"text-align: justify;\" width=\"283\">bg. 09.03.1688 Ems<\/td>\n<\/tr>\n<\/tbody>\n<\/table>\n<p style=\"text-align: justify;\"><strong>Paten:<\/strong> <strong>zu 5)<\/strong> <em>Gevattern waren: 1) Anna Maria, Han\u00df Martin Zimmerschieds Hausfrau; 2) Meister Jacob Eichholtz, Zimmermann; 3) Anna Maria, Henrich Rosebachs Hausfrau<\/em><\/p>\n<hr \/>\n<p><span style=\"color: #ff0000;\"><strong><u>Kaffine<\/u><\/strong><strong>, Hans Peter:<\/strong> <\/span>gemeiner B\u00e4cker und Vorsteher in Ems (1691); bg. 23.10.1696 Ems, 48 Jahre und fast 8 Monate alt<\/p>\n<p>oo mit <strong>Margaretha Katharina<\/strong><\/p>\n<table style=\"width: 839px;\">\n<tbody>\n<tr>\n<td style=\"width: 156.2px;\">1) Bartholom\u00e4us<\/td>\n<td style=\"width: 240.3px;\"><\/td>\n<td style=\"width: 396.5px;\">oo 14.01.1690 Ems mit Anna Eva Rosenbach<br \/>\naus Ems<\/td>\n<\/tr>\n<tr>\n<td style=\"width: 156.2px;\">2) Johann Karl<\/td>\n<td style=\"width: 240.3px;\"><\/td>\n<td style=\"width: 396.5px;\">oo I. 28.12.1701 Ems mit Anna Marg. Jost<br \/>\noo II. 09.06.1705 Ems mit Anna Elis. Kroll<\/td>\n<\/tr>\n<tr>\n<td style=\"width: 156.2px;\">3) Henrich Peter<\/td>\n<td style=\"width: 240.3px;\">konf. 31.05.1691 (Pfingsten)<\/td>\n<td style=\"width: 396.5px;\">oo 29.01.1704 Ems mit Anna Kath. <em>Prassel<\/em><\/td>\n<\/tr>\n<tr>\n<td style=\"width: 156.2px;\">4) Johann Georg<\/td>\n<td style=\"width: 240.3px;\">konf. 27.05.1694 (Pfingsten)<\/td>\n<td style=\"width: 396.5px;\">oo 07.01.1706 Ems mit Elisabeth Kath. Jost<\/td>\n<\/tr>\n<tr>\n<td style=\"width: 156.2px;\">4) Johann Jakob<\/td>\n<td style=\"width: 240.3px;\">gt. 13.04.1684 Ems<br \/>\n(Misericordias Domini)<\/td>\n<td style=\"width: 396.5px;\">bg. 23.10.1684 Ems<\/td>\n<\/tr>\n<tr>\n<td style=\"width: 156.2px;\">5) Johann Hermann<\/td>\n<td style=\"width: 240.3px;\">gt. 15.11.1685 Ems<br \/>\nkonf. 23.05.1697 (Pfingsten)<\/td>\n<td style=\"width: 396.5px;\">wohl um 1716 mit N. N.<\/td>\n<\/tr>\n<tr>\n<td style=\"width: 156.2px;\">6) Anna Maria<\/td>\n<td style=\"width: 240.3px;\">gt. 25.01.1691 Ems<br \/>\nkonf. 27.05.1703 (Pfingsten)<\/td>\n<td style=\"width: 396.5px;\">oo 29.01.1709 Nassau mit Johann Eberhard <em>Rincker<\/em> aus Nassau<\/td>\n<\/tr>\n<\/tbody>\n<\/table>\n<p style=\"text-align: justify;\"><strong>Paten: zu 4) <\/strong><em>Gevattern waren: 1) Johann Jacob, Paulus Br\u00fccken Sohn; 2) Apollonia, Johannes Ahlers auff dem Baad Hausfrau; 3) Johann Jacob, Merte Scheffers nachgelassener Sohn <\/em>\u2014 <strong>zu 5) <\/strong><em>Gevattern waren: 1) M. Johann Daniel Rauch, p[ro] t[empore] Pfarrer alhier; 2) Louysa, Meister Ernst Reinighausen Dochter, 3) H[err] Johann Hermann Oligmacher <\/em>\u2014 <strong>zu 6) <\/strong><em>Tauff-Goden waren: Anna Eva, Bartholom\u00e6i Kaphne Eheweib, vnd Anna Maria, Hans Martin Zimmerschieds uxor. Der Path aber ist: H[err] Adam Ilges, p[ro] t[empore] Schulmeister vnd Organist bey hiesiger Kirchen<\/em><\/p>\n<hr \/>\n<p style=\"text-align: justify;\"><span style=\"color: #ff0000;\"><strong><u>Kaffine<\/u><\/strong><strong>, Bartholom\u00e4us d. J.: <\/strong><\/span>1711 Gemeindeb\u00e4cker; + 1711 (nach B\u00fcrgermeisterrechnung 1711); Sohn des verst. Hans Peter Kaffine, gewesener B\u00e4cker in Ems<\/p>\n<p><strong>oo 14.01.1690 Ems<\/strong> (3. Prokl. 12.01.)<\/p>\n<p>mit <strong><u>Rosenbach<\/u>, Anna Eva:<\/strong> Tochter des verst. <a href=\"http:\/\/www.ahnenforschung-jackmuth.de\/?page_id=3405\">Peter <em>Raa\u00dfbach<\/em><\/a>, Wagner in Ems<\/p>\n<table width=\"614\">\n<tbody>\n<tr>\n<td style=\"width: 214.25px;\">1) Johann Michael<\/td>\n<td style=\"width: 244.917px;\">gt. 14.06.1691 Ems<\/td>\n<td style=\"width: 334.833px;\">bg. 21.06.1691 Ems<\/td>\n<\/tr>\n<tr>\n<td style=\"width: 214.25px;\">2) Anna Rosina<\/td>\n<td style=\"width: 244.917px;\">gt. 11.09.1692 Ems<\/td>\n<td style=\"width: 334.833px;\">bg. 04.12.1692 Ems<\/td>\n<\/tr>\n<tr>\n<td style=\"width: 214.25px;\">3) Anna Elisabeth<\/td>\n<td style=\"width: 244.917px;\">gt. 29.10.1693 Ems<br \/>\nkonf. 23.05.1706 (Pfingsten)<\/td>\n<td style=\"width: 334.833px;\"><\/td>\n<\/tr>\n<tr>\n<td style=\"width: 214.25px;\">4) Maria Katharina<\/td>\n<td style=\"width: 244.917px;\">gt. 26.07.1696 Ems<\/td>\n<td style=\"width: 334.833px;\">bg. 12.08.1696 Ems<\/td>\n<\/tr>\n<tr>\n<td style=\"width: 214.25px;\">5) Gertrud Katharina<\/td>\n<td style=\"width: 244.917px;\">gt. 01.03.1698 Ems<\/td>\n<td style=\"width: 334.833px;\">bg. 28.01.1699 Ems<\/td>\n<\/tr>\n<tr>\n<td style=\"width: 214.25px;\">6) Johannes<\/td>\n<td style=\"width: 244.917px;\">gt. 14.03.1700 Ems<\/td>\n<td style=\"width: 334.833px;\">wohl oo um 1723 mit Anna Marg.<\/td>\n<\/tr>\n<tr>\n<td style=\"width: 214.25px;\">7) Johann Henrich<\/td>\n<td style=\"width: 244.917px;\">gt. 02.02.1703 Ems<\/td>\n<td style=\"width: 334.833px;\"><\/td>\n<\/tr>\n<tr>\n<td style=\"width: 214.25px;\">8) Elisabeth Katharina<\/td>\n<td style=\"width: 244.917px;\">gt. 14.02.1706 Ems<\/td>\n<td style=\"width: 334.833px;\">bg. 17.12.1709 Ems<\/td>\n<\/tr>\n<tr>\n<td style=\"width: 214.25px;\">9) Anna Christina<\/td>\n<td style=\"width: 244.917px;\">gt. 06.01.1709 Ems<\/td>\n<td style=\"width: 334.833px;\">bg. 11.05.1709 Ems<\/td>\n<\/tr>\n<tr>\n<td style=\"width: 214.25px;\">10) Maria Magdalena<\/td>\n<td style=\"width: 244.917px;\">gt. 29.06.1710 Ems<\/td>\n<td style=\"width: 334.833px;\"><\/td>\n<\/tr>\n<\/tbody>\n<\/table>\n<p>Belege in den B\u00fcrgermeistereirechnungen (BR): Bartholom\u00e4us Kaffine wird das Gemeindebackhaus f\u00fcr<br \/>\n4 Rtl. 27 Peterm\u00e4nnchen auf \u00bc Jahr verpachtet (BR 1711, pag. 19)<\/p>\n<hr \/>\n<p><span style=\"color: #ff0000;\"><strong><u>Kaffine<\/u><\/strong><strong>, Johann Peter:<\/strong> <\/span>Sohn des verst. Bartholom\u00e4us Kaffine, gewesener Bierbrauer in Ems<\/p>\n<p><strong>oo 08.11.1701 Ems<\/strong> (3. Prokl. 06.11.)<\/p>\n<p>mit <strong><u>Dommermuth<\/u>, Maria Katharina:<\/strong> Tochter des <a href=\"http:\/\/www.ahnenforschung-jackmuth.de\/?page_id=3179\">Jost Dommermuth<\/a> aus Ems<\/p>\n<table width=\"614\">\n<tbody>\n<tr>\n<td width=\"170\">1) Maria Magdalena<\/td>\n<td width=\"142\">gt. 29.04.1703 Ems<\/td>\n<td width=\"302\"><\/td>\n<\/tr>\n<tr>\n<td width=\"170\">2) Johann Karl<\/td>\n<td width=\"142\">gt. 06.09.1705 Ems<\/td>\n<td width=\"302\"><\/td>\n<\/tr>\n<tr>\n<td width=\"170\">3) Johann Bartholom\u00e4us<\/td>\n<td width=\"142\">gt. 21.10.1708 Ems<\/td>\n<td width=\"302\">bg. 01.03.1784 Ems<\/td>\n<\/tr>\n<tr>\n<td width=\"170\">4) Johann Jakob<\/td>\n<td width=\"142\">gt. 29.11.1711 Ems<\/td>\n<td width=\"302\"><\/td>\n<\/tr>\n<\/tbody>\n<\/table>\n<hr \/>\n<p style=\"text-align: justify;\"><span style=\"color: #ff0000;\"><strong><u>Kaffine<\/u><\/strong><strong>, Johann Karl: <\/strong><\/span>Sohn des verst. Hans Peter Kaffine, gewesener B\u00e4cker und gemeiner Vorsteher in Ems<\/p>\n<p><strong>oo I. 28.12.1701 Ems<\/strong> (3. Prokl. 18.12)<\/p>\n<p style=\"text-align: justify;\">mit <strong><u>Jost<\/u>, Anna Margaretha:<\/strong> Tochter des <a href=\"http:\/\/www.ahnenforschung-jackmuth.de\/?page_id=3272\">Bartholom\u00e4us Jost<\/a>, Gerichtssch\u00f6ffe in Ems; bg. 10.06.1704 Ems, 27 Jahre alt<\/p>\n<table width=\"614\">\n<tbody>\n<tr>\n<td width=\"170\">1) Johann Karl<\/td>\n<td width=\"142\">gt. 15.04.1703 Ems<\/td>\n<td width=\"302\"><\/td>\n<\/tr>\n<\/tbody>\n<\/table>\n<p><strong>oo II. 09.06.1705 Ems<\/strong> (3. Prokl. 01.06.)<\/p>\n<p style=\"text-align: justify;\">mit <strong><u>Kroll<\/u>, Anna Elisabeth:<\/strong> Tochter des verst. Meister Henrich Kroll, gewesener B\u00fcrger und Fassbinder in Treysa (Schwalm-Eder-Kreis)<\/p>\n<table width=\"614\">\n<tbody>\n<tr>\n<td width=\"151\">1) Maria Katharina<\/td>\n<td width=\"208\">gt. 06.04.1706 Ems<\/td>\n<td width=\"255\">bg. 21.11.1709 Ems<\/td>\n<\/tr>\n<tr>\n<td width=\"151\">3) Anna Sibylla<\/td>\n<td width=\"208\">gt. 01.04.1708 Ems<\/td>\n<td width=\"255\">bg. xx.03.1744 Ems<\/td>\n<\/tr>\n<tr>\n<td width=\"151\">3) Maria Katharina<\/td>\n<td width=\"208\">gt. 24.08.1710 Ems<\/td>\n<td width=\"255\"><\/td>\n<\/tr>\n<tr>\n<td width=\"151\">4) Johann Henrich<\/td>\n<td width=\"208\">* 30.01.1717 Ems (gt. 02.02.)<\/td>\n<td width=\"255\"><\/td>\n<\/tr>\n<\/tbody>\n<\/table>\n<p style=\"text-align: justify;\"><strong>Paten zu 4)<\/strong> <em>M[ei]st[e]r Henrich Peter Caphne; Conrad [ ], ein Leinweber zu Nassau; Margretha Magdalena, Henrich Eichholtzen Tochter<\/em><\/p>\n<hr \/>\n<p style=\"text-align: justify;\"><span style=\"color: #ff0000;\"><strong><u>Kaffine<\/u><\/strong><strong>, Henrich Peter:<\/strong>\u00a0<\/span>ein B\u00e4cker in Ems (1704 am Bad), 1707-1710 Gemeindeb\u00e4cker; Sohn des verst. Hans Peter Kaffine, gewesener gemeiner B\u00e4cker und Vorsteher in Ems<\/p>\n<p><strong>oo 29.01.1704 Ems<\/strong> (3. Prokl. 13.01.)<\/p>\n<p style=\"text-align: justify;\">mit <strong><em><u>Prassel<\/u><\/em>, Anna Katharina:<\/strong> Tochter des verst. Meister Samuel <em>Prassel<\/em>, gewesener Zimmermann in Bacharach; konf. 23.05.1697 (Pfingsten) Ems; die Mutter oo (3. Prokl. 12.04.1700 Ems) mit Paul <em>Schmitt<\/em> aus Nassau<\/p>\n<table width=\"614\">\n<tbody>\n<tr>\n<td width=\"151\">1) Johann Ferdinand<\/td>\n<td width=\"208\">gt. 23.11.1704 Ems<\/td>\n<td width=\"255\"><\/td>\n<\/tr>\n<tr>\n<td width=\"151\">2) Anna Christina<\/td>\n<td width=\"208\">gt. 07.11.1706 Ems<\/td>\n<td width=\"255\"><\/td>\n<\/tr>\n<tr>\n<td width=\"151\">3) Johann Christoph<\/td>\n<td width=\"208\">gt. 13.03.1712 Ems<\/td>\n<td width=\"255\"><\/td>\n<\/tr>\n<tr>\n<td width=\"151\">4) Paul Christoph<\/td>\n<td width=\"208\">gt. 08.04.1713 Ems<\/td>\n<td width=\"255\">bg. 14.02.1732 Ems<\/td>\n<\/tr>\n<tr>\n<td width=\"151\">5) Karl Ludwig<\/td>\n<td width=\"208\">* 05.04.1720 Ems (gt. 07.04)<\/td>\n<td width=\"255\"><\/td>\n<\/tr>\n<tr>\n<td width=\"151\">6) Johann Matthias<\/td>\n<td width=\"208\">* 24.06.1722 Ems (gt. 28.06.)<\/td>\n<td width=\"255\">bg. 03.03.1773 als Matth\u00e4us<\/td>\n<\/tr>\n<\/tbody>\n<\/table>\n<p style=\"text-align: justify;\"><strong>Paten: zu 5) <\/strong><em>Gevattern sind gewesen: 1) Meister Philipp\u00df Ludwig Ahler; 2) Carl Dom[m]ermuth; 3) Carle Caphines Frau <\/em>\u2014 <strong>zu 6) <\/strong><em>Gevattern sind gewesen: 1) Friederich Koch; 2) Matthias Sabel, herrschafft[licher] M\u00fcller alhier, catho[lisch]; 3) Elisabetha Catharina, Georg Caphines Frau<\/em><\/p>\n<p style=\"text-align: justify;\">Belege in den B\u00fcrgermeistereirechnungen (BR): Henrich Peter Kaffine wird das Gemeindebackhaus 1707-1710 f\u00fcr 21 Rtl. j\u00e4hrlich verpachtet (BR 1707, pag. 20, BR 1708, pag. 18, BR 1709, pag. 21, BR 1710, pag. 22), 1710 zahlt er von der gemeinen Mehlwaage 6 Peterm\u00e4nnchen 4 Pfennig (BR 1710, pag. 22)<\/p>\n<hr \/>\n<p><span style=\"color: #ff0000;\"><strong><u>Kaffine<\/u><\/strong><strong>, Johann Henrich:<\/strong> <\/span>ein \u00d6lm\u00fcller in Ems<\/p>\n<p>oo mit <strong>Maria Veronika<\/strong><\/p>\n<table width=\"614\">\n<tbody>\n<tr>\n<td style=\"width: 223.9px;\">1) Maria Katharina<\/td>\n<td style=\"width: 230.067px;\">gt. 01.01.1705 Ems<\/td>\n<td style=\"width: 340.033px;\">bg. 01.01.1706 Ems<\/td>\n<\/tr>\n<tr>\n<td style=\"width: 223.9px;\">2) Maria Elisabeth<\/td>\n<td style=\"width: 230.067px;\">gt. 24.10.1706 Ems<\/td>\n<td style=\"width: 340.033px;\"><\/td>\n<\/tr>\n<tr>\n<td style=\"width: 223.9px;\">3) Johann Karl<\/td>\n<td style=\"width: 230.067px;\">gt. 25.07.1708 Ems<\/td>\n<td style=\"width: 340.033px;\">bg. 01.01.1710 Ems<\/td>\n<\/tr>\n<tr>\n<td style=\"width: 223.9px;\">4) Margaretha Barbara<\/td>\n<td style=\"width: 230.067px;\">gt. 23.11.1710 Ems<\/td>\n<td style=\"width: 340.033px;\"><\/td>\n<\/tr>\n<tr>\n<td style=\"width: 223.9px;\">5) Maria Magdalena<\/td>\n<td style=\"width: 230.067px;\">* 12.01.1719 Schweighausen<br \/>\n(gt. 15.01.)<\/td>\n<td style=\"width: 340.033px;\"><\/td>\n<\/tr>\n<\/tbody>\n<\/table>\n<p style=\"text-align: justify;\"><strong>Paten: zu 1) <\/strong><em>Tauff-Goden sind: Maria Elisabetha, Peter W\u00fcrtzen, h[uius] t[empore] gemeinen Beckers zu Embs, eheliche Hau\u00dffrau, vnd Anna Catharina, Johann Engel Minors, eines M\u00fcllers zu Nassau-Scheuern, Ehefrau. Der Path ist: Johann Daniel Otter&lt;&#8230;&gt;bach, ein Olen-M\u00fcller zu Nassau-&lt;Scheu&gt;ern <\/em>\u2014 <strong>zu 2) <\/strong><em>Tauff-Goden sind: Maria Elisabetha, weiland Hans Jacob Lemlers hinterlassene Tochter, vnd Maria Elisabetha, Michael Schuppen allhierHau\u00dffrau. Der Path ist: Johann Nicolaus Zimmerschied, ein hiesiger Einwohner <\/em>\u2014 <strong>zu 3) <\/strong><em>Tauffpathen sind: Herr Johann Nicolaus Hermann, wohlbestellter Vogt auff dem hochf\u00fcrst[lich] hessischen Baad allhier, vnd Meister Johann Carl Ahler, ein Einwohner vnd Becker am Baad. Die God ist: Anna Catharina, Adam Dommermuths, eines Schreiner vnd Gerichts-Sch\u00f6pffen dahier zu Embs, Hau\u00dffrau <\/em>\u2014 <strong>zu 4) <\/strong><em>Tauff-Goden sind: A[nna] Margretha, defuncti Christian Wolffs, gewesenen M\u00fcllers in einer M\u00fchl vorm Thal Ehrenbreitstein, hinterlassene Tochter, vnd dann Anna Barbara, Johannes K\u00fcchlers, eines M\u00fcllers zu Cadenbach in der Augst, H[aus]frau. Der Path ist: Johann Henrich Eichholtz <\/em>\u2014 <strong>zu 5) <\/strong><em>1) Joh[ann] Adam Gerhard; 2) Anna Magdalena Kraftin; 3) Maria Catharina, Th\u00f6nges Beckers Hau\u00dffrau<\/em><\/p>\n<p style=\"text-align: justify;\">Im P\u00f6nitentenregister wegen Ehe kurz vor der Geburt (KB 1, pag. 834): <em>Anno Domini 1706, den 2ten Aprilis, war Charfreytag, hat Johann Henrich Caphne, ein Olem\u00fcller allhier, wegen zu fr\u00fche von ihme beschehenen Beyschlaffs, seine Kirchen-Bu\u00df, wie solche vor die, so sich einander heurathen, verordnet ist, gethan, vnd das h[eilige] Abendmahl am hochheiligen Ostertage in Gottes Nahmen wiederumb gebrauchet.<\/em><\/p>\n<hr \/>\n<p><span style=\"color: #ff0000;\"><strong><u>Kaffine<\/u><\/strong><strong>, Johann Georg:<\/strong> <\/span>Sohn des verst. Hans Peter Kaffine, gemeiner Vorsteher in Ems<\/p>\n<p><strong>oo 07.01.1706 Ems<\/strong> (3. Prokl. 03.01.)<\/p>\n<p>mit <strong><u>Jost<\/u>, Elisabeth Katharina:<\/strong> Tochter des <a href=\"http:\/\/www.ahnenforschung-jackmuth.de\/?page_id=3272\">Adam Jost<\/a> aus Ems und gt. 13.07.1684 Ems; bg. 05.11.1751 Ems<\/p>\n<table width=\"614\">\n<tbody>\n<tr>\n<td width=\"170\">1) Johann Adam<\/td>\n<td width=\"151\">gt. 10.10.1706 Ems<\/td>\n<td width=\"293\">bg. 21.12.1766 Ems<\/td>\n<\/tr>\n<tr>\n<td width=\"170\">2) Anna Gertrud<\/td>\n<td width=\"151\">gt. 16.06.1709 Ems<\/td>\n<td width=\"293\">bg. 19.04.1785 Ems<\/td>\n<\/tr>\n<tr>\n<td width=\"170\">3) Johann Peter<\/td>\n<td width=\"151\">gt. 11.10.1711 Ems<\/td>\n<td width=\"293\">bg. 28.03.1775 Ems<\/td>\n<\/tr>\n<\/tbody>\n<\/table>\n<hr \/>\n<p><span style=\"color: #ff0000;\"><strong><u>Kaffine<\/u><\/strong><strong>, Johannes: <\/strong><\/span>wohl Sohn von Bartholom\u00e4us Kaffine d. J. und gt. 14.03.1700 Ems<\/p>\n<p>oo mit <strong>Anna Margaretha<\/strong><\/p>\n<table width=\"614\">\n<tbody>\n<tr>\n<td width=\"170\">Elisabeth Katharina<\/td>\n<td width=\"151\">gt. 12.11.1723 Ems<\/td>\n<td width=\"293\"><\/td>\n<\/tr>\n<\/tbody>\n<\/table>\n<p style=\"text-align: justify;\"><strong>Paten:<\/strong><em> Gevattern sind gewesen: 1) Bartholom[\u00e6us] Caphine; 2) Elisabetha Catharina, H[errn] Johann Conrad Kellers ehe[liche] Hau\u00dffrau; 3) Maria Elisabetha, Hermann Caphines Frau<\/em><\/p>\n<hr \/>\n<p><span style=\"color: #ff0000;\"><strong><u>Kaffine<\/u><\/strong><strong>, (Johann) Hermann:\u00a0<\/strong><\/span>Gemeindeb\u00e4cker 1711; wohl Sohn von Hans Peter Kaffine und gt. 15.11.1685 Ems<\/p>\n<p>oo mit<strong> N. N.<\/strong><\/p>\n<table style=\"width: 839px;\">\n<tbody>\n<tr>\n<td style=\"width: 166.217px;\">1) Anna Elisabeth<\/td>\n<td style=\"width: 364.45px;\">gt. 1716 Ems (an einem Adventssonntag)<\/td>\n<td style=\"width: 262.333px;\"><\/td>\n<\/tr>\n<tr>\n<td style=\"width: 166.217px;\">2) Johann Jakob<\/td>\n<td style=\"width: 364.45px;\">gt. 27.02.1718 Ems (Fastnachtssonntag)<\/td>\n<td style=\"width: 262.333px;\"><\/td>\n<\/tr>\n<tr>\n<td style=\"width: 166.217px;\">3) Johann Martin<\/td>\n<td style=\"width: 364.45px;\">gt. 22.09.1720 Ems (Sonntag vor Michaelis)<\/td>\n<td style=\"width: 262.333px;\"><\/td>\n<\/tr>\n<tr>\n<td style=\"width: 166.217px;\">4) Maria Katharin<\/td>\n<td style=\"width: 364.45px;\">* 04.02.1721 Ems (3 Wochen vor Fastnacht)<\/td>\n<td style=\"width: 262.333px;\"><\/td>\n<\/tr>\n<tr>\n<td style=\"width: 166.217px;\">5) Anna Margaretha<\/td>\n<td style=\"width: 364.45px;\">gt. 26.09.1723 Ems (Sonntag vor Michelstag)<\/td>\n<td style=\"width: 262.333px;\"><\/td>\n<\/tr>\n<tr>\n<td style=\"width: 166.217px;\">6) Johann Peter<\/td>\n<td style=\"width: 364.45px;\">gt. 25.03.1725 Ems (Sonntag vor Ostern)<\/td>\n<td style=\"width: 262.333px;\"><\/td>\n<\/tr>\n<\/tbody>\n<\/table>\n<p style=\"text-align: justify;\"><strong>Paten: zu 1) <\/strong><em>A[nn]a Elisabeth Caphne; A[nn]a Maria; Gottfried Drees <\/em>\u2014 <strong>zu 2) <\/strong><em>Otto J\u00e4ger, Jacob Zimmerschied, Anna Margreth Schuppin <\/em>\u2014 <strong>zu 3) <\/strong><em>Georg Caphne; Martin Schupp; A[nn]a Eva Zimmerschied <\/em>\u2014 <strong>zu 4) <\/strong><em>Wilhelm Leichleuter; Catharina Barbara Berl; Maria Fuchs <\/em>\u2014 <strong>zu 5) <\/strong><em>Jacob Schupp; A[nn]a Margreth Caphne; A[nn]a Gerdraut Schupp <\/em>\u2014 <strong>zu 6) <\/strong><em>Han\u00df Jacob Schupp; Peter Caphne; A[nn]a Margreth Caphne<\/em><\/p>\n<p>Belege in den B\u00fcrgermeistereirechnungen (BR): Johann Hermann Kaffine wird das Gemeindebackhaus f\u00fcr 13 Rtl. auf \u00be Jahr verpachtet (BR 1711, pag. 19)<\/p>\n<hr \/>\n<p style=\"text-align: justify;\"><strong><span style=\"font-size: 10pt;\">Letzte \u00c4nderung: 9. September 2019<\/span><\/strong><br \/>\n<strong><span style=\"font-size: 10pt;\">Ralph Jackmuth<\/span><\/strong><\/p>\n","protected":false},"excerpt":{"rendered":"<p>(Kaph(e)ne, Caphne, Kaffene) Zu diesem Familiennamen siehe http:\/\/wiki-de.genealogy.net\/Kaphene_(Familienname) Kaffine, Georg Adam: bg. 16.04.1685 Ems; in der Lahn bei Nassau ertrunken Kaffine, Anna Maria: Witwe; bg. 25.10.1694 Ems, 60 Jahre alt Kaffine, Johann (Hans) Karl: B\u00e4cker und gemeiner Vorsteher in Ems; bg. 04.06.1686 Ems; durch seine Unachtsamkeit entstand nach Aussage folgenden Eintrags der Brand 1683: Den &hellip; <a href=\"https:\/\/www.ahnenforschung-jackmuth.de\/?page_id=3286\" class=\"more-link\"><span class=\"screen-reader-text\">\u201eEms &#8211; Kaffine\u201c<\/span> weiterlesen<\/a><\/p>\n","protected":false},"author":1,"featured_media":0,"parent":0,"menu_order":0,"comment_status":"closed","ping_status":"closed","template":"","meta":{"footnotes":""},"class_list":["post-3286","page","type-page","status-publish","hentry"],"_links":{"self":[{"href":"https:\/\/www.ahnenforschung-jackmuth.de\/index.php?rest_route=\/wp\/v2\/pages\/3286","targetHints":{"allow":["GET"]}}],"collection":[{"href":"https:\/\/www.ahnenforschung-jackmuth.de\/index.php?rest_route=\/wp\/v2\/pages"}],"about":[{"href":"https:\/\/www.ahnenforschung-jackmuth.de\/index.php?rest_route=\/wp\/v2\/types\/page"}],"author":[{"embeddable":true,"href":"https:\/\/www.ahnenforschung-jackmuth.de\/index.php?rest_route=\/wp\/v2\/users\/1"}],"replies":[{"embeddable":true,"href":"https:\/\/www.ahnenforschung-jackmuth.de\/index.php?rest_route=%2Fwp%2Fv2%2Fcomments&post=3286"}],"version-history":[{"count":0,"href":"https:\/\/www.ahnenforschung-jackmuth.de\/index.php?rest_route=\/wp\/v2\/pages\/3286\/revisions"}],"wp:attachment":[{"href":"https:\/\/www.ahnenforschung-jackmuth.de\/index.php?rest_route=%2Fwp%2Fv2%2Fmedia&parent=3286"}],"curies":[{"name":"wp","href":"https:\/\/api.w.org\/{rel}","templated":true}]}}