{"id":3272,"date":"2019-04-27T10:55:40","date_gmt":"2019-04-27T10:55:40","guid":{"rendered":"http:\/\/www.ahnenforschung-jackmuth.de\/?page_id=3272"},"modified":"2019-09-09T18:35:41","modified_gmt":"2019-09-09T18:35:41","slug":"ems-jost","status":"publish","type":"page","link":"https:\/\/www.ahnenforschung-jackmuth.de\/?page_id=3272","title":{"rendered":"Ems &#8211; Jost"},"content":{"rendered":"<p>(<em>Just<\/em>)<\/p>\n<hr \/>\n<p><span style=\"color: #ff0000;\"><strong><u>Jost<\/u><\/strong><strong>, Barthol: <\/strong><\/span>\u00e4ltester Gerichtssch\u00f6ffe und Kirchenvorsteher; bg. 30.01.1700 Ems, 81 Jahre 5 Monate alt<\/p>\n<hr \/>\n<p><span style=\"color: #ff0000;\"><strong><u>Jost<\/u><\/strong><strong>, Adam<\/strong><\/span><\/p>\n<p>oo mit <strong>Anna Margaretha<\/strong><\/p>\n<table width=\"605\">\n<tbody>\n<tr>\n<td style=\"width: 194.5px;\">1) Anna Elisabeth<\/td>\n<td style=\"width: 302.75px;\">konf. 23.05.1697 (Pfingsten)<\/td>\n<td style=\"width: 296.75px;\"><\/td>\n<\/tr>\n<tr>\n<td style=\"width: 194.5px;\">2) Elisabeth Katharina<\/p>\n<p>&nbsp;<\/td>\n<td style=\"width: 302.75px;\">gt. 13.07.1684 Ems (Dom. 7 post Trin.)<\/p>\n<p>&nbsp;<\/td>\n<td style=\"width: 296.75px;\">\n<p style=\"text-align: justify;\">bg. 05.11.1751 Ems<br \/>\noo 07.01.1706 Ems mit Johann Georg Kaffine<\/p>\n<\/td>\n<\/tr>\n<tr>\n<td style=\"width: 194.5px;\">3) Anna Christina<\/td>\n<td style=\"width: 302.75px;\">gt. 21.12.1686 Ems<\/td>\n<td style=\"width: 296.75px;\">bg. 24.06.1693 Ems<\/td>\n<\/tr>\n<tr>\n<td style=\"width: 194.5px;\">4) Maria Barbara<\/td>\n<td style=\"width: 302.75px;\">gt. 28.10.1688 Ems (Simonis et Judae)<\/td>\n<td style=\"width: 296.75px;\">bg. 11.04.1696 Ems<\/td>\n<\/tr>\n<tr>\n<td style=\"width: 194.5px;\">5) Anna Rosina<\/td>\n<td style=\"width: 302.75px;\">gt. 04.10.1691 Ems<br \/>\nkonf. 11.05.1704 (Pfingsten)<\/td>\n<td style=\"width: 296.75px;\">bg. 07.03.1751 Ems<\/td>\n<\/tr>\n<tr>\n<td style=\"width: 194.5px;\">6) Johann Philipp<\/td>\n<td style=\"width: 302.75px;\">gt. 24.02.1694 Ems (St. Matthiae)<\/td>\n<td style=\"width: 296.75px;\">bg. 16.05.1698 Ems<\/td>\n<\/tr>\n<tr>\n<td style=\"width: 194.5px;\">7) Anna Christina<\/td>\n<td style=\"width: 302.75px;\">gt. 08.05.1698 Ems<br \/>\nkonf. 24.05.1711 (Pfingsten)<\/td>\n<td style=\"width: 296.75px;\">\n<p style=\"text-align: justify;\">bg. 16.05.1769 Ems<\/p>\n<\/td>\n<\/tr>\n<tr>\n<td style=\"width: 194.5px;\">8) Johann Peter<\/td>\n<td style=\"width: 302.75px;\">konf. 27.05.1694 (Pfingsten)<\/td>\n<td style=\"width: 296.75px;\">\n<p style=\"text-align: justify;\">oo (3. Prokl. 18.12.1712 Ems) mit Anna Barbara Bruchhausen aus Obernhof<\/p>\n<\/td>\n<\/tr>\n<\/tbody>\n<\/table>\n<p style=\"text-align: justify;\"><strong>Paten: zu 2) <\/strong><em>Gevattern waren: 1) Maria Elisabeth, Han\u00df Merten Klebers Hausfrau; 2) Peter Gerhard, der welsche Schmid; 3) Elisabetha Catharina, Claus Schuppen Hausfrau <\/em>\u2014 <strong>zu 3) <\/strong><em>Gevattern waren: 1) Anna Christina, Anthonii Rosebachs Hausfrau; 2) Bartholom\u00e6us Jost; 3) Anna Rosina, Philips Casdorfs Hausfrau <\/em>\u2014 <strong>zu 4) <\/strong><em>Tauff-Goden waren: Anna Maria Eberhahnin vnd Anna Barbara Gackbachin. Der Path aber ist gewesen: Philips Martin Schupp <\/em>\u2014 <strong>zu 5) <\/strong><em>Tauff-Goden sind: Anna Rosina Raa\u00dfbachin vnd Anna Catharina, Hans Jacob Br\u00fccks Hausfrau. Der Path: Nicolaus Schupp, Kirchen-Senior allhier <\/em>\u2014 <strong>zu 6) <\/strong><em>Tauffpathen sind: Johann Philips Just vnd Barthol Just, ein Gerichtssch\u00f6pff vnd Kirchen-Senior. Die God ist: Maria Margretha, Hans Jacob Schuppen Eheweib <\/em>\u2014 <strong>zu 7) <\/strong><em>Tauff-Goden sind: Anna Christina, Bartholom\u00e6i Justen Tochter, vnd Anna Elisabetha, Philips Martin Schupps Eheweib. Der Path ist: Johann Anthoni[us] Rosenbach<\/em><\/p>\n<hr \/>\n<p style=\"text-align: justify;\"><span style=\"color: #ff0000;\"><strong><u>Jost<\/u><\/strong><strong>, Bartholom\u00e4us:<\/strong> <\/span>gemeiner Vorsteher (1696), Gerichtssch\u00f6ffe (1702); Sohn des Johann Barthol Jost, Kirchensenior in Ems; bg. 22.02.1705 Ems, 62 Jahre alt<\/p>\n<p>oo I. mit <strong>Anna Elisabeth: <\/strong>bg. 28.10.1699 Ems, 51 Jahre alt<\/p>\n<table width=\"605\">\n<tbody>\n<tr>\n<td width=\"151\">1) Anna Margaretha<\/td>\n<td width=\"189\">* ca. 1677<br \/>\nkonf. 08.06.1690 (Pfingsten)<\/td>\n<td style=\"text-align: justify;\" width=\"265\">bg. 10.06.1704 Ems, 27 Jahre alt<br \/>\noo 28.12.1701 Ems mit Johann Karl Kaffine aus Ems<\/td>\n<\/tr>\n<tr>\n<td width=\"151\">2) Anna Christina<\/td>\n<td width=\"189\">konf. 15.05.1692 (Pfingsten)<\/td>\n<td style=\"text-align: justify;\" width=\"265\">oo 23.11.1700 Ems mit Johann Henrich Rosenbach<\/td>\n<\/tr>\n<tr>\n<td width=\"151\">3) Anna Philippina<\/td>\n<td width=\"189\"><\/td>\n<td style=\"text-align: justify;\" width=\"265\">hat 1693 und 1697 illeg. Kind<br \/>\noo 15.11.1701 Ems mit Johann Gottfried Euler<\/td>\n<\/tr>\n<tr>\n<td width=\"151\">4) Johann Peter<\/td>\n<td width=\"189\">konf. 03.06.1688 (Pfingsten)<\/td>\n<td style=\"text-align: justify;\" width=\"265\"><\/td>\n<\/tr>\n<tr>\n<td width=\"151\">5) Anna Magdalena<\/td>\n<td width=\"189\">* 1681<\/td>\n<td width=\"265\">bg. 25.01.1688 Ems, 6 Jahre 9 Monate<\/td>\n<\/tr>\n<tr>\n<td width=\"151\">6) Anna Dorothea<\/td>\n<td width=\"189\">gt. 14.10.1683 Ems<br \/>\nkonf. 31.05.1696 (Pfingsten)<\/td>\n<td width=\"265\">\n<p style=\"text-align: justify;\">bg. 04.05.1710 Ems<br \/>\noo I. 24.11.1705 Ems mit Joh. Martin Kasdorf<\/p>\n<\/td>\n<\/tr>\n<tr>\n<td width=\"151\">7) Johann Jakob<\/td>\n<td width=\"189\">gt. 30.05.1686 Ems<br \/>\nkonf. 28.05.1699 (Pfingsten)<\/td>\n<td width=\"265\"><\/td>\n<\/tr>\n<tr>\n<td width=\"151\">8) Johann Nikolaus<\/td>\n<td width=\"189\">gt. 21.04.1689 Ems<\/td>\n<td width=\"265\">bg. 19.06.1693 Ems<\/td>\n<\/tr>\n<tr>\n<td width=\"151\">9) Johann Valentin<\/td>\n<td width=\"189\">gt. 05.03.1693 Ems<\/td>\n<td width=\"265\">bg. 19.03.1696 Ems<\/td>\n<\/tr>\n<\/tbody>\n<\/table>\n<p style=\"text-align: justify;\"><strong>Paten: zu 6) <\/strong><em>Gevattern waren: 1) Anna Dorothea, Matthes Reuschen Dochter; 2) &lt;&#8230;&gt; Jacob Br\u00fcck; 3) Anna Margreth, Adam Josten Hausfrau <\/em>\u2014 <strong>zu 7) <\/strong><em>Gevattern waren: 1) Johann Anthoni[us] Rosebach; 2) Elisabetha Catharina, Nicolai Schuppen Hausfrau; 3) Meister Jacob Eichholtz, Zimmermann <\/em>\u2014 <strong>zu 8) <\/strong><em>Tauffpathen sind: Joh[ann] Barthol Jost, des Kinds Altvatter vnd Kirchen-Senior allhier, vnd Claus Scheffer. Die God aber ist: Gerdraut Catharina, Joh[ann] Georg Lemlers, des Schuhmachers allhier, Hau\u00dffrau <\/em>\u2014 <strong>zu 9) <\/strong><em>Tauffpathen sind: Johann Jacob Werner vnd Joh[ann] Valentin D\u00f6rnheffer. <\/em><em>Die God ist: Anna Rosina, Joh[ann] Philips Castorffs Frau<\/em><\/p>\n<p><strong>oo II. 28.02.1702 Ems<\/strong> (3. Prokl. 26.02.)<\/p>\n<p>mit <strong><u>Leyendecker<\/u>, Anna Maria:<\/strong> Witwe des Philipp Adam Leyendecker aus Dausenau<\/p>\n<hr \/>\n<p><span style=\"color: #ff0000;\"><strong><u>Jost<\/u><\/strong><strong>, Anna Philippina:<\/strong> <\/span>Tochter des Bartholom\u00e4us Jost, gemeiner Vorsteher in Ems<\/p>\n<p>o-o mit <strong><u>Zimmerschied<\/u>, Johann Peter:<\/strong> Sohn des <a href=\"http:\/\/www.ahnenforschung-jackmuth.de\/?page_id=3525\">Hans Martin Zimmerschied<\/a><\/p>\n<table width=\"605\">\n<tbody>\n<tr>\n<td width=\"151\">Johann Georg (illeg.)<\/td>\n<td width=\"151\">gt. 26.03.1693 Ems<\/td>\n<td width=\"302\">bg. 07.09.1693 Ems<\/td>\n<\/tr>\n<\/tbody>\n<\/table>\n<p style=\"text-align: justify;\"><strong>Paten: <\/strong><em>Tauffzeugen sind: Johann Georg Lemler, ein Schuhmacher alhier, vnd A[nna][ Lie\u00df, Bartholom\u00e6i Caphne sen[ioris] Tochter<\/em><\/p>\n<p>o-o mit <strong><u>Werner<\/u>, Johann Jakob:<\/strong> ein Witwer und Kr\u00e4mer in Ems, s. u. <a href=\"http:\/\/www.ahnenforschung-jackmuth.de\/?page_id=3725\">Werner<\/a><\/p>\n<table width=\"605\">\n<tbody>\n<tr>\n<td width=\"151\">Johann Jakob (illeg.)<\/td>\n<td width=\"151\">gt. 12.02.1697 Ems<\/td>\n<td width=\"302\">bg. 28.11.1703 Ems<\/td>\n<\/tr>\n<\/tbody>\n<\/table>\n<p style=\"text-align: justify;\"><strong>Paten:<\/strong> <em>Tauffpathen sind: Johann Jacob, Nicolai Schuppen, eines hiesigen Kirchen-Senioris Sohn, vnd Johann Jacob, Hans Martin Zimmerschieds, eines hiesigen Gerichts-Sch\u00f6pffen Sohn. Die God: Anna Rosina Raa\u00dfbachin<\/em><\/p>\n<p style=\"text-align: justify;\"><em>\u00a0<\/em>Im P\u00f6nitentenregister wegen illeg. Kind (KB 1, pag. 830): <em>A[nn]o 1698, den 23ten Januarij, war Dom[inica] 3 p[ost] Epihania, hat Anna Philippina Justin, Bartholom\u00e6i Justen, eines gewesenen Vorstehers allhier, Tochter, wegen abermals ver\u00fcbter Hurerey v[nd] Vnzucht, da sie sich ihrer be- <\/em>[pag. 831]<em> -st\u00e4ndigen Aussage nach mit Hans Jacob Werneren, einem hiesigen Einwohner- vnd Kr\u00e4mern, \/: welcher es aber verneinet vnd sich deposito juramento purgationis sive manifestationis von ihr lo\u00df gemacht hat :\/ fleischlichen vermischet vnd ein Kind zur Welt gebohren, ihre offentliche Kirchen-Bu\u00df in Weh- vnd Demut abgestattet.<\/em><\/p>\n<hr \/>\n<p style=\"text-align: justify;\"><span style=\"color: #ff0000;\"><strong><u>Jost<\/u><\/strong><strong>, Hans Adam:<\/strong><\/span> ein Soldat und Schiffmann vom kaiserl. Generalfeldmarschall von Th\u00fcngen [= Johann Karl von Th\u00fcngen (1648-1709)]<\/p>\n<p>oo mit <strong>Katharina<\/strong><\/p>\n<table width=\"605\">\n<tbody>\n<tr>\n<td width=\"142\">1) Maria Elisabeth<\/td>\n<td width=\"151\"><\/td>\n<td width=\"312\">bg. 05.08.1697 Ems, 9 Jahre 7 Wochen 2 Tage<\/td>\n<\/tr>\n<tr>\n<td width=\"142\">2) Johann Gabriel<\/td>\n<td width=\"151\">gt. 29.09.1697 Ems<\/td>\n<td width=\"312\"><\/td>\n<\/tr>\n<\/tbody>\n<\/table>\n<p style=\"text-align: justify;\"><strong>Paten:<\/strong> <strong>zu 2)<\/strong> <em>Tauffpath ist: H[er]r Johann Gabriel D\u00f6rbeck, gemeinschafft[liche]r Schulthei\u00df v[nd] Barbierer hier in Embs, in absentia de\u00dfen hat hat gestanden: Meister Georg Ludwig Werner, ein Becker allhier<\/em><\/p>\n<hr \/>\n<p><span style=\"color: #ff0000;\"><strong><u>Jost<\/u><\/strong><strong>, Johann Philipp:<\/strong> <\/span>Sohn des Bartholom\u00e4us Jost, gemeiner Vorsteher in Ems<\/p>\n<p><strong>oo 13.11.1694 Ems<\/strong> (3. Prokl. 04.11.)<\/p>\n<p>mit <strong><u>Kaffine<\/u>, Anna Elisabeth:<\/strong> Tochter des <a href=\"http:\/\/www.ahnenforschung-jackmuth.de\/?page_id=3286\">Bartholom\u00e4us Kaffine d. \u00c4.<\/a>, Bierbrauer in Ems<\/p>\n<table width=\"595\">\n<tbody>\n<tr>\n<td width=\"208\">1) Johann Peter<\/td>\n<td width=\"161\">gt. 11.08.1695 Ems<\/td>\n<td width=\"227\">bg. 02.03.1700 Ems<\/td>\n<\/tr>\n<tr>\n<td width=\"208\">2) Johann Adam<\/td>\n<td width=\"161\">gt. 24.06.1698 Ems<\/td>\n<td width=\"227\">bg. 12.12.1705 Ems<\/td>\n<\/tr>\n<tr>\n<td width=\"208\">3) Johann Bartholom\u00e4us<\/td>\n<td width=\"161\">gt. 22.05.1701 Ems<\/td>\n<td width=\"227\"><\/td>\n<\/tr>\n<tr>\n<td width=\"208\">4) Johann Philipp<\/td>\n<td width=\"161\">gt. 25.03.1704 Ems<\/td>\n<td width=\"227\">bg. xx.07.1766 Ems<\/td>\n<\/tr>\n<tr>\n<td width=\"208\">5) Anna Elisabeth Katharina<\/td>\n<td width=\"161\">gt. 24.02.1707 Ems<\/td>\n<td width=\"227\"><\/td>\n<\/tr>\n<tr>\n<td width=\"208\">6) Anna Katharina<\/td>\n<td width=\"161\">gt. 09.11.1710 Ems<\/td>\n<td width=\"227\"><\/td>\n<\/tr>\n<\/tbody>\n<\/table>\n<hr \/>\n<p><span style=\"color: #ff0000;\"><strong><u>Jost<\/u><\/strong><strong>, Johann (Hans) Peter:<\/strong> <\/span>Sohn des Bartholom\u00e4us Jost, Gerichtssch\u00f6ffe in Ems<\/p>\n<p><strong>oo 30.12.1704 Ems<\/strong> (3. Prokl. 28.12.)<\/p>\n<p>mit <strong><u>Kremper<\/u>, Maria Katharina:<\/strong> Tochter des <a href=\"http:\/\/www.ahnenforschung-jackmuth.de\/?page_id=3313\">Peter Kremper<\/a> aus Ems<\/p>\n<table width=\"614\">\n<tbody>\n<tr>\n<td width=\"208\">1) Johann Anton<\/td>\n<td width=\"161\">gt. 28.03.1706 Ems<\/td>\n<td width=\"246\">bg. 14.08.1709 Ems<\/td>\n<\/tr>\n<tr>\n<td width=\"208\">2) Johann Philipp<\/td>\n<td width=\"161\">gt. 19.08.1708 Ems<\/td>\n<td width=\"246\">bg. 15.08.1709 Ems<\/td>\n<\/tr>\n<tr>\n<td width=\"208\">3) Elisabeth Magdalena<\/td>\n<td width=\"161\">gt. 22.06.1710 Ems<\/td>\n<td width=\"246\"><\/td>\n<\/tr>\n<\/tbody>\n<\/table>\n<hr \/>\n<p><span style=\"color: #ff0000;\"><strong><u>Jost<\/u><\/strong><strong>, Johann Peter:<\/strong> <\/span>Sohn des Adam <em>Just<\/em> aus Ems<\/p>\n<p>oo (3. Prokl. 18.12.1712 Ems)<\/p>\n<p style=\"text-align: justify;\">mit <strong><u>Bruchhausen<\/u>, Anna Barbara:<\/strong> Tochter des verst. Johann Peter Bruchhausen, gewesener Schiffmann zu Obernhof<\/p>\n<table width=\"614\">\n<tbody>\n<tr>\n<td width=\"132\">Adam<\/td>\n<td width=\"161\">* 13.10.1716 Ems<\/td>\n<td width=\"321\"><\/td>\n<\/tr>\n<\/tbody>\n<\/table>\n<p><strong>Paten:<\/strong> <em>Adam Dommermuht; Adam Jost u[nd] Maria Magdalena Schuppin<\/em><\/p>\n<hr \/>\n<p style=\"text-align: justify;\"><strong><span style=\"font-size: 10pt;\">Letzte \u00c4nderung: 9. September 2019<\/span><\/strong><br \/>\n<strong><span style=\"font-size: 10pt;\">Ralph Jackmuth<\/span><\/strong><\/p>\n","protected":false},"excerpt":{"rendered":"<p>(Just) Jost, Barthol: \u00e4ltester Gerichtssch\u00f6ffe und Kirchenvorsteher; bg. 30.01.1700 Ems, 81 Jahre 5 Monate alt Jost, Adam oo mit Anna Margaretha 1) Anna Elisabeth konf. 23.05.1697 (Pfingsten) 2) Elisabeth Katharina &nbsp; gt. 13.07.1684 Ems (Dom. 7 post Trin.) &nbsp; bg. 05.11.1751 Ems oo 07.01.1706 Ems mit Johann Georg Kaffine 3) Anna Christina gt. 21.12.1686 Ems &hellip; <a href=\"https:\/\/www.ahnenforschung-jackmuth.de\/?page_id=3272\" class=\"more-link\"><span class=\"screen-reader-text\">\u201eEms &#8211; Jost\u201c<\/span> weiterlesen<\/a><\/p>\n","protected":false},"author":1,"featured_media":0,"parent":0,"menu_order":0,"comment_status":"closed","ping_status":"closed","template":"","meta":{"footnotes":""},"class_list":["post-3272","page","type-page","status-publish","hentry"],"_links":{"self":[{"href":"https:\/\/www.ahnenforschung-jackmuth.de\/index.php?rest_route=\/wp\/v2\/pages\/3272","targetHints":{"allow":["GET"]}}],"collection":[{"href":"https:\/\/www.ahnenforschung-jackmuth.de\/index.php?rest_route=\/wp\/v2\/pages"}],"about":[{"href":"https:\/\/www.ahnenforschung-jackmuth.de\/index.php?rest_route=\/wp\/v2\/types\/page"}],"author":[{"embeddable":true,"href":"https:\/\/www.ahnenforschung-jackmuth.de\/index.php?rest_route=\/wp\/v2\/users\/1"}],"replies":[{"embeddable":true,"href":"https:\/\/www.ahnenforschung-jackmuth.de\/index.php?rest_route=%2Fwp%2Fv2%2Fcomments&post=3272"}],"version-history":[{"count":0,"href":"https:\/\/www.ahnenforschung-jackmuth.de\/index.php?rest_route=\/wp\/v2\/pages\/3272\/revisions"}],"wp:attachment":[{"href":"https:\/\/www.ahnenforschung-jackmuth.de\/index.php?rest_route=%2Fwp%2Fv2%2Fmedia&parent=3272"}],"curies":[{"name":"wp","href":"https:\/\/api.w.org\/{rel}","templated":true}]}}