{"id":3174,"date":"2019-04-27T09:14:36","date_gmt":"2019-04-27T09:14:36","guid":{"rendered":"http:\/\/www.ahnenforschung-jackmuth.de\/?page_id=3174"},"modified":"2019-04-27T09:14:36","modified_gmt":"2019-04-27T09:14:36","slug":"ems-dietz","status":"publish","type":"page","link":"https:\/\/www.ahnenforschung-jackmuth.de\/?page_id=3174","title":{"rendered":"Ems &#8211; Dietz"},"content":{"rendered":"<p><span style=\"color: #ff0000;\"><strong><em><u>Dietz<\/u><\/em><\/strong><strong>, Henrich:<\/strong> <\/span>zur Zeit Gl\u00f6ckner in Ems<\/p>\n<p>oo I. mit <strong>Elisabeth:<\/strong> bg. 23.02.1685 Ems<\/p>\n<table width=\"625\">\n<tbody>\n<tr>\n<td width=\"208\">1) Joh. Henrich Bartholom\u00e4us<\/td>\n<td width=\"189\">* 1674<\/td>\n<td width=\"228\">bg. 04.03.1688 Ems, 14 Jahre alt<\/td>\n<\/tr>\n<tr>\n<td width=\"208\">2) Anna Christina<\/td>\n<td width=\"189\">konf. 27.05.1694 (Pfingsten)<\/td>\n<td width=\"228\"><\/td>\n<\/tr>\n<tr>\n<td width=\"208\">3) Anna Katharina<\/td>\n<td width=\"189\">konf. 31.05.1696 (Pfingsten)<\/td>\n<td width=\"228\"><\/td>\n<\/tr>\n<\/tbody>\n<\/table>\n<p style=\"text-align: justify;\"><strong>oo II. 26.11.1686 Ems <\/strong>mit <strong><u>Kr\u00e4mer<\/u>, Anna Katharina:<\/strong> Witwe des Johannes Kr\u00e4mer, gewesener Hirte zu H\u00f6mberg (VG Ems-Nassau)<\/p>\n<hr \/>\n<p style=\"text-align: justify;\"><strong><span style=\"font-size: 10pt;\">Letzte \u00c4nderung: 27. April 2019<\/span><\/strong><br \/>\n<strong><span style=\"font-size: 10pt;\">Ralph Jackmuth<\/span><\/strong><\/p>\n","protected":false},"excerpt":{"rendered":"<p>Dietz, Henrich: zur Zeit Gl\u00f6ckner in Ems oo I. mit Elisabeth: bg. 23.02.1685 Ems 1) Joh. Henrich Bartholom\u00e4us * 1674 bg. 04.03.1688 Ems, 14 Jahre alt 2) Anna Christina konf. 27.05.1694 (Pfingsten) 3) Anna Katharina konf. 31.05.1696 (Pfingsten) oo II. 26.11.1686 Ems mit Kr\u00e4mer, Anna Katharina: Witwe des Johannes Kr\u00e4mer, gewesener Hirte zu H\u00f6mberg (VG &hellip; <a href=\"https:\/\/www.ahnenforschung-jackmuth.de\/?page_id=3174\" class=\"more-link\"><span class=\"screen-reader-text\">\u201eEms &#8211; Dietz\u201c<\/span> weiterlesen<\/a><\/p>\n","protected":false},"author":1,"featured_media":0,"parent":0,"menu_order":0,"comment_status":"closed","ping_status":"closed","template":"","meta":{"footnotes":""},"class_list":["post-3174","page","type-page","status-publish","hentry"],"_links":{"self":[{"href":"https:\/\/www.ahnenforschung-jackmuth.de\/index.php?rest_route=\/wp\/v2\/pages\/3174","targetHints":{"allow":["GET"]}}],"collection":[{"href":"https:\/\/www.ahnenforschung-jackmuth.de\/index.php?rest_route=\/wp\/v2\/pages"}],"about":[{"href":"https:\/\/www.ahnenforschung-jackmuth.de\/index.php?rest_route=\/wp\/v2\/types\/page"}],"author":[{"embeddable":true,"href":"https:\/\/www.ahnenforschung-jackmuth.de\/index.php?rest_route=\/wp\/v2\/users\/1"}],"replies":[{"embeddable":true,"href":"https:\/\/www.ahnenforschung-jackmuth.de\/index.php?rest_route=%2Fwp%2Fv2%2Fcomments&post=3174"}],"version-history":[{"count":0,"href":"https:\/\/www.ahnenforschung-jackmuth.de\/index.php?rest_route=\/wp\/v2\/pages\/3174\/revisions"}],"wp:attachment":[{"href":"https:\/\/www.ahnenforschung-jackmuth.de\/index.php?rest_route=%2Fwp%2Fv2%2Fmedia&parent=3174"}],"curies":[{"name":"wp","href":"https:\/\/api.w.org\/{rel}","templated":true}]}}