{"id":3156,"date":"2019-04-27T09:19:53","date_gmt":"2019-04-27T09:19:53","guid":{"rendered":"http:\/\/www.ahnenforschung-jackmuth.de\/?page_id=3156"},"modified":"2019-04-28T15:51:28","modified_gmt":"2019-04-28T15:51:28","slug":"ems-a-diverse","status":"publish","type":"page","link":"https:\/\/www.ahnenforschung-jackmuth.de\/?page_id=3156","title":{"rendered":"Ems &#8211; A (Diverse)"},"content":{"rendered":"<p><span style=\"color: #ff0000;\"><strong><u>Adler<\/u><\/strong><strong>, Johann Peter:<\/strong><\/span> ein Bierbrauer in Ems<\/p>\n<p>oo mit <strong>Anna Maria<\/strong><\/p>\n<table width=\"595\">\n<tbody>\n<tr>\n<td width=\"198\">Jost Henrich<\/td>\n<td width=\"151\">gt. 23.04.1702<\/td>\n<td width=\"246\"><\/td>\n<\/tr>\n<\/tbody>\n<\/table>\n<p><strong>Paten: <\/strong><em>Tauffpathen sind: Johann Henrich, Joh[ann] Philips Eichholtzen Sohn, vnd Jost Adler, Teutschen-Herrns Hoffmann zu Fr\u00fccht, vor welchen, weilen er p\u00e4pstischer Religion, gestanden: hiesiger H[err] Schulthei\u00df Johann Gabriel D\u00f6rbeck. Die God ist: Eva Magdalena, Michael Mangels, eines Einwohners zu Fr\u00fccht, Tochter<\/em><\/p>\n<p>-&gt; <a href=\"http:\/\/www.ahnenforschung-jackmuth.de\/?page_id=2751\">weitere Kinder in Becheln<\/a><\/p>\n<hr \/>\n<p><span style=\"color: #ff0000;\"><strong><em><u>Arnd<\/u><\/em><\/strong><strong>, Andreas: <\/strong><\/span>aus dem Hannoverschen Land zu Havenberg; bg. 05.12.1703 Ems, \u201eetliche 20 Jahre alt\u201c<\/p>\n<hr \/>\n<p style=\"text-align: justify;\"><strong><span style=\"font-size: 10pt;\">Letzte \u00c4nderung: 27. April 2019<\/span><\/strong><br \/>\n<strong><span style=\"font-size: 10pt;\">Ralph Jackmuth<\/span><\/strong><\/p>\n","protected":false},"excerpt":{"rendered":"<p>Adler, Johann Peter: ein Bierbrauer in Ems oo mit Anna Maria Jost Henrich gt. 23.04.1702 Paten: Tauffpathen sind: Johann Henrich, Joh[ann] Philips Eichholtzen Sohn, vnd Jost Adler, Teutschen-Herrns Hoffmann zu Fr\u00fccht, vor welchen, weilen er p\u00e4pstischer Religion, gestanden: hiesiger H[err] Schulthei\u00df Johann Gabriel D\u00f6rbeck. Die God ist: Eva Magdalena, Michael Mangels, eines Einwohners zu Fr\u00fccht, &hellip; <a href=\"https:\/\/www.ahnenforschung-jackmuth.de\/?page_id=3156\" class=\"more-link\"><span class=\"screen-reader-text\">\u201eEms &#8211; A (Diverse)\u201c<\/span> weiterlesen<\/a><\/p>\n","protected":false},"author":1,"featured_media":0,"parent":0,"menu_order":0,"comment_status":"closed","ping_status":"closed","template":"","meta":{"footnotes":""},"class_list":["post-3156","page","type-page","status-publish","hentry"],"_links":{"self":[{"href":"https:\/\/www.ahnenforschung-jackmuth.de\/index.php?rest_route=\/wp\/v2\/pages\/3156","targetHints":{"allow":["GET"]}}],"collection":[{"href":"https:\/\/www.ahnenforschung-jackmuth.de\/index.php?rest_route=\/wp\/v2\/pages"}],"about":[{"href":"https:\/\/www.ahnenforschung-jackmuth.de\/index.php?rest_route=\/wp\/v2\/types\/page"}],"author":[{"embeddable":true,"href":"https:\/\/www.ahnenforschung-jackmuth.de\/index.php?rest_route=\/wp\/v2\/users\/1"}],"replies":[{"embeddable":true,"href":"https:\/\/www.ahnenforschung-jackmuth.de\/index.php?rest_route=%2Fwp%2Fv2%2Fcomments&post=3156"}],"version-history":[{"count":0,"href":"https:\/\/www.ahnenforschung-jackmuth.de\/index.php?rest_route=\/wp\/v2\/pages\/3156\/revisions"}],"wp:attachment":[{"href":"https:\/\/www.ahnenforschung-jackmuth.de\/index.php?rest_route=%2Fwp%2Fv2%2Fmedia&parent=3156"}],"curies":[{"name":"wp","href":"https:\/\/api.w.org\/{rel}","templated":true}]}}