{"id":3147,"date":"2019-04-27T09:21:16","date_gmt":"2019-04-27T09:21:16","guid":{"rendered":"http:\/\/www.ahnenforschung-jackmuth.de\/?page_id=3147"},"modified":"2019-04-28T11:21:47","modified_gmt":"2019-04-28T11:21:47","slug":"ems-ambrosius-2","status":"publish","type":"page","link":"https:\/\/www.ahnenforschung-jackmuth.de\/?page_id=3147","title":{"rendered":"Ems &#8211; Ambrosius"},"content":{"rendered":"<p><span style=\"color: #ff0000;\"><strong><u>Ambrosius<\/u><\/strong><strong>, Johann:<\/strong><\/span> ein \u00d6lschl\u00e4ger\/\u00d6lm\u00fcller in Ems; Sohn des verst. Peter Ambrosius, gewesener M\u00fcller auf der Hackenm\u00fchle (Neuwied-Oberbieber)<\/p>\n<p><strong>oo 28.10.1688 Ems<\/strong> (3. Prokl. 21.10.)<\/p>\n<p>mit <strong><u>Werner<\/u>, Anna Rosina Magdalena:<\/strong> Tochter des verst. <a href=\"http:\/\/www.ahnenforschung-jackmuth.de\/?page_id=3497\">Johann Daniel Werner<\/a><\/p>\n<table width=\"605\">\n<tbody>\n<tr>\n<td width=\"189\">1) Maria Juliana<\/td>\n<td width=\"189\">gt. 24.11.1689 Ems<br \/>\nkonf. 27.05.1703 (Pfingsten)<\/td>\n<td width=\"227\"><\/td>\n<\/tr>\n<tr>\n<td width=\"189\">2) Johann Martin<\/td>\n<td width=\"189\">gt. 16.05.1692 Ems<\/td>\n<td width=\"227\">bg. 18.06.1692 Ems<\/td>\n<\/tr>\n<tr>\n<td width=\"189\">3) Johann Gottfried<\/td>\n<td width=\"189\">gt. 18.02.1694 Ems<\/td>\n<td width=\"227\">bg. 08.02.1701 Ems<\/td>\n<\/tr>\n<tr>\n<td width=\"189\">4) Johann Peter<\/td>\n<td width=\"189\">gt. 20.11.1698 Ems<\/td>\n<td width=\"227\"><\/td>\n<\/tr>\n<tr>\n<td width=\"189\">5) Maria Philippina (Zw.)<\/td>\n<td width=\"189\">gt. 24.07.1703 Ems<\/td>\n<td width=\"227\">bg. 07.09.1703 Ems<\/td>\n<\/tr>\n<tr>\n<td width=\"189\">6) Maria Margaretha (Zw.)<\/td>\n<td width=\"189\">gt. 24.07.1703 Ems<\/td>\n<td width=\"227\">bg. 28.07.1703 Ems<\/td>\n<\/tr>\n<tr>\n<td width=\"189\">7) Johannes (Zwilling)<\/td>\n<td width=\"189\">gt. 25.11.1704 Ems<br \/>\nim Haus wegen Schwachheit<\/td>\n<td width=\"227\">bg. 19.03.1705 Ems<\/td>\n<\/tr>\n<tr>\n<td width=\"189\">8) Johann Georg (Zwilling)<\/td>\n<td width=\"189\">gt. 30.11.1704 Ems<\/td>\n<td width=\"227\">bg. 04.01.1705 Ems<\/td>\n<\/tr>\n<tr>\n<td width=\"189\">9) Elisabeth Katharina<\/td>\n<td width=\"189\">gt. 15.08.1706 Ems<\/td>\n<td width=\"227\">bg. xx.12.1752 Ems<\/td>\n<\/tr>\n<\/tbody>\n<\/table>\n<hr \/>\n<p style=\"text-align: justify;\"><strong><span style=\"font-size: 10pt;\">Letzte \u00c4nderung: 27. April 2019<\/span><\/strong><br \/>\n<strong><span style=\"font-size: 10pt;\">Ralph Jackmuth<\/span><\/strong><\/p>\n","protected":false},"excerpt":{"rendered":"<p>Ambrosius, Johann: ein \u00d6lschl\u00e4ger\/\u00d6lm\u00fcller in Ems; Sohn des verst. Peter Ambrosius, gewesener M\u00fcller auf der Hackenm\u00fchle (Neuwied-Oberbieber) oo 28.10.1688 Ems (3. Prokl. 21.10.) mit Werner, Anna Rosina Magdalena: Tochter des verst. Johann Daniel Werner 1) Maria Juliana gt. 24.11.1689 Ems konf. 27.05.1703 (Pfingsten) 2) Johann Martin gt. 16.05.1692 Ems bg. 18.06.1692 Ems 3) Johann Gottfried &hellip; <a href=\"https:\/\/www.ahnenforschung-jackmuth.de\/?page_id=3147\" class=\"more-link\"><span class=\"screen-reader-text\">\u201eEms &#8211; Ambrosius\u201c<\/span> weiterlesen<\/a><\/p>\n","protected":false},"author":1,"featured_media":0,"parent":0,"menu_order":0,"comment_status":"closed","ping_status":"closed","template":"","meta":{"footnotes":""},"class_list":["post-3147","page","type-page","status-publish","hentry"],"_links":{"self":[{"href":"https:\/\/www.ahnenforschung-jackmuth.de\/index.php?rest_route=\/wp\/v2\/pages\/3147","targetHints":{"allow":["GET"]}}],"collection":[{"href":"https:\/\/www.ahnenforschung-jackmuth.de\/index.php?rest_route=\/wp\/v2\/pages"}],"about":[{"href":"https:\/\/www.ahnenforschung-jackmuth.de\/index.php?rest_route=\/wp\/v2\/types\/page"}],"author":[{"embeddable":true,"href":"https:\/\/www.ahnenforschung-jackmuth.de\/index.php?rest_route=\/wp\/v2\/users\/1"}],"replies":[{"embeddable":true,"href":"https:\/\/www.ahnenforschung-jackmuth.de\/index.php?rest_route=%2Fwp%2Fv2%2Fcomments&post=3147"}],"version-history":[{"count":0,"href":"https:\/\/www.ahnenforschung-jackmuth.de\/index.php?rest_route=\/wp\/v2\/pages\/3147\/revisions"}],"wp:attachment":[{"href":"https:\/\/www.ahnenforschung-jackmuth.de\/index.php?rest_route=%2Fwp%2Fv2%2Fmedia&parent=3147"}],"curies":[{"name":"wp","href":"https:\/\/api.w.org\/{rel}","templated":true}]}}