{"id":2105,"date":"2017-09-02T18:43:22","date_gmt":"2017-09-02T18:43:22","guid":{"rendered":"http:\/\/www.ahnenforschung-jackmuth.de\/?page_id=2105"},"modified":"2020-11-03T19:41:59","modified_gmt":"2020-11-03T19:41:59","slug":"abgewanderte-1660-1729","status":"publish","type":"page","link":"https:\/\/www.ahnenforschung-jackmuth.de\/?page_id=2105","title":{"rendered":"Abgewanderte 1660-1729"},"content":{"rendered":"<p><b>Von Sart-lez-Spa abgewanderte und in Deutschland verstorbene Personen 1660-1729<\/b><\/p>\n<p align=\"JUSTIFY\"><a href=\"https:\/\/www.cardamina.net\/artikeldetails.php?aid=672\">Ortsfamilienbuch Sart-lez-Spa 1616-1732: hrsg. von Ralph Jackmuth, Cardamina Verlag<\/a><\/p>\n<p align=\"JUSTIFY\">Das von Pfarrer Pierre Henrard 1660 begonnene und von seinem Neffen ab 1689 bis 1723 tadellos gef\u00fchrte Sterberegister zeichnet sich gerade in Bezug der abgewanderten Personen durch einen hohen Informationsgehalt aus. Von den 76 als abgewandert genannten Personen (5,5 % aller Eintr\u00e4ge) sind alle bis auf einen, der 1693 zur\u00fcckgekehrt war (Nr. 43), in Deutschland verstorben. Der Pfarrer wurde von dem Todesfall in Kenntnis gesetzt und konnte die Exequien im Heimatort nachfeiern. Nur vereinzelt werden die Sterbeorte (u. a. Montabaur, Hadamar, Koblenz, Frankfurt) selbst genannt, sondern mit <i>obiit in Germania<\/i> umschrieben. Die Berichterstattung erfolgte wohl \u00fcberwiegend m\u00fcndlich, den oftmals hei\u00dft es in den Eintr\u00e4gen <i>ut fertur<\/i> (\u201ewie berichtet wird\u201c). Nur \u00e4u\u00dferst selten ist von schriftlichen Berichten die Rede, wie 1692 (Nr. 41) aus Montabaur (<i>ut vidi ex litteris pastoris eiusdem loci<\/i>) oder 1693 (Nr. 44) aus Frankfurt (<i>ut vidi per litteras<\/i>).<\/p>\n<p align=\"JUSTIFY\">Die Bezahlungsvermerke der Geb\u00fchren f\u00fcr Exequien und Anniversarium des Verstorbenen (am Ende des Eintrags) sind manchmal nicht zu entziffern, was durch \u201e(&#8230;)\u201c wiedergegeben ist. Unlesbare Stellen durch die Buchfalz oder besch\u00e4digte Seiten sind durch \u201e&lt;&#8230;&gt;\u201c gekennzeichnet.<\/p>\n<table border=\"0\" width=\"100%\" cellspacing=\"0\" cellpadding=\"2\">\n<colgroup>\n<col width=\"13*\" \/>\n<col width=\"42*\" \/>\n<col width=\"56*\" \/>\n<col width=\"144*\" \/> <\/colgroup>\n<tbody>\n<tr valign=\"BOTTOM\">\n<td width=\"5%\" height=\"13\">\n<p align=\"CENTER\"><b>Nr.<\/b><\/p>\n<\/td>\n<td width=\"17%\">\n<p align=\"LEFT\"><b>Name<\/b><\/p>\n<\/td>\n<td width=\"22%\">\n<p align=\"CENTER\"><b>+, begraben (bg.), Exequien (Ex.) und ggf. Taufe (gt.)<\/b><\/p>\n<\/td>\n<td width=\"56%\">\n<p align=\"JUSTIFY\"><b>Eintragstext<\/b><\/p>\n<\/td>\n<\/tr>\n<tr valign=\"BOTTOM\">\n<td width=\"5%\" height=\"13\">\n<p align=\"CENTER\">1<\/p>\n<\/td>\n<td width=\"17%\">\n<p align=\"LEFT\">Petitjean<\/p>\n<\/td>\n<td width=\"22%\">\n<p align=\"CENTER\">Ex. 20.10.1660<\/p>\n<\/td>\n<td width=\"56%\">\n<p align=\"JUSTIFY\"><i>Jehenne petit Jan \u2014 Vigesima mensis Octobris celebratae fuerunt exequiae cuiusdam Joannae Petit Jan, vidua, in Germania catholice defunctae, solverunt 5 \u00bd fbb.<\/i><\/p>\n<\/td>\n<\/tr>\n<tr valign=\"BOTTOM\">\n<td width=\"5%\" height=\"13\">\n<p align=\"CENTER\">2<\/p>\n<\/td>\n<td width=\"17%\">\n<p align=\"LEFT\">Leroi<\/p>\n<\/td>\n<td width=\"22%\">\n<p align=\"CENTER\">Ex. 08.01.1663<\/p>\n<\/td>\n<td width=\"56%\">\n<p align=\"JUSTIFY\"><i>Jan le Roy \u2014 8va Januarii celebratae exequiae Joannis le Roy junioris, qui in Germania in fossis mineralium catholicus obierat, solvit imp[erialis], anniversaria soluta.<\/i><\/p>\n<\/td>\n<\/tr>\n<tr valign=\"BOTTOM\">\n<td width=\"5%\" height=\"13\">\n<p align=\"CENTER\">3<\/p>\n<\/td>\n<td width=\"17%\">\n<p align=\"LEFT\">Bastin<\/p>\n<\/td>\n<td width=\"22%\">\n<p align=\"CENTER\">+ 27.04.1663\u00a0<span style=\"font-family: inherit;\">Wehr ?<\/span><\/p>\n<\/td>\n<td width=\"56%\">\n<p align=\"JUSTIFY\"><i>Jan Bastin \u2014 27a Aprilis obiit Joannes Bastiani s[acra]m[en]tis rite munitus (ut fertur) in Werre Germania, <\/i>[= Wehr (Landkreis Ahrweiler ?]<i> exeq[ui]ae celebratae, iura soluta.<\/i><\/p>\n<\/td>\n<\/tr>\n<tr valign=\"BOTTOM\">\n<td width=\"5%\" height=\"13\">\n<p align=\"CENTER\">4<\/p>\n<\/td>\n<td width=\"17%\">\n<p align=\"LEFT\">Sente<\/p>\n<\/td>\n<td width=\"22%\">\n<p align=\"CENTER\">+ 17.09.1663<br \/>\n<span style=\"font-family: inherit;\">Ex. 02.10.1663<\/span><\/p>\n<\/td>\n<td width=\"56%\">\n<p align=\"JUSTIFY\"><i>Leonard Sent \u2014 17a [Septem]bris obiit in Germania Leonardus Sent, ibiq[ue] fuit s[acra]m[en]tis munitus, exeq[ui]ae eius 2a Octobris a nobis celebratae, iura soluta, anniv[ersaria] soluta.<\/i><\/p>\n<\/td>\n<\/tr>\n<tr valign=\"BOTTOM\">\n<td width=\"5%\" height=\"13\">\n<p align=\"CENTER\">5<\/p>\n<\/td>\n<td width=\"17%\">\n<p align=\"LEFT\">Lemaron<\/p>\n<\/td>\n<td width=\"22%\">\n<p align=\"CENTER\">Ex. 02.09.1664<\/p>\n<\/td>\n<td width=\"56%\">\n<p align=\"JUSTIFY\"><i>Henry le Marron \u2014 2da [Septem]bris celebravimus exequias Henrici le Marron, qui in Germania vehendo obrutus obierat et anniversaria recepi 5 \u2026<\/i><\/p>\n<\/td>\n<\/tr>\n<tr valign=\"BOTTOM\">\n<td width=\"5%\" height=\"13\">\n<p align=\"CENTER\">6<\/p>\n<\/td>\n<td width=\"17%\">\n<p align=\"LEFT\">Bodet<\/p>\n<\/td>\n<td width=\"22%\">\n<p align=\"CENTER\">+ 01.08.1665<br \/>\n<span style=\"font-family: inherit;\">Ex. 25.08.1665<\/span><\/p>\n<\/td>\n<td width=\"56%\">\n<p align=\"JUSTIFY\"><i>Cath[eri]ne Matthy Jaspar \u2014 1a Augusti obierat in Germania Catharina Matthiae Jaspar, oriunda ex n[ost]ra parochia et uxor Simonis Bodet, quae cupyt commendari precibus parochiae et fuerunt factae eius exequiae die 25a Augusti, iura soluta.<\/i><\/p>\n<\/td>\n<\/tr>\n<tr valign=\"BOTTOM\">\n<td width=\"5%\" height=\"13\">\n<p align=\"CENTER\">7<\/p>\n<\/td>\n<td width=\"17%\">\n<p align=\"LEFT\">Dechaineux<\/p>\n<\/td>\n<td width=\"22%\">\n<p align=\"CENTER\">+ 31.05.1666<br \/>\n<span style=\"font-family: inherit;\">Ex. 15.06.1666<\/span><\/p>\n<\/td>\n<td width=\"56%\">\n<p align=\"JUSTIFY\"><i>Jan des Chaynay \u2014 15 Junii celebratae sunt exeq[ui]ae Jo[ann]is de Chainay, qui in Germania pravo et crasso fornacis aere expirarat <\/i>[welcher durch die schlechte und dichte Luft des Schmelzofens starb]<i> et in parochia Bredenaio sepultus fuit, obierat autem ul[ti]mo die Maii, anniv[ersaria], iura soluta.<\/i><\/p>\n<\/td>\n<\/tr>\n<tr valign=\"BOTTOM\">\n<td width=\"5%\" height=\"13\">\n<p align=\"CENTER\">8<\/p>\n<\/td>\n<td width=\"17%\">\n<p align=\"LEFT\">Racquet<\/p>\n<\/td>\n<td width=\"22%\">\n<p align=\"CENTER\">+ 10.09.1666<br \/>\n<span style=\"font-family: inherit;\">Ex. 20.09.1666<\/span><\/p>\n<\/td>\n<td width=\"56%\">\n<p align=\"JUSTIFY\"><i>Vincent, fil Vin&#8230; Racquet \u2014 10 [Septem]bris nuntiatum est nobis obiisse in Germania s[acra]m[en]tis munitum dissenteria Vincentium Vincentii Racquet des Priesville, cuius exeq[ui]ae factae 20 [Septem]bris, iura soluta, ann[iversaria].<\/i><\/p>\n<\/td>\n<\/tr>\n<tr valign=\"BOTTOM\">\n<td width=\"5%\" height=\"13\">\n<p align=\"CENTER\">9<\/p>\n<\/td>\n<td width=\"17%\">\n<p align=\"LEFT\">Thiry<\/p>\n<\/td>\n<td width=\"22%\">\n<p align=\"CENTER\">Ex. 22.09.1666<br \/>\n<span style=\"font-family: inherit;\">(gt. 01.11.1640)<\/span><\/p>\n<\/td>\n<td width=\"56%\">\n<p align=\"JUSTIFY\"><i>Jacob Seruais Jan Thiry \u2014 Die 22a [Septem]bris exeq[ui]ae fuerunt facta pro a[n]i[m]a Jacobi, filii Servatii Jo[ann]is Thiry, in Germania dissenteria defuncti, s[acra]m[en]tis muniti ut ferebat[ur], anniv[ersaria], iura soluta.<\/i><\/p>\n<\/td>\n<\/tr>\n<tr valign=\"BOTTOM\">\n<td width=\"5%\" height=\"13\">\n<p align=\"CENTER\">10<\/p>\n<\/td>\n<td width=\"17%\">\n<p align=\"LEFT\">de Pouhon<\/p>\n<\/td>\n<td width=\"22%\">\n<p align=\"CENTER\">+ 15.09.1666<br \/>\n<span style=\"font-family: inherit;\">bg. 16.09.1666<br \/>\n<\/span><span style=\"font-family: inherit;\">Ex. 18.09.1666<\/span><span style=\"font-family: inherit;\"><br \/>\n<\/span><\/p>\n<\/td>\n<td width=\"56%\">\n<p align=\"JUSTIFY\"><i>Collas Thoma Collin \u2014 16 sepultus fuit Nicolaus Thomae Collin, qui quindecim diebus dyssenteria in Germania contracta laboraverat et 15 obierat, s[acra]m[en]tis rite munitus, eius exequiae die 18a factae, ann[iversaria].<\/i><\/p>\n<\/td>\n<\/tr>\n<tr valign=\"BOTTOM\">\n<td width=\"5%\" height=\"13\">\n<p align=\"CENTER\">11<\/p>\n<\/td>\n<td width=\"17%\">\n<p align=\"LEFT\">Borguet<\/p>\n<\/td>\n<td width=\"22%\">\n<p align=\"CENTER\">Ex. 25.09.1666<\/p>\n<\/td>\n<td width=\"56%\">\n<p align=\"JUSTIFY\"><i>Lambert Burquet \u2014 25 fuerunt factae exequiae Lamberti Burquet, qui dissenteria obierat in Germania, s[acra]m[en]tis rite munitus, iura soluta.<\/i><\/p>\n<\/td>\n<\/tr>\n<tr valign=\"BOTTOM\">\n<td width=\"5%\" height=\"13\">\n<p align=\"CENTER\">12<\/p>\n<\/td>\n<td width=\"17%\">\n<p align=\"LEFT\">Lehurry<\/p>\n<\/td>\n<td width=\"22%\">\n<p align=\"CENTER\">Ex. 17.11.1666<\/p>\n<\/td>\n<td width=\"56%\">\n<p align=\"JUSTIFY\"><i>Gillet le Hurry \u2014 17a [Novem]bris factae fuerunt exequiae Aegidii le Hurry, qui dissenteria obierat in Germania, iura soluta, anniv[ersaria].<\/i><\/p>\n<\/td>\n<\/tr>\n<tr valign=\"BOTTOM\">\n<td width=\"5%\" height=\"14\">\n<p align=\"CENTER\">13<\/p>\n<\/td>\n<td width=\"17%\">\n<p align=\"LEFT\">Bodet<\/p>\n<\/td>\n<td width=\"22%\">\n<p align=\"CENTER\">Ex. 04.07.1667<\/p>\n<\/td>\n<td width=\"56%\">\n<p align=\"JUSTIFY\"><i>Servais Bodet \u2014 4a Julii 1667 celebravi anniversarium cuiusdam Servatii Bodet, qui in Germania obierat et pro quo praeterito anno exequias celebravim[us], iura nempe pro exequiis et anniversario solvit Kinnet Bodet 5 fbb., iura soluta.<\/i><\/p>\n<\/td>\n<\/tr>\n<tr valign=\"BOTTOM\">\n<td width=\"5%\" height=\"13\">\n<p align=\"CENTER\">14<\/p>\n<\/td>\n<td width=\"17%\">\n<p align=\"LEFT\">Marnette<\/p>\n<\/td>\n<td width=\"22%\">\n<p align=\"CENTER\">Ex. 29.12.1668<\/p>\n<\/td>\n<td width=\"56%\">\n<p align=\"JUSTIFY\"><i>Jan Marnette \u2014 29 mensis Decembris celebravimus exequias cuiusdam Joannis Marnette, qui in Germania uxoratus catholice obierat, iura soluta.<\/i><\/p>\n<\/td>\n<\/tr>\n<tr valign=\"BOTTOM\">\n<td width=\"5%\" height=\"13\">\n<p align=\"CENTER\">15<\/p>\n<\/td>\n<td width=\"17%\">\n<p align=\"LEFT\">Petitjean<\/p>\n<\/td>\n<td width=\"22%\">\n<p align=\"CENTER\">Ex. 01.10.1669<br \/>\n<span style=\"font-family: inherit;\">(gt. 10.04.1648)<\/span><\/p>\n<\/td>\n<td width=\"56%\">\n<p align=\"JUSTIFY\"><i>Jan fil Pierre petit Jan \u2014 1a Octobris celebratae sunt exequiae Jo[ann]is, filii Petri Petit Jan, qui dysenteria in Germania obierat, ann[iversaria] iura soluta.<\/i><\/p>\n<\/td>\n<\/tr>\n<tr valign=\"BOTTOM\">\n<td width=\"5%\" height=\"13\">\n<p align=\"CENTER\">16<\/p>\n<\/td>\n<td width=\"17%\">\n<p align=\"LEFT\">Lehans<\/p>\n<\/td>\n<td width=\"22%\">\n<p align=\"CENTER\">Ex. 29.10.1669<br \/>\n<span style=\"font-family: inherit;\">(gt. 21.09.1644)<\/span><\/p>\n<\/td>\n<td width=\"56%\">\n<p align=\"JUSTIFY\"><i>Pierre la Hans \u2014 29a [Octo]bris celebravimus exequias Petri le Hans de Arbespine, qui dysenteria obierat in Germania s[acra]m[en]tis rite munit[us] ut ferebat[ur], anniversariu[m] iura soluta.<\/i><\/p>\n<\/td>\n<\/tr>\n<tr valign=\"BOTTOM\">\n<td width=\"5%\" height=\"13\">\n<p align=\"CENTER\">17<\/p>\n<\/td>\n<td width=\"17%\">\n<p align=\"LEFT\">Hurdebise<\/p>\n<\/td>\n<td width=\"22%\">\n<p align=\"CENTER\">Ex. 04.11.1669<\/p>\n<\/td>\n<td width=\"56%\">\n<p align=\"JUSTIFY\"><i>Renard Hurdebiche \u2014 4a [Novem]bris celebratae sunt exequiae Renardi Hurdebiche ex Trois Fontaines, qui dysenteria praeventus in Germania, obierat, annivers[aria].<\/i><\/p>\n<\/td>\n<\/tr>\n<tr valign=\"BOTTOM\">\n<td width=\"5%\" height=\"13\">\n<p align=\"CENTER\">18<\/p>\n<\/td>\n<td width=\"17%\">\n<p align=\"LEFT\">Thorez<\/p>\n<\/td>\n<td width=\"22%\">\n<p align=\"CENTER\">Ex. 05.11.1669<\/p>\n<\/td>\n<td width=\"56%\">\n<p align=\"JUSTIFY\"><i>Estienne Thorez \u2014 5a [Novem]bris celebratae sunt exequiae Stephani Thorez, qui s[acra]m[en]tis rite munitus dysenteria in Germania obierat, iura soluta.<\/i><\/p>\n<\/td>\n<\/tr>\n<tr valign=\"BOTTOM\">\n<td width=\"5%\" height=\"13\">\n<p align=\"CENTER\">19<\/p>\n<\/td>\n<td width=\"17%\">\n<p align=\"LEFT\">Gavet<\/p>\n<\/td>\n<td width=\"22%\">\n<p align=\"CENTER\">+ 20.06.1670<br \/>\n<span style=\"font-family: inherit;\">Ex. 03.07.1670<br \/>\n<\/span><span style=\"font-family: inherit;\">(gt. 10.02.1649)<\/span><span style=\"font-family: inherit;\"><br \/>\n<\/span><\/p>\n<\/td>\n<td width=\"56%\">\n<p align=\"JUSTIFY\"><i>Seruais, fil Melchior Gauet \u2014 20a Junii obiit in Germania febri calida Servatius, filius Melchioris Gauet, juvenis, eius exequiae 3a Julii celebratae fuerat, munitus s[acra]m[en]tis ut fertur ibidem, iura soluta, ann[iversaria] soluta.<\/i><\/p>\n<\/td>\n<\/tr>\n<tr valign=\"BOTTOM\">\n<td width=\"5%\" height=\"13\">\n<p align=\"CENTER\">20<\/p>\n<\/td>\n<td width=\"17%\">\n<p align=\"LEFT\">Garaffe<\/p>\n<\/td>\n<td width=\"22%\">\n<p align=\"CENTER\">Ex. 07.10.1670<\/p>\n<\/td>\n<td width=\"56%\">\n<p align=\"JUSTIFY\"><i>Jan fil Ferdinand Garaffe \u2014 7a Octobris celebravimus exequias Jo[ann]is, filii Ferdinandi Garaffe, qui in Germania obierat febri, s[acra]m[en]tis munitus ut fertur, per \u2026 ex p[ar]te solvit iura.<\/i><\/p>\n<\/td>\n<\/tr>\n<tr valign=\"BOTTOM\">\n<td width=\"5%\" height=\"13\">\n<p align=\"CENTER\">21<\/p>\n<\/td>\n<td width=\"17%\">\n<p align=\"LEFT\">Leverd<\/p>\n<\/td>\n<td width=\"22%\">\n<p align=\"CENTER\">+ 24.09.1671<\/p>\n<\/td>\n<td width=\"56%\">\n<p align=\"JUSTIFY\"><i>Geron fil Geron verd \u2014 24a [Septem]bris obiit in Germania s[acra]m[en]tis rite munitus dysenteria Hieronymus le verd, ibidem sepultus, eius exeq[ui]ae factae hic.<\/i><\/p>\n<\/td>\n<\/tr>\n<tr valign=\"BOTTOM\">\n<td width=\"5%\" height=\"13\">\n<p align=\"CENTER\">22<\/p>\n<\/td>\n<td width=\"17%\">\n<p align=\"LEFT\">Lemarichal<\/p>\n<\/td>\n<td width=\"22%\">\n<p align=\"CENTER\">Ex. 11.08.1672<\/p>\n<\/td>\n<td width=\"56%\">\n<p align=\"JUSTIFY\"><i>Berthollet Jan Collette \u2014 11a Augusti celebravim[us] exeq[ui]as cuiusdam Jo[ann]is Collette le Marechal, qui in Germania laborans in fodinis casu sed misere oppressus fuerat, iura soluta.<\/i><\/p>\n<\/td>\n<\/tr>\n<tr valign=\"BOTTOM\">\n<td width=\"5%\" height=\"13\">\n<p align=\"CENTER\">23<\/p>\n<\/td>\n<td width=\"17%\">\n<p align=\"LEFT\">Beaupain<\/p>\n<\/td>\n<td width=\"22%\">\n<p align=\"CENTER\">+ 17.09.1672 Koblenz<br \/>\n<span style=\"font-family: inherit;\">Ex. 27.09.1672<\/span><\/p>\n<\/td>\n<td width=\"56%\">\n<p align=\"JUSTIFY\"><i>Pirot Baupain \u2014 27a [Septem]bris fecimus exequias Petri Baupain, qui 17a currentis obierat, s[acra]m[en]tis o[mn]ibus rite munitus, dysenteria, Confluentiae, ubi sepult[us] fuerat, iura soluta.<\/i><\/p>\n<\/td>\n<\/tr>\n<tr valign=\"BOTTOM\">\n<td width=\"5%\" height=\"13\">\n<p align=\"CENTER\">24<\/p>\n<\/td>\n<td width=\"17%\">\n<p align=\"LEFT\">L\u00e9onard<\/p>\n<\/td>\n<td width=\"22%\">\n<p align=\"CENTER\">Ex. 06.02.1673<\/p>\n<\/td>\n<td width=\"56%\">\n<p align=\"JUSTIFY\"><i>Henry fil Henry Lina \u2014 6 factae fuerunt exeq[ui]ae Henrici, filii Henry Lina, qui obierat in Germania febri calida, iura soluta.<\/i><\/p>\n<\/td>\n<\/tr>\n<tr valign=\"BOTTOM\">\n<td width=\"5%\" height=\"13\">\n<p align=\"CENTER\">25<\/p>\n<\/td>\n<td width=\"17%\">\n<p align=\"LEFT\">L\u00e9onard<\/p>\n<\/td>\n<td width=\"22%\">\n<p align=\"CENTER\">Ex. 07.03.1673<br \/>\n<span style=\"font-family: inherit;\">(gt. 01.11.1640)<\/span><\/p>\n<\/td>\n<td width=\"56%\">\n<p align=\"JUSTIFY\"><i><span style=\"font-family: 'Times New Roman', serif;\"><span style=\"font-size: medium;\">Anne relicte Henry Linard \u2014 <\/span><\/span>4a Martii obiit s[acra]m[en]tis rite munita quadam lenta febri Anna, relicta Henrici Leonardi, seq[ue]nti die sepulta, 7a Martii eius exeq[ui]ae, ann[iversaria], iura soluta, pariter feceramus exeq[ui]as Henrici, eius filii, in Germania defuncti, iura etiam soluta.<\/i><\/p>\n<\/td>\n<\/tr>\n<tr valign=\"BOTTOM\">\n<td width=\"5%\" height=\"13\">\n<p align=\"CENTER\">26<\/p>\n<\/td>\n<td width=\"17%\">\n<p align=\"LEFT\">Legrand<\/p>\n<\/td>\n<td width=\"22%\">\n<p align=\"CENTER\">Ex. 23.02.1674<\/p>\n<\/td>\n<td width=\"56%\">\n<p align=\"JUSTIFY\"><i>Jan Henry grand Jan \u2014 23 Feb[ruarii] factae fuit exequiae Jo[ann]is, filii Henrici le grand, qui febri correptus s[acra]m[en]tis o[mn]ib[us] munitus in Germania obiit, recepi ad computu 4 fbb.<\/i><\/p>\n<\/td>\n<\/tr>\n<tr valign=\"BOTTOM\">\n<td width=\"5%\" height=\"13\">\n<p align=\"CENTER\">27<\/p>\n<\/td>\n<td width=\"17%\">\n<p align=\"LEFT\">Lebouvier<\/p>\n<\/td>\n<td width=\"22%\">\n<p align=\"CENTER\">Ex. 29.04.1675<br \/>\n<span style=\"font-family: inherit;\">(gt. 10.08.1656)<\/span><\/p>\n<\/td>\n<td width=\"56%\">\n<p align=\"JUSTIFY\"><i>Jan fil Jan le Bouier \u2014 29 Aprilis fecimus exequias Jo[ann]is, filii Jo[ann]is le Bouier, qui in Germania obierat, iura soluta.<\/i><\/p>\n<\/td>\n<\/tr>\n<tr valign=\"BOTTOM\">\n<td width=\"5%\" height=\"13\">\n<p align=\"CENTER\">28<\/p>\n<\/td>\n<td width=\"17%\">\n<p align=\"LEFT\">Hurdebise<\/p>\n<\/td>\n<td width=\"22%\">\n<p align=\"CENTER\">+ 29.04.1676<br \/>\n<span style=\"font-family: inherit;\">Ex. 19.05.1676<\/span><\/p>\n<\/td>\n<td width=\"56%\">\n<p align=\"JUSTIFY\"><i>Jan Hurdebiche \u2014 19 Maii fecimus exeq[ui]as Jo[ann]is Hurdebiche, qui calida febri s[acra]m[en]tis o[mn]ibus rite munitus ut fertur in Germania obierat penultima Aprilis, iura soluta.<\/i><\/p>\n<\/td>\n<\/tr>\n<tr valign=\"BOTTOM\">\n<td width=\"5%\" height=\"13\">\n<p align=\"CENTER\">29<\/p>\n<\/td>\n<td width=\"17%\">\n<p align=\"LEFT\">Collin<\/p>\n<\/td>\n<td width=\"22%\">\n<p align=\"CENTER\">bg. 29.09.1677<br \/>\n<span style=\"font-family: inherit;\">Ex. 04.11.1677<\/span><\/p>\n<\/td>\n<td width=\"56%\">\n<p align=\"JUSTIFY\"><i>Stienne Thomae Collin \u2014 4a [Novem]bris fecim[us] exequias Stephani Thomae Collin, qui in Germania obierat et die s[anc]ti Michaelis fuerat sepultus, recepi 5 fbb reliqua ex gra[ti]a.<\/i><\/p>\n<\/td>\n<\/tr>\n<tr valign=\"BOTTOM\">\n<td width=\"5%\" height=\"13\">\n<p align=\"CENTER\">30<\/p>\n<\/td>\n<td width=\"17%\">\n<p align=\"LEFT\">de Creppe<\/p>\n<\/td>\n<td width=\"22%\">\n<p align=\"CENTER\">Ex. 13.12.1679<\/p>\n<\/td>\n<td width=\"56%\">\n<p align=\"JUSTIFY\"><i>Collas Renard Michy \u2014 13 [Decem]bris fecim[us] exequias Nicolai, filii Renardi Michaelis de Creppe, qui in Germania ante aliquot menses obierat, anniversarium, iura, iura soluta p[er] Michaelem, eius fratrem.<\/i><\/p>\n<\/td>\n<\/tr>\n<tr valign=\"BOTTOM\">\n<td width=\"5%\" height=\"13\">\n<p align=\"CENTER\">31<\/p>\n<\/td>\n<td width=\"17%\">\n<p align=\"LEFT\">Laurent<\/p>\n<\/td>\n<td width=\"22%\">\n<p align=\"CENTER\">+ 04.03.1680<br \/>\n<span style=\"font-family: inherit;\">bei Nast\u00e4tten<br \/>\n<\/span><span style=\"font-family: inherit;\">bg. 07.03.1680<br \/>\n<\/span>Ex. 5. Apr 1680<br \/>\n(gt. 17.01.1647)<\/p>\n<\/td>\n<td width=\"56%\">\n<p align=\"JUSTIFY\"><i>Laurent Henry Laurent \u2014 Die 5 Aprilis celebravimus exequias Laurentii Henry Laurent, qui 4a praecedentis mensis carruca propria Nadstady in Germania obrutus <\/i>[von einem vierr\u00e4drigen Wagen \u00fcberfahren]<i>, septima Martii s[acra]m[en]tis munitus, obierat, vide in parvo reg[ist]ro \u2026 viduae.<\/i><\/p>\n<\/td>\n<\/tr>\n<tr valign=\"BOTTOM\">\n<td width=\"5%\" height=\"13\">\n<p align=\"CENTER\">32<\/p>\n<\/td>\n<td width=\"17%\">\n<p align=\"LEFT\">Badon<\/p>\n<\/td>\n<td width=\"22%\">\n<p align=\"CENTER\">+ 19.05.1681<br \/>\n<span style=\"font-family: inherit;\">Ex. 20.06.1681<\/span><\/p>\n<\/td>\n<td width=\"56%\">\n<p align=\"JUSTIFY\"><i>Ernest Badon \u2014 20a Junii celebravim[us] exequias Ernesti Badon, qui in Germania s[acra]m[en]tis ut fertur rite munitus 19a praecedentis Maii obierat, exequiae factae, iura soluta.<\/i><\/p>\n<\/td>\n<\/tr>\n<tr valign=\"BOTTOM\">\n<td width=\"5%\" height=\"13\">\n<p align=\"CENTER\">33<\/p>\n<\/td>\n<td width=\"17%\">\n<p align=\"LEFT\">Hurdebise<\/p>\n<\/td>\n<td width=\"22%\">\n<p align=\"CENTER\">+ 20.05.1682<br \/>\n<span style=\"font-family: inherit;\">Ex. 16.06.1682<br \/>\n<\/span><span style=\"font-family: inherit;\">(gt. 12.10.1642)<\/span><span style=\"font-family: inherit;\"><br \/>\n<\/span><\/p>\n<\/td>\n<td width=\"56%\">\n<p align=\"JUSTIFY\"><i>Thomas fil Collas Hurdebiche \u2014 Die 14 Junii accepimus ex Germania ibidem s[acra]m[en]tis rite munitum obiisse 20a Maii Thomam, filium Nicolai Hurdebiche, 16a Junii fecimus eius exequias et anniversarium, ad computum accepi tres fbb, iura soluta.<\/i><\/p>\n<\/td>\n<\/tr>\n<tr valign=\"BOTTOM\">\n<td width=\"5%\" height=\"13\">\n<p align=\"CENTER\">34<\/p>\n<\/td>\n<td width=\"17%\">\n<p align=\"LEFT\">Bossard<\/p>\n<\/td>\n<td width=\"22%\">\n<p align=\"CENTER\">Ex. 11.09.1682<\/p>\n<\/td>\n<td width=\"56%\">\n<p align=\"JUSTIFY\"><i>Gille Bossard \u2014 11a [Septem]bris celebravimus exequias m[agistri] Aegidii Bossard, qui obierat in Germania, accepi 6 fb.<\/i><\/p>\n<\/td>\n<\/tr>\n<tr valign=\"BOTTOM\">\n<td width=\"5%\" height=\"13\">\n<p align=\"CENTER\">35<\/p>\n<\/td>\n<td width=\"17%\">\n<p align=\"LEFT\">Marnette<\/p>\n<\/td>\n<td width=\"22%\">\n<p align=\"CENTER\">Ex. 1684<\/p>\n<\/td>\n<td width=\"56%\">\n<p align=\"JUSTIFY\"><i>Henry Marnette \u2014 Fecim[us] exequias Henrici Marnette, qui in Germania s[acra]m[en]tis munitus obierat die [ ] iura soluta.<\/i><\/p>\n<\/td>\n<\/tr>\n<tr valign=\"BOTTOM\">\n<td width=\"5%\" height=\"13\">\n<p align=\"CENTER\">36<\/p>\n<\/td>\n<td width=\"17%\">\n<p align=\"LEFT\">de Pouhon<\/p>\n<\/td>\n<td width=\"22%\">\n<p align=\"CENTER\">+ 01.02.1686 Hadamar<br \/>\n<span style=\"font-family: inherit;\">Ex. 18.02.1686<br \/>\n<\/span><span style=\"font-family: inherit;\">(gt. 29.11.1650)<\/span><span style=\"font-family: inherit;\"><br \/>\n<\/span><\/p>\n<\/td>\n<td width=\"56%\">\n<p align=\"JUSTIFY\"><i>Thomas Collas Thomas Collin \u2014 18 Februarii celebravi exequias Thomae filii Nicolai Collin, qui 1a Februarii obierat febri s[acra]m[en]tis munitus in Hademurre in Germania, annivers[arium] ad computatum.<\/i><\/p>\n<\/td>\n<\/tr>\n<tr valign=\"BOTTOM\">\n<td width=\"5%\" height=\"13\">\n<p align=\"CENTER\">37<\/p>\n<\/td>\n<td width=\"17%\">\n<p align=\"LEFT\">Lefagne<\/p>\n<\/td>\n<td width=\"22%\">\n<p align=\"CENTER\">+ 09.06.1690<br \/>\n<span style=\"font-family: inherit;\">Ex. 26.06.1690<br \/>\n<\/span><span style=\"font-family: inherit;\">(gt. 01.11.1657)<\/span><span style=\"font-family: inherit;\"><br \/>\n<\/span><\/p>\n<\/td>\n<td width=\"56%\">\n<p align=\"JUSTIFY\"><i>Gille le Fangne \u2014 26 Junii celebravimus exequias Aegidii le Fangne, qui in Germania solo viatico munitus ut fertur obierat 9 Junii 1690, iura soluta pro exequiis.<\/i><\/p>\n<\/td>\n<\/tr>\n<tr valign=\"BOTTOM\">\n<td width=\"5%\" height=\"13\">\n<p align=\"CENTER\">38<\/p>\n<\/td>\n<td width=\"17%\">\n<p align=\"LEFT\">Jude<\/p>\n<\/td>\n<td width=\"22%\">\n<p align=\"CENTER\">Ex. 20.10. 1691<br \/>\n<span style=\"font-family: inherit;\">(gt. 19.05.1672)<\/span><\/p>\n<\/td>\n<td width=\"56%\">\n<p align=\"JUSTIFY\"><i>Jehan Jude \u2014 Die vigesima [Octo]bris feci exequias Joannis Jude, defuncti in Germania et ut dicitur pie ibi alieni religioso confessus obdormivit in domino, requiescat in pace, recepi (\u2026) solvit.<\/i><\/p>\n<\/td>\n<\/tr>\n<tr valign=\"BOTTOM\">\n<td width=\"5%\" height=\"13\">\n<p align=\"CENTER\">39<\/p>\n<\/td>\n<td width=\"17%\">\n<p align=\"LEFT\">Dravelet<\/p>\n<\/td>\n<td width=\"22%\">\n<p align=\"CENTER\">Ex. 22.10.1691<br \/>\n<span style=\"font-family: inherit;\">(gt. 09.04.1673)<\/span><\/p>\n<\/td>\n<td width=\"56%\">\n<p align=\"JUSTIFY\"><i>Jacq[ue] fils Thomas Drauelet de Poulhons \u2014 22a [Oc]tobris fecimus exequias Jacobi, filii Thomae Drauelet de Poulhons, qui in Germania rite sacramentis, ut mihi assertum est, obiit disenteria, exequiae partim gratis factae fuere.<\/i><\/p>\n<\/td>\n<\/tr>\n<tr valign=\"BOTTOM\">\n<td width=\"5%\" height=\"13\">\n<p align=\"CENTER\">40<\/p>\n<\/td>\n<td width=\"17%\">\n<p align=\"LEFT\">Lesody<\/p>\n<\/td>\n<td width=\"22%\">\n<p align=\"CENTER\">Ex. 01.06.1692<\/p>\n<\/td>\n<td width=\"56%\">\n<p align=\"JUSTIFY\"><i>Paqua\u00ff le sod\u00ff \u2014 Eodem die fecimus exequias Paschasii le Sod\u00ff ex Arbespine, qui in Germania, uti nobis cognitum est testimonio et personis fide digns, pie in catholice obiit, solvit.<\/i><\/p>\n<\/td>\n<\/tr>\n<tr valign=\"BOTTOM\">\n<td width=\"5%\" height=\"13\">\n<p align=\"CENTER\">41<\/p>\n<\/td>\n<td width=\"17%\">\n<p align=\"LEFT\">Marnette<\/p>\n<\/td>\n<td width=\"22%\">\n<p align=\"CENTER\">+ 24.06.1692 Montabaur<br \/>\n<span style=\"font-family: inherit;\">Ex. 14.07.1692<br \/>\n<\/span><span style=\"font-family: inherit;\">(gt. 06.02.1656)<\/span><span style=\"font-family: inherit;\"><br \/>\n<\/span><\/p>\n<\/td>\n<td width=\"56%\">\n<p align=\"JUSTIFY\"><i>Thomas fils Math\u00ff Marnette \u2014 Decima quarta Julii fecimus exequias Thomae, filii Math\u00e6i Marnette, qui in Germania sacramentis rite munitus in festo sancti Jo[ann]is Baptistae obiit et sepultus fuit in coemiterio ecclesiae parochialis Montisthabor ut vidi ex litteris pastoris eiusdem loci. Requiescat in pace. Solvit exequias, solvit.<\/i><\/p>\n<\/td>\n<\/tr>\n<tr valign=\"BOTTOM\">\n<td width=\"5%\" height=\"13\">\n<p align=\"CENTER\">42<\/p>\n<\/td>\n<td width=\"17%\">\n<p align=\"LEFT\">Renard<\/p>\n<\/td>\n<td width=\"22%\">\n<p align=\"CENTER\">Ex. 10.08.1692<\/p>\n<\/td>\n<td width=\"56%\">\n<p align=\"JUSTIFY\"><i>Michel Renard \u2014 10 Augusti fecimus exequias Michaelis Renar, qui in Germania morte improvisa absq[ue] sacramentis obiit, iura soluta.<\/i><\/p>\n<\/td>\n<\/tr>\n<tr valign=\"BOTTOM\">\n<td width=\"5%\" height=\"13\">\n<p align=\"CENTER\">43<\/p>\n<\/td>\n<td width=\"17%\">\n<p align=\"LEFT\">de Pouhon<\/p>\n<\/td>\n<td width=\"22%\">\n<p align=\"CENTER\">12.01.1693<\/p>\n<\/td>\n<td width=\"56%\">\n<p align=\"JUSTIFY\"><i>Thomas des poulhons \u2014 12 Januarii feci exequias Thomae des Poulhons, qui Germania rediens obiit in pago Heuremont prope Limburgum, beneficio absolutionis tantum munitus in agone per signa, quae dedit contritionis, iura soluta exeq[uiarum] et a[nniversaria].<\/i><\/p>\n<\/td>\n<\/tr>\n<tr valign=\"BOTTOM\">\n<td width=\"5%\" height=\"13\">\n<p align=\"CENTER\">44<\/p>\n<\/td>\n<td width=\"17%\">\n<p align=\"LEFT\">Beaupain<\/p>\n<\/td>\n<td width=\"22%\">\n<p align=\"CENTER\">+ 17.02.1693 Frankfurt<br \/>\n<span style=\"font-family: inherit;\">Ex. 03.03.1693<br \/>\n<\/span><span style=\"font-family: inherit;\">(gt. 17.09.1633)<\/span><span style=\"font-family: inherit;\"><br \/>\n<\/span><\/p>\n<\/td>\n<td width=\"56%\">\n<p align=\"JUSTIFY\"><i>Michel Beaupain \u2014 17 Feb[ruarii] Francofurti fracto crure <\/i>[durch gebrochenen Unterschenkel]<i> pie sacramentis rite munitus, ut vidi per litteras, obiit Michael le munier et 3tia Martii cuius exequiae factae fuere, solvit filius Petrus per avenam [mit Hafer].<\/i><\/p>\n<\/td>\n<\/tr>\n<tr valign=\"BOTTOM\">\n<td width=\"5%\" height=\"13\">\n<p align=\"CENTER\">45<\/p>\n<\/td>\n<td width=\"17%\">\n<p align=\"LEFT\">Borguet<\/p>\n<\/td>\n<td width=\"22%\">\n<p align=\"CENTER\">Ex. 31.08.1693<\/p>\n<\/td>\n<td width=\"56%\">\n<p align=\"JUSTIFY\"><i>Gillet Borguet \u2014 Die 31 Augusti fecimus exequias Aegidii Borguet, qui sacramentis in Germania rite munitus febri tactus pie in d[omin]o obiit, recepi 6 fbb. &amp; par une ruche a mielle et a[nniversaria], solvit.<\/i><\/p>\n<\/td>\n<\/tr>\n<tr valign=\"BOTTOM\">\n<td width=\"5%\" height=\"13\">\n<p align=\"CENTER\">46<\/p>\n<\/td>\n<td width=\"17%\">\n<p align=\"LEFT\">Gaspard<\/p>\n<\/td>\n<td width=\"22%\">\n<p align=\"CENTER\">Ex. 03.09.1693<\/p>\n<\/td>\n<td width=\"56%\">\n<p align=\"JUSTIFY\"><i>Wathieux Jan Gaspar \u2014 Die 3a Septembris fecimus exequias Wathieux Jan Gaspar, qui rite sacramentis munitus in Germania obiit, recepimus \u2026 fbb., exequiarum iura soluta et a[nniversaria].<\/i><\/p>\n<\/td>\n<\/tr>\n<tr valign=\"BOTTOM\">\n<td width=\"5%\" height=\"13\">\n<p align=\"CENTER\">47<\/p>\n<\/td>\n<td width=\"17%\">\n<p align=\"LEFT\">Ledamseau<\/p>\n<\/td>\n<td width=\"22%\">\n<p align=\"CENTER\">+ 08.04.1694<br \/>\n<span style=\"font-family: inherit;\">Ex. 21.04.1694<br \/>\n<\/span><span style=\"font-family: inherit;\">(gt. 07.03.1660)<\/span><span style=\"font-family: inherit;\"><br \/>\n<\/span><\/p>\n<\/td>\n<td width=\"56%\">\n<p align=\"JUSTIFY\"><i>Michel Le Damseaux \u2014 Die 8tava Aprilis solo viatico munitus obiit in Germania honestus ac pius Michael Le Damseaux, pluresi, et 21 eius exequiae factae fuere, iura exequiarum soluta et a[nniversaria].<\/i><\/p>\n<\/td>\n<\/tr>\n<tr valign=\"BOTTOM\">\n<td width=\"5%\" height=\"13\">\n<p align=\"CENTER\">48<\/p>\n<\/td>\n<td width=\"17%\">\n<p align=\"LEFT\">Hansoulle<\/p>\n<\/td>\n<td width=\"22%\">\n<p align=\"CENTER\">+ 08.04.1694 Linz<br \/>\n<span style=\"font-family: inherit;\">Ex. 20.04.1694<\/span><\/p>\n<\/td>\n<td width=\"56%\">\n<p align=\"JUSTIFY\"><i>Thomas Hansoulle \u2014 Eodem die nobis relatum est litteris, honestum et pium Thomam Hansoulle sacramentis rite munitum in urbicula Linze <\/i>[= Linz am Rhein?]<i> nomine, pie in d[o]mino obiisse et eius exequiae 20 Aprilis factae fuere, iura exequiarum soluta et a[nniversaria] &amp;c.<\/i><\/p>\n<\/td>\n<\/tr>\n<tr valign=\"BOTTOM\">\n<td width=\"5%\" height=\"13\">\n<p align=\"CENTER\">49<\/p>\n<\/td>\n<td width=\"17%\">\n<p align=\"LEFT\">de Sprimont<\/p>\n<\/td>\n<td width=\"22%\">\n<p align=\"CENTER\">Ex. 14.05.1695<br \/>\n<span style=\"font-family: inherit;\">(gt. 20.12.1677)<\/span><\/p>\n<\/td>\n<td width=\"56%\">\n<p align=\"JUSTIFY\"><i>Nicolas fils Henr\u00ff de Sprimont \u2014 14 Maii fecimus exequias Nicolai de Sprimon, qui in Germania sacramentis rite munitus summa cum resigna[ti]one, uti didici per litteras, obiit, iura soluta et a[nniversarium].<\/i><\/p>\n<\/td>\n<\/tr>\n<tr valign=\"BOTTOM\">\n<td width=\"5%\" height=\"13\">\n<p align=\"CENTER\">50<\/p>\n<\/td>\n<td width=\"17%\">\n<p align=\"LEFT\">Bossard<\/p>\n<\/td>\n<td width=\"22%\">\n<p align=\"CENTER\">Ex. 31.01.1698<\/p>\n<\/td>\n<td width=\"56%\">\n<p align=\"JUSTIFY\"><i>Pirotte Joachim Bossard \u2014 Die 31 Ianuarii fecimus exequias Petri Joachim Bossard, qui obierat in Germania, exequiae factae gratis, pro deo.<\/i><\/p>\n<\/td>\n<\/tr>\n<tr valign=\"BOTTOM\">\n<td width=\"5%\" height=\"13\">\n<p align=\"CENTER\">51<\/p>\n<\/td>\n<td width=\"17%\">\n<p align=\"LEFT\">Hansoulle<\/p>\n<\/td>\n<td width=\"22%\">\n<p align=\"CENTER\">Ex. 17.04.1700<\/p>\n<\/td>\n<td width=\"56%\">\n<p align=\"JUSTIFY\"><i>Nicolas Hansoulle \u2014 Die 17 Aprilis fecimus exequias Nicolai Hansoulle, qui in Germania sacramentis eccl[es]iae munitus obiit, solvit exequias.<\/i><\/p>\n<\/td>\n<\/tr>\n<tr valign=\"BOTTOM\">\n<td width=\"5%\" height=\"13\">\n<p align=\"CENTER\">52<\/p>\n<\/td>\n<td width=\"17%\">\n<p align=\"LEFT\">Jacquemotte<\/p>\n<\/td>\n<td width=\"22%\">\n<p align=\"CENTER\">Ex. 28.07.1700<\/p>\n<\/td>\n<td width=\"56%\">\n<p align=\"JUSTIFY\"><i>Wilhelme Jacquemot \u2014 Die 28 Julii fecimus exequias Guilhelmi Jacquemot ad requisitionem Jo[ann]is Jacquemot, fratrus eius, qui sacramentis rite munitus obiit in Germania. Requiescat in pace. Solvit.<\/i><\/p>\n<\/td>\n<\/tr>\n<tr valign=\"BOTTOM\">\n<td width=\"5%\" height=\"13\">\n<p align=\"CENTER\">53<\/p>\n<\/td>\n<td width=\"17%\">\n<p align=\"LEFT\">Laroche<\/p>\n<\/td>\n<td width=\"22%\">\n<p align=\"CENTER\">Ex. 02.08.1700<br \/>\n<span style=\"font-family: inherit;\">(gt. 24.07.1667)<\/span><\/p>\n<\/td>\n<td width=\"56%\">\n<p align=\"JUSTIFY\"><i>Margaritte Laroche \u2014 Die secunda Augusti fecimus exequias honestae puellae Margaritae Natalis de la Roche, quae sacramentis rite munita febri in Germania obiit, ut mihi constat ex attestatione pastoris loci, ibi expiravit, pour bas quelle a fait \u2026 de (\u2026) 35 patt[acons] et parm\u00ff 3 solvit.<\/i><\/p>\n<\/td>\n<\/tr>\n<tr valign=\"BOTTOM\">\n<td width=\"5%\" height=\"13\">\n<p align=\"CENTER\">54<\/p>\n<\/td>\n<td width=\"17%\">\n<p align=\"LEFT\">Delvoie<\/p>\n<\/td>\n<td width=\"22%\">\n<p align=\"CENTER\">Ex. 29.11.1700<br \/>\n<span style=\"font-family: inherit;\">(gt. 15.05.1674)<\/span><\/p>\n<\/td>\n<td width=\"56%\">\n<p align=\"JUSTIFY\"><i>Jean del vo\u00ffe (\u2026) de Jean del vo\u00ffe sont comprins folio 68 au rente de leglise \u2014 Die 29 [Novem]bris fecimus exequias Jo[ann]is, filii Servatii del vo\u00ffe de Waia\u00ff, qui in Germania obiit, fecimus exequias, les \u2026 sont comprins folio 68 au rente de leglise.<\/i><\/p>\n<\/td>\n<\/tr>\n<tr valign=\"BOTTOM\">\n<td width=\"5%\" height=\"13\">\n<p align=\"CENTER\">55<\/p>\n<\/td>\n<td width=\"17%\">\n<p align=\"LEFT\">Depouille<\/p>\n<\/td>\n<td width=\"22%\">\n<p align=\"CENTER\">Ex. 1.12.1700<br \/>\n<span style=\"font-family: inherit;\">(gt. 20.02.1661)<\/span><\/p>\n<\/td>\n<td width=\"56%\">\n<p align=\"JUSTIFY\"><i>Thomas depoulles \u2014 Le 1 [Decem]bre 1700 fecimus exequis Thomae de Poulle, qui erat mutus a nativitate <\/i>[welcher von Geburt an stumm war]<i> et qui in Germania ibi laborans, obiit, eius exequiae factae fuere, pro deo &amp;c.<\/i><\/p>\n<\/td>\n<\/tr>\n<tr valign=\"BOTTOM\">\n<td width=\"5%\" height=\"13\">\n<p align=\"CENTER\">56<\/p>\n<\/td>\n<td width=\"17%\">\n<p align=\"LEFT\">Lecocquay<\/p>\n<\/td>\n<td width=\"22%\">\n<p align=\"CENTER\">Ex. 14.09.1702<\/p>\n<\/td>\n<td width=\"56%\">\n<p align=\"JUSTIFY\"><i>Hubert le Cocquay \u2014 Die 14 [Septem]bris fecimus exequias Huberti le Cocquay, qui in Germania fuit submersus; recepi pro iuribus 6 fbb., solvit.<\/i><\/p>\n<\/td>\n<\/tr>\n<tr valign=\"BOTTOM\">\n<td width=\"5%\" height=\"13\">\n<p align=\"CENTER\">57<\/p>\n<\/td>\n<td width=\"17%\">\n<p align=\"LEFT\">Jude<\/p>\n<\/td>\n<td width=\"22%\">\n<p align=\"CENTER\">Ex. 08.01.1704<br \/>\n<span style=\"font-family: inherit;\">(gt. 30.04.1682)<\/span><\/p>\n<\/td>\n<td width=\"56%\">\n<p align=\"JUSTIFY\"><i>Philippe, fils Jean Jute \u2014 Die 8 Januarii fecimus exequias honesti juvenis Philippi, filii Jo[ann]is Jute, qui in Germania sacramentis eccl[es]iae munitus ibidem obiit; recepi 4 fbb \u2026 fille pour 9 patt moins vn liard.<\/i><\/p>\n<\/td>\n<\/tr>\n<tr valign=\"BOTTOM\">\n<td width=\"5%\" height=\"13\">\n<p align=\"CENTER\">58<\/p>\n<\/td>\n<td width=\"17%\">\n<p align=\"LEFT\">Jacques<\/p>\n<\/td>\n<td width=\"22%\">\n<p align=\"CENTER\">Ex. 09.06.1705<\/p>\n<\/td>\n<td width=\"56%\">\n<p align=\"JUSTIFY\"><i>Jacq[ue] Jean Jacq[ue] \u2014 Die 9na Junii fecimus exequias Jacq[ue] Jean Jacq[ue], qui sacramentis eccl[es]iae munitus in Germania obiit; Michel Bossart fait par (\u2026); solvit.<\/i><\/p>\n<\/td>\n<\/tr>\n<tr valign=\"BOTTOM\">\n<td width=\"5%\" height=\"13\">\n<p align=\"CENTER\">59<\/p>\n<\/td>\n<td width=\"17%\">\n<p align=\"LEFT\">de Pouhon<\/p>\n<\/td>\n<td width=\"22%\">\n<p align=\"CENTER\">Ex. 17.05.1706<\/p>\n<\/td>\n<td width=\"56%\">\n<p align=\"JUSTIFY\"><i>Gaspar de Poulhons \u2014 Die 17 Maii fecimus exequias honesti juvenis Gaspari de Poulhons, qui in Germania obiit; solvit et a[nniversarium].<\/i><\/p>\n<\/td>\n<\/tr>\n<tr valign=\"BOTTOM\">\n<td width=\"5%\" height=\"13\">\n<p align=\"CENTER\">60<\/p>\n<\/td>\n<td width=\"17%\">\n<p align=\"LEFT\">Pardicque<\/p>\n<\/td>\n<td width=\"22%\">\n<p align=\"CENTER\">+ 05.11.1709 <i>Balistaine<br \/>\n<\/i><span style=\"font-family: inherit;\">Ex. 11.12. 1709<\/span><i><br \/>\n<\/i><\/p>\n<\/td>\n<td width=\"56%\">\n<p align=\"JUSTIFY\"><i>Math\u00ff Pardicq[ue] \u2014 Die 5 [Novem]bris obiit in Germania a Balistaine <\/i>[= Balduinstein ?]<i> honestus juvenis Mathaeus Pardicq[ue] et die 11 [Decem]bris fecimus eius exequiae; solvit et a[nniversarium].<\/i><\/p>\n<\/td>\n<\/tr>\n<tr valign=\"BOTTOM\">\n<td width=\"5%\" height=\"13\">\n<p align=\"CENTER\">61<\/p>\n<\/td>\n<td width=\"17%\">\n<p align=\"LEFT\">de Banneux<\/p>\n<\/td>\n<td width=\"22%\">\n<p align=\"CENTER\">Ex. 05.06.1710<\/p>\n<\/td>\n<td width=\"56%\">\n<p align=\"JUSTIFY\"><i>Pierre de Baneux \u2014 Die 5ta Junii fecimus exequias Petri de Baneux, qui sacramentis eccl[esi]ae munitus obiit in Germania; solvit et a[nniversarium].<\/i><\/p>\n<\/td>\n<\/tr>\n<tr valign=\"BOTTOM\">\n<td width=\"5%\" height=\"13\">\n<p align=\"CENTER\">62<\/p>\n<\/td>\n<td width=\"17%\">\n<p align=\"LEFT\">Lefagne<\/p>\n<\/td>\n<td width=\"22%\">\n<p align=\"CENTER\">Ex. 04.04.1712<\/p>\n<\/td>\n<td width=\"56%\">\n<p align=\"JUSTIFY\"><i>Pirotte le Fagne \u2014 Die 4 Aprilis fecimus exequias Petri le Fagne, qui in Germania obiit; fecimus exequis recepi pour huile a compt 3 fbb. et 6 patt. \u2026 \u2026 patt., soluit par \u2026 \u2026<\/i><\/p>\n<\/td>\n<\/tr>\n<tr valign=\"BOTTOM\">\n<td width=\"5%\" height=\"13\">\n<p align=\"CENTER\">63<\/p>\n<\/td>\n<td width=\"17%\">\n<p align=\"LEFT\">Hansoulle<\/p>\n<\/td>\n<td width=\"22%\">\n<p align=\"CENTER\">Ex. 23.07.1712<\/p>\n<\/td>\n<td width=\"56%\">\n<p align=\"JUSTIFY\"><i>Jean Hansoulle \u2014 Anno 1712 in mense Julii obiit in Germania Jo[ann]es Hansoulle et eius exequiae hic factae fuere die 23; soluit par compte fait.<\/i><\/p>\n<\/td>\n<\/tr>\n<tr valign=\"BOTTOM\">\n<td width=\"5%\" height=\"13\">\n<p align=\"CENTER\">64<\/p>\n<\/td>\n<td width=\"17%\">\n<p align=\"LEFT\">Bawgne<\/p>\n<\/td>\n<td width=\"22%\">\n<p align=\"CENTER\">Ex. 05.12.1712<br \/>\n<span style=\"font-family: inherit;\">(gt. 17.03.1683)<\/span><\/p>\n<\/td>\n<td width=\"56%\">\n<p align=\"JUSTIFY\"><i>jeune homme Anthoine Baugne \u2014 Die 5ta [Decem]bris fecimus exequias honesti Anthonii Baugne, qui in Germania obiit; solvit et a[nniversarium].<\/i><\/p>\n<\/td>\n<\/tr>\n<tr valign=\"BOTTOM\">\n<td width=\"5%\" height=\"13\">\n<p align=\"CENTER\">65<\/p>\n<\/td>\n<td width=\"17%\">\n<p align=\"LEFT\">Legras<\/p>\n<\/td>\n<td width=\"22%\">\n<p align=\"CENTER\">Ex. 27.06.1713<\/p>\n<\/td>\n<td width=\"56%\">\n<p align=\"JUSTIFY\"><i>Jean fils Francois le gras \u2014 Die 27 fecimus exequias Jo[ann]is, filii Jo[ann]is Francisci le gras, qui in Germania ab aliquibus septimanis ibi obiit; fecimus exequis recepi 15 asses per competum.<\/i><\/p>\n<\/td>\n<\/tr>\n<tr valign=\"BOTTOM\">\n<td width=\"5%\" height=\"13\">\n<p align=\"CENTER\">66<\/p>\n<\/td>\n<td width=\"17%\">\n<p align=\"LEFT\">de Wayai<\/p>\n<\/td>\n<td width=\"22%\">\n<p align=\"CENTER\">Ex. 08.06.1716<br \/>\n<span style=\"font-family: inherit;\">(gt. 23.08.1690)<\/span><\/p>\n<\/td>\n<td width=\"56%\">\n<p align=\"JUSTIFY\"><i>Gerard, fils Math\u00ff Querin \u2014 Die 8tava Junii fecimus exequias honesti Joannis Gerardi Math\u00ff Querin, qui in Germania obiit; solvit et a[nniversarium].<\/i><\/p>\n<\/td>\n<\/tr>\n<tr valign=\"BOTTOM\">\n<td width=\"5%\" height=\"13\">\n<p align=\"CENTER\">67<\/p>\n<\/td>\n<td width=\"17%\">\n<p align=\"LEFT\">Marnette<\/p>\n<\/td>\n<td width=\"22%\">\n<p align=\"CENTER\">+ 20.10.1718<br \/>\n<span style=\"font-family: inherit;\">Ex. 14.10.1718<br \/>\n<\/span><span style=\"font-family: inherit;\">(gt. 05.02.1660)<\/span><span style=\"font-family: inherit;\"><br \/>\n<\/span><\/p>\n<\/td>\n<td width=\"56%\">\n<p align=\"JUSTIFY\"><i>Jean Marnette \u2014 Die 20 [Octo]bris sacramentis eccl[esi]ae praemunitus obiit dissenteria Joannes Marnette in Germania et 14 [Octo]bris eius exequiae factae fuere; recepi 6 fbb, solvit et a[nniversarium].<\/i><\/p>\n<\/td>\n<\/tr>\n<tr valign=\"BOTTOM\">\n<td width=\"5%\" height=\"13\">\n<p align=\"CENTER\">68<\/p>\n<\/td>\n<td width=\"17%\">\n<p align=\"LEFT\">Querin<\/p>\n<\/td>\n<td width=\"22%\">\n<p align=\"CENTER\">Ex. 29.11.1718<br \/>\n<span style=\"font-family: inherit;\">(gt. 26.07.1685)<\/span><\/p>\n<\/td>\n<td width=\"56%\">\n<p align=\"JUSTIFY\"><i>Jean Mathi Querin \u2014 Die 29 [Novem]bris fecimus exequias Jo[ann]is Mathaei Querin, qui sacramentis munitus obiit in Germania; solvit exequias non a[nniversarium].<\/i><\/p>\n<\/td>\n<\/tr>\n<tr valign=\"BOTTOM\">\n<td width=\"5%\" height=\"13\">\n<p align=\"CENTER\">69<\/p>\n<\/td>\n<td width=\"17%\">\n<p align=\"LEFT\">Capalo<\/p>\n<\/td>\n<td width=\"22%\">\n<p align=\"CENTER\">Ex. 07.07.1721<\/p>\n<\/td>\n<td width=\"56%\">\n<p align=\"JUSTIFY\"><i>Jean Collas Capalo \u2014 Die 7 Julii fecimus exequias Joannis Collas Capalo, qui sacaramentis rite munitus obiit in Germania. Collas Capalo ou bien sa femme me doiuent pa\u00ffes les droits puis que \u2026 Collas et sa femme \u2026 ont requis de les faire et repondut de me pa\u00ffer le premier par lettre d&#8217;Allemagne et sa femme de bouche; solvit et a[nniversarium].<\/i><\/p>\n<\/td>\n<\/tr>\n<tr valign=\"BOTTOM\">\n<td width=\"5%\" height=\"13\">\n<p align=\"CENTER\">70<\/p>\n<\/td>\n<td width=\"17%\">\n<p align=\"LEFT\">de Rave<\/p>\n<\/td>\n<td width=\"22%\">\n<p align=\"CENTER\">+ 02.07.1724<\/p>\n<\/td>\n<td width=\"56%\">\n<p align=\"JUSTIFY\"><i>hon[ora]ble Jean de Rave \u2014 Die 2da Julii munitus eccl[es]iae sacramentis pie ut vixerat obdormivit in d[omi]no in Germania hon[ora]b]i[lis] Joannes de Rave, quondam consul de Sart et mamburnus eccl[es]iae dicti loci; die seq[en]ti eius exequiae ibid[em] factae sunt, quae iterum nihilominus hic in patria reiteratae sunt die 18va praedicti mensis. R[equiescat] in pace. Solvit non compris (\u2026) Incaepit hic J. T. Henkinet, deservit&lt;&#8230;&gt;<\/i><\/p>\n<\/td>\n<\/tr>\n<tr valign=\"BOTTOM\">\n<td width=\"5%\" height=\"13\">\n<p align=\"CENTER\">71<\/p>\n<\/td>\n<td width=\"17%\">\n<p align=\"LEFT\">Sente<\/p>\n<\/td>\n<td width=\"22%\">\n<p align=\"CENTER\">+ 05.05.1726<br \/>\n<span style=\"font-family: inherit;\">(gt. 02.11.1664)<\/span><\/p>\n<\/td>\n<td width=\"56%\">\n<p align=\"JUSTIFY\"><i>Piere Sente \u2014 Die quinta Maii 1726 obiit in Germania Petrus Sente; exequiae factae sunt; solvit 2 fls.<\/i><\/p>\n<\/td>\n<\/tr>\n<tr valign=\"BOTTOM\">\n<td width=\"5%\" height=\"13\">\n<p align=\"CENTER\">72<\/p>\n<\/td>\n<td width=\"17%\">\n<p align=\"LEFT\">Bertholet<\/p>\n<\/td>\n<td width=\"22%\">\n<p align=\"CENTER\">+ 04.07.1726<\/p>\n<\/td>\n<td width=\"56%\">\n<p align=\"JUSTIFY\"><i>Jaspar Bertholet \u2014 Die quarta Julii 1726 obiit in Germania Jasparus Bertholet.<\/i><\/p>\n<\/td>\n<\/tr>\n<tr valign=\"BOTTOM\">\n<td width=\"5%\" height=\"13\">\n<p align=\"CENTER\">73<\/p>\n<\/td>\n<td width=\"17%\">\n<p align=\"LEFT\">Herman<\/p>\n<\/td>\n<td width=\"22%\">\n<p align=\"CENTER\">+ 17.12.1727 <i>Rhor<\/i><\/p>\n<\/td>\n<td width=\"56%\">\n<p align=\"JUSTIFY\"><i>Melchior Herman \u2014 Die decima septima [Decem]bris 1727 obiit in Rhor in Germania Melchior Herman; exequiae factae s[un]t; sol[vit] f 7.<\/i><\/p>\n<\/td>\n<\/tr>\n<tr valign=\"BOTTOM\">\n<td width=\"5%\" height=\"13\">\n<p align=\"CENTER\">74<\/p>\n<\/td>\n<td width=\"17%\">\n<p align=\"LEFT\">Hansoulle<\/p>\n<\/td>\n<td width=\"22%\">\n<p align=\"CENTER\">+ 16.05.1728<\/p>\n<\/td>\n<td width=\"56%\">\n<p align=\"JUSTIFY\"><i>Jacques Hansoulle \u2014 Circiter festum Pentecostes obiit in Germania Jacobus Hansoulle, ex parochia Sartensis oriundus.<\/i><\/p>\n<\/td>\n<\/tr>\n<tr valign=\"BOTTOM\">\n<td width=\"5%\" height=\"13\">\n<p align=\"CENTER\">75<\/p>\n<\/td>\n<td width=\"17%\">\n<p align=\"LEFT\">Bertrand<\/p>\n<\/td>\n<td width=\"22%\">\n<p align=\"CENTER\">+ 29.07.1728<\/p>\n<\/td>\n<td width=\"56%\">\n<p align=\"JUSTIFY\"><i>Pierre Bertrand \u2014 29a Julii obiit in Germania Petrus Bertrand ex parochia Sartensi omnibus (ut rilatum [n]o[n]) ecclesiae sacramentis praemunitus. Die 23a Augusti exequiae factae fuere; solvit parm\u00ff trois (\u2026)<\/i><\/p>\n<\/td>\n<\/tr>\n<tr valign=\"BOTTOM\">\n<td width=\"5%\" height=\"13\">\n<p align=\"CENTER\">76<\/p>\n<\/td>\n<td width=\"17%\">\n<p align=\"LEFT\">de Pouhon<\/p>\n<\/td>\n<td width=\"22%\">\n<p align=\"CENTER\">+ um Ostern 1729<br \/>\n<span style=\"font-family: inherit;\">Ex. 09.05.1729<br \/>\n<\/span><span style=\"font-family: inherit;\">(gt. 03.02.1699)<\/span><span style=\"font-family: inherit;\"><br \/>\n<\/span><\/p>\n<\/td>\n<td width=\"56%\">\n<p align=\"JUSTIFY\"><i>Pierre Pacqua\u00ff de Pouhons \u2014 Circiter festa Paschalia obiit in Germania Petrus Pacqua\u00ff de Pouhons, juvenis, hic factae sunt exequiae nona Maii; solvit \u2026 gratiam mediantibus adhuc tribus solidis \u2026, solvit 3 \u2026<\/i><\/p>\n<\/td>\n<\/tr>\n<\/tbody>\n<\/table>\n<hr \/>\n<p><span style=\"font-size: small;\"><b>Letztes Update: 3. November 2020<\/b><\/span><br \/>\n<span style=\"font-size: small;\"><b>Ralph Jackmuth<\/b><\/span><\/p>\n","protected":false},"excerpt":{"rendered":"<p>Von Sart-lez-Spa abgewanderte und in Deutschland verstorbene Personen 1660-1729 Ortsfamilienbuch Sart-lez-Spa 1616-1732: hrsg. von Ralph Jackmuth, Cardamina Verlag Das von Pfarrer Pierre Henrard 1660 begonnene und von seinem Neffen ab 1689 bis 1723 tadellos gef\u00fchrte Sterberegister zeichnet sich gerade in Bezug der abgewanderten Personen durch einen hohen Informationsgehalt aus. Von den 76 als abgewandert genannten &hellip; <a href=\"https:\/\/www.ahnenforschung-jackmuth.de\/?page_id=2105\" class=\"more-link\"><span class=\"screen-reader-text\">\u201eAbgewanderte 1660-1729\u201c<\/span> weiterlesen<\/a><\/p>\n","protected":false},"author":1,"featured_media":0,"parent":0,"menu_order":0,"comment_status":"closed","ping_status":"closed","template":"","meta":{"footnotes":""},"class_list":["post-2105","page","type-page","status-publish","hentry"],"_links":{"self":[{"href":"https:\/\/www.ahnenforschung-jackmuth.de\/index.php?rest_route=\/wp\/v2\/pages\/2105","targetHints":{"allow":["GET"]}}],"collection":[{"href":"https:\/\/www.ahnenforschung-jackmuth.de\/index.php?rest_route=\/wp\/v2\/pages"}],"about":[{"href":"https:\/\/www.ahnenforschung-jackmuth.de\/index.php?rest_route=\/wp\/v2\/types\/page"}],"author":[{"embeddable":true,"href":"https:\/\/www.ahnenforschung-jackmuth.de\/index.php?rest_route=\/wp\/v2\/users\/1"}],"replies":[{"embeddable":true,"href":"https:\/\/www.ahnenforschung-jackmuth.de\/index.php?rest_route=%2Fwp%2Fv2%2Fcomments&post=2105"}],"version-history":[{"count":0,"href":"https:\/\/www.ahnenforschung-jackmuth.de\/index.php?rest_route=\/wp\/v2\/pages\/2105\/revisions"}],"wp:attachment":[{"href":"https:\/\/www.ahnenforschung-jackmuth.de\/index.php?rest_route=%2Fwp%2Fv2%2Fmedia&parent=2105"}],"curies":[{"name":"wp","href":"https:\/\/api.w.org\/{rel}","templated":true}]}}