{"id":1980,"date":"2017-07-25T14:41:06","date_gmt":"2017-07-25T14:41:06","guid":{"rendered":"http:\/\/www.ahnenforschung-jackmuth.de\/?page_id=1980"},"modified":"2017-07-25T14:41:06","modified_gmt":"2017-07-25T14:41:06","slug":"haus-nassau-in-der-reichsmatrikel","status":"publish","type":"page","link":"https:\/\/www.ahnenforschung-jackmuth.de\/?page_id=1980","title":{"rendered":"Haus Nassau in der Reichsmatrikel"},"content":{"rendered":"<p align=\"JUSTIFY\"><b>Das Haus Nassau in der Reichsmatrikel 1521 und den moderierten Matrikeln 1545, 1567 und 1571<\/b><\/p>\n<hr \/>\n<p align=\"JUSTIFY\">In der Abt. 171 des Hess. Hauptstaatsarchivs (Altes Dillenburger Archiv) finden sich unter der Nr. M 349 mehrere Matrikelabschriften, die f\u00fcr Nassau im folgenden zusammengestellt sind:<\/p>\n<p align=\"JUSTIFY\">&#8211; die Wormser Matrikel von 1521 und Beitr\u00e4ge zu RKG und Reichsregiment<br \/>\n&#8211; die moderierte Matrikel von 1545 in 2 Abschriften<br \/>\n&#8211; die moderierte Matrikel der Erfurter Kreisversammlung von 1567 in 2 Abschriften<br \/>\n&#8211; die moderierte Matrikel des Frankfurter Reichsdeputationstages von 1577 in 4 Abschriften<\/p>\n<hr \/>\n<p align=\"JUSTIFY\"><b>Truppenkontingente zum Reichsheer 1521<\/b><\/p>\n<table border=\"1\" width=\"100%\" cellspacing=\"0\" cellpadding=\"4\">\n<colgroup>\n<col width=\"27*\" \/>\n<col width=\"153*\" \/>\n<col width=\"38*\" \/>\n<col width=\"21*\" \/>\n<col width=\"18*\" \/> <\/colgroup>\n<tbody>\n<tr valign=\"TOP\">\n<td width=\"10%\">\n<p align=\"CENTER\"><b>Stamm<\/b><\/p>\n<\/td>\n<td width=\"60%\">\n<p align=\"LEFT\"><b>Linie<\/b><\/p>\n<\/td>\n<td width=\"15%\">\n<p align=\"CENTER\"><b>Reichskreis<\/b><\/p>\n<\/td>\n<td width=\"8%\">\n<p align=\"CENTER\"><b>zu Pferd<\/b><\/p>\n<\/td>\n<td width=\"7%\">\n<p align=\"CENTER\"><b>zu Fu\u00df<\/b><\/p>\n<\/td>\n<\/tr>\n<tr valign=\"TOP\">\n<td width=\"10%\">\n<p align=\"CENTER\">otton.<\/p>\n<\/td>\n<td width=\"60%\">\n<p align=\"JUSTIFY\">Heinrich III. von Nassau-Dillenburg\/Breda mit niederl\u00e4nd. Territorien und Johann V. (+ 1516) von Nassau-Dillenburg mit rechtsrhein. Stammlanden (<i>Der grafe von Nassaw zu Breda vnd grafe Johan seliger von Nassaw zu Vianden, Catzenelnpogen vnd Dietz<\/i>)<\/p>\n<\/td>\n<td width=\"15%\">\n<p align=\"CENTER\">niederrhein.-westf\u00e4lisch<\/p>\n<\/td>\n<td width=\"8%\">\n<p align=\"CENTER\">30<\/p>\n<\/td>\n<td width=\"7%\">\n<p align=\"CENTER\">135<\/p>\n<\/td>\n<\/tr>\n<tr valign=\"TOP\">\n<td width=\"10%\">\n<p align=\"CENTER\">walram.<\/p>\n<\/td>\n<td width=\"60%\">\n<p align=\"JUSTIFY\">Philipp I. von Nassau-Idstein-Wiesbaden (<i>Grafe Philips von Nassaw<\/i>)<\/p>\n<\/td>\n<td width=\"15%\">\n<p align=\"CENTER\">oberrheinisch<\/p>\n<\/td>\n<td width=\"8%\">\n<p align=\"CENTER\">3<\/p>\n<\/td>\n<td width=\"7%\">\n<p align=\"CENTER\">10<\/p>\n<\/td>\n<\/tr>\n<tr valign=\"TOP\">\n<td width=\"10%\">\n<p align=\"CENTER\">walram.<\/p>\n<\/td>\n<td width=\"60%\">\n<p align=\"JUSTIFY\">Ludwig I. von Nassau-Weilburg (<i>Grafe Ludwig von Nassaw<\/i>)<\/p>\n<\/td>\n<td width=\"15%\">\n<p align=\"CENTER\">oberrheinisch<\/p>\n<\/td>\n<td width=\"8%\">\n<p align=\"CENTER\">6<\/p>\n<\/td>\n<td width=\"7%\">\n<p align=\"CENTER\">30<\/p>\n<\/td>\n<\/tr>\n<tr valign=\"TOP\">\n<td width=\"10%\">\n<p align=\"CENTER\">walram.<\/p>\n<\/td>\n<td width=\"60%\">\n<p align=\"JUSTIFY\">Johann Ludwig I. von Nassau-Saarbr\u00fccken (<i>Grafe Johan Ludwig von Nassaw<\/i>)<\/p>\n<\/td>\n<td width=\"15%\">\n<p align=\"CENTER\">oberrheinisch<\/p>\n<\/td>\n<td width=\"8%\">\n<p align=\"CENTER\">2<\/p>\n<\/td>\n<td width=\"7%\">\n<p align=\"CENTER\">12<\/p>\n<\/td>\n<\/tr>\n<tr valign=\"TOP\">\n<td width=\"10%\">\n<p align=\"CENTER\">otton.<\/p>\n<\/td>\n<td width=\"60%\">\n<p align=\"JUSTIFY\">Johann III. von Nassau-Beilstein (<i>Grafe Johan von Beylstein<\/i>)<\/p>\n<\/td>\n<td width=\"15%\">\n<p align=\"CENTER\">kurrheinisch<\/p>\n<\/td>\n<td width=\"8%\">\n<p align=\"CENTER\">1<\/p>\n<\/td>\n<td width=\"7%\">\n<p align=\"CENTER\">4<\/p>\n<\/td>\n<\/tr>\n<\/tbody>\n<\/table>\n<p align=\"JUSTIFY\">Die Endsumme betr\u00e4gt nach der Abschrift 4 202 Mann zu Pferd und 22 063 Mann zu Fu\u00df. Das Haus Nassau ist daran mit 42 Reitern unter 1 % und mit 191 Fu\u00dfsoldaten ebenfalls unter 1 % beteiligt.<\/p>\n<hr \/>\n<p align=\"JUSTIFY\"><b>Beitr\u00e4ge zu RKG und Reichsregiment 1521<\/b><\/p>\n<table border=\"1\" width=\"100%\" cellspacing=\"0\" cellpadding=\"4\">\n<colgroup>\n<col width=\"27*\" \/>\n<col width=\"175*\" \/>\n<col width=\"40*\" \/>\n<col width=\"15*\" \/> <\/colgroup>\n<tbody>\n<tr valign=\"TOP\">\n<td width=\"10%\">\n<p align=\"CENTER\"><b>Stamm<\/b><\/p>\n<\/td>\n<td width=\"68%\">\n<p align=\"JUSTIFY\"><b>Linie<\/b><\/p>\n<\/td>\n<td width=\"16%\">\n<p align=\"CENTER\"><b>Reichskreis<\/b><\/p>\n<\/td>\n<td width=\"6%\">\n<p align=\"CENTER\">fl.<\/p>\n<\/td>\n<\/tr>\n<tr valign=\"TOP\">\n<td width=\"10%\">\n<p align=\"CENTER\">otton.<\/p>\n<\/td>\n<td width=\"68%\">\n<p align=\"JUSTIFY\">Heinrich III. von Nassau-Dillenburg\/Breda mit niederl\u00e4nd. Territorien und Johann V. (+ 1516) von Nassau-Dillenburg mit rechtsrhein. Stammlanden (<i>Grafe Heinrich zu Nassaw Bredae vnd grafe Wilhelm von Nassaw zu Dillenberg, bruder<\/i>)<\/p>\n<\/td>\n<td width=\"16%\">\n<p align=\"CENTER\">niederrhein.-westf\u00e4lisch \/ burgundisch<\/p>\n<\/td>\n<td width=\"6%\">\n<p align=\"RIGHT\">460<\/p>\n<\/td>\n<\/tr>\n<tr valign=\"TOP\">\n<td width=\"10%\">\n<p align=\"CENTER\">walram.<\/p>\n<\/td>\n<td width=\"68%\">\n<p align=\"JUSTIFY\">Philipp I. von Nassau-Idstein-Wiesbaden (<i>Grafe Philips Nassaw Wie\u00dfbaden<\/i>)<\/p>\n<\/td>\n<td width=\"16%\">\n<p align=\"CENTER\">oberrheinisch<\/p>\n<\/td>\n<td width=\"6%\">\n<p align=\"RIGHT\">38<\/p>\n<\/td>\n<\/tr>\n<tr valign=\"TOP\">\n<td width=\"10%\">\n<p align=\"CENTER\">walram.<\/p>\n<\/td>\n<td width=\"68%\">\n<p align=\"JUSTIFY\">Johann Ludwig I. von Nassau-Saarbr\u00fccken (<i>Grafe Johan Ludwig von Nassaw zu Sarprucken<\/i>)<\/p>\n<\/td>\n<td width=\"16%\">\n<p align=\"CENTER\">oberrheinisch<\/p>\n<\/td>\n<td width=\"6%\">\n<p align=\"RIGHT\">40<\/p>\n<\/td>\n<\/tr>\n<tr valign=\"TOP\">\n<td width=\"10%\">\n<p align=\"CENTER\">walram.<\/p>\n<\/td>\n<td width=\"68%\">\n<p align=\"JUSTIFY\">Ludwig I. von Nassau-Weilburg (<i>Grafe Ludwig von Nassaw zu Weilburg<\/i>)<\/p>\n<\/td>\n<td width=\"16%\">\n<p align=\"CENTER\">oberrheinisch<\/p>\n<\/td>\n<td width=\"6%\">\n<p align=\"RIGHT\">100<\/p>\n<\/td>\n<\/tr>\n<tr valign=\"TOP\">\n<td width=\"10%\">\n<p align=\"CENTER\">otton.<\/p>\n<\/td>\n<td width=\"68%\">\n<p align=\"JUSTIFY\">Johann III. von Nassau-Beilstein (<i>Grafe Johann von Nassaw zu Beilsteinn<\/i>)<\/p>\n<\/td>\n<td width=\"16%\">\n<p align=\"CENTER\">kurrheinisch<\/p>\n<\/td>\n<td width=\"6%\">\n<p align=\"RIGHT\">14<\/p>\n<\/td>\n<\/tr>\n<\/tbody>\n<\/table>\n<p align=\"JUSTIFY\">Nach der Endsumme von 52 245 fl. zahlen Kurf\u00fcrsten und F\u00fcrsten 22 100 fl. (42,3 %), Pr\u00e4laten, Pr\u00e4latinnen und Balleien 7 460 fl. (14,27 %), Grafen und Herren 6 640 fl. (12,71 %) und die Freien und Reichsst\u00e4dte 16 045 fl. (30,71 %). Die Summe enth\u00e4lt 3 845 fl. von (mit ihrer Zahlung) ungewissen Reichsst\u00e4nden (7,36 %) . Das Haus Nassau ist mit 652 fl. zu 9,82 % am Anteil der Grafen und Herren und zu 1,25 % an der Endsumme beteiligt.<\/p>\n<hr \/>\n<p align=\"JUSTIFY\"><b>Truppenkontingente zum Reichsheer 1545 <\/b>(Abschrift 2)<\/p>\n<table border=\"1\" width=\"100%\" cellspacing=\"0\" cellpadding=\"4\">\n<colgroup>\n<col width=\"27*\" \/>\n<col width=\"153*\" \/>\n<col width=\"38*\" \/>\n<col width=\"21*\" \/>\n<col width=\"18*\" \/> <\/colgroup>\n<tbody>\n<tr valign=\"TOP\">\n<td width=\"10%\">\n<p align=\"CENTER\"><b>Stamm<\/b><\/p>\n<\/td>\n<td width=\"60%\">\n<p align=\"LEFT\"><b>Linie<\/b><\/p>\n<\/td>\n<td width=\"15%\">\n<p align=\"CENTER\"><b>Reichskreis<\/b><\/p>\n<\/td>\n<td width=\"8%\">\n<p align=\"CENTER\"><b>zu Pferd<\/b><\/p>\n<\/td>\n<td width=\"7%\">\n<p align=\"CENTER\"><b>zu Fu\u00df<\/b><\/p>\n<\/td>\n<\/tr>\n<tr valign=\"TOP\">\n<td width=\"10%\">\n<p align=\"CENTER\">otton.<\/p>\n<\/td>\n<td width=\"60%\">\n<p align=\"JUSTIFY\">Wilhelm von Nassau-Dillenburg\/Breda, F\u00fcrst von Oranien, mit niederl\u00e4nd. Territorien und Wilhelm (der Reiche) von Nassau-Dillenburg mit rechtsrhein. Stammlanden (<i>Grauen zu Nassaw Breda vndt Dillenbergh<\/i>)<\/p>\n<\/td>\n<td width=\"15%\">\n<p align=\"CENTER\">niederrhein.-westf\u00e4lisch \/ burgundisch<\/p>\n<\/td>\n<td width=\"8%\">\n<p align=\"CENTER\">30<\/p>\n<\/td>\n<td width=\"7%\">\n<p align=\"CENTER\">135<\/p>\n<\/td>\n<\/tr>\n<tr valign=\"TOP\">\n<td width=\"10%\">\n<p align=\"CENTER\">walram.<\/p>\n<\/td>\n<td width=\"60%\">\n<p align=\"JUSTIFY\">Philipp I. von Nassau-Idstein-Wiesbaden (<i>Graff Philips von Nassaw zu Wi\u00dfbaden vndt Jtstein<\/i>)<\/p>\n<\/td>\n<td width=\"15%\">\n<p align=\"CENTER\">oberrheinisch<\/p>\n<\/td>\n<td width=\"8%\">\n<p align=\"CENTER\">2<\/p>\n<\/td>\n<td width=\"7%\">\n<p align=\"CENTER\">10<\/p>\n<\/td>\n<\/tr>\n<tr valign=\"TOP\">\n<td width=\"10%\">\n<p align=\"CENTER\">walram.<\/p>\n<\/td>\n<td width=\"60%\">\n<p align=\"JUSTIFY\">Johann Ludwig I. von Nassau-Saarbr\u00fccken (<i>Graue Johann Ludwig von Nassau zu Sarprucken<\/i>)<\/p>\n<\/td>\n<td width=\"15%\">\n<p align=\"CENTER\">oberrheinisch<\/p>\n<\/td>\n<td width=\"8%\">\n<p align=\"CENTER\">6<\/p>\n<\/td>\n<td width=\"7%\">\n<p align=\"CENTER\">30<\/p>\n<\/td>\n<\/tr>\n<tr valign=\"TOP\">\n<td width=\"10%\">\n<p align=\"CENTER\">walram.<\/p>\n<\/td>\n<td width=\"60%\">\n<p align=\"JUSTIFY\">Philipp III. von Nassau-Weilburg (<i>Graff Philips von Nassau zu Sarprucken vnd Weilburgh<\/i>)<\/p>\n<\/td>\n<td width=\"15%\">\n<p align=\"CENTER\">oberrheinisch<\/p>\n<\/td>\n<td width=\"8%\">\n<p align=\"CENTER\">6<\/p>\n<\/td>\n<td width=\"7%\">\n<p align=\"CENTER\">30<\/p>\n<\/td>\n<\/tr>\n<tr valign=\"TOP\">\n<td width=\"10%\">\n<p align=\"CENTER\">otton.<\/p>\n<\/td>\n<td width=\"60%\">\n<p align=\"JUSTIFY\">Johann III. von Nassau-Beilstein (<i>Graue Johan von Nassau vndt Beilstein<\/i>)<\/p>\n<\/td>\n<td width=\"15%\">\n<p align=\"CENTER\">kurrheinisch<\/p>\n<\/td>\n<td width=\"8%\">\n<p align=\"CENTER\">1<\/p>\n<\/td>\n<td width=\"7%\">\n<p align=\"CENTER\">2<\/p>\n<\/td>\n<\/tr>\n<\/tbody>\n<\/table>\n<hr \/>\n<p align=\"JUSTIFY\"><b>Truppenkontingente zum Reichsheer 1567 <\/b>(Abschrift 2)<a class=\"sdfootnoteanc\" href=\"#sdfootnote1sym\" name=\"sdfootnote1anc\"><sup>1<\/sup><\/a><\/p>\n<p align=\"JUSTIFY\">Die Matrikel ist hier nach Reichskreisen geordnet. Der ober- und kurrheinische Kreis werden zu einem rheinischen Kreis zusammengefasst.<\/p>\n<table border=\"1\" width=\"100%\" cellspacing=\"0\" cellpadding=\"4\">\n<colgroup>\n<col width=\"27*\" \/>\n<col width=\"144*\" \/>\n<col width=\"42*\" \/>\n<col width=\"21*\" \/>\n<col width=\"22*\" \/> <\/colgroup>\n<tbody>\n<tr valign=\"TOP\">\n<td width=\"10%\">\n<p align=\"CENTER\"><b>Stamm<\/b><\/p>\n<\/td>\n<td width=\"56%\">\n<p align=\"LEFT\"><b>Linie<\/b><\/p>\n<\/td>\n<td width=\"16%\">\n<p align=\"CENTER\"><b>Reichskreis<\/b><\/p>\n<\/td>\n<td width=\"8%\">\n<p align=\"CENTER\"><b>zu Pferd<\/b><\/p>\n<\/td>\n<td width=\"8%\">\n<p align=\"CENTER\"><b>zu Fu\u00df<\/b><\/p>\n<\/td>\n<\/tr>\n<tr valign=\"TOP\">\n<td width=\"10%\">\n<p align=\"CENTER\">otton.<\/p>\n<\/td>\n<td width=\"56%\">\n<p align=\"JUSTIFY\">Wilhelm von Nassau-Dillenburg\/Breda, F\u00fcrst von Oranien, mit niederl\u00e4nd. Territorien (<i>Na\u00dfaw Bredae<\/i>)<\/p>\n<\/td>\n<td width=\"16%\">\n<p align=\"CENTER\">burgundisch<\/p>\n<\/td>\n<td width=\"8%\">\n<p align=\"CENTER\">20<\/p>\n<\/td>\n<td width=\"8%\">\n<p align=\"CENTER\">90<\/p>\n<\/td>\n<\/tr>\n<tr valign=\"TOP\">\n<td width=\"10%\">\n<p align=\"CENTER\">otton.<\/p>\n<\/td>\n<td width=\"56%\">\n<p align=\"JUSTIFY\">Johann VI. von Nassau-Dillenburg mit rechtsrhein. Stammlanden (<i>Na\u00dfaw Dillenbergk<\/i>)<\/p>\n<\/td>\n<td width=\"16%\">\n<p align=\"CENTER\">[niederrhein.]-westf\u00e4lisch<\/p>\n<\/td>\n<td width=\"8%\">\n<p align=\"CENTER\">10<\/p>\n<\/td>\n<td width=\"8%\">\n<p align=\"CENTER\">45<\/p>\n<\/td>\n<\/tr>\n<tr valign=\"TOP\">\n<td width=\"10%\">\n<p align=\"CENTER\">walram.<br \/>\notton.<\/p>\n<\/td>\n<td width=\"56%\">\n<p align=\"JUSTIFY\">Balthasar von Nassau-Idstein-Wiesbaden zusammen mit der 1561 in Nassau-Dillenburg aufgegangenen Linie Nassau-Beilstein (<i>Na\u00dfaw Wi\u00dfbaden vnd Beylstein weilandt graue Balthasars erben, geben dieselben 2 zu ro\u00df vnd 10 zu fue\u00df, die von Dillenbergk einen zu ro\u00df vnd zwen zu fue\u00df, thutt<\/i>)<\/p>\n<\/td>\n<td width=\"16%\">\n<p align=\"CENTER\">[ober]rhein. \/<br \/>\n[kur]rhein.<\/p>\n<\/td>\n<td width=\"8%\">\n<p align=\"CENTER\">3<br \/>\n<span style=\"font-family: inherit;\">[2+1]<\/span><\/p>\n<\/td>\n<td width=\"8%\">\n<p align=\"CENTER\">12<br \/>\n<span style=\"font-family: inherit;\">[10+2]<\/span><\/p>\n<\/td>\n<\/tr>\n<tr valign=\"TOP\">\n<td width=\"10%\">\n<p align=\"CENTER\">walram.<\/p>\n<\/td>\n<td width=\"56%\">\n<p align=\"JUSTIFY\">Albrecht und Philipp IV. von Nassau-Weilburg (<i>Na\u00dfaw Weilburgk<\/i>)<\/p>\n<\/td>\n<td width=\"16%\">\n<p align=\"CENTER\">[ober]rhein.<\/p>\n<\/td>\n<td width=\"8%\">\n<p align=\"CENTER\">6<\/p>\n<\/td>\n<td width=\"8%\">\n<p align=\"CENTER\">30<\/p>\n<\/td>\n<\/tr>\n<tr valign=\"TOP\">\n<td width=\"10%\">\n<p align=\"CENTER\">walram.<\/p>\n<\/td>\n<td width=\"56%\">\n<p align=\"JUSTIFY\">Johann IV. von Nassau-Saarbr\u00fccken<\/p>\n<\/td>\n<td width=\"16%\"><\/td>\n<td width=\"8%\">\n<p align=\"CENTER\">fehlt?<\/p>\n<\/td>\n<td width=\"8%\">\n<p align=\"CENTER\">fehlt?<\/p>\n<\/td>\n<\/tr>\n<\/tbody>\n<\/table>\n<hr \/>\n<p align=\"JUSTIFY\"><b>Truppenkontingente zum Reichsheer 1577 <\/b>(Abschrift 3)<\/p>\n<table border=\"1\" width=\"100%\" cellspacing=\"0\" cellpadding=\"4\">\n<colgroup>\n<col width=\"27*\" \/>\n<col width=\"149*\" \/>\n<col width=\"37*\" \/>\n<col width=\"21*\" \/>\n<col width=\"22*\" \/> <\/colgroup>\n<tbody>\n<tr valign=\"TOP\">\n<td width=\"10%\">\n<p align=\"CENTER\"><b>Stamm<\/b><\/p>\n<\/td>\n<td width=\"58%\">\n<p align=\"LEFT\"><b>Linie<\/b><\/p>\n<\/td>\n<td width=\"15%\">\n<p align=\"CENTER\"><b>Reichskreis<\/b><\/p>\n<\/td>\n<td width=\"8%\">\n<p align=\"CENTER\"><b>zu Pferd<\/b><\/p>\n<\/td>\n<td width=\"8%\">\n<p align=\"CENTER\"><b>zu Fu\u00df<\/b><\/p>\n<\/td>\n<\/tr>\n<tr valign=\"TOP\">\n<td width=\"10%\">\n<p align=\"CENTER\">otton.<\/p>\n<\/td>\n<td width=\"58%\">\n<p align=\"JUSTIFY\">Johann VI., Ludwig und Adolf von Nassau-Dillenburg mit rechtsrhein. Stammlanden (<i>Johan, Ludwig, Adolff vnnd Heinrich von Na\u00dfaw Dillenberg<\/i>)<\/p>\n<\/td>\n<td width=\"15%\">\n<p align=\"CENTER\">oberrheinisch<\/p>\n<\/td>\n<td width=\"8%\">\n<p align=\"CENTER\">10<\/p>\n<\/td>\n<td width=\"8%\">\n<p align=\"CENTER\">45<\/p>\n<\/td>\n<\/tr>\n<tr valign=\"TOP\">\n<td width=\"10%\">\n<p align=\"CENTER\">otton.<\/p>\n<\/td>\n<td width=\"58%\">\n<p align=\"JUSTIFY\">Wilhelm von Nassau-Dillenburg\/Breda, F\u00fcrst von Oranien, mit niederl\u00e4nd. Territorien (<i>Graue zu Na\u00dfaw Bredaw<\/i>)<\/p>\n<\/td>\n<td width=\"15%\">\n<p align=\"CENTER\">burgundisch<\/p>\n<\/td>\n<td width=\"8%\">\n<p align=\"CENTER\">22<\/p>\n<\/td>\n<td width=\"8%\">\n<p align=\"CENTER\">90<\/p>\n<\/td>\n<\/tr>\n<tr valign=\"TOP\">\n<td width=\"10%\">\n<p align=\"CENTER\">walram.<\/p>\n<\/td>\n<td width=\"58%\">\n<p align=\"JUSTIFY\">Balthasar von Nassau-Idstein-Wiesbaden (<i>Graff Balthasar von Na\u00dfaw zu Wispadenn vnnd Jtzstein<\/i>)<\/p>\n<\/td>\n<td width=\"15%\">\n<p align=\"CENTER\">oberrheinisch<\/p>\n<\/td>\n<td width=\"8%\">\n<p align=\"CENTER\">2<\/p>\n<\/td>\n<td width=\"8%\">\n<p align=\"CENTER\">10<\/p>\n<\/td>\n<\/tr>\n<tr valign=\"TOP\">\n<td width=\"10%\">\n<p align=\"CENTER\">walram.<\/p>\n<\/td>\n<td width=\"58%\">\n<p align=\"JUSTIFY\">Johann IV. von Nassau-Saarbr\u00fccken (<i>Graue Johan von Na\u00dfaw zu Sarprucken<\/i>)<\/p>\n<\/td>\n<td width=\"15%\">\n<p align=\"CENTER\">oberrheinisch<\/p>\n<\/td>\n<td width=\"8%\">\n<p align=\"CENTER\">6<\/p>\n<\/td>\n<td width=\"8%\">\n<p align=\"CENTER\">30<\/p>\n<\/td>\n<\/tr>\n<tr valign=\"TOP\">\n<td width=\"10%\">\n<p align=\"CENTER\">walram.<\/p>\n<\/td>\n<td width=\"58%\">\n<p align=\"JUSTIFY\">Albrecht und Philipp IV. von Nassau-Weilburg (<i>Graff Albrecht vnnd Philips, gebr\u00fcder von Na\u00dfaw zu Weilburg<\/i>)<\/p>\n<\/td>\n<td width=\"15%\">\n<p align=\"CENTER\">oberrheinisch<\/p>\n<\/td>\n<td width=\"8%\">\n<p align=\"CENTER\">6<\/p>\n<\/td>\n<td width=\"8%\">\n<p align=\"CENTER\">30<\/p>\n<\/td>\n<\/tr>\n<tr valign=\"TOP\">\n<td width=\"10%\">\n<p align=\"CENTER\">otton.<\/p>\n<\/td>\n<td width=\"58%\">\n<p align=\"JUSTIFY\">Nassau-Beilstein 1561 an Nassau-Dillenburg (<i>Grauen zu Na\u00dfaw Dillenburg als einhaber Beilstein<\/i>)<\/p>\n<\/td>\n<td width=\"15%\">\n<p align=\"CENTER\">kurrheinisch<\/p>\n<\/td>\n<td width=\"8%\">\n<p align=\"CENTER\">\u2014<\/p>\n<\/td>\n<td width=\"8%\">\n<p align=\"CENTER\">2<\/p>\n<\/td>\n<\/tr>\n<\/tbody>\n<\/table>\n<div id=\"sdfootnote1\">\n<p class=\"sdfootnote\" align=\"JUSTIFY\"><a class=\"sdfootnotesym\" href=\"#sdfootnote1anc\" name=\"sdfootnote1sym\"><\/a><\/p>\n<hr \/>\n<p class=\"sdfootnote\" align=\"JUSTIFY\"><a class=\"sdfootnotesym\" href=\"#sdfootnote1anc\" name=\"sdfootnote1sym\">1<\/a>Titel: <i>Reichs Matricul. Wie dieselbe anno 1567 auff dem zue Erdfurt gehaltenem algemeinem krey\u00dfversamblungstag von des gothischen executions vnchosten wegen durch den abgesandten von den krey\u00dfen nach gepflogener vlei\u00dfiger berathschlagung begrieffen worden; darinnen die gewi\u00dfe vnnd vngewi\u00dfe reichsstende, wie sie bi\u00df dato contribuirt, deren contributionen auch das reich in possessione vel quasi ist angezeiget worden, wieder welche auch der keyserlich cammerprocuratorfiscal im fall der nichterlegung verm\u00f6ge berurten erdfurtischen abschiedts procediren magk. Actum et conclusum Erfordiae in consilio, 20 Septembris anno 1567.<\/i><\/p>\n<\/div>\n<hr \/>\n<p><span style=\"font-size: small;\"><b>Letztes Update: 21. Juli 2016<\/b><\/span><br \/>\n<span style=\"font-size: small;\"><b>Ralph Jackmuth<\/b><\/span><\/p>\n","protected":false},"excerpt":{"rendered":"<p>Das Haus Nassau in der Reichsmatrikel 1521 und den moderierten Matrikeln 1545, 1567 und 1571 In der Abt. 171 des Hess. Hauptstaatsarchivs (Altes Dillenburger Archiv) finden sich unter der Nr. M 349 mehrere Matrikelabschriften, die f\u00fcr Nassau im folgenden zusammengestellt sind: &#8211; die Wormser Matrikel von 1521 und Beitr\u00e4ge zu RKG und Reichsregiment &#8211; die &hellip; <a href=\"https:\/\/www.ahnenforschung-jackmuth.de\/?page_id=1980\" class=\"more-link\"><span class=\"screen-reader-text\">\u201eHaus Nassau in der Reichsmatrikel\u201c<\/span> weiterlesen<\/a><\/p>\n","protected":false},"author":1,"featured_media":0,"parent":0,"menu_order":0,"comment_status":"closed","ping_status":"closed","template":"","meta":{"footnotes":""},"class_list":["post-1980","page","type-page","status-publish","hentry"],"_links":{"self":[{"href":"https:\/\/www.ahnenforschung-jackmuth.de\/index.php?rest_route=\/wp\/v2\/pages\/1980","targetHints":{"allow":["GET"]}}],"collection":[{"href":"https:\/\/www.ahnenforschung-jackmuth.de\/index.php?rest_route=\/wp\/v2\/pages"}],"about":[{"href":"https:\/\/www.ahnenforschung-jackmuth.de\/index.php?rest_route=\/wp\/v2\/types\/page"}],"author":[{"embeddable":true,"href":"https:\/\/www.ahnenforschung-jackmuth.de\/index.php?rest_route=\/wp\/v2\/users\/1"}],"replies":[{"embeddable":true,"href":"https:\/\/www.ahnenforschung-jackmuth.de\/index.php?rest_route=%2Fwp%2Fv2%2Fcomments&post=1980"}],"version-history":[{"count":0,"href":"https:\/\/www.ahnenforschung-jackmuth.de\/index.php?rest_route=\/wp\/v2\/pages\/1980\/revisions"}],"wp:attachment":[{"href":"https:\/\/www.ahnenforschung-jackmuth.de\/index.php?rest_route=%2Fwp%2Fv2%2Fmedia&parent=1980"}],"curies":[{"name":"wp","href":"https:\/\/api.w.org\/{rel}","templated":true}]}}