{"id":11660,"date":"2024-06-08T12:50:25","date_gmt":"2024-06-08T12:50:25","guid":{"rendered":"https:\/\/www.ahnenforschung-jackmuth.de\/?page_id=11660"},"modified":"2024-06-08T13:09:34","modified_gmt":"2024-06-08T13:09:34","slug":"ofb-becheln-t-z","status":"publish","type":"page","link":"https:\/\/www.ahnenforschung-jackmuth.de\/?page_id=11660","title":{"rendered":"OFB Becheln &#8211; T-Z"},"content":{"rendered":"<p><span style=\"font-family: times new roman, times, serif; font-size: 10pt;\"><span style=\"color: #ff0000;\"><strong><u><a id=\"theis\"><\/a>Theis<\/u><\/strong><strong>, Michel: <\/strong><\/span>+ um 1656; Gerichtssch\u00f6ffe in Fr\u00fccht (Nachfolger am 09.01.1657 bestimmt)<\/span><\/p>\n<p style=\"text-align: justify;\"><span style=\"font-family: times new roman, times, serif; font-size: 10pt;\"><strong>oo <\/strong>mit<strong> Elisabeth:<\/strong> Witwe von Fr\u00fccht, ab 1658 in Becheln; nassau-diezisch leibeigen; ist nach dem EV vom 17.11.1658 40 Jahre alt (EV 1665: 54 Jahre); Schatzung: 190 fl.; + 05.11.1671 Becheln, 61 Jahre alt (bg. 06.11.)<\/span><\/p>\n<table>\n<tbody>\n<tr>\n<td style=\"text-align: center;\" width=\"30\"><span style=\"font-family: times new roman, times, serif; font-size: 10pt;\"><strong>Nr.<\/strong><\/span><\/td>\n<td width=\"138\"><span style=\"font-family: times new roman, times, serif; font-size: 10pt;\"><strong>Vorname (normiert)<\/strong><\/span><\/td>\n<td style=\"text-align: center;\" width=\"68\"><span style=\"font-family: times new roman, times, serif; font-size: 10pt;\"><strong>geboren<\/strong><\/span><\/td>\n<td style=\"text-align: center;\" width=\"77\"><span style=\"font-family: times new roman, times, serif; font-size: 10pt;\"><strong>getauft<\/strong><\/span><\/td>\n<td style=\"text-align: center;\" width=\"70\"><span style=\"font-family: times new roman, times, serif; font-size: 10pt;\"><strong>konfirmiert<\/strong><\/span><\/td>\n<td style=\"text-align: center;\" width=\"70\"><span style=\"font-family: times new roman, times, serif; font-size: 10pt;\"><strong>gestorben<\/strong><\/span><\/td>\n<td style=\"text-align: center;\" width=\"68\"><span style=\"font-family: times new roman, times, serif; font-size: 10pt;\"><strong>begraben<\/strong><\/span><\/td>\n<td style=\"text-align: center;\" width=\"38\"><span style=\"font-family: times new roman, times, serif; font-size: 10pt;\"><strong>Alter<\/strong><\/span><\/td>\n<td style=\"text-align: center;\" width=\"44\"><span style=\"font-family: times new roman, times, serif; font-size: 10pt;\"><strong>Stand<\/strong><\/span><\/td>\n<\/tr>\n<tr>\n<td style=\"text-align: center;\" width=\"30\"><span style=\"font-family: times new roman, times, serif; font-size: 10pt;\">1<\/span><\/td>\n<td width=\"138\"><span style=\"font-family: times new roman, times, serif; font-size: 10pt;\">Johannes Michel<\/span><\/td>\n<td style=\"text-align: center;\" width=\"68\"><span style=\"font-family: times new roman, times, serif; font-size: 10pt;\">ca. 1640<\/span><\/td>\n<td style=\"text-align: center;\" width=\"77\"><span style=\"font-family: times new roman, times, serif; font-size: 10pt;\"><strong>\u00a0<\/strong><\/span><\/td>\n<td style=\"text-align: center;\" width=\"70\"><span style=\"font-family: times new roman, times, serif; font-size: 10pt;\"><strong>\u00a0<\/strong><\/span><\/td>\n<td style=\"text-align: center;\" width=\"70\"><span style=\"font-family: times new roman, times, serif; font-size: 10pt;\"><strong>\u00a0<\/strong><\/span><\/td>\n<td style=\"text-align: center;\" width=\"68\"><span style=\"font-family: times new roman, times, serif; font-size: 10pt;\"><strong>\u00a0<\/strong><\/span><\/td>\n<td style=\"text-align: center;\" width=\"38\"><span style=\"font-family: times new roman, times, serif; font-size: 10pt;\"><strong>\u00a0<\/strong><\/span><\/td>\n<td style=\"text-align: center;\" width=\"44\"><\/td>\n<\/tr>\n<tr>\n<td style=\"text-align: center;\" width=\"30\"><span style=\"font-family: times new roman, times, serif; font-size: 10pt;\">2<\/span><\/td>\n<td width=\"138\"><span style=\"font-family: times new roman, times, serif; font-size: 10pt;\">Anna Maria<\/span><\/td>\n<td style=\"text-align: center;\" width=\"68\"><span style=\"font-family: times new roman, times, serif; font-size: 10pt;\">ca. 1644<\/span><\/td>\n<td style=\"text-align: center;\" width=\"77\"><span style=\"font-family: times new roman, times, serif; font-size: 10pt;\"><strong>\u00a0<\/strong><\/span><\/td>\n<td style=\"text-align: center;\" width=\"70\"><span style=\"font-family: times new roman, times, serif; font-size: 10pt;\"><strong>\u00a0<\/strong><\/span><\/td>\n<td style=\"text-align: center;\" width=\"70\"><span style=\"font-family: times new roman, times, serif; font-size: 10pt;\">22.01.1704<\/span><\/td>\n<td style=\"text-align: center;\" width=\"68\"><span style=\"font-family: times new roman, times, serif; font-size: 10pt;\">23.01.1704<\/span><\/td>\n<td style=\"text-align: center;\" width=\"38\"><span style=\"font-family: times new roman, times, serif; font-size: 10pt;\">60<\/span><\/td>\n<td style=\"text-align: center;\" width=\"44\"><span style=\"font-family: times new roman, times, serif; font-size: 10pt;\">verh.<\/span><\/td>\n<\/tr>\n<tr>\n<td style=\"text-align: center;\" width=\"30\"><span style=\"font-family: times new roman, times, serif; font-size: 10pt;\">3<\/span><\/td>\n<td width=\"138\"><span style=\"font-family: times new roman, times, serif; font-size: 10pt;\">Hans Philipp<\/span><\/td>\n<td style=\"text-align: center;\" width=\"68\"><span style=\"font-family: times new roman, times, serif; font-size: 10pt;\">ca. 1649<\/span><\/td>\n<td style=\"text-align: center;\" width=\"77\"><span style=\"font-family: times new roman, times, serif; font-size: 10pt;\"><strong>\u00a0<\/strong><\/span><\/td>\n<td style=\"text-align: center;\" width=\"70\"><span style=\"font-family: times new roman, times, serif; font-size: 10pt;\"><strong>\u00a0<\/strong><\/span><\/td>\n<td style=\"text-align: center;\" width=\"70\"><span style=\"font-family: times new roman, times, serif; font-size: 10pt;\">19.12.1690<\/span><\/td>\n<td style=\"text-align: center;\" width=\"68\"><span style=\"font-family: times new roman, times, serif; font-size: 10pt;\">20.12.1690<\/span><\/td>\n<td style=\"text-align: center;\" width=\"38\"><span style=\"font-family: times new roman, times, serif; font-size: 10pt;\">41<\/span><\/td>\n<td style=\"text-align: center;\" width=\"44\"><span style=\"font-family: times new roman, times, serif; font-size: 10pt;\">verh.<\/span><\/td>\n<\/tr>\n<tr>\n<td style=\"text-align: center;\" width=\"30\"><span style=\"font-family: times new roman, times, serif; font-size: 10pt;\">4<\/span><\/td>\n<td width=\"138\"><span style=\"font-family: times new roman, times, serif; font-size: 10pt;\">(Anna) Maria<\/span><\/td>\n<td style=\"text-align: center;\" width=\"68\"><span style=\"font-family: times new roman, times, serif; font-size: 10pt;\">ca. 1655<\/span><\/td>\n<td style=\"text-align: center;\" width=\"77\"><span style=\"font-family: times new roman, times, serif; font-size: 10pt;\"><strong>\u00a0<\/strong><\/span><\/td>\n<td style=\"text-align: center;\" width=\"70\"><span style=\"font-family: times new roman, times, serif; font-size: 10pt;\">11.04.1669<\/span><\/td>\n<td style=\"text-align: center;\" width=\"70\"><span style=\"font-family: times new roman, times, serif; font-size: 10pt;\"><strong>\u00a0<\/strong><\/span><\/td>\n<td style=\"text-align: center;\" width=\"68\"><span style=\"font-family: times new roman, times, serif; font-size: 10pt;\">15.06.1718<\/span><\/td>\n<td style=\"text-align: center;\" width=\"38\"><span style=\"font-family: times new roman, times, serif; font-size: 10pt;\">63<\/span><\/td>\n<td style=\"text-align: center;\" width=\"44\"><span style=\"font-family: times new roman, times, serif; font-size: 10pt;\">verh.<\/span><\/td>\n<\/tr>\n<\/tbody>\n<\/table>\n<p style=\"text-align: justify;\"><span style=\"font-family: times new roman, times, serif; font-size: 10pt;\"><strong>Kind Nr. 1)<\/strong> ist nach dem EV vom 17.11.1658 18 Jahre alt; fehlt in EV 1658 (2) und EV 1665<br \/>\n<\/span><span style=\"font-family: times new roman, times, serif; font-size: 10pt;\"><strong>Kind Nr. 2)<\/strong> ist nach dem EV vom 17.11.1658 14 Jahre alt (EV 1658 (2): 15 Jahre, EV 1665: 23 Jahre, Sterbeeintrag: 60 Jahre); + Becheln; oo 05.05.1668 Dachsenhausen mit Henrich Gottfried Wagner (* Hinterwald, gt. 28.04.1644 Dachsenhausen, + 24.03.1710 Becheln, an einer Brust- und Hauptkrankheit (bg. 25.03.), Kirchensenior, 66 Jahre alt; Sohn des Hans Wagner vom Hinterwald (OFB Dachsenhausen, Nr. 2660 und 2662))<br \/>\n<\/span><span style=\"font-family: times new roman, times, serif; font-size: 10pt;\"><strong>Kind Nr. 3) <\/strong>ist nach dem EV vom 17.11.1658 9 Jahre alt (EV 1658 (2): 10 Jahre, EV 1665: 18 Jahre, Sterbeeintrag: 45 Jahre); + Becheln; oo 17.02.1680 Becheln mit Anna Christina Wahl aus Becheln; Familie wohnt in Becheln<br \/>\n<\/span><span style=\"font-family: times new roman, times, serif; font-size: 10pt;\"><strong>Kind Nr. 4) <\/strong>ist nach dem EV vom 17.11.1658 3 Jahre alt (EV 1658 (2): 4 Jahre, EV 1665: 9 Jahre); + Misselberg; oo I. (prokl. 02.04., 09.04. und 18.04.1682 Becheln) mit Nikolaus Steuber aus Misselberg (bg. 08.03.1696 Dienethal); oo II. 08.03.1698 Dienethal mit Johann Henrich Epstein<\/span><\/p>\n<hr \/>\n<p><span style=\"font-family: times new roman, times, serif; font-size: 10pt;\"><span style=\"color: #ff0000;\"><strong><u>Theis<\/u><\/strong><strong>, Johann Philipp:<\/strong><\/span> + 19.12.1690 Becheln (bg. 20.12.); Eltern: Michel Theis und Elisabeth<\/span><\/p>\n<p><span style=\"font-family: times new roman, times, serif; font-size: 10pt;\"><strong>oo <\/strong><strong>17.02.1680 Becheln<\/strong> mit <strong><u>Wahl<\/u>, Anna Christina:<\/strong> * ca. 1654; + 05.02.1705 Becheln (bg. 07.02.); Tochter des Peter Wahl aus Becheln<\/span><\/p>\n<table style=\"width: 100%;\">\n<tbody>\n<tr>\n<td style=\"text-align: center; width: 5.2381%;\" width=\"21\"><span style=\"font-family: times new roman, times, serif; font-size: 10pt;\"><strong>Nr.<\/strong><\/span><\/td>\n<td style=\"width: 20.8333%;\" width=\"142\"><span style=\"font-family: times new roman, times, serif; font-size: 10pt;\"><strong>Vorname (normiert)<\/strong><\/span><\/td>\n<td style=\"text-align: center; width: 12.5%;\" width=\"78\"><span style=\"font-family: times new roman, times, serif; font-size: 10pt;\"><strong>geboren<\/strong><\/span><\/td>\n<td style=\"text-align: center; width: 12.0238%;\" width=\"74\"><span style=\"font-family: times new roman, times, serif; font-size: 10pt;\"><strong>getauft<\/strong><\/span><\/td>\n<td style=\"text-align: center; width: 12.0238%;\" width=\"74\"><span style=\"font-family: times new roman, times, serif; font-size: 10pt;\"><strong>konfirmiert<\/strong><\/span><\/td>\n<td style=\"text-align: center; width: 12.0238%;\" width=\"74\"><span style=\"font-family: times new roman, times, serif; font-size: 10pt;\"><strong>gestorben<\/strong><\/span><\/td>\n<td style=\"text-align: center; width: 10.3571%;\" width=\"62\"><span style=\"font-family: times new roman, times, serif; font-size: 10pt;\"><strong>begraben<\/strong><\/span><\/td>\n<td style=\"text-align: center; width: 7.85714%;\" width=\"43\"><span style=\"font-family: times new roman, times, serif; font-size: 10pt;\"><strong>Alter<\/strong><\/span><\/td>\n<td style=\"text-align: center; width: 7.14286%;\" width=\"38\"><span style=\"font-family: times new roman, times, serif; font-size: 10pt;\"><strong>Stand<\/strong><\/span><\/td>\n<\/tr>\n<tr>\n<td style=\"text-align: center; width: 5.2381%;\" width=\"21\"><span style=\"font-family: times new roman, times, serif; font-size: 10pt;\">1<\/span><\/td>\n<td style=\"width: 20.8333%;\" width=\"142\"><span style=\"font-family: times new roman, times, serif; font-size: 10pt;\">Johann Peter<\/span><\/td>\n<td style=\"text-align: center; width: 12.5%;\" width=\"78\"><span style=\"font-family: times new roman, times, serif; font-size: 10pt;\">13.01.1681<\/span><\/td>\n<td style=\"text-align: center; width: 12.0238%;\" width=\"74\"><span style=\"font-family: times new roman, times, serif; font-size: 10pt;\">16.01.1681<\/span><\/td>\n<td style=\"text-align: center; width: 12.0238%;\" width=\"74\"><span style=\"font-family: times new roman, times, serif; font-size: 10pt;\">08.04.1694<\/span><\/td>\n<td style=\"text-align: center; width: 12.0238%;\" width=\"74\"><span style=\"font-family: times new roman, times, serif; font-size: 10pt;\">16.03.1700<\/span><\/td>\n<td style=\"text-align: center; width: 10.3571%;\" width=\"62\"><span style=\"font-family: times new roman, times, serif; font-size: 10pt;\">17.03.1700<\/span><\/td>\n<td style=\"text-align: center; width: 7.85714%;\" width=\"43\"><span style=\"font-family: times new roman, times, serif; font-size: 10pt;\">19,18<\/span><\/td>\n<td style=\"text-align: center; width: 7.14286%;\" width=\"38\"><span style=\"font-family: times new roman, times, serif; font-size: 10pt;\">ledig<\/span><\/td>\n<\/tr>\n<tr>\n<td style=\"text-align: center; width: 5.2381%;\"><span style=\"font-family: times new roman, times, serif; font-size: 10pt;\">2<\/span><\/td>\n<td style=\"width: 20.8333%;\"><span style=\"font-family: times new roman, times, serif; font-size: 10pt;\">Anna Margaretha<\/span><\/td>\n<td style=\"text-align: center; width: 12.5%;\"><span style=\"font-family: times new roman, times, serif; font-size: 10pt;\">20.10.1682<\/span><\/td>\n<td style=\"text-align: center; width: 12.0238%;\"><span style=\"font-family: times new roman, times, serif; font-size: 10pt;\">22.10.1682<\/span><\/td>\n<td style=\"text-align: center; width: 12.0238%;\"><\/td>\n<td style=\"text-align: center; width: 12.0238%;\"><span style=\"font-family: times new roman, times, serif; font-size: 10pt;\">01.06.1684<\/span><\/td>\n<td style=\"text-align: center; width: 10.3571%;\"><\/td>\n<td style=\"text-align: center; width: 7.85714%;\"><span style=\"font-family: times new roman, times, serif; font-size: 10pt;\">1,62<\/span><\/td>\n<td style=\"text-align: center; width: 7.14286%;\"><\/td>\n<\/tr>\n<tr>\n<td style=\"text-align: center; width: 5.2381%;\"><span style=\"font-family: times new roman, times, serif; font-size: 10pt;\">3<\/span><\/td>\n<td style=\"width: 20.8333%;\"><span style=\"font-family: times new roman, times, serif; font-size: 10pt;\">Johann Andreas<\/span><\/td>\n<td style=\"text-align: center; width: 12.5%;\"><span style=\"font-family: times new roman, times, serif; font-size: 10pt;\">04.02.1685<\/span><\/td>\n<td style=\"text-align: center; width: 12.0238%;\"><span style=\"font-family: times new roman, times, serif; font-size: 10pt;\">22.02.1685<\/span><\/td>\n<td style=\"text-align: center; width: 12.0238%;\"><span style=\"font-family: times new roman, times, serif; font-size: 10pt;\">11.04.1700<\/span><\/td>\n<td style=\"text-align: center; width: 12.0238%;\"><\/td>\n<td style=\"text-align: center; width: 10.3571%;\"><\/td>\n<td style=\"text-align: center; width: 7.85714%;\"><\/td>\n<td style=\"text-align: center; width: 7.14286%;\"><\/td>\n<\/tr>\n<\/tbody>\n<\/table>\n<p style=\"text-align: justify;\"><span style=\"font-family: times new roman, times, serif; font-size: 10pt;\"><strong>Paten: zu 1) <\/strong><em>Han\u00df Enders Ba\u00dfeler; Johann Peter Freundt; undt Anna Elisabeth Wahlin <\/em>\u2014 <strong>zu 2) <\/strong><em>Nicolaus Steuber von Misselberg; Anna Maria, Michael Metzens Hau\u00dffraw; undt Anna Margreth, Peter Wahls se[lig] hinter[lassene] Tochter <\/em>\u2014 <strong>zu 3) <\/strong><em>Johann Mathias Wahl; Johann Andreas An\u00dfel; und Anna Maria, Gottfried Wageners Tochter<\/em><\/span><\/p>\n<hr \/>\n<p><span style=\"font-family: times new roman, times, serif; font-size: 10pt;\"><span style=\"color: #ff0000;\"><strong><u><a id=\"thomas\"><\/a>Thomas\/Thomae<\/u><\/strong><strong>, Johann Gottfried: <\/strong><\/span>1688-1692 Schulmeister in Marienfels, 1704 gewesener Schulmeister in Singhofen, ab 1709 in Becheln; * ca. 1654; + 21.12.1734 Becheln, 80 Jahre, 10 Monate, 1 Tag alt (bg. 23.12.); Sohn des Th\u00f6nges Thomas aus Berg (Pfarrei Marienfels)<\/span><\/p>\n<p><span style=\"font-family: times new roman, times, serif; font-size: 10pt;\"><strong>oo <\/strong><strong>22.07.1684 Becheln<\/strong> mit <strong><u>Hoffmann<\/u>, Anna Katharina:<\/strong> * ca. 1661; konf. 15.04.1677; Tochter des Hans Th\u00f6nges Hoffmann aus Becheln<\/span><\/p>\n<table>\n<tbody>\n<tr>\n<td style=\"text-align: center;\" width=\"29\"><span style=\"font-family: times new roman, times, serif; font-size: 10pt;\"><strong>Nr.<\/strong><\/span><\/td>\n<td width=\"132\"><span style=\"font-family: times new roman, times, serif; font-size: 10pt;\"><strong>Vorname (normiert)<\/strong><\/span><\/td>\n<td style=\"text-align: center;\" width=\"75\"><span style=\"font-family: times new roman, times, serif; font-size: 10pt;\"><strong>geboren<\/strong><\/span><\/td>\n<td style=\"text-align: center;\" width=\"75\"><span style=\"font-family: times new roman, times, serif; font-size: 10pt;\"><strong>getauft<\/strong><\/span><\/td>\n<td style=\"text-align: center;\" width=\"69\"><span style=\"font-family: times new roman, times, serif; font-size: 10pt;\"><strong>konfirmiert<\/strong><\/span><\/td>\n<td style=\"text-align: center;\" width=\"65\"><span style=\"font-family: times new roman, times, serif; font-size: 10pt;\"><strong>gestorben<\/strong><\/span><\/td>\n<td style=\"text-align: center;\" width=\"75\"><span style=\"font-family: times new roman, times, serif; font-size: 10pt;\"><strong>begraben<\/strong><\/span><\/td>\n<td style=\"text-align: center;\" width=\"44\"><span style=\"font-family: times new roman, times, serif; font-size: 10pt;\"><strong>Alter<\/strong><\/span><\/td>\n<td style=\"text-align: center;\" width=\"41\"><span style=\"font-family: times new roman, times, serif; font-size: 10pt;\"><strong>Stand<\/strong><\/span><\/td>\n<\/tr>\n<tr>\n<td style=\"text-align: center;\" width=\"29\"><span style=\"font-family: times new roman, times, serif; font-size: 10pt;\">1<\/span><\/td>\n<td width=\"132\"><span style=\"font-family: times new roman, times, serif; font-size: 10pt;\">Anna Christina<\/span><\/td>\n<td style=\"text-align: center;\" width=\"75\"><\/td>\n<td style=\"text-align: center;\" width=\"75\"><\/td>\n<td style=\"text-align: center;\" width=\"69\"><\/td>\n<td style=\"text-align: center;\" width=\"65\"><\/td>\n<td style=\"text-align: center;\" width=\"75\"><span style=\"font-family: times new roman, times, serif; font-size: 10pt;\">12.02.1688<\/span><\/td>\n<td style=\"text-align: center;\" width=\"44\"><\/td>\n<td style=\"text-align: center;\" width=\"41\"><\/td>\n<\/tr>\n<tr>\n<td style=\"text-align: center;\" width=\"29\"><span style=\"font-family: times new roman, times, serif; font-size: 10pt;\">2<\/span><\/td>\n<td width=\"132\"><span style=\"font-family: times new roman, times, serif; font-size: 10pt;\">Anna Christina<\/span><\/td>\n<td style=\"text-align: center;\" width=\"75\"><span style=\"font-family: times new roman, times, serif; font-size: 10pt;\">11.06.1691<\/span><\/td>\n<td style=\"text-align: center;\" width=\"75\"><span style=\"font-family: times new roman, times, serif; font-size: 10pt;\">14.06.1691<\/span><\/td>\n<td style=\"text-align: center;\" width=\"69\"><\/td>\n<td style=\"text-align: center;\" width=\"65\"><\/td>\n<td style=\"text-align: center;\" width=\"75\"><span style=\"font-family: times new roman, times, serif; font-size: 10pt;\">18.09.1691<\/span><\/td>\n<td style=\"text-align: center;\" width=\"44\"><span style=\"font-family: times new roman, times, serif; font-size: 10pt;\">0,26<\/span><\/td>\n<td style=\"text-align: center;\" width=\"41\"><\/td>\n<\/tr>\n<tr>\n<td style=\"text-align: center;\"><span style=\"font-family: times new roman, times, serif; font-size: 10pt;\">3<\/span><\/td>\n<td><span style=\"font-family: times new roman, times, serif; font-size: 10pt;\">Anna Margaretha<\/span><\/td>\n<td style=\"text-align: center;\"><span style=\"font-family: times new roman, times, serif; font-size: 10pt;\">07.10.1692<\/span><\/td>\n<td style=\"text-align: center;\"><span style=\"font-family: times new roman, times, serif; font-size: 10pt;\">16.10.1692<\/span><\/td>\n<td style=\"text-align: center;\"><\/td>\n<td style=\"text-align: center;\"><\/td>\n<td style=\"text-align: center;\"><\/td>\n<td style=\"text-align: center;\"><\/td>\n<td style=\"text-align: center;\"><\/td>\n<\/tr>\n<tr>\n<td style=\"text-align: center;\"><span style=\"font-family: times new roman, times, serif; font-size: 10pt;\">4<\/span><\/td>\n<td><span style=\"font-family: times new roman, times, serif; font-size: 10pt;\">Anna Katharina<\/span><\/td>\n<td style=\"text-align: center;\"><span style=\"font-family: times new roman, times, serif; font-size: 10pt;\">1701<\/span><\/td>\n<td style=\"text-align: center;\"><\/td>\n<td style=\"text-align: center;\"><\/td>\n<td style=\"text-align: center;\"><\/td>\n<td style=\"text-align: center;\"><span style=\"font-family: times new roman, times, serif; font-size: 10pt;\">27.09.1704<\/span><\/td>\n<td style=\"text-align: center;\"><span style=\"font-family: times new roman, times, serif; font-size: 10pt;\">3<\/span><\/td>\n<td style=\"text-align: center;\"><\/td>\n<\/tr>\n<tr>\n<td style=\"text-align: center;\"><span style=\"font-family: times new roman, times, serif; font-size: 10pt;\">5<\/span><\/td>\n<td><span style=\"font-family: times new roman, times, serif; font-size: 10pt;\">Anna Gertrud<\/span><\/td>\n<td style=\"text-align: center;\"><span style=\"font-family: times new roman, times, serif; font-size: 10pt;\">30.03.1709<\/span><\/td>\n<td style=\"text-align: center;\"><span style=\"font-family: times new roman, times, serif; font-size: 10pt;\">02.04.1709<\/span><\/td>\n<td style=\"text-align: center;\"><span style=\"font-family: times new roman, times, serif; font-size: 10pt;\">09.05.1723<\/span><\/td>\n<td style=\"text-align: center;\"><span style=\"font-family: times new roman, times, serif; font-size: 10pt;\">09.06.1758<\/span><\/td>\n<td style=\"text-align: center;\"><span style=\"font-family: times new roman, times, serif; font-size: 10pt;\">09.06.1758<\/span><\/td>\n<td style=\"text-align: center;\"><span style=\"font-family: times new roman, times, serif; font-size: 10pt;\">49,22<\/span><\/td>\n<td style=\"text-align: center;\"><span style=\"font-family: times new roman, times, serif; font-size: 10pt;\">verh.<\/span><\/td>\n<\/tr>\n<tr>\n<td style=\"text-align: center;\"><span style=\"font-family: times new roman, times, serif; font-size: 10pt;\">6<\/span><\/td>\n<td><span style=\"font-family: times new roman, times, serif; font-size: 10pt;\">Anna Kunigunda<\/span><\/td>\n<td style=\"text-align: center;\"><span style=\"font-family: times new roman, times, serif; font-size: 10pt;\">07.12.1712<\/span><\/td>\n<td style=\"text-align: center;\"><span style=\"font-family: times new roman, times, serif; font-size: 10pt;\">11.12.1712<\/span><\/td>\n<td style=\"text-align: center;\"><\/td>\n<td style=\"text-align: center;\"><span style=\"font-family: times new roman, times, serif; font-size: 10pt;\">04.02.1725<\/span><\/td>\n<td style=\"text-align: center;\"><\/td>\n<td style=\"text-align: center;\"><span style=\"font-family: times new roman, times, serif; font-size: 10pt;\">12,17<\/span><\/td>\n<td style=\"text-align: center;\"><\/td>\n<\/tr>\n<tr>\n<td style=\"text-align: center;\"><span style=\"font-family: times new roman, times, serif; font-size: 10pt;\">7<\/span><\/td>\n<td><span style=\"font-family: times new roman, times, serif; font-size: 10pt;\">Katharina Elisabeth<\/span><\/td>\n<td style=\"text-align: center;\"><span style=\"font-family: times new roman, times, serif; font-size: 10pt;\">ca. 1703<\/span><\/td>\n<td style=\"text-align: center;\"><\/td>\n<td style=\"text-align: center;\"><span style=\"font-family: times new roman, times, serif; font-size: 10pt;\">21.05.1719<\/span><\/td>\n<td style=\"text-align: center;\"><\/td>\n<td style=\"text-align: center;\"><\/td>\n<td style=\"text-align: center;\"><\/td>\n<td style=\"text-align: center;\"><span style=\"font-family: times new roman, times, serif; font-size: 10pt;\">verh.<\/span><\/td>\n<\/tr>\n<tr>\n<td style=\"text-align: center;\"><span style=\"font-family: times new roman, times, serif; font-size: 10pt;\">8<\/span><\/td>\n<td><span style=\"font-family: times new roman, times, serif; font-size: 10pt;\">Anna Maria<\/span><\/td>\n<td style=\"text-align: center;\"><span style=\"font-family: times new roman, times, serif; font-size: 10pt;\">ca. 1705<\/span><\/td>\n<td style=\"text-align: center;\"><\/td>\n<td style=\"text-align: center;\"><span style=\"font-family: times new roman, times, serif; font-size: 10pt;\">21.05.1719<\/span><\/td>\n<td style=\"text-align: center;\"><\/td>\n<td style=\"text-align: center;\"><\/td>\n<td style=\"text-align: center;\"><\/td>\n<td style=\"text-align: center;\"><span style=\"font-family: times new roman, times, serif; font-size: 10pt;\">verh.<\/span><\/td>\n<\/tr>\n<\/tbody>\n<\/table>\n<p style=\"text-align: justify;\"><span style=\"font-family: times new roman, times, serif; font-size: 10pt;\">Kind Nr. 1) + Becheln<br \/>\n<\/span><span style=\"font-family: times new roman, times, serif; font-size: 10pt;\">Kind Nr. 2) * Marienfels<br \/>\n<\/span><span style=\"font-family: times new roman, times, serif; font-size: 10pt;\">Kind Nr. 3) * Marienfels<br \/>\n<\/span><span style=\"font-family: times new roman, times, serif; font-size: 10pt;\">Kind Nr. 4) bg. Marienfels<br \/>\n<\/span><span style=\"font-family: times new roman, times, serif; font-size: 10pt;\">Kind Nr. 5) * Becheln; oo 11.09.1733 Becheln mit Johann Wendel M\u00fcller aus Rettert<br \/>\n<\/span><span style=\"font-family: times new roman, times, serif; font-size: 10pt;\">Kind Nr. 6) * Becheln<br \/>\n<\/span><span style=\"font-family: times new roman, times, serif; font-size: 10pt;\">Kind Nr. 7) war bei Konf. 16 Jahre alt; oo 09.04.1730 Becheln mit Johann Adam Gro\u00df von Holzhausen an der Haide; Familie wohnt 1731 in Becheln<br \/>\n<\/span><span style=\"font-family: times new roman, times, serif; font-size: 10pt;\">Kind Nr. 8) war bei Konf. 14 Jahre alt; oo 09.04.1730 Becheln mit Johann Wilhelm Gro\u00df von Holzhausen an der Haide; Familie wohnt in Holzhausen an der Heide<\/span><\/p>\n<p style=\"text-align: justify;\"><span style=\"font-family: times new roman, times, serif; font-size: 10pt;\"><strong>Paten: zu 2) <\/strong><em>Anna Gertrud, Michel Eubelheusers Dochter zu Marienfels; Joh: Gotfrid Metz, Michel Metzen sel: zu Becheln ehlicher Sohn; Christina Catharina, Hans D\u00f6nges Hoffmans sel: zu Becheln nachgela\u00dfene Dochter <\/em><strong><em>\u2014 <\/em><\/strong><strong>zu 3) <\/strong><em>Christina, Johannis Valeri sel: Dochter von Bechlen; Joh: Michel Aclrman; Anna Margretha, Joh: Emrich Hollerichs, Hoffmans zu Marienfels Hausfr: <\/em><strong><em>\u2014 <\/em><\/strong><strong>zu 4) <\/strong><em>Henrich Clemens, hess[ischer] Schulthei\u00df zu Singhoffen; Anna Barbara, Johannes Majen Tochter von Berg; u. Anna Gerdraut, Jost Matthias We&#8230; <\/em>[Wend]<em> Tochter von Berg <\/em><strong><em>\u2014 <\/em><\/strong><strong>zu 5) <\/strong><em>Joh. Peter G\u00f6th; Anna Elisabeth. Matth. Wahlen Fr[au]; v[nd] Anna Kunigunda, Gottfr[ied] Metzen Fr[au]<\/em><\/span><\/p>\n<hr \/>\n<p><span style=\"font-family: times new roman, times, serif; font-size: 10pt;\"><span style=\"color: #ff0000;\"><strong><u><a id=\"tilmann\"><\/a>Tilmann<\/u>, Quirin:<\/strong> <\/span>Schneidergeselle aus Osterspai<\/span><\/p>\n<p style=\"text-align: justify;\"><span style=\"font-family: times new roman, times, serif; font-size: 10pt;\"><strong>oo 21.05.1675 Osterspai<\/strong> (auf erteilten Amtskonsens) mit <strong><u>Schmidt<\/u>, Agnes:<\/strong> * ca. 1648; dient zu Osterspai; Tochter des Hans Schmidt, nassau-saarbr\u00fcckischer Schulthei\u00df zu Becheln<\/span><\/p>\n<hr \/>\n<p><span style=\"font-family: times new roman, times, serif; font-size: 10pt;\"><span style=\"color: #ff0000;\"><strong><u><a id=\"timm\"><\/a>Timm<\/u>, Anna Katharina:<\/strong> <\/span>konf. 07.04.1667; Tochter des \u201ejetzigen Schulmeisters\u201c<\/span><\/p>\n<hr \/>\n<p style=\"text-align: justify;\"><span style=\"font-family: times new roman, times, serif; font-size: 10pt;\"><span style=\"color: #ff0000;\"><strong><u><a id=\"toresch\"><\/a>Toresch<\/u><\/strong><strong>, Johann Andreas:<\/strong> <\/span>kath.; 1731-1734 wohl auf <strong>Buchenberg<\/strong>, dann Hofmann des Herrn von Adelsheim in Becheln (<em>Thores, Thore\u00df<\/em>); + 07.07.1771 Pfarrei Spie\u00df (bg. 08.07.1771 Schweighausen, im KB Becheln nur der Begr\u00e4bniseintrag); Eltern: Michael Toresch, Sch\u00f6ffe und Synodale in Miellen (+ 31.12.1742 Miellen) und Anna Margaretha geb. Tilmann (OFB Nievern, Nr. 1722)<\/span><\/p>\n<p style=\"text-align: justify;\"><span style=\"font-family: times new roman, times, serif; font-size: 10pt;\"><strong>oo 23.01.1731 Spie\u00df <\/strong>(Trauzeugen:<em> Dominicus Landsroth, Godefridus Jung et Franciscus Duffe<\/em>) mit <strong><u>Jung<\/u>, Anna Maria:<\/strong> kath.; vom Buchenberg; * 29.12.1708 (KB Oberlahnstein); + 17.04.1789 Becheln (bg. 19.04.), 81 Jahre alt; Eltern: Jakob Jung und Anna Maria geb. Landsroth<\/span><\/p>\n<table>\n<tbody>\n<tr>\n<td style=\"text-align: center;\" width=\"29\"><span style=\"font-family: times new roman, times, serif; font-size: 10pt;\"><strong>Nr.<\/strong><\/span><\/td>\n<td width=\"145\"><span style=\"font-family: times new roman, times, serif; font-size: 10pt;\"><strong>VN normiert<\/strong><\/span><\/td>\n<td style=\"text-align: center;\" width=\"66\"><span style=\"font-family: times new roman, times, serif; font-size: 10pt;\"><strong>geboren<\/strong><\/span><\/td>\n<td style=\"text-align: center;\" width=\"74\"><span style=\"font-family: times new roman, times, serif; font-size: 10pt;\"><strong>getauft<\/strong><\/span><\/td>\n<td style=\"text-align: center;\" width=\"68\"><span style=\"font-family: times new roman, times, serif; font-size: 10pt;\"><strong>gefirmt<\/strong><\/span><\/td>\n<td style=\"text-align: center;\" width=\"67\"><span style=\"font-family: times new roman, times, serif; font-size: 10pt;\"><strong>gestorben<\/strong><\/span><\/td>\n<td style=\"text-align: center;\" width=\"67\"><span style=\"font-family: times new roman, times, serif; font-size: 10pt;\"><strong>begraben<\/strong><\/span><\/td>\n<td style=\"text-align: center;\" width=\"43\"><span style=\"font-family: times new roman, times, serif; font-size: 10pt;\"><strong>Alter<\/strong><\/span><\/td>\n<td style=\"text-align: center;\" width=\"48\"><span style=\"font-family: times new roman, times, serif; font-size: 10pt;\"><strong>Stand<\/strong><\/span><\/td>\n<\/tr>\n<tr>\n<td style=\"text-align: center;\" width=\"29\"><span style=\"font-family: times new roman, times, serif; font-size: 10pt;\">1<\/span><\/td>\n<td width=\"145\"><span style=\"font-family: times new roman, times, serif; font-size: 10pt;\">Johann Jakob<\/span><\/td>\n<td style=\"text-align: center;\" width=\"66\"><span style=\"font-family: times new roman, times, serif; font-size: 10pt;\">13.05.1731<\/span><\/td>\n<td style=\"text-align: center;\" width=\"74\"><span style=\"font-family: times new roman, times, serif; font-size: 10pt;\">15.05.1731<\/span><\/td>\n<td style=\"text-align: center;\" width=\"68\"><\/td>\n<td style=\"text-align: center;\" width=\"67\"><\/td>\n<td style=\"text-align: center;\" width=\"67\"><\/td>\n<td style=\"text-align: center;\" width=\"43\"><\/td>\n<td style=\"text-align: center;\" width=\"48\"><\/td>\n<\/tr>\n<tr>\n<td style=\"text-align: center;\" width=\"29\"><span style=\"font-family: times new roman, times, serif; font-size: 10pt;\">2<\/span><\/td>\n<td width=\"145\"><span style=\"font-family: times new roman, times, serif; font-size: 10pt;\">Anna Maria<\/span><\/td>\n<td style=\"text-align: center;\" width=\"66\"><span style=\"font-family: times new roman, times, serif; font-size: 10pt;\">21.07.1732<\/span><\/td>\n<td style=\"text-align: center;\" width=\"74\"><span style=\"font-family: times new roman, times, serif; font-size: 10pt;\">25.07.1732<\/span><\/td>\n<td style=\"text-align: center;\" width=\"68\"><\/td>\n<td style=\"text-align: center;\" width=\"67\"><\/td>\n<td style=\"text-align: center;\" width=\"67\"><\/td>\n<td style=\"text-align: center;\" width=\"43\"><\/td>\n<td style=\"text-align: center;\" width=\"48\"><\/td>\n<\/tr>\n<tr>\n<td style=\"text-align: center;\" width=\"29\"><span style=\"font-family: times new roman, times, serif; font-size: 10pt;\">3<\/span><\/td>\n<td width=\"145\"><span style=\"font-family: times new roman, times, serif; font-size: 10pt;\">Maria Anna<\/span><\/td>\n<td style=\"text-align: center;\" width=\"66\"><span style=\"font-family: times new roman, times, serif; font-size: 10pt;\">24.12.1734<\/span><\/td>\n<td style=\"text-align: center;\" width=\"74\"><span style=\"font-family: times new roman, times, serif; font-size: 10pt;\">26.12.1734<\/span><\/td>\n<td style=\"text-align: center;\" width=\"68\"><\/td>\n<td style=\"text-align: center;\" width=\"67\"><\/td>\n<td style=\"text-align: center;\" width=\"67\"><\/td>\n<td style=\"text-align: center;\" width=\"43\"><\/td>\n<td style=\"text-align: center;\" width=\"48\"><\/td>\n<\/tr>\n<tr>\n<td style=\"text-align: center;\" width=\"29\"><span style=\"font-family: times new roman, times, serif; font-size: 10pt;\">4<\/span><\/td>\n<td width=\"145\"><span style=\"font-family: times new roman, times, serif; font-size: 10pt;\">Maria Katharina<\/span><\/td>\n<td style=\"text-align: center;\" width=\"66\"><span style=\"font-family: times new roman, times, serif; font-size: 10pt;\">11.09.1737<\/span><\/td>\n<td style=\"text-align: center;\" width=\"74\"><span style=\"font-family: times new roman, times, serif; font-size: 10pt;\">15.09.1737<\/span><\/td>\n<td style=\"text-align: center;\" width=\"68\"><\/td>\n<td style=\"text-align: center;\" width=\"67\"><span style=\"font-family: times new roman, times, serif; font-size: 10pt;\">11.06.1813<\/span><\/td>\n<td style=\"text-align: center;\" width=\"67\"><span style=\"font-family: times new roman, times, serif; font-size: 10pt;\">13.06.1813<\/span><\/td>\n<td style=\"text-align: center;\" width=\"43\"><span style=\"font-family: times new roman, times, serif; font-size: 10pt;\">75,79<\/span><\/td>\n<td style=\"text-align: center;\" width=\"48\"><span style=\"font-family: times new roman, times, serif; font-size: 10pt;\">verh.<\/span><\/td>\n<\/tr>\n<tr>\n<td style=\"text-align: center;\" width=\"29\"><span style=\"font-family: times new roman, times, serif; font-size: 10pt;\">5<\/span><\/td>\n<td width=\"145\"><span style=\"font-family: times new roman, times, serif; font-size: 10pt;\">Johann Andreas<\/span><\/td>\n<td style=\"text-align: center;\" width=\"66\"><span style=\"font-family: times new roman, times, serif; font-size: 10pt;\">26.05.1740<\/span><\/td>\n<td style=\"text-align: center;\" width=\"74\"><span style=\"font-family: times new roman, times, serif; font-size: 10pt;\">29.05.1740<\/span><\/td>\n<td style=\"text-align: center;\" width=\"68\"><\/td>\n<td style=\"text-align: center;\" width=\"67\"><span style=\"font-family: times new roman, times, serif; font-size: 10pt;\">18.05.1749<\/span><\/td>\n<td style=\"text-align: center;\" width=\"67\"><span style=\"font-family: times new roman, times, serif; font-size: 10pt;\">19.05.1749<\/span><\/td>\n<td style=\"text-align: center;\" width=\"43\"><span style=\"font-family: times new roman, times, serif; font-size: 10pt;\">8,98<\/span><\/td>\n<td style=\"text-align: center;\" width=\"48\"><\/td>\n<\/tr>\n<tr>\n<td style=\"text-align: center;\" width=\"29\"><span style=\"font-family: times new roman, times, serif; font-size: 10pt;\">6<\/span><\/td>\n<td width=\"145\"><span style=\"font-family: times new roman, times, serif; font-size: 10pt;\">Anna Katharina Justina<\/span><\/td>\n<td style=\"text-align: center;\" width=\"66\"><span style=\"font-family: times new roman, times, serif; font-size: 10pt;\">13.09.1742<\/span><\/td>\n<td style=\"text-align: center;\" width=\"74\"><span style=\"font-family: times new roman, times, serif; font-size: 10pt;\">16.09.1742<\/span><\/td>\n<td style=\"text-align: center;\" width=\"68\"><\/td>\n<td style=\"text-align: center;\" width=\"67\"><span style=\"font-family: times new roman, times, serif; font-size: 10pt;\">27.03.1748<\/span><\/td>\n<td style=\"text-align: center;\" width=\"67\"><span style=\"font-family: times new roman, times, serif; font-size: 10pt;\">29.03.1748<\/span><\/td>\n<td style=\"text-align: center;\" width=\"43\"><span style=\"font-family: times new roman, times, serif; font-size: 10pt;\">5,54<\/span><\/td>\n<td style=\"text-align: center;\" width=\"48\"><\/td>\n<\/tr>\n<tr>\n<td style=\"text-align: center;\" width=\"29\"><span style=\"font-family: times new roman, times, serif; font-size: 10pt;\">7<\/span><\/td>\n<td width=\"145\"><span style=\"font-family: times new roman, times, serif; font-size: 10pt;\">Johanna Maria Barbara<\/span><\/td>\n<td style=\"text-align: center;\" width=\"66\"><span style=\"font-family: times new roman, times, serif; font-size: 10pt;\">19.12.1745<\/span><\/td>\n<td style=\"text-align: center;\" width=\"74\"><span style=\"font-family: times new roman, times, serif; font-size: 10pt;\">21.12.1745<\/span><\/td>\n<td style=\"text-align: center;\" width=\"68\"><\/td>\n<td style=\"text-align: center;\" width=\"67\"><span style=\"font-family: times new roman, times, serif; font-size: 10pt;\">16.03.1748<\/span><\/td>\n<td style=\"text-align: center;\" width=\"67\"><span style=\"font-family: times new roman, times, serif; font-size: 10pt;\">17.03.1748<\/span><\/td>\n<td style=\"text-align: center;\" width=\"43\"><span style=\"font-family: times new roman, times, serif; font-size: 10pt;\">3,24<\/span><\/td>\n<td style=\"text-align: center;\" width=\"48\"><\/td>\n<\/tr>\n<tr>\n<td style=\"text-align: center;\" width=\"29\"><span style=\"font-family: times new roman, times, serif; font-size: 10pt;\">8<\/span><\/td>\n<td width=\"145\"><span style=\"font-family: times new roman, times, serif; font-size: 10pt;\">Johann Andreas<\/span><\/td>\n<td style=\"text-align: center;\" width=\"66\"><span style=\"font-family: times new roman, times, serif; font-size: 10pt;\">07.05.1749<\/span><\/td>\n<td style=\"text-align: center;\" width=\"74\"><span style=\"font-family: times new roman, times, serif; font-size: 10pt;\">09.05.1749<\/span><\/td>\n<td style=\"text-align: center;\" width=\"68\"><\/td>\n<td style=\"text-align: center;\" width=\"67\"><\/td>\n<td style=\"text-align: center;\" width=\"67\"><\/td>\n<td style=\"text-align: center;\" width=\"43\"><\/td>\n<td style=\"text-align: center;\" width=\"48\"><\/td>\n<\/tr>\n<tr>\n<td style=\"text-align: center;\" width=\"29\"><span style=\"font-family: times new roman, times, serif; font-size: 10pt;\">9<\/span><\/td>\n<td width=\"145\"><span style=\"font-family: times new roman, times, serif; font-size: 10pt;\">Anna Katharina<\/span><\/td>\n<td style=\"text-align: center;\" width=\"66\"><span style=\"font-family: times new roman, times, serif; font-size: 10pt;\">07.05.1749<\/span><\/td>\n<td style=\"text-align: center;\" width=\"74\"><span style=\"font-family: times new roman, times, serif; font-size: 10pt;\">09.05.1749<\/span><\/td>\n<td style=\"text-align: center;\" width=\"68\"><\/td>\n<td style=\"text-align: center;\" width=\"67\"><span style=\"font-family: times new roman, times, serif; font-size: 10pt;\">27.01.1750<\/span><\/td>\n<td style=\"text-align: center;\" width=\"67\"><span style=\"font-family: times new roman, times, serif; font-size: 10pt;\">29.01.1750<\/span><\/td>\n<td style=\"text-align: center;\" width=\"43\"><span style=\"font-family: times new roman, times, serif; font-size: 10pt;\">0,56<\/span><\/td>\n<td style=\"text-align: center;\" width=\"48\"><\/td>\n<\/tr>\n<\/tbody>\n<\/table>\n<p style=\"text-align: justify;\"><span style=\"font-family: times new roman, times, serif; font-size: 10pt;\">Kind Nr. 1) \u2013 4) * Pfarrei Spie\u00df<br \/>\n<\/span><span style=\"font-family: times new roman, times, serif; font-size: 10pt;\">Kind Nr. 5) \u2013 9) * Becheln<br \/>\n<\/span><span style=\"font-family: times new roman, times, serif; font-size: 10pt;\">Kind Nr. 4) oo 25.01.1757 Becheln mit Johann David Veldenz, Sohn des David Veldenz, nassau-usingischer Hofmann auf Bubenborn (Pfarrei Singhofen); Familie wohnt in Becheln<br \/>\n<\/span><span style=\"font-family: times new roman, times, serif; font-size: 10pt;\">Kind Nr. 5) + Becheln, an einer auszehrenden Krankheit<br \/>\n<\/span><span style=\"font-family: times new roman, times, serif; font-size: 10pt;\">Kind Nr. 6) + Becheln, an Pocken<br \/>\n<\/span><span style=\"font-family: times new roman, times, serif; font-size: 10pt;\">Kind Nr. 7) + Becheln, an Pocken<br \/>\n<\/span><span style=\"font-family: times new roman, times, serif; font-size: 10pt;\">Kind Nr. 9) + Becheln, am Husten<\/span><\/p>\n<p style=\"text-align: justify;\"><span style=\"font-family: times new roman, times, serif; font-size: 10pt;\"><strong>Paten:<\/strong> <strong>zu 1) <\/strong><em>Joannes Jacobus Jung et Catharina Toresch <\/em><strong><em>\u2014 <\/em><\/strong><strong>zu 2) <\/strong><em>Anna Maria Landsrothin et Jacobus Jung <\/em><strong><em>\u2014 <\/em><\/strong><strong>zu 3) <\/strong><em>Anna Maria Toresch et Godefridus Jung, adolescentes <\/em><strong><em>\u2014 <\/em><\/strong><strong>zu 4) <\/strong><em>Maria Catharina, Johann Gottfried Hoffmanns Tochter; Christina Catharina, Andreas Buchbinders nachgela\u00dfene Tochter; N. vom B\u00fcchenberger Hoff, Franz Jung <\/em>[nachtr\u00e4glich erg\u00e4nzt] <strong><em>\u2014 <\/em><\/strong><strong>zu 5) <\/strong><em>Johann Andreas Ansel, Schmidt; Johann Peter Kuntz, Henrich Kuntzen Sohn; Maria, Gottfried Jungs Hau\u00dffrau von B\u00fcchenberg <\/em><strong><em>\u2014 <\/em><\/strong><strong>zu 6) <\/strong><em>Frantz Jungmann, Jacob Jungmann, Hoffmanns auff B\u00fcchenberg Sohn; Anna Catharina, patris soror; Michael Thores, Einwohner\u00df in M\u00fchlheim [Miellen], Tochter Anna Catharina <\/em><strong><em>\u2014 <\/em><\/strong><strong>zu 7) <\/strong><em>Johann Jacob Walther von Nassau; Maria Elisabetha, Lorentz Crecelii, M\u00fcller\u00df in der Fr\u00fcchter M\u00fchl ehe[liche] Hau\u00dffrau; Anna Barbara, Johannes Oppenh\u00e4u\u00dfers Tochter <\/em><strong><em>\u2014 <\/em><\/strong><strong>zu 8) <\/strong><em>Joh: Matth: Rincker; sodann Sophia Cath. Wahlin aus Becheln; wie auch Joh: Peter Jung von B\u00fcchenberg <\/em><strong><em>\u2014 <\/em><\/strong><strong>zu 9) <\/strong><em>Joh: Buch von Kirschemborn; wie auch Anna Cath: Jungin daselbsten; \u2026 einer ander die\u00dfes Namens<\/em><\/span><\/p>\n<hr \/>\n<p style=\"text-align: justify;\"><span style=\"font-family: times new roman, times, serif; font-size: 10pt;\"><span style=\"color: #ff0000;\"><strong><u><a id=\"unger\"><\/a>Unger<\/u><\/strong><strong>, Heinrich Jakob:<\/strong> <\/span>kath.; Korb- oder Mannenmacher 1788 in Becheln, 1792 Dachsenhausen, 1796 Pfarrei Spie\u00df; aus <em>Hornhausen im Schaumburgischen<\/em> (1792)<\/span><\/p>\n<p style=\"text-align: justify;\"><span style=\"font-family: times new roman, times, serif; font-size: 10pt;\"><strong>oo 26.08.1783 Spie\u00df<\/strong> (Trauzeugen: <em>Carl Zapp, Peter Zapp, Margaretha Bornig<\/em>) mit <strong><u>Gilberg<\/u>, Maria Elisabeth:<\/strong> ledig, h\u00e4lt sich auf dem Spie\u00df auf<\/span><\/p>\n<table style=\"width: 100%;\">\n<tbody>\n<tr>\n<td style=\"text-align: center; width: 6.07143%;\" width=\"29\"><span style=\"font-family: times new roman, times, serif; font-size: 10pt;\"><strong>Nr.<\/strong><\/span><\/td>\n<td style=\"width: 21.4286%;\" width=\"145\"><span style=\"font-family: times new roman, times, serif; font-size: 10pt;\"><strong>VN normiert<\/strong><\/span><\/td>\n<td style=\"text-align: center; width: 10.9524%;\" width=\"66\"><span style=\"font-family: times new roman, times, serif; font-size: 10pt;\"><strong>geboren<\/strong><\/span><\/td>\n<td style=\"text-align: center; width: 12.0238%;\" width=\"74\"><span style=\"font-family: times new roman, times, serif; font-size: 10pt;\"><strong>getauft<\/strong><\/span><\/td>\n<td style=\"text-align: center; width: 11.1905%;\" width=\"68\"><span style=\"font-family: times new roman, times, serif; font-size: 10pt;\"><strong>gefirmt<\/strong><\/span><\/td>\n<td style=\"text-align: center; width: 11.0714%;\" width=\"67\"><span style=\"font-family: times new roman, times, serif; font-size: 10pt;\"><strong>gestorben<\/strong><\/span><\/td>\n<td style=\"text-align: center; width: 11.0714%;\" width=\"67\"><span style=\"font-family: times new roman, times, serif; font-size: 10pt;\"><strong>begraben<\/strong><\/span><\/td>\n<td style=\"text-align: center; width: 7.85714%;\" width=\"43\"><span style=\"font-family: times new roman, times, serif; font-size: 10pt;\"><strong>Alter<\/strong><\/span><\/td>\n<td style=\"text-align: center; width: 8.45238%;\" width=\"48\"><span style=\"font-family: times new roman, times, serif; font-size: 10pt;\"><strong>Stand<\/strong><\/span><\/td>\n<\/tr>\n<tr>\n<td style=\"text-align: center; width: 6.07143%;\" width=\"29\"><span style=\"font-family: times new roman, times, serif; font-size: 10pt;\">1<\/span><\/td>\n<td style=\"width: 21.4286%;\" width=\"145\"><span style=\"font-family: times new roman, times, serif; font-size: 10pt;\">Philipp Henrich<\/span><\/td>\n<td style=\"text-align: center; width: 10.9524%;\" width=\"66\"><span style=\"font-family: times new roman, times, serif; font-size: 10pt;\">23.11.1788<\/span><\/td>\n<td style=\"text-align: center; width: 12.0238%;\" width=\"74\"><span style=\"font-family: times new roman, times, serif; font-size: 10pt;\">25.11.1788<\/span><\/td>\n<td style=\"text-align: center; width: 11.1905%;\" width=\"68\"><\/td>\n<td style=\"text-align: center; width: 11.0714%;\" width=\"67\"><\/td>\n<td style=\"text-align: center; width: 11.0714%;\" width=\"67\"><\/td>\n<td style=\"text-align: center; width: 7.85714%;\" width=\"43\"><\/td>\n<td style=\"text-align: center; width: 8.45238%;\" width=\"48\"><\/td>\n<\/tr>\n<tr>\n<td style=\"text-align: center; width: 6.07143%;\" width=\"29\"><span style=\"font-family: times new roman, times, serif; font-size: 10pt;\">2<\/span><\/td>\n<td style=\"width: 21.4286%;\" width=\"145\"><span style=\"font-family: times new roman, times, serif; font-size: 10pt;\">Philipp Peter<\/span><\/td>\n<td style=\"text-align: center; width: 10.9524%;\" width=\"66\"><span style=\"font-family: times new roman, times, serif; font-size: 10pt;\">08.02.1792<\/span><\/td>\n<td style=\"text-align: center; width: 12.0238%;\" width=\"74\"><span style=\"font-family: times new roman, times, serif; font-size: 10pt;\">12.02.1792<\/span><\/td>\n<td style=\"text-align: center; width: 11.1905%;\" width=\"68\"><\/td>\n<td style=\"text-align: center; width: 11.0714%;\" width=\"67\"><\/td>\n<td style=\"text-align: center; width: 11.0714%;\" width=\"67\"><\/td>\n<td style=\"text-align: center; width: 7.85714%;\" width=\"43\"><\/td>\n<td style=\"text-align: center; width: 8.45238%;\" width=\"48\"><\/td>\n<\/tr>\n<tr>\n<td style=\"text-align: center; width: 6.07143%;\" width=\"29\"><span style=\"font-family: times new roman, times, serif; font-size: 10pt;\">3<\/span><\/td>\n<td style=\"width: 21.4286%;\" width=\"145\"><span style=\"font-family: times new roman, times, serif; font-size: 10pt;\">Anna Elisabeth<\/span><\/td>\n<td style=\"text-align: center; width: 10.9524%;\" width=\"66\"><span style=\"font-family: times new roman, times, serif; font-size: 10pt;\">10.03.1796<\/span><\/td>\n<td style=\"text-align: center; width: 12.0238%;\" width=\"74\"><span style=\"font-family: times new roman, times, serif; font-size: 10pt;\">12.03.1796<\/span><\/td>\n<td style=\"text-align: center; width: 11.1905%;\" width=\"68\"><\/td>\n<td style=\"text-align: center; width: 11.0714%;\" width=\"67\"><\/td>\n<td style=\"text-align: center; width: 11.0714%;\" width=\"67\"><\/td>\n<td style=\"text-align: center; width: 7.85714%;\" width=\"43\"><\/td>\n<td style=\"text-align: center; width: 8.45238%;\" width=\"48\"><\/td>\n<\/tr>\n<\/tbody>\n<\/table>\n<p><span style=\"font-family: times new roman, times, serif; font-size: 10pt;\">Kind Nr. 1) * Becheln<br \/>\n<\/span><span style=\"font-family: times new roman, times, serif; font-size: 10pt;\">Kind Nr. 2) * Dachsenhausen (OFB Dachsenhausen, Nr. 2635 und Dachsenhausen, KB 3, Bild 255 auf archion.de)<br \/>\n<\/span><span style=\"font-family: times new roman, times, serif; font-size: 10pt;\">Kind Nr. 3) * Pfarrei Spie\u00df<\/span><\/p>\n<p style=\"text-align: justify;\"><span style=\"font-family: times new roman, times, serif; font-size: 10pt;\"><strong>Paten:<\/strong> <strong>zu 1) <\/strong><em>1) Joh. Philip Unger, patris frater <\/em>[Korbmacher aus Cramberg; oo 29.06.1790 Dachsenhausen mit Gertrud Margaretha Klein aus Niedertiefenbach (OFB Dachsenhausen, Nr. 2634)]<em>; 2) Philip Henrich Becker aus dem Schaumburgischen, cath[olischer] Mahnenmacher; 3) Anna Elisabetha, wey[land] Gottfried Wagners Tochter aus Bechlen <\/em><strong><em>\u2014 <\/em><\/strong><strong>zu 2) <\/strong><em>1) Philip Peter Kunz, Schuhmacher alhier; 2) Philip Emmerich M\u00e4urer, Joh. Conrad M\u00e4urers ehe[lich]er Sohn; und 3) Philippina Elisabeth Zehresin, des Gerichtsmanns Joh. Emmerich Zehresen ehe[liche] Tochter <strong>\u2014 <\/strong><\/em><strong>zu 3) <\/strong><em>1) Anna Elisabetha, Johannes Hofmans eh[liche] Tochter; 2) Johannes B\u00fclow <\/em>[= Bilo]<em>, Joh. Georg B\u00fclows eh[licher] Sohn<\/em><\/span><\/p>\n<hr \/>\n<p><span style=\"font-family: times new roman, times, serif; font-size: 10pt;\"><span style=\"color: #ff0000;\"><strong><u><a id=\"valerius\"><\/a>Valerius<\/u><\/strong><strong>, Anna Christina:<\/strong> <\/span>+ 14.02.1709 Schweighausen (bg. 16.02.), 52 Jahre alt; Tochter des verst. Hans Th\u00f6nges <em>Valerii<\/em> aus Becheln<\/span><\/p>\n<p style=\"text-align: justify;\"><span style=\"font-family: times new roman, times, serif; font-size: 10pt;\"><strong>oo II. 24.01.1699 Schweighausen<\/strong> (prokl. 08.01., 15.01., 22.01.) mit <strong><u>Rinker<\/u>, Matthias: <\/strong>+ 23.02.1709 Schweighausen (bg. 25.02.), 61 Jahre alt; Eltern: Andreas Rinker und Barbara in Schweighausen (siehe OFB Schweighausen)<\/span><\/p>\n<hr \/>\n<p style=\"text-align: justify;\"><span style=\"font-family: times new roman, times, serif; font-size: 10pt;\"><span style=\"color: #ff0000;\"><strong><u><a id=\"veldenz\"><\/a>Veldenz<\/u><\/strong><strong>, Johann David:<\/strong> <\/span>kath.; Hofmann des Freiherrn vom Stein bzw. adelsheimischer Hofmann in Becheln; + 22.03.1797 Becheln; aus Bubenborn (Pfarrei Singhofen)<\/span><\/p>\n<p style=\"text-align: justify;\"><span style=\"font-family: times new roman, times, serif; font-size: 10pt;\"><strong>oo 25.01.1757 Becheln<\/strong> mit <strong><u>Toresch<\/u>, Maria Katharina:<\/strong> kath.; * 11.09.1737 Becheln (gt. 15.09.); + 11.06.1813 Becheln (bg 13.06.), nach kurzem Krankenlager; Eltern: Andreas Jung, Hofmann des Freiherrn vom Stein, und Anna Maria geb. Jung<\/span><\/p>\n<table style=\"width: 100%;\">\n<tbody>\n<tr>\n<td style=\"text-align: center; width: 5.35714%;\" width=\"22\"><span style=\"font-family: times new roman, times, serif; font-size: 10pt;\"><strong>Nr.<\/strong><\/span><\/td>\n<td style=\"width: 20.5952%;\" width=\"140\"><span style=\"font-family: times new roman, times, serif; font-size: 10pt;\"><strong>VN normiert<\/strong><\/span><\/td>\n<td style=\"width: 12.381%;\" width=\"77\"><span style=\"font-family: times new roman, times, serif; font-size: 10pt;\"><strong>geboren<\/strong><\/span><\/td>\n<td style=\"width: 11.9048%;\" width=\"73\"><span style=\"font-family: times new roman, times, serif; font-size: 10pt;\"><strong>getauft<\/strong><\/span><\/td>\n<td style=\"width: 10.2381%;\" width=\"61\"><span style=\"font-family: times new roman, times, serif; font-size: 10pt;\"><strong>gefirmt<\/strong><\/span><\/td>\n<td style=\"width: 11.9048%;\" width=\"73\"><span style=\"font-family: times new roman, times, serif; font-size: 10pt;\"><strong>gestorben<\/strong><\/span><\/td>\n<td style=\"width: 11.6667%;\" width=\"71\"><span style=\"font-family: times new roman, times, serif; font-size: 10pt;\"><strong>begraben<\/strong><\/span><\/td>\n<td style=\"width: 7.97619%;\" width=\"44\"><span style=\"font-family: times new roman, times, serif; font-size: 10pt;\"><strong>Alter<\/strong><\/span><\/td>\n<td style=\"width: 7.85714%;\" width=\"43\"><span style=\"font-family: times new roman, times, serif; font-size: 10pt;\"><strong>Stand<\/strong><\/span><\/td>\n<\/tr>\n<tr>\n<td style=\"text-align: center; width: 5.35714%;\" width=\"22\"><span style=\"font-family: times new roman, times, serif; font-size: 10pt;\">1<\/span><\/td>\n<td style=\"width: 20.5952%;\" width=\"140\"><span style=\"font-family: times new roman, times, serif; font-size: 10pt;\">Katharina Margaretha<\/span><\/td>\n<td style=\"text-align: center; width: 12.381%;\" width=\"77\"><span style=\"font-family: times new roman, times, serif; font-size: 10pt;\">1757<\/span><\/td>\n<td style=\"text-align: center; width: 11.9048%;\" width=\"73\"><\/td>\n<td style=\"text-align: center; width: 10.2381%;\" width=\"61\"><\/td>\n<td style=\"text-align: center; width: 11.9048%;\" width=\"73\"><span style=\"font-family: times new roman, times, serif; font-size: 10pt;\">25.06.1760<\/span><\/td>\n<td style=\"text-align: center; width: 11.6667%;\" width=\"71\"><span style=\"font-family: times new roman, times, serif; font-size: 10pt;\">27.06.1760<\/span><\/td>\n<td style=\"text-align: center; width: 7.97619%;\" width=\"44\"><\/td>\n<td style=\"text-align: center; width: 7.85714%;\" width=\"43\"><\/td>\n<\/tr>\n<tr>\n<td style=\"text-align: center; width: 5.35714%;\" width=\"22\"><span style=\"font-family: times new roman, times, serif; font-size: 10pt;\">2<\/span><\/td>\n<td style=\"width: 20.5952%;\" width=\"140\"><span style=\"font-family: times new roman, times, serif; font-size: 10pt;\">Anna Katharina<\/span><\/td>\n<td style=\"text-align: center; width: 12.381%;\" width=\"77\"><span style=\"font-family: times new roman, times, serif; font-size: 10pt;\">07.01.1760<\/span><\/td>\n<td style=\"text-align: center; width: 11.9048%;\" width=\"73\"><span style=\"font-family: times new roman, times, serif; font-size: 10pt;\">09.01.1760<\/span><\/td>\n<td style=\"text-align: center; width: 10.2381%;\" width=\"61\"><\/td>\n<td style=\"text-align: center; width: 11.9048%;\" width=\"73\"><span style=\"font-family: times new roman, times, serif; font-size: 10pt;\">12.09.1820<\/span><\/td>\n<td style=\"text-align: center; width: 11.6667%;\" width=\"71\"><span style=\"font-family: times new roman, times, serif; font-size: 10pt;\">14.09.1820<\/span><\/td>\n<td style=\"text-align: center; width: 7.97619%;\" width=\"44\"><span style=\"font-family: times new roman, times, serif; font-size: 10pt;\">60,72<\/span><\/td>\n<td style=\"text-align: center; width: 7.85714%;\" width=\"43\"><span style=\"font-family: times new roman, times, serif; font-size: 10pt;\">ledig<\/span><\/td>\n<\/tr>\n<tr>\n<td style=\"text-align: center; width: 5.35714%;\"><span style=\"font-family: times new roman, times, serif; font-size: 10pt;\">3<\/span><\/td>\n<td style=\"width: 20.5952%;\"><span style=\"font-family: times new roman, times, serif; font-size: 10pt;\">Johann Peter<\/span><\/td>\n<td style=\"text-align: center; width: 12.381%;\"><\/td>\n<td style=\"text-align: center; width: 11.9048%;\"><span style=\"font-family: times new roman, times, serif; font-size: 10pt;\">09.05.1762<\/span><\/td>\n<td style=\"text-align: center; width: 10.2381%;\"><\/td>\n<td style=\"text-align: center; width: 11.9048%;\"><\/td>\n<td style=\"text-align: center; width: 11.6667%;\"><\/td>\n<td style=\"text-align: center; width: 7.97619%;\"><\/td>\n<td style=\"text-align: center; width: 7.85714%;\"><\/td>\n<\/tr>\n<tr>\n<td style=\"text-align: center; width: 5.35714%;\"><span style=\"font-family: times new roman, times, serif; font-size: 10pt;\">4<\/span><\/td>\n<td style=\"width: 20.5952%;\"><span style=\"font-family: times new roman, times, serif; font-size: 10pt;\">Johann Michael<\/span><\/td>\n<td style=\"text-align: center; width: 12.381%;\"><span style=\"font-family: times new roman, times, serif; font-size: 10pt;\">28.04.1764<\/span><\/td>\n<td style=\"text-align: center; width: 11.9048%;\"><\/td>\n<td style=\"text-align: center; width: 10.2381%;\"><\/td>\n<td style=\"text-align: center; width: 11.9048%;\"><span style=\"font-family: times new roman, times, serif; font-size: 10pt;\">06.02.1818<\/span><\/td>\n<td style=\"text-align: center; width: 11.6667%;\"><span style=\"font-family: times new roman, times, serif; font-size: 10pt;\">08.02.1818<\/span><\/td>\n<td style=\"text-align: center; width: 7.97619%;\"><span style=\"font-family: times new roman, times, serif; font-size: 10pt;\">53,81<\/span><\/td>\n<td style=\"text-align: center; width: 7.85714%;\"><span style=\"font-family: times new roman, times, serif; font-size: 10pt;\">verh.<\/span><\/td>\n<\/tr>\n<tr>\n<td style=\"text-align: center; width: 5.35714%;\"><span style=\"font-family: times new roman, times, serif; font-size: 10pt;\">5<\/span><\/td>\n<td style=\"width: 20.5952%;\"><span style=\"font-family: times new roman, times, serif; font-size: 10pt;\">Anna Maria<\/span><\/td>\n<td style=\"text-align: center; width: 12.381%;\"><span style=\"font-family: times new roman, times, serif; font-size: 10pt;\">28.02.1766<\/span><\/td>\n<td style=\"text-align: center; width: 11.9048%;\"><\/td>\n<td style=\"text-align: center; width: 10.2381%;\"><\/td>\n<td style=\"text-align: center; width: 11.9048%;\"><span style=\"font-family: times new roman, times, serif; font-size: 10pt;\">07.05.1766<\/span><\/td>\n<td style=\"text-align: center; width: 11.6667%;\"><span style=\"font-family: times new roman, times, serif; font-size: 10pt;\">08.05.1766<\/span><\/td>\n<td style=\"text-align: center; width: 7.97619%;\"><span style=\"font-family: times new roman, times, serif; font-size: 10pt;\">0,19<\/span><\/td>\n<td style=\"text-align: center; width: 7.85714%;\"><\/td>\n<\/tr>\n<tr>\n<td style=\"text-align: center; width: 5.35714%;\"><span style=\"font-family: times new roman, times, serif; font-size: 10pt;\">6<\/span><\/td>\n<td style=\"width: 20.5952%;\"><span style=\"font-family: times new roman, times, serif; font-size: 10pt;\">Johann David<\/span><\/td>\n<td style=\"text-align: center; width: 12.381%;\"><span style=\"font-family: times new roman, times, serif; font-size: 10pt;\">07.01.1768<\/span><\/td>\n<td style=\"text-align: center; width: 11.9048%;\"><\/td>\n<td style=\"text-align: center; width: 10.2381%;\"><\/td>\n<td style=\"text-align: center; width: 11.9048%;\"><\/td>\n<td style=\"text-align: center; width: 11.6667%;\"><\/td>\n<td style=\"text-align: center; width: 7.97619%;\"><\/td>\n<td style=\"text-align: center; width: 7.85714%;\"><\/td>\n<\/tr>\n<tr>\n<td style=\"text-align: center; width: 5.35714%;\"><span style=\"font-family: times new roman, times, serif; font-size: 10pt;\">7<\/span><\/td>\n<td style=\"width: 20.5952%;\"><span style=\"font-family: times new roman, times, serif; font-size: 10pt;\">Johann Andreas<\/span><\/td>\n<td style=\"text-align: center; width: 12.381%;\"><span style=\"font-family: times new roman, times, serif; font-size: 10pt;\">25.01.1770<\/span><\/td>\n<td style=\"text-align: center; width: 11.9048%;\"><\/td>\n<td style=\"text-align: center; width: 10.2381%;\"><\/td>\n<td style=\"text-align: center; width: 11.9048%;\"><\/td>\n<td style=\"text-align: center; width: 11.6667%;\"><\/td>\n<td style=\"text-align: center; width: 7.97619%;\"><\/td>\n<td style=\"text-align: center; width: 7.85714%;\"><\/td>\n<\/tr>\n<tr>\n<td style=\"text-align: center; width: 5.35714%;\"><span style=\"font-family: times new roman, times, serif; font-size: 10pt;\">8<\/span><\/td>\n<td style=\"width: 20.5952%;\"><span style=\"font-family: times new roman, times, serif; font-size: 10pt;\">Louisa Sibylla<\/span><\/td>\n<td style=\"text-align: center; width: 12.381%;\"><span style=\"font-family: times new roman, times, serif; font-size: 10pt;\">22.03.1772<\/span><\/td>\n<td style=\"text-align: center; width: 11.9048%;\"><span style=\"font-family: times new roman, times, serif; font-size: 10pt;\">25.03.1772<\/span><\/td>\n<td style=\"text-align: center; width: 10.2381%;\"><\/td>\n<td style=\"text-align: center; width: 11.9048%;\"><span style=\"font-family: times new roman, times, serif; font-size: 10pt;\">31.01.1777<\/span><\/td>\n<td style=\"text-align: center; width: 11.6667%;\"><span style=\"font-family: times new roman, times, serif; font-size: 10pt;\">02.02.1777<\/span><\/td>\n<td style=\"text-align: center; width: 7.97619%;\"><span style=\"font-family: times new roman, times, serif; font-size: 10pt;\">4,87<\/span><\/td>\n<td style=\"text-align: center; width: 7.85714%;\"><\/td>\n<\/tr>\n<tr>\n<td style=\"text-align: center; width: 5.35714%;\"><span style=\"font-family: times new roman, times, serif; font-size: 10pt;\">9<\/span><\/td>\n<td style=\"width: 20.5952%;\"><span style=\"font-family: times new roman, times, serif; font-size: 10pt;\">Philipp Daniel<\/span><\/td>\n<td style=\"text-align: center; width: 12.381%;\"><span style=\"font-family: times new roman, times, serif; font-size: 10pt;\">15.07.1774<\/span><\/td>\n<td style=\"text-align: center; width: 11.9048%;\"><span style=\"font-family: times new roman, times, serif; font-size: 10pt;\">18.07.1774<\/span><\/td>\n<td style=\"text-align: center; width: 10.2381%;\"><\/td>\n<td style=\"text-align: center; width: 11.9048%;\"><\/td>\n<td style=\"text-align: center; width: 11.6667%;\"><\/td>\n<td style=\"text-align: center; width: 7.97619%;\"><\/td>\n<td style=\"text-align: center; width: 7.85714%;\"><\/td>\n<\/tr>\n<tr>\n<td style=\"text-align: center; width: 5.35714%;\"><span style=\"font-family: times new roman, times, serif; font-size: 10pt;\">10<\/span><\/td>\n<td style=\"width: 20.5952%;\"><span style=\"font-family: times new roman, times, serif; font-size: 10pt;\">Maria Eva<\/span><\/td>\n<td style=\"text-align: center; width: 12.381%;\"><span style=\"font-family: times new roman, times, serif; font-size: 10pt;\">21.11.1776<\/span><\/td>\n<td style=\"text-align: center; width: 11.9048%;\"><span style=\"font-family: times new roman, times, serif; font-size: 10pt;\">24.11.1776<\/span><\/td>\n<td style=\"text-align: center; width: 10.2381%;\"><\/td>\n<td style=\"text-align: center; width: 11.9048%;\"><span style=\"font-family: times new roman, times, serif; font-size: 10pt;\">27.01.1777<\/span><\/td>\n<td style=\"text-align: center; width: 11.6667%;\"><span style=\"font-family: times new roman, times, serif; font-size: 10pt;\">28.01.1777<\/span><\/td>\n<td style=\"text-align: center; width: 7.97619%;\"><span style=\"font-family: times new roman, times, serif; font-size: 10pt;\">0,18<\/span><\/td>\n<td style=\"text-align: center; width: 7.85714%;\"><\/td>\n<\/tr>\n<tr>\n<td style=\"text-align: center; width: 5.35714%;\"><span style=\"font-family: times new roman, times, serif; font-size: 10pt;\">11<\/span><\/td>\n<td style=\"width: 20.5952%;\"><span style=\"font-family: times new roman, times, serif; font-size: 10pt;\">Anna Maria Katharina<\/span><\/td>\n<td style=\"text-align: center; width: 12.381%;\"><span style=\"font-family: times new roman, times, serif; font-size: 10pt;\">27.06.1780<\/span><\/td>\n<td style=\"text-align: center; width: 11.9048%;\"><span style=\"font-family: times new roman, times, serif; font-size: 10pt;\">29.06.1780<\/span><\/td>\n<td style=\"text-align: center; width: 10.2381%;\"><\/td>\n<td style=\"text-align: center; width: 11.9048%;\"><span style=\"font-family: times new roman, times, serif; font-size: 10pt;\">06.05.1786<\/span><\/td>\n<td style=\"text-align: center; width: 11.6667%;\"><span style=\"font-family: times new roman, times, serif; font-size: 10pt;\">08.05.1786<\/span><\/td>\n<td style=\"text-align: center; width: 7.97619%;\"><span style=\"font-family: times new roman, times, serif; font-size: 10pt;\">5,86<\/span><\/td>\n<td style=\"text-align: center; width: 7.85714%;\"><\/td>\n<\/tr>\n<tr>\n<td style=\"text-align: center; width: 5.35714%;\"><span style=\"font-family: times new roman, times, serif; font-size: 10pt;\">12<\/span><\/td>\n<td style=\"width: 20.5952%;\"><span style=\"font-family: times new roman, times, serif; font-size: 10pt;\">Johann Friedrich<\/span><\/td>\n<td style=\"text-align: center; width: 12.381%;\"><\/td>\n<td style=\"text-align: center; width: 11.9048%;\"><\/td>\n<td style=\"text-align: center; width: 10.2381%;\"><\/td>\n<td style=\"text-align: center; width: 11.9048%;\"><\/td>\n<td style=\"text-align: center; width: 11.6667%;\"><span style=\"font-family: times new roman, times, serif; font-size: 10pt;\">24.05.1771<\/span><\/td>\n<td style=\"text-align: center; width: 7.97619%;\"><\/td>\n<td style=\"text-align: center; width: 7.85714%;\"><\/td>\n<\/tr>\n<\/tbody>\n<\/table>\n<p><span style=\"font-family: times new roman, times, serif; font-size: 10pt;\">Kind Nr. 4) oo 24.05.1807 Becheln mit Anna Katharina Schmidt aus Becheln<br \/>\n<\/span><span style=\"font-family: times new roman, times, serif; font-size: 10pt;\">Kind Nr. 1), 8), 10), 11) + an Pocken<br \/>\n<\/span><span style=\"font-family: times new roman, times, serif; font-size: 10pt;\">Kind Nr. 1 und 12) * nicht in Becheln<\/span><\/p>\n<p style=\"text-align: justify;\"><span style=\"font-family: times new roman, times, serif; font-size: 10pt;\"><strong>Paten:<\/strong> <strong>zu 2) <\/strong><em>Johannes Veldentz von D\u00fcrstheck; und Anna Catharina Jungin aus Zollgrund; wie auch Anna Maria Dau\u00dfenauerin von Oberlohnstein, matris soror <\/em><strong><em>\u2014 <\/em><\/strong><strong>zu 3) <\/strong><em>Johan Peter Veldentz von Bubenborn; u. Johann Wilhelm Minor von Berg Na\u00dfau; u. Anna Maria Thore\u00dfin von Becheln <\/em><strong><em>\u2014 <\/em><\/strong><strong>zu 4) <\/strong><em>1) Michael Veldentz von Niederlohnstein; 2) Mich[ael] vom Forsthoff; 3) Georg Ph[ilipp] Rinckers Tochter Maria Catharina von Becheln <\/em><strong><em>\u2014 <\/em><\/strong><strong>zu 5) <\/strong><em>1) Anna Maria Kuntzin, Kuntzen Tochter von Becheln; 2) Catharina Neuhardtin von Becheln; Andreas Thores <\/em><strong><em>\u2014 <\/em><\/strong><strong>zu 6) <\/strong><em>1) Joh. Christ. Crecelius aus einer Fr\u00fcchter M\u00fchl; 2) Gottfr. Kuntz von Becheln; 3) Maria Elis. Veldentzin von Bubenborn <\/em><strong><em>\u2014 <\/em><\/strong><strong>zu 7) <\/strong><em>1) Andreas Thores; 2) Joh. Friederich G\u00f6th; 3) Catharina Neuhardin <\/em><strong><em>\u2014 <\/em><\/strong><strong>zu 8) <\/strong><em>1) H[err] Ludwig Peter G\u00fcmbel, OberSchulthei\u00df zu Na\u00dfau; 2) Fr[au] Louise Sybille, des hochadelich von adelsheimischen Verwalters Ohlehaus zu Na\u00dfau Eheliebste <\/em><strong><em>\u2014 <\/em><\/strong><strong>zu 9) <\/strong><em>1) Johann Daniel Kaiser von der D\u00f6rstheck; 2) Philipp Neuhard von Bechlen; 3) Maria Catharina Doresin von Fachbach <\/em><strong><em>\u2014 <\/em><\/strong><strong>zu 10) <\/strong><em>1) Henrich Zimmermann von Buchholtz, pap.; Maria Catharina Bla\u00dfin aus der Braubacher M\u00fchl; 3) Anna Eva Veldentzin von D\u00f6rstheck, pap. <\/em><strong><em>\u2014 <\/em><\/strong><strong>zu 11) <\/strong><em>1) Anna Maria Veldenzin von Bubenborn; 2) Maria Catharina Kautin von Lahnstein; 3) Johan Michael Kunz aus Bechlen<\/em><\/span><\/p>\n<hr \/>\n<p style=\"text-align: justify;\"><span style=\"font-family: times new roman, times, serif; font-size: 10pt;\"><span style=\"color: #ff0000;\"><strong><u>Veldenz<\/u><\/strong><strong>, Johann Michael:<\/strong> <\/span>kath.; Schuhmacher; * 28.04.1764 Becheln; + 06.02.1818 Becheln (bg. 08.02.); Eltern: Johann David Veldenz und Maria Katharina geb. Toresch; Bem. im Sterbeeintrag: <em>Er diente in j\u00fcngern Jahren unter den Holl\u00e4ndern, wurde bey einer Heerschau durch Unvorsichtigkeit seines Nebenmannes gef\u00e4hrlich in die Brust verwundet, mu\u00dfte den Dienst verlassen, und, nachdem er das Schuhmacherhandwerk erlernet hatt, verehelichte er sich 1807 mit Anna Katharina Schmidt von Becheln. Drey Kinder starben vor ihm und er hinterlie\u00df nur die Wittwe.<\/em><\/span><\/p>\n<p style=\"text-align: justify;\"><span style=\"font-family: times new roman, times, serif; font-size: 10pt;\"><strong>oo 24.05.1807 Becheln<\/strong> mit <strong><u>Schmidt<\/u>, Anna Katharina:<\/strong> ev.-lutherisch; 02.12.1776 Becheln (gt. 04.12.); + 25.02.1831 Becheln (bg. 27.02.); Eltern: Philipp Peter Schmidt und Elisabeth Margaretha geb. Eckhard<\/span><\/p>\n<table style=\"width: 100%;\">\n<tbody>\n<tr>\n<td style=\"text-align: center; width: 5.11905%;\" width=\"22\"><span style=\"font-family: times new roman, times, serif; font-size: 10pt;\"><strong>Nr.<\/strong><\/span><\/td>\n<td style=\"width: 20.5952%;\" width=\"140\"><span style=\"font-family: times new roman, times, serif; font-size: 10pt;\"><strong>Vorname (normiert)<\/strong><\/span><\/td>\n<td style=\"text-align: center; width: 12.5%;\" width=\"78\"><span style=\"font-family: times new roman, times, serif; font-size: 10pt;\"><strong>geboren<\/strong><\/span><\/td>\n<td style=\"text-align: center; width: 11.9048%;\" width=\"74\"><span style=\"font-family: times new roman, times, serif; font-size: 10pt;\"><strong>getauft<\/strong><\/span><\/td>\n<td style=\"text-align: center; width: 11.1905%;\" width=\"69\"><span style=\"font-family: times new roman, times, serif; font-size: 10pt;\"><strong>konfirmiert<\/strong><\/span><\/td>\n<td style=\"text-align: center; width: 11.9048%;\" width=\"74\"><span style=\"font-family: times new roman, times, serif; font-size: 10pt;\"><strong>gestorben<\/strong><\/span><\/td>\n<td style=\"text-align: center; width: 11.5476%;\" width=\"71\"><span style=\"font-family: times new roman, times, serif; font-size: 10pt;\"><strong>begraben<\/strong><\/span><\/td>\n<td style=\"text-align: center; width: 7.85714%;\" width=\"44\"><span style=\"font-family: times new roman, times, serif; font-size: 10pt;\"><strong>Alter<\/strong><\/span><\/td>\n<td style=\"text-align: center; width: 7.26191%;\" width=\"39\"><span style=\"font-family: times new roman, times, serif; font-size: 10pt;\"><strong>Stand<\/strong><\/span><\/td>\n<\/tr>\n<tr>\n<td style=\"text-align: center; width: 5.11905%;\" width=\"22\"><span style=\"font-family: times new roman, times, serif; font-size: 10pt;\">1<\/span><\/td>\n<td style=\"width: 20.5952%;\" width=\"140\"><span style=\"font-family: times new roman, times, serif; font-size: 10pt;\">Johann Philipp<\/span><\/td>\n<td style=\"text-align: center; width: 12.5%;\" width=\"78\"><span style=\"font-family: times new roman, times, serif; font-size: 10pt;\">03.03.1808<\/span><\/td>\n<td style=\"text-align: center; width: 11.9048%;\" width=\"74\"><span style=\"font-family: times new roman, times, serif; font-size: 10pt;\">03.03.1808<\/span><\/td>\n<td style=\"text-align: center; width: 11.1905%;\" width=\"69\"><\/td>\n<td style=\"text-align: center; width: 11.9048%;\" width=\"74\"><span style=\"font-family: times new roman, times, serif; font-size: 10pt;\">02.09.1809<\/span><\/td>\n<td style=\"text-align: center; width: 11.5476%;\" width=\"71\"><span style=\"font-family: times new roman, times, serif; font-size: 10pt;\">04.09.1809<\/span><\/td>\n<td style=\"text-align: center; width: 7.85714%;\" width=\"44\"><span style=\"font-family: times new roman, times, serif; font-size: 10pt;\">1,50<\/span><\/td>\n<td style=\"text-align: center; width: 7.26191%;\" width=\"39\"><\/td>\n<\/tr>\n<tr>\n<td style=\"text-align: center; width: 5.11905%;\"><span style=\"font-family: times new roman, times, serif; font-size: 10pt;\">2<\/span><\/td>\n<td style=\"width: 20.5952%;\"><span style=\"font-family: times new roman, times, serif; font-size: 10pt;\">Johann Philipp<\/span><\/td>\n<td style=\"text-align: center; width: 12.5%;\"><span style=\"font-family: times new roman, times, serif; font-size: 10pt;\">17.05.1812<\/span><\/td>\n<td style=\"text-align: center; width: 11.9048%;\"><span style=\"font-family: times new roman, times, serif; font-size: 10pt;\">24.05.1812<\/span><\/td>\n<td style=\"text-align: center; width: 11.1905%;\"><\/td>\n<td style=\"text-align: center; width: 11.9048%;\"><span style=\"font-family: times new roman, times, serif; font-size: 10pt;\">18.02.1813<\/span><\/td>\n<td style=\"text-align: center; width: 11.5476%;\"><span style=\"font-family: times new roman, times, serif; font-size: 10pt;\">20.02.1813<\/span><\/td>\n<td style=\"text-align: center; width: 7.85714%;\"><span style=\"font-family: times new roman, times, serif; font-size: 10pt;\">0,76<\/span><\/td>\n<td style=\"text-align: center; width: 7.26191%;\"><\/td>\n<\/tr>\n<tr>\n<td style=\"text-align: center; width: 5.11905%;\"><span style=\"font-family: times new roman, times, serif; font-size: 10pt;\">3<\/span><\/td>\n<td style=\"width: 20.5952%;\"><span style=\"font-family: times new roman, times, serif; font-size: 10pt;\">Johann Jakob<\/span><\/td>\n<td style=\"text-align: center; width: 12.5%;\"><span style=\"font-family: times new roman, times, serif; font-size: 10pt;\">14.11.1814<\/span><\/td>\n<td style=\"text-align: center; width: 11.9048%;\"><span style=\"font-family: times new roman, times, serif; font-size: 10pt;\">20.11.1814<\/span><\/td>\n<td style=\"text-align: center; width: 11.1905%;\"><\/td>\n<td style=\"text-align: center; width: 11.9048%;\"><span style=\"font-family: times new roman, times, serif; font-size: 10pt;\">23.05.1817<\/span><\/td>\n<td style=\"text-align: center; width: 11.5476%;\"><span style=\"font-family: times new roman, times, serif; font-size: 10pt;\">25.05.1817<\/span><\/td>\n<td style=\"text-align: center; width: 7.85714%;\"><span style=\"font-family: times new roman, times, serif; font-size: 10pt;\">2,52<\/span><\/td>\n<td style=\"text-align: center; width: 7.26191%;\"><\/td>\n<\/tr>\n<\/tbody>\n<\/table>\n<p><span style=\"font-family: times new roman, times, serif; font-size: 10pt;\">Kind Nr. 2) + an einer Brustkrankheit<br \/>\n<\/span><span style=\"font-family: times new roman, times, serif; font-size: 10pt;\">Kind Nr. 3) + an Auszehrung<\/span><\/p>\n<p style=\"text-align: justify;\"><span style=\"font-family: times new roman, times, serif; font-size: 10pt;\"><strong>Paten:<\/strong> <strong>zu 2) <\/strong><em>Joh[ann] Philipp Veldenz und Elisabetha, des Joh. Philipp Wahls hinterlassene Witwe <\/em><strong><em>\u2014 <\/em><\/strong><strong>zu 1) <\/strong><em>1) Johann Phlp Schmidt; 2) Joh. Phlp. Ansel; 3) Anna Maria Wagnerin; s\u00e4mmtlich von Bechlen <\/em><strong><em>\u2014 <\/em><\/strong><strong>zu 2) <\/strong><em>1) Jacob Schmidt; 2) Johannes Fruhling; und Anna Kath. Veldenzin; s\u00e4mmtlich von Bechlen<\/em><\/span><\/p>\n<hr \/>\n<p><span style=\"font-family: times new roman, times, serif; font-size: 10pt;\"><em><a id=\"waebeler\"><\/a>Wobeler, Webler, Waffel, Weffel<\/em><\/span><\/p>\n<p><span style=\"font-family: times new roman, times, serif; font-size: 10pt;\"><span style=\"color: #ff0000;\"><strong><u>W\u00e4beler<\/u>, Stoffel:<\/strong> <\/span>nassau-diezisch leigeigen; ist nach EV vom 17.11.1658 29 Jahre alt (<em>Wafel<\/em>), Schatzung: 125 fl.; + 2x.02.1705 Fr\u00fccht (<em>Webler<\/em>)<\/span><\/p>\n<p><span style=\"font-family: times new roman, times, serif; font-size: 10pt;\"><strong>oo I.<\/strong> mit <strong>Anna:<\/strong> ist nach EV vom 17.11.1658 40 Jahre alt<\/span><\/p>\n<table style=\"width: 100%;\">\n<tbody>\n<tr>\n<td style=\"text-align: center; width: 6.07143%;\" width=\"30\"><span style=\"font-family: times new roman, times, serif; font-size: 10pt;\"><strong>Nr.<\/strong><\/span><\/td>\n<td style=\"width: 20.7143%;\" width=\"138\"><span style=\"font-family: times new roman, times, serif; font-size: 10pt;\"><strong>Vorname (normiert)<\/strong><\/span><\/td>\n<td style=\"text-align: center; width: 11.1905%;\" width=\"68\"><span style=\"font-family: times new roman, times, serif; font-size: 10pt;\"><strong>geboren<\/strong><\/span><\/td>\n<td style=\"text-align: center; width: 12.5%;\" width=\"77\"><span style=\"font-family: times new roman, times, serif; font-size: 10pt;\"><strong>getauft<\/strong><\/span><\/td>\n<td style=\"text-align: center; width: 11.5476%;\" width=\"70\"><span style=\"font-family: times new roman, times, serif; font-size: 10pt;\"><strong>konfirmiert<\/strong><\/span><\/td>\n<td style=\"text-align: center; width: 11.5476%;\" width=\"70\"><span style=\"font-family: times new roman, times, serif; font-size: 10pt;\"><strong>gestorben<\/strong><\/span><\/td>\n<td style=\"text-align: center; width: 11.1905%;\" width=\"68\"><span style=\"font-family: times new roman, times, serif; font-size: 10pt;\"><strong>begraben<\/strong><\/span><\/td>\n<td style=\"text-align: center; width: 7.14286%;\" width=\"38\"><span style=\"font-family: times new roman, times, serif; font-size: 10pt;\"><strong>Alter<\/strong><\/span><\/td>\n<td style=\"text-align: center; width: 7.97619%;\" width=\"44\"><span style=\"font-family: times new roman, times, serif; font-size: 10pt;\"><strong>Stand<\/strong><\/span><\/td>\n<\/tr>\n<tr>\n<td style=\"text-align: center; width: 6.07143%;\" width=\"30\"><span style=\"font-family: times new roman, times, serif; font-size: 10pt;\">1<\/span><\/td>\n<td style=\"width: 20.7143%;\" width=\"138\"><span style=\"font-family: times new roman, times, serif; font-size: 10pt;\">Anna Barbara\/B\u00e4rbel<\/span><\/td>\n<td style=\"text-align: center; width: 11.1905%;\" width=\"68\"><span style=\"font-family: times new roman, times, serif; font-size: 10pt;\">ca. 1653<\/span><\/td>\n<td style=\"text-align: center; width: 12.5%;\" width=\"77\"><span style=\"font-family: times new roman, times, serif; font-size: 10pt;\"><strong>\u00a0<\/strong><\/span><\/td>\n<td style=\"text-align: center; width: 11.5476%;\" width=\"70\"><span style=\"font-family: times new roman, times, serif; font-size: 10pt;\">11.04.1669<\/span><\/td>\n<td style=\"text-align: center; width: 11.5476%;\" width=\"70\"><span style=\"font-family: times new roman, times, serif; font-size: 10pt;\">26.02.1705<\/span><\/td>\n<td style=\"text-align: center; width: 11.1905%;\" width=\"68\"><span style=\"font-family: times new roman, times, serif; font-size: 10pt;\">27.02.1705<\/span><\/td>\n<td style=\"text-align: center; width: 7.14286%;\" width=\"38\"><span style=\"font-family: times new roman, times, serif; font-size: 10pt;\">51<\/span><\/td>\n<td style=\"text-align: center; width: 7.97619%;\" width=\"44\"><span style=\"font-family: times new roman, times, serif; font-size: 10pt;\">verh.<\/span><\/td>\n<\/tr>\n<tr>\n<td style=\"text-align: center; width: 6.07143%;\" width=\"30\"><span style=\"font-family: times new roman, times, serif; font-size: 10pt;\">2<\/span><\/td>\n<td style=\"width: 20.7143%;\" width=\"138\"><span style=\"font-family: times new roman, times, serif; font-size: 10pt;\">Anna Christina<\/span><\/td>\n<td style=\"text-align: center; width: 11.1905%;\" width=\"68\"><span style=\"font-family: times new roman, times, serif; font-size: 10pt;\">ca. 1655<\/span><\/td>\n<td style=\"text-align: center; width: 12.5%;\" width=\"77\"><span style=\"font-family: times new roman, times, serif; font-size: 10pt;\"><strong>\u00a0<\/strong><\/span><\/td>\n<td style=\"text-align: center; width: 11.5476%;\" width=\"70\"><span style=\"font-family: times new roman, times, serif; font-size: 10pt;\">07.04.1667<\/span><\/td>\n<td style=\"text-align: center; width: 11.5476%;\" width=\"70\"><\/td>\n<td style=\"text-align: center; width: 11.1905%;\" width=\"68\"><\/td>\n<td style=\"text-align: center; width: 7.14286%;\" width=\"38\"><\/td>\n<td style=\"text-align: center; width: 7.97619%;\" width=\"44\"><span style=\"font-family: times new roman, times, serif; font-size: 10pt;\">verh.<\/span><\/td>\n<\/tr>\n<\/tbody>\n<\/table>\n<p style=\"text-align: justify;\"><span style=\"font-family: times new roman, times, serif; font-size: 10pt;\">Kind Nr. 1) ist nach dem EV vom 17.11.1658 5 Jahre alt, <em>Wafel<\/em> (EV 1658 (2): 6 Jahre, <em>Weffel<\/em>, EV 1665: 9 Jahre, <em>Waffel, <\/em>Sterbeeintrag: 51 Jahre) ; prokl. 10.04., 17.04. und 24.04.1701 Becheln mit Konrad, Sohn des Philipp L\u00fctz, weiland Einwohner in Niederlahnstein (<em>W\u00e4beler<\/em>)<\/span><\/p>\n<p style=\"text-align: justify;\"><span style=\"font-family: times new roman, times, serif; font-size: 10pt;\">Kind Nr. 2) ist nach dem EV vom 17.11.1658 3 Jahre alt, <em>Wafel<\/em> (EV 1658 (2): 4 Jahre, <em>Weffel<\/em>, EV 1665: 10 Jahre, <em>Waffel<\/em>); oo 03.03.1678 in der Kellerei Nassau (durch den saarbr\u00fcckischen Definitor Georg Koch) mit Jost Adler, <em>nachdem Jost ob nefandam commixtionem cum ancilla ante copulationem <\/em>[wegen unw\u00fcrdiger Vermischung mit der Magd vor der Ehe]<em> etliche Tage incarceriret undt endlich versprochen, die gesch\u00e4ndte Persohn zu heurathen; <\/em>Familie wohnt in Fr\u00fccht<\/span><\/p>\n<p><span style=\"font-family: times new roman, times, serif; font-size: 10pt;\"><strong>oo II. 20.01.1668 Becheln<\/strong> mit <strong><u>Freund<\/u>, Christina:<\/strong> + 02.12.1684 Becheln, ca. 64 Jahre alt (bg. 04.12.); oo I. mit Georg Freund in Becheln<\/span><\/p>\n<hr \/>\n<p><span style=\"font-family: times new roman, times, serif; font-size: 10pt;\"><span style=\"color: #ff0000;\"><strong><u><a id=\"wald\"><\/a>Wald<\/u><\/strong><strong>, Johann Wilhelm:<\/strong> <\/span><em>zum Hayner Hoff<\/em>, ein Leibeigener des Freiherrn vom Stein<\/span><\/p>\n<p style=\"text-align: justify;\"><span style=\"font-family: times new roman, times, serif; font-size: 10pt;\"><strong>prokl. 06.02.1701 <\/strong>(ein f\u00fcr allemal)<strong> Becheln<\/strong> mit <strong><u>Stotz<\/u>, Anna Elisabeth:<\/strong> * 28.05.1672 Becheln (gt. 02.06.); konf. 17.04.1687; Eltern Johann Georg Stotz und Anna Elisabeth geb. Mager<\/span><\/p>\n<hr \/>\n<p><span style=\"font-family: times new roman, times, serif; font-size: 10pt; color: #ff0000;\"><strong><u><a id=\"weber\"><\/a>Weber<\/u><\/strong><strong>, Henrich: <\/strong>Kuhhirte<\/span><\/p>\n<p><span style=\"font-family: times new roman, times, serif; font-size: 10pt;\"><strong>oo<\/strong> mit <strong>Anna Johannetta<\/strong><\/span><\/p>\n<table style=\"width: 100%;\">\n<tbody>\n<tr>\n<td style=\"text-align: center; width: 5.59524%;\" width=\"22\"><span style=\"font-family: times new roman, times, serif; font-size: 10pt;\"><strong>Nr.<\/strong><\/span><\/td>\n<td style=\"width: 20.9524%;\" width=\"144\"><span style=\"font-family: times new roman, times, serif; font-size: 10pt;\"><strong>Vorname (normiert)<\/strong><\/span><\/td>\n<td style=\"text-align: center; width: 12.7381%;\" width=\"79\"><span style=\"font-family: times new roman, times, serif; font-size: 10pt;\"><strong>geboren<\/strong><\/span><\/td>\n<td style=\"text-align: center; width: 12.0238%;\" width=\"74\"><span style=\"font-family: times new roman, times, serif; font-size: 10pt;\"><strong>getauft<\/strong><\/span><\/td>\n<td style=\"text-align: center; width: 12.0238%;\" width=\"74\"><span style=\"font-family: times new roman, times, serif; font-size: 10pt;\"><strong>konfirmiert<\/strong><\/span><\/td>\n<td style=\"text-align: center; width: 10.9524%;\" width=\"66\"><span style=\"font-family: times new roman, times, serif; font-size: 10pt;\"><strong>gestorben<\/strong><\/span><\/td>\n<td style=\"text-align: center; width: 10.7143%;\" width=\"64\"><span style=\"font-family: times new roman, times, serif; font-size: 10pt;\"><strong>begraben<\/strong><\/span><\/td>\n<td style=\"text-align: center; width: 7.61905%;\" width=\"41\"><span style=\"font-family: times new roman, times, serif; font-size: 10pt;\"><strong>Alter<\/strong><\/span><\/td>\n<td style=\"text-align: center; width: 7.38095%;\" width=\"40\"><span style=\"font-family: times new roman, times, serif; font-size: 10pt;\"><strong>Stand<\/strong><\/span><\/td>\n<\/tr>\n<tr>\n<td style=\"text-align: center; width: 5.59524%;\" width=\"22\"><span style=\"font-family: times new roman, times, serif; font-size: 10pt;\">1<\/span><\/td>\n<td style=\"width: 20.9524%;\" width=\"144\"><span style=\"font-family: times new roman, times, serif; font-size: 10pt;\">Johann Henrich<\/span><\/td>\n<td style=\"text-align: center; width: 12.7381%;\" width=\"79\"><span style=\"font-family: times new roman, times, serif; font-size: 10pt;\">01.06.1708<\/span><\/td>\n<td style=\"text-align: center; width: 12.0238%;\" width=\"74\"><span style=\"font-family: times new roman, times, serif; font-size: 10pt;\">10.06.1708<\/span><\/td>\n<td style=\"text-align: center; width: 12.0238%;\" width=\"74\"><span style=\"font-family: times new roman, times, serif; font-size: 10pt;\">14.06.1722<\/span><\/td>\n<td style=\"text-align: center; width: 10.9524%;\" width=\"66\"><\/td>\n<td style=\"text-align: center; width: 10.7143%;\" width=\"64\"><\/td>\n<td style=\"text-align: center; width: 7.61905%;\" width=\"41\"><\/td>\n<td style=\"text-align: center; width: 7.38095%;\" width=\"40\"><\/td>\n<\/tr>\n<\/tbody>\n<\/table>\n<p><span style=\"font-family: times new roman, times, serif; font-size: 10pt;\"><strong>Paten:<\/strong> <em>Johann Anthoni[us] Rincker; Johann Henrich Mager; undt Elisabeth Christina, Han\u00df Peter Schmidts Tochter von Miehlen<\/em><\/span><\/p>\n<hr \/>\n<p><span style=\"font-family: times new roman, times, serif; font-size: 10pt;\"><span style=\"color: #ff0000;\"><strong><u><a id=\"werner\"><\/a>Werner<\/u><\/strong><strong>, Anna Maria:<\/strong> <\/span>konf. 29.03.1736 Becheln, 13 \u00bd Jahre alt<\/span><\/p>\n<hr \/>\n<p><span style=\"font-family: times new roman, times, serif; font-size: 10pt;\"><span style=\"color: #ff0000;\"><strong><u>Werner<\/u><\/strong><strong>, Johann Jakob:<\/strong><\/span> konf. 03.04.1738 Becheln, 14 Jahre alt<\/span><\/p>\n<hr \/>\n<p style=\"text-align: justify;\"><span style=\"font-family: times new roman, times, serif; font-size: 10pt;\"><span style=\"color: #ff0000;\"><strong><u><a id=\"wilhelm\"><\/a>Wilhelm<\/u><\/strong><strong>, Elisabeth Magdalena:<\/strong> <\/span><em>weyland Anton Wilh: Frau von Fr\u00fccht<\/em>, meint wohl Johann Anton Wilhelm, Kuhhirte in Fr\u00fccht, vorher in Pfarrei Spie\u00df (+ 1745 Fr\u00fccht); im KB Fr\u00fccht als \u201eMaria Elisabeth\u201c, im KB Spie\u00df als \u201eElisabeth Magdalena\u201c und \u201eMaria Magdalena\u201c (siehe OFB Fr\u00fccht und OFB Spie\u00df)<\/span><\/p>\n<p><span style=\"font-family: times new roman, times, serif; font-size: 10pt;\"><strong>o-o<\/strong> mit <strong>N. N.:<\/strong> die Mutter <em>gab ein Menschen aus Fr\u00fccht als des Kinds Vater an, der schon todt<\/em><\/span><\/p>\n<table style=\"width: 100%;\">\n<tbody>\n<tr>\n<td style=\"text-align: center; width: 5.35714%;\" width=\"23\"><span style=\"font-family: times new roman, times, serif; font-size: 10pt;\"><strong>Nr.<\/strong><\/span><\/td>\n<td style=\"width: 21.5476%;\" width=\"147\"><span style=\"font-family: times new roman, times, serif; font-size: 10pt;\"><strong>Vorname (normiert)<\/strong><\/span><\/td>\n<td style=\"text-align: center; width: 11.9048%;\" width=\"73\"><span style=\"font-family: times new roman, times, serif; font-size: 10pt;\"><strong>geboren<\/strong><\/span><\/td>\n<td style=\"text-align: center; width: 12.1429%;\" width=\"75\"><span style=\"font-family: times new roman, times, serif; font-size: 10pt;\"><strong>getauft<\/strong><\/span><\/td>\n<td style=\"text-align: center; width: 11.3095%;\" width=\"69\"><span style=\"font-family: times new roman, times, serif; font-size: 10pt;\"><strong>konfirmiert<\/strong><\/span><\/td>\n<td style=\"text-align: center; width: 11.3095%;\" width=\"69\"><span style=\"font-family: times new roman, times, serif; font-size: 10pt;\"><strong>gestorben<\/strong><\/span><\/td>\n<td style=\"text-align: center; width: 10.9524%;\" width=\"66\"><span style=\"font-family: times new roman, times, serif; font-size: 10pt;\"><strong>begraben<\/strong><\/span><\/td>\n<td style=\"text-align: center; width: 7.85714%;\" width=\"43\"><span style=\"font-family: times new roman, times, serif; font-size: 10pt;\"><strong>Alter<\/strong><\/span><\/td>\n<td style=\"text-align: center; width: 7.61905%;\" width=\"42\"><span style=\"font-family: times new roman, times, serif; font-size: 10pt;\"><strong>Stand<\/strong><\/span><\/td>\n<\/tr>\n<tr>\n<td style=\"text-align: center; width: 5.35714%;\" width=\"23\"><span style=\"font-family: times new roman, times, serif; font-size: 10pt;\">1<\/span><\/td>\n<td style=\"width: 21.5476%;\" width=\"147\"><span style=\"font-family: times new roman, times, serif; font-size: 10pt;\">Anna Maria (illeg.)<\/span><\/td>\n<td style=\"text-align: center; width: 11.9048%;\" width=\"73\"><\/td>\n<td style=\"text-align: center; width: 12.1429%;\" width=\"75\"><span style=\"font-family: times new roman, times, serif; font-size: 10pt;\">12.07.1747<\/span><\/td>\n<td style=\"text-align: center; width: 11.3095%;\" width=\"69\"><\/td>\n<td style=\"text-align: center; width: 11.3095%;\" width=\"69\"><\/td>\n<td style=\"text-align: center; width: 10.9524%;\" width=\"66\"><\/td>\n<td style=\"text-align: center; width: 7.85714%;\" width=\"43\"><\/td>\n<td style=\"text-align: center; width: 7.61905%;\" width=\"42\"><\/td>\n<\/tr>\n<\/tbody>\n<\/table>\n<p><span style=\"font-family: times new roman, times, serif; font-size: 10pt;\"><strong>Paten:<\/strong> <em>Anna Ottilia Thore\u00dfin aus Fr\u00fccht; Anna Maria, des adelsh[eimischen] Hofm[anns] Frau Andreas Thores; Joh[ann] Peter Mangolt von Dienethal<\/em><\/span><\/p>\n<hr \/>\n<p style=\"text-align: justify;\"><span style=\"font-family: times new roman, times, serif; font-size: 10pt;\"><span style=\"color: #ff0000;\"><strong><u>Wilhelm<\/u><\/strong><strong>, Anna Margaretha:<\/strong> <\/span>kath.; * 16.03.1734 Pfarrei Spie\u00df (siehe OFB Fr\u00fccht und OFB Spie\u00df); + 29.05.1769 Becheln, an Geschwulst, ca. 30 Jahre alt (bg. 31.05.); Eintragstext: <em>A[nn]o 1769, den 29ten Maj starb Anna Marg[aretha], des weiland Anton Wilhelms nachgelassene Tochter, welche sich mit ihrer Mutter bey uns zu Becheln aufgehalten, an Geschwulst, und ward den 31ten begraben. Sie war cathol[ischer] Religion, alt in die 30 Jahr.<\/em><\/span><\/p>\n<hr \/>\n<p style=\"text-align: justify;\"><span style=\"font-family: times new roman, times, serif; font-size: 10pt;\"><span style=\"color: #ff0000;\"><strong><u><a id=\"wolf\"><\/a>Wolf<\/u><\/strong><strong>, Christian Friedrich:<\/strong> <\/span>ab 1787 Schullehrer in Becheln; * 06.01.1761 Dornholzhausen; + 06.11.1838 Becheln (bg. 08.11.); Eltern: Johann Christian Wolf, Schulmeister in Dornholzhausen, und Maria Barbara geb. Fischer (aus Braubach); Bem. im Sterbeeintrag: <em>Erreichte ein Alter von 77 Jahren, 10 Monaten. Er kam, nachdem er mehrere Schulstellen an verschiedenen Orten versehen hatte, im Jahr 1787 als Schullehrer nach Becheln, wo er bis zu seiner Pensionirung 1822 dem Schulamte vorstand. Er verheirathete sich 1789 mit Elisabeth Magdalena, des Philipp Gottfried Gen\u00dfmann von Dessighofen Tochter und wurde in dieser Ehe Vater von 11 Kindern, von welchen noch 5 S\u00f6hne und 2 T\u00f6chter leben.<\/em><\/span><\/p>\n<p style=\"text-align: justify;\"><span style=\"font-family: times new roman, times, serif; font-size: 10pt;\"><strong>oo <\/strong><strong>02.01.1789 Becheln<\/strong> mit <strong><u>Gensmann<\/u>, Maria Margaretha:<\/strong> * 24.08.1770 Dessighofen; + 07.04.1839 Becheln (bg. 09.04.); Eltern: Philipp Gottfried Gensmann und Elisabeth Magdalena geb. May; hat lt. Sterbeeintrag 11 Kinder, von denen noch 5 S\u00f6hne und 2 T\u00f6chter leben<\/span><\/p>\n<table style=\"width: 100%;\">\n<tbody>\n<tr>\n<td style=\"text-align: center; width: 5.47619%;\" width=\"22\"><span style=\"font-family: times new roman, times, serif; font-size: 10pt;\"><strong>Nr.<\/strong><\/span><\/td>\n<td style=\"width: 22.8571%;\" width=\"167\"><span style=\"font-family: times new roman, times, serif; font-size: 10pt;\"><strong>Vorname (normiert)<\/strong><\/span><\/td>\n<td style=\"text-align: center; width: 11.7857%;\" width=\"76\"><span style=\"font-family: times new roman, times, serif; font-size: 10pt;\"><strong>geboren<\/strong><\/span><\/td>\n<td style=\"text-align: center; width: 11.3095%;\" width=\"72\"><span style=\"font-family: times new roman, times, serif; font-size: 10pt;\"><strong>getauft<\/strong><\/span><\/td>\n<td style=\"text-align: center; width: 11.3095%;\" width=\"72\"><span style=\"font-family: times new roman, times, serif; font-size: 10pt;\"><strong>konfirmiert<\/strong><\/span><\/td>\n<td style=\"text-align: center; width: 11.3095%;\" width=\"72\"><span style=\"font-family: times new roman, times, serif; font-size: 10pt;\"><strong>gestorben<\/strong><\/span><\/td>\n<td style=\"text-align: center; width: 11.0714%;\" width=\"70\"><span style=\"font-family: times new roman, times, serif; font-size: 10pt;\"><strong>begraben<\/strong><\/span><\/td>\n<td style=\"text-align: center; width: 7.5%;\" width=\"43\"><span style=\"font-family: times new roman, times, serif; font-size: 10pt;\"><strong>Alter<\/strong><\/span><\/td>\n<td style=\"text-align: center; width: 7.26191%;\" width=\"41\"><span style=\"font-family: times new roman, times, serif; font-size: 10pt;\"><strong>Stand<\/strong><\/span><\/td>\n<\/tr>\n<tr>\n<td style=\"text-align: center; width: 5.47619%;\" width=\"22\"><span style=\"font-family: times new roman, times, serif; font-size: 10pt;\">1<\/span><\/td>\n<td style=\"width: 22.8571%;\" width=\"167\"><span style=\"font-family: times new roman, times, serif; font-size: 10pt;\">Maria Margaretha<\/span><\/td>\n<td style=\"text-align: center; width: 11.7857%;\" width=\"76\"><span style=\"font-family: times new roman, times, serif; font-size: 10pt;\">31.10.1789<\/span><\/td>\n<td style=\"text-align: center; width: 11.3095%;\" width=\"72\"><span style=\"font-family: times new roman, times, serif; font-size: 10pt;\">03.11.1789<\/span><\/td>\n<td style=\"text-align: center; width: 11.3095%;\" width=\"72\"><\/td>\n<td style=\"text-align: center; width: 11.3095%;\" width=\"72\"><span style=\"font-family: times new roman, times, serif; font-size: 10pt;\">27.02.1835<\/span><\/td>\n<td style=\"text-align: center; width: 11.0714%;\" width=\"70\"><span style=\"font-family: times new roman, times, serif; font-size: 10pt;\">02.03.1835<\/span><\/td>\n<td style=\"text-align: center; width: 7.5%;\" width=\"43\"><span style=\"font-family: times new roman, times, serif; font-size: 10pt;\">45,35<\/span><\/td>\n<td style=\"text-align: center; width: 7.26191%;\" width=\"41\"><span style=\"font-family: times new roman, times, serif; font-size: 10pt;\">verh.<\/span><\/td>\n<\/tr>\n<tr>\n<td style=\"text-align: center; width: 5.47619%;\"><span style=\"font-family: times new roman, times, serif; font-size: 10pt;\">2<\/span><\/td>\n<td style=\"width: 22.8571%;\"><span style=\"font-family: times new roman, times, serif; font-size: 10pt;\">Georg Daniel<\/span><\/td>\n<td style=\"text-align: center; width: 11.7857%;\"><span style=\"font-family: times new roman, times, serif; font-size: 10pt;\">28.01.1791<\/span><\/td>\n<td style=\"text-align: center; width: 11.3095%;\"><span style=\"font-family: times new roman, times, serif; font-size: 10pt;\">30.01.1791<\/span><\/td>\n<td style=\"text-align: center; width: 11.3095%;\"><span style=\"font-family: times new roman, times, serif; font-size: 10pt;\">xx.xx.1806<\/span><\/td>\n<td style=\"text-align: center; width: 11.3095%;\"><\/td>\n<td style=\"text-align: center; width: 11.0714%;\"><\/td>\n<td style=\"text-align: center; width: 7.5%;\"><\/td>\n<td style=\"text-align: center; width: 7.26191%;\"><\/td>\n<\/tr>\n<tr>\n<td style=\"text-align: center; width: 5.47619%;\"><span style=\"font-family: times new roman, times, serif; font-size: 10pt;\">3<\/span><\/td>\n<td style=\"width: 22.8571%;\"><span style=\"font-family: times new roman, times, serif; font-size: 10pt;\">Johann Adam<\/span><\/td>\n<td style=\"text-align: center; width: 11.7857%;\"><span style=\"font-family: times new roman, times, serif; font-size: 10pt;\">28.06.1793<\/span><\/td>\n<td style=\"text-align: center; width: 11.3095%;\"><span style=\"font-family: times new roman, times, serif; font-size: 10pt;\">30.06.1793<\/span><\/td>\n<td style=\"text-align: center; width: 11.3095%;\"><\/td>\n<td style=\"text-align: center; width: 11.3095%;\"><span style=\"font-family: times new roman, times, serif; font-size: 10pt;\">15.05.1803<\/span><\/td>\n<td style=\"text-align: center; width: 11.0714%;\"><span style=\"font-family: times new roman, times, serif; font-size: 10pt;\">18.05.1803<\/span><\/td>\n<td style=\"text-align: center; width: 7.5%;\"><span style=\"font-family: times new roman, times, serif; font-size: 10pt;\">9,88<\/span><\/td>\n<td style=\"text-align: center; width: 7.26191%;\"><\/td>\n<\/tr>\n<tr>\n<td style=\"text-align: center; width: 5.47619%;\"><span style=\"font-family: times new roman, times, serif; font-size: 10pt;\">4<\/span><\/td>\n<td style=\"width: 22.8571%;\"><span style=\"font-family: times new roman, times, serif; font-size: 10pt;\">Maria Elisabeth<\/span><\/td>\n<td style=\"text-align: center; width: 11.7857%;\"><span style=\"font-family: times new roman, times, serif; font-size: 10pt;\">05.10.1795<\/span><\/td>\n<td style=\"text-align: center; width: 11.3095%;\"><span style=\"font-family: times new roman, times, serif; font-size: 10pt;\">07.10.1795<\/span><\/td>\n<td style=\"text-align: center; width: 11.3095%;\"><span style=\"font-family: times new roman, times, serif; font-size: 10pt;\">xx.xx.1809<\/span><\/td>\n<td style=\"text-align: center; width: 11.3095%;\"><\/td>\n<td style=\"text-align: center; width: 11.0714%;\"><\/td>\n<td style=\"text-align: center; width: 7.5%;\"><\/td>\n<td style=\"text-align: center; width: 7.26191%;\"><span style=\"font-family: times new roman, times, serif; font-size: 10pt;\">verh.<\/span><\/td>\n<\/tr>\n<tr>\n<td style=\"text-align: center; width: 5.47619%;\"><span style=\"font-family: times new roman, times, serif; font-size: 10pt;\">5<\/span><\/td>\n<td style=\"width: 22.8571%;\"><span style=\"font-family: times new roman, times, serif; font-size: 10pt;\">Johann Ludwig<\/span><\/td>\n<td style=\"text-align: center; width: 11.7857%;\"><span style=\"font-family: times new roman, times, serif; font-size: 10pt;\">29.07.1798<\/span><\/td>\n<td style=\"text-align: center; width: 11.3095%;\"><span style=\"font-family: times new roman, times, serif; font-size: 10pt;\">30.07.1798<\/span><\/td>\n<td style=\"text-align: center; width: 11.3095%;\"><\/td>\n<td style=\"text-align: center; width: 11.3095%;\"><span style=\"font-family: times new roman, times, serif; font-size: 10pt;\">25.06.1871<\/span><\/td>\n<td style=\"text-align: center; width: 11.0714%;\"><span style=\"font-family: times new roman, times, serif; font-size: 10pt;\">28.06.1871<\/span><\/td>\n<td style=\"text-align: center; width: 7.5%;\"><span style=\"font-family: times new roman, times, serif; font-size: 10pt;\">72,95<\/span><\/td>\n<td style=\"text-align: center; width: 7.26191%;\"><span style=\"font-family: times new roman, times, serif; font-size: 10pt;\">verh.<\/span><\/td>\n<\/tr>\n<tr>\n<td style=\"text-align: center; width: 5.47619%;\"><span style=\"font-family: times new roman, times, serif; font-size: 10pt;\">6<\/span><\/td>\n<td style=\"width: 22.8571%;\"><span style=\"font-family: times new roman, times, serif; font-size: 10pt;\">Elisabeth Magdalena Henrietta<\/span><\/td>\n<td style=\"text-align: center; width: 11.7857%;\"><span style=\"font-family: times new roman, times, serif; font-size: 10pt;\">27.08.1800<\/span><\/td>\n<td style=\"text-align: center; width: 11.3095%;\"><span style=\"font-family: times new roman, times, serif; font-size: 10pt;\">29.08.1800<\/span><\/td>\n<td style=\"text-align: center; width: 11.3095%;\"><\/td>\n<td style=\"text-align: center; width: 11.3095%;\"><span style=\"font-family: times new roman, times, serif; font-size: 10pt;\">01.05.1809<\/span><\/td>\n<td style=\"text-align: center; width: 11.0714%;\"><span style=\"font-family: times new roman, times, serif; font-size: 10pt;\">03.05.1809<\/span><\/td>\n<td style=\"text-align: center; width: 7.5%;\"><span style=\"font-family: times new roman, times, serif; font-size: 10pt;\">8,68<\/span><\/td>\n<td style=\"text-align: center; width: 7.26191%;\"><\/td>\n<\/tr>\n<tr>\n<td style=\"text-align: center; width: 5.47619%;\"><span style=\"font-family: times new roman, times, serif; font-size: 10pt;\">7<\/span><\/td>\n<td style=\"width: 22.8571%;\"><span style=\"font-family: times new roman, times, serif; font-size: 10pt;\">Georg Philipp Karl<\/span><\/td>\n<td style=\"text-align: center; width: 11.7857%;\"><span style=\"font-family: times new roman, times, serif; font-size: 10pt;\">24.04.1803<\/span><\/td>\n<td style=\"text-align: center; width: 11.3095%;\"><span style=\"font-family: times new roman, times, serif; font-size: 10pt;\">25.04.1803<\/span><\/td>\n<td style=\"text-align: center; width: 11.3095%;\"><span style=\"font-family: times new roman, times, serif; font-size: 10pt;\">11.05.1817<\/span><\/td>\n<td style=\"text-align: center; width: 11.3095%;\"><span style=\"font-family: times new roman, times, serif; font-size: 10pt;\">26.03.1869<\/span><\/td>\n<td style=\"text-align: center; width: 11.0714%;\"><span style=\"font-family: times new roman, times, serif; font-size: 10pt;\">28.03.1869<\/span><\/td>\n<td style=\"text-align: center; width: 7.5%;\"><span style=\"font-family: times new roman, times, serif; font-size: 10pt;\">65,97<\/span><\/td>\n<td style=\"text-align: center; width: 7.26191%;\"><span style=\"font-family: times new roman, times, serif; font-size: 10pt;\">verh.<\/span><\/td>\n<\/tr>\n<tr>\n<td style=\"text-align: center; width: 5.47619%;\"><span style=\"font-family: times new roman, times, serif; font-size: 10pt;\">8<\/span><\/td>\n<td style=\"width: 22.8571%;\"><span style=\"font-family: times new roman, times, serif; font-size: 10pt;\">Johann Christian<\/span><\/td>\n<td style=\"text-align: center; width: 11.7857%;\"><span style=\"font-family: times new roman, times, serif; font-size: 10pt;\">24.10.1805<\/span><\/td>\n<td style=\"text-align: center; width: 11.3095%;\"><span style=\"font-family: times new roman, times, serif; font-size: 10pt;\">26.10.1805<\/span><\/td>\n<td style=\"text-align: center; width: 11.3095%;\"><span style=\"font-family: times new roman, times, serif; font-size: 10pt;\">30.05.1819<\/span><\/td>\n<td style=\"text-align: center; width: 11.3095%;\"><span style=\"font-family: times new roman, times, serif; font-size: 10pt;\">15.08.1871<\/span><\/td>\n<td style=\"text-align: center; width: 11.0714%;\"><span style=\"font-family: times new roman, times, serif; font-size: 10pt;\">17.08.1871<\/span><\/td>\n<td style=\"text-align: center; width: 7.5%;\"><span style=\"font-family: times new roman, times, serif; font-size: 10pt;\">65,85<\/span><\/td>\n<td style=\"text-align: center; width: 7.26191%;\"><span style=\"font-family: times new roman, times, serif; font-size: 10pt;\">verh.<\/span><\/td>\n<\/tr>\n<tr>\n<td style=\"text-align: center; width: 5.47619%;\"><span style=\"font-family: times new roman, times, serif; font-size: 10pt;\">9<\/span><\/td>\n<td style=\"width: 22.8571%;\"><span style=\"font-family: times new roman, times, serif; font-size: 10pt;\">Philipp Anton<\/span><\/td>\n<td style=\"text-align: center; width: 11.7857%;\"><span style=\"font-family: times new roman, times, serif; font-size: 10pt;\">29.02.1808<\/span><\/td>\n<td style=\"text-align: center; width: 11.3095%;\"><span style=\"font-family: times new roman, times, serif; font-size: 10pt;\">06.03.1808<\/span><\/td>\n<td style=\"text-align: center; width: 11.3095%;\"><span style=\"font-family: times new roman, times, serif; font-size: 10pt;\">19.05.1822<\/span><\/td>\n<td style=\"text-align: center; width: 11.3095%;\"><span style=\"font-family: times new roman, times, serif; font-size: 10pt;\">23.03.1887<\/span><\/td>\n<td style=\"text-align: center; width: 11.0714%;\"><\/td>\n<td style=\"text-align: center; width: 7.5%;\"><span style=\"font-family: times new roman, times, serif; font-size: 10pt;\">79,12<\/span><\/td>\n<td style=\"text-align: center; width: 7.26191%;\"><span style=\"font-family: times new roman, times, serif; font-size: 10pt;\">verh.<\/span><\/td>\n<\/tr>\n<tr>\n<td style=\"text-align: center; width: 5.47619%;\"><span style=\"font-family: times new roman, times, serif; font-size: 10pt;\">10<\/span><\/td>\n<td style=\"width: 22.8571%;\"><span style=\"font-family: times new roman, times, serif; font-size: 10pt;\">Elisabeth Margaretha<\/span><\/td>\n<td style=\"text-align: center; width: 11.7857%;\"><span style=\"font-family: times new roman, times, serif; font-size: 10pt;\">30.12.1810<\/span><\/td>\n<td style=\"text-align: center; width: 11.3095%;\"><span style=\"font-family: times new roman, times, serif; font-size: 10pt;\">06.01.1811<\/span><\/td>\n<td style=\"text-align: center; width: 11.3095%;\"><span style=\"font-family: times new roman, times, serif; font-size: 10pt;\">06.06.1824<\/span><\/td>\n<td style=\"text-align: center; width: 11.3095%;\"><span style=\"font-family: times new roman, times, serif; font-size: 10pt;\">15.08.1871<\/span><\/td>\n<td style=\"text-align: center; width: 11.0714%;\"><span style=\"font-family: times new roman, times, serif; font-size: 10pt;\">18.08.1871<\/span><\/td>\n<td style=\"text-align: center; width: 7.5%;\"><span style=\"font-family: times new roman, times, serif; font-size: 10pt;\">60,67<\/span><\/td>\n<td style=\"text-align: center; width: 7.26191%;\"><span style=\"font-family: times new roman, times, serif; font-size: 10pt;\">ledig<\/span><\/td>\n<\/tr>\n<tr>\n<td style=\"text-align: center; width: 5.47619%;\"><span style=\"font-family: times new roman, times, serif; font-size: 10pt;\">11<\/span><\/td>\n<td style=\"width: 22.8571%;\"><span style=\"font-family: times new roman, times, serif; font-size: 10pt;\">N. N. (m)<\/span><\/td>\n<td style=\"text-align: center; width: 11.7857%;\"><span style=\"font-family: times new roman, times, serif; font-size: 10pt;\">02.04.1813<\/span><\/td>\n<td style=\"text-align: center; width: 11.3095%;\"><\/td>\n<td style=\"text-align: center; width: 11.3095%;\"><\/td>\n<td style=\"text-align: center; width: 11.3095%;\"><span style=\"font-family: times new roman, times, serif; font-size: 10pt;\">02.04.1813<\/span><\/td>\n<td style=\"text-align: center; width: 11.0714%;\"><\/td>\n<td style=\"text-align: center; width: 7.5%;\"><\/td>\n<td style=\"text-align: center; width: 7.26191%;\"><\/td>\n<\/tr>\n<\/tbody>\n<\/table>\n<p style=\"text-align: justify;\"><span style=\"font-family: times new roman, times, serif; font-size: 10pt;\">Kind Nr. 1) oo 16.09.1821 Becheln mit Philipp Jakob Wagner, K\u00fcfer aus Becheln; hat lt. Sterbeeintrag 3 S\u00f6hne und 1 Tochter, die Tochter ist gestorben<br \/>\n<\/span><span style=\"font-family: times new roman, times, serif; font-size: 10pt;\">Kind Nr. 4) oo 1829 Spay ? mit Joseph Deinet (kath.; * 18.03.1796 Niederspay; Eltern: Jakob Deinet und Anna Maria geb. Klein, Landleute zu Niederspay; oo I. mit Anna Maria geb. Storneck); prokl. 22.11., 29.11. und 06.12.1829 Becheln<br \/>\n<\/span><span style=\"font-family: times new roman, times, serif; font-size: 10pt;\">Kind Nr. 5) Schreiner; oo 07.02.1826 Becheln mit Maria Katharina Wahl aus Becheln<br \/>\n<\/span><span style=\"font-family: times new roman, times, serif; font-size: 10pt;\">Kind Nr. 7) + an Lungenentz\u00fcndung; oo 12.04.1830 Becheln mit Maria Philippina Neuhard aus Becheln<br \/>\n<\/span><span style=\"font-family: times new roman, times, serif; font-size: 10pt;\">Kind Nr. 8) Landmann; oo 24.03.1839 Niederbachheim mit Johannetta Elisabeth Kaiser (* 10.11.1817 Niederbachheim; Eltern: Philipp Gottfried Kaiser, und Maria Elisabeth geb. Jacobi, Landleute zu Niederbachheim)<br \/>\n<\/span><span style=\"font-family: times new roman, times, serif; font-size: 10pt;\">Kind Nr. 9) K\u00fcfer; Todesdatum lt. Traueintrag; oo 26.01.1834 Becheln mit Anna Magdalena Z\u00f6ller (* 16.09.1812 Schweighausen; + 03.09.1864 Becheln; Eltern: Georg Philipp Z\u00f6ller und Anna Katharina geb. Klein, Landleute aus Schweighausen)<br \/>\n<\/span><span style=\"font-family: times new roman, times, serif; font-size: 10pt;\">Kind Nr. 11) Totgeburt<\/span><\/p>\n<p style=\"text-align: justify;\"><span style=\"font-family: times new roman, times, serif; font-size: 10pt;\"><strong>Paten: zu 1) <\/strong><em>1) Maria Margaretha, Joh. Henrich Wolfs, Schuldieners zu Obertiefenbach, Eheliebste; 2) Maria Elisabetha, Philip Andreas Emmerichs hinterla\u00dfene Tochter zu Dornholzhau\u00dfen; 3) Johannes, wey[land] Phil. Gottfried Gensmanns zu De\u00dfighofen hinterla\u00dfener Sohn, matris frater <\/em>\u2014 <strong>zu 2) <\/strong><em>1) Johan Daniel May von Schweighau\u00dfen; 2) Johan Georg Wolf, Schuldiener zu Buch im He\u00dfischen; 3) Elisabetha Catharina, Philip Gottfried May von De\u00dfighofen ehe[liche] Tochter <\/em>\u2014 <strong>zu 3) <\/strong><em>1) Joh. Georg Leonhard von N: Bachheim; 2) Joh. Adam Laux, Joh. Thiel Lauxen Sohn von Kehlbach; 3) Anna Maria, Philip Henrich Singhof von Gei\u00dfig Ehefrau <\/em>\u2014 <strong>zu 4) <\/strong><em>1) Johannes Steinmetz aus der M\u00fchl; 2) Maria Elisabetha, Johann Christian Deidesfelds [Deutesfeld] Ehefrau; 3) Anna Maria, Johann Philipp Metzen Ehefrau <\/em>\u2014 <strong>zu 5) <\/strong><em>1) Johann Peter Pulch, zeit[licher] Praeceptor zu Fr\u00fccht; 2) Wilh[elm] Ludwig Weber, zeit[licher] Praeceptor zu Schweighausen; 3) Ernestina Louisa Hauptinn <\/em>\u2014 <strong>zu 6) <\/strong><em>1) Johann Philipp Haxels Ehefrau von Desighoffen mit Namen Elisabeth Margaretha; 2) Maria Magdalena, des David Mayen eh[liche] Tochter von Schweighausen; 3) Johann Henrich Haxel, herrschaft[licher] Schulthei\u00df von Desighofen <\/em>\u2014 <strong>zu 7) <\/strong><em>1) Georg Conrad Wagner; 2) Johann Philipp Steinmez; 3) Wilhelmina Carolina, des verstorbenen Herr Pfarrer Haupts 3te Jungfer Tochter <\/em>\u2014 <strong>zu 8) <\/strong><em>1) ich als der zeitliche Pfarrer Christian Thomae; 2) Johann Henrich Linckenbach, zeitliche Schulvicarius zu Dienenthal; 3) Johanna Catharina Blassin aus der M\u00fchle, so an Zippenhahn gelegen <\/em>\u2014 <strong>zu 9) <\/strong><em>1) Joh. Anton Emrich von Dornholzhau\u00dfen; 2) Philipp Anton Gensmann von Dessighofen; und des Philipp Schmidts Ehefrau Christina <\/em>\u2014 <strong>zu 10) <\/strong><em>1) Andreas Diez; 2) Friederich Neuhards Ehefrau Anna Margaretha; u. 3) Phlp Henrich Mullers Ehefrau Elis. Katharina aus dem Braubacher Grund<\/em><\/span><\/p>\n<hr \/>\n<p><span style=\"font-family: times new roman, times, serif; font-size: 10pt;\"><span style=\"color: #ff0000;\"><strong><u><a id=\"wuertz\"><\/a>W\u00fcrtz<\/u><\/strong><strong>, Johann Peter:<\/strong> <\/span>kath.; + 04.06.1739 Becheln, ca. 62 Jahre alt (bg. 05.06.); Sohn des Henrich W\u00fcrtz <em>von N\u00fcremberg bey Ehrenbreitstein<\/em><\/span><\/p>\n<p style=\"text-align: justify;\"><span style=\"font-family: times new roman, times, serif; font-size: 10pt;\"><strong>prokl. 15.10., 22.10. und 29.10.1702 Becheln<\/strong> (auf erhaltenen Amtskonsens) mit <strong><u>Metz<\/u>, Anna Apollonia:<\/strong> * 05.05.1671 Becheln (gt. 14.05.); konf. 16.04.1682; + 03.02.1743 Becheln (bg. 05.02.); Tochter des Hans Th\u00f6nges Metz aus Becheln<\/span><\/p>\n<hr \/>\n<p><span style=\"font-family: times new roman, times, serif; font-size: 10pt;\"><span style=\"color: #ff0000;\"><strong><u><a id=\"ziegler\"><\/a>Ziegler<\/u><\/strong><strong>, Konrad:<\/strong> <\/span>Musketier von den hess. Truppen; + 05.02.1705 Becheln (bg. 05.02.)<\/span><\/p>\n<hr \/>\n<p style=\"text-align: justify;\"><span style=\"font-family: times new roman, times, serif; font-size: 10pt;\"><span style=\"color: #ff0000;\"><strong><u><a id=\"zils\"><\/a>Zils<\/u><\/strong><strong>, Johann Philipp:<\/strong> <\/span>Ackersmann; * 20.09.1784 Sulzbach; + 20.01.1867 Becheln (bg. 23.09.); Eltern: Johann David Zils, Sch\u00e4fer zu Sulzbach, Anna Margaretha geb, Weyrich<\/span><\/p>\n<p style=\"text-align: justify;\"><span style=\"font-family: times new roman, times, serif; font-size: 10pt;\"><strong>oo <\/strong><strong>09.12.1810 Dienethal<\/strong> mit <strong><u>G\u00f6th<\/u>, Elisabeth Katharina:<\/strong> * 07.07.1783 Becheln (gt. 09.07.); konf. 1797; + 15.05.1855 Becheln (bg. 17.05.); Eltern: Johann Thilo G\u00f6th und Elisabeth Magdalena Wahl geb. Ansel<\/span><\/p>\n<table style=\"width: 100%;\">\n<tbody>\n<tr>\n<td style=\"text-align: center; width: 5.35714%;\" width=\"21\"><span style=\"font-family: times new roman, times, serif; font-size: 10pt;\"><strong>Nr.<\/strong><\/span><\/td>\n<td style=\"width: 19.7619%;\" width=\"135\"><span style=\"font-family: times new roman, times, serif; font-size: 10pt;\"><strong>Vorname (normiert)<\/strong><\/span><\/td>\n<td style=\"text-align: center; width: 12.2619%;\" width=\"76\"><span style=\"font-family: times new roman, times, serif; font-size: 10pt;\"><strong>geboren<\/strong><\/span><\/td>\n<td style=\"text-align: center; width: 11.9048%;\" width=\"73\"><span style=\"font-family: times new roman, times, serif; font-size: 10pt;\"><strong>getauft<\/strong><\/span><\/td>\n<td style=\"text-align: center; width: 11.9048%;\" width=\"73\"><span style=\"font-family: times new roman, times, serif; font-size: 10pt;\"><strong>konfirmiert<\/strong><\/span><\/td>\n<td style=\"text-align: center; width: 11.9048%;\" width=\"73\"><span style=\"font-family: times new roman, times, serif; font-size: 10pt;\"><strong>gestorben<\/strong><\/span><\/td>\n<td style=\"text-align: center; width: 11.4286%;\" width=\"70\"><span style=\"font-family: times new roman, times, serif; font-size: 10pt;\"><strong>begraben<\/strong><\/span><\/td>\n<td style=\"text-align: center; width: 7.85714%;\" width=\"43\"><span style=\"font-family: times new roman, times, serif; font-size: 10pt;\"><strong>Alter<\/strong><\/span><\/td>\n<td style=\"text-align: center; width: 7.7381%;\" width=\"42\"><span style=\"font-family: times new roman, times, serif; font-size: 10pt;\"><strong>Stand<\/strong><\/span><\/td>\n<\/tr>\n<tr>\n<td style=\"text-align: center; width: 5.35714%;\" width=\"21\"><span style=\"font-family: times new roman, times, serif; font-size: 10pt;\">1<\/span><\/td>\n<td style=\"width: 19.7619%;\" width=\"135\"><span style=\"font-family: times new roman, times, serif; font-size: 10pt;\">Maria Wilhelmina<\/span><\/td>\n<td style=\"text-align: center; width: 12.2619%;\" width=\"76\"><span style=\"font-family: times new roman, times, serif; font-size: 10pt;\">23.11.1811<\/span><\/td>\n<td style=\"text-align: center; width: 11.9048%;\" width=\"73\"><span style=\"font-family: times new roman, times, serif; font-size: 10pt;\">24.11.1811<\/span><\/td>\n<td style=\"text-align: center; width: 11.9048%;\" width=\"73\"><span style=\"font-family: times new roman, times, serif; font-size: 10pt;\">29.05.1825<\/span><\/td>\n<td style=\"text-align: center; width: 11.9048%;\" width=\"73\"><span style=\"font-family: times new roman, times, serif; font-size: 10pt;\">11.01.1857<\/span><\/td>\n<td style=\"text-align: center; width: 11.4286%;\" width=\"70\"><span style=\"font-family: times new roman, times, serif; font-size: 10pt;\">14.01.1857<\/span><\/td>\n<td style=\"text-align: center; width: 7.85714%;\" width=\"43\"><span style=\"font-family: times new roman, times, serif; font-size: 10pt;\">45,17<\/span><\/td>\n<td style=\"text-align: center; width: 7.7381%;\" width=\"42\"><span style=\"font-family: times new roman, times, serif; font-size: 10pt;\">verh.<\/span><\/td>\n<\/tr>\n<tr>\n<td style=\"text-align: center; width: 5.35714%;\"><span style=\"font-family: times new roman, times, serif; font-size: 10pt;\">2<\/span><\/td>\n<td style=\"width: 19.7619%;\"><span style=\"font-family: times new roman, times, serif; font-size: 10pt;\">Maria Elis. Katharina<\/span><\/td>\n<td style=\"text-align: center; width: 12.2619%;\"><span style=\"font-family: times new roman, times, serif; font-size: 10pt;\">27.11.1813<\/span><\/td>\n<td style=\"text-align: center; width: 11.9048%;\"><span style=\"font-family: times new roman, times, serif; font-size: 10pt;\">05.12.1813<\/span><\/td>\n<td style=\"text-align: center; width: 11.9048%;\"><span style=\"font-family: times new roman, times, serif; font-size: 10pt;\">03.06.1827<\/span><\/td>\n<td style=\"text-align: center; width: 11.9048%;\"><span style=\"font-family: times new roman, times, serif; font-size: 10pt;\">02.05.1873<\/span><\/td>\n<td style=\"text-align: center; width: 11.4286%;\"><span style=\"font-family: times new roman, times, serif; font-size: 10pt;\">04.05.1873<\/span><\/td>\n<td style=\"text-align: center; width: 7.85714%;\"><span style=\"font-family: times new roman, times, serif; font-size: 10pt;\">59,47<\/span><\/td>\n<td style=\"text-align: center; width: 7.7381%;\"><span style=\"font-family: times new roman, times, serif; font-size: 10pt;\">verh.<\/span><\/td>\n<\/tr>\n<tr>\n<td style=\"text-align: center; width: 5.35714%;\"><span style=\"font-family: times new roman, times, serif; font-size: 10pt;\">3<\/span><\/td>\n<td style=\"width: 19.7619%;\"><span style=\"font-family: times new roman, times, serif; font-size: 10pt;\">Maria Elisabeth<\/span><\/td>\n<td style=\"text-align: center; width: 12.2619%;\"><span style=\"font-family: times new roman, times, serif; font-size: 10pt;\">24.03.1817<\/span><\/td>\n<td style=\"text-align: center; width: 11.9048%;\"><span style=\"font-family: times new roman, times, serif; font-size: 10pt;\">30.03.1817<\/span><\/td>\n<td style=\"text-align: center; width: 11.9048%;\"><\/td>\n<td style=\"text-align: center; width: 11.9048%;\"><span style=\"font-family: times new roman, times, serif; font-size: 10pt;\">07.04.1819<\/span><\/td>\n<td style=\"text-align: center; width: 11.4286%;\"><span style=\"font-family: times new roman, times, serif; font-size: 10pt;\">09.04.1819<\/span><\/td>\n<td style=\"text-align: center; width: 7.85714%;\"><span style=\"font-family: times new roman, times, serif; font-size: 10pt;\">2,04<\/span><\/td>\n<td style=\"text-align: center; width: 7.7381%;\"><\/td>\n<\/tr>\n<\/tbody>\n<\/table>\n<p style=\"text-align: justify;\"><span style=\"font-family: times new roman, times, serif; font-size: 10pt;\">Kind Nr. 1) oo 29.04.1838 Nassau mit Philipp Peter Hoffmann aus Becheln<br \/>\n<\/span><span style=\"font-family: times new roman, times, serif; font-size: 10pt;\">Kind Nr. 2) Vermerk im Taufeintrag:<em> Nach \u2026 des Vaters hei\u00dft der Taufnahme Marie Magdalene; <\/em>oo 30.12.1834 Spie\u00df mit Johannes Kohl; kath.; Schneider, Kappenmacher (* 22.12.1808 Spie\u00df; + 09.07.1861; Eltern: Johannes Kohl und Margaretha geb. Maul, Tagel\u00f6hner, wohnhaft auf dem Spie\u00df bei Bad Ems); prokl. 14.12., 21.12. und 28.12.1834 Becheln, der Dimissorialschein am 28.12.1834 an Pfr. M\u00fcller auf dem Spie\u00df; hinterl\u00e4sst lt. Sterbeeintrag von 11 Kindern 5<br \/>\n<\/span><\/p>\n<p style=\"text-align: justify;\"><span style=\"font-family: times new roman, times, serif; font-size: 10pt;\"><strong>Paten: zu 1) <\/strong><em>1) G. Henrich Fries v[on] Sulzbach; 2) Elis. Magdalena G\u00f6ttin; und Wilhelmina G\u00f6ttin <\/em>\u2014 <strong>zu 2) <\/strong><em>1) Jacob Wahl; 2) Joh. Henrich Deutesfelds Ehefrau Elisabeth[a] Katharina; und Maria Magdalena Anselin <\/em>\u2014 <strong>zu 3) <\/strong><em>1) Maria Elisabetha, des zeit[lichen] Schulthei\u00dfen Ph. Schmidt ehe[liche] led: Tochter; 2) Maria Elisabetha, des Joh. Thiel L\u00f6wenstein ehe[liche] led. Tochter; 3) Johann Philipp, des Joh. Thiel G\u00f6th ehe[licher] led: Sohn; alle von Becheln<\/em><\/span><\/p>\n<hr \/>\n<p><span style=\"font-family: times new roman, times, serif; font-size: 10pt;\"><span style=\"color: #ff0000;\"><strong><u><a id=\"zimmermann\"><\/a>Zimmermann<\/u><\/strong><strong>, Quirin: <\/strong><\/span>aus K\u00f6rdorf, wohnt in Singhofen<\/span><\/p>\n<p><span style=\"font-family: times new roman, times, serif; font-size: 10pt;\"><strong>prokl. 29.09., 06.10., 13.10.1720 Becheln<\/strong> mit <strong><u>Baseler<\/u>, Anna Maria:<\/strong> * 01.12.1676 Becheln (gt. 10.12.); Eltern: Johann Andreas Baseler und Anna Elisabeth<\/span><\/p>\n<hr \/>\n<p style=\"text-align: justify;\"><span style=\"font-family: times new roman, times, serif; font-size: 10pt;\"><span style=\"color: #ff0000;\"><strong><u>Zimmermann<\/u><\/strong><strong>, Henrich:<\/strong> <\/span>kath.; Beisasse und Kuhhirte in Becheln; * 17.04.1732 Kirchheimersborn, Pfarrei Spie\u00df (gt. 20.04.); Eltern: Hilger Zimmermann, Hofmann auf Buchholz und Kirchheimersborn, und Anna geb. Gladbach<\/span><\/p>\n<p style=\"text-align: justify;\"><span style=\"font-family: times new roman, times, serif; font-size: 10pt;\"><strong>oo I. <\/strong><strong>22.02.1753 Becheln<\/strong> mit <strong><u>Oppenh\u00e4user<\/u>, Anna Barbara:<\/strong> kath.; + 06.06.1758 Becheln, an Brustkrankheit, 28 Jahre alt (bg. 07.06.); Eltern: Johannes Oppenh\u00e4user und Anna Elisabeth geb. M\u00f6seler<\/span><\/p>\n<table style=\"width: 100%;\">\n<tbody>\n<tr>\n<td style=\"text-align: center; width: 5.2381%;\" width=\"21\"><span style=\"font-family: times new roman, times, serif; font-size: 10pt;\"><strong>Nr.<\/strong><\/span><\/td>\n<td style=\"width: 20.5952%;\" width=\"141\"><span style=\"font-family: times new roman, times, serif; font-size: 10pt;\"><strong>Vorname (normiert)<\/strong><\/span><\/td>\n<td style=\"text-align: center; width: 12.5%;\" width=\"78\"><span style=\"font-family: times new roman, times, serif; font-size: 10pt;\"><strong>geboren<\/strong><\/span><\/td>\n<td style=\"text-align: center; width: 11.9048%;\" width=\"74\"><span style=\"font-family: times new roman, times, serif; font-size: 10pt;\"><strong>getauft<\/strong><\/span><\/td>\n<td style=\"text-align: center; width: 11.3095%;\" width=\"69\"><span style=\"font-family: times new roman, times, serif; font-size: 10pt;\"><strong>konfirmiert<\/strong><\/span><\/td>\n<td style=\"text-align: center; width: 11.9048%;\" width=\"74\"><span style=\"font-family: times new roman, times, serif; font-size: 10pt;\"><strong>gestorben<\/strong><\/span><\/td>\n<td style=\"text-align: center; width: 11.5476%;\" width=\"71\"><span style=\"font-family: times new roman, times, serif; font-size: 10pt;\"><strong>begraben<\/strong><\/span><\/td>\n<td style=\"text-align: center; width: 7.7381%;\" width=\"43\"><span style=\"font-family: times new roman, times, serif; font-size: 10pt;\"><strong>Alter<\/strong><\/span><\/td>\n<td style=\"text-align: center; width: 7.26191%;\" width=\"39\"><span style=\"font-family: times new roman, times, serif; font-size: 10pt;\"><strong>Stand<\/strong><\/span><\/td>\n<\/tr>\n<tr>\n<td style=\"text-align: center; width: 5.2381%;\" width=\"21\"><span style=\"font-family: times new roman, times, serif; font-size: 10pt;\">1<\/span><\/td>\n<td style=\"width: 20.5952%;\" width=\"141\"><span style=\"font-family: times new roman, times, serif; font-size: 10pt;\">Anna Elisabeth<\/span><\/td>\n<td style=\"text-align: center; width: 12.5%;\" width=\"78\"><span style=\"font-family: times new roman, times, serif; font-size: 10pt;\">10.05.1754<\/span><\/td>\n<td style=\"text-align: center; width: 11.9048%;\" width=\"74\"><span style=\"font-family: times new roman, times, serif; font-size: 10pt;\">12.05.1754<\/span><\/td>\n<td style=\"text-align: center; width: 11.3095%;\" width=\"69\"><\/td>\n<td style=\"text-align: center; width: 11.9048%;\" width=\"74\"><span style=\"font-family: times new roman, times, serif; font-size: 10pt;\">22.05.1757<\/span><\/td>\n<td style=\"text-align: center; width: 11.5476%;\" width=\"71\"><span style=\"font-family: times new roman, times, serif; font-size: 10pt;\">23.05.1757<\/span><\/td>\n<td style=\"text-align: center; width: 7.7381%;\" width=\"43\"><span style=\"font-family: times new roman, times, serif; font-size: 10pt;\">3,04<\/span><\/td>\n<td style=\"text-align: center; width: 7.26191%;\" width=\"39\"><\/td>\n<\/tr>\n<tr>\n<td style=\"text-align: center; width: 5.2381%;\"><span style=\"font-family: times new roman, times, serif; font-size: 10pt;\">2<\/span><\/td>\n<td style=\"width: 20.5952%;\"><span style=\"font-family: times new roman, times, serif; font-size: 10pt;\">Johann Philipp<\/span><\/td>\n<td style=\"text-align: center; width: 12.5%;\"><\/td>\n<td style=\"text-align: center; width: 11.9048%;\"><span style=\"font-family: times new roman, times, serif; font-size: 10pt;\">31.08.1755<\/span><\/td>\n<td style=\"text-align: center; width: 11.3095%;\"><\/td>\n<td style=\"text-align: center; width: 11.9048%;\"><\/td>\n<td style=\"text-align: center; width: 11.5476%;\"><\/td>\n<td style=\"text-align: center; width: 7.7381%;\"><\/td>\n<td style=\"text-align: center; width: 7.26191%;\"><\/td>\n<\/tr>\n<tr>\n<td style=\"text-align: center; width: 5.2381%;\"><span style=\"font-family: times new roman, times, serif; font-size: 10pt;\">3<\/span><\/td>\n<td style=\"width: 20.5952%;\"><span style=\"font-family: times new roman, times, serif; font-size: 10pt;\">Elisabeth Katharina<\/span><\/td>\n<td style=\"text-align: center; width: 12.5%;\"><span style=\"font-family: times new roman, times, serif; font-size: 10pt;\">01.09.1757<\/span><\/td>\n<td style=\"text-align: center; width: 11.9048%;\"><span style=\"font-family: times new roman, times, serif; font-size: 10pt;\">04.09.1757<\/span><\/td>\n<td style=\"text-align: center; width: 11.3095%;\"><\/td>\n<td style=\"text-align: center; width: 11.9048%;\"><span style=\"font-family: times new roman, times, serif; font-size: 10pt;\">20.02.1760<\/span><\/td>\n<td style=\"text-align: center; width: 11.5476%;\"><span style=\"font-family: times new roman, times, serif; font-size: 10pt;\">22.02.1760<\/span><\/td>\n<td style=\"text-align: center; width: 7.7381%;\"><span style=\"font-family: times new roman, times, serif; font-size: 10pt;\">2,47<\/span><\/td>\n<td style=\"text-align: center; width: 7.26191%;\"><\/td>\n<\/tr>\n<\/tbody>\n<\/table>\n<p><span style=\"font-family: times new roman, times, serif; font-size: 10pt;\">Kind Nr. 1) + an R\u00f6teln<br \/>\n<\/span><span style=\"font-family: times new roman, times, serif; font-size: 10pt;\">Kind Nr. 3) + an Geschwulst<br \/>\n<\/span><\/p>\n<p style=\"text-align: justify;\"><span style=\"font-family: times new roman, times, serif; font-size: 10pt;\"><strong>Paten: zu 1) <\/strong><em>Michael Lambrich von Oberlahnstein; so dann Anna Gertraut, Johannes Mundscheyers Frau von B\u00fcchelberg; wie a. Elis: Cath: Schulth: Wahls Fr. <\/em>\u2014 <strong>zu 2) <\/strong><em>Johann Philipp Welch von Kirschemborn; Andr: Zimmerm: in der Fr\u00fcchter M\u00fchle; u. Maria Cath: Thoresin <\/em>\u2014 <strong>zu 3) <\/strong><em>Michael Mondschreyer von B\u00fcchelborn; Elisabetha, H[errn] Andr: Lautenschl\u00e4gers, J\u00e4gers zu Oberlahnst[ein], ehe[liche] Frau; Anna Cathar: Gottfr: Jung ehe[liche] T[ochter] im Zollgrund; alle pap[istisch]<\/em><\/span><\/p>\n<p style=\"text-align: justify;\"><span style=\"font-family: times new roman, times, serif; font-size: 10pt;\"><strong>oo II. 18.07.1758 Becheln<\/strong> (\u201ebei erb\u00e4rmlichem Wetter, da es Tag und Nacht geregnet\u201c) mit <strong><u>Theis<\/u>, Maria Katharina:<\/strong> Tochter des Johannes Theis vom Mainzer Haus (Pfarrei Spie\u00df)<\/span><\/p>\n<table style=\"width: 100%;\">\n<tbody>\n<tr>\n<td style=\"text-align: center; width: 5.2381%;\" width=\"21\"><span style=\"font-family: times new roman, times, serif; font-size: 10pt;\"><strong>Nr.<\/strong><\/span><\/td>\n<td style=\"width: 20.5952%;\" width=\"141\"><span style=\"font-family: times new roman, times, serif; font-size: 10pt;\"><strong>Vorname (normiert)<\/strong><\/span><\/td>\n<td style=\"text-align: center; width: 12.5%;\" width=\"78\"><span style=\"font-family: times new roman, times, serif; font-size: 10pt;\"><strong>geboren<\/strong><\/span><\/td>\n<td style=\"text-align: center; width: 11.9048%;\" width=\"74\"><span style=\"font-family: times new roman, times, serif; font-size: 10pt;\"><strong>getauft<\/strong><\/span><\/td>\n<td style=\"text-align: center; width: 11.3095%;\" width=\"69\"><span style=\"font-family: times new roman, times, serif; font-size: 10pt;\"><strong>konfirmiert<\/strong><\/span><\/td>\n<td style=\"text-align: center; width: 11.9048%;\" width=\"74\"><span style=\"font-family: times new roman, times, serif; font-size: 10pt;\"><strong>gestorben<\/strong><\/span><\/td>\n<td style=\"text-align: center; width: 11.5476%;\" width=\"71\"><span style=\"font-family: times new roman, times, serif; font-size: 10pt;\"><strong>begraben<\/strong><\/span><\/td>\n<td style=\"text-align: center; width: 7.7381%;\" width=\"43\"><span style=\"font-family: times new roman, times, serif; font-size: 10pt;\"><strong>Alter<\/strong><\/span><\/td>\n<td style=\"text-align: center; width: 7.26191%;\" width=\"39\"><span style=\"font-family: times new roman, times, serif; font-size: 10pt;\"><strong>Stand<\/strong><\/span><\/td>\n<\/tr>\n<tr>\n<td style=\"text-align: center; width: 5.2381%;\" width=\"21\"><span style=\"font-family: times new roman, times, serif; font-size: 10pt;\">1<\/span><\/td>\n<td style=\"width: 20.5952%;\" width=\"141\"><span style=\"font-family: times new roman, times, serif; font-size: 10pt;\">Henrich Peter<\/span><\/td>\n<td style=\"text-align: center; width: 12.5%;\" width=\"78\"><\/td>\n<td style=\"text-align: center; width: 11.9048%;\" width=\"74\"><span style=\"font-family: times new roman, times, serif; font-size: 10pt;\">18.09.1760<\/span><\/td>\n<td style=\"text-align: center; width: 11.3095%;\" width=\"69\"><\/td>\n<td style=\"text-align: center; width: 11.9048%;\" width=\"74\"><span style=\"font-family: times new roman, times, serif; font-size: 10pt;\">18.03.1766<\/span><\/td>\n<td style=\"text-align: center; width: 11.5476%;\" width=\"71\"><span style=\"font-family: times new roman, times, serif; font-size: 10pt;\">21.03.1766<\/span><\/td>\n<td style=\"text-align: center; width: 7.7381%;\" width=\"43\"><span style=\"font-family: times new roman, times, serif; font-size: 10pt;\">5,50<\/span><\/td>\n<td style=\"text-align: center; width: 7.26191%;\" width=\"39\"><\/td>\n<\/tr>\n<tr>\n<td style=\"text-align: center; width: 5.2381%;\"><span style=\"font-family: times new roman, times, serif; font-size: 10pt;\">2<\/span><\/td>\n<td style=\"width: 20.5952%;\"><span style=\"font-family: times new roman, times, serif; font-size: 10pt;\">Maria Katharina<\/span><\/td>\n<td style=\"text-align: center; width: 12.5%;\"><span style=\"font-family: times new roman, times, serif; font-size: 10pt;\">05.09.1765<\/span><\/td>\n<td style=\"text-align: center; width: 11.9048%;\"><\/td>\n<td style=\"text-align: center; width: 11.3095%;\"><\/td>\n<td style=\"text-align: center; width: 11.9048%;\"><span style=\"font-family: times new roman, times, serif; font-size: 10pt;\">03.04.1766<\/span><\/td>\n<td style=\"text-align: center; width: 11.5476%;\"><span style=\"font-family: times new roman, times, serif; font-size: 10pt;\">03.04.1766<\/span><\/td>\n<td style=\"text-align: center; width: 7.7381%;\"><span style=\"font-family: times new roman, times, serif; font-size: 10pt;\">0,58<\/span><\/td>\n<td style=\"text-align: center; width: 7.26191%;\"><\/td>\n<\/tr>\n<\/tbody>\n<\/table>\n<p><span style=\"font-family: times new roman, times, serif; font-size: 10pt;\">Kind Nr. 1) und 2) + an Blattern<\/span><\/p>\n<p style=\"text-align: justify;\"><span style=\"font-family: times new roman, times, serif; font-size: 10pt;\"><strong>Paten: zu 1) <\/strong><em>Philipp Peter Esch aus Buchholtz; Barbara, wey[land] Joh: Dei\u00dfen Tochter aus dem M\u00e4ntzerhaus zu Em\u00df; H[err] Joh: Henr: Kr\u00e4hner, Sch: <\/em>[Schulmeister ? ist Pate 14.01.1759 bei Georg Philipp Rincker] <em>Substitutus <\/em>\u2014 <strong>zu 2) <\/strong><em>1) Maria Cath., Rinckers Tochter; 2) Anna Maria, Michel Wahls Hau\u00dffrau; 3) Anton Schmidt, Anton Schmidts Sohn<\/em><\/span><\/p>\n<hr \/>\n<p><span style=\"font-family: times new roman, times, serif; font-size: 10pt; color: #ff0000;\"><strong><u>Zimmermann<\/u><\/strong><strong>, Anna Maria<\/strong><\/span><\/p>\n<p><span style=\"font-family: times new roman, times, serif; font-size: 10pt;\"><strong>o-o<\/strong> mit <strong>N. N.:<\/strong> <em>pater ignotus<\/em><\/span><\/p>\n<table>\n<tbody>\n<tr>\n<td style=\"text-align: center;\" width=\"22\"><span style=\"font-family: times new roman, times, serif; font-size: 10pt;\"><strong>Nr.<\/strong><\/span><\/td>\n<td width=\"147\"><span style=\"font-family: times new roman, times, serif; font-size: 10pt;\"><strong>Vorname (normiert)<\/strong><\/span><\/td>\n<td style=\"text-align: center;\" width=\"79\"><span style=\"font-family: times new roman, times, serif; font-size: 10pt;\"><strong>geboren<\/strong><\/span><\/td>\n<td style=\"text-align: center;\" width=\"67\"><span style=\"font-family: times new roman, times, serif; font-size: 10pt;\"><strong>getauft<\/strong><\/span><\/td>\n<td style=\"text-align: center;\" width=\"74\"><span style=\"font-family: times new roman, times, serif; font-size: 10pt;\"><strong>konfirmiert<\/strong><\/span><\/td>\n<td style=\"text-align: center;\" width=\"67\"><span style=\"font-family: times new roman, times, serif; font-size: 10pt;\"><strong>gestorben<\/strong><\/span><\/td>\n<td style=\"text-align: center;\" width=\"65\"><span style=\"font-family: times new roman, times, serif; font-size: 10pt;\"><strong>begraben<\/strong><\/span><\/td>\n<td style=\"text-align: center;\" width=\"42\"><span style=\"font-family: times new roman, times, serif; font-size: 10pt;\"><strong>Alter<\/strong><\/span><\/td>\n<td style=\"text-align: center;\" width=\"41\"><span style=\"font-family: times new roman, times, serif; font-size: 10pt;\"><strong>Stand<\/strong><\/span><\/td>\n<\/tr>\n<tr>\n<td style=\"text-align: center;\" width=\"22\"><span style=\"font-family: times new roman, times, serif; font-size: 10pt;\">1<\/span><\/td>\n<td width=\"147\"><span style=\"font-family: times new roman, times, serif; font-size: 10pt;\">Katharina Elisabeth (illeg.)<\/span><\/td>\n<td style=\"text-align: center;\" width=\"79\"><span style=\"font-family: times new roman, times, serif; font-size: 10pt;\">03.08.1771<\/span><\/td>\n<td style=\"text-align: center;\" width=\"67\"><\/td>\n<td style=\"text-align: center;\" width=\"74\"><span style=\"font-family: times new roman, times, serif; font-size: 10pt;\">26.06.1785<\/span><\/td>\n<td style=\"text-align: center;\" width=\"67\"><\/td>\n<td style=\"text-align: center;\" width=\"65\"><\/td>\n<td style=\"text-align: center;\" width=\"42\"><\/td>\n<td style=\"text-align: center;\" width=\"41\"><\/td>\n<\/tr>\n<\/tbody>\n<\/table>\n<p style=\"text-align: justify;\"><span style=\"font-family: times new roman, times, serif; font-size: 10pt;\"><strong>Paten: <\/strong><em>1) Maria Catharina, des Joh. David Veldens Tochter, 2) Maria Elisab: des H[errn] Schulmeisters M\u00fcllers Tochter; 3) Phi[lipp] Jacob Wagener; alle aus Becheln<\/em><\/span><\/p>\n<hr \/>\n<p><span style=\"font-size: 10pt; font-family: times new roman, times, serif;\"><b>Letztes Update: 8. Juni 2024<\/b><\/span><br \/>\n<span style=\"font-size: 10pt; font-family: times new roman, times, serif;\"><b>Ralph Jackmuth<\/b><\/span><\/p>\n","protected":false},"excerpt":{"rendered":"<p>Theis, Michel: + um 1656; Gerichtssch\u00f6ffe in Fr\u00fccht (Nachfolger am 09.01.1657 bestimmt) oo mit Elisabeth: Witwe von Fr\u00fccht, ab 1658 in Becheln; nassau-diezisch leibeigen; ist nach dem EV vom 17.11.1658 40 Jahre alt (EV 1665: 54 Jahre); Schatzung: 190 fl.; + 05.11.1671 Becheln, 61 Jahre alt (bg. 06.11.) Nr. Vorname (normiert) geboren getauft konfirmiert gestorben &hellip; <a href=\"https:\/\/www.ahnenforschung-jackmuth.de\/?page_id=11660\" class=\"more-link\"><span class=\"screen-reader-text\">\u201eOFB Becheln &#8211; T-Z\u201c<\/span> weiterlesen<\/a><\/p>\n","protected":false},"author":1,"featured_media":0,"parent":0,"menu_order":0,"comment_status":"closed","ping_status":"closed","template":"","meta":{"footnotes":""},"class_list":["post-11660","page","type-page","status-publish","hentry"],"_links":{"self":[{"href":"https:\/\/www.ahnenforschung-jackmuth.de\/index.php?rest_route=\/wp\/v2\/pages\/11660","targetHints":{"allow":["GET"]}}],"collection":[{"href":"https:\/\/www.ahnenforschung-jackmuth.de\/index.php?rest_route=\/wp\/v2\/pages"}],"about":[{"href":"https:\/\/www.ahnenforschung-jackmuth.de\/index.php?rest_route=\/wp\/v2\/types\/page"}],"author":[{"embeddable":true,"href":"https:\/\/www.ahnenforschung-jackmuth.de\/index.php?rest_route=\/wp\/v2\/users\/1"}],"replies":[{"embeddable":true,"href":"https:\/\/www.ahnenforschung-jackmuth.de\/index.php?rest_route=%2Fwp%2Fv2%2Fcomments&post=11660"}],"version-history":[{"count":0,"href":"https:\/\/www.ahnenforschung-jackmuth.de\/index.php?rest_route=\/wp\/v2\/pages\/11660\/revisions"}],"wp:attachment":[{"href":"https:\/\/www.ahnenforschung-jackmuth.de\/index.php?rest_route=%2Fwp%2Fv2%2Fmedia&parent=11660"}],"curies":[{"name":"wp","href":"https:\/\/api.w.org\/{rel}","templated":true}]}}