{"id":11652,"date":"2024-06-08T11:45:52","date_gmt":"2024-06-08T11:45:52","guid":{"rendered":"https:\/\/www.ahnenforschung-jackmuth.de\/?page_id=11652"},"modified":"2024-06-08T11:54:29","modified_gmt":"2024-06-08T11:54:29","slug":"ofb-becheln-s","status":"publish","type":"page","link":"https:\/\/www.ahnenforschung-jackmuth.de\/?page_id=11652","title":{"rendered":"OFB Becheln &#8211; S"},"content":{"rendered":"<p><span style=\"font-family: times new roman, times, serif; font-size: 10pt;\"><span style=\"color: #ff0000;\"><strong><u><a id=\"sauer\"><\/a>Sauer<\/u><\/strong><strong>, Johannes:<\/strong> <\/span>Korbmacher aus dem Amt Montabaur<\/span><\/p>\n<p><span style=\"font-family: times new roman, times, serif; font-size: 10pt;\"><strong>oo<\/strong> mit <strong>N. N.<\/strong><\/span><\/p>\n<table style=\"width: 100%;\">\n<tbody>\n<tr>\n<td style=\"text-align: center; width: 5.2381%;\" width=\"22\"><span style=\"font-family: times new roman, times, serif; font-size: 10pt;\"><strong>Nr.<\/strong><\/span><\/td>\n<td style=\"width: 21.5476%;\" width=\"147\"><span style=\"font-family: times new roman, times, serif; font-size: 10pt;\"><strong>Vorname (normiert)<\/strong><\/span><\/td>\n<td style=\"text-align: center; width: 12.619%;\" width=\"79\"><span style=\"font-family: times new roman, times, serif; font-size: 10pt;\"><strong>geboren<\/strong><\/span><\/td>\n<td style=\"text-align: center; width: 12.0238%;\" width=\"74\"><span style=\"font-family: times new roman, times, serif; font-size: 10pt;\"><strong>getauft<\/strong><\/span><\/td>\n<td style=\"text-align: center; width: 11.3095%;\" width=\"69\"><span style=\"font-family: times new roman, times, serif; font-size: 10pt;\"><strong>konfirmiert<\/strong><\/span><\/td>\n<td style=\"text-align: center; width: 11.1905%;\" width=\"68\"><span style=\"font-family: times new roman, times, serif; font-size: 10pt;\"><strong>gestorben<\/strong><\/span><\/td>\n<td style=\"text-align: center; width: 10.7143%;\" width=\"65\"><span style=\"font-family: times new roman, times, serif; font-size: 10pt;\"><strong>begraben<\/strong><\/span><\/td>\n<td style=\"text-align: center; width: 7.61905%;\" width=\"42\"><span style=\"font-family: times new roman, times, serif; font-size: 10pt;\"><strong>Alter<\/strong><\/span><\/td>\n<td style=\"text-align: center; width: 7.5%;\" width=\"41\"><span style=\"font-family: times new roman, times, serif; font-size: 10pt;\"><strong>Stand<\/strong><\/span><\/td>\n<\/tr>\n<tr>\n<td style=\"text-align: center; width: 5.2381%;\" width=\"22\"><span style=\"font-family: times new roman, times, serif; font-size: 10pt;\">1<\/span><\/td>\n<td style=\"width: 21.5476%;\" width=\"147\"><span style=\"font-family: times new roman, times, serif; font-size: 10pt;\">Johannes Eberhard<\/span><\/td>\n<td style=\"text-align: center; width: 12.619%;\" width=\"79\"><span style=\"font-family: times new roman, times, serif; font-size: 10pt;\">20.06.1713<\/span><\/td>\n<td style=\"text-align: center; width: 12.0238%;\" width=\"74\"><span style=\"font-family: times new roman, times, serif; font-size: 10pt;\">20.06.1713<\/span><\/td>\n<td style=\"text-align: center; width: 11.3095%;\" width=\"69\"><\/td>\n<td style=\"text-align: center; width: 11.1905%;\" width=\"68\"><\/td>\n<td style=\"text-align: center; width: 10.7143%;\" width=\"65\"><\/td>\n<td style=\"text-align: center; width: 7.61905%;\" width=\"42\"><\/td>\n<td style=\"text-align: center; width: 7.5%;\" width=\"41\"><\/td>\n<\/tr>\n<\/tbody>\n<\/table>\n<p><span style=\"font-family: times new roman, times, serif; font-size: 10pt;\"><strong>Paten:<\/strong> <em>Johannes Eberhard Br\u00fcel vnd Anna Catharina Rinckerin, Th\u00f6nges Rinckers Fr[au]<\/em><\/span><\/p>\n<hr \/>\n<p><span style=\"font-family: times new roman, times, serif; font-size: 10pt; color: #ff0000;\"><strong><u><a id=\"saul\"><\/a>Saul<\/u><\/strong><strong>, Matth\u00e4us<\/strong><\/span><\/p>\n<p style=\"text-align: justify;\"><span style=\"font-family: times new roman, times, serif; font-size: 10pt;\"><strong>o-o mit <u>Metz<\/u>, Anna Margaretha:<\/strong> <em>aus Kirchehr im Trierischen geburtig und zu Becheln niedergekommen; sie gibt zum Vatter an Math\u00e6us Saul, der sie verla\u00dfen u. nach Holland gegangen; sie ist catholisch; ob sie mit dem angegebenen Vatter wurck[lich] copulirt sey oder [nich]t, ist ungewi\u00df<\/em><\/span><\/p>\n<table style=\"width: 100%;\">\n<tbody>\n<tr>\n<td style=\"text-align: center; width: 5.47619%;\" width=\"22\"><span style=\"font-family: times new roman, times, serif; font-size: 10pt;\"><strong>Nr.<\/strong><\/span><\/td>\n<td style=\"width: 21.1905%;\" width=\"146\"><span style=\"font-family: times new roman, times, serif; font-size: 10pt;\"><strong>Vorname (normiert)<\/strong><\/span><\/td>\n<td style=\"text-align: center; width: 12.619%;\" width=\"79\"><span style=\"font-family: times new roman, times, serif; font-size: 10pt;\"><strong>geboren<\/strong><\/span><\/td>\n<td style=\"text-align: center; width: 12.0238%;\" width=\"74\"><span style=\"font-family: times new roman, times, serif; font-size: 10pt;\"><strong>getauft<\/strong><\/span><\/td>\n<td style=\"text-align: center; width: 11.3095%;\" width=\"69\"><span style=\"font-family: times new roman, times, serif; font-size: 10pt;\"><strong>konfirmiert<\/strong><\/span><\/td>\n<td style=\"text-align: center; width: 11.1905%;\" width=\"68\"><span style=\"font-family: times new roman, times, serif; font-size: 10pt;\"><strong>gestorben<\/strong><\/span><\/td>\n<td style=\"text-align: center; width: 10.8333%;\" width=\"65\"><span style=\"font-family: times new roman, times, serif; font-size: 10pt;\"><strong>begraben<\/strong><\/span><\/td>\n<td style=\"text-align: center; width: 7.7381%;\" width=\"42\"><span style=\"font-family: times new roman, times, serif; font-size: 10pt;\"><strong>Alter<\/strong><\/span><\/td>\n<td style=\"text-align: center; width: 7.5%;\" width=\"41\"><span style=\"font-family: times new roman, times, serif; font-size: 10pt;\"><strong>Stand<\/strong><\/span><\/td>\n<\/tr>\n<tr>\n<td style=\"text-align: center; width: 5.47619%;\" width=\"22\"><span style=\"font-family: times new roman, times, serif; font-size: 10pt;\">1<\/span><\/td>\n<td style=\"width: 21.1905%;\" width=\"146\"><span style=\"font-family: times new roman, times, serif; font-size: 10pt;\">Georg Philipp<\/span><\/td>\n<td style=\"text-align: center; width: 12.619%;\" width=\"79\"><span style=\"font-family: times new roman, times, serif; font-size: 10pt;\">26.03.1772<\/span><\/td>\n<td style=\"text-align: center; width: 12.0238%;\" width=\"74\"><span style=\"font-family: times new roman, times, serif; font-size: 10pt;\">27.03.1772<\/span><\/td>\n<td style=\"text-align: center; width: 11.3095%;\" width=\"69\"><\/td>\n<td style=\"text-align: center; width: 11.1905%;\" width=\"68\"><\/td>\n<td style=\"text-align: center; width: 10.8333%;\" width=\"65\"><\/td>\n<td style=\"text-align: center; width: 7.7381%;\" width=\"42\"><\/td>\n<td style=\"text-align: center; width: 7.5%;\" width=\"41\"><\/td>\n<\/tr>\n<\/tbody>\n<\/table>\n<p><span style=\"font-family: times new roman, times, serif; font-size: 10pt;\"><strong>Paten: <\/strong><em>1) Georg Philipp Prie\u00dfmann, Hirt zu Becheln; Anna Maria Plantskyn aus Becheln<\/em><\/span><\/p>\n<hr \/>\n<p><span style=\"font-family: times new roman, times, serif; font-size: 10pt;\"><span style=\"color: #ff0000;\"><strong><u><a id=\"schaab\"><\/a>Schaab<\/u><\/strong><strong>, Johann Anton:<\/strong> <\/span>Sohn des verst. Johann Peter Schaab aus Sulzbach (Pfarrei Dienethal)<\/span><\/p>\n<p><span style=\"font-family: times new roman, times, serif; font-size: 10pt;\"><strong>oo <\/strong><strong>29.04.1738 Becheln<\/strong> mit <strong><u>G\u00f6th<\/u>, Maria Margaretha:<\/strong> * 19.04.1719 Becheln (gt. 23.04.); konf. 02.06.1732<\/span><\/p>\n<p><span style=\"font-family: times new roman, times, serif; font-size: 10pt;\">Familie wohnt in Sulzbach<\/span><\/p>\n<hr \/>\n<p style=\"text-align: justify;\"><span style=\"font-family: times new roman, times, serif; font-size: 10pt;\"><span style=\"color: #ff0000;\"><strong><u><a id=\"schaefer\"><\/a>Sch\u00e4fer<\/u><\/strong><strong>, Henrich Philipp: <\/strong><\/span>* 05.03.1679 Dachsenhausen, + 30.10.1744 Dachsenhausen; Eltern: Philipp Sch\u00e4fer und Anna Maria geb. M\u00f6tter (OFB Dachsenhausen, Nr. 2146); Familie wohnt in Dachsenhausen (OFB Dachsenhausen, Nr. 2151)<\/span><\/p>\n<p style=\"text-align: justify;\"><span style=\"font-family: times new roman, times, serif; font-size: 10pt;\"><strong>oo 11.10.1707 Dachsenhausen<\/strong> mit <strong><u>Freund<\/u>, Anna Katharina:<\/strong> * 21.08.1683 Becheln (gt. 26.08.); konf. 12.04.1696; + 14.06.1742 Dachsenhausen; Eltern: Hans Th\u00f6nges Freund und Anna Elisabeth geb. Hahn<\/span><\/p>\n<hr \/>\n<p><span style=\"font-family: times new roman, times, serif; font-size: 10pt;\"><span style=\"color: #ff0000;\"><strong><u><a id=\"schild\"><\/a>Schild<\/u><\/strong><strong>, Anton:<\/strong> <\/span>aus Ruppertshofen; leugnet die Vaterschaft<\/span><\/p>\n<p><span style=\"font-family: times new roman, times, serif; font-size: 10pt;\"><strong>o-o <\/strong>mit<strong> <u>Wagner<\/u>, Maria Katharina:<\/strong> <em>so zu die\u00dfem 2ten uneh[lichen] K[ind] als pot: angeben Anton Schild aus Ruppershoben, der es l\u00e4ugnet<\/em><\/span><\/p>\n<table style=\"width: 100%;\">\n<tbody>\n<tr>\n<td style=\"text-align: center; width: 5.11905%;\" width=\"22\"><span style=\"font-family: times new roman, times, serif; font-size: 10pt;\"><strong>Nr.<\/strong><\/span><\/td>\n<td style=\"width: 21.9048%;\" width=\"148\"><span style=\"font-family: times new roman, times, serif; font-size: 10pt;\"><strong>Vorname (normiert)<\/strong><\/span><\/td>\n<td style=\"text-align: center; width: 11.9048%;\" width=\"73\"><span style=\"font-family: times new roman, times, serif; font-size: 10pt;\"><strong>geboren<\/strong><\/span><\/td>\n<td style=\"text-align: center; width: 12.1429%;\" width=\"75\"><span style=\"font-family: times new roman, times, serif; font-size: 10pt;\"><strong>getauft<\/strong><\/span><\/td>\n<td style=\"text-align: center; width: 11.3095%;\" width=\"69\"><span style=\"font-family: times new roman, times, serif; font-size: 10pt;\"><strong>konfirmiert<\/strong><\/span><\/td>\n<td style=\"text-align: center; width: 11.1905%;\" width=\"68\"><span style=\"font-family: times new roman, times, serif; font-size: 10pt;\"><strong>gestorben<\/strong><\/span><\/td>\n<td style=\"text-align: center; width: 10.9524%;\" width=\"66\"><span style=\"font-family: times new roman, times, serif; font-size: 10pt;\"><strong>begraben<\/strong><\/span><\/td>\n<td style=\"text-align: center; width: 7.7381%;\" width=\"42\"><span style=\"font-family: times new roman, times, serif; font-size: 10pt;\"><strong>Alter<\/strong><\/span><\/td>\n<td style=\"text-align: center; width: 7.7381%;\" width=\"42\"><span style=\"font-family: times new roman, times, serif; font-size: 10pt;\"><strong>Stand<\/strong><\/span><\/td>\n<\/tr>\n<tr>\n<td style=\"text-align: center; width: 5.11905%;\" width=\"22\"><span style=\"font-family: times new roman, times, serif; font-size: 10pt;\">1<\/span><\/td>\n<td style=\"width: 21.9048%;\" width=\"148\"><span style=\"font-family: times new roman, times, serif; font-size: 10pt;\">Maria Elisabeth (illeg.)<\/span><\/td>\n<td style=\"text-align: center; width: 11.9048%;\" width=\"73\"><\/td>\n<td style=\"text-align: center; width: 12.1429%;\" width=\"75\"><span style=\"font-family: times new roman, times, serif; font-size: 10pt;\">09.07.1752<\/span><\/td>\n<td style=\"text-align: center; width: 11.3095%;\" width=\"69\"><\/td>\n<td style=\"text-align: center; width: 11.1905%;\" width=\"68\"><\/td>\n<td style=\"text-align: center; width: 10.9524%;\" width=\"66\"><\/td>\n<td style=\"text-align: center; width: 7.7381%;\" width=\"42\"><\/td>\n<td style=\"text-align: center; width: 7.7381%;\" width=\"42\"><\/td>\n<\/tr>\n<\/tbody>\n<\/table>\n<p><span style=\"font-family: times new roman, times, serif; font-size: 10pt;\"><strong>Paten: <\/strong><em>Adam Henrich Schmidt; und Maria Elis: Antonin; beyde von Dornholtzh[ausen]; wie Anna Maria Brodtin aus Becheln<\/em><\/span><\/p>\n<hr \/>\n<p style=\"text-align: justify;\"><span style=\"font-family: times new roman, times, serif; font-size: 10pt;\"><span style=\"color: #ff0000;\"><strong><u><a id=\"schinkenberger\"><\/a>Schinkenberger<\/u><\/strong><strong>, Maria Christina:<\/strong> <\/span>+ 11.02.1816 Becheln, 51 Jahre und 2 Tage alt (bg. 13.02.); * 10.12.1763 Fr\u00fccht (gt. 12.12.); konf. 25.05.1777; Eltern: Johann Adam Schinkenberger (aus Braubach) und Katharina Elisabeth geb. Scheuerer<\/span><\/p>\n<hr \/>\n<p style=\"text-align: justify;\"><span style=\"font-family: times new roman, times, serif; font-size: 10pt;\"><span style=\"color: #ff0000;\"><strong><u>Schinkenberger<\/u><\/strong><strong>, Johann Henrich:<\/strong><\/span> + 29.02.1816 Becheln, 54 Jahre, 2 Monate und 13 Tage alt (bg. 02.03.); * 07.12.1761 Fr\u00fccht (gt. 10.12.); konf. 1776; Eltern: Johann Adam Schinkenberger (aus Braubach) und Katharina Elisabeth geb. Scheuerer<\/span><\/p>\n<hr \/>\n<p><span style=\"font-family: times new roman, times, serif; font-size: 10pt;\"><span style=\"color: #ff0000;\"><strong><u><a id=\"schleimer\"><\/a>Schleimer<\/u>, Maria Katharina:<\/strong> <\/span>+ 22.01.1801 Becheln, 6 Monate alt (bg. 24.01.)<\/span><\/p>\n<hr \/>\n<p><span style=\"font-family: times new roman, times, serif; font-size: 10pt;\"><span style=\"color: #ff0000;\"><strong><u><a id=\"schneider\"><\/a>Schneider<\/u><\/strong><strong>, N. N.:<\/strong> <\/span>aus Dausenau<\/span><\/p>\n<p style=\"text-align: justify;\"><span style=\"font-family: times new roman, times, serif; font-size: 10pt;\"><strong>oo 07.06.1757 Becheln<\/strong> mit <strong><u>Wahl<\/u>, Maria Christina:<\/strong> * 31.07.1737 Becheln (gt. 04.08.); konf. 30.05.1751; Eltern: Johann Georg Wahl und Maria Christina geb. Wagner<\/span><\/p>\n<hr \/>\n<p><span style=\"font-family: times new roman, times, serif; font-size: 10pt;\"><span style=\"color: #ff0000;\"><strong><u><a id=\"seelbaecher\"><\/a>Seelb\u00e4cher<\/u><\/strong><strong>, Friedrich:<\/strong> <\/span>ein armer Mann von Seelbach (Pfarrei Arnstein)<\/span><\/p>\n<p><span style=\"font-family: times new roman, times, serif; font-size: 10pt;\"><strong>oo<\/strong> mit <strong>Gertrud<\/strong><\/span><\/p>\n<table style=\"width: 100%;\">\n<tbody>\n<tr>\n<td style=\"text-align: center; width: 5.2381%;\" width=\"22\"><span style=\"font-family: times new roman, times, serif; font-size: 10pt;\"><strong>Nr.<\/strong><\/span><\/td>\n<td style=\"width: 21.5476%;\" width=\"147\"><span style=\"font-family: times new roman, times, serif; font-size: 10pt;\"><strong>Vorname (normiert)<\/strong><\/span><\/td>\n<td style=\"text-align: center; width: 12.619%;\" width=\"79\"><span style=\"font-family: times new roman, times, serif; font-size: 10pt;\"><strong>geboren<\/strong><\/span><\/td>\n<td style=\"text-align: center; width: 12.0238%;\" width=\"74\"><span style=\"font-family: times new roman, times, serif; font-size: 10pt;\"><strong>getauft<\/strong><\/span><\/td>\n<td style=\"text-align: center; width: 11.3095%;\" width=\"69\"><span style=\"font-family: times new roman, times, serif; font-size: 10pt;\"><strong>konfirmiert<\/strong><\/span><\/td>\n<td style=\"text-align: center; width: 11.0714%;\" width=\"67\"><span style=\"font-family: times new roman, times, serif; font-size: 10pt;\"><strong>gestorben<\/strong><\/span><\/td>\n<td style=\"text-align: center; width: 10.8333%;\" width=\"65\"><span style=\"font-family: times new roman, times, serif; font-size: 10pt;\"><strong>begraben<\/strong><\/span><\/td>\n<td style=\"text-align: center; width: 7.7381%;\" width=\"42\"><span style=\"font-family: times new roman, times, serif; font-size: 10pt;\"><strong>Alter<\/strong><\/span><\/td>\n<td style=\"text-align: center; width: 7.5%;\" width=\"41\"><span style=\"font-family: times new roman, times, serif; font-size: 10pt;\"><strong>Stand<\/strong><\/span><\/td>\n<\/tr>\n<tr>\n<td style=\"text-align: center; width: 5.2381%;\" width=\"22\"><span style=\"font-family: times new roman, times, serif; font-size: 10pt;\">1<\/span><\/td>\n<td style=\"width: 21.5476%;\" width=\"147\"><span style=\"font-family: times new roman, times, serif; font-size: 10pt;\">Elisabeth Katharina<\/span><\/td>\n<td style=\"text-align: center; width: 12.619%;\" width=\"79\"><span style=\"font-family: times new roman, times, serif; font-size: 10pt;\">13.04.1727<\/span><\/td>\n<td style=\"text-align: center; width: 12.0238%;\" width=\"74\"><span style=\"font-family: times new roman, times, serif; font-size: 10pt;\">14.04.1727<\/span><\/td>\n<td style=\"text-align: center; width: 11.3095%;\" width=\"69\"><\/td>\n<td style=\"text-align: center; width: 11.0714%;\" width=\"67\"><\/td>\n<td style=\"text-align: center; width: 10.8333%;\" width=\"65\"><\/td>\n<td style=\"text-align: center; width: 7.7381%;\" width=\"42\"><\/td>\n<td style=\"text-align: center; width: 7.5%;\" width=\"41\"><\/td>\n<\/tr>\n<\/tbody>\n<\/table>\n<p style=\"text-align: justify;\"><span style=\"font-family: times new roman, times, serif; font-size: 10pt;\"><strong>Paten: <\/strong><em>1) H[err] Schulthei\u00df Gottfried Rincker; 2) Elisabeth Cathar[ina], M\u00fcller Th\u00f6ngens aus Zippenhan ehe[liche] Tochter; 3) Catharina, Michael von der Pottasch eh[liche] Hau\u00dffrau<\/em><\/span><\/p>\n<hr \/>\n<p style=\"text-align: justify;\"><span style=\"font-family: times new roman, times, serif; font-size: 10pt;\"><span style=\"color: #ff0000;\"><strong><u><a id=\"seelmann\"><\/a>Seelmann<\/u><\/strong><strong>, Johann Philipp:<\/strong> <\/span>Witwer; gt. 07.05.1784 Braubach; konf. 03.06.1798 Braubach; + 07.12.1858 Braubach (bg. 09.12.); Eltern: Johann Henrich Seelmann und Johanna Maria geb. Fischer; oo I. 15.03.1807 Braubach mit Katharina Christiana Winterwerb (* xx.04.1787 Braubach (gt. 24.04.); konf. 24.05.1801; + 10.01.1815 Braubach, an der Auszehrung (bg. 13.01.); Eltern: Johann Konrad Winterwerb, Fuhrmann, und Maria Magdalena geb. Fischer)<\/span><\/p>\n<p style=\"text-align: justify;\"><span style=\"font-family: times new roman, times, serif; font-size: 10pt;\"><strong>oo II. <\/strong><strong>13.08.1815 Becheln<\/strong> mit <strong><u>Wagner<\/u>, Maria Magdalena:<\/strong> * 20.07.1787 Becheln (gt. 22.07.); konf. 1801; + 14.06.1839 Braubach (bg. 17.06.); Eltern: Georg Peter Wagner und Maria Christina geb. G\u00f6th<\/span><\/p>\n<p><span style=\"font-family: times new roman, times, serif; font-size: 10pt;\">Familie wohnt in Braubach<\/span><\/p>\n<hr \/>\n<p><span style=\"font-family: times new roman, times, serif; font-size: 10pt;\"><span style=\"color: #ff0000;\"><strong><u><a id=\"sieber\"><\/a>Sieber<\/u><\/strong><strong>, Philipp Andreas:<\/strong> <\/span>kath.; Korbmacher (Mannenmacher)<\/span><\/p>\n<p><span style=\"font-family: times new roman, times, serif; font-size: 10pt;\"><strong>oo<\/strong> mit <strong>Maria Barbara:<\/strong> ref.<\/span><\/p>\n<table style=\"width: 100%;\">\n<tbody>\n<tr>\n<td style=\"text-align: center; width: 5.2381%;\" width=\"22\"><span style=\"font-family: times new roman, times, serif; font-size: 10pt;\"><strong>Nr.<\/strong><\/span><\/td>\n<td style=\"width: 21.5476%;\" width=\"147\"><span style=\"font-family: times new roman, times, serif; font-size: 10pt;\"><strong>Vorname (normiert)<\/strong><\/span><\/td>\n<td style=\"text-align: center; width: 12.619%;\" width=\"79\"><span style=\"font-family: times new roman, times, serif; font-size: 10pt;\"><strong>geboren<\/strong><\/span><\/td>\n<td style=\"text-align: center; width: 12.0238%;\" width=\"74\"><span style=\"font-family: times new roman, times, serif; font-size: 10pt;\"><strong>getauft<\/strong><\/span><\/td>\n<td style=\"text-align: center; width: 11.3095%;\" width=\"69\"><span style=\"font-family: times new roman, times, serif; font-size: 10pt;\"><strong>konfirmiert<\/strong><\/span><\/td>\n<td style=\"text-align: center; width: 11.1905%;\" width=\"68\"><span style=\"font-family: times new roman, times, serif; font-size: 10pt;\"><strong>gestorben<\/strong><\/span><\/td>\n<td style=\"text-align: center; width: 10.7143%;\" width=\"65\"><span style=\"font-family: times new roman, times, serif; font-size: 10pt;\"><strong>begraben<\/strong><\/span><\/td>\n<td style=\"text-align: center; width: 7.61905%;\" width=\"42\"><span style=\"font-family: times new roman, times, serif; font-size: 10pt;\"><strong>Alter<\/strong><\/span><\/td>\n<td style=\"text-align: center; width: 7.5%;\" width=\"41\"><span style=\"font-family: times new roman, times, serif; font-size: 10pt;\"><strong>Stand<\/strong><\/span><\/td>\n<\/tr>\n<tr>\n<td style=\"text-align: center; width: 5.2381%;\" width=\"22\"><span style=\"font-family: times new roman, times, serif; font-size: 10pt;\">1<\/span><\/td>\n<td style=\"width: 21.5476%;\" width=\"147\"><span style=\"font-family: times new roman, times, serif; font-size: 10pt;\">Maria Elisabeth<\/span><\/td>\n<td style=\"text-align: center; width: 12.619%;\" width=\"79\"><span style=\"font-family: times new roman, times, serif; font-size: 10pt;\">30.04.1786<\/span><\/td>\n<td style=\"text-align: center; width: 12.0238%;\" width=\"74\"><span style=\"font-family: times new roman, times, serif; font-size: 10pt;\">03.05.1786<\/span><\/td>\n<td style=\"text-align: center; width: 11.3095%;\" width=\"69\"><\/td>\n<td style=\"text-align: center; width: 11.1905%;\" width=\"68\"><\/td>\n<td style=\"text-align: center; width: 10.7143%;\" width=\"65\"><\/td>\n<td style=\"text-align: center; width: 7.61905%;\" width=\"42\"><\/td>\n<td style=\"text-align: center; width: 7.5%;\" width=\"41\"><\/td>\n<\/tr>\n<\/tbody>\n<\/table>\n<p style=\"text-align: justify;\"><span style=\"font-family: times new roman, times, serif; font-size: 10pt;\"><strong>Paten: <\/strong><em>1) Maria Elisabetha, Joh. Christian Deutesfeld Ehefrau zu Bechlen; 2) Maria Christina, wey[land] Joh. Philip Hehns hinterla\u00dfene Tochter; 3) Joh. Friederich Sieber, patris frater<\/em><\/span><\/p>\n<hr \/>\n<p><span style=\"font-family: times new roman, times, serif; font-size: 10pt;\"><span style=\"color: #ff0000;\"><strong><u><a id=\"singhof\"><\/a>Singhof<\/u><\/strong><strong>, Johann Peter:<\/strong> <\/span>von Geisig; 1679 in Becheln<\/span><\/p>\n<p><span style=\"font-family: times new roman, times, serif; font-size: 10pt;\"><strong>oo <\/strong><strong>07.11.1671 Dornholzhausen<\/strong> mit <strong><u>Sixt<\/u>, Anna Margaretha:<\/strong> Tochter des Hans Bernhard Sixt von Ehr (Pfarrei Marienfels)<\/span><\/p>\n<table style=\"width: 100%;\">\n<tbody>\n<tr>\n<td style=\"text-align: center; width: 5.59524%;\" width=\"24\"><span style=\"font-family: times new roman, times, serif; font-size: 10pt;\"><strong>Nr.<\/strong><\/span><\/td>\n<td style=\"width: 20.4762%;\" width=\"141\"><span style=\"font-family: times new roman, times, serif; font-size: 10pt;\"><strong>Vorname (normiert)<\/strong><\/span><\/td>\n<td style=\"text-align: center; width: 12.381%;\" width=\"78\"><span style=\"font-family: times new roman, times, serif; font-size: 10pt;\"><strong>geboren<\/strong><\/span><\/td>\n<td style=\"text-align: center; width: 11.4286%;\" width=\"71\"><span style=\"font-family: times new roman, times, serif; font-size: 10pt;\"><strong>getauft<\/strong><\/span><\/td>\n<td style=\"text-align: center; width: 11.1905%;\" width=\"69\"><span style=\"font-family: times new roman, times, serif; font-size: 10pt;\"><strong>konfirmiert<\/strong><\/span><\/td>\n<td style=\"text-align: center; width: 11.5476%;\" width=\"72\"><span style=\"font-family: times new roman, times, serif; font-size: 10pt;\"><strong>gestorben<\/strong><\/span><\/td>\n<td style=\"text-align: center; width: 12.0238%;\" width=\"75\"><span style=\"font-family: times new roman, times, serif; font-size: 10pt;\"><strong>begraben<\/strong><\/span><\/td>\n<td style=\"text-align: center; width: 8.69048%;\" width=\"50\"><span style=\"font-family: times new roman, times, serif; font-size: 10pt;\"><strong>Alter<\/strong><\/span><\/td>\n<td style=\"text-align: center; width: 6.66667%;\" width=\"35\"><span style=\"font-family: times new roman, times, serif; font-size: 10pt;\"><strong>Stand<\/strong><\/span><\/td>\n<\/tr>\n<tr>\n<td style=\"text-align: center; width: 5.59524%;\" width=\"24\"><span style=\"font-family: times new roman, times, serif; font-size: 10pt;\">1<\/span><\/td>\n<td style=\"width: 20.4762%;\" width=\"141\"><span style=\"font-family: times new roman, times, serif; font-size: 10pt;\">Anna Magdalena<\/span><\/td>\n<td style=\"text-align: center; width: 12.381%;\" width=\"78\"><span style=\"font-family: times new roman, times, serif; font-size: 10pt;\">17.11.1672<\/span><\/td>\n<td style=\"text-align: center; width: 11.4286%;\" width=\"71\"><span style=\"font-family: times new roman, times, serif; font-size: 10pt;\">25.11.1672<\/span><\/td>\n<td style=\"text-align: center; width: 11.1905%;\" width=\"69\"><\/td>\n<td style=\"text-align: center; width: 11.5476%;\" width=\"72\"><span style=\"font-family: times new roman, times, serif; font-size: 10pt;\">20.09.1687<\/span><\/td>\n<td style=\"text-align: center; width: 12.0238%;\" width=\"75\"><span style=\"font-family: times new roman, times, serif; font-size: 10pt;\">21.09.1687<\/span><\/td>\n<td style=\"text-align: center; width: 8.69048%;\" width=\"50\"><span style=\"font-family: times new roman, times, serif; font-size: 10pt;\">14,85<\/span><\/td>\n<td style=\"text-align: center; width: 6.66667%;\" width=\"35\"><\/td>\n<\/tr>\n<tr>\n<td style=\"text-align: center; width: 5.59524%;\"><span style=\"font-family: times new roman, times, serif; font-size: 10pt;\">2<\/span><\/td>\n<td style=\"width: 20.4762%;\"><span style=\"font-family: times new roman, times, serif; font-size: 10pt;\">Johann David<\/span><\/td>\n<td style=\"text-align: center; width: 12.381%;\"><span style=\"font-family: times new roman, times, serif; font-size: 10pt;\">02.06.1675<\/span><\/td>\n<td style=\"text-align: center; width: 11.4286%;\"><span style=\"font-family: times new roman, times, serif; font-size: 10pt;\">06.06.1675<\/span><\/td>\n<td style=\"text-align: center; width: 11.1905%;\"><\/td>\n<td style=\"text-align: center; width: 11.5476%;\"><\/td>\n<td style=\"text-align: center; width: 12.0238%;\"><\/td>\n<td style=\"text-align: center; width: 8.69048%;\"><\/td>\n<td style=\"text-align: center; width: 6.66667%;\"><\/td>\n<\/tr>\n<tr>\n<td style=\"text-align: center; width: 5.59524%;\"><span style=\"font-family: times new roman, times, serif; font-size: 10pt;\">3<\/span><\/td>\n<td style=\"width: 20.4762%;\"><span style=\"font-family: times new roman, times, serif; font-size: 10pt;\">Anna Maria<\/span><\/td>\n<td style=\"text-align: center; width: 12.381%;\"><span style=\"font-family: times new roman, times, serif; font-size: 10pt;\">21.12.1679<\/span><\/td>\n<td style=\"text-align: center; width: 11.4286%;\"><span style=\"font-family: times new roman, times, serif; font-size: 10pt;\">27.12.1679<\/span><\/td>\n<td style=\"text-align: center; width: 11.1905%;\"><\/td>\n<td style=\"text-align: center; width: 11.5476%;\"><\/td>\n<td style=\"text-align: center; width: 12.0238%;\"><\/td>\n<td style=\"text-align: center; width: 8.69048%;\"><\/td>\n<td style=\"text-align: center; width: 6.66667%;\"><\/td>\n<\/tr>\n<\/tbody>\n<\/table>\n<p><span style=\"font-family: times new roman, times, serif; font-size: 10pt;\">Kind Nr. 1) und 2) * Geisig; Kind Nr. 3) Becheln<br \/>\n<\/span><span style=\"font-family: times new roman, times, serif; font-size: 10pt;\">Kind Nr. 1) + Geisig, ohne Angabe der Eltern, Leichentext: Ps 42, 1-2<\/span><\/p>\n<p style=\"text-align: justify;\"><span style=\"font-family: times new roman, times, serif; font-size: 10pt;\"><strong>Paten: zu 1) <\/strong><em>1) Anna Magdalena, T\u00f6nnigs Meyen Tochter zu Schweighau\u00dfen; 2) Anna Clara, Johan Adam Hamans auff Oberwi\u00df Ehefraw; 3) Johann T\u00f6nnigs Sixt von Eher <\/em>[Ehr] \u2014 <strong>zu 2) <\/strong><em>1) Hans Peter Minnor von Scheuren; 2) Johan Daniel Singhoffen zu Gei\u00dfig; 3) Anna Margaretha Friederichs, des M\u00fcllers Tochter <\/em>\u2014 <strong>zu 3) <\/strong><em>Johann Philipp Sechs von Eher <\/em>[Ehr]<em>; Maria, Michael Metzen Hau\u00dffraw; undt Anna Barbara, Friederich Ansels Tochter<\/em><\/span><\/p>\n<hr \/>\n<p><span style=\"font-family: times new roman, times, serif; font-size: 10pt;\"><span style=\"color: #ff0000;\"><strong><u>Singhof<\/u><\/strong><strong>, Philipp Henrich:<\/strong> <\/span>Witwer aus Berg (Pfarrei Marienfels)<\/span><\/p>\n<p><span style=\"font-family: times new roman, times, serif; font-size: 10pt;\"><strong>oo <\/strong><strong>19.01.1808<\/strong> Becheln mit <strong><u>Metz<\/u>, Elisabeth Katharina: <\/strong>evtl. Tochter des Johann Anton Metz und * 09.03.1781 Becheln<\/span><\/p>\n<p style=\"text-align: justify;\"><span style=\"font-family: times new roman, times, serif; font-size: 10pt;\">Familie wohnt in Berg. Kinder: 1) Maria Magdalena * 14.11.1808 Berg (gt. 20.11., Paten: <em>Maria Magdalena Metzin, Maria Cathrina Anselin, beide von Becheln, und Georg Philipp, Niclas Peter Bingels Sohn zu Berg<\/em>)<\/span><\/p>\n<hr \/>\n<p><span style=\"font-family: times new roman, times, serif; font-size: 10pt;\"><span style=\"color: #ff0000;\"><strong><u><a id=\"sohr\"><\/a>Sohr<\/u><\/strong><strong>, Christina:<\/strong> <\/span>konf. 20.04.1766 Becheln<\/span><\/p>\n<hr \/>\n<p><span style=\"font-family: times new roman, times, serif; font-size: 10pt;\"><span style=\"color: #ff0000;\"><strong><u>Sohr<\/u><\/strong><strong>, Johann Andreas:<\/strong> <\/span>konf. 20.5.1770 Becheln<\/span><\/p>\n<hr \/>\n<p><span style=\"font-family: times new roman, times, serif; font-size: 10pt;\"><span style=\"color: #ff0000;\"><strong><u>Sohr<\/u><\/strong><strong>, Johann Nikolaus: <\/strong><\/span>Viehhirte auf dem Hinterwald (1761-1762)<\/span><\/p>\n<p><span style=\"font-family: times new roman, times, serif; font-size: 10pt;\"><strong>oo<\/strong> mit <strong>Anna Magdalena<\/strong><\/span><\/p>\n<table style=\"width: 100%;\">\n<tbody>\n<tr>\n<td style=\"text-align: center; width: 5.2381%;\" width=\"22\"><span style=\"font-family: times new roman, times, serif; font-size: 10pt;\"><strong>Nr.<\/strong><\/span><\/td>\n<td style=\"width: 21.4286%;\" width=\"146\"><span style=\"font-family: times new roman, times, serif; font-size: 10pt;\"><strong>Vorname (normiert)<\/strong><\/span><\/td>\n<td style=\"text-align: center; width: 12.619%;\" width=\"79\"><span style=\"font-family: times new roman, times, serif; font-size: 10pt;\"><strong>geboren<\/strong><\/span><\/td>\n<td style=\"text-align: center; width: 11.0714%;\" width=\"67\"><span style=\"font-family: times new roman, times, serif; font-size: 10pt;\"><strong>getauft<\/strong><\/span><\/td>\n<td style=\"text-align: center; width: 11.3095%;\" width=\"69\"><span style=\"font-family: times new roman, times, serif; font-size: 10pt;\"><strong>konfirmiert<\/strong><\/span><\/td>\n<td style=\"text-align: center; width: 12.0238%;\" width=\"74\"><span style=\"font-family: times new roman, times, serif; font-size: 10pt;\"><strong>gestorben<\/strong><\/span><\/td>\n<td style=\"text-align: center; width: 10.5952%;\" width=\"64\"><span style=\"font-family: times new roman, times, serif; font-size: 10pt;\"><strong>begraben<\/strong><\/span><\/td>\n<td style=\"text-align: center; width: 7.97619%;\" width=\"44\"><span style=\"font-family: times new roman, times, serif; font-size: 10pt;\"><strong>Alter<\/strong><\/span><\/td>\n<td style=\"text-align: center; width: 7.5%;\" width=\"41\"><span style=\"font-family: times new roman, times, serif; font-size: 10pt;\"><strong>Stand<\/strong><\/span><\/td>\n<\/tr>\n<tr>\n<td style=\"text-align: center; width: 5.2381%;\" width=\"22\"><span style=\"font-family: times new roman, times, serif; font-size: 10pt;\">1<\/span><\/td>\n<td style=\"width: 21.4286%;\" width=\"146\"><span style=\"font-family: times new roman, times, serif; font-size: 10pt;\">Philipp Adam<\/span><\/td>\n<td style=\"text-align: center; width: 12.619%;\" width=\"79\"><\/td>\n<td style=\"text-align: center; width: 11.0714%;\" width=\"67\"><\/td>\n<td style=\"text-align: center; width: 11.3095%;\" width=\"69\"><\/td>\n<td style=\"text-align: center; width: 12.0238%;\" width=\"74\"><span style=\"font-family: times new roman, times, serif; font-size: 10pt;\">07.08.1761<\/span><\/td>\n<td style=\"text-align: center; width: 10.5952%;\" width=\"64\"><span style=\"font-family: times new roman, times, serif; font-size: 10pt;\">09.08.1761<\/span><\/td>\n<td style=\"text-align: center; width: 7.97619%;\" width=\"44\"><\/td>\n<td style=\"text-align: center; width: 7.5%;\" width=\"41\"><\/td>\n<\/tr>\n<tr>\n<td style=\"text-align: center; width: 5.2381%;\" width=\"22\"><span style=\"font-family: times new roman, times, serif; font-size: 10pt;\">2<\/span><\/td>\n<td style=\"width: 21.4286%;\" width=\"146\"><span style=\"font-family: times new roman, times, serif; font-size: 10pt;\">Maria Elisabeth<\/span><\/td>\n<td style=\"text-align: center; width: 12.619%;\" width=\"79\"><span style=\"font-family: times new roman, times, serif; font-size: 10pt;\">29.08.1762<\/span><\/td>\n<td style=\"text-align: center; width: 11.0714%;\" width=\"67\"><\/td>\n<td style=\"text-align: center; width: 11.3095%;\" width=\"69\"><\/td>\n<td style=\"text-align: center; width: 12.0238%;\" width=\"74\"><span style=\"font-family: times new roman, times, serif; font-size: 10pt;\">07.03.1764<\/span><\/td>\n<td style=\"text-align: center; width: 10.5952%;\" width=\"64\"><span style=\"font-family: times new roman, times, serif; font-size: 10pt;\">0903.1764<\/span><\/td>\n<td style=\"text-align: center; width: 7.97619%;\" width=\"44\"><span style=\"font-family: times new roman, times, serif; font-size: 10pt;\">1,52<\/span><\/td>\n<td style=\"text-align: center; width: 7.5%;\" width=\"41\"><\/td>\n<\/tr>\n<tr>\n<td style=\"text-align: center; width: 5.2381%;\" width=\"22\"><span style=\"font-family: times new roman, times, serif; font-size: 10pt;\">3<\/span><\/td>\n<td style=\"width: 21.4286%;\" width=\"146\"><span style=\"font-family: times new roman, times, serif; font-size: 10pt;\">Katharina Elisabeth<\/span><\/td>\n<td style=\"text-align: center; width: 12.619%;\" width=\"79\"><span style=\"font-family: times new roman, times, serif; font-size: 10pt;\">17.06.1765<\/span><\/td>\n<td style=\"text-align: center; width: 11.0714%;\" width=\"67\"><\/td>\n<td style=\"text-align: center; width: 11.3095%;\" width=\"69\"><\/td>\n<td style=\"text-align: center; width: 12.0238%;\" width=\"74\"><span style=\"font-family: times new roman, times, serif; font-size: 10pt;\">20.08.1770<\/span><\/td>\n<td style=\"text-align: center; width: 10.5952%;\" width=\"64\"><\/td>\n<td style=\"text-align: center; width: 7.97619%;\" width=\"44\"><span style=\"font-family: times new roman, times, serif; font-size: 10pt;\">5,18<\/span><\/td>\n<td style=\"text-align: center; width: 7.5%;\" width=\"41\"><\/td>\n<\/tr>\n<tr>\n<td style=\"text-align: center; width: 5.2381%;\"><span style=\"font-family: times new roman, times, serif; font-size: 10pt;\">4<\/span><\/td>\n<td style=\"width: 21.4286%;\"><span style=\"font-family: times new roman, times, serif; font-size: 10pt;\">Johann Philipp<\/span><\/td>\n<td style=\"text-align: center; width: 12.619%;\"><span style=\"font-family: times new roman, times, serif; font-size: 10pt;\">02.02.1768<\/span><\/td>\n<td style=\"text-align: center; width: 11.0714%;\"><\/td>\n<td style=\"text-align: center; width: 11.3095%;\"><\/td>\n<td style=\"text-align: center; width: 12.0238%;\"><\/td>\n<td style=\"text-align: center; width: 10.5952%;\"><\/td>\n<td style=\"text-align: center; width: 7.97619%;\"><\/td>\n<td style=\"text-align: center; width: 7.5%;\"><\/td>\n<\/tr>\n<tr>\n<td style=\"text-align: center; width: 5.2381%;\"><span style=\"font-family: times new roman, times, serif; font-size: 10pt;\">5<\/span><\/td>\n<td style=\"width: 21.4286%;\"><span style=\"font-family: times new roman, times, serif; font-size: 10pt;\">Johann Gottfried<\/span><\/td>\n<td style=\"text-align: center; width: 12.619%;\"><span style=\"font-family: times new roman, times, serif; font-size: 10pt;\">01.05.1771<\/span><\/td>\n<td style=\"text-align: center; width: 11.0714%;\"><\/td>\n<td style=\"text-align: center; width: 11.3095%;\"><\/td>\n<td style=\"text-align: center; width: 12.0238%;\"><\/td>\n<td style=\"text-align: center; width: 10.5952%;\"><\/td>\n<td style=\"text-align: center; width: 7.97619%;\"><\/td>\n<td style=\"text-align: center; width: 7.5%;\"><\/td>\n<\/tr>\n<\/tbody>\n<\/table>\n<p><span style=\"font-family: times new roman, times, serif; font-size: 10pt;\">Kind Nr. 1) + Hinterwald (OFB Dachsenhausen, Nr. 2480)<br \/>\n<\/span><span style=\"font-family: times new roman, times, serif; font-size: 10pt;\">Kind Nr. 2) * Hinterwald (OFB Dachsenhausen, Nr. 2480); gt. zu Schweighausen in Abwesenheit des Pfarrers (lt. KB Dachsenhausen)<br \/>\n<\/span><span style=\"font-family: times new roman, times, serif; font-size: 10pt;\">Kind Nr. 3) \u2013 5) * Becheln<\/span><\/p>\n<p style=\"text-align: justify;\"><span style=\"font-family: times new roman, times, serif; font-size: 10pt;\"><strong>Paten: zu 2) <\/strong><em>Johann Philips Limp\u00fctz von Kehlbach; 2) Sophia Elisabeth <\/em>[ ]<em> von Singhofen; und 3) Anna Maria Krentzheuserin von Elsberg <\/em>[Oelsberg]<em>\u00a0 <\/em>\u2014 <strong>zu 3)<\/strong> <em>1) Johann Conrad Ebstein von Berg; 2) Cath. Elis., des Andr. Schmidts Tochter von Berg; 3) Mar. Elis., des Joh. Wendel M\u00fcllers, Vors\u00e4ngers, Tochter, zu Becheln <\/em>\u2014 <strong>zu 4) <\/strong><em>1) Johann Philipp Pfeiffer von Becheln; 2) Joh. Phi[lipp] Hehn von Becheln; 3) Anna Kunigunda Gemmerin von Becheln <\/em>\u2014 <strong>zu 5) <\/strong><em>1) Joh. Gottfried Metz; 2) Joh. Anton Schmidt, des oranien nass. Schulth[ei\u00dfe]n Sohn; 3) Cath. Elis., des Joh. Peter Schmidts hinterlasene Tochter<\/em><\/span><\/p>\n<hr \/>\n<p><span style=\"font-family: times new roman, times, serif; font-size: 10pt;\"><span style=\"color: #ff0000;\"><strong><u><a id=\"sommer\"><\/a>Sommer<\/u><\/strong><strong>, Johann Gottfried:<\/strong> <\/span>Sohn des Johann Philipp Sommer aus Oberbachheim<\/span><\/p>\n<p style=\"text-align: justify;\"><span style=\"font-family: times new roman, times, serif; font-size: 10pt;\"><em>\u00a0<\/em><\/span><span style=\"font-family: times new roman, times, serif; font-size: 10pt;\"><strong>oo <\/strong><strong>15.11.1774 Niederbachheim<\/strong> mit <strong><u>Metz<\/u>, Elisabeth Katharina:<\/strong> * 29.12.1742 Becheln (gt. 01.01.1743); konf. 05.06.1757; Eltern: Johann Friedrich Metz und Christina Elisabeth geb. Wagner<\/span><\/p>\n<hr \/>\n<p><span style=\"font-family: times new roman, times, serif; font-size: 10pt;\"><span style=\"color: #ff0000;\"><strong><u><a id=\"steinborn\"><\/a>Steinborn<\/u><\/strong><strong>, Johann Philipp:<\/strong> <\/span>Schmiedmeister; Sohn des Matthes Steinborn, Schmiedmeister vom Emser Bad<\/span><\/p>\n<p style=\"text-align: justify;\"><span style=\"font-family: times new roman, times, serif; font-size: 10pt;\"><strong>oo <\/strong><strong>12.04.1774 Dausenau<\/strong> mit <strong><u>Gerhard<\/u><\/strong><strong>, Elisabeth Katharina:<\/strong> * 18.05.1750 Becheln (gt. 24.05.); + 20.10.1777 Becheln, im Kindbett (bg. 22.10.); Eltern: Johann Peter Gerhard und Maria Apollonia geb. Hoffmann; oo II. 27.12.1776 Becheln Johann Friedrich Alberti, Schuldiener in Becheln, dann in Dornholzhausen<\/span><\/p>\n<hr \/>\n<p><span style=\"font-family: times new roman, times, serif; font-size: 10pt;\"><strong><span style=\"color: #ff0000;\">Steinborn, Johann Peter:<\/span> <\/strong>+ 21.07.1775 Becheln, 5 Monate und 7 Tage alt (bg. 23.07.); Sohn des verst. Johann Philipp Steinborn vom Emser Bad<\/span><\/p>\n<hr \/>\n<p><span style=\"font-family: times new roman, times, serif; font-size: 10pt;\"><span style=\"color: #ff0000;\"><strong><u><a id=\"steinmetz\"><\/a>Steinmetz<\/u><\/strong><strong>, Philipp Jakob:<\/strong><\/span> aus Obertiefenbach (VG Nast\u00e4tten); Sch\u00e4fer in Hinterwald<\/span><\/p>\n<p style=\"text-align: justify;\"><span style=\"font-family: times new roman, times, serif; font-size: 10pt;\"><strong>oo 12.02.1771 Dachsenhausen<\/strong> mit <strong><u>Fetz<\/u>, Anna Maria:<\/strong> * 26.07.1744 Zippenhainer M\u00fchle (gt. 27.07.); konf. 16.05.1758; + 13.02.1828 Hinterwald; Eltern: Samuel Fetz, M\u00fcller auf der Zippenhainer M\u00fchle, und Maria Katharina geb. Br\u00f6der<\/span><\/p>\n<p><span style=\"font-family: times new roman, times, serif; font-size: 10pt;\">Familie wohnt in Hinterwald (OFB Dachsenhausen, Nr. 2529)<\/span><\/p>\n<hr \/>\n<p style=\"text-align: justify;\"><span style=\"font-family: times new roman, times, serif; font-size: 10pt;\"><span style=\"color: #ff0000;\"><strong><u>Steinmetz<\/u><\/strong><strong>, Johannes:<\/strong><\/span> M\u00fcller in der Bechelner M\u00fchle; * 29.01.1751 Pl\u00e4tzer M\u00fchle (Pfarrei Niedertiefenbach, VG Aar-Einrich); + 20.05.1834 Neum\u00fchle in Zippenhain (bg. 22.05.); Eltern: Karl Adolph Steinmetz und Maria Katharina geb. Feilbach; hat lt. Sterbeeintrag 7 Kinder, von denen noch 1 Sohn und 1 Tochter leben); Nachfolger ist Philipp Andreas Minor. M\u00fcller (* 24.11.1797 Scheuern; + 06.02.1872 Becheln; Sohn des Johann Henrich Minor, M\u00fcller, und Katharina Elisabeth geb. Sch\u00e4fer)<\/span><\/p>\n<p style=\"text-align: justify;\"><span style=\"font-family: times new roman, times, serif; font-size: 10pt;\"><strong>oo 18.02.1780 Nast\u00e4tten <\/strong>mit <strong><u>Butzbach<\/u>, Maria Katharina:<\/strong> * 12.05.1754 oberste M\u00fchle auf dem Schwall bei Nast\u00e4tten; + 07.05.1819 Neum\u00fchle in Zippenhain (bg. 09.05.); Eltern: Johannes Butzbach, M\u00fcllermeister in der obersten M\u00fchle auf dem Schwall bei Nast\u00e4tten, und Henriette Butzbach; Bem. im Sterbeeintrag: Von neun Kindern starben sechs vor ihr, von denen einer in Spanien blieb und ein anderer Sohn starb zu Fr\u00fccht, nachdem er von einem Pferde war gef\u00e4hrlich geschlagen worden. Die hinterlie\u00df also nur den Wittwer und drey Kinder.<\/span><\/p>\n<table style=\"width: 100%;\">\n<tbody>\n<tr>\n<td style=\"text-align: center; width: 5.35714%;\" width=\"21\"><span style=\"font-family: times new roman, times, serif; font-size: 10pt;\"><strong>Nr.<\/strong><\/span><\/td>\n<td style=\"width: 19.6429%;\" width=\"134\"><span style=\"font-family: times new roman, times, serif; font-size: 10pt;\"><strong>Vorname (normiert)<\/strong><\/span><\/td>\n<td style=\"text-align: center; width: 12.2619%;\" width=\"76\"><span style=\"font-family: times new roman, times, serif; font-size: 10pt;\"><strong>geboren<\/strong><\/span><\/td>\n<td style=\"text-align: center; width: 11.9048%;\" width=\"73\"><span style=\"font-family: times new roman, times, serif; font-size: 10pt;\"><strong>getauft<\/strong><\/span><\/td>\n<td style=\"text-align: center; width: 11.9048%;\" width=\"73\"><span style=\"font-family: times new roman, times, serif; font-size: 10pt;\"><strong>konfirmiert<\/strong><\/span><\/td>\n<td style=\"text-align: center; width: 11.9048%;\" width=\"73\"><span style=\"font-family: times new roman, times, serif; font-size: 10pt;\"><strong>gestorben<\/strong><\/span><\/td>\n<td style=\"text-align: center; width: 11.4286%;\" width=\"70\"><span style=\"font-family: times new roman, times, serif; font-size: 10pt;\"><strong>begraben<\/strong><\/span><\/td>\n<td style=\"text-align: center; width: 7.85714%;\" width=\"43\"><span style=\"font-family: times new roman, times, serif; font-size: 10pt;\"><strong>Alter<\/strong><\/span><\/td>\n<td style=\"text-align: center; width: 7.7381%;\" width=\"42\"><span style=\"font-family: times new roman, times, serif; font-size: 10pt;\"><strong>Stand<\/strong><\/span><\/td>\n<\/tr>\n<tr>\n<td style=\"text-align: center; width: 5.35714%;\" width=\"21\"><span style=\"font-family: times new roman, times, serif; font-size: 10pt;\">1<\/span><\/td>\n<td style=\"width: 19.6429%;\" width=\"134\"><span style=\"font-family: times new roman, times, serif; font-size: 10pt;\">Philipp<\/span><\/td>\n<td style=\"text-align: center; width: 12.2619%;\" width=\"76\"><\/td>\n<td style=\"text-align: center; width: 11.9048%;\" width=\"73\"><\/td>\n<td style=\"text-align: center; width: 11.9048%;\" width=\"73\"><\/td>\n<td style=\"text-align: center; width: 11.9048%;\" width=\"73\"><span style=\"font-family: times new roman, times, serif; font-size: 10pt;\">08.02.1809<\/span><\/td>\n<td style=\"text-align: center; width: 11.4286%;\" width=\"70\"><\/td>\n<td style=\"text-align: center; width: 7.85714%;\" width=\"43\"><\/td>\n<td style=\"text-align: center; width: 7.7381%;\" width=\"42\"><\/td>\n<\/tr>\n<tr>\n<td style=\"text-align: center; width: 5.35714%;\"><span style=\"font-family: times new roman, times, serif; font-size: 10pt;\">2<\/span><\/td>\n<td style=\"width: 19.6429%;\"><span style=\"font-family: times new roman, times, serif; font-size: 10pt;\">Johann Philipp<\/span><\/td>\n<td style=\"text-align: center; width: 12.2619%;\"><span style=\"font-family: times new roman, times, serif; font-size: 10pt;\">19.02.1782<\/span><\/td>\n<td style=\"text-align: center; width: 11.9048%;\"><\/td>\n<td style=\"text-align: center; width: 11.9048%;\"><\/td>\n<td style=\"text-align: center; width: 11.9048%;\"><span style=\"font-family: times new roman, times, serif; font-size: 10pt;\">05.12.1847<\/span><\/td>\n<td style=\"text-align: center; width: 11.4286%;\"><span style=\"font-family: times new roman, times, serif; font-size: 10pt;\">08.12.1847<\/span><\/td>\n<td style=\"text-align: center; width: 7.85714%;\"><span style=\"font-family: times new roman, times, serif; font-size: 10pt;\">65,83<\/span><\/td>\n<td style=\"text-align: center; width: 7.7381%;\"><span style=\"font-family: times new roman, times, serif; font-size: 10pt;\">ledig<\/span><\/td>\n<\/tr>\n<tr>\n<td style=\"text-align: center; width: 5.35714%;\"><span style=\"font-family: times new roman, times, serif; font-size: 10pt;\">3<\/span><\/td>\n<td style=\"width: 19.6429%;\"><span style=\"font-family: times new roman, times, serif; font-size: 10pt;\">Katharina Maria<\/span><\/td>\n<td style=\"text-align: center; width: 12.2619%;\"><\/td>\n<td style=\"text-align: center; width: 11.9048%;\"><\/td>\n<td style=\"text-align: center; width: 11.9048%;\"><\/td>\n<td style=\"text-align: center; width: 11.9048%;\"><span style=\"font-family: times new roman, times, serif; font-size: 10pt;\">14.04.1791<\/span><\/td>\n<td style=\"text-align: center; width: 11.4286%;\"><span style=\"font-family: times new roman, times, serif; font-size: 10pt;\">16.04.1791<\/span><\/td>\n<td style=\"text-align: center; width: 7.85714%;\"><span style=\"font-family: times new roman, times, serif; font-size: 10pt;\">7,08<\/span><\/td>\n<td style=\"text-align: center; width: 7.7381%;\"><\/td>\n<\/tr>\n<tr>\n<td style=\"text-align: center; width: 5.35714%;\"><span style=\"font-family: times new roman, times, serif; font-size: 10pt;\">4<\/span><\/td>\n<td style=\"width: 19.6429%;\"><span style=\"font-family: times new roman, times, serif; font-size: 10pt;\">Philipp Gottfried<\/span><\/td>\n<td style=\"text-align: center; width: 12.2619%;\"><span style=\"font-family: times new roman, times, serif; font-size: 10pt;\">22.01.1791<\/span><\/td>\n<td style=\"text-align: center; width: 11.9048%;\"><span style=\"font-family: times new roman, times, serif; font-size: 10pt;\">23.01.1791<\/span><\/td>\n<td style=\"text-align: center; width: 11.9048%;\"><span style=\"font-family: times new roman, times, serif; font-size: 10pt;\">xx.xx.1805<\/span><\/td>\n<td style=\"text-align: center; width: 11.9048%;\"><span style=\"font-family: times new roman, times, serif; font-size: 10pt;\">14.08.1817<\/span><\/td>\n<td style=\"text-align: center; width: 11.4286%;\"><\/td>\n<td style=\"text-align: center; width: 7.85714%;\"><span style=\"font-family: times new roman, times, serif; font-size: 10pt;\">26,58<\/span><\/td>\n<td style=\"text-align: center; width: 7.7381%;\"><span style=\"font-family: times new roman, times, serif; font-size: 10pt;\">ledig<\/span><\/td>\n<\/tr>\n<tr>\n<td style=\"text-align: center; width: 5.35714%;\"><span style=\"font-family: times new roman, times, serif; font-size: 10pt;\">5<\/span><\/td>\n<td style=\"width: 19.6429%;\"><span style=\"font-family: times new roman, times, serif; font-size: 10pt;\">Johann Friedrich<\/span><\/td>\n<td style=\"text-align: center; width: 12.2619%;\"><span style=\"font-family: times new roman, times, serif; font-size: 10pt;\">03.12.1792<\/span><\/td>\n<td style=\"text-align: center; width: 11.9048%;\"><span style=\"font-family: times new roman, times, serif; font-size: 10pt;\">05.12.1792<\/span><\/td>\n<td style=\"text-align: center; width: 11.9048%;\"><\/td>\n<td style=\"text-align: center; width: 11.9048%;\"><span style=\"font-family: times new roman, times, serif; font-size: 10pt;\">15.08.1795<\/span><\/td>\n<td style=\"text-align: center; width: 11.4286%;\"><span style=\"font-family: times new roman, times, serif; font-size: 10pt;\">17.08.1795<\/span><\/td>\n<td style=\"text-align: center; width: 7.85714%;\"><span style=\"font-family: times new roman, times, serif; font-size: 10pt;\">2,70<\/span><\/td>\n<td style=\"text-align: center; width: 7.7381%;\"><\/td>\n<\/tr>\n<tr>\n<td style=\"text-align: center; width: 5.35714%;\"><span style=\"font-family: times new roman, times, serif; font-size: 10pt;\">6<\/span><\/td>\n<td style=\"width: 19.6429%;\"><span style=\"font-family: times new roman, times, serif; font-size: 10pt;\">Anna Maria<\/span><\/td>\n<td style=\"text-align: center; width: 12.2619%;\"><span style=\"font-family: times new roman, times, serif; font-size: 10pt;\">13.11.1794<\/span><\/td>\n<td style=\"text-align: center; width: 11.9048%;\"><span style=\"font-family: times new roman, times, serif; font-size: 10pt;\">16.11.1794<\/span><\/td>\n<td style=\"text-align: center; width: 11.9048%;\"><span style=\"font-family: times new roman, times, serif; font-size: 10pt;\">15.05.1808<\/span><\/td>\n<td style=\"text-align: center; width: 11.9048%;\"><span style=\"font-family: times new roman, times, serif; font-size: 10pt;\">30.10.1819<\/span><\/td>\n<td style=\"text-align: center; width: 11.4286%;\"><span style=\"font-family: times new roman, times, serif; font-size: 10pt;\">01.11.1819<\/span><\/td>\n<td style=\"text-align: center; width: 7.85714%;\"><span style=\"font-family: times new roman, times, serif; font-size: 10pt;\">24,98<\/span><\/td>\n<td style=\"text-align: center; width: 7.7381%;\"><span style=\"font-family: times new roman, times, serif; font-size: 10pt;\">ledig<\/span><\/td>\n<\/tr>\n<tr>\n<td style=\"text-align: center; width: 5.35714%;\"><span style=\"font-family: times new roman, times, serif; font-size: 10pt;\">7<\/span><\/td>\n<td style=\"width: 19.6429%;\"><span style=\"font-family: times new roman, times, serif; font-size: 10pt;\">Anna Elis. Katharina<\/span><\/td>\n<td style=\"text-align: center; width: 12.2619%;\"><span style=\"font-family: times new roman, times, serif; font-size: 10pt;\">20.07.1797<\/span><\/td>\n<td style=\"text-align: center; width: 11.9048%;\"><span style=\"font-family: times new roman, times, serif; font-size: 10pt;\">22.07.1797<\/span><\/td>\n<td style=\"text-align: center; width: 11.9048%;\"><\/td>\n<td style=\"text-align: center; width: 11.9048%;\"><span style=\"font-family: times new roman, times, serif; font-size: 10pt;\">18.02.1858<\/span><\/td>\n<td style=\"text-align: center; width: 11.4286%;\"><span style=\"font-family: times new roman, times, serif; font-size: 10pt;\">12.02.1858<\/span><\/td>\n<td style=\"text-align: center; width: 7.85714%;\"><span style=\"font-family: times new roman, times, serif; font-size: 10pt;\">60,62<\/span><\/td>\n<td style=\"text-align: center; width: 7.7381%;\"><span style=\"font-family: times new roman, times, serif; font-size: 10pt;\">verh.<\/span><\/td>\n<\/tr>\n<\/tbody>\n<\/table>\n<p style=\"text-align: justify;\"><span style=\"font-family: times new roman, times, serif; font-size: 10pt;\">Kind Nr. 1) F\u00fcsilier; + in Madrid, am Fieber<br \/>\n<\/span><span style=\"font-family: times new roman, times, serif; font-size: 10pt;\">Kind Nr. 2) + Zippenhainer M\u00fchle; Bem. im Sterbeeintrag: <em>Er starb an der Brustwassersucht, nachdem er 8 Jahre lang an dieser Krankheit gelitten hatte.<br \/>\n<\/em><\/span><span style=\"font-family: times new roman, times, serif; font-size: 10pt;\">Kind Nr. 3) war 7 Jahre, 1 Monat, 3 Tage alt<br \/>\n<\/span><span style=\"font-family: times new roman, times, serif; font-size: 10pt;\">Kind Nr. 4) + 1817 in Fr\u00fccht als Schmidt, nachdem er von einem Pferd geschlagen war; oo 02.03.1817 Fr\u00fccht mit Maria Magdalena Becker (* 02.08.1799 Fr\u00fccht; Eltern: Johann Anton Becker und Elisabeth Magdalena Br\u00f6der)<br \/>\n<\/span><span style=\"font-family: times new roman, times, serif; font-size: 10pt;\">Kind Nr. 7) oo Becheln mit Philipp Andreas Minor (* 24.11.1797 Scheuern); Eltern: Johann Henrich Minor, M\u00fcller, und Katharina Elisabeth geb. Sch\u00e4fer); hinterl\u00e4sst lt. Sterbeeintrag 1 Sohn<\/span><\/p>\n<p style=\"text-align: justify;\"><span style=\"font-family: times new roman, times, serif; font-size: 10pt;\"><strong>Paten: zu 4) <\/strong><em>1) Philip David Klo\u00df, M\u00fcller im Braubacher Grund; 2) Johan Gottfried Metter, M\u00fcller im Zippenhain; 3) Anna Catharina, wey[land] Justus Blas hinterla\u00dfene Wittwe, Mullerin im Braubacher Grund <\/em>\u2014 <strong>zu 5) <\/strong><em>1) Johan Anton Gerhard; 2) H[err] Christian Friederich Wolf, Schuldiener; 3) Elisabetha Catharina, Joh. Philip L\u00f6wensteins 2te ehe[liche] Tochter <\/em>\u2014 <strong>zu 6) <\/strong><em>1) Johan Andreas M\u00fcller aus der Kleinen M\u00fchl im Braubacher Grund; 2) Anna Maria, Ernst Thurns hinterla\u00dfene Tochter von Braubach; 3) Maria Elisabetha, Philip Jacob Steinmetzen Tochter vom Hinterwald <\/em>\u2014 <strong>zu 7) <\/strong><em>1) Johann Conrad Minor aus der Braubacher M\u00fchl; 2) Anna Elisabetha Catharina H\u00fcberingerinn, 3) Anna Catharina Glosin, ebenfalls beyde aus der Braubacher M\u00fchlen<\/em><\/span><\/p>\n<hr \/>\n<p><span style=\"font-family: times new roman, times, serif; font-size: 10pt;\"><span style=\"color: #ff0000;\"><strong><u>Steinmetz<\/u><\/strong><strong>, Johann Christoph:<\/strong> <\/span>+ 09.03.1815 Becheln, 21 Wochen alt (bg. 11.03.); Sohn des Johann Philipp Steinmetz vom Hinterwald; * 20.09.1814 Hinterwald (OFB Dachsenhausen, Nr. 2530)<\/span><\/p>\n<hr \/>\n<p><span style=\"font-family: times new roman, times, serif; font-size: 10pt;\"><span style=\"color: #ff0000;\"><strong><u><a id=\"steuber\"><\/a>Steuber<\/u><\/strong><strong>, Nikolaus:<\/strong> <\/span>aus Misselberg; bg. 08.03.1696 Dienethal<\/span><\/p>\n<p style=\"text-align: justify;\"><span style=\"font-family: times new roman, times, serif; font-size: 10pt;\"><strong>prokl. 02.04., 09.04. und 18.04.1682 Becheln<\/strong> mit <strong><u>Theis<\/u>, (Anna) Maria:<\/strong> * ca. 1655; konf. 11.04.1669 Becheln; bg. 15.06.1718 Misselberg; Eltern: Michel Theis, Gerichtssch\u00f6ffe zu Fr\u00fccht\u00a0 und Elisabeth (ab 1658 in Becheln); oo II. 08.03.1698 Dienethal mit Johann Henrich Epstein<\/span><\/p>\n<p style=\"text-align: justify;\"><span style=\"font-family: times new roman, times, serif; font-size: 10pt;\">Familie wohnt in Misselberg; Kinder: 1) Georg Henrich * 23.06.1685 Misselberg (gt. 28.06.), Paten: <em>Henrich Riepenhof, der Hofman zu Mauch, vndt Anna Elisabeth, Johannis <\/em>[ ]<em>, des Hofmanns zu Mauch Dochter, vndt Johann Georg, Gottfriedt Wagners, Einwohners v[nd] Kirchen-Senioren zu Becheln, eheleiblicher Sohn <\/em>\u2014 2) Maria Margaretha, gt. 22.06.1688 Dienethal, Paten: <em>Joh[ann] Enders Weyrich von Sulzbach, Margretha, des Hans Mattheis Steubers Frau zu Scheuren, v[nd] Anna Maria, des Hans Jacob Grossen Tochter zu Misselberg<\/em><\/span><\/p>\n<hr \/>\n<p><span style=\"font-family: times new roman, times, serif; font-size: 10pt;\"><span style=\"color: #ff0000;\"><strong><u>Steuber<\/u><\/strong><strong>, Johann Philipp:<\/strong> <\/span>Sohn des Heinrich Leonhard Steuber von Sulzbach (Pfarrei Dienethal)<\/span><\/p>\n<p style=\"text-align: justify;\"><span style=\"font-family: times new roman, times, serif; font-size: 10pt;\"><strong>oo <\/strong><strong>26.01.1773 Becheln<\/strong> mit <strong><u>Rinker<\/u>, Christina Elisabeth:<\/strong> * 11.10.1751 Becheln (gt. 11.10.); konf. 20.04.1766; + 13.02.1776 Sulzbach (bg. 15.02.); Eltern: Georg Philipp Rinker und Maria Apollonia geb. G\u00f6th<\/span><\/p>\n<p><span style=\"font-family: times new roman, times, serif; font-size: 10pt;\">Familie wohnt in Sulzbach<\/span><\/p>\n<hr \/>\n<p><span style=\"font-family: times new roman, times, serif; font-size: 10pt;\"><span style=\"color: #ff0000;\"><strong><u><a id=\"steuer\"><\/a>Steuer<\/u><\/strong><strong>, Maria Klara:<\/strong> <\/span>Tochter des Christian Steuer, Kuhhirte; + 25.04.1706 Becheln, 1 \u00bd Jahre alt (bg. 25.04.)<\/span><\/p>\n<hr \/>\n<p><span style=\"font-family: times new roman, times, serif; font-size: 10pt;\"><span style=\"color: #ff0000;\"><strong><u><a id=\"stoer\"><\/a>St\u00f6r<\/u><\/strong><strong>, Christian:<\/strong> <\/span>Kuhhirte; + 05.07.1706 Becheln, 41 Jahre alt (bg. 06.07.)<\/span><\/p>\n<hr \/>\n<p style=\"text-align: justify;\"><span style=\"font-family: times new roman, times, serif; font-size: 10pt;\"><span style=\"color: #ff0000;\"><strong><u><a id=\"stotz\"><\/a>Stotz<\/u>, Johann (Hans) Georg:<\/strong> <\/span>gt. 03.11.1633 Braubach; konf. 18.05.1646; + 13.03.1693 Becheln (bg. 15.03.); Eltern: Dietrich Stotz, Schreiner, und Katharina (bg. 11.12.1645 Braubach); ist nach dem EV 1665 28 Jahre alt<\/span><\/p>\n<p style=\"text-align: justify;\"><span style=\"font-family: times new roman, times, serif; font-size: 10pt;\"><strong>prokl. 25.11.1660 Braubach <\/strong>mit <strong><u>Mager<\/u>, Anna Elisabeth:<\/strong> * ca. 1640; + 04.07.1697 Becheln (bg. 06.07.); Tochter des Th\u00f6nges Mager aus Becheln; ist nach dem EV 1665 26 Jahre alt<\/span><\/p>\n<table style=\"width: 100%;\">\n<tbody>\n<tr>\n<td style=\"text-align: center; width: 6.30952%;\" width=\"30\"><span style=\"font-family: times new roman, times, serif; font-size: 10pt;\"><strong>Nr.<\/strong><\/span><\/td>\n<td style=\"width: 20.4762%;\" width=\"138\"><span style=\"font-family: times new roman, times, serif; font-size: 10pt;\"><strong>Vorname (normiert)<\/strong><\/span><\/td>\n<td style=\"text-align: center; width: 11.1905%;\" width=\"68\"><span style=\"font-family: times new roman, times, serif; font-size: 10pt;\"><strong>geboren<\/strong><\/span><\/td>\n<td style=\"text-align: center; width: 12.5%;\" width=\"77\"><span style=\"font-family: times new roman, times, serif; font-size: 10pt;\"><strong>getauft<\/strong><\/span><\/td>\n<td style=\"text-align: center; width: 11.5476%;\" width=\"70\"><span style=\"font-family: times new roman, times, serif; font-size: 10pt;\"><strong>konfirmiert<\/strong><\/span><\/td>\n<td style=\"text-align: center; width: 11.5476%;\" width=\"70\"><span style=\"font-family: times new roman, times, serif; font-size: 10pt;\"><strong>gestorben<\/strong><\/span><\/td>\n<td style=\"text-align: center; width: 11.1905%;\" width=\"68\"><span style=\"font-family: times new roman, times, serif; font-size: 10pt;\"><strong>begraben<\/strong><\/span><\/td>\n<td style=\"text-align: center; width: 7.14286%;\" width=\"38\"><span style=\"font-family: times new roman, times, serif; font-size: 10pt;\"><strong>Alter<\/strong><\/span><\/td>\n<td style=\"text-align: center; width: 7.97619%;\" width=\"44\"><span style=\"font-family: times new roman, times, serif; font-size: 10pt;\"><strong>Stand<\/strong><\/span><\/td>\n<\/tr>\n<tr>\n<td style=\"text-align: center; width: 6.30952%;\" width=\"30\"><span style=\"font-family: times new roman, times, serif; font-size: 10pt;\">1<\/span><\/td>\n<td style=\"width: 20.4762%;\" width=\"138\"><span style=\"font-family: times new roman, times, serif; font-size: 10pt;\">Johann Bernhard<\/span><\/td>\n<td style=\"text-align: center; width: 11.1905%;\" width=\"68\"><span style=\"font-family: times new roman, times, serif; font-size: 10pt;\">ca. 1663<\/span><\/td>\n<td style=\"text-align: center; width: 12.5%;\" width=\"77\"><span style=\"font-family: times new roman, times, serif; font-size: 10pt;\"><strong>\u00a0<\/strong><\/span><\/td>\n<td style=\"text-align: center; width: 11.5476%;\" width=\"70\"><span style=\"font-family: times new roman, times, serif; font-size: 10pt;\"><strong>\u00a0<\/strong><\/span><\/td>\n<td style=\"text-align: center; width: 11.5476%;\" width=\"70\"><span style=\"font-family: times new roman, times, serif; font-size: 10pt;\"><strong>\u00a0<\/strong><\/span><\/td>\n<td style=\"text-align: center; width: 11.1905%;\" width=\"68\"><span style=\"font-family: times new roman, times, serif; font-size: 10pt;\"><strong>\u00a0<\/strong><\/span><\/td>\n<td style=\"text-align: center; width: 7.14286%;\" width=\"38\"><span style=\"font-family: times new roman, times, serif; font-size: 10pt;\"><strong>\u00a0<\/strong><\/span><\/td>\n<td style=\"text-align: center; width: 7.97619%;\" width=\"44\"><\/td>\n<\/tr>\n<tr>\n<td style=\"text-align: center; width: 6.30952%;\" width=\"30\"><span style=\"font-family: times new roman, times, serif; font-size: 10pt;\">2<\/span><\/td>\n<td style=\"width: 20.4762%;\" width=\"138\"><span style=\"font-family: times new roman, times, serif; font-size: 10pt;\">Johann (Hans) Adam<\/span><\/td>\n<td style=\"text-align: center; width: 11.1905%;\" width=\"68\"><span style=\"font-family: times new roman, times, serif; font-size: 10pt;\">ca. 1664<\/span><\/td>\n<td style=\"text-align: center; width: 12.5%;\" width=\"77\"><span style=\"font-family: times new roman, times, serif; font-size: 10pt;\"><strong>\u00a0<\/strong><\/span><\/td>\n<td style=\"text-align: center; width: 11.5476%;\" width=\"70\"><span style=\"font-family: times new roman, times, serif; font-size: 10pt;\">16.04.1682<\/span><\/td>\n<td style=\"text-align: center; width: 11.5476%;\" width=\"70\"><span style=\"font-family: times new roman, times, serif; font-size: 10pt;\"><strong>\u00a0<\/strong><\/span><\/td>\n<td style=\"text-align: center; width: 11.1905%;\" width=\"68\"><span style=\"font-family: times new roman, times, serif; font-size: 10pt;\"><strong>\u00a0<\/strong><\/span><\/td>\n<td style=\"text-align: center; width: 7.14286%;\" width=\"38\"><span style=\"font-family: times new roman, times, serif; font-size: 10pt;\"><strong>\u00a0<\/strong><\/span><\/td>\n<td style=\"text-align: center; width: 7.97619%;\" width=\"44\"><\/td>\n<\/tr>\n<tr>\n<td style=\"text-align: center; width: 6.30952%;\" width=\"30\"><span style=\"font-family: times new roman, times, serif; font-size: 10pt;\">3<\/span><\/td>\n<td style=\"width: 20.4762%;\" width=\"138\"><span style=\"font-family: times new roman, times, serif; font-size: 10pt;\">Johann Wilhelm<\/span><\/td>\n<td style=\"text-align: center; width: 11.1905%;\" width=\"68\"><\/td>\n<td style=\"text-align: center; width: 12.5%;\" width=\"77\"><span style=\"font-family: times new roman, times, serif; font-size: 10pt;\">02.02.1667<\/span><\/td>\n<td style=\"text-align: center; width: 11.5476%;\" width=\"70\"><\/td>\n<td style=\"text-align: center; width: 11.5476%;\" width=\"70\"><\/td>\n<td style=\"text-align: center; width: 11.1905%;\" width=\"68\"><\/td>\n<td style=\"text-align: center; width: 7.14286%;\" width=\"38\"><\/td>\n<td style=\"text-align: center; width: 7.97619%;\" width=\"44\"><\/td>\n<\/tr>\n<tr>\n<td style=\"text-align: center; width: 6.30952%;\" width=\"30\"><span style=\"font-family: times new roman, times, serif; font-size: 10pt;\">4<\/span><\/td>\n<td style=\"width: 20.4762%;\" width=\"138\"><span style=\"font-family: times new roman, times, serif; font-size: 10pt;\">Christian<\/span><\/td>\n<td style=\"text-align: center; width: 11.1905%;\" width=\"68\"><\/td>\n<td style=\"text-align: center; width: 12.5%;\" width=\"77\"><span style=\"font-family: times new roman, times, serif; font-size: 10pt;\">01.11.1668<\/span><\/td>\n<td style=\"text-align: center; width: 11.5476%;\" width=\"70\"><\/td>\n<td style=\"text-align: center; width: 11.5476%;\" width=\"70\"><\/td>\n<td style=\"text-align: center; width: 11.1905%;\" width=\"68\"><\/td>\n<td style=\"text-align: center; width: 7.14286%;\" width=\"38\"><\/td>\n<td style=\"text-align: center; width: 7.97619%;\" width=\"44\"><\/td>\n<\/tr>\n<tr>\n<td style=\"text-align: center; width: 6.30952%;\" width=\"30\"><span style=\"font-family: times new roman, times, serif; font-size: 10pt;\">5<\/span><\/td>\n<td style=\"width: 20.4762%;\" width=\"138\"><span style=\"font-family: times new roman, times, serif; font-size: 10pt;\">Anna Elisabeth<\/span><\/td>\n<td style=\"text-align: center; width: 11.1905%;\" width=\"68\"><span style=\"font-family: times new roman, times, serif; font-size: 10pt;\">28.05.1672<\/span><\/td>\n<td style=\"text-align: center; width: 12.5%;\" width=\"77\"><span style=\"font-family: times new roman, times, serif; font-size: 10pt;\">02.06.1672<\/span><\/td>\n<td style=\"text-align: center; width: 11.5476%;\" width=\"70\"><span style=\"font-family: times new roman, times, serif; font-size: 10pt;\">17.04.1687<\/span><\/td>\n<td style=\"text-align: center; width: 11.5476%;\" width=\"70\"><\/td>\n<td style=\"text-align: center; width: 11.1905%;\" width=\"68\"><\/td>\n<td style=\"text-align: center; width: 7.14286%;\" width=\"38\"><\/td>\n<td style=\"text-align: center; width: 7.97619%;\" width=\"44\"><span style=\"font-family: times new roman, times, serif; font-size: 10pt;\">verh.<\/span><\/td>\n<\/tr>\n<tr>\n<td style=\"text-align: center; width: 6.30952%;\" width=\"30\"><span style=\"font-family: times new roman, times, serif; font-size: 10pt;\">6<\/span><\/td>\n<td style=\"width: 20.4762%;\" width=\"138\"><span style=\"font-family: times new roman, times, serif; font-size: 10pt;\">Johann Matthias<\/span><\/td>\n<td style=\"text-align: center; width: 11.1905%;\" width=\"68\"><\/td>\n<td style=\"text-align: center; width: 12.5%;\" width=\"77\"><span style=\"font-family: times new roman, times, serif; font-size: 10pt;\">02.07.1676<\/span><\/td>\n<td style=\"text-align: center; width: 11.5476%;\" width=\"70\"><\/td>\n<td style=\"text-align: center; width: 11.5476%;\" width=\"70\"><span style=\"font-family: times new roman, times, serif; font-size: 10pt;\">18.07.1676<\/span><\/td>\n<td style=\"text-align: center; width: 11.1905%;\" width=\"68\"><span style=\"font-family: times new roman, times, serif; font-size: 10pt;\">19.07.1676<\/span><\/td>\n<td style=\"text-align: center; width: 7.14286%;\" width=\"38\"><span style=\"font-family: times new roman, times, serif; font-size: 10pt;\">0,04<\/span><\/td>\n<td style=\"text-align: center; width: 7.97619%;\" width=\"44\"><\/td>\n<\/tr>\n<tr>\n<td style=\"text-align: center; width: 6.30952%;\" width=\"30\"><span style=\"font-family: times new roman, times, serif; font-size: 10pt;\">7<\/span><\/td>\n<td style=\"width: 20.4762%;\" width=\"138\"><span style=\"font-family: times new roman, times, serif; font-size: 10pt;\">Maria Margaretha<\/span><\/td>\n<td style=\"text-align: center; width: 11.1905%;\" width=\"68\"><span style=\"font-family: times new roman, times, serif; font-size: 10pt;\">11.10.1677<\/span><\/td>\n<td style=\"text-align: center; width: 12.5%;\" width=\"77\"><span style=\"font-family: times new roman, times, serif; font-size: 10pt;\">20.10.1677<\/span><\/td>\n<td style=\"text-align: center; width: 11.5476%;\" width=\"70\"><\/td>\n<td style=\"text-align: center; width: 11.5476%;\" width=\"70\"><\/td>\n<td style=\"text-align: center; width: 11.1905%;\" width=\"68\"><\/td>\n<td style=\"text-align: center; width: 7.14286%;\" width=\"38\"><\/td>\n<td style=\"text-align: center; width: 7.97619%;\" width=\"44\"><\/td>\n<\/tr>\n<tr>\n<td style=\"text-align: center; width: 6.30952%;\" width=\"30\"><span style=\"font-family: times new roman, times, serif; font-size: 10pt;\">8<\/span><\/td>\n<td style=\"width: 20.4762%;\" width=\"138\"><span style=\"font-family: times new roman, times, serif; font-size: 10pt;\">Anna Apollonia<\/span><\/td>\n<td style=\"text-align: center; width: 11.1905%;\" width=\"68\"><span style=\"font-family: times new roman, times, serif; font-size: 10pt;\">05.09.1681<\/span><\/td>\n<td style=\"text-align: center; width: 12.5%;\" width=\"77\"><span style=\"font-family: times new roman, times, serif; font-size: 10pt;\">11.09.1681<\/span><\/td>\n<td style=\"text-align: center; width: 11.5476%;\" width=\"70\"><span style=\"font-family: times new roman, times, serif; font-size: 10pt;\">12.04.1696<\/span><\/td>\n<td style=\"text-align: center; width: 11.5476%;\" width=\"70\"><span style=\"font-family: times new roman, times, serif; font-size: 10pt;\">27.05.1697<\/span><\/td>\n<td style=\"text-align: justify; width: 11.1905%;\" width=\"68\"><\/td>\n<td style=\"text-align: center; width: 7.14286%;\" width=\"38\"><span style=\"font-family: times new roman, times, serif; font-size: 10pt;\">15,73<\/span><\/td>\n<td style=\"text-align: justify; width: 7.97619%;\" width=\"44\"><\/td>\n<\/tr>\n<\/tbody>\n<\/table>\n<p style=\"text-align: justify;\"><span style=\"font-family: times new roman, times, serif; font-size: 10pt;\">Kind Nr. 1) Leinweber (1690, Oberwallmenach, KB 1); oo 17.01.1688 Oberwallmenach mit Anna Elisabeth, Tochter des Niklas Dillenberger von Niederwallmenach, Familie wohnt in Niederwallmenach (Tochter gt. 23.02.1690, Oberwallmenach, KB 1, Bild 47 auf archion.de); ist nach dem EV 1665 2 Jahre alt (<em>Johan Lehnhardt<\/em>); Pate 07.05.1713 bei Johann Friedrich Wald, adelsheimischer Hofmann in Niederbachheim<br \/>\n<\/span><span style=\"font-family: times new roman, times, serif; font-size: 10pt;\">Kind Nr. 2) oo 1690 in der Esterau (prokl. 09.02.1690<sup>jul<\/sup> (Dom. 5 post. Epiph. alle 3 Male) mit Anna Katharina K\u00f6rner, Tochter des verst. Hermann K\u00f6rner aus <em>Schaadt in der Esteraw<\/em> (= Scheidt, Pfarrei Holzappel bzw. VG Diez); ist nach dem EV 1665 1 Jahr alt<br \/>\n<\/span><span style=\"font-family: times new roman, times, serif; font-size: 10pt;\">Kind Nr. 5) prokl. 06.02.1701 Becheln mit Johann Wilhelm Wald <em>zum Hayner Hoff<\/em>, ein Leibeigener des Freiherrn vom Stein<\/span><\/p>\n<p style=\"text-align: justify;\"><span style=\"font-family: times new roman, times, serif; font-size: 10pt;\"><strong>Paten: zu 3) <\/strong><em>Han\u00df Schmid, Schulthei\u00df zu Becheln; M[eiste]r Wilhelm Sipp, Schumacher zu Braubach, und Maria &#8230; Wittib <\/em>\u2014 <strong>zu 4) <\/strong><em>Friederich An\u00dfel; M[eiste]r Christian Streit, Schumach[er] zu Niederlohnstein, undt J[ung]f[e]r Agnes Magerin, der Mutter Schwester <\/em>\u2014 <strong>zu 5) <\/strong><em>Johannes Pauli; Anna Elisabeth, Han\u00df Enders Bo\u00dfelers Hau\u00dffraw; undt J[ung]f[e]r Anna Appolonia, Georg Freundt se[lig] hinter[lassene]Tochter <\/em>\u2014 <strong>zu 6) <\/strong><em>Matthias, der Hoffmann uff Mauch; Anna Margretha, Adam, des K\u00fchhirten, Tochter; undt Han\u00df Peter Schmidt zu Becheln <\/em>\u2014 <strong>zu 7) <\/strong><em>M[eiste]r Peter Albert, B\u00fcrger und &#8230; zu Braubach; Anna Maria, Michael Metzens Hau\u00dffraw; und <\/em>[ ] \u2014 <strong>zu 8) <\/strong><em>Johann Georg Metz, Han\u00df Th\u00f6nges Metzens Sohn; Apollonia, Han\u00df Peter Schmids Hau\u00dffraw; undt Anna Christina, Han\u00df Th\u00f6nges Hoffmans se[lig] Tochter<\/em><\/span><\/p>\n<hr \/>\n<p><span style=\"font-family: times new roman, times, serif; font-size: 10pt;\"><span style=\"color: #ff0000;\"><strong><u><a id=\"straub\"><\/a>Straub<\/u><\/strong><strong>, Sebastian:<\/strong> <\/span>nass. Soldat (<em>miles \u00e0 Nassovicis<\/em>)<\/span><\/p>\n<p><span style=\"font-family: times new roman, times, serif; font-size: 10pt;\"><strong>o-o<\/strong> mit <strong><u>Metz<\/u>, Anna Elisabeth:<\/strong> * 17.11.1674 Becheln (gt. 01.12.); konf. 08.06.1690; + 16.02.1760 Becheln (bg. 17.02.); Tochter des Johann Anton Metz<\/span><\/p>\n<table style=\"width: 100%;\">\n<tbody>\n<tr>\n<td style=\"text-align: center; width: 5.35714%;\" width=\"21\"><span style=\"font-family: times new roman, times, serif; font-size: 10pt;\"><strong>Nr.<\/strong><\/span><\/td>\n<td style=\"width: 19.6428%;\" width=\"134\"><span style=\"font-family: times new roman, times, serif; font-size: 10pt;\"><strong>Vorname (normiert)<\/strong><\/span><\/td>\n<td style=\"text-align: center; width: 12.381%;\" width=\"77\"><span style=\"font-family: times new roman, times, serif; font-size: 10pt;\"><strong>geboren<\/strong><\/span><\/td>\n<td style=\"text-align: center; width: 11.9048%;\" width=\"73\"><span style=\"font-family: times new roman, times, serif; font-size: 10pt;\"><strong>getauft<\/strong><\/span><\/td>\n<td style=\"text-align: center; width: 11.9048%;\" width=\"73\"><span style=\"font-family: times new roman, times, serif; font-size: 10pt;\"><strong>konfirmiert<\/strong><\/span><\/td>\n<td style=\"text-align: center; width: 11.9048%;\" width=\"73\"><span style=\"font-family: times new roman, times, serif; font-size: 10pt;\"><strong>gestorben<\/strong><\/span><\/td>\n<td style=\"text-align: center; width: 11.4286%;\" width=\"70\"><span style=\"font-family: times new roman, times, serif; font-size: 10pt;\"><strong>begraben<\/strong><\/span><\/td>\n<td style=\"text-align: center; width: 7.85714%;\" width=\"43\"><span style=\"font-family: times new roman, times, serif; font-size: 10pt;\"><strong>Alter<\/strong><\/span><\/td>\n<td style=\"text-align: center; width: 7.7381%;\" width=\"42\"><span style=\"font-family: times new roman, times, serif; font-size: 10pt;\"><strong>Stand<\/strong><\/span><\/td>\n<\/tr>\n<tr>\n<td style=\"text-align: center; width: 5.35714%;\" width=\"21\"><span style=\"font-family: times new roman, times, serif; font-size: 10pt;\">1<\/span><\/td>\n<td style=\"width: 19.6428%;\" width=\"134\"><span style=\"font-family: times new roman, times, serif; font-size: 10pt;\">Christina Elisabeth<\/span><\/td>\n<td style=\"text-align: center; width: 12.381%;\" width=\"77\"><span style=\"font-family: times new roman, times, serif; font-size: 10pt;\">29.10.1698<\/span><\/td>\n<td style=\"text-align: center; width: 11.9048%;\" width=\"73\"><span style=\"font-family: times new roman, times, serif; font-size: 10pt;\">01.11.1698<\/span><\/td>\n<td style=\"text-align: center; width: 11.9048%;\" width=\"73\"><span style=\"font-family: times new roman, times, serif; font-size: 10pt;\">30.04.1713<\/span><\/td>\n<td style=\"text-align: center; width: 11.9048%;\" width=\"73\"><span style=\"font-family: times new roman, times, serif; font-size: 10pt;\">04.11.1773<\/span><\/td>\n<td style=\"text-align: center; width: 11.4286%;\" width=\"70\"><span style=\"font-family: times new roman, times, serif; font-size: 10pt;\">07.11.1773<\/span><\/td>\n<td style=\"text-align: center; width: 7.85714%;\" width=\"43\"><span style=\"font-family: times new roman, times, serif; font-size: 10pt;\">75,07<\/span><\/td>\n<td style=\"text-align: center; width: 7.7381%;\" width=\"42\"><span style=\"font-family: times new roman, times, serif; font-size: 10pt;\">verh.<\/span><\/td>\n<\/tr>\n<\/tbody>\n<\/table>\n<p><span style=\"font-family: times new roman, times, serif; font-size: 10pt;\"><em>\u00a0<\/em><\/span><span style=\"font-family: times new roman, times, serif; font-size: 10pt;\">Kind Nr. 1) oo 10.01.1719 Becheln mit Johann Friedrich G\u00f6th aus Becheln<\/span><\/p>\n<p style=\"text-align: justify;\"><span style=\"font-family: times new roman, times, serif; font-size: 10pt;\"><strong>Paten:<\/strong> <em>Joh. Georg Metz, matris frater; Anna Christina, Joh. Georg Metzen junioris uxor; v[nd] Anna Elisabeth, Joh[ann] Matthias Wahls uxor; o[mn]es e Bechelia<\/em><\/span><\/p>\n<hr \/>\n<p style=\"text-align: justify;\"><span style=\"font-family: times new roman, times, serif; font-size: 10pt;\"><span style=\"color: #ff0000;\"><strong><u><a id=\"stueber\"><\/a>St\u00fcber<\/u><\/strong><strong>, Maria Christina:<\/strong> <\/span>\u00e4lteste Tochter des Johann Georg St\u00fcber, Hirte in Dornholzhausen; + 29.05.1782 Becheln, 17 Jahre und 6 Monate alt (bg. 31.05.); + 05.12.1766 Dornholzhausen<\/span><\/p>\n<hr \/>\n<p style=\"text-align: justify;\"><span style=\"font-family: times new roman, times, serif; font-size: 10pt;\"><span style=\"color: #ff0000;\"><strong><u>St\u00fcber<\/u><\/strong><strong>, Elisabeth Magdalena:<\/strong> <\/span>Tochter des Johann Georg St\u00fcber, Hirte in Dornholzhausen; + 04.06.1782 Becheln, 14 Jahre, 4 Monate und 10 Tage alt (bg. 06.06.); * 25.01.1768 Dornholzhausen (gt. als Elisabeth Margaretha)<\/span><\/p>\n<hr \/>\n<p><span style=\"font-size: 10pt; font-family: times new roman, times, serif;\"><b>Letztes Update: 8. Juni 2024<\/b><\/span><br \/>\n<span style=\"font-size: 10pt; font-family: times new roman, times, serif;\"><b>Ralph Jackmuth<\/b><\/span><\/p>\n","protected":false},"excerpt":{"rendered":"<p>Sauer, Johannes: Korbmacher aus dem Amt Montabaur oo mit N. N. Nr. Vorname (normiert) geboren getauft konfirmiert gestorben begraben Alter Stand 1 Johannes Eberhard 20.06.1713 20.06.1713 Paten: Johannes Eberhard Br\u00fcel vnd Anna Catharina Rinckerin, Th\u00f6nges Rinckers Fr[au] Saul, Matth\u00e4us o-o mit Metz, Anna Margaretha: aus Kirchehr im Trierischen geburtig und zu Becheln niedergekommen; sie gibt &hellip; <a href=\"https:\/\/www.ahnenforschung-jackmuth.de\/?page_id=11652\" class=\"more-link\"><span class=\"screen-reader-text\">\u201eOFB Becheln &#8211; S\u201c<\/span> weiterlesen<\/a><\/p>\n","protected":false},"author":1,"featured_media":0,"parent":0,"menu_order":0,"comment_status":"closed","ping_status":"closed","template":"","meta":{"footnotes":""},"class_list":["post-11652","page","type-page","status-publish","hentry"],"_links":{"self":[{"href":"https:\/\/www.ahnenforschung-jackmuth.de\/index.php?rest_route=\/wp\/v2\/pages\/11652","targetHints":{"allow":["GET"]}}],"collection":[{"href":"https:\/\/www.ahnenforschung-jackmuth.de\/index.php?rest_route=\/wp\/v2\/pages"}],"about":[{"href":"https:\/\/www.ahnenforschung-jackmuth.de\/index.php?rest_route=\/wp\/v2\/types\/page"}],"author":[{"embeddable":true,"href":"https:\/\/www.ahnenforschung-jackmuth.de\/index.php?rest_route=\/wp\/v2\/users\/1"}],"replies":[{"embeddable":true,"href":"https:\/\/www.ahnenforschung-jackmuth.de\/index.php?rest_route=%2Fwp%2Fv2%2Fcomments&post=11652"}],"version-history":[{"count":0,"href":"https:\/\/www.ahnenforschung-jackmuth.de\/index.php?rest_route=\/wp\/v2\/pages\/11652\/revisions"}],"wp:attachment":[{"href":"https:\/\/www.ahnenforschung-jackmuth.de\/index.php?rest_route=%2Fwp%2Fv2%2Fmedia&parent=11652"}],"curies":[{"name":"wp","href":"https:\/\/api.w.org\/{rel}","templated":true}]}}