{"id":11644,"date":"2024-06-08T10:42:01","date_gmt":"2024-06-08T10:42:01","guid":{"rendered":"https:\/\/www.ahnenforschung-jackmuth.de\/?page_id=11644"},"modified":"2024-06-08T10:53:55","modified_gmt":"2024-06-08T10:53:55","slug":"ofb-becheln-n-r","status":"publish","type":"page","link":"https:\/\/www.ahnenforschung-jackmuth.de\/?page_id=11644","title":{"rendered":"OFB Becheln &#8211; N-R"},"content":{"rendered":"<p style=\"text-align: justify;\"><span style=\"font-family: times new roman, times, serif; font-size: 10pt;\"><span style=\"color: #ff0000;\"><strong><u><a id=\"noll\"><\/a>Noll<\/u><\/strong><strong>, Henrich:<\/strong> <\/span>Schreinermeister; * 19.12.1766 Wiesbaden-Breckenheim; + 12.04.1837 Becheln (bg. 14.04.); Eltern: Johann Philipp Noll, Gerichtsmann, und Christina Elisabetha geb. \u2026 (Breckenheim, KB 1, Bild 153 auf archion.de))<\/span><\/p>\n<p style=\"text-align: justify;\"><span style=\"font-family: times new roman, times, serif; font-size: 10pt;\"><strong>oo I. 19.10.1794 Becheln<\/strong> mit <strong><u>Metz<\/u>, Anna Katharina:<\/strong> * 14.02.1755 Becheln (gt. 16.02.); konf. 20.05.1770; + 29.10.1827 Becheln (bg. 01.11.); Eltern: Johann Friedrich Metz und Christina Elisabeth geb. Wagner<\/span><\/p>\n<table style=\"width: 100%;\">\n<tbody>\n<tr>\n<td style=\"text-align: center; width: 5%;\" width=\"21\"><span style=\"font-family: times new roman, times, serif; font-size: 10pt;\"><strong>Nr.<\/strong><\/span><\/td>\n<td style=\"width: 20.8333%;\" width=\"141\"><span style=\"font-family: times new roman, times, serif; font-size: 10pt;\"><strong>Vorname (normiert)<\/strong><\/span><\/td>\n<td style=\"text-align: center; width: 12.5%;\" width=\"78\"><span style=\"font-family: times new roman, times, serif; font-size: 10pt;\"><strong>geboren<\/strong><\/span><\/td>\n<td style=\"text-align: center; width: 11.9048%;\" width=\"74\"><span style=\"font-family: times new roman, times, serif; font-size: 10pt;\"><strong>getauft<\/strong><\/span><\/td>\n<td style=\"text-align: center; width: 11.3095%;\" width=\"69\"><span style=\"font-family: times new roman, times, serif; font-size: 10pt;\"><strong>konfirmiert<\/strong><\/span><\/td>\n<td style=\"text-align: center; width: 11.9048%;\" width=\"74\"><span style=\"font-family: times new roman, times, serif; font-size: 10pt;\"><strong>gestorben<\/strong><\/span><\/td>\n<td style=\"text-align: center; width: 11.5476%;\" width=\"71\"><span style=\"font-family: times new roman, times, serif; font-size: 10pt;\"><strong>begraben<\/strong><\/span><\/td>\n<td style=\"text-align: center; width: 7.7381%;\" width=\"43\"><span style=\"font-family: times new roman, times, serif; font-size: 10pt;\"><strong>Alter<\/strong><\/span><\/td>\n<td style=\"text-align: center; width: 7.26191%;\" width=\"39\"><span style=\"font-family: times new roman, times, serif; font-size: 10pt;\"><strong>Stand<\/strong><\/span><\/td>\n<\/tr>\n<tr>\n<td style=\"text-align: center; width: 5%;\" width=\"21\"><span style=\"font-family: times new roman, times, serif; font-size: 10pt;\">1<\/span><\/td>\n<td style=\"width: 20.8333%;\" width=\"141\"><span style=\"font-family: times new roman, times, serif; font-size: 10pt;\">Maria Katharina<\/span><\/td>\n<td style=\"text-align: center; width: 12.5%;\" width=\"78\"><span style=\"font-family: times new roman, times, serif; font-size: 10pt;\">15.07.1798<\/span><\/td>\n<td style=\"text-align: center; width: 11.9048%;\" width=\"74\"><span style=\"font-family: times new roman, times, serif; font-size: 10pt;\">15.07.1798<\/span><\/td>\n<td style=\"text-align: center; width: 11.3095%;\" width=\"69\"><\/td>\n<td style=\"text-align: center; width: 11.9048%;\" width=\"74\"><\/td>\n<td style=\"text-align: center; width: 11.5476%;\" width=\"71\"><\/td>\n<td style=\"text-align: center; width: 7.7381%;\" width=\"43\"><\/td>\n<td style=\"text-align: center; width: 7.26191%;\" width=\"39\"><\/td>\n<\/tr>\n<tr>\n<td style=\"text-align: center; width: 5%;\"><span style=\"font-family: times new roman, times, serif; font-size: 10pt;\">2<\/span><\/td>\n<td style=\"width: 20.8333%;\"><span style=\"font-family: times new roman, times, serif; font-size: 10pt;\">Andreas<\/span><\/td>\n<td style=\"text-align: center; width: 12.5%;\"><span style=\"font-family: times new roman, times, serif; font-size: 10pt;\">24.08.1799<\/span><\/td>\n<td style=\"text-align: center; width: 11.9048%;\"><span style=\"font-family: times new roman, times, serif; font-size: 10pt;\">26.08.1799<\/span><\/td>\n<td style=\"text-align: center; width: 11.3095%;\"><\/td>\n<td style=\"text-align: center; width: 11.9048%;\"><span style=\"font-family: times new roman, times, serif; font-size: 10pt;\">19.06.1808<\/span><\/td>\n<td style=\"text-align: center; width: 11.5476%;\"><span style=\"font-family: times new roman, times, serif; font-size: 10pt;\">21.06.1808<\/span><\/td>\n<td style=\"text-align: center; width: 7.7381%;\"><span style=\"font-family: times new roman, times, serif; font-size: 10pt;\">8,82<\/span><\/td>\n<td style=\"text-align: center; width: 7.26191%;\"><\/td>\n<\/tr>\n<\/tbody>\n<\/table>\n<p><span style=\"font-family: times new roman, times, serif; font-size: 10pt;\">Kind Nr. 2) + an der Abzehrung<\/span><\/p>\n<p style=\"text-align: justify;\"><span style=\"font-family: times new roman, times, serif; font-size: 10pt;\"><strong>Paten: zu 1) <\/strong><em>1) Elisabeth Magdalena G\u00f6thinn; 2) Maria Catharina Metzinn; 3) Johann Philipp Schmidt <\/em>\u2014 <strong>zu 2) <\/strong><em>1) Andreas G\u00f6th von Bechlen; 2) Johann Georg Mez von Bechlen; 3) Catharina Sommerin von Oberbachheim, des Gottfr[ied] Sommers Ehefrau<\/em><\/span><\/p>\n<p style=\"text-align: justify;\"><span style=\"font-family: times new roman, times, serif; font-size: 10pt;\"><strong>oo II. 18.10.1829 Becheln<\/strong> mit <strong><u>Kr\u00f6ller<\/u>, Anna Maria:<\/strong> * 22.12.1793 G\u00fcckingen (Diez, Rhein-Lahn-Kreis); Eltern: Wilhelm Kr\u00f6ller und Maria Katharina geb. Kr\u00f6ller, Landleute in G\u00fcckingen; oo II. 1838 Klingelbach mit Anton Wilhelm Hofmann, Schuhmacher (* 28.06.1796 Katzenelnbogen); hat aus der I. Ehe 2 + Kinder<\/span><\/p>\n<hr \/>\n<p><span style=\"font-family: times new roman, times, serif; font-size: 10pt;\"><span style=\"color: #ff0000;\"><strong><u><a id=\"oppenhaeuser\"><\/a>Oppenh\u00e4user<\/u><\/strong><strong>, Johannes:<\/strong> <\/span>kath.; bg. 30.12.1760 Becheln<\/span><\/p>\n<p style=\"text-align: justify;\"><span style=\"font-family: times new roman, times, serif; font-size: 10pt;\"><strong>oo 02.07.1720 Becheln<\/strong> mit <strong><u>M\u00f6seler<\/u>, Anna Elisabeth:<\/strong> kath.; + 08.01.1749 Becheln, am Kopfweh, 51 Jahre alt (bg. 10.01.); evtl. Tochter des Johannes M\u00f6seler von der Kirchheimersborn<\/span><\/p>\n<table style=\"width: 100%;\">\n<tbody>\n<tr>\n<td style=\"text-align: center; width: 5.23809%;\" width=\"21\"><span style=\"font-family: times new roman, times, serif; font-size: 10pt;\"><strong>Nr.<\/strong><\/span><\/td>\n<td style=\"width: 20.8334%;\" width=\"142\"><span style=\"font-family: times new roman, times, serif; font-size: 10pt;\"><strong>Vorname (normiert)<\/strong><\/span><\/td>\n<td style=\"text-align: center; width: 12.619%;\" width=\"78\"><span style=\"font-family: times new roman, times, serif; font-size: 10pt;\"><strong>geboren<\/strong><\/span><\/td>\n<td style=\"text-align: center; width: 12.0238%;\" width=\"74\"><span style=\"font-family: times new roman, times, serif; font-size: 10pt;\"><strong>getauft<\/strong><\/span><\/td>\n<td style=\"text-align: center; width: 10.5952%;\" width=\"63\"><span style=\"font-family: times new roman, times, serif; font-size: 10pt;\"><strong>gefirmt<\/strong><\/span><\/td>\n<td style=\"text-align: center; width: 12.0238%;\" width=\"74\"><span style=\"font-family: times new roman, times, serif; font-size: 10pt;\"><strong>gestorben<\/strong><\/span><\/td>\n<td style=\"text-align: center; width: 11.6667%;\" width=\"71\"><span style=\"font-family: times new roman, times, serif; font-size: 10pt;\"><strong>begraben<\/strong><\/span><\/td>\n<td style=\"text-align: center; width: 7.85714%;\" width=\"43\"><span style=\"font-family: times new roman, times, serif; font-size: 10pt;\"><strong>Alter<\/strong><\/span><\/td>\n<td style=\"text-align: center; width: 7.14286%;\" width=\"38\"><span style=\"font-family: times new roman, times, serif; font-size: 10pt;\"><strong>Stand<\/strong><\/span><\/td>\n<\/tr>\n<tr>\n<td style=\"text-align: center; width: 5.23809%;\" width=\"21\"><span style=\"font-family: times new roman, times, serif; font-size: 10pt;\">1<\/span><\/td>\n<td style=\"width: 20.8334%;\" width=\"142\"><span style=\"font-family: times new roman, times, serif; font-size: 10pt;\">Philipp Paul<\/span><\/td>\n<td style=\"text-align: center; width: 12.619%;\" width=\"78\"><span style=\"font-family: times new roman, times, serif; font-size: 10pt;\">25.11.1720<\/span><\/td>\n<td style=\"text-align: center; width: 12.0238%;\" width=\"74\"><span style=\"font-family: times new roman, times, serif; font-size: 10pt;\">01.12.1720<\/span><\/td>\n<td style=\"text-align: center; width: 10.5952%;\" width=\"63\"><\/td>\n<td style=\"text-align: center; width: 12.0238%;\" width=\"74\"><\/td>\n<td style=\"text-align: center; width: 11.6667%;\" width=\"71\"><\/td>\n<td style=\"text-align: center; width: 7.85714%;\" width=\"43\"><\/td>\n<td style=\"text-align: center; width: 7.14286%;\" width=\"38\"><\/td>\n<\/tr>\n<tr>\n<td style=\"text-align: center; width: 5.23809%;\"><span style=\"font-family: times new roman, times, serif; font-size: 10pt;\">2<\/span><\/td>\n<td style=\"width: 20.8334%;\"><span style=\"font-family: times new roman, times, serif; font-size: 10pt;\">Maria Katharina<\/span><\/td>\n<td style=\"text-align: center; width: 12.619%;\"><span style=\"font-family: times new roman, times, serif; font-size: 10pt;\">25.09.1723<\/span><\/td>\n<td style=\"text-align: center; width: 12.0238%;\"><span style=\"font-family: times new roman, times, serif; font-size: 10pt;\">03.10.1723<\/span><\/td>\n<td style=\"text-align: center; width: 10.5952%;\"><\/td>\n<td style=\"text-align: center; width: 12.0238%;\"><\/td>\n<td style=\"text-align: center; width: 11.6667%;\"><\/td>\n<td style=\"text-align: center; width: 7.85714%;\"><\/td>\n<td style=\"text-align: center; width: 7.14286%;\"><\/td>\n<\/tr>\n<tr>\n<td style=\"text-align: center; width: 5.23809%;\"><span style=\"font-family: times new roman, times, serif; font-size: 10pt;\">3<\/span><\/td>\n<td style=\"width: 20.8334%;\"><span style=\"font-family: times new roman, times, serif; font-size: 10pt;\">Christina Elisabeth<\/span><\/td>\n<td style=\"text-align: center; width: 12.619%;\"><span style=\"font-family: times new roman, times, serif; font-size: 10pt;\">18.05.1730<\/span><\/td>\n<td style=\"text-align: center; width: 12.0238%;\"><span style=\"font-family: times new roman, times, serif; font-size: 10pt;\">31.05.1730<\/span><\/td>\n<td style=\"text-align: center; width: 10.5952%;\"><\/td>\n<td style=\"text-align: center; width: 12.0238%;\"><span style=\"font-family: times new roman, times, serif; font-size: 10pt;\">09.03.1739<\/span><\/td>\n<td style=\"text-align: center; width: 11.6667%;\"><span style=\"font-family: times new roman, times, serif; font-size: 10pt;\">10.03.1739<\/span><\/td>\n<td style=\"text-align: center; width: 7.85714%;\"><span style=\"font-family: times new roman, times, serif; font-size: 10pt;\">8,81<\/span><\/td>\n<td style=\"text-align: center; width: 7.14286%;\"><\/td>\n<\/tr>\n<tr>\n<td style=\"text-align: center; width: 5.23809%;\"><span style=\"font-family: times new roman, times, serif; font-size: 10pt;\">4<\/span><\/td>\n<td style=\"width: 20.8334%;\"><span style=\"font-family: times new roman, times, serif; font-size: 10pt;\">Maria Margaretha<\/span><\/td>\n<td style=\"text-align: center; width: 12.619%;\"><span style=\"font-family: times new roman, times, serif; font-size: 10pt;\">07.02.1733<\/span><\/td>\n<td style=\"text-align: center; width: 12.0238%;\"><span style=\"font-family: times new roman, times, serif; font-size: 10pt;\">11.02.1733<\/span><\/td>\n<td style=\"text-align: center; width: 10.5952%;\"><\/td>\n<td style=\"text-align: center; width: 12.0238%;\"><span style=\"font-family: times new roman, times, serif; font-size: 10pt;\">29.12.1738<\/span><\/td>\n<td style=\"text-align: center; width: 11.6667%;\"><span style=\"font-family: times new roman, times, serif; font-size: 10pt;\">31.12.1738<\/span><\/td>\n<td style=\"text-align: center; width: 7.85714%;\"><span style=\"font-family: times new roman, times, serif; font-size: 10pt;\">5,89<\/span><\/td>\n<td style=\"text-align: center; width: 7.14286%;\"><\/td>\n<\/tr>\n<tr>\n<td style=\"text-align: center; width: 5.23809%;\"><span style=\"font-family: times new roman, times, serif; font-size: 10pt;\">5<\/span><\/td>\n<td style=\"width: 20.8334%;\"><span style=\"font-family: times new roman, times, serif; font-size: 10pt;\">Maria Katharina<\/span><\/td>\n<td style=\"text-align: center; width: 12.619%;\"><span style=\"font-family: times new roman, times, serif; font-size: 10pt;\">22.02.1737<\/span><\/td>\n<td style=\"text-align: center; width: 12.0238%;\"><span style=\"font-family: times new roman, times, serif; font-size: 10pt;\">24.02.1737<\/span><\/td>\n<td style=\"text-align: center; width: 10.5952%;\"><\/td>\n<td style=\"text-align: center; width: 12.0238%;\"><span style=\"font-family: times new roman, times, serif; font-size: 10pt;\">25.07.1741<\/span><\/td>\n<td style=\"text-align: center; width: 11.6667%;\"><span style=\"font-family: times new roman, times, serif; font-size: 10pt;\">27.07.1741<\/span><\/td>\n<td style=\"text-align: center; width: 7.85714%;\"><span style=\"font-family: times new roman, times, serif; font-size: 10pt;\">4,42<\/span><\/td>\n<td style=\"text-align: center; width: 7.14286%;\"><\/td>\n<\/tr>\n<tr>\n<td style=\"text-align: center; width: 5.23809%;\"><span style=\"font-family: times new roman, times, serif; font-size: 10pt;\">6<\/span><\/td>\n<td style=\"width: 20.8334%;\"><span style=\"font-family: times new roman, times, serif; font-size: 10pt;\">Maria Christina<\/span><\/td>\n<td style=\"text-align: center; width: 12.619%;\"><span style=\"font-family: times new roman, times, serif; font-size: 10pt;\">26.10.1739<\/span><\/td>\n<td style=\"text-align: center; width: 12.0238%;\"><span style=\"font-family: times new roman, times, serif; font-size: 10pt;\">01.11.1739<\/span><\/td>\n<td style=\"text-align: center; width: 10.5952%;\"><\/td>\n<td style=\"text-align: center; width: 12.0238%;\"><\/td>\n<td style=\"text-align: center; width: 11.6667%;\"><\/td>\n<td style=\"text-align: center; width: 7.85714%;\"><\/td>\n<td style=\"text-align: center; width: 7.14286%;\"><\/td>\n<\/tr>\n<tr>\n<td style=\"text-align: center; width: 5.23809%;\"><span style=\"font-family: times new roman, times, serif; font-size: 10pt;\">7<\/span><\/td>\n<td style=\"width: 20.8334%;\"><span style=\"font-family: times new roman, times, serif; font-size: 10pt;\">Philipp Andreas<\/span><\/td>\n<td style=\"text-align: center; width: 12.619%;\"><span style=\"font-family: times new roman, times, serif; font-size: 10pt;\">21.03.1744<\/span><\/td>\n<td style=\"text-align: center; width: 12.0238%;\"><span style=\"font-family: times new roman, times, serif; font-size: 10pt;\">25.03.1744<\/span><\/td>\n<td style=\"text-align: center; width: 10.5952%;\"><\/td>\n<td style=\"text-align: center; width: 12.0238%;\"><span style=\"font-family: times new roman, times, serif; font-size: 10pt;\">18.04.1748<\/span><\/td>\n<td style=\"text-align: center; width: 11.6667%;\"><span style=\"font-family: times new roman, times, serif; font-size: 10pt;\">19.04.1748<\/span><\/td>\n<td style=\"text-align: center; width: 7.85714%;\"><span style=\"font-family: times new roman, times, serif; font-size: 10pt;\">4,08<\/span><\/td>\n<td style=\"text-align: center; width: 7.14286%;\"><\/td>\n<\/tr>\n<tr>\n<td style=\"text-align: center; width: 5.23809%;\"><span style=\"font-family: times new roman, times, serif; font-size: 10pt;\">8<\/span><\/td>\n<td style=\"width: 20.8334%;\"><span style=\"font-family: times new roman, times, serif; font-size: 10pt;\">Anna Barbara<\/span><\/td>\n<td style=\"text-align: center; width: 12.619%;\"><\/td>\n<td style=\"text-align: center; width: 12.0238%;\"><\/td>\n<td style=\"text-align: center; width: 10.5952%;\"><\/td>\n<td style=\"text-align: center; width: 12.0238%;\"><span style=\"font-family: times new roman, times, serif; font-size: 10pt;\">06.06.1758<\/span><\/td>\n<td style=\"text-align: center; width: 11.6667%;\"><span style=\"font-family: times new roman, times, serif; font-size: 10pt;\">07.06.1758<\/span><\/td>\n<td style=\"text-align: center; width: 7.85714%;\"><span style=\"font-family: times new roman, times, serif; font-size: 10pt;\">28<\/span><\/td>\n<td style=\"text-align: center; width: 7.14286%;\"><span style=\"font-family: times new roman, times, serif; font-size: 10pt;\">verh.<\/span><\/td>\n<\/tr>\n<\/tbody>\n<\/table>\n<p><span style=\"font-family: times new roman, times, serif; font-size: 10pt;\">Kind Nr. 5) + an Blattern<br \/>\n<\/span><span style=\"font-family: times new roman, times, serif; font-size: 10pt;\">Kind Nr. 7) + an Pocken<br \/>\n<\/span><span style=\"font-family: times new roman, times, serif; font-size: 10pt;\">Kind Nr. 8) oo 22.02.1753 Becheln mit Henrich Zimmermann von der Kirchheimersborn (Pfarrei Spie\u00df), Kuhhirte in Becheln; Familie wohnt in Becheln<\/span><\/p>\n<p style=\"text-align: justify;\"><span style=\"font-family: times new roman, times, serif; font-size: 10pt;\"><strong>Paten: zu 1) <\/strong><em>Maria Clara, Joh. Andreas Schmidts ehel[iche] Tochter; 2) Paulus M\u00fc\u00dfeler; 3) Philipps Sebastian Pulch, Peter Pulchen Sohn von Gutenau <\/em>\u2014 <strong>zu 2) <\/strong><em>1) Joh. Anthoni[us] Mager, Peter Magers Sohn; 2) Maria Elisab. Bastian M\u00fcselers Frau von Kirchheimerborn; 3) Anna Catharina, Joh. M\u00fc\u00dfelers Tochter <\/em>\u2014 <strong>zu 3) <\/strong><em>1) Willhelmus von der Mo\u00dfel; 2) Christina Clara; 3) Elisabetha Margretha M\u00fcsselerin <\/em>\u2014 <strong>zu 4) <\/strong><em>Maria Margaretha \/pontificia\/ Peter Lehna, Hoffmanns daselbsten, Hau\u00dffrau; Maria Apolonia, Th\u00f6nges Mezen Tochter; und Johann Th\u00f6nges G\u00f6tth, Johann Peter G\u00f6tthen, Vorstehern, Sohn <\/em>\u2014 <strong>zu 5) <\/strong><em>Maria Catharina, Fritz Hoffmanns Tochter; Maria Margaretha \/pontifici\u00e6 religionis addicta\/, Henrich Patron Artzheim nachgela\u00dfene Tochter; Th\u00f6nge\u00df Schmidt, Andre\u00e6 Schmidten Sohn <\/em>\u2014 <strong>zu 6) <\/strong><em>Maria Elisabetha, patris soror; Christina, Jost Eisenbarths Tochter von Buchholtz; Frantz Juncker von B\u00fcchenberg; alle papistisch <\/em>\u2014 <strong>zu 7) <\/strong><em>Andreas Thores, Hoffmann in Becheln; Johann Philipps Welsch von Kirschermborn; Maria Magdalena, Hilgert Zimmermanns von Kirschermborn Tochter; alle papistisch<\/em><\/span><\/p>\n<hr \/>\n<p><span style=\"font-family: times new roman, times, serif; font-size: 10pt;\"><span style=\"color: #ff0000;\"><strong><u>Oppenh\u00e4user<\/u><\/strong><strong>, Maria Christina:<\/strong> <\/span>Witwe des Johannes Oppenh\u00e4user; + 07.04.1744 Becheln, 74 Jahre weniger 10 Wochen alt (bg. 09.04.)<\/span><\/p>\n<hr \/>\n<p style=\"text-align: justify;\"><span style=\"font-family: times new roman, times, serif; font-size: 10pt;\"><span style=\"color: #ff0000;\"><strong><u><a id=\"ott\"><\/a>Ott<\/u><\/strong><strong>, Katharina Elisabeth:<\/strong> <\/span>ref.; bg. 18.06.1762 Becheln, an Brustbeschwerung, 63 Jahre alt; aus dem Amt Lichtenau in Hessen; Eintragstext: <em>Den 18 Junij ist Catharina Elisabetha Ottin, geb\u00fcrtig und herkommend aus dem Amt Lichtenau in Hessen, christ[lich] und ehr[lich] begraben worden zu Becheln, ihre Kranckheit war Brust-Beschwerung, alt geworden 63 Jahr. Sie war der reformirten Religion zugethan, f\u00fchrte sich still u. [chri]st[lich] auf. Gott gebe ihr die ewige Ruhe.<\/em><\/span><\/p>\n<hr \/>\n<p><span style=\"font-family: times new roman, times, serif; font-size: 10pt;\"><span style=\"color: #ff0000;\"><strong><u><a id=\"otto\"><\/a>Otto<\/u><\/strong><strong>, Philipp:<\/strong> <\/span>aus Rommerode (Gro\u00dfalmerode, Werra-Mei\u00dfner-Kreis)<\/span><\/p>\n<p style=\"text-align: justify;\"><span style=\"font-family: times new roman, times, serif; font-size: 10pt;\"><strong>oo <\/strong><strong>06.09.1698 Becheln<\/strong> (mit Konsens hochf\u00fcrstl. diezischer Herrschaft) mit <strong><u>Mager<\/u>, Elisabeth Apollonia:<\/strong> * illeg. 11.05.1677 Becheln (gt. 21.05.); konf. 08.06.1690; + 08.03.1702 Becheln, <em>a Philippo Ottone marito malitiose deserta <\/em>(von ihrem Ehemann Philipp Otto heimt\u00fcckisch verlassen) (bg. 11.03.); Mutter: Anna Barbara Mager, Witwe des Hans Georg Mager; Vater: ein Soldat (nach Angabe der Mutter)<\/span><\/p>\n<hr \/>\n<p><span style=\"font-family: times new roman, times, serif; font-size: 10pt;\"><span style=\"color: #ff0000;\"><strong><u><a id=\"patron\"><\/a>Patron<\/u><\/strong><strong>, Barbara:<\/strong><\/span> + 17.02.1746 Becheln, 12 Jahre alt (bg. 18.02.); Eltern: Johannes Patron und Maria Magdalena; wohl * 10.02.1733 Spie\u00df<\/span><\/p>\n<hr \/>\n<p style=\"text-align: justify;\"><span style=\"font-family: times new roman, times, serif; font-size: 10pt;\"><span style=\"color: #ff0000;\"><strong><u><a id=\"pauli\"><\/a>Pauli<\/u>, Johannes:<\/strong><\/span> nassau-saarbr\u00fcckisch (idsteinisch) leibeigen; ist nach dem EV vom 17.11.1658 26 Jahre alt (EV 1665: 32 Jahre), Schatzung: 290 fl.; + 21.02.1673 Becheln, 38 Jahre alt (bg. 23.02.)<\/span><\/p>\n<p style=\"text-align: justify;\"><span style=\"font-family: times new roman, times, serif; font-size: 10pt;\"><strong>oo<\/strong> mit <strong>Anna Barbara (B\u00e4rbel):<\/strong> ist nach dem EV vom 17.11.1658 28 Jahre alt (EV 1665: 34 Jahre); + 04.03.1669 Becheln, 42 Jahre alt (bg. 05.03.)<\/span><\/p>\n<table>\n<tbody>\n<tr>\n<td style=\"text-align: center;\" width=\"30\"><span style=\"font-family: times new roman, times, serif; font-size: 10pt;\"><strong>Nr.<\/strong><\/span><\/td>\n<td width=\"138\"><span style=\"font-family: times new roman, times, serif; font-size: 10pt;\"><strong>Vorname (normiert)<\/strong><\/span><\/td>\n<td style=\"text-align: center;\" width=\"68\"><span style=\"font-family: times new roman, times, serif; font-size: 10pt;\"><strong>geboren<\/strong><\/span><\/td>\n<td style=\"text-align: center;\" width=\"77\"><span style=\"font-family: times new roman, times, serif; font-size: 10pt;\"><strong>getauft<\/strong><\/span><\/td>\n<td style=\"text-align: center;\" width=\"70\"><span style=\"font-family: times new roman, times, serif; font-size: 10pt;\"><strong>konfirmiert<\/strong><\/span><\/td>\n<td style=\"text-align: center;\" width=\"70\"><span style=\"font-family: times new roman, times, serif; font-size: 10pt;\"><strong>gestorben<\/strong><\/span><\/td>\n<td style=\"text-align: center;\" width=\"68\"><span style=\"font-family: times new roman, times, serif; font-size: 10pt;\"><strong>begraben<\/strong><\/span><\/td>\n<td style=\"text-align: center;\" width=\"38\"><span style=\"font-family: times new roman, times, serif; font-size: 10pt;\"><strong>Alter<\/strong><\/span><\/td>\n<td style=\"text-align: center;\" width=\"44\"><span style=\"font-family: times new roman, times, serif; font-size: 10pt;\"><strong>Stand<\/strong><\/span><\/td>\n<\/tr>\n<tr>\n<td style=\"text-align: center;\" width=\"30\"><span style=\"font-family: times new roman, times, serif; font-size: 10pt;\">1<\/span><\/td>\n<td width=\"138\"><span style=\"font-family: times new roman, times, serif; font-size: 10pt;\">Anna Katharina<\/span><\/td>\n<td style=\"text-align: center;\" width=\"68\"><span style=\"font-family: times new roman, times, serif; font-size: 10pt;\">ca. 1659<\/span><\/td>\n<td style=\"text-align: center;\" width=\"77\"><span style=\"font-family: times new roman, times, serif; font-size: 10pt;\"><strong>\u00a0<\/strong><\/span><\/td>\n<td style=\"text-align: center;\" width=\"70\"><span style=\"font-family: times new roman, times, serif; font-size: 10pt;\">18.05.1673<\/span><\/td>\n<td style=\"text-align: center;\" width=\"70\"><span style=\"font-family: times new roman, times, serif; font-size: 10pt;\">06.02.1726<\/span><\/td>\n<td style=\"text-align: center;\" width=\"68\"><span style=\"font-family: times new roman, times, serif; font-size: 10pt;\">09.02.1726<\/span><\/td>\n<td style=\"text-align: center;\" width=\"38\"><span style=\"font-family: times new roman, times, serif; font-size: 10pt;\">67<\/span><\/td>\n<td style=\"text-align: center;\" width=\"44\"><span style=\"font-family: times new roman, times, serif; font-size: 10pt;\">verh.<\/span><\/td>\n<\/tr>\n<tr>\n<td style=\"text-align: center;\" width=\"30\"><span style=\"font-family: times new roman, times, serif; font-size: 10pt;\">2<\/span><\/td>\n<td width=\"138\"><span style=\"font-family: times new roman, times, serif; font-size: 10pt;\">Johann Georg<\/span><\/td>\n<td style=\"text-align: center;\" width=\"68\"><span style=\"font-family: times new roman, times, serif; font-size: 10pt;\">ca. 1661<\/span><\/td>\n<td style=\"text-align: center;\" width=\"77\"><span style=\"font-family: times new roman, times, serif; font-size: 10pt;\"><strong>\u00a0<\/strong><\/span><\/td>\n<td style=\"text-align: center;\" width=\"70\"><span style=\"font-family: times new roman, times, serif; font-size: 10pt;\"><strong>\u00a0<\/strong><\/span><\/td>\n<td style=\"text-align: center;\" width=\"70\"><span style=\"font-family: times new roman, times, serif; font-size: 10pt;\"><strong>\u00a0<\/strong><\/span><\/td>\n<td style=\"text-align: center;\" width=\"68\"><span style=\"font-family: times new roman, times, serif; font-size: 10pt;\"><strong>\u00a0<\/strong><\/span><\/td>\n<td style=\"text-align: center;\" width=\"38\"><span style=\"font-family: times new roman, times, serif; font-size: 10pt;\"><strong>\u00a0<\/strong><\/span><\/td>\n<td style=\"text-align: center;\" width=\"44\"><\/td>\n<\/tr>\n<tr>\n<td style=\"text-align: center;\" width=\"30\"><span style=\"font-family: times new roman, times, serif; font-size: 10pt;\">3<\/span><\/td>\n<td width=\"138\"><span style=\"font-family: times new roman, times, serif; font-size: 10pt;\">Johann Peter<\/span><\/td>\n<td style=\"text-align: center;\" width=\"68\"><span style=\"font-family: times new roman, times, serif; font-size: 10pt;\">ca. 1663<\/span><\/td>\n<td style=\"text-align: center;\" width=\"77\"><span style=\"font-family: times new roman, times, serif; font-size: 10pt;\"><strong>\u00a0<\/strong><\/span><\/td>\n<td style=\"text-align: center;\" width=\"70\"><span style=\"font-family: times new roman, times, serif; font-size: 10pt;\"><strong>\u00a0<\/strong><\/span><\/td>\n<td style=\"text-align: center;\" width=\"70\"><span style=\"font-family: times new roman, times, serif; font-size: 10pt;\"><strong>\u00a0<\/strong><\/span><\/td>\n<td style=\"text-align: center;\" width=\"68\"><span style=\"font-family: times new roman, times, serif; font-size: 10pt;\">15.02.1709<\/span><\/td>\n<td style=\"text-align: center;\" width=\"38\"><span style=\"font-family: times new roman, times, serif; font-size: 10pt;\">46<\/span><\/td>\n<td style=\"text-align: center;\" width=\"44\"><span style=\"font-family: times new roman, times, serif; font-size: 10pt;\">verh.<\/span><\/td>\n<\/tr>\n<tr>\n<td style=\"text-align: center;\" width=\"30\"><span style=\"font-family: times new roman, times, serif; font-size: 10pt;\">4<\/span><\/td>\n<td width=\"138\"><span style=\"font-family: times new roman, times, serif; font-size: 10pt;\">Johann Eberhard<\/span><\/td>\n<td style=\"text-align: center;\" width=\"68\"><\/td>\n<td style=\"text-align: center;\" width=\"77\"><span style=\"font-family: times new roman, times, serif; font-size: 10pt;\">07.07.1667<\/span><\/td>\n<td style=\"text-align: center;\" width=\"70\"><span style=\"font-family: times new roman, times, serif; font-size: 10pt;\"><strong>\u00a0<\/strong><\/span><\/td>\n<td style=\"text-align: center;\" width=\"70\"><span style=\"font-family: times new roman, times, serif; font-size: 10pt;\"><strong>\u00a0<\/strong><\/span><\/td>\n<td style=\"text-align: center;\" width=\"68\"><span style=\"font-family: times new roman, times, serif; font-size: 10pt;\"><strong>\u00a0<\/strong><\/span><\/td>\n<td style=\"text-align: center;\" width=\"38\"><span style=\"font-family: times new roman, times, serif; font-size: 10pt;\"><strong>\u00a0<\/strong><\/span><\/td>\n<td style=\"text-align: center;\" width=\"44\"><\/td>\n<\/tr>\n<\/tbody>\n<\/table>\n<p style=\"text-align: justify;\"><span style=\"font-family: times new roman, times, serif; font-size: 10pt;\">Kind Nr. 1) ist nach dem EV 1665 6 Jahre alt (lt. Sterbeeintrag: 68 Jahre); oo 20.02.1683 Marienfels mit Johann Asmus Sixt aus Ehr; Familie wohnt in Becheln<br \/>\n<\/span><span style=\"font-family: times new roman, times, serif; font-size: 10pt;\">Kind Nr. 2) ist nach dem EV 1665 4 Jahre alt<br \/>\n<\/span><span style=\"font-family: times new roman, times, serif; font-size: 10pt;\">Kind Nr. 3) ist nach dem EV 1665 2 Jahre alt (lt. Sterbeeintrag: 47 Jahre); bg. Marienfels; oo 08.02.1687 Marienfels mit Maria Elisabeth, Tochter des Hans Bernhard Sixt zu Ehr; Familie wohnt in Ehr<\/span><\/p>\n<p style=\"text-align: justify;\"><span style=\"font-family: times new roman, times, serif; font-size: 10pt;\"><strong>Paten: zu 4) <\/strong><em>Johannes Schmidt, Kirchen-Senior; Johannes der Sch\u00e4ffer von Miehlen; undt J[ung]f[e]r Anna Margaretha, Han\u00df Henrichs zu Dau\u00dfenau, qui ob perpetratum &#8230; &#8230;, filia<\/em><\/span><\/p>\n<hr \/>\n<p><span style=\"font-family: times new roman, times, serif; font-size: 10pt;\"><span style=\"color: #ff0000;\"><strong><u>Pauli<\/u>, Stoffel:<\/strong> <\/span>+ vor 1658<\/span><\/p>\n<p style=\"text-align: justify;\"><span style=\"font-family: times new roman, times, serif; font-size: 10pt;\"><strong>oo<\/strong> mit <strong>Agnes:<\/strong> idsteinisch leibeigen; Witwe; ist nach dem EV vom 17.11.1658 52 Jahre alt (EV 1665: 58 Jahre), Schatzung: 337 fl.; + 24.03.1679 Becheln (bg. 25.03.)<\/span><\/p>\n<table>\n<tbody>\n<tr>\n<td style=\"text-align: center;\" width=\"30\"><span style=\"font-family: times new roman, times, serif; font-size: 10pt;\"><strong>Nr.<\/strong><\/span><\/td>\n<td width=\"138\"><span style=\"font-family: times new roman, times, serif; font-size: 10pt;\"><strong>Vorname (normiert)<\/strong><\/span><\/td>\n<td style=\"text-align: center;\" width=\"68\"><span style=\"font-family: times new roman, times, serif; font-size: 10pt;\"><strong>geboren<\/strong><\/span><\/td>\n<td style=\"text-align: center;\" width=\"77\"><span style=\"font-family: times new roman, times, serif; font-size: 10pt;\"><strong>getauft<\/strong><\/span><\/td>\n<td style=\"text-align: center;\" width=\"70\"><span style=\"font-family: times new roman, times, serif; font-size: 10pt;\"><strong>konfirmiert<\/strong><\/span><\/td>\n<td style=\"text-align: center;\" width=\"70\"><span style=\"font-family: times new roman, times, serif; font-size: 10pt;\"><strong>gestorben<\/strong><\/span><\/td>\n<td style=\"text-align: center;\" width=\"68\"><span style=\"font-family: times new roman, times, serif; font-size: 10pt;\"><strong>begraben<\/strong><\/span><\/td>\n<td style=\"text-align: center;\" width=\"38\"><span style=\"font-family: times new roman, times, serif; font-size: 10pt;\"><strong>Alter<\/strong><\/span><\/td>\n<td style=\"text-align: center;\" width=\"44\"><span style=\"font-family: times new roman, times, serif; font-size: 10pt;\"><strong>Stand<\/strong><\/span><\/td>\n<\/tr>\n<tr>\n<td style=\"text-align: center;\" width=\"30\"><span style=\"font-family: times new roman, times, serif; font-size: 10pt;\">1<\/span><\/td>\n<td width=\"138\"><span style=\"font-family: times new roman, times, serif; font-size: 10pt;\">Anna Apollonia<\/span><\/td>\n<td style=\"text-align: center;\" width=\"68\"><span style=\"font-family: times new roman, times, serif; font-size: 10pt;\">ca. 1634<\/span><\/td>\n<td style=\"text-align: center;\" width=\"77\"><span style=\"font-family: times new roman, times, serif; font-size: 10pt;\"><strong>\u00a0<\/strong><\/span><\/td>\n<td style=\"text-align: center;\" width=\"70\"><span style=\"font-family: times new roman, times, serif; font-size: 10pt;\"><strong>\u00a0<\/strong><\/span><\/td>\n<td style=\"text-align: center;\" width=\"70\"><span style=\"font-family: times new roman, times, serif; font-size: 10pt;\"><strong>\u00a0<\/strong><\/span><\/td>\n<td style=\"text-align: center;\" width=\"68\"><span style=\"font-family: times new roman, times, serif; font-size: 10pt;\"><strong>\u00a0<\/strong><\/span><\/td>\n<td style=\"text-align: center;\" width=\"38\"><span style=\"font-family: times new roman, times, serif; font-size: 10pt;\"><strong>\u00a0<\/strong><\/span><\/td>\n<td style=\"text-align: center;\" width=\"44\"><\/td>\n<\/tr>\n<\/tbody>\n<\/table>\n<p><span style=\"font-family: times new roman, times, serif; font-size: 10pt;\">Kind Nr. 1) ist nach dem EV vom 17.11.1658 24 Jahre alt (EV 1658 (2): 25 Jahre)<\/span><\/p>\n<hr \/>\n<p><span style=\"font-family: times new roman, times, serif; font-size: 10pt; color: #ff0000;\"><strong><u><a id=\"pfeifer\"><\/a>Pfeifer<\/u>, Johann Philipp<\/strong><\/span><\/p>\n<p><span style=\"font-family: times new roman, times, serif; font-size: 10pt;\"><strong>oo 01.03.1764 Becheln<\/strong> mit <strong><u>Schmidt<\/u>, Anna Katharina:<\/strong> Witwe; + 18.02.1788 Becheln, an einer Geschwulst, 71 Jahre weniger 9 Wochen alt (bg. 20.02.)<\/span><\/p>\n<hr \/>\n<p><span style=\"font-family: times new roman, times, serif; font-size: 10pt;\"><span style=\"color: #ff0000;\"><strong><u>Pfeifer<\/u>, Anna Margaretha:<\/strong> <\/span>+ 05.08.1770 Becheln, 28 Jahre, 3 Monate und 16 Tage alt<\/span><\/p>\n<hr \/>\n<p style=\"text-align: justify;\"><span style=\"font-family: times new roman, times, serif; font-size: 10pt;\"><span style=\"color: #ff0000;\"><strong><u>Pfeifer<\/u><\/strong><strong>, Johann Henrich:<\/strong> <\/span>Ackersmann; * 02.07.1756 Winterwerb; + 03.05.1827 Becheln (bg. 06.05.); Eltern: Georg Henrich <em>Pfeiffer<\/em> und Katharina Elisabeth; hat lt. Sterbeeintrag 4 Kinder<\/span><\/p>\n<p style=\"text-align: justify;\"><span style=\"font-family: times new roman, times, serif; font-size: 10pt;\"><strong>oo 05.1786 Becheln<\/strong> mit <strong><u>Friedrich<\/u>, Maria Elisabeth:<\/strong> * um 1755; + 02.02.1814 Becheln, 59 Jahre alt (bg. 04.02.); Eltern: Philipp Enmerich Friedrich und Elisabeth Katharina geb. Ebelh\u00e4user<\/span><\/p>\n<table style=\"width: 100%;\">\n<tbody>\n<tr>\n<td style=\"text-align: center; width: 5.59524%;\" width=\"21\"><span style=\"font-family: times new roman, times, serif; font-size: 10pt;\"><strong>Nr.<\/strong><\/span><\/td>\n<td style=\"width: 19.4048%;\" width=\"134\"><span style=\"font-family: times new roman, times, serif; font-size: 10pt;\"><strong>Vorname (normiert)<\/strong><\/span><\/td>\n<td style=\"text-align: center; width: 12.381%;\" width=\"77\"><span style=\"font-family: times new roman, times, serif; font-size: 10pt;\"><strong>geboren<\/strong><\/span><\/td>\n<td style=\"text-align: center; width: 11.9048%;\" width=\"73\"><span style=\"font-family: times new roman, times, serif; font-size: 10pt;\"><strong>getauft<\/strong><\/span><\/td>\n<td style=\"text-align: center; width: 11.9048%;\" width=\"73\"><span style=\"font-family: times new roman, times, serif; font-size: 10pt;\"><strong>konfirmiert<\/strong><\/span><\/td>\n<td style=\"text-align: center; width: 11.9048%;\" width=\"73\"><span style=\"font-family: times new roman, times, serif; font-size: 10pt;\"><strong>gestorben<\/strong><\/span><\/td>\n<td style=\"text-align: center; width: 11.4286%;\" width=\"70\"><span style=\"font-family: times new roman, times, serif; font-size: 10pt;\"><strong>begraben<\/strong><\/span><\/td>\n<td style=\"text-align: center; width: 7.85714%;\" width=\"43\"><span style=\"font-family: times new roman, times, serif; font-size: 10pt;\"><strong>Alter<\/strong><\/span><\/td>\n<td style=\"text-align: center; width: 7.7381%;\" width=\"42\"><span style=\"font-family: times new roman, times, serif; font-size: 10pt;\"><strong>Stand<\/strong><\/span><\/td>\n<\/tr>\n<tr>\n<td style=\"text-align: center; width: 5.59524%;\" width=\"21\"><span style=\"font-family: times new roman, times, serif; font-size: 10pt;\">1<\/span><\/td>\n<td style=\"width: 19.4048%;\" width=\"134\"><span style=\"font-family: times new roman, times, serif; font-size: 10pt;\">Anna Maria<\/span><\/td>\n<td style=\"text-align: center; width: 12.381%;\" width=\"77\"><span style=\"font-family: times new roman, times, serif; font-size: 10pt;\">19.03.1787<\/span><\/td>\n<td style=\"text-align: center; width: 11.9048%;\" width=\"73\"><span style=\"font-family: times new roman, times, serif; font-size: 10pt;\">21.03.1787<\/span><\/td>\n<td style=\"text-align: center; width: 11.9048%;\" width=\"73\"><span style=\"font-family: times new roman, times, serif; font-size: 10pt;\">xx.xx.1801<\/span><\/td>\n<td style=\"text-align: center; width: 11.9048%;\" width=\"73\"><span style=\"font-family: times new roman, times, serif; font-size: 10pt;\">01.10.1853<\/span><\/td>\n<td style=\"text-align: center; width: 11.4286%;\" width=\"70\"><span style=\"font-family: times new roman, times, serif; font-size: 10pt;\">04.10.1853<\/span><\/td>\n<td style=\"text-align: center; width: 7.85714%;\" width=\"43\"><span style=\"font-family: times new roman, times, serif; font-size: 10pt;\">66,58<\/span><\/td>\n<td style=\"text-align: center; width: 7.7381%;\" width=\"42\"><span style=\"font-family: times new roman, times, serif; font-size: 10pt;\">verh.<\/span><\/td>\n<\/tr>\n<tr>\n<td style=\"text-align: center; width: 5.59524%;\"><span style=\"font-family: times new roman, times, serif; font-size: 10pt;\">2<\/span><\/td>\n<td style=\"width: 19.4048%;\"><span style=\"font-family: times new roman, times, serif; font-size: 10pt;\">Johann Adam<\/span><\/td>\n<td style=\"text-align: center; width: 12.381%;\"><span style=\"font-family: times new roman, times, serif; font-size: 10pt;\">17.03.1790<\/span><\/td>\n<td style=\"text-align: center; width: 11.9048%;\"><span style=\"font-family: times new roman, times, serif; font-size: 10pt;\">21.03.1790<\/span><\/td>\n<td style=\"text-align: center; width: 11.9048%;\"><span style=\"font-family: times new roman, times, serif; font-size: 10pt;\">xx.xx.1802<\/span><\/td>\n<td style=\"text-align: center; width: 11.9048%;\"><span style=\"font-family: times new roman, times, serif; font-size: 10pt;\">22.07.1863<\/span><\/td>\n<td style=\"text-align: center; width: 11.4286%;\"><span style=\"font-family: times new roman, times, serif; font-size: 10pt;\">24.07.1863<\/span><\/td>\n<td style=\"text-align: center; width: 7.85714%;\"><span style=\"font-family: times new roman, times, serif; font-size: 10pt;\">73,39<\/span><\/td>\n<td style=\"text-align: center; width: 7.7381%;\"><span style=\"font-family: times new roman, times, serif; font-size: 10pt;\">verh.<\/span><\/td>\n<\/tr>\n<tr>\n<td style=\"text-align: center; width: 5.59524%;\"><span style=\"font-family: times new roman, times, serif; font-size: 10pt;\">3<\/span><\/td>\n<td style=\"width: 19.4048%;\"><span style=\"font-family: times new roman, times, serif; font-size: 10pt;\">Elisabeth Jakobina<\/span><\/td>\n<td style=\"text-align: center; width: 12.381%;\"><span style=\"font-family: times new roman, times, serif; font-size: 10pt;\">15.01.1794<\/span><\/td>\n<td style=\"text-align: center; width: 11.9048%;\"><span style=\"font-family: times new roman, times, serif; font-size: 10pt;\">17.01.1794<\/span><\/td>\n<td style=\"text-align: center; width: 11.9048%;\"><span style=\"font-family: times new roman, times, serif; font-size: 10pt;\">15.05.1808<\/span><\/td>\n<td style=\"text-align: center; width: 11.9048%;\"><span style=\"font-family: times new roman, times, serif; font-size: 10pt;\">15.07.1862<\/span><\/td>\n<td style=\"text-align: center; width: 11.4286%;\"><span style=\"font-family: times new roman, times, serif; font-size: 10pt;\">17.07.1862<\/span><\/td>\n<td style=\"text-align: center; width: 7.85714%;\"><span style=\"font-family: times new roman, times, serif; font-size: 10pt;\">68,54<\/span><\/td>\n<td style=\"text-align: center; width: 7.7381%;\"><span style=\"font-family: times new roman, times, serif; font-size: 10pt;\">verh.<\/span><\/td>\n<\/tr>\n<tr>\n<td style=\"text-align: center; width: 5.59524%;\"><span style=\"font-family: times new roman, times, serif; font-size: 10pt;\">4<\/span><\/td>\n<td style=\"width: 19.4048%;\"><span style=\"font-family: times new roman, times, serif; font-size: 10pt;\">Johann David<\/span><\/td>\n<td style=\"text-align: center; width: 12.381%;\"><span style=\"font-family: times new roman, times, serif; font-size: 10pt;\">24.07.1798<\/span><\/td>\n<td style=\"text-align: center; width: 11.9048%;\"><span style=\"font-family: times new roman, times, serif; font-size: 10pt;\">27.07.1798<\/span><\/td>\n<td style=\"text-align: center; width: 11.9048%;\"><\/td>\n<td style=\"text-align: center; width: 11.9048%;\"><span style=\"font-family: times new roman, times, serif; font-size: 10pt;\">30.11.1869<\/span><\/td>\n<td style=\"text-align: center; width: 11.4286%;\"><span style=\"font-family: times new roman, times, serif; font-size: 10pt;\">03.12.1869<\/span><\/td>\n<td style=\"text-align: center; width: 7.85714%;\"><span style=\"font-family: times new roman, times, serif; font-size: 10pt;\">71,40<\/span><\/td>\n<td style=\"text-align: center; width: 7.7381%;\"><span style=\"font-family: times new roman, times, serif; font-size: 10pt;\">ledig<\/span><\/td>\n<\/tr>\n<\/tbody>\n<\/table>\n<p style=\"text-align: justify;\"><span style=\"font-family: times new roman, times, serif; font-size: 10pt;\">Kind Nr. 1) oo 23.04.1821 Becheln mit Philipp David Schmidt aus Becheln (+ 25.10.1834 Becheln); hinterl\u00e4sst lt. Sterbeeintrag von 2 S\u00f6hnen noch einen Sohn am Leben<br \/>\n<\/span><span style=\"font-family: times new roman, times, serif; font-size: 10pt;\">Kind Nr. 2) oo 27.04.1823 Becheln mit Maria Magdalena Wahl aus Becheln (+ 30.12.1860 Becheln); hinterl\u00e4sst lt. Sterbeeintrag von 3 Kindern 1 Sohn; Er f\u00fchrte vom Jahre 1840 bis zum Jahre 1854 das Amt eines Kirchenvorstehers aus<br \/>\n<\/span><span style=\"font-family: times new roman, times, serif; font-size: 10pt;\">Kind Nr. 3) oo 27.04.1823 Becheln mit Philipp Gottfried Wahl aus Becheln (+ 17.05.1842 Becheln); hinterl\u00e4sst lt. Sterbeeintrag von 4 Kinder 2 oo T\u00f6chter<\/span><\/p>\n<p style=\"text-align: justify;\"><span style=\"font-family: times new roman, times, serif; font-size: 10pt;\"><strong>Paten:<\/strong> <strong>zu 1) <\/strong><em>1) Johan Philip Pfeiffer aus Bechlen; 2) Anna Eva, Philip Emnmerich Friederichs ehe[liche] Tochter zu De\u00dfighofen; 3) Anna Maria, Johan Daniel May Tochter zu De\u00dfighofen <\/em>\u2014 <strong>zu 2) <\/strong><em>1) Joh. Gottfried Friederich von De\u00dfighofen; 2) Joh. Adam Roth von Winterwerb; 3) Anna Margaretha, wey[land] Joh. Philip Heinz von Oberbachheim ehe[liche] Tochter <\/em>\u2014 <strong>zu 3) <\/strong><em>1) Maria Magdalena, Philip Gottfried Syxters ehe[liche] Hau\u00dffrau; 2) Maria Elisabetha Jacobina Wagnerin, ledigen Standes; 3) Joh. Philip, Joh. Jacob Rinckers ehe[liche] \u00e4lteste Tochter <\/em>\u2014 <strong>zu 4) <\/strong><em>1) David May von Schweighausen; 2) Johann Henrich May von Geisig; 3) Maria Elisabetha Haxelin von Geisig<\/em><\/span><\/p>\n<hr \/>\n<p><span style=\"font-family: times new roman, times, serif; font-size: 10pt; color: #ff0000;\"><strong><u><a id=\"reichhart\"><\/a>Reichhart<\/u><\/strong><strong>, Johann Henrich<\/strong><\/span><\/p>\n<p><span style=\"font-family: times new roman, times, serif; font-size: 10pt;\"><strong>oo<\/strong> mit <strong>Maria Margaretha<\/strong><\/span><\/p>\n<table style=\"width: 100%;\">\n<tbody>\n<tr>\n<td style=\"text-align: center; width: 5.47619%;\" width=\"22\"><span style=\"font-family: times new roman, times, serif; font-size: 10pt;\"><strong>Nr.<\/strong><\/span><\/td>\n<td style=\"width: 21.5476%;\" width=\"148\"><span style=\"font-family: times new roman, times, serif; font-size: 10pt;\"><strong>Vorname (normiert)<\/strong><\/span><\/td>\n<td style=\"text-align: center; width: 12.7381%;\" width=\"79\"><span style=\"font-family: times new roman, times, serif; font-size: 10pt;\"><strong>geboren<\/strong><\/span><\/td>\n<td style=\"text-align: center; width: 12.0238%;\" width=\"74\"><span style=\"font-family: times new roman, times, serif; font-size: 10pt;\"><strong>getauft<\/strong><\/span><\/td>\n<td style=\"text-align: center; width: 11.0714%;\" width=\"67\"><span style=\"font-family: times new roman, times, serif; font-size: 10pt;\"><strong>gefirmt<\/strong><\/span><\/td>\n<td style=\"text-align: center; width: 11.0714%;\" width=\"67\"><span style=\"font-family: times new roman, times, serif; font-size: 10pt;\"><strong>gestorben<\/strong><\/span><\/td>\n<td style=\"text-align: center; width: 10.8333%;\" width=\"65\"><span style=\"font-family: times new roman, times, serif; font-size: 10pt;\"><strong>begraben<\/strong><\/span><\/td>\n<td style=\"text-align: center; width: 7.7381%;\" width=\"42\"><span style=\"font-family: times new roman, times, serif; font-size: 10pt;\"><strong>Alter<\/strong><\/span><\/td>\n<td style=\"text-align: center; width: 7.61905%;\" width=\"41\"><span style=\"font-family: times new roman, times, serif; font-size: 10pt;\"><strong>Stand<\/strong><\/span><\/td>\n<\/tr>\n<tr>\n<td style=\"text-align: center; width: 5.47619%;\" width=\"22\"><span style=\"font-family: times new roman, times, serif; font-size: 10pt;\">1<\/span><\/td>\n<td style=\"width: 21.5476%;\" width=\"148\"><span style=\"font-family: times new roman, times, serif; font-size: 10pt;\">Maria Magdalena<\/span><\/td>\n<td style=\"text-align: center; width: 12.7381%;\" width=\"79\"><span style=\"font-family: times new roman, times, serif; font-size: 10pt;\">19.03.1719<\/span><\/td>\n<td style=\"text-align: center; width: 12.0238%;\" width=\"74\"><span style=\"font-family: times new roman, times, serif; font-size: 10pt;\">23.03.1719<\/span><\/td>\n<td style=\"text-align: center; width: 11.0714%;\" width=\"67\"><\/td>\n<td style=\"text-align: center; width: 11.0714%;\" width=\"67\"><\/td>\n<td style=\"text-align: center; width: 10.8333%;\" width=\"65\"><\/td>\n<td style=\"text-align: center; width: 7.7381%;\" width=\"42\"><\/td>\n<td style=\"text-align: center; width: 7.61905%;\" width=\"41\"><\/td>\n<\/tr>\n<\/tbody>\n<\/table>\n<p style=\"text-align: justify;\"><span style=\"font-family: times new roman, times, serif; font-size: 10pt;\"><strong>Paten:<\/strong> <em>1) Johannes Reichhard, Hoffman vom Hahnha\u00fc\u00dfer Hoff; 2) Eva Magdalena, Michael Mangold von Fr\u00fccht ehe[liche] Tocht[er]; 3) Maria Catharina, Joh[ann] Georg Metzen Tocht[er]<\/em><\/span><\/p>\n<hr \/>\n<p><span style=\"font-family: times new roman, times, serif; font-size: 10pt;\"><span style=\"color: #ff0000;\"><strong><u>Reichart<\/u><\/strong><strong>, Anna Eva:<\/strong> <\/span>ein Hirtenkind; konf. 30.05.1751 Becheln<\/span><\/p>\n<hr \/>\n<p><span style=\"font-family: times new roman, times, serif; font-size: 10pt; color: #ff0000;\"><strong><u>Reichert<\/u><\/strong><strong>, Johann Peter<\/strong><\/span><\/p>\n<p><span style=\"font-family: times new roman, times, serif; font-size: 10pt;\"><strong>oo<\/strong> mit <strong>Elisabeth<\/strong><\/span><\/p>\n<table style=\"width: 100%; height: 56px;\">\n<tbody>\n<tr style=\"height: 28px;\">\n<td style=\"text-align: center; height: 28px; width: 5.35714%;\" width=\"22\"><span style=\"font-family: times new roman, times, serif; font-size: 10pt;\"><strong>Nr.<\/strong><\/span><\/td>\n<td style=\"height: 28px; width: 21.6667%;\" width=\"148\"><span style=\"font-family: times new roman, times, serif; font-size: 10pt;\"><strong>Vorname (normiert)<\/strong><\/span><\/td>\n<td style=\"height: 28px; text-align: center; width: 11.9048%;\" width=\"73\"><span style=\"font-family: times new roman, times, serif; font-size: 10pt;\"><strong>geboren<\/strong><\/span><\/td>\n<td style=\"height: 28px; text-align: center; width: 12.1429%;\" width=\"75\"><span style=\"font-family: times new roman, times, serif; font-size: 10pt;\"><strong>getauft<\/strong><\/span><\/td>\n<td style=\"height: 28px; text-align: center; width: 11.1905%;\" width=\"68\"><span style=\"font-family: times new roman, times, serif; font-size: 10pt;\"><strong>gefirmt<\/strong><\/span><\/td>\n<td style=\"height: 28px; text-align: center; width: 11.1905%;\" width=\"68\"><span style=\"font-family: times new roman, times, serif; font-size: 10pt;\"><strong>gestorben<\/strong><\/span><\/td>\n<td style=\"height: 28px; text-align: center; width: 10.9524%;\" width=\"66\"><span style=\"font-family: times new roman, times, serif; font-size: 10pt;\"><strong>begraben<\/strong><\/span><\/td>\n<td style=\"height: 28px; text-align: center; width: 7.7381%;\" width=\"42\"><span style=\"font-family: times new roman, times, serif; font-size: 10pt;\"><strong>Alter<\/strong><\/span><\/td>\n<td style=\"height: 28px; text-align: center; width: 7.7381%;\" width=\"42\"><span style=\"font-family: times new roman, times, serif; font-size: 10pt;\"><strong>Stand<\/strong><\/span><\/td>\n<\/tr>\n<tr style=\"height: 28px;\">\n<td style=\"text-align: center; height: 28px; width: 5.35714%;\" width=\"22\"><span style=\"font-family: times new roman, times, serif; font-size: 10pt;\">1<\/span><\/td>\n<td style=\"height: 28px; width: 21.6667%;\" width=\"148\"><span style=\"font-family: times new roman, times, serif; font-size: 10pt;\">Eva Katharina<\/span><\/td>\n<td style=\"height: 28px; text-align: center; width: 11.9048%;\" width=\"73\"><\/td>\n<td style=\"height: 28px; text-align: center; width: 12.1429%;\" width=\"75\"><span style=\"font-family: times new roman, times, serif; font-size: 10pt;\">23.07.1751<\/span><\/td>\n<td style=\"height: 28px; text-align: center; width: 11.1905%;\" width=\"68\"><\/td>\n<td style=\"height: 28px; text-align: center; width: 11.1905%;\" width=\"68\"><\/td>\n<td style=\"height: 28px; text-align: center; width: 10.9524%;\" width=\"66\"><\/td>\n<td style=\"height: 28px; text-align: center; width: 7.7381%;\" width=\"42\"><\/td>\n<td style=\"height: 28px; text-align: center; width: 7.7381%;\" width=\"42\"><\/td>\n<\/tr>\n<\/tbody>\n<\/table>\n<p><span style=\"font-family: times new roman, times, serif; font-size: 10pt;\"><strong>Paten: <\/strong><em>Andreas Wilhelm Schmitt von Nassau, Anna Eva Elbertin von Mauch; [Chri]st[ina] Cath[arina], Fr[iedrich] G\u00f6tten Tochter von hier<\/em><\/span><\/p>\n<hr \/>\n<p style=\"text-align: justify;\"><span style=\"font-family: times new roman, times, serif; font-size: 10pt;\"><span style=\"color: #ff0000;\"><strong><u><a id=\"rickert\"><\/a>Rickert<\/u>, Johannes:<\/strong> <\/span>Zimmermann; Viehhirt zu Becheln; <em>b\u00fcrtig zu Ey\u00dfkirchen unter dem Bischoff von M\u00fcnster<\/em>; + 19.04.1683 Becheln, 55 Jahre alt (bg. 20.04.)<\/span><\/p>\n<hr \/>\n<p><span style=\"font-family: times new roman, times, serif; font-size: 10pt;\"><span style=\"color: #ff0000;\"><strong><u><a id=\"rosenbauer\"><\/a>Rosenbauer<\/u><\/strong><strong>, Johannes:<\/strong> <\/span>vom <em>Pfaffenroder<\/em> Hof bei Hachenburg<\/span><\/p>\n<p><span style=\"font-family: times new roman, times, serif; font-size: 10pt;\"><strong>o-o<\/strong> mit <strong><u>Born<\/u>, Katharina:<\/strong> von Nievern<\/span><\/p>\n<table style=\"width: 100%;\">\n<tbody>\n<tr>\n<td style=\"text-align: center; width: 5.59524%;\" width=\"22\"><span style=\"font-family: times new roman, times, serif; font-size: 10pt;\"><strong>Nr.<\/strong><\/span><\/td>\n<td style=\"width: 21.0714%;\" width=\"146\"><span style=\"font-family: times new roman, times, serif; font-size: 10pt;\"><strong>Vorname (normiert)<\/strong><\/span><\/td>\n<td style=\"text-align: center; width: 12.619%;\" width=\"79\"><span style=\"font-family: times new roman, times, serif; font-size: 10pt;\"><strong>geboren<\/strong><\/span><\/td>\n<td style=\"text-align: center; width: 12.0238%;\" width=\"74\"><span style=\"font-family: times new roman, times, serif; font-size: 10pt;\"><strong>getauft<\/strong><\/span><\/td>\n<td style=\"text-align: center; width: 11.3095%;\" width=\"69\"><span style=\"font-family: times new roman, times, serif; font-size: 10pt;\"><strong>konfirmiert<\/strong><\/span><\/td>\n<td style=\"text-align: center; width: 11.1905%;\" width=\"68\"><span style=\"font-family: times new roman, times, serif; font-size: 10pt;\"><strong>gestorben<\/strong><\/span><\/td>\n<td style=\"text-align: center; width: 10.8333%;\" width=\"65\"><span style=\"font-family: times new roman, times, serif; font-size: 10pt;\"><strong>begraben<\/strong><\/span><\/td>\n<td style=\"text-align: center; width: 7.7381%;\" width=\"42\"><span style=\"font-family: times new roman, times, serif; font-size: 10pt;\"><strong>Alter<\/strong><\/span><\/td>\n<td style=\"text-align: center; width: 7.5%;\" width=\"41\"><span style=\"font-family: times new roman, times, serif; font-size: 10pt;\"><strong>Stand<\/strong><\/span><\/td>\n<\/tr>\n<tr>\n<td style=\"text-align: center; width: 5.59524%;\" width=\"22\"><span style=\"font-family: times new roman, times, serif; font-size: 10pt;\">1<\/span><\/td>\n<td style=\"width: 21.0714%;\" width=\"146\"><span style=\"font-family: times new roman, times, serif; font-size: 10pt;\">Philipp David (illeg.)<\/span><\/td>\n<td style=\"text-align: center; width: 12.619%;\" width=\"79\"><span style=\"font-family: times new roman, times, serif; font-size: 10pt;\">22.05.1815<\/span><\/td>\n<td style=\"text-align: center; width: 12.0238%;\" width=\"74\"><span style=\"font-family: times new roman, times, serif; font-size: 10pt;\">24.05.1815<\/span><\/td>\n<td style=\"text-align: center; width: 11.3095%;\" width=\"69\"><\/td>\n<td style=\"text-align: center; width: 11.1905%;\" width=\"68\"><\/td>\n<td style=\"text-align: center; width: 10.8333%;\" width=\"65\"><\/td>\n<td style=\"text-align: center; width: 7.7381%;\" width=\"42\"><\/td>\n<td style=\"text-align: center; width: 7.5%;\" width=\"41\"><\/td>\n<\/tr>\n<\/tbody>\n<\/table>\n<p style=\"text-align: justify;\"><span style=\"font-family: times new roman, times, serif; font-size: 10pt;\">Eintragstext: <em>Den 22 abends May kam Katharina Bor&lt;n&gt; von Nievern mit einem Knaben nieder. Als Vater giebt sie an: Joh. Rosenbauer vom Pfaffenroder Hof bei Hachenburg. Den 24 ej[usdem] wurde es getauft, wobei Pathenstelle vertratt: 1) Phlp David Sexter; 2) Anna Maria Born, der Mutter Schwester<\/em><\/span><\/p>\n<hr \/>\n<p><span style=\"font-family: times new roman, times, serif; font-size: 10pt;\"><span style=\"color: #ff0000;\"><strong><u><a id=\"rosenkranz\"><\/a>Rosenkranz<\/u><\/strong><strong>, N. N.: <\/strong><\/span>Soldat von den Hannoverischen<\/span><\/p>\n<p><span style=\"font-family: times new roman, times, serif; font-size: 10pt;\"><strong>oo<\/strong> mit <strong>N. N.<\/strong><\/span><\/p>\n<table style=\"width: 100%;\">\n<tbody>\n<tr>\n<td style=\"text-align: center; width: 5.2381%;\" width=\"22\"><span style=\"font-family: times new roman, times, serif; font-size: 10pt;\"><strong>Nr.<\/strong><\/span><\/td>\n<td style=\"width: 21.5476%;\" width=\"147\"><span style=\"font-family: times new roman, times, serif; font-size: 10pt;\"><strong>Vorname (normiert)<\/strong><\/span><\/td>\n<td style=\"text-align: center; width: 12.619%;\" width=\"79\"><span style=\"font-family: times new roman, times, serif; font-size: 10pt;\"><strong>geboren<\/strong><\/span><\/td>\n<td style=\"text-align: center; width: 12.0238%;\" width=\"74\"><span style=\"font-family: times new roman, times, serif; font-size: 10pt;\"><strong>getauft<\/strong><\/span><\/td>\n<td style=\"text-align: center; width: 11.3095%;\" width=\"69\"><span style=\"font-family: times new roman, times, serif; font-size: 10pt;\"><strong>konfirmiert<\/strong><\/span><\/td>\n<td style=\"text-align: center; width: 11.1905%;\" width=\"68\"><span style=\"font-family: times new roman, times, serif; font-size: 10pt;\"><strong>gestorben<\/strong><\/span><\/td>\n<td style=\"text-align: center; width: 10.7143%;\" width=\"65\"><span style=\"font-family: times new roman, times, serif; font-size: 10pt;\"><strong>begraben<\/strong><\/span><\/td>\n<td style=\"text-align: center; width: 7.61905%;\" width=\"42\"><span style=\"font-family: times new roman, times, serif; font-size: 10pt;\"><strong>Alter<\/strong><\/span><\/td>\n<td style=\"text-align: center; width: 7.5%;\" width=\"41\"><span style=\"font-family: times new roman, times, serif; font-size: 10pt;\"><strong>Stand<\/strong><\/span><\/td>\n<\/tr>\n<tr>\n<td style=\"text-align: center; width: 5.2381%;\" width=\"22\"><span style=\"font-family: times new roman, times, serif; font-size: 10pt;\">1<\/span><\/td>\n<td style=\"width: 21.5476%;\" width=\"147\"><span style=\"font-family: times new roman, times, serif; font-size: 10pt;\">Johann Friedrich<\/span><\/td>\n<td style=\"text-align: center; width: 12.619%;\" width=\"79\"><span style=\"font-family: times new roman, times, serif; font-size: 10pt;\">29.11.1705<\/span><\/td>\n<td style=\"text-align: center; width: 12.0238%;\" width=\"74\"><span style=\"font-family: times new roman, times, serif; font-size: 10pt;\">29.11.1705<\/span><\/td>\n<td style=\"text-align: center; width: 11.3095%;\" width=\"69\"><\/td>\n<td style=\"text-align: center; width: 11.1905%;\" width=\"68\"><\/td>\n<td style=\"text-align: center; width: 10.7143%;\" width=\"65\"><\/td>\n<td style=\"text-align: center; width: 7.61905%;\" width=\"42\"><\/td>\n<td style=\"text-align: center; width: 7.5%;\" width=\"41\"><\/td>\n<\/tr>\n<\/tbody>\n<\/table>\n<p><span style=\"font-family: times new roman, times, serif; font-size: 10pt;\"><strong>Paten:<\/strong> <em>Joh. Friederich Berthold, Musq[uetier] unter den hanoverischen Truppen nebst einer Schwabenfrau<\/em><\/span><\/p>\n<hr \/>\n<p><span style=\"font-family: times new roman, times, serif; font-size: 10pt;\"><strong><span style=\"color: #ff0000;\"><u><a id=\"roesch\"><\/a>R\u00f6sch<\/u>, Johannes:<\/span><\/strong> aus Markt Kaltenbrunn (Weiherhammer, Lkr. Neustadt an der Waldnaab); + 15.08.1758 Becheln, pl\u00f6tzlich in seinem gelehnten H\u00e4uschen, 52 Jahre alt (bg. 17.08.)<\/span><\/p>\n<hr \/>\n<p><span style=\"font-family: times new roman, times, serif; font-size: 10pt;\"><span style=\"color: #ff0000;\"><strong><u><a id=\"rost\"><\/a>Rost<\/u><\/strong><strong>, Johannes:<\/strong> <\/span>Maurer und B\u00fcrger zu Ems<\/span><\/p>\n<p style=\"text-align: justify;\"><span style=\"font-family: times new roman, times, serif; font-size: 10pt;\"><strong>oo <\/strong><strong>07.06.1729 Becheln<\/strong> mit <strong><u>Wagner<\/u>, Anna Apollonia:<\/strong> * 16.03.1710 Becheln (gt. 16.03.); konf. 14.06.1722; Eltern: Johann Adam Wagner und Anna Christina geb. Schmidt<\/span><\/p>\n<table style=\"width: 100%;\">\n<tbody>\n<tr>\n<td style=\"text-align: center; width: 5.11905%;\" width=\"21\"><span style=\"font-family: times new roman, times, serif; font-size: 10pt;\"><strong>Nr.<\/strong><\/span><\/td>\n<td style=\"width: 20.7143%;\" width=\"141\"><span style=\"font-family: times new roman, times, serif; font-size: 10pt;\"><strong>Vorname (normiert)<\/strong><\/span><\/td>\n<td style=\"text-align: center; width: 12.5%;\" width=\"78\"><span style=\"font-family: times new roman, times, serif; font-size: 10pt;\"><strong>geboren<\/strong><\/span><\/td>\n<td style=\"text-align: center; width: 11.9048%;\" width=\"74\"><span style=\"font-family: times new roman, times, serif; font-size: 10pt;\"><strong>getauft<\/strong><\/span><\/td>\n<td style=\"text-align: center; width: 11.3095%;\" width=\"69\"><span style=\"font-family: times new roman, times, serif; font-size: 10pt;\"><strong>konfirmiert<\/strong><\/span><\/td>\n<td style=\"text-align: center; width: 11.9048%;\" width=\"74\"><span style=\"font-family: times new roman, times, serif; font-size: 10pt;\"><strong>gestorben<\/strong><\/span><\/td>\n<td style=\"text-align: center; width: 11.5476%;\" width=\"71\"><span style=\"font-family: times new roman, times, serif; font-size: 10pt;\"><strong>begraben<\/strong><\/span><\/td>\n<td style=\"text-align: center; width: 7.7381%;\" width=\"43\"><span style=\"font-family: times new roman, times, serif; font-size: 10pt;\"><strong>Alter<\/strong><\/span><\/td>\n<td style=\"text-align: center; width: 7.26191%;\" width=\"39\"><span style=\"font-family: times new roman, times, serif; font-size: 10pt;\"><strong>Stand<\/strong><\/span><\/td>\n<\/tr>\n<tr>\n<td style=\"text-align: center; width: 5.11905%;\" width=\"21\"><span style=\"font-family: times new roman, times, serif; font-size: 10pt;\">1<\/span><\/td>\n<td style=\"width: 20.7143%;\" width=\"141\"><span style=\"font-family: times new roman, times, serif; font-size: 10pt;\">Johann Thilo<\/span><\/td>\n<td style=\"text-align: center; width: 12.5%;\" width=\"78\"><span style=\"font-family: times new roman, times, serif; font-size: 10pt;\">01.07.1730<\/span><\/td>\n<td style=\"text-align: center; width: 11.9048%;\" width=\"74\"><span style=\"font-family: times new roman, times, serif; font-size: 10pt;\">02.07.1730<\/span><\/td>\n<td style=\"text-align: center; width: 11.3095%;\" width=\"69\"><\/td>\n<td style=\"text-align: center; width: 11.9048%;\" width=\"74\"><\/td>\n<td style=\"text-align: center; width: 11.5476%;\" width=\"71\"><\/td>\n<td style=\"text-align: center; width: 7.7381%;\" width=\"43\"><\/td>\n<td style=\"text-align: center; width: 7.26191%;\" width=\"39\"><\/td>\n<\/tr>\n<tr>\n<td style=\"text-align: center; width: 5.11905%;\"><span style=\"font-family: times new roman, times, serif; font-size: 10pt;\">2<\/span><\/td>\n<td style=\"width: 20.7143%;\"><span style=\"font-family: times new roman, times, serif; font-size: 10pt;\">Johann Georg<\/span><\/td>\n<td style=\"text-align: center; width: 12.5%;\"><span style=\"font-family: times new roman, times, serif; font-size: 10pt;\">13.10.1732<\/span><\/td>\n<td style=\"text-align: center; width: 11.9048%;\"><span style=\"font-family: times new roman, times, serif; font-size: 10pt;\">19.10.1732<\/span><\/td>\n<td style=\"text-align: center; width: 11.3095%;\"><\/td>\n<td style=\"text-align: center; width: 11.9048%;\"><span style=\"font-family: times new roman, times, serif; font-size: 10pt;\">22.11.1733<\/span><\/td>\n<td style=\"text-align: center; width: 11.5476%;\"><span style=\"font-family: times new roman, times, serif; font-size: 10pt;\">24.11.1733<\/span><\/td>\n<td style=\"text-align: center; width: 7.7381%;\"><span style=\"font-family: times new roman, times, serif; font-size: 10pt;\">1,11<\/span><\/td>\n<td style=\"text-align: center; width: 7.26191%;\"><\/td>\n<\/tr>\n<tr>\n<td style=\"text-align: center; width: 5.11905%;\"><span style=\"font-family: times new roman, times, serif; font-size: 10pt;\">3<\/span><\/td>\n<td style=\"width: 20.7143%;\"><span style=\"font-family: times new roman, times, serif; font-size: 10pt;\">Johann Peter<\/span><\/td>\n<td style=\"text-align: center; width: 12.5%;\"><span style=\"font-family: times new roman, times, serif; font-size: 10pt;\">04.10.1737<\/span><\/td>\n<td style=\"text-align: center; width: 11.9048%;\"><span style=\"font-family: times new roman, times, serif; font-size: 10pt;\">06.10.1737<\/span><\/td>\n<td style=\"text-align: center; width: 11.3095%;\"><\/td>\n<td style=\"text-align: center; width: 11.9048%;\"><\/td>\n<td style=\"text-align: center; width: 11.5476%;\"><\/td>\n<td style=\"text-align: center; width: 7.7381%;\"><\/td>\n<td style=\"text-align: center; width: 7.26191%;\"><\/td>\n<\/tr>\n<tr>\n<td style=\"text-align: center; width: 5.11905%;\"><span style=\"font-family: times new roman, times, serif; font-size: 10pt;\">4<\/span><\/td>\n<td style=\"width: 20.7143%;\"><span style=\"font-family: times new roman, times, serif; font-size: 10pt;\">Johann Jakob<\/span><\/td>\n<td style=\"text-align: center; width: 12.5%;\"><span style=\"font-family: times new roman, times, serif; font-size: 10pt;\">07.02.1740<\/span><\/td>\n<td style=\"text-align: center; width: 11.9048%;\"><span style=\"font-family: times new roman, times, serif; font-size: 10pt;\">07.02.1740<\/span><\/td>\n<td style=\"text-align: center; width: 11.3095%;\"><\/td>\n<td style=\"text-align: center; width: 11.9048%;\"><span style=\"font-family: times new roman, times, serif; font-size: 10pt;\">18.08.1740<\/span><\/td>\n<td style=\"text-align: center; width: 11.5476%;\"><span style=\"font-family: times new roman, times, serif; font-size: 10pt;\">19.08.1740<\/span><\/td>\n<td style=\"text-align: center; width: 7.7381%;\"><span style=\"font-family: times new roman, times, serif; font-size: 10pt;\">0,53<\/span><\/td>\n<td style=\"text-align: center; width: 7.26191%;\"><\/td>\n<\/tr>\n<tr>\n<td style=\"text-align: center; width: 5.11905%;\"><span style=\"font-family: times new roman, times, serif; font-size: 10pt;\">5<\/span><\/td>\n<td style=\"width: 20.7143%;\"><span style=\"font-family: times new roman, times, serif; font-size: 10pt;\">Johann Adam<\/span><\/td>\n<td style=\"text-align: center; width: 12.5%;\"><span style=\"font-family: times new roman, times, serif; font-size: 10pt;\">07.02.1740<\/span><\/td>\n<td style=\"text-align: center; width: 11.9048%;\"><span style=\"font-family: times new roman, times, serif; font-size: 10pt;\">07.02.1740<\/span><\/td>\n<td style=\"text-align: center; width: 11.3095%;\"><\/td>\n<td style=\"text-align: center; width: 11.9048%;\"><span style=\"font-family: times new roman, times, serif; font-size: 10pt;\">15.08.1740<\/span><\/td>\n<td style=\"text-align: center; width: 11.5476%;\"><span style=\"font-family: times new roman, times, serif; font-size: 10pt;\">17.08.1740<\/span><\/td>\n<td style=\"text-align: center; width: 7.7381%;\"><span style=\"font-family: times new roman, times, serif; font-size: 10pt;\">0,52<\/span><\/td>\n<td style=\"text-align: center; width: 7.26191%;\"><\/td>\n<\/tr>\n<tr>\n<td style=\"text-align: center; width: 5.11905%;\"><span style=\"font-family: times new roman, times, serif; font-size: 10pt;\">6<\/span><\/td>\n<td style=\"width: 20.7143%;\"><span style=\"font-family: times new roman, times, serif; font-size: 10pt;\">Christina Katharina<\/span><\/td>\n<td style=\"text-align: center; width: 12.5%;\"><span style=\"font-family: times new roman, times, serif; font-size: 10pt;\">23.07.1741<\/span><\/td>\n<td style=\"text-align: center; width: 11.9048%;\"><span style=\"font-family: times new roman, times, serif; font-size: 10pt;\">25.07.1741<\/span><\/td>\n<td style=\"text-align: center; width: 11.3095%;\"><\/td>\n<td style=\"text-align: center; width: 11.9048%;\"><\/td>\n<td style=\"text-align: center; width: 11.5476%;\"><\/td>\n<td style=\"text-align: center; width: 7.7381%;\"><\/td>\n<td style=\"text-align: center; width: 7.26191%;\"><\/td>\n<\/tr>\n<tr>\n<td style=\"text-align: center; width: 5.11905%;\"><span style=\"font-family: times new roman, times, serif; font-size: 10pt;\">7<\/span><\/td>\n<td style=\"width: 20.7143%;\"><span style=\"font-family: times new roman, times, serif; font-size: 10pt;\">Anna Elisabeth<\/span><\/td>\n<td style=\"text-align: center; width: 12.5%;\"><span style=\"font-family: times new roman, times, serif; font-size: 10pt;\">25.01.1735<\/span><\/td>\n<td style=\"text-align: center; width: 11.9048%;\"><span style=\"font-family: times new roman, times, serif; font-size: 10pt;\">30.01.1735<\/span><\/td>\n<td style=\"text-align: center; width: 11.3095%;\"><\/td>\n<td style=\"text-align: center; width: 11.9048%;\"><\/td>\n<td style=\"text-align: center; width: 11.5476%;\"><\/td>\n<td style=\"text-align: center; width: 7.7381%;\"><\/td>\n<td style=\"text-align: center; width: 7.26191%;\"><\/td>\n<\/tr>\n<\/tbody>\n<\/table>\n<p><span style=\"font-family: times new roman, times, serif; font-size: 10pt;\">Kind Nr 4. Und 5) Haustaufe wegen Schwachheit<\/span><\/p>\n<p style=\"text-align: justify;\"><span style=\"font-family: times new roman, times, serif; font-size: 10pt;\"><strong>Paten: zu 1) <\/strong><em>1) Joh. Jacob Wagener; 2) Joh. Thilo, Andreas An\u00dfels Sohn; 3) Maria Clara, Andres Schmidts Tochter <\/em>\u2014 <strong>zu 2) <\/strong><em>Georg Christoph Herold, M\u00e4urer von Miehlen; Johann Th\u00f6nges Schmidt, Andreas Schmidten; und Jungfer Anna Catharina, Gottfried Rincker\u00df, Schulthei\u00dfen, Tochter <\/em>\u2014 <strong>zu 3) <\/strong><em>H[err] Johann Wendel M\u00fcller, Schuldiener in Becheln; Johann Peter Schmidt, Leinenweber Gesell aus der Pfaltz; Anna Catharina, Georg Philipps Wagners nachgela\u00dfene Tochter <\/em>\u2014 <strong>zu 4) <\/strong><em>Johann Peter Wahl; Johann Jacob Wagener, Georg Wageners nachgelassener Sohn; Anna Kunigunda, Johann Friederich Wahls nachgelassene Tochter <\/em>\u2014 <strong>zu 5) <\/strong><em>Samuel Fetz, M\u00fcller in Zeppenhahn; und Anna Margaretha, Henrich Cuntzen Tochter <\/em>\u2014 <strong>zu 6) <\/strong><em>Christophel Herold von Miehlen; Christina Clara; Elisabetha Catharina; beyde Henrich Kuntzen T\u00f6chter <\/em>\u2014 <strong>zu 7) <\/strong><em>Johann Philipps Heymann, Th\u00f6nges Heymann Sohn von Eberwie\u00df; Anna Elisabetha Schmidtin, Friederich Schmitten nachgela\u00dfene Tochter; Anna Elisabetha, Meister Wilhelms Zimmermanns in Scheuern Tochter<\/em><\/span><\/p>\n<hr \/>\n<p><span style=\"font-size: 10pt; font-family: times new roman, times, serif;\"><b>Letztes Update: 8. Juni 2024<\/b><\/span><br \/>\n<span style=\"font-size: 10pt; font-family: times new roman, times, serif;\"><b>Ralph Jackmuth<\/b><\/span><\/p>\n","protected":false},"excerpt":{"rendered":"<p>Noll, Henrich: Schreinermeister; * 19.12.1766 Wiesbaden-Breckenheim; + 12.04.1837 Becheln (bg. 14.04.); Eltern: Johann Philipp Noll, Gerichtsmann, und Christina Elisabetha geb. \u2026 (Breckenheim, KB 1, Bild 153 auf archion.de)) oo I. 19.10.1794 Becheln mit Metz, Anna Katharina: * 14.02.1755 Becheln (gt. 16.02.); konf. 20.05.1770; + 29.10.1827 Becheln (bg. 01.11.); Eltern: Johann Friedrich Metz und Christina Elisabeth &hellip; <a href=\"https:\/\/www.ahnenforschung-jackmuth.de\/?page_id=11644\" class=\"more-link\"><span class=\"screen-reader-text\">\u201eOFB Becheln &#8211; N-R\u201c<\/span> weiterlesen<\/a><\/p>\n","protected":false},"author":1,"featured_media":0,"parent":0,"menu_order":0,"comment_status":"closed","ping_status":"closed","template":"","meta":{"footnotes":""},"class_list":["post-11644","page","type-page","status-publish","hentry"],"_links":{"self":[{"href":"https:\/\/www.ahnenforschung-jackmuth.de\/index.php?rest_route=\/wp\/v2\/pages\/11644","targetHints":{"allow":["GET"]}}],"collection":[{"href":"https:\/\/www.ahnenforschung-jackmuth.de\/index.php?rest_route=\/wp\/v2\/pages"}],"about":[{"href":"https:\/\/www.ahnenforschung-jackmuth.de\/index.php?rest_route=\/wp\/v2\/types\/page"}],"author":[{"embeddable":true,"href":"https:\/\/www.ahnenforschung-jackmuth.de\/index.php?rest_route=\/wp\/v2\/users\/1"}],"replies":[{"embeddable":true,"href":"https:\/\/www.ahnenforschung-jackmuth.de\/index.php?rest_route=%2Fwp%2Fv2%2Fcomments&post=11644"}],"version-history":[{"count":0,"href":"https:\/\/www.ahnenforschung-jackmuth.de\/index.php?rest_route=\/wp\/v2\/pages\/11644\/revisions"}],"wp:attachment":[{"href":"https:\/\/www.ahnenforschung-jackmuth.de\/index.php?rest_route=%2Fwp%2Fv2%2Fmedia&parent=11644"}],"curies":[{"name":"wp","href":"https:\/\/api.w.org\/{rel}","templated":true}]}}