{"id":11633,"date":"2024-06-08T09:59:42","date_gmt":"2024-06-08T09:59:42","guid":{"rendered":"https:\/\/www.ahnenforschung-jackmuth.de\/?page_id=11633"},"modified":"2024-06-08T10:34:09","modified_gmt":"2024-06-08T10:34:09","slug":"ofb-becheln","status":"publish","type":"page","link":"https:\/\/www.ahnenforschung-jackmuth.de\/?page_id=11633","title":{"rendered":"OFB Becheln &#8211; K-M"},"content":{"rendered":"<p><span style=\"font-family: times new roman, times, serif; font-size: 10pt;\"><span style=\"color: #ff0000;\"><strong><u><a id=\"kaiser\"><\/a>Kaiser<\/u><\/strong><strong>, Johannes: <\/strong><\/span>Einwohner zu Miehlen<\/span><\/p>\n<p><span style=\"font-family: times new roman, times, serif; font-size: 10pt;\"><strong>oo 03.05.1670 Becheln<\/strong> mit <strong><u>Mager<\/u>, Agnes:<\/strong> Tochter des Th\u00f6nges Mager auch Becheln<\/span><\/p>\n<hr \/>\n<p><span style=\"font-family: times new roman, times, serif; font-size: 10pt; color: #ff0000;\"><strong><u>Kaiser<\/u><\/strong><strong>, Johann Hermann<\/strong><\/span><\/p>\n<p><span style=\"font-family: times new roman, times, serif; font-size: 10pt;\"><strong>o-o <\/strong>mit<strong> <u>Ansel<\/u>, Anna Barbara:<\/strong> * ca. 1663; konf. 08.06.1679; + 26.04.1714 Becheln (bg. 27.04.); Eltern: Friedrich Ansel und Katharina<\/span><\/p>\n<table style=\"width: 100%;\">\n<tbody>\n<tr>\n<td style=\"text-align: center; width: 5%;\" width=\"21\"><span style=\"font-family: times new roman, times, serif; font-size: 10pt;\"><strong>Nr.<\/strong><\/span><\/td>\n<td style=\"width: 20.119%;\" width=\"135\"><span style=\"font-family: times new roman, times, serif; font-size: 10pt;\"><strong>Vorname (normiert)<\/strong><\/span><\/td>\n<td style=\"text-align: center; width: 12.2619%;\" width=\"76\"><span style=\"font-family: times new roman, times, serif; font-size: 10pt;\"><strong>geboren<\/strong><\/span><\/td>\n<td style=\"text-align: center; width: 11.9048%;\" width=\"73\"><span style=\"font-family: times new roman, times, serif; font-size: 10pt;\"><strong>getauft<\/strong><\/span><\/td>\n<td style=\"text-align: center; width: 11.9048%;\" width=\"73\"><span style=\"font-family: times new roman, times, serif; font-size: 10pt;\"><strong>konfirmiert<\/strong><\/span><\/td>\n<td style=\"text-align: center; width: 11.9048%;\" width=\"73\"><span style=\"font-family: times new roman, times, serif; font-size: 10pt;\"><strong>gestorben<\/strong><\/span><\/td>\n<td style=\"text-align: center; width: 11.4286%;\" width=\"70\"><span style=\"font-family: times new roman, times, serif; font-size: 10pt;\"><strong>begraben<\/strong><\/span><\/td>\n<td style=\"text-align: center; width: 7.85714%;\" width=\"43\"><span style=\"font-family: times new roman, times, serif; font-size: 10pt;\"><strong>Alter<\/strong><\/span><\/td>\n<td style=\"text-align: center; width: 7.7381%;\" width=\"42\"><span style=\"font-family: times new roman, times, serif; font-size: 10pt;\"><strong>Stand<\/strong><\/span><\/td>\n<\/tr>\n<tr>\n<td style=\"text-align: center; width: 5%;\" width=\"21\"><span style=\"font-family: times new roman, times, serif; font-size: 10pt;\">1<\/span><\/td>\n<td style=\"width: 20.119%;\" width=\"135\"><span style=\"font-family: times new roman, times, serif; font-size: 10pt;\">Maria Magd. (illeg.)<\/span><\/td>\n<td style=\"text-align: center; width: 12.2619%;\" width=\"76\"><span style=\"font-family: times new roman, times, serif; font-size: 10pt;\">03.01.1697<\/span><\/td>\n<td style=\"text-align: center; width: 11.9048%;\" width=\"73\"><span style=\"font-family: times new roman, times, serif; font-size: 10pt;\">10.01.1697<\/span><\/td>\n<td style=\"text-align: center; width: 11.9048%;\" width=\"73\"><span style=\"font-family: times new roman, times, serif; font-size: 10pt;\">08.07.1695<\/span><\/td>\n<td style=\"text-align: center; width: 11.9048%;\" width=\"73\"><span style=\"font-family: times new roman, times, serif; font-size: 10pt;\">11.09.1746<\/span><\/td>\n<td style=\"text-align: center; width: 11.4286%;\" width=\"70\"><span style=\"font-family: times new roman, times, serif; font-size: 10pt;\">13.09.1746<\/span><\/td>\n<td style=\"text-align: center; width: 7.85714%;\" width=\"43\"><span style=\"font-family: times new roman, times, serif; font-size: 10pt;\">49,70<\/span><\/td>\n<td style=\"text-align: center; width: 7.7381%;\" width=\"42\"><span style=\"font-family: times new roman, times, serif; font-size: 10pt;\">verh.<\/span><\/td>\n<\/tr>\n<\/tbody>\n<\/table>\n<p><span style=\"font-family: times new roman, times, serif; font-size: 10pt;\">Kind Nr. 1) oo 10.01.1713 Becheln mit Georg Philipp Wagner aus Becheln<\/span><\/p>\n<p style=\"text-align: justify;\"><span style=\"font-family: times new roman, times, serif; font-size: 10pt;\"><strong>Paten:<\/strong> <em>Hans Hoffmann; Anna Magdalena, Georg Metzen uxor; et Maria Margretha Magerin, Joh. Jacob Muthen, militis, sponsa; alle von Becheln<\/em><\/span><\/p>\n<hr \/>\n<p style=\"text-align: justify;\"><span style=\"font-family: times new roman, times, serif; font-size: 10pt;\"><span style=\"color: #ff0000;\"><strong><u><a id=\"klos\"><\/a>Klos<\/u><\/strong><strong>, Johann Michael: <\/strong><\/span>gemeiner M\u00fcller; * 13.02.1713 Steegsm\u00fchle (Pfarrei Marienfels); gt. 19.02.1713 (Paten: <em>Emrich Wagner zu \u00dclsper<\/em> [Oelsberg (VG Nast\u00e4tten)]<em>; Joh: Michel, Adam Keisers Sohn zu Marienfels; Eva Maria, Adam D\u00f6nges Closen Dochter zu Marienfels oder Danioben<\/em>); bg. 27.01.1785 Braubach, 72 Jahre alt; Eltern: Johann Philipp Klos, M\u00fcller in der Steegsm\u00fchle bei Marienfels oo 18.01.1701 Marienfels mit Anna Margaretha geb. Laux<\/span><\/p>\n<p style=\"text-align: justify;\"><span style=\"font-family: times new roman, times, serif; font-size: 10pt;\"><strong>oo 07.11.1741 Becheln<\/strong> mit <strong><u>Rincker<\/u>, Anna Katharina:<\/strong> * 24.01.1717 Becheln (gt. 29.01.); konf. 1729; + 15.02.1798 Braubach (bg. 18.02.); Eltern: Johann Gottfried Rinker, Schulthei\u00df in Becheln, und Elisabeth Magdalena geb. Heyer<\/span><\/p>\n<p style=\"text-align: justify;\"><span style=\"font-family: times new roman, times, serif; font-size: 10pt;\">Familie wohnt in Braubach<\/span><\/p>\n<hr \/>\n<p><span style=\"font-family: times new roman, times, serif; font-size: 10pt;\"><span style=\"color: #ff0000;\"><strong><u><a id=\"kraetz\"><\/a>Kr\u00e4tz<\/u><\/strong><\/span><strong><span style=\"color: #ff0000;\">, Peter:<\/span> <\/strong>steinischer Hofmann zu Becheln (1690), Hofmann auf Buchholz (1696)<\/span><\/p>\n<p><span style=\"font-family: times new roman, times, serif; font-size: 10pt;\"><strong>oo<\/strong> mit <strong>N. N.<\/strong><\/span><\/p>\n<table>\n<tbody>\n<tr>\n<td style=\"text-align: center;\" width=\"30\"><span style=\"font-family: times new roman, times, serif; font-size: 10pt;\"><strong>Nr.<\/strong><\/span><\/td>\n<td width=\"138\"><span style=\"font-family: times new roman, times, serif; font-size: 10pt;\"><strong>Vorname (normiert)<\/strong><\/span><\/td>\n<td style=\"text-align: center;\" width=\"68\"><span style=\"font-family: times new roman, times, serif; font-size: 10pt;\"><strong>geboren<\/strong><\/span><\/td>\n<td style=\"text-align: center;\" width=\"77\"><span style=\"font-family: times new roman, times, serif; font-size: 10pt;\"><strong>getauft<\/strong><\/span><\/td>\n<td style=\"text-align: center;\" width=\"70\"><span style=\"font-family: times new roman, times, serif; font-size: 10pt;\"><strong>konfirmiert<\/strong><\/span><\/td>\n<td style=\"text-align: center;\" width=\"70\"><span style=\"font-family: times new roman, times, serif; font-size: 10pt;\"><strong>gestorben<\/strong><\/span><\/td>\n<td style=\"text-align: center;\" width=\"68\"><span style=\"font-family: times new roman, times, serif; font-size: 10pt;\"><strong>begraben<\/strong><\/span><\/td>\n<td style=\"text-align: center;\" width=\"38\"><span style=\"font-family: times new roman, times, serif; font-size: 10pt;\"><strong>Alter<\/strong><\/span><\/td>\n<td style=\"text-align: center;\" width=\"44\"><span style=\"font-family: times new roman, times, serif; font-size: 10pt;\"><strong>Stand<\/strong><\/span><\/td>\n<\/tr>\n<tr>\n<td style=\"text-align: center;\" width=\"30\"><span style=\"font-family: times new roman, times, serif; font-size: 10pt;\">1<\/span><\/td>\n<td width=\"138\"><span style=\"font-family: times new roman, times, serif; font-size: 10pt;\">Anna Margaretha<\/span><\/td>\n<td style=\"text-align: center;\" width=\"68\"><\/td>\n<td style=\"text-align: center;\" width=\"77\"><span style=\"font-family: times new roman, times, serif; font-size: 10pt;\"><strong>\u00a0<\/strong><\/span><\/td>\n<td style=\"text-align: center;\" width=\"70\"><span style=\"font-family: times new roman, times, serif; font-size: 10pt;\"><strong>\u00a0<\/strong><\/span><\/td>\n<td style=\"text-align: center;\" width=\"70\"><\/td>\n<td style=\"text-align: center;\" width=\"68\"><span style=\"font-family: times new roman, times, serif; font-size: 10pt;\"><strong>\u00a0<\/strong><\/span><\/td>\n<td style=\"text-align: center;\" width=\"38\"><\/td>\n<td style=\"text-align: center;\" width=\"44\"><span style=\"font-family: times new roman, times, serif; font-size: 10pt;\">verh.<\/span><\/td>\n<\/tr>\n<tr>\n<td style=\"text-align: center;\" width=\"30\"><span style=\"font-family: times new roman, times, serif; font-size: 10pt;\">2<\/span><\/td>\n<td width=\"138\"><span style=\"font-family: times new roman, times, serif; font-size: 10pt;\">Anna Maria<\/span><\/td>\n<td style=\"text-align: center;\" width=\"68\"><\/td>\n<td style=\"text-align: center;\" width=\"77\"><span style=\"font-family: times new roman, times, serif; font-size: 10pt;\"><strong>\u00a0<\/strong><\/span><\/td>\n<td style=\"text-align: center;\" width=\"70\"><\/td>\n<td style=\"text-align: center;\" width=\"70\"><\/td>\n<td style=\"text-align: center;\" width=\"68\"><\/td>\n<td style=\"text-align: center;\" width=\"38\"><\/td>\n<td style=\"text-align: center;\" width=\"44\"><span style=\"font-family: times new roman, times, serif; font-size: 10pt;\">verh.<\/span><\/td>\n<\/tr>\n<\/tbody>\n<\/table>\n<p style=\"text-align: justify;\"><span style=\"font-family: times new roman, times, serif; font-size: 10pt;\">Kind Nr. 1) oo 04.02.1690 Dienethal mit Johann Anton Himmighofen von Dienethal; Familie wohnt in Dienethal<br \/>\n<\/span><span style=\"font-family: times new roman, times, serif; font-size: 10pt;\">Kind Nr. 2) prokl. 12.07.1696, oo Oberlahnstein mit Johann Georg Metz (* 14.12.1673 Becheln; konf. 17.04.1687; + 24.08.1724 Becheln; Eltern: Johann Michael Metz und Anna Maria geb. Wagner); Eintragstext der Trauung (KB Becheln): <em>Dom[inica] 5 post Trinit[atis] sindt ex speciale com[m]issione sup[er]iorum proclamiret worden Joh[ann] Georg Metz, Michael Mezen Sohn, undt Anna Maria, Peter Krezen in Buchholtz eh[liche] Tochter. Die Copula[ti]o[n] ist p[ro]p[ter] Illicitam ante temp[us] coitio[n]e an einem p\u00e4pst[lichen] Ort et qd. zu Lohnstein gescheh[en]. Gott bekehre v[nd] segne sie.<\/em><\/span><\/p>\n<hr \/>\n<p><span style=\"font-family: times new roman, times, serif; font-size: 10pt;\"><span style=\"color: #ff0000;\"><strong><u><a id=\"kreidel\"><\/a>Kreidel<\/u><\/strong><strong>, Johann Jakob:<\/strong> <\/span>+ 20.04.1743 Becheln, + an einer hitzigen Krankheit, 78 Jahre alt (bg. 21.04.)<\/span><\/p>\n<hr \/>\n<p><span style=\"font-family: times new roman, times, serif; font-size: 10pt;\"><span style=\"color: #ff0000;\"><strong><u>Kreidel<\/u><\/strong><strong>, Johann Georg:<\/strong> <\/span>B\u00fcrger und Einwohner zu Scheuern<\/span><\/p>\n<p><span style=\"font-family: times new roman, times, serif; font-size: 10pt;\"><strong>oo 23.06.1784 Becheln<\/strong> mit <strong><u>G\u00f6th<\/u>, Maria Katharina:<\/strong> gt. 06.02.1763 Becheln; konf. 21.04.1776; Eltern: Johann Anton G\u00f6th und Anna Maria geb. Rinker<\/span><\/p>\n<p><span style=\"font-family: times new roman, times, serif; font-size: 10pt;\">Familie wohnt in Scheuern<\/span><\/p>\n<hr \/>\n<p><span style=\"font-family: times new roman, times, serif; font-size: 10pt;\"><span style=\"color: #ff0000;\"><strong><u><a id=\"kretzer\"><\/a>Kretzer<\/u><\/strong><strong>, Kaspar:<\/strong> <\/span>kath.; vagabundierend (1765), holl\u00e4ndischer Soldat (1771), Bettler, \u201eaus Mainz geb\u00fcrtig und zu Becheln erzogen\u201c (1775)<\/span><\/p>\n<p><span style=\"font-family: times new roman, times, serif; font-size: 10pt;\"><strong>oo<\/strong> mit <strong><u>Becker<\/u>, Katharina:<\/strong> kath.; aus Offheim (Lkr. Limburg-Weilburg)<\/span><\/p>\n<table style=\"width: 100%;\">\n<tbody>\n<tr>\n<td style=\"text-align: center; width: 5.2381%;\" width=\"21\"><span style=\"font-family: times new roman, times, serif; font-size: 10pt;\"><strong>Nr.<\/strong><\/span><\/td>\n<td style=\"width: 20.2381%;\" width=\"138\"><span style=\"font-family: times new roman, times, serif; font-size: 10pt;\"><strong>VN normiert<\/strong><\/span><\/td>\n<td style=\"text-align: center; width: 12.7381%;\" width=\"79\"><span style=\"font-family: times new roman, times, serif; font-size: 10pt;\"><strong>geboren<\/strong><\/span><\/td>\n<td style=\"text-align: center; width: 12.1429%;\" width=\"75\"><span style=\"font-family: times new roman, times, serif; font-size: 10pt;\"><strong>getauft<\/strong><\/span><\/td>\n<td style=\"text-align: center; width: 10.4762%;\" width=\"63\"><span style=\"font-family: times new roman, times, serif; font-size: 10pt;\"><strong>gefirmt<\/strong><\/span><\/td>\n<td style=\"text-align: center; width: 12.1429%;\" width=\"75\"><span style=\"font-family: times new roman, times, serif; font-size: 10pt;\"><strong>gestorben<\/strong><\/span><\/td>\n<td style=\"text-align: center; width: 11.7857%;\" width=\"72\"><span style=\"font-family: times new roman, times, serif; font-size: 10pt;\"><strong>begraben<\/strong><\/span><\/td>\n<td style=\"text-align: center; width: 7.97619%;\" width=\"44\"><span style=\"font-family: times new roman, times, serif; font-size: 10pt;\"><strong>Alter<\/strong><\/span><\/td>\n<td style=\"text-align: center; width: 7.14286%;\" width=\"38\"><span style=\"font-family: times new roman, times, serif; font-size: 10pt;\"><strong>Stand<\/strong><\/span><\/td>\n<\/tr>\n<tr>\n<td style=\"text-align: center; width: 5.2381%;\" width=\"21\"><span style=\"font-family: times new roman, times, serif; font-size: 10pt;\">1<\/span><\/td>\n<td style=\"width: 20.2381%;\" width=\"138\"><span style=\"font-family: times new roman, times, serif; font-size: 10pt;\">Maria Anna<\/span><\/td>\n<td style=\"text-align: center; width: 12.7381%;\" width=\"79\"><span style=\"font-family: times new roman, times, serif; font-size: 10pt;\">11.09.1765<\/span><\/td>\n<td style=\"text-align: center; width: 12.1429%;\" width=\"75\"><\/td>\n<td style=\"text-align: center; width: 10.4762%;\" width=\"63\"><\/td>\n<td style=\"text-align: center; width: 12.1429%;\" width=\"75\"><\/td>\n<td style=\"text-align: center; width: 11.7857%;\" width=\"72\"><\/td>\n<td style=\"text-align: center; width: 7.97619%;\" width=\"44\"><\/td>\n<td style=\"text-align: center; width: 7.14286%;\" width=\"38\"><span style=\"font-family: times new roman, times, serif; font-size: 10pt;\">verh.<\/span><\/td>\n<\/tr>\n<tr>\n<td style=\"text-align: center; width: 5.2381%;\"><span style=\"font-family: times new roman, times, serif; font-size: 10pt;\">2<\/span><\/td>\n<td style=\"width: 20.2381%;\"><span style=\"font-family: times new roman, times, serif; font-size: 10pt;\">Philipp David<\/span><\/td>\n<td style=\"text-align: center; width: 12.7381%;\"><\/td>\n<td style=\"text-align: center; width: 12.1429%;\"><\/td>\n<td style=\"text-align: center; width: 10.4762%;\"><\/td>\n<td style=\"text-align: center; width: 12.1429%;\"><span style=\"font-family: times new roman, times, serif; font-size: 10pt;\">01.01.1777<\/span><\/td>\n<td style=\"text-align: center; width: 11.7857%;\"><span style=\"font-family: times new roman, times, serif; font-size: 10pt;\">03.01.1777<\/span><\/td>\n<td style=\"text-align: center; width: 7.97619%;\"><span style=\"font-family: times new roman, times, serif; font-size: 10pt;\">1,11<\/span><\/td>\n<td style=\"text-align: center; width: 7.14286%;\"><\/td>\n<\/tr>\n<tr>\n<td style=\"text-align: center; width: 5.2381%;\"><span style=\"font-family: times new roman, times, serif; font-size: 10pt;\">3<\/span><\/td>\n<td style=\"width: 20.2381%;\"><span style=\"font-family: times new roman, times, serif; font-size: 10pt;\">Philipp David<\/span><\/td>\n<td style=\"text-align: center; width: 12.7381%;\"><span style=\"font-family: times new roman, times, serif; font-size: 10pt;\">05.09.1775<\/span><\/td>\n<td style=\"text-align: center; width: 12.1429%;\"><span style=\"font-family: times new roman, times, serif; font-size: 10pt;\">10.09.1775<\/span><\/td>\n<td style=\"text-align: center; width: 10.4762%;\"><\/td>\n<td style=\"text-align: center; width: 12.1429%;\"><\/td>\n<td style=\"text-align: center; width: 11.7857%;\"><\/td>\n<td style=\"text-align: center; width: 7.97619%;\"><\/td>\n<td style=\"text-align: center; width: 7.14286%;\"><\/td>\n<\/tr>\n<\/tbody>\n<\/table>\n<p style=\"text-align: justify;\"><span style=\"font-family: times new roman, times, serif; font-size: 10pt;\">Kind Nr. 1) oo mit Johann Peter Hohl (kath.; Korbmacher (Mannenmacher) und Spielmann in Dachsenhausen, 1789 in Becheln, 1798 in Ems)<br \/>\n<\/span><span style=\"font-family: times new roman, times, serif; font-size: 10pt;\">Kind Nr. 2) war 1 Jahr, 6 Wochen, 5 Tage alt<\/span><\/p>\n<p style=\"text-align: justify;\"><span style=\"font-family: times new roman, times, serif; font-size: 10pt;\"><strong>Paten: zu 1) <\/strong><em>1) Anna Cath. Lauin von Oberlohnstein; 2) Anna Maria Thore\u00dfin, Hoffrau von Becheln; 3) Johannes Schmidt, sich aufhaltend auf dem Hollerich, Maahnenmacher; alle catholisch <\/em>\u2014 <strong>zu 2) <\/strong><em>1) Georg Philipp Rincker; 2) Johann David Veldentz, adelsheim[ischer] Hofmann; 3) Maria Elisabetha, Joh. Jacob Rinckers Ehefrau; alle [au]s Bechlen<\/em><\/span><\/p>\n<hr \/>\n<p><span style=\"font-family: times new roman, times, serif; font-size: 10pt;\"><span style=\"color: #ff0000;\"><strong><u><a id=\"krug\"><\/a>Krug<\/u><\/strong><strong>, Johann Henrich:<\/strong> <\/span>Witwer aus Zimmerschied<\/span><\/p>\n<p style=\"text-align: justify;\"><span style=\"font-family: times new roman, times, serif; font-size: 10pt;\"><strong>oo <\/strong><strong>09.01.1778 Becheln<\/strong> mit <strong><u>M\u00fcller<\/u>, Maria Elisabeth:<\/strong> * 23.09.1738 Becheln (gt. 24.09.); konf. 04.06.1754; Eltern: Johann Wendel M\u00fcller und Anna Gertrud geb. Thomae<\/span><\/p>\n<hr \/>\n<p style=\"text-align: justify;\"><span style=\"font-family: times new roman, times, serif; font-size: 10pt;\"><span style=\"color: #ff0000;\"><strong><u><a id=\"kuelck\"><\/a>K\u00fclck<\/u><\/strong><strong>, Maria Katharina:<\/strong> <\/span>Ehefrau des David K\u00fclck; + 03.04.1766 Becheln, 66 Jahre und 2 Monate alt; aus der Pfarrei Klingelbach: Herold ?; Eintragstext: <em>A[nn]o 1766 starb Maria Catharina K\u00fclckin, des David Conrad K\u00fclcken Frau (welche beyde Eheleute im Land herum gezogen). Die Verstorbene, so den 3ten Apri[lis] verschieden, ist 66 Jahr alt worden und 2 Monathe, u. ist zu Becheln beerdigt worden. Sie ist gewesen aus dem Kirchspiel Klingelbach, dem Ort Heeroth <\/em>[Herold ?]<em>. Die Zeugeltern waren Friedrich Firger u. Anna Elisabetha.<\/em><\/span><\/p>\n<hr \/>\n<p><span style=\"font-family: times new roman, times, serif; font-size: 10pt;\"><span style=\"color: #ff0000;\"><strong><u><a id=\"laux\"><\/a>Laux<\/u><\/strong><strong>, Maria Elisabeth:<\/strong> <\/span>von Marienfels, h\u00e4lt sich bei ihrem Sohn, dem Schweinehirt, in Becheln, auf; + 04.06.1806 Becheln, 56 Jahre alt (bg. 06.06.)<\/span><\/p>\n<hr \/>\n<p><span style=\"font-family: times new roman, times, serif; font-size: 10pt;\"><span style=\"color: #ff0000;\"><strong><u><a id=\"lehmann\"><\/a>Lehmann<\/u><\/strong><strong>, <\/strong><strong>Johann Jakob Friedrich:<\/strong> <\/span>Forstj\u00e4ger<\/span><\/p>\n<p><span style=\"font-family: times new roman, times, serif; font-size: 10pt;\"><strong>oo<\/strong> mit <strong><u>Deutschenbach<\/u>, Eleonora Christiana:<\/strong> aus Schwaben<\/span><\/p>\n<table style=\"width: 100%;\">\n<tbody>\n<tr>\n<td style=\"text-align: center; width: 4.88095%;\" width=\"21\"><span style=\"font-family: times new roman, times, serif; font-size: 10pt;\"><strong>Nr.<\/strong><\/span><\/td>\n<td style=\"width: 26.7857%;\" width=\"200\"><span style=\"font-family: times new roman, times, serif; font-size: 10pt;\"><strong>VN normiert<\/strong><\/span><\/td>\n<td style=\"text-align: center; width: 11.5476%;\" width=\"76\"><span style=\"font-family: times new roman, times, serif; font-size: 10pt;\"><strong>geboren<\/strong><\/span><\/td>\n<td style=\"text-align: center; width: 10.9524%;\" width=\"72\"><span style=\"font-family: times new roman, times, serif; font-size: 10pt;\"><strong>getauft<\/strong><\/span><\/td>\n<td style=\"text-align: center; width: 10.5952%;\" width=\"69\"><span style=\"font-family: times new roman, times, serif; font-size: 10pt;\"><strong>konfirmiert<\/strong><\/span><\/td>\n<td style=\"text-align: center; width: 10.9524%;\" width=\"72\"><span style=\"font-family: times new roman, times, serif; font-size: 10pt;\"><strong>gestorben<\/strong><\/span><\/td>\n<td style=\"text-align: center; width: 10.7143%;\" width=\"70\"><span style=\"font-family: times new roman, times, serif; font-size: 10pt;\"><strong>begraben<\/strong><\/span><\/td>\n<td style=\"text-align: center; width: 7.02381%;\" width=\"41\"><span style=\"font-family: times new roman, times, serif; font-size: 10pt;\"><strong>Alter<\/strong><\/span><\/td>\n<td style=\"text-align: center; width: 6.30952%;\" width=\"35\"><span style=\"font-family: times new roman, times, serif; font-size: 10pt;\"><strong>Stand<\/strong><\/span><\/td>\n<\/tr>\n<tr>\n<td style=\"text-align: center; width: 4.88095%;\" width=\"21\"><span style=\"font-family: times new roman, times, serif; font-size: 10pt;\">1<\/span><\/td>\n<td style=\"width: 26.7857%;\" width=\"200\"><span style=\"font-family: times new roman, times, serif; font-size: 10pt;\">Isabella Theresia Felizitas<\/span><\/td>\n<td style=\"text-align: center; width: 11.5476%;\" width=\"76\"><\/td>\n<td style=\"text-align: center; width: 10.9524%;\" width=\"72\"><\/td>\n<td style=\"text-align: center; width: 10.5952%;\" width=\"69\"><\/td>\n<td style=\"text-align: center; width: 10.9524%;\" width=\"72\"><span style=\"font-family: times new roman, times, serif; font-size: 10pt;\">05.12.1808<\/span><\/td>\n<td style=\"text-align: center; width: 10.7143%;\" width=\"70\"><span style=\"font-family: times new roman, times, serif; font-size: 10pt;\">07.12.1808<\/span><\/td>\n<td style=\"text-align: center; width: 7.02381%;\" width=\"41\"><span style=\"font-family: times new roman, times, serif; font-size: 10pt;\">1,83<\/span><\/td>\n<td style=\"text-align: center; width: 6.30952%;\" width=\"35\"><\/td>\n<\/tr>\n<tr>\n<td style=\"text-align: center; width: 4.88095%;\"><span style=\"font-family: times new roman, times, serif; font-size: 10pt;\">2<\/span><\/td>\n<td style=\"width: 26.7857%;\"><span style=\"font-family: times new roman, times, serif; font-size: 10pt;\">Johannetta Margaretha<\/span><\/td>\n<td style=\"text-align: center; width: 11.5476%;\"><span style=\"font-family: times new roman, times, serif; font-size: 10pt;\">29.10.1808<\/span><\/td>\n<td style=\"text-align: center; width: 10.9524%;\"><span style=\"font-family: times new roman, times, serif; font-size: 10pt;\">10.11.1808<\/span><\/td>\n<td style=\"text-align: center; width: 10.5952%;\"><\/td>\n<td style=\"text-align: center; width: 10.9524%;\"><\/td>\n<td style=\"text-align: center; width: 10.7143%;\"><\/td>\n<td style=\"text-align: center; width: 7.02381%;\"><\/td>\n<td style=\"text-align: center; width: 6.30952%;\"><\/td>\n<\/tr>\n<tr>\n<td style=\"text-align: center; width: 4.88095%;\"><span style=\"font-family: times new roman, times, serif; font-size: 10pt;\">3<\/span><\/td>\n<td style=\"width: 26.7857%;\"><span style=\"font-family: times new roman, times, serif; font-size: 10pt;\">Leonhard Ludwig Wilhelm Christian<\/span><\/td>\n<td style=\"text-align: center; width: 11.5476%;\"><span style=\"font-family: times new roman, times, serif; font-size: 10pt;\">03.12.1811<\/span><\/td>\n<td style=\"text-align: center; width: 10.9524%;\"><span style=\"font-family: times new roman, times, serif; font-size: 10pt;\">22.12.1811<\/span><\/td>\n<td style=\"text-align: center; width: 10.5952%;\"><\/td>\n<td style=\"text-align: center; width: 10.9524%;\"><\/td>\n<td style=\"text-align: center; width: 10.7143%;\"><\/td>\n<td style=\"text-align: center; width: 7.02381%;\"><\/td>\n<td style=\"text-align: center; width: 6.30952%;\"><\/td>\n<\/tr>\n<tr>\n<td style=\"text-align: center; width: 4.88095%;\"><span style=\"font-family: times new roman, times, serif; font-size: 10pt;\">4<\/span><\/td>\n<td style=\"width: 26.7857%;\"><span style=\"font-family: times new roman, times, serif; font-size: 10pt;\">Heinrich Friedrich<\/span><\/td>\n<td style=\"text-align: center; width: 11.5476%;\"><span style=\"font-family: times new roman, times, serif; font-size: 10pt;\">13.01.1813<\/span><\/td>\n<td style=\"text-align: center; width: 10.9524%;\"><span style=\"font-family: times new roman, times, serif; font-size: 10pt;\">09.02.1813<\/span><\/td>\n<td style=\"text-align: center; width: 10.5952%;\"><\/td>\n<td style=\"text-align: center; width: 10.9524%;\"><\/td>\n<td style=\"text-align: center; width: 10.7143%;\"><\/td>\n<td style=\"text-align: center; width: 7.02381%;\"><\/td>\n<td style=\"text-align: center; width: 6.30952%;\"><\/td>\n<\/tr>\n<tr>\n<td style=\"text-align: center; width: 4.88095%;\"><span style=\"font-family: times new roman, times, serif; font-size: 10pt;\">5<\/span><\/td>\n<td style=\"width: 26.7857%;\"><span style=\"font-family: times new roman, times, serif; font-size: 10pt;\">Theodor Gottfried Karl<\/span><\/td>\n<td style=\"text-align: center; width: 11.5476%;\"><span style=\"font-family: times new roman, times, serif; font-size: 10pt;\">17.10.1816<\/span><\/td>\n<td style=\"text-align: center; width: 10.9524%;\"><span style=\"font-family: times new roman, times, serif; font-size: 10pt;\">15.11.1816<\/span><\/td>\n<td style=\"text-align: center; width: 10.5952%;\"><\/td>\n<td style=\"text-align: center; width: 10.9524%;\"><\/td>\n<td style=\"text-align: center; width: 10.7143%;\"><\/td>\n<td style=\"text-align: center; width: 7.02381%;\"><\/td>\n<td style=\"text-align: center; width: 6.30952%;\"><\/td>\n<\/tr>\n<\/tbody>\n<\/table>\n<p style=\"text-align: justify;\"><span style=\"font-family: times new roman, times, serif; font-size: 10pt;\"><strong>Paten: zu 2) <\/strong><em>Johannes M\u00fcller, Forstj\u00e4ger in Fr\u00fccht; u. des Gastwirths Hebelein in Braubach Ehefrau Margaretha <\/em>\u2014 <strong>zu 3) <\/strong><em>1) H[err]Amtssekret\u00e4r Dormann von Nassau; 2) Demoiselle Raht v[on] ebenda; und 3) Wilhelm Franz, Forstaufseher; und 4) Herr Pfarrer Thomae von Dachsenhausen <\/em>\u2014 <strong>zu 4) <\/strong><em>1) H[err] Oberf\u00f6rster Friedrich Herget von Ems; 2) Bad Traiteur Herr Henrich Hartung vom Bad Ems; und 3) H[errn] Legrands Ehegattin Elisa gebohrne Balsarin von Lahnstein <\/em>\u2014 <strong>zu 5) <\/strong><em>1) Elisabetha Dorothea, des H[errm] Pfarrers Thom\u00e4 von Fr\u00fccht Frau Eheliebste; 2) H[err] Joh. Gottfr: J\u00e4ger, Forstj\u00e4ger zu Oberlahnstein; 3) H[err] <\/em>[ ]<em> Baum, Forstaufseher zu Nassau; 4) ich, der zeitliche Pfarrvicarius Carl Heinr: Christ: Otto dahier<\/em><\/span><\/p>\n<hr \/>\n<p><span style=\"font-family: times new roman, times, serif; font-size: 10pt;\"><a id=\"lehna\"><\/a>Ein Johannes Lehna oo 12.01.1701 (<em>feria 3tia post Dominicam 1mam Epiphani\u00e6<\/em>) Arnstein mit Anna Margaretha Schnatz (Arnst K 1, S. 132, Bild K1_071 auf matricula.de)<\/span><\/p>\n<p><span style=\"font-family: times new roman, times, serif; font-size: 10pt;\"><span style=\"color: #ff0000;\"><strong><u>Lena<\/u><\/strong><strong>, Johann Martin:<\/strong> <\/span>adelsheimischer Hofmann auf Gutenau<\/span><\/p>\n<p><span style=\"font-family: times new roman, times, serif; font-size: 10pt;\"><strong>oo<\/strong> mit <strong>Anna Magdalena<\/strong><\/span><\/p>\n<table style=\"width: 100%;\">\n<tbody>\n<tr>\n<td style=\"text-align: center; width: 5.2381%;\" width=\"22\"><span style=\"font-family: times new roman, times, serif; font-size: 10pt;\"><strong>Nr.<\/strong><\/span><\/td>\n<td style=\"width: 21.5476%;\" width=\"147\"><span style=\"font-family: times new roman, times, serif; font-size: 10pt;\"><strong>VN normiert<\/strong><\/span><\/td>\n<td style=\"text-align: center; width: 12.619%;\" width=\"79\"><span style=\"font-family: times new roman, times, serif; font-size: 10pt;\"><strong>geboren<\/strong><\/span><\/td>\n<td style=\"text-align: center; width: 12.1429%;\" width=\"75\"><span style=\"font-family: times new roman, times, serif; font-size: 10pt;\"><strong>getauft<\/strong><\/span><\/td>\n<td style=\"text-align: center; width: 11.3095%;\" width=\"69\"><span style=\"font-family: times new roman, times, serif; font-size: 10pt;\"><strong>konfirmiert<\/strong><\/span><\/td>\n<td style=\"text-align: center; width: 11.0714%;\" width=\"67\"><span style=\"font-family: times new roman, times, serif; font-size: 10pt;\"><strong>gestorben<\/strong><\/span><\/td>\n<td style=\"text-align: center; width: 10.7143%;\" width=\"65\"><span style=\"font-family: times new roman, times, serif; font-size: 10pt;\"><strong>begraben<\/strong><\/span><\/td>\n<td style=\"text-align: center; width: 7.61905%;\" width=\"42\"><span style=\"font-family: times new roman, times, serif; font-size: 10pt;\"><strong>Alter<\/strong><\/span><\/td>\n<td style=\"text-align: center; width: 7.5%;\" width=\"41\"><span style=\"font-family: times new roman, times, serif; font-size: 10pt;\"><strong>Stand<\/strong><\/span><\/td>\n<\/tr>\n<tr>\n<td style=\"text-align: center; width: 5.2381%;\" width=\"22\"><span style=\"font-family: times new roman, times, serif; font-size: 10pt;\">1<\/span><\/td>\n<td style=\"width: 21.5476%;\" width=\"147\"><span style=\"font-family: times new roman, times, serif; font-size: 10pt;\">Johann Martin<\/span><\/td>\n<td style=\"text-align: center; width: 12.619%;\" width=\"79\"><\/td>\n<td style=\"text-align: center; width: 12.1429%;\" width=\"75\"><span style=\"font-family: times new roman, times, serif; font-size: 10pt;\">18.05.1707<\/span><\/td>\n<td style=\"text-align: center; width: 11.3095%;\" width=\"69\"><\/td>\n<td style=\"text-align: center; width: 11.0714%;\" width=\"67\"><\/td>\n<td style=\"text-align: center; width: 10.7143%;\" width=\"65\"><\/td>\n<td style=\"text-align: center; width: 7.61905%;\" width=\"42\"><\/td>\n<td style=\"text-align: center; width: 7.5%;\" width=\"41\"><\/td>\n<\/tr>\n<tr>\n<td style=\"text-align: center; width: 5.2381%;\"><span style=\"font-family: times new roman, times, serif; font-size: 10pt;\">2<\/span><\/td>\n<td style=\"width: 21.5476%;\"><span style=\"font-family: times new roman, times, serif; font-size: 10pt;\">Anton<\/span><\/td>\n<td style=\"text-align: center; width: 12.619%;\"><\/td>\n<td style=\"text-align: center; width: 12.1429%;\"><span style=\"font-family: times new roman, times, serif; font-size: 10pt;\">12..04.1711<\/span><\/td>\n<td style=\"text-align: center; width: 11.3095%;\"><\/td>\n<td style=\"text-align: center; width: 11.0714%;\"><\/td>\n<td style=\"text-align: center; width: 10.7143%;\"><\/td>\n<td style=\"text-align: center; width: 7.61905%;\"><\/td>\n<td style=\"text-align: center; width: 7.5%;\"><\/td>\n<\/tr>\n<tr>\n<td style=\"text-align: center; width: 5.2381%;\"><span style=\"font-family: times new roman, times, serif; font-size: 10pt;\">3<\/span><\/td>\n<td style=\"width: 21.5476%;\"><span style=\"font-family: times new roman, times, serif; font-size: 10pt;\">Katharina Elisabeth<\/span><\/td>\n<td style=\"text-align: center; width: 12.619%;\"><span style=\"font-family: times new roman, times, serif; font-size: 10pt;\">27.04.1715<\/span><\/td>\n<td style=\"text-align: center; width: 12.1429%;\"><span style=\"font-family: times new roman, times, serif; font-size: 10pt;\">30.04.1715<\/span><\/td>\n<td style=\"text-align: center; width: 11.3095%;\"><\/td>\n<td style=\"text-align: center; width: 11.0714%;\"><\/td>\n<td style=\"text-align: center; width: 10.7143%;\"><\/td>\n<td style=\"text-align: center; width: 7.61905%;\"><\/td>\n<td style=\"text-align: center; width: 7.5%;\"><\/td>\n<\/tr>\n<\/tbody>\n<\/table>\n<p><span style=\"font-family: times new roman, times, serif; font-size: 10pt;\">Kind Nr. 1) Nassau, KB 1, Bild 89 auf archion.de<br \/>\n<\/span><span style=\"font-family: times new roman, times, serif; font-size: 10pt;\">Kind Nr. 2) Nassau, KB 1, Bild 105 auf archion.de<br \/>\n<\/span><span style=\"font-family: times new roman, times, serif; font-size: 10pt;\">Kind Nr. 3) Nassau, KB 1, Bild 121 auf archion.de<\/span><\/p>\n<p style=\"text-align: justify;\"><span style=\"font-family: times new roman, times, serif; font-size: 10pt;\"><strong>Paten: zu 1) <\/strong><em>Peter Veldentz zu Miehlen seine Frau; jt[em] Johanns Eschenawer auff Hollerich; jt[em] Anna Maria Dielin auff Salschiedt <\/em>\u2014 <strong>zu 2) <\/strong><em>Donges Eschenawer zu Holerich; jt[em] Donges Veldentz zu Bubenborn; jt[em] Magdalena &#8230;bergerin <\/em>\u2014 <strong>zu 3) <\/strong><em>Anna Catharina Lentzin; jt[em] Maria Elisab: Veldentzin; jt[em] Henrich Veldentz<\/em><\/span><\/p>\n<hr \/>\n<p><span style=\"font-family: times new roman, times, serif; font-size: 10pt;\"><span style=\"color: #ff0000;\"><strong><u>Lehna<\/u><\/strong><strong>, Johann Peter:<\/strong> <\/span>wohl Sohn des Johann Martin <em>Lena<\/em>, Hofmann zu Gutenau<\/span><\/p>\n<p style=\"text-align: justify;\"><span style=\"font-family: times new roman, times, serif; font-size: 10pt;\"><strong>oo 25.11.1727 Arnstein<\/strong> (Arnst K 1, S. 146, Bild K1_078 auf matricula.de) mit <strong><em><u>Thel<\/u><\/em> [= Thiel, Diehl], Maria Margaretha:<\/strong> aus Seelbach (Pfarrei Arnstein, VG Bad Ems-Nassau)<\/span><\/p>\n<table style=\"width: 100%;\">\n<tbody>\n<tr>\n<td style=\"text-align: center; width: 5.95238%;\" width=\"22\"><span style=\"font-family: times new roman, times, serif; font-size: 10pt;\"><strong>Nr.<\/strong><\/span><\/td>\n<td style=\"width: 20.4762%;\" width=\"144\"><span style=\"font-family: times new roman, times, serif; font-size: 10pt;\"><strong>VN normiert<\/strong><\/span><\/td>\n<td style=\"text-align: center; width: 12.619%;\" width=\"79\"><span style=\"font-family: times new roman, times, serif; font-size: 10pt;\"><strong>geboren<\/strong><\/span><\/td>\n<td style=\"text-align: center; width: 12.0238%;\" width=\"74\"><span style=\"font-family: times new roman, times, serif; font-size: 10pt;\"><strong>getauft<\/strong><\/span><\/td>\n<td style=\"text-align: center; width: 11.3095%;\" width=\"69\"><span style=\"font-family: times new roman, times, serif; font-size: 10pt;\"><strong>konfirmiert<\/strong><\/span><\/td>\n<td style=\"text-align: center; width: 12.0238%;\" width=\"74\"><span style=\"font-family: times new roman, times, serif; font-size: 10pt;\"><strong>gestorben<\/strong><\/span><\/td>\n<td style=\"text-align: center; width: 10.5952%;\" width=\"64\"><span style=\"font-family: times new roman, times, serif; font-size: 10pt;\"><strong>begraben<\/strong><\/span><\/td>\n<td style=\"text-align: center; width: 7.5%;\" width=\"41\"><span style=\"font-family: times new roman, times, serif; font-size: 10pt;\"><strong>Alter<\/strong><\/span><\/td>\n<td style=\"text-align: center; width: 7.38095%;\" width=\"40\"><span style=\"font-family: times new roman, times, serif; font-size: 10pt;\"><strong>Stand<\/strong><\/span><\/td>\n<\/tr>\n<tr>\n<td style=\"text-align: center; width: 5.95238%;\" width=\"22\"><span style=\"font-family: times new roman, times, serif; font-size: 10pt;\">1<\/span><\/td>\n<td style=\"width: 20.4762%;\" width=\"144\"><span style=\"font-family: times new roman, times, serif; font-size: 10pt;\">Johann Peter<\/span><\/td>\n<td style=\"text-align: center; width: 12.619%;\" width=\"79\"><span style=\"font-family: times new roman, times, serif; font-size: 10pt;\">31.05.1729<\/span><\/td>\n<td style=\"text-align: center; width: 12.0238%;\" width=\"74\"><span style=\"font-family: times new roman, times, serif; font-size: 10pt;\">02.06.1729<\/span><\/td>\n<td style=\"text-align: center; width: 11.3095%;\" width=\"69\"><\/td>\n<td style=\"text-align: center; width: 12.0238%;\" width=\"74\"><\/td>\n<td style=\"text-align: center; width: 10.5952%;\" width=\"64\"><\/td>\n<td style=\"text-align: center; width: 7.5%;\" width=\"41\"><\/td>\n<td style=\"text-align: center; width: 7.38095%;\" width=\"40\"><\/td>\n<\/tr>\n<tr>\n<td style=\"text-align: center; width: 5.95238%;\"><span style=\"font-family: times new roman, times, serif; font-size: 10pt;\">2<\/span><\/td>\n<td style=\"width: 20.4762%;\"><span style=\"font-family: times new roman, times, serif; font-size: 10pt;\">Johann Adam<\/span><\/td>\n<td style=\"text-align: center; width: 12.619%;\"><span style=\"font-family: times new roman, times, serif; font-size: 10pt;\">01.03.1732<\/span><\/td>\n<td style=\"text-align: center; width: 12.0238%;\"><span style=\"font-family: times new roman, times, serif; font-size: 10pt;\">03.03.1732<\/span><\/td>\n<td style=\"text-align: center; width: 11.3095%;\"><\/td>\n<td style=\"text-align: center; width: 12.0238%;\"><span style=\"font-family: times new roman, times, serif; font-size: 10pt;\">03.12.1733<\/span><\/td>\n<td style=\"text-align: center; width: 10.5952%;\"><span style=\"font-family: times new roman, times, serif; font-size: 10pt;\">04.12.1733<\/span><\/td>\n<td style=\"text-align: center; width: 7.5%;\"><span style=\"font-family: times new roman, times, serif; font-size: 10pt;\">1,76<\/span><\/td>\n<td style=\"text-align: center; width: 7.38095%;\"><\/td>\n<\/tr>\n<tr>\n<td style=\"text-align: center; width: 5.95238%;\"><span style=\"font-family: times new roman, times, serif; font-size: 10pt;\">3<\/span><\/td>\n<td style=\"width: 20.4762%;\"><span style=\"font-family: times new roman, times, serif; font-size: 10pt;\">Johann Anton<\/span><\/td>\n<td style=\"text-align: center; width: 12.619%;\"><span style=\"font-family: times new roman, times, serif; font-size: 10pt;\">15.04.1734<\/span><\/td>\n<td style=\"text-align: center; width: 12.0238%;\"><span style=\"font-family: times new roman, times, serif; font-size: 10pt;\">18.04.1734<\/span><\/td>\n<td style=\"text-align: center; width: 11.3095%;\"><\/td>\n<td style=\"text-align: center; width: 12.0238%;\"><\/td>\n<td style=\"text-align: center; width: 10.5952%;\"><\/td>\n<td style=\"text-align: center; width: 7.5%;\"><\/td>\n<td style=\"text-align: center; width: 7.38095%;\"><\/td>\n<\/tr>\n<\/tbody>\n<\/table>\n<p style=\"text-align: justify;\"><span style=\"font-family: times new roman, times, serif; font-size: 10pt;\"><strong>Paten: zu 1) <\/strong><em>1) Joh. Peter Kuntz; 2) David Veldenz, Hoffman auf Bubenborn; 3) Eva, Peter Eschenauers Tochter, Hoffmans auf Salschelder Hoff <\/em>\u2014 <strong>zu 2) <\/strong><em>Johann Adam Veldenz von Singhoffen; 2) Johann Peter Kaab von Seelbach<\/em> [im KB Arnstein auch <em>Kaaff<\/em>; oo 08.08.1724 Arnstein mit Anna Maria <em>Thelin<\/em>, Eltern: Peter <em>Thel<\/em> und Anna Maria vom Hof Salscheid (der Br\u00e4utigam von der Arnsteiner M\u00fchle];<em> Anna Catharina, Peter Wahl Hau\u00dffrau <\/em>\u2014 <strong>zu 3) <\/strong><em>Th\u00f6nges Lehna von Gutenah <\/em>[Gutenau]<em>, parentis frater; Th\u00f6nges Schmidt, Andreas Schmidten Sohn; Anna Elisabetha, Johannes Oppenh\u00e4u\u00dfers Hau\u00dffrau<\/em><\/span><\/p>\n<hr \/>\n<p><span style=\"font-family: times new roman, times, serif; font-size: 10pt; color: #ff0000;\"><strong><u><a id=\"lindacker\"><\/a>Lindacker<\/u><\/strong><strong>, Friedrich August<\/strong><\/span><\/p>\n<p style=\"text-align: justify;\"><span style=\"font-family: times new roman, times, serif; font-size: 10pt;\"><strong>oo <\/strong><strong>07.01.1759 Becheln<\/strong> mit <strong><u>Held<\/u>, Maria Rosina:<\/strong> <em>deren Mann in der Schlacht bey Lutterberg s[einen] Tod bekommen<\/em> [Schlacht bei Lutterberg (heute zu Staufenberg, Lkr. G\u00f6ttingen) am 10.10.1758]<\/span><\/p>\n<hr \/>\n<p style=\"text-align: justify;\"><span style=\"font-family: times new roman, times, serif; font-size: 10pt;\"><span style=\"color: #ff0000;\"><strong><u><a id=\"loewenstein\"><\/a>L\u00f6wenstein<\/u><\/strong><strong>, Johann Philipp:<\/strong> <\/span>* 11.12.1727 Fr\u00fccht (gt. 14.12.); konf. 30.03.1741; + 19.03.1795 Becheln, am Schlagfluss (bg. 22.03.); Eltern: Johann Christian L\u00f6wenstein und Maria Katharina geb. Ansel (<a href=\"https:\/\/www.ahnenforschung-jackmuth.de\/?page_id=4668\">siehe OFB Fr\u00fccht<\/a>)<br \/>\n<\/span><\/p>\n<p style=\"text-align: justify;\"><span style=\"font-family: times new roman, times, serif; font-size: 10pt;\"><strong>oo I. 04.04.1752 Becheln<\/strong> mit <strong><u>Ansel<\/u>, Anna Maria:<\/strong> + 16.05.1762 Becheln, an einer Brustkrankheit, daran sie 4 Tage gelegen, 50 Jahre und 3 Wochen alt (bg. 18.05.), Altersangabe verweist auf die Schwester Maria Elisabeth (* 26.04.1712 Giesh\u00fcbel), Leichentext Jak 4, 14; Tochter des Johann Valentin Ansel, Hofmann auf Giesh\u00fcbel und in Becheln, sp\u00e4ter in Fr\u00fccht; oo I. 17.02.1733 Becheln mit Johann Matthias Wagner aus Becheln<\/span><\/p>\n<p style=\"text-align: justify;\"><span style=\"font-family: times new roman, times, serif; font-size: 10pt;\"><strong>oo II. 18.01.1763 Becheln<\/strong> mit <strong><u>G\u00f6th<\/u>, Maria Katharina:<\/strong> * 21.01.1743 Becheln (gt. 25.01.); konf. 05.06.1757; + 16.01.1779 Becheln (bg. 18.01.); Eltern: Johann Thilo G\u00f6th und Maria Katharina geb. Freund<\/span><\/p>\n<table style=\"width: 100%;\">\n<tbody>\n<tr>\n<td style=\"text-align: center; width: 5.11905%;\" width=\"21\"><span style=\"font-family: times new roman, times, serif; font-size: 10pt;\"><strong>Nr.<\/strong><\/span><\/td>\n<td style=\"width: 20.5952%;\" width=\"139\"><span style=\"font-family: times new roman, times, serif; font-size: 10pt;\"><strong>VN normiert<\/strong><\/span><\/td>\n<td style=\"text-align: center; width: 12.5%;\" width=\"77\"><span style=\"font-family: times new roman, times, serif; font-size: 10pt;\"><strong>geboren<\/strong><\/span><\/td>\n<td style=\"text-align: center; width: 10.4762%;\" width=\"62\"><span style=\"font-family: times new roman, times, serif; font-size: 10pt;\"><strong>getauft<\/strong><\/span><\/td>\n<td style=\"text-align: center; width: 11.9048%;\" width=\"73\"><span style=\"font-family: times new roman, times, serif; font-size: 10pt;\"><strong>konfirmiert<\/strong><\/span><\/td>\n<td style=\"text-align: center; width: 11.9048%;\" width=\"73\"><span style=\"font-family: times new roman, times, serif; font-size: 10pt;\"><strong>gestorben<\/strong><\/span><\/td>\n<td style=\"text-align: center; width: 11.6667%;\" width=\"71\"><span style=\"font-family: times new roman, times, serif; font-size: 10pt;\"><strong>begraben<\/strong><\/span><\/td>\n<td style=\"text-align: center; width: 7.97619%;\" width=\"44\"><span style=\"font-family: times new roman, times, serif; font-size: 10pt;\"><strong>Alter<\/strong><\/span><\/td>\n<td style=\"text-align: center; width: 7.85714%;\" width=\"43\"><span style=\"font-family: times new roman, times, serif; font-size: 10pt;\"><strong>Stand<\/strong><\/span><\/td>\n<\/tr>\n<tr>\n<td style=\"text-align: center; width: 5.11905%;\" width=\"21\"><span style=\"font-family: times new roman, times, serif; font-size: 10pt;\">1<\/span><\/td>\n<td style=\"width: 20.5952%;\" width=\"139\"><span style=\"font-family: times new roman, times, serif; font-size: 10pt;\">Anna Maria<\/span><\/td>\n<td style=\"text-align: center; width: 12.5%;\" width=\"77\"><span style=\"font-family: times new roman, times, serif; font-size: 10pt;\">01.01.1764<\/span><\/td>\n<td style=\"text-align: center; width: 10.4762%;\" width=\"62\"><\/td>\n<td style=\"text-align: center; width: 11.9048%;\" width=\"73\"><span style=\"font-family: times new roman, times, serif; font-size: 10pt;\">25.04.1779<\/span><\/td>\n<td style=\"text-align: center; width: 11.9048%;\" width=\"73\"><span style=\"font-family: times new roman, times, serif; font-size: 10pt;\">19.01.1826<\/span><\/td>\n<td style=\"text-align: center; width: 11.6667%;\" width=\"71\"><span style=\"font-family: times new roman, times, serif; font-size: 10pt;\">22.01.1826<\/span><\/td>\n<td style=\"text-align: center; width: 7.97619%;\" width=\"44\"><span style=\"font-family: times new roman, times, serif; font-size: 10pt;\">62,09<\/span><\/td>\n<td style=\"text-align: center; width: 7.85714%;\" width=\"43\"><span style=\"font-family: times new roman, times, serif; font-size: 10pt;\">verh.<\/span><\/td>\n<\/tr>\n<tr>\n<td style=\"text-align: center; width: 5.11905%;\"><span style=\"font-family: times new roman, times, serif; font-size: 10pt;\">2<\/span><\/td>\n<td style=\"width: 20.5952%;\"><span style=\"font-family: times new roman, times, serif; font-size: 10pt;\">Johann Til (Thiel)<\/span><\/td>\n<td style=\"text-align: center; width: 12.5%;\"><span style=\"font-family: times new roman, times, serif; font-size: 10pt;\">04.08.1767<\/span><\/td>\n<td style=\"text-align: center; width: 10.4762%;\"><\/td>\n<td style=\"text-align: center; width: 11.9048%;\"><span style=\"font-family: times new roman, times, serif; font-size: 10pt;\">10.06.1781<\/span><\/td>\n<td style=\"text-align: center; width: 11.9048%;\"><span style=\"font-family: times new roman, times, serif; font-size: 10pt;\">17.09.1847<\/span><\/td>\n<td style=\"text-align: center; width: 11.6667%;\"><span style=\"font-family: times new roman, times, serif; font-size: 10pt;\">20.09.1847<\/span><\/td>\n<td style=\"text-align: center; width: 7.97619%;\"><span style=\"font-family: times new roman, times, serif; font-size: 10pt;\">80,17<\/span><\/td>\n<td style=\"text-align: center; width: 7.85714%;\"><span style=\"font-family: times new roman, times, serif; font-size: 10pt;\">verh.<\/span><\/td>\n<\/tr>\n<tr>\n<td style=\"text-align: center; width: 5.11905%;\"><span style=\"font-family: times new roman, times, serif; font-size: 10pt;\">3<\/span><\/td>\n<td style=\"width: 20.5952%;\"><span style=\"font-family: times new roman, times, serif; font-size: 10pt;\">Elisabeth Katharina<\/span><\/td>\n<td style=\"text-align: center; width: 12.5%;\"><span style=\"font-family: times new roman, times, serif; font-size: 10pt;\">23.09.1771<\/span><\/td>\n<td style=\"text-align: center; width: 10.4762%;\"><\/td>\n<td style=\"text-align: center; width: 11.9048%;\"><span style=\"font-family: times new roman, times, serif; font-size: 10pt;\">26.06.1785<\/span><\/td>\n<td style=\"text-align: center; width: 11.9048%;\"><span style=\"font-family: times new roman, times, serif; font-size: 10pt;\">28.09.1842<\/span><\/td>\n<td style=\"text-align: center; width: 11.6667%;\"><span style=\"font-family: times new roman, times, serif; font-size: 10pt;\">01.10.1842<\/span><\/td>\n<td style=\"text-align: center; width: 7.97619%;\"><span style=\"font-family: times new roman, times, serif; font-size: 10pt;\">71,06<\/span><\/td>\n<td style=\"text-align: center; width: 7.85714%;\"><span style=\"font-family: times new roman, times, serif; font-size: 10pt;\">verh.<\/span><\/td>\n<\/tr>\n<\/tbody>\n<\/table>\n<p style=\"text-align: justify;\"><span style=\"font-family: times new roman, times, serif; font-size: 10pt;\">Kind Nr. 1) oo 21.01.1783 Becheln mit Johann Gottfried Mager aus Becheln; hat lt. Sterbeeintrag 3 S\u00f6hne und 1 Tochter<br \/>\n<\/span><span style=\"font-family: times new roman, times, serif; font-size: 10pt;\">Kind Nr. 2) oo 08.05.1795 Becheln mit Maria Magdalena Ansel aus Becheln; hinterl\u00e4sst lt. Sterbeeintrag 1 Tochter<br \/>\n<\/span><span style=\"font-family: times new roman, times, serif; font-size: 10pt;\">Kind Nr. 3) oo 08.05.1795 Becheln mit Johann Andreas Ansel aus Becheln; hat lt. Sterbeeintrag 2 T\u00f6chter, von denen noch 1 lebt<\/span><\/p>\n<p style=\"text-align: justify;\"><span style=\"font-family: times new roman, times, serif; font-size: 10pt;\"><strong>Paten: zu 1) <\/strong><em>1) Joh. Anton Stahl von Becheln; 2) Anton Gotten Hau\u00dffrau Anna Maria von Becheln; 3) L\u00f6wensteins Schwester von Fr\u00fccht Anna Maria <\/em>\u2014 <strong>zu 2) <\/strong><em>1) Joh. Adam L\u00f6wenstein von Fr\u00fccht; 2) Joh. Thiel G\u00f6tt von Becheln; 3) \u2026 G\u00f6tten Tochter Anna Maria <\/em>\u2014 <strong>zu 3) <\/strong><em>1) Anthon G\u00f6th; 2) Joh. Henrich L\u00f6wensteins Frau von Fr\u00fccht Maria Magdalena; 3) Elis. Cath., Peter Gerhards Tochter<\/em><\/span><\/p>\n<hr \/>\n<p style=\"text-align: justify;\"><span style=\"font-family: times new roman, times, serif; font-size: 10pt;\"><span style=\"color: #ff0000;\"><strong><u>L\u00f6wenstein<\/u><\/strong><strong>, Johann Thiel:<\/strong> <\/span>* 04.08.1767 Becheln; konf. 10.06.1781; + 17.09.1847 Becheln (bg. 20.09.); Eltern: Johann Philipp L\u00f6wenstein und Maria Katharina geb. G\u00f6th<\/span><\/p>\n<p style=\"text-align: justify;\"><span style=\"font-family: times new roman, times, serif; font-size: 10pt;\"><strong>oo 08.05.1795 Becheln<\/strong> mit <strong><u>Ansel<\/u>, Maria Magdalena:<\/strong> * 13.02.1774 Becheln (gt. 15.02.); konf. 18.05.1788; + 07.10.1842 Becheln (bg. 09.10.); Eltern: Philipp Peter Ansel und Christina Katharina geb. G\u00f6th<\/span><\/p>\n<table style=\"width: 100%;\">\n<tbody>\n<tr>\n<td style=\"text-align: center; width: 5.35714%;\" width=\"21\"><span style=\"font-family: times new roman, times, serif; font-size: 10pt;\"><strong>Nr.<\/strong><\/span><\/td>\n<td style=\"width: 20.119%;\" width=\"139\"><span style=\"font-family: times new roman, times, serif; font-size: 10pt;\"><strong>VN normiert<\/strong><\/span><\/td>\n<td style=\"text-align: center; width: 12.381%;\" width=\"77\"><span style=\"font-family: times new roman, times, serif; font-size: 10pt;\"><strong>geboren<\/strong><\/span><\/td>\n<td style=\"text-align: center; width: 11.7857%;\" width=\"73\"><span style=\"font-family: times new roman, times, serif; font-size: 10pt;\"><strong>getauft<\/strong><\/span><\/td>\n<td style=\"text-align: center; width: 11.3095%;\" width=\"69\"><span style=\"font-family: times new roman, times, serif; font-size: 10pt;\"><strong>konfirmiert<\/strong><\/span><\/td>\n<td style=\"text-align: center; width: 11.7857%;\" width=\"73\"><span style=\"font-family: times new roman, times, serif; font-size: 10pt;\"><strong>gestorben<\/strong><\/span><\/td>\n<td style=\"text-align: center; width: 11.5476%;\" width=\"71\"><span style=\"font-family: times new roman, times, serif; font-size: 10pt;\"><strong>begraben<\/strong><\/span><\/td>\n<td style=\"text-align: center; width: 7.85714%;\" width=\"44\"><span style=\"font-family: times new roman, times, serif; font-size: 10pt;\"><strong>Alter<\/strong><\/span><\/td>\n<td style=\"text-align: center; width: 7.7381%;\" width=\"43\"><span style=\"font-family: times new roman, times, serif; font-size: 10pt;\"><strong>Stand<\/strong><\/span><\/td>\n<\/tr>\n<tr>\n<td style=\"text-align: center; width: 5.35714%;\" width=\"21\"><span style=\"font-family: times new roman, times, serif; font-size: 10pt;\">1<\/span><\/td>\n<td style=\"width: 20.119%;\" width=\"139\"><span style=\"font-family: times new roman, times, serif; font-size: 10pt;\">Maria Elisabeth<\/span><\/td>\n<td style=\"text-align: center; width: 12.381%;\" width=\"77\"><span style=\"font-family: times new roman, times, serif; font-size: 10pt;\">14.01.1799<\/span><\/td>\n<td style=\"text-align: center; width: 11.7857%;\" width=\"73\"><span style=\"font-family: times new roman, times, serif; font-size: 10pt;\">15.01.1799<\/span><\/td>\n<td style=\"text-align: center; width: 11.3095%;\" width=\"69\"><\/td>\n<td style=\"text-align: center; width: 11.7857%;\" width=\"73\"><span style=\"font-family: times new roman, times, serif; font-size: 10pt;\">05.05.1861<\/span><\/td>\n<td style=\"text-align: center; width: 11.5476%;\" width=\"71\"><span style=\"font-family: times new roman, times, serif; font-size: 10pt;\">07.05.1861<\/span><\/td>\n<td style=\"text-align: center; width: 7.85714%;\" width=\"44\"><span style=\"font-family: times new roman, times, serif; font-size: 10pt;\">62,35<\/span><\/td>\n<td style=\"text-align: center; width: 7.7381%;\" width=\"43\"><span style=\"font-family: times new roman, times, serif; font-size: 10pt;\">verh.<\/span><\/td>\n<\/tr>\n<\/tbody>\n<\/table>\n<p style=\"text-align: justify;\"><span style=\"font-family: times new roman, times, serif; font-size: 10pt;\">Kind Nr. 1) 14.02.1819 Becheln mit Johann Philipp May aus Schweighausen (+ 13.01.1858 Becheln); hinterl\u00e4sst lt. Sterbeeintrag von 5 Kindern 1 Sohn und 1 Tochter<\/span><\/p>\n<p><span style=\"font-family: times new roman, times, serif; font-size: 10pt;\"><strong>Paten: <\/strong><em>1) Andreas Ansel; 2) Anna Maria Magerin; 3) Elisabeth Magdalena Schmidtin; alle von Bechlen<\/em><\/span><\/p>\n<hr \/>\n<p style=\"text-align: justify;\"><span style=\"font-family: times new roman, times, serif; font-size: 10pt;\"><span style=\"color: #ff0000;\"><strong><u><a id=\"luetz\"><\/a>L\u00fctz<\/u><\/strong><strong>, Johann (Hans) Konrad:<\/strong> <\/span>Sohn des Philipp L\u00fctz, weiland Einwohner zu Niederlahnstein<\/span><\/p>\n<p style=\"text-align: justify;\"><span style=\"font-family: times new roman, times, serif; font-size: 10pt;\"><strong>oo I. 03.05.1701 Becheln<\/strong> mit <strong><u>W\u00e4beler<\/u>, Anna Barbara:<\/strong> + 26.02.1705 Becheln, 51 Jahre alt (bg. 27.02.); Tochter des Stoffel W\u00e4beler<\/span><\/p>\n<p style=\"text-align: justify;\"><span style=\"font-family: times new roman, times, serif; font-size: 10pt;\"><strong>oo II. 10.03.1707 Becheln<\/strong> mit <strong><u>Kaiser<\/u>, mit Gertrud Margaretha:<\/strong> + 17.12.1708 Becheln, in einem schmerzlichen Kindbett, 30 Jahre alt (bg- 19.12.); Tochter des verst. Johannes Kaiser aus Neuwied-G\u00f6nnersdorf<\/span><\/p>\n<p style=\"text-align: justify;\"><span style=\"font-family: times new roman, times, serif; font-size: 10pt;\"><strong>oo III. 05.10.1710 Becheln<\/strong> mit <strong><u>Bra\u00df<\/u>, Maria Klara:<\/strong> aus Oberh\u00fcbels ? (Herrschaft Wildenberg)<\/span><\/p>\n<table style=\"width: 100%;\">\n<tbody>\n<tr>\n<td style=\"text-align: center; width: 5.2381%;\" width=\"22\"><span style=\"font-family: times new roman, times, serif; font-size: 10pt;\"><strong>Nr.<\/strong><\/span><\/td>\n<td style=\"width: 21.3095%;\" width=\"145\"><span style=\"font-family: times new roman, times, serif; font-size: 10pt;\"><strong>Vorname (normiert)<\/strong><\/span><\/td>\n<td style=\"text-align: center; width: 12.7381%;\" width=\"79\"><span style=\"font-family: times new roman, times, serif; font-size: 10pt;\"><strong>geboren<\/strong><\/span><\/td>\n<td style=\"text-align: center; width: 12.0238%;\" width=\"74\"><span style=\"font-family: times new roman, times, serif; font-size: 10pt;\"><strong>getauft<\/strong><\/span><\/td>\n<td style=\"text-align: center; width: 11.3095%;\" width=\"69\"><span style=\"font-family: times new roman, times, serif; font-size: 10pt;\"><strong>konfirmiert<\/strong><\/span><\/td>\n<td style=\"text-align: center; width: 11.1905%;\" width=\"68\"><span style=\"font-family: times new roman, times, serif; font-size: 10pt;\"><strong>gestorben<\/strong><\/span><\/td>\n<td style=\"text-align: center; width: 10.8333%;\" width=\"65\"><span style=\"font-family: times new roman, times, serif; font-size: 10pt;\"><strong>begraben<\/strong><\/span><\/td>\n<td style=\"text-align: center; width: 7.7381%;\" width=\"42\"><span style=\"font-family: times new roman, times, serif; font-size: 10pt;\"><strong>Alter<\/strong><\/span><\/td>\n<td style=\"text-align: center; width: 7.61905%;\" width=\"41\"><span style=\"font-family: times new roman, times, serif; font-size: 10pt;\"><strong>Stand<\/strong><\/span><\/td>\n<\/tr>\n<tr>\n<td style=\"text-align: center; width: 5.2381%;\" width=\"22\"><span style=\"font-family: times new roman, times, serif; font-size: 10pt;\">1<\/span><\/td>\n<td style=\"width: 21.3095%;\" width=\"145\"><span style=\"font-family: times new roman, times, serif; font-size: 10pt;\">Maria Agnes<\/span><\/td>\n<td style=\"text-align: center; width: 12.7381%;\" width=\"79\"><span style=\"font-family: times new roman, times, serif; font-size: 10pt;\">08.06.1712<\/span><\/td>\n<td style=\"text-align: center; width: 12.0238%;\" width=\"74\"><span style=\"font-family: times new roman, times, serif; font-size: 10pt;\">12.06.1712<\/span><\/td>\n<td style=\"text-align: center; width: 11.3095%;\" width=\"69\"><\/td>\n<td style=\"text-align: center; width: 11.1905%;\" width=\"68\"><\/td>\n<td style=\"text-align: center; width: 10.8333%;\" width=\"65\"><\/td>\n<td style=\"text-align: center; width: 7.7381%;\" width=\"42\"><\/td>\n<td style=\"text-align: center; width: 7.61905%;\" width=\"41\"><\/td>\n<\/tr>\n<\/tbody>\n<\/table>\n<p><span style=\"font-family: times new roman, times, serif; font-size: 10pt;\"><strong>Paten:<\/strong> <em>Joh. Fried. Schmidt; Maria, Servatij Wilt <\/em>[?]<em> von Werlau; v[nd] Agne\u00df, Matth\u00e6i Rinckers von Dahlheim uxor<\/em><\/span><\/p>\n<hr \/>\n<p><span style=\"font-family: times new roman, times, serif; font-size: 10pt; color: #ff0000;\"><strong><u><a id=\"mangold\"><\/a>Mangold<\/u><\/strong><strong>, Johann Henrich<\/strong><\/span><\/p>\n<p><span style=\"font-family: times new roman, times, serif; font-size: 10pt;\"><strong>o-o<\/strong> mit <strong><u>Metz<\/u>, Maria Katharina<\/strong><\/span><\/p>\n<table style=\"width: 100%;\">\n<tbody>\n<tr>\n<td style=\"text-align: center; width: 5.2381%;\" width=\"22\"><span style=\"font-family: times new roman, times, serif; font-size: 10pt;\"><strong>Nr.<\/strong><\/span><\/td>\n<td style=\"width: 21.6667%;\" width=\"148\"><span style=\"font-family: times new roman, times, serif; font-size: 10pt;\"><strong>Vorname (normiert)<\/strong><\/span><\/td>\n<td style=\"text-align: center; width: 12.619%;\" width=\"79\"><span style=\"font-family: times new roman, times, serif; font-size: 10pt;\"><strong>geboren<\/strong><\/span><\/td>\n<td style=\"text-align: center; width: 12.0238%;\" width=\"74\"><span style=\"font-family: times new roman, times, serif; font-size: 10pt;\"><strong>getauft<\/strong><\/span><\/td>\n<td style=\"text-align: center; width: 11.3095%;\" width=\"69\"><span style=\"font-family: times new roman, times, serif; font-size: 10pt;\"><strong>konfirmiert<\/strong><\/span><\/td>\n<td style=\"text-align: center; width: 11.0714%;\" width=\"67\"><span style=\"font-family: times new roman, times, serif; font-size: 10pt;\"><strong>gestorben<\/strong><\/span><\/td>\n<td style=\"text-align: center; width: 10.7143%;\" width=\"65\"><span style=\"font-family: times new roman, times, serif; font-size: 10pt;\"><strong>begraben<\/strong><\/span><\/td>\n<td style=\"text-align: center; width: 7.61905%;\" width=\"42\"><span style=\"font-family: times new roman, times, serif; font-size: 10pt;\"><strong>Alter<\/strong><\/span><\/td>\n<td style=\"text-align: center; width: 7.5%;\" width=\"41\"><span style=\"font-family: times new roman, times, serif; font-size: 10pt;\"><strong>Stand<\/strong><\/span><\/td>\n<\/tr>\n<tr>\n<td style=\"text-align: center; width: 5.2381%;\" width=\"22\"><span style=\"font-family: times new roman, times, serif; font-size: 10pt;\">1<\/span><\/td>\n<td style=\"width: 21.6667%;\" width=\"148\"><span style=\"font-family: times new roman, times, serif; font-size: 10pt;\">Elisabeth Marg. (illeg.)<\/span><\/td>\n<td style=\"text-align: center; width: 12.619%;\" width=\"79\"><span style=\"font-family: times new roman, times, serif; font-size: 10pt;\">11.03.1808<\/span><\/td>\n<td style=\"text-align: center; width: 12.0238%;\" width=\"74\"><span style=\"font-family: times new roman, times, serif; font-size: 10pt;\">16.03.1808<\/span><\/td>\n<td style=\"text-align: center; width: 11.3095%;\" width=\"69\"><\/td>\n<td style=\"text-align: center; width: 11.0714%;\" width=\"67\"><\/td>\n<td style=\"text-align: center; width: 10.7143%;\" width=\"65\"><\/td>\n<td style=\"text-align: center; width: 7.61905%;\" width=\"42\"><\/td>\n<td style=\"text-align: center; width: 7.5%;\" width=\"41\"><\/td>\n<\/tr>\n<\/tbody>\n<\/table>\n<p style=\"text-align: justify;\"><span style=\"font-family: times new roman, times, serif; font-size: 10pt;\">Eintragstext: <em>Den 11ten Merz morgens zwischen 4 u. 5 Uhr kam mit einem unehelichen M\u00e4dchen nieder Maria Katharina Metzin von Schweighausen. Als Vater zeigte sie an Joh. Henrich Mangold. Pathen: Elis. Marg. Z\u00f6llerin von Schweigh.; Jakob Wahl von Becheln; Louisa Meuerin von Allendorf bei Katzenelnbogen. Name: Elis. Marg. Getft den 16ten ejusd[em].<\/em><\/span><\/p>\n<hr \/>\n<p><span style=\"font-family: times new roman, times, serif; font-size: 10pt;\"><span style=\"color: #ff0000;\"><strong><u><a id=\"marienburg\"><\/a>Marienburg<\/u><\/strong><strong>, Christian:<\/strong> <\/span>kath.; Mannenmacher aus Roth (Pfarrei Niedertiefenbach)<\/span><\/p>\n<p><span style=\"font-family: times new roman, times, serif; font-size: 10pt;\"><strong>oo<\/strong> mit <strong>Christina<\/strong><\/span><\/p>\n<table style=\"width: 100%;\">\n<tbody>\n<tr>\n<td style=\"text-align: center; width: 5.47619%;\" width=\"22\"><span style=\"font-family: times new roman, times, serif; font-size: 10pt;\"><strong>Nr.<\/strong><\/span><\/td>\n<td style=\"width: 21.3095%;\" width=\"147\"><span style=\"font-family: times new roman, times, serif; font-size: 10pt;\"><strong>Vorname (normiert)<\/strong><\/span><\/td>\n<td style=\"text-align: center; width: 12.619%;\" width=\"79\"><span style=\"font-family: times new roman, times, serif; font-size: 10pt;\"><strong>geboren<\/strong><\/span><\/td>\n<td style=\"text-align: center; width: 12.0238%;\" width=\"74\"><span style=\"font-family: times new roman, times, serif; font-size: 10pt;\"><strong>getauft<\/strong><\/span><\/td>\n<td style=\"text-align: center; width: 11.3095%;\" width=\"69\"><span style=\"font-family: times new roman, times, serif; font-size: 10pt;\"><strong>konfirmiert<\/strong><\/span><\/td>\n<td style=\"text-align: center; width: 11.0714%;\" width=\"67\"><span style=\"font-family: times new roman, times, serif; font-size: 10pt;\"><strong>gestorben<\/strong><\/span><\/td>\n<td style=\"text-align: center; width: 10.8333%;\" width=\"65\"><span style=\"font-family: times new roman, times, serif; font-size: 10pt;\"><strong>begraben<\/strong><\/span><\/td>\n<td style=\"text-align: center; width: 7.7381%;\" width=\"42\"><span style=\"font-family: times new roman, times, serif; font-size: 10pt;\"><strong>Alter<\/strong><\/span><\/td>\n<td style=\"text-align: center; width: 7.5%;\" width=\"41\"><span style=\"font-family: times new roman, times, serif; font-size: 10pt;\"><strong>Stand<\/strong><\/span><\/td>\n<\/tr>\n<tr>\n<td style=\"text-align: center; width: 5.47619%;\" width=\"22\"><span style=\"font-family: times new roman, times, serif; font-size: 10pt;\">1<\/span><\/td>\n<td style=\"width: 21.3095%;\" width=\"147\"><span style=\"font-family: times new roman, times, serif; font-size: 10pt;\">Katharina Elisabeth<\/span><\/td>\n<td style=\"text-align: center; width: 12.619%;\" width=\"79\"><span style=\"font-family: times new roman, times, serif; font-size: 10pt;\">12.12.1776<\/span><\/td>\n<td style=\"text-align: center; width: 12.0238%;\" width=\"74\"><span style=\"font-family: times new roman, times, serif; font-size: 10pt;\">15.12.1776<\/span><\/td>\n<td style=\"text-align: center; width: 11.3095%;\" width=\"69\"><\/td>\n<td style=\"text-align: center; width: 11.0714%;\" width=\"67\"><\/td>\n<td style=\"text-align: center; width: 10.8333%;\" width=\"65\"><\/td>\n<td style=\"text-align: center; width: 7.7381%;\" width=\"42\"><\/td>\n<td style=\"text-align: center; width: 7.5%;\" width=\"41\"><\/td>\n<\/tr>\n<\/tbody>\n<\/table>\n<p><span style=\"font-family: times new roman, times, serif; font-size: 10pt;\"><strong>Paten:<\/strong> <em>1) Catharina Schmidtin [au]s Bechlen; 2) Elisabetha Jungm\u00e4nnin, pap.; 3) Philipps M\u00fcller von dem Spi\u00df geb\u00fcrtig, pap.<\/em><\/span><\/p>\n<hr \/>\n<p style=\"text-align: justify;\"><span style=\"font-family: times new roman, times, serif; font-size: 10pt;\"><span style=\"color: #ff0000;\"><strong><u><a id=\"maul\"><\/a>Maul<\/u><\/strong><strong>, Anna Margaretha:<\/strong> <\/span>kath.; * 11.03.1778 Kamperhausen (Pfarrei Kamp); + 09.08.1842 Becheln, bg. 12.08. (KB Spie\u00df); Tochter des zeitlichen Sch\u00e4fers zu Becheln (Anton Maul; kath.; + 12.02.1810 Becheln (bg. 14.02.); 55 Jahre, 4 Monate weniger 3 Tage alt; aus Oberlahnstein; oo mit Margaretha geb. Werner)<\/span><\/p>\n<p><span style=\"font-family: times new roman, times, serif; font-size: 10pt;\"><strong>o-o<\/strong> mit <strong>N. N.<\/strong><\/span><\/p>\n<table style=\"width: 100%;\">\n<tbody>\n<tr>\n<td style=\"text-align: center; width: 5.47619%;\" width=\"22\"><span style=\"font-family: times new roman, times, serif; font-size: 10pt;\"><strong>Nr.<\/strong><\/span><\/td>\n<td style=\"width: 21.5476%;\" width=\"148\"><span style=\"font-family: times new roman, times, serif; font-size: 10pt;\"><strong>Vorname (normiert)<\/strong><\/span><\/td>\n<td style=\"text-align: center; width: 12.7381%;\" width=\"79\"><span style=\"font-family: times new roman, times, serif; font-size: 10pt;\"><strong>geboren<\/strong><\/span><\/td>\n<td style=\"text-align: center; width: 11.1905%;\" width=\"68\"><span style=\"font-family: times new roman, times, serif; font-size: 10pt;\"><strong>getauft<\/strong><\/span><\/td>\n<td style=\"text-align: center; width: 11.3095%;\" width=\"69\"><span style=\"font-family: times new roman, times, serif; font-size: 10pt;\"><strong>konfirmiert<\/strong><\/span><\/td>\n<td style=\"text-align: center; width: 11.1905%;\" width=\"68\"><span style=\"font-family: times new roman, times, serif; font-size: 10pt;\"><strong>gestorben<\/strong><\/span><\/td>\n<td style=\"text-align: center; width: 10.9524%;\" width=\"66\"><span style=\"font-family: times new roman, times, serif; font-size: 10pt;\"><strong>begraben<\/strong><\/span><\/td>\n<td style=\"text-align: center; width: 7.7381%;\" width=\"42\"><span style=\"font-family: times new roman, times, serif; font-size: 10pt;\"><strong>Alter<\/strong><\/span><\/td>\n<td style=\"text-align: center; width: 7.7381%;\" width=\"42\"><span style=\"font-family: times new roman, times, serif; font-size: 10pt;\"><strong>Stand<\/strong><\/span><\/td>\n<\/tr>\n<tr>\n<td style=\"text-align: center; width: 5.47619%;\" width=\"22\"><span style=\"font-family: times new roman, times, serif; font-size: 10pt;\">1<\/span><\/td>\n<td style=\"width: 21.5476%;\" width=\"148\"><span style=\"font-family: times new roman, times, serif; font-size: 10pt;\">Maria Katharina (illeg.)<\/span><\/td>\n<td style=\"text-align: center; width: 12.7381%;\" width=\"79\"><span style=\"font-family: times new roman, times, serif; font-size: 10pt;\">01.05.1805<\/span><\/td>\n<td style=\"text-align: center; width: 11.1905%;\" width=\"68\"><\/td>\n<td style=\"text-align: center; width: 11.3095%;\" width=\"69\"><\/td>\n<td style=\"text-align: center; width: 11.1905%;\" width=\"68\"><\/td>\n<td style=\"text-align: center; width: 10.9524%;\" width=\"66\"><\/td>\n<td style=\"text-align: center; width: 7.7381%;\" width=\"42\"><\/td>\n<td style=\"text-align: center; width: 7.7381%;\" width=\"42\"><\/td>\n<\/tr>\n<\/tbody>\n<\/table>\n<p style=\"text-align: justify;\"><span style=\"font-family: times new roman, times, serif; font-size: 10pt;\">Eintragstext: <em>Anno 1805, den 1ten May wurde Anna Margaretha Maulin, dem zeitlichen Sch\u00e4fer zu Bechlen seiner Tochter, ein unehliches Kind gebohren, n\u00e4mlich eine Tochter, und da solche nur wenige Tage vor ihrer Niederkunft in Bechlen ankam, zuvor aber zu Oberlahnstein in dortigem Amthause als Magd gedienet, so wurde solche sogleich nachdem mir das Kind zu taufen von der Bechler Hebamme ware angezeiget worden, auf den Vatter des Kindes examiniret, allein sie liese sich in kein Gest\u00e4ndni\u00df hier\u00fcber ein, sondern sagte, sie seye einmal von ihrer Herrschaft in das Dahl Ehrenbreitenstein geschickt worden und hier seye sie auf einmal von einem Menschen \u00fcberfallen worden, der sie gewaltsamer Weise genothz\u00fcchtiget und hierdurch schwanger worden. Der Vater des Kindes ist also unbekannt. Die Taufzeugen aber desselben sind gewesen: 1) Johann Gottfried Flaccus, dermaliger Schweinhirt zu Bechlen; 2) Anna Maria Stahlin aus Bechlen; 3) Susanna Maulin, die Schwester von der Mutter des Kindes. Sie legten ihm den Namen bey: Maria Catharina.<\/em><\/span><\/p>\n<hr \/>\n<p><span style=\"font-family: times new roman, times, serif; font-size: 10pt;\"><span style=\"color: #ff0000;\"><strong><u>Maul<\/u><\/strong><strong>, Michael:<\/strong> <\/span>1816 Schafhirte zu Dessighofen, 1813 in Becheln; Sohn des Anton Maul von Oberlahnstein<\/span><\/p>\n<p><span style=\"font-family: times new roman, times, serif; font-size: 10pt;\"><strong>oo 22.07.1806 Niederlahnstein<\/strong> (OFB Niederlahnstein, Nr. 2950) mit <strong><u>Dill\/Thiel<\/u>, Anna Margaretha:<\/strong> aus Oberlahnstein<\/span><\/p>\n<table style=\"width: 100%;\">\n<tbody>\n<tr>\n<td style=\"text-align: center; width: 6.30952%;\" width=\"26\"><span style=\"font-family: times new roman, times, serif; font-size: 10pt;\"><strong>Nr.<\/strong><\/span><\/td>\n<td style=\"width: 20.5952%;\" width=\"145\"><span style=\"font-family: times new roman, times, serif; font-size: 10pt;\"><strong>Vorname (normiert)<\/strong><\/span><\/td>\n<td style=\"text-align: center; width: 12.619%;\" width=\"79\"><span style=\"font-family: times new roman, times, serif; font-size: 10pt;\"><strong>geboren<\/strong><\/span><\/td>\n<td style=\"text-align: center; width: 11.6667%;\" width=\"72\"><span style=\"font-family: times new roman, times, serif; font-size: 10pt;\"><strong>getauft<\/strong><\/span><\/td>\n<td style=\"text-align: center; width: 11.3095%;\" width=\"69\"><span style=\"font-family: times new roman, times, serif; font-size: 10pt;\"><strong>konfirmiert<\/strong><\/span><\/td>\n<td style=\"text-align: center; width: 11.6667%;\" width=\"72\"><span style=\"font-family: times new roman, times, serif; font-size: 10pt;\"><strong>gestorben<\/strong><\/span><\/td>\n<td style=\"text-align: center; width: 10.5952%;\" width=\"64\"><span style=\"font-family: times new roman, times, serif; font-size: 10pt;\"><strong>begraben<\/strong><\/span><\/td>\n<td style=\"text-align: center; width: 8.21429%;\" width=\"46\"><span style=\"font-family: times new roman, times, serif; font-size: 10pt;\"><strong>Alter<\/strong><\/span><\/td>\n<td style=\"text-align: center; width: 6.90476%;\" width=\"36\"><span style=\"font-family: times new roman, times, serif; font-size: 10pt;\"><strong>Stand<\/strong><\/span><\/td>\n<\/tr>\n<tr>\n<td style=\"text-align: center; width: 6.30952%;\" width=\"26\"><span style=\"font-family: times new roman, times, serif; font-size: 10pt;\">1<\/span><\/td>\n<td style=\"width: 20.5952%;\" width=\"145\"><span style=\"font-family: times new roman, times, serif; font-size: 10pt;\">Johann Joseph<\/span><\/td>\n<td style=\"text-align: center; width: 12.619%;\" width=\"79\"><span style=\"font-family: times new roman, times, serif; font-size: 10pt;\">14.11.1813<\/span><\/td>\n<td style=\"text-align: center; width: 11.6667%;\" width=\"72\"><span style=\"font-family: times new roman, times, serif; font-size: 10pt;\">21.11.1813<\/span><\/td>\n<td style=\"text-align: center; width: 11.3095%;\" width=\"69\"><\/td>\n<td style=\"text-align: center; width: 11.6667%;\" width=\"72\"><span style=\"font-family: times new roman, times, serif; font-size: 10pt;\">16.08.1840<\/span><\/td>\n<td style=\"text-align: center; width: 10.5952%;\" width=\"64\"><\/td>\n<td style=\"text-align: center; width: 8.21429%;\" width=\"46\"><\/td>\n<td style=\"text-align: center; width: 6.90476%;\" width=\"36\"><\/td>\n<\/tr>\n<tr>\n<td style=\"text-align: center; width: 6.30952%;\"><span style=\"font-family: times new roman, times, serif; font-size: 10pt;\">2<\/span><\/td>\n<td style=\"width: 20.5952%;\"><span style=\"font-family: times new roman, times, serif; font-size: 10pt;\">Anna Susanna<\/span><\/td>\n<td style=\"text-align: center; width: 12.619%;\"><span style=\"font-family: times new roman, times, serif; font-size: 10pt;\">01.10.1816<\/span><\/td>\n<td style=\"text-align: center; width: 11.6667%;\"><span style=\"font-family: times new roman, times, serif; font-size: 10pt;\">06.10.1816<\/span><\/td>\n<td style=\"text-align: center; width: 11.3095%;\"><\/td>\n<td style=\"text-align: center; width: 11.6667%;\"><\/td>\n<td style=\"text-align: center; width: 10.5952%;\"><\/td>\n<td style=\"text-align: center; width: 8.21429%;\"><\/td>\n<td style=\"text-align: center; width: 6.90476%;\"><\/td>\n<\/tr>\n<\/tbody>\n<\/table>\n<p><span style=\"font-family: times new roman, times, serif; font-size: 10pt;\">Kind Nr. 1) * Becheln; + Fr\u00fccht<br \/>\n<\/span><span style=\"font-family: times new roman, times, serif; font-size: 10pt;\">Kind Nr. 2) * Dessighofen<\/span><\/p>\n<p style=\"text-align: justify;\"><span style=\"font-family: times new roman, times, serif; font-size: 10pt;\"><strong>Paten: zu 1)<\/strong> <em>1) Joh. Joseph Dill von Niederlahnstein; 2) Johannes H\u00f6hn von Oberlahnstein; und 3) Elisabeth Margaretha Dillin von Nievern <\/em><strong>\u2014 zu 2) <\/strong><em>1) Anton Hehn, Schafhirte zu Becheln; 2) Anna Susanna, des Joh. Jakob Schmidt Ehefrau von Becheln; 3) Anna, des Joh. Henrich Kr\u00e4mer, Schafhirten zu Dornholzhausen, Ehefrau<\/em><\/span><\/p>\n<hr \/>\n<p style=\"text-align: justify;\"><span style=\"font-family: times new roman, times, serif; font-size: 10pt;\"><span style=\"color: #ff0000;\"><strong><u>Maul<\/u>, Anton:<\/strong> <\/span>Sch\u00e4fer in Becheln; + 12.02.1810 Becheln (bg. 14.02.), 55 Jahre, 4 Monate weniger 3 Tage alt; aus Oberlahnstein; oo mit Margaretha geb. Werner<\/span><\/p>\n<hr \/>\n<p><span style=\"font-family: times new roman, times, serif; font-size: 10pt; color: #ff0000;\"><strong><u><a id=\"may\"><\/a>May<\/u>, Hans Th\u00f6nges<\/strong><\/span><\/p>\n<p><span style=\"font-family: times new roman, times, serif; font-size: 10pt;\"><strong>o-o<\/strong> mit <strong><u>Baseler<\/u>, Elisabeth Apollonia:<\/strong> gt. 31.01.1669; konf. 16.04.1682; Eltern: Johann Andreas Baseler und Anna Elisabeth<\/span><\/p>\n<table style=\"width: 100%; height: 56px;\">\n<tbody>\n<tr style=\"height: 28px;\">\n<td style=\"height: 28px; text-align: center; width: 5.2381%;\" width=\"22\"><strong><span style=\"font-family: times new roman, times, serif; font-size: 10pt;\">Nr.<\/span><\/strong><\/td>\n<td style=\"height: 28px; width: 21.1905%;\" width=\"144\"><span style=\"font-family: times new roman, times, serif; font-size: 10pt;\"><strong>Vorname (normiert)<\/strong><\/span><\/td>\n<td style=\"height: 28px; text-align: center; width: 12.5%;\" width=\"78\"><span style=\"font-family: times new roman, times, serif; font-size: 10pt;\"><strong>geboren<\/strong><\/span><\/td>\n<td style=\"height: 28px; text-align: center; width: 12.0238%;\" width=\"74\"><span style=\"font-family: times new roman, times, serif; font-size: 10pt;\"><strong>getauft<\/strong><\/span><\/td>\n<td style=\"height: 28px; text-align: center; width: 11.3095%;\" width=\"69\"><span style=\"font-family: times new roman, times, serif; font-size: 10pt;\"><strong>konfirmiert<\/strong><\/span><\/td>\n<td style=\"height: 28px; text-align: center; width: 12.0238%;\" width=\"74\"><span style=\"font-family: times new roman, times, serif; font-size: 10pt;\"><strong>gestorben<\/strong><\/span><\/td>\n<td style=\"height: 28px; text-align: center; width: 10.4762%;\" width=\"63\"><span style=\"font-family: times new roman, times, serif; font-size: 10pt;\"><strong>begraben<\/strong><\/span><\/td>\n<td style=\"height: 28px; text-align: center; width: 7.97619%;\" width=\"44\"><span style=\"font-family: times new roman, times, serif; font-size: 10pt;\"><strong>Alter<\/strong><\/span><\/td>\n<td style=\"height: 28px; text-align: center; width: 7.38095%;\" width=\"40\"><span style=\"font-family: times new roman, times, serif; font-size: 10pt;\"><strong>Stand<\/strong><\/span><\/td>\n<\/tr>\n<tr style=\"height: 28px;\">\n<td style=\"height: 28px; text-align: center; width: 5.2381%;\" width=\"22\"><span style=\"font-family: times new roman, times, serif; font-size: 10pt;\">1<\/span><\/td>\n<td style=\"height: 28px; width: 21.1905%;\" width=\"144\"><span style=\"font-family: times new roman, times, serif; font-size: 10pt;\">Anna Christina Barbara<\/span><\/td>\n<td style=\"height: 28px; text-align: center; width: 12.5%;\" width=\"78\"><span style=\"font-family: times new roman, times, serif; font-size: 10pt;\">26.09.1694<\/span><\/td>\n<td style=\"height: 28px; text-align: center; width: 12.0238%;\" width=\"74\"><span style=\"font-family: times new roman, times, serif; font-size: 10pt;\">27.09.1694<\/span><\/td>\n<td style=\"height: 28px; text-align: center; width: 11.3095%;\" width=\"69\"><\/td>\n<td style=\"height: 28px; text-align: center; width: 12.0238%;\" width=\"74\"><span style=\"font-family: times new roman, times, serif; font-size: 10pt;\">11.11.1694<\/span><\/td>\n<td style=\"height: 28px; text-align: center; width: 10.4762%;\" width=\"63\"><\/td>\n<td style=\"height: 28px; text-align: center; width: 7.97619%;\" width=\"44\"><span style=\"font-family: times new roman, times, serif; font-size: 10pt;\">0,13<\/span><\/td>\n<td style=\"height: 28px; text-align: center; width: 7.38095%;\" width=\"40\"><\/td>\n<\/tr>\n<\/tbody>\n<\/table>\n<p><span style=\"font-family: times new roman, times, serif; font-size: 10pt;\"><strong>Paten:<\/strong> <em>Friederich Schmidt; Anna Barbara, Stoffel W\u00e4berlers Tochter; v[nd] Anna Christina Baselerin, matris soror<\/em><\/span><\/p>\n<p><span style=\"font-family: times new roman, times, serif; font-size: 10pt;\"><span style=\"color: #ff0000;\"><strong><u>May<\/u><\/strong><strong>, Johann Anton:<\/strong> <\/span>+ 06.03.1725 Becheln, ca. 78 Jahre alt (bg. 08.03.); Sohn des Johann Adam May von Dessighofen<\/span><\/p>\n<p><span style=\"font-family: times new roman, times, serif; font-size: 10pt;\"><strong>oo 27.02.1683 Becheln<\/strong> mit <strong><u>G\u00f6th<\/u>,<\/strong> <strong>Anna Christina:<\/strong> + 01.03.1725 Becheln, ca. 80 Jahre alt (bg. 02.03.); Tochter des Jakob G\u00f6th von Becheln<\/span><\/p>\n<hr \/>\n<p style=\"text-align: justify;\"><span style=\"font-family: times new roman, times, serif; font-size: 10pt;\"><span style=\"color: #ff0000;\"><strong><u><a id=\"meffert\"><\/a>Meffert<\/u>, Philipp Jakob:<\/strong> <\/span>+ 10.05.1743 Becheln, 3 Jahre weniger 9 Wochen alt (bg. 12.05.); Eltern: Anton Meffert, Viehhirte und Anna Margaretha (die Eltern oo 30.11.1730 Spie\u00df (Kinder 1731 und 1732 Pfarrei Spie\u00df, Name dort M\u00f6ffert)<\/span><\/p>\n<hr \/>\n<p><span style=\"font-family: times new roman, times, serif; font-size: 10pt;\"><span style=\"color: #ff0000;\"><strong><u><a id=\"meulhaussen\"><\/a>Meu(l)hau\u00dfen<\/u><\/strong><strong>, Georg Otto:<\/strong><\/span> aus Fell (VG Rhein-Mosel, Lkr. Mayen-Koblenz)<\/span><\/p>\n<p><span style=\"font-family: times new roman, times, serif; font-size: 10pt;\"><strong>oo<\/strong> mit <strong>Maria Barbara<\/strong><\/span><\/p>\n<table style=\"width: 100%;\">\n<tbody>\n<tr>\n<td style=\"text-align: center; width: 5.2381%;\" width=\"22\"><span style=\"font-family: times new roman, times, serif; font-size: 10pt;\"><strong>Nr.<\/strong><\/span><\/td>\n<td style=\"width: 21.5476%;\" width=\"147\"><span style=\"font-family: times new roman, times, serif; font-size: 10pt;\"><strong>Vorname (normiert)<\/strong><\/span><\/td>\n<td style=\"text-align: center; width: 12.619%;\" width=\"79\"><span style=\"font-family: times new roman, times, serif; font-size: 10pt;\"><strong>geboren<\/strong><\/span><\/td>\n<td style=\"text-align: center; width: 12.0238%;\" width=\"74\"><span style=\"font-family: times new roman, times, serif; font-size: 10pt;\"><strong>getauft<\/strong><\/span><\/td>\n<td style=\"text-align: center; width: 11.3095%;\" width=\"69\"><span style=\"font-family: times new roman, times, serif; font-size: 10pt;\"><strong>konfirmiert<\/strong><\/span><\/td>\n<td style=\"text-align: center; width: 11.1905%;\" width=\"68\"><span style=\"font-family: times new roman, times, serif; font-size: 10pt;\"><strong>gestorben<\/strong><\/span><\/td>\n<td style=\"text-align: center; width: 10.7143%;\" width=\"65\"><span style=\"font-family: times new roman, times, serif; font-size: 10pt;\"><strong>begraben<\/strong><\/span><\/td>\n<td style=\"text-align: center; width: 7.61905%;\" width=\"42\"><span style=\"font-family: times new roman, times, serif; font-size: 10pt;\"><strong>Alter<\/strong><\/span><\/td>\n<td style=\"text-align: center; width: 7.5%;\" width=\"41\"><span style=\"font-family: times new roman, times, serif; font-size: 10pt;\"><strong>Stand<\/strong><\/span><\/td>\n<\/tr>\n<tr>\n<td style=\"text-align: center; width: 5.2381%;\" width=\"22\"><span style=\"font-family: times new roman, times, serif; font-size: 10pt;\">1<\/span><\/td>\n<td style=\"width: 21.5476%;\" width=\"147\"><span style=\"font-family: times new roman, times, serif; font-size: 10pt;\">Elisabeth Christina<\/span><\/td>\n<td style=\"text-align: center; width: 12.619%;\" width=\"79\"><span style=\"font-family: times new roman, times, serif; font-size: 10pt;\">24.10.1752<\/span><\/td>\n<td style=\"text-align: center; width: 12.0238%;\" width=\"74\"><span style=\"font-family: times new roman, times, serif; font-size: 10pt;\">26.10.1752<\/span><\/td>\n<td style=\"text-align: center; width: 11.3095%;\" width=\"69\"><\/td>\n<td style=\"text-align: center; width: 11.1905%;\" width=\"68\"><\/td>\n<td style=\"text-align: center; width: 10.7143%;\" width=\"65\"><\/td>\n<td style=\"text-align: center; width: 7.61905%;\" width=\"42\"><\/td>\n<td style=\"text-align: center; width: 7.5%;\" width=\"41\"><\/td>\n<\/tr>\n<tr>\n<td style=\"text-align: center; width: 5.2381%;\"><span style=\"font-family: times new roman, times, serif; font-size: 10pt;\">2<\/span><\/td>\n<td style=\"width: 21.5476%;\"><span style=\"font-family: times new roman, times, serif; font-size: 10pt;\">Georg Andreas<\/span><\/td>\n<td style=\"text-align: center; width: 12.619%;\"><\/td>\n<td style=\"text-align: center; width: 12.0238%;\"><span style=\"font-family: times new roman, times, serif; font-size: 10pt;\">01.02.1758<\/span><\/td>\n<td style=\"text-align: center; width: 11.3095%;\"><\/td>\n<td style=\"text-align: center; width: 11.1905%;\"><\/td>\n<td style=\"text-align: center; width: 10.7143%;\"><\/td>\n<td style=\"text-align: center; width: 7.61905%;\"><\/td>\n<td style=\"text-align: center; width: 7.5%;\"><\/td>\n<\/tr>\n<\/tbody>\n<\/table>\n<p style=\"text-align: justify;\"><span style=\"font-family: times new roman, times, serif; font-size: 10pt;\"><strong>Paten: zu 1) <\/strong><em>Georg Wahl jun.; des H[errn] Schul[thei\u00df] Wahls Frau Anna Elisab:; Gottfr. Wagners Frau [Chri]st[ina] Cath: <\/em>\u2014 <strong>zu 2) <\/strong><em>Andreas Schmidt; Georg Peter Wahl; u. Maria Margretha Wahlin<\/em><\/span><\/p>\n<hr \/>\n<p><span style=\"font-family: times new roman, times, serif; font-size: 10pt;\"><span style=\"color: #ff0000;\"><strong><u><a id=\"michaelis\"><\/a>Michaelis<\/u><\/strong><strong>, Johann Dietrich: <\/strong><\/span>Schulmeister in Becheln, Schreiner und Drechsler; + 02.02.1693 Becheln, \u00fcber 50 Jahre alt (bg. 03.02.)<\/span><\/p>\n<p><span style=\"font-family: times new roman, times, serif; font-size: 10pt;\"><strong>oo I.<\/strong> mit <strong><u>Klump<\/u>,<\/strong> <strong>Anna:<\/strong> + 24.12.1680 Becheln, nachdem sie <em>unterwegen von Braubach von der Kelt \u00fcbernommen<\/em> (bg. 26.12.)<\/span><\/p>\n<table>\n<tbody>\n<tr>\n<td style=\"text-align: center;\" width=\"30\"><span style=\"font-family: times new roman, times, serif; font-size: 10pt;\"><strong>Nr.<\/strong><\/span><\/td>\n<td width=\"138\"><span style=\"font-family: times new roman, times, serif; font-size: 10pt;\"><strong>Vorname (normiert)<\/strong><\/span><\/td>\n<td style=\"text-align: center;\" width=\"68\"><span style=\"font-family: times new roman, times, serif; font-size: 10pt;\"><strong>geboren<\/strong><\/span><\/td>\n<td style=\"text-align: center;\" width=\"77\"><span style=\"font-family: times new roman, times, serif; font-size: 10pt;\"><strong>getauft<\/strong><\/span><\/td>\n<td style=\"text-align: center;\" width=\"70\"><span style=\"font-family: times new roman, times, serif; font-size: 10pt;\"><strong>konfirmiert<\/strong><\/span><\/td>\n<td style=\"text-align: center;\" width=\"70\"><span style=\"font-family: times new roman, times, serif; font-size: 10pt;\"><strong>gestorben<\/strong><\/span><\/td>\n<td style=\"text-align: center;\" width=\"68\"><span style=\"font-family: times new roman, times, serif; font-size: 10pt;\"><strong>begraben<\/strong><\/span><\/td>\n<td style=\"text-align: center;\" width=\"38\"><span style=\"font-family: times new roman, times, serif; font-size: 10pt;\"><strong>Alter<\/strong><\/span><\/td>\n<td style=\"text-align: center;\" width=\"44\"><span style=\"font-family: times new roman, times, serif; font-size: 10pt;\"><strong>Stand<\/strong><\/span><\/td>\n<\/tr>\n<tr>\n<td style=\"text-align: center;\" width=\"30\"><span style=\"font-family: times new roman, times, serif; font-size: 10pt;\">1<\/span><\/td>\n<td width=\"138\"><span style=\"font-family: times new roman, times, serif; font-size: 10pt;\">Anna Margaretha<\/span><\/td>\n<td style=\"text-align: center;\" width=\"68\"><span style=\"font-family: times new roman, times, serif; font-size: 10pt;\">* ca. 1668<\/span><\/td>\n<td style=\"text-align: center;\" width=\"77\"><span style=\"font-family: times new roman, times, serif; font-size: 10pt;\"><strong>\u00a0<\/strong><\/span><\/td>\n<td style=\"text-align: center;\" width=\"70\"><span style=\"font-family: times new roman, times, serif; font-size: 10pt;\">16.04.1682<\/span><\/td>\n<td style=\"text-align: center;\" width=\"70\"><span style=\"font-family: times new roman, times, serif; font-size: 10pt;\">09.11.1720<\/span><\/td>\n<td style=\"text-align: center;\" width=\"68\"><span style=\"font-family: times new roman, times, serif; font-size: 10pt;\">10.11.1720<\/span><\/td>\n<td style=\"text-align: center;\" width=\"38\"><\/td>\n<td style=\"text-align: center;\" width=\"44\"><span style=\"font-family: times new roman, times, serif; font-size: 10pt;\">verh.<\/span><\/td>\n<\/tr>\n<tr>\n<td style=\"text-align: center;\" width=\"30\"><span style=\"font-family: times new roman, times, serif; font-size: 10pt;\">2<\/span><\/td>\n<td width=\"138\"><span style=\"font-family: times new roman, times, serif; font-size: 10pt;\">Jost Henrich<\/span><\/td>\n<td style=\"text-align: center;\" width=\"68\"><span style=\"font-family: times new roman, times, serif; font-size: 10pt;\">* ca. 1673<\/span><\/td>\n<td style=\"text-align: center;\" width=\"77\"><span style=\"font-family: times new roman, times, serif; font-size: 10pt;\"><strong>\u00a0<\/strong><\/span><\/td>\n<td style=\"text-align: center;\" width=\"70\"><span style=\"font-family: times new roman, times, serif; font-size: 10pt;\">17.04.1687<\/span><\/td>\n<td style=\"text-align: center;\" width=\"70\"><span style=\"font-family: times new roman, times, serif; font-size: 10pt;\">21.12.1689<\/span><\/td>\n<td style=\"text-align: center;\" width=\"68\"><span style=\"font-family: times new roman, times, serif; font-size: 10pt;\">22.12.1689<\/span><\/td>\n<td style=\"text-align: center;\" width=\"38\"><span style=\"font-family: times new roman, times, serif; font-size: 10pt;\">16<\/span><\/td>\n<td style=\"text-align: center;\" width=\"44\"><\/td>\n<\/tr>\n<tr>\n<td style=\"text-align: center;\" width=\"30\"><span style=\"font-family: times new roman, times, serif; font-size: 10pt;\">3<\/span><\/td>\n<td width=\"138\"><span style=\"font-family: times new roman, times, serif; font-size: 10pt;\">Anna Katharina<\/span><\/td>\n<td style=\"text-align: center;\" width=\"68\"><span style=\"font-family: times new roman, times, serif; font-size: 10pt;\">* ca. 1675<\/span><\/td>\n<td style=\"text-align: center;\" width=\"77\"><span style=\"font-family: times new roman, times, serif; font-size: 10pt;\"><strong>\u00a0<\/strong><\/span><\/td>\n<td style=\"text-align: center;\" width=\"70\"><span style=\"font-family: times new roman, times, serif; font-size: 10pt;\">08.06.1690<\/span><\/td>\n<td style=\"text-align: center;\" width=\"70\"><span style=\"font-family: times new roman, times, serif; font-size: 10pt;\">12.05.1698<\/span><\/td>\n<td style=\"text-align: center;\" width=\"68\"><span style=\"font-family: times new roman, times, serif; font-size: 10pt;\">14.05.1698<\/span><\/td>\n<td style=\"text-align: center;\" width=\"38\"><span style=\"font-family: times new roman, times, serif; font-size: 10pt;\">23<\/span><\/td>\n<td style=\"text-align: center;\" width=\"44\"><span style=\"font-family: times new roman, times, serif; font-size: 10pt;\">verh.<\/span><\/td>\n<\/tr>\n<tr>\n<td style=\"text-align: center;\" width=\"30\"><span style=\"font-family: times new roman, times, serif; font-size: 10pt;\">4<\/span><\/td>\n<td width=\"138\"><span style=\"font-family: times new roman, times, serif; font-size: 10pt;\">Anna Klara<\/span><\/td>\n<td style=\"text-align: center;\" width=\"68\"><\/td>\n<td style=\"text-align: center;\" width=\"77\"><\/td>\n<td style=\"text-align: center;\" width=\"70\"><\/td>\n<td style=\"text-align: center;\" width=\"70\"><span style=\"font-family: times new roman, times, serif; font-size: 10pt;\">xx.04.1739<\/span><\/td>\n<td style=\"text-align: center;\" width=\"68\"><span style=\"font-family: times new roman, times, serif; font-size: 10pt;\">20.04.1739<\/span><\/td>\n<td style=\"text-align: center;\" width=\"38\"><\/td>\n<td style=\"text-align: center;\" width=\"44\"><span style=\"font-family: times new roman, times, serif; font-size: 10pt;\">verh.<\/span><\/td>\n<\/tr>\n<tr>\n<td style=\"text-align: center;\" width=\"30\"><span style=\"font-family: times new roman, times, serif; font-size: 10pt;\">5<\/span><\/td>\n<td width=\"138\"><span style=\"font-family: times new roman, times, serif; font-size: 10pt;\">Anna Christina<\/span><\/td>\n<td style=\"text-align: center;\" width=\"68\"><span style=\"font-family: times new roman, times, serif; font-size: 10pt;\">07.05.1679<\/span><\/td>\n<td style=\"text-align: center;\" width=\"77\"><span style=\"font-family: times new roman, times, serif; font-size: 10pt;\">11.05.1679<\/span><\/td>\n<td style=\"text-align: center;\" width=\"70\"><\/td>\n<td style=\"text-align: center;\" width=\"70\"><\/td>\n<td style=\"text-align: center;\" width=\"68\"><\/td>\n<td style=\"text-align: center;\" width=\"38\"><\/td>\n<td style=\"text-align: center;\" width=\"44\"><\/td>\n<\/tr>\n<\/tbody>\n<\/table>\n<p><span style=\"font-family: times new roman, times, serif; font-size: 10pt;\">Kind Nr. 1) prokl. 11.02. und 18.02.1694 Becheln (nach erhaltenem Amtskonsens) mit Johann Henrich Kunz aus Endlichhofen; Familie wohnt in Becheln<br \/>\n<\/span><span style=\"font-family: times new roman, times, serif; font-size: 10pt;\">Kind Nr. 3) oo 08.04.1695 Becheln mit Johann Andreas Schmidt aus Becheln; Familie wohnt in Becheln<br \/>\n<\/span><span style=\"font-family: times new roman, times, serif; font-size: 10pt;\">Kind Nr. 4) + Fr\u00fccht; oo 08.09.1691 Fr\u00fccht mit Johann Andreas Sch\u00fctz; Familie wohnt in Fr\u00fccht<\/span><\/p>\n<p><span style=\"font-family: times new roman, times, serif; font-size: 10pt;\"><strong>Paten: zu 5)<\/strong> <em>Han\u00df Peter Schmidt; Anna Christina, Han\u00df Th\u00f6nges Hoffmanns relicta; und Anna Maria, Gottfr. Wageners Hau\u00dffrau<\/em><\/span><\/p>\n<p><span style=\"font-family: times new roman, times, serif; font-size: 10pt;\"><strong>oo II. 28.06.1681 Becheln<\/strong> mit <strong><u>Schmidt<\/u>, Anna Margaretha:<\/strong> Tochter des Enders Schmidt aus Becheln<\/span><\/p>\n<table style=\"width: 100%;\">\n<tbody>\n<tr>\n<td style=\"text-align: center; width: 5.11905%;\" width=\"21\"><span style=\"font-family: times new roman, times, serif; font-size: 10pt;\"><strong>Nr.<\/strong><\/span><\/td>\n<td style=\"width: 21.0714%;\" width=\"144\"><span style=\"font-family: times new roman, times, serif; font-size: 10pt;\"><strong>Vorname (normiert)<\/strong><\/span><\/td>\n<td style=\"text-align: center; width: 12.619%;\" width=\"79\"><span style=\"font-family: times new roman, times, serif; font-size: 10pt;\"><strong>geboren<\/strong><\/span><\/td>\n<td style=\"text-align: center; width: 12.1429%;\" width=\"75\"><span style=\"font-family: times new roman, times, serif; font-size: 10pt;\"><strong>getauft<\/strong><\/span><\/td>\n<td style=\"text-align: center; width: 11.3095%;\" width=\"69\"><span style=\"font-family: times new roman, times, serif; font-size: 10pt;\"><strong>konfirmiert<\/strong><\/span><\/td>\n<td style=\"text-align: center; width: 12.1429%;\" width=\"75\"><span style=\"font-family: times new roman, times, serif; font-size: 10pt;\"><strong>gestorben<\/strong><\/span><\/td>\n<td style=\"text-align: center; width: 10.3571%;\" width=\"62\"><span style=\"font-family: times new roman, times, serif; font-size: 10pt;\"><strong>begraben<\/strong><\/span><\/td>\n<td style=\"text-align: center; width: 7.97619%;\" width=\"44\"><span style=\"font-family: times new roman, times, serif; font-size: 10pt;\"><strong>Alter<\/strong><\/span><\/td>\n<td style=\"text-align: center; width: 7.38095%;\" width=\"40\"><span style=\"font-family: times new roman, times, serif; font-size: 10pt;\"><strong>Stand<\/strong><\/span><\/td>\n<\/tr>\n<tr>\n<td style=\"text-align: center; width: 5.11905%;\" width=\"21\"><span style=\"font-family: times new roman, times, serif; font-size: 10pt;\">1<\/span><\/td>\n<td style=\"width: 21.0714%;\" width=\"144\"><span style=\"font-family: times new roman, times, serif; font-size: 10pt;\">Anna Elisabeth<\/span><\/td>\n<td style=\"text-align: center; width: 12.619%;\" width=\"79\"><span style=\"font-family: times new roman, times, serif; font-size: 10pt;\">14.08.1682<\/span><\/td>\n<td style=\"text-align: center; width: 12.1429%;\" width=\"75\"><span style=\"font-family: times new roman, times, serif; font-size: 10pt;\">20.08.1682<\/span><\/td>\n<td style=\"text-align: center; width: 11.3095%;\" width=\"69\"><\/td>\n<td style=\"text-align: center; width: 12.1429%;\" width=\"75\"><span style=\"font-family: times new roman, times, serif; font-size: 10pt;\">28.08.1682<\/span><\/td>\n<td style=\"text-align: center; width: 10.3571%;\" width=\"62\"><\/td>\n<td style=\"text-align: center; width: 7.97619%;\" width=\"44\"><span style=\"font-family: times new roman, times, serif; font-size: 10pt;\">0,04<\/span><\/td>\n<td style=\"text-align: center; width: 7.38095%;\" width=\"40\"><\/td>\n<\/tr>\n<tr>\n<td style=\"text-align: center; width: 5.11905%;\" width=\"21\"><span style=\"font-family: times new roman, times, serif; font-size: 10pt;\">2<\/span><\/td>\n<td style=\"width: 21.0714%;\" width=\"144\"><span style=\"font-family: times new roman, times, serif; font-size: 10pt;\">Anna Christina<\/span><\/td>\n<td style=\"text-align: center; width: 12.619%;\" width=\"79\"><\/td>\n<td style=\"text-align: center; width: 12.1429%;\" width=\"75\"><\/td>\n<td style=\"text-align: center; width: 11.3095%;\" width=\"69\"><\/td>\n<td style=\"text-align: center; width: 12.1429%;\" width=\"75\"><span style=\"font-family: times new roman, times, serif; font-size: 10pt;\">22.04.1684<\/span><\/td>\n<td style=\"text-align: center; width: 10.3571%;\" width=\"62\"><span style=\"font-family: times new roman, times, serif; font-size: 10pt;\">24.04.1684<\/span><\/td>\n<td style=\"text-align: center; width: 7.97619%;\" width=\"44\"><\/td>\n<td style=\"text-align: center; width: 7.38095%;\" width=\"40\"><\/td>\n<\/tr>\n<tr>\n<td style=\"text-align: center; width: 5.11905%;\" width=\"21\"><span style=\"font-family: times new roman, times, serif; font-size: 10pt;\">3<\/span><\/td>\n<td style=\"width: 21.0714%;\" width=\"144\"><span style=\"font-family: times new roman, times, serif; font-size: 10pt;\">Anna Maria<\/span><\/td>\n<td style=\"text-align: center; width: 12.619%;\" width=\"79\"><\/td>\n<td style=\"text-align: center; width: 12.1429%;\" width=\"75\"><\/td>\n<td style=\"text-align: center; width: 11.3095%;\" width=\"69\"><\/td>\n<td style=\"text-align: center; width: 12.1429%;\" width=\"75\"><span style=\"font-family: times new roman, times, serif; font-size: 10pt;\">26.04.1684<\/span><\/td>\n<td style=\"text-align: center; width: 10.3571%;\" width=\"62\"><span style=\"font-family: times new roman, times, serif; font-size: 10pt;\">28.04.1684<\/span><\/td>\n<td style=\"text-align: center; width: 7.97619%;\" width=\"44\"><\/td>\n<td style=\"text-align: center; width: 7.38095%;\" width=\"40\"><\/td>\n<\/tr>\n<\/tbody>\n<\/table>\n<p style=\"text-align: justify;\"><span style=\"font-family: times new roman, times, serif; font-size: 10pt;\">Kind Nr. 1) Vater hatte das Kind <em>propria auctoritate wieder hergebrachten Gebrauch ohne Vorwissen des Pf[arre]rs in Beysein etlich[er] Nachbarn uff den Kirchhoff begrab[en]. Nota. Wegen dieses Verbrechen hat delinquens auffm Kirchhoff in Beysein d[er] Gemeine &#8230;iren m\u00fc\u00dfen.<br \/>\n<\/em><\/span><span style=\"font-family: times new roman, times, serif; font-size: 10pt;\">Kind Nr. 2) T\u00f6chterlein<br \/>\n<\/span><span style=\"font-family: times new roman, times, serif; font-size: 10pt;\">Kind Nr. 3) im Sterbeeintrags als drittes T\u00f6chterlein genannt<\/span><\/p>\n<p style=\"text-align: justify;\"><span style=\"font-family: times new roman, times, serif; font-size: 10pt;\"><strong>Paten: zu 1) <\/strong><em>Han\u00df Th\u00f6nges Freundt; Anna Margreth, Enders Jacobs Freundt Hau\u00dffr[au]; undt Anna Elisabeth, Joh. Matthi\u00e6 Wahls Hau\u00dffr[au]<\/em><\/span><\/p>\n<hr \/>\n<p style=\"text-align: justify;\"><span style=\"font-family: times new roman, times, serif; font-size: 10pt;\">Name meint wohl Mundrian (<em>Montergal, Montergan<\/em>). Ein Johann Philipp Mundrian h\u00e4lt sich 1698 bei seinem Schwager Konrad Fehrlinger, dem Kuhhirten zu Winterwerb auf; 1703 Kuhhirte in Kehlbach, 1711\/1712 in Dessighofen, 1712 in Kehlbach, 1718 in Geisig<\/span><\/p>\n<p><span style=\"font-family: times new roman, times, serif; font-size: 10pt; color: #ff0000;\"><strong><u><a id=\"montergal\"><\/a>Montergal<\/u><\/strong><strong>, Peter<\/strong><\/span><\/p>\n<p><span style=\"font-family: times new roman, times, serif; font-size: 10pt;\"><strong>oo<\/strong> mit <strong>Anna Maria<\/strong><\/span><\/p>\n<table style=\"width: 100%;\">\n<tbody>\n<tr>\n<td style=\"width: 5.35714%; text-align: center;\" width=\"23\"><span style=\"font-family: times new roman, times, serif; font-size: 10pt;\"><strong>Nr.<\/strong><\/span><\/td>\n<td style=\"width: 21.5476%;\" width=\"147\"><span style=\"font-family: times new roman, times, serif; font-size: 10pt;\"><strong>Vorname (normiert)<\/strong><\/span><\/td>\n<td style=\"width: 11.9048%; text-align: center;\" width=\"73\"><span style=\"font-family: times new roman, times, serif; font-size: 10pt;\"><strong>geboren<\/strong><\/span><\/td>\n<td style=\"width: 12.1429%; text-align: center;\" width=\"75\"><span style=\"font-family: times new roman, times, serif; font-size: 10pt;\"><strong>getauft<\/strong><\/span><\/td>\n<td style=\"width: 11.3095%; text-align: center;\" width=\"69\"><span style=\"font-family: times new roman, times, serif; font-size: 10pt;\"><strong>konfirmiert<\/strong><\/span><\/td>\n<td style=\"width: 11.3095%; text-align: center;\" width=\"69\"><span style=\"font-family: times new roman, times, serif; font-size: 10pt;\"><strong>gestorben<\/strong><\/span><\/td>\n<td style=\"width: 10.9524%; text-align: center;\" width=\"66\"><span style=\"font-family: times new roman, times, serif; font-size: 10pt;\"><strong>begraben<\/strong><\/span><\/td>\n<td style=\"width: 7.85714%; text-align: center;\" width=\"43\"><span style=\"font-family: times new roman, times, serif; font-size: 10pt;\"><strong>Alter<\/strong><\/span><\/td>\n<td style=\"width: 7.61905%; text-align: center;\" width=\"42\"><span style=\"font-family: times new roman, times, serif; font-size: 10pt;\"><strong>Stand<\/strong><\/span><\/td>\n<\/tr>\n<tr>\n<td style=\"width: 5.35714%; text-align: center;\" width=\"23\"><span style=\"font-family: times new roman, times, serif; font-size: 10pt;\">1<\/span><\/td>\n<td style=\"width: 21.5476%;\" width=\"147\"><span style=\"font-family: times new roman, times, serif; font-size: 10pt;\">Anna Maria<\/span><\/td>\n<td style=\"width: 11.9048%; text-align: center;\" width=\"73\"><\/td>\n<td style=\"width: 12.1429%; text-align: center;\" width=\"75\"><span style=\"font-family: times new roman, times, serif; font-size: 10pt;\">30.11.1758<\/span><\/td>\n<td style=\"width: 11.3095%; text-align: center;\" width=\"69\"><\/td>\n<td style=\"width: 11.3095%; text-align: center;\" width=\"69\"><\/td>\n<td style=\"width: 10.9524%; text-align: center;\" width=\"66\"><\/td>\n<td style=\"width: 7.85714%; text-align: center;\" width=\"43\"><\/td>\n<td style=\"width: 7.61905%; text-align: center;\" width=\"42\"><\/td>\n<\/tr>\n<\/tbody>\n<\/table>\n<p><span style=\"font-family: times new roman, times, serif; font-size: 10pt;\"><strong>Paten: <\/strong><em>Johannes <\/em>[ ]<em> von D\u00fcrstheck; Anna Maria J\u00fcligin daselbsten; u. Andreas Thores Frau von Becheln<\/em><\/span><\/p>\n<hr \/>\n<p style=\"text-align: justify;\"><span style=\"font-family: times new roman, times, serif; font-size: 10pt;\"><span style=\"color: #ff0000;\"><strong><u><a id=\"muth\"><\/a>Muth<\/u><\/strong><strong>, Johann Jakob:<\/strong> <\/span>Musketier unter Hauptmann <em>Hayn<\/em> vom hessen-kasselischen Leibregiment; + 31.01.1743 Becheln, an einer Brustkrankheit, 73 Jahre alt (bg. 02.02.); Sohn des verst. Johann Jakob Muth aus Nauheim<\/span><\/p>\n<p style=\"text-align: justify;\"><span style=\"font-family: times new roman, times, serif; font-size: 10pt;\"><strong>oo I. 26.01.1697 Becheln<\/strong> mit <strong><u>Mager<\/u>, Maria Margaretha:<\/strong> konf. 08.06.1690; + 05.08.1703 Becheln, im Kindbett, 26 Jahre, 7 Monate und 3 Tage alt (bg. 07.08.); Eltern: Johann Bernhard Mager, Schulthei\u00df, und Anna Christina geb. Born<\/span><\/p>\n<table style=\"width: 100%;\">\n<tbody>\n<tr>\n<td style=\"text-align: center; width: 5.11905%;\" width=\"22\"><span style=\"font-family: times new roman, times, serif; font-size: 10pt;\"><strong>Nr.<\/strong><\/span><\/td>\n<td style=\"width: 21.4286%;\" width=\"145\"><span style=\"font-family: times new roman, times, serif; font-size: 10pt;\"><strong>VN normiert<\/strong><\/span><\/td>\n<td style=\"text-align: center; width: 12.5%;\" width=\"78\"><span style=\"font-family: times new roman, times, serif; font-size: 10pt;\"><strong>geboren<\/strong><\/span><\/td>\n<td style=\"text-align: center; width: 12.0238%;\" width=\"74\"><span style=\"font-family: times new roman, times, serif; font-size: 10pt;\"><strong>getauft<\/strong><\/span><\/td>\n<td style=\"text-align: center; width: 12.0238%;\" width=\"74\"><span style=\"font-family: times new roman, times, serif; font-size: 10pt;\"><strong>konfirmiert<\/strong><\/span><\/td>\n<td style=\"text-align: center; width: 10.9524%;\" width=\"66\"><span style=\"font-family: times new roman, times, serif; font-size: 10pt;\"><strong>gestorben<\/strong><\/span><\/td>\n<td style=\"text-align: center; width: 10.4762%;\" width=\"63\"><span style=\"font-family: times new roman, times, serif; font-size: 10pt;\"><strong>begraben<\/strong><\/span><\/td>\n<td style=\"text-align: center; width: 7.85714%;\" width=\"43\"><span style=\"font-family: times new roman, times, serif; font-size: 10pt;\"><strong>Alter<\/strong><\/span><\/td>\n<td style=\"text-align: center; width: 7.38095%;\" width=\"40\"><span style=\"font-family: times new roman, times, serif; font-size: 10pt;\"><strong>Stand<\/strong><\/span><\/td>\n<\/tr>\n<tr>\n<td style=\"text-align: center; width: 5.11905%;\" width=\"22\"><span style=\"font-family: times new roman, times, serif; font-size: 10pt;\">1<\/span><\/td>\n<td style=\"width: 21.4286%;\" width=\"145\"><span style=\"font-family: times new roman, times, serif; font-size: 10pt;\">Christina Katharina<\/span><\/td>\n<td style=\"text-align: center; width: 12.5%;\" width=\"78\"><span style=\"font-family: times new roman, times, serif; font-size: 10pt;\">05.03.1700<\/span><\/td>\n<td style=\"text-align: center; width: 12.0238%;\" width=\"74\"><span style=\"font-family: times new roman, times, serif; font-size: 10pt;\">14.03.1700<\/span><\/td>\n<td style=\"text-align: center; width: 12.0238%;\" width=\"74\"><span style=\"font-family: times new roman, times, serif; font-size: 10pt;\">30.04.1713<\/span><\/td>\n<td style=\"text-align: center; width: 10.9524%;\" width=\"66\"><span style=\"font-family: times new roman, times, serif; font-size: 10pt;\">09.12.1753<\/span><\/td>\n<td style=\"text-align: center; width: 10.4762%;\" width=\"63\"><span style=\"font-family: times new roman, times, serif; font-size: 10pt;\">11.12.1753<\/span><\/td>\n<td style=\"text-align: center; width: 7.85714%;\" width=\"43\"><span style=\"font-family: times new roman, times, serif; font-size: 10pt;\">53,80<\/span><\/td>\n<td style=\"text-align: center; width: 7.38095%;\" width=\"40\"><span style=\"font-family: times new roman, times, serif; font-size: 10pt;\">verh.<\/span><\/td>\n<\/tr>\n<tr>\n<td style=\"text-align: center; width: 5.11905%;\"><span style=\"font-family: times new roman, times, serif; font-size: 10pt;\">2<\/span><\/td>\n<td style=\"width: 21.4286%;\"><span style=\"font-family: times new roman, times, serif; font-size: 10pt;\">Elisabeth Katharina<\/span><\/td>\n<td style=\"text-align: center; width: 12.5%;\"><span style=\"font-family: times new roman, times, serif; font-size: 10pt;\">02.08.1703<\/span><\/td>\n<td style=\"text-align: center; width: 12.0238%;\"><span style=\"font-family: times new roman, times, serif; font-size: 10pt;\">02.08.1703<\/span><\/td>\n<td style=\"text-align: center; width: 12.0238%;\"><\/td>\n<td style=\"text-align: center; width: 10.9524%;\"><span style=\"font-family: times new roman, times, serif; font-size: 10pt;\">02.08.1703<\/span><\/td>\n<td style=\"text-align: center; width: 10.4762%;\"><span style=\"font-family: times new roman, times, serif; font-size: 10pt;\">04.08.1703<\/span><\/td>\n<td style=\"text-align: center; width: 7.85714%;\"><span style=\"font-family: times new roman, times, serif; font-size: 10pt;\">12 h<\/span><\/td>\n<td style=\"text-align: center; width: 7.38095%;\"><\/td>\n<\/tr>\n<\/tbody>\n<\/table>\n<p style=\"text-align: justify;\"><span style=\"font-family: times new roman, times, serif; font-size: 10pt;\">Kind Nr. 1) oo 27.03.1731 Becheln mit Philipp David Heimann (* 14.02.1706 Marienfels (gt. 21.02.); konf. 09.04.1719; + 03.12.1774 Becheln, 68 Jahre, 9 Monate und 19 Tage alt (bg. 05.12.); Eltern: Johann Matthias Heimann und Anna Eulalia geb. B\u00f6rder)<\/span><\/p>\n<p style=\"text-align: justify;\"><span style=\"font-family: times new roman, times, serif; font-size: 10pt;\"><strong>Paten: zu 1) <\/strong><em>Georg Philipps, Johannis Wageners, hochfreyh[errlichen] steinisch[en] Hoffmanns, fili[us] daselbst; Euphrosine, Jost Thomae von Berg uxor; et Christina Catharina, Johann Bernhard Magers, Schulthei\u00df[en] filia huj[us] loci <\/em>\u2014 <strong>zu 2) <\/strong><em>Matthias Heyer, Einwohner zu Bergen; Elisabeth Veronica, Joh. Bernhard Magers, Schulthei\u00dfen Tochter; v[nd] Anna Catharina, Joh. Wageners Tochter<\/em><\/span><\/p>\n<p><span style=\"font-family: times new roman, times, serif; font-size: 10pt;\"><strong>oo II. 29.02.1704 Becheln<\/strong> mit <strong><u>Reuter<\/u>, Anna Veronika:<\/strong> gt. 21.06.1668 Nassau (5. Sonntag n. Trin.); + 24.11.1733 Becheln (bg. 26.11.); Tochter des Merten Reuter aus H\u00f6mberg (Nassau, KB 1, Bild 13 auf archion.de)<\/span><\/p>\n<table style=\"width: 100%;\">\n<tbody>\n<tr>\n<td style=\"text-align: center; width: 5.2381%;\" width=\"22\"><span style=\"font-family: times new roman, times, serif; font-size: 10pt;\"><strong>Nr.<\/strong><\/span><\/td>\n<td style=\"width: 21.1905%;\" width=\"144\"><span style=\"font-family: times new roman, times, serif; font-size: 10pt;\"><strong>VN normiert<\/strong><\/span><\/td>\n<td style=\"text-align: center; width: 12.5%;\" width=\"78\"><span style=\"font-family: times new roman, times, serif; font-size: 10pt;\"><strong>geboren<\/strong><\/span><\/td>\n<td style=\"text-align: center; width: 12.0238%;\" width=\"74\"><span style=\"font-family: times new roman, times, serif; font-size: 10pt;\"><strong>getauft<\/strong><\/span><\/td>\n<td style=\"text-align: center; width: 11.3095%;\" width=\"69\"><span style=\"font-family: times new roman, times, serif; font-size: 10pt;\"><strong>konfirmiert<\/strong><\/span><\/td>\n<td style=\"text-align: center; width: 12.0238%;\" width=\"74\"><span style=\"font-family: times new roman, times, serif; font-size: 10pt;\"><strong>gestorben<\/strong><\/span><\/td>\n<td style=\"text-align: center; width: 10.4762%;\" width=\"63\"><span style=\"font-family: times new roman, times, serif; font-size: 10pt;\"><strong>begraben<\/strong><\/span><\/td>\n<td style=\"text-align: center; width: 7.97619%;\" width=\"44\"><span style=\"font-family: times new roman, times, serif; font-size: 10pt;\"><strong>Alter<\/strong><\/span><\/td>\n<td style=\"text-align: center; width: 7.38095%;\" width=\"40\"><span style=\"font-family: times new roman, times, serif; font-size: 10pt;\"><strong>Stand<\/strong><\/span><\/td>\n<\/tr>\n<tr>\n<td style=\"text-align: center; width: 5.2381%;\" width=\"22\"><span style=\"font-family: times new roman, times, serif; font-size: 10pt;\">1<\/span><\/td>\n<td style=\"width: 21.1905%;\" width=\"144\"><span style=\"font-family: times new roman, times, serif; font-size: 10pt;\">Maria Katharina<\/span><\/td>\n<td style=\"text-align: center; width: 12.5%;\" width=\"78\"><span style=\"font-family: times new roman, times, serif; font-size: 10pt;\">07.03.1707<\/span><\/td>\n<td style=\"text-align: center; width: 12.0238%;\" width=\"74\"><span style=\"font-family: times new roman, times, serif; font-size: 10pt;\">07.03.1707<\/span><\/td>\n<td style=\"text-align: center; width: 11.3095%;\" width=\"69\"><\/td>\n<td style=\"text-align: center; width: 12.0238%;\" width=\"74\"><span style=\"font-family: times new roman, times, serif; font-size: 10pt;\">10.03.1707<\/span><\/td>\n<td style=\"text-align: center; width: 10.4762%;\" width=\"63\"><\/td>\n<td style=\"text-align: center; width: 7.97619%;\" width=\"44\"><span style=\"font-family: times new roman, times, serif; font-size: 10pt;\">0,01<\/span><\/td>\n<td style=\"text-align: center; width: 7.38095%;\" width=\"40\"><\/td>\n<\/tr>\n<tr>\n<td style=\"text-align: center; width: 5.2381%;\"><span style=\"font-family: times new roman, times, serif; font-size: 10pt;\">2<\/span><\/td>\n<td style=\"width: 21.1905%;\"><span style=\"font-family: times new roman, times, serif; font-size: 10pt;\">Christina Elisabeth<\/span><\/td>\n<td style=\"text-align: center; width: 12.5%;\"><span style=\"font-family: times new roman, times, serif; font-size: 10pt;\">27.06.1709<\/span><\/td>\n<td style=\"text-align: center; width: 12.0238%;\"><span style=\"font-family: times new roman, times, serif; font-size: 10pt;\">04.08.1709<\/span><\/td>\n<td style=\"text-align: center; width: 11.3095%;\"><\/td>\n<td style=\"text-align: center; width: 12.0238%;\"><span style=\"font-family: times new roman, times, serif; font-size: 10pt;\">04.03.1711<\/span><\/td>\n<td style=\"text-align: center; width: 10.4762%;\"><\/td>\n<td style=\"text-align: center; width: 7.97619%;\"><span style=\"font-family: times new roman, times, serif; font-size: 10pt;\">1,68<\/span><\/td>\n<td style=\"text-align: center; width: 7.38095%;\"><\/td>\n<\/tr>\n<\/tbody>\n<\/table>\n<p style=\"text-align: justify;\"><span style=\"font-family: times new roman, times, serif; font-size: 10pt;\"><strong>Paten: zu 1) <\/strong><em>Joh. Philipp Stein, Soldat auf d[er] Marxburg; Maria Catharina, Herman Eiffelers Tochter von Geissig; v[nd] Maria Catharina, Michael Magers Tochter <\/em>\u2014 <strong>zu 2) <\/strong><em>Johann Georg Metz d[er] \u00c4lter; Anna Elisabeth, Enders Jacob Freunden se[lig] Tochter; v[nd] Christina Clara, Henrich Kuhnzen Tochter<\/em><\/span><\/p>\n<hr \/>\n<p><span style=\"font-size: 10pt; font-family: times new roman, times, serif;\"><b>Letztes Update: 8. Juni 2024<\/b><\/span><br \/>\n<span style=\"font-size: 10pt; font-family: times new roman, times, serif;\"><b>Ralph Jackmuth<\/b><\/span><\/p>\n","protected":false},"excerpt":{"rendered":"<p>Kaiser, Johannes: Einwohner zu Miehlen oo 03.05.1670 Becheln mit Mager, Agnes: Tochter des Th\u00f6nges Mager auch Becheln Kaiser, Johann Hermann o-o mit Ansel, Anna Barbara: * ca. 1663; konf. 08.06.1679; + 26.04.1714 Becheln (bg. 27.04.); Eltern: Friedrich Ansel und Katharina Nr. Vorname (normiert) geboren getauft konfirmiert gestorben begraben Alter Stand 1 Maria Magd. (illeg.) 03.01.1697 &hellip; <a href=\"https:\/\/www.ahnenforschung-jackmuth.de\/?page_id=11633\" class=\"more-link\"><span class=\"screen-reader-text\">\u201eOFB Becheln &#8211; K-M\u201c<\/span> weiterlesen<\/a><\/p>\n","protected":false},"author":1,"featured_media":0,"parent":0,"menu_order":0,"comment_status":"closed","ping_status":"closed","template":"","meta":{"footnotes":""},"class_list":["post-11633","page","type-page","status-publish","hentry"],"_links":{"self":[{"href":"https:\/\/www.ahnenforschung-jackmuth.de\/index.php?rest_route=\/wp\/v2\/pages\/11633","targetHints":{"allow":["GET"]}}],"collection":[{"href":"https:\/\/www.ahnenforschung-jackmuth.de\/index.php?rest_route=\/wp\/v2\/pages"}],"about":[{"href":"https:\/\/www.ahnenforschung-jackmuth.de\/index.php?rest_route=\/wp\/v2\/types\/page"}],"author":[{"embeddable":true,"href":"https:\/\/www.ahnenforschung-jackmuth.de\/index.php?rest_route=\/wp\/v2\/users\/1"}],"replies":[{"embeddable":true,"href":"https:\/\/www.ahnenforschung-jackmuth.de\/index.php?rest_route=%2Fwp%2Fv2%2Fcomments&post=11633"}],"version-history":[{"count":0,"href":"https:\/\/www.ahnenforschung-jackmuth.de\/index.php?rest_route=\/wp\/v2\/pages\/11633\/revisions"}],"wp:attachment":[{"href":"https:\/\/www.ahnenforschung-jackmuth.de\/index.php?rest_route=%2Fwp%2Fv2%2Fmedia&parent=11633"}],"curies":[{"name":"wp","href":"https:\/\/api.w.org\/{rel}","templated":true}]}}