{"id":11614,"date":"2024-06-08T08:46:21","date_gmt":"2024-06-08T08:46:21","guid":{"rendered":"https:\/\/www.ahnenforschung-jackmuth.de\/?page_id=11614"},"modified":"2024-06-08T09:06:13","modified_gmt":"2024-06-08T09:06:13","slug":"ofb-becheln-a-c","status":"publish","type":"page","link":"https:\/\/www.ahnenforschung-jackmuth.de\/?page_id=11614","title":{"rendered":"OFB Becheln &#8211; A-E"},"content":{"rendered":"<p style=\"text-align: justify;\"><span style=\"font-family: times new roman, times, serif; font-size: 10pt;\"><span style=\"color: #ff0000;\"><strong><u><a id=\"alberti\"><\/a>Alberti<\/u><\/strong><strong>, Johann Friedrich:<\/strong> <\/span>Schuldiener in Becheln, dann in Dornholzhausen; * 19.10.1753 Schweighausen (gt. 25.10.); konf. 24.04.1768; + 09.02.1814 Dornholzhausen (bg. 11.02.); Eltern: Georg Christian Alberti, Schulmeister in Schweighausen, und Anna Katharina Henriette<\/span><\/p>\n<p style=\"text-align: justify;\"><span style=\"font-family: times new roman, times, serif; font-size: 10pt;\"><strong>oo I. <\/strong><strong>27.12.1776 Becheln<\/strong> mit <strong><u>Steinborn geb. Gerhard<\/u>, Elisabeth Katharina:<\/strong> * 18.05.1750 Becheln (gt. 24.05.); + 20.10.1777 Becheln, im Kindbett (bg. 22.10.); Eltern: Johann Peter Gerhard und Maria Apollonia geb. Hoffmann; oo I. 12.04.1774 Dausenau mit Johann Philipp Steinborn, Schmiedmeister, Sohn des Matthes Steinborn, Schmiedmeister vom Emser Bad<\/span><\/p>\n<table style=\"width: 100%;\">\n<tbody>\n<tr>\n<td style=\"text-align: center; width: 5.83333%;\" width=\"22\"><span style=\"font-family: times new roman, times, serif; font-size: 10pt;\"><strong>Nr.<\/strong><\/span><\/td>\n<td style=\"width: 20.7143%;\" width=\"145\"><span style=\"font-family: times new roman, times, serif; font-size: 10pt;\"><strong>Vorname (normiert)<\/strong><\/span><\/td>\n<td style=\"text-align: center; width: 12.7381%;\" width=\"79\"><span style=\"font-family: times new roman, times, serif; font-size: 10pt;\"><strong>geboren<\/strong><\/span><\/td>\n<td style=\"text-align: center; width: 12.0238%;\" width=\"74\"><span style=\"font-family: times new roman, times, serif; font-size: 10pt;\"><strong>getauft<\/strong><\/span><\/td>\n<td style=\"text-align: center; width: 11.3095%;\" width=\"69\"><span style=\"font-family: times new roman, times, serif; font-size: 10pt;\"><strong>konfirmiert<\/strong><\/span><\/td>\n<td style=\"text-align: center; width: 11.1905%;\" width=\"68\"><span style=\"font-family: times new roman, times, serif; font-size: 10pt;\"><strong>gestorben<\/strong><\/span><\/td>\n<td style=\"text-align: center; width: 10.8333%;\" width=\"65\"><span style=\"font-family: times new roman, times, serif; font-size: 10pt;\"><strong>begraben<\/strong><\/span><\/td>\n<td style=\"text-align: center; width: 7.7381%;\" width=\"42\"><span style=\"font-family: times new roman, times, serif; font-size: 10pt;\"><strong>Alter<\/strong><\/span><\/td>\n<td style=\"text-align: center; width: 7.61905%;\" width=\"41\"><span style=\"font-family: times new roman, times, serif; font-size: 10pt;\"><strong>Stand<\/strong><\/span><\/td>\n<\/tr>\n<tr>\n<td style=\"text-align: center; width: 5.83333%;\" width=\"22\"><span style=\"font-family: times new roman, times, serif; font-size: 10pt;\">1<\/span><\/td>\n<td style=\"width: 20.7143%;\" width=\"145\"><span style=\"font-family: times new roman, times, serif; font-size: 10pt;\">Georg Peter<\/span><\/td>\n<td style=\"text-align: center; width: 12.7381%;\" width=\"79\"><span style=\"font-family: times new roman, times, serif; font-size: 10pt;\">20.10.1777<\/span><\/td>\n<td style=\"text-align: center; width: 12.0238%;\" width=\"74\"><span style=\"font-family: times new roman, times, serif; font-size: 10pt;\">21.10.1777<\/span><\/td>\n<td style=\"text-align: center; width: 11.3095%;\" width=\"69\"><\/td>\n<td style=\"text-align: center; width: 11.1905%;\" width=\"68\"><\/td>\n<td style=\"text-align: center; width: 10.8333%;\" width=\"65\"><\/td>\n<td style=\"text-align: center; width: 7.7381%;\" width=\"42\"><\/td>\n<td style=\"text-align: center; width: 7.61905%;\" width=\"41\"><\/td>\n<\/tr>\n<\/tbody>\n<\/table>\n<p style=\"text-align: justify;\"><span style=\"font-family: times new roman, times, serif; font-size: 10pt;\"><strong>Paten: <\/strong><em>1) Johann Peter Gerhard, 2) Georg Christian Alberti von Schweighausen, ambo avi; 3) Maria Magdalena, Joh. Philipp Hofmanns Ehefrau zu Bechlen<\/em><\/span><\/p>\n<p style=\"text-align: justify;\"><span style=\"font-family: times new roman, times, serif; font-size: 10pt;\"><strong>oo II.<\/strong> <strong>nach 1777<\/strong> mit <strong><u>Beeres<\/u>, Anna Katharina:<\/strong> im KB Becheln auch Johanna Katharina; + 24.04.1804 Dornholzhausen, 42 Jahre, 7 Monate, 3 Tage alt (bg. 26.04.); Tochter des Johann Henrich Beeres zu Buch (VG Nast\u00e4tten)<\/span><\/p>\n<table style=\"width: 100%;\">\n<tbody>\n<tr>\n<td style=\"text-align: center; width: 6.07143%;\" width=\"23\"><span style=\"font-family: times new roman, times, serif; font-size: 10pt;\"><strong>Nr.<\/strong><\/span><\/td>\n<td style=\"width: 19.1667%;\" width=\"134\"><span style=\"font-family: times new roman, times, serif; font-size: 10pt;\"><strong>Vorname (normiert)<\/strong><\/span><\/td>\n<td style=\"text-align: center; width: 12.2619%;\" width=\"76\"><span style=\"font-family: times new roman, times, serif; font-size: 10pt;\"><strong>geboren<\/strong><\/span><\/td>\n<td style=\"text-align: center; width: 11.5476%;\" width=\"70\"><span style=\"font-family: times new roman, times, serif; font-size: 10pt;\"><strong>getauft<\/strong><\/span><\/td>\n<td style=\"text-align: center; width: 12.1429%;\" width=\"75\"><span style=\"font-family: times new roman, times, serif; font-size: 10pt;\"><strong>konfirmiert<\/strong><\/span><\/td>\n<td style=\"text-align: center; width: 11.6667%;\" width=\"71\"><span style=\"font-family: times new roman, times, serif; font-size: 10pt;\"><strong>gestorben<\/strong><\/span><\/td>\n<td style=\"text-align: center; width: 11.9048%;\" width=\"73\"><span style=\"font-family: times new roman, times, serif; font-size: 10pt;\"><strong>begraben<\/strong><\/span><\/td>\n<td style=\"text-align: center; width: 8.33333%;\" width=\"47\"><span style=\"font-family: times new roman, times, serif; font-size: 10pt;\"><strong>Alter<\/strong><\/span><\/td>\n<td style=\"text-align: center; width: 6.78571%;\" width=\"35\"><span style=\"font-family: times new roman, times, serif; font-size: 10pt;\"><strong>Stand<\/strong><\/span><\/td>\n<\/tr>\n<tr>\n<td style=\"text-align: center; width: 6.07143%;\" width=\"23\"><span style=\"font-family: times new roman, times, serif; font-size: 10pt;\">1<\/span><\/td>\n<td style=\"width: 19.1667%;\" width=\"134\"><span style=\"font-family: times new roman, times, serif; font-size: 10pt;\">Johann Daniel<\/span><\/td>\n<td style=\"text-align: center; width: 12.2619%;\" width=\"76\"><span style=\"font-family: times new roman, times, serif; font-size: 10pt;\">26.11.1781<\/span><\/td>\n<td style=\"text-align: center; width: 11.5476%;\" width=\"70\"><span style=\"font-family: times new roman, times, serif; font-size: 10pt;\">28.11.1781<\/span><\/td>\n<td style=\"text-align: center; width: 12.1429%;\" width=\"75\"><\/td>\n<td style=\"text-align: center; width: 11.6667%;\" width=\"71\"><span style=\"font-family: times new roman, times, serif; font-size: 10pt;\">16.11.1785<\/span><\/td>\n<td style=\"text-align: center; width: 11.9048%;\" width=\"73\"><span style=\"font-family: times new roman, times, serif; font-size: 10pt;\">19.11.1785<\/span><\/td>\n<td style=\"text-align: center; width: 8.33333%;\" width=\"47\"><span style=\"font-family: times new roman, times, serif; font-size: 10pt;\">3,98<\/span><\/td>\n<td style=\"text-align: center; width: 6.78571%;\" width=\"35\"><\/td>\n<\/tr>\n<tr>\n<td style=\"text-align: center; width: 6.07143%;\"><span style=\"font-family: times new roman, times, serif; font-size: 10pt;\">2<\/span><\/td>\n<td style=\"width: 19.1667%;\"><span style=\"font-family: times new roman, times, serif; font-size: 10pt;\">Philipp Andreas<\/span><\/td>\n<td style=\"text-align: center; width: 12.2619%;\"><span style=\"font-family: times new roman, times, serif; font-size: 10pt;\">30.07.1785<\/span><\/td>\n<td style=\"text-align: center; width: 11.5476%;\"><span style=\"font-family: times new roman, times, serif; font-size: 10pt;\">31.07.1785<\/span><\/td>\n<td style=\"text-align: center; width: 12.1429%;\"><\/td>\n<td style=\"text-align: center; width: 11.6667%;\"><\/td>\n<td style=\"text-align: center; width: 11.9048%;\"><\/td>\n<td style=\"text-align: center; width: 8.33333%;\"><\/td>\n<td style=\"text-align: center; width: 6.78571%;\"><\/td>\n<\/tr>\n<tr>\n<td style=\"text-align: center; width: 6.07143%;\"><span style=\"font-family: times new roman, times, serif; font-size: 10pt;\">3<\/span><\/td>\n<td style=\"width: 19.1667%;\"><span style=\"font-family: times new roman, times, serif; font-size: 10pt;\">Johanna Magd. Maria<\/span><\/td>\n<td style=\"text-align: center; width: 12.2619%;\"><span style=\"font-family: times new roman, times, serif; font-size: 10pt;\">04.06.1789<\/span><\/td>\n<td style=\"text-align: center; width: 11.5476%;\"><span style=\"font-family: times new roman, times, serif; font-size: 10pt;\">07.06.1789<\/span><\/td>\n<td style=\"text-align: center; width: 12.1429%;\"><\/td>\n<td style=\"text-align: center; width: 11.6667%;\"><span style=\"font-family: times new roman, times, serif; font-size: 10pt;\">09.03.1791<\/span><\/td>\n<td style=\"text-align: center; width: 11.9048%;\"><span style=\"font-family: times new roman, times, serif; font-size: 10pt;\">11.03.1791<\/span><\/td>\n<td style=\"text-align: center; width: 8.33333%;\"><span style=\"font-family: times new roman, times, serif; font-size: 10pt;\">1,76<\/span><\/td>\n<td style=\"text-align: center; width: 6.78571%;\"><\/td>\n<\/tr>\n<tr>\n<td style=\"text-align: center; width: 6.07143%;\"><span style=\"font-family: times new roman, times, serif; font-size: 10pt;\">4<\/span><\/td>\n<td style=\"width: 19.1667%;\"><span style=\"font-family: times new roman, times, serif; font-size: 10pt;\">Johann Henrich<\/span><\/td>\n<td style=\"text-align: center; width: 12.2619%;\"><span style=\"font-family: times new roman, times, serif; font-size: 10pt;\">10.05.1792<\/span><\/td>\n<td style=\"text-align: center; width: 11.5476%;\"><span style=\"font-family: times new roman, times, serif; font-size: 10pt;\">13.05.1792<\/span><\/td>\n<td style=\"text-align: center; width: 12.1429%;\"><span style=\"font-family: times new roman, times, serif; font-size: 10pt;\">27.04.1806<\/span><\/td>\n<td style=\"text-align: center; width: 11.6667%;\"><\/td>\n<td style=\"text-align: center; width: 11.9048%;\"><\/td>\n<td style=\"text-align: center; width: 8.33333%;\"><\/td>\n<td style=\"text-align: center; width: 6.78571%;\"><\/td>\n<\/tr>\n<tr>\n<td style=\"text-align: center; width: 6.07143%;\"><span style=\"font-family: times new roman, times, serif; font-size: 10pt;\">5<\/span><\/td>\n<td style=\"width: 19.1667%;\"><span style=\"font-family: times new roman, times, serif; font-size: 10pt;\">Johann Wilhelm<\/span><\/td>\n<td style=\"text-align: center; width: 12.2619%;\"><span style=\"font-family: times new roman, times, serif; font-size: 10pt;\">16.09.1794<\/span><\/td>\n<td style=\"text-align: center; width: 11.5476%;\"><span style=\"font-family: times new roman, times, serif; font-size: 10pt;\">21.09.1794<\/span><\/td>\n<td style=\"text-align: center; width: 12.1429%;\"><\/td>\n<td style=\"text-align: center; width: 11.6667%;\"><\/td>\n<td style=\"text-align: center; width: 11.9048%;\"><\/td>\n<td style=\"text-align: center; width: 8.33333%;\"><\/td>\n<td style=\"text-align: center; width: 6.78571%;\"><\/td>\n<\/tr>\n<tr>\n<td style=\"text-align: center; width: 6.07143%;\"><span style=\"font-family: times new roman, times, serif; font-size: 10pt;\">6<\/span><\/td>\n<td style=\"width: 19.1667%;\"><span style=\"font-family: times new roman, times, serif; font-size: 10pt;\">Christina Philippina<\/span><\/td>\n<td style=\"text-align: center; width: 12.2619%;\"><span style=\"font-family: times new roman, times, serif; font-size: 10pt;\">06.05.1798<\/span><\/td>\n<td style=\"text-align: center; width: 11.5476%;\"><span style=\"font-family: times new roman, times, serif; font-size: 10pt;\">09.05.1798<\/span><\/td>\n<td style=\"text-align: center; width: 12.1429%;\"><span style=\"font-family: times new roman, times, serif; font-size: 10pt;\">12.04.1812<\/span><\/td>\n<td style=\"text-align: center; width: 11.6667%;\"><\/td>\n<td style=\"text-align: center; width: 11.9048%;\"><\/td>\n<td style=\"text-align: center; width: 8.33333%;\"><\/td>\n<td style=\"text-align: center; width: 6.78571%;\"><\/td>\n<\/tr>\n<\/tbody>\n<\/table>\n<p><span style=\"font-family: times new roman, times, serif; font-size: 10pt;\">Kind Nr. 1), 2) * Becheln; Kind Nr. 1) + Becheln; Kind Nr. 3) + Dornholzhausen<br \/>\nKind Nr. 3) \u2013 6) * Dornholzhausen<\/span><\/p>\n<p style=\"text-align: justify;\"><span style=\"font-family: times new roman, times, serif; font-size: 10pt;\"><strong>Paten: zu 1)<\/strong> <em>1) Johannes Henrich Berres von Buch; 2) Philip Daniel Alberti von Schweighau\u00dfen; 3) Anna Catharina, H[errn] Schulmeisters Alberti zu Schweighausen ehe[liche] Hausfrau <\/em>\u2014 <strong>zu 2) <\/strong><em>1) Philip Adam Alberti von Schweighau\u00dfen; 2) Henrich Peter Behres von Buch; 3) Maria Magdalena, Philip Wilhelm D\u00f6nges von Buch ehe[liche] Tochter <\/em>\u2014 <strong>zu 3) <\/strong><em>Cathar. Magdalena Vietorin geb[orene] Kr\u00f6ckin, pastoris uxor; und Anna Maria, des Johann Henrich Beres zu Buch Ehefrau, als des Kindes Grosmutter; wie auch Johann Daniel Ebenaum Schuldiener zu Marienfels <\/em>\u2014 <strong>zu 4) <\/strong><em>Henrich Philipp Heumann von Dornholzh.; Johann David Bernhardt von Buch; und Maria Magdalena, des Henrich Peter Beres zu Buch Ehefrau <\/em>\u2014 <strong>zu 5) <\/strong><em>Philipp Wilhelm Friedrich Vietor, theologi\u00e6 cultor auf der Universit\u00e4t Gie\u00dfen, pastoris filius; wie auch Joh. Henrich Haxel, Schultheis zu De\u00dfighoffen; und des Schneidermeisters Simon B\u00f6sch zu Nassau Eheliebste <\/em>\u2014 <strong>zu 6) <\/strong><em>Maria Christina, des Joh. Peter Schmidt dahier Tochter; wie auch Maria Philippina, des Philipp Wilhelm T\u00f6nges zu Buch Tochter; und Georg Philipp Mangold alhier<\/em><\/span><\/p>\n<hr \/>\n<p style=\"text-align: justify;\"><span style=\"font-family: times new roman, times, serif; font-size: 10pt;\"><span style=\"color: #ff0000;\"><strong><u><a id=\"allritz\"><\/a>Allritz<\/u><\/strong><strong>, Johann Georg:<\/strong> <\/span>herzogl. Schulthei\u00df; * 13.11.1772 Sulzbach; + 07.11.1858 Sulzbach; Eltern: Johann Justus Allritz und Maria Katharina; oo I. 07.04.1795 Dienethal mit Christian Elisabeth Haxel (* 22.02.1773 Dessighofen; + 16.03.1803 Sulzbach; Eltern: Johann Henrich Haxel und Anna Christina geb. Christ); oo II. 14.08.1803 Dienethal mit Maria Magdalena Schmidt aus Becheln (+ 10.12.1813 Sulzbach)<\/span><\/p>\n<p style=\"text-align: justify;\"><span style=\"font-family: times new roman, times, serif; font-size: 10pt;\"><strong>oo 30.11.1817 Dienethal<\/strong> mit <strong><u>Schmidt<\/u>, Maria Elisabeth:<\/strong> * 10.11.1771 Becheln; konf. 26.06.1785; + 14.01.1818 Sulzbach (bg. 16.01.); Eltern: Johann Andreas Schmidt und Christina Elisabeth geb. Heimann<\/span><\/p>\n<hr \/>\n<p><span style=\"font-family: times new roman, times, serif; font-size: 10pt;\"><span style=\"color: #ff0000;\"><strong><u><a id=\"amboss\"><\/a>Ambo\u00df<\/u><\/strong><strong>, Johann Martin:<\/strong> <\/span>Tambour von den hannoverischen Dragonern, in Becheln im Winterquartier; + 04.03.1704 Becheln, 30 Jahre alt (bg. 05.03.)<\/span><\/p>\n<hr \/>\n<p><span style=\"font-family: times new roman, times, serif; font-size: 10pt;\"><span style=\"color: #ff0000;\"><strong><u><a id=\"asmus\"><\/a>Asmus<\/u><\/strong><strong>, Johann Christoph:<\/strong> <\/span>+ 09.02.1684 Becheln, 36 Wochen alt (bg. 10.02.); Eltern: Johann Kaspar Asmus, Sergeant in der fuldischen Kompanie unter Hauptmann von Buttlar, und Dorothea Margaretha<\/span><\/p>\n<hr \/>\n<p style=\"text-align: justify;\"><span style=\"font-family: times new roman, times, serif; font-size: 10pt;\"><span style=\"color: #ff0000;\"><strong><a id=\"becker\"><\/a>Becker, Adam:<\/strong> <\/span>aus Schweighausen; + 16.10.1667 Becheln, <em>zu Becheln bey seinem Eidam Arnd Hahn, nachdem ihm unterwegens ein Bauholtz, so sie gef\u00fchrt, auff den Schenckel gefallen,<\/em> 66 Jahre alt (bg. 18.10.)<\/span><\/p>\n<p><span style=\"font-family: times new roman, times, serif; font-size: 10pt;\"><span style=\"color: #ff0000;\"><strong><u>Becker<\/u>, Anna Margaretha:<\/strong> <\/span>Tochter des Arnd Becker, gewesener Kuhhirt zu Becheln; oo 13.06.1680 mit Andreas Jakob Freund aus Becheln<\/span><\/p>\n<hr \/>\n<p><span style=\"font-family: times new roman, times, serif; font-size: 10pt;\"><span style=\"color: #ff0000;\"><strong><u><a id=\"bischof\"><\/a>Bischof<\/u><\/strong><strong>, Johann Christian:<\/strong> <\/span>1704 Kuhhirte in Becheln, 1698 wohl Kuhhirte in der D\u00f6rstheck (<em>Christ Bischoff<\/em>); als M\u00fcllersknecht in der Steegsm\u00fchle wohl Pate 24.05.1692 bei Johann Th\u00f6nges Gerhard in Berg (<em>Johann Christ Bischoff<\/em>)<\/span><\/p>\n<p><span style=\"font-family: times new roman, times, serif; font-size: 10pt;\"><strong>oo<\/strong> mit <strong>Elisabeth Judith: <\/strong>im KB Dornholzhausen 1698 \u201eElisabeth Juliana\u201c<\/span><\/p>\n<table style=\"width: 100%;\">\n<tbody>\n<tr>\n<td style=\"width: 5.35714%;\" width=\"22\"><span style=\"font-family: times new roman, times, serif; font-size: 10pt;\"><strong>Nr.<\/strong><\/span><\/td>\n<td style=\"width: 20.9524%;\" width=\"143\"><span style=\"font-family: times new roman, times, serif; font-size: 10pt;\"><strong>Vorname (normiert)<\/strong><\/span><\/td>\n<td style=\"width: 12.5%;\" width=\"78\"><span style=\"font-family: times new roman, times, serif; font-size: 10pt;\"><strong>geboren<\/strong><\/span><\/td>\n<td style=\"width: 12.0238%;\" width=\"74\"><span style=\"font-family: times new roman, times, serif; font-size: 10pt;\"><strong>getauft<\/strong><\/span><\/td>\n<td style=\"width: 11.3095%;\" width=\"69\"><span style=\"font-family: times new roman, times, serif; font-size: 10pt;\"><strong>konfirmiert<\/strong><\/span><\/td>\n<td style=\"width: 12.0238%;\" width=\"74\"><span style=\"font-family: times new roman, times, serif; font-size: 10pt;\"><strong>gestorben<\/strong><\/span><\/td>\n<td style=\"width: 10.4762%;\" width=\"63\"><span style=\"font-family: times new roman, times, serif; font-size: 10pt;\"><strong>begraben<\/strong><\/span><\/td>\n<td style=\"width: 7.97619%;\" width=\"44\"><span style=\"font-family: times new roman, times, serif; font-size: 10pt;\"><strong>Alter<\/strong><\/span><\/td>\n<td style=\"width: 7.38095%;\" width=\"40\"><span style=\"font-family: times new roman, times, serif; font-size: 10pt;\"><strong>Stand<\/strong><\/span><\/td>\n<\/tr>\n<tr>\n<td style=\"width: 5.35714%; text-align: center;\" width=\"22\"><span style=\"font-family: times new roman, times, serif; font-size: 10pt;\">1<\/span><\/td>\n<td style=\"width: 20.9524%;\" width=\"143\"><span style=\"font-family: times new roman, times, serif; font-size: 10pt;\">Maria Johannetta<\/span><\/td>\n<td style=\"width: 12.5%; text-align: center;\" width=\"78\"><span style=\"font-family: times new roman, times, serif; font-size: 10pt;\">02.01.1698<\/span><\/td>\n<td style=\"width: 12.0238%; text-align: center;\" width=\"74\"><span style=\"font-family: times new roman, times, serif; font-size: 10pt;\">05.01.1698<\/span><\/td>\n<td style=\"width: 11.3095%; text-align: center;\" width=\"69\"><\/td>\n<td style=\"width: 12.0238%; text-align: center;\" width=\"74\"><\/td>\n<td style=\"width: 10.4762%; text-align: center;\" width=\"63\"><\/td>\n<td style=\"width: 7.97619%; text-align: center;\" width=\"44\"><\/td>\n<td style=\"width: 7.38095%; text-align: center;\" width=\"40\"><\/td>\n<\/tr>\n<tr>\n<td style=\"width: 5.35714%; text-align: center;\" width=\"22\"><span style=\"font-family: times new roman, times, serif; font-size: 10pt;\">2<\/span><\/td>\n<td style=\"width: 20.9524%;\" width=\"143\"><span style=\"font-family: times new roman, times, serif; font-size: 10pt;\">Johann Henrich<\/span><\/td>\n<td style=\"width: 12.5%; text-align: center;\" width=\"78\"><span style=\"font-family: times new roman, times, serif; font-size: 10pt;\">17.02.1704<\/span><\/td>\n<td style=\"width: 12.0238%; text-align: center;\" width=\"74\"><span style=\"font-family: times new roman, times, serif; font-size: 10pt;\">24.02.1704<\/span><\/td>\n<td style=\"width: 11.3095%; text-align: center;\" width=\"69\"><\/td>\n<td style=\"width: 12.0238%; text-align: center;\" width=\"74\"><span style=\"font-family: times new roman, times, serif; font-size: 10pt;\">13.04.1704<\/span><\/td>\n<td style=\"width: 10.4762%; text-align: center;\" width=\"63\"><\/td>\n<td style=\"width: 7.97619%; text-align: center;\" width=\"44\"><span style=\"font-family: times new roman, times, serif; font-size: 10pt;\">0,15<\/span><\/td>\n<td style=\"width: 7.38095%; text-align: center;\" width=\"40\"><\/td>\n<\/tr>\n<\/tbody>\n<\/table>\n<p><span style=\"font-family: times new roman, times, serif; font-size: 10pt;\">Kind Nr. 1) * D\u00f6rstheck (Pfarrei Oberlahnstein, aber KB Dornholzhausen)<br \/>\nKind Nr. 2) * Becheln; + Becheln<\/span><\/p>\n<p style=\"text-align: justify;\"><span style=\"font-family: times new roman, times, serif; font-size: 10pt;\"><strong>Paten:<\/strong> <strong>zu 1)<\/strong> <em>Johann Peter Ackermann, Beysa\u00df zu Eberwie\u00df <\/em>[Oberwies]<em>, u. Maria Catharina, Peter Singoffens Tochter in der Rauschen M\u00fchl, u. Johannata, Johannesen Oberlohnsteinischen Hoffmans Tochter in der D\u00fcrstheck <\/em>\u2014 <strong>zu 2) <\/strong><em>Joh. T\u00f6nges, Hans T\u00f6nges Metzen Sohn; Johann Henrich, Joh. Bernhard Magers, Schulthei\u00dfen Sohn; v[nd] Anna Christina, Joh. Georg Metzen H[aus]fr[au]<\/em><\/span><\/p>\n<hr \/>\n<p><span style=\"font-family: times new roman, times, serif; font-size: 10pt;\"><span style=\"color: #ff0000;\"><strong><u><a id=\"blanski\"><\/a>Blanski<\/u><\/strong><strong>, Johann Peter:<\/strong> <\/span>+ 08.08.1770 Becheln<\/span><\/p>\n<p><span style=\"font-family: times new roman, times, serif; font-size: 10pt;\"><span style=\"color: #ff0000;\"><strong><u>Plantsky<\/u><\/strong><strong><em>, <\/em><\/strong><strong>Anna Maria:<\/strong> <\/span>aus Becheln; Patin 27.03.1772 bei illeg. Kind des Matth\u00e4us Saul und der Anna Margaretha Metz in Becheln<\/span><\/p>\n<hr \/>\n<p><span style=\"font-family: times new roman, times, serif; font-size: 10pt; color: #ff0000;\"><strong><u><a id=\"boerner\"><\/a>B\u00f6rner<\/u><\/strong><strong>, Johann Christoph<\/strong><\/span><\/p>\n<p><span style=\"font-family: times new roman, times, serif; font-size: 10pt;\"><strong>oo<\/strong> mit <strong>Gertrud<\/strong><\/span><\/p>\n<table style=\"width: 100%;\">\n<tbody>\n<tr>\n<td style=\"text-align: center; width: 5.47619%;\" width=\"22\"><span style=\"font-family: times new roman, times, serif; font-size: 10pt;\"><strong>Nr.<\/strong><\/span><\/td>\n<td style=\"width: 21.3095%;\" width=\"147\"><span style=\"font-family: times new roman, times, serif; font-size: 10pt;\"><strong>Vorname (normiert)<\/strong><\/span><\/td>\n<td style=\"text-align: center; width: 12.619%;\" width=\"79\"><span style=\"font-family: times new roman, times, serif; font-size: 10pt;\"><strong>geboren<\/strong><\/span><\/td>\n<td style=\"text-align: center; width: 12.0238%;\" width=\"74\"><span style=\"font-family: times new roman, times, serif; font-size: 10pt;\"><strong>getauft<\/strong><\/span><\/td>\n<td style=\"text-align: center; width: 11.3095%;\" width=\"69\"><span style=\"font-family: times new roman, times, serif; font-size: 10pt;\"><strong>konfirmiert<\/strong><\/span><\/td>\n<td style=\"text-align: center; width: 11.1905%;\" width=\"68\"><span style=\"font-family: times new roman, times, serif; font-size: 10pt;\"><strong>gestorben<\/strong><\/span><\/td>\n<td style=\"text-align: center; width: 10.7143%;\" width=\"65\"><span style=\"font-family: times new roman, times, serif; font-size: 10pt;\"><strong>begraben<\/strong><\/span><\/td>\n<td style=\"text-align: center; width: 7.61905%;\" width=\"42\"><span style=\"font-family: times new roman, times, serif; font-size: 10pt;\"><strong>Alter<\/strong><\/span><\/td>\n<td style=\"text-align: center; width: 7.5%;\" width=\"41\"><span style=\"font-family: times new roman, times, serif; font-size: 10pt;\"><strong>Stand<\/strong><\/span><\/td>\n<\/tr>\n<tr>\n<td style=\"text-align: center; width: 5.47619%;\" width=\"22\"><span style=\"font-family: times new roman, times, serif; font-size: 10pt;\">1<\/span><\/td>\n<td style=\"width: 21.3095%;\" width=\"147\"><span style=\"font-family: times new roman, times, serif; font-size: 10pt;\">Hedwig Christina<\/span><\/td>\n<td style=\"text-align: center; width: 12.619%;\" width=\"79\"><span style=\"font-family: times new roman, times, serif; font-size: 10pt;\">14.08.1685<\/span><\/td>\n<td style=\"text-align: center; width: 12.0238%;\" width=\"74\"><span style=\"font-family: times new roman, times, serif; font-size: 10pt;\">21.08.1685<\/span><\/td>\n<td style=\"text-align: center; width: 11.3095%;\" width=\"69\"><\/td>\n<td style=\"text-align: center; width: 11.1905%;\" width=\"68\"><\/td>\n<td style=\"text-align: center; width: 10.7143%;\" width=\"65\"><\/td>\n<td style=\"text-align: center; width: 7.61905%;\" width=\"42\"><\/td>\n<td style=\"text-align: center; width: 7.5%;\" width=\"41\"><\/td>\n<\/tr>\n<\/tbody>\n<\/table>\n<p style=\"text-align: justify;\"><span style=\"font-family: times new roman, times, serif; font-size: 10pt;\"><strong>Paten: <\/strong><em>M[eiste]r Johann Philipp M\u00fcller, Zim[m]erman zu Holtzhau\u00dfen; \u00fcber Afr[a] Christina, Hanns Th\u00f6nges Hoffmans se[lig] Wittib; und Hedwig Elisabeth Schugkin, des Pfarrers Tochter<\/em><\/span><\/p>\n<hr \/>\n<p><span style=\"font-family: times new roman, times, serif; font-size: 10pt;\"><span style=\"color: #ff0000;\"><strong><u><a id=\"born\"><\/a>Born<\/u><\/strong><strong>, Katharina:<\/strong> <\/span>von Nievern<\/span><\/p>\n<p><span style=\"font-family: times new roman, times, serif; font-size: 10pt;\"><strong>o-o<\/strong> mit <strong><u>Rosenbauer<\/u>, Johannes:<\/strong> vom <em>Pfaffenroder<\/em> Hof bei Hachenburg<\/span><\/p>\n<table style=\"width: 100%;\">\n<tbody>\n<tr>\n<td style=\"text-align: center; width: 5.35714%;\" width=\"22\"><span style=\"font-family: times new roman, times, serif; font-size: 10pt;\"><strong>Nr.<\/strong><\/span><\/td>\n<td style=\"width: 21.3095%;\" width=\"146\"><span style=\"font-family: times new roman, times, serif; font-size: 10pt;\"><strong>Vorname (normiert)<\/strong><\/span><\/td>\n<td style=\"text-align: center; width: 12.619%;\" width=\"79\"><span style=\"font-family: times new roman, times, serif; font-size: 10pt;\"><strong>geboren<\/strong><\/span><\/td>\n<td style=\"text-align: center; width: 12.0238%;\" width=\"74\"><span style=\"font-family: times new roman, times, serif; font-size: 10pt;\"><strong>getauft<\/strong><\/span><\/td>\n<td style=\"text-align: center; width: 11.3095%;\" width=\"69\"><span style=\"font-family: times new roman, times, serif; font-size: 10pt;\"><strong>konfirmiert<\/strong><\/span><\/td>\n<td style=\"text-align: center; width: 11.1905%;\" width=\"68\"><span style=\"font-family: times new roman, times, serif; font-size: 10pt;\"><strong>gestorben<\/strong><\/span><\/td>\n<td style=\"text-align: center; width: 10.8333%;\" width=\"65\"><span style=\"font-family: times new roman, times, serif; font-size: 10pt;\"><strong>begraben<\/strong><\/span><\/td>\n<td style=\"text-align: center; width: 7.7381%;\" width=\"42\"><span style=\"font-family: times new roman, times, serif; font-size: 10pt;\"><strong>Alter<\/strong><\/span><\/td>\n<td style=\"text-align: center; width: 7.5%;\" width=\"41\"><span style=\"font-family: times new roman, times, serif; font-size: 10pt;\"><strong>Stand<\/strong><\/span><\/td>\n<\/tr>\n<tr>\n<td style=\"text-align: center; width: 5.35714%;\" width=\"22\"><span style=\"font-family: times new roman, times, serif; font-size: 10pt;\">1<\/span><\/td>\n<td style=\"width: 21.3095%;\" width=\"146\"><span style=\"font-family: times new roman, times, serif; font-size: 10pt;\">Philipp David (illeg.)<\/span><\/td>\n<td style=\"text-align: center; width: 12.619%;\" width=\"79\"><span style=\"font-family: times new roman, times, serif; font-size: 10pt;\">22.05.1815<\/span><\/td>\n<td style=\"text-align: center; width: 12.0238%;\" width=\"74\"><span style=\"font-family: times new roman, times, serif; font-size: 10pt;\">24.05.1815<\/span><\/td>\n<td style=\"text-align: center; width: 11.3095%;\" width=\"69\"><\/td>\n<td style=\"text-align: center; width: 11.1905%;\" width=\"68\"><\/td>\n<td style=\"text-align: center; width: 10.8333%;\" width=\"65\"><\/td>\n<td style=\"text-align: center; width: 7.7381%;\" width=\"42\"><\/td>\n<td style=\"text-align: center; width: 7.5%;\" width=\"41\"><\/td>\n<\/tr>\n<\/tbody>\n<\/table>\n<p style=\"text-align: justify;\"><span style=\"font-family: times new roman, times, serif; font-size: 10pt;\">Eintragstext: <em>Den 22 abends May kam Katharina Bor&lt;n&gt; von Nievern mit einem Knaben nieder. Als Vater giebt sie an: Joh. Rosenbauer vom Pfaffenroder Hof bei Hachenburg. Den 24 ej[usdem] wurde es getauft, wobei Pathenstelle vertratt: 1) Phlp David Sexter; 2) Anna Maria Born, der Mutter Schwester<\/em><\/span><\/p>\n<hr \/>\n<p><span style=\"font-family: times new roman, times, serif; font-size: 10pt;\"><a id=\"brodt\"><\/a>Name im KB Niederbachheim auch <em>Prod<\/em>, vielleicht vom Ortsnamen Prath abgeleitet<\/span><\/p>\n<p style=\"text-align: justify;\"><span style=\"font-family: times new roman, times, serif; font-size: 10pt;\"><span style=\"color: #ff0000;\"><strong><u>Brodt<\/u><\/strong><strong>, Johann Adam:<\/strong> <\/span>* 01.04.1709 Kehlbach (gt. 07.04.); + 18.04.1756 Becheln (bg. 20.04.); Eltern: Georg Jakob Brodt (Sohn des Kaspar Brodt aus Bornich) und Anna Katharina geb. Kr\u00e4mer<\/span><\/p>\n<p style=\"text-align: justify;\"><span style=\"font-family: times new roman, times, serif; font-size: 10pt;\"><strong>oo 24.08.1733 Becheln<\/strong> mit <strong><u>Mager<\/u>, Maria Elisabeth:<\/strong> * 30.11.1714 Becheln (gt. 02.12.); konf. 11.04.1727;\u00a0 + 15.01.1763 Becheln, an Gelbsucht; Eltern: Johann Peter Mager und Maria Katharina geb. Haselbach; Sterbeeintrag: <em>A[nno] 1763, den 15ten Jan[uarii], Sambstags morgens um 7 Uhr, ist Maria Elisabetha, des Joh. Adams Brodts Wittib, des weyland Peter Magers u. Maria Cathar: gewesene ehe[liche] Tochter, so 11 Kinder erzeugt u. eine geraume Zeit in Wittwenstand gelebt, gestorben, da sie nur einige Tage gelegen, an der Gelbsucht, ma\u00dfen sie fest fertig mit ihrem Eidam im Streit gelebt, alt geworden 48 Jahr, 9 Monath. Ich hoffe und wenigstens w\u00fcnsche, da\u00df sie im Frieden sey. Text: Matt. V v[ersus] 9 \u201eSeelig sind die Friedfertigen, denn sie werden Gottes Kinder hei\u00dfen\u201c. Exord. \u2026 modis \u2026 \u2026 Sirach XXX, 26; Prov. 27, v[ersus] 4 und Jac. 1 v[ersus] 19, 20.<\/em><\/span><\/p>\n<table style=\"width: 100%;\">\n<tbody>\n<tr>\n<td style=\"text-align: center; width: 5.35714%;\" width=\"22\"><span style=\"font-family: times new roman, times, serif; font-size: 10pt;\"><strong>Nr.<\/strong><\/span><\/td>\n<td style=\"width: 19.881%;\" width=\"135\"><span style=\"font-family: times new roman, times, serif; font-size: 10pt;\"><strong>Vorname (normiert)<\/strong><\/span><\/td>\n<td style=\"text-align: center; width: 12.2619%;\" width=\"76\"><span style=\"font-family: times new roman, times, serif; font-size: 10pt;\"><strong>geboren<\/strong><\/span><\/td>\n<td style=\"text-align: center; width: 11.7857%;\" width=\"72\"><span style=\"font-family: times new roman, times, serif; font-size: 10pt;\"><strong>getauft<\/strong><\/span><\/td>\n<td style=\"text-align: center; width: 11.7857%;\" width=\"72\"><span style=\"font-family: times new roman, times, serif; font-size: 10pt;\"><strong>konfirmiert<\/strong><\/span><\/td>\n<td style=\"text-align: center; width: 11.7857%;\" width=\"72\"><span style=\"font-family: times new roman, times, serif; font-size: 10pt;\"><strong>gestorben<\/strong><\/span><\/td>\n<td style=\"text-align: center; width: 11.5476%;\" width=\"70\"><span style=\"font-family: times new roman, times, serif; font-size: 10pt;\"><strong>begraben<\/strong><\/span><\/td>\n<td style=\"text-align: center; width: 7.85714%;\" width=\"43\"><span style=\"font-family: times new roman, times, serif; font-size: 10pt;\"><strong>Alter<\/strong><\/span><\/td>\n<td style=\"text-align: center; width: 7.7381%;\" width=\"42\"><span style=\"font-family: times new roman, times, serif; font-size: 10pt;\"><strong>Stand<\/strong><\/span><\/td>\n<\/tr>\n<tr>\n<td style=\"text-align: center; width: 5.35714%;\" width=\"22\"><span style=\"font-family: times new roman, times, serif; font-size: 10pt;\">1<\/span><\/td>\n<td style=\"width: 19.881%;\" width=\"135\"><span style=\"font-family: times new roman, times, serif; font-size: 10pt;\">Georg Philipp<\/span><\/td>\n<td style=\"text-align: center; width: 12.2619%;\" width=\"76\"><span style=\"font-family: times new roman, times, serif; font-size: 10pt;\">16.03.1734<\/span><\/td>\n<td style=\"text-align: center; width: 11.7857%;\" width=\"72\"><span style=\"font-family: times new roman, times, serif; font-size: 10pt;\">21.03.1734<\/span><\/td>\n<td style=\"text-align: center; width: 11.7857%;\" width=\"72\"><\/td>\n<td style=\"text-align: center; width: 11.7857%;\" width=\"72\"><span style=\"font-family: times new roman, times, serif; font-size: 10pt;\">06.07.1734<\/span><\/td>\n<td style=\"text-align: center; width: 11.5476%;\" width=\"70\"><span style=\"font-family: times new roman, times, serif; font-size: 10pt;\">08.07.1734<\/span><\/td>\n<td style=\"text-align: center; width: 7.85714%;\" width=\"43\"><span style=\"font-family: times new roman, times, serif; font-size: 10pt;\">0,31<\/span><\/td>\n<td style=\"text-align: center; width: 7.7381%;\" width=\"42\"><\/td>\n<\/tr>\n<tr>\n<td style=\"text-align: center; width: 5.35714%;\"><span style=\"font-family: times new roman, times, serif; font-size: 10pt;\">2<\/span><\/td>\n<td style=\"width: 19.881%;\"><span style=\"font-family: times new roman, times, serif; font-size: 10pt;\">Anna Maria<\/span><\/td>\n<td style=\"text-align: center; width: 12.2619%;\"><span style=\"font-family: times new roman, times, serif; font-size: 10pt;\">21.08.1736<\/span><\/td>\n<td style=\"text-align: center; width: 11.7857%;\"><span style=\"font-family: times new roman, times, serif; font-size: 10pt;\">26.08.1736<\/span><\/td>\n<td style=\"text-align: center; width: 11.7857%;\"><span style=\"font-family: times new roman, times, serif; font-size: 10pt;\">30.05.1751<\/span><\/td>\n<td style=\"text-align: center; width: 11.7857%;\"><span style=\"font-family: times new roman, times, serif; font-size: 10pt;\">11.10.1784<\/span><\/td>\n<td style=\"text-align: center; width: 11.5476%;\"><span style=\"font-family: times new roman, times, serif; font-size: 10pt;\">13.10.1784<\/span><\/td>\n<td style=\"text-align: center; width: 7.85714%;\"><span style=\"font-family: times new roman, times, serif; font-size: 10pt;\">48,17<\/span><\/td>\n<td style=\"text-align: center; width: 7.7381%;\"><span style=\"font-family: times new roman, times, serif; font-size: 10pt;\">verh.<\/span><\/td>\n<\/tr>\n<tr>\n<td style=\"text-align: center; width: 5.35714%;\"><span style=\"font-family: times new roman, times, serif; font-size: 10pt;\">3<\/span><\/td>\n<td style=\"width: 19.881%;\"><span style=\"font-family: times new roman, times, serif; font-size: 10pt;\">Georg Philipp<\/span><\/td>\n<td style=\"text-align: center; width: 12.2619%;\"><span style=\"font-family: times new roman, times, serif; font-size: 10pt;\">30.11.1738<\/span><\/td>\n<td style=\"text-align: center; width: 11.7857%;\"><span style=\"font-family: times new roman, times, serif; font-size: 10pt;\">04.12.1738<\/span><\/td>\n<td style=\"text-align: center; width: 11.7857%;\"><\/td>\n<td style=\"text-align: center; width: 11.7857%;\"><span style=\"font-family: times new roman, times, serif; font-size: 10pt;\">07.05.1739<\/span><\/td>\n<td style=\"text-align: center; width: 11.5476%;\"><span style=\"font-family: times new roman, times, serif; font-size: 10pt;\">08.05.1739<\/span><\/td>\n<td style=\"text-align: center; width: 7.85714%;\"><span style=\"font-family: times new roman, times, serif; font-size: 10pt;\">0,43<\/span><\/td>\n<td style=\"text-align: center; width: 7.7381%;\"><\/td>\n<\/tr>\n<tr>\n<td style=\"text-align: center; width: 5.35714%;\"><span style=\"font-family: times new roman, times, serif; font-size: 10pt;\">4<\/span><\/td>\n<td style=\"width: 19.881%;\"><span style=\"font-family: times new roman, times, serif; font-size: 10pt;\">Johann Philipp<\/span><\/td>\n<td style=\"text-align: center; width: 12.2619%;\"><span style=\"font-family: times new roman, times, serif; font-size: 10pt;\">04.08.1740<\/span><\/td>\n<td style=\"text-align: center; width: 11.7857%;\"><span style=\"font-family: times new roman, times, serif; font-size: 10pt;\">07.08.1740<\/span><\/td>\n<td style=\"text-align: center; width: 11.7857%;\"><\/td>\n<td style=\"text-align: center; width: 11.7857%;\"><span style=\"font-family: times new roman, times, serif; font-size: 10pt;\">24.01.1743<\/span><\/td>\n<td style=\"text-align: center; width: 11.5476%;\"><span style=\"font-family: times new roman, times, serif; font-size: 10pt;\">25.01.1743<\/span><\/td>\n<td style=\"text-align: center; width: 7.85714%;\"><span style=\"font-family: times new roman, times, serif; font-size: 10pt;\">2,47<\/span><\/td>\n<td style=\"text-align: center; width: 7.7381%;\"><\/td>\n<\/tr>\n<tr>\n<td style=\"text-align: center; width: 5.35714%;\"><span style=\"font-family: times new roman, times, serif; font-size: 10pt;\">5<\/span><\/td>\n<td style=\"width: 19.881%;\"><span style=\"font-family: times new roman, times, serif; font-size: 10pt;\">Elisabeth Katharina<\/span><\/td>\n<td style=\"text-align: center; width: 12.2619%;\"><span style=\"font-family: times new roman, times, serif; font-size: 10pt;\">27.05.1743<\/span><\/td>\n<td style=\"text-align: center; width: 11.7857%;\"><span style=\"font-family: times new roman, times, serif; font-size: 10pt;\">31.05.1743<\/span><\/td>\n<td style=\"text-align: center; width: 11.7857%;\"><\/td>\n<td style=\"text-align: center; width: 11.7857%;\"><span style=\"font-family: times new roman, times, serif; font-size: 10pt;\">19.09.1743<\/span><\/td>\n<td style=\"text-align: center; width: 11.5476%;\"><span style=\"font-family: times new roman, times, serif; font-size: 10pt;\">21.09.1743<\/span><\/td>\n<td style=\"text-align: center; width: 7.85714%;\"><span style=\"font-family: times new roman, times, serif; font-size: 10pt;\">0,32<\/span><\/td>\n<td style=\"text-align: center; width: 7.7381%;\"><\/td>\n<\/tr>\n<tr>\n<td style=\"text-align: center; width: 5.35714%;\"><span style=\"font-family: times new roman, times, serif; font-size: 10pt;\">6<\/span><\/td>\n<td style=\"width: 19.881%;\"><span style=\"font-family: times new roman, times, serif; font-size: 10pt;\">Johann Adam<\/span><\/td>\n<td style=\"text-align: center; width: 12.2619%;\"><span style=\"font-family: times new roman, times, serif; font-size: 10pt;\">30.07.1744<\/span><\/td>\n<td style=\"text-align: center; width: 11.7857%;\"><span style=\"font-family: times new roman, times, serif; font-size: 10pt;\">02.08.1744<\/span><\/td>\n<td style=\"text-align: center; width: 11.7857%;\"><span style=\"font-family: times new roman, times, serif; font-size: 10pt;\">16.05.1758<\/span><\/td>\n<td style=\"text-align: center; width: 11.7857%;\"><\/td>\n<td style=\"text-align: center; width: 11.5476%;\"><\/td>\n<td style=\"text-align: center; width: 7.85714%;\"><\/td>\n<td style=\"text-align: center; width: 7.7381%;\"><\/td>\n<\/tr>\n<tr>\n<td style=\"text-align: center; width: 5.35714%;\"><span style=\"font-family: times new roman, times, serif; font-size: 10pt;\">7<\/span><\/td>\n<td style=\"width: 19.881%;\"><span style=\"font-family: times new roman, times, serif; font-size: 10pt;\">Johann Til (Diel)<\/span><\/td>\n<td style=\"text-align: center; width: 12.2619%;\"><\/td>\n<td style=\"text-align: center; width: 11.7857%;\"><span style=\"font-family: times new roman, times, serif; font-size: 10pt;\">29.09.1747<\/span><\/td>\n<td style=\"text-align: center; width: 11.7857%;\"><span style=\"font-family: times new roman, times, serif; font-size: 10pt;\">01.06.1762<\/span><\/td>\n<td style=\"text-align: center; width: 11.7857%;\"><\/td>\n<td style=\"text-align: center; width: 11.5476%;\"><\/td>\n<td style=\"text-align: center; width: 7.85714%;\"><\/td>\n<td style=\"text-align: center; width: 7.7381%;\"><\/td>\n<\/tr>\n<tr>\n<td style=\"text-align: center; width: 5.35714%;\"><span style=\"font-family: times new roman, times, serif; font-size: 10pt;\">8<\/span><\/td>\n<td style=\"width: 19.881%;\"><span style=\"font-family: times new roman, times, serif; font-size: 10pt;\">Maria Elisabeth<\/span><\/td>\n<td style=\"text-align: center; width: 12.2619%;\"><span style=\"font-family: times new roman, times, serif; font-size: 10pt;\">01.09.1750<\/span><\/td>\n<td style=\"text-align: center; width: 11.7857%;\"><span style=\"font-family: times new roman, times, serif; font-size: 10pt;\">06.09.1750<\/span><\/td>\n<td style=\"text-align: center; width: 11.7857%;\"><\/td>\n<td style=\"text-align: center; width: 11.7857%;\"><span style=\"font-family: times new roman, times, serif; font-size: 10pt;\">29.12.1753<\/span><\/td>\n<td style=\"text-align: center; width: 11.5476%;\"><span style=\"font-family: times new roman, times, serif; font-size: 10pt;\">31.12.1753<\/span><\/td>\n<td style=\"text-align: center; width: 7.85714%;\"><span style=\"font-family: times new roman, times, serif; font-size: 10pt;\">3,33<\/span><\/td>\n<td style=\"text-align: center; width: 7.7381%;\"><\/td>\n<\/tr>\n<tr>\n<td style=\"text-align: center; width: 5.35714%;\"><span style=\"font-family: times new roman, times, serif; font-size: 10pt;\">9<\/span><\/td>\n<td style=\"width: 19.881%;\"><span style=\"font-family: times new roman, times, serif; font-size: 10pt;\">Philipp Peter<\/span><\/td>\n<td style=\"text-align: center; width: 12.2619%;\"><span style=\"font-family: times new roman, times, serif; font-size: 10pt;\">15.03.1753<\/span><\/td>\n<td style=\"text-align: center; width: 11.7857%;\"><span style=\"font-family: times new roman, times, serif; font-size: 10pt;\">18.03.1753<\/span><\/td>\n<td style=\"text-align: center; width: 11.7857%;\"><span style=\"font-family: times new roman, times, serif; font-size: 10pt;\">24.04.1768<\/span><\/td>\n<td style=\"text-align: center; width: 11.7857%;\"><span style=\"font-family: times new roman, times, serif; font-size: 10pt;\">23.03.1771<\/span><\/td>\n<td style=\"text-align: center; width: 11.5476%;\"><\/td>\n<td style=\"text-align: center; width: 7.85714%;\"><span style=\"font-family: times new roman, times, serif; font-size: 10pt;\">18,03<\/span><\/td>\n<td style=\"text-align: center; width: 7.7381%;\"><span style=\"font-family: times new roman, times, serif; font-size: 10pt;\">ledig<\/span><\/td>\n<\/tr>\n<tr>\n<td style=\"text-align: center; width: 5.35714%;\"><span style=\"font-family: times new roman, times, serif; font-size: 10pt;\">10<\/span><\/td>\n<td style=\"width: 19.881%;\"><span style=\"font-family: times new roman, times, serif; font-size: 10pt;\">Maria Apollonia<\/span><\/td>\n<td style=\"text-align: center; width: 12.2619%;\"><span style=\"font-family: times new roman, times, serif; font-size: 10pt;\">18.04.1755<\/span><\/td>\n<td style=\"text-align: center; width: 11.7857%;\"><span style=\"font-family: times new roman, times, serif; font-size: 10pt;\">20.04.1755<\/span><\/td>\n<td style=\"text-align: center; width: 11.7857%;\"><\/td>\n<td style=\"text-align: center; width: 11.7857%;\"><span style=\"font-family: times new roman, times, serif; font-size: 10pt;\">04.05.1755<\/span><\/td>\n<td style=\"text-align: center; width: 11.5476%;\"><span style=\"font-family: times new roman, times, serif; font-size: 10pt;\">05.05.1755<\/span><\/td>\n<td style=\"text-align: center; width: 7.85714%;\"><span style=\"font-family: times new roman, times, serif; font-size: 10pt;\">0,04<\/span><\/td>\n<td style=\"text-align: center; width: 7.7381%;\"><\/td>\n<\/tr>\n<tr>\n<td style=\"text-align: center; width: 5.35714%;\"><span style=\"font-family: times new roman, times, serif; font-size: 10pt;\">11<\/span><\/td>\n<td style=\"width: 19.881%;\"><span style=\"font-family: times new roman, times, serif; font-size: 10pt;\">Maria Margaretha<\/span><\/td>\n<td style=\"text-align: center; width: 12.2619%;\"><\/td>\n<td style=\"text-align: center; width: 11.7857%;\"><span style=\"font-family: times new roman, times, serif; font-size: 10pt;\">23.05.1756<\/span><\/td>\n<td style=\"text-align: center; width: 11.7857%;\"><\/td>\n<td style=\"text-align: center; width: 11.7857%;\"><span style=\"font-family: times new roman, times, serif; font-size: 10pt;\">01.06.1756<\/span><\/td>\n<td style=\"text-align: center; width: 11.5476%;\"><span style=\"font-family: times new roman, times, serif; font-size: 10pt;\">02.06.1756<\/span><\/td>\n<td style=\"text-align: center; width: 7.85714%;\"><span style=\"font-family: times new roman, times, serif; font-size: 10pt;\">0,02<\/span><\/td>\n<td style=\"text-align: center; width: 7.7381%;\"><\/td>\n<\/tr>\n<\/tbody>\n<\/table>\n<p><span style=\"font-family: times new roman, times, serif; font-size: 10pt;\">Kind Nr. 2) oo 18.11.1760 Becheln mit Johann Philipp <em>Henn<\/em>, Schneidermeister aus Pissighofen (heute Hainau); Familie wohnt in Becheln (s. u. Hehn)<br \/>\nKind Nr. 4) + an einem Brustfieber<br \/>\nKind Nr. 8) + an Pocken<br \/>\nKind Nr. 9) mit Zusatz bei der Konf. \u201eerschrecklich dumm, nachl\u00e4ssig und gottlos\u201c<br \/>\nKind Nr. 10) + pl\u00f6tzlich<\/span><\/p>\n<p style=\"text-align: justify;\"><span style=\"font-family: times new roman, times, serif; font-size: 10pt;\"><strong>Paten:<\/strong> <strong>zu 1)<\/strong> <em>Maria Catharina, Philipps Rincker\u00df Hau\u00dffrau; Johann Georg Wohl, und Georg Philipps, Johann Gottfried Rincker\u00df, Schultheisen Sohn; alle von Becheln <\/em>\u2014 <strong>zu 2) <\/strong><em>Anna Margaretha, Johann Adam Lauxen von Kellbach Tochter; Maria Apolonia, Johann Peter G\u00f6then Tochter; und Johann Jacob Mager, matris frater <\/em>\u2014 <strong>zu 2) <\/strong><em>Georg Philipps Mager, Henrich Magers nachgela\u00dfener Sohn; Georg Philipps Hilchert von Nochern; Maria Kunigunda, matris soror <\/em>\u2014 <strong>zu 2) <\/strong><em>Johann Peter Wagener; Johann Philipps Ansel, Andre\u00df Ansels nachgela\u00dfener Sohn; Maria Christina, Johann Georg Wageners Tochter <\/em>\u2014 <strong>zu 2) <\/strong><em>Elisabetha Catharina, Henrich Kuntzen Tochter; Elisabetha Catharina, Joh[ann] Friederich Schmidts nachgela\u00dfene Tochter; Johann Jacob Wagener <\/em>\u2014 <strong>zu 2) <\/strong><em>Johann Adam Sommer, Henrich Sommer\u00df von Kellbach Sohn; Joh[ann] Adam Freund, Johannes Fre\u00fcnden se[lig] von Kellbach Sohn; und Maria Catharina, Velten Ansels von Fr\u00fccht nachgela\u00dfene Tochter <\/em>\u2014 <strong>zu 2) <\/strong><em>Peter \u00d6lperskirch von Schweigh[ausen]; Maria Cath[arina], [Chri]st Henr[ich] Kuns Frau von Daxenhau\u00dfen; Joh[ann] Diel Pfeiffer von Kelbach <\/em>\u2014 <strong>zu 2) <\/strong><em>Maria Margr. Magerin; Peter Kuntz; Diel An\u00dfels Frau Margr. Elis: aus Becheln <\/em>\u2014 <strong>zu 2) <\/strong><em>Mstr. Philipp Eckhardt; Peter Metz; Maria Cath: Thore\u00dfin <\/em>\u2014 <strong>zu 2) <\/strong><em>Philipp Emmerich Gemmer; u. Maria Apolonia, Peter Schmidts Frau; wie auch Anna Maria, Joh: Hau\u00dfers <\/em>[?]<em>, Hirtens zu Schw[eighausen] Tochter <\/em>\u2014 <strong>zu 2) <\/strong><em>Johann Fr[iedrich] Hau\u00dfen, des Hirten, Sohn v[on] Schw[eighausen], so bey Brodtin dienet; Maria [Chri]st[ina], Georg Wahls T[ochter]; u. Maria Margr: wey[land] Pet: Wahls T[ochter] aus B[echeln]<\/em><\/span><\/p>\n<hr \/>\n<p><span style=\"font-family: times new roman, times, serif; font-size: 10pt;\"><span style=\"color: #ff0000;\"><strong><u><a id=\"busch\"><\/a>Busch<\/u><\/strong><strong>, Andreas Wilhelm:<\/strong> <\/span>aus Nassau<\/span><\/p>\n<p style=\"text-align: justify;\"><span style=\"font-family: times new roman, times, serif; font-size: 10pt;\"><em>\u00a0<\/em><strong>prokl. 14.04., 21.04. und 28.04.1695<\/strong><strong> Becheln<\/strong> mit <strong><u>G\u00f6th<\/u>, Anna Christina:<\/strong> * 18.05.1673 Becheln (gt. 25.05.); konf. 17.04.1687; bg. 04.01.1725 Nassau; Eltern: Johannes G\u00f6th und Anna Maria geb. Freund<\/span><\/p>\n<hr \/>\n<p><span style=\"font-family: times new roman, times, serif; font-size: 10pt;\"><span style=\"color: #ff0000;\"><strong><u><a id=\"caffa\"><\/a>Caffa<\/u><\/strong><strong>, Johann Gottfried:<\/strong> <\/span>aus Dornholzhausen<\/span><\/p>\n<p style=\"text-align: justify;\"><span style=\"font-family: times new roman, times, serif; font-size: 10pt;\"><strong>o-o<\/strong> mit <strong><u>Stahl<\/u>, Anna Maria: <\/strong>* 04.05.1789 Becheln (gt. 06.05.); Eltern: Johann Anton Stahl und Christina Elisabeth geb. Kunz; oo 12.11.1820 Ems mit Johann Ludwig Brand, Bergmann zu Ems (* 22.11.1784 Neuwied; Eltern: Johann Jakob Brand, Tagel\u00f6hner zu Ems, und Henriette geb. N. N.; oo I. mit Gertrud geb. Neeb von K\u00f6nigszug [?] in der Pfalz (+ 20.02.1820))<\/span><\/p>\n<table style=\"width: 100%;\">\n<tbody>\n<tr>\n<td style=\"text-align: center; width: 5.11905%;\" width=\"22\"><span style=\"font-family: times new roman, times, serif; font-size: 10pt;\"><strong>Nr.<\/strong><\/span><\/td>\n<td style=\"width: 22.2619%;\" width=\"151\"><span style=\"font-family: times new roman, times, serif; font-size: 10pt;\"><strong>Vorname (normiert)<\/strong><\/span><\/td>\n<td style=\"text-align: center; width: 12.619%;\" width=\"79\"><span style=\"font-family: times new roman, times, serif; font-size: 10pt;\"><strong>geboren<\/strong><\/span><\/td>\n<td style=\"text-align: center; width: 12.0238%;\" width=\"74\"><span style=\"font-family: times new roman, times, serif; font-size: 10pt;\"><strong>getauft<\/strong><\/span><\/td>\n<td style=\"text-align: center; width: 11.3095%;\" width=\"69\"><span style=\"font-family: times new roman, times, serif; font-size: 10pt;\"><strong>konfirmiert<\/strong><\/span><\/td>\n<td style=\"text-align: center; width: 11.0714%;\" width=\"67\"><span style=\"font-family: times new roman, times, serif; font-size: 10pt;\"><strong>gestorben<\/strong><\/span><\/td>\n<td style=\"text-align: center; width: 10.5952%;\" width=\"64\"><span style=\"font-family: times new roman, times, serif; font-size: 10pt;\"><strong>begraben<\/strong><\/span><\/td>\n<td style=\"text-align: center; width: 7.5%;\" width=\"41\"><span style=\"font-family: times new roman, times, serif; font-size: 10pt;\"><strong>Alter<\/strong><\/span><\/td>\n<td style=\"text-align: center; width: 7.38095%;\" width=\"40\"><span style=\"font-family: times new roman, times, serif; font-size: 10pt;\"><strong>Stand<\/strong><\/span><\/td>\n<\/tr>\n<tr>\n<td style=\"text-align: center; width: 5.11905%;\" width=\"22\"><span style=\"font-family: times new roman, times, serif; font-size: 10pt;\">1<\/span><\/td>\n<td style=\"width: 22.2619%;\" width=\"151\"><span style=\"font-family: times new roman, times, serif; font-size: 10pt;\">Maria Kath.Wilhelmina<\/span><\/td>\n<td style=\"text-align: center; width: 12.619%;\" width=\"79\"><span style=\"font-family: times new roman, times, serif; font-size: 10pt;\">07.07.1813<\/span><\/td>\n<td style=\"text-align: center; width: 12.0238%;\" width=\"74\"><span style=\"font-family: times new roman, times, serif; font-size: 10pt;\">11.07.1813<\/span><\/td>\n<td style=\"text-align: center; width: 11.3095%;\" width=\"69\"><\/td>\n<td style=\"text-align: center; width: 11.0714%;\" width=\"67\"><\/td>\n<td style=\"text-align: center; width: 10.5952%;\" width=\"64\"><\/td>\n<td style=\"text-align: center; width: 7.5%;\" width=\"41\"><\/td>\n<td style=\"text-align: center; width: 7.38095%;\" width=\"40\"><\/td>\n<\/tr>\n<\/tbody>\n<\/table>\n<p style=\"text-align: justify;\"><span style=\"font-family: times new roman, times, serif; font-size: 10pt;\">Eintragstext: <em>Den 7ten [Juli] morgens 5 Uhr kam mit einem M\u00e4dchen nieder Anna Maria Stahlin. Als Vater gab sie an bei h[erzoglichem] Amte J. Gottfried Caffa von Dornholzhausen. Pathen sind 1) Joh. Gottfried Stark; 2) Maria Elisabetha Stahlin; und 3) Katharina Magdalena Wahlin, Joh. Phlp Wahls Ehefrau. Die Taufe erfolgte den 11ten July und der Name ist: Maria Katharina Wilhelmina<\/em><\/span><\/p>\n<hr \/>\n<p><span style=\"font-family: times new roman, times, serif; font-size: 10pt;\"><strong><span style=\"color: #ff0000;\"><u><a id=\"dahlheim\"><\/a>Dahlheim<\/u>, Michael:<\/span> <\/strong>nassau-diezisch leibeigen; ist nach dem EV 1648 40 Jahre alt (EV vom 17.11.1658: 50 Jahre) und hat 2 Ochsen, 1 Kuh, Schatzung: 389 fl. (EV vom 17.11.1658: 485 fl.)<\/span><\/p>\n<p><span style=\"font-family: times new roman, times, serif; font-size: 10pt;\"><strong>oo<\/strong> mit <strong>Christina:<\/strong> ist nach dem EV 1648 48 Jahre alt (EV vom 17.11.1658: 58 Jahre)<\/span><\/p>\n<table style=\"width: 100%;\">\n<tbody>\n<tr>\n<td style=\"text-align: center; width: 6.19048%;\" width=\"30\"><span style=\"font-family: times new roman, times, serif; font-size: 10pt;\"><strong>Nr.<\/strong><\/span><\/td>\n<td style=\"width: 20.5952%;\" width=\"138\"><span style=\"font-family: times new roman, times, serif; font-size: 10pt;\"><strong>Vorname (normiert)<\/strong><\/span><\/td>\n<td style=\"text-align: center; width: 11.1905%;\" width=\"68\"><span style=\"font-family: times new roman, times, serif; font-size: 10pt;\"><strong>geboren<\/strong><\/span><\/td>\n<td style=\"text-align: center; width: 12.5%;\" width=\"77\"><span style=\"font-family: times new roman, times, serif; font-size: 10pt;\"><strong>getauft<\/strong><\/span><\/td>\n<td style=\"text-align: center; width: 11.5476%;\" width=\"70\"><span style=\"font-family: times new roman, times, serif; font-size: 10pt;\"><strong>konfirmiert<\/strong><\/span><\/td>\n<td style=\"text-align: center; width: 11.5476%;\" width=\"70\"><span style=\"font-family: times new roman, times, serif; font-size: 10pt;\"><strong>gestorben<\/strong><\/span><\/td>\n<td style=\"text-align: center; width: 11.1905%;\" width=\"68\"><span style=\"font-family: times new roman, times, serif; font-size: 10pt;\"><strong>begraben<\/strong><\/span><\/td>\n<td style=\"text-align: center; width: 7.14286%;\" width=\"38\"><span style=\"font-family: times new roman, times, serif; font-size: 10pt;\"><strong>Alter<\/strong><\/span><\/td>\n<td style=\"text-align: center; width: 7.97619%;\" width=\"44\"><span style=\"font-family: times new roman, times, serif; font-size: 10pt;\"><strong>Stand<\/strong><\/span><\/td>\n<\/tr>\n<tr>\n<td style=\"text-align: center; width: 6.19048%;\" width=\"30\"><span style=\"font-family: times new roman, times, serif; font-size: 10pt;\">1<\/span><\/td>\n<td style=\"width: 20.5952%;\" width=\"138\"><span style=\"font-family: times new roman, times, serif; font-size: 10pt;\">Margaretha<\/span><\/td>\n<td style=\"text-align: center; width: 11.1905%;\" width=\"68\"><span style=\"font-family: times new roman, times, serif; font-size: 10pt;\">ca. 1632<\/span><\/td>\n<td style=\"text-align: center; width: 12.5%;\" width=\"77\"><span style=\"font-family: times new roman, times, serif; font-size: 10pt;\"><strong>\u00a0<\/strong><\/span><\/td>\n<td style=\"text-align: center; width: 11.5476%;\" width=\"70\"><span style=\"font-family: times new roman, times, serif; font-size: 10pt;\"><strong>\u00a0<\/strong><\/span><\/td>\n<td style=\"text-align: center; width: 11.5476%;\" width=\"70\"><span style=\"font-family: times new roman, times, serif; font-size: 10pt;\"><strong>\u00a0<\/strong><\/span><\/td>\n<td style=\"text-align: center; width: 11.1905%;\" width=\"68\"><span style=\"font-family: times new roman, times, serif; font-size: 10pt;\"><strong>\u00a0<\/strong><\/span><\/td>\n<td style=\"text-align: center; width: 7.14286%;\" width=\"38\"><span style=\"font-family: times new roman, times, serif; font-size: 10pt;\"><strong>\u00a0<\/strong><\/span><\/td>\n<td style=\"text-align: center; width: 7.97619%;\" width=\"44\"><\/td>\n<\/tr>\n<\/tbody>\n<\/table>\n<p><span style=\"font-family: times new roman, times, serif; font-size: 10pt;\">Kind Nr. 1) ist nach dem EV 1648 16 Jahre alt; fehlt in EV vom 17.11.1658<\/span><\/p>\n<hr \/>\n<p><span style=\"font-family: times new roman, times, serif; font-size: 10pt;\"><span style=\"color: #ff0000;\"><strong><u><a id=\"demme\"><\/a>Demme<\/u><\/strong><strong>, Johann Sebald: <\/strong><\/span>Musketier unter dem Regiment des Brigadier von Krug [meint evtl. die Krug von Nidda]<\/span><\/p>\n<p><span style=\"font-family: times new roman, times, serif; font-size: 10pt;\"><strong>oo<\/strong> mit <strong><u>Dittmar<\/u>, Katharina Dorothea<\/strong><\/span><\/p>\n<table style=\"width: 100%;\">\n<tbody>\n<tr>\n<td style=\"text-align: center; width: 5.2381%;\" width=\"22\"><span style=\"font-family: times new roman, times, serif; font-size: 10pt;\"><strong>Nr.<\/strong><\/span><\/td>\n<td style=\"width: 21.5476%;\" width=\"147\"><span style=\"font-family: times new roman, times, serif; font-size: 10pt;\"><strong>Vorname (normiert)<\/strong><\/span><\/td>\n<td style=\"text-align: center; width: 12.619%;\" width=\"79\"><span style=\"font-family: times new roman, times, serif; font-size: 10pt;\"><strong>geboren<\/strong><\/span><\/td>\n<td style=\"text-align: center; width: 12.0238%;\" width=\"74\"><span style=\"font-family: times new roman, times, serif; font-size: 10pt;\"><strong>getauft<\/strong><\/span><\/td>\n<td style=\"text-align: center; width: 11.3095%;\" width=\"69\"><span style=\"font-family: times new roman, times, serif; font-size: 10pt;\"><strong>konfirmiert<\/strong><\/span><\/td>\n<td style=\"text-align: center; width: 11.1905%;\" width=\"68\"><span style=\"font-family: times new roman, times, serif; font-size: 10pt;\"><strong>gestorben<\/strong><\/span><\/td>\n<td style=\"text-align: center; width: 10.7143%;\" width=\"65\"><span style=\"font-family: times new roman, times, serif; font-size: 10pt;\"><strong>begraben<\/strong><\/span><\/td>\n<td style=\"text-align: center; width: 7.61905%;\" width=\"42\"><span style=\"font-family: times new roman, times, serif; font-size: 10pt;\"><strong>Alter<\/strong><\/span><\/td>\n<td style=\"text-align: center; width: 7.5%;\" width=\"41\"><span style=\"font-family: times new roman, times, serif; font-size: 10pt;\"><strong>Stand<\/strong><\/span><\/td>\n<\/tr>\n<tr>\n<td style=\"text-align: center; width: 5.2381%;\" width=\"22\"><span style=\"font-family: times new roman, times, serif; font-size: 10pt;\">1<\/span><\/td>\n<td style=\"width: 21.5476%;\" width=\"147\"><span style=\"font-family: times new roman, times, serif; font-size: 10pt;\">Johann Gottfried<\/span><\/td>\n<td style=\"text-align: center; width: 12.619%;\" width=\"79\"><span style=\"font-family: times new roman, times, serif; font-size: 10pt;\">22.01.1746<\/span><\/td>\n<td style=\"text-align: center; width: 12.0238%;\" width=\"74\"><span style=\"font-family: times new roman, times, serif; font-size: 10pt;\">23.01.1746<\/span><\/td>\n<td style=\"text-align: center; width: 11.3095%;\" width=\"69\"><\/td>\n<td style=\"text-align: center; width: 11.1905%;\" width=\"68\"><\/td>\n<td style=\"text-align: center; width: 10.7143%;\" width=\"65\"><\/td>\n<td style=\"text-align: center; width: 7.61905%;\" width=\"42\"><\/td>\n<td style=\"text-align: center; width: 7.5%;\" width=\"41\"><\/td>\n<\/tr>\n<\/tbody>\n<\/table>\n<p><span style=\"font-family: times new roman, times, serif; font-size: 10pt;\"><strong>Paten:<\/strong> <em>Johann Georg Dittmar, Mu\u00dfquetier, matris frater<\/em><\/span><\/p>\n<hr \/>\n<p><span style=\"font-family: times new roman, times, serif; font-size: 10pt;\"><span style=\"color: #ff0000;\"><strong><u><a id=\"dentzer\"><\/a>Dentzer<\/u><\/strong><strong>, Anna Eva:<\/strong> <\/span>von Obertiefenbach<\/span><\/p>\n<p><span style=\"font-family: times new roman, times, serif; font-size: 10pt;\"><strong>o-o<\/strong> mit <strong>N. N.<\/strong><\/span><\/p>\n<table style=\"width: 100%;\">\n<tbody>\n<tr>\n<td style=\"text-align: center; width: 5.35715%;\" width=\"22\"><span style=\"font-family: times new roman, times, serif; font-size: 10pt;\"><strong>Nr.<\/strong><\/span><\/td>\n<td style=\"width: 21.3095%;\" width=\"146\"><span style=\"font-family: times new roman, times, serif; font-size: 10pt;\"><strong>Vorname (normiert)<\/strong><\/span><\/td>\n<td style=\"text-align: center; width: 12.619%;\" width=\"79\"><span style=\"font-family: times new roman, times, serif; font-size: 10pt;\"><strong>geboren<\/strong><\/span><\/td>\n<td style=\"text-align: center; width: 12.0238%;\" width=\"74\"><span style=\"font-family: times new roman, times, serif; font-size: 10pt;\"><strong>getauft<\/strong><\/span><\/td>\n<td style=\"text-align: center; width: 11.3095%;\" width=\"69\"><span style=\"font-family: times new roman, times, serif; font-size: 10pt;\"><strong>konfirmiert<\/strong><\/span><\/td>\n<td style=\"text-align: center; width: 11.1905%;\" width=\"68\"><span style=\"font-family: times new roman, times, serif; font-size: 10pt;\"><strong>gestorben<\/strong><\/span><\/td>\n<td style=\"text-align: center; width: 10.8333%;\" width=\"65\"><span style=\"font-family: times new roman, times, serif; font-size: 10pt;\"><strong>begraben<\/strong><\/span><\/td>\n<td style=\"text-align: center; width: 7.7381%;\" width=\"42\"><span style=\"font-family: times new roman, times, serif; font-size: 10pt;\"><strong>Alter<\/strong><\/span><\/td>\n<td style=\"text-align: center; width: 7.5%;\" width=\"41\"><span style=\"font-family: times new roman, times, serif; font-size: 10pt;\"><strong>Stand<\/strong><\/span><\/td>\n<\/tr>\n<tr>\n<td style=\"text-align: center; width: 5.35715%;\" width=\"22\"><span style=\"font-family: times new roman, times, serif; font-size: 10pt;\">1<\/span><\/td>\n<td style=\"width: 21.3095%;\" width=\"146\"><span style=\"font-family: times new roman, times, serif; font-size: 10pt;\">Georg Philipp (illeg.)<\/span><\/td>\n<td style=\"text-align: center; width: 12.619%;\" width=\"79\"><span style=\"font-family: times new roman, times, serif; font-size: 10pt;\">21.10.1777<\/span><\/td>\n<td style=\"text-align: center; width: 12.0238%;\" width=\"74\"><span style=\"font-family: times new roman, times, serif; font-size: 10pt;\">22.10.1777<\/span><\/td>\n<td style=\"text-align: center; width: 11.3095%;\" width=\"69\"><\/td>\n<td style=\"text-align: center; width: 11.1905%;\" width=\"68\"><\/td>\n<td style=\"text-align: center; width: 10.8333%;\" width=\"65\"><\/td>\n<td style=\"text-align: center; width: 7.7381%;\" width=\"42\"><\/td>\n<td style=\"text-align: center; width: 7.5%;\" width=\"41\"><\/td>\n<\/tr>\n<\/tbody>\n<\/table>\n<p style=\"text-align: justify;\"><span style=\"font-family: times new roman, times, serif; font-size: 10pt;\"><strong>Paten:<\/strong> <em>1) Johann Philipp Hehn aus Bechlen; 2) Johan Georg Gilbert, catholischer Mahnenmacher; 3) Maria Catharina Johan David Veldentzens Ehefrau aus Bechlen, papist.<\/em><\/span><\/p>\n<hr \/>\n<p><span style=\"font-family: times new roman, times, serif; font-size: 10pt;\"><strong><span style=\"color: #ff0000;\"><span style=\"text-decoration: underline;\"><a id=\"dillenberger\"><\/a>Dillenberger<\/span>, Johann Georg:<\/span> <\/strong>Sohn des Johannes Dillenberger, weiland Kirchensenior in Niederwallmenach<\/span><\/p>\n<p style=\"text-align: justify;\"><span style=\"font-family: times new roman, times, serif; font-size: 10pt;\"><strong>prokl. 21.07. und 28.07.1695 Becheln<\/strong> (nach erhaltenem Amtskonsens), oo Oberwallmenach <em>absq[ue] testimonio et q[ui]dem ante tertiam proclamationem <\/em>mit <strong><u>Mager<\/u>, Anna Katharina:<\/strong> Tochter des Johann Georg Mager, Kirchensenior in Becheln<\/span><\/p>\n<p><span style=\"font-family: times new roman, times, serif; font-size: 10pt;\">Familie wohnt in Niederwallmenach (ab 1722 eigene Pfarrei, vorher Pfarrei Oberwallmenach)<\/span><\/p>\n<p><span style=\"font-family: times new roman, times, serif; font-size: 10pt;\"><span style=\"color: #ff0000;\"><strong><u>Dillenberger<\/u><\/strong><strong>, Anna Maria:<\/strong> <\/span>+ 29.01.1814 Becheln; T\u00f6chterchen des Maurermeisters Johann Georg Dillenberger zu Braubach; * 13.01.1814 Braubach<\/span><\/p>\n<hr \/>\n<p><span style=\"font-family: times new roman, times, serif; font-size: 10pt;\"><span style=\"color: #ff0000;\"><strong><u><a id=\"drach\"><\/a>Drach<\/u><\/strong><\/span><strong><span style=\"color: #ff0000;\">, Johann Georg:<\/span> <\/strong>evtl. Sohn des Johann Christoph Drach, Amtsverweser in Braubach<\/span><\/p>\n<p><span style=\"font-family: times new roman, times, serif; font-size: 10pt;\"><strong>o-o<\/strong> mit <strong><u>Wagner<\/u>, Margaretha Elisabeth<\/strong><\/span><\/p>\n<table style=\"width: 100%;\">\n<tbody>\n<tr>\n<td style=\"text-align: center; width: 5.47619%;\" width=\"22\"><span style=\"font-family: times new roman, times, serif; font-size: 10pt;\"><strong>Nr.<\/strong><\/span><\/td>\n<td style=\"width: 21.1905%;\" width=\"146\"><span style=\"font-family: times new roman, times, serif; font-size: 10pt;\"><strong>Vorname (normiert)<\/strong><\/span><\/td>\n<td style=\"text-align: center; width: 12.619%;\" width=\"79\"><span style=\"font-family: times new roman, times, serif; font-size: 10pt;\"><strong>geboren<\/strong><\/span><\/td>\n<td style=\"text-align: center; width: 12.0238%;\" width=\"74\"><span style=\"font-family: times new roman, times, serif; font-size: 10pt;\"><strong>getauft<\/strong><\/span><\/td>\n<td style=\"text-align: center; width: 11.3095%;\" width=\"69\"><span style=\"font-family: times new roman, times, serif; font-size: 10pt;\"><strong>konfirmiert<\/strong><\/span><\/td>\n<td style=\"text-align: center; width: 11.1905%;\" width=\"68\"><span style=\"font-family: times new roman, times, serif; font-size: 10pt;\"><strong>gestorben<\/strong><\/span><\/td>\n<td style=\"text-align: center; width: 10.8333%;\" width=\"65\"><span style=\"font-family: times new roman, times, serif; font-size: 10pt;\"><strong>begraben<\/strong><\/span><\/td>\n<td style=\"text-align: center; width: 7.7381%;\" width=\"42\"><span style=\"font-family: times new roman, times, serif; font-size: 10pt;\"><strong>Alter<\/strong><\/span><\/td>\n<td style=\"text-align: center; width: 7.5%;\" width=\"41\"><span style=\"font-family: times new roman, times, serif; font-size: 10pt;\"><strong>Stand<\/strong><\/span><\/td>\n<\/tr>\n<tr>\n<td style=\"text-align: center; width: 5.47619%;\" width=\"22\"><span style=\"font-family: times new roman, times, serif; font-size: 10pt;\">1<\/span><\/td>\n<td style=\"width: 21.1905%;\" width=\"146\"><span style=\"font-family: times new roman, times, serif; font-size: 10pt;\">Georg Andreas (illeg.)<\/span><\/td>\n<td style=\"text-align: center; width: 12.619%;\" width=\"79\"><span style=\"font-family: times new roman, times, serif; font-size: 10pt;\">20.11.1739<\/span><\/td>\n<td style=\"text-align: center; width: 12.0238%;\" width=\"74\"><span style=\"font-family: times new roman, times, serif; font-size: 10pt;\">22.11.1739<\/span><\/td>\n<td style=\"text-align: center; width: 11.3095%;\" width=\"69\"><\/td>\n<td style=\"text-align: center; width: 11.1905%;\" width=\"68\"><\/td>\n<td style=\"text-align: center; width: 10.8333%;\" width=\"65\"><\/td>\n<td style=\"text-align: center; width: 7.7381%;\" width=\"42\"><\/td>\n<td style=\"text-align: center; width: 7.5%;\" width=\"41\"><\/td>\n<\/tr>\n<\/tbody>\n<\/table>\n<p><span style=\"font-family: times new roman, times, serif; font-size: 10pt;\"><strong>Paten: <\/strong><em>Georg Philipps Werner; Andreas Thores, Hoffmann in Becheln; Anna Juliana Bernhammerin <\/em>[wohl von Braubach]<\/span><\/p>\n<hr \/>\n<p style=\"text-align: justify;\"><span style=\"font-family: times new roman, times, serif; font-size: 10pt;\"><span style=\"color: #ff0000;\"><strong><a id=\"emmel\"><\/a>Emmel, Charlotta:<\/strong> <\/span>aus Nassau; + 23.11.1810 Becheln; Eintragstext: <em>Den 23ten Nvbr wurde eine Weibsperson von Nassau, welche betteln gieng, mit Namen Charlotta Emmelin, halb tod auf der Bechler Gemarkung gefunden, nach Becheln gebracht, wo sie starb u. nach von Amt befohlener chirurgischen Untersuchung als nat\u00fcrlich gestorben begraben.<\/em><\/span><\/p>\n<hr \/>\n<p><span style=\"font-family: times new roman, times, serif; font-size: 10pt;\"><span style=\"color: #ff0000;\"><strong><u><a id=\"ewald\"><\/a>E(he)wald<\/u><\/strong><strong>, Johann Anton:<\/strong> <\/span>* 26.07.1751 Fr\u00fccht (gt. 28.07.); konf. 04.04.1765; Eltern: Johann Peter Ehewald\/Ewald und Maria Katharina geb. Ottersbach<\/span><\/p>\n<p><span style=\"font-family: times new roman, times, serif; font-size: 10pt;\"><strong>oo 25.10.1774 Fr\u00fccht<\/strong> mit <strong><u>Schmidt<\/u>, Maria Magdalena:<\/strong> * 07.05.1752 Becheln (gt. 09.05.); Eltern: Anton Schmidt und Maria Katharina<\/span><\/p>\n<table style=\"width: 100%;\">\n<tbody>\n<tr>\n<td style=\"text-align: center; width: 6.42857%;\" width=\"30\"><span style=\"font-family: times new roman, times, serif; font-size: 10pt;\"><strong>Nr.<\/strong><\/span><\/td>\n<td style=\"width: 22.1429%;\" width=\"147\"><span style=\"font-family: times new roman, times, serif; font-size: 10pt;\"><strong>Vorname (normiert)<\/strong><\/span><\/td>\n<td style=\"text-align: center; width: 10.5952%;\" width=\"62\"><span style=\"font-family: times new roman, times, serif; font-size: 10pt;\"><strong>geboren<\/strong><\/span><\/td>\n<td style=\"text-align: center; width: 11.3095%;\" width=\"67\"><span style=\"font-family: times new roman, times, serif; font-size: 10pt;\"><strong>getauft<\/strong><\/span><\/td>\n<td style=\"text-align: center; width: 12.0238%;\" width=\"72\"><span style=\"font-family: times new roman, times, serif; font-size: 10pt;\"><strong>konfirmiert<\/strong><\/span><\/td>\n<td style=\"text-align: center; width: 10.8333%;\" width=\"63\"><span style=\"font-family: times new roman, times, serif; font-size: 10pt;\"><strong>gestorben<\/strong><\/span><\/td>\n<td style=\"text-align: center; width: 10.9524%;\" width=\"64\"><span style=\"font-family: times new roman, times, serif; font-size: 10pt;\"><strong>begraben<\/strong><\/span><\/td>\n<td style=\"text-align: center; width: 7.61905%;\" width=\"40\"><span style=\"font-family: times new roman, times, serif; font-size: 10pt;\"><strong>Alter<\/strong><\/span><\/td>\n<td style=\"text-align: center; width: 7.85714%;\" width=\"42\"><span style=\"font-family: times new roman, times, serif; font-size: 10pt;\"><strong>Stand<\/strong><\/span><\/td>\n<\/tr>\n<tr>\n<td style=\"text-align: center; width: 6.42857%;\" width=\"30\"><span style=\"font-family: times new roman, times, serif; font-size: 10pt;\">1<\/span><\/td>\n<td style=\"width: 22.1429%;\" width=\"147\"><span style=\"font-family: times new roman, times, serif; font-size: 10pt;\">Maria Elisabeth<\/span><\/td>\n<td style=\"text-align: center; width: 10.5952%;\" width=\"62\"><span style=\"font-family: times new roman, times, serif; font-size: 10pt;\">15.08.1778<\/span><\/td>\n<td style=\"text-align: center; width: 11.3095%;\" width=\"67\"><span style=\"font-family: times new roman, times, serif; font-size: 10pt;\">19.08.1778<\/span><\/td>\n<td style=\"text-align: center; width: 12.0238%;\" width=\"72\"><\/td>\n<td style=\"text-align: center; width: 10.8333%;\" width=\"63\"><\/td>\n<td style=\"text-align: center; width: 10.9524%;\" width=\"64\"><\/td>\n<td style=\"text-align: center; width: 7.61905%;\" width=\"40\"><\/td>\n<td style=\"text-align: center; width: 7.85714%;\" width=\"42\"><\/td>\n<\/tr>\n<\/tbody>\n<\/table>\n<p style=\"text-align: justify;\"><span style=\"font-family: times new roman, times, serif; font-size: 10pt;\"><strong>Paten: <\/strong><em>1) Johann Philipp R\u00f6hrig; 2) Maria Elisabetha, Johann Peter Mangolds Hausfrau von hier; und 3) Maria Elisabetha, Johann Anton Schmidts, hochf\u00fcrst[lich] nassauischen Schulthei\u00dfen in Becheln Hausfrau<\/em><\/span><\/p>\n<p><span style=\"font-family: times new roman, times, serif; font-size: 10pt;\">Diese Familie wandert 1780 nach D\u00e4nemark aus (Frese\/Schaback: Fr\u00fccht, S. 129)<\/span><\/p>\n<hr \/>\n<p><span style=\"font-size: 10pt; font-family: times new roman, times, serif;\"><b>Letztes Update: 8. Juni 2024<\/b><\/span><br \/>\n<span style=\"font-size: 10pt; font-family: times new roman, times, serif;\"><b>Ralph Jackmuth<\/b><\/span><\/p>\n","protected":false},"excerpt":{"rendered":"<p>Alberti, Johann Friedrich: Schuldiener in Becheln, dann in Dornholzhausen; * 19.10.1753 Schweighausen (gt. 25.10.); konf. 24.04.1768; + 09.02.1814 Dornholzhausen (bg. 11.02.); Eltern: Georg Christian Alberti, Schulmeister in Schweighausen, und Anna Katharina Henriette oo I. 27.12.1776 Becheln mit Steinborn geb. Gerhard, Elisabeth Katharina: * 18.05.1750 Becheln (gt. 24.05.); + 20.10.1777 Becheln, im Kindbett (bg. 22.10.); Eltern: &hellip; <a href=\"https:\/\/www.ahnenforschung-jackmuth.de\/?page_id=11614\" class=\"more-link\"><span class=\"screen-reader-text\">\u201eOFB Becheln &#8211; A-E\u201c<\/span> weiterlesen<\/a><\/p>\n","protected":false},"author":1,"featured_media":0,"parent":0,"menu_order":0,"comment_status":"closed","ping_status":"closed","template":"","meta":{"footnotes":""},"class_list":["post-11614","page","type-page","status-publish","hentry"],"_links":{"self":[{"href":"https:\/\/www.ahnenforschung-jackmuth.de\/index.php?rest_route=\/wp\/v2\/pages\/11614","targetHints":{"allow":["GET"]}}],"collection":[{"href":"https:\/\/www.ahnenforschung-jackmuth.de\/index.php?rest_route=\/wp\/v2\/pages"}],"about":[{"href":"https:\/\/www.ahnenforschung-jackmuth.de\/index.php?rest_route=\/wp\/v2\/types\/page"}],"author":[{"embeddable":true,"href":"https:\/\/www.ahnenforschung-jackmuth.de\/index.php?rest_route=\/wp\/v2\/users\/1"}],"replies":[{"embeddable":true,"href":"https:\/\/www.ahnenforschung-jackmuth.de\/index.php?rest_route=%2Fwp%2Fv2%2Fcomments&post=11614"}],"version-history":[{"count":0,"href":"https:\/\/www.ahnenforschung-jackmuth.de\/index.php?rest_route=\/wp\/v2\/pages\/11614\/revisions"}],"wp:attachment":[{"href":"https:\/\/www.ahnenforschung-jackmuth.de\/index.php?rest_route=%2Fwp%2Fv2%2Fmedia&parent=11614"}],"curies":[{"name":"wp","href":"https:\/\/api.w.org\/{rel}","templated":true}]}}