{"id":11576,"date":"2024-06-05T13:29:47","date_gmt":"2024-06-05T13:29:47","guid":{"rendered":"https:\/\/www.ahnenforschung-jackmuth.de\/?page_id=11576"},"modified":"2024-06-05T13:30:11","modified_gmt":"2024-06-05T13:30:11","slug":"ofb-becheln-adler","status":"publish","type":"page","link":"https:\/\/www.ahnenforschung-jackmuth.de\/?page_id=11576","title":{"rendered":"OFB Becheln &#8211; Adler"},"content":{"rendered":"<p style=\"text-align: justify;\"><span style=\"font-family: 'times new roman', times, serif; font-size: 10pt;\"><span style=\"color: #ff0000;\"><strong><u>Leinweber genannt Adler<\/u><\/strong><strong>, Jost:<\/strong><\/span> kath.; steinischer Hofmann zu Becheln (1669 in Niederbachheim); ab 1679 Deutschherren-Hofmann in Fr\u00fccht, pachtet ein Drittel, dann sein Sohn Philipp (Frese\/Schaback: Fr\u00fccht, S. 23); * ca. 1647; + 1717 Fr\u00fccht; Eltern: Konrad Leinweber, steinischer Hofmann in Niederbachheim, und Elisabeth; Pate 23.04.1702 bei Johann Peter Adler in Ems, die Patenstelle wird vertreten, da er kath. war<\/span><\/p>\n<p><span style=\"font-family: 'times new roman', times, serif; font-size: 10pt;\"><strong>oo I. vor 1671 <\/strong>mit <strong>Agnes: <\/strong>bg. 22.07.1676 Becheln<\/span><span style=\"font-family: 'times new roman', times, serif; font-size: 10pt;\"><strong>\u00a0<\/strong><\/span><\/p>\n<table>\n<tbody>\n<tr>\n<td style=\"text-align: center;\" width=\"27\"><span style=\"font-family: 'times new roman', times, serif; font-size: 10pt;\"><strong>Nr.<\/strong><\/span><\/td>\n<td width=\"131\"><span style=\"font-family: 'times new roman', times, serif; font-size: 10pt;\"><strong>Vorname (normiert)<\/strong><\/span><\/td>\n<td style=\"text-align: center;\" width=\"74\"><span style=\"font-family: 'times new roman', times, serif; font-size: 10pt;\"><strong>geboren<\/strong><\/span><\/td>\n<td style=\"text-align: center;\" width=\"74\"><span style=\"font-family: 'times new roman', times, serif; font-size: 10pt;\"><strong>getauft<\/strong><\/span><\/td>\n<td style=\"text-align: center;\" width=\"69\"><span style=\"font-family: 'times new roman', times, serif; font-size: 10pt;\"><strong>konfirmiert<\/strong><\/span><\/td>\n<td style=\"text-align: center;\" width=\"74\"><span style=\"font-family: 'times new roman', times, serif; font-size: 10pt;\"><strong>gestorben<\/strong><\/span><\/td>\n<td style=\"text-align: center;\" width=\"74\"><span style=\"font-family: 'times new roman', times, serif; font-size: 10pt;\"><strong>begraben<\/strong><\/span><\/td>\n<td style=\"text-align: center;\" width=\"46\"><span style=\"font-family: 'times new roman', times, serif; font-size: 10pt;\"><strong>Alter<\/strong><\/span><\/td>\n<td style=\"text-align: center;\" width=\"45\"><span style=\"font-family: 'times new roman', times, serif; font-size: 10pt;\"><strong>Stand<\/strong><\/span><\/td>\n<\/tr>\n<tr>\n<td style=\"text-align: center;\" width=\"27\"><span style=\"font-family: 'times new roman', times, serif; font-size: 10pt;\">1<\/span><\/td>\n<td width=\"131\"><span style=\"font-family: 'times new roman', times, serif; font-size: 10pt;\">Katharina<\/span><\/td>\n<td style=\"text-align: center;\" width=\"74\"><span style=\"font-family: 'times new roman', times, serif; font-size: 10pt;\">1666<\/span><\/td>\n<td style=\"text-align: center;\" width=\"74\"><\/td>\n<td style=\"text-align: center;\" width=\"69\"><\/td>\n<td style=\"text-align: center;\" width=\"74\"><span style=\"font-family: 'times new roman', times, serif; font-size: 10pt;\">20.02.1671<\/span><\/td>\n<td style=\"text-align: center;\" width=\"74\"><span style=\"font-family: 'times new roman', times, serif; font-size: 10pt;\">22.02.1671<\/span><\/td>\n<td style=\"text-align: center;\" width=\"46\"><span style=\"font-family: 'times new roman', times, serif; font-size: 10pt;\">4,5<\/span><\/td>\n<td style=\"text-align: center;\" width=\"45\"><\/td>\n<\/tr>\n<tr>\n<td style=\"text-align: center;\" width=\"27\"><span style=\"font-family: 'times new roman', times, serif; font-size: 10pt;\">2<\/span><\/td>\n<td width=\"131\"><span style=\"font-family: 'times new roman', times, serif; font-size: 10pt;\">Servatius Weigand<\/span><\/td>\n<td style=\"text-align: center;\" width=\"74\"><\/td>\n<td style=\"text-align: center;\" width=\"74\"><span style=\"font-family: 'times new roman', times, serif; font-size: 10pt;\">31.01.1669<\/span><\/td>\n<td style=\"text-align: center;\" width=\"69\"><\/td>\n<td style=\"text-align: center;\" width=\"74\"><\/td>\n<td style=\"text-align: center;\" width=\"74\"><\/td>\n<td style=\"text-align: center;\" width=\"46\"><\/td>\n<td style=\"text-align: center;\" width=\"45\"><\/td>\n<\/tr>\n<tr>\n<td style=\"text-align: center;\"><span style=\"font-family: 'times new roman', times, serif; font-size: 10pt;\">3<\/span><\/td>\n<td><span style=\"font-family: 'times new roman', times, serif; font-size: 10pt;\">Elisabeth Katharina<\/span><\/td>\n<td style=\"text-align: center;\"><span style=\"font-family: 'times new roman', times, serif; font-size: 10pt;\">14.09.1671<\/span><\/td>\n<td style=\"text-align: center;\"><span style=\"font-family: 'times new roman', times, serif; font-size: 10pt;\">17.09.1671<\/span><\/td>\n<td style=\"text-align: center;\"><\/td>\n<td style=\"text-align: center;\"><span style=\"font-family: 'times new roman', times, serif; font-size: 10pt;\">13.10.1674<\/span><\/td>\n<td style=\"text-align: center;\"><span style=\"font-family: 'times new roman', times, serif; font-size: 10pt;\">14.10.1674<\/span><\/td>\n<td style=\"text-align: center;\"><span style=\"font-family: 'times new roman', times, serif; font-size: 10pt;\">3,07<\/span><\/td>\n<td style=\"text-align: center;\"><\/td>\n<\/tr>\n<tr>\n<td style=\"text-align: center;\"><span style=\"font-family: 'times new roman', times, serif; font-size: 10pt;\">4<\/span><\/td>\n<td><span style=\"font-family: 'times new roman', times, serif; font-size: 10pt;\">Johann Peter<\/span><\/td>\n<td style=\"text-align: center;\"><span style=\"font-family: 'times new roman', times, serif; font-size: 10pt;\">29.09.1675<\/span><\/td>\n<td style=\"text-align: center;\"><\/td>\n<td style=\"text-align: center;\"><\/td>\n<td style=\"text-align: center;\"><\/td>\n<td style=\"text-align: center;\"><\/td>\n<td style=\"text-align: center;\"><\/td>\n<td style=\"text-align: center;\"><span style=\"font-family: 'times new roman', times, serif; font-size: 10pt;\">verh.<\/span><\/td>\n<\/tr>\n<tr>\n<td style=\"text-align: center;\"><span style=\"font-family: 'times new roman', times, serif; font-size: 10pt;\">5<\/span><\/td>\n<td><span style=\"font-family: 'times new roman', times, serif; font-size: 10pt;\">Johann Henrich<\/span><\/td>\n<td style=\"text-align: center;\"><\/td>\n<td style=\"text-align: center;\"><\/td>\n<td style=\"text-align: center;\"><\/td>\n<td style=\"text-align: center;\"><\/td>\n<td style=\"text-align: center;\"><\/td>\n<td style=\"text-align: center;\"><\/td>\n<td style=\"text-align: center;\"><\/td>\n<\/tr>\n<\/tbody>\n<\/table>\n<p style=\"text-align: justify;\"><span style=\"font-family: 'times new roman', times, serif; font-size: 10pt;\"><strong>\u00a0<\/strong><\/span><span style=\"font-family: 'times new roman', times, serif; font-size: 10pt;\">Kind Nr. 1) * Becheln; + Becheln<br \/>\n<\/span><span style=\"font-family: 'times new roman', times, serif; font-size: 10pt;\">Kind Nr. 2) * Niederbachheim; Eintragstext: <em>Den 31 Januarij, Dom[inica] 4 post Epiphan[iae], hat Just Leinenweber, Steinischer Hoffman allhier, einen jungen Sohn taufen la\u00dfen. Gevattern sind gewe\u00dfen: Servati[us] K\u00fcmel, mein Knecht au\u00df N\u00fcr&#8230;; Weigand[us] Habschied aus Ersdorf im Niderland; vnd Dorothea \u2026 M\u00fcllers Tochter von \u2026; alle catholisch. Sein Nahm ist Servatius Weigand[us] <\/em>\u2014 wohl Pate 05.10.1710 bei Johann Peter Adler in Becheln als <em>Weygandt Adler, patris frater in d[er] Pfaltz zu D\u00fcrbach<br \/>\n<\/em><\/span><span style=\"font-family: 'times new roman', times, serif; font-size: 10pt;\">Kind Nr. 3) * Becheln; + Becheln, <em>von hei\u00dfem Wasser besch\u00e4diget<br \/>\n<\/em><\/span><span style=\"font-family: 'times new roman', times, serif; font-size: 10pt;\">Kind Nr. 4) * Becheln; 1702 Bierbrauer in Ems, dann nach Becheln; oo vor 1702 mit Anna Maria<br \/>\n<\/span><span style=\"font-family: 'times new roman', times, serif; font-size: 10pt;\">Kind Nr. 5) Pate 19.10.1679 bei Peter Leinweber in Niederbachheim<\/span><\/p>\n<p style=\"text-align: justify;\"><span style=\"font-family: 'times new roman', times, serif; font-size: 10pt;\"><strong>Paten: zu 3)<\/strong> <em>Johann Th\u00f6nges Wahl; J[ung]f[e]r Anna Catharina, Han\u00df Hoffmanns Tochter; undt J[ung]f[e]r Elisabeth, Enders Hoffmanns uff Graborn <\/em>[Grauborn]<em> eheleib[liche] Tochter <\/em>\u2014 <strong>zu 4)<\/strong> <em>Peter, parentis frater, Hoffmann zu N[ieder] &#8230;heimb <\/em>[Niederbachheim]<em>; Johann Peter, Hoffmann zu Becheln; undt Anna Appollonia, Han\u00df Peter Schmids Hau\u00dffrau<\/em><\/span><\/p>\n<p style=\"text-align: justify;\"><span style=\"font-family: 'times new roman', times, serif; font-size: 10pt;\"><strong>oo II. 03.03.1678 <\/strong>in der Kellerei Nassau durch den saarbr\u00fcckischen Definitor Georg Koch (<em>nachdem Jost ob nefandam commixtionem cum ancilla ante copulationem <\/em>[wegen unw\u00fcrdiger Vermischung mit der Magd vor der Ehe]<em> etliche Tage incarceriret <\/em>[eingekerkert]<em> undt endlich versprochen, die gesch\u00e4ndte Persohn zu heurathen<\/em>)\u00a0<\/span><span style=\"font-family: 'times new roman', times, serif; font-size: 10pt;\">mit <strong><u>W\u00e4beler\/Wobeler<\/u>, Anna Christina:<\/strong> Magd des Jost Adler; Tochter des Stoffel W\u00e4beler\/Wobeler aus Becheln; konf. 07.04.1667 Becheln<\/span><\/p>\n<p><span style=\"font-family: 'times new roman', times, serif; font-size: 10pt;\">Familie wohnt in Fr\u00fccht<\/span><\/p>\n<hr \/>\n<p><span style=\"font-family: 'times new roman', times, serif; font-size: 10pt;\"><span style=\"color: #ff0000;\"><strong><u>Adler<\/u><\/strong><\/span><strong><span style=\"color: #ff0000;\">, Johann Peter:<\/span> <\/strong>1702 Bierbrauer in Ems; * 29.09.1675 Fr\u00fccht; Eltern: Jost Adler, Deutschherren-Hofmann in Fr\u00fccht, und Agnes (I. Ehe)<\/span><\/p>\n<p><span style=\"font-family: 'times new roman', times, serif; font-size: 10pt;\"><strong>oo<\/strong> mit <strong>Anna Maria<\/strong><\/span><\/p>\n<table style=\"width: 100%;\">\n<tbody>\n<tr>\n<td style=\"text-align: center; width: 5.71429%;\" width=\"21\"><span style=\"font-family: 'times new roman', times, serif; font-size: 10pt;\"><strong>Nr.<\/strong><\/span><\/td>\n<td style=\"width: 20.2381%;\" width=\"142\"><span style=\"font-family: 'times new roman', times, serif; font-size: 10pt;\"><strong>Vorname (normiert)<\/strong><\/span><\/td>\n<td style=\"text-align: center; width: 12.5%;\" width=\"78\"><span style=\"font-family: 'times new roman', times, serif; font-size: 10pt;\"><strong>geboren<\/strong><\/span><\/td>\n<td style=\"text-align: center; width: 11.9048%;\" width=\"74\"><span style=\"font-family: 'times new roman', times, serif; font-size: 10pt;\"><strong>getauft<\/strong><\/span><\/td>\n<td style=\"text-align: center; width: 11.3095%;\" width=\"69\"><span style=\"font-family: 'times new roman', times, serif; font-size: 10pt;\"><strong>konfirmiert<\/strong><\/span><\/td>\n<td style=\"text-align: center; width: 11.9048%;\" width=\"74\"><span style=\"font-family: 'times new roman', times, serif; font-size: 10pt;\"><strong>gestorben<\/strong><\/span><\/td>\n<td style=\"text-align: center; width: 11.5476%;\" width=\"71\"><span style=\"font-family: 'times new roman', times, serif; font-size: 10pt;\"><strong>begraben<\/strong><\/span><\/td>\n<td style=\"text-align: center; width: 7.7381%;\" width=\"43\"><span style=\"font-family: 'times new roman', times, serif; font-size: 10pt;\"><strong>Alter<\/strong><\/span><\/td>\n<td style=\"text-align: center; width: 7.14286%;\" width=\"38\"><span style=\"font-family: 'times new roman', times, serif; font-size: 10pt;\"><strong>Stand<\/strong><\/span><\/td>\n<\/tr>\n<tr>\n<td style=\"text-align: center; width: 5.71429%;\" width=\"21\"><span style=\"font-family: 'times new roman', times, serif; font-size: 10pt;\">1<\/span><\/td>\n<td style=\"width: 20.2381%;\" width=\"142\"><span style=\"font-family: 'times new roman', times, serif; font-size: 10pt;\">Jost Henrich<\/span><\/td>\n<td style=\"text-align: center; width: 12.5%;\" width=\"78\"><\/td>\n<td style=\"text-align: center; width: 11.9048%;\" width=\"74\"><span style=\"font-family: 'times new roman', times, serif; font-size: 10pt;\">23.04.1702<\/span><\/td>\n<td style=\"text-align: center; width: 11.3095%;\" width=\"69\"><\/td>\n<td style=\"text-align: center; width: 11.9048%;\" width=\"74\"><\/td>\n<td style=\"text-align: center; width: 11.5476%;\" width=\"71\"><\/td>\n<td style=\"text-align: center; width: 7.7381%;\" width=\"43\"><\/td>\n<td style=\"text-align: center; width: 7.14286%;\" width=\"38\"><\/td>\n<\/tr>\n<tr>\n<td style=\"text-align: center; width: 5.71429%;\" width=\"21\"><span style=\"font-family: 'times new roman', times, serif; font-size: 10pt;\">2<\/span><\/td>\n<td style=\"width: 20.2381%;\" width=\"142\"><span style=\"font-family: 'times new roman', times, serif; font-size: 10pt;\">Georg Philipp<\/span><\/td>\n<td style=\"text-align: center; width: 12.5%;\" width=\"78\"><\/td>\n<td style=\"text-align: center; width: 11.9048%;\" width=\"74\"><\/td>\n<td style=\"text-align: center; width: 11.3095%;\" width=\"69\"><\/td>\n<td style=\"text-align: center; width: 11.9048%;\" width=\"74\"><span style=\"font-family: 'times new roman', times, serif; font-size: 10pt;\">01.10.1709<\/span><\/td>\n<td style=\"text-align: center; width: 11.5476%;\" width=\"71\"><span style=\"font-family: 'times new roman', times, serif; font-size: 10pt;\">02.10.1709<\/span><\/td>\n<td style=\"text-align: center; width: 7.7381%;\" width=\"43\"><span style=\"font-family: 'times new roman', times, serif; font-size: 10pt;\">4,88<\/span><\/td>\n<td style=\"text-align: center; width: 7.14286%;\" width=\"38\"><\/td>\n<\/tr>\n<tr>\n<td style=\"text-align: center; width: 5.71429%;\" width=\"21\"><span style=\"font-family: 'times new roman', times, serif; font-size: 10pt;\">3<\/span><\/td>\n<td style=\"width: 20.2381%;\" width=\"142\"><span style=\"font-family: 'times new roman', times, serif; font-size: 10pt;\">Christina Margaretha<\/span><\/td>\n<td style=\"text-align: center; width: 12.5%;\" width=\"78\"><span style=\"font-family: 'times new roman', times, serif; font-size: 10pt;\">03.06.1707<\/span><\/td>\n<td style=\"text-align: center; width: 11.9048%;\" width=\"74\"><span style=\"font-family: 'times new roman', times, serif; font-size: 10pt;\">10.06.1707<\/span><\/td>\n<td style=\"text-align: center; width: 11.3095%;\" width=\"69\"><\/td>\n<td style=\"text-align: center; width: 11.9048%;\" width=\"74\"><\/td>\n<td style=\"text-align: center; width: 11.5476%;\" width=\"71\"><\/td>\n<td style=\"text-align: center; width: 7.7381%;\" width=\"43\"><\/td>\n<td style=\"text-align: center; width: 7.14286%;\" width=\"38\"><\/td>\n<\/tr>\n<tr>\n<td style=\"text-align: center; width: 5.71429%;\"><span style=\"font-family: 'times new roman', times, serif; font-size: 10pt;\">4<\/span><\/td>\n<td style=\"width: 20.2381%;\"><span style=\"font-family: 'times new roman', times, serif; font-size: 10pt;\">Maria Elisabeth<\/span><\/td>\n<td style=\"text-align: center; width: 12.5%;\"><span style=\"font-family: 'times new roman', times, serif; font-size: 10pt;\">01.10.1710<\/span><\/td>\n<td style=\"text-align: center; width: 11.9048%;\"><span style=\"font-family: 'times new roman', times, serif; font-size: 10pt;\">05.10.1710<\/span><\/td>\n<td style=\"text-align: center; width: 11.3095%;\"><\/td>\n<td style=\"text-align: center; width: 11.9048%;\"><\/td>\n<td style=\"text-align: center; width: 11.5476%;\"><\/td>\n<td style=\"text-align: center; width: 7.7381%;\"><\/td>\n<td style=\"text-align: center; width: 7.14286%;\"><\/td>\n<\/tr>\n<tr>\n<td style=\"text-align: center; width: 5.71429%;\"><span style=\"font-family: 'times new roman', times, serif; font-size: 10pt;\">5<\/span><\/td>\n<td style=\"width: 20.2381%;\"><span style=\"font-family: 'times new roman', times, serif; font-size: 10pt;\">Maria Katharina<\/span><\/td>\n<td style=\"text-align: center; width: 12.5%;\"><span style=\"font-family: 'times new roman', times, serif; font-size: 10pt;\">24.08.1713<\/span><\/td>\n<td style=\"text-align: center; width: 11.9048%;\"><span style=\"font-family: 'times new roman', times, serif; font-size: 10pt;\">27.08.1713<\/span><\/td>\n<td style=\"text-align: center; width: 11.3095%;\"><\/td>\n<td style=\"text-align: center; width: 11.9048%;\"><\/td>\n<td style=\"text-align: center; width: 11.5476%;\"><\/td>\n<td style=\"text-align: center; width: 7.7381%;\"><\/td>\n<td style=\"text-align: center; width: 7.14286%;\"><\/td>\n<\/tr>\n<\/tbody>\n<\/table>\n<p><span style=\"font-family: 'times new roman', times, serif; font-size: 10pt;\">Kind Nr. 1) * Ems<br \/>\n<\/span><span style=\"font-family: 'times new roman', times, serif; font-size: 10pt;\">Kind Nr. 2) + Becheln, 5 Jahre weniger 6 Wochen alt<br \/>\n<\/span><span style=\"font-family: 'times new roman', times, serif; font-size: 10pt;\">Kind Nr. 3) \u2013 5) * Becheln<\/span><\/p>\n<p style=\"text-align: justify;\"><span style=\"font-family: 'times new roman', times, serif; font-size: 10pt;\"><strong>Paten: zu 1)<\/strong> <em>Johann Henrich, Joh[ann] Philips Eichholtzen Sohn, vnd Jost Adler, Teutschen-Herrns Hoffmann zu Fr\u00fccht, vor welchen, weilen er p\u00e4pstischer Religion, gestanden: hiesiger H[err] Schulthei\u00df Johann Gabriel D\u00f6rbeck. Die God ist: Eva Magdalena, Michael Mangels, eines Einwohners zu Fr\u00fccht, Tochter <\/em>\u2014 <strong>zu 3)<\/strong> <em>Johann Michael, Jost Adlers Sohn von Fr\u00fccht; Christina Catharina, Bernhard Magers Tochter; v[nd] Margretha, Melchior N., des Hoffmans Tochter in der D\u00fcrstheck <\/em>\u2014 <strong>zu 4)<\/strong> <em>Weygandt Adler, patris frater in d[er] Pfaltz zu D\u00fcrbach; Maria Margreth, Jost Adlers Tochter zu Fr\u00fccht; Elisabeth, Christian Billigs Fr[au] von Fachbach\u00a0<\/em><\/span><span style=\"font-family: 'times new roman', times, serif; font-size: 10pt;\">\u2014 <strong>zu 5)<\/strong> <em>Valentin Mangolt, Michael Mangolts Sohn von Fr\u00fccht; Maria Catharina, Peter Adlers Wittib von Molsberg; 3) Maria Appolonia von Scheuern<\/em><\/span><\/p>\n<hr \/>\n<p style=\"text-align: justify;\"><span style=\"font-family: 'times new roman', times, serif; font-size: 10pt;\"><span style=\"color: #ff0000;\"><strong><u>Adler<\/u><\/strong><\/span><strong><span style=\"color: #ff0000;\">, Johann Adam:<\/span> <\/strong>ab 1712 in Becheln; gt. 02.02.1679 Fr\u00fccht; + 23.11.1724 Becheln (bg. 24.11.); Eltern: Jost Adler, Deutschherren-Hofmann in Fr\u00fccht, und Anna Christina W\u00e4beler (II. Ehe)<\/span><\/p>\n<p style=\"text-align: justify;\"><span style=\"font-family: 'times new roman', times, serif; font-size: 10pt;\"><strong>oo 16.11.1706 Fr\u00fccht<\/strong> mit <strong>Anna Maria: <\/strong>Tochter des verst. Burkhard <em>Wiering<\/em> vom Hof D\u00f6rstheck (ehem. Pfarrei Spie\u00df, heute zu Oberwies, VG Bad Ems-Nassau)<\/span><\/p>\n<table>\n<tbody>\n<tr>\n<td style=\"text-align: center;\" width=\"25\"><span style=\"font-family: 'times new roman', times, serif; font-size: 10pt;\"><strong>Nr.<\/strong><\/span><\/td>\n<td width=\"146\"><span style=\"font-family: 'times new roman', times, serif; font-size: 10pt;\"><strong>Vorname (normiert)<\/strong><\/span><\/td>\n<td style=\"text-align: center;\" width=\"76\"><span style=\"font-family: 'times new roman', times, serif; font-size: 10pt;\"><strong>geboren<\/strong><\/span><\/td>\n<td style=\"text-align: center;\" width=\"76\"><span style=\"font-family: 'times new roman', times, serif; font-size: 10pt;\"><strong>getauft<\/strong><\/span><\/td>\n<td style=\"text-align: center;\" width=\"69\"><span style=\"font-family: 'times new roman', times, serif; font-size: 10pt;\"><strong>konfirmiert<\/strong><\/span><\/td>\n<td style=\"text-align: center;\" width=\"76\"><span style=\"font-family: 'times new roman', times, serif; font-size: 10pt;\"><strong>gestorben<\/strong><\/span><\/td>\n<td style=\"text-align: center;\" width=\"60\"><span style=\"font-family: 'times new roman', times, serif; font-size: 10pt;\"><strong>begraben<\/strong><\/span><\/td>\n<td style=\"text-align: center;\" width=\"47\"><span style=\"font-family: 'times new roman', times, serif; font-size: 10pt;\"><strong>Alter<\/strong><\/span><\/td>\n<td style=\"text-align: center;\" width=\"37\"><span style=\"font-family: 'times new roman', times, serif; font-size: 10pt;\"><strong>Stand<\/strong><\/span><\/td>\n<\/tr>\n<tr>\n<td style=\"text-align: center;\" width=\"25\"><span style=\"font-family: 'times new roman', times, serif; font-size: 10pt;\">1<\/span><\/td>\n<td width=\"146\"><span style=\"font-family: 'times new roman', times, serif; font-size: 10pt;\">Johann Philipp<\/span><\/td>\n<td style=\"text-align: center;\" width=\"76\"><span style=\"font-family: 'times new roman', times, serif; font-size: 10pt;\">08.08.1707<\/span><\/td>\n<td style=\"text-align: center;\" width=\"76\"><span style=\"font-family: 'times new roman', times, serif; font-size: 10pt;\">12.08.1707<\/span><\/td>\n<td style=\"text-align: center;\" width=\"69\"><\/td>\n<td style=\"text-align: center;\" width=\"76\"><\/td>\n<td style=\"text-align: center;\" width=\"60\"><\/td>\n<td style=\"text-align: center;\" width=\"47\"><\/td>\n<td style=\"text-align: center;\" width=\"37\"><\/td>\n<\/tr>\n<tr>\n<td style=\"text-align: center;\"><span style=\"font-family: 'times new roman', times, serif; font-size: 10pt;\">2<\/span><\/td>\n<td><span style=\"font-family: 'times new roman', times, serif; font-size: 10pt;\">Johann Melchior<\/span><\/td>\n<td style=\"text-align: center;\"><span style=\"font-family: 'times new roman', times, serif; font-size: 10pt;\">25.05.1709<\/span><\/td>\n<td style=\"text-align: center;\"><span style=\"font-family: 'times new roman', times, serif; font-size: 10pt;\">28.05.1709<\/span><\/td>\n<td style=\"text-align: center;\"><\/td>\n<td style=\"text-align: center;\"><\/td>\n<td style=\"text-align: center;\"><\/td>\n<td style=\"text-align: center;\"><\/td>\n<td style=\"text-align: center;\"><\/td>\n<\/tr>\n<tr>\n<td style=\"text-align: center;\"><span style=\"font-family: 'times new roman', times, serif; font-size: 10pt;\">3<\/span><\/td>\n<td><span style=\"font-family: 'times new roman', times, serif; font-size: 10pt;\">Maria Elisabeth<\/span><\/td>\n<td style=\"text-align: center;\"><span style=\"font-family: 'times new roman', times, serif; font-size: 10pt;\">31.01.1712<\/span><\/td>\n<td style=\"text-align: center;\"><span style=\"font-family: 'times new roman', times, serif; font-size: 10pt;\">02.02.1712<\/span><\/td>\n<td style=\"text-align: center;\"><\/td>\n<td style=\"text-align: center;\"><span style=\"font-family: 'times new roman', times, serif; font-size: 10pt;\">17.03.1712<\/span><\/td>\n<td style=\"text-align: center;\"><\/td>\n<td style=\"text-align: center;\"><span style=\"font-family: 'times new roman', times, serif; font-size: 10pt;\">0,13<\/span><\/td>\n<td style=\"text-align: center;\"><\/td>\n<\/tr>\n<tr>\n<td style=\"text-align: center;\"><span style=\"font-family: 'times new roman', times, serif; font-size: 10pt;\">4<\/span><\/td>\n<td><span style=\"font-family: 'times new roman', times, serif; font-size: 10pt;\">Georg Leonhard<\/span><\/td>\n<td style=\"text-align: center;\"><span style=\"font-family: 'times new roman', times, serif; font-size: 10pt;\">03.04.1713<\/span><\/td>\n<td style=\"text-align: center;\"><span style=\"font-family: 'times new roman', times, serif; font-size: 10pt;\">09.04.1713<\/span><\/td>\n<td style=\"text-align: center;\"><\/td>\n<td style=\"text-align: center;\"><span style=\"font-family: 'times new roman', times, serif; font-size: 10pt;\">03.05.1717<\/span><\/td>\n<td style=\"text-align: center;\"><\/td>\n<td style=\"text-align: center;\"><span style=\"font-family: 'times new roman', times, serif; font-size: 10pt;\">4,08<\/span><\/td>\n<td style=\"text-align: center;\"><\/td>\n<\/tr>\n<tr>\n<td style=\"text-align: center;\"><span style=\"font-family: 'times new roman', times, serif; font-size: 10pt;\">5<\/span><\/td>\n<td><span style=\"font-family: 'times new roman', times, serif; font-size: 10pt;\">Maria Katharina<\/span><\/td>\n<td style=\"text-align: center;\"><span style=\"font-family: 'times new roman', times, serif; font-size: 10pt;\">12.01.1716<\/span><\/td>\n<td style=\"text-align: center;\"><span style=\"font-family: 'times new roman', times, serif; font-size: 10pt;\">19.01.1716<\/span><\/td>\n<td style=\"text-align: center;\"><\/td>\n<td style=\"text-align: center;\"><\/td>\n<td style=\"text-align: center;\"><\/td>\n<td style=\"text-align: center;\"><\/td>\n<td style=\"text-align: center;\"><\/td>\n<\/tr>\n<tr>\n<td style=\"text-align: center;\"><span style=\"font-family: 'times new roman', times, serif; font-size: 10pt;\">6<\/span><\/td>\n<td><span style=\"font-family: 'times new roman', times, serif; font-size: 10pt;\">Anna Elisabeth<\/span><\/td>\n<td style=\"text-align: center;\"><span style=\"font-family: 'times new roman', times, serif; font-size: 10pt;\">26.05.1718<\/span><\/td>\n<td style=\"text-align: center;\"><span style=\"font-family: 'times new roman', times, serif; font-size: 10pt;\">29.05.1718<\/span><\/td>\n<td style=\"text-align: center;\"><\/td>\n<td style=\"text-align: center;\"><\/td>\n<td style=\"text-align: center;\"><\/td>\n<td style=\"text-align: center;\"><\/td>\n<td style=\"text-align: center;\"><\/td>\n<\/tr>\n<tr>\n<td style=\"text-align: center;\"><span style=\"font-family: 'times new roman', times, serif; font-size: 10pt;\">7<\/span><\/td>\n<td><span style=\"font-family: 'times new roman', times, serif; font-size: 10pt;\">Maria Margaretha<\/span><\/td>\n<td style=\"text-align: center;\"><span style=\"font-family: 'times new roman', times, serif; font-size: 10pt;\">05.10.1720<\/span><\/td>\n<td style=\"text-align: center;\"><span style=\"font-family: 'times new roman', times, serif; font-size: 10pt;\">06.10.1720<\/span><\/td>\n<td style=\"text-align: center;\"><\/td>\n<td style=\"text-align: center;\"><span style=\"font-family: 'times new roman', times, serif; font-size: 10pt;\">15.01.1722<\/span><\/td>\n<td style=\"text-align: center;\"><\/td>\n<td style=\"text-align: center;\"><span style=\"font-family: 'times new roman', times, serif; font-size: 10pt;\">1,28<\/span><\/td>\n<td style=\"text-align: center;\"><\/td>\n<\/tr>\n<tr>\n<td style=\"text-align: center;\"><span style=\"font-family: 'times new roman', times, serif; font-size: 10pt;\">8<\/span><\/td>\n<td><span style=\"font-family: 'times new roman', times, serif; font-size: 10pt;\">Johann Andreas<\/span><\/td>\n<td style=\"text-align: center;\"><span style=\"font-family: 'times new roman', times, serif; font-size: 10pt;\">30.11.1722<\/span><\/td>\n<td style=\"text-align: center;\"><span style=\"font-family: 'times new roman', times, serif; font-size: 10pt;\">06.12.1722<\/span><\/td>\n<td style=\"text-align: center;\"><\/td>\n<td style=\"text-align: center;\"><\/td>\n<td style=\"text-align: center;\"><\/td>\n<td style=\"text-align: center;\"><\/td>\n<td style=\"text-align: center;\"><\/td>\n<\/tr>\n<\/tbody>\n<\/table>\n<p><span style=\"font-family: 'times new roman', times, serif; font-size: 10pt;\">Kind Nr. 1) \u2013 2) * Fr\u00fccht<br \/>\n<\/span><span style=\"font-family: 'times new roman', times, serif; font-size: 10pt;\">Kind Nr. 3) \u2013 8) * Becheln<br \/>\n<\/span><span style=\"font-family: 'times new roman', times, serif; font-size: 10pt;\">Kind Nr. 3), 4) 7) + Becheln<\/span><\/p>\n<p style=\"text-align: justify;\"><span style=\"font-family: 'times new roman', times, serif; font-size: 10pt;\"><strong>Paten: zu 1)<\/strong> <em>Philipps Adler &lt;&#8230;&gt; des Vatters Br&lt;uder&gt;, und Michael M&lt;&#8230;&gt;, B\u00fcrger alhier, und der &lt;Mut&gt;ter Schwester \u2014 <\/em><strong>zu 2)<\/strong> <em>Melchior, au\u00df der &lt;&#8230;&gt;, des Kindes Gro\u00dfvatter; Johann Michael Adler, Jost Adlers Sohn; Anna Catharina, Johan Marx Mangolts zweyte Tochter \u2014 <\/em><strong>zu 3) <\/strong><em>Matth\u00e4us Wagener von Becheln; Elisabeth, Wey Zipp, gewesenen Hoffmanns hinter[lassene] Tochter in D\u00f6rstheck; und Maria Margreth, Jost Adelers Tochter von Fr\u00fccht <\/em>\u2014 <strong>zu 4) <\/strong><em>Johann Georg, Gottfrid Metzen Sohn; Leonhard, Melchior Keysers Sohn au\u00df D\u00f6rstheck; Anna, Paul[us] <\/em>[?]<em> Jacobi hinter[lassene] Tochter <\/em>\u2014 <strong>zu 5) <\/strong><em>1) Georg Metz; 2) Maria Cathar[ina], Gottfried Hoffmans Frau; 3) Maria Dorothea, Melch[ior] Kay\u00dfers aus D\u00fcrstheck Tochter <\/em>\u2014 <strong>zu 6) <\/strong><em>Henrich Sixtus; 2) Maria Elisabetha, Valentin Ansels Ehefr[au]; 3) Anna Apolonia, Peter Wurtzen Ehefr[au] <\/em>\u00a0<em>\u2014<\/em> <strong>zu 7) <\/strong><em>1) Anna Maria, Melchior Kay\u00dfers Hau\u00dffr[au] aus D\u00fcrstheck; 2) Margretha. Joh. Michel Adlers von Fr\u00fccht Hau\u00dffr[au]; 3) Joh. Jacob Adler, Joh. Henrich Adler von Fr\u00fccht hinterl[assener] Sohn<\/em>\u2014 <strong>zu 8) <\/strong><em>1) Andreas An\u00dfel; 2) Jost Henrich, Peter Adlers von Niederlohnstein Sohn; 3) Maria Christina, Matthias Wageners hinterla\u00dfene Tochter<\/em><\/span><\/p>\n<hr \/>\n<p><span style=\"font-size: 10pt; font-family: times new roman, times, serif;\"><b>Letztes Update: 5. Juni 2024<\/b><\/span><br \/>\n<span style=\"font-size: 10pt; font-family: times new roman, times, serif;\"><b>Ralph Jackmuth<\/b><\/span><\/p>\n","protected":false},"excerpt":{"rendered":"<p>Leinweber genannt Adler, Jost: kath.; steinischer Hofmann zu Becheln (1669 in Niederbachheim); ab 1679 Deutschherren-Hofmann in Fr\u00fccht, pachtet ein Drittel, dann sein Sohn Philipp (Frese\/Schaback: Fr\u00fccht, S. 23); * ca. 1647; + 1717 Fr\u00fccht; Eltern: Konrad Leinweber, steinischer Hofmann in Niederbachheim, und Elisabeth; Pate 23.04.1702 bei Johann Peter Adler in Ems, die Patenstelle wird vertreten, &hellip; <a href=\"https:\/\/www.ahnenforschung-jackmuth.de\/?page_id=11576\" class=\"more-link\"><span class=\"screen-reader-text\">\u201eOFB Becheln &#8211; Adler\u201c<\/span> weiterlesen<\/a><\/p>\n","protected":false},"author":1,"featured_media":0,"parent":0,"menu_order":0,"comment_status":"closed","ping_status":"closed","template":"","meta":{"footnotes":""},"class_list":["post-11576","page","type-page","status-publish","hentry"],"_links":{"self":[{"href":"https:\/\/www.ahnenforschung-jackmuth.de\/index.php?rest_route=\/wp\/v2\/pages\/11576","targetHints":{"allow":["GET"]}}],"collection":[{"href":"https:\/\/www.ahnenforschung-jackmuth.de\/index.php?rest_route=\/wp\/v2\/pages"}],"about":[{"href":"https:\/\/www.ahnenforschung-jackmuth.de\/index.php?rest_route=\/wp\/v2\/types\/page"}],"author":[{"embeddable":true,"href":"https:\/\/www.ahnenforschung-jackmuth.de\/index.php?rest_route=\/wp\/v2\/users\/1"}],"replies":[{"embeddable":true,"href":"https:\/\/www.ahnenforschung-jackmuth.de\/index.php?rest_route=%2Fwp%2Fv2%2Fcomments&post=11576"}],"version-history":[{"count":0,"href":"https:\/\/www.ahnenforschung-jackmuth.de\/index.php?rest_route=\/wp\/v2\/pages\/11576\/revisions"}],"wp:attachment":[{"href":"https:\/\/www.ahnenforschung-jackmuth.de\/index.php?rest_route=%2Fwp%2Fv2%2Fmedia&parent=11576"}],"curies":[{"name":"wp","href":"https:\/\/api.w.org\/{rel}","templated":true}]}}