{"id":11559,"date":"2024-06-05T12:43:32","date_gmt":"2024-06-05T12:43:32","guid":{"rendered":"https:\/\/www.ahnenforschung-jackmuth.de\/?page_id=11559"},"modified":"2024-06-05T12:43:32","modified_gmt":"2024-06-05T12:43:32","slug":"ofb-becheln-starck","status":"publish","type":"page","link":"https:\/\/www.ahnenforschung-jackmuth.de\/?page_id=11559","title":{"rendered":"OFB Becheln &#8211; Starck"},"content":{"rendered":"<p style=\"text-align: justify;\"><span style=\"font-family: 'times new roman', times, serif; font-size: 10pt;\"><span style=\"color: #ff0000;\"><strong><u>Starck<\/u><\/strong><strong>, Georg Friedrich:<\/strong><\/span> Tagel\u00f6hner, Hirt in Schweighausen (1790); * 19.10.1742 Bonfeld (Bad Rappenau, Lkr. Heilbronn) (gt. 20.10., Paten: <em>Anna Veronica Rothwangin, virgo, u. Joh. Friedrich Oberm\u00fcller; item Joh. Georg Mann, Schmied u. de\u00df Gerichts allhier<\/em>); + 23.12.1807 Becheln, 65 Jahre, 2 Monate und 3 Tage alt (bg. 25.12.); Eltern: Johann Dietrich Starck und Regina Felicitas Magdalena (Bonfeld, Mischbuch 1737-1802, Band 2, Bild 10 auf archion.de)<\/span><\/p>\n<p style=\"text-align: justify;\"><span style=\"font-family: 'times new roman', times, serif; font-size: 10pt;\"><strong>oo <\/strong><strong>07.08.1776 Becheln<\/strong> mit <strong><u>Wagner<\/u>, Anna Maria:<\/strong> * 09.11.1749 (gt. 14.11.); + 01.10.1811 Becheln, an Entkr\u00e4ftung (bg. 03.10.); Eltern: Johann Gottfried Wagner und Christina Katharina geb. Buchbinder<\/span><\/p>\n<table style=\"width: 100%;\">\n<tbody>\n<tr>\n<td style=\"text-align: center; width: 5.35714%;\" width=\"21\"><span style=\"font-family: 'times new roman', times, serif; font-size: 10pt;\"><strong>Nr.<\/strong><\/span><\/td>\n<td style=\"width: 19.6429%;\" width=\"134\"><span style=\"font-family: 'times new roman', times, serif; font-size: 10pt;\"><strong>Vorname (normiert)<\/strong><\/span><\/td>\n<td style=\"text-align: center; width: 12.381%;\" width=\"77\"><span style=\"font-family: 'times new roman', times, serif; font-size: 10pt;\"><strong>geboren<\/strong><\/span><\/td>\n<td style=\"text-align: center; width: 11.9048%;\" width=\"73\"><span style=\"font-family: 'times new roman', times, serif; font-size: 10pt;\"><strong>getauft<\/strong><\/span><\/td>\n<td style=\"text-align: center; width: 11.9048%;\" width=\"73\"><span style=\"font-family: 'times new roman', times, serif; font-size: 10pt;\"><strong>konfirmiert<\/strong><\/span><\/td>\n<td style=\"text-align: center; width: 11.9048%;\" width=\"73\"><span style=\"font-family: 'times new roman', times, serif; font-size: 10pt;\"><strong>gestorben<\/strong><\/span><\/td>\n<td style=\"text-align: center; width: 11.4286%;\" width=\"70\"><span style=\"font-family: 'times new roman', times, serif; font-size: 10pt;\"><strong>begraben<\/strong><\/span><\/td>\n<td style=\"text-align: center; width: 7.85714%;\" width=\"43\"><span style=\"font-family: 'times new roman', times, serif; font-size: 10pt;\"><strong>Alter<\/strong><\/span><\/td>\n<td style=\"text-align: center; width: 7.7381%;\" width=\"42\"><span style=\"font-family: 'times new roman', times, serif; font-size: 10pt;\"><strong>Stand<\/strong><\/span><\/td>\n<\/tr>\n<tr>\n<td style=\"text-align: center; width: 5.35714%;\" width=\"21\"><span style=\"font-family: 'times new roman', times, serif; font-size: 10pt;\">1<\/span><\/td>\n<td style=\"width: 19.6429%;\" width=\"134\"><span style=\"font-family: 'times new roman', times, serif; font-size: 10pt;\">Philipp Friedrich<\/span><\/td>\n<td style=\"text-align: center; width: 12.381%;\" width=\"77\"><span style=\"font-family: 'times new roman', times, serif; font-size: 10pt;\">13.12.1776<\/span><\/td>\n<td style=\"text-align: center; width: 11.9048%;\" width=\"73\"><span style=\"font-family: 'times new roman', times, serif; font-size: 10pt;\">15.12.1776<\/span><\/td>\n<td style=\"text-align: center; width: 11.9048%;\" width=\"73\"><\/td>\n<td style=\"text-align: center; width: 11.9048%;\" width=\"73\"><span style=\"font-family: 'times new roman', times, serif; font-size: 10pt;\">30.01.1777<\/span><\/td>\n<td style=\"text-align: center; width: 11.4286%;\" width=\"70\"><span style=\"font-family: 'times new roman', times, serif; font-size: 10pt;\">02.02.1777<\/span><\/td>\n<td style=\"text-align: center; width: 7.85714%;\" width=\"43\"><span style=\"font-family: 'times new roman', times, serif; font-size: 10pt;\">0,13<\/span><\/td>\n<td style=\"text-align: center; width: 7.7381%;\" width=\"42\"><\/td>\n<\/tr>\n<tr>\n<td style=\"text-align: center; width: 5.35714%;\"><span style=\"font-family: 'times new roman', times, serif; font-size: 10pt;\">2<\/span><\/td>\n<td style=\"width: 19.6429%;\"><span style=\"font-family: 'times new roman', times, serif; font-size: 10pt;\">Maria Elis. Jakobina<\/span><\/td>\n<td style=\"text-align: center; width: 12.381%;\"><span style=\"font-family: 'times new roman', times, serif; font-size: 10pt;\">12.09.1778<\/span><\/td>\n<td style=\"text-align: center; width: 11.9048%;\"><span style=\"font-family: 'times new roman', times, serif; font-size: 10pt;\">13.09.1778<\/span><\/td>\n<td style=\"text-align: center; width: 11.9048%;\"><span style=\"font-family: 'times new roman', times, serif; font-size: 10pt;\">03.06.1792<\/span><\/td>\n<td style=\"text-align: center; width: 11.9048%;\"><span style=\"font-family: 'times new roman', times, serif; font-size: 10pt;\">26.11.1836<\/span><\/td>\n<td style=\"text-align: center; width: 11.4286%;\"><span style=\"font-family: 'times new roman', times, serif; font-size: 10pt;\">28.11.1836<\/span><\/td>\n<td style=\"text-align: center; width: 7.85714%;\"><span style=\"font-family: 'times new roman', times, serif; font-size: 10pt;\">58,24<\/span><\/td>\n<td style=\"text-align: center; width: 7.7381%;\"><span style=\"font-family: 'times new roman', times, serif; font-size: 10pt;\">verh.<\/span><\/td>\n<\/tr>\n<tr>\n<td style=\"text-align: center; width: 5.35714%;\"><span style=\"font-family: 'times new roman', times, serif; font-size: 10pt;\">3<\/span><\/td>\n<td style=\"width: 19.6429%;\"><span style=\"font-family: 'times new roman', times, serif; font-size: 10pt;\">Johann Jakob<\/span><\/td>\n<td style=\"text-align: center; width: 12.381%;\"><span style=\"font-family: 'times new roman', times, serif; font-size: 10pt;\">27.06.1781<\/span><\/td>\n<td style=\"text-align: center; width: 11.9048%;\"><span style=\"font-family: 'times new roman', times, serif; font-size: 10pt;\">27.06.1781<\/span><\/td>\n<td style=\"text-align: center; width: 11.9048%;\"><\/td>\n<td style=\"text-align: center; width: 11.9048%;\"><\/td>\n<td style=\"text-align: center; width: 11.4286%;\"><\/td>\n<td style=\"text-align: center; width: 7.85714%;\"><\/td>\n<td style=\"text-align: center; width: 7.7381%;\"><\/td>\n<\/tr>\n<tr>\n<td style=\"text-align: center; width: 5.35714%;\"><span style=\"font-family: 'times new roman', times, serif; font-size: 10pt;\">4<\/span><\/td>\n<td style=\"width: 19.6429%;\"><span style=\"font-family: 'times new roman', times, serif; font-size: 10pt;\">Georg Philipp<\/span><\/td>\n<td style=\"text-align: center; width: 12.381%;\"><span style=\"font-family: 'times new roman', times, serif; font-size: 10pt;\">14.03.1784<\/span><\/td>\n<td style=\"text-align: center; width: 11.9048%;\"><span style=\"font-family: 'times new roman', times, serif; font-size: 10pt;\">17.03.1784<\/span><\/td>\n<td style=\"text-align: center; width: 11.9048%;\"><span style=\"font-family: 'times new roman', times, serif; font-size: 10pt;\">xx.xx.1797<\/span><\/td>\n<td style=\"text-align: center; width: 11.9048%;\"><span style=\"font-family: 'times new roman', times, serif; font-size: 10pt;\">03.04.1847<\/span><\/td>\n<td style=\"text-align: center; width: 11.4286%;\"><span style=\"font-family: 'times new roman', times, serif; font-size: 10pt;\">05.04.1847<\/span><\/td>\n<td style=\"text-align: center; width: 7.85714%;\"><span style=\"font-family: 'times new roman', times, serif; font-size: 10pt;\">63,09<\/span><\/td>\n<td style=\"text-align: center; width: 7.7381%;\"><span style=\"font-family: 'times new roman', times, serif; font-size: 10pt;\">verh.<\/span><\/td>\n<\/tr>\n<tr>\n<td style=\"text-align: center; width: 5.35714%;\"><span style=\"font-family: 'times new roman', times, serif; font-size: 10pt;\">5<\/span><\/td>\n<td style=\"width: 19.6429%;\"><span style=\"font-family: 'times new roman', times, serif; font-size: 10pt;\">Georg Ludwig<\/span><\/td>\n<td style=\"text-align: center; width: 12.381%;\"><span style=\"font-family: 'times new roman', times, serif; font-size: 10pt;\">21.04.1787<\/span><\/td>\n<td style=\"text-align: center; width: 11.9048%;\"><span style=\"font-family: 'times new roman', times, serif; font-size: 10pt;\">22.04.1787<\/span><\/td>\n<td style=\"text-align: center; width: 11.9048%;\"><span style=\"font-family: 'times new roman', times, serif; font-size: 10pt;\">xx.xx.1801<\/span><\/td>\n<td style=\"text-align: center; width: 11.9048%;\"><\/td>\n<td style=\"text-align: center; width: 11.4286%;\"><\/td>\n<td style=\"text-align: center; width: 7.85714%;\"><\/td>\n<td style=\"text-align: center; width: 7.7381%;\"><\/td>\n<\/tr>\n<tr>\n<td style=\"text-align: center; width: 5.35714%;\"><span style=\"font-family: 'times new roman', times, serif; font-size: 10pt;\">6<\/span><\/td>\n<td style=\"width: 19.6429%;\"><span style=\"font-family: 'times new roman', times, serif; font-size: 10pt;\">Johann Gottfried<\/span><\/td>\n<td style=\"text-align: center; width: 12.381%;\"><span style=\"font-family: 'times new roman', times, serif; font-size: 10pt;\">22.08.1790<\/span><\/td>\n<td style=\"text-align: center; width: 11.9048%;\"><span style=\"font-family: 'times new roman', times, serif; font-size: 10pt;\">24.08.1790<\/span><\/td>\n<td style=\"text-align: center; width: 11.9048%;\"><\/td>\n<td style=\"text-align: center; width: 11.9048%;\"><span style=\"font-family: 'times new roman', times, serif; font-size: 10pt;\">19.01.1838<\/span><\/td>\n<td style=\"text-align: center; width: 11.4286%;\"><span style=\"font-family: 'times new roman', times, serif; font-size: 10pt;\">20.01.1838<\/span><\/td>\n<td style=\"text-align: center; width: 7.85714%;\"><span style=\"font-family: 'times new roman', times, serif; font-size: 10pt;\">47,44<\/span><\/td>\n<td style=\"text-align: center; width: 7.7381%;\"><span style=\"font-family: 'times new roman', times, serif; font-size: 10pt;\">verh.<\/span><\/td>\n<\/tr>\n<tr>\n<td style=\"text-align: center; width: 5.35714%;\"><span style=\"font-family: 'times new roman', times, serif; font-size: 10pt;\">7<\/span><\/td>\n<td style=\"width: 19.6429%;\"><span style=\"font-family: 'times new roman', times, serif; font-size: 10pt;\">Johann Peter<\/span><\/td>\n<td style=\"text-align: center; width: 12.381%;\"><span style=\"font-family: 'times new roman', times, serif; font-size: 10pt;\">29.12.1795<\/span><\/td>\n<td style=\"text-align: center; width: 11.9048%;\"><span style=\"font-family: 'times new roman', times, serif; font-size: 10pt;\">01.01.1796<\/span><\/td>\n<td style=\"text-align: center; width: 11.9048%;\"><\/td>\n<td style=\"text-align: center; width: 11.9048%;\"><\/td>\n<td style=\"text-align: center; width: 11.4286%;\"><\/td>\n<td style=\"text-align: center; width: 7.85714%;\"><\/td>\n<td style=\"text-align: center; width: 7.7381%;\"><\/td>\n<\/tr>\n<\/tbody>\n<\/table>\n<p style=\"text-align: justify;\"><span style=\"font-family: 'times new roman', times, serif; font-size: 10pt;\">Kind Nr. 2) oo 10.12.1811 Becheln mit Johann Andreas Fetz aus Becheln; hat lt. Sterbeeintrag 1 Sohn und 4 T\u00f6chter, die alle noch leben<br \/>\n<\/span><span style=\"font-family: 'times new roman', times, serif; font-size: 10pt;\">Kind Nr. 3) <em>renatus ab obstetrice ob periculum vit\u00e6 \u2026 vero in templo bap&#8230; \u2026 pr\u00e6sentibus susceptoribus et aliis testibus est confirmatus<br \/>\n<\/em><\/span><span style=\"font-family: 'times new roman', times, serif; font-size: 10pt;\">Kind Nr. 4) nochmals konf. 1798; oo 14.03.1815 Becheln mit Maria Philippina Jahn (* 14.10.1794 Happesm\u00fchle; + 15.11.1858 Becheln; illeg. Tochter des Johann Christoph Jahn und der Maria Margaretha Zimmermann); hinterl\u00e4sst lt. Sterbeeintrag 2 S\u00f6hne und 2 T\u00f6chter<br \/>\n<\/span><span style=\"font-family: 'times new roman', times, serif; font-size: 10pt;\">Kind Nr. 6) oo 02.09.1827 Becheln mit Maria Magdalena Buchbinder aus Becheln; Bem. im Sterbeeintrag: <em>Er verehelichte sich 1827, den 2ten September mit Maria Magdalena Buchbinder von Becheln und hinterl\u00e4\u00dft diese mit 2 Kindern, 4 Kinder sind schon fr\u00fcher gestorben.<\/em><\/span><\/p>\n<p style=\"text-align: justify;\"><span style=\"font-family: 'times new roman', times, serif; font-size: 10pt;\"><strong>Paten: zu 1) <\/strong><em>1) Philipp Peter Syxter; 2) Philipp Wagner; 3) Maria Magdalena Hofm\u00e4nnin <\/em>\u2014 <strong>zu 2) <\/strong><em>1) Maria Elisabetha Jacobina, wey[land] Johan Jacob Wagners hinterla\u00dfene Tochter; 2) Maria Elisabetha, weyland Gottfried Wagners zur\u00fcckgela\u00dfene Tochter; 3) Gottfried Goett <\/em>\u2014 <strong>zu 3) <\/strong><em>1) Johan Gottfried Wagner; 2) Johan Jacob Buchbinder; 3) Anna Martha, Joh. Philipp Wermans, d. Z. Schafhirten allhir Ehefrau <\/em>\u2014 <strong>zu 4) <\/strong><em>1) Joh. Philip Wagner; 2) Georg Philip Buchbinder; 3) Maria Magdalena, Joh. Michael Wahls Tochter <\/em>\u2014 <strong>zu 5) <\/strong><em>1) Georg Ludwig Starck von Bohnfeld, freyh[errlich] Gemmingischer Herschaft, patris frater; 2) Johan Andreas, wey[land] Joh. Gottfried Goett hinterla\u00dfener Sohn; 3) Anna Elisabetha, wey[land] Joh. Gottfried Wagners j\u00fcngste Tochter <\/em>\u2014 <strong>zu 6) <\/strong><em>1) Joh. Philip Wagner, wey[land] Gottfried Wagners Sohn von Bechlen; 2) Joh. Gottfried, wey[land] Joh. Gottfried Goett hinterla\u00dfener Sohn von Bechlen; 3) Maria Elisabetha Schinckenbergerin von Fr\u00fccht <\/em>\u2014 <strong>zu 7) <\/strong><em>1) Peter Wahlen Witwe eheliche Tochter mit Nahmen Anna Maria; 2) Philipp Wagener zu Bechlen; 3) Johann Gottfried Wahl zu Bechlen<\/em><\/span><\/p>\n<hr \/>\n<p style=\"text-align: justify;\"><span style=\"font-family: 'times new roman', times, serif; font-size: 10pt;\"><span style=\"color: #ff0000;\"><strong><u>Starck<\/u><\/strong><strong>, Georg Philipp:<\/strong> <\/span>* 14.03.1784 Becheln (gt. 17.03.); konf. 1797; + 03.04.1847 Becheln (bg. 05.04.); Eltern: Georg Friedrich Starck und Anna Maria geb. Wagner<\/span><\/p>\n<p style=\"text-align: justify;\"><span style=\"font-family: 'times new roman', times, serif; font-size: 10pt;\"><strong>oo 14.03.1815 Becheln<\/strong> mit <strong><u>Jahn<\/u>, Maria Philippina:<\/strong> * illeg. 14.10.1794 Happesm\u00fchle; konf. 05.06.1808 Dornholzhausen; + 15.11.1858 Becheln (bg. 18.11.); Eltern: Johann Christoph Jahn, M\u00fcller in der Habbesm\u00fchle bei Geisig, und Maria Margaretha Zimmermann<\/span><\/p>\n<table style=\"width: 100%;\">\n<tbody>\n<tr>\n<td style=\"text-align: center; width: 5.47619%;\" width=\"22\"><span style=\"font-family: 'times new roman', times, serif; font-size: 10pt;\"><strong>Nr.<\/strong><\/span><\/td>\n<td style=\"width: 20.9524%;\" width=\"144\"><span style=\"font-family: 'times new roman', times, serif; font-size: 10pt;\"><strong>Vorname (normiert)<\/strong><\/span><\/td>\n<td style=\"text-align: center; width: 12.5%;\" width=\"78\"><span style=\"font-family: 'times new roman', times, serif; font-size: 10pt;\"><strong>geboren<\/strong><\/span><\/td>\n<td style=\"text-align: center; width: 12.0238%;\" width=\"74\"><span style=\"font-family: 'times new roman', times, serif; font-size: 10pt;\"><strong>getauft<\/strong><\/span><\/td>\n<td style=\"text-align: center; width: 12.0238%;\" width=\"74\"><span style=\"font-family: 'times new roman', times, serif; font-size: 10pt;\"><strong>konfirmiert<\/strong><\/span><\/td>\n<td style=\"text-align: center; width: 10.9524%;\" width=\"66\"><span style=\"font-family: 'times new roman', times, serif; font-size: 10pt;\"><strong>gestorben<\/strong><\/span><\/td>\n<td style=\"text-align: center; width: 10.4762%;\" width=\"63\"><span style=\"font-family: 'times new roman', times, serif; font-size: 10pt;\"><strong>begraben<\/strong><\/span><\/td>\n<td style=\"text-align: center; width: 7.5%;\" width=\"41\"><span style=\"font-family: 'times new roman', times, serif; font-size: 10pt;\"><strong>Alter<\/strong><\/span><\/td>\n<td style=\"text-align: center; width: 7.97619%;\" width=\"44\"><span style=\"font-family: 'times new roman', times, serif; font-size: 10pt;\"><strong>Stand<\/strong><\/span><\/td>\n<\/tr>\n<tr>\n<td style=\"text-align: center; width: 5.47619%;\" width=\"22\"><span style=\"font-family: 'times new roman', times, serif; font-size: 10pt;\">1<\/span><\/td>\n<td style=\"width: 20.9524%;\" width=\"144\"><span style=\"font-family: 'times new roman', times, serif; font-size: 10pt;\">Maria Christina<\/span><\/td>\n<td style=\"text-align: center; width: 12.5%;\" width=\"78\"><span style=\"font-family: 'times new roman', times, serif; font-size: 10pt;\">23.12.1815<\/span><\/td>\n<td style=\"text-align: center; width: 12.0238%;\" width=\"74\"><span style=\"font-family: 'times new roman', times, serif; font-size: 10pt;\">26.12.1815<\/span><\/td>\n<td style=\"text-align: center; width: 12.0238%;\" width=\"74\"><span style=\"font-family: 'times new roman', times, serif; font-size: 10pt;\">07.06.1829<\/span><\/td>\n<td style=\"text-align: center; width: 10.9524%;\" width=\"66\"><\/td>\n<td style=\"text-align: center; width: 10.4762%;\" width=\"63\"><\/td>\n<td style=\"text-align: center; width: 7.5%;\" width=\"41\"><\/td>\n<td style=\"text-align: center; width: 7.97619%;\" width=\"44\"><span style=\"font-family: 'times new roman', times, serif; font-size: 10pt;\">verh.<\/span><\/td>\n<\/tr>\n<\/tbody>\n<\/table>\n<p style=\"text-align: justify;\"><span style=\"font-family: 'times new roman', times, serif; font-size: 10pt;\">Kind Nr. 1) oo 28.09.1856 Dienethal mit Johann Philipp <em>Kaaf\/Kaff<\/em> (lt. Traueintrag * 09.12.1808 Dienethal (nicht im Taufbuch!); Eltern: Johann <em>Kaaf<\/em> zu Scheuern und Maria Magdalena geb. <em>Jeckel<\/em> [?])<\/span><\/p>\n<p style=\"text-align: justify;\"><span style=\"font-family: 'times new roman', times, serif; font-size: 10pt;\"><strong>Paten: <\/strong><em>1) Joh. Gottfried Stark; 2) Maria Katharina Goettin; beide von Becheln; u. 3) Christina Zimmerm\u00e4nnin v[on] Scheuern<\/em><\/span><\/p>\n<hr \/>\n<p><span style=\"font-size: 10pt; font-family: times new roman, times, serif;\"><b>Letztes Update: 5. Juni 2024<\/b><\/span><br \/>\n<span style=\"font-size: 10pt; font-family: times new roman, times, serif;\"><b>Ralph Jackmuth<\/b><\/span><\/p>\n","protected":false},"excerpt":{"rendered":"<p>Starck, Georg Friedrich: Tagel\u00f6hner, Hirt in Schweighausen (1790); * 19.10.1742 Bonfeld (Bad Rappenau, Lkr. Heilbronn) (gt. 20.10., Paten: Anna Veronica Rothwangin, virgo, u. Joh. Friedrich Oberm\u00fcller; item Joh. Georg Mann, Schmied u. de\u00df Gerichts allhier); + 23.12.1807 Becheln, 65 Jahre, 2 Monate und 3 Tage alt (bg. 25.12.); Eltern: Johann Dietrich Starck und Regina Felicitas &hellip; <a href=\"https:\/\/www.ahnenforschung-jackmuth.de\/?page_id=11559\" class=\"more-link\"><span class=\"screen-reader-text\">\u201eOFB Becheln &#8211; Starck\u201c<\/span> weiterlesen<\/a><\/p>\n","protected":false},"author":1,"featured_media":0,"parent":0,"menu_order":0,"comment_status":"closed","ping_status":"closed","template":"","meta":{"footnotes":""},"class_list":["post-11559","page","type-page","status-publish","hentry"],"_links":{"self":[{"href":"https:\/\/www.ahnenforschung-jackmuth.de\/index.php?rest_route=\/wp\/v2\/pages\/11559","targetHints":{"allow":["GET"]}}],"collection":[{"href":"https:\/\/www.ahnenforschung-jackmuth.de\/index.php?rest_route=\/wp\/v2\/pages"}],"about":[{"href":"https:\/\/www.ahnenforschung-jackmuth.de\/index.php?rest_route=\/wp\/v2\/types\/page"}],"author":[{"embeddable":true,"href":"https:\/\/www.ahnenforschung-jackmuth.de\/index.php?rest_route=\/wp\/v2\/users\/1"}],"replies":[{"embeddable":true,"href":"https:\/\/www.ahnenforschung-jackmuth.de\/index.php?rest_route=%2Fwp%2Fv2%2Fcomments&post=11559"}],"version-history":[{"count":0,"href":"https:\/\/www.ahnenforschung-jackmuth.de\/index.php?rest_route=\/wp\/v2\/pages\/11559\/revisions"}],"wp:attachment":[{"href":"https:\/\/www.ahnenforschung-jackmuth.de\/index.php?rest_route=%2Fwp%2Fv2%2Fmedia&parent=11559"}],"curies":[{"name":"wp","href":"https:\/\/api.w.org\/{rel}","templated":true}]}}