{"id":11554,"date":"2024-06-05T12:40:48","date_gmt":"2024-06-05T12:40:48","guid":{"rendered":"https:\/\/www.ahnenforschung-jackmuth.de\/?page_id=11554"},"modified":"2024-06-05T12:41:01","modified_gmt":"2024-06-05T12:41:01","slug":"ofb-becheln-stahl","status":"publish","type":"page","link":"https:\/\/www.ahnenforschung-jackmuth.de\/?page_id=11554","title":{"rendered":"OFB Becheln &#8211; Stahl"},"content":{"rendered":"<p style=\"text-align: justify;\"><span style=\"font-family: 'times new roman', times, serif; font-size: 10pt;\"><span style=\"color: #ff0000;\"><strong><u>Stahl<\/u><\/strong><\/span><strong><span style=\"color: #ff0000;\">, Johann Anton:<\/span> <\/strong>* 29.10.1740 Fr\u00fccht (gt. 01.11.); + 06.12.1788 Becheln, 48 Jahre, 1 Monat 7 Tage alt (bg. 08.12.); illeg. Sohn des Johann Henrich Stahl (\u00e4ltester Sohn des Johann Henrich Stahl vom Giesh\u00fcbel) und der Maria Magdalena Ansel aus Fr\u00fccht, seiner Dienstmagd<\/span><\/p>\n<p style=\"text-align: justify;\"><span style=\"font-family: 'times new roman', times, serif; font-size: 10pt;\"><strong>oo 29.10.1778 Becheln<\/strong> mit <strong><u>Kunz<\/u>, Christina Elisabeth:<\/strong> gt. 07.06.1753 Becheln; + 25.05.1818 Becheln (bg. 27.05.); Eltern: Johann Peter Kunz und Maria Margaretha geb. Patron<\/span><\/p>\n<table style=\"width: 100%;\">\n<tbody>\n<tr>\n<td style=\"text-align: center; width: 5.47619%;\" width=\"21\"><span style=\"font-family: 'times new roman', times, serif; font-size: 10pt;\"><strong>Nr.<\/strong><\/span><\/td>\n<td style=\"width: 19.6429%;\" width=\"135\"><span style=\"font-family: 'times new roman', times, serif; font-size: 10pt;\"><strong>Vorname (normiert)<\/strong><\/span><\/td>\n<td style=\"text-align: center; width: 12.2619%;\" width=\"76\"><span style=\"font-family: 'times new roman', times, serif; font-size: 10pt;\"><strong>geboren<\/strong><\/span><\/td>\n<td style=\"text-align: center; width: 11.9048%;\" width=\"73\"><span style=\"font-family: 'times new roman', times, serif; font-size: 10pt;\"><strong>getauft<\/strong><\/span><\/td>\n<td style=\"text-align: center; width: 11.9048%;\" width=\"73\"><span style=\"font-family: 'times new roman', times, serif; font-size: 10pt;\"><strong>konfirmiert<\/strong><\/span><\/td>\n<td style=\"text-align: center; width: 11.9048%;\" width=\"73\"><span style=\"font-family: 'times new roman', times, serif; font-size: 10pt;\"><strong>gestorben<\/strong><\/span><\/td>\n<td style=\"text-align: center; width: 11.4286%;\" width=\"70\"><span style=\"font-family: 'times new roman', times, serif; font-size: 10pt;\"><strong>begraben<\/strong><\/span><\/td>\n<td style=\"text-align: center; width: 7.85714%;\" width=\"43\"><span style=\"font-family: 'times new roman', times, serif; font-size: 10pt;\"><strong>Alter<\/strong><\/span><\/td>\n<td style=\"text-align: center; width: 7.7381%;\" width=\"42\"><span style=\"font-family: 'times new roman', times, serif; font-size: 10pt;\"><strong>Stand<\/strong><\/span><\/td>\n<\/tr>\n<tr>\n<td style=\"text-align: center; width: 5.47619%;\" width=\"21\"><span style=\"font-family: 'times new roman', times, serif; font-size: 10pt;\">1<\/span><\/td>\n<td style=\"width: 19.6429%;\" width=\"135\"><span style=\"font-family: 'times new roman', times, serif; font-size: 10pt;\">Johann Michael<\/span><\/td>\n<td style=\"text-align: center; width: 12.2619%;\" width=\"76\"><span style=\"font-family: 'times new roman', times, serif; font-size: 10pt;\">12.12.1779<\/span><\/td>\n<td style=\"text-align: center; width: 11.9048%;\" width=\"73\"><span style=\"font-family: 'times new roman', times, serif; font-size: 10pt;\">12.12.1779<\/span><\/td>\n<td style=\"text-align: center; width: 11.9048%;\" width=\"73\"><span style=\"font-family: 'times new roman', times, serif; font-size: 10pt;\">26.05.1793<\/span><\/td>\n<td style=\"text-align: center; width: 11.9048%;\" width=\"73\"><span style=\"font-family: 'times new roman', times, serif; font-size: 10pt;\">16.01.1832<\/span><\/td>\n<td style=\"text-align: center; width: 11.4286%;\" width=\"70\"><span style=\"font-family: 'times new roman', times, serif; font-size: 10pt;\">18.01.1832<\/span><\/td>\n<td style=\"text-align: center; width: 7.85714%;\" width=\"43\"><span style=\"font-family: 'times new roman', times, serif; font-size: 10pt;\">52,13<\/span><\/td>\n<td style=\"text-align: center; width: 7.7381%;\" width=\"42\"><span style=\"font-family: 'times new roman', times, serif; font-size: 10pt;\">ledig<\/span><\/td>\n<\/tr>\n<tr>\n<td style=\"text-align: center; width: 5.47619%;\"><span style=\"font-family: 'times new roman', times, serif; font-size: 10pt;\">2<\/span><\/td>\n<td style=\"width: 19.6429%;\"><span style=\"font-family: 'times new roman', times, serif; font-size: 10pt;\">Katharina Magdalena<\/span><\/td>\n<td style=\"text-align: center; width: 12.2619%;\"><span style=\"font-family: 'times new roman', times, serif; font-size: 10pt;\">17.04.1781<\/span><\/td>\n<td style=\"text-align: center; width: 11.9048%;\"><span style=\"font-family: 'times new roman', times, serif; font-size: 10pt;\">20.04.1781<\/span><\/td>\n<td style=\"text-align: center; width: 11.9048%;\"><\/td>\n<td style=\"text-align: center; width: 11.9048%;\"><span style=\"font-family: 'times new roman', times, serif; font-size: 10pt;\">09.03.1843<\/span><\/td>\n<td style=\"text-align: center; width: 11.4286%;\"><span style=\"font-family: 'times new roman', times, serif; font-size: 10pt;\">12.03.1843<\/span><\/td>\n<td style=\"text-align: center; width: 7.85714%;\"><span style=\"font-family: 'times new roman', times, serif; font-size: 10pt;\">61,93<\/span><\/td>\n<td style=\"text-align: center; width: 7.7381%;\"><span style=\"font-family: 'times new roman', times, serif; font-size: 10pt;\">ledig<\/span><\/td>\n<\/tr>\n<tr>\n<td style=\"text-align: center; width: 5.47619%;\"><span style=\"font-family: 'times new roman', times, serif; font-size: 10pt;\">3<\/span><\/td>\n<td style=\"width: 19.6429%;\"><span style=\"font-family: 'times new roman', times, serif; font-size: 10pt;\">Anna Regina<\/span><\/td>\n<td style=\"text-align: center; width: 12.2619%;\"><span style=\"font-family: 'times new roman', times, serif; font-size: 10pt;\">06.04.1784<\/span><\/td>\n<td style=\"text-align: center; width: 11.9048%;\"><span style=\"font-family: 'times new roman', times, serif; font-size: 10pt;\">08.04.1784<\/span><\/td>\n<td style=\"text-align: center; width: 11.9048%;\"><\/td>\n<td style=\"text-align: center; width: 11.9048%;\"><span style=\"font-family: 'times new roman', times, serif; font-size: 10pt;\">03.11.1785<\/span><\/td>\n<td style=\"text-align: center; width: 11.4286%;\"><span style=\"font-family: 'times new roman', times, serif; font-size: 10pt;\">06.11.1785<\/span><\/td>\n<td style=\"text-align: center; width: 7.85714%;\"><span style=\"font-family: 'times new roman', times, serif; font-size: 10pt;\">1,58<\/span><\/td>\n<td style=\"text-align: center; width: 7.7381%;\"><\/td>\n<\/tr>\n<tr>\n<td style=\"text-align: center; width: 5.47619%;\"><span style=\"font-family: 'times new roman', times, serif; font-size: 10pt;\">4<\/span><\/td>\n<td style=\"width: 19.6429%;\"><span style=\"font-family: 'times new roman', times, serif; font-size: 10pt;\">Maria Elisabeth<\/span><\/td>\n<td style=\"text-align: center; width: 12.2619%;\"><span style=\"font-family: 'times new roman', times, serif; font-size: 10pt;\">10.09.1786<\/span><\/td>\n<td style=\"text-align: center; width: 11.9048%;\"><span style=\"font-family: 'times new roman', times, serif; font-size: 10pt;\">12.09.1786<\/span><\/td>\n<td style=\"text-align: center; width: 11.9048%;\"><span style=\"font-family: 'times new roman', times, serif; font-size: 10pt;\">xx.xx.1801<\/span><\/td>\n<td style=\"text-align: center; width: 11.9048%;\"><span style=\"font-family: 'times new roman', times, serif; font-size: 10pt;\">26.02.1851<\/span><\/td>\n<td style=\"text-align: center; width: 11.4286%;\"><span style=\"font-family: 'times new roman', times, serif; font-size: 10pt;\">01.03.1851<\/span><\/td>\n<td style=\"text-align: center; width: 7.85714%;\"><span style=\"font-family: 'times new roman', times, serif; font-size: 10pt;\">64,50<\/span><\/td>\n<td style=\"text-align: center; width: 7.7381%;\"><span style=\"font-family: 'times new roman', times, serif; font-size: 10pt;\">verh.<\/span><\/td>\n<\/tr>\n<tr>\n<td style=\"text-align: center; width: 5.47619%;\"><span style=\"font-family: 'times new roman', times, serif; font-size: 10pt;\">5<\/span><\/td>\n<td style=\"width: 19.6429%;\"><span style=\"font-family: 'times new roman', times, serif; font-size: 10pt;\">Anna Maria<\/span><\/td>\n<td style=\"text-align: center; width: 12.2619%;\"><span style=\"font-family: 'times new roman', times, serif; font-size: 10pt;\">04.05.1789<\/span><\/td>\n<td style=\"text-align: center; width: 11.9048%;\"><span style=\"font-family: 'times new roman', times, serif; font-size: 10pt;\">06.05.1789<\/span><\/td>\n<td style=\"text-align: center; width: 11.9048%;\"><\/td>\n<td style=\"text-align: center; width: 11.9048%;\"><\/td>\n<td style=\"text-align: center; width: 11.4286%;\"><\/td>\n<td style=\"text-align: center; width: 7.85714%;\"><\/td>\n<td style=\"text-align: center; width: 7.7381%;\"><span style=\"font-family: 'times new roman', times, serif; font-size: 10pt;\">verh.<\/span><\/td>\n<\/tr>\n<\/tbody>\n<\/table>\n<p style=\"text-align: justify;\"><span style=\"font-family: 'times new roman', times, serif; font-size: 10pt;\">Kind Nr. 1) Tagel\u00f6hner (lt. Sterbeeintrag)<br \/>\n<\/span><span style=\"font-family: 'times new roman', times, serif; font-size: 10pt;\">Kind Nr. 2) hat wohl illeg. Kind Maria Elisabeth Friederika * 12.04.1813 Becheln (Vater unbekannt)<br \/>\n<\/span><span style=\"font-family: 'times new roman', times, serif; font-size: 10pt;\">Kind Nr. 4) hat illeg. Kinder: 1) Elisabeth Katharina * 23.03.1807 Becheln (Vater: ein frz. Soldat, in Braubach im Winterquartier); 2) Johann Andreas * 28.02.1812 Becheln (Vater: Johann Gottfried H\u00e4user aus Niederbachheim) \u2014 oo 08.10.1826 Becheln mit Valentin Fuchs (kath.; * 14.02.1787 Schloss Liebenstein, Amt Braubach; + 02.02.1847 (nicht in Becheln)); Eltern: Bartholom\u00e4us Fuchs, Tagel\u00f6hner, und Margaretha geb. Mallmann); Bem. im Sterbeeintrag: <em>Sie hinterl\u00e4\u00dft zwei S\u00f6hne aus dieser Ehe und eine au\u00dfer derselben von ihr erzeugte Tochter.<br \/>\n<\/em><\/span><span style=\"font-family: 'times new roman', times, serif; font-size: 10pt;\">Kind Nr. 5) * <em>posthuma patris<\/em>; hat illeg. Kind Maria Katharina Wilhelmina * 07.07.1813 Becheln (Vater: Johannes Caffa aus Dornholzhausen); oo 12.11.1820 Ems mit Johann Ludwig Brand, Bergmann zu Ems (* 22.11.1784 Neuwied; Eltern: Johann Jakob Brand, Tagel\u00f6hner zu Ems, und Henriette geb. N. N.; oo I. mit Gertrud geb. Neeb von K\u00f6nigszug [?] in der Pfalz (+ 20.02.1820))<\/span><\/p>\n<p style=\"text-align: justify;\"><span style=\"font-family: 'times new roman', times, serif; font-size: 10pt;\"><strong>Paten: zu 1) <\/strong><em>1) Johan Michael Kunz; 2) Joh. Georg Ansel; 3) Anna Maria, Joh. Philip L\u00f6wenstein ehe[liche] Tochter <\/em>\u2014 <strong>zu 2)<\/strong> <em>1) Maria Magdalena Linckenbachin vom Bad; 2) Catharina Elisabetha Anselin von Fr\u00fccht; 3) Joh. Philip Wahl von Bechlen <\/em>\u2014 <strong>zu 3)<\/strong> <em>1) Catharina Regina, Gottfried Kunzen Ehefrau zu Embs; 2) Anna Maria, Georg Philip Flickens Ehefrau zu Embs; 3) Philips Peter Syxter von Bechlen <\/em>\u2014 <strong>zu 4)<\/strong> <em>1) Anna Elisabetha Fetzin aus der Bechler M\u00fchl; 2) Maria Magdalena, wey[land] Andreas Schmidts Tochter; 3) Georg Anton, Joh. Henrich Elperskirch Sohn von Dornholzhau\u00dfen <\/em>\u2014 <strong>zu 5)<\/strong> <em>1) Johan Thilo, Joh. Philip L\u00f6wensteins ehe[licher] Sohn; 2) Anna Eva, Anton Klein Tochter zu Gish\u00fcbel; 3) Maria Catharina, Joh. Henrich Flicks Ehefrau von Embs<\/em><\/span><\/p>\n<hr \/>\n<p style=\"text-align: justify;\"><span style=\"font-family: 'times new roman', times, serif; font-size: 10pt;\"><span style=\"color: #ff0000;\"><strong><u>Stahl<\/u><\/strong><strong>, Maria Elisabeth:<\/strong> <\/span>* 10.09.1786 Becheln (gt. 12.09.); konf. 1801; + 26.02.1851 Becheln (bg. 01.03.); Eltern: Johann Anton Stahl und Christina Elisabeth geb. Kunz; oo 08.10.1826 Becheln mit Valentin Fuchs (kath.; * 14.02.1787 Schloss Liebenstein, Amt Braubach; + 02.02.1847 (nicht in Becheln)); Eltern: Bartholom\u00e4us Fuchs, Tagel\u00f6hner, und Margaretha geb. Mallmann); Bem. im Sterbeeintrag: <em>Sie hinterl\u00e4\u00dft zwei S\u00f6hne aus dieser Ehe und eine au\u00dfer derselben von ihr erzeugte Tochter <\/em>\u2014 Sie wurde lt. Taufeintrag 1812 auf einem Weg zwischen Becheln und Dachsenhausen geschw\u00e4ngert.<\/span><\/p>\n<p><span style=\"font-family: 'times new roman', times, serif; font-size: 10pt;\"><strong>o-o I. mit N. N.:<\/strong> ein frz. Soldat, in Braubach im Winterquartier<\/span><\/p>\n<table style=\"width: 100%;\">\n<tbody>\n<tr>\n<td style=\"text-align: center; width: 5.47619%;\" width=\"22\"><span style=\"font-family: 'times new roman', times, serif; font-size: 10pt;\"><strong>Nr.<\/strong><\/span><\/td>\n<td style=\"width: 22.8571%;\" width=\"158\"><span style=\"font-family: 'times new roman', times, serif; font-size: 10pt;\"><strong>Vorname (normiert)<\/strong><\/span><\/td>\n<td style=\"text-align: center; width: 10.9524%;\" width=\"66\"><span style=\"font-family: 'times new roman', times, serif; font-size: 10pt;\"><strong>geboren<\/strong><\/span><\/td>\n<td style=\"text-align: center; width: 12.0238%;\" width=\"74\"><span style=\"font-family: 'times new roman', times, serif; font-size: 10pt;\"><strong>getauft<\/strong><\/span><\/td>\n<td style=\"text-align: center; width: 12.0238%;\" width=\"74\"><span style=\"font-family: 'times new roman', times, serif; font-size: 10pt;\"><strong>konfirmiert<\/strong><\/span><\/td>\n<td style=\"text-align: center; width: 10.9524%;\" width=\"66\"><span style=\"font-family: 'times new roman', times, serif; font-size: 10pt;\"><strong>gestorben<\/strong><\/span><\/td>\n<td style=\"text-align: center; width: 10.7143%;\" width=\"64\"><span style=\"font-family: 'times new roman', times, serif; font-size: 10pt;\"><strong>begraben<\/strong><\/span><\/td>\n<td style=\"text-align: center; width: 7.5%;\" width=\"41\"><span style=\"font-family: 'times new roman', times, serif; font-size: 10pt;\"><strong>Alter<\/strong><\/span><\/td>\n<td style=\"text-align: center; width: 7.38095%;\" width=\"40\"><span style=\"font-family: 'times new roman', times, serif; font-size: 10pt;\"><strong>Stand<\/strong><\/span><\/td>\n<\/tr>\n<tr>\n<td style=\"text-align: center; width: 5.47619%;\" width=\"22\"><span style=\"font-family: 'times new roman', times, serif; font-size: 10pt;\">1<\/span><\/td>\n<td style=\"width: 22.8571%;\" width=\"158\"><span style=\"font-family: 'times new roman', times, serif; font-size: 10pt;\">Elisabeth Katharina (illeg.)<\/span><\/td>\n<td style=\"text-align: center; width: 10.9524%;\" width=\"66\"><span style=\"font-family: 'times new roman', times, serif; font-size: 10pt;\">23.03.1807<\/span><\/td>\n<td style=\"text-align: center; width: 12.0238%;\" width=\"74\"><span style=\"font-family: 'times new roman', times, serif; font-size: 10pt;\">25.03.1807<\/span><\/td>\n<td style=\"text-align: center; width: 12.0238%;\" width=\"74\"><span style=\"font-family: 'times new roman', times, serif; font-size: 10pt;\">03.06.1821<\/span><\/td>\n<td style=\"text-align: center; width: 10.9524%;\" width=\"66\"><\/td>\n<td style=\"text-align: center; width: 10.7143%;\" width=\"64\"><\/td>\n<td style=\"text-align: center; width: 7.5%;\" width=\"41\"><\/td>\n<td style=\"text-align: center; width: 7.38095%;\" width=\"40\"><\/td>\n<\/tr>\n<\/tbody>\n<\/table>\n<p style=\"text-align: justify;\"><span style=\"font-family: 'times new roman', times, serif; font-size: 10pt;\">Eintragstext: <em>Anno 1807, den 23ten Merz wurde der Maria Elisabetha Stahlin eine unehliche Tochter gebohren und giebt zum Vatter des Kindes an einen franz\u00f6sischen Soldaten, so damals in Braubach sein Winterquartier gehabt. Dieses Kind wurde getauft den 25ten Merz. Taufzeugen waren: 1) Elisabetha Catharina, des Gottfried G\u00f6then Ehefrau von Bechlen; 2) Georg Daniel Wolf, dem zeitlichen Praeceptor sein Sohn; 3) Catharina Stahlin; alle von Bechlen. Der Name des Kindes ist Elisabetha Catharina.<\/em><\/span><\/p>\n<p><span style=\"font-family: 'times new roman', times, serif; font-size: 10pt;\"><strong>o-o II.<\/strong> mit <strong><u>H\u00e4user<\/u>, Johann Gottfried:<\/strong> aus Niederbachheim; wurde bei Amt als Vater anerkannt<\/span><\/p>\n<table style=\"width: 100%;\">\n<tbody>\n<tr>\n<td style=\"text-align: center; width: 5.35714%;\" width=\"21\"><span style=\"font-family: 'times new roman', times, serif; font-size: 10pt;\"><strong>Nr.<\/strong><\/span><\/td>\n<td style=\"width: 19.5238%;\" width=\"133\"><span style=\"font-family: 'times new roman', times, serif; font-size: 10pt;\"><strong>Vorname (normiert)<\/strong><\/span><\/td>\n<td style=\"text-align: center; width: 12.381%;\" width=\"77\"><span style=\"font-family: 'times new roman', times, serif; font-size: 10pt;\"><strong>geboren<\/strong><\/span><\/td>\n<td style=\"text-align: center; width: 11.9048%;\" width=\"73\"><span style=\"font-family: 'times new roman', times, serif; font-size: 10pt;\"><strong>getauft<\/strong><\/span><\/td>\n<td style=\"text-align: center; width: 11.9048%;\" width=\"73\"><span style=\"font-family: 'times new roman', times, serif; font-size: 10pt;\"><strong>konfirmiert<\/strong><\/span><\/td>\n<td style=\"text-align: center; width: 11.9048%;\" width=\"73\"><span style=\"font-family: 'times new roman', times, serif; font-size: 10pt;\"><strong>gestorben<\/strong><\/span><\/td>\n<td style=\"text-align: center; width: 11.4286%;\" width=\"70\"><span style=\"font-family: 'times new roman', times, serif; font-size: 10pt;\"><strong>begraben<\/strong><\/span><\/td>\n<td style=\"text-align: center; width: 7.85714%;\" width=\"43\"><span style=\"font-family: 'times new roman', times, serif; font-size: 10pt;\"><strong>Alter<\/strong><\/span><\/td>\n<td style=\"text-align: center; width: 7.7381%;\" width=\"42\"><span style=\"font-family: 'times new roman', times, serif; font-size: 10pt;\"><strong>Stand<\/strong><\/span><\/td>\n<\/tr>\n<tr>\n<td style=\"text-align: center; width: 5.35714%;\" width=\"21\"><span style=\"font-family: 'times new roman', times, serif; font-size: 10pt;\">1<\/span><\/td>\n<td style=\"width: 19.5238%;\" width=\"133\"><span style=\"font-family: 'times new roman', times, serif; font-size: 10pt;\">Johann Andreas (illeg.)<\/span><\/td>\n<td style=\"text-align: center; width: 12.381%;\" width=\"77\"><span style=\"font-family: 'times new roman', times, serif; font-size: 10pt;\">28.02.1812<\/span><\/td>\n<td style=\"text-align: center; width: 11.9048%;\" width=\"73\"><span style=\"font-family: 'times new roman', times, serif; font-size: 10pt;\">03.03.1812<\/span><\/td>\n<td style=\"text-align: center; width: 11.9048%;\" width=\"73\"><span style=\"font-family: 'times new roman', times, serif; font-size: 10pt;\">04.06.1826<\/span><\/td>\n<td style=\"text-align: center; width: 11.9048%;\" width=\"73\"><span style=\"font-family: 'times new roman', times, serif; font-size: 10pt;\">28.05.1847<\/span><\/td>\n<td style=\"text-align: center; width: 11.4286%;\" width=\"70\"><span style=\"font-family: 'times new roman', times, serif; font-size: 10pt;\">30.05.1847<\/span><\/td>\n<td style=\"text-align: center; width: 7.85714%;\" width=\"43\"><span style=\"font-family: 'times new roman', times, serif; font-size: 10pt;\">35,27<\/span><\/td>\n<td style=\"text-align: center; width: 7.7381%;\" width=\"42\"><span style=\"font-family: 'times new roman', times, serif; font-size: 10pt;\">verh.<\/span><\/td>\n<\/tr>\n<\/tbody>\n<\/table>\n<p style=\"text-align: justify;\"><span style=\"font-family: 'times new roman', times, serif; font-size: 10pt;\">Kind Nr. 1) + an Auszehrung; oo 26.01.1840 Becheln mit Maria Elisabeth H\u00e4user (* 23.07.1819 Becheln; illeg. Tochter der Maria Magdalena H\u00e4user (Tochter des Johann Japhet H\u00e4user aus Niederbachheim)); hinterl\u00e4sst lt. Sterbeeintrag 1 Sohn, 1 Tochter ist gestorben, 1 Totgeburt<\/span><\/p>\n<p style=\"text-align: justify;\"><span style=\"font-family: 'times new roman', times, serif; font-size: 10pt;\">Eintragstext: <em>Den 28ten Febr[uarii] mogens 10 Uhr kam mit einem Buben nieder Maria Elisabetha Stahlin von Bechlen. Den 3ten Merz wurde es getauft, wo als Pathen zugegen waren: 1) Joh. Michael Stahl; 2) Joh. Andreas Metz; u. 3) Maria Elisabetha Anselin, welche ihm die Vornamen ertheilten: Joh. Andreas. Als Vater gab sie noch zur Zeit an: Joh. Gottfried H\u00e4user von Bachheim, der sie auf einem Weg zwischen Bechlen u[nd] Dachsenhausen geschw\u00e4ngert habe.<\/em><\/span><\/p>\n<hr \/>\n<p style=\"text-align: justify;\"><span style=\"font-family: 'times new roman', times, serif; font-size: 10pt;\"><span style=\"color: #ff0000;\"><strong><u>Stahl<\/u><\/strong><\/span><strong><span style=\"color: #ff0000;\">, Katharina:<\/span> <\/strong>wohl * 17.04.1781 Becheln und gt. 20.04.1781 als Katharina Magdalena; + 09.03.1843 Becheln (bg. 12.03.); Eltern: Johann Anton Stahl und Christina Elisabeth geb. Kunz<\/span><\/p>\n<p><span style=\"font-family: 'times new roman', times, serif; font-size: 10pt;\"><strong>o-o<\/strong> mit <strong>N. N.<\/strong><\/span><\/p>\n<table style=\"width: 100%;\">\n<tbody>\n<tr>\n<td style=\"text-align: center; width: 5.2381%;\" width=\"22\"><span style=\"font-family: 'times new roman', times, serif; font-size: 10pt;\"><strong>Nr.<\/strong><\/span><\/td>\n<td style=\"width: 21.6667%;\" width=\"147\"><span style=\"font-family: 'times new roman', times, serif; font-size: 10pt;\"><strong>Vorname (normiert)<\/strong><\/span><\/td>\n<td style=\"text-align: center; width: 12.5%;\" width=\"78\"><span style=\"font-family: 'times new roman', times, serif; font-size: 10pt;\"><strong>geboren<\/strong><\/span><\/td>\n<td style=\"text-align: center; width: 12.0238%;\" width=\"74\"><span style=\"font-family: 'times new roman', times, serif; font-size: 10pt;\"><strong>getauft<\/strong><\/span><\/td>\n<td style=\"text-align: center; width: 12.0238%;\" width=\"74\"><span style=\"font-family: 'times new roman', times, serif; font-size: 10pt;\"><strong>konfirmiert<\/strong><\/span><\/td>\n<td style=\"text-align: center; width: 10.8333%;\" width=\"65\"><span style=\"font-family: 'times new roman', times, serif; font-size: 10pt;\"><strong>gestorben<\/strong><\/span><\/td>\n<td style=\"text-align: center; width: 10.3571%;\" width=\"62\"><span style=\"font-family: 'times new roman', times, serif; font-size: 10pt;\"><strong>begraben<\/strong><\/span><\/td>\n<td style=\"text-align: center; width: 7.38095%;\" width=\"40\"><span style=\"font-family: 'times new roman', times, serif; font-size: 10pt;\"><strong>Alter<\/strong><\/span><\/td>\n<td style=\"text-align: center; width: 7.85714%;\" width=\"43\"><span style=\"font-family: 'times new roman', times, serif; font-size: 10pt;\"><strong>Stand<\/strong><\/span><\/td>\n<\/tr>\n<tr>\n<td style=\"text-align: center; width: 5.2381%;\" width=\"22\"><span style=\"font-family: 'times new roman', times, serif; font-size: 10pt;\">1<\/span><\/td>\n<td style=\"width: 21.6667%;\" width=\"147\"><span style=\"font-family: 'times new roman', times, serif; font-size: 10pt;\">Maria Elis.Friederika<\/span><\/td>\n<td style=\"text-align: center; width: 12.5%;\" width=\"78\"><span style=\"font-family: 'times new roman', times, serif; font-size: 10pt;\">12.04.1813<\/span><\/td>\n<td style=\"text-align: center; width: 12.0238%;\" width=\"74\"><span style=\"font-family: 'times new roman', times, serif; font-size: 10pt;\">19.04.1813<\/span><\/td>\n<td style=\"text-align: center; width: 12.0238%;\" width=\"74\"><span style=\"font-family: 'times new roman', times, serif; font-size: 10pt;\">03.06.1827<\/span><\/td>\n<td style=\"text-align: center; width: 10.8333%;\" width=\"65\"><\/td>\n<td style=\"text-align: center; width: 10.3571%;\" width=\"62\"><\/td>\n<td style=\"text-align: center; width: 7.38095%;\" width=\"40\"><\/td>\n<td style=\"text-align: center; width: 7.85714%;\" width=\"43\"><span style=\"font-family: 'times new roman', times, serif; font-size: 10pt;\">verh.<\/span><\/td>\n<\/tr>\n<\/tbody>\n<\/table>\n<p style=\"text-align: justify;\"><span style=\"font-family: 'times new roman', times, serif; font-size: 10pt;\">Kind Nr. 1) oo 25.06.1843 Spie\u00df mit Anton Bogler (* 20.12.1815 Rhens; Eltern: Jakob Bogler, Leinweber, und Margaretha geb, Loef, wohnhaft zu Rhens); prokl. 07.05., 14.05. und 21.05.1843 Becheln, die Dimissorialen am 03.06.1843 ans Pfarramt Spie\u00df<\/span><\/p>\n<p style=\"text-align: justify;\"><span style=\"font-family: 'times new roman', times, serif; font-size: 10pt;\">Eintragstext: <em>Den 12ten April mittags 3 Uhr kam mit einem M\u00e4dchen nieder Katharina Stahlin, welche durch den zeitlichen Pfarrer aus h[erzoglichem] Amt berichten lie\u00df, da\u00df sie auf einem Gang von Nassau nach Schweighausen von zwei Metzgerburschen \u00fcberfallen und geschw\u00e4ngert worden sey. Die Pathen bey der den 19ten erfolgten Taufe waren: 1) Georg Philipp Hofmann; 2) Maria Elisabetha Gerhardis; u[nd] 3 Maria Elisabetha Goettin<\/em><\/span><\/p>\n<hr \/>\n<p style=\"text-align: justify;\"><span style=\"font-family: 'times new roman', times, serif; font-size: 10pt;\"><span style=\"color: #ff0000;\"><strong><u>Stahl<\/u><\/strong><\/span><strong><span style=\"color: #ff0000;\">, Anna Maria:<\/span> <\/strong>* 04.05.1789 Becheln (gt. 06.05.); Eltern: Johann Anton Stahl und Christina Elisabeth geb. Kunz; oo 12.11.1820 Ems mit Johann Ludwig Brand, Bergmann zu Ems (* 22.11.1784 Neuwied; Eltern: Johann Jakob Brand, Tagel\u00f6hner zu Ems, und Henriette geb. N. N.; oo I. mit Gertrud geb. Neeb von K\u00f6nigszug [?] in der Pfalz (+ 20.02.1820))<\/span><\/p>\n<p><span style=\"font-family: 'times new roman', times, serif; font-size: 10pt;\"><strong>o-o<\/strong> mit <strong><u>Caffa<\/u>, Johann Gottfried:<\/strong> aus Dornholzhausen<\/span><\/p>\n<table style=\"width: 100%;\">\n<tbody>\n<tr>\n<td style=\"text-align: center; width: 5.35714%;\" width=\"22\"><span style=\"font-family: 'times new roman', times, serif; font-size: 10pt;\"><strong>Nr.<\/strong><\/span><\/td>\n<td style=\"width: 22.0238%;\" width=\"151\"><span style=\"font-family: 'times new roman', times, serif; font-size: 10pt;\"><strong>Vorname (normiert)<\/strong><\/span><\/td>\n<td style=\"text-align: center; width: 12.619%;\" width=\"79\"><span style=\"font-family: 'times new roman', times, serif; font-size: 10pt;\"><strong>geboren<\/strong><\/span><\/td>\n<td style=\"text-align: center; width: 12.0238%;\" width=\"74\"><span style=\"font-family: 'times new roman', times, serif; font-size: 10pt;\"><strong>getauft<\/strong><\/span><\/td>\n<td style=\"text-align: center; width: 11.3095%;\" width=\"69\"><span style=\"font-family: 'times new roman', times, serif; font-size: 10pt;\"><strong>konfirmiert<\/strong><\/span><\/td>\n<td style=\"text-align: center; width: 11.0714%;\" width=\"67\"><span style=\"font-family: 'times new roman', times, serif; font-size: 10pt;\"><strong>gestorben<\/strong><\/span><\/td>\n<td style=\"text-align: center; width: 10.5952%;\" width=\"64\"><span style=\"font-family: 'times new roman', times, serif; font-size: 10pt;\"><strong>begraben<\/strong><\/span><\/td>\n<td style=\"text-align: center; width: 7.5%;\" width=\"41\"><span style=\"font-family: 'times new roman', times, serif; font-size: 10pt;\"><strong>Alter<\/strong><\/span><\/td>\n<td style=\"text-align: center; width: 7.38095%;\" width=\"40\"><span style=\"font-family: 'times new roman', times, serif; font-size: 10pt;\"><strong>Stand<\/strong><\/span><\/td>\n<\/tr>\n<tr>\n<td style=\"text-align: center; width: 5.35714%;\" width=\"22\"><span style=\"font-family: 'times new roman', times, serif; font-size: 10pt;\">1<\/span><\/td>\n<td style=\"width: 22.0238%;\" width=\"151\"><span style=\"font-family: 'times new roman', times, serif; font-size: 10pt;\">Maria Kath.Wilhelmina<\/span><\/td>\n<td style=\"text-align: center; width: 12.619%;\" width=\"79\"><span style=\"font-family: 'times new roman', times, serif; font-size: 10pt;\">07.07.1813<\/span><\/td>\n<td style=\"text-align: center; width: 12.0238%;\" width=\"74\"><span style=\"font-family: 'times new roman', times, serif; font-size: 10pt;\">11.07.1813<\/span><\/td>\n<td style=\"text-align: center; width: 11.3095%;\" width=\"69\"><\/td>\n<td style=\"text-align: center; width: 11.0714%;\" width=\"67\"><\/td>\n<td style=\"text-align: center; width: 10.5952%;\" width=\"64\"><\/td>\n<td style=\"text-align: center; width: 7.5%;\" width=\"41\"><\/td>\n<td style=\"text-align: center; width: 7.38095%;\" width=\"40\"><\/td>\n<\/tr>\n<\/tbody>\n<\/table>\n<p style=\"text-align: justify;\"><span style=\"font-family: 'times new roman', times, serif; font-size: 10pt;\">Eintragstext: <em>Den 7ten [Juli] morgens 5 Uhr kam mit einem M\u00e4dchen nieder Anna Maria Stahlin. Als Vater gab sie an bei h[erzoglichem] Amte J. Gottfried Caffa von Dornholzhausen. Pathen sind 1) Joh. Gottfried Stark; 2) Maria Elisabetha Stahlin; und 3) Katharina Magdalena Wahlin, Joh. Phlp Wahls Ehefrau. Die Taufe erfolgte den 11ten July und der Name ist: Maria Katharina Wilhelmina<\/em><\/span><\/p>\n<hr \/>\n<p><span style=\"font-size: 10pt; font-family: times new roman, times, serif;\"><b>Letztes Update: 5. Juni 2024<\/b><\/span><br \/>\n<span style=\"font-size: 10pt; font-family: times new roman, times, serif;\"><b>Ralph Jackmuth<\/b><\/span><\/p>\n","protected":false},"excerpt":{"rendered":"<p>Stahl, Johann Anton: * 29.10.1740 Fr\u00fccht (gt. 01.11.); + 06.12.1788 Becheln, 48 Jahre, 1 Monat 7 Tage alt (bg. 08.12.); illeg. Sohn des Johann Henrich Stahl (\u00e4ltester Sohn des Johann Henrich Stahl vom Giesh\u00fcbel) und der Maria Magdalena Ansel aus Fr\u00fccht, seiner Dienstmagd oo 29.10.1778 Becheln mit Kunz, Christina Elisabeth: gt. 07.06.1753 Becheln; + 25.05.1818 &hellip; <a href=\"https:\/\/www.ahnenforschung-jackmuth.de\/?page_id=11554\" class=\"more-link\"><span class=\"screen-reader-text\">\u201eOFB Becheln &#8211; Stahl\u201c<\/span> weiterlesen<\/a><\/p>\n","protected":false},"author":1,"featured_media":0,"parent":0,"menu_order":0,"comment_status":"closed","ping_status":"closed","template":"","meta":{"footnotes":""},"class_list":["post-11554","page","type-page","status-publish","hentry"],"_links":{"self":[{"href":"https:\/\/www.ahnenforschung-jackmuth.de\/index.php?rest_route=\/wp\/v2\/pages\/11554","targetHints":{"allow":["GET"]}}],"collection":[{"href":"https:\/\/www.ahnenforschung-jackmuth.de\/index.php?rest_route=\/wp\/v2\/pages"}],"about":[{"href":"https:\/\/www.ahnenforschung-jackmuth.de\/index.php?rest_route=\/wp\/v2\/types\/page"}],"author":[{"embeddable":true,"href":"https:\/\/www.ahnenforschung-jackmuth.de\/index.php?rest_route=\/wp\/v2\/users\/1"}],"replies":[{"embeddable":true,"href":"https:\/\/www.ahnenforschung-jackmuth.de\/index.php?rest_route=%2Fwp%2Fv2%2Fcomments&post=11554"}],"version-history":[{"count":0,"href":"https:\/\/www.ahnenforschung-jackmuth.de\/index.php?rest_route=\/wp\/v2\/pages\/11554\/revisions"}],"wp:attachment":[{"href":"https:\/\/www.ahnenforschung-jackmuth.de\/index.php?rest_route=%2Fwp%2Fv2%2Fmedia&parent=11554"}],"curies":[{"name":"wp","href":"https:\/\/api.w.org\/{rel}","templated":true}]}}