{"id":11518,"date":"2024-06-05T11:42:01","date_gmt":"2024-06-05T11:42:01","guid":{"rendered":"https:\/\/www.ahnenforschung-jackmuth.de\/?page_id=11518"},"modified":"2024-06-05T11:42:15","modified_gmt":"2024-06-05T11:42:15","slug":"ofb-becheln-mueller","status":"publish","type":"page","link":"https:\/\/www.ahnenforschung-jackmuth.de\/?page_id=11518","title":{"rendered":"OFB Becheln &#8211; M\u00fcller"},"content":{"rendered":"<p><span style=\"font-family: 'times new roman', times, serif; font-size: 10pt;\"><span style=\"color: #ff0000;\"><strong><u>M\u00fcller<\/u><\/strong><strong>, Anna Eulalia:<\/strong><\/span> Tochter des Peter M\u00fcller, weiland Hofmann zu &#8230;; + 16.08-1676 Becheln, bei ihrem Schwager Jost Adler (bg. 18.08.)<\/span><\/p>\n<hr \/>\n<p style=\"text-align: justify;\"><span style=\"font-family: 'times new roman', times, serif; font-size: 10pt;\"><span style=\"color: #ff0000;\"><strong><u>M\u00fcller<\/u><\/strong><strong>, Johann Wendel:<\/strong> <\/span>+ 11.01.1785 Becheln, gewesener Emeritus an der Schule, 78 Jahre, 8 Monate und 14 Tage alt (bg. 13.01.); Sohn des Martin M\u00fcller, gewesener Einwohner in Rettert<\/span><\/p>\n<p style=\"text-align: justify;\"><span style=\"font-family: 'times new roman', times, serif; font-size: 10pt;\"><strong>oo <\/strong><strong>11.09.1733 Becheln<\/strong> mit <strong><u>Thomae<\/u>, Anna Gertrud:<\/strong> * 30.03.1709 Becheln (gt. 02.04.); konf. 09.05.1723; + 09.06.1758 Becheln (bg. 09.06.); Eltern: Johann Gottfried Thoma, Schuldiener, und Anna Katharina geb. Hoffmann<\/span><\/p>\n<table style=\"width: 100%;\">\n<tbody>\n<tr>\n<td style=\"text-align: center; width: 5.35714%;\" width=\"21\"><span style=\"font-family: 'times new roman', times, serif; font-size: 10pt;\"><strong>Nr.<\/strong><\/span><\/td>\n<td style=\"width: 19.6429%;\" width=\"134\"><span style=\"font-family: 'times new roman', times, serif; font-size: 10pt;\"><strong>VN normiert<\/strong><\/span><\/td>\n<td style=\"text-align: center; width: 12.2619%;\" width=\"76\"><span style=\"font-family: 'times new roman', times, serif; font-size: 10pt;\"><strong>geboren<\/strong><\/span><\/td>\n<td style=\"text-align: center; width: 11.9048%;\" width=\"73\"><span style=\"font-family: 'times new roman', times, serif; font-size: 10pt;\"><strong>getauft<\/strong><\/span><\/td>\n<td style=\"text-align: center; width: 11.9048%;\" width=\"73\"><span style=\"font-family: 'times new roman', times, serif; font-size: 10pt;\"><strong>konfirmiert<\/strong><\/span><\/td>\n<td style=\"text-align: center; width: 11.9048%;\" width=\"73\"><span style=\"font-family: 'times new roman', times, serif; font-size: 10pt;\"><strong>gestorben<\/strong><\/span><\/td>\n<td style=\"text-align: center; width: 11.4286%;\" width=\"70\"><span style=\"font-family: 'times new roman', times, serif; font-size: 10pt;\"><strong>begraben<\/strong><\/span><\/td>\n<td style=\"text-align: center; width: 7.85714%;\" width=\"43\"><span style=\"font-family: 'times new roman', times, serif; font-size: 10pt;\"><strong>Alter<\/strong><\/span><\/td>\n<td style=\"text-align: center; width: 7.7381%;\" width=\"42\"><span style=\"font-family: 'times new roman', times, serif; font-size: 10pt;\"><strong>Stand<\/strong><\/span><\/td>\n<\/tr>\n<tr>\n<td style=\"text-align: center; width: 5.35714%;\" width=\"21\"><span style=\"font-family: 'times new roman', times, serif; font-size: 10pt;\">1<\/span><\/td>\n<td style=\"width: 19.6429%;\" width=\"134\"><span style=\"font-family: 'times new roman', times, serif; font-size: 10pt;\">Maria Katharina<\/span><\/td>\n<td style=\"text-align: center; width: 12.2619%;\" width=\"76\"><span style=\"font-family: 'times new roman', times, serif; font-size: 10pt;\">21.07.1734<\/span><\/td>\n<td style=\"text-align: center; width: 11.9048%;\" width=\"73\"><span style=\"font-family: 'times new roman', times, serif; font-size: 10pt;\">25.07.1734<\/span><\/td>\n<td style=\"text-align: center; width: 11.9048%;\" width=\"73\"><span style=\"font-family: 'times new roman', times, serif; font-size: 10pt;\">02.06.1748<\/span><\/td>\n<td style=\"text-align: center; width: 11.9048%;\" width=\"73\"><span style=\"font-family: 'times new roman', times, serif; font-size: 10pt;\">23.12.1798<\/span><\/td>\n<td style=\"text-align: center; width: 11.4286%;\" width=\"70\"><span style=\"font-family: 'times new roman', times, serif; font-size: 10pt;\">25.12.1798<\/span><\/td>\n<td style=\"text-align: center; width: 7.85714%;\" width=\"43\"><span style=\"font-family: 'times new roman', times, serif; font-size: 10pt;\">64,47<\/span><\/td>\n<td style=\"text-align: center; width: 7.7381%;\" width=\"42\"><span style=\"font-family: 'times new roman', times, serif; font-size: 10pt;\">verh.<\/span><\/td>\n<\/tr>\n<tr>\n<td style=\"text-align: center; width: 5.35714%;\"><span style=\"font-family: 'times new roman', times, serif; font-size: 10pt;\">2<\/span><\/td>\n<td style=\"width: 19.6429%;\"><span style=\"font-family: 'times new roman', times, serif; font-size: 10pt;\">Anna Maria<\/span><\/td>\n<td style=\"text-align: center; width: 12.2619%;\"><span style=\"font-family: 'times new roman', times, serif; font-size: 10pt;\">23.09.1738<\/span><\/td>\n<td style=\"text-align: center; width: 11.9048%;\"><span style=\"font-family: 'times new roman', times, serif; font-size: 10pt;\">24.09.1738<\/span><\/td>\n<td style=\"text-align: center; width: 11.9048%;\"><\/td>\n<td style=\"text-align: center; width: 11.9048%;\"><span style=\"font-family: 'times new roman', times, serif; font-size: 10pt;\">29.07.1741<\/span><\/td>\n<td style=\"text-align: center; width: 11.4286%;\"><span style=\"font-family: 'times new roman', times, serif; font-size: 10pt;\">31.07.1741<\/span><\/td>\n<td style=\"text-align: center; width: 7.85714%;\"><span style=\"font-family: 'times new roman', times, serif; font-size: 10pt;\">2,85<\/span><\/td>\n<td style=\"text-align: center; width: 7.7381%;\"><\/td>\n<\/tr>\n<tr>\n<td style=\"text-align: center; width: 5.35714%;\"><span style=\"font-family: 'times new roman', times, serif; font-size: 10pt;\">3<\/span><\/td>\n<td style=\"width: 19.6429%;\"><span style=\"font-family: 'times new roman', times, serif; font-size: 10pt;\">Maria Elisabeth<\/span><\/td>\n<td style=\"text-align: center; width: 12.2619%;\"><span style=\"font-family: 'times new roman', times, serif; font-size: 10pt;\">23.09.1738<\/span><\/td>\n<td style=\"text-align: center; width: 11.9048%;\"><span style=\"font-family: 'times new roman', times, serif; font-size: 10pt;\">24.09.1738<\/span><\/td>\n<td style=\"text-align: center; width: 11.9048%;\"><span style=\"font-family: 'times new roman', times, serif; font-size: 10pt;\">04.06.1754<\/span><\/td>\n<td style=\"text-align: center; width: 11.9048%;\"><\/td>\n<td style=\"text-align: center; width: 11.4286%;\"><\/td>\n<td style=\"text-align: center; width: 7.85714%;\"><\/td>\n<td style=\"text-align: center; width: 7.7381%;\"><span style=\"font-family: 'times new roman', times, serif; font-size: 10pt;\">verh.<\/span><\/td>\n<\/tr>\n<\/tbody>\n<\/table>\n<p><span style=\"font-family: 'times new roman', times, serif; font-size: 10pt;\">Kind Nr. 1) oo 28.11.1752 Becheln mit Johann Philipp Buchbinder aus Becheln<br \/>\n<\/span><span style=\"font-family: 'times new roman', times, serif; font-size: 10pt;\">Kind Nr. 2) (+ an Blattern)<br \/>\n<\/span><span style=\"font-family: 'times new roman', times, serif; font-size: 10pt;\">Kind Nr. 3) konf. irrig als \u201eAnna Maria\u201c; oo 09.01.1778 Becheln mit Johann Henrich Krug, Witwer aus Zimmerschied<\/span><\/p>\n<p style=\"text-align: justify;\"><span style=\"font-family: 'times new roman', times, serif; font-size: 10pt;\"><strong>Paten: zu 1) <\/strong><em>Anna Maria, Johann Wilhelm Gro\u00dfen von Oberbachheim ehe[liche] Hau\u00dffrau; Anna Catharina, Johannes M\u00fcllern von Redhard <\/em>[Rettert]<em> ehe[liche] Tochter; und H[err] Joh: Gottfried Rincker, Schulthei\u00df <\/em>\u2014 <strong>zu 2) <\/strong><em>Anna Catharina, H[errn] Johann Gottfried Thom\u00e6 se[lig] gewe\u00dfenen Schuldieners, nachgela\u00dfene Wittib; Maria Apolonia, Johann Th\u00f6nges Metzen Tochter; Johann Gottfried Hoffmann <\/em>\u2014 <strong>zu 3) <\/strong><em>Maria Gertraudt, Johann Gerhard M\u00fcllers von R\u00f6dhard [Rettert] Hau\u00dffrau; Catharina Elisabetha, Johann Adam Gro\u00dfen, Einwohners zu Holtzhau\u00dfen auff der Heyde Hau\u00dffrau; und H[err] Jost Henrich Unverzagt, Schuldiener von Dienenthal<\/em><\/span><\/p>\n<hr \/>\n<p><span style=\"font-family: 'times new roman', times, serif; font-size: 10pt; color: #ff0000;\"><strong><u>M\u00fcller<\/u><\/strong><strong>, Johann Philipp<\/strong><\/span><\/p>\n<p><span style=\"font-family: 'times new roman', times, serif; font-size: 10pt;\"><strong>oo<\/strong> mit <strong>N. N.<\/strong><\/span><\/p>\n<table style=\"width: 100%;\">\n<tbody>\n<tr>\n<td style=\"text-align: center; width: 5.35714%;\" width=\"23\"><span style=\"font-family: 'times new roman', times, serif; font-size: 10pt;\"><strong>Nr.<\/strong><\/span><\/td>\n<td style=\"width: 21.6667%;\" width=\"148\"><span style=\"font-family: 'times new roman', times, serif; font-size: 10pt;\"><strong>VN normiert<\/strong><\/span><\/td>\n<td style=\"text-align: center; width: 12.619%;\" width=\"79\"><span style=\"font-family: 'times new roman', times, serif; font-size: 10pt;\"><strong>geboren<\/strong><\/span><\/td>\n<td style=\"text-align: center; width: 11.3095%;\" width=\"69\"><span style=\"font-family: 'times new roman', times, serif; font-size: 10pt;\"><strong>getauft<\/strong><\/span><\/td>\n<td style=\"text-align: center; width: 11.3095%;\" width=\"69\"><span style=\"font-family: 'times new roman', times, serif; font-size: 10pt;\"><strong>konfirmiert<\/strong><\/span><\/td>\n<td style=\"text-align: center; width: 11.3095%;\" width=\"69\"><span style=\"font-family: 'times new roman', times, serif; font-size: 10pt;\"><strong>gestorben<\/strong><\/span><\/td>\n<td style=\"text-align: center; width: 10.9524%;\" width=\"66\"><span style=\"font-family: 'times new roman', times, serif; font-size: 10pt;\"><strong>begraben<\/strong><\/span><\/td>\n<td style=\"text-align: center; width: 7.61905%;\" width=\"42\"><span style=\"font-family: 'times new roman', times, serif; font-size: 10pt;\"><strong>Alter<\/strong><\/span><\/td>\n<td style=\"text-align: center; width: 7.7381%;\" width=\"42\"><span style=\"font-family: 'times new roman', times, serif; font-size: 10pt;\"><strong>Stand<\/strong><\/span><\/td>\n<\/tr>\n<tr>\n<td style=\"text-align: center; width: 5.35714%;\" width=\"23\"><span style=\"font-family: 'times new roman', times, serif; font-size: 10pt;\">1<\/span><\/td>\n<td style=\"width: 21.6667%;\" width=\"148\"><span style=\"font-family: 'times new roman', times, serif; font-size: 10pt;\">Johann Andreas<\/span><\/td>\n<td style=\"text-align: center; width: 12.619%;\" width=\"79\"><span style=\"font-family: 'times new roman', times, serif; font-size: 10pt;\">12.05.1771<\/span><\/td>\n<td style=\"text-align: center; width: 11.3095%;\" width=\"69\"><\/td>\n<td style=\"text-align: center; width: 11.3095%;\" width=\"69\"><\/td>\n<td style=\"text-align: center; width: 11.3095%;\" width=\"69\"><\/td>\n<td style=\"text-align: center; width: 10.9524%;\" width=\"66\"><\/td>\n<td style=\"text-align: center; width: 7.61905%;\" width=\"42\"><\/td>\n<td style=\"text-align: center; width: 7.7381%;\" width=\"42\"><\/td>\n<\/tr>\n<\/tbody>\n<\/table>\n<p><span style=\"font-family: 'times new roman', times, serif; font-size: 10pt;\"><strong>Paten:<\/strong> <em>1) Johann Andreas Thores aus Becheln; 2) <\/em>[ ]<em>; 3) <\/em>[ ]<\/span><\/p>\n<hr \/>\n<p><span style=\"font-family: 'times new roman', times, serif; font-size: 10pt;\"><span style=\"color: #ff0000;\"><strong><u>M\u00fcller<\/u><\/strong><strong>, Philipp:<\/strong> <\/span>1785\/1786 Mannenmacher in Becheln; aus Wallmerod (Westerwaldkreis); Eltern: Nikolaus M\u00fcller und Anna Eva<\/span><\/p>\n<p style=\"text-align: justify;\"><span style=\"font-family: 'times new roman', times, serif; font-size: 10pt;\"><strong>oo 17.07.1770 Spie\u00df <\/strong>(Trauzeugen: <em>Franciscus Georgius Woerner, Georg Henrich Eidenbach et Anna Maria Pristum cum multis<\/em>) mit <strong><u>Eidenbach<\/u>, Anna Maria:<\/strong> aus W\u00f6rsdorf (Rheingau-Taunus-Kreis); Eltern: Georg Heinrich Eidenbach und Anna Maria aus <em>Wersdorff<\/em><\/span><\/p>\n<table style=\"width: 100%;\">\n<tbody>\n<tr>\n<td style=\"text-align: center; width: 6.30952%;\" width=\"29\"><span style=\"font-family: 'times new roman', times, serif; font-size: 10pt;\"><strong>Nr.<\/strong><\/span><\/td>\n<td style=\"width: 21.1905%;\" width=\"145\"><span style=\"font-family: 'times new roman', times, serif; font-size: 10pt;\"><strong>VN normiert<\/strong><\/span><\/td>\n<td style=\"text-align: center; width: 10.8333%;\" width=\"66\"><span style=\"font-family: 'times new roman', times, serif; font-size: 10pt;\"><strong>geboren<\/strong><\/span><\/td>\n<td style=\"text-align: center; width: 11.9048%;\" width=\"74\"><span style=\"font-family: 'times new roman', times, serif; font-size: 10pt;\"><strong>getauft<\/strong><\/span><\/td>\n<td style=\"text-align: center; width: 11.3095%;\" width=\"69\"><span style=\"font-family: 'times new roman', times, serif; font-size: 10pt;\"><strong>konfirmiert<\/strong><\/span><\/td>\n<td style=\"text-align: center; width: 11.0714%;\" width=\"67\"><span style=\"font-family: 'times new roman', times, serif; font-size: 10pt;\"><strong>gestorben<\/strong><\/span><\/td>\n<td style=\"text-align: center; width: 11.0714%;\" width=\"67\"><span style=\"font-family: 'times new roman', times, serif; font-size: 10pt;\"><strong>begraben<\/strong><\/span><\/td>\n<td style=\"text-align: center; width: 7.7381%;\" width=\"43\"><span style=\"font-family: 'times new roman', times, serif; font-size: 10pt;\"><strong>Alter<\/strong><\/span><\/td>\n<td style=\"text-align: center; width: 8.45238%;\" width=\"48\"><span style=\"font-family: 'times new roman', times, serif; font-size: 10pt;\"><strong>Stand<\/strong><\/span><\/td>\n<\/tr>\n<tr>\n<td style=\"text-align: center; width: 6.30952%;\" width=\"29\"><span style=\"font-family: 'times new roman', times, serif; font-size: 10pt;\">1<\/span><\/td>\n<td style=\"width: 21.1905%;\" width=\"145\"><span style=\"font-family: 'times new roman', times, serif; font-size: 10pt;\">Henrich Nikolaus<\/span><\/td>\n<td style=\"text-align: center; width: 10.8333%;\" width=\"66\"><span style=\"font-family: 'times new roman', times, serif; font-size: 10pt;\">29.12.1785<\/span><\/td>\n<td style=\"text-align: center; width: 11.9048%;\" width=\"74\"><span style=\"font-family: 'times new roman', times, serif; font-size: 10pt;\">01.01.1786<\/span><\/td>\n<td style=\"text-align: center; width: 11.3095%;\" width=\"69\"><\/td>\n<td style=\"text-align: center; width: 11.0714%;\" width=\"67\"><\/td>\n<td style=\"text-align: center; width: 11.0714%;\" width=\"67\"><\/td>\n<td style=\"text-align: center; width: 7.7381%;\" width=\"43\"><\/td>\n<td style=\"text-align: center; width: 8.45238%;\" width=\"48\"><\/td>\n<\/tr>\n<\/tbody>\n<\/table>\n<p><span style=\"font-family: 'times new roman', times, serif; font-size: 10pt;\">Kind 1) * Becheln<\/span><\/p>\n<p><span style=\"font-family: 'times new roman', times, serif; font-size: 10pt;\"><strong>Paten:<\/strong> <em>1) Henrich Jacob Unger, pap.; 2) Nicolaus Gilberg, pap.; 3) Christina Hehnin aus Bechlen, lutherisch[er] Religion<\/em><\/span><\/p>\n<hr \/>\n<p style=\"text-align: justify;\"><span style=\"font-family: 'times new roman', times, serif; font-size: 10pt;\"><span style=\"color: #ff0000;\"><strong><u>M\u00fcller<\/u><\/strong><strong>, Sophia:<\/strong><\/span> + 27.02.1817 Becheln, 1 Jahr und 1 Monat alt (bg. 01.03.); Kind der Maria M\u00fcller von Dachsenhausen, <em>welche sich dieses nachgerade in Becheln aufhielt<\/em><\/span><\/p>\n<hr \/>\n<p><span style=\"font-size: 10pt; font-family: times new roman, times, serif;\"><b>Letztes Update: 5. Juni 2024<\/b><\/span><br \/>\n<span style=\"font-size: 10pt; font-family: times new roman, times, serif;\"><b>Ralph Jackmuth<\/b><\/span><\/p>\n","protected":false},"excerpt":{"rendered":"<p>M\u00fcller, Anna Eulalia: Tochter des Peter M\u00fcller, weiland Hofmann zu &#8230;; + 16.08-1676 Becheln, bei ihrem Schwager Jost Adler (bg. 18.08.) M\u00fcller, Johann Wendel: + 11.01.1785 Becheln, gewesener Emeritus an der Schule, 78 Jahre, 8 Monate und 14 Tage alt (bg. 13.01.); Sohn des Martin M\u00fcller, gewesener Einwohner in Rettert oo 11.09.1733 Becheln mit Thomae, &hellip; <a href=\"https:\/\/www.ahnenforschung-jackmuth.de\/?page_id=11518\" class=\"more-link\"><span class=\"screen-reader-text\">\u201eOFB Becheln &#8211; M\u00fcller\u201c<\/span> weiterlesen<\/a><\/p>\n","protected":false},"author":1,"featured_media":0,"parent":0,"menu_order":0,"comment_status":"closed","ping_status":"closed","template":"","meta":{"footnotes":""},"class_list":["post-11518","page","type-page","status-publish","hentry"],"_links":{"self":[{"href":"https:\/\/www.ahnenforschung-jackmuth.de\/index.php?rest_route=\/wp\/v2\/pages\/11518","targetHints":{"allow":["GET"]}}],"collection":[{"href":"https:\/\/www.ahnenforschung-jackmuth.de\/index.php?rest_route=\/wp\/v2\/pages"}],"about":[{"href":"https:\/\/www.ahnenforschung-jackmuth.de\/index.php?rest_route=\/wp\/v2\/types\/page"}],"author":[{"embeddable":true,"href":"https:\/\/www.ahnenforschung-jackmuth.de\/index.php?rest_route=\/wp\/v2\/users\/1"}],"replies":[{"embeddable":true,"href":"https:\/\/www.ahnenforschung-jackmuth.de\/index.php?rest_route=%2Fwp%2Fv2%2Fcomments&post=11518"}],"version-history":[{"count":0,"href":"https:\/\/www.ahnenforschung-jackmuth.de\/index.php?rest_route=\/wp\/v2\/pages\/11518\/revisions"}],"wp:attachment":[{"href":"https:\/\/www.ahnenforschung-jackmuth.de\/index.php?rest_route=%2Fwp%2Fv2%2Fmedia&parent=11518"}],"curies":[{"name":"wp","href":"https:\/\/api.w.org\/{rel}","templated":true}]}}