{"id":11498,"date":"2024-06-05T10:44:12","date_gmt":"2024-06-05T10:44:12","guid":{"rendered":"https:\/\/www.ahnenforschung-jackmuth.de\/?page_id=11498"},"modified":"2024-06-05T10:44:28","modified_gmt":"2024-06-05T10:44:28","slug":"ofb-becheln-kunz","status":"publish","type":"page","link":"https:\/\/www.ahnenforschung-jackmuth.de\/?page_id=11498","title":{"rendered":"OFB Becheln &#8211; Kunz"},"content":{"rendered":"<p style=\"text-align: justify;\"><span style=\"font-family: 'times new roman', times, serif; font-size: 10pt;\"><span style=\"color: #ff0000;\"><strong><u>Kunz<\/u><\/strong><strong>, Johann Henrich:<\/strong> <\/span>+ 27.07.1744 Becheln, ca. 81 Jahre alt (bg. 28.07.); Sohn des Johannes Kunz von Endlichhofen (Pfarrei Ruppertshofen)<\/span><\/p>\n<p style=\"text-align: justify;\"><span style=\"font-family: 'times new roman', times, serif; font-size: 10pt;\"><strong>prokl. 11.02. und 18.02.1694 Becheln<\/strong> (nach erhaltenem Amtskonsens) mit <strong><u>Michaelis<\/u>, Anna Margaretha:<\/strong> Eltern: + 09.11.1720 Becheln (bg. 10.11.); Johann Dietrich Michaelis, Schulmeister in Becheln, und Anna<\/span><\/p>\n<table style=\"width: 100%;\">\n<tbody>\n<tr>\n<td style=\"text-align: center; width: 5.35714%;\" width=\"21\"><span style=\"font-family: 'times new roman', times, serif; font-size: 10pt;\"><strong>Nr.<\/strong><\/span><\/td>\n<td style=\"width: 19.7619%;\" width=\"135\"><span style=\"font-family: 'times new roman', times, serif; font-size: 10pt;\"><strong>VN normiert<\/strong><\/span><\/td>\n<td style=\"text-align: center; width: 12.2619%;\" width=\"76\"><span style=\"font-family: 'times new roman', times, serif; font-size: 10pt;\"><strong>geboren<\/strong><\/span><\/td>\n<td style=\"text-align: center; width: 11.9048%;\" width=\"73\"><span style=\"font-family: 'times new roman', times, serif; font-size: 10pt;\"><strong>getauft<\/strong><\/span><\/td>\n<td style=\"text-align: center; width: 11.9048%;\" width=\"73\"><span style=\"font-family: 'times new roman', times, serif; font-size: 10pt;\"><strong>konfirmiert<\/strong><\/span><\/td>\n<td style=\"text-align: center; width: 11.9048%;\" width=\"73\"><span style=\"font-family: 'times new roman', times, serif; font-size: 10pt;\"><strong>gestorben<\/strong><\/span><\/td>\n<td style=\"text-align: center; width: 11.4286%;\" width=\"70\"><span style=\"font-family: 'times new roman', times, serif; font-size: 10pt;\"><strong>begraben<\/strong><\/span><\/td>\n<td style=\"text-align: center; width: 7.85714%;\" width=\"43\"><span style=\"font-family: 'times new roman', times, serif; font-size: 10pt;\"><strong>Alter<\/strong><\/span><\/td>\n<td style=\"text-align: center; width: 7.7381%;\" width=\"42\"><span style=\"font-family: 'times new roman', times, serif; font-size: 10pt;\"><strong>Stand<\/strong><\/span><\/td>\n<\/tr>\n<tr>\n<td style=\"text-align: center; width: 5.35714%;\" width=\"21\"><span style=\"font-family: 'times new roman', times, serif; font-size: 10pt;\">1<\/span><\/td>\n<td style=\"width: 19.7619%;\" width=\"135\"><span style=\"font-family: 'times new roman', times, serif; font-size: 10pt;\">Christina Klara<\/span><\/td>\n<td style=\"text-align: center; width: 12.2619%;\" width=\"76\"><span style=\"font-family: 'times new roman', times, serif; font-size: 10pt;\">08.07.1695<\/span><\/td>\n<td style=\"text-align: center; width: 11.9048%;\" width=\"73\"><span style=\"font-family: 'times new roman', times, serif; font-size: 10pt;\">14.07.1695<\/span><\/td>\n<td style=\"text-align: center; width: 11.9048%;\" width=\"73\"><span style=\"font-family: 'times new roman', times, serif; font-size: 10pt;\">31.03.1709<\/span><\/td>\n<td style=\"text-align: center; width: 11.9048%;\" width=\"73\"><\/td>\n<td style=\"text-align: center; width: 11.4286%;\" width=\"70\"><\/td>\n<td style=\"text-align: center; width: 7.85714%;\" width=\"43\"><\/td>\n<td style=\"text-align: center; width: 7.7381%;\" width=\"42\"><\/td>\n<\/tr>\n<tr>\n<td style=\"text-align: center; width: 5.35714%;\"><span style=\"font-family: 'times new roman', times, serif; font-size: 10pt;\">2<\/span><\/td>\n<td style=\"width: 19.7619%;\"><span style=\"font-family: 'times new roman', times, serif; font-size: 10pt;\">Johann Friedrich<\/span><\/td>\n<td style=\"text-align: center; width: 12.2619%;\"><span style=\"font-family: 'times new roman', times, serif; font-size: 10pt;\">31.07.1696<\/span><\/td>\n<td style=\"text-align: center; width: 11.9048%;\"><span style=\"font-family: 'times new roman', times, serif; font-size: 10pt;\">09.08.1696<\/span><\/td>\n<td style=\"text-align: center; width: 11.9048%;\"><\/td>\n<td style=\"text-align: center; width: 11.9048%;\"><span style=\"font-family: 'times new roman', times, serif; font-size: 10pt;\">17.02.1697<\/span><\/td>\n<td style=\"text-align: center; width: 11.4286%;\"><\/td>\n<td style=\"text-align: center; width: 7.85714%;\"><span style=\"font-family: 'times new roman', times, serif; font-size: 10pt;\">0,55<\/span><\/td>\n<td style=\"text-align: center; width: 7.7381%;\"><\/td>\n<\/tr>\n<tr>\n<td style=\"text-align: center; width: 5.35714%;\"><span style=\"font-family: 'times new roman', times, serif; font-size: 10pt;\">3<\/span><\/td>\n<td style=\"width: 19.7619%;\"><span style=\"font-family: 'times new roman', times, serif; font-size: 10pt;\">Maria Katharina<\/span><\/td>\n<td style=\"text-align: center; width: 12.2619%;\"><\/td>\n<td style=\"text-align: center; width: 11.9048%;\"><\/td>\n<td style=\"text-align: center; width: 11.9048%;\"><span style=\"font-family: 'times new roman', times, serif; font-size: 10pt;\">30.04.1713<\/span><\/td>\n<td style=\"text-align: center; width: 11.9048%;\"><span style=\"font-family: 'times new roman', times, serif; font-size: 10pt;\">23.02.1777<\/span><\/td>\n<td style=\"text-align: center; width: 11.4286%;\"><span style=\"font-family: 'times new roman', times, serif; font-size: 10pt;\">26.02.1777<\/span><\/td>\n<td style=\"text-align: center; width: 7.85714%;\"><span style=\"font-family: 'times new roman', times, serif; font-size: 10pt;\">79,17<\/span><\/td>\n<td style=\"text-align: center; width: 7.7381%;\"><span style=\"font-family: 'times new roman', times, serif; font-size: 10pt;\">verh.<\/span><\/td>\n<\/tr>\n<tr>\n<td style=\"text-align: center; width: 5.35714%;\"><span style=\"font-family: 'times new roman', times, serif; font-size: 10pt;\">4<\/span><\/td>\n<td style=\"width: 19.7619%;\"><span style=\"font-family: 'times new roman', times, serif; font-size: 10pt;\">Anna Margaretha<\/span><\/td>\n<td style=\"text-align: center; width: 12.2619%;\"><span style=\"font-family: 'times new roman', times, serif; font-size: 10pt;\">27.09.1699<\/span><\/td>\n<td style=\"text-align: center; width: 11.9048%;\"><span style=\"font-family: 'times new roman', times, serif; font-size: 10pt;\">01.10.1699<\/span><\/td>\n<td style=\"text-align: center; width: 11.9048%;\"><span style=\"font-family: 'times new roman', times, serif; font-size: 10pt;\">30.04.1713<\/span><\/td>\n<td style=\"text-align: center; width: 11.9048%;\"><\/td>\n<td style=\"text-align: center; width: 11.4286%;\"><\/td>\n<td style=\"text-align: center; width: 7.85714%;\"><\/td>\n<td style=\"text-align: center; width: 7.7381%;\"><\/td>\n<\/tr>\n<tr>\n<td style=\"text-align: center; width: 5.35714%;\"><span style=\"font-family: 'times new roman', times, serif; font-size: 10pt;\">5<\/span><\/td>\n<td style=\"width: 19.7619%;\"><span style=\"font-family: 'times new roman', times, serif; font-size: 10pt;\">Johann Matthias<\/span><\/td>\n<td style=\"text-align: center; width: 12.2619%;\"><span style=\"font-family: 'times new roman', times, serif; font-size: 10pt;\">27.03.1701<\/span><\/td>\n<td style=\"text-align: center; width: 11.9048%;\"><span style=\"font-family: 'times new roman', times, serif; font-size: 10pt;\">03.04.1701<\/span><\/td>\n<td style=\"text-align: center; width: 11.9048%;\"><\/td>\n<td style=\"text-align: center; width: 11.9048%;\"><span style=\"font-family: 'times new roman', times, serif; font-size: 10pt;\">08.07.1701<\/span><\/td>\n<td style=\"text-align: center; width: 11.4286%;\"><\/td>\n<td style=\"text-align: center; width: 7.85714%;\"><span style=\"font-family: 'times new roman', times, serif; font-size: 10pt;\">0,28<\/span><\/td>\n<td style=\"text-align: center; width: 7.7381%;\"><\/td>\n<\/tr>\n<tr>\n<td style=\"text-align: center; width: 5.35714%;\"><span style=\"font-family: 'times new roman', times, serif; font-size: 10pt;\">6<\/span><\/td>\n<td style=\"width: 19.7619%;\"><span style=\"font-family: 'times new roman', times, serif; font-size: 10pt;\">Anna Christina<\/span><\/td>\n<td style=\"text-align: center; width: 12.2619%;\"><span style=\"font-family: 'times new roman', times, serif; font-size: 10pt;\">19.08.1703<\/span><\/td>\n<td style=\"text-align: center; width: 11.9048%;\"><span style=\"font-family: 'times new roman', times, serif; font-size: 10pt;\">24.08.1703<\/span><\/td>\n<td style=\"text-align: center; width: 11.9048%;\"><span style=\"font-family: 'times new roman', times, serif; font-size: 10pt;\">17.04.1718<\/span><\/td>\n<td style=\"text-align: center; width: 11.9048%;\"><span style=\"font-family: 'times new roman', times, serif; font-size: 10pt;\">08.03.1726<\/span><\/td>\n<td style=\"text-align: center; width: 11.4286%;\"><\/td>\n<td style=\"text-align: center; width: 7.85714%;\"><span style=\"font-family: 'times new roman', times, serif; font-size: 10pt;\">22,57<\/span><\/td>\n<td style=\"text-align: center; width: 7.7381%;\"><span style=\"font-family: 'times new roman', times, serif; font-size: 10pt;\">ledig<\/span><\/td>\n<\/tr>\n<tr>\n<td style=\"text-align: center; width: 5.35714%;\"><span style=\"font-family: 'times new roman', times, serif; font-size: 10pt;\">7<\/span><\/td>\n<td style=\"width: 19.7619%;\"><span style=\"font-family: 'times new roman', times, serif; font-size: 10pt;\">Johann Peter<\/span><\/td>\n<td style=\"text-align: center; width: 12.2619%;\"><span style=\"font-family: 'times new roman', times, serif; font-size: 10pt;\">13.04.1706<\/span><\/td>\n<td style=\"text-align: center; width: 11.9048%;\"><span style=\"font-family: 'times new roman', times, serif; font-size: 10pt;\">18.04.1706<\/span><\/td>\n<td style=\"text-align: center; width: 11.9048%;\"><span style=\"font-family: 'times new roman', times, serif; font-size: 10pt;\">21.05.1719<\/span><\/td>\n<td style=\"text-align: center; width: 11.9048%;\"><span style=\"font-family: 'times new roman', times, serif; font-size: 10pt;\">31.05.1788<\/span><\/td>\n<td style=\"text-align: center; width: 11.4286%;\"><span style=\"font-family: 'times new roman', times, serif; font-size: 10pt;\">02.06.1788<\/span><\/td>\n<td style=\"text-align: center; width: 7.85714%;\"><span style=\"font-family: 'times new roman', times, serif; font-size: 10pt;\">82,19<\/span><\/td>\n<td style=\"text-align: center; width: 7.7381%;\"><span style=\"font-family: 'times new roman', times, serif; font-size: 10pt;\">verh.<\/span><\/td>\n<\/tr>\n<tr>\n<td style=\"text-align: center; width: 5.35714%;\"><span style=\"font-family: 'times new roman', times, serif; font-size: 10pt;\">8<\/span><\/td>\n<td style=\"width: 19.7619%;\"><span style=\"font-family: 'times new roman', times, serif; font-size: 10pt;\">Elisabeth Katharina<\/span><\/td>\n<td style=\"text-align: center; width: 12.2619%;\"><span style=\"font-family: 'times new roman', times, serif; font-size: 10pt;\">21.04.1708<\/span><\/td>\n<td style=\"text-align: center; width: 11.9048%;\"><span style=\"font-family: 'times new roman', times, serif; font-size: 10pt;\">29.04.1708<\/span><\/td>\n<td style=\"text-align: center; width: 11.9048%;\"><span style=\"font-family: 'times new roman', times, serif; font-size: 10pt;\">14.06.1722<\/span><\/td>\n<td style=\"text-align: center; width: 11.9048%;\"><span style=\"font-family: 'times new roman', times, serif; font-size: 10pt;\">04.02.1761<\/span><\/td>\n<td style=\"text-align: center; width: 11.4286%;\"><span style=\"font-family: 'times new roman', times, serif; font-size: 10pt;\">05.02.1761<\/span><\/td>\n<td style=\"text-align: center; width: 7.85714%;\"><span style=\"font-family: 'times new roman', times, serif; font-size: 10pt;\">52,83<\/span><\/td>\n<td style=\"text-align: center; width: 7.7381%;\"><span style=\"font-family: 'times new roman', times, serif; font-size: 10pt;\">verh.<\/span><\/td>\n<\/tr>\n<tr>\n<td style=\"text-align: center; width: 5.35714%;\"><span style=\"font-family: 'times new roman', times, serif; font-size: 10pt;\">9<\/span><\/td>\n<td style=\"width: 19.7619%;\"><span style=\"font-family: 'times new roman', times, serif; font-size: 10pt;\">Maria Christina<\/span><\/td>\n<td style=\"text-align: center; width: 12.2619%;\"><span style=\"font-family: 'times new roman', times, serif; font-size: 10pt;\">22.09.1711<\/span><\/td>\n<td style=\"text-align: center; width: 11.9048%;\"><span style=\"font-family: 'times new roman', times, serif; font-size: 10pt;\">27.09.1711<\/span><\/td>\n<td style=\"text-align: center; width: 11.9048%;\"><span style=\"font-family: 'times new roman', times, serif; font-size: 10pt;\">13.05.1725<\/span><\/td>\n<td style=\"text-align: center; width: 11.9048%;\"><\/td>\n<td style=\"text-align: center; width: 11.4286%;\"><\/td>\n<td style=\"text-align: center; width: 7.85714%;\"><\/td>\n<td style=\"text-align: center; width: 7.7381%;\"><span style=\"font-family: 'times new roman', times, serif; font-size: 10pt;\">verh.<\/span><\/td>\n<\/tr>\n<\/tbody>\n<\/table>\n<p style=\"text-align: justify;\"><span style=\"font-family: 'times new roman', times, serif; font-size: 10pt;\">Kind Nr. 1) nochmals konf. 08.07.1695<br \/>\n<\/span><span style=\"font-family: 'times new roman', times, serif; font-size: 10pt;\">Kind Nr. 3) 25.02.1744 Becheln mit Johann Jakob Kunz (gt. 16.02.1690 Dessighofen; Eltern: Konrad Wendel Kunz, Schmied, und Anna Margaretha geb. May); nicht im Taufbuch; war 79 Jahre, 2 Monate alt<br \/>\n<\/span><span style=\"font-family: 'times new roman', times, serif; font-size: 10pt;\">Kind Nr. 7) 15.03.1743 Becheln mit Maria Margaretha, Tochter des Henrich Patron von Kirchheimersborn (Pfarrei Spie\u00df)<br \/>\n<\/span><span style=\"font-family: 'times new roman', times, serif; font-size: 10pt;\">Kind Nr. 8) + an Brustkrankheit (nach einigen Tagen); 02.08.1744 Becheln mit Johann Th\u00f6nges Wahl, Witwer aus Becheln<br \/>\n<\/span><span style=\"font-family: 'times new roman', times, serif; font-size: 10pt;\">Kind Nr. 9) 21.08.1736 Becheln mit Anton Bernhard <em>Hornisch<\/em>, kath. Feldscherer, Sohn des Lorenz <em>Horni\u00df<\/em> aus Wien<\/span><\/p>\n<p style=\"text-align: justify;\"><span style=\"font-family: 'times new roman', times, serif; font-size: 10pt;\"><strong>Paten: zu 1) <\/strong><em>Joh[ann] Andreas Schmitt; Anna Christina, Joh[ann] Peter Freund[en] Fr[au] von Becheln; v[nd] Anna Clara, Andreas Sch\u00fctzen Fr[au] von Fr\u00fccht <\/em>\u2014 <strong>zu 2) <\/strong><em>Johannes Wagener, h[err]sch[aftlich] steinischer Hoffmann; Joh[ann] Friederich Schmidt allhier; v[nd] Anna Maria, Joh[ann] Daniel Kuhnzen von Englichoben <\/em>[Endlichhofen (VG Nast\u00e4tten)]<em> eh[liche] Hau\u00dffr[au] <\/em>\u2014 <strong>zu 3) <\/strong><em>Johann Anthon Rincker; Anna Margreth, Joh[annes] Wageners, steinisch[en] Hoffmanns uxor; et Anna Margretha, Joh. Peter Freund[en] filia <\/em>\u2014 <strong>zu 4) <\/strong><em>Matthias Wahl von Becheln; Johannes Kuhnz, av[us] von Englichoffen <\/em>[Endlichhofen]<em>; v[nd] Anna Christina, Hans Peter Schmidts filia <\/em>\u2014 <strong>zu 5) <\/strong><em>Joh. Adam Wagener, Johannis Wageners Sohn; Anna Christina, Peter Freunden Tochter; v[nd] Anna Gerdraut, Henrich W\u00fcrtzen von N\u00fcrenberg hinter[lassene] Tochter <\/em>\u2014 <strong>zu 6) <\/strong><em>Andreas Sch\u00fctz von Fr\u00fccht; Joh. Peter W\u00fcrtz von Becheln; v[nd] Anna Elisabeth, Andreas Jacob Freunden se[lig] Tochter <\/em>\u2014 <strong>zu 7) <\/strong><em>Joh. Gottfried, Simon Hoffmanns Sohn; Anna Elisabeth Metzin; u. Maria Catharina, Johannes Wageners Tochter <\/em>\u2014 <strong>zu 8) <\/strong><em>Joh. Friederich, Joh. Matth. Wahlen fil[ius]; Christina Catharina, Joh. Bernhard Magers filia relicta v[nd] Maria Magdalena Keyserin<\/em><\/span><\/p>\n<hr \/>\n<p style=\"text-align: justify;\"><span style=\"font-family: 'times new roman', times, serif; font-size: 10pt;\"><span style=\"color: #ff0000;\"><strong><u>Kunz<\/u><\/strong><strong>, Johann Peter:<\/strong><\/span> * 13.04.1706 Becheln (gt. 18.04.); konf. 21.05.1719; + 31.05.1788 Becheln, an Entkr\u00e4ftung (bg. 02.06.); Eltern: Johann Henrich Kunz und Anna Margaretha geb. Michaelis<\/span><\/p>\n<p style=\"text-align: justify;\"><span style=\"font-family: 'times new roman', times, serif; font-size: 10pt;\"><strong>oo 15.03.1743 Becheln<\/strong> mit <strong><u>Patron<\/u>, Maria Margaretha:<\/strong> kath.; + 15.01.1785 Becheln, war nach Angabe ihres Bruders ohne Vorlage eines Taufscheins 72 Jahre und 14 Tage alt; Tochter des Henrich Patron von der Kirchheimersborn (Pfarrei Spie\u00df)<\/span><\/p>\n<table style=\"width: 100%;\">\n<tbody>\n<tr>\n<td style=\"text-align: center; width: 5.35714%;\" width=\"21\"><span style=\"font-family: 'times new roman', times, serif; font-size: 10pt;\"><strong>Nr.<\/strong><\/span><\/td>\n<td style=\"width: 19.6429%;\" width=\"134\"><span style=\"font-family: 'times new roman', times, serif; font-size: 10pt;\"><strong>VN normiert<\/strong><\/span><\/td>\n<td style=\"text-align: center; width: 12.2619%;\" width=\"76\"><span style=\"font-family: 'times new roman', times, serif; font-size: 10pt;\"><strong>geboren<\/strong><\/span><\/td>\n<td style=\"text-align: center; width: 11.9048%;\" width=\"73\"><span style=\"font-family: 'times new roman', times, serif; font-size: 10pt;\"><strong>getauft<\/strong><\/span><\/td>\n<td style=\"text-align: center; width: 11.9048%;\" width=\"73\"><span style=\"font-family: 'times new roman', times, serif; font-size: 10pt;\"><strong>konfirmiert<\/strong><\/span><\/td>\n<td style=\"text-align: center; width: 11.9048%;\" width=\"73\"><span style=\"font-family: 'times new roman', times, serif; font-size: 10pt;\"><strong>gestorben<\/strong><\/span><\/td>\n<td style=\"text-align: center; width: 11.4286%;\" width=\"70\"><span style=\"font-family: 'times new roman', times, serif; font-size: 10pt;\"><strong>begraben<\/strong><\/span><\/td>\n<td style=\"text-align: center; width: 7.85714%;\" width=\"43\"><span style=\"font-family: 'times new roman', times, serif; font-size: 10pt;\"><strong>Alter<\/strong><\/span><\/td>\n<td style=\"text-align: center; width: 7.7381%;\" width=\"42\"><span style=\"font-family: 'times new roman', times, serif; font-size: 10pt;\"><strong>Stand<\/strong><\/span><\/td>\n<\/tr>\n<tr>\n<td style=\"text-align: center; width: 5.35714%;\" width=\"21\"><span style=\"font-family: 'times new roman', times, serif; font-size: 10pt;\">1<\/span><\/td>\n<td style=\"width: 19.6429%;\" width=\"134\"><span style=\"font-family: 'times new roman', times, serif; font-size: 10pt;\">Anna Maria<\/span><\/td>\n<td style=\"text-align: center; width: 12.2619%;\" width=\"76\"><span style=\"font-family: 'times new roman', times, serif; font-size: 10pt;\">07.04.1743<\/span><\/td>\n<td style=\"text-align: center; width: 11.9048%;\" width=\"73\"><span style=\"font-family: 'times new roman', times, serif; font-size: 10pt;\">11.04.1743<\/span><\/td>\n<td style=\"text-align: center; width: 11.9048%;\" width=\"73\"><span style=\"font-family: 'times new roman', times, serif; font-size: 10pt;\">05.06.1757<\/span><\/td>\n<td style=\"text-align: center; width: 11.9048%;\" width=\"73\"><\/td>\n<td style=\"text-align: center; width: 11.4286%;\" width=\"70\"><\/td>\n<td style=\"text-align: center; width: 7.85714%;\" width=\"43\"><\/td>\n<td style=\"text-align: center; width: 7.7381%;\" width=\"42\"><span style=\"font-family: 'times new roman', times, serif; font-size: 10pt;\">verh.<\/span><\/td>\n<\/tr>\n<tr>\n<td style=\"text-align: center; width: 5.35714%;\"><span style=\"font-family: 'times new roman', times, serif; font-size: 10pt;\">2<\/span><\/td>\n<td style=\"width: 19.6429%;\"><span style=\"font-family: 'times new roman', times, serif; font-size: 10pt;\">Elisabeth Katharina<\/span><\/td>\n<td style=\"text-align: center; width: 12.2619%;\"><span style=\"font-family: 'times new roman', times, serif; font-size: 10pt;\">25.12.1744<\/span><\/td>\n<td style=\"text-align: center; width: 11.9048%;\"><span style=\"font-family: 'times new roman', times, serif; font-size: 10pt;\">27.12.1744<\/span><\/td>\n<td style=\"text-align: center; width: 11.9048%;\"><\/td>\n<td style=\"text-align: center; width: 11.9048%;\"><span style=\"font-family: 'times new roman', times, serif; font-size: 10pt;\">03.11.1745<\/span><\/td>\n<td style=\"text-align: center; width: 11.4286%;\"><span style=\"font-family: 'times new roman', times, serif; font-size: 10pt;\">05.11.1745<\/span><\/td>\n<td style=\"text-align: center; width: 7.85714%;\"><span style=\"font-family: 'times new roman', times, serif; font-size: 10pt;\">0,86<\/span><\/td>\n<td style=\"text-align: center; width: 7.7381%;\"><\/td>\n<\/tr>\n<tr>\n<td style=\"text-align: center; width: 5.35714%;\"><span style=\"font-family: 'times new roman', times, serif; font-size: 10pt;\">3<\/span><\/td>\n<td style=\"width: 19.6429%;\"><span style=\"font-family: 'times new roman', times, serif; font-size: 10pt;\">Johann Gottfried<\/span><\/td>\n<td style=\"text-align: center; width: 12.2619%;\"><span style=\"font-family: 'times new roman', times, serif; font-size: 10pt;\">08.11.1746<\/span><\/td>\n<td style=\"text-align: center; width: 11.9048%;\"><span style=\"font-family: 'times new roman', times, serif; font-size: 10pt;\">13.11.1746<\/span><\/td>\n<td style=\"text-align: center; width: 11.9048%;\"><span style=\"font-family: 'times new roman', times, serif; font-size: 10pt;\">xx.xx.1760<\/span><\/td>\n<td style=\"text-align: center; width: 11.9048%;\"><\/td>\n<td style=\"text-align: center; width: 11.4286%;\"><\/td>\n<td style=\"text-align: center; width: 7.85714%;\"><\/td>\n<td style=\"text-align: center; width: 7.7381%;\"><span style=\"font-family: 'times new roman', times, serif; font-size: 10pt;\">verh.<\/span><\/td>\n<\/tr>\n<tr>\n<td style=\"text-align: center; width: 5.35714%;\"><span style=\"font-family: 'times new roman', times, serif; font-size: 10pt;\">4<\/span><\/td>\n<td style=\"width: 19.6429%;\"><span style=\"font-family: 'times new roman', times, serif; font-size: 10pt;\">Anna Elisabeth<\/span><\/td>\n<td style=\"text-align: center; width: 12.2619%;\"><span style=\"font-family: 'times new roman', times, serif; font-size: 10pt;\">20.09.1748<\/span><\/td>\n<td style=\"text-align: center; width: 11.9048%;\"><span style=\"font-family: 'times new roman', times, serif; font-size: 10pt;\">24.09.1748<\/span><\/td>\n<td style=\"text-align: center; width: 11.9048%;\"><\/td>\n<td style=\"text-align: center; width: 11.9048%;\"><span style=\"font-family: 'times new roman', times, serif; font-size: 10pt;\">28.08.1750<\/span><\/td>\n<td style=\"text-align: center; width: 11.4286%;\"><span style=\"font-family: 'times new roman', times, serif; font-size: 10pt;\">30.08.1750<\/span><\/td>\n<td style=\"text-align: center; width: 7.85714%;\"><span style=\"font-family: 'times new roman', times, serif; font-size: 10pt;\">1,93<\/span><\/td>\n<td style=\"text-align: center; width: 7.7381%;\"><\/td>\n<\/tr>\n<tr>\n<td style=\"text-align: center; width: 5.35714%;\"><span style=\"font-family: 'times new roman', times, serif; font-size: 10pt;\">5<\/span><\/td>\n<td style=\"width: 19.6429%;\"><span style=\"font-family: 'times new roman', times, serif; font-size: 10pt;\">Johann Henrich<\/span><\/td>\n<td style=\"text-align: center; width: 12.2619%;\"><span style=\"font-family: 'times new roman', times, serif; font-size: 10pt;\">04.02.1752<\/span><\/td>\n<td style=\"text-align: center; width: 11.9048%;\"><span style=\"font-family: 'times new roman', times, serif; font-size: 10pt;\">06.02.1752<\/span><\/td>\n<td style=\"text-align: center; width: 11.9048%;\"><\/td>\n<td style=\"text-align: center; width: 11.9048%;\"><span style=\"font-family: 'times new roman', times, serif; font-size: 10pt;\">20.11.1753<\/span><\/td>\n<td style=\"text-align: center; width: 11.4286%;\"><span style=\"font-family: 'times new roman', times, serif; font-size: 10pt;\">23.11.1753<\/span><\/td>\n<td style=\"text-align: center; width: 7.85714%;\"><span style=\"font-family: 'times new roman', times, serif; font-size: 10pt;\">1,79<\/span><\/td>\n<td style=\"text-align: center; width: 7.7381%;\"><\/td>\n<\/tr>\n<tr>\n<td style=\"text-align: center; width: 5.35714%;\"><span style=\"font-family: 'times new roman', times, serif; font-size: 10pt;\">6<\/span><\/td>\n<td style=\"width: 19.6429%;\"><span style=\"font-family: 'times new roman', times, serif; font-size: 10pt;\">Christina Elisabeth<\/span><\/td>\n<td style=\"text-align: center; width: 12.2619%;\"><\/td>\n<td style=\"text-align: center; width: 11.9048%;\"><span style=\"font-family: 'times new roman', times, serif; font-size: 10pt;\">07.06.1753<\/span><\/td>\n<td style=\"text-align: center; width: 11.9048%;\"><\/td>\n<td style=\"text-align: center; width: 11.9048%;\"><span style=\"font-family: 'times new roman', times, serif; font-size: 10pt;\">25.05.1818<\/span><\/td>\n<td style=\"text-align: center; width: 11.4286%;\"><span style=\"font-family: 'times new roman', times, serif; font-size: 10pt;\">27.05.1818<\/span><\/td>\n<td style=\"text-align: center; width: 7.85714%;\"><span style=\"font-family: 'times new roman', times, serif; font-size: 10pt;\">65,01<\/span><\/td>\n<td style=\"text-align: center; width: 7.7381%;\"><span style=\"font-family: 'times new roman', times, serif; font-size: 10pt;\">verh.<\/span><\/td>\n<\/tr>\n<tr>\n<td style=\"text-align: center; width: 5.35714%;\"><span style=\"font-family: 'times new roman', times, serif; font-size: 10pt;\">7<\/span><\/td>\n<td style=\"width: 19.6429%;\"><span style=\"font-family: 'times new roman', times, serif; font-size: 10pt;\">Johann Michael<\/span><\/td>\n<td style=\"text-align: center; width: 12.2619%;\"><\/td>\n<td style=\"text-align: center; width: 11.9048%;\"><span style=\"font-family: 'times new roman', times, serif; font-size: 10pt;\">13.07.1755<\/span><\/td>\n<td style=\"text-align: center; width: 11.9048%;\"><span style=\"font-family: 'times new roman', times, serif; font-size: 10pt;\">20.05.1770<\/span><\/td>\n<td style=\"text-align: center; width: 11.9048%;\"><\/td>\n<td style=\"text-align: center; width: 11.4286%;\"><\/td>\n<td style=\"text-align: center; width: 7.85714%;\"><\/td>\n<td style=\"text-align: center; width: 7.7381%;\"><\/td>\n<\/tr>\n<\/tbody>\n<\/table>\n<p style=\"text-align: justify;\"><span style=\"font-family: 'times new roman', times, serif; font-size: 10pt;\">Kind Nr. 1) oo 15.10.1771 Ems mit Georg Friedrich Fl\u00f6ck, B\u00e4ckermeister und Witwer in Ems (oo I. 26.11.1754 Ems mit Katharina Elisabeth Lehmler)<br \/>\n<\/span><span style=\"font-family: 'times new roman', times, serif; font-size: 10pt;\">Kind Nr. 3) oo xx.04.1774 Ems mit Katharina Elisabeth, Witwe des Johann Christian Zimmerschied aus Ems<br \/>\n<\/span><span style=\"font-family: 'times new roman', times, serif; font-size: 10pt;\">Kind Nr. 4) + am Durchfall<br \/>\n<\/span><span style=\"font-family: 'times new roman', times, serif; font-size: 10pt;\">Kind Nr. 5) + an Pocken<br \/>\n<\/span><span style=\"font-family: 'times new roman', times, serif; font-size: 10pt;\">Kind Nr. 6) oo 29.10.1778 Becheln mit Anton Stahl (+ 06.12.1788); Bem. im Sterbeeintrag: von 5 Kindern hinterl\u00e4sst sie einen Sohn und drei T\u00f6chter<\/span><\/p>\n<p style=\"text-align: justify;\"><span style=\"font-family: 'times new roman', times, serif; font-size: 10pt;\"><strong>Paten: zu 1) <\/strong><em>Anna Maria, Andre\u00df Thore\u00df, adel\u00dfheimischen Hoffmann, Hau\u00dffrau; Maria Catharina, patris soror; Th\u00f6nge\u00df Schmidt <\/em>\u2014 <strong>zu 2) <\/strong><em>Elisabetha Catharina, Joh[ann] D\u00f6nge\u00df Wahls Hau\u00dffrau; Maria Elisabetha, Hermann Pri\u00dfmann auff Kirschmerborn Tochter; Johann Jacob Wagener <\/em>\u2014 <strong>zu 3) <\/strong><em>Hermann Pristom von Kirschmerborn; Joh[ann] Gottfried Wahl, Joh[ann] Georg Wahlen Sohn; Catharina Elisabetha, Gottfried Sch\u00fctzen von Fr\u00fccht Hau\u00dffrau <\/em>\u2014 <strong>zu 4) <\/strong><em>Davied Heymann, evange[lisch]; sodann Elis: Margr., Joh: Mi\u00dflers Tochter; wie auch Anna Maria, Joh: Andr. Tores, des adelheimischen Hofmanns Tochter, papistisch <\/em>\u2014 <strong>zu 5) <\/strong><em>Anton Wahl, saarbr\u00fcck[ischer] Schulth[eis]; u. Johann Henrich Kuntz von De\u00dfigoben; wie auch Anna Magr. Welschin von Kirschemborn <\/em>\u2014 <strong>zu 6) <\/strong><em>Peter Schmidt; Maria [Chri]st[ina], Georg Wahls Tochter; wie a[uch] Maria Cath: Kuntz von De\u00dfigoben <\/em>\u2014 <strong>zu 7) <\/strong><em>Johann Michael, des saarb[r\u00fcckischen] Schulth: Wahls Sohn; und Nicolaus Prei\u00dfmann; wie auch Maria Magdalena Patronin<\/em><\/span><\/p>\n<hr \/>\n<p style=\"text-align: justify;\"><span style=\"font-family: 'times new roman', times, serif; font-size: 10pt;\"><span style=\"color: #ff0000;\"><strong><u>Kunz<\/u><\/strong><strong>, Johann Jakob:<\/strong><\/span> Viehhirt zu Dessighofen gt. 16.02.1690 Dessighofen; + 06.04.1747 Dessighofen (bg. 08.04.); Eltern: Konrad Wendel Kunz, Schmied, und Anna Margaretha geb. May<\/span><\/p>\n<p style=\"text-align: justify;\"><span style=\"font-family: 'times new roman', times, serif; font-size: 10pt;\"><strong>oo II. 25.02.1744 Becheln<\/strong> mit <strong><u>Kunz<\/u>, Maria Katharina:<\/strong> konf. 30.04.1713; + 23.02.1777 Becheln (bg. 26.02.); Eltern: Johann Henrich Kunz und Anna Margaretha geb. Michaelis<\/span><\/p>\n<hr \/>\n<p><span style=\"font-family: 'times new roman', times, serif; font-size: 10pt;\"><span style=\"color: #ff0000;\"><strong><u>Kunz<\/u><\/strong><strong>, Johann Thiel\/Daniel:<\/strong><\/span> herumziehender Viehhirt, 1811 in Geisig 1815 Sch\u00e4fer in Becheln<\/span><\/p>\n<p style=\"text-align: justify;\"><span style=\"font-family: 'times new roman', times, serif; font-size: 10pt;\"><strong>oo <\/strong><strong>22.07.1810 Dornholzhausen<\/strong> mit <strong><u>Thomas<\/u>, Christina Maria:<\/strong> * 07.04.1780 Geisig (gt. 09.04.); konf. 04.05.1794; + 30.09.1837 Geisig (bg. 02.10.); Eltern: Johann Jost Thomas und Anna Sophia geb. Weltert<\/span><\/p>\n<table style=\"width: 100%;\">\n<tbody>\n<tr>\n<td style=\"text-align: center; width: 6.07143%;\" width=\"25\"><span style=\"font-family: 'times new roman', times, serif; font-size: 10pt;\"><strong>Nr.<\/strong><\/span><\/td>\n<td style=\"width: 20.7143%;\" width=\"144\"><span style=\"font-family: 'times new roman', times, serif; font-size: 10pt;\"><strong>VN normiert<\/strong><\/span><\/td>\n<td style=\"text-align: center; width: 12.5%;\" width=\"78\"><span style=\"font-family: 'times new roman', times, serif; font-size: 10pt;\"><strong>geboren<\/strong><\/span><\/td>\n<td style=\"text-align: center; width: 11.5476%;\" width=\"71\"><span style=\"font-family: 'times new roman', times, serif; font-size: 10pt;\"><strong>getauft<\/strong><\/span><\/td>\n<td style=\"text-align: center; width: 11.3095%;\" width=\"69\"><span style=\"font-family: 'times new roman', times, serif; font-size: 10pt;\"><strong>konfirmiert<\/strong><\/span><\/td>\n<td style=\"text-align: center; width: 11.6667%;\" width=\"72\"><span style=\"font-family: 'times new roman', times, serif; font-size: 10pt;\"><strong>gestorben<\/strong><\/span><\/td>\n<td style=\"text-align: center; width: 10.4762%;\" width=\"63\"><span style=\"font-family: 'times new roman', times, serif; font-size: 10pt;\"><strong>begraben<\/strong><\/span><\/td>\n<td style=\"text-align: center; width: 8.09524%;\" width=\"45\"><span style=\"font-family: 'times new roman', times, serif; font-size: 10pt;\"><strong>Alter<\/strong><\/span><\/td>\n<td style=\"text-align: center; width: 7.5%;\" width=\"41\"><span style=\"font-family: 'times new roman', times, serif; font-size: 10pt;\"><strong>Stand<\/strong><\/span><\/td>\n<\/tr>\n<tr>\n<td style=\"text-align: center; width: 6.07143%;\" width=\"25\"><span style=\"font-family: 'times new roman', times, serif; font-size: 10pt;\">1<\/span><\/td>\n<td style=\"width: 20.7143%;\" width=\"144\"><span style=\"font-family: 'times new roman', times, serif; font-size: 10pt;\">Philipp Jakob<\/span><\/td>\n<td style=\"text-align: center; width: 12.5%;\" width=\"78\"><span style=\"font-family: 'times new roman', times, serif; font-size: 10pt;\">21.02.1811<\/span><\/td>\n<td style=\"text-align: center; width: 11.5476%;\" width=\"71\"><span style=\"font-family: 'times new roman', times, serif; font-size: 10pt;\">28.02.1811<\/span><\/td>\n<td style=\"text-align: center; width: 11.3095%;\" width=\"69\"><\/td>\n<td style=\"text-align: center; width: 11.6667%;\" width=\"72\"><\/td>\n<td style=\"text-align: center; width: 10.4762%;\" width=\"63\"><\/td>\n<td style=\"text-align: center; width: 8.09524%;\" width=\"45\"><\/td>\n<td style=\"text-align: center; width: 7.5%;\" width=\"41\"><span style=\"font-family: 'times new roman', times, serif; font-size: 10pt;\">verh.<\/span><\/td>\n<\/tr>\n<tr>\n<td style=\"text-align: center; width: 6.07143%;\"><span style=\"font-family: 'times new roman', times, serif; font-size: 10pt;\">2<\/span><\/td>\n<td style=\"width: 20.7143%;\"><span style=\"font-family: 'times new roman', times, serif; font-size: 10pt;\">Johann Gottfried<\/span><\/td>\n<td style=\"text-align: center; width: 12.5%;\"><span style=\"font-family: 'times new roman', times, serif; font-size: 10pt;\">29.10.1815<\/span><\/td>\n<td style=\"text-align: center; width: 11.5476%;\"><span style=\"font-family: 'times new roman', times, serif; font-size: 10pt;\">05.11.1815<\/span><\/td>\n<td style=\"text-align: center; width: 11.3095%;\"><\/td>\n<td style=\"text-align: center; width: 11.6667%;\"><span style=\"font-family: 'times new roman', times, serif; font-size: 10pt;\">01.01.1856<\/span><\/td>\n<td style=\"text-align: center; width: 10.4762%;\"><\/td>\n<td style=\"text-align: center; width: 8.09524%;\"><\/td>\n<td style=\"text-align: center; width: 7.5%;\"><\/td>\n<\/tr>\n<\/tbody>\n<\/table>\n<p style=\"text-align: justify;\"><span style=\"font-family: 'times new roman', times, serif; font-size: 10pt;\">Kind Nr. 1) oo 1840 Gem\u00fcnden (Weilrod, Hochtaunuskreis) mit Katharina Wengenroth (* 19.01.1812 Gem\u00fcnden (Weilrod, Hochtaunuskreis); Eltern: Johann Christ Wengenroth und Maria Katharina geb. Klees, Landleute zu Gem\u00fcnden)<\/span><\/p>\n<p style=\"text-align: justify;\"><span style=\"font-family: 'times new roman', times, serif; font-size: 10pt;\"><strong>Paten: zu 1) <\/strong><em>1) Philipp Gottfried Kunz; 2) Johann Jacob W\u00f6rsd\u00f6rfer, Viehhirt zu De\u00dfighofen; 3) Elisabetha Christina, des Vaters Schwester von Winterwerb <\/em>\u2014 <strong>zu 2) <\/strong><em>1) Christina Maria Kunzin v. Kehlbach; 2) Joh. Wilhelm Laux; 3) Gottfried Thomas; beide von Geisig<\/em><\/span><\/p>\n<hr \/>\n<p><span style=\"font-size: 10pt; font-family: times new roman, times, serif;\"><b>Letztes Update: 5. Juni 2024<\/b><\/span><br \/>\n<span style=\"font-size: 10pt; font-family: times new roman, times, serif;\"><b>Ralph Jackmuth<\/b><\/span><\/p>\n","protected":false},"excerpt":{"rendered":"<p>Kunz, Johann Henrich: + 27.07.1744 Becheln, ca. 81 Jahre alt (bg. 28.07.); Sohn des Johannes Kunz von Endlichhofen (Pfarrei Ruppertshofen) prokl. 11.02. und 18.02.1694 Becheln (nach erhaltenem Amtskonsens) mit Michaelis, Anna Margaretha: Eltern: + 09.11.1720 Becheln (bg. 10.11.); Johann Dietrich Michaelis, Schulmeister in Becheln, und Anna Nr. VN normiert geboren getauft konfirmiert gestorben begraben Alter &hellip; <a href=\"https:\/\/www.ahnenforschung-jackmuth.de\/?page_id=11498\" class=\"more-link\"><span class=\"screen-reader-text\">\u201eOFB Becheln &#8211; Kunz\u201c<\/span> weiterlesen<\/a><\/p>\n","protected":false},"author":1,"featured_media":0,"parent":0,"menu_order":0,"comment_status":"closed","ping_status":"closed","template":"","meta":{"footnotes":""},"class_list":["post-11498","page","type-page","status-publish","hentry"],"_links":{"self":[{"href":"https:\/\/www.ahnenforschung-jackmuth.de\/index.php?rest_route=\/wp\/v2\/pages\/11498","targetHints":{"allow":["GET"]}}],"collection":[{"href":"https:\/\/www.ahnenforschung-jackmuth.de\/index.php?rest_route=\/wp\/v2\/pages"}],"about":[{"href":"https:\/\/www.ahnenforschung-jackmuth.de\/index.php?rest_route=\/wp\/v2\/types\/page"}],"author":[{"embeddable":true,"href":"https:\/\/www.ahnenforschung-jackmuth.de\/index.php?rest_route=\/wp\/v2\/users\/1"}],"replies":[{"embeddable":true,"href":"https:\/\/www.ahnenforschung-jackmuth.de\/index.php?rest_route=%2Fwp%2Fv2%2Fcomments&post=11498"}],"version-history":[{"count":0,"href":"https:\/\/www.ahnenforschung-jackmuth.de\/index.php?rest_route=\/wp\/v2\/pages\/11498\/revisions"}],"wp:attachment":[{"href":"https:\/\/www.ahnenforschung-jackmuth.de\/index.php?rest_route=%2Fwp%2Fv2%2Fmedia&parent=11498"}],"curies":[{"name":"wp","href":"https:\/\/api.w.org\/{rel}","templated":true}]}}