{"id":11443,"date":"2024-06-05T09:01:10","date_gmt":"2024-06-05T09:01:10","guid":{"rendered":"https:\/\/www.ahnenforschung-jackmuth.de\/?page_id=11443"},"modified":"2024-06-08T13:28:15","modified_gmt":"2024-06-08T13:28:15","slug":"ofb-becheln-baseler","status":"publish","type":"page","link":"https:\/\/www.ahnenforschung-jackmuth.de\/?page_id=11443","title":{"rendered":"OFB Becheln &#8211; Bas(e)ler"},"content":{"rendered":"<p style=\"text-align: justify;\"><span style=\"font-family: times new roman, times, serif; font-size: 10pt;\"><span style=\"color: #ff0000;\"><strong><u>Bas(e)ler<\/u>, Konrad\/Kurt:<\/strong> <\/span>aus Becheln; nassau-saarbr\u00fcckisch leibeigen; ist nach dem EV 1648 38 Jahre alt (EV vom 17.11.1658: 50 Jahre, EV 1665: 56 Jahre) und hat 2 Ochsen, Schatzung: 228 fl.; + 10.03.1679 Becheln (bg. 12.03.)<\/span><\/p>\n<p style=\"text-align: justify;\"><span style=\"font-family: times new roman, times, serif; font-size: 10pt;\"><strong>oo <\/strong><strong>01.11.1636 Braubach<\/strong> (prokl. 23.10.1636 Braubach) mit <strong><u>Mor<\/u>, Anna Elisabeth:<\/strong> Tochter des Simon Mor aus Rhens (VG Rhein-Mosel, Lkr. Mayen-Koblenz); ist nach dem EV 1648 34 Jahre alt (EV vom 17.11.1658: 40 Jahre, fehlt in EV 1665); + 05.12.1687 Becheln, ca. 67 Jahre alt (bg. 06.12.)<\/span><\/p>\n<table>\n<tbody>\n<tr>\n<td style=\"text-align: center;\" width=\"30\"><span style=\"font-family: 'times new roman', times, serif; font-size: 10pt;\"><strong>Nr.<\/strong><\/span><\/td>\n<td width=\"138\"><span style=\"font-family: 'times new roman', times, serif; font-size: 10pt;\"><strong>Vorname (normiert)<\/strong><\/span><\/td>\n<td style=\"text-align: center;\" width=\"68\"><span style=\"font-family: 'times new roman', times, serif; font-size: 10pt;\"><strong>geboren<\/strong><\/span><\/td>\n<td style=\"text-align: center;\" width=\"77\"><span style=\"font-family: 'times new roman', times, serif; font-size: 10pt;\"><strong>getauft<\/strong><\/span><\/td>\n<td style=\"text-align: center;\" width=\"70\"><span style=\"font-family: 'times new roman', times, serif; font-size: 10pt;\"><strong>konfirmiert<\/strong><\/span><\/td>\n<td style=\"text-align: center;\" width=\"70\"><span style=\"font-family: 'times new roman', times, serif; font-size: 10pt;\"><strong>gestorben<\/strong><\/span><\/td>\n<td style=\"text-align: center;\" width=\"68\"><span style=\"font-family: 'times new roman', times, serif; font-size: 10pt;\"><strong>begraben<\/strong><\/span><\/td>\n<td style=\"text-align: center;\" width=\"38\"><span style=\"font-family: 'times new roman', times, serif; font-size: 10pt;\"><strong>Alter<\/strong><\/span><\/td>\n<td style=\"text-align: center;\" width=\"44\"><span style=\"font-family: 'times new roman', times, serif; font-size: 10pt;\"><strong>Stand<\/strong><\/span><\/td>\n<\/tr>\n<tr>\n<td style=\"text-align: center;\" width=\"30\"><span style=\"font-family: 'times new roman', times, serif; font-size: 10pt;\">1<\/span><\/td>\n<td width=\"138\"><span style=\"font-family: 'times new roman', times, serif; font-size: 10pt;\">Anna Maria\/Katharina<\/span><\/td>\n<td style=\"text-align: center;\" width=\"68\"><span style=\"font-family: 'times new roman', times, serif; font-size: 10pt;\">ca. 1640<\/span><\/td>\n<td style=\"text-align: center;\" width=\"77\"><span style=\"font-family: 'times new roman', times, serif; font-size: 10pt;\"><strong>\u00a0<\/strong><\/span><\/td>\n<td style=\"text-align: center;\" width=\"70\"><span style=\"font-family: 'times new roman', times, serif; font-size: 10pt;\"><strong>\u00a0<\/strong><\/span><\/td>\n<td style=\"text-align: center;\" width=\"70\"><span style=\"font-family: 'times new roman', times, serif; font-size: 10pt;\"><strong>\u00a0<\/strong><\/span><\/td>\n<td style=\"text-align: center;\" width=\"68\"><span style=\"font-family: 'times new roman', times, serif; font-size: 10pt;\"><strong>\u00a0<\/strong><\/span><\/td>\n<td style=\"text-align: center;\" width=\"38\"><span style=\"font-family: 'times new roman', times, serif; font-size: 10pt;\"><strong>\u00a0<\/strong><\/span><\/td>\n<td style=\"text-align: center;\" width=\"44\"><\/td>\n<\/tr>\n<tr>\n<td style=\"text-align: center;\" width=\"30\"><span style=\"font-family: 'times new roman', times, serif; font-size: 10pt;\">2<\/span><\/td>\n<td width=\"138\"><span style=\"font-family: 'times new roman', times, serif; font-size: 10pt;\">Hans Enders<\/span><\/td>\n<td style=\"text-align: center;\" width=\"68\"><span style=\"font-family: 'times new roman', times, serif; font-size: 10pt;\">ca. 1645<\/span><\/td>\n<td style=\"text-align: center;\" width=\"77\"><span style=\"font-family: 'times new roman', times, serif; font-size: 10pt;\"><strong>\u00a0<\/strong><\/span><\/td>\n<td style=\"text-align: center;\" width=\"70\"><span style=\"font-family: 'times new roman', times, serif; font-size: 10pt;\"><strong>\u00a0<\/strong><\/span><\/td>\n<td style=\"text-align: center;\" width=\"70\"><span style=\"font-family: 'times new roman', times, serif; font-size: 10pt;\"><strong>\u00a0<\/strong><\/span><\/td>\n<td style=\"text-align: center;\" width=\"68\"><span style=\"font-family: 'times new roman', times, serif; font-size: 10pt;\"><strong>\u00a0<\/strong><\/span><\/td>\n<td style=\"text-align: center;\" width=\"38\"><span style=\"font-family: 'times new roman', times, serif; font-size: 10pt;\"><strong>\u00a0<\/strong><\/span><\/td>\n<td style=\"text-align: center;\" width=\"44\"><span style=\"font-family: 'times new roman', times, serif; font-size: 10pt;\">verh.<\/span><\/td>\n<\/tr>\n<\/tbody>\n<\/table>\n<p style=\"text-align: justify;\"><span style=\"font-family: 'times new roman', times, serif; font-size: 10pt;\">Kind Nr. 1) ist nach dem EV 1648 8 Jahre alt (EV vom 17.11.1658: 18 Jahre, <em>Anna Maria<\/em>; EV 1658 (2): 19 Jahre, <em>Anna Marey<\/em>; EV 1665: 20 Jahre, <em>Anna C\u00e4th<\/em>)<br \/>\n<\/span><span style=\"font-family: 'times new roman', times, serif; font-size: 10pt;\">Kind Nr. 2) ist nach dem EV 1648 3 Jahre alt (EV vom 17.11.1658: 13 Jahre, EV 1658 (2): 14 Jahre, EV 1665: 18 Jahre); oo 12.04.1668 Becheln mit Anna Elisabeth, Stieftochter des Vaters<\/span><\/p>\n<hr \/>\n<p><span style=\"font-family: 'times new roman', times, serif; font-size: 10pt;\"><strong><span style=\"color: #ff0000;\"><u>Baseler<\/u>, Johann Andreas (Hans Enders):<\/span> <\/strong>Sohn von Konrad Bas(e)ler<\/span><\/p>\n<p><span style=\"font-family: 'times new roman', times, serif; font-size: 10pt;\"><strong>oo 12.04.1668 Becheln<\/strong> mit <strong>Anna Elisabeth:<\/strong> Stieftochter des Konrad Bas(e)ler<\/span><\/p>\n<table style=\"width: 100%;\">\n<tbody>\n<tr>\n<td style=\"text-align: center; width: 5.59524%;\" width=\"21\"><span style=\"font-family: 'times new roman', times, serif; font-size: 10pt;\"><strong>Nr.<\/strong><\/span><\/td>\n<td style=\"width: 20.3571%;\" width=\"141\"><span style=\"font-family: 'times new roman', times, serif; font-size: 10pt;\"><strong>Vorname (normiert)<\/strong><\/span><\/td>\n<td style=\"text-align: center; width: 12.381%;\" width=\"77\"><span style=\"font-family: 'times new roman', times, serif; font-size: 10pt;\"><strong>geboren<\/strong><\/span><\/td>\n<td style=\"text-align: center; width: 11.9048%;\" width=\"73\"><span style=\"font-family: 'times new roman', times, serif; font-size: 10pt;\"><strong>getauft<\/strong><\/span><\/td>\n<td style=\"text-align: center; width: 11.9048%;\" width=\"73\"><span style=\"font-family: 'times new roman', times, serif; font-size: 10pt;\"><strong>konfirmiert<\/strong><\/span><\/td>\n<td style=\"text-align: center; width: 11.9048%;\" width=\"73\"><span style=\"font-family: 'times new roman', times, serif; font-size: 10pt;\"><strong>gestorben<\/strong><\/span><\/td>\n<td style=\"text-align: center; width: 10.119%;\" width=\"60\"><span style=\"font-family: 'times new roman', times, serif; font-size: 10pt;\"><strong>begraben<\/strong><\/span><\/td>\n<td style=\"text-align: center; width: 7.85714%;\" width=\"43\"><span style=\"font-family: 'times new roman', times, serif; font-size: 10pt;\"><strong>Alter<\/strong><\/span><\/td>\n<td style=\"text-align: center; width: 7.85714%;\" width=\"43\"><span style=\"font-family: 'times new roman', times, serif; font-size: 10pt;\"><strong>Stand<\/strong><\/span><\/td>\n<\/tr>\n<tr>\n<td style=\"text-align: center; width: 5.59524%;\" width=\"21\"><span style=\"font-family: 'times new roman', times, serif; font-size: 10pt;\">1<\/span><\/td>\n<td style=\"width: 20.3571%;\" width=\"141\"><span style=\"font-family: 'times new roman', times, serif; font-size: 10pt;\">Apollonia<\/span><\/td>\n<td style=\"text-align: center; width: 12.381%;\" width=\"77\"><\/td>\n<td style=\"text-align: center; width: 11.9048%;\" width=\"73\"><span style=\"font-family: 'times new roman', times, serif; font-size: 10pt;\">31.01.1669<\/span><\/td>\n<td style=\"text-align: center; width: 11.9048%;\" width=\"73\"><span style=\"font-family: 'times new roman', times, serif; font-size: 10pt;\">16.04.1682<\/span><\/td>\n<td style=\"text-align: center; width: 11.9048%;\" width=\"73\"><\/td>\n<td style=\"text-align: center; width: 10.119%;\" width=\"60\"><\/td>\n<td style=\"text-align: center; width: 7.85714%;\" width=\"43\"><\/td>\n<td style=\"text-align: center; width: 7.85714%;\" width=\"43\"><\/td>\n<\/tr>\n<tr>\n<td style=\"text-align: center; width: 5.59524%;\"><span style=\"font-family: 'times new roman', times, serif; font-size: 10pt;\">2<\/span><\/td>\n<td style=\"width: 20.3571%;\"><span style=\"font-family: 'times new roman', times, serif; font-size: 10pt;\">Maria Katharina<\/span><\/td>\n<td style=\"text-align: center; width: 12.381%;\"><span style=\"font-family: 'times new roman', times, serif; font-size: 10pt;\">21.02.1671<\/span><\/td>\n<td style=\"text-align: center; width: 11.9048%;\"><span style=\"font-family: 'times new roman', times, serif; font-size: 10pt;\">26.02.1671<\/span><\/td>\n<td style=\"text-align: center; width: 11.9048%;\"><\/td>\n<td style=\"text-align: center; width: 11.9048%;\"><span style=\"font-family: 'times new roman', times, serif; font-size: 10pt;\">06.02.1675<\/span><\/td>\n<td style=\"text-align: center; width: 10.119%;\"><\/td>\n<td style=\"text-align: center; width: 7.85714%;\"><span style=\"font-family: 'times new roman', times, serif; font-size: 10pt;\">3,95<\/span><\/td>\n<td style=\"text-align: center; width: 7.85714%;\"><\/td>\n<\/tr>\n<tr>\n<td style=\"text-align: center; width: 5.59524%;\"><span style=\"font-family: 'times new roman', times, serif; font-size: 10pt;\">3<\/span><\/td>\n<td style=\"width: 20.3571%;\"><span style=\"font-family: 'times new roman', times, serif; font-size: 10pt;\">Anna Margaretha<\/span><\/td>\n<td style=\"text-align: center; width: 12.381%;\"><span style=\"font-family: 'times new roman', times, serif; font-size: 10pt;\">19.10.1673<\/span><\/td>\n<td style=\"text-align: center; width: 11.9048%;\"><\/td>\n<td style=\"text-align: center; width: 11.9048%;\"><span style=\"font-family: 'times new roman', times, serif; font-size: 10pt;\">17.04.1687<\/span><\/td>\n<td style=\"text-align: center; width: 11.9048%;\"><\/td>\n<td style=\"text-align: center; width: 10.119%;\"><\/td>\n<td style=\"text-align: center; width: 7.85714%;\"><\/td>\n<td style=\"text-align: center; width: 7.85714%;\"><\/td>\n<\/tr>\n<tr>\n<td style=\"text-align: center; width: 5.59524%;\"><span style=\"font-family: 'times new roman', times, serif; font-size: 10pt;\">4<\/span><\/td>\n<td style=\"width: 20.3571%;\"><span style=\"font-family: 'times new roman', times, serif; font-size: 10pt;\">Anna Maria<\/span><\/td>\n<td style=\"text-align: center; width: 12.381%;\"><span style=\"font-family: 'times new roman', times, serif; font-size: 10pt;\">01.12.1676<\/span><\/td>\n<td style=\"text-align: center; width: 11.9048%;\"><span style=\"font-family: 'times new roman', times, serif; font-size: 10pt;\">10.12.1676<\/span><\/td>\n<td style=\"text-align: center; width: 11.9048%;\"><\/td>\n<td style=\"text-align: center; width: 11.9048%;\"><\/td>\n<td style=\"text-align: center; width: 10.119%;\"><\/td>\n<td style=\"text-align: center; width: 7.85714%;\"><\/td>\n<td style=\"text-align: center; width: 7.85714%;\"><span style=\"font-family: 'times new roman', times, serif; font-size: 10pt;\">verh.<\/span><\/td>\n<\/tr>\n<tr>\n<td style=\"text-align: center; width: 5.59524%;\"><span style=\"font-family: 'times new roman', times, serif; font-size: 10pt;\">5<\/span><\/td>\n<td style=\"width: 20.3571%;\"><span style=\"font-family: 'times new roman', times, serif; font-size: 10pt;\">Anna Christina<\/span><\/td>\n<td style=\"text-align: center; width: 12.381%;\"><span style=\"font-family: 'times new roman', times, serif; font-size: 10pt;\">05.12.1679<\/span><\/td>\n<td style=\"text-align: center; width: 11.9048%;\"><span style=\"font-family: 'times new roman', times, serif; font-size: 10pt;\">14.12.1679<\/span><\/td>\n<td style=\"text-align: center; width: 11.9048%;\"><span style=\"font-family: 'times new roman', times, serif; font-size: 10pt;\">16.04.1693<\/span><\/td>\n<td style=\"text-align: center; width: 11.9048%;\"><\/td>\n<td style=\"text-align: center; width: 10.119%;\"><\/td>\n<td style=\"text-align: center; width: 7.85714%;\"><\/td>\n<td style=\"text-align: center; width: 7.85714%;\"><\/td>\n<\/tr>\n<tr>\n<td style=\"text-align: center; width: 5.59524%;\"><span style=\"font-family: 'times new roman', times, serif; font-size: 10pt;\">6<\/span><\/td>\n<td style=\"width: 20.3571%;\"><span style=\"font-family: 'times new roman', times, serif; font-size: 10pt;\">Johann Jakob<\/span><\/td>\n<td style=\"text-align: center; width: 12.381%;\"><span style=\"font-family: 'times new roman', times, serif; font-size: 10pt;\">12.03.1683<\/span><\/td>\n<td style=\"text-align: center; width: 11.9048%;\"><span style=\"font-family: 'times new roman', times, serif; font-size: 10pt;\">18.03.1683<\/span><\/td>\n<td style=\"text-align: center; width: 11.9048%;\"><\/td>\n<td style=\"text-align: center; width: 11.9048%;\"><\/td>\n<td style=\"text-align: center; width: 10.119%;\"><\/td>\n<td style=\"text-align: center; width: 7.85714%;\"><\/td>\n<td style=\"text-align: center; width: 7.85714%;\"><\/td>\n<\/tr>\n<tr>\n<td style=\"text-align: center; width: 5.59524%;\"><span style=\"font-family: 'times new roman', times, serif; font-size: 10pt;\">7<\/span><\/td>\n<td style=\"width: 20.3571%;\"><span style=\"font-family: 'times new roman', times, serif; font-size: 10pt;\">Maria Elisabeth<\/span><\/td>\n<td style=\"text-align: center; width: 12.381%;\"><span style=\"font-family: 'times new roman', times, serif; font-size: 10pt;\">16.06.1685<\/span><\/td>\n<td style=\"text-align: center; width: 11.9048%;\"><span style=\"font-family: 'times new roman', times, serif; font-size: 10pt;\">21.06.1685<\/span><\/td>\n<td style=\"text-align: center; width: 11.9048%;\"><span style=\"font-family: 'times new roman', times, serif; font-size: 10pt;\">16.04.1702<\/span><\/td>\n<td style=\"text-align: center; width: 11.9048%;\"><\/td>\n<td style=\"text-align: center; width: 10.119%;\"><\/td>\n<td style=\"text-align: center; width: 7.85714%;\"><\/td>\n<td style=\"text-align: center; width: 7.85714%;\"><\/td>\n<\/tr>\n<\/tbody>\n<\/table>\n<p><span style=\"font-family: 'times new roman', times, serif; font-size: 10pt;\">Kind Nr. 1) hat illeg. Kind Anna Christina Barbara * 26.09.1694 Becheln (Vater: Hans Th\u00f6nges May)<br \/>\n<\/span><span style=\"font-family: 'times new roman', times, serif; font-size: 10pt;\">Kind Nr. 4) prokl. 29.09., 06.10., 13.10.1720 Becheln mit Quirin Zimmermann aus K\u00f6rdorf, wohnt in Singhofen<\/span><\/p>\n<p style=\"text-align: justify;\"><span style=\"font-family: 'times new roman', times, serif; font-size: 10pt;\"><strong>Paten: zu 1)<\/strong> <em>Joh. Philipp Thei\u00df, Michel Thei\u00dfen von Fr\u00fccht hinterla\u00dfener Sohn; Apollonia, Han\u00df Peter Schmids Hau\u00dffrau; undt Elisabetha, Georgen von Holtzhau\u00dfen hinterla\u00dfene Tochter <\/em>\u2014 <strong>zu 2) <\/strong><em>Han\u00df Th\u00f6nges Mey, Schmidt zu Schweickhau\u00dfen; Anna Maria, Johannes Sto\u00dfenbergers <\/em>[?]<em>, M\u00fcllers im Zippenhan, Hau\u00dffr[au]; undt J[ung]f[e]r Anna Catharina, Han\u00df Hoffmanns Tochter <\/em>\u2014 <strong>zu 3) <\/strong><em>Simon zu Braubach an d[er] &#8230;; Elisabeth, avia; undt J[ung]f[e]r Anna Margretha, Adam, des K\u00fchehirten zu Becheln, Tochter <\/em>\u2014 <strong>zu 4) <\/strong><em>Han\u00df Adam, der Sch\u00e4ffer zu Miehlen; Anna Barbara, Johann Adam Meyers <\/em>[May] <em>zu Dessingoben <\/em>[Dessighofen]<em> Tochter; undt Anna Maria, Johann &#8230; Tochter <\/em>\u2014 <strong>zu 5) <\/strong><em>Simon Hoffmann; Anna Christina, Peter Freunds, undt Anna Margreth, Peter Singhoffens Hau\u00dffrauen <\/em>\u2014 <strong>zu 6) <\/strong><em>Hanns Th\u00f6niges G\u00f6th; Joh. Jacob Gretz, des steinischen Hoffmanns Sohn; undt Fr[au] Anna Kunigunda, pastoris conjux <\/em>\u2014 <strong>zu 7) <\/strong><em>Johann Andreas, Hanns Peter Schmidts Sohn; Anna Maria, Gottfried Wageners Hau\u00dffraw; u. Anna Maria, Hanns Th\u00f6nges Metzen Tochter<\/em><\/span><\/p>\n<hr \/>\n<p><span style=\"font-family: 'times new roman', times, serif; font-size: 10pt;\"><span style=\"color: #ff0000;\"><strong><u>Baseler<\/u>, Elisabeth Apollonia:<\/strong><\/span> gt. 31.01.1669; konf. 16.04.1682; Eltern: Johann Andreas Baseler und Anna Elisabeth<\/span><\/p>\n<p><span style=\"font-family: 'times new roman', times, serif; font-size: 10pt;\"><strong>o-o<\/strong> mit <strong><u>May<\/u>, Hans Th\u00f6nges<\/strong><\/span><\/p>\n<table style=\"width: 100%;\">\n<tbody>\n<tr>\n<td style=\"text-align: center; width: 5.35714%;\" width=\"22\"><span style=\"font-family: 'times new roman', times, serif; font-size: 10pt;\"><strong>Nr.<\/strong><\/span><\/td>\n<td style=\"width: 21.0714%;\" width=\"144\"><span style=\"font-family: 'times new roman', times, serif; font-size: 10pt;\"><strong>Vorname (normiert)<\/strong><\/span><\/td>\n<td style=\"text-align: center; width: 12.5%;\" width=\"78\"><span style=\"font-family: 'times new roman', times, serif; font-size: 10pt;\"><strong>geboren<\/strong><\/span><\/td>\n<td style=\"text-align: center; width: 11.9048%;\" width=\"74\"><span style=\"font-family: 'times new roman', times, serif; font-size: 10pt;\"><strong>getauft<\/strong><\/span><\/td>\n<td style=\"text-align: center; width: 11.3095%;\" width=\"69\"><span style=\"font-family: 'times new roman', times, serif; font-size: 10pt;\"><strong>konfirmiert<\/strong><\/span><\/td>\n<td style=\"text-align: center; width: 11.9048%;\" width=\"74\"><span style=\"font-family: 'times new roman', times, serif; font-size: 10pt;\"><strong>gestorben<\/strong><\/span><\/td>\n<td style=\"text-align: center; width: 10.4762%;\" width=\"63\"><span style=\"font-family: 'times new roman', times, serif; font-size: 10pt;\"><strong>begraben<\/strong><\/span><\/td>\n<td style=\"text-align: center; width: 7.97619%;\" width=\"44\"><span style=\"font-family: 'times new roman', times, serif; font-size: 10pt;\"><strong>Alter<\/strong><\/span><\/td>\n<td style=\"text-align: center; width: 7.38095%;\" width=\"40\"><span style=\"font-family: 'times new roman', times, serif; font-size: 10pt;\"><strong>Stand<\/strong><\/span><\/td>\n<\/tr>\n<tr>\n<td style=\"text-align: center; width: 5.35714%;\" width=\"22\"><span style=\"font-family: 'times new roman', times, serif; font-size: 10pt;\">1<\/span><\/td>\n<td style=\"width: 21.0714%;\" width=\"144\"><span style=\"font-family: 'times new roman', times, serif; font-size: 10pt;\">Anna Christina Barbara<\/span><\/td>\n<td style=\"text-align: center; width: 12.5%;\" width=\"78\"><span style=\"font-family: 'times new roman', times, serif; font-size: 10pt;\">26.09.1694<\/span><\/td>\n<td style=\"text-align: center; width: 11.9048%;\" width=\"74\"><span style=\"font-family: 'times new roman', times, serif; font-size: 10pt;\">27.09.1694<\/span><\/td>\n<td style=\"text-align: center; width: 11.3095%;\" width=\"69\"><\/td>\n<td style=\"text-align: center; width: 11.9048%;\" width=\"74\"><span style=\"font-family: 'times new roman', times, serif; font-size: 10pt;\">11.11.1694<\/span><\/td>\n<td style=\"text-align: center; width: 10.4762%;\" width=\"63\"><\/td>\n<td style=\"text-align: center; width: 7.97619%;\" width=\"44\"><span style=\"font-family: 'times new roman', times, serif; font-size: 10pt;\">0,13<\/span><\/td>\n<td style=\"text-align: center; width: 7.38095%;\" width=\"40\"><\/td>\n<\/tr>\n<\/tbody>\n<\/table>\n<p><span style=\"font-family: 'times new roman', times, serif; font-size: 10pt;\"><strong>Paten:<\/strong> <em>Friederich Schmidt; Anna Barbara, Stoffel W\u00e4berlers Tochter; v[nd] Anna Christina Baselerin, matris soror<\/em><\/span><\/p>\n<hr \/>\n<p><span style=\"font-size: 10pt; font-family: times new roman, times, serif;\"><b>Letztes Update: 5. Juni 2024<\/b><\/span><br \/>\n<span style=\"font-size: 10pt; font-family: times new roman, times, serif;\"><b>Ralph Jackmuth<\/b><\/span><\/p>\n","protected":false},"excerpt":{"rendered":"<p>Bas(e)ler, Konrad\/Kurt: aus Becheln; nassau-saarbr\u00fcckisch leibeigen; ist nach dem EV 1648 38 Jahre alt (EV vom 17.11.1658: 50 Jahre, EV 1665: 56 Jahre) und hat 2 Ochsen, Schatzung: 228 fl.; + 10.03.1679 Becheln (bg. 12.03.) oo 01.11.1636 Braubach (prokl. 23.10.1636 Braubach) mit Mor, Anna Elisabeth: Tochter des Simon Mor aus Rhens (VG Rhein-Mosel, Lkr. Mayen-Koblenz); &hellip; <a href=\"https:\/\/www.ahnenforschung-jackmuth.de\/?page_id=11443\" class=\"more-link\"><span class=\"screen-reader-text\">\u201eOFB Becheln &#8211; Bas(e)ler\u201c<\/span> weiterlesen<\/a><\/p>\n","protected":false},"author":1,"featured_media":0,"parent":0,"menu_order":0,"comment_status":"closed","ping_status":"closed","template":"","meta":{"footnotes":""},"class_list":["post-11443","page","type-page","status-publish","hentry"],"_links":{"self":[{"href":"https:\/\/www.ahnenforschung-jackmuth.de\/index.php?rest_route=\/wp\/v2\/pages\/11443","targetHints":{"allow":["GET"]}}],"collection":[{"href":"https:\/\/www.ahnenforschung-jackmuth.de\/index.php?rest_route=\/wp\/v2\/pages"}],"about":[{"href":"https:\/\/www.ahnenforschung-jackmuth.de\/index.php?rest_route=\/wp\/v2\/types\/page"}],"author":[{"embeddable":true,"href":"https:\/\/www.ahnenforschung-jackmuth.de\/index.php?rest_route=\/wp\/v2\/users\/1"}],"replies":[{"embeddable":true,"href":"https:\/\/www.ahnenforschung-jackmuth.de\/index.php?rest_route=%2Fwp%2Fv2%2Fcomments&post=11443"}],"version-history":[{"count":0,"href":"https:\/\/www.ahnenforschung-jackmuth.de\/index.php?rest_route=\/wp\/v2\/pages\/11443\/revisions"}],"wp:attachment":[{"href":"https:\/\/www.ahnenforschung-jackmuth.de\/index.php?rest_route=%2Fwp%2Fv2%2Fmedia&parent=11443"}],"curies":[{"name":"wp","href":"https:\/\/api.w.org\/{rel}","templated":true}]}}