{"id":11396,"date":"2024-05-08T15:00:21","date_gmt":"2024-05-08T15:00:21","guid":{"rendered":"https:\/\/www.ahnenforschung-jackmuth.de\/?page_id=11396"},"modified":"2024-05-08T15:12:26","modified_gmt":"2024-05-08T15:12:26","slug":"ofb-marienfels-1648-1746-s","status":"publish","type":"page","link":"https:\/\/www.ahnenforschung-jackmuth.de\/?page_id=11396","title":{"rendered":"OFB Marienfels 1648-1746 &#8211; S"},"content":{"rendered":"<p><span style=\"font-family: 'times new roman', times, serif; font-size: 10pt;\"><span style=\"color: #ff0000;\"><strong><u><a id=\"schaefer\"><\/a>Sch\u00e4fer<\/u><\/strong><\/span><strong><span style=\"color: #ff0000;\">, Johannes:<\/span> <\/strong>M\u00fcller in Marienfels<\/span><\/p>\n<p><span style=\"font-family: 'times new roman', times, serif; font-size: 10pt;\"><strong>oo<\/strong> mit<strong> Eva Magdalena:<\/strong> 1717 Anna Magdalena<\/span><\/p>\n<table>\n<tbody>\n<tr>\n<td style=\"text-align: center;\" width=\"29\"><span style=\"font-family: 'times new roman', times, serif; font-size: 10pt;\"><strong>Nr.<\/strong><\/span><\/td>\n<td width=\"133\"><span style=\"font-family: 'times new roman', times, serif; font-size: 10pt;\"><strong>Vorname (normiert)<\/strong><\/span><\/td>\n<td style=\"text-align: center;\" width=\"76\"><span style=\"font-family: 'times new roman', times, serif; font-size: 10pt;\"><strong>geboren<\/strong><\/span><\/td>\n<td style=\"text-align: center;\" width=\"76\"><span style=\"font-family: 'times new roman', times, serif; font-size: 10pt;\"><strong>getauft<\/strong><\/span><\/td>\n<td style=\"text-align: center;\" width=\"69\"><span style=\"font-family: 'times new roman', times, serif; font-size: 10pt;\"><strong>konfirmiert<\/strong><\/span><\/td>\n<td style=\"text-align: center;\" width=\"65\"><span style=\"font-family: 'times new roman', times, serif; font-size: 10pt;\"><strong>gestorben<\/strong><\/span><\/td>\n<td style=\"text-align: center;\" width=\"76\"><span style=\"font-family: 'times new roman', times, serif; font-size: 10pt;\"><strong>begraben<\/strong><\/span><\/td>\n<td style=\"text-align: center;\" width=\"44\"><span style=\"font-family: 'times new roman', times, serif; font-size: 10pt;\"><strong>Alter<\/strong><\/span><\/td>\n<td style=\"text-align: center;\" width=\"41\"><span style=\"font-family: 'times new roman', times, serif; font-size: 10pt;\"><strong>Stand<\/strong><\/span><\/td>\n<\/tr>\n<tr>\n<td style=\"text-align: center;\" width=\"29\"><span style=\"font-family: 'times new roman', times, serif; font-size: 10pt;\">1<\/span><\/td>\n<td width=\"133\"><span style=\"font-family: 'times new roman', times, serif; font-size: 10pt;\">Elisabeth Katharina<\/span><\/td>\n<td style=\"text-align: center;\" width=\"76\"><span style=\"font-family: 'times new roman', times, serif; font-size: 10pt;\">26.08.1717<\/span><\/td>\n<td style=\"text-align: center;\" width=\"76\"><span style=\"font-family: 'times new roman', times, serif; font-size: 10pt;\">27.08.1717<\/span><\/td>\n<td style=\"text-align: center;\" width=\"69\"><\/td>\n<td style=\"text-align: center;\" width=\"65\"><\/td>\n<td style=\"text-align: center;\" width=\"76\"><span style=\"font-family: 'times new roman', times, serif; font-size: 10pt;\">29.04.1721<\/span><\/td>\n<td style=\"text-align: center;\" width=\"44\"><span style=\"font-family: 'times new roman', times, serif; font-size: 10pt;\">3,67<\/span><\/td>\n<td style=\"text-align: center;\" width=\"41\"><\/td>\n<\/tr>\n<tr>\n<td style=\"text-align: center;\"><span style=\"font-family: 'times new roman', times, serif; font-size: 10pt;\">2<\/span><\/td>\n<td><span style=\"font-family: 'times new roman', times, serif; font-size: 10pt;\">Maria Dorothea<\/span><\/td>\n<td style=\"text-align: center;\"><span style=\"font-family: 'times new roman', times, serif; font-size: 10pt;\">29.10.1719<\/span><\/td>\n<td style=\"text-align: center;\"><span style=\"font-family: 'times new roman', times, serif; font-size: 10pt;\">31.10.1719<\/span><\/td>\n<td style=\"text-align: center;\"><\/td>\n<td style=\"text-align: center;\"><\/td>\n<td style=\"text-align: center;\"><\/td>\n<td style=\"text-align: center;\"><\/td>\n<td style=\"text-align: center;\"><\/td>\n<\/tr>\n<tr>\n<td style=\"text-align: center;\"><span style=\"font-family: 'times new roman', times, serif; font-size: 10pt;\">3<\/span><\/td>\n<td><span style=\"font-family: 'times new roman', times, serif; font-size: 10pt;\">Johann Henrich<\/span><\/td>\n<td style=\"text-align: center;\"><span style=\"font-family: 'times new roman', times, serif; font-size: 10pt;\">15.03.1722<\/span><\/td>\n<td style=\"text-align: center;\"><span style=\"font-family: 'times new roman', times, serif; font-size: 10pt;\">18.03.1722<\/span><\/td>\n<td style=\"text-align: center;\"><\/td>\n<td style=\"text-align: center;\"><\/td>\n<td style=\"text-align: center;\"><\/td>\n<td style=\"text-align: center;\"><\/td>\n<td style=\"text-align: center;\"><\/td>\n<\/tr>\n<\/tbody>\n<\/table>\n<p style=\"text-align: justify;\"><span style=\"font-family: 'times new roman', times, serif; font-size: 10pt;\"><strong>Paten: zu 1) <\/strong><em>Anna Catharina, Johann Adam Friederichs, Kirchen Senioris zu Aehr, H[aus]fr[au]; u. Henrich Martin Laux, Einwohner u. B\u00fcrger alhier; u. Johann Henrich, Johann Philipps Ulmans eh[licher] Sohn von Gemrich; wie auch Elisabetha Catharina, David K\u00f6hler Tochter zu Singhofen <\/em><strong><em>\u2014 <\/em><\/strong><strong>zu 2) <\/strong><em>Maria Catharina, Johann Adam Keisers H[aus]fr[au] alhier; u. Maria Dorothea, Paulus Schmieds, weyland M\u00fcllers alhier, nachgela\u00dfene Tochter; it[em] Johann Conrad Schefer, Einwohner zu Huntzel; und David Bauer, Einwohner zu Singhofen <\/em><strong><em>\u2014 <\/em><\/strong><strong>zu 3) <\/strong><em>Johann Henrich Klippel von Kirdorff; u. Friedrich Henrich Jungblut, Burger und Rothgerber zu Braubach; wie auch Anna Gertraud, Johann Ca\u00dfpar Schmieds H[aus]fr[au] von Dornholtzhau\u00dfen<\/em><\/span><\/p>\n<hr \/>\n<p><span style=\"font-family: 'times new roman', times, serif; font-size: 10pt;\"><span style=\"color: #ff0000;\"><strong><u>Sch\u00e4fer<\/u><\/strong><strong>, Johann Melchior:<\/strong> <\/span>aus K\u00f6rdorf; bg. 22.06.1743 Marienfels, 53 Jahre weniger 3 Monate und 8 Tage alt<\/span><\/p>\n<p style=\"text-align: justify;\"><span style=\"font-family: 'times new roman', times, serif; font-size: 10pt;\"><strong>oo 07.02.1719 Marienfels<\/strong> mit <strong><u>Froni<\/u>, Anna Maria:<\/strong> * 30.01.1705 Marienfels (gt. 01.02.); konf. 16.05.1717; Eltern: Peter Froni, arnsteinischer Hofmann zu Marienfels, und Anna Dorothea<\/span><\/p>\n<table>\n<tbody>\n<tr>\n<td style=\"text-align: center;\" width=\"29\"><span style=\"font-family: 'times new roman', times, serif; font-size: 10pt;\"><strong>Nr.<\/strong><\/span><\/td>\n<td width=\"130\"><span style=\"font-family: 'times new roman', times, serif; font-size: 10pt;\"><strong>Vorname (normiert)<\/strong><\/span><\/td>\n<td style=\"text-align: center;\" width=\"76\"><span style=\"font-family: 'times new roman', times, serif; font-size: 10pt;\"><strong>geboren<\/strong><\/span><\/td>\n<td style=\"text-align: center;\" width=\"76\"><span style=\"font-family: 'times new roman', times, serif; font-size: 10pt;\"><strong>getauft<\/strong><\/span><\/td>\n<td style=\"text-align: center;\" width=\"69\"><span style=\"font-family: 'times new roman', times, serif; font-size: 10pt;\"><strong>konfirmiert<\/strong><\/span><\/td>\n<td style=\"text-align: center;\" width=\"66\"><span style=\"font-family: 'times new roman', times, serif; font-size: 10pt;\"><strong>gestorben<\/strong><\/span><\/td>\n<td style=\"text-align: center;\" width=\"76\"><span style=\"font-family: 'times new roman', times, serif; font-size: 10pt;\"><strong>begraben<\/strong><\/span><\/td>\n<td style=\"text-align: center;\" width=\"44\"><span style=\"font-family: 'times new roman', times, serif; font-size: 10pt;\"><strong>Alter<\/strong><\/span><\/td>\n<td style=\"text-align: center;\" width=\"42\"><span style=\"font-family: 'times new roman', times, serif; font-size: 10pt;\"><strong>Stand<\/strong><\/span><\/td>\n<\/tr>\n<tr>\n<td style=\"text-align: center;\" width=\"29\"><span style=\"font-family: 'times new roman', times, serif; font-size: 10pt;\">1<\/span><\/td>\n<td width=\"130\"><span style=\"font-family: 'times new roman', times, serif; font-size: 10pt;\">Johann Peter<\/span><\/td>\n<td style=\"text-align: center;\" width=\"76\"><span style=\"font-family: 'times new roman', times, serif; font-size: 10pt;\">29.08.1722<\/span><\/td>\n<td style=\"text-align: center;\" width=\"76\"><span style=\"font-family: 'times new roman', times, serif; font-size: 10pt;\">30.08.1722<\/span><\/td>\n<td style=\"text-align: center;\" width=\"69\"><\/td>\n<td style=\"text-align: center;\" width=\"66\"><\/td>\n<td style=\"text-align: center;\" width=\"76\"><span style=\"font-family: 'times new roman', times, serif; font-size: 10pt;\">06.09.1722<\/span><\/td>\n<td style=\"text-align: center;\" width=\"44\"><span style=\"font-family: 'times new roman', times, serif; font-size: 10pt;\">0,02<\/span><\/td>\n<td style=\"text-align: center;\" width=\"42\"><\/td>\n<\/tr>\n<\/tbody>\n<\/table>\n<p><span style=\"font-family: 'times new roman', times, serif; font-size: 10pt;\"><strong>Paten: <\/strong><em>Johann Peter Frony; und Johann Willhelm Retert, Kirchen Senior in Huntzel; wie auch Anna Margaretha, Johann Willhelm Schefers H[aus]fr[au] von Heret <\/em>[?]<\/span><\/p>\n<hr \/>\n<p><span style=\"font-family: 'times new roman', times, serif; font-size: 10pt;\"><span style=\"color: #ff0000;\"><strong><u><a id=\"schmidt\"><\/a>Schmidt<\/u><\/strong><strong>, Paul:<\/strong> <\/span>M\u00fcller auf der Ehrerbach obig dem Sauerbrunnen zu Marienfels; bg. 18.02.1699 Marienfels, 39 Jahre alt<\/span><\/p>\n<p style=\"text-align: justify;\"><span style=\"font-family: 'times new roman', times, serif; font-size: 10pt;\"><strong>oo<\/strong> mit <strong>Anna Dorothea:<\/strong> bg. 29.03.1715 Marienfels, 55 Jahre, 6 Monate und 27 Tage alt; oo II. 10.08.1701 Marienfels mit Peter Urbanus aus Frankenthal, Mahlknecht auf der Ehrer Bach<\/span><\/p>\n<table>\n<tbody>\n<tr>\n<td style=\"text-align: center;\" width=\"30\"><span style=\"font-family: 'times new roman', times, serif; font-size: 10pt;\"><strong>Nr.<\/strong><\/span><\/td>\n<td width=\"138\"><span style=\"font-family: 'times new roman', times, serif; font-size: 10pt;\"><strong>Vorname (normiert)<\/strong><\/span><\/td>\n<td style=\"text-align: center;\" width=\"68\"><span style=\"font-family: 'times new roman', times, serif; font-size: 10pt;\"><strong>geboren<\/strong><\/span><\/td>\n<td style=\"text-align: center;\" width=\"77\"><span style=\"font-family: 'times new roman', times, serif; font-size: 10pt;\"><strong>getauft<\/strong><\/span><\/td>\n<td style=\"text-align: center;\" width=\"70\"><span style=\"font-family: 'times new roman', times, serif; font-size: 10pt;\"><strong>konfirmiert<\/strong><\/span><\/td>\n<td style=\"text-align: center;\" width=\"70\"><span style=\"font-family: 'times new roman', times, serif; font-size: 10pt;\"><strong>gestorben<\/strong><\/span><\/td>\n<td style=\"text-align: center;\" width=\"68\"><span style=\"font-family: 'times new roman', times, serif; font-size: 10pt;\"><strong>begraben<\/strong><\/span><\/td>\n<td style=\"text-align: center;\" width=\"38\"><span style=\"font-family: 'times new roman', times, serif; font-size: 10pt;\"><strong>Alter<\/strong><\/span><\/td>\n<td style=\"text-align: center;\" width=\"44\"><span style=\"font-family: 'times new roman', times, serif; font-size: 10pt;\"><strong>Stand<\/strong><\/span><\/td>\n<\/tr>\n<tr>\n<td style=\"text-align: center;\" width=\"30\"><span style=\"font-family: 'times new roman', times, serif; font-size: 10pt;\">1<\/span><\/td>\n<td width=\"138\"><span style=\"font-family: 'times new roman', times, serif; font-size: 10pt;\">Philipp Adam<\/span><\/td>\n<td style=\"text-align: center;\" width=\"68\"><span style=\"font-family: 'times new roman', times, serif; font-size: 10pt;\">ca. 1683<\/span><\/td>\n<td style=\"text-align: center;\" width=\"77\"><span style=\"font-family: 'times new roman', times, serif; font-size: 10pt;\"><strong>\u00a0<\/strong><\/span><\/td>\n<td style=\"text-align: center;\" width=\"70\"><span style=\"font-family: 'times new roman', times, serif; font-size: 10pt;\">12.04.1696<\/span><\/td>\n<td style=\"text-align: center;\" width=\"70\"><span style=\"font-family: 'times new roman', times, serif; font-size: 10pt;\"><strong>\u00a0<\/strong><\/span><\/td>\n<td style=\"text-align: center;\" width=\"68\"><\/td>\n<td style=\"text-align: center;\" width=\"38\"><\/td>\n<td style=\"text-align: center;\" width=\"44\"><\/td>\n<\/tr>\n<tr>\n<td style=\"text-align: center;\" width=\"30\"><span style=\"font-family: 'times new roman', times, serif; font-size: 10pt;\">2<\/span><\/td>\n<td width=\"138\"><span style=\"font-family: 'times new roman', times, serif; font-size: 10pt;\">Johann Martin<\/span><\/td>\n<td style=\"text-align: center;\" width=\"68\"><\/td>\n<td style=\"text-align: center;\" width=\"77\"><span style=\"font-family: 'times new roman', times, serif; font-size: 10pt;\">05.04.1683<\/span><\/td>\n<td style=\"text-align: center;\" width=\"70\"><span style=\"font-family: 'times new roman', times, serif; font-size: 10pt;\">12.06.1698<\/span><\/td>\n<td style=\"text-align: center;\" width=\"70\"><\/td>\n<td style=\"text-align: center;\" width=\"68\"><\/td>\n<td style=\"text-align: center;\" width=\"38\"><\/td>\n<td style=\"text-align: center;\" width=\"44\"><span style=\"font-family: 'times new roman', times, serif; font-size: 10pt;\">verh.<\/span><\/td>\n<\/tr>\n<tr>\n<td style=\"text-align: center;\" width=\"30\"><span style=\"font-family: 'times new roman', times, serif; font-size: 10pt;\">3<\/span><\/td>\n<td width=\"138\"><span style=\"font-family: 'times new roman', times, serif; font-size: 10pt;\">Eva Magdalena<\/span><\/td>\n<td style=\"text-align: center;\" width=\"68\"><\/td>\n<td style=\"text-align: center;\" width=\"77\"><span style=\"font-family: 'times new roman', times, serif; font-size: 10pt;\">26.04.1685<\/span><\/td>\n<td style=\"text-align: center;\" width=\"70\"><span style=\"font-family: 'times new roman', times, serif; font-size: 10pt;\">28.05.1699<\/span><\/td>\n<td style=\"text-align: center;\" width=\"70\"><\/td>\n<td style=\"text-align: center;\" width=\"68\"><\/td>\n<td style=\"text-align: center;\" width=\"38\"><\/td>\n<td style=\"text-align: center;\" width=\"44\"><span style=\"font-family: 'times new roman', times, serif; font-size: 10pt;\">verh.<\/span><\/td>\n<\/tr>\n<tr>\n<td style=\"text-align: center;\" width=\"30\"><span style=\"font-family: 'times new roman', times, serif; font-size: 10pt;\">4<\/span><\/td>\n<td width=\"138\"><span style=\"font-family: 'times new roman', times, serif; font-size: 10pt;\">Johann Kaspar<\/span><\/td>\n<td style=\"text-align: center;\" width=\"68\"><\/td>\n<td style=\"text-align: center;\" width=\"77\"><span style=\"font-family: 'times new roman', times, serif; font-size: 10pt;\">12.09.1686<\/span><\/td>\n<td style=\"text-align: center;\" width=\"70\"><span style=\"font-family: 'times new roman', times, serif; font-size: 10pt;\">15.05.1701<\/span><\/td>\n<td style=\"text-align: center;\" width=\"70\"><\/td>\n<td style=\"text-align: center;\" width=\"68\"><\/td>\n<td style=\"text-align: center;\" width=\"38\"><\/td>\n<td style=\"text-align: center;\" width=\"44\"><span style=\"font-family: 'times new roman', times, serif; font-size: 10pt;\">verh.<\/span><\/td>\n<\/tr>\n<tr>\n<td style=\"text-align: center;\" width=\"30\"><span style=\"font-family: 'times new roman', times, serif; font-size: 10pt;\">5<\/span><\/td>\n<td width=\"138\"><span style=\"font-family: 'times new roman', times, serif; font-size: 10pt;\">Johann Emmerich<\/span><\/td>\n<td style=\"text-align: center;\" width=\"68\"><\/td>\n<td style=\"text-align: center;\" width=\"77\"><span style=\"font-family: 'times new roman', times, serif; font-size: 10pt;\">14.03.1688<\/span><\/td>\n<td style=\"text-align: center;\" width=\"70\"><\/td>\n<td style=\"text-align: center;\" width=\"70\"><\/td>\n<td style=\"text-align: center;\" width=\"68\"><\/td>\n<td style=\"text-align: center;\" width=\"38\"><\/td>\n<td style=\"text-align: center;\" width=\"44\"><span style=\"font-family: 'times new roman', times, serif; font-size: 10pt;\">verh.<\/span><\/td>\n<\/tr>\n<tr>\n<td style=\"text-align: center;\" width=\"30\"><span style=\"font-family: 'times new roman', times, serif; font-size: 10pt;\">6<\/span><\/td>\n<td width=\"138\"><span style=\"font-family: 'times new roman', times, serif; font-size: 10pt;\">Elisabeth Barbara<\/span><\/td>\n<td style=\"text-align: center;\" width=\"68\"><span style=\"font-family: 'times new roman', times, serif; font-size: 10pt;\">24.03.1690<\/span><\/td>\n<td style=\"text-align: center;\" width=\"77\"><span style=\"font-family: 'times new roman', times, serif; font-size: 10pt;\">24.03.1690<\/span><\/td>\n<td style=\"text-align: center;\" width=\"70\"><\/td>\n<td style=\"text-align: center;\" width=\"70\"><\/td>\n<td style=\"text-align: center;\" width=\"68\"><\/td>\n<td style=\"text-align: center;\" width=\"38\"><\/td>\n<td style=\"text-align: center;\" width=\"44\"><\/td>\n<\/tr>\n<tr>\n<td style=\"text-align: center;\" width=\"30\"><span style=\"font-family: 'times new roman', times, serif; font-size: 10pt;\">7<\/span><\/td>\n<td width=\"138\"><span style=\"font-family: 'times new roman', times, serif; font-size: 10pt;\">Johann Peter<\/span><\/td>\n<td style=\"text-align: center;\" width=\"68\"><span style=\"font-family: 'times new roman', times, serif; font-size: 10pt;\">02.06.1693<\/span><\/td>\n<td style=\"text-align: center;\" width=\"77\"><span style=\"font-family: 'times new roman', times, serif; font-size: 10pt;\">06.06.1693<\/span><\/td>\n<td style=\"text-align: center;\" width=\"70\"><\/td>\n<td style=\"text-align: center;\" width=\"70\"><\/td>\n<td style=\"text-align: center;\" width=\"68\"><span style=\"font-family: 'times new roman', times, serif; font-size: 10pt;\">19.07.1693<\/span><\/td>\n<td style=\"text-align: center;\" width=\"38\"><span style=\"font-family: 'times new roman', times, serif; font-size: 10pt;\">0,12<\/span><\/td>\n<td style=\"text-align: center;\" width=\"44\"><\/td>\n<\/tr>\n<tr>\n<td style=\"text-align: center;\" width=\"30\"><span style=\"font-family: 'times new roman', times, serif; font-size: 10pt;\">8<\/span><\/td>\n<td width=\"138\"><span style=\"font-family: 'times new roman', times, serif; font-size: 10pt;\">Johann Henrich<\/span><\/td>\n<td style=\"text-align: center;\" width=\"68\"><span style=\"font-family: 'times new roman', times, serif; font-size: 10pt;\">24.10.1695<\/span><\/td>\n<td style=\"text-align: center;\" width=\"77\"><span style=\"font-family: 'times new roman', times, serif; font-size: 10pt;\">28.10.1695<\/span><\/td>\n<td style=\"text-align: center;\" width=\"70\"><span style=\"font-family: 'times new roman', times, serif; font-size: 10pt;\">19.05.1709<\/span><\/td>\n<td style=\"text-align: center;\" width=\"70\"><\/td>\n<td style=\"text-align: center;\" width=\"68\"><\/td>\n<td style=\"text-align: center;\" width=\"38\"><\/td>\n<td style=\"text-align: center;\" width=\"44\"><\/td>\n<\/tr>\n<tr>\n<td style=\"text-align: center;\" width=\"30\"><span style=\"font-family: 'times new roman', times, serif; font-size: 10pt;\">9<\/span><\/td>\n<td width=\"138\"><span style=\"font-family: 'times new roman', times, serif; font-size: 10pt;\">Maria Dorothea<\/span><\/td>\n<td style=\"text-align: center;\" width=\"68\"><span style=\"font-family: 'times new roman', times, serif; font-size: 10pt;\">09.11.1698<\/span><\/td>\n<td style=\"text-align: center;\" width=\"77\"><span style=\"font-family: 'times new roman', times, serif; font-size: 10pt;\">13.11.1698<\/span><\/td>\n<td style=\"text-align: center;\" width=\"70\"><span style=\"font-family: 'times new roman', times, serif; font-size: 10pt;\">24.05.1711<\/span><\/td>\n<td style=\"text-align: center;\" width=\"70\"><\/td>\n<td style=\"text-align: center;\" width=\"68\"><\/td>\n<td style=\"text-align: center;\" width=\"38\"><\/td>\n<td style=\"text-align: center;\" width=\"44\"><\/td>\n<\/tr>\n<\/tbody>\n<\/table>\n<p style=\"text-align: justify;\"><span style=\"font-family: 'times new roman', times, serif; font-size: 10pt;\">Kind Nr. 2) Schuhmachergeselle (1707); oo 11.01.1707 Klingelbach mit Maria Katharina, Tochter des Johann Christian Dietz, Schuhmacher in Katzenelnbogen<br \/>\n<\/span><span style=\"font-family: 'times new roman', times, serif; font-size: 10pt;\">Kind Nr. 3) oo 13.10.1716 Marienfels mit Johannes, Sohn des verst. Andreas Schefer zu Laurenburg (Pfarrei Holzappel)<br \/>\n<\/span><span style=\"font-family: 'times new roman', times, serif; font-size: 10pt;\">Kind Nr. 4) oo 07.02.1713 Marienfels mit Anna Gertrud L\u00f6wenstein geb. N. N.; Witwe; oo I. 10.11.1705 Dornholzhausen mit Philipp Adam L\u00f6wenstein (* 05.03.1676 Dornholzhausen, + 30.04.1712 Dornholzhausen)<br \/>\n<\/span><span style=\"font-family: 'times new roman', times, serif; font-size: 10pt;\">Kind Nr. 5) oo 25.08.1716 Marienfels mit Anna Elisabetha, Tochter des Matthes Heimann zu Berg<\/span><\/p>\n<p style=\"text-align: justify;\"><span style=\"font-family: 'times new roman', times, serif; font-size: 10pt;\"><strong>Paten: zu 2) <\/strong><em>M\u00e4rtin Clos zu Danioben; M\u00e4rten, Adam Melcher Haxels Sohn; Anna Veronica, Joh: Pauli sel: Wittib zu Singhoven <\/em><strong><em>\u2014 <\/em><\/strong><strong>zu 3) <\/strong><em>Anna Magdalena, Philips Adam Schmitts Hausfr[au] zu Miehlen; Anna Eva, Wilhelm Gemrichs Dochter zu Danioben; Joh: Peter Laux zu Marienfels <\/em><strong><em>\u2014 <\/em><\/strong><strong>zu 4) <\/strong><em>Joh: Michel Retert zu Huntzel; Magdalena, Joh: Jacob Haxels Hausfrauw zu Geisig; Philips Caspar Laux zu Singhoven <\/em><strong><em>\u2014 <\/em><\/strong><strong>zu 5) <\/strong><em>Joh: Adam Laux zu Danioben; Emrich Aulman zu Ehr; Euphrosyna, Jost Schmitten Hausfrauw zu Berg <\/em><strong><em>\u2014 <\/em><\/strong><strong>zu 6) <\/strong><em>Anna Barbara, Adam Keisers Hausfr: zu Marienfels; Johann Peter, Michel Eubelheusers Sohn zu Marienf[els]; v[nd] Anna Elisabeth, Johann Philips Schmitts Hausfr: zu Huntzel <\/em><strong><em>\u2014 <\/em><\/strong><strong>zu 7) <\/strong><em>Th\u00f6nges Clos, Schmitt zu Marienfels; Joh: Peter, Philips Adam Schmitts Sohn, M\u00fcllers zu Miehlen; Elisabeth Margretha, Davids K\u00f6hlers Hausfr: zu Singhoven <\/em><strong><em>\u2014 <\/em><\/strong><strong>zu 8) <\/strong><em>Henrich Hoffman von Gemrich; Joh: Melcher, Joh: Peter Lauxen, Senioris alhie, ehleiblicher Sohn; Anna Eva, M\u00e4rten Haxels, Senioris zu Berg, seine Hausfr: <\/em><strong><em>\u2014 <\/em><\/strong><strong>zu 9) <\/strong><em>Anna Dorothea, Peter Froni, arnsteinischen Hoffmans alhie, seine Hausfrauw; Anna Maria, Peter Schmitts Hausfr:, M\u00fcllers in der Geisiger M\u00fchl; Johann Paul[us], Jost Schmittens zu Berg ehlicher Sohn<\/em><\/span><\/p>\n<hr \/>\n<p><span style=\"font-family: 'times new roman', times, serif; font-size: 10pt;\"><span style=\"color: #ff0000;\"><strong><u>Schmidt<\/u><\/strong><strong>, Katharina:<\/strong><\/span> Witwe des Dietrich Schmidt von Roth (Pfarrei Niedertiefenbach), \u201eauf der Schule allhier bei ihrem Tochtermann (Johann Georg Dietz ?) und Tochter sich aufhaltend\u201c; bg. 13.06.1699 Marienfels, 73 Jahre alt<\/span><\/p>\n<hr \/>\n<p><span style=\"font-family: 'times new roman', times, serif; font-size: 10pt;\"><span style=\"color: #ff0000;\"><strong><u>Schmidt<\/u><\/strong><strong>, Johann Adam:<\/strong> <\/span>Sohn des verst. Christoffel Schmidt aus Roth (Pfarrei Niedertiefenbach); konf. 23.05.1706 Marienfels<\/span><\/p>\n<hr \/>\n<p><span style=\"font-family: 'times new roman', times, serif; font-size: 10pt;\"><span style=\"color: #ff0000;\"><strong><u>Schmidt<\/u><\/strong><strong>, Philipp:<\/strong> <\/span>Korporal, geb\u00fcrtig aus Miehlen<\/span><\/p>\n<p><span style=\"font-family: 'times new roman', times, serif; font-size: 10pt;\"><strong>oo<\/strong> mit <strong>Anna Margaretha<\/strong><\/span><\/p>\n<table>\n<tbody>\n<tr>\n<td style=\"text-align: center;\" width=\"30\"><span style=\"font-family: 'times new roman', times, serif; font-size: 10pt;\"><strong>Nr.<\/strong><\/span><\/td>\n<td width=\"134\"><span style=\"font-family: 'times new roman', times, serif; font-size: 10pt;\"><strong>Vorname (normiert)<\/strong><\/span><\/td>\n<td style=\"text-align: center;\" width=\"76\"><span style=\"font-family: 'times new roman', times, serif; font-size: 10pt;\"><strong>geboren<\/strong><\/span><\/td>\n<td style=\"text-align: center;\" width=\"76\"><span style=\"font-family: 'times new roman', times, serif; font-size: 10pt;\"><strong>getauft<\/strong><\/span><\/td>\n<td style=\"text-align: center;\" width=\"69\"><span style=\"font-family: 'times new roman', times, serif; font-size: 10pt;\"><strong>konfirmiert<\/strong><\/span><\/td>\n<td style=\"text-align: center;\" width=\"68\"><span style=\"font-family: 'times new roman', times, serif; font-size: 10pt;\"><strong>gestorben<\/strong><\/span><\/td>\n<td style=\"text-align: center;\" width=\"67\"><span style=\"font-family: 'times new roman', times, serif; font-size: 10pt;\"><strong>begraben<\/strong><\/span><\/td>\n<td style=\"text-align: center;\" width=\"42\"><span style=\"font-family: 'times new roman', times, serif; font-size: 10pt;\"><strong>Alter<\/strong><\/span><\/td>\n<td style=\"text-align: center;\" width=\"43\"><span style=\"font-family: 'times new roman', times, serif; font-size: 10pt;\"><strong>Stand<\/strong><\/span><\/td>\n<\/tr>\n<tr>\n<td style=\"text-align: center;\" width=\"30\"><span style=\"font-family: 'times new roman', times, serif; font-size: 10pt;\">1<\/span><\/td>\n<td width=\"134\"><span style=\"font-family: 'times new roman', times, serif; font-size: 10pt;\">Paulus<\/span><\/td>\n<td style=\"text-align: center;\" width=\"76\"><span style=\"font-family: 'times new roman', times, serif; font-size: 10pt;\">16.10.1713<\/span><\/td>\n<td style=\"text-align: center;\" width=\"76\"><span style=\"font-family: 'times new roman', times, serif; font-size: 10pt;\">22.10.1713<\/span><\/td>\n<td style=\"text-align: center;\" width=\"69\"><\/td>\n<td style=\"text-align: center;\" width=\"68\"><\/td>\n<td style=\"text-align: center;\" width=\"67\"><\/td>\n<td style=\"text-align: center;\" width=\"42\"><\/td>\n<td style=\"text-align: center;\" width=\"43\"><\/td>\n<\/tr>\n<\/tbody>\n<\/table>\n<p><span style=\"font-family: 'times new roman', times, serif; font-size: 10pt;\"><strong>Paten:<\/strong> <em>Paulus Reichmann, Fennerich unter den hessischen Dragonern, von Berndsh&#8230; Homburgischen \u2026<\/em><\/span><\/p>\n<hr \/>\n<p><span style=\"font-family: 'times new roman', times, serif; font-size: 10pt;\"><span style=\"color: #ff0000;\"><strong><u>Schmidt<\/u><\/strong><strong>, Johann Adam:<\/strong> <\/span>1713 in Marienfels, dann in Ehr (<a href=\"https:\/\/www.ahnenforschung-jackmuth.de\/?page_id=11126#schmidt\">siehe OFB Ehr<\/a>)<\/span><\/p>\n<hr \/>\n<p><span style=\"font-family: 'times new roman', times, serif; font-size: 10pt;\"><span style=\"color: #ff0000;\"><strong><u>Schmidt<\/u><\/strong><\/span><strong><span style=\"color: #ff0000;\">, Anna Agatha:<\/span> <\/strong>Tochter des Adam Gerhard [Schmidt] von Ruppertshofen<\/span><\/p>\n<p><span style=\"font-family: 'times new roman', times, serif; font-size: 10pt;\"><strong>o-o<\/strong> mit <strong>N. N.<\/strong><\/span><\/p>\n<table>\n<tbody>\n<tr>\n<td style=\"text-align: center;\" width=\"30\"><span style=\"font-family: 'times new roman', times, serif; font-size: 10pt;\"><strong>Nr.<\/strong><\/span><\/td>\n<td width=\"134\"><span style=\"font-family: 'times new roman', times, serif; font-size: 10pt;\"><strong>Vorname (normiert)<\/strong><\/span><\/td>\n<td style=\"text-align: center;\" width=\"76\"><span style=\"font-family: 'times new roman', times, serif; font-size: 10pt;\"><strong>geboren<\/strong><\/span><\/td>\n<td style=\"text-align: center;\" width=\"76\"><span style=\"font-family: 'times new roman', times, serif; font-size: 10pt;\"><strong>getauft<\/strong><\/span><\/td>\n<td style=\"text-align: center;\" width=\"69\"><span style=\"font-family: 'times new roman', times, serif; font-size: 10pt;\"><strong>konfirmiert<\/strong><\/span><\/td>\n<td style=\"text-align: center;\" width=\"68\"><span style=\"font-family: 'times new roman', times, serif; font-size: 10pt;\"><strong>gestorben<\/strong><\/span><\/td>\n<td style=\"text-align: center;\" width=\"67\"><span style=\"font-family: 'times new roman', times, serif; font-size: 10pt;\"><strong>begraben<\/strong><\/span><\/td>\n<td style=\"text-align: center;\" width=\"42\"><span style=\"font-family: 'times new roman', times, serif; font-size: 10pt;\"><strong>Alter<\/strong><\/span><\/td>\n<td style=\"text-align: center;\" width=\"43\"><span style=\"font-family: 'times new roman', times, serif; font-size: 10pt;\"><strong>Stand<\/strong><\/span><\/td>\n<\/tr>\n<tr>\n<td style=\"text-align: center;\" width=\"30\"><span style=\"font-family: 'times new roman', times, serif; font-size: 10pt;\">1<\/span><\/td>\n<td width=\"134\"><span style=\"font-family: 'times new roman', times, serif; font-size: 10pt;\">Johann Adam (illeg.)<\/span><\/td>\n<td style=\"text-align: center;\" width=\"76\"><span style=\"font-family: 'times new roman', times, serif; font-size: 10pt;\">15.10.1724<\/span><\/td>\n<td style=\"text-align: center;\" width=\"76\"><span style=\"font-family: 'times new roman', times, serif; font-size: 10pt;\">18.10.1724<\/span><\/td>\n<td style=\"text-align: center;\" width=\"69\"><\/td>\n<td style=\"text-align: center;\" width=\"68\"><\/td>\n<td style=\"text-align: center;\" width=\"67\"><\/td>\n<td style=\"text-align: center;\" width=\"42\"><\/td>\n<td style=\"text-align: center;\" width=\"43\"><\/td>\n<\/tr>\n<\/tbody>\n<\/table>\n<p><span style=\"font-family: 'times new roman', times, serif; font-size: 10pt;\"><strong>Paten: <\/strong><em>J[ohann] Peter Clo\u00df von Berg; J[ohann] Adam Schmid, der Mutter Bruder; u. Sophia Schmidin<\/em><\/span><\/p>\n<hr \/>\n<p><span style=\"font-family: 'times new roman', times, serif; font-size: 10pt;\"><span style=\"color: #ff0000;\"><strong><u>Schmidt<\/u><\/strong><\/span><strong><span style=\"color: #ff0000;\">, Johann Gottfried:<\/span> <\/strong>Sch\u00e4fer in Marienfels<\/span><\/p>\n<p><span style=\"font-family: 'times new roman', times, serif; font-size: 10pt;\"><strong>oo<\/strong> mit <strong>Elisabeth Margaretha<\/strong><\/span><\/p>\n<table>\n<tbody>\n<tr>\n<td style=\"text-align: center;\" width=\"30\"><span style=\"font-family: 'times new roman', times, serif; font-size: 10pt;\"><strong>Nr.<\/strong><\/span><\/td>\n<td width=\"134\"><span style=\"font-family: 'times new roman', times, serif; font-size: 10pt;\"><strong>Vorname (normiert)<\/strong><\/span><\/td>\n<td style=\"text-align: center;\" width=\"76\"><span style=\"font-family: 'times new roman', times, serif; font-size: 10pt;\"><strong>geboren<\/strong><\/span><\/td>\n<td style=\"text-align: center;\" width=\"76\"><span style=\"font-family: 'times new roman', times, serif; font-size: 10pt;\"><strong>getauft<\/strong><\/span><\/td>\n<td style=\"text-align: center;\" width=\"69\"><span style=\"font-family: 'times new roman', times, serif; font-size: 10pt;\"><strong>konfirmiert<\/strong><\/span><\/td>\n<td style=\"text-align: center;\" width=\"68\"><span style=\"font-family: 'times new roman', times, serif; font-size: 10pt;\"><strong>gestorben<\/strong><\/span><\/td>\n<td style=\"text-align: center;\" width=\"67\"><span style=\"font-family: 'times new roman', times, serif; font-size: 10pt;\"><strong>begraben<\/strong><\/span><\/td>\n<td style=\"text-align: center;\" width=\"42\"><span style=\"font-family: 'times new roman', times, serif; font-size: 10pt;\"><strong>Alter<\/strong><\/span><\/td>\n<td style=\"text-align: center;\" width=\"43\"><span style=\"font-family: 'times new roman', times, serif; font-size: 10pt;\"><strong>Stand<\/strong><\/span><\/td>\n<\/tr>\n<tr>\n<td style=\"text-align: center;\" width=\"30\"><span style=\"font-family: 'times new roman', times, serif; font-size: 10pt;\">1<\/span><\/td>\n<td width=\"134\"><span style=\"font-family: 'times new roman', times, serif; font-size: 10pt;\">Johann Adam<\/span><\/td>\n<td style=\"text-align: center;\" width=\"76\"><span style=\"font-family: 'times new roman', times, serif; font-size: 10pt;\">24.02.1731<\/span><\/td>\n<td style=\"text-align: center;\" width=\"76\"><span style=\"font-family: 'times new roman', times, serif; font-size: 10pt;\">25.02.1731<\/span><\/td>\n<td style=\"text-align: center;\" width=\"69\"><\/td>\n<td style=\"text-align: center;\" width=\"68\"><\/td>\n<td style=\"text-align: center;\" width=\"67\"><\/td>\n<td style=\"text-align: center;\" width=\"42\"><\/td>\n<td style=\"text-align: center;\" width=\"43\"><\/td>\n<\/tr>\n<tr>\n<td style=\"text-align: center;\"><span style=\"font-family: 'times new roman', times, serif; font-size: 10pt;\">2<\/span><\/td>\n<td><span style=\"font-family: 'times new roman', times, serif; font-size: 10pt;\">Philipp Adam<\/span><\/td>\n<td style=\"text-align: center;\"><span style=\"font-family: 'times new roman', times, serif; font-size: 10pt;\">06.01.1734<\/span><\/td>\n<td style=\"text-align: center;\"><span style=\"font-family: 'times new roman', times, serif; font-size: 10pt;\">08.01.1734<\/span><\/td>\n<td style=\"text-align: center;\"><\/td>\n<td style=\"text-align: center;\"><\/td>\n<td style=\"text-align: center;\"><\/td>\n<td style=\"text-align: center;\"><\/td>\n<td style=\"text-align: center;\"><\/td>\n<\/tr>\n<\/tbody>\n<\/table>\n<p style=\"text-align: justify;\"><span style=\"font-family: 'times new roman', times, serif; font-size: 10pt;\"><strong>Paten: zu 1) <\/strong><em>Johann Adam, der Mutter Bruder; und Anna Magdalena, Anthon Peter Haxels eh[liche] Tochter; wie auch <\/em>[ ]<em>, Johann Philipps Schmids von Kellbach eh[licher] Sohn <\/em><strong><em>\u2014 <\/em><\/strong><strong>zu 2) <\/strong><em>Philipps Adam Pristersbach, Huff-Schmid zu Obertieffenbach<\/em><\/span><\/p>\n<hr \/>\n<p><span style=\"font-family: 'times new roman', times, serif; font-size: 10pt;\"><span style=\"color: #ff0000;\"><strong><u>Schmidt<\/u><\/strong><strong>, Johann Adam:<\/strong> <\/span>Sch\u00e4fer zu Marienfels, 1739 in Berg<\/span><\/p>\n<p><span style=\"font-family: 'times new roman', times, serif; font-size: 10pt;\"><strong>oo mit Sophia Elisabeth<\/strong> (1739) oder Sophia (1743) oder Anna Sophia (1744)<\/span><\/p>\n<table>\n<tbody>\n<tr>\n<td style=\"text-align: center;\" width=\"29\"><span style=\"font-family: 'times new roman', times, serif; font-size: 10pt;\"><strong>Nr.<\/strong><\/span><\/td>\n<td width=\"134\"><span style=\"font-family: 'times new roman', times, serif; font-size: 10pt;\"><strong>Vorname (normiert)<\/strong><\/span><\/td>\n<td style=\"text-align: center;\" width=\"76\"><span style=\"font-family: 'times new roman', times, serif; font-size: 10pt;\"><strong>geboren<\/strong><\/span><\/td>\n<td style=\"text-align: center;\" width=\"76\"><span style=\"font-family: 'times new roman', times, serif; font-size: 10pt;\"><strong>getauft<\/strong><\/span><\/td>\n<td style=\"text-align: center;\" width=\"69\"><span style=\"font-family: 'times new roman', times, serif; font-size: 10pt;\"><strong>konfirmiert<\/strong><\/span><\/td>\n<td style=\"text-align: center;\" width=\"65\"><span style=\"font-family: 'times new roman', times, serif; font-size: 10pt;\"><strong>gestorben<\/strong><\/span><\/td>\n<td style=\"text-align: center;\" width=\"76\"><span style=\"font-family: 'times new roman', times, serif; font-size: 10pt;\"><strong>begraben<\/strong><\/span><\/td>\n<td style=\"text-align: center;\" width=\"44\"><span style=\"font-family: 'times new roman', times, serif; font-size: 10pt;\"><strong>Alter<\/strong><\/span><\/td>\n<td style=\"text-align: center;\" width=\"41\"><span style=\"font-family: 'times new roman', times, serif; font-size: 10pt;\"><strong>Stand<\/strong><\/span><\/td>\n<\/tr>\n<tr>\n<td style=\"text-align: center;\" width=\"29\"><span style=\"font-family: 'times new roman', times, serif; font-size: 10pt;\">1<\/span><\/td>\n<td width=\"134\"><span style=\"font-family: 'times new roman', times, serif; font-size: 10pt;\">Elisabeth Katharina<\/span><\/td>\n<td style=\"text-align: center;\" width=\"76\"><span style=\"font-family: 'times new roman', times, serif; font-size: 10pt;\">02.01.1739<\/span><\/td>\n<td style=\"text-align: center;\" width=\"76\"><span style=\"font-family: 'times new roman', times, serif; font-size: 10pt;\">04.01.1739<\/span><\/td>\n<td style=\"text-align: center;\" width=\"69\"><\/td>\n<td style=\"text-align: center;\" width=\"65\"><\/td>\n<td style=\"text-align: center;\" width=\"76\"><span style=\"font-family: 'times new roman', times, serif; font-size: 10pt;\">12.08.1745<\/span><\/td>\n<td style=\"text-align: center;\" width=\"44\"><span style=\"font-family: 'times new roman', times, serif; font-size: 10pt;\">6,71<\/span><\/td>\n<td style=\"text-align: center;\" width=\"41\"><\/td>\n<\/tr>\n<tr>\n<td style=\"text-align: center;\"><span style=\"font-family: 'times new roman', times, serif; font-size: 10pt;\">2<\/span><\/td>\n<td><span style=\"font-family: 'times new roman', times, serif; font-size: 10pt;\">Johann David<\/span><\/td>\n<td style=\"text-align: center;\"><span style=\"font-family: 'times new roman', times, serif; font-size: 10pt;\">15.03.1743<\/span><\/td>\n<td style=\"text-align: center;\"><span style=\"font-family: 'times new roman', times, serif; font-size: 10pt;\">17.03.1743<\/span><\/td>\n<td style=\"text-align: center;\"><\/td>\n<td style=\"text-align: center;\"><\/td>\n<td style=\"text-align: center;\"><span style=\"font-family: 'times new roman', times, serif; font-size: 10pt;\">19.03.1743<\/span><\/td>\n<td style=\"text-align: center;\"><span style=\"font-family: 'times new roman', times, serif; font-size: 10pt;\">0,01<\/span><\/td>\n<td style=\"text-align: center;\"><\/td>\n<\/tr>\n<tr>\n<td style=\"text-align: center;\"><span style=\"font-family: 'times new roman', times, serif; font-size: 10pt;\">3<\/span><\/td>\n<td><span style=\"font-family: 'times new roman', times, serif; font-size: 10pt;\">Anna Magdalena<\/span><\/td>\n<td style=\"text-align: center;\"><span style=\"font-family: 'times new roman', times, serif; font-size: 10pt;\">31.10.1744<\/span><\/td>\n<td style=\"text-align: center;\"><span style=\"font-family: 'times new roman', times, serif; font-size: 10pt;\">04.11.1744<\/span><\/td>\n<td style=\"text-align: center;\"><\/td>\n<td style=\"text-align: center;\"><\/td>\n<td style=\"text-align: center;\"><\/td>\n<td style=\"text-align: center;\"><\/td>\n<td style=\"text-align: center;\"><\/td>\n<\/tr>\n<\/tbody>\n<\/table>\n<p><span style=\"font-family: 'times new roman', times, serif; font-size: 10pt;\">Kind Nr. 1) * Berg; + Marienfels<br \/>\n<\/span><span style=\"font-family: 'times new roman', times, serif; font-size: 10pt;\">Kind Nr. 2) und 3) * Marienfels<\/span><\/p>\n<p style=\"text-align: justify;\"><span style=\"font-family: 'times new roman', times, serif; font-size: 10pt;\"><strong>Paten: zu 1) <\/strong><em>Elisabetha Catharina, Hirtin vom Gi\u00dfh\u00fcbel <\/em><strong><em>\u2014 <\/em><\/strong><strong>zu 2) <\/strong><em>Johann David May, Gottfried Mayen eh[lich]er Sohn aus der Dicken M\u00fchl <\/em><strong><em>\u2014 <\/em><\/strong><strong>zu 3) <\/strong><em>Maria Magdalena, Johann Philipps Kaysers eh[lich]e Tochter zu Marienfel\u00df<\/em><\/span><\/p>\n<hr \/>\n<p><span style=\"font-family: 'times new roman', times, serif; font-size: 10pt;\"><span style=\"color: #ff0000;\"><strong><u>Schmidt<\/u><\/strong><strong>, Anna Katharina:<\/strong> <\/span>Witwe des Philipp Adam Schmidt; bg. 22.04.1739 Marienfels, 58 Jahre und 1 Monat alt<\/span><\/p>\n<hr \/>\n<p><span style=\"font-family: 'times new roman', times, serif; font-size: 10pt; color: #ff0000;\"><strong><u><a id=\"schneider\"><\/a>Schneider<\/u><\/strong><strong>, Johann Melcher<\/strong><\/span><\/p>\n<p><span style=\"font-family: 'times new roman', times, serif; font-size: 10pt;\"><strong>oo<\/strong> mit <strong>Anna Margaretha<\/strong><\/span><\/p>\n<table>\n<tbody>\n<tr>\n<td style=\"text-align: center;\" width=\"30\"><span style=\"font-family: 'times new roman', times, serif; font-size: 10pt;\"><strong>Nr.<\/strong><\/span><\/td>\n<td width=\"135\"><span style=\"font-family: 'times new roman', times, serif; font-size: 10pt;\"><strong>Vorname (normiert)<\/strong><\/span><\/td>\n<td style=\"text-align: center;\" width=\"76\"><span style=\"font-family: 'times new roman', times, serif; font-size: 10pt;\"><strong>geboren<\/strong><\/span><\/td>\n<td style=\"text-align: center;\" width=\"76\"><span style=\"font-family: 'times new roman', times, serif; font-size: 10pt;\"><strong>getauft<\/strong><\/span><\/td>\n<td style=\"text-align: center;\" width=\"69\"><span style=\"font-family: 'times new roman', times, serif; font-size: 10pt;\"><strong>konfirmiert<\/strong><\/span><\/td>\n<td style=\"text-align: center;\" width=\"68\"><span style=\"font-family: 'times new roman', times, serif; font-size: 10pt;\"><strong>gestorben<\/strong><\/span><\/td>\n<td style=\"text-align: center;\" width=\"67\"><span style=\"font-family: 'times new roman', times, serif; font-size: 10pt;\"><strong>begraben<\/strong><\/span><\/td>\n<td style=\"text-align: center;\" width=\"41\"><span style=\"font-family: 'times new roman', times, serif; font-size: 10pt;\"><strong>Alter<\/strong><\/span><\/td>\n<td style=\"text-align: center;\" width=\"43\"><span style=\"font-family: 'times new roman', times, serif; font-size: 10pt;\"><strong>Stand<\/strong><\/span><\/td>\n<\/tr>\n<tr>\n<td style=\"text-align: center;\" width=\"30\"><span style=\"font-family: 'times new roman', times, serif; font-size: 10pt;\">1<\/span><\/td>\n<td width=\"135\"><span style=\"font-family: 'times new roman', times, serif; font-size: 10pt;\">Johann Henrich<\/span><\/td>\n<td style=\"text-align: center;\" width=\"76\"><span style=\"font-family: 'times new roman', times, serif; font-size: 10pt;\">25.01.1707<\/span><\/td>\n<td style=\"text-align: center;\" width=\"76\"><span style=\"font-family: 'times new roman', times, serif; font-size: 10pt;\">30.01.1707<\/span><\/td>\n<td style=\"text-align: center;\" width=\"69\"><\/td>\n<td style=\"text-align: center;\" width=\"68\"><\/td>\n<td style=\"text-align: center;\" width=\"67\"><\/td>\n<td style=\"text-align: center;\" width=\"41\"><\/td>\n<td style=\"text-align: center;\" width=\"43\"><\/td>\n<\/tr>\n<\/tbody>\n<\/table>\n<p style=\"text-align: justify;\"><span style=\"font-family: 'times new roman', times, serif; font-size: 10pt;\"><strong>Paten:<\/strong> <em>Johannes Ebenauw, stud[iosus] theolo[giae], Joh: Henrichs Ebenauwen, Pf[a]rr[e]rs zu Marienfels, ehl[icher] Sohn; Henrich M\u00e4rten, Joh: Adam Lauxens, Gerichts-Sch\u00f6pfens, Sohn alhie zu Marienfels; Margretha Elisabeth, Th\u00f6nges Hopp von Oberwallmenach ehl[iche] Dochter<\/em><\/span><\/p>\n<hr \/>\n<p><span style=\"font-family: 'times new roman', times, serif; font-size: 10pt;\"><span style=\"color: #ff0000;\"><strong><u>Schneider<\/u><\/strong><strong>, Philipp Peter:<\/strong> <\/span>aus aus holl\u00e4ndischen Diensten zur\u00fcckgebrachter (<em>reducirter<\/em>) Soldat; bg. 24.02.1737 Marienfels<\/span><\/p>\n<hr \/>\n<p><span style=\"font-family: 'times new roman', times, serif; font-size: 10pt;\"><span style=\"color: #ff0000;\"><strong><u><a id=\"schreiber\"><\/a>Schreiber<\/u><\/strong><strong>, Johann Wilhelm:<\/strong> <\/span>Zimmermann und M\u00fcller; ab 1696 im Marienfels in der M\u00fchle hinter der Kirche, vorher in Hunzel (siehe OFB Hunzel)<\/span><\/p>\n<hr \/>\n<p><span style=\"font-family: 'times new roman', times, serif; font-size: 10pt;\"><span style=\"color: #ff0000;\"><strong><u>Schreiber<\/u><\/strong><strong>, Johann Peter:<\/strong> <\/span>* 18.12.1702 Marienfels (gt. 26.12.); konf. 31.05.1716; Eltern: Johann Wilhelm Schreiber und Anna Elisabeth<\/span><\/p>\n<p style=\"text-align: justify;\"><span style=\"font-family: 'times new roman', times, serif; font-size: 10pt;\"><strong>oo 14.05.1726 Marienfels<\/strong> mit <strong><u>Schmidt<\/u>, Elisabeth Katharina:<\/strong> * 17.02.1703 Hunzel (gt. 21.02.); konf. 16.05.1717; Eltern: Johann Peter Schmidt und Anna Katharina geb. Rettert<\/span><\/p>\n<table>\n<tbody>\n<tr>\n<td style=\"text-align: center;\" width=\"29\"><span style=\"font-family: 'times new roman', times, serif; font-size: 10pt;\"><strong>Nr.<\/strong><\/span><\/td>\n<td width=\"134\"><span style=\"font-family: 'times new roman', times, serif; font-size: 10pt;\"><strong>Vorname (normiert)<\/strong><\/span><\/td>\n<td style=\"text-align: center;\" width=\"76\"><span style=\"font-family: 'times new roman', times, serif; font-size: 10pt;\"><strong>geboren<\/strong><\/span><\/td>\n<td style=\"text-align: center;\" width=\"76\"><span style=\"font-family: 'times new roman', times, serif; font-size: 10pt;\"><strong>getauft<\/strong><\/span><\/td>\n<td style=\"text-align: center;\" width=\"69\"><span style=\"font-family: 'times new roman', times, serif; font-size: 10pt;\"><strong>konfirmiert<\/strong><\/span><\/td>\n<td style=\"text-align: center;\" width=\"65\"><span style=\"font-family: 'times new roman', times, serif; font-size: 10pt;\"><strong>gestorben<\/strong><\/span><\/td>\n<td style=\"text-align: center;\" width=\"76\"><span style=\"font-family: 'times new roman', times, serif; font-size: 10pt;\"><strong>begraben<\/strong><\/span><\/td>\n<td style=\"text-align: center;\" width=\"44\"><span style=\"font-family: 'times new roman', times, serif; font-size: 10pt;\"><strong>Alter<\/strong><\/span><\/td>\n<td style=\"text-align: center;\" width=\"41\"><span style=\"font-family: 'times new roman', times, serif; font-size: 10pt;\"><strong>Stand<\/strong><\/span><\/td>\n<\/tr>\n<tr>\n<td style=\"text-align: center;\" width=\"29\"><span style=\"font-family: 'times new roman', times, serif; font-size: 10pt;\">1<\/span><\/td>\n<td width=\"134\"><span style=\"font-family: 'times new roman', times, serif; font-size: 10pt;\">Johann Adam<\/span><\/td>\n<td style=\"text-align: center;\" width=\"76\"><span style=\"font-family: 'times new roman', times, serif; font-size: 10pt;\">20.01.1732<\/span><\/td>\n<td style=\"text-align: center;\" width=\"76\"><span style=\"font-family: 'times new roman', times, serif; font-size: 10pt;\">23.01.1732<\/span><\/td>\n<td style=\"text-align: center;\" width=\"69\"><\/td>\n<td style=\"text-align: center;\" width=\"65\"><\/td>\n<td style=\"text-align: center;\" width=\"76\"><span style=\"font-family: 'times new roman', times, serif; font-size: 10pt;\">19.11.1732<\/span><\/td>\n<td style=\"text-align: center;\" width=\"44\"><span style=\"font-family: 'times new roman', times, serif; font-size: 10pt;\">0,84<\/span><\/td>\n<td style=\"text-align: center;\" width=\"41\"><\/td>\n<\/tr>\n<tr>\n<td style=\"text-align: center;\"><span style=\"font-family: 'times new roman', times, serif; font-size: 10pt;\">2<\/span><\/td>\n<td><span style=\"font-family: 'times new roman', times, serif; font-size: 10pt;\">Johann Michael<\/span><\/td>\n<td style=\"text-align: center;\"><span style=\"font-family: 'times new roman', times, serif; font-size: 10pt;\">26.06.1734<\/span><\/td>\n<td style=\"text-align: center;\"><span style=\"font-family: 'times new roman', times, serif; font-size: 10pt;\">27.06.1734<\/span><\/td>\n<td style=\"text-align: center;\"><\/td>\n<td style=\"text-align: center;\"><\/td>\n<td style=\"text-align: center;\"><span style=\"font-family: 'times new roman', times, serif; font-size: 10pt;\">13.08.1734<\/span><\/td>\n<td style=\"text-align: center;\"><span style=\"font-family: 'times new roman', times, serif; font-size: 10pt;\">0,13<\/span><\/td>\n<td style=\"text-align: center;\"><\/td>\n<\/tr>\n<tr>\n<td style=\"text-align: center;\"><span style=\"font-family: 'times new roman', times, serif; font-size: 10pt;\">3<\/span><\/td>\n<td><span style=\"font-family: 'times new roman', times, serif; font-size: 10pt;\">Elisabeth Magdalena<\/span><\/td>\n<td style=\"text-align: center;\"><span style=\"font-family: 'times new roman', times, serif; font-size: 10pt;\">02.03.1739<\/span><\/td>\n<td style=\"text-align: center;\"><span style=\"font-family: 'times new roman', times, serif; font-size: 10pt;\">04.03.1739<\/span><\/td>\n<td style=\"text-align: center;\"><\/td>\n<td style=\"text-align: center;\"><\/td>\n<td style=\"text-align: center;\"><\/td>\n<td style=\"text-align: center;\"><\/td>\n<td style=\"text-align: center;\"><\/td>\n<\/tr>\n<\/tbody>\n<\/table>\n<p style=\"text-align: justify;\"><span style=\"font-family: 'times new roman', times, serif; font-size: 10pt;\"><strong>Paten: zu 1) <\/strong><em>Johann Adam Bauer; u. Anna Magdalena, Johann Philipps Lauxen Tochter alhier; wie auch Johann Emrich, Johann Peter Schmids hinderla\u00dfener Sohn zu Huntzel <\/em><strong><em>\u2014 <\/em><\/strong><strong>zu 2) <\/strong><em>Johann Michael Schmid, Einwohner zu Huntzel <\/em><strong><em>\u2014 <\/em><\/strong><strong>zu 3) <\/strong><em>Elisabeth Magdalena, Conrad Reterts nachgela\u00dfene zweyte Tochter<\/em><\/span><\/p>\n<hr \/>\n<p style=\"text-align: justify;\"><span style=\"font-family: 'times new roman', times, serif; font-size: 10pt;\"><span style=\"color: #ff0000;\"><strong><u><a id=\"seilinger\"><\/a>Seilinger<\/u><\/strong><strong>, Johann Jakob:<\/strong> <\/span>Schmied zu Marienfels; gt. 23.01.1675 Sammenheim (Dittenheim, Lkr. Wei\u00dfenburg-Gunzenhausen (Bayern)); bg. 06.02.1706 Marienfels, 31 Jahre alt; Sohn des Hans <em>Sailinger<\/em>, gemeiner Schmied in Sammenheim (Sammenheim, Taufen 1674-1732, S. 7, Bild 4 auf archion de)<\/span><\/p>\n<p style=\"text-align: justify;\"><span style=\"font-family: 'times new roman', times, serif; font-size: 10pt;\"><strong>oo 15.06.1697 Marienfels<\/strong> mit <strong><u>Klos geb. Henrich<\/u>, Anna Maria:<\/strong> bg. 24.12.1729 Marienfels, 63 Jahre alt; Tochter des Wilhelm Klos aus Denighofen; oo I. 08.05.1688 Marienfels mit Johann D\u00f6nges Klos, Schmiedgeselle aus D\u00f6rnberg (Diez)<\/span><\/p>\n<table>\n<tbody>\n<tr>\n<td style=\"text-align: center;\" width=\"27\"><span style=\"font-family: 'times new roman', times, serif; font-size: 10pt;\"><strong>Nr.<\/strong><\/span><\/td>\n<td width=\"126\"><span style=\"font-family: 'times new roman', times, serif; font-size: 10pt;\"><strong>Vorname (normiert)<\/strong><\/span><\/td>\n<td style=\"text-align: center;\" width=\"75\"><span style=\"font-family: 'times new roman', times, serif; font-size: 10pt;\"><strong>geboren<\/strong><\/span><\/td>\n<td style=\"text-align: center;\" width=\"75\"><span style=\"font-family: 'times new roman', times, serif; font-size: 10pt;\"><strong>getauft<\/strong><\/span><\/td>\n<td style=\"text-align: center;\" width=\"76\"><span style=\"font-family: 'times new roman', times, serif; font-size: 10pt;\"><strong>konfirmiert<\/strong><\/span><\/td>\n<td style=\"text-align: center;\" width=\"61\"><span style=\"font-family: 'times new roman', times, serif; font-size: 10pt;\"><strong>gestorben<\/strong><\/span><\/td>\n<td style=\"text-align: center;\" width=\"75\"><span style=\"font-family: 'times new roman', times, serif; font-size: 10pt;\"><strong>begraben<\/strong><\/span><\/td>\n<td style=\"text-align: center;\" width=\"45\"><span style=\"font-family: 'times new roman', times, serif; font-size: 10pt;\"><strong>Alter<\/strong><\/span><\/td>\n<td style=\"text-align: center;\" width=\"45\"><span style=\"font-family: 'times new roman', times, serif; font-size: 10pt;\"><strong>Stand<\/strong><\/span><\/td>\n<\/tr>\n<tr>\n<td style=\"text-align: center;\" width=\"27\"><span style=\"font-family: 'times new roman', times, serif; font-size: 10pt;\">1<\/span><\/td>\n<td width=\"126\"><span style=\"font-family: 'times new roman', times, serif; font-size: 10pt;\">Johann Adam<\/span><\/td>\n<td style=\"text-align: center;\" width=\"75\"><span style=\"font-family: 'times new roman', times, serif; font-size: 10pt;\">19.09.1699<\/span><\/td>\n<td style=\"text-align: center;\" width=\"75\"><span style=\"font-family: 'times new roman', times, serif; font-size: 10pt;\">24.09.1699<\/span><\/td>\n<td style=\"text-align: center;\" width=\"76\"><\/td>\n<td style=\"text-align: center;\" width=\"61\"><\/td>\n<td style=\"text-align: center;\" width=\"75\"><span style=\"font-family: 'times new roman', times, serif; font-size: 10pt;\">15.03.1701<\/span><\/td>\n<td style=\"text-align: center;\" width=\"45\"><span style=\"font-family: 'times new roman', times, serif; font-size: 10pt;\">1,47<\/span><\/td>\n<td style=\"text-align: center;\" width=\"45\"><\/td>\n<\/tr>\n<tr>\n<td style=\"text-align: center;\"><span style=\"font-family: 'times new roman', times, serif; font-size: 10pt;\">2<\/span><\/td>\n<td><span style=\"font-family: 'times new roman', times, serif; font-size: 10pt;\">Anna Veronika<\/span><\/td>\n<td style=\"text-align: center;\"><span style=\"font-family: 'times new roman', times, serif; font-size: 10pt;\">25.06.1702<\/span><\/td>\n<td style=\"text-align: center;\"><span style=\"font-family: 'times new roman', times, serif; font-size: 10pt;\">26.06.1702<\/span><\/td>\n<td style=\"text-align: center;\"><span style=\"font-family: 'times new roman', times, serif; font-size: 10pt;\">31.05.1716<\/span><\/td>\n<td style=\"text-align: center;\"><\/td>\n<td style=\"text-align: center;\"><span style=\"font-family: 'times new roman', times, serif; font-size: 10pt;\">13.11.1733<\/span><\/td>\n<td style=\"text-align: center;\"><span style=\"font-family: 'times new roman', times, serif; font-size: 10pt;\">31,41<\/span><\/td>\n<td style=\"text-align: center;\"><span style=\"font-family: 'times new roman', times, serif; font-size: 10pt;\">ledig<\/span><\/td>\n<\/tr>\n<tr>\n<td style=\"text-align: center;\"><span style=\"font-family: 'times new roman', times, serif; font-size: 10pt;\">3<\/span><\/td>\n<td><span style=\"font-family: 'times new roman', times, serif; font-size: 10pt;\">Johann Philipp<\/span><\/td>\n<td style=\"text-align: center;\"><span style=\"font-family: 'times new roman', times, serif; font-size: 10pt;\">03.09.1704<\/span><\/td>\n<td style=\"text-align: center;\"><span style=\"font-family: 'times new roman', times, serif; font-size: 10pt;\">03.09.1704<\/span><\/td>\n<td style=\"text-align: center;\"><span style=\"font-family: 'times new roman', times, serif; font-size: 10pt;\">16.05.1717<\/span><\/td>\n<td style=\"text-align: center;\"><\/td>\n<td style=\"text-align: center;\"><\/td>\n<td style=\"text-align: center;\"><\/td>\n<td style=\"text-align: center;\"><span style=\"font-family: 'times new roman', times, serif; font-size: 10pt;\">verh.<\/span><\/td>\n<\/tr>\n<\/tbody>\n<\/table>\n<p style=\"text-align: justify;\"><span style=\"font-family: 'times new roman', times, serif; font-size: 10pt;\">Kind Nr. 2) <em>renata in casu<br \/>\n<\/em><\/span><span style=\"font-family: 'times new roman', times, serif; font-size: 10pt;\">Kind Nr. 3) <em>nat[us] et bapt: in casu den 3ten [Septem]bris<\/em>; oo 26.11.1734 Marienfels mit Anna Magdalena, Tochter des verstorbenen Johann Anton Haxel zu Ehr; Familie wohnt in Ehr<\/span><\/p>\n<p style=\"text-align: justify;\"><span style=\"font-family: 'times new roman', times, serif; font-size: 10pt;\"><strong>Paten: zu 1) <\/strong><em>Joh: Melcher Gemrich, Wilhlm Gemrichs sel: nachgelassener Sohn, ein Schneidergesell; Joh: Adam, Adam Lauxen, Gerichtssch\u00f6pfens alhier zu Marienfels, eheleiblicher Sohn; Anna Elisabeth, Joh: Peter \u2026, Schmitts zu Retert, Dochter <\/em><strong><em>\u2014 <\/em><\/strong><strong>zu 2) <\/strong><em>Anna Eva, Joh: Mayin zu Eberwies <\/em>[Oberwies]<em> Hausfr:; Joh: Adam, Joh: Jacob Gemrichs sel: zu Marienfels nachgelassener Sohn; v[nd] Anna Veronica, Adam Keisers, Seniors zu Marienfels, ehl[iche] Dochter <\/em><strong><em>\u2014 <\/em><\/strong><strong>zu 3) <\/strong><em>Anna Magdalena, Wilhelm Gemrichs, Schmitts, sel: hinterlassene Dochter zu Marienfels; Joh: Philips Clo\u00df zu Marienfels; Joh: Friderich Heyer von Schweighausen<\/em><\/span><\/p>\n<hr \/>\n<p><span style=\"font-family: 'times new roman', times, serif; font-size: 10pt;\"><span style=\"color: #ff0000;\"><strong><u><a id=\"senner\"><\/a>Senner<\/u><\/strong><strong>, Anton:<\/strong> <\/span>Witwer aus Welgesheim (VG Sprendlingen-Gensingen, Lkr. Mainz-Bingen)<\/span><\/p>\n<p style=\"text-align: justify;\"><span style=\"font-family: 'times new roman', times, serif; font-size: 10pt;\"><strong>oo 30.11.1697 Hunzel (Kapelle)<\/strong> mit <strong><u>M\u00f6ller geb. <em>Zahn<\/em> [?]<\/u>, Katharina Margaretha:<\/strong> Witwe des Hans Michel M\u00f6ller und Tochter des Christophel <em>Zahn<\/em> [?], nassau-saarbr\u00fcckischer Untertan des Amtes Nassau<\/span><\/p>\n<hr \/>\n<p><span style=\"font-family: 'times new roman', times, serif; font-size: 10pt;\"><span style=\"color: #ff0000;\"><strong><u><a id=\"spies\"><\/a>Spies<\/u><\/strong><strong>, Johann Peter:<\/strong> <\/span>Sohn des verst. Christoph Spies, gewesener Schuldiener zu Schwalbach; konf. 19.05.1709 Marienfels<\/span><\/p>\n<hr \/>\n<p><span style=\"font-family: 'times new roman', times, serif; font-size: 10pt;\"><span style=\"color: #ff0000;\"><strong><u>Spies<\/u><\/strong><strong>, Elisabeth Margaretha:<\/strong> <\/span>aus Schwalbach; Tochter des verst. Johann Christoph Spie\u00df, Pr\u00e4zeptor; konf. 20.05.1714 Marienfels<\/span><\/p>\n<hr \/>\n<p style=\"text-align: justify;\"><span style=\"font-family: 'times new roman', times, serif; font-size: 10pt;\"><span style=\"color: #ff0000;\"><strong><u><a id=\"spitzley\"><\/a>Spitzley<\/u><\/strong><strong>, Valentin (Velten):<\/strong> <\/span>idsteinisch leibeigen; ist nach dem Einwohnerverzeichnis 1658 26 Jahre und 1665 38 Jahre alt; bg. 11.04.1700 Marienfels, 69 Jahre alt<\/span><\/p>\n<p><span style=\"font-family: 'times new roman', times, serif; font-size: 10pt;\"><strong>oo<\/strong> mit <strong>Anna<\/strong> <strong>Katharina:<\/strong> ist nach dem Einwohnerverzeichnis 1658 25 Jahre und 1665 39 Jahre alt; bg. 25.03.1695 Marienfels, 70 Jahre alt<\/span><\/p>\n<table>\n<tbody>\n<tr>\n<td style=\"text-align: center;\" width=\"30\"><span style=\"font-family: 'times new roman', times, serif; font-size: 10pt;\"><strong>Nr.<\/strong><\/span><\/td>\n<td width=\"138\"><span style=\"font-family: 'times new roman', times, serif; font-size: 10pt;\"><strong>Vorname (normiert)<\/strong><\/span><\/td>\n<td style=\"text-align: center;\" width=\"68\"><span style=\"font-family: 'times new roman', times, serif; font-size: 10pt;\"><strong>geboren<\/strong><\/span><\/td>\n<td style=\"text-align: center;\" width=\"77\"><span style=\"font-family: 'times new roman', times, serif; font-size: 10pt;\"><strong>getauft<\/strong><\/span><\/td>\n<td style=\"text-align: center;\" width=\"70\"><span style=\"font-family: 'times new roman', times, serif; font-size: 10pt;\"><strong>konfirmiert<\/strong><\/span><\/td>\n<td style=\"text-align: center;\" width=\"70\"><span style=\"font-family: 'times new roman', times, serif; font-size: 10pt;\"><strong>gestorben<\/strong><\/span><\/td>\n<td style=\"text-align: center;\" width=\"68\"><span style=\"font-family: 'times new roman', times, serif; font-size: 10pt;\"><strong>begraben<\/strong><\/span><\/td>\n<td style=\"text-align: center;\" width=\"38\"><span style=\"font-family: 'times new roman', times, serif; font-size: 10pt;\"><strong>Alter<\/strong><\/span><\/td>\n<td style=\"text-align: center;\" width=\"44\"><span style=\"font-family: 'times new roman', times, serif; font-size: 10pt;\"><strong>Stand<\/strong><\/span><\/td>\n<\/tr>\n<tr>\n<td style=\"text-align: center;\" width=\"30\"><span style=\"font-family: 'times new roman', times, serif; font-size: 10pt;\">1<\/span><\/td>\n<td width=\"138\"><span style=\"font-family: 'times new roman', times, serif; font-size: 10pt;\">Anna Margaretha<\/span><\/td>\n<td style=\"text-align: center;\" width=\"68\"><span style=\"font-family: 'times new roman', times, serif; font-size: 10pt;\">ca. 1659<\/span><\/td>\n<td style=\"text-align: center;\" width=\"77\"><span style=\"font-family: 'times new roman', times, serif; font-size: 10pt;\"><strong>\u00a0<\/strong><\/span><\/td>\n<td style=\"text-align: center;\" width=\"70\"><span style=\"font-family: 'times new roman', times, serif; font-size: 10pt;\"><strong>\u00a0<\/strong><\/span><\/td>\n<td style=\"text-align: center;\" width=\"70\"><span style=\"font-family: 'times new roman', times, serif; font-size: 10pt;\"><strong>\u00a0<\/strong><\/span><\/td>\n<td style=\"text-align: center;\" width=\"68\"><span style=\"font-family: 'times new roman', times, serif; font-size: 10pt;\">01.07.1688<\/span><\/td>\n<td style=\"text-align: center;\" width=\"38\"><span style=\"font-family: 'times new roman', times, serif; font-size: 10pt;\">29<\/span><\/td>\n<td style=\"text-align: center;\" width=\"44\"><span style=\"font-family: 'times new roman', times, serif; font-size: 10pt;\">ledig<\/span><\/td>\n<\/tr>\n<tr>\n<td style=\"text-align: center;\" width=\"30\"><span style=\"font-family: 'times new roman', times, serif; font-size: 10pt;\">2<\/span><\/td>\n<td width=\"138\"><span style=\"font-family: 'times new roman', times, serif; font-size: 10pt;\">Philipp Gottfried<\/span><\/td>\n<td style=\"text-align: center;\" width=\"68\"><span style=\"font-family: 'times new roman', times, serif; font-size: 10pt;\">ca. 1661<\/span><\/td>\n<td style=\"text-align: center;\" width=\"77\"><span style=\"font-family: 'times new roman', times, serif; font-size: 10pt;\"><strong>\u00a0<\/strong><\/span><\/td>\n<td style=\"text-align: center;\" width=\"70\"><span style=\"font-family: 'times new roman', times, serif; font-size: 10pt;\"><strong>\u00a0<\/strong><\/span><\/td>\n<td style=\"text-align: center;\" width=\"70\"><span style=\"font-family: 'times new roman', times, serif; font-size: 10pt;\"><strong>\u00a0<\/strong><\/span><\/td>\n<td style=\"text-align: center;\" width=\"68\"><span style=\"font-family: 'times new roman', times, serif; font-size: 10pt;\">09.04.1718<\/span><\/td>\n<td style=\"text-align: center;\" width=\"38\"><span style=\"font-family: 'times new roman', times, serif; font-size: 10pt;\">50<\/span><\/td>\n<td style=\"text-align: center;\" width=\"44\"><span style=\"font-family: 'times new roman', times, serif; font-size: 10pt;\">verh.<\/span><\/td>\n<\/tr>\n<tr>\n<td style=\"text-align: center;\" width=\"30\"><span style=\"font-family: 'times new roman', times, serif; font-size: 10pt;\">3<\/span><\/td>\n<td width=\"138\"><span style=\"font-family: 'times new roman', times, serif; font-size: 10pt;\">Johann Merten<\/span><\/td>\n<td style=\"text-align: center;\" width=\"68\"><span style=\"font-family: 'times new roman', times, serif; font-size: 10pt;\">ca. 1664<\/span><\/td>\n<td style=\"text-align: center;\" width=\"77\"><span style=\"font-family: 'times new roman', times, serif; font-size: 10pt;\"><strong>\u00a0<\/strong><\/span><\/td>\n<td style=\"text-align: center;\" width=\"70\"><span style=\"font-family: 'times new roman', times, serif; font-size: 10pt;\"><strong>\u00a0<\/strong><\/span><\/td>\n<td style=\"text-align: center;\" width=\"70\"><span style=\"font-family: 'times new roman', times, serif; font-size: 10pt;\"><strong>\u00a0<\/strong><\/span><\/td>\n<td style=\"text-align: center;\" width=\"68\"><span style=\"font-family: 'times new roman', times, serif; font-size: 10pt;\">01.08.1688<\/span><\/td>\n<td style=\"text-align: center;\" width=\"38\"><span style=\"font-family: 'times new roman', times, serif; font-size: 10pt;\">25<\/span><\/td>\n<td style=\"text-align: center;\" width=\"44\"><span style=\"font-family: 'times new roman', times, serif; font-size: 10pt;\">ledig<\/span><\/td>\n<\/tr>\n<tr>\n<td style=\"text-align: center;\" width=\"30\"><span style=\"font-family: 'times new roman', times, serif; font-size: 10pt;\">4<\/span><\/td>\n<td width=\"138\"><span style=\"font-family: 'times new roman', times, serif; font-size: 10pt;\">Anna Ursula<\/span><\/td>\n<td style=\"text-align: center;\" width=\"68\"><span style=\"font-family: 'times new roman', times, serif; font-size: 10pt;\">ca. 1669<\/span><\/td>\n<td style=\"text-align: center;\" width=\"77\"><span style=\"font-family: 'times new roman', times, serif; font-size: 10pt;\"><strong>\u00a0<\/strong><\/span><\/td>\n<td style=\"text-align: center;\" width=\"70\"><span style=\"font-family: 'times new roman', times, serif; font-size: 10pt;\"><strong>\u00a0<\/strong><\/span><\/td>\n<td style=\"text-align: center;\" width=\"70\"><span style=\"font-family: 'times new roman', times, serif; font-size: 10pt;\">23.01.1722<\/span><\/td>\n<td style=\"text-align: center;\" width=\"68\"><span style=\"font-family: 'times new roman', times, serif; font-size: 10pt;\">25.01.1722<\/span><\/td>\n<td style=\"text-align: center;\" width=\"38\"><span style=\"font-family: 'times new roman', times, serif; font-size: 10pt;\">53<\/span><\/td>\n<td style=\"text-align: center;\" width=\"44\"><span style=\"font-family: 'times new roman', times, serif; font-size: 10pt;\">verh.<\/span><\/td>\n<\/tr>\n<\/tbody>\n<\/table>\n<p style=\"text-align: justify;\"><span style=\"font-family: 'times new roman', times, serif; font-size: 10pt;\">Kind Nr. 1) ist nach dem Einwohnerverzeichnis 1665 6 Jahre alt, steinisch leibeigen<br \/>\n<\/span><span style=\"font-family: 'times new roman', times, serif; font-size: 10pt;\">Kind Nr. 2) ist nach dem Einwohnerverzeichnis 1665 4 Jahre alt, steinisch leibeigen; oo 20.11.1694 Marienfels mit Anna Margaretha Dattner aus Kehlbach; Familie wohnt in Marienfels<br \/>\n<\/span><span style=\"font-family: 'times new roman', times, serif; font-size: 10pt;\">Kind Nr. 3) ist nach dem Einwohnerverzeichnis 1665 1 Jahr alt, steinisch leibeigen<br \/>\n<\/span><span style=\"font-family: 'times new roman', times, serif; font-size: 10pt;\">Kind Nr. 4) + Dornholzhausen; oo 05.04.1692 Marienfels mit Johann Jakob, Sohn des verst. Hans D\u00f6nges May aus Dornholzhausen; Familie wohnt in Marienfels, ab 1696 in Dornholzhausen<\/span><\/p>\n<hr \/>\n<p style=\"text-align: justify;\"><span style=\"font-family: 'times new roman', times, serif; font-size: 10pt;\"><span style=\"color: #ff0000;\"><strong><u>Spitzley<\/u><\/strong><strong>, Philipp Gottfried:<\/strong> <\/span>* ca. 1661; bg. 09.04.1718 Marienfels, 50 Jahre alt; Eltern: Valentin Spitzley und Anna Katharina<\/span><\/p>\n<p style=\"text-align: justify;\"><span style=\"font-family: 'times new roman', times, serif; font-size: 10pt;\"><strong>oo 20.11.1694 Marienfels<\/strong> mit<strong> <u>Dattner<\/u>, Anna Margaretha:<\/strong> * 03.03.1673 Kehlbach (gt. 09.03.); konf. 07.06.1685 Niederbachheim; + 31.05.1749 Marienfels (bg. 02.06.), 76 Jahre, 3 Monate weniger 3 Tage alt; Eltern: Johann Daniel Dattner und Anna Christina geb. Pfeifer<\/span><\/p>\n<table>\n<tbody>\n<tr>\n<td style=\"text-align: center;\" width=\"28\"><span style=\"font-family: 'times new roman', times, serif; font-size: 10pt;\"><strong>Nr.<\/strong><\/span><\/td>\n<td width=\"129\"><span style=\"font-family: 'times new roman', times, serif; font-size: 10pt;\"><strong>Vorname (normiert)<\/strong><\/span><\/td>\n<td style=\"text-align: center;\" width=\"75\"><span style=\"font-family: 'times new roman', times, serif; font-size: 10pt;\"><strong>geboren<\/strong><\/span><\/td>\n<td style=\"text-align: center;\" width=\"75\"><span style=\"font-family: 'times new roman', times, serif; font-size: 10pt;\"><strong>getauft<\/strong><\/span><\/td>\n<td style=\"text-align: center;\" width=\"76\"><span style=\"font-family: 'times new roman', times, serif; font-size: 10pt;\"><strong>konfirmiert<\/strong><\/span><\/td>\n<td style=\"text-align: center;\" width=\"61\"><span style=\"font-family: 'times new roman', times, serif; font-size: 10pt;\"><strong>gestorben<\/strong><\/span><\/td>\n<td style=\"text-align: center;\" width=\"75\"><span style=\"font-family: 'times new roman', times, serif; font-size: 10pt;\"><strong>begraben<\/strong><\/span><\/td>\n<td style=\"text-align: center;\" width=\"43\"><span style=\"font-family: 'times new roman', times, serif; font-size: 10pt;\"><strong>Alter<\/strong><\/span><\/td>\n<td style=\"text-align: center;\" width=\"45\"><span style=\"font-family: 'times new roman', times, serif; font-size: 10pt;\"><strong>Stand<\/strong><\/span><\/td>\n<\/tr>\n<tr>\n<td style=\"text-align: center;\" width=\"28\"><span style=\"font-family: 'times new roman', times, serif; font-size: 10pt;\">1<\/span><\/td>\n<td width=\"129\"><span style=\"font-family: 'times new roman', times, serif; font-size: 10pt;\">Elisabeth Katharina<\/span><\/td>\n<td style=\"text-align: center;\" width=\"75\"><span style=\"font-family: 'times new roman', times, serif; font-size: 10pt;\">18.04.1696<\/span><\/td>\n<td style=\"text-align: center;\" width=\"75\"><span style=\"font-family: 'times new roman', times, serif; font-size: 10pt;\">26.04.1696<\/span><\/td>\n<td style=\"text-align: center;\" width=\"76\"><span style=\"font-family: 'times new roman', times, serif; font-size: 10pt;\">27.05.1708<\/span><\/td>\n<td style=\"text-align: center;\" width=\"61\"><\/td>\n<td style=\"text-align: center;\" width=\"75\"><\/td>\n<td style=\"text-align: center;\" width=\"43\"><\/td>\n<td style=\"text-align: center;\" width=\"45\"><span style=\"font-family: 'times new roman', times, serif; font-size: 10pt;\">verh.<\/span><\/td>\n<\/tr>\n<tr>\n<td style=\"text-align: center;\"><span style=\"font-family: 'times new roman', times, serif; font-size: 10pt;\">2<\/span><\/td>\n<td><span style=\"font-family: 'times new roman', times, serif; font-size: 10pt;\">Anna Magdalena<\/span><\/td>\n<td style=\"text-align: center;\"><span style=\"font-family: 'times new roman', times, serif; font-size: 10pt;\">27.01.1699<\/span><\/td>\n<td style=\"text-align: center;\"><span style=\"font-family: 'times new roman', times, serif; font-size: 10pt;\">02.02.1699<\/span><\/td>\n<td style=\"text-align: center;\"><\/td>\n<td style=\"text-align: center;\"><\/td>\n<td style=\"text-align: center;\"><span style=\"font-family: 'times new roman', times, serif; font-size: 10pt;\">18.07.1707<\/span><\/td>\n<td style=\"text-align: center;\"><span style=\"font-family: 'times new roman', times, serif; font-size: 10pt;\">8,46<\/span><\/td>\n<td style=\"text-align: center;\"><\/td>\n<\/tr>\n<tr>\n<td style=\"text-align: center;\"><span style=\"font-family: 'times new roman', times, serif; font-size: 10pt;\">3<\/span><\/td>\n<td><span style=\"font-family: 'times new roman', times, serif; font-size: 10pt;\">Anna Dorothea<\/span><\/td>\n<td style=\"text-align: center;\"><span style=\"font-family: 'times new roman', times, serif; font-size: 10pt;\">13.04.1702<\/span><\/td>\n<td style=\"text-align: center;\"><span style=\"font-family: 'times new roman', times, serif; font-size: 10pt;\">18.04.1702<\/span><\/td>\n<td style=\"text-align: center;\"><span style=\"font-family: 'times new roman', times, serif; font-size: 10pt;\">31.05.1716<\/span><\/td>\n<td style=\"text-align: center;\"><\/td>\n<td style=\"text-align: center;\"><\/td>\n<td style=\"text-align: center;\"><\/td>\n<td style=\"text-align: center;\"><span style=\"font-family: 'times new roman', times, serif; font-size: 10pt;\">verh.<\/span><\/td>\n<\/tr>\n<tr>\n<td style=\"text-align: center;\"><span style=\"font-family: 'times new roman', times, serif; font-size: 10pt;\">4<\/span><\/td>\n<td><span style=\"font-family: 'times new roman', times, serif; font-size: 10pt;\">Philipp Kaspar<\/span><\/td>\n<td style=\"text-align: center;\"><span style=\"font-family: 'times new roman', times, serif; font-size: 10pt;\">13.05.1706<\/span><\/td>\n<td style=\"text-align: center;\"><span style=\"font-family: 'times new roman', times, serif; font-size: 10pt;\">16.05.1706<\/span><\/td>\n<td style=\"text-align: center;\"><span style=\"font-family: 'times new roman', times, serif; font-size: 10pt;\">09.04.1719<\/span><\/td>\n<td style=\"text-align: center;\"><\/td>\n<td style=\"text-align: center;\"><\/td>\n<td style=\"text-align: center;\"><\/td>\n<td style=\"text-align: center;\"><span style=\"font-family: 'times new roman', times, serif; font-size: 10pt;\">verh.<\/span><\/td>\n<\/tr>\n<tr>\n<td style=\"text-align: center;\"><span style=\"font-family: 'times new roman', times, serif; font-size: 10pt;\">5<\/span><\/td>\n<td><span style=\"font-family: 'times new roman', times, serif; font-size: 10pt;\">Johann Emmerich<\/span><\/td>\n<td style=\"text-align: center;\"><span style=\"font-family: 'times new roman', times, serif; font-size: 10pt;\">25.04.1712<\/span><\/td>\n<td style=\"text-align: center;\"><span style=\"font-family: 'times new roman', times, serif; font-size: 10pt;\">01.05.1712<\/span><\/td>\n<td style=\"text-align: center;\"><\/td>\n<td style=\"text-align: center;\"><\/td>\n<td style=\"text-align: center;\"><span style=\"font-family: 'times new roman', times, serif; font-size: 10pt;\">xx.11.1718<\/span><\/td>\n<td style=\"text-align: center;\"><span style=\"font-family: 'times new roman', times, serif; font-size: 10pt;\">6,50<\/span><\/td>\n<td style=\"text-align: center;\"><\/td>\n<\/tr>\n<\/tbody>\n<\/table>\n<p style=\"text-align: justify;\"><span style=\"font-family: 'times new roman', times, serif; font-size: 10pt;\">Kind Nr. 1) oo 18.02.1721 Marienfels mit Anton Peter, Sohn des verst. Leonhard Laux zu Marienfels<br \/>\n<\/span><span style=\"font-family: 'times new roman', times, serif; font-size: 10pt;\">Kind Nr. 3) oo 16.02.1723 Hunzel (Kapelle) mit Jost Henrich, Sohn des verst. Johann Adam Rettert zu Hunzel<br \/>\n<\/span><span style=\"font-family: 'times new roman', times, serif; font-size: 10pt;\">Kind Nr. 4) oo I. mit Anna Katharina N. N. (+ 06.12.1743 Marienfels); oo II. 28.02.1746 Marienfels mit Anna Maria, Tochter des verst. Daniel W\u00f6lfert von Miehlen<br \/>\n<\/span><span style=\"font-family: 'times new roman', times, serif; font-size: 10pt;\">Kind Nr. 5) <em>sepelitur mense [Novem]br[i]<\/em><\/span><\/p>\n<p style=\"text-align: justify;\"><span style=\"font-family: 'times new roman', times, serif; font-size: 10pt;\"><strong>Paten: zu 1) <\/strong><em>Elisabetha Catharina, Joh. Adam Keisers Dochter zu Huntzel; Joh: Philips, Joh: Jacob Gemrichs sel: Sohn zu Marienfels <\/em><strong><em>\u2014 <\/em><\/strong><strong>zu 2) <\/strong><em>Anna Ursula, Hans D\u00f6nges Hamans Hausfr: zu Huntzel; Anna Magdalena, Joh: Peter Lauxen, Senioris zu Marienfels, Dochter; Johann Adam, Daniel Dadeners Sohn zu Kelbach <\/em><strong><em>\u2014 <\/em><\/strong><strong>zu 3) <\/strong><em>Anna Dorothea, Peter Froni, arnsteinischen Hoffmans alhier Hausfrauw; Anna Catharina, Leonhard Mayen Hausfr: alhie; Philips Adam Clos, auch zu Marienfels <\/em><strong><em>\u2014 <\/em><\/strong><strong>zu 4) <\/strong><em>Joh: Philips Laux, Joh: Peter Lauxen, gewesenen Senioris alhie, nachgelassener Sohn; Phil: Caspar Gemrich, Meister Wilhelm Gemrichs sel: zu Marienfels nachgelassener Sohn; Anna Maria, Joh: St\u00e4ttlers, Schefers alhier, Hausfr: <\/em><strong><em>\u2014 <\/em><\/strong><strong>zu 5) <\/strong><em>Joh: Emrich Pfeifer zu Huntzel; Emrich Gemrich, Schuhmacher alhie zu Marienfels; vndt Anna G\u00fcth \/: Juditha :\/ Adam D\u00f6nges Closen Hausfr: zu Marienfels<\/em><\/span><\/p>\n<hr \/>\n<p><span style=\"font-family: 'times new roman', times, serif; font-size: 10pt;\"><span style=\"color: #ff0000;\"><strong><u>Spitzley<\/u><\/strong><strong>, Philipp Kaspar:<\/strong> <\/span>* 13.05.1706 Marienfels (gt. 16.05.); konf. 09.04.1719; Eltern: Philipp Gottfried Spitzley und Anna Margaretha geb. Dattner<\/span><\/p>\n<p><span style=\"font-family: 'times new roman', times, serif; font-size: 10pt;\"><strong>oo<\/strong> <strong>I.<\/strong> mit <strong>[Kunz ?], <\/strong><strong>Anna Katharina:<\/strong> bg. 06.12.1743 Marienfels, 36 Jahre alt; evtl. aus M\u00fcnchenroth (Pfarrei Diethardt)<\/span><\/p>\n<table>\n<tbody>\n<tr>\n<td style=\"text-align: center;\" width=\"28\"><span style=\"font-family: 'times new roman', times, serif; font-size: 10pt;\"><strong>Nr.<\/strong><\/span><\/td>\n<td width=\"131\"><span style=\"font-family: 'times new roman', times, serif; font-size: 10pt;\"><strong>Vorname (normiert)<\/strong><\/span><\/td>\n<td style=\"text-align: center;\" width=\"75\"><span style=\"font-family: 'times new roman', times, serif; font-size: 10pt;\"><strong>geboren<\/strong><\/span><\/td>\n<td style=\"text-align: center;\" width=\"75\"><span style=\"font-family: 'times new roman', times, serif; font-size: 10pt;\"><strong>getauft<\/strong><\/span><\/td>\n<td style=\"text-align: center;\" width=\"76\"><span style=\"font-family: 'times new roman', times, serif; font-size: 10pt;\"><strong>konfirmiert<\/strong><\/span><\/td>\n<td style=\"text-align: center;\" width=\"62\"><span style=\"font-family: 'times new roman', times, serif; font-size: 10pt;\"><strong>gestorben<\/strong><\/span><\/td>\n<td style=\"text-align: center;\" width=\"75\"><span style=\"font-family: 'times new roman', times, serif; font-size: 10pt;\"><strong>begraben<\/strong><\/span><\/td>\n<td style=\"text-align: center;\" width=\"43\"><span style=\"font-family: 'times new roman', times, serif; font-size: 10pt;\"><strong>Alter<\/strong><\/span><\/td>\n<td style=\"text-align: center;\" width=\"39\"><span style=\"font-family: 'times new roman', times, serif; font-size: 10pt;\"><strong>Stand<\/strong><\/span><\/td>\n<\/tr>\n<tr>\n<td style=\"text-align: center;\" width=\"28\"><span style=\"font-family: 'times new roman', times, serif; font-size: 10pt;\">1<\/span><\/td>\n<td width=\"131\"><span style=\"font-family: 'times new roman', times, serif; font-size: 10pt;\">Elisabeth Margaretha<\/span><\/td>\n<td style=\"text-align: center;\" width=\"75\"><span style=\"font-family: 'times new roman', times, serif; font-size: 10pt;\">21.07.1731<\/span><\/td>\n<td style=\"text-align: center;\" width=\"75\"><span style=\"font-family: 'times new roman', times, serif; font-size: 10pt;\">23.07.1731<\/span><\/td>\n<td style=\"text-align: center;\" width=\"76\"><span style=\"font-family: 'times new roman', times, serif; font-size: 10pt;\">25.04.1745<\/span><\/td>\n<td style=\"text-align: center;\" width=\"62\"><\/td>\n<td style=\"text-align: center;\" width=\"75\"><\/td>\n<td style=\"text-align: center;\" width=\"43\"><\/td>\n<td style=\"text-align: center;\" width=\"39\"><\/td>\n<\/tr>\n<tr>\n<td style=\"text-align: center;\"><span style=\"font-family: 'times new roman', times, serif; font-size: 10pt;\">2<\/span><\/td>\n<td><span style=\"font-family: 'times new roman', times, serif; font-size: 10pt;\">Anna Maria<\/span><\/td>\n<td style=\"text-align: center;\"><span style=\"font-family: 'times new roman', times, serif; font-size: 10pt;\">14.09.1734<\/span><\/td>\n<td style=\"text-align: center;\"><span style=\"font-family: 'times new roman', times, serif; font-size: 10pt;\">16.09.1734<\/span><\/td>\n<td style=\"text-align: center;\"><\/td>\n<td style=\"text-align: center;\"><\/td>\n<td style=\"text-align: center;\"><span style=\"font-family: 'times new roman', times, serif; font-size: 10pt;\">14.02.1738<\/span><\/td>\n<td style=\"text-align: center;\"><span style=\"font-family: 'times new roman', times, serif; font-size: 10pt;\">3,47<\/span><\/td>\n<td style=\"text-align: center;\"><\/td>\n<\/tr>\n<tr>\n<td style=\"text-align: center;\"><span style=\"font-family: 'times new roman', times, serif; font-size: 10pt;\">3<\/span><\/td>\n<td><span style=\"font-family: 'times new roman', times, serif; font-size: 10pt;\">Anna Christina<\/span><\/td>\n<td style=\"text-align: center;\"><span style=\"font-family: 'times new roman', times, serif; font-size: 10pt;\">17.01.1737<\/span><\/td>\n<td style=\"text-align: center;\"><span style=\"font-family: 'times new roman', times, serif; font-size: 10pt;\">19.01.1737<\/span><\/td>\n<td style=\"text-align: center;\"><\/td>\n<td style=\"text-align: center;\"><\/td>\n<td style=\"text-align: center;\"><\/td>\n<td style=\"text-align: center;\"><\/td>\n<td style=\"text-align: center;\"><\/td>\n<\/tr>\n<tr>\n<td style=\"text-align: center;\"><span style=\"font-family: 'times new roman', times, serif; font-size: 10pt;\">4<\/span><\/td>\n<td><span style=\"font-family: 'times new roman', times, serif; font-size: 10pt;\">Johann David<\/span><\/td>\n<td style=\"text-align: center;\"><span style=\"font-family: 'times new roman', times, serif; font-size: 10pt;\">11.04.1739<\/span><\/td>\n<td style=\"text-align: center;\"><span style=\"font-family: 'times new roman', times, serif; font-size: 10pt;\">13.04.1739<\/span><\/td>\n<td style=\"text-align: center;\"><\/td>\n<td style=\"text-align: center;\"><\/td>\n<td style=\"text-align: center;\"><\/td>\n<td style=\"text-align: center;\"><\/td>\n<td style=\"text-align: center;\"><\/td>\n<\/tr>\n<tr>\n<td style=\"text-align: center;\"><span style=\"font-family: 'times new roman', times, serif; font-size: 10pt;\">5<\/span><\/td>\n<td><span style=\"font-family: 'times new roman', times, serif; font-size: 10pt;\">Johann Wilhelm<\/span><\/td>\n<td style=\"text-align: center;\"><span style=\"font-family: 'times new roman', times, serif; font-size: 10pt;\">20.04.1743<\/span><\/td>\n<td style=\"text-align: center;\"><span style=\"font-family: 'times new roman', times, serif; font-size: 10pt;\">24.04.1743<\/span><\/td>\n<td style=\"text-align: center;\"><\/td>\n<td style=\"text-align: center;\"><\/td>\n<td style=\"text-align: center;\"><\/td>\n<td style=\"text-align: center;\"><\/td>\n<td style=\"text-align: center;\"><\/td>\n<\/tr>\n<\/tbody>\n<\/table>\n<p style=\"text-align: justify;\"><span style=\"font-family: 'times new roman', times, serif; font-size: 10pt;\"><strong>Paten: zu 1) <\/strong><em>Elisabetha Catharina, Anthon Peter Lauxen H[aus]fr[au]; u. Jost Henrich Retert; u. Anna Margaretha, Jacob Kuntz eh[liche] Tochter <\/em><strong><em>\u2014 <\/em><\/strong><strong>zu 2) <\/strong><em>Anna Maria, Johann Jacob Cuntzen vom Mingerod <\/em>[M\u00fcnchenroth (Pfarrei Diethardt)]<em> eh[liche] Tochter <\/em><strong><em>\u2014 <\/em><\/strong><strong>zu 3) <\/strong><em>Anna Christina, Johann Daniel Dadners nachgela\u00dfene Wittib zu Kellbach <\/em><strong><em>\u2014 <\/em><\/strong><strong>zu 4) <\/strong><em>Johann David, der Schwager von Michert <\/em>[M\u00fcnchenroth (Pfarrei Diethardt)] <strong><em>\u2014 <\/em><\/strong><strong>zu 5) <\/strong><em>Johann Willhelm Heimann, Einwohner zu Miehlen<\/em><\/span><\/p>\n<p><span style=\"font-family: 'times new roman', times, serif; font-size: 10pt;\"><strong>oo II. 28.02.1746 Marienfels<\/strong> mit <strong><u>W\u00f6lfert<\/u>, Anna Maria:<\/strong> Tochter des verst. Daniel W\u00f6lfert von Miehlen<\/span><\/p>\n<hr \/>\n<p><span style=\"font-family: 'times new roman', times, serif; font-size: 10pt;\"><span style=\"color: #ff0000;\"><strong><u>St\u00e4ttler<\/u><\/strong><\/span><strong><span style=\"color: #ff0000;\">, Johannes:<\/span> <\/strong>kath.; Schafhirt in Marienfels; aus Aulhausen (R\u00fcdesheim)<\/span><\/p>\n<p><span style=\"font-family: 'times new roman', times, serif; font-size: 10pt;\"><strong>\u00a0<\/strong><\/span><span style=\"font-family: 'times new roman', times, serif; font-size: 10pt;\"><strong>oo I. <\/strong>mit <strong>Anna Maria:<\/strong> bg. 18.03.1709 Marienfels, 32 Jahre alt<\/span><\/p>\n<table>\n<tbody>\n<tr>\n<td style=\"text-align: center;\" width=\"29\"><span style=\"font-family: 'times new roman', times, serif; font-size: 10pt;\"><strong>Nr.<\/strong><\/span><\/td>\n<td width=\"134\"><span style=\"font-family: 'times new roman', times, serif; font-size: 10pt;\"><strong>Vorname (normiert)<\/strong><\/span><\/td>\n<td style=\"text-align: center;\" width=\"76\"><span style=\"font-family: 'times new roman', times, serif; font-size: 10pt;\"><strong>geboren<\/strong><\/span><\/td>\n<td style=\"text-align: center;\" width=\"76\"><span style=\"font-family: 'times new roman', times, serif; font-size: 10pt;\"><strong>getauft<\/strong><\/span><\/td>\n<td style=\"text-align: center;\" width=\"69\"><span style=\"font-family: 'times new roman', times, serif; font-size: 10pt;\"><strong>konfirmiert<\/strong><\/span><\/td>\n<td style=\"text-align: center;\" width=\"65\"><span style=\"font-family: 'times new roman', times, serif; font-size: 10pt;\"><strong>gestorben<\/strong><\/span><\/td>\n<td style=\"text-align: center;\" width=\"76\"><span style=\"font-family: 'times new roman', times, serif; font-size: 10pt;\"><strong>begraben<\/strong><\/span><\/td>\n<td style=\"text-align: center;\" width=\"44\"><span style=\"font-family: 'times new roman', times, serif; font-size: 10pt;\"><strong>Alter<\/strong><\/span><\/td>\n<td style=\"text-align: center;\" width=\"41\"><span style=\"font-family: 'times new roman', times, serif; font-size: 10pt;\"><strong>Stand<\/strong><\/span><\/td>\n<\/tr>\n<tr>\n<td style=\"text-align: center;\" width=\"29\"><span style=\"font-family: 'times new roman', times, serif; font-size: 10pt;\">1<\/span><\/td>\n<td width=\"134\"><span style=\"font-family: 'times new roman', times, serif; font-size: 10pt;\">Anna Elisabeth<\/span><\/td>\n<td style=\"text-align: center;\" width=\"76\"><span style=\"font-family: 'times new roman', times, serif; font-size: 10pt;\">28.03.1704<\/span><\/td>\n<td style=\"text-align: center;\" width=\"76\"><span style=\"font-family: 'times new roman', times, serif; font-size: 10pt;\">30.03.1704<\/span><\/td>\n<td style=\"text-align: center;\" width=\"69\"><\/td>\n<td style=\"text-align: center;\" width=\"65\"><\/td>\n<td style=\"text-align: center;\" width=\"76\"><span style=\"font-family: 'times new roman', times, serif; font-size: 10pt;\">30.04.1706<\/span><\/td>\n<td style=\"text-align: center;\" width=\"44\"><span style=\"font-family: 'times new roman', times, serif; font-size: 10pt;\">2,08<\/span><\/td>\n<td style=\"text-align: center;\" width=\"41\"><\/td>\n<\/tr>\n<tr>\n<td style=\"text-align: center;\"><span style=\"font-family: 'times new roman', times, serif; font-size: 10pt;\">2<\/span><\/td>\n<td><span style=\"font-family: 'times new roman', times, serif; font-size: 10pt;\">Anna Margaretha<\/span><\/td>\n<td style=\"text-align: center;\"><span style=\"font-family: 'times new roman', times, serif; font-size: 10pt;\">27.06.1707<\/span><\/td>\n<td style=\"text-align: center;\"><span style=\"font-family: 'times new roman', times, serif; font-size: 10pt;\">03.07.1707<\/span><\/td>\n<td style=\"text-align: center;\"><\/td>\n<td style=\"text-align: center;\"><\/td>\n<td style=\"text-align: center;\"><\/td>\n<td style=\"text-align: center;\"><\/td>\n<td style=\"text-align: center;\"><\/td>\n<\/tr>\n<\/tbody>\n<\/table>\n<p style=\"text-align: justify;\"><span style=\"font-family: 'times new roman', times, serif; font-size: 10pt;\">Kind Nr. 1) Sterbeeintrag: <em>Anna Elisabeth, Joh: St\u00e4ttlers, pontificius, Schefers alhie zu Marienfels, T\u00f6chterlein, allein in der Stuben gelassen worden, seine Kleider von einer Kohl aus dem ohngeflickten blechern Offen fallend angez\u00fcndet v[nd] verbrand, das die Mutter solches fast tod findet, dann kaum sie solches kund gemacht bey den Nachbarn, war es tod etc: sepelit[ur] eodem et una cum superiori den 30ten [gestr.] April[is], \u00e6tatis 2 Jahr v[nd] 4 \u00bd Woche.<br \/>\n<\/em><\/span><span style=\"font-family: 'times new roman', times, serif; font-size: 10pt;\">Kind Nr. 2) Geburtsdatum irrig 02.07.1707!<\/span><\/p>\n<p style=\"text-align: justify;\"><span style=\"font-family: 'times new roman', times, serif; font-size: 10pt;\"><strong>Paten: zu 1) <\/strong><em>Anna Maria, M\u00e4rtens N., Sch\u00e4fers \u2026 zu Rupertshoffen, Hausfrauw; Anna Elisabeth, Joh: Jostens \u2026, Sch\u00e4fers p[ro] t[empore] zu Miehlen, Hausfrauw; Henrich Ernst \u2026, Sch\u00e4fer p[ro] t[empore] zu Gish\u00fcbel <\/em><strong><em>\u2014 <\/em><\/strong><strong>zu 2) <\/strong><em>Joh: Christophel St\u00e4ttler, Sch\u00e4fer p[ro] t[empore] zu Huntzel; Anna Margretha, M[eiste]r Joh: Melcher Gemrichs, Schneoders alhie, Haufr:; Anna Magdalena, Joh: Adam Gemrichs Hausfr: zu Marienfels; Leonhard May ibid[em]<\/em><\/span><\/p>\n<p><span style=\"font-family: 'times new roman', times, serif; font-size: 10pt;\"><strong>oo II. 16.06.1709 Marienfels<\/strong> mit <strong><u>R\u00f6rich<\/u>, Anna Sibylla:<\/strong> Tochter des Merten R\u00f6rich aus Miehlen<\/span><\/p>\n<table>\n<tbody>\n<tr>\n<td style=\"text-align: center;\" width=\"30\"><span style=\"font-family: 'times new roman', times, serif; font-size: 10pt;\"><strong>Nr.<\/strong><\/span><\/td>\n<td width=\"138\"><span style=\"font-family: 'times new roman', times, serif; font-size: 10pt;\"><strong>Vorname (normiert)<\/strong><\/span><\/td>\n<td style=\"text-align: center;\" width=\"68\"><span style=\"font-family: 'times new roman', times, serif; font-size: 10pt;\"><strong>geboren<\/strong><\/span><\/td>\n<td style=\"text-align: center;\" width=\"76\"><span style=\"font-family: 'times new roman', times, serif; font-size: 10pt;\"><strong>getauft<\/strong><\/span><\/td>\n<td style=\"text-align: center;\" width=\"69\"><span style=\"font-family: 'times new roman', times, serif; font-size: 10pt;\"><strong>konfirmiert<\/strong><\/span><\/td>\n<td style=\"text-align: center;\" width=\"69\"><span style=\"font-family: 'times new roman', times, serif; font-size: 10pt;\"><strong>gestorben<\/strong><\/span><\/td>\n<td style=\"text-align: center;\" width=\"68\"><span style=\"font-family: 'times new roman', times, serif; font-size: 10pt;\"><strong>begraben<\/strong><\/span><\/td>\n<td style=\"text-align: center;\" width=\"42\"><span style=\"font-family: 'times new roman', times, serif; font-size: 10pt;\"><strong>Alter<\/strong><\/span><\/td>\n<td style=\"text-align: center;\" width=\"44\"><span style=\"font-family: 'times new roman', times, serif; font-size: 10pt;\"><strong>Stand<\/strong><\/span><\/td>\n<\/tr>\n<tr>\n<td style=\"text-align: center;\" width=\"30\"><span style=\"font-family: 'times new roman', times, serif; font-size: 10pt;\">1<\/span><\/td>\n<td width=\"138\"><span style=\"font-family: 'times new roman', times, serif; font-size: 10pt;\">Elisabeth Katharina<\/span><\/td>\n<td style=\"text-align: center;\" width=\"68\"><\/td>\n<td style=\"text-align: center;\" width=\"76\"><span style=\"font-family: 'times new roman', times, serif; font-size: 10pt;\">25.05.1710<\/span><\/td>\n<td style=\"text-align: center;\" width=\"69\"><\/td>\n<td style=\"text-align: center;\" width=\"69\"><\/td>\n<td style=\"text-align: center;\" width=\"68\"><\/td>\n<td style=\"text-align: center;\" width=\"42\"><\/td>\n<td style=\"text-align: center;\" width=\"44\"><\/td>\n<\/tr>\n<\/tbody>\n<\/table>\n<p style=\"text-align: justify;\"><span style=\"font-family: 'times new roman', times, serif; font-size: 10pt;\"><strong>Paten:<\/strong> <em>Joh: Michel Pfeifer, Joh: Daniel Pfeifers sel: von Huntzel ehl[icher] Sohn; Nicol Laux, Leonhard Lauxen sel: Sohn alhier; Elisabeth Margretha, M[eiste]r David Brauns Dochter zu Miehlen; Anna Catharina <\/em>[ ]<\/span><\/p>\n<hr \/>\n<p><span style=\"font-family: 'times new roman', times, serif; font-size: 10pt;\"><span style=\"color: #ff0000;\"><strong><u><a id=\"staettler\"><\/a>St\u00e4ttler<\/u><\/strong><strong>, Johann Christoph:<\/strong> <\/span>Schafhirt in Marienfels<\/span><\/p>\n<p><span style=\"font-family: 'times new roman', times, serif; font-size: 10pt;\"><strong>oo I<\/strong>. mit <strong>Anna Klara:<\/strong> bg. 26.10.1726 Marienfels<\/span><\/p>\n<p><span style=\"font-family: 'times new roman', times, serif; font-size: 10pt;\"><strong>oo II. 19.04.1727 Marienfels<\/strong> mit <strong><u>Haselbach<\/u>, Elisabeth Margaretha:<\/strong> Tochter des Johann Georg Haselbach zu Lollschied (VG Bad Ems-Nassau)<\/span><\/p>\n<table>\n<tbody>\n<tr>\n<td style=\"text-align: center;\" width=\"30\"><span style=\"font-family: 'times new roman', times, serif; font-size: 10pt;\"><strong>Nr.<\/strong><\/span><\/td>\n<td width=\"136\"><span style=\"font-family: 'times new roman', times, serif; font-size: 10pt;\"><strong>Vorname (normiert)<\/strong><\/span><\/td>\n<td style=\"text-align: center;\" width=\"76\"><span style=\"font-family: 'times new roman', times, serif; font-size: 10pt;\"><strong>geboren<\/strong><\/span><\/td>\n<td style=\"text-align: center;\" width=\"76\"><span style=\"font-family: 'times new roman', times, serif; font-size: 10pt;\"><strong>getauft<\/strong><\/span><\/td>\n<td style=\"text-align: center;\" width=\"69\"><span style=\"font-family: 'times new roman', times, serif; font-size: 10pt;\"><strong>konfirmiert<\/strong><\/span><\/td>\n<td style=\"text-align: center;\" width=\"68\"><span style=\"font-family: 'times new roman', times, serif; font-size: 10pt;\"><strong>gestorben<\/strong><\/span><\/td>\n<td style=\"text-align: center;\" width=\"66\"><span style=\"font-family: 'times new roman', times, serif; font-size: 10pt;\"><strong>begraben<\/strong><\/span><\/td>\n<td style=\"text-align: center;\" width=\"41\"><span style=\"font-family: 'times new roman', times, serif; font-size: 10pt;\"><strong>Alter<\/strong><\/span><\/td>\n<td style=\"text-align: center;\" width=\"43\"><span style=\"font-family: 'times new roman', times, serif; font-size: 10pt;\"><strong>Stand<\/strong><\/span><\/td>\n<\/tr>\n<tr>\n<td style=\"text-align: center;\" width=\"30\"><span style=\"font-family: 'times new roman', times, serif; font-size: 10pt;\">1<\/span><\/td>\n<td width=\"136\"><span style=\"font-family: 'times new roman', times, serif; font-size: 10pt;\">Maria Elisabeth<\/span><\/td>\n<td style=\"text-align: center;\" width=\"76\"><span style=\"font-family: 'times new roman', times, serif; font-size: 10pt;\">14.05.1728<\/span><\/td>\n<td style=\"text-align: center;\" width=\"76\"><span style=\"font-family: 'times new roman', times, serif; font-size: 10pt;\">17.05.1728<\/span><\/td>\n<td style=\"text-align: center;\" width=\"69\"><\/td>\n<td style=\"text-align: center;\" width=\"68\"><\/td>\n<td style=\"text-align: center;\" width=\"66\"><\/td>\n<td style=\"text-align: center;\" width=\"41\"><\/td>\n<td style=\"text-align: center;\" width=\"43\"><\/td>\n<\/tr>\n<\/tbody>\n<\/table>\n<p><span style=\"font-family: 'times new roman', times, serif; font-size: 10pt;\"><strong>Paten: <\/strong><em>Maria Margaretha, Johannes Breitbachs Tochter von Lollschied; und Johann Peter, Johann Adam Genrichs Sohn alhier; wie auch Anna Elisabeth, Peter Frony eh[liche] Tochter<\/em><\/span><\/p>\n<hr \/>\n<p><span style=\"font-family: 'times new roman', times, serif; font-size: 10pt;\"><span style=\"color: #ff0000;\"><strong><u><a id=\"stein\"><\/a>Stein<\/u><\/strong><strong>, Johann Georg:<\/strong> <\/span>Zimmergeselle<\/span><\/p>\n<p><span style=\"font-family: 'times new roman', times, serif; font-size: 10pt;\"><strong>oo 03.11.1681<\/strong> <strong>Marienfels<\/strong> mit <strong>Maria<\/strong><\/span><\/p>\n<hr \/>\n<p><span style=\"font-family: 'times new roman', times, serif; font-size: 10pt;\"><span style=\"color: #ff0000;\"><strong><u><a id=\"stoetzer\"><\/a>St\u00f6tzer<\/u><\/strong><strong>, Johann Georg:<\/strong> <\/span>Hufschmied zu Marienfels; bg. 06.01.1714 Marienfels, 34 Jahre, 10 Monate und 18 Tage alt; Sohn des Michael Emmerich St\u00f6tzer von Rettert<\/span><\/p>\n<p><span style=\"font-family: 'times new roman', times, serif; font-size: 10pt;\"><strong>oo I. 17.02.1702 Rettert<\/strong> mit <strong><u>Klos<\/u>, Anna Magdalena:<\/strong> gt. 15.10.1682 Marienfels; konf. 12.04.1696; Eltern: Johann Adam Klos und Anna Eva<\/span><\/p>\n<table>\n<tbody>\n<tr>\n<td style=\"text-align: center;\" width=\"29\"><span style=\"font-family: 'times new roman', times, serif; font-size: 10pt;\"><strong>Nr.<\/strong><\/span><\/td>\n<td width=\"134\"><span style=\"font-family: 'times new roman', times, serif; font-size: 10pt;\"><strong>Vorname (normiert)<\/strong><\/span><\/td>\n<td style=\"text-align: center;\" width=\"76\"><span style=\"font-family: 'times new roman', times, serif; font-size: 10pt;\"><strong>geboren<\/strong><\/span><\/td>\n<td style=\"text-align: center;\" width=\"76\"><span style=\"font-family: 'times new roman', times, serif; font-size: 10pt;\"><strong>getauft<\/strong><\/span><\/td>\n<td style=\"text-align: center;\" width=\"77\"><span style=\"font-family: 'times new roman', times, serif; font-size: 10pt;\"><strong>konfirmiert<\/strong><\/span><\/td>\n<td style=\"text-align: center;\" width=\"65\"><span style=\"font-family: 'times new roman', times, serif; font-size: 10pt;\"><strong>gestorben<\/strong><\/span><\/td>\n<td style=\"text-align: center;\" width=\"63\"><span style=\"font-family: 'times new roman', times, serif; font-size: 10pt;\"><strong>begraben<\/strong><\/span><\/td>\n<td style=\"text-align: center;\" width=\"39\"><span style=\"font-family: 'times new roman', times, serif; font-size: 10pt;\"><strong>Alter<\/strong><\/span><\/td>\n<td style=\"text-align: center;\" width=\"46\"><span style=\"font-family: 'times new roman', times, serif; font-size: 10pt;\"><strong>Stand<\/strong><\/span><\/td>\n<\/tr>\n<tr>\n<td style=\"text-align: center;\" width=\"29\"><span style=\"font-family: 'times new roman', times, serif; font-size: 10pt;\">1<\/span><\/td>\n<td width=\"134\"><span style=\"font-family: 'times new roman', times, serif; font-size: 10pt;\">Philipp Adam<\/span><\/td>\n<td style=\"text-align: center;\" width=\"76\"><span style=\"font-family: 'times new roman', times, serif; font-size: 10pt;\">14.08.1704<\/span><\/td>\n<td style=\"text-align: center;\" width=\"76\"><span style=\"font-family: 'times new roman', times, serif; font-size: 10pt;\">17.08.1704<\/span><\/td>\n<td style=\"text-align: center;\" width=\"77\"><span style=\"font-family: 'times new roman', times, serif; font-size: 10pt;\">16.05.1717<\/span><\/td>\n<td style=\"text-align: center;\" width=\"65\"><\/td>\n<td style=\"text-align: center;\" width=\"63\"><\/td>\n<td style=\"text-align: center;\" width=\"39\"><\/td>\n<td style=\"text-align: center;\" width=\"46\"><\/td>\n<\/tr>\n<tr>\n<td style=\"text-align: center;\"><span style=\"font-family: 'times new roman', times, serif; font-size: 10pt;\">2<\/span><\/td>\n<td><span style=\"font-family: 'times new roman', times, serif; font-size: 10pt;\">Elisabeth Margaretha<\/span><\/td>\n<td style=\"text-align: center;\"><span style=\"font-family: 'times new roman', times, serif; font-size: 10pt;\">25.02.1707<\/span><\/td>\n<td style=\"text-align: center;\"><span style=\"font-family: 'times new roman', times, serif; font-size: 10pt;\">01.03.1707<\/span><\/td>\n<td style=\"text-align: center;\"><span style=\"font-family: 'times new roman', times, serif; font-size: 10pt;\">09.04.1719<\/span><\/td>\n<td style=\"text-align: center;\"><\/td>\n<td style=\"text-align: center;\"><\/td>\n<td style=\"text-align: center;\"><\/td>\n<td style=\"text-align: center;\"><span style=\"font-family: 'times new roman', times, serif; font-size: 10pt;\">verh.<\/span><\/td>\n<\/tr>\n<tr>\n<td style=\"text-align: center;\"><span style=\"font-family: 'times new roman', times, serif; font-size: 10pt;\">3<\/span><\/td>\n<td><span style=\"font-family: 'times new roman', times, serif; font-size: 10pt;\">Johann Philipp<\/span><\/td>\n<td style=\"text-align: center;\"><span style=\"font-family: 'times new roman', times, serif; font-size: 10pt;\">04.03.1709<\/span><\/td>\n<td style=\"text-align: center;\"><span style=\"font-family: 'times new roman', times, serif; font-size: 10pt;\">10.03.1709<\/span><\/td>\n<td style=\"text-align: center;\"><\/td>\n<td style=\"text-align: center;\"><\/td>\n<td style=\"text-align: center;\"><\/td>\n<td style=\"text-align: center;\"><\/td>\n<td style=\"text-align: center;\"><\/td>\n<\/tr>\n<tr>\n<td style=\"text-align: center;\"><span style=\"font-family: 'times new roman', times, serif; font-size: 10pt;\">4<\/span><\/td>\n<td><span style=\"font-family: 'times new roman', times, serif; font-size: 10pt;\">Christina Katharina<\/span><\/td>\n<td style=\"text-align: center;\"><\/td>\n<td style=\"text-align: center;\"><span style=\"font-family: 'times new roman', times, serif; font-size: 10pt;\">23.08.1711<\/span><\/td>\n<td style=\"text-align: center;\"><span style=\"font-family: 'times new roman', times, serif; font-size: 10pt;\">16.04.1724<\/span><\/td>\n<td style=\"text-align: center;\"><\/td>\n<td style=\"text-align: center;\"><\/td>\n<td style=\"text-align: center;\"><\/td>\n<td style=\"text-align: center;\"><span style=\"font-family: 'times new roman', times, serif; font-size: 10pt;\">verh.<\/span><\/td>\n<\/tr>\n<tr>\n<td style=\"text-align: center;\"><span style=\"font-family: 'times new roman', times, serif; font-size: 10pt;\">5<\/span><\/td>\n<td><span style=\"font-family: 'times new roman', times, serif; font-size: 10pt;\">Johann Adam<\/span><\/td>\n<td style=\"text-align: center;\"><span style=\"font-family: 'times new roman', times, serif; font-size: 10pt;\">18.08.1714<\/span><\/td>\n<td style=\"text-align: center;\"><span style=\"font-family: 'times new roman', times, serif; font-size: 10pt;\">24.08.1714<\/span><\/td>\n<td style=\"text-align: center;\"><span style=\"font-family: 'times new roman', times, serif; font-size: 10pt;\">17.04.1729<\/span><\/td>\n<td style=\"text-align: center;\"><\/td>\n<td style=\"text-align: center;\"><\/td>\n<td style=\"text-align: center;\"><\/td>\n<td style=\"text-align: center;\"><span style=\"font-family: 'times new roman', times, serif; font-size: 10pt;\">verh.<\/span><\/td>\n<\/tr>\n<\/tbody>\n<\/table>\n<p style=\"text-align: justify;\"><span style=\"font-family: 'times new roman', times, serif; font-size: 10pt;\">Kind Nr. 2) oo 21.10.1727 Marienfels mit Johann Peter, Sohn des Johann Philipp B\u00fcff, Kirchensenior zu Marienfels<br \/>\n<\/span><span style=\"font-family: 'times new roman', times, serif; font-size: 10pt;\">Kind Nr. 4) oo 10.02.1733 Marienfels mit Johann Peter, Sohn des verst. Johann Adam Gemmerich zu Marienfels<br \/>\n<\/span><span style=\"font-family: 'times new roman', times, serif; font-size: 10pt;\">Kind Nr. 5) oo I. Anna Maria N. N. (bg. 29.08.1743 Marienfels, 21 Jahre alt); oo II. 26.04.1746 Marienfels mit Maria Elisabeth, Tochter des Anton Peter Laux zu Marienfels<\/span><\/p>\n<p style=\"text-align: justify;\"><span style=\"font-family: 'times new roman', times, serif; font-size: 10pt;\"><strong>Paten: zu 1) <\/strong><em>Phil: Henrich St\u00f6tzer, juvenis in Retert; Johann Adam Keiser, auch juvenis in Marienfels; Elisabet Margretha, Phil: Adams Closen Hausfr: zu Marienfels <\/em><strong><em>\u2014 <\/em><\/strong><strong>zu 2) <\/strong><em>Henrich Michel Back, Joh: Backen Sohn zu Retert; Anna Elisabeth, M[eiste]rs Joh: Eschenauwers, Schmitts zu Miehlen, Hausfrauw; Anna Margreth, Johannes Closen Tochter zu Geisig <\/em><strong><em>\u2014 <\/em><\/strong><strong>zu 3) <\/strong><em>Joh: Phil: Clos, M\u00fcller in der StegsM\u00fchlen; Joh: St\u00f6tzer zu Miehlen; Anna Catharina, Henrichs Ubers Hausfrauw in der Holler M\u00fchl nach Retert geh\u00f6hrig <\/em><strong><em>\u2014 <\/em><\/strong><strong>zu 4) <\/strong><em>Joh: Jacob Schefer zu H\u00e4hrod im Kirchspiel Klingelbach; Elisabeth Catharina, David Mayen Hausfr: zu Dornholtzhausen; Elisabeth Christina, Phil: Anton St\u00f6tzers Tochter zu Miehlen <\/em><strong><em>\u2014 <\/em><\/strong><strong>zu 5) <\/strong><em>Johann Wendel Unverzagt, Schmid zu Retert; Johann Adam Gemrich; und Anna Elisabeth, Nickolaus H\u00e4u\u00dfers H[aus]fr[au] von Retert<\/em><\/span><\/p>\n<hr \/>\n<p><span style=\"font-family: 'times new roman', times, serif; font-size: 10pt;\"><span style=\"color: #ff0000;\"><strong><u>St\u00f6tzer<\/u><\/strong><strong>, Johann Adam:<\/strong> <\/span>* 18.08.1714 Marienfels (gt. 24.08.); konf. 17.04.1729; Eltern: Johann Georg St\u00f6tzer und Anna Magdalena geb. Klos<\/span><\/p>\n<p style=\"text-align: justify;\"><span style=\"font-family: 'times new roman', times, serif; font-size: 10pt;\"><strong>oo I. 23.02.1741 Dornholzhausen<\/strong> mit <strong><u>May<\/u>,<\/strong> <strong>Anna Maria:<\/strong> * 31.08.1722 Dessighofen (gt. 06.09.); konf. 08.04.1736; bg. 29.08.1743 Marienfels, 21 Jahre weniger 3 Tage alt; Eltern: Johann Th\u00f6nges May und Anna Christina geb. Emmerich<\/span><\/p>\n<table>\n<tbody>\n<tr>\n<td style=\"text-align: center;\" width=\"30\"><span style=\"font-family: 'times new roman', times, serif; font-size: 10pt;\"><strong>Nr.<\/strong><\/span><\/td>\n<td width=\"135\"><span style=\"font-family: 'times new roman', times, serif; font-size: 10pt;\"><strong>Vorname (normiert)<\/strong><\/span><\/td>\n<td style=\"text-align: center;\" width=\"76\"><span style=\"font-family: 'times new roman', times, serif; font-size: 10pt;\"><strong>geboren<\/strong><\/span><\/td>\n<td style=\"text-align: center;\" width=\"76\"><span style=\"font-family: 'times new roman', times, serif; font-size: 10pt;\"><strong>getauft<\/strong><\/span><\/td>\n<td style=\"text-align: center;\" width=\"69\"><span style=\"font-family: 'times new roman', times, serif; font-size: 10pt;\"><strong>konfirmiert<\/strong><\/span><\/td>\n<td style=\"text-align: center;\" width=\"68\"><span style=\"font-family: 'times new roman', times, serif; font-size: 10pt;\"><strong>gestorben<\/strong><\/span><\/td>\n<td style=\"text-align: center;\" width=\"67\"><span style=\"font-family: 'times new roman', times, serif; font-size: 10pt;\"><strong>begraben<\/strong><\/span><\/td>\n<td style=\"text-align: center;\" width=\"41\"><span style=\"font-family: 'times new roman', times, serif; font-size: 10pt;\"><strong>Alter<\/strong><\/span><\/td>\n<td style=\"text-align: center;\" width=\"43\"><span style=\"font-family: 'times new roman', times, serif; font-size: 10pt;\"><strong>Stand<\/strong><\/span><\/td>\n<\/tr>\n<tr>\n<td style=\"text-align: center;\" width=\"30\"><span style=\"font-family: 'times new roman', times, serif; font-size: 10pt;\">1<\/span><\/td>\n<td width=\"135\"><span style=\"font-family: 'times new roman', times, serif; font-size: 10pt;\">Johann Henrich<\/span><\/td>\n<td style=\"text-align: center;\" width=\"76\"><span style=\"font-family: 'times new roman', times, serif; font-size: 10pt;\">29.01.1742<\/span><\/td>\n<td style=\"text-align: center;\" width=\"76\"><span style=\"font-family: 'times new roman', times, serif; font-size: 10pt;\">30.01.1742<\/span><\/td>\n<td style=\"text-align: center;\" width=\"69\"><\/td>\n<td style=\"text-align: center;\" width=\"68\"><\/td>\n<td style=\"text-align: center;\" width=\"67\"><\/td>\n<td style=\"text-align: center;\" width=\"41\"><\/td>\n<td style=\"text-align: center;\" width=\"43\"><\/td>\n<\/tr>\n<tr>\n<td style=\"text-align: center;\"><span style=\"font-family: 'times new roman', times, serif; font-size: 10pt;\">2<\/span><\/td>\n<td><span style=\"font-family: 'times new roman', times, serif; font-size: 10pt;\">Anna Maria<\/span><\/td>\n<td style=\"text-align: center;\"><span style=\"font-family: 'times new roman', times, serif; font-size: 10pt;\">04.05.1743<\/span><\/td>\n<td style=\"text-align: center;\"><span style=\"font-family: 'times new roman', times, serif; font-size: 10pt;\">05.05.1743<\/span><\/td>\n<td style=\"text-align: center;\"><\/td>\n<td style=\"text-align: center;\"><\/td>\n<td style=\"text-align: center;\"><\/td>\n<td style=\"text-align: center;\"><\/td>\n<td style=\"text-align: center;\"><\/td>\n<\/tr>\n<\/tbody>\n<\/table>\n<p style=\"text-align: justify;\"><span style=\"font-family: 'times new roman', times, serif; font-size: 10pt;\"><strong>Paten: zu 1) <\/strong><em>Joh: Henrich May, Schmidt M[ei]st[e]r Anthon Mayen von De\u00dfighoffen nachgelassener eh[lich]er Sohn <\/em><strong><em>\u2014 <\/em><\/strong><strong>zu 2) <\/strong><em>Anna Maria, Johann Peter B\u00fcffen, nassauischen Schultheisen, eh[liche] Tochter<\/em><\/span><\/p>\n<p style=\"text-align: justify;\"><span style=\"font-family: 'times new roman', times, serif; font-size: 10pt;\"><strong>oo II. 26.04.1746 Marienfels<\/strong> mit <strong><u>Laux<\/u>, Maria Elisabeth:<\/strong> * 10.11.1723 Marienfels (gt. 21.11.); konf. 13.04.1738; Eltern: Anton Peter Laux und Elisabeth Katharina geb. Spitzley<\/span><\/p>\n<hr \/>\n<p style=\"text-align: justify;\"><span style=\"font-family: 'times new roman', times, serif; font-size: 10pt;\"><span style=\"color: #ff0000;\"><strong><u><a id=\"sutorius\"><\/a>Sutorius<\/u><\/strong><strong>, Anna Maria:<\/strong> <\/span>Witwe des Johannes Sutorius; Schwiegermutter des Valentin M\u00fcller, Pfarrer in Marienfels; + 17.03.1729 Marienfels (bg. 19.03.), 81 Jahre und 21 Wochen alt; ihre Tochter Anna Maria oo 16.08.1718 Marienfels mit Johann Jakob Hammes aus Braubach (wohnen in Braubach)<\/span><\/p>\n<hr \/>\n<p><span style=\"font-size: 10pt; font-family: times new roman, times, serif;\"><b>Letztes Update: 8. Mai 2024<\/b><\/span><br \/>\n<span style=\"font-size: 10pt; font-family: times new roman, times, serif;\"><b>Ralph Jackmuth<\/b><\/span><\/p>\n","protected":false},"excerpt":{"rendered":"<p>Sch\u00e4fer, Johannes: M\u00fcller in Marienfels oo mit Eva Magdalena: 1717 Anna Magdalena Nr. Vorname (normiert) geboren getauft konfirmiert gestorben begraben Alter Stand 1 Elisabeth Katharina 26.08.1717 27.08.1717 29.04.1721 3,67 2 Maria Dorothea 29.10.1719 31.10.1719 3 Johann Henrich 15.03.1722 18.03.1722 Paten: zu 1) Anna Catharina, Johann Adam Friederichs, Kirchen Senioris zu Aehr, H[aus]fr[au]; u. Henrich Martin &hellip; <a href=\"https:\/\/www.ahnenforschung-jackmuth.de\/?page_id=11396\" class=\"more-link\"><span class=\"screen-reader-text\">\u201eOFB Marienfels 1648-1746 &#8211; S\u201c<\/span> weiterlesen<\/a><\/p>\n","protected":false},"author":1,"featured_media":0,"parent":0,"menu_order":0,"comment_status":"closed","ping_status":"closed","template":"","meta":{"footnotes":""},"class_list":["post-11396","page","type-page","status-publish","hentry"],"_links":{"self":[{"href":"https:\/\/www.ahnenforschung-jackmuth.de\/index.php?rest_route=\/wp\/v2\/pages\/11396","targetHints":{"allow":["GET"]}}],"collection":[{"href":"https:\/\/www.ahnenforschung-jackmuth.de\/index.php?rest_route=\/wp\/v2\/pages"}],"about":[{"href":"https:\/\/www.ahnenforschung-jackmuth.de\/index.php?rest_route=\/wp\/v2\/types\/page"}],"author":[{"embeddable":true,"href":"https:\/\/www.ahnenforschung-jackmuth.de\/index.php?rest_route=\/wp\/v2\/users\/1"}],"replies":[{"embeddable":true,"href":"https:\/\/www.ahnenforschung-jackmuth.de\/index.php?rest_route=%2Fwp%2Fv2%2Fcomments&post=11396"}],"version-history":[{"count":0,"href":"https:\/\/www.ahnenforschung-jackmuth.de\/index.php?rest_route=\/wp\/v2\/pages\/11396\/revisions"}],"wp:attachment":[{"href":"https:\/\/www.ahnenforschung-jackmuth.de\/index.php?rest_route=%2Fwp%2Fv2%2Fmedia&parent=11396"}],"curies":[{"name":"wp","href":"https:\/\/api.w.org\/{rel}","templated":true}]}}