{"id":11389,"date":"2024-05-08T14:30:35","date_gmt":"2024-05-08T14:30:35","guid":{"rendered":"https:\/\/www.ahnenforschung-jackmuth.de\/?page_id=11389"},"modified":"2024-05-08T14:36:11","modified_gmt":"2024-05-08T14:36:11","slug":"ofb-marienfels-1648-1746-n-r","status":"publish","type":"page","link":"https:\/\/www.ahnenforschung-jackmuth.de\/?page_id=11389","title":{"rendered":"OFB Marienfels 1648-1746 &#8211; N-R"},"content":{"rendered":"<p><span style=\"font-family: 'times new roman', times, serif; font-size: 10pt;\"><span style=\"color: #ff0000;\"><strong><u><a id=\"neidhoefer\"><\/a>Neidh\u00f6fer<\/u><\/strong><strong>, Johann Andreas:<\/strong><\/span> Sohn des Johann Melchior Neidh\u00f6fer zu Singhofen<\/span><\/p>\n<p style=\"text-align: justify;\"><span style=\"font-family: 'times new roman', times, serif; font-size: 10pt;\"><strong>oo 04.07.1730 Marienfels<\/strong> mit <strong><u>Klos<\/u>, Anna Elisabeth:<\/strong> * 12.07.1708 Marienfels (gt. 15.07.); konf. 01.06.1721; Eltern: Johann Wilhelm Klos und Anna Katharina geb. Kist<\/span><\/p>\n<table>\n<tbody>\n<tr>\n<td style=\"text-align: center;\" width=\"29\"><span style=\"font-family: 'times new roman', times, serif; font-size: 10pt;\"><strong>Nr.<\/strong><\/span><\/td>\n<td width=\"135\"><span style=\"font-family: 'times new roman', times, serif; font-size: 10pt;\"><strong>Vorname (normiert)<\/strong><\/span><\/td>\n<td style=\"text-align: center;\" width=\"76\"><span style=\"font-family: 'times new roman', times, serif; font-size: 10pt;\"><strong>geboren<\/strong><\/span><\/td>\n<td style=\"text-align: center;\" width=\"76\"><span style=\"font-family: 'times new roman', times, serif; font-size: 10pt;\"><strong>getauft<\/strong><\/span><\/td>\n<td style=\"text-align: center;\" width=\"77\"><span style=\"font-family: 'times new roman', times, serif; font-size: 10pt;\"><strong>konfirmiert<\/strong><\/span><\/td>\n<td style=\"text-align: center;\" width=\"66\"><span style=\"font-family: 'times new roman', times, serif; font-size: 10pt;\"><strong>gestorben<\/strong><\/span><\/td>\n<td style=\"text-align: center;\" width=\"64\"><span style=\"font-family: 'times new roman', times, serif; font-size: 10pt;\"><strong>begraben<\/strong><\/span><\/td>\n<td style=\"text-align: center;\" width=\"40\"><span style=\"font-family: 'times new roman', times, serif; font-size: 10pt;\"><strong>Alter<\/strong><\/span><\/td>\n<td style=\"text-align: center;\" width=\"42\"><span style=\"font-family: 'times new roman', times, serif; font-size: 10pt;\"><strong>Stand<\/strong><\/span><\/td>\n<\/tr>\n<tr>\n<td style=\"text-align: center;\" width=\"29\"><span style=\"font-family: 'times new roman', times, serif; font-size: 10pt;\">1<\/span><\/td>\n<td width=\"135\"><span style=\"font-family: 'times new roman', times, serif; font-size: 10pt;\">Katharina Elisabeth<\/span><\/td>\n<td style=\"text-align: center;\" width=\"76\"><span style=\"font-family: 'times new roman', times, serif; font-size: 10pt;\">06.10.1731<\/span><\/td>\n<td style=\"text-align: center;\" width=\"76\"><span style=\"font-family: 'times new roman', times, serif; font-size: 10pt;\">07.10.1731<\/span><\/td>\n<td style=\"text-align: center;\" width=\"77\"><span style=\"font-family: 'times new roman', times, serif; font-size: 10pt;\">25.04.1745<\/span><\/td>\n<td style=\"text-align: center;\" width=\"66\"><\/td>\n<td style=\"text-align: center;\" width=\"64\"><\/td>\n<td style=\"text-align: center;\" width=\"40\"><\/td>\n<td style=\"text-align: center;\" width=\"42\"><\/td>\n<\/tr>\n<tr>\n<td style=\"text-align: center;\"><span style=\"font-family: 'times new roman', times, serif; font-size: 10pt;\">2<\/span><\/td>\n<td><span style=\"font-family: 'times new roman', times, serif; font-size: 10pt;\">Eva Magdalena<\/span><\/td>\n<td style=\"text-align: center;\"><span style=\"font-family: 'times new roman', times, serif; font-size: 10pt;\">12.02.1737<\/span><\/td>\n<td style=\"text-align: center;\"><span style=\"font-family: 'times new roman', times, serif; font-size: 10pt;\">14.02.1737<\/span><\/td>\n<td style=\"text-align: center;\"><\/td>\n<td style=\"text-align: center;\"><\/td>\n<td style=\"text-align: center;\"><\/td>\n<td style=\"text-align: center;\"><\/td>\n<td style=\"text-align: center;\"><\/td>\n<\/tr>\n<tr>\n<td style=\"text-align: center;\"><span style=\"font-family: 'times new roman', times, serif; font-size: 10pt;\">3<\/span><\/td>\n<td><span style=\"font-family: 'times new roman', times, serif; font-size: 10pt;\">Maria Elisabeth<\/span><\/td>\n<td style=\"text-align: center;\"><span style=\"font-family: 'times new roman', times, serif; font-size: 10pt;\">10.02.1746<\/span><\/td>\n<td style=\"text-align: center;\"><span style=\"font-family: 'times new roman', times, serif; font-size: 10pt;\">13.02.1746<\/span><\/td>\n<td style=\"text-align: center;\"><\/td>\n<td style=\"text-align: center;\"><\/td>\n<td style=\"text-align: center;\"><\/td>\n<td style=\"text-align: center;\"><\/td>\n<td style=\"text-align: center;\"><\/td>\n<\/tr>\n<\/tbody>\n<\/table>\n<p style=\"text-align: justify;\"><span style=\"font-family: 'times new roman', times, serif; font-size: 10pt;\"><strong>Paten: zu 1) <\/strong><em>Christina Catharina, Johann Georg St\u00f6tzers hinderla\u00dfene eh[liche] Tochter; u. Maria Elisabeth, Joh. Willhelm Closen hinderl[assene] eh[liche] Tochter; wie auch Johann Melchior, Joh. Philipp Gemrichs hinderl[assener] eh[licher] Sohn <\/em><em>\u2014 <\/em><strong>zu 2) <\/strong><em>Eva Magdalena, Johann Jost Breithaupts \u00e4lteste Tocht[er] <\/em><em>\u2014 <\/em><strong>zu 3) <\/strong><em>Maria Elisabetha, Johann Emrich Ansels Tochter von Marienfel\u00df<\/em><\/span><\/p>\n<hr \/>\n<p style=\"text-align: justify;\"><span style=\"font-family: 'times new roman', times, serif; font-size: 10pt;\"><span style=\"color: #ff0000;\"><strong><u><a id=\"nenck\"><\/a>Nenck<\/u><\/strong><strong>, Anna Magdalena:<\/strong> <\/span>Tochter des Andreas Nenck <em>ausm L\u00fctzelburger Land im Dorff Mundorff<\/em> (= Bad Mondorf in Luxemburg); bg. 25.11.1709 Mariefels, 1 Jahr und 6 Wochen alt<\/span><\/p>\n<hr \/>\n<p style=\"text-align: justify;\"><span style=\"font-family: 'times new roman', times, serif; font-size: 10pt;\"><span style=\"color: #ff0000;\"><strong><u><a id=\"neus\"><\/a>Neus<\/u><\/strong><strong>, Johann David: <\/strong><\/span>M\u00fcller in der kleinen M\u00fchle (K\u00e4sm\u00fchle) zu Marienfels, 1709 in Geisig; konf. 16.04.1693; + 22.03.1759 Marienfels (bg. 25.03. \u201ebei volkreicher Versammlung\u201c), 78 Jahre alt; Eltern: Johann Moses Neus, M\u00fcller im Kirchspiel Dornholzhausen, und Anna Margaretha<\/span><\/p>\n<p style=\"text-align: justify;\"><span style=\"font-family: 'times new roman', times, serif; font-size: 10pt;\"><strong>oo 28.06.1708 Dornholzhausen<\/strong> mit <strong><u>Dessighofer<\/u>, Anna Katharina:<\/strong> * 08.02.1692 Schweighausen (gt. 14.02.); konf. 31.05.1705; Eltern: Johann Gottfried Dessighofer und Johannetta Elisabeth geb. Gerhard<\/span><\/p>\n<table>\n<tbody>\n<tr>\n<td style=\"text-align: center;\" width=\"29\"><span style=\"font-family: 'times new roman', times, serif; font-size: 10pt;\"><strong>Nr.<\/strong><\/span><\/td>\n<td width=\"127\"><span style=\"font-family: 'times new roman', times, serif; font-size: 10pt;\"><strong>Vorname (normiert)<\/strong><\/span><\/td>\n<td style=\"text-align: center;\" width=\"76\"><span style=\"font-family: 'times new roman', times, serif; font-size: 10pt;\"><strong>geboren<\/strong><\/span><\/td>\n<td style=\"text-align: center;\" width=\"76\"><span style=\"font-family: 'times new roman', times, serif; font-size: 10pt;\"><strong>getauft<\/strong><\/span><\/td>\n<td style=\"text-align: center;\" width=\"77\"><span style=\"font-family: 'times new roman', times, serif; font-size: 10pt;\"><strong>konfirmiert<\/strong><\/span><\/td>\n<td style=\"text-align: center;\" width=\"58\"><span style=\"font-family: 'times new roman', times, serif; font-size: 10pt;\"><strong>gestorben<\/strong><\/span><\/td>\n<td style=\"text-align: center;\" width=\"76\"><span style=\"font-family: 'times new roman', times, serif; font-size: 10pt;\"><strong>begraben<\/strong><\/span><\/td>\n<td style=\"text-align: center;\" width=\"43\"><span style=\"font-family: 'times new roman', times, serif; font-size: 10pt;\"><strong>Alter<\/strong><\/span><\/td>\n<td style=\"text-align: center;\" width=\"45\"><span style=\"font-family: 'times new roman', times, serif; font-size: 10pt;\"><strong>Stand<\/strong><\/span><\/td>\n<\/tr>\n<tr>\n<td style=\"text-align: center;\" width=\"29\"><span style=\"font-family: 'times new roman', times, serif; font-size: 10pt;\">1<\/span><\/td>\n<td width=\"127\"><span style=\"font-family: 'times new roman', times, serif; font-size: 10pt;\">Philipp Gottfried<\/span><\/td>\n<td style=\"text-align: center;\" width=\"76\"><span style=\"font-family: 'times new roman', times, serif; font-size: 10pt;\">26.09.1709<\/span><\/td>\n<td style=\"text-align: center;\" width=\"76\"><span style=\"font-family: 'times new roman', times, serif; font-size: 10pt;\">29.09.1709<\/span><\/td>\n<td style=\"text-align: center;\" width=\"77\"><span style=\"font-family: 'times new roman', times, serif; font-size: 10pt;\">01.06.1721<\/span><\/td>\n<td style=\"text-align: center;\" width=\"58\"><\/td>\n<td style=\"text-align: center;\" width=\"76\"><\/td>\n<td style=\"text-align: center;\" width=\"43\"><\/td>\n<td style=\"text-align: center;\" width=\"45\"><span style=\"font-family: 'times new roman', times, serif; font-size: 10pt;\">verh.<\/span><\/td>\n<\/tr>\n<tr>\n<td style=\"text-align: center;\" width=\"29\"><span style=\"font-family: 'times new roman', times, serif; font-size: 10pt;\">2<\/span><\/td>\n<td width=\"127\"><span style=\"font-family: 'times new roman', times, serif; font-size: 10pt;\">Maria Katharina<\/span><\/td>\n<td style=\"text-align: center;\" width=\"76\"><\/td>\n<td style=\"text-align: center;\" width=\"76\"><span style=\"font-family: 'times new roman', times, serif; font-size: 10pt;\">23.08.1711<\/span><\/td>\n<td style=\"text-align: center;\" width=\"77\"><span style=\"font-family: 'times new roman', times, serif; font-size: 10pt;\">16.04.1724<\/span><\/td>\n<td style=\"text-align: center;\" width=\"58\"><\/td>\n<td style=\"text-align: center;\" width=\"76\"><\/td>\n<td style=\"text-align: center;\" width=\"43\"><\/td>\n<td style=\"text-align: center;\" width=\"45\"><\/td>\n<\/tr>\n<tr>\n<td style=\"text-align: center;\"><span style=\"font-family: 'times new roman', times, serif; font-size: 10pt;\">3<\/span><\/td>\n<td><span style=\"font-family: 'times new roman', times, serif; font-size: 10pt;\">Anna Margaretha<\/span><\/td>\n<td style=\"text-align: center;\"><span style=\"font-family: 'times new roman', times, serif; font-size: 10pt;\">08.04.1713<\/span><\/td>\n<td style=\"text-align: center;\"><span style=\"font-family: 'times new roman', times, serif; font-size: 10pt;\">13.04.1713<\/span><\/td>\n<td style=\"text-align: center;\"><span style=\"font-family: 'times new roman', times, serif; font-size: 10pt;\">21.04.1726<\/span><\/td>\n<td style=\"text-align: center;\"><\/td>\n<td style=\"text-align: center;\"><\/td>\n<td style=\"text-align: center;\"><\/td>\n<td style=\"text-align: center;\"><span style=\"font-family: 'times new roman', times, serif; font-size: 10pt;\">verh.<\/span><\/td>\n<\/tr>\n<tr>\n<td style=\"text-align: center;\"><span style=\"font-family: 'times new roman', times, serif; font-size: 10pt;\">4<\/span><\/td>\n<td><span style=\"font-family: 'times new roman', times, serif; font-size: 10pt;\">Maria Elisabeth<\/span><\/td>\n<td style=\"text-align: center;\"><span style=\"font-family: 'times new roman', times, serif; font-size: 10pt;\">19.01.1715<\/span><\/td>\n<td style=\"text-align: center;\"><span style=\"font-family: 'times new roman', times, serif; font-size: 10pt;\">22.01.1715<\/span><\/td>\n<td style=\"text-align: center;\"><span style=\"font-family: 'times new roman', times, serif; font-size: 10pt;\">17.04.1729<\/span><\/td>\n<td style=\"text-align: center;\"><\/td>\n<td style=\"text-align: center;\"><\/td>\n<td style=\"text-align: center;\"><\/td>\n<td style=\"text-align: center;\"><\/td>\n<\/tr>\n<tr>\n<td style=\"text-align: center;\"><span style=\"font-family: 'times new roman', times, serif; font-size: 10pt;\">5<\/span><\/td>\n<td><span style=\"font-family: 'times new roman', times, serif; font-size: 10pt;\">Margaretha Katharina<\/span><\/td>\n<td style=\"text-align: center;\"><span style=\"font-family: 'times new roman', times, serif; font-size: 10pt;\">03.02.1717<\/span><\/td>\n<td style=\"text-align: center;\"><span style=\"font-family: 'times new roman', times, serif; font-size: 10pt;\">06.02.1717<\/span><\/td>\n<td style=\"text-align: center;\"><\/td>\n<td style=\"text-align: center;\"><\/td>\n<td style=\"text-align: center;\"><span style=\"font-family: 'times new roman', times, serif; font-size: 10pt;\">13.01.1723<\/span><\/td>\n<td style=\"text-align: center;\"><span style=\"font-family: 'times new roman', times, serif; font-size: 10pt;\">5,94<\/span><\/td>\n<td style=\"text-align: center;\"><\/td>\n<\/tr>\n<tr>\n<td style=\"text-align: center;\"><span style=\"font-family: 'times new roman', times, serif; font-size: 10pt;\">6<\/span><\/td>\n<td><span style=\"font-family: 'times new roman', times, serif; font-size: 10pt;\">Georg Philipp<\/span><\/td>\n<td style=\"text-align: center;\"><span style=\"font-family: 'times new roman', times, serif; font-size: 10pt;\">16.02.1719<\/span><\/td>\n<td style=\"text-align: center;\"><span style=\"font-family: 'times new roman', times, serif; font-size: 10pt;\">19.02.1719<\/span><\/td>\n<td style=\"text-align: center;\"><\/td>\n<td style=\"text-align: center;\"><\/td>\n<td style=\"text-align: center;\"><span style=\"font-family: 'times new roman', times, serif; font-size: 10pt;\">21.05.1721<\/span><\/td>\n<td style=\"text-align: center;\"><span style=\"font-family: 'times new roman', times, serif; font-size: 10pt;\">2,25<\/span><\/td>\n<td style=\"text-align: center;\"><\/td>\n<\/tr>\n<tr>\n<td style=\"text-align: center;\"><span style=\"font-family: 'times new roman', times, serif; font-size: 10pt;\">7<\/span><\/td>\n<td><span style=\"font-family: 'times new roman', times, serif; font-size: 10pt;\">Anna Magdalena<\/span><\/td>\n<td style=\"text-align: center;\"><span style=\"font-family: 'times new roman', times, serif; font-size: 10pt;\">15.03.1721<\/span><\/td>\n<td style=\"text-align: center;\"><span style=\"font-family: 'times new roman', times, serif; font-size: 10pt;\">15.03.1721<\/span><\/td>\n<td style=\"text-align: center;\"><\/td>\n<td style=\"text-align: center;\"><\/td>\n<td style=\"text-align: center;\"><span style=\"font-family: 'times new roman', times, serif; font-size: 10pt;\">13.06.1721<\/span><\/td>\n<td style=\"text-align: center;\"><span style=\"font-family: 'times new roman', times, serif; font-size: 10pt;\">0,25<\/span><\/td>\n<td style=\"text-align: center;\"><\/td>\n<\/tr>\n<tr>\n<td style=\"text-align: center;\"><span style=\"font-family: 'times new roman', times, serif; font-size: 10pt;\">8<\/span><\/td>\n<td><span style=\"font-family: 'times new roman', times, serif; font-size: 10pt;\">Christina Elisabeth<\/span><\/td>\n<td style=\"text-align: center;\"><span style=\"font-family: 'times new roman', times, serif; font-size: 10pt;\">15.03.1721<\/span><\/td>\n<td style=\"text-align: center;\"><span style=\"font-family: 'times new roman', times, serif; font-size: 10pt;\">15.03.1721<\/span><\/td>\n<td style=\"text-align: center;\"><span style=\"font-family: 'times new roman', times, serif; font-size: 10pt;\">29.05.1735<\/span><\/td>\n<td style=\"text-align: center;\"><\/td>\n<td style=\"text-align: center;\"><\/td>\n<td style=\"text-align: center;\"><\/td>\n<td style=\"text-align: center;\"><span style=\"font-family: 'times new roman', times, serif; font-size: 10pt;\">verh.<\/span><\/td>\n<\/tr>\n<tr>\n<td style=\"text-align: center;\"><span style=\"font-family: 'times new roman', times, serif; font-size: 10pt;\">9<\/span><\/td>\n<td><span style=\"font-family: 'times new roman', times, serif; font-size: 10pt;\">[ ]<\/span><\/td>\n<td style=\"text-align: center;\"><span style=\"font-family: 'times new roman', times, serif; font-size: 10pt;\">19.03.1723<\/span><\/td>\n<td style=\"text-align: center;\"><span style=\"font-family: 'times new roman', times, serif; font-size: 10pt;\">21.03.1723<\/span><\/td>\n<td style=\"text-align: center;\"><\/td>\n<td style=\"text-align: center;\"><\/td>\n<td style=\"text-align: center;\"><\/td>\n<td style=\"text-align: center;\"><\/td>\n<td style=\"text-align: center;\"><\/td>\n<\/tr>\n<tr>\n<td style=\"text-align: center;\"><span style=\"font-family: 'times new roman', times, serif; font-size: 10pt;\">10<\/span><\/td>\n<td><span style=\"font-family: 'times new roman', times, serif; font-size: 10pt;\">Elisabeth Katharina<\/span><\/td>\n<td style=\"text-align: center;\"><span style=\"font-family: 'times new roman', times, serif; font-size: 10pt;\">19.03.1723<\/span><\/td>\n<td style=\"text-align: center;\"><span style=\"font-family: 'times new roman', times, serif; font-size: 10pt;\">21.03.1723<\/span><\/td>\n<td style=\"text-align: center;\"><span style=\"font-family: 'times new roman', times, serif; font-size: 10pt;\">09.06.1737<\/span><\/td>\n<td style=\"text-align: center;\"><\/td>\n<td style=\"text-align: center;\"><\/td>\n<td style=\"text-align: center;\"><\/td>\n<td style=\"text-align: center;\"><span style=\"font-family: 'times new roman', times, serif; font-size: 10pt;\">verh.<\/span><\/td>\n<\/tr>\n<tr>\n<td style=\"text-align: center;\"><span style=\"font-family: 'times new roman', times, serif; font-size: 10pt;\">11<\/span><\/td>\n<td><span style=\"font-family: 'times new roman', times, serif; font-size: 10pt;\">Johann Anton<\/span><\/td>\n<td style=\"text-align: center;\"><span style=\"font-family: 'times new roman', times, serif; font-size: 10pt;\">09.04.1725<\/span><\/td>\n<td style=\"text-align: center;\"><span style=\"font-family: 'times new roman', times, serif; font-size: 10pt;\">09.04.1725<\/span><\/td>\n<td style=\"text-align: center;\"><\/td>\n<td style=\"text-align: center;\"><\/td>\n<td style=\"text-align: center;\"><span style=\"font-family: 'times new roman', times, serif; font-size: 10pt;\">06.05.1725<\/span><\/td>\n<td style=\"text-align: center;\"><span style=\"font-family: 'times new roman', times, serif; font-size: 10pt;\">0,07<\/span><\/td>\n<td style=\"text-align: center;\"><\/td>\n<\/tr>\n<tr>\n<td style=\"text-align: center;\"><span style=\"font-family: 'times new roman', times, serif; font-size: 10pt;\">12<\/span><\/td>\n<td><span style=\"font-family: 'times new roman', times, serif; font-size: 10pt;\">Johann David<\/span><\/td>\n<td style=\"text-align: center;\"><span style=\"font-family: 'times new roman', times, serif; font-size: 10pt;\">15.03.1727<\/span><\/td>\n<td style=\"text-align: center;\"><span style=\"font-family: 'times new roman', times, serif; font-size: 10pt;\">19.03.1727<\/span><\/td>\n<td style=\"text-align: center;\"><\/td>\n<td style=\"text-align: center;\"><\/td>\n<td style=\"text-align: center;\"><span style=\"font-family: 'times new roman', times, serif; font-size: 10pt;\">07.05.1727<\/span><\/td>\n<td style=\"text-align: center;\"><span style=\"font-family: 'times new roman', times, serif; font-size: 10pt;\">0,15<\/span><\/td>\n<td style=\"text-align: center;\"><\/td>\n<\/tr>\n<tr>\n<td style=\"text-align: center;\"><span style=\"font-family: 'times new roman', times, serif; font-size: 10pt;\">13<\/span><\/td>\n<td><span style=\"font-family: 'times new roman', times, serif; font-size: 10pt;\">Johann Adam<\/span><\/td>\n<td style=\"text-align: center;\"><span style=\"font-family: 'times new roman', times, serif; font-size: 10pt;\">18.09.1728<\/span><\/td>\n<td style=\"text-align: center;\"><span style=\"font-family: 'times new roman', times, serif; font-size: 10pt;\">21.09.1728<\/span><\/td>\n<td style=\"text-align: center;\"><\/td>\n<td style=\"text-align: center;\"><\/td>\n<td style=\"text-align: center;\"><span style=\"font-family: 'times new roman', times, serif; font-size: 10pt;\">24.02.1733<\/span><\/td>\n<td style=\"text-align: center;\"><span style=\"font-family: 'times new roman', times, serif; font-size: 10pt;\">4,50<\/span><\/td>\n<td style=\"text-align: center;\"><\/td>\n<\/tr>\n<\/tbody>\n<\/table>\n<p><span style=\"font-family: 'times new roman', times, serif; font-size: 10pt;\">Kind Nr. 1) * Geisig; konf. Marienfels; oo 18.06.1743 Marienfels mit Anna Margaretha, Tochter des Henrich Martin Laux, Kirchensenior zu Marienfels<br \/>\n<\/span><span style=\"font-family: 'times new roman', times, serif; font-size: 10pt;\">Kind Nr. 3) oo 02.11.1734 Marienfels mit Johann Andreas, Sohn des Johann Henrich, Hubensch\u00f6ffe und Einwohner zu Singhofen<br \/>\n<\/span><span style=\"font-family: 'times new roman', times, serif; font-size: 10pt;\">Kind Nr. 8) oo 02.11.1745 Marienfels mit Johann Peter, Sohn des Philipp Christoph Hinterweller von Bergnassau<br \/>\n<\/span><span style=\"font-family: 'times new roman', times, serif; font-size: 10pt;\">Kind Nr. 10) oo 18.06.1743 Marienfels mit Georg Henrich, Sohn des Johann Georg Struppmann, Kirchensenior zu Dienethal<br \/>\n<\/span><span style=\"font-family: 'times new roman', times, serif; font-size: 10pt;\">Kind Nr. 11) <em>eodem die ob adversam valetudinem in aedibus baptizatus<\/em><\/span><\/p>\n<p style=\"text-align: justify;\"><span style=\"font-family: 'times new roman', times, serif; font-size: 10pt;\"><strong>Paten: zu 1) <\/strong><em>Joh: Phil: Singhoffen von Gei\u00dfig; u. Gottfr: Mey, Peter Schmiedts aus der Dickm\u00fchl Stieffsohn; u. Anna Christina, Joh: Phil: Emrichs von De\u00dfighoffen Tochter \u2014 <\/em><strong>zu 2) <\/strong><em>Joh: David, Peter Singhofens Sohn in der Rauschen M\u00fchle; Elisabeth Catharina, Joh: Godfrid Desigoffers zu Schweighausen ehl[iche] Dochter; Maria Catharina, Phil: Z\u00f6llers Dochter zu Gemrich \u2014 <\/em><strong>zu 3) <\/strong><em>Conrad Emmrich, Phil. Adams Emrichs hinterlassener Sohn von O[ber] Bachheim; vnd Anna Margretha von Schweigkhau\u00dfen, Born Friederichs ehleib[liche] Tochter; vnd Anna Margretha, Peter Anthonis Tochter von Dornholtzhau\u00dfen \u2014 <\/em><strong>zu 4) <\/strong><em>Maria Elisabeth, Johann Philips Singhofens H[aus]fr[au] zu Gei\u00dfig; u. Anna Maria, Gotfried Gerhards H[aus]fr[au] zu Schweighau\u00dfen; Johann Georg Metz, Einwohner zu Schweighau\u00dfen \u2014 <\/em><strong>zu 5) <\/strong><em>Anna Margaretha, Johann Philipps Eufelers H[aus]fr[au] zu Gei\u00dfig; Anna Catharina, Johann Moses Friedrichs H[aus]fr[au] zu De\u00dfighofen; u. Johann Nicol, Nicol Haxels, gewesenen Senioris u. Einwohners zu Berg, 4ter Sohn \u2014 <\/em><strong>zu 6) <\/strong><em>Gothfried Heyer zu Schweighau\u00dfen; und Georg Philipps Z\u00f6ller, auch von Schweighau\u00dfen; wie auch Elisabeth Margaretha, Anthon De\u00dfighofers, Einwohners zu Winterwercks <\/em>[Winterwerb]<em>, eh[liche] Tochter \u2014 <\/em><strong>zu 7) <\/strong><em>Anna Apollonia, Johann Nicol Haxel H[aus]fr[au] zu Gei\u00dfig; Anna Magdalena, Johann Philipps Singhofens Tochter zu Gei\u00dfig; und Johann Christoph, Peter Schmids Sohn au\u00df der Dicken M\u00fchl \u2014 <\/em><strong>zu 8) <\/strong><em>Johannetta Eliesabetha, Gottfried De\u00dfighofers H[aus]fr[au] von Schweighau\u00dfen; und Anna Christina, Anthon Klein H[aus]fr[au] von Schweighau\u00dfen; wie auch Henrich Gemrich von Gei\u00dfig \u2014 <\/em><strong>zu 9) <\/strong><em>Gottfried De\u00dfighofen zu Schweighausen; und Philipps Jacob, Johann Engel Minor hinderla\u00dfener Sohn zu Scheuern; wie auch <\/em>[ ]<em> \u2014 <\/em><strong>zu 10) <\/strong><em>Johann Anthon May zu De\u00dfighofen; und Elisabetha Catharina, Johann David Singhofen, M\u00fcllers in der Rausche M\u00fchl, H[aus]fr[au]; wie auch Elisabetha Kunigunda, Gottfried Z\u00f6llers H[aus]fr[au] zu Gemerich \u2014 <\/em><strong>zu 11) <\/strong><em>Johann Anthon Sommer zu Niederbachheim; und Anna Maria, Philipps Jacob Anthons H[aus]fr[au] zu D\u00f6rnholtzhau\u00dfen; wie auch Johann Gothfried, Johann Philipps Christen eh[licher] Sohn zu D\u00f6rnholtzhau\u00dfen \u2014 <\/em><strong>zu 12) <\/strong><em>Johann Peter May zu D\u00f6rnholtzhau\u00dfen; und Anna Catharina, Willhelm Friedrichs zu Gei\u00dfig eh[liche] Tochter; wie auch Johann David, Johann Philipps Singhofen zu Gei\u00dfig eh[licher] Sohn \u2014 <\/em><strong>zu 13) <\/strong><em>Philipps Adam Reter, Kirchen Senior zu Huntzel; und Anna Catharina, Emrich Epstein H[aus]fr[au] zu De\u00dfigofen; wie auch Johann Peter, Martin Mayen Sohn zu D\u00f6rnholtzhau\u00dfen<\/em><\/span><\/p>\n<hr \/>\n<p style=\"text-align: justify;\"><span style=\"font-family: 'times new roman', times, serif; font-size: 10pt;\"><span style=\"color: #ff0000;\"><strong><u>Neus<\/u><\/strong><\/span><strong><span style=\"color: #ff0000;\">, Philipp Gottfried:<\/span> <\/strong>M\u00fcller in der K\u00e4sm\u00fchle; * 26.09.1709 Geisig (gt. 29.09.); konf. 01.06.1721; Eltern: Johann David Neus, M\u00fcller in der K\u00e4sm\u00fchle, und Anna Katharina geb. Dessighofer<\/span><\/p>\n<p style=\"text-align: justify;\"><span style=\"font-family: 'times new roman', times, serif; font-size: 10pt;\"><strong>oo 18.06.1743 Marienfels<\/strong> mit <strong><u>Laux<\/u>, Anna Margaretha:<\/strong> * 06.02.1716 Marienfels (gt. 09.02.); konf. 17.04.1729; Eltern: Henrich Martin Laux und Anna Margaretha geb. Schmidt<\/span><\/p>\n<table>\n<tbody>\n<tr>\n<td style=\"text-align: center;\" width=\"30\"><span style=\"font-family: 'times new roman', times, serif; font-size: 10pt;\"><strong>Nr.<\/strong><\/span><\/td>\n<td width=\"136\"><span style=\"font-family: 'times new roman', times, serif; font-size: 10pt;\"><strong>Vorname (normiert)<\/strong><\/span><\/td>\n<td style=\"text-align: center;\" width=\"76\"><span style=\"font-family: 'times new roman', times, serif; font-size: 10pt;\"><strong>geboren<\/strong><\/span><\/td>\n<td style=\"text-align: center;\" width=\"76\"><span style=\"font-family: 'times new roman', times, serif; font-size: 10pt;\"><strong>getauft<\/strong><\/span><\/td>\n<td style=\"text-align: center;\" width=\"69\"><span style=\"font-family: 'times new roman', times, serif; font-size: 10pt;\"><strong>konfirmiert<\/strong><\/span><\/td>\n<td style=\"text-align: center;\" width=\"68\"><span style=\"font-family: 'times new roman', times, serif; font-size: 10pt;\"><strong>gestorben<\/strong><\/span><\/td>\n<td style=\"text-align: center;\" width=\"66\"><span style=\"font-family: 'times new roman', times, serif; font-size: 10pt;\"><strong>begraben<\/strong><\/span><\/td>\n<td style=\"text-align: center;\" width=\"41\"><span style=\"font-family: 'times new roman', times, serif; font-size: 10pt;\"><strong>Alter<\/strong><\/span><\/td>\n<td style=\"text-align: center;\" width=\"43\"><span style=\"font-family: 'times new roman', times, serif; font-size: 10pt;\"><strong>Stand<\/strong><\/span><\/td>\n<\/tr>\n<tr>\n<td style=\"text-align: center;\" width=\"30\"><span style=\"font-family: 'times new roman', times, serif; font-size: 10pt;\">1<\/span><\/td>\n<td width=\"136\"><span style=\"font-family: 'times new roman', times, serif; font-size: 10pt;\">Katharina Elisabeth<\/span><\/td>\n<td style=\"text-align: center;\" width=\"76\"><span style=\"font-family: 'times new roman', times, serif; font-size: 10pt;\">14.05.1744<\/span><\/td>\n<td style=\"text-align: center;\" width=\"76\"><span style=\"font-family: 'times new roman', times, serif; font-size: 10pt;\">16.05.1744<\/span><\/td>\n<td style=\"text-align: center;\" width=\"69\"><\/td>\n<td style=\"text-align: center;\" width=\"68\"><\/td>\n<td style=\"text-align: center;\" width=\"66\"><\/td>\n<td style=\"text-align: center;\" width=\"41\"><\/td>\n<td style=\"text-align: center;\" width=\"43\"><\/td>\n<\/tr>\n<tr>\n<td style=\"text-align: center;\"><span style=\"font-family: 'times new roman', times, serif; font-size: 10pt;\">2<\/span><\/td>\n<td><span style=\"font-family: 'times new roman', times, serif; font-size: 10pt;\">Anna Maria<\/span><\/td>\n<td style=\"text-align: center;\"><span style=\"font-family: 'times new roman', times, serif; font-size: 10pt;\">01.04.1746<\/span><\/td>\n<td style=\"text-align: center;\"><span style=\"font-family: 'times new roman', times, serif; font-size: 10pt;\">02.04.1746<\/span><\/td>\n<td style=\"text-align: center;\"><\/td>\n<td style=\"text-align: center;\"><\/td>\n<td style=\"text-align: center;\"><\/td>\n<td style=\"text-align: center;\"><\/td>\n<td style=\"text-align: center;\"><\/td>\n<\/tr>\n<\/tbody>\n<\/table>\n<p style=\"text-align: justify;\"><span style=\"font-family: 'times new roman', times, serif; font-size: 10pt;\"><strong>Paten: zu 1) <\/strong><em>Catharina Elisabetha, Joh. David Neu\u00dfen, M\u00fcller in der K\u00e4\u00dfM\u00fchl, eh[lich]e Tochter <\/em><em>\u2014 <\/em><strong>zu 2) <\/strong><em>Anna Maria, Henrich Martin Lauxen von Marienfel\u00df eh[lich]e Tochter<\/em><\/span><\/p>\n<hr \/>\n<p><span style=\"font-family: 'times new roman', times, serif; font-size: 10pt;\"><span style=\"color: #ff0000;\"><strong><u><a id=\"niedenstein\"><\/a>Niedenstein<\/u><\/strong><strong>, Johannes:<\/strong> <\/span>Schafhirte (1700) bzw. Schweinehirt (1701) in Marienfels<\/span><\/p>\n<p><span style=\"font-family: 'times new roman', times, serif; font-size: 10pt;\"><strong>oo<\/strong> mit <strong>Elisabeth<\/strong><\/span><\/p>\n<table>\n<tbody>\n<tr>\n<td style=\"text-align: center;\" width=\"28\"><span style=\"font-family: 'times new roman', times, serif; font-size: 10pt;\"><strong>Nr.<\/strong><\/span><\/td>\n<td width=\"129\"><span style=\"font-family: 'times new roman', times, serif; font-size: 10pt;\"><strong>Vorname (normiert)<\/strong><\/span><\/td>\n<td style=\"text-align: center;\" width=\"75\"><span style=\"font-family: 'times new roman', times, serif; font-size: 10pt;\"><strong>geboren<\/strong><\/span><\/td>\n<td style=\"text-align: center;\" width=\"75\"><span style=\"font-family: 'times new roman', times, serif; font-size: 10pt;\"><strong>getauft<\/strong><\/span><\/td>\n<td style=\"text-align: center;\" width=\"77\"><span style=\"font-family: 'times new roman', times, serif; font-size: 10pt;\"><strong>konfirmiert<\/strong><\/span><\/td>\n<td style=\"text-align: center;\" width=\"63\"><span style=\"font-family: 'times new roman', times, serif; font-size: 10pt;\"><strong>gestorben<\/strong><\/span><\/td>\n<td style=\"text-align: center;\" width=\"75\"><span style=\"font-family: 'times new roman', times, serif; font-size: 10pt;\"><strong>begraben<\/strong><\/span><\/td>\n<td style=\"text-align: center;\" width=\"44\"><span style=\"font-family: 'times new roman', times, serif; font-size: 10pt;\"><strong>Alter<\/strong><\/span><\/td>\n<td style=\"text-align: center;\" width=\"40\"><span style=\"font-family: 'times new roman', times, serif; font-size: 10pt;\"><strong>Stand<\/strong><\/span><\/td>\n<\/tr>\n<tr>\n<td style=\"text-align: center;\" width=\"28\"><span style=\"font-family: 'times new roman', times, serif; font-size: 10pt;\">1<\/span><\/td>\n<td width=\"129\"><span style=\"font-family: 'times new roman', times, serif; font-size: 10pt;\">Johannes<\/span><\/td>\n<td style=\"text-align: center;\" width=\"75\"><\/td>\n<td style=\"text-align: center;\" width=\"75\"><\/td>\n<td style=\"text-align: center;\" width=\"77\"><span style=\"font-family: 'times new roman', times, serif; font-size: 10pt;\">30.05.1700<\/span><\/td>\n<td style=\"text-align: center;\" width=\"63\"><\/td>\n<td style=\"text-align: center;\" width=\"75\"><\/td>\n<td style=\"text-align: center;\" width=\"44\"><\/td>\n<td style=\"text-align: center;\" width=\"40\"><\/td>\n<\/tr>\n<tr>\n<td style=\"text-align: center;\" width=\"28\"><span style=\"font-family: 'times new roman', times, serif; font-size: 10pt;\">2<\/span><\/td>\n<td width=\"129\"><span style=\"font-family: 'times new roman', times, serif; font-size: 10pt;\">Anna Dorothea<\/span><\/td>\n<td style=\"text-align: center;\" width=\"75\"><\/td>\n<td style=\"text-align: center;\" width=\"75\"><\/td>\n<td style=\"text-align: center;\" width=\"77\"><span style=\"font-family: 'times new roman', times, serif; font-size: 10pt;\">30.05.1700<\/span><\/td>\n<td style=\"text-align: center;\" width=\"63\"><\/td>\n<td style=\"text-align: center;\" width=\"75\"><\/td>\n<td style=\"text-align: center;\" width=\"44\"><\/td>\n<td style=\"text-align: center;\" width=\"40\"><\/td>\n<\/tr>\n<tr>\n<td style=\"text-align: center;\" width=\"28\"><span style=\"font-family: 'times new roman', times, serif; font-size: 10pt;\">3<\/span><\/td>\n<td width=\"129\"><span style=\"font-family: 'times new roman', times, serif; font-size: 10pt;\">Philipp Melcher<\/span><\/td>\n<td style=\"text-align: center;\" width=\"75\"><span style=\"font-family: 'times new roman', times, serif; font-size: 10pt;\">04.09.1701<\/span><\/td>\n<td style=\"text-align: center;\" width=\"75\"><span style=\"font-family: 'times new roman', times, serif; font-size: 10pt;\">11.09.1701<\/span><\/td>\n<td style=\"text-align: center;\" width=\"77\"><\/td>\n<td style=\"text-align: center;\" width=\"63\"><\/td>\n<td style=\"text-align: center;\" width=\"75\"><span style=\"font-family: 'times new roman', times, serif; font-size: 10pt;\">18.03.1702<\/span><\/td>\n<td style=\"text-align: center;\" width=\"44\"><span style=\"font-family: 'times new roman', times, serif; font-size: 10pt;\">0,52<\/span><\/td>\n<td style=\"text-align: center;\" width=\"40\"><\/td>\n<\/tr>\n<\/tbody>\n<\/table>\n<p><span style=\"font-family: 'times new roman', times, serif; font-size: 10pt;\"><strong>Paten: zu 3) <\/strong><em>Joh: Philips Clos alhie; Joh: Melcher Laux, Hutmacher alhie; Elisabeth Margretha, Philips Adam Closen Hausfrau ibidem<\/em><\/span><\/p>\n<hr \/>\n<p><span style=\"font-family: 'times new roman', times, serif; font-size: 10pt;\"><span style=\"color: #ff0000;\"><strong><u><a id=\"petri\"><\/a>Petri<\/u><\/strong><strong>, Johann Philipp:<\/strong> <\/span>Hofmann \u201eauf des Schmidts G\u00fctern\u201c zu Marienfels (1691), Hofmann zu Denighofen (1692)<\/span><\/p>\n<p><span style=\"font-family: 'times new roman', times, serif; font-size: 10pt;\"><strong>oo<\/strong> <strong>Anna Barbara<\/strong><\/span><\/p>\n<table>\n<tbody>\n<tr>\n<td style=\"text-align: center;\" width=\"29\"><span style=\"font-family: 'times new roman', times, serif; font-size: 10pt;\"><strong>Nr.<\/strong><\/span><\/td>\n<td width=\"132\"><span style=\"font-family: 'times new roman', times, serif; font-size: 10pt;\"><strong>Vorname (normiert)<\/strong><\/span><\/td>\n<td style=\"text-align: center;\" width=\"76\"><span style=\"font-family: 'times new roman', times, serif; font-size: 10pt;\"><strong>geboren<\/strong><\/span><\/td>\n<td style=\"text-align: center;\" width=\"76\"><span style=\"font-family: 'times new roman', times, serif; font-size: 10pt;\"><strong>getauft<\/strong><\/span><\/td>\n<td style=\"text-align: center;\" width=\"69\"><span style=\"font-family: 'times new roman', times, serif; font-size: 10pt;\"><strong>konfirmiert<\/strong><\/span><\/td>\n<td style=\"text-align: center;\" width=\"66\"><span style=\"font-family: 'times new roman', times, serif; font-size: 10pt;\"><strong>gestorben<\/strong><\/span><\/td>\n<td style=\"text-align: center;\" width=\"76\"><span style=\"font-family: 'times new roman', times, serif; font-size: 10pt;\"><strong>begraben<\/strong><\/span><\/td>\n<td style=\"text-align: center;\" width=\"44\"><span style=\"font-family: 'times new roman', times, serif; font-size: 10pt;\"><strong>Alter<\/strong><\/span><\/td>\n<td style=\"text-align: center;\" width=\"41\"><span style=\"font-family: 'times new roman', times, serif; font-size: 10pt;\"><strong>Stand<\/strong><\/span><\/td>\n<\/tr>\n<tr>\n<td style=\"text-align: center;\" width=\"29\"><span style=\"font-family: 'times new roman', times, serif; font-size: 10pt;\">1<\/span><\/td>\n<td width=\"132\"><span style=\"font-family: 'times new roman', times, serif; font-size: 10pt;\">Adam Th\u00f6nges<\/span><\/td>\n<td style=\"text-align: center;\" width=\"76\"><span style=\"font-family: 'times new roman', times, serif; font-size: 10pt;\">03.08.1691<\/span><\/td>\n<td style=\"text-align: center;\" width=\"76\"><span style=\"font-family: 'times new roman', times, serif; font-size: 10pt;\">09.08.1691<\/span><\/td>\n<td style=\"text-align: center;\" width=\"69\"><\/td>\n<td style=\"text-align: center;\" width=\"66\"><\/td>\n<td style=\"text-align: center;\" width=\"76\"><span style=\"font-family: 'times new roman', times, serif; font-size: 10pt;\">19.12.1691<\/span><\/td>\n<td style=\"text-align: center;\" width=\"44\"><span style=\"font-family: 'times new roman', times, serif; font-size: 10pt;\">0,36<\/span><\/td>\n<td style=\"text-align: center;\" width=\"41\"><\/td>\n<\/tr>\n<tr>\n<td style=\"text-align: center;\"><span style=\"font-family: 'times new roman', times, serif; font-size: 10pt;\">2<\/span><\/td>\n<td><span style=\"font-family: 'times new roman', times, serif; font-size: 10pt;\">Maria Gertrud<\/span><\/td>\n<td style=\"text-align: center;\"><span style=\"font-family: 'times new roman', times, serif; font-size: 10pt;\">08.12.1692<\/span><\/td>\n<td style=\"text-align: center;\"><span style=\"font-family: 'times new roman', times, serif; font-size: 10pt;\">11.12.1692<\/span><\/td>\n<td style=\"text-align: center;\"><\/td>\n<td style=\"text-align: center;\"><\/td>\n<td style=\"text-align: center;\"><\/td>\n<td style=\"text-align: center;\"><\/td>\n<td style=\"text-align: center;\"><\/td>\n<\/tr>\n<\/tbody>\n<\/table>\n<p style=\"text-align: justify;\"><span style=\"font-family: 'times new roman', times, serif; font-size: 10pt;\"><strong>Paten: zu 1) <\/strong><em>Hans D\u00f6nges Sixt zu Ehr; Joh: Adam Laux, Gerichtssch\u00f6pf zu Danioben; Anna Christina, M[eiste]r Joh: David Scholln <\/em>[?]<em>, Beckers zu Miehlen Hausfr: <\/em><em>\u2014 <\/em><strong>zu 2) <\/strong><em>Anna Gertrud, Philips Sixten Frauw zu Geisig; Maria Elisabeth, Peter Pauli Frauw zu Ehr; Georg Philips, Jan Petri zu Becheln Sohn<\/em><\/span><\/p>\n<hr \/>\n<p style=\"text-align: justify;\"><span style=\"font-family: 'times new roman', times, serif; font-size: 10pt;\"><span style=\"color: #ff0000;\"><strong><u><a id=\"pfeifer\"><\/a>Pfeifer<\/u><\/strong><strong>, Johann Matth\u00e4us:<\/strong> <\/span>arnsteinischer Hofmann zu Marienfels (1744); * 04.01.1703 Hunzel (gt. 09.01.); konf. 31.05.1716; Eltern: Johann Emmerich Pfeifer und Anna Magdalena geb. Zimmermann<\/span><\/p>\n<p style=\"text-align: justify;\"><span style=\"font-family: 'times new roman', times, serif; font-size: 10pt;\"><strong>oo 28.02.1730 Marienfels<\/strong> mit <strong><u>Froni<\/u>, Anna Elisabeth:<\/strong> * 15.09.1707 Marienfels (gt. 18.09.); Eltern: Peter Froni, arnsteinischer Hofmann zu Marienfels, und Anna Dorothea<\/span><\/p>\n<table>\n<tbody>\n<tr>\n<td style=\"text-align: center;\" width=\"28\"><span style=\"font-family: 'times new roman', times, serif; font-size: 10pt;\"><strong>Nr.<\/strong><\/span><\/td>\n<td width=\"131\"><span style=\"font-family: 'times new roman', times, serif; font-size: 10pt;\"><strong>Vorname (normiert)<\/strong><\/span><\/td>\n<td style=\"text-align: center;\" width=\"75\"><span style=\"font-family: 'times new roman', times, serif; font-size: 10pt;\"><strong>geboren<\/strong><\/span><\/td>\n<td style=\"text-align: center;\" width=\"75\"><span style=\"font-family: 'times new roman', times, serif; font-size: 10pt;\"><strong>getauft<\/strong><\/span><\/td>\n<td style=\"text-align: center;\" width=\"76\"><span style=\"font-family: 'times new roman', times, serif; font-size: 10pt;\"><strong>konfirmiert<\/strong><\/span><\/td>\n<td style=\"text-align: center;\" width=\"62\"><span style=\"font-family: 'times new roman', times, serif; font-size: 10pt;\"><strong>gestorben<\/strong><\/span><\/td>\n<td style=\"text-align: center;\" width=\"75\"><span style=\"font-family: 'times new roman', times, serif; font-size: 10pt;\"><strong>begraben<\/strong><\/span><\/td>\n<td style=\"text-align: center;\" width=\"43\"><span style=\"font-family: 'times new roman', times, serif; font-size: 10pt;\"><strong>Alter<\/strong><\/span><\/td>\n<td style=\"text-align: center;\" width=\"39\"><span style=\"font-family: 'times new roman', times, serif; font-size: 10pt;\"><strong>Stand<\/strong><\/span><\/td>\n<\/tr>\n<tr>\n<td style=\"text-align: center;\" width=\"28\"><span style=\"font-family: 'times new roman', times, serif; font-size: 10pt;\">1<\/span><\/td>\n<td width=\"131\"><span style=\"font-family: 'times new roman', times, serif; font-size: 10pt;\">Maria Elisabeth<\/span><\/td>\n<td style=\"text-align: center;\" width=\"75\"><span style=\"font-family: 'times new roman', times, serif; font-size: 10pt;\">27.03.1731<\/span><\/td>\n<td style=\"text-align: center;\" width=\"75\"><span style=\"font-family: 'times new roman', times, serif; font-size: 10pt;\">27.03.1731<\/span><\/td>\n<td style=\"text-align: center;\" width=\"76\"><\/td>\n<td style=\"text-align: center;\" width=\"62\"><\/td>\n<td style=\"text-align: center;\" width=\"75\"><\/td>\n<td style=\"text-align: center;\" width=\"43\"><\/td>\n<td style=\"text-align: center;\" width=\"39\"><\/td>\n<\/tr>\n<tr>\n<td style=\"text-align: center;\"><span style=\"font-family: 'times new roman', times, serif; font-size: 10pt;\">2<\/span><\/td>\n<td><span style=\"font-family: 'times new roman', times, serif; font-size: 10pt;\">Johann Philipp<\/span><\/td>\n<td style=\"text-align: center;\"><span style=\"font-family: 'times new roman', times, serif; font-size: 10pt;\">14.01.1733<\/span><\/td>\n<td style=\"text-align: center;\"><span style=\"font-family: 'times new roman', times, serif; font-size: 10pt;\">16.01.1733<\/span><\/td>\n<td style=\"text-align: center;\"><\/td>\n<td style=\"text-align: center;\"><\/td>\n<td style=\"text-align: center;\"><span style=\"font-family: 'times new roman', times, serif; font-size: 10pt;\">30.01.1733<\/span><\/td>\n<td style=\"text-align: center;\"><span style=\"font-family: 'times new roman', times, serif; font-size: 10pt;\">0,04<\/span><\/td>\n<td style=\"text-align: center;\"><\/td>\n<\/tr>\n<tr>\n<td style=\"text-align: center;\"><span style=\"font-family: 'times new roman', times, serif; font-size: 10pt;\">3<\/span><\/td>\n<td><span style=\"font-family: 'times new roman', times, serif; font-size: 10pt;\">Katharina Elisabeth<\/span><\/td>\n<td style=\"text-align: center;\"><span style=\"font-family: 'times new roman', times, serif; font-size: 10pt;\">29.11.1733<\/span><\/td>\n<td style=\"text-align: center;\"><span style=\"font-family: 'times new roman', times, serif; font-size: 10pt;\">30.11.1733<\/span><\/td>\n<td style=\"text-align: center;\"><span style=\"font-family: 'times new roman', times, serif; font-size: 10pt;\">24.04.1746<\/span><\/td>\n<td style=\"text-align: center;\"><\/td>\n<td style=\"text-align: center;\"><\/td>\n<td style=\"text-align: center;\"><\/td>\n<td style=\"text-align: center;\"><\/td>\n<\/tr>\n<tr>\n<td style=\"text-align: center;\"><span style=\"font-family: 'times new roman', times, serif; font-size: 10pt;\">4<\/span><\/td>\n<td><span style=\"font-family: 'times new roman', times, serif; font-size: 10pt;\">Anna Maria<\/span><\/td>\n<td style=\"text-align: center;\"><span style=\"font-family: 'times new roman', times, serif; font-size: 10pt;\">01.10.1735<\/span><\/td>\n<td style=\"text-align: center;\"><span style=\"font-family: 'times new roman', times, serif; font-size: 10pt;\">03.10.1735<\/span><\/td>\n<td style=\"text-align: center;\"><\/td>\n<td style=\"text-align: center;\"><\/td>\n<td style=\"text-align: center;\"><\/td>\n<td style=\"text-align: center;\"><\/td>\n<td style=\"text-align: center;\"><\/td>\n<\/tr>\n<tr>\n<td style=\"text-align: center;\"><span style=\"font-family: 'times new roman', times, serif; font-size: 10pt;\">5<\/span><\/td>\n<td><span style=\"font-family: 'times new roman', times, serif; font-size: 10pt;\">Katharina Margaretha<\/span><\/td>\n<td style=\"text-align: center;\"><span style=\"font-family: 'times new roman', times, serif; font-size: 10pt;\">24.10.1737<\/span><\/td>\n<td style=\"text-align: center;\"><span style=\"font-family: 'times new roman', times, serif; font-size: 10pt;\">27.10.1737<\/span><\/td>\n<td style=\"text-align: center;\"><\/td>\n<td style=\"text-align: center;\"><\/td>\n<td style=\"text-align: center;\"><\/td>\n<td style=\"text-align: center;\"><\/td>\n<td style=\"text-align: center;\"><\/td>\n<\/tr>\n<tr>\n<td style=\"text-align: center;\"><span style=\"font-family: 'times new roman', times, serif; font-size: 10pt;\">6<\/span><\/td>\n<td><span style=\"font-family: 'times new roman', times, serif; font-size: 10pt;\">Sophia Elisabeth<\/span><\/td>\n<td style=\"text-align: center;\"><span style=\"font-family: 'times new roman', times, serif; font-size: 10pt;\">31.01.1740<\/span><\/td>\n<td style=\"text-align: center;\"><span style=\"font-family: 'times new roman', times, serif; font-size: 10pt;\">02.02.1740<\/span><\/td>\n<td style=\"text-align: center;\"><\/td>\n<td style=\"text-align: center;\"><\/td>\n<td style=\"text-align: center;\"><span style=\"font-family: 'times new roman', times, serif; font-size: 10pt;\">19.08.1743<\/span><\/td>\n<td style=\"text-align: center;\"><span style=\"font-family: 'times new roman', times, serif; font-size: 10pt;\">3,60<\/span><\/td>\n<td style=\"text-align: center;\"><\/td>\n<\/tr>\n<tr>\n<td style=\"text-align: center;\"><span style=\"font-family: 'times new roman', times, serif; font-size: 10pt;\">7<\/span><\/td>\n<td><span style=\"font-family: 'times new roman', times, serif; font-size: 10pt;\">Anna Magdalena<\/span><\/td>\n<td style=\"text-align: center;\"><span style=\"font-family: 'times new roman', times, serif; font-size: 10pt;\">07.06.1742<\/span><\/td>\n<td style=\"text-align: center;\"><span style=\"font-family: 'times new roman', times, serif; font-size: 10pt;\">08.06.1742<\/span><\/td>\n<td style=\"text-align: center;\"><\/td>\n<td style=\"text-align: center;\"><\/td>\n<td style=\"text-align: center;\"><\/td>\n<td style=\"text-align: center;\"><\/td>\n<td style=\"text-align: center;\"><\/td>\n<\/tr>\n<\/tbody>\n<\/table>\n<p><span style=\"font-family: 'times new roman', times, serif; font-size: 10pt;\">Kind Nr. 1) <em>ob adversam valetudinem eodem die renata <\/em><\/span><\/p>\n<p><span style=\"font-family: 'times new roman', times, serif; font-size: 10pt;\"><strong>Paten: zu 1) <\/strong><em>Anna Maria, Johann Melchior Schefers H[aus]fr[au]; und Johannes Knecht; wie auch Anna Elisabeth, Johann Willhelm Retert, Kirchen Senioris zu Huntzel, eh[liche] Tochter <\/em><em>\u2014 <\/em><strong>zu 2) <\/strong><em>Johann Philipp, Johann Willhelm Retert, Kirchen Seniors zu Huntzel, eh[licher] Sohn <\/em><em>\u2014 <\/em><strong>zu 3) <\/strong><em>Anna Catharina, Elisabetha Catharina Tochter zu Huntzel <\/em><em>\u2014 <\/em><strong>zu 4) <\/strong><em>Anna Maria, Philips Adam Closen H[aus]fr[au] alhier <\/em><em>\u2014 <\/em><strong>zu 5) <\/strong><em>Margaretha Catharina, Anthon Pfeiffers hinderla\u00dfene eh[liche] Tochter <\/em><em>\u2014 <\/em><strong>zu 6) <\/strong><em>Sophia Elisabeth, Johann Philips Lauxen hier in der M\u00fchl eh[liche] Tochter <\/em><em>\u2014 <\/em><strong>zu 7) <\/strong><em>Anna Magdalena, Anthon Peter Lauxen Tochter von Marienfel\u00df<\/em><\/span><\/p>\n<hr \/>\n<p><span style=\"font-family: 'times new roman', times, serif; font-size: 10pt;\"><span style=\"color: #ff0000;\"><strong><u><a id=\"pierre\"><\/a>Pierre<\/u><\/strong><strong>, Johann Philipp:<\/strong> <\/span>Hofmann auf Hermann Gemmerichs Gut zu Denighofen<\/span><\/p>\n<p><span style=\"font-family: 'times new roman', times, serif; font-size: 10pt;\"><strong>oo<\/strong> mit <strong>Anna Barbara<\/strong><\/span><\/p>\n<table>\n<tbody>\n<tr>\n<td style=\"text-align: center;\" width=\"29\"><span style=\"font-family: 'times new roman', times, serif; font-size: 10pt;\"><strong>Nr.<\/strong><\/span><\/td>\n<td width=\"131\"><span style=\"font-family: 'times new roman', times, serif; font-size: 10pt;\"><strong>Vorname (normiert)<\/strong><\/span><\/td>\n<td style=\"text-align: center;\" width=\"76\"><span style=\"font-family: 'times new roman', times, serif; font-size: 10pt;\"><strong>geboren<\/strong><\/span><\/td>\n<td style=\"text-align: center;\" width=\"76\"><span style=\"font-family: 'times new roman', times, serif; font-size: 10pt;\"><strong>getauft<\/strong><\/span><\/td>\n<td style=\"text-align: center;\" width=\"69\"><span style=\"font-family: 'times new roman', times, serif; font-size: 10pt;\"><strong>konfirmiert<\/strong><\/span><\/td>\n<td style=\"text-align: center;\" width=\"66\"><span style=\"font-family: 'times new roman', times, serif; font-size: 10pt;\"><strong>gestorben<\/strong><\/span><\/td>\n<td style=\"text-align: center;\" width=\"76\"><span style=\"font-family: 'times new roman', times, serif; font-size: 10pt;\"><strong>begraben<\/strong><\/span><\/td>\n<td style=\"text-align: center;\" width=\"44\"><span style=\"font-family: 'times new roman', times, serif; font-size: 10pt;\"><strong>Alter<\/strong><\/span><\/td>\n<td style=\"text-align: center;\" width=\"42\"><span style=\"font-family: 'times new roman', times, serif; font-size: 10pt;\"><strong>Stand<\/strong><\/span><\/td>\n<\/tr>\n<tr>\n<td style=\"text-align: center;\" width=\"29\"><span style=\"font-family: 'times new roman', times, serif; font-size: 10pt;\">1<\/span><\/td>\n<td width=\"131\"><span style=\"font-family: 'times new roman', times, serif; font-size: 10pt;\">Philipp Adam<\/span><\/td>\n<td style=\"text-align: center;\" width=\"76\"><span style=\"font-family: 'times new roman', times, serif; font-size: 10pt;\">26.05.1695<\/span><\/td>\n<td style=\"text-align: center;\" width=\"76\"><span style=\"font-family: 'times new roman', times, serif; font-size: 10pt;\">02.06.1695<\/span><\/td>\n<td style=\"text-align: center;\" width=\"69\"><\/td>\n<td style=\"text-align: center;\" width=\"66\"><\/td>\n<td style=\"text-align: center;\" width=\"76\"><span style=\"font-family: 'times new roman', times, serif; font-size: 10pt;\">21.11.1695<\/span><\/td>\n<td style=\"text-align: center;\" width=\"44\"><span style=\"font-family: 'times new roman', times, serif; font-size: 10pt;\">0,00<\/span><\/td>\n<td style=\"text-align: center;\" width=\"42\"><\/td>\n<\/tr>\n<\/tbody>\n<\/table>\n<p><span style=\"font-family: 'times new roman', times, serif; font-size: 10pt;\"><strong>Paten: <\/strong><em>Johann Philips Z\u00f6ller zu Huntzel; Johannes Adam Antzel zu Danioben; Anna Maria, Th\u00f6nges Closen, Schmitts ibidem, seine Hausfr:<\/em><\/span><\/p>\n<hr \/>\n<p style=\"text-align: justify;\"><span style=\"font-family: 'times new roman', times, serif; font-size: 10pt;\"><span style=\"color: #ff0000;\"><strong><u><a id=\"popela\"><\/a>Popela<\/u><\/strong><strong>, Michael:<\/strong> <\/span>Musketier im kaiserlichen Regiment des Guido von Starhemberg<a href=\"#_ftn1\" name=\"_ftnref1\">[1]<\/a> unter der Kompanie des Hauptmann von <em>Ey\u00dfelsberg<\/em>; bg. 13.05.1727 Marienfels; Eintragstext: <em>Michael Popela, ein Musquetier von dem kei\u00dfer[lichen] Guido Starhenbergischen Regiment unter Herrn Hauptman von Ey\u00dfelsbergs Compagnie, starb den 13ten May auf dem March alhier zu Marienfels und wurde eodem die auf Ansuchen Herrn Hauptmans von Bredzener, welcher das Quartier hier hatte, auf hiesigen Kirchhoff begraben.<\/em><\/span><\/p>\n<p><span style=\"font-family: 'times new roman', times, serif; font-size: 10pt;\"><a href=\"#_ftnref1\" name=\"_ftn1\">[1]<\/a> Guido von Starhemberg: Feldherr, Feldmarschall, * 11.11.1657 Graz, + 07.03.1737 Wien<\/span><\/p>\n<hr \/>\n<p><span style=\"font-family: 'times new roman', times, serif; font-size: 10pt;\"><span style=\"color: #ff0000;\"><strong><u><a id=\"puscher\"><\/a>Puscher<\/u><\/strong><strong>, Johannes:<\/strong> <\/span>aus Solingen; Witwer bei seinem Eidam in der sogenannten Kirchm\u00fchle; bg. 02.05.1710 Marienfels, 79 Jahre alt<\/span><\/p>\n<hr \/>\n<p><span style=\"font-family: 'times new roman', times, serif; font-size: 10pt;\"><span style=\"color: #ff0000;\"><strong><u><a id=\"rauschendorf\"><\/a>Rauschendorf<\/u><\/strong><strong>, Johann Peter: <\/strong><\/span>siehe <a href=\"https:\/\/www.ahnenforschung-jackmuth.de\/?page_id=11210#rauschendorf\">OFB Hunzel<\/a><\/span><\/p>\n<hr \/>\n<p style=\"text-align: justify;\"><span style=\"font-family: 'times new roman', times, serif; font-size: 10pt;\"><span style=\"color: #ff0000;\"><strong><u><a id=\"reifel\"><\/a>Reifel<\/u><\/strong><strong>, Henrich:<\/strong> <\/span>kath.; von <em>Rheinbrod im Chur-C\u00f6llischen<\/em> (= Rheinbrohl ?); h\u00e4lt sich bei seinem Sohn in Marienfels auf; bg. 22.11.1698 Marienfels, 80 Jahre alt<\/span><\/p>\n<p style=\"text-align: justify;\"><span style=\"font-family: 'times new roman', times, serif; font-size: 10pt;\"><strong>wohl<\/strong> <strong>oo<\/strong> mit <strong>Anna Elisabeth:<\/strong> eine 80j\u00e4hrige Wittib, kath. Religion, aus dem Dorf <em>Rheinbrod im ChurC\u00f6llischen<\/em> geb\u00fcrtig (= Rheinbrohl ?); bg. 13.12.1707 Marienfels<\/span><\/p>\n<hr \/>\n<p style=\"text-align: justify;\"><span style=\"font-family: 'times new roman', times, serif; font-size: 10pt;\"><span style=\"color: #ff0000;\"><strong><u>Reifel<\/u><\/strong><\/span><strong><span style=\"color: #ff0000;\">, Nikolaus (<em>Clos<\/em>):<\/span> <\/strong>Hofmann auf Hermann Gemmerichs Gut zu Denighofen (1695), Hofmann bei der Kirche (1697, 1699), Hofmann allhier (1701), ab 1704 in Dornholzhausen (1713 Hofmann); + 29.11.1730 Schweighausen als Viehhirte, 58 Jahre alt<\/span><\/p>\n<p style=\"text-align: justify;\"><span style=\"font-family: 'times new roman', times, serif; font-size: 10pt;\"><strong>oo<\/strong> mit <strong>Anna Lucia (<em>Zeyg<\/em>): <\/strong>+ 09.02.1732 Schweighausen, 70 Jahre (bg. 10.02.), als <em>Lucia Margretha, Nicolaus Rheinfelden, gewe\u00dfenen Hirten allhier, hinterlassene Wittwe<\/em><\/span><\/p>\n<table>\n<tbody>\n<tr>\n<td style=\"text-align: center;\" width=\"25\"><span style=\"font-family: 'times new roman', times, serif; font-size: 10pt;\"><strong>Nr.<\/strong><\/span><\/td>\n<td width=\"143\"><span style=\"font-family: 'times new roman', times, serif; font-size: 10pt;\"><strong>Vorname (normiert)<\/strong><\/span><\/td>\n<td style=\"text-align: center;\" width=\"78\"><span style=\"font-family: 'times new roman', times, serif; font-size: 10pt;\"><strong>geboren<\/strong><\/span><\/td>\n<td style=\"text-align: center;\" width=\"71\"><span style=\"font-family: 'times new roman', times, serif; font-size: 10pt;\"><strong>getauft<\/strong><\/span><\/td>\n<td style=\"text-align: center;\" width=\"78\"><span style=\"font-family: 'times new roman', times, serif; font-size: 10pt;\"><strong>konfirmiert<\/strong><\/span><\/td>\n<td style=\"text-align: center;\" width=\"62\"><span style=\"font-family: 'times new roman', times, serif; font-size: 10pt;\"><strong>gestorben<\/strong><\/span><\/td>\n<td style=\"text-align: center;\" width=\"63\"><span style=\"font-family: 'times new roman', times, serif; font-size: 10pt;\"><strong>begraben<\/strong><\/span><\/td>\n<td style=\"text-align: center;\" width=\"44\"><span style=\"font-family: 'times new roman', times, serif; font-size: 10pt;\"><strong>Alter<\/strong><\/span><\/td>\n<td style=\"text-align: center;\" width=\"41\"><span style=\"font-family: 'times new roman', times, serif; font-size: 10pt;\"><strong>Stand<\/strong><\/span><\/td>\n<\/tr>\n<tr>\n<td style=\"text-align: center;\" width=\"25\"><span style=\"font-family: 'times new roman', times, serif; font-size: 10pt;\">1<\/span><\/td>\n<td width=\"143\"><span style=\"font-family: 'times new roman', times, serif; font-size: 10pt;\">Elisabeth Margaretha<\/span><\/td>\n<td style=\"text-align: center;\" width=\"78\"><span style=\"font-family: 'times new roman', times, serif; font-size: 10pt;\">03.06.1695<\/span><\/td>\n<td style=\"text-align: center;\" width=\"71\"><span style=\"font-family: 'times new roman', times, serif; font-size: 10pt;\">09.06.1695<\/span><\/td>\n<td style=\"text-align: center;\" width=\"78\"><\/td>\n<td style=\"text-align: center;\" width=\"62\"><\/td>\n<td style=\"text-align: center;\" width=\"63\"><span style=\"font-family: 'times new roman', times, serif; font-size: 10pt;\">02.09.1698<\/span><\/td>\n<td style=\"text-align: center;\" width=\"44\"><span style=\"font-family: 'times new roman', times, serif; font-size: 10pt;\">3,30<\/span><\/td>\n<td style=\"text-align: center;\" width=\"41\"><\/td>\n<\/tr>\n<tr>\n<td style=\"text-align: center;\" width=\"25\"><span style=\"font-family: 'times new roman', times, serif; font-size: 10pt;\">2<\/span><\/td>\n<td width=\"143\"><span style=\"font-family: 'times new roman', times, serif; font-size: 10pt;\">Philipp Henrich<\/span><\/td>\n<td style=\"text-align: center;\" width=\"78\"><span style=\"font-family: 'times new roman', times, serif; font-size: 10pt;\">25.02.1697<\/span><\/td>\n<td style=\"text-align: center;\" width=\"71\"><span style=\"font-family: 'times new roman', times, serif; font-size: 10pt;\">03.03.1697<\/span><\/td>\n<td style=\"text-align: center;\" width=\"78\"><span style=\"font-family: 'times new roman', times, serif; font-size: 10pt;\">20.04.1710<\/span><\/td>\n<td style=\"text-align: center;\" width=\"62\"><\/td>\n<td style=\"text-align: center;\" width=\"63\"><span style=\"font-family: 'times new roman', times, serif; font-size: 10pt;\">07.08.1746<\/span><\/td>\n<td style=\"text-align: center;\" width=\"44\"><span style=\"font-family: 'times new roman', times, serif; font-size: 10pt;\">49,58<\/span><\/td>\n<td style=\"text-align: center;\" width=\"41\"><span style=\"font-family: 'times new roman', times, serif; font-size: 10pt;\">verh.<\/span><\/td>\n<\/tr>\n<tr>\n<td style=\"text-align: center;\"><span style=\"font-family: 'times new roman', times, serif; font-size: 10pt;\">3<\/span><\/td>\n<td><span style=\"font-family: 'times new roman', times, serif; font-size: 10pt;\">Johann Adam<\/span><\/td>\n<td style=\"text-align: center;\"><span style=\"font-family: 'times new roman', times, serif; font-size: 10pt;\">03.04.1699<\/span><\/td>\n<td style=\"text-align: center;\"><span style=\"font-family: 'times new roman', times, serif; font-size: 10pt;\">09.04.1699<\/span><\/td>\n<td style=\"text-align: center;\"><span style=\"font-family: 'times new roman', times, serif; font-size: 10pt;\">27.03.1712<\/span><\/td>\n<td style=\"text-align: center;\"><\/td>\n<td style=\"text-align: center;\"><\/td>\n<td style=\"text-align: center;\"><\/td>\n<td style=\"text-align: center;\"><\/td>\n<\/tr>\n<tr>\n<td style=\"text-align: center;\"><span style=\"font-family: 'times new roman', times, serif; font-size: 10pt;\">4<\/span><\/td>\n<td><span style=\"font-family: 'times new roman', times, serif; font-size: 10pt;\">Johann Peter<\/span><\/td>\n<td style=\"text-align: center;\"><span style=\"font-family: 'times new roman', times, serif; font-size: 10pt;\">15.09.1701<\/span><\/td>\n<td style=\"text-align: center;\"><span style=\"font-family: 'times new roman', times, serif; font-size: 10pt;\">15.09.1701<\/span><\/td>\n<td style=\"text-align: center;\"><span style=\"font-family: 'times new roman', times, serif; font-size: 10pt;\">xx.xx.1715<\/span><\/td>\n<td style=\"text-align: center;\"><\/td>\n<td style=\"text-align: center;\"><\/td>\n<td style=\"text-align: center;\"><\/td>\n<td style=\"text-align: center;\"><span style=\"font-family: 'times new roman', times, serif; font-size: 10pt;\">verh.<\/span><\/td>\n<\/tr>\n<tr>\n<td style=\"text-align: center;\"><span style=\"font-family: 'times new roman', times, serif; font-size: 10pt;\">5<\/span><\/td>\n<td><span style=\"font-family: 'times new roman', times, serif; font-size: 10pt;\">Anna Elisabeth<\/span><\/td>\n<td style=\"text-align: center;\"><span style=\"font-family: 'times new roman', times, serif; font-size: 10pt;\">15.09.1701<\/span><\/td>\n<td style=\"text-align: center;\"><span style=\"font-family: 'times new roman', times, serif; font-size: 10pt;\">25.09.1701<\/span><\/td>\n<td style=\"text-align: center;\"><span style=\"font-family: 'times new roman', times, serif; font-size: 10pt;\">xx.xx.1715<\/span><\/td>\n<td style=\"text-align: center;\"><\/td>\n<td style=\"text-align: center;\"><\/td>\n<td style=\"text-align: center;\"><\/td>\n<td style=\"text-align: center;\"><\/td>\n<\/tr>\n<tr>\n<td style=\"text-align: center;\"><span style=\"font-family: 'times new roman', times, serif; font-size: 10pt;\">6<\/span><\/td>\n<td><span style=\"font-family: 'times new roman', times, serif; font-size: 10pt;\">Johann David<\/span><\/td>\n<td style=\"text-align: center;\"><span style=\"font-family: 'times new roman', times, serif; font-size: 10pt;\">10.03.1704<\/span><\/td>\n<td style=\"text-align: center;\"><span style=\"font-family: 'times new roman', times, serif; font-size: 10pt;\">14.03.1704<\/span><\/td>\n<td style=\"text-align: center;\"><span style=\"font-family: 'times new roman', times, serif; font-size: 10pt;\">17.04.1718<\/span><\/td>\n<td style=\"text-align: center;\"><span style=\"font-family: 'times new roman', times, serif; font-size: 10pt;\">12.01.1749<\/span><\/td>\n<td style=\"text-align: center;\"><span style=\"font-family: 'times new roman', times, serif; font-size: 10pt;\">14.01.1749<\/span><\/td>\n<td style=\"text-align: center;\"><span style=\"font-family: 'times new roman', times, serif; font-size: 10pt;\">44,87<\/span><\/td>\n<td style=\"text-align: center;\"><\/td>\n<\/tr>\n<tr>\n<td style=\"text-align: center;\"><span style=\"font-family: 'times new roman', times, serif; font-size: 10pt;\">7<\/span><\/td>\n<td><span style=\"font-family: 'times new roman', times, serif; font-size: 10pt;\">Johann Gottfried<\/span><\/td>\n<td style=\"text-align: center;\"><span style=\"font-family: 'times new roman', times, serif; font-size: 10pt;\">22.01.1707<\/span><\/td>\n<td style=\"text-align: center;\"><span style=\"font-family: 'times new roman', times, serif; font-size: 10pt;\">28.01.1707<\/span><\/td>\n<td style=\"text-align: center;\"><span style=\"font-family: 'times new roman', times, serif; font-size: 10pt;\">09.04.1719<\/span><\/td>\n<td style=\"text-align: center;\"><\/td>\n<td style=\"text-align: center;\"><\/td>\n<td style=\"text-align: center;\"><\/td>\n<td style=\"text-align: center;\"><\/td>\n<\/tr>\n<tr>\n<td style=\"text-align: center;\"><span style=\"font-family: 'times new roman', times, serif; font-size: 10pt;\">8<\/span><\/td>\n<td><span style=\"font-family: 'times new roman', times, serif; font-size: 10pt;\">Johann Friedrich<\/span><\/td>\n<td style=\"text-align: center;\"><span style=\"font-family: 'times new roman', times, serif; font-size: 10pt;\">26.02.1710<\/span><\/td>\n<td style=\"text-align: center;\"><span style=\"font-family: 'times new roman', times, serif; font-size: 10pt;\">02.03.1710<\/span><\/td>\n<td style=\"text-align: center;\"><\/td>\n<td style=\"text-align: center;\"><\/td>\n<td style=\"text-align: center;\"><\/td>\n<td style=\"text-align: center;\"><\/td>\n<td style=\"text-align: center;\"><span style=\"font-family: 'times new roman', times, serif; font-size: 10pt;\">verh.<\/span><\/td>\n<\/tr>\n<tr>\n<td style=\"text-align: center;\"><span style=\"font-family: 'times new roman', times, serif; font-size: 10pt;\">9<\/span><\/td>\n<td><span style=\"font-family: 'times new roman', times, serif; font-size: 10pt;\">Anna Eva<\/span><\/td>\n<td style=\"text-align: center;\"><span style=\"font-family: 'times new roman', times, serif; font-size: 10pt;\">27.02.1713<\/span><\/td>\n<td style=\"text-align: center;\"><span style=\"font-family: 'times new roman', times, serif; font-size: 10pt;\">05.03.1713<\/span><\/td>\n<td style=\"text-align: center;\"><\/td>\n<td style=\"text-align: center;\"><\/td>\n<td style=\"text-align: center;\"><\/td>\n<td style=\"text-align: center;\"><\/td>\n<td style=\"text-align: center;\"><\/td>\n<\/tr>\n<\/tbody>\n<\/table>\n<p style=\"text-align: justify;\"><span style=\"font-family: 'times new roman', times, serif; font-size: 10pt;\">Kind Nr. 1) \u2013 5) * Marienfels <em>\u2014 <\/em>Kind Nr. 6) \u2013 9) * Dornholzhausen<br \/>\n<\/span><span style=\"font-family: 'times new roman', times, serif; font-size: 10pt;\">Kind Nr. 1) war 4 Jahre, 13 Wochen und 2 Tage alt<br \/>\n<\/span><span style=\"font-family: 'times new roman', times, serif; font-size: 10pt;\">Kind Nr. 2) + Ehr (Kirchspiel Marienfels), 49 Jahre und 7 Monate alt; oo 23.06.1733 Marienfels mit Anna Margaretha Sixt geb. Klos; Familie wohnt in Ehr<br \/>\n<\/span><span style=\"font-family: 'times new roman', times, serif; font-size: 10pt;\">Kind Nr. 4) <em>renatus eodem in casu<\/em>; oo 01.11.1735 Dornholzhausen mit Elisabeth Katharina Schmidt aus Dessighofen<br \/>\n<\/span><span style=\"font-family: 'times new roman', times, serif; font-size: 10pt;\">Kind Nr. 6) + Nassau; Sterbeeintrag: <em>Den 12 Januarij zu Nacht starb David Reiffeler, ein alter Knecht von Dornholtzhausen, der viel Jahr hier gedienet, ward den 14 begraben. <\/em>(Nassau, KB 2, S. 667, 1749 Nr. 1, Bild 48 auf archion.de)<br \/>\n<\/span><span style=\"font-family: 'times new roman', times, serif; font-size: 10pt;\">Kind Nr. 8) oo 20.02.1739 Marienfels (<em>Reinfelden<\/em>) mit Elisabeth Magdalena Aulmann (* 25.02.1713 Ehr (gt. 01.03.); konf. 21.04.1726; Eltern: Johann Daniel Aulmann und Maria Margaretha geb. Friedrich); Familie wohnt in Ehr<\/span><\/p>\n<p style=\"text-align: justify;\"><span style=\"font-family: 'times new roman', times, serif; font-size: 10pt;\"><strong>Paten: zu 1) <\/strong><em>Hans D\u00f6nges Metz zu Becheln; Anna, Joh: Adam Lauxen, Gerichtssch\u00f6pfens zu Danioben, ehliche Dochter; Anna Elisabeth, Johannes Steinbachs sel:, gewesenen Hoffmans auf Mauch, ehlich hinderlassene Dochter <\/em><strong><em>\u2014 <\/em><\/strong><strong>zu 2) <\/strong><em>Anna Magdalena, Michel Eubelheusers Dochter alhie zu Marienfels; v[nd] Philips Caspar, Joh: Peter Lauxen Sohn ibidem; Joh: Henrich, Johann Godfrid Gensmans Sohn zu Eberwiesen <\/em>[Oberwies] <strong><em>\u2014 <\/em><\/strong><strong>zu 3) <\/strong><em>Johannes Steinbach auf Mauch, arnsteinischen Hoff; Philip Adam, Joh: Adam Closen sel: hinderlassener Sohn zu Marienfels; Anna Maria, Godfrid G\u00e4nsmans Dochter zu Eberwie\u00df; Anna Catharina, Caspar Domasen Dochter zu Berg <\/em><strong><em>\u2014 <\/em><\/strong><strong>zu 4) <\/strong><em>Peter Froni, arnsteinischer Hoffman alhie; Joh: Philips Elbert auffm Hoff Mauch; Catharina, eine Dienstmagd zu Nochern <\/em><strong><em>\u2014 <\/em><\/strong><strong>zu 5) <\/strong><em>Anna Elisabeth, Henrichs Rich\u00f6fers Dochter auffm Hoff Mauch; Anna Elisabeth, Gottfrid Gensmans sel: Dochter zu Eberwiesen <\/em>[Oberwies]<em>; Johann Diederich, Johannes Daubachs sel: Sohn auf Mauch <\/em><strong><em>\u2014 <\/em><\/strong><strong>zu 6) <\/strong><em>David Wagner, Viehirth zu Holtzhau\u00dfen; u. Joh: Engel Daubach vom Hoff Mauch; u. Anna Christina, Jacob J\u00e4gers, Beysa\u00dfen in der Lochm\u00fchl, seine Frauw; u. Anna Maria, Peter Anthonen Frauw zu Holtzhau\u00dfen <\/em><strong><em>\u2014 <\/em><\/strong><strong>zu 7) <\/strong><em>Joh: Th\u00f6nge\u00df Metz von Becheln; u. Henrich Gottfr: N. von Fr\u00fccht; Anna Catharina, Andreas \u2026 Tochter von Fr\u00fccht <\/em><strong><em>\u2014 <\/em><\/strong><strong>zu 8) <\/strong><em>Joh: Friederich N:, des Vatters Schwager von Mauch; u. Joh: Henrich Steinbach von Mauch; u. Anna Appollonia, Henrich Reh\u00f6ber\u00df Tochter von Mauch <\/em><strong><em>\u2014 <\/em><\/strong><strong>zu 9) <\/strong><em>Christophel Rincker von Fr\u00fccht; u. Margretha, Joh: Phil: Christen Ehefrauw zu D\u00f6rnholtzhau\u00dfen; u. Anna Eva, Gottfriedt Gen\u00dfmans see[lig] Tochter zu Oberwie\u00df<\/em><\/span><\/p>\n<hr \/>\n<p><span style=\"font-family: 'times new roman', times, serif; font-size: 10pt;\"><span style=\"color: #ff0000;\"><strong><u><a id=\"rhein\"><\/a>R(h)ein<\/u><\/strong><\/span><strong><span style=\"color: #ff0000;\">, Martin (<em>M\u00e4rten<\/em>):<\/span> <\/strong><a href=\"https:\/\/www.ahnenforschung-jackmuth.de\/?page_id=11126#rhein\">siehe OFB Ehr<\/a><\/span><\/p>\n<hr \/>\n<p><span style=\"font-family: 'times new roman', times, serif; font-size: 10pt;\"><span style=\"color: #ff0000;\"><strong><u><a id=\"rettert\"><\/a>Rettert<\/u><\/strong><strong>, Johann Adam:<\/strong> <\/span>in Denighofen<\/span><\/p>\n<p><span style=\"font-family: 'times new roman', times, serif; font-size: 10pt;\"><strong>oo<\/strong> mit <strong>Eva Margaretha<\/strong><\/span><\/p>\n<table>\n<tbody>\n<tr>\n<td style=\"text-align: center;\" width=\"30\"><span style=\"font-family: 'times new roman', times, serif; font-size: 10pt;\"><strong>Nr.<\/strong><\/span><\/td>\n<td width=\"134\"><span style=\"font-family: 'times new roman', times, serif; font-size: 10pt;\"><strong>Vorname (normiert)<\/strong><\/span><\/td>\n<td style=\"text-align: center;\" width=\"76\"><span style=\"font-family: 'times new roman', times, serif; font-size: 10pt;\"><strong>geboren<\/strong><\/span><\/td>\n<td style=\"text-align: center;\" width=\"76\"><span style=\"font-family: 'times new roman', times, serif; font-size: 10pt;\"><strong>getauft<\/strong><\/span><\/td>\n<td style=\"text-align: center;\" width=\"69\"><span style=\"font-family: 'times new roman', times, serif; font-size: 10pt;\"><strong>konfirmiert<\/strong><\/span><\/td>\n<td style=\"text-align: center;\" width=\"68\"><span style=\"font-family: 'times new roman', times, serif; font-size: 10pt;\"><strong>gestorben<\/strong><\/span><\/td>\n<td style=\"text-align: center;\" width=\"67\"><span style=\"font-family: 'times new roman', times, serif; font-size: 10pt;\"><strong>begraben<\/strong><\/span><\/td>\n<td style=\"text-align: center;\" width=\"42\"><span style=\"font-family: 'times new roman', times, serif; font-size: 10pt;\"><strong>Alter<\/strong><\/span><\/td>\n<td style=\"text-align: center;\" width=\"43\"><span style=\"font-family: 'times new roman', times, serif; font-size: 10pt;\"><strong>Stand<\/strong><\/span><\/td>\n<\/tr>\n<tr>\n<td style=\"text-align: center;\" width=\"30\"><span style=\"font-family: 'times new roman', times, serif; font-size: 10pt;\">1<\/span><\/td>\n<td width=\"134\"><span style=\"font-family: 'times new roman', times, serif; font-size: 10pt;\">Johann Peter<\/span><\/td>\n<td style=\"text-align: center;\" width=\"76\"><span style=\"font-family: 'times new roman', times, serif; font-size: 10pt;\">11.11.1694<\/span><\/td>\n<td style=\"text-align: center;\" width=\"76\"><span style=\"font-family: 'times new roman', times, serif; font-size: 10pt;\">18.11.1694<\/span><\/td>\n<td style=\"text-align: center;\" width=\"69\"><\/td>\n<td style=\"text-align: center;\" width=\"68\"><\/td>\n<td style=\"text-align: center;\" width=\"67\"><\/td>\n<td style=\"text-align: center;\" width=\"42\"><\/td>\n<td style=\"text-align: center;\" width=\"43\"><\/td>\n<\/tr>\n<\/tbody>\n<\/table>\n<p><span style=\"font-family: 'times new roman', times, serif; font-size: 10pt;\"><strong>Paten: <\/strong><em>Joh: May von Eberwie\u00df; Jost Peter, Anton Lauxen, Gericht-Sch\u00f6pfens zu Danioben Sohn; Anna Catharina, Andreas Antzels Dochter zu Fr\u00fccht<\/em><\/span><\/p>\n<hr \/>\n<p><span style=\"font-family: 'times new roman', times, serif; font-size: 10pt;\"><span style=\"color: #ff0000;\"><strong><u><a id=\"rommelsheim\"><\/a>Rommelsheim<\/u><\/strong><strong>, Georg Andreas:<\/strong> <\/span>Sohn des Johannes <em>Romel\u00dfheim<\/em>; bg. 30.08.1718 Marienfels; 6 Jahre, 8 Monate und 3 Wochen alt<\/span><\/p>\n<hr \/>\n<p style=\"text-align: justify;\"><span style=\"font-family: 'times new roman', times, serif; font-size: 10pt;\"><span style=\"color: #ff0000;\"><strong><u><a id=\"roth\"><\/a>Roth<\/u><\/strong><strong>, Johann Peter:<\/strong> <\/span>Sohn des verst. Niklas <em>Roht<\/em> zu Dachsenhausen; konf. 12.04.1691 Marienfels; * 01.07.1677 Dachsenhausen (OFB Dachsenhausen, Nr. 2107)<\/span><\/p>\n<hr \/>\n<p><span style=\"font-size: 10pt; font-family: times new roman, times, serif;\"><b>Letztes Update: 8. Mai 2024<\/b><\/span><br \/>\n<span style=\"font-size: 10pt; font-family: times new roman, times, serif;\"><b>Ralph Jackmuth<\/b><\/span><\/p>\n","protected":false},"excerpt":{"rendered":"<p>Neidh\u00f6fer, Johann Andreas: Sohn des Johann Melchior Neidh\u00f6fer zu Singhofen oo 04.07.1730 Marienfels mit Klos, Anna Elisabeth: * 12.07.1708 Marienfels (gt. 15.07.); konf. 01.06.1721; Eltern: Johann Wilhelm Klos und Anna Katharina geb. Kist Nr. Vorname (normiert) geboren getauft konfirmiert gestorben begraben Alter Stand 1 Katharina Elisabeth 06.10.1731 07.10.1731 25.04.1745 2 Eva Magdalena 12.02.1737 14.02.1737 3 &hellip; <a href=\"https:\/\/www.ahnenforschung-jackmuth.de\/?page_id=11389\" class=\"more-link\"><span class=\"screen-reader-text\">\u201eOFB Marienfels 1648-1746 &#8211; N-R\u201c<\/span> weiterlesen<\/a><\/p>\n","protected":false},"author":1,"featured_media":0,"parent":0,"menu_order":0,"comment_status":"closed","ping_status":"closed","template":"","meta":{"footnotes":""},"class_list":["post-11389","page","type-page","status-publish","hentry"],"_links":{"self":[{"href":"https:\/\/www.ahnenforschung-jackmuth.de\/index.php?rest_route=\/wp\/v2\/pages\/11389","targetHints":{"allow":["GET"]}}],"collection":[{"href":"https:\/\/www.ahnenforschung-jackmuth.de\/index.php?rest_route=\/wp\/v2\/pages"}],"about":[{"href":"https:\/\/www.ahnenforschung-jackmuth.de\/index.php?rest_route=\/wp\/v2\/types\/page"}],"author":[{"embeddable":true,"href":"https:\/\/www.ahnenforschung-jackmuth.de\/index.php?rest_route=\/wp\/v2\/users\/1"}],"replies":[{"embeddable":true,"href":"https:\/\/www.ahnenforschung-jackmuth.de\/index.php?rest_route=%2Fwp%2Fv2%2Fcomments&post=11389"}],"version-history":[{"count":0,"href":"https:\/\/www.ahnenforschung-jackmuth.de\/index.php?rest_route=\/wp\/v2\/pages\/11389\/revisions"}],"wp:attachment":[{"href":"https:\/\/www.ahnenforschung-jackmuth.de\/index.php?rest_route=%2Fwp%2Fv2%2Fmedia&parent=11389"}],"curies":[{"name":"wp","href":"https:\/\/api.w.org\/{rel}","templated":true}]}}