{"id":11378,"date":"2024-05-08T14:05:35","date_gmt":"2024-05-08T14:05:35","guid":{"rendered":"https:\/\/www.ahnenforschung-jackmuth.de\/?page_id=11378"},"modified":"2024-05-08T15:16:28","modified_gmt":"2024-05-08T15:16:28","slug":"ofb-marienfels-1648-1746-k-m","status":"publish","type":"page","link":"https:\/\/www.ahnenforschung-jackmuth.de\/?page_id=11378","title":{"rendered":"OFB Marienfels 1648-1746 &#8211; K-M"},"content":{"rendered":"<p><span style=\"font-family: 'times new roman', times, serif; font-size: 10pt;\"><span style=\"color: #ff0000;\"><strong><u><a id=\"kegel\"><\/a>Kegel<\/u><\/strong><\/span><strong><span style=\"color: #ff0000;\">, Johann Abraham:<\/span> <\/strong>von Quedlinburg in Sachsen, allhier im Quartier liegend<\/span><\/p>\n<p><span style=\"font-family: 'times new roman', times, serif; font-size: 10pt;\"><strong>oo<\/strong> mit <strong>Katharina Elisabeth<\/strong><\/span><\/p>\n<table>\n<tbody>\n<tr>\n<td style=\"text-align: center;\" width=\"30\"><span style=\"font-family: 'times new roman', times, serif; font-size: 10pt;\"><strong>Nr.<\/strong><\/span><\/td>\n<td width=\"136\"><span style=\"font-family: 'times new roman', times, serif; font-size: 10pt;\"><strong>Vorname (normiert)<\/strong><\/span><\/td>\n<td style=\"text-align: center;\" width=\"76\"><span style=\"font-family: 'times new roman', times, serif; font-size: 10pt;\"><strong>geboren<\/strong><\/span><\/td>\n<td style=\"text-align: center;\" width=\"76\"><span style=\"font-family: 'times new roman', times, serif; font-size: 10pt;\"><strong>getauft<\/strong><\/span><\/td>\n<td style=\"text-align: center;\" width=\"69\"><span style=\"font-family: 'times new roman', times, serif; font-size: 10pt;\"><strong>konfirmiert<\/strong><\/span><\/td>\n<td style=\"text-align: center;\" width=\"68\"><span style=\"font-family: 'times new roman', times, serif; font-size: 10pt;\"><strong>gestorben<\/strong><\/span><\/td>\n<td style=\"text-align: center;\" width=\"66\"><span style=\"font-family: 'times new roman', times, serif; font-size: 10pt;\"><strong>begraben<\/strong><\/span><\/td>\n<td style=\"text-align: center;\" width=\"41\"><span style=\"font-family: 'times new roman', times, serif; font-size: 10pt;\"><strong>Alter<\/strong><\/span><\/td>\n<td style=\"text-align: center;\" width=\"43\"><span style=\"font-family: 'times new roman', times, serif; font-size: 10pt;\"><strong>Stand<\/strong><\/span><\/td>\n<\/tr>\n<tr>\n<td style=\"text-align: center;\" width=\"30\"><span style=\"font-family: 'times new roman', times, serif; font-size: 10pt;\">1<\/span><\/td>\n<td width=\"136\"><span style=\"font-family: 'times new roman', times, serif; font-size: 10pt;\">Joh. Christoph Andreas<\/span><\/td>\n<td style=\"text-align: center;\" width=\"76\"><span style=\"font-family: 'times new roman', times, serif; font-size: 10pt;\">10.02.1705<\/span><\/td>\n<td style=\"text-align: center;\" width=\"76\"><span style=\"font-family: 'times new roman', times, serif; font-size: 10pt;\">12.02.1705<\/span><\/td>\n<td style=\"text-align: center;\" width=\"69\"><\/td>\n<td style=\"text-align: center;\" width=\"68\"><\/td>\n<td style=\"text-align: center;\" width=\"66\"><\/td>\n<td style=\"text-align: center;\" width=\"41\"><\/td>\n<td style=\"text-align: center;\" width=\"43\"><\/td>\n<\/tr>\n<\/tbody>\n<\/table>\n<p style=\"text-align: justify;\"><span style=\"font-family: 'times new roman', times, serif; font-size: 10pt;\"><strong>Paten: <\/strong><em>Christian B&#8230;, ein Furirer; Andreas Fritsch; Joh: Weber; Christoph Neuraht; Margretha, Johans Simonis, Gefreiters, Hausfr:; Anna Elisabeth, Johannes Ditzels Hausfr:, ein Captain d[e] Armes<\/em><\/span><\/p>\n<hr \/>\n<p><span style=\"font-family: 'times new roman', times, serif; font-size: 10pt;\"><span style=\"color: #ff0000;\"><strong><u><a id=\"kern\"><\/a>Kern<\/u><\/strong><strong>, Johann Paul:<\/strong> <\/span>Schuldiener zu Marienfels; Sohn des Martin Kern vom Stegerhof (Heidenrod)<\/span><\/p>\n<p style=\"text-align: justify;\"><span style=\"font-family: 'times new roman', times, serif; font-size: 10pt;\"><strong>oo I. 28.08.1708 Langenschwalbach<\/strong> mit <strong><u>Spies<\/u>, Anna Dorothea:<\/strong> bg. 17.02.1737 Marienfels, 64 Jahre alt; Witwe des Johann Christoph Spies, gewesener Schuldiener zu Langenschwalbach; s. a. u. Spies<\/span><\/p>\n<table>\n<tbody>\n<tr>\n<td style=\"text-align: center;\" width=\"28\"><span style=\"font-family: 'times new roman', times, serif; font-size: 10pt;\"><strong>Nr.<\/strong><\/span><\/td>\n<td width=\"131\"><span style=\"font-family: 'times new roman', times, serif; font-size: 10pt;\"><strong>Vorname (normiert)<\/strong><\/span><\/td>\n<td style=\"text-align: center;\" width=\"75\"><span style=\"font-family: 'times new roman', times, serif; font-size: 10pt;\"><strong>geboren<\/strong><\/span><\/td>\n<td style=\"text-align: center;\" width=\"75\"><span style=\"font-family: 'times new roman', times, serif; font-size: 10pt;\"><strong>getauft<\/strong><\/span><\/td>\n<td style=\"text-align: center;\" width=\"76\"><span style=\"font-family: 'times new roman', times, serif; font-size: 10pt;\"><strong>konfirmiert<\/strong><\/span><\/td>\n<td style=\"text-align: center;\" width=\"62\"><span style=\"font-family: 'times new roman', times, serif; font-size: 10pt;\"><strong>gestorben<\/strong><\/span><\/td>\n<td style=\"text-align: center;\" width=\"75\"><span style=\"font-family: 'times new roman', times, serif; font-size: 10pt;\"><strong>begraben<\/strong><\/span><\/td>\n<td style=\"text-align: center;\" width=\"43\"><span style=\"font-family: 'times new roman', times, serif; font-size: 10pt;\"><strong>Alter<\/strong><\/span><\/td>\n<td style=\"text-align: center;\" width=\"39\"><span style=\"font-family: 'times new roman', times, serif; font-size: 10pt;\"><strong>Stand<\/strong><\/span><\/td>\n<\/tr>\n<tr>\n<td style=\"text-align: center;\" width=\"28\"><span style=\"font-family: 'times new roman', times, serif; font-size: 10pt;\">1<\/span><\/td>\n<td width=\"131\"><span style=\"font-family: 'times new roman', times, serif; font-size: 10pt;\">Katharina Margaretha<\/span><\/td>\n<td style=\"text-align: center;\" width=\"75\"><span style=\"font-family: 'times new roman', times, serif; font-size: 10pt;\">04.07.1709<\/span><\/td>\n<td style=\"text-align: center;\" width=\"75\"><span style=\"font-family: 'times new roman', times, serif; font-size: 10pt;\">07.07.1709<\/span><\/td>\n<td style=\"text-align: center;\" width=\"76\"><\/td>\n<td style=\"text-align: center;\" width=\"62\"><\/td>\n<td style=\"text-align: center;\" width=\"75\"><span style=\"font-family: 'times new roman', times, serif; font-size: 10pt;\">07.10.1709<\/span><\/td>\n<td style=\"text-align: center;\" width=\"43\"><span style=\"font-family: 'times new roman', times, serif; font-size: 10pt;\">0,25<\/span><\/td>\n<td style=\"text-align: center;\" width=\"39\"><\/td>\n<\/tr>\n<tr>\n<td style=\"text-align: center;\"><span style=\"font-family: 'times new roman', times, serif; font-size: 10pt;\">2<\/span><\/td>\n<td><span style=\"font-family: 'times new roman', times, serif; font-size: 10pt;\">Johann Henrich<\/span><\/td>\n<td style=\"text-align: center;\"><span style=\"font-family: 'times new roman', times, serif; font-size: 10pt;\">11.09.1710<\/span><\/td>\n<td style=\"text-align: center;\"><span style=\"font-family: 'times new roman', times, serif; font-size: 10pt;\">14.09.1710<\/span><\/td>\n<td style=\"text-align: center;\"><span style=\"font-family: 'times new roman', times, serif; font-size: 10pt;\">01.06.1721<\/span><\/td>\n<td style=\"text-align: center;\"><\/td>\n<td style=\"text-align: center;\"><\/td>\n<td style=\"text-align: center;\"><\/td>\n<td style=\"text-align: center;\"><\/td>\n<\/tr>\n<tr>\n<td style=\"text-align: center;\"><span style=\"font-family: 'times new roman', times, serif; font-size: 10pt;\">3<\/span><\/td>\n<td><span style=\"font-family: 'times new roman', times, serif; font-size: 10pt;\">Nikolaus Peter<\/span><\/td>\n<td style=\"text-align: center;\"><span style=\"font-family: 'times new roman', times, serif; font-size: 10pt;\">12.11.1713<\/span><\/td>\n<td style=\"text-align: center;\"><span style=\"font-family: 'times new roman', times, serif; font-size: 10pt;\">16.11.1713<\/span><\/td>\n<td style=\"text-align: center;\"><span style=\"font-family: 'times new roman', times, serif; font-size: 10pt;\">13.04.1727<\/span><\/td>\n<td style=\"text-align: center;\"><\/td>\n<td style=\"text-align: center;\"><\/td>\n<td style=\"text-align: center;\"><\/td>\n<td style=\"text-align: center;\"><\/td>\n<\/tr>\n<\/tbody>\n<\/table>\n<p style=\"text-align: justify;\"><span style=\"font-family: 'times new roman', times, serif; font-size: 10pt;\"><strong>Paten: zu 1) <\/strong><em>Joh: Dieterich Kern, Schuhmacher zu Kehmel; Maria Catharina, Joh: Frantz Meiningers <\/em>[?]<em>, Rosen Wirths <\/em>[?]<em> v[nd] Kr\u00e4mers <\/em>[?]<em> \u2026 Schwalbach, Hausfrauw; Anna Margretha, Joh: Phil: Lauxen Hausfrauw in der M\u00fchl vnter der Kirchen <\/em>\u2014 <strong>zu 2) <\/strong><em>M[eiste]r Johann Henrich Kern, p[ro] t[empore] Schreiner v[nd] Einwohner zu Nasteten; Johann Adam Friedrich in der Ehrer M\u00fchl; Anna Maria, Herman Dieterich Stegs zu Nasteten ehl[iche] Tochter <\/em>\u2014 <strong>zu 2) <\/strong><em>Johann Peter Fuchs von Langen Schwalbach; Nicolaus Peter Kern, Johann Martin Kerns Sohn vom Stegerhoff; und Anna Magdalena, Johann Henrich Kirchh\u00e4hns Tochter von Kehmel<\/em><\/span><\/p>\n<p style=\"text-align: justify;\"><span style=\"font-family: 'times new roman', times, serif; font-size: 10pt;\"><strong>oo II. 03.09.1737 Marienfels<\/strong> mit <strong><u>Friedrich<\/u>, Anna Margaretha:<\/strong> * 20.10.1711 Ehrer M\u00fchle (gt. 25.10.); konf. 16.04.1724; Eltern: Johann Adam Friedrich und Anna Katharina geb. Aulmann<\/span><\/p>\n<table>\n<tbody>\n<tr>\n<td style=\"text-align: center;\" width=\"30\"><span style=\"font-family: 'times new roman', times, serif; font-size: 10pt;\"><strong>Nr.<\/strong><\/span><\/td>\n<td width=\"135\"><span style=\"font-family: 'times new roman', times, serif; font-size: 10pt;\"><strong>Vorname (normiert)<\/strong><\/span><\/td>\n<td style=\"text-align: center;\" width=\"76\"><span style=\"font-family: 'times new roman', times, serif; font-size: 10pt;\"><strong>geboren<\/strong><\/span><\/td>\n<td style=\"text-align: center;\" width=\"76\"><span style=\"font-family: 'times new roman', times, serif; font-size: 10pt;\"><strong>getauft<\/strong><\/span><\/td>\n<td style=\"text-align: center;\" width=\"69\"><span style=\"font-family: 'times new roman', times, serif; font-size: 10pt;\"><strong>konfirmiert<\/strong><\/span><\/td>\n<td style=\"text-align: center;\" width=\"68\"><span style=\"font-family: 'times new roman', times, serif; font-size: 10pt;\"><strong>gestorben<\/strong><\/span><\/td>\n<td style=\"text-align: center;\" width=\"66\"><span style=\"font-family: 'times new roman', times, serif; font-size: 10pt;\"><strong>begraben<\/strong><\/span><\/td>\n<td style=\"text-align: center;\" width=\"41\"><span style=\"font-family: 'times new roman', times, serif; font-size: 10pt;\"><strong>Alter<\/strong><\/span><\/td>\n<td style=\"text-align: center;\" width=\"43\"><span style=\"font-family: 'times new roman', times, serif; font-size: 10pt;\"><strong>Stand<\/strong><\/span><\/td>\n<\/tr>\n<tr>\n<td style=\"text-align: center;\" width=\"30\"><span style=\"font-family: 'times new roman', times, serif; font-size: 10pt;\">1<\/span><\/td>\n<td width=\"135\"><span style=\"font-family: 'times new roman', times, serif; font-size: 10pt;\">Johann Martin<\/span><\/td>\n<td style=\"text-align: center;\" width=\"76\"><span style=\"font-family: 'times new roman', times, serif; font-size: 10pt;\">24.01.1739<\/span><\/td>\n<td style=\"text-align: center;\" width=\"76\"><span style=\"font-family: 'times new roman', times, serif; font-size: 10pt;\">25.01.1739<\/span><\/td>\n<td style=\"text-align: center;\" width=\"69\"><\/td>\n<td style=\"text-align: center;\" width=\"68\"><\/td>\n<td style=\"text-align: center;\" width=\"66\"><\/td>\n<td style=\"text-align: center;\" width=\"41\"><\/td>\n<td style=\"text-align: center;\" width=\"43\"><\/td>\n<\/tr>\n<tr>\n<td style=\"text-align: center;\"><span style=\"font-family: 'times new roman', times, serif; font-size: 10pt;\">2<\/span><\/td>\n<td><span style=\"font-family: 'times new roman', times, serif; font-size: 10pt;\">Joh. Dietrich Christian<\/span><\/td>\n<td style=\"text-align: center;\"><span style=\"font-family: 'times new roman', times, serif; font-size: 10pt;\">21.12.1740<\/span><\/td>\n<td style=\"text-align: center;\"><span style=\"font-family: 'times new roman', times, serif; font-size: 10pt;\">24.12.1740<\/span><\/td>\n<td style=\"text-align: center;\"><\/td>\n<td style=\"text-align: center;\"><\/td>\n<td style=\"text-align: center;\"><\/td>\n<td style=\"text-align: center;\"><\/td>\n<td style=\"text-align: center;\"><\/td>\n<\/tr>\n<\/tbody>\n<\/table>\n<p style=\"text-align: justify;\"><span style=\"font-family: 'times new roman', times, serif; font-size: 10pt;\"><strong>Paten: zu 1) <\/strong><em>Johann Martin Laux, Quartier Schuldhei\u00df alhier <\/em>\u2014 <strong>zu 2) <\/strong><em>Johann Dietherich Christian Kern, Landme\u00dfer zu Kirch&#8230; in Poland <\/em>[?]<em>, in de\u00dfen Abwesenheit der hiesige Quartier Schuldhei\u00df das Kind gehoben und ihm den Nahmen gegeben<\/em><\/span><\/p>\n<hr \/>\n<p><span style=\"font-family: 'times new roman', times, serif; font-size: 10pt; color: #ff0000;\"><strong><u><a id=\"kist\"><\/a>Kist<\/u><\/strong><strong>, Elias<\/strong><\/span><\/p>\n<p><span style=\"font-family: 'times new roman', times, serif; font-size: 10pt;\"><strong>oo 25.02.1680 Marienfels <\/strong>mit <strong><u>Gemmerich<\/u>, Anna Maria:<\/strong> Witwe des Johann Jakob Gemmerich<\/span><\/p>\n<hr \/>\n<p><span style=\"font-family: 'times new roman', times, serif; font-size: 10pt;\"><span style=\"color: #ff0000;\"><strong><u>Kist<\/u><\/strong><strong>, Maria Magdalena:<\/strong> <\/span>Witwe des Elias Kist; bg. 13.02.1705 Marienfels, 65 Jahre alt<\/span><\/p>\n<hr \/>\n<p><span style=\"font-family: 'times new roman', times, serif; font-size: 10pt;\"><span style=\"color: #ff0000;\"><strong><u>Kist<\/u><\/strong><strong>, Anna Katharina:<\/strong> <\/span>Tochter des Elias Kist von Marienfels; oo 07.11.1702 Marienfels mit Johann Wilhelm, Sohn des verst. Peter Klos, Schmied zu Singhofen; Familie wohnt in Marienfels<\/span><\/p>\n<hr \/>\n<p><span style=\"font-family: 'times new roman', times, serif; font-size: 10pt;\"><span style=\"color: #ff0000;\"><strong><u><a id=\"knecht\"><\/a>Knecht<\/u><\/strong><strong>, Johann Emmerich:<\/strong> <\/span>Schuhmacher; siehe OFB Hunzel<\/span><\/p>\n<hr \/>\n<p><span style=\"font-family: 'times new roman', times, serif; font-size: 10pt;\"><span style=\"color: #ff0000;\"><strong><u><a id=\"koehler\"><\/a>K\u00f6hler<\/u><\/strong><strong>, Johann Daniel:<\/strong> <\/span>Sohn des Andreas K\u00f6hler zu Singhofen; konf. 27.05.1708 Marienfels<\/span><\/p>\n<hr \/>\n<p><span style=\"font-family: 'times new roman', times, serif; font-size: 10pt;\"><span style=\"color: #ff0000;\"><strong><u><a id=\"koenig\"><\/a>K\u00f6nig<\/u><\/strong><strong>, Konrad:<\/strong> <\/span>arnsteinischer Hofmann; ist nach dem Einwohnerverzeichnis 1665 50 Jahre alt<\/span><\/p>\n<p><span style=\"font-family: 'times new roman', times, serif; font-size: 10pt;\"><strong>oo<\/strong> mit <strong>Eva:<\/strong> ist nach dem Einwohnerverzeichnis 1665 40 Jahre alt<\/span><\/p>\n<table>\n<tbody>\n<tr>\n<td style=\"text-align: center;\" width=\"30\"><span style=\"font-family: 'times new roman', times, serif; font-size: 10pt;\"><strong>Nr.<\/strong><\/span><\/td>\n<td width=\"138\"><span style=\"font-family: 'times new roman', times, serif; font-size: 10pt;\"><strong>Vorname (normiert)<\/strong><\/span><\/td>\n<td style=\"text-align: center;\" width=\"68\"><span style=\"font-family: 'times new roman', times, serif; font-size: 10pt;\"><strong>geboren<\/strong><\/span><\/td>\n<td style=\"text-align: center;\" width=\"77\"><span style=\"font-family: 'times new roman', times, serif; font-size: 10pt;\"><strong>getauft<\/strong><\/span><\/td>\n<td style=\"text-align: center;\" width=\"70\"><span style=\"font-family: 'times new roman', times, serif; font-size: 10pt;\"><strong>konfirmiert<\/strong><\/span><\/td>\n<td style=\"text-align: center;\" width=\"70\"><span style=\"font-family: 'times new roman', times, serif; font-size: 10pt;\"><strong>gestorben<\/strong><\/span><\/td>\n<td style=\"text-align: center;\" width=\"68\"><span style=\"font-family: 'times new roman', times, serif; font-size: 10pt;\"><strong>begraben<\/strong><\/span><\/td>\n<td style=\"text-align: center;\" width=\"38\"><span style=\"font-family: 'times new roman', times, serif; font-size: 10pt;\"><strong>Alter<\/strong><\/span><\/td>\n<td style=\"text-align: center;\" width=\"44\"><span style=\"font-family: 'times new roman', times, serif; font-size: 10pt;\"><strong>Stand<\/strong><\/span><\/td>\n<\/tr>\n<tr>\n<td style=\"text-align: center;\" width=\"30\"><span style=\"font-family: 'times new roman', times, serif; font-size: 10pt;\">1<\/span><\/td>\n<td width=\"138\"><span style=\"font-family: 'times new roman', times, serif; font-size: 10pt;\">Anna Rosina<\/span><\/td>\n<td style=\"text-align: center;\" width=\"68\"><span style=\"font-family: 'times new roman', times, serif; font-size: 10pt;\">ca. 1658<\/span><\/td>\n<td style=\"text-align: center;\" width=\"77\"><span style=\"font-family: 'times new roman', times, serif; font-size: 10pt;\"><strong>\u00a0<\/strong><\/span><\/td>\n<td style=\"text-align: center;\" width=\"70\"><span style=\"font-family: 'times new roman', times, serif; font-size: 10pt;\"><strong>\u00a0<\/strong><\/span><\/td>\n<td style=\"text-align: center;\" width=\"70\"><span style=\"font-family: 'times new roman', times, serif; font-size: 10pt;\"><strong>\u00a0<\/strong><\/span><\/td>\n<td style=\"text-align: center;\" width=\"68\"><span style=\"font-family: 'times new roman', times, serif; font-size: 10pt;\"><strong>\u00a0<\/strong><\/span><\/td>\n<td style=\"text-align: center;\" width=\"38\"><span style=\"font-family: 'times new roman', times, serif; font-size: 10pt;\"><strong>\u00a0<\/strong><\/span><\/td>\n<td style=\"text-align: center;\" width=\"44\"><\/td>\n<\/tr>\n<tr>\n<td style=\"text-align: center;\" width=\"30\"><span style=\"font-family: 'times new roman', times, serif; font-size: 10pt;\">2<\/span><\/td>\n<td width=\"138\"><span style=\"font-family: 'times new roman', times, serif; font-size: 10pt;\">Anna Gertrud<\/span><\/td>\n<td style=\"text-align: center;\" width=\"68\"><span style=\"font-family: 'times new roman', times, serif; font-size: 10pt;\">ca. 1664<\/span><\/td>\n<td style=\"text-align: center;\" width=\"77\"><span style=\"font-family: 'times new roman', times, serif; font-size: 10pt;\"><strong>\u00a0<\/strong><\/span><\/td>\n<td style=\"text-align: center;\" width=\"70\"><span style=\"font-family: 'times new roman', times, serif; font-size: 10pt;\"><strong>\u00a0<\/strong><\/span><\/td>\n<td style=\"text-align: center;\" width=\"70\"><span style=\"font-family: 'times new roman', times, serif; font-size: 10pt;\"><strong>\u00a0<\/strong><\/span><\/td>\n<td style=\"text-align: center;\" width=\"68\"><span style=\"font-family: 'times new roman', times, serif; font-size: 10pt;\"><strong>\u00a0<\/strong><\/span><\/td>\n<td style=\"text-align: center;\" width=\"38\"><span style=\"font-family: 'times new roman', times, serif; font-size: 10pt;\"><strong>\u00a0<\/strong><\/span><\/td>\n<td style=\"text-align: center;\" width=\"44\"><\/td>\n<\/tr>\n<\/tbody>\n<\/table>\n<p><span style=\"font-family: 'times new roman', times, serif; font-size: 10pt;\">Kind Nr. 1) ist nach dem Einwohnerverzeichnis 1665 7 Jahre alt<br \/>\n<\/span><span style=\"font-family: 'times new roman', times, serif; font-size: 10pt;\">Kind Nr. 2) ist nach dem Einwohnerverzeichnis 1665 1 Jahr alt<\/span><\/p>\n<hr \/>\n<p><span style=\"font-family: 'times new roman', times, serif; font-size: 10pt;\"><span style=\"color: #ff0000;\"><strong><span style=\"text-decoration: underline;\"><a id=\"konrad\"><\/a>Konrad<\/span>, Johann Adam:<\/strong><\/span> Hirte zu Marienfels<\/span><\/p>\n<p><span style=\"font-family: 'times new roman', times, serif; font-size: 10pt;\"><strong>oo<\/strong> mit <strong>Anna Sibylla<\/strong><\/span><\/p>\n<table>\n<tbody>\n<tr>\n<td style=\"text-align: center;\" width=\"30\"><span style=\"font-family: 'times new roman', times, serif; font-size: 10pt;\"><strong>Nr.<\/strong><\/span><\/td>\n<td width=\"136\"><span style=\"font-family: 'times new roman', times, serif; font-size: 10pt;\"><strong>Vorname (normiert)<\/strong><\/span><\/td>\n<td style=\"text-align: center;\" width=\"68\"><span style=\"font-family: 'times new roman', times, serif; font-size: 10pt;\"><strong>geboren<\/strong><\/span><\/td>\n<td style=\"text-align: center;\" width=\"77\"><span style=\"font-family: 'times new roman', times, serif; font-size: 10pt;\"><strong>getauft<\/strong><\/span><\/td>\n<td style=\"text-align: center;\" width=\"70\"><span style=\"font-family: 'times new roman', times, serif; font-size: 10pt;\"><strong>konfirmiert<\/strong><\/span><\/td>\n<td style=\"text-align: center;\" width=\"70\"><span style=\"font-family: 'times new roman', times, serif; font-size: 10pt;\"><strong>gestorben<\/strong><\/span><\/td>\n<td style=\"text-align: center;\" width=\"68\"><span style=\"font-family: 'times new roman', times, serif; font-size: 10pt;\"><strong>begraben<\/strong><\/span><\/td>\n<td style=\"text-align: center;\" width=\"42\"><span style=\"font-family: 'times new roman', times, serif; font-size: 10pt;\"><strong>Alter<\/strong><\/span><\/td>\n<td style=\"text-align: center;\" width=\"44\"><span style=\"font-family: 'times new roman', times, serif; font-size: 10pt;\"><strong>Stand<\/strong><\/span><\/td>\n<\/tr>\n<tr>\n<td style=\"text-align: center;\" width=\"30\"><span style=\"font-family: 'times new roman', times, serif; font-size: 10pt;\">1<\/span><\/td>\n<td width=\"136\"><span style=\"font-family: 'times new roman', times, serif; font-size: 10pt;\">Johann Lorenz<\/span><\/td>\n<td style=\"text-align: center;\" width=\"68\"><\/td>\n<td style=\"text-align: center;\" width=\"77\"><span style=\"font-family: 'times new roman', times, serif; font-size: 10pt;\">26.12.1707<\/span><\/td>\n<td style=\"text-align: center;\" width=\"70\"><\/td>\n<td style=\"text-align: center;\" width=\"70\"><\/td>\n<td style=\"text-align: center;\" width=\"68\"><\/td>\n<td style=\"text-align: center;\" width=\"42\"><\/td>\n<td style=\"text-align: center;\" width=\"44\"><\/td>\n<\/tr>\n<\/tbody>\n<\/table>\n<p style=\"text-align: justify;\"><span style=\"font-family: 'times new roman', times, serif; font-size: 10pt;\"><strong>Paten: <\/strong><em>Joh: Lorentz Cunrad, Johannes Cunrads, Ziegelbeckers zu Miehlen, Sohn; Joh: Georg, Johannes Eschenauwers, Schmitts, Sohn zu Miehlen; Anna Julia, Adam Friesenhaans Ehfrauw zu Miehlen; Kaspar <\/em>[ ]<em> zu Oberdiefenbach<\/em><\/span><\/p>\n<hr \/>\n<p><span style=\"font-family: 'times new roman', times, serif; font-size: 10pt;\"><span style=\"color: #ff0000;\"><strong><u><a id=\"kraemer\"><\/a>Kr\u00e4mer<\/u><\/strong><strong>, Johann Anton:<\/strong> <\/span>Sohn des Johann Gerhard Kr\u00e4mer aus Lollschied (VG Bad Ems-Nassau); konf. 27.05.1708 Marienfels<\/span><\/p>\n<hr \/>\n<p><span style=\"font-family: 'times new roman', times, serif; font-size: 10pt;\"><span style=\"color: #ff0000;\"><strong><u><a id=\"korb\"><\/a>Korb<\/u><\/strong><strong>, Barbara:<\/strong> <\/span>kath.; Ehefrau des Niklas Korb in der Kirchm\u00fchle; bg. 25.02.1709 Marienfels, 49 Jahre alt<\/span><\/p>\n<hr \/>\n<p><span style=\"font-family: 'times new roman', times, serif; font-size: 10pt;\"><span style=\"color: #ff0000;\"><strong><u><a id=\"konrad\"><\/a>Konrad<\/u><\/strong><strong>, Johann Jakob:<\/strong> <\/span>Sohn des Hans Adam Konrad, Schweinehirt in Marienfels; bg. 08.03.1707 Marienfels, 22 Wochen alt<\/span><\/p>\n<hr \/>\n<p><span style=\"font-family: 'times new roman', times, serif; font-size: 10pt;\"><span style=\"color: #ff0000;\"><strong><u><a id=\"kresser\"><\/a>Kresser<\/u><\/strong><strong>, Bernhard:<\/strong> <\/span>Kuhhirte von D\u00fcsseldorf; ist nach dem Einwohnerverzeichnis 1665 40 Jahre alt (<em>Cre\u00dfer<\/em>)<\/span><\/p>\n<p><span style=\"font-family: 'times new roman', times, serif; font-size: 10pt;\"><strong>oo<\/strong> mit <strong>Gertrud<\/strong><\/span><\/p>\n<table>\n<tbody>\n<tr>\n<td style=\"text-align: center;\" width=\"30\"><span style=\"font-family: 'times new roman', times, serif; font-size: 10pt;\"><strong>Nr.<\/strong><\/span><\/td>\n<td width=\"138\"><span style=\"font-family: 'times new roman', times, serif; font-size: 10pt;\"><strong>Vorname (normiert)<\/strong><\/span><\/td>\n<td style=\"text-align: center;\" width=\"68\"><span style=\"font-family: 'times new roman', times, serif; font-size: 10pt;\"><strong>geboren<\/strong><\/span><\/td>\n<td style=\"text-align: center;\" width=\"77\"><span style=\"font-family: 'times new roman', times, serif; font-size: 10pt;\"><strong>getauft<\/strong><\/span><\/td>\n<td style=\"text-align: center;\" width=\"70\"><span style=\"font-family: 'times new roman', times, serif; font-size: 10pt;\"><strong>konfirmiert<\/strong><\/span><\/td>\n<td style=\"text-align: center;\" width=\"70\"><span style=\"font-family: 'times new roman', times, serif; font-size: 10pt;\"><strong>gestorben<\/strong><\/span><\/td>\n<td style=\"text-align: center;\" width=\"68\"><span style=\"font-family: 'times new roman', times, serif; font-size: 10pt;\"><strong>begraben<\/strong><\/span><\/td>\n<td style=\"text-align: center;\" width=\"38\"><span style=\"font-family: 'times new roman', times, serif; font-size: 10pt;\"><strong>Alter<\/strong><\/span><\/td>\n<td style=\"text-align: center;\" width=\"44\"><span style=\"font-family: 'times new roman', times, serif; font-size: 10pt;\"><strong>Stand<\/strong><\/span><\/td>\n<\/tr>\n<tr>\n<td style=\"text-align: center;\" width=\"30\"><span style=\"font-family: 'times new roman', times, serif; font-size: 10pt;\">1<\/span><\/td>\n<td width=\"138\"><span style=\"font-family: 'times new roman', times, serif; font-size: 10pt;\">Merten<\/span><\/td>\n<td style=\"text-align: center;\" width=\"68\"><span style=\"font-family: 'times new roman', times, serif; font-size: 10pt;\">ca. 1659<\/span><\/td>\n<td style=\"text-align: center;\" width=\"77\"><span style=\"font-family: 'times new roman', times, serif; font-size: 10pt;\"><strong>\u00a0<\/strong><\/span><\/td>\n<td style=\"text-align: center;\" width=\"70\"><span style=\"font-family: 'times new roman', times, serif; font-size: 10pt;\"><strong>\u00a0<\/strong><\/span><\/td>\n<td style=\"text-align: center;\" width=\"70\"><span style=\"font-family: 'times new roman', times, serif; font-size: 10pt;\"><strong>\u00a0<\/strong><\/span><\/td>\n<td style=\"text-align: center;\" width=\"68\"><span style=\"font-family: 'times new roman', times, serif; font-size: 10pt;\"><strong>\u00a0<\/strong><\/span><\/td>\n<td style=\"text-align: center;\" width=\"38\"><span style=\"font-family: 'times new roman', times, serif; font-size: 10pt;\"><strong>\u00a0<\/strong><\/span><\/td>\n<td style=\"text-align: center;\" width=\"44\"><\/td>\n<\/tr>\n<\/tbody>\n<\/table>\n<p><span style=\"font-family: 'times new roman', times, serif; font-size: 10pt;\">Kind Nr. 1) ist nach dem Einwohnerverzeichnis 1665 6 Jahre alt<\/span><\/p>\n<hr \/>\n<p><span style=\"font-family: 'times new roman', times, serif; font-size: 10pt;\"><span style=\"color: #ff0000;\"><strong><u><a id=\"kroeck\"><\/a>Kr\u00f6ck<\/u><\/strong><strong>, Johann Jost:<\/strong> <\/span>seit 1699 Schulmeister in Marienfels; bg. 30.01.1704 Marienfels, 47 Jahre, Wochen und 2 Tage alt, im 5. Jahr Schulmeister<\/span><\/p>\n<p><span style=\"font-family: 'times new roman', times, serif; font-size: 10pt;\"><strong>oo<\/strong> mit <strong>Anna Julia<\/strong><\/span><\/p>\n<table>\n<tbody>\n<tr>\n<td style=\"text-align: center;\" width=\"30\"><span style=\"font-family: 'times new roman', times, serif; font-size: 10pt;\"><strong>Nr.<\/strong><\/span><\/td>\n<td width=\"136\"><span style=\"font-family: 'times new roman', times, serif; font-size: 10pt;\"><strong>Vorname (normiert)<\/strong><\/span><\/td>\n<td style=\"text-align: center;\" width=\"76\"><span style=\"font-family: 'times new roman', times, serif; font-size: 10pt;\"><strong>geboren<\/strong><\/span><\/td>\n<td style=\"text-align: center;\" width=\"76\"><span style=\"font-family: 'times new roman', times, serif; font-size: 10pt;\"><strong>getauft<\/strong><\/span><\/td>\n<td style=\"text-align: center;\" width=\"69\"><span style=\"font-family: 'times new roman', times, serif; font-size: 10pt;\"><strong>konfirmiert<\/strong><\/span><\/td>\n<td style=\"text-align: center;\" width=\"68\"><span style=\"font-family: 'times new roman', times, serif; font-size: 10pt;\"><strong>gestorben<\/strong><\/span><\/td>\n<td style=\"text-align: center;\" width=\"66\"><span style=\"font-family: 'times new roman', times, serif; font-size: 10pt;\"><strong>begraben<\/strong><\/span><\/td>\n<td style=\"text-align: center;\" width=\"41\"><span style=\"font-family: 'times new roman', times, serif; font-size: 10pt;\"><strong>Alter<\/strong><\/span><\/td>\n<td style=\"text-align: center;\" width=\"43\"><span style=\"font-family: 'times new roman', times, serif; font-size: 10pt;\"><strong>Stand<\/strong><\/span><\/td>\n<\/tr>\n<tr>\n<td style=\"text-align: center;\" width=\"30\"><span style=\"font-family: 'times new roman', times, serif; font-size: 10pt;\">1<\/span><\/td>\n<td width=\"136\"><span style=\"font-family: 'times new roman', times, serif; font-size: 10pt;\">Johann Andreas<\/span><\/td>\n<td style=\"text-align: center;\" width=\"76\"><span style=\"font-family: 'times new roman', times, serif; font-size: 10pt;\">13.12.1699<\/span><\/td>\n<td style=\"text-align: center;\" width=\"76\"><span style=\"font-family: 'times new roman', times, serif; font-size: 10pt;\">17.12.1699<\/span><\/td>\n<td style=\"text-align: center;\" width=\"69\"><\/td>\n<td style=\"text-align: center;\" width=\"68\"><\/td>\n<td style=\"text-align: center;\" width=\"66\"><\/td>\n<td style=\"text-align: center;\" width=\"41\"><\/td>\n<td style=\"text-align: center;\" width=\"43\"><\/td>\n<\/tr>\n<tr>\n<td style=\"text-align: center;\"><span style=\"font-family: 'times new roman', times, serif; font-size: 10pt;\">2<\/span><\/td>\n<td><span style=\"font-family: 'times new roman', times, serif; font-size: 10pt;\">Katharina Elisabeth<\/span><\/td>\n<td style=\"text-align: center;\"><span style=\"font-family: 'times new roman', times, serif; font-size: 10pt;\">26.04.1702<\/span><\/td>\n<td style=\"text-align: center;\"><span style=\"font-family: 'times new roman', times, serif; font-size: 10pt;\">01.05.1702<\/span><\/td>\n<td style=\"text-align: center;\"><\/td>\n<td style=\"text-align: center;\"><\/td>\n<td style=\"text-align: center;\"><\/td>\n<td style=\"text-align: center;\"><\/td>\n<td style=\"text-align: center;\"><\/td>\n<\/tr>\n<\/tbody>\n<\/table>\n<p style=\"text-align: justify;\"><span style=\"font-family: 'times new roman', times, serif; font-size: 10pt;\"><strong>Paten: zu 1)<\/strong> <em>Joh: Andreas Kr\u00f6ck, p[ro] t[empore] Pf[a]rr[e]r zu Singhoven; David Fuhr, Einwohner zu Holtzhausen auf der Heiden; v[nd] Anna Maria, Joh: Henrich Ebenauwen, Pf[a]rr[e]rs zu Marienfels, ehleibliche Dochter <\/em><strong>\u2014 zu 2) <\/strong><em>Anna Catharina, Joh: Peter K\u00fcmpels, Schultheisen Hausfrauw in Schuppach, runckelischer H[err]schafft; Catharina Elisabeth, H[errn] Jost Kr\u00f6ckens, Defin[itor] v[nd] Pfarrers zu Holtzhausen vfr Heiden Tochter; Joh: Peter Braun, Becker in Miehlen<\/em><\/span><\/p>\n<hr \/>\n<p><span style=\"font-family: 'times new roman', times, serif; font-size: 10pt;\"><span style=\"color: #ff0000;\"><strong><u><a id=\"kunz\"><\/a>Kunz<\/u><\/strong><strong>, Jakob:<\/strong> <\/span>Schweinehirt zu Marienfels<\/span><\/p>\n<p><span style=\"font-family: 'times new roman', times, serif; font-size: 10pt;\"><strong>oo<\/strong> mit <strong>Magdalena:<\/strong> bg. 14.05.1685 Marienfels, 56 Jahre alt<\/span><\/p>\n<hr \/>\n<p><span style=\"font-family: 'times new roman', times, serif; font-size: 10pt;\"><span style=\"color: #ff0000;\"><strong><u>Kunz<\/u><\/strong><strong>, Johann Adam:<\/strong> <\/span>Hirt in Marienfels<\/span><\/p>\n<p><span style=\"font-family: 'times new roman', times, serif; font-size: 10pt;\"><strong>oo<\/strong> mit <strong>Anna Maria<\/strong><\/span><\/p>\n<table>\n<tbody>\n<tr>\n<td style=\"text-align: center;\" width=\"30\"><span style=\"font-family: 'times new roman', times, serif; font-size: 10pt;\"><strong>Nr.<\/strong><\/span><\/td>\n<td width=\"136\"><span style=\"font-family: 'times new roman', times, serif; font-size: 10pt;\"><strong>Vorname (normiert)<\/strong><\/span><\/td>\n<td style=\"text-align: center;\" width=\"76\"><span style=\"font-family: 'times new roman', times, serif; font-size: 10pt;\"><strong>geboren<\/strong><\/span><\/td>\n<td style=\"text-align: center;\" width=\"76\"><span style=\"font-family: 'times new roman', times, serif; font-size: 10pt;\"><strong>getauft<\/strong><\/span><\/td>\n<td style=\"text-align: center;\" width=\"69\"><span style=\"font-family: 'times new roman', times, serif; font-size: 10pt;\"><strong>konfirmiert<\/strong><\/span><\/td>\n<td style=\"text-align: center;\" width=\"68\"><span style=\"font-family: 'times new roman', times, serif; font-size: 10pt;\"><strong>gestorben<\/strong><\/span><\/td>\n<td style=\"text-align: center;\" width=\"66\"><span style=\"font-family: 'times new roman', times, serif; font-size: 10pt;\"><strong>begraben<\/strong><\/span><\/td>\n<td style=\"text-align: center;\" width=\"41\"><span style=\"font-family: 'times new roman', times, serif; font-size: 10pt;\"><strong>Alter<\/strong><\/span><\/td>\n<td style=\"text-align: center;\" width=\"43\"><span style=\"font-family: 'times new roman', times, serif; font-size: 10pt;\"><strong>Stand<\/strong><\/span><\/td>\n<\/tr>\n<tr>\n<td style=\"text-align: center;\" width=\"30\"><span style=\"font-family: 'times new roman', times, serif; font-size: 10pt;\">1<\/span><\/td>\n<td width=\"136\"><span style=\"font-family: 'times new roman', times, serif; font-size: 10pt;\">Johann Leonhard<\/span><\/td>\n<td style=\"text-align: center;\" width=\"76\"><span style=\"font-family: 'times new roman', times, serif; font-size: 10pt;\">23.04.1717<\/span><\/td>\n<td style=\"text-align: center;\" width=\"76\"><span style=\"font-family: 'times new roman', times, serif; font-size: 10pt;\">25.04.1717<\/span><\/td>\n<td style=\"text-align: center;\" width=\"69\"><\/td>\n<td style=\"text-align: center;\" width=\"68\"><\/td>\n<td style=\"text-align: center;\" width=\"66\"><\/td>\n<td style=\"text-align: center;\" width=\"41\"><\/td>\n<td style=\"text-align: center;\" width=\"43\"><\/td>\n<\/tr>\n<\/tbody>\n<\/table>\n<p><span style=\"font-family: 'times new roman', times, serif; font-size: 10pt;\"><strong>Paten:<\/strong> <em>Johann Leonhard May, Einwohner alhier; u. Johann Jacob Kuntz, Hirt zu De\u00dfighofen; u. Anna Magdalen, Joseph Lang, Musquetires H[aus]fr[au]<\/em><\/span><\/p>\n<hr \/>\n<p><span style=\"font-family: 'times new roman', times, serif; font-size: 10pt;\"><span style=\"color: #ff0000;\"><strong><em><u><a id=\"lavordine\"><\/a>la Vordine<\/u><\/em><\/strong><strong> [?], Kaspar:<\/strong> <\/span>ein Heiduck<\/span><\/p>\n<p><span style=\"font-family: 'times new roman', times, serif; font-size: 10pt;\"><strong>oo<\/strong> mit <strong>Anna Maria:<\/strong> ein Heiduck<\/span><\/p>\n<table>\n<tbody>\n<tr>\n<td style=\"text-align: center;\" width=\"30\"><span style=\"font-family: 'times new roman', times, serif; font-size: 10pt;\"><strong>Nr.<\/strong><\/span><\/td>\n<td width=\"135\"><span style=\"font-family: 'times new roman', times, serif; font-size: 10pt;\"><strong>Vorname (normiert)<\/strong><\/span><\/td>\n<td style=\"text-align: center;\" width=\"76\"><span style=\"font-family: 'times new roman', times, serif; font-size: 10pt;\"><strong>geboren<\/strong><\/span><\/td>\n<td style=\"text-align: center;\" width=\"76\"><span style=\"font-family: 'times new roman', times, serif; font-size: 10pt;\"><strong>getauft<\/strong><\/span><\/td>\n<td style=\"text-align: center;\" width=\"69\"><span style=\"font-family: 'times new roman', times, serif; font-size: 10pt;\"><strong>konfirmiert<\/strong><\/span><\/td>\n<td style=\"text-align: center;\" width=\"68\"><span style=\"font-family: 'times new roman', times, serif; font-size: 10pt;\"><strong>gestorben<\/strong><\/span><\/td>\n<td style=\"text-align: center;\" width=\"66\"><span style=\"font-family: 'times new roman', times, serif; font-size: 10pt;\"><strong>begraben<\/strong><\/span><\/td>\n<td style=\"text-align: center;\" width=\"41\"><span style=\"font-family: 'times new roman', times, serif; font-size: 10pt;\"><strong>Alter<\/strong><\/span><\/td>\n<td style=\"text-align: center;\" width=\"43\"><span style=\"font-family: 'times new roman', times, serif; font-size: 10pt;\"><strong>Stand<\/strong><\/span><\/td>\n<\/tr>\n<tr>\n<td style=\"text-align: center;\" width=\"30\"><span style=\"font-family: 'times new roman', times, serif; font-size: 10pt;\">1<\/span><\/td>\n<td width=\"135\"><span style=\"font-family: 'times new roman', times, serif; font-size: 10pt;\">Johann Gottfried<\/span><\/td>\n<td style=\"text-align: center;\" width=\"76\"><span style=\"font-family: 'times new roman', times, serif; font-size: 10pt;\">11.11.1696<\/span><\/td>\n<td style=\"text-align: center;\" width=\"76\"><span style=\"font-family: 'times new roman', times, serif; font-size: 10pt;\">22.11.1696<\/span><\/td>\n<td style=\"text-align: center;\" width=\"69\"><\/td>\n<td style=\"text-align: center;\" width=\"68\"><\/td>\n<td style=\"text-align: center;\" width=\"66\"><\/td>\n<td style=\"text-align: center;\" width=\"41\"><\/td>\n<td style=\"text-align: center;\" width=\"43\"><\/td>\n<\/tr>\n<\/tbody>\n<\/table>\n<p style=\"text-align: justify;\"><span style=\"font-family: 'times new roman', times, serif; font-size: 10pt;\"><strong>Paten: <\/strong><em>Euphrosyne, Joh: Henrich Ebenauen, Pf[a]rr[e]rs alhie ehliche Hausfr:; H[err] Godfrid Rhod, sarbr\u00fcck&#8230; Oberschulteis zu Miehlen; Jost Breithaupt, sarbr: Schulteis zu Marienfels; H[err] Georg Philips \u2026 daselbsten; Paul[us] Schmitt, M\u00fcller alhie<\/em><\/span><\/p>\n<hr \/>\n<p><span style=\"font-family: 'times new roman', times, serif; font-size: 10pt;\"><span style=\"color: #ff0000;\"><strong><u><a id=\"loew\"><\/a>L\u00f6w<\/u><\/strong><strong>, Maria Elisabeth:<\/strong> <\/span>Tochter des verst. Pfarrers Andreas L\u00f6w zu Michelbach; konf. 12.04.1696 Marienfels<\/span><\/p>\n<hr \/>\n<p><span style=\"font-family: 'times new roman', times, serif; font-size: 10pt;\"><span style=\"color: #ff0000;\"><strong><u><a id=\"matthes\"><\/a>Matthes<\/u><\/strong><strong>, Johann Nikolaus:<\/strong> <\/span>M\u00fcller in der <em>Palse<\/em>-M\u00fchle (wohl M\u00fchle des Paul Schmidt auf der Ehrerbach)<\/span><\/p>\n<p><span style=\"font-family: 'times new roman', times, serif; font-size: 10pt;\"><strong>oo<\/strong> mit <strong>Anna Maria<\/strong><\/span><\/p>\n<table style=\"width: 100%; height: 140px;\">\n<tbody>\n<tr style=\"height: 28px;\">\n<td style=\"height: 28px; text-align: center;\" width=\"29\"><span style=\"font-family: 'times new roman', times, serif; font-size: 10pt;\"><strong>Nr.<\/strong><\/span><\/td>\n<td style=\"height: 28px;\" width=\"132\"><span style=\"font-family: 'times new roman', times, serif; font-size: 10pt;\"><strong>Vorname (normiert)<\/strong><\/span><\/td>\n<td style=\"height: 28px; text-align: center;\" width=\"77\"><span style=\"font-family: 'times new roman', times, serif; font-size: 10pt;\"><strong>geboren<\/strong><\/span><\/td>\n<td style=\"height: 28px; text-align: center;\" width=\"77\"><span style=\"font-family: 'times new roman', times, serif; font-size: 10pt;\"><strong>getauft<\/strong><\/span><\/td>\n<td style=\"height: 28px; text-align: center;\" width=\"69\"><span style=\"font-family: 'times new roman', times, serif; font-size: 10pt;\"><strong>konfirmiert<\/strong><\/span><\/td>\n<td style=\"height: 28px; text-align: center;\" width=\"64\"><span style=\"font-family: 'times new roman', times, serif; font-size: 10pt;\"><strong>gestorben<\/strong><\/span><\/td>\n<td style=\"height: 28px; text-align: center;\" width=\"77\"><span style=\"font-family: 'times new roman', times, serif; font-size: 10pt;\"><strong>begraben<\/strong><\/span><\/td>\n<td style=\"height: 28px; text-align: center;\" width=\"45\"><span style=\"font-family: 'times new roman', times, serif; font-size: 10pt;\"><strong>Alter<\/strong><\/span><\/td>\n<td style=\"height: 28px; text-align: center;\" width=\"41\"><span style=\"font-family: 'times new roman', times, serif; font-size: 10pt;\"><strong>Stand<\/strong><\/span><\/td>\n<\/tr>\n<tr style=\"height: 28px;\">\n<td style=\"height: 28px; text-align: center;\" width=\"29\"><span style=\"font-family: 'times new roman', times, serif; font-size: 10pt;\">1<\/span><\/td>\n<td style=\"height: 28px;\" width=\"132\"><span style=\"font-family: 'times new roman', times, serif; font-size: 10pt;\">Katharina Elisabeth<\/span><\/td>\n<td style=\"height: 28px; text-align: center;\" width=\"77\"><span style=\"font-family: 'times new roman', times, serif; font-size: 10pt;\">07.06.1725<\/span><\/td>\n<td style=\"height: 28px; text-align: center;\" width=\"77\"><span style=\"font-family: 'times new roman', times, serif; font-size: 10pt;\">10.06.1725<\/span><\/td>\n<td style=\"height: 28px; text-align: center;\" width=\"69\"><\/td>\n<td style=\"height: 28px; text-align: center;\" width=\"64\"><\/td>\n<td style=\"height: 28px; text-align: center;\" width=\"77\"><\/td>\n<td style=\"height: 28px; text-align: center;\" width=\"45\"><\/td>\n<td style=\"height: 28px; text-align: center;\" width=\"41\"><\/td>\n<\/tr>\n<tr style=\"height: 28px;\">\n<td style=\"height: 28px; text-align: center;\"><span style=\"font-family: 'times new roman', times, serif; font-size: 10pt;\">2<\/span><\/td>\n<td style=\"height: 28px;\"><span style=\"font-family: 'times new roman', times, serif; font-size: 10pt;\">Johann Peter<\/span><\/td>\n<td style=\"height: 28px; text-align: center;\"><span style=\"font-family: 'times new roman', times, serif; font-size: 10pt;\">29.12.1728<\/span><\/td>\n<td style=\"height: 28px; text-align: center;\"><span style=\"font-family: 'times new roman', times, serif; font-size: 10pt;\">02.12.1729<\/span><\/td>\n<td style=\"height: 28px; text-align: center;\"><\/td>\n<td style=\"height: 28px; text-align: center;\"><\/td>\n<td style=\"height: 28px; text-align: center;\"><\/td>\n<td style=\"height: 28px; text-align: center;\"><\/td>\n<td style=\"height: 28px; text-align: center;\"><\/td>\n<\/tr>\n<tr style=\"height: 28px;\">\n<td style=\"height: 28px; text-align: center;\"><span style=\"font-family: 'times new roman', times, serif; font-size: 10pt;\">3<\/span><\/td>\n<td style=\"height: 28px;\"><span style=\"font-family: 'times new roman', times, serif; font-size: 10pt;\">Johann Henrich<\/span><\/td>\n<td style=\"height: 28px; text-align: center;\"><span style=\"font-family: 'times new roman', times, serif; font-size: 10pt;\">23.07.1731<\/span><\/td>\n<td style=\"height: 28px; text-align: center;\"><span style=\"font-family: 'times new roman', times, serif; font-size: 10pt;\">25.07.1731<\/span><\/td>\n<td style=\"height: 28px; text-align: center;\"><\/td>\n<td style=\"height: 28px; text-align: center;\"><\/td>\n<td style=\"height: 28px; text-align: center;\"><span style=\"font-family: 'times new roman', times, serif; font-size: 10pt;\">04.10.1731<\/span><\/td>\n<td style=\"height: 28px; text-align: center;\"><span style=\"font-family: 'times new roman', times, serif; font-size: 10pt;\">0,20<\/span><\/td>\n<td style=\"height: 28px; text-align: center;\"><\/td>\n<\/tr>\n<tr style=\"height: 28px;\">\n<td style=\"height: 28px; text-align: center;\"><span style=\"font-family: 'times new roman', times, serif; font-size: 10pt;\">4<\/span><\/td>\n<td style=\"height: 28px;\"><span style=\"font-family: 'times new roman', times, serif; font-size: 10pt;\">Philipp Peter<\/span><\/td>\n<td style=\"height: 28px; text-align: center;\"><span style=\"font-family: 'times new roman', times, serif; font-size: 10pt;\">11.11.1732<\/span><\/td>\n<td style=\"height: 28px; text-align: center;\"><span style=\"font-family: 'times new roman', times, serif; font-size: 10pt;\">11.11.1732<\/span><\/td>\n<td style=\"height: 28px; text-align: center;\"><\/td>\n<td style=\"height: 28px; text-align: center;\"><\/td>\n<td style=\"height: 28px; text-align: center;\"><\/td>\n<td style=\"height: 28px; text-align: center;\"><\/td>\n<td style=\"height: 28px; text-align: center;\"><\/td>\n<\/tr>\n<\/tbody>\n<\/table>\n<p><span style=\"font-family: 'times new roman', times, serif; font-size: 10pt;\">Kind Nr. 4) <em>eodem ob adversam valetudinem in aedibus<\/em><\/span><\/p>\n<p style=\"text-align: justify;\"><span style=\"font-family: 'times new roman', times, serif; font-size: 10pt;\"><strong>Paten: zu 1) <\/strong><em>Anna Elisabeth, Peter Frony eh[liche] Tochter; u. Johann Anthon, Johann Adam Friederich nachgela\u00dfener eh[licher] Sohn; wie auch Elisabetha Catharina, Leonhard Meyens nachgela\u00dfene eh[liche] Tochter <\/em><strong>\u2014 zu 2) <\/strong><em>Johann Philipps Winterwerber, Schuldhei\u00df zu Oberbachheim; u. Anna Magdalena, Henrich Martin Lauxen H[aus]fr[au]; wie auch Johann Peter Bochler, Compagnie Feldscherer unter Herrn Obristen von Wilke <\/em><strong>\u2014 zu 3) <\/strong><em>Johann Henrich Clo\u00df; und Fr[au] Hedwig Gertraud Elisabeth Magdalena, H[errn] Johannes Sattlers, F\u00f6rster zu Dachsenhau\u00dfen, eh[liche] H[aus]fr[au]; u. Johann Henrich, Johann Henrich Kl\u00f6ppels eh[licher] Sohn zu K\u00f6rdorff <\/em><strong>\u2014 zu 4) <\/strong><em>Philipps Peter, Johann Willhelm Clo\u00dfen hinderla\u00dfener eh[licher] Sohn<\/em><\/span><\/p>\n<hr \/>\n<p style=\"text-align: justify;\"><span style=\"font-family: 'times new roman', times, serif; font-size: 10pt;\"><span style=\"color: #ff0000;\"><strong><u><a id=\"may\"><\/a>May<\/u><\/strong><strong>, Johann Jakob:<\/strong> <\/span>1693 \u00edn Marienfels, ab 1696 in Dornholzhausen; * 09.07.1670 Dornholzhausen (gt. 17.07.); konf. 27.03.1684; Sohn des Johann Anton May sen. zu Dornholzhausen<\/span><\/p>\n<p><span style=\"font-family: 'times new roman', times, serif; font-size: 10pt;\"><strong>oo 05.04.1692 Marienfels<\/strong> mit <strong><u>Spitzley<\/u>, Anna Ursula:<\/strong> * 23.01.1722 Dornholzhausen (bg. 25.01.), 53 Jahre alt; Eltern: Valentin Spitzley und Anna Katharina<\/span><\/p>\n<table style=\"width: 100%;\">\n<tbody>\n<tr>\n<td style=\"text-align: center; width: 6.54762%;\" width=\"21\"><span style=\"font-family: 'times new roman', times, serif; font-size: 10pt;\"><strong>Nr.<\/strong><\/span><\/td>\n<td style=\"width: 18.0952%;\" width=\"134\"><span style=\"font-family: 'times new roman', times, serif; font-size: 10pt;\"><strong>Vorname (normiert)<\/strong><\/span><\/td>\n<td style=\"text-align: center; width: 12.381%;\" width=\"78\"><span style=\"font-family: 'times new roman', times, serif; font-size: 10pt;\"><strong>geboren<\/strong><\/span><\/td>\n<td style=\"text-align: center; width: 11.6667%;\" width=\"72\"><span style=\"font-family: 'times new roman', times, serif; font-size: 10pt;\"><strong>getauft<\/strong><\/span><\/td>\n<td style=\"text-align: center; width: 12.2619%;\" width=\"77\"><span style=\"font-family: 'times new roman', times, serif; font-size: 10pt;\"><strong>konfirmiert<\/strong><\/span><\/td>\n<td style=\"text-align: center; width: 11.7857%;\" width=\"73\"><span style=\"font-family: 'times new roman', times, serif; font-size: 10pt;\"><strong>gestorben<\/strong><\/span><\/td>\n<td style=\"text-align: center; width: 12.0238%;\" width=\"75\"><span style=\"font-family: 'times new roman', times, serif; font-size: 10pt;\"><strong>begraben<\/strong><\/span><\/td>\n<td style=\"text-align: center; width: 8.33333%;\" width=\"47\"><span style=\"font-family: 'times new roman', times, serif; font-size: 10pt;\"><strong>Alter<\/strong><\/span><\/td>\n<td style=\"text-align: center; width: 6.66667%;\" width=\"35\"><span style=\"font-family: 'times new roman', times, serif; font-size: 10pt;\"><strong>Stand<\/strong><\/span><\/td>\n<\/tr>\n<tr>\n<td style=\"text-align: center; width: 6.54762%;\" width=\"21\"><span style=\"font-family: 'times new roman', times, serif; font-size: 10pt;\">1<\/span><\/td>\n<td style=\"width: 18.0952%;\" width=\"134\"><span style=\"font-family: 'times new roman', times, serif; font-size: 10pt;\">Anna Christina<\/span><\/td>\n<td style=\"text-align: center; width: 12.381%;\" width=\"78\"><span style=\"font-family: 'times new roman', times, serif; font-size: 10pt;\">13.09.1693<\/span><\/td>\n<td style=\"text-align: center; width: 11.6667%;\" width=\"72\"><span style=\"font-family: 'times new roman', times, serif; font-size: 10pt;\">17.09.1693<\/span><\/td>\n<td style=\"text-align: center; width: 12.2619%;\" width=\"77\"><\/td>\n<td style=\"text-align: center; width: 11.7857%;\" width=\"73\"><\/td>\n<td style=\"text-align: center; width: 12.0238%;\" width=\"75\"><span style=\"font-family: 'times new roman', times, serif; font-size: 10pt;\">14.08.1695<\/span><\/td>\n<td style=\"text-align: center; width: 8.33333%;\" width=\"47\"><span style=\"font-family: 'times new roman', times, serif; font-size: 10pt;\">1,91<\/span><\/td>\n<td style=\"text-align: center; width: 6.66667%;\" width=\"35\"><\/td>\n<\/tr>\n<tr>\n<td style=\"text-align: center; width: 6.54762%;\" width=\"21\"><span style=\"font-family: 'times new roman', times, serif; font-size: 10pt;\">2<\/span><\/td>\n<td style=\"width: 18.0952%;\" width=\"134\"><span style=\"font-family: 'times new roman', times, serif; font-size: 10pt;\">Elisabeth Katharina<\/span><\/td>\n<td style=\"text-align: center; width: 12.381%;\" width=\"78\"><span style=\"font-family: 'times new roman', times, serif; font-size: 10pt;\">11.09.1696<\/span><\/td>\n<td style=\"text-align: center; width: 11.6667%;\" width=\"72\"><span style=\"font-family: 'times new roman', times, serif; font-size: 10pt;\">13.09.1696<\/span><\/td>\n<td style=\"text-align: center; width: 12.2619%;\" width=\"77\"><span style=\"font-family: 'times new roman', times, serif; font-size: 10pt;\">20.04.1710<\/span><\/td>\n<td style=\"text-align: center; width: 11.7857%;\" width=\"73\"><\/td>\n<td style=\"text-align: center; width: 12.0238%;\" width=\"75\"><\/td>\n<td style=\"text-align: center; width: 8.33333%;\" width=\"47\"><\/td>\n<td style=\"text-align: center; width: 6.66667%;\" width=\"35\"><\/td>\n<\/tr>\n<tr>\n<td style=\"text-align: center; width: 6.54762%;\"><span style=\"font-family: 'times new roman', times, serif; font-size: 10pt;\">3<\/span><\/td>\n<td style=\"width: 18.0952%;\"><span style=\"font-family: 'times new roman', times, serif; font-size: 10pt;\">Anna Margaretha<\/span><\/td>\n<td style=\"text-align: center; width: 12.381%;\"><span style=\"font-family: 'times new roman', times, serif; font-size: 10pt;\">16.12.1699<\/span><\/td>\n<td style=\"text-align: center; width: 11.6667%;\"><span style=\"font-family: 'times new roman', times, serif; font-size: 10pt;\">21.12.1699<\/span><\/td>\n<td style=\"text-align: center; width: 12.2619%;\"><\/td>\n<td style=\"text-align: center; width: 11.7857%;\"><span style=\"font-family: 'times new roman', times, serif; font-size: 10pt;\">13.03.1706<\/span><\/td>\n<td style=\"text-align: center; width: 12.0238%;\"><span style=\"font-family: 'times new roman', times, serif; font-size: 10pt;\">14.03.1706<\/span><\/td>\n<td style=\"text-align: center; width: 8.33333%;\"><span style=\"font-family: 'times new roman', times, serif; font-size: 10pt;\">6,24<\/span><\/td>\n<td style=\"text-align: center; width: 6.66667%;\"><\/td>\n<\/tr>\n<tr>\n<td style=\"text-align: center; width: 6.54762%;\"><span style=\"font-family: 'times new roman', times, serif; font-size: 10pt;\">4<\/span><\/td>\n<td style=\"width: 18.0952%;\"><span style=\"font-family: 'times new roman', times, serif; font-size: 10pt;\">Elisabeth Margaretha<\/span><\/td>\n<td style=\"text-align: center; width: 12.381%;\"><span style=\"font-family: 'times new roman', times, serif; font-size: 10pt;\">05.01.1703<\/span><\/td>\n<td style=\"text-align: center; width: 11.6667%;\"><span style=\"font-family: 'times new roman', times, serif; font-size: 10pt;\">12.01.1703<\/span><\/td>\n<td style=\"text-align: center; width: 12.2619%;\"><span style=\"font-family: 'times new roman', times, serif; font-size: 10pt;\">xx.xx.1716<\/span><\/td>\n<td style=\"text-align: center; width: 11.7857%;\"><\/td>\n<td style=\"text-align: center; width: 12.0238%;\"><\/td>\n<td style=\"text-align: center; width: 8.33333%;\"><\/td>\n<td style=\"text-align: center; width: 6.66667%;\"><\/td>\n<\/tr>\n<\/tbody>\n<\/table>\n<p><span style=\"font-family: 'times new roman', times, serif; font-size: 10pt;\">Kind Nr. 1) * Marienfels; + Dornholzhausen<br \/>\n<\/span><span style=\"font-family: 'times new roman', times, serif; font-size: 10pt;\">Kind Nr. 2) \u2013 4) * Dornholzhausen<\/span><\/p>\n<p style=\"text-align: justify;\"><span style=\"font-family: 'times new roman', times, serif; font-size: 10pt;\"><strong>Paten: zu 1) <\/strong><em>Anna Christina, Joh: Leonhard Mayen zu Dornholtzhausen Hausfrauw; Anna Appolonia, Peter Lauxen Hausfr:, Senioris zu Marienfels; Thomas Balthasar, p[ro] t[empore] serv[us] pastoris, Niclas Balthasars sel: von Bogel nachgelassener Sohn <\/em><strong>\u2014 zu 2) <\/strong><em>Joh: Gottfr&lt;ied&gt; Mey, Han\u00df D\u00f6nge\u00dfen Sohn; v[nd] Anna Catharina, Martin Mey Frauw; v[nd] Anna Elisabetha, Asmus Gerhards Tochter zu Holtzhau\u00dfen <\/em><strong>\u2014 zu 3) <\/strong><em>Philip\u00df Liebenstein; Anna Margretha, Joh: Jacob Meyen Ehefraw, u. Anna Margretha, Thei\u00dfen Anthons Tochter zu D\u00f6rnholzhau\u00dfen <\/em><strong>\u2014 zu 4) <\/strong><em>Joh: D\u00f6nges Becker, Joh: Beckers see[lig] von Schweighau\u00dfen Sohn; u. Anna Margretha, Conrad Wendel Cuntzens see[lig] Wittib von De\u00dfighoffen; u. Elisabetha Christina, Joh: Daniels N: see[lig] von Huntzel Tochter<\/em><\/span><\/p>\n<hr \/>\n<p style=\"text-align: justify;\"><span style=\"font-family: 'times new roman', times, serif; font-size: 10pt;\"><span style=\"color: #ff0000;\"><strong><u>May<\/u><\/strong><strong>, Johann Gottfried:<\/strong> <\/span>Sohn des Leonhard May von Oberwies; bg. 15.04.1687 Marienfels, 25 Jahre alt; war bereits 2mal proklamiert und mit Anna Maria, Tochter des verst. Meister Wilhelm Gemmerich von Denighofen, verweinkauft gewesen<\/span><\/p>\n<hr \/>\n<p style=\"text-align: justify;\"><span style=\"font-family: 'times new roman', times, serif; font-size: 10pt;\"><span style=\"color: #ff0000;\"><strong><u>May<\/u><\/strong><\/span><strong><span style=\"color: #ff0000;\">, Johann Leonhard:<\/span> <\/strong>* 12.11.1672 Dornholzhausen (gt. 17.11.); konf. 01.04.1686 Dornholzhausen; bg. 09.04.1719 Marienfels; 47 Jahre, 18 Wochen und 6 Tage alt; Eltern: Johann Jakob May d. \u00c4. aus Oberwies und Anna Margaretha geb. Gensmann<\/span><\/p>\n<p style=\"text-align: justify;\"><span style=\"font-family: 'times new roman', times, serif; font-size: 10pt;\"><strong>oo I. 27.02.1696 Dornholzhausen<\/strong> mit <strong><u>Gemmerich<\/u>, Anna Katharina:<\/strong> * 10.01.1677 Gesig (gt. 14.01.); bg. 10.12.1713 Marienfels, 36 Jahre alt; Eltern: Hermann Gemmerich und Anna Sophia aus Geisig<\/span><\/p>\n<table>\n<tbody>\n<tr>\n<td style=\"text-align: center;\" width=\"27\"><span style=\"font-family: 'times new roman', times, serif; font-size: 10pt;\"><strong>Nr.<\/strong><\/span><\/td>\n<td width=\"128\"><span style=\"font-family: 'times new roman', times, serif; font-size: 10pt;\"><strong>Vorname (normiert)<\/strong><\/span><\/td>\n<td style=\"text-align: center;\" width=\"74\"><span style=\"font-family: 'times new roman', times, serif; font-size: 10pt;\"><strong>geboren<\/strong><\/span><\/td>\n<td style=\"text-align: center;\" width=\"74\"><span style=\"font-family: 'times new roman', times, serif; font-size: 10pt;\"><strong>getauft<\/strong><\/span><\/td>\n<td style=\"text-align: center;\" width=\"76\"><span style=\"font-family: 'times new roman', times, serif; font-size: 10pt;\"><strong>konfirmiert<\/strong><\/span><\/td>\n<td style=\"text-align: center;\" width=\"60\"><span style=\"font-family: 'times new roman', times, serif; font-size: 10pt;\"><strong>gestorben<\/strong><\/span><\/td>\n<td style=\"text-align: center;\" width=\"74\"><span style=\"font-family: 'times new roman', times, serif; font-size: 10pt;\"><strong>begraben<\/strong><\/span><\/td>\n<td style=\"text-align: center;\" width=\"44\"><span style=\"font-family: 'times new roman', times, serif; font-size: 10pt;\"><strong>Alter<\/strong><\/span><\/td>\n<td style=\"text-align: center;\" width=\"45\"><span style=\"font-family: 'times new roman', times, serif; font-size: 10pt;\"><strong>Stand<\/strong><\/span><\/td>\n<\/tr>\n<tr>\n<td style=\"text-align: center;\" width=\"27\"><span style=\"font-family: 'times new roman', times, serif; font-size: 10pt;\">1<\/span><\/td>\n<td width=\"128\"><span style=\"font-family: 'times new roman', times, serif; font-size: 10pt;\">Johann David<\/span><\/td>\n<td style=\"text-align: center;\" width=\"74\"><span style=\"font-family: 'times new roman', times, serif; font-size: 10pt;\">05.02.1697<\/span><\/td>\n<td style=\"text-align: center;\" width=\"74\"><span style=\"font-family: 'times new roman', times, serif; font-size: 10pt;\">14.02.1697<\/span><\/td>\n<td style=\"text-align: center;\" width=\"76\"><span style=\"font-family: 'times new roman', times, serif; font-size: 10pt;\">24.05.1711<\/span><\/td>\n<td style=\"text-align: center;\" width=\"60\"><\/td>\n<td style=\"text-align: center;\" width=\"74\"><\/td>\n<td style=\"text-align: center;\" width=\"44\"><\/td>\n<td style=\"text-align: center;\" width=\"45\"><span style=\"font-family: 'times new roman', times, serif; font-size: 10pt;\">verh.<\/span><\/td>\n<\/tr>\n<tr>\n<td style=\"text-align: center;\"><span style=\"font-family: 'times new roman', times, serif; font-size: 10pt;\">2<\/span><\/td>\n<td><span style=\"font-family: 'times new roman', times, serif; font-size: 10pt;\">Philipp Adam<\/span><\/td>\n<td style=\"text-align: center;\"><span style=\"font-family: 'times new roman', times, serif; font-size: 10pt;\">12.03.1699<\/span><\/td>\n<td style=\"text-align: center;\"><span style=\"font-family: 'times new roman', times, serif; font-size: 10pt;\">15.03.1699<\/span><\/td>\n<td style=\"text-align: center;\"><\/td>\n<td style=\"text-align: center;\"><\/td>\n<td style=\"text-align: center;\"><span style=\"font-family: 'times new roman', times, serif; font-size: 10pt;\">21.09.1699<\/span><\/td>\n<td style=\"text-align: center;\"><span style=\"font-family: 'times new roman', times, serif; font-size: 10pt;\">0,52<\/span><\/td>\n<td style=\"text-align: center;\"><\/td>\n<\/tr>\n<tr>\n<td style=\"text-align: center;\"><span style=\"font-family: 'times new roman', times, serif; font-size: 10pt;\">3<\/span><\/td>\n<td><span style=\"font-family: 'times new roman', times, serif; font-size: 10pt;\">Anna Maria<\/span><\/td>\n<td style=\"text-align: center;\"><span style=\"font-family: 'times new roman', times, serif; font-size: 10pt;\">23.08.1705<\/span><\/td>\n<td style=\"text-align: center;\"><span style=\"font-family: 'times new roman', times, serif; font-size: 10pt;\">24.08.1705<\/span><\/td>\n<td style=\"text-align: center;\"><span style=\"font-family: 'times new roman', times, serif; font-size: 10pt;\">09.04.1719<\/span><\/td>\n<td style=\"text-align: center;\"><\/td>\n<td style=\"text-align: center;\"><\/td>\n<td style=\"text-align: center;\"><\/td>\n<td style=\"text-align: center;\"><\/td>\n<\/tr>\n<tr>\n<td style=\"text-align: center;\"><span style=\"font-family: 'times new roman', times, serif; font-size: 10pt;\">4<\/span><\/td>\n<td><span style=\"font-family: 'times new roman', times, serif; font-size: 10pt;\">Elisabeth Katharina<\/span><\/td>\n<td style=\"text-align: center;\"><span style=\"font-family: 'times new roman', times, serif; font-size: 10pt;\">02.11.1708<\/span><\/td>\n<td style=\"text-align: center;\"><span style=\"font-family: 'times new roman', times, serif; font-size: 10pt;\">07.11.1708<\/span><\/td>\n<td style=\"text-align: center;\"><span style=\"font-family: 'times new roman', times, serif; font-size: 10pt;\">01.06.1721<\/span><\/td>\n<td style=\"text-align: center;\"><\/td>\n<td style=\"text-align: center;\"><span style=\"font-family: 'times new roman', times, serif; font-size: 10pt;\">07.01.1744<\/span><\/td>\n<td style=\"text-align: center;\"><span style=\"font-family: 'times new roman', times, serif; font-size: 10pt;\">35,19<\/span><\/td>\n<td style=\"text-align: center;\"><span style=\"font-family: 'times new roman', times, serif; font-size: 10pt;\">verh.<\/span><\/td>\n<\/tr>\n<tr>\n<td style=\"text-align: center;\"><span style=\"font-family: 'times new roman', times, serif; font-size: 10pt;\">5<\/span><\/td>\n<td><span style=\"font-family: 'times new roman', times, serif; font-size: 10pt;\">Anna Margaretha<\/span><\/td>\n<td style=\"text-align: center;\"><span style=\"font-family: 'times new roman', times, serif; font-size: 10pt;\">17.12.1712<\/span><\/td>\n<td style=\"text-align: center;\"><span style=\"font-family: 'times new roman', times, serif; font-size: 10pt;\">17.12.1712<\/span><\/td>\n<td style=\"text-align: center;\"><span style=\"font-family: 'times new roman', times, serif; font-size: 10pt;\">21.04.1726<\/span><\/td>\n<td style=\"text-align: center;\"><\/td>\n<td style=\"text-align: center;\"><\/td>\n<td style=\"text-align: center;\"><\/td>\n<td style=\"text-align: center;\"><span style=\"font-family: 'times new roman', times, serif; font-size: 10pt;\">verh.<\/span><\/td>\n<\/tr>\n<\/tbody>\n<\/table>\n<p><span style=\"font-family: 'times new roman', times, serif; font-size: 10pt;\">Kind Nr. 1) oo 14.02.1730 Marienfels mit Margaretha Katharina, Tochter des Johann Peter Klos von Berg<br \/>\n<\/span><span style=\"font-family: 'times new roman', times, serif; font-size: 10pt;\">Kind Nr. 4) + Berg; oo 26.02.1726 Marienfels mit Johann Peter, Sohn des verst. Nikolaus Haxel, Kirchensenior zur Berg<br \/>\n<\/span><span style=\"font-family: 'times new roman', times, serif; font-size: 10pt;\">Kind Nr. 5) <em>renata eodem in casu necessitatis; <\/em>oo 12.06.1731 Marienfels mit Johann Paul, Sohn des Johann Peter Klos zu Berg<\/span><\/p>\n<p style=\"text-align: justify;\"><span style=\"font-family: 'times new roman', times, serif; font-size: 10pt;\"><strong>Paten: zu 1) <\/strong><em>Anna Margretha, Adam Lauxens, Gericht-Sch\u00f6pffens, Dochter ibidem; Joh: Adam, Joh: Jacob Gemrichs sel: nachgelassener Sohn ibidem; Joh: David, Hans D\u00f6nges Mayen Sohn zu Kelbach <\/em><strong>\u2014 zu 2) <\/strong><em>Johannes Adam Ansel zu Marienfels; Philips Adam, Herman Gemrichs Sohn zu Geisig; Anna Margretha, Joh: Jacob Mayen zu Dornholtzhausen Hausfrauw <\/em><strong>\u2014 zu 3) <\/strong><em>Adam Keiser ibidem; Joh[ann] Adam Clos ibid[em]; Catharina, Friederichs Rielen sel: Dochter zu Schweighausen <\/em><strong>\u2014 zu 4) <\/strong><em>Joh: Henrich Gemrich, M\u00fcller zu Geisig; Elisabetha Catharina, Joh: Daniel Mayen Hausfr: zu Dornholtzhausen; Anna Catharina, Wilhelm Closen Hausfr: zu Marienfels <\/em><strong>\u2014 zu 5) <\/strong><em>D\u00f6nges May von De\u00dfigoffen; vnd Anna Magdalena, Henrich M\u00e4rten Lauxen Hau\u00dffrau zu Marienfel\u00df; v[nd] Eva Margretha, Johann Adams Ansels seine Hau\u00dffr:<\/em><\/span><\/p>\n<p style=\"text-align: justify;\"><span style=\"font-family: 'times new roman', times, serif; font-size: 10pt;\"><strong>oo II. 26.02.1715 Marienfels<\/strong> mit <strong><u>Heinz<\/u>, Anna Margaretha:<\/strong> gt. 29.09.1667 Oberbachheim; konf. 22.05.1681 Niederbachheim; bg. 19.04.1739 Marienfels, 71 Jahre und 7 Monate alt; Eltern: Hans Th\u00f6nges Heinz und Anna Katharina<\/span><\/p>\n<hr \/>\n<p><span style=\"font-family: 'times new roman', times, serif; font-size: 10pt;\"><span style=\"color: #ff0000;\"><strong><u>May<\/u><\/strong><strong>, Anna Katharina:<\/strong> <\/span>Tochter des Leonhard May von Marienfels; bg. 17.06.1706 Marienfels, 13 Jahre alt<\/span><\/p>\n<hr \/>\n<p><span style=\"font-family: 'times new roman', times, serif; font-size: 10pt;\"><span style=\"color: #ff0000;\"><strong><u>May<\/u><\/strong><\/span><strong><span style=\"color: #ff0000;\">, Johann David:<\/span> <\/strong>* 05.02.1697 Marienfels (gt. 14.02.); konf. 24.05.1711; Eltern: Johann Leonhard May und Anna Katharina geb. Gemmerich<\/span><\/p>\n<p style=\"text-align: justify;\"><span style=\"font-family: 'times new roman', times, serif; font-size: 10pt;\"><strong>oo <\/strong><strong>14.02.1730 Marienfels<\/strong> mit <strong><u>Klos<\/u>, Margaretha Katharina:<\/strong> * 08.08.1712 Berg (gt. 14.08.); konf. 21.04.1726; Eltern: Johann Peter Klos und Anna Gertrud geb. Haxel<\/span><\/p>\n<table>\n<tbody>\n<tr>\n<td style=\"text-align: center;\" width=\"27\"><span style=\"font-family: 'times new roman', times, serif; font-size: 10pt;\"><strong>Nr.<\/strong><\/span><\/td>\n<td width=\"126\"><span style=\"font-family: 'times new roman', times, serif; font-size: 10pt;\"><strong>Vorname (normiert)<\/strong><\/span><\/td>\n<td style=\"text-align: center;\" width=\"74\"><span style=\"font-family: 'times new roman', times, serif; font-size: 10pt;\"><strong>geboren<\/strong><\/span><\/td>\n<td style=\"text-align: center;\" width=\"74\"><span style=\"font-family: 'times new roman', times, serif; font-size: 10pt;\"><strong>getauft<\/strong><\/span><\/td>\n<td style=\"text-align: center;\" width=\"75\"><span style=\"font-family: 'times new roman', times, serif; font-size: 10pt;\"><strong>konfirmiert<\/strong><\/span><\/td>\n<td style=\"text-align: center;\" width=\"75\"><span style=\"font-family: 'times new roman', times, serif; font-size: 10pt;\"><strong>gestorben<\/strong><\/span><\/td>\n<td style=\"text-align: center;\" width=\"74\"><span style=\"font-family: 'times new roman', times, serif; font-size: 10pt;\"><strong>begraben<\/strong><\/span><\/td>\n<td style=\"text-align: center;\" width=\"42\"><span style=\"font-family: 'times new roman', times, serif; font-size: 10pt;\"><strong>Alter<\/strong><\/span><\/td>\n<td style=\"text-align: center;\" width=\"37\"><span style=\"font-family: 'times new roman', times, serif; font-size: 10pt;\"><strong>Stand<\/strong><\/span><\/td>\n<\/tr>\n<tr>\n<td style=\"text-align: center;\" width=\"27\"><span style=\"font-family: 'times new roman', times, serif; font-size: 10pt;\">1<\/span><\/td>\n<td width=\"126\"><span style=\"font-family: 'times new roman', times, serif; font-size: 10pt;\">Elisabeth Katharina<\/span><\/td>\n<td style=\"text-align: center;\" width=\"74\"><span style=\"font-family: 'times new roman', times, serif; font-size: 10pt;\">19.07.1732<\/span><\/td>\n<td style=\"text-align: center;\" width=\"74\"><span style=\"font-family: 'times new roman', times, serif; font-size: 10pt;\">20.07.1732<\/span><\/td>\n<td style=\"text-align: center;\" width=\"75\"><span style=\"font-family: 'times new roman', times, serif; font-size: 10pt;\">24.04.1746<\/span><\/td>\n<td style=\"text-align: center;\" width=\"75\"><\/td>\n<td style=\"text-align: center;\" width=\"74\"><\/td>\n<td style=\"text-align: center;\" width=\"42\"><\/td>\n<td style=\"text-align: center;\" width=\"37\"><\/td>\n<\/tr>\n<tr>\n<td style=\"text-align: center;\"><span style=\"font-family: 'times new roman', times, serif; font-size: 10pt;\">2<\/span><\/td>\n<td><span style=\"font-family: 'times new roman', times, serif; font-size: 10pt;\">Maria Gertrud<\/span><\/td>\n<td style=\"text-align: center;\"><span style=\"font-family: 'times new roman', times, serif; font-size: 10pt;\">13.05.1734<\/span><\/td>\n<td style=\"text-align: center;\"><span style=\"font-family: 'times new roman', times, serif; font-size: 10pt;\">14.05.1734<\/span><\/td>\n<td style=\"text-align: center;\"><\/td>\n<td style=\"text-align: center;\"><\/td>\n<td style=\"text-align: center;\"><span style=\"font-family: 'times new roman', times, serif; font-size: 10pt;\">20.01.1738<\/span><\/td>\n<td style=\"text-align: center;\"><span style=\"font-family: 'times new roman', times, serif; font-size: 10pt;\">3,74<\/span><\/td>\n<td style=\"text-align: center;\"><\/td>\n<\/tr>\n<tr>\n<td style=\"text-align: center;\"><span style=\"font-family: 'times new roman', times, serif; font-size: 10pt;\">3<\/span><\/td>\n<td><span style=\"font-family: 'times new roman', times, serif; font-size: 10pt;\">Anna Margaretha<\/span><\/td>\n<td style=\"text-align: center;\"><span style=\"font-family: 'times new roman', times, serif; font-size: 10pt;\">10.02.1736<\/span><\/td>\n<td style=\"text-align: center;\"><span style=\"font-family: 'times new roman', times, serif; font-size: 10pt;\">12.02.1736<\/span><\/td>\n<td style=\"text-align: center;\"><\/td>\n<td style=\"text-align: center;\"><span style=\"font-family: 'times new roman', times, serif; font-size: 10pt;\">26.09.1738<\/span><\/td>\n<td style=\"text-align: center;\"><span style=\"font-family: 'times new roman', times, serif; font-size: 10pt;\">28.09.1738<\/span><\/td>\n<td style=\"text-align: center;\"><span style=\"font-family: 'times new roman', times, serif; font-size: 10pt;\">2,67<\/span><\/td>\n<td style=\"text-align: center;\"><\/td>\n<\/tr>\n<tr>\n<td style=\"text-align: center;\"><span style=\"font-family: 'times new roman', times, serif; font-size: 10pt;\">4<\/span><\/td>\n<td><span style=\"font-family: 'times new roman', times, serif; font-size: 10pt;\">Anna Maria<\/span><\/td>\n<td style=\"text-align: center;\"><span style=\"font-family: 'times new roman', times, serif; font-size: 10pt;\">17.03.1738<\/span><\/td>\n<td style=\"text-align: center;\"><span style=\"font-family: 'times new roman', times, serif; font-size: 10pt;\">18.03.1738<\/span><\/td>\n<td style=\"text-align: center;\"><\/td>\n<td style=\"text-align: center;\"><\/td>\n<td style=\"text-align: center;\"><\/td>\n<td style=\"text-align: center;\"><\/td>\n<td style=\"text-align: center;\"><\/td>\n<\/tr>\n<tr>\n<td style=\"text-align: center;\"><span style=\"font-family: 'times new roman', times, serif; font-size: 10pt;\">5<\/span><\/td>\n<td><span style=\"font-family: 'times new roman', times, serif; font-size: 10pt;\">Maria Margaretha<\/span><\/td>\n<td style=\"text-align: center;\"><span style=\"font-family: 'times new roman', times, serif; font-size: 10pt;\">19.08.1740<\/span><\/td>\n<td style=\"text-align: center;\"><span style=\"font-family: 'times new roman', times, serif; font-size: 10pt;\">21.08.1740<\/span><\/td>\n<td style=\"text-align: center;\"><\/td>\n<td style=\"text-align: center;\"><\/td>\n<td style=\"text-align: center;\"><\/td>\n<td style=\"text-align: center;\"><\/td>\n<td style=\"text-align: center;\"><\/td>\n<\/tr>\n<tr>\n<td style=\"text-align: center;\"><span style=\"font-family: 'times new roman', times, serif; font-size: 10pt;\">6<\/span><\/td>\n<td><span style=\"font-family: 'times new roman', times, serif; font-size: 10pt;\">Johann Peter<\/span><\/td>\n<td style=\"text-align: center;\"><span style=\"font-family: 'times new roman', times, serif; font-size: 10pt;\">08.10.1742<\/span><\/td>\n<td style=\"text-align: center;\"><span style=\"font-family: 'times new roman', times, serif; font-size: 10pt;\">10.10.1742<\/span><\/td>\n<td style=\"text-align: center;\"><\/td>\n<td style=\"text-align: center;\"><\/td>\n<td style=\"text-align: center;\"><span style=\"font-family: 'times new roman', times, serif; font-size: 10pt;\">05.11.1743<\/span><\/td>\n<td style=\"text-align: center;\"><span style=\"font-family: 'times new roman', times, serif; font-size: 10pt;\">1,09<\/span><\/td>\n<td style=\"text-align: center;\"><\/td>\n<\/tr>\n<tr>\n<td style=\"text-align: center;\"><span style=\"font-family: 'times new roman', times, serif; font-size: 10pt;\">7<\/span><\/td>\n<td><span style=\"font-family: 'times new roman', times, serif; font-size: 10pt;\">Katharina Elisabeth<\/span><\/td>\n<td style=\"text-align: center;\"><span style=\"font-family: 'times new roman', times, serif; font-size: 10pt;\">28.09.1744<\/span><\/td>\n<td style=\"text-align: center;\"><span style=\"font-family: 'times new roman', times, serif; font-size: 10pt;\">29.09.1744<\/span><\/td>\n<td style=\"text-align: center;\"><\/td>\n<td style=\"text-align: center;\"><\/td>\n<td style=\"text-align: center;\"><span style=\"font-family: 'times new roman', times, serif; font-size: 10pt;\">30.03.1746<\/span><\/td>\n<td style=\"text-align: center;\"><span style=\"font-family: 'times new roman', times, serif; font-size: 10pt;\">1,52<\/span><\/td>\n<td style=\"text-align: center;\"><\/td>\n<\/tr>\n<\/tbody>\n<\/table>\n<p><span style=\"font-family: 'times new roman', times, serif; font-size: 10pt;\">Kind Nr. 3) vom Berger Steg gefallen und ertrunken<\/span><\/p>\n<p style=\"text-align: justify;\"><span style=\"font-family: 'times new roman', times, serif; font-size: 10pt;\"><strong>Paten: zu 1) <\/strong><em>Elisabetha Catharina, Johann Peter Haxels H[aus]fr[au] zu Berg <\/em><strong>\u2014 zu 2) <\/strong><em>Maria Gertraud, Johann Peter Closen eh[liche] H[aus]fr[au] zu Berg <\/em><strong>\u2014 zu 3) <\/strong><em>Anna Margaretha, Johann Paul Closen H[aus]fr[au] zu Berg <\/em><strong>\u2014 zu 4) <\/strong><em>Anna Maria <\/em>[ ] <strong>\u2014 zu 5) <\/strong><em>Maria Margretha, Johannes Closen \u00e6lteste Tochter <\/em><strong>\u2014 zu 6) <\/strong><em>Johann Peter Clo\u00df, Johann Peter Clo\u00dfen von Berg nachgelassener ehlicher Sohn <\/em><strong>\u2014 zu 7) <\/strong><em>Anna Catharina, Joh: Nicolaus Haxels eh[liche] Hau\u00dffr[au] zu Berg<\/em><\/span><\/p>\n<hr \/>\n<p><span style=\"font-family: 'times new roman', times, serif; font-size: 10pt;\"><span style=\"color: #ff0000;\"><strong><u><a id=\"meininger\"><\/a>Meininger<\/u><\/strong><strong>, Valentin Christoph:<\/strong> <\/span>\u201emeiner nach Schwalbach verheirateten Schwester ehelicher Sohn\u201c; konf. 25.04.1745 Marienfels<\/span><\/p>\n<hr \/>\n<p style=\"text-align: justify;\"><span style=\"font-family: 'times new roman', times, serif; font-size: 10pt;\"><span style=\"color: #ff0000;\"><strong><u><a id=\"mueller\"><\/a>M\u00fcller<\/u><\/strong><\/span><strong><span style=\"color: #ff0000;\">, Valentin:<\/span> <\/strong>1707-1714 Pfarrer zu Fr\u00fccht, 1714-1746 Pfarrer zu Marienfels (nach der Pfarrerliste von H. Gensicke in Frese\/Schaback: Fr\u00fccht, S. 58-59); * 14.04.1674 Darmstadt (gt. 17.04.)<a href=\"#_ftn1\" name=\"_ftnref1\"><sup>[1]<\/sup><\/a>; + 03.08.1746 Marienfels (bg. 05.08.)<a href=\"#_ftn2\" name=\"_ftnref2\"><sup>[2]<\/sup><\/a>; Eltern: Hans Georg M\u00fcller, B\u00fcrger und Bender in Darmstadt, und Anna Margaretha<\/span><\/p>\n<p style=\"text-align: justify;\"><span style=\"font-family: 'times new roman', times, serif; font-size: 10pt;\"><strong>oo 14.02.1708<\/strong> <strong>Nassau<\/strong> (durch Inspektor Koch)<a href=\"#_ftn3\" name=\"_ftnref3\"><sup>[3]<\/sup><\/a> mit <strong><u>Sutor<\/u>, Sophia Elisabeth:<\/strong> * Speyer; Eltern: Johann Sutor, Rechtsgelehrter, gewesener kaiserlicher Notar und Sekret\u00e4r des Freiherrn von und zum Stein, und Anna Maria<\/span><\/p>\n<table>\n<tbody>\n<tr>\n<td style=\"text-align: center;\" width=\"29\"><span style=\"font-family: 'times new roman', times, serif; font-size: 10pt;\"><strong>Nr.<\/strong><\/span><\/td>\n<td width=\"175\"><span style=\"font-family: 'times new roman', times, serif; font-size: 10pt;\"><strong>Vorname (normiert)<\/strong><\/span><\/td>\n<td style=\"text-align: center;\" width=\"62\"><span style=\"font-family: 'times new roman', times, serif; font-size: 10pt;\"><strong>*<\/strong><\/span><\/td>\n<td style=\"text-align: center;\" width=\"67\"><span style=\"font-family: 'times new roman', times, serif; font-size: 10pt;\"><strong>gt.<\/strong><\/span><\/td>\n<td style=\"text-align: center;\" width=\"69\"><span style=\"font-family: 'times new roman', times, serif; font-size: 10pt;\"><strong>konf.<\/strong><\/span><\/td>\n<td style=\"text-align: center;\" width=\"62\"><span style=\"font-family: 'times new roman', times, serif; font-size: 10pt;\"><strong>+<\/strong><\/span><\/td>\n<td style=\"text-align: center;\" width=\"62\"><span style=\"font-family: 'times new roman', times, serif; font-size: 10pt;\"><strong>bg.<\/strong><\/span><\/td>\n<td style=\"text-align: center;\" width=\"39\"><span style=\"font-family: 'times new roman', times, serif; font-size: 10pt;\"><strong>Alter<\/strong><\/span><\/td>\n<td style=\"text-align: center;\" width=\"40\"><span style=\"font-family: 'times new roman', times, serif; font-size: 10pt;\"><strong>Stand<\/strong><\/span><\/td>\n<\/tr>\n<tr>\n<td style=\"text-align: center;\" width=\"29\"><span style=\"font-family: 'times new roman', times, serif; font-size: 10pt;\">1<\/span><\/td>\n<td width=\"175\"><span style=\"font-family: 'times new roman', times, serif; font-size: 10pt;\">Maria Margaretha<\/span><\/td>\n<td style=\"text-align: center;\" width=\"62\"><span style=\"font-family: 'times new roman', times, serif; font-size: 10pt;\">28.11.1708<\/span><\/td>\n<td style=\"text-align: center;\" width=\"67\"><span style=\"font-family: 'times new roman', times, serif; font-size: 10pt;\">30.11.1708<\/span><\/td>\n<td style=\"text-align: center;\" width=\"69\"><span style=\"font-family: 'times new roman', times, serif; font-size: 10pt;\">01.06.1721<\/span><\/td>\n<td style=\"text-align: center;\" width=\"62\"><span style=\"font-family: 'times new roman', times, serif; font-size: 10pt;\">31.12.1726<\/span><\/td>\n<td style=\"text-align: center;\" width=\"62\"><span style=\"font-family: 'times new roman', times, serif; font-size: 10pt;\">03.01.1727<\/span><\/td>\n<td style=\"text-align: center;\" width=\"39\"><span style=\"font-family: 'times new roman', times, serif; font-size: 10pt;\">18,1<\/span><\/td>\n<td style=\"text-align: center;\" width=\"40\"><span style=\"font-family: 'times new roman', times, serif; font-size: 10pt;\">ledig<\/span><\/td>\n<\/tr>\n<tr>\n<td style=\"text-align: center;\"><span style=\"font-family: 'times new roman', times, serif; font-size: 10pt;\">2<\/span><\/td>\n<td><span style=\"font-family: 'times new roman', times, serif; font-size: 10pt;\">Maria Elisabeth<\/span><\/td>\n<td style=\"text-align: center;\"><span style=\"font-family: 'times new roman', times, serif; font-size: 10pt;\">16.02.1710<\/span><\/td>\n<td style=\"text-align: center;\"><span style=\"font-family: 'times new roman', times, serif; font-size: 10pt;\">19.02.1710<\/span><\/td>\n<td style=\"text-align: center;\"><span style=\"font-family: 'times new roman', times, serif; font-size: 10pt;\">01.06.1721<\/span><\/td>\n<td style=\"text-align: center;\"><\/td>\n<td style=\"text-align: center;\"><\/td>\n<td style=\"text-align: center;\"><\/td>\n<td style=\"text-align: center;\"><\/td>\n<\/tr>\n<tr>\n<td style=\"text-align: center;\"><span style=\"font-family: 'times new roman', times, serif; font-size: 10pt;\">3<\/span><\/td>\n<td><span style=\"font-family: 'times new roman', times, serif; font-size: 10pt;\">Wilhelmina Katharina Jakobina<\/span><\/td>\n<td style=\"text-align: center;\"><span style=\"font-family: 'times new roman', times, serif; font-size: 10pt;\">15.09.1711<\/span><\/td>\n<td style=\"text-align: center;\"><span style=\"font-family: 'times new roman', times, serif; font-size: 10pt;\">18.09.1711<\/span><\/td>\n<td style=\"text-align: center;\"><span style=\"font-family: 'times new roman', times, serif; font-size: 10pt;\">09.04.1724<\/span><\/td>\n<td style=\"text-align: center;\"><\/td>\n<td style=\"text-align: center;\"><\/td>\n<td style=\"text-align: center;\"><\/td>\n<td style=\"text-align: center;\"><span style=\"font-family: 'times new roman', times, serif; font-size: 10pt;\">verh.<\/span><\/td>\n<\/tr>\n<tr>\n<td style=\"text-align: center;\"><span style=\"font-family: 'times new roman', times, serif; font-size: 10pt;\">4<\/span><\/td>\n<td><span style=\"font-family: 'times new roman', times, serif; font-size: 10pt;\">Johann Georg<\/span><\/td>\n<td style=\"text-align: center;\"><span style=\"font-family: 'times new roman', times, serif; font-size: 10pt;\">10.07.1713<\/span><\/td>\n<td style=\"text-align: center;\"><span style=\"font-family: 'times new roman', times, serif; font-size: 10pt;\">13.07.1713<\/span><\/td>\n<td style=\"text-align: center;\"><span style=\"font-family: 'times new roman', times, serif; font-size: 10pt;\">13.04.1727<\/span><\/td>\n<td style=\"text-align: center;\"><\/td>\n<td style=\"text-align: center;\"><\/td>\n<td style=\"text-align: center;\"><\/td>\n<td style=\"text-align: center;\"><\/td>\n<\/tr>\n<tr>\n<td style=\"text-align: center;\"><span style=\"font-family: 'times new roman', times, serif; font-size: 10pt;\">5<\/span><\/td>\n<td><span style=\"font-family: 'times new roman', times, serif; font-size: 10pt;\">Dorothea Elisabeth<\/span><\/td>\n<td style=\"text-align: center;\"><span style=\"font-family: 'times new roman', times, serif; font-size: 10pt;\">18.07.1716<\/span><\/td>\n<td style=\"text-align: center;\"><span style=\"font-family: 'times new roman', times, serif; font-size: 10pt;\">19.07.1716<\/span><\/td>\n<td style=\"text-align: center;\"><\/td>\n<td style=\"text-align: center;\"><span style=\"font-family: 'times new roman', times, serif; font-size: 10pt;\">20.04.1721<\/span><\/td>\n<td style=\"text-align: center;\"><span style=\"font-family: 'times new roman', times, serif; font-size: 10pt;\">22.04.1721<\/span><\/td>\n<td style=\"text-align: center;\"><span style=\"font-family: 'times new roman', times, serif; font-size: 10pt;\">4,76<\/span><\/td>\n<td style=\"text-align: center;\"><\/td>\n<\/tr>\n<tr>\n<td style=\"text-align: center;\"><span style=\"font-family: 'times new roman', times, serif; font-size: 10pt;\">6<\/span><\/td>\n<td><span style=\"font-family: 'times new roman', times, serif; font-size: 10pt;\">Eleonora Magdalena<\/span><\/td>\n<td style=\"text-align: center;\"><span style=\"font-family: 'times new roman', times, serif; font-size: 10pt;\">06.08.1719<\/span><\/td>\n<td style=\"text-align: center;\"><span style=\"font-family: 'times new roman', times, serif; font-size: 10pt;\">09.08.1719<\/span><\/td>\n<td style=\"text-align: center;\"><span style=\"font-family: 'times new roman', times, serif; font-size: 10pt;\">24.05.1733<\/span><\/td>\n<td style=\"text-align: center;\"><\/td>\n<td style=\"text-align: center;\"><\/td>\n<td style=\"text-align: center;\"><\/td>\n<td style=\"text-align: center;\"><\/td>\n<\/tr>\n<tr>\n<td style=\"text-align: center;\"><span style=\"font-family: 'times new roman', times, serif; font-size: 10pt;\">7<\/span><\/td>\n<td><span style=\"font-family: 'times new roman', times, serif; font-size: 10pt;\">Philipp Henrich<\/span><\/td>\n<td style=\"text-align: center;\"><span style=\"font-family: 'times new roman', times, serif; font-size: 10pt;\">29.01.1722<\/span><\/td>\n<td style=\"text-align: center;\"><span style=\"font-family: 'times new roman', times, serif; font-size: 10pt;\">02.02.1722<\/span><\/td>\n<td style=\"text-align: center;\"><\/td>\n<td style=\"text-align: center;\"><span style=\"font-family: 'times new roman', times, serif; font-size: 10pt;\">01.03.1726<\/span><\/td>\n<td style=\"text-align: center;\"><span style=\"font-family: 'times new roman', times, serif; font-size: 10pt;\">03.03.1726<\/span><\/td>\n<td style=\"text-align: center;\"><span style=\"font-family: 'times new roman', times, serif; font-size: 10pt;\">4,09<\/span><\/td>\n<td style=\"text-align: center;\"><\/td>\n<\/tr>\n<tr>\n<td style=\"text-align: center;\"><span style=\"font-family: 'times new roman', times, serif; font-size: 10pt;\">8<\/span><\/td>\n<td><span style=\"font-family: 'times new roman', times, serif; font-size: 10pt;\">Rebecca Sophia<\/span><\/td>\n<td style=\"text-align: center;\"><span style=\"font-family: 'times new roman', times, serif; font-size: 10pt;\">16.12.1723<\/span><\/td>\n<td style=\"text-align: center;\"><span style=\"font-family: 'times new roman', times, serif; font-size: 10pt;\">19.12.1723<\/span><\/td>\n<td style=\"text-align: center;\"><span style=\"font-family: 'times new roman', times, serif; font-size: 10pt;\">09.06.1737<\/span><\/td>\n<td style=\"text-align: center;\"><span style=\"font-family: 'times new roman', times, serif; font-size: 10pt;\">16.04.1809<\/span><\/td>\n<td style=\"text-align: center;\"><span style=\"font-family: 'times new roman', times, serif; font-size: 10pt;\">18.04.1809<\/span><\/td>\n<td style=\"text-align: center;\"><span style=\"font-family: 'times new roman', times, serif; font-size: 10pt;\">85,39<\/span><\/td>\n<td style=\"text-align: center;\"><span style=\"font-family: 'times new roman', times, serif; font-size: 10pt;\">verh.<\/span><\/td>\n<\/tr>\n<tr>\n<td style=\"text-align: center;\"><span style=\"font-family: 'times new roman', times, serif; font-size: 10pt;\">9<\/span><\/td>\n<td><span style=\"font-family: 'times new roman', times, serif; font-size: 10pt;\">Susanna Regina<\/span><\/td>\n<td style=\"text-align: center;\"><span style=\"font-family: 'times new roman', times, serif; font-size: 10pt;\">19.04.1726<\/span><\/td>\n<td style=\"text-align: center;\"><span style=\"font-family: 'times new roman', times, serif; font-size: 10pt;\">20.04.1726<\/span><\/td>\n<td style=\"text-align: center;\"><span style=\"font-family: 'times new roman', times, serif; font-size: 10pt;\">02.04.1741<\/span><\/td>\n<td style=\"text-align: center;\"><span style=\"font-family: 'times new roman', times, serif; font-size: 10pt;\">23.06.1726<\/span><\/td>\n<td style=\"text-align: center;\"><span style=\"font-family: 'times new roman', times, serif; font-size: 10pt;\">25.06.1726<\/span><\/td>\n<td style=\"text-align: center;\"><span style=\"font-family: 'times new roman', times, serif; font-size: 10pt;\">0,18<\/span><\/td>\n<td style=\"text-align: center;\"><\/td>\n<\/tr>\n<tr>\n<td style=\"text-align: center;\"><span style=\"font-family: 'times new roman', times, serif; font-size: 10pt;\">10<\/span><\/td>\n<td><span style=\"font-family: 'times new roman', times, serif; font-size: 10pt;\">Katharina Elisabeth<\/span><\/td>\n<td style=\"text-align: center;\"><span style=\"font-family: 'times new roman', times, serif; font-size: 10pt;\">06.10.1731<\/span><\/td>\n<td style=\"text-align: center;\"><span style=\"font-family: 'times new roman', times, serif; font-size: 10pt;\">07.10.1731<\/span><\/td>\n<td style=\"text-align: center;\"><\/td>\n<td style=\"text-align: center;\"><\/td>\n<td style=\"text-align: center;\"><\/td>\n<td style=\"text-align: center;\"><\/td>\n<td style=\"text-align: center;\"><\/td>\n<\/tr>\n<\/tbody>\n<\/table>\n<p style=\"text-align: justify;\"><span style=\"font-family: 'times new roman', times, serif; font-size: 10pt;\">Kind Nr. 1), 2) * Fr\u00fccht; konf. Pfingsten 1721 Marienfels; + Marienfels<br \/>\n<\/span><span style=\"font-family: 'times new roman', times, serif; font-size: 10pt;\">Kind Nr. 3) * Fr\u00fccht; konf. Ostern 1724 Marienfels; oo 29.09.1737 Marienfels<a href=\"#_ftn4\" name=\"_ftnref4\"><sup>[4]<\/sup><\/a> mit Johann Melchior B\u00fcff, Pr\u00e4zeptor in Nast\u00e4tten, zuletzt Pfarrer zu Laufenselden, (* 23.12.1708 Marienfels; + 23.04.1774 Laufenselden; Eltern: Johann Philipp B\u00fcff und Anna Agatha geb. Michel)<br \/>\n<\/span><span style=\"font-family: 'times new roman', times, serif; font-size: 10pt;\">Kind Nr. 4) * Fr\u00fccht; * Ostern 1727 Marienfels<br \/>\n<\/span><span style=\"font-family: 'times new roman', times, serif; font-size: 10pt;\">Kind Nr. 5) * Marienfels (Marienfels, KB 1, Bild 606 auf archion.de); + Marienfels, an den giftigen Blattern (Marienfels, KB 1, Bild 692 auf archion.de)<br \/>\n<\/span><span style=\"font-family: 'times new roman', times, serif; font-size: 10pt;\">Kind Nr. 6) * Marienfels (Marienfels, KB 1, Bild 614 auf archion.de); konf. Pfingsten 1733 Marienfels<br \/>\n<\/span><span style=\"font-family: 'times new roman', times, serif; font-size: 10pt;\">Kind Nr. 7) * Marienfels (Marienfels, KB 1, Bild 614 auf archion.de); + Marienfels, an den giftigen Blattern (Marienfels, KB 1, Bild 695 auf archion.de)<br \/>\n<\/span><span style=\"font-family: 'times new roman', times, serif; font-size: 10pt;\">Kind Nr. 8) * Marienfels (Marienfels, KB 1, Bild 619 auf archion.de); konf. Pfingsten 1737 Marienfels; + Braubach; oo 03.09.1760 Miehlen<a href=\"#_ftn5\" name=\"_ftnref5\"><sup>[5]<\/sup><\/a> mit Henrich Martin Hammes Pfarrer zu Braubach (+ 21.05.1785 Braubach)<br \/>\n<\/span><span style=\"font-family: 'times new roman', times, serif; font-size: 10pt;\">Kind Nr. 9) * Marienfels; + Marienfels, an den giftigen Blattern<br \/>\n<\/span><span style=\"font-family: 'times new roman', times, serif; font-size: 10pt;\">Kind Nr. 10) * Marienfels<\/span><\/p>\n<p style=\"text-align: justify;\"><span style=\"font-family: 'times new roman', times, serif; font-size: 10pt;\"><strong>Paten: zu 1) <\/strong><em>Anna Maria, des s[eligen] H[errn] Sutori, gewesenen Secretarii bey g[n\u00e4]d[iger] Herrschafft, nachgela\u00dfene Wittib; und Anna Margaret, Han\u00df Georg M\u00fcllers, Burgers und Benders in Darmstatt, ehliche Hau\u00dffrau, al\u00df beyde Gro\u00dfm\u00fcttern vom Kind; und Philipp Peter Grandhomme, Cantzeleybedienter in Darmstatt \u2014 <\/em><strong>zu 2) <\/strong><em>Der edle und gro\u00dfachtbahre H[err] Samuel Christoph Eymes, f\u00fcrst[lich] [hessen]-darmst\u00e4ttischer Krigs-Cassirer zu Braubach, und dann J[ung]f[e]r Anna Maria Sutorin, des Kindes Mutter Schwester; und Anna Eliesabeth M\u00fcllerin, des Kindes Vatter Schwester \u2014 <\/em><strong>zu 3) <\/strong><em>Tit. H[err] Georg Jacob Kohlerman, wohlverordneter Pfarrer zu Schw&lt;eig&gt;hau\u00dfen und Becheln; und Frau Willhelmina, H[errn] Johann Daniel Sutorius, Kauff- u. Handelsmann zu Speyer, Eheliebste, u. Fr[au] Anna Catharina, H[errn] Johann Gottfried Kneipers, Rathsverwanden u. \u2026 zu Braubach, eheliche Hau\u00dffrau \u2014 <\/em><strong>zu 4) <\/strong><em>Tit. H[err] M. Georg Conrad Corvinus, ministerii candidatus; und Johann Jacob Sutorius, der Barbierkunst Ergebener in F[rank]furt; und J[ung]f[e]r Anna Margaretha, H[errn] Oberschuldhei\u00df Beckerin in Nassau \u00e4lteste J[ung]f[e]r Tochter \u2014 <\/em><strong>zu 5) <\/strong><em>Fr[au] Anna Elisabeth, H[errn] Samuel Christoph Eymes, f\u00fcrst[licher] Contributions-Verwalter, eheliche H[aus]fr[au] in Braubach; und Fr[au] Dorothea Hedwig, H[err]n Chirurgi Christian Begers, ber\u00fchmten Chirurgi in Braubach, ehliche H[aus]freiwillig[au]; und (s[alvo] t[itulo]) H[err] Johannes Moos, wohlverdienter Pfarrer zu Miehlen im 2herrischen \u2014 <\/em><strong>zu 6) <\/strong><em>Der hoch-wohlerw\u00fcrdige H[err] Johann Ludwig Werner, Pfarrer zu Rupertshofen und Definitor im Niederampt; und Frau Eleonora Catharina, des wohlerw\u00fcrdigen H[errn] Johann Christoph Hassen, Pfarrherns zu Gemrich, ehliche H[aus]fr[au]; wie auch Frau Magdalena Margaratha, H[errn] Johann Conrad Pflugs, Oberf\u00f6rster auf dem Goldstein unter Franckfurt eh[liche] H[aus]fr[au] \u2014 <\/em><strong>zu 7) <\/strong><em>H[err] Johann Henrich Roth, wohlverdienter Pfarrer zu Becheln und Schweighau\u00dfen; und J[ung]f[er] Catharina Margaretha, H[err]n N. Schwalm, wohlbestelten Hoffkellner zu Itstein, eh[liche] J[ung]f[e]r Tochter; wie auch H[err] Johann Philipps Kei\u00dfer, Lieutenant unter dem Na\u00dfau- Saarbr\u00fcckischen Au\u00dfschu\u00df, auch wohlbenahmten Gasthalter zu Mihlen im 2herrischen \u2014 <\/em><strong>zu 8) <\/strong><em>Fr[au] Magdalena Sophia, des s[alvo] t[itulo] Herrn Johann Georg Juniors, p[ro] t[empore] Pfarrers zu Singhofen, eh[eliche] H[aus]fr[au]; u. s[alvo] t[itulo] Herr Philipps Ruppert Ebenaw, p[ro] t[empore] Pfarrer zu D\u00f6rnhotzhau\u00dfen; wie auch Fr[au] Maria Rebecca, H[errn] Johann Ca\u00dfpar Enselin, wohlbenahmten B\u00fcrgers und Metzgers im Darmstatt, eh[eliche] H[aus]frau<\/em><\/span><\/p>\n<p><span style=\"font-family: 'times new roman', times, serif; font-size: 10pt;\">s. a. u. <a href=\"https:\/\/www.ahnenforschung-jackmuth.de\/?page_id=11396#sutorius\">Sutorius<\/a><\/span><\/p>\n<p><strong><span style=\"font-family: 'times new roman', times, serif; font-size: 10pt;\">Anmerkungen<\/span><\/strong><\/p>\n<p style=\"text-align: justify;\"><span style=\"font-family: 'times new roman', times, serif; font-size: 10pt;\"><a href=\"#_ftnref1\" name=\"_ftn1\">[1]<\/a> Darmstadt, Lutheraner, Taufregister 1658-1678, S. 296, Bild 158 auf archion.de<br \/>\n<\/span><span style=\"font-family: 'times new roman', times, serif; font-size: 10pt;\"><a href=\"#_ftnref2\" name=\"_ftn2\">[2]<\/a> Eintragstext: <em>Valentin M\u00fcller, mein im Leben von Hertzen liebgewesener und bi\u00df in meinen Tod hochzusch\u00e4tzender Vatter, Pfarrherr allhier zu Marienfel\u00df, welcher 1674, den 14 April in Darmstadt das Licht der Welt erblicket und anfangs als Pfarrherr zu Fr\u00fccht 12 Jahr lang gestanden, nachher aber bi\u00df an sein seeliges End Pfarrherr zu Marienfel\u00df gewesen, starb den 3 Aug[usti] morgens zwischen 8 und 9 Uhr und ward den 5 darauff unter dem Geleit vieler Herren Prediger und einer volckreicher Versamlung zur Erden bestattet. Die Leichenpredigt hielte der s[alvo] t[itulo] Herr Laurentius Koch, Pfarrherr zu Miehlen, \u00fcber 1 Cor: 15, v[ersus] 35-44. Die Parentation aber hielte der s[alvo] t[itulo] Herr Casimir Werner, Pfarrherr zu Ruppertshoffen, darinn er sonderlich sein Augenmerck auf die Worte Dan: XII, v[ersus] 58 gerichtet hatte. Sein Leben brachte er auf 72 Jahr, 3 Monath, 19 Tage und hatt in dem Ministerio gestanden 44 Jahr. So ruh getreues Vatter Hertz, <\/em><em>\u2026 nunmehr allen Schmertz, den du in deinen letzten Stunden sogar durchdringend hast empfunden. Einst will ich dich mit Freuden sehen, wenn wir vereint zum Himmel gehen. So lang ruh sanfft in deiner Grufft, bi\u00df mich und dich dein Jesus rufft. <\/em>(Marienfels, KB 1, Bild 710 auf archion.de)<br \/>\n<\/span><span style=\"font-family: 'times new roman', times, serif; font-size: 10pt;\"><a href=\"#_ftnref3\" name=\"_ftn3\">[3]<\/a> Die Trauung auch eingetragen in Nassau KB 1 (1660-1737), Bild 205 auf archion.de<br \/>\n<\/span><span style=\"font-family: 'times new roman', times, serif; font-size: 10pt;\"><a href=\"#_ftnref4\" name=\"_ftn4\">[4]<\/a> Marienfels, KB 1, Bild 729 auf archion.de<br \/>\n<\/span><span style=\"font-family: 'times new roman', times, serif; font-size: 10pt;\"><a href=\"#_ftnref5\" name=\"_ftn5\">[5]<\/a> Miehlen, Trauregister 1756-1778, S, 251, Bild 86 auf archion.de<\/span><\/p>\n<hr \/>\n<p><span style=\"font-family: 'times new roman', times, serif; font-size: 10pt;\"><span style=\"color: #ff0000;\"><strong><u>M\u00fcller<\/u><\/strong><\/span><strong><span style=\"color: #ff0000;\">, Johann Kaspar:<\/span> <\/strong><em>in der Paulus Schmitten M\u00fchl auf der Ehrerbach<\/em><\/span><\/p>\n<p><span style=\"font-family: 'times new roman', times, serif; font-size: 10pt;\"><strong>oo <\/strong>mit <strong>Magdalena Katharina<\/strong><\/span><\/p>\n<table>\n<tbody>\n<tr>\n<td style=\"text-align: center;\" width=\"30\"><span style=\"font-family: 'times new roman', times, serif; font-size: 10pt;\"><strong>Nr.<\/strong><\/span><\/td>\n<td width=\"137\"><span style=\"font-family: 'times new roman', times, serif; font-size: 10pt;\"><strong>Vorname (normiert)<\/strong><\/span><\/td>\n<td style=\"text-align: center;\" width=\"76\"><span style=\"font-family: 'times new roman', times, serif; font-size: 10pt;\"><strong>geboren<\/strong><\/span><\/td>\n<td style=\"text-align: center;\" width=\"76\"><span style=\"font-family: 'times new roman', times, serif; font-size: 10pt;\"><strong>getauft<\/strong><\/span><\/td>\n<td style=\"text-align: center;\" width=\"69\"><span style=\"font-family: 'times new roman', times, serif; font-size: 10pt;\"><strong>konfirmiert<\/strong><\/span><\/td>\n<td style=\"text-align: center;\" width=\"68\"><span style=\"font-family: 'times new roman', times, serif; font-size: 10pt;\"><strong>gestorben<\/strong><\/span><\/td>\n<td style=\"text-align: center;\" width=\"66\"><span style=\"font-family: 'times new roman', times, serif; font-size: 10pt;\"><strong>begraben<\/strong><\/span><\/td>\n<td style=\"text-align: center;\" width=\"41\"><span style=\"font-family: 'times new roman', times, serif; font-size: 10pt;\"><strong>Alter<\/strong><\/span><\/td>\n<td style=\"text-align: center;\" width=\"43\"><span style=\"font-family: 'times new roman', times, serif; font-size: 10pt;\"><strong>Stand<\/strong><\/span><\/td>\n<\/tr>\n<tr>\n<td style=\"text-align: center;\" width=\"30\"><span style=\"font-family: 'times new roman', times, serif; font-size: 10pt;\">1<\/span><\/td>\n<td width=\"137\"><span style=\"font-family: 'times new roman', times, serif; font-size: 10pt;\">Maria Magdalena<\/span><\/td>\n<td style=\"text-align: center;\" width=\"76\"><span style=\"font-family: 'times new roman', times, serif; font-size: 10pt;\">14.07.1706<\/span><\/td>\n<td style=\"text-align: center;\" width=\"76\"><span style=\"font-family: 'times new roman', times, serif; font-size: 10pt;\">18.07.1706<\/span><\/td>\n<td style=\"text-align: center;\" width=\"69\"><\/td>\n<td style=\"text-align: center;\" width=\"68\"><\/td>\n<td style=\"text-align: center;\" width=\"66\"><\/td>\n<td style=\"text-align: center;\" width=\"41\"><\/td>\n<td style=\"text-align: center;\" width=\"43\"><\/td>\n<\/tr>\n<\/tbody>\n<\/table>\n<p><span style=\"font-family: 'times new roman', times, serif; font-size: 10pt;\"><strong>Paten: <\/strong><em>Anna Maria, Christophel Evbalds Hausfr:, itz in der Pletzer M\u00fchl; Eva Magdalena, Paul[us] Schmitts sel: hinderlassene Dochter in der obges\u00e4tzten M\u00fchl; Jost Breithaupt, Schulteis in Marienfels<\/em><\/span><\/p>\n<hr \/>\n<p><span style=\"font-family: 'times new roman', times, serif; font-size: 10pt;\"><span style=\"color: #ff0000;\"><strong><u>M\u00fcller<\/u><\/strong><strong>, Johannes:<\/strong> <\/span>Hirte in Marienfels<\/span><\/p>\n<p><span style=\"font-family: 'times new roman', times, serif; font-size: 10pt;\"><strong>oo<\/strong> mit <strong>Anna Katharina<\/strong><\/span><\/p>\n<table>\n<tbody>\n<tr>\n<td style=\"text-align: center;\" width=\"29\"><span style=\"font-family: 'times new roman', times, serif; font-size: 10pt;\"><strong>Nr.<\/strong><\/span><\/td>\n<td width=\"134\"><span style=\"font-family: 'times new roman', times, serif; font-size: 10pt;\"><strong>Vorname (normiert)<\/strong><\/span><\/td>\n<td style=\"text-align: center;\" width=\"76\"><span style=\"font-family: 'times new roman', times, serif; font-size: 10pt;\"><strong>geboren<\/strong><\/span><\/td>\n<td style=\"text-align: center;\" width=\"76\"><span style=\"font-family: 'times new roman', times, serif; font-size: 10pt;\"><strong>getauft<\/strong><\/span><\/td>\n<td style=\"text-align: center;\" width=\"69\"><span style=\"font-family: 'times new roman', times, serif; font-size: 10pt;\"><strong>konfirmiert<\/strong><\/span><\/td>\n<td style=\"text-align: center;\" width=\"65\"><span style=\"font-family: 'times new roman', times, serif; font-size: 10pt;\"><strong>gestorben<\/strong><\/span><\/td>\n<td style=\"text-align: center;\" width=\"76\"><span style=\"font-family: 'times new roman', times, serif; font-size: 10pt;\"><strong>begraben<\/strong><\/span><\/td>\n<td style=\"text-align: center;\" width=\"44\"><span style=\"font-family: 'times new roman', times, serif; font-size: 10pt;\"><strong>Alter<\/strong><\/span><\/td>\n<td style=\"text-align: center;\" width=\"41\"><span style=\"font-family: 'times new roman', times, serif; font-size: 10pt;\"><strong>Stand<\/strong><\/span><\/td>\n<\/tr>\n<tr>\n<td style=\"text-align: center;\" width=\"29\"><span style=\"font-family: 'times new roman', times, serif; font-size: 10pt;\">1<\/span><\/td>\n<td width=\"134\"><span style=\"font-family: 'times new roman', times, serif; font-size: 10pt;\">Maria Margaretha<\/span><\/td>\n<td style=\"text-align: center;\" width=\"76\"><span style=\"font-family: 'times new roman', times, serif; font-size: 10pt;\">26.08.1708<\/span><\/td>\n<td style=\"text-align: center;\" width=\"76\"><span style=\"font-family: 'times new roman', times, serif; font-size: 10pt;\">02.09.1708<\/span><\/td>\n<td style=\"text-align: center;\" width=\"69\"><\/td>\n<td style=\"text-align: center;\" width=\"65\"><\/td>\n<td style=\"text-align: center;\" width=\"76\"><span style=\"font-family: 'times new roman', times, serif; font-size: 10pt;\">27.09.1708<\/span><\/td>\n<td style=\"text-align: center;\" width=\"44\"><span style=\"font-family: 'times new roman', times, serif; font-size: 10pt;\">0,07<\/span><\/td>\n<td style=\"text-align: center;\" width=\"41\"><\/td>\n<\/tr>\n<\/tbody>\n<\/table>\n<p><span style=\"font-family: 'times new roman', times, serif; font-size: 10pt;\"><strong>Paten: <\/strong><em>Wendel Lotz, B\u00fcrger zu Nassauw; Balthasar Stein zu Wasenbach; Anna Maria Magdalena, eine Dienstmagd von D\u00f6rstorff, Ulrich \u2026 Dochter von \u2026; Anna Margretha, Phil: M\u00fcllers Dochter, Schweinhirts zu Nassauw<\/em><\/span><\/p>\n<hr \/>\n<p><span style=\"font-family: 'times new roman', times, serif; font-size: 10pt;\"><span style=\"color: #ff0000;\"><strong><u>M\u00fcller<\/u><\/strong><strong>, Georg:<\/strong> <\/span>Hirte in Marienfels<\/span><\/p>\n<p><span style=\"font-family: 'times new roman', times, serif; font-size: 10pt;\"><strong>oo<\/strong> mit <strong>Elisabeth Margaretha<\/strong><\/span><\/p>\n<table>\n<tbody>\n<tr>\n<td style=\"text-align: center;\" width=\"29\"><span style=\"font-family: 'times new roman', times, serif; font-size: 10pt;\"><strong>Nr.<\/strong><\/span><\/td>\n<td width=\"132\"><span style=\"font-family: 'times new roman', times, serif; font-size: 10pt;\"><strong>Vorname (normiert)<\/strong><\/span><\/td>\n<td style=\"text-align: center;\" width=\"77\"><span style=\"font-family: 'times new roman', times, serif; font-size: 10pt;\"><strong>geboren<\/strong><\/span><\/td>\n<td style=\"text-align: center;\" width=\"77\"><span style=\"font-family: 'times new roman', times, serif; font-size: 10pt;\"><strong>getauft<\/strong><\/span><\/td>\n<td style=\"text-align: center;\" width=\"69\"><span style=\"font-family: 'times new roman', times, serif; font-size: 10pt;\"><strong>konfirmiert<\/strong><\/span><\/td>\n<td style=\"text-align: center;\" width=\"64\"><span style=\"font-family: 'times new roman', times, serif; font-size: 10pt;\"><strong>gestorben<\/strong><\/span><\/td>\n<td style=\"text-align: center;\" width=\"77\"><span style=\"font-family: 'times new roman', times, serif; font-size: 10pt;\"><strong>begraben<\/strong><\/span><\/td>\n<td style=\"text-align: center;\" width=\"45\"><span style=\"font-family: 'times new roman', times, serif; font-size: 10pt;\"><strong>Alter<\/strong><\/span><\/td>\n<td style=\"text-align: center;\" width=\"41\"><span style=\"font-family: 'times new roman', times, serif; font-size: 10pt;\"><strong>Stand<\/strong><\/span><\/td>\n<\/tr>\n<tr>\n<td style=\"text-align: center;\" width=\"29\"><span style=\"font-family: 'times new roman', times, serif; font-size: 10pt;\">1<\/span><\/td>\n<td width=\"132\"><span style=\"font-family: 'times new roman', times, serif; font-size: 10pt;\">Johann Nicol<\/span><\/td>\n<td style=\"text-align: center;\" width=\"77\"><span style=\"font-family: 'times new roman', times, serif; font-size: 10pt;\">14.11.1717<\/span><\/td>\n<td style=\"text-align: center;\" width=\"77\"><span style=\"font-family: 'times new roman', times, serif; font-size: 10pt;\">14.11.1717<\/span><\/td>\n<td style=\"text-align: center;\" width=\"69\"><\/td>\n<td style=\"text-align: center;\" width=\"64\"><\/td>\n<td style=\"text-align: center;\" width=\"77\"><\/td>\n<td style=\"text-align: center;\" width=\"45\"><\/td>\n<td style=\"text-align: center;\" width=\"41\"><\/td>\n<\/tr>\n<tr>\n<td style=\"text-align: center;\"><span style=\"font-family: 'times new roman', times, serif; font-size: 10pt;\">2<\/span><\/td>\n<td><span style=\"font-family: 'times new roman', times, serif; font-size: 10pt;\">Johann Eberhard<\/span><\/td>\n<td style=\"text-align: center;\"><span style=\"font-family: 'times new roman', times, serif; font-size: 10pt;\">14.11.1717<\/span><\/td>\n<td style=\"text-align: center;\"><span style=\"font-family: 'times new roman', times, serif; font-size: 10pt;\">14.11.1717<\/span><\/td>\n<td style=\"text-align: center;\"><\/td>\n<td style=\"text-align: center;\"><\/td>\n<td style=\"text-align: center;\"><span style=\"font-family: 'times new roman', times, serif; font-size: 10pt;\">30.05.1718<\/span><\/td>\n<td style=\"text-align: center;\"><span style=\"font-family: 'times new roman', times, serif; font-size: 10pt;\">0,54<\/span><\/td>\n<td style=\"text-align: center;\"><\/td>\n<\/tr>\n<\/tbody>\n<\/table>\n<p style=\"text-align: justify;\"><span style=\"font-family: 'times new roman', times, serif; font-size: 10pt;\"><em>\u00a0<\/em><\/span><span style=\"font-family: 'times new roman', times, serif; font-size: 10pt;\"><strong>Paten: zu 1) <\/strong><em>Johann Nicolaus Laux, Einwohner alhier; u. Anna Magdalena, Johann Adam Gemrichs H[aus]fr[au] alhier <\/em><em>\u2014 <\/em><strong>zu 2) <\/strong><em>Johann Eberhard Schmied, Hirt zu Berg; u. Eva Maria, Johannes Bauers hinderla\u00dfene Tochter zu Singhofen<\/em><\/span><\/p>\n<hr \/>\n<p><span style=\"font-family: 'times new roman', times, serif; font-size: 10pt;\"><span style=\"color: #ff0000;\"><strong><u><a id=\"muench\"><\/a>M\u00fcnch<\/u><\/strong><\/span><strong><span style=\"color: #ff0000;\">, Servatius:<\/span> <\/strong>idsteinisch leibeigen; ist nach dem Einwohnerverzeichnis 1658 40 Jahre alt; Schatzung 1658: 135 fl.<\/span><\/p>\n<p><span style=\"font-family: 'times new roman', times, serif; font-size: 10pt;\"><strong>oo<\/strong> mit <strong>Katharina:<\/strong> ist nach dem Einwohnerverzeichnis 1658 40 Jahre alt<\/span><\/p>\n<table style=\"width: 100%; height: 140px;\">\n<tbody>\n<tr style=\"height: 28px;\">\n<td style=\"text-align: center; height: 28px;\" width=\"30\"><span style=\"font-family: 'times new roman', times, serif; font-size: 10pt;\"><strong>Nr.<\/strong><\/span><\/td>\n<td style=\"height: 28px;\" width=\"138\"><span style=\"font-family: 'times new roman', times, serif; font-size: 10pt;\"><strong>Vorname (normiert)<\/strong><\/span><\/td>\n<td style=\"height: 28px; text-align: center;\" width=\"68\"><span style=\"font-family: 'times new roman', times, serif; font-size: 10pt;\"><strong>geboren<\/strong><\/span><\/td>\n<td style=\"height: 28px; text-align: center;\" width=\"77\"><span style=\"font-family: 'times new roman', times, serif; font-size: 10pt;\"><strong>getauft<\/strong><\/span><\/td>\n<td style=\"height: 28px; text-align: center;\" width=\"70\"><span style=\"font-family: 'times new roman', times, serif; font-size: 10pt;\"><strong>konfirmiert<\/strong><\/span><\/td>\n<td style=\"height: 28px; text-align: center;\" width=\"70\"><span style=\"font-family: 'times new roman', times, serif; font-size: 10pt;\"><strong>gestorben<\/strong><\/span><\/td>\n<td style=\"height: 28px; text-align: center;\" width=\"68\"><span style=\"font-family: 'times new roman', times, serif; font-size: 10pt;\"><strong>begraben<\/strong><\/span><\/td>\n<td style=\"height: 28px; text-align: center;\" width=\"38\"><span style=\"font-family: 'times new roman', times, serif; font-size: 10pt;\"><strong>Alter<\/strong><\/span><\/td>\n<td style=\"height: 28px; text-align: center;\" width=\"44\"><span style=\"font-family: 'times new roman', times, serif; font-size: 10pt;\"><strong>Stand<\/strong><\/span><\/td>\n<\/tr>\n<tr style=\"height: 28px;\">\n<td style=\"text-align: center; height: 28px;\" width=\"30\"><span style=\"font-family: 'times new roman', times, serif; font-size: 10pt;\">1<\/span><\/td>\n<td style=\"height: 28px;\" width=\"138\"><span style=\"font-family: 'times new roman', times, serif; font-size: 10pt;\">Elisabeth<\/span><\/td>\n<td style=\"height: 28px; text-align: center;\" width=\"68\"><\/td>\n<td style=\"height: 28px; text-align: center;\" width=\"77\"><span style=\"font-family: 'times new roman', times, serif; font-size: 10pt;\"><strong>\u00a0<\/strong><\/span><\/td>\n<td style=\"height: 28px; text-align: center;\" width=\"70\"><span style=\"font-family: 'times new roman', times, serif; font-size: 10pt;\"><strong>\u00a0<\/strong><\/span><\/td>\n<td style=\"height: 28px; text-align: center;\" width=\"70\"><span style=\"font-family: 'times new roman', times, serif; font-size: 10pt;\"><strong>\u00a0<\/strong><\/span><\/td>\n<td style=\"height: 28px; text-align: center;\" width=\"68\"><span style=\"font-family: 'times new roman', times, serif; font-size: 10pt;\"><strong>\u00a0<\/strong><\/span><\/td>\n<td style=\"height: 28px; text-align: center;\" width=\"38\"><span style=\"font-family: 'times new roman', times, serif; font-size: 10pt;\"><strong>\u00a0<\/strong><\/span><\/td>\n<td style=\"height: 28px; text-align: center;\" width=\"44\"><\/td>\n<\/tr>\n<tr style=\"height: 28px;\">\n<td style=\"text-align: center; height: 28px;\" width=\"30\"><span style=\"font-family: 'times new roman', times, serif; font-size: 10pt;\">2<\/span><\/td>\n<td style=\"height: 28px;\" width=\"138\"><span style=\"font-family: 'times new roman', times, serif; font-size: 10pt;\">Johannes<\/span><\/td>\n<td style=\"height: 28px; text-align: center;\" width=\"68\"><\/td>\n<td style=\"height: 28px; text-align: center;\" width=\"77\"><span style=\"font-family: 'times new roman', times, serif; font-size: 10pt;\"><strong>\u00a0<\/strong><\/span><\/td>\n<td style=\"height: 28px; text-align: center;\" width=\"70\"><span style=\"font-family: 'times new roman', times, serif; font-size: 10pt;\"><strong>\u00a0<\/strong><\/span><\/td>\n<td style=\"height: 28px; text-align: center;\" width=\"70\"><span style=\"font-family: 'times new roman', times, serif; font-size: 10pt;\"><strong>\u00a0<\/strong><\/span><\/td>\n<td style=\"height: 28px; text-align: center;\" width=\"68\"><span style=\"font-family: 'times new roman', times, serif; font-size: 10pt;\"><strong>\u00a0<\/strong><\/span><\/td>\n<td style=\"height: 28px; text-align: center;\" width=\"38\"><span style=\"font-family: 'times new roman', times, serif; font-size: 10pt;\"><strong>\u00a0<\/strong><\/span><\/td>\n<td style=\"height: 28px; text-align: center;\" width=\"44\"><\/td>\n<\/tr>\n<tr style=\"height: 28px;\">\n<td style=\"text-align: center; height: 28px;\" width=\"30\"><span style=\"font-family: 'times new roman', times, serif; font-size: 10pt;\">3<\/span><\/td>\n<td style=\"height: 28px;\" width=\"138\"><span style=\"font-family: 'times new roman', times, serif; font-size: 10pt;\">Margaretha<\/span><\/td>\n<td style=\"height: 28px; text-align: center;\" width=\"68\"><\/td>\n<td style=\"height: 28px; text-align: center;\" width=\"77\"><span style=\"font-family: 'times new roman', times, serif; font-size: 10pt;\"><strong>\u00a0<\/strong><\/span><\/td>\n<td style=\"height: 28px; text-align: center;\" width=\"70\"><span style=\"font-family: 'times new roman', times, serif; font-size: 10pt;\"><strong>\u00a0<\/strong><\/span><\/td>\n<td style=\"height: 28px; text-align: center;\" width=\"70\"><span style=\"font-family: 'times new roman', times, serif; font-size: 10pt;\"><strong>\u00a0<\/strong><\/span><\/td>\n<td style=\"height: 28px; text-align: center;\" width=\"68\"><span style=\"font-family: 'times new roman', times, serif; font-size: 10pt;\"><strong>\u00a0<\/strong><\/span><\/td>\n<td style=\"height: 28px; text-align: center;\" width=\"38\"><span style=\"font-family: 'times new roman', times, serif; font-size: 10pt;\"><strong>\u00a0<\/strong><\/span><\/td>\n<td style=\"height: 28px; text-align: center;\" width=\"44\"><\/td>\n<\/tr>\n<tr style=\"height: 28px;\">\n<td style=\"text-align: center; height: 28px;\" width=\"30\"><span style=\"font-family: 'times new roman', times, serif; font-size: 10pt;\">4<\/span><\/td>\n<td style=\"height: 28px;\" width=\"138\"><span style=\"font-family: 'times new roman', times, serif; font-size: 10pt;\">Anna<\/span><\/td>\n<td style=\"height: 28px; text-align: center;\" width=\"68\"><\/td>\n<td style=\"height: 28px; text-align: center;\" width=\"77\"><span style=\"font-family: 'times new roman', times, serif; font-size: 10pt;\"><strong>\u00a0<\/strong><\/span><\/td>\n<td style=\"height: 28px; text-align: center;\" width=\"70\"><span style=\"font-family: 'times new roman', times, serif; font-size: 10pt;\"><strong>\u00a0<\/strong><\/span><\/td>\n<td style=\"height: 28px; text-align: center;\" width=\"70\"><span style=\"font-family: 'times new roman', times, serif; font-size: 10pt;\"><strong>\u00a0<\/strong><\/span><\/td>\n<td style=\"height: 28px; text-align: center;\" width=\"68\"><span style=\"font-family: 'times new roman', times, serif; font-size: 10pt;\"><strong>\u00a0<\/strong><\/span><\/td>\n<td style=\"height: 28px; text-align: center;\" width=\"38\"><span style=\"font-family: 'times new roman', times, serif; font-size: 10pt;\"><strong>\u00a0<\/strong><\/span><\/td>\n<td style=\"height: 28px; text-align: center;\" width=\"44\"><\/td>\n<\/tr>\n<\/tbody>\n<\/table>\n<p><span style=\"font-family: 'times new roman', times, serif; font-size: 10pt;\">Kind Nr. 1) ist nach dem Einwohnerverzeichnis 1658 18 Jahre alt<br \/>\n<\/span><span style=\"font-family: 'times new roman', times, serif; font-size: 10pt;\">Kind Nr. 2) ist nach dem Einwohnerverzeichnis 1658 15 Jahre alt<br \/>\n<\/span><span style=\"font-family: 'times new roman', times, serif; font-size: 10pt;\">Kind Nr. 3) ist nach dem Einwohnerverzeichnis 1658 13 Jahre alt<br \/>\n<\/span><span style=\"font-family: 'times new roman', times, serif; font-size: 10pt;\">Kind Nr. 4) ist nach dem Einwohnerverzeichnis 1658 8 Jahre alt<\/span><\/p>\n<hr \/>\n<p><span style=\"font-family: 'times new roman', times, serif; font-size: 10pt;\"><a href=\"#_ftnref1\" name=\"_ftn1\"><\/a><\/span><span style=\"font-size: 10pt; font-family: times new roman, times, serif;\"><b>Letztes Update: 8. Mai 2024<\/b><\/span><br \/>\n<span style=\"font-size: 10pt; font-family: times new roman, times, serif;\"><b>Ralph Jackmuth<\/b><\/span><\/p>\n","protected":false},"excerpt":{"rendered":"<p>Kegel, Johann Abraham: von Quedlinburg in Sachsen, allhier im Quartier liegend oo mit Katharina Elisabeth Nr. Vorname (normiert) geboren getauft konfirmiert gestorben begraben Alter Stand 1 Joh. Christoph Andreas 10.02.1705 12.02.1705 Paten: Christian B&#8230;, ein Furirer; Andreas Fritsch; Joh: Weber; Christoph Neuraht; Margretha, Johans Simonis, Gefreiters, Hausfr:; Anna Elisabeth, Johannes Ditzels Hausfr:, ein Captain d[e] &hellip; <a href=\"https:\/\/www.ahnenforschung-jackmuth.de\/?page_id=11378\" class=\"more-link\"><span class=\"screen-reader-text\">\u201eOFB Marienfels 1648-1746 &#8211; K-M\u201c<\/span> weiterlesen<\/a><\/p>\n","protected":false},"author":1,"featured_media":0,"parent":0,"menu_order":0,"comment_status":"closed","ping_status":"closed","template":"","meta":{"footnotes":""},"class_list":["post-11378","page","type-page","status-publish","hentry"],"_links":{"self":[{"href":"https:\/\/www.ahnenforschung-jackmuth.de\/index.php?rest_route=\/wp\/v2\/pages\/11378","targetHints":{"allow":["GET"]}}],"collection":[{"href":"https:\/\/www.ahnenforschung-jackmuth.de\/index.php?rest_route=\/wp\/v2\/pages"}],"about":[{"href":"https:\/\/www.ahnenforschung-jackmuth.de\/index.php?rest_route=\/wp\/v2\/types\/page"}],"author":[{"embeddable":true,"href":"https:\/\/www.ahnenforschung-jackmuth.de\/index.php?rest_route=\/wp\/v2\/users\/1"}],"replies":[{"embeddable":true,"href":"https:\/\/www.ahnenforschung-jackmuth.de\/index.php?rest_route=%2Fwp%2Fv2%2Fcomments&post=11378"}],"version-history":[{"count":0,"href":"https:\/\/www.ahnenforschung-jackmuth.de\/index.php?rest_route=\/wp\/v2\/pages\/11378\/revisions"}],"wp:attachment":[{"href":"https:\/\/www.ahnenforschung-jackmuth.de\/index.php?rest_route=%2Fwp%2Fv2%2Fmedia&parent=11378"}],"curies":[{"name":"wp","href":"https:\/\/api.w.org\/{rel}","templated":true}]}}