{"id":11353,"date":"2024-05-08T11:40:55","date_gmt":"2024-05-08T11:40:55","guid":{"rendered":"https:\/\/www.ahnenforschung-jackmuth.de\/?page_id=11353"},"modified":"2024-05-08T11:52:14","modified_gmt":"2024-05-08T11:52:14","slug":"ofb-marienfels-1648-1746-a-c","status":"publish","type":"page","link":"https:\/\/www.ahnenforschung-jackmuth.de\/?page_id=11353","title":{"rendered":"OFB Marienfels 1648-1746 &#8211; A-C"},"content":{"rendered":"<p><span style=\"font-family: 'times new roman', times, serif; font-size: 10pt;\"><span style=\"color: #ff0000;\"><strong><u><a id=\"ackermann\"><\/a>Ackermann<\/u><\/strong><strong>, Johann Michael:<\/strong><\/span> im Arnsteinischen Hofhaus (<a href=\"https:\/\/www.ahnenforschung-jackmuth.de\/?page_id=11197\">siehe OFB Hunzel<\/a>)<\/span><\/p>\n<hr \/>\n<p><span style=\"font-family: 'times new roman', times, serif; font-size: 10pt;\"><span style=\"color: #ff0000;\"><strong><u><a id=\"agel\"><\/a>Agel<\/u><\/strong><strong>, Simon: <\/strong><\/span>Lumpenkr\u00e4mer<\/span><\/p>\n<p><span style=\"font-family: 'times new roman', times, serif; font-size: 10pt;\"><strong>oo<\/strong> mit <strong>Maria<\/strong><\/span><\/p>\n<table>\n<tbody>\n<tr>\n<td style=\"text-align: center;\" width=\"30\"><span style=\"font-family: 'times new roman', times, serif; font-size: 10pt;\"><strong>Nr.<\/strong><\/span><\/td>\n<td width=\"135\"><span style=\"font-family: 'times new roman', times, serif; font-size: 10pt;\"><strong>Vorname (normiert)<\/strong><\/span><\/td>\n<td style=\"text-align: center;\" width=\"76\"><span style=\"font-family: 'times new roman', times, serif; font-size: 10pt;\"><strong>geboren<\/strong><\/span><\/td>\n<td style=\"text-align: center;\" width=\"76\"><span style=\"font-family: 'times new roman', times, serif; font-size: 10pt;\"><strong>getauft<\/strong><\/span><\/td>\n<td style=\"text-align: center;\" width=\"69\"><span style=\"font-family: 'times new roman', times, serif; font-size: 10pt;\"><strong>konfirmiert<\/strong><\/span><\/td>\n<td style=\"text-align: center;\" width=\"68\"><span style=\"font-family: 'times new roman', times, serif; font-size: 10pt;\"><strong>gestorben<\/strong><\/span><\/td>\n<td style=\"text-align: center;\" width=\"66\"><span style=\"font-family: 'times new roman', times, serif; font-size: 10pt;\"><strong>begraben<\/strong><\/span><\/td>\n<td style=\"text-align: center;\" width=\"41\"><span style=\"font-family: 'times new roman', times, serif; font-size: 10pt;\"><strong>Alter<\/strong><\/span><\/td>\n<td style=\"text-align: center;\" width=\"43\"><span style=\"font-family: 'times new roman', times, serif; font-size: 10pt;\"><strong>Stand<\/strong><\/span><\/td>\n<\/tr>\n<tr>\n<td style=\"text-align: center;\" width=\"30\"><span style=\"font-family: 'times new roman', times, serif; font-size: 10pt;\">1<\/span><\/td>\n<td width=\"135\"><span style=\"font-family: 'times new roman', times, serif; font-size: 10pt;\">Maria Christina<\/span><\/td>\n<td style=\"text-align: center;\" width=\"76\"><span style=\"font-family: 'times new roman', times, serif; font-size: 10pt;\">15.03.1720<\/span><\/td>\n<td style=\"text-align: center;\" width=\"76\"><span style=\"font-family: 'times new roman', times, serif; font-size: 10pt;\">17.03.1720<\/span><\/td>\n<td style=\"text-align: center;\" width=\"69\"><\/td>\n<td style=\"text-align: center;\" width=\"68\"><\/td>\n<td style=\"text-align: center;\" width=\"66\"><\/td>\n<td style=\"text-align: center;\" width=\"41\"><\/td>\n<td style=\"text-align: center;\" width=\"43\"><\/td>\n<\/tr>\n<\/tbody>\n<\/table>\n<p style=\"text-align: justify;\"><span style=\"font-family: 'times new roman', times, serif; font-size: 10pt;\"><strong>Paten: <\/strong><em>Maria Catharina, Johannes Clo\u00dfen, Huf-Schmieds alhier, eh[liche] H[aus]fr[au]; u. Anna Christina, Adam Anthon Clo\u00dfen eh[liche] Tochter alhier; und Johann Christoffel, Peter Schmieds eh[licher] Sohn alhier<\/em><\/span><\/p>\n<hr \/>\n<p><span style=\"font-family: 'times new roman', times, serif; font-size: 10pt;\"><span style=\"color: #ff0000;\"><strong><u><a id=\"ansel\"><\/a>Ansel<\/u><\/strong><strong>, Johann Adam:<\/strong><\/span> bg. 31.01.1714 Marienfels, war 47 Jahre, 7 Monate und 8 Tage alt; Eltern: Hans Enders Ansel und Anna Elisabeth geb. Zimmermann in Fr\u00fccht<\/span><\/p>\n<p style=\"text-align: justify;\"><span style=\"font-family: 'times new roman', times, serif; font-size: 10pt;\"><strong>oo <\/strong><strong>19.07.1692 Fr\u00fccht<\/strong> mit <strong><u>Gemmerich<\/u>, Eva Margaretha:<\/strong> konf. 15.04.1688; bg. 27.10.1732 Marienfels (+ Marienfels); Eltern: Philipp Wilhelm Gemmerich und Anna Katharina<\/span><\/p>\n<table>\n<tbody>\n<tr>\n<td style=\"text-align: center;\" width=\"28\"><span style=\"font-family: 'times new roman', times, serif; font-size: 10pt;\"><strong>Nr.<\/strong><\/span><\/td>\n<td width=\"128\"><span style=\"font-family: 'times new roman', times, serif; font-size: 10pt;\"><strong>Vorname (normiert)<\/strong><\/span><\/td>\n<td style=\"text-align: center;\" width=\"75\"><span style=\"font-family: 'times new roman', times, serif; font-size: 10pt;\"><strong>geboren<\/strong><\/span><\/td>\n<td style=\"text-align: center;\" width=\"75\"><span style=\"font-family: 'times new roman', times, serif; font-size: 10pt;\"><strong>getauft<\/strong><\/span><\/td>\n<td style=\"text-align: center;\" width=\"76\"><span style=\"font-family: 'times new roman', times, serif; font-size: 10pt;\"><strong>konfirmiert<\/strong><\/span><\/td>\n<td style=\"text-align: center;\" width=\"61\"><span style=\"font-family: 'times new roman', times, serif; font-size: 10pt;\"><strong>gestorben<\/strong><\/span><\/td>\n<td style=\"text-align: center;\" width=\"75\"><span style=\"font-family: 'times new roman', times, serif; font-size: 10pt;\"><strong>begraben<\/strong><\/span><\/td>\n<td style=\"text-align: center;\" width=\"43\"><span style=\"font-family: 'times new roman', times, serif; font-size: 10pt;\"><strong>Alter<\/strong><\/span><\/td>\n<td style=\"text-align: center;\" width=\"45\"><span style=\"font-family: 'times new roman', times, serif; font-size: 10pt;\"><strong>Stand<\/strong><\/span><\/td>\n<\/tr>\n<tr>\n<td style=\"text-align: center;\" width=\"28\"><span style=\"font-family: 'times new roman', times, serif; font-size: 10pt;\">1<\/span><\/td>\n<td width=\"128\"><span style=\"font-family: 'times new roman', times, serif; font-size: 10pt;\">Johann Peter<\/span><\/td>\n<td style=\"text-align: center;\" width=\"75\"><\/td>\n<td style=\"text-align: center;\" width=\"75\"><\/td>\n<td style=\"text-align: center;\" width=\"76\"><span style=\"font-family: 'times new roman', times, serif; font-size: 10pt;\">27.05.1708<\/span><\/td>\n<td style=\"text-align: center;\" width=\"61\"><\/td>\n<td style=\"text-align: center;\" width=\"75\"><\/td>\n<td style=\"text-align: center;\" width=\"43\"><\/td>\n<td style=\"text-align: center;\" width=\"45\"><span style=\"font-family: 'times new roman', times, serif; font-size: 10pt;\">verh.<\/span><\/td>\n<\/tr>\n<tr>\n<td style=\"text-align: center;\" width=\"28\"><span style=\"font-family: 'times new roman', times, serif; font-size: 10pt;\">2<\/span><\/td>\n<td width=\"128\"><span style=\"font-family: 'times new roman', times, serif; font-size: 10pt;\">Johann Jakob<\/span><\/td>\n<td style=\"text-align: center;\" width=\"75\"><span style=\"font-family: 'times new roman', times, serif; font-size: 10pt;\">23.09.1697<\/span><\/td>\n<td style=\"text-align: center;\" width=\"75\"><span style=\"font-family: 'times new roman', times, serif; font-size: 10pt;\">29.09.1697<\/span><\/td>\n<td style=\"text-align: center;\" width=\"76\"><\/td>\n<td style=\"text-align: center;\" width=\"61\"><\/td>\n<td style=\"text-align: center;\" width=\"75\"><span style=\"font-family: 'times new roman', times, serif; font-size: 10pt;\">28.01.1698<\/span><\/td>\n<td style=\"text-align: center;\" width=\"43\"><span style=\"font-family: 'times new roman', times, serif; font-size: 10pt;\">0,33<\/span><\/td>\n<td style=\"text-align: center;\" width=\"45\"><\/td>\n<\/tr>\n<tr>\n<td style=\"text-align: center;\"><span style=\"font-family: 'times new roman', times, serif; font-size: 10pt;\">3<\/span><\/td>\n<td><span style=\"font-family: 'times new roman', times, serif; font-size: 10pt;\">Johann Emmerich<\/span><\/td>\n<td style=\"text-align: center;\"><span style=\"font-family: 'times new roman', times, serif; font-size: 10pt;\">05.07.1699<\/span><\/td>\n<td style=\"text-align: center;\"><span style=\"font-family: 'times new roman', times, serif; font-size: 10pt;\">09.07.1699<\/span><\/td>\n<td style=\"text-align: center;\"><span style=\"font-family: 'times new roman', times, serif; font-size: 10pt;\">15.05.1712<\/span><\/td>\n<td style=\"text-align: center;\"><\/td>\n<td style=\"text-align: center;\"><\/td>\n<td style=\"text-align: center;\"><\/td>\n<td style=\"text-align: center;\"><span style=\"font-family: 'times new roman', times, serif; font-size: 10pt;\">verh.<\/span><\/td>\n<\/tr>\n<tr>\n<td style=\"text-align: center;\"><span style=\"font-family: 'times new roman', times, serif; font-size: 10pt;\">4<\/span><\/td>\n<td><span style=\"font-family: 'times new roman', times, serif; font-size: 10pt;\">Maria Barbara<\/span><\/td>\n<td style=\"text-align: center;\"><span style=\"font-family: 'times new roman', times, serif; font-size: 10pt;\">11.09.1702<\/span><\/td>\n<td style=\"text-align: center;\"><span style=\"font-family: 'times new roman', times, serif; font-size: 10pt;\">17.09.1702<\/span><\/td>\n<td style=\"text-align: center;\"><span style=\"font-family: 'times new roman', times, serif; font-size: 10pt;\">31.05.1716<\/span><\/td>\n<td style=\"text-align: center;\"><\/td>\n<td style=\"text-align: center;\"><\/td>\n<td style=\"text-align: center;\"><\/td>\n<td style=\"text-align: center;\"><\/td>\n<\/tr>\n<tr>\n<td style=\"text-align: center;\"><span style=\"font-family: 'times new roman', times, serif; font-size: 10pt;\">5<\/span><\/td>\n<td><span style=\"font-family: 'times new roman', times, serif; font-size: 10pt;\">Maria Elisabeth<\/span><\/td>\n<td style=\"text-align: center;\"><span style=\"font-family: 'times new roman', times, serif; font-size: 10pt;\">08.11.1705<\/span><\/td>\n<td style=\"text-align: center;\"><span style=\"font-family: 'times new roman', times, serif; font-size: 10pt;\">15.11.1705<\/span><\/td>\n<td style=\"text-align: center;\"><\/td>\n<td style=\"text-align: center;\"><\/td>\n<td style=\"text-align: center;\"><span style=\"font-family: 'times new roman', times, serif; font-size: 10pt;\">24.06.1707<\/span><\/td>\n<td style=\"text-align: center;\"><span style=\"font-family: 'times new roman', times, serif; font-size: 10pt;\">1,61<\/span><\/td>\n<td style=\"text-align: center;\"><\/td>\n<\/tr>\n<tr>\n<td style=\"text-align: center;\"><span style=\"font-family: 'times new roman', times, serif; font-size: 10pt;\">6<\/span><\/td>\n<td><span style=\"font-family: 'times new roman', times, serif; font-size: 10pt;\">Johann Henrich<\/span><\/td>\n<td style=\"text-align: center;\"><span style=\"font-family: 'times new roman', times, serif; font-size: 10pt;\">20.04.1708<\/span><\/td>\n<td style=\"text-align: center;\"><span style=\"font-family: 'times new roman', times, serif; font-size: 10pt;\">01.05.1708<\/span><\/td>\n<td style=\"text-align: center;\"><\/td>\n<td style=\"text-align: center;\"><\/td>\n<td style=\"text-align: center;\"><span style=\"font-family: 'times new roman', times, serif; font-size: 10pt;\">19.09.1709<\/span><\/td>\n<td style=\"text-align: center;\"><span style=\"font-family: 'times new roman', times, serif; font-size: 10pt;\">1,39<\/span><\/td>\n<td style=\"text-align: center;\"><\/td>\n<\/tr>\n<tr>\n<td style=\"text-align: center;\"><span style=\"font-family: 'times new roman', times, serif; font-size: 10pt;\">7<\/span><\/td>\n<td><span style=\"font-family: 'times new roman', times, serif; font-size: 10pt;\">Joh. Martin (<em>M\u00e4rten<\/em>)<\/span><\/td>\n<td style=\"text-align: center;\"><span style=\"font-family: 'times new roman', times, serif; font-size: 10pt;\">09.07.1710<\/span><\/td>\n<td style=\"text-align: center;\"><span style=\"font-family: 'times new roman', times, serif; font-size: 10pt;\">13.07.1710<\/span><\/td>\n<td style=\"text-align: center;\"><\/td>\n<td style=\"text-align: center;\"><\/td>\n<td style=\"text-align: center;\"><span style=\"font-family: 'times new roman', times, serif; font-size: 10pt;\">28.07.1710<\/span><\/td>\n<td style=\"text-align: center;\"><span style=\"font-family: 'times new roman', times, serif; font-size: 10pt;\">0,04<\/span><\/td>\n<td style=\"text-align: center;\"><\/td>\n<\/tr>\n<tr>\n<td style=\"text-align: center;\"><span style=\"font-family: 'times new roman', times, serif; font-size: 10pt;\">8<\/span><\/td>\n<td><span style=\"font-family: 'times new roman', times, serif; font-size: 10pt;\">Philipp Peter<\/span><\/td>\n<td style=\"text-align: center;\"><span style=\"font-family: 'times new roman', times, serif; font-size: 10pt;\">11.09.1711<\/span><\/td>\n<td style=\"text-align: center;\"><span style=\"font-family: 'times new roman', times, serif; font-size: 10pt;\">13.09.1711<\/span><\/td>\n<td style=\"text-align: center;\"><\/td>\n<td style=\"text-align: center;\"><\/td>\n<td style=\"text-align: center;\"><span style=\"font-family: 'times new roman', times, serif; font-size: 10pt;\">28.08.1712<\/span><\/td>\n<td style=\"text-align: center;\"><span style=\"font-family: 'times new roman', times, serif; font-size: 10pt;\">0,96<\/span><\/td>\n<td style=\"text-align: center;\"><\/td>\n<\/tr>\n<tr>\n<td style=\"text-align: center;\"><span style=\"font-family: 'times new roman', times, serif; font-size: 10pt;\">9<\/span><\/td>\n<td><span style=\"font-family: 'times new roman', times, serif; font-size: 10pt;\">Philipp Andreas<\/span><\/td>\n<td style=\"text-align: center;\"><span style=\"font-family: 'times new roman', times, serif; font-size: 10pt;\">02.08.1713<\/span><\/td>\n<td style=\"text-align: center;\"><span style=\"font-family: 'times new roman', times, serif; font-size: 10pt;\">06.08.1713<\/span><\/td>\n<td style=\"text-align: center;\"><\/td>\n<td style=\"text-align: center;\"><\/td>\n<td style=\"text-align: center;\"><span style=\"font-family: 'times new roman', times, serif; font-size: 10pt;\">25.02.1717<\/span><\/td>\n<td style=\"text-align: center;\"><span style=\"font-family: 'times new roman', times, serif; font-size: 10pt;\">3,56<\/span><\/td>\n<td style=\"text-align: center;\"><\/td>\n<\/tr>\n<\/tbody>\n<\/table>\n<p><span style=\"font-family: 'times new roman', times, serif; font-size: 10pt;\">Kind Nr. 1) oo 01.12.1716 Marienfels mit Anna Christina Pauli, Tochter des verst. Johann Peter Pauli zu Ehr<br \/>\n<\/span><span style=\"font-family: 'times new roman', times, serif; font-size: 10pt;\">Kind Nr. 3) oo 20.04.1728 Marienfels mit Maria Katharina, Tochter des verst. Leonhard Laux zu Marienfels<\/span><\/p>\n<p style=\"text-align: justify;\"><span style=\"font-family: 'times new roman', times, serif; font-size: 10pt;\"><strong>Paten: zu 2) <\/strong><em>Joh: Melcher Gemrich, Wilhelm Gemrichs, gewesenen Schmitts sel: alhie, nachgela\u00dfener Sohn; v[nd] M[eiste]r Joh: Jacob Zeilinger, Schmitt alhie; v[nd] Anna Maria, Hans Velten Sch\u00fctzens Hausfrauw zu Fr\u00fccht <\/em>\u2014 <strong>zu 3) <\/strong><em>Johannes Velten, Andreas Ansels Sohn zu Fr\u00fccht; Johann Emerich, Joh: Jacob Gemrichs sel: Sohn zu Marienfels; Anna Margretha, Adam Lauxen Dochter zu Marienfels <\/em>\u2014 <strong>zu 4) <\/strong><em>Anna Maria, Jacob Zeilers, Schmitts alhie, Hausfrauw; Anna Barbara, Godfrid G\u00e4nsmans Hausfrauw zu Fr\u00fccht; Leonhard May zu Marienfels <\/em>\u2014 <strong>zu 5) <\/strong><em>Johannes Br\u00f6ders vom Hinterwald sein Hausfrauw nahmens Anna Elisabeth; Maria Elisabeth, Wilhelm Gemrichs sel:, Schmitts zu Marienfels, nachgelassene Tochter; Wilhelm Clos zu Marienfels <\/em>\u2014 <strong>zu 6) <\/strong><em>Georg Wendt Steuber von Sultzbach; Joh: Henrich Amsel, Andreas Amsels Sohn zu Fr\u00fccht; Anna Gertrud, Johannes Phil: Gemrichs Hausfr: zu Marienfels <\/em>\u2014 <strong>zu 7) <\/strong><em>Henrich M\u00e4rten Laux; Johannes, D\u00f6nges Closen sel: nachgelassener Sohn; Eva Catharina, Joh: Mayen sel: zu Eberwies <\/em>[Oberwies]<em> nachgelassene Tochter <\/em>\u2014 <strong>zu 8) <\/strong><em>Phil: Caspar Gemrich, juvenis von Marienfels; Joh: Peter, Joh: Friedrichs \u2026 Sohn zu &#8230;hausen; Anna Magdalena, Emrich Pfeifers Hausfrauw zu Huntzel <\/em>\u2014 <strong>zu 9) <\/strong><em>Johann Phil. Laux, der M\u00fcller; vnd Andreas Ansel von Bechel; Anna Margretha, Anthon \u2026 Tochter \u2026 Marienfel\u00df<\/em><\/span><\/p>\n<hr \/>\n<p><span style=\"font-family: 'times new roman', times, serif; font-size: 10pt;\"><span style=\"color: #ff0000;\"><strong><u>Ansel<\/u><\/strong><strong>, Johann Peter:<\/strong><\/span> konf. 27.05.1708; Eltern: Johann Adam Ansel und Eva Margaretha geb. Gemmerich<\/span><\/p>\n<p><span style=\"font-family: 'times new roman', times, serif; font-size: 10pt;\"><strong>oo 01.12.1716 Marienfels<\/strong> mit <strong><u>Pauli<\/u>, Anna Christina:<\/strong> * 27.09.1692 Ehr (gt. 02.10.); konf. 23.05.1706; Eltern: Johann Peter Pauli und Anna Elisabeth geb. Sixt<\/span><\/p>\n<table>\n<tbody>\n<tr>\n<td style=\"text-align: center;\" width=\"29\"><span style=\"font-family: 'times new roman', times, serif; font-size: 10pt;\"><strong>Nr.<\/strong><\/span><\/td>\n<td width=\"135\"><span style=\"font-family: 'times new roman', times, serif; font-size: 10pt;\"><strong>Vorname (normiert)<\/strong><\/span><\/td>\n<td style=\"text-align: center;\" width=\"76\"><span style=\"font-family: 'times new roman', times, serif; font-size: 10pt;\"><strong>geboren<\/strong><\/span><\/td>\n<td style=\"text-align: center;\" width=\"76\"><span style=\"font-family: 'times new roman', times, serif; font-size: 10pt;\"><strong>getauft<\/strong><\/span><\/td>\n<td style=\"text-align: center;\" width=\"77\"><span style=\"font-family: 'times new roman', times, serif; font-size: 10pt;\"><strong>konfirmiert<\/strong><\/span><\/td>\n<td style=\"text-align: center;\" width=\"66\"><span style=\"font-family: 'times new roman', times, serif; font-size: 10pt;\"><strong>gestorben<\/strong><\/span><\/td>\n<td style=\"text-align: center;\" width=\"64\"><span style=\"font-family: 'times new roman', times, serif; font-size: 10pt;\"><strong>begraben<\/strong><\/span><\/td>\n<td style=\"text-align: center;\" width=\"40\"><span style=\"font-family: 'times new roman', times, serif; font-size: 10pt;\"><strong>Alter<\/strong><\/span><\/td>\n<td style=\"text-align: center;\" width=\"42\"><span style=\"font-family: 'times new roman', times, serif; font-size: 10pt;\"><strong>Stand<\/strong><\/span><\/td>\n<\/tr>\n<tr>\n<td style=\"text-align: center;\" width=\"29\"><span style=\"font-family: 'times new roman', times, serif; font-size: 10pt;\">1<\/span><\/td>\n<td width=\"135\"><span style=\"font-family: 'times new roman', times, serif; font-size: 10pt;\">Maria Katharina<\/span><\/td>\n<td style=\"text-align: center;\" width=\"76\"><span style=\"font-family: 'times new roman', times, serif; font-size: 10pt;\">06.12.1717<\/span><\/td>\n<td style=\"text-align: center;\" width=\"76\"><span style=\"font-family: 'times new roman', times, serif; font-size: 10pt;\">08.12.1717<\/span><\/td>\n<td style=\"text-align: center;\" width=\"77\"><span style=\"font-family: 'times new roman', times, serif; font-size: 10pt;\">13.05.1731<\/span><\/td>\n<td style=\"text-align: center;\" width=\"66\"><\/td>\n<td style=\"text-align: center;\" width=\"64\"><\/td>\n<td style=\"text-align: center;\" width=\"40\"><\/td>\n<td style=\"text-align: center;\" width=\"42\"><\/td>\n<\/tr>\n<tr>\n<td style=\"text-align: center;\"><span style=\"font-family: 'times new roman', times, serif; font-size: 10pt;\">2<\/span><\/td>\n<td><span style=\"font-family: 'times new roman', times, serif; font-size: 10pt;\">Philipp Peter<\/span><\/td>\n<td style=\"text-align: center;\"><span style=\"font-family: 'times new roman', times, serif; font-size: 10pt;\">29.01.1722<\/span><\/td>\n<td style=\"text-align: center;\"><span style=\"font-family: 'times new roman', times, serif; font-size: 10pt;\">01.02.1722<\/span><\/td>\n<td style=\"text-align: center;\"><span style=\"font-family: 'times new roman', times, serif; font-size: 10pt;\">29.05.1735<\/span><\/td>\n<td style=\"text-align: center;\"><\/td>\n<td style=\"text-align: center;\"><\/td>\n<td style=\"text-align: center;\"><\/td>\n<td style=\"text-align: center;\"><\/td>\n<\/tr>\n<tr>\n<td style=\"text-align: center;\"><span style=\"font-family: 'times new roman', times, serif; font-size: 10pt;\">3<\/span><\/td>\n<td><span style=\"font-family: 'times new roman', times, serif; font-size: 10pt;\">Anna Magdalena<\/span><\/td>\n<td style=\"text-align: center;\"><span style=\"font-family: 'times new roman', times, serif; font-size: 10pt;\">09.02.1725<\/span><\/td>\n<td style=\"text-align: center;\"><span style=\"font-family: 'times new roman', times, serif; font-size: 10pt;\">11.02.1725<\/span><\/td>\n<td style=\"text-align: center;\"><span style=\"font-family: 'times new roman', times, serif; font-size: 10pt;\">24.04.1740<\/span><\/td>\n<td style=\"text-align: center;\"><\/td>\n<td style=\"text-align: center;\"><\/td>\n<td style=\"text-align: center;\"><\/td>\n<td style=\"text-align: center;\"><\/td>\n<\/tr>\n<tr>\n<td style=\"text-align: center;\"><span style=\"font-family: 'times new roman', times, serif; font-size: 10pt;\">4<\/span><\/td>\n<td><span style=\"font-family: 'times new roman', times, serif; font-size: 10pt;\">Johann Anton<\/span><\/td>\n<td style=\"text-align: center;\"><span style=\"font-family: 'times new roman', times, serif; font-size: 10pt;\">25.05.1728<\/span><\/td>\n<td style=\"text-align: center;\"><span style=\"font-family: 'times new roman', times, serif; font-size: 10pt;\">28.05.1728<\/span><\/td>\n<td style=\"text-align: center;\"><span style=\"font-family: 'times new roman', times, serif; font-size: 10pt;\">02.04.1741<\/span><\/td>\n<td style=\"text-align: center;\"><\/td>\n<td style=\"text-align: center;\"><\/td>\n<td style=\"text-align: center;\"><\/td>\n<td style=\"text-align: center;\"><\/td>\n<\/tr>\n<\/tbody>\n<\/table>\n<p><span style=\"font-family: 'times new roman', times, serif; font-size: 10pt;\">Kind Nr. 2) bei Konf. \u201ezu Ehr\u201c<\/span><\/p>\n<p style=\"text-align: justify;\"><span style=\"font-family: 'times new roman', times, serif; font-size: 10pt;\"><strong>Paten: zu 1) <\/strong><em>Maria Catharina, Johannes Clo\u00df, HuffSchmids eh[liche] H[aus]fr[au] alhier; u. Maria Barbara, Johann Adam Ansels nachgela\u00dfene eh[liche] Tochter; und Johann Anthon Haxel, Einwohner zu Gei\u00dfig <\/em>\u2014 <strong>zu 2) <\/strong><em>Jost Peter Sixt; und Anna Maria, Peter Pauli, gewesen Kirchen Senioris zu Aehr, nachgela\u00dfene ehliche Tochter; u. Johann Philipps, Johann Valentin Ansels eh[licher] Sohn von Becheln <\/em>\u2014 <strong>zu 3) <\/strong><em>Anna Magdalena, Georg Wendel Steuberts H[aus]fr[au] zu Sultzbach; Johann Emrich, Johann Adam Ansels hinderla\u00dfener eh[licher] Sohn alhier; Anna Catharina, Johann Daniel Auldmanns eh[liche] Tochter <\/em>\u2014 <strong>zu 4) <\/strong><em>Johann Rudorph Schmid, Einwohner zu Mi\u00dfelberg; und Anna Barbara, Johann Anthon Haxels eh[liche] H[aus]fr[au] zu Ehr; wir auch Johann Anthon Friedrich in der Ehrer M\u00fchl<\/em><\/span><\/p>\n<hr \/>\n<p><span style=\"font-family: 'times new roman', times, serif; font-size: 10pt;\"><span style=\"color: #ff0000;\"><strong><u>Ansel<\/u><\/strong><strong>, Johann Emmerich:<\/strong> <\/span>* 05.07.1699 Marienfels (gt. 09.07.); konf. 15.05.1712; Eltern: Johann Adam Ansel und Eva Margaretha geb. Gemmerich<\/span><\/p>\n<p style=\"text-align: justify;\"><span style=\"font-family: 'times new roman', times, serif; font-size: 10pt;\"><strong>oo <\/strong><strong>20.04.1728 Marienfels<\/strong> mit <strong><u>Laux<\/u>, Maria Katharina:<\/strong> * 12.05.1703 Marienfels (gt. 17.05.); konf. 31.05.1716; bg. 19.05.1744 Marienfels (+ Marienfels); Eltern: Johann Leonhard Laux, Schuhmacher, und Anna Elisabeth geb. Klos<\/span><\/p>\n<table>\n<tbody>\n<tr>\n<td style=\"text-align: center;\" width=\"28\"><span style=\"font-family: 'times new roman', times, serif; font-size: 10pt;\"><strong>Nr.<\/strong><\/span><\/td>\n<td width=\"131\"><span style=\"font-family: 'times new roman', times, serif; font-size: 10pt;\"><strong>Vorname (normiert)<\/strong><\/span><\/td>\n<td style=\"text-align: center;\" width=\"75\"><span style=\"font-family: 'times new roman', times, serif; font-size: 10pt;\"><strong>geboren<\/strong><\/span><\/td>\n<td style=\"text-align: center;\" width=\"75\"><span style=\"font-family: 'times new roman', times, serif; font-size: 10pt;\"><strong>getauft<\/strong><\/span><\/td>\n<td style=\"text-align: center;\" width=\"76\"><span style=\"font-family: 'times new roman', times, serif; font-size: 10pt;\"><strong>konfirmiert<\/strong><\/span><\/td>\n<td style=\"text-align: center;\" width=\"62\"><span style=\"font-family: 'times new roman', times, serif; font-size: 10pt;\"><strong>gestorben<\/strong><\/span><\/td>\n<td style=\"text-align: center;\" width=\"75\"><span style=\"font-family: 'times new roman', times, serif; font-size: 10pt;\"><strong>begraben<\/strong><\/span><\/td>\n<td style=\"text-align: center;\" width=\"43\"><span style=\"font-family: 'times new roman', times, serif; font-size: 10pt;\"><strong>Alter<\/strong><\/span><\/td>\n<td style=\"text-align: center;\" width=\"39\"><span style=\"font-family: 'times new roman', times, serif; font-size: 10pt;\"><strong>Stand<\/strong><\/span><\/td>\n<\/tr>\n<tr>\n<td style=\"text-align: center;\" width=\"28\"><span style=\"font-family: 'times new roman', times, serif; font-size: 10pt;\">1<\/span><\/td>\n<td width=\"131\"><span style=\"font-family: 'times new roman', times, serif; font-size: 10pt;\">Anna Magdalena<\/span><\/td>\n<td style=\"text-align: center;\" width=\"75\"><span style=\"font-family: 'times new roman', times, serif; font-size: 10pt;\">07.03.1729<\/span><\/td>\n<td style=\"text-align: center;\" width=\"75\"><span style=\"font-family: 'times new roman', times, serif; font-size: 10pt;\">08.03.1729<\/span><\/td>\n<td style=\"text-align: center;\" width=\"76\"><span style=\"font-family: 'times new roman', times, serif; font-size: 10pt;\">26.05.1743<\/span><\/td>\n<td style=\"text-align: center;\" width=\"62\"><\/td>\n<td style=\"text-align: center;\" width=\"75\"><\/td>\n<td style=\"text-align: center;\" width=\"43\"><\/td>\n<td style=\"text-align: center;\" width=\"39\"><\/td>\n<\/tr>\n<tr>\n<td style=\"text-align: center;\"><span style=\"font-family: 'times new roman', times, serif; font-size: 10pt;\">2<\/span><\/td>\n<td><span style=\"font-family: 'times new roman', times, serif; font-size: 10pt;\">Maria Elisabeth<\/span><\/td>\n<td style=\"text-align: center;\"><span style=\"font-family: 'times new roman', times, serif; font-size: 10pt;\">12.01.1731<\/span><\/td>\n<td style=\"text-align: center;\"><span style=\"font-family: 'times new roman', times, serif; font-size: 10pt;\">14.01.1731<\/span><\/td>\n<td style=\"text-align: center;\"><span style=\"font-family: 'times new roman', times, serif; font-size: 10pt;\">12.04.1744<\/span><\/td>\n<td style=\"text-align: center;\"><\/td>\n<td style=\"text-align: center;\"><\/td>\n<td style=\"text-align: center;\"><\/td>\n<td style=\"text-align: center;\"><\/td>\n<\/tr>\n<tr>\n<td style=\"text-align: center;\"><span style=\"font-family: 'times new roman', times, serif; font-size: 10pt;\">3<\/span><\/td>\n<td><span style=\"font-family: 'times new roman', times, serif; font-size: 10pt;\">Margaretha Katharina<\/span><\/td>\n<td style=\"text-align: center;\"><span style=\"font-family: 'times new roman', times, serif; font-size: 10pt;\">13.01.1738<\/span><\/td>\n<td style=\"text-align: center;\"><span style=\"font-family: 'times new roman', times, serif; font-size: 10pt;\">15.01.1738<\/span><\/td>\n<td style=\"text-align: center;\"><\/td>\n<td style=\"text-align: center;\"><\/td>\n<td style=\"text-align: center;\"><\/td>\n<td style=\"text-align: center;\"><\/td>\n<td style=\"text-align: center;\"><\/td>\n<\/tr>\n<tr>\n<td style=\"text-align: center;\"><span style=\"font-family: 'times new roman', times, serif; font-size: 10pt;\">4<\/span><\/td>\n<td><span style=\"font-family: 'times new roman', times, serif; font-size: 10pt;\">Johann Adam<\/span><\/td>\n<td style=\"text-align: center;\"><span style=\"font-family: 'times new roman', times, serif; font-size: 10pt;\">16.08.1741<\/span><\/td>\n<td style=\"text-align: center;\"><span style=\"font-family: 'times new roman', times, serif; font-size: 10pt;\">18.08.1741<\/span><\/td>\n<td style=\"text-align: center;\"><\/td>\n<td style=\"text-align: center;\"><\/td>\n<td style=\"text-align: center;\"><span style=\"font-family: 'times new roman', times, serif; font-size: 10pt;\">03.03.1742<\/span><\/td>\n<td style=\"text-align: center;\"><span style=\"font-family: 'times new roman', times, serif; font-size: 10pt;\">0,55<\/span><\/td>\n<td style=\"text-align: center;\"><\/td>\n<\/tr>\n<tr>\n<td style=\"text-align: center;\"><span style=\"font-family: 'times new roman', times, serif; font-size: 10pt;\">5<\/span><\/td>\n<td><span style=\"font-family: 'times new roman', times, serif; font-size: 10pt;\">Philipp Peter<\/span><\/td>\n<td style=\"text-align: center;\"><span style=\"font-family: 'times new roman', times, serif; font-size: 10pt;\">29.12.1743<\/span><\/td>\n<td style=\"text-align: center;\"><span style=\"font-family: 'times new roman', times, serif; font-size: 10pt;\">31.12.1743<\/span><\/td>\n<td style=\"text-align: center;\"><\/td>\n<td style=\"text-align: center;\"><\/td>\n<td style=\"text-align: center;\"><\/td>\n<td style=\"text-align: center;\"><\/td>\n<td style=\"text-align: center;\"><\/td>\n<\/tr>\n<\/tbody>\n<\/table>\n<p style=\"text-align: justify;\"><span style=\"font-family: 'times new roman', times, serif; font-size: 10pt;\"><strong>Paten: zu 1) <\/strong><em>Anna Magdalena, Hernrich Martin Lauxen H[aus]fr[au]; u. Johann Martin Laux, des Schneider Handwercks; wie auch Anna Christina, Johann Peter Ansels H[aus]fr[au] <\/em>\u2014 <strong>zu 2) <\/strong><em>Maria Barbara, Joh. Rudolff Schmidt zu Mi\u00dfelberg; und Anthon Peter Laux; wie auch Anna Elisabeth, Johann Andreas Neidh\u00f6fers H[aus]fr[au] <\/em>\u2014 <strong>zu 3) <\/strong><em>Margaretha Catharina, Nicolaus Lauxen Tochter zu Huntzel <\/em>\u2014 <strong>zu 4) <\/strong><em>Johann Adam Laux, Johann Peter Lauxen eh[lich]er Sohn zu Marienfel\u00df <\/em>\u2014 <strong>zu 5) <\/strong><em>Philipps Peter, Johann Peter Ansels von Ehr eh[lich]er Sohn<\/em><\/span><\/p>\n<hr \/>\n<p><span style=\"font-family: 'times new roman', times, serif; font-size: 10pt;\"><span style=\"color: #ff0000;\"><strong><u><a id=\"arndt\"><\/a>Arndt<\/u><\/strong><strong>, Michel:<\/strong> <\/span>in der Steegsm\u00fchle<\/span><\/p>\n<p><span style=\"font-family: 'times new roman', times, serif; font-size: 10pt;\"><strong>oo<\/strong> mit <strong>Maria Ursula<\/strong><\/span><\/p>\n<table>\n<tbody>\n<tr>\n<td style=\"text-align: center;\" width=\"30\"><span style=\"font-family: 'times new roman', times, serif; font-size: 10pt;\"><strong>Nr.<\/strong><\/span><\/td>\n<td width=\"137\"><span style=\"font-family: 'times new roman', times, serif; font-size: 10pt;\"><strong>Vorname (normiert)<\/strong><\/span><\/td>\n<td style=\"text-align: center;\" width=\"68\"><span style=\"font-family: 'times new roman', times, serif; font-size: 10pt;\"><strong>geboren<\/strong><\/span><\/td>\n<td style=\"text-align: center;\" width=\"77\"><span style=\"font-family: 'times new roman', times, serif; font-size: 10pt;\"><strong>getauft<\/strong><\/span><\/td>\n<td style=\"text-align: center;\" width=\"69\"><span style=\"font-family: 'times new roman', times, serif; font-size: 10pt;\"><strong>konfirmiert<\/strong><\/span><\/td>\n<td style=\"text-align: center;\" width=\"69\"><span style=\"font-family: 'times new roman', times, serif; font-size: 10pt;\"><strong>gestorben<\/strong><\/span><\/td>\n<td style=\"text-align: center;\" width=\"68\"><span style=\"font-family: 'times new roman', times, serif; font-size: 10pt;\"><strong>begraben<\/strong><\/span><\/td>\n<td style=\"text-align: center;\" width=\"42\"><span style=\"font-family: 'times new roman', times, serif; font-size: 10pt;\"><strong>Alter<\/strong><\/span><\/td>\n<td style=\"text-align: center;\" width=\"44\"><span style=\"font-family: 'times new roman', times, serif; font-size: 10pt;\"><strong>Stand<\/strong><\/span><\/td>\n<\/tr>\n<tr>\n<td style=\"text-align: center;\" width=\"30\"><span style=\"font-family: 'times new roman', times, serif; font-size: 10pt;\">1<\/span><\/td>\n<td width=\"137\"><span style=\"font-family: 'times new roman', times, serif; font-size: 10pt;\">Johann Martin (<em>M\u00e4rden<\/em>)<\/span><\/td>\n<td style=\"text-align: center;\" width=\"68\"><\/td>\n<td style=\"text-align: center;\" width=\"77\"><span style=\"font-family: 'times new roman', times, serif; font-size: 10pt;\">23.02.1679<\/span><\/td>\n<td style=\"text-align: center;\" width=\"69\"><\/td>\n<td style=\"text-align: center;\" width=\"69\"><\/td>\n<td style=\"text-align: center;\" width=\"68\"><\/td>\n<td style=\"text-align: center;\" width=\"42\"><\/td>\n<td style=\"text-align: center;\" width=\"44\"><\/td>\n<\/tr>\n<\/tbody>\n<\/table>\n<p style=\"text-align: justify;\"><span style=\"font-family: 'times new roman', times, serif; font-size: 10pt;\"><strong>Paten: <\/strong><em>M\u00e4rten Clos von Danioben; Joh: Peter Debo, Hans Jacob Debo Sohn, itz zu Affterbach; Jacobina, Arnoldi Arnd von Holtzhausen auf der Heiden Dochter<\/em><\/span><\/p>\n<hr \/>\n<p><span style=\"font-family: 'times new roman', times, serif; font-size: 10pt;\"><span style=\"color: #ff0000;\"><strong><u><a id=\"baltzer\"><\/a>Baltzer<\/u><\/strong><strong>, Thomas:<\/strong><\/span> geh\u00f6rte zum Dienstgesinde von Pfr. Ebenau in Marienfels; Sohn des Niklas Baltzer von Bogel (Pfarrei Ruppertshofen)<\/span><\/p>\n<p style=\"text-align: justify;\"><span style=\"font-family: 'times new roman', times, serif; font-size: 10pt;\"><strong>oo 18.02.1696 Niederbachheim<\/strong> (auch im KB Marienfels) mit <strong><u>Hallerbach<\/u>, Anna Margaretha:<\/strong> geh\u00f6rte zum Dienstgesinde von Pfr. Ebenau in Marienfels; Tochter des Jakob Hallerbach, Kuhhirte in Niederbachheim<\/span><\/p>\n<hr \/>\n<p><span style=\"font-family: 'times new roman', times, serif; font-size: 10pt;\"><span style=\"color: #ff0000;\"><strong><u><a id=\"bart\"><\/a>Bart<\/u><\/strong><strong>, Anna Maria:<\/strong> <\/span>Tochter des Matth\u00e4us Bart, M\u00fcller in der sogenannten K\u00e4sm\u00fchle, sonst von M\u00fchlheim, kath.; bg. 31.03.1706 Marienfels, 5 Jahre alt<\/span><\/p>\n<hr \/>\n<p><span style=\"font-family: 'times new roman', times, serif; font-size: 10pt;\"><span style=\"color: #ff0000;\"><strong><u><a id=\"becker\"><\/a>Becker<\/u><\/strong><strong>, Johann:<\/strong><\/span> Schulmeister; ist nach dem Einwohnerverzeichnis 1665 50 Jahre alt; ist mit seiner Familie freiz\u00fcgig und \u201ekeinem Herrn unterworfen<\/span><\/p>\n<p><span style=\"font-family: 'times new roman', times, serif; font-size: 10pt;\"><strong>oo<\/strong> mit <strong>Elisabeth:<\/strong> ist nach dem Einwohnerverzeichnis 1665 47 Jahre alt<\/span><\/p>\n<table>\n<tbody>\n<tr>\n<td style=\"text-align: center;\" width=\"30\"><span style=\"font-family: 'times new roman', times, serif; font-size: 10pt;\"><strong>Nr.<\/strong><\/span><\/td>\n<td width=\"138\"><span style=\"font-family: 'times new roman', times, serif; font-size: 10pt;\"><strong>Vorname (normiert)<\/strong><\/span><\/td>\n<td style=\"text-align: center;\" width=\"68\"><span style=\"font-family: 'times new roman', times, serif; font-size: 10pt;\"><strong>geboren<\/strong><\/span><\/td>\n<td style=\"text-align: center;\" width=\"77\"><span style=\"font-family: 'times new roman', times, serif; font-size: 10pt;\"><strong>getauft<\/strong><\/span><\/td>\n<td style=\"text-align: center;\" width=\"70\"><span style=\"font-family: 'times new roman', times, serif; font-size: 10pt;\"><strong>konfirmiert<\/strong><\/span><\/td>\n<td style=\"text-align: center;\" width=\"70\"><span style=\"font-family: 'times new roman', times, serif; font-size: 10pt;\"><strong>gestorben<\/strong><\/span><\/td>\n<td style=\"text-align: center;\" width=\"68\"><span style=\"font-family: 'times new roman', times, serif; font-size: 10pt;\"><strong>begraben<\/strong><\/span><\/td>\n<td style=\"text-align: center;\" width=\"38\"><span style=\"font-family: 'times new roman', times, serif; font-size: 10pt;\"><strong>Alter<\/strong><\/span><\/td>\n<td style=\"text-align: center;\" width=\"44\"><span style=\"font-family: 'times new roman', times, serif; font-size: 10pt;\"><strong>Stand<\/strong><\/span><\/td>\n<\/tr>\n<tr>\n<td style=\"text-align: center;\" width=\"30\"><span style=\"font-family: 'times new roman', times, serif; font-size: 10pt;\">1<\/span><\/td>\n<td width=\"138\"><span style=\"font-family: 'times new roman', times, serif; font-size: 10pt;\">Johann Henrich<\/span><\/td>\n<td style=\"text-align: center;\" width=\"68\"><span style=\"font-family: 'times new roman', times, serif; font-size: 10pt;\">ca. 1647<\/span><\/td>\n<td style=\"text-align: center;\" width=\"77\"><span style=\"font-family: 'times new roman', times, serif; font-size: 10pt;\"><strong>\u00a0<\/strong><\/span><\/td>\n<td style=\"text-align: center;\" width=\"70\"><span style=\"font-family: 'times new roman', times, serif; font-size: 10pt;\"><strong>\u00a0<\/strong><\/span><\/td>\n<td style=\"text-align: center;\" width=\"70\"><span style=\"font-family: 'times new roman', times, serif; font-size: 10pt;\"><strong>\u00a0<\/strong><\/span><\/td>\n<td style=\"text-align: center;\" width=\"68\"><span style=\"font-family: 'times new roman', times, serif; font-size: 10pt;\"><strong>\u00a0<\/strong><\/span><\/td>\n<td style=\"text-align: center;\" width=\"38\"><span style=\"font-family: 'times new roman', times, serif; font-size: 10pt;\"><strong>\u00a0<\/strong><\/span><\/td>\n<td style=\"text-align: center;\" width=\"44\"><\/td>\n<\/tr>\n<tr>\n<td style=\"text-align: center;\" width=\"30\"><span style=\"font-family: 'times new roman', times, serif; font-size: 10pt;\">2<\/span><\/td>\n<td width=\"138\"><span style=\"font-family: 'times new roman', times, serif; font-size: 10pt;\"><em>Eltzen Lie\u00df<\/em><\/span><\/td>\n<td style=\"text-align: center;\" width=\"68\"><span style=\"font-family: 'times new roman', times, serif; font-size: 10pt;\">ca. 1650<\/span><\/td>\n<td style=\"text-align: center;\" width=\"77\"><span style=\"font-family: 'times new roman', times, serif; font-size: 10pt;\"><strong>\u00a0<\/strong><\/span><\/td>\n<td style=\"text-align: center;\" width=\"70\"><span style=\"font-family: 'times new roman', times, serif; font-size: 10pt;\"><strong>\u00a0<\/strong><\/span><\/td>\n<td style=\"text-align: center;\" width=\"70\"><span style=\"font-family: 'times new roman', times, serif; font-size: 10pt;\"><strong>\u00a0<\/strong><\/span><\/td>\n<td style=\"text-align: center;\" width=\"68\"><span style=\"font-family: 'times new roman', times, serif; font-size: 10pt;\"><strong>\u00a0<\/strong><\/span><\/td>\n<td style=\"text-align: center;\" width=\"38\"><span style=\"font-family: 'times new roman', times, serif; font-size: 10pt;\"><strong>\u00a0<\/strong><\/span><\/td>\n<td style=\"text-align: center;\" width=\"44\"><\/td>\n<\/tr>\n<tr>\n<td style=\"text-align: center;\" width=\"30\"><span style=\"font-family: 'times new roman', times, serif; font-size: 10pt;\">3<\/span><\/td>\n<td width=\"138\"><span style=\"font-family: 'times new roman', times, serif; font-size: 10pt;\">Johann Peter<\/span><\/td>\n<td style=\"text-align: center;\" width=\"68\"><span style=\"font-family: 'times new roman', times, serif; font-size: 10pt;\">ca. 1658<\/span><\/td>\n<td style=\"text-align: center;\" width=\"77\"><span style=\"font-family: 'times new roman', times, serif; font-size: 10pt;\"><strong>\u00a0<\/strong><\/span><\/td>\n<td style=\"text-align: center;\" width=\"70\"><span style=\"font-family: 'times new roman', times, serif; font-size: 10pt;\"><strong>\u00a0<\/strong><\/span><\/td>\n<td style=\"text-align: center;\" width=\"70\"><span style=\"font-family: 'times new roman', times, serif; font-size: 10pt;\"><strong>\u00a0<\/strong><\/span><\/td>\n<td style=\"text-align: center;\" width=\"68\"><span style=\"font-family: 'times new roman', times, serif; font-size: 10pt;\"><strong>\u00a0<\/strong><\/span><\/td>\n<td style=\"text-align: center;\" width=\"38\"><span style=\"font-family: 'times new roman', times, serif; font-size: 10pt;\"><strong>\u00a0<\/strong><\/span><\/td>\n<td style=\"text-align: center;\" width=\"44\"><\/td>\n<\/tr>\n<\/tbody>\n<\/table>\n<p><span style=\"font-family: 'times new roman', times, serif; font-size: 10pt;\">Kind Nr. 1) ist nach dem Einwohnerverzeichnis 1665 18 Jahre alt<br \/>\n<\/span><span style=\"font-family: 'times new roman', times, serif; font-size: 10pt;\">Kind Nr. 2) ist nach dem Einwohnerverzeichnis 1665 15 Jahre alt<br \/>\n<\/span><span style=\"font-family: 'times new roman', times, serif; font-size: 10pt;\">Kind Nr. 3) ist nach dem Einwohnerverzeichnis 1665 7 Jahre alt<\/span><\/p>\n<hr \/>\n<p><span style=\"font-family: 'times new roman', times, serif; font-size: 10pt;\"><span style=\"color: #ff0000;\"><strong><u>Becker<\/u><\/strong><strong>, Christ: <\/strong><\/span>bei der M\u00fchle unter der Kirche<\/span><\/p>\n<p><span style=\"font-family: 'times new roman', times, serif; font-size: 10pt;\"><strong>oo<\/strong> mit <strong>Sophia<\/strong><\/span><\/p>\n<table>\n<tbody>\n<tr>\n<td style=\"text-align: center;\" width=\"30\"><span style=\"font-family: 'times new roman', times, serif; font-size: 10pt;\"><strong>Nr.<\/strong><\/span><\/td>\n<td width=\"133\"><span style=\"font-family: 'times new roman', times, serif; font-size: 10pt;\"><strong>Vorname (normiert)<\/strong><\/span><\/td>\n<td style=\"text-align: center;\" width=\"76\"><span style=\"font-family: 'times new roman', times, serif; font-size: 10pt;\"><strong>geboren<\/strong><\/span><\/td>\n<td style=\"text-align: center;\" width=\"76\"><span style=\"font-family: 'times new roman', times, serif; font-size: 10pt;\"><strong>getauft<\/strong><\/span><\/td>\n<td style=\"text-align: center;\" width=\"69\"><span style=\"font-family: 'times new roman', times, serif; font-size: 10pt;\"><strong>konfirmiert<\/strong><\/span><\/td>\n<td style=\"text-align: center;\" width=\"69\"><span style=\"font-family: 'times new roman', times, serif; font-size: 10pt;\"><strong>gestorben<\/strong><\/span><\/td>\n<td style=\"text-align: center;\" width=\"67\"><span style=\"font-family: 'times new roman', times, serif; font-size: 10pt;\"><strong>begraben<\/strong><\/span><\/td>\n<td style=\"text-align: center;\" width=\"42\"><span style=\"font-family: 'times new roman', times, serif; font-size: 10pt;\"><strong>Alter<\/strong><\/span><\/td>\n<td style=\"text-align: center;\" width=\"43\"><span style=\"font-family: 'times new roman', times, serif; font-size: 10pt;\"><strong>Stand<\/strong><\/span><\/td>\n<\/tr>\n<tr>\n<td style=\"text-align: center;\" width=\"30\"><span style=\"font-family: 'times new roman', times, serif; font-size: 10pt;\">1<\/span><\/td>\n<td width=\"133\"><span style=\"font-family: 'times new roman', times, serif; font-size: 10pt;\">Anna Julia<\/span><\/td>\n<td style=\"text-align: center;\" width=\"76\"><span style=\"font-family: 'times new roman', times, serif; font-size: 10pt;\">02.02.1703<\/span><\/td>\n<td style=\"text-align: center;\" width=\"76\"><span style=\"font-family: 'times new roman', times, serif; font-size: 10pt;\">07.02.1703<\/span><\/td>\n<td style=\"text-align: center;\" width=\"69\"><\/td>\n<td style=\"text-align: center;\" width=\"69\"><\/td>\n<td style=\"text-align: center;\" width=\"67\"><\/td>\n<td style=\"text-align: center;\" width=\"42\"><\/td>\n<td style=\"text-align: center;\" width=\"43\"><\/td>\n<\/tr>\n<\/tbody>\n<\/table>\n<p style=\"text-align: justify;\"><span style=\"font-family: 'times new roman', times, serif; font-size: 10pt;\"><strong>Paten: <\/strong><em>Anna Julia, H[errn] Just Kr\u00f6ckens, p[ro] t[empore] Schuhlm[eiste]rs alhie, ehliche Hausfrauw; Joh: Adam Amsel; Anna Margreth, M[eiste]r Wilhelm Schreibers Dochter bey obgesagter M\u00fchl wohnend; Fridrich &#8230;schmidt, Constabel auff der Vestung Coblentz<\/em><\/span><\/p>\n<hr \/>\n<p><span style=\"font-family: 'times new roman', times, serif; font-size: 10pt;\"><span style=\"color: #ff0000;\"><strong><u><a id=\"bernd\"><\/a>Bernd<\/u><\/strong><strong>, Georg:<\/strong> <\/span>Kuhhirte in Marienfels; bg. 22.02.1706 Marienfels, 39 Jahre alt, \u201eist ein flei\u00dfiger, treuer und gottesf\u00fcrchtiger Mann gewesen\u201c<\/span><\/p>\n<p><span style=\"font-family: 'times new roman', times, serif; font-size: 10pt;\"><strong>oo<\/strong> mit <strong>Anna Sophia<\/strong><\/span><\/p>\n<table>\n<tbody>\n<tr>\n<td style=\"text-align: center;\" width=\"28\"><span style=\"font-family: 'times new roman', times, serif; font-size: 10pt;\"><strong>Nr.<\/strong><\/span><\/td>\n<td width=\"131\"><span style=\"font-family: 'times new roman', times, serif; font-size: 10pt;\"><strong>Vorname (normiert)<\/strong><\/span><\/td>\n<td style=\"text-align: center;\" width=\"75\"><span style=\"font-family: 'times new roman', times, serif; font-size: 10pt;\"><strong>geboren<\/strong><\/span><\/td>\n<td style=\"text-align: center;\" width=\"75\"><span style=\"font-family: 'times new roman', times, serif; font-size: 10pt;\"><strong>getauft<\/strong><\/span><\/td>\n<td style=\"text-align: center;\" width=\"76\"><span style=\"font-family: 'times new roman', times, serif; font-size: 10pt;\"><strong>konfirmiert<\/strong><\/span><\/td>\n<td style=\"text-align: center;\" width=\"62\"><span style=\"font-family: 'times new roman', times, serif; font-size: 10pt;\"><strong>gestorben<\/strong><\/span><\/td>\n<td style=\"text-align: center;\" width=\"75\"><span style=\"font-family: 'times new roman', times, serif; font-size: 10pt;\"><strong>begraben<\/strong><\/span><\/td>\n<td style=\"text-align: center;\" width=\"43\"><span style=\"font-family: 'times new roman', times, serif; font-size: 10pt;\"><strong>Alter<\/strong><\/span><\/td>\n<td style=\"text-align: center;\" width=\"39\"><span style=\"font-family: 'times new roman', times, serif; font-size: 10pt;\"><strong>Stand<\/strong><\/span><\/td>\n<\/tr>\n<tr>\n<td style=\"text-align: center;\" width=\"28\"><span style=\"font-family: 'times new roman', times, serif; font-size: 10pt;\">1<\/span><\/td>\n<td width=\"131\"><span style=\"font-family: 'times new roman', times, serif; font-size: 10pt;\">Anna Margaretha<\/span><\/td>\n<td style=\"text-align: center;\" width=\"75\"><\/td>\n<td style=\"text-align: center;\" width=\"75\"><\/td>\n<td style=\"text-align: center;\" width=\"76\"><span style=\"font-family: 'times new roman', times, serif; font-size: 10pt;\">15.05.1701<\/span><\/td>\n<td style=\"text-align: center;\" width=\"62\"><\/td>\n<td style=\"text-align: center;\" width=\"75\"><\/td>\n<td style=\"text-align: center;\" width=\"43\"><\/td>\n<td style=\"text-align: center;\" width=\"39\"><\/td>\n<\/tr>\n<tr>\n<td style=\"text-align: center;\" width=\"28\"><span style=\"font-family: 'times new roman', times, serif; font-size: 10pt;\">2<\/span><\/td>\n<td width=\"131\"><span style=\"font-family: 'times new roman', times, serif; font-size: 10pt;\">Salome<\/span><\/td>\n<td style=\"text-align: center;\" width=\"75\"><\/td>\n<td style=\"text-align: center;\" width=\"75\"><\/td>\n<td style=\"text-align: center;\" width=\"76\"><\/td>\n<td style=\"text-align: center;\" width=\"62\"><\/td>\n<td style=\"text-align: center;\" width=\"75\"><span style=\"font-family: 'times new roman', times, serif; font-size: 10pt;\">15.04.1706<\/span><\/td>\n<td style=\"text-align: center;\" width=\"43\"><span style=\"font-family: 'times new roman', times, serif; font-size: 10pt;\">10<\/span><\/td>\n<td style=\"text-align: center;\" width=\"39\"><\/td>\n<\/tr>\n<tr>\n<td style=\"text-align: center;\" width=\"28\"><span style=\"font-family: 'times new roman', times, serif; font-size: 10pt;\">3<\/span><\/td>\n<td width=\"131\"><span style=\"font-family: 'times new roman', times, serif; font-size: 10pt;\">Philipp Kaspar<\/span><\/td>\n<td style=\"text-align: center;\" width=\"75\"><span style=\"font-family: 'times new roman', times, serif; font-size: 10pt;\">10.07.1700<\/span><\/td>\n<td style=\"text-align: center;\" width=\"75\"><span style=\"font-family: 'times new roman', times, serif; font-size: 10pt;\">11.07.1700<\/span><\/td>\n<td style=\"text-align: center;\" width=\"76\"><\/td>\n<td style=\"text-align: center;\" width=\"62\"><\/td>\n<td style=\"text-align: center;\" width=\"75\"><span style=\"font-family: 'times new roman', times, serif; font-size: 10pt;\">10.09.1700<\/span><\/td>\n<td style=\"text-align: center;\" width=\"43\"><span style=\"font-family: 'times new roman', times, serif; font-size: 10pt;\">0,17<\/span><\/td>\n<td style=\"text-align: center;\" width=\"39\"><\/td>\n<\/tr>\n<tr>\n<td style=\"text-align: center;\"><span style=\"font-family: 'times new roman', times, serif; font-size: 10pt;\">4<\/span><\/td>\n<td><span style=\"font-family: 'times new roman', times, serif; font-size: 10pt;\">Eva Katharina<\/span><\/td>\n<td style=\"text-align: center;\"><span style=\"font-family: 'times new roman', times, serif; font-size: 10pt;\">09.08.1701<\/span><\/td>\n<td style=\"text-align: center;\"><span style=\"font-family: 'times new roman', times, serif; font-size: 10pt;\">14.08.1701<\/span><\/td>\n<td style=\"text-align: center;\"><\/td>\n<td style=\"text-align: center;\"><\/td>\n<td style=\"text-align: center;\"><\/td>\n<td style=\"text-align: center;\"><\/td>\n<td style=\"text-align: center;\"><\/td>\n<\/tr>\n<tr>\n<td style=\"text-align: center;\"><span style=\"font-family: 'times new roman', times, serif; font-size: 10pt;\">5<\/span><\/td>\n<td><span style=\"font-family: 'times new roman', times, serif; font-size: 10pt;\">Anna Maria<\/span><\/td>\n<td style=\"text-align: center;\"><span style=\"font-family: 'times new roman', times, serif; font-size: 10pt;\">20.03.1705<\/span><\/td>\n<td style=\"text-align: center;\"><span style=\"font-family: 'times new roman', times, serif; font-size: 10pt;\">25.03.1705<\/span><\/td>\n<td style=\"text-align: center;\"><\/td>\n<td style=\"text-align: center;\"><\/td>\n<td style=\"text-align: center;\"><\/td>\n<td style=\"text-align: center;\"><\/td>\n<td style=\"text-align: center;\"><\/td>\n<\/tr>\n<\/tbody>\n<\/table>\n<p style=\"text-align: justify;\"><span style=\"font-family: 'times new roman', times, serif; font-size: 10pt;\"><strong>Paten: zu 3) <\/strong><em>Joh: Henrich, Leonharden Lauxen Sohn ibidem; Philips Caspar, Peter Lauxen sel: Sohn ibidem; Elisabetha Catharina, Adam Keisers ibidem Dochter <\/em>\u2014 <strong>zu 4) <\/strong><em>Anna Catharina, Joh: Nicol Lauxen Hausfrauw alhie; Eva Catharina, Joh: Adam Ansels Hausfr: alhie; v[nd] Johannes Niedenstein, Schweinhirt alhie <\/em>\u2014 <strong>zu 5) <\/strong><em>Joh: Dieterich Rincker, B\u00fcrger zu Nassauw; Anna Margretha, Philips Spitzleyen Hausfr: zu Marienfels; Anna Maria, Joh. St\u00e4ttlers, Sch\u00e4ffers alhier, Hausfr:<\/em><\/span><\/p>\n<hr \/>\n<p><span style=\"font-family: 'times new roman', times, serif; font-size: 10pt;\"><span style=\"color: #ff0000;\"><strong><u><a id=\"besson\"><\/a>Besson<\/u><\/strong><strong>, Samuel:<\/strong><\/span> zur Zeit Knecht bei Hauptmann Las Nautes; aus Collonge (Kanton Genf, Schweiz); Sohn des Elias Besson<\/span><\/p>\n<p style=\"text-align: justify;\"><span style=\"font-family: 'times new roman', times, serif; font-size: 10pt;\"><strong>oo <\/strong><strong>31.10.1697 Marienfels<\/strong> mit <strong><u>Gros<\/u>, Anna Barbara:<\/strong> Witwe und Tochter des verst. Johann Konrad Gros, gewesener Pfarrer zu Durlach; zur Zeit K\u00f6chin bei Hauptmann Las Nautes, der 14 Tage zu Marienfels im Quartier lag<\/span><\/p>\n<hr \/>\n<p><span style=\"font-family: 'times new roman', times, serif; font-size: 10pt;\"><span style=\"color: #ff0000;\"><strong><u><a id=\"bloess\"><\/a>Bl\u00f6\u00df (<em>Pl\u00fc\u00df<\/em>)<\/u><\/strong><strong>, Georg:<\/strong><\/span> Hirte in Marienfels<\/span><\/p>\n<p><span style=\"font-family: 'times new roman', times, serif; font-size: 10pt;\"><strong>oo<\/strong> mit <strong>Elisabeth Margaretha<\/strong><\/span><\/p>\n<table>\n<tbody>\n<tr>\n<td style=\"text-align: center;\" width=\"30\"><span style=\"font-family: 'times new roman', times, serif; font-size: 10pt;\"><strong>Nr.<\/strong><\/span><\/td>\n<td width=\"135\"><span style=\"font-family: 'times new roman', times, serif; font-size: 10pt;\"><strong>Vorname (normiert)<\/strong><\/span><\/td>\n<td style=\"text-align: center;\" width=\"76\"><span style=\"font-family: 'times new roman', times, serif; font-size: 10pt;\"><strong>geboren<\/strong><\/span><\/td>\n<td style=\"text-align: center;\" width=\"76\"><span style=\"font-family: 'times new roman', times, serif; font-size: 10pt;\"><strong>getauft<\/strong><\/span><\/td>\n<td style=\"text-align: center;\" width=\"69\"><span style=\"font-family: 'times new roman', times, serif; font-size: 10pt;\"><strong>konfirmiert<\/strong><\/span><\/td>\n<td style=\"text-align: center;\" width=\"68\"><span style=\"font-family: 'times new roman', times, serif; font-size: 10pt;\"><strong>gestorben<\/strong><\/span><\/td>\n<td style=\"text-align: center;\" width=\"66\"><span style=\"font-family: 'times new roman', times, serif; font-size: 10pt;\"><strong>begraben<\/strong><\/span><\/td>\n<td style=\"text-align: center;\" width=\"41\"><span style=\"font-family: 'times new roman', times, serif; font-size: 10pt;\"><strong>Alter<\/strong><\/span><\/td>\n<td style=\"text-align: center;\" width=\"43\"><span style=\"font-family: 'times new roman', times, serif; font-size: 10pt;\"><strong>Stand<\/strong><\/span><\/td>\n<\/tr>\n<tr>\n<td style=\"text-align: center;\" width=\"30\"><span style=\"font-family: 'times new roman', times, serif; font-size: 10pt;\">1<\/span><\/td>\n<td width=\"135\"><span style=\"font-family: 'times new roman', times, serif; font-size: 10pt;\">Johann Melchior<\/span><\/td>\n<td style=\"text-align: center;\" width=\"76\"><span style=\"font-family: 'times new roman', times, serif; font-size: 10pt;\">23.01.1735<\/span><\/td>\n<td style=\"text-align: center;\" width=\"76\"><span style=\"font-family: 'times new roman', times, serif; font-size: 10pt;\">25.01.1735<\/span><\/td>\n<td style=\"text-align: center;\" width=\"69\"><\/td>\n<td style=\"text-align: center;\" width=\"68\"><\/td>\n<td style=\"text-align: center;\" width=\"66\"><\/td>\n<td style=\"text-align: center;\" width=\"41\"><\/td>\n<td style=\"text-align: center;\" width=\"43\"><\/td>\n<\/tr>\n<\/tbody>\n<\/table>\n<p><span style=\"font-family: 'times new roman', times, serif; font-size: 10pt;\"><strong>Paten: <\/strong><em>Johann Melchior Schefer, arnsteinischer Hoffmann alhier<\/em><\/span><\/p>\n<hr \/>\n<p style=\"text-align: justify;\"><span style=\"font-family: 'times new roman', times, serif; font-size: 10pt;\"><span style=\"color: #ff0000;\"><strong><em><u><a id=\"bluentemaier\"><\/a>Bl\u00fcntemaier<\/u><\/em><\/strong><strong> [?], Ferdinand:<\/strong> <\/span>kath. Student; aus Landshut; Fourier von Obrist Freudenberg und Kompaniehauptmann <em>Fasser<\/em> [?]; kommt von dem Marsch von <em>Rissel<\/em> [?] tot allhier an; bg. 03.02.1709 Marienfels<\/span><\/p>\n<hr \/>\n<p><span style=\"font-family: 'times new roman', times, serif; font-size: 10pt;\"><span style=\"color: #ff0000;\"><strong><u><a id=\"bindewald\"><\/a>Bindewald<\/u><\/strong><strong>, Johann Otto:<\/strong> <\/span>Sohn des Ludwig Bindewald von Bremberg (VG Aar-Einrich); konf. 27.05.1708 Marienfels<\/span><\/p>\n<hr \/>\n<p><span style=\"font-family: 'times new roman', times, serif; font-size: 10pt;\"><span style=\"color: #ff0000;\"><strong><u><a id=\"breithaupt\"><\/a>Breithaupt<\/u><\/strong><\/span><strong><span style=\"color: #ff0000;\">, Henrich:<\/span> <\/strong>Schuldiener in Marienfels<\/span><\/p>\n<p><span style=\"font-family: 'times new roman', times, serif; font-size: 10pt;\"><strong>oo<\/strong> mit <strong>N. N.<\/strong><\/span><\/p>\n<table>\n<tbody>\n<tr>\n<td style=\"text-align: center;\" width=\"30\"><span style=\"font-family: 'times new roman', times, serif; font-size: 10pt;\"><strong>Nr.<\/strong><\/span><\/td>\n<td width=\"138\"><span style=\"font-family: 'times new roman', times, serif; font-size: 10pt;\"><strong>Vorname (normiert)<\/strong><\/span><\/td>\n<td style=\"text-align: center;\" width=\"68\"><span style=\"font-family: 'times new roman', times, serif; font-size: 10pt;\"><strong>geboren<\/strong><\/span><\/td>\n<td style=\"text-align: center;\" width=\"77\"><span style=\"font-family: 'times new roman', times, serif; font-size: 10pt;\"><strong>getauft<\/strong><\/span><\/td>\n<td style=\"text-align: center;\" width=\"70\"><span style=\"font-family: 'times new roman', times, serif; font-size: 10pt;\"><strong>konfirmiert<\/strong><\/span><\/td>\n<td style=\"text-align: center;\" width=\"70\"><span style=\"font-family: 'times new roman', times, serif; font-size: 10pt;\"><strong>gestorben<\/strong><\/span><\/td>\n<td style=\"text-align: center;\" width=\"68\"><span style=\"font-family: 'times new roman', times, serif; font-size: 10pt;\"><strong>begraben<\/strong><\/span><\/td>\n<td style=\"text-align: center;\" width=\"38\"><span style=\"font-family: 'times new roman', times, serif; font-size: 10pt;\"><strong>Alter<\/strong><\/span><\/td>\n<td style=\"text-align: center;\" width=\"44\"><span style=\"font-family: 'times new roman', times, serif; font-size: 10pt;\"><strong>Stand<\/strong><\/span><\/td>\n<\/tr>\n<tr>\n<td style=\"text-align: center;\" width=\"30\"><span style=\"font-family: 'times new roman', times, serif; font-size: 10pt;\">1<\/span><\/td>\n<td width=\"138\"><span style=\"font-family: 'times new roman', times, serif; font-size: 10pt;\">Johann Jost<\/span><\/td>\n<td style=\"text-align: center;\" width=\"68\"><span style=\"font-family: 'times new roman', times, serif; font-size: 10pt;\">ca. 1656<\/span><\/td>\n<td style=\"text-align: center;\" width=\"77\"><span style=\"font-family: 'times new roman', times, serif; font-size: 10pt;\"><strong>\u00a0<\/strong><\/span><\/td>\n<td style=\"text-align: center;\" width=\"70\"><span style=\"font-family: 'times new roman', times, serif; font-size: 10pt;\"><strong>\u00a0<\/strong><\/span><\/td>\n<td style=\"text-align: center;\" width=\"70\"><span style=\"font-family: 'times new roman', times, serif; font-size: 10pt;\">07.05.1738<\/span><\/td>\n<td style=\"text-align: center;\" width=\"68\"><span style=\"font-family: 'times new roman', times, serif; font-size: 10pt;\">09.05.1738<\/span><\/td>\n<td style=\"text-align: center;\" width=\"38\"><span style=\"font-family: 'times new roman', times, serif; font-size: 10pt;\">82<\/span><\/td>\n<td style=\"text-align: center;\" width=\"44\"><span style=\"font-family: 'times new roman', times, serif; font-size: 10pt;\">verh.<\/span><\/td>\n<\/tr>\n<tr>\n<td style=\"text-align: center;\" width=\"30\"><span style=\"font-family: 'times new roman', times, serif; font-size: 10pt;\">2<\/span><\/td>\n<td width=\"138\"><span style=\"font-family: 'times new roman', times, serif; font-size: 10pt;\">Sebastian<\/span><\/td>\n<td style=\"text-align: center;\" width=\"68\"><span style=\"font-family: 'times new roman', times, serif; font-size: 10pt;\">ca. 1659<\/span><\/td>\n<td style=\"text-align: center;\" width=\"77\"><span style=\"font-family: 'times new roman', times, serif; font-size: 10pt;\"><strong>\u00a0<\/strong><\/span><\/td>\n<td style=\"text-align: center;\" width=\"70\"><span style=\"font-family: 'times new roman', times, serif; font-size: 10pt;\"><strong>\u00a0<\/strong><\/span><\/td>\n<td style=\"text-align: center;\" width=\"70\"><span style=\"font-family: 'times new roman', times, serif; font-size: 10pt;\"><strong>\u00a0<\/strong><\/span><\/td>\n<td style=\"text-align: center;\" width=\"68\"><span style=\"font-family: 'times new roman', times, serif; font-size: 10pt;\">24.05.1709<\/span><\/td>\n<td style=\"text-align: center;\" width=\"38\"><span style=\"font-family: 'times new roman', times, serif; font-size: 10pt;\">50<\/span><\/td>\n<td style=\"text-align: center;\" width=\"44\"><span style=\"font-family: 'times new roman', times, serif; font-size: 10pt;\">verh.<\/span><\/td>\n<\/tr>\n<tr>\n<td style=\"text-align: center;\" width=\"30\"><span style=\"font-family: 'times new roman', times, serif; font-size: 10pt;\">3<\/span><\/td>\n<td width=\"138\"><span style=\"font-family: 'times new roman', times, serif; font-size: 10pt;\">Maria Katharina<\/span><\/td>\n<td style=\"text-align: center;\" width=\"68\"><\/td>\n<td style=\"text-align: center;\" width=\"77\"><span style=\"font-family: 'times new roman', times, serif; font-size: 10pt;\"><strong>\u00a0<\/strong><\/span><\/td>\n<td style=\"text-align: center;\" width=\"70\"><span style=\"font-family: 'times new roman', times, serif; font-size: 10pt;\"><strong>\u00a0<\/strong><\/span><\/td>\n<td style=\"text-align: center;\" width=\"70\"><span style=\"font-family: 'times new roman', times, serif; font-size: 10pt;\"><strong>\u00a0<\/strong><\/span><\/td>\n<td style=\"text-align: center;\" width=\"68\"><span style=\"font-family: 'times new roman', times, serif; font-size: 10pt;\"><strong>\u00a0<\/strong><\/span><\/td>\n<td style=\"text-align: center;\" width=\"38\"><span style=\"font-family: 'times new roman', times, serif; font-size: 10pt;\"><strong>\u00a0<\/strong><\/span><\/td>\n<td style=\"text-align: center;\" width=\"44\"><\/td>\n<\/tr>\n<tr>\n<td style=\"text-align: center;\" width=\"30\"><span style=\"font-family: 'times new roman', times, serif; font-size: 10pt;\">4<\/span><\/td>\n<td width=\"138\"><span style=\"font-family: 'times new roman', times, serif; font-size: 10pt;\">Anna Agatha<\/span><\/td>\n<td style=\"text-align: center;\" width=\"68\"><\/td>\n<td style=\"text-align: center;\" width=\"77\"><span style=\"font-family: 'times new roman', times, serif; font-size: 10pt;\"><strong>\u00a0<\/strong><\/span><\/td>\n<td style=\"text-align: center;\" width=\"70\"><span style=\"font-family: 'times new roman', times, serif; font-size: 10pt;\"><strong>\u00a0<\/strong><\/span><\/td>\n<td style=\"text-align: center;\" width=\"70\"><span style=\"font-family: 'times new roman', times, serif; font-size: 10pt;\"><strong>\u00a0<\/strong><\/span><\/td>\n<td style=\"text-align: center;\" width=\"68\"><span style=\"font-family: 'times new roman', times, serif; font-size: 10pt;\"><strong>\u00a0<\/strong><\/span><\/td>\n<td style=\"text-align: center;\" width=\"38\"><span style=\"font-family: 'times new roman', times, serif; font-size: 10pt;\"><strong>\u00a0<\/strong><\/span><\/td>\n<td style=\"text-align: center;\" width=\"44\"><\/td>\n<\/tr>\n<\/tbody>\n<\/table>\n<p style=\"text-align: justify;\"><span style=\"font-family: 'times new roman', times, serif; font-size: 10pt;\">Kind Nr. 1) Schneider und nassau-saarbr\u00fcckischer Schulthei\u00df; aus dem <em>Braunschwe\u00fcschen<\/em>; oo 13.07.1680 Marienfels mit Anna Magdalena, Witwe des Jost B\u00fcff; Familie wohnt in Marienfels<br \/>\n<\/span><span style=\"font-family: 'times new roman', times, serif; font-size: 10pt;\">Kind Nr. 2) oo 03.11.1683 Marienfels mit Anna Gertrud Haxel aus Berg; Familie wohnt in Berg<br \/>\n<\/span><span style=\"font-family: 'times new roman', times, serif; font-size: 10pt;\">Kind Nr. 3) Patin 19.10.1684 bei Sebastian Breithaupt in Berg<br \/>\n<\/span><span style=\"font-family: 'times new roman', times, serif; font-size: 10pt;\">Kind Nr. 4) Patin 01.11.1688 bei Sebastian Breithaupt in Berg<\/span><\/p>\n<hr \/>\n<p style=\"text-align: justify;\"><span style=\"font-family: 'times new roman', times, serif; font-size: 10pt;\"><strong><u>Breithaupt<\/u><\/strong><strong>, Johann Jost:<\/strong> Schneider und nassau-saarbr\u00fcckischer Schulthei\u00df; aus dem <em>Braunschwe\u00fcschen<\/em>; + 07.05.1738 Marienfels, 82 Jahre alt (bg. 09.05.); Sohn des Henrich Breithaupt, Schuldiener in Marienfels<\/span><\/p>\n<p><span style=\"font-family: 'times new roman', times, serif; font-size: 10pt;\"><strong>oo 13.07.1680 Marienfels<\/strong> mit <strong><u>B\u00fcff<\/u>, Anna Magdalena:<\/strong> Witwe des Jost B\u00fcff; bg. 16.02.1714 Marienfels, 71 Jahre alt<\/span><\/p>\n<table>\n<tbody>\n<tr>\n<td style=\"text-align: center;\" width=\"28\"><span style=\"font-family: 'times new roman', times, serif; font-size: 10pt;\"><strong>Nr.<\/strong><\/span><\/td>\n<td width=\"132\"><span style=\"font-family: 'times new roman', times, serif; font-size: 10pt;\"><strong>Vorname (normiert)<\/strong><\/span><\/td>\n<td style=\"text-align: center;\" width=\"62\"><span style=\"font-family: 'times new roman', times, serif; font-size: 10pt;\"><strong>geboren<\/strong><\/span><\/td>\n<td style=\"text-align: center;\" width=\"75\"><span style=\"font-family: 'times new roman', times, serif; font-size: 10pt;\"><strong>getauft<\/strong><\/span><\/td>\n<td style=\"text-align: center;\" width=\"77\"><span style=\"font-family: 'times new roman', times, serif; font-size: 10pt;\"><strong>konfirmiert<\/strong><\/span><\/td>\n<td style=\"text-align: center;\" width=\"64\"><span style=\"font-family: 'times new roman', times, serif; font-size: 10pt;\"><strong>gestorben<\/strong><\/span><\/td>\n<td style=\"text-align: center;\" width=\"75\"><span style=\"font-family: 'times new roman', times, serif; font-size: 10pt;\"><strong>begraben<\/strong><\/span><\/td>\n<td style=\"text-align: center;\" width=\"45\"><span style=\"font-family: 'times new roman', times, serif; font-size: 10pt;\"><strong>Alter<\/strong><\/span><\/td>\n<td style=\"text-align: center;\" width=\"46\"><span style=\"font-family: 'times new roman', times, serif; font-size: 10pt;\"><strong>Stand<\/strong><\/span><\/td>\n<\/tr>\n<tr>\n<td style=\"text-align: center;\" width=\"28\"><span style=\"font-family: 'times new roman', times, serif; font-size: 10pt;\">1<\/span><\/td>\n<td width=\"132\"><span style=\"font-family: 'times new roman', times, serif; font-size: 10pt;\">Maria Margaretha<\/span><\/td>\n<td style=\"text-align: center;\" width=\"62\"><\/td>\n<td style=\"text-align: center;\" width=\"75\"><span style=\"font-family: 'times new roman', times, serif; font-size: 10pt;\">23.09.1682<\/span><\/td>\n<td style=\"text-align: center;\" width=\"77\"><span style=\"font-family: 'times new roman', times, serif; font-size: 10pt;\">12.04.1696<\/span><\/td>\n<td style=\"text-align: center;\" width=\"64\"><\/td>\n<td style=\"text-align: center;\" width=\"75\"><span style=\"font-family: 'times new roman', times, serif; font-size: 10pt;\">25.04.1702<\/span><\/td>\n<td style=\"text-align: center;\" width=\"45\"><span style=\"font-family: 'times new roman', times, serif; font-size: 10pt;\">19,60<\/span><\/td>\n<td style=\"text-align: center;\" width=\"46\"><span style=\"font-family: 'times new roman', times, serif; font-size: 10pt;\">verh.<\/span><\/td>\n<\/tr>\n<\/tbody>\n<\/table>\n<p><span style=\"font-family: 'times new roman', times, serif; font-size: 10pt;\">Kind Nr. 1) oo 28.06.1701 Marienfels mit Johann Melchior Laux, Hutmacher in Marienfels<\/span><\/p>\n<p style=\"text-align: justify;\"><span style=\"font-family: 'times new roman', times, serif; font-size: 10pt;\"><strong>Paten: <\/strong><em>Maria, Henrich Breithaupts, Schuldieners alhier, Dochter; Christophel, Philips Werners Sohn von Eschbach; Anna Margretha, D\u00f6nges Hayers Dochter von Schweighausen<\/em><\/span><\/p>\n<hr \/>\n<p><span style=\"font-family: 'times new roman', times, serif; font-size: 10pt; color: #ff0000;\"><strong><u><a id=\"buil\"><\/a>B\u00fcil<\/u><\/strong><strong>, Johann Gerhard<\/strong><\/span><\/p>\n<p><span style=\"font-family: 'times new roman', times, serif; font-size: 10pt;\"><strong>oo<\/strong> mit <strong>Maria Elisabeth<\/strong><\/span><\/p>\n<table>\n<tbody>\n<tr>\n<td style=\"text-align: center;\" width=\"30\"><span style=\"font-family: 'times new roman', times, serif; font-size: 10pt;\"><strong>Nr.<\/strong><\/span><\/td>\n<td width=\"136\"><span style=\"font-family: 'times new roman', times, serif; font-size: 10pt;\"><strong>Vorname (normiert)<\/strong><\/span><\/td>\n<td style=\"text-align: center;\" width=\"76\"><span style=\"font-family: 'times new roman', times, serif; font-size: 10pt;\"><strong>geboren<\/strong><\/span><\/td>\n<td style=\"text-align: center;\" width=\"76\"><span style=\"font-family: 'times new roman', times, serif; font-size: 10pt;\"><strong>getauft<\/strong><\/span><\/td>\n<td style=\"text-align: center;\" width=\"69\"><span style=\"font-family: 'times new roman', times, serif; font-size: 10pt;\"><strong>konfirmiert<\/strong><\/span><\/td>\n<td style=\"text-align: center;\" width=\"68\"><span style=\"font-family: 'times new roman', times, serif; font-size: 10pt;\"><strong>gestorben<\/strong><\/span><\/td>\n<td style=\"text-align: center;\" width=\"66\"><span style=\"font-family: 'times new roman', times, serif; font-size: 10pt;\"><strong>begraben<\/strong><\/span><\/td>\n<td style=\"text-align: center;\" width=\"41\"><span style=\"font-family: 'times new roman', times, serif; font-size: 10pt;\"><strong>Alter<\/strong><\/span><\/td>\n<td style=\"text-align: center;\" width=\"43\"><span style=\"font-family: 'times new roman', times, serif; font-size: 10pt;\"><strong>Stand<\/strong><\/span><\/td>\n<\/tr>\n<tr>\n<td style=\"text-align: center;\" width=\"30\"><span style=\"font-family: 'times new roman', times, serif; font-size: 10pt;\">1<\/span><\/td>\n<td width=\"136\"><span style=\"font-family: 'times new roman', times, serif; font-size: 10pt;\">Maria Katharina<\/span><\/td>\n<td style=\"text-align: center;\" width=\"76\"><span style=\"font-family: 'times new roman', times, serif; font-size: 10pt;\">26.02.1698<\/span><\/td>\n<td style=\"text-align: center;\" width=\"76\"><span style=\"font-family: 'times new roman', times, serif; font-size: 10pt;\">02.03.1698<\/span><\/td>\n<td style=\"text-align: center;\" width=\"69\"><\/td>\n<td style=\"text-align: center;\" width=\"68\"><\/td>\n<td style=\"text-align: center;\" width=\"66\"><\/td>\n<td style=\"text-align: center;\" width=\"41\"><\/td>\n<td style=\"text-align: center;\" width=\"43\"><\/td>\n<\/tr>\n<\/tbody>\n<\/table>\n<p style=\"text-align: justify;\"><span style=\"font-family: 'times new roman', times, serif; font-size: 10pt;\"><strong>Paten: <\/strong><em>Maria Barbara, Berg-Jacobs Dochter zu Bernhard-Rod <\/em>[Berndroth]<em> im Kirchspiel Ackerbach; Joh: Anton Rosin, Andreas Rosin sel: zu Ober-Fischbach nachgelassener Sohn; Maria Catharina, Henrichs L\u00f6wensteins Hausf: auch daselbst; Clos Reifeler, Hoffm: zu Marienfels<\/em><\/span><\/p>\n<hr \/>\n<p><span style=\"font-family: 'times new roman', times, serif; font-size: 10pt;\"><span style=\"color: #ff0000;\"><strong><u><a id=\"christ\"><\/a>Christ<\/u><\/strong><strong>, Elias: <\/strong><\/span>zu Denighofen<\/span><\/p>\n<p><span style=\"font-family: 'times new roman', times, serif; font-size: 10pt;\"><strong>oo<\/strong> mit <strong>Anna Maria<\/strong><\/span><\/p>\n<table>\n<tbody>\n<tr>\n<td style=\"text-align: center;\" width=\"30\"><span style=\"font-family: 'times new roman', times, serif; font-size: 10pt;\"><strong>Nr.<\/strong><\/span><\/td>\n<td width=\"136\"><span style=\"font-family: 'times new roman', times, serif; font-size: 10pt;\"><strong>Vorname (normiert)<\/strong><\/span><\/td>\n<td style=\"text-align: center;\" width=\"66\"><span style=\"font-family: 'times new roman', times, serif; font-size: 10pt;\"><strong>geboren<\/strong><\/span><\/td>\n<td style=\"text-align: center;\" width=\"76\"><span style=\"font-family: 'times new roman', times, serif; font-size: 10pt;\"><strong>getauft<\/strong><\/span><\/td>\n<td style=\"text-align: center;\" width=\"78\"><span style=\"font-family: 'times new roman', times, serif; font-size: 10pt;\"><strong>konfirmiert<\/strong><\/span><\/td>\n<td style=\"text-align: center;\" width=\"68\"><span style=\"font-family: 'times new roman', times, serif; font-size: 10pt;\"><strong>gestorben<\/strong><\/span><\/td>\n<td style=\"text-align: center;\" width=\"66\"><span style=\"font-family: 'times new roman', times, serif; font-size: 10pt;\"><strong>begraben<\/strong><\/span><\/td>\n<td style=\"text-align: center;\" width=\"41\"><span style=\"font-family: 'times new roman', times, serif; font-size: 10pt;\"><strong>Alter<\/strong><\/span><\/td>\n<td style=\"text-align: center;\" width=\"43\"><span style=\"font-family: 'times new roman', times, serif; font-size: 10pt;\"><strong>Stand<\/strong><\/span><\/td>\n<\/tr>\n<tr>\n<td style=\"text-align: center;\" width=\"30\"><span style=\"font-family: 'times new roman', times, serif; font-size: 10pt;\">1<\/span><\/td>\n<td width=\"136\"><span style=\"font-family: 'times new roman', times, serif; font-size: 10pt;\">Anna Katharina<\/span><\/td>\n<td style=\"text-align: center;\" width=\"66\"><\/td>\n<td style=\"text-align: center;\" width=\"76\"><span style=\"font-family: 'times new roman', times, serif; font-size: 10pt;\">16.01.1681<\/span><\/td>\n<td style=\"text-align: center;\" width=\"78\"><span style=\"font-family: 'times new roman', times, serif; font-size: 10pt;\">24.03.1695<\/span><\/td>\n<td style=\"text-align: center;\" width=\"68\"><\/td>\n<td style=\"text-align: center;\" width=\"66\"><\/td>\n<td style=\"text-align: center;\" width=\"41\"><\/td>\n<td style=\"text-align: center;\" width=\"43\"><\/td>\n<\/tr>\n<\/tbody>\n<\/table>\n<p><span style=\"font-family: 'times new roman', times, serif; font-size: 10pt;\"><strong>Paten: <\/strong><em>Anna Margretha, Godtfrid Pfeiffers Hausfr[au] zu Oberbacheimb; Merten Clos zu Danioben; Elisabetha Catharina, Jost Lauxen Hausfr[au] zu Berg<\/em><\/span><\/p>\n<hr \/>\n<p><span style=\"font-size: 10pt; font-family: times new roman, times, serif;\"><b>Letztes Update: 8. Mai 2024<\/b><\/span><br \/>\n<span style=\"font-size: 10pt; font-family: times new roman, times, serif;\"><b>Ralph Jackmuth<\/b><\/span><\/p>\n","protected":false},"excerpt":{"rendered":"<p>Ackermann, Johann Michael: im Arnsteinischen Hofhaus (siehe OFB Hunzel) Agel, Simon: Lumpenkr\u00e4mer oo mit Maria Nr. Vorname (normiert) geboren getauft konfirmiert gestorben begraben Alter Stand 1 Maria Christina 15.03.1720 17.03.1720 Paten: Maria Catharina, Johannes Clo\u00dfen, Huf-Schmieds alhier, eh[liche] H[aus]fr[au]; u. Anna Christina, Adam Anthon Clo\u00dfen eh[liche] Tochter alhier; und Johann Christoffel, Peter Schmieds eh[licher] Sohn &hellip; <a href=\"https:\/\/www.ahnenforschung-jackmuth.de\/?page_id=11353\" class=\"more-link\"><span class=\"screen-reader-text\">\u201eOFB Marienfels 1648-1746 &#8211; A-C\u201c<\/span> weiterlesen<\/a><\/p>\n","protected":false},"author":1,"featured_media":0,"parent":0,"menu_order":0,"comment_status":"closed","ping_status":"closed","template":"","meta":{"footnotes":""},"class_list":["post-11353","page","type-page","status-publish","hentry"],"_links":{"self":[{"href":"https:\/\/www.ahnenforschung-jackmuth.de\/index.php?rest_route=\/wp\/v2\/pages\/11353","targetHints":{"allow":["GET"]}}],"collection":[{"href":"https:\/\/www.ahnenforschung-jackmuth.de\/index.php?rest_route=\/wp\/v2\/pages"}],"about":[{"href":"https:\/\/www.ahnenforschung-jackmuth.de\/index.php?rest_route=\/wp\/v2\/types\/page"}],"author":[{"embeddable":true,"href":"https:\/\/www.ahnenforschung-jackmuth.de\/index.php?rest_route=\/wp\/v2\/users\/1"}],"replies":[{"embeddable":true,"href":"https:\/\/www.ahnenforschung-jackmuth.de\/index.php?rest_route=%2Fwp%2Fv2%2Fcomments&post=11353"}],"version-history":[{"count":0,"href":"https:\/\/www.ahnenforschung-jackmuth.de\/index.php?rest_route=\/wp\/v2\/pages\/11353\/revisions"}],"wp:attachment":[{"href":"https:\/\/www.ahnenforschung-jackmuth.de\/index.php?rest_route=%2Fwp%2Fv2%2Fmedia&parent=11353"}],"curies":[{"name":"wp","href":"https:\/\/api.w.org\/{rel}","templated":true}]}}