{"id":11243,"date":"2024-02-14T12:56:06","date_gmt":"2024-02-14T12:56:06","guid":{"rendered":"https:\/\/www.ahnenforschung-jackmuth.de\/?page_id=11243"},"modified":"2024-02-14T12:56:35","modified_gmt":"2024-02-14T12:56:35","slug":"ofb-marienfels-1648-1746-kaiser","status":"publish","type":"page","link":"https:\/\/www.ahnenforschung-jackmuth.de\/?page_id=11243","title":{"rendered":"OFB Marienfels 1648-1746 &#8211; Kaiser"},"content":{"rendered":"<p style=\"text-align: justify;\"><span style=\"font-family: times new roman, times, serif; font-size: 10pt;\"><span style=\"color: #ff0000;\"><strong><u>Kaiser<\/u><\/strong><strong>, Anton:<\/strong><\/span> steinisch leibeigen (so auch im Einwohnerverzeichnis 1648); ist nach dem Einwohnerverzeichnis 1658 60 Jahre alt; Schatzung 1658: 273 fl.; + vor 1665<\/span><\/p>\n<p><span style=\"font-family: times new roman, times, serif; font-size: 10pt;\"><strong>oo<\/strong> mit <strong>Anna<\/strong> <strong>Elisabeth:<\/strong> ist nach dem Einwohnerverzeichnis 1658 50 Jahre und 1665 60 Jahre alt (Witwe); bg. 20.03.1693 Marienfels, 87 Jahre alt, Witwe<\/span><\/p>\n<table>\n<tbody>\n<tr>\n<td style=\"text-align: center;\" width=\"30\"><span style=\"font-family: times new roman, times, serif; font-size: 10pt;\"><strong>Nr.<\/strong><\/span><\/td>\n<td width=\"138\"><span style=\"font-family: times new roman, times, serif; font-size: 10pt;\"><strong>Vorname (normiert)<\/strong><\/span><\/td>\n<td style=\"text-align: center;\" width=\"68\"><span style=\"font-family: times new roman, times, serif; font-size: 10pt;\"><strong>geboren<\/strong><\/span><\/td>\n<td style=\"text-align: center;\" width=\"77\"><span style=\"font-family: times new roman, times, serif; font-size: 10pt;\"><strong>getauft<\/strong><\/span><\/td>\n<td style=\"text-align: center;\" width=\"70\"><span style=\"font-family: times new roman, times, serif; font-size: 10pt;\"><strong>konfirmiert<\/strong><\/span><\/td>\n<td style=\"text-align: center;\" width=\"70\"><span style=\"font-family: times new roman, times, serif; font-size: 10pt;\"><strong>gestorben<\/strong><\/span><\/td>\n<td style=\"text-align: center;\" width=\"68\"><span style=\"font-family: times new roman, times, serif; font-size: 10pt;\"><strong>begraben<\/strong><\/span><\/td>\n<td style=\"text-align: center;\" width=\"38\"><span style=\"font-family: times new roman, times, serif; font-size: 10pt;\"><strong>Alter<\/strong><\/span><\/td>\n<td style=\"text-align: center;\" width=\"44\"><span style=\"font-family: times new roman, times, serif; font-size: 10pt;\"><strong>Stand<\/strong><\/span><\/td>\n<\/tr>\n<tr>\n<td style=\"text-align: center;\" width=\"30\"><span style=\"font-family: times new roman, times, serif; font-size: 10pt;\">1<\/span><\/td>\n<td width=\"138\"><span style=\"font-family: times new roman, times, serif; font-size: 10pt;\">Anna Maria<\/span><\/td>\n<td style=\"text-align: center;\" width=\"68\"><span style=\"font-family: times new roman, times, serif; font-size: 10pt;\">ca. 1638<\/span><\/td>\n<td style=\"text-align: center;\" width=\"77\"><span style=\"font-family: times new roman, times, serif; font-size: 10pt;\"><strong>\u00a0<\/strong><\/span><\/td>\n<td style=\"text-align: center;\" width=\"70\"><span style=\"font-family: times new roman, times, serif; font-size: 10pt;\"><strong>\u00a0<\/strong><\/span><\/td>\n<td style=\"text-align: center;\" width=\"70\"><span style=\"font-family: times new roman, times, serif; font-size: 10pt;\"><strong>\u00a0<\/strong><\/span><\/td>\n<td style=\"text-align: center;\" width=\"68\"><span style=\"font-family: times new roman, times, serif; font-size: 10pt;\"><strong>\u00a0<\/strong><\/span><\/td>\n<td style=\"text-align: center;\" width=\"38\"><span style=\"font-family: times new roman, times, serif; font-size: 10pt;\"><strong>\u00a0<\/strong><\/span><\/td>\n<td style=\"text-align: center;\" width=\"44\"><\/td>\n<\/tr>\n<tr>\n<td style=\"text-align: center;\" width=\"30\"><span style=\"font-family: times new roman, times, serif; font-size: 10pt;\">2<\/span><\/td>\n<td width=\"138\"><span style=\"font-family: times new roman, times, serif; font-size: 10pt;\">Anna Katharina<\/span><\/td>\n<td style=\"text-align: center;\" width=\"68\"><span style=\"font-family: times new roman, times, serif; font-size: 10pt;\">ca. 1644<\/span><\/td>\n<td style=\"text-align: center;\" width=\"77\"><span style=\"font-family: times new roman, times, serif; font-size: 10pt;\"><strong>\u00a0<\/strong><\/span><\/td>\n<td style=\"text-align: center;\" width=\"70\"><span style=\"font-family: times new roman, times, serif; font-size: 10pt;\"><strong>\u00a0<\/strong><\/span><\/td>\n<td style=\"text-align: center;\" width=\"70\"><span style=\"font-family: times new roman, times, serif; font-size: 10pt;\"><strong>\u00a0<\/strong><\/span><\/td>\n<td style=\"text-align: center;\" width=\"68\"><span style=\"font-family: times new roman, times, serif; font-size: 10pt;\"><strong>\u00a0<\/strong><\/span><\/td>\n<td style=\"text-align: center;\" width=\"38\"><span style=\"font-family: times new roman, times, serif; font-size: 10pt;\"><strong>\u00a0<\/strong><\/span><\/td>\n<td style=\"text-align: center;\" width=\"44\"><\/td>\n<\/tr>\n<tr>\n<td style=\"text-align: center;\" width=\"30\"><span style=\"font-family: times new roman, times, serif; font-size: 10pt;\">3<\/span><\/td>\n<td width=\"138\"><span style=\"font-family: times new roman, times, serif; font-size: 10pt;\">Johann Adam<\/span><\/td>\n<td style=\"text-align: center;\" width=\"68\"><span style=\"font-family: times new roman, times, serif; font-size: 10pt;\">ca. 1645<\/span><\/td>\n<td style=\"text-align: center;\" width=\"77\"><span style=\"font-family: times new roman, times, serif; font-size: 10pt;\"><strong>\u00a0<\/strong><\/span><\/td>\n<td style=\"text-align: center;\" width=\"70\"><span style=\"font-family: times new roman, times, serif; font-size: 10pt;\"><strong>\u00a0<\/strong><\/span><\/td>\n<td style=\"text-align: center;\" width=\"70\"><span style=\"font-family: times new roman, times, serif; font-size: 10pt;\"><strong>\u00a0<\/strong><\/span><\/td>\n<td style=\"text-align: center;\" width=\"68\"><span style=\"font-family: times new roman, times, serif; font-size: 10pt;\">15.04.1725<\/span><\/td>\n<td style=\"text-align: center;\" width=\"38\"><span style=\"font-family: times new roman, times, serif; font-size: 10pt;\">84,87<\/span><\/td>\n<td style=\"text-align: center;\" width=\"44\"><span style=\"font-family: times new roman, times, serif; font-size: 10pt;\">verh.<\/span><\/td>\n<\/tr>\n<tr>\n<td style=\"text-align: center;\" width=\"30\"><span style=\"font-family: times new roman, times, serif; font-size: 10pt;\">4<\/span><\/td>\n<td width=\"138\"><span style=\"font-family: times new roman, times, serif; font-size: 10pt;\">Anna Eva<\/span><\/td>\n<td style=\"text-align: center;\" width=\"68\"><span style=\"font-family: times new roman, times, serif; font-size: 10pt;\">ca. 1649<\/span><\/td>\n<td style=\"text-align: center;\" width=\"77\"><span style=\"font-family: times new roman, times, serif; font-size: 10pt;\"><strong>\u00a0<\/strong><\/span><\/td>\n<td style=\"text-align: center;\" width=\"70\"><span style=\"font-family: times new roman, times, serif; font-size: 10pt;\"><strong>\u00a0<\/strong><\/span><\/td>\n<td style=\"text-align: center;\" width=\"70\"><span style=\"font-family: times new roman, times, serif; font-size: 10pt;\"><strong>\u00a0<\/strong><\/span><\/td>\n<td style=\"text-align: center;\" width=\"68\"><span style=\"font-family: times new roman, times, serif; font-size: 10pt;\"><strong>\u00a0<\/strong><\/span><\/td>\n<td style=\"text-align: center;\" width=\"38\"><span style=\"font-family: times new roman, times, serif; font-size: 10pt;\"><strong>\u00a0<\/strong><\/span><\/td>\n<td style=\"text-align: center;\" width=\"44\"><\/td>\n<\/tr>\n<\/tbody>\n<\/table>\n<p style=\"text-align: justify;\"><span style=\"font-family: times new roman, times, serif; font-size: 10pt;\">Kind Nr. 1) ist nach dem Einwohnerverzeichnis 1658 20 Jahre alt (fehlt im Verz. 1665)<br \/>\n<\/span><span style=\"font-family: times new roman, times, serif; font-size: 10pt;\">Kind Nr. 2) ist nach dem Einwohnerverzeichnis 1658 14 Jahre und 1665 18 Jahre alt, steinisch leibeigen<br \/>\n<\/span><span style=\"font-family: times new roman, times, serif; font-size: 10pt;\">Kind Nr. 3) Kirchensenior und Gerichtssch\u00f6ffe zu Marienfels; war 85 Jahre weniger 2 Monate und 11 Tage alt; ist nach dem Einwohnerverzeichnis 1658 13 Jahre und 1665 21 Jahre alt, steinisch leibeigen<br \/>\n<\/span><span style=\"font-family: times new roman, times, serif; font-size: 10pt;\">Kind Nr. 4) ist nach dem Einwohnerverzeichnis 1658 9 Jahre alt und 1665 15 Jahre alt, steinisch leibeigen<\/span><\/p>\n<hr \/>\n<p><span style=\"font-family: times new roman, times, serif; font-size: 10pt;\"><span style=\"color: #ff0000;\"><strong><u>Kaiser<\/u><\/strong><strong>, Johann Adam:<\/strong> <\/span>bg. 15.04.1725 Marienfels, 85 Jahre weniger 2 Monate und 11 Tage alt; Sohn des Anton Kaiser zu Marienfels<\/span><\/p>\n<p style=\"text-align: justify;\"><span style=\"font-family: times new roman, times, serif; font-size: 10pt;\"><strong>oo<\/strong> mit <strong>Anna Barbara:<\/strong> + 31.07.1730 Marienfels (bg. 07.08.), Eintragstext: <em>Anna Barbara, Johann Adam Kei\u00dfers, ehemaligen Senioris und Gericht-Sch\u00f6pffens alhier, hinderla\u00dfene Wittib, welche 4 Tage f\u00fcr ihrem Ende al\u00df den 31 Julii f\u00fcrm Pfarrern und Schuldhei\u00dfen in Gegenwart ihrer beyden \u00e4ltesten S\u00f6hnen Johann Adam u. Johann Anthon Kei\u00dfern, frei bekante, da\u00df sie einen falschen Eyd auf Veranla\u00dfung ihres j\u00fcngsten Sohn Philippsen geschworen, wurde den 7 Aug[usti] nach einhelligem Befehl geist- und welt[licher] Beampten unserer hohen Herrschafften des Vierherrischen an einem abgelegenen Ort an die Kirchhoffs Mauer n\u00e4chst der dran stehenden Scheuer ohne Klag und Gesang, nachdem sie von dem j\u00fcngsten Sohn auf einem Karn bi\u00df f\u00fcr die Schul gef\u00fchret worden, von denen Nachbahrn abgenommen und begraben.<\/em><\/span><\/p>\n<table>\n<tbody>\n<tr>\n<td style=\"text-align: center;\" width=\"28\"><span style=\"font-family: times new roman, times, serif; font-size: 10pt;\"><strong>Nr.<\/strong><\/span><\/td>\n<td width=\"127\"><span style=\"font-family: times new roman, times, serif; font-size: 10pt;\"><strong>Vorname (normiert)<\/strong><\/span><\/td>\n<td style=\"text-align: center;\" width=\"75\"><span style=\"font-family: times new roman, times, serif; font-size: 10pt;\"><strong>geboren<\/strong><\/span><\/td>\n<td style=\"text-align: center;\" width=\"75\"><span style=\"font-family: times new roman, times, serif; font-size: 10pt;\"><strong>getauft<\/strong><\/span><\/td>\n<td style=\"text-align: center;\" width=\"76\"><span style=\"font-family: times new roman, times, serif; font-size: 10pt;\"><strong>konfirmiert<\/strong><\/span><\/td>\n<td style=\"text-align: center;\" width=\"61\"><span style=\"font-family: times new roman, times, serif; font-size: 10pt;\"><strong>gestorben<\/strong><\/span><\/td>\n<td style=\"text-align: center;\" width=\"75\"><span style=\"font-family: times new roman, times, serif; font-size: 10pt;\"><strong>begraben<\/strong><\/span><\/td>\n<td style=\"text-align: center;\" width=\"45\"><span style=\"font-family: times new roman, times, serif; font-size: 10pt;\"><strong>Alter<\/strong><\/span><\/td>\n<td style=\"text-align: center;\" width=\"45\"><span style=\"font-family: times new roman, times, serif; font-size: 10pt;\"><strong>Stand<\/strong><\/span><\/td>\n<\/tr>\n<tr>\n<td style=\"text-align: center;\" width=\"28\"><span style=\"font-family: times new roman, times, serif; font-size: 10pt;\">1<\/span><\/td>\n<td width=\"127\"><span style=\"font-family: times new roman, times, serif; font-size: 10pt;\">Elisabeth Katharina<\/span><\/td>\n<td style=\"text-align: center;\" width=\"75\"><\/td>\n<td style=\"text-align: center;\" width=\"75\"><\/td>\n<td style=\"text-align: center;\" width=\"76\"><span style=\"font-family: times new roman, times, serif; font-size: 10pt;\">20.04.1690<\/span><\/td>\n<td style=\"text-align: center;\" width=\"61\"><\/td>\n<td style=\"text-align: center;\" width=\"75\"><\/td>\n<td style=\"text-align: center;\" width=\"45\"><\/td>\n<td style=\"text-align: center;\" width=\"45\"><span style=\"font-family: times new roman, times, serif; font-size: 10pt;\">verh.<\/span><\/td>\n<\/tr>\n<tr>\n<td style=\"text-align: center;\" width=\"28\"><span style=\"font-family: times new roman, times, serif; font-size: 10pt;\">2<\/span><\/td>\n<td width=\"127\"><span style=\"font-family: times new roman, times, serif; font-size: 10pt;\">Johann Antonius<\/span><\/td>\n<td style=\"text-align: center;\" width=\"75\"><\/td>\n<td style=\"text-align: center;\" width=\"75\"><span style=\"font-family: times new roman, times, serif; font-size: 10pt;\">09.02.1679<\/span><\/td>\n<td style=\"text-align: center;\" width=\"76\"><span style=\"font-family: times new roman, times, serif; font-size: 10pt;\">16.04.1693<\/span><\/td>\n<td style=\"text-align: center;\" width=\"61\"><\/td>\n<td style=\"text-align: center;\" width=\"75\"><\/td>\n<td style=\"text-align: center;\" width=\"45\"><\/td>\n<td style=\"text-align: center;\" width=\"45\"><\/td>\n<\/tr>\n<tr>\n<td style=\"text-align: center;\"><span style=\"font-family: times new roman, times, serif; font-size: 10pt;\">3<\/span><\/td>\n<td><span style=\"font-family: times new roman, times, serif; font-size: 10pt;\">Maria Gertrud<\/span><\/td>\n<td style=\"text-align: center;\"><\/td>\n<td style=\"text-align: center;\"><span style=\"font-family: times new roman, times, serif; font-size: 10pt;\">21.11.1680<\/span><\/td>\n<td style=\"text-align: center;\"><span style=\"font-family: times new roman, times, serif; font-size: 10pt;\">24.03.1695<\/span><\/td>\n<td style=\"text-align: center;\"><\/td>\n<td style=\"text-align: center;\"><\/td>\n<td style=\"text-align: center;\"><\/td>\n<td style=\"text-align: center;\"><span style=\"font-family: times new roman, times, serif; font-size: 10pt;\">verh.<\/span><\/td>\n<\/tr>\n<tr>\n<td style=\"text-align: center;\"><span style=\"font-family: times new roman, times, serif; font-size: 10pt;\">4<\/span><\/td>\n<td><span style=\"font-family: times new roman, times, serif; font-size: 10pt;\">Anna Veronika<\/span><\/td>\n<td style=\"text-align: center;\"><\/td>\n<td style=\"text-align: center;\"><span style=\"font-family: times new roman, times, serif; font-size: 10pt;\">03.12.1682<\/span><\/td>\n<td style=\"text-align: center;\"><span style=\"font-family: times new roman, times, serif; font-size: 10pt;\">04.04.1697<\/span><\/td>\n<td style=\"text-align: center;\"><\/td>\n<td style=\"text-align: center;\"><span style=\"font-family: times new roman, times, serif; font-size: 10pt;\">14.04.1704<\/span><\/td>\n<td style=\"text-align: center;\"><span style=\"font-family: times new roman, times, serif; font-size: 10pt;\">21,38<\/span><\/td>\n<td style=\"text-align: center;\"><span style=\"font-family: times new roman, times, serif; font-size: 10pt;\">ledig<\/span><\/td>\n<\/tr>\n<tr>\n<td style=\"text-align: center;\"><span style=\"font-family: times new roman, times, serif; font-size: 10pt;\">5<\/span><\/td>\n<td><span style=\"font-family: times new roman, times, serif; font-size: 10pt;\">Johann Adam<\/span><\/td>\n<td style=\"text-align: center;\"><\/td>\n<td style=\"text-align: center;\"><span style=\"font-family: times new roman, times, serif; font-size: 10pt;\">04.05.1684<\/span><\/td>\n<td style=\"text-align: center;\"><span style=\"font-family: times new roman, times, serif; font-size: 10pt;\">12.06.1698<\/span><\/td>\n<td style=\"text-align: center;\"><\/td>\n<td style=\"text-align: center;\"><\/td>\n<td style=\"text-align: center;\"><\/td>\n<td style=\"text-align: center;\"><span style=\"font-family: times new roman, times, serif; font-size: 10pt;\">verh.<\/span><\/td>\n<\/tr>\n<tr>\n<td style=\"text-align: center;\"><span style=\"font-family: times new roman, times, serif; font-size: 10pt;\">6<\/span><\/td>\n<td><span style=\"font-family: times new roman, times, serif; font-size: 10pt;\">Joh. Martin (M\u00e4rten)<\/span><\/td>\n<td style=\"text-align: center;\"><\/td>\n<td style=\"text-align: center;\"><span style=\"font-family: times new roman, times, serif; font-size: 10pt;\">18.07.1686<\/span><\/td>\n<td style=\"text-align: center;\"><span style=\"font-family: times new roman, times, serif; font-size: 10pt;\">30.05.1700<\/span><\/td>\n<td style=\"text-align: center;\"><\/td>\n<td style=\"text-align: center;\"><span style=\"font-family: times new roman, times, serif; font-size: 10pt;\">14.04.1709<\/span><\/td>\n<td style=\"text-align: center;\"><span style=\"font-family: times new roman, times, serif; font-size: 10pt;\">22,75<\/span><\/td>\n<td style=\"text-align: center;\"><span style=\"font-family: times new roman, times, serif; font-size: 10pt;\">ledig<\/span><\/td>\n<\/tr>\n<tr>\n<td style=\"text-align: center;\"><span style=\"font-family: times new roman, times, serif; font-size: 10pt;\">7<\/span><\/td>\n<td><span style=\"font-family: times new roman, times, serif; font-size: 10pt;\">Johann Michael<\/span><\/td>\n<td style=\"text-align: center;\"><\/td>\n<td style=\"text-align: center;\"><span style=\"font-family: times new roman, times, serif; font-size: 10pt;\">09.09.1688<\/span><\/td>\n<td style=\"text-align: center;\"><\/td>\n<td style=\"text-align: center;\"><\/td>\n<td style=\"text-align: center;\"><\/td>\n<td style=\"text-align: center;\"><\/td>\n<td style=\"text-align: center;\"><\/td>\n<\/tr>\n<tr>\n<td style=\"text-align: center;\"><span style=\"font-family: times new roman, times, serif; font-size: 10pt;\">8<\/span><\/td>\n<td><span style=\"font-family: times new roman, times, serif; font-size: 10pt;\">Philipp Kaspar<\/span><\/td>\n<td style=\"text-align: center;\"><span style=\"font-family: times new roman, times, serif; font-size: 10pt;\">20.01.1692<\/span><\/td>\n<td style=\"text-align: center;\"><span style=\"font-family: times new roman, times, serif; font-size: 10pt;\">24.01.1692<\/span><\/td>\n<td style=\"text-align: center;\"><span style=\"font-family: times new roman, times, serif; font-size: 10pt;\">15.05.1701<\/span><\/td>\n<td style=\"text-align: center;\"><\/td>\n<td style=\"text-align: center;\"><\/td>\n<td style=\"text-align: center;\"><\/td>\n<td style=\"text-align: center;\"><span style=\"font-family: times new roman, times, serif; font-size: 10pt;\">verh.<\/span><\/td>\n<\/tr>\n<\/tbody>\n<\/table>\n<p style=\"text-align: justify;\"><span style=\"font-family: times new roman, times, serif; font-size: 10pt;\">Kind Nr. 1) konf. 20.04.1690 (Kirchenfest bei der Konfirmation nicht angegeben, wohl Ostern wie vorher \u00fcblich; oo 22.11.1701 Marienfels mit Johann David May, Sohn des Johann Jakob May aus Dornholzhausen<br \/>\n<\/span><span style=\"font-family: times new roman, times, serif; font-size: 10pt;\">Kind Nr. 3) oo 26.04.1702 Marienfels mit Johann Jakob, Sohn des Jost Gerhard Kunz aus M\u00fcnchenroth (Diethardt, VG Nast\u00e4tten)<br \/>\n<\/span><span style=\"font-family: times new roman, times, serif; font-size: 10pt;\">Kind Nr. 5) oo 11.11.1710 Marienfels mit Maria Katharina Eifler (* 20.11.1692 Geisig (gt. 25.11.); konf. 1705; Eltern: Hermann Eifler und Ottilila Margaretha); Familie wohnt in Geisig<br \/>\n<\/span><span style=\"font-family: times new roman, times, serif; font-size: 10pt;\">Kind Nr. 8) oo 27.04.1723 Marienfels mit Anna Maria, Tochter des Gottfried Beilstein von Pohl (VG Bad Ems-Nassau); * 08.10.1702 Pohl (gt. 15.10.) (Niedertiefenbach, KB 1, S. 321, Bild 164 auf archion.de)<\/span><\/p>\n<p style=\"text-align: justify;\"><span style=\"font-family: times new roman, times, serif; font-size: 10pt;\"><strong>Paten: zu 2) <\/strong><em>Hans D\u00f6nges Werner zu Eschbach; Anna Eva, Joh: Adam Closen Hausfr[au] zu Danioben; v[nd] Leonhardt Laux, Caspar Lauxen sel: Sohn zu Merfels <\/em>\u2014 <strong>zu 3) <\/strong><em>Jost Breidhaupt zu Marienfels; Anna Maria, Merten Closen Hausfr[au] zu Danioben; Anna Gertrud, Adam Lauxen Hausfr[au] ibidem <\/em>\u2014 <strong>zu 4) <\/strong><em>Joh: Nicol Laux Hausfr[au] Anna Catharina; Anna Veronica, Adam Melcher Lauxen Hausfr[au] ibidem; Jost Laux zu Berg <\/em>\u2014 <strong>zu 5) <\/strong><em>Joh: Adam Clos zu Danioben; Joh: Adam Retert ui Huntzel; Elisabeth Catharina, Joh: Peter Lauxen Dochter zu Marienfels <\/em>\u2014 <strong>zu 6) <\/strong><em>Merten Clos, S\u00fcndt- v[nd] GerichtsSch\u00f6pf zu Marienfels; Joh: Adam Laux, Gerichtssch\u00f6pf ibidem; v[nd] Anna Catharina, Wilhelm Henrichs, M\u00fcllers in der Stegs M\u00fchlen, Hausfrauw <\/em>\u2014 <strong>zu 7) <\/strong><em>Joh: Emrich Hollerich, Arnsteinischer Hoffman zu Marienfels; Michel Eubelheuser zu Marienfels; Anna Dorothea, Paul[us] Schmitten Hausfrauw in der Marienfelser M\u00fchl <\/em>\u2014 <strong>zu 8) <\/strong><em>Caspar Knecht von Huntzel; Joh: Philips, Velten Spitzleien Sohn zu Marienfels; Eva Elisabeth, Jost Lauxen Frauw zu Berg<\/em><\/span><\/p>\n<hr \/>\n<p style=\"text-align: justify;\"><span style=\"font-family: times new roman, times, serif; font-size: 10pt;\"><span style=\"color: #ff0000;\"><strong><u>Kaiser<\/u><\/strong><strong>, Johann Adam:<\/strong> <\/span>1714 und ab 1720 in Geisig; gt. 04.05.1684 Marienfels (* Marienfels); konf. 12.06.1698; Eltern: Johann Adam Kaiser und Anna Barbara<\/span><\/p>\n<p style=\"text-align: justify;\"><span style=\"font-family: times new roman, times, serif; font-size: 10pt;\"><strong>oo 11.11.1710 Marienfels <\/strong>mit <strong><u>Eifler<\/u>, Maria Katharina:<\/strong> * 20.11.1692 Geisig (gt. 25.11.); konf. 1705; Eltern: Hermann Eifler und Ottilia Margaretha<\/span><\/p>\n<table style=\"width: 100%;\">\n<tbody>\n<tr>\n<td style=\"text-align: center; width: 6.30952%;\" width=\"22\"><span style=\"font-family: times new roman, times, serif; font-size: 10pt;\"><strong>Nr.<\/strong><\/span><\/td>\n<td style=\"width: 18.4524%;\" width=\"131\"><span style=\"font-family: times new roman, times, serif; font-size: 10pt;\"><strong>Vorname (normiert)<\/strong><\/span><\/td>\n<td style=\"text-align: center; width: 12.2619%;\" width=\"76\"><span style=\"font-family: times new roman, times, serif; font-size: 10pt;\"><strong>geboren<\/strong><\/span><\/td>\n<td style=\"text-align: center; width: 11.5476%;\" width=\"70\"><span style=\"font-family: times new roman, times, serif; font-size: 10pt;\"><strong>getauft<\/strong><\/span><\/td>\n<td style=\"text-align: center; width: 12.1429%;\" width=\"75\"><span style=\"font-family: times new roman, times, serif; font-size: 10pt;\"><strong>konfirmiert<\/strong><\/span><\/td>\n<td style=\"text-align: center; width: 11.5476%;\" width=\"70\"><span style=\"font-family: times new roman, times, serif; font-size: 10pt;\"><strong>gestorben<\/strong><\/span><\/td>\n<td style=\"text-align: center; width: 11.9048%;\" width=\"73\"><span style=\"font-family: times new roman, times, serif; font-size: 10pt;\"><strong>begraben<\/strong><\/span><\/td>\n<td style=\"text-align: center; width: 8.57143%;\" width=\"48\"><span style=\"font-family: times new roman, times, serif; font-size: 10pt;\"><strong>Alter<\/strong><\/span><\/td>\n<td style=\"text-align: center; width: 7.26191%;\" width=\"39\"><span style=\"font-family: times new roman, times, serif; font-size: 10pt;\"><strong>Stand<\/strong><\/span><\/td>\n<\/tr>\n<tr>\n<td style=\"text-align: center; width: 6.30952%;\" width=\"22\"><span style=\"font-family: times new roman, times, serif; font-size: 10pt;\">1<\/span><\/td>\n<td style=\"width: 18.4524%;\" width=\"131\"><span style=\"font-family: times new roman, times, serif; font-size: 10pt;\">Johann Henrich<\/span><\/td>\n<td style=\"text-align: center; width: 12.2619%;\" width=\"76\"><\/td>\n<td style=\"text-align: center; width: 11.5476%;\" width=\"70\"><span style=\"font-family: times new roman, times, serif; font-size: 10pt;\">06.12.1711<\/span><\/td>\n<td style=\"text-align: center; width: 12.1429%;\" width=\"75\"><span style=\"font-family: times new roman, times, serif; font-size: 10pt;\">xx.xx.1725<\/span><\/td>\n<td style=\"text-align: center; width: 11.5476%;\" width=\"70\"><\/td>\n<td style=\"text-align: center; width: 11.9048%;\" width=\"73\"><\/td>\n<td style=\"text-align: center; width: 8.57143%;\" width=\"48\"><\/td>\n<td style=\"text-align: center; width: 7.26191%;\" width=\"39\"><\/td>\n<\/tr>\n<tr>\n<td style=\"text-align: center; width: 6.30952%;\"><span style=\"font-family: times new roman, times, serif; font-size: 10pt;\">2<\/span><\/td>\n<td style=\"width: 18.4524%;\"><span style=\"font-family: times new roman, times, serif; font-size: 10pt;\">Maria Elisabeth<\/span><\/td>\n<td style=\"text-align: center; width: 12.2619%;\"><span style=\"font-family: times new roman, times, serif; font-size: 10pt;\">16.08.1714<\/span><\/td>\n<td style=\"text-align: center; width: 11.5476%;\"><span style=\"font-family: times new roman, times, serif; font-size: 10pt;\">19.08.1714<\/span><\/td>\n<td style=\"text-align: center; width: 12.1429%;\"><span style=\"font-family: times new roman, times, serif; font-size: 10pt;\">28.03.1728<\/span><\/td>\n<td style=\"text-align: center; width: 11.5476%;\"><\/td>\n<td style=\"text-align: center; width: 11.9048%;\"><\/td>\n<td style=\"text-align: center; width: 8.57143%;\"><\/td>\n<td style=\"text-align: center; width: 7.26191%;\"><\/td>\n<\/tr>\n<tr>\n<td style=\"text-align: center; width: 6.30952%;\"><span style=\"font-family: times new roman, times, serif; font-size: 10pt;\">3<\/span><\/td>\n<td style=\"width: 18.4524%;\"><span style=\"font-family: times new roman, times, serif; font-size: 10pt;\">Philipp David<\/span><\/td>\n<td style=\"text-align: center; width: 12.2619%;\"><span style=\"font-family: times new roman, times, serif; font-size: 10pt;\">04.05.1717<\/span><\/td>\n<td style=\"text-align: center; width: 11.5476%;\"><span style=\"font-family: times new roman, times, serif; font-size: 10pt;\">06.05.1717<\/span><\/td>\n<td style=\"text-align: center; width: 12.1429%;\"><span style=\"font-family: times new roman, times, serif; font-size: 10pt;\">13.05.1731<\/span><\/td>\n<td style=\"text-align: center; width: 11.5476%;\"><\/td>\n<td style=\"text-align: center; width: 11.9048%;\"><\/td>\n<td style=\"text-align: center; width: 8.57143%;\"><\/td>\n<td style=\"text-align: center; width: 7.26191%;\"><\/td>\n<\/tr>\n<tr>\n<td style=\"text-align: center; width: 6.30952%;\"><span style=\"font-family: times new roman, times, serif; font-size: 10pt;\">4<\/span><\/td>\n<td style=\"width: 18.4524%;\"><span style=\"font-family: times new roman, times, serif; font-size: 10pt;\">Anna Maria<\/span><\/td>\n<td style=\"text-align: center; width: 12.2619%;\"><span style=\"font-family: times new roman, times, serif; font-size: 10pt;\">19.08.1720<\/span><\/td>\n<td style=\"text-align: center; width: 11.5476%;\"><span style=\"font-family: times new roman, times, serif; font-size: 10pt;\">24.08.1720<\/span><\/td>\n<td style=\"text-align: center; width: 12.1429%;\"><\/td>\n<td style=\"text-align: center; width: 11.5476%;\"><span style=\"font-family: times new roman, times, serif; font-size: 10pt;\">01.04.1721<\/span><\/td>\n<td style=\"text-align: center; width: 11.9048%;\"><span style=\"font-family: times new roman, times, serif; font-size: 10pt;\">02.04.1721<\/span><\/td>\n<td style=\"text-align: center; width: 8.57143%;\"><span style=\"font-family: times new roman, times, serif; font-size: 10pt;\">0,62<\/span><\/td>\n<td style=\"text-align: center; width: 7.26191%;\"><\/td>\n<\/tr>\n<tr>\n<td style=\"text-align: center; width: 6.30952%;\"><span style=\"font-family: times new roman, times, serif; font-size: 10pt;\">5<\/span><\/td>\n<td style=\"width: 18.4524%;\"><span style=\"font-family: times new roman, times, serif; font-size: 10pt;\">Johann Peter<\/span><\/td>\n<td style=\"text-align: center; width: 12.2619%;\"><span style=\"font-family: times new roman, times, serif; font-size: 10pt;\">21.02.1722<\/span><\/td>\n<td style=\"text-align: center; width: 11.5476%;\"><span style=\"font-family: times new roman, times, serif; font-size: 10pt;\">24.02.1722<\/span><\/td>\n<td style=\"text-align: center; width: 12.1429%;\"><\/td>\n<td style=\"text-align: center; width: 11.5476%;\"><span style=\"font-family: times new roman, times, serif; font-size: 10pt;\">15.01.1726<\/span><\/td>\n<td style=\"text-align: center; width: 11.9048%;\"><span style=\"font-family: times new roman, times, serif; font-size: 10pt;\">17.01.1726<\/span><\/td>\n<td style=\"text-align: center; width: 8.57143%;\"><span style=\"font-family: times new roman, times, serif; font-size: 10pt;\">3,90<\/span><\/td>\n<td style=\"text-align: center; width: 7.26191%;\"><\/td>\n<\/tr>\n<tr>\n<td style=\"text-align: center; width: 6.30952%;\"><span style=\"font-family: times new roman, times, serif; font-size: 10pt;\">6<\/span><\/td>\n<td style=\"width: 18.4524%;\"><span style=\"font-family: times new roman, times, serif; font-size: 10pt;\">Philipp Emmerich<\/span><\/td>\n<td style=\"text-align: center; width: 12.2619%;\"><span style=\"font-family: times new roman, times, serif; font-size: 10pt;\">21.12.1725<\/span><\/td>\n<td style=\"text-align: center; width: 11.5476%;\"><span style=\"font-family: times new roman, times, serif; font-size: 10pt;\">26.12.1725<\/span><\/td>\n<td style=\"text-align: center; width: 12.1429%;\"><\/td>\n<td style=\"text-align: center; width: 11.5476%;\"><span style=\"font-family: times new roman, times, serif; font-size: 10pt;\">08.01.1726<\/span><\/td>\n<td style=\"text-align: center; width: 11.9048%;\"><span style=\"font-family: times new roman, times, serif; font-size: 10pt;\">10.01.1726<\/span><\/td>\n<td style=\"text-align: center; width: 8.57143%;\"><span style=\"font-family: times new roman, times, serif; font-size: 10pt;\">0,05<\/span><\/td>\n<td style=\"text-align: center; width: 7.26191%;\"><\/td>\n<\/tr>\n<tr>\n<td style=\"text-align: center; width: 6.30952%;\"><span style=\"font-family: times new roman, times, serif; font-size: 10pt;\">7<\/span><\/td>\n<td style=\"width: 18.4524%;\"><span style=\"font-family: times new roman, times, serif; font-size: 10pt;\">Elisabeth Magdalena<\/span><\/td>\n<td style=\"text-align: center; width: 12.2619%;\"><span style=\"font-family: times new roman, times, serif; font-size: 10pt;\">04.12.1729<\/span><\/td>\n<td style=\"text-align: center; width: 11.5476%;\"><span style=\"font-family: times new roman, times, serif; font-size: 10pt;\">09.12.1729<\/span><\/td>\n<td style=\"text-align: center; width: 12.1429%;\"><span style=\"font-family: times new roman, times, serif; font-size: 10pt;\">xx.xx.1744<\/span><\/td>\n<td style=\"text-align: center; width: 11.5476%;\"><\/td>\n<td style=\"text-align: center; width: 11.9048%;\"><\/td>\n<td style=\"text-align: center; width: 8.57143%;\"><\/td>\n<td style=\"text-align: center; width: 7.26191%;\"><span style=\"font-family: times new roman, times, serif; font-size: 10pt;\">verh.<\/span><\/td>\n<\/tr>\n<tr>\n<td style=\"text-align: center; width: 6.30952%;\"><span style=\"font-family: times new roman, times, serif; font-size: 10pt;\">8<\/span><\/td>\n<td style=\"width: 18.4524%;\"><span style=\"font-family: times new roman, times, serif; font-size: 10pt;\">Maria Magdalena<\/span><\/td>\n<td style=\"text-align: center; width: 12.2619%;\"><span style=\"font-family: times new roman, times, serif; font-size: 10pt;\">14.02.1734<\/span><\/td>\n<td style=\"text-align: center; width: 11.5476%;\"><span style=\"font-family: times new roman, times, serif; font-size: 10pt;\">16.02.1734<\/span><\/td>\n<td style=\"text-align: center; width: 12.1429%;\"><\/td>\n<td style=\"text-align: center; width: 11.5476%;\"><span style=\"font-family: times new roman, times, serif; font-size: 10pt;\">09.03.1778<\/span><\/td>\n<td style=\"text-align: center; width: 11.9048%;\"><span style=\"font-family: times new roman, times, serif; font-size: 10pt;\">11.02.1778<\/span><\/td>\n<td style=\"text-align: center; width: 8.57143%;\"><span style=\"font-family: times new roman, times, serif; font-size: 10pt;\">44,09<\/span><\/td>\n<td style=\"text-align: center; width: 7.26191%;\"><\/td>\n<\/tr>\n<\/tbody>\n<\/table>\n<p><span style=\"font-family: times new roman, times, serif; font-size: 10pt;\">Kind Nr. 1) * Marienfels; konf. Dornholzhausen<br \/>\n<\/span><span style=\"font-family: times new roman, times, serif; font-size: 10pt;\">Kind Nr. 2) * Geisig<br \/>\n<\/span><span style=\"font-family: times new roman, times, serif; font-size: 10pt;\">Kind Nr. 3) * Marienfels; konf. Dornholzhausen<br \/>\n<\/span><span style=\"font-family: times new roman, times, serif; font-size: 10pt;\">Kind Nr. 4) \u2013 8) * Geisig<br \/>\n<\/span><span style=\"font-family: times new roman, times, serif; font-size: 10pt;\">Kind Nr. 7) oo mit Johann Anton May aus Oberwies<\/span><\/p>\n<p style=\"text-align: justify;\"><span style=\"font-family: times new roman, times, serif; font-size: 10pt;\"><strong>Paten: zu 1) <\/strong><em>Anna Catharina, Caspar Knechts sel: zu Huntzel Tochter; Phil. Henrich, Herman Eufelers Sohn zu Geisig; Joh: Michel, Adam Keisers Sohn alhie <\/em>\u2014 <strong>zu 2) <\/strong><em>Phil. Caspar Key\u00dfer zu Marienfel\u00df; Elisabeth Margreth, D\u00f6nges Elberten Ehefrauw; u. Anna Maria, Severin M\u00fcllers Tochter aus der Lochm\u00fchlen <\/em>\u2014 <strong>zu 3) <\/strong><em>Philipp Adam Retert, K[irchen] Senior zu Huntzel; und Johann David May zu Dornholtzhau\u00dfen; und Anna Dorothea, Johann Paul Kern, Schulmeisters H[aus]fr[au] alhier <\/em>\u2014 <strong>zu 4) <\/strong><em>Joh: Jacob Cuhn zu Munchert; Anna Maria, D\u00f6nges Key\u00dfers Frauw zu Gei\u00dfig; Maria Catharina, Joh: Pfeiffers Ehefrau zu Gei\u00dfig <\/em>\u2014 <strong>zu 5) <\/strong><em>Joh. Peter Laux zu Marienfel\u00df; Joh: David Haxell zu Gei\u00dfig; v. Anna Magdalena, Georg Michaels Tochter zu Gei\u00dfig <\/em>\u2014 <strong>zu 6) <\/strong><em>Joh: Emrich Schmiedt, Gottfr: Schmiedten Sohn; Phil. Martin, Nicol Haxells Sohn; Elisabetha Margr., Emrich Pfeiffers Tochter zu Gei\u00dfig <\/em>\u2014 <strong>zu 7) <\/strong><em>Daniel Henrich; Maria Magdalena, Joh: Ph. Henrichs Ehefrau; v. Elisabetha Margretha, Th\u00f6nges Key\u00dfers Tochter <\/em>\u2014 <strong>zu 8) <\/strong><em>Maria Magdalena, Phil. Henrich Eifelers Tochter<\/em><\/span><\/p>\n<hr \/>\n<p><span style=\"font-family: times new roman, times, serif; font-size: 10pt;\"><span style=\"color: #ff0000;\"><strong><u>Kaiser<\/u><\/strong><strong>, Johann Michael:<\/strong><\/span> gt. 09.09.1688 Marienfels (* Marienfels); Eltern: Johann Adam Kaiser und Anna Barbara<\/span><\/p>\n<p><span style=\"font-family: times new roman, times, serif; font-size: 10pt;\"><strong>oo<\/strong> mit <strong>[Kunz ?],<\/strong> <strong>Anna Magdalena:<\/strong> evtl. aus M\u00fcnchenroth (Pfarrei Diethardt)<\/span><\/p>\n<table>\n<tbody>\n<tr>\n<td style=\"text-align: center;\" width=\"29\"><span style=\"font-family: times new roman, times, serif; font-size: 10pt;\"><strong>Nr.<\/strong><\/span><\/td>\n<td width=\"135\"><span style=\"font-family: times new roman, times, serif; font-size: 10pt;\"><strong>Vorname (normiert)<\/strong><\/span><\/td>\n<td style=\"text-align: center;\" width=\"76\"><span style=\"font-family: times new roman, times, serif; font-size: 10pt;\"><strong>geboren<\/strong><\/span><\/td>\n<td style=\"text-align: center;\" width=\"76\"><span style=\"font-family: times new roman, times, serif; font-size: 10pt;\"><strong>getauft<\/strong><\/span><\/td>\n<td style=\"text-align: center;\" width=\"77\"><span style=\"font-family: times new roman, times, serif; font-size: 10pt;\"><strong>konfirmiert<\/strong><\/span><\/td>\n<td style=\"text-align: center;\" width=\"66\"><span style=\"font-family: times new roman, times, serif; font-size: 10pt;\"><strong>gestorben<\/strong><\/span><\/td>\n<td style=\"text-align: center;\" width=\"64\"><span style=\"font-family: times new roman, times, serif; font-size: 10pt;\"><strong>begraben<\/strong><\/span><\/td>\n<td style=\"text-align: center;\" width=\"40\"><span style=\"font-family: times new roman, times, serif; font-size: 10pt;\"><strong>Alter<\/strong><\/span><\/td>\n<td style=\"text-align: center;\" width=\"42\"><span style=\"font-family: times new roman, times, serif; font-size: 10pt;\"><strong>Stand<\/strong><\/span><\/td>\n<\/tr>\n<tr>\n<td style=\"text-align: center;\" width=\"29\"><span style=\"font-family: times new roman, times, serif; font-size: 10pt;\">1<\/span><\/td>\n<td width=\"135\"><span style=\"font-family: times new roman, times, serif; font-size: 10pt;\">Elisabeth Margaretha<\/span><\/td>\n<td style=\"text-align: center;\" width=\"76\"><span style=\"font-family: times new roman, times, serif; font-size: 10pt;\">05.05.1722<\/span><\/td>\n<td style=\"text-align: center;\" width=\"76\"><span style=\"font-family: times new roman, times, serif; font-size: 10pt;\">08.05.1722<\/span><\/td>\n<td style=\"text-align: center;\" width=\"77\"><span style=\"font-family: times new roman, times, serif; font-size: 10pt;\">29.05.1735<\/span><\/td>\n<td style=\"text-align: center;\" width=\"66\"><\/td>\n<td style=\"text-align: center;\" width=\"64\"><\/td>\n<td style=\"text-align: center;\" width=\"40\"><\/td>\n<td style=\"text-align: center;\" width=\"42\"><\/td>\n<\/tr>\n<tr>\n<td style=\"text-align: center;\"><span style=\"font-family: times new roman, times, serif; font-size: 10pt;\">2<\/span><\/td>\n<td><span style=\"font-family: times new roman, times, serif; font-size: 10pt;\">Eva Maria<\/span><\/td>\n<td style=\"text-align: center;\"><span style=\"font-family: times new roman, times, serif; font-size: 10pt;\">20.05.1725<\/span><\/td>\n<td style=\"text-align: center;\"><span style=\"font-family: times new roman, times, serif; font-size: 10pt;\">22.05.1725<\/span><\/td>\n<td style=\"text-align: center;\"><span style=\"font-family: times new roman, times, serif; font-size: 10pt;\">24.04.1740<\/span><\/td>\n<td style=\"text-align: center;\"><\/td>\n<td style=\"text-align: center;\"><\/td>\n<td style=\"text-align: center;\"><\/td>\n<td style=\"text-align: center;\"><\/td>\n<\/tr>\n<tr>\n<td style=\"text-align: center;\"><span style=\"font-family: times new roman, times, serif; font-size: 10pt;\">3<\/span><\/td>\n<td><span style=\"font-family: times new roman, times, serif; font-size: 10pt;\">Elisabeth Katharina<\/span><\/td>\n<td style=\"text-align: center;\"><span style=\"font-family: times new roman, times, serif; font-size: 10pt;\">23.09.1727<\/span><\/td>\n<td style=\"text-align: center;\"><span style=\"font-family: times new roman, times, serif; font-size: 10pt;\">26.09.1727<\/span><\/td>\n<td style=\"text-align: center;\"><\/td>\n<td style=\"text-align: center;\"><\/td>\n<td style=\"text-align: center;\"><\/td>\n<td style=\"text-align: center;\"><\/td>\n<td style=\"text-align: center;\"><\/td>\n<\/tr>\n<tr>\n<td style=\"text-align: center;\"><span style=\"font-family: times new roman, times, serif; font-size: 10pt;\">4<\/span><\/td>\n<td><span style=\"font-family: times new roman, times, serif; font-size: 10pt;\">Johann Michael<\/span><\/td>\n<td style=\"text-align: center;\"><span style=\"font-family: times new roman, times, serif; font-size: 10pt;\">19.02.1731<\/span><\/td>\n<td style=\"text-align: center;\"><span style=\"font-family: times new roman, times, serif; font-size: 10pt;\">22.02.1731<\/span><\/td>\n<td style=\"text-align: center;\"><\/td>\n<td style=\"text-align: center;\"><\/td>\n<td style=\"text-align: center;\"><\/td>\n<td style=\"text-align: center;\"><\/td>\n<td style=\"text-align: center;\"><\/td>\n<\/tr>\n<tr>\n<td style=\"text-align: center;\"><span style=\"font-family: times new roman, times, serif; font-size: 10pt;\">5<\/span><\/td>\n<td><span style=\"font-family: times new roman, times, serif; font-size: 10pt;\">Johann Georg<\/span><\/td>\n<td style=\"text-align: center;\"><span style=\"font-family: times new roman, times, serif; font-size: 10pt;\">06.11.1733<\/span><\/td>\n<td style=\"text-align: center;\"><span style=\"font-family: times new roman, times, serif; font-size: 10pt;\">08.11.1733<\/span><\/td>\n<td style=\"text-align: center;\"><\/td>\n<td style=\"text-align: center;\"><\/td>\n<td style=\"text-align: center;\"><\/td>\n<td style=\"text-align: center;\"><\/td>\n<td style=\"text-align: center;\"><\/td>\n<\/tr>\n<tr>\n<td style=\"text-align: center;\"><span style=\"font-family: times new roman, times, serif; font-size: 10pt;\">6<\/span><\/td>\n<td><span style=\"font-family: times new roman, times, serif; font-size: 10pt;\">Maria Magdalena<\/span><\/td>\n<td style=\"text-align: center;\"><span style=\"font-family: times new roman, times, serif; font-size: 10pt;\">20.07.1736<\/span><\/td>\n<td style=\"text-align: center;\"><span style=\"font-family: times new roman, times, serif; font-size: 10pt;\">22.07.1736<\/span><\/td>\n<td style=\"text-align: center;\"><\/td>\n<td style=\"text-align: center;\"><\/td>\n<td style=\"text-align: center;\"><\/td>\n<td style=\"text-align: center;\"><\/td>\n<td style=\"text-align: center;\"><\/td>\n<\/tr>\n<tr>\n<td style=\"text-align: center;\"><span style=\"font-family: times new roman, times, serif; font-size: 10pt;\">7<\/span><\/td>\n<td><span style=\"font-family: times new roman, times, serif; font-size: 10pt;\">Johann Philipp<\/span><\/td>\n<td style=\"text-align: center;\"><span style=\"font-family: times new roman, times, serif; font-size: 10pt;\">10.03.1740<\/span><\/td>\n<td style=\"text-align: center;\"><span style=\"font-family: times new roman, times, serif; font-size: 10pt;\">13.03.1740<\/span><\/td>\n<td style=\"text-align: center;\"><\/td>\n<td style=\"text-align: center;\"><\/td>\n<td style=\"text-align: center;\"><\/td>\n<td style=\"text-align: center;\"><\/td>\n<td style=\"text-align: center;\"><\/td>\n<\/tr>\n<tr>\n<td style=\"text-align: center;\"><span style=\"font-family: times new roman, times, serif; font-size: 10pt;\">8<\/span><\/td>\n<td><span style=\"font-family: times new roman, times, serif; font-size: 10pt;\">Johann Michael<\/span><\/td>\n<td style=\"text-align: center;\"><span style=\"font-family: times new roman, times, serif; font-size: 10pt;\">30.09.1742<\/span><\/td>\n<td style=\"text-align: center;\"><span style=\"font-family: times new roman, times, serif; font-size: 10pt;\">03.10.1742<\/span><\/td>\n<td style=\"text-align: center;\"><\/td>\n<td style=\"text-align: center;\"><\/td>\n<td style=\"text-align: center;\"><\/td>\n<td style=\"text-align: center;\"><\/td>\n<td style=\"text-align: center;\"><\/td>\n<\/tr>\n<\/tbody>\n<\/table>\n<p style=\"text-align: justify;\"><span style=\"font-family: times new roman, times, serif; font-size: 10pt;\"><strong>Paten: zu 1) <\/strong><em>Elisabetha Catharina, Anthon Peter Lauxen H[aus]fr[au]; und Philipps Ca\u00dfpar, Johann Adam Kei\u00dfers, Kirchen Senioris alhier, j\u00fcngster Sohn; wie auch Anna Margaretha, Jost Gerhard Kuntzen zu Minchert <\/em>[M\u00fcnchenroth (VG Nast\u00e4tten)] <em>hinderla\u00dfene eh[liche] Tochter <\/em>\u2014 <strong>zu 2) <\/strong><em>Anna Margaretha, Johann Philipps Lauxens H[aus]fr[au]; u. Johann Martin Laux, Leonhart Lauxen hinderla\u00dfener j\u00fcngster Sohn; wie auch Anna Eva <\/em>[ ] \u2014 <strong>zu 3) <\/strong><em>Maria Catharina, Johann Adam Kei\u00dfers H[aus]fr[au] zu Gei\u00dfig; und Elisabetha Margaretha, Johann Georg St\u00f6tzers hinderla\u00dfene eh[liche] Tochter; wie auch Johann Jost Kunz, Einwohner zu Mingert <\/em>[M\u00fcnchenroth (VG Nast\u00e4tten)] \u2014 <strong>zu 4) <\/strong><em>Johann Peter, Johann Adam Gemrichs nachgela\u00dfener eh[licher] Sohn; u. Christina Catharina, Anthon Peter Haxel eh[liche] H[aus]fr[au], wie auch Johann Willhelm, Johann Emrich Gemrichs eh[licher] Sohn <\/em>\u2014 <strong>zu 5) <\/strong><em>Johann Georg Kuntz, Einwohner zu Minchert <\/em>[M\u00fcnchenroth (VG Nast\u00e4tten)] <strong>zu 6) <\/strong><em>Maria Magdalena, Johann Emrich Knechts H[aus]fr[au] alhier <\/em>\u2014 <strong>zu 7) <\/strong><em>Johann Philips Kei\u00dfer, Johann Anthon Kei\u00dfer zu Gei\u00dfig \u00e4ltester Sohn <\/em>\u2014 <strong>zu 8) <\/strong><em>Johann Michael, Nicolaus Lauxen von Huntzel eh[lich]er Sohn<\/em><\/span><\/p>\n<hr \/>\n<p><span style=\"font-family: times new roman, times, serif; font-size: 10pt;\"><span style=\"color: #ff0000;\"><strong><u>Kaiser<\/u><\/strong><strong>, Philipp Kaspar:<\/strong> <\/span>* 20.01.1692 Marienfels (gt. 24.01.); konf. 15.05.1701; Eltern: Johann Adam Kaiser und Anna Barbara<\/span><\/p>\n<p style=\"text-align: justify;\"><span style=\"font-family: times new roman, times, serif; font-size: 10pt;\"><strong>oo 27.04.1723 Marienfels<\/strong> mit <strong><u>Beilstein<\/u>, Anna Maria:<\/strong> * 08.10.1702 Pohl (gt. 15.10.) (Niedertiefenbach, KB 1, S. 321, Bild 164 auf archion.de); bg. 30.09.1735 Marienfels, 33 Jahre weniger 10 Tage alt; Tochter des Gottfried Beilstein von Pohl (VG Bad Ems-Nassau)<\/span><\/p>\n<table>\n<tbody>\n<tr>\n<td style=\"text-align: center;\" width=\"29\"><span style=\"font-family: times new roman, times, serif; font-size: 10pt;\"><strong>Nr.<\/strong><\/span><\/td>\n<td width=\"135\"><span style=\"font-family: times new roman, times, serif; font-size: 10pt;\"><strong>Vorname (normiert)<\/strong><\/span><\/td>\n<td style=\"text-align: center;\" width=\"76\"><span style=\"font-family: times new roman, times, serif; font-size: 10pt;\"><strong>geboren<\/strong><\/span><\/td>\n<td style=\"text-align: center;\" width=\"76\"><span style=\"font-family: times new roman, times, serif; font-size: 10pt;\"><strong>getauft<\/strong><\/span><\/td>\n<td style=\"text-align: center;\" width=\"77\"><span style=\"font-family: times new roman, times, serif; font-size: 10pt;\"><strong>konfirmiert<\/strong><\/span><\/td>\n<td style=\"text-align: center;\" width=\"66\"><span style=\"font-family: times new roman, times, serif; font-size: 10pt;\"><strong>gestorben<\/strong><\/span><\/td>\n<td style=\"text-align: center;\" width=\"64\"><span style=\"font-family: times new roman, times, serif; font-size: 10pt;\"><strong>begraben<\/strong><\/span><\/td>\n<td style=\"text-align: center;\" width=\"40\"><span style=\"font-family: times new roman, times, serif; font-size: 10pt;\"><strong>Alter<\/strong><\/span><\/td>\n<td style=\"text-align: center;\" width=\"42\"><span style=\"font-family: times new roman, times, serif; font-size: 10pt;\"><strong>Stand<\/strong><\/span><\/td>\n<\/tr>\n<tr>\n<td style=\"text-align: center;\" width=\"29\"><span style=\"font-family: times new roman, times, serif; font-size: 10pt;\">1<\/span><\/td>\n<td width=\"135\"><span style=\"font-family: times new roman, times, serif; font-size: 10pt;\">Johann Justus<\/span><\/td>\n<td style=\"text-align: center;\" width=\"76\"><span style=\"font-family: times new roman, times, serif; font-size: 10pt;\">27.08.1724<\/span><\/td>\n<td style=\"text-align: center;\" width=\"76\"><span style=\"font-family: times new roman, times, serif; font-size: 10pt;\">29.08.1724<\/span><\/td>\n<td style=\"text-align: center;\" width=\"77\"><span style=\"font-family: times new roman, times, serif; font-size: 10pt;\">13.04.1738<\/span><\/td>\n<td style=\"text-align: center;\" width=\"66\"><\/td>\n<td style=\"text-align: center;\" width=\"64\"><\/td>\n<td style=\"text-align: center;\" width=\"40\"><\/td>\n<td style=\"text-align: center;\" width=\"42\"><\/td>\n<\/tr>\n<tr>\n<td style=\"text-align: center;\"><span style=\"font-family: times new roman, times, serif; font-size: 10pt;\">2<\/span><\/td>\n<td><span style=\"font-family: times new roman, times, serif; font-size: 10pt;\">Maria Magdalena<\/span><\/td>\n<td style=\"text-align: center;\"><span style=\"font-family: times new roman, times, serif; font-size: 10pt;\">20.09.1726<\/span><\/td>\n<td style=\"text-align: center;\"><span style=\"font-family: times new roman, times, serif; font-size: 10pt;\">24.09.1726<\/span><\/td>\n<td style=\"text-align: center;\"><span style=\"font-family: times new roman, times, serif; font-size: 10pt;\">24.04.1740<\/span><\/td>\n<td style=\"text-align: center;\"><\/td>\n<td style=\"text-align: center;\"><\/td>\n<td style=\"text-align: center;\"><\/td>\n<td style=\"text-align: center;\"><\/td>\n<\/tr>\n<tr>\n<td style=\"text-align: center;\"><span style=\"font-family: times new roman, times, serif; font-size: 10pt;\">3<\/span><\/td>\n<td><span style=\"font-family: times new roman, times, serif; font-size: 10pt;\">Johann Philipp<\/span><\/td>\n<td style=\"text-align: center;\"><span style=\"font-family: times new roman, times, serif; font-size: 10pt;\">06.10.1728<\/span><\/td>\n<td style=\"text-align: center;\"><span style=\"font-family: times new roman, times, serif; font-size: 10pt;\">10.10.1728<\/span><\/td>\n<td style=\"text-align: center;\"><\/td>\n<td style=\"text-align: center;\"><\/td>\n<td style=\"text-align: center;\"><\/td>\n<td style=\"text-align: center;\"><\/td>\n<td style=\"text-align: center;\"><\/td>\n<\/tr>\n<tr>\n<td style=\"text-align: center;\"><span style=\"font-family: times new roman, times, serif; font-size: 10pt;\">4<\/span><\/td>\n<td><span style=\"font-family: times new roman, times, serif; font-size: 10pt;\">Elisabeth Margaretha<\/span><\/td>\n<td style=\"text-align: center;\"><span style=\"font-family: times new roman, times, serif; font-size: 10pt;\">18.04.1731<\/span><\/td>\n<td style=\"text-align: center;\"><span style=\"font-family: times new roman, times, serif; font-size: 10pt;\">21.04.1731<\/span><\/td>\n<td style=\"text-align: center;\"><span style=\"font-family: times new roman, times, serif; font-size: 10pt;\">25.04.1745<\/span><\/td>\n<td style=\"text-align: center;\"><\/td>\n<td style=\"text-align: center;\"><\/td>\n<td style=\"text-align: center;\"><\/td>\n<td style=\"text-align: center;\"><\/td>\n<\/tr>\n<tr>\n<td style=\"text-align: center;\"><span style=\"font-family: times new roman, times, serif; font-size: 10pt;\">5<\/span><\/td>\n<td><span style=\"font-family: times new roman, times, serif; font-size: 10pt;\">Johann Henrich<\/span><\/td>\n<td style=\"text-align: center;\"><span style=\"font-family: times new roman, times, serif; font-size: 10pt;\">28.10.1733<\/span><\/td>\n<td style=\"text-align: center;\"><span style=\"font-family: times new roman, times, serif; font-size: 10pt;\">30.10.1733<\/span><\/td>\n<td style=\"text-align: center;\"><\/td>\n<td style=\"text-align: center;\"><\/td>\n<td style=\"text-align: center;\"><\/td>\n<td style=\"text-align: center;\"><\/td>\n<td style=\"text-align: center;\"><\/td>\n<\/tr>\n<\/tbody>\n<\/table>\n<p style=\"text-align: justify;\"><span style=\"font-family: times new roman, times, serif; font-size: 10pt;\"><strong>Paten: zu 1) <\/strong><em>H[err] Johann Just[us] Kroeck, Schulmeister zu Meilingen; u. Johann Anthon Kei\u00dfer, Einwohner zu Gei\u00dfig; wie auch Anna Eva, Johann David May eh[liche] Tochter zu D\u00f6rnholtzhau\u00dfen <\/em>\u2014 <strong>zu 2) <\/strong><em>Anna Magdalena, Johann Michael Kei\u00dfers H[aus]fr[au] alhier; u. Johann Daniel Beylstein, dietzischer Schuldhei\u00df zu Obertieffenbach; u. Elisabetha Magdalena, Phil. Adam Closen eh[liche] Tochter <\/em>\u2014 <strong>zu 3) <\/strong><em>Johann Philipps, Johann Jacob Kuntzen Sohn zu Minchert <\/em>[M\u00fcnchenroth (VG Nast\u00e4tten)]<em>; und Maria Catharina, Johann Adam Kei\u00dfers H[aus]fr[au] zu Gei\u00dfig; wie auch Sebastian W\u00fcll von Bettendorff <\/em>\u2014 <strong>zu 4) <\/strong><em>Maria Magdalena, Johann Henrich Clo\u00dfen H[aus]fr[au]; und Johann Henrich Sixt; wie auch <\/em>[ ] \u2014 <strong>zu 5) <\/strong><em>Johann Henrich Hoffmann, Einwohner zu Retter\u00dfhahn<\/em><\/span><\/p>\n<hr \/>\n<p><span style=\"font-family: times new roman, times, serif; font-size: 10pt;\"><span style=\"color: #ff0000;\"><strong><u>Kaiser<\/u><\/strong><strong>, Johann Anton:<\/strong> <\/span>Hirte in Marienfels; Sohn des Japhet Kaiser aus Gemmerich<\/span><\/p>\n<p><span style=\"font-family: times new roman, times, serif; font-size: 10pt;\"><strong>oo 26.02.1726 Marienfels <\/strong>mit <strong><u>Kunz<\/u>, Anna Maria:<\/strong> Tochter des Johann Jost Kunz<\/span><\/p>\n<table>\n<tbody>\n<tr>\n<td style=\"text-align: center;\" width=\"29\"><span style=\"font-family: times new roman, times, serif; font-size: 10pt;\"><strong>Nr.<\/strong><\/span><\/td>\n<td width=\"131\"><span style=\"font-family: times new roman, times, serif; font-size: 10pt;\"><strong>Vorname (normiert)<\/strong><\/span><\/td>\n<td style=\"text-align: center;\" width=\"76\"><span style=\"font-family: times new roman, times, serif; font-size: 10pt;\"><strong>geboren<\/strong><\/span><\/td>\n<td style=\"text-align: center;\" width=\"76\"><span style=\"font-family: times new roman, times, serif; font-size: 10pt;\"><strong>getauft<\/strong><\/span><\/td>\n<td style=\"text-align: center;\" width=\"69\"><span style=\"font-family: times new roman, times, serif; font-size: 10pt;\"><strong>konfirmiert<\/strong><\/span><\/td>\n<td style=\"text-align: center;\" width=\"77\"><span style=\"font-family: times new roman, times, serif; font-size: 10pt;\"><strong>gestorben<\/strong><\/span><\/td>\n<td style=\"text-align: center;\" width=\"64\"><span style=\"font-family: times new roman, times, serif; font-size: 10pt;\"><strong>begraben<\/strong><\/span><\/td>\n<td style=\"text-align: center;\" width=\"44\"><span style=\"font-family: times new roman, times, serif; font-size: 10pt;\"><strong>Alter<\/strong><\/span><\/td>\n<td style=\"text-align: center;\" width=\"42\"><span style=\"font-family: times new roman, times, serif; font-size: 10pt;\"><strong>Stand<\/strong><\/span><\/td>\n<\/tr>\n<tr>\n<td style=\"text-align: center;\" width=\"29\"><span style=\"font-family: times new roman, times, serif; font-size: 10pt;\">1<\/span><\/td>\n<td width=\"131\"><span style=\"font-family: times new roman, times, serif; font-size: 10pt;\">Johann Philipp<\/span><\/td>\n<td style=\"text-align: center;\" width=\"76\"><span style=\"font-family: times new roman, times, serif; font-size: 10pt;\">10.10.1726<\/span><\/td>\n<td style=\"text-align: center;\" width=\"76\"><span style=\"font-family: times new roman, times, serif; font-size: 10pt;\">10.10.1726<\/span><\/td>\n<td style=\"text-align: center;\" width=\"69\"><\/td>\n<td style=\"text-align: center;\" width=\"77\"><span style=\"font-family: times new roman, times, serif; font-size: 10pt;\">20.10.1726<\/span><\/td>\n<td style=\"text-align: center;\" width=\"64\"><\/td>\n<td style=\"text-align: center;\" width=\"44\"><span style=\"font-family: times new roman, times, serif; font-size: 10pt;\">0,03<\/span><\/td>\n<td style=\"text-align: center;\" width=\"42\"><\/td>\n<\/tr>\n<tr>\n<td style=\"text-align: center;\"><span style=\"font-family: times new roman, times, serif; font-size: 10pt;\">2<\/span><\/td>\n<td><span style=\"font-family: times new roman, times, serif; font-size: 10pt;\">Johann Daniel<\/span><\/td>\n<td style=\"text-align: center;\"><span style=\"font-family: times new roman, times, serif; font-size: 10pt;\">06.07.1729<\/span><\/td>\n<td style=\"text-align: center;\"><span style=\"font-family: times new roman, times, serif; font-size: 10pt;\">08.07.1729<\/span><\/td>\n<td style=\"text-align: center;\"><\/td>\n<td style=\"text-align: center;\"><\/td>\n<td style=\"text-align: center;\"><\/td>\n<td style=\"text-align: center;\"><\/td>\n<td style=\"text-align: center;\"><\/td>\n<\/tr>\n<\/tbody>\n<\/table>\n<p style=\"text-align: justify;\"><span style=\"font-family: times new roman, times, serif; font-size: 10pt;\">Kind Nr. 1) <em>renat[us] eodem die &amp; ob adversam valetudinem in \u00e6dib[us] baptizatus <\/em>[wegen ungl\u00fccklicher Krankheit am selben Tag im Haus getauft]; war 11 Tage alt (kein Datum angegeben)<\/span><\/p>\n<p style=\"text-align: justify;\"><span style=\"font-family: times new roman, times, serif; font-size: 10pt;\"><strong>Paten: zu 1) <\/strong><em>Johann Philipps Kunz; und Philipps Adam Kei\u00dfer; wie auch Anna Magdalena, Johann Adam Gemrichs H[aus]fr[au] alhier <\/em>\u2014 <strong>zu 2) <\/strong><em>Johann Martin Kei\u00dfer von Gemrich; und Anna Maria, Joseph Langen hinderla\u00dfene Tochter; wie auch Johann Daniel Friederich von Gemrich<\/em><\/span><\/p>\n<hr \/>\n<p><span style=\"font-family: times new roman, times, serif; font-size: 10pt;\"><span style=\"color: #ff0000;\"><strong><u>Kaiser<\/u><\/strong><strong>, Johann Philipp: <\/strong><\/span>* 16.05.1713 Geisig (gt. 21.05.); konf. 28.03.1728; Sohn des Johann Th\u00f6nges Kaiser aus Geisig<\/span><\/p>\n<p><span style=\"font-family: times new roman, times, serif; font-size: 10pt;\"><strong>oo 1741 Marienfels<\/strong> mit <strong><u>Klos<\/u>, Maria Margaretha:<\/strong> * 09.03.1719 Marienfels (gt. 12.03.); konf. 24.05.1733; Eltern: Johannes Klos und Maria Katharina<\/span><\/p>\n<table>\n<tbody>\n<tr>\n<td style=\"text-align: center;\" width=\"29\"><span style=\"font-family: times new roman, times, serif; font-size: 10pt;\"><strong>Nr.<\/strong><\/span><\/td>\n<td width=\"132\"><span style=\"font-family: times new roman, times, serif; font-size: 10pt;\"><strong>Vorname (normiert)<\/strong><\/span><\/td>\n<td style=\"text-align: center;\" width=\"76\"><span style=\"font-family: times new roman, times, serif; font-size: 10pt;\"><strong>geboren<\/strong><\/span><\/td>\n<td style=\"text-align: center;\" width=\"76\"><span style=\"font-family: times new roman, times, serif; font-size: 10pt;\"><strong>getauft<\/strong><\/span><\/td>\n<td style=\"text-align: center;\" width=\"69\"><span style=\"font-family: times new roman, times, serif; font-size: 10pt;\"><strong>konfirmiert<\/strong><\/span><\/td>\n<td style=\"text-align: center;\" width=\"65\"><span style=\"font-family: times new roman, times, serif; font-size: 10pt;\"><strong>gestorben<\/strong><\/span><\/td>\n<td style=\"text-align: center;\" width=\"76\"><span style=\"font-family: times new roman, times, serif; font-size: 10pt;\"><strong>begraben<\/strong><\/span><\/td>\n<td style=\"text-align: center;\" width=\"44\"><span style=\"font-family: times new roman, times, serif; font-size: 10pt;\"><strong>Alter<\/strong><\/span><\/td>\n<td style=\"text-align: center;\" width=\"41\"><span style=\"font-family: times new roman, times, serif; font-size: 10pt;\"><strong>Stand<\/strong><\/span><\/td>\n<\/tr>\n<tr>\n<td style=\"text-align: center;\" width=\"29\"><span style=\"font-family: times new roman, times, serif; font-size: 10pt;\">1<\/span><\/td>\n<td width=\"132\"><span style=\"font-family: times new roman, times, serif; font-size: 10pt;\">Anna Elisabeth<\/span><\/td>\n<td style=\"text-align: center;\" width=\"76\"><span style=\"font-family: times new roman, times, serif; font-size: 10pt;\">08.02.1742<\/span><\/td>\n<td style=\"text-align: center;\" width=\"76\"><span style=\"font-family: times new roman, times, serif; font-size: 10pt;\">11.02.1742<\/span><\/td>\n<td style=\"text-align: center;\" width=\"69\"><\/td>\n<td style=\"text-align: center;\" width=\"65\"><\/td>\n<td style=\"text-align: center;\" width=\"76\"><span style=\"font-family: times new roman, times, serif; font-size: 10pt;\">12.02.1743<\/span><\/td>\n<td style=\"text-align: center;\" width=\"44\"><span style=\"font-family: times new roman, times, serif; font-size: 10pt;\">1,03<\/span><\/td>\n<td style=\"text-align: center;\" width=\"41\"><\/td>\n<\/tr>\n<tr>\n<td style=\"text-align: center;\"><span style=\"font-family: times new roman, times, serif; font-size: 10pt;\">2<\/span><\/td>\n<td><span style=\"font-family: times new roman, times, serif; font-size: 10pt;\">Johann David<\/span><\/td>\n<td style=\"text-align: center;\"><span style=\"font-family: times new roman, times, serif; font-size: 10pt;\">03.02.1744<\/span><\/td>\n<td style=\"text-align: center;\"><span style=\"font-family: times new roman, times, serif; font-size: 10pt;\">05.02.1744<\/span><\/td>\n<td style=\"text-align: center;\"><\/td>\n<td style=\"text-align: center;\"><\/td>\n<td style=\"text-align: center;\"><\/td>\n<td style=\"text-align: center;\"><\/td>\n<td style=\"text-align: center;\"><\/td>\n<\/tr>\n<tr>\n<td style=\"text-align: center;\"><span style=\"font-family: times new roman, times, serif; font-size: 10pt;\">3<\/span><\/td>\n<td><span style=\"font-family: times new roman, times, serif; font-size: 10pt;\">Johann Adam<\/span><\/td>\n<td style=\"text-align: center;\"><span style=\"font-family: times new roman, times, serif; font-size: 10pt;\">20.06.1746<\/span><\/td>\n<td style=\"text-align: center;\"><span style=\"font-family: times new roman, times, serif; font-size: 10pt;\">22.06.1746<\/span><\/td>\n<td style=\"text-align: center;\"><\/td>\n<td style=\"text-align: center;\"><\/td>\n<td style=\"text-align: center;\"><\/td>\n<td style=\"text-align: center;\"><\/td>\n<td style=\"text-align: center;\"><\/td>\n<\/tr>\n<\/tbody>\n<\/table>\n<p style=\"text-align: justify;\"><span style=\"font-family: times new roman, times, serif; font-size: 10pt;\"><strong>Paten: zu 1) <\/strong><em>Anna Elisabeth, Johannes Clo\u00dfen, HuffSchmids zu Marienfel\u00df, eh[liche] Tochter <\/em>\u2014 <strong>zu 2) <\/strong><em>Joh: David May von Marienfel\u00df <\/em>\u2014 <strong>zu 3) <\/strong><em>Johann Adam, Johann Peter B\u00fcff, nassau-saarbr\u00fcckischen Schulthei\u00dfen dahier, eh[lich]er Sohn<\/em><\/span><\/p>\n<hr \/>\n<p><span style=\"font-size: 10pt; font-family: times new roman, times, serif;\"><strong>Letzte \u00c4nderung: 14. Februar 2024<\/strong><\/span><br \/>\n<span style=\"font-size: 10pt; font-family: times new roman, times, serif;\"><strong>Ralph Jackmuth<\/strong><\/span><\/p>\n","protected":false},"excerpt":{"rendered":"<p>Kaiser, Anton: steinisch leibeigen (so auch im Einwohnerverzeichnis 1648); ist nach dem Einwohnerverzeichnis 1658 60 Jahre alt; Schatzung 1658: 273 fl.; + vor 1665 oo mit Anna Elisabeth: ist nach dem Einwohnerverzeichnis 1658 50 Jahre und 1665 60 Jahre alt (Witwe); bg. 20.03.1693 Marienfels, 87 Jahre alt, Witwe Nr. Vorname (normiert) geboren getauft konfirmiert gestorben &hellip; <a href=\"https:\/\/www.ahnenforschung-jackmuth.de\/?page_id=11243\" class=\"more-link\"><span class=\"screen-reader-text\">\u201eOFB Marienfels 1648-1746 &#8211; Kaiser\u201c<\/span> weiterlesen<\/a><\/p>\n","protected":false},"author":1,"featured_media":0,"parent":0,"menu_order":0,"comment_status":"closed","ping_status":"closed","template":"","meta":{"footnotes":""},"class_list":["post-11243","page","type-page","status-publish","hentry"],"_links":{"self":[{"href":"https:\/\/www.ahnenforschung-jackmuth.de\/index.php?rest_route=\/wp\/v2\/pages\/11243","targetHints":{"allow":["GET"]}}],"collection":[{"href":"https:\/\/www.ahnenforschung-jackmuth.de\/index.php?rest_route=\/wp\/v2\/pages"}],"about":[{"href":"https:\/\/www.ahnenforschung-jackmuth.de\/index.php?rest_route=\/wp\/v2\/types\/page"}],"author":[{"embeddable":true,"href":"https:\/\/www.ahnenforschung-jackmuth.de\/index.php?rest_route=\/wp\/v2\/users\/1"}],"replies":[{"embeddable":true,"href":"https:\/\/www.ahnenforschung-jackmuth.de\/index.php?rest_route=%2Fwp%2Fv2%2Fcomments&post=11243"}],"version-history":[{"count":0,"href":"https:\/\/www.ahnenforschung-jackmuth.de\/index.php?rest_route=\/wp\/v2\/pages\/11243\/revisions"}],"wp:attachment":[{"href":"https:\/\/www.ahnenforschung-jackmuth.de\/index.php?rest_route=%2Fwp%2Fv2%2Fmedia&parent=11243"}],"curies":[{"name":"wp","href":"https:\/\/api.w.org\/{rel}","templated":true}]}}