{"id":11236,"date":"2024-02-14T12:40:16","date_gmt":"2024-02-14T12:40:16","guid":{"rendered":"https:\/\/www.ahnenforschung-jackmuth.de\/?page_id=11236"},"modified":"2024-02-14T12:40:16","modified_gmt":"2024-02-14T12:40:16","slug":"ofb-marienfels-1648-1746-bueff","status":"publish","type":"page","link":"https:\/\/www.ahnenforschung-jackmuth.de\/?page_id=11236","title":{"rendered":"OFB Marienfels 1648-1746 &#8211; B\u00fcff"},"content":{"rendered":"<p style=\"text-align: justify;\"><span style=\"font-family: times new roman, times, serif; font-size: 10pt;\"><span style=\"color: #ff0000;\"><strong><u>B\u00fcff<\/u><\/strong><strong>, Jost: <\/strong><\/span>idsteinisch leibeigen (im Einwohnerverzeichnis 1648 nassau-saarbr\u00fcckisch); ist nach dem Einwohnerverzeichnis 1658 30 Jahre und 1665 40 Jahre alt; Schatzung 1658: 141 fl.; wohl + vor 13.07.1680<\/span><\/p>\n<p style=\"text-align: justify;\"><span style=\"font-family: times new roman, times, serif; font-size: 10pt;\"><strong>oo<\/strong> mit <strong>Katharina:<\/strong> ist nach dem Einwohnerverzeichnis 1658 60 Jahre und 1665 65 Jahre alt; wohl als \u201eAnna Magdalena\u201c oo II. 13.07.1680 Marienfels mit Jost B\u00fcff, Schneidergeselle in Marienfels<\/span><\/p>\n<table>\n<tbody>\n<tr>\n<td style=\"text-align: center;\" width=\"30\"><span style=\"font-family: times new roman, times, serif; font-size: 10pt;\"><strong>Nr.<\/strong><\/span><\/td>\n<td width=\"138\"><span style=\"font-family: times new roman, times, serif; font-size: 10pt;\"><strong>Vorname (normiert)<\/strong><\/span><\/td>\n<td style=\"text-align: center;\" width=\"68\"><span style=\"font-family: times new roman, times, serif; font-size: 10pt;\"><strong>geboren<\/strong><\/span><\/td>\n<td style=\"text-align: center;\" width=\"77\"><span style=\"font-family: times new roman, times, serif; font-size: 10pt;\"><strong>getauft<\/strong><\/span><\/td>\n<td style=\"text-align: center;\" width=\"70\"><span style=\"font-family: times new roman, times, serif; font-size: 10pt;\"><strong>konfirmiert<\/strong><\/span><\/td>\n<td style=\"text-align: center;\" width=\"70\"><span style=\"font-family: times new roman, times, serif; font-size: 10pt;\"><strong>gestorben<\/strong><\/span><\/td>\n<td style=\"text-align: center;\" width=\"68\"><span style=\"font-family: times new roman, times, serif; font-size: 10pt;\"><strong>begraben<\/strong><\/span><\/td>\n<td style=\"text-align: center;\" width=\"38\"><span style=\"font-family: times new roman, times, serif; font-size: 10pt;\"><strong>Alter<\/strong><\/span><\/td>\n<td style=\"text-align: center;\" width=\"44\"><span style=\"font-family: times new roman, times, serif; font-size: 10pt;\"><strong>Stand<\/strong><\/span><\/td>\n<\/tr>\n<tr>\n<td style=\"text-align: center;\" width=\"30\"><span style=\"font-family: times new roman, times, serif; font-size: 10pt;\">1<\/span><\/td>\n<td width=\"138\"><span style=\"font-family: times new roman, times, serif; font-size: 10pt;\">Johann Philipp<\/span><\/td>\n<td style=\"text-align: center;\" width=\"68\"><span style=\"font-family: times new roman, times, serif; font-size: 10pt;\">ca. 1644<\/span><\/td>\n<td style=\"text-align: center;\" width=\"77\"><span style=\"font-family: times new roman, times, serif; font-size: 10pt;\"><strong>\u00a0<\/strong><\/span><\/td>\n<td style=\"text-align: center;\" width=\"70\"><span style=\"font-family: times new roman, times, serif; font-size: 10pt;\"><strong>\u00a0<\/strong><\/span><\/td>\n<td style=\"text-align: center;\" width=\"70\"><span style=\"font-family: times new roman, times, serif; font-size: 10pt;\"><strong>\u00a0<\/strong><\/span><\/td>\n<td style=\"text-align: center;\" width=\"68\"><span style=\"font-family: times new roman, times, serif; font-size: 10pt;\"><strong>\u00a0<\/strong><\/span><\/td>\n<td style=\"text-align: center;\" width=\"38\"><span style=\"font-family: times new roman, times, serif; font-size: 10pt;\"><strong>\u00a0<\/strong><\/span><\/td>\n<td style=\"text-align: center;\" width=\"44\"><span style=\"font-family: times new roman, times, serif; font-size: 10pt;\">verh.<\/span><\/td>\n<\/tr>\n<\/tbody>\n<\/table>\n<p style=\"text-align: justify;\"><span style=\"font-family: times new roman, times, serif; font-size: 10pt;\">Kind Nr. 1) ist nach dem Einwohnerverzeichnis 1658 14 Jahre und 1665 20 Jahre alt; oo 10.04.1694 Marienfels mit Anna Agatha, Tochter des Johannes Michel aus Nochern; Familie wohnt in Marienfels<\/span><\/p>\n<p><span style=\"font-family: times new roman, times, serif; font-size: 10pt;\">Haben eine Magd Eva Magdalena aus Gemmerich, war nach dem Einwohnerverzeichnis 1658 16 Jahre alt<\/span><\/p>\n<hr \/>\n<p><span style=\"font-family: times new roman, times, serif; font-size: 10pt;\"><span style=\"color: #ff0000;\"><strong><u>B\u00fcff<\/u><\/strong><strong>, Johann Philipp:<\/strong> <\/span>Kirchen\u00e4ltester zu Marienfels; * ca. 1666; + 02.04.1747 Marienfels (bg. 04.04.), 81 Jahre alt; Eltern: Jost B\u00fcff und Katharina<\/span><\/p>\n<p style=\"text-align: justify;\"><span style=\"font-family: times new roman, times, serif; font-size: 10pt;\"><strong>oo 10.04.1694 Marienfels<\/strong> mit <strong><u>Michel<\/u>, Anna Agatha:<\/strong> + 19.05.1749 Marienfels (bg. 21.05.), 74 Jahre weniger 3 Monate und 2 Tage alt; Tochter des Johannes Michel aus Nochern<\/span><\/p>\n<table>\n<tbody>\n<tr>\n<td style=\"text-align: center;\" width=\"26\"><span style=\"font-family: times new roman, times, serif; font-size: 10pt;\"><strong>Nr.<\/strong><\/span><\/td>\n<td width=\"121\"><span style=\"font-family: times new roman, times, serif; font-size: 10pt;\"><strong>Vorname (normiert)<\/strong><\/span><\/td>\n<td style=\"text-align: center;\" width=\"74\"><span style=\"font-family: times new roman, times, serif; font-size: 10pt;\"><strong>geboren<\/strong><\/span><\/td>\n<td style=\"text-align: center;\" width=\"74\"><span style=\"font-family: times new roman, times, serif; font-size: 10pt;\"><strong>getauft<\/strong><\/span><\/td>\n<td style=\"text-align: center;\" width=\"75\"><span style=\"font-family: times new roman, times, serif; font-size: 10pt;\"><strong>konfirmiert<\/strong><\/span><\/td>\n<td style=\"text-align: center;\" width=\"75\"><span style=\"font-family: times new roman, times, serif; font-size: 10pt;\"><strong>gestorben<\/strong><\/span><\/td>\n<td style=\"text-align: center;\" width=\"74\"><span style=\"font-family: times new roman, times, serif; font-size: 10pt;\"><strong>begraben<\/strong><\/span><\/td>\n<td style=\"text-align: center;\" width=\"44\"><span style=\"font-family: times new roman, times, serif; font-size: 10pt;\"><strong>Alter<\/strong><\/span><\/td>\n<td style=\"text-align: center;\" width=\"44\"><span style=\"font-family: times new roman, times, serif; font-size: 10pt;\"><strong>Stand<\/strong><\/span><\/td>\n<\/tr>\n<tr>\n<td style=\"text-align: center;\" width=\"26\"><span style=\"font-family: times new roman, times, serif; font-size: 10pt;\">1<\/span><\/td>\n<td width=\"121\"><span style=\"font-family: times new roman, times, serif; font-size: 10pt;\">Maria Gertrud<\/span><\/td>\n<td style=\"text-align: center;\" width=\"74\"><span style=\"font-family: times new roman, times, serif; font-size: 10pt;\">04.10.1695<\/span><\/td>\n<td style=\"text-align: center;\" width=\"74\"><span style=\"font-family: times new roman, times, serif; font-size: 10pt;\">13.10.1695<\/span><\/td>\n<td style=\"text-align: center;\" width=\"75\"><\/td>\n<td style=\"text-align: center;\" width=\"75\"><\/td>\n<td style=\"text-align: center;\" width=\"74\"><span style=\"font-family: times new roman, times, serif; font-size: 10pt;\">23.07.1702<\/span><\/td>\n<td style=\"text-align: center;\" width=\"44\"><span style=\"font-family: times new roman, times, serif; font-size: 10pt;\">6,78<\/span><\/td>\n<td style=\"text-align: center;\" width=\"44\"><\/td>\n<\/tr>\n<tr>\n<td style=\"text-align: center;\"><span style=\"font-family: times new roman, times, serif; font-size: 10pt;\">2<\/span><\/td>\n<td><span style=\"font-family: times new roman, times, serif; font-size: 10pt;\">Georg Philipp<\/span><\/td>\n<td style=\"text-align: center;\"><span style=\"font-family: times new roman, times, serif; font-size: 10pt;\">25.04.1698<\/span><\/td>\n<td style=\"text-align: center;\"><span style=\"font-family: times new roman, times, serif; font-size: 10pt;\">01.05.1698<\/span><\/td>\n<td style=\"text-align: center;\"><span style=\"font-family: times new roman, times, serif; font-size: 10pt;\">24.05.1711<\/span><\/td>\n<td style=\"text-align: center;\"><\/td>\n<td style=\"text-align: center;\"><span style=\"font-family: times new roman, times, serif; font-size: 10pt;\">11.05.1732<\/span><\/td>\n<td style=\"text-align: center;\"><span style=\"font-family: times new roman, times, serif; font-size: 10pt;\">34,05<\/span><\/td>\n<td style=\"text-align: center;\"><span style=\"font-family: times new roman, times, serif; font-size: 10pt;\">verh.<\/span><\/td>\n<\/tr>\n<tr>\n<td style=\"text-align: center;\"><span style=\"font-family: times new roman, times, serif; font-size: 10pt;\">3<\/span><\/td>\n<td><span style=\"font-family: times new roman, times, serif; font-size: 10pt;\">Johann Peter<\/span><\/td>\n<td style=\"text-align: center;\"><span style=\"font-family: times new roman, times, serif; font-size: 10pt;\">28.01.1701<\/span><\/td>\n<td style=\"text-align: center;\"><span style=\"font-family: times new roman, times, serif; font-size: 10pt;\">02.02.1701<\/span><\/td>\n<td style=\"text-align: center;\"><span style=\"font-family: times new roman, times, serif; font-size: 10pt;\">20.05.1714<\/span><\/td>\n<td style=\"text-align: center;\"><\/td>\n<td style=\"text-align: center;\"><\/td>\n<td style=\"text-align: center;\"><\/td>\n<td style=\"text-align: center;\"><span style=\"font-family: times new roman, times, serif; font-size: 10pt;\">verh.<\/span><\/td>\n<\/tr>\n<tr>\n<td style=\"text-align: center;\"><span style=\"font-family: times new roman, times, serif; font-size: 10pt;\">4<\/span><\/td>\n<td><span style=\"font-family: times new roman, times, serif; font-size: 10pt;\">Johann Georg<\/span><\/td>\n<td style=\"text-align: center;\"><span style=\"font-family: times new roman, times, serif; font-size: 10pt;\">23.01.1704<\/span><\/td>\n<td style=\"text-align: center;\"><span style=\"font-family: times new roman, times, serif; font-size: 10pt;\">27.01.1704<\/span><\/td>\n<td style=\"text-align: center;\"><\/td>\n<td style=\"text-align: center;\"><\/td>\n<td style=\"text-align: center;\"><span style=\"font-family: times new roman, times, serif; font-size: 10pt;\">29.03.1708<\/span><\/td>\n<td style=\"text-align: center;\"><span style=\"font-family: times new roman, times, serif; font-size: 10pt;\">4,17<\/span><\/td>\n<td style=\"text-align: center;\"><\/td>\n<\/tr>\n<tr>\n<td style=\"text-align: center;\"><span style=\"font-family: times new roman, times, serif; font-size: 10pt;\">5<\/span><\/td>\n<td><span style=\"font-family: times new roman, times, serif; font-size: 10pt;\">Anna Katharina<\/span><\/td>\n<td style=\"text-align: center;\"><span style=\"font-family: times new roman, times, serif; font-size: 10pt;\">24.02.1707<\/span><\/td>\n<td style=\"text-align: center;\"><span style=\"font-family: times new roman, times, serif; font-size: 10pt;\">27.02.1707<\/span><\/td>\n<td style=\"text-align: center;\"><\/td>\n<td style=\"text-align: center;\"><\/td>\n<td style=\"text-align: center;\"><span style=\"font-family: times new roman, times, serif; font-size: 10pt;\">31.12.1707<\/span><\/td>\n<td style=\"text-align: center;\"><span style=\"font-family: times new roman, times, serif; font-size: 10pt;\">0,84<\/span><\/td>\n<td style=\"text-align: center;\"><\/td>\n<\/tr>\n<tr>\n<td style=\"text-align: center;\"><span style=\"font-family: times new roman, times, serif; font-size: 10pt;\">6<\/span><\/td>\n<td><span style=\"font-family: times new roman, times, serif; font-size: 10pt;\">Johann Melcher<\/span><\/td>\n<td style=\"text-align: center;\"><span style=\"font-family: times new roman, times, serif; font-size: 10pt;\">23.12.1708<\/span><\/td>\n<td style=\"text-align: center;\"><span style=\"font-family: times new roman, times, serif; font-size: 10pt;\">26.12.1708<\/span><\/td>\n<td style=\"text-align: center;\"><span style=\"font-family: times new roman, times, serif; font-size: 10pt;\">01.06.1721<\/span><\/td>\n<td style=\"text-align: center;\"><span style=\"font-family: times new roman, times, serif; font-size: 10pt;\">23.04.1774<\/span><\/td>\n<td style=\"text-align: center;\"><span style=\"font-family: times new roman, times, serif; font-size: 10pt;\">25.04.1774<\/span><\/td>\n<td style=\"text-align: center;\"><span style=\"font-family: times new roman, times, serif; font-size: 10pt;\">65,37<\/span><\/td>\n<td style=\"text-align: center;\"><span style=\"font-family: times new roman, times, serif; font-size: 10pt;\">verh.<\/span><\/td>\n<\/tr>\n<tr>\n<td style=\"text-align: center;\"><span style=\"font-family: times new roman, times, serif; font-size: 10pt;\">7<\/span><\/td>\n<td><span style=\"font-family: times new roman, times, serif; font-size: 10pt;\">Johann Adam<\/span><\/td>\n<td style=\"text-align: center;\"><span style=\"font-family: times new roman, times, serif; font-size: 10pt;\">04.06.1711<\/span><\/td>\n<td style=\"text-align: center;\"><span style=\"font-family: times new roman, times, serif; font-size: 10pt;\">07.06.1711<\/span><\/td>\n<td style=\"text-align: center;\"><span style=\"font-family: times new roman, times, serif; font-size: 10pt;\">16.04.1724<\/span><\/td>\n<td style=\"text-align: center;\"><\/td>\n<td style=\"text-align: center;\"><\/td>\n<td style=\"text-align: center;\"><\/td>\n<td style=\"text-align: center;\"><\/td>\n<\/tr>\n<\/tbody>\n<\/table>\n<p style=\"text-align: justify;\"><span style=\"font-family: times new roman, times, serif; font-size: 10pt;\">Kind Nr. 2) oo xx.04.1724 Marienfels mit Anna Maria, Tochter des Johann Henrich Kl\u00f6ppel, Einwohner zu K\u00f6rdorf und Gerichtsmann zu Seelbach<br \/>\n<\/span><span style=\"font-family: times new roman, times, serif; font-size: 10pt;\">Kind Nr. 3) oo 21.10.1727 Marienfels mit Elisabeth Margaretha, Tochter des verstorbenen Johann Georg St\u00f6tzer, Hufschmied zu Marienfels<br \/>\n<\/span><span style=\"font-family: times new roman, times, serif; font-size: 10pt;\">Kind Nr. 6) war 1737 Pr\u00e4zeptor in Nast\u00e4tten, ab 1750 Pfarrer in Laufenselden; oo 29.11.1737 Marienfels mit Wilhelmina Katharina Jakobina, Tochter des Valentin M\u00fcller, Pfarrer zu Marienfels<br \/>\n<\/span><span style=\"font-family: times new roman, times, serif; font-size: 10pt;\">Kind Nr. 7) oo vor 1736 mit Christina<\/span><\/p>\n<p style=\"text-align: justify;\"><span style=\"font-family: times new roman, times, serif; font-size: 10pt;\"><strong>Paten: zu 1) <\/strong><em>Weigand Werner, Johannes Werners Sohn von Weiher; Elisabeth Gertrud, Ambrosii Philipps Hausfr: zu Nochern; Maria Margretha, Johannes Michels ehleibliche Dochter zu Nochern <\/em>\u2014 <strong>zu 2) <\/strong><em>Georg Hartfels von Pissigoffen; Joh: Philips, Joh: Peter Lauxen, Senioris, Sohn zu Marienfels; Anna Magdalena, Michel Eubelheusers Dochter ibidem <\/em>\u2014 <strong>zu 3) <\/strong><em>Peter Froni, arnsteinischer Hoffman alhie; Joh: Philipps, Joh: Michels zu Nochern ehl: Sohn; Anna Margreth, Georg Beilsteins Hausfrauw zu Pfohl <\/em>[Pohl] \u2014 <strong>zu 4) <\/strong><em>Christophel Werner, M\u00fcller zu Esch im Idsteinischen; Andreas Michel zu Nochern; Agnes, Phil: Gemmers Hausfr: zu Nochern <\/em>\u2014 <strong>zu 5) <\/strong><em>Jost Breithaupt, Schulteis alhier; Anna Margretha, Henrich Michels Hausfr: zu Lieschied; Anna Catharina, Joh: Jacobs Beilsteins Hausfr: zu Nochern <\/em>\u2014 <strong>zu 6) <\/strong><em>Joh: Melcher Werner, juvenis von Eschbach; Joh: Georg Michel, juvenis von Nochern; Anna Eva, Henrich Keisers Hausfr: zu Nochern <\/em>\u2014 <strong>zu 7) <\/strong><em>Ambrosi[us] Michel, Johannis Michels sel: zu Nochern nachgelassener Sohn; Phil: Adam Clos zu Marienfels; Anna Elisabeth, M[eiste]r Wilhelm Schreibers sel:, Zimmermans daselbsten, nachgelassene Wittib<\/em><\/span><\/p>\n<hr \/>\n<p style=\"text-align: justify;\"><span style=\"font-family: times new roman, times, serif; font-size: 10pt;\"><span style=\"color: #ff0000;\"><strong><u>B\u00fcff<\/u><\/strong><strong>, Georg Philipp:<\/strong> <\/span>* 25.04.1698 Marienfels (gt. 01.05.); konf. 24.05.1711; bg. 11.05.1732 Marienfels (+ Marienfels); Eltern: Johann Philipp B\u00fcff und Anna Agatha geb. Michel<\/span><\/p>\n<p style=\"text-align: justify;\"><span style=\"font-family: times new roman, times, serif; font-size: 10pt;\"><strong>oo xx.04.1724 Marienfels<\/strong> mit <strong><u>Kl\u00f6ppel<\/u>, <\/strong><strong>Anna Maria:<\/strong> Tochter des Johann Henrich Kl\u00f6ppel, Einwohner zu K\u00f6rdorf und Gerichtsmann zu Seelbach; oo II. 08.10.1733 Marienfels mit Philipp Adam Klos aus Marienfels<\/span><\/p>\n<table>\n<tbody>\n<tr>\n<td style=\"text-align: center;\" width=\"28\"><span style=\"font-family: times new roman, times, serif; font-size: 10pt;\"><strong>Nr.<\/strong><\/span><\/td>\n<td width=\"131\"><span style=\"font-family: times new roman, times, serif; font-size: 10pt;\"><strong>Vorname (normiert)<\/strong><\/span><\/td>\n<td style=\"text-align: center;\" width=\"75\"><span style=\"font-family: times new roman, times, serif; font-size: 10pt;\"><strong>geboren<\/strong><\/span><\/td>\n<td style=\"text-align: center;\" width=\"75\"><span style=\"font-family: times new roman, times, serif; font-size: 10pt;\"><strong>getauft<\/strong><\/span><\/td>\n<td style=\"text-align: center;\" width=\"76\"><span style=\"font-family: times new roman, times, serif; font-size: 10pt;\"><strong>konfirmiert<\/strong><\/span><\/td>\n<td style=\"text-align: center;\" width=\"62\"><span style=\"font-family: times new roman, times, serif; font-size: 10pt;\"><strong>gestorben<\/strong><\/span><\/td>\n<td style=\"text-align: center;\" width=\"75\"><span style=\"font-family: times new roman, times, serif; font-size: 10pt;\"><strong>begraben<\/strong><\/span><\/td>\n<td style=\"text-align: center;\" width=\"43\"><span style=\"font-family: times new roman, times, serif; font-size: 10pt;\"><strong>Alter<\/strong><\/span><\/td>\n<td style=\"text-align: center;\" width=\"39\"><span style=\"font-family: times new roman, times, serif; font-size: 10pt;\"><strong>Stand<\/strong><\/span><\/td>\n<\/tr>\n<tr>\n<td style=\"text-align: center;\" width=\"28\"><span style=\"font-family: times new roman, times, serif; font-size: 10pt;\">1<\/span><\/td>\n<td width=\"131\"><span style=\"font-family: times new roman, times, serif; font-size: 10pt;\">Maria Magdalena<\/span><\/td>\n<td style=\"text-align: center;\" width=\"75\"><span style=\"font-family: times new roman, times, serif; font-size: 10pt;\">17.07.1725<\/span><\/td>\n<td style=\"text-align: center;\" width=\"75\"><span style=\"font-family: times new roman, times, serif; font-size: 10pt;\">19.07.1725<\/span><\/td>\n<td style=\"text-align: center;\" width=\"76\"><\/td>\n<td style=\"text-align: center;\" width=\"62\"><\/td>\n<td style=\"text-align: center;\" width=\"75\"><span style=\"font-family: times new roman, times, serif; font-size: 10pt;\">09.04.1726<\/span><\/td>\n<td style=\"text-align: center;\" width=\"43\"><span style=\"font-family: times new roman, times, serif; font-size: 10pt;\">0,72<\/span><\/td>\n<td style=\"text-align: center;\" width=\"39\"><\/td>\n<\/tr>\n<tr>\n<td style=\"text-align: center;\"><span style=\"font-family: times new roman, times, serif; font-size: 10pt;\">2<\/span><\/td>\n<td><span style=\"font-family: times new roman, times, serif; font-size: 10pt;\">Johann Georg<\/span><\/td>\n<td style=\"text-align: center;\"><span style=\"font-family: times new roman, times, serif; font-size: 10pt;\">16.01.1727<\/span><\/td>\n<td style=\"text-align: center;\"><span style=\"font-family: times new roman, times, serif; font-size: 10pt;\">19.01.1727<\/span><\/td>\n<td style=\"text-align: center;\"><\/td>\n<td style=\"text-align: center;\"><\/td>\n<td style=\"text-align: center;\"><span style=\"font-family: times new roman, times, serif; font-size: 10pt;\">06.03.1733<\/span><\/td>\n<td style=\"text-align: center;\"><span style=\"font-family: times new roman, times, serif; font-size: 10pt;\">6,23<\/span><\/td>\n<td style=\"text-align: center;\"><\/td>\n<\/tr>\n<tr>\n<td style=\"text-align: center;\"><span style=\"font-family: times new roman, times, serif; font-size: 10pt;\">3<\/span><\/td>\n<td><span style=\"font-family: times new roman, times, serif; font-size: 10pt;\">Maria Elisabeth<\/span><\/td>\n<td style=\"text-align: center;\"><span style=\"font-family: times new roman, times, serif; font-size: 10pt;\">28.09.1728<\/span><\/td>\n<td style=\"text-align: center;\"><span style=\"font-family: times new roman, times, serif; font-size: 10pt;\">03.10.1728<\/span><\/td>\n<td style=\"text-align: center;\"><span style=\"font-family: times new roman, times, serif; font-size: 10pt;\">29.04.1742<\/span><\/td>\n<td style=\"text-align: center;\"><\/td>\n<td style=\"text-align: center;\"><\/td>\n<td style=\"text-align: center;\"><\/td>\n<td style=\"text-align: center;\"><\/td>\n<\/tr>\n<tr>\n<td style=\"text-align: center;\"><span style=\"font-family: times new roman, times, serif; font-size: 10pt;\">4<\/span><\/td>\n<td><span style=\"font-family: times new roman, times, serif; font-size: 10pt;\">Johann Philipp<\/span><\/td>\n<td style=\"text-align: center;\"><span style=\"font-family: times new roman, times, serif; font-size: 10pt;\">02.08.1730<\/span><\/td>\n<td style=\"text-align: center;\"><span style=\"font-family: times new roman, times, serif; font-size: 10pt;\">06.08.1730<\/span><\/td>\n<td style=\"text-align: center;\"><\/td>\n<td style=\"text-align: center;\"><\/td>\n<td style=\"text-align: center;\"><span style=\"font-family: times new roman, times, serif; font-size: 10pt;\">02.03.1733<\/span><\/td>\n<td style=\"text-align: center;\"><span style=\"font-family: times new roman, times, serif; font-size: 10pt;\">2,62<\/span><\/td>\n<td style=\"text-align: center;\"><\/td>\n<\/tr>\n<tr>\n<td style=\"text-align: center;\"><span style=\"font-family: times new roman, times, serif; font-size: 10pt;\">5<\/span><\/td>\n<td><span style=\"font-family: times new roman, times, serif; font-size: 10pt;\">Anna Margaretha<\/span><\/td>\n<td style=\"text-align: center;\"><span style=\"font-family: times new roman, times, serif; font-size: 10pt;\">26.02.1732<\/span><\/td>\n<td style=\"text-align: center;\"><span style=\"font-family: times new roman, times, serif; font-size: 10pt;\">29.02.1732<\/span><\/td>\n<td style=\"text-align: center;\"><\/td>\n<td style=\"text-align: center;\"><\/td>\n<td style=\"text-align: center;\"><span style=\"font-family: times new roman, times, serif; font-size: 10pt;\">03.04.1733<\/span><\/td>\n<td style=\"text-align: center;\"><span style=\"font-family: times new roman, times, serif; font-size: 10pt;\">1,12<\/span><\/td>\n<td style=\"text-align: center;\"><\/td>\n<\/tr>\n<\/tbody>\n<\/table>\n<p style=\"text-align: justify;\"><span style=\"font-family: times new roman, times, serif; font-size: 10pt;\"><strong>Paten: zu 1) <\/strong><em>Anna Maria, Johann Melchior Schefers H[aus]fr[au] alhier; und Johann Henrich, Johann Henrich Kl\u00f6ppels eh[licher] Sohn zu K\u00f6rdorff; wie auch Anna Magdalena, Johann Philipps Clo\u00dfen eh[liche] Tochter in der Stegs M\u00fchl <\/em>\u2014 <strong>zu 2) <\/strong><em>Johann Georg Michael, Einwohner zu \u2026; und Anna Barbara, Andreas Michaels H[aus]fr[au] zu Lollschied; wie auch Johann Peter, Johann Philipps B\u00fcffen, Kirchen Senioris alhier, eh[licher] Sohn <\/em>\u2014 <strong>zu 3) <\/strong><em>Anna Elisabeth, Christian Kl\u00fcppels H[aus]fr[au] zu Bremberg; u. Henrich Martin Laux; wie auch Anna Maria, Christoph Schmidt H[aus]fr[au] in der Dicken M\u00fchl <\/em>\u2014 <strong>zu 4) <\/strong><em>Philipps Adam, Johann Philipps Lauxen eh[licher] Sohn; u. Anna Ursula, Johann Nicolaus Lauxen eh[liche] H[aus]fr[au]; wie auch Johann Adam, Johann Philipps B\u00fcffen j\u00fcngster Sohn <\/em>\u2014 <strong>zu 5) <\/strong><em>Anna Ottilia, Johann Henrich Kl\u00f6ppels Tochter von Kirdorff; u. Johann Philipps Maxaner von Kirdorff; u. Anna Margaretha Michelin, Ambrosius Michels Tochter von<\/em><em> Nochern<\/em><\/span><\/p>\n<hr \/>\n<p style=\"text-align: justify;\"><span style=\"font-family: times new roman, times, serif; font-size: 10pt;\"><span style=\"color: #ff0000;\"><strong><u>B\u00fcff<\/u><\/strong><strong>, Johann Peter: <\/strong><\/span>* 28.01.1701 Marienfels (gt. 02.02.); konf. 20.05.1714; Eltern: Johann Philipp B\u00fcff und Anna Agatha geb. Michel<\/span><\/p>\n<p style=\"text-align: justify;\"><span style=\"font-family: times new roman, times, serif; font-size: 10pt;\"><strong>oo 21.10.1727 <\/strong><strong>Marienfels<\/strong> mit <strong><u>St\u00f6tzer<\/u>, Elisabeth Margaretha:<\/strong> * 25.02.1707 Marienfels (gt. 01.03.); konf. 09.04.1719; Eltern: Johann Georg St\u00f6tzer, Hufschmied zu Marienfels, und Anna Magdalena geb. Klos<\/span><\/p>\n<table>\n<tbody>\n<tr>\n<td style=\"text-align: center;\" width=\"28\"><span style=\"font-family: times new roman, times, serif; font-size: 10pt;\"><strong>Nr.<\/strong><\/span><\/td>\n<td width=\"131\"><span style=\"font-family: times new roman, times, serif; font-size: 10pt;\"><strong>Vorname (normiert)<\/strong><\/span><\/td>\n<td style=\"text-align: center;\" width=\"75\"><span style=\"font-family: times new roman, times, serif; font-size: 10pt;\"><strong>geboren<\/strong><\/span><\/td>\n<td style=\"text-align: center;\" width=\"75\"><span style=\"font-family: times new roman, times, serif; font-size: 10pt;\"><strong>getauft<\/strong><\/span><\/td>\n<td style=\"text-align: center;\" width=\"76\"><span style=\"font-family: times new roman, times, serif; font-size: 10pt;\"><strong>konfirmiert<\/strong><\/span><\/td>\n<td style=\"text-align: center;\" width=\"62\"><span style=\"font-family: times new roman, times, serif; font-size: 10pt;\"><strong>gestorben<\/strong><\/span><\/td>\n<td style=\"text-align: center;\" width=\"75\"><span style=\"font-family: times new roman, times, serif; font-size: 10pt;\"><strong>begraben<\/strong><\/span><\/td>\n<td style=\"text-align: center;\" width=\"43\"><span style=\"font-family: times new roman, times, serif; font-size: 10pt;\"><strong>Alter<\/strong><\/span><\/td>\n<td style=\"text-align: center;\" width=\"39\"><span style=\"font-family: times new roman, times, serif; font-size: 10pt;\"><strong>Stand<\/strong><\/span><\/td>\n<\/tr>\n<tr>\n<td style=\"text-align: center;\" width=\"28\"><span style=\"font-family: times new roman, times, serif; font-size: 10pt;\">1<\/span><\/td>\n<td width=\"131\"><span style=\"font-family: times new roman, times, serif; font-size: 10pt;\">Johann Adam<\/span><\/td>\n<td style=\"text-align: center;\" width=\"75\"><span style=\"font-family: times new roman, times, serif; font-size: 10pt;\">23.08.1728<\/span><\/td>\n<td style=\"text-align: center;\" width=\"75\"><span style=\"font-family: times new roman, times, serif; font-size: 10pt;\">24.08.1728<\/span><\/td>\n<td style=\"text-align: center;\" width=\"76\"><span style=\"font-family: times new roman, times, serif; font-size: 10pt;\">29.04.1742<\/span><\/td>\n<td style=\"text-align: center;\" width=\"62\"><\/td>\n<td style=\"text-align: center;\" width=\"75\"><\/td>\n<td style=\"text-align: center;\" width=\"43\"><\/td>\n<td style=\"text-align: center;\" width=\"39\"><\/td>\n<\/tr>\n<tr>\n<td style=\"text-align: center;\"><span style=\"font-family: times new roman, times, serif; font-size: 10pt;\">2<\/span><\/td>\n<td><span style=\"font-family: times new roman, times, serif; font-size: 10pt;\">Anna Maria<\/span><\/td>\n<td style=\"text-align: center;\"><span style=\"font-family: times new roman, times, serif; font-size: 10pt;\">12.02.1730<\/span><\/td>\n<td style=\"text-align: center;\"><span style=\"font-family: times new roman, times, serif; font-size: 10pt;\">14.02.1730<\/span><\/td>\n<td style=\"text-align: center;\"><span style=\"font-family: times new roman, times, serif; font-size: 10pt;\">26.05.1743<\/span><\/td>\n<td style=\"text-align: center;\"><\/td>\n<td style=\"text-align: center;\"><\/td>\n<td style=\"text-align: center;\"><\/td>\n<td style=\"text-align: center;\"><\/td>\n<\/tr>\n<tr>\n<td style=\"text-align: center;\"><span style=\"font-family: times new roman, times, serif; font-size: 10pt;\">3<\/span><\/td>\n<td><span style=\"font-family: times new roman, times, serif; font-size: 10pt;\">Maria Margaretha<\/span><\/td>\n<td style=\"text-align: center;\"><span style=\"font-family: times new roman, times, serif; font-size: 10pt;\">05.04.1734<\/span><\/td>\n<td style=\"text-align: center;\"><span style=\"font-family: times new roman, times, serif; font-size: 10pt;\">06.04.1734<\/span><\/td>\n<td style=\"text-align: center;\"><\/td>\n<td style=\"text-align: center;\"><\/td>\n<td style=\"text-align: center;\"><span style=\"font-family: times new roman, times, serif; font-size: 10pt;\">26.04.1734<\/span><\/td>\n<td style=\"text-align: center;\"><span style=\"font-family: times new roman, times, serif; font-size: 10pt;\">0,06<\/span><\/td>\n<td style=\"text-align: center;\"><\/td>\n<\/tr>\n<tr>\n<td style=\"text-align: center;\"><span style=\"font-family: times new roman, times, serif; font-size: 10pt;\">4<\/span><\/td>\n<td><span style=\"font-family: times new roman, times, serif; font-size: 10pt;\">Anna Elisabeth<\/span><\/td>\n<td style=\"text-align: center;\"><span style=\"font-family: times new roman, times, serif; font-size: 10pt;\">30.03.1743<\/span><\/td>\n<td style=\"text-align: center;\"><span style=\"font-family: times new roman, times, serif; font-size: 10pt;\">31.03.1743<\/span><\/td>\n<td style=\"text-align: center;\"><\/td>\n<td style=\"text-align: center;\"><\/td>\n<td style=\"text-align: center;\"><span style=\"font-family: times new roman, times, serif; font-size: 10pt;\">03.09.1743<\/span><\/td>\n<td style=\"text-align: center;\"><span style=\"font-family: times new roman, times, serif; font-size: 10pt;\">0,44<\/span><\/td>\n<td style=\"text-align: center;\"><\/td>\n<\/tr>\n<\/tbody>\n<\/table>\n<p style=\"text-align: justify;\"><span style=\"font-family: times new roman, times, serif; font-size: 10pt;\"><strong>Paten: zu 1) <\/strong><em>Johann Michael Kei\u00dfer; u. Christina Catharina, Johann Georg St\u00f6tzer eh[liche] hinderlassene Tochter; wie auch Johann Adam, Johann Philipps B\u00fcffen eh[licher] Sohn <\/em>\u2014 <strong>zu 2) <\/strong><em>Anna Magdalena, Philips Emrich G\u00fcthen Wittib; Johann Jost, Johann Anthon Haxels eh[licher] Sohn; u. Anna Maria, Philipps Adam Clo\u00dfen eh[liche] Tochter <\/em>\u2014 <strong>zu 3) <\/strong><em>Maria Margaretha <\/em>[ ]<em> von Nochern <\/em>\u2014 <strong>zu 4) <\/strong><em>Anna Elisabetha, Joh. Mattheus Pfeiffers eh[lich]e Hau\u00dffr[au] zu Marienfel\u00df<\/em><\/span><\/p>\n<hr \/>\n<p><span style=\"font-family: times new roman, times, serif; font-size: 10pt;\"><span style=\"color: #ff0000;\"><strong><u>B\u00fcff<\/u><\/strong><strong>, Johann Adam:<\/strong> <\/span>* 04.06.1711 Marienfels (gt. 07.06.); konf. 16.04.1724; Eltern: Johann Philipp B\u00fcff und Anna Agatha geb. Michel<\/span><\/p>\n<p><span style=\"font-family: times new roman, times, serif; font-size: 10pt;\"><strong>oo<\/strong> mit <strong>Christina<\/strong><\/span><\/p>\n<table style=\"width: 100%; height: 109px;\">\n<tbody>\n<tr style=\"height: 25px;\">\n<td style=\"text-align: center; height: 25px;\" width=\"30\"><span style=\"font-family: times new roman, times, serif; font-size: 10pt;\"><strong>Nr.<\/strong><\/span><\/td>\n<td style=\"height: 25px;\" width=\"136\"><span style=\"font-family: times new roman, times, serif; font-size: 10pt;\"><strong>Vorname (normiert)<\/strong><\/span><\/td>\n<td style=\"height: 25px; text-align: center;\" width=\"76\"><span style=\"font-family: times new roman, times, serif; font-size: 10pt;\"><strong>geboren<\/strong><\/span><\/td>\n<td style=\"height: 25px; text-align: center;\" width=\"76\"><span style=\"font-family: times new roman, times, serif; font-size: 10pt;\"><strong>getauft<\/strong><\/span><\/td>\n<td style=\"height: 25px; text-align: center;\" width=\"69\"><span style=\"font-family: times new roman, times, serif; font-size: 10pt;\"><strong>konfirmiert<\/strong><\/span><\/td>\n<td style=\"height: 25px; text-align: center;\" width=\"68\"><span style=\"font-family: times new roman, times, serif; font-size: 10pt;\"><strong>gestorben<\/strong><\/span><\/td>\n<td style=\"height: 25px; text-align: center;\" width=\"66\"><span style=\"font-family: times new roman, times, serif; font-size: 10pt;\"><strong>begraben<\/strong><\/span><\/td>\n<td style=\"height: 25px; text-align: center;\" width=\"41\"><span style=\"font-family: times new roman, times, serif; font-size: 10pt;\"><strong>Alter<\/strong><\/span><\/td>\n<td style=\"height: 25px; text-align: center;\" width=\"43\"><span style=\"font-family: times new roman, times, serif; font-size: 10pt;\"><strong>Stand<\/strong><\/span><\/td>\n<\/tr>\n<tr style=\"height: 28px;\">\n<td style=\"text-align: center; height: 28px;\" width=\"30\"><span style=\"font-family: times new roman, times, serif; font-size: 10pt;\">1<\/span><\/td>\n<td style=\"height: 28px;\" width=\"136\"><span style=\"font-family: times new roman, times, serif; font-size: 10pt;\">Johannes<\/span><\/td>\n<td style=\"height: 28px; text-align: center;\" width=\"76\"><span style=\"font-family: times new roman, times, serif; font-size: 10pt;\">31.08.1736<\/span><\/td>\n<td style=\"height: 28px; text-align: center;\" width=\"76\"><span style=\"font-family: times new roman, times, serif; font-size: 10pt;\">02.09.1736<\/span><\/td>\n<td style=\"height: 28px; text-align: center;\" width=\"69\"><\/td>\n<td style=\"height: 28px; text-align: center;\" width=\"68\"><\/td>\n<td style=\"height: 28px; text-align: center;\" width=\"66\"><\/td>\n<td style=\"height: 28px; text-align: center;\" width=\"41\"><\/td>\n<td style=\"height: 28px; text-align: center;\" width=\"43\"><\/td>\n<\/tr>\n<tr style=\"height: 28px;\">\n<td style=\"text-align: center; height: 28px;\"><span style=\"font-family: times new roman, times, serif; font-size: 10pt;\">2<\/span><\/td>\n<td style=\"height: 28px;\"><span style=\"font-family: times new roman, times, serif; font-size: 10pt;\">Anna Katharina<\/span><\/td>\n<td style=\"height: 28px; text-align: center;\"><span style=\"font-family: times new roman, times, serif; font-size: 10pt;\">27.09.1739<\/span><\/td>\n<td style=\"height: 28px; text-align: center;\"><span style=\"font-family: times new roman, times, serif; font-size: 10pt;\">27.09.1739<\/span><\/td>\n<td style=\"height: 28px; text-align: center;\"><\/td>\n<td style=\"height: 28px; text-align: center;\"><\/td>\n<td style=\"height: 28px; text-align: center;\"><\/td>\n<td style=\"height: 28px; text-align: center;\"><\/td>\n<td style=\"height: 28px; text-align: center;\"><\/td>\n<\/tr>\n<tr style=\"height: 28px;\">\n<td style=\"text-align: center; height: 28px;\"><span style=\"font-family: times new roman, times, serif; font-size: 10pt;\">3<\/span><\/td>\n<td style=\"height: 28px;\"><span style=\"font-family: times new roman, times, serif; font-size: 10pt;\">Johann Jakob<\/span><\/td>\n<td style=\"height: 28px; text-align: center;\"><span style=\"font-family: times new roman, times, serif; font-size: 10pt;\">28.08.1743<\/span><\/td>\n<td style=\"height: 28px; text-align: center;\"><span style=\"font-family: times new roman, times, serif; font-size: 10pt;\">29.08.1743<\/span><\/td>\n<td style=\"height: 28px; text-align: center;\"><\/td>\n<td style=\"height: 28px; text-align: center;\"><\/td>\n<td style=\"height: 28px; text-align: center;\"><\/td>\n<td style=\"height: 28px; text-align: center;\"><\/td>\n<td style=\"height: 28px; text-align: center;\"><\/td>\n<\/tr>\n<\/tbody>\n<\/table>\n<p style=\"text-align: justify;\"><span style=\"font-family: times new roman, times, serif; font-size: 10pt;\"><strong>Paten: zu 1) <\/strong><em>Johannes, Philipps Eschenauers hinderla\u00dfener Sohn zu Miehlen <\/em>\u2014 <strong>zu 2) <\/strong><em>Anna Catharina, der Mutter Schwester zu Miehlen <\/em>\u2014 <strong>zu 3) <\/strong><em>Herr Johann Melchior B\u00fcff, wohlbestalter Pr\u00e6ceptor der Schuhle zu Nast\u00e4dt<\/em><\/span><\/p>\n<hr \/>\n<p><span style=\"font-size: 10pt; font-family: times new roman, times, serif;\"><strong>Letzte \u00c4nderung: 14. Februar 2024<\/strong><\/span><br \/>\n<span style=\"font-size: 10pt; font-family: times new roman, times, serif;\"><strong>Ralph Jackmuth<\/strong><\/span><\/p>\n<p>&nbsp;<\/p>\n","protected":false},"excerpt":{"rendered":"<p>B\u00fcff, Jost: idsteinisch leibeigen (im Einwohnerverzeichnis 1648 nassau-saarbr\u00fcckisch); ist nach dem Einwohnerverzeichnis 1658 30 Jahre und 1665 40 Jahre alt; Schatzung 1658: 141 fl.; wohl + vor 13.07.1680 oo mit Katharina: ist nach dem Einwohnerverzeichnis 1658 60 Jahre und 1665 65 Jahre alt; wohl als \u201eAnna Magdalena\u201c oo II. 13.07.1680 Marienfels mit Jost B\u00fcff, Schneidergeselle &hellip; <a href=\"https:\/\/www.ahnenforschung-jackmuth.de\/?page_id=11236\" class=\"more-link\"><span class=\"screen-reader-text\">\u201eOFB Marienfels 1648-1746 &#8211; B\u00fcff\u201c<\/span> weiterlesen<\/a><\/p>\n","protected":false},"author":1,"featured_media":0,"parent":0,"menu_order":0,"comment_status":"closed","ping_status":"closed","template":"","meta":{"footnotes":""},"class_list":["post-11236","page","type-page","status-publish","hentry"],"_links":{"self":[{"href":"https:\/\/www.ahnenforschung-jackmuth.de\/index.php?rest_route=\/wp\/v2\/pages\/11236","targetHints":{"allow":["GET"]}}],"collection":[{"href":"https:\/\/www.ahnenforschung-jackmuth.de\/index.php?rest_route=\/wp\/v2\/pages"}],"about":[{"href":"https:\/\/www.ahnenforschung-jackmuth.de\/index.php?rest_route=\/wp\/v2\/types\/page"}],"author":[{"embeddable":true,"href":"https:\/\/www.ahnenforschung-jackmuth.de\/index.php?rest_route=\/wp\/v2\/users\/1"}],"replies":[{"embeddable":true,"href":"https:\/\/www.ahnenforschung-jackmuth.de\/index.php?rest_route=%2Fwp%2Fv2%2Fcomments&post=11236"}],"version-history":[{"count":0,"href":"https:\/\/www.ahnenforschung-jackmuth.de\/index.php?rest_route=\/wp\/v2\/pages\/11236\/revisions"}],"wp:attachment":[{"href":"https:\/\/www.ahnenforschung-jackmuth.de\/index.php?rest_route=%2Fwp%2Fv2%2Fmedia&parent=11236"}],"curies":[{"name":"wp","href":"https:\/\/api.w.org\/{rel}","templated":true}]}}