{"id":11210,"date":"2024-02-14T11:15:24","date_gmt":"2024-02-14T11:15:24","guid":{"rendered":"https:\/\/www.ahnenforschung-jackmuth.de\/?page_id=11210"},"modified":"2024-02-14T11:24:09","modified_gmt":"2024-02-14T11:24:09","slug":"ofb-hunzel-1648-1746-r-z","status":"publish","type":"page","link":"https:\/\/www.ahnenforschung-jackmuth.de\/?page_id=11210","title":{"rendered":"OFB Hunzel 1648-1746 &#8211; R-Z"},"content":{"rendered":"<p><span style=\"font-family: times new roman, times, serif; font-size: 10pt;\"><span style=\"color: #ff0000;\"><strong><a id=\"r...\"><\/a>R&#8230;, Jakob:<\/strong><\/span> er und seine Frau sind zur Zeit Vertriebene (exules) in Hunzel, <em>sonsten seindt sie zu Haus zu Gutenthal <\/em>[?] <em>im Trierischen ohnfern Mont Royal<\/em><\/span><\/p>\n<p><span style=\"font-family: times new roman, times, serif; font-size: 10pt;\"><strong>oo<\/strong> mit <strong>Elisabeth<\/strong><\/span><\/p>\n<table>\n<tbody>\n<tr>\n<td style=\"text-align: center;\" width=\"30\"><span style=\"font-family: times new roman, times, serif; font-size: 10pt;\"><strong>Nr.<\/strong><\/span><\/td>\n<td width=\"135\"><span style=\"font-family: times new roman, times, serif; font-size: 10pt;\"><strong>Vorname (normiert)<\/strong><\/span><\/td>\n<td style=\"text-align: center;\" width=\"76\"><span style=\"font-family: times new roman, times, serif; font-size: 10pt;\"><strong>geboren<\/strong><\/span><\/td>\n<td style=\"text-align: center;\" width=\"76\"><span style=\"font-family: times new roman, times, serif; font-size: 10pt;\"><strong>getauft<\/strong><\/span><\/td>\n<td style=\"text-align: center;\" width=\"69\"><span style=\"font-family: times new roman, times, serif; font-size: 10pt;\"><strong>konfirmiert<\/strong><\/span><\/td>\n<td style=\"text-align: center;\" width=\"68\"><span style=\"font-family: times new roman, times, serif; font-size: 10pt;\"><strong>gestorben<\/strong><\/span><\/td>\n<td style=\"text-align: center;\" width=\"67\"><span style=\"font-family: times new roman, times, serif; font-size: 10pt;\"><strong>begraben<\/strong><\/span><\/td>\n<td style=\"text-align: center;\" width=\"41\"><span style=\"font-family: times new roman, times, serif; font-size: 10pt;\"><strong>Alter<\/strong><\/span><\/td>\n<td style=\"text-align: center;\" width=\"43\"><span style=\"font-family: times new roman, times, serif; font-size: 10pt;\"><strong>Stand<\/strong><\/span><\/td>\n<\/tr>\n<tr>\n<td style=\"text-align: center;\" width=\"30\"><span style=\"font-family: times new roman, times, serif; font-size: 10pt;\">1<\/span><\/td>\n<td width=\"135\"><span style=\"font-family: times new roman, times, serif; font-size: 10pt;\">Johann Wilhelm<\/span><\/td>\n<td style=\"text-align: center;\" width=\"76\"><span style=\"font-family: times new roman, times, serif; font-size: 10pt;\">02.03.1691<\/span><\/td>\n<td style=\"text-align: center;\" width=\"76\"><span style=\"font-family: times new roman, times, serif; font-size: 10pt;\">08.03.1691<\/span><\/td>\n<td style=\"text-align: center;\" width=\"69\"><\/td>\n<td style=\"text-align: center;\" width=\"68\"><\/td>\n<td style=\"text-align: center;\" width=\"67\"><\/td>\n<td style=\"text-align: center;\" width=\"41\"><\/td>\n<td style=\"text-align: center;\" width=\"43\"><\/td>\n<\/tr>\n<\/tbody>\n<\/table>\n<p><span style=\"font-family: times new roman, times, serif; font-size: 10pt;\"><strong>Paten: <\/strong><em>Joh: Adam Retert senior in Huntzel; Anna Gertrud, Philips Z\u00f6llers Hausfr: ibidem; v[nd] M[eiste]r Hans Wilhelm Schreiber, Zimmerman ibidem<\/em><\/span><\/p>\n<hr \/>\n<p style=\"text-align: justify;\"><span style=\"font-family: times new roman, times, serif; font-size: 10pt;\"><span style=\"color: #ff0000;\"><strong><u><a id=\"rauschendorf\"><\/a>Rauschendorf<\/u><\/strong><strong>, Johann Peter:<\/strong> <\/span>umherziehender Zwiebel- und Fisch- [?] H\u00e4ndler von Stieldorf (K\u00f6nigswinter, Rhein-Sieg-Kreis) aus dem Amt Blankenberg (<em>Planckenburg<\/em>); 1680 Viehhirte zu Marienfels, 1711 Beisasse zu Marienfels, 1713-1716 Beisasse zu Hunzel<\/span><\/p>\n<p><span style=\"font-family: times new roman, times, serif; font-size: 10pt;\"><strong>oo I.<\/strong> mit <strong>Anna<\/strong><\/span><\/p>\n<table>\n<tbody>\n<tr>\n<td style=\"text-align: center;\" width=\"30\"><span style=\"font-family: times new roman, times, serif; font-size: 10pt;\"><strong>Nr.<\/strong><\/span><\/td>\n<td width=\"135\"><span style=\"font-family: times new roman, times, serif; font-size: 10pt;\"><strong>Vorname (normiert)<\/strong><\/span><\/td>\n<td style=\"text-align: center;\" width=\"66\"><span style=\"font-family: times new roman, times, serif; font-size: 10pt;\"><strong>geboren<\/strong><\/span><\/td>\n<td style=\"text-align: center;\" width=\"76\"><span style=\"font-family: times new roman, times, serif; font-size: 10pt;\"><strong>getauft<\/strong><\/span><\/td>\n<td style=\"text-align: center;\" width=\"69\"><span style=\"font-family: times new roman, times, serif; font-size: 10pt;\"><strong>konfirmiert<\/strong><\/span><\/td>\n<td style=\"text-align: center;\" width=\"68\"><span style=\"font-family: times new roman, times, serif; font-size: 10pt;\"><strong>gestorben<\/strong><\/span><\/td>\n<td style=\"text-align: center;\" width=\"76\"><span style=\"font-family: times new roman, times, serif; font-size: 10pt;\"><strong>begraben<\/strong><\/span><\/td>\n<td style=\"text-align: center;\" width=\"43\"><span style=\"font-family: times new roman, times, serif; font-size: 10pt;\"><strong>Alter<\/strong><\/span><\/td>\n<td style=\"text-align: center;\" width=\"43\"><span style=\"font-family: times new roman, times, serif; font-size: 10pt;\"><strong>Stand<\/strong><\/span><\/td>\n<\/tr>\n<tr>\n<td style=\"text-align: center;\" width=\"30\"><span style=\"font-family: times new roman, times, serif; font-size: 10pt;\">1<\/span><\/td>\n<td width=\"135\"><span style=\"font-family: times new roman, times, serif; font-size: 10pt;\">Johann Hermann<\/span><\/td>\n<td style=\"text-align: center;\" width=\"66\"><\/td>\n<td style=\"text-align: center;\" width=\"76\"><span style=\"font-family: times new roman, times, serif; font-size: 10pt;\">21.11.1680<\/span><\/td>\n<td style=\"text-align: center;\" width=\"69\"><\/td>\n<td style=\"text-align: center;\" width=\"68\"><\/td>\n<td style=\"text-align: center;\" width=\"76\"><\/td>\n<td style=\"text-align: center;\" width=\"43\"><\/td>\n<td style=\"text-align: center;\" width=\"43\"><\/td>\n<\/tr>\n<tr>\n<td style=\"text-align: center;\" width=\"30\"><span style=\"font-family: times new roman, times, serif; font-size: 10pt;\">2<\/span><\/td>\n<td width=\"135\"><span style=\"font-family: times new roman, times, serif; font-size: 10pt;\">Anna Maria<\/span><\/td>\n<td style=\"text-align: center;\" width=\"66\"><\/td>\n<td style=\"text-align: center;\" width=\"76\"><\/td>\n<td style=\"text-align: center;\" width=\"69\"><\/td>\n<td style=\"text-align: center;\" width=\"68\"><\/td>\n<td style=\"text-align: center;\" width=\"76\"><span style=\"font-family: times new roman, times, serif; font-size: 10pt;\">14.11.1712<\/span><\/td>\n<td style=\"text-align: center;\" width=\"43\"><span style=\"font-family: times new roman, times, serif; font-size: 10pt;\">15<\/span><\/td>\n<td style=\"text-align: center;\" width=\"43\"><\/td>\n<\/tr>\n<\/tbody>\n<\/table>\n<p><span style=\"font-family: times new roman, times, serif; font-size: 10pt;\">Kind Nr. 1) * Marienfels \u2014 Kind Nr. 2) + Hunzel<\/span><\/p>\n<p style=\"text-align: justify;\"><span style=\"font-family: times new roman, times, serif; font-size: 10pt;\"><strong>Paten:<\/strong> <em>Thomas Friderich von Pissigoffen; Herman Schmitt von L\u00fcckershausen; Anna Margretha, Emrich Hollerichs Hausfr[au] von Marienfels; Anna Appolonia, Johann Peter Lauxen Hausfr[au] zu Marienfels<\/em><\/span><\/p>\n<p style=\"text-align: justify;\"><span style=\"font-family: times new roman, times, serif; font-size: 10pt;\"><strong>oo II. 26.06.1707 Marienfels<\/strong> mit <strong><u>Heimann<\/u>, Anna Maria:<\/strong> gt. 03.11.1678 Marienfels (* M\u00fchle Marienfels); konf. 04.04.1697; Eltern: Elias Heimann und Elisabeth Margaretha (s. OFB Berg)<\/span><\/p>\n<table>\n<tbody>\n<tr>\n<td style=\"text-align: center;\" width=\"30\"><span style=\"font-family: times new roman, times, serif; font-size: 10pt;\"><strong>Nr.<\/strong><\/span><\/td>\n<td width=\"137\"><span style=\"font-family: times new roman, times, serif; font-size: 10pt;\"><strong>Vorname (normiert)<\/strong><\/span><\/td>\n<td style=\"text-align: center;\" width=\"76\"><span style=\"font-family: times new roman, times, serif; font-size: 10pt;\"><strong>geboren<\/strong><\/span><\/td>\n<td style=\"text-align: center;\" width=\"76\"><span style=\"font-family: times new roman, times, serif; font-size: 10pt;\"><strong>getauft<\/strong><\/span><\/td>\n<td style=\"text-align: center;\" width=\"69\"><span style=\"font-family: times new roman, times, serif; font-size: 10pt;\"><strong>konfirmiert<\/strong><\/span><\/td>\n<td style=\"text-align: center;\" width=\"68\"><span style=\"font-family: times new roman, times, serif; font-size: 10pt;\"><strong>gestorben<\/strong><\/span><\/td>\n<td style=\"text-align: center;\" width=\"66\"><span style=\"font-family: times new roman, times, serif; font-size: 10pt;\"><strong>begraben<\/strong><\/span><\/td>\n<td style=\"text-align: center;\" width=\"41\"><span style=\"font-family: times new roman, times, serif; font-size: 10pt;\"><strong>Alter<\/strong><\/span><\/td>\n<td style=\"text-align: center;\" width=\"43\"><span style=\"font-family: times new roman, times, serif; font-size: 10pt;\"><strong>Stand<\/strong><\/span><\/td>\n<\/tr>\n<tr>\n<td style=\"text-align: center;\" width=\"30\"><span style=\"font-family: times new roman, times, serif; font-size: 10pt;\">1<\/span><\/td>\n<td width=\"137\"><span style=\"font-family: times new roman, times, serif; font-size: 10pt;\">Anna Magdalena<\/span><\/td>\n<td style=\"text-align: center;\" width=\"76\"><span style=\"font-family: times new roman, times, serif; font-size: 10pt;\">19.07.1711<\/span><\/td>\n<td style=\"text-align: center;\" width=\"76\"><span style=\"font-family: times new roman, times, serif; font-size: 10pt;\">25.07.1711<\/span><\/td>\n<td style=\"text-align: center;\" width=\"69\"><\/td>\n<td style=\"text-align: center;\" width=\"68\"><\/td>\n<td style=\"text-align: center;\" width=\"66\"><span style=\"font-family: times new roman, times, serif; font-size: 10pt;\">01.07.1712<\/span><\/td>\n<td style=\"text-align: center;\" width=\"41\"><span style=\"font-family: times new roman, times, serif; font-size: 10pt;\">0,94<\/span><\/td>\n<td style=\"text-align: center;\" width=\"43\"><\/td>\n<\/tr>\n<tr>\n<td style=\"text-align: center;\" width=\"30\"><span style=\"font-family: times new roman, times, serif; font-size: 10pt;\">2<\/span><\/td>\n<td width=\"137\"><span style=\"font-family: times new roman, times, serif; font-size: 10pt;\">Johann Wilhelm<\/span><\/td>\n<td style=\"text-align: center;\" width=\"76\"><span style=\"font-family: times new roman, times, serif; font-size: 10pt;\">15.05.1713<\/span><\/td>\n<td style=\"text-align: center;\" width=\"76\"><span style=\"font-family: times new roman, times, serif; font-size: 10pt;\">21.05.1713<\/span><\/td>\n<td style=\"text-align: center;\" width=\"69\"><\/td>\n<td style=\"text-align: center;\" width=\"68\"><\/td>\n<td style=\"text-align: center;\" width=\"66\"><\/td>\n<td style=\"text-align: center;\" width=\"41\"><\/td>\n<td style=\"text-align: center;\" width=\"43\"><\/td>\n<\/tr>\n<tr>\n<td style=\"text-align: center;\"><span style=\"font-family: times new roman, times, serif; font-size: 10pt;\">3<\/span><\/td>\n<td><span style=\"font-family: times new roman, times, serif; font-size: 10pt;\">Elisabeth Margaretha<\/span><\/td>\n<td style=\"text-align: center;\"><span style=\"font-family: times new roman, times, serif; font-size: 10pt;\">09.06.1716<\/span><\/td>\n<td style=\"text-align: center;\"><span style=\"font-family: times new roman, times, serif; font-size: 10pt;\">12.06.1716<\/span><\/td>\n<td style=\"text-align: center;\"><\/td>\n<td style=\"text-align: center;\"><\/td>\n<td style=\"text-align: center;\"><\/td>\n<td style=\"text-align: center;\"><\/td>\n<td style=\"text-align: center;\"><\/td>\n<\/tr>\n<\/tbody>\n<\/table>\n<p><span style=\"font-family: times new roman, times, serif; font-size: 10pt;\">Kind Nr. 1) * Marienfels \u2014 Kind Nr. 2) \u2013 3) * Hunzel<\/span><\/p>\n<p style=\"text-align: justify;\"><span style=\"font-family: times new roman, times, serif; font-size: 10pt;\"><strong>Paten: zu 1)<\/strong> <em>Anna Dorothea, Peter Froni, Hoffmans auff dem Arnsteinischen Hoff alhie, seine Hausfrauw; Anna Magdalena, Joh: Adam Gemrichs Hausfr: alhie; Joh: Fridrich Weihert, K\u00fchirt alhie <\/em>\u2014 <strong>zu 2) <\/strong><em>Joh: Wilhelm Retert zu Huntzel; Eva Maria, Henrich Sixten Hausfr: zu Huntzel <\/em>\u2014 <strong>zu 3) <\/strong><em>Maria Margretha, Willhelm Schmidt H[aus]fr[au] zu Huntzel; u. Elisabetha Catharina, Philipps Spitzley ehliche Tochter; und Johann Georg Schaab, Einwohner zu Werlau<\/em><\/span><\/p>\n<hr \/>\n<p><span style=\"font-family: times new roman, times, serif; font-size: 10pt;\"><span style=\"color: #ff0000;\"><strong><u><a id=\"roehrig\"><\/a>R\u00f6hrig<\/u><\/strong><strong>, Johann Peter:<\/strong> <\/span>Sohn des Philipp R\u00f6hrig von Miehlen; konf. 17.04.1729 Marienfels<\/span><\/p>\n<hr \/>\n<p><span style=\"font-family: times new roman, times, serif; font-size: 10pt;\"><span style=\"color: #ff0000;\"><strong><u><a id=\"schaefer\"><\/a>Sch\u00e4fer<\/u><\/strong><strong>, Konrad:<\/strong> <\/span>+ 07.04.1747 Hunzel (bg. 09.04.), 76 Jahre und 14 Tage alt<\/span><\/p>\n<p><span style=\"font-family: times new roman, times, serif; font-size: 10pt;\"><strong>oo <\/strong>mit<strong> Anna Maria:<\/strong> bg. 11.02.1719 Marienfels, 69 \u00bd Jahre alt<\/span><\/p>\n<hr \/>\n<p style=\"text-align: justify;\"><span style=\"font-family: times new roman, times, serif; font-size: 10pt;\"><span style=\"color: #ff0000;\"><strong><u><a id=\"schreiber\"><\/a>Schreiber<\/u><\/strong><strong>, Anna Christina:<\/strong><\/span> Witwe des Adam N. N. von Weisel; leibliche Mutter des Wilhelm Schreiber, Zimmermann in Marienfels; bg. 26.01.1696 Marienfels, 72 Jahre alt<\/span><\/p>\n<hr \/>\n<p style=\"text-align: justify;\"><span style=\"font-family: times new roman, times, serif; font-size: 10pt;\"><span style=\"color: #ff0000;\"><strong><u>Schreiber<\/u><\/strong><strong>, Johann Wilhelm:<\/strong> <\/span>Zimmermann und M\u00fcller; ab 1696 im Marienfels in der M\u00fchle hinter der Kirche, vorher in Hunzel; bg. 13.04.1708 Marienfels, 49 Jahre alt, <em>&#8230; der Kirchen<\/em><\/span><\/p>\n<p><span style=\"font-family: times new roman, times, serif; font-size: 10pt;\"><strong>oo 20.01.1685 Marienfels<\/strong> mit <strong>Anna Elisabeth: <\/strong>bg. 21.04.1730 Marienfels, 72 Jahre und 4 Monate alt<\/span><\/p>\n<table>\n<tbody>\n<tr>\n<td style=\"text-align: center;\" width=\"29\"><span style=\"font-family: times new roman, times, serif; font-size: 10pt;\"><strong>Nr.<\/strong><\/span><\/td>\n<td width=\"133\"><span style=\"font-family: times new roman, times, serif; font-size: 10pt;\"><strong>Vorname (normiert)<\/strong><\/span><\/td>\n<td style=\"text-align: center;\" width=\"75\"><span style=\"font-family: times new roman, times, serif; font-size: 10pt;\"><strong>geboren<\/strong><\/span><\/td>\n<td style=\"text-align: center;\" width=\"75\"><span style=\"font-family: times new roman, times, serif; font-size: 10pt;\"><strong>getauft<\/strong><\/span><\/td>\n<td style=\"text-align: center;\" width=\"69\"><span style=\"font-family: times new roman, times, serif; font-size: 10pt;\"><strong>konfirmiert<\/strong><\/span><\/td>\n<td style=\"text-align: center;\" width=\"64\"><span style=\"font-family: times new roman, times, serif; font-size: 10pt;\"><strong>gestorben<\/strong><\/span><\/td>\n<td style=\"text-align: center;\" width=\"75\"><span style=\"font-family: times new roman, times, serif; font-size: 10pt;\"><strong>begraben<\/strong><\/span><\/td>\n<td style=\"text-align: center;\" width=\"44\"><span style=\"font-family: times new roman, times, serif; font-size: 10pt;\"><strong>Alter<\/strong><\/span><\/td>\n<td style=\"text-align: center;\" width=\"46\"><span style=\"font-family: times new roman, times, serif; font-size: 10pt;\"><strong>Stand<\/strong><\/span><\/td>\n<\/tr>\n<tr>\n<td style=\"text-align: center;\" width=\"29\"><span style=\"font-family: times new roman, times, serif; font-size: 10pt;\">1<\/span><\/td>\n<td width=\"133\"><span style=\"font-family: times new roman, times, serif; font-size: 10pt;\">Maria Elisabeth<\/span><\/td>\n<td style=\"text-align: center;\" width=\"75\"><\/td>\n<td style=\"text-align: center;\" width=\"75\"><span style=\"font-family: times new roman, times, serif; font-size: 10pt;\">07.02.1686<\/span><\/td>\n<td style=\"text-align: center;\" width=\"69\"><\/td>\n<td style=\"text-align: center;\" width=\"64\"><\/td>\n<td style=\"text-align: center;\" width=\"75\"><span style=\"font-family: times new roman, times, serif; font-size: 10pt;\">21.02.1686<\/span><\/td>\n<td style=\"text-align: center;\" width=\"44\"><span style=\"font-family: times new roman, times, serif; font-size: 10pt;\">0,04<\/span><\/td>\n<td style=\"text-align: center;\" width=\"46\"><\/td>\n<\/tr>\n<tr>\n<td style=\"text-align: center;\"><span style=\"font-family: times new roman, times, serif; font-size: 10pt;\">2<\/span><\/td>\n<td><span style=\"font-family: times new roman, times, serif; font-size: 10pt;\">Anna Gertrud<\/span><\/td>\n<td style=\"text-align: center;\"><\/td>\n<td style=\"text-align: center;\"><span style=\"font-family: times new roman, times, serif; font-size: 10pt;\">28.03.1687<\/span><\/td>\n<td style=\"text-align: center;\"><\/td>\n<td style=\"text-align: center;\"><\/td>\n<td style=\"text-align: center;\"><span style=\"font-family: times new roman, times, serif; font-size: 10pt;\">24.05.1688<\/span><\/td>\n<td style=\"text-align: center;\"><span style=\"font-family: times new roman, times, serif; font-size: 10pt;\">1,16<\/span><\/td>\n<td style=\"text-align: center;\"><\/td>\n<\/tr>\n<tr>\n<td style=\"text-align: center;\"><span style=\"font-family: times new roman, times, serif; font-size: 10pt;\">3<\/span><\/td>\n<td><span style=\"font-family: times new roman, times, serif; font-size: 10pt;\">Anna Margaretha<\/span><\/td>\n<td style=\"text-align: center;\"><\/td>\n<td style=\"text-align: center;\"><span style=\"font-family: times new roman, times, serif; font-size: 10pt;\">05.02.1689<\/span><\/td>\n<td style=\"text-align: center;\"><\/td>\n<td style=\"text-align: center;\"><\/td>\n<td style=\"text-align: center;\"><\/td>\n<td style=\"text-align: center;\"><\/td>\n<td style=\"text-align: center;\"><span style=\"font-family: times new roman, times, serif; font-size: 10pt;\">verh.<\/span><\/td>\n<\/tr>\n<tr>\n<td style=\"text-align: center;\"><span style=\"font-family: times new roman, times, serif; font-size: 10pt;\">4<\/span><\/td>\n<td><span style=\"font-family: times new roman, times, serif; font-size: 10pt;\">Philipp Jakob<\/span><\/td>\n<td style=\"text-align: center;\"><span style=\"font-family: times new roman, times, serif; font-size: 10pt;\">25.07.1691<\/span><\/td>\n<td style=\"text-align: center;\"><span style=\"font-family: times new roman, times, serif; font-size: 10pt;\">02.08.1691<\/span><\/td>\n<td style=\"text-align: center;\"><\/td>\n<td style=\"text-align: center;\"><\/td>\n<td style=\"text-align: center;\"><\/td>\n<td style=\"text-align: center;\"><\/td>\n<td style=\"text-align: center;\"><\/td>\n<\/tr>\n<tr>\n<td style=\"text-align: center;\"><span style=\"font-family: times new roman, times, serif; font-size: 10pt;\">5<\/span><\/td>\n<td><span style=\"font-family: times new roman, times, serif; font-size: 10pt;\">Johann Friedrich<\/span><\/td>\n<td style=\"text-align: center;\"><span style=\"font-family: times new roman, times, serif; font-size: 10pt;\">13.01.1696<\/span><\/td>\n<td style=\"text-align: center;\"><span style=\"font-family: times new roman, times, serif; font-size: 10pt;\">19.01.1696<\/span><\/td>\n<td style=\"text-align: center;\"><\/td>\n<td style=\"text-align: center;\"><\/td>\n<td style=\"text-align: center;\"><span style=\"font-family: times new roman, times, serif; font-size: 10pt;\">07.02.1696<\/span><\/td>\n<td style=\"text-align: center;\"><span style=\"font-family: times new roman, times, serif; font-size: 10pt;\">0,05<\/span><\/td>\n<td style=\"text-align: center;\"><\/td>\n<\/tr>\n<tr>\n<td style=\"text-align: center;\"><span style=\"font-family: times new roman, times, serif; font-size: 10pt;\">6<\/span><\/td>\n<td><span style=\"font-family: times new roman, times, serif; font-size: 10pt;\">Anna Maria<\/span><\/td>\n<td style=\"text-align: center;\"><span style=\"font-family: times new roman, times, serif; font-size: 10pt;\">16.08.1697<\/span><\/td>\n<td style=\"text-align: center;\"><span style=\"font-family: times new roman, times, serif; font-size: 10pt;\">22.08.1697<\/span><\/td>\n<td style=\"text-align: center;\"><\/td>\n<td style=\"text-align: center;\"><\/td>\n<td style=\"text-align: center;\"><span style=\"font-family: times new roman, times, serif; font-size: 10pt;\">20.07.1699<\/span><\/td>\n<td style=\"text-align: center;\"><span style=\"font-family: times new roman, times, serif; font-size: 10pt;\">1,91<\/span><\/td>\n<td style=\"text-align: center;\"><\/td>\n<\/tr>\n<tr>\n<td style=\"text-align: center;\"><span style=\"font-family: times new roman, times, serif; font-size: 10pt;\">7<\/span><\/td>\n<td><span style=\"font-family: times new roman, times, serif; font-size: 10pt;\">Johann Peter<\/span><\/td>\n<td style=\"text-align: center;\"><span style=\"font-family: times new roman, times, serif; font-size: 10pt;\">18.12.1702<\/span><\/td>\n<td style=\"text-align: center;\"><span style=\"font-family: times new roman, times, serif; font-size: 10pt;\">26.12.1702<\/span><\/td>\n<td style=\"text-align: center;\"><span style=\"font-family: times new roman, times, serif; font-size: 10pt;\">31.05.1716<\/span><\/td>\n<td style=\"text-align: center;\"><\/td>\n<td style=\"text-align: center;\"><\/td>\n<td style=\"text-align: center;\"><\/td>\n<td style=\"text-align: center;\"><span style=\"font-family: times new roman, times, serif; font-size: 10pt;\">verh.<\/span><\/td>\n<\/tr>\n<\/tbody>\n<\/table>\n<p><span style=\"font-family: times new roman, times, serif; font-size: 10pt;\">Kind Nr. 1) \u2013 4) * Berg \u2014 Kind Nr. 5) \u2013 7) * Marienfels<br \/>\n<\/span><span style=\"font-family: times new roman, times, serif; font-size: 10pt;\">Kind Nr. 3) oo 12.02.1706 Marienfels mit Johann Melchior Gemmerich aus Marienfels<br \/>\n<\/span><span style=\"font-family: times new roman, times, serif; font-size: 10pt;\">Kind Nr. 7) oo 14.05.1726 Marienfels mit Elisabeth Katharina, Tochter des verstorbenen Johann Peter Schmidt<\/span><\/p>\n<p style=\"text-align: justify;\"><span style=\"font-family: times new roman, times, serif; font-size: 10pt;\"><strong>Paten: zu 1) <\/strong><em>Maria Catharina, Asm[us] L\u00fctzelbergers Hausfrauw in der Ehrer M\u00fchl; Anna Elisabetha, Joh: Philips Schmitts Dochter zu Huntzel; Georg Ehrhardt N., Zimmergesell, b\u00fcrtig zu Nastetten; M[eiste]r Anton sel:, auch \u2026 \u2026 Zimmerman daselbsten, ehleiblicher nachgela\u00dfener Sohn; Johan Emrich Schreiber zu R\u00fcdesheim am Rhein <\/em>\u2014 <strong>zu 2) <\/strong><em>Anna, Hans Jacob Vietors von Uelsper <\/em>[Oelsberg, Pfarrei Ruppertshofen]<em> ehliche Hausfrauw; Anna Gertrud, Philips Sixten Hausfr[au] zu Huntzel; Joh: Daniel Pfeiffer, Schulteis zu Huntzel; Joh: D\u00f6nges Heyman zu Huntzel <\/em>\u2014 <strong>zu 3) <\/strong><em>Anna Margretha, Phil. Schmitts Hausfr: ibidem; Anna Gertrud, Philips Z\u00f6llers Hausfr: ibid[em]; Johann Caspar Knecht ibidem <\/em>\u2014 <strong>zu 4) <\/strong><em>Anna Maria, Joh: Michel Reterts Hausfrauw zu Huntzel; Jacob Beilstein von Pfohl <\/em>[Pohl]<em>; Georg Philips Sommer, Johann Georg Sommers von St. Goarshausen ehleiblicher Sohn, ein Zimmergesell <\/em>\u2014 <strong>zu 5) <\/strong>[ ]<em>, H[errn] Godfrid Rothen, Ober Schulteisen zu Miehlen Hausfr:; \u2026 <\/em>[Friedrich]<em> Adam, Pf[a]rr[e]rs Joh: Henrich Ebenauwen zu Marienfels ehleiblicher Sohn; Jost Breithaupt, sarbr\u00fcckischer Schulteis zu Marienfels; Anna Magdalena, Michel Ebelheusers Dochter zu Marienfels <\/em>\u2014 <strong>zu 6) <\/strong><em>Philipps Z\u00f6ller zu Huntzel; Maria Elisabeth, Adam Keisers Dochter zu Marienfels; Anna Ursula, Hans D\u00f6nges Haimans Hausfr: zu Huntzel; Johann D\u00f6nges Sopp von Oberwallmenach <\/em>\u2014 <strong>zu 7) <\/strong><em>Joh: Philips B\u00fcff zu Marienfels; v[nd] Peter Frony, arnsteinischer Hoffman daselbst; Anna Elisabeth, M[eiste]r Leonhard Laux, Schuhmacher daselbst, Hausfr:<\/em><\/span><\/p>\n<hr \/>\n<p><span style=\"font-family: times new roman, times, serif; font-size: 10pt;\"><span style=\"color: #ff0000;\"><strong><u><a id=\"schreiner\"><\/a>Schreiner<\/u><\/strong><strong>, Johann Peter:<\/strong> <\/span>Hirt zu Hunzel<\/span><\/p>\n<p><span style=\"font-family: times new roman, times, serif; font-size: 10pt;\"><strong>oo <\/strong>mit <strong>Anna Katharina<\/strong><\/span><\/p>\n<table>\n<tbody>\n<tr>\n<td style=\"text-align: center;\" width=\"30\"><span style=\"font-family: times new roman, times, serif; font-size: 10pt;\"><strong>Nr.<\/strong><\/span><\/td>\n<td width=\"135\"><span style=\"font-family: times new roman, times, serif; font-size: 10pt;\"><strong>Vorname (normiert)<\/strong><\/span><\/td>\n<td style=\"text-align: center;\" width=\"76\"><span style=\"font-family: times new roman, times, serif; font-size: 10pt;\"><strong>geboren<\/strong><\/span><\/td>\n<td style=\"text-align: center;\" width=\"76\"><span style=\"font-family: times new roman, times, serif; font-size: 10pt;\"><strong>getauft<\/strong><\/span><\/td>\n<td style=\"text-align: center;\" width=\"69\"><span style=\"font-family: times new roman, times, serif; font-size: 10pt;\"><strong>konfirmiert<\/strong><\/span><\/td>\n<td style=\"text-align: center;\" width=\"68\"><span style=\"font-family: times new roman, times, serif; font-size: 10pt;\"><strong>gestorben<\/strong><\/span><\/td>\n<td style=\"text-align: center;\" width=\"67\"><span style=\"font-family: times new roman, times, serif; font-size: 10pt;\"><strong>begraben<\/strong><\/span><\/td>\n<td style=\"text-align: center;\" width=\"41\"><span style=\"font-family: times new roman, times, serif; font-size: 10pt;\"><strong>Alter<\/strong><\/span><\/td>\n<td style=\"text-align: center;\" width=\"43\"><span style=\"font-family: times new roman, times, serif; font-size: 10pt;\"><strong>Stand<\/strong><\/span><\/td>\n<\/tr>\n<tr>\n<td style=\"text-align: center;\" width=\"30\"><span style=\"font-family: times new roman, times, serif; font-size: 10pt;\">1<\/span><\/td>\n<td width=\"135\"><span style=\"font-family: times new roman, times, serif; font-size: 10pt;\">Johann David<\/span><\/td>\n<td style=\"text-align: center;\" width=\"76\"><span style=\"font-family: times new roman, times, serif; font-size: 10pt;\">27.11.1715<\/span><\/td>\n<td style=\"text-align: center;\" width=\"76\"><span style=\"font-family: times new roman, times, serif; font-size: 10pt;\">29.11.1715<\/span><\/td>\n<td style=\"text-align: center;\" width=\"69\"><\/td>\n<td style=\"text-align: center;\" width=\"68\"><\/td>\n<td style=\"text-align: center;\" width=\"67\"><\/td>\n<td style=\"text-align: center;\" width=\"41\"><\/td>\n<td style=\"text-align: center;\" width=\"43\"><\/td>\n<\/tr>\n<tr>\n<td style=\"text-align: center;\"><span style=\"font-family: times new roman, times, serif; font-size: 10pt;\">2<\/span><\/td>\n<td><span style=\"font-family: times new roman, times, serif; font-size: 10pt;\">Johann Wilhelm<\/span><\/td>\n<td style=\"text-align: center;\"><span style=\"font-family: times new roman, times, serif; font-size: 10pt;\">17.10.1717<\/span><\/td>\n<td style=\"text-align: center;\"><span style=\"font-family: times new roman, times, serif; font-size: 10pt;\">19.10.1717<\/span><\/td>\n<td style=\"text-align: center;\"><\/td>\n<td style=\"text-align: center;\"><\/td>\n<td style=\"text-align: center;\"><\/td>\n<td style=\"text-align: center;\"><\/td>\n<td style=\"text-align: center;\"><\/td>\n<\/tr>\n<\/tbody>\n<\/table>\n<p style=\"text-align: justify;\"><span style=\"font-family: times new roman, times, serif; font-size: 10pt;\"><strong>Paten: zu 1) <\/strong><em>Conrad Schefer, Einwohner zu Hunzel; Johann David Hahnewald, Einwohner zu Roth; und Elisabetha Catharina, Fridrich Schmieds H[aus]fr[au] zu Lolschied; u. Elisabetha Margretha, spuria zu Lolschied b\u00fcrtig <\/em>\u2014 <strong>zu 2) <\/strong><em>Johann Philipps, Emrich Reters hind[erlassener] Sohn zu Huntzel; it[em] Johann Willhelm Nagel zu Huntzel; und Anna Catharina, Johann Daniel Haimans zu Huntzel eh[liche] H[aus]fr[au]<\/em><\/span><\/p>\n<hr \/>\n<p><span style=\"font-family: times new roman, times, serif; font-size: 10pt;\"><span style=\"color: #ff0000;\"><strong><u><a id=\"sixt\"><\/a>Sixt<\/u><\/strong><strong>, Johann Philipp: <\/strong><\/span>Sohn des Hans Bernhard Sixt aus Ehr<\/span><\/p>\n<p><span style=\"font-family: times new roman, times, serif; font-size: 10pt;\"><strong>oo 30.11.1686 Marienfels<\/strong> mit <strong><u>Ackermann<\/u>, Anna Gertrud:<\/strong> Eltern: Hans David Ackermann und Anna Apollonia geb. Will<\/span><\/p>\n<table>\n<tbody>\n<tr>\n<td style=\"text-align: center;\" width=\"30\"><span style=\"font-family: times new roman, times, serif; font-size: 10pt;\"><strong>Nr.<\/strong><\/span><\/td>\n<td width=\"137\"><span style=\"font-family: times new roman, times, serif; font-size: 10pt;\"><strong>Vorname (normiert)<\/strong><\/span><\/td>\n<td style=\"text-align: center;\" width=\"76\"><span style=\"font-family: times new roman, times, serif; font-size: 10pt;\"><strong>geboren<\/strong><\/span><\/td>\n<td style=\"text-align: center;\" width=\"76\"><span style=\"font-family: times new roman, times, serif; font-size: 10pt;\"><strong>getauft<\/strong><\/span><\/td>\n<td style=\"text-align: center;\" width=\"69\"><span style=\"font-family: times new roman, times, serif; font-size: 10pt;\"><strong>konfirmiert<\/strong><\/span><\/td>\n<td style=\"text-align: center;\" width=\"68\"><span style=\"font-family: times new roman, times, serif; font-size: 10pt;\"><strong>gestorben<\/strong><\/span><\/td>\n<td style=\"text-align: center;\" width=\"66\"><span style=\"font-family: times new roman, times, serif; font-size: 10pt;\"><strong>begraben<\/strong><\/span><\/td>\n<td style=\"text-align: center;\" width=\"41\"><span style=\"font-family: times new roman, times, serif; font-size: 10pt;\"><strong>Alter<\/strong><\/span><\/td>\n<td style=\"text-align: center;\" width=\"43\"><span style=\"font-family: times new roman, times, serif; font-size: 10pt;\"><strong>Stand<\/strong><\/span><\/td>\n<\/tr>\n<tr>\n<td style=\"text-align: center;\" width=\"30\"><span style=\"font-family: times new roman, times, serif; font-size: 10pt;\">1<\/span><\/td>\n<td width=\"137\"><span style=\"font-family: times new roman, times, serif; font-size: 10pt;\">Johann Peter<\/span><\/td>\n<td style=\"text-align: center;\" width=\"76\"><\/td>\n<td style=\"text-align: center;\" width=\"76\"><span style=\"font-family: times new roman, times, serif; font-size: 10pt;\">03.01.1688<\/span><\/td>\n<td style=\"text-align: center;\" width=\"69\"><\/td>\n<td style=\"text-align: center;\" width=\"68\"><\/td>\n<td style=\"text-align: center;\" width=\"66\"><\/td>\n<td style=\"text-align: center;\" width=\"41\"><\/td>\n<td style=\"text-align: center;\" width=\"43\"><\/td>\n<\/tr>\n<tr>\n<td style=\"text-align: center;\"><span style=\"font-family: times new roman, times, serif; font-size: 10pt;\">2<\/span><\/td>\n<td><span style=\"font-family: times new roman, times, serif; font-size: 10pt;\">Johann Henrich<\/span><\/td>\n<td style=\"text-align: center;\"><\/td>\n<td style=\"text-align: center;\"><span style=\"font-family: times new roman, times, serif; font-size: 10pt;\">04.09.1689<\/span><\/td>\n<td style=\"text-align: center;\"><\/td>\n<td style=\"text-align: center;\"><\/td>\n<td style=\"text-align: center;\"><\/td>\n<td style=\"text-align: center;\"><\/td>\n<td style=\"text-align: center;\"><\/td>\n<\/tr>\n<tr>\n<td style=\"text-align: center;\"><span style=\"font-family: times new roman, times, serif; font-size: 10pt;\">3<\/span><\/td>\n<td><span style=\"font-family: times new roman, times, serif; font-size: 10pt;\">Johann Gerhard<\/span><\/td>\n<td style=\"text-align: center;\"><span style=\"font-family: times new roman, times, serif; font-size: 10pt;\">20.02.1692<\/span><\/td>\n<td style=\"text-align: center;\"><span style=\"font-family: times new roman, times, serif; font-size: 10pt;\">28.02.1692<\/span><\/td>\n<td style=\"text-align: center;\"><\/td>\n<td style=\"text-align: center;\"><\/td>\n<td style=\"text-align: center;\"><\/td>\n<td style=\"text-align: center;\"><\/td>\n<td style=\"text-align: center;\"><\/td>\n<\/tr>\n<tr>\n<td style=\"text-align: center;\"><span style=\"font-family: times new roman, times, serif; font-size: 10pt;\">4<\/span><\/td>\n<td><span style=\"font-family: times new roman, times, serif; font-size: 10pt;\">Anna Elisabeth<\/span><\/td>\n<td style=\"text-align: center;\"><span style=\"font-family: times new roman, times, serif; font-size: 10pt;\">23.01.1694<\/span><\/td>\n<td style=\"text-align: center;\"><span style=\"font-family: times new roman, times, serif; font-size: 10pt;\">25.01.1694<\/span><\/td>\n<td style=\"text-align: center;\"><\/td>\n<td style=\"text-align: center;\"><\/td>\n<td style=\"text-align: center;\"><\/td>\n<td style=\"text-align: center;\"><\/td>\n<td style=\"text-align: center;\"><\/td>\n<\/tr>\n<tr>\n<td style=\"text-align: center;\"><span style=\"font-family: times new roman, times, serif; font-size: 10pt;\">5<\/span><\/td>\n<td><span style=\"font-family: times new roman, times, serif; font-size: 10pt;\">Anna Magdalena<\/span><\/td>\n<td style=\"text-align: center;\"><span style=\"font-family: times new roman, times, serif; font-size: 10pt;\">24.09.1696<\/span><\/td>\n<td style=\"text-align: center;\"><span style=\"font-family: times new roman, times, serif; font-size: 10pt;\">29.09.1696<\/span><\/td>\n<td style=\"text-align: center;\"><\/td>\n<td style=\"text-align: center;\"><\/td>\n<td style=\"text-align: center;\"><\/td>\n<td style=\"text-align: center;\"><\/td>\n<td style=\"text-align: center;\"><\/td>\n<\/tr>\n<\/tbody>\n<\/table>\n<p style=\"text-align: justify;\"><span style=\"font-family: times new roman, times, serif; font-size: 10pt;\"><strong>Paten: zu 1) <\/strong><em>Joh: Peter Sixt, Hans Bernhards Sixten Sohn zu Ehr; Johannes, Henrich Ludwigs Sohn zu Huntzel, Anna Ursula, Johann David Pfeifers Hausfrauw zu Huntzel; Eva Magdalena, Johann Michel Ackermans, itz zu Marienfels, ehliche Hausfrauw <\/em>\u2014 <strong>zu 2) <\/strong><em>Hans D\u00f6nges Sixt zu Ehr; Joh: Henrich, David Ackermans sel: Sohn zu Huntzel; Anna Catharina, Joh: Adam Reterts Hausfrauw ibid[em] <\/em>\u2014 <strong>zu 3) <\/strong><em>Peter Singhoven in der RauschenM\u00fchl; Joh: Gerhard Cuntz zu Ehr; Maria Elisabeth, Peter Pauli Hausfrauw ibidem <\/em>\u2014 <strong>zu 4) <\/strong><em>Anna Elisabeth, Emrich Aulmans sel: Wittib zu Ehr; Anna Maria, Philips Willn Hausfr: ibidem; Adam D\u00f6nges, Hans Davids Ackermans sel: nachgela\u00dfener Sohn von Huntzel <\/em>\u2014 <strong>zu 5) <\/strong><em>Anna Catharina, Henrich Scheffers, Schmitts zu Singhoven Hausfr: Jost Neeff, p[ro] t[empore] Hoffman zu Huntzel; Anna Magdalena, Philips Schmitten Hausfr: ibidem<\/em><\/span><\/p>\n<hr \/>\n<p><span style=\"font-family: times new roman, times, serif; font-size: 10pt;\"><span style=\"color: #ff0000;\"><strong><u>Sixt<\/u><\/strong><strong>, Johann Henrich:<\/strong> <\/span>gt. 21.10.1683 Marienfels (* Ehr); konf. 04.04.1697; bg. Marienfels (* Hunzel); Eltern: Hans D\u00f6nges Sixt und Anna Maria<\/span><\/p>\n<p style=\"text-align: justify;\"><span style=\"font-family: times new roman, times, serif; font-size: 10pt;\"><strong>oo I. 02.09.1710 Marienfels<\/strong> mit <strong><u>Ackermann geb. Hollerich<\/u>, Eva Magdalena:<\/strong> Tochter des Johann Emmerich Hollerich, arnsteinischer Hofmann in Marienfels; oo II. 08.02.1687 Marienfels mit Johann Michel Ackermann<\/span><\/p>\n<table>\n<tbody>\n<tr>\n<td style=\"text-align: center;\" width=\"28\"><span style=\"font-family: times new roman, times, serif; font-size: 10pt;\"><strong>Nr.<\/strong><\/span><\/td>\n<td width=\"124\"><span style=\"font-family: times new roman, times, serif; font-size: 10pt;\"><strong>Vorname (normiert)<\/strong><\/span><\/td>\n<td style=\"text-align: center;\" width=\"75\"><span style=\"font-family: times new roman, times, serif; font-size: 10pt;\"><strong>geboren<\/strong><\/span><\/td>\n<td style=\"text-align: center;\" width=\"75\"><span style=\"font-family: times new roman, times, serif; font-size: 10pt;\"><strong>getauft<\/strong><\/span><\/td>\n<td style=\"text-align: center;\" width=\"76\"><span style=\"font-family: times new roman, times, serif; font-size: 10pt;\"><strong>konfirmiert<\/strong><\/span><\/td>\n<td style=\"text-align: center;\" width=\"62\"><span style=\"font-family: times new roman, times, serif; font-size: 10pt;\"><strong>gestorben<\/strong><\/span><\/td>\n<td style=\"text-align: center;\" width=\"75\"><span style=\"font-family: times new roman, times, serif; font-size: 10pt;\"><strong>begraben<\/strong><\/span><\/td>\n<td style=\"text-align: center;\" width=\"45\"><span style=\"font-family: times new roman, times, serif; font-size: 10pt;\"><strong>Alter<\/strong><\/span><\/td>\n<td style=\"text-align: center;\" width=\"45\"><span style=\"font-family: times new roman, times, serif; font-size: 10pt;\"><strong>Stand<\/strong><\/span><\/td>\n<\/tr>\n<tr>\n<td style=\"text-align: center;\" width=\"28\"><span style=\"font-family: times new roman, times, serif; font-size: 10pt;\">1<\/span><\/td>\n<td width=\"124\"><span style=\"font-family: times new roman, times, serif; font-size: 10pt;\">Johann Jost<\/span><\/td>\n<td style=\"text-align: center;\" width=\"75\"><span style=\"font-family: times new roman, times, serif; font-size: 10pt;\">08.12.1711<\/span><\/td>\n<td style=\"text-align: center;\" width=\"75\"><span style=\"font-family: times new roman, times, serif; font-size: 10pt;\">13.12.1711<\/span><\/td>\n<td style=\"text-align: center;\" width=\"76\"><span style=\"font-family: times new roman, times, serif; font-size: 10pt;\">16.04.1724<\/span><\/td>\n<td style=\"text-align: center;\" width=\"62\"><\/td>\n<td style=\"text-align: center;\" width=\"75\"><span style=\"font-family: times new roman, times, serif; font-size: 10pt;\">13.08.1736<\/span><\/td>\n<td style=\"text-align: center;\" width=\"45\"><span style=\"font-family: times new roman, times, serif; font-size: 10pt;\">24,68<\/span><\/td>\n<td style=\"text-align: center;\" width=\"45\"><span style=\"font-family: times new roman, times, serif; font-size: 10pt;\">ledig<\/span><\/td>\n<\/tr>\n<\/tbody>\n<\/table>\n<p><span style=\"font-family: times new roman, times, serif; font-size: 10pt;\">Kind Nr. 1) gt. in der Kapelle<\/span><\/p>\n<p style=\"text-align: justify;\"><span style=\"font-family: times new roman, times, serif; font-size: 10pt;\"><strong>Paten: <\/strong><em>Joh: Adam Fridrich in der Ehrer M\u00fchl; Jost Peter Sixt, juvenis, Hans D\u00f6nges Sixten sel: nachgelassener Sohn; Anna Catharina, Wilhelm Reterts Hausfr: zu Huntzel<\/em><\/span><\/p>\n<p style=\"text-align: justify;\"><span style=\"font-family: times new roman, times, serif; font-size: 10pt;\"><strong>oo II. 30.10.1714 Marienfels<\/strong> mit <strong><u>Knecht<\/u>, Maria Elisabeth:<\/strong> + 29.10.1758 Hunzel an der Brustkrankheit, 71 Jahre weniger 14 Tage alt (bg. 31.10.); Eltern: Johann Kaspar Knecht und Anna Margaretha geb. Laux; hat 1710 illeg. Kind Maria Magdalena (s. u. Knecht)<\/span><\/p>\n<table>\n<tbody>\n<tr>\n<td style=\"text-align: center;\" width=\"27\"><span style=\"font-family: times new roman, times, serif; font-size: 10pt;\"><strong>Nr.<\/strong><\/span><\/td>\n<td width=\"128\"><span style=\"font-family: times new roman, times, serif; font-size: 10pt;\"><strong>Vorname (normiert)<\/strong><\/span><\/td>\n<td style=\"text-align: center;\" width=\"74\"><span style=\"font-family: times new roman, times, serif; font-size: 10pt;\"><strong>geboren<\/strong><\/span><\/td>\n<td style=\"text-align: center;\" width=\"74\"><span style=\"font-family: times new roman, times, serif; font-size: 10pt;\"><strong>getauft<\/strong><\/span><\/td>\n<td style=\"text-align: center;\" width=\"76\"><span style=\"font-family: times new roman, times, serif; font-size: 10pt;\"><strong>konfirmiert<\/strong><\/span><\/td>\n<td style=\"text-align: center;\" width=\"60\"><span style=\"font-family: times new roman, times, serif; font-size: 10pt;\"><strong>gestorben<\/strong><\/span><\/td>\n<td style=\"text-align: center;\" width=\"74\"><span style=\"font-family: times new roman, times, serif; font-size: 10pt;\"><strong>begraben<\/strong><\/span><\/td>\n<td style=\"text-align: center;\" width=\"44\"><span style=\"font-family: times new roman, times, serif; font-size: 10pt;\"><strong>Alter<\/strong><\/span><\/td>\n<td style=\"text-align: center;\" width=\"45\"><span style=\"font-family: times new roman, times, serif; font-size: 10pt;\"><strong>Stand<\/strong><\/span><\/td>\n<\/tr>\n<tr>\n<td style=\"text-align: center;\" width=\"27\"><span style=\"font-family: times new roman, times, serif; font-size: 10pt;\">1<\/span><\/td>\n<td width=\"128\"><span style=\"font-family: times new roman, times, serif; font-size: 10pt;\">Anna Maria<\/span><\/td>\n<td style=\"text-align: center;\" width=\"74\"><span style=\"font-family: times new roman, times, serif; font-size: 10pt;\">16.11.1715<\/span><\/td>\n<td style=\"text-align: center;\" width=\"74\"><span style=\"font-family: times new roman, times, serif; font-size: 10pt;\">19.11.1715<\/span><\/td>\n<td style=\"text-align: center;\" width=\"76\"><span style=\"font-family: times new roman, times, serif; font-size: 10pt;\">17.04.1729<\/span><\/td>\n<td style=\"text-align: center;\" width=\"60\"><\/td>\n<td style=\"text-align: center;\" width=\"74\"><\/td>\n<td style=\"text-align: center;\" width=\"44\"><\/td>\n<td style=\"text-align: center;\" width=\"45\"><span style=\"font-family: times new roman, times, serif; font-size: 10pt;\">verh.<\/span><\/td>\n<\/tr>\n<tr>\n<td style=\"text-align: center;\"><span style=\"font-family: times new roman, times, serif; font-size: 10pt;\">2<\/span><\/td>\n<td><span style=\"font-family: times new roman, times, serif; font-size: 10pt;\">Johann Wilhelm<\/span><\/td>\n<td style=\"text-align: center;\"><span style=\"font-family: times new roman, times, serif; font-size: 10pt;\">07.03.1718<\/span><\/td>\n<td style=\"text-align: center;\"><span style=\"font-family: times new roman, times, serif; font-size: 10pt;\">10.03.1718<\/span><\/td>\n<td style=\"text-align: center;\"><\/td>\n<td style=\"text-align: center;\"><\/td>\n<td style=\"text-align: center;\"><span style=\"font-family: times new roman, times, serif; font-size: 10pt;\">23.03.1721<\/span><\/td>\n<td style=\"text-align: center;\"><span style=\"font-family: times new roman, times, serif; font-size: 10pt;\">3,04<\/span><\/td>\n<td style=\"text-align: center;\"><\/td>\n<\/tr>\n<tr>\n<td style=\"text-align: center;\"><span style=\"font-family: times new roman, times, serif; font-size: 10pt;\">3<\/span><\/td>\n<td><span style=\"font-family: times new roman, times, serif; font-size: 10pt;\">Elisabeth Margaretha<\/span><\/td>\n<td style=\"text-align: center;\"><span style=\"font-family: times new roman, times, serif; font-size: 10pt;\">15.03.1721<\/span><\/td>\n<td style=\"text-align: center;\"><span style=\"font-family: times new roman, times, serif; font-size: 10pt;\">17.03.1721<\/span><\/td>\n<td style=\"text-align: center;\"><span style=\"font-family: times new roman, times, serif; font-size: 10pt;\">24.05.1733<\/span><\/td>\n<td style=\"text-align: center;\"><\/td>\n<td style=\"text-align: center;\"><span style=\"font-family: times new roman, times, serif; font-size: 10pt;\">27.12.1743<\/span><\/td>\n<td style=\"text-align: center;\"><span style=\"font-family: times new roman, times, serif; font-size: 10pt;\">22,79<\/span><\/td>\n<td style=\"text-align: center;\"><span style=\"font-family: times new roman, times, serif; font-size: 10pt;\">verh.<\/span><\/td>\n<\/tr>\n<tr>\n<td style=\"text-align: center;\"><span style=\"font-family: times new roman, times, serif; font-size: 10pt;\">4<\/span><\/td>\n<td><span style=\"font-family: times new roman, times, serif; font-size: 10pt;\">Johann Philipp<\/span><\/td>\n<td style=\"text-align: center;\"><span style=\"font-family: times new roman, times, serif; font-size: 10pt;\">02.12.1723<\/span><\/td>\n<td style=\"text-align: center;\"><span style=\"font-family: times new roman, times, serif; font-size: 10pt;\">04.12.1723<\/span><\/td>\n<td style=\"text-align: center;\"><\/td>\n<td style=\"text-align: center;\"><\/td>\n<td style=\"text-align: center;\"><span style=\"font-family: times new roman, times, serif; font-size: 10pt;\">10.04.1726<\/span><\/td>\n<td style=\"text-align: center;\"><span style=\"font-family: times new roman, times, serif; font-size: 10pt;\">2,35<\/span><\/td>\n<td style=\"text-align: center;\"><\/td>\n<\/tr>\n<tr>\n<td style=\"text-align: center;\"><span style=\"font-family: times new roman, times, serif; font-size: 10pt;\">5<\/span><\/td>\n<td><span style=\"font-family: times new roman, times, serif; font-size: 10pt;\">Johann Michael<\/span><\/td>\n<td style=\"text-align: center;\"><span style=\"font-family: times new roman, times, serif; font-size: 10pt;\">11.01.1727<\/span><\/td>\n<td style=\"text-align: center;\"><span style=\"font-family: times new roman, times, serif; font-size: 10pt;\">15.01.1727<\/span><\/td>\n<td style=\"text-align: center;\"><span style=\"font-family: times new roman, times, serif; font-size: 10pt;\">24.04.1740<\/span><\/td>\n<td style=\"text-align: center;\"><\/td>\n<td style=\"text-align: center;\"><\/td>\n<td style=\"text-align: center;\"><\/td>\n<td style=\"text-align: center;\"><\/td>\n<\/tr>\n<tr>\n<td style=\"text-align: center;\"><span style=\"font-family: times new roman, times, serif; font-size: 10pt;\">6<\/span><\/td>\n<td><span style=\"font-family: times new roman, times, serif; font-size: 10pt;\">Johann Philipp<\/span><\/td>\n<td style=\"text-align: center;\"><span style=\"font-family: times new roman, times, serif; font-size: 10pt;\">05.05.1730<\/span><\/td>\n<td style=\"text-align: center;\"><span style=\"font-family: times new roman, times, serif; font-size: 10pt;\">07.05.1730<\/span><\/td>\n<td style=\"text-align: center;\"><span style=\"font-family: times new roman, times, serif; font-size: 10pt;\">12.04.1744<\/span><\/td>\n<td style=\"text-align: center;\"><\/td>\n<td style=\"text-align: center;\"><\/td>\n<td style=\"text-align: center;\"><\/td>\n<td style=\"text-align: center;\"><\/td>\n<\/tr>\n<\/tbody>\n<\/table>\n<p style=\"text-align: justify;\"><span style=\"font-family: times new roman, times, serif; font-size: 10pt;\">Kind Nr. 1) oo I. 08.01.1737 Marienfels mit Johann Jost, j\u00fcngster Sohn des verst. Gabriel Thomas zu Berg; oo II. 24.11.1744 Marienfels mit Johann Jost, Sohn des verst. Johann Matth\u00e4us Wendenius zu Berg<br \/>\n<\/span><span style=\"font-family: times new roman, times, serif; font-size: 10pt;\">Kind Nr. 3) oo 03.12.1743 Marienfels mit Anton Thomas, Witwer zu Berg<br \/>\n<\/span><\/p>\n<p style=\"text-align: justify;\"><span style=\"font-family: times new roman, times, serif; font-size: 10pt;\"><strong>Paten: zu 1) <\/strong><em>Maria Catharina, Gotfried Heintzen H[aus]fr[au] zu Oberbachheim; Anna Catharina, Johann Adam Reterts hinderla\u00dfene Tochter zu Huntzel; u. Johann Adam Schmied, Einwohner zu Ehr; u. Philipps Ca\u00dfpar, Johann Adam Keisers Sohn zu Marienfel\u00df <\/em>\u2014 <strong>zu 2) <\/strong><em>Johann Willhelm, Philipps W\u00fcllen Sohn von Aehr; Johann Gerhard <\/em>[ ]<em> von Retert; und Anna Catharina, Philipps Peters Ludwigs H[aus]fr[au] von Oberbachheim <\/em>\u2014 <strong>zu 3) <\/strong><em>Elisabetha Christina, Johann Adam Bauers H[aus]fr[au] zu Huntzel; u. Anna Margaretha, Philipps W\u00fcllen Tochter zu Ehr; wie auch Johann Peter, Leonhardt Lauxen hinderla\u00dfener Sohn zu Marienfel\u00df <\/em>\u2014 <strong>zu 4) <\/strong><em>Johann Philipps Laux; u. Johann Matthes Knecht; wie auch Maria Catharina, Willhelm Nagels Tochter zu Huntzel <\/em>\u2014 <strong>zu 5) <\/strong><em>Johann Emrich, Ca\u00dfpar Knechts hinderla\u00dfener Sohn zu Huntzel; und Anna Ursula, Johann Nicol Lauxen H[aus]fr[au] zu Huntzel; wie auch Johann Michael, Johann Philipps Reterts, gewesenen Kirchen Senior zu Huntzel, nachgel[assener] eh[licher] Sohn <\/em>\u2014 <strong>zu 6) <\/strong><em>Johann Willhelm Schmid; Elisabetha Catharina, Johann Adam Knechts H[aus]fr[au], M\u00fcller auf der D\u00fcrstbach; Johann Philipps Ludwig<\/em><\/span><\/p>\n<hr \/>\n<p style=\"text-align: justify;\"><span style=\"font-family: times new roman, times, serif; font-size: 10pt;\"><span style=\"color: #ff0000;\"><strong><u><a id=\"thomas\"><\/a>Thomas<\/u><\/strong><strong>, Johann Jost: <\/strong><\/span>* 22.06.1709 Berg (gt. 29.06.); konf. 16.04.1724; bg. 08.01.1743 (+ Hunzel); Eltern: Johann Gabriel Thomas und Anna Katharina geb. R\u00f6rich zu Berg<\/span><\/p>\n<p><span style=\"font-family: times new roman, times, serif; font-size: 10pt;\"><strong>oo 08.01.1737 Marienfels<\/strong> mit <strong><u>Sixt<\/u>, Anna Maria:<\/strong> 16.11.1715 Hunzel (gt. 19.11.); konf. 17.04.1729; Johann Henrich Sixt und Maria Elisabeth geb. Knecht<\/span><\/p>\n<table>\n<tbody>\n<tr>\n<td style=\"text-align: center;\" width=\"30\"><span style=\"font-family: times new roman, times, serif; font-size: 10pt;\"><strong>Nr.<\/strong><\/span><\/td>\n<td width=\"137\"><span style=\"font-family: times new roman, times, serif; font-size: 10pt;\"><strong>Vorname (normiert)<\/strong><\/span><\/td>\n<td style=\"text-align: center;\" width=\"76\"><span style=\"font-family: times new roman, times, serif; font-size: 10pt;\"><strong>geboren<\/strong><\/span><\/td>\n<td style=\"text-align: center;\" width=\"76\"><span style=\"font-family: times new roman, times, serif; font-size: 10pt;\"><strong>getauft<\/strong><\/span><\/td>\n<td style=\"text-align: center;\" width=\"69\"><span style=\"font-family: times new roman, times, serif; font-size: 10pt;\"><strong>konfirmiert<\/strong><\/span><\/td>\n<td style=\"text-align: center;\" width=\"68\"><span style=\"font-family: times new roman, times, serif; font-size: 10pt;\"><strong>gestorben<\/strong><\/span><\/td>\n<td style=\"text-align: center;\" width=\"66\"><span style=\"font-family: times new roman, times, serif; font-size: 10pt;\"><strong>begraben<\/strong><\/span><\/td>\n<td style=\"text-align: center;\" width=\"41\"><span style=\"font-family: times new roman, times, serif; font-size: 10pt;\"><strong>Alter<\/strong><\/span><\/td>\n<td style=\"text-align: center;\" width=\"43\"><span style=\"font-family: times new roman, times, serif; font-size: 10pt;\"><strong>Stand<\/strong><\/span><\/td>\n<\/tr>\n<tr>\n<td style=\"text-align: center;\" width=\"30\"><span style=\"font-family: times new roman, times, serif; font-size: 10pt;\">1<\/span><\/td>\n<td width=\"137\"><span style=\"font-family: times new roman, times, serif; font-size: 10pt;\">Maria Elisabeth<\/span><\/td>\n<td style=\"text-align: center;\" width=\"76\"><span style=\"font-family: times new roman, times, serif; font-size: 10pt;\">03.10.1737<\/span><\/td>\n<td style=\"text-align: center;\" width=\"76\"><span style=\"font-family: times new roman, times, serif; font-size: 10pt;\">06.10.1737<\/span><\/td>\n<td style=\"text-align: center;\" width=\"69\"><\/td>\n<td style=\"text-align: center;\" width=\"68\"><\/td>\n<td style=\"text-align: center;\" width=\"66\"><\/td>\n<td style=\"text-align: center;\" width=\"41\"><\/td>\n<td style=\"text-align: center;\" width=\"43\"><\/td>\n<\/tr>\n<tr>\n<td style=\"text-align: center;\"><span style=\"font-family: times new roman, times, serif; font-size: 10pt;\">2<\/span><\/td>\n<td><span style=\"font-family: times new roman, times, serif; font-size: 10pt;\">Elisabeth Margaretha<\/span><\/td>\n<td style=\"text-align: center;\"><span style=\"font-family: times new roman, times, serif; font-size: 10pt;\">26.09.1741<\/span><\/td>\n<td style=\"text-align: center;\"><span style=\"font-family: times new roman, times, serif; font-size: 10pt;\">29.09.1741<\/span><\/td>\n<td style=\"text-align: center;\"><\/td>\n<td style=\"text-align: center;\"><\/td>\n<td style=\"text-align: center;\"><\/td>\n<td style=\"text-align: center;\"><\/td>\n<td style=\"text-align: center;\"><\/td>\n<\/tr>\n<tr>\n<td style=\"text-align: center;\"><span style=\"font-family: times new roman, times, serif; font-size: 10pt;\">3<\/span><\/td>\n<td><span style=\"font-family: times new roman, times, serif; font-size: 10pt;\">Johann Wilhelm<\/span><\/td>\n<td style=\"text-align: center;\"><span style=\"font-family: times new roman, times, serif; font-size: 10pt;\">01.12.1741<\/span><\/td>\n<td style=\"text-align: center;\"><span style=\"font-family: times new roman, times, serif; font-size: 10pt;\">03.12.1741<\/span><\/td>\n<td style=\"text-align: center;\"><\/td>\n<td style=\"text-align: center;\"><\/td>\n<td style=\"text-align: center;\"><\/td>\n<td style=\"text-align: center;\"><\/td>\n<td style=\"text-align: center;\"><\/td>\n<\/tr>\n<tr>\n<td style=\"text-align: center;\"><span style=\"font-family: times new roman, times, serif; font-size: 10pt;\">4<\/span><\/td>\n<td><span style=\"font-family: times new roman, times, serif; font-size: 10pt;\">Johann Henrich<\/span><\/td>\n<td style=\"text-align: center;\"><span style=\"font-family: times new roman, times, serif; font-size: 10pt;\">04.12.1743<\/span><\/td>\n<td style=\"text-align: center;\"><span style=\"font-family: times new roman, times, serif; font-size: 10pt;\">05.12.1743<\/span><\/td>\n<td style=\"text-align: center;\"><\/td>\n<td style=\"text-align: center;\"><\/td>\n<td style=\"text-align: center;\"><\/td>\n<td style=\"text-align: center;\"><\/td>\n<td style=\"text-align: center;\"><\/td>\n<\/tr>\n<tr>\n<td style=\"text-align: center;\"><span style=\"font-family: times new roman, times, serif; font-size: 10pt;\">5<\/span><\/td>\n<td><span style=\"font-family: times new roman, times, serif; font-size: 10pt;\">Maria Margaretha<\/span><\/td>\n<td style=\"text-align: center;\"><span style=\"font-family: times new roman, times, serif; font-size: 10pt;\">29.04.1746<\/span><\/td>\n<td style=\"text-align: center;\"><span style=\"font-family: times new roman, times, serif; font-size: 10pt;\">29.04.1746<\/span><\/td>\n<td style=\"text-align: center;\"><\/td>\n<td style=\"text-align: center;\"><\/td>\n<td style=\"text-align: center;\"><\/td>\n<td style=\"text-align: center;\"><\/td>\n<td style=\"text-align: center;\"><\/td>\n<\/tr>\n<\/tbody>\n<\/table>\n<p><span style=\"font-family: times new roman, times, serif; font-size: 10pt;\">Kind Nr. 1) * Berg<br \/>\n<\/span><span style=\"font-family: times new roman, times, serif; font-size: 10pt;\">Kind Nr. 2) \u2013 5) * Hunzel<\/span><\/p>\n<p style=\"text-align: justify;\"><span style=\"font-family: times new roman, times, serif; font-size: 10pt;\"><strong>Paten: zu 1) <\/strong><em>Maria Elisabeth, Heintzen Thochter von Oberbachheim <\/em>\u2014 <strong>zu 2) <\/strong><em>Elisabetha Margaretha, Johann Henrich Sixten zu Huntzel nachgelassene eh[lich]e Tochter <\/em>\u2014 <strong>zu 3) <\/strong><em>Johann Willhem Heyman von Berg <\/em>\u2014 <strong>zu 4) <\/strong><em>Johann Henrich Retert von Marienfel\u00df <\/em>\u2014 <strong>zu 5) <\/strong><em>Maria Margaretha, Johann Paul Clo\u00dfen von Berg eh[lich]e Hau\u00dffrau<\/em><\/span><\/p>\n<hr \/>\n<p><span style=\"font-family: times new roman, times, serif; font-size: 10pt;\"><span style=\"color: #ff0000;\"><strong><u><a id=\"wagner\"><\/a>Wagner<\/u><\/strong><strong>, Konrad:<\/strong> <\/span>Sohn des verst. Valentin Wagner aus Miehlen; hat evtl. einen Bruder Johann Melchior Wagner in Oberwies<\/span><\/p>\n<p><span style=\"font-family: times new roman, times, serif; font-size: 10pt;\"><strong>oo 24.06.1695 Hunzel (Kapelle)<\/strong> mit <strong><em><u>Dahmen<\/u><\/em> [?], Katharina:<\/strong> Tochter des Christophel <em>Dahmen<\/em> [?] aus Rettert<\/span><\/p>\n<hr \/>\n<p><span style=\"font-family: times new roman, times, serif; font-size: 10pt;\"><span style=\"color: #ff0000;\"><strong><u>Wagner<\/u><\/strong><strong>, Anna Christina:<\/strong> <\/span>Witwe des Johannes Wagner aus Miehlen; + Hunzel; bg. 05.02.1702 Marienfels, 65 Jahre alt<\/span><\/p>\n<table>\n<tbody>\n<tr>\n<td style=\"text-align: center;\" width=\"29\"><span style=\"font-family: times new roman, times, serif; font-size: 10pt;\"><strong>Nr.<\/strong><\/span><\/td>\n<td width=\"134\"><span style=\"font-family: times new roman, times, serif; font-size: 10pt;\"><strong>Vorname (normiert)<\/strong><\/span><\/td>\n<td style=\"text-align: center;\" width=\"76\"><span style=\"font-family: times new roman, times, serif; font-size: 10pt;\"><strong>geboren<\/strong><\/span><\/td>\n<td style=\"text-align: center;\" width=\"76\"><span style=\"font-family: times new roman, times, serif; font-size: 10pt;\"><strong>getauft<\/strong><\/span><\/td>\n<td style=\"text-align: center;\" width=\"69\"><span style=\"font-family: times new roman, times, serif; font-size: 10pt;\"><strong>konfirmiert<\/strong><\/span><\/td>\n<td style=\"text-align: center;\" width=\"65\"><span style=\"font-family: times new roman, times, serif; font-size: 10pt;\"><strong>gestorben<\/strong><\/span><\/td>\n<td style=\"text-align: center;\" width=\"76\"><span style=\"font-family: times new roman, times, serif; font-size: 10pt;\"><strong>begraben<\/strong><\/span><\/td>\n<td style=\"text-align: center;\" width=\"44\"><span style=\"font-family: times new roman, times, serif; font-size: 10pt;\"><strong>Alter<\/strong><\/span><\/td>\n<td width=\"41\"><span style=\"font-family: times new roman, times, serif; font-size: 10pt;\"><strong>Stand<\/strong><\/span><\/td>\n<\/tr>\n<tr>\n<td style=\"text-align: center;\" width=\"29\"><span style=\"font-family: times new roman, times, serif; font-size: 10pt;\">1<\/span><\/td>\n<td width=\"134\"><span style=\"font-family: times new roman, times, serif; font-size: 10pt;\">Johannes<\/span><\/td>\n<td style=\"text-align: center;\" width=\"76\"><span style=\"font-family: times new roman, times, serif; font-size: 10pt;\">25.03.1696<\/span><\/td>\n<td style=\"text-align: center;\" width=\"76\"><span style=\"font-family: times new roman, times, serif; font-size: 10pt;\">29.03.1696<\/span><\/td>\n<td style=\"text-align: center;\" width=\"69\"><\/td>\n<td style=\"text-align: center;\" width=\"65\"><\/td>\n<td style=\"text-align: center;\" width=\"76\"><span style=\"font-family: times new roman, times, serif; font-size: 10pt;\">06.09.1696<\/span><\/td>\n<td style=\"text-align: center;\" width=\"44\"><span style=\"font-family: times new roman, times, serif; font-size: 10pt;\">0,44<\/span><\/td>\n<td width=\"41\"><\/td>\n<\/tr>\n<tr>\n<td style=\"text-align: center;\"><span style=\"font-family: times new roman, times, serif; font-size: 10pt;\">2<\/span><\/td>\n<td><span style=\"font-family: times new roman, times, serif; font-size: 10pt;\">Anna Maria<\/span><\/td>\n<td style=\"text-align: center;\"><span style=\"font-family: times new roman, times, serif; font-size: 10pt;\">27.09.1697<\/span><\/td>\n<td style=\"text-align: center;\"><span style=\"font-family: times new roman, times, serif; font-size: 10pt;\">03.10.1697<\/span><\/td>\n<td style=\"text-align: center;\"><\/td>\n<td style=\"text-align: center;\"><\/td>\n<td style=\"text-align: center;\"><\/td>\n<td style=\"text-align: center;\"><\/td>\n<td><\/td>\n<\/tr>\n<tr>\n<td style=\"text-align: center;\"><span style=\"font-family: times new roman, times, serif; font-size: 10pt;\">3<\/span><\/td>\n<td><span style=\"font-family: times new roman, times, serif; font-size: 10pt;\">Johann Emmerich<\/span><\/td>\n<td style=\"text-align: center;\"><span style=\"font-family: times new roman, times, serif; font-size: 10pt;\">07.01.1700<\/span><\/td>\n<td style=\"text-align: center;\"><span style=\"font-family: times new roman, times, serif; font-size: 10pt;\">12.01.1700<\/span><\/td>\n<td style=\"text-align: center;\"><\/td>\n<td style=\"text-align: center;\"><\/td>\n<td style=\"text-align: center;\"><span style=\"font-family: times new roman, times, serif; font-size: 10pt;\">20.01.1700<\/span><\/td>\n<td style=\"text-align: center;\"><span style=\"font-family: times new roman, times, serif; font-size: 10pt;\">0,02<\/span><\/td>\n<td><\/td>\n<\/tr>\n<tr>\n<td style=\"text-align: center;\"><span style=\"font-family: times new roman, times, serif; font-size: 10pt;\">4<\/span><\/td>\n<td><span style=\"font-family: times new roman, times, serif; font-size: 10pt;\">Philipp Henrich<\/span><\/td>\n<td style=\"text-align: center;\"><span style=\"font-family: times new roman, times, serif; font-size: 10pt;\">08.01.1701<\/span><\/td>\n<td style=\"text-align: center;\"><span style=\"font-family: times new roman, times, serif; font-size: 10pt;\">12.01.1701<\/span><\/td>\n<td style=\"text-align: center;\"><\/td>\n<td style=\"text-align: center;\"><\/td>\n<td style=\"text-align: center;\"><\/td>\n<td style=\"text-align: center;\"><\/td>\n<td><\/td>\n<\/tr>\n<tr>\n<td style=\"text-align: center;\"><span style=\"font-family: times new roman, times, serif; font-size: 10pt;\">5<\/span><\/td>\n<td><span style=\"font-family: times new roman, times, serif; font-size: 10pt;\">Johann Konrad<\/span><\/td>\n<td style=\"text-align: center;\"><span style=\"font-family: times new roman, times, serif; font-size: 10pt;\">28.04.1704<\/span><\/td>\n<td style=\"text-align: center;\"><span style=\"font-family: times new roman, times, serif; font-size: 10pt;\">04.05.1704<\/span><\/td>\n<td style=\"text-align: center;\"><\/td>\n<td style=\"text-align: center;\"><\/td>\n<td style=\"text-align: center;\"><span style=\"font-family: times new roman, times, serif; font-size: 10pt;\">03.08.1704<\/span><\/td>\n<td style=\"text-align: center;\"><span style=\"font-family: times new roman, times, serif; font-size: 10pt;\">0,25<\/span><\/td>\n<td><\/td>\n<\/tr>\n<tr>\n<td style=\"text-align: center;\"><span style=\"font-family: times new roman, times, serif; font-size: 10pt;\">6<\/span><\/td>\n<td><span style=\"font-family: times new roman, times, serif; font-size: 10pt;\">Johann Antonius<\/span><\/td>\n<td style=\"text-align: center;\"><span style=\"font-family: times new roman, times, serif; font-size: 10pt;\">13.07.1705<\/span><\/td>\n<td style=\"text-align: center;\"><span style=\"font-family: times new roman, times, serif; font-size: 10pt;\">19.07.1705<\/span><\/td>\n<td style=\"text-align: center;\"><\/td>\n<td style=\"text-align: center;\"><\/td>\n<td style=\"text-align: center;\"><span style=\"font-family: times new roman, times, serif; font-size: 10pt;\">01.08.1705<\/span><\/td>\n<td style=\"text-align: center;\"><span style=\"font-family: times new roman, times, serif; font-size: 10pt;\">0,04<\/span><\/td>\n<td><\/td>\n<\/tr>\n<tr>\n<td style=\"text-align: center;\"><span style=\"font-family: times new roman, times, serif; font-size: 10pt;\">7<\/span><\/td>\n<td><span style=\"font-family: times new roman, times, serif; font-size: 10pt;\">Maria Margaretha<\/span><\/td>\n<td style=\"text-align: center;\"><span style=\"font-family: times new roman, times, serif; font-size: 10pt;\">27.04.1707<\/span><\/td>\n<td style=\"text-align: center;\"><span style=\"font-family: times new roman, times, serif; font-size: 10pt;\">01.05.1707<\/span><\/td>\n<td style=\"text-align: center;\"><\/td>\n<td style=\"text-align: center;\"><\/td>\n<td style=\"text-align: center;\"><\/td>\n<td style=\"text-align: center;\"><\/td>\n<td><\/td>\n<\/tr>\n<\/tbody>\n<\/table>\n<p style=\"text-align: justify;\"><span style=\"font-family: times new roman, times, serif; font-size: 10pt;\"><strong>Paten: zu 1) <\/strong><em>Andreas Wagner, Joh: Wagners sel: von Miehlen ehlich nachgelassener Sohn; Joh: Wagner, Andreas Wagners sel: gewesenen Schuhmachers zu Miehlen nachgelassener Sohn; Anna Ursula, Joh: D\u00f6nges Haymans zu Huntzel ehliche Hausfrauw <\/em>\u2014 <strong>zu 2) <\/strong><em>Anna Maria, Hans Velten Wagners sel: von Miehlen ehliche Dochter; Anna Maria, Hans Melcher Wagners zu Eberwiesen <\/em>[Oberwies]<em> ehliche Dochter; Emrich Retert, Einwohner zu Huntzel <\/em>\u2014 <strong>zu 3) <\/strong><em>Joh: Emrich, Conrad Wagners Sohn zu Endlichoffen; Maria Elisabeth, Anthon Nesert <\/em>[?]<em> von St. Goarshausen Dochter, itz zu Miehlen bey der Mutter; Joh: Michel, Joh: David Pfeifers sel: nachgelassener Sohn <\/em>\u2014 <strong>zu 4) <\/strong><em>Joh: Henrich Retert ibidem; Anna Catharina, Mathes Haselbachs ibidem Hausfr:; v[nd] Philips Adam Wagner, p[ro t[empore] zu Singhoven <\/em>\u2014 <strong>zu 5) <\/strong><em>Joh: Emrich Fuhr, Dieterich Fuhrn sel: Sohn zu Miehlen; Conrad Wenth, Schneidergesell p[ro] t[empore] zu Berg; Anna Dorothea, Joh: Ruperts Pauli Hau\u00dffrauw p[ro] t[empore] zu Singhoven <\/em>\u2014 <strong>zu 6) <\/strong><em>Conrad Scheffer, Leinweber zu Huntzel; Joh: Thonges Pfeifer, Joh: Daniel Pfeifers zu Huntzel seel: nachgelassener Sohn; Anna Christina Wagnerin zu Miehlen \u2026 eine doch bu\u00dffertige Huhr <\/em>\u2014 <strong>zu 7) <\/strong><em>Maria Christina, Joh: Wagners Hausfr: zu Singhoven; Conrad Retert, juvenis, Joh: Henrich Ludwigs sel: nachgelassene Dochter<\/em><\/span><\/p>\n<hr \/>\n<p><span style=\"font-family: times new roman, times, serif; font-size: 10pt;\"><span style=\"color: #ff0000;\"><strong><u><a id=\"weiher\"><\/a>Weiher<\/u><\/strong><\/span><strong><span style=\"color: #ff0000;\">, Henrich:<\/span> <\/strong>zur Zeit Kuhhirte in Hunzel<\/span><\/p>\n<p><span style=\"font-family: times new roman, times, serif; font-size: 10pt;\"><strong>oo<\/strong> mit <strong>Anna Katharina<\/strong><\/span><\/p>\n<table>\n<tbody>\n<tr>\n<td style=\"text-align: center;\" width=\"30\"><span style=\"font-family: times new roman, times, serif; font-size: 10pt;\"><strong>Nr.<\/strong><\/span><\/td>\n<td width=\"133\"><span style=\"font-family: times new roman, times, serif; font-size: 10pt;\"><strong>Vorname (normiert)<\/strong><\/span><\/td>\n<td style=\"text-align: center;\" width=\"66\"><span style=\"font-family: times new roman, times, serif; font-size: 10pt;\"><strong>geboren<\/strong><\/span><\/td>\n<td style=\"text-align: center;\" width=\"76\"><span style=\"font-family: times new roman, times, serif; font-size: 10pt;\"><strong>getauft<\/strong><\/span><\/td>\n<td style=\"text-align: center;\" width=\"69\"><span style=\"font-family: times new roman, times, serif; font-size: 10pt;\"><strong>konfirmiert<\/strong><\/span><\/td>\n<td style=\"text-align: center;\" width=\"68\"><span style=\"font-family: times new roman, times, serif; font-size: 10pt;\"><strong>gestorben<\/strong><\/span><\/td>\n<td style=\"text-align: center;\" width=\"76\"><span style=\"font-family: times new roman, times, serif; font-size: 10pt;\"><strong>begraben<\/strong><\/span><\/td>\n<td style=\"text-align: center;\" width=\"45\"><span style=\"font-family: times new roman, times, serif; font-size: 10pt;\"><strong>Alter<\/strong><\/span><\/td>\n<td style=\"text-align: center;\" width=\"43\"><span style=\"font-family: times new roman, times, serif; font-size: 10pt;\"><strong>Stand<\/strong><\/span><\/td>\n<\/tr>\n<tr>\n<td style=\"text-align: center;\" width=\"30\"><span style=\"font-family: times new roman, times, serif; font-size: 10pt;\">1<\/span><\/td>\n<td width=\"133\"><span style=\"font-family: times new roman, times, serif; font-size: 10pt;\">Johann Albert<\/span><\/td>\n<td style=\"text-align: center;\" width=\"66\"><\/td>\n<td style=\"text-align: center;\" width=\"76\"><span style=\"font-family: times new roman, times, serif; font-size: 10pt;\">28.06.1685<\/span><\/td>\n<td style=\"text-align: center;\" width=\"69\"><\/td>\n<td style=\"text-align: center;\" width=\"68\"><\/td>\n<td style=\"text-align: center;\" width=\"76\"><span style=\"font-family: times new roman, times, serif; font-size: 10pt;\">14.01.1686<\/span><\/td>\n<td style=\"text-align: center;\" width=\"45\"><span style=\"font-family: times new roman, times, serif; font-size: 10pt;\">0,55<\/span><\/td>\n<td style=\"text-align: center;\" width=\"43\"><\/td>\n<\/tr>\n<tr>\n<td style=\"text-align: center;\"><span style=\"font-family: times new roman, times, serif; font-size: 10pt;\">2<\/span><\/td>\n<td><span style=\"font-family: times new roman, times, serif; font-size: 10pt;\">Johann Theis<\/span><\/td>\n<td style=\"text-align: center;\"><\/td>\n<td style=\"text-align: center;\"><span style=\"font-family: times new roman, times, serif; font-size: 10pt;\">27.11.1687<\/span><\/td>\n<td style=\"text-align: center;\"><\/td>\n<td style=\"text-align: center;\"><\/td>\n<td style=\"text-align: center;\"><\/td>\n<td style=\"text-align: center;\"><\/td>\n<td style=\"text-align: center;\"><\/td>\n<\/tr>\n<\/tbody>\n<\/table>\n<p style=\"text-align: justify;\"><span style=\"font-family: times new roman, times, serif; font-size: 10pt;\"><strong>Paten: zu 1) <\/strong><em>Joh: Albert, Jost Haywmachers Sohn zu Huntzel; M[eiste]r Hans Conrad N.. Scharffrichter zu Miehlen; Anna Catharina, M[eiste]r Hans M\u00e4rtens N., Scharffrichters zu Nasteten Hausfrauw <\/em>\u2014 <strong>zu 2) <\/strong><em>Theis Grischer zu Huntzel; Joh: Andreas N., Sch\u00e4ffer p[ro] t[empore] zu Singhoven; Anna Catharina, Michel Reterts sel: hinderlassene Dochter zu Huntzel<\/em><\/span><\/p>\n<hr \/>\n<p><span style=\"font-family: times new roman, times, serif; font-size: 10pt;\"><span style=\"color: #ff0000;\"><strong><u>Weiher<\/u><\/strong><strong>, Johann Friedrich:<\/strong> <\/span>Kuhhirte in Hunzel, ab 1705 in Marienfels<\/span><\/p>\n<p><span style=\"font-family: times new roman, times, serif; font-size: 10pt;\"><strong>oo 06.09.1701 Marienfels<\/strong> mit <strong><u>Sch&#8230;<\/u>, Anna Margaretha:<\/strong> Tochter des verst. Henrich Sch&#8230; aus dem &#8230;ischen, gewesener Korporal unter den Hessen<\/span><\/p>\n<table>\n<tbody>\n<tr>\n<td style=\"text-align: center;\" width=\"29\"><span style=\"font-family: times new roman, times, serif; font-size: 10pt;\"><strong>Nr.<\/strong><\/span><\/td>\n<td width=\"134\"><span style=\"font-family: times new roman, times, serif; font-size: 10pt;\"><strong>Vorname (normiert)<\/strong><\/span><\/td>\n<td style=\"text-align: center;\" width=\"76\"><span style=\"font-family: times new roman, times, serif; font-size: 10pt;\"><strong>geboren<\/strong><\/span><\/td>\n<td style=\"text-align: center;\" width=\"76\"><span style=\"font-family: times new roman, times, serif; font-size: 10pt;\"><strong>getauft<\/strong><\/span><\/td>\n<td style=\"text-align: center;\" width=\"69\"><span style=\"font-family: times new roman, times, serif; font-size: 10pt;\"><strong>konfirmiert<\/strong><\/span><\/td>\n<td style=\"text-align: center;\" width=\"65\"><span style=\"font-family: times new roman, times, serif; font-size: 10pt;\"><strong>gestorben<\/strong><\/span><\/td>\n<td style=\"text-align: center;\" width=\"76\"><span style=\"font-family: times new roman, times, serif; font-size: 10pt;\"><strong>begraben<\/strong><\/span><\/td>\n<td style=\"text-align: center;\" width=\"44\"><span style=\"font-family: times new roman, times, serif; font-size: 10pt;\"><strong>Alter<\/strong><\/span><\/td>\n<td style=\"text-align: center;\" width=\"41\"><span style=\"font-family: times new roman, times, serif; font-size: 10pt;\"><strong>Stand<\/strong><\/span><\/td>\n<\/tr>\n<tr>\n<td style=\"text-align: center;\" width=\"29\"><span style=\"font-family: times new roman, times, serif; font-size: 10pt;\">1<\/span><\/td>\n<td width=\"134\"><span style=\"font-family: times new roman, times, serif; font-size: 10pt;\">Elisabeth Katharina<\/span><\/td>\n<td style=\"text-align: center;\" width=\"76\"><span style=\"font-family: times new roman, times, serif; font-size: 10pt;\">24.06.1702<\/span><\/td>\n<td style=\"text-align: center;\" width=\"76\"><span style=\"font-family: times new roman, times, serif; font-size: 10pt;\">25.06.1702<\/span><\/td>\n<td style=\"text-align: center;\" width=\"69\"><\/td>\n<td style=\"text-align: center;\" width=\"65\"><\/td>\n<td style=\"text-align: center;\" width=\"76\"><\/td>\n<td style=\"text-align: center;\" width=\"44\"><\/td>\n<td style=\"text-align: center;\" width=\"41\"><\/td>\n<\/tr>\n<tr>\n<td style=\"text-align: center;\"><span style=\"font-family: times new roman, times, serif; font-size: 10pt;\">2<\/span><\/td>\n<td><span style=\"font-family: times new roman, times, serif; font-size: 10pt;\">Johann Christophel<\/span><\/td>\n<td style=\"text-align: center;\"><span style=\"font-family: times new roman, times, serif; font-size: 10pt;\">20.02.1704<\/span><\/td>\n<td style=\"text-align: center;\"><span style=\"font-family: times new roman, times, serif; font-size: 10pt;\">24.02.1704<\/span><\/td>\n<td style=\"text-align: center;\"><\/td>\n<td style=\"text-align: center;\"><\/td>\n<td style=\"text-align: center;\"><span style=\"font-family: times new roman, times, serif; font-size: 10pt;\">20.09.1704<\/span><\/td>\n<td style=\"text-align: center;\"><span style=\"font-family: times new roman, times, serif; font-size: 10pt;\">0,57<\/span><\/td>\n<td style=\"text-align: center;\"><\/td>\n<\/tr>\n<tr>\n<td style=\"text-align: center;\"><span style=\"font-family: times new roman, times, serif; font-size: 10pt;\">3<\/span><\/td>\n<td><span style=\"font-family: times new roman, times, serif; font-size: 10pt;\">Henrich Peter<\/span><\/td>\n<td style=\"text-align: center;\"><span style=\"font-family: times new roman, times, serif; font-size: 10pt;\">07.08.1705<\/span><\/td>\n<td style=\"text-align: center;\"><span style=\"font-family: times new roman, times, serif; font-size: 10pt;\">11.08.1705<\/span><\/td>\n<td style=\"text-align: center;\"><\/td>\n<td style=\"text-align: center;\"><\/td>\n<td style=\"text-align: center;\"><\/td>\n<td style=\"text-align: center;\"><\/td>\n<td style=\"text-align: center;\"><\/td>\n<\/tr>\n<tr>\n<td style=\"text-align: center;\"><span style=\"font-family: times new roman, times, serif; font-size: 10pt;\">4<\/span><\/td>\n<td><span style=\"font-family: times new roman, times, serif; font-size: 10pt;\">Johann Nikolaus<\/span><\/td>\n<td style=\"text-align: center;\"><span style=\"font-family: times new roman, times, serif; font-size: 10pt;\">22.03.1708<\/span><\/td>\n<td style=\"text-align: center;\"><span style=\"font-family: times new roman, times, serif; font-size: 10pt;\">25.03.1708<\/span><\/td>\n<td style=\"text-align: center;\"><\/td>\n<td style=\"text-align: center;\"><\/td>\n<td style=\"text-align: center;\"><\/td>\n<td style=\"text-align: center;\"><\/td>\n<td style=\"text-align: center;\"><\/td>\n<\/tr>\n<tr>\n<td style=\"text-align: center;\"><span style=\"font-family: times new roman, times, serif; font-size: 10pt;\">5<\/span><\/td>\n<td><span style=\"font-family: times new roman, times, serif; font-size: 10pt;\">Anna Magdalena<\/span><\/td>\n<td style=\"text-align: center;\"><span style=\"font-family: times new roman, times, serif; font-size: 10pt;\">26.02.1711<\/span><\/td>\n<td style=\"text-align: center;\"><span style=\"font-family: times new roman, times, serif; font-size: 10pt;\">01.03.1711<\/span><\/td>\n<td style=\"text-align: center;\"><\/td>\n<td style=\"text-align: center;\"><\/td>\n<td style=\"text-align: center;\"><\/td>\n<td style=\"text-align: center;\"><\/td>\n<td style=\"text-align: center;\"><\/td>\n<\/tr>\n<\/tbody>\n<\/table>\n<p><span style=\"font-family: times new roman, times, serif; font-size: 10pt;\">Kind Nr. 1) \u2013 2) * Hunzel<br \/>\n<\/span><span style=\"font-family: times new roman, times, serif; font-size: 10pt;\">Kind Nr. 3) \u2013 5) * Marienfels<\/span><\/p>\n<p style=\"text-align: justify;\"><span style=\"font-family: times new roman, times, serif; font-size: 10pt;\"><strong>Paten: zu 1) <\/strong><em>Elisabeth Christina, Joh: Daniel Pfeifers Dochter zu Huntzel; Anna Catharina, Quirin Neidh\u00f6fern zu Kirdorff Dochter; v[nd] Andreas Weiher, Henrich Weihers Sohn, p[ro] t[empore] K\u00fchirts zu Huntzel <\/em>\u2014 <strong>zu 2) <\/strong><em>Fridrich Crafft zu Schweighausen; Anna Maria, Henrichs N., W\u00fcrtzkr\u00e4mers, Dochter zu Dienethal; Christophel N., p[ro] t[empore] Sch\u00e4fer zu Huntzel <\/em>\u2014 <strong>zu 2) <\/strong><em>Joh: Henrich Laux, Leonhard Lauxen nachgelassener Sohn alhie; Johann Peter Clos, M\u00e4rten Closen sel: Sohn; Anna Catharina, eine Dienstmagd zu Geisig <\/em>\u2014 <strong>zu 2) <\/strong><em>Joh: Nicol Laux; Johannes St\u00e4ttler, Schaffhirt alhie; Anna Elisabeth. M[eiste]r Wilhelm Schreibers Zim[mermann] v[nd] M\u00fcllers alhie, Hausfrauw <\/em>\u2014 <strong>zu 2) <\/strong><em>Wilhelm Minor, Adolff Minors sel: von Singhoven nachgelassener Sohn; Anna Catharina <\/em>[ ]<em>; Anna Magdalena, Paul[us] Schmitten sel:, gewesenen M\u00fcllers obig dem Sauwerbrunnen an der Ehrer Bach, nachgelassene Dochter<\/em><\/span><\/p>\n<hr \/>\n<p><span style=\"font-family: times new roman, times, serif; font-size: 10pt;\"><span style=\"color: #ff0000;\"><strong><em><u><a id=\"weyhnan\"><\/a>Weyhnan<\/u><\/em><\/strong><strong> [?], Johannes:<\/strong> <\/span>aus Colmar; h\u00e4lt sich zu Hunzel auf<\/span><\/p>\n<p><span style=\"font-family: times new roman, times, serif; font-size: 10pt;\"><strong>oo<\/strong> mit <strong>Anna Margaretha<\/strong><\/span><\/p>\n<table>\n<tbody>\n<tr>\n<td style=\"text-align: center;\" width=\"30\"><span style=\"font-family: times new roman, times, serif; font-size: 10pt;\"><strong>Nr.<\/strong><\/span><\/td>\n<td width=\"135\"><span style=\"font-family: times new roman, times, serif; font-size: 10pt;\"><strong>Vorname (normiert)<\/strong><\/span><\/td>\n<td style=\"text-align: center;\" width=\"76\"><span style=\"font-family: times new roman, times, serif; font-size: 10pt;\"><strong>geboren<\/strong><\/span><\/td>\n<td style=\"text-align: center;\" width=\"76\"><span style=\"font-family: times new roman, times, serif; font-size: 10pt;\"><strong>getauft<\/strong><\/span><\/td>\n<td style=\"text-align: center;\" width=\"69\"><span style=\"font-family: times new roman, times, serif; font-size: 10pt;\"><strong>konfirmiert<\/strong><\/span><\/td>\n<td style=\"text-align: center;\" width=\"68\"><span style=\"font-family: times new roman, times, serif; font-size: 10pt;\"><strong>gestorben<\/strong><\/span><\/td>\n<td style=\"text-align: center;\" width=\"66\"><span style=\"font-family: times new roman, times, serif; font-size: 10pt;\"><strong>begraben<\/strong><\/span><\/td>\n<td style=\"text-align: center;\" width=\"41\"><span style=\"font-family: times new roman, times, serif; font-size: 10pt;\"><strong>Alter<\/strong><\/span><\/td>\n<td style=\"text-align: center;\" width=\"43\"><span style=\"font-family: times new roman, times, serif; font-size: 10pt;\"><strong>Stand<\/strong><\/span><\/td>\n<\/tr>\n<tr>\n<td style=\"text-align: center;\" width=\"30\"><span style=\"font-family: times new roman, times, serif; font-size: 10pt;\">1<\/span><\/td>\n<td width=\"135\"><span style=\"font-family: times new roman, times, serif; font-size: 10pt;\">Johann Friedrich<\/span><\/td>\n<td style=\"text-align: center;\" width=\"76\"><span style=\"font-family: times new roman, times, serif; font-size: 10pt;\">05.08.1699<\/span><\/td>\n<td style=\"text-align: center;\" width=\"76\"><span style=\"font-family: times new roman, times, serif; font-size: 10pt;\">06.08.1699<\/span><\/td>\n<td style=\"text-align: center;\" width=\"69\"><\/td>\n<td style=\"text-align: center;\" width=\"68\"><\/td>\n<td style=\"text-align: center;\" width=\"66\"><\/td>\n<td style=\"text-align: center;\" width=\"41\"><\/td>\n<td style=\"text-align: center;\" width=\"43\"><\/td>\n<\/tr>\n<\/tbody>\n<\/table>\n<p style=\"text-align: justify;\"><span style=\"font-family: times new roman, times, serif; font-size: 10pt;\"><strong>Paten: <\/strong><em>Joh: Moses, Deis Grischers hinderlassener Sohn ibidem; Joh: Fridrich, Henrich Weihers &#8230;hirtens daselbsten Sohn; Anna Margretha, Gerhards Kr\u00e4mers, K\u00fchirtens Hausfr: ibidem<\/em><\/span><\/p>\n<hr \/>\n<p><span style=\"font-family: times new roman, times, serif; font-size: 10pt;\"><span style=\"color: #ff0000;\"><strong><u><a id=\"weis\"><\/a>Weis<\/u><\/strong><strong>, Johannes:<\/strong> <\/span>kath.; Hirte zu Hunzel<\/span><\/p>\n<p><span style=\"font-family: times new roman, times, serif; font-size: 10pt;\"><strong>oo<\/strong> mit <strong>Anna Margaretha<\/strong><\/span><\/p>\n<table>\n<tbody>\n<tr>\n<td style=\"text-align: center;\" width=\"29\"><span style=\"font-family: times new roman, times, serif; font-size: 10pt;\"><strong>Nr.<\/strong><\/span><\/td>\n<td width=\"131\"><span style=\"font-family: times new roman, times, serif; font-size: 10pt;\"><strong>Vorname (normiert)<\/strong><\/span><\/td>\n<td style=\"text-align: center;\" width=\"76\"><span style=\"font-family: times new roman, times, serif; font-size: 10pt;\"><strong>geboren<\/strong><\/span><\/td>\n<td style=\"text-align: center;\" width=\"76\"><span style=\"font-family: times new roman, times, serif; font-size: 10pt;\"><strong>getauft<\/strong><\/span><\/td>\n<td style=\"text-align: center;\" width=\"69\"><span style=\"font-family: times new roman, times, serif; font-size: 10pt;\"><strong>konfirmiert<\/strong><\/span><\/td>\n<td style=\"text-align: center;\" width=\"66\"><span style=\"font-family: times new roman, times, serif; font-size: 10pt;\"><strong>gestorben<\/strong><\/span><\/td>\n<td style=\"text-align: center;\" width=\"76\"><span style=\"font-family: times new roman, times, serif; font-size: 10pt;\"><strong>begraben<\/strong><\/span><\/td>\n<td style=\"text-align: center;\" width=\"44\"><span style=\"font-family: times new roman, times, serif; font-size: 10pt;\"><strong>Alter<\/strong><\/span><\/td>\n<td style=\"text-align: center;\" width=\"42\"><span style=\"font-family: times new roman, times, serif; font-size: 10pt;\"><strong>Stand<\/strong><\/span><\/td>\n<\/tr>\n<tr>\n<td style=\"text-align: center;\" width=\"29\"><span style=\"font-family: times new roman, times, serif; font-size: 10pt;\">1<\/span><\/td>\n<td width=\"131\"><span style=\"font-family: times new roman, times, serif; font-size: 10pt;\">Johann Philipp<\/span><\/td>\n<td style=\"text-align: center;\" width=\"76\"><\/td>\n<td style=\"text-align: center;\" width=\"76\"><span style=\"font-family: times new roman, times, serif; font-size: 10pt;\">29.09.1688<\/span><\/td>\n<td style=\"text-align: center;\" width=\"69\"><\/td>\n<td style=\"text-align: center;\" width=\"66\"><\/td>\n<td style=\"text-align: center;\" width=\"76\"><\/td>\n<td style=\"text-align: center;\" width=\"44\"><\/td>\n<td style=\"text-align: center;\" width=\"42\"><\/td>\n<\/tr>\n<tr>\n<td style=\"text-align: center;\"><span style=\"font-family: times new roman, times, serif; font-size: 10pt;\">2<\/span><\/td>\n<td><span style=\"font-family: times new roman, times, serif; font-size: 10pt;\">Philipp Adam<\/span><\/td>\n<td style=\"text-align: center;\"><span style=\"font-family: times new roman, times, serif; font-size: 10pt;\">04.04.1693<\/span><\/td>\n<td style=\"text-align: center;\"><span style=\"font-family: times new roman, times, serif; font-size: 10pt;\">09.04.1693<\/span><\/td>\n<td style=\"text-align: center;\"><\/td>\n<td style=\"text-align: center;\"><\/td>\n<td style=\"text-align: center;\"><span style=\"font-family: times new roman, times, serif; font-size: 10pt;\">25.11.1693<\/span><\/td>\n<td style=\"text-align: center;\"><span style=\"font-family: times new roman, times, serif; font-size: 10pt;\">0,63<\/span><\/td>\n<td style=\"text-align: center;\"><\/td>\n<\/tr>\n<\/tbody>\n<\/table>\n<p style=\"text-align: justify;\"><span style=\"font-family: times new roman, times, serif; font-size: 10pt;\"><strong>Paten: zu 1) <\/strong><em>Joh: Knecht senior zu Huntzel; Philips Schmitt ibidem; Agnes, Jacob Imands sel. gewesenen Hoffmans ibidem nachgelassene Wittib <\/em>\u2014 <strong>zu 2) <\/strong><em>Adam N., serv[us] p[ro] t[empore] zu Na\u00dfauw; Philips Peter, Henrich Ludwigs sel: Sohn zu Huntzel; Anna Ursula,. Joh: Daniel Pfeifers sel: Wittib ibidem; Anna Ursula, Hans D\u00f6nges Hamans ausfr: ibidem<\/em><\/span><\/p>\n<hr \/>\n<p><span style=\"font-family: times new roman, times, serif; font-size: 10pt;\"><span style=\"color: #ff0000;\"><strong><u><a id=\"wendenius\"><\/a>Wendenius<\/u><\/strong><strong>, Johann David:<\/strong> <\/span>Hirte zu Hunzel<\/span><\/p>\n<p><span style=\"font-family: times new roman, times, serif; font-size: 10pt;\"><strong>oo<\/strong> mit <strong>Anna Margaretha<\/strong><\/span><\/p>\n<table>\n<tbody>\n<tr>\n<td style=\"text-align: center;\" width=\"29\"><span style=\"font-family: times new roman, times, serif; font-size: 10pt;\"><strong>Nr.<\/strong><\/span><\/td>\n<td width=\"132\"><span style=\"font-family: times new roman, times, serif; font-size: 10pt;\"><strong>Vorname (normiert)<\/strong><\/span><\/td>\n<td style=\"text-align: center;\" width=\"76\"><span style=\"font-family: times new roman, times, serif; font-size: 10pt;\"><strong>geboren<\/strong><\/span><\/td>\n<td style=\"text-align: center;\" width=\"76\"><span style=\"font-family: times new roman, times, serif; font-size: 10pt;\"><strong>getauft<\/strong><\/span><\/td>\n<td style=\"text-align: center;\" width=\"69\"><span style=\"font-family: times new roman, times, serif; font-size: 10pt;\"><strong>konfirmiert<\/strong><\/span><\/td>\n<td style=\"text-align: center;\" width=\"65\"><span style=\"font-family: times new roman, times, serif; font-size: 10pt;\"><strong>gestorben<\/strong><\/span><\/td>\n<td style=\"text-align: center;\" width=\"76\"><span style=\"font-family: times new roman, times, serif; font-size: 10pt;\"><strong>begraben<\/strong><\/span><\/td>\n<td style=\"text-align: center;\" width=\"44\"><span style=\"font-family: times new roman, times, serif; font-size: 10pt;\"><strong>Alter<\/strong><\/span><\/td>\n<td style=\"text-align: center;\" width=\"41\"><span style=\"font-family: times new roman, times, serif; font-size: 10pt;\"><strong>Stand<\/strong><\/span><\/td>\n<\/tr>\n<tr>\n<td style=\"text-align: center;\" width=\"29\"><span style=\"font-family: times new roman, times, serif; font-size: 10pt;\">1<\/span><\/td>\n<td width=\"132\"><span style=\"font-family: times new roman, times, serif; font-size: 10pt;\">Jost Matth\u00e4us<\/span><\/td>\n<td style=\"text-align: center;\" width=\"76\"><span style=\"font-family: times new roman, times, serif; font-size: 10pt;\">30.06.1707<\/span><\/td>\n<td style=\"text-align: center;\" width=\"76\"><span style=\"font-family: times new roman, times, serif; font-size: 10pt;\">02.07.1707<\/span><\/td>\n<td style=\"text-align: center;\" width=\"69\"><\/td>\n<td style=\"text-align: center;\" width=\"65\"><\/td>\n<td style=\"text-align: center;\" width=\"76\"><span style=\"font-family: times new roman, times, serif; font-size: 10pt;\">07.09.1707<\/span><\/td>\n<td style=\"text-align: center;\" width=\"44\"><span style=\"font-family: times new roman, times, serif; font-size: 10pt;\">0,18<\/span><\/td>\n<td style=\"text-align: center;\" width=\"41\"><\/td>\n<\/tr>\n<tr>\n<td style=\"text-align: center;\"><span style=\"font-family: times new roman, times, serif; font-size: 10pt;\">2<\/span><\/td>\n<td><span style=\"font-family: times new roman, times, serif; font-size: 10pt;\">Johann Georg<\/span><\/td>\n<td style=\"text-align: center;\"><span style=\"font-family: times new roman, times, serif; font-size: 10pt;\">15.01.1709<\/span><\/td>\n<td style=\"text-align: center;\"><span style=\"font-family: times new roman, times, serif; font-size: 10pt;\">20.01.1709<\/span><\/td>\n<td style=\"text-align: center;\"><\/td>\n<td style=\"text-align: center;\"><\/td>\n<td style=\"text-align: center;\"><\/td>\n<td style=\"text-align: center;\"><\/td>\n<td style=\"text-align: center;\"><\/td>\n<\/tr>\n<\/tbody>\n<\/table>\n<p><span style=\"font-family: times new roman, times, serif; font-size: 10pt;\">Kind Nr. 1) Geburtsdatum irrig 01.07.1707!<\/span><\/p>\n<p style=\"text-align: justify;\"><span style=\"font-family: times new roman, times, serif; font-size: 10pt;\"><strong>Paten: zu 1) <\/strong><em>Just[us] Mattheus Wentheni[us] zu Berg; Matthes Haselbach, Hoffman p[ro] t[empore] zu Huntzel; Anna Elisabeth, Joh: Haselbachs Dochter von Heroth <\/em>\u2014 <strong>zu 2) <\/strong><em>Johann Georg Schnatz von Alldorff im Darnst\u00e4tischen; Christopel St\u00e4ttler, Schaffhirt zu Huntzel; Anna Margretha, Gotthard Kr\u00e4mers Hausfrauw, auch Hirtenleut zu Huntzel<\/em><\/span><\/p>\n<hr \/>\n<p><span style=\"font-family: times new roman, times, serif; font-size: 10pt;\"><span style=\"color: #ff0000;\"><strong><u>Wend<\/u><\/strong><strong>, Johann Jost:<\/strong> <\/span>* 01.12.1715 Berg (gt. 03.12.); konf. 17.04.1729; Eltern: Johann Matthes Wend und Anna Magdalena geb. Knecht<\/span><\/p>\n<p style=\"text-align: justify;\"><span style=\"font-family: times new roman, times, serif; font-size: 10pt;\"><strong>oo 24.11.1744 Marienfels<\/strong> mit <strong><u>Thomas geb. Sixt<\/u>, Anna Maria:<\/strong> * 16.11.1715 Hunzel (gt. 19.11.); konf. 17.04.1729; Eltern: Johann Henrich Sixt und Maria Elisabeth geb. Knecht; oo I. 08.01.1737 Marienfels mit Johann Jost Thomas zu Berg; Familie wohnt in Berg<\/span><\/p>\n<table>\n<tbody>\n<tr>\n<td style=\"text-align: center;\" width=\"29\"><span style=\"font-family: times new roman, times, serif; font-size: 10pt;\"><strong>Nr.<\/strong><\/span><\/td>\n<td width=\"131\"><span style=\"font-family: times new roman, times, serif; font-size: 10pt;\"><strong>Vorname (normiert)<\/strong><\/span><\/td>\n<td style=\"text-align: center;\" width=\"76\"><span style=\"font-family: times new roman, times, serif; font-size: 10pt;\"><strong>geboren<\/strong><\/span><\/td>\n<td style=\"text-align: center;\" width=\"76\"><span style=\"font-family: times new roman, times, serif; font-size: 10pt;\"><strong>getauft<\/strong><\/span><\/td>\n<td style=\"text-align: center;\" width=\"69\"><span style=\"font-family: times new roman, times, serif; font-size: 10pt;\"><strong>konfirmiert<\/strong><\/span><\/td>\n<td style=\"text-align: center;\" width=\"66\"><span style=\"font-family: times new roman, times, serif; font-size: 10pt;\"><strong>gestorben<\/strong><\/span><\/td>\n<td style=\"text-align: center;\" width=\"76\"><span style=\"font-family: times new roman, times, serif; font-size: 10pt;\"><strong>begraben<\/strong><\/span><\/td>\n<td style=\"text-align: center;\" width=\"44\"><span style=\"font-family: times new roman, times, serif; font-size: 10pt;\"><strong>Alter<\/strong><\/span><\/td>\n<td style=\"text-align: center;\" width=\"42\"><span style=\"font-family: times new roman, times, serif; font-size: 10pt;\"><strong>Stand<\/strong><\/span><\/td>\n<\/tr>\n<tr>\n<td style=\"text-align: center;\" width=\"29\"><span style=\"font-family: times new roman, times, serif; font-size: 10pt;\">1<\/span><\/td>\n<td width=\"131\"><span style=\"font-family: times new roman, times, serif; font-size: 10pt;\">Philipp Henrich<\/span><\/td>\n<td style=\"text-align: center;\" width=\"76\"><span style=\"font-family: times new roman, times, serif; font-size: 10pt;\">19.08.1745<\/span><\/td>\n<td style=\"text-align: center;\" width=\"76\"><span style=\"font-family: times new roman, times, serif; font-size: 10pt;\">22.08.1745<\/span><\/td>\n<td style=\"text-align: center;\" width=\"69\"><\/td>\n<td style=\"text-align: center;\" width=\"66\"><\/td>\n<td style=\"text-align: center;\" width=\"76\"><span style=\"font-family: times new roman, times, serif; font-size: 10pt;\">28.05.1746<\/span><\/td>\n<td style=\"text-align: center;\" width=\"44\"><span style=\"font-family: times new roman, times, serif; font-size: 10pt;\">0,78<\/span><\/td>\n<td style=\"text-align: center;\" width=\"42\"><\/td>\n<\/tr>\n<\/tbody>\n<\/table>\n<p><span style=\"font-family: times new roman, times, serif; font-size: 10pt;\"><strong>Paten: <\/strong><em>Philipps Henrich M\u00fcller, Gerhard M\u00fcllers, Einwohners in Retert, ehlicher Sohn<\/em><\/span><\/p>\n<hr \/>\n<p><span style=\"font-family: times new roman, times, serif; font-size: 10pt;\"><a id=\"woelfling\"><\/a>W\u00f6lfling ist Name um 1700 in Ems<\/span><\/p>\n<p><span style=\"font-family: times new roman, times, serif; font-size: 10pt;\"><span style=\"color: #ff0000;\"><strong>W\u00f6lfling, Philipp D\u00f6nges:<\/strong> <\/span>Hirte zur Zeit in Hunzel<\/span><\/p>\n<p><span style=\"font-family: times new roman, times, serif; font-size: 10pt;\"><strong>oo<\/strong> mit <strong>Anna Margaretha<\/strong><\/span><\/p>\n<table>\n<tbody>\n<tr>\n<td style=\"text-align: center;\" width=\"30\"><span style=\"font-family: times new roman, times, serif; font-size: 10pt;\"><strong>Nr.<\/strong><\/span><\/td>\n<td width=\"137\"><span style=\"font-family: times new roman, times, serif; font-size: 10pt;\"><strong>Vorname (normiert)<\/strong><\/span><\/td>\n<td style=\"text-align: center;\" width=\"76\"><span style=\"font-family: times new roman, times, serif; font-size: 10pt;\"><strong>geboren<\/strong><\/span><\/td>\n<td style=\"text-align: center;\" width=\"76\"><span style=\"font-family: times new roman, times, serif; font-size: 10pt;\"><strong>getauft<\/strong><\/span><\/td>\n<td style=\"text-align: center;\" width=\"69\"><span style=\"font-family: times new roman, times, serif; font-size: 10pt;\"><strong>konfirmiert<\/strong><\/span><\/td>\n<td style=\"text-align: center;\" width=\"68\"><span style=\"font-family: times new roman, times, serif; font-size: 10pt;\"><strong>gestorben<\/strong><\/span><\/td>\n<td style=\"text-align: center;\" width=\"66\"><span style=\"font-family: times new roman, times, serif; font-size: 10pt;\"><strong>begraben<\/strong><\/span><\/td>\n<td style=\"text-align: center;\" width=\"41\"><span style=\"font-family: times new roman, times, serif; font-size: 10pt;\"><strong>Alter<\/strong><\/span><\/td>\n<td style=\"text-align: center;\" width=\"43\"><span style=\"font-family: times new roman, times, serif; font-size: 10pt;\"><strong>Stand<\/strong><\/span><\/td>\n<\/tr>\n<tr>\n<td style=\"text-align: center;\" width=\"30\"><span style=\"font-family: times new roman, times, serif; font-size: 10pt;\">1<\/span><\/td>\n<td width=\"137\"><span style=\"font-family: times new roman, times, serif; font-size: 10pt;\">Maria Magdalena<\/span><\/td>\n<td style=\"text-align: center;\" width=\"76\"><span style=\"font-family: times new roman, times, serif; font-size: 10pt;\">20.08.1701<\/span><\/td>\n<td style=\"text-align: center;\" width=\"76\"><span style=\"font-family: times new roman, times, serif; font-size: 10pt;\">24.08.1701<\/span><\/td>\n<td style=\"text-align: center;\" width=\"69\"><\/td>\n<td style=\"text-align: center;\" width=\"68\"><\/td>\n<td style=\"text-align: center;\" width=\"66\"><\/td>\n<td style=\"text-align: center;\" width=\"41\"><\/td>\n<td style=\"text-align: center;\" width=\"43\"><\/td>\n<\/tr>\n<\/tbody>\n<\/table>\n<p style=\"text-align: justify;\"><span style=\"font-family: times new roman, times, serif; font-size: 10pt;\"><strong>Paten: <\/strong><em>Magdalena N. N., Schuhlmeisters oder J\u00e4gers Dochter zu Schweighausen, itz zu Huntzel im Dienst; Johannes N., Schefer p[ro] t[empore] zu Berg; Maria Catharina, Andreas Eigenbrods Dochter zu Singhoven<\/em><\/span><\/p>\n<hr \/>\n<p><span style=\"font-family: times new roman, times, serif; font-size: 10pt;\"><span style=\"color: #ff0000;\"><strong><u><a id=\"zimmermann\"><\/a>Zimmermann<\/u><\/strong><\/span><strong><span style=\"color: #ff0000;\">, Quirin:<\/span> <\/strong>Hirte zu Hunzel<\/span><\/p>\n<p><span style=\"font-family: times new roman, times, serif; font-size: 10pt;\"><strong>oo<\/strong> mit <strong>Maria G\u00fcth<\/strong><\/span><\/p>\n<table>\n<tbody>\n<tr>\n<td style=\"text-align: center;\" width=\"30\"><span style=\"font-family: times new roman, times, serif; font-size: 10pt;\"><strong>Nr.<\/strong><\/span><\/td>\n<td width=\"134\"><span style=\"font-family: times new roman, times, serif; font-size: 10pt;\"><strong>Vorname (normiert)<\/strong><\/span><\/td>\n<td style=\"text-align: center;\" width=\"76\"><span style=\"font-family: times new roman, times, serif; font-size: 10pt;\"><strong>geboren<\/strong><\/span><\/td>\n<td style=\"text-align: center;\" width=\"76\"><span style=\"font-family: times new roman, times, serif; font-size: 10pt;\"><strong>getauft<\/strong><\/span><\/td>\n<td style=\"text-align: center;\" width=\"69\"><span style=\"font-family: times new roman, times, serif; font-size: 10pt;\"><strong>konfirmiert<\/strong><\/span><\/td>\n<td style=\"text-align: center;\" width=\"68\"><span style=\"font-family: times new roman, times, serif; font-size: 10pt;\"><strong>gestorben<\/strong><\/span><\/td>\n<td style=\"text-align: center;\" width=\"67\"><span style=\"font-family: times new roman, times, serif; font-size: 10pt;\"><strong>begraben<\/strong><\/span><\/td>\n<td style=\"text-align: center;\" width=\"42\"><span style=\"font-family: times new roman, times, serif; font-size: 10pt;\"><strong>Alter<\/strong><\/span><\/td>\n<td style=\"text-align: center;\" width=\"43\"><span style=\"font-family: times new roman, times, serif; font-size: 10pt;\"><strong>Stand<\/strong><\/span><\/td>\n<\/tr>\n<tr>\n<td style=\"text-align: center;\" width=\"30\"><span style=\"font-family: times new roman, times, serif; font-size: 10pt;\">1<\/span><\/td>\n<td width=\"134\"><span style=\"font-family: times new roman, times, serif; font-size: 10pt;\">Johann Michel<\/span><\/td>\n<td style=\"text-align: center;\" width=\"76\"><span style=\"font-family: times new roman, times, serif; font-size: 10pt;\">19.09.1696<\/span><\/td>\n<td style=\"text-align: center;\" width=\"76\"><span style=\"font-family: times new roman, times, serif; font-size: 10pt;\">27.09.1696<\/span><\/td>\n<td style=\"text-align: center;\" width=\"69\"><\/td>\n<td style=\"text-align: center;\" width=\"68\"><\/td>\n<td style=\"text-align: center;\" width=\"67\"><\/td>\n<td style=\"text-align: center;\" width=\"42\"><\/td>\n<td style=\"text-align: center;\" width=\"43\"><\/td>\n<\/tr>\n<\/tbody>\n<\/table>\n<p style=\"text-align: justify;\"><span style=\"font-family: times new roman, times, serif; font-size: 10pt;\"><strong>Paten: <\/strong><em>Anna Margreth, Emrich Hollerichs Hausfr:, Hoffmans zu Marienfels; Joh: Michel Ackerman zu Huntzel; Anna Catharina, Joh: David Jurgen <\/em>[?]<em> Hausfr: zu \u2026; Joh: Philips <\/em>[ ]<em> zu Kirdorff<\/em><\/span><\/p>\n<hr \/>\n<p><strong><span style=\"font-family: times new roman, times, serif;\"><a id=\"nachname_unbekannt\"><\/a>Nachname unbekannt<\/span><\/strong><\/p>\n<p><span style=\"font-family: times new roman, times, serif; font-size: 10pt;\"><span style=\"color: #ff0000;\"><strong>Hans Valentin:<\/strong><\/span> ein Wildfang (nur im Einwohnerverzeichnis 1648)<\/span><\/p>\n<hr \/>\n<p><span style=\"font-family: times new roman, times, serif; font-size: 10pt;\"><span style=\"color: #ff0000;\"><strong>Magdalena:<\/strong><\/span> Ehefrau des Sch\u00e4fers zu Hunzel; bg. 17.06.1739 Marienfels, 53 Jahre alt<\/span><\/p>\n<hr \/>\n<p><span style=\"font-family: times new roman, times, serif; font-size: 10pt;\"><span style=\"color: #ff0000;\"><strong>N. N.:<\/strong> <\/span>Sohn des Pfarrers von Rotzenhahn im F\u00fcrstentum Hadamar nicht fern von Hachenburg (= Rotenhain (Westerburg, Westerwaldkreis))<\/span><\/p>\n<p><span style=\"font-family: times new roman, times, serif; font-size: 10pt;\"><strong>o-o<\/strong> mit <strong>Anna Gertrud:<\/strong> von <em>Locheimb<\/em> (= Lochum ?), hielt sich auf dem Herrenhof zu Hunzel den Winter \u00fcber auf<\/span><\/p>\n<table>\n<tbody>\n<tr>\n<td style=\"text-align: center;\" width=\"30\"><span style=\"font-family: times new roman, times, serif; font-size: 10pt;\"><strong>Nr.<\/strong><\/span><\/td>\n<td width=\"136\"><span style=\"font-family: times new roman, times, serif; font-size: 10pt;\"><strong>Vorname (normiert)<\/strong><\/span><\/td>\n<td style=\"text-align: center;\" width=\"76\"><span style=\"font-family: times new roman, times, serif; font-size: 10pt;\"><strong>geboren<\/strong><\/span><\/td>\n<td style=\"text-align: center;\" width=\"76\"><span style=\"font-family: times new roman, times, serif; font-size: 10pt;\"><strong>getauft<\/strong><\/span><\/td>\n<td style=\"text-align: center;\" width=\"69\"><span style=\"font-family: times new roman, times, serif; font-size: 10pt;\"><strong>konfirmiert<\/strong><\/span><\/td>\n<td style=\"text-align: center;\" width=\"68\"><span style=\"font-family: times new roman, times, serif; font-size: 10pt;\"><strong>gestorben<\/strong><\/span><\/td>\n<td style=\"text-align: center;\" width=\"66\"><span style=\"font-family: times new roman, times, serif; font-size: 10pt;\"><strong>begraben<\/strong><\/span><\/td>\n<td style=\"text-align: center;\" width=\"41\"><span style=\"font-family: times new roman, times, serif; font-size: 10pt;\"><strong>Alter<\/strong><\/span><\/td>\n<td style=\"text-align: center;\" width=\"43\"><span style=\"font-family: times new roman, times, serif; font-size: 10pt;\"><strong>Stand<\/strong><\/span><\/td>\n<\/tr>\n<tr>\n<td style=\"text-align: center;\" width=\"30\"><span style=\"font-family: times new roman, times, serif; font-size: 10pt;\">1<\/span><\/td>\n<td width=\"136\"><span style=\"font-family: times new roman, times, serif; font-size: 10pt;\">Maria Apollonia<\/span><\/td>\n<td style=\"text-align: center;\" width=\"76\"><span style=\"font-family: times new roman, times, serif; font-size: 10pt;\">12.03.1685<\/span><\/td>\n<td style=\"text-align: center;\" width=\"76\"><span style=\"font-family: times new roman, times, serif; font-size: 10pt;\">22.03.1685<\/span><\/td>\n<td style=\"text-align: center;\" width=\"69\"><\/td>\n<td style=\"text-align: center;\" width=\"68\"><\/td>\n<td style=\"text-align: center;\" width=\"66\"><\/td>\n<td style=\"text-align: center;\" width=\"41\"><\/td>\n<td style=\"text-align: center;\" width=\"43\"><\/td>\n<\/tr>\n<\/tbody>\n<\/table>\n<p style=\"text-align: justify;\"><span style=\"font-family: times new roman, times, serif; font-size: 10pt;\">Eintragstext:<em> Maria Appolonia. Parens: Anna Gertrud von Locheimb, so sich auff dem Herrn-Hoff zu Huntzel diesen Winter \u00fcber niedergschlagen v[nd] endlich den 12ten Martij eine junge Dochter gebohren. Sagt aus, der Vatter sey itziger Zeit der Pastor zu Ritzenhahn im F\u00fcrstenthumb Hadamar nicht fern von Hachenburg, Wirdt getaufft den 22ten Martij. Comp[atres]: Joh: Albert, Jost Hauwmachers Sohn auf dem H[errn] Hoff zu Huntzel; Anna Appolonia, Hans David Ackermans sel: Wittib ibid[em]; Maria Magdalena, Joh: Matheus H\u00e4uwmachern Hausfr[au] zu Huntzel; Jacob, des Schneiders Sohn zu Lollschied, den 22ten Martij, ist Dom[inica] Oculi.<\/em><\/span><\/p>\n<hr \/>\n<p><span style=\"font-family: times new roman, times, serif; font-size: 10pt;\"><span style=\"color: #ff0000;\"><strong>N. N.:<\/strong> <\/span>ein Zimmergeselle aus Worms<\/span><\/p>\n<p><span style=\"font-family: times new roman, times, serif; font-size: 10pt;\"><strong>o-o<\/strong> mit <strong>Agnes<\/strong><\/span><\/p>\n<table>\n<tbody>\n<tr>\n<td style=\"text-align: center;\" width=\"30\"><span style=\"font-family: times new roman, times, serif; font-size: 10pt;\"><strong>Nr.<\/strong><\/span><\/td>\n<td width=\"134\"><span style=\"font-family: times new roman, times, serif; font-size: 10pt;\"><strong>Vorname (normiert)<\/strong><\/span><\/td>\n<td style=\"text-align: center;\" width=\"76\"><span style=\"font-family: times new roman, times, serif; font-size: 10pt;\"><strong>geboren<\/strong><\/span><\/td>\n<td style=\"text-align: center;\" width=\"76\"><span style=\"font-family: times new roman, times, serif; font-size: 10pt;\"><strong>getauft<\/strong><\/span><\/td>\n<td style=\"text-align: center;\" width=\"69\"><span style=\"font-family: times new roman, times, serif; font-size: 10pt;\"><strong>konfirmiert<\/strong><\/span><\/td>\n<td style=\"text-align: center;\" width=\"68\"><span style=\"font-family: times new roman, times, serif; font-size: 10pt;\"><strong>gestorben<\/strong><\/span><\/td>\n<td style=\"text-align: center;\" width=\"67\"><span style=\"font-family: times new roman, times, serif; font-size: 10pt;\"><strong>begraben<\/strong><\/span><\/td>\n<td style=\"text-align: center;\" width=\"42\"><span style=\"font-family: times new roman, times, serif; font-size: 10pt;\"><strong>Alter<\/strong><\/span><\/td>\n<td style=\"text-align: center;\" width=\"43\"><span style=\"font-family: times new roman, times, serif; font-size: 10pt;\"><strong>Stand<\/strong><\/span><\/td>\n<\/tr>\n<tr>\n<td style=\"text-align: center;\" width=\"30\"><span style=\"font-family: times new roman, times, serif; font-size: 10pt;\">1<\/span><\/td>\n<td width=\"134\"><span style=\"font-family: times new roman, times, serif; font-size: 10pt;\">Johann Nilius (illeg.)<\/span><\/td>\n<td style=\"text-align: center;\" width=\"76\"><span style=\"font-family: times new roman, times, serif; font-size: 10pt;\">11.02.1700<\/span><\/td>\n<td style=\"text-align: center;\" width=\"76\"><span style=\"font-family: times new roman, times, serif; font-size: 10pt;\">12.02.1700<\/span><\/td>\n<td style=\"text-align: center;\" width=\"69\"><\/td>\n<td style=\"text-align: center;\" width=\"68\"><\/td>\n<td style=\"text-align: center;\" width=\"67\"><\/td>\n<td style=\"text-align: center;\" width=\"42\"><\/td>\n<td style=\"text-align: center;\" width=\"43\"><\/td>\n<\/tr>\n<\/tbody>\n<\/table>\n<p><span style=\"font-family: times new roman, times, serif; font-size: 10pt;\"><strong>Paten: <\/strong><em>Johannes Ninck v[nd] Niclas Ninck, beide des K\u00fchirten Sohn alhie; Engel Catharinen einer armen Bettelwittiben Tochter<\/em><\/span><\/p>\n<hr \/>\n<p><span style=\"font-size: 10pt; font-family: times new roman, times, serif;\"><strong>Letzte \u00c4nderung: 14. Februar 2024<\/strong><\/span><br \/>\n<span style=\"font-size: 10pt; font-family: times new roman, times, serif;\"><strong>Ralph Jackmuth<\/strong><\/span><\/p>\n","protected":false},"excerpt":{"rendered":"<p>R&#8230;, Jakob: er und seine Frau sind zur Zeit Vertriebene (exules) in Hunzel, sonsten seindt sie zu Haus zu Gutenthal [?] im Trierischen ohnfern Mont Royal oo mit Elisabeth Nr. Vorname (normiert) geboren getauft konfirmiert gestorben begraben Alter Stand 1 Johann Wilhelm 02.03.1691 08.03.1691 Paten: Joh: Adam Retert senior in Huntzel; Anna Gertrud, Philips Z\u00f6llers &hellip; <a href=\"https:\/\/www.ahnenforschung-jackmuth.de\/?page_id=11210\" class=\"more-link\"><span class=\"screen-reader-text\">\u201eOFB Hunzel 1648-1746 &#8211; R-Z\u201c<\/span> weiterlesen<\/a><\/p>\n","protected":false},"author":1,"featured_media":0,"parent":0,"menu_order":0,"comment_status":"closed","ping_status":"closed","template":"","meta":{"footnotes":""},"class_list":["post-11210","page","type-page","status-publish","hentry"],"_links":{"self":[{"href":"https:\/\/www.ahnenforschung-jackmuth.de\/index.php?rest_route=\/wp\/v2\/pages\/11210","targetHints":{"allow":["GET"]}}],"collection":[{"href":"https:\/\/www.ahnenforschung-jackmuth.de\/index.php?rest_route=\/wp\/v2\/pages"}],"about":[{"href":"https:\/\/www.ahnenforschung-jackmuth.de\/index.php?rest_route=\/wp\/v2\/types\/page"}],"author":[{"embeddable":true,"href":"https:\/\/www.ahnenforschung-jackmuth.de\/index.php?rest_route=\/wp\/v2\/users\/1"}],"replies":[{"embeddable":true,"href":"https:\/\/www.ahnenforschung-jackmuth.de\/index.php?rest_route=%2Fwp%2Fv2%2Fcomments&post=11210"}],"version-history":[{"count":0,"href":"https:\/\/www.ahnenforschung-jackmuth.de\/index.php?rest_route=\/wp\/v2\/pages\/11210\/revisions"}],"wp:attachment":[{"href":"https:\/\/www.ahnenforschung-jackmuth.de\/index.php?rest_route=%2Fwp%2Fv2%2Fmedia&parent=11210"}],"curies":[{"name":"wp","href":"https:\/\/api.w.org\/{rel}","templated":true}]}}