{"id":10598,"date":"2023-08-10T17:09:25","date_gmt":"2023-08-10T17:09:25","guid":{"rendered":"http:\/\/www.ahnenforschung-jackmuth.de\/?page_id=10598"},"modified":"2023-08-10T17:09:25","modified_gmt":"2023-08-10T17:09:25","slug":"ofb-schweighausen-vor-oder-nachname-unbekannt","status":"publish","type":"page","link":"https:\/\/www.ahnenforschung-jackmuth.de\/?page_id=10598","title":{"rendered":"OFB Schweighausen &#8211; Vor- oder Nachname unbekannt"},"content":{"rendered":"<p><span style=\"font-family: times new roman, times, serif; font-size: 10pt;\"><span style=\"color: #ff0000;\"><strong>Anna Eva:<\/strong> <\/span>Tochter des Viehhirten; 14 Jahre alt; konf. 11.04.1727 (Karfreitag) Becheln<\/span><\/p>\n<hr \/>\n<p><span style=\"font-family: times new roman, times, serif; font-size: 10pt; color: #ff0000;\"><strong>Anna Margaretha<\/strong><\/span><\/p>\n<p><span style=\"font-family: times new roman, times, serif; font-size: 10pt;\"><strong>o-o<\/strong> mit <strong>N. N.:<\/strong> pater incertus<\/span><\/p>\n<table style=\"width: 100%;\">\n<tbody>\n<tr>\n<td style=\"text-align: center; width: 6.54762%;\" width=\"21\"><span style=\"font-family: times new roman, times, serif; font-size: 10pt;\"><strong>Nr.<\/strong><\/span><\/td>\n<td style=\"width: 19.2857%;\" width=\"140\"><span style=\"font-family: times new roman, times, serif; font-size: 10pt;\"><strong>VN normiert<\/strong><\/span><\/td>\n<td style=\"text-align: center; width: 11.9048%;\" width=\"73\"><span style=\"font-family: times new roman, times, serif; font-size: 10pt;\"><strong>Geburt<\/strong><\/span><\/td>\n<td style=\"text-align: center; width: 13.3333%;\" width=\"84\"><span style=\"font-family: times new roman, times, serif; font-size: 10pt;\"><strong>Taufe<\/strong><\/span><\/td>\n<td style=\"text-align: center; width: 10.8333%;\" width=\"65\"><span style=\"font-family: times new roman, times, serif; font-size: 10pt;\"><strong>konf.<\/strong><\/span><\/td>\n<td style=\"text-align: center; width: 10.8333%;\" width=\"65\"><span style=\"font-family: times new roman, times, serif; font-size: 10pt;\"><strong>gestorben<\/strong><\/span><\/td>\n<td style=\"text-align: center; width: 11.9048%;\" width=\"73\"><span style=\"font-family: times new roman, times, serif; font-size: 10pt;\"><strong>begraben<\/strong><\/span><\/td>\n<td style=\"text-align: center; width: 7.85714%;\" width=\"43\"><span style=\"font-family: times new roman, times, serif; font-size: 10pt;\"><strong>Alter<\/strong><\/span><\/td>\n<td style=\"text-align: center; width: 7.38095%;\" width=\"40\"><span style=\"font-family: times new roman, times, serif; font-size: 10pt;\"><strong>Stand<\/strong><\/span><\/td>\n<\/tr>\n<tr>\n<td style=\"text-align: center; width: 6.54762%;\" width=\"21\"><span style=\"font-family: times new roman, times, serif; font-size: 10pt;\">1<\/span><\/td>\n<td style=\"width: 19.2857%;\" width=\"140\"><span style=\"font-family: times new roman, times, serif; font-size: 10pt;\">Johann Gottfried (illeg.)<\/span><\/td>\n<td style=\"text-align: center; width: 11.9048%;\" width=\"73\"><span style=\"font-family: times new roman, times, serif; font-size: 10pt;\">13.06.1735<\/span><\/td>\n<td style=\"text-align: center; width: 13.3333%;\" width=\"84\"><span style=\"font-family: times new roman, times, serif; font-size: 10pt;\">14.06.1735<\/span><\/td>\n<td style=\"text-align: center; width: 10.8333%;\" width=\"65\"><\/td>\n<td style=\"text-align: center; width: 10.8333%;\" width=\"65\"><\/td>\n<td style=\"text-align: center; width: 11.9048%;\" width=\"73\"><\/td>\n<td style=\"text-align: center; width: 7.85714%;\" width=\"43\"><\/td>\n<td style=\"text-align: center; width: 7.38095%;\" width=\"40\"><\/td>\n<\/tr>\n<\/tbody>\n<\/table>\n<p style=\"text-align: justify;\"><span style=\"font-family: times new roman, times, serif; font-size: 10pt;\"><strong>Paten: <\/strong><em>Johann Gottfried Gro\u00df, M\u00fchlknecht von Scheuern; Johann Henrich Elperskirch von De\u00dfigoben <\/em>[Dessighofen]<em>; und Maria Christina, Philipps Winterwerbers Hau\u00dffrau<\/em><\/span><\/p>\n<hr \/>\n<p><span style=\"font-family: times new roman, times, serif; font-size: 10pt;\"><span style=\"color: #ff0000;\"><strong>N. N.:<\/strong><\/span> + 10.05.1748 Schweighausen, an den Pocken; ein armes Kind<\/span><\/p>\n<hr \/>\n<p><span style=\"font-family: times new roman, times, serif; font-size: 10pt;\"><span style=\"color: #ff0000;\"><strong>N. N.:<\/strong><\/span> + 07.07.1757 Schweighausen, an den Pocken, 1 Jahr alt (bg. 08.07.); S\u00f6hnlein \u201eunseres Hirten\u201c<\/span><\/p>\n<hr \/>\n<p><span style=\"font-family: times new roman, times, serif; font-size: 10pt;\"><span style=\"color: #ff0000;\"><strong>Elisabeth Katharina:<\/strong> <\/span>+ 15.04.1759 Schweighausen (bg. 16.04.); Eintragstext lapidar: <em>Pasch: 2 ward die schwache Lie\u00dfeket sch\u00f6n begr: so gestern bey \u2026 Z\u00f6ller gestorben.<\/em><\/span><\/p>\n<hr \/>\n<p><span style=\"font-family: times new roman, times, serif; font-size: 10pt;\"><span style=\"color: #ff0000;\"><strong>Maria Katharina N. N.:<\/strong> <\/span>* 11.11.1741 Schweighausen (gt. 12.11., Paten: <em>Maria Catharina, T\u00f6nge\u00df Kleinen Tochter; Maria Juliana, Philipps Bolchen Tochter; Henrich Asseler, Webergesell von Wetzlar<\/em>) \u2014 In der Spalte zu den Eltern steht: <em>pater \u2026 alumn[us] gymnasii \u2026 Valentin<\/em> <em>\u2026 ludimagistri filia<\/em><\/span><\/p>\n<hr \/>\n<p><span style=\"font-size: 10pt; font-family: times new roman, times, serif;\"><strong>Letzte \u00c4nderung: 10. August 2023<\/strong><\/span><br \/>\n<span style=\"font-size: 10pt; font-family: times new roman, times, serif;\"><strong>Ralph Jackmuth<\/strong><\/span><\/p>\n","protected":false},"excerpt":{"rendered":"<p>Anna Eva: Tochter des Viehhirten; 14 Jahre alt; konf. 11.04.1727 (Karfreitag) Becheln Anna Margaretha o-o mit N. N.: pater incertus Nr. VN normiert Geburt Taufe konf. gestorben begraben Alter Stand 1 Johann Gottfried (illeg.) 13.06.1735 14.06.1735 Paten: Johann Gottfried Gro\u00df, M\u00fchlknecht von Scheuern; Johann Henrich Elperskirch von De\u00dfigoben [Dessighofen]; und Maria Christina, Philipps Winterwerbers Hau\u00dffrau &hellip; <a href=\"https:\/\/www.ahnenforschung-jackmuth.de\/?page_id=10598\" class=\"more-link\"><span class=\"screen-reader-text\">\u201eOFB Schweighausen &#8211; Vor- oder Nachname unbekannt\u201c<\/span> weiterlesen<\/a><\/p>\n","protected":false},"author":1,"featured_media":0,"parent":0,"menu_order":0,"comment_status":"closed","ping_status":"closed","template":"","meta":{"footnotes":""},"class_list":["post-10598","page","type-page","status-publish","hentry"],"_links":{"self":[{"href":"https:\/\/www.ahnenforschung-jackmuth.de\/index.php?rest_route=\/wp\/v2\/pages\/10598","targetHints":{"allow":["GET"]}}],"collection":[{"href":"https:\/\/www.ahnenforschung-jackmuth.de\/index.php?rest_route=\/wp\/v2\/pages"}],"about":[{"href":"https:\/\/www.ahnenforschung-jackmuth.de\/index.php?rest_route=\/wp\/v2\/types\/page"}],"author":[{"embeddable":true,"href":"https:\/\/www.ahnenforschung-jackmuth.de\/index.php?rest_route=\/wp\/v2\/users\/1"}],"replies":[{"embeddable":true,"href":"https:\/\/www.ahnenforschung-jackmuth.de\/index.php?rest_route=%2Fwp%2Fv2%2Fcomments&post=10598"}],"version-history":[{"count":0,"href":"https:\/\/www.ahnenforschung-jackmuth.de\/index.php?rest_route=\/wp\/v2\/pages\/10598\/revisions"}],"wp:attachment":[{"href":"https:\/\/www.ahnenforschung-jackmuth.de\/index.php?rest_route=%2Fwp%2Fv2%2Fmedia&parent=10598"}],"curies":[{"name":"wp","href":"https:\/\/api.w.org\/{rel}","templated":true}]}}