{"id":10550,"date":"2023-08-10T14:42:09","date_gmt":"2023-08-10T14:42:09","guid":{"rendered":"http:\/\/www.ahnenforschung-jackmuth.de\/?page_id=10550"},"modified":"2024-06-08T14:27:04","modified_gmt":"2024-06-08T14:27:04","slug":"ofb-schweighausen-stroever","status":"publish","type":"page","link":"https:\/\/www.ahnenforschung-jackmuth.de\/?page_id=10550","title":{"rendered":"OFB Schweighausen &#8211; Str\u00f6ver"},"content":{"rendered":"<p style=\"text-align: justify;\"><span style=\"font-family: times new roman, times, serif; font-size: 10pt;\"><span style=\"color: #ff0000;\"><strong><u>Str\u00f6ver<\/u><\/strong><strong>, Johann Henrich: <\/strong><\/span><\/span><span style=\"font-family: times new roman, times, serif; font-size: 10pt;\">1686-1692 Pfarrer in Schweighausen und Becheln als Nachfolger von Johann Melchior Schuck (Wahlspruch lt. Pfarrerliste am Beginn des KB: \u201eJesum habeo salvatorem\u201c (In Jesus habe ich den Erl\u00f6ser)), 1692-1719 Pfarrer in Niedermeilingen und Zorn (<em>ab officio remotus<\/em> lt. Pfarrerliste im KB); gt. 29.03.1663 Niedermeilingen (Niedermeilingen, KB 1, Bild 4 auf archion.de); + vor 31.08.1729 (nicht in Niedermeilingen); Eltern: Martin Str\u00f6ver, 1660-1691 Pfarrer in Niedermeilingen und Zorn, Gem. Heidenrod (+ 01.09.1691 Niedermeilingen, \u00fcber 60 Jahre alt (bg. 04.09.); legt das erste erhaltene KB f\u00fcr Niedermeilingen und das erste erhaltene KB f\u00fcr Zorn an, notiert bei den Taufen nur Datum, Vater und Taufname!) und Anna Petronella (+ 02.11.1694 Niedermeilingen, 56 Jahre alt, bg. 05.11. an die linke Seite ihres seligen Eheherrns im Chor vor dem Altar der Kirche allhier (Niedermeilingen, KB 1, Bild 123 auf archion.de)<\/span><\/p>\n<p style=\"text-align: justify;\"><span style=\"font-family: times new roman, times, serif; font-size: 10pt;\"><strong>oo I. <\/strong>mit <strong><u>Frowein<\/u>, Anna Dorothea:<\/strong> Tochter des Johann Peter Frowein (aus St. Goar ?); + 19.09.1708 Niedermeilingen, 45 Jahre minus 11 Tage alt, Leichentext 2 Tim 4, 18 ff. (bg. 22.09., im Chor vorm Altar der Kirche in Niedermeilingen); Eintragstext: <em>Den 19 [Septem]br[is] hor. seq. vespert: entschlieff im Herrn Jesu sanffte u. seelig Frau Fr. Anna Dorothea Str\u00f6verin gebohrne Frohweinin, H[errn] Joh: Henrich Str\u00f6vers, Pf[arre]rs in Mey[lingen] u. Zorn, 23 Jahr liebgewe\u00dfene Hau\u00dffr., welche [Samstags], den 22 h[uius] mit Gesang u. Klang, mit Predigt, Personal: gebet u. Parenta[ti]on christl\u00f6b[lich] dem Leibe nach in den Schos der Erden im Chor vorm Altar der Kirchen Mey[lingen] geleget worden; \u00e6tatis su\u00e6 45 Jahr \u2013 11 Tage. Gott erfreue ihre Seel im Himmel u. gebe dem Leib eine fr\u00f6[liche] Aufferstehung. Der Herr tr\u00f6ste u. st\u00e4rcke den hinter[lassenen] Vatter u. die 6 Kinder, welche theils klein u. ohnerzogen, d[a]z er der Vatter sie zu g\u00f6tt[lichen] Ehren erziehen u. in langem Leben viel Freudte an ihnen erfahren m\u00f6ge undt wann wir alle Alters u. Lebens m\u00fcde sindt, so gebe uns der liebste Herr Jesus eine v[er]st\u00e4ndige, sanffte, stille u. see[lige] Nachfahrt umb seines Bluts Todtes u. h[eiligen 5 Wundten willen. Amen. Amen. Text[us] funebr[is] zu Ehren der see[ligen] Fr[au] Pf[arre]rin war ex 2 Tim 4 v[ersus] 18 p[er] tot[um]: \u201eDer Herr wirdt mich erl\u00f6\u00dfen von allem \u00dcbel u. aushelffen &amp;c\u201c <\/em>(Niedermeilingen, KB 1, Bild 126 auf archion.de)<\/span><\/p>\n<table>\n<tbody>\n<tr>\n<td style=\"text-align: center;\" width=\"21\"><span style=\"font-family: times new roman, times, serif; font-size: 10pt;\"><strong>Nr.<\/strong><\/span><\/td>\n<td width=\"179\"><span style=\"font-family: times new roman, times, serif; font-size: 10pt;\"><strong>VN normiert<\/strong><\/span><\/td>\n<td style=\"text-align: center;\" width=\"76\"><span style=\"font-family: times new roman, times, serif; font-size: 10pt;\"><strong>Geburt<\/strong><\/span><\/td>\n<td style=\"text-align: center;\" width=\"76\"><span style=\"font-family: times new roman, times, serif; font-size: 10pt;\"><strong>Taufe<\/strong><\/span><\/td>\n<td style=\"text-align: center;\" width=\"62\"><span style=\"font-family: times new roman, times, serif; font-size: 10pt;\"><strong>konf.<\/strong><\/span><\/td>\n<td style=\"text-align: center;\" width=\"67\"><span style=\"font-family: times new roman, times, serif; font-size: 10pt;\"><strong>gestorben<\/strong><\/span><\/td>\n<td style=\"text-align: center;\" width=\"72\"><span style=\"font-family: times new roman, times, serif; font-size: 10pt;\"><strong>begraben<\/strong><\/span><\/td>\n<td style=\"text-align: center;\" width=\"40\"><span style=\"font-family: times new roman, times, serif; font-size: 10pt;\"><strong>Alter<\/strong><\/span><\/td>\n<td style=\"text-align: center;\" width=\"38\"><span style=\"font-family: times new roman, times, serif; font-size: 10pt;\"><strong>Stand<\/strong><\/span><\/td>\n<\/tr>\n<tr>\n<td style=\"text-align: center;\" width=\"21\"><span style=\"font-family: times new roman, times, serif; font-size: 10pt;\">1<\/span><\/td>\n<td width=\"179\"><span style=\"font-family: times new roman, times, serif; font-size: 10pt;\">Johann Martin<\/span><\/td>\n<td style=\"text-align: center;\" width=\"76\"><span style=\"font-family: times new roman, times, serif; font-size: 10pt;\">10.06.1686<\/span><\/td>\n<td style=\"text-align: center;\" width=\"76\"><span style=\"font-family: times new roman, times, serif; font-size: 10pt;\">15.06.1686<\/span><\/td>\n<td style=\"text-align: center;\" width=\"62\"><\/td>\n<td style=\"text-align: center;\" width=\"67\"><span style=\"font-family: times new roman, times, serif; font-size: 10pt;\">23.06.1686<\/span><\/td>\n<td style=\"text-align: center;\" width=\"72\"><span style=\"font-family: times new roman, times, serif; font-size: 10pt;\">25.06.1686<\/span><\/td>\n<td style=\"text-align: center;\" width=\"40\"><span style=\"font-family: times new roman, times, serif; font-size: 10pt;\">0,04<\/span><\/td>\n<td style=\"text-align: center;\" width=\"38\"><\/td>\n<\/tr>\n<tr>\n<td style=\"text-align: center;\"><span style=\"font-family: times new roman, times, serif; font-size: 10pt;\">2<\/span><\/td>\n<td><span style=\"font-family: times new roman, times, serif; font-size: 10pt;\">Regina Christina<\/span><\/td>\n<td style=\"text-align: center;\"><span style=\"font-family: times new roman, times, serif; font-size: 10pt;\">22.06.1687<\/span><\/td>\n<td style=\"text-align: center;\"><span style=\"font-family: times new roman, times, serif; font-size: 10pt;\">23.06.1687<\/span><\/td>\n<td style=\"text-align: center;\"><\/td>\n<td style=\"text-align: center;\"><span style=\"font-family: times new roman, times, serif; font-size: 10pt;\">19.01.1688<\/span><\/td>\n<td style=\"text-align: center;\"><span style=\"font-family: times new roman, times, serif; font-size: 10pt;\">21.01.1688<\/span><\/td>\n<td style=\"text-align: center;\"><span style=\"font-family: times new roman, times, serif; font-size: 10pt;\">0,58<\/span><\/td>\n<td style=\"text-align: center;\"><\/td>\n<\/tr>\n<tr>\n<td style=\"text-align: center;\"><span style=\"font-family: times new roman, times, serif; font-size: 10pt;\">3<\/span><\/td>\n<td><span style=\"font-family: times new roman, times, serif; font-size: 10pt;\">Eleonora Catharina<\/span><\/td>\n<td style=\"text-align: center;\"><span style=\"font-family: times new roman, times, serif; font-size: 10pt;\">26.10.1688<\/span><\/td>\n<td style=\"text-align: center;\"><span style=\"font-family: times new roman, times, serif; font-size: 10pt;\">27.10.1688<\/span><\/td>\n<td style=\"text-align: center;\"><span style=\"font-family: times new roman, times, serif; font-size: 10pt;\">27.05.1703<\/span><\/td>\n<td style=\"text-align: center;\"><\/td>\n<td style=\"text-align: center;\"><\/td>\n<td style=\"text-align: center;\"><\/td>\n<td style=\"text-align: center;\"><\/td>\n<\/tr>\n<tr>\n<td style=\"text-align: center;\"><span style=\"font-family: times new roman, times, serif; font-size: 10pt;\">4<\/span><\/td>\n<td><span style=\"font-family: times new roman, times, serif; font-size: 10pt;\">Anna Margaretha<\/span><\/td>\n<td style=\"text-align: center;\"><span style=\"font-family: times new roman, times, serif; font-size: 10pt;\">31.05.1690<\/span><\/td>\n<td style=\"text-align: center;\"><span style=\"font-family: times new roman, times, serif; font-size: 10pt;\">04.06.1690<\/span><\/td>\n<td style=\"text-align: center;\"><span style=\"font-family: times new roman, times, serif; font-size: 10pt;\">11.05.1704<\/span><\/td>\n<td style=\"text-align: center;\"><\/td>\n<td style=\"text-align: center;\"><\/td>\n<td style=\"text-align: center;\"><\/td>\n<td style=\"text-align: center;\"><\/td>\n<\/tr>\n<tr>\n<td style=\"text-align: center;\"><span style=\"font-family: times new roman, times, serif; font-size: 10pt;\">5<\/span><\/td>\n<td><span style=\"font-family: times new roman, times, serif; font-size: 10pt;\">David Daniel<\/span><\/td>\n<td style=\"text-align: center;\"><span style=\"font-family: times new roman, times, serif; font-size: 10pt;\">xx.04.1692<\/span><\/td>\n<td style=\"text-align: center;\"><span style=\"font-family: times new roman, times, serif; font-size: 10pt;\">10.04.1692<\/span><\/td>\n<td style=\"text-align: center;\"><span style=\"font-family: times new roman, times, serif; font-size: 10pt;\">30.05.1706<\/span><\/td>\n<td style=\"text-align: center;\"><\/td>\n<td style=\"text-align: center;\"><\/td>\n<td style=\"text-align: center;\"><\/td>\n<td style=\"text-align: center;\"><\/td>\n<\/tr>\n<tr>\n<td style=\"text-align: center;\"><span style=\"font-family: times new roman, times, serif; font-size: 10pt;\">6<\/span><\/td>\n<td><span style=\"font-family: times new roman, times, serif; font-size: 10pt;\"><em>Seybertus<\/em> oder <em>Sigebertus Petrus<\/em><\/span><\/td>\n<td style=\"text-align: center;\"><span style=\"font-family: times new roman, times, serif; font-size: 10pt;\">01.01.1695<\/span><\/td>\n<td style=\"text-align: center;\"><span style=\"font-family: times new roman, times, serif; font-size: 10pt;\">01.01.1695<\/span><\/td>\n<td style=\"text-align: center;\"><\/td>\n<td style=\"text-align: center;\"><span style=\"font-family: times new roman, times, serif; font-size: 10pt;\">10.03.1695<\/span><\/td>\n<td style=\"text-align: center;\"><span style=\"font-family: times new roman, times, serif; font-size: 10pt;\">11.03.1695<\/span><\/td>\n<td style=\"text-align: center;\"><span style=\"font-family: times new roman, times, serif; font-size: 10pt;\">0,19<\/span><\/td>\n<td style=\"text-align: center;\"><\/td>\n<\/tr>\n<tr>\n<td style=\"text-align: center;\"><span style=\"font-family: times new roman, times, serif; font-size: 10pt;\">7<\/span><\/td>\n<td><span style=\"font-family: times new roman, times, serif; font-size: 10pt;\">Johannes Conradus<\/span><\/td>\n<td style=\"text-align: center;\"><span style=\"font-family: times new roman, times, serif; font-size: 10pt;\">xx.05.1696<\/span><\/td>\n<td style=\"text-align: center;\"><span style=\"font-family: times new roman, times, serif; font-size: 10pt;\">21.05.1696<\/span><\/td>\n<td style=\"text-align: center;\"><\/td>\n<td style=\"text-align: center;\"><span style=\"font-family: times new roman, times, serif; font-size: 10pt;\">28.05.1697<\/span><\/td>\n<td style=\"text-align: center;\"><span style=\"font-family: times new roman, times, serif; font-size: 10pt;\">30.05.1697<\/span><\/td>\n<td style=\"text-align: center;\"><span style=\"font-family: times new roman, times, serif; font-size: 10pt;\">1,07<\/span><\/td>\n<td style=\"text-align: center;\"><\/td>\n<\/tr>\n<tr>\n<td style=\"text-align: center;\"><span style=\"font-family: times new roman, times, serif; font-size: 10pt;\">8<\/span><\/td>\n<td><span style=\"font-family: times new roman, times, serif; font-size: 10pt;\">Elisabeth Barbara<\/span><\/td>\n<td style=\"text-align: center;\"><span style=\"font-family: times new roman, times, serif; font-size: 10pt;\">30.03.1698<\/span><\/td>\n<td style=\"text-align: center;\"><span style=\"font-family: times new roman, times, serif; font-size: 10pt;\">03.04.1698<\/span><\/td>\n<td style=\"text-align: center;\"><\/td>\n<td style=\"text-align: center;\"><span style=\"font-family: times new roman, times, serif; font-size: 10pt;\">21.04.1698<\/span><\/td>\n<td style=\"text-align: center;\"><span style=\"font-family: times new roman, times, serif; font-size: 10pt;\">22.04.1698<\/span><\/td>\n<td style=\"text-align: center;\"><span style=\"font-family: times new roman, times, serif; font-size: 10pt;\">0,06<\/span><\/td>\n<td style=\"text-align: center;\"><\/td>\n<\/tr>\n<tr>\n<td style=\"text-align: center;\"><span style=\"font-family: times new roman, times, serif; font-size: 10pt;\">9<\/span><\/td>\n<td><span style=\"font-family: times new roman, times, serif; font-size: 10pt;\">Maria Barbara<\/span><\/td>\n<td style=\"text-align: center;\"><span style=\"font-family: times new roman, times, serif; font-size: 10pt;\">25.02.1699<\/span><\/td>\n<td style=\"text-align: center;\"><span style=\"font-family: times new roman, times, serif; font-size: 10pt;\">03.03.1699<\/span><\/td>\n<td style=\"text-align: center;\"><\/td>\n<td style=\"text-align: center;\"><span style=\"font-family: times new roman, times, serif; font-size: 10pt;\">20.03.1706<\/span><\/td>\n<td style=\"text-align: center;\"><span style=\"font-family: times new roman, times, serif; font-size: 10pt;\">23.03.1706<\/span><\/td>\n<td style=\"text-align: center;\"><span style=\"font-family: times new roman, times, serif; font-size: 10pt;\">7,07<\/span><\/td>\n<td style=\"text-align: center;\"><\/td>\n<\/tr>\n<tr>\n<td style=\"text-align: center;\"><span style=\"font-family: times new roman, times, serif; font-size: 10pt;\">10<\/span><\/td>\n<td><span style=\"font-family: times new roman, times, serif; font-size: 10pt;\">Elisabeth Margaretha<\/span><\/td>\n<td style=\"text-align: center;\"><span style=\"font-family: times new roman, times, serif; font-size: 10pt;\">03.02.1702<\/span><\/td>\n<td style=\"text-align: center;\"><span style=\"font-family: times new roman, times, serif; font-size: 10pt;\">08.02.1702<\/span><\/td>\n<td style=\"text-align: center;\"><span style=\"font-family: times new roman, times, serif; font-size: 10pt;\">xx.xx.1717<\/span><\/td>\n<td style=\"text-align: center;\"><\/td>\n<td style=\"text-align: center;\"><\/td>\n<td style=\"text-align: center;\"><\/td>\n<td style=\"text-align: center;\"><\/td>\n<\/tr>\n<tr>\n<td style=\"text-align: center;\"><span style=\"font-family: times new roman, times, serif; font-size: 10pt;\">11<\/span><\/td>\n<td><span style=\"font-family: times new roman, times, serif; font-size: 10pt;\">Anna Dorothea<\/span><\/td>\n<td style=\"text-align: center;\"><span style=\"font-family: times new roman, times, serif; font-size: 10pt;\">xx.xx.1705<\/span><\/td>\n<td style=\"text-align: center;\"><span style=\"font-family: times new roman, times, serif; font-size: 10pt;\">xx.xx.1705<\/span><\/td>\n<td style=\"text-align: center;\"><\/td>\n<td style=\"text-align: center;\"><\/td>\n<td style=\"text-align: center;\"><\/td>\n<td style=\"text-align: center;\"><\/td>\n<td style=\"text-align: center;\"><\/td>\n<\/tr>\n<tr>\n<td style=\"text-align: center;\"><span style=\"font-family: times new roman, times, serif; font-size: 10pt;\">12<\/span><\/td>\n<td><span style=\"font-family: times new roman, times, serif; font-size: 10pt;\">Johannes<\/span><\/td>\n<td style=\"text-align: center;\"><span style=\"font-family: times new roman, times, serif; font-size: 10pt;\">21.09.1707<\/span><\/td>\n<td style=\"text-align: center;\"><span style=\"font-family: times new roman, times, serif; font-size: 10pt;\">25.09.1707<\/span><\/td>\n<td style=\"text-align: center;\"><\/td>\n<td style=\"text-align: center;\"><span style=\"font-family: times new roman, times, serif; font-size: 10pt;\">28.11.1708<\/span><\/td>\n<td style=\"text-align: center;\"><span style=\"font-family: times new roman, times, serif; font-size: 10pt;\">30.11.1708<\/span><\/td>\n<td style=\"text-align: center;\"><span style=\"font-family: times new roman, times, serif; font-size: 10pt;\">1,19<\/span><\/td>\n<td style=\"text-align: center;\"><\/td>\n<\/tr>\n<\/tbody>\n<\/table>\n<p style=\"text-align: justify;\"><span style=\"font-family: times new roman, times, serif; font-size: 10pt;\">Kind Nr. 1) * Schweighausen; + Schweighausen, <em>an einem gef\u00e4hrlichen Husten, worzu ach leyd[er] d[a]z schwere Creutz gekommen<\/em>; bg. im Chor vor dem Altar<br \/>\n<\/span><span style=\"font-family: times new roman, times, serif; font-size: 10pt;\">Kind Nr. 2) * Schweighausen; + Schweighausen, <em>an sonderbarer Brustschwachheit u. Husten<\/em>; bg. <em>in die Kirch gegen dem Altar bey seinem Br\u00fcder[lein] see[lig] zur lincken Seiten<br \/>\n<\/em><\/span><span style=\"font-family: times new roman, times, serif; font-size: 10pt;\">Kind Nr. 3) * Schweighausen; konf. Niedermeilingen (Niedermeilingen, KB 1, Bild 80 auf archion.de)<br \/>\n<\/span><span style=\"font-family: times new roman, times, serif; font-size: 10pt;\">Kind Nr. 4) * Schweighausen<br \/>\n<\/span><span style=\"font-family: times new roman, times, serif; font-size: 10pt;\">Kind Nr. 5) * Niedermeilingen (Niedermeilingen, KB 1, Bild 8 auf archion.de)<br \/>\n<\/span><span style=\"font-family: times new roman, times, serif; font-size: 10pt;\">Kind Nr. 6) <em>Mane hor[a] 6 nat[us] et in casu necessitatis statim renatus ac [Dominica] 1 p[ost] Epiph[aniae] den 13ten h[uius] praesentat[is] in templo Mey[lingensis]<\/em>; * Niedermeilingen (Niedermeilingen, KB 1, Bild 10 auf archion.de); + Niedermeilingen (Niedermeilingen, KB 1, Bild 124 auf archion.de)<br \/>\n<\/span><span style=\"font-family: times new roman, times, serif; font-size: 10pt;\">Kind Nr. 7) * Niedermeilingen (Niedermeilingen, KB 1, Bild 10 auf archion.de); + Niedermeilingen (Niedermeilingen, KB 1, Bild 124 auf archion.de)<br \/>\n<\/span><span style=\"font-family: times new roman, times, serif; font-size: 10pt;\">Kind Nr. 8) * Niedermeilingen (Niedermeilingen, KB 1, Bild 11 auf archion.de) ); + Niedermeilingen (Niedermeilingen, KB 1, Bild 124 auf archion.de)<br \/>\n<\/span><span style=\"font-family: times new roman, times, serif; font-size: 10pt;\">Kind Nr. 9) * Niedermeilingen (Niedermeilingen, KB 1, Bild 11 auf archion.de) ); + Niedermeilingen (Niedermeilingen, KB 1, Bild 126 auf archion.de); bg. in die Kirche vor die Kanzel<br \/>\n<\/span><span style=\"font-family: times new roman, times, serif; font-size: 10pt;\">Kind Nr. 10) * Niedermeilingen (Niedermeilingen, KB 1, Bild 13 auf archion.de); konf. Zorn (Zorn, KB 1, Bild 67 auf archion.de)<br \/>\n<\/span><span style=\"font-family: times new roman, times, serif; font-size: 10pt;\">Kind Nr. 11) * Niedermeilingen (Niedermeilingen, KB 1, Bild 14 auf archion.de)<br \/>\n<\/span><span style=\"font-family: times new roman, times, serif; font-size: 10pt;\">Kind Nr. 12) * Niedermeilingen (Niedermeilingen, KB 1, Bild 15 auf archion.de); + Niedermeilingen (Niedermeilingen, KB 1, Bild 127 auf archion.de)<\/span><\/p>\n<p style=\"text-align: justify;\"><span style=\"font-family: times new roman, times, serif; font-size: 10pt;\"><strong>Paten:<\/strong> <strong>zu 1) <\/strong><em>H[err] Martin[us] Str\u00f6ver[us], av[us] patern[us], pastor &#8230; <\/em>[Meilingen]<em> et Zorn <\/em>[Gem. Heidenrod]<em>; H[err] Johann Christoph Schr\u00f6der, Pf[arre]r zu Fr\u00fccht;\u00a0 Anna Johannetha, Gerlach Dickschieds, Schulthei\u00dfen zu Grebert, Hausfr[au] <\/em>\u2014 <strong>zu 2) <\/strong><em>H[err] David Buder[us], Pf[arre]r zu D\u00fcrrnholtzhau\u00dfen <\/em>[Dornholzhausen]<em>; Fr[au] Anna Regina, H[errn] Conrad Moosen, Pf[arre]rs zu Nastetten Eheliebste; Christina Catharina, Joh. <\/em><em>Peter Froweins, H[errn] Gro\u00dfvattern, Pfarrern uffm Altenberg, ahleib[liche] Tochter <\/em>\u2014 <strong>zu 3) <\/strong><em>Fr[au] Eleonora Catharina, H[errn] Joh. Friedrich Rhodten, Pfarrern zu Dach\u00dfenhau\u00dfen, liebste Hausfraw; Anna Catharina, parentis Pf[arre]r Schwester; u. Martin Anton, B\u00fcrger u. Hutmacher zu Nastetten <\/em>\u2014 <strong>zu 4) <\/strong><em>D[er] wohlehrw[\u00fcrdige] H[err] Johannes Koch, t[unc] t[emporis] Pfarrer zu Weyer; Fr[au] Anna Margretha, des wohlehrw[\u00fcrdigen] Joh. Peter Froweins, Pf[arre]rs zu Echert <\/em>[?]<em> seine Hausfr[au]; u. Fr[au] Anna Margretha, des H[errn] Pf[arre]rs zu Pfaltzfeldt Joh. Melchior Froweins Hausfraw <\/em>\u2014 <strong>zu 5) <\/strong><em>Herr Daniel Kuhn, Pf[arre]r in Diethardt; H[err] David Corneli[us] Starck, Kellner zu Grunaw; u. Herrn Christiani Schnabels pr\u00e6ceptoris in Nastetten, seine Hausfr. nahment[lich] Anna Maria <\/em>\u2014 <strong>zu 6) <\/strong><em>Herr Johann Petrus Mo&lt;&#8230;&gt;, Pfarrer zu Miehlen; H[err] Sigebert[us] Petr[us] Frowein, theo[logiae] stud&lt;iosus&gt;, matris frater; Anna Regina Schmidtin gebohrne Str\u00f6verin, patris soror <\/em>\u2014 <strong>zu 7) <\/strong><em>Herr Conrad[us] Moos, past[or] Nast\u00e4d[iensis]; Herr Johann Nicola[us] Herber, past[or] in Dickschiedt; Fraw Anna Maria, H[errn] Daniel Chunen, past[or] in Ditthardt, Hau\u00dfehre <\/em>[= Ehefrau] <\/span><span style=\"font-family: times new roman, times, serif; font-size: 10pt;\">\u2014 <strong>zu 8) <\/strong><em>Johann Andreas Schmidt, parentis &lt;&#8230;&gt;fraw Elisabetha; H[err] Fridrich Peter El&lt;&#8230;&gt;ers, pastoris Ackerbacens[is], uxor; Anna Barbara, Anton Martin Frohweins, matris uxor von St. Goar <\/em>\u2014 <strong>zu 9) <\/strong><em>Joh: Gerlach Dickschiedt H[err] Schulthei\u00df in Grebert; Maria Catharina Heinerin Fr. Baas u. Wittwe von Nastett; u. J[ung]f[e]r Maria Barbara Str\u00f6verin, patris soror <\/em>\u2014 <strong>zu 10) <\/strong><em>1) H[err] Joh: Andreas Klen, Bedienter &lt;&#8230;&gt; des Ca\u00dfel[ischen] Erbprintzens; 2) Fr. Ba&lt;&#8230;&gt;sabetha, H[errn] Joh. Justi Witzenhau\u00dfens zu &lt;&#8230;&gt; den hinder[lassene] Wittwe; 3) Fr. Base Regina &lt;Mar&gt;gretha zu M\u00fcnden, H[errn] Philippi Sch\u00fcter&lt;&#8230;&gt;, Ambtmanns zu Friedland hinter[lassene] Witt&lt;we&gt;; 4) Fr. Base Margretha Hedwig, Hans &lt;&#8230;&gt;tins Ullius von Kettenbach hindter[lassene] W&lt;itwe&gt; <\/em>\u2014 <strong>zu 11) <\/strong><em>1) H[err] Joh: Petr[us] Frowein, Pf[arre]r in Eschert <\/em>[?]<em>; 2) Fr. Anna Martha Kellerin in Grunaw; 3) J[ung]f[e]r Anna Dorothea, H[errn] Joh. Neumanns, Pf[arre]rs in Margrethen Strentz, filia <\/em>\u2014 <strong>zu 12) <\/strong><em>Joh. Thomas Husch, Schulth[ei]\u00df in Zorn; &lt;&#8230;&gt; Emmrich Schmidt, Schuldiener in M&lt;&#8230;&gt;; u. Anna Euphrosyna Schmidtin, Schuldienerin in Zorn, als Schw&lt;&#8230;&gt; u. Schw\u00e4gerin<\/em><\/span><\/p>\n<p style=\"text-align: justify;\"><span style=\"font-family: times new roman, times, serif; font-size: 10pt;\"><em>\u00a0<\/em><\/span><span style=\"font-family: times new roman, times, serif; font-size: 10pt;\"><strong>oo II. 23.07.1709 Braubach<\/strong> mit <strong><u>Lyser<\/u>, Christina Eleonara:<\/strong> gt. 21.10.1683 Braubach; konf. 01.06.1696; bg. 31.08.1729 Braubach, Witwe; Eltern: Johannes Lyser, Kollektor und Rat, und Anna Magdalena geb. Kneuper<\/span><\/p>\n<table>\n<tbody>\n<tr>\n<td style=\"text-align: center;\" width=\"21\"><span style=\"font-family: times new roman, times, serif; font-size: 10pt;\"><strong>Nr.<\/strong><\/span><\/td>\n<td width=\"164\"><span style=\"font-family: times new roman, times, serif; font-size: 10pt;\"><strong>VN normiert<\/strong><\/span><\/td>\n<td style=\"text-align: center;\" width=\"76\"><span style=\"font-family: times new roman, times, serif; font-size: 10pt;\"><strong>Geburt<\/strong><\/span><\/td>\n<td style=\"text-align: center;\" width=\"76\"><span style=\"font-family: times new roman, times, serif; font-size: 10pt;\"><strong>Taufe<\/strong><\/span><\/td>\n<td style=\"text-align: center;\" width=\"52\"><span style=\"font-family: times new roman, times, serif; font-size: 10pt;\"><strong>konf.<\/strong><\/span><\/td>\n<td style=\"text-align: center;\" width=\"67\"><span style=\"font-family: times new roman, times, serif; font-size: 10pt;\"><strong>gestorben<\/strong><\/span><\/td>\n<td style=\"text-align: center;\" width=\"72\"><span style=\"font-family: times new roman, times, serif; font-size: 10pt;\"><strong>begraben<\/strong><\/span><\/td>\n<td style=\"text-align: center;\" width=\"40\"><span style=\"font-family: times new roman, times, serif; font-size: 10pt;\"><strong>Alter<\/strong><\/span><\/td>\n<td style=\"text-align: center;\" width=\"38\"><span style=\"font-family: times new roman, times, serif; font-size: 10pt;\"><strong>Stand<\/strong><\/span><\/td>\n<\/tr>\n<tr>\n<td style=\"text-align: center;\" width=\"21\"><span style=\"font-family: times new roman, times, serif; font-size: 10pt;\">1<\/span><\/td>\n<td width=\"164\"><span style=\"font-family: times new roman, times, serif; font-size: 10pt;\">Katharina Magdalena<\/span><\/td>\n<td style=\"text-align: center;\" width=\"76\"><span style=\"font-family: times new roman, times, serif; font-size: 10pt;\">10.06.1710<\/span><\/td>\n<td style=\"text-align: center;\" width=\"76\"><span style=\"font-family: times new roman, times, serif; font-size: 10pt;\">13.06.1710<\/span><\/td>\n<td style=\"text-align: center;\" width=\"52\"><\/td>\n<td style=\"text-align: center;\" width=\"67\"><\/td>\n<td style=\"text-align: center;\" width=\"72\"><\/td>\n<td style=\"text-align: center;\" width=\"40\"><\/td>\n<td style=\"text-align: center;\" width=\"38\"><\/td>\n<\/tr>\n<tr>\n<td style=\"text-align: center;\" width=\"21\"><span style=\"font-family: times new roman, times, serif; font-size: 10pt;\">2<\/span><\/td>\n<td width=\"164\"><span style=\"font-family: times new roman, times, serif; font-size: 10pt;\">Regina Philippina Katharina<\/span><\/td>\n<td style=\"text-align: center;\" width=\"76\"><span style=\"font-family: times new roman, times, serif; font-size: 10pt;\">xx.06.1711<\/span><\/td>\n<td style=\"text-align: center;\" width=\"76\"><span style=\"font-family: times new roman, times, serif; font-size: 10pt;\">xx.06.1711<\/span><\/td>\n<td style=\"text-align: center;\" width=\"52\"><\/td>\n<td style=\"text-align: center;\" width=\"67\"><\/td>\n<td style=\"text-align: center;\" width=\"72\"><\/td>\n<td style=\"text-align: center;\" width=\"40\"><\/td>\n<td style=\"text-align: center;\" width=\"38\"><\/td>\n<\/tr>\n<tr>\n<td style=\"text-align: center;\" width=\"21\"><span style=\"font-family: times new roman, times, serif; font-size: 10pt;\">3<\/span><\/td>\n<td width=\"164\"><span style=\"font-family: times new roman, times, serif; font-size: 10pt;\">Johann Valentin<\/span><\/td>\n<td style=\"text-align: center;\" width=\"76\"><span style=\"font-family: times new roman, times, serif; font-size: 10pt;\">23.12.1712<\/span><\/td>\n<td style=\"text-align: center;\" width=\"76\"><span style=\"font-family: times new roman, times, serif; font-size: 10pt;\">28.12.1712<\/span><\/td>\n<td style=\"text-align: center;\" width=\"52\"><\/td>\n<td style=\"text-align: center;\" width=\"67\"><span style=\"font-family: times new roman, times, serif; font-size: 10pt;\">03.05.1717<\/span><\/td>\n<td style=\"text-align: center;\" width=\"72\"><span style=\"font-family: times new roman, times, serif; font-size: 10pt;\">05.05.1717<\/span><\/td>\n<td style=\"text-align: center;\" width=\"40\"><\/td>\n<td style=\"text-align: center;\" width=\"38\"><\/td>\n<\/tr>\n<tr>\n<td style=\"text-align: center;\" width=\"21\"><span style=\"font-family: times new roman, times, serif; font-size: 10pt;\">4<\/span><\/td>\n<td width=\"164\"><span style=\"font-family: times new roman, times, serif; font-size: 10pt;\">Johann Ludwig<\/span><\/td>\n<td style=\"text-align: center;\" width=\"76\"><span style=\"font-family: times new roman, times, serif; font-size: 10pt;\">05.07.1715<\/span><\/td>\n<td style=\"text-align: center;\" width=\"76\"><span style=\"font-family: times new roman, times, serif; font-size: 10pt;\">10.07.1715<\/span><\/td>\n<td style=\"text-align: center;\" width=\"52\"><\/td>\n<td style=\"text-align: center;\" width=\"67\"><\/td>\n<td style=\"text-align: center;\" width=\"72\"><\/td>\n<td style=\"text-align: center;\" width=\"40\"><\/td>\n<td style=\"text-align: center;\" width=\"38\"><\/td>\n<\/tr>\n<\/tbody>\n<\/table>\n<p><span style=\"font-family: times new roman, times, serif; font-size: 10pt;\">Kind Nr. 1) * Niedermeilingen (Niedermeilingen, KB 1, Bild 16 auf archion.de)<br \/>\n<\/span><span style=\"font-family: times new roman, times, serif; font-size: 10pt;\">Kind Nr. 2) * Niedermeilingen (Niedermeilingen, KB 1, Bild 16 auf archion.de)<br \/>\n<\/span><span style=\"font-family: times new roman, times, serif; font-size: 10pt;\">Kind Nr. 3) * Niedermeilingen (Niedermeilingen, KB 1, Bild 17 auf archion.de); + Niedermeilingen (Niedermeilingen, KB 1, Bild 128 auf archion.de)<br \/>\n<\/span><span style=\"font-family: times new roman, times, serif; font-size: 10pt;\">Kind Nr. 4) * Niedermeilingen (Niedermeilingen, KB 1, Bild 17 auf archion.de)<\/span><\/p>\n<p style=\"text-align: justify;\"><span style=\"font-family: times new roman, times, serif; font-size: 10pt;\"><strong>Paten:<\/strong> <strong>zu 1) <\/strong><em>H[err] Joh: Joachim Beurmann, Ambtmann in Harde\u00df&#8230;; Fr. Anna Magdalena, &lt;&#8230;&gt;\u00dferin; u. J[ung]f[e]r Catharina N. \u00e0 &lt;&#8230;&gt;berg cognata <\/em>\u2014 <strong>zu 2) <\/strong><em>H[err] Joh: Philipps Sternberger, Pf[arre]r u. Schw[ager] in Dickschiedt; Anna Catharina, Holtzhau\u00dfin; u. Jungf. Anna Regina, &#8230; &#8230; Pf[arre]r N. Chun filia in Dittert <\/em>[Diethardt] \u2014 <strong>zu 3) <\/strong><em>1) H[err] Joh: Valentin Ha\u00dfe, he\u00df[ischer] Hauptmann; 2) Joh. Georg Hilch &#8230; &lt;&#8230;&gt; \u00e0 Berst\u00e4tt; 3) Fr. A[nn]a geb[orene] Str\u00f6v&lt;erin&gt;, parentis unica soror <\/em>\u2014 <strong>zu 4) <\/strong><em>1) H[err] Joh. Conrad Ludov. Hindt, Pf[arre]r in &lt;&#8230;&gt;; Joh. Andreas Schmidt; u. Elisabeth Margretha T\u00f6nge\u00dfin &lt;&#8230;&gt;<\/em><\/span><\/p>\n<hr \/>\n<p><span style=\"font-size: 10pt; font-family: times new roman, times, serif;\"><strong>Letzte \u00c4nderung: 8. Juni 2024<\/strong><\/span><br \/>\n<span style=\"font-size: 10pt; font-family: times new roman, times, serif;\"><strong>Ralph Jackmuth<\/strong><\/span><\/p>\n","protected":false},"excerpt":{"rendered":"<p>Str\u00f6ver, Johann Henrich: 1686-1692 Pfarrer in Schweighausen und Becheln als Nachfolger von Johann Melchior Schuck (Wahlspruch lt. Pfarrerliste am Beginn des KB: \u201eJesum habeo salvatorem\u201c (In Jesus habe ich den Erl\u00f6ser)), 1692-1719 Pfarrer in Niedermeilingen und Zorn (ab officio remotus lt. Pfarrerliste im KB); gt. 29.03.1663 Niedermeilingen (Niedermeilingen, KB 1, Bild 4 auf archion.de); + &hellip; <a href=\"https:\/\/www.ahnenforschung-jackmuth.de\/?page_id=10550\" class=\"more-link\"><span class=\"screen-reader-text\">\u201eOFB Schweighausen &#8211; Str\u00f6ver\u201c<\/span> weiterlesen<\/a><\/p>\n","protected":false},"author":1,"featured_media":0,"parent":0,"menu_order":0,"comment_status":"closed","ping_status":"closed","template":"","meta":{"footnotes":""},"class_list":["post-10550","page","type-page","status-publish","hentry"],"_links":{"self":[{"href":"https:\/\/www.ahnenforschung-jackmuth.de\/index.php?rest_route=\/wp\/v2\/pages\/10550","targetHints":{"allow":["GET"]}}],"collection":[{"href":"https:\/\/www.ahnenforschung-jackmuth.de\/index.php?rest_route=\/wp\/v2\/pages"}],"about":[{"href":"https:\/\/www.ahnenforschung-jackmuth.de\/index.php?rest_route=\/wp\/v2\/types\/page"}],"author":[{"embeddable":true,"href":"https:\/\/www.ahnenforschung-jackmuth.de\/index.php?rest_route=\/wp\/v2\/users\/1"}],"replies":[{"embeddable":true,"href":"https:\/\/www.ahnenforschung-jackmuth.de\/index.php?rest_route=%2Fwp%2Fv2%2Fcomments&post=10550"}],"version-history":[{"count":0,"href":"https:\/\/www.ahnenforschung-jackmuth.de\/index.php?rest_route=\/wp\/v2\/pages\/10550\/revisions"}],"wp:attachment":[{"href":"https:\/\/www.ahnenforschung-jackmuth.de\/index.php?rest_route=%2Fwp%2Fv2%2Fmedia&parent=10550"}],"curies":[{"name":"wp","href":"https:\/\/api.w.org\/{rel}","templated":true}]}}