{"id":10509,"date":"2023-08-10T12:21:24","date_gmt":"2023-08-10T12:21:24","guid":{"rendered":"http:\/\/www.ahnenforschung-jackmuth.de\/?page_id=10509"},"modified":"2023-08-10T12:21:24","modified_gmt":"2023-08-10T12:21:24","slug":"ofb-schweighausen-niebergall","status":"publish","type":"page","link":"https:\/\/www.ahnenforschung-jackmuth.de\/?page_id=10509","title":{"rendered":"OFB Schweighausen &#8211; Niebergall"},"content":{"rendered":"<p><span style=\"font-family: times new roman, times, serif; font-size: 10pt;\">\u00dcbername f\u00fcr einen \u201enie vergeltenden (bezahlenden)\u201c Schuldner<\/span><\/p>\n<hr \/>\n<p style=\"text-align: justify;\"><span style=\"font-family: times new roman, times, serif; font-size: 10pt;\"><span style=\"color: #ff0000;\"><strong><u>Niebergall<\/u><\/strong><strong>, Hermann:<\/strong><\/span> Leinweber, Schulmeister in Dornholzhausen (1690), Schulthei\u00df in Schweighausen (1696); gt. 11.02.1645 Marksuhl, Wartburgkreis (Marksuhl, KB 1 (1608-1664), S. 79, Bild 46 auf archion.de); + 20.10.1703 Pfarrei Dornholzhausen (bg. 22.10.), 58 Jahre, 7 Monate, 5 Tage alt; Sohn des Adam Niebergall, Schuldiener in Marksuhl; Pate 10.06.1677 bei Johann Andreas Mohr, Wasenmeister in Braubach (<em>Herman der Leinweber mit dem Zunahmen Niebergalt von Marxsuhl<\/em>)<\/span><\/p>\n<p style=\"text-align: justify;\"><span style=\"font-family: times new roman, times, serif; font-size: 10pt;\"><strong>oo 02.06.1672 Schweighausen<\/strong> (prokl. 12.05., 19.05., 28.05.1672) mit <strong><u>Kraft<\/u>, Anna:<\/strong> Tochter des Matthias Kraft, steinischer Schulthei\u00df in Schweighausen; + 22.09.1718 Kehlbach, am Schlagfluss, 71 Jahre und 5 Monate alt, Witwe (bg. 24.09.); Patin 26.10.1690 bei Johann Friedrich Kraft in Schweighausen als <em>Anna, Joh. Hermann Niebergalls, Schulm[eister] zu D\u00fcrrnholtzhau\u00df[en], Fr[au]<\/em><\/span><\/p>\n<table style=\"width: 100%;\">\n<tbody>\n<tr>\n<td style=\"text-align: center; width: 5.47619%;\" width=\"21\"><span style=\"font-family: times new roman, times, serif; font-size: 10pt;\"><strong>Nr.<\/strong><\/span><\/td>\n<td style=\"width: 18.6905%;\" width=\"128\"><span style=\"font-family: times new roman, times, serif; font-size: 10pt;\"><strong>VN normiert<\/strong><\/span><\/td>\n<td style=\"text-align: center; width: 13.2143%;\" width=\"83\"><span style=\"font-family: times new roman, times, serif; font-size: 10pt;\"><strong>Geburt<\/strong><\/span><\/td>\n<td style=\"text-align: center; width: 13.2143%;\" width=\"83\"><span style=\"font-family: times new roman, times, serif; font-size: 10pt;\"><strong>Taufe<\/strong><\/span><\/td>\n<td style=\"text-align: center; width: 11.4286%;\" width=\"70\"><span style=\"font-family: times new roman, times, serif; font-size: 10pt;\"><strong>konf.<\/strong><\/span><\/td>\n<td style=\"text-align: center; width: 10.7143%;\" width=\"64\"><span style=\"font-family: times new roman, times, serif; font-size: 10pt;\"><strong>gestorben<\/strong><\/span><\/td>\n<td style=\"text-align: center; width: 11.7857%;\" width=\"72\"><span style=\"font-family: times new roman, times, serif; font-size: 10pt;\"><strong>begraben<\/strong><\/span><\/td>\n<td style=\"text-align: center; width: 7.7381%;\" width=\"42\"><span style=\"font-family: times new roman, times, serif; font-size: 10pt;\"><strong>Alter<\/strong><\/span><\/td>\n<td style=\"text-align: center; width: 7.7381%;\" width=\"42\"><span style=\"font-family: times new roman, times, serif; font-size: 10pt;\"><strong>Stand<\/strong><\/span><\/td>\n<\/tr>\n<tr>\n<td style=\"text-align: center; width: 5.47619%;\" width=\"21\"><span style=\"font-family: times new roman, times, serif; font-size: 10pt;\">1<\/span><\/td>\n<td style=\"width: 18.6905%;\" width=\"128\"><span style=\"font-family: times new roman, times, serif; font-size: 10pt;\">Johann Friedrich<\/span><\/td>\n<td style=\"text-align: center; width: 13.2143%;\" width=\"83\"><span style=\"font-family: times new roman, times, serif; font-size: 10pt;\">02.07.1675<\/span><\/td>\n<td style=\"text-align: center; width: 13.2143%;\" width=\"83\"><span style=\"font-family: times new roman, times, serif; font-size: 10pt;\">04.07.1675<\/span><\/td>\n<td style=\"text-align: center; width: 11.4286%;\" width=\"70\"><\/td>\n<td style=\"text-align: center; width: 10.7143%;\" width=\"64\"><\/td>\n<td style=\"text-align: center; width: 11.7857%;\" width=\"72\"><\/td>\n<td style=\"text-align: center; width: 7.7381%;\" width=\"42\"><\/td>\n<td style=\"text-align: center; width: 7.7381%;\" width=\"42\"><span style=\"font-family: times new roman, times, serif; font-size: 10pt;\">verh.<\/span><\/td>\n<\/tr>\n<tr>\n<td style=\"text-align: center; width: 5.47619%;\"><span style=\"font-family: times new roman, times, serif; font-size: 10pt;\">2<\/span><\/td>\n<td style=\"width: 18.6905%;\"><span style=\"font-family: times new roman, times, serif; font-size: 10pt;\">Anna Sabina<\/span><\/td>\n<td style=\"text-align: center; width: 13.2143%;\"><\/td>\n<td style=\"text-align: center; width: 13.2143%;\"><\/td>\n<td style=\"text-align: center; width: 11.4286%;\"><span style=\"font-family: times new roman, times, serif; font-size: 10pt;\">12.04.1696<\/span><\/td>\n<td style=\"text-align: center; width: 10.7143%;\"><span style=\"font-family: times new roman, times, serif; font-size: 10pt;\">01.02.1735<\/span><\/td>\n<td style=\"text-align: center; width: 11.7857%;\"><span style=\"font-family: times new roman, times, serif; font-size: 10pt;\">03.02.1735<\/span><\/td>\n<td style=\"text-align: center; width: 7.7381%;\"><span style=\"font-family: times new roman, times, serif; font-size: 10pt;\">49<\/span><\/td>\n<td style=\"text-align: center; width: 7.7381%;\"><span style=\"font-family: times new roman, times, serif; font-size: 10pt;\">verh.<\/span><\/td>\n<\/tr>\n<\/tbody>\n<\/table>\n<p style=\"text-align: justify;\"><span style=\"font-family: times new roman, times, serif; font-size: 10pt;\">Kind Nr. 1) oo 22.10.1695 Schweighausen Maria Agnes Opel aus Dachsenhausen; Familie wohnt in Schweighausen, Dessighofen und Falkenborn<br \/>\n<\/span><span style=\"font-family: times new roman, times, serif; font-size: 10pt;\">Kind Nr. 2) + Dessighofen; oo 09.10.1703 Dornholzhausen mit Johann Nikolaus L\u00fcckhard; Familie wohnt in Dessighofen (Eintragstext: <em>Joh[ann] Nicolaus L\u00fcckhard ist mit Anna Sabina, Herman Niebergalls von De\u00dfigoffen den 9ten [Octo]bris christ[lichem] Brauch nach copulirt worden, nachdeme er den 22ten [Septem]bris sein Attestatum vorgezeigt u. den 23ten seine Sponsa&lt;&#8230;&gt; gehalten u. seinem Schwiegervatter auff sein Begehren, wie auch seiner Braut stipulata manu sancte versprochen, \u2026 ludimagistro, die Kinder, so sie miteinander zeugen werden, bey der evangelsch lutherischen Religion zu la\u00dfen u. darauff folgende 2 Sontage 3mal auffgeruffen worden.<\/em>) \u2014 Patin 29.01.1702 bei Johann Friedrich Niebergall in Schweighausen<\/span><\/p>\n<p style=\"text-align: justify;\"><span style=\"font-family: times new roman, times, serif; font-size: 10pt;\"><strong>Paten:<\/strong> <strong>zu 1) <\/strong><em>Johannes Krafft, matris frater; Johann Friederich Krafft; undt Anna Apollonia Gei\u00dfmannin <\/em>\u2014 <strong>zu 2) <\/strong><em>Jungfrau Anna Sabina K\u00f6hlerin und Anna Catharina Hehnin von Daxenhau\u00dfen und Johann Sever[us] Bau\u00dfman<\/em><\/span><\/p>\n<hr \/>\n<p style=\"text-align: justify;\"><span style=\"font-family: times new roman, times, serif; font-size: 10pt;\"><span style=\"color: #ff0000;\"><strong><u>Niebergall<\/u><\/strong><strong>, Johann Friederich: <\/strong><\/span>Hirte in Schweighausen, Dessighofen (1705) und Falkenborn (1707); * 02.07.1675 Schweighausen: + vor 1714; Eltern: Hermann Niebergall, Schulthei\u00df in Schweighausen, und Anna geb. Kraft<\/span><\/p>\n<p style=\"text-align: justify;\"><span style=\"font-family: times new roman, times, serif; font-size: 10pt;\"><strong>oo 22.10.1695 Dachsenhausen<\/strong> (prokl. 27.07., 04.08., 11.08. Schweighausen) mit <strong><u>Opel<\/u>, Maria Agnes:<\/strong> * 23.03.1676 Dachsenhausen; Eltern: Philipp Opel (Oppel) oo 27.01.1657 Dachsenhausen mit Anna Christina Thorn aus Klingelbach (OFB Dachsenhausen, Nr. 1968.8); oo II. 24.07.1714 Braubach mit Johann Luther L\u00f6wenz\u00f6ller<\/span><\/p>\n<p><span style=\"font-family: times new roman, times, serif; font-size: 10pt;\">Der Traueintrag im KB Dachsenhausen hat den Vermerk, dass Maria Agnes nach dem Tode Niebergalls (wann ?) Luther L\u00f6wenz\u00f6ller geheiratet, diesen aber 1724 mit 2 Kindern aus dieser Ehe verlassen habe und nach Ungarn gegangen sei (OFB Dachsenhausen, Nr. 1733)<\/span><\/p>\n<table style=\"width: 100%;\">\n<tbody>\n<tr>\n<td style=\"text-align: center; width: 5.83333%;\" width=\"21\"><span style=\"font-family: times new roman, times, serif; font-size: 10pt;\"><strong>Nr.<\/strong><\/span><\/td>\n<td style=\"width: 17.619%;\" width=\"123\"><span style=\"font-family: times new roman, times, serif; font-size: 10pt;\"><strong>VN normiert<\/strong><\/span><\/td>\n<td style=\"text-align: center; width: 12.9762%;\" width=\"81\"><span style=\"font-family: times new roman, times, serif; font-size: 10pt;\"><strong>Geburt<\/strong><\/span><\/td>\n<td style=\"text-align: center; width: 12.9762%;\" width=\"81\"><span style=\"font-family: times new roman, times, serif; font-size: 10pt;\"><strong>Taufe<\/strong><\/span><\/td>\n<td style=\"text-align: center; width: 11.3095%;\" width=\"69\"><span style=\"font-family: times new roman, times, serif; font-size: 10pt;\"><strong>konf.<\/strong><\/span><\/td>\n<td style=\"text-align: center; width: 11.3095%;\" width=\"69\"><span style=\"font-family: times new roman, times, serif; font-size: 10pt;\"><strong>gestorben<\/strong><\/span><\/td>\n<td style=\"text-align: center; width: 12.381%;\" width=\"77\"><span style=\"font-family: times new roman, times, serif; font-size: 10pt;\"><strong>begraben<\/strong><\/span><\/td>\n<td style=\"text-align: center; width: 7.97619%;\" width=\"44\"><span style=\"font-family: times new roman, times, serif; font-size: 10pt;\"><strong>Alter<\/strong><\/span><\/td>\n<td style=\"text-align: center; width: 7.5%;\" width=\"41\"><span style=\"font-family: times new roman, times, serif; font-size: 10pt;\"><strong>Stand<\/strong><\/span><\/td>\n<\/tr>\n<tr>\n<td style=\"text-align: center; width: 5.83333%;\" width=\"21\"><span style=\"font-family: times new roman, times, serif; font-size: 10pt;\">1<\/span><\/td>\n<td style=\"width: 17.619%;\" width=\"123\"><span style=\"font-family: times new roman, times, serif; font-size: 10pt;\">Johann Georg<\/span><\/td>\n<td style=\"text-align: center; width: 12.9762%;\" width=\"81\"><span style=\"font-family: times new roman, times, serif; font-size: 10pt;\">08.10.1696<\/span><\/td>\n<td style=\"text-align: center; width: 12.9762%;\" width=\"81\"><span style=\"font-family: times new roman, times, serif; font-size: 10pt;\">11.10.1696<\/span><\/td>\n<td style=\"text-align: center; width: 11.3095%;\" width=\"69\"><\/td>\n<td style=\"text-align: center; width: 11.3095%;\" width=\"69\"><span style=\"font-family: times new roman, times, serif; font-size: 10pt;\">05.05.1731<\/span><\/td>\n<td style=\"text-align: center; width: 12.381%;\" width=\"77\"><\/td>\n<td style=\"text-align: center; width: 7.97619%;\" width=\"44\"><span style=\"font-family: times new roman, times, serif; font-size: 10pt;\">34,59<\/span><\/td>\n<td style=\"text-align: center; width: 7.5%;\" width=\"41\"><span style=\"font-family: times new roman, times, serif; font-size: 10pt;\">verh.<\/span><\/td>\n<\/tr>\n<tr>\n<td style=\"text-align: center; width: 5.83333%;\"><span style=\"font-family: times new roman, times, serif; font-size: 10pt;\">2<\/span><\/td>\n<td style=\"width: 17.619%;\"><span style=\"font-family: times new roman, times, serif; font-size: 10pt;\">Maria Christina<\/span><\/td>\n<td style=\"text-align: center; width: 12.9762%;\"><span style=\"font-family: times new roman, times, serif; font-size: 10pt;\">23.xx.1699<\/span><\/td>\n<td style=\"text-align: center; width: 12.9762%;\"><span style=\"font-family: times new roman, times, serif; font-size: 10pt;\">26.xx.1699<\/span><\/td>\n<td style=\"text-align: center; width: 11.3095%;\"><\/td>\n<td style=\"text-align: center; width: 11.3095%;\"><\/td>\n<td style=\"text-align: center; width: 12.381%;\"><\/td>\n<td style=\"text-align: center; width: 7.97619%;\"><\/td>\n<td style=\"text-align: center; width: 7.5%;\"><\/td>\n<\/tr>\n<tr>\n<td style=\"text-align: center; width: 5.83333%;\"><span style=\"font-family: times new roman, times, serif; font-size: 10pt;\">3<\/span><\/td>\n<td style=\"width: 17.619%;\"><span style=\"font-family: times new roman, times, serif; font-size: 10pt;\">Anna Sabina<\/span><\/td>\n<td style=\"text-align: center; width: 12.9762%;\"><span style=\"font-family: times new roman, times, serif; font-size: 10pt;\">24.01.1702<\/span><\/td>\n<td style=\"text-align: center; width: 12.9762%;\"><span style=\"font-family: times new roman, times, serif; font-size: 10pt;\">29.01.1702<\/span><\/td>\n<td style=\"text-align: center; width: 11.3095%;\"><\/td>\n<td style=\"text-align: center; width: 11.3095%;\"><span style=\"font-family: times new roman, times, serif; font-size: 10pt;\">09.05.1704<\/span><\/td>\n<td style=\"text-align: center; width: 12.381%;\"><span style=\"font-family: times new roman, times, serif; font-size: 10pt;\">09.05.1704<\/span><\/td>\n<td style=\"text-align: center; width: 7.97619%;\"><span style=\"font-family: times new roman, times, serif; font-size: 10pt;\">2,29<\/span><\/td>\n<td style=\"text-align: center; width: 7.5%;\"><\/td>\n<\/tr>\n<tr>\n<td style=\"text-align: center; width: 5.83333%;\"><span style=\"font-family: times new roman, times, serif; font-size: 10pt;\">4<\/span><\/td>\n<td style=\"width: 17.619%;\"><span style=\"font-family: times new roman, times, serif; font-size: 10pt;\">Johann Wilhelm<\/span><\/td>\n<td style=\"text-align: center; width: 12.9762%;\"><span style=\"font-family: times new roman, times, serif; font-size: 10pt;\">19.01.1705<\/span><\/td>\n<td style=\"text-align: center; width: 12.9762%;\"><span style=\"font-family: times new roman, times, serif; font-size: 10pt;\">25.01.1705<\/span><\/td>\n<td style=\"text-align: center; width: 11.3095%;\"><\/td>\n<td style=\"text-align: center; width: 11.3095%;\"><\/td>\n<td style=\"text-align: center; width: 12.381%;\"><\/td>\n<td style=\"text-align: center; width: 7.97619%;\"><\/td>\n<td style=\"text-align: center; width: 7.5%;\"><\/td>\n<\/tr>\n<tr>\n<td style=\"text-align: center; width: 5.83333%;\"><span style=\"font-family: times new roman, times, serif; font-size: 10pt;\">5<\/span><\/td>\n<td style=\"width: 17.619%;\"><span style=\"font-family: times new roman, times, serif; font-size: 10pt;\">Anna Magdalena<\/span><\/td>\n<td style=\"text-align: center; width: 12.9762%;\"><span style=\"font-family: times new roman, times, serif; font-size: 10pt;\">14.09.1707<\/span><\/td>\n<td style=\"text-align: center; width: 12.9762%;\"><\/td>\n<td style=\"text-align: center; width: 11.3095%;\"><span style=\"font-family: times new roman, times, serif; font-size: 10pt;\">xx.xx.1721<\/span><\/td>\n<td style=\"text-align: center; width: 11.3095%;\"><\/td>\n<td style=\"text-align: center; width: 12.381%;\"><\/td>\n<td style=\"text-align: center; width: 7.97619%;\"><\/td>\n<td style=\"text-align: center; width: 7.5%;\"><\/td>\n<\/tr>\n<\/tbody>\n<\/table>\n<p style=\"text-align: justify;\"><span style=\"font-family: times new roman, times, serif; font-size: 10pt;\">Kind Nr. 1) 1723 Tagel\u00f6hner in Dachsenhausen, 1728 M\u00fcller im Grund (Dachsenhausen); * Schweighausen; + Dachsenhausener M\u00fchle; oo um 1723 mit Katharina Agnes (+ 14.03.1748 Dachsenhausener M\u00fchle) (OFB Dachsenhausen, Nr. 1734)<br \/>\n<\/span><span style=\"font-family: times new roman, times, serif; font-size: 10pt;\">Kind Nr. 2) * Schweighausen; hat. illeg. Sohn Johann Friedrich * 20.01.1721 Dachsenhausener M\u00fchle (OFB Dachsenhausen, Nr. 452) \u2014 Eintragstext: <em>Johann Friedrich, Mari\u00e4 Christin\u00e4 Niebergallin, Luther L\u00f6wenz\u00f6llers, M\u00fcllers im Grund, seiner Stieff-Tochter, den 20ten Jan[uarii] gebohrener Spurius, ist getaufft den 24ten ejusd[em]. Sind die Comp[atres]: Fritz Hahn von Falckenb[orn], der Huren Vatter, hiesiger Schulmeister Sommerladt, und venatoris Johannes Sattlers uxor Hedtwig Gertraud. Der Vatter soll seyn: Johann Mattheus D\u00f6rffner, Quartier-Meister unter chur-pf\u00e4ltz[ischen] Baron Y\u00dfelbachs Regiment, der zu Simmern auf dem Hunds-R\u00fcck im Wirths-Hau\u00df, darin die Dirne gedienet, sein Quartier gehabt.<br \/>\n<\/em><\/span><span style=\"font-family: times new roman, times, serif; font-size: 10pt;\">Kind Nr. 3) * Schweighausen; + Pfarrei Dornholzhausen<br \/>\n<\/span><span style=\"font-family: times new roman, times, serif; font-size: 10pt;\">Kind Nr. 4) * Dessighofen (Pfarrei Dornholzhausen)<br \/>\n<\/span><span style=\"font-family: times new roman, times, serif; font-size: 10pt;\">Kind Nr. 5) * Falkenborn (OFB Dachsenhausen, Nr. 1733); konf. Dachsenhausen<br \/>\n<\/span><\/p>\n<p style=\"text-align: justify;\"><span style=\"font-family: times new roman, times, serif; font-size: 10pt;\"><strong>Paten:<\/strong> <strong>zu 1) <\/strong><em>Joh[ann] Georg Metz olhir; Georg Wagener uff Falckenborn; undt Anna Christina, Peter Opels von Dachsenhausen eh[lich] Hau\u00dffr[au] <\/em>\u2014 <strong>zu 2) <\/strong><em>Simon Baasch von Dachsenhau\u00dfen; Maria Elisabeth, Joh. Fried[rich] Krafften ux[or] von Schweigh[ausen]; et Anna Christina, Hans Jacob Peters se[lig] von Dessigoben <\/em>[Dessighofen] <em>filia <\/em>\u2014 <strong>zu 3) <\/strong><em>Jost Z\u00f6ller von Dachsenhausen; Anna Christina, Matthi\u00e6 Rinckers uxor; v[nd] Anna Sabina, Herman Niebergals Tochter von Dessigoben <\/em>[Dessighofen] \u2014 <strong>zu 4) <\/strong><em>Michael Wagner vom Hinterwald; Wilhelm, Han\u00df Friedrichs Sohn von De\u00dfighoffen; Eleonora Cathar:, der Mutter Schwester <\/em>\u2014 <strong>zu 5) <\/strong><em>Anna Magdalena, Friedrich Hahns Frau; Anna Veronica, Daniel Opels Frau; Conrad Adam Opel; alle Hoff-Leut zu Falckenborn<\/em><\/span><\/p>\n<hr \/>\n<p><span style=\"font-size: 10pt; font-family: times new roman, times, serif;\"><strong>Letzte \u00c4nderung: 10. August 2023<\/strong><\/span><br \/>\n<span style=\"font-size: 10pt; font-family: times new roman, times, serif;\"><strong>Ralph Jackmuth<\/strong><\/span><\/p>\n","protected":false},"excerpt":{"rendered":"<p>\u00dcbername f\u00fcr einen \u201enie vergeltenden (bezahlenden)\u201c Schuldner Niebergall, Hermann: Leinweber, Schulmeister in Dornholzhausen (1690), Schulthei\u00df in Schweighausen (1696); gt. 11.02.1645 Marksuhl, Wartburgkreis (Marksuhl, KB 1 (1608-1664), S. 79, Bild 46 auf archion.de); + 20.10.1703 Pfarrei Dornholzhausen (bg. 22.10.), 58 Jahre, 7 Monate, 5 Tage alt; Sohn des Adam Niebergall, Schuldiener in Marksuhl; Pate 10.06.1677 bei &hellip; <a href=\"https:\/\/www.ahnenforschung-jackmuth.de\/?page_id=10509\" class=\"more-link\"><span class=\"screen-reader-text\">\u201eOFB Schweighausen &#8211; Niebergall\u201c<\/span> weiterlesen<\/a><\/p>\n","protected":false},"author":1,"featured_media":0,"parent":0,"menu_order":0,"comment_status":"closed","ping_status":"closed","template":"","meta":{"footnotes":""},"class_list":["post-10509","page","type-page","status-publish","hentry"],"_links":{"self":[{"href":"https:\/\/www.ahnenforschung-jackmuth.de\/index.php?rest_route=\/wp\/v2\/pages\/10509","targetHints":{"allow":["GET"]}}],"collection":[{"href":"https:\/\/www.ahnenforschung-jackmuth.de\/index.php?rest_route=\/wp\/v2\/pages"}],"about":[{"href":"https:\/\/www.ahnenforschung-jackmuth.de\/index.php?rest_route=\/wp\/v2\/types\/page"}],"author":[{"embeddable":true,"href":"https:\/\/www.ahnenforschung-jackmuth.de\/index.php?rest_route=\/wp\/v2\/users\/1"}],"replies":[{"embeddable":true,"href":"https:\/\/www.ahnenforschung-jackmuth.de\/index.php?rest_route=%2Fwp%2Fv2%2Fcomments&post=10509"}],"version-history":[{"count":0,"href":"https:\/\/www.ahnenforschung-jackmuth.de\/index.php?rest_route=\/wp\/v2\/pages\/10509\/revisions"}],"wp:attachment":[{"href":"https:\/\/www.ahnenforschung-jackmuth.de\/index.php?rest_route=%2Fwp%2Fv2%2Fmedia&parent=10509"}],"curies":[{"name":"wp","href":"https:\/\/api.w.org\/{rel}","templated":true}]}}